{"id":169855,"date":"2026-09-05T14:12:18","date_gmt":"2026-09-05T14:12:18","guid":{"rendered":"https:\/\/iwell-guard.com\/?page_id=169855"},"modified":"2026-09-05T14:58:18","modified_gmt":"2026-09-05T14:58:18","slug":"yoruba-tru","status":"publish","type":"page","link":"https:\/\/iwell-guard.com\/is\/yoruba-tru\/","title":{"rendered":"Yoruba-tr\u00fa"},"content":{"rendered":"\t\t<div data-elementor-type=\"wp-page\" data-elementor-id=\"169855\" class=\"elementor elementor-169855 elementor-20566 elementor-bc-flex-widget\" data-elementor-post-type=\"page\">\n\t\t\t\t<div class=\"elementor-element elementor-element-iwgcn-sami-hero iwg-kultur-hero e-flex e-con-boxed e-con e-parent\" data-id=\"iwgcn-sami-hero\" data-element_type=\"container\" data-e-type=\"container\">\n\t\t\t\t\t<div class=\"e-con-inner\">\n\t\t<div class=\"elementor-element elementor-element-iwgcn-sami-hl iwg-kultur-hero-left e-flex e-con-boxed e-con e-child\" data-id=\"iwgcn-sami-hl\" data-element_type=\"container\" data-e-type=\"container\">\n\t\t\t\t\t<div class=\"e-con-inner\">\n\t\t\t\t<div class=\"elementor-element elementor-element-iwgcn-sami-h1 elementor-widget elementor-widget-heading\" data-id=\"iwgcn-sami-h1\" data-element_type=\"widget\" data-e-type=\"widget\" data-widget_type=\"heading.default\">\n\t\t\t\t\t<h1 class=\"elementor-heading-title elementor-size-default\">Yoruba-gu\u00f0ir, orisha og d\u00fdrkun Vestur-Afr\u00edku<\/h1>\t\t\t\t<\/div>\n\t\t<div class=\"elementor-element elementor-element-iwgcn-sami-leadc e-con-full e-flex e-con e-child\" data-id=\"iwgcn-sami-leadc\" data-element_type=\"container\" data-e-type=\"container\">\n\t\t\t\t<div class=\"elementor-element elementor-element-iwgcn-sami-lead elementor-widget elementor-widget-text-editor\" data-id=\"iwgcn-sami-lead\" data-element_type=\"widget\" data-e-type=\"widget\" data-widget_type=\"text-editor.default\">\n\t\t\t\t\t\t\t\t\t<p>Yoruba-f\u00f3lki\u00f0, meira en 40 millj\u00f3nir manna, a\u00f0allega \u00ed su\u00f0vestanver\u00f0ri N\u00edger\u00edu en einnig \u00ed Ben\u00edn og T\u00f3g\u00f3, var\u00f0veitir me\u00f0 orisha-d\u00fdrkuninni eina \u00e1hrifamestu tr\u00fa Vestur-Afr\u00edku. V\u00e9fr\u00e9ttarkerfi \u00feeirra, Ifa, var \u00e1ri\u00f0 2005 vi\u00f0urkennt af UNESCO sem meistaraverk munnlegrar og \u00f3hlutbundinnar arfleif\u00f0ar mannkyns. Hin heilaga borg Ile-Ife, babalawo-prestar Ifa-v\u00e9fr\u00e9ttarins og forfe\u00f0ragr\u00edmud\u00fdrkunin Egungun eru enn \u00ed dag lifandi tr\u00faarleg i\u00f0kun, sem barst me\u00f0 \u00fer\u00e6laflutningunum yfir Atlantshafi\u00f0 einnig til K\u00fabu, Brasil\u00edu og v\u00ed\u00f0a um Amer\u00edku.<\/p>\n<p class=\"iwg-kwfix\">Yoruba-pantheon orisha-gu\u00f0anna er n\u00e1tengt n\u00e1tt\u00farunni, forfe\u00f0rum og \u00f6flum hins daglega l\u00edfs. Umfj\u00f6llunin kynnir yoruba-gu\u00f0ina og d\u00fdrkun \u00feeirra sem tr\u00faarlega i\u00f0kun sem er n\u00e1tengd n\u00e1tt\u00faru og forfe\u00f0rum.<\/p>\t\t\t\t\t\t\t\t<\/div>\n\t\t\t\t<\/div>\n\t\t\t\t\t<\/div>\n\t\t\t\t<\/div>\n\t\t<div class=\"elementor-element elementor-element-iwgcn-sami-hr iwg-kultur-hero-right e-flex e-con-boxed e-con e-child\" data-id=\"iwgcn-sami-hr\" data-element_type=\"container\" data-e-type=\"container\">\n\t\t\t\t\t<div class=\"e-con-inner\">\n\t\t\t\t<div class=\"elementor-element elementor-element-iwgcn-sami-himg iwg-hero-image elementor-widget elementor-widget-image\" data-id=\"iwgcn-sami-himg\" data-element_type=\"widget\" data-e-type=\"widget\" data-widget_type=\"image.default\">\n\t\t\t\t\t\t\t\t\t\t\t\t\t\t\t<img fetchpriority=\"high\" decoding=\"async\" width=\"683\" height=\"1024\" src=\"https:\/\/iwell-guard.com\/wp-content\/uploads\/2026\/05\/goetter_sami_beaivi-683x1024.webp\" class=\"attachment-large size-large wp-image-170769\" alt=\"Beaivi - gu\u00f0ir \u00far sam\u00edskri hef\u00f0, s\u00f6guleg myndskreyting\" srcset=\"https:\/\/iwell-guard.com\/wp-content\/uploads\/2026\/05\/goetter_sami_beaivi-683x1024.webp 683w, https:\/\/iwell-guard.com\/wp-content\/uploads\/2026\/05\/goetter_sami_beaivi-200x300.webp 200w, https:\/\/iwell-guard.com\/wp-content\/uploads\/2026\/05\/goetter_sami_beaivi-768x1152.webp 768w, https:\/\/iwell-guard.com\/wp-content\/uploads\/2026\/05\/goetter_sami_beaivi.webp 1024w\" sizes=\"(max-width: 683px) 100vw, 683px\" \/>\t\t\t\t\t\t\t\t\t\t\t\t\t\t\t<\/div>\n\t\t\t\t\t<\/div>\n\t\t\t\t<\/div>\n\t\t\t\t\t<\/div>\n\t\t\t\t<\/div>\n\t\t\t\t<section class=\"elementor-section elementor-top-section elementor-element elementor-element-sec-iwgcomp-sami elementor-section-boxed elementor-section-height-default elementor-section-height-default\" data-id=\"sec-iwgcomp-sami\" data-element_type=\"section\" data-e-type=\"section\">\n\t\t\t\t\t\t<div class=\"elementor-container elementor-column-gap-default\">\n\t\t\t\t\t<div class=\"elementor-column elementor-col-100 elementor-top-column elementor-element elementor-element-col-iwgcomp-sami\" data-id=\"col-iwgcomp-sami\" data-element_type=\"column\" data-e-type=\"column\">\n\t\t\t<div class=\"elementor-widget-wrap elementor-element-populated\">\n\t\t\t\t\t\t<div class=\"elementor-element elementor-element-iwgcomp-sami elementor-widget elementor-widget-text-editor\" data-id=\"iwgcomp-sami\" data-element_type=\"widget\" data-e-type=\"widget\" data-widget_type=\"text-editor.default\">\n\t\t\t\t\t\t\t\t\t<p>Hin vestur-afr\u00edska <strong>orisha-<span class=\"iwg-fachbegriff\" data-tooltip=\"Heildarsamtal tr\u00faarlegra d\u00fdrkunarathafna fyrir gu\u00f0 e\u00f0a heilaga vitund.\" tabindex=\"0\">d\u00fdrkun<\/span><\/strong> myndar bur\u00f0ar\u00e1s hinnar hef\u00f0bundnu tr\u00faar Yoruba-f\u00f3lksins.<\/p>\n<p class=\"iwg-kwfix\">Yoruba-orisha-gu\u00f0irnir skiptast \u00ed fj\u00f6lda gu\u00f0a, sem samkv\u00e6mt munnlegri arfleif\u00f0 er varla t\u00e6mandi, \u00ed kringum hina \u00e6\u00f0stu vitund Olodumare, allt fr\u00e1 hafgy\u00f0jum eins og Yemoja til \u00ferumugu\u00f0a eins og Shango og forfe\u00f0ra Egungun-d\u00fdrkunarins. Enn \u00ed dag eru \u00feeir d\u00fdrka\u00f0ir \u00ed N\u00edger\u00edu og \u00ed bandar\u00edsku dreifb\u00fdlinu.<\/p>\t\t\t\t\t\t\t\t<\/div>\n\t\t\t\t\t<\/div>\n\t\t<\/div>\n\t\t\t\t\t<\/div>\n\t\t<\/section>\n\t\t<div class=\"elementor-element elementor-element-iwgcn-sami-s0 e-flex e-con-boxed e-con e-parent\" data-id=\"iwgcn-sami-s0\" data-element_type=\"container\" data-e-type=\"container\">\n\t\t\t\t\t<div class=\"e-con-inner\">\n\t\t\t\t<div class=\"elementor-element elementor-element-iwgcn-sami-s0h elementor-widget elementor-widget-heading\" data-id=\"iwgcn-sami-s0h\" data-element_type=\"widget\" data-e-type=\"widget\" data-widget_type=\"heading.default\">\n\t\t\t\t\t<h2 class=\"elementor-heading-title elementor-size-default\">Yoruba-tungum\u00e1l, konungsr\u00edki og b\u00fasv\u00e6\u00f0i<\/h2>\t\t\t\t<\/div>\n\t\t<div class=\"elementor-element elementor-element-iwgcn-sami-s0-c e-con-full e-flex e-con e-child\" data-id=\"iwgcn-sami-s0-c\" data-element_type=\"container\" data-e-type=\"container\">\n\t\t\t\t<div class=\"elementor-element elementor-element-iwgcn-sami-s0t elementor-widget elementor-widget-text-editor\" data-id=\"iwgcn-sami-s0t\" data-element_type=\"widget\" data-e-type=\"widget\" data-widget_type=\"text-editor.default\">\n\t\t\t\t\t\t\t\t\t<p>Yoruba-f\u00f3lki\u00f0 talar yoruba, tungum\u00e1l af N\u00edger-Kong\u00f3-tungum\u00e1lafj\u00f6lskyldunni og \u00fatbreiddasta m\u00f3\u00f0urm\u00e1l \u00feeirrar fj\u00f6lskyldu. Meginb\u00fasv\u00e6\u00f0i \u00feeirra, oft nefnt Yorubaland, er \u00ed su\u00f0vestanver\u00f0ri N\u00edger\u00edu og n\u00e6r til Ben\u00edn og T\u00f3g\u00f3; alls telja sig meira en 40 millj\u00f3nir manna til Yoruba-f\u00f3lksins.<\/p><p>S\u00f6guleg mi\u00f0st\u00f6\u00f0 var konungsr\u00edki\u00f0 Ife (um 1200 til 1420), elsta r\u00edkismyndun Yoruba-f\u00f3lksins, og hi\u00f0 s\u00ed\u00f0ara Oyo-r\u00edki, sem fr\u00e1 14. til 19. aldar drottna\u00f0i yfir sv\u00e6\u00f0inu herna\u00f0arlega og efnahagslega. Ile-Ife telst \u00ed sk\u00f6punars\u00f6gu Yoruba-f\u00f3lksins upphafssta\u00f0ur sk\u00f6punarinnar og mannkynsins, og valdhafi hennar ber enn \u00ed dag titilinn Ooni. N\u00e1in menningar- og listtengsl eru vi\u00f0 n\u00e1grannar\u00edki\u00f0 Ben\u00edn.<\/p>\n<p class=\"iwg-kwfix\">\u00derj\u00fa \u00f6fl skipuleggja go\u00f0aheim Yoruba-f\u00f3lksins: hin \u00e6\u00f0sta vitund Olodumare, hinir mi\u00f0landi orisha-gu\u00f0ir og forfe\u00f0ur Egungun-d\u00fdrkunarins. Ifa-v\u00e9fr\u00e9tt babalawo-prestanna heldur \u00feessari \u00feekkingu lifandi enn \u00ed dag.<\/p>\t\t\t\t\t\t\t\t<\/div>\n\t\t\t\t<\/div>\n\t\t\t\t\t<\/div>\n\t\t\t\t<\/div>\n\t\t<div class=\"elementor-element elementor-element-iwgcn-sami-s1 e-flex e-con-boxed e-con e-parent\" data-id=\"iwgcn-sami-s1\" data-element_type=\"container\" data-e-type=\"container\">\n\t\t\t\t\t<div class=\"e-con-inner\">\n\t\t\t\t<div class=\"elementor-element elementor-element-iwgcn-sami-s1h elementor-widget elementor-widget-heading\" data-id=\"iwgcn-sami-s1h\" data-element_type=\"widget\" data-e-type=\"widget\" data-widget_type=\"heading.default\">\n\t\t\t\t\t<h2 class=\"elementor-heading-title elementor-size-default\">Pantheon: Olodumare, orisha og fj\u00f6ldi \u00feeirra<\/h2>\t\t\t\t<\/div>\n\t\t<div class=\"elementor-element elementor-element-iwgcn-sami-s1-c e-con-full e-flex e-con e-child\" data-id=\"iwgcn-sami-s1-c\" data-element_type=\"container\" data-e-type=\"container\">\n\t\t\t\t<div class=\"elementor-element elementor-element-iwgcn-sami-s1t elementor-widget elementor-widget-text-editor\" data-id=\"iwgcn-sami-s1t\" data-element_type=\"widget\" data-e-type=\"widget\" data-widget_type=\"text-editor.default\">\n\t\t\t\t\t\t\t\t\t<p>Olodumare, einnig nefnt Olorun, telst \u00e6\u00f0sta vitund \u00ed heimsfr\u00e6\u00f0i Yoruba-f\u00f3lksins og uppspretta l\u00edfskraftarins \u00c0\u1e63\u1eb9; tr\u00faarbrag\u00f0afr\u00e6\u00f0ingurinn Bolaji Idowu l\u00fdsti \u00feessu sambandi sem \u201edreif\u00f0ri eingy\u00f0istr\u00fa&#8220;. Orisha-gu\u00f0irnir, einnig nefndir Irunm\u1ecdl\u1eb9, eru mi\u00f0landi gu\u00f0ir sendir af Olodumare, ekki sj\u00e1lfst\u00e6\u00f0ir skaparar. Fj\u00f6ldi \u00feeirra er \u00ed munnlegri arfleif\u00f0 jafnan tilgreindur sem \u201efj\u00f6gur hundru\u00f0 og einn&#8220;, tj\u00e1ning fyrir a\u00f0 \u00feessari \u00feekkingu ver\u00f0i ekki loki\u00f0, en a\u00f0rar talningar nefna fj\u00f6gur hundru\u00f0, sj\u00f6 hundru\u00f0 e\u00f0a fleiri.<\/p><p>Orisha-gu\u00f0unum er oft skipt \u00ed \u201ek\u00f6ld&#8220; og \u201eheit&#8220; skapger\u00f0, \u00fe.e. r\u00f3legar, lj\u00f3sar vitundir andsp\u00e6nis kr\u00f6ftugum gu\u00f0um eins og <a href=\"https:\/\/iwell-guard.com\/is\/shango\/\">Shango<\/a>. Me\u00f0al \u00feekktustu eru hafm\u00f3\u00f0irin <a href=\"https:\/\/iwell-guard.com\/is\/?page_id=169824\">Yemoja<\/a>, flj\u00f3tagy\u00f0jan <a href=\"https:\/\/iwell-guard.com\/is\/?page_id=169823\">Oshun<\/a>, \u00ferumugu\u00f0inn Shango og stormgy\u00f0jan <a href=\"https:\/\/iwell-guard.com\/is\/?page_id=169869\">Oya<\/a>.<\/p>\t\t\t\t\t\t\t\t<\/div>\n\t\t\t\t<\/div>\n\t\t\t\t\t<\/div>\n\t\t\t\t<\/div>\n\t\t<div class=\"elementor-element elementor-element-iwgcn-sami-s2 e-flex e-con-boxed e-con e-parent\" data-id=\"iwgcn-sami-s2\" data-element_type=\"container\" data-e-type=\"container\">\n\t\t\t\t\t<div class=\"e-con-inner\">\n\t\t\t\t<div class=\"elementor-element elementor-element-iwgcn-sami-s2h elementor-widget elementor-widget-heading\" data-id=\"iwgcn-sami-s2h\" data-element_type=\"widget\" data-e-type=\"widget\" data-widget_type=\"heading.default\">\n\t\t\t\t\t<h2 class=\"elementor-heading-title elementor-size-default\">Ifa-v\u00e9fr\u00e9tt og babalawo-prestarnir<\/h2>\t\t\t\t<\/div>\n\t\t<div class=\"elementor-element elementor-element-iwgcn-sami-s2-c e-con-full e-flex e-con e-child\" data-id=\"iwgcn-sami-s2-c\" data-element_type=\"container\" data-e-type=\"container\">\n\t\t\t\t<div class=\"elementor-element elementor-element-iwgcn-sami-s2t elementor-widget elementor-widget-text-editor\" data-id=\"iwgcn-sami-s2t\" data-element_type=\"widget\" data-e-type=\"widget\" data-widget_type=\"text-editor.default\">\n\t\t\t\t\t\t\t\t\t<p>Ifa er v\u00e9fr\u00e9ttarkerfi Yoruba-f\u00f3lksins, nefnt eftir gu\u00f0inum Orunmila, sem s\u00e9r um visku og \u00f6rl\u00f6g. Babalawo, \u201efa\u00f0ir leyndarm\u00e1lanna&#8220;, spyr v\u00e9fr\u00e9ttina me\u00f0 sext\u00e1n p\u00e1lmahnetum (ikin) e\u00f0a ke\u00f0ju (opele) og finnur \u00feannig eitt af sext\u00e1n grunn-odu, sem sameinast \u00ed alls 256 odu-samsetningar. Vi\u00f0 hvert odu heyra fj\u00f6lm\u00f6rg munnlega var\u00f0veitt vers (ese Ifa), sem babalawo dregur r\u00e1\u00f0, go\u00f0s\u00f6gu og athafnalei\u00f0beiningar \u00far.<\/p><p>\u00c1ri\u00f0 2005 l\u00fdsti UNESCO Ifa-v\u00e9fr\u00e9ttina meistaraverk munnlegrar og \u00f3hlutbundinnar arfleif\u00f0ar mannkyns, og \u00e1ri\u00f0 2008 var h\u00fan tekin inn \u00e1 fulltr\u00faaskr\u00e1 \u00f3hlutbundinnar menningararfleif\u00f0ar. Fr\u00e6\u00f0ima\u00f0urinn Wande Abimbola, sj\u00e1lfur babalawo og langvarandi Awise Agbaye, \u00e6\u00f0sti talsma\u00f0ur Ifa, telst einn mikilv\u00e6gasti mi\u00f0lari \u00feessarar \u00feekkingar \u00e1 20. og 21. \u00f6ld.<\/p>\t\t\t\t\t\t\t\t<\/div>\n\t\t\t\t<\/div>\n\t\t\t\t\t<\/div>\n\t\t\t\t<\/div>\n\t\t<div class=\"elementor-element elementor-element-iwgcn-sami-s3 e-flex e-con-boxed e-con e-parent\" data-id=\"iwgcn-sami-s3\" data-element_type=\"container\" data-e-type=\"container\">\n\t\t\t\t\t<div class=\"e-con-inner\">\n\t\t\t\t<div class=\"elementor-element elementor-element-iwgcn-sami-s3h elementor-widget elementor-widget-heading\" data-id=\"iwgcn-sami-s3h\" data-element_type=\"widget\" data-e-type=\"widget\" data-widget_type=\"heading.default\">\n\t\t\t\t\t<h2 class=\"elementor-heading-title elementor-size-default\">Egungun, forfe\u00f0ragr\u00edmud\u00fdrkunin<\/h2>\t\t\t\t<\/div>\n\t\t<div class=\"elementor-element elementor-element-iwgcn-sami-s3-c e-con-full e-flex e-con e-child\" data-id=\"iwgcn-sami-s3-c\" data-element_type=\"container\" data-e-type=\"container\">\n\t\t\t\t<div class=\"elementor-element elementor-element-iwgcn-sami-s3t elementor-widget elementor-widget-text-editor\" data-id=\"iwgcn-sami-s3t\" data-element_type=\"widget\" data-e-type=\"widget\" data-widget_type=\"text-editor.default\">\n\t\t\t\t\t\t\t\t\t<p><a href=\"https:\/\/iwell-guard.com\/is\/egungun\/\">Egungun<\/a> nefnir b\u00e6\u00f0i gr\u00edmukl\u00e6dda dansarana og hinn samsafna\u00f0a kraft forfe\u00f0ranna, sem sn\u00fdr \u00ed gegnum \u00fe\u00e1 aftur til samf\u00e9lags hinna lifandi. Listilega lagskiptar kl\u00e6\u00f0agr\u00edmur hylja kl\u00e6\u00f0amanninn algj\u00f6rlega, og framkoma hans telst bein n\u00e6rvera hinna framli\u00f0nu.<\/p><p>Egungun-d\u00fdrkunin \u00fej\u00f3nar helgunar hreinsun, si\u00f0fer\u00f0ilegu eftirliti og mi\u00f0lun bo\u00f0skapar og blessunar forfe\u00f0ranna; h\u00fan er \u00fatbreiddust \u00ed su\u00f0vestanver\u00f0ri N\u00edger\u00edu, t.d. \u00ed Ibadan og Ogbomoso, en finnst einnig \u00ed dreifb\u00fdlinu, \u00feekktast \u00e1 brasil\u00edsku eyjunni Itaparica. \u00cd tr\u00faarbrag\u00f0afr\u00e6\u00f0um telst Egungun til hinna mi\u00f0l\u00e6gu forfe\u00f0rad\u00fdrkunar Vestur-Afr\u00edku.<\/p>\t\t\t\t\t\t\t\t<\/div>\n\t\t\t\t<\/div>\n\t\t\t\t\t<\/div>\n\t\t\t\t<\/div>\n\t\t<div class=\"elementor-element elementor-element-x-sami-s-faq e-flex e-con-boxed e-con e-parent\" data-id=\"x-sami-s-faq\" data-element_type=\"container\" data-e-type=\"container\">\n\t\t\t\t\t<div class=\"e-con-inner\">\n\t\t\t\t<div class=\"elementor-element elementor-element-x-sami-h-faq elementor-widget elementor-widget-heading\" data-id=\"x-sami-h-faq\" data-element_type=\"widget\" data-e-type=\"widget\" data-widget_type=\"heading.default\">\n\t\t\t\t\t<h2 class=\"elementor-heading-title elementor-size-default\">Algengar spurningar um yoruba-tr\u00fa<\/h2>\t\t\t\t<\/div>\n\t\t<div class=\"elementor-element elementor-element-iwgcn-sami-s3-c e-con-full e-flex e-con e-child\" data-id=\"iwgcn-sami-s3-c\" data-element_type=\"container\" data-e-type=\"container\">\n\t\t\t\t<div class=\"elementor-element elementor-element-x-sami-t-faq elementor-widget elementor-widget-text-editor\" data-id=\"x-sami-t-faq\" data-element_type=\"widget\" data-e-type=\"widget\" data-widget_type=\"text-editor.default\">\n\t\t\t\t\t\t\t\t\t<h3>Hverjir eru J\u00f3r\u00fabar?<\/h3>\n<p>J\u00f3r\u00fabar eru eitt af st\u00f3ru \u00fej\u00f3\u00f0unum \u00ed Vestur-Afr\u00edku, meira en 40 millj\u00f3nir manna, a\u00f0allega \u00ed su\u00f0vesturhluta N\u00edger\u00edu en einnig \u00ed Ben\u00edn og T\u00f3g\u00f3. \u00deeir tala j\u00f3r\u00fabu og rekja s\u00f6gu s\u00edna til fornu konungsr\u00edkjanna Ife og Oyo.<\/p>\n<h3>Hva\u00f0 er Ifa?<\/h3>\n<p>Ifa er sp\u00e1d\u00f3mskerfi J\u00f3r\u00faba, nefnt eftir gu\u00f0inum Orunmila. Babalawo-prestar spyrja v\u00e9fr\u00e9ttina me\u00f0 p\u00e1lmahnetum e\u00f0a Opele-ke\u00f0ju og t\u00falka svari\u00f0 \u00fat fr\u00e1 sext\u00e1n grunn-Odu og versum \u00feeirra. \u00c1ri\u00f0 2008 var Ifa vi\u00f0urkennt af UNESCO sem \u00f3\u00e1\u00fereifanleg menningararfleif\u00f0.<\/p>\n<h3>Hverjir eru Orisha?<\/h3>\n<p>Orisha eru gu\u00f0ir og gu\u00f0ger\u00f0ir forfe\u00f0ur sem taldir eru vera millili\u00f0ir milli hins \u00e6\u00f0sta veru Olodumare og mannf\u00f3lksins. Me\u00f0al \u00feekktra Orisha eru sj\u00e1varm\u00f3\u00f0irin Yemoja, flj\u00f3tsgy\u00f0jan Oshun og \u00ferumugu\u00f0inn Shango.<\/p>\n<h3>Hvernig barst Orisha-d\u00fdrkunin til Amer\u00edku?<\/h3>\n<p>Me\u00f0 \u00fer\u00e6laversluninni yfir Atlantshafi\u00f0 barst Orisha-d\u00fdrkunin fr\u00e1 16. \u00f6ld til K\u00fabu, Brasil\u00edu og annarra hluta Amer\u00edku. \u00dear sameinu\u00f0ust Orisha undir \u00fer\u00fdstingi n\u00fdlenduherra me\u00f0 ka\u00fe\u00f3lskum d\u00fdrlingum og \u00feannig ur\u00f0u Santer\u00eda og Candombl\u00e9 til.<\/p>\n<script type=\"application\/ld+json\">{\"@context\": \"https:\/\/schema.org\", \"@type\": \"FAQPage\", \"mainEntity\": [{\"@type\": \"Question\", \"name\": \"Wer sind die Yoruba?\", \"acceptedAnswer\": {\"@type\": \"Answer\", \"text\": \"Die Yoruba sind eines der gro\u00dfen V\u00f6lker Westafrikas, mehr als 40 Millionen Menschen vor allem im S\u00fcdwesten Nigerias sowie in Benin und Togo. Sie sprechen Yoruba und blicken auf die historischen K\u00f6nigreiche Ife und Oyo zur\u00fcck.\"}}, {\"@type\": \"Question\", \"name\": \"Was ist Ifa?\", \"acceptedAnswer\": {\"@type\": \"Answer\", \"text\": \"Ifa ist das Divinationssystem der Yoruba, benannt nach der Gottheit Orunmila. Babalawo-Priester befragen das Orakel mit Palmn\u00fcssen oder einer Opele-Kette und deuten die Antwort anhand von sechzehn Grund-Odu und ihren Versen. 2008 wurde Ifa von der UNESCO als immaterielles Kulturerbe anerkannt.\"}}, {\"@type\": \"Question\", \"name\": \"Was sind Orisha?\", \"acceptedAnswer\": {\"@type\": \"Answer\", \"text\": \"Orisha sind Gottheiten und verg\u00f6ttlichte Ahnen, die als Mittler zwischen dem h\u00f6chsten Wesen Olodumare und den Menschen gelten. Bekannt sind unter anderem die Meeresmutter Yemoja, die Flussg\u00f6ttin Oshun und der Donnergott Shango.\"}}, {\"@type\": \"Question\", \"name\": \"Wie kam der Orisha-Kult nach Amerika?\", \"acceptedAnswer\": {\"@type\": \"Answer\", \"text\": \"Durch den transatlantischen Sklavenhandel gelangte der Orisha-Kult ab dem 16. Jahrhundert nach Kuba, Brasilien und in weitere Teile Amerikas. Dort verbanden sich die Orisha unter dem Druck der Kolonialherren mit katholischen Heiligen, es entstanden Santer\u00eda und Candombl\u00e9.\"}}]}<\/script>\t\t\t\t\t\t\t\t<\/div>\n\t\t\t\t<\/div>\n\t\t\t\t\t<\/div>\n\t\t\t\t<\/div>\n\t\t<div class=\"elementor-element elementor-element-iwgcn-sami-s4 e-flex e-con-boxed e-con e-parent\" data-id=\"iwgcn-sami-s4\" data-element_type=\"container\" data-e-type=\"container\">\n\t\t\t\t\t<div class=\"e-con-inner\">\n\t\t\t\t<div class=\"elementor-element elementor-element-iwgcn-sami-s4h elementor-widget elementor-widget-heading\" data-id=\"iwgcn-sami-s4h\" data-element_type=\"widget\" data-e-type=\"widget\" data-widget_type=\"heading.default\">\n\t\t\t\t\t<h2 class=\"elementor-heading-title elementor-size-default\">Dreifing: Santer\u00eda og Candombl\u00e9<\/h2>\t\t\t\t<\/div>\n\t\t<div class=\"elementor-element elementor-element-iwgcn-sami-s4-c e-con-full e-flex e-con e-child\" data-id=\"iwgcn-sami-s4-c\" data-element_type=\"container\" data-e-type=\"container\">\n\t\t\t\t<div class=\"elementor-element elementor-element-iwgcn-sami-s4t elementor-widget elementor-widget-text-editor\" data-id=\"iwgcn-sami-s4t\" data-element_type=\"widget\" data-e-type=\"widget\" data-widget_type=\"text-editor.default\">\n\t\t\t\t\t\t\t\t\t<p>Me\u00f0 \u00fer\u00e6laversluninni yfir Atlantshafi\u00f0 milli 16. og 19. aldar voru millj\u00f3nir J\u00f3r\u00faba fluttar nau\u00f0ugar til Amer\u00edku og fluttu Orisha-d\u00fdrkunina me\u00f0 s\u00e9r. Undir \u00fer\u00fdstingi ka\u00fe\u00f3lskra n\u00fdlenduherra sameinu\u00f0ust Orisha \u00e1 yfirbor\u00f0inu me\u00f0 ka\u00fe\u00f3lskum d\u00fdrlingum, \u00e1 K\u00fabu sem Santer\u00eda (Regla de Ocha), \u00ed Brasil\u00edu sem Candombl\u00e9 og \u00e1 Tr\u00ednidad sem sj\u00e1lfst\u00e6\u00f0 Orisha-tr\u00fa.<\/p><p><a href=\"https:\/\/iwell-guard.com\/is\/?page_id=169824\">Yemoja<\/a> var sams\u00f6mu\u00f0 J\u00f3mfr\u00fanni af Reglu, <a href=\"https:\/\/iwell-guard.com\/is\/?page_id=169823\">Oshun<\/a> Virgen de la Caridad, <a href=\"https:\/\/iwell-guard.com\/is\/shango\/\">Shango<\/a> hinni heil\u00f6gu Barb\u00f6ru og <a href=\"https:\/\/iwell-guard.com\/is\/?page_id=169869\">Oya<\/a> hinni heil\u00f6gu Teresu. Fj\u00f6ldi innv\u00edg\u00f0ra \u00ed \u00feessum hef\u00f0um er \u00ed dag talinn nema h\u00e1um hundru\u00f0um \u00fe\u00fasunda, og listfr\u00e6\u00f0ingurinn Robert Farris Thompson l\u00fdsti sameiginlegri fagurfr\u00e6\u00f0i \u00feeirra sem \u201eFlash of the Spirit&#8220;.<\/p>\t\t\t\t\t\t\t\t<\/div>\n\t\t\t\t<\/div>\n\t\t\t\t\t<\/div>\n\t\t\t\t<\/div>\n\t\t<div class=\"elementor-element elementor-element-iwgcn-sami-s5 e-flex e-con-boxed e-con e-parent\" data-id=\"iwgcn-sami-s5\" data-element_type=\"container\" data-e-type=\"container\">\n\t\t\t\t\t<div class=\"e-con-inner\">\n\t\t\t\t<div class=\"elementor-element elementor-element-iwgcn-sami-s5h elementor-widget elementor-widget-heading\" data-id=\"iwgcn-sami-s5h\" data-element_type=\"widget\" data-e-type=\"widget\" data-widget_type=\"heading.default\">\n\t\t\t\t\t<h2 class=\"elementor-heading-title elementor-size-default\">Verndargripir, perlusl\u00e6\u00f0ur og f\u00f3rnargjafir<\/h2>\t\t\t\t<\/div>\n\t\t<div class=\"elementor-element elementor-element-iwgcn-sami-s5-c e-con-full e-flex e-con e-child\" data-id=\"iwgcn-sami-s5-c\" data-element_type=\"container\" data-e-type=\"container\">\n\t\t\t\t<div class=\"elementor-element elementor-element-iwgcn-sami-s5t elementor-widget elementor-widget-text-editor\" data-id=\"iwgcn-sami-s5t\" data-element_type=\"widget\" data-e-type=\"widget\" data-widget_type=\"text-editor.default\">\n\t\t\t\t\t\t\t\t\t<p>Litr\u00edkar perluke\u00f0jur (ileke), \u00fear sem litasamsetningin er tengd vi\u00f0komandi Orisha, eru me\u00f0al s\u00fdnilegustu pers\u00f3nulegu verndargripa J\u00f3r\u00faba-hef\u00f0arins. Kaur\u00ed-skeljar \u00fej\u00f3na b\u00e6\u00f0i sem gjaldmi\u00f0ill og sem v\u00e9fr\u00e9tta- og skartgripur, en tr\u00e9spjaldi\u00f0 Ifa og bankastafurinn Iroke eru mi\u00f0l\u00e6g t\u00e6ki \u00ed Ifa-sp\u00e1d\u00f3mslistinni.<\/p><p>Skr\u00edn fyrir einstaka Orisha innihalda styttur, ker og verkf\u00e6ri, svo sem tv\u00edeggja\u00f0a \u00f6xi Shangos e\u00f0a sj\u00e1varkeri\u00f0 <a href=\"https:\/\/iwell-guard.com\/is\/?page_id=169822\">Olokuns<\/a>, sem sem herra hafsdj\u00fapanna stendur fyrir au\u00f0leg\u00f0. F\u00f3rnargjafir \u00far matv\u00e6lum, p\u00e1lmaol\u00edu og d\u00fdrum eiga samkv\u00e6mt hef\u00f0inni a\u00f0 tryggja velvild gu\u00f0anna, og hin listilegu Egungun-kl\u00e6\u00f0i eru sj\u00e1lf talin bera verndarkraft forfe\u00f0ranna.<\/p>\t\t\t\t\t\t\t\t<\/div>\n\t\t\t\t<\/div>\n\t\t\t\t\t<\/div>\n\t\t\t\t<\/div>\n\t\t<div class=\"elementor-element elementor-element-iwgcn-sami-s6 e-flex e-con-boxed e-con e-parent\" data-id=\"iwgcn-sami-s6\" data-element_type=\"container\" data-e-type=\"container\">\n\t\t\t\t\t<div class=\"e-con-inner\">\n\t\t\t\t<div class=\"elementor-element elementor-element-iwgcn-sami-s6h elementor-widget elementor-widget-heading\" data-id=\"iwgcn-sami-s6h\" data-element_type=\"widget\" data-e-type=\"widget\" data-widget_type=\"heading.default\">\n\t\t\t\t\t<h2 class=\"elementor-heading-title elementor-size-default\">N\u00fdlendustefna, tr\u00fabo\u00f0 og tr\u00faarl\u00edf n\u00fat\u00edmans<\/h2>\t\t\t\t<\/div>\n\t\t<div class=\"elementor-element elementor-element-iwgcn-sami-s6-c e-con-full e-flex e-con e-child\" data-id=\"iwgcn-sami-s6-c\" data-element_type=\"container\" data-e-type=\"container\">\n\t\t\t\t<div class=\"elementor-element elementor-element-iwgcn-sami-s6t elementor-widget elementor-widget-text-editor\" data-id=\"iwgcn-sami-s6t\" data-element_type=\"widget\" data-e-type=\"widget\" data-widget_type=\"text-editor.default\">\n\t\t\t\t\t\t\t\t\t<p>Fr\u00e1 19. \u00f6ld j\u00f3kst kristi\u00f0 og \u00edslamskt tr\u00fabo\u00f0 \u00ed J\u00f3r\u00fabalandi, og n\u00fdlendustj\u00f3rn og sk\u00f3lakerfi \u00ferengdu a\u00f0 Orisha-d\u00fdrkuninni \u00e1n \u00feess a\u00f0 \u00fatr\u00fdma henni. Margir J\u00f3r\u00fabar stunda \u00ed dag kristni e\u00f0a \u00edslam samhli\u00f0a, hli\u00f0 vi\u00f0 hli\u00f0 e\u00f0a \u00ed bl\u00f6ndu vi\u00f0 tilbei\u00f0slu einstakra Orisha og forfe\u00f0ra.<\/p><p>Fr\u00e1 seinni hluta 20. aldar hafa fr\u00e6\u00f0imenn eins og Wande Abimbola og William Bascom, auk al\u00fej\u00f3\u00f0legra h\u00e1t\u00ed\u00f0a \u00e1 bor\u00f0 vi\u00f0 \u00e1rlega Osun-Osogbo-h\u00e1t\u00ed\u00f0ina \u00ed helgilundinum \u00ed Osogbo, sem tilheyrt hefur heimsminjaskr\u00e1 UNESCO fr\u00e1 2005, stu\u00f0la\u00f0 a\u00f0 s\u00fdnilegri endurvakningu. \u00cd amer\u00edsku dreifingunni vaxa Santer\u00eda og Candombl\u00e9 enn \u00ed dag sem sj\u00e1lfst\u00e6\u00f0, lifandi tr\u00faarbr\u00f6g\u00f0.<\/p>\t\t\t\t\t\t\t\t<\/div>\n\t\t\t\t<\/div>\n\t\t\t\t\t<\/div>\n\t\t\t\t<\/div>\n\t\t<div class=\"elementor-element elementor-element-cp2d9a92a3 e-flex e-con-boxed e-con e-parent\" data-id=\"cp2d9a92a3\" data-element_type=\"container\" data-e-type=\"container\">\n\t\t\t\t\t<div class=\"e-con-inner\">\n\t\t\t\t<div class=\"elementor-element elementor-element-cp2515827f elementor-widget elementor-widget-heading\" data-id=\"cp2515827f\" data-element_type=\"widget\" data-e-type=\"widget\" data-widget_type=\"heading.default\">\n\t\t\t\t\t<h2 class=\"elementor-heading-title elementor-size-default\">\u00dej\u00f3\u00f0 me\u00f0 m\u00f6rgum konungsr\u00edkjum og tr\u00faarleg fj\u00f6lbreytni hennar<\/h2>\t\t\t\t<\/div>\n\t\t<div class=\"elementor-element elementor-element-cp25cbddf2 e-flex e-con-boxed e-con e-child\" data-id=\"cp25cbddf2\" data-element_type=\"container\" data-e-type=\"container\">\n\t\t\t\t\t<div class=\"e-con-inner\">\n\t\t\t\t<div class=\"elementor-element elementor-element-cp240cdc6c elementor-widget elementor-widget-text-editor\" data-id=\"cp240cdc6c\" data-element_type=\"widget\" data-e-type=\"widget\" data-widget_type=\"text-editor.default\">\n\t\t\t\t\t\t\t\t\t<p>J\u00f3r\u00fabar b\u00faa \u00ed su\u00f0vesturhluta N\u00edger\u00edu og \u00ed n\u00e6rliggjandi sv\u00e6\u00f0um Ben\u00edn og T\u00f3g\u00f3, kjarnasv\u00e6\u00f0i \u00feeirra er oft nefnt J\u00f3r\u00fabaland. \u00cd stj\u00f3rnm\u00e1lalegu tilliti voru J\u00f3r\u00fabar \u00ed s\u00f6gunni aldrei sameina\u00f0ir \u00ed eitt r\u00edki, heldur skiptust \u00ed fj\u00f6lda konungd\u00e6ma, \u00fear \u00e1 me\u00f0al Ife, Oyo, Ijebu, Egba, Ekiti og Ondo, sem hvert haf\u00f0i s\u00ednar eigin \u00e6ttarveldi og sta\u00f0bundnar d\u00fdrkunarhef\u00f0ir.<\/p><p>\u00deessi stj\u00f3rnm\u00e1lalega fj\u00f6lbreytni endurspeglast \u00ed tr\u00faarl\u00edfinu. \u00de\u00f3tt Ile-Ife s\u00e9 almennt d\u00fdrku\u00f0 sem upprunasta\u00f0ur sk\u00f6punarins, er mj\u00f6g misjafnt hva\u00f0a Orisha hafa s\u00e9rstaka \u00fe\u00fd\u00f0ingu \u00ed hverri borg e\u00f0a fj\u00f6lskyldu. Sumar borgir eru fyrst og fremst tengdar einum gu\u00f0i, svo sem Osogbo vi\u00f0 flj\u00f3tsgy\u00f0juna Oshun, \u00e1 me\u00f0an a\u00f0rar r\u00e6kta brei\u00f0ari go\u00f0aheim.<\/p><p>Einnig er umsj\u00f3n d\u00fdrkunarins mismunandi, mikil Orisha-tilbei\u00f0sla er bundin \u00e1kve\u00f0num \u00e6ttl\u00ednum og prestafj\u00f6lskyldum sem var\u00f0veita \u00feekkingu og athafnir kynsl\u00f3\u00f0 eftir kynsl\u00f3\u00f0. Almennar fullyr\u00f0ingar um \u201ehina&#8220; J\u00f3r\u00faba-tr\u00fa fela \u00fev\u00ed \u00ed s\u00e9r verulega innri fj\u00f6lbreytni milli sv\u00e6\u00f0a og \u00e6ttl\u00edna.<\/p><p>Sameiginlegt me\u00f0 flestum h\u00f3pum er hugmyndin um \u00e6\u00f0stu, fjarl\u00e6ga veru a\u00f0 nafni Olodumare, tilbei\u00f0sla millili\u00f0andi Orisha, mi\u00f0l\u00e6g sta\u00f0a Ifa-sp\u00e1d\u00f3mslistarinnar og \u00fe\u00fd\u00f0ing forfe\u00f0ra \u00ed Egungun-d\u00fdrkuninni. \u00deessir sameiginlegu \u00fe\u00e6ttir eru einnig mismunandi \u00fer\u00f3a\u00f0ir eftir sv\u00e6\u00f0um og misjafnlega vel skr\u00e1\u00f0ir \u00ed heimildum.<\/p>\t\t\t\t\t\t\t\t<\/div>\n\t\t\t\t\t<\/div>\n\t\t\t\t<\/div>\n\t\t\t\t\t<\/div>\n\t\t\t\t<\/div>\n\t\t<div class=\"elementor-element elementor-element-cp2b1a3dae e-flex e-con-boxed e-con e-parent\" data-id=\"cp2b1a3dae\" data-element_type=\"container\" data-e-type=\"container\">\n\t\t\t\t\t<div class=\"e-con-inner\">\n\t\t\t\t<div class=\"elementor-element elementor-element-cp282c06ff elementor-widget elementor-widget-heading\" data-id=\"cp282c06ff\" data-element_type=\"widget\" data-e-type=\"widget\" data-widget_type=\"heading.default\">\n\t\t\t\t\t<h2 class=\"elementor-heading-title elementor-size-default\">Ifa, Orisha og heimsmynd J\u00f3r\u00faba<\/h2>\t\t\t\t<\/div>\n\t\t<div class=\"elementor-element elementor-element-cp228b4522 e-flex e-con-boxed e-con e-child\" data-id=\"cp228b4522\" data-element_type=\"container\" data-e-type=\"container\">\n\t\t\t\t\t<div class=\"e-con-inner\">\n\t\t\t\t<div class=\"elementor-element elementor-element-cp261454c5 elementor-widget elementor-widget-text-editor\" data-id=\"cp261454c5\" data-element_type=\"widget\" data-e-type=\"widget\" data-widget_type=\"text-editor.default\">\n\t\t\t\t\t\t\t\t\t<p>\u00deekktasta tr\u00faarkerfi J\u00f3r\u00faba-f\u00f3lksins er Ifa, sp\u00e1d\u00f3msa\u00f0fer\u00f0 kennd vi\u00f0 gu\u00f0inn Orunmila, sem r\u00e6\u00f0ur yfir visku, \u00f6rl\u00f6gum og \u00feekkingu. Kerfi\u00f0 byggir \u00e1 sext\u00e1n grunnt\u00e1knum (Odu Meji) sem sameinast innbyr\u00f0is \u00ed alls 256 Odu.<\/p><p>Babalawo, \u201efa\u00f0ir leyndarm\u00e1lanna&#8220;, notar Ifa-sp\u00e1d\u00f3minn \u00e1 tvenna vegu. Annars vegar kastar hann sext\u00e1n p\u00e1lmahnetum (ikin) e\u00f0a hreyfir \u00e1tta hluta ke\u00f0ju (opele) til a\u00f0 finna eitt Odu. Hins vegar fer hann me\u00f0 munnlega var\u00f0veitta v\u00edsu (ese Ifa) sem tilheyrir \u00feessu Odu, en til eru \u00fe\u00fasundir sl\u00edkra v\u00edsna sem gefa r\u00e1\u00f0, go\u00f0s\u00f6gur og lei\u00f0beiningar um heg\u00f0un.<\/p><p>Heimsmynd J\u00f3r\u00faba-f\u00f3lksins gerir r\u00e1\u00f0 fyrir \u00e6\u00f0stu veru, Olodumare, sem venjulega er ekki k\u00f6llu\u00f0 beint \u00e1 og er uppspretta l\u00edfskraftsins \u00c0\u1e63\u1eb9. Milli hans og mannf\u00f3lksins mi\u00f0la Orisha-verurnar, sem munnleg hef\u00f0 segir vera \u201efj\u00f6gur hundru\u00f0 og eina&#8220;, tj\u00e1ning sem l\u00fdsir \u00fev\u00ed a\u00f0 \u00feessi \u00feekking ver\u00f0i aldrei fullkomlega t\u00e6md.<\/p><p>Me\u00f0al \u00feeirra sem eru heimilda\u00f0ar m\u00e1 nefna hafgu\u00f0ir eins og <a href=\"https:\/\/iwell-guard.com\/is\/?page_id=169824\">Yemoja<\/a> og <a href=\"https:\/\/iwell-guard.com\/is\/?page_id=169822\">Olokun<\/a>, flj\u00f3tagy\u00f0juna <a href=\"https:\/\/iwell-guard.com\/is\/?page_id=169823\">Oshun<\/a>, ve\u00f0urgu\u00f0i eins og <a href=\"https:\/\/iwell-guard.com\/is\/shango\/\">Shango<\/a> og <a href=\"https:\/\/iwell-guard.com\/is\/?page_id=169869\">Oya<\/a>, gu\u00f0i \u00f3bygg\u00f0a og elds eins og <a href=\"https:\/\/iwell-guard.com\/is\/aganju\/\">Aganju<\/a>, og trj\u00e1- og sk\u00f3garanda eins og <a href=\"https:\/\/iwell-guard.com\/is\/iroko-madurinn\/\">Iroko<\/a>, <a href=\"https:\/\/iwell-guard.com\/is\/aroni\/\">Aroni<\/a> og <a href=\"https:\/\/iwell-guard.com\/is\/aja\/\">Aja<\/a>. Einnig heyra hugtaki\u00f0 <a href=\"https:\/\/iwell-guard.com\/is\/abiku\/\">Abiku<\/a>, endurteki\u00f0 deyjandi andab\u00f6rn, til \u00feessa marg\u00fe\u00e6tta gu\u00f0aheims, s\u00f6mulei\u00f0is hinir d\u00e1nu og forfe\u00f0urnir sem hafa sinn eigin, opinberlega s\u00fdnilega sess \u00ed Egungun-d\u00fdrkuninni.<\/p><p>Um n\u00e1kv\u00e6ma kerfisbindingu \u00feessa gu\u00f0aheims er ekki full samsta\u00f0a \u00ed fr\u00e6\u00f0unum, \u00fev\u00ed munnleg hef\u00f0 er breytileg milli sv\u00e6\u00f0a og skriflegar heimildir koma fyrst fram me\u00f0 n\u00fdlendut\u00edmanum. Var\u00f0veittar Ifa-v\u00edsur og vettvangsranns\u00f3knir 20. aldar eru \u00fe\u00f3 r\u00edk heimild, jafnvel \u00fe\u00f3tt t\u00falkun \u00feeirra s\u00e9 ekki fullr\u00e1\u00f0in.<\/p>\t\t\t\t\t\t\t\t<\/div>\n\t\t\t\t\t<\/div>\n\t\t\t\t<\/div>\n\t\t\t\t\t<\/div>\n\t\t\t\t<\/div>\n\t\t<div class=\"elementor-element elementor-element-cp295547c2 e-flex e-con-boxed e-con e-parent\" data-id=\"cp295547c2\" data-element_type=\"container\" data-e-type=\"container\">\n\t\t\t\t\t<div class=\"e-con-inner\">\n\t\t\t\t<div class=\"elementor-element elementor-element-cp28944fb0 elementor-widget elementor-widget-heading\" data-id=\"cp28944fb0\" data-element_type=\"widget\" data-e-type=\"widget\" data-widget_type=\"heading.default\">\n\t\t\t\t\t<h2 class=\"elementor-heading-title elementor-size-default\">Heimildirnar: munnleg hef\u00f0, n\u00fdlendu\u00fej\u00f3\u00f0fr\u00e6\u00f0i og Ifa-safnritin<\/h2>\t\t\t\t<\/div>\n\t\t<div class=\"elementor-element elementor-element-cp23d59da4 e-flex e-con-boxed e-con e-child\" data-id=\"cp23d59da4\" data-element_type=\"container\" data-e-type=\"container\">\n\t\t\t\t\t<div class=\"e-con-inner\">\n\t\t\t\t<div class=\"elementor-element elementor-element-cp2ce157b6 elementor-widget elementor-widget-text-editor\" data-id=\"cp2ce157b6\" data-element_type=\"widget\" data-e-type=\"widget\" data-widget_type=\"text-editor.default\">\n\t\t\t\t\t\t\t\t\t<p>Skrifleg <span class=\"iwg-fachbegriff\" data-tooltip=\"Framsending \u00feekkingar og fr\u00e1sagna milli kynsl\u00f3\u00f0a.\" tabindex=\"0\">hef\u00f0<\/span> um tr\u00fa J\u00f3r\u00faba-f\u00f3lksins kemur fram nokku\u00f0 seint og stafar upphaflega a\u00f0 mestu fr\u00e1 utana\u00f0komandi a\u00f0ilum. \u00c1 19. \u00f6ld skrifu\u00f0u kristnir tr\u00fabo\u00f0ar, \u00fear \u00e1 me\u00f0al Samuel Ajayi Crowther, biskup ensku biskupakirkjunnar sem \u00f3lst upp \u00ed fj\u00f6lskyldu frelsa\u00f0s \u00fer\u00e6ls, fyrstu l\u00fdsingarnar \u00e1 tungum\u00e1li og menningu J\u00f3r\u00faba-f\u00f3lksins, oft me\u00f0 tr\u00fabo\u00f0smarkmi\u00f0 a\u00f0 lei\u00f0arlj\u00f3si.<\/p><p>\u00c1 20. \u00f6ld b\u00e6ttust \u00fej\u00f3\u00f0fr\u00e6\u00f0ilegir vettvangsrannsakendur vi\u00f0. Bandar\u00edski mannfr\u00e6\u00f0ingurinn William Bascom rannsaka\u00f0i \u00e1 kerfisbundinn h\u00e1tt Ifa-sp\u00e1d\u00f3minn og f\u00e9lagsger\u00f0 hans \u00e1 \u00feri\u00f0ja og sj\u00f6tta \u00e1ratug 20. aldar, og skr\u00e1ningar hans eru enn \u00ed dag me\u00f0al mikilv\u00e6gustu heimildanna. Samhli\u00f0a \u00feessu \u00fer\u00f3a\u00f0ist eigin fr\u00e6\u00f0imennska J\u00f3r\u00faba-f\u00f3lksins sem b\u00e6tti vi\u00f0 og lagf\u00e6r\u00f0i n\u00e1lgun utana\u00f0komandi.<\/p><p>Wande Abimbola er lykilpers\u00f3na, sj\u00e1lfur \u00fej\u00e1lfa\u00f0ur babalawo og til margra \u00e1ra Awise Agbaye, \u00e6\u00f0sti talsma\u00f0ur Ifa-hef\u00f0arinnar \u00e1 heimsv\u00edsu, og hann gaf \u00fat umfangsmikil s\u00f6fn Ifa-v\u00edsna (ese Ifa) \u00e1 J\u00f3r\u00faba-m\u00e1li og \u00ed enskri \u00fe\u00fd\u00f0ingu. Gu\u00f0fr\u00e6\u00f0ingurinn J. Omosade Awolalu lag\u00f0i einnig miki\u00f0 af m\u00f6rkum til tr\u00faarbrag\u00f0afr\u00e6\u00f0ilegrar \u00farvinnslu me\u00f0 verkum um tr\u00fa, f\u00f3rn og athafnir.<\/p><p>Munnlega sk\u00e1ldskapargreinin sj\u00e1lf myndar s\u00edna eigin heimildategund, Ifa-v\u00edsurnar, lofs\u00f6ngvarnir (oriki) og m\u00e1lsh\u00e6ttirnir sem berast \u00e1fram gegnum presta\u00e6ttir. \u00deau eru ekki s\u00f6guleg \u00ed \u00fer\u00f6ngum skilningi heldur endurn\u00fdjast \u00ed hvert sinn sem \u00feau eru flutt, sem gerir tr\u00faars\u00f6gulega greiningu \u00feeirra erfi\u00f0ari en er einmitt uppspretta lifandi e\u00f0lis \u00feeirra.<\/p><p>Fyrir listr\u00e6nan og efnislegan \u00fe\u00e1tt tr\u00faarbrag\u00f0anna er listas\u00f6guranns\u00f3kn mikilv\u00e6g, svo sem verk Robert Farris Thompsons um fagurfr\u00e6\u00f0i Orisha-d\u00fdrkunar \u00ed Vestur-Afr\u00edku og \u00ed bandar\u00edsku dreifb\u00fdlinu. Fr\u00e6\u00f0imenn vara almennt vi\u00f0 \u00fev\u00ed a\u00f0 hver heildarl\u00fdsing \u00e1 tr\u00fa J\u00f3r\u00faba-f\u00f3lksins ver\u00f0i a\u00f0 taka tillit til sv\u00e6\u00f0isbundinnar og s\u00f6gulegrar fj\u00f6lbreytni heimildanna.<\/p>\t\t\t\t\t\t\t\t<\/div>\n\t\t\t\t\t<\/div>\n\t\t\t\t<\/div>\n\t\t\t\t\t<\/div>\n\t\t\t\t<\/div>\n\t\t<div class=\"elementor-element elementor-element-cp2c009332 e-flex e-con-boxed e-con e-parent\" data-id=\"cp2c009332\" data-element_type=\"container\" data-e-type=\"container\">\n\t\t\t\t\t<div class=\"e-con-inner\">\n\t\t\t\t<div class=\"elementor-element elementor-element-cp225c94da elementor-widget elementor-widget-heading\" data-id=\"cp225c94da\" data-element_type=\"widget\" data-e-type=\"widget\" data-widget_type=\"heading.default\">\n\t\t\t\t\t<h2 class=\"elementor-heading-title elementor-size-default\">\u00der\u00e6lahald, tr\u00fabo\u00f0 og Orisha-tr\u00fain \u00ed dag<\/h2>\t\t\t\t<\/div>\n\t\t<div class=\"elementor-element elementor-element-cp2c7191ab e-flex e-con-boxed e-con e-child\" data-id=\"cp2c7191ab\" data-element_type=\"container\" data-e-type=\"container\">\n\t\t\t\t\t<div class=\"e-con-inner\">\n\t\t\t\t<div class=\"elementor-element elementor-element-cp23f4061d elementor-widget elementor-widget-text-editor\" data-id=\"cp23f4061d\" data-element_type=\"widget\" data-e-type=\"widget\" data-widget_type=\"text-editor.default\">\n\t\t\t\t\t\t\t\t\t<p>Saga J\u00f3r\u00faba-tr\u00faarbrag\u00f0anna er n\u00e1tengd \u00fer\u00e6laverslun yfir Atlantshafi\u00f0. Milli 16. og 19. aldar voru millj\u00f3nir manna flutt me\u00f0 valdi fr\u00e1 J\u00f3r\u00fabalandi og n\u00e1l\u00e6gum sv\u00e6\u00f0um til Amer\u00edku, og margir \u00feeirra fluttu me\u00f0 s\u00e9r Orisha-d\u00fdrkunina, Ifa-sp\u00e1d\u00f3minn og Egungun-tilbei\u00f0sluna.<\/p><p>Undir \u00fer\u00fdstingi ka\u00fe\u00f3lsku n\u00fdlenduskipulagsins \u00e1 K\u00fabu, \u00ed Brasil\u00edu og v\u00ed\u00f0ar var opin i\u00f0kun afr\u00edskra tr\u00faarbrag\u00f0a oft b\u00f6nnu\u00f0. \u00der\u00e6larnir tengdu \u00fev\u00ed Orisha-verur s\u00ednar ytra vi\u00f0 ka\u00fe\u00f3lska d\u00fdrlinga, svo sem Yemoja vi\u00f0 Meyjuna af Regla, Oshun vi\u00f0 Virgen de la Caridad og Shango vi\u00f0 heilaga Barb\u00f6ru. \u00deannig ur\u00f0u til Santer\u00eda (Regla de Ocha) \u00e1 K\u00fabu, Candombl\u00e9 \u00ed Brasil\u00edu og tengdar hef\u00f0ir \u00ed Tr\u00ednidad og v\u00ed\u00f0ar.<\/p><p>\u00cd J\u00f3r\u00fabalandi sj\u00e1lfu h\u00f3fst \u00e1 19. \u00f6ld \u00f6flugt kristi\u00f0 og \u00edslamskt tr\u00fabo\u00f0, styrkt af breskri n\u00fdlendustj\u00f3rn og sk\u00f3lakerfi hennar. Orisha-d\u00fdrkunin var v\u00ed\u00f0a b\u00e6ld ni\u00f0ur en h\u00e9lt velli, oft samhli\u00f0a kristni e\u00f0a \u00edslam, \u00ed \u00e6tt- og sta\u00f0bundnum d\u00fdrkunarh\u00f3pum.<\/p><p>\u00c1 20. \u00f6ld l\u00f6g\u00f0u n\u00edger\u00edskir fr\u00e6\u00f0imenn, fyrst og fremst Wande Abimbola, miki\u00f0 af m\u00f6rkum til v\u00edsindalegrar og menningarlegrar upphef\u00f0ar Ifa-hef\u00f0arinnar, me\u00f0al annars me\u00f0 al\u00fej\u00f3\u00f0legri vi\u00f0urkenningu UNESCO sem \u00f3\u00e1\u00fereifanlegs menningararfs \u00e1ri\u00f0 2005.<\/p><p>\u00cd bandar\u00edsku dreifb\u00fdlinu uxu Santer\u00eda og Candombl\u00e9 \u00e1 20. og 21. \u00f6ld \u00ed sj\u00e1lfst\u00e6\u00f0 tr\u00faarbr\u00f6g\u00f0, virkt i\u00f0ku\u00f0 \u00e1 K\u00fabu, \u00ed Brasil\u00edu, Bandar\u00edkjunum og v\u00ed\u00f0ar, me\u00f0 sennilega m\u00f6rgum millj\u00f3num fylgjenda.<\/p><p>Ekki er \u00fev\u00ed h\u00e6gt a\u00f0 tala um a\u00f0 Orisha-tr\u00fain hafi horfi\u00f0. H\u00fan er \u00ed dag lifandi og breytileg tr\u00faarleg i\u00f0kun, b\u00e6\u00f0i \u00ed N\u00edger\u00edu, svo sem \u00e1 \u00e1rlegri Osun-Osogbo-h\u00e1t\u00ed\u00f0, og \u00ed dreifb\u00fdlinu um allan heim, og v\u00edsindalegar ranns\u00f3knir \u00e1 henni s\u00fdna s\u00edfellt n\u00fdjar hli\u00f0ar.<\/p>\t\t\t\t\t\t\t\t<\/div>\n\t\t\t\t\t<\/div>\n\t\t\t\t<\/div>\n\t\t\t\t\t<\/div>\n\t\t\t\t<\/div>\n\t\t<div class=\"elementor-element elementor-element-iwgha-sami-sec e-flex e-con-boxed e-con e-parent\" data-id=\"iwgha-sami-sec\" data-element_type=\"container\" data-e-type=\"container\">\n\t\t\t\t\t<div class=\"e-con-inner\">\n\t\t\t\t<div class=\"elementor-element elementor-element-iwgha-sami-h elementor-widget elementor-widget-heading\" data-id=\"iwgha-sami-h\" data-element_type=\"widget\" data-e-type=\"widget\" data-widget_type=\"heading.default\">\n\t\t\t\t\t<h2 class=\"elementor-heading-title elementor-size-default\">Verur \u00feessarar hef\u00f0ar (11)<\/h2>\t\t\t\t<\/div>\n\t\t<div class=\"elementor-element elementor-element-iwgha-sami-gc e-flex e-con-boxed e-con e-parent\" data-id=\"iwgha-sami-gc\" data-element_type=\"container\" data-e-type=\"container\">\n\t\t\t\t\t<div class=\"e-con-inner\">\n\t\t\t\t<div class=\"elementor-element elementor-element-iwgha-sami-grid elementor-widget elementor-widget-text-editor\" data-id=\"iwgha-sami-grid\" data-element_type=\"widget\" data-e-type=\"widget\" data-widget_type=\"text-editor.default\">\n\t\t\t\t\t\t\t\t\t<div class=\"iwg-wesen-grid\"><a class=\"iwg-wesen-card\" href=\"https:\/\/iwell-guard.com\/is\/iroko-madurinn\/\" aria-label=\"Iroko-ma\u00f0urinn\"><div class=\"iwg-wesen-card-imgwrap\"><img decoding=\"async\" src=\"https:\/\/iwell-guard.com\/wp-content\/uploads\/2026\/07\/geister_yoruba_iroko-mann-200x300.webp\" alt=\"Iroko-ma\u00f0urinn\" loading=\"lazy\"><\/div><div class=\"iwg-wesen-card-body\"><div class=\"iwg-wesen-card-name\">Iroko-ma\u00f0urinn<\/div><div class=\"iwg-wesen-card-arrow\">\u2192 \u00c1 v\u00e6ttina<\/div><\/div><\/a><a class=\"iwg-wesen-card\" href=\"https:\/\/iwell-guard.com\/is\/aroni\/\" aria-label=\"Aroni\"><div class=\"iwg-wesen-card-imgwrap\"><img decoding=\"async\" src=\"https:\/\/iwell-guard.com\/wp-content\/uploads\/2026\/07\/geister_yoruba_aroni-200x300.webp\" alt=\"Aroni\" loading=\"lazy\"><\/div><div class=\"iwg-wesen-card-body\"><div class=\"iwg-wesen-card-name\">Aroni<\/div><div class=\"iwg-wesen-card-arrow\">\u2192 \u00c1 v\u00e6ttina<\/div><\/div><\/a><a class=\"iwg-wesen-card\" href=\"https:\/\/iwell-guard.com\/is\/aja\/\" aria-label=\"Aja\"><div class=\"iwg-wesen-card-imgwrap\"><img decoding=\"async\" src=\"https:\/\/iwell-guard.com\/wp-content\/uploads\/2026\/07\/goetter_yoruba_aja-200x300.webp\" alt=\"Aja\" loading=\"lazy\"><\/div><div class=\"iwg-wesen-card-body\"><div class=\"iwg-wesen-card-name\">Aja<\/div><div class=\"iwg-wesen-card-arrow\">\u2192 \u00c1 v\u00e6ttina<\/div><\/div><\/a><a class=\"iwg-wesen-card\" href=\"https:\/\/iwell-guard.com\/is\/yemoja\/\" aria-label=\"Yemoja\"><div class=\"iwg-wesen-card-imgwrap\"><img decoding=\"async\" src=\"https:\/\/iwell-guard.com\/wp-content\/uploads\/2026\/07\/goetter_yoruba_yemoja-200x300.webp\" alt=\"Yemoja\" loading=\"lazy\"><\/div><div class=\"iwg-wesen-card-body\"><div class=\"iwg-wesen-card-name\">Yemoja<\/div><div class=\"iwg-wesen-card-arrow\">\u2192 \u00c1 v\u00e6ttina<\/div><\/div><\/a><a class=\"iwg-wesen-card\" href=\"https:\/\/iwell-guard.com\/is\/oya\/\" aria-label=\"Oya\"><div class=\"iwg-wesen-card-imgwrap\"><img decoding=\"async\" src=\"https:\/\/iwell-guard.com\/wp-content\/uploads\/2026\/07\/goetter_yoruba_oya-200x300.webp\" alt=\"Oya\" loading=\"lazy\"><\/div><div class=\"iwg-wesen-card-body\"><div class=\"iwg-wesen-card-name\">Oya<\/div><div class=\"iwg-wesen-card-arrow\">\u2192 \u00c1 v\u00e6ttina<\/div><\/div><\/a><a class=\"iwg-wesen-card\" href=\"https:\/\/iwell-guard.com\/is\/oshun\/\" aria-label=\"Oshun\"><div class=\"iwg-wesen-card-imgwrap\"><img decoding=\"async\" src=\"https:\/\/iwell-guard.com\/wp-content\/uploads\/2026\/07\/goetter_yoruba_oshun-200x300.webp\" alt=\"Oshun\" loading=\"lazy\"><\/div><div class=\"iwg-wesen-card-body\"><div class=\"iwg-wesen-card-name\">Oshun<\/div><div class=\"iwg-wesen-card-arrow\">\u2192 \u00c1 v\u00e6ttina<\/div><\/div><\/a><a class=\"iwg-wesen-card\" href=\"https:\/\/iwell-guard.com\/is\/olokun\/\" aria-label=\"Olokun\"><div class=\"iwg-wesen-card-imgwrap\"><img decoding=\"async\" src=\"https:\/\/iwell-guard.com\/wp-content\/uploads\/2026\/07\/goetter_yoruba_olokun-200x300.webp\" alt=\"Olokun\" loading=\"lazy\"><\/div><div class=\"iwg-wesen-card-body\"><div class=\"iwg-wesen-card-name\">Olokun<\/div><div class=\"iwg-wesen-card-arrow\">\u2192 \u00c1 v\u00e6ttina<\/div><\/div><\/a><a class=\"iwg-wesen-card\" href=\"https:\/\/iwell-guard.com\/is\/egungun\/\" aria-label=\"Egungun\"><div class=\"iwg-wesen-card-imgwrap\"><img decoding=\"async\" src=\"https:\/\/iwell-guard.com\/wp-content\/uploads\/2026\/07\/geister_yoruba_egungun-200x300.webp\" alt=\"Egungun\" loading=\"lazy\"><\/div><div class=\"iwg-wesen-card-body\"><div class=\"iwg-wesen-card-name\">Egungun<\/div><div class=\"iwg-wesen-card-arrow\">\u2192 \u00c1 v\u00e6ttina<\/div><\/div><\/a><a class=\"iwg-wesen-card\" href=\"https:\/\/iwell-guard.com\/is\/abiku\/\" aria-label=\"Abiku\"><div class=\"iwg-wesen-card-imgwrap\"><img decoding=\"async\" src=\"https:\/\/iwell-guard.com\/wp-content\/uploads\/2026\/07\/daemonen_yoruba_abiku-200x300.webp\" alt=\"Abiku\" loading=\"lazy\"><\/div><div class=\"iwg-wesen-card-body\"><div class=\"iwg-wesen-card-name\">Abiku<\/div><div class=\"iwg-wesen-card-arrow\">\u2192 \u00c1 v\u00e6ttina<\/div><\/div><\/a><a class=\"iwg-wesen-card\" href=\"https:\/\/iwell-guard.com\/is\/shango\/\" aria-label=\"Shango\"><div class=\"iwg-wesen-card-imgwrap\"><img decoding=\"async\" src=\"https:\/\/iwell-guard.com\/wp-content\/uploads\/2026\/07\/goetter_yoruba_shango-200x300.webp\" alt=\"Shango\" loading=\"lazy\"><\/div><div class=\"iwg-wesen-card-body\"><div class=\"iwg-wesen-card-name\">Shango<\/div><div class=\"iwg-wesen-card-arrow\">\u2192 \u00c1 v\u00e6ttina<\/div><\/div><\/a><a class=\"iwg-wesen-card\" href=\"https:\/\/iwell-guard.com\/is\/aganju\/\" aria-label=\"Aganj\u00fa\"><div class=\"iwg-wesen-card-imgwrap\"><img decoding=\"async\" src=\"https:\/\/iwell-guard.com\/wp-content\/uploads\/2026\/07\/goetter_yoruba_aganju-200x300.webp\" alt=\"Aganj\u00fa\" loading=\"lazy\"><\/div><div class=\"iwg-wesen-card-body\"><div class=\"iwg-wesen-card-name\">Aganj\u00fa<\/div><div class=\"iwg-wesen-card-arrow\">\u2192 \u00c1 v\u00e6ttina<\/div><\/div><\/a><\/div>\t\t\t\t\t\t\t\t<\/div>\n\t\t\t\t\t<\/div>\n\t\t\t\t<\/div>\n\t\t\t\t\t<\/div>\n\t\t\t\t<\/div>\n\t\t<div class=\"elementor-element elementor-element-iwgkw2-add-sami e-flex e-con-boxed e-con e-parent\" data-id=\"iwgkw2-add-sami\" data-element_type=\"container\" data-e-type=\"container\">\n\t\t\t\t\t<div class=\"e-con-inner\">\n\t\t\t\t<div class=\"elementor-element elementor-element-iwgkw2-add-sami-t elementor-widget elementor-widget-text-editor\" data-id=\"iwgkw2-add-sami-t\" data-element_type=\"widget\" data-e-type=\"widget\" data-widget_type=\"text-editor.default\">\n\t\t\t\t\t\t\t\t\t<p>Vesturafr\u00edski <em>Orisha-d\u00fdrkunin<\/em> tengir forfe\u00f0rad\u00fdrkun, f\u00f3rnargjafir og Ifa-sp\u00e1d\u00f3m saman \u00ed sj\u00e1lfst\u00e6\u00f0a verndari\u00f0kun fyrir h\u00fas og fj\u00f6lskyldu, en a\u00f0fer\u00f0in sem k\u00f6llu\u00f0 er <em>Ifa-sp\u00e1d\u00f3mur<\/em>, i\u00f0ku\u00f0 af babalawo-um, er enn \u00ed dag leita\u00f0 til var\u00f0andi r\u00e1\u00f0 \u00ed m\u00e1lum heilsu, starfs og sambanda.<\/p>\t\t\t\t\t\t\t\t<\/div>\n\t\t\t\t\t<\/div>\n\t\t\t\t<\/div>\n\t\t<div class=\"elementor-element elementor-element-iwgcn-sami-kwd e-flex e-con-boxed e-con e-parent\" data-id=\"iwgcn-sami-kwd\" data-element_type=\"container\" data-e-type=\"container\">\n\t\t\t\t\t<div class=\"e-con-inner\">\n\t\t<div class=\"elementor-element elementor-element-iwgcn-sami-kwd-c e-con-full e-flex e-con e-child\" data-id=\"iwgcn-sami-kwd-c\" data-element_type=\"container\" data-e-type=\"container\">\n\t\t\t\t<div class=\"elementor-element elementor-element-iwgcn-sami-kwdt elementor-widget elementor-widget-text-editor\" data-id=\"iwgcn-sami-kwdt\" data-element_type=\"widget\" data-e-type=\"widget\" data-widget_type=\"text-editor.default\">\n\t\t\t\t\t\t\t\t\t<p><em>Tengd lykilhugt\u00f6k: Orisha Ifa Babalawo Olodumare Egungun Yemoja Shango Oshun Ile-Ife Santer\u00eda Candombl\u00e9.<\/em><\/p>\t\t\t\t\t\t\t\t<\/div>\n\t\t\t\t<\/div>\n\t\t\t\t\t<\/div>\n\t\t\t\t<\/div>\n\t\t<div class=\"elementor-element elementor-element-iwgcn-sami-cc e-flex e-con-boxed e-con e-parent\" data-id=\"iwgcn-sami-cc\" data-element_type=\"container\" data-e-type=\"container\" id=\"iwg-cc-sami\">\n\t\t\t\t\t<div class=\"e-con-inner\">\n\t\t<div class=\"elementor-element elementor-element-iwgcn-sami-ccinner e-flex e-con-boxed e-con e-parent\" data-id=\"iwgcn-sami-ccinner\" data-element_type=\"container\" data-e-type=\"container\" data-settings=\"{&quot;background_background&quot;:&quot;classic&quot;}\">\n\t\t\t\t\t<div class=\"e-con-inner\">\n\t\t\t\t<div class=\"elementor-element elementor-element-iwgcn-sami-cch elementor-widget elementor-widget-heading\" data-id=\"iwgcn-sami-cch\" data-element_type=\"widget\" data-e-type=\"widget\" data-widget_type=\"heading.default\">\n\t\t\t\t\t<h2 class=\"elementor-heading-title elementor-size-default\">Verndargripir \u00ed \u00feessari menningarhef\u00f0<\/h2>\t\t\t\t<\/div>\n\t\t\t\t<div class=\"elementor-element elementor-element-iwgcn-sami-cct elementor-widget elementor-widget-text-editor\" data-id=\"iwgcn-sami-cct\" data-element_type=\"widget\" data-e-type=\"widget\" data-widget_type=\"text-editor.default\">\n\t\t\t\t\t\t\t\t\t<p>Yoruba-hef\u00f0in \u00feekkir marglitar perluke\u00f0jur (ileke) fyrir einstaka orisha, k\u00farilaskeljar sem v\u00e9fr\u00e9tta- og skartgripahlut, \u00fatskori\u00f0 Ifa-bor\u00f0 babalawo-sp\u00e1mannanna og listilega lagskipta Egungun-b\u00faninga sem s\u00fdnilega bera vernd forfe\u00f0ranna. \u00cd bandar\u00edsku dreifb\u00fdlinu (diaspora) b\u00e6tast vi\u00f0 litr\u00edkar perlur og heilagra manna myndir \u00far Santer\u00eda og Candombl\u00e9, samb\u00e6rileg vi\u00f0 <a href=\"https:\/\/iwell-guard.com\/is\/?page_id=169850\">verndarsteina<\/a> og <a href=\"https:\/\/iwell-guard.com\/is\/reykhreinsun\/\">reykelsi<\/a> annarra menningarheima. <a href=\"https:\/\/iwell-guard.com\/is\/verndarleidarvisir\/\">Verndarkomp\u00e1ssinn<\/a> veitir yfirlit yfir verndargripi \u00fdmissa hef\u00f0a.<\/p><div data-nosnippet=\"true\"><p>iWell Guard tengist \u00feessari menningars\u00f6gulegu hef\u00f0 verndargripa sem bornir eru \u00e1 s\u00e9r, \u00ed n\u00fat\u00edmalegri efnis\u00fatf\u00e6rslu, framleitt \u00ed \u00de\u00fdskalandi. 41 lag, alv\u00f6ru gull, plat\u00edna, silfur. 30 daga skilar\u00e9ttur.<\/p><\/div>\t\t\t\t\t\t\t\t<\/div>\n\t\t\t\t<div class=\"elementor-element elementor-element-iwgcn-sami-ccb iwg-cc-button iwg-cc-cta-2026-05-13 elementor-widget elementor-widget-jet-button\" data-id=\"iwgcn-sami-ccb\" data-element_type=\"widget\" data-e-type=\"widget\" data-widget_type=\"jet-button.default\">\n\t\t\t\t<div class=\"elementor-widget-container\">\n\t\t\t\t\t<div class=\"elementor-jet-button jet-elements\"><div class=\"jet-button__container\"><a class=\"jet-button__instance jet-button__instance--icon-left hover-effect-1\" href=\"\/ueber-iwell-guard\/?utm_source=iwell-guard.com&amp;utm_medium=info-box&amp;utm_campaign=kultur-tradition\"><div class=\"jet-button__plane jet-button__plane-normal\"><\/div><div class=\"jet-button__plane jet-button__plane-hover\"><\/div><div class=\"jet-button__state jet-button__state-normal\"><span class=\"jet-button__label\">Meira um iWell Guard<\/span><\/div><div class=\"jet-button__state jet-button__state-hover\"><span class=\"jet-button__label\">Meira um iWell Guard<\/span><\/div><\/a><\/div><\/div><style>.elementor-element.elementor-element-iwgcn-sami-ccb .jet-button__instance{width:320px;height:56px;}.elementor-element.elementor-element-iwgcn-sami-ccb .jet-button__state-normal .jet-button__label{text-align:center;margin:0px 0px 0px 0px;color:#1a1b20;font-family:Montserrat,sans-serif;font-size:13px;font-weight:400;letter-spacing:4px;line-height:1.714em;text-transform:uppercase;}.elementor-element.elementor-element-iwgcn-sami-ccb .jet-button__state-hover .jet-button__label{text-align:center;margin:0px 0px 0px 0px;color:#FECC76;font-family:Montserrat,sans-serif;font-size:13px;font-weight:400;letter-spacing:4px;line-height:1.714em;text-transform:uppercase;}.elementor-element.elementor-element-iwgcn-sami-ccb .jet-button__plane-normal{background-color:#FECC76;border-style:solid;border-color:#C99540;border-width:2px 2px 2px 2px;}.elementor-element.elementor-element-iwgcn-sami-ccb .jet-button__plane-hover{background-color:rgba(0,0,0,0.55);border-style:solid;border-color:#FECC76;border-width:2px 2px 2px 2px;}<\/style>\t\t\t\t<\/div>\n\t\t\t\t<\/div>\n\t\t\t\t<div class=\"elementor-element elementor-element-iwgcn-sami-ccd elementor-widget elementor-widget-text-editor\" data-id=\"iwgcn-sami-ccd\" data-element_type=\"widget\" data-e-type=\"widget\" data-widget_type=\"text-editor.default\">\n\t\t\t\t\t\t\t\t\t<div data-nosnippet=\"true\"><p style=\"text-align:center;font-size:13px;opacity:0.7;margin-top:14px\" data-nosnippet=\"true\">Pers\u00f3nuleg reynsla getur veri\u00f0 mismunandi. Ekki l\u00e6kningat\u00e6ki. Engin lofor\u00f0 um l\u00e6kningu.<\/p><\/div>\t\t\t\t\t\t\t\t<\/div>\n\t\t\t\t\t<\/div>\n\t\t\t\t<\/div>\n\t\t\t\t\t<\/div>\n\t\t\t\t<\/div>\n\t\t<div class=\"elementor-element elementor-element-iwgcn-sami-disc e-flex e-con-boxed e-con e-parent\" data-id=\"iwgcn-sami-disc\" data-element_type=\"container\" data-e-type=\"container\">\n\t\t\t\t\t<div class=\"e-con-inner\">\n\t\t\t\t<div class=\"elementor-element elementor-element-iwgcn-sami-discw elementor-widget elementor-widget-html\" data-id=\"iwgcn-sami-discw\" data-element_type=\"widget\" data-e-type=\"widget\" data-widget_type=\"html.default\">\n\t\t\t\t\t<footer data-nosnippet=\"true\" class=\"iwg-disclaimer-block\"><p data-nosnippet=\"true\">iWell Guard er <strong>ekki l\u00e6kningat\u00e6ki<\/strong> og kemur ekki \u00ed sta\u00f0inn fyrir l\u00e6knis- e\u00f0a s\u00e1lfr\u00e6\u00f0ime\u00f0fer\u00f0. Tr\u00faarfr\u00e6\u00f0ilegt efni er menningars\u00f6gulegt samhengi, ekki r\u00e1\u00f0legging um andlega i\u00f0kun.<\/p><\/footer>\t\t\t\t<\/div>\n\t\t\t\t\t<\/div>\n\t\t\t\t<\/div>\n\t\t\t\t<\/div>\n\t\t","protected":false},"excerpt":{"rendered":"","protected":false},"author":3,"featured_media":20165,"parent":0,"menu_order":0,"comment_status":"closed","ping_status":"closed","template":"elementor_header_footer","meta":{"_yoast_wpseo_focuskw":"yoruba gu\u00f0ir","_yoast_wpseo_title":"Yoruba-gu\u00f0ir og orisha-d\u00fdrkun Vestur-Afr\u00edku","_yoast_wpseo_metadesc":"Orisha-d\u00fdrkun, Ifa-v\u00e9fr\u00e9tt og Egungun-gr\u00edmud\u00fdrkun Yoruba-f\u00f3lksins: \u00fatsk\u00fdrt \u00e1 fr\u00e6\u00f0ilegum grunni tr\u00faarbrag\u00f0afr\u00e6\u00f0a, fr\u00e1 Vestur-Afr\u00edku til dreifb\u00fdlisins \u00ed Amer\u00edku.","_yoast_wpseo_meta-robots-noindex":"","_yoast_wpseo_canonical":"","_angie_page":false,"gefaehrdungsstufe":"","wesen_kultur":"","wesen_klasse":"","footnotes":""},"categories":[],"class_list":["post-169855","page","type-page","status-publish","has-post-thumbnail","hentry"],"yoast_head":"<!-- This site is optimized with the Yoast SEO Premium plugin v27.7 (Yoast SEO v28.3) - https:\/\/yoast.com\/product\/yoast-seo-premium-wordpress\/ -->\n<title>Yoruba-gu\u00f0ir og orisha-d\u00fdrkun Vestur-Afr\u00edku<\/title>\n<meta name=\"description\" content=\"Orisha-d\u00fdrkun, Ifa-v\u00e9fr\u00e9tt og Egungun-gr\u00edmud\u00fdrkun Yoruba-f\u00f3lksins: \u00fatsk\u00fdrt \u00e1 fr\u00e6\u00f0ilegum grunni tr\u00faarbrag\u00f0afr\u00e6\u00f0a, fr\u00e1 Vestur-Afr\u00edku til dreifb\u00fdlisins \u00ed Amer\u00edku.\" \/>\n<meta name=\"robots\" content=\"index, follow, max-snippet:-1, max-image-preview:large, max-video-preview:-1\" \/>\n<link rel=\"canonical\" href=\"https:\/\/iwell-guard.com\/is\/yoruba-tru\/\" \/>\n<meta property=\"og:locale\" content=\"is_IS\" \/>\n<meta property=\"og:type\" content=\"article\" \/>\n<meta property=\"og:title\" content=\"Yoruba-tr\u00fa\" \/>\n<meta property=\"og:description\" content=\"Orisha-d\u00fdrkun, Ifa-v\u00e9fr\u00e9tt og Egungun-gr\u00edmud\u00fdrkun Yoruba-f\u00f3lksins: \u00fatsk\u00fdrt \u00e1 fr\u00e6\u00f0ilegum grunni tr\u00faarbrag\u00f0afr\u00e6\u00f0a, fr\u00e1 Vestur-Afr\u00edku til dreifb\u00fdlisins \u00ed Amer\u00edku.\" \/>\n<meta property=\"og:url\" content=\"https:\/\/iwell-guard.com\/is\/yoruba-tru\/\" \/>\n<meta property=\"og:site_name\" content=\"iWell Guard\" \/>\n<meta property=\"article:modified_time\" content=\"2026-09-05T14:58:18+00:00\" \/>\n<meta property=\"og:image\" content=\"https:\/\/iwell-guard.com\/wp-content\/uploads\/2026\/07\/goetter_yoruba_shango.webp\" \/>\n\t<meta property=\"og:image:width\" content=\"1024\" \/>\n\t<meta property=\"og:image:height\" content=\"1536\" \/>\n\t<meta property=\"og:image:type\" content=\"image\/webp\" \/>\n<meta name=\"twitter:card\" content=\"summary_large_image\" \/>\n<script type=\"application\/ld+json\" class=\"yoast-schema-graph\">{\"@context\":\"https:\\\/\\\/schema.org\",\"@graph\":[{\"@type\":\"WebPage\",\"@id\":\"https:\\\/\\\/iwell-guard.com\\\/is\\\/yoruba-tru\\\/\",\"url\":\"https:\\\/\\\/iwell-guard.com\\\/is\\\/yoruba-tru\\\/\",\"name\":\"Yoruba-gu\u00f0ir og orisha-d\u00fdrkun Vestur-Afr\u00edku\",\"isPartOf\":{\"@id\":\"https:\\\/\\\/iwell-guard.com\\\/is\\\/#website\"},\"primaryImageOfPage\":{\"@id\":\"https:\\\/\\\/iwell-guard.com\\\/is\\\/yoruba-tru\\\/#primaryimage\"},\"image\":{\"@id\":\"https:\\\/\\\/iwell-guard.com\\\/is\\\/yoruba-tru\\\/#primaryimage\"},\"thumbnailUrl\":\"https:\\\/\\\/iwell-guard.com\\\/wp-content\\\/uploads\\\/2026\\\/07\\\/goetter_yoruba_shango.webp\",\"datePublished\":\"2026-09-05T14:12:18+00:00\",\"dateModified\":\"2026-09-05T14:58:18+00:00\",\"description\":\"Orisha-d\u00fdrkun, Ifa-v\u00e9fr\u00e9tt og Egungun-gr\u00edmud\u00fdrkun Yoruba-f\u00f3lksins: \u00fatsk\u00fdrt \u00e1 fr\u00e6\u00f0ilegum grunni tr\u00faarbrag\u00f0afr\u00e6\u00f0a, fr\u00e1 Vestur-Afr\u00edku til dreifb\u00fdlisins \u00ed Amer\u00edku.\",\"breadcrumb\":{\"@id\":\"https:\\\/\\\/iwell-guard.com\\\/is\\\/yoruba-tru\\\/#breadcrumb\"},\"inLanguage\":\"is\",\"potentialAction\":[{\"@type\":\"ReadAction\",\"target\":[\"https:\\\/\\\/iwell-guard.com\\\/is\\\/yoruba-tru\\\/\"]}]},{\"@type\":\"ImageObject\",\"inLanguage\":\"is\",\"@id\":\"https:\\\/\\\/iwell-guard.com\\\/is\\\/yoruba-tru\\\/#primaryimage\",\"url\":\"https:\\\/\\\/iwell-guard.com\\\/wp-content\\\/uploads\\\/2026\\\/07\\\/goetter_yoruba_shango.webp\",\"contentUrl\":\"https:\\\/\\\/iwell-guard.com\\\/wp-content\\\/uploads\\\/2026\\\/07\\\/goetter_yoruba_shango.webp\",\"width\":1024,\"height\":1536,\"caption\":\"Shango, \u00feruma- og eldsorisha Yoruba-f\u00f3lksins\"},{\"@type\":\"BreadcrumbList\",\"@id\":\"https:\\\/\\\/iwell-guard.com\\\/is\\\/yoruba-tru\\\/#breadcrumb\",\"itemListElement\":[{\"@type\":\"ListItem\",\"position\":1,\"name\":\"Start\",\"item\":\"https:\\\/\\\/iwell-guard.com\\\/is\\\/?page_id=168580\"},{\"@type\":\"ListItem\",\"position\":2,\"name\":\"Yoruba-tr\u00fa\"}]},{\"@type\":\"WebSite\",\"@id\":\"https:\\\/\\\/iwell-guard.com\\\/is\\\/#website\",\"url\":\"https:\\\/\\\/iwell-guard.com\\\/is\\\/\",\"name\":\"iWell Guard\",\"description\":\"Schutz vor dunklen Einfl\u00fcssen\",\"publisher\":{\"@id\":\"https:\\\/\\\/iwell-guard.com\\\/is\\\/#organization\"},\"potentialAction\":[{\"@type\":\"SearchAction\",\"target\":{\"@type\":\"EntryPoint\",\"urlTemplate\":\"https:\\\/\\\/iwell-guard.com\\\/is\\\/?s={search_term_string}\"},\"query-input\":{\"@type\":\"PropertyValueSpecification\",\"valueRequired\":true,\"valueName\":\"search_term_string\"}}],\"inLanguage\":\"is\"},{\"@type\":\"Organization\",\"@id\":\"https:\\\/\\\/iwell-guard.com\\\/is\\\/#organization\",\"name\":\"Ittermann electronic GmbH\",\"url\":\"https:\\\/\\\/iwell-guard.com\\\/is\\\/\",\"logo\":{\"@type\":\"ImageObject\",\"inLanguage\":\"is\",\"@id\":\"https:\\\/\\\/iwell-guard.com\\\/is\\\/#\\\/schema\\\/logo\\\/image\\\/\",\"url\":\"https:\\\/\\\/iwell-guard.com\\\/wp-content\\\/uploads\\\/2026\\\/05\\\/Ittermann-Logo-1182x237-1.png\",\"contentUrl\":\"https:\\\/\\\/iwell-guard.com\\\/wp-content\\\/uploads\\\/2026\\\/05\\\/Ittermann-Logo-1182x237-1.png\",\"width\":1182,\"height\":237,\"caption\":\"Ittermann electronic GmbH\"},\"image\":{\"@id\":\"https:\\\/\\\/iwell-guard.com\\\/is\\\/#\\\/schema\\\/logo\\\/image\\\/\"},\"sameAs\":[\"https:\\\/\\\/pantip.com\\\/profile\\\/9367242\",\"https:\\\/\\\/micro.blog\\\/iwellguard\",\"https:\\\/\\\/www.diggerslist.com\\\/iwellguard\\\/about\",\"https:\\\/\\\/skitterphoto.com\\\/photographers\\\/2870314\\\/iwell-guard\",\"https:\\\/\\\/iwellguard.wordpress.com\\\/2026\\\/06\\\/06\\\/iwell-guard\\\/\",\"https:\\\/\\\/hub.docker.com\\\/u\\\/iwellguard\",\"https:\\\/\\\/www.pinterest.com\\\/iwellguard\\\/\",\"https:\\\/\\\/bit.ly\\\/m\\\/iwellguard\",\"https:\\\/\\\/entre-vos-mains.alsace.eu\\\/profiles\\\/iwellguard\\\/activity\",\"https:\\\/\\\/gravatar.com\\\/reallybeded8fd34\",\"https:\\\/\\\/naijamatta.com\\\/iwellguard\",\"https:\\\/\\\/www.goodreads.com\\\/iwellguard\",\"https:\\\/\\\/profile.hatena.ne.jp\\\/iwellguard\\\/\",\"https:\\\/\\\/experiment.com\\\/users\\\/iwellguard\",\"https:\\\/\\\/wakelet.com\\\/@iWellGuard82270\",\"https:\\\/\\\/www.chordie.com\\\/forum\\\/profile.php?id=2555664\",\"https:\\\/\\\/www.instapaper.com\\\/p\\\/17757966\",\"https:\\\/\\\/www.mapleprimes.com\\\/users\\\/iwellguard\",\"https:\\\/\\\/businesslistingplus.com\\\/profile\\\/iwell-guard\\\/\",\"https:\\\/\\\/telegra.ph\\\/iWell-Guard-06-06\",\"https:\\\/\\\/pbase.com\\\/iwellguard\\\/iwellguard\",\"https:\\\/\\\/b.hatena.ne.jp\\\/iwellguard\\\/20260607#bookmark-4788405196491818882\",\"https:\\\/\\\/fliphtml5.com\\\/home\\\/iwellguard\",\"https:\\\/\\\/anyflip.com\\\/homepage\\\/cmiwl#About\",\"https:\\\/\\\/transfur.com\\\/Users\\\/iwellguard\",\"http:\\\/\\\/delphi.larsbo.org\\\/user\\\/iwellguard\",\"https:\\\/\\\/jobs.lajobsportal.org\\\/profiles\\\/8380803-iwell-guard\",\"https:\\\/\\\/md.chaosdorf.de\\\/s\\\/jfbe5SBdJD\",\"https:\\\/\\\/www.lingvolive.com\\\/en-us\\\/profile\\\/9ecaeaca-ce11-4e51-9e71-01d55e2bff36\\\/translations\",\"https:\\\/\\\/www.fitday.com\\\/fitness\\\/forums\\\/members\\\/iwellguard.html\",\"https:\\\/\\\/www.mymeetbook.com\\\/iwellguard\",\"https:\\\/\\\/pxhere.com\\\/en\\\/photographer-me\\\/5040798\",\"https:\\\/\\\/disqus.com\\\/by\\\/iwellguard\\\/about\\\/\",\"https:\\\/\\\/pastelink.net\\\/hjwciqwq\",\"https:\\\/\\\/pubhtml5.com\\\/homepage\\\/scjhn\\\/\",\"https:\\\/\\\/www.bitchute.com\\\/channel\\\/2O2eOKzNqujT\",\"https:\\\/\\\/audiomack.com\\\/iwellguard\"]}]}<\/script>\n<!-- \/ Yoast SEO Premium plugin. -->","yoast_head_json":{"title":"Yoruba-gu\u00f0ir og orisha-d\u00fdrkun Vestur-Afr\u00edku","description":"Orisha-d\u00fdrkun, Ifa-v\u00e9fr\u00e9tt og Egungun-gr\u00edmud\u00fdrkun Yoruba-f\u00f3lksins: \u00fatsk\u00fdrt \u00e1 fr\u00e6\u00f0ilegum grunni tr\u00faarbrag\u00f0afr\u00e6\u00f0a, fr\u00e1 Vestur-Afr\u00edku til dreifb\u00fdlisins \u00ed Amer\u00edku.","robots":{"index":"index","follow":"follow","max-snippet":"max-snippet:-1","max-image-preview":"max-image-preview:large","max-video-preview":"max-video-preview:-1"},"canonical":"https:\/\/iwell-guard.com\/is\/yoruba-tru\/","og_locale":"is_IS","og_type":"article","og_title":"Yoruba-tr\u00fa","og_description":"Orisha-d\u00fdrkun, Ifa-v\u00e9fr\u00e9tt og Egungun-gr\u00edmud\u00fdrkun Yoruba-f\u00f3lksins: \u00fatsk\u00fdrt \u00e1 fr\u00e6\u00f0ilegum grunni tr\u00faarbrag\u00f0afr\u00e6\u00f0a, fr\u00e1 Vestur-Afr\u00edku til dreifb\u00fdlisins \u00ed Amer\u00edku.","og_url":"https:\/\/iwell-guard.com\/is\/yoruba-tru\/","og_site_name":"iWell Guard","article_modified_time":"2026-09-05T14:58:18+00:00","og_image":[{"width":1024,"height":1536,"url":"https:\/\/iwell-guard.com\/wp-content\/uploads\/2026\/07\/goetter_yoruba_shango.webp","type":"image\/webp"}],"twitter_card":"summary_large_image","schema":{"@context":"https:\/\/schema.org","@graph":[{"@type":"WebPage","@id":"https:\/\/iwell-guard.com\/is\/yoruba-tru\/","url":"https:\/\/iwell-guard.com\/is\/yoruba-tru\/","name":"Yoruba-gu\u00f0ir og orisha-d\u00fdrkun Vestur-Afr\u00edku","isPartOf":{"@id":"https:\/\/iwell-guard.com\/is\/#website"},"primaryImageOfPage":{"@id":"https:\/\/iwell-guard.com\/is\/yoruba-tru\/#primaryimage"},"image":{"@id":"https:\/\/iwell-guard.com\/is\/yoruba-tru\/#primaryimage"},"thumbnailUrl":"https:\/\/iwell-guard.com\/wp-content\/uploads\/2026\/07\/goetter_yoruba_shango.webp","datePublished":"2026-09-05T14:12:18+00:00","dateModified":"2026-09-05T14:58:18+00:00","description":"Orisha-d\u00fdrkun, Ifa-v\u00e9fr\u00e9tt og Egungun-gr\u00edmud\u00fdrkun Yoruba-f\u00f3lksins: \u00fatsk\u00fdrt \u00e1 fr\u00e6\u00f0ilegum grunni tr\u00faarbrag\u00f0afr\u00e6\u00f0a, fr\u00e1 Vestur-Afr\u00edku til dreifb\u00fdlisins \u00ed Amer\u00edku.","breadcrumb":{"@id":"https:\/\/iwell-guard.com\/is\/yoruba-tru\/#breadcrumb"},"inLanguage":"is","potentialAction":[{"@type":"ReadAction","target":["https:\/\/iwell-guard.com\/is\/yoruba-tru\/"]}]},{"@type":"ImageObject","inLanguage":"is","@id":"https:\/\/iwell-guard.com\/is\/yoruba-tru\/#primaryimage","url":"https:\/\/iwell-guard.com\/wp-content\/uploads\/2026\/07\/goetter_yoruba_shango.webp","contentUrl":"https:\/\/iwell-guard.com\/wp-content\/uploads\/2026\/07\/goetter_yoruba_shango.webp","width":1024,"height":1536,"caption":"Shango, \u00feruma- og eldsorisha Yoruba-f\u00f3lksins"},{"@type":"BreadcrumbList","@id":"https:\/\/iwell-guard.com\/is\/yoruba-tru\/#breadcrumb","itemListElement":[{"@type":"ListItem","position":1,"name":"Start","item":"https:\/\/iwell-guard.com\/is\/?page_id=168580"},{"@type":"ListItem","position":2,"name":"Yoruba-tr\u00fa"}]},{"@type":"WebSite","@id":"https:\/\/iwell-guard.com\/is\/#website","url":"https:\/\/iwell-guard.com\/is\/","name":"iWell Guard","description":"Schutz vor dunklen Einfl\u00fcssen","publisher":{"@id":"https:\/\/iwell-guard.com\/is\/#organization"},"potentialAction":[{"@type":"SearchAction","target":{"@type":"EntryPoint","urlTemplate":"https:\/\/iwell-guard.com\/is\/?s={search_term_string}"},"query-input":{"@type":"PropertyValueSpecification","valueRequired":true,"valueName":"search_term_string"}}],"inLanguage":"is"},{"@type":"Organization","@id":"https:\/\/iwell-guard.com\/is\/#organization","name":"Ittermann electronic GmbH","url":"https:\/\/iwell-guard.com\/is\/","logo":{"@type":"ImageObject","inLanguage":"is","@id":"https:\/\/iwell-guard.com\/is\/#\/schema\/logo\/image\/","url":"https:\/\/iwell-guard.com\/wp-content\/uploads\/2026\/05\/Ittermann-Logo-1182x237-1.png","contentUrl":"https:\/\/iwell-guard.com\/wp-content\/uploads\/2026\/05\/Ittermann-Logo-1182x237-1.png","width":1182,"height":237,"caption":"Ittermann electronic GmbH"},"image":{"@id":"https:\/\/iwell-guard.com\/is\/#\/schema\/logo\/image\/"},"sameAs":["https:\/\/pantip.com\/profile\/9367242","https:\/\/micro.blog\/iwellguard","https:\/\/www.diggerslist.com\/iwellguard\/about","https:\/\/skitterphoto.com\/photographers\/2870314\/iwell-guard","https:\/\/iwellguard.wordpress.com\/2026\/06\/06\/iwell-guard\/","https:\/\/hub.docker.com\/u\/iwellguard","https:\/\/www.pinterest.com\/iwellguard\/","https:\/\/bit.ly\/m\/iwellguard","https:\/\/entre-vos-mains.alsace.eu\/profiles\/iwellguard\/activity","https:\/\/gravatar.com\/reallybeded8fd34","https:\/\/naijamatta.com\/iwellguard","https:\/\/www.goodreads.com\/iwellguard","https:\/\/profile.hatena.ne.jp\/iwellguard\/","https:\/\/experiment.com\/users\/iwellguard","https:\/\/wakelet.com\/@iWellGuard82270","https:\/\/www.chordie.com\/forum\/profile.php?id=2555664","https:\/\/www.instapaper.com\/p\/17757966","https:\/\/www.mapleprimes.com\/users\/iwellguard","https:\/\/businesslistingplus.com\/profile\/iwell-guard\/","https:\/\/telegra.ph\/iWell-Guard-06-06","https:\/\/pbase.com\/iwellguard\/iwellguard","https:\/\/b.hatena.ne.jp\/iwellguard\/20260607#bookmark-4788405196491818882","https:\/\/fliphtml5.com\/home\/iwellguard","https:\/\/anyflip.com\/homepage\/cmiwl#About","https:\/\/transfur.com\/Users\/iwellguard","http:\/\/delphi.larsbo.org\/user\/iwellguard","https:\/\/jobs.lajobsportal.org\/profiles\/8380803-iwell-guard","https:\/\/md.chaosdorf.de\/s\/jfbe5SBdJD","https:\/\/www.lingvolive.com\/en-us\/profile\/9ecaeaca-ce11-4e51-9e71-01d55e2bff36\/translations","https:\/\/www.fitday.com\/fitness\/forums\/members\/iwellguard.html","https:\/\/www.mymeetbook.com\/iwellguard","https:\/\/pxhere.com\/en\/photographer-me\/5040798","https:\/\/disqus.com\/by\/iwellguard\/about\/","https:\/\/pastelink.net\/hjwciqwq","https:\/\/pubhtml5.com\/homepage\/scjhn\/","https:\/\/www.bitchute.com\/channel\/2O2eOKzNqujT","https:\/\/audiomack.com\/iwellguard"]}]}},"_links":{"self":[{"href":"https:\/\/iwell-guard.com\/is\/wp-json\/wp\/v2\/pages\/169855","targetHints":{"allow":["GET"]}}],"collection":[{"href":"https:\/\/iwell-guard.com\/is\/wp-json\/wp\/v2\/pages"}],"about":[{"href":"https:\/\/iwell-guard.com\/is\/wp-json\/wp\/v2\/types\/page"}],"author":[{"embeddable":true,"href":"https:\/\/iwell-guard.com\/is\/wp-json\/wp\/v2\/users\/3"}],"replies":[{"embeddable":true,"href":"https:\/\/iwell-guard.com\/is\/wp-json\/wp\/v2\/comments?post=169855"}],"version-history":[{"count":0,"href":"https:\/\/iwell-guard.com\/is\/wp-json\/wp\/v2\/pages\/169855\/revisions"}],"wp:featuredmedia":[{"embeddable":true,"href":"https:\/\/iwell-guard.com\/is\/wp-json\/wp\/v2\/media\/20165"}],"wp:attachment":[{"href":"https:\/\/iwell-guard.com\/is\/wp-json\/wp\/v2\/media?parent=169855"}],"wp:term":[{"taxonomy":"category","embeddable":true,"href":"https:\/\/iwell-guard.com\/is\/wp-json\/wp\/v2\/categories?post=169855"}],"curies":[{"name":"wp","href":"https:\/\/api.w.org\/{rel}","templated":true}]}}