{"id":169854,"date":"2026-09-05T14:12:17","date_gmt":"2026-09-05T14:12:17","guid":{"rendered":"https:\/\/iwell-guard.com\/?page_id=169854"},"modified":"2026-09-05T14:58:16","modified_gmt":"2026-09-05T14:58:16","slug":"finnsk-godafraedi","status":"publish","type":"page","link":"https:\/\/iwell-guard.com\/is\/finnsk-godafraedi\/","title":{"rendered":"Finnsk go\u00f0afr\u00e6\u00f0i"},"content":{"rendered":"\t\t<div data-elementor-type=\"wp-page\" data-elementor-id=\"169854\" class=\"elementor elementor-169854 elementor-20562 elementor-bc-flex-widget\" data-elementor-post-type=\"page\">\n\t\t\t\t<div class=\"elementor-element elementor-element-iwgcn-sami-hero iwg-kultur-hero e-flex e-con-boxed e-con e-parent\" data-id=\"iwgcn-sami-hero\" data-element_type=\"container\" data-e-type=\"container\">\n\t\t\t\t\t<div class=\"e-con-inner\">\n\t\t<div class=\"elementor-element elementor-element-iwgcn-sami-hl iwg-kultur-hero-left e-flex e-con-boxed e-con e-child\" data-id=\"iwgcn-sami-hl\" data-element_type=\"container\" data-e-type=\"container\">\n\t\t\t\t\t<div class=\"e-con-inner\">\n\t\t\t\t<div class=\"elementor-element elementor-element-iwgcn-sami-h1 elementor-widget elementor-widget-heading\" data-id=\"iwgcn-sami-h1\" data-element_type=\"widget\" data-e-type=\"widget\" data-widget_type=\"heading.default\">\n\t\t\t\t\t<h1 class=\"elementor-heading-title elementor-size-default\">Finnsk go\u00f0afr\u00e6\u00f0i, sk\u00f3gur Tapios og vatnaheimur Ahti<\/h1>\t\t\t\t<\/div>\n\t\t<div class=\"elementor-element elementor-element-iwgcn-sami-leadc e-con-full e-flex e-con e-child\" data-id=\"iwgcn-sami-leadc\" data-element_type=\"container\" data-e-type=\"container\">\n\t\t\t\t<div class=\"elementor-element elementor-element-iwgcn-sami-lead elementor-widget elementor-widget-text-editor\" data-id=\"iwgcn-sami-lead\" data-element_type=\"widget\" data-e-type=\"widget\" data-widget_type=\"text-editor.default\">\n\t\t\t\t\t\t\t\t\t<p>Finnsk go\u00f0afr\u00e6\u00f0i byggir a\u00f0 miklu leyti \u00e1 munnlegri r\u00fanas\u00f6nghef\u00f0 fr\u00e1 Karel\u00edu, sem l\u00e6knirinn og m\u00e1lfr\u00e6\u00f0ingurinn Elias L\u00f6nnrot dr\u00f3 saman \u00e1 19. \u00f6ld \u00ed \u00fej\u00f3\u00f0arkvi\u00f0una Kalevala. Me\u00f0al helstu vera eru Tapio, herra sk\u00f3garins, og Ahti, herra vatnsins, umkringdir margbreytilegum haltija-andaheimi sem byggir h\u00fas, sauna og landslag.<\/p>\n<p class=\"iwg-kwfix\">Kalevala-go\u00f0afr\u00e6\u00f0in tengir \u00feannig sungnar forkristnar sagnir vi\u00f0 hugmyndaheim sk\u00f3gar-, vatns- og h\u00fasanda sem lifir enn \u00ed dag.<\/p>\t\t\t\t\t\t\t\t<\/div>\n\t\t\t\t<\/div>\n\t\t\t\t\t<\/div>\n\t\t\t\t<\/div>\n\t\t<div class=\"elementor-element elementor-element-iwgcn-sami-hr iwg-kultur-hero-right e-flex e-con-boxed e-con e-child\" data-id=\"iwgcn-sami-hr\" data-element_type=\"container\" data-e-type=\"container\">\n\t\t\t\t\t<div class=\"e-con-inner\">\n\t\t\t\t<div class=\"elementor-element elementor-element-iwgcn-sami-himg iwg-hero-image elementor-widget elementor-widget-image\" data-id=\"iwgcn-sami-himg\" data-element_type=\"widget\" data-e-type=\"widget\" data-widget_type=\"image.default\">\n\t\t\t\t\t\t\t\t\t\t\t\t\t\t\t<img fetchpriority=\"high\" decoding=\"async\" width=\"683\" height=\"1024\" src=\"https:\/\/iwell-guard.com\/wp-content\/uploads\/2026\/05\/goetter_sami_beaivi-683x1024.webp\" class=\"attachment-large size-large wp-image-170769\" alt=\"Beaivi - gu\u00f0ir \u00far sam\u00edskri hef\u00f0, s\u00f6guleg myndskreyting\" srcset=\"https:\/\/iwell-guard.com\/wp-content\/uploads\/2026\/05\/goetter_sami_beaivi-683x1024.webp 683w, https:\/\/iwell-guard.com\/wp-content\/uploads\/2026\/05\/goetter_sami_beaivi-200x300.webp 200w, https:\/\/iwell-guard.com\/wp-content\/uploads\/2026\/05\/goetter_sami_beaivi-768x1152.webp 768w, https:\/\/iwell-guard.com\/wp-content\/uploads\/2026\/05\/goetter_sami_beaivi.webp 1024w\" sizes=\"(max-width: 683px) 100vw, 683px\" \/>\t\t\t\t\t\t\t\t\t\t\t\t\t\t\t<\/div>\n\t\t\t\t\t<\/div>\n\t\t\t\t<\/div>\n\t\t\t\t\t<\/div>\n\t\t\t\t<\/div>\n\t\t\t\t<section class=\"elementor-section elementor-top-section elementor-element elementor-element-sec-iwgcomp-sami elementor-section-boxed elementor-section-height-default elementor-section-height-default\" data-id=\"sec-iwgcomp-sami\" data-element_type=\"section\" data-e-type=\"section\">\n\t\t\t\t\t\t<div class=\"elementor-container elementor-column-gap-default\">\n\t\t\t\t\t<div class=\"elementor-column elementor-col-100 elementor-top-column elementor-element elementor-element-col-iwgcomp-sami\" data-id=\"col-iwgcomp-sami\" data-element_type=\"column\" data-e-type=\"column\">\n\t\t\t<div class=\"elementor-widget-wrap elementor-element-populated\">\n\t\t\t\t\t\t<div class=\"elementor-element elementor-element-iwgcomp-sami elementor-widget elementor-widget-text-editor\" data-id=\"iwgcomp-sami\" data-element_type=\"widget\" data-e-type=\"widget\" data-widget_type=\"text-editor.default\">\n\t\t\t\t\t\t\t\t\t<p>Finnska hugmyndin um <strong><span class=\"iwg-fachbegriff\" data-tooltip=\"Verndar- e\u00f0a sta\u00f0arandi \u00ed finnskri \u00fej\u00f3\u00f0tr\u00fa sem byggir h\u00fas, sk\u00f3ga e\u00f0a n\u00e1tt\u00farusta\u00f0i.\" tabindex=\"0\">haltija<\/span><\/strong> myndar grunn andaheims \u00fear sem hver sta\u00f0ur, hvert b\u00fa og hver sk\u00f3gur hefur sinn eigin verndaranda.<\/p>\n<p class=\"iwg-kwfix\">Kalevala-go\u00f0afr\u00e6\u00f0in skiptir go\u00f0aheiminum \u00ed sk\u00f3garfj\u00f6lskylduna um Tapio, vatnaheiminn um Ahti og hina fj\u00f6lm\u00f6rgu haltija-anda hversdagsl\u00edfsins. \u00deessar verur m\u00f3ta enn finnska fr\u00e1sagnarhef\u00f0 um sk\u00f3g og sauna.<\/p>\t\t\t\t\t\t\t\t<\/div>\n\t\t\t\t\t<\/div>\n\t\t<\/div>\n\t\t\t\t\t<\/div>\n\t\t<\/section>\n\t\t<div class=\"elementor-element elementor-element-iwgcn-sami-s0 e-flex e-con-boxed e-con e-parent\" data-id=\"iwgcn-sami-s0\" data-element_type=\"container\" data-e-type=\"container\">\n\t\t\t\t\t<div class=\"e-con-inner\">\n\t\t\t\t<div class=\"elementor-element elementor-element-iwgcn-sami-s0h elementor-widget elementor-widget-heading\" data-id=\"iwgcn-sami-s0h\" data-element_type=\"widget\" data-e-type=\"widget\" data-widget_type=\"heading.default\">\n\t\t\t\t\t<h2 class=\"elementor-heading-title elementor-size-default\">Kalevala og hin karel\u00edska r\u00fanas\u00f6nghef\u00f0<\/h2>\t\t\t\t<\/div>\n\t\t<div class=\"elementor-element elementor-element-iwgcn-sami-s0-c e-con-full e-flex e-con e-child\" data-id=\"iwgcn-sami-s0-c\" data-element_type=\"container\" data-e-type=\"container\">\n\t\t\t\t<div class=\"elementor-element elementor-element-iwgcn-sami-s0t elementor-widget elementor-widget-text-editor\" data-id=\"iwgcn-sami-s0t\" data-element_type=\"widget\" data-e-type=\"widget\" data-widget_type=\"text-editor.default\">\n\t\t\t\t\t\t\t\t\t<p>Grunnur finnskrar go\u00f0afr\u00e6\u00f0i er ekki loku\u00f0 forn skrifleg heimild, heldur munnleg hef\u00f0 r\u00fanas\u00f6ngs sem lif\u00f0i fram \u00e1 19. \u00f6ld, a\u00f0allega var\u00f0veitt \u00ed Karel\u00edu. L\u00e6knirinn og s\u00f6fnu\u00f0urinn Elias L\u00f6nnrot fer\u00f0a\u00f0ist \u00edtreka\u00f0 um \u00feetta sv\u00e6\u00f0i \u00e1 \u00e1runum 1820 til 1840 til a\u00f0 skr\u00e1 s\u00f6ngva og dr\u00f3 \u00fe\u00e1 saman \u00e1ri\u00f0 1835, s\u00ed\u00f0ar aukna \u00fatg\u00e1fu 1849, \u00ed \u00fej\u00f3\u00f0arkvi\u00f0una Kalevala.<\/p><p>Kalevala er \u00feannig b\u00f3kmenntaleg samantekt, ekki bein uppskrift af forkristnu tr\u00faarkerfi. Tr\u00faarfr\u00e6\u00f0ingar \u00e1 bor\u00f0 vi\u00f0 Anna-Leena Siikala og Juha Pentik\u00e4inen benda \u00e1 a\u00f0 \u00fatg\u00e1fa L\u00f6nnrots hafi f\u00e6rt eigin fr\u00e1sagnarr\u00f6\u00f0 inn \u00ed upphaflega fj\u00f6lbreyttari og sv\u00e6\u00f0isbundi\u00f0 breytilegan s\u00f6ngarfleif\u00f0.<\/p>\n<p class=\"iwg-kwfix\">\u00der\u00e1tt fyrir \u00feessa b\u00f3kmenntalegu \u00farvinnslu telst Kalevala-go\u00f0afr\u00e6\u00f0in mikilv\u00e6gasta heimildin um verur \u00e1 bor\u00f0 vi\u00f0 Tapio, Ahti og sk\u00f3gargu\u00f0ina \u00ed fj\u00f6lskyldu Tapios.<\/p>\t\t\t\t\t\t\t\t<\/div>\n\t\t\t\t<\/div>\n\t\t\t\t\t<\/div>\n\t\t\t\t<\/div>\n\t\t<div class=\"elementor-element elementor-element-iwgcn-sami-s1 e-flex e-con-boxed e-con e-parent\" data-id=\"iwgcn-sami-s1\" data-element_type=\"container\" data-e-type=\"container\">\n\t\t\t\t\t<div class=\"e-con-inner\">\n\t\t\t\t<div class=\"elementor-element elementor-element-iwgcn-sami-s1h elementor-widget elementor-widget-heading\" data-id=\"iwgcn-sami-s1h\" data-element_type=\"widget\" data-e-type=\"widget\" data-widget_type=\"heading.default\">\n\t\t\t\t\t<h2 class=\"elementor-heading-title elementor-size-default\">Sk\u00f3garfj\u00f6lskyldan: Tapio, Mielikki, Nyyrikki, Tuulikki, Tellervo<\/h2>\t\t\t\t<\/div>\n\t\t<div class=\"elementor-element elementor-element-iwgcn-sami-s1-c e-con-full e-flex e-con e-child\" data-id=\"iwgcn-sami-s1-c\" data-element_type=\"container\" data-e-type=\"container\">\n\t\t\t\t<div class=\"elementor-element elementor-element-iwgcn-sami-s1t elementor-widget elementor-widget-text-editor\" data-id=\"iwgcn-sami-s1t\" data-element_type=\"widget\" data-e-type=\"widget\" data-widget_type=\"text-editor.default\">\n\t\t\t\t\t\t\t\t\t<p><a href=\"https:\/\/iwell-guard.com\/is\/tapio\/\">Tapio<\/a> er talinn herra sk\u00f3garins og villid\u00fdranna, og vei\u00f0imenn b\u00e1\u00f0u hann um vei\u00f0i \u00e1\u00f0ur en \u00feeir h\u00e9ldu \u00e1 vei\u00f0ar. Vi\u00f0 hli\u00f0 hans stendur <a href=\"https:\/\/iwell-guard.com\/is\/mielikki\/\">Mielikki<\/a>, oft nefnd eiginkona hans, h\u00fasfreyja sk\u00f3garins og verndari d\u00fdranna. Sonur \u00feeirra <a href=\"https:\/\/iwell-guard.com\/is\/nyyrikki\/\">Nyyrikki<\/a> er talinn verndard\u00fdrlingur vei\u00f0imanna og vegv\u00edsir \u00ed sk\u00f3ginum.<\/p><p>Til sk\u00f3garfj\u00f6lskyldunnar teljast auk \u00feess d\u00e6turnar <a href=\"https:\/\/iwell-guard.com\/is\/tuulikki\/\">Tuulikki<\/a> og <a href=\"https:\/\/iwell-guard.com\/is\/tellervo\/\">Tellervo<\/a>, sem \u00ed mismunandi \u00fatg\u00e1fum r\u00fanas\u00f6ngsins eru sag\u00f0ar, a\u00f0 hluta til skarast, g\u00e6slukonur sk\u00f3gard\u00fdra og hjar\u00f0a. \u00deessi \u00f3vissa er d\u00e6miger\u00f0 fyrir munnlega var\u00f0veittar verur, \u00fear sem hlutverkin g\u00e1tu breyst l\u00edtillega milli s\u00f6ngvara.<\/p>\t\t\t\t\t\t\t\t<\/div>\n\t\t\t\t<\/div>\n\t\t\t\t\t<\/div>\n\t\t\t\t<\/div>\n\t\t<div class=\"elementor-element elementor-element-iwgcn-sami-s2 e-flex e-con-boxed e-con e-parent\" data-id=\"iwgcn-sami-s2\" data-element_type=\"container\" data-e-type=\"container\">\n\t\t\t\t\t<div class=\"e-con-inner\">\n\t\t\t\t<div class=\"elementor-element elementor-element-iwgcn-sami-s2h elementor-widget elementor-widget-heading\" data-id=\"iwgcn-sami-s2h\" data-element_type=\"widget\" data-e-type=\"widget\" data-widget_type=\"heading.default\">\n\t\t\t\t\t<h2 class=\"elementor-heading-title elementor-size-default\">Vatnaheimurinn: Ahti, Vellamo og Iku-Turso<\/h2>\t\t\t\t<\/div>\n\t\t<div class=\"elementor-element elementor-element-iwgcn-sami-s2-c e-con-full e-flex e-con e-child\" data-id=\"iwgcn-sami-s2-c\" data-element_type=\"container\" data-e-type=\"container\">\n\t\t\t\t<div class=\"elementor-element elementor-element-iwgcn-sami-s2t elementor-widget elementor-widget-text-editor\" data-id=\"iwgcn-sami-s2t\" data-element_type=\"widget\" data-e-type=\"widget\" data-widget_type=\"text-editor.default\">\n\t\t\t\t\t\t\t\t\t<p><a href=\"https:\/\/iwell-guard.com\/is\/?page_id=169739\">Ahti<\/a> er \u00ed \u00fej\u00f3\u00f0tr\u00fa talinn herra vatnanna og fiskis\u00e6ldar, og r\u00edki hans, Ahtola, liggur \u00e1 botni vatna og hafs. \u00cd Kalevala sj\u00e1lfri notar L\u00f6nnrot nafni\u00f0 Ahti einnig sem vi\u00f0urnefni hetjunnar Lemmink\u00e4inen, sem hefur leitt til \u00feess a\u00f0 fr\u00e6\u00f0imenn greina \u00e1 milli hins eldri vatnagu\u00f0s og b\u00f3kmenntapers\u00f3nunnar. Eiginkona hans <a href=\"https:\/\/iwell-guard.com\/is\/?page_id=169742\">Vellamo<\/a> r\u00e6\u00f0ur sem hafgy\u00f0ja yfir vatnaheiminum.<\/p><p>Sem \u00f3gnvekjandi vera \u00far dj\u00fapinu telst <a href=\"https:\/\/iwell-guard.com\/is\/?page_id=169740\">Iku-Turso<\/a>, sj\u00e1var\u00f3freskja, en nafn hennar tengja sumir fr\u00e6\u00f0imenn vi\u00f0 rostunginn. <a href=\"https:\/\/iwell-guard.com\/is\/?page_id=169743\">Vesihiisi<\/a>, vatnab\u00faandi hiisi-andi, og hinn varandi <a href=\"https:\/\/iwell-guard.com\/is\/?page_id=169741\">N\u00e4kki<\/a> fylla \u00feennan vatnaheim \u00fat sem heldur \u00f3gnvekjandi m\u00f3tverur vi\u00f0 Ahti og Vellamo.<\/p>\t\t\t\t\t\t\t\t<\/div>\n\t\t\t\t<\/div>\n\t\t\t\t\t<\/div>\n\t\t\t\t<\/div>\n\t\t<div class=\"elementor-element elementor-element-iwgcn-sami-s3 e-flex e-con-boxed e-con e-parent\" data-id=\"iwgcn-sami-s3\" data-element_type=\"container\" data-e-type=\"container\">\n\t\t\t\t\t<div class=\"e-con-inner\">\n\t\t\t\t<div class=\"elementor-element elementor-element-iwgcn-sami-s3h elementor-widget elementor-widget-heading\" data-id=\"iwgcn-sami-s3h\" data-element_type=\"widget\" data-e-type=\"widget\" data-widget_type=\"heading.default\">\n\t\t\t\t\t<h2 class=\"elementor-heading-title elementor-size-default\">Sauna og l\u00f6yly: eigi\u00f0 helgi- og tr\u00faarr\u00fdmi<\/h2>\t\t\t\t<\/div>\n\t\t<div class=\"elementor-element elementor-element-iwgcn-sami-s3-c e-con-full e-flex e-con e-child\" data-id=\"iwgcn-sami-s3-c\" data-element_type=\"container\" data-e-type=\"container\">\n\t\t\t\t<div class=\"elementor-element elementor-element-iwgcn-sami-s3t elementor-widget elementor-widget-text-editor\" data-id=\"iwgcn-sami-s3t\" data-element_type=\"widget\" data-e-type=\"widget\" data-widget_type=\"text-editor.default\">\n\t\t\t\t\t\t\t\t\t<p>Saunan haf\u00f0i \u00ed hef\u00f0bundnu finnsku hversdagsl\u00edfi s\u00e9rstakan sess sem n\u00e1\u00f0i langt \u00fat fyrir eiginlega l\u00edkamshir\u00f0u. H\u00fan \u00fe\u00f3tti sta\u00f0ur helgunar og hreinleika, \u00fear sem f\u00e6\u00f0ingar \u00e1tti s\u00e9r sta\u00f0, sj\u00fakir voru hj\u00fakra\u00f0ir og hinir l\u00e1tnu \u00fevegnir fyrir greftrun. L\u00f6yly, gufan sem myndast vi\u00f0 \u00e1gusa, var talin lifandi e\u00f0a bygg\u00f0 eigin haltija sem s\u00fdna \u00feurfti vir\u00f0ingu, me\u00f0al annars me\u00f0 kyrr\u00f0 og vi\u00f0eigandi heg\u00f0un.<\/p><p>S\u00e1 sem l\u00e9t h\u00e1tt \u00ed saununni, form\u00e6lti e\u00f0a s\u00fdndi vanvir\u00f0ingu gat, samkv\u00e6mt \u00fej\u00f3\u00f0tr\u00fanni, gert saunaandann rei\u00f0an og dregi\u00f0 yfir sig sj\u00fakd\u00f3m e\u00f0a \u00f3heill. \u00deessi n\u00e1in tengsl hreinsunar, l\u00e6kningar og andatr\u00faar s\u00fdna hversu dj\u00fapt haltija-hugmyndin var samofin finnsku hversdagsl\u00edfi, langt umfram sk\u00f3g og vatn.<\/p>\t\t\t\t\t\t\t\t<\/div>\n\t\t\t\t<\/div>\n\t\t\t\t\t<\/div>\n\t\t\t\t<\/div>\n\t\t<div class=\"elementor-element elementor-element-x-sami-s-faq e-flex e-con-boxed e-con e-parent\" data-id=\"x-sami-s-faq\" data-element_type=\"container\" data-e-type=\"container\">\n\t\t\t\t\t<div class=\"e-con-inner\">\n\t\t\t\t<div class=\"elementor-element elementor-element-x-sami-h-faq elementor-widget elementor-widget-heading\" data-id=\"x-sami-h-faq\" data-element_type=\"widget\" data-e-type=\"widget\" data-widget_type=\"heading.default\">\n\t\t\t\t\t<h2 class=\"elementor-heading-title elementor-size-default\">Algengar spurningar um finnska go\u00f0afr\u00e6\u00f0i<\/h2>\t\t\t\t<\/div>\n\t\t<div class=\"elementor-element elementor-element-iwgcn-sami-s3-c e-con-full e-flex e-con e-child\" data-id=\"iwgcn-sami-s3-c\" data-element_type=\"container\" data-e-type=\"container\">\n\t\t\t\t<div class=\"elementor-element elementor-element-x-sami-t-faq elementor-widget elementor-widget-text-editor\" data-id=\"x-sami-t-faq\" data-element_type=\"widget\" data-e-type=\"widget\" data-widget_type=\"text-editor.default\">\n\t\t\t\t\t\t\t\t\t<h3>Hva\u00f0 er Kalevala?<\/h3>\n<p>Kalevala er \u00fej\u00f3\u00f0arkvi\u00f0a Finna, sem Elias L\u00f6nnrot setti saman \u00far munnlegum kareliskum r\u00fanas\u00f6ngvum og gaf \u00fat 1835, \u00ed aukinni \u00fatg\u00e1fu 1849. \u00dea\u00f0 er mikilv\u00e6gasta heimildin um finnska go\u00f0afr\u00e6\u00f0i, \u00fe\u00f3tt h\u00fan hafi veri\u00f0 m\u00f3tu\u00f0 me\u00f0 b\u00f3kmenntalegri \u00farvinnslu.<\/p>\n<h3>Hver er Tapio?<\/h3>\n<p>Tapio er \u00ed finnskri \u00fej\u00f3\u00f0tr\u00fa herra sk\u00f3garins og villid\u00fdranna. Vei\u00f0imenn b\u00e1\u00f0u hann b\u00e6nar \u00e1\u00f0ur en \u00feeir f\u00f3ru til vei\u00f0a, og vi\u00f0 hli\u00f0 hans standa konan hans Mielikki og nokkur b\u00f6rn, me\u00f0al annars Nyyrikki.<\/p>\n<h3>Hva\u00f0 er Haltija?<\/h3>\n<p>Haltija er yfirgripsmiki\u00f0 hugtak fyrir verndar- og sta\u00f0arv\u00e6tti \u00ed finnskri \u00fej\u00f3\u00f0tr\u00fa, sem b\u00faa \u00ed h\u00fasum, sk\u00f3gum, v\u00f6tnum e\u00f0a saunanum. Tonttu, h\u00fasv\u00e6ttur, telst vera ein kunnasta birtingarmynd \u00feessa Haltija-v\u00e6ttaheims.<\/p>\n<h3>Hva\u00f0 var\u00f0 um forkristna finnska tr\u00fa?<\/h3>\n<p>Me\u00f0 kristnit\u00f6ku fr\u00e1 12. \u00f6ld var hinn gamli gu\u00f0a- og v\u00e6ttaheimur b\u00e6ldur ni\u00f0ur, en lif\u00f0i \u00e1fram \u00ed \u00fej\u00f3\u00f0tr\u00fa, galdraform\u00falum og r\u00fanas\u00f6ng Kareliu allt fram \u00e1 19. \u00f6ld, \u00fear til L\u00f6nnrot festi hann \u00ed b\u00f3kmenntalegt form \u00ed Kalevala.<\/p>\n<script type=\"application\/ld+json\">{\"@context\": \"https:\/\/schema.org\", \"@type\": \"FAQPage\", \"mainEntity\": [{\"@type\": \"Question\", \"name\": \"Hva\u00f0 er Kalevala?\", \"acceptedAnswer\": {\"@type\": \"Answer\", \"text\": \"Kalevala er \u00fej\u00f3\u00f0arkvi\u00f0a Finna, sem Elias L\u00f6nnrot setti saman \u00far munnlegum kareliskum r\u00fanas\u00f6ngvum og gaf \u00fat 1835, \u00ed aukinni \u00fatg\u00e1fu 1849. \u00dea\u00f0 er mikilv\u00e6gasta heimildin um finnska go\u00f0afr\u00e6\u00f0i, \u00fe\u00f3tt h\u00fan hafi veri\u00f0 m\u00f3tu\u00f0 me\u00f0 b\u00f3kmenntalegri \u00farvinnslu.\"}}, {\"@type\": \"Question\", \"name\": \"Hver er Tapio?\", \"acceptedAnswer\": {\"@type\": \"Answer\", \"text\": \"Tapio er \u00ed finnskri \u00fej\u00f3\u00f0tr\u00fa herra sk\u00f3garins og villid\u00fdranna. Vei\u00f0imenn b\u00e1\u00f0u hann b\u00e6nar \u00e1\u00f0ur en \u00feeir f\u00f3ru til vei\u00f0a, og vi\u00f0 hli\u00f0 hans standa konan hans Mielikki og nokkur b\u00f6rn, me\u00f0al annars Nyyrikki.\"}}, {\"@type\": \"Question\", \"name\": \"Hva\u00f0 er Haltija?\", \"acceptedAnswer\": {\"@type\": \"Answer\", \"text\": \"Haltija er yfirgripsmiki\u00f0 hugtak fyrir verndar- og sta\u00f0arv\u00e6tti \u00ed finnskri \u00fej\u00f3\u00f0tr\u00fa, sem b\u00faa \u00ed h\u00fasum, sk\u00f3gum, v\u00f6tnum e\u00f0a saunanum. Tonttu, h\u00fasv\u00e6ttur, telst vera ein kunnasta birtingarmynd \u00feessa Haltija-v\u00e6ttaheims.\"}}, {\"@type\": \"Question\", \"name\": \"Hva\u00f0 var\u00f0 um forkristna finnska tr\u00fa?\", \"acceptedAnswer\": {\"@type\": \"Answer\", \"text\": \"Me\u00f0 kristnit\u00f6ku fr\u00e1 12. \u00f6ld var hinn gamli gu\u00f0a- og v\u00e6ttaheimur b\u00e6ldur ni\u00f0ur, en lif\u00f0i \u00e1fram \u00ed \u00fej\u00f3\u00f0tr\u00fa, galdraform\u00falum og r\u00fanas\u00f6ng Kareliu allt fram \u00e1 19. \u00f6ld, \u00fear til L\u00f6nnrot festi hann \u00ed b\u00f3kmenntalegt form \u00ed Kalevala.\"}}]}<\/script>\t\t\t\t\t\t\t\t<\/div>\n\t\t\t\t<\/div>\n\t\t\t\t\t<\/div>\n\t\t\t\t<\/div>\n\t\t<div class=\"elementor-element elementor-element-iwgcn-sami-s4 e-flex e-con-boxed e-con e-parent\" data-id=\"iwgcn-sami-s4\" data-element_type=\"container\" data-e-type=\"container\">\n\t\t\t\t\t<div class=\"e-con-inner\">\n\t\t\t\t<div class=\"elementor-element elementor-element-iwgcn-sami-s4h elementor-widget elementor-widget-heading\" data-id=\"iwgcn-sami-s4h\" data-element_type=\"widget\" data-e-type=\"widget\" data-widget_type=\"heading.default\">\n\t\t\t\t\t<h2 class=\"elementor-heading-title elementor-size-default\">Haltija-v\u00e6ttaheimur: Tonttu, Maahinen og Hiisi<\/h2>\t\t\t\t<\/div>\n\t\t<div class=\"elementor-element elementor-element-iwgcn-sami-s4-c e-con-full e-flex e-con e-child\" data-id=\"iwgcn-sami-s4-c\" data-element_type=\"container\" data-e-type=\"container\">\n\t\t\t\t<div class=\"elementor-element elementor-element-iwgcn-sami-s4t elementor-widget elementor-widget-text-editor\" data-id=\"iwgcn-sami-s4t\" data-element_type=\"widget\" data-e-type=\"widget\" data-widget_type=\"text-editor.default\">\n\t\t\t\t\t\t\t\t\t<p><a href=\"https:\/\/iwell-guard.com\/is\/haltija\/\">Haltija<\/a> er yfirhugtaki\u00f0 fyrir verndarv\u00e6tti sem eru bundnar tilteknum sta\u00f0 e\u00f0a hlut. Kunnastur \u00feeirra er <a href=\"https:\/\/iwell-guard.com\/is\/tonttu\/\">Tonttu<\/a>, b\u00e6jar- og h\u00fasv\u00e6ttur sem verndar b\u00e6jarh\u00fas svo fremi sem honum s\u00e9 s\u00fdnd tilhl\u00fd\u00f0ileg vir\u00f0ing; ekki fyrr en \u00e1 20. \u00f6ld rann \u00feessi gestalt s\u00edfellt meira saman vi\u00f0 j\u00f3la\u00e1lfam\u00f3t\u00edfi\u00f0 \u00ed d\u00e6gurmenningunni.<\/p><p>Verur sem hugsa\u00f0ar voru b\u00faa ne\u00f0anjar\u00f0ar, svo sem <a href=\"https:\/\/iwell-guard.com\/is\/maahinen\/\">Maahinen<\/a>, \u00fe\u00f3ttu vi\u00f0kv\u00e6mar fyrir \u00f3n\u00e6\u00f0i \u00e1 b\u00fasv\u00e6\u00f0i s\u00ednu, til d\u00e6mis vegna byggingarframkv\u00e6mda. Hugtaki\u00f0 <a href=\"https:\/\/iwell-guard.com\/is\/hiisi\/\">Hiisi<\/a> merkti upphaflega heilagan lund e\u00f0a f\u00f3rnarsta\u00f0 og breyttist ekki \u00ed heiti \u00e1 ill\u00fa\u00f0legri v\u00e6ttu e\u00f0a tr\u00f6lli fyrr en undir kristnum \u00e1hrifum.<\/p>\t\t\t\t\t\t\t\t<\/div>\n\t\t\t\t<\/div>\n\t\t\t\t\t<\/div>\n\t\t\t\t<\/div>\n\t\t<div class=\"elementor-element elementor-element-iwgcn-sami-s5 e-flex e-con-boxed e-con e-parent\" data-id=\"iwgcn-sami-s5\" data-element_type=\"container\" data-e-type=\"container\">\n\t\t\t\t\t<div class=\"e-con-inner\">\n\t\t\t\t<div class=\"elementor-element elementor-element-iwgcn-sami-s5h elementor-widget elementor-widget-heading\" data-id=\"iwgcn-sami-s5h\" data-element_type=\"widget\" data-e-type=\"widget\" data-widget_type=\"heading.default\">\n\t\t\t\t\t<h2 class=\"elementor-heading-title elementor-size-default\">Vindur, sm\u00ed\u00f0alist og heimsmyndun: Tuuletar og Ilmarinen<\/h2>\t\t\t\t<\/div>\n\t\t<div class=\"elementor-element elementor-element-iwgcn-sami-s5-c e-con-full e-flex e-con e-child\" data-id=\"iwgcn-sami-s5-c\" data-element_type=\"container\" data-e-type=\"container\">\n\t\t\t\t<div class=\"elementor-element elementor-element-iwgcn-sami-s5t elementor-widget elementor-widget-text-editor\" data-id=\"iwgcn-sami-s5t\" data-element_type=\"widget\" data-e-type=\"widget\" data-widget_type=\"text-editor.default\">\n\t\t\t\t\t\t\t\t\t<p><a href=\"https:\/\/iwell-guard.com\/is\/tuuletar\/\">Tuuletar<\/a>, or\u00f0r\u00e9tt vindd\u00f3ttir, kemur fram \u00ed ve\u00f0urgaldras\u00f6ngvum Kalevala. <a href=\"https:\/\/iwell-guard.com\/is\/ilmarinen\/\">Ilmarinen<\/a>, en nafn hans er tengt finnska or\u00f0inu fyrir loft og himin, telst hinn \u00e6varandi smi\u00f0ur sem a\u00f0 s\u00f6gunni sm\u00ed\u00f0a\u00f0i himinhvelfinguna og ger\u00f0i hinn t\u00f6frandi Sampo; fr\u00e6\u00f0imenn r\u00e6\u00f0a hvort \u00e1 bak vi\u00f0 \u00feessa Kalevala-hetju standi upphaflega eldri himingu\u00f0.<\/p>\t\t\t\t\t\t\t\t<\/div>\n\t\t\t\t<\/div>\n\t\t\t\t\t<\/div>\n\t\t\t\t<\/div>\n\t\t<div class=\"elementor-element elementor-element-iwgcn-sami-s6 e-flex e-con-boxed e-con e-parent\" data-id=\"iwgcn-sami-s6\" data-element_type=\"container\" data-e-type=\"container\">\n\t\t\t\t\t<div class=\"e-con-inner\">\n\t\t\t\t<div class=\"elementor-element elementor-element-iwgcn-sami-s6h elementor-widget elementor-widget-heading\" data-id=\"iwgcn-sami-s6h\" data-element_type=\"widget\" data-e-type=\"widget\" data-widget_type=\"heading.default\">\n\t\t\t\t\t<h2 class=\"elementor-heading-title elementor-size-default\">Kristnitaka, Kalevala L\u00f6nnrots og m\u00f3tt\u00f6kur n\u00fat\u00edmans<\/h2>\t\t\t\t<\/div>\n\t\t<div class=\"elementor-element elementor-element-iwgcn-sami-s6-c e-con-full e-flex e-con e-child\" data-id=\"iwgcn-sami-s6-c\" data-element_type=\"container\" data-e-type=\"container\">\n\t\t\t\t<div class=\"elementor-element elementor-element-iwgcn-sami-s6t elementor-widget elementor-widget-text-editor\" data-id=\"iwgcn-sami-s6t\" data-element_type=\"widget\" data-e-type=\"widget\" data-widget_type=\"text-editor.default\">\n\t\t\t\t\t\t\t\t\t<p>Kristnitaka Finnlands, sem h\u00f3fst \u00e1 12. \u00f6ld fyrir tilstilli s\u00e6nskra tr\u00fabo\u00f0a og \u00ed Austur-Finnlandi r\u00e9tttr\u00fana\u00f0arbo\u00f0unar, b\u00e6ldi ni\u00f0ur hinn gamla gu\u00f0a- og v\u00e6ttaheim \u00e1n \u00feess a\u00f0 \u00fatr\u00fdma honum a\u00f0 fullu. Galdraform\u00falur, r\u00fanas\u00f6ngvar og \u00fej\u00f3\u00f0tr\u00fa \u00e1 Tonttu, Haltija og vatnav\u00e6ttir lif\u00f0u \u00e1fram, s\u00e9rstaklega \u00ed Kareliu, allt fram \u00e1 19. \u00f6ld.<\/p><p>Kalevala Elias L\u00f6nnrots fr\u00e1 1835 og 1849 ger\u00f0i \u00feessa munnlegu hef\u00f0 \u00ed fyrsta sinn a\u00f0gengilega brei\u00f0um h\u00f3pi lesenda og var\u00f0 einn af hornsteinum finnsku \u00fej\u00f3\u00f0arhreyfingarinnar. S\u00ed\u00f0ari fr\u00e6\u00f0imenn eins og Martti Haavio og Anna-Leena Siikala hafa s\u00fdnt hversu miki\u00f0 b\u00f3kmenntaleg \u00farvinnsla L\u00f6nnrots sl\u00e9tta\u00f0i \u00far og skipulag\u00f0i hi\u00f0 upprunalega, sv\u00e6\u00f0isbundi\u00f0 margbreytilegra efni.<\/p><p>\u00cd dag lifir Kalevala-go\u00f0afr\u00e6\u00f0in fyrst og fremst \u00e1fram \u00ed b\u00f3kmenntum, list og \u00fej\u00f3\u00f0h\u00e1ttafr\u00e6\u00f0ilegum \u00e1huga \u00e1 saunuhef\u00f0um og n\u00e1tt\u00faruv\u00e6ttum, minna sem tr\u00fa \u00ed i\u00f0kun.<\/p>\t\t\t\t\t\t\t\t<\/div>\n\t\t\t\t<\/div>\n\t\t\t\t\t<\/div>\n\t\t\t\t<\/div>\n\t\t<div class=\"elementor-element elementor-element-cp2d9a92a3 e-flex e-con-boxed e-con e-parent\" data-id=\"cp2d9a92a3\" data-element_type=\"container\" data-e-type=\"container\">\n\t\t\t\t\t<div class=\"e-con-inner\">\n\t\t\t\t<div class=\"elementor-element elementor-element-cp2515827f elementor-widget elementor-widget-heading\" data-id=\"cp2515827f\" data-element_type=\"widget\" data-e-type=\"widget\" data-widget_type=\"heading.default\">\n\t\t\t\t\t<h2 class=\"elementor-heading-title elementor-size-default\">Munnlegur r\u00fanas\u00f6ngur \u00ed sta\u00f0 loka\u00f0s gu\u00f0aheims<\/h2>\t\t\t\t<\/div>\n\t\t<div class=\"elementor-element elementor-element-cp25cbddf2 e-flex e-con-boxed e-con e-child\" data-id=\"cp25cbddf2\" data-element_type=\"container\" data-e-type=\"container\">\n\t\t\t\t\t<div class=\"e-con-inner\">\n\t\t\t\t<div class=\"elementor-element elementor-element-cp240cdc6c elementor-widget elementor-widget-text-editor\" data-id=\"cp240cdc6c\" data-element_type=\"widget\" data-e-type=\"widget\" data-widget_type=\"text-editor.default\">\n\t\t\t\t\t\t\t\t\t<p>\u00d3l\u00edkt til d\u00e6mis norr\u00e6nni go\u00f0afr\u00e6\u00f0i, sem \u00e1 s\u00e9r mi\u00f0aldaheimildir \u00ed lausu m\u00e1li og bundnu, byggir finnsk go\u00f0afr\u00e6\u00f0i \u00e1 munnlegri s\u00f6nghef\u00f0, r\u00fanas\u00f6ngnum, sem h\u00e9lst lifandi allt fram \u00e1 19. \u00f6ld og var i\u00f0ku\u00f0 fyrst og fremst \u00ed Kareliu, austurh\u00e9ra\u00f0inu vi\u00f0 landam\u00e6ri R\u00fasslands.<\/p><p>\u00deessir s\u00f6ngvar voru ekki einsleitir heldur voru breytilegir eftir s\u00f6ngvara og eftir \u00feorpi. Elias L\u00f6nnrot, sem f\u00f3r margar fer\u00f0ir til Kareliu \u00e1 \u00e1runum 1820 til 1840, valdi, sameina\u00f0i og skipulag\u00f0i \u00far \u00feessu efni \u00fej\u00f3\u00f0arkvi\u00f0una Kalevala, sem kom fyrst \u00fat 1835 og \u00ed aukinni \u00fatg\u00e1fu 1849.<\/p><p>Kalevala-go\u00f0afr\u00e6\u00f0in er \u00feannig m\u00e1lami\u00f0lun milli munnlegrar fj\u00f6lbreytni og b\u00f3kmenntalegrar skipulagningar. Fr\u00e6\u00f0imenn eins og Anna-Leena Siikala benda \u00e1 a\u00f0 Kalevala L\u00f6nnrots hafi skapa\u00f0 samfellda fr\u00e1s\u00f6gn sem ekki var til \u00ed \u00feessari mynd \u00ed upprunalegu s\u00f6ngvahef\u00f0inni.<\/p><p>Fyrir tr\u00faarbrag\u00f0afr\u00e6\u00f0ilega greiningu \u00fe\u00fd\u00f0ir \u00feetta a\u00f0 pers\u00f3nur eins og Tapio e\u00f0a Ahti eru vel sta\u00f0festar me\u00f0 fj\u00f6lm\u00f6rgum sj\u00e1lfst\u00e6\u00f0um s\u00f6ngbrig\u00f0um, en n\u00e1kv\u00e6m stigskipun \u00feeirra \u00ed Kalevala er \u00ed meira m\u00e6li sk\u00f6pun L\u00f6nnrots en upprunalegt kerfi.<\/p>\t\t\t\t\t\t\t\t<\/div>\n\t\t\t\t\t<\/div>\n\t\t\t\t<\/div>\n\t\t\t\t\t<\/div>\n\t\t\t\t<\/div>\n\t\t<div class=\"elementor-element elementor-element-cp2b1a3dae e-flex e-con-boxed e-con e-parent\" data-id=\"cp2b1a3dae\" data-element_type=\"container\" data-e-type=\"container\">\n\t\t\t\t\t<div class=\"e-con-inner\">\n\t\t\t\t<div class=\"elementor-element elementor-element-cp282c06ff elementor-widget elementor-widget-heading\" data-id=\"cp282c06ff\" data-element_type=\"widget\" data-e-type=\"widget\" data-widget_type=\"heading.default\">\n\t\t\t\t\t<h2 class=\"elementor-heading-title elementor-size-default\">Sk\u00f3gur, vatn og h\u00fas: \u00derj\u00fa svi\u00f0 v\u00e6ttaheimsins<\/h2>\t\t\t\t<\/div>\n\t\t<div class=\"elementor-element elementor-element-cp228b4522 e-flex e-con-boxed e-con e-child\" data-id=\"cp228b4522\" data-element_type=\"container\" data-e-type=\"container\">\n\t\t\t\t\t<div class=\"e-con-inner\">\n\t\t\t\t<div class=\"elementor-element elementor-element-cp261454c5 elementor-widget elementor-widget-text-editor\" data-id=\"cp261454c5\" data-element_type=\"widget\" data-e-type=\"widget\" data-widget_type=\"text-editor.default\">\n\t\t\t\t\t\t\t\t\t<p>Finnska \u00fej\u00f3\u00f0arhugmyndaheimurinn skiptist tr\u00fafr\u00e6\u00f0ilega \u00ed nokkur svi\u00f0, \u00fear sem mikilv\u00e6gust eru sk\u00f3gurinn, vatni\u00f0 og b\u00e6jarhla\u00f0i\u00f0. Yfir sk\u00f3ginum r\u00e6\u00f0ur Tapio \u00e1samt fj\u00f6lskyldu sinni, Mielikki, Nyyrikki, Tuulikki og Tellervo, sem vei\u00f0imenn \u00e1v\u00f6rpu\u00f0u me\u00f0 b\u00e6num og sm\u00e1gj\u00f6fum fyrir vei\u00f0ifer\u00f0ir til a\u00f0 tryggja \u00e1rangur og \u00f6ruggt heimkomu.<\/p><p>Vatnaheimurinn heyrir undir Ahti og konu hans Vellamo, en r\u00edki \u00feeirra Ahtola er \u00e1 botni vatna og hafa. Fiskimenn b\u00e1ru fram b\u00e6nir til \u00feeirra, me\u00f0an \u00f3gnvekjandi v\u00e6ttir eins og Vesihiisi e\u00f0a sj\u00e1var\u00f3freskjan Iku-Turso birtu h\u00e6tturnar sem vatni\u00f0 bj\u00f3 yfir.<\/p><p>B\u00e6jarhla\u00f0i\u00f0 sj\u00e1lft var undir vernd Haltija, oft \u00ed mynd Tonttu, sem g\u00e6tti h\u00fass og b\u00faf\u00e9na\u00f0ar, svo lengi sem \u00edb\u00faarnir s\u00fdndu honum vir\u00f0ingu, til d\u00e6mis me\u00f0 sm\u00e1um matargj\u00f6fum. Skyldar en frekar \u00f3gnvekjandi v\u00e6ttir eins og Maahinen bjuggu aftur \u00e1 m\u00f3ti undir yfirbor\u00f0inu og brug\u00f0ust illa vi\u00f0 \u00f3n\u00e6\u00f0i.<\/p><p>\u00deessi \u00ferj\u00fa svi\u00f0, sk\u00f3gur, vatn og heimili, skipul\u00f6g\u00f0u daglegt l\u00edf finnskra b\u00e6nda \u00e1 tr\u00faarlegan h\u00e1tt og eru enn \u00ed dag meginramminn sem fr\u00e6\u00f0imenn nota til a\u00f0 l\u00fdsa finnskri go\u00f0afr\u00e6\u00f0i.<\/p>\t\t\t\t\t\t\t\t<\/div>\n\t\t\t\t\t<\/div>\n\t\t\t\t<\/div>\n\t\t\t\t\t<\/div>\n\t\t\t\t<\/div>\n\t\t<div class=\"elementor-element elementor-element-cp295547c2 e-flex e-con-boxed e-con e-parent\" data-id=\"cp295547c2\" data-element_type=\"container\" data-e-type=\"container\">\n\t\t\t\t\t<div class=\"e-con-inner\">\n\t\t\t\t<div class=\"elementor-element elementor-element-cp28944fb0 elementor-widget elementor-widget-heading\" data-id=\"cp28944fb0\" data-element_type=\"widget\" data-e-type=\"widget\" data-widget_type=\"heading.default\">\n\t\t\t\t\t<h2 class=\"elementor-heading-title elementor-size-default\">Heimildirnir: s\u00f6fn L\u00f6nnrots og karelska sagnahef\u00f0in<\/h2>\t\t\t\t<\/div>\n\t\t<div class=\"elementor-element elementor-element-cp23d59da4 e-flex e-con-boxed e-con e-child\" data-id=\"cp23d59da4\" data-element_type=\"container\" data-e-type=\"container\">\n\t\t\t\t\t<div class=\"e-con-inner\">\n\t\t\t\t<div class=\"elementor-element elementor-element-cp2ce157b6 elementor-widget elementor-widget-text-editor\" data-id=\"cp2ce157b6\" data-element_type=\"widget\" data-e-type=\"widget\" data-widget_type=\"text-editor.default\">\n\t\t\t\t\t\t\t\t\t<p>Mikilv\u00e6gasta heimild finnskrar go\u00f0afr\u00e6\u00f0i er Kalevala, sem Elias L\u00f6nnrot setti saman \u00far munnlegum r\u00fanas\u00f6ngvum sem hann skr\u00e1\u00f0i sj\u00e1lfur hj\u00e1 karelskum s\u00f6ngvurum. Me\u00f0al fr\u00e6gra bera \u00feessarar <span class=\"iwg-fachbegriff\" data-tooltip=\"\u00c1framsending \u00feekkingar og sagna milli kynsl\u00f3\u00f0a.\" tabindex=\"0\">arfleif\u00f0ar<\/span> voru s\u00f6ngvarar eins og Arhippa Perttunen, sem s\u00f6ngvar hans l\u00f6g\u00f0u til st\u00f3ran hluta efnisins.<\/p><p>L\u00f6nnrot var \u00fe\u00f3 ekki bara safnari heldur einnig ritstj\u00f3ri: hann tengdi saman einstaka s\u00f6ngva \u00ed samfellda fr\u00e1s\u00f6gn og jafna\u00f0i \u00fat m\u00f3tsagnir milli mismunandi s\u00f6ngvaraafbrig\u00f0a. Kalevala, sem hann gaf \u00fat 1835 og \u00ed st\u00e6kka\u00f0ri \u00fatg\u00e1fu 1849, er \u00feess vegna b\u00f3kmenntaverk me\u00f0 \u00fej\u00f3\u00f0fr\u00e6\u00f0ilegan grunn, ekki bein uppskrift af einu samr\u00e6mdu tr\u00faarkerfi.<\/p><p>S\u00ed\u00f0ari fr\u00e6\u00f0imenn eins og Martti Haavio \u00ed Suomalainen mytologia (1967) og Anna-Leena Siikala \u00ed ranns\u00f3knum s\u00ednum \u00e1 sjamanisma og go\u00f0sagnamyndun s\u00f6fnu\u00f0u til vi\u00f0b\u00f3tar efni \u00far galdraform\u00falum, harmakv\u00e6\u00f0um og \u00fej\u00f3\u00f0h\u00e1ttal\u00fdsingum til a\u00f0 d\u00fdpka myndina af finnskri \u00fej\u00f3\u00f0tr\u00fa umfram Kalevala.<\/p><p>\u00deessi heimildasta\u00f0a s\u00fdnir gl\u00f6ggt a\u00f0 greina \u00fearf milli hinnar upprunalegu munnlegu fj\u00f6lbreytni Karel\u00edu og hinnar b\u00f3kmenntalega m\u00f3tu\u00f0u Kalevala-go\u00f0afr\u00e6\u00f0i.<\/p>\t\t\t\t\t\t\t\t<\/div>\n\t\t\t\t\t<\/div>\n\t\t\t\t<\/div>\n\t\t\t\t\t<\/div>\n\t\t\t\t<\/div>\n\t\t<div class=\"elementor-element elementor-element-cp2c009332 e-flex e-con-boxed e-con e-parent\" data-id=\"cp2c009332\" data-element_type=\"container\" data-e-type=\"container\">\n\t\t\t\t\t<div class=\"e-con-inner\">\n\t\t\t\t<div class=\"elementor-element elementor-element-cp225c94da elementor-widget elementor-widget-heading\" data-id=\"cp225c94da\" data-element_type=\"widget\" data-e-type=\"widget\" data-widget_type=\"heading.default\">\n\t\t\t\t\t<h2 class=\"elementor-heading-title elementor-size-default\">Kristnitaka, \u00fej\u00f3\u00f0ernishreyfing og vi\u00f0t\u00f6kur \u00ed n\u00fat\u00edmanum<\/h2>\t\t\t\t<\/div>\n\t\t<div class=\"elementor-element elementor-element-cp2c7191ab e-flex e-con-boxed e-con e-child\" data-id=\"cp2c7191ab\" data-element_type=\"container\" data-e-type=\"container\">\n\t\t\t\t\t<div class=\"e-con-inner\">\n\t\t\t\t<div class=\"elementor-element elementor-element-cp23f4061d elementor-widget elementor-widget-text-editor\" data-id=\"cp23f4061d\" data-element_type=\"widget\" data-e-type=\"widget\" data-widget_type=\"text-editor.default\">\n\t\t\t\t\t\t\t\t\t<p>Kristnitaka Finnlands h\u00f3fst \u00e1 12. \u00f6ld, \u00ed vestri fyrir tilstilli s\u00e6nskra tr\u00fabo\u00f0a og \u00ed austri fyrir tilstilli r\u00e9tttr\u00fana\u00f0ar tr\u00fabo\u00f0s, og dr\u00f3st yfir margar aldir. \u00c1 fjarl\u00e6gum sv\u00e6\u00f0um, s\u00e9rstaklega \u00e1 r\u00fassnesk-karelska landam\u00e6rasv\u00e6\u00f0inu, h\u00e9lst hluti hinna fornu tr\u00faarh\u00e1tta, r\u00fanas\u00f6ngvar, galdraform\u00falur og tr\u00fa \u00e1 Haltija-v\u00e6ttir, \u00ed notkun allt fram \u00e1 19. \u00f6ld, oft samhli\u00f0a, ekki \u00ed sta\u00f0 kristninnar.<\/p><p>\u00dea\u00f0 voru n\u00e1kv\u00e6mlega \u00feessi \u00fatja\u00f0arssv\u00e6\u00f0i sem Elias L\u00f6nnrot fann grunninn a\u00f0 Kalevala s\u00ednu \u00e1. \u00datg\u00e1fa kvi\u00f0unnar 1835 og 1849 kom fram \u00e1 t\u00edma vaknandi finnskrar \u00fej\u00f3\u00f0arvitundar innan r\u00fassneska st\u00f3rfurstad\u00e6misins Finnlands og var\u00f0 a\u00f0 lykiltexta finnsku \u00fej\u00f3\u00f0ernishreyfingarinnar.<\/p><p>\u00c1 20. \u00f6ld ranns\u00f6ku\u00f0u fr\u00e6\u00f0imenn eins og Martti Haavio, Juha Pentik\u00e4inen og Anna-Leena Siikala n\u00e1nar tengslin milli b\u00f3kmenntalegrar \u00farvinnslu L\u00f6nnrots og hinnar upprunalegu munnlegu fj\u00f6lbreytni, og settu Kalevala-go\u00f0afr\u00e6\u00f0ina fastar \u00ed samhengi finnskrar \u00fej\u00f3\u00f0tr\u00faar og, fyrir hluta Austur-Finnlands, sjaman\u00edskra i\u00f0kana.<\/p><p>\u00cd dag er Kalevala-go\u00f0afr\u00e6\u00f0in fyrst og fremst b\u00f3kmenntaleg og menningarleg arfleif\u00f0, s\u00fdnileg \u00ed list, nafngiftum og enn \u00ed dag lifandi tengslum vi\u00f0 sauna og n\u00e1tt\u00farutengsl, s\u00ed\u00f0ur tr\u00faarbr\u00f6g\u00f0 \u00ed eiginlegri i\u00f0kun.<\/p>\t\t\t\t\t\t\t\t<\/div>\n\t\t\t\t\t<\/div>\n\t\t\t\t<\/div>\n\t\t\t\t\t<\/div>\n\t\t\t\t<\/div>\n\t\t<div class=\"elementor-element elementor-element-iwgha-sami-sec e-flex e-con-boxed e-con e-parent\" data-id=\"iwgha-sami-sec\" data-element_type=\"container\" data-e-type=\"container\">\n\t\t\t\t\t<div class=\"e-con-inner\">\n\t\t\t\t<div class=\"elementor-element elementor-element-iwgha-sami-h elementor-widget elementor-widget-heading\" data-id=\"iwgha-sami-h\" data-element_type=\"widget\" data-e-type=\"widget\" data-widget_type=\"heading.default\">\n\t\t\t\t\t<h2 class=\"elementor-heading-title elementor-size-default\">V\u00e6ttir \u00feessarar hef\u00f0ar (16)<\/h2>\t\t\t\t<\/div>\n\t\t<div class=\"elementor-element elementor-element-iwgha-sami-gc e-flex e-con-boxed e-con e-parent\" data-id=\"iwgha-sami-gc\" data-element_type=\"container\" data-e-type=\"container\">\n\t\t\t\t\t<div class=\"e-con-inner\">\n\t\t\t\t<div class=\"elementor-element elementor-element-iwgha-sami-grid elementor-widget elementor-widget-text-editor\" data-id=\"iwgha-sami-grid\" data-element_type=\"widget\" data-e-type=\"widget\" data-widget_type=\"text-editor.default\">\n\t\t\t\t\t\t\t\t\t<div class=\"iwg-wesen-grid\"><a class=\"iwg-wesen-card\" href=\"https:\/\/iwell-guard.com\/is\/tuulikki\/\" aria-label=\"Tuulikki\"><div class=\"iwg-wesen-card-imgwrap\"><img decoding=\"async\" src=\"https:\/\/iwell-guard.com\/wp-content\/uploads\/2026\/07\/goetter_finnland_tuulikki-199x300.webp\" alt=\"Tuulikki\" loading=\"lazy\"><\/div><div class=\"iwg-wesen-card-body\"><div class=\"iwg-wesen-card-name\">Tuulikki<\/div><div class=\"iwg-wesen-card-arrow\">\u2192 \u00c1 v\u00e6ttina<\/div><\/div><\/a><a class=\"iwg-wesen-card\" href=\"https:\/\/iwell-guard.com\/is\/tellervo\/\" aria-label=\"Tellervo\"><div class=\"iwg-wesen-card-imgwrap\"><img decoding=\"async\" src=\"https:\/\/iwell-guard.com\/wp-content\/uploads\/2026\/07\/goetter_finnland_tellervo-200x300.webp\" alt=\"Tellervo\" loading=\"lazy\"><\/div><div class=\"iwg-wesen-card-body\"><div class=\"iwg-wesen-card-name\">Tellervo<\/div><div class=\"iwg-wesen-card-arrow\">\u2192 \u00c1 v\u00e6ttina<\/div><\/div><\/a><a class=\"iwg-wesen-card\" href=\"https:\/\/iwell-guard.com\/is\/tapio\/\" aria-label=\"Tapio\"><div class=\"iwg-wesen-card-imgwrap\"><img decoding=\"async\" src=\"https:\/\/iwell-guard.com\/wp-content\/uploads\/2026\/07\/goetter_finnland_tapio-200x300.webp\" alt=\"Tapio\" loading=\"lazy\"><\/div><div class=\"iwg-wesen-card-body\"><div class=\"iwg-wesen-card-name\">Tapio<\/div><div class=\"iwg-wesen-card-arrow\">\u2192 \u00c1 v\u00e6ttina<\/div><\/div><\/a><a class=\"iwg-wesen-card\" href=\"https:\/\/iwell-guard.com\/is\/nyyrikki\/\" aria-label=\"Nyyrikki\"><div class=\"iwg-wesen-card-imgwrap\"><img decoding=\"async\" src=\"https:\/\/iwell-guard.com\/wp-content\/uploads\/2026\/07\/goetter_finnland_nyyrikki-200x300.webp\" alt=\"Nyyrikki\" loading=\"lazy\"><\/div><div class=\"iwg-wesen-card-body\"><div class=\"iwg-wesen-card-name\">Nyyrikki<\/div><div class=\"iwg-wesen-card-arrow\">\u2192 \u00c1 v\u00e6ttina<\/div><\/div><\/a><a class=\"iwg-wesen-card\" href=\"https:\/\/iwell-guard.com\/is\/mielikki\/\" aria-label=\"Mielikki\"><div class=\"iwg-wesen-card-imgwrap\"><img decoding=\"async\" src=\"https:\/\/iwell-guard.com\/wp-content\/uploads\/2026\/07\/goetter_finnland_mielikki-200x300.webp\" alt=\"Mielikki\" loading=\"lazy\"><\/div><div class=\"iwg-wesen-card-body\"><div class=\"iwg-wesen-card-name\">Mielikki<\/div><div class=\"iwg-wesen-card-arrow\">\u2192 \u00c1 v\u00e6ttina<\/div><\/div><\/a><a class=\"iwg-wesen-card\" href=\"https:\/\/iwell-guard.com\/is\/vesihiisi\/\" aria-label=\"Vesihiisi\"><div class=\"iwg-wesen-card-imgwrap\"><img decoding=\"async\" src=\"https:\/\/iwell-guard.com\/wp-content\/uploads\/2026\/07\/daemonen_finnisch_vesihiisi-200x300.webp\" alt=\"Vesihiisi\" loading=\"lazy\"><\/div><div class=\"iwg-wesen-card-body\"><div class=\"iwg-wesen-card-name\">Vesihiisi<\/div><div class=\"iwg-wesen-card-arrow\">\u2192 \u00c1 v\u00e6ttina<\/div><\/div><\/a><a class=\"iwg-wesen-card\" href=\"https:\/\/iwell-guard.com\/is\/vellamo\/\" aria-label=\"Vellamo\"><div class=\"iwg-wesen-card-imgwrap\"><img decoding=\"async\" src=\"https:\/\/iwell-guard.com\/wp-content\/uploads\/2026\/07\/goetter_finnisch_vellamo-200x300.webp\" alt=\"Vellamo\" loading=\"lazy\"><\/div><div class=\"iwg-wesen-card-body\"><div class=\"iwg-wesen-card-name\">Vellamo<\/div><div class=\"iwg-wesen-card-arrow\">\u2192 \u00c1 v\u00e6ttina<\/div><\/div><\/a><a class=\"iwg-wesen-card\" href=\"https:\/\/iwell-guard.com\/is\/naekki\/\" aria-label=\"N\u00e4kki\"><div class=\"iwg-wesen-card-imgwrap\"><img decoding=\"async\" src=\"https:\/\/iwell-guard.com\/wp-content\/uploads\/2026\/07\/geister_finnisch_naekki-200x300.webp\" alt=\"N\u00e4kki\" loading=\"lazy\"><\/div><div class=\"iwg-wesen-card-body\"><div class=\"iwg-wesen-card-name\">N\u00e4kki<\/div><div class=\"iwg-wesen-card-arrow\">\u2192 \u00c1 v\u00e6ttina<\/div><\/div><\/a><a class=\"iwg-wesen-card\" href=\"https:\/\/iwell-guard.com\/is\/iku-turso\/\" aria-label=\"Iku-Turso\"><div class=\"iwg-wesen-card-imgwrap\"><img decoding=\"async\" src=\"https:\/\/iwell-guard.com\/wp-content\/uploads\/2026\/07\/daemonen_finnisch_iku-turso-200x300.webp\" alt=\"Iku-Turso\" loading=\"lazy\"><\/div><div class=\"iwg-wesen-card-body\"><div class=\"iwg-wesen-card-name\">Iku-Turso<\/div><div class=\"iwg-wesen-card-arrow\">\u2192 \u00c1 v\u00e6ttina<\/div><\/div><\/a><a class=\"iwg-wesen-card\" href=\"https:\/\/iwell-guard.com\/is\/ahti\/\" aria-label=\"Ahti\"><div class=\"iwg-wesen-card-imgwrap\"><img decoding=\"async\" src=\"https:\/\/iwell-guard.com\/wp-content\/uploads\/2026\/07\/goetter_finnisch_ahti-200x300.webp\" alt=\"Ahti\" loading=\"lazy\"><\/div><div class=\"iwg-wesen-card-body\"><div class=\"iwg-wesen-card-name\">Ahti<\/div><div class=\"iwg-wesen-card-arrow\">\u2192 \u00c1 v\u00e6ttina<\/div><\/div><\/a><a class=\"iwg-wesen-card\" href=\"https:\/\/iwell-guard.com\/is\/tuuletar\/\" aria-label=\"Tuuletar\"><div class=\"iwg-wesen-card-imgwrap\"><img decoding=\"async\" src=\"https:\/\/iwell-guard.com\/wp-content\/uploads\/2026\/07\/geister_finnisch_tuuletar-200x300.webp\" alt=\"Tuuletar\" loading=\"lazy\"><\/div><div class=\"iwg-wesen-card-body\"><div class=\"iwg-wesen-card-name\">Tuuletar<\/div><div class=\"iwg-wesen-card-arrow\">\u2192 \u00c1 v\u00e6ttina<\/div><\/div><\/a><a class=\"iwg-wesen-card\" href=\"https:\/\/iwell-guard.com\/is\/ilmarinen\/\" aria-label=\"Ilmarinen\"><div class=\"iwg-wesen-card-imgwrap\"><img decoding=\"async\" src=\"https:\/\/iwell-guard.com\/wp-content\/uploads\/2026\/07\/goetter_finnisch_ilmarinen-200x300.webp\" alt=\"Ilmarinen\" loading=\"lazy\"><\/div><div class=\"iwg-wesen-card-body\"><div class=\"iwg-wesen-card-name\">Ilmarinen<\/div><div class=\"iwg-wesen-card-arrow\">\u2192 \u00c1 v\u00e6ttina<\/div><\/div><\/a><a class=\"iwg-wesen-card\" href=\"https:\/\/iwell-guard.com\/is\/maahinen\/\" aria-label=\"Maahinen\"><div class=\"iwg-wesen-card-imgwrap\"><img decoding=\"async\" src=\"https:\/\/iwell-guard.com\/wp-content\/uploads\/2026\/07\/geister_finnisch_maahinen-200x300.webp\" alt=\"Maahinen\" loading=\"lazy\"><\/div><div class=\"iwg-wesen-card-body\"><div class=\"iwg-wesen-card-name\">Maahinen<\/div><div class=\"iwg-wesen-card-arrow\">\u2192 \u00c1 v\u00e6ttina<\/div><\/div><\/a><a class=\"iwg-wesen-card\" href=\"https:\/\/iwell-guard.com\/is\/hiisi\/\" aria-label=\"Hiisi\"><div class=\"iwg-wesen-card-imgwrap\"><img decoding=\"async\" src=\"https:\/\/iwell-guard.com\/wp-content\/uploads\/2026\/07\/geister_finnisch_hiisi-200x300.webp\" alt=\"Hiisi\" loading=\"lazy\"><\/div><div class=\"iwg-wesen-card-body\"><div class=\"iwg-wesen-card-name\">Hiisi<\/div><div class=\"iwg-wesen-card-arrow\">\u2192 \u00c1 v\u00e6ttina<\/div><\/div><\/a><a class=\"iwg-wesen-card\" href=\"https:\/\/iwell-guard.com\/is\/tonttu\/\" aria-label=\"Tonttu\"><div class=\"iwg-wesen-card-imgwrap\"><img decoding=\"async\" src=\"https:\/\/iwell-guard.com\/wp-content\/uploads\/2026\/07\/geister_finnisch_tonttu-200x300.webp\" alt=\"Tonttu\" loading=\"lazy\"><\/div><div class=\"iwg-wesen-card-body\"><div class=\"iwg-wesen-card-name\">Tonttu<\/div><div class=\"iwg-wesen-card-arrow\">\u2192 \u00c1 v\u00e6ttina<\/div><\/div><\/a><a class=\"iwg-wesen-card\" href=\"https:\/\/iwell-guard.com\/is\/haltija\/\" aria-label=\"Haltija\"><div class=\"iwg-wesen-card-imgwrap\"><img decoding=\"async\" src=\"https:\/\/iwell-guard.com\/wp-content\/uploads\/2026\/07\/geister_finnisch_haltija-200x300.webp\" alt=\"Haltija\" loading=\"lazy\"><\/div><div class=\"iwg-wesen-card-body\"><div class=\"iwg-wesen-card-name\">Haltija<\/div><div class=\"iwg-wesen-card-arrow\">\u2192 \u00c1 v\u00e6ttina<\/div><\/div><\/a><\/div>\t\t\t\t\t\t\t\t<\/div>\n\t\t\t\t\t<\/div>\n\t\t\t\t<\/div>\n\t\t\t\t\t<\/div>\n\t\t\t\t<\/div>\n\t\t<div class=\"elementor-element elementor-element-iwgkw2-add-sami e-flex e-con-boxed e-con e-parent\" data-id=\"iwgkw2-add-sami\" data-element_type=\"container\" data-e-type=\"container\">\n\t\t\t\t\t<div class=\"e-con-inner\">\n\t\t\t\t<div class=\"elementor-element elementor-element-iwgkw2-add-sami-t elementor-widget elementor-widget-text-editor\" data-id=\"iwgkw2-add-sami-t\" data-element_type=\"widget\" data-e-type=\"widget\" data-widget_type=\"text-editor.default\">\n\t\t\t\t\t\t\t\t\t<p><em>Kalevala-go\u00f0afr\u00e6\u00f0in<\/em> tengir saman r\u00fanas\u00f6ng, Haltija-v\u00e6ttaheim og <em>sk\u00f3gargo\u00f0in Tapio<\/em> \u00ed s\u00e9rst\u00e6\u00f0a verndari\u00f0kun, \u00fear sem vei\u00f0imenn, fiskimenn og b\u00e6jarb\u00faar reyndu a\u00f0 \u00f6\u00f0last velvild Tapio, Ahti og Tonttu me\u00f0 sm\u00e1gj\u00f6fum.<\/p>\t\t\t\t\t\t\t\t<\/div>\n\t\t\t\t\t<\/div>\n\t\t\t\t<\/div>\n\t\t<div class=\"elementor-element elementor-element-iwgcn-sami-kwd e-flex e-con-boxed e-con e-parent\" data-id=\"iwgcn-sami-kwd\" data-element_type=\"container\" data-e-type=\"container\">\n\t\t\t\t\t<div class=\"e-con-inner\">\n\t\t<div class=\"elementor-element elementor-element-iwgcn-sami-kwd-c e-con-full e-flex e-con e-child\" data-id=\"iwgcn-sami-kwd-c\" data-element_type=\"container\" data-e-type=\"container\">\n\t\t\t\t<div class=\"elementor-element elementor-element-iwgcn-sami-kwdt elementor-widget elementor-widget-text-editor\" data-id=\"iwgcn-sami-kwdt\" data-element_type=\"widget\" data-e-type=\"widget\" data-widget_type=\"text-editor.default\">\n\t\t\t\t\t\t\t\t\t<p><em>Tengd lykilhugt\u00f6k: Kalevala Tapio Ahti Vellamo Mielikki Haltija Tonttu Hiisi Karel\u00eda L\u00f6nnrot.<\/em><\/p>\t\t\t\t\t\t\t\t<\/div>\n\t\t\t\t<\/div>\n\t\t\t\t\t<\/div>\n\t\t\t\t<\/div>\n\t\t<div class=\"elementor-element elementor-element-iwgcn-sami-cc e-flex e-con-boxed e-con e-parent\" data-id=\"iwgcn-sami-cc\" data-element_type=\"container\" data-e-type=\"container\" id=\"iwg-cc-sami\">\n\t\t\t\t\t<div class=\"e-con-inner\">\n\t\t<div class=\"elementor-element elementor-element-iwgcn-sami-ccinner e-flex e-con-boxed e-con e-parent\" data-id=\"iwgcn-sami-ccinner\" data-element_type=\"container\" data-e-type=\"container\" data-settings=\"{&quot;background_background&quot;:&quot;classic&quot;}\">\n\t\t\t\t\t<div class=\"e-con-inner\">\n\t\t\t\t<div class=\"elementor-element elementor-element-iwgcn-sami-cch elementor-widget elementor-widget-heading\" data-id=\"iwgcn-sami-cch\" data-element_type=\"widget\" data-e-type=\"widget\" data-widget_type=\"heading.default\">\n\t\t\t\t\t<h2 class=\"elementor-heading-title elementor-size-default\">Verndargripir \u00ed \u00feessari menningarhef\u00f0<\/h2>\t\t\t\t<\/div>\n\t\t\t\t<div class=\"elementor-element elementor-element-iwgcn-sami-cct elementor-widget elementor-widget-text-editor\" data-id=\"iwgcn-sami-cct\" data-element_type=\"widget\" data-e-type=\"widget\" data-widget_type=\"text-editor.default\">\n\t\t\t\t\t\t\t\t\t<p>Finnska hef\u00f0in \u00feekkir sm\u00e1ar matargjafir til Tonttu sem heimilisv\u00e6ttar, <a href=\"https:\/\/iwell-guard.com\/is\/?page_id=169849\">galdraform\u00falur<\/a> og r\u00fanas\u00f6ngva til verndar gegn vatna- og sk\u00f3garv\u00e6ttum, auk saununnar sem tr\u00faarlega hreinsa\u00f0s verndarr\u00fdmis me\u00f0 eigin L\u00f6yly-v\u00e6tti; f\u00e6ranleg <a href=\"https:\/\/iwell-guard.com\/is\/amulett\/\">verndargripir<\/a> eru sjaldnar heimildir en sta\u00f0bundnir si\u00f0ir. Yfirlit yfir verndarform mismunandi menningarheima m\u00e1 finna \u00ed <a href=\"https:\/\/iwell-guard.com\/is\/verndarleidarvisir\/\">Verndarlei\u00f0arv\u00edsi<\/a>.<\/p><div data-nosnippet=\"true\"><p>iWell Guard fellur inn \u00ed \u00feessa menningars\u00f6gulegu hef\u00f0 f\u00e6ranlegra verndargripa, \u00ed samt\u00edmalegri efnis\u00fatf\u00e6rslu, framleitt \u00ed \u00de\u00fdskalandi. 41 lag, alv\u00f6ru gull, plat\u00edna, silfur. 30 daga skilar\u00e9ttur.<\/p><\/div>\t\t\t\t\t\t\t\t<\/div>\n\t\t\t\t<div class=\"elementor-element elementor-element-iwgcn-sami-ccb iwg-cc-button iwg-cc-cta-2026-05-13 elementor-widget elementor-widget-jet-button\" data-id=\"iwgcn-sami-ccb\" data-element_type=\"widget\" data-e-type=\"widget\" data-widget_type=\"jet-button.default\">\n\t\t\t\t<div class=\"elementor-widget-container\">\n\t\t\t\t\t<div class=\"elementor-jet-button jet-elements\"><div class=\"jet-button__container\"><a class=\"jet-button__instance jet-button__instance--icon-left hover-effect-1\" href=\"\/ueber-iwell-guard\/?utm_source=iwell-guard.com&amp;utm_medium=info-box&amp;utm_campaign=kultur-tradition\"><div class=\"jet-button__plane jet-button__plane-normal\"><\/div><div class=\"jet-button__plane jet-button__plane-hover\"><\/div><div class=\"jet-button__state jet-button__state-normal\"><span class=\"jet-button__label\">Meira um iWell Guard<\/span><\/div><div class=\"jet-button__state jet-button__state-hover\"><span class=\"jet-button__label\">Meira um iWell Guard<\/span><\/div><\/a><\/div><\/div><style>.elementor-element.elementor-element-iwgcn-sami-ccb .jet-button__instance{width:320px;height:56px;}.elementor-element.elementor-element-iwgcn-sami-ccb .jet-button__state-normal .jet-button__label{text-align:center;margin:0px 0px 0px 0px;color:#1a1b20;font-family:Montserrat,sans-serif;font-size:13px;font-weight:400;letter-spacing:4px;line-height:1.714em;text-transform:uppercase;}.elementor-element.elementor-element-iwgcn-sami-ccb .jet-button__state-hover .jet-button__label{text-align:center;margin:0px 0px 0px 0px;color:#FECC76;font-family:Montserrat,sans-serif;font-size:13px;font-weight:400;letter-spacing:4px;line-height:1.714em;text-transform:uppercase;}.elementor-element.elementor-element-iwgcn-sami-ccb .jet-button__plane-normal{background-color:#FECC76;border-style:solid;border-color:#C99540;border-width:2px 2px 2px 2px;}.elementor-element.elementor-element-iwgcn-sami-ccb .jet-button__plane-hover{background-color:rgba(0,0,0,0.55);border-style:solid;border-color:#FECC76;border-width:2px 2px 2px 2px;}<\/style>\t\t\t\t<\/div>\n\t\t\t\t<\/div>\n\t\t\t\t<div class=\"elementor-element elementor-element-iwgcn-sami-ccd elementor-widget elementor-widget-text-editor\" data-id=\"iwgcn-sami-ccd\" data-element_type=\"widget\" data-e-type=\"widget\" data-widget_type=\"text-editor.default\">\n\t\t\t\t\t\t\t\t\t<div data-nosnippet=\"true\"><p style=\"text-align:center;font-size:13px;opacity:0.7;margin-top:14px\" data-nosnippet=\"true\">Pers\u00f3nuleg reynsla getur veri\u00f0 mismunandi. Ekki l\u00e6kningat\u00e6ki. Engin lofor\u00f0 um l\u00e6kningu.<\/p><\/div>\t\t\t\t\t\t\t\t<\/div>\n\t\t\t\t\t<\/div>\n\t\t\t\t<\/div>\n\t\t\t\t\t<\/div>\n\t\t\t\t<\/div>\n\t\t<div class=\"elementor-element elementor-element-iwgcn-sami-disc e-flex e-con-boxed e-con e-parent\" data-id=\"iwgcn-sami-disc\" data-element_type=\"container\" data-e-type=\"container\">\n\t\t\t\t\t<div class=\"e-con-inner\">\n\t\t\t\t<div class=\"elementor-element elementor-element-iwgcn-sami-discw elementor-widget elementor-widget-html\" data-id=\"iwgcn-sami-discw\" data-element_type=\"widget\" data-e-type=\"widget\" data-widget_type=\"html.default\">\n\t\t\t\t\t<footer data-nosnippet=\"true\" class=\"iwg-disclaimer-block\"><p data-nosnippet=\"true\">iWell Guard er <strong>ekki l\u00e6kningat\u00e6ki<\/strong> og kemur ekki \u00ed sta\u00f0inn fyrir l\u00e6knis- e\u00f0a s\u00e1lfr\u00e6\u00f0ime\u00f0fer\u00f0. Tr\u00faarfr\u00e6\u00f0ilegt efni er menningars\u00f6gulegt samhengi, ekki r\u00e1\u00f0legging um andlega i\u00f0kun.<\/p><\/footer>\t\t\t\t<\/div>\n\t\t\t\t\t<\/div>\n\t\t\t\t<\/div>\n\t\t\t\t<\/div>\n\t\t","protected":false},"excerpt":{"rendered":"","protected":false},"author":3,"featured_media":20431,"parent":0,"menu_order":0,"comment_status":"closed","ping_status":"closed","template":"elementor_header_footer","meta":{"_yoast_wpseo_focuskw":"finnsk go\u00f0afr\u00e6\u00f0i","_yoast_wpseo_title":"Finnsk go\u00f0afr\u00e6\u00f0i: Kalevala, Tapio og Ahti","_yoast_wpseo_metadesc":"Sk\u00f3gargu\u00f0inn Tapio, vatnsgu\u00f0inn Ahti og haltija-andaheimur Kalevala: finnsk go\u00f0afr\u00e6\u00f0i \u00ed tr\u00faarfr\u00e6\u00f0ilegu samhengi.","_yoast_wpseo_meta-robots-noindex":"","_yoast_wpseo_canonical":"","_angie_page":false,"gefaehrdungsstufe":"","wesen_kultur":"","wesen_klasse":"","footnotes":""},"categories":[],"class_list":["post-169854","page","type-page","status-publish","has-post-thumbnail","hentry"],"yoast_head":"<!-- This site is optimized with the Yoast SEO Premium plugin v27.7 (Yoast SEO v28.3) - https:\/\/yoast.com\/product\/yoast-seo-premium-wordpress\/ -->\n<title>Finnsk go\u00f0afr\u00e6\u00f0i: Kalevala, Tapio og Ahti<\/title>\n<meta name=\"description\" content=\"Sk\u00f3gargu\u00f0inn Tapio, vatnsgu\u00f0inn Ahti og haltija-andaheimur Kalevala: finnsk go\u00f0afr\u00e6\u00f0i \u00ed tr\u00faarfr\u00e6\u00f0ilegu samhengi.\" \/>\n<meta name=\"robots\" content=\"index, follow, max-snippet:-1, max-image-preview:large, max-video-preview:-1\" \/>\n<link rel=\"canonical\" href=\"https:\/\/iwell-guard.com\/is\/finnsk-godafraedi\/\" \/>\n<meta property=\"og:locale\" content=\"is_IS\" \/>\n<meta property=\"og:type\" content=\"article\" \/>\n<meta property=\"og:title\" content=\"Finnsk go\u00f0afr\u00e6\u00f0i\" \/>\n<meta property=\"og:description\" content=\"Sk\u00f3gargu\u00f0inn Tapio, vatnsgu\u00f0inn Ahti og haltija-andaheimur Kalevala: finnsk go\u00f0afr\u00e6\u00f0i \u00ed tr\u00faarfr\u00e6\u00f0ilegu samhengi.\" \/>\n<meta property=\"og:url\" content=\"https:\/\/iwell-guard.com\/is\/finnsk-godafraedi\/\" \/>\n<meta property=\"og:site_name\" content=\"iWell Guard\" \/>\n<meta property=\"article:modified_time\" content=\"2026-09-05T14:58:16+00:00\" \/>\n<meta property=\"og:image\" content=\"https:\/\/iwell-guard.com\/wp-content\/uploads\/2026\/07\/goetter_finnland_tapio.webp\" \/>\n\t<meta property=\"og:image:width\" content=\"1024\" \/>\n\t<meta property=\"og:image:height\" content=\"1536\" \/>\n\t<meta property=\"og:image:type\" content=\"image\/webp\" \/>\n<meta name=\"twitter:card\" content=\"summary_large_image\" \/>\n<script type=\"application\/ld+json\" class=\"yoast-schema-graph\">{\"@context\":\"https:\\\/\\\/schema.org\",\"@graph\":[{\"@type\":\"WebPage\",\"@id\":\"https:\\\/\\\/iwell-guard.com\\\/is\\\/finnsk-godafraedi\\\/\",\"url\":\"https:\\\/\\\/iwell-guard.com\\\/is\\\/finnsk-godafraedi\\\/\",\"name\":\"Finnsk go\u00f0afr\u00e6\u00f0i: Kalevala, Tapio og Ahti\",\"isPartOf\":{\"@id\":\"https:\\\/\\\/iwell-guard.com\\\/is\\\/#website\"},\"primaryImageOfPage\":{\"@id\":\"https:\\\/\\\/iwell-guard.com\\\/is\\\/finnsk-godafraedi\\\/#primaryimage\"},\"image\":{\"@id\":\"https:\\\/\\\/iwell-guard.com\\\/is\\\/finnsk-godafraedi\\\/#primaryimage\"},\"thumbnailUrl\":\"https:\\\/\\\/iwell-guard.com\\\/wp-content\\\/uploads\\\/2026\\\/07\\\/goetter_finnland_tapio.webp\",\"datePublished\":\"2026-09-05T14:12:17+00:00\",\"dateModified\":\"2026-09-05T14:58:16+00:00\",\"description\":\"Sk\u00f3gargu\u00f0inn Tapio, vatnsgu\u00f0inn Ahti og haltija-andaheimur Kalevala: finnsk go\u00f0afr\u00e6\u00f0i \u00ed tr\u00faarfr\u00e6\u00f0ilegu samhengi.\",\"breadcrumb\":{\"@id\":\"https:\\\/\\\/iwell-guard.com\\\/is\\\/finnsk-godafraedi\\\/#breadcrumb\"},\"inLanguage\":\"is\",\"potentialAction\":[{\"@type\":\"ReadAction\",\"target\":[\"https:\\\/\\\/iwell-guard.com\\\/is\\\/finnsk-godafraedi\\\/\"]}]},{\"@type\":\"ImageObject\",\"inLanguage\":\"is\",\"@id\":\"https:\\\/\\\/iwell-guard.com\\\/is\\\/finnsk-godafraedi\\\/#primaryimage\",\"url\":\"https:\\\/\\\/iwell-guard.com\\\/wp-content\\\/uploads\\\/2026\\\/07\\\/goetter_finnland_tapio.webp\",\"contentUrl\":\"https:\\\/\\\/iwell-guard.com\\\/wp-content\\\/uploads\\\/2026\\\/07\\\/goetter_finnland_tapio.webp\",\"width\":1024,\"height\":1536,\"caption\":\"Tapio, gu\u00f0 \u00far finnskri arfs\u00f6gn\"},{\"@type\":\"BreadcrumbList\",\"@id\":\"https:\\\/\\\/iwell-guard.com\\\/is\\\/finnsk-godafraedi\\\/#breadcrumb\",\"itemListElement\":[{\"@type\":\"ListItem\",\"position\":1,\"name\":\"Start\",\"item\":\"https:\\\/\\\/iwell-guard.com\\\/is\\\/?page_id=168580\"},{\"@type\":\"ListItem\",\"position\":2,\"name\":\"Finnsk go\u00f0afr\u00e6\u00f0i\"}]},{\"@type\":\"WebSite\",\"@id\":\"https:\\\/\\\/iwell-guard.com\\\/is\\\/#website\",\"url\":\"https:\\\/\\\/iwell-guard.com\\\/is\\\/\",\"name\":\"iWell Guard\",\"description\":\"Schutz vor dunklen Einfl\u00fcssen\",\"publisher\":{\"@id\":\"https:\\\/\\\/iwell-guard.com\\\/is\\\/#organization\"},\"potentialAction\":[{\"@type\":\"SearchAction\",\"target\":{\"@type\":\"EntryPoint\",\"urlTemplate\":\"https:\\\/\\\/iwell-guard.com\\\/is\\\/?s={search_term_string}\"},\"query-input\":{\"@type\":\"PropertyValueSpecification\",\"valueRequired\":true,\"valueName\":\"search_term_string\"}}],\"inLanguage\":\"is\"},{\"@type\":\"Organization\",\"@id\":\"https:\\\/\\\/iwell-guard.com\\\/is\\\/#organization\",\"name\":\"Ittermann electronic GmbH\",\"url\":\"https:\\\/\\\/iwell-guard.com\\\/is\\\/\",\"logo\":{\"@type\":\"ImageObject\",\"inLanguage\":\"is\",\"@id\":\"https:\\\/\\\/iwell-guard.com\\\/is\\\/#\\\/schema\\\/logo\\\/image\\\/\",\"url\":\"https:\\\/\\\/iwell-guard.com\\\/wp-content\\\/uploads\\\/2026\\\/05\\\/Ittermann-Logo-1182x237-1.png\",\"contentUrl\":\"https:\\\/\\\/iwell-guard.com\\\/wp-content\\\/uploads\\\/2026\\\/05\\\/Ittermann-Logo-1182x237-1.png\",\"width\":1182,\"height\":237,\"caption\":\"Ittermann electronic GmbH\"},\"image\":{\"@id\":\"https:\\\/\\\/iwell-guard.com\\\/is\\\/#\\\/schema\\\/logo\\\/image\\\/\"},\"sameAs\":[\"https:\\\/\\\/pantip.com\\\/profile\\\/9367242\",\"https:\\\/\\\/micro.blog\\\/iwellguard\",\"https:\\\/\\\/www.diggerslist.com\\\/iwellguard\\\/about\",\"https:\\\/\\\/skitterphoto.com\\\/photographers\\\/2870314\\\/iwell-guard\",\"https:\\\/\\\/iwellguard.wordpress.com\\\/2026\\\/06\\\/06\\\/iwell-guard\\\/\",\"https:\\\/\\\/hub.docker.com\\\/u\\\/iwellguard\",\"https:\\\/\\\/www.pinterest.com\\\/iwellguard\\\/\",\"https:\\\/\\\/bit.ly\\\/m\\\/iwellguard\",\"https:\\\/\\\/entre-vos-mains.alsace.eu\\\/profiles\\\/iwellguard\\\/activity\",\"https:\\\/\\\/gravatar.com\\\/reallybeded8fd34\",\"https:\\\/\\\/naijamatta.com\\\/iwellguard\",\"https:\\\/\\\/www.goodreads.com\\\/iwellguard\",\"https:\\\/\\\/profile.hatena.ne.jp\\\/iwellguard\\\/\",\"https:\\\/\\\/experiment.com\\\/users\\\/iwellguard\",\"https:\\\/\\\/wakelet.com\\\/@iWellGuard82270\",\"https:\\\/\\\/www.chordie.com\\\/forum\\\/profile.php?id=2555664\",\"https:\\\/\\\/www.instapaper.com\\\/p\\\/17757966\",\"https:\\\/\\\/www.mapleprimes.com\\\/users\\\/iwellguard\",\"https:\\\/\\\/businesslistingplus.com\\\/profile\\\/iwell-guard\\\/\",\"https:\\\/\\\/telegra.ph\\\/iWell-Guard-06-06\",\"https:\\\/\\\/pbase.com\\\/iwellguard\\\/iwellguard\",\"https:\\\/\\\/b.hatena.ne.jp\\\/iwellguard\\\/20260607#bookmark-4788405196491818882\",\"https:\\\/\\\/fliphtml5.com\\\/home\\\/iwellguard\",\"https:\\\/\\\/anyflip.com\\\/homepage\\\/cmiwl#About\",\"https:\\\/\\\/transfur.com\\\/Users\\\/iwellguard\",\"http:\\\/\\\/delphi.larsbo.org\\\/user\\\/iwellguard\",\"https:\\\/\\\/jobs.lajobsportal.org\\\/profiles\\\/8380803-iwell-guard\",\"https:\\\/\\\/md.chaosdorf.de\\\/s\\\/jfbe5SBdJD\",\"https:\\\/\\\/www.lingvolive.com\\\/en-us\\\/profile\\\/9ecaeaca-ce11-4e51-9e71-01d55e2bff36\\\/translations\",\"https:\\\/\\\/www.fitday.com\\\/fitness\\\/forums\\\/members\\\/iwellguard.html\",\"https:\\\/\\\/www.mymeetbook.com\\\/iwellguard\",\"https:\\\/\\\/pxhere.com\\\/en\\\/photographer-me\\\/5040798\",\"https:\\\/\\\/disqus.com\\\/by\\\/iwellguard\\\/about\\\/\",\"https:\\\/\\\/pastelink.net\\\/hjwciqwq\",\"https:\\\/\\\/pubhtml5.com\\\/homepage\\\/scjhn\\\/\",\"https:\\\/\\\/www.bitchute.com\\\/channel\\\/2O2eOKzNqujT\",\"https:\\\/\\\/audiomack.com\\\/iwellguard\"]}]}<\/script>\n<!-- \/ Yoast SEO Premium plugin. -->","yoast_head_json":{"title":"Finnsk go\u00f0afr\u00e6\u00f0i: Kalevala, Tapio og Ahti","description":"Sk\u00f3gargu\u00f0inn Tapio, vatnsgu\u00f0inn Ahti og haltija-andaheimur Kalevala: finnsk go\u00f0afr\u00e6\u00f0i \u00ed tr\u00faarfr\u00e6\u00f0ilegu samhengi.","robots":{"index":"index","follow":"follow","max-snippet":"max-snippet:-1","max-image-preview":"max-image-preview:large","max-video-preview":"max-video-preview:-1"},"canonical":"https:\/\/iwell-guard.com\/is\/finnsk-godafraedi\/","og_locale":"is_IS","og_type":"article","og_title":"Finnsk go\u00f0afr\u00e6\u00f0i","og_description":"Sk\u00f3gargu\u00f0inn Tapio, vatnsgu\u00f0inn Ahti og haltija-andaheimur Kalevala: finnsk go\u00f0afr\u00e6\u00f0i \u00ed tr\u00faarfr\u00e6\u00f0ilegu samhengi.","og_url":"https:\/\/iwell-guard.com\/is\/finnsk-godafraedi\/","og_site_name":"iWell Guard","article_modified_time":"2026-09-05T14:58:16+00:00","og_image":[{"width":1024,"height":1536,"url":"https:\/\/iwell-guard.com\/wp-content\/uploads\/2026\/07\/goetter_finnland_tapio.webp","type":"image\/webp"}],"twitter_card":"summary_large_image","schema":{"@context":"https:\/\/schema.org","@graph":[{"@type":"WebPage","@id":"https:\/\/iwell-guard.com\/is\/finnsk-godafraedi\/","url":"https:\/\/iwell-guard.com\/is\/finnsk-godafraedi\/","name":"Finnsk go\u00f0afr\u00e6\u00f0i: Kalevala, Tapio og Ahti","isPartOf":{"@id":"https:\/\/iwell-guard.com\/is\/#website"},"primaryImageOfPage":{"@id":"https:\/\/iwell-guard.com\/is\/finnsk-godafraedi\/#primaryimage"},"image":{"@id":"https:\/\/iwell-guard.com\/is\/finnsk-godafraedi\/#primaryimage"},"thumbnailUrl":"https:\/\/iwell-guard.com\/wp-content\/uploads\/2026\/07\/goetter_finnland_tapio.webp","datePublished":"2026-09-05T14:12:17+00:00","dateModified":"2026-09-05T14:58:16+00:00","description":"Sk\u00f3gargu\u00f0inn Tapio, vatnsgu\u00f0inn Ahti og haltija-andaheimur Kalevala: finnsk go\u00f0afr\u00e6\u00f0i \u00ed tr\u00faarfr\u00e6\u00f0ilegu samhengi.","breadcrumb":{"@id":"https:\/\/iwell-guard.com\/is\/finnsk-godafraedi\/#breadcrumb"},"inLanguage":"is","potentialAction":[{"@type":"ReadAction","target":["https:\/\/iwell-guard.com\/is\/finnsk-godafraedi\/"]}]},{"@type":"ImageObject","inLanguage":"is","@id":"https:\/\/iwell-guard.com\/is\/finnsk-godafraedi\/#primaryimage","url":"https:\/\/iwell-guard.com\/wp-content\/uploads\/2026\/07\/goetter_finnland_tapio.webp","contentUrl":"https:\/\/iwell-guard.com\/wp-content\/uploads\/2026\/07\/goetter_finnland_tapio.webp","width":1024,"height":1536,"caption":"Tapio, gu\u00f0 \u00far finnskri arfs\u00f6gn"},{"@type":"BreadcrumbList","@id":"https:\/\/iwell-guard.com\/is\/finnsk-godafraedi\/#breadcrumb","itemListElement":[{"@type":"ListItem","position":1,"name":"Start","item":"https:\/\/iwell-guard.com\/is\/?page_id=168580"},{"@type":"ListItem","position":2,"name":"Finnsk go\u00f0afr\u00e6\u00f0i"}]},{"@type":"WebSite","@id":"https:\/\/iwell-guard.com\/is\/#website","url":"https:\/\/iwell-guard.com\/is\/","name":"iWell Guard","description":"Schutz vor dunklen Einfl\u00fcssen","publisher":{"@id":"https:\/\/iwell-guard.com\/is\/#organization"},"potentialAction":[{"@type":"SearchAction","target":{"@type":"EntryPoint","urlTemplate":"https:\/\/iwell-guard.com\/is\/?s={search_term_string}"},"query-input":{"@type":"PropertyValueSpecification","valueRequired":true,"valueName":"search_term_string"}}],"inLanguage":"is"},{"@type":"Organization","@id":"https:\/\/iwell-guard.com\/is\/#organization","name":"Ittermann electronic GmbH","url":"https:\/\/iwell-guard.com\/is\/","logo":{"@type":"ImageObject","inLanguage":"is","@id":"https:\/\/iwell-guard.com\/is\/#\/schema\/logo\/image\/","url":"https:\/\/iwell-guard.com\/wp-content\/uploads\/2026\/05\/Ittermann-Logo-1182x237-1.png","contentUrl":"https:\/\/iwell-guard.com\/wp-content\/uploads\/2026\/05\/Ittermann-Logo-1182x237-1.png","width":1182,"height":237,"caption":"Ittermann electronic GmbH"},"image":{"@id":"https:\/\/iwell-guard.com\/is\/#\/schema\/logo\/image\/"},"sameAs":["https:\/\/pantip.com\/profile\/9367242","https:\/\/micro.blog\/iwellguard","https:\/\/www.diggerslist.com\/iwellguard\/about","https:\/\/skitterphoto.com\/photographers\/2870314\/iwell-guard","https:\/\/iwellguard.wordpress.com\/2026\/06\/06\/iwell-guard\/","https:\/\/hub.docker.com\/u\/iwellguard","https:\/\/www.pinterest.com\/iwellguard\/","https:\/\/bit.ly\/m\/iwellguard","https:\/\/entre-vos-mains.alsace.eu\/profiles\/iwellguard\/activity","https:\/\/gravatar.com\/reallybeded8fd34","https:\/\/naijamatta.com\/iwellguard","https:\/\/www.goodreads.com\/iwellguard","https:\/\/profile.hatena.ne.jp\/iwellguard\/","https:\/\/experiment.com\/users\/iwellguard","https:\/\/wakelet.com\/@iWellGuard82270","https:\/\/www.chordie.com\/forum\/profile.php?id=2555664","https:\/\/www.instapaper.com\/p\/17757966","https:\/\/www.mapleprimes.com\/users\/iwellguard","https:\/\/businesslistingplus.com\/profile\/iwell-guard\/","https:\/\/telegra.ph\/iWell-Guard-06-06","https:\/\/pbase.com\/iwellguard\/iwellguard","https:\/\/b.hatena.ne.jp\/iwellguard\/20260607#bookmark-4788405196491818882","https:\/\/fliphtml5.com\/home\/iwellguard","https:\/\/anyflip.com\/homepage\/cmiwl#About","https:\/\/transfur.com\/Users\/iwellguard","http:\/\/delphi.larsbo.org\/user\/iwellguard","https:\/\/jobs.lajobsportal.org\/profiles\/8380803-iwell-guard","https:\/\/md.chaosdorf.de\/s\/jfbe5SBdJD","https:\/\/www.lingvolive.com\/en-us\/profile\/9ecaeaca-ce11-4e51-9e71-01d55e2bff36\/translations","https:\/\/www.fitday.com\/fitness\/forums\/members\/iwellguard.html","https:\/\/www.mymeetbook.com\/iwellguard","https:\/\/pxhere.com\/en\/photographer-me\/5040798","https:\/\/disqus.com\/by\/iwellguard\/about\/","https:\/\/pastelink.net\/hjwciqwq","https:\/\/pubhtml5.com\/homepage\/scjhn\/","https:\/\/www.bitchute.com\/channel\/2O2eOKzNqujT","https:\/\/audiomack.com\/iwellguard"]}]}},"_links":{"self":[{"href":"https:\/\/iwell-guard.com\/is\/wp-json\/wp\/v2\/pages\/169854","targetHints":{"allow":["GET"]}}],"collection":[{"href":"https:\/\/iwell-guard.com\/is\/wp-json\/wp\/v2\/pages"}],"about":[{"href":"https:\/\/iwell-guard.com\/is\/wp-json\/wp\/v2\/types\/page"}],"author":[{"embeddable":true,"href":"https:\/\/iwell-guard.com\/is\/wp-json\/wp\/v2\/users\/3"}],"replies":[{"embeddable":true,"href":"https:\/\/iwell-guard.com\/is\/wp-json\/wp\/v2\/comments?post=169854"}],"version-history":[{"count":0,"href":"https:\/\/iwell-guard.com\/is\/wp-json\/wp\/v2\/pages\/169854\/revisions"}],"wp:featuredmedia":[{"embeddable":true,"href":"https:\/\/iwell-guard.com\/is\/wp-json\/wp\/v2\/media\/20431"}],"wp:attachment":[{"href":"https:\/\/iwell-guard.com\/is\/wp-json\/wp\/v2\/media?parent=169854"}],"wp:term":[{"taxonomy":"category","embeddable":true,"href":"https:\/\/iwell-guard.com\/is\/wp-json\/wp\/v2\/categories?post=169854"}],"curies":[{"name":"wp","href":"https:\/\/api.w.org\/{rel}","templated":true}]}}