{"id":169852,"date":"2026-09-05T14:12:16","date_gmt":"2026-09-05T14:12:16","guid":{"rendered":"https:\/\/iwell-guard.com\/?page_id=169852"},"modified":"2026-09-05T14:58:13","modified_gmt":"2026-09-05T14:58:13","slug":"filippseysk-godafraedi","status":"publish","type":"page","link":"https:\/\/iwell-guard.com\/is\/filippseysk-godafraedi\/","title":{"rendered":"Filippseysk go\u00f0afr\u00e6\u00f0i"},"content":{"rendered":"\t\t<div data-elementor-type=\"wp-page\" data-elementor-id=\"169852\" class=\"elementor elementor-169852 elementor-20558 elementor-bc-flex-widget\" data-elementor-post-type=\"page\">\n\t\t\t\t<div class=\"elementor-element elementor-element-iwgcn-sami-hero iwg-kultur-hero e-flex e-con-boxed e-con e-parent\" data-id=\"iwgcn-sami-hero\" data-element_type=\"container\" data-e-type=\"container\">\n\t\t\t\t\t<div class=\"e-con-inner\">\n\t\t<div class=\"elementor-element elementor-element-iwgcn-sami-hl iwg-kultur-hero-left e-flex e-con-boxed e-con e-child\" data-id=\"iwgcn-sami-hl\" data-element_type=\"container\" data-e-type=\"container\">\n\t\t\t\t\t<div class=\"e-con-inner\">\n\t\t\t\t<div class=\"elementor-element elementor-element-iwgcn-sami-h1 elementor-widget elementor-widget-heading\" data-id=\"iwgcn-sami-h1\" data-element_type=\"widget\" data-e-type=\"widget\" data-widget_type=\"heading.default\">\n\t\t\t\t\t<h1 class=\"elementor-heading-title elementor-size-default\">Filippseysk go\u00f0afr\u00e6\u00f0i, Anito-tr\u00fa og Aswang-flokkurinn<\/h1>\t\t\t\t<\/div>\n\t\t<div class=\"elementor-element elementor-element-iwgcn-sami-leadc e-con-full e-flex e-con e-child\" data-id=\"iwgcn-sami-leadc\" data-element_type=\"container\" data-e-type=\"container\">\n\t\t\t\t<div class=\"elementor-element elementor-element-iwgcn-sami-lead elementor-widget elementor-widget-text-editor\" data-id=\"iwgcn-sami-lead\" data-element_type=\"widget\" data-e-type=\"widget\" data-widget_type=\"text-editor.default\">\n\t\t\t\t\t\t\t\t\t<p>Filippseyjar samanstanda af meira en 7.000 eyjum og yfir 180 tungum\u00e1lah\u00f3pum, og tr\u00faarheimar t\u00edmans fyrir komu Sp\u00e1nverja eru \u00fear af lei\u00f0andi jafn margbreytilegir. Sameiginlegt m\u00f6rgum hef\u00f0um er tilbei\u00f0sla \u00e1 <strong>Anito<\/strong>, forfe\u00f0ra- og n\u00e1tt\u00faru\u00f6ndum, og \u00e1 <strong>Diwata<\/strong>, verum me\u00f0 greinilegum hind\u00fa-mala\u00edskum \u00e1hrifum. Fr\u00e1 16. \u00f6ld skarast sp\u00e6nska n\u00fdlendut\u00edmabili\u00f0 vi\u00f0 \u00feessi l\u00f6g me\u00f0 ka\u00fe\u00f3lskri tr\u00fabo\u00f0sstarfsemi, \u00e1n \u00feess a\u00f0 \u00fatr\u00fdma \u00feeim a\u00f0 fullu.<\/p>\n<p class=\"iwg-kwfix\">Filippseysk go\u00f0afr\u00e6\u00f0i er \u00feannig samofin \u00far andaheimi t\u00edmans fyrir Sp\u00e1nverja, sv\u00e6\u00f0isbundnum gu\u00f0aver\u00f6ldum og margra alda sk\u00f6run kristninnar. Greinin fjallar um Anito-tr\u00fana sem grunnlag \u00feessarar samofnu myndar \u00far forsp\u00e6nskum andaheimi og kristinni sk\u00f6run.<\/p>\t\t\t\t\t\t\t\t<\/div>\n\t\t\t\t<\/div>\n\t\t\t\t\t<\/div>\n\t\t\t\t<\/div>\n\t\t<div class=\"elementor-element elementor-element-iwgcn-sami-hr iwg-kultur-hero-right e-flex e-con-boxed e-con e-child\" data-id=\"iwgcn-sami-hr\" data-element_type=\"container\" data-e-type=\"container\">\n\t\t\t\t\t<div class=\"e-con-inner\">\n\t\t\t\t<div class=\"elementor-element elementor-element-iwgcn-sami-himg iwg-hero-image elementor-widget elementor-widget-image\" data-id=\"iwgcn-sami-himg\" data-element_type=\"widget\" data-e-type=\"widget\" data-widget_type=\"image.default\">\n\t\t\t\t\t\t\t\t\t\t\t\t\t\t\t<img fetchpriority=\"high\" decoding=\"async\" width=\"683\" height=\"1024\" src=\"https:\/\/iwell-guard.com\/wp-content\/uploads\/2026\/05\/goetter_sami_beaivi-683x1024.webp\" class=\"attachment-large size-large wp-image-170769\" alt=\"Beaivi - gu\u00f0ir \u00far sam\u00edskri hef\u00f0, s\u00f6guleg myndskreyting\" srcset=\"https:\/\/iwell-guard.com\/wp-content\/uploads\/2026\/05\/goetter_sami_beaivi-683x1024.webp 683w, https:\/\/iwell-guard.com\/wp-content\/uploads\/2026\/05\/goetter_sami_beaivi-200x300.webp 200w, https:\/\/iwell-guard.com\/wp-content\/uploads\/2026\/05\/goetter_sami_beaivi-768x1152.webp 768w, https:\/\/iwell-guard.com\/wp-content\/uploads\/2026\/05\/goetter_sami_beaivi.webp 1024w\" sizes=\"(max-width: 683px) 100vw, 683px\" \/>\t\t\t\t\t\t\t\t\t\t\t\t\t\t\t<\/div>\n\t\t\t\t\t<\/div>\n\t\t\t\t<\/div>\n\t\t\t\t\t<\/div>\n\t\t\t\t<\/div>\n\t\t\t\t<section class=\"elementor-section elementor-top-section elementor-element elementor-element-sec-iwgcomp-sami elementor-section-boxed elementor-section-height-default elementor-section-height-default\" data-id=\"sec-iwgcomp-sami\" data-element_type=\"section\" data-e-type=\"section\">\n\t\t\t\t\t\t<div class=\"elementor-container elementor-column-gap-default\">\n\t\t\t\t\t<div class=\"elementor-column elementor-col-100 elementor-top-column elementor-element elementor-element-col-iwgcomp-sami\" data-id=\"col-iwgcomp-sami\" data-element_type=\"column\" data-e-type=\"column\">\n\t\t\t<div class=\"elementor-widget-wrap elementor-element-populated\">\n\t\t\t\t\t\t<div class=\"elementor-element elementor-element-iwgcomp-sami elementor-widget elementor-widget-text-editor\" data-id=\"iwgcomp-sami\" data-element_type=\"widget\" data-e-type=\"widget\" data-widget_type=\"text-editor.default\">\n\t\t\t\t\t\t\t\t\t<p>Hugtaki\u00f0 <strong><span class=\"iwg-fachbegriff\" data-tooltip=\"Heimsmynd \u00fear sem n\u00e1tt\u00farufyrirb\u00e6rum, st\u00f6\u00f0um og forfe\u00f0rum er eignu\u00f0 eigin andlega kjarnasubstansa.\" tabindex=\"0\">Animismi<\/span><\/strong> l\u00fdsir tr\u00faarfr\u00e6\u00f0ilegum kjarna filippseyska tr\u00faarheimsins fyrir komu Sp\u00e1nverja, \u00fear sem fj\u00f6ll, tr\u00e9, \u00e1r og hinir l\u00e1tnu voru talin g\u00e6dd s\u00e1l.<\/p>\n<p class=\"iwg-kwfix\">Hinn svokalla\u00f0i <span class=\"iwg-fachbegriff\" data-tooltip=\"Samheiti sem \u00fej\u00f3\u00f0fr\u00e6\u00f0ingar \u00e1 bor\u00f0 vi\u00f0 Maximo Ramos myndu\u00f0u fyrir h\u00f3p breytilegra vera sem sag\u00f0ar eru h\u00e6ttulegar.\" tabindex=\"0\">Aswang-flokkurinn<\/span> og Anito-forfe\u00f0rad\u00fdrkunin voru m\u00f3tu\u00f0 af \u00feriggja alda n\u00fdlendut\u00edma og ka\u00fe\u00f3lskri \u00fej\u00f3\u00f0artr\u00fa, en lifa enn \u00ed munnlegri hef\u00f0 Visayaseyja og Luzon \u00ed dag.<\/p>\t\t\t\t\t\t\t\t<\/div>\n\t\t\t\t\t<\/div>\n\t\t<\/div>\n\t\t\t\t\t<\/div>\n\t\t<\/section>\n\t\t<div class=\"elementor-element elementor-element-iwgcn-sami-s0 e-flex e-con-boxed e-con e-parent\" data-id=\"iwgcn-sami-s0\" data-element_type=\"container\" data-e-type=\"container\">\n\t\t\t\t\t<div class=\"e-con-inner\">\n\t\t\t\t<div class=\"elementor-element elementor-element-iwgcn-sami-s0h elementor-widget elementor-widget-heading\" data-id=\"iwgcn-sami-s0h\" data-element_type=\"widget\" data-e-type=\"widget\" data-widget_type=\"heading.default\">\n\t\t\t\t\t<h2 class=\"elementor-heading-title elementor-size-default\">Eyjaheimur, tungum\u00e1lafj\u00f6lskyldur og tr\u00faarheimur fyrir komu Sp\u00e1nverja<\/h2>\t\t\t\t<\/div>\n\t\t<div class=\"elementor-element elementor-element-iwgcn-sami-s0-c e-con-full e-flex e-con e-child\" data-id=\"iwgcn-sami-s0-c\" data-element_type=\"container\" data-e-type=\"container\">\n\t\t\t\t<div class=\"elementor-element elementor-element-iwgcn-sami-s0t elementor-widget elementor-widget-text-editor\" data-id=\"iwgcn-sami-s0t\" data-element_type=\"widget\" data-e-type=\"widget\" data-widget_type=\"text-editor.default\">\n\t\t\t\t\t\t\t\t\t<p>Filippseysk tungum\u00e1l heyra til austr\u00f3nes\u00edsku tungum\u00e1lafj\u00f6lskyldunni, me\u00f0 tagalog, cebuano, ilocano, bikol og hiligaynon sem st\u00e6rstu h\u00f3pana. Fyrir komu Sp\u00e1nverja \u00e1ri\u00f0 1521 var ekki til neinn samr\u00e6mdur gu\u00f0aheimur, heldur fj\u00f6ldi sv\u00e6\u00f0isbundinna tr\u00faarkerfa me\u00f0 eigin s\u00e9rfr\u00e6\u00f0ingum \u00ed helgisi\u00f0um, Babaylan e\u00f0a Catalonan, oftast konur e\u00f0a karlar \u00ed kvenlegu hlutverki.<\/p><p>Hugtaki\u00f0 <strong>Anito<\/strong> er skjalfest \u00e1 st\u00f3rum hluta eyjaklasans og t\u00e1knar fyrst og fremst forfe\u00f0ra- og sta\u00f0aranda. <strong>Diwata<\/strong>, dregi\u00f0 af sanskr\u00edt-or\u00f0inu <em>devata<\/em> \u00ed gegnum mala\u00edska millimi\u00f0lun, er algengara \u00e1 Visayaseyjum og Mindanao og t\u00e1knar \u00fear frekar n\u00e1tt\u00faru- og landslagsgo\u00f0m\u00f6gn eins og <a href=\"https:\/\/iwell-guard.com\/is\/maria-makiling\/\">Maria Makiling<\/a>. Sk\u00f6rp a\u00f0greining \u00feessara tveggja hugtaka er tr\u00faarfr\u00e6\u00f0ilega ekki alls sta\u00f0ar haldb\u00e6r, \u00fev\u00ed sv\u00e6\u00f0isbundnar heimildir nota \u00feau oft skarandi.<\/p>\n<p class=\"iwg-kwfix\">Anito-forfe\u00f0rad\u00fdrkun, Diwata-tilbei\u00f0sla og hinn s\u00ed\u00f0ar tilkomni Aswang-flokkur myndast saman grunnger\u00f0 filippseyskrar go\u00f0afr\u00e6\u00f0i fyrir og vi\u00f0 hli\u00f0 ka\u00fe\u00f3lskrar sk\u00f6runar.<\/p>\t\t\t\t\t\t\t\t<\/div>\n\t\t\t\t<\/div>\n\t\t\t\t\t<\/div>\n\t\t\t\t<\/div>\n\t\t<div class=\"elementor-element elementor-element-iwgcn-sami-s1 e-flex e-con-boxed e-con e-parent\" data-id=\"iwgcn-sami-s1\" data-element_type=\"container\" data-e-type=\"container\">\n\t\t\t\t\t<div class=\"e-con-inner\">\n\t\t\t\t<div class=\"elementor-element elementor-element-iwgcn-sami-s1h elementor-widget elementor-widget-heading\" data-id=\"iwgcn-sami-s1h\" data-element_type=\"widget\" data-e-type=\"widget\" data-widget_type=\"heading.default\">\n\t\t\t\t\t<h2 class=\"elementor-heading-title elementor-size-default\">Gu\u00f0aheimur: Bathala, Bakunawa og Diwata n\u00e1tt\u00farunnar<\/h2>\t\t\t\t<\/div>\n\t\t<div class=\"elementor-element elementor-element-iwgcn-sami-s1-c e-con-full e-flex e-con e-child\" data-id=\"iwgcn-sami-s1-c\" data-element_type=\"container\" data-e-type=\"container\">\n\t\t\t\t<div class=\"elementor-element elementor-element-iwgcn-sami-s1t elementor-widget elementor-widget-text-editor\" data-id=\"iwgcn-sami-s1t\" data-element_type=\"widget\" data-e-type=\"widget\" data-widget_type=\"text-editor.default\">\n\t\t\t\t\t\t\t\t\t<p>\u00cd fyrstu sp\u00e6nskum fr\u00e1s\u00f6gnum, me\u00f0al annars \u00ed Relaci\u00f3n fransiskanamunkinns Juan de Plasencia fr\u00e1 1589, birtist <strong>Bathala<\/strong> sem tagalogskur himna- og skaparagu\u00f0, sem Anito og Diwata eru undirskipu\u00f0. \u00deessi stigveldislega t\u00falkun er \u00fe\u00f3 mj\u00f6g litu\u00f0 af kristnum forsendum tr\u00fabo\u00f0anna og ver\u00f0ur ekki yfirf\u00e6r\u00f0 umhugsunarlaust \u00e1 allan tr\u00faarlegan veruleika t\u00edmans fyrir komu Sp\u00e1nverja.<\/p><p>\u00cd hef\u00f0um Visayaseyja og Bicol \u00fatsk\u00fdrir slangan <strong>Bakunawa<\/strong> tunglmyrkva me\u00f0 \u00fev\u00ed a\u00f0 reyna a\u00f0 gleypa tungli\u00f0, og \u00fev\u00ed \u00e1tti h\u00e1va\u00f0i og trumbusl\u00e1ttur a\u00f0 hrekja hana burt. Me\u00f0al <strong>Diwata<\/strong> eru <a href=\"https:\/\/iwell-guard.com\/is\/diwata\/\">Diwata<\/a> sem samheiti, hafmeyjan <a href=\"https:\/\/iwell-guard.com\/is\/?page_id=169807\">Sirena<\/a> og fjallagy\u00f0jan <a href=\"https:\/\/iwell-guard.com\/is\/maria-makiling\/\">Maria Makiling<\/a>, en saga hennar um fjalli\u00f0 Makiling \u00ed Laguna er s\u00f6g\u00f0 enn \u00feann dag \u00ed dag.<\/p>\t\t\t\t\t\t\t\t<\/div>\n\t\t\t\t<\/div>\n\t\t\t\t\t<\/div>\n\t\t\t\t<\/div>\n\t\t<div class=\"elementor-element elementor-element-iwgcn-sami-s2 e-flex e-con-boxed e-con e-parent\" data-id=\"iwgcn-sami-s2\" data-element_type=\"container\" data-e-type=\"container\">\n\t\t\t\t\t<div class=\"e-con-inner\">\n\t\t\t\t<div class=\"elementor-element elementor-element-iwgcn-sami-s2h elementor-widget elementor-widget-heading\" data-id=\"iwgcn-sami-s2h\" data-element_type=\"widget\" data-e-type=\"widget\" data-widget_type=\"heading.default\">\n\t\t\t\t\t<h2 class=\"elementor-heading-title elementor-size-default\">Aswang-flokkurinn: Manananggal, Tiyanak, Aswang<\/h2>\t\t\t\t<\/div>\n\t\t<div class=\"elementor-element elementor-element-iwgcn-sami-s2-c e-con-full e-flex e-con e-child\" data-id=\"iwgcn-sami-s2-c\" data-element_type=\"container\" data-e-type=\"container\">\n\t\t\t\t<div class=\"elementor-element elementor-element-iwgcn-sami-s2t elementor-widget elementor-widget-text-editor\" data-id=\"iwgcn-sami-s2t\" data-element_type=\"widget\" data-e-type=\"widget\" data-widget_type=\"text-editor.default\">\n\t\t\t\t\t\t\t\t\t<p>\u00dej\u00f3\u00f0fr\u00e6\u00f0ingurinn Maximo Ramos m\u00f3ta\u00f0i \u00ed ranns\u00f3knum s\u00ednum \u00e1 1960 og 1970 \u00e1ratugnum hugtaki\u00f0 <em>Aswang-flokkurinn<\/em> fyrir b\u00fant tengdra, breytilegra og sagna h\u00e6ttulegra vera, sem er \u00fe\u00e9ttast skjalfest \u00e1 vestari Visayaseyjum, s\u00e9rstaklega \u00ed h\u00e9ra\u00f0inu Capiz. Hugtaki\u00f0 <a href=\"https:\/\/iwell-guard.com\/is\/aswang\/\">Aswang<\/a> er sj\u00e1lft nota\u00f0 \u00e1 mismunandi h\u00e1tt eftir sv\u00e6\u00f0um, \u00fdmist sem yfirhugtak e\u00f0a fyrir \u00e1kve\u00f0i\u00f0 birtingarform.<\/p><p>Til flokksins teljast <a href=\"https:\/\/iwell-guard.com\/is\/manananggal\/\">Manananggal<\/a>, sem sagan segir a\u00f0 skilji efri hluta l\u00edkamans fr\u00e1 ne\u00f0ri hluta og flj\u00fagi me\u00f0 le\u00f0urbl\u00f6kul\u00edkum v\u00e6ngjum, og <a href=\"https:\/\/iwell-guard.com\/is\/tiyanak\/\">Tiyanak<\/a>, vera \u00ed mynd ungabarns sem lokkar fer\u00f0alanga til s\u00edn. \u00deessar s\u00f6gur \u00fej\u00f3nu\u00f0u \u00ed \u00feorpssamf\u00e9l\u00f6gum me\u00f0al annars f\u00e9lagslegu a\u00f0haldi og skilgreiningu \u00e1 \u00f3\u00fatsk\u00fdr\u00f0um dau\u00f0sf\u00f6llum e\u00f0a f\u00f3sturl\u00e1tum.<\/p>\t\t\t\t\t\t\t\t<\/div>\n\t\t\t\t<\/div>\n\t\t\t\t\t<\/div>\n\t\t\t\t<\/div>\n\t\t<div class=\"elementor-element elementor-element-iwgcn-sami-s3 e-flex e-con-boxed e-con e-parent\" data-id=\"iwgcn-sami-s3\" data-element_type=\"container\" data-e-type=\"container\">\n\t\t\t\t\t<div class=\"e-con-inner\">\n\t\t\t\t<div class=\"elementor-element elementor-element-iwgcn-sami-s3h elementor-widget elementor-widget-heading\" data-id=\"iwgcn-sami-s3h\" data-element_type=\"widget\" data-e-type=\"widget\" data-widget_type=\"heading.default\">\n\t\t\t\t\t<h2 class=\"elementor-heading-title elementor-size-default\">Sk\u00f3garverur og blanda\u00f0ar n\u00fdlendumyndir: Tikbalang, Kapre, Berberoka<\/h2>\t\t\t\t<\/div>\n\t\t<div class=\"elementor-element elementor-element-iwgcn-sami-s3-c e-con-full e-flex e-con e-child\" data-id=\"iwgcn-sami-s3-c\" data-element_type=\"container\" data-e-type=\"container\">\n\t\t\t\t<div class=\"elementor-element elementor-element-iwgcn-sami-s3t elementor-widget elementor-widget-text-editor\" data-id=\"iwgcn-sami-s3t\" data-element_type=\"widget\" data-e-type=\"widget\" data-widget_type=\"text-editor.default\">\n\t\t\t\t\t\t\t\t\t<p>Auk forfe\u00f0ra- og n\u00e1tt\u00faruanda \u00feekkir filippseysk hef\u00f0 fj\u00f6lda landslags- og blendingsvera, \u00fear sem hugmyndir fr\u00e1 t\u00edmanum fyrir Sp\u00e1nverja blandast s\u00ed\u00f0ari \u00e1hrifum. <a href=\"https:\/\/iwell-guard.com\/is\/tikbalang\/\">Tikbalang<\/a>, hestsh\u00f6fu\u00f0 vera sk\u00f3ga og fjalla, \u00e1 a\u00f0 l\u00e1ta fer\u00f0alanga ganga \u00ed hringi \u00fear til \u00feeir tapa \u00e1ttum, samkv\u00e6mt hef\u00f0inni. <a href=\"https:\/\/iwell-guard.com\/is\/kapre\/\">Kapre<\/a>, risavaxin, vindlareykjandi tr\u00e9vera, ber nafn sem gegnum sp\u00e6nsku m\u00e1 rekja til arab\u00edsks or\u00f0s fyrir vantr\u00faa\u00f0a, sem v\u00edsar til margbrotinnar snertis\u00f6gu eyjaklasans.<\/p><p>\u00c1 nor\u00f0urhluta Luzon segir hef\u00f0 Ilocano og Isneg fr\u00e1 <a href=\"https:\/\/iwell-guard.com\/is\/?page_id=169804\">Berberoka<\/a>, votlendis\u00f3freskju sem heldur vatni og fl\u00e6\u00f0ir yfir land til a\u00f0 vei\u00f0a br\u00e1\u00f0, me\u00f0al annars skjalfest af sagnfr\u00e6\u00f0ingnum William Henry Scott. Hausalausi <a href=\"https:\/\/iwell-guard.com\/is\/pugot\/\">Pugot<\/a> og andinn <a href=\"https:\/\/iwell-guard.com\/is\/multo\/\">Multo<\/a>, sem skilinn er sem almennur andi og nafn hans er dregi\u00f0 af sp\u00e6nska or\u00f0inu fyrir hina l\u00e1tnu, s\u00fdna hvernig hugmyndir um anda fyrir komu Sp\u00e1nverja bl\u00f6ndu\u00f0ust sp\u00e6nsk-ka\u00fe\u00f3lskum hugt\u00f6kum.<\/p>\t\t\t\t\t\t\t\t<\/div>\n\t\t\t\t<\/div>\n\t\t\t\t\t<\/div>\n\t\t\t\t<\/div>\n\t\t<div class=\"elementor-element elementor-element-x-sami-s-faq e-flex e-con-boxed e-con e-parent\" data-id=\"x-sami-s-faq\" data-element_type=\"container\" data-e-type=\"container\">\n\t\t\t\t\t<div class=\"e-con-inner\">\n\t\t\t\t<div class=\"elementor-element elementor-element-x-sami-h-faq elementor-widget elementor-widget-heading\" data-id=\"x-sami-h-faq\" data-element_type=\"widget\" data-e-type=\"widget\" data-widget_type=\"heading.default\">\n\t\t\t\t\t<h2 class=\"elementor-heading-title elementor-size-default\">Algengar spurningar um filippseyska go\u00f0afr\u00e6\u00f0i<\/h2>\t\t\t\t<\/div>\n\t\t<div class=\"elementor-element elementor-element-iwgcn-sami-s3-c e-con-full e-flex e-con e-child\" data-id=\"iwgcn-sami-s3-c\" data-element_type=\"container\" data-e-type=\"container\">\n\t\t\t\t<div class=\"elementor-element elementor-element-x-sami-t-faq elementor-widget elementor-widget-text-editor\" data-id=\"x-sami-t-faq\" data-element_type=\"widget\" data-e-type=\"widget\" data-widget_type=\"text-editor.default\">\n\t\t\t\t\t\t\t\t\t<h3>Hva\u00f0 \u00fe\u00fd\u00f0ir Anito?<\/h3>\n<p>Anito v\u00edsar \u00e1 st\u00f3rum hluta Filippseyja fyrir sp\u00e6nska t\u00edmann til \u00e1a- og n\u00e1tt\u00faruanda sem f\u00e6r\u00f0ar voru f\u00f3rnargjafir. Hugtaki\u00f0 er skjalfest hj\u00e1 m\u00f6rgum tungum\u00e1lah\u00f3pum eyjaklasans, jafnvel \u00fe\u00f3tt n\u00e1kv\u00e6m merking \u00feess s\u00e9 breytileg eftir sv\u00e6\u00f0um.<\/p>\n<h3>Hva\u00f0 er Aswang-flokkurinn?<\/h3>\n<p>Aswang-flokkurinn er samheiti sem \u00fej\u00f3\u00f0fr\u00e6\u00f0ingar eins og Maximo Ramos myndu\u00f0u fyrir h\u00f3p tengdra, formbreytilegra vera sem sag\u00f0ar eru mann\u00e6tur, svo sem Manananggal, Tiyanak og Aswang, en heimildir um \u00fe\u00e6r eru \u00fe\u00e9ttastar \u00e1 vestari Visayas-eyjum.<\/p>\n<h3>Hver er munurinn \u00e1 Anito og Diwata?<\/h3>\n<p>Anito er frekar nota\u00f0 um \u00e1a- og sta\u00f0aranda og er nota\u00f0 um allan eyjaklasann, en Diwata, sem er tungum\u00e1lalega dregi\u00f0 af sanskr\u00edt-or\u00f0inu devata, v\u00edsar sterkar til n\u00e1tt\u00faru- og landslagsgu\u00f0a \u00e1 Visayas-eyjum og Mindanao. M\u00f6rkin milli hugtakanna tveggja eru \u00fe\u00f3 ekki alltaf sk\u00fdr \u00ed heimildunum.<\/p>\n<h3>Hvernig breytti sp\u00e6nska n\u00fdlendut\u00edmabili\u00f0 filippseyskri go\u00f0afr\u00e6\u00f0i?<\/h3>\n<p>Sp\u00e6nskir tr\u00fabo\u00f0ar t\u00falku\u00f0u Anito og Diwata fr\u00e1 16. \u00f6ld a\u00f0 mestu sem dj\u00f6fla og reyndu a\u00f0 \u00fatr\u00fdma tilbei\u00f0slu \u00feeirra. \u00der\u00e1tt fyrir \u00feetta lif\u00f0u m\u00f6rg atri\u00f0i \u00e1fram \u00ed \u00fej\u00f3\u00f0legu formi ka\u00fe\u00f3lskrar tr\u00faar og \u00ed munnlegri sagnahef\u00f0 sem enn er til \u00ed dag.<\/p>\n<script type=\"application\/ld+json\">{\"@context\": \"https:\/\/schema.org\", \"@type\": \"FAQPage\", \"mainEntity\": [{\"@type\": \"Question\", \"name\": \"Hva\u00f0 \u00fe\u00fd\u00f0ir Anito?\", \"acceptedAnswer\": {\"@type\": \"Answer\", \"text\": \"Anito v\u00edsar \u00e1 st\u00f3rum hluta Filippseyja fyrir sp\u00e6nska t\u00edmann til \u00e1a- og n\u00e1tt\u00faruanda sem f\u00e6r\u00f0ar voru f\u00f3rnargjafir. Hugtaki\u00f0 er skjalfest hj\u00e1 m\u00f6rgum tungum\u00e1lah\u00f3pum eyjaklasans, jafnvel \u00fe\u00f3tt n\u00e1kv\u00e6m merking \u00feess s\u00e9 breytileg eftir sv\u00e6\u00f0um.\"}}, {\"@type\": \"Question\", \"name\": \"Hva\u00f0 er Aswang-flokkurinn?\", \"acceptedAnswer\": {\"@type\": \"Answer\", \"text\": \"Aswang-flokkurinn er samheiti sem \u00fej\u00f3\u00f0fr\u00e6\u00f0ingar eins og Maximo Ramos myndu\u00f0u fyrir h\u00f3p tengdra, formbreytilegra vera sem sag\u00f0ar eru mann\u00e6tur, svo sem Manananggal, Tiyanak og Aswang, en heimildir um \u00fe\u00e6r eru \u00fe\u00e9ttastar \u00e1 vestari Visayas-eyjum.\"}}, {\"@type\": \"Question\", \"name\": \"Hver er munurinn \u00e1 Anito og Diwata?\", \"acceptedAnswer\": {\"@type\": \"Answer\", \"text\": \"Anito er frekar nota\u00f0 um \u00e1a- og sta\u00f0aranda og er nota\u00f0 um allan eyjaklasann, en Diwata, sem er tungum\u00e1lalega dregi\u00f0 af sanskr\u00edt-or\u00f0inu devata, v\u00edsar sterkar til n\u00e1tt\u00faru- og landslagsgu\u00f0a \u00e1 Visayas-eyjum og Mindanao. M\u00f6rkin milli hugtakanna tveggja eru \u00fe\u00f3 ekki alltaf sk\u00fdr \u00ed heimildunum.\"}}, {\"@type\": \"Question\", \"name\": \"Hvernig breytti sp\u00e6nska n\u00fdlendut\u00edmabili\u00f0 filippseyskri go\u00f0afr\u00e6\u00f0i?\", \"acceptedAnswer\": {\"@type\": \"Answer\", \"text\": \"Sp\u00e6nskir tr\u00fabo\u00f0ar t\u00falku\u00f0u Anito og Diwata fr\u00e1 16. \u00f6ld a\u00f0 mestu sem dj\u00f6fla og reyndu a\u00f0 \u00fatr\u00fdma tilbei\u00f0slu \u00feeirra. \u00der\u00e1tt fyrir \u00feetta lif\u00f0u m\u00f6rg atri\u00f0i \u00e1fram \u00ed \u00fej\u00f3\u00f0legu formi ka\u00fe\u00f3lskrar tr\u00faar og \u00ed munnlegri sagnahef\u00f0 sem enn er til \u00ed dag.\"}}]}<\/script>\t\t\t\t\t\t\t\t<\/div>\n\t\t\t\t<\/div>\n\t\t\t\t\t<\/div>\n\t\t\t\t<\/div>\n\t\t<div class=\"elementor-element elementor-element-iwgcn-sami-s4 e-flex e-con-boxed e-con e-parent\" data-id=\"iwgcn-sami-s4\" data-element_type=\"container\" data-e-type=\"container\">\n\t\t\t\t\t<div class=\"e-con-inner\">\n\t\t\t\t<div class=\"elementor-element elementor-element-iwgcn-sami-s4h elementor-widget elementor-widget-heading\" data-id=\"iwgcn-sami-s4h\" data-element_type=\"widget\" data-e-type=\"widget\" data-widget_type=\"heading.default\">\n\t\t\t\t\t<h2 class=\"elementor-heading-title elementor-size-default\">Bicolano-go\u00f0aheimur: Gugurang, Kan-Laon og Lalahon<\/h2>\t\t\t\t<\/div>\n\t\t<div class=\"elementor-element elementor-element-iwgcn-sami-s4-c e-con-full e-flex e-con e-child\" data-id=\"iwgcn-sami-s4-c\" data-element_type=\"container\" data-e-type=\"container\">\n\t\t\t\t<div class=\"elementor-element elementor-element-iwgcn-sami-s4t elementor-widget elementor-widget-text-editor\" data-id=\"iwgcn-sami-s4t\" data-element_type=\"widget\" data-e-type=\"widget\" data-widget_type=\"text-editor.default\">\n\t\t\t\t\t\t\t\t\t<p>\u00cd Ibalong-kvi\u00f0unni fr\u00e1 Bicol-sv\u00e6\u00f0inu, sem sp\u00e6nskur tr\u00fabo\u00f0i skr\u00e1\u00f0i fyrst \u00e1 16. \u00f6ld og Fray Jos\u00e9 Casta\u00f1o endurger\u00f0i \u00e1 19. \u00f6ld, er <a href=\"https:\/\/iwell-guard.com\/is\/gugurang\/\">Gugurang<\/a> talinn \u00e6\u00f0sti eldgu\u00f0 eldfjallsins Mayon, sem \u00e1skorunar er m\u00e6tt af andst\u00e6\u00f0um anda. \u00c1 eyjunni Negros er <a href=\"https:\/\/iwell-guard.com\/is\/kan-laon\/\">Kan-Laon<\/a> tengdur eldfjallinu Kanlaon, en <a href=\"https:\/\/iwell-guard.com\/is\/lalahon\/\">Lalahon<\/a> er talin uppskerugy\u00f0ja sem s\u00f6gur segja senda engisprettur ef henni er vanvirt. \u00deessar tv\u00e6r pers\u00f3nur eru \u00ed \u00fdmsum heimildum \u00fdmist l\u00fdstar sem skarast e\u00f0a sem a\u00f0greindar verur, og fr\u00e6\u00f0ilegar ni\u00f0urst\u00f6\u00f0ur eru ekki samhlj\u00f3\u00f0a.<\/p><p>Auk hinna st\u00f3ru go\u00f0aheimspers\u00f3na \u00e1 Bicol-hef\u00f0in einnig sv\u00e6\u00f0isbundnar sl\u00f6nguverur \u00e1 vatnasvi\u00f0inu, sem eru felldar undir samheiti\u00f0 <a href=\"https:\/\/iwell-guard.com\/is\/?page_id=169806\">Naga-Bicol<\/a>, endurhlj\u00f3mur af Naga-minni sem borist hefur fr\u00e1 Su\u00f0ur-As\u00edu \u00ed sta\u00f0bundinni mynd.<\/p>\t\t\t\t\t\t\t\t<\/div>\n\t\t\t\t<\/div>\n\t\t\t\t\t<\/div>\n\t\t\t\t<\/div>\n\t\t<div class=\"elementor-element elementor-element-iwgcn-sami-s5 e-flex e-con-boxed e-con e-parent\" data-id=\"iwgcn-sami-s5\" data-element_type=\"container\" data-e-type=\"container\">\n\t\t\t\t\t<div class=\"e-con-inner\">\n\t\t\t\t<div class=\"elementor-element elementor-element-iwgcn-sami-s5h elementor-widget elementor-widget-heading\" data-id=\"iwgcn-sami-s5h\" data-element_type=\"widget\" data-e-type=\"widget\" data-widget_type=\"heading.default\">\n\t\t\t\t\t<h2 class=\"elementor-heading-title elementor-size-default\">Vindagu\u00f0ir: Amihan, Habagat og b\u00f6rn Lihangin<\/h2>\t\t\t\t<\/div>\n\t\t<div class=\"elementor-element elementor-element-iwgcn-sami-s5-c e-con-full e-flex e-con e-child\" data-id=\"iwgcn-sami-s5-c\" data-element_type=\"container\" data-e-type=\"container\">\n\t\t\t\t<div class=\"elementor-element elementor-element-iwgcn-sami-s5t elementor-widget elementor-widget-text-editor\" data-id=\"iwgcn-sami-s5t\" data-element_type=\"widget\" data-e-type=\"widget\" data-widget_type=\"text-editor.default\">\n\t\t\t\t\t\t\t\t\t<p>\u00cd tagalskum sk\u00f6punars\u00f6gum er <a href=\"https:\/\/iwell-guard.com\/is\/lihangin\/\">Lihangin<\/a> talinn vindgu\u00f0, sem er kv\u00e6ntur hafgy\u00f0ju. B\u00f6rn \u00feeirra eru fj\u00f3rir vindarnir, \u00fear \u00e1 me\u00f0al <a href=\"https:\/\/iwell-guard.com\/is\/amihan\/\">Amihan<\/a>, nor\u00f0austan-mons\u00faninn, og <a href=\"https:\/\/iwell-guard.com\/is\/habagat\/\">Habagat<\/a>, su\u00f0vestan-mons\u00faninn, en b\u00e6\u00f0i n\u00f6fnin eru enn \u00ed dag notu\u00f0 yfir \u00e1rst\u00ed\u00f0irnar \u00e1 Filippseyjum. <a href=\"https:\/\/iwell-guard.com\/is\/anitun-tabu\/\">Anitun Tabu<\/a> kemur fram \u00ed nokkrum \u00fatg\u00e1fum sem duttlungafull ve\u00f0ur- og eldingagu\u00f0.<\/p><p>A\u00f0rar vind- og stormverur eru <a href=\"https:\/\/iwell-guard.com\/is\/apo-angin\/\">Apo-Angin<\/a>, sem er sta\u00f0festur \u00ed sv\u00e6\u00f0isbundinni Kapampangan- og Ilocano-hef\u00f0, og <a href=\"https:\/\/iwell-guard.com\/is\/buhawi\/\">Buhawi<\/a>, hvirfilbylurinn, sem birtist pers\u00f3nuger\u00f0ur \u00ed munnlegum s\u00f6gum.<\/p>\t\t\t\t\t\t\t\t<\/div>\n\t\t\t\t<\/div>\n\t\t\t\t\t<\/div>\n\t\t\t\t<\/div>\n\t\t<div class=\"elementor-element elementor-element-iwgcn-sami-s6 e-flex e-con-boxed e-con e-parent\" data-id=\"iwgcn-sami-s6\" data-element_type=\"container\" data-e-type=\"container\">\n\t\t\t\t\t<div class=\"e-con-inner\">\n\t\t\t\t<div class=\"elementor-element elementor-element-iwgcn-sami-s6h elementor-widget elementor-widget-heading\" data-id=\"iwgcn-sami-s6h\" data-element_type=\"widget\" data-e-type=\"widget\" data-widget_type=\"heading.default\">\n\t\t\t\t\t<h2 class=\"elementor-heading-title elementor-size-default\">Sp\u00e6nska n\u00fdlendut\u00edmabili\u00f0, kristnibo\u00f0 og \u00fej\u00f3\u00f0tr\u00fa \u00ed dag<\/h2>\t\t\t\t<\/div>\n\t\t<div class=\"elementor-element elementor-element-iwgcn-sami-s6-c e-con-full e-flex e-con e-child\" data-id=\"iwgcn-sami-s6-c\" data-element_type=\"container\" data-e-type=\"container\">\n\t\t\t\t<div class=\"elementor-element elementor-element-iwgcn-sami-s6t elementor-widget elementor-widget-text-editor\" data-id=\"iwgcn-sami-s6t\" data-element_type=\"widget\" data-e-type=\"widget\" data-widget_type=\"text-editor.default\">\n\t\t\t\t\t\t\t\t\t<p>\u00cd sp\u00e6nsku n\u00fdlendustj\u00f3rninni fr\u00e1 1565 til 1898 skr\u00e1\u00f0u klerkar \u00e1 bor\u00f0 vi\u00f0 Ignacio Francisco Alcina, sem samdi Historia de las Islas e Indios de Bisayas \u00e1ri\u00f0 1668, sta\u00f0bundnar tr\u00faarhugmyndir jafnframt \u00fev\u00ed a\u00f0 berjast gegn \u00feeim sem dj\u00f6fullegum. Anito- og Diwata-tilbei\u00f0sla var st\u00f6\u00f0ugt dj\u00f6flager\u00f0 \u00ed kirkjulegum heimildum, sem hefur m\u00f3ta\u00f0 var\u00f0veislu \u00feeirra allt til \u00feessa dags: margt er var\u00f0veitt einungis fr\u00e1 sj\u00f3narhorni andst\u00e6\u00f0inga \u00feeirra.<\/p><p>\u00der\u00e1tt fyrir aldalanga kristnibo\u00f0sstarfsemi lif\u00f0u atri\u00f0i \u00far hinum forna andaheimi \u00e1fram \u00ed \u00fej\u00f3\u00f0legu formi ka\u00fe\u00f3lskrar tr\u00faar, \u00fear sem d\u00fdrlingar t\u00f3ku \u00e1 sig hlutverk fyrrum Anito, auk \u00feess \u00ed munnlegri sagnahef\u00f0, \u00ed gr\u00e6\u00f0arai\u00f0kun og \u00ed tr\u00fanni \u00e1 Aswang sem enn er \u00fatbreidd \u00ed dreifb\u00fdli. \u00dej\u00f3\u00f0fr\u00e6\u00f0ingar eins og Maximo Ramos, Damiana Eugenio og s\u00ed\u00f0ar Fenella Cannell hafa skjalfest \u00feessar hef\u00f0ir \u00e1 fr\u00e6\u00f0ilegan h\u00e1tt.<\/p>\t\t\t\t\t\t\t\t<\/div>\n\t\t\t\t<\/div>\n\t\t\t\t\t<\/div>\n\t\t\t\t<\/div>\n\t\t<div class=\"elementor-element elementor-element-cp2d9a92a3 e-flex e-con-boxed e-con e-parent\" data-id=\"cp2d9a92a3\" data-element_type=\"container\" data-e-type=\"container\">\n\t\t\t\t\t<div class=\"e-con-inner\">\n\t\t\t\t<div class=\"elementor-element elementor-element-cp2515827f elementor-widget elementor-widget-heading\" data-id=\"cp2515827f\" data-element_type=\"widget\" data-e-type=\"widget\" data-widget_type=\"heading.default\">\n\t\t\t\t\t<h2 class=\"elementor-heading-title elementor-size-default\">Eyjaklasi me\u00f0 meira en hundra\u00f0 \u00fej\u00f3\u00f0flokkum og tungum\u00e1lum<\/h2>\t\t\t\t<\/div>\n\t\t<div class=\"elementor-element elementor-element-cp25cbddf2 e-flex e-con-boxed e-con e-child\" data-id=\"cp25cbddf2\" data-element_type=\"container\" data-e-type=\"container\">\n\t\t\t\t\t<div class=\"e-con-inner\">\n\t\t\t\t<div class=\"elementor-element elementor-element-cp240cdc6c elementor-widget elementor-widget-text-editor\" data-id=\"cp240cdc6c\" data-element_type=\"widget\" data-e-type=\"widget\" data-widget_type=\"text-editor.default\">\n\t\t\t\t\t\t\t\t\t<p>Filippseyjar samanstanda af yfir 7.000 eyjum og eru heimkynni meira en 180 tungum\u00e1la, \u00feess vegna er ekki h\u00e6gt a\u00f0 tala um eina \u201efilippseyska go\u00f0afr\u00e6\u00f0i\u201c \u00ed str\u00f6ngum skilningi. \u00dea\u00f0 sem \u00ed dag er dregi\u00f0 saman undir \u00feessu heiti eru fj\u00f6lmargar sv\u00e6\u00f0isbundnar hef\u00f0ir sem eru a\u00f0 hluta til verulega mismunandi \u00e1 Luzon, Visayas-eyjum og Mindanao.<\/p><p>Fyrir sp\u00e6nska landn\u00e1mi\u00f0, sem h\u00f3fst 1565, var ekkert mi\u00f0l\u00e6gt go\u00f0aveldi og engin einsleit prestast\u00e9tt til. \u00deess \u00ed sta\u00f0 sinntu sta\u00f0bundnar s\u00e9rfr\u00e6\u00f0ingar \u00ed tr\u00faarath\u00f6fnum, Babaylan e\u00f0a Catalonan, ath\u00f6fnum fyrir s\u00edn tilheyrandi samf\u00e9l\u00f6g. Verkefni \u00feeirra sp\u00f6nnu\u00f0u allt fr\u00e1 l\u00e6kningum og \u00fatfararath\u00f6fnum til a\u00f0 mi\u00f0la milli manna og Anito.<\/p><p>Hin mikla tungum\u00e1lalega og menningarlega fj\u00f6lbreytni eyjaklasans sk\u00fdrir einnig hvers vegna mi\u00f0l\u00e6g hugt\u00f6k \u00e1 bor\u00f0 vi\u00f0 Anito og Diwata eru notu\u00f0 me\u00f0 mismunandi h\u00e6tti eftir sv\u00e6\u00f0um og hvers vegna go\u00f0aveldispers\u00f3nur eins og Gugurang e\u00f0a Kan-Laon eru \u00feekktar a\u00f0eins \u00e1 \u00e1kve\u00f0num sv\u00e6\u00f0um en ekki um allan eyjaklasann.<\/p><p>\u00dat fr\u00e1 tr\u00faarbrag\u00f0afr\u00e6\u00f0ilegu sj\u00f3narhorni ber \u00fev\u00ed a\u00f0 fara varlega \u00ed framsetningu sem gefur til kynna eitt heildst\u00e6tt filippseyskt go\u00f0aveldi. N\u00e6r heimildunum er l\u00fdsing \u00e1 neti tengdra en sj\u00e1lfst\u00e6\u00f0ra sv\u00e6\u00f0isbundinna hef\u00f0a.<\/p>\t\t\t\t\t\t\t\t<\/div>\n\t\t\t\t\t<\/div>\n\t\t\t\t<\/div>\n\t\t\t\t\t<\/div>\n\t\t\t\t<\/div>\n\t\t<div class=\"elementor-element elementor-element-cp2b1a3dae e-flex e-con-boxed e-con e-parent\" data-id=\"cp2b1a3dae\" data-element_type=\"container\" data-e-type=\"container\">\n\t\t\t\t\t<div class=\"e-con-inner\">\n\t\t\t\t<div class=\"elementor-element elementor-element-cp282c06ff elementor-widget elementor-widget-heading\" data-id=\"cp282c06ff\" data-element_type=\"widget\" data-e-type=\"widget\" data-widget_type=\"heading.default\">\n\t\t\t\t\t<h2 class=\"elementor-heading-title elementor-size-default\">Anito, Diwata og forfe\u00f0urnir: Grunnsto\u00f0ir tr\u00faarins<\/h2>\t\t\t\t<\/div>\n\t\t<div class=\"elementor-element elementor-element-cp228b4522 e-flex e-con-boxed e-con e-child\" data-id=\"cp228b4522\" data-element_type=\"container\" data-e-type=\"container\">\n\t\t\t\t\t<div class=\"e-con-inner\">\n\t\t\t\t<div class=\"elementor-element elementor-element-cp261454c5 elementor-widget elementor-widget-text-editor\" data-id=\"cp261454c5\" data-element_type=\"widget\" data-e-type=\"widget\" data-widget_type=\"text-editor.default\">\n\t\t\t\t\t\t\t\t\t<p>\u00cd mi\u00f0ju hins fyrirsp\u00e6nska tr\u00faarkerfis var hugmyndin um a\u00f0 forfe\u00f0ur, n\u00e1tt\u00farusta\u00f0ir og \u00e1kve\u00f0in d\u00fdr v\u00e6ru g\u00e6dd s\u00e9rstakri andaefni, einkenni \u00feess sem tr\u00faarbrag\u00f0afr\u00e6\u00f0ingar kalla <span class=\"iwg-fachbegriff\" data-tooltip=\"Heimsmynd \u00fear sem n\u00e1tt\u00farufyrirb\u00e6rum, st\u00f6\u00f0um og forfe\u00f0rum er eignu\u00f0 s\u00e9rst\u00f6k andaefni.\" tabindex=\"0\">animismi<\/span>. Anito voru \u00fear a\u00f0 mestu andar framli\u00f0inna forfe\u00f0ra, sem fengu f\u00f3rnargjafir vi\u00f0 veikindi, uppskeru e\u00f0a mikilv\u00e6ga l\u00edfsvi\u00f0bur\u00f0i.<\/p><p>Diwata, hugtak sem barst \u00far sanskr\u00edt \u00ed gegnum mala\u00edsku, v\u00edsa\u00f0i fremur til vera sem voru bundnar vi\u00f0 \u00e1kve\u00f0na sta\u00f0i, svo sem fjall, gamalt tr\u00e9 e\u00f0a lind. Tilbei\u00f0sla sl\u00edkra sta\u00f0aranda kalla\u00f0i \u00e1 vir\u00f0ingu fyrir landslaginu: ekki m\u00e1tti fella tr\u00e9 \u00e1n leyfis, ekki m\u00e1tti fara \u00e1 \u00e1kve\u00f0na sta\u00f0i \u00e1n athafnar.<\/p><p>Tengslin vi\u00f0 andaheiminn voru mi\u00f0lu\u00f0 af Babaylan, s\u00e9rfr\u00e6\u00f0ingum \u00ed tr\u00faarath\u00f6fnum, sem komust \u00ed tengsl vi\u00f0 Anito e\u00f0a Diwata \u00ed trans, t\u00falku\u00f0u veikindi og st\u00fdr\u00f0u ath\u00f6fnum. \u00cd m\u00f6rgum samf\u00e9l\u00f6gum nj\u00f3ta \u00fe\u00e6r mikillar vir\u00f0ingar, en hlutverk \u00feeirra var markvisst grafi\u00f0 undan \u00e1 sp\u00e6nska n\u00fdlendut\u00edmanum.<\/p><p>Sambandi\u00f0 milli manna og andaheimsins var \u00feannig ekki fr\u00e6\u00f0ilega abstrakt, heldur hagn\u00fdtt \u00ed hversdagsl\u00edfinu: landnotkun, veikindi, f\u00e6\u00f0ing og dau\u00f0i voru a\u00f0 \u00f6llu leyti t\u00falku\u00f0 \u00ed tengslum vi\u00f0 Anito og Diwata.<\/p>\t\t\t\t\t\t\t\t<\/div>\n\t\t\t\t\t<\/div>\n\t\t\t\t<\/div>\n\t\t\t\t\t<\/div>\n\t\t\t\t<\/div>\n\t\t<div class=\"elementor-element elementor-element-cp295547c2 e-flex e-con-boxed e-con e-parent\" data-id=\"cp295547c2\" data-element_type=\"container\" data-e-type=\"container\">\n\t\t\t\t\t<div class=\"e-con-inner\">\n\t\t\t\t<div class=\"elementor-element elementor-element-cp28944fb0 elementor-widget elementor-widget-heading\" data-id=\"cp28944fb0\" data-element_type=\"widget\" data-e-type=\"widget\" data-widget_type=\"heading.default\">\n\t\t\t\t\t<h2 class=\"elementor-heading-title elementor-size-default\">Heimildirnar: sp\u00e6nskar ann\u00e1lar og munnleg kv\u00e6\u00f0ab\u00e1lkar<\/h2>\t\t\t\t<\/div>\n\t\t<div class=\"elementor-element elementor-element-cp23d59da4 e-flex e-con-boxed e-con e-child\" data-id=\"cp23d59da4\" data-element_type=\"container\" data-e-type=\"container\">\n\t\t\t\t\t<div class=\"e-con-inner\">\n\t\t\t\t<div class=\"elementor-element elementor-element-cp2ce157b6 elementor-widget elementor-widget-text-editor\" data-id=\"cp2ce157b6\" data-element_type=\"widget\" data-e-type=\"widget\" data-widget_type=\"text-editor.default\">\n\t\t\t\t\t\t\t\t\t<p>Skrifleg <span class=\"iwg-fachbegriff\" data-tooltip=\"Mi\u00f0lun \u00feekkingar og sagna kynsl\u00f3\u00f0 eftir kynsl\u00f3\u00f0.\" tabindex=\"0\">arfleif\u00f0<\/span> um fyrirsp\u00e6nska tr\u00fa Filippseyja kemur n\u00e6r undantekningarlaust fr\u00e1 sp\u00e6nskum reglubr\u00e6\u00f0rum. Me\u00f0al elstu og mikilv\u00e6gustu heimildanna er Relaci\u00f3n de las Costumbres de los Tagalos eftir fransiskana Juan de Plasencia fr\u00e1 1589, auk Boxer Codex sem var\u00f0 til litlu s\u00ed\u00f0ar, r\u00edkulega myndskreytts handrits um \u00edb\u00faa eyjaklasans.<\/p><p>Fyrir Visayas-eyjar er Historia de las Islas e Indios de Bisayas eftir jes\u00fa\u00edtann Ignacio Francisco Alcina fr\u00e1 1668 mikilv\u00e6g heimild, \u00fe\u00f3tt h\u00fan s\u00e9 skrifu\u00f0 fr\u00e1 tr\u00fabo\u00f0slegu sj\u00f3narhorni. Eins og me\u00f0 samb\u00e6rileg n\u00fdlendurit annars sta\u00f0ar \u00far heiminum gildir: markmi\u00f0 \u00feeirra var a\u00f0 \u00fatr\u00fdma \u00fev\u00ed sem stimpla\u00f0 var sem <span class=\"iwg-fachbegriff\" data-tooltip=\"Fr\u00e1 kristnu sj\u00f3narhorni: \u00fea\u00f0 sem heyrir til fyrirkristinnar e\u00f0a \u00f3kristinnar tr\u00faar.\" tabindex=\"0\">hei\u00f0nar<\/span> athafnir, ekki a\u00f0 l\u00fdsa \u00feeim \u00e1 hlutlausan h\u00e1tt.<\/p><p>Annar, \u00f3h\u00e1\u00f0ari heimildaflokkur eru munnlega var\u00f0veitt kv\u00e6\u00f0ab\u00e1lkar sem fyrst voru skrifa\u00f0ir ni\u00f0ur \u00e1 19. og 20. \u00f6ld, me\u00f0al annars Ibalong-kv\u00e6\u00f0ab\u00e1lkurinn fr\u00e1 Bicol-h\u00e9ra\u00f0i og Hinilawod-kv\u00e6\u00f0ab\u00e1lkurinn fr\u00e1 Panay. \u00der\u00e1tt fyrir a\u00f0 fara \u00feurfi varlega vegna s\u00ed\u00f0ari t\u00edma breytinga, var\u00f0veita \u00feeir eldri fr\u00e1sagnarform og go\u00f0aveldispers\u00f3nur eins og Gugurang e\u00f0a Handyong.<\/p><p>\u00c1 20. \u00f6ld t\u00f3ku \u00fej\u00f3\u00f0h\u00e1ttafr\u00e6\u00f0ingar eins og Maximo Ramos, sem m\u00f3ta\u00f0i hugtaki\u00f0 Aswang-fl\u00f3kann, og Damiana Eugenio me\u00f0 margbinda safnriti s\u00ednu um filippseyskar \u00fej\u00f3\u00f0s\u00f6gur, \u00feessar dreif\u00f0u heimildir saman \u00e1 fr\u00e6\u00f0ilegan h\u00e1tt \u00ed fyrsta sinn.<\/p>\t\t\t\t\t\t\t\t<\/div>\n\t\t\t\t\t<\/div>\n\t\t\t\t<\/div>\n\t\t\t\t\t<\/div>\n\t\t\t\t<\/div>\n\t\t<div class=\"elementor-element elementor-element-cp2c009332 e-flex e-con-boxed e-con e-parent\" data-id=\"cp2c009332\" data-element_type=\"container\" data-e-type=\"container\">\n\t\t\t\t\t<div class=\"e-con-inner\">\n\t\t\t\t<div class=\"elementor-element elementor-element-cp225c94da elementor-widget elementor-widget-heading\" data-id=\"cp225c94da\" data-element_type=\"widget\" data-e-type=\"widget\" data-widget_type=\"heading.default\">\n\t\t\t\t\t<h2 class=\"elementor-heading-title elementor-size-default\">Landn\u00e1m, kristnitaka og endurn\u00fdju\u00f0 \u00e1hugi n\u00fat\u00edmans<\/h2>\t\t\t\t<\/div>\n\t\t<div class=\"elementor-element elementor-element-cp2c7191ab e-flex e-con-boxed e-con e-child\" data-id=\"cp2c7191ab\" data-element_type=\"container\" data-e-type=\"container\">\n\t\t\t\t\t<div class=\"e-con-inner\">\n\t\t\t\t<div class=\"elementor-element elementor-element-cp23f4061d elementor-widget elementor-widget-text-editor\" data-id=\"cp23f4061d\" data-element_type=\"widget\" data-e-type=\"widget\" data-widget_type=\"text-editor.default\">\n\t\t\t\t\t\t\t\t\t<p>Sp\u00e6nska n\u00fdlendut\u00edmabili\u00f0 fr\u00e1 1565 til 1898 haf\u00f0i \u00ed f\u00f6r me\u00f0 s\u00e9r markvissa kristnit\u00f6ku. Anito og Diwata voru reglulega s\u00fdndar sem dj\u00f6flar \u00ed kirkjulegum ritum, tilbei\u00f0sla \u00feeirra s\u00f3tt til saka sem synd, og Babaylan sviptar v\u00f6ldum e\u00f0a \u00fer\u00fdst til a\u00f0 taka kristna tr\u00fa \u00e1 m\u00f6rgum sv\u00e6\u00f0um.<\/p><p>Hinn forni andaheimur hvarf \u00fe\u00f3 ekki a\u00f0 fullu. Hann lif\u00f0i \u00e1fram \u00ed \u00fej\u00f3\u00f0legu formi ka\u00fe\u00f3lskrar tr\u00faar, \u00fear sem h\u00e1t\u00ed\u00f0ir d\u00fdrlinga runnu saman vi\u00f0 fyrirsp\u00e6nska uppskeruvenjur, og \u00ed munnlegri sagnahef\u00f0 um Aswang, Diwata og n\u00e1tt\u00faruandana sem er virk enn \u00ed dag, s\u00e9rstaklega \u00ed sveitah\u00e9ru\u00f0um Visayas-eyja.<\/p><p>\u00c1 20. \u00f6ld vakna\u00f0i n\u00fdr \u00e1hugi \u00e1 fyrirsp\u00e6nskum hef\u00f0um me\u00f0 filippseyskri \u00fej\u00f3\u00f0ernishyggju, s\u00fdnilegur me\u00f0al annars \u00ed b\u00f3kmenntalegri umfj\u00f6llun Jos\u00e9 Rizals um Maria Makiling. Fr\u00e1 1960 hafa \u00fej\u00f3\u00f0h\u00e1ttafr\u00e6\u00f0ingar eins og Maximo Ramos og Damiana Eugenio skr\u00e1\u00f0 \u00fe\u00e6r sagnahef\u00f0ir sem eftir standa \u00e1 markvissan h\u00e1tt.<\/p><p>\u00cd dag hafa kvikmyndir, sj\u00f3nvarp og popmenning veruleg \u00e1hrif \u00e1 opinbera mynd f\u00f3lks af Aswang og Diwata, sem hvetur tr\u00faarbrag\u00f0afr\u00e6\u00f0inga eins og Fenellu Cannell til a\u00f0 gera sk\u00fdran greinarmun \u00e1 vins\u00e6lum einf\u00f6ldunum og hinum fl\u00f3knari, sv\u00e6\u00f0isbundi\u00f0 fj\u00f6lbreyttari heimildum. Ekki er unnt a\u00f0 tala um heildst\u00e6\u00f0a endurl\u00edfgun fyrirsp\u00e6nsku tr\u00faarinnar sem lifandi i\u00f0kun, meirihluti Filippseyinga er \u00ed dag ka\u00fe\u00f3lskur e\u00f0a, \u00e1 hlutum Mindanao, m\u00faslimskur.<\/p>\t\t\t\t\t\t\t\t<\/div>\n\t\t\t\t\t<\/div>\n\t\t\t\t<\/div>\n\t\t\t\t\t<\/div>\n\t\t\t\t<\/div>\n\t\t<div class=\"elementor-element elementor-element-iwgha-sami-sec e-flex e-con-boxed e-con e-parent\" data-id=\"iwgha-sami-sec\" data-element_type=\"container\" data-e-type=\"container\">\n\t\t\t\t\t<div class=\"e-con-inner\">\n\t\t\t\t<div class=\"elementor-element elementor-element-iwgha-sami-h elementor-widget elementor-widget-heading\" data-id=\"iwgha-sami-h\" data-element_type=\"widget\" data-e-type=\"widget\" data-widget_type=\"heading.default\">\n\t\t\t\t\t<h2 class=\"elementor-heading-title elementor-size-default\">Verur \u00far \u00feessari hef\u00f0 (21)<\/h2>\t\t\t\t<\/div>\n\t\t<div class=\"elementor-element elementor-element-iwgha-sami-gc e-flex e-con-boxed e-con e-parent\" data-id=\"iwgha-sami-gc\" data-element_type=\"container\" data-e-type=\"container\">\n\t\t\t\t\t<div class=\"e-con-inner\">\n\t\t\t\t<div class=\"elementor-element elementor-element-iwgha-sami-grid elementor-widget elementor-widget-text-editor\" data-id=\"iwgha-sami-grid\" data-element_type=\"widget\" data-e-type=\"widget\" data-widget_type=\"text-editor.default\">\n\t\t\t\t\t\t\t\t\t<div class=\"iwg-wesen-grid\"><a class=\"iwg-wesen-card\" href=\"https:\/\/iwell-guard.com\/is\/tikbalang\/\" aria-label=\"Tikbalang\"><div class=\"iwg-wesen-card-imgwrap\"><img decoding=\"async\" src=\"https:\/\/iwell-guard.com\/wp-content\/uploads\/2026\/07\/geister_philippinisch_tikbalang-200x300.webp\" alt=\"Tikbalang\" loading=\"lazy\"><\/div><div class=\"iwg-wesen-card-body\"><div class=\"iwg-wesen-card-name\">Tikbalang<\/div><div class=\"iwg-wesen-card-arrow\">\u2192 \u00c1 v\u00e6ttina<\/div><\/div><\/a><a class=\"iwg-wesen-card\" href=\"https:\/\/iwell-guard.com\/is\/kapre\/\" aria-label=\"Kapre\"><div class=\"iwg-wesen-card-imgwrap\"><img decoding=\"async\" src=\"https:\/\/iwell-guard.com\/wp-content\/uploads\/2026\/07\/geister_philippinisch_kapre-200x300.webp\" alt=\"Kapre\" loading=\"lazy\"><\/div><div class=\"iwg-wesen-card-body\"><div class=\"iwg-wesen-card-name\">Kapre<\/div><div class=\"iwg-wesen-card-arrow\">\u2192 \u00c1 v\u00e6ttina<\/div><\/div><\/a><a class=\"iwg-wesen-card\" href=\"https:\/\/iwell-guard.com\/is\/diwata\/\" aria-label=\"Diwata\"><div class=\"iwg-wesen-card-imgwrap\"><img decoding=\"async\" src=\"https:\/\/iwell-guard.com\/wp-content\/uploads\/2026\/07\/goetter_philippinisch_diwata-200x300.webp\" alt=\"Diwata\" loading=\"lazy\"><\/div><div class=\"iwg-wesen-card-body\"><div class=\"iwg-wesen-card-name\">Diwata<\/div><div class=\"iwg-wesen-card-arrow\">\u2192 \u00c1 v\u00e6ttina<\/div><\/div><\/a><a class=\"iwg-wesen-card\" href=\"https:\/\/iwell-guard.com\/is\/sirena\/\" aria-label=\"Sirena\"><div class=\"iwg-wesen-card-imgwrap\"><img decoding=\"async\" src=\"https:\/\/iwell-guard.com\/wp-content\/uploads\/2026\/07\/geister_philippinisch_sirena-200x300.webp\" alt=\"Sirena\" loading=\"lazy\"><\/div><div class=\"iwg-wesen-card-body\"><div class=\"iwg-wesen-card-name\">Sirena<\/div><div class=\"iwg-wesen-card-arrow\">\u2192 \u00c1 v\u00e6ttina<\/div><\/div><\/a><a class=\"iwg-wesen-card\" href=\"https:\/\/iwell-guard.com\/is\/naga-bicol\/\" aria-label=\"Naga (Bicol)\"><div class=\"iwg-wesen-card-imgwrap\"><img decoding=\"async\" src=\"https:\/\/iwell-guard.com\/wp-content\/uploads\/2026\/07\/goetter_philippinisch_naga-bicol-200x300.webp\" alt=\"Naga (Bicol)\" loading=\"lazy\"><\/div><div class=\"iwg-wesen-card-body\"><div class=\"iwg-wesen-card-name\">Naga (Bicol)<\/div><div class=\"iwg-wesen-card-arrow\">\u2192 \u00c1 v\u00e6ttina<\/div><\/div><\/a><a class=\"iwg-wesen-card\" href=\"https:\/\/iwell-guard.com\/is\/berberoka\/\" aria-label=\"Berberoka\"><div class=\"iwg-wesen-card-imgwrap\"><img decoding=\"async\" src=\"https:\/\/iwell-guard.com\/wp-content\/uploads\/2026\/07\/daemonen_philippinisch_berberoka-200x300.webp\" alt=\"Berberoka\" loading=\"lazy\"><\/div><div class=\"iwg-wesen-card-body\"><div class=\"iwg-wesen-card-name\">Berberoka<\/div><div class=\"iwg-wesen-card-arrow\">\u2192 \u00c1 v\u00e6ttina<\/div><\/div><\/a><a class=\"iwg-wesen-card\" href=\"https:\/\/iwell-guard.com\/is\/tiyanak\/\" aria-label=\"Tiyanak\"><div class=\"iwg-wesen-card-imgwrap\"><img decoding=\"async\" src=\"https:\/\/iwell-guard.com\/wp-content\/uploads\/2026\/07\/daemonen_philippinisch_tiyanak-200x300.webp\" alt=\"Tiyanak\" loading=\"lazy\"><\/div><div class=\"iwg-wesen-card-body\"><div class=\"iwg-wesen-card-name\">Tiyanak<\/div><div class=\"iwg-wesen-card-arrow\">\u2192 \u00c1 v\u00e6ttina<\/div><\/div><\/a><a class=\"iwg-wesen-card\" href=\"https:\/\/iwell-guard.com\/is\/pugot\/\" aria-label=\"Pugot\"><div class=\"iwg-wesen-card-imgwrap\"><img decoding=\"async\" src=\"https:\/\/iwell-guard.com\/wp-content\/uploads\/2026\/07\/geister_philippinisch_pugot-200x300.webp\" alt=\"Pugot\" loading=\"lazy\"><\/div><div class=\"iwg-wesen-card-body\"><div class=\"iwg-wesen-card-name\">Pugot<\/div><div class=\"iwg-wesen-card-arrow\">\u2192 \u00c1 v\u00e6ttina<\/div><\/div><\/a><a class=\"iwg-wesen-card\" href=\"https:\/\/iwell-guard.com\/is\/multo\/\" aria-label=\"Multo\"><div class=\"iwg-wesen-card-imgwrap\"><img decoding=\"async\" src=\"https:\/\/iwell-guard.com\/wp-content\/uploads\/2026\/07\/geister_philippinisch_multo-200x300.webp\" alt=\"Multo\" loading=\"lazy\"><\/div><div class=\"iwg-wesen-card-body\"><div class=\"iwg-wesen-card-name\">Multo<\/div><div class=\"iwg-wesen-card-arrow\">\u2192 \u00c1 v\u00e6ttina<\/div><\/div><\/a><a class=\"iwg-wesen-card\" href=\"https:\/\/iwell-guard.com\/is\/manananggal\/\" aria-label=\"Manananggal\"><div class=\"iwg-wesen-card-imgwrap\"><img decoding=\"async\" src=\"https:\/\/iwell-guard.com\/wp-content\/uploads\/2026\/07\/daemonen_philippinisch_manananggal-200x300.webp\" alt=\"Manananggal\" loading=\"lazy\"><\/div><div class=\"iwg-wesen-card-body\"><div class=\"iwg-wesen-card-name\">Manananggal<\/div><div class=\"iwg-wesen-card-arrow\">\u2192 \u00c1 v\u00e6ttina<\/div><\/div><\/a><a class=\"iwg-wesen-card\" href=\"https:\/\/iwell-guard.com\/is\/aswang\/\" aria-label=\"Aswang\"><div class=\"iwg-wesen-card-imgwrap\"><img decoding=\"async\" src=\"https:\/\/iwell-guard.com\/wp-content\/uploads\/2026\/07\/daemonen_philippinisch_aswang-200x300.webp\" alt=\"Aswang\" loading=\"lazy\"><\/div><div class=\"iwg-wesen-card-body\"><div class=\"iwg-wesen-card-name\">Aswang<\/div><div class=\"iwg-wesen-card-arrow\">\u2192 \u00c1 v\u00e6ttina<\/div><\/div><\/a><a class=\"iwg-wesen-card\" href=\"https:\/\/iwell-guard.com\/is\/lalahon\/\" aria-label=\"Lalahon\"><div class=\"iwg-wesen-card-imgwrap\"><img decoding=\"async\" src=\"https:\/\/iwell-guard.com\/wp-content\/uploads\/2026\/07\/goetter_philippinisch_lalahon-200x300.webp\" alt=\"Lalahon\" loading=\"lazy\"><\/div><div class=\"iwg-wesen-card-body\"><div class=\"iwg-wesen-card-name\">Lalahon<\/div><div class=\"iwg-wesen-card-arrow\">\u2192 \u00c1 v\u00e6ttina<\/div><\/div><\/a><a class=\"iwg-wesen-card\" href=\"https:\/\/iwell-guard.com\/is\/kan-laon\/\" aria-label=\"Kan-Laon\"><div class=\"iwg-wesen-card-imgwrap\"><img decoding=\"async\" src=\"https:\/\/iwell-guard.com\/wp-content\/uploads\/2026\/07\/goetter_philippinisch_kan-laon-200x300.webp\" alt=\"Kan-Laon\" loading=\"lazy\"><\/div><div class=\"iwg-wesen-card-body\"><div class=\"iwg-wesen-card-name\">Kan-Laon<\/div><div class=\"iwg-wesen-card-arrow\">\u2192 \u00c1 v\u00e6ttina<\/div><\/div><\/a><a class=\"iwg-wesen-card\" href=\"https:\/\/iwell-guard.com\/is\/gugurang\/\" aria-label=\"Gugurang\"><div class=\"iwg-wesen-card-imgwrap\"><img decoding=\"async\" src=\"https:\/\/iwell-guard.com\/wp-content\/uploads\/2026\/07\/goetter_philippinisch_gugurang-200x300.webp\" alt=\"Gugurang\" loading=\"lazy\"><\/div><div class=\"iwg-wesen-card-body\"><div class=\"iwg-wesen-card-name\">Gugurang<\/div><div class=\"iwg-wesen-card-arrow\">\u2192 \u00c1 v\u00e6ttina<\/div><\/div><\/a><a class=\"iwg-wesen-card\" href=\"https:\/\/iwell-guard.com\/is\/lihangin\/\" aria-label=\"Lihangin\"><div class=\"iwg-wesen-card-imgwrap\"><img decoding=\"async\" src=\"https:\/\/iwell-guard.com\/wp-content\/uploads\/2026\/07\/goetter_philippinisch_lihangin-200x300.webp\" alt=\"Lihangin\" loading=\"lazy\"><\/div><div class=\"iwg-wesen-card-body\"><div class=\"iwg-wesen-card-name\">Lihangin<\/div><div class=\"iwg-wesen-card-arrow\">\u2192 \u00c1 v\u00e6ttina<\/div><\/div><\/a><a class=\"iwg-wesen-card\" href=\"https:\/\/iwell-guard.com\/is\/habagat\/\" aria-label=\"Habagat\"><div class=\"iwg-wesen-card-imgwrap\"><img decoding=\"async\" src=\"https:\/\/iwell-guard.com\/wp-content\/uploads\/2026\/07\/goetter_philippinisch_habagat-200x300.webp\" alt=\"Habagat\" loading=\"lazy\"><\/div><div class=\"iwg-wesen-card-body\"><div class=\"iwg-wesen-card-name\">Habagat<\/div><div class=\"iwg-wesen-card-arrow\">\u2192 \u00c1 v\u00e6ttina<\/div><\/div><\/a><a class=\"iwg-wesen-card\" href=\"https:\/\/iwell-guard.com\/is\/buhawi\/\" aria-label=\"Buhawi\"><div class=\"iwg-wesen-card-imgwrap\"><img decoding=\"async\" src=\"https:\/\/iwell-guard.com\/wp-content\/uploads\/2026\/07\/geister_philippinisch_buhawi-200x300.webp\" alt=\"Buhawi\" loading=\"lazy\"><\/div><div class=\"iwg-wesen-card-body\"><div class=\"iwg-wesen-card-name\">Buhawi<\/div><div class=\"iwg-wesen-card-arrow\">\u2192 \u00c1 v\u00e6ttina<\/div><\/div><\/a><a class=\"iwg-wesen-card\" href=\"https:\/\/iwell-guard.com\/is\/apo-angin\/\" aria-label=\"Apo Angin\"><div class=\"iwg-wesen-card-imgwrap\"><img decoding=\"async\" src=\"https:\/\/iwell-guard.com\/wp-content\/uploads\/2026\/07\/goetter_philippinisch_apo-angin-200x300.webp\" alt=\"Apo Angin\" loading=\"lazy\"><\/div><div class=\"iwg-wesen-card-body\"><div class=\"iwg-wesen-card-name\">Apo Angin<\/div><div class=\"iwg-wesen-card-arrow\">\u2192 \u00c1 v\u00e6ttina<\/div><\/div><\/a><a class=\"iwg-wesen-card\" href=\"https:\/\/iwell-guard.com\/is\/anitun-tabu\/\" aria-label=\"Anitun Tabu\"><div class=\"iwg-wesen-card-imgwrap\"><img decoding=\"async\" src=\"https:\/\/iwell-guard.com\/wp-content\/uploads\/2026\/07\/goetter_philippinisch_anitun-tabu-200x300.webp\" alt=\"Anitun Tabu\" loading=\"lazy\"><\/div><div class=\"iwg-wesen-card-body\"><div class=\"iwg-wesen-card-name\">Anitun Tabu<\/div><div class=\"iwg-wesen-card-arrow\">\u2192 \u00c1 v\u00e6ttina<\/div><\/div><\/a><a class=\"iwg-wesen-card\" href=\"https:\/\/iwell-guard.com\/is\/amihan\/\" aria-label=\"Amihan\"><div class=\"iwg-wesen-card-imgwrap\"><img decoding=\"async\" src=\"https:\/\/iwell-guard.com\/wp-content\/uploads\/2026\/07\/goetter_philippinisch_amihan-200x300.webp\" alt=\"Amihan\" loading=\"lazy\"><\/div><div class=\"iwg-wesen-card-body\"><div class=\"iwg-wesen-card-name\">Amihan<\/div><div class=\"iwg-wesen-card-arrow\">\u2192 \u00c1 v\u00e6ttina<\/div><\/div><\/a><a class=\"iwg-wesen-card\" href=\"https:\/\/iwell-guard.com\/is\/maria-makiling\/\" aria-label=\"Maria Makiling\"><div class=\"iwg-wesen-card-imgwrap\"><img decoding=\"async\" src=\"https:\/\/iwell-guard.com\/wp-content\/uploads\/2026\/07\/geister_philippinisch_maria-makiling-200x300.webp\" alt=\"Maria Makiling\" loading=\"lazy\"><\/div><div class=\"iwg-wesen-card-body\"><div class=\"iwg-wesen-card-name\">Maria Makiling<\/div><div class=\"iwg-wesen-card-arrow\">\u2192 \u00c1 v\u00e6ttina<\/div><\/div><\/a><\/div>\t\t\t\t\t\t\t\t<\/div>\n\t\t\t\t\t<\/div>\n\t\t\t\t<\/div>\n\t\t\t\t\t<\/div>\n\t\t\t\t<\/div>\n\t\t<div class=\"elementor-element elementor-element-iwgkw2-add-sami e-flex e-con-boxed e-con e-parent\" data-id=\"iwgkw2-add-sami\" data-element_type=\"container\" data-e-type=\"container\">\n\t\t\t\t\t<div class=\"e-con-inner\">\n\t\t\t\t<div class=\"elementor-element elementor-element-iwgkw2-add-sami-t elementor-widget elementor-widget-text-editor\" data-id=\"iwgkw2-add-sami-t\" data-element_type=\"widget\" data-e-type=\"widget\" data-widget_type=\"text-editor.default\">\n\t\t\t\t\t\t\t\t\t<p>Filippseyska <em>Anito-forfe\u00f0rad\u00fdrkunin<\/em> tengir saman Babaylan, f\u00f3rnargjafir og sta\u00f0aranda \u00ed sj\u00e1lfst\u00e6\u00f0a verndari\u00f0kun, \u00e1 me\u00f0an hinn af fr\u00e6\u00f0im\u00f6nnum l\u00fdsti <em>Aswang-fl\u00f3ki<\/em> s\u00fdnir hvernig samf\u00e9l\u00f6g unnu \u00far \u00f3gn \u00ed fr\u00e1s\u00f6gnum, me\u00f0al annars me\u00f0 hv\u00edtlauk, salti e\u00f0a v\u00edg\u00f0um hlutum gegn hinum illr\u00e6mdu verum n\u00e6turins.<\/p>\t\t\t\t\t\t\t\t<\/div>\n\t\t\t\t\t<\/div>\n\t\t\t\t<\/div>\n\t\t<div class=\"elementor-element elementor-element-iwgcn-sami-kwd e-flex e-con-boxed e-con e-parent\" data-id=\"iwgcn-sami-kwd\" data-element_type=\"container\" data-e-type=\"container\">\n\t\t\t\t\t<div class=\"e-con-inner\">\n\t\t<div class=\"elementor-element elementor-element-iwgcn-sami-kwd-c e-con-full e-flex e-con e-child\" data-id=\"iwgcn-sami-kwd-c\" data-element_type=\"container\" data-e-type=\"container\">\n\t\t\t\t<div class=\"elementor-element elementor-element-iwgcn-sami-kwdt elementor-widget elementor-widget-text-editor\" data-id=\"iwgcn-sami-kwdt\" data-element_type=\"widget\" data-e-type=\"widget\" data-widget_type=\"text-editor.default\">\n\t\t\t\t\t\t\t\t\t<p><em>Tengd kjarnahugt\u00f6k: Anito Diwata Bathala Bakunawa Babaylan Aswang Ibalong Visayas Luzon Mindanao.<\/em><\/p>\t\t\t\t\t\t\t\t<\/div>\n\t\t\t\t<\/div>\n\t\t\t\t\t<\/div>\n\t\t\t\t<\/div>\n\t\t<div class=\"elementor-element elementor-element-iwgcn-sami-cc e-flex e-con-boxed e-con e-parent\" data-id=\"iwgcn-sami-cc\" data-element_type=\"container\" data-e-type=\"container\" id=\"iwg-cc-sami\">\n\t\t\t\t\t<div class=\"e-con-inner\">\n\t\t<div class=\"elementor-element elementor-element-iwgcn-sami-ccinner e-flex e-con-boxed e-con e-parent\" data-id=\"iwgcn-sami-ccinner\" data-element_type=\"container\" data-e-type=\"container\" data-settings=\"{&quot;background_background&quot;:&quot;classic&quot;}\">\n\t\t\t\t\t<div class=\"e-con-inner\">\n\t\t\t\t<div class=\"elementor-element elementor-element-iwgcn-sami-cch elementor-widget elementor-widget-heading\" data-id=\"iwgcn-sami-cch\" data-element_type=\"widget\" data-e-type=\"widget\" data-widget_type=\"heading.default\">\n\t\t\t\t\t<h2 class=\"elementor-heading-title elementor-size-default\">Verndargripir \u00ed \u00feessari menningarhef\u00f0<\/h2>\t\t\t\t<\/div>\n\t\t\t\t<div class=\"elementor-element elementor-element-iwgcn-sami-cct elementor-widget elementor-widget-text-editor\" data-id=\"iwgcn-sami-cct\" data-element_type=\"widget\" data-e-type=\"widget\" data-widget_type=\"text-editor.default\">\n\t\t\t\t\t\t\t\t\t<p>Me\u00f0al filippseyskra \u00fej\u00f3\u00f0sagna er verndargripurinn kalla\u00f0ur Anting-Anting, <a href=\"https:\/\/iwell-guard.com\/is\/amulett\/\">verndargripur<\/a> me\u00f0 tr\u00faarlegum t\u00e1knum og <a href=\"https:\/\/iwell-guard.com\/is\/?page_id=169849\">b\u00e6naform\u00falum<\/a>, og Agimat sem er n\u00e1skyldur <a href=\"https:\/\/iwell-guard.com\/is\/talisman\/\">talismani<\/a>, auk hv\u00edtlauks, <a href=\"https:\/\/iwell-guard.com\/is\/salt-sem-verndargripur\/\">salts<\/a> og v\u00edg\u00f0rar ol\u00edu, sem \u00ed sveitas\u00f6gum voru notu\u00f0 til varnar gegn Aswang-fyrirb\u00e6rinu. Sl\u00edkir gripir eru menningars\u00f6gulega tj\u00e1ning \u00e1 \u00fe\u00f6rf fyrir vernd, ekki vi\u00f0urkennd verkunarefni. Yfirlit yfir verndarform \u00fdmissa menningarheima m\u00e1 finna \u00e1 <a href=\"https:\/\/iwell-guard.com\/is\/verndarleidarvisir\/\">Verndarkomp\u00e1snum<\/a>.<\/p><div data-nosnippet=\"true\"><p>iWell Guard tengist \u00feessari menningars\u00f6gulegu hef\u00f0 verndargripa sem bornir eru \u00e1 l\u00edkamanum, hanna\u00f0ur me\u00f0 samt\u00edmalegri efnis\u00fatf\u00e6rslu og framleiddur \u00ed \u00de\u00fdskalandi. 41 lag, ekta gull, plat\u00edna, silfur. 30 daga skilar\u00e9ttur.<\/p><\/div>\t\t\t\t\t\t\t\t<\/div>\n\t\t\t\t<div class=\"elementor-element elementor-element-iwgcn-sami-ccb iwg-cc-button iwg-cc-cta-2026-05-13 elementor-widget elementor-widget-jet-button\" data-id=\"iwgcn-sami-ccb\" data-element_type=\"widget\" data-e-type=\"widget\" data-widget_type=\"jet-button.default\">\n\t\t\t\t<div class=\"elementor-widget-container\">\n\t\t\t\t\t<div class=\"elementor-jet-button jet-elements\"><div class=\"jet-button__container\"><a class=\"jet-button__instance jet-button__instance--icon-left hover-effect-1\" href=\"\/ueber-iwell-guard\/?utm_source=iwell-guard.com&amp;utm_medium=info-box&amp;utm_campaign=kultur-tradition\"><div class=\"jet-button__plane jet-button__plane-normal\"><\/div><div class=\"jet-button__plane jet-button__plane-hover\"><\/div><div class=\"jet-button__state jet-button__state-normal\"><span class=\"jet-button__label\">Meira um iWell Guard<\/span><\/div><div class=\"jet-button__state jet-button__state-hover\"><span class=\"jet-button__label\">Meira um iWell Guard<\/span><\/div><\/a><\/div><\/div><style>.elementor-element.elementor-element-iwgcn-sami-ccb .jet-button__instance{width:320px;height:56px;}.elementor-element.elementor-element-iwgcn-sami-ccb .jet-button__state-normal .jet-button__label{text-align:center;margin:0px 0px 0px 0px;color:#1a1b20;font-family:Montserrat,sans-serif;font-size:13px;font-weight:400;letter-spacing:4px;line-height:1.714em;text-transform:uppercase;}.elementor-element.elementor-element-iwgcn-sami-ccb .jet-button__state-hover .jet-button__label{text-align:center;margin:0px 0px 0px 0px;color:#FECC76;font-family:Montserrat,sans-serif;font-size:13px;font-weight:400;letter-spacing:4px;line-height:1.714em;text-transform:uppercase;}.elementor-element.elementor-element-iwgcn-sami-ccb .jet-button__plane-normal{background-color:#FECC76;border-style:solid;border-color:#C99540;border-width:2px 2px 2px 2px;}.elementor-element.elementor-element-iwgcn-sami-ccb .jet-button__plane-hover{background-color:rgba(0,0,0,0.55);border-style:solid;border-color:#FECC76;border-width:2px 2px 2px 2px;}<\/style>\t\t\t\t<\/div>\n\t\t\t\t<\/div>\n\t\t\t\t<div class=\"elementor-element elementor-element-iwgcn-sami-ccd elementor-widget elementor-widget-text-editor\" data-id=\"iwgcn-sami-ccd\" data-element_type=\"widget\" data-e-type=\"widget\" data-widget_type=\"text-editor.default\">\n\t\t\t\t\t\t\t\t\t<div data-nosnippet=\"true\"><p style=\"text-align:center;font-size:13px;opacity:0.7;margin-top:14px\" data-nosnippet=\"true\">Pers\u00f3nuleg reynsla getur veri\u00f0 mismunandi. Ekki l\u00e6kningat\u00e6ki. Engin lofor\u00f0 um l\u00e6kningu.<\/p><\/div>\t\t\t\t\t\t\t\t<\/div>\n\t\t\t\t\t<\/div>\n\t\t\t\t<\/div>\n\t\t\t\t\t<\/div>\n\t\t\t\t<\/div>\n\t\t<div class=\"elementor-element elementor-element-iwgcn-sami-disc e-flex e-con-boxed e-con e-parent\" data-id=\"iwgcn-sami-disc\" data-element_type=\"container\" data-e-type=\"container\">\n\t\t\t\t\t<div class=\"e-con-inner\">\n\t\t\t\t<div class=\"elementor-element elementor-element-iwgcn-sami-discw elementor-widget elementor-widget-html\" data-id=\"iwgcn-sami-discw\" data-element_type=\"widget\" data-e-type=\"widget\" data-widget_type=\"html.default\">\n\t\t\t\t\t<footer data-nosnippet=\"true\" class=\"iwg-disclaimer-block\"><p data-nosnippet=\"true\">iWell Guard er <strong>ekki l\u00e6kningat\u00e6ki<\/strong> og kemur ekki \u00ed sta\u00f0inn fyrir l\u00e6knis- e\u00f0a s\u00e1lfr\u00e6\u00f0ime\u00f0fer\u00f0. Tr\u00faarfr\u00e6\u00f0ilegt efni er menningars\u00f6gulegt samhengi, ekki r\u00e1\u00f0legging um andlega i\u00f0kun.<\/p><\/footer>\t\t\t\t<\/div>\n\t\t\t\t\t<\/div>\n\t\t\t\t<\/div>\n\t\t\t\t<\/div>\n\t\t","protected":false},"excerpt":{"rendered":"","protected":false},"author":3,"featured_media":20197,"parent":0,"menu_order":0,"comment_status":"closed","ping_status":"closed","template":"elementor_header_footer","meta":{"_yoast_wpseo_focuskw":"filippseysk go\u00f0afr\u00e6\u00f0i","_yoast_wpseo_title":"Filippseysk go\u00f0afr\u00e6\u00f0i: Anito, Diwata, Aswang","_yoast_wpseo_metadesc":"Anito-forfe\u00f0rad\u00fdrkun, Diwata-andar og Aswang-flokkurinn \u00e1 Filippseyjum: tr\u00faarfr\u00e6\u00f0ileg \u00fattekt me\u00f0 verum fr\u00e1 Tikbalang til Manananggal.","_yoast_wpseo_meta-robots-noindex":"","_yoast_wpseo_canonical":"","_angie_page":false,"gefaehrdungsstufe":"","wesen_kultur":"","wesen_klasse":"","footnotes":""},"categories":[],"class_list":["post-169852","page","type-page","status-publish","has-post-thumbnail","hentry"],"yoast_head":"<!-- This site is optimized with the Yoast SEO Premium plugin v27.7 (Yoast SEO v28.3) - https:\/\/yoast.com\/product\/yoast-seo-premium-wordpress\/ -->\n<title>Filippseysk go\u00f0afr\u00e6\u00f0i: Anito, Diwata, Aswang<\/title>\n<meta name=\"description\" content=\"Anito-forfe\u00f0rad\u00fdrkun, Diwata-andar og Aswang-flokkurinn \u00e1 Filippseyjum: tr\u00faarfr\u00e6\u00f0ileg \u00fattekt me\u00f0 verum fr\u00e1 Tikbalang til Manananggal.\" \/>\n<meta name=\"robots\" content=\"index, follow, max-snippet:-1, max-image-preview:large, max-video-preview:-1\" \/>\n<link rel=\"canonical\" href=\"https:\/\/iwell-guard.com\/is\/filippseysk-godafraedi\/\" \/>\n<meta property=\"og:locale\" content=\"is_IS\" \/>\n<meta property=\"og:type\" content=\"article\" \/>\n<meta property=\"og:title\" content=\"Filippseysk go\u00f0afr\u00e6\u00f0i\" \/>\n<meta property=\"og:description\" content=\"Anito-forfe\u00f0rad\u00fdrkun, Diwata-andar og Aswang-flokkurinn \u00e1 Filippseyjum: tr\u00faarfr\u00e6\u00f0ileg \u00fattekt me\u00f0 verum fr\u00e1 Tikbalang til Manananggal.\" \/>\n<meta property=\"og:url\" content=\"https:\/\/iwell-guard.com\/is\/filippseysk-godafraedi\/\" \/>\n<meta property=\"og:site_name\" content=\"iWell Guard\" \/>\n<meta property=\"article:modified_time\" content=\"2026-09-05T14:58:13+00:00\" \/>\n<meta property=\"og:image\" content=\"https:\/\/iwell-guard.com\/wp-content\/uploads\/2026\/07\/daemonen_philippinisch_aswang.webp\" \/>\n\t<meta property=\"og:image:width\" content=\"1024\" \/>\n\t<meta property=\"og:image:height\" content=\"1536\" \/>\n\t<meta property=\"og:image:type\" content=\"image\/webp\" \/>\n<meta name=\"twitter:card\" content=\"summary_large_image\" \/>\n<script type=\"application\/ld+json\" class=\"yoast-schema-graph\">{\"@context\":\"https:\\\/\\\/schema.org\",\"@graph\":[{\"@type\":\"WebPage\",\"@id\":\"https:\\\/\\\/iwell-guard.com\\\/is\\\/filippseysk-godafraedi\\\/\",\"url\":\"https:\\\/\\\/iwell-guard.com\\\/is\\\/filippseysk-godafraedi\\\/\",\"name\":\"Filippseysk go\u00f0afr\u00e6\u00f0i: Anito, Diwata, Aswang\",\"isPartOf\":{\"@id\":\"https:\\\/\\\/iwell-guard.com\\\/is\\\/#website\"},\"primaryImageOfPage\":{\"@id\":\"https:\\\/\\\/iwell-guard.com\\\/is\\\/filippseysk-godafraedi\\\/#primaryimage\"},\"image\":{\"@id\":\"https:\\\/\\\/iwell-guard.com\\\/is\\\/filippseysk-godafraedi\\\/#primaryimage\"},\"thumbnailUrl\":\"https:\\\/\\\/iwell-guard.com\\\/wp-content\\\/uploads\\\/2026\\\/07\\\/daemonen_philippinisch_aswang.webp\",\"datePublished\":\"2026-09-05T14:12:16+00:00\",\"dateModified\":\"2026-09-05T14:58:13+00:00\",\"description\":\"Anito-forfe\u00f0rad\u00fdrkun, Diwata-andar og Aswang-flokkurinn \u00e1 Filippseyjum: tr\u00faarfr\u00e6\u00f0ileg \u00fattekt me\u00f0 verum fr\u00e1 Tikbalang til Manananggal.\",\"breadcrumb\":{\"@id\":\"https:\\\/\\\/iwell-guard.com\\\/is\\\/filippseysk-godafraedi\\\/#breadcrumb\"},\"inLanguage\":\"is\",\"potentialAction\":[{\"@type\":\"ReadAction\",\"target\":[\"https:\\\/\\\/iwell-guard.com\\\/is\\\/filippseysk-godafraedi\\\/\"]}]},{\"@type\":\"ImageObject\",\"inLanguage\":\"is\",\"@id\":\"https:\\\/\\\/iwell-guard.com\\\/is\\\/filippseysk-godafraedi\\\/#primaryimage\",\"url\":\"https:\\\/\\\/iwell-guard.com\\\/wp-content\\\/uploads\\\/2026\\\/07\\\/daemonen_philippinisch_aswang.webp\",\"contentUrl\":\"https:\\\/\\\/iwell-guard.com\\\/wp-content\\\/uploads\\\/2026\\\/07\\\/daemonen_philippinisch_aswang.webp\",\"width\":1024,\"height\":1536,\"caption\":\"Aswang, dj\u00f6full \u00far filippseyskri munnm\u00e6las\u00f6gu\"},{\"@type\":\"BreadcrumbList\",\"@id\":\"https:\\\/\\\/iwell-guard.com\\\/is\\\/filippseysk-godafraedi\\\/#breadcrumb\",\"itemListElement\":[{\"@type\":\"ListItem\",\"position\":1,\"name\":\"Start\",\"item\":\"https:\\\/\\\/iwell-guard.com\\\/is\\\/?page_id=168580\"},{\"@type\":\"ListItem\",\"position\":2,\"name\":\"Filippseysk go\u00f0afr\u00e6\u00f0i\"}]},{\"@type\":\"WebSite\",\"@id\":\"https:\\\/\\\/iwell-guard.com\\\/is\\\/#website\",\"url\":\"https:\\\/\\\/iwell-guard.com\\\/is\\\/\",\"name\":\"iWell Guard\",\"description\":\"Schutz vor dunklen Einfl\u00fcssen\",\"publisher\":{\"@id\":\"https:\\\/\\\/iwell-guard.com\\\/is\\\/#organization\"},\"potentialAction\":[{\"@type\":\"SearchAction\",\"target\":{\"@type\":\"EntryPoint\",\"urlTemplate\":\"https:\\\/\\\/iwell-guard.com\\\/is\\\/?s={search_term_string}\"},\"query-input\":{\"@type\":\"PropertyValueSpecification\",\"valueRequired\":true,\"valueName\":\"search_term_string\"}}],\"inLanguage\":\"is\"},{\"@type\":\"Organization\",\"@id\":\"https:\\\/\\\/iwell-guard.com\\\/is\\\/#organization\",\"name\":\"Ittermann electronic GmbH\",\"url\":\"https:\\\/\\\/iwell-guard.com\\\/is\\\/\",\"logo\":{\"@type\":\"ImageObject\",\"inLanguage\":\"is\",\"@id\":\"https:\\\/\\\/iwell-guard.com\\\/is\\\/#\\\/schema\\\/logo\\\/image\\\/\",\"url\":\"https:\\\/\\\/iwell-guard.com\\\/wp-content\\\/uploads\\\/2026\\\/05\\\/Ittermann-Logo-1182x237-1.png\",\"contentUrl\":\"https:\\\/\\\/iwell-guard.com\\\/wp-content\\\/uploads\\\/2026\\\/05\\\/Ittermann-Logo-1182x237-1.png\",\"width\":1182,\"height\":237,\"caption\":\"Ittermann electronic GmbH\"},\"image\":{\"@id\":\"https:\\\/\\\/iwell-guard.com\\\/is\\\/#\\\/schema\\\/logo\\\/image\\\/\"},\"sameAs\":[\"https:\\\/\\\/pantip.com\\\/profile\\\/9367242\",\"https:\\\/\\\/micro.blog\\\/iwellguard\",\"https:\\\/\\\/www.diggerslist.com\\\/iwellguard\\\/about\",\"https:\\\/\\\/skitterphoto.com\\\/photographers\\\/2870314\\\/iwell-guard\",\"https:\\\/\\\/iwellguard.wordpress.com\\\/2026\\\/06\\\/06\\\/iwell-guard\\\/\",\"https:\\\/\\\/hub.docker.com\\\/u\\\/iwellguard\",\"https:\\\/\\\/www.pinterest.com\\\/iwellguard\\\/\",\"https:\\\/\\\/bit.ly\\\/m\\\/iwellguard\",\"https:\\\/\\\/entre-vos-mains.alsace.eu\\\/profiles\\\/iwellguard\\\/activity\",\"https:\\\/\\\/gravatar.com\\\/reallybeded8fd34\",\"https:\\\/\\\/naijamatta.com\\\/iwellguard\",\"https:\\\/\\\/www.goodreads.com\\\/iwellguard\",\"https:\\\/\\\/profile.hatena.ne.jp\\\/iwellguard\\\/\",\"https:\\\/\\\/experiment.com\\\/users\\\/iwellguard\",\"https:\\\/\\\/wakelet.com\\\/@iWellGuard82270\",\"https:\\\/\\\/www.chordie.com\\\/forum\\\/profile.php?id=2555664\",\"https:\\\/\\\/www.instapaper.com\\\/p\\\/17757966\",\"https:\\\/\\\/www.mapleprimes.com\\\/users\\\/iwellguard\",\"https:\\\/\\\/businesslistingplus.com\\\/profile\\\/iwell-guard\\\/\",\"https:\\\/\\\/telegra.ph\\\/iWell-Guard-06-06\",\"https:\\\/\\\/pbase.com\\\/iwellguard\\\/iwellguard\",\"https:\\\/\\\/b.hatena.ne.jp\\\/iwellguard\\\/20260607#bookmark-4788405196491818882\",\"https:\\\/\\\/fliphtml5.com\\\/home\\\/iwellguard\",\"https:\\\/\\\/anyflip.com\\\/homepage\\\/cmiwl#About\",\"https:\\\/\\\/transfur.com\\\/Users\\\/iwellguard\",\"http:\\\/\\\/delphi.larsbo.org\\\/user\\\/iwellguard\",\"https:\\\/\\\/jobs.lajobsportal.org\\\/profiles\\\/8380803-iwell-guard\",\"https:\\\/\\\/md.chaosdorf.de\\\/s\\\/jfbe5SBdJD\",\"https:\\\/\\\/www.lingvolive.com\\\/en-us\\\/profile\\\/9ecaeaca-ce11-4e51-9e71-01d55e2bff36\\\/translations\",\"https:\\\/\\\/www.fitday.com\\\/fitness\\\/forums\\\/members\\\/iwellguard.html\",\"https:\\\/\\\/www.mymeetbook.com\\\/iwellguard\",\"https:\\\/\\\/pxhere.com\\\/en\\\/photographer-me\\\/5040798\",\"https:\\\/\\\/disqus.com\\\/by\\\/iwellguard\\\/about\\\/\",\"https:\\\/\\\/pastelink.net\\\/hjwciqwq\",\"https:\\\/\\\/pubhtml5.com\\\/homepage\\\/scjhn\\\/\",\"https:\\\/\\\/www.bitchute.com\\\/channel\\\/2O2eOKzNqujT\",\"https:\\\/\\\/audiomack.com\\\/iwellguard\"]}]}<\/script>\n<!-- \/ Yoast SEO Premium plugin. -->","yoast_head_json":{"title":"Filippseysk go\u00f0afr\u00e6\u00f0i: Anito, Diwata, Aswang","description":"Anito-forfe\u00f0rad\u00fdrkun, Diwata-andar og Aswang-flokkurinn \u00e1 Filippseyjum: tr\u00faarfr\u00e6\u00f0ileg \u00fattekt me\u00f0 verum fr\u00e1 Tikbalang til Manananggal.","robots":{"index":"index","follow":"follow","max-snippet":"max-snippet:-1","max-image-preview":"max-image-preview:large","max-video-preview":"max-video-preview:-1"},"canonical":"https:\/\/iwell-guard.com\/is\/filippseysk-godafraedi\/","og_locale":"is_IS","og_type":"article","og_title":"Filippseysk go\u00f0afr\u00e6\u00f0i","og_description":"Anito-forfe\u00f0rad\u00fdrkun, Diwata-andar og Aswang-flokkurinn \u00e1 Filippseyjum: tr\u00faarfr\u00e6\u00f0ileg \u00fattekt me\u00f0 verum fr\u00e1 Tikbalang til Manananggal.","og_url":"https:\/\/iwell-guard.com\/is\/filippseysk-godafraedi\/","og_site_name":"iWell Guard","article_modified_time":"2026-09-05T14:58:13+00:00","og_image":[{"width":1024,"height":1536,"url":"https:\/\/iwell-guard.com\/wp-content\/uploads\/2026\/07\/daemonen_philippinisch_aswang.webp","type":"image\/webp"}],"twitter_card":"summary_large_image","schema":{"@context":"https:\/\/schema.org","@graph":[{"@type":"WebPage","@id":"https:\/\/iwell-guard.com\/is\/filippseysk-godafraedi\/","url":"https:\/\/iwell-guard.com\/is\/filippseysk-godafraedi\/","name":"Filippseysk go\u00f0afr\u00e6\u00f0i: Anito, Diwata, Aswang","isPartOf":{"@id":"https:\/\/iwell-guard.com\/is\/#website"},"primaryImageOfPage":{"@id":"https:\/\/iwell-guard.com\/is\/filippseysk-godafraedi\/#primaryimage"},"image":{"@id":"https:\/\/iwell-guard.com\/is\/filippseysk-godafraedi\/#primaryimage"},"thumbnailUrl":"https:\/\/iwell-guard.com\/wp-content\/uploads\/2026\/07\/daemonen_philippinisch_aswang.webp","datePublished":"2026-09-05T14:12:16+00:00","dateModified":"2026-09-05T14:58:13+00:00","description":"Anito-forfe\u00f0rad\u00fdrkun, Diwata-andar og Aswang-flokkurinn \u00e1 Filippseyjum: tr\u00faarfr\u00e6\u00f0ileg \u00fattekt me\u00f0 verum fr\u00e1 Tikbalang til Manananggal.","breadcrumb":{"@id":"https:\/\/iwell-guard.com\/is\/filippseysk-godafraedi\/#breadcrumb"},"inLanguage":"is","potentialAction":[{"@type":"ReadAction","target":["https:\/\/iwell-guard.com\/is\/filippseysk-godafraedi\/"]}]},{"@type":"ImageObject","inLanguage":"is","@id":"https:\/\/iwell-guard.com\/is\/filippseysk-godafraedi\/#primaryimage","url":"https:\/\/iwell-guard.com\/wp-content\/uploads\/2026\/07\/daemonen_philippinisch_aswang.webp","contentUrl":"https:\/\/iwell-guard.com\/wp-content\/uploads\/2026\/07\/daemonen_philippinisch_aswang.webp","width":1024,"height":1536,"caption":"Aswang, dj\u00f6full \u00far filippseyskri munnm\u00e6las\u00f6gu"},{"@type":"BreadcrumbList","@id":"https:\/\/iwell-guard.com\/is\/filippseysk-godafraedi\/#breadcrumb","itemListElement":[{"@type":"ListItem","position":1,"name":"Start","item":"https:\/\/iwell-guard.com\/is\/?page_id=168580"},{"@type":"ListItem","position":2,"name":"Filippseysk go\u00f0afr\u00e6\u00f0i"}]},{"@type":"WebSite","@id":"https:\/\/iwell-guard.com\/is\/#website","url":"https:\/\/iwell-guard.com\/is\/","name":"iWell Guard","description":"Schutz vor dunklen Einfl\u00fcssen","publisher":{"@id":"https:\/\/iwell-guard.com\/is\/#organization"},"potentialAction":[{"@type":"SearchAction","target":{"@type":"EntryPoint","urlTemplate":"https:\/\/iwell-guard.com\/is\/?s={search_term_string}"},"query-input":{"@type":"PropertyValueSpecification","valueRequired":true,"valueName":"search_term_string"}}],"inLanguage":"is"},{"@type":"Organization","@id":"https:\/\/iwell-guard.com\/is\/#organization","name":"Ittermann electronic GmbH","url":"https:\/\/iwell-guard.com\/is\/","logo":{"@type":"ImageObject","inLanguage":"is","@id":"https:\/\/iwell-guard.com\/is\/#\/schema\/logo\/image\/","url":"https:\/\/iwell-guard.com\/wp-content\/uploads\/2026\/05\/Ittermann-Logo-1182x237-1.png","contentUrl":"https:\/\/iwell-guard.com\/wp-content\/uploads\/2026\/05\/Ittermann-Logo-1182x237-1.png","width":1182,"height":237,"caption":"Ittermann electronic GmbH"},"image":{"@id":"https:\/\/iwell-guard.com\/is\/#\/schema\/logo\/image\/"},"sameAs":["https:\/\/pantip.com\/profile\/9367242","https:\/\/micro.blog\/iwellguard","https:\/\/www.diggerslist.com\/iwellguard\/about","https:\/\/skitterphoto.com\/photographers\/2870314\/iwell-guard","https:\/\/iwellguard.wordpress.com\/2026\/06\/06\/iwell-guard\/","https:\/\/hub.docker.com\/u\/iwellguard","https:\/\/www.pinterest.com\/iwellguard\/","https:\/\/bit.ly\/m\/iwellguard","https:\/\/entre-vos-mains.alsace.eu\/profiles\/iwellguard\/activity","https:\/\/gravatar.com\/reallybeded8fd34","https:\/\/naijamatta.com\/iwellguard","https:\/\/www.goodreads.com\/iwellguard","https:\/\/profile.hatena.ne.jp\/iwellguard\/","https:\/\/experiment.com\/users\/iwellguard","https:\/\/wakelet.com\/@iWellGuard82270","https:\/\/www.chordie.com\/forum\/profile.php?id=2555664","https:\/\/www.instapaper.com\/p\/17757966","https:\/\/www.mapleprimes.com\/users\/iwellguard","https:\/\/businesslistingplus.com\/profile\/iwell-guard\/","https:\/\/telegra.ph\/iWell-Guard-06-06","https:\/\/pbase.com\/iwellguard\/iwellguard","https:\/\/b.hatena.ne.jp\/iwellguard\/20260607#bookmark-4788405196491818882","https:\/\/fliphtml5.com\/home\/iwellguard","https:\/\/anyflip.com\/homepage\/cmiwl#About","https:\/\/transfur.com\/Users\/iwellguard","http:\/\/delphi.larsbo.org\/user\/iwellguard","https:\/\/jobs.lajobsportal.org\/profiles\/8380803-iwell-guard","https:\/\/md.chaosdorf.de\/s\/jfbe5SBdJD","https:\/\/www.lingvolive.com\/en-us\/profile\/9ecaeaca-ce11-4e51-9e71-01d55e2bff36\/translations","https:\/\/www.fitday.com\/fitness\/forums\/members\/iwellguard.html","https:\/\/www.mymeetbook.com\/iwellguard","https:\/\/pxhere.com\/en\/photographer-me\/5040798","https:\/\/disqus.com\/by\/iwellguard\/about\/","https:\/\/pastelink.net\/hjwciqwq","https:\/\/pubhtml5.com\/homepage\/scjhn\/","https:\/\/www.bitchute.com\/channel\/2O2eOKzNqujT","https:\/\/audiomack.com\/iwellguard"]}]}},"_links":{"self":[{"href":"https:\/\/iwell-guard.com\/is\/wp-json\/wp\/v2\/pages\/169852","targetHints":{"allow":["GET"]}}],"collection":[{"href":"https:\/\/iwell-guard.com\/is\/wp-json\/wp\/v2\/pages"}],"about":[{"href":"https:\/\/iwell-guard.com\/is\/wp-json\/wp\/v2\/types\/page"}],"author":[{"embeddable":true,"href":"https:\/\/iwell-guard.com\/is\/wp-json\/wp\/v2\/users\/3"}],"replies":[{"embeddable":true,"href":"https:\/\/iwell-guard.com\/is\/wp-json\/wp\/v2\/comments?post=169852"}],"version-history":[{"count":0,"href":"https:\/\/iwell-guard.com\/is\/wp-json\/wp\/v2\/pages\/169852\/revisions"}],"wp:featuredmedia":[{"embeddable":true,"href":"https:\/\/iwell-guard.com\/is\/wp-json\/wp\/v2\/media\/20197"}],"wp:attachment":[{"href":"https:\/\/iwell-guard.com\/is\/wp-json\/wp\/v2\/media?parent=169852"}],"wp:term":[{"taxonomy":"category","embeddable":true,"href":"https:\/\/iwell-guard.com\/is\/wp-json\/wp\/v2\/categories?post=169852"}],"curies":[{"name":"wp","href":"https:\/\/api.w.org\/{rel}","templated":true}]}}