{"id":169851,"date":"2026-09-05T14:12:16","date_gmt":"2026-09-05T14:12:16","guid":{"rendered":"https:\/\/iwell-guard.com\/?page_id=169851"},"modified":"2026-09-05T14:58:12","modified_gmt":"2026-09-05T14:58:12","slug":"toframerki-til-varnar","status":"publish","type":"page","link":"https:\/\/iwell-guard.com\/is\/toframerki-til-varnar\/","title":{"rendered":"T\u00f6frat\u00e1knmyndir til varnar"},"content":{"rendered":"\t\t<div data-elementor-type=\"wp-page\" data-elementor-id=\"169851\" class=\"elementor elementor-169851 elementor-20515 elementor-bc-flex-widget\" data-elementor-post-type=\"page\">\n\t\t\t\t<div class=\"elementor-element elementor-element-iwgs-wacholder-hero e-flex e-con-boxed e-con e-parent\" data-id=\"iwgs-wacholder-hero\" data-element_type=\"container\" data-e-type=\"container\">\n\t\t\t\t\t<div class=\"e-con-inner\">\n\t\t<div class=\"elementor-element elementor-element-iw-wacholder-hero-left e-con-full e-flex e-con e-child\" data-id=\"iw-wacholder-hero-left\" data-element_type=\"container\" data-e-type=\"container\">\n\t\t\t\t<div class=\"elementor-element elementor-element-iwgs-wacholder-h1 elementor-widget elementor-widget-heading\" data-id=\"iwgs-wacholder-h1\" data-element_type=\"widget\" data-e-type=\"widget\" data-widget_type=\"heading.default\">\n\t\t\t\t\t<h1 class=\"elementor-heading-title elementor-size-default\">T\u00f6frat\u00e1knmyndir til varnar \u2013 a\u00f0 setja merki til verndar<\/h1>\t\t\t\t<\/div>\n\t\t<div class=\"elementor-element elementor-element-iw-wacholder-hero-bw e-con-full e-flex e-con e-child\" data-id=\"iw-wacholder-hero-bw\" data-element_type=\"container\" data-e-type=\"container\">\n\t\t\t\t<div class=\"elementor-element elementor-element-iwgs-wacholder-pills elementor-widget elementor-widget-html\" data-id=\"iwgs-wacholder-pills\" data-element_type=\"widget\" data-e-type=\"widget\" data-widget_type=\"html.default\">\n\t\t\t\t\t<div class=\"iwg-pill-row\"><span class=\"iwg-klasse-badge\" tabindex=\"0\" data-tooltip=\"Tegund verndargrips.\">Verndari\u00f0kun<\/span><a href=\"https:\/\/iwell-guard.com\/is\/verndarleidarvisir\/\" class=\"iwg-kultur-badge\" tabindex=\"0\" data-tooltip=\"Til Verndarkomp\u00e1ssins.\">Verndarkomp\u00e1s<\/a><\/div>\t\t\t\t<\/div>\n\t\t\t\t<div class=\"elementor-element elementor-element-iwgs-wacholder-lead elementor-widget elementor-widget-text-editor\" data-id=\"iwgs-wacholder-lead\" data-element_type=\"widget\" data-e-type=\"widget\" data-widget_type=\"text-editor.default\">\n\t\t\t\t\t\t\t\t\t<p>\u00deessi s\u00ed\u00f0a fjallar ekki um einst\u00f6k varnart\u00e1kn sj\u00e1lf, heldur um \u00fe\u00e1 hef\u00f0bundnu i\u00f0ju a\u00f0 setja \u00feau \u00e1 dyr, bita, v\u00f6ggu og b\u00faf\u00e9: a\u00f0 skrifa me\u00f0 kr\u00edt, a\u00f0 gera krossmark, a\u00f0 rista \u00ed tr\u00e9. T\u00e1knin sj\u00e1lf, me\u00f0 s\u00edna eigin merkingars\u00f6gu, eru rakin \u00edtarlega \u00ed <a href=\"https:\/\/iwell-guard.com\/is\/verndartakn\/\">mi\u00f0st\u00f6\u00f0 verndart\u00e1kna<\/a> og \u00e1 s\u00e9rst\u00f6kum s\u00ed\u00f0um um <a href=\"https:\/\/iwell-guard.com\/is\/drudenfuss-pentagramma\/\">Drudenfu\u00df<\/a>, <a href=\"https:\/\/iwell-guard.com\/is\/verndarrunir\/\">verndarr\u00fanir<\/a> og <a href=\"https:\/\/iwell-guard.com\/is\/krossinn-sem-verndartakn\/\">verndarkross<\/a>.<\/p><p>Allt fr\u00e1 kr\u00edtarmerki \u00ferett\u00e1ndas\u00f6ngvara yfir hur\u00f0arbita til rista bitamerkis undir m\u00e6ni spannar \u00feessi i\u00f0ja v\u00edtt svi\u00f0, en byggir \u00e1 einfaldri grunnhugsun: s\u00fdnilegt merki \u00e1tti a\u00f0 vernda sta\u00f0 varanlega.<\/p>\n<p class=\"iwg-kwfix\">T\u00f6frat\u00e1knmyndir til varnar eru \u00ed \u00fej\u00f3\u00f0tr\u00fa settar \u00e1 dyr, bita og v\u00f6ggu. \u00deeir sem vildu setja upp t\u00f6frat\u00e1kn til verndar fylgdu i\u00f0ju sem pr\u00fd\u00f0ir dyr, bita og v\u00f6ggu allt til dagsins \u00ed dag.<\/p>\t\t\t\t\t\t\t\t<\/div>\n\t\t\t\t<\/div>\n\t\t\t\t<\/div>\n\t\t<div class=\"elementor-element elementor-element-iw-wacholder-hero-img e-con-full e-flex e-con e-child\" data-id=\"iw-wacholder-hero-img\" data-element_type=\"container\" data-e-type=\"container\">\n\t\t\t\t<div class=\"elementor-element elementor-element-iwgs-wacholder-himg iwg-hero-image elementor-widget elementor-widget-image\" data-id=\"iwgs-wacholder-himg\" data-element_type=\"widget\" data-e-type=\"widget\" data-widget_type=\"image.default\">\n\t\t\t\t\t\t\t\t\t\t\t\t\t\t\t<img fetchpriority=\"high\" decoding=\"async\" width=\"683\" height=\"1024\" src=\"https:\/\/iwell-guard.com\/wp-content\/uploads\/2026\/05\/schutzsymbol_germanisch_wacholder-683x1024.png\" class=\"attachment-large size-large wp-image-170446\" alt=\"J\u00e1rnjurt (verbena) \u2013 verndar- og helgisi\u00f0ajurt, s\u00f6gulega myndskreytt\" srcset=\"https:\/\/iwell-guard.com\/wp-content\/uploads\/2026\/05\/schutzsymbol_germanisch_wacholder-683x1024.png 683w, https:\/\/iwell-guard.com\/wp-content\/uploads\/2026\/05\/schutzsymbol_germanisch_wacholder-200x300.png 200w, https:\/\/iwell-guard.com\/wp-content\/uploads\/2026\/05\/schutzsymbol_germanisch_wacholder-768x1152.png 768w, https:\/\/iwell-guard.com\/wp-content\/uploads\/2026\/05\/schutzsymbol_germanisch_wacholder.png 1024w\" sizes=\"(max-width: 683px) 100vw, 683px\" \/>\t\t\t\t\t\t\t\t\t\t\t\t\t\t\t<\/div>\n\t\t\t\t<\/div>\n\t\t\t\t\t<\/div>\n\t\t\t\t<\/div>\n\t\t<div class=\"elementor-element elementor-element-iwgs-wacholder-s0 e-flex e-con-boxed e-con e-parent\" data-id=\"iwgs-wacholder-s0\" data-element_type=\"container\" data-e-type=\"container\">\n\t\t\t\t\t<div class=\"e-con-inner\">\n\t\t\t\t<div class=\"elementor-element elementor-element-iwgs-wacholder-s0h elementor-widget elementor-widget-heading\" data-id=\"iwgs-wacholder-s0h\" data-element_type=\"widget\" data-e-type=\"widget\" data-widget_type=\"heading.default\">\n\t\t\t\t\t<h2 class=\"elementor-heading-title elementor-size-default\">Skj\u00f3tt yfirlit<\/h2>\t\t\t\t<\/div>\n\t\t<div class=\"elementor-element elementor-element-iw-wacholder-s0-bw e-con-full e-flex e-con e-child\" data-id=\"iw-wacholder-s0-bw\" data-element_type=\"container\" data-e-type=\"container\">\n\t\t\t\t<div class=\"elementor-element elementor-element-iwgs-wacholder-s0t elementor-widget elementor-widget-text-editor\" data-id=\"iwgs-wacholder-s0t\" data-element_type=\"widget\" data-e-type=\"widget\" data-widget_type=\"text-editor.default\">\n\t\t\t\t\t\t\t\t\t<p>Til hef\u00f0bundinna sta\u00f0a fyrir varnarmerki teljast hur\u00f0arbitinn, \u00feak- og loftbitar, vaggan, fj\u00f3sdyr auk hversdagsmuna eins og kistur og leirtau. Sem t\u00e6kni eru var\u00f0veitt skrift me\u00f0 kr\u00edt, ger\u00f0 krossmarks og varanleg rista e\u00f0a skur\u00f0ur \u00ed tr\u00e9.<\/p><p>\u00deessi s\u00ed\u00f0a fjallar um i\u00f0juna a\u00f0 setja upp sl\u00edk merki, me\u00f0an einst\u00f6k t\u00e1kn, svo sem <a href=\"https:\/\/iwell-guard.com\/is\/drudenfuss-pentagramma\/\">Drudenfu\u00df<\/a> e\u00f0a <a href=\"https:\/\/iwell-guard.com\/is\/verndarrunir\/\">verndarr\u00fanir<\/a>, eru kynnt \u00e1 s\u00ednum eigin s\u00ed\u00f0um.<\/p>\t\t\t\t\t\t\t\t<\/div>\n\t\t\t\t<\/div>\n\t\t\t\t\t<\/div>\n\t\t\t\t<\/div>\n\t\t<div class=\"elementor-element elementor-element-iwgs-wacholder-s1 e-flex e-con-boxed e-con e-parent\" data-id=\"iwgs-wacholder-s1\" data-element_type=\"container\" data-e-type=\"container\">\n\t\t\t\t\t<div class=\"e-con-inner\">\n\t\t\t\t<div class=\"elementor-element elementor-element-iwgs-wacholder-s1h elementor-widget elementor-widget-heading\" data-id=\"iwgs-wacholder-s1h\" data-element_type=\"widget\" data-e-type=\"widget\" data-widget_type=\"heading.default\">\n\t\t\t\t\t<h2 class=\"elementor-heading-title elementor-size-default\">Uppruni og munnm\u00e6li<\/h2>\t\t\t\t<\/div>\n\t\t<div class=\"elementor-element elementor-element-iw-wacholder-s1-bw e-con-full e-flex e-con e-child\" data-id=\"iw-wacholder-s1-bw\" data-element_type=\"container\" data-e-type=\"container\">\n\t\t\t\t<div class=\"elementor-element elementor-element-iwgs-wacholder-s1t elementor-widget elementor-widget-text-editor\" data-id=\"iwgs-wacholder-s1t\" data-element_type=\"widget\" data-e-type=\"widget\" data-widget_type=\"text-editor.default\">\n\t\t\t\t\t\t\t\t\t<p>Kunnast enn \u00ed dag er kr\u00edtarmerki \u00ferett\u00e1ndas\u00f6ngvara, sem fara h\u00fas \u00far h\u00fasi um \u00ferett\u00e1ndann og skrifa stafina C, M og B, tengda me\u00f0 krossum, \u00e1samt \u00e1rtalinu yfir hur\u00f0arbita. Upphaflega st\u00f3\u00f0u stafirnir fyrir n\u00f6fn vitringanna \u00feriggja, Kaspars, Melk\u00edors og Baltasars, og virku\u00f0u sem varnarmerki me\u00f0 fr\u00e1hrindandi m\u00e6tti. S\u00ed\u00f0ar var sama stafarunan einnig t\u00falku\u00f0 sem &#8222;Christus mansionem benedicat&#8220;, Kristur blessi \u00feetta heimili. Hin gu\u00f0fr\u00e6\u00f0ilega \u00fatlegging breyttist, en sj\u00e1lf varnarr\u00f6kfr\u00e6\u00f0i t\u00e1knsins h\u00e9lst \u00f3breytt um aldir.<\/p><p>Auk kr\u00edtarmerkisins er einfalt krossmark \u00e1 h\u00fasdyrum og fj\u00f3sdyrum v\u00ed\u00f0a \u00feekkt, m\u00e1la\u00f0 e\u00f0a rist, til a\u00f0 vernda \u00edb\u00faa og b\u00faf\u00e9 fyrir sj\u00fakd\u00f3mum, \u00f3ve\u00f0ri og illum \u00f6ndum. \u00c1 \u00feak- og gaflbitum alpneskra b\u00e6ndab\u00e6ja finnast auk \u00feess \u00fatskorin t\u00e1kn eins og Neidkopf, illileg gr\u00edma sem \u00e6tla\u00f0 var a\u00f0 hrekja fr\u00e1 \u00f6fund og hi\u00f0 illa auga, og sikksakklaga\u00f0ar munstur, ger\u00f0ar eftir eldingu og \u00e1 sumum sv\u00e6\u00f0um kalla\u00f0ar Donnerbesen, sem \u00e1tti a\u00f0 vernda gegn eldingu. \u00c1 hl\u00f6\u00f0uhur\u00f0um voru auk \u00feess m\u00e1lu\u00f0 fimm- e\u00f0a sexodd\u00f3tt hexastj\u00f6rnur, sem tengjast Drudenfu\u00df-t\u00e1kninu sem fjalla\u00f0 er um s\u00e9rstaklega.<\/p>\t\t\t\t\t\t\t\t<\/div>\n\t\t\t\t<\/div>\n\t\t\t\t\t<\/div>\n\t\t\t\t<\/div>\n\t\t<div class=\"elementor-element elementor-element-iwgs-wacholder-s2 e-flex e-con-boxed e-con e-parent\" data-id=\"iwgs-wacholder-s2\" data-element_type=\"container\" data-e-type=\"container\">\n\t\t\t\t\t<div class=\"e-con-inner\">\n\t\t\t\t<div class=\"elementor-element elementor-element-iwgs-wacholder-s2h elementor-widget elementor-widget-heading\" data-id=\"iwgs-wacholder-s2h\" data-element_type=\"widget\" data-e-type=\"widget\" data-widget_type=\"heading.default\">\n\t\t\t\t\t<h2 class=\"elementor-heading-title elementor-size-default\">Virknihugmynd samkv\u00e6mt munnm\u00e6lum<\/h2>\t\t\t\t<\/div>\n\t\t<div class=\"elementor-element elementor-element-iw-wacholder-s2-bw e-con-full e-flex e-con e-child\" data-id=\"iw-wacholder-s2-bw\" data-element_type=\"container\" data-e-type=\"container\">\n\t\t\t\t<div class=\"elementor-element elementor-element-iwgs-wacholder-s2t elementor-widget elementor-widget-text-editor\" data-id=\"iwgs-wacholder-s2t\" data-element_type=\"widget\" data-e-type=\"widget\" data-widget_type=\"text-editor.default\">\n\t\t\t\t\t\t\t\t\t<p>\u00d3l\u00edkt <a href=\"https:\/\/iwell-guard.com\/is\/?page_id=169849\">b\u00e6ninni<\/a> e\u00f0a <a href=\"https:\/\/iwell-guard.com\/is\/bannspruch-og-bannritual\/\">t\u00f6fra\u00feulunni<\/a>, sem eru sag\u00f0ar einu sinni og verka \u00e1 \u00fev\u00ed augnabliki, er hi\u00f0 uppsetta merki tali\u00f0 \u00ed <span class=\"iwg-fachbegriff\" data-tooltip=\"Mi\u00f0lun \u00feekkingar og fr\u00e1sagna milli kynsl\u00f3\u00f0a.\" tabindex=\"0\">munnm\u00e6lum<\/span> vera varanlega virkt t\u00e1kn: sta\u00f0urinn sem \u00fea\u00f0 er sett \u00e1 ver\u00f0ur sj\u00e1lfur a\u00f0 verndarsv\u00e6\u00f0i.<\/p><p>\u00deess vegna einbeitir i\u00f0jan s\u00e9r a\u00f0 umskiptum og \u00fer\u00f6skuldum, hur\u00f0arbitanum sem markar m\u00f6rk innan og utan, m\u00e6ninum sem efsta \u00fe\u00e6tti h\u00fasins, v\u00f6gguninni sem markar hringinn um varnarlausasta \u00edb\u00faa heimilisins. \u00c1rlega endurn\u00fdjun, svo sem \u00ferett\u00e1ndas\u00f6ngvaramerkisins, s\u00fdnir a\u00f0 <span class=\"iwg-fachbegriff\" data-tooltip=\"Mi\u00f0lun \u00feekkingar og fr\u00e1sagna milli kynsl\u00f3\u00f0a.\" tabindex=\"0\">munnm\u00e6lin<\/span> t\u00f6ldu \u00e1hrif t\u00e1knsins \u00fe\u00f3 t\u00edmabundin og \u00fe\u00f6rf \u00e1 endurn\u00fdjun.<\/p>\t\t\t\t\t\t\t\t<\/div>\n\t\t\t\t<\/div>\n\t\t\t\t\t<\/div>\n\t\t\t\t<\/div>\n\t\t<div class=\"elementor-element elementor-element-iwgs-wacholder-s3 e-flex e-con-boxed e-con e-parent\" data-id=\"iwgs-wacholder-s3\" data-element_type=\"container\" data-e-type=\"container\">\n\t\t\t\t\t<div class=\"e-con-inner\">\n\t\t\t\t<div class=\"elementor-element elementor-element-iwgs-wacholder-s3h elementor-widget elementor-widget-heading\" data-id=\"iwgs-wacholder-s3h\" data-element_type=\"widget\" data-e-type=\"widget\" data-widget_type=\"heading.default\">\n\t\t\t\t\t<h2 class=\"elementor-heading-title elementor-size-default\">\u00datbrei\u00f0sla yfir menningarheima<\/h2>\t\t\t\t<\/div>\n\t\t<div class=\"elementor-element elementor-element-iw-wacholder-s3-bw e-con-full e-flex e-con e-child\" data-id=\"iw-wacholder-s3-bw\" data-element_type=\"container\" data-e-type=\"container\">\n\t\t\t\t<div class=\"elementor-element elementor-element-iwgs-wacholder-s3t elementor-widget elementor-widget-text-editor\" data-id=\"iwgs-wacholder-s3t\" data-element_type=\"widget\" data-e-type=\"widget\" data-widget_type=\"text-editor.default\">\n\t\t\t\t\t\t\t\t\t<p>\u00derett\u00e1ndas\u00f6ngvarasi\u00f0urinn me\u00f0 C+M+B-t\u00e1kni\u00f0 er \u00fatbreiddur fyrst og fremst \u00e1 ka\u00fe\u00f3lskum sv\u00e6\u00f0um \u00ed \u00fe\u00fdskum\u00e6landi og mi\u00f0-evr\u00f3psku umhverfi. Rist bitamerki eins og Neidkopf finnast s\u00e9rstaklega \u00ed alpneskum b\u00e6ndab\u00e6jum, me\u00f0an svipu\u00f0 r\u00fanat\u00e1kn \u00e1 bitum eru var\u00f0veitt \u00e1 Nor\u00f0url\u00f6ndum.<\/p><p>\u00cd slavneskri \u00fej\u00f3\u00f0tr\u00fa er m\u00e1lning krossmarks \u00e1 fj\u00f3sdyrum til verndar b\u00faf\u00e9na\u00f0i einnig heimilu\u00f0, sem bendir til \u00feess a\u00f0 grunnhugmyndin um uppsett varnarmerki n\u00e1i \u00fat fyrir einst\u00f6k sv\u00e6\u00f0i og tr\u00faardeildir.<\/p>\t\t\t\t\t\t\t\t<\/div>\n\t\t\t\t<\/div>\n\t\t\t\t\t<\/div>\n\t\t\t\t<\/div>\n\t\t<div class=\"elementor-element elementor-element-iwgs-wacholder-s4 e-flex e-con-boxed e-con e-parent\" data-id=\"iwgs-wacholder-s4\" data-element_type=\"container\" data-e-type=\"container\">\n\t\t\t\t\t<div class=\"e-con-inner\">\n\t\t\t\t<div class=\"elementor-element elementor-element-iwgs-wacholder-s4h elementor-widget elementor-widget-heading\" data-id=\"iwgs-wacholder-s4h\" data-element_type=\"widget\" data-e-type=\"widget\" data-widget_type=\"heading.default\">\n\t\t\t\t\t<h2 class=\"elementor-heading-title elementor-size-default\">Gegn hverju hann er nota\u00f0ur<\/h2>\t\t\t\t<\/div>\n\t\t<div class=\"elementor-element elementor-element-iw-wacholder-s4-bw e-con-full e-flex e-con e-child\" data-id=\"iw-wacholder-s4-bw\" data-element_type=\"container\" data-e-type=\"container\">\n\t\t\t\t<div class=\"elementor-element elementor-element-iwgs-wacholder-s4t elementor-widget elementor-widget-text-editor\" data-id=\"iwgs-wacholder-s4t\" data-element_type=\"widget\" data-e-type=\"widget\" data-widget_type=\"text-editor.default\">\n\t\t\t\t\t\t\t\t\t<p>Varnarmerki \u00e1 dyrum, bitum og v\u00f6ggu sn\u00faast \u00ed munnm\u00e6lum gegn illum \u00f6ndum, \u00f6fund og illu auga, eldingu og sj\u00fakd\u00f3mum me\u00f0al manna og b\u00faf\u00e9na\u00f0ar. \u00deau eru sett markvisst \u00e1 umskiptasta\u00f0i milli innan og utan, \u00fear sem ska\u00f0valdar g\u00e6tu komist inn \u00ed h\u00fasi\u00f0.<\/p><p>\u00c1 <a href=\"https:\/\/iwell-guard.com\/is\/verndarleidarvisir\/\">Verndarkomp\u00e1snum<\/a> og \u00ed <a href=\"https:\/\/iwell-guard.com\/is\/verndartakn\/\">mi\u00f0st\u00f6\u00f0 verndart\u00e1kna<\/a> m\u00e1 sj\u00e1 til vi\u00f0b\u00f3tar hva\u00f0a \u00e1\u00fereifanleg t\u00e1kn eru var\u00f0veitt gegn hva\u00f0a h\u00e6ttum.<\/p>\t\t\t\t\t\t\t\t<\/div>\n\t\t\t\t<\/div>\n\t\t\t\t\t<\/div>\n\t\t\t\t<\/div>\n\t\t<div class=\"elementor-element elementor-element-iwgs-wacholder-s5 e-flex e-con-boxed e-con e-parent\" data-id=\"iwgs-wacholder-s5\" data-element_type=\"container\" data-e-type=\"container\">\n\t\t\t\t\t<div class=\"e-con-inner\">\n\t\t\t\t<div class=\"elementor-element elementor-element-iwgs-wacholder-s5h elementor-widget elementor-widget-heading\" data-id=\"iwgs-wacholder-s5h\" data-element_type=\"widget\" data-e-type=\"widget\" data-widget_type=\"heading.default\">\n\t\t\t\t\t<h2 class=\"elementor-heading-title elementor-size-default\">Notkun og takmarkanir<\/h2>\t\t\t\t<\/div>\n\t\t<div class=\"elementor-element elementor-element-iw-wacholder-s5-bw e-con-full e-flex e-con e-child\" data-id=\"iw-wacholder-s5-bw\" data-element_type=\"container\" data-e-type=\"container\">\n\t\t\t\t<div class=\"elementor-element elementor-element-iwgs-wacholder-s5t elementor-widget elementor-widget-text-editor\" data-id=\"iwgs-wacholder-s5t\" data-element_type=\"widget\" data-e-type=\"widget\" data-widget_type=\"text-editor.default\">\n\t\t\t\t\t\t\t\t\t<p>Tv\u00e6r a\u00f0fer\u00f0ir vi\u00f0 uppsetningu eru var\u00f0veittar: hin endurtekna, svo sem \u00e1rlega endurn\u00fdja\u00f0a kr\u00edtarmerki \u00ferett\u00e1ndas\u00f6ngvara, og hin varanlega, svo sem bitamerki\u00f0 sem rist var vi\u00f0 h\u00fasbyggingu. B\u00e6\u00f0i fylgja \u00feeirri reglu a\u00f0 merkja markvisst vi\u00f0kv\u00e6ma punkta h\u00fasins: hur\u00f0arbita, m\u00e6ni, fj\u00f3sdyr og v\u00f6ggu.<\/p><p>Takm\u00f6rkun i\u00f0junnar er a\u00f0 merki\u00f0 eitt og s\u00e9r var \u00ed munnm\u00e6lum sjaldan tali\u00f0 n\u00e6gjanlegt. \u00dev\u00ed var reglulega b\u00e6tt vi\u00f0 <a href=\"https:\/\/iwell-guard.com\/is\/?page_id=169849\">verndarb\u00e6num<\/a>, <a href=\"https:\/\/iwell-guard.com\/is\/throskuldarvernd\/\">\u00fer\u00f6skuldsv\u00f6rn<\/a> og \u00f6\u00f0rum \u00farr\u00e6\u00f0um. Merking einstakra t\u00e1kna, svo sem Drudenfu\u00df e\u00f0a verndarr\u00fana, er fjalla\u00f0 um \u00e1 \u00feeirra eigin s\u00ed\u00f0um og er ekki endurtekin h\u00e9r.<\/p>\t\t\t\t\t\t\t\t<\/div>\n\t\t\t\t<\/div>\n\t\t\t\t\t<\/div>\n\t\t\t\t<\/div>\n\t\t<div class=\"elementor-element elementor-element-iwgs-wacholder-lit e-flex e-con-boxed e-con e-parent\" data-id=\"iwgs-wacholder-lit\" data-element_type=\"container\" data-e-type=\"container\">\n\t\t\t\t\t<div class=\"e-con-inner\">\n\t\t\t\t<div class=\"elementor-element elementor-element-iwgs-wacholder-lith elementor-widget elementor-widget-heading\" data-id=\"iwgs-wacholder-lith\" data-element_type=\"widget\" data-e-type=\"widget\" data-widget_type=\"heading.default\">\n\t\t\t\t\t<h2 class=\"elementor-heading-title elementor-size-default\">Heimildir (\u00farval)<\/h2>\t\t\t\t<\/div>\n\t\t<div class=\"elementor-element elementor-element-iw-wacholder-lit-bw e-con-full e-flex e-con e-child\" data-id=\"iw-wacholder-lit-bw\" data-element_type=\"container\" data-e-type=\"container\">\n\t\t\t\t<div class=\"elementor-element elementor-element-iwgs-wacholder-litt elementor-widget elementor-widget-html\" data-id=\"iwgs-wacholder-litt\" data-element_type=\"widget\" data-e-type=\"widget\" data-widget_type=\"html.default\">\n\t\t\t\t\t<footer data-nosnippet=\"true\"><ul><li>Handw\u00f6rterbuch des deutschen Aberglaubens. Hrsg. von Hanns B\u00e4chtold-St\u00e4ubli. Berlin: de Gruyter, 1927-1942.<\/li><li>Adolph Franz: Die kirchlichen Benediktionen im Mittelalter. Freiburg: Herder, 1909.<\/li><li>Richard Beitl \/ Klaus Beitl: W\u00f6rterbuch der deutschen Volkskunde. Stuttgart: Kr\u00f6ner, 1974.<\/li><li>Siegfried Seligmann: Der b\u00f6se Blick und Verwandtes. Berlin: Barsdorf, 1910.<\/li><li>Richard Andree: Braunschweiger Volkskunde. Braunschweig: Vieweg, 1901.<\/li><\/ul><\/footer>\t\t\t\t<\/div>\n\t\t\t\t<\/div>\n\t\t\t\t\t<\/div>\n\t\t\t\t<\/div>\n\t\t<div class=\"elementor-element elementor-element-iwgs-wacholder-kwd e-flex e-con-boxed e-con e-parent\" data-id=\"iwgs-wacholder-kwd\" data-element_type=\"container\" data-e-type=\"container\">\n\t\t\t\t\t<div class=\"e-con-inner\">\n\t\t<div class=\"elementor-element elementor-element-iw-wacholder-kwd-bw e-con-full e-flex e-con e-child\" data-id=\"iw-wacholder-kwd-bw\" data-element_type=\"container\" data-e-type=\"container\">\n\t\t\t\t<div class=\"elementor-element elementor-element-iwgs-wacholder-kwdt elementor-widget elementor-widget-text-editor\" data-id=\"iwgs-wacholder-kwdt\" data-element_type=\"widget\" data-e-type=\"widget\" data-widget_type=\"text-editor.default\">\n\t\t\t\t\t\t\t\t\t<p><em>Tengd leitaror\u00f0: varnarmerki kr\u00edtarmerki \u00ferett\u00e1ndas\u00f6ngvarar bitamerki hexastjarna.<\/em><\/p>\t\t\t\t\t\t\t\t<\/div>\n\t\t\t\t<\/div>\n\t\t\t\t\t<\/div>\n\t\t\t\t<\/div>\n\t\t<div class=\"elementor-element elementor-element-iwgs-wacholder-cc e-flex e-con-boxed e-con e-parent\" data-id=\"iwgs-wacholder-cc\" data-element_type=\"container\" data-e-type=\"container\" id=\"iwg-cc-wacholder\">\n\t\t\t\t\t<div class=\"e-con-inner\">\n\t\t<div class=\"elementor-element elementor-element-iwgs-wacholder-ccinner e-flex e-con-boxed e-con e-parent\" data-id=\"iwgs-wacholder-ccinner\" data-element_type=\"container\" data-e-type=\"container\" data-settings=\"{&quot;background_background&quot;:&quot;classic&quot;}\">\n\t\t\t\t\t<div class=\"e-con-inner\">\n\t\t\t\t<div class=\"elementor-element elementor-element-iwgs-wacholder-cch elementor-widget elementor-widget-heading\" data-id=\"iwgs-wacholder-cch\" data-element_type=\"widget\" data-e-type=\"widget\" data-widget_type=\"heading.default\">\n\t\t\t\t\t<h2 class=\"elementor-heading-title elementor-size-default\">iWell Guard og verndarhef\u00f0ir<\/h2>\t\t\t\t<\/div>\n\t\t\t\t<div class=\"elementor-element elementor-element-iwgs-wacholder-cct elementor-widget elementor-widget-text-editor\" data-id=\"iwgs-wacholder-cct\" data-element_type=\"widget\" data-e-type=\"widget\" data-widget_type=\"text-editor.default\">\n\t\t\t\t\t\t\t\t\t<p>A\u00f0 setja upp verndart\u00e1kn er tilraun til a\u00f0 gera m\u00f6rk s\u00fdnileg til langs t\u00edma, \u00e1 dyraumb\u00fana\u00f0i, \u00e1 bita, vi\u00f0 v\u00f6gguna. S\u00f6mu hugmynd um v\u00edsvitandi m\u00f6rku\u00f0, s\u00fdnileg m\u00f6rk yfirf\u00e6rir <a href=\"https:\/\/iwell-guard.com\/is\/verndargripur-iwell-guard-kaupa\/\">iWell Guard<\/a> fr\u00e1 h\u00fasi og b\u00e6 yfir \u00e1 einstaklinginn.<\/p><p>\u00dear sem t\u00e1kni\u00f0 st\u00f3\u00f0 \u00e1\u00f0ur \u00e1 f\u00f6stum sta\u00f0 me\u00f0an \u00edb\u00faarnir komu og f\u00f3ru, fylgir hengi\u00f0 n\u00fa eiganda s\u00ednum hvert sem hann fer. R\u00f6kfr\u00e6\u00f0i m\u00f6rkunarinnar er \u00fe\u00f3 \u00f3breytt.<\/p>\t\t\t\t\t\t\t\t<\/div>\n\t\t\t\t<div class=\"elementor-element elementor-element-iwgs-wacholder-ccb iwg-cc-button iwg-cc-cta-2026-05-13 elementor-widget elementor-widget-jet-button\" data-id=\"iwgs-wacholder-ccb\" data-element_type=\"widget\" data-e-type=\"widget\" data-widget_type=\"jet-button.default\">\n\t\t\t\t<div class=\"elementor-widget-container\">\n\t\t\t\t\t<div class=\"elementor-jet-button jet-elements\"><div class=\"jet-button__container\"><a class=\"jet-button__instance jet-button__instance--icon-left hover-effect-1\" href=\"\/schutzanhaenger-iwell-guard-kaufen\/?utm_source=iwell-guard.com&amp;utm_medium=info-box&amp;utm_campaign=schutzsymbole\"><div class=\"jet-button__plane jet-button__plane-normal\"><\/div><div class=\"jet-button__plane jet-button__plane-hover\"><\/div><div class=\"jet-button__state jet-button__state-normal\"><span class=\"jet-button__label\">Meira um iWell Guard<\/span><\/div><div class=\"jet-button__state jet-button__state-hover\"><span class=\"jet-button__label\">Meira um iWell Guard<\/span><\/div><\/a><\/div><\/div><style>.elementor-element.elementor-element-iwgs-wacholder-ccb .jet-button__instance{width:320px;height:56px;}.elementor-element.elementor-element-iwgs-wacholder-ccb .jet-button__state-normal .jet-button__label{text-align:center;margin:0px 0px 0px 0px;color:#1a1b20;font-family:Montserrat,sans-serif;font-size:13px;font-weight:400;letter-spacing:4px;line-height:1.714em;text-transform:uppercase;}.elementor-element.elementor-element-iwgs-wacholder-ccb .jet-button__state-hover .jet-button__label{text-align:center;margin:0px 0px 0px 0px;color:#FECC76;font-family:Montserrat,sans-serif;font-size:13px;font-weight:400;letter-spacing:4px;line-height:1.714em;text-transform:uppercase;}.elementor-element.elementor-element-iwgs-wacholder-ccb .jet-button__plane-normal{background-color:#FECC76;border-style:solid;border-color:#C99540;border-width:2px 2px 2px 2px;}.elementor-element.elementor-element-iwgs-wacholder-ccb .jet-button__plane-hover{background-color:rgba(0,0,0,0.55);border-style:solid;border-color:#FECC76;border-width:2px 2px 2px 2px;}<\/style>\t\t\t\t<\/div>\n\t\t\t\t<\/div>\n\t\t\t\t<div class=\"elementor-element elementor-element-iwgs-wacholder-ccd elementor-widget elementor-widget-text-editor\" data-id=\"iwgs-wacholder-ccd\" data-element_type=\"widget\" data-e-type=\"widget\" data-widget_type=\"text-editor.default\">\n\t\t\t\t\t\t\t\t\t<p style=\"text-align:center;font-size:13px;opacity:0.7;margin-top:14px\" data-nosnippet=\"true\">Pers\u00f3nuleg reynsla getur veri\u00f0 mismunandi. Ekki l\u00e6kningat\u00e6ki. Engin lofor\u00f0 um l\u00e6kningu.<\/p>\t\t\t\t\t\t\t\t<\/div>\n\t\t\t\t\t<\/div>\n\t\t\t\t<\/div>\n\t\t\t\t\t<\/div>\n\t\t\t\t<\/div>\n\t\t<div class=\"elementor-element elementor-element-iwgs-wacholder-disc e-flex e-con-boxed e-con e-parent\" data-id=\"iwgs-wacholder-disc\" data-element_type=\"container\" data-e-type=\"container\">\n\t\t\t\t\t<div class=\"e-con-inner\">\n\t\t<div class=\"elementor-element elementor-element-iw-wacholder-disc-bw e-con-full e-flex e-con e-child\" data-id=\"iw-wacholder-disc-bw\" data-element_type=\"container\" data-e-type=\"container\">\n\t\t\t\t<div class=\"elementor-element elementor-element-iwgs-wacholder-discw elementor-widget elementor-widget-html\" data-id=\"iwgs-wacholder-discw\" data-element_type=\"widget\" data-e-type=\"widget\" data-widget_type=\"html.default\">\n\t\t\t\t\t<footer data-nosnippet=\"true\" class=\"iwg-disclaimer-block\"><p data-nosnippet=\"true\">iWell Guard er <strong>ekki l\u00e6kningat\u00e6ki<\/strong> og kemur ekki \u00ed sta\u00f0 l\u00e6knis- e\u00f0a s\u00e1lfr\u00e6\u00f0ime\u00f0fer\u00f0ar. Innihaldi\u00f0 sem h\u00e9r er sett fram er tr\u00faarbrag\u00f0afr\u00e6\u00f0ileg og menningars\u00f6gulega greining, ekki lofor\u00f0 um andlega virkni.<\/p><\/footer>\t\t\t\t<\/div>\n\t\t\t\t<\/div>\n\t\t\t\t\t<\/div>\n\t\t\t\t<\/div>\n\t\t\t\t<\/div>\n\t\t","protected":false},"excerpt":{"rendered":"","protected":false},"author":3,"featured_media":20556,"parent":0,"menu_order":0,"comment_status":"closed","ping_status":"closed","template":"elementor_header_footer","meta":{"_yoast_wpseo_focuskw":"setja upp varnarmerki","_yoast_wpseo_title":"T\u00f6frat\u00e1knmyndir til varnar: a\u00f0 setja merki \u00ed \u00fej\u00f3\u00f0tr\u00fa","_yoast_wpseo_metadesc":"Hvernig varnarmerki voru sett \u00e1 dyr, bita, v\u00f6ggu og b\u00faf\u00e9: kr\u00edtarmerki \u00ferett\u00e1ndas\u00f6ngvara, kross\u00admerki, bitamerki og var\u00f0veisla \u00feeirra.","_yoast_wpseo_meta-robots-noindex":"","_yoast_wpseo_canonical":"","_angie_page":false,"gefaehrdungsstufe":"","wesen_kultur":"","wesen_klasse":"","footnotes":""},"categories":[],"class_list":["post-169851","page","type-page","status-publish","has-post-thumbnail","hentry"],"yoast_head":"<!-- This site is optimized with the Yoast SEO Premium plugin v27.7 (Yoast SEO v28.3) - https:\/\/yoast.com\/product\/yoast-seo-premium-wordpress\/ -->\n<title>T\u00f6frat\u00e1knmyndir til varnar: a\u00f0 setja merki \u00ed \u00fej\u00f3\u00f0tr\u00fa<\/title>\n<meta name=\"description\" content=\"Hvernig varnarmerki voru sett \u00e1 dyr, bita, v\u00f6ggu og b\u00faf\u00e9: kr\u00edtarmerki \u00ferett\u00e1ndas\u00f6ngvara, kross\u00admerki, bitamerki og var\u00f0veisla \u00feeirra.\" \/>\n<meta name=\"robots\" content=\"index, follow, max-snippet:-1, max-image-preview:large, max-video-preview:-1\" \/>\n<link rel=\"canonical\" href=\"https:\/\/iwell-guard.com\/is\/toframerki-til-varnar\/\" \/>\n<meta property=\"og:locale\" content=\"is_IS\" \/>\n<meta property=\"og:type\" content=\"article\" \/>\n<meta property=\"og:title\" content=\"T\u00f6frat\u00e1knmyndir til varnar\" \/>\n<meta property=\"og:description\" content=\"Hvernig varnarmerki voru sett \u00e1 dyr, bita, v\u00f6ggu og b\u00faf\u00e9: kr\u00edtarmerki \u00ferett\u00e1ndas\u00f6ngvara, kross\u00admerki, bitamerki og var\u00f0veisla \u00feeirra.\" \/>\n<meta property=\"og:url\" content=\"https:\/\/iwell-guard.com\/is\/toframerki-til-varnar\/\" \/>\n<meta property=\"og:site_name\" content=\"iWell Guard\" \/>\n<meta property=\"article:modified_time\" content=\"2026-09-05T14:58:12+00:00\" \/>\n<meta property=\"og:image\" content=\"https:\/\/iwell-guard.com\/wp-content\/uploads\/2026\/07\/schutzsymbol_universell_schutzzeichen.webp\" \/>\n\t<meta property=\"og:image:width\" content=\"1024\" \/>\n\t<meta property=\"og:image:height\" content=\"1536\" \/>\n\t<meta property=\"og:image:type\" content=\"image\/webp\" \/>\n<meta name=\"twitter:card\" content=\"summary_large_image\" \/>\n<script type=\"application\/ld+json\" class=\"yoast-schema-graph\">{\"@context\":\"https:\\\/\\\/schema.org\",\"@graph\":[{\"@type\":\"WebPage\",\"@id\":\"https:\\\/\\\/iwell-guard.com\\\/is\\\/toframerki-til-varnar\\\/\",\"url\":\"https:\\\/\\\/iwell-guard.com\\\/is\\\/toframerki-til-varnar\\\/\",\"name\":\"T\u00f6frat\u00e1knmyndir til varnar: a\u00f0 setja merki \u00ed \u00fej\u00f3\u00f0tr\u00fa\",\"isPartOf\":{\"@id\":\"https:\\\/\\\/iwell-guard.com\\\/is\\\/#website\"},\"primaryImageOfPage\":{\"@id\":\"https:\\\/\\\/iwell-guard.com\\\/is\\\/toframerki-til-varnar\\\/#primaryimage\"},\"image\":{\"@id\":\"https:\\\/\\\/iwell-guard.com\\\/is\\\/toframerki-til-varnar\\\/#primaryimage\"},\"thumbnailUrl\":\"https:\\\/\\\/iwell-guard.com\\\/wp-content\\\/uploads\\\/2026\\\/07\\\/schutzsymbol_universell_schutzzeichen.webp\",\"datePublished\":\"2026-09-05T14:12:16+00:00\",\"dateModified\":\"2026-09-05T14:58:12+00:00\",\"description\":\"Hvernig varnarmerki voru sett \u00e1 dyr, bita, v\u00f6ggu og b\u00faf\u00e9: kr\u00edtarmerki \u00ferett\u00e1ndas\u00f6ngvara, kross\u00admerki, bitamerki og var\u00f0veisla \u00feeirra.\",\"breadcrumb\":{\"@id\":\"https:\\\/\\\/iwell-guard.com\\\/is\\\/toframerki-til-varnar\\\/#breadcrumb\"},\"inLanguage\":\"is\",\"potentialAction\":[{\"@type\":\"ReadAction\",\"target\":[\"https:\\\/\\\/iwell-guard.com\\\/is\\\/toframerki-til-varnar\\\/\"]}]},{\"@type\":\"ImageObject\",\"inLanguage\":\"is\",\"@id\":\"https:\\\/\\\/iwell-guard.com\\\/is\\\/toframerki-til-varnar\\\/#primaryimage\",\"url\":\"https:\\\/\\\/iwell-guard.com\\\/wp-content\\\/uploads\\\/2026\\\/07\\\/schutzsymbol_universell_schutzzeichen.webp\",\"contentUrl\":\"https:\\\/\\\/iwell-guard.com\\\/wp-content\\\/uploads\\\/2026\\\/07\\\/schutzsymbol_universell_schutzzeichen.webp\",\"width\":1024,\"height\":1536,\"caption\":\"Kr\u00edtarmerki og \u00fatskorin verndart\u00e1kn \u00e1 g\u00f6mlum dyrasl\u00e1\"},{\"@type\":\"BreadcrumbList\",\"@id\":\"https:\\\/\\\/iwell-guard.com\\\/is\\\/toframerki-til-varnar\\\/#breadcrumb\",\"itemListElement\":[{\"@type\":\"ListItem\",\"position\":1,\"name\":\"Start\",\"item\":\"https:\\\/\\\/iwell-guard.com\\\/is\\\/?page_id=168580\"},{\"@type\":\"ListItem\",\"position\":2,\"name\":\"T\u00f6frat\u00e1knmyndir til varnar\"}]},{\"@type\":\"WebSite\",\"@id\":\"https:\\\/\\\/iwell-guard.com\\\/is\\\/#website\",\"url\":\"https:\\\/\\\/iwell-guard.com\\\/is\\\/\",\"name\":\"iWell Guard\",\"description\":\"Schutz vor dunklen Einfl\u00fcssen\",\"publisher\":{\"@id\":\"https:\\\/\\\/iwell-guard.com\\\/is\\\/#organization\"},\"potentialAction\":[{\"@type\":\"SearchAction\",\"target\":{\"@type\":\"EntryPoint\",\"urlTemplate\":\"https:\\\/\\\/iwell-guard.com\\\/is\\\/?s={search_term_string}\"},\"query-input\":{\"@type\":\"PropertyValueSpecification\",\"valueRequired\":true,\"valueName\":\"search_term_string\"}}],\"inLanguage\":\"is\"},{\"@type\":\"Organization\",\"@id\":\"https:\\\/\\\/iwell-guard.com\\\/is\\\/#organization\",\"name\":\"Ittermann electronic GmbH\",\"url\":\"https:\\\/\\\/iwell-guard.com\\\/is\\\/\",\"logo\":{\"@type\":\"ImageObject\",\"inLanguage\":\"is\",\"@id\":\"https:\\\/\\\/iwell-guard.com\\\/is\\\/#\\\/schema\\\/logo\\\/image\\\/\",\"url\":\"https:\\\/\\\/iwell-guard.com\\\/wp-content\\\/uploads\\\/2026\\\/05\\\/Ittermann-Logo-1182x237-1.png\",\"contentUrl\":\"https:\\\/\\\/iwell-guard.com\\\/wp-content\\\/uploads\\\/2026\\\/05\\\/Ittermann-Logo-1182x237-1.png\",\"width\":1182,\"height\":237,\"caption\":\"Ittermann electronic GmbH\"},\"image\":{\"@id\":\"https:\\\/\\\/iwell-guard.com\\\/is\\\/#\\\/schema\\\/logo\\\/image\\\/\"},\"sameAs\":[\"https:\\\/\\\/pantip.com\\\/profile\\\/9367242\",\"https:\\\/\\\/micro.blog\\\/iwellguard\",\"https:\\\/\\\/www.diggerslist.com\\\/iwellguard\\\/about\",\"https:\\\/\\\/skitterphoto.com\\\/photographers\\\/2870314\\\/iwell-guard\",\"https:\\\/\\\/iwellguard.wordpress.com\\\/2026\\\/06\\\/06\\\/iwell-guard\\\/\",\"https:\\\/\\\/hub.docker.com\\\/u\\\/iwellguard\",\"https:\\\/\\\/www.pinterest.com\\\/iwellguard\\\/\",\"https:\\\/\\\/bit.ly\\\/m\\\/iwellguard\",\"https:\\\/\\\/entre-vos-mains.alsace.eu\\\/profiles\\\/iwellguard\\\/activity\",\"https:\\\/\\\/gravatar.com\\\/reallybeded8fd34\",\"https:\\\/\\\/naijamatta.com\\\/iwellguard\",\"https:\\\/\\\/www.goodreads.com\\\/iwellguard\",\"https:\\\/\\\/profile.hatena.ne.jp\\\/iwellguard\\\/\",\"https:\\\/\\\/experiment.com\\\/users\\\/iwellguard\",\"https:\\\/\\\/wakelet.com\\\/@iWellGuard82270\",\"https:\\\/\\\/www.chordie.com\\\/forum\\\/profile.php?id=2555664\",\"https:\\\/\\\/www.instapaper.com\\\/p\\\/17757966\",\"https:\\\/\\\/www.mapleprimes.com\\\/users\\\/iwellguard\",\"https:\\\/\\\/businesslistingplus.com\\\/profile\\\/iwell-guard\\\/\",\"https:\\\/\\\/telegra.ph\\\/iWell-Guard-06-06\",\"https:\\\/\\\/pbase.com\\\/iwellguard\\\/iwellguard\",\"https:\\\/\\\/b.hatena.ne.jp\\\/iwellguard\\\/20260607#bookmark-4788405196491818882\",\"https:\\\/\\\/fliphtml5.com\\\/home\\\/iwellguard\",\"https:\\\/\\\/anyflip.com\\\/homepage\\\/cmiwl#About\",\"https:\\\/\\\/transfur.com\\\/Users\\\/iwellguard\",\"http:\\\/\\\/delphi.larsbo.org\\\/user\\\/iwellguard\",\"https:\\\/\\\/jobs.lajobsportal.org\\\/profiles\\\/8380803-iwell-guard\",\"https:\\\/\\\/md.chaosdorf.de\\\/s\\\/jfbe5SBdJD\",\"https:\\\/\\\/www.lingvolive.com\\\/en-us\\\/profile\\\/9ecaeaca-ce11-4e51-9e71-01d55e2bff36\\\/translations\",\"https:\\\/\\\/www.fitday.com\\\/fitness\\\/forums\\\/members\\\/iwellguard.html\",\"https:\\\/\\\/www.mymeetbook.com\\\/iwellguard\",\"https:\\\/\\\/pxhere.com\\\/en\\\/photographer-me\\\/5040798\",\"https:\\\/\\\/disqus.com\\\/by\\\/iwellguard\\\/about\\\/\",\"https:\\\/\\\/pastelink.net\\\/hjwciqwq\",\"https:\\\/\\\/pubhtml5.com\\\/homepage\\\/scjhn\\\/\",\"https:\\\/\\\/www.bitchute.com\\\/channel\\\/2O2eOKzNqujT\",\"https:\\\/\\\/audiomack.com\\\/iwellguard\"]}]}<\/script>\n<!-- \/ Yoast SEO Premium plugin. -->","yoast_head_json":{"title":"T\u00f6frat\u00e1knmyndir til varnar: a\u00f0 setja merki \u00ed \u00fej\u00f3\u00f0tr\u00fa","description":"Hvernig varnarmerki voru sett \u00e1 dyr, bita, v\u00f6ggu og b\u00faf\u00e9: kr\u00edtarmerki \u00ferett\u00e1ndas\u00f6ngvara, kross\u00admerki, bitamerki og var\u00f0veisla \u00feeirra.","robots":{"index":"index","follow":"follow","max-snippet":"max-snippet:-1","max-image-preview":"max-image-preview:large","max-video-preview":"max-video-preview:-1"},"canonical":"https:\/\/iwell-guard.com\/is\/toframerki-til-varnar\/","og_locale":"is_IS","og_type":"article","og_title":"T\u00f6frat\u00e1knmyndir til varnar","og_description":"Hvernig varnarmerki voru sett \u00e1 dyr, bita, v\u00f6ggu og b\u00faf\u00e9: kr\u00edtarmerki \u00ferett\u00e1ndas\u00f6ngvara, kross\u00admerki, bitamerki og var\u00f0veisla \u00feeirra.","og_url":"https:\/\/iwell-guard.com\/is\/toframerki-til-varnar\/","og_site_name":"iWell Guard","article_modified_time":"2026-09-05T14:58:12+00:00","og_image":[{"width":1024,"height":1536,"url":"https:\/\/iwell-guard.com\/wp-content\/uploads\/2026\/07\/schutzsymbol_universell_schutzzeichen.webp","type":"image\/webp"}],"twitter_card":"summary_large_image","schema":{"@context":"https:\/\/schema.org","@graph":[{"@type":"WebPage","@id":"https:\/\/iwell-guard.com\/is\/toframerki-til-varnar\/","url":"https:\/\/iwell-guard.com\/is\/toframerki-til-varnar\/","name":"T\u00f6frat\u00e1knmyndir til varnar: a\u00f0 setja merki \u00ed \u00fej\u00f3\u00f0tr\u00fa","isPartOf":{"@id":"https:\/\/iwell-guard.com\/is\/#website"},"primaryImageOfPage":{"@id":"https:\/\/iwell-guard.com\/is\/toframerki-til-varnar\/#primaryimage"},"image":{"@id":"https:\/\/iwell-guard.com\/is\/toframerki-til-varnar\/#primaryimage"},"thumbnailUrl":"https:\/\/iwell-guard.com\/wp-content\/uploads\/2026\/07\/schutzsymbol_universell_schutzzeichen.webp","datePublished":"2026-09-05T14:12:16+00:00","dateModified":"2026-09-05T14:58:12+00:00","description":"Hvernig varnarmerki voru sett \u00e1 dyr, bita, v\u00f6ggu og b\u00faf\u00e9: kr\u00edtarmerki \u00ferett\u00e1ndas\u00f6ngvara, kross\u00admerki, bitamerki og var\u00f0veisla \u00feeirra.","breadcrumb":{"@id":"https:\/\/iwell-guard.com\/is\/toframerki-til-varnar\/#breadcrumb"},"inLanguage":"is","potentialAction":[{"@type":"ReadAction","target":["https:\/\/iwell-guard.com\/is\/toframerki-til-varnar\/"]}]},{"@type":"ImageObject","inLanguage":"is","@id":"https:\/\/iwell-guard.com\/is\/toframerki-til-varnar\/#primaryimage","url":"https:\/\/iwell-guard.com\/wp-content\/uploads\/2026\/07\/schutzsymbol_universell_schutzzeichen.webp","contentUrl":"https:\/\/iwell-guard.com\/wp-content\/uploads\/2026\/07\/schutzsymbol_universell_schutzzeichen.webp","width":1024,"height":1536,"caption":"Kr\u00edtarmerki og \u00fatskorin verndart\u00e1kn \u00e1 g\u00f6mlum dyrasl\u00e1"},{"@type":"BreadcrumbList","@id":"https:\/\/iwell-guard.com\/is\/toframerki-til-varnar\/#breadcrumb","itemListElement":[{"@type":"ListItem","position":1,"name":"Start","item":"https:\/\/iwell-guard.com\/is\/?page_id=168580"},{"@type":"ListItem","position":2,"name":"T\u00f6frat\u00e1knmyndir til varnar"}]},{"@type":"WebSite","@id":"https:\/\/iwell-guard.com\/is\/#website","url":"https:\/\/iwell-guard.com\/is\/","name":"iWell Guard","description":"Schutz vor dunklen Einfl\u00fcssen","publisher":{"@id":"https:\/\/iwell-guard.com\/is\/#organization"},"potentialAction":[{"@type":"SearchAction","target":{"@type":"EntryPoint","urlTemplate":"https:\/\/iwell-guard.com\/is\/?s={search_term_string}"},"query-input":{"@type":"PropertyValueSpecification","valueRequired":true,"valueName":"search_term_string"}}],"inLanguage":"is"},{"@type":"Organization","@id":"https:\/\/iwell-guard.com\/is\/#organization","name":"Ittermann electronic GmbH","url":"https:\/\/iwell-guard.com\/is\/","logo":{"@type":"ImageObject","inLanguage":"is","@id":"https:\/\/iwell-guard.com\/is\/#\/schema\/logo\/image\/","url":"https:\/\/iwell-guard.com\/wp-content\/uploads\/2026\/05\/Ittermann-Logo-1182x237-1.png","contentUrl":"https:\/\/iwell-guard.com\/wp-content\/uploads\/2026\/05\/Ittermann-Logo-1182x237-1.png","width":1182,"height":237,"caption":"Ittermann electronic GmbH"},"image":{"@id":"https:\/\/iwell-guard.com\/is\/#\/schema\/logo\/image\/"},"sameAs":["https:\/\/pantip.com\/profile\/9367242","https:\/\/micro.blog\/iwellguard","https:\/\/www.diggerslist.com\/iwellguard\/about","https:\/\/skitterphoto.com\/photographers\/2870314\/iwell-guard","https:\/\/iwellguard.wordpress.com\/2026\/06\/06\/iwell-guard\/","https:\/\/hub.docker.com\/u\/iwellguard","https:\/\/www.pinterest.com\/iwellguard\/","https:\/\/bit.ly\/m\/iwellguard","https:\/\/entre-vos-mains.alsace.eu\/profiles\/iwellguard\/activity","https:\/\/gravatar.com\/reallybeded8fd34","https:\/\/naijamatta.com\/iwellguard","https:\/\/www.goodreads.com\/iwellguard","https:\/\/profile.hatena.ne.jp\/iwellguard\/","https:\/\/experiment.com\/users\/iwellguard","https:\/\/wakelet.com\/@iWellGuard82270","https:\/\/www.chordie.com\/forum\/profile.php?id=2555664","https:\/\/www.instapaper.com\/p\/17757966","https:\/\/www.mapleprimes.com\/users\/iwellguard","https:\/\/businesslistingplus.com\/profile\/iwell-guard\/","https:\/\/telegra.ph\/iWell-Guard-06-06","https:\/\/pbase.com\/iwellguard\/iwellguard","https:\/\/b.hatena.ne.jp\/iwellguard\/20260607#bookmark-4788405196491818882","https:\/\/fliphtml5.com\/home\/iwellguard","https:\/\/anyflip.com\/homepage\/cmiwl#About","https:\/\/transfur.com\/Users\/iwellguard","http:\/\/delphi.larsbo.org\/user\/iwellguard","https:\/\/jobs.lajobsportal.org\/profiles\/8380803-iwell-guard","https:\/\/md.chaosdorf.de\/s\/jfbe5SBdJD","https:\/\/www.lingvolive.com\/en-us\/profile\/9ecaeaca-ce11-4e51-9e71-01d55e2bff36\/translations","https:\/\/www.fitday.com\/fitness\/forums\/members\/iwellguard.html","https:\/\/www.mymeetbook.com\/iwellguard","https:\/\/pxhere.com\/en\/photographer-me\/5040798","https:\/\/disqus.com\/by\/iwellguard\/about\/","https:\/\/pastelink.net\/hjwciqwq","https:\/\/pubhtml5.com\/homepage\/scjhn\/","https:\/\/www.bitchute.com\/channel\/2O2eOKzNqujT","https:\/\/audiomack.com\/iwellguard"]}]}},"_links":{"self":[{"href":"https:\/\/iwell-guard.com\/is\/wp-json\/wp\/v2\/pages\/169851","targetHints":{"allow":["GET"]}}],"collection":[{"href":"https:\/\/iwell-guard.com\/is\/wp-json\/wp\/v2\/pages"}],"about":[{"href":"https:\/\/iwell-guard.com\/is\/wp-json\/wp\/v2\/types\/page"}],"author":[{"embeddable":true,"href":"https:\/\/iwell-guard.com\/is\/wp-json\/wp\/v2\/users\/3"}],"replies":[{"embeddable":true,"href":"https:\/\/iwell-guard.com\/is\/wp-json\/wp\/v2\/comments?post=169851"}],"version-history":[{"count":0,"href":"https:\/\/iwell-guard.com\/is\/wp-json\/wp\/v2\/pages\/169851\/revisions"}],"wp:featuredmedia":[{"embeddable":true,"href":"https:\/\/iwell-guard.com\/is\/wp-json\/wp\/v2\/media\/20556"}],"wp:attachment":[{"href":"https:\/\/iwell-guard.com\/is\/wp-json\/wp\/v2\/media?parent=169851"}],"wp:term":[{"taxonomy":"category","embeddable":true,"href":"https:\/\/iwell-guard.com\/is\/wp-json\/wp\/v2\/categories?post=169851"}],"curies":[{"name":"wp","href":"https:\/\/api.w.org\/{rel}","templated":true}]}}