{"id":169849,"date":"2026-09-05T14:12:15","date_gmt":"2026-09-05T14:12:15","guid":{"rendered":"https:\/\/iwell-guard.com\/?page_id=169849"},"modified":"2026-09-05T14:58:08","modified_gmt":"2026-09-05T14:58:08","slug":"baenir-sem-verndargripur","status":"publish","type":"page","link":"https:\/\/iwell-guard.com\/is\/baenir-sem-verndargripur\/","title":{"rendered":"B\u00e6nir sem verndargripur"},"content":{"rendered":"\t\t<div data-elementor-type=\"wp-page\" data-elementor-id=\"169849\" class=\"elementor elementor-169849 elementor-20513 elementor-bc-flex-widget\" data-elementor-post-type=\"page\">\n\t\t\t\t<div class=\"elementor-element elementor-element-iwgs-wacholder-hero e-flex e-con-boxed e-con e-parent\" data-id=\"iwgs-wacholder-hero\" data-element_type=\"container\" data-e-type=\"container\">\n\t\t\t\t\t<div class=\"e-con-inner\">\n\t\t<div class=\"elementor-element elementor-element-iw-wacholder-hero-left e-con-full e-flex e-con e-child\" data-id=\"iw-wacholder-hero-left\" data-element_type=\"container\" data-e-type=\"container\">\n\t\t\t\t<div class=\"elementor-element elementor-element-iwgs-wacholder-h1 elementor-widget elementor-widget-heading\" data-id=\"iwgs-wacholder-h1\" data-element_type=\"widget\" data-e-type=\"widget\" data-widget_type=\"heading.default\">\n\t\t\t\t\t<h1 class=\"elementor-heading-title elementor-size-default\">B\u00e6nir sem verndargripur \u2013 blessunaror\u00f0 \u00ed \u00fej\u00f3\u00f0tr\u00fa<\/h1>\t\t\t\t<\/div>\n\t\t<div class=\"elementor-element elementor-element-iw-wacholder-hero-bw e-con-full e-flex e-con e-child\" data-id=\"iw-wacholder-hero-bw\" data-element_type=\"container\" data-e-type=\"container\">\n\t\t\t\t<div class=\"elementor-element elementor-element-iwgs-wacholder-pills elementor-widget elementor-widget-html\" data-id=\"iwgs-wacholder-pills\" data-element_type=\"widget\" data-e-type=\"widget\" data-widget_type=\"html.default\">\n\t\t\t\t\t<div class=\"iwg-pill-row\"><span class=\"iwg-klasse-badge\" tabindex=\"0\" data-tooltip=\"Tegund verndargrips.\">Verndari\u00f0kun<\/span><a href=\"https:\/\/iwell-guard.com\/is\/verndarleidarvisir\/\" class=\"iwg-kultur-badge\" tabindex=\"0\" data-tooltip=\"Til Verndarkomp\u00e1ssins.\">Verndarkomp\u00e1s<\/a><\/div>\t\t\t\t<\/div>\n\t\t\t\t<div class=\"elementor-element elementor-element-iwgs-wacholder-lead elementor-widget elementor-widget-text-editor\" data-id=\"iwgs-wacholder-lead\" data-element_type=\"widget\" data-e-type=\"widget\" data-widget_type=\"text-editor.default\">\n\t\t\t\t\t\t\t\t\t<p>Auk jurta, verndargripa og t\u00e1kna hefur tala\u00f0 or\u00f0i\u00f0 um langan t\u00edma veri\u00f0 \u00fatbreitt verndarme\u00f0al. Verndarb\u00e6nir eru \u00e1varp til h\u00e6rra m\u00e1ttarvalds, oftast Gu\u00f0s, engla e\u00f0a heilagra, me\u00f0 b\u00f3n um vernd fr\u00e1 sj\u00fakd\u00f3mum, h\u00e6ttum \u00e1 fer\u00f0al\u00f6gum, \u00f3gn n\u00e6turins e\u00f0a illum m\u00e1ttarv\u00f6ldum.<\/p><p>Fr\u00e1 formf\u00f6stum kirkjub\u00e6num eins og S\u00e1lmi 91 til al\u00fe\u00fd\u00f0legra h\u00fasblessana sem skrifa\u00f0ar voru \u00e1 bita, spannar \u00feessi i\u00f0kun v\u00edtt svi\u00f0. H\u00fan er \u00fe\u00f3 greinilega fr\u00e1brug\u00f0in <a href=\"https:\/\/iwell-guard.com\/is\/bannspruch-og-bannritual\/\">bannor\u00f0inu<\/a>, sem virkt f\u00e6lir og bannar illt, og <a href=\"https:\/\/iwell-guard.com\/is\/besprechen\/\">l\u00e6kninga\u00feulunni<\/a>, pers\u00f3nulegri l\u00e6kningar\u00feulu kunnandi manneskju gegn \u00e1kve\u00f0num kvilla.<\/p>\n<p class=\"iwg-kwfix\">B\u00e6nir eru \u00ed \u00fej\u00f3\u00f0tr\u00fa og heimstr\u00faarbr\u00f6g\u00f0um taldar vernd \u00ed gegnum tala\u00f0 or\u00f0. Blessunaror\u00f0 eru \u00ed \u00fej\u00f3\u00f0tr\u00fa talin tala\u00f0ur verndargripur sem f\u00e6lir fr\u00e1 \u00f3g\u00e6fu og veitir styrk.<\/p>\t\t\t\t\t\t\t\t<\/div>\n\t\t\t\t<\/div>\n\t\t\t\t<\/div>\n\t\t<div class=\"elementor-element elementor-element-iw-wacholder-hero-img e-con-full e-flex e-con e-child\" data-id=\"iw-wacholder-hero-img\" data-element_type=\"container\" data-e-type=\"container\">\n\t\t\t\t<div class=\"elementor-element elementor-element-iwgs-wacholder-himg iwg-hero-image elementor-widget elementor-widget-image\" data-id=\"iwgs-wacholder-himg\" data-element_type=\"widget\" data-e-type=\"widget\" data-widget_type=\"image.default\">\n\t\t\t\t\t\t\t\t\t\t\t\t\t\t\t<img fetchpriority=\"high\" decoding=\"async\" width=\"683\" height=\"1024\" src=\"https:\/\/iwell-guard.com\/wp-content\/uploads\/2026\/05\/schutzsymbol_germanisch_wacholder-683x1024.png\" class=\"attachment-large size-large wp-image-170446\" alt=\"J\u00e1rnjurt (verbena) \u2013 verndar- og helgisi\u00f0ajurt, s\u00f6gulega myndskreytt\" srcset=\"https:\/\/iwell-guard.com\/wp-content\/uploads\/2026\/05\/schutzsymbol_germanisch_wacholder-683x1024.png 683w, https:\/\/iwell-guard.com\/wp-content\/uploads\/2026\/05\/schutzsymbol_germanisch_wacholder-200x300.png 200w, https:\/\/iwell-guard.com\/wp-content\/uploads\/2026\/05\/schutzsymbol_germanisch_wacholder-768x1152.png 768w, https:\/\/iwell-guard.com\/wp-content\/uploads\/2026\/05\/schutzsymbol_germanisch_wacholder.png 1024w\" sizes=\"(max-width: 683px) 100vw, 683px\" \/>\t\t\t\t\t\t\t\t\t\t\t\t\t\t\t<\/div>\n\t\t\t\t<\/div>\n\t\t\t\t\t<\/div>\n\t\t\t\t<\/div>\n\t\t<div class=\"elementor-element elementor-element-iwgs-wacholder-s0 e-flex e-con-boxed e-con e-parent\" data-id=\"iwgs-wacholder-s0\" data-element_type=\"container\" data-e-type=\"container\">\n\t\t\t\t\t<div class=\"e-con-inner\">\n\t\t\t\t<div class=\"elementor-element elementor-element-iwgs-wacholder-s0h elementor-widget elementor-widget-heading\" data-id=\"iwgs-wacholder-s0h\" data-element_type=\"widget\" data-e-type=\"widget\" data-widget_type=\"heading.default\">\n\t\t\t\t\t<h2 class=\"elementor-heading-title elementor-size-default\">Skj\u00f3tt yfirlit<\/h2>\t\t\t\t<\/div>\n\t\t<div class=\"elementor-element elementor-element-iw-wacholder-s0-bw e-con-full e-flex e-con e-child\" data-id=\"iw-wacholder-s0-bw\" data-element_type=\"container\" data-e-type=\"container\">\n\t\t\t\t<div class=\"elementor-element elementor-element-iwgs-wacholder-s0t elementor-widget elementor-widget-text-editor\" data-id=\"iwgs-wacholder-s0t\" data-element_type=\"widget\" data-e-type=\"widget\" data-widget_type=\"text-editor.default\">\n\t\t\t\t\t\t\t\t\t<p>Verndarb\u00e6n er or\u00f0 sem beint er til h\u00e6rra m\u00e1ttarvalds, oft formfast, me\u00f0 \u00feeim tilgangi a\u00f0 for\u00f0a \u00f3g\u00e6fu, sj\u00fakd\u00f3mum e\u00f0a h\u00e6ttu. Svi\u00f0i\u00f0 spannar fr\u00e1 kirkjulega vi\u00f0urkenndum textum eins og Fa\u00f0irvorinu e\u00f0a S\u00e1lmi 91 til al\u00fe\u00fd\u00f0legra blessunaror\u00f0a me\u00f0 tr\u00faarlegu \u00edvafi.<\/p><p>Fastar myndir eru kv\u00f6ldblessunin fyrir svefn, fer\u00f0ablessunin fyrir upphaf fer\u00f0ar og h\u00fasblessunin sem \u00e1 a\u00f0 setja h\u00fas og \u00edb\u00faa undir varanlega vernd.<\/p>\t\t\t\t\t\t\t\t<\/div>\n\t\t\t\t<\/div>\n\t\t\t\t\t<\/div>\n\t\t\t\t<\/div>\n\t\t<div class=\"elementor-element elementor-element-iwgs-wacholder-s1 e-flex e-con-boxed e-con e-parent\" data-id=\"iwgs-wacholder-s1\" data-element_type=\"container\" data-e-type=\"container\">\n\t\t\t\t\t<div class=\"e-con-inner\">\n\t\t\t\t<div class=\"elementor-element elementor-element-iwgs-wacholder-s1h elementor-widget elementor-widget-heading\" data-id=\"iwgs-wacholder-s1h\" data-element_type=\"widget\" data-e-type=\"widget\" data-widget_type=\"heading.default\">\n\t\t\t\t\t<h2 class=\"elementor-heading-title elementor-size-default\">Uppruni og munnm\u00e6li<\/h2>\t\t\t\t<\/div>\n\t\t<div class=\"elementor-element elementor-element-iw-wacholder-s1-bw e-con-full e-flex e-con e-child\" data-id=\"iw-wacholder-s1-bw\" data-element_type=\"container\" data-e-type=\"container\">\n\t\t\t\t<div class=\"elementor-element elementor-element-iwgs-wacholder-s1t elementor-widget elementor-widget-text-editor\" data-id=\"iwgs-wacholder-s1t\" data-element_type=\"widget\" data-e-type=\"widget\" data-widget_type=\"text-editor.default\">\n\t\t\t\t\t\t\t\t\t<p>S\u00e1lmur 91, me\u00f0 s\u00ednu vel \u00feekkta upphafi &#8222;S\u00e1 sem b\u00fdr \u00ed skj\u00f3li hins h\u00e6sta&#8220;, hefur fr\u00e1 mi\u00f0\u00f6ldum veri\u00f0 talinn mi\u00f0l\u00e6gur bibl\u00edulegur verndartexti og var s\u00e9rstaklega oft lesinn \u00e1 t\u00edmum fars\u00f3tta og str\u00ed\u00f0sh\u00e6ttu, sums sta\u00f0ar kalla\u00f0ur pestars\u00e1lmurinn. \u00c1 sumum sv\u00e6\u00f0um voru einst\u00f6k vers skrifu\u00f0 \u00e1 litla se\u00f0la og saumu\u00f0 \u00ed f\u00f6t, i\u00f0kun sem s\u00fdnir umbreytingu fr\u00e1 tala\u00f0ri b\u00e6n til borins <a href=\"https:\/\/iwell-guard.com\/is\/amulett\/\">verndargrips<\/a>.<\/p><p>Kv\u00f6ldblessunin og fer\u00f0ablessunin voru um aldir fastur hluti dagsins hj\u00e1 tr\u00fau\u00f0um fj\u00f6lskyldum: Fyrir svefn var be\u00f0i\u00f0 um vernd \u00e1 varnarlausum n\u00e6turstundum, fyrir upphaf fer\u00f0ar um \u00f6ruggt fylgd. Kirkjulegar blessunarb\u00e6kur mi\u00f0aldanna (benediktionale) s\u00f6fnu\u00f0u fj\u00f6lda sl\u00edkra formfastra blessunaror\u00f0a fyrir h\u00fas, akra, b\u00faf\u00e9na\u00f0 og fer\u00f0af\u00f3lk.<\/p><p>Auk \u00feess lif\u00f0i al\u00fe\u00fd\u00f0leg h\u00fasblessun \u00e1fram, oft skrifu\u00f0 sem or\u00f0 yfir dyrastaf e\u00f0a \u00feakbita, gjarnan \u00ed tengslum vi\u00f0 <a href=\"https:\/\/iwell-guard.com\/is\/?page_id=169851\">verndart\u00e1kn<\/a> eins og krossinn. Handb\u00f3k \u00fe\u00fdskrar \u00fej\u00f3\u00f0tr\u00faar (Handw\u00f6rterbuch des deutschen Aberglaubens) skr\u00e1ir \u00feessa n\u00e1nu samtvinnun tala\u00f0rar blessunar og s\u00fdnilegs t\u00e1kns.<\/p>\t\t\t\t\t\t\t\t<\/div>\n\t\t\t\t<\/div>\n\t\t\t\t\t<\/div>\n\t\t\t\t<\/div>\n\t\t<div class=\"elementor-element elementor-element-iwgs-wacholder-s2 e-flex e-con-boxed e-con e-parent\" data-id=\"iwgs-wacholder-s2\" data-element_type=\"container\" data-e-type=\"container\">\n\t\t\t\t\t<div class=\"e-con-inner\">\n\t\t\t\t<div class=\"elementor-element elementor-element-iwgs-wacholder-s2h elementor-widget elementor-widget-heading\" data-id=\"iwgs-wacholder-s2h\" data-element_type=\"widget\" data-e-type=\"widget\" data-widget_type=\"heading.default\">\n\t\t\t\t\t<h2 class=\"elementor-heading-title elementor-size-default\">Virknihugmynd samkv\u00e6mt munnm\u00e6lum<\/h2>\t\t\t\t<\/div>\n\t\t<div class=\"elementor-element elementor-element-iw-wacholder-s2-bw e-con-full e-flex e-con e-child\" data-id=\"iw-wacholder-s2-bw\" data-element_type=\"container\" data-e-type=\"container\">\n\t\t\t\t<div class=\"elementor-element elementor-element-iwgs-wacholder-s2t elementor-widget elementor-widget-text-editor\" data-id=\"iwgs-wacholder-s2t\" data-element_type=\"widget\" data-e-type=\"widget\" data-widget_type=\"text-editor.default\">\n\t\t\t\t\t\t\t\t\t<p>Verndarb\u00e6ninni er eigna\u00f0ur m\u00e1ttur sem \u00e1 a\u00f0 b\u00faa \u00ed hinu tala\u00f0a e\u00f0a skrifa\u00f0a or\u00f0i sj\u00e1lfu, styrktur me\u00f0 endurtekningu og fastri formger\u00f0. \u00d3l\u00edkt <a href=\"https:\/\/iwell-guard.com\/is\/bannspruch-og-bannritual\/\">bannor\u00f0inu<\/a>, sem skipar \u00e1kve\u00f0nu illu a\u00f0 hverfa, bi\u00f0ur b\u00e6nin h\u00e6rra m\u00e1ttarvald um styrk, h\u00fan skipar ekki sj\u00e1lf.<\/p><p>\u00deessi a\u00f0greining markar jafnframt l\u00ednuna gagnvart <a href=\"https:\/\/iwell-guard.com\/is\/besprechen\/\">l\u00e6kninga\u00feulunni<\/a>: Me\u00f0an l\u00e6kninga\u00feulan er pers\u00f3nuleg \u00feula, oft munnlega gefin \u00e1fram af kunnandi manneskju gegn \u00e1kve\u00f0num kvilla, er verndarb\u00e6nin yfirleitt v\u00ed\u00f0ar \u00feekkt, formger\u00f0 og gild fyrir m\u00f6rg tilefni.<\/p>\t\t\t\t\t\t\t\t<\/div>\n\t\t\t\t<\/div>\n\t\t\t\t\t<\/div>\n\t\t\t\t<\/div>\n\t\t<div class=\"elementor-element elementor-element-iwgs-wacholder-s3 e-flex e-con-boxed e-con e-parent\" data-id=\"iwgs-wacholder-s3\" data-element_type=\"container\" data-e-type=\"container\">\n\t\t\t\t\t<div class=\"e-con-inner\">\n\t\t\t\t<div class=\"elementor-element elementor-element-iwgs-wacholder-s3h elementor-widget elementor-widget-heading\" data-id=\"iwgs-wacholder-s3h\" data-element_type=\"widget\" data-e-type=\"widget\" data-widget_type=\"heading.default\">\n\t\t\t\t\t<h2 class=\"elementor-heading-title elementor-size-default\">\u00datbrei\u00f0sla yfir menningarheima<\/h2>\t\t\t\t<\/div>\n\t\t<div class=\"elementor-element elementor-element-iw-wacholder-s3-bw e-con-full e-flex e-con e-child\" data-id=\"iw-wacholder-s3-bw\" data-element_type=\"container\" data-e-type=\"container\">\n\t\t\t\t<div class=\"elementor-element elementor-element-iwgs-wacholder-s3t elementor-widget elementor-widget-text-editor\" data-id=\"iwgs-wacholder-s3t\" data-element_type=\"widget\" data-e-type=\"widget\" data-widget_type=\"text-editor.default\">\n\t\t\t\t\t\t\t\t\t<p>Verndarb\u00e6nir finnast \u00ed \u00f6llum st\u00f3rum heimstr\u00faarbr\u00f6g\u00f0um. \u00cd judaisma markar mes\u00fasan \u00e1 dyra\u00fer\u00f6skuldinum, sem var\u00f0veitir textabrot \u00far Torunni, hugsun n\u00e1skylda kristinni dyrablessun. \u00cd \u00edslam eru b\u00e6nir, svokalla\u00f0ar d\u00faur, auk \u00e1kve\u00f0inna k\u00f3ranversa, taldar vernd \u00e1 fer\u00f0al\u00f6gum og \u00ed h\u00e6ttu.<\/p><p>Innan kristni eru ka\u00fe\u00f3lsk, or\u00fe\u00f3dox og evangel\u00edsk hef\u00f0 \u00f3l\u00edk \u00ed \u00e1herslu \u00e1 formfastar b\u00e6nir, en halda allar fast \u00ed grunnform eins og kv\u00f6ld- og fer\u00f0ablessun. \u00deessi \u00fatbrei\u00f0sla yfir menningarheima og tr\u00faardeildir s\u00fdnir verndarb\u00e6nina sem alheimlegt fyrirb\u00e6ri.<\/p>\t\t\t\t\t\t\t\t<\/div>\n\t\t\t\t<\/div>\n\t\t\t\t\t<\/div>\n\t\t\t\t<\/div>\n\t\t<div class=\"elementor-element elementor-element-iwgs-wacholder-s4 e-flex e-con-boxed e-con e-parent\" data-id=\"iwgs-wacholder-s4\" data-element_type=\"container\" data-e-type=\"container\">\n\t\t\t\t\t<div class=\"e-con-inner\">\n\t\t\t\t<div class=\"elementor-element elementor-element-iwgs-wacholder-s4h elementor-widget elementor-widget-heading\" data-id=\"iwgs-wacholder-s4h\" data-element_type=\"widget\" data-e-type=\"widget\" data-widget_type=\"heading.default\">\n\t\t\t\t\t<h2 class=\"elementor-heading-title elementor-size-default\">Gegn hverju hann er nota\u00f0ur<\/h2>\t\t\t\t<\/div>\n\t\t<div class=\"elementor-element elementor-element-iw-wacholder-s4-bw e-con-full e-flex e-con e-child\" data-id=\"iw-wacholder-s4-bw\" data-element_type=\"container\" data-e-type=\"container\">\n\t\t\t\t<div class=\"elementor-element elementor-element-iwgs-wacholder-s4t elementor-widget elementor-widget-text-editor\" data-id=\"iwgs-wacholder-s4t\" data-element_type=\"widget\" data-e-type=\"widget\" data-widget_type=\"text-editor.default\">\n\t\t\t\t\t\t\t\t\t<p>Verndarb\u00e6nir beinast gegn v\u00ed\u00f0u svi\u00f0i h\u00e6tta: sj\u00fakd\u00f3mum og fars\u00f3ttum, h\u00e6ttum \u00e1 fer\u00f0al\u00f6gum, \u00f3gn af illum \u00f6ndum a\u00f0 n\u00f3ttu og almennri \u00f3g\u00e6fu fyrir h\u00fas og fj\u00f6lskyldu.<\/p><p><a href=\"https:\/\/iwell-guard.com\/is\/verndarleidarvisir\/\">Verndarkomp\u00e1sinn<\/a> ra\u00f0ar b\u00e6num oft sem vi\u00f0b\u00f3t vi\u00f0 \u00f6nnur verndarme\u00f0\u00f6l, til a\u00f0 mynda \u00e1samt <a href=\"https:\/\/iwell-guard.com\/is\/vigt-vatn\/\">v\u00edg\u00f0u vatni<\/a>, <a href=\"https:\/\/iwell-guard.com\/is\/verndarkerti\/\">verndarkerti<\/a> e\u00f0a \u00feegar <a href=\"https:\/\/iwell-guard.com\/is\/kalla-a-verndarengil\/\">verndarengill er \u00e1kalla\u00f0ur<\/a>.<\/p>\t\t\t\t\t\t\t\t<\/div>\n\t\t\t\t<\/div>\n\t\t\t\t\t<\/div>\n\t\t\t\t<\/div>\n\t\t<div class=\"elementor-element elementor-element-iwgs-wacholder-s5 e-flex e-con-boxed e-con e-parent\" data-id=\"iwgs-wacholder-s5\" data-element_type=\"container\" data-e-type=\"container\">\n\t\t\t\t\t<div class=\"e-con-inner\">\n\t\t\t\t<div class=\"elementor-element elementor-element-iwgs-wacholder-s5h elementor-widget elementor-widget-heading\" data-id=\"iwgs-wacholder-s5h\" data-element_type=\"widget\" data-e-type=\"widget\" data-widget_type=\"heading.default\">\n\t\t\t\t\t<h2 class=\"elementor-heading-title elementor-size-default\">Notkun og takmarkanir<\/h2>\t\t\t\t<\/div>\n\t\t<div class=\"elementor-element elementor-element-iw-wacholder-s5-bw e-con-full e-flex e-con e-child\" data-id=\"iw-wacholder-s5-bw\" data-element_type=\"container\" data-e-type=\"container\">\n\t\t\t\t<div class=\"elementor-element elementor-element-iwgs-wacholder-s5t elementor-widget elementor-widget-text-editor\" data-id=\"iwgs-wacholder-s5t\" data-element_type=\"widget\" data-e-type=\"widget\" data-widget_type=\"text-editor.default\">\n\t\t\t\t\t\t\t\t\t<p>Skjalfest er regluleg, oft dagleg endurtekning fastra form\u00fala, oft l\u00e6r\u00f0ar utanb\u00f3kar og fluttar \u00ed samspili vi\u00f0 <a href=\"https:\/\/iwell-guard.com\/is\/krossinn-sem-verndartakn\/\">krossmark<\/a> e\u00f0a a\u00f0rar me\u00f0fylgjandi athafnir. Kv\u00f6ldblessunin er \u00ed hef\u00f0 flutt fyrir svefn, fer\u00f0ablessunin fyrir upphaf fer\u00f0ar.<\/p><p>Mikilv\u00e6g m\u00f6rk liggja \u00ed sk\u00fdrri a\u00f0greiningu fr\u00e1 tengdum i\u00f0kunum: S\u00e1 sem leitar \u00e1kve\u00f0innar, virkt f\u00e6landi form\u00falu gegn nefndu illu finnur hana frekar \u00ed <a href=\"https:\/\/iwell-guard.com\/is\/bannspruch-og-bannritual\/\">bannor\u00f0inu<\/a>; s\u00e1 sem leitar pers\u00f3nulega \u00e1fram gefinnar l\u00e6kningar\u00feulu gegn \u00e1kve\u00f0num sj\u00fakd\u00f3mi finnur hana \u00ed <a href=\"https:\/\/iwell-guard.com\/is\/besprechen\/\">l\u00e6kninga\u00feulunni<\/a>. Verndarb\u00e6nin kemur a\u00f0 auki ekki \u00ed sta\u00f0 l\u00e6knis- e\u00f0a s\u00e1lfr\u00e6\u00f0ime\u00f0fer\u00f0ar.<\/p>\t\t\t\t\t\t\t\t<\/div>\n\t\t\t\t<\/div>\n\t\t\t\t\t<\/div>\n\t\t\t\t<\/div>\n\t\t<div class=\"elementor-element elementor-element-iwgs-wacholder-lit e-flex e-con-boxed e-con e-parent\" data-id=\"iwgs-wacholder-lit\" data-element_type=\"container\" data-e-type=\"container\">\n\t\t\t\t\t<div class=\"e-con-inner\">\n\t\t\t\t<div class=\"elementor-element elementor-element-iwgs-wacholder-lith elementor-widget elementor-widget-heading\" data-id=\"iwgs-wacholder-lith\" data-element_type=\"widget\" data-e-type=\"widget\" data-widget_type=\"heading.default\">\n\t\t\t\t\t<h2 class=\"elementor-heading-title elementor-size-default\">Heimildir (\u00farval)<\/h2>\t\t\t\t<\/div>\n\t\t<div class=\"elementor-element elementor-element-iw-wacholder-lit-bw e-con-full e-flex e-con e-child\" data-id=\"iw-wacholder-lit-bw\" data-element_type=\"container\" data-e-type=\"container\">\n\t\t\t\t<div class=\"elementor-element elementor-element-iwgs-wacholder-litt elementor-widget elementor-widget-html\" data-id=\"iwgs-wacholder-litt\" data-element_type=\"widget\" data-e-type=\"widget\" data-widget_type=\"html.default\">\n\t\t\t\t\t<footer data-nosnippet=\"true\"><ul><li>Handw\u00f6rterbuch des deutschen Aberglaubens. Hrsg. von Hanns B\u00e4chtold-St\u00e4ubli. Berlin: de Gruyter, 1927-1942.<\/li><li>Adolph Franz: Die kirchlichen Benediktionen im Mittelalter. Freiburg: Herder, 1909.<\/li><li>Adolf Spamer: Romanusb\u00fcchlein. Berlin: Akademie-Verlag, 1958.<\/li><li>Will-Erich Peuckert: Deutscher Volksglaube des Sp\u00e4tmittelalters. Stuttgart: Kohlhammer, 1942.<\/li><li>Richard Beitl \/ Klaus Beitl: W\u00f6rterbuch der deutschen Volkskunde. Stuttgart: Kr\u00f6ner, 1974.<\/li><\/ul><\/footer>\t\t\t\t<\/div>\n\t\t\t\t<\/div>\n\t\t\t\t\t<\/div>\n\t\t\t\t<\/div>\n\t\t<div class=\"elementor-element elementor-element-iwgs-wacholder-kwd e-flex e-con-boxed e-con e-parent\" data-id=\"iwgs-wacholder-kwd\" data-element_type=\"container\" data-e-type=\"container\">\n\t\t\t\t\t<div class=\"e-con-inner\">\n\t\t<div class=\"elementor-element elementor-element-iw-wacholder-kwd-bw e-con-full e-flex e-con e-child\" data-id=\"iw-wacholder-kwd-bw\" data-element_type=\"container\" data-e-type=\"container\">\n\t\t\t\t<div class=\"elementor-element elementor-element-iwgs-wacholder-kwdt elementor-widget elementor-widget-text-editor\" data-id=\"iwgs-wacholder-kwdt\" data-element_type=\"widget\" data-e-type=\"widget\" data-widget_type=\"text-editor.default\">\n\t\t\t\t\t\t\t\t\t<p><em>Tengd leitaror\u00f0: verndarbaenir blessun husvernd salmur ferdablessun.<\/em><\/p>\t\t\t\t\t\t\t\t<\/div>\n\t\t\t\t<\/div>\n\t\t\t\t\t<\/div>\n\t\t\t\t<\/div>\n\t\t<div class=\"elementor-element elementor-element-iwgs-wacholder-cc e-flex e-con-boxed e-con e-parent\" data-id=\"iwgs-wacholder-cc\" data-element_type=\"container\" data-e-type=\"container\" id=\"iwg-cc-wacholder\">\n\t\t\t\t\t<div class=\"e-con-inner\">\n\t\t<div class=\"elementor-element elementor-element-iwgs-wacholder-ccinner e-flex e-con-boxed e-con e-parent\" data-id=\"iwgs-wacholder-ccinner\" data-element_type=\"container\" data-e-type=\"container\" data-settings=\"{&quot;background_background&quot;:&quot;classic&quot;}\">\n\t\t\t\t\t<div class=\"e-con-inner\">\n\t\t\t\t<div class=\"elementor-element elementor-element-iwgs-wacholder-cch elementor-widget elementor-widget-heading\" data-id=\"iwgs-wacholder-cch\" data-element_type=\"widget\" data-e-type=\"widget\" data-widget_type=\"heading.default\">\n\t\t\t\t\t<h2 class=\"elementor-heading-title elementor-size-default\">iWell Guard og verndarhef\u00f0ir<\/h2>\t\t\t\t<\/div>\n\t\t\t\t<div class=\"elementor-element elementor-element-iwgs-wacholder-cct elementor-widget elementor-widget-text-editor\" data-id=\"iwgs-wacholder-cct\" data-element_type=\"widget\" data-e-type=\"widget\" data-widget_type=\"text-editor.default\">\n\t\t\t\t\t\t\t\t\t<p>Verndarb\u00e6nin s\u00fdnir \u00ed hreinni mynd hva\u00f0 fest allar verndarhef\u00f0ir sn\u00faast um: l\u00f6ngunin til a\u00f0 draga m\u00f6rk milli eigin vi\u00f0kv\u00e6mni og heims sem upplif\u00f0ur er sem \u00f3gnandi, h\u00e9r einungis me\u00f0 or\u00f0inu a\u00f0 vopni. \u00deessa hugsun um v\u00edsvitandi, pers\u00f3nuleg m\u00f6rk yfirf\u00e6rir <a href=\"https:\/\/iwell-guard.com\/is\/verndargripur-iwell-guard-kaupa\/\">iWell Guard<\/a> \u00ed hlut.<\/p><p>\u00dear sem fer\u00f0ablessunin var eitt sinn lesin fyrir upphaf fer\u00f0ar, stendur hengi\u00f0 fyrir vernd sem \u00fearf engin or\u00f0 og tengist \u00fe\u00f3 s\u00f6mu fornu i\u00f0kun: a\u00f0 huga v\u00edsvitandi a\u00f0 eigin verndar\u00fe\u00f6rf \u00e1\u00f0ur en lagt er af sta\u00f0.<\/p>\t\t\t\t\t\t\t\t<\/div>\n\t\t\t\t<div class=\"elementor-element elementor-element-iwgs-wacholder-ccb iwg-cc-button iwg-cc-cta-2026-05-13 elementor-widget elementor-widget-jet-button\" data-id=\"iwgs-wacholder-ccb\" data-element_type=\"widget\" data-e-type=\"widget\" data-widget_type=\"jet-button.default\">\n\t\t\t\t<div class=\"elementor-widget-container\">\n\t\t\t\t\t<div class=\"elementor-jet-button jet-elements\"><div class=\"jet-button__container\"><a class=\"jet-button__instance jet-button__instance--icon-left hover-effect-1\" href=\"\/schutzanhaenger-iwell-guard-kaufen\/?utm_source=iwell-guard.com&amp;utm_medium=info-box&amp;utm_campaign=schutzsymbole\"><div class=\"jet-button__plane jet-button__plane-normal\"><\/div><div class=\"jet-button__plane jet-button__plane-hover\"><\/div><div class=\"jet-button__state jet-button__state-normal\"><span class=\"jet-button__label\">Meira um iWell Guard<\/span><\/div><div class=\"jet-button__state jet-button__state-hover\"><span class=\"jet-button__label\">Meira um iWell Guard<\/span><\/div><\/a><\/div><\/div><style>.elementor-element.elementor-element-iwgs-wacholder-ccb .jet-button__instance{width:320px;height:56px;}.elementor-element.elementor-element-iwgs-wacholder-ccb .jet-button__state-normal .jet-button__label{text-align:center;margin:0px 0px 0px 0px;color:#1a1b20;font-family:Montserrat,sans-serif;font-size:13px;font-weight:400;letter-spacing:4px;line-height:1.714em;text-transform:uppercase;}.elementor-element.elementor-element-iwgs-wacholder-ccb .jet-button__state-hover .jet-button__label{text-align:center;margin:0px 0px 0px 0px;color:#FECC76;font-family:Montserrat,sans-serif;font-size:13px;font-weight:400;letter-spacing:4px;line-height:1.714em;text-transform:uppercase;}.elementor-element.elementor-element-iwgs-wacholder-ccb .jet-button__plane-normal{background-color:#FECC76;border-style:solid;border-color:#C99540;border-width:2px 2px 2px 2px;}.elementor-element.elementor-element-iwgs-wacholder-ccb .jet-button__plane-hover{background-color:rgba(0,0,0,0.55);border-style:solid;border-color:#FECC76;border-width:2px 2px 2px 2px;}<\/style>\t\t\t\t<\/div>\n\t\t\t\t<\/div>\n\t\t\t\t<div class=\"elementor-element elementor-element-iwgs-wacholder-ccd elementor-widget elementor-widget-text-editor\" data-id=\"iwgs-wacholder-ccd\" data-element_type=\"widget\" data-e-type=\"widget\" data-widget_type=\"text-editor.default\">\n\t\t\t\t\t\t\t\t\t<p style=\"text-align:center;font-size:13px;opacity:0.7;margin-top:14px\" data-nosnippet=\"true\">Pers\u00f3nuleg reynsla getur veri\u00f0 mismunandi. Ekki l\u00e6kningat\u00e6ki. Engin lofor\u00f0 um l\u00e6kningu.<\/p>\t\t\t\t\t\t\t\t<\/div>\n\t\t\t\t\t<\/div>\n\t\t\t\t<\/div>\n\t\t\t\t\t<\/div>\n\t\t\t\t<\/div>\n\t\t<div class=\"elementor-element elementor-element-iwgs-wacholder-disc e-flex e-con-boxed e-con e-parent\" data-id=\"iwgs-wacholder-disc\" data-element_type=\"container\" data-e-type=\"container\">\n\t\t\t\t\t<div class=\"e-con-inner\">\n\t\t<div class=\"elementor-element elementor-element-iw-wacholder-disc-bw e-con-full e-flex e-con e-child\" data-id=\"iw-wacholder-disc-bw\" data-element_type=\"container\" data-e-type=\"container\">\n\t\t\t\t<div class=\"elementor-element elementor-element-iwgs-wacholder-discw elementor-widget elementor-widget-html\" data-id=\"iwgs-wacholder-discw\" data-element_type=\"widget\" data-e-type=\"widget\" data-widget_type=\"html.default\">\n\t\t\t\t\t<footer data-nosnippet=\"true\" class=\"iwg-disclaimer-block\"><p data-nosnippet=\"true\">iWell Guard er <strong>ekki l\u00e6kningat\u00e6ki<\/strong> og kemur ekki \u00ed sta\u00f0 l\u00e6knis- e\u00f0a s\u00e1lfr\u00e6\u00f0ime\u00f0fer\u00f0ar. Innihaldi\u00f0 sem h\u00e9r er sett fram er tr\u00faarbrag\u00f0afr\u00e6\u00f0ileg og menningars\u00f6gulega greining, ekki lofor\u00f0 um andlega virkni.<\/p><\/footer>\t\t\t\t<\/div>\n\t\t\t\t<\/div>\n\t\t\t\t\t<\/div>\n\t\t\t\t<\/div>\n\t\t\t\t<\/div>\n\t\t","protected":false},"excerpt":{"rendered":"","protected":false},"author":3,"featured_media":20552,"parent":0,"menu_order":0,"comment_status":"closed","ping_status":"closed","template":"elementor_header_footer","meta":{"_yoast_wpseo_focuskw":"baenir sem verndargripur","_yoast_wpseo_title":"B\u00e6nir sem verndargripur: blessunaror\u00f0 \u00ed \u00fej\u00f3\u00f0tr\u00fa","_yoast_wpseo_metadesc":"Verndarb\u00e6nir eins og S\u00e1lmur 91, kv\u00f6ld- og fer\u00f0ablessanir \u00ed \u00fej\u00f3\u00f0tr\u00fa. Uppruni, verkunarm\u00e1ti og a\u00f0greining fr\u00e1 bannor\u00f0um og l\u00e6kninga\u00feulum \u00ed yfirliti.","_yoast_wpseo_meta-robots-noindex":"","_yoast_wpseo_canonical":"","_angie_page":false,"gefaehrdungsstufe":"","wesen_kultur":"","wesen_klasse":"","footnotes":""},"categories":[],"class_list":["post-169849","page","type-page","status-publish","has-post-thumbnail","hentry"],"yoast_head":"<!-- This site is optimized with the Yoast SEO Premium plugin v27.7 (Yoast SEO v28.3) - https:\/\/yoast.com\/product\/yoast-seo-premium-wordpress\/ -->\n<title>B\u00e6nir sem verndargripur: blessunaror\u00f0 \u00ed \u00fej\u00f3\u00f0tr\u00fa<\/title>\n<meta name=\"description\" content=\"Verndarb\u00e6nir eins og S\u00e1lmur 91, kv\u00f6ld- og fer\u00f0ablessanir \u00ed \u00fej\u00f3\u00f0tr\u00fa. Uppruni, verkunarm\u00e1ti og a\u00f0greining fr\u00e1 bannor\u00f0um og l\u00e6kninga\u00feulum \u00ed yfirliti.\" \/>\n<meta name=\"robots\" content=\"index, follow, max-snippet:-1, max-image-preview:large, max-video-preview:-1\" \/>\n<link rel=\"canonical\" href=\"https:\/\/iwell-guard.com\/is\/baenir-sem-verndargripur\/\" \/>\n<meta property=\"og:locale\" content=\"is_IS\" \/>\n<meta property=\"og:type\" content=\"article\" \/>\n<meta property=\"og:title\" content=\"B\u00e6nir sem verndargripur\" \/>\n<meta property=\"og:description\" content=\"Verndarb\u00e6nir eins og S\u00e1lmur 91, kv\u00f6ld- og fer\u00f0ablessanir \u00ed \u00fej\u00f3\u00f0tr\u00fa. Uppruni, verkunarm\u00e1ti og a\u00f0greining fr\u00e1 bannor\u00f0um og l\u00e6kninga\u00feulum \u00ed yfirliti.\" \/>\n<meta property=\"og:url\" content=\"https:\/\/iwell-guard.com\/is\/baenir-sem-verndargripur\/\" \/>\n<meta property=\"og:site_name\" content=\"iWell Guard\" \/>\n<meta property=\"article:modified_time\" content=\"2026-09-05T14:58:08+00:00\" \/>\n<meta property=\"og:image\" content=\"https:\/\/iwell-guard.com\/wp-content\/uploads\/2026\/07\/schutzsymbol_universell_gebete.webp\" \/>\n\t<meta property=\"og:image:width\" content=\"1024\" \/>\n\t<meta property=\"og:image:height\" content=\"1536\" \/>\n\t<meta property=\"og:image:type\" content=\"image\/webp\" \/>\n<meta name=\"twitter:card\" content=\"summary_large_image\" \/>\n<script type=\"application\/ld+json\" class=\"yoast-schema-graph\">{\"@context\":\"https:\\\/\\\/schema.org\",\"@graph\":[{\"@type\":\"WebPage\",\"@id\":\"https:\\\/\\\/iwell-guard.com\\\/is\\\/baenir-sem-verndargripur\\\/\",\"url\":\"https:\\\/\\\/iwell-guard.com\\\/is\\\/baenir-sem-verndargripur\\\/\",\"name\":\"B\u00e6nir sem verndargripur: blessunaror\u00f0 \u00ed \u00fej\u00f3\u00f0tr\u00fa\",\"isPartOf\":{\"@id\":\"https:\\\/\\\/iwell-guard.com\\\/is\\\/#website\"},\"primaryImageOfPage\":{\"@id\":\"https:\\\/\\\/iwell-guard.com\\\/is\\\/baenir-sem-verndargripur\\\/#primaryimage\"},\"image\":{\"@id\":\"https:\\\/\\\/iwell-guard.com\\\/is\\\/baenir-sem-verndargripur\\\/#primaryimage\"},\"thumbnailUrl\":\"https:\\\/\\\/iwell-guard.com\\\/wp-content\\\/uploads\\\/2026\\\/07\\\/schutzsymbol_universell_gebete.webp\",\"datePublished\":\"2026-09-05T14:12:15+00:00\",\"dateModified\":\"2026-09-05T14:58:08+00:00\",\"description\":\"Verndarb\u00e6nir eins og S\u00e1lmur 91, kv\u00f6ld- og fer\u00f0ablessanir \u00ed \u00fej\u00f3\u00f0tr\u00fa. Uppruni, verkunarm\u00e1ti og a\u00f0greining fr\u00e1 bannor\u00f0um og l\u00e6kninga\u00feulum \u00ed yfirliti.\",\"breadcrumb\":{\"@id\":\"https:\\\/\\\/iwell-guard.com\\\/is\\\/baenir-sem-verndargripur\\\/#breadcrumb\"},\"inLanguage\":\"is\",\"potentialAction\":[{\"@type\":\"ReadAction\",\"target\":[\"https:\\\/\\\/iwell-guard.com\\\/is\\\/baenir-sem-verndargripur\\\/\"]}]},{\"@type\":\"ImageObject\",\"inLanguage\":\"is\",\"@id\":\"https:\\\/\\\/iwell-guard.com\\\/is\\\/baenir-sem-verndargripur\\\/#primaryimage\",\"url\":\"https:\\\/\\\/iwell-guard.com\\\/wp-content\\\/uploads\\\/2026\\\/07\\\/schutzsymbol_universell_gebete.webp\",\"contentUrl\":\"https:\\\/\\\/iwell-guard.com\\\/wp-content\\\/uploads\\\/2026\\\/07\\\/schutzsymbol_universell_gebete.webp\",\"width\":1024,\"height\":1536,\"caption\":\"G\u00f6mul b\u00e6nab\u00f3k me\u00f0 tr\u00e9r\u00f3sakrans \u00e1 d\u00f6kkum steinbakgrunni\"},{\"@type\":\"BreadcrumbList\",\"@id\":\"https:\\\/\\\/iwell-guard.com\\\/is\\\/baenir-sem-verndargripur\\\/#breadcrumb\",\"itemListElement\":[{\"@type\":\"ListItem\",\"position\":1,\"name\":\"Start\",\"item\":\"https:\\\/\\\/iwell-guard.com\\\/is\\\/?page_id=168580\"},{\"@type\":\"ListItem\",\"position\":2,\"name\":\"B\u00e6nir sem verndargripur\"}]},{\"@type\":\"WebSite\",\"@id\":\"https:\\\/\\\/iwell-guard.com\\\/is\\\/#website\",\"url\":\"https:\\\/\\\/iwell-guard.com\\\/is\\\/\",\"name\":\"iWell Guard\",\"description\":\"Schutz vor dunklen Einfl\u00fcssen\",\"publisher\":{\"@id\":\"https:\\\/\\\/iwell-guard.com\\\/is\\\/#organization\"},\"potentialAction\":[{\"@type\":\"SearchAction\",\"target\":{\"@type\":\"EntryPoint\",\"urlTemplate\":\"https:\\\/\\\/iwell-guard.com\\\/is\\\/?s={search_term_string}\"},\"query-input\":{\"@type\":\"PropertyValueSpecification\",\"valueRequired\":true,\"valueName\":\"search_term_string\"}}],\"inLanguage\":\"is\"},{\"@type\":\"Organization\",\"@id\":\"https:\\\/\\\/iwell-guard.com\\\/is\\\/#organization\",\"name\":\"Ittermann electronic GmbH\",\"url\":\"https:\\\/\\\/iwell-guard.com\\\/is\\\/\",\"logo\":{\"@type\":\"ImageObject\",\"inLanguage\":\"is\",\"@id\":\"https:\\\/\\\/iwell-guard.com\\\/is\\\/#\\\/schema\\\/logo\\\/image\\\/\",\"url\":\"https:\\\/\\\/iwell-guard.com\\\/wp-content\\\/uploads\\\/2026\\\/05\\\/Ittermann-Logo-1182x237-1.png\",\"contentUrl\":\"https:\\\/\\\/iwell-guard.com\\\/wp-content\\\/uploads\\\/2026\\\/05\\\/Ittermann-Logo-1182x237-1.png\",\"width\":1182,\"height\":237,\"caption\":\"Ittermann electronic GmbH\"},\"image\":{\"@id\":\"https:\\\/\\\/iwell-guard.com\\\/is\\\/#\\\/schema\\\/logo\\\/image\\\/\"},\"sameAs\":[\"https:\\\/\\\/pantip.com\\\/profile\\\/9367242\",\"https:\\\/\\\/micro.blog\\\/iwellguard\",\"https:\\\/\\\/www.diggerslist.com\\\/iwellguard\\\/about\",\"https:\\\/\\\/skitterphoto.com\\\/photographers\\\/2870314\\\/iwell-guard\",\"https:\\\/\\\/iwellguard.wordpress.com\\\/2026\\\/06\\\/06\\\/iwell-guard\\\/\",\"https:\\\/\\\/hub.docker.com\\\/u\\\/iwellguard\",\"https:\\\/\\\/www.pinterest.com\\\/iwellguard\\\/\",\"https:\\\/\\\/bit.ly\\\/m\\\/iwellguard\",\"https:\\\/\\\/entre-vos-mains.alsace.eu\\\/profiles\\\/iwellguard\\\/activity\",\"https:\\\/\\\/gravatar.com\\\/reallybeded8fd34\",\"https:\\\/\\\/naijamatta.com\\\/iwellguard\",\"https:\\\/\\\/www.goodreads.com\\\/iwellguard\",\"https:\\\/\\\/profile.hatena.ne.jp\\\/iwellguard\\\/\",\"https:\\\/\\\/experiment.com\\\/users\\\/iwellguard\",\"https:\\\/\\\/wakelet.com\\\/@iWellGuard82270\",\"https:\\\/\\\/www.chordie.com\\\/forum\\\/profile.php?id=2555664\",\"https:\\\/\\\/www.instapaper.com\\\/p\\\/17757966\",\"https:\\\/\\\/www.mapleprimes.com\\\/users\\\/iwellguard\",\"https:\\\/\\\/businesslistingplus.com\\\/profile\\\/iwell-guard\\\/\",\"https:\\\/\\\/telegra.ph\\\/iWell-Guard-06-06\",\"https:\\\/\\\/pbase.com\\\/iwellguard\\\/iwellguard\",\"https:\\\/\\\/b.hatena.ne.jp\\\/iwellguard\\\/20260607#bookmark-4788405196491818882\",\"https:\\\/\\\/fliphtml5.com\\\/home\\\/iwellguard\",\"https:\\\/\\\/anyflip.com\\\/homepage\\\/cmiwl#About\",\"https:\\\/\\\/transfur.com\\\/Users\\\/iwellguard\",\"http:\\\/\\\/delphi.larsbo.org\\\/user\\\/iwellguard\",\"https:\\\/\\\/jobs.lajobsportal.org\\\/profiles\\\/8380803-iwell-guard\",\"https:\\\/\\\/md.chaosdorf.de\\\/s\\\/jfbe5SBdJD\",\"https:\\\/\\\/www.lingvolive.com\\\/en-us\\\/profile\\\/9ecaeaca-ce11-4e51-9e71-01d55e2bff36\\\/translations\",\"https:\\\/\\\/www.fitday.com\\\/fitness\\\/forums\\\/members\\\/iwellguard.html\",\"https:\\\/\\\/www.mymeetbook.com\\\/iwellguard\",\"https:\\\/\\\/pxhere.com\\\/en\\\/photographer-me\\\/5040798\",\"https:\\\/\\\/disqus.com\\\/by\\\/iwellguard\\\/about\\\/\",\"https:\\\/\\\/pastelink.net\\\/hjwciqwq\",\"https:\\\/\\\/pubhtml5.com\\\/homepage\\\/scjhn\\\/\",\"https:\\\/\\\/www.bitchute.com\\\/channel\\\/2O2eOKzNqujT\",\"https:\\\/\\\/audiomack.com\\\/iwellguard\"]}]}<\/script>\n<!-- \/ Yoast SEO Premium plugin. -->","yoast_head_json":{"title":"B\u00e6nir sem verndargripur: blessunaror\u00f0 \u00ed \u00fej\u00f3\u00f0tr\u00fa","description":"Verndarb\u00e6nir eins og S\u00e1lmur 91, kv\u00f6ld- og fer\u00f0ablessanir \u00ed \u00fej\u00f3\u00f0tr\u00fa. Uppruni, verkunarm\u00e1ti og a\u00f0greining fr\u00e1 bannor\u00f0um og l\u00e6kninga\u00feulum \u00ed yfirliti.","robots":{"index":"index","follow":"follow","max-snippet":"max-snippet:-1","max-image-preview":"max-image-preview:large","max-video-preview":"max-video-preview:-1"},"canonical":"https:\/\/iwell-guard.com\/is\/baenir-sem-verndargripur\/","og_locale":"is_IS","og_type":"article","og_title":"B\u00e6nir sem verndargripur","og_description":"Verndarb\u00e6nir eins og S\u00e1lmur 91, kv\u00f6ld- og fer\u00f0ablessanir \u00ed \u00fej\u00f3\u00f0tr\u00fa. Uppruni, verkunarm\u00e1ti og a\u00f0greining fr\u00e1 bannor\u00f0um og l\u00e6kninga\u00feulum \u00ed yfirliti.","og_url":"https:\/\/iwell-guard.com\/is\/baenir-sem-verndargripur\/","og_site_name":"iWell Guard","article_modified_time":"2026-09-05T14:58:08+00:00","og_image":[{"width":1024,"height":1536,"url":"https:\/\/iwell-guard.com\/wp-content\/uploads\/2026\/07\/schutzsymbol_universell_gebete.webp","type":"image\/webp"}],"twitter_card":"summary_large_image","schema":{"@context":"https:\/\/schema.org","@graph":[{"@type":"WebPage","@id":"https:\/\/iwell-guard.com\/is\/baenir-sem-verndargripur\/","url":"https:\/\/iwell-guard.com\/is\/baenir-sem-verndargripur\/","name":"B\u00e6nir sem verndargripur: blessunaror\u00f0 \u00ed \u00fej\u00f3\u00f0tr\u00fa","isPartOf":{"@id":"https:\/\/iwell-guard.com\/is\/#website"},"primaryImageOfPage":{"@id":"https:\/\/iwell-guard.com\/is\/baenir-sem-verndargripur\/#primaryimage"},"image":{"@id":"https:\/\/iwell-guard.com\/is\/baenir-sem-verndargripur\/#primaryimage"},"thumbnailUrl":"https:\/\/iwell-guard.com\/wp-content\/uploads\/2026\/07\/schutzsymbol_universell_gebete.webp","datePublished":"2026-09-05T14:12:15+00:00","dateModified":"2026-09-05T14:58:08+00:00","description":"Verndarb\u00e6nir eins og S\u00e1lmur 91, kv\u00f6ld- og fer\u00f0ablessanir \u00ed \u00fej\u00f3\u00f0tr\u00fa. Uppruni, verkunarm\u00e1ti og a\u00f0greining fr\u00e1 bannor\u00f0um og l\u00e6kninga\u00feulum \u00ed yfirliti.","breadcrumb":{"@id":"https:\/\/iwell-guard.com\/is\/baenir-sem-verndargripur\/#breadcrumb"},"inLanguage":"is","potentialAction":[{"@type":"ReadAction","target":["https:\/\/iwell-guard.com\/is\/baenir-sem-verndargripur\/"]}]},{"@type":"ImageObject","inLanguage":"is","@id":"https:\/\/iwell-guard.com\/is\/baenir-sem-verndargripur\/#primaryimage","url":"https:\/\/iwell-guard.com\/wp-content\/uploads\/2026\/07\/schutzsymbol_universell_gebete.webp","contentUrl":"https:\/\/iwell-guard.com\/wp-content\/uploads\/2026\/07\/schutzsymbol_universell_gebete.webp","width":1024,"height":1536,"caption":"G\u00f6mul b\u00e6nab\u00f3k me\u00f0 tr\u00e9r\u00f3sakrans \u00e1 d\u00f6kkum steinbakgrunni"},{"@type":"BreadcrumbList","@id":"https:\/\/iwell-guard.com\/is\/baenir-sem-verndargripur\/#breadcrumb","itemListElement":[{"@type":"ListItem","position":1,"name":"Start","item":"https:\/\/iwell-guard.com\/is\/?page_id=168580"},{"@type":"ListItem","position":2,"name":"B\u00e6nir sem verndargripur"}]},{"@type":"WebSite","@id":"https:\/\/iwell-guard.com\/is\/#website","url":"https:\/\/iwell-guard.com\/is\/","name":"iWell Guard","description":"Schutz vor dunklen Einfl\u00fcssen","publisher":{"@id":"https:\/\/iwell-guard.com\/is\/#organization"},"potentialAction":[{"@type":"SearchAction","target":{"@type":"EntryPoint","urlTemplate":"https:\/\/iwell-guard.com\/is\/?s={search_term_string}"},"query-input":{"@type":"PropertyValueSpecification","valueRequired":true,"valueName":"search_term_string"}}],"inLanguage":"is"},{"@type":"Organization","@id":"https:\/\/iwell-guard.com\/is\/#organization","name":"Ittermann electronic GmbH","url":"https:\/\/iwell-guard.com\/is\/","logo":{"@type":"ImageObject","inLanguage":"is","@id":"https:\/\/iwell-guard.com\/is\/#\/schema\/logo\/image\/","url":"https:\/\/iwell-guard.com\/wp-content\/uploads\/2026\/05\/Ittermann-Logo-1182x237-1.png","contentUrl":"https:\/\/iwell-guard.com\/wp-content\/uploads\/2026\/05\/Ittermann-Logo-1182x237-1.png","width":1182,"height":237,"caption":"Ittermann electronic GmbH"},"image":{"@id":"https:\/\/iwell-guard.com\/is\/#\/schema\/logo\/image\/"},"sameAs":["https:\/\/pantip.com\/profile\/9367242","https:\/\/micro.blog\/iwellguard","https:\/\/www.diggerslist.com\/iwellguard\/about","https:\/\/skitterphoto.com\/photographers\/2870314\/iwell-guard","https:\/\/iwellguard.wordpress.com\/2026\/06\/06\/iwell-guard\/","https:\/\/hub.docker.com\/u\/iwellguard","https:\/\/www.pinterest.com\/iwellguard\/","https:\/\/bit.ly\/m\/iwellguard","https:\/\/entre-vos-mains.alsace.eu\/profiles\/iwellguard\/activity","https:\/\/gravatar.com\/reallybeded8fd34","https:\/\/naijamatta.com\/iwellguard","https:\/\/www.goodreads.com\/iwellguard","https:\/\/profile.hatena.ne.jp\/iwellguard\/","https:\/\/experiment.com\/users\/iwellguard","https:\/\/wakelet.com\/@iWellGuard82270","https:\/\/www.chordie.com\/forum\/profile.php?id=2555664","https:\/\/www.instapaper.com\/p\/17757966","https:\/\/www.mapleprimes.com\/users\/iwellguard","https:\/\/businesslistingplus.com\/profile\/iwell-guard\/","https:\/\/telegra.ph\/iWell-Guard-06-06","https:\/\/pbase.com\/iwellguard\/iwellguard","https:\/\/b.hatena.ne.jp\/iwellguard\/20260607#bookmark-4788405196491818882","https:\/\/fliphtml5.com\/home\/iwellguard","https:\/\/anyflip.com\/homepage\/cmiwl#About","https:\/\/transfur.com\/Users\/iwellguard","http:\/\/delphi.larsbo.org\/user\/iwellguard","https:\/\/jobs.lajobsportal.org\/profiles\/8380803-iwell-guard","https:\/\/md.chaosdorf.de\/s\/jfbe5SBdJD","https:\/\/www.lingvolive.com\/en-us\/profile\/9ecaeaca-ce11-4e51-9e71-01d55e2bff36\/translations","https:\/\/www.fitday.com\/fitness\/forums\/members\/iwellguard.html","https:\/\/www.mymeetbook.com\/iwellguard","https:\/\/pxhere.com\/en\/photographer-me\/5040798","https:\/\/disqus.com\/by\/iwellguard\/about\/","https:\/\/pastelink.net\/hjwciqwq","https:\/\/pubhtml5.com\/homepage\/scjhn\/","https:\/\/www.bitchute.com\/channel\/2O2eOKzNqujT","https:\/\/audiomack.com\/iwellguard"]}]}},"_links":{"self":[{"href":"https:\/\/iwell-guard.com\/is\/wp-json\/wp\/v2\/pages\/169849","targetHints":{"allow":["GET"]}}],"collection":[{"href":"https:\/\/iwell-guard.com\/is\/wp-json\/wp\/v2\/pages"}],"about":[{"href":"https:\/\/iwell-guard.com\/is\/wp-json\/wp\/v2\/types\/page"}],"author":[{"embeddable":true,"href":"https:\/\/iwell-guard.com\/is\/wp-json\/wp\/v2\/users\/3"}],"replies":[{"embeddable":true,"href":"https:\/\/iwell-guard.com\/is\/wp-json\/wp\/v2\/comments?post=169849"}],"version-history":[{"count":0,"href":"https:\/\/iwell-guard.com\/is\/wp-json\/wp\/v2\/pages\/169849\/revisions"}],"wp:featuredmedia":[{"embeddable":true,"href":"https:\/\/iwell-guard.com\/is\/wp-json\/wp\/v2\/media\/20552"}],"wp:attachment":[{"href":"https:\/\/iwell-guard.com\/is\/wp-json\/wp\/v2\/media?parent=169849"}],"wp:term":[{"taxonomy":"category","embeddable":true,"href":"https:\/\/iwell-guard.com\/is\/wp-json\/wp\/v2\/categories?post=169849"}],"curies":[{"name":"wp","href":"https:\/\/api.w.org\/{rel}","templated":true}]}}