{"id":169846,"date":"2026-09-05T14:12:14","date_gmt":"2026-09-05T14:12:14","guid":{"rendered":"https:\/\/iwell-guard.com\/?page_id=169846"},"modified":"2026-09-05T14:58:04","modified_gmt":"2026-09-05T14:58:04","slug":"berufkraut","status":"publish","type":"page","link":"https:\/\/iwell-guard.com\/is\/berufkraut\/","title":{"rendered":"Berufkraut"},"content":{"rendered":"\t\t<div data-elementor-type=\"wp-page\" data-elementor-id=\"169846\" class=\"elementor elementor-169846 elementor-20510 elementor-bc-flex-widget\" data-elementor-post-type=\"page\">\n\t\t\t\t<div class=\"elementor-element elementor-element-iwgs-wacholder-hero e-flex e-con-boxed e-con e-parent\" data-id=\"iwgs-wacholder-hero\" data-element_type=\"container\" data-e-type=\"container\">\n\t\t\t\t\t<div class=\"e-con-inner\">\n\t\t<div class=\"elementor-element elementor-element-iw-wacholder-hero-left e-con-full e-flex e-con e-child\" data-id=\"iw-wacholder-hero-left\" data-element_type=\"container\" data-e-type=\"container\">\n\t\t\t\t<div class=\"elementor-element elementor-element-iwgs-wacholder-h1 elementor-widget elementor-widget-heading\" data-id=\"iwgs-wacholder-h1\" data-element_type=\"widget\" data-e-type=\"widget\" data-widget_type=\"heading.default\">\n\t\t\t\t\t<h1 class=\"elementor-heading-title elementor-size-default\">Berufkraut \u2013 v\u00f6rn gegn oflofi og gagnmagn<\/h1>\t\t\t\t<\/div>\n\t\t<div class=\"elementor-element elementor-element-iw-wacholder-hero-bw e-con-full e-flex e-con e-child\" data-id=\"iw-wacholder-hero-bw\" data-element_type=\"container\" data-e-type=\"container\">\n\t\t\t\t<div class=\"elementor-element elementor-element-iwgs-wacholder-pills elementor-widget elementor-widget-html\" data-id=\"iwgs-wacholder-pills\" data-element_type=\"widget\" data-e-type=\"widget\" data-widget_type=\"html.default\">\n\t\t\t\t\t<div class=\"iwg-pill-row\"><span class=\"iwg-klasse-badge\" tabindex=\"0\" data-tooltip=\"Tegund verndargrips.\">Verndargras<\/span><a href=\"https:\/\/iwell-guard.com\/is\/?page_id=169838\" class=\"iwg-kultur-badge\" tabindex=\"0\" data-tooltip=\"Til yfirlits um verndargr\u00f6s.\">Verndargr\u00f6s<\/a><\/div>\t\t\t\t<\/div>\n\t\t\t\t<div class=\"elementor-element elementor-element-iwgs-wacholder-lead elementor-widget elementor-widget-text-editor\" data-id=\"iwgs-wacholder-lead\" data-element_type=\"widget\" data-e-type=\"widget\" data-widget_type=\"text-editor.default\">\n\t\t\t\t\t\t\t\t\t<p>Berufkraut er samheiti yfir nokkrar pl\u00f6ntur sem \u00fej\u00f3\u00f0tr\u00fain eignar s\u00e9rstakan kraft gegn hinu svokalla\u00f0a oflofi og illu augnar\u00e1\u00f0i: form illa augans, \u00fear sem \u00f3h\u00f3flegt lof e\u00f0a undrun, oftast \u00e1 b\u00f6rnum e\u00f0a ungum d\u00fdrum, \u00fe\u00f3tti h\u00e6ttulegt. A\u00f0alplantan \u00ed \u00feessum flokki er \u00e1rlegt berufkraut (Erigeron annuus), en riddaraspora-tegundir, \u00ed daglegu tali kalla\u00f0ar konsolidenkraut, eru einnig nefndar \u00ed sama hlutverki \u00ed heimildum.<\/p><p>M\u00f3tv\u00e6gisa\u00f0ger\u00f0in var jafn \u00e1kve\u00f0in og hinn meinti ska\u00f0i: jurtir voru lag\u00f0ar \u00ed v\u00f6gguna, gefnar barninu \u00ed ba\u00f0vatni e\u00f0a bundnar vi\u00f0 fj\u00f3sdyr til a\u00f0 rj\u00fafa \u00e1hrif oflofsins, hi\u00f0 svokalla\u00f0a gagnmagn.<\/p>\n<p class=\"iwg-kwfix\">Berufkraut er nota\u00f0 \u00ed \u00fej\u00f3\u00f0tr\u00fa gegn oflofi og sem gagnmagn.<\/p>\t\t\t\t\t\t\t\t<\/div>\n\t\t\t\t<\/div>\n\t\t\t\t<\/div>\n\t\t<div class=\"elementor-element elementor-element-iw-wacholder-hero-img e-con-full e-flex e-con e-child\" data-id=\"iw-wacholder-hero-img\" data-element_type=\"container\" data-e-type=\"container\">\n\t\t\t\t<div class=\"elementor-element elementor-element-iwgs-wacholder-himg iwg-hero-image elementor-widget elementor-widget-image\" data-id=\"iwgs-wacholder-himg\" data-element_type=\"widget\" data-e-type=\"widget\" data-widget_type=\"image.default\">\n\t\t\t\t\t\t\t\t\t\t\t\t\t\t\t<img fetchpriority=\"high\" decoding=\"async\" width=\"683\" height=\"1024\" src=\"https:\/\/iwell-guard.com\/wp-content\/uploads\/2026\/05\/schutzsymbol_germanisch_wacholder-683x1024.png\" class=\"attachment-large size-large wp-image-170446\" alt=\"J\u00e1rnjurt (verbena) \u2013 verndar- og helgisi\u00f0ajurt, s\u00f6gulega myndskreytt\" srcset=\"https:\/\/iwell-guard.com\/wp-content\/uploads\/2026\/05\/schutzsymbol_germanisch_wacholder-683x1024.png 683w, https:\/\/iwell-guard.com\/wp-content\/uploads\/2026\/05\/schutzsymbol_germanisch_wacholder-200x300.png 200w, https:\/\/iwell-guard.com\/wp-content\/uploads\/2026\/05\/schutzsymbol_germanisch_wacholder-768x1152.png 768w, https:\/\/iwell-guard.com\/wp-content\/uploads\/2026\/05\/schutzsymbol_germanisch_wacholder.png 1024w\" sizes=\"(max-width: 683px) 100vw, 683px\" \/>\t\t\t\t\t\t\t\t\t\t\t\t\t\t\t<\/div>\n\t\t\t\t<\/div>\n\t\t\t\t\t<\/div>\n\t\t\t\t<\/div>\n\t\t<div class=\"elementor-element elementor-element-iwgs-wacholder-s0 e-flex e-con-boxed e-con e-parent\" data-id=\"iwgs-wacholder-s0\" data-element_type=\"container\" data-e-type=\"container\">\n\t\t\t\t\t<div class=\"e-con-inner\">\n\t\t\t\t<div class=\"elementor-element elementor-element-iwgs-wacholder-s0h elementor-widget elementor-widget-heading\" data-id=\"iwgs-wacholder-s0h\" data-element_type=\"widget\" data-e-type=\"widget\" data-widget_type=\"heading.default\">\n\t\t\t\t\t<h2 class=\"elementor-heading-title elementor-size-default\">Skj\u00f3tt yfirlit<\/h2>\t\t\t\t<\/div>\n\t\t<div class=\"elementor-element elementor-element-iw-wacholder-s0-bw e-con-full e-flex e-con e-child\" data-id=\"iw-wacholder-s0-bw\" data-element_type=\"container\" data-e-type=\"container\">\n\t\t\t\t<div class=\"elementor-element elementor-element-iwgs-wacholder-s0t elementor-widget elementor-widget-text-editor\" data-id=\"iwgs-wacholder-s0t\" data-element_type=\"widget\" data-e-type=\"widget\" data-widget_type=\"text-editor.default\">\n\t\t\t\t\t\t\t\t\t<p>Berufkraut e\u00f0a beschreikraut kallast \u00ed \u00fej\u00f3\u00f0fr\u00e6\u00f0ilegri arfleif\u00f0 h\u00f3pur plantna sem n\u00f6fn \u00feeirra v\u00edsa beint til varnarhlutverks \u00feeirra: \u00feau \u00e1tti a\u00f0 verka gegn &#8222;berufen&#8220; og &#8222;beschreien&#8220;. Til \u00feessa flokks telst, auk \u00e1rlegs berufkrauts, kvenl\u00edn, ziest, verbena, timjan og greinar af <a href=\"https:\/\/iwell-guard.com\/is\/einir\/\">einir<\/a> og <a href=\"https:\/\/iwell-guard.com\/is\/malurt-beifuss\/\">malurt<\/a>.<\/p><p>Sameiginlegt me\u00f0 \u00feessum pl\u00f6ntum er hlutverk \u00feeirra \u00ed vernd barna og ungra d\u00fdra, sem \u00fe\u00f3ttu s\u00e9rstaklega vi\u00f0kv\u00e6m fyrir illu augnar\u00e1\u00f0i.<\/p>\t\t\t\t\t\t\t\t<\/div>\n\t\t\t\t<\/div>\n\t\t\t\t\t<\/div>\n\t\t\t\t<\/div>\n\t\t<div class=\"elementor-element elementor-element-iwgs-wacholder-s1 e-flex e-con-boxed e-con e-parent\" data-id=\"iwgs-wacholder-s1\" data-element_type=\"container\" data-e-type=\"container\">\n\t\t\t\t\t<div class=\"e-con-inner\">\n\t\t\t\t<div class=\"elementor-element elementor-element-iwgs-wacholder-s1h elementor-widget elementor-widget-heading\" data-id=\"iwgs-wacholder-s1h\" data-element_type=\"widget\" data-e-type=\"widget\" data-widget_type=\"heading.default\">\n\t\t\t\t\t<h2 class=\"elementor-heading-title elementor-size-default\">Uppruni og munnm\u00e6li<\/h2>\t\t\t\t<\/div>\n\t\t<div class=\"elementor-element elementor-element-iw-wacholder-s1-bw e-con-full e-flex e-con e-child\" data-id=\"iw-wacholder-s1-bw\" data-element_type=\"container\" data-e-type=\"container\">\n\t\t\t\t<div class=\"elementor-element elementor-element-iwgs-wacholder-s1t elementor-widget elementor-widget-text-editor\" data-id=\"iwgs-wacholder-s1t\" data-element_type=\"widget\" data-e-type=\"widget\" data-widget_type=\"text-editor.default\">\n\t\t\t\t\t\t\t\t\t<p>&#8222;Berufen&#8220; t\u00e1kna\u00f0i \u00ed eldra \u00fe\u00fdsku m\u00e1li \u00fe\u00e1 hugmynd a\u00f0 \u00f3g\u00e6fa g\u00e6ti veri\u00f0 k\u00f6llu\u00f0 yfir mann me\u00f0 \u00fev\u00ed einu a\u00f0 l\u00e1ta \u00ed lj\u00f3s v\u00e6ntingu, til d\u00e6mis \u00feegar einhver lofa\u00f0i barn \u00f3h\u00f3flega fyrir heilsu \u00feess og barni\u00f0 veiktist sk\u00f6mmu s\u00ed\u00f0ar. &#8222;Beschreien&#8220; merkti \u00ed n\u00e1num tengslum vi\u00f0 \u00feetta ska\u00f0leg \u00e1hrif d\u00e1\u00f0s augnar\u00e1\u00f0s e\u00f0a h\u00e1stemmds upphr\u00f3punar, tengt hinni almennari tr\u00fa \u00e1 illt augnar\u00e1\u00f0.<\/p><p>B\u00f6rn \u00ed v\u00f6ggu og ung d\u00fdr \u00fe\u00f3ttu s\u00e9rstaklega \u00ed h\u00e6ttu, \u00fear sem \u00feau g\u00e1tu ekki vari\u00f0 sig sj\u00e1lf. \u00dev\u00ed var berufkraut lagt \u00ed v\u00f6gguna, stungi\u00f0 undir kodda e\u00f0a gefi\u00f0 barninu \u00ed formi jurtaba\u00f0s, ef grunur var um a\u00f0 \u00fea\u00f0 hef\u00f0i \u00feegar or\u00f0i\u00f0 fyrir oflofi. Fest vi\u00f0 fj\u00f3sdyr \u00e1tti sama jurt a\u00f0 verja k\u00e1lfa og fol\u00f6ld fyrir s\u00f6mu h\u00e6ttu.<\/p><p>Handb\u00f3k \u00fe\u00fdskrar hj\u00e1tr\u00faar (Handw\u00f6rterbuch des deutschen Aberglaubens) skr\u00e1ir fj\u00f6lda sv\u00e6\u00f0isbundinna \u00fatg\u00e1fa af berufkrauti og beschreikrauti, sem bendir til \u00fatbreiddrar i\u00f0kunar \u00e1 \u00f6llu \u00fe\u00fdskum\u00e6landi sv\u00e6\u00f0i.<\/p>\t\t\t\t\t\t\t\t<\/div>\n\t\t\t\t<\/div>\n\t\t\t\t\t<\/div>\n\t\t\t\t<\/div>\n\t\t<div class=\"elementor-element elementor-element-iwgs-wacholder-s2 e-flex e-con-boxed e-con e-parent\" data-id=\"iwgs-wacholder-s2\" data-element_type=\"container\" data-e-type=\"container\">\n\t\t\t\t\t<div class=\"e-con-inner\">\n\t\t\t\t<div class=\"elementor-element elementor-element-iwgs-wacholder-s2h elementor-widget elementor-widget-heading\" data-id=\"iwgs-wacholder-s2h\" data-element_type=\"widget\" data-e-type=\"widget\" data-widget_type=\"heading.default\">\n\t\t\t\t\t<h2 class=\"elementor-heading-title elementor-size-default\">Virknihugmynd samkv\u00e6mt munnm\u00e6lum<\/h2>\t\t\t\t<\/div>\n\t\t<div class=\"elementor-element elementor-element-iw-wacholder-s2-bw e-con-full e-flex e-con e-child\" data-id=\"iw-wacholder-s2-bw\" data-element_type=\"container\" data-e-type=\"container\">\n\t\t\t\t<div class=\"elementor-element elementor-element-iwgs-wacholder-s2t elementor-widget elementor-widget-text-editor\" data-id=\"iwgs-wacholder-s2t\" data-element_type=\"widget\" data-e-type=\"widget\" data-widget_type=\"text-editor.default\">\n\t\t\t\t\t\t\t\t\t<p>Verkunarm\u00e1ti berufkrautsins byggist \u00e1 hugmyndinni um gagnmagn: Ska\u00f0i sem \u00feegar hefur or\u00f0i\u00f0, oflofi\u00f0, \u00e1 a\u00f0 vera afturkalla\u00f0ur me\u00f0 annarri ath\u00f6fn. <span class=\"iwg-fachbegriff\" data-tooltip=\"Mi\u00f0lun \u00feekkingar og sagna milli kynsl\u00f3\u00f0a.\" tabindex=\"0\">Arfleif\u00f0in<\/span> tengir oft nafn pl\u00f6ntunnar sj\u00e1lft vi\u00f0 hlutverk hennar: \u00fea\u00f0 sem heitir &#8222;berufen&#8220; \u00e1 einnig a\u00f0 geta afturkalla\u00f0 hi\u00f0 kalla\u00f0a.<\/p><p>\u00d3l\u00edkt fyrirbyggjandi verndarjurtum, sem eru festar til langt\u00edma, virkar berufkraut \u00ed <span class=\"iwg-fachbegriff\" data-tooltip=\"Mi\u00f0lun \u00feekkingar og sagna milli kynsl\u00f3\u00f0a.\" tabindex=\"0\">arfleif\u00f0inni<\/span> oft sem vi\u00f0br\u00f6g\u00f0 vi\u00f0 \u00e1kve\u00f0nu tilefni: sem vi\u00f0br\u00f6g\u00f0 vi\u00f0 \u00feegar komnum, oflofi eignu\u00f0um kvilla, svo sem st\u00f6\u00f0ugum gr\u00e1ti ungbarns e\u00f0a \u00feverrandi mj\u00f3lk k\u00fdr.<\/p>\t\t\t\t\t\t\t\t<\/div>\n\t\t\t\t<\/div>\n\t\t\t\t\t<\/div>\n\t\t\t\t<\/div>\n\t\t<div class=\"elementor-element elementor-element-iwgs-wacholder-s3 e-flex e-con-boxed e-con e-parent\" data-id=\"iwgs-wacholder-s3\" data-element_type=\"container\" data-e-type=\"container\">\n\t\t\t\t\t<div class=\"e-con-inner\">\n\t\t\t\t<div class=\"elementor-element elementor-element-iwgs-wacholder-s3h elementor-widget elementor-widget-heading\" data-id=\"iwgs-wacholder-s3h\" data-element_type=\"widget\" data-e-type=\"widget\" data-widget_type=\"heading.default\">\n\t\t\t\t\t<h2 class=\"elementor-heading-title elementor-size-default\">\u00datbrei\u00f0sla yfir menningarheima<\/h2>\t\t\t\t<\/div>\n\t\t<div class=\"elementor-element elementor-element-iw-wacholder-s3-bw e-con-full e-flex e-con e-child\" data-id=\"iw-wacholder-s3-bw\" data-element_type=\"container\" data-e-type=\"container\">\n\t\t\t\t<div class=\"elementor-element elementor-element-iwgs-wacholder-s3t elementor-widget elementor-widget-text-editor\" data-id=\"iwgs-wacholder-s3t\" data-element_type=\"widget\" data-e-type=\"widget\" data-widget_type=\"text-editor.default\">\n\t\t\t\t\t\t\t\t\t<p>Tr\u00fain \u00e1 illt augnar\u00e1\u00f0 og tilheyrandi verndara\u00f0fer\u00f0ir eru \u00fatbreiddar langt \u00fat fyrir \u00fe\u00fdskum\u00e6landi sv\u00e6\u00f0i, me\u00f0al annars \u00e1 Mi\u00f0jar\u00f0arhafssv\u00e6\u00f0inu undir n\u00f6fnunum malocchio e\u00f0a mati. Hin s\u00e9rt\u00e6ku berufkraut \u00fe\u00fdskrar arfleif\u00f0ar, fyrst og fremst \u00e1rlegt berufkraut, eru \u00fe\u00f3 fyrst og fremst notu\u00f0 \u00ed Mi\u00f0-Evr\u00f3pu.<\/p><p>Sameiginlegt me\u00f0 hinum \u00fdmsu menningarheimum er grunnhugmyndin um a\u00f0 b\u00f6rn og ung d\u00fdr \u00feurfi s\u00e9rstakrar verndar og a\u00f0 ska\u00f0i af v\u00f6ldum or\u00f0a e\u00f0a augnar\u00e1\u00f0s megi afturkalla me\u00f0 markvissum m\u00f3tv\u00e6gisa\u00f0ger\u00f0um.<\/p>\t\t\t\t\t\t\t\t<\/div>\n\t\t\t\t<\/div>\n\t\t\t\t\t<\/div>\n\t\t\t\t<\/div>\n\t\t<div class=\"elementor-element elementor-element-iwgs-wacholder-s4 e-flex e-con-boxed e-con e-parent\" data-id=\"iwgs-wacholder-s4\" data-element_type=\"container\" data-e-type=\"container\">\n\t\t\t\t\t<div class=\"e-con-inner\">\n\t\t\t\t<div class=\"elementor-element elementor-element-iwgs-wacholder-s4h elementor-widget elementor-widget-heading\" data-id=\"iwgs-wacholder-s4h\" data-element_type=\"widget\" data-e-type=\"widget\" data-widget_type=\"heading.default\">\n\t\t\t\t\t<h2 class=\"elementor-heading-title elementor-size-default\">Gegn hverju hann er nota\u00f0ur<\/h2>\t\t\t\t<\/div>\n\t\t<div class=\"elementor-element elementor-element-iw-wacholder-s4-bw e-con-full e-flex e-con e-child\" data-id=\"iw-wacholder-s4-bw\" data-element_type=\"container\" data-e-type=\"container\">\n\t\t\t\t<div class=\"elementor-element elementor-element-iwgs-wacholder-s4t elementor-widget elementor-widget-text-editor\" data-id=\"iwgs-wacholder-s4t\" data-element_type=\"widget\" data-e-type=\"widget\" data-widget_type=\"text-editor.default\">\n\t\t\t\t\t\t\t\t\t<p>Berufkraut er \u00ed arfleif\u00f0inni nota\u00f0 markvisst gegn oflofi og illu augnar\u00e1\u00f0i, \u00fe.e. gegn ska\u00f0a sem talinn var stafa af \u00f3h\u00f3flegu lofi, \u00f6fundsj\u00fakum augnar\u00e1\u00f0um e\u00f0a \u00f3\u00edgrundu\u00f0um or\u00f0um um b\u00f6rn og ung d\u00fdr.<\/p><p>Sem gagnmagn er \u00fea\u00f0 einnig nota\u00f0 vi\u00f0 \u00feegar komna kvilla sem eigna\u00f0ir voru illu augnar\u00e1\u00f0i, svo sem vi\u00f0varandi vanl\u00ed\u00f0an barns \u00e1n greinilegrar orsakar. <a href=\"https:\/\/iwell-guard.com\/is\/verndarleidarvisir\/\">Verndarkomp\u00e1sinn<\/a> flokkar berufkraut \u00ed h\u00f3p jurta gegn illu augnar\u00e1\u00f0i.<\/p>\t\t\t\t\t\t\t\t<\/div>\n\t\t\t\t<\/div>\n\t\t\t\t\t<\/div>\n\t\t\t\t<\/div>\n\t\t<div class=\"elementor-element elementor-element-iwgs-wacholder-s5 e-flex e-con-boxed e-con e-parent\" data-id=\"iwgs-wacholder-s5\" data-element_type=\"container\" data-e-type=\"container\">\n\t\t\t\t\t<div class=\"e-con-inner\">\n\t\t\t\t<div class=\"elementor-element elementor-element-iwgs-wacholder-s5h elementor-widget elementor-widget-heading\" data-id=\"iwgs-wacholder-s5h\" data-element_type=\"widget\" data-e-type=\"widget\" data-widget_type=\"heading.default\">\n\t\t\t\t\t<h2 class=\"elementor-heading-title elementor-size-default\">Notkun og takmarkanir<\/h2>\t\t\t\t<\/div>\n\t\t<div class=\"elementor-element elementor-element-iw-wacholder-s5-bw e-con-full e-flex e-con e-child\" data-id=\"iw-wacholder-s5-bw\" data-element_type=\"container\" data-e-type=\"container\">\n\t\t\t\t<div class=\"elementor-element elementor-element-iwgs-wacholder-s5t elementor-widget elementor-widget-text-editor\" data-id=\"iwgs-wacholder-s5t\" data-element_type=\"widget\" data-e-type=\"widget\" data-widget_type=\"text-editor.default\">\n\t\t\t\t\t\t\t\t\t<p>\u00cd heimildum er l\u00fdst nokkrum notkunarformum: jurtin l\u00f6g\u00f0 \u00ed v\u00f6gguna e\u00f0a undir kodda barnsins, tebland sem ba\u00f0aukefni og knippi hengt vi\u00f0 fj\u00f3sdyr. \u00c1 sumum sv\u00e6\u00f0um var jurtin einnig brennd ef grunur var um oflof og reyknum beint yfir barni\u00f0 e\u00f0a d\u00fdri\u00f0 sem tali\u00f0 var haldi\u00f0.<\/p><p>Arfleif\u00f0in sj\u00e1lf setur m\u00f6rk: berufkraut \u00fe\u00f3tti vi\u00f0br\u00f6g\u00f0 vi\u00f0 \u00e6tlu\u00f0um ska\u00f0a, ekki s\u00f6nnun um raunverulegan ska\u00f0a. \u00dea\u00f0 var skili\u00f0 sem hluti af v\u00ed\u00f0t\u00e6kara verndarh\u00e1tterni sem einnig innih\u00e9lt <a href=\"https:\/\/iwell-guard.com\/is\/?page_id=169849\">verndarb\u00e6nir<\/a> og <a href=\"https:\/\/iwell-guard.com\/is\/amulett\/\">verndargripi<\/a>, ekki sem sta\u00f0gengill \u00feeirra.<\/p>\t\t\t\t\t\t\t\t<\/div>\n\t\t\t\t<\/div>\n\t\t\t\t\t<\/div>\n\t\t\t\t<\/div>\n\t\t<div class=\"elementor-element elementor-element-iwgs-wacholder-lit e-flex e-con-boxed e-con e-parent\" data-id=\"iwgs-wacholder-lit\" data-element_type=\"container\" data-e-type=\"container\">\n\t\t\t\t\t<div class=\"e-con-inner\">\n\t\t\t\t<div class=\"elementor-element elementor-element-iwgs-wacholder-lith elementor-widget elementor-widget-heading\" data-id=\"iwgs-wacholder-lith\" data-element_type=\"widget\" data-e-type=\"widget\" data-widget_type=\"heading.default\">\n\t\t\t\t\t<h2 class=\"elementor-heading-title elementor-size-default\">Heimildir (\u00farval)<\/h2>\t\t\t\t<\/div>\n\t\t<div class=\"elementor-element elementor-element-iw-wacholder-lit-bw e-con-full e-flex e-con e-child\" data-id=\"iw-wacholder-lit-bw\" data-element_type=\"container\" data-e-type=\"container\">\n\t\t\t\t<div class=\"elementor-element elementor-element-iwgs-wacholder-litt elementor-widget elementor-widget-html\" data-id=\"iwgs-wacholder-litt\" data-element_type=\"widget\" data-e-type=\"widget\" data-widget_type=\"html.default\">\n\t\t\t\t\t<footer data-nosnippet=\"true\"><ul><li>Handw\u00f6rterbuch des deutschen Aberglaubens. Hrsg. von Hanns B\u00e4chtold-St\u00e4ubli. Berlin: de Gruyter, 1927-1942.<\/li><li>Siegfried Seligmann: Der b\u00f6se Blick und Verwandtes. Berlin: Barsdorf, 1910.<\/li><li>Heinrich Marzell (unter Mitwirkung von Wilhelm Wissmann): W\u00f6rterbuch der deutschen Pflanzennamen. Leipzig\/Stuttgart: Hirzel, 1943-1979.<\/li><li>Will-Erich Peuckert: Deutscher Volksglaube des Sp\u00e4tmittelalters. Stuttgart: Kohlhammer, 1942.<\/li><li>Max H\u00f6fler: Volksmedizin und Aberglaube in Oberbayerns Gegenwart und Vergangenheit. M\u00fcnchen: Piloty & Loehle, 1888.<\/li><\/ul><\/footer>\t\t\t\t<\/div>\n\t\t\t\t<\/div>\n\t\t\t\t\t<\/div>\n\t\t\t\t<\/div>\n\t\t<div class=\"elementor-element elementor-element-iwgs-wacholder-kwd e-flex e-con-boxed e-con e-parent\" data-id=\"iwgs-wacholder-kwd\" data-element_type=\"container\" data-e-type=\"container\">\n\t\t\t\t\t<div class=\"e-con-inner\">\n\t\t<div class=\"elementor-element elementor-element-iw-wacholder-kwd-bw e-con-full e-flex e-con e-child\" data-id=\"iw-wacholder-kwd-bw\" data-element_type=\"container\" data-e-type=\"container\">\n\t\t\t\t<div class=\"elementor-element elementor-element-iwgs-wacholder-kwdt elementor-widget elementor-widget-text-editor\" data-id=\"iwgs-wacholder-kwdt\" data-element_type=\"widget\" data-e-type=\"widget\" data-widget_type=\"text-editor.default\">\n\t\t\t\t\t\t\t\t\t<p><em>Tengd leitaror\u00f0: berufkraut oflof berufen illt augnar\u00e1\u00f0 barnavernd.<\/em><\/p>\t\t\t\t\t\t\t\t<\/div>\n\t\t\t\t<\/div>\n\t\t\t\t\t<\/div>\n\t\t\t\t<\/div>\n\t\t<div class=\"elementor-element elementor-element-iwgs-wacholder-cc e-flex e-con-boxed e-con e-parent\" data-id=\"iwgs-wacholder-cc\" data-element_type=\"container\" data-e-type=\"container\" id=\"iwg-cc-wacholder\">\n\t\t\t\t\t<div class=\"e-con-inner\">\n\t\t<div class=\"elementor-element elementor-element-iwgs-wacholder-ccinner e-flex e-con-boxed e-con e-parent\" data-id=\"iwgs-wacholder-ccinner\" data-element_type=\"container\" data-e-type=\"container\" data-settings=\"{&quot;background_background&quot;:&quot;classic&quot;}\">\n\t\t\t\t\t<div class=\"e-con-inner\">\n\t\t\t\t<div class=\"elementor-element elementor-element-iwgs-wacholder-cch elementor-widget elementor-widget-heading\" data-id=\"iwgs-wacholder-cch\" data-element_type=\"widget\" data-e-type=\"widget\" data-widget_type=\"heading.default\">\n\t\t\t\t\t<h2 class=\"elementor-heading-title elementor-size-default\">iWell Guard og verndarhef\u00f0ir<\/h2>\t\t\t\t<\/div>\n\t\t\t\t<div class=\"elementor-element elementor-element-iwgs-wacholder-cct elementor-widget elementor-widget-text-editor\" data-id=\"iwgs-wacholder-cct\" data-element_type=\"widget\" data-e-type=\"widget\" data-widget_type=\"text-editor.default\">\n\t\t\t\t\t\t\t\t\t<p>Tr\u00fain \u00e1 oflof s\u00fdnir hve miki\u00f0 vernd \u00ed \u00fej\u00f3\u00f0tr\u00fa var tengd vi\u00f0kv\u00e6mni, s\u00e9rstaklega hj\u00e1 b\u00f6rnum sem g\u00e1tu ekki vari\u00f0 sig sj\u00e1lf. L\u00f6ngunin til a\u00f0 vega upp \u00e1 m\u00f3ti \u00feessu varnarleysi me\u00f0 \u00e1\u00fereifanlegu \u00farr\u00e6\u00f0i er s\u00e1 kjarnahugsun sem <a href=\"https:\/\/iwell-guard.com\/is\/verndargripur-iwell-guard-kaupa\/\">iWell Guard<\/a> byggir einnig \u00e1.<\/p><p>\u00dear sem \u00e1\u00f0ur var l\u00f6g\u00f0 jurt \u00ed v\u00f6gguna, stendur n\u00fa hengi sem flytur s\u00f6mu grunnhugmyndina um pers\u00f3nulega vernd sem borin er \u00e1 s\u00e9r yfir \u00ed n\u00fat\u00edmalegt form.<\/p>\t\t\t\t\t\t\t\t<\/div>\n\t\t\t\t<div class=\"elementor-element elementor-element-iwgs-wacholder-ccb iwg-cc-button iwg-cc-cta-2026-05-13 elementor-widget elementor-widget-jet-button\" data-id=\"iwgs-wacholder-ccb\" data-element_type=\"widget\" data-e-type=\"widget\" data-widget_type=\"jet-button.default\">\n\t\t\t\t<div class=\"elementor-widget-container\">\n\t\t\t\t\t<div class=\"elementor-jet-button jet-elements\"><div class=\"jet-button__container\"><a class=\"jet-button__instance jet-button__instance--icon-left hover-effect-1\" href=\"\/schutzanhaenger-iwell-guard-kaufen\/?utm_source=iwell-guard.com&amp;utm_medium=info-box&amp;utm_campaign=schutzsymbole\"><div class=\"jet-button__plane jet-button__plane-normal\"><\/div><div class=\"jet-button__plane jet-button__plane-hover\"><\/div><div class=\"jet-button__state jet-button__state-normal\"><span class=\"jet-button__label\">Meira um iWell Guard<\/span><\/div><div class=\"jet-button__state jet-button__state-hover\"><span class=\"jet-button__label\">Meira um iWell Guard<\/span><\/div><\/a><\/div><\/div><style>.elementor-element.elementor-element-iwgs-wacholder-ccb .jet-button__instance{width:320px;height:56px;}.elementor-element.elementor-element-iwgs-wacholder-ccb .jet-button__state-normal .jet-button__label{text-align:center;margin:0px 0px 0px 0px;color:#1a1b20;font-family:Montserrat,sans-serif;font-size:13px;font-weight:400;letter-spacing:4px;line-height:1.714em;text-transform:uppercase;}.elementor-element.elementor-element-iwgs-wacholder-ccb .jet-button__state-hover .jet-button__label{text-align:center;margin:0px 0px 0px 0px;color:#FECC76;font-family:Montserrat,sans-serif;font-size:13px;font-weight:400;letter-spacing:4px;line-height:1.714em;text-transform:uppercase;}.elementor-element.elementor-element-iwgs-wacholder-ccb .jet-button__plane-normal{background-color:#FECC76;border-style:solid;border-color:#C99540;border-width:2px 2px 2px 2px;}.elementor-element.elementor-element-iwgs-wacholder-ccb .jet-button__plane-hover{background-color:rgba(0,0,0,0.55);border-style:solid;border-color:#FECC76;border-width:2px 2px 2px 2px;}<\/style>\t\t\t\t<\/div>\n\t\t\t\t<\/div>\n\t\t\t\t<div class=\"elementor-element elementor-element-iwgs-wacholder-ccd elementor-widget elementor-widget-text-editor\" data-id=\"iwgs-wacholder-ccd\" data-element_type=\"widget\" data-e-type=\"widget\" data-widget_type=\"text-editor.default\">\n\t\t\t\t\t\t\t\t\t<p style=\"text-align:center;font-size:13px;opacity:0.7;margin-top:14px\" data-nosnippet=\"true\">Pers\u00f3nuleg reynsla getur veri\u00f0 mismunandi. Ekki l\u00e6kningat\u00e6ki. Engin lofor\u00f0 um l\u00e6kningu.<\/p>\t\t\t\t\t\t\t\t<\/div>\n\t\t\t\t\t<\/div>\n\t\t\t\t<\/div>\n\t\t\t\t\t<\/div>\n\t\t\t\t<\/div>\n\t\t<div class=\"elementor-element elementor-element-iwgs-wacholder-disc e-flex e-con-boxed e-con e-parent\" data-id=\"iwgs-wacholder-disc\" data-element_type=\"container\" data-e-type=\"container\">\n\t\t\t\t\t<div class=\"e-con-inner\">\n\t\t<div class=\"elementor-element elementor-element-iw-wacholder-disc-bw e-con-full e-flex e-con e-child\" data-id=\"iw-wacholder-disc-bw\" data-element_type=\"container\" data-e-type=\"container\">\n\t\t\t\t<div class=\"elementor-element elementor-element-iwgs-wacholder-discw elementor-widget elementor-widget-html\" data-id=\"iwgs-wacholder-discw\" data-element_type=\"widget\" data-e-type=\"widget\" data-widget_type=\"html.default\">\n\t\t\t\t\t<footer data-nosnippet=\"true\" class=\"iwg-disclaimer-block\"><p data-nosnippet=\"true\">iWell Guard er <strong>ekki l\u00e6kningat\u00e6ki<\/strong> og kemur ekki \u00ed sta\u00f0 l\u00e6knis- e\u00f0a s\u00e1lfr\u00e6\u00f0ime\u00f0fer\u00f0ar. Innihaldi\u00f0 sem h\u00e9r er sett fram er tr\u00faarbrag\u00f0afr\u00e6\u00f0ileg og menningars\u00f6gulega greining, ekki lofor\u00f0 um andlega virkni.<\/p><\/footer>\t\t\t\t<\/div>\n\t\t\t\t<\/div>\n\t\t\t\t\t<\/div>\n\t\t\t\t<\/div>\n\t\t\t\t<\/div>\n\t\t","protected":false},"excerpt":{"rendered":"","protected":false},"author":3,"featured_media":20546,"parent":0,"menu_order":0,"comment_status":"closed","ping_status":"closed","template":"elementor_header_footer","meta":{"_yoast_wpseo_focuskw":"berufkraut oflof","_yoast_wpseo_title":"Berufkraut: verndarjurt gegn illu augnar\u00e1\u00f0i \u00ed \u00fej\u00f3\u00f0tr\u00fa","_yoast_wpseo_metadesc":"Berufkraut verndar samkv\u00e6mt \u00fej\u00f3\u00f0tr\u00fa gegn oflofi og illu augnar\u00e1\u00f0i. Uppruni, notkun \u00e1 b\u00f6rnum og b\u00faf\u00e9 og gagnmagn \u00ed yfirliti.","_yoast_wpseo_meta-robots-noindex":"","_yoast_wpseo_canonical":"","_angie_page":false,"gefaehrdungsstufe":"","wesen_kultur":"","wesen_klasse":"","footnotes":""},"categories":[],"class_list":["post-169846","page","type-page","status-publish","has-post-thumbnail","hentry"],"yoast_head":"<!-- This site is optimized with the Yoast SEO Premium plugin v27.7 (Yoast SEO v28.3) - https:\/\/yoast.com\/product\/yoast-seo-premium-wordpress\/ -->\n<title>Berufkraut: verndarjurt gegn illu augnar\u00e1\u00f0i \u00ed \u00fej\u00f3\u00f0tr\u00fa<\/title>\n<meta name=\"description\" content=\"Berufkraut verndar samkv\u00e6mt \u00fej\u00f3\u00f0tr\u00fa gegn oflofi og illu augnar\u00e1\u00f0i. Uppruni, notkun \u00e1 b\u00f6rnum og b\u00faf\u00e9 og gagnmagn \u00ed yfirliti.\" \/>\n<meta name=\"robots\" content=\"index, follow, max-snippet:-1, max-image-preview:large, max-video-preview:-1\" \/>\n<link rel=\"canonical\" href=\"https:\/\/iwell-guard.com\/is\/berufkraut\/\" \/>\n<meta property=\"og:locale\" content=\"is_IS\" \/>\n<meta property=\"og:type\" content=\"article\" \/>\n<meta property=\"og:title\" content=\"Berufkraut\" \/>\n<meta property=\"og:description\" content=\"Berufkraut verndar samkv\u00e6mt \u00fej\u00f3\u00f0tr\u00fa gegn oflofi og illu augnar\u00e1\u00f0i. Uppruni, notkun \u00e1 b\u00f6rnum og b\u00faf\u00e9 og gagnmagn \u00ed yfirliti.\" \/>\n<meta property=\"og:url\" content=\"https:\/\/iwell-guard.com\/is\/berufkraut\/\" \/>\n<meta property=\"og:site_name\" content=\"iWell Guard\" \/>\n<meta property=\"article:modified_time\" content=\"2026-09-05T14:58:04+00:00\" \/>\n<meta property=\"og:image\" content=\"https:\/\/iwell-guard.com\/wp-content\/uploads\/2026\/07\/schutzsymbol_universell_berufkraut.webp\" \/>\n\t<meta property=\"og:image:width\" content=\"1024\" \/>\n\t<meta property=\"og:image:height\" content=\"1536\" \/>\n\t<meta property=\"og:image:type\" content=\"image\/webp\" \/>\n<meta name=\"twitter:card\" content=\"summary_large_image\" \/>\n<script type=\"application\/ld+json\" class=\"yoast-schema-graph\">{\"@context\":\"https:\\\/\\\/schema.org\",\"@graph\":[{\"@type\":\"WebPage\",\"@id\":\"https:\\\/\\\/iwell-guard.com\\\/is\\\/berufkraut\\\/\",\"url\":\"https:\\\/\\\/iwell-guard.com\\\/is\\\/berufkraut\\\/\",\"name\":\"Berufkraut: verndarjurt gegn illu augnar\u00e1\u00f0i \u00ed \u00fej\u00f3\u00f0tr\u00fa\",\"isPartOf\":{\"@id\":\"https:\\\/\\\/iwell-guard.com\\\/is\\\/#website\"},\"primaryImageOfPage\":{\"@id\":\"https:\\\/\\\/iwell-guard.com\\\/is\\\/berufkraut\\\/#primaryimage\"},\"image\":{\"@id\":\"https:\\\/\\\/iwell-guard.com\\\/is\\\/berufkraut\\\/#primaryimage\"},\"thumbnailUrl\":\"https:\\\/\\\/iwell-guard.com\\\/wp-content\\\/uploads\\\/2026\\\/07\\\/schutzsymbol_universell_berufkraut.webp\",\"datePublished\":\"2026-09-05T14:12:14+00:00\",\"dateModified\":\"2026-09-05T14:58:04+00:00\",\"description\":\"Berufkraut verndar samkv\u00e6mt \u00fej\u00f3\u00f0tr\u00fa gegn oflofi og illu augnar\u00e1\u00f0i. Uppruni, notkun \u00e1 b\u00f6rnum og b\u00faf\u00e9 og gagnmagn \u00ed yfirliti.\",\"breadcrumb\":{\"@id\":\"https:\\\/\\\/iwell-guard.com\\\/is\\\/berufkraut\\\/#breadcrumb\"},\"inLanguage\":\"is\",\"potentialAction\":[{\"@type\":\"ReadAction\",\"target\":[\"https:\\\/\\\/iwell-guard.com\\\/is\\\/berufkraut\\\/\"]}]},{\"@type\":\"ImageObject\",\"inLanguage\":\"is\",\"@id\":\"https:\\\/\\\/iwell-guard.com\\\/is\\\/berufkraut\\\/#primaryimage\",\"url\":\"https:\\\/\\\/iwell-guard.com\\\/wp-content\\\/uploads\\\/2026\\\/07\\\/schutzsymbol_universell_berufkraut.webp\",\"contentUrl\":\"https:\\\/\\\/iwell-guard.com\\\/wp-content\\\/uploads\\\/2026\\\/07\\\/schutzsymbol_universell_berufkraut.webp\",\"width\":1024,\"height\":1536,\"caption\":\"\u00deurrka\u00f0 hjartafr\u00f3 me\u00f0 hv\u00edtum kr\u00f3nubl\u00f6\u00f0um \u00e1 d\u00f6kkum steinbakgrunni\"},{\"@type\":\"BreadcrumbList\",\"@id\":\"https:\\\/\\\/iwell-guard.com\\\/is\\\/berufkraut\\\/#breadcrumb\",\"itemListElement\":[{\"@type\":\"ListItem\",\"position\":1,\"name\":\"Start\",\"item\":\"https:\\\/\\\/iwell-guard.com\\\/is\\\/?page_id=168580\"},{\"@type\":\"ListItem\",\"position\":2,\"name\":\"Berufkraut\"}]},{\"@type\":\"WebSite\",\"@id\":\"https:\\\/\\\/iwell-guard.com\\\/is\\\/#website\",\"url\":\"https:\\\/\\\/iwell-guard.com\\\/is\\\/\",\"name\":\"iWell Guard\",\"description\":\"Schutz vor dunklen Einfl\u00fcssen\",\"publisher\":{\"@id\":\"https:\\\/\\\/iwell-guard.com\\\/is\\\/#organization\"},\"potentialAction\":[{\"@type\":\"SearchAction\",\"target\":{\"@type\":\"EntryPoint\",\"urlTemplate\":\"https:\\\/\\\/iwell-guard.com\\\/is\\\/?s={search_term_string}\"},\"query-input\":{\"@type\":\"PropertyValueSpecification\",\"valueRequired\":true,\"valueName\":\"search_term_string\"}}],\"inLanguage\":\"is\"},{\"@type\":\"Organization\",\"@id\":\"https:\\\/\\\/iwell-guard.com\\\/is\\\/#organization\",\"name\":\"Ittermann electronic GmbH\",\"url\":\"https:\\\/\\\/iwell-guard.com\\\/is\\\/\",\"logo\":{\"@type\":\"ImageObject\",\"inLanguage\":\"is\",\"@id\":\"https:\\\/\\\/iwell-guard.com\\\/is\\\/#\\\/schema\\\/logo\\\/image\\\/\",\"url\":\"https:\\\/\\\/iwell-guard.com\\\/wp-content\\\/uploads\\\/2026\\\/05\\\/Ittermann-Logo-1182x237-1.png\",\"contentUrl\":\"https:\\\/\\\/iwell-guard.com\\\/wp-content\\\/uploads\\\/2026\\\/05\\\/Ittermann-Logo-1182x237-1.png\",\"width\":1182,\"height\":237,\"caption\":\"Ittermann electronic GmbH\"},\"image\":{\"@id\":\"https:\\\/\\\/iwell-guard.com\\\/is\\\/#\\\/schema\\\/logo\\\/image\\\/\"},\"sameAs\":[\"https:\\\/\\\/pantip.com\\\/profile\\\/9367242\",\"https:\\\/\\\/micro.blog\\\/iwellguard\",\"https:\\\/\\\/www.diggerslist.com\\\/iwellguard\\\/about\",\"https:\\\/\\\/skitterphoto.com\\\/photographers\\\/2870314\\\/iwell-guard\",\"https:\\\/\\\/iwellguard.wordpress.com\\\/2026\\\/06\\\/06\\\/iwell-guard\\\/\",\"https:\\\/\\\/hub.docker.com\\\/u\\\/iwellguard\",\"https:\\\/\\\/www.pinterest.com\\\/iwellguard\\\/\",\"https:\\\/\\\/bit.ly\\\/m\\\/iwellguard\",\"https:\\\/\\\/entre-vos-mains.alsace.eu\\\/profiles\\\/iwellguard\\\/activity\",\"https:\\\/\\\/gravatar.com\\\/reallybeded8fd34\",\"https:\\\/\\\/naijamatta.com\\\/iwellguard\",\"https:\\\/\\\/www.goodreads.com\\\/iwellguard\",\"https:\\\/\\\/profile.hatena.ne.jp\\\/iwellguard\\\/\",\"https:\\\/\\\/experiment.com\\\/users\\\/iwellguard\",\"https:\\\/\\\/wakelet.com\\\/@iWellGuard82270\",\"https:\\\/\\\/www.chordie.com\\\/forum\\\/profile.php?id=2555664\",\"https:\\\/\\\/www.instapaper.com\\\/p\\\/17757966\",\"https:\\\/\\\/www.mapleprimes.com\\\/users\\\/iwellguard\",\"https:\\\/\\\/businesslistingplus.com\\\/profile\\\/iwell-guard\\\/\",\"https:\\\/\\\/telegra.ph\\\/iWell-Guard-06-06\",\"https:\\\/\\\/pbase.com\\\/iwellguard\\\/iwellguard\",\"https:\\\/\\\/b.hatena.ne.jp\\\/iwellguard\\\/20260607#bookmark-4788405196491818882\",\"https:\\\/\\\/fliphtml5.com\\\/home\\\/iwellguard\",\"https:\\\/\\\/anyflip.com\\\/homepage\\\/cmiwl#About\",\"https:\\\/\\\/transfur.com\\\/Users\\\/iwellguard\",\"http:\\\/\\\/delphi.larsbo.org\\\/user\\\/iwellguard\",\"https:\\\/\\\/jobs.lajobsportal.org\\\/profiles\\\/8380803-iwell-guard\",\"https:\\\/\\\/md.chaosdorf.de\\\/s\\\/jfbe5SBdJD\",\"https:\\\/\\\/www.lingvolive.com\\\/en-us\\\/profile\\\/9ecaeaca-ce11-4e51-9e71-01d55e2bff36\\\/translations\",\"https:\\\/\\\/www.fitday.com\\\/fitness\\\/forums\\\/members\\\/iwellguard.html\",\"https:\\\/\\\/www.mymeetbook.com\\\/iwellguard\",\"https:\\\/\\\/pxhere.com\\\/en\\\/photographer-me\\\/5040798\",\"https:\\\/\\\/disqus.com\\\/by\\\/iwellguard\\\/about\\\/\",\"https:\\\/\\\/pastelink.net\\\/hjwciqwq\",\"https:\\\/\\\/pubhtml5.com\\\/homepage\\\/scjhn\\\/\",\"https:\\\/\\\/www.bitchute.com\\\/channel\\\/2O2eOKzNqujT\",\"https:\\\/\\\/audiomack.com\\\/iwellguard\"]}]}<\/script>\n<!-- \/ Yoast SEO Premium plugin. -->","yoast_head_json":{"title":"Berufkraut: verndarjurt gegn illu augnar\u00e1\u00f0i \u00ed \u00fej\u00f3\u00f0tr\u00fa","description":"Berufkraut verndar samkv\u00e6mt \u00fej\u00f3\u00f0tr\u00fa gegn oflofi og illu augnar\u00e1\u00f0i. Uppruni, notkun \u00e1 b\u00f6rnum og b\u00faf\u00e9 og gagnmagn \u00ed yfirliti.","robots":{"index":"index","follow":"follow","max-snippet":"max-snippet:-1","max-image-preview":"max-image-preview:large","max-video-preview":"max-video-preview:-1"},"canonical":"https:\/\/iwell-guard.com\/is\/berufkraut\/","og_locale":"is_IS","og_type":"article","og_title":"Berufkraut","og_description":"Berufkraut verndar samkv\u00e6mt \u00fej\u00f3\u00f0tr\u00fa gegn oflofi og illu augnar\u00e1\u00f0i. Uppruni, notkun \u00e1 b\u00f6rnum og b\u00faf\u00e9 og gagnmagn \u00ed yfirliti.","og_url":"https:\/\/iwell-guard.com\/is\/berufkraut\/","og_site_name":"iWell Guard","article_modified_time":"2026-09-05T14:58:04+00:00","og_image":[{"width":1024,"height":1536,"url":"https:\/\/iwell-guard.com\/wp-content\/uploads\/2026\/07\/schutzsymbol_universell_berufkraut.webp","type":"image\/webp"}],"twitter_card":"summary_large_image","schema":{"@context":"https:\/\/schema.org","@graph":[{"@type":"WebPage","@id":"https:\/\/iwell-guard.com\/is\/berufkraut\/","url":"https:\/\/iwell-guard.com\/is\/berufkraut\/","name":"Berufkraut: verndarjurt gegn illu augnar\u00e1\u00f0i \u00ed \u00fej\u00f3\u00f0tr\u00fa","isPartOf":{"@id":"https:\/\/iwell-guard.com\/is\/#website"},"primaryImageOfPage":{"@id":"https:\/\/iwell-guard.com\/is\/berufkraut\/#primaryimage"},"image":{"@id":"https:\/\/iwell-guard.com\/is\/berufkraut\/#primaryimage"},"thumbnailUrl":"https:\/\/iwell-guard.com\/wp-content\/uploads\/2026\/07\/schutzsymbol_universell_berufkraut.webp","datePublished":"2026-09-05T14:12:14+00:00","dateModified":"2026-09-05T14:58:04+00:00","description":"Berufkraut verndar samkv\u00e6mt \u00fej\u00f3\u00f0tr\u00fa gegn oflofi og illu augnar\u00e1\u00f0i. Uppruni, notkun \u00e1 b\u00f6rnum og b\u00faf\u00e9 og gagnmagn \u00ed yfirliti.","breadcrumb":{"@id":"https:\/\/iwell-guard.com\/is\/berufkraut\/#breadcrumb"},"inLanguage":"is","potentialAction":[{"@type":"ReadAction","target":["https:\/\/iwell-guard.com\/is\/berufkraut\/"]}]},{"@type":"ImageObject","inLanguage":"is","@id":"https:\/\/iwell-guard.com\/is\/berufkraut\/#primaryimage","url":"https:\/\/iwell-guard.com\/wp-content\/uploads\/2026\/07\/schutzsymbol_universell_berufkraut.webp","contentUrl":"https:\/\/iwell-guard.com\/wp-content\/uploads\/2026\/07\/schutzsymbol_universell_berufkraut.webp","width":1024,"height":1536,"caption":"\u00deurrka\u00f0 hjartafr\u00f3 me\u00f0 hv\u00edtum kr\u00f3nubl\u00f6\u00f0um \u00e1 d\u00f6kkum steinbakgrunni"},{"@type":"BreadcrumbList","@id":"https:\/\/iwell-guard.com\/is\/berufkraut\/#breadcrumb","itemListElement":[{"@type":"ListItem","position":1,"name":"Start","item":"https:\/\/iwell-guard.com\/is\/?page_id=168580"},{"@type":"ListItem","position":2,"name":"Berufkraut"}]},{"@type":"WebSite","@id":"https:\/\/iwell-guard.com\/is\/#website","url":"https:\/\/iwell-guard.com\/is\/","name":"iWell Guard","description":"Schutz vor dunklen Einfl\u00fcssen","publisher":{"@id":"https:\/\/iwell-guard.com\/is\/#organization"},"potentialAction":[{"@type":"SearchAction","target":{"@type":"EntryPoint","urlTemplate":"https:\/\/iwell-guard.com\/is\/?s={search_term_string}"},"query-input":{"@type":"PropertyValueSpecification","valueRequired":true,"valueName":"search_term_string"}}],"inLanguage":"is"},{"@type":"Organization","@id":"https:\/\/iwell-guard.com\/is\/#organization","name":"Ittermann electronic GmbH","url":"https:\/\/iwell-guard.com\/is\/","logo":{"@type":"ImageObject","inLanguage":"is","@id":"https:\/\/iwell-guard.com\/is\/#\/schema\/logo\/image\/","url":"https:\/\/iwell-guard.com\/wp-content\/uploads\/2026\/05\/Ittermann-Logo-1182x237-1.png","contentUrl":"https:\/\/iwell-guard.com\/wp-content\/uploads\/2026\/05\/Ittermann-Logo-1182x237-1.png","width":1182,"height":237,"caption":"Ittermann electronic GmbH"},"image":{"@id":"https:\/\/iwell-guard.com\/is\/#\/schema\/logo\/image\/"},"sameAs":["https:\/\/pantip.com\/profile\/9367242","https:\/\/micro.blog\/iwellguard","https:\/\/www.diggerslist.com\/iwellguard\/about","https:\/\/skitterphoto.com\/photographers\/2870314\/iwell-guard","https:\/\/iwellguard.wordpress.com\/2026\/06\/06\/iwell-guard\/","https:\/\/hub.docker.com\/u\/iwellguard","https:\/\/www.pinterest.com\/iwellguard\/","https:\/\/bit.ly\/m\/iwellguard","https:\/\/entre-vos-mains.alsace.eu\/profiles\/iwellguard\/activity","https:\/\/gravatar.com\/reallybeded8fd34","https:\/\/naijamatta.com\/iwellguard","https:\/\/www.goodreads.com\/iwellguard","https:\/\/profile.hatena.ne.jp\/iwellguard\/","https:\/\/experiment.com\/users\/iwellguard","https:\/\/wakelet.com\/@iWellGuard82270","https:\/\/www.chordie.com\/forum\/profile.php?id=2555664","https:\/\/www.instapaper.com\/p\/17757966","https:\/\/www.mapleprimes.com\/users\/iwellguard","https:\/\/businesslistingplus.com\/profile\/iwell-guard\/","https:\/\/telegra.ph\/iWell-Guard-06-06","https:\/\/pbase.com\/iwellguard\/iwellguard","https:\/\/b.hatena.ne.jp\/iwellguard\/20260607#bookmark-4788405196491818882","https:\/\/fliphtml5.com\/home\/iwellguard","https:\/\/anyflip.com\/homepage\/cmiwl#About","https:\/\/transfur.com\/Users\/iwellguard","http:\/\/delphi.larsbo.org\/user\/iwellguard","https:\/\/jobs.lajobsportal.org\/profiles\/8380803-iwell-guard","https:\/\/md.chaosdorf.de\/s\/jfbe5SBdJD","https:\/\/www.lingvolive.com\/en-us\/profile\/9ecaeaca-ce11-4e51-9e71-01d55e2bff36\/translations","https:\/\/www.fitday.com\/fitness\/forums\/members\/iwellguard.html","https:\/\/www.mymeetbook.com\/iwellguard","https:\/\/pxhere.com\/en\/photographer-me\/5040798","https:\/\/disqus.com\/by\/iwellguard\/about\/","https:\/\/pastelink.net\/hjwciqwq","https:\/\/pubhtml5.com\/homepage\/scjhn\/","https:\/\/www.bitchute.com\/channel\/2O2eOKzNqujT","https:\/\/audiomack.com\/iwellguard"]}]}},"_links":{"self":[{"href":"https:\/\/iwell-guard.com\/is\/wp-json\/wp\/v2\/pages\/169846","targetHints":{"allow":["GET"]}}],"collection":[{"href":"https:\/\/iwell-guard.com\/is\/wp-json\/wp\/v2\/pages"}],"about":[{"href":"https:\/\/iwell-guard.com\/is\/wp-json\/wp\/v2\/types\/page"}],"author":[{"embeddable":true,"href":"https:\/\/iwell-guard.com\/is\/wp-json\/wp\/v2\/users\/3"}],"replies":[{"embeddable":true,"href":"https:\/\/iwell-guard.com\/is\/wp-json\/wp\/v2\/comments?post=169846"}],"version-history":[{"count":0,"href":"https:\/\/iwell-guard.com\/is\/wp-json\/wp\/v2\/pages\/169846\/revisions"}],"wp:featuredmedia":[{"embeddable":true,"href":"https:\/\/iwell-guard.com\/is\/wp-json\/wp\/v2\/media\/20546"}],"wp:attachment":[{"href":"https:\/\/iwell-guard.com\/is\/wp-json\/wp\/v2\/media?parent=169846"}],"wp:term":[{"taxonomy":"category","embeddable":true,"href":"https:\/\/iwell-guard.com\/is\/wp-json\/wp\/v2\/categories?post=169846"}],"curies":[{"name":"wp","href":"https:\/\/api.w.org\/{rel}","templated":true}]}}