{"id":169844,"date":"2026-09-05T14:12:12","date_gmt":"2026-09-05T14:12:12","guid":{"rendered":"https:\/\/iwell-guard.com\/?page_id=169844"},"modified":"2026-09-05T14:58:00","modified_gmt":"2026-09-05T14:58:00","slug":"mistilteinn","status":"publish","type":"page","link":"https:\/\/iwell-guard.com\/is\/mistilteinn\/","title":{"rendered":"Mistilteinn"},"content":{"rendered":"\t\t<div data-elementor-type=\"wp-page\" data-elementor-id=\"169844\" class=\"elementor elementor-169844 elementor-20508 elementor-bc-flex-widget\" data-elementor-post-type=\"page\">\n\t\t\t\t<div class=\"elementor-element elementor-element-iwgs-wacholder-hero e-flex e-con-boxed e-con e-parent\" data-id=\"iwgs-wacholder-hero\" data-element_type=\"container\" data-e-type=\"container\">\n\t\t\t\t\t<div class=\"e-con-inner\">\n\t\t<div class=\"elementor-element elementor-element-iw-wacholder-hero-left e-con-full e-flex e-con e-child\" data-id=\"iw-wacholder-hero-left\" data-element_type=\"container\" data-e-type=\"container\">\n\t\t\t\t<div class=\"elementor-element elementor-element-iwgs-wacholder-h1 elementor-widget elementor-widget-heading\" data-id=\"iwgs-wacholder-h1\" data-element_type=\"widget\" data-e-type=\"widget\" data-widget_type=\"heading.default\">\n\t\t\t\t\t<h1 class=\"elementor-heading-title elementor-size-default\">Mistilteinn \u2013 verndarjurt gegn dj\u00f6flum<\/h1>\t\t\t\t<\/div>\n\t\t<div class=\"elementor-element elementor-element-iw-wacholder-hero-bw e-con-full e-flex e-con e-child\" data-id=\"iw-wacholder-hero-bw\" data-element_type=\"container\" data-e-type=\"container\">\n\t\t\t\t<div class=\"elementor-element elementor-element-iwgs-wacholder-pills elementor-widget elementor-widget-html\" data-id=\"iwgs-wacholder-pills\" data-element_type=\"widget\" data-e-type=\"widget\" data-widget_type=\"html.default\">\n\t\t\t\t\t<div class=\"iwg-pill-row\"><span class=\"iwg-klasse-badge\" tabindex=\"0\" data-tooltip=\"Tegund verndargrips.\">Verndargras<\/span><a href=\"https:\/\/iwell-guard.com\/is\/?page_id=169838\" class=\"iwg-kultur-badge\" tabindex=\"0\" data-tooltip=\"Til yfirlits um verndargr\u00f6s.\">Verndargr\u00f6s<\/a><\/div>\t\t\t\t<\/div>\n\t\t\t\t<div class=\"elementor-element elementor-element-iwgs-wacholder-lead elementor-widget elementor-widget-text-editor\" data-id=\"iwgs-wacholder-lead\" data-element_type=\"widget\" data-e-type=\"widget\" data-widget_type=\"text-editor.default\">\n\t\t\t\t\t\t\t\t\t<p>Mistilteinn vex ekki upp \u00far j\u00f6r\u00f0inni heldur \u00e1 greinum annarra trj\u00e1a, \u00e1n eigin r\u00f3tarsambands vi\u00f0 jar\u00f0veginn. \u00deessi s\u00e9rsta\u00f0a milli tr\u00e9s og himins ger\u00f0i hann \u00ed n\u00e6r \u00f6llum evr\u00f3pskum menningarheimum a\u00f0 jurt me\u00f0 s\u00e9rstaka merkingu: Hann h\u00e9lst gr\u00e6nn \u00feegar h\u00fdsiltr\u00e9 hans st\u00f3\u00f0 laufvana \u00e1 veturna og virtist \u00feannig rj\u00fafa hringferli \u00e1rst\u00ed\u00f0anna.<\/p><p>Fr\u00e1 dr\u00fa\u00eddum, sem samkv\u00e6mt Plinius sk\u00e1ru hann me\u00f0 gullnum sig\u00f0, til b\u00e6ndasi\u00f0ar a\u00f0 hengja mistilteinsgreinar yfir hur\u00f0ir og fj\u00e1rh\u00fas, liggur l\u00f6ng arfleif\u00f0 sem eignar jurtinni kraft gegn dj\u00f6flum og ska\u00f0legum m\u00e1ttarv\u00f6ldum.<\/p>\n<p class=\"iwg-kwfix\">Mistilteinn er talinn verndarjurt gegn dj\u00f6flum \u00ed \u00fej\u00f3\u00f0tr\u00fa.<\/p>\t\t\t\t\t\t\t\t<\/div>\n\t\t\t\t<\/div>\n\t\t\t\t<\/div>\n\t\t<div class=\"elementor-element elementor-element-iw-wacholder-hero-img e-con-full e-flex e-con e-child\" data-id=\"iw-wacholder-hero-img\" data-element_type=\"container\" data-e-type=\"container\">\n\t\t\t\t<div class=\"elementor-element elementor-element-iwgs-wacholder-himg iwg-hero-image elementor-widget elementor-widget-image\" data-id=\"iwgs-wacholder-himg\" data-element_type=\"widget\" data-e-type=\"widget\" data-widget_type=\"image.default\">\n\t\t\t\t\t\t\t\t\t\t\t\t\t\t\t<img fetchpriority=\"high\" decoding=\"async\" width=\"683\" height=\"1024\" src=\"https:\/\/iwell-guard.com\/wp-content\/uploads\/2026\/05\/schutzsymbol_germanisch_wacholder-683x1024.png\" class=\"attachment-large size-large wp-image-170446\" alt=\"J\u00e1rnjurt (verbena) \u2013 verndar- og helgisi\u00f0ajurt, s\u00f6gulega myndskreytt\" srcset=\"https:\/\/iwell-guard.com\/wp-content\/uploads\/2026\/05\/schutzsymbol_germanisch_wacholder-683x1024.png 683w, https:\/\/iwell-guard.com\/wp-content\/uploads\/2026\/05\/schutzsymbol_germanisch_wacholder-200x300.png 200w, https:\/\/iwell-guard.com\/wp-content\/uploads\/2026\/05\/schutzsymbol_germanisch_wacholder-768x1152.png 768w, https:\/\/iwell-guard.com\/wp-content\/uploads\/2026\/05\/schutzsymbol_germanisch_wacholder.png 1024w\" sizes=\"(max-width: 683px) 100vw, 683px\" \/>\t\t\t\t\t\t\t\t\t\t\t\t\t\t\t<\/div>\n\t\t\t\t<\/div>\n\t\t\t\t\t<\/div>\n\t\t\t\t<\/div>\n\t\t<div class=\"elementor-element elementor-element-iwgs-wacholder-s0 e-flex e-con-boxed e-con e-parent\" data-id=\"iwgs-wacholder-s0\" data-element_type=\"container\" data-e-type=\"container\">\n\t\t\t\t\t<div class=\"e-con-inner\">\n\t\t\t\t<div class=\"elementor-element elementor-element-iwgs-wacholder-s0h elementor-widget elementor-widget-heading\" data-id=\"iwgs-wacholder-s0h\" data-element_type=\"widget\" data-e-type=\"widget\" data-widget_type=\"heading.default\">\n\t\t\t\t\t<h2 class=\"elementor-heading-title elementor-size-default\">Skj\u00f3tt yfirlit<\/h2>\t\t\t\t<\/div>\n\t\t<div class=\"elementor-element elementor-element-iw-wacholder-s0-bw e-con-full e-flex e-con e-child\" data-id=\"iw-wacholder-s0-bw\" data-element_type=\"container\" data-e-type=\"container\">\n\t\t\t\t<div class=\"elementor-element elementor-element-iwgs-wacholder-s0t elementor-widget elementor-widget-text-editor\" data-id=\"iwgs-wacholder-s0t\" data-element_type=\"widget\" data-e-type=\"widget\" data-widget_type=\"text-editor.default\">\n\t\t\t\t\t\t\t\t\t<p>Mistilteinn (Viscum album) er s\u00edgr\u00e6nn h\u00e1lfsn\u00edkjujurt sem vex \u00e1 lauf- og barrtrj\u00e1m og myndar \u00fear k\u00falulaga, gulgr\u00e6nar brei\u00f0ur me\u00f0 hv\u00edtum berjum. \u00dear sem hann hvorki r\u00f3tar sig \u00ed j\u00f6r\u00f0u n\u00e9 fellir lauf me\u00f0 \u00e1rst\u00ed\u00f0unum, birtist hann fyrri t\u00edma f\u00f3lki sem jurt milli heima.<\/p><p>\u00cd \u00fej\u00f3\u00f0tr\u00fa er \u00feessi millista\u00f0a talin \u00e1st\u00e6\u00f0a verndarkraftar hans: Sem jurt \u00e1n fastrar r\u00f3tfestu \u00e1tti hann einnig a\u00f0 taka af dj\u00f6flum og r\u00e1fandi \u00f6ndum fasta \u00e1r\u00e1sarfleti.<\/p>\t\t\t\t\t\t\t\t<\/div>\n\t\t\t\t<\/div>\n\t\t\t\t\t<\/div>\n\t\t\t\t<\/div>\n\t\t<div class=\"elementor-element elementor-element-iwgs-wacholder-s1 e-flex e-con-boxed e-con e-parent\" data-id=\"iwgs-wacholder-s1\" data-element_type=\"container\" data-e-type=\"container\">\n\t\t\t\t\t<div class=\"e-con-inner\">\n\t\t\t\t<div class=\"elementor-element elementor-element-iwgs-wacholder-s1h elementor-widget elementor-widget-heading\" data-id=\"iwgs-wacholder-s1h\" data-element_type=\"widget\" data-e-type=\"widget\" data-widget_type=\"heading.default\">\n\t\t\t\t\t<h2 class=\"elementor-heading-title elementor-size-default\">Uppruni og munnm\u00e6li<\/h2>\t\t\t\t<\/div>\n\t\t<div class=\"elementor-element elementor-element-iw-wacholder-s1-bw e-con-full e-flex e-con e-child\" data-id=\"iw-wacholder-s1-bw\" data-element_type=\"container\" data-e-type=\"container\">\n\t\t\t\t<div class=\"elementor-element elementor-element-iwgs-wacholder-s1t elementor-widget elementor-widget-text-editor\" data-id=\"iwgs-wacholder-s1t\" data-element_type=\"widget\" data-e-type=\"widget\" data-widget_type=\"text-editor.default\">\n\t\t\t\t\t\t\t\t\t<p>\u00deekktasta heimildin um mistiltein kemur fr\u00e1 r\u00f3mverska fr\u00e6\u00f0imanninum Plinius eldra. Hann greinir fr\u00e1 \u00fev\u00ed a\u00f0 dr\u00fa\u00eddar Gall\u00edu hafi d\u00fdrka\u00f0 mistiltein, s\u00e9rstaklega \u00feegar hann \u00f3x \u00e1 eik, sem helgustu jurtina. Hv\u00edtkl\u00e6ddur prestur skar hann af \u00e1 sj\u00f6tta degi m\u00e1nans me\u00f0 gullinni sig\u00f0, annar t\u00f3k vi\u00f0 greinunum \u00ed hv\u00edtum kl\u00fat svo \u00fe\u00e6r snertu ekki j\u00f6r\u00f0ina. Snerting vi\u00f0 j\u00e1rn og j\u00f6r\u00f0 hef\u00f0i, samkv\u00e6mt t\u00falkuninni, minnka\u00f0 kraft hans.<\/p><p>\u00cd \u00fe\u00fdskum\u00e6landi og nor\u00f0ur-evr\u00f3pskri \u00fej\u00f3\u00f0tr\u00fa losna\u00f0i mistilteinn fr\u00e1 keltnesku prestath\u00f6fninni og var\u00f0 a\u00f0 b\u00e6ndar\u00e1\u00f0i \u00ed heimahaldi: Grein hengd yfir dyra\u00fer\u00f6skuld e\u00f0a \u00ed fj\u00e1rh\u00fasi \u00e1tti a\u00f0 vernda h\u00fas og b\u00faf\u00e9na\u00f0 gegn eldingum, eldi, g\u00f6ldrum og dj\u00f6fla\u00e1hrifum. \u00c1 sumum sv\u00e6\u00f0um er heiti\u00f0 \u201eDonnerbesen\u201c (\u00ferumuk\u00fastur) tengt mistiltein, en \u00fea\u00f0 nafn er \u00e1 \u00f6\u00f0rum sv\u00e6\u00f0um einnig nota\u00f0 um greinafl\u00f3ka \u00e1 trj\u00e1m sem myndast vegna sveppas\u00fdkingar; \u00feessi tv\u00f6 fyrirb\u00e6ri voru \u00ed arfleif\u00f0inni \u00fdmist blanda\u00f0 saman e\u00f0a v\u00edsvitandi a\u00f0greind.<\/p><p>Um vetrars\u00f3lst\u00f6\u00f0ur og \u00ed j\u00f3lahaldi (jul) norr\u00e6nna landa var \u00fea\u00f0 fastur si\u00f0ur a\u00f0 hengja mistilteinsgrein \u00ed h\u00fasinu. \u00deessi si\u00f0ur lifir \u00e1fram \u00ed n\u00fat\u00edma j\u00f3lasi\u00f0 kossins undir mistilteinsgreininni, en uppruni hans liggur \u00ed \u00feeirri hugmynd a\u00f0 undir verndart\u00e1kni m\u00e1tti hvorki \u00feola deilur n\u00e9 fjandskap.<\/p>\t\t\t\t\t\t\t\t<\/div>\n\t\t\t\t<\/div>\n\t\t\t\t\t<\/div>\n\t\t\t\t<\/div>\n\t\t<div class=\"elementor-element elementor-element-iwgs-wacholder-s2 e-flex e-con-boxed e-con e-parent\" data-id=\"iwgs-wacholder-s2\" data-element_type=\"container\" data-e-type=\"container\">\n\t\t\t\t\t<div class=\"e-con-inner\">\n\t\t\t\t<div class=\"elementor-element elementor-element-iwgs-wacholder-s2h elementor-widget elementor-widget-heading\" data-id=\"iwgs-wacholder-s2h\" data-element_type=\"widget\" data-e-type=\"widget\" data-widget_type=\"heading.default\">\n\t\t\t\t\t<h2 class=\"elementor-heading-title elementor-size-default\">Virknihugmynd samkv\u00e6mt munnm\u00e6lum<\/h2>\t\t\t\t<\/div>\n\t\t<div class=\"elementor-element elementor-element-iw-wacholder-s2-bw e-con-full e-flex e-con e-child\" data-id=\"iw-wacholder-s2-bw\" data-element_type=\"container\" data-e-type=\"container\">\n\t\t\t\t<div class=\"elementor-element elementor-element-iwgs-wacholder-s2t elementor-widget elementor-widget-text-editor\" data-id=\"iwgs-wacholder-s2t\" data-element_type=\"widget\" data-e-type=\"widget\" data-widget_type=\"text-editor.default\">\n\t\t\t\t\t\t\t\t\t<p>Mistilteinn telst \u00ed <span class=\"iwg-fachbegriff\" data-tooltip=\"Mi\u00f0lun \u00feekkingar og fr\u00e1sagna kynsl\u00f3\u00f0 fram af kynsl\u00f3\u00f0.\" tabindex=\"0\">arfleif\u00f0inni<\/span> vera jurt \u00e1n fastrar st\u00f6\u00f0u: Hann r\u00f3tar sig ekki \u00ed j\u00f6r\u00f0u heldur lifir af tr\u00e9nu sem ber hann, og hann helst gr\u00e6nn me\u00f0an \u00f6ll \u00f6nnur n\u00e1tt\u00fara hv\u00edlir \u00e1 veturna. \u00deetta \u00f3e\u00f0li var t\u00falka\u00f0 sem merki um s\u00e9rstakan kraft utan hinnar venjulegu skipulags.<\/p><p>Eins og me\u00f0 a\u00f0rar verndarjurtir \u00ed <span class=\"iwg-fachbegriff\" data-tooltip=\"Mi\u00f0lun \u00feekkingar og fr\u00e1sagna kynsl\u00f3\u00f0 fram af kynsl\u00f3\u00f0.\" tabindex=\"0\">arfleif\u00f0inni<\/span> gildir: \u00dea\u00f0 sem sj\u00e1lft stendur milli heima ver\u00f0ur \u00e1hrifar\u00edkur millimi\u00f0ill gegn verum sem einnig starfa \u00e1 m\u00f6rkum og skilum, svo sem n\u00e6turdj\u00f6flum og r\u00e1fandi \u00f6ndum. Tr\u00faarlegt banni dr\u00fa\u00edda vi\u00f0 j\u00e1rni og jar\u00f0snertingu vi\u00f0 uppskeruna v\u00edsar \u00ed s\u00f6mu \u00e1tt: Kraftur jurtarinnar \u00e1tti ekki a\u00f0 veikjast af neinu jar\u00f0nesku e\u00f0a m\u00e1lmi.<\/p>\t\t\t\t\t\t\t\t<\/div>\n\t\t\t\t<\/div>\n\t\t\t\t\t<\/div>\n\t\t\t\t<\/div>\n\t\t<div class=\"elementor-element elementor-element-iwgs-wacholder-s3 e-flex e-con-boxed e-con e-parent\" data-id=\"iwgs-wacholder-s3\" data-element_type=\"container\" data-e-type=\"container\">\n\t\t\t\t\t<div class=\"e-con-inner\">\n\t\t\t\t<div class=\"elementor-element elementor-element-iwgs-wacholder-s3h elementor-widget elementor-widget-heading\" data-id=\"iwgs-wacholder-s3h\" data-element_type=\"widget\" data-e-type=\"widget\" data-widget_type=\"heading.default\">\n\t\t\t\t\t<h2 class=\"elementor-heading-title elementor-size-default\">\u00datbrei\u00f0sla yfir menningarheima<\/h2>\t\t\t\t<\/div>\n\t\t<div class=\"elementor-element elementor-element-iw-wacholder-s3-bw e-con-full e-flex e-con e-child\" data-id=\"iw-wacholder-s3-bw\" data-element_type=\"container\" data-e-type=\"container\">\n\t\t\t\t<div class=\"elementor-element elementor-element-iwgs-wacholder-s3t elementor-widget elementor-widget-text-editor\" data-id=\"iwgs-wacholder-s3t\" data-element_type=\"widget\" data-e-type=\"widget\" data-widget_type=\"text-editor.default\">\n\t\t\t\t\t\t\t\t\t<p>Auk keltneskrar arfleif\u00f0ar dr\u00fa\u00edda \u00feekkir norr\u00e6n go\u00f0afr\u00e6\u00f0i mistiltein einnig sem s\u00e9rstaka jurt. \u00cd fr\u00e1s\u00f6gninni um gu\u00f0inn Baldur er mistilteinn eina jurtin sem s\u00f3r ekki ei\u00f0 um a\u00f0 ska\u00f0a hann ekki, og ver\u00f0ur \u00fev\u00ed eina vopni\u00f0 sem getur s\u00e6rt hann. \u00deessi fr\u00e1s\u00f6gn undirstrikar s\u00e9rst\u00f6\u00f0u jurtarinnar utan allra venjulegra tengsla.<\/p><p>\u00c1 Englandi og v\u00ed\u00f0ast \u00ed Nor\u00f0ur-Evr\u00f3pu lifir vetrarsi\u00f0urinn a\u00f0 hengja mistilteinsgreinar \u00ed h\u00fasinu enn \u00ed dag, jafnvel \u00fe\u00f3tt upprunalega verndarhugmyndin hafi viki\u00f0 fyrir \u00e1star- og heillasi\u00f0. \u00c1 Alpasv\u00e6\u00f0inu h\u00e9lst hins vegar eldri verndarhlutverki\u00f0 yfir hur\u00f0um og fj\u00e1rh\u00fasum betur vi\u00f0.<\/p>\t\t\t\t\t\t\t\t<\/div>\n\t\t\t\t<\/div>\n\t\t\t\t\t<\/div>\n\t\t\t\t<\/div>\n\t\t<div class=\"elementor-element elementor-element-iwgs-wacholder-s4 e-flex e-con-boxed e-con e-parent\" data-id=\"iwgs-wacholder-s4\" data-element_type=\"container\" data-e-type=\"container\">\n\t\t\t\t\t<div class=\"e-con-inner\">\n\t\t\t\t<div class=\"elementor-element elementor-element-iwgs-wacholder-s4h elementor-widget elementor-widget-heading\" data-id=\"iwgs-wacholder-s4h\" data-element_type=\"widget\" data-e-type=\"widget\" data-widget_type=\"heading.default\">\n\t\t\t\t\t<h2 class=\"elementor-heading-title elementor-size-default\">Gegn hverju hann er nota\u00f0ur<\/h2>\t\t\t\t<\/div>\n\t\t<div class=\"elementor-element elementor-element-iw-wacholder-s4-bw e-con-full e-flex e-con e-child\" data-id=\"iw-wacholder-s4-bw\" data-element_type=\"container\" data-e-type=\"container\">\n\t\t\t\t<div class=\"elementor-element elementor-element-iwgs-wacholder-s4t elementor-widget elementor-widget-text-editor\" data-id=\"iwgs-wacholder-s4t\" data-element_type=\"widget\" data-e-type=\"widget\" data-widget_type=\"text-editor.default\">\n\t\t\t\t\t\t\t\t\t<p>\u00cd mi\u00f0ju arfleif\u00f0arins er verndin gegn dj\u00f6flum og r\u00e1fandi \u00f6ndum, sem s\u00e9rstaklega \u00e1 dimmum vetrarm\u00e1nu\u00f0um voru taldir h\u00e6ttulegir. Auk \u00feess er mistilteinn nota\u00f0ur gegn eldingum og eldi \u00feegar hann hangir \u00e1 burstinni e\u00f0a yfir fj\u00e1rh\u00fasdyrum, sem og gegn g\u00f6ldrum sem beinast a\u00f0 h\u00fasi og b\u00faf\u00e9na\u00f0i.<\/p><p>\u00c1 sumum sv\u00e6\u00f0um er honum a\u00f0 auki eignu\u00f0 fr\u00e1hrindandi virkni gegn illu auga. <a href=\"https:\/\/iwell-guard.com\/is\/verndarleidarvisir\/\">Verndarkomp\u00e1sinn<\/a> ra\u00f0ar mistiltein, \u00e1samt jurtum eins og <a href=\"https:\/\/iwell-guard.com\/is\/einir\/\">einiberjum<\/a> og <a href=\"https:\/\/iwell-guard.com\/is\/reynividur-verndartre-thjodtrua\/\">reynivi\u00f0i<\/a>, undir \u00fe\u00e6r tegundir vera sem hann er skjalfestur gegn \u00ed heimildum.<\/p>\t\t\t\t\t\t\t\t<\/div>\n\t\t\t\t<\/div>\n\t\t\t\t\t<\/div>\n\t\t\t\t<\/div>\n\t\t<div class=\"elementor-element elementor-element-iwgs-wacholder-s5 e-flex e-con-boxed e-con e-parent\" data-id=\"iwgs-wacholder-s5\" data-element_type=\"container\" data-e-type=\"container\">\n\t\t\t\t\t<div class=\"e-con-inner\">\n\t\t\t\t<div class=\"elementor-element elementor-element-iwgs-wacholder-s5h elementor-widget elementor-widget-heading\" data-id=\"iwgs-wacholder-s5h\" data-element_type=\"widget\" data-e-type=\"widget\" data-widget_type=\"heading.default\">\n\t\t\t\t\t<h2 class=\"elementor-heading-title elementor-size-default\">Notkun og takmarkanir<\/h2>\t\t\t\t<\/div>\n\t\t<div class=\"elementor-element elementor-element-iw-wacholder-s5-bw e-con-full e-flex e-con e-child\" data-id=\"iw-wacholder-s5-bw\" data-element_type=\"container\" data-e-type=\"container\">\n\t\t\t\t<div class=\"elementor-element elementor-element-iwgs-wacholder-s5t elementor-widget elementor-widget-text-editor\" data-id=\"iwgs-wacholder-s5t\" data-element_type=\"widget\" data-e-type=\"widget\" data-widget_type=\"text-editor.default\">\n\t\t\t\t\t\t\t\t\t<p>Hef\u00f0bundi\u00f0 var mistilteinn skorinn um vetrars\u00f3lst\u00f6\u00f0ur e\u00f0a j\u00f3lahald og heil grein fest yfir \u00fatidyrum, fj\u00e1rh\u00fasdyrum e\u00f0a \u00ed \u00edb\u00fa\u00f0arh\u00fasn\u00e6\u00f0i. \u00c1rleg endurn\u00fdjun greinarinnar \u00e1 sama t\u00edma var talin venjuleg framkv\u00e6md til a\u00f0 vi\u00f0halda verndar\u00e1hrifunum yfir \u00e1ri\u00f0.<\/p><p>Athuga ber a\u00f0 ber mistilteinsins eru eitru\u00f0; \u00f3a\u00f0g\u00e6tin me\u00f0h\u00f6ndlun, t.d. \u00e1 heimilum me\u00f0 sm\u00e1b\u00f6rnum e\u00f0a d\u00fdrum, ber \u00fev\u00ed a\u00f0 for\u00f0ast. Takm\u00f6rkun <span class=\"iwg-fachbegriff\" data-tooltip=\"Mi\u00f0lun \u00feekkingar og fr\u00e1sagna kynsl\u00f3\u00f0 fram af kynsl\u00f3\u00f0.\" tabindex=\"0\">arfleif\u00f0arins<\/span> liggur einnig \u00ed \u00fev\u00ed a\u00f0 mistilteinn einn og s\u00e9r var sjaldan talinn n\u00e6gjanlegur. \u00cd b\u00e6ndasi\u00f0um var honum blanda\u00f0 saman vi\u00f0 \u00f6nnur r\u00e1\u00f0 eins og <a href=\"https:\/\/iwell-guard.com\/is\/salt-sem-verndargripur\/\">salt<\/a>, <a href=\"https:\/\/iwell-guard.com\/is\/jarn-og-kalt-jarn\/\">j\u00e1rn<\/a> \u00e1 hur\u00f0arj\u00e1rni e\u00f0a upprakningu <a href=\"https:\/\/iwell-guard.com\/is\/?page_id=169849\">verndarb\u00e6na<\/a>.<\/p>\t\t\t\t\t\t\t\t<\/div>\n\t\t\t\t<\/div>\n\t\t\t\t\t<\/div>\n\t\t\t\t<\/div>\n\t\t<div class=\"elementor-element elementor-element-iwgs-wacholder-lit e-flex e-con-boxed e-con e-parent\" data-id=\"iwgs-wacholder-lit\" data-element_type=\"container\" data-e-type=\"container\">\n\t\t\t\t\t<div class=\"e-con-inner\">\n\t\t\t\t<div class=\"elementor-element elementor-element-iwgs-wacholder-lith elementor-widget elementor-widget-heading\" data-id=\"iwgs-wacholder-lith\" data-element_type=\"widget\" data-e-type=\"widget\" data-widget_type=\"heading.default\">\n\t\t\t\t\t<h2 class=\"elementor-heading-title elementor-size-default\">Heimildir (\u00farval)<\/h2>\t\t\t\t<\/div>\n\t\t<div class=\"elementor-element elementor-element-iw-wacholder-lit-bw e-con-full e-flex e-con e-child\" data-id=\"iw-wacholder-lit-bw\" data-element_type=\"container\" data-e-type=\"container\">\n\t\t\t\t<div class=\"elementor-element elementor-element-iwgs-wacholder-litt elementor-widget elementor-widget-html\" data-id=\"iwgs-wacholder-litt\" data-element_type=\"widget\" data-e-type=\"widget\" data-widget_type=\"html.default\">\n\t\t\t\t\t<footer data-nosnippet=\"true\"><ul><li>Handw\u00f6rterbuch des deutschen Aberglaubens. Hrsg. von Hanns B\u00e4chtold-St\u00e4ubli. Berlin: de Gruyter, 1927-1942.<\/li><li>Plinius der \u00c4ltere: Naturalis historia, Buch XVI (Ausgabe: Sammlung Tusculum, D\u00fcsseldorf: Artemis & Winkler, 2007).<\/li><li>Heinrich Marzell: Geschichte und Volkskunde der deutschen Heilpflanzen. Stuttgart: Wissenschaftliche Verlagsgesellschaft, 1938 (Neudruck Hildesheim: Olms, 2002).<\/li><li>Jacob Grimm: Deutsche Mythologie. G\u00f6ttingen: Dieterichsche Buchhandlung, 1835.<\/li><li>Adolf Wuttke: Der deutsche Volksaberglaube der Gegenwart. Berlin: Wiegandt & Grieben, 1900 (3. Auflage).<\/li><\/ul><\/footer>\t\t\t\t<\/div>\n\t\t\t\t<\/div>\n\t\t\t\t\t<\/div>\n\t\t\t\t<\/div>\n\t\t<div class=\"elementor-element elementor-element-iwgs-wacholder-kwd e-flex e-con-boxed e-con e-parent\" data-id=\"iwgs-wacholder-kwd\" data-element_type=\"container\" data-e-type=\"container\">\n\t\t\t\t\t<div class=\"e-con-inner\">\n\t\t<div class=\"elementor-element elementor-element-iw-wacholder-kwd-bw e-con-full e-flex e-con e-child\" data-id=\"iw-wacholder-kwd-bw\" data-element_type=\"container\" data-e-type=\"container\">\n\t\t\t\t<div class=\"elementor-element elementor-element-iwgs-wacholder-kwdt elementor-widget elementor-widget-text-editor\" data-id=\"iwgs-wacholder-kwdt\" data-element_type=\"widget\" data-e-type=\"widget\" data-widget_type=\"text-editor.default\">\n\t\t\t\t\t\t\t\t\t<p><em>Tengd leitaror\u00f0: mistilteinn dj\u00f6flav\u00f6rn \u00ferumuv\u00f6ndur j\u00f3lasi\u00f0ur mistilteinsgrein.<\/em><\/p>\t\t\t\t\t\t\t\t<\/div>\n\t\t\t\t<\/div>\n\t\t\t\t\t<\/div>\n\t\t\t\t<\/div>\n\t\t<div class=\"elementor-element elementor-element-iwgs-wacholder-cc e-flex e-con-boxed e-con e-parent\" data-id=\"iwgs-wacholder-cc\" data-element_type=\"container\" data-e-type=\"container\" id=\"iwg-cc-wacholder\">\n\t\t\t\t\t<div class=\"e-con-inner\">\n\t\t<div class=\"elementor-element elementor-element-iwgs-wacholder-ccinner e-flex e-con-boxed e-con e-parent\" data-id=\"iwgs-wacholder-ccinner\" data-element_type=\"container\" data-e-type=\"container\" data-settings=\"{&quot;background_background&quot;:&quot;classic&quot;}\">\n\t\t\t\t\t<div class=\"e-con-inner\">\n\t\t\t\t<div class=\"elementor-element elementor-element-iwgs-wacholder-cch elementor-widget elementor-widget-heading\" data-id=\"iwgs-wacholder-cch\" data-element_type=\"widget\" data-e-type=\"widget\" data-widget_type=\"heading.default\">\n\t\t\t\t\t<h2 class=\"elementor-heading-title elementor-size-default\">iWell Guard og verndarhef\u00f0ir<\/h2>\t\t\t\t<\/div>\n\t\t\t\t<div class=\"elementor-element elementor-element-iwgs-wacholder-cct elementor-widget elementor-widget-text-editor\" data-id=\"iwgs-wacholder-cct\" data-element_type=\"widget\" data-e-type=\"widget\" data-widget_type=\"text-editor.default\">\n\t\t\t\t\t\t\t\t\t<p>\u00cd \u00fej\u00f3\u00f0tr\u00fanni stendur mistilteinurinn fyrir kraft sem l\u00fdtur engri fastri reglu, hvorki jar\u00f0veginum n\u00e9 \u00e1rst\u00ed\u00f0ahringnum. \u00dea\u00f0 er n\u00e1kv\u00e6mlega \u00feessi sj\u00e1lfst\u00e6\u00f0i eiginleiki, v\u00f6rn sem er ekki bundin \u00e1kve\u00f0num sta\u00f0 heldur m\u00e1 bera me\u00f0 s\u00e9r, sem hugmyndin \u00e1 bak vi\u00f0 <a href=\"https:\/\/iwell-guard.com\/is\/verndargripur-iwell-guard-kaupa\/\">iWell Guard<\/a> byggir \u00e1.<\/p><p>\u00dea\u00f0 sem fyrri kynsl\u00f3\u00f0ir vildu n\u00e1 fram me\u00f0 greininni yfir dyrunum, v\u00f6rn sem verka\u00f0i allt \u00e1ri\u00f0, f\u00e6rir hengi\u00f0 n\u00fa yfir \u00e1 hvern einstakling. Formi\u00f0 hefur breyst, en hugmyndin um a\u00f0 draga sk\u00fdr m\u00f6rk lifir \u00e1fram.<\/p>\t\t\t\t\t\t\t\t<\/div>\n\t\t\t\t<div class=\"elementor-element elementor-element-iwgs-wacholder-ccb iwg-cc-button iwg-cc-cta-2026-05-13 elementor-widget elementor-widget-jet-button\" data-id=\"iwgs-wacholder-ccb\" data-element_type=\"widget\" data-e-type=\"widget\" data-widget_type=\"jet-button.default\">\n\t\t\t\t<div class=\"elementor-widget-container\">\n\t\t\t\t\t<div class=\"elementor-jet-button jet-elements\"><div class=\"jet-button__container\"><a class=\"jet-button__instance jet-button__instance--icon-left hover-effect-1\" href=\"\/schutzanhaenger-iwell-guard-kaufen\/?utm_source=iwell-guard.com&amp;utm_medium=info-box&amp;utm_campaign=schutzsymbole\"><div class=\"jet-button__plane jet-button__plane-normal\"><\/div><div class=\"jet-button__plane jet-button__plane-hover\"><\/div><div class=\"jet-button__state jet-button__state-normal\"><span class=\"jet-button__label\">Meira um iWell Guard<\/span><\/div><div class=\"jet-button__state jet-button__state-hover\"><span class=\"jet-button__label\">Meira um iWell Guard<\/span><\/div><\/a><\/div><\/div><style>.elementor-element.elementor-element-iwgs-wacholder-ccb .jet-button__instance{width:320px;height:56px;}.elementor-element.elementor-element-iwgs-wacholder-ccb .jet-button__state-normal .jet-button__label{text-align:center;margin:0px 0px 0px 0px;color:#1a1b20;font-family:Montserrat,sans-serif;font-size:13px;font-weight:400;letter-spacing:4px;line-height:1.714em;text-transform:uppercase;}.elementor-element.elementor-element-iwgs-wacholder-ccb .jet-button__state-hover .jet-button__label{text-align:center;margin:0px 0px 0px 0px;color:#FECC76;font-family:Montserrat,sans-serif;font-size:13px;font-weight:400;letter-spacing:4px;line-height:1.714em;text-transform:uppercase;}.elementor-element.elementor-element-iwgs-wacholder-ccb .jet-button__plane-normal{background-color:#FECC76;border-style:solid;border-color:#C99540;border-width:2px 2px 2px 2px;}.elementor-element.elementor-element-iwgs-wacholder-ccb .jet-button__plane-hover{background-color:rgba(0,0,0,0.55);border-style:solid;border-color:#FECC76;border-width:2px 2px 2px 2px;}<\/style>\t\t\t\t<\/div>\n\t\t\t\t<\/div>\n\t\t\t\t<div class=\"elementor-element elementor-element-iwgs-wacholder-ccd elementor-widget elementor-widget-text-editor\" data-id=\"iwgs-wacholder-ccd\" data-element_type=\"widget\" data-e-type=\"widget\" data-widget_type=\"text-editor.default\">\n\t\t\t\t\t\t\t\t\t<p style=\"text-align:center;font-size:13px;opacity:0.7;margin-top:14px\" data-nosnippet=\"true\">Pers\u00f3nuleg reynsla getur veri\u00f0 mismunandi. Ekki l\u00e6kningat\u00e6ki. Engin lofor\u00f0 um l\u00e6kningu.<\/p>\t\t\t\t\t\t\t\t<\/div>\n\t\t\t\t\t<\/div>\n\t\t\t\t<\/div>\n\t\t\t\t\t<\/div>\n\t\t\t\t<\/div>\n\t\t<div class=\"elementor-element elementor-element-iwgs-wacholder-disc e-flex e-con-boxed e-con e-parent\" data-id=\"iwgs-wacholder-disc\" data-element_type=\"container\" data-e-type=\"container\">\n\t\t\t\t\t<div class=\"e-con-inner\">\n\t\t<div class=\"elementor-element elementor-element-iw-wacholder-disc-bw e-con-full e-flex e-con e-child\" data-id=\"iw-wacholder-disc-bw\" data-element_type=\"container\" data-e-type=\"container\">\n\t\t\t\t<div class=\"elementor-element elementor-element-iwgs-wacholder-discw elementor-widget elementor-widget-html\" data-id=\"iwgs-wacholder-discw\" data-element_type=\"widget\" data-e-type=\"widget\" data-widget_type=\"html.default\">\n\t\t\t\t\t<footer data-nosnippet=\"true\" class=\"iwg-disclaimer-block\"><p data-nosnippet=\"true\">iWell Guard er <strong>ekki l\u00e6kningat\u00e6ki<\/strong> og kemur ekki \u00ed sta\u00f0 l\u00e6knis- e\u00f0a s\u00e1lfr\u00e6\u00f0ime\u00f0fer\u00f0ar. Innihaldi\u00f0 sem h\u00e9r er sett fram er tr\u00faarbrag\u00f0afr\u00e6\u00f0ileg og menningars\u00f6gulega greining, ekki lofor\u00f0 um andlega virkni.<\/p><\/footer>\t\t\t\t<\/div>\n\t\t\t\t<\/div>\n\t\t\t\t\t<\/div>\n\t\t\t\t<\/div>\n\t\t\t\t<\/div>\n\t\t","protected":false},"excerpt":{"rendered":"","protected":false},"author":3,"featured_media":20542,"parent":0,"menu_order":0,"comment_status":"closed","ping_status":"closed","template":"elementor_header_footer","meta":{"_yoast_wpseo_focuskw":"mistilteinn vernd gegn djoflum","_yoast_wpseo_title":"Mistilteinn: Verndarjurt gegn dj\u00f6flum \u00ed \u00fej\u00f3\u00f0tr\u00fa","_yoast_wpseo_metadesc":"Mistilteinn er talinn veita vernd gegn dj\u00f6flum \u00ed \u00fej\u00f3\u00f0tr\u00fa. Uppruni me\u00f0al dr\u00fa\u00edda og Kelta, j\u00f3lasi\u00f0ur og notkun yfir hur\u00f0um og fj\u00e1rh\u00fasum \u00ed yfirliti.","_yoast_wpseo_meta-robots-noindex":"","_yoast_wpseo_canonical":"","_angie_page":false,"gefaehrdungsstufe":"","wesen_kultur":"","wesen_klasse":"","footnotes":""},"categories":[],"class_list":["post-169844","page","type-page","status-publish","has-post-thumbnail","hentry"],"yoast_head":"<!-- This site is optimized with the Yoast SEO Premium plugin v27.7 (Yoast SEO v28.3) - https:\/\/yoast.com\/product\/yoast-seo-premium-wordpress\/ -->\n<title>Mistilteinn: Verndarjurt gegn dj\u00f6flum \u00ed \u00fej\u00f3\u00f0tr\u00fa<\/title>\n<meta name=\"description\" content=\"Mistilteinn er talinn veita vernd gegn dj\u00f6flum \u00ed \u00fej\u00f3\u00f0tr\u00fa. Uppruni me\u00f0al dr\u00fa\u00edda og Kelta, j\u00f3lasi\u00f0ur og notkun yfir hur\u00f0um og fj\u00e1rh\u00fasum \u00ed yfirliti.\" \/>\n<meta name=\"robots\" content=\"index, follow, max-snippet:-1, max-image-preview:large, max-video-preview:-1\" \/>\n<link rel=\"canonical\" href=\"https:\/\/iwell-guard.com\/is\/mistilteinn\/\" \/>\n<meta property=\"og:locale\" content=\"is_IS\" \/>\n<meta property=\"og:type\" content=\"article\" \/>\n<meta property=\"og:title\" content=\"Mistilteinn\" \/>\n<meta property=\"og:description\" content=\"Mistilteinn er talinn veita vernd gegn dj\u00f6flum \u00ed \u00fej\u00f3\u00f0tr\u00fa. Uppruni me\u00f0al dr\u00fa\u00edda og Kelta, j\u00f3lasi\u00f0ur og notkun yfir hur\u00f0um og fj\u00e1rh\u00fasum \u00ed yfirliti.\" \/>\n<meta property=\"og:url\" content=\"https:\/\/iwell-guard.com\/is\/mistilteinn\/\" \/>\n<meta property=\"og:site_name\" content=\"iWell Guard\" \/>\n<meta property=\"article:modified_time\" content=\"2026-09-05T14:58:00+00:00\" \/>\n<meta property=\"og:image\" content=\"https:\/\/iwell-guard.com\/wp-content\/uploads\/2026\/07\/schutzsymbol_universell_mistel.webp\" \/>\n\t<meta property=\"og:image:width\" content=\"1024\" \/>\n\t<meta property=\"og:image:height\" content=\"1536\" \/>\n\t<meta property=\"og:image:type\" content=\"image\/webp\" \/>\n<meta name=\"twitter:card\" content=\"summary_large_image\" \/>\n<script type=\"application\/ld+json\" class=\"yoast-schema-graph\">{\"@context\":\"https:\\\/\\\/schema.org\",\"@graph\":[{\"@type\":\"WebPage\",\"@id\":\"https:\\\/\\\/iwell-guard.com\\\/is\\\/mistilteinn\\\/\",\"url\":\"https:\\\/\\\/iwell-guard.com\\\/is\\\/mistilteinn\\\/\",\"name\":\"Mistilteinn: Verndarjurt gegn dj\u00f6flum \u00ed \u00fej\u00f3\u00f0tr\u00fa\",\"isPartOf\":{\"@id\":\"https:\\\/\\\/iwell-guard.com\\\/is\\\/#website\"},\"primaryImageOfPage\":{\"@id\":\"https:\\\/\\\/iwell-guard.com\\\/is\\\/mistilteinn\\\/#primaryimage\"},\"image\":{\"@id\":\"https:\\\/\\\/iwell-guard.com\\\/is\\\/mistilteinn\\\/#primaryimage\"},\"thumbnailUrl\":\"https:\\\/\\\/iwell-guard.com\\\/wp-content\\\/uploads\\\/2026\\\/07\\\/schutzsymbol_universell_mistel.webp\",\"datePublished\":\"2026-09-05T14:12:12+00:00\",\"dateModified\":\"2026-09-05T14:58:00+00:00\",\"description\":\"Mistilteinn er talinn veita vernd gegn dj\u00f6flum \u00ed \u00fej\u00f3\u00f0tr\u00fa. Uppruni me\u00f0al dr\u00fa\u00edda og Kelta, j\u00f3lasi\u00f0ur og notkun yfir hur\u00f0um og fj\u00e1rh\u00fasum \u00ed yfirliti.\",\"breadcrumb\":{\"@id\":\"https:\\\/\\\/iwell-guard.com\\\/is\\\/mistilteinn\\\/#breadcrumb\"},\"inLanguage\":\"is\",\"potentialAction\":[{\"@type\":\"ReadAction\",\"target\":[\"https:\\\/\\\/iwell-guard.com\\\/is\\\/mistilteinn\\\/\"]}]},{\"@type\":\"ImageObject\",\"inLanguage\":\"is\",\"@id\":\"https:\\\/\\\/iwell-guard.com\\\/is\\\/mistilteinn\\\/#primaryimage\",\"url\":\"https:\\\/\\\/iwell-guard.com\\\/wp-content\\\/uploads\\\/2026\\\/07\\\/schutzsymbol_universell_mistel.webp\",\"contentUrl\":\"https:\\\/\\\/iwell-guard.com\\\/wp-content\\\/uploads\\\/2026\\\/07\\\/schutzsymbol_universell_mistel.webp\",\"width\":1024,\"height\":1536,\"caption\":\"Mistilteinsgrein me\u00f0 hv\u00edtum berjum \u00e1 g\u00f6mlum eikargrein \u00e1 d\u00f6kkum bakgrunni\"},{\"@type\":\"BreadcrumbList\",\"@id\":\"https:\\\/\\\/iwell-guard.com\\\/is\\\/mistilteinn\\\/#breadcrumb\",\"itemListElement\":[{\"@type\":\"ListItem\",\"position\":1,\"name\":\"Start\",\"item\":\"https:\\\/\\\/iwell-guard.com\\\/is\\\/?page_id=168580\"},{\"@type\":\"ListItem\",\"position\":2,\"name\":\"Mistilteinn\"}]},{\"@type\":\"WebSite\",\"@id\":\"https:\\\/\\\/iwell-guard.com\\\/is\\\/#website\",\"url\":\"https:\\\/\\\/iwell-guard.com\\\/is\\\/\",\"name\":\"iWell Guard\",\"description\":\"Schutz vor dunklen Einfl\u00fcssen\",\"publisher\":{\"@id\":\"https:\\\/\\\/iwell-guard.com\\\/is\\\/#organization\"},\"potentialAction\":[{\"@type\":\"SearchAction\",\"target\":{\"@type\":\"EntryPoint\",\"urlTemplate\":\"https:\\\/\\\/iwell-guard.com\\\/is\\\/?s={search_term_string}\"},\"query-input\":{\"@type\":\"PropertyValueSpecification\",\"valueRequired\":true,\"valueName\":\"search_term_string\"}}],\"inLanguage\":\"is\"},{\"@type\":\"Organization\",\"@id\":\"https:\\\/\\\/iwell-guard.com\\\/is\\\/#organization\",\"name\":\"Ittermann electronic GmbH\",\"url\":\"https:\\\/\\\/iwell-guard.com\\\/is\\\/\",\"logo\":{\"@type\":\"ImageObject\",\"inLanguage\":\"is\",\"@id\":\"https:\\\/\\\/iwell-guard.com\\\/is\\\/#\\\/schema\\\/logo\\\/image\\\/\",\"url\":\"https:\\\/\\\/iwell-guard.com\\\/wp-content\\\/uploads\\\/2026\\\/05\\\/Ittermann-Logo-1182x237-1.png\",\"contentUrl\":\"https:\\\/\\\/iwell-guard.com\\\/wp-content\\\/uploads\\\/2026\\\/05\\\/Ittermann-Logo-1182x237-1.png\",\"width\":1182,\"height\":237,\"caption\":\"Ittermann electronic GmbH\"},\"image\":{\"@id\":\"https:\\\/\\\/iwell-guard.com\\\/is\\\/#\\\/schema\\\/logo\\\/image\\\/\"},\"sameAs\":[\"https:\\\/\\\/pantip.com\\\/profile\\\/9367242\",\"https:\\\/\\\/micro.blog\\\/iwellguard\",\"https:\\\/\\\/www.diggerslist.com\\\/iwellguard\\\/about\",\"https:\\\/\\\/skitterphoto.com\\\/photographers\\\/2870314\\\/iwell-guard\",\"https:\\\/\\\/iwellguard.wordpress.com\\\/2026\\\/06\\\/06\\\/iwell-guard\\\/\",\"https:\\\/\\\/hub.docker.com\\\/u\\\/iwellguard\",\"https:\\\/\\\/www.pinterest.com\\\/iwellguard\\\/\",\"https:\\\/\\\/bit.ly\\\/m\\\/iwellguard\",\"https:\\\/\\\/entre-vos-mains.alsace.eu\\\/profiles\\\/iwellguard\\\/activity\",\"https:\\\/\\\/gravatar.com\\\/reallybeded8fd34\",\"https:\\\/\\\/naijamatta.com\\\/iwellguard\",\"https:\\\/\\\/www.goodreads.com\\\/iwellguard\",\"https:\\\/\\\/profile.hatena.ne.jp\\\/iwellguard\\\/\",\"https:\\\/\\\/experiment.com\\\/users\\\/iwellguard\",\"https:\\\/\\\/wakelet.com\\\/@iWellGuard82270\",\"https:\\\/\\\/www.chordie.com\\\/forum\\\/profile.php?id=2555664\",\"https:\\\/\\\/www.instapaper.com\\\/p\\\/17757966\",\"https:\\\/\\\/www.mapleprimes.com\\\/users\\\/iwellguard\",\"https:\\\/\\\/businesslistingplus.com\\\/profile\\\/iwell-guard\\\/\",\"https:\\\/\\\/telegra.ph\\\/iWell-Guard-06-06\",\"https:\\\/\\\/pbase.com\\\/iwellguard\\\/iwellguard\",\"https:\\\/\\\/b.hatena.ne.jp\\\/iwellguard\\\/20260607#bookmark-4788405196491818882\",\"https:\\\/\\\/fliphtml5.com\\\/home\\\/iwellguard\",\"https:\\\/\\\/anyflip.com\\\/homepage\\\/cmiwl#About\",\"https:\\\/\\\/transfur.com\\\/Users\\\/iwellguard\",\"http:\\\/\\\/delphi.larsbo.org\\\/user\\\/iwellguard\",\"https:\\\/\\\/jobs.lajobsportal.org\\\/profiles\\\/8380803-iwell-guard\",\"https:\\\/\\\/md.chaosdorf.de\\\/s\\\/jfbe5SBdJD\",\"https:\\\/\\\/www.lingvolive.com\\\/en-us\\\/profile\\\/9ecaeaca-ce11-4e51-9e71-01d55e2bff36\\\/translations\",\"https:\\\/\\\/www.fitday.com\\\/fitness\\\/forums\\\/members\\\/iwellguard.html\",\"https:\\\/\\\/www.mymeetbook.com\\\/iwellguard\",\"https:\\\/\\\/pxhere.com\\\/en\\\/photographer-me\\\/5040798\",\"https:\\\/\\\/disqus.com\\\/by\\\/iwellguard\\\/about\\\/\",\"https:\\\/\\\/pastelink.net\\\/hjwciqwq\",\"https:\\\/\\\/pubhtml5.com\\\/homepage\\\/scjhn\\\/\",\"https:\\\/\\\/www.bitchute.com\\\/channel\\\/2O2eOKzNqujT\",\"https:\\\/\\\/audiomack.com\\\/iwellguard\"]}]}<\/script>\n<!-- \/ Yoast SEO Premium plugin. -->","yoast_head_json":{"title":"Mistilteinn: Verndarjurt gegn dj\u00f6flum \u00ed \u00fej\u00f3\u00f0tr\u00fa","description":"Mistilteinn er talinn veita vernd gegn dj\u00f6flum \u00ed \u00fej\u00f3\u00f0tr\u00fa. Uppruni me\u00f0al dr\u00fa\u00edda og Kelta, j\u00f3lasi\u00f0ur og notkun yfir hur\u00f0um og fj\u00e1rh\u00fasum \u00ed yfirliti.","robots":{"index":"index","follow":"follow","max-snippet":"max-snippet:-1","max-image-preview":"max-image-preview:large","max-video-preview":"max-video-preview:-1"},"canonical":"https:\/\/iwell-guard.com\/is\/mistilteinn\/","og_locale":"is_IS","og_type":"article","og_title":"Mistilteinn","og_description":"Mistilteinn er talinn veita vernd gegn dj\u00f6flum \u00ed \u00fej\u00f3\u00f0tr\u00fa. Uppruni me\u00f0al dr\u00fa\u00edda og Kelta, j\u00f3lasi\u00f0ur og notkun yfir hur\u00f0um og fj\u00e1rh\u00fasum \u00ed yfirliti.","og_url":"https:\/\/iwell-guard.com\/is\/mistilteinn\/","og_site_name":"iWell Guard","article_modified_time":"2026-09-05T14:58:00+00:00","og_image":[{"width":1024,"height":1536,"url":"https:\/\/iwell-guard.com\/wp-content\/uploads\/2026\/07\/schutzsymbol_universell_mistel.webp","type":"image\/webp"}],"twitter_card":"summary_large_image","schema":{"@context":"https:\/\/schema.org","@graph":[{"@type":"WebPage","@id":"https:\/\/iwell-guard.com\/is\/mistilteinn\/","url":"https:\/\/iwell-guard.com\/is\/mistilteinn\/","name":"Mistilteinn: Verndarjurt gegn dj\u00f6flum \u00ed \u00fej\u00f3\u00f0tr\u00fa","isPartOf":{"@id":"https:\/\/iwell-guard.com\/is\/#website"},"primaryImageOfPage":{"@id":"https:\/\/iwell-guard.com\/is\/mistilteinn\/#primaryimage"},"image":{"@id":"https:\/\/iwell-guard.com\/is\/mistilteinn\/#primaryimage"},"thumbnailUrl":"https:\/\/iwell-guard.com\/wp-content\/uploads\/2026\/07\/schutzsymbol_universell_mistel.webp","datePublished":"2026-09-05T14:12:12+00:00","dateModified":"2026-09-05T14:58:00+00:00","description":"Mistilteinn er talinn veita vernd gegn dj\u00f6flum \u00ed \u00fej\u00f3\u00f0tr\u00fa. Uppruni me\u00f0al dr\u00fa\u00edda og Kelta, j\u00f3lasi\u00f0ur og notkun yfir hur\u00f0um og fj\u00e1rh\u00fasum \u00ed yfirliti.","breadcrumb":{"@id":"https:\/\/iwell-guard.com\/is\/mistilteinn\/#breadcrumb"},"inLanguage":"is","potentialAction":[{"@type":"ReadAction","target":["https:\/\/iwell-guard.com\/is\/mistilteinn\/"]}]},{"@type":"ImageObject","inLanguage":"is","@id":"https:\/\/iwell-guard.com\/is\/mistilteinn\/#primaryimage","url":"https:\/\/iwell-guard.com\/wp-content\/uploads\/2026\/07\/schutzsymbol_universell_mistel.webp","contentUrl":"https:\/\/iwell-guard.com\/wp-content\/uploads\/2026\/07\/schutzsymbol_universell_mistel.webp","width":1024,"height":1536,"caption":"Mistilteinsgrein me\u00f0 hv\u00edtum berjum \u00e1 g\u00f6mlum eikargrein \u00e1 d\u00f6kkum bakgrunni"},{"@type":"BreadcrumbList","@id":"https:\/\/iwell-guard.com\/is\/mistilteinn\/#breadcrumb","itemListElement":[{"@type":"ListItem","position":1,"name":"Start","item":"https:\/\/iwell-guard.com\/is\/?page_id=168580"},{"@type":"ListItem","position":2,"name":"Mistilteinn"}]},{"@type":"WebSite","@id":"https:\/\/iwell-guard.com\/is\/#website","url":"https:\/\/iwell-guard.com\/is\/","name":"iWell Guard","description":"Schutz vor dunklen Einfl\u00fcssen","publisher":{"@id":"https:\/\/iwell-guard.com\/is\/#organization"},"potentialAction":[{"@type":"SearchAction","target":{"@type":"EntryPoint","urlTemplate":"https:\/\/iwell-guard.com\/is\/?s={search_term_string}"},"query-input":{"@type":"PropertyValueSpecification","valueRequired":true,"valueName":"search_term_string"}}],"inLanguage":"is"},{"@type":"Organization","@id":"https:\/\/iwell-guard.com\/is\/#organization","name":"Ittermann electronic GmbH","url":"https:\/\/iwell-guard.com\/is\/","logo":{"@type":"ImageObject","inLanguage":"is","@id":"https:\/\/iwell-guard.com\/is\/#\/schema\/logo\/image\/","url":"https:\/\/iwell-guard.com\/wp-content\/uploads\/2026\/05\/Ittermann-Logo-1182x237-1.png","contentUrl":"https:\/\/iwell-guard.com\/wp-content\/uploads\/2026\/05\/Ittermann-Logo-1182x237-1.png","width":1182,"height":237,"caption":"Ittermann electronic GmbH"},"image":{"@id":"https:\/\/iwell-guard.com\/is\/#\/schema\/logo\/image\/"},"sameAs":["https:\/\/pantip.com\/profile\/9367242","https:\/\/micro.blog\/iwellguard","https:\/\/www.diggerslist.com\/iwellguard\/about","https:\/\/skitterphoto.com\/photographers\/2870314\/iwell-guard","https:\/\/iwellguard.wordpress.com\/2026\/06\/06\/iwell-guard\/","https:\/\/hub.docker.com\/u\/iwellguard","https:\/\/www.pinterest.com\/iwellguard\/","https:\/\/bit.ly\/m\/iwellguard","https:\/\/entre-vos-mains.alsace.eu\/profiles\/iwellguard\/activity","https:\/\/gravatar.com\/reallybeded8fd34","https:\/\/naijamatta.com\/iwellguard","https:\/\/www.goodreads.com\/iwellguard","https:\/\/profile.hatena.ne.jp\/iwellguard\/","https:\/\/experiment.com\/users\/iwellguard","https:\/\/wakelet.com\/@iWellGuard82270","https:\/\/www.chordie.com\/forum\/profile.php?id=2555664","https:\/\/www.instapaper.com\/p\/17757966","https:\/\/www.mapleprimes.com\/users\/iwellguard","https:\/\/businesslistingplus.com\/profile\/iwell-guard\/","https:\/\/telegra.ph\/iWell-Guard-06-06","https:\/\/pbase.com\/iwellguard\/iwellguard","https:\/\/b.hatena.ne.jp\/iwellguard\/20260607#bookmark-4788405196491818882","https:\/\/fliphtml5.com\/home\/iwellguard","https:\/\/anyflip.com\/homepage\/cmiwl#About","https:\/\/transfur.com\/Users\/iwellguard","http:\/\/delphi.larsbo.org\/user\/iwellguard","https:\/\/jobs.lajobsportal.org\/profiles\/8380803-iwell-guard","https:\/\/md.chaosdorf.de\/s\/jfbe5SBdJD","https:\/\/www.lingvolive.com\/en-us\/profile\/9ecaeaca-ce11-4e51-9e71-01d55e2bff36\/translations","https:\/\/www.fitday.com\/fitness\/forums\/members\/iwellguard.html","https:\/\/www.mymeetbook.com\/iwellguard","https:\/\/pxhere.com\/en\/photographer-me\/5040798","https:\/\/disqus.com\/by\/iwellguard\/about\/","https:\/\/pastelink.net\/hjwciqwq","https:\/\/pubhtml5.com\/homepage\/scjhn\/","https:\/\/www.bitchute.com\/channel\/2O2eOKzNqujT","https:\/\/audiomack.com\/iwellguard"]}]}},"_links":{"self":[{"href":"https:\/\/iwell-guard.com\/is\/wp-json\/wp\/v2\/pages\/169844","targetHints":{"allow":["GET"]}}],"collection":[{"href":"https:\/\/iwell-guard.com\/is\/wp-json\/wp\/v2\/pages"}],"about":[{"href":"https:\/\/iwell-guard.com\/is\/wp-json\/wp\/v2\/types\/page"}],"author":[{"embeddable":true,"href":"https:\/\/iwell-guard.com\/is\/wp-json\/wp\/v2\/users\/3"}],"replies":[{"embeddable":true,"href":"https:\/\/iwell-guard.com\/is\/wp-json\/wp\/v2\/comments?post=169844"}],"version-history":[{"count":0,"href":"https:\/\/iwell-guard.com\/is\/wp-json\/wp\/v2\/pages\/169844\/revisions"}],"wp:featuredmedia":[{"embeddable":true,"href":"https:\/\/iwell-guard.com\/is\/wp-json\/wp\/v2\/media\/20542"}],"wp:attachment":[{"href":"https:\/\/iwell-guard.com\/is\/wp-json\/wp\/v2\/media?parent=169844"}],"wp:term":[{"taxonomy":"category","embeddable":true,"href":"https:\/\/iwell-guard.com\/is\/wp-json\/wp\/v2\/categories?post=169844"}],"curies":[{"name":"wp","href":"https:\/\/api.w.org\/{rel}","templated":true}]}}