{"id":169839,"date":"2026-09-05T14:12:10","date_gmt":"2026-09-05T14:12:10","guid":{"rendered":"https:\/\/iwell-guard.com\/?page_id=169839"},"modified":"2026-09-05T14:57:53","modified_gmt":"2026-09-05T14:57:53","slug":"verbena","status":"publish","type":"page","link":"https:\/\/iwell-guard.com\/is\/verbena\/","title":{"rendered":"Verbena"},"content":{"rendered":"\t\t<div data-elementor-type=\"wp-page\" data-elementor-id=\"169839\" class=\"elementor elementor-169839 elementor-20503 elementor-bc-flex-widget\" data-elementor-post-type=\"page\">\n\t\t\t\t<div class=\"elementor-element elementor-element-iwgs-wacholder-hero e-flex e-con-boxed e-con e-parent\" data-id=\"iwgs-wacholder-hero\" data-element_type=\"container\" data-e-type=\"container\">\n\t\t\t\t\t<div class=\"e-con-inner\">\n\t\t<div class=\"elementor-element elementor-element-iw-wacholder-hero-left e-con-full e-flex e-con e-child\" data-id=\"iw-wacholder-hero-left\" data-element_type=\"container\" data-e-type=\"container\">\n\t\t\t\t<div class=\"elementor-element elementor-element-iwgs-wacholder-h1 elementor-widget elementor-widget-heading\" data-id=\"iwgs-wacholder-h1\" data-element_type=\"widget\" data-e-type=\"widget\" data-widget_type=\"heading.default\">\n\t\t\t\t\t<h1 class=\"elementor-heading-title elementor-size-default\">Verbena \u2013 galdra- og verndargras sagnanna<\/h1>\t\t\t\t<\/div>\n\t\t<div class=\"elementor-element elementor-element-iw-wacholder-hero-bw e-con-full e-flex e-con e-child\" data-id=\"iw-wacholder-hero-bw\" data-element_type=\"container\" data-e-type=\"container\">\n\t\t\t\t<div class=\"elementor-element elementor-element-iwgs-wacholder-pills elementor-widget elementor-widget-html\" data-id=\"iwgs-wacholder-pills\" data-element_type=\"widget\" data-e-type=\"widget\" data-widget_type=\"html.default\">\n\t\t\t\t\t<div class=\"iwg-pill-row\"><span class=\"iwg-klasse-badge\" tabindex=\"0\" data-tooltip=\"Tegund verndargrips.\">Verndargras<\/span><a href=\"https:\/\/iwell-guard.com\/is\/?page_id=169838\" class=\"iwg-kultur-badge\" tabindex=\"0\" data-tooltip=\"Til yfirlits um verndargr\u00f6s.\">Verndargr\u00f6s<\/a><\/div>\t\t\t\t<\/div>\n\t\t\t\t<div class=\"elementor-element elementor-element-iwgs-wacholder-lead elementor-widget elementor-widget-text-editor\" data-id=\"iwgs-wacholder-lead\" data-element_type=\"widget\" data-e-type=\"widget\" data-widget_type=\"text-editor.default\">\n\t\t\t\t\t\t\t\t\t<p>Verbena (Verbena officinalis), \u00ed daglegu tali einnig k\u00f6llu\u00f0 verbenugras, \u00f3skagras e\u00f0a dru\u00eddagras, er me\u00f0al \u00feeirra jurta \u00ed Evr\u00f3pu sem hafa hva\u00f0 \u00fe\u00e9ttasta tengingu vi\u00f0 galdur og vernd. \u00deegar hj\u00e1 Keltum og Germ\u00f6num var jurtin, samkv\u00e6mt s\u00f6gnum, talin heilagt gras me\u00f0 s\u00e9rstakan kraft.<\/p><p>Latneska heiti\u00f0 Hierobotane, \u201ehi\u00f0 heilaga gras\u201c, v\u00edsar til \u00feess a\u00f0 jurtin var \u00ed h\u00e1vegum h\u00f6f\u00f0 allt fr\u00e1 forn\u00f6ld. \u00cd \u00fej\u00f3\u00f0tr\u00fa mi\u00f0alda var sagt a\u00f0 verbena ger\u00f0i \u00feann sem bar hana \u00f3s\u00e6ranlegan gagnvart h\u00f6ggvopnum, stunguvopnum og skotvopnum, hugmynd sem a\u00f0 \u00f6llum l\u00edkindum liggur til grundvallar \u00fe\u00fdska heitinu \u201eEisenkraut\u201c (j\u00e1rngras).<\/p>\n<p class=\"iwg-kwfix\">Verbena er \u00ed s\u00f6gnum talin s\u00edgilt galdra- og verndargras.<\/p>\t\t\t\t\t\t\t\t<\/div>\n\t\t\t\t<\/div>\n\t\t\t\t<\/div>\n\t\t<div class=\"elementor-element elementor-element-iw-wacholder-hero-img e-con-full e-flex e-con e-child\" data-id=\"iw-wacholder-hero-img\" data-element_type=\"container\" data-e-type=\"container\">\n\t\t\t\t<div class=\"elementor-element elementor-element-iwgs-wacholder-himg iwg-hero-image elementor-widget elementor-widget-image\" data-id=\"iwgs-wacholder-himg\" data-element_type=\"widget\" data-e-type=\"widget\" data-widget_type=\"image.default\">\n\t\t\t\t\t\t\t\t\t\t\t\t\t\t\t<img fetchpriority=\"high\" decoding=\"async\" width=\"683\" height=\"1024\" src=\"https:\/\/iwell-guard.com\/wp-content\/uploads\/2026\/05\/schutzsymbol_germanisch_wacholder-683x1024.png\" class=\"attachment-large size-large wp-image-170446\" alt=\"J\u00e1rnjurt (verbena) \u2013 verndar- og helgisi\u00f0ajurt, s\u00f6gulega myndskreytt\" srcset=\"https:\/\/iwell-guard.com\/wp-content\/uploads\/2026\/05\/schutzsymbol_germanisch_wacholder-683x1024.png 683w, https:\/\/iwell-guard.com\/wp-content\/uploads\/2026\/05\/schutzsymbol_germanisch_wacholder-200x300.png 200w, https:\/\/iwell-guard.com\/wp-content\/uploads\/2026\/05\/schutzsymbol_germanisch_wacholder-768x1152.png 768w, https:\/\/iwell-guard.com\/wp-content\/uploads\/2026\/05\/schutzsymbol_germanisch_wacholder.png 1024w\" sizes=\"(max-width: 683px) 100vw, 683px\" \/>\t\t\t\t\t\t\t\t\t\t\t\t\t\t\t<\/div>\n\t\t\t\t<\/div>\n\t\t\t\t\t<\/div>\n\t\t\t\t<\/div>\n\t\t<div class=\"elementor-element elementor-element-iwgs-wacholder-s0 e-flex e-con-boxed e-con e-parent\" data-id=\"iwgs-wacholder-s0\" data-element_type=\"container\" data-e-type=\"container\">\n\t\t\t\t\t<div class=\"e-con-inner\">\n\t\t\t\t<div class=\"elementor-element elementor-element-iwgs-wacholder-s0h elementor-widget elementor-widget-heading\" data-id=\"iwgs-wacholder-s0h\" data-element_type=\"widget\" data-e-type=\"widget\" data-widget_type=\"heading.default\">\n\t\t\t\t\t<h2 class=\"elementor-heading-title elementor-size-default\">Skj\u00f3tt yfirlit<\/h2>\t\t\t\t<\/div>\n\t\t<div class=\"elementor-element elementor-element-iw-wacholder-s0-bw e-con-full e-flex e-con e-child\" data-id=\"iw-wacholder-s0-bw\" data-element_type=\"container\" data-e-type=\"container\">\n\t\t\t\t<div class=\"elementor-element elementor-element-iwgs-wacholder-s0t elementor-widget elementor-widget-text-editor\" data-id=\"iwgs-wacholder-s0t\" data-element_type=\"widget\" data-e-type=\"widget\" data-widget_type=\"text-editor.default\">\n\t\t\t\t\t\t\t\t\t<p>Verbena (Verbena officinalis) er l\u00e1gvaxin, \u00f3\u00e1sj\u00e1leg jurt me\u00f0 sm\u00e1um fj\u00f3lubll\u00e1um bl\u00f3mum sem finnst um alla Evr\u00f3pu. \u00der\u00e1tt fyrir h\u00f3gv\u00e6rt yfirbrag\u00f0 telst h\u00fan me\u00f0al \u00feeirra jurta sem hafa hva\u00f0 r\u00edkasta galdra- og verndars\u00f6gu \u00ed evr\u00f3pskri hef\u00f0.<\/p><p>\u00cd \u00fe\u00fdskri \u00fej\u00f3\u00f0tr\u00fa gengur h\u00fan undir heitum eins og \u00f3skagras, undragras, d\u00fafnagras e\u00f0a dru\u00eddagras, sem v\u00edsa til \u00feess kraftar sem henni var eigna\u00f0ur. H\u00fan er s\u00f6g\u00f0 hafa veri\u00f0 notu\u00f0 sem hluti af <a href=\"https:\/\/iwell-guard.com\/is\/amulett\/\">verndargripum<\/a>, sem innihaldsefni \u00ed svonefndu verbenuvatni og sem reykelsisjurt.<\/p>\t\t\t\t\t\t\t\t<\/div>\n\t\t\t\t<\/div>\n\t\t\t\t\t<\/div>\n\t\t\t\t<\/div>\n\t\t<div class=\"elementor-element elementor-element-iwgs-wacholder-s1 e-flex e-con-boxed e-con e-parent\" data-id=\"iwgs-wacholder-s1\" data-element_type=\"container\" data-e-type=\"container\">\n\t\t\t\t\t<div class=\"e-con-inner\">\n\t\t\t\t<div class=\"elementor-element elementor-element-iwgs-wacholder-s1h elementor-widget elementor-widget-heading\" data-id=\"iwgs-wacholder-s1h\" data-element_type=\"widget\" data-e-type=\"widget\" data-widget_type=\"heading.default\">\n\t\t\t\t\t<h2 class=\"elementor-heading-title elementor-size-default\">Uppruni og munnm\u00e6li<\/h2>\t\t\t\t<\/div>\n\t\t<div class=\"elementor-element elementor-element-iw-wacholder-s1-bw e-con-full e-flex e-con e-child\" data-id=\"iw-wacholder-s1-bw\" data-element_type=\"container\" data-e-type=\"container\">\n\t\t\t\t<div class=\"elementor-element elementor-element-iwgs-wacholder-s1t elementor-widget elementor-widget-text-editor\" data-id=\"iwgs-wacholder-s1t\" data-element_type=\"widget\" data-e-type=\"widget\" data-widget_type=\"text-editor.default\">\n\t\t\t\t\t\t\t\t\t<p>Vir\u00f0ing fyrir verbenu n\u00e6r aftur til fornaldar. Grikkir og R\u00f3mverjar tengdu jurtinni s\u00e9rstaka helgi, h\u00fan var notu\u00f0 vi\u00f0 f\u00f3rnarathafnir og metin sem hreinsandi jurt. \u00cd keltneskri menningu er sagt a\u00f0 dru\u00eddar hafi safna\u00f0 henni \u00e1 \u00e1kve\u00f0num t\u00edmum og fylgt vi\u00f0 \u00fea\u00f0 str\u00f6ngum reglum.<\/p><p>Mi\u00f0aldakryddab\u00e6kur og galdrahandrit l\u00fdsa fl\u00f3knum s\u00f6fnunarath\u00f6fnum: r\u00f3tin skyldi umvafin hunangi, grafin upp me\u00f0 b\u00e6num og a\u00f0 s\u00f6gn ekki komast \u00ed snertingu vi\u00f0 j\u00e1rn, sem er \u00ed m\u00f3ts\u00f6gn vi\u00f0 \u00fe\u00fdska heiti\u00f0, en s\u00f6gurnar leysa \u00fe\u00e1 \u00fevers\u00f6gn ekki. Fornt v\u00edsuor\u00f0 r\u00e1\u00f0leggur jafnvel eindregi\u00f0 a\u00f0 grafa me\u00f0 gulli \u00ed sta\u00f0 j\u00e1rns.<\/p><p>\u00cd \u00fe\u00fdskum\u00e6landi \u00fej\u00f3\u00f0tr\u00fa var verbena hengd \u00ed litlum pokum um h\u00e1ls barna til a\u00f0 verja \u00feau gegn \u00e1kasti og g\u00f6ldrum, venja sem er sta\u00f0fest \u00ed st\u00f6ku heimildum fram \u00e1 s\u00ed\u00f0ari t\u00edma.<\/p>\t\t\t\t\t\t\t\t<\/div>\n\t\t\t\t<\/div>\n\t\t\t\t\t<\/div>\n\t\t\t\t<\/div>\n\t\t<div class=\"elementor-element elementor-element-iwgs-wacholder-s2 e-flex e-con-boxed e-con e-parent\" data-id=\"iwgs-wacholder-s2\" data-element_type=\"container\" data-e-type=\"container\">\n\t\t\t\t\t<div class=\"e-con-inner\">\n\t\t\t\t<div class=\"elementor-element elementor-element-iwgs-wacholder-s2h elementor-widget elementor-widget-heading\" data-id=\"iwgs-wacholder-s2h\" data-element_type=\"widget\" data-e-type=\"widget\" data-widget_type=\"heading.default\">\n\t\t\t\t\t<h2 class=\"elementor-heading-title elementor-size-default\">Virknihugmynd samkv\u00e6mt munnm\u00e6lum<\/h2>\t\t\t\t<\/div>\n\t\t<div class=\"elementor-element elementor-element-iw-wacholder-s2-bw e-con-full e-flex e-con e-child\" data-id=\"iw-wacholder-s2-bw\" data-element_type=\"container\" data-e-type=\"container\">\n\t\t\t\t<div class=\"elementor-element elementor-element-iwgs-wacholder-s2t elementor-widget elementor-widget-text-editor\" data-id=\"iwgs-wacholder-s2t\" data-element_type=\"widget\" data-e-type=\"widget\" data-widget_type=\"text-editor.default\">\n\t\t\t\t\t\t\t\t\t<p>Verbenu er \u00ed s\u00f6gnum eignu\u00f0 tv\u00ed\u00fe\u00e6tt verkun: annars vegar \u00e1tti h\u00fan a\u00f0 gera l\u00edkamlega \u00f3s\u00e6ranlegan, \u00fea\u00f0 er verja gegn vopnum og \u00e1verkum, hins vegar a\u00f0 verja gegn \u00f3s\u00fdnilegum \u00e1r\u00e1sum eins og g\u00f6ldrum og illu auga. \u00deessi tv\u00f6falda hlutverk, v\u00f6rn gegn s\u00fdnilegri og \u00f3s\u00fdnilegri h\u00e6ttu, er \u00f3venju \u00e1berandi me\u00f0al verndargrasa.<\/p><p>Sem grundv\u00f6llur \u00feessa kraftar var talin s\u00e9rst\u00f6k hreinleiki jurtarinnar, sem endurspeglast \u00ed heitinu Hierobotane. Svonefnt verbenuvatn, unni\u00f0 \u00far bl\u00f6\u00f0unum, var nota\u00f0 til a\u00f0 v\u00f6kva h\u00fasakynni og hluti, \u00ed \u00feeirri tr\u00fa a\u00f0 kraftur bundinn \u00ed grasinu b\u00e6rist yfir \u00e1 \u00fea\u00f0 sem v\u00f6kva\u00f0 var.<\/p>\t\t\t\t\t\t\t\t<\/div>\n\t\t\t\t<\/div>\n\t\t\t\t\t<\/div>\n\t\t\t\t<\/div>\n\t\t<div class=\"elementor-element elementor-element-iwgs-wacholder-s3 e-flex e-con-boxed e-con e-parent\" data-id=\"iwgs-wacholder-s3\" data-element_type=\"container\" data-e-type=\"container\">\n\t\t\t\t\t<div class=\"e-con-inner\">\n\t\t\t\t<div class=\"elementor-element elementor-element-iwgs-wacholder-s3h elementor-widget elementor-widget-heading\" data-id=\"iwgs-wacholder-s3h\" data-element_type=\"widget\" data-e-type=\"widget\" data-widget_type=\"heading.default\">\n\t\t\t\t\t<h2 class=\"elementor-heading-title elementor-size-default\">\u00datbrei\u00f0sla yfir menningarheima<\/h2>\t\t\t\t<\/div>\n\t\t<div class=\"elementor-element elementor-element-iw-wacholder-s3-bw e-con-full e-flex e-con e-child\" data-id=\"iw-wacholder-s3-bw\" data-element_type=\"container\" data-e-type=\"container\">\n\t\t\t\t<div class=\"elementor-element elementor-element-iwgs-wacholder-s3t elementor-widget elementor-widget-text-editor\" data-id=\"iwgs-wacholder-s3t\" data-element_type=\"widget\" data-e-type=\"widget\" data-widget_type=\"text-editor.default\">\n\t\t\t\t\t\t\t\t\t<p>Verbena er ein af f\u00e1um verndarjurtum \u00fear sem sagnahef\u00f0in m\u00e1 rekja n\u00e6r samfellt fr\u00e1 forn\u00f6ld til n\u00fat\u00edmans. Hj\u00e1 R\u00f3mverjum var h\u00fan talin heil\u00f6g jurt J\u00fap\u00edters og var send me\u00f0 sendiherrum, \u00ed von um vernd \u00e1 fer\u00f0al\u00f6gum og \u00ed samningavi\u00f0r\u00e6\u00f0um.<\/p><p>\u00cd keltneskum heimshluta, s\u00e9rstaklega \u00ed Gall\u00edu og \u00e1 Bretlandseyjum, er tengingin vi\u00f0 dru\u00edda r\u00f3tgr\u00f3in \u00ed \u00fej\u00f3\u00f0fr\u00e6\u00f0ilegum ritum, jafnvel \u00fe\u00f3tt n\u00e1kv\u00e6mar s\u00f6gulegar athafnir s\u00e9u a\u00f0eins brotakennt var\u00f0veittar. \u00cd Englandi hinna fornu Englendinga var verbena \u00e1k\u00f6llu\u00f0 \u00e1samt \u00f6\u00f0rum heil\u00f6gum jurtum \u00ed kunnri galdra\u00feulu, \u201eNine Herbs Charm\u201c, gegn sj\u00fakd\u00f3mum og eitrun.<\/p><p>\u00deessi v\u00ed\u00f0t\u00e6ka sagnahef\u00f0, sem m\u00e1 rekja um aldir og menningarsv\u00e6\u00f0i, gerir verbenu a\u00f0 einni af meginjurtum evr\u00f3pskrar grasaverndarhef\u00f0ar.<\/p>\t\t\t\t\t\t\t\t<\/div>\n\t\t\t\t<\/div>\n\t\t\t\t\t<\/div>\n\t\t\t\t<\/div>\n\t\t<div class=\"elementor-element elementor-element-iwgs-wacholder-s4 e-flex e-con-boxed e-con e-parent\" data-id=\"iwgs-wacholder-s4\" data-element_type=\"container\" data-e-type=\"container\">\n\t\t\t\t\t<div class=\"e-con-inner\">\n\t\t\t\t<div class=\"elementor-element elementor-element-iwgs-wacholder-s4h elementor-widget elementor-widget-heading\" data-id=\"iwgs-wacholder-s4h\" data-element_type=\"widget\" data-e-type=\"widget\" data-widget_type=\"heading.default\">\n\t\t\t\t\t<h2 class=\"elementor-heading-title elementor-size-default\">Gegn hverju hann er nota\u00f0ur<\/h2>\t\t\t\t<\/div>\n\t\t<div class=\"elementor-element elementor-element-iw-wacholder-s4-bw e-con-full e-flex e-con e-child\" data-id=\"iw-wacholder-s4-bw\" data-element_type=\"container\" data-e-type=\"container\">\n\t\t\t\t<div class=\"elementor-element elementor-element-iwgs-wacholder-s4t elementor-widget elementor-widget-text-editor\" data-id=\"iwgs-wacholder-s4t\" data-element_type=\"widget\" data-e-type=\"widget\" data-widget_type=\"text-editor.default\">\n\t\t\t\t\t\t\t\t\t<p>Sagnahef\u00f0in beitir verbenu fyrst og fremst gegn g\u00f6ldrum og illum kynngikrafti. Auk \u00feess finnst s\u00fa tr\u00fa a\u00f0 h\u00fan verji gegn vopnavaldi, gegn \u00e1kasti \u00e1 b\u00f6rn og b\u00faf\u00e9na\u00f0 og almennt gegn illu auga.<\/p><p>\u00cd sumum sv\u00e6\u00f0um var verbena einnig sett \u00ed f\u00f3rir fer\u00f0amanna og hesta \u00feeirra til a\u00f0 verja \u00feau \u00e1 fer\u00f0 gegn slysum og fjandsamlegum samfundum. <a href=\"https:\/\/iwell-guard.com\/is\/verndarleidarvisir\/\">Verndarlei\u00f0arv\u00edsirinn<\/a> tengir \u00feessar h\u00e6ttumyndir vi\u00f0 \u00fe\u00e6r jurtir sem \u00fe\u00e6r eru sta\u00f0festar vi\u00f0 \u00ed heimildum.<\/p>\t\t\t\t\t\t\t\t<\/div>\n\t\t\t\t<\/div>\n\t\t\t\t\t<\/div>\n\t\t\t\t<\/div>\n\t\t<div class=\"elementor-element elementor-element-iwgs-wacholder-s5 e-flex e-con-boxed e-con e-parent\" data-id=\"iwgs-wacholder-s5\" data-element_type=\"container\" data-e-type=\"container\">\n\t\t\t\t\t<div class=\"e-con-inner\">\n\t\t\t\t<div class=\"elementor-element elementor-element-iwgs-wacholder-s5h elementor-widget elementor-widget-heading\" data-id=\"iwgs-wacholder-s5h\" data-element_type=\"widget\" data-e-type=\"widget\" data-widget_type=\"heading.default\">\n\t\t\t\t\t<h2 class=\"elementor-heading-title elementor-size-default\">Notkun og takmarkanir<\/h2>\t\t\t\t<\/div>\n\t\t<div class=\"elementor-element elementor-element-iw-wacholder-s5-bw e-con-full e-flex e-con e-child\" data-id=\"iw-wacholder-s5-bw\" data-element_type=\"container\" data-e-type=\"container\">\n\t\t\t\t<div class=\"elementor-element elementor-element-iwgs-wacholder-s5t elementor-widget elementor-widget-text-editor\" data-id=\"iwgs-wacholder-s5t\" data-element_type=\"widget\" data-e-type=\"widget\" data-widget_type=\"text-editor.default\">\n\t\t\t\t\t\t\t\t\t<p>Samkv\u00e6mt hef\u00f0bundinni framkv\u00e6md var \u00feurrku\u00f0 verbena borin \u00e1 l\u00edkamanum \u00ed litlum pokum e\u00f0a notu\u00f0 sem innihald verndargrips. Notkun hennar sem <a href=\"https:\/\/iwell-guard.com\/is\/reykhreinsun\/\">reykelsis<\/a> er einnig sta\u00f0fest, \u00fear sem \u00feurrka\u00f0a jurtin var l\u00e1tin gl\u00f3a til a\u00f0 hreinsa h\u00fasakynni af ska\u00f0legum \u00e1hrifum.<\/p><p>\u00c1\u00f0urnefnt verbenuvatn var nota\u00f0 til a\u00f0 v\u00f6kva \u00fer\u00f6skulda og hluti, \u00ed \u00e6tt vi\u00f0 svipa\u00f0ar athafnir me\u00f0 <a href=\"https:\/\/iwell-guard.com\/is\/salt-sem-verndargripur\/\">salt<\/a> og v\u00edgt vatn.<\/p><p>\u00c1kve\u00f0in takm\u00f6rkun \u00ed sagnahef\u00f0inni birtist \u00ed \u00f3samr\u00e6mi milli s\u00f6fnunarreglna: eftir \u00fev\u00ed hva\u00f0a heimild var stu\u00f0st vi\u00f0 skyldi jurtin grafin upp me\u00f0 berri hendi, me\u00f0 gulli e\u00f0a undir tilteknum stj\u00f6rnumerkjum, sem bendir til \u00f3samst\u00e6\u00f0rar, mj\u00f6g sv\u00e6\u00f0isbundinnar \u00feekkingar.<\/p>\t\t\t\t\t\t\t\t<\/div>\n\t\t\t\t<\/div>\n\t\t\t\t\t<\/div>\n\t\t\t\t<\/div>\n\t\t<div class=\"elementor-element elementor-element-iwgs-wacholder-lit e-flex e-con-boxed e-con e-parent\" data-id=\"iwgs-wacholder-lit\" data-element_type=\"container\" data-e-type=\"container\">\n\t\t\t\t\t<div class=\"e-con-inner\">\n\t\t\t\t<div class=\"elementor-element elementor-element-iwgs-wacholder-lith elementor-widget elementor-widget-heading\" data-id=\"iwgs-wacholder-lith\" data-element_type=\"widget\" data-e-type=\"widget\" data-widget_type=\"heading.default\">\n\t\t\t\t\t<h2 class=\"elementor-heading-title elementor-size-default\">Heimildir (\u00farval)<\/h2>\t\t\t\t<\/div>\n\t\t<div class=\"elementor-element elementor-element-iw-wacholder-lit-bw e-con-full e-flex e-con e-child\" data-id=\"iw-wacholder-lit-bw\" data-element_type=\"container\" data-e-type=\"container\">\n\t\t\t\t<div class=\"elementor-element elementor-element-iwgs-wacholder-litt elementor-widget elementor-widget-html\" data-id=\"iwgs-wacholder-litt\" data-element_type=\"widget\" data-e-type=\"widget\" data-widget_type=\"html.default\">\n\t\t\t\t\t<footer data-nosnippet=\"true\"><ul><li>Handw\u00f6rterbuch des deutschen Aberglaubens. Hrsg. von Hanns B\u00e4chtold-St\u00e4ubli. Berlin: de Gruyter, 1927-1942.<\/li><li>Heinrich Marzell (unter Mitwirkung von Wilhelm Wissmann): W\u00f6rterbuch der deutschen Pflanzennamen. Leipzig\/Stuttgart: Hirzel, 1943-1979.<\/li><li>Jacob Grimm: Deutsche Mythologie. G\u00f6ttingen: Dieterichsche Buchhandlung, 1835.<\/li><li>Edwin und Mona A. Radford: Encyclopaedia of Superstitions. London: Hutchinson, 1961.<\/li><li>Adolf Spamer: Romanusb\u00fcchlein. Berlin: Akademie-Verlag, 1958.<\/li><\/ul><\/footer>\t\t\t\t<\/div>\n\t\t\t\t<\/div>\n\t\t\t\t\t<\/div>\n\t\t\t\t<\/div>\n\t\t<div class=\"elementor-element elementor-element-iwgs-wacholder-kwd e-flex e-con-boxed e-con e-parent\" data-id=\"iwgs-wacholder-kwd\" data-element_type=\"container\" data-e-type=\"container\">\n\t\t\t\t\t<div class=\"e-con-inner\">\n\t\t<div class=\"elementor-element elementor-element-iw-wacholder-kwd-bw e-con-full e-flex e-con e-child\" data-id=\"iw-wacholder-kwd-bw\" data-element_type=\"container\" data-e-type=\"container\">\n\t\t\t\t<div class=\"elementor-element elementor-element-iwgs-wacholder-kwdt elementor-widget elementor-widget-text-editor\" data-id=\"iwgs-wacholder-kwdt\" data-element_type=\"widget\" data-e-type=\"widget\" data-widget_type=\"text-editor.default\">\n\t\t\t\t\t\t\t\t\t<p><em>Tengd leitaror\u00f0: verbena \u00f3skagras dru\u00eddagras.<\/em><\/p>\t\t\t\t\t\t\t\t<\/div>\n\t\t\t\t<\/div>\n\t\t\t\t\t<\/div>\n\t\t\t\t<\/div>\n\t\t<div class=\"elementor-element elementor-element-iwgs-wacholder-cc e-flex e-con-boxed e-con e-parent\" data-id=\"iwgs-wacholder-cc\" data-element_type=\"container\" data-e-type=\"container\" id=\"iwg-cc-wacholder\">\n\t\t\t\t\t<div class=\"e-con-inner\">\n\t\t<div class=\"elementor-element elementor-element-iwgs-wacholder-ccinner e-flex e-con-boxed e-con e-parent\" data-id=\"iwgs-wacholder-ccinner\" data-element_type=\"container\" data-e-type=\"container\" data-settings=\"{&quot;background_background&quot;:&quot;classic&quot;}\">\n\t\t\t\t\t<div class=\"e-con-inner\">\n\t\t\t\t<div class=\"elementor-element elementor-element-iwgs-wacholder-cch elementor-widget elementor-widget-heading\" data-id=\"iwgs-wacholder-cch\" data-element_type=\"widget\" data-e-type=\"widget\" data-widget_type=\"heading.default\">\n\t\t\t\t\t<h2 class=\"elementor-heading-title elementor-size-default\">iWell Guard og verndarhef\u00f0ir<\/h2>\t\t\t\t<\/div>\n\t\t\t\t<div class=\"elementor-element elementor-element-iwgs-wacholder-cct elementor-widget elementor-widget-text-editor\" data-id=\"iwgs-wacholder-cct\" data-element_type=\"widget\" data-e-type=\"widget\" data-widget_type=\"text-editor.default\">\n\t\t\t\t\t\t\t\t\t<p>Hugmyndin um a\u00f0 jurt g\u00e6ti gert mann \u00f3s\u00e6ranlegan og vernda\u00f0an gegn \u00f3s\u00fdnilegum \u00e1r\u00e1sum \u00ed senn s\u00fdnir hversu n\u00e1l\u00e6gt l\u00edkamleg og andleg vernd voru hugsu\u00f0 saman \u00ed \u00fej\u00f3\u00f0tr\u00fa. \u00deessa hugmynd um vi\u00f0varandi, me\u00f0fer\u00f0an verndarkraft tekur <a href=\"https:\/\/iwell-guard.com\/is\/verndargripur-iwell-guard-kaupa\/\">iWell Guard<\/a> upp.<\/p><p>\u00dea\u00f0 sem verbenupokinn um h\u00e1ls barnsins \u00e1tti a\u00f0 gera, veita st\u00f6\u00f0ugan f\u00f6runaut gegn \u00f3s\u00fdnilegri h\u00e6ttu, flytur hengi\u00f0 yfir \u00ed n\u00fat\u00edmalegt form, \u00e1n \u00feess a\u00f0 gera kr\u00f6fu um hina fyrrum eignu\u00f0u t\u00f6fraverkun.<\/p>\t\t\t\t\t\t\t\t<\/div>\n\t\t\t\t<div class=\"elementor-element elementor-element-iwgs-wacholder-ccb iwg-cc-button iwg-cc-cta-2026-05-13 elementor-widget elementor-widget-jet-button\" data-id=\"iwgs-wacholder-ccb\" data-element_type=\"widget\" data-e-type=\"widget\" data-widget_type=\"jet-button.default\">\n\t\t\t\t<div class=\"elementor-widget-container\">\n\t\t\t\t\t<div class=\"elementor-jet-button jet-elements\"><div class=\"jet-button__container\"><a class=\"jet-button__instance jet-button__instance--icon-left hover-effect-1\" href=\"\/schutzanhaenger-iwell-guard-kaufen\/?utm_source=iwell-guard.com&amp;utm_medium=info-box&amp;utm_campaign=schutzsymbole\"><div class=\"jet-button__plane jet-button__plane-normal\"><\/div><div class=\"jet-button__plane jet-button__plane-hover\"><\/div><div class=\"jet-button__state jet-button__state-normal\"><span class=\"jet-button__label\">Meira um iWell Guard<\/span><\/div><div class=\"jet-button__state jet-button__state-hover\"><span class=\"jet-button__label\">Meira um iWell Guard<\/span><\/div><\/a><\/div><\/div><style>.elementor-element.elementor-element-iwgs-wacholder-ccb .jet-button__instance{width:320px;height:56px;}.elementor-element.elementor-element-iwgs-wacholder-ccb .jet-button__state-normal .jet-button__label{text-align:center;margin:0px 0px 0px 0px;color:#1a1b20;font-family:Montserrat,sans-serif;font-size:13px;font-weight:400;letter-spacing:4px;line-height:1.714em;text-transform:uppercase;}.elementor-element.elementor-element-iwgs-wacholder-ccb .jet-button__state-hover .jet-button__label{text-align:center;margin:0px 0px 0px 0px;color:#FECC76;font-family:Montserrat,sans-serif;font-size:13px;font-weight:400;letter-spacing:4px;line-height:1.714em;text-transform:uppercase;}.elementor-element.elementor-element-iwgs-wacholder-ccb .jet-button__plane-normal{background-color:#FECC76;border-style:solid;border-color:#C99540;border-width:2px 2px 2px 2px;}.elementor-element.elementor-element-iwgs-wacholder-ccb .jet-button__plane-hover{background-color:rgba(0,0,0,0.55);border-style:solid;border-color:#FECC76;border-width:2px 2px 2px 2px;}<\/style>\t\t\t\t<\/div>\n\t\t\t\t<\/div>\n\t\t\t\t<div class=\"elementor-element elementor-element-iwgs-wacholder-ccd elementor-widget elementor-widget-text-editor\" data-id=\"iwgs-wacholder-ccd\" data-element_type=\"widget\" data-e-type=\"widget\" data-widget_type=\"text-editor.default\">\n\t\t\t\t\t\t\t\t\t<p style=\"text-align:center;font-size:13px;opacity:0.7;margin-top:14px\" data-nosnippet=\"true\">Pers\u00f3nuleg reynsla getur veri\u00f0 mismunandi. Ekki l\u00e6kningat\u00e6ki. Engin lofor\u00f0 um l\u00e6kningu.<\/p>\t\t\t\t\t\t\t\t<\/div>\n\t\t\t\t\t<\/div>\n\t\t\t\t<\/div>\n\t\t\t\t\t<\/div>\n\t\t\t\t<\/div>\n\t\t<div class=\"elementor-element elementor-element-iwgs-wacholder-disc e-flex e-con-boxed e-con e-parent\" data-id=\"iwgs-wacholder-disc\" data-element_type=\"container\" data-e-type=\"container\">\n\t\t\t\t\t<div class=\"e-con-inner\">\n\t\t<div class=\"elementor-element elementor-element-iw-wacholder-disc-bw e-con-full e-flex e-con e-child\" data-id=\"iw-wacholder-disc-bw\" data-element_type=\"container\" data-e-type=\"container\">\n\t\t\t\t<div class=\"elementor-element elementor-element-iwgs-wacholder-discw elementor-widget elementor-widget-html\" data-id=\"iwgs-wacholder-discw\" data-element_type=\"widget\" data-e-type=\"widget\" data-widget_type=\"html.default\">\n\t\t\t\t\t<footer data-nosnippet=\"true\" class=\"iwg-disclaimer-block\"><p data-nosnippet=\"true\">iWell Guard er <strong>ekki l\u00e6kningat\u00e6ki<\/strong> og kemur ekki \u00ed sta\u00f0 l\u00e6knis- e\u00f0a s\u00e1lfr\u00e6\u00f0ime\u00f0fer\u00f0ar. Innihaldi\u00f0 sem h\u00e9r er sett fram er tr\u00faarbrag\u00f0afr\u00e6\u00f0ileg og menningars\u00f6gulega greining, ekki lofor\u00f0 um andlega virkni.<\/p><\/footer>\t\t\t\t<\/div>\n\t\t\t\t<\/div>\n\t\t\t\t\t<\/div>\n\t\t\t\t<\/div>\n\t\t\t\t<\/div>\n\t\t","protected":false},"excerpt":{"rendered":"","protected":false},"author":3,"featured_media":20532,"parent":0,"menu_order":0,"comment_status":"closed","ping_status":"closed","template":"elementor_header_footer","meta":{"_yoast_wpseo_focuskw":"verbena verndargras","_yoast_wpseo_title":"Verbena: galdra- og verndargras \u00ed \u00fej\u00f3\u00f0tr\u00fa","_yoast_wpseo_metadesc":"Verbena sem galdra- og verndargras: dru\u00eddar, verbenuvatn og sagnir um undragrasi\u00f0 \u00ed \u00fej\u00f3\u00f0tr\u00fa.","_yoast_wpseo_meta-robots-noindex":"","_yoast_wpseo_canonical":"","_angie_page":false,"gefaehrdungsstufe":"","wesen_kultur":"","wesen_klasse":"","footnotes":""},"categories":[],"class_list":["post-169839","page","type-page","status-publish","has-post-thumbnail","hentry"],"yoast_head":"<!-- This site is optimized with the Yoast SEO Premium plugin v27.7 (Yoast SEO v28.3) - https:\/\/yoast.com\/product\/yoast-seo-premium-wordpress\/ -->\n<title>Verbena: galdra- og verndargras \u00ed \u00fej\u00f3\u00f0tr\u00fa<\/title>\n<meta name=\"description\" content=\"Verbena sem galdra- og verndargras: dru\u00eddar, verbenuvatn og sagnir um undragrasi\u00f0 \u00ed \u00fej\u00f3\u00f0tr\u00fa.\" \/>\n<meta name=\"robots\" content=\"index, follow, max-snippet:-1, max-image-preview:large, max-video-preview:-1\" \/>\n<link rel=\"canonical\" href=\"https:\/\/iwell-guard.com\/is\/verbena\/\" \/>\n<meta property=\"og:locale\" content=\"is_IS\" \/>\n<meta property=\"og:type\" content=\"article\" \/>\n<meta property=\"og:title\" content=\"Verbena\" \/>\n<meta property=\"og:description\" content=\"Verbena sem galdra- og verndargras: dru\u00eddar, verbenuvatn og sagnir um undragrasi\u00f0 \u00ed \u00fej\u00f3\u00f0tr\u00fa.\" \/>\n<meta property=\"og:url\" content=\"https:\/\/iwell-guard.com\/is\/verbena\/\" \/>\n<meta property=\"og:site_name\" content=\"iWell Guard\" \/>\n<meta property=\"article:modified_time\" content=\"2026-09-05T14:57:53+00:00\" \/>\n<meta property=\"og:image\" content=\"https:\/\/iwell-guard.com\/wp-content\/uploads\/2026\/07\/schutzsymbol_universell_eisenkraut.webp\" \/>\n\t<meta property=\"og:image:width\" content=\"1024\" \/>\n\t<meta property=\"og:image:height\" content=\"1536\" \/>\n\t<meta property=\"og:image:type\" content=\"image\/webp\" \/>\n<meta name=\"twitter:card\" content=\"summary_large_image\" \/>\n<script type=\"application\/ld+json\" class=\"yoast-schema-graph\">{\"@context\":\"https:\\\/\\\/schema.org\",\"@graph\":[{\"@type\":\"WebPage\",\"@id\":\"https:\\\/\\\/iwell-guard.com\\\/is\\\/verbena\\\/\",\"url\":\"https:\\\/\\\/iwell-guard.com\\\/is\\\/verbena\\\/\",\"name\":\"Verbena: galdra- og verndargras \u00ed \u00fej\u00f3\u00f0tr\u00fa\",\"isPartOf\":{\"@id\":\"https:\\\/\\\/iwell-guard.com\\\/is\\\/#website\"},\"primaryImageOfPage\":{\"@id\":\"https:\\\/\\\/iwell-guard.com\\\/is\\\/verbena\\\/#primaryimage\"},\"image\":{\"@id\":\"https:\\\/\\\/iwell-guard.com\\\/is\\\/verbena\\\/#primaryimage\"},\"thumbnailUrl\":\"https:\\\/\\\/iwell-guard.com\\\/wp-content\\\/uploads\\\/2026\\\/07\\\/schutzsymbol_universell_eisenkraut.webp\",\"datePublished\":\"2026-09-05T14:12:10+00:00\",\"dateModified\":\"2026-09-05T14:57:53+00:00\",\"description\":\"Verbena sem galdra- og verndargras: dru\u00eddar, verbenuvatn og sagnir um undragrasi\u00f0 \u00ed \u00fej\u00f3\u00f0tr\u00fa.\",\"breadcrumb\":{\"@id\":\"https:\\\/\\\/iwell-guard.com\\\/is\\\/verbena\\\/#breadcrumb\"},\"inLanguage\":\"is\",\"potentialAction\":[{\"@type\":\"ReadAction\",\"target\":[\"https:\\\/\\\/iwell-guard.com\\\/is\\\/verbena\\\/\"]}]},{\"@type\":\"ImageObject\",\"inLanguage\":\"is\",\"@id\":\"https:\\\/\\\/iwell-guard.com\\\/is\\\/verbena\\\/#primaryimage\",\"url\":\"https:\\\/\\\/iwell-guard.com\\\/wp-content\\\/uploads\\\/2026\\\/07\\\/schutzsymbol_universell_eisenkraut.webp\",\"contentUrl\":\"https:\\\/\\\/iwell-guard.com\\\/wp-content\\\/uploads\\\/2026\\\/07\\\/schutzsymbol_universell_eisenkraut.webp\",\"width\":1024,\"height\":1536,\"caption\":\"\u00deurrka\u00f0ur j\u00e1rnjurt me\u00f0 f\u00ednger\u00f0um bl\u00f3mskipunum \u00e1 d\u00f6kkum steinbakgrunni\"},{\"@type\":\"BreadcrumbList\",\"@id\":\"https:\\\/\\\/iwell-guard.com\\\/is\\\/verbena\\\/#breadcrumb\",\"itemListElement\":[{\"@type\":\"ListItem\",\"position\":1,\"name\":\"Start\",\"item\":\"https:\\\/\\\/iwell-guard.com\\\/is\\\/?page_id=168580\"},{\"@type\":\"ListItem\",\"position\":2,\"name\":\"Verbena\"}]},{\"@type\":\"WebSite\",\"@id\":\"https:\\\/\\\/iwell-guard.com\\\/is\\\/#website\",\"url\":\"https:\\\/\\\/iwell-guard.com\\\/is\\\/\",\"name\":\"iWell Guard\",\"description\":\"Schutz vor dunklen Einfl\u00fcssen\",\"publisher\":{\"@id\":\"https:\\\/\\\/iwell-guard.com\\\/is\\\/#organization\"},\"potentialAction\":[{\"@type\":\"SearchAction\",\"target\":{\"@type\":\"EntryPoint\",\"urlTemplate\":\"https:\\\/\\\/iwell-guard.com\\\/is\\\/?s={search_term_string}\"},\"query-input\":{\"@type\":\"PropertyValueSpecification\",\"valueRequired\":true,\"valueName\":\"search_term_string\"}}],\"inLanguage\":\"is\"},{\"@type\":\"Organization\",\"@id\":\"https:\\\/\\\/iwell-guard.com\\\/is\\\/#organization\",\"name\":\"Ittermann electronic GmbH\",\"url\":\"https:\\\/\\\/iwell-guard.com\\\/is\\\/\",\"logo\":{\"@type\":\"ImageObject\",\"inLanguage\":\"is\",\"@id\":\"https:\\\/\\\/iwell-guard.com\\\/is\\\/#\\\/schema\\\/logo\\\/image\\\/\",\"url\":\"https:\\\/\\\/iwell-guard.com\\\/wp-content\\\/uploads\\\/2026\\\/05\\\/Ittermann-Logo-1182x237-1.png\",\"contentUrl\":\"https:\\\/\\\/iwell-guard.com\\\/wp-content\\\/uploads\\\/2026\\\/05\\\/Ittermann-Logo-1182x237-1.png\",\"width\":1182,\"height\":237,\"caption\":\"Ittermann electronic GmbH\"},\"image\":{\"@id\":\"https:\\\/\\\/iwell-guard.com\\\/is\\\/#\\\/schema\\\/logo\\\/image\\\/\"},\"sameAs\":[\"https:\\\/\\\/pantip.com\\\/profile\\\/9367242\",\"https:\\\/\\\/micro.blog\\\/iwellguard\",\"https:\\\/\\\/www.diggerslist.com\\\/iwellguard\\\/about\",\"https:\\\/\\\/skitterphoto.com\\\/photographers\\\/2870314\\\/iwell-guard\",\"https:\\\/\\\/iwellguard.wordpress.com\\\/2026\\\/06\\\/06\\\/iwell-guard\\\/\",\"https:\\\/\\\/hub.docker.com\\\/u\\\/iwellguard\",\"https:\\\/\\\/www.pinterest.com\\\/iwellguard\\\/\",\"https:\\\/\\\/bit.ly\\\/m\\\/iwellguard\",\"https:\\\/\\\/entre-vos-mains.alsace.eu\\\/profiles\\\/iwellguard\\\/activity\",\"https:\\\/\\\/gravatar.com\\\/reallybeded8fd34\",\"https:\\\/\\\/naijamatta.com\\\/iwellguard\",\"https:\\\/\\\/www.goodreads.com\\\/iwellguard\",\"https:\\\/\\\/profile.hatena.ne.jp\\\/iwellguard\\\/\",\"https:\\\/\\\/experiment.com\\\/users\\\/iwellguard\",\"https:\\\/\\\/wakelet.com\\\/@iWellGuard82270\",\"https:\\\/\\\/www.chordie.com\\\/forum\\\/profile.php?id=2555664\",\"https:\\\/\\\/www.instapaper.com\\\/p\\\/17757966\",\"https:\\\/\\\/www.mapleprimes.com\\\/users\\\/iwellguard\",\"https:\\\/\\\/businesslistingplus.com\\\/profile\\\/iwell-guard\\\/\",\"https:\\\/\\\/telegra.ph\\\/iWell-Guard-06-06\",\"https:\\\/\\\/pbase.com\\\/iwellguard\\\/iwellguard\",\"https:\\\/\\\/b.hatena.ne.jp\\\/iwellguard\\\/20260607#bookmark-4788405196491818882\",\"https:\\\/\\\/fliphtml5.com\\\/home\\\/iwellguard\",\"https:\\\/\\\/anyflip.com\\\/homepage\\\/cmiwl#About\",\"https:\\\/\\\/transfur.com\\\/Users\\\/iwellguard\",\"http:\\\/\\\/delphi.larsbo.org\\\/user\\\/iwellguard\",\"https:\\\/\\\/jobs.lajobsportal.org\\\/profiles\\\/8380803-iwell-guard\",\"https:\\\/\\\/md.chaosdorf.de\\\/s\\\/jfbe5SBdJD\",\"https:\\\/\\\/www.lingvolive.com\\\/en-us\\\/profile\\\/9ecaeaca-ce11-4e51-9e71-01d55e2bff36\\\/translations\",\"https:\\\/\\\/www.fitday.com\\\/fitness\\\/forums\\\/members\\\/iwellguard.html\",\"https:\\\/\\\/www.mymeetbook.com\\\/iwellguard\",\"https:\\\/\\\/pxhere.com\\\/en\\\/photographer-me\\\/5040798\",\"https:\\\/\\\/disqus.com\\\/by\\\/iwellguard\\\/about\\\/\",\"https:\\\/\\\/pastelink.net\\\/hjwciqwq\",\"https:\\\/\\\/pubhtml5.com\\\/homepage\\\/scjhn\\\/\",\"https:\\\/\\\/www.bitchute.com\\\/channel\\\/2O2eOKzNqujT\",\"https:\\\/\\\/audiomack.com\\\/iwellguard\"]}]}<\/script>\n<!-- \/ Yoast SEO Premium plugin. -->","yoast_head_json":{"title":"Verbena: galdra- og verndargras \u00ed \u00fej\u00f3\u00f0tr\u00fa","description":"Verbena sem galdra- og verndargras: dru\u00eddar, verbenuvatn og sagnir um undragrasi\u00f0 \u00ed \u00fej\u00f3\u00f0tr\u00fa.","robots":{"index":"index","follow":"follow","max-snippet":"max-snippet:-1","max-image-preview":"max-image-preview:large","max-video-preview":"max-video-preview:-1"},"canonical":"https:\/\/iwell-guard.com\/is\/verbena\/","og_locale":"is_IS","og_type":"article","og_title":"Verbena","og_description":"Verbena sem galdra- og verndargras: dru\u00eddar, verbenuvatn og sagnir um undragrasi\u00f0 \u00ed \u00fej\u00f3\u00f0tr\u00fa.","og_url":"https:\/\/iwell-guard.com\/is\/verbena\/","og_site_name":"iWell Guard","article_modified_time":"2026-09-05T14:57:53+00:00","og_image":[{"width":1024,"height":1536,"url":"https:\/\/iwell-guard.com\/wp-content\/uploads\/2026\/07\/schutzsymbol_universell_eisenkraut.webp","type":"image\/webp"}],"twitter_card":"summary_large_image","schema":{"@context":"https:\/\/schema.org","@graph":[{"@type":"WebPage","@id":"https:\/\/iwell-guard.com\/is\/verbena\/","url":"https:\/\/iwell-guard.com\/is\/verbena\/","name":"Verbena: galdra- og verndargras \u00ed \u00fej\u00f3\u00f0tr\u00fa","isPartOf":{"@id":"https:\/\/iwell-guard.com\/is\/#website"},"primaryImageOfPage":{"@id":"https:\/\/iwell-guard.com\/is\/verbena\/#primaryimage"},"image":{"@id":"https:\/\/iwell-guard.com\/is\/verbena\/#primaryimage"},"thumbnailUrl":"https:\/\/iwell-guard.com\/wp-content\/uploads\/2026\/07\/schutzsymbol_universell_eisenkraut.webp","datePublished":"2026-09-05T14:12:10+00:00","dateModified":"2026-09-05T14:57:53+00:00","description":"Verbena sem galdra- og verndargras: dru\u00eddar, verbenuvatn og sagnir um undragrasi\u00f0 \u00ed \u00fej\u00f3\u00f0tr\u00fa.","breadcrumb":{"@id":"https:\/\/iwell-guard.com\/is\/verbena\/#breadcrumb"},"inLanguage":"is","potentialAction":[{"@type":"ReadAction","target":["https:\/\/iwell-guard.com\/is\/verbena\/"]}]},{"@type":"ImageObject","inLanguage":"is","@id":"https:\/\/iwell-guard.com\/is\/verbena\/#primaryimage","url":"https:\/\/iwell-guard.com\/wp-content\/uploads\/2026\/07\/schutzsymbol_universell_eisenkraut.webp","contentUrl":"https:\/\/iwell-guard.com\/wp-content\/uploads\/2026\/07\/schutzsymbol_universell_eisenkraut.webp","width":1024,"height":1536,"caption":"\u00deurrka\u00f0ur j\u00e1rnjurt me\u00f0 f\u00ednger\u00f0um bl\u00f3mskipunum \u00e1 d\u00f6kkum steinbakgrunni"},{"@type":"BreadcrumbList","@id":"https:\/\/iwell-guard.com\/is\/verbena\/#breadcrumb","itemListElement":[{"@type":"ListItem","position":1,"name":"Start","item":"https:\/\/iwell-guard.com\/is\/?page_id=168580"},{"@type":"ListItem","position":2,"name":"Verbena"}]},{"@type":"WebSite","@id":"https:\/\/iwell-guard.com\/is\/#website","url":"https:\/\/iwell-guard.com\/is\/","name":"iWell Guard","description":"Schutz vor dunklen Einfl\u00fcssen","publisher":{"@id":"https:\/\/iwell-guard.com\/is\/#organization"},"potentialAction":[{"@type":"SearchAction","target":{"@type":"EntryPoint","urlTemplate":"https:\/\/iwell-guard.com\/is\/?s={search_term_string}"},"query-input":{"@type":"PropertyValueSpecification","valueRequired":true,"valueName":"search_term_string"}}],"inLanguage":"is"},{"@type":"Organization","@id":"https:\/\/iwell-guard.com\/is\/#organization","name":"Ittermann electronic GmbH","url":"https:\/\/iwell-guard.com\/is\/","logo":{"@type":"ImageObject","inLanguage":"is","@id":"https:\/\/iwell-guard.com\/is\/#\/schema\/logo\/image\/","url":"https:\/\/iwell-guard.com\/wp-content\/uploads\/2026\/05\/Ittermann-Logo-1182x237-1.png","contentUrl":"https:\/\/iwell-guard.com\/wp-content\/uploads\/2026\/05\/Ittermann-Logo-1182x237-1.png","width":1182,"height":237,"caption":"Ittermann electronic GmbH"},"image":{"@id":"https:\/\/iwell-guard.com\/is\/#\/schema\/logo\/image\/"},"sameAs":["https:\/\/pantip.com\/profile\/9367242","https:\/\/micro.blog\/iwellguard","https:\/\/www.diggerslist.com\/iwellguard\/about","https:\/\/skitterphoto.com\/photographers\/2870314\/iwell-guard","https:\/\/iwellguard.wordpress.com\/2026\/06\/06\/iwell-guard\/","https:\/\/hub.docker.com\/u\/iwellguard","https:\/\/www.pinterest.com\/iwellguard\/","https:\/\/bit.ly\/m\/iwellguard","https:\/\/entre-vos-mains.alsace.eu\/profiles\/iwellguard\/activity","https:\/\/gravatar.com\/reallybeded8fd34","https:\/\/naijamatta.com\/iwellguard","https:\/\/www.goodreads.com\/iwellguard","https:\/\/profile.hatena.ne.jp\/iwellguard\/","https:\/\/experiment.com\/users\/iwellguard","https:\/\/wakelet.com\/@iWellGuard82270","https:\/\/www.chordie.com\/forum\/profile.php?id=2555664","https:\/\/www.instapaper.com\/p\/17757966","https:\/\/www.mapleprimes.com\/users\/iwellguard","https:\/\/businesslistingplus.com\/profile\/iwell-guard\/","https:\/\/telegra.ph\/iWell-Guard-06-06","https:\/\/pbase.com\/iwellguard\/iwellguard","https:\/\/b.hatena.ne.jp\/iwellguard\/20260607#bookmark-4788405196491818882","https:\/\/fliphtml5.com\/home\/iwellguard","https:\/\/anyflip.com\/homepage\/cmiwl#About","https:\/\/transfur.com\/Users\/iwellguard","http:\/\/delphi.larsbo.org\/user\/iwellguard","https:\/\/jobs.lajobsportal.org\/profiles\/8380803-iwell-guard","https:\/\/md.chaosdorf.de\/s\/jfbe5SBdJD","https:\/\/www.lingvolive.com\/en-us\/profile\/9ecaeaca-ce11-4e51-9e71-01d55e2bff36\/translations","https:\/\/www.fitday.com\/fitness\/forums\/members\/iwellguard.html","https:\/\/www.mymeetbook.com\/iwellguard","https:\/\/pxhere.com\/en\/photographer-me\/5040798","https:\/\/disqus.com\/by\/iwellguard\/about\/","https:\/\/pastelink.net\/hjwciqwq","https:\/\/pubhtml5.com\/homepage\/scjhn\/","https:\/\/www.bitchute.com\/channel\/2O2eOKzNqujT","https:\/\/audiomack.com\/iwellguard"]}]}},"_links":{"self":[{"href":"https:\/\/iwell-guard.com\/is\/wp-json\/wp\/v2\/pages\/169839","targetHints":{"allow":["GET"]}}],"collection":[{"href":"https:\/\/iwell-guard.com\/is\/wp-json\/wp\/v2\/pages"}],"about":[{"href":"https:\/\/iwell-guard.com\/is\/wp-json\/wp\/v2\/types\/page"}],"author":[{"embeddable":true,"href":"https:\/\/iwell-guard.com\/is\/wp-json\/wp\/v2\/users\/3"}],"replies":[{"embeddable":true,"href":"https:\/\/iwell-guard.com\/is\/wp-json\/wp\/v2\/comments?post=169839"}],"version-history":[{"count":0,"href":"https:\/\/iwell-guard.com\/is\/wp-json\/wp\/v2\/pages\/169839\/revisions"}],"wp:featuredmedia":[{"embeddable":true,"href":"https:\/\/iwell-guard.com\/is\/wp-json\/wp\/v2\/media\/20532"}],"wp:attachment":[{"href":"https:\/\/iwell-guard.com\/is\/wp-json\/wp\/v2\/media?parent=169839"}],"wp:term":[{"taxonomy":"category","embeddable":true,"href":"https:\/\/iwell-guard.com\/is\/wp-json\/wp\/v2\/categories?post=169839"}],"curies":[{"name":"wp","href":"https:\/\/api.w.org\/{rel}","templated":true}]}}