{"id":169833,"date":"2026-09-05T14:12:07","date_gmt":"2026-09-05T14:12:07","guid":{"rendered":"https:\/\/iwell-guard.com\/?page_id=169833"},"modified":"2026-09-05T14:57:42","modified_gmt":"2026-09-05T14:57:42","slug":"isarnixe","status":"publish","type":"page","link":"https:\/\/iwell-guard.com\/is\/isarnixe\/","title":{"rendered":"Isarnixe"},"content":{"rendered":"\t\t<div data-elementor-type=\"wp-page\" data-elementor-id=\"169833\" class=\"elementor elementor-169833 elementor-20490\" data-elementor-post-type=\"page\">\n\t\t\t\t<div class=\"elementor-element elementor-element-10fdade e-flex e-con-boxed e-con e-parent\" data-id=\"10fdade\" data-element_type=\"container\" data-e-type=\"container\" data-settings=\"{&quot;background_background&quot;:&quot;classic&quot;}\">\n\t\t\t\t\t<div class=\"e-con-inner\">\n\t\t<div class=\"elementor-element elementor-element-herohlft0 e-flex e-con-boxed e-con e-child\" data-id=\"herohlft0\" data-element_type=\"container\" data-e-type=\"container\">\n\t\t\t\t\t<div class=\"e-con-inner\">\n\t\t<div class=\"elementor-element elementor-element-c3ceb64 e-con-full e-flex e-con e-child\" data-id=\"c3ceb64\" data-element_type=\"container\" data-e-type=\"container\">\n\t\t\t\t<div class=\"elementor-element elementor-element-96ae5e1 elementor-widget elementor-widget-heading\" data-id=\"96ae5e1\" data-element_type=\"widget\" data-e-type=\"widget\" data-widget_type=\"heading.default\">\n\t\t\t\t\t<h1 class=\"elementor-heading-title elementor-size-default\">Isarnixe, hin lokkandi r\u00f6dd Isarfl\u00e6\u00f0anna<\/h1>\t\t\t\t<\/div>\n\t\t\t\t<div class=\"elementor-element elementor-element-e45238a elementor-widget elementor-widget-text-editor\" data-id=\"e45238a\" data-element_type=\"widget\" data-e-type=\"widget\" data-widget_type=\"text-editor.default\">\n\t\t\t\t\t\t\t\t\t<p>Isarnixe er <span class=\"iwg-fachbegriff\" data-tooltip=\"L\u00edkamslaus vera sem s\u00f6g\u00f0 er hafa \u00e1hrif \u00ed heiminum.\" tabindex=\"0\">andi<\/span> \u00far alpahef\u00f0inni.<\/p><p><strong>S\u00f6ngur hennar vi\u00f0 Isar-flj\u00f3ti\u00f0 er talinn banv\u00e6nt fyrirbo\u00f0i.<\/strong><\/p>\t\t\t\t\t\t\t\t<\/div>\n\t\t\t\t<\/div>\n\t\t<div class=\"elementor-element elementor-element-klsbdg01 e-con-full e-flex e-con e-parent\" data-id=\"klsbdg01\" data-element_type=\"container\" data-e-type=\"container\">\n\t\t\t\t<div class=\"elementor-element elementor-element-klshtm01 elementor-widget elementor-widget-html\" data-id=\"klshtm01\" data-element_type=\"widget\" data-e-type=\"widget\" data-widget_type=\"html.default\">\n\t\t\t\t\t<div class=\"iwg-pill-row\"><span class=\"iwg-klasse-badge\" tabindex=\"0\" data-tooltip=\"Andi: L\u00edkamslaus e\u00f0a h\u00e1lfl\u00edkamleg vera, framli\u00f0nir, n\u00e1tt\u00faruv\u00e6ttir, h\u00fasandar e\u00f0a \u00fer\u00f6skuldsver\u00f0ir. Verkar \u00ed daglegu l\u00edfi, oft bundinn \u00e1kve\u00f0num st\u00f6\u00f0um e\u00f0a fj\u00f6lskyldum.\">Andi<\/span><a href=\"https:\/\/iwell-guard.com\/is\/?page_id=169862\" class=\"iwg-kultur-badge\" tabindex=\"0\" data-tooltip=\"Sagnaheimur Alpasv\u00e6\u00f0isins: B\u00e6jaraland, Austurr\u00edki, Sviss og Su\u00f0ur-T\u00fdrol, fr\u00e1 alma\u00f6ndum til vera Rauhn\u00e4chte.\">Alpasv\u00e6\u00f0i\u00f0<\/a><\/div>\t\t\t\t<\/div>\n\t\t\t\t<\/div>\n\t\t<div class=\"elementor-element elementor-element-3f74855 e-con-full e-flex e-con e-child\" data-id=\"3f74855\" data-element_type=\"container\" data-e-type=\"container\">\n\t\t\t\t<div class=\"elementor-element elementor-element-1c30362 elementor-toc--minimized-on-tablet elementor-widget elementor-widget-table-of-contents\" data-id=\"1c30362\" data-element_type=\"widget\" data-e-type=\"widget\" data-settings=\"{&quot;exclude_headings_by_selector&quot;:[],&quot;no_headings_message&quot;:&quot;Engar undirfyrirsagnir fundust \\u00e1 \\u00feessari s\\u00ed\\u00f0u.&quot;,&quot;headings_by_tags&quot;:[&quot;h2&quot;,&quot;h3&quot;],&quot;marker_view&quot;:&quot;bullets&quot;,&quot;icon&quot;:{&quot;value&quot;:&quot;fas fa-circle&quot;,&quot;library&quot;:&quot;fa-solid&quot;,&quot;rendered_tag&quot;:&quot;&lt;svg class=\\&quot;e-font-icon-svg e-fas-circle\\&quot; viewBox=\\&quot;0 0 512 512\\&quot; xmlns=\\&quot;http:\\\/\\\/www.w3.org\\\/2000\\\/svg\\&quot;&gt;&lt;path d=\\&quot;M256 8C119 8 8 119 8 256s111 248 248 248 248-111 248-248S393 8 256 8z\\&quot;&gt;&lt;\\\/path&gt;&lt;\\\/svg&gt;&quot;},&quot;minimize_box&quot;:&quot;yes&quot;,&quot;minimized_on&quot;:&quot;tablet&quot;,&quot;hierarchical_view&quot;:&quot;yes&quot;,&quot;min_height&quot;:{&quot;unit&quot;:&quot;px&quot;,&quot;size&quot;:&quot;&quot;,&quot;sizes&quot;:[]},&quot;min_height_tablet&quot;:{&quot;unit&quot;:&quot;px&quot;,&quot;size&quot;:&quot;&quot;,&quot;sizes&quot;:[]},&quot;min_height_mobile&quot;:{&quot;unit&quot;:&quot;px&quot;,&quot;size&quot;:&quot;&quot;,&quot;sizes&quot;:[]}}\" data-widget_type=\"table-of-contents.default\">\n\t\t\t\t\t\t\t\t\t<div class=\"elementor-toc__header\">\n\t\t\t\t\t\t<h2 class=\"elementor-toc__header-title\">\n\t\t\t\tEfnisyfirlit\t\t\t<\/h2>\n\t\t\t\t\t\t\t\t\t\t<div class=\"elementor-toc__toggle-button elementor-toc__toggle-button--expand\" role=\"button\" tabindex=\"0\" aria-controls=\"elementor-toc__1c30362\" aria-expanded=\"true\" aria-label=\"Open table of contents\"><svg aria-hidden=\"true\" class=\"e-font-icon-svg e-fas-chevron-down\" viewBox=\"0 0 448 512\" xmlns=\"http:\/\/www.w3.org\/2000\/svg\"><path d=\"M207.029 381.476L12.686 187.132c-9.373-9.373-9.373-24.569 0-33.941l22.667-22.667c9.357-9.357 24.522-9.375 33.901-.04L224 284.505l154.745-154.021c9.379-9.335 24.544-9.317 33.901.04l22.667 22.667c9.373 9.373 9.373 24.569 0 33.941L240.971 381.476c-9.373 9.372-24.569 9.372-33.942 0z\"><\/path><\/svg><\/div>\n\t\t\t\t<div class=\"elementor-toc__toggle-button elementor-toc__toggle-button--collapse\" role=\"button\" tabindex=\"0\" aria-controls=\"elementor-toc__1c30362\" aria-expanded=\"true\" aria-label=\"Close table of contents\"><svg aria-hidden=\"true\" class=\"e-font-icon-svg e-fas-chevron-up\" viewBox=\"0 0 448 512\" xmlns=\"http:\/\/www.w3.org\/2000\/svg\"><path d=\"M240.971 130.524l194.343 194.343c9.373 9.373 9.373 24.569 0 33.941l-22.667 22.667c-9.357 9.357-24.522 9.375-33.901.04L224 227.495 69.255 381.516c-9.379 9.335-24.544 9.317-33.901-.04l-22.667-22.667c-9.373-9.373-9.373-24.569 0-33.941L207.03 130.525c9.372-9.373 24.568-9.373 33.941-.001z\"><\/path><\/svg><\/div>\n\t\t\t\t\t<\/div>\n\t\t\t\t<div id=\"elementor-toc__1c30362\" class=\"elementor-toc__body\">\n\t\t\t<div class=\"elementor-toc__spinner-container\">\n\t\t\t\t<svg class=\"elementor-toc__spinner eicon-animation-spin e-font-icon-svg e-eicon-loading\" aria-hidden=\"true\" viewBox=\"0 0 1000 1000\" xmlns=\"http:\/\/www.w3.org\/2000\/svg\"><path d=\"M500 975V858C696 858 858 696 858 500S696 142 500 142 142 304 142 500H25C25 237 238 25 500 25S975 237 975 500 763 975 500 975Z\"><\/path><\/svg>\t\t\t<\/div>\n\t\t<\/div>\n\t\t\t\t\t\t<\/div>\n\t\t\t\t<\/div>\n\t\t\t\t\t<\/div>\n\t\t\t\t<\/div>\n\t\t<div class=\"elementor-element elementor-element-herorght0 e-con-full e-flex e-con e-child\" data-id=\"herorght0\" data-element_type=\"container\" data-e-type=\"container\">\n\t\t\t\t<div class=\"elementor-element elementor-element-heroimg00 iwg-hero-image elementor-widget elementor-widget-image\" data-id=\"heroimg00\" data-element_type=\"widget\" data-e-type=\"widget\" data-widget_type=\"image.default\">\n\t\t\t\t\t\t\t\t\t\t\t\t\t\t\t<img fetchpriority=\"high\" decoding=\"async\" width=\"683\" height=\"1024\" src=\"https:\/\/iwell-guard.com\/wp-content\/uploads\/2026\/07\/geister_alpin_isarnixe-683x1024.webp\" class=\"attachment-large size-large wp-image-169890\" alt=\"Isarnixe - Andi \u00far alpahef\u00f0inni, s\u00f6gulega myndskreytt\" srcset=\"https:\/\/iwell-guard.com\/wp-content\/uploads\/2026\/07\/geister_alpin_isarnixe-683x1024.webp 683w, https:\/\/iwell-guard.com\/wp-content\/uploads\/2026\/07\/geister_alpin_isarnixe-200x300.webp 200w, https:\/\/iwell-guard.com\/wp-content\/uploads\/2026\/07\/geister_alpin_isarnixe-768x1152.webp 768w, https:\/\/iwell-guard.com\/wp-content\/uploads\/2026\/07\/geister_alpin_isarnixe.webp 1024w\" sizes=\"(max-width: 683px) 100vw, 683px\" \/>\t\t\t\t\t\t\t\t\t\t\t\t\t\t\t<\/div>\n\t\t\t\t<\/div>\n\t\t\t\t\t<\/div>\n\t\t\t\t<\/div>\n\t\t<div class=\"elementor-element elementor-element-32917199 e-flex e-con-boxed e-con e-parent\" data-id=\"32917199\" data-element_type=\"container\" data-e-type=\"container\">\n\t\t\t\t\t<div class=\"e-con-inner\">\n\t\t<div class=\"elementor-element elementor-element-26e916cb e-flex e-con-boxed e-con e-child\" data-id=\"26e916cb\" data-element_type=\"container\" data-e-type=\"container\">\n\t\t\t\t\t<div class=\"e-con-inner\">\n\t\t<div class=\"elementor-element elementor-element-253a40d4 e-flex e-con-boxed e-con e-child\" data-id=\"253a40d4\" data-element_type=\"container\" data-e-type=\"container\">\n\t\t\t\t\t<div class=\"e-con-inner\">\n\t\t\t\t<div class=\"elementor-element elementor-element-1200c304 elementor-widget elementor-widget-heading\" data-id=\"1200c304\" data-element_type=\"widget\" data-e-type=\"widget\" data-widget_type=\"heading.default\">\n\t\t\t\t\t<div class=\"elementor-heading-title elementor-size-default\">Isarnixe<\/div>\t\t\t\t<\/div>\n\t\t\t\t<div class=\"elementor-element elementor-element-11758e7f elementor-widget elementor-widget-text-editor\" data-id=\"11758e7f\" data-element_type=\"widget\" data-e-type=\"widget\" data-widget_type=\"text-editor.default\">\n\t\t\t\t\t\t\t\t\t<p>Samkv\u00e6mt s\u00f6gninni heldur Isarnixe (\u00cdsarvatnad\u00edsin) til \u00ed fl\u00e6\u00f0arengjum \u00cdsar (Isarauen) vi\u00f0 M\u00fcnchen og fremur \u00fear \u00f3d\u00e6\u00f0i s\u00edn me\u00f0 t\u00e6landi lokkandi k\u00f6llum. S\u00e1 sem heyrir s\u00f6ng hennar, segir vi\u00f0v\u00f6runin, muni sk\u00f6mmu s\u00ed\u00f0ar drukkna. Einnig er sagt a\u00f0 h\u00fan lei\u00f0i g\u00f6ngumenn \u00ed fl\u00f3\u00f0um afvega me\u00f0 litlum villulj\u00f3sum.<\/p><p>\u00d3l\u00edkt \u00feekktari vatnav\u00e6ttum sem \u00feekktir eru v\u00ed\u00f0a er arfs\u00f6gnin um Isarnixe f\u00e1t\u00e6kleg og bundin vi\u00f0 \u00e1kve\u00f0inn sta\u00f0: Thalkirchner-fl\u00fa\u00f0irnar (Thalkirchner \u00dcberf\u00e4lle) og Mar\u00edukapelluna (Marienklause) vi\u00f0 Isar-st\u00edfluna sunnan vi\u00f0 gamla b\u00e6jarhluta M\u00fcnchen.<\/p>\t\t\t\t\t\t\t\t<\/div>\n\t\t\t\t\t<\/div>\n\t\t\t\t<\/div>\n\t\t<div class=\"elementor-element elementor-element-159dcf9a e-flex e-con-boxed e-con e-child\" data-id=\"159dcf9a\" data-element_type=\"container\" data-e-type=\"container\">\n\t\t\t\t\t<div class=\"e-con-inner\">\n\t\t\t\t<div class=\"elementor-element elementor-element-48cee66f elementor-widget elementor-widget-heading\" data-id=\"48cee66f\" data-element_type=\"widget\" data-e-type=\"widget\" data-widget_type=\"heading.default\">\n\t\t\t\t\t<div class=\"elementor-heading-title elementor-size-default\">\u00cd hnotskurn: Isarnixe<\/div>\t\t\t\t<\/div>\n\t\t\t\t<div class=\"elementor-element elementor-element-3f50d82c elementor-widget elementor-widget-text-editor\" data-id=\"3f50d82c\" data-element_type=\"widget\" data-e-type=\"widget\" data-widget_type=\"text-editor.default\">\n\t\t\t\t\t\t\t\t\t<p><strong>Tegund:<\/strong> vatnavera me\u00f0 banv\u00e6nt a\u00f0dr\u00e1ttarkall, bundin \u00e1kve\u00f0num sta\u00f0<br>Uppruni: munnleg s\u00f6gn, skrifleg heimild fr\u00e1 1906<br>Textar: Altbayerische Sagen (1906), \u00fatg\u00e1fa Willy Rett (1912)<br>T\u00edmabil: a\u00f0allega s\u00ed\u00f0sumars og \u00feegar fl\u00f3\u00f0ah\u00e6tta vofir yfir, virk \u00ed r\u00f6kkri og \u00e1 n\u00f3ttunni<br>Birtingarmynd: \u00f3s\u00fdnileg r\u00f6dd sem a\u00f0eins ver\u00f0ur vart me\u00f0 s\u00f6ng og a\u00f0dr\u00e1ttarkalli<\/p>\t\t\t\t\t\t\t\t<\/div>\n\t\t\t\t\t<\/div>\n\t\t\t\t<\/div>\n\t\t\t\t\t<\/div>\n\t\t\t\t<\/div>\n\t\t\t\t\t<\/div>\n\t\t\t\t<\/div>\n\t\t<div class=\"elementor-element elementor-element-18613602 e-flex e-con-boxed e-con e-parent\" data-id=\"18613602\" data-element_type=\"container\" data-e-type=\"container\">\n\t\t\t\t\t<div class=\"e-con-inner\">\n\t\t\t\t<div class=\"elementor-element elementor-element-262b8a9f elementor-widget elementor-widget-heading\" data-id=\"262b8a9f\" data-element_type=\"widget\" data-e-type=\"widget\" data-widget_type=\"heading.default\">\n\t\t\t\t\t<h2 class=\"elementor-heading-title elementor-size-default\">Heimildasamhengi<\/h2>\t\t\t\t<\/div>\n\t\t<div class=\"elementor-element elementor-element-46dcb7d e-con-full e-flex e-con e-child\" data-id=\"46dcb7d\" data-element_type=\"container\" data-e-type=\"container\">\n\t\t<div class=\"elementor-element elementor-element-61d3ab3 e-flex e-con-boxed e-con e-child\" data-id=\"61d3ab3\" data-element_type=\"container\" data-e-type=\"container\">\n\t\t\t\t\t<div class=\"e-con-inner\">\n\t\t\t\t<div class=\"elementor-element elementor-element-117c166 elementor-widget elementor-widget-heading\" data-id=\"117c166\" data-element_type=\"widget\" data-e-type=\"widget\" data-widget_type=\"heading.default\">\n\t\t\t\t\t<h3 class=\"elementor-heading-title elementor-size-default\">T\u00edmabil textanna<\/h3>\t\t\t\t<\/div>\n\t\t\t\t<div class=\"elementor-element elementor-element-73997a0 elementor-widget elementor-widget-text-editor\" data-id=\"73997a0\" data-element_type=\"widget\" data-e-type=\"widget\" data-widget_type=\"text-editor.default\">\n\t\t\t\t\t\t\t\t\t<p>S\u00f6gnin er skrifleg heimild fr\u00e1 1906 \u00ed safninu Altbayerische Sagen og var endurprentu\u00f0 1912 \u00ed \u00fatg\u00e1fu Willy Rett; eldri, \u00f3h\u00e1\u00f0 arfs\u00f6gn er ekki h\u00e6gt a\u00f0 sta\u00f0festa.<\/p>\t\t\t\t\t\t\t\t<\/div>\n\t\t\t\t\t<\/div>\n\t\t\t\t<\/div>\n\t\t<div class=\"elementor-element elementor-element-d47b156 e-flex e-con-boxed e-con e-child\" data-id=\"d47b156\" data-element_type=\"container\" data-e-type=\"container\">\n\t\t\t\t\t<div class=\"e-con-inner\">\n\t\t\t\t<div class=\"elementor-element elementor-element-ff38c2b elementor-widget elementor-widget-heading\" data-id=\"ff38c2b\" data-element_type=\"widget\" data-e-type=\"widget\" data-widget_type=\"heading.default\">\n\t\t\t\t\t<h3 class=\"elementor-heading-title elementor-size-default\">\u00datbrei\u00f0slusv\u00e6\u00f0i<\/h3>\t\t\t\t<\/div>\n\t\t\t\t<div class=\"elementor-element elementor-element-4e49fcc elementor-widget elementor-widget-text-editor\" data-id=\"4e49fcc\" data-element_type=\"widget\" data-e-type=\"widget\" data-widget_type=\"text-editor.default\">\n\t\t\t\t\t\t\t\t\t<p>S\u00f6gnin er n\u00e1tengd M\u00fcnchen, s\u00e9rstaklega Isarfl\u00e6\u00f0unum vi\u00f0 Thalkirchen og Mar\u00eduskj\u00f3linu vi\u00f0 Isar-v\u00f6rina sunnan gamla borgarhlutans.<\/p>\t\t\t\t\t\t\t\t<\/div>\n\t\t\t\t\t<\/div>\n\t\t\t\t<\/div>\n\t\t\t\t<\/div>\n\t\t<div class=\"elementor-element elementor-element-db03c39 e-con-full e-flex e-con e-child\" data-id=\"db03c39\" data-element_type=\"container\" data-e-type=\"container\">\n\t\t<div class=\"elementor-element elementor-element-229a87b e-flex e-con-boxed e-con e-child\" data-id=\"229a87b\" data-element_type=\"container\" data-e-type=\"container\">\n\t\t\t\t\t<div class=\"e-con-inner\">\n\t\t\t\t<div class=\"elementor-element elementor-element-1f471fc elementor-widget elementor-widget-heading\" data-id=\"1f471fc\" data-element_type=\"widget\" data-e-type=\"widget\" data-widget_type=\"heading.default\">\n\t\t\t\t\t<h3 class=\"elementor-heading-title elementor-size-default\">Heimildasta\u00f0a<\/h3>\t\t\t\t<\/div>\n\t\t\t\t<div class=\"elementor-element elementor-element-36b1201 elementor-widget elementor-widget-text-editor\" data-id=\"36b1201\" data-element_type=\"widget\" data-e-type=\"widget\" data-widget_type=\"text-editor.default\">\n\t\t\t\t\t\t\t\t\t<p>Heimildasta\u00f0an er r\u00fdr og bundin sta\u00f0bundi\u00f0 a\u00f0 miklu leyti, a\u00f0allega \u00e1 f\u00e1um sagnas\u00f6fnum fr\u00e1 upphafi 20. og 21. aldar.<\/p>\t\t\t\t\t\t\t\t<\/div>\n\t\t\t\t\t<\/div>\n\t\t\t\t<\/div>\n\t\t\t\t<\/div>\n\t\t\t\t\t<\/div>\n\t\t\t\t<\/div>\n\t\t<div class=\"elementor-element elementor-element-3ae0637c e-flex e-con-boxed e-con e-parent\" data-id=\"3ae0637c\" data-element_type=\"container\" data-e-type=\"container\">\n\t\t\t\t\t<div class=\"e-con-inner\">\n\t\t\t\t<div class=\"elementor-element elementor-element-31d07739 elementor-widget elementor-widget-heading\" data-id=\"31d07739\" data-element_type=\"widget\" data-e-type=\"widget\" data-widget_type=\"heading.default\">\n\t\t\t\t\t<h2 class=\"elementor-heading-title elementor-size-default\">Nafn og afbrig\u00f0i<\/h2>\t\t\t\t<\/div>\n\t\t<div class=\"elementor-element elementor-element-b7642947 e-con-full e-flex e-con e-child\" data-id=\"b7642947\" data-element_type=\"container\" data-e-type=\"container\">\n\t\t\t\t<div class=\"elementor-element elementor-element-a086266 elementor-widget elementor-widget-text-editor\" data-id=\"a086266\" data-element_type=\"widget\" data-e-type=\"widget\" data-widget_type=\"text-editor.default\">\n\t\t\t\t\t\t\t\t\t<p><strong>Nafn:<\/strong> Isarnixe, samsett \u00far Isar, flj\u00f3tinu sem rennur um M\u00fcnchen, og Nixe, almennu heiti \u00e1 kvenkyns vatnaverum. Kalli\u00f0 sem verunni er eigna\u00f0 \u00ed s\u00f6gninni er Tutli-i-i-i.<\/p>\t\t\t\t\t\t\t\t<\/div>\n\t\t\t\t<\/div>\n\t\t\t\t\t<\/div>\n\t\t\t\t<\/div>\n\t\t<div class=\"elementor-element elementor-element-709a44a8 e-flex e-con-boxed e-con e-parent\" data-id=\"709a44a8\" data-element_type=\"container\" data-e-type=\"container\">\n\t\t\t\t\t<div class=\"e-con-inner\">\n\t\t\t\t<div class=\"elementor-element elementor-element-2f585873 elementor-widget elementor-widget-heading\" data-id=\"2f585873\" data-element_type=\"widget\" data-e-type=\"widget\" data-widget_type=\"heading.default\">\n\t\t\t\t\t<h2 class=\"elementor-heading-title elementor-size-default\">\u00c1s\u00fdnd og heg\u00f0un<\/h2>\t\t\t\t<\/div>\n\t\t<div class=\"elementor-element elementor-element-70621c12 e-con-full e-flex e-con e-child\" data-id=\"70621c12\" data-element_type=\"container\" data-e-type=\"container\">\n\t\t\t\t<div class=\"elementor-element elementor-element-4296eb49 elementor-widget elementor-widget-text-editor\" data-id=\"4296eb49\" data-element_type=\"widget\" data-e-type=\"widget\" data-widget_type=\"text-editor.default\">\n\t\t\t\t\t\t\t\t\t<p><strong>Birtingarmynd<\/strong><\/p><p>Isarnixe sj\u00e1lf er \u00f3s\u00fdnileg \u00ed grunns\u00f6gunni; h\u00fan kemur einungis fram sem r\u00f6dd, sem t\u00e6landi a\u00f0dr\u00e1ttarkall og sem hlj\u00f3mlaust s\u00f6nghlj\u00f3\u00f0 sem sagt er heyrast vi\u00f0 Thalkirchen-fl\u00fa\u00f0irnar s\u00ed\u00f0sumars. Rammasagan um drukkna\u00f0a spilmanninn og hina horfnu a\u00f0alsmey gefur til kynna a\u00f0 nykran hafi teki\u00f0 mannlega veru inn \u00ed mynd s\u00edna.<\/p><p><strong>\u00c1hrif<\/strong><\/p><p>A\u00f0dr\u00e1ttarkall hennar er tali\u00f0 banv\u00e6nt fyrirbo\u00f0i; a\u00f0 fylgja \u00fev\u00ed \u00fe\u00fd\u00f0ir v\u00edsan dau\u00f0a \u00ed vatninu. \u00deegar fl\u00f3\u00f0 er \u00ed a\u00f0sigi er sagt a\u00f0 Isarnixe \u00fej\u00f3ti um fl\u00e6\u00f0in og lokki einmana vegfarendur af \u00f6ruggri lei\u00f0 me\u00f0 litlum eldgl\u00e6ringum \u00fear til hin vaxandi v\u00f6tn koma \u00feeim \u00e1 \u00f3vart; sk\u00e6r hl\u00e1tur \u00e1 s\u00ed\u00f0an a\u00f0 tilkynna f\u00f3rnarl\u00f6mbunum a\u00f0 \u00feau hafi falli\u00f0 nykrunni \u00ed hendur.<\/p>\t\t\t\t\t\t\t\t<\/div>\n\t\t\t\t<\/div>\n\t\t\t\t\t<\/div>\n\t\t\t\t<\/div>\n\t\t<div class=\"elementor-element elementor-element-44e71476 e-flex e-con-boxed e-con e-parent\" data-id=\"44e71476\" data-element_type=\"container\" data-e-type=\"container\">\n\t\t\t\t\t<div class=\"e-con-inner\">\n\t\t\t\t<div class=\"elementor-element elementor-element-3c1fc3f0 elementor-widget elementor-widget-heading\" data-id=\"3c1fc3f0\" data-element_type=\"widget\" data-e-type=\"widget\" data-widget_type=\"heading.default\">\n\t\t\t\t\t<h2 class=\"elementor-heading-title elementor-size-default\">Yfirlit: Isarnixe<\/h2>\t\t\t\t<\/div>\n\t\t<div class=\"elementor-element elementor-element-84f33b8e e-con-full e-flex e-con e-child\" data-id=\"84f33b8e\" data-element_type=\"container\" data-e-type=\"container\">\n\t\t\t\t<div class=\"elementor-element elementor-element-hqkdc67p elementor-widget elementor-widget-text-editor\" data-id=\"hqkdc67p\" data-element_type=\"widget\" data-e-type=\"widget\" data-widget_type=\"text-editor.default\">\n\t\t\t\t\t\t\t\t\t<p>Mikilv\u00e6gustu atri\u00f0in um vatnaveruna \u00ed hnotskurn.<\/p>\t\t\t\t\t\t\t\t<\/div>\n\t\t\t\t<\/div>\n\t\t<div class=\"elementor-element elementor-element-pemmx7c5 e-con-full e-flex e-con e-child\" data-id=\"pemmx7c5\" data-element_type=\"container\" data-e-type=\"container\">\n\t\t<div class=\"elementor-element elementor-element-pemmx7c1 e-con-full e-flex e-con e-child\" data-id=\"pemmx7c1\" data-element_type=\"container\" data-e-type=\"container\">\n\t\t<div class=\"elementor-element elementor-element-qh9oavvu iwg-steckbrief-card e-flex e-con-boxed e-con e-child\" data-id=\"qh9oavvu\" data-element_type=\"container\" data-e-type=\"container\">\n\t\t\t\t\t<div class=\"e-con-inner\">\n\t\t\t\t<div class=\"elementor-element elementor-element-awzx8k2k elementor-widget elementor-widget-heading\" data-id=\"awzx8k2k\" data-element_type=\"widget\" data-e-type=\"widget\" data-widget_type=\"heading.default\">\n\t\t\t\t\t<div class=\"elementor-heading-title elementor-size-default\">Hef\u00f0<\/div>\t\t\t\t<\/div>\n\t\t\t\t<div class=\"elementor-element elementor-element-x6rowhv0 elementor-widget elementor-widget-text-editor\" data-id=\"x6rowhv0\" data-element_type=\"widget\" data-e-type=\"widget\" data-widget_type=\"text-editor.default\">\n\t\t\t\t\t\t\t\t\t<p>Sta\u00f0bundin s\u00f6gn fr\u00e1 M\u00fcnchen um banv\u00e6na, t\u00e6landi vatnakonu, skrifleg heimild fr\u00e1 1906.<\/p>\t\t\t\t\t\t\t\t<\/div>\n\t\t\t\t\t<\/div>\n\t\t\t\t<\/div>\n\t\t<div class=\"elementor-element elementor-element-8e3o4kxs iwg-steckbrief-card e-flex e-con-boxed e-con e-child\" data-id=\"8e3o4kxs\" data-element_type=\"container\" data-e-type=\"container\">\n\t\t\t\t\t<div class=\"e-con-inner\">\n\t\t\t\t<div class=\"elementor-element elementor-element-08rkdgov elementor-widget elementor-widget-heading\" data-id=\"08rkdgov\" data-element_type=\"widget\" data-e-type=\"widget\" data-widget_type=\"heading.default\">\n\t\t\t\t\t<div class=\"elementor-heading-title elementor-size-default\">Tengt vi\u00f0<\/div>\t\t\t\t<\/div>\n\t\t\t\t<div class=\"elementor-element elementor-element-uwjelx8s elementor-widget elementor-widget-text-editor\" data-id=\"uwjelx8s\" data-element_type=\"widget\" data-e-type=\"widget\" data-widget_type=\"text-editor.default\">\n\t\t\t\t\t\t\t\t\t<p>Einmana g\u00f6nguf\u00f3lk, fleytimenn og vegfarendur \u00ed Isarfl\u00e6\u00f0unum, s\u00e9rstaklega s\u00ed\u00f0sumars og \u00ed fl\u00f3\u00f0um.<\/p>\t\t\t\t\t\t\t\t<\/div>\n\t\t\t\t\t<\/div>\n\t\t\t\t<\/div>\n\t\t<div class=\"elementor-element elementor-element-jm2n74ec iwg-steckbrief-card e-flex e-con-boxed e-con e-child\" data-id=\"jm2n74ec\" data-element_type=\"container\" data-e-type=\"container\">\n\t\t\t\t\t<div class=\"e-con-inner\">\n\t\t\t\t<div class=\"elementor-element elementor-element-8vufse4c elementor-widget elementor-widget-heading\" data-id=\"8vufse4c\" data-element_type=\"widget\" data-e-type=\"widget\" data-widget_type=\"heading.default\">\n\t\t\t\t\t<div class=\"elementor-heading-title elementor-size-default\">Framsetning<\/div>\t\t\t\t<\/div>\n\t\t\t\t<div class=\"elementor-element elementor-element-mwb9u015 elementor-widget elementor-widget-text-editor\" data-id=\"mwb9u015\" data-element_type=\"widget\" data-e-type=\"widget\" data-widget_type=\"text-editor.default\">\n\t\t\t\t\t\t\t\t\t<p>Engin fasta mynd: \u00f3s\u00fdnileg r\u00f6dd og s\u00f6ngur, gefi\u00f0 \u00ed skyn \u00ed rammas\u00f6gunni sem horfin a\u00f0alsmey.<\/p>\t\t\t\t\t\t\t\t<\/div>\n\t\t\t\t\t<\/div>\n\t\t\t\t<\/div>\n\t\t\t\t<\/div>\n\t\t<div class=\"elementor-element elementor-element-pemmx7c2 e-con-full e-flex e-con e-child\" data-id=\"pemmx7c2\" data-element_type=\"container\" data-e-type=\"container\">\n\t\t<div class=\"elementor-element elementor-element-37ss2yr6 iwg-steckbrief-card e-flex e-con-boxed e-con e-child\" data-id=\"37ss2yr6\" data-element_type=\"container\" data-e-type=\"container\">\n\t\t\t\t\t<div class=\"e-con-inner\">\n\t\t\t\t<div class=\"elementor-element elementor-element-3v0wp3wx elementor-widget elementor-widget-heading\" data-id=\"3v0wp3wx\" data-element_type=\"widget\" data-e-type=\"widget\" data-widget_type=\"heading.default\">\n\t\t\t\t\t<div class=\"elementor-heading-title elementor-size-default\">Verkunarsvi\u00f0<\/div>\t\t\t\t<\/div>\n\t\t\t\t<div class=\"elementor-element elementor-element-w3247g2m elementor-widget elementor-widget-text-editor\" data-id=\"w3247g2m\" data-element_type=\"widget\" data-e-type=\"widget\" data-widget_type=\"text-editor.default\">\n\t\t\t\t\t\t\t\t\t<p>Banv\u00e6nt a\u00f0dr\u00e1ttarkall sem lei\u00f0ir til drukknunar, auk \u00feess a\u00f0 lokka vegfarendur \u00ed fl\u00f3\u00f0ah\u00e6ttu me\u00f0 litlum villulj\u00f3sum.<\/p>\t\t\t\t\t\t\t\t<\/div>\n\t\t\t\t\t<\/div>\n\t\t\t\t<\/div>\n\t\t<div class=\"elementor-element elementor-element-0qpjal9w iwg-steckbrief-card e-flex e-con-boxed e-con e-child\" data-id=\"0qpjal9w\" data-element_type=\"container\" data-e-type=\"container\">\n\t\t\t\t\t<div class=\"e-con-inner\">\n\t\t\t\t<div class=\"elementor-element elementor-element-6ndoih0o elementor-widget elementor-widget-heading\" data-id=\"6ndoih0o\" data-element_type=\"widget\" data-e-type=\"widget\" data-widget_type=\"heading.default\">\n\t\t\t\t\t<div class=\"elementor-heading-title elementor-size-default\">Umgengni<\/div>\t\t\t\t<\/div>\n\t\t\t\t<div class=\"elementor-element elementor-element-6684tyh9 elementor-widget elementor-widget-text-editor\" data-id=\"6684tyh9\" data-element_type=\"widget\" data-e-type=\"widget\" data-widget_type=\"text-editor.default\">\n\t\t\t\t\t\t\t\t\t<p>Fleytimenn f\u00f3ru b\u00e6nandi fram hj\u00e1 hinni h\u00e6ttulegu Isar-v\u00f6r; sm\u00e1minningarmerki (Marterl) me\u00f0fram v\u00f6rinni minntu \u00e1 drukkna\u00f0a fleytimenn.<\/p>\t\t\t\t\t\t\t\t<\/div>\n\t\t\t\t\t<\/div>\n\t\t\t\t<\/div>\n\t\t<div class=\"elementor-element elementor-element-3lfi7x32 iwg-steckbrief-card e-flex e-con-boxed e-con e-child\" data-id=\"3lfi7x32\" data-element_type=\"container\" data-e-type=\"container\">\n\t\t\t\t\t<div class=\"e-con-inner\">\n\t\t\t\t<div class=\"elementor-element elementor-element-0kg99ga1 elementor-widget elementor-widget-heading\" data-id=\"0kg99ga1\" data-element_type=\"widget\" data-e-type=\"widget\" data-widget_type=\"heading.default\">\n\t\t\t\t\t<div class=\"elementor-heading-title elementor-size-default\">Hli\u00f0st\u00e6\u00f0ur<\/div>\t\t\t\t<\/div>\n\t\t\t\t<div class=\"elementor-element elementor-element-n0fum6kp elementor-widget elementor-widget-text-editor\" data-id=\"n0fum6kp\" data-element_type=\"widget\" data-e-type=\"widget\" data-widget_type=\"text-editor.default\">\n\t\t\t\t\t\t\t\t\t<p><a href=\"https:\/\/iwell-guard.com\/is\/?page_id=169867\">Loreley<\/a> vi\u00f0 R\u00edn er n\u00e1nasti \u00e6ttingi hennar, auk hins einfalda <a href=\"https:\/\/iwell-guard.com\/is\/nix\/\">Nix<\/a> og hinnar slavnesku <a href=\"https:\/\/iwell-guard.com\/is\/rusalka\/\">Rus\u00f6lku (Rusalka)<\/a>.<\/p>\t\t\t\t\t\t\t\t<\/div>\n\t\t\t\t\t<\/div>\n\t\t\t\t<\/div>\n\t\t\t\t<\/div>\n\t\t\t\t<\/div>\n\t\t\t\t\t<\/div>\n\t\t\t\t<\/div>\n\t\t<div class=\"elementor-element elementor-element-7533bc7a e-flex e-con-boxed e-con e-parent\" data-id=\"7533bc7a\" data-element_type=\"container\" data-e-type=\"container\">\n\t\t\t\t\t<div class=\"e-con-inner\">\n\t\t\t\t<div class=\"elementor-element elementor-element-2447d18d elementor-widget elementor-widget-heading\" data-id=\"2447d18d\" data-element_type=\"widget\" data-e-type=\"widget\" data-widget_type=\"heading.default\">\n\t\t\t\t\t<h2 class=\"elementor-heading-title elementor-size-default\">Spilma\u00f0urinn, a\u00f0alsmeyin og kalli\u00f0 Tutli-i-i-i<\/h2>\t\t\t\t<\/div>\n\t\t<div class=\"elementor-element elementor-element-d5d0260c e-con-full e-flex e-con e-child\" data-id=\"d5d0260c\" data-element_type=\"container\" data-e-type=\"container\">\n\t\t\t\t<div class=\"elementor-element elementor-element-341be2ac elementor-widget elementor-widget-text-editor\" data-id=\"341be2ac\" data-element_type=\"widget\" data-e-type=\"widget\" data-widget_type=\"text-editor.default\">\n\t\t\t\t\t\t\t\t\t<p>S\u00f6gnin um Isarnixe er var\u00f0veitt fyrst og fremst \u00ed \u00fatg\u00e1fu sem kom \u00fat 1906 \u00ed safninu Altbayerische Sagen og var endurprentu\u00f0 1912 \u00ed \u00fatg\u00e1fu Willy Rett. \u00dear er s\u00f6g\u00f0 sagan af farandspilmanni sem kom til M\u00fcnchen vi\u00f0 br\u00fa\u00f0kaup Alberts IV. hertoga af B\u00e6jaralandi og Kunigunde af Austurr\u00edki \u00e1ri\u00f0 1487 og bergnumdi a\u00f0alsmey me\u00f0 sekkjap\u00edpuleik s\u00ednum. \u00cd ofdirfsku sinni kasta\u00f0i unga konan skartgripum s\u00ednum \u00ed Isar-flj\u00f3ti\u00f0 og skora\u00f0i \u00e1 spilmanninn a\u00f0 n\u00e1 \u00feeim; hann drukkna\u00f0i \u00ed fl\u00fa\u00f0unum og \u00feremur d\u00f6gum s\u00ed\u00f0ar hvarf a\u00f0alsmeyin sj\u00e1lf sporlaust.<\/p><p>Fr\u00e1 \u00feeim t\u00edma, segir s\u00f6gnin, heyrist hi\u00f0 hlj\u00f3mlausa kall Tutli-i-i-i vi\u00f0 Thalkirchen-fl\u00fa\u00f0irnar. Isarfl\u00e6\u00f0in sunnan M\u00fcnchen voru fram \u00e1 19. \u00f6ld vinnusv\u00e6\u00f0i fleytimanna, sem f\u00f3ru b\u00e6nandi framhj\u00e1 erfi\u00f0ri lei\u00f0inni vi\u00f0 Isar-v\u00f6rina hj\u00e1 Mar\u00eduskj\u00f3linu til a\u00f0 verjast s\u00f6ng nykrunnar. Sem sta\u00f0bundin sk\u00fdring \u00e1 raunverulegum dau\u00f0sf\u00f6llum vi\u00f0 sund, fleytingar e\u00f0a g\u00f6ngur \u00ed fl\u00f3\u00f0ah\u00e6ttu \u00ed Isar-dalnum er s\u00f6gnin \u00e6ttu\u00f0 fr\u00e1 \u00f6\u00f0rum flj\u00f3tas\u00f6gnum \u00ed Alpal\u00f6ndum.<\/p>\t\t\t\t\t\t\t\t<\/div>\n\t\t\t\t<\/div>\n\t\t\t\t\t<\/div>\n\t\t\t\t<\/div>\n\t\t<div class=\"elementor-element elementor-element-5a584676 e-flex e-con-boxed e-con e-parent\" data-id=\"5a584676\" data-element_type=\"container\" data-e-type=\"container\">\n\t\t\t\t\t<div class=\"e-con-inner\">\n\t\t\t\t<div class=\"elementor-element elementor-element-6d0757bf elementor-widget elementor-widget-heading\" data-id=\"6d0757bf\" data-element_type=\"widget\" data-e-type=\"widget\" data-widget_type=\"heading.default\">\n\t\t\t\t\t<h2 class=\"elementor-heading-title elementor-size-default\">M\u00f3ttaka og greining<\/h2>\t\t\t\t<\/div>\n\t\t<div class=\"elementor-element elementor-element-60563f68 e-con-full e-flex e-con e-child\" data-id=\"60563f68\" data-element_type=\"container\" data-e-type=\"container\">\n\t\t\t\t<div class=\"elementor-element elementor-element-5a93fdd6 elementor-widget elementor-widget-text-editor\" data-id=\"5a93fdd6\" data-element_type=\"widget\" data-e-type=\"widget\" data-widget_type=\"text-editor.default\">\n\t\t\t\t\t\t\t\t\t<p>\u00cd samanbur\u00f0i vi\u00f0 sagnir um R\u00edn e\u00f0a Elbu var Isarnixe hreint sta\u00f0bundi\u00f0 M\u00fcnchen-minni og komst ekki inn \u00ed landsfr\u00e6ga b\u00f3kmenntahef\u00f0 19. aldar. \u00cd M\u00fcnchen sj\u00e1lfri lifir s\u00f6gnin \u00e1fram \u00ed borgars\u00f6gulegum og \u00fej\u00f3\u00f0h\u00e1ttafr\u00e6\u00f0ilegum s\u00f6fnum, me\u00f0al annars hj\u00e1 Gisela Schinzel-Penth, og \u00ed borgarlei\u00f0s\u00f6gnum um s\u00f6gu Isarfl\u00e6\u00f0anna og fleytingar.<\/p><p>Fr\u00e1 sj\u00f3narh\u00f3li tr\u00faarbrag\u00f0afr\u00e6\u00f0a m\u00e1 lesa Isarnixe sem sta\u00f0bundna \u00fatg\u00e1fu af v\u00ed\u00f0t\u00e6ku sk\u00fdringarmynstri fyrir drukknunarh\u00e6ttu \u00ed flj\u00f3tum, l\u00edkt og birtist einnig \u00ed s\u00f6gninni um Loreley. Sterk tengsl vi\u00f0 \u00e1kve\u00f0inn sta\u00f0, Thalkirchen-fl\u00fa\u00f0irnar og Mar\u00eduskj\u00f3li\u00f0, \u00e1samt sannreynanlegri s\u00f6gulegri rammas\u00f6gu, br\u00fa\u00f0kaupinu 1487, s\u00fdna hvernig n\u00e1tt\u00faruv\u00e1, sta\u00f0bundin minningarmenning og fr\u00e1sagnarleg \u00fatf\u00e6rsla geta \u00fe\u00e9ttst saman \u00ed sta\u00f0ars\u00f6gn. Vegna r\u00fdrra heimilda er ekki unnt a\u00f0 segja me\u00f0 vissu hvort s\u00f6gnin byggist \u00e1 eldri, forkristinni hugmynd um flj\u00f3tav\u00e6tt e\u00f0a hvort h\u00fan er \u00ed grunninn afur\u00f0 sagnasafna fr\u00e1 upphafi 20. aldar.<\/p>\t\t\t\t\t\t\t\t<\/div>\n\t\t\t\t<\/div>\n\t\t\t\t\t<\/div>\n\t\t\t\t<\/div>\n\t\t<div class=\"elementor-element elementor-element-cp9a031aa e-flex e-con-boxed e-con e-parent\" data-id=\"cp9a031aa\" data-element_type=\"container\" data-e-type=\"container\">\n\t\t\t\t\t<div class=\"e-con-inner\">\n\t\t\t\t<div class=\"elementor-element elementor-element-cp9193514 elementor-widget elementor-widget-heading\" data-id=\"cp9193514\" data-element_type=\"widget\" data-e-type=\"widget\" data-widget_type=\"heading.default\">\n\t\t\t\t\t<h2 class=\"elementor-heading-title elementor-size-default\">B\u00e6n fleytimannanna<\/h2>\t\t\t\t<\/div>\n\t\t<div class=\"elementor-element elementor-element-cp02ca0ee e-con-full e-flex e-con e-child\" data-id=\"cp02ca0ee\" data-element_type=\"container\" data-e-type=\"container\">\n\t\t\t\t<div class=\"elementor-element elementor-element-cp444e0f1 elementor-widget elementor-widget-text-editor\" data-id=\"cp444e0f1\" data-element_type=\"widget\" data-e-type=\"widget\" data-widget_type=\"text-editor.default\">\n\t\t\t\t\t\t\t\t\t<p>R\u00fdr heimildasta\u00f0a leyfir a\u00f0eins f\u00e1ar sta\u00f0festar fullyr\u00f0ingar um var\u00f0veittar verndarvenjur. Best sta\u00f0fest er b\u00e6nin: fleytimenn f\u00f3ru b\u00e6nandi fram hj\u00e1 hinni h\u00e6ttulegu Isar-v\u00f6r vi\u00f0 Mar\u00eduskj\u00f3li\u00f0 til a\u00f0 verjast s\u00f6ng Isarnixe. Hin fj\u00f6lm\u00f6rgu sm\u00e1minningarmerki (Marterl) me\u00f0fram Isar-v\u00f6rinni, litlir myndar- og krossst\u00f3lpar til minningar um drukkna\u00f0a fleytimenn, benda auk \u00feess til v\u00ed\u00f0t\u00e6kari tr\u00faarlegrar i\u00f0kunar, sta\u00f0arblessunar og fyrirb\u00e6na \u00e1 h\u00e6ttulegum st\u00f6\u00f0um \u00ed flj\u00f3tum, sem var algeng vi\u00f0 v\u00f6rar og v\u00f6\u00f0 um \u00f6ll Alpal\u00f6nd. Hlutir e\u00f0a \u00feulur sem s\u00e9rstaklega eru sag\u00f0ir verka gegn Isarnixe sj\u00e1lfri, umfram b\u00e6nina, eru ekki skjalfestir \u00ed fyrirliggjandi heimildum.<\/p>\t\t\t\t\t\t\t\t<\/div>\n\t\t\t\t<\/div>\n\t\t\t\t\t<\/div>\n\t\t\t\t<\/div>\n\t\t<div class=\"elementor-element elementor-element-cp11de5b2 e-flex e-con-boxed e-con e-parent\" data-id=\"cp11de5b2\" data-element_type=\"container\" data-e-type=\"container\">\n\t\t\t\t\t<div class=\"e-con-inner\">\n\t\t\t\t<div class=\"elementor-element elementor-element-cp8d35271 elementor-widget elementor-widget-heading\" data-id=\"cp8d35271\" data-element_type=\"widget\" data-e-type=\"widget\" data-widget_type=\"heading.default\">\n\t\t\t\t\t<h2 class=\"elementor-heading-title elementor-size-default\">Loreley, Nix og Rusalka: \u00e6tta\u00f0ar vatnakonur<\/h2>\t\t\t\t<\/div>\n\t\t<div class=\"elementor-element elementor-element-cp02f26b8 e-con-full e-flex e-con e-child\" data-id=\"cp02f26b8\" data-element_type=\"container\" data-e-type=\"container\">\n\t\t\t\t<div class=\"elementor-element elementor-element-cp58c4390 elementor-widget elementor-widget-text-editor\" data-id=\"cp58c4390\" data-element_type=\"widget\" data-e-type=\"widget\" data-widget_type=\"text-editor.default\">\n\t\t\t\t\t\t\t\t\t<p>\u00cdsarnixe (Isarnixe) fellur inn \u00ed hina \u00fatbreiddu hugmynd um vatnad\u00edsir sem lokka menn til dau\u00f0a. N\u00e1skyldust henni er <a href=\"https:\/\/iwell-guard.com\/is\/?page_id=169867\">Loreley<\/a> vi\u00f0 R\u00edn, en s\u00f6ngur hennar lokkar b\u00e1tsmenn einnig \u00ed gl\u00f6tun, \u00fe\u00f3tt Loreley-sagan s\u00e9 b\u00f3kmenntalega mun \u00edtarlegar unnin. Hinn einfaldi <a href=\"https:\/\/iwell-guard.com\/is\/nix\/\">Nix<\/a> og slavneska <a href=\"https:\/\/iwell-guard.com\/is\/rusalka\/\">Rusalka<\/a> deila me\u00f0 Isarnixe \u00feeirri hugmynd um dau\u00f0legt vatnskall og tengingu vi\u00f0 \u00e1kve\u00f0na \u00e1 e\u00f0a vatn. Einnig hin alpneska <a href=\"https:\/\/iwell-guard.com\/is\/salige-frau\/\">Salige Frau<\/a> s\u00fdnir byggingarlegan skyldleika sem tv\u00edr\u00e6\u00f0 kvenvera bundin v\u00f6tnum og n\u00e1tt\u00faru.<\/p>\t\t\t\t\t\t\t\t<\/div>\n\t\t\t\t<\/div>\n\t\t\t\t\t<\/div>\n\t\t\t\t<\/div>\n\t\t<div class=\"elementor-element elementor-element-cp406577c e-flex e-con-boxed e-con e-parent\" data-id=\"cp406577c\" data-element_type=\"container\" data-e-type=\"container\">\n\t\t\t\t\t<div class=\"e-con-inner\">\n\t\t\t\t<div class=\"elementor-element elementor-element-cpdd9c543 elementor-widget elementor-widget-heading\" data-id=\"cpdd9c543\" data-element_type=\"widget\" data-e-type=\"widget\" data-widget_type=\"heading.default\">\n\t\t\t\t\t<h2 class=\"elementor-heading-title elementor-size-default\">Algengar spurningar um Isarnixe<\/h2>\t\t\t\t<\/div>\n\t\t<div class=\"elementor-element elementor-element-cp9e731bb e-con-full e-flex e-con e-child\" data-id=\"cp9e731bb\" data-element_type=\"container\" data-e-type=\"container\">\n\t\t\t\t<div class=\"elementor-element elementor-element-cpa7c898c elementor-widget elementor-widget-text-editor\" data-id=\"cpa7c898c\" data-element_type=\"widget\" data-e-type=\"widget\" data-widget_type=\"text-editor.default\">\n\t\t\t\t\t\t\t\t\t<p><strong>Er Isarnixe einnig a\u00f0 finna \u00ed \u00f6\u00f0rum sagnas\u00f6fnum?<\/strong><\/p><p>Sagan m\u00e1 a\u00f0 mestu rekja til safnritsins Altbayerische Sagen fr\u00e1 1906 og s\u00ed\u00f0ari endursagna \u00feess. V\u00ed\u00f0t\u00e6k, \u00f3h\u00e1\u00f0 munnm\u00e6lahef\u00f0 eins og \u00feekkist um R\u00edn- e\u00f0a Elbusagnir er ekki sta\u00f0fest fyrir Isarnixe.<\/p><p><strong>Hvar \u00e1 Isarnixe n\u00e1kv\u00e6mlega a\u00f0 hafast vi\u00f0?<\/strong><\/p><p>Sem sta\u00f0ur eru nefndir Thalkirchner \u00dcberf\u00e4lle og Isarwehr vi\u00f0 Marienklause, sunnan vi\u00f0 gamla borgarhluta M\u00fcnchen, sv\u00e6\u00f0i sem \u00e1\u00f0ur var mikilv\u00e6gur vinnusta\u00f0ur flotmanna.<\/p><p><strong>Hva\u00f0 greinir Isarnixe fr\u00e1 Loreley?<\/strong><\/p><p>B\u00e1\u00f0ar lokka me\u00f0 s\u00f6ng \u00ed dau\u00f0ann, en Loreley var\u00f0 v\u00ed\u00f0fr\u00e6g \u00ed gegnum b\u00f3kmenntir r\u00f3mant\u00edska t\u00edmans og var listilega m\u00f3tu\u00f0. Isarnixe h\u00e9lst aftur \u00e1 m\u00f3ti sta\u00f0bundin \u00e1nsaga \u00ed M\u00fcnchen \u00e1n samb\u00e6rilegrar b\u00f3kmenntalegrar \u00farvinnslu.<\/p>\t\t\t\t\t\t\t\t<\/div>\n\t\t\t\t<\/div>\n\t\t\t\t\t<\/div>\n\t\t\t\t<\/div>\n\t\t<div class=\"elementor-element elementor-element-36dd7469 e-flex e-con-boxed e-con e-parent\" data-id=\"36dd7469\" data-element_type=\"container\" data-e-type=\"container\">\n\t\t\t\t\t<div class=\"e-con-inner\">\n\t\t\t\t<div class=\"elementor-element elementor-element-13760ab4 elementor-widget elementor-widget-heading\" data-id=\"13760ab4\" data-element_type=\"widget\" data-e-type=\"widget\" data-widget_type=\"heading.default\">\n\t\t\t\t\t<h2 class=\"elementor-heading-title elementor-size-default\">\u00cdtarefni og tenglar<\/h2>\t\t\t\t<\/div>\n\t\t<div class=\"elementor-element elementor-element-28c87796 e-con-full e-flex e-con e-child\" data-id=\"28c87796\" data-element_type=\"container\" data-e-type=\"container\">\n\t\t\t\t<div class=\"elementor-element elementor-element-5d6538df elementor-widget elementor-widget-text-editor\" data-id=\"5d6538df\" data-element_type=\"widget\" data-e-type=\"widget\" data-widget_type=\"text-editor.default\">\n\t\t\t\t\t\t\t\t\t<p>R\u00e1\u00f0lag\u00f0ir innri tenglar:<\/p><ul><li><a href=\"https:\/\/iwell-guard.com\/is\/?page_id=169862\">Alpasv\u00e6\u00f0i\u00f0<\/a> \u2013 \u00f6ll verur \u00far alpneska sagnaheiminum<\/li><li><a href=\"https:\/\/iwell-guard.com\/is\/?page_id=169867\">Loreley<\/a>, <a href=\"https:\/\/iwell-guard.com\/is\/nix\/\">Nix<\/a>, <a href=\"https:\/\/iwell-guard.com\/is\/rusalka\/\">Rusalka<\/a> \u2013 tengdar vatnad\u00edsir og vatnav\u00e6ttir<\/li><li><a href=\"https:\/\/iwell-guard.com\/is\/salige-frau\/\">Salige Frau<\/a> \u2013 tengd alpnesk n\u00e1tt\u00faruvera<\/li><li><a href=\"https:\/\/iwell-guard.com\/is\/vigt-vatn\/\">V\u00edgt vatn<\/a>, <a href=\"https:\/\/iwell-guard.com\/is\/krossinn-sem-verndartakn\/\">Verndarkross<\/a>, <a href=\"https:\/\/iwell-guard.com\/is\/bjollur-og-skellur-havaer-vorn\/\">Kirkjuklukkur<\/a> \u2013 hef\u00f0bundin verndargripir<\/li><li><a href=\"https:\/\/iwell-guard.com\/is\/verndarleidarvisir\/\">Verndarkomp\u00e1ssinn<\/a> \u2013 yfirlit yfir verndargripi<\/li><\/ul>\t\t\t\t\t\t\t\t<\/div>\n\t\t\t\t<\/div>\n\t\t\t\t\t<\/div>\n\t\t\t\t<\/div>\n\t\t<div class=\"elementor-element elementor-element-grl4kl40 e-flex e-con-boxed e-con e-parent\" data-id=\"grl4kl40\" data-element_type=\"container\" data-e-type=\"container\">\n\t\t\t\t\t<div class=\"e-con-inner\">\n\t\t\t\t<div class=\"elementor-element elementor-element-bzsbfrmh elementor-widget elementor-widget-heading\" data-id=\"bzsbfrmh\" data-element_type=\"widget\" data-e-type=\"widget\" data-widget_type=\"heading.default\">\n\t\t\t\t\t<h2 class=\"elementor-heading-title elementor-size-default\">Heimildir (\u00farval)<\/h2>\t\t\t\t<\/div>\n\t\t<div class=\"elementor-element elementor-element-2c13224a e-con-full e-flex e-con e-child\" data-id=\"2c13224a\" data-element_type=\"container\" data-e-type=\"container\">\n\t\t\t\t<div class=\"elementor-element elementor-element-0eymh9ub elementor-widget elementor-widget-text-editor\" data-id=\"0eymh9ub\" data-element_type=\"widget\" data-e-type=\"widget\" data-widget_type=\"text-editor.default\">\n\t\t\t\t\t\t\t\t\t<footer class=\"iwg-literatur\" data-nosnippet=\"true\"><p>\u00darval helstu heimilda og ranns\u00f3kna:<\/p><ul><li><span data-nosnippet>Jugendschriften-Ausschuss des Bezirkslehrervereins M\u00fcnchen (\u00fatg.): <em>Altbayerische Sagen<\/em>. M\u00fcnchen 1906.<\/span><\/li><li><span data-nosnippet>Rett, Willy: <em>Die Isarnixe<\/em>, \u00ed: Die Propyl\u00e4en. Wochenschrift zur M\u00fcnchener Zeitung. 1912.<\/span><\/li><li><span data-nosnippet>Schinzel-Penth, Gisela: <em>Sagen und Legenden von M\u00fcnchen<\/em>. M\u00fcnchen 2015.<\/span><\/li><\/ul><\/footer>\n<p class=\"iwg-bib-more\"><span data-nosnippet>Fleiri grunnverk \u00ed <a href=\"https:\/\/iwell-guard.com\/is\/heimildaskra\/\">heimildaskr\u00e1nni<\/a>.<\/span><\/p>\t\t\t\t\t\t\t\t<\/div>\n\t\t\t\t<\/div>\n\t\t\t\t\t<\/div>\n\t\t\t\t<\/div>\n\t\t<div class=\"elementor-element elementor-element-iwgkw2-add-hulijing e-flex e-con-boxed e-con e-parent\" data-id=\"iwgkw2-add-hulijing\" data-element_type=\"container\" data-e-type=\"container\">\n\t\t\t\t\t<div class=\"e-con-inner\">\n\t\t\t\t<div class=\"elementor-element elementor-element-iwgkw2-add-hulijing-t elementor-widget elementor-widget-text-editor\" data-id=\"iwgkw2-add-hulijing-t\" data-element_type=\"widget\" data-e-type=\"widget\" data-widget_type=\"text-editor.default\">\n\t\t\t\t\t\t\t\t\t<p>Isarnixe-sagan er sem Isar-vatnav\u00e6ttur enn bundin vi\u00f0 einn \u00e1kve\u00f0inn sta\u00f0: Thalkirchner \u00dcberf\u00e4lle, \u00fear sem s\u00f6gur af banv\u00e6nu lokkandi kalli hafa veri\u00f0 sag\u00f0ar \u00ed meira en hundra\u00f0 \u00e1r og vara vi\u00f0 h\u00e6ttunni vi\u00f0 vatni\u00f0.<\/p>\t\t\t\t\t\t\t\t<\/div>\n\t\t\t\t\t<\/div>\n\t\t\t\t<\/div>\n\t\t\t\t<\/div>\n\t\t","protected":false},"excerpt":{"rendered":"","protected":false},"author":3,"featured_media":20524,"parent":0,"menu_order":0,"comment_status":"closed","ping_status":"closed","template":"elementor_header_footer","meta":{"_yoast_wpseo_focuskw":"isarnixe","_yoast_wpseo_title":"Isarnixe \u2013 vatnavera \u00ed Isarfl\u00e6\u00f0um M\u00fcnchen","_yoast_wpseo_metadesc":"Isarnixe: vatnavera \u00ed Isarfl\u00e6\u00f0um vi\u00f0 M\u00fcnchen, kunn fyrir banv\u00e6nt a\u00f0dr\u00e1ttarkall sitt. Sagan, uppruni og sta\u00f0a hennar \u00ed arfs\u00f6gnum um nykrur.","_yoast_wpseo_meta-robots-noindex":"","_yoast_wpseo_canonical":"","_angie_page":false,"gefaehrdungsstufe":"4","wesen_kultur":"alpin","wesen_klasse":"geister","footnotes":""},"categories":[],"class_list":["post-169833","page","type-page","status-publish","has-post-thumbnail","hentry"],"yoast_head":"<!-- This site is optimized with the Yoast SEO Premium plugin v27.7 (Yoast SEO v28.3) - https:\/\/yoast.com\/product\/yoast-seo-premium-wordpress\/ -->\n<title>Isarnixe \u2013 vatnavera \u00ed Isarfl\u00e6\u00f0um M\u00fcnchen<\/title>\n<meta name=\"description\" content=\"Isarnixe: vatnavera \u00ed Isarfl\u00e6\u00f0um vi\u00f0 M\u00fcnchen, kunn fyrir banv\u00e6nt a\u00f0dr\u00e1ttarkall sitt. Sagan, uppruni og sta\u00f0a hennar \u00ed arfs\u00f6gnum um nykrur.\" \/>\n<meta name=\"robots\" content=\"index, follow, max-snippet:-1, max-image-preview:large, max-video-preview:-1\" \/>\n<link rel=\"canonical\" href=\"https:\/\/iwell-guard.com\/is\/isarnixe\/\" \/>\n<meta property=\"og:locale\" content=\"is_IS\" \/>\n<meta property=\"og:type\" content=\"article\" \/>\n<meta property=\"og:title\" content=\"Isarnixe\" \/>\n<meta property=\"og:description\" content=\"Isarnixe: vatnavera \u00ed Isarfl\u00e6\u00f0um vi\u00f0 M\u00fcnchen, kunn fyrir banv\u00e6nt a\u00f0dr\u00e1ttarkall sitt. Sagan, uppruni og sta\u00f0a hennar \u00ed arfs\u00f6gnum um nykrur.\" \/>\n<meta property=\"og:url\" content=\"https:\/\/iwell-guard.com\/is\/isarnixe\/\" \/>\n<meta property=\"og:site_name\" content=\"iWell Guard\" \/>\n<meta property=\"article:modified_time\" content=\"2026-09-05T14:57:42+00:00\" \/>\n<meta property=\"og:image\" content=\"https:\/\/iwell-guard.com\/wp-content\/uploads\/2026\/07\/geister_alpin_isarnixe.webp\" \/>\n\t<meta property=\"og:image:width\" content=\"1024\" \/>\n\t<meta property=\"og:image:height\" content=\"1536\" \/>\n\t<meta property=\"og:image:type\" content=\"image\/webp\" \/>\n<meta name=\"twitter:card\" content=\"summary_large_image\" \/>\n<script type=\"application\/ld+json\" class=\"yoast-schema-graph\">{\"@context\":\"https:\\\/\\\/schema.org\",\"@graph\":[{\"@type\":\"Article\",\"@id\":\"https:\\\/\\\/iwell-guard.com\\\/is\\\/isarnixe\\\/#article\",\"isPartOf\":{\"@id\":\"https:\\\/\\\/iwell-guard.com\\\/is\\\/isarnixe\\\/\"},\"author\":{\"name\":\"Ralf Ittermann\",\"@id\":\"https:\\\/\\\/iwell-guard.com\\\/is\\\/#\\\/schema\\\/person\\\/ee2a27f1cac3406c7c6fb5820cb7349f\"},\"headline\":\"Isarnixe\",\"datePublished\":\"2026-09-05T14:12:07+00:00\",\"dateModified\":\"2026-09-05T14:57:42+00:00\",\"mainEntityOfPage\":{\"@id\":\"https:\\\/\\\/iwell-guard.com\\\/is\\\/isarnixe\\\/\"},\"publisher\":{\"@id\":\"https:\\\/\\\/iwell-guard.com\\\/is\\\/#organization\"},\"image\":{\"@id\":\"https:\\\/\\\/iwell-guard.com\\\/is\\\/isarnixe\\\/#primaryimage\"},\"thumbnailUrl\":\"https:\\\/\\\/iwell-guard.com\\\/wp-content\\\/uploads\\\/2026\\\/07\\\/geister_alpin_isarnixe.webp\",\"inLanguage\":\"is\",\"description\":\"Isarnixe: vatnavera \u00ed Isarfl\u00e6\u00f0um vi\u00f0 M\u00fcnchen, kunn fyrir banv\u00e6nt a\u00f0dr\u00e1ttarkall sitt. Sagan, uppruni og sta\u00f0a hennar \u00ed arfs\u00f6gnum um nykrur.\"},{\"@type\":\"WebPage\",\"@id\":\"https:\\\/\\\/iwell-guard.com\\\/is\\\/isarnixe\\\/\",\"url\":\"https:\\\/\\\/iwell-guard.com\\\/is\\\/isarnixe\\\/\",\"name\":\"Isarnixe \u2013 vatnavera \u00ed Isarfl\u00e6\u00f0um M\u00fcnchen\",\"isPartOf\":{\"@id\":\"https:\\\/\\\/iwell-guard.com\\\/is\\\/#website\"},\"primaryImageOfPage\":{\"@id\":\"https:\\\/\\\/iwell-guard.com\\\/is\\\/isarnixe\\\/#primaryimage\"},\"image\":{\"@id\":\"https:\\\/\\\/iwell-guard.com\\\/is\\\/isarnixe\\\/#primaryimage\"},\"thumbnailUrl\":\"https:\\\/\\\/iwell-guard.com\\\/wp-content\\\/uploads\\\/2026\\\/07\\\/geister_alpin_isarnixe.webp\",\"datePublished\":\"2026-09-05T14:12:07+00:00\",\"dateModified\":\"2026-09-05T14:57:42+00:00\",\"description\":\"Isarnixe: vatnavera \u00ed Isarfl\u00e6\u00f0um vi\u00f0 M\u00fcnchen, kunn fyrir banv\u00e6nt a\u00f0dr\u00e1ttarkall sitt. Sagan, uppruni og sta\u00f0a hennar \u00ed arfs\u00f6gnum um nykrur.\",\"breadcrumb\":{\"@id\":\"https:\\\/\\\/iwell-guard.com\\\/is\\\/isarnixe\\\/#breadcrumb\"},\"inLanguage\":\"is\",\"potentialAction\":[{\"@type\":\"ReadAction\",\"target\":[\"https:\\\/\\\/iwell-guard.com\\\/is\\\/isarnixe\\\/\"]}]},{\"@type\":\"ImageObject\",\"inLanguage\":\"is\",\"@id\":\"https:\\\/\\\/iwell-guard.com\\\/is\\\/isarnixe\\\/#primaryimage\",\"url\":\"https:\\\/\\\/iwell-guard.com\\\/wp-content\\\/uploads\\\/2026\\\/07\\\/geister_alpin_isarnixe.webp\",\"contentUrl\":\"https:\\\/\\\/iwell-guard.com\\\/wp-content\\\/uploads\\\/2026\\\/07\\\/geister_alpin_isarnixe.webp\",\"width\":1024,\"height\":1536,\"caption\":\"Isarnixe - Andi \u00far alpahef\u00f0inni, s\u00f6gulega myndskreytt\"},{\"@type\":\"BreadcrumbList\",\"@id\":\"https:\\\/\\\/iwell-guard.com\\\/is\\\/isarnixe\\\/#breadcrumb\",\"itemListElement\":[{\"@type\":\"ListItem\",\"position\":1,\"name\":\"Start\",\"item\":\"https:\\\/\\\/iwell-guard.com\\\/is\\\/?page_id=168580\"},{\"@type\":\"ListItem\",\"position\":2,\"name\":\"Isarnixe\"}]},{\"@type\":\"WebSite\",\"@id\":\"https:\\\/\\\/iwell-guard.com\\\/is\\\/#website\",\"url\":\"https:\\\/\\\/iwell-guard.com\\\/is\\\/\",\"name\":\"iWell Guard\",\"description\":\"Schutz vor dunklen Einfl\u00fcssen\",\"publisher\":{\"@id\":\"https:\\\/\\\/iwell-guard.com\\\/is\\\/#organization\"},\"potentialAction\":[{\"@type\":\"SearchAction\",\"target\":{\"@type\":\"EntryPoint\",\"urlTemplate\":\"https:\\\/\\\/iwell-guard.com\\\/is\\\/?s={search_term_string}\"},\"query-input\":{\"@type\":\"PropertyValueSpecification\",\"valueRequired\":true,\"valueName\":\"search_term_string\"}}],\"inLanguage\":\"is\"},{\"@type\":\"Organization\",\"@id\":\"https:\\\/\\\/iwell-guard.com\\\/is\\\/#organization\",\"name\":\"Ittermann electronic GmbH\",\"url\":\"https:\\\/\\\/iwell-guard.com\\\/is\\\/\",\"logo\":{\"@type\":\"ImageObject\",\"inLanguage\":\"is\",\"@id\":\"https:\\\/\\\/iwell-guard.com\\\/is\\\/#\\\/schema\\\/logo\\\/image\\\/\",\"url\":\"https:\\\/\\\/iwell-guard.com\\\/wp-content\\\/uploads\\\/2026\\\/05\\\/Ittermann-Logo-1182x237-1.png\",\"contentUrl\":\"https:\\\/\\\/iwell-guard.com\\\/wp-content\\\/uploads\\\/2026\\\/05\\\/Ittermann-Logo-1182x237-1.png\",\"width\":1182,\"height\":237,\"caption\":\"Ittermann electronic GmbH\"},\"image\":{\"@id\":\"https:\\\/\\\/iwell-guard.com\\\/is\\\/#\\\/schema\\\/logo\\\/image\\\/\"},\"sameAs\":[\"https:\\\/\\\/pantip.com\\\/profile\\\/9367242\",\"https:\\\/\\\/micro.blog\\\/iwellguard\",\"https:\\\/\\\/www.diggerslist.com\\\/iwellguard\\\/about\",\"https:\\\/\\\/skitterphoto.com\\\/photographers\\\/2870314\\\/iwell-guard\",\"https:\\\/\\\/iwellguard.wordpress.com\\\/2026\\\/06\\\/06\\\/iwell-guard\\\/\",\"https:\\\/\\\/hub.docker.com\\\/u\\\/iwellguard\",\"https:\\\/\\\/www.pinterest.com\\\/iwellguard\\\/\",\"https:\\\/\\\/bit.ly\\\/m\\\/iwellguard\",\"https:\\\/\\\/entre-vos-mains.alsace.eu\\\/profiles\\\/iwellguard\\\/activity\",\"https:\\\/\\\/gravatar.com\\\/reallybeded8fd34\",\"https:\\\/\\\/naijamatta.com\\\/iwellguard\",\"https:\\\/\\\/www.goodreads.com\\\/iwellguard\",\"https:\\\/\\\/profile.hatena.ne.jp\\\/iwellguard\\\/\",\"https:\\\/\\\/experiment.com\\\/users\\\/iwellguard\",\"https:\\\/\\\/wakelet.com\\\/@iWellGuard82270\",\"https:\\\/\\\/www.chordie.com\\\/forum\\\/profile.php?id=2555664\",\"https:\\\/\\\/www.instapaper.com\\\/p\\\/17757966\",\"https:\\\/\\\/www.mapleprimes.com\\\/users\\\/iwellguard\",\"https:\\\/\\\/businesslistingplus.com\\\/profile\\\/iwell-guard\\\/\",\"https:\\\/\\\/telegra.ph\\\/iWell-Guard-06-06\",\"https:\\\/\\\/pbase.com\\\/iwellguard\\\/iwellguard\",\"https:\\\/\\\/b.hatena.ne.jp\\\/iwellguard\\\/20260607#bookmark-4788405196491818882\",\"https:\\\/\\\/fliphtml5.com\\\/home\\\/iwellguard\",\"https:\\\/\\\/anyflip.com\\\/homepage\\\/cmiwl#About\",\"https:\\\/\\\/transfur.com\\\/Users\\\/iwellguard\",\"http:\\\/\\\/delphi.larsbo.org\\\/user\\\/iwellguard\",\"https:\\\/\\\/jobs.lajobsportal.org\\\/profiles\\\/8380803-iwell-guard\",\"https:\\\/\\\/md.chaosdorf.de\\\/s\\\/jfbe5SBdJD\",\"https:\\\/\\\/www.lingvolive.com\\\/en-us\\\/profile\\\/9ecaeaca-ce11-4e51-9e71-01d55e2bff36\\\/translations\",\"https:\\\/\\\/www.fitday.com\\\/fitness\\\/forums\\\/members\\\/iwellguard.html\",\"https:\\\/\\\/www.mymeetbook.com\\\/iwellguard\",\"https:\\\/\\\/pxhere.com\\\/en\\\/photographer-me\\\/5040798\",\"https:\\\/\\\/disqus.com\\\/by\\\/iwellguard\\\/about\\\/\",\"https:\\\/\\\/pastelink.net\\\/hjwciqwq\",\"https:\\\/\\\/pubhtml5.com\\\/homepage\\\/scjhn\\\/\",\"https:\\\/\\\/www.bitchute.com\\\/channel\\\/2O2eOKzNqujT\",\"https:\\\/\\\/audiomack.com\\\/iwellguard\"]},{\"@type\":\"Person\",\"@id\":\"https:\\\/\\\/iwell-guard.com\\\/is\\\/#\\\/schema\\\/person\\\/ee2a27f1cac3406c7c6fb5820cb7349f\",\"name\":\"Ralf Ittermann\",\"image\":{\"@type\":\"ImageObject\",\"inLanguage\":\"is\",\"@id\":\"https:\\\/\\\/secure.gravatar.com\\\/avatar\\\/073c0153e350a5005b68eb752b445fea71f6b24a26da9449ad7e155e6b446c9d?s=96&d=mm&r=g\",\"url\":\"https:\\\/\\\/secure.gravatar.com\\\/avatar\\\/073c0153e350a5005b68eb752b445fea71f6b24a26da9449ad7e155e6b446c9d?s=96&d=mm&r=g\",\"contentUrl\":\"https:\\\/\\\/secure.gravatar.com\\\/avatar\\\/073c0153e350a5005b68eb752b445fea71f6b24a26da9449ad7e155e6b446c9d?s=96&d=mm&r=g\",\"caption\":\"Ralf Ittermann\"},\"givenName\":\"Ralf\",\"familyName\":\"Ittermann\",\"jobTitle\":\"Gesch\u00e4ftsf\u00fchrer und redaktioneller Verantwortlicher\",\"url\":\"https:\\\/\\\/iwell-guard.com\\\/is\\\/author\\\/claude\\\/\",\"description\":\"Ralf Ittermann ist Gesch\u00e4ftsf\u00fchrer der Ittermann electronic GmbH und redaktioneller Verantwortlicher des iWell-Guard-Lexikons. Er verbindet langj\u00e4hrige Erfahrung in der Pr\u00e4zisionsfertigung mit medialer Praxis und religionsgeschichtlicher Quellenarbeit.\",\"worksFor\":{\"@type\":\"Organization\",\"name\":\"Ittermann electronic GmbH\",\"url\":\"https:\\\/\\\/ittermann.de\\\/\",\"address\":{\"@type\":\"PostalAddress\",\"streetAddress\":\"K\u00f6hlergasse 16-18\",\"postalCode\":\"99842\",\"addressLocality\":\"Ruhla\",\"addressCountry\":\"DE\"}},\"knowsAbout\":[\"Religionsgeschichte\",\"Mythologie\",\"Mediale Praxis\",\"Energetische Diagnostik\",\"Schutzpraxis\",\"Volksglauben\",\"Westliche Esoterik\"]},{\"@type\":\"Article\",\"@id\":\"https:\\\/\\\/iwell-guard.com\\\/is\\\/isarnixe\\\/#article\",\"isPartOf\":{\"@id\":\"https:\\\/\\\/iwell-guard.com\\\/is\\\/isarnixe\\\/\"},\"author\":{\"name\":\"Ralf Ittermann\",\"@id\":\"https:\\\/\\\/iwell-guard.com\\\/is\\\/#\\\/schema\\\/person\\\/ee2a27f1cac3406c7c6fb5820cb7349f\"},\"headline\":\"Isarnixe\",\"datePublished\":\"2026-09-05T14:12:07+00:00\",\"dateModified\":\"2026-09-05T14:57:42+00:00\",\"mainEntityOfPage\":{\"@id\":\"https:\\\/\\\/iwell-guard.com\\\/is\\\/isarnixe\\\/\"},\"publisher\":{\"@id\":\"https:\\\/\\\/iwell-guard.com\\\/is\\\/#organization\"},\"image\":{\"@id\":\"https:\\\/\\\/iwell-guard.com\\\/is\\\/isarnixe\\\/#primaryimage\"},\"thumbnailUrl\":\"https:\\\/\\\/iwell-guard.com\\\/wp-content\\\/uploads\\\/2026\\\/07\\\/geister_alpin_isarnixe.webp\",\"inLanguage\":\"is\",\"description\":\"Isarnixe: vatnavera \u00ed Isarfl\u00e6\u00f0um vi\u00f0 M\u00fcnchen, kunn fyrir banv\u00e6nt a\u00f0dr\u00e1ttarkall sitt. Sagan, uppruni og sta\u00f0a hennar \u00ed arfs\u00f6gnum um nykrur.\"}]}<\/script>\n<!-- \/ Yoast SEO Premium plugin. -->","yoast_head_json":{"title":"Isarnixe \u2013 vatnavera \u00ed Isarfl\u00e6\u00f0um M\u00fcnchen","description":"Isarnixe: vatnavera \u00ed Isarfl\u00e6\u00f0um vi\u00f0 M\u00fcnchen, kunn fyrir banv\u00e6nt a\u00f0dr\u00e1ttarkall sitt. Sagan, uppruni og sta\u00f0a hennar \u00ed arfs\u00f6gnum um nykrur.","robots":{"index":"index","follow":"follow","max-snippet":"max-snippet:-1","max-image-preview":"max-image-preview:large","max-video-preview":"max-video-preview:-1"},"canonical":"https:\/\/iwell-guard.com\/is\/isarnixe\/","og_locale":"is_IS","og_type":"article","og_title":"Isarnixe","og_description":"Isarnixe: vatnavera \u00ed Isarfl\u00e6\u00f0um vi\u00f0 M\u00fcnchen, kunn fyrir banv\u00e6nt a\u00f0dr\u00e1ttarkall sitt. Sagan, uppruni og sta\u00f0a hennar \u00ed arfs\u00f6gnum um nykrur.","og_url":"https:\/\/iwell-guard.com\/is\/isarnixe\/","og_site_name":"iWell Guard","article_modified_time":"2026-09-05T14:57:42+00:00","og_image":[{"width":1024,"height":1536,"url":"https:\/\/iwell-guard.com\/wp-content\/uploads\/2026\/07\/geister_alpin_isarnixe.webp","type":"image\/webp"}],"twitter_card":"summary_large_image","schema":{"@context":"https:\/\/schema.org","@graph":[{"@type":"Article","@id":"https:\/\/iwell-guard.com\/is\/isarnixe\/#article","isPartOf":{"@id":"https:\/\/iwell-guard.com\/is\/isarnixe\/"},"author":{"name":"Ralf Ittermann","@id":"https:\/\/iwell-guard.com\/is\/#\/schema\/person\/ee2a27f1cac3406c7c6fb5820cb7349f"},"headline":"Isarnixe","datePublished":"2026-09-05T14:12:07+00:00","dateModified":"2026-09-05T14:57:42+00:00","mainEntityOfPage":{"@id":"https:\/\/iwell-guard.com\/is\/isarnixe\/"},"publisher":{"@id":"https:\/\/iwell-guard.com\/is\/#organization"},"image":{"@id":"https:\/\/iwell-guard.com\/is\/isarnixe\/#primaryimage"},"thumbnailUrl":"https:\/\/iwell-guard.com\/wp-content\/uploads\/2026\/07\/geister_alpin_isarnixe.webp","inLanguage":"is","description":"Isarnixe: vatnavera \u00ed Isarfl\u00e6\u00f0um vi\u00f0 M\u00fcnchen, kunn fyrir banv\u00e6nt a\u00f0dr\u00e1ttarkall sitt. Sagan, uppruni og sta\u00f0a hennar \u00ed arfs\u00f6gnum um nykrur."},{"@type":"WebPage","@id":"https:\/\/iwell-guard.com\/is\/isarnixe\/","url":"https:\/\/iwell-guard.com\/is\/isarnixe\/","name":"Isarnixe \u2013 vatnavera \u00ed Isarfl\u00e6\u00f0um M\u00fcnchen","isPartOf":{"@id":"https:\/\/iwell-guard.com\/is\/#website"},"primaryImageOfPage":{"@id":"https:\/\/iwell-guard.com\/is\/isarnixe\/#primaryimage"},"image":{"@id":"https:\/\/iwell-guard.com\/is\/isarnixe\/#primaryimage"},"thumbnailUrl":"https:\/\/iwell-guard.com\/wp-content\/uploads\/2026\/07\/geister_alpin_isarnixe.webp","datePublished":"2026-09-05T14:12:07+00:00","dateModified":"2026-09-05T14:57:42+00:00","description":"Isarnixe: vatnavera \u00ed Isarfl\u00e6\u00f0um vi\u00f0 M\u00fcnchen, kunn fyrir banv\u00e6nt a\u00f0dr\u00e1ttarkall sitt. Sagan, uppruni og sta\u00f0a hennar \u00ed arfs\u00f6gnum um nykrur.","breadcrumb":{"@id":"https:\/\/iwell-guard.com\/is\/isarnixe\/#breadcrumb"},"inLanguage":"is","potentialAction":[{"@type":"ReadAction","target":["https:\/\/iwell-guard.com\/is\/isarnixe\/"]}]},{"@type":"ImageObject","inLanguage":"is","@id":"https:\/\/iwell-guard.com\/is\/isarnixe\/#primaryimage","url":"https:\/\/iwell-guard.com\/wp-content\/uploads\/2026\/07\/geister_alpin_isarnixe.webp","contentUrl":"https:\/\/iwell-guard.com\/wp-content\/uploads\/2026\/07\/geister_alpin_isarnixe.webp","width":1024,"height":1536,"caption":"Isarnixe - Andi \u00far alpahef\u00f0inni, s\u00f6gulega myndskreytt"},{"@type":"BreadcrumbList","@id":"https:\/\/iwell-guard.com\/is\/isarnixe\/#breadcrumb","itemListElement":[{"@type":"ListItem","position":1,"name":"Start","item":"https:\/\/iwell-guard.com\/is\/?page_id=168580"},{"@type":"ListItem","position":2,"name":"Isarnixe"}]},{"@type":"WebSite","@id":"https:\/\/iwell-guard.com\/is\/#website","url":"https:\/\/iwell-guard.com\/is\/","name":"iWell Guard","description":"Schutz vor dunklen Einfl\u00fcssen","publisher":{"@id":"https:\/\/iwell-guard.com\/is\/#organization"},"potentialAction":[{"@type":"SearchAction","target":{"@type":"EntryPoint","urlTemplate":"https:\/\/iwell-guard.com\/is\/?s={search_term_string}"},"query-input":{"@type":"PropertyValueSpecification","valueRequired":true,"valueName":"search_term_string"}}],"inLanguage":"is"},{"@type":"Organization","@id":"https:\/\/iwell-guard.com\/is\/#organization","name":"Ittermann electronic GmbH","url":"https:\/\/iwell-guard.com\/is\/","logo":{"@type":"ImageObject","inLanguage":"is","@id":"https:\/\/iwell-guard.com\/is\/#\/schema\/logo\/image\/","url":"https:\/\/iwell-guard.com\/wp-content\/uploads\/2026\/05\/Ittermann-Logo-1182x237-1.png","contentUrl":"https:\/\/iwell-guard.com\/wp-content\/uploads\/2026\/05\/Ittermann-Logo-1182x237-1.png","width":1182,"height":237,"caption":"Ittermann electronic GmbH"},"image":{"@id":"https:\/\/iwell-guard.com\/is\/#\/schema\/logo\/image\/"},"sameAs":["https:\/\/pantip.com\/profile\/9367242","https:\/\/micro.blog\/iwellguard","https:\/\/www.diggerslist.com\/iwellguard\/about","https:\/\/skitterphoto.com\/photographers\/2870314\/iwell-guard","https:\/\/iwellguard.wordpress.com\/2026\/06\/06\/iwell-guard\/","https:\/\/hub.docker.com\/u\/iwellguard","https:\/\/www.pinterest.com\/iwellguard\/","https:\/\/bit.ly\/m\/iwellguard","https:\/\/entre-vos-mains.alsace.eu\/profiles\/iwellguard\/activity","https:\/\/gravatar.com\/reallybeded8fd34","https:\/\/naijamatta.com\/iwellguard","https:\/\/www.goodreads.com\/iwellguard","https:\/\/profile.hatena.ne.jp\/iwellguard\/","https:\/\/experiment.com\/users\/iwellguard","https:\/\/wakelet.com\/@iWellGuard82270","https:\/\/www.chordie.com\/forum\/profile.php?id=2555664","https:\/\/www.instapaper.com\/p\/17757966","https:\/\/www.mapleprimes.com\/users\/iwellguard","https:\/\/businesslistingplus.com\/profile\/iwell-guard\/","https:\/\/telegra.ph\/iWell-Guard-06-06","https:\/\/pbase.com\/iwellguard\/iwellguard","https:\/\/b.hatena.ne.jp\/iwellguard\/20260607#bookmark-4788405196491818882","https:\/\/fliphtml5.com\/home\/iwellguard","https:\/\/anyflip.com\/homepage\/cmiwl#About","https:\/\/transfur.com\/Users\/iwellguard","http:\/\/delphi.larsbo.org\/user\/iwellguard","https:\/\/jobs.lajobsportal.org\/profiles\/8380803-iwell-guard","https:\/\/md.chaosdorf.de\/s\/jfbe5SBdJD","https:\/\/www.lingvolive.com\/en-us\/profile\/9ecaeaca-ce11-4e51-9e71-01d55e2bff36\/translations","https:\/\/www.fitday.com\/fitness\/forums\/members\/iwellguard.html","https:\/\/www.mymeetbook.com\/iwellguard","https:\/\/pxhere.com\/en\/photographer-me\/5040798","https:\/\/disqus.com\/by\/iwellguard\/about\/","https:\/\/pastelink.net\/hjwciqwq","https:\/\/pubhtml5.com\/homepage\/scjhn\/","https:\/\/www.bitchute.com\/channel\/2O2eOKzNqujT","https:\/\/audiomack.com\/iwellguard"]},{"@type":"Person","@id":"https:\/\/iwell-guard.com\/is\/#\/schema\/person\/ee2a27f1cac3406c7c6fb5820cb7349f","name":"Ralf Ittermann","image":{"@type":"ImageObject","inLanguage":"is","@id":"https:\/\/secure.gravatar.com\/avatar\/073c0153e350a5005b68eb752b445fea71f6b24a26da9449ad7e155e6b446c9d?s=96&d=mm&r=g","url":"https:\/\/secure.gravatar.com\/avatar\/073c0153e350a5005b68eb752b445fea71f6b24a26da9449ad7e155e6b446c9d?s=96&d=mm&r=g","contentUrl":"https:\/\/secure.gravatar.com\/avatar\/073c0153e350a5005b68eb752b445fea71f6b24a26da9449ad7e155e6b446c9d?s=96&d=mm&r=g","caption":"Ralf Ittermann"},"givenName":"Ralf","familyName":"Ittermann","jobTitle":"Gesch\u00e4ftsf\u00fchrer und redaktioneller Verantwortlicher","url":"https:\/\/iwell-guard.com\/is\/author\/claude\/","description":"Ralf Ittermann ist Gesch\u00e4ftsf\u00fchrer der Ittermann electronic GmbH und redaktioneller Verantwortlicher des iWell-Guard-Lexikons. Er verbindet langj\u00e4hrige Erfahrung in der Pr\u00e4zisionsfertigung mit medialer Praxis und religionsgeschichtlicher Quellenarbeit.","worksFor":{"@type":"Organization","name":"Ittermann electronic GmbH","url":"https:\/\/ittermann.de\/","address":{"@type":"PostalAddress","streetAddress":"K\u00f6hlergasse 16-18","postalCode":"99842","addressLocality":"Ruhla","addressCountry":"DE"}},"knowsAbout":["Religionsgeschichte","Mythologie","Mediale Praxis","Energetische Diagnostik","Schutzpraxis","Volksglauben","Westliche Esoterik"]},{"@type":"Article","@id":"https:\/\/iwell-guard.com\/is\/isarnixe\/#article","isPartOf":{"@id":"https:\/\/iwell-guard.com\/is\/isarnixe\/"},"author":{"name":"Ralf Ittermann","@id":"https:\/\/iwell-guard.com\/is\/#\/schema\/person\/ee2a27f1cac3406c7c6fb5820cb7349f"},"headline":"Isarnixe","datePublished":"2026-09-05T14:12:07+00:00","dateModified":"2026-09-05T14:57:42+00:00","mainEntityOfPage":{"@id":"https:\/\/iwell-guard.com\/is\/isarnixe\/"},"publisher":{"@id":"https:\/\/iwell-guard.com\/is\/#organization"},"image":{"@id":"https:\/\/iwell-guard.com\/is\/isarnixe\/#primaryimage"},"thumbnailUrl":"https:\/\/iwell-guard.com\/wp-content\/uploads\/2026\/07\/geister_alpin_isarnixe.webp","inLanguage":"is","description":"Isarnixe: vatnavera \u00ed Isarfl\u00e6\u00f0um vi\u00f0 M\u00fcnchen, kunn fyrir banv\u00e6nt a\u00f0dr\u00e1ttarkall sitt. Sagan, uppruni og sta\u00f0a hennar \u00ed arfs\u00f6gnum um nykrur."}]}},"_links":{"self":[{"href":"https:\/\/iwell-guard.com\/is\/wp-json\/wp\/v2\/pages\/169833","targetHints":{"allow":["GET"]}}],"collection":[{"href":"https:\/\/iwell-guard.com\/is\/wp-json\/wp\/v2\/pages"}],"about":[{"href":"https:\/\/iwell-guard.com\/is\/wp-json\/wp\/v2\/types\/page"}],"author":[{"embeddable":true,"href":"https:\/\/iwell-guard.com\/is\/wp-json\/wp\/v2\/users\/3"}],"replies":[{"embeddable":true,"href":"https:\/\/iwell-guard.com\/is\/wp-json\/wp\/v2\/comments?post=169833"}],"version-history":[{"count":0,"href":"https:\/\/iwell-guard.com\/is\/wp-json\/wp\/v2\/pages\/169833\/revisions"}],"wp:featuredmedia":[{"embeddable":true,"href":"https:\/\/iwell-guard.com\/is\/wp-json\/wp\/v2\/media\/20524"}],"wp:attachment":[{"href":"https:\/\/iwell-guard.com\/is\/wp-json\/wp\/v2\/media?parent=169833"}],"wp:term":[{"taxonomy":"category","embeddable":true,"href":"https:\/\/iwell-guard.com\/is\/wp-json\/wp\/v2\/categories?post=169833"}],"curies":[{"name":"wp","href":"https:\/\/api.w.org\/{rel}","templated":true}]}}