{"id":169828,"date":"2026-09-05T14:12:05","date_gmt":"2026-09-05T14:12:05","guid":{"rendered":"https:\/\/iwell-guard.com\/?page_id=169828"},"modified":"2026-09-05T14:57:35","modified_gmt":"2026-09-05T14:57:35","slug":"holla-frau-holle","status":"publish","type":"page","link":"https:\/\/iwell-guard.com\/is\/holla-frau-holle\/","title":{"rendered":"Holla (Fr\u00fa Holle)"},"content":{"rendered":"\t\t<div data-elementor-type=\"wp-page\" data-elementor-id=\"169828\" class=\"elementor elementor-169828 elementor-20480\" data-elementor-post-type=\"page\">\n\t\t\t\t<div class=\"elementor-element elementor-element-10fdade e-flex e-con-boxed e-con e-parent\" data-id=\"10fdade\" data-element_type=\"container\" data-e-type=\"container\" data-settings=\"{&quot;background_background&quot;:&quot;classic&quot;}\">\n\t\t\t\t\t<div class=\"e-con-inner\">\n\t\t<div class=\"elementor-element elementor-element-herohlft0 e-flex e-con-boxed e-con e-child\" data-id=\"herohlft0\" data-element_type=\"container\" data-e-type=\"container\">\n\t\t\t\t\t<div class=\"e-con-inner\">\n\t\t<div class=\"elementor-element elementor-element-c3ceb64 e-con-full e-flex e-con e-child\" data-id=\"c3ceb64\" data-element_type=\"container\" data-e-type=\"container\">\n\t\t\t\t<div class=\"elementor-element elementor-element-96ae5e1 elementor-widget elementor-widget-heading\" data-id=\"96ae5e1\" data-element_type=\"widget\" data-e-type=\"widget\" data-widget_type=\"heading.default\">\n\t\t\t\t\t<h1 class=\"elementor-heading-title elementor-size-default\">Fr\u00fa Holle, m\u00f3\u00f0urgy\u00f0ja Rauhn\u00e4chte og vetrarve\u00f0urs<\/h1>\t\t\t\t<\/div>\n\t\t\t\t<div class=\"elementor-element elementor-element-e45238a elementor-widget elementor-widget-text-editor\" data-id=\"e45238a\" data-element_type=\"widget\" data-e-type=\"widget\" data-widget_type=\"text-editor.default\">\n\t\t\t\t\t\t\t\t\t<p>Holla er <span class=\"iwg-fachbegriff\" data-tooltip=\"Pers\u00f3nuger\u00f0 \u00e6\u00f0sta vald \u00ed go\u00f0heimi menningar, tignu\u00f0 me\u00f0 d\u00fdrkun og f\u00f3rnum.\" tabindex=\"0\">gy\u00f0ja<\/span> germanskrar hef\u00f0ar.<\/p><p><strong>M\u00f3\u00f0urgy\u00f0ja ve\u00f0urs og i\u00f0jusemi, kunn sem Fr\u00fa Holle.<\/strong> Kynningin varpar lj\u00f3si \u00e1 Fr\u00fa Holle sem drottningu vetrarve\u00f0urs, sem l\u00e6tur snj\u00f3 falla me\u00f0 \u00fev\u00ed a\u00f0 d\u00faska r\u00famf\u00f6t s\u00edn. Titillinn nefnir Fr\u00fa Holle m\u00f3\u00f0urgy\u00f0ju Germana.<\/p>\t\t\t\t\t\t\t\t<\/div>\n\t\t\t\t<\/div>\n\t\t<div class=\"elementor-element elementor-element-klsbdg01 e-con-full e-flex e-con e-parent\" data-id=\"klsbdg01\" data-element_type=\"container\" data-e-type=\"container\">\n\t\t\t\t<div class=\"elementor-element elementor-element-klshtm01 elementor-widget elementor-widget-html\" data-id=\"klshtm01\" data-element_type=\"widget\" data-e-type=\"widget\" data-widget_type=\"html.default\">\n\t\t\t\t\t<div class=\"iwg-pill-row\"><span class=\"iwg-klasse-badge\" tabindex=\"0\" data-tooltip=\"Gu\u00f0 \/ gy\u00f0ja: Pers\u00f3nugerving h\u00e6sta valds \u00ed go\u00f0heimi tiltekinnar menningar, me\u00f0 sk\u00fdrum \u00e1byrg\u00f0arsvi\u00f0um, n\u00e1tt\u00faru\u00f6flum, \u00f6rl\u00f6gum, str\u00ed\u00f0i, frj\u00f3semi. D\u00fdrku\u00f0 me\u00f0 helgisi\u00f0um, f\u00f3rnum og hofstofnunum.\">Gy\u00f0ja<\/span><a href=\"https:\/\/iwell-guard.com\/is\/germonsk\/\" class=\"iwg-kultur-badge\" tabindex=\"0\" data-tooltip=\"Forkristinn heimur gu\u00f0a og anda \u00ed Nor\u00f0ur- og Mi\u00f0-Evr\u00f3pu.\">Germanskt<\/a><\/div>\t\t\t\t<\/div>\n\t\t\t\t<\/div>\n\t\t<div class=\"elementor-element elementor-element-3f74855 e-con-full e-flex e-con e-child\" data-id=\"3f74855\" data-element_type=\"container\" data-e-type=\"container\">\n\t\t\t\t<div class=\"elementor-element elementor-element-1c30362 elementor-toc--minimized-on-tablet elementor-widget elementor-widget-table-of-contents\" data-id=\"1c30362\" data-element_type=\"widget\" data-e-type=\"widget\" data-settings=\"{&quot;exclude_headings_by_selector&quot;:[],&quot;no_headings_message&quot;:&quot;Engar undirfyrirsagnir fundust \\u00e1 \\u00feessari s\\u00ed\\u00f0u.&quot;,&quot;headings_by_tags&quot;:[&quot;h2&quot;,&quot;h3&quot;],&quot;marker_view&quot;:&quot;bullets&quot;,&quot;icon&quot;:{&quot;value&quot;:&quot;fas fa-circle&quot;,&quot;library&quot;:&quot;fa-solid&quot;,&quot;rendered_tag&quot;:&quot;&lt;svg class=\\&quot;e-font-icon-svg e-fas-circle\\&quot; viewBox=\\&quot;0 0 512 512\\&quot; xmlns=\\&quot;http:\\\/\\\/www.w3.org\\\/2000\\\/svg\\&quot;&gt;&lt;path d=\\&quot;M256 8C119 8 8 119 8 256s111 248 248 248 248-111 248-248S393 8 256 8z\\&quot;&gt;&lt;\\\/path&gt;&lt;\\\/svg&gt;&quot;},&quot;minimize_box&quot;:&quot;yes&quot;,&quot;minimized_on&quot;:&quot;tablet&quot;,&quot;hierarchical_view&quot;:&quot;yes&quot;,&quot;min_height&quot;:{&quot;unit&quot;:&quot;px&quot;,&quot;size&quot;:&quot;&quot;,&quot;sizes&quot;:[]},&quot;min_height_tablet&quot;:{&quot;unit&quot;:&quot;px&quot;,&quot;size&quot;:&quot;&quot;,&quot;sizes&quot;:[]},&quot;min_height_mobile&quot;:{&quot;unit&quot;:&quot;px&quot;,&quot;size&quot;:&quot;&quot;,&quot;sizes&quot;:[]}}\" data-widget_type=\"table-of-contents.default\">\n\t\t\t\t\t\t\t\t\t<div class=\"elementor-toc__header\">\n\t\t\t\t\t\t<h2 class=\"elementor-toc__header-title\">\n\t\t\t\tEfnisyfirlit\t\t\t<\/h2>\n\t\t\t\t\t\t\t\t\t\t<div class=\"elementor-toc__toggle-button elementor-toc__toggle-button--expand\" role=\"button\" tabindex=\"0\" aria-controls=\"elementor-toc__1c30362\" aria-expanded=\"true\" aria-label=\"Open table of contents\"><svg aria-hidden=\"true\" class=\"e-font-icon-svg e-fas-chevron-down\" viewBox=\"0 0 448 512\" xmlns=\"http:\/\/www.w3.org\/2000\/svg\"><path d=\"M207.029 381.476L12.686 187.132c-9.373-9.373-9.373-24.569 0-33.941l22.667-22.667c9.357-9.357 24.522-9.375 33.901-.04L224 284.505l154.745-154.021c9.379-9.335 24.544-9.317 33.901.04l22.667 22.667c9.373 9.373 9.373 24.569 0 33.941L240.971 381.476c-9.373 9.372-24.569 9.372-33.942 0z\"><\/path><\/svg><\/div>\n\t\t\t\t<div class=\"elementor-toc__toggle-button elementor-toc__toggle-button--collapse\" role=\"button\" tabindex=\"0\" aria-controls=\"elementor-toc__1c30362\" aria-expanded=\"true\" aria-label=\"Close table of contents\"><svg aria-hidden=\"true\" class=\"e-font-icon-svg e-fas-chevron-up\" viewBox=\"0 0 448 512\" xmlns=\"http:\/\/www.w3.org\/2000\/svg\"><path d=\"M240.971 130.524l194.343 194.343c9.373 9.373 9.373 24.569 0 33.941l-22.667 22.667c-9.357 9.357-24.522 9.375-33.901.04L224 227.495 69.255 381.516c-9.379 9.335-24.544 9.317-33.901-.04l-22.667-22.667c-9.373-9.373-9.373-24.569 0-33.941L207.03 130.525c9.372-9.373 24.568-9.373 33.941-.001z\"><\/path><\/svg><\/div>\n\t\t\t\t\t<\/div>\n\t\t\t\t<div id=\"elementor-toc__1c30362\" class=\"elementor-toc__body\">\n\t\t\t<div class=\"elementor-toc__spinner-container\">\n\t\t\t\t<svg class=\"elementor-toc__spinner eicon-animation-spin e-font-icon-svg e-eicon-loading\" aria-hidden=\"true\" viewBox=\"0 0 1000 1000\" xmlns=\"http:\/\/www.w3.org\/2000\/svg\"><path d=\"M500 975V858C696 858 858 696 858 500S696 142 500 142 142 304 142 500H25C25 237 238 25 500 25S975 237 975 500 763 975 500 975Z\"><\/path><\/svg>\t\t\t<\/div>\n\t\t<\/div>\n\t\t\t\t\t\t<\/div>\n\t\t\t\t<\/div>\n\t\t\t\t\t<\/div>\n\t\t\t\t<\/div>\n\t\t<div class=\"elementor-element elementor-element-herorght0 e-con-full e-flex e-con e-child\" data-id=\"herorght0\" data-element_type=\"container\" data-e-type=\"container\">\n\t\t\t\t<div class=\"elementor-element elementor-element-heroimg00 iwg-hero-image elementor-widget elementor-widget-image\" data-id=\"heroimg00\" data-element_type=\"widget\" data-e-type=\"widget\" data-widget_type=\"image.default\">\n\t\t\t\t\t\t\t\t\t\t\t\t\t\t\t<img fetchpriority=\"high\" decoding=\"async\" width=\"683\" height=\"1024\" src=\"https:\/\/iwell-guard.com\/wp-content\/uploads\/2026\/07\/goetter_germanisch_holla-683x1024.webp\" class=\"attachment-large size-large wp-image-169895\" alt=\"Holla (Fr\u00fa Holle) \u2013 gu\u00f0 \u00far germanskri hef\u00f0, s\u00f6guleg myndskreyting\" srcset=\"https:\/\/iwell-guard.com\/wp-content\/uploads\/2026\/07\/goetter_germanisch_holla-683x1024.webp 683w, https:\/\/iwell-guard.com\/wp-content\/uploads\/2026\/07\/goetter_germanisch_holla-200x300.webp 200w, https:\/\/iwell-guard.com\/wp-content\/uploads\/2026\/07\/goetter_germanisch_holla-768x1152.webp 768w, https:\/\/iwell-guard.com\/wp-content\/uploads\/2026\/07\/goetter_germanisch_holla.webp 1024w\" sizes=\"(max-width: 683px) 100vw, 683px\" \/>\t\t\t\t\t\t\t\t\t\t\t\t\t\t\t<\/div>\n\t\t\t\t<\/div>\n\t\t\t\t\t<\/div>\n\t\t\t\t<\/div>\n\t\t<div class=\"elementor-element elementor-element-32917199 e-flex e-con-boxed e-con e-parent\" data-id=\"32917199\" data-element_type=\"container\" data-e-type=\"container\">\n\t\t\t\t\t<div class=\"e-con-inner\">\n\t\t<div class=\"elementor-element elementor-element-26e916cb e-flex e-con-boxed e-con e-child\" data-id=\"26e916cb\" data-element_type=\"container\" data-e-type=\"container\">\n\t\t\t\t\t<div class=\"e-con-inner\">\n\t\t<div class=\"elementor-element elementor-element-253a40d4 e-flex e-con-boxed e-con e-child\" data-id=\"253a40d4\" data-element_type=\"container\" data-e-type=\"container\">\n\t\t\t\t\t<div class=\"e-con-inner\">\n\t\t\t\t<div class=\"elementor-element elementor-element-1200c304 elementor-widget elementor-widget-heading\" data-id=\"1200c304\" data-element_type=\"widget\" data-e-type=\"widget\" data-widget_type=\"heading.default\">\n\t\t\t\t\t<div class=\"elementor-heading-title elementor-size-default\">Holla<\/div>\t\t\t\t<\/div>\n\t\t\t\t<div class=\"elementor-element elementor-element-11758e7f elementor-widget elementor-widget-text-editor\" data-id=\"11758e7f\" data-element_type=\"widget\" data-e-type=\"widget\" data-widget_type=\"text-editor.default\">\n\t\t\t\t\t\t\t\t\t<p>Holla, \u00ed munnm\u00e6lum oftast k\u00f6llu\u00f0 Fr\u00fa Holle e\u00f0a einnig Hulda, er talin fornleg jar\u00f0- og m\u00f3\u00f0urgy\u00f0ja germanska m\u00e1lsv\u00e6\u00f0isins. H\u00fan vakir yfir ve\u00f0urfari, \u00e1rst\u00ed\u00f0um og frj\u00f3semi, r\u00e6\u00f0ur yfir tv\u00edr\u00e6\u00f0um handanheimi og er samt\u00edmis tignu\u00f0 sem verndargy\u00f0ja heimilis og arins.<\/p><p>H\u00fan var\u00f0 kunn fyrst og fremst fyrir \u00e6vint\u00fdri Grimmsbr\u00e6\u00f0ra, Fr\u00fa Holle (KHM 24), sem hefur m\u00f3ta\u00f0 str\u00f6ngu og r\u00e9ttl\u00e1tu skapger\u00f0 hennar allt til \u00feessa dags. Fyrsta \u00f3tv\u00edr\u00e6\u00f0a skriflega v\u00edsbendingin n\u00e6r aftur til \u00e1rsins 1010, \u00ed Corrector sive Medicus eftir biskup Burchard af Worms.<\/p>\t\t\t\t\t\t\t\t<\/div>\n\t\t\t\t\t<\/div>\n\t\t\t\t<\/div>\n\t\t<div class=\"elementor-element elementor-element-159dcf9a e-flex e-con-boxed e-con e-child\" data-id=\"159dcf9a\" data-element_type=\"container\" data-e-type=\"container\">\n\t\t\t\t\t<div class=\"e-con-inner\">\n\t\t\t\t<div class=\"elementor-element elementor-element-48cee66f elementor-widget elementor-widget-heading\" data-id=\"48cee66f\" data-element_type=\"widget\" data-e-type=\"widget\" data-widget_type=\"heading.default\">\n\t\t\t\t\t<div class=\"elementor-heading-title elementor-size-default\">\u00cd hnotskurn: Fr\u00fa Holle<\/div>\t\t\t\t<\/div>\n\t\t\t\t<div class=\"elementor-element elementor-element-3f50d82c elementor-widget elementor-widget-text-editor\" data-id=\"3f50d82c\" data-element_type=\"widget\" data-e-type=\"widget\" data-widget_type=\"text-editor.default\">\n\t\t\t\t\t\t\t\t\t<p><strong>Tegund:<\/strong> Jar\u00f0- og m\u00f3\u00f0urgy\u00f0ja ve\u00f0urs, frj\u00f3semi og handanheims<br>Uppruni: germanskt m\u00e1lsv\u00e6\u00f0i, fyrsta v\u00edsbending um 1010 (Burchard af Worms)<br>Textar: kirkjulegar i\u00f0runarb\u00e6kur mi\u00f0alda, \u00c6vint\u00fdri og heimiliss\u00f6gur Grimmsbr\u00e6\u00f0ra (1812\/1857), \u00fej\u00f3\u00f0fr\u00e6\u00f0is\u00f6fn 19. aldar<br>T\u00edmabil: fyrst og fremst Rauhn\u00e4chte og vetur, lifir enn \u00ed si\u00f0um og sta\u00f0arheitum<br>\u00c1s\u00fdnd: \u00f6ldru\u00f0 kona me\u00f0 flaksandi h\u00e1r, \u00fdmist m\u00f3\u00f0urlegri e\u00f0a \u00f3gnvekjandi eftir samhengi<\/p>\t\t\t\t\t\t\t\t<\/div>\n\t\t\t\t\t<\/div>\n\t\t\t\t<\/div>\n\t\t\t\t\t<\/div>\n\t\t\t\t<\/div>\n\t\t\t\t\t<\/div>\n\t\t\t\t<\/div>\n\t\t<div class=\"elementor-element elementor-element-18613602 e-flex e-con-boxed e-con e-parent\" data-id=\"18613602\" data-element_type=\"container\" data-e-type=\"container\">\n\t\t\t\t\t<div class=\"e-con-inner\">\n\t\t\t\t<div class=\"elementor-element elementor-element-262b8a9f elementor-widget elementor-widget-heading\" data-id=\"262b8a9f\" data-element_type=\"widget\" data-e-type=\"widget\" data-widget_type=\"heading.default\">\n\t\t\t\t\t<h2 class=\"elementor-heading-title elementor-size-default\">Upprunasv\u00e6\u00f0i og heimildir<\/h2>\t\t\t\t<\/div>\n\t\t<div class=\"elementor-element elementor-element-46dcb7d e-con-full e-flex e-con e-child\" data-id=\"46dcb7d\" data-element_type=\"container\" data-e-type=\"container\">\n\t\t<div class=\"elementor-element elementor-element-61d3ab3 e-flex e-con-boxed e-con e-child\" data-id=\"61d3ab3\" data-element_type=\"container\" data-e-type=\"container\">\n\t\t\t\t\t<div class=\"e-con-inner\">\n\t\t\t\t<div class=\"elementor-element elementor-element-117c166 elementor-widget elementor-widget-heading\" data-id=\"117c166\" data-element_type=\"widget\" data-e-type=\"widget\" data-widget_type=\"heading.default\">\n\t\t\t\t\t<h3 class=\"elementor-heading-title elementor-size-default\">T\u00edmabil textanna<\/h3>\t\t\t\t<\/div>\n\t\t\t\t<div class=\"elementor-element elementor-element-73997a0 elementor-widget elementor-widget-text-editor\" data-id=\"73997a0\" data-element_type=\"widget\" data-e-type=\"widget\" data-widget_type=\"text-editor.default\">\n\t\t\t\t\t\t\t\t\t<p>Fyrsta skriflega v\u00edsbending um 1010 hj\u00e1 Burchard af Worms, fest \u00ed sessi b\u00f3kmenntalega me\u00f0 \u00c6vint\u00fdrum og heimiliss\u00f6gum Grimmsbr\u00e6\u00f0ra 1812 og \u00ed lokager\u00f0 1857.<\/p>\t\t\t\t\t\t\t\t<\/div>\n\t\t\t\t\t<\/div>\n\t\t\t\t<\/div>\n\t\t<div class=\"elementor-element elementor-element-d47b156 e-flex e-con-boxed e-con e-child\" data-id=\"d47b156\" data-element_type=\"container\" data-e-type=\"container\">\n\t\t\t\t\t<div class=\"e-con-inner\">\n\t\t\t\t<div class=\"elementor-element elementor-element-ff38c2b elementor-widget elementor-widget-heading\" data-id=\"ff38c2b\" data-element_type=\"widget\" data-e-type=\"widget\" data-widget_type=\"heading.default\">\n\t\t\t\t\t<h3 class=\"elementor-heading-title elementor-size-default\">\u00datbrei\u00f0slusv\u00e6\u00f0i<\/h3>\t\t\t\t<\/div>\n\t\t\t\t<div class=\"elementor-element elementor-element-4e49fcc elementor-widget elementor-widget-text-editor\" data-id=\"4e49fcc\" data-element_type=\"widget\" data-e-type=\"widget\" data-widget_type=\"text-editor.default\">\n\t\t\t\t\t\t\t\t\t<p>Allt \u00fe\u00fdskum\u00e6landi sv\u00e6\u00f0i\u00f0, me\u00f0 \u00e1herslu \u00e1 Hessen og Th\u00fcringen, auk \u00fatbrei\u00f0slu til Alpah\u00e9ra\u00f0a.<\/p>\t\t\t\t\t\t\t\t<\/div>\n\t\t\t\t\t<\/div>\n\t\t\t\t<\/div>\n\t\t\t\t<\/div>\n\t\t<div class=\"elementor-element elementor-element-db03c39 e-con-full e-flex e-con e-child\" data-id=\"db03c39\" data-element_type=\"container\" data-e-type=\"container\">\n\t\t<div class=\"elementor-element elementor-element-229a87b e-flex e-con-boxed e-con e-child\" data-id=\"229a87b\" data-element_type=\"container\" data-e-type=\"container\">\n\t\t\t\t\t<div class=\"e-con-inner\">\n\t\t\t\t<div class=\"elementor-element elementor-element-1f471fc elementor-widget elementor-widget-heading\" data-id=\"1f471fc\" data-element_type=\"widget\" data-e-type=\"widget\" data-widget_type=\"heading.default\">\n\t\t\t\t\t<h3 class=\"elementor-heading-title elementor-size-default\">Heimildasta\u00f0a<\/h3>\t\t\t\t<\/div>\n\t\t\t\t<div class=\"elementor-element elementor-element-36b1201 elementor-widget elementor-widget-text-editor\" data-id=\"36b1201\" data-element_type=\"widget\" data-e-type=\"widget\" data-widget_type=\"text-editor.default\">\n\t\t\t\t\t\t\t\t\t<p>Kirkjulegar i\u00f0runarb\u00e6kur mi\u00f0alda, \u00fej\u00f3\u00f0fr\u00e6\u00f0is\u00f6fn 19. aldar og si\u00f0ir og sta\u00f0arheiti sem enn lifa myndast heimildagrunninn.<\/p>\t\t\t\t\t\t\t\t<\/div>\n\t\t\t\t\t<\/div>\n\t\t\t\t<\/div>\n\t\t\t\t<\/div>\n\t\t\t\t\t<\/div>\n\t\t\t\t<\/div>\n\t\t<div class=\"elementor-element elementor-element-3ae0637c e-flex e-con-boxed e-con e-parent\" data-id=\"3ae0637c\" data-element_type=\"container\" data-e-type=\"container\">\n\t\t\t\t\t<div class=\"e-con-inner\">\n\t\t\t\t<div class=\"elementor-element elementor-element-31d07739 elementor-widget elementor-widget-heading\" data-id=\"31d07739\" data-element_type=\"widget\" data-e-type=\"widget\" data-widget_type=\"heading.default\">\n\t\t\t\t\t<h2 class=\"elementor-heading-title elementor-size-default\">Nafn og afbrig\u00f0i<\/h2>\t\t\t\t<\/div>\n\t\t<div class=\"elementor-element elementor-element-b7642947 e-con-full e-flex e-con e-child\" data-id=\"b7642947\" data-element_type=\"container\" data-e-type=\"container\">\n\t\t\t\t<div class=\"elementor-element elementor-element-a086266 elementor-widget elementor-widget-text-editor\" data-id=\"a086266\" data-element_type=\"widget\" data-e-type=\"widget\" data-widget_type=\"text-editor.default\">\n\t\t\t\t\t\t\t\t\t<p><strong>Fornh\u00e1\u00fe\u00fdska:<\/strong> Nafni\u00f0 er \u00ed m\u00e1lfr\u00e6\u00f0iranns\u00f3knum oftast raki\u00f0 til hold, \u00fe\u00fd\u00f0ir n\u00e1\u00f0ugur, velvilja\u00f0ur, sem gefur Holda sem hina g\u00f3\u00f0vilju\u00f0u. Auk \u00feess er \u00ed munnm\u00e6lum \u00fej\u00f3\u00f0leg tenging vi\u00f0 yllivi\u00f0arrunnann, \u00e1 m\u00e1ll\u00fdsku Holler; hvort \u00feessi tenging er upprunalega m\u00e1lfarslega e\u00f0a s\u00ed\u00f0ar til komin telst ekki fulllj\u00f3st.<\/p>\t\t\t\t\t\t\t\t<\/div>\n\t\t\t\t<\/div>\n\t\t\t\t\t<\/div>\n\t\t\t\t<\/div>\n\t\t<div class=\"elementor-element elementor-element-709a44a8 e-flex e-con-boxed e-con e-parent\" data-id=\"709a44a8\" data-element_type=\"container\" data-e-type=\"container\">\n\t\t\t\t\t<div class=\"e-con-inner\">\n\t\t\t\t<div class=\"elementor-element elementor-element-2f585873 elementor-widget elementor-widget-heading\" data-id=\"2f585873\" data-element_type=\"widget\" data-e-type=\"widget\" data-widget_type=\"heading.default\">\n\t\t\t\t\t<h2 class=\"elementor-heading-title elementor-size-default\">E\u00f0li og \u00e1hrif<\/h2>\t\t\t\t<\/div>\n\t\t<div class=\"elementor-element elementor-element-70621c12 e-con-full e-flex e-con e-child\" data-id=\"70621c12\" data-element_type=\"container\" data-e-type=\"container\">\n\t\t\t\t<div class=\"elementor-element elementor-element-4296eb49 elementor-widget elementor-widget-text-editor\" data-id=\"4296eb49\" data-element_type=\"widget\" data-e-type=\"widget\" data-widget_type=\"text-editor.default\">\n\t\t\t\t\t\t\t\t\t<p><strong>\u00c1s\u00fdnd<\/strong><\/p><p>Holla birtist oftast sem \u00f6ldru\u00f0 kona me\u00f0 langt, oft flaksandi e\u00f0a fl\u00f3ki\u00f0 h\u00e1r, sem hefur b\u00e6\u00f0i \u00f3gnvekjandi og m\u00f3\u00f0urlega dr\u00e6tti. H\u00fan r\u00e6\u00f0ur yfir brunni e\u00f0a tj\u00f6rn sem talin er a\u00f0gangur a\u00f0 handanheimi hennar, og yfir sk\u00fdjum sem h\u00fan l\u00e6tur snj\u00f3 falla \u00far \u00feegar h\u00fan d\u00faskar r\u00famf\u00f6t s\u00edn.<\/p><p><strong>\u00c1hrif<\/strong><\/p><p>Sem l\u00e6rimeistari spuna og vefna\u00f0ar vakti h\u00fan yfir i\u00f0jusemi og reglu \u00e1 heimilinu; gleymdar sn\u00e6ldur k\u00f6llu\u00f0u \u00ed s\u00f6gnum fram rei\u00f0i hennar. Sem lei\u00f0togi Wilde Jagd og Rauhn\u00e4chte holdgerir h\u00fan samt\u00edmis d\u00f6kku, dau\u00f0atengdu hli\u00f0 vetrarins.<\/p>\t\t\t\t\t\t\t\t<\/div>\n\t\t\t\t<\/div>\n\t\t\t\t\t<\/div>\n\t\t\t\t<\/div>\n\t\t<div class=\"elementor-element elementor-element-44e71476 e-flex e-con-boxed e-con e-parent\" data-id=\"44e71476\" data-element_type=\"container\" data-e-type=\"container\">\n\t\t\t\t\t<div class=\"e-con-inner\">\n\t\t\t\t<div class=\"elementor-element elementor-element-3c1fc3f0 elementor-widget elementor-widget-heading\" data-id=\"3c1fc3f0\" data-element_type=\"widget\" data-e-type=\"widget\" data-widget_type=\"heading.default\">\n\t\t\t\t\t<h2 class=\"elementor-heading-title elementor-size-default\">Kynning: Fr\u00fa Holle<\/h2>\t\t\t\t<\/div>\n\t\t<div class=\"elementor-element elementor-element-84f33b8e e-con-full e-flex e-con e-child\" data-id=\"84f33b8e\" data-element_type=\"container\" data-e-type=\"container\">\n\t\t\t\t<div class=\"elementor-element elementor-element-hqkdc67p elementor-widget elementor-widget-text-editor\" data-id=\"hqkdc67p\" data-element_type=\"widget\" data-e-type=\"widget\" data-widget_type=\"text-editor.default\">\n\t\t\t\t\t\t\t\t\t<p>Mikilv\u00e6gustu atri\u00f0i m\u00f3\u00f0urgy\u00f0junnar \u00ed hnotskurn.<\/p>\t\t\t\t\t\t\t\t<\/div>\n\t\t\t\t<\/div>\n\t\t<div class=\"elementor-element elementor-element-pemmx7c5 e-con-full e-flex e-con e-child\" data-id=\"pemmx7c5\" data-element_type=\"container\" data-e-type=\"container\">\n\t\t<div class=\"elementor-element elementor-element-pemmx7c1 e-con-full e-flex e-con e-child\" data-id=\"pemmx7c1\" data-element_type=\"container\" data-e-type=\"container\">\n\t\t<div class=\"elementor-element elementor-element-qh9oavvu iwg-steckbrief-card e-flex e-con-boxed e-con e-child\" data-id=\"qh9oavvu\" data-element_type=\"container\" data-e-type=\"container\">\n\t\t\t\t\t<div class=\"e-con-inner\">\n\t\t\t\t<div class=\"elementor-element elementor-element-awzx8k2k elementor-widget elementor-widget-heading\" data-id=\"awzx8k2k\" data-element_type=\"widget\" data-e-type=\"widget\" data-widget_type=\"heading.default\">\n\t\t\t\t\t<div class=\"elementor-heading-title elementor-size-default\">Menningarsamhengi<\/div>\t\t\t\t<\/div>\n\t\t\t\t<div class=\"elementor-element elementor-element-x6rowhv0 elementor-widget elementor-widget-text-editor\" data-id=\"x6rowhv0\" data-element_type=\"widget\" data-e-type=\"widget\" data-widget_type=\"text-editor.default\">\n\t\t\t\t\t\t\t\t\t<p>Germ\u00f6nsk jar\u00f0- og m\u00f3\u00f0urgy\u00f0ja me\u00f0 fyrstu kirkjulegu vitnisbur\u00f0i um 1010 og \u00e6vint\u00fdrahef\u00f0 sem lifir enn \u00ed dag fyrir tilstilli Grimmsbr\u00e6\u00f0ra.<\/p>\t\t\t\t\t\t\t\t<\/div>\n\t\t\t\t\t<\/div>\n\t\t\t\t<\/div>\n\t\t<div class=\"elementor-element elementor-element-8e3o4kxs iwg-steckbrief-card e-flex e-con-boxed e-con e-child\" data-id=\"8e3o4kxs\" data-element_type=\"container\" data-e-type=\"container\">\n\t\t\t\t\t<div class=\"e-con-inner\">\n\t\t\t\t<div class=\"elementor-element elementor-element-08rkdgov elementor-widget elementor-widget-heading\" data-id=\"08rkdgov\" data-element_type=\"widget\" data-e-type=\"widget\" data-widget_type=\"heading.default\">\n\t\t\t\t\t<div class=\"elementor-heading-title elementor-size-default\">\u00c1byrg\u00f0arsvi\u00f0<\/div>\t\t\t\t<\/div>\n\t\t\t\t<div class=\"elementor-element elementor-element-uwjelx8s elementor-widget elementor-widget-text-editor\" data-id=\"uwjelx8s\" data-element_type=\"widget\" data-e-type=\"widget\" data-widget_type=\"text-editor.default\">\n\t\t\t\t\t\t\t\t\t<p>Ve\u00f0ur, frj\u00f3semi og spunavinnu, auk \u00f3f\u00e6ddra og skammlifra barnas\u00e1lna sem h\u00fan, a\u00f0 s\u00f6gninni til, geymir \u00ed tj\u00f6rn sinni.<\/p>\t\t\t\t\t\t\t\t<\/div>\n\t\t\t\t\t<\/div>\n\t\t\t\t<\/div>\n\t\t<div class=\"elementor-element elementor-element-jm2n74ec iwg-steckbrief-card e-flex e-con-boxed e-con e-child\" data-id=\"jm2n74ec\" data-element_type=\"container\" data-e-type=\"container\">\n\t\t\t\t\t<div class=\"e-con-inner\">\n\t\t\t\t<div class=\"elementor-element elementor-element-8vufse4c elementor-widget elementor-widget-heading\" data-id=\"8vufse4c\" data-element_type=\"widget\" data-e-type=\"widget\" data-widget_type=\"heading.default\">\n\t\t\t\t\t<div class=\"elementor-heading-title elementor-size-default\">Framsetning<\/div>\t\t\t\t<\/div>\n\t\t\t\t<div class=\"elementor-element elementor-element-mwb9u015 elementor-widget elementor-widget-text-editor\" data-id=\"mwb9u015\" data-element_type=\"widget\" data-e-type=\"widget\" data-widget_type=\"text-editor.default\">\n\t\t\t\t\t\t\t\t\t<p>\u00d6ldru\u00f0 kona me\u00f0 flaksandi h\u00e1r, \u00fdmist m\u00f3\u00f0urleg e\u00f0a \u00f3gnvekjandi eftir samhengi; sem or\u00f0atilt\u00e6ki d\u00faskar h\u00fan r\u00famf\u00f6t s\u00edn \u00feegar snj\u00f3ar.<\/p>\t\t\t\t\t\t\t\t<\/div>\n\t\t\t\t\t<\/div>\n\t\t\t\t<\/div>\n\t\t\t\t<\/div>\n\t\t<div class=\"elementor-element elementor-element-pemmx7c2 e-con-full e-flex e-con e-child\" data-id=\"pemmx7c2\" data-element_type=\"container\" data-e-type=\"container\">\n\t\t<div class=\"elementor-element elementor-element-37ss2yr6 iwg-steckbrief-card e-flex e-con-boxed e-con e-child\" data-id=\"37ss2yr6\" data-element_type=\"container\" data-e-type=\"container\">\n\t\t\t\t\t<div class=\"e-con-inner\">\n\t\t\t\t<div class=\"elementor-element elementor-element-3v0wp3wx elementor-widget elementor-widget-heading\" data-id=\"3v0wp3wx\" data-element_type=\"widget\" data-e-type=\"widget\" data-widget_type=\"heading.default\">\n\t\t\t\t\t<div class=\"elementor-heading-title elementor-size-default\">Verkunarsvi\u00f0<\/div>\t\t\t\t<\/div>\n\t\t\t\t<div class=\"elementor-element elementor-element-w3247g2m elementor-widget elementor-widget-text-editor\" data-id=\"w3247g2m\" data-element_type=\"widget\" data-e-type=\"widget\" data-widget_type=\"text-editor.default\">\n\t\t\t\t\t\t\t\t\t<p>Umbun i\u00f0jusemi me\u00f0 gullregni, refsing letih\u00e1tta; sem lei\u00f0togi Wilde Jagd r\u00e6\u00f0ur h\u00fan samt\u00edmis yfir snj\u00f3komu og stormi.<\/p>\t\t\t\t\t\t\t\t<\/div>\n\t\t\t\t\t<\/div>\n\t\t\t\t<\/div>\n\t\t<div class=\"elementor-element elementor-element-0qpjal9w iwg-steckbrief-card e-flex e-con-boxed e-con e-child\" data-id=\"0qpjal9w\" data-element_type=\"container\" data-e-type=\"container\">\n\t\t\t\t\t<div class=\"e-con-inner\">\n\t\t\t\t<div class=\"elementor-element elementor-element-6ndoih0o elementor-widget elementor-widget-heading\" data-id=\"6ndoih0o\" data-element_type=\"widget\" data-e-type=\"widget\" data-widget_type=\"heading.default\">\n\t\t\t\t\t<div class=\"elementor-heading-title elementor-size-default\">Umgengni<\/div>\t\t\t\t<\/div>\n\t\t\t\t<div class=\"elementor-element elementor-element-6684tyh9 elementor-widget elementor-widget-text-editor\" data-id=\"6684tyh9\" data-element_type=\"widget\" data-e-type=\"widget\" data-widget_type=\"text-editor.default\">\n\t\t\t\t\t\t\t\t\t<p>B\u00e6nir og reykelsi \u00ed Rauhn\u00e4chte, borin verndargripir og steinar, auk vir\u00f0ingarfullrar umgengni vi\u00f0 yllivi\u00f0arrunnann.<\/p>\t\t\t\t\t\t\t\t<\/div>\n\t\t\t\t\t<\/div>\n\t\t\t\t<\/div>\n\t\t<div class=\"elementor-element elementor-element-3lfi7x32 iwg-steckbrief-card e-flex e-con-boxed e-con e-child\" data-id=\"3lfi7x32\" data-element_type=\"container\" data-e-type=\"container\">\n\t\t\t\t\t<div class=\"e-con-inner\">\n\t\t\t\t<div class=\"elementor-element elementor-element-0kg99ga1 elementor-widget elementor-widget-heading\" data-id=\"0kg99ga1\" data-element_type=\"widget\" data-e-type=\"widget\" data-widget_type=\"heading.default\">\n\t\t\t\t\t<div class=\"elementor-heading-title elementor-size-default\">Tengt efni<\/div>\t\t\t\t<\/div>\n\t\t\t\t<div class=\"elementor-element elementor-element-n0fum6kp elementor-widget elementor-widget-text-editor\" data-id=\"n0fum6kp\" data-element_type=\"widget\" data-e-type=\"widget\" data-widget_type=\"text-editor.default\">\n\t\t\t\t\t\t\t\t\t<p><a href=\"https:\/\/iwell-guard.com\/is\/frigg\/\">Frigg<\/a> og <a href=\"https:\/\/iwell-guard.com\/is\/freyja\/\">Freyja<\/a> \u00far s\u00f6mu go\u00f0heimum, auk <a href=\"https:\/\/iwell-guard.com\/is\/odin\/\">\u00d3\u00f0ins<\/a> sem sameiginlegs lei\u00f0toga Wilde Jagd.<\/p>\t\t\t\t\t\t\t\t<\/div>\n\t\t\t\t\t<\/div>\n\t\t\t\t<\/div>\n\t\t\t\t<\/div>\n\t\t\t\t<\/div>\n\t\t\t\t\t<\/div>\n\t\t\t\t<\/div>\n\t\t<div class=\"elementor-element elementor-element-7533bc7a e-flex e-con-boxed e-con e-parent\" data-id=\"7533bc7a\" data-element_type=\"container\" data-e-type=\"container\">\n\t\t\t\t\t<div class=\"e-con-inner\">\n\t\t\t\t<div class=\"elementor-element elementor-element-2447d18d elementor-widget elementor-widget-heading\" data-id=\"2447d18d\" data-element_type=\"widget\" data-e-type=\"widget\" data-widget_type=\"heading.default\">\n\t\t\t\t\t<h2 class=\"elementor-heading-title elementor-size-default\">Fr\u00e1 Burchard af Worms til \u00e6vint\u00fdris Grimmsbr\u00e6\u00f0ra<\/h2>\t\t\t\t<\/div>\n\t\t<div class=\"elementor-element elementor-element-d5d0260c e-con-full e-flex e-con e-child\" data-id=\"d5d0260c\" data-element_type=\"container\" data-e-type=\"container\">\n\t\t\t\t<div class=\"elementor-element elementor-element-341be2ac elementor-widget elementor-widget-text-editor\" data-id=\"341be2ac\" data-element_type=\"widget\" data-e-type=\"widget\" data-widget_type=\"text-editor.default\">\n\t\t\t\t\t\t\t\t\t<p>Fyrsta \u00f3tv\u00edr\u00e6\u00f0a skriflega v\u00edsbendingin um veruna finnst um \u00e1ri\u00f0 1010 \u00ed Corrector sive Medicus eftir biskup Burchard af Worms, sem spyr konur hvort \u00fe\u00e6r tr\u00fai \u00fev\u00ed a\u00f0 til s\u00e9 Holda, sem ri\u00f0i\u00f0 s\u00e9 me\u00f0 \u00e1 n\u00f3ttunni. Eitt handrit textans nefnir hana jafnvel strigam Holdam, nornina Holdu, og setur hana \u00ed samhengi vi\u00f0 hinn svokalla\u00f0a Kanon Episcopi um n\u00e6tursiglinguna me\u00f0 D\u00ed\u00f6nu. Texti fr\u00e1 13. \u00f6ld greinir fr\u00e1 \u00fev\u00ed a\u00f0 \u00e1 j\u00f3lan\u00f3tt s\u00e9 bor\u00f0 dekka\u00f0 fyrir himnadrottninguna, sem al\u00fe\u00fd\u00f0an kallar Fr\u00fa Holdu, svo h\u00fan megi veita hj\u00e1lp.<\/p><p>Kirkjulegar heimildir \u00e1 mi\u00f0\u00f6ldum settu Holdu \u00ed samhengi vi\u00f0 D\u00ed\u00f6nu, Herod\u00edu, Bertu og Abund\u00edu og dr\u00f3gu hana \u00feannig n\u00e6r galdraofs\u00f3knum. Kunnasta mynd hennar fram til \u00feessa dags f\u00e9kk h\u00fan fyrir tilstilli \u00e6vint\u00fdrisins Fr\u00fa Holle eftir Grimmsbr\u00e6\u00f0ur (KHM 24), fyrst prenta\u00f0 1812 og endursko\u00f0a\u00f0 \u00ed lokager\u00f0 1857.<\/p>\t\t\t\t\t\t\t\t<\/div>\n\t\t\t\t<\/div>\n\t\t\t\t\t<\/div>\n\t\t\t\t<\/div>\n\t\t<div class=\"elementor-element elementor-element-5a584676 e-flex e-con-boxed e-con e-parent\" data-id=\"5a584676\" data-element_type=\"container\" data-e-type=\"container\">\n\t\t\t\t\t<div class=\"e-con-inner\">\n\t\t\t\t<div class=\"elementor-element elementor-element-6d0757bf elementor-widget elementor-widget-heading\" data-id=\"6d0757bf\" data-element_type=\"widget\" data-e-type=\"widget\" data-widget_type=\"heading.default\">\n\t\t\t\t\t<h2 class=\"elementor-heading-title elementor-size-default\">Fr\u00fa-Holle-land og n\u00fat\u00edma endurfundur<\/h2>\t\t\t\t<\/div>\n\t\t<div class=\"elementor-element elementor-element-60563f68 e-con-full e-flex e-con e-child\" data-id=\"60563f68\" data-element_type=\"container\" data-e-type=\"container\">\n\t\t\t\t<div class=\"elementor-element elementor-element-5a93fdd6 elementor-widget elementor-widget-text-editor\" data-id=\"5a93fdd6\" data-element_type=\"widget\" data-e-type=\"widget\" data-widget_type=\"text-editor.default\">\n\t\t\t\t\t\t\t\t\t<p>Fyrir tilstilli Grimm-\u00e6vint\u00fdrisins KHM 24 var\u00f0 Fr\u00fa Holle ein kunnasta \u00fe\u00fdska \u00e6vint\u00fdrapers\u00f3nan yfirleitt og m\u00f3tar enn \u00feann dag \u00ed dag barnab\u00e6kur, leikrit og fer\u00f0amannaaugl\u00fdsingar Hessen-h\u00e9ra\u00f0s, sem marka\u00f0ssetur sig sem Frau-Holle-Land. Talsh\u00e1tturinn Holla, die Waldfee er \u00ed daglegu tali oft tengdur vi\u00f0 sagnapers\u00f3nuna, jafnvel \u00fe\u00f3tt uppruni hans s\u00e9 ekki fulllj\u00f3s m\u00e1lfr\u00e6\u00f0ilega.<\/p><p>\u00cd tr\u00faarbrag\u00f0afr\u00e6\u00f0um telst Holla til d\u00e6ma \u00fear sem rekja m\u00e1 umbreytingu forkristinna gr\u00f3\u00f0ur- og m\u00f3\u00f0urgy\u00f0ja \u00ed kristilega m\u00f3ta\u00f0ar sagnapers\u00f3nur. Kirkjulegar heimildir fr\u00e1 11. \u00f6ld s\u00fdna hvernig klerkast\u00e9ttin brennimerkti tr\u00fana \u00e1 n\u00e1tturfer\u00f0ir me\u00f0 Holdu sem hj\u00e1tr\u00fa og dj\u00f6ful\u00e6ga, \u00e1n \u00feess a\u00f0 \u00fatr\u00fdma \u00fej\u00f3\u00f0tr\u00fanni \u00ed raun. Deilt er um hvort Holla halda \u00e1fram sj\u00e1lfst\u00e6\u00f0ri, forkristinni gy\u00f0ju e\u00f0a hvort h\u00fan hafi fyrst myndast \u00e1 mi\u00f0\u00f6ldum \u00far \u00fdmsum sta\u00f0bundnum hugmyndum og kirkjulegri galdraor\u00f0r\u00e6\u00f0u; hin f\u00e1t\u00e6klega og s\u00ed\u00f0b\u00fana heimildasta\u00f0a leyfir ekki \u00f6rugga ni\u00f0urst\u00f6\u00f0u h\u00e9r.<\/p>\t\t\t\t\t\t\t\t<\/div>\n\t\t\t\t<\/div>\n\t\t\t\t\t<\/div>\n\t\t\t\t<\/div>\n\t\t<div class=\"elementor-element elementor-element-cp9a031aa e-flex e-con-boxed e-con e-parent\" data-id=\"cp9a031aa\" data-element_type=\"container\" data-e-type=\"container\">\n\t\t\t\t\t<div class=\"e-con-inner\">\n\t\t\t\t<div class=\"elementor-element elementor-element-cp9193514 elementor-widget elementor-widget-heading\" data-id=\"cp9193514\" data-element_type=\"widget\" data-e-type=\"widget\" data-widget_type=\"heading.default\">\n\t\t\t\t\t<h2 class=\"elementor-heading-title elementor-size-default\">B\u00e6n, reykelsi og yllivi\u00f0arrunninn<\/h2>\t\t\t\t<\/div>\n\t\t<div class=\"elementor-element elementor-element-cp02ca0ee e-con-full e-flex e-con e-child\" data-id=\"cp02ca0ee\" data-element_type=\"container\" data-e-type=\"container\">\n\t\t\t\t<div class=\"elementor-element elementor-element-cp444e0f1 elementor-widget elementor-widget-text-editor\" data-id=\"cp444e0f1\" data-element_type=\"widget\" data-e-type=\"widget\" data-widget_type=\"text-editor.default\">\n\t\t\t\t\t\t\t\t\t<p>\u00cd heimildunum um samskipti vi\u00f0 Holla er fyrst og fremst a\u00f0 finna heg\u00f0unarreglur og tr\u00faari\u00f0kun. Algengt var a\u00f0 bi\u00f0ja til Holla e\u00f0a um verndun hennar, sem var jafnframt tengt reykelsi sem var brennt \u00ed Rauhn\u00e4chte til a\u00f0 hreinsa og verja h\u00edb\u00fdli og b\u00e6. Talismenn og verndargripir sem f\u00f3lk bar \u00e1 s\u00e9r, auk upph\u00e1tt sag\u00f0ra galdra\u00feulna, \u00e1tti a\u00f0 halda illum \u00e1hrifum \u00ed skefjum me\u00f0an h\u00fan f\u00f3r um \u00ed n\u00e1tt\u00farlegum fylgdum s\u00ednum, en verndart\u00e1knum var einnig komi\u00f0 fyrir \u00e1 dyrum og gluggum. A\u00f0 \u201er\u00e6\u00f0a burt\u201c (\u00fe.e. l\u00e6kna me\u00f0 or\u00f0um) sj\u00fakd\u00f3ma og \u00f3heill, auk notkunar verndarjurta, tilheyr\u00f0i jafnframt hinni hef\u00f0bundnu v\u00f6rn. S\u00e9rstakur si\u00f0ur var bundinn vi\u00f0 bl\u00e1berjarunnann (flatbe\u00f0juvi\u00f0inn\/holunder): s\u00e1 sem vildi klippa hann e\u00f0a fella \u00e1tti fyrst a\u00f0 heilsa honum og bi\u00f0ja um leyfi, enda var tali\u00f0 a\u00f0 Holla e\u00f0a g\u00f3\u00f0ir andar byggju \u00ed honum.<\/p>\t\t\t\t\t\t\t\t<\/div>\n\t\t\t\t<\/div>\n\t\t\t\t\t<\/div>\n\t\t\t\t<\/div>\n\t\t<div class=\"elementor-element elementor-element-cp11de5b2 e-flex e-con-boxed e-con e-parent\" data-id=\"cp11de5b2\" data-element_type=\"container\" data-e-type=\"container\">\n\t\t\t\t\t<div class=\"e-con-inner\">\n\t\t\t\t<div class=\"elementor-element elementor-element-cp8d35271 elementor-widget elementor-widget-heading\" data-id=\"cp8d35271\" data-element_type=\"widget\" data-e-type=\"widget\" data-widget_type=\"heading.default\">\n\t\t\t\t\t<h2 class=\"elementor-heading-title elementor-size-default\">Gy\u00f0jur vetrar og hinnar villtu vei\u00f0ar<\/h2>\t\t\t\t<\/div>\n\t\t<div class=\"elementor-element elementor-element-cp02f26b8 e-con-full e-flex e-con e-child\" data-id=\"cp02f26b8\" data-element_type=\"container\" data-e-type=\"container\">\n\t\t\t\t<div class=\"elementor-element elementor-element-cp58c4390 elementor-widget elementor-widget-text-editor\" data-id=\"cp58c4390\" data-element_type=\"widget\" data-e-type=\"widget\" data-widget_type=\"text-editor.default\">\n\t\t\t\t\t\t\t\t\t<p>Innan germ\u00f6nsku go\u00f0averaldarins stendur Holla \u00ed n\u00e1inni skyldleikatengingu vi\u00f0 <a href=\"https:\/\/iwell-guard.com\/is\/frigg\/\">Frigg<\/a>, eiginkonu \u00d3\u00f0ins og gy\u00f0ju hj\u00f3nabands og m\u00f3\u00f0urhlutverks, auk <a href=\"https:\/\/iwell-guard.com\/is\/freyja\/\">Freyju<\/a>, sem r\u00e6\u00f0ur yfir gr\u00f3anda og \u00e1st. Einnig tengist h\u00fan <a href=\"https:\/\/iwell-guard.com\/is\/odin\/\">\u00d3\u00f0ni<\/a> \u00ed gegnum forystu hinnar villtu vei\u00f0ar. Alpalandsgy\u00f0jan <a href=\"https:\/\/iwell-guard.com\/is\/?page_id=169826\">Frau Perchta<\/a> er \u00e1 m\u00f6rgum sv\u00e6\u00f0um \u00e1litin systurgestalt Holla me\u00f0 svipu\u00f0u tv\u00ed\u00fe\u00e6ttu hlutverki sem h\u00fan b\u00e6\u00f0i refsar og umbunar.<\/p>\t\t\t\t\t\t\t\t<\/div>\n\t\t\t\t<\/div>\n\t\t\t\t\t<\/div>\n\t\t\t\t<\/div>\n\t\t<div class=\"elementor-element elementor-element-cp406577c e-flex e-con-boxed e-con e-parent\" data-id=\"cp406577c\" data-element_type=\"container\" data-e-type=\"container\">\n\t\t\t\t\t<div class=\"e-con-inner\">\n\t\t\t\t<div class=\"elementor-element elementor-element-cpdd9c543 elementor-widget elementor-widget-heading\" data-id=\"cpdd9c543\" data-element_type=\"widget\" data-e-type=\"widget\" data-widget_type=\"heading.default\">\n\t\t\t\t\t<h2 class=\"elementor-heading-title elementor-size-default\">Algengar spurningar um Frau Holle<\/h2>\t\t\t\t<\/div>\n\t\t<div class=\"elementor-element elementor-element-cp9e731bb e-con-full e-flex e-con e-child\" data-id=\"cp9e731bb\" data-element_type=\"container\" data-e-type=\"container\">\n\t\t\t\t<div class=\"elementor-element elementor-element-cpa7c898c elementor-widget elementor-widget-text-editor\" data-id=\"cpa7c898c\" data-element_type=\"widget\" data-e-type=\"widget\" data-widget_type=\"text-editor.default\">\n\t\t\t\t\t\t\t\t\t<p><strong>Eru Holla og Frau Holle sama gestaltin?<\/strong><\/p><p>J\u00e1, Frau Holle er \u00e6vint\u00fdraformi\u00f0 sem Grimmsbr\u00e6\u00f0ur ger\u00f0u vins\u00e6lt af s\u00f6mu sagnapers\u00f3nunni, sem \u00ed eldri og sta\u00f0bundnum heimildum ber nafni\u00f0 Holla e\u00f0a Hulda. Kjarnaeinkennin sem ve\u00f0ur- og m\u00f3\u00f0urgy\u00f0ja eru var\u00f0veitt \u00ed b\u00e1\u00f0um nafnmyndunum.<\/p><p><strong>Hvers vegna er bl\u00f3\u00f0berjarunninn (holunder) talinn heilagur?<\/strong><\/p><p>Runnninn var talinn kj\u00f6rinn b\u00fasta\u00f0ur g\u00f3\u00f0ra anda og var \u00ed \u00fej\u00f3\u00f0tr\u00fa tengdur vi\u00f0 Holla. S\u00e1 sem klippti hann e\u00f0a felldi \u00e1tti fyrst a\u00f0 heilsa honum til a\u00f0 spilla ekki verndun heimilisins.<\/p><p><strong>Er Holla g\u00f3\u00f0 e\u00f0a h\u00e6ttuleg gestalt?<\/strong><\/p><p>B\u00e6\u00f0i \u00ed senn: H\u00fan umbunar i\u00f0jusemi og hreinl\u00e6ti r\u00edkulega, en refsar leti og vir\u00f0ingarleysi jafnhar\u00f0an. Sem lei\u00f0togi hinnar villtu vei\u00f0ar ber h\u00fan auk \u00feess dul\u00fa\u00f0ug, dau\u00f0an\u00e1l\u00e6g einkenni sem ganga lengra en hin mildlynda \u00e6vint\u00fdrapers\u00f3na.<\/p>\t\t\t\t\t\t\t\t<\/div>\n\t\t\t\t<\/div>\n\t\t\t\t\t<\/div>\n\t\t\t\t<\/div>\n\t\t<div class=\"elementor-element elementor-element-36dd7469 e-flex e-con-boxed e-con e-parent\" data-id=\"36dd7469\" data-element_type=\"container\" data-e-type=\"container\">\n\t\t\t\t\t<div class=\"e-con-inner\">\n\t\t\t\t<div class=\"elementor-element elementor-element-13760ab4 elementor-widget elementor-widget-heading\" data-id=\"13760ab4\" data-element_type=\"widget\" data-e-type=\"widget\" data-widget_type=\"heading.default\">\n\t\t\t\t\t<h2 class=\"elementor-heading-title elementor-size-default\">\u00cdtarefni og tenglar<\/h2>\t\t\t\t<\/div>\n\t\t<div class=\"elementor-element elementor-element-28c87796 e-con-full e-flex e-con e-child\" data-id=\"28c87796\" data-element_type=\"container\" data-e-type=\"container\">\n\t\t\t\t<div class=\"elementor-element elementor-element-5d6538df elementor-widget elementor-widget-text-editor\" data-id=\"5d6538df\" data-element_type=\"widget\" data-e-type=\"widget\" data-widget_type=\"text-editor.default\">\n\t\t\t\t\t\t\t\t\t<p>R\u00e1\u00f0lag\u00f0ar innri tenglar:<\/p><ul><li><a href=\"https:\/\/iwell-guard.com\/is\/germonsk\/\">Germanskt<\/a> \u2013 \u00f6ll wesen germ\u00f6nsku go\u00f0a- og andaveraldarins<\/li><li><a href=\"https:\/\/iwell-guard.com\/is\/frigg\/\">Frigg<\/a>, <a href=\"https:\/\/iwell-guard.com\/is\/freyja\/\">Freyja<\/a>, <a href=\"https:\/\/iwell-guard.com\/is\/odin\/\">\u00d3\u00f0inn<\/a> \u2013 a\u00f0rar gestaltir germ\u00f6nsku go\u00f0averaldarins<\/li><li><a href=\"https:\/\/iwell-guard.com\/is\/reykelsi\/\">Reykelsi<\/a>, <a href=\"https:\/\/iwell-guard.com\/is\/talisman\/\">Talisman<\/a>, <a href=\"https:\/\/iwell-guard.com\/is\/bannspruch-og-bannritual\/\">Galdra\u00feula<\/a>, <a href=\"https:\/\/iwell-guard.com\/is\/besprechen\/\">A\u00f0 r\u00e6\u00f0a burt<\/a>, <a href=\"https:\/\/iwell-guard.com\/is\/?page_id=169849\">B\u00e6nir<\/a> \u2013 hef\u00f0bundnar verndarformur<\/li><li><a href=\"https:\/\/iwell-guard.com\/is\/verndarleidarvisir\/\">Verndarkomp\u00e1s<\/a> \u2013 yfirlit yfir verndargripi<\/li><\/ul>\t\t\t\t\t\t\t\t<\/div>\n\t\t\t\t<\/div>\n\t\t\t\t\t<\/div>\n\t\t\t\t<\/div>\n\t\t<div class=\"elementor-element elementor-element-grl4kl40 e-flex e-con-boxed e-con e-parent\" data-id=\"grl4kl40\" data-element_type=\"container\" data-e-type=\"container\">\n\t\t\t\t\t<div class=\"e-con-inner\">\n\t\t\t\t<div class=\"elementor-element elementor-element-bzsbfrmh elementor-widget elementor-widget-heading\" data-id=\"bzsbfrmh\" data-element_type=\"widget\" data-e-type=\"widget\" data-widget_type=\"heading.default\">\n\t\t\t\t\t<h2 class=\"elementor-heading-title elementor-size-default\">Heimildir (\u00farval)<\/h2>\t\t\t\t<\/div>\n\t\t<div class=\"elementor-element elementor-element-2c13224a e-con-full e-flex e-con e-child\" data-id=\"2c13224a\" data-element_type=\"container\" data-e-type=\"container\">\n\t\t\t\t<div class=\"elementor-element elementor-element-0eymh9ub elementor-widget elementor-widget-text-editor\" data-id=\"0eymh9ub\" data-element_type=\"widget\" data-e-type=\"widget\" data-widget_type=\"text-editor.default\">\n\t\t\t\t\t\t\t\t\t<footer class=\"iwg-literatur\" data-nosnippet=\"true\"><p>\u00darval helstu heimilda og ranns\u00f3kna:<\/p><ul><li><span data-nosnippet>Grimm, Jacob: <em>Deutsche Mythologie<\/em>. G\u00f6ttingen 1835.<\/span><\/li><li><span data-nosnippet>Grimmsbr\u00e6\u00f0ur: <em>Kinder- und Hausm\u00e4rchen<\/em>. KHM 24, \u201eFrau Holle\u201c, 7. \u00fatg\u00e1fa, G\u00f6ttingen 1857.<\/span><\/li><li><span data-nosnippet>Timm, Erika: <em>Frau Holle, Frau Percht und verwandte Gestalten. 160 Jahre nach Jacob Grimm aus germanistischer Sicht betrachtet<\/em>. Stuttgart 2003.<\/span><\/li><li><span data-nosnippet>Simek, Rudolf: <em>Lexikon der germanischen Mythologie<\/em>. 3. \u00fatg\u00e1fa, Stuttgart 2006.<\/span><\/li><li><span data-nosnippet>Petzoldt, Leander: <em>Kleines Lexikon der D\u00e4monen und Elementargeister<\/em>. M\u00fcnchen 1990.<\/span><\/li><\/ul><\/footer>\n<p class=\"iwg-bib-more\"><span data-nosnippet>Fleiri grunnrit \u00ed <a href=\"https:\/\/iwell-guard.com\/is\/heimildaskra\/\">heimildaskr\u00e1nni<\/a>.<\/span><\/p>\t\t\t\t\t\t\t\t<\/div>\n\t\t\t\t<\/div>\n\t\t\t\t\t<\/div>\n\t\t\t\t<\/div>\n\t\t<div class=\"elementor-element elementor-element-iwgkw2-add-hulijing e-flex e-con-boxed e-con e-parent\" data-id=\"iwgkw2-add-hulijing\" data-element_type=\"container\" data-e-type=\"container\">\n\t\t\t\t\t<div class=\"e-con-inner\">\n\t\t\t\t<div class=\"elementor-element elementor-element-iwgkw2-add-hulijing-t elementor-widget elementor-widget-text-editor\" data-id=\"iwgkw2-add-hulijing-t\" data-element_type=\"widget\" data-e-type=\"widget\" data-widget_type=\"text-editor.default\">\n\t\t\t\t\t\t\t\t\t<p>\u00deekkt sem gy\u00f0jan Holla \u00e1 germ\u00f6nsku m\u00e1lsv\u00e6\u00f0inu og jafnframt sem sagnapers\u00f3nan Frau Holle hj\u00e1 Grimmsbr\u00e6\u00f0rum, sameinar h\u00fan strangt r\u00e9ttl\u00e6ti og m\u00f3\u00f0urlega umhyggju yfir ve\u00f0ri, i\u00f0jusemi og handanheiminum.<\/p>\t\t\t\t\t\t\t\t<\/div>\n\t\t\t\t\t<\/div>\n\t\t\t\t<\/div>\n\t\t\t\t<\/div>\n\t\t","protected":false},"excerpt":{"rendered":"","protected":false},"author":3,"featured_media":20519,"parent":0,"menu_order":0,"comment_status":"closed","ping_status":"closed","template":"elementor_header_footer","meta":{"_yoast_wpseo_focuskw":"frau holle","_yoast_wpseo_title":"Holla (Fr\u00fa Holle) \u2013 m\u00f3\u00f0urgy\u00f0ja Germana","_yoast_wpseo_metadesc":"Holla, einnig k\u00f6llu\u00f0 Fr\u00fa Holle: germ\u00f6nsk m\u00f3\u00f0urgy\u00f0ja ve\u00f0urs, frj\u00f3semi og handanheims. Uppruni, \u00e6vint\u00fdri Grimmsbr\u00e6\u00f0ra og var\u00f0veittir verndarsi\u00f0ir.","_yoast_wpseo_meta-robots-noindex":"","_yoast_wpseo_canonical":"","_angie_page":false,"gefaehrdungsstufe":"3","wesen_kultur":"germanisch","wesen_klasse":"goetter","footnotes":""},"categories":[],"class_list":["post-169828","page","type-page","status-publish","has-post-thumbnail","hentry"],"yoast_head":"<!-- This site is optimized with the Yoast SEO Premium plugin v27.7 (Yoast SEO v28.3) - https:\/\/yoast.com\/product\/yoast-seo-premium-wordpress\/ -->\n<title>Holla (Fr\u00fa Holle) \u2013 m\u00f3\u00f0urgy\u00f0ja Germana<\/title>\n<meta name=\"description\" content=\"Holla, einnig k\u00f6llu\u00f0 Fr\u00fa Holle: germ\u00f6nsk m\u00f3\u00f0urgy\u00f0ja ve\u00f0urs, frj\u00f3semi og handanheims. Uppruni, \u00e6vint\u00fdri Grimmsbr\u00e6\u00f0ra og var\u00f0veittir verndarsi\u00f0ir.\" \/>\n<meta name=\"robots\" content=\"index, follow, max-snippet:-1, max-image-preview:large, max-video-preview:-1\" \/>\n<link rel=\"canonical\" href=\"https:\/\/iwell-guard.com\/is\/holla-frau-holle\/\" \/>\n<meta property=\"og:locale\" content=\"is_IS\" \/>\n<meta property=\"og:type\" content=\"article\" \/>\n<meta property=\"og:title\" content=\"Holla (Fr\u00fa Holle)\" \/>\n<meta property=\"og:description\" content=\"Holla, einnig k\u00f6llu\u00f0 Fr\u00fa Holle: germ\u00f6nsk m\u00f3\u00f0urgy\u00f0ja ve\u00f0urs, frj\u00f3semi og handanheims. Uppruni, \u00e6vint\u00fdri Grimmsbr\u00e6\u00f0ra og var\u00f0veittir verndarsi\u00f0ir.\" \/>\n<meta property=\"og:url\" content=\"https:\/\/iwell-guard.com\/is\/holla-frau-holle\/\" \/>\n<meta property=\"og:site_name\" content=\"iWell Guard\" \/>\n<meta property=\"article:modified_time\" content=\"2026-09-05T14:57:35+00:00\" \/>\n<meta property=\"og:image\" content=\"https:\/\/iwell-guard.com\/wp-content\/uploads\/2026\/07\/goetter_germanisch_holla.webp\" \/>\n\t<meta property=\"og:image:width\" content=\"1024\" \/>\n\t<meta property=\"og:image:height\" content=\"1536\" \/>\n\t<meta property=\"og:image:type\" content=\"image\/webp\" \/>\n<meta name=\"twitter:card\" content=\"summary_large_image\" \/>\n<script type=\"application\/ld+json\" class=\"yoast-schema-graph\">{\"@context\":\"https:\\\/\\\/schema.org\",\"@graph\":[{\"@type\":\"Article\",\"@id\":\"https:\\\/\\\/iwell-guard.com\\\/is\\\/holla-frau-holle\\\/#article\",\"isPartOf\":{\"@id\":\"https:\\\/\\\/iwell-guard.com\\\/is\\\/holla-frau-holle\\\/\"},\"author\":{\"name\":\"Ralf Ittermann\",\"@id\":\"https:\\\/\\\/iwell-guard.com\\\/is\\\/#\\\/schema\\\/person\\\/ee2a27f1cac3406c7c6fb5820cb7349f\"},\"headline\":\"Holla (Fr\u00fa Holle)\",\"datePublished\":\"2026-09-05T14:12:05+00:00\",\"dateModified\":\"2026-09-05T14:57:35+00:00\",\"mainEntityOfPage\":{\"@id\":\"https:\\\/\\\/iwell-guard.com\\\/is\\\/holla-frau-holle\\\/\"},\"publisher\":{\"@id\":\"https:\\\/\\\/iwell-guard.com\\\/is\\\/#organization\"},\"image\":{\"@id\":\"https:\\\/\\\/iwell-guard.com\\\/is\\\/holla-frau-holle\\\/#primaryimage\"},\"thumbnailUrl\":\"https:\\\/\\\/iwell-guard.com\\\/wp-content\\\/uploads\\\/2026\\\/07\\\/goetter_germanisch_holla.webp\",\"inLanguage\":\"is\",\"description\":\"Holla, einnig k\u00f6llu\u00f0 Fr\u00fa Holle: germ\u00f6nsk m\u00f3\u00f0urgy\u00f0ja ve\u00f0urs, frj\u00f3semi og handanheims. Uppruni, \u00e6vint\u00fdri Grimmsbr\u00e6\u00f0ra og var\u00f0veittir verndarsi\u00f0ir.\"},{\"@type\":\"WebPage\",\"@id\":\"https:\\\/\\\/iwell-guard.com\\\/is\\\/holla-frau-holle\\\/\",\"url\":\"https:\\\/\\\/iwell-guard.com\\\/is\\\/holla-frau-holle\\\/\",\"name\":\"Holla (Fr\u00fa Holle) \u2013 m\u00f3\u00f0urgy\u00f0ja Germana\",\"isPartOf\":{\"@id\":\"https:\\\/\\\/iwell-guard.com\\\/is\\\/#website\"},\"primaryImageOfPage\":{\"@id\":\"https:\\\/\\\/iwell-guard.com\\\/is\\\/holla-frau-holle\\\/#primaryimage\"},\"image\":{\"@id\":\"https:\\\/\\\/iwell-guard.com\\\/is\\\/holla-frau-holle\\\/#primaryimage\"},\"thumbnailUrl\":\"https:\\\/\\\/iwell-guard.com\\\/wp-content\\\/uploads\\\/2026\\\/07\\\/goetter_germanisch_holla.webp\",\"datePublished\":\"2026-09-05T14:12:05+00:00\",\"dateModified\":\"2026-09-05T14:57:35+00:00\",\"description\":\"Holla, einnig k\u00f6llu\u00f0 Fr\u00fa Holle: germ\u00f6nsk m\u00f3\u00f0urgy\u00f0ja ve\u00f0urs, frj\u00f3semi og handanheims. Uppruni, \u00e6vint\u00fdri Grimmsbr\u00e6\u00f0ra og var\u00f0veittir verndarsi\u00f0ir.\",\"breadcrumb\":{\"@id\":\"https:\\\/\\\/iwell-guard.com\\\/is\\\/holla-frau-holle\\\/#breadcrumb\"},\"inLanguage\":\"is\",\"potentialAction\":[{\"@type\":\"ReadAction\",\"target\":[\"https:\\\/\\\/iwell-guard.com\\\/is\\\/holla-frau-holle\\\/\"]}]},{\"@type\":\"ImageObject\",\"inLanguage\":\"is\",\"@id\":\"https:\\\/\\\/iwell-guard.com\\\/is\\\/holla-frau-holle\\\/#primaryimage\",\"url\":\"https:\\\/\\\/iwell-guard.com\\\/wp-content\\\/uploads\\\/2026\\\/07\\\/goetter_germanisch_holla.webp\",\"contentUrl\":\"https:\\\/\\\/iwell-guard.com\\\/wp-content\\\/uploads\\\/2026\\\/07\\\/goetter_germanisch_holla.webp\",\"width\":1024,\"height\":1536,\"caption\":\"Holla (Fr\u00fa Holle) \u2013 gu\u00f0 \u00far germanskri hef\u00f0, s\u00f6guleg myndskreyting\"},{\"@type\":\"BreadcrumbList\",\"@id\":\"https:\\\/\\\/iwell-guard.com\\\/is\\\/holla-frau-holle\\\/#breadcrumb\",\"itemListElement\":[{\"@type\":\"ListItem\",\"position\":1,\"name\":\"Start\",\"item\":\"https:\\\/\\\/iwell-guard.com\\\/is\\\/?page_id=168580\"},{\"@type\":\"ListItem\",\"position\":2,\"name\":\"Holla (Fr\u00fa Holle)\"}]},{\"@type\":\"WebSite\",\"@id\":\"https:\\\/\\\/iwell-guard.com\\\/is\\\/#website\",\"url\":\"https:\\\/\\\/iwell-guard.com\\\/is\\\/\",\"name\":\"iWell Guard\",\"description\":\"Schutz vor dunklen Einfl\u00fcssen\",\"publisher\":{\"@id\":\"https:\\\/\\\/iwell-guard.com\\\/is\\\/#organization\"},\"potentialAction\":[{\"@type\":\"SearchAction\",\"target\":{\"@type\":\"EntryPoint\",\"urlTemplate\":\"https:\\\/\\\/iwell-guard.com\\\/is\\\/?s={search_term_string}\"},\"query-input\":{\"@type\":\"PropertyValueSpecification\",\"valueRequired\":true,\"valueName\":\"search_term_string\"}}],\"inLanguage\":\"is\"},{\"@type\":\"Organization\",\"@id\":\"https:\\\/\\\/iwell-guard.com\\\/is\\\/#organization\",\"name\":\"Ittermann electronic GmbH\",\"url\":\"https:\\\/\\\/iwell-guard.com\\\/is\\\/\",\"logo\":{\"@type\":\"ImageObject\",\"inLanguage\":\"is\",\"@id\":\"https:\\\/\\\/iwell-guard.com\\\/is\\\/#\\\/schema\\\/logo\\\/image\\\/\",\"url\":\"https:\\\/\\\/iwell-guard.com\\\/wp-content\\\/uploads\\\/2026\\\/05\\\/Ittermann-Logo-1182x237-1.png\",\"contentUrl\":\"https:\\\/\\\/iwell-guard.com\\\/wp-content\\\/uploads\\\/2026\\\/05\\\/Ittermann-Logo-1182x237-1.png\",\"width\":1182,\"height\":237,\"caption\":\"Ittermann electronic GmbH\"},\"image\":{\"@id\":\"https:\\\/\\\/iwell-guard.com\\\/is\\\/#\\\/schema\\\/logo\\\/image\\\/\"},\"sameAs\":[\"https:\\\/\\\/pantip.com\\\/profile\\\/9367242\",\"https:\\\/\\\/micro.blog\\\/iwellguard\",\"https:\\\/\\\/www.diggerslist.com\\\/iwellguard\\\/about\",\"https:\\\/\\\/skitterphoto.com\\\/photographers\\\/2870314\\\/iwell-guard\",\"https:\\\/\\\/iwellguard.wordpress.com\\\/2026\\\/06\\\/06\\\/iwell-guard\\\/\",\"https:\\\/\\\/hub.docker.com\\\/u\\\/iwellguard\",\"https:\\\/\\\/www.pinterest.com\\\/iwellguard\\\/\",\"https:\\\/\\\/bit.ly\\\/m\\\/iwellguard\",\"https:\\\/\\\/entre-vos-mains.alsace.eu\\\/profiles\\\/iwellguard\\\/activity\",\"https:\\\/\\\/gravatar.com\\\/reallybeded8fd34\",\"https:\\\/\\\/naijamatta.com\\\/iwellguard\",\"https:\\\/\\\/www.goodreads.com\\\/iwellguard\",\"https:\\\/\\\/profile.hatena.ne.jp\\\/iwellguard\\\/\",\"https:\\\/\\\/experiment.com\\\/users\\\/iwellguard\",\"https:\\\/\\\/wakelet.com\\\/@iWellGuard82270\",\"https:\\\/\\\/www.chordie.com\\\/forum\\\/profile.php?id=2555664\",\"https:\\\/\\\/www.instapaper.com\\\/p\\\/17757966\",\"https:\\\/\\\/www.mapleprimes.com\\\/users\\\/iwellguard\",\"https:\\\/\\\/businesslistingplus.com\\\/profile\\\/iwell-guard\\\/\",\"https:\\\/\\\/telegra.ph\\\/iWell-Guard-06-06\",\"https:\\\/\\\/pbase.com\\\/iwellguard\\\/iwellguard\",\"https:\\\/\\\/b.hatena.ne.jp\\\/iwellguard\\\/20260607#bookmark-4788405196491818882\",\"https:\\\/\\\/fliphtml5.com\\\/home\\\/iwellguard\",\"https:\\\/\\\/anyflip.com\\\/homepage\\\/cmiwl#About\",\"https:\\\/\\\/transfur.com\\\/Users\\\/iwellguard\",\"http:\\\/\\\/delphi.larsbo.org\\\/user\\\/iwellguard\",\"https:\\\/\\\/jobs.lajobsportal.org\\\/profiles\\\/8380803-iwell-guard\",\"https:\\\/\\\/md.chaosdorf.de\\\/s\\\/jfbe5SBdJD\",\"https:\\\/\\\/www.lingvolive.com\\\/en-us\\\/profile\\\/9ecaeaca-ce11-4e51-9e71-01d55e2bff36\\\/translations\",\"https:\\\/\\\/www.fitday.com\\\/fitness\\\/forums\\\/members\\\/iwellguard.html\",\"https:\\\/\\\/www.mymeetbook.com\\\/iwellguard\",\"https:\\\/\\\/pxhere.com\\\/en\\\/photographer-me\\\/5040798\",\"https:\\\/\\\/disqus.com\\\/by\\\/iwellguard\\\/about\\\/\",\"https:\\\/\\\/pastelink.net\\\/hjwciqwq\",\"https:\\\/\\\/pubhtml5.com\\\/homepage\\\/scjhn\\\/\",\"https:\\\/\\\/www.bitchute.com\\\/channel\\\/2O2eOKzNqujT\",\"https:\\\/\\\/audiomack.com\\\/iwellguard\"]},{\"@type\":\"Person\",\"@id\":\"https:\\\/\\\/iwell-guard.com\\\/is\\\/#\\\/schema\\\/person\\\/ee2a27f1cac3406c7c6fb5820cb7349f\",\"name\":\"Ralf Ittermann\",\"image\":{\"@type\":\"ImageObject\",\"inLanguage\":\"is\",\"@id\":\"https:\\\/\\\/secure.gravatar.com\\\/avatar\\\/073c0153e350a5005b68eb752b445fea71f6b24a26da9449ad7e155e6b446c9d?s=96&d=mm&r=g\",\"url\":\"https:\\\/\\\/secure.gravatar.com\\\/avatar\\\/073c0153e350a5005b68eb752b445fea71f6b24a26da9449ad7e155e6b446c9d?s=96&d=mm&r=g\",\"contentUrl\":\"https:\\\/\\\/secure.gravatar.com\\\/avatar\\\/073c0153e350a5005b68eb752b445fea71f6b24a26da9449ad7e155e6b446c9d?s=96&d=mm&r=g\",\"caption\":\"Ralf Ittermann\"},\"givenName\":\"Ralf\",\"familyName\":\"Ittermann\",\"jobTitle\":\"Gesch\u00e4ftsf\u00fchrer und redaktioneller Verantwortlicher\",\"url\":\"https:\\\/\\\/iwell-guard.com\\\/is\\\/author\\\/claude\\\/\",\"description\":\"Ralf Ittermann ist Gesch\u00e4ftsf\u00fchrer der Ittermann electronic GmbH und redaktioneller Verantwortlicher des iWell-Guard-Lexikons. Er verbindet langj\u00e4hrige Erfahrung in der Pr\u00e4zisionsfertigung mit medialer Praxis und religionsgeschichtlicher Quellenarbeit.\",\"worksFor\":{\"@type\":\"Organization\",\"name\":\"Ittermann electronic GmbH\",\"url\":\"https:\\\/\\\/ittermann.de\\\/\",\"address\":{\"@type\":\"PostalAddress\",\"streetAddress\":\"K\u00f6hlergasse 16-18\",\"postalCode\":\"99842\",\"addressLocality\":\"Ruhla\",\"addressCountry\":\"DE\"}},\"knowsAbout\":[\"Religionsgeschichte\",\"Mythologie\",\"Mediale Praxis\",\"Energetische Diagnostik\",\"Schutzpraxis\",\"Volksglauben\",\"Westliche Esoterik\"]},{\"@type\":\"Article\",\"@id\":\"https:\\\/\\\/iwell-guard.com\\\/is\\\/holla-frau-holle\\\/#article\",\"isPartOf\":{\"@id\":\"https:\\\/\\\/iwell-guard.com\\\/is\\\/holla-frau-holle\\\/\"},\"author\":{\"name\":\"Ralf Ittermann\",\"@id\":\"https:\\\/\\\/iwell-guard.com\\\/is\\\/#\\\/schema\\\/person\\\/ee2a27f1cac3406c7c6fb5820cb7349f\"},\"headline\":\"Holla (Fr\u00fa Holle)\",\"datePublished\":\"2026-09-05T14:12:05+00:00\",\"dateModified\":\"2026-09-05T14:57:35+00:00\",\"mainEntityOfPage\":{\"@id\":\"https:\\\/\\\/iwell-guard.com\\\/is\\\/holla-frau-holle\\\/\"},\"publisher\":{\"@id\":\"https:\\\/\\\/iwell-guard.com\\\/is\\\/#organization\"},\"image\":{\"@id\":\"https:\\\/\\\/iwell-guard.com\\\/is\\\/holla-frau-holle\\\/#primaryimage\"},\"thumbnailUrl\":\"https:\\\/\\\/iwell-guard.com\\\/wp-content\\\/uploads\\\/2026\\\/07\\\/goetter_germanisch_holla.webp\",\"inLanguage\":\"is\",\"description\":\"Holla, einnig k\u00f6llu\u00f0 Fr\u00fa Holle: germ\u00f6nsk m\u00f3\u00f0urgy\u00f0ja ve\u00f0urs, frj\u00f3semi og handanheims. Uppruni, \u00e6vint\u00fdri Grimmsbr\u00e6\u00f0ra og var\u00f0veittir verndarsi\u00f0ir.\"}]}<\/script>\n<!-- \/ Yoast SEO Premium plugin. -->","yoast_head_json":{"title":"Holla (Fr\u00fa Holle) \u2013 m\u00f3\u00f0urgy\u00f0ja Germana","description":"Holla, einnig k\u00f6llu\u00f0 Fr\u00fa Holle: germ\u00f6nsk m\u00f3\u00f0urgy\u00f0ja ve\u00f0urs, frj\u00f3semi og handanheims. Uppruni, \u00e6vint\u00fdri Grimmsbr\u00e6\u00f0ra og var\u00f0veittir verndarsi\u00f0ir.","robots":{"index":"index","follow":"follow","max-snippet":"max-snippet:-1","max-image-preview":"max-image-preview:large","max-video-preview":"max-video-preview:-1"},"canonical":"https:\/\/iwell-guard.com\/is\/holla-frau-holle\/","og_locale":"is_IS","og_type":"article","og_title":"Holla (Fr\u00fa Holle)","og_description":"Holla, einnig k\u00f6llu\u00f0 Fr\u00fa Holle: germ\u00f6nsk m\u00f3\u00f0urgy\u00f0ja ve\u00f0urs, frj\u00f3semi og handanheims. Uppruni, \u00e6vint\u00fdri Grimmsbr\u00e6\u00f0ra og var\u00f0veittir verndarsi\u00f0ir.","og_url":"https:\/\/iwell-guard.com\/is\/holla-frau-holle\/","og_site_name":"iWell Guard","article_modified_time":"2026-09-05T14:57:35+00:00","og_image":[{"width":1024,"height":1536,"url":"https:\/\/iwell-guard.com\/wp-content\/uploads\/2026\/07\/goetter_germanisch_holla.webp","type":"image\/webp"}],"twitter_card":"summary_large_image","schema":{"@context":"https:\/\/schema.org","@graph":[{"@type":"Article","@id":"https:\/\/iwell-guard.com\/is\/holla-frau-holle\/#article","isPartOf":{"@id":"https:\/\/iwell-guard.com\/is\/holla-frau-holle\/"},"author":{"name":"Ralf Ittermann","@id":"https:\/\/iwell-guard.com\/is\/#\/schema\/person\/ee2a27f1cac3406c7c6fb5820cb7349f"},"headline":"Holla (Fr\u00fa Holle)","datePublished":"2026-09-05T14:12:05+00:00","dateModified":"2026-09-05T14:57:35+00:00","mainEntityOfPage":{"@id":"https:\/\/iwell-guard.com\/is\/holla-frau-holle\/"},"publisher":{"@id":"https:\/\/iwell-guard.com\/is\/#organization"},"image":{"@id":"https:\/\/iwell-guard.com\/is\/holla-frau-holle\/#primaryimage"},"thumbnailUrl":"https:\/\/iwell-guard.com\/wp-content\/uploads\/2026\/07\/goetter_germanisch_holla.webp","inLanguage":"is","description":"Holla, einnig k\u00f6llu\u00f0 Fr\u00fa Holle: germ\u00f6nsk m\u00f3\u00f0urgy\u00f0ja ve\u00f0urs, frj\u00f3semi og handanheims. Uppruni, \u00e6vint\u00fdri Grimmsbr\u00e6\u00f0ra og var\u00f0veittir verndarsi\u00f0ir."},{"@type":"WebPage","@id":"https:\/\/iwell-guard.com\/is\/holla-frau-holle\/","url":"https:\/\/iwell-guard.com\/is\/holla-frau-holle\/","name":"Holla (Fr\u00fa Holle) \u2013 m\u00f3\u00f0urgy\u00f0ja Germana","isPartOf":{"@id":"https:\/\/iwell-guard.com\/is\/#website"},"primaryImageOfPage":{"@id":"https:\/\/iwell-guard.com\/is\/holla-frau-holle\/#primaryimage"},"image":{"@id":"https:\/\/iwell-guard.com\/is\/holla-frau-holle\/#primaryimage"},"thumbnailUrl":"https:\/\/iwell-guard.com\/wp-content\/uploads\/2026\/07\/goetter_germanisch_holla.webp","datePublished":"2026-09-05T14:12:05+00:00","dateModified":"2026-09-05T14:57:35+00:00","description":"Holla, einnig k\u00f6llu\u00f0 Fr\u00fa Holle: germ\u00f6nsk m\u00f3\u00f0urgy\u00f0ja ve\u00f0urs, frj\u00f3semi og handanheims. Uppruni, \u00e6vint\u00fdri Grimmsbr\u00e6\u00f0ra og var\u00f0veittir verndarsi\u00f0ir.","breadcrumb":{"@id":"https:\/\/iwell-guard.com\/is\/holla-frau-holle\/#breadcrumb"},"inLanguage":"is","potentialAction":[{"@type":"ReadAction","target":["https:\/\/iwell-guard.com\/is\/holla-frau-holle\/"]}]},{"@type":"ImageObject","inLanguage":"is","@id":"https:\/\/iwell-guard.com\/is\/holla-frau-holle\/#primaryimage","url":"https:\/\/iwell-guard.com\/wp-content\/uploads\/2026\/07\/goetter_germanisch_holla.webp","contentUrl":"https:\/\/iwell-guard.com\/wp-content\/uploads\/2026\/07\/goetter_germanisch_holla.webp","width":1024,"height":1536,"caption":"Holla (Fr\u00fa Holle) \u2013 gu\u00f0 \u00far germanskri hef\u00f0, s\u00f6guleg myndskreyting"},{"@type":"BreadcrumbList","@id":"https:\/\/iwell-guard.com\/is\/holla-frau-holle\/#breadcrumb","itemListElement":[{"@type":"ListItem","position":1,"name":"Start","item":"https:\/\/iwell-guard.com\/is\/?page_id=168580"},{"@type":"ListItem","position":2,"name":"Holla (Fr\u00fa Holle)"}]},{"@type":"WebSite","@id":"https:\/\/iwell-guard.com\/is\/#website","url":"https:\/\/iwell-guard.com\/is\/","name":"iWell Guard","description":"Schutz vor dunklen Einfl\u00fcssen","publisher":{"@id":"https:\/\/iwell-guard.com\/is\/#organization"},"potentialAction":[{"@type":"SearchAction","target":{"@type":"EntryPoint","urlTemplate":"https:\/\/iwell-guard.com\/is\/?s={search_term_string}"},"query-input":{"@type":"PropertyValueSpecification","valueRequired":true,"valueName":"search_term_string"}}],"inLanguage":"is"},{"@type":"Organization","@id":"https:\/\/iwell-guard.com\/is\/#organization","name":"Ittermann electronic GmbH","url":"https:\/\/iwell-guard.com\/is\/","logo":{"@type":"ImageObject","inLanguage":"is","@id":"https:\/\/iwell-guard.com\/is\/#\/schema\/logo\/image\/","url":"https:\/\/iwell-guard.com\/wp-content\/uploads\/2026\/05\/Ittermann-Logo-1182x237-1.png","contentUrl":"https:\/\/iwell-guard.com\/wp-content\/uploads\/2026\/05\/Ittermann-Logo-1182x237-1.png","width":1182,"height":237,"caption":"Ittermann electronic GmbH"},"image":{"@id":"https:\/\/iwell-guard.com\/is\/#\/schema\/logo\/image\/"},"sameAs":["https:\/\/pantip.com\/profile\/9367242","https:\/\/micro.blog\/iwellguard","https:\/\/www.diggerslist.com\/iwellguard\/about","https:\/\/skitterphoto.com\/photographers\/2870314\/iwell-guard","https:\/\/iwellguard.wordpress.com\/2026\/06\/06\/iwell-guard\/","https:\/\/hub.docker.com\/u\/iwellguard","https:\/\/www.pinterest.com\/iwellguard\/","https:\/\/bit.ly\/m\/iwellguard","https:\/\/entre-vos-mains.alsace.eu\/profiles\/iwellguard\/activity","https:\/\/gravatar.com\/reallybeded8fd34","https:\/\/naijamatta.com\/iwellguard","https:\/\/www.goodreads.com\/iwellguard","https:\/\/profile.hatena.ne.jp\/iwellguard\/","https:\/\/experiment.com\/users\/iwellguard","https:\/\/wakelet.com\/@iWellGuard82270","https:\/\/www.chordie.com\/forum\/profile.php?id=2555664","https:\/\/www.instapaper.com\/p\/17757966","https:\/\/www.mapleprimes.com\/users\/iwellguard","https:\/\/businesslistingplus.com\/profile\/iwell-guard\/","https:\/\/telegra.ph\/iWell-Guard-06-06","https:\/\/pbase.com\/iwellguard\/iwellguard","https:\/\/b.hatena.ne.jp\/iwellguard\/20260607#bookmark-4788405196491818882","https:\/\/fliphtml5.com\/home\/iwellguard","https:\/\/anyflip.com\/homepage\/cmiwl#About","https:\/\/transfur.com\/Users\/iwellguard","http:\/\/delphi.larsbo.org\/user\/iwellguard","https:\/\/jobs.lajobsportal.org\/profiles\/8380803-iwell-guard","https:\/\/md.chaosdorf.de\/s\/jfbe5SBdJD","https:\/\/www.lingvolive.com\/en-us\/profile\/9ecaeaca-ce11-4e51-9e71-01d55e2bff36\/translations","https:\/\/www.fitday.com\/fitness\/forums\/members\/iwellguard.html","https:\/\/www.mymeetbook.com\/iwellguard","https:\/\/pxhere.com\/en\/photographer-me\/5040798","https:\/\/disqus.com\/by\/iwellguard\/about\/","https:\/\/pastelink.net\/hjwciqwq","https:\/\/pubhtml5.com\/homepage\/scjhn\/","https:\/\/www.bitchute.com\/channel\/2O2eOKzNqujT","https:\/\/audiomack.com\/iwellguard"]},{"@type":"Person","@id":"https:\/\/iwell-guard.com\/is\/#\/schema\/person\/ee2a27f1cac3406c7c6fb5820cb7349f","name":"Ralf Ittermann","image":{"@type":"ImageObject","inLanguage":"is","@id":"https:\/\/secure.gravatar.com\/avatar\/073c0153e350a5005b68eb752b445fea71f6b24a26da9449ad7e155e6b446c9d?s=96&d=mm&r=g","url":"https:\/\/secure.gravatar.com\/avatar\/073c0153e350a5005b68eb752b445fea71f6b24a26da9449ad7e155e6b446c9d?s=96&d=mm&r=g","contentUrl":"https:\/\/secure.gravatar.com\/avatar\/073c0153e350a5005b68eb752b445fea71f6b24a26da9449ad7e155e6b446c9d?s=96&d=mm&r=g","caption":"Ralf Ittermann"},"givenName":"Ralf","familyName":"Ittermann","jobTitle":"Gesch\u00e4ftsf\u00fchrer und redaktioneller Verantwortlicher","url":"https:\/\/iwell-guard.com\/is\/author\/claude\/","description":"Ralf Ittermann ist Gesch\u00e4ftsf\u00fchrer der Ittermann electronic GmbH und redaktioneller Verantwortlicher des iWell-Guard-Lexikons. Er verbindet langj\u00e4hrige Erfahrung in der Pr\u00e4zisionsfertigung mit medialer Praxis und religionsgeschichtlicher Quellenarbeit.","worksFor":{"@type":"Organization","name":"Ittermann electronic GmbH","url":"https:\/\/ittermann.de\/","address":{"@type":"PostalAddress","streetAddress":"K\u00f6hlergasse 16-18","postalCode":"99842","addressLocality":"Ruhla","addressCountry":"DE"}},"knowsAbout":["Religionsgeschichte","Mythologie","Mediale Praxis","Energetische Diagnostik","Schutzpraxis","Volksglauben","Westliche Esoterik"]},{"@type":"Article","@id":"https:\/\/iwell-guard.com\/is\/holla-frau-holle\/#article","isPartOf":{"@id":"https:\/\/iwell-guard.com\/is\/holla-frau-holle\/"},"author":{"name":"Ralf Ittermann","@id":"https:\/\/iwell-guard.com\/is\/#\/schema\/person\/ee2a27f1cac3406c7c6fb5820cb7349f"},"headline":"Holla (Fr\u00fa Holle)","datePublished":"2026-09-05T14:12:05+00:00","dateModified":"2026-09-05T14:57:35+00:00","mainEntityOfPage":{"@id":"https:\/\/iwell-guard.com\/is\/holla-frau-holle\/"},"publisher":{"@id":"https:\/\/iwell-guard.com\/is\/#organization"},"image":{"@id":"https:\/\/iwell-guard.com\/is\/holla-frau-holle\/#primaryimage"},"thumbnailUrl":"https:\/\/iwell-guard.com\/wp-content\/uploads\/2026\/07\/goetter_germanisch_holla.webp","inLanguage":"is","description":"Holla, einnig k\u00f6llu\u00f0 Fr\u00fa Holle: germ\u00f6nsk m\u00f3\u00f0urgy\u00f0ja ve\u00f0urs, frj\u00f3semi og handanheims. Uppruni, \u00e6vint\u00fdri Grimmsbr\u00e6\u00f0ra og var\u00f0veittir verndarsi\u00f0ir."}]}},"_links":{"self":[{"href":"https:\/\/iwell-guard.com\/is\/wp-json\/wp\/v2\/pages\/169828","targetHints":{"allow":["GET"]}}],"collection":[{"href":"https:\/\/iwell-guard.com\/is\/wp-json\/wp\/v2\/pages"}],"about":[{"href":"https:\/\/iwell-guard.com\/is\/wp-json\/wp\/v2\/types\/page"}],"author":[{"embeddable":true,"href":"https:\/\/iwell-guard.com\/is\/wp-json\/wp\/v2\/users\/3"}],"replies":[{"embeddable":true,"href":"https:\/\/iwell-guard.com\/is\/wp-json\/wp\/v2\/comments?post=169828"}],"version-history":[{"count":0,"href":"https:\/\/iwell-guard.com\/is\/wp-json\/wp\/v2\/pages\/169828\/revisions"}],"wp:featuredmedia":[{"embeddable":true,"href":"https:\/\/iwell-guard.com\/is\/wp-json\/wp\/v2\/media\/20519"}],"wp:attachment":[{"href":"https:\/\/iwell-guard.com\/is\/wp-json\/wp\/v2\/media?parent=169828"}],"wp:term":[{"taxonomy":"category","embeddable":true,"href":"https:\/\/iwell-guard.com\/is\/wp-json\/wp\/v2\/categories?post=169828"}],"curies":[{"name":"wp","href":"https:\/\/api.w.org\/{rel}","templated":true}]}}