{"id":169826,"date":"2026-09-05T14:12:04","date_gmt":"2026-09-05T14:12:04","guid":{"rendered":"https:\/\/iwell-guard.com\/?page_id=169826"},"modified":"2026-09-05T14:57:31","modified_gmt":"2026-09-05T14:57:31","slug":"frau-perchta","status":"publish","type":"page","link":"https:\/\/iwell-guard.com\/is\/frau-perchta\/","title":{"rendered":"Frau Perchta"},"content":{"rendered":"\t\t<div data-elementor-type=\"wp-page\" data-elementor-id=\"169826\" class=\"elementor elementor-169826 elementor-20476\" data-elementor-post-type=\"page\">\n\t\t\t\t<div class=\"elementor-element elementor-element-10fdade e-flex e-con-boxed e-con e-parent\" data-id=\"10fdade\" data-element_type=\"container\" data-e-type=\"container\" data-settings=\"{&quot;background_background&quot;:&quot;classic&quot;}\">\n\t\t\t\t\t<div class=\"e-con-inner\">\n\t\t<div class=\"elementor-element elementor-element-herohlft0 e-flex e-con-boxed e-con e-child\" data-id=\"herohlft0\" data-element_type=\"container\" data-e-type=\"container\">\n\t\t\t\t\t<div class=\"e-con-inner\">\n\t\t<div class=\"elementor-element elementor-element-c3ceb64 e-con-full e-flex e-con e-child\" data-id=\"c3ceb64\" data-element_type=\"container\" data-e-type=\"container\">\n\t\t\t\t<div class=\"elementor-element elementor-element-96ae5e1 elementor-widget elementor-widget-heading\" data-id=\"96ae5e1\" data-element_type=\"widget\" data-e-type=\"widget\" data-widget_type=\"heading.default\">\n\t\t\t\t\t<h1 class=\"elementor-heading-title elementor-size-default\">Frau Perchta, d\u00f3mari i\u00f0jusemi og reglu<\/h1>\t\t\t\t<\/div>\n\t\t\t\t<div class=\"elementor-element elementor-element-e45238a elementor-widget elementor-widget-text-editor\" data-id=\"e45238a\" data-element_type=\"widget\" data-e-type=\"widget\" data-widget_type=\"text-editor.default\">\n\t\t\t\t\t\t\t\t\t<p>Frau Perchta er <span class=\"iwg-fachbegriff\" data-tooltip=\"L\u00edkamslaus vera sem talin er hafa \u00e1hrif \u00ed heiminum.\" tabindex=\"0\">andi<\/span> \u00far alpahef\u00f0inni.<\/p><p><strong>Verndari i\u00f0jusemi og reglu \u00e1 Rauhn\u00e4chte, hinum t\u00f3lf n\u00f3ttum.<\/strong><\/p>\t\t\t\t\t\t\t\t<\/div>\n\t\t\t\t<\/div>\n\t\t<div class=\"elementor-element elementor-element-klsbdg01 e-con-full e-flex e-con e-child\" data-id=\"klsbdg01\" data-element_type=\"container\" data-e-type=\"container\">\n\t\t\t\t<div class=\"elementor-element elementor-element-klshtm01 elementor-widget elementor-widget-html\" data-id=\"klshtm01\" data-element_type=\"widget\" data-e-type=\"widget\" data-widget_type=\"html.default\">\n\t\t\t\t\t<div class=\"iwg-pill-row\"><span class=\"iwg-klasse-badge\" tabindex=\"0\" data-tooltip=\"Andi: L\u00edkamslaus e\u00f0a h\u00e1lfl\u00edkamleg vera, framli\u00f0nir, n\u00e1tt\u00faruv\u00e6ttir, h\u00fasandar e\u00f0a \u00fer\u00f6skuldsver\u00f0ir. Verkar \u00ed daglegu l\u00edfi, oft bundinn \u00e1kve\u00f0num st\u00f6\u00f0um e\u00f0a fj\u00f6lskyldum.\">Andi<\/span><a href=\"https:\/\/iwell-guard.com\/is\/?page_id=169862\" class=\"iwg-kultur-badge\" tabindex=\"0\" data-tooltip=\"Sagnaheimur Alpasv\u00e6\u00f0isins: B\u00e6jaraland, Austurr\u00edki, Sviss og Su\u00f0ur-T\u00fdrol, fr\u00e1 alma\u00f6ndum til vera Rauhn\u00e4chte.\">Alpasv\u00e6\u00f0i\u00f0<\/a><\/div>\t\t\t\t<\/div>\n\t\t\t\t<\/div>\n\t\t<div class=\"elementor-element elementor-element-3f74855 e-con-full e-flex e-con e-child\" data-id=\"3f74855\" data-element_type=\"container\" data-e-type=\"container\">\n\t\t\t\t<div class=\"elementor-element elementor-element-1c30362 elementor-toc--minimized-on-tablet elementor-widget elementor-widget-table-of-contents\" data-id=\"1c30362\" data-element_type=\"widget\" data-e-type=\"widget\" data-settings=\"{&quot;exclude_headings_by_selector&quot;:[],&quot;no_headings_message&quot;:&quot;Engar undirfyrirsagnir fundust \\u00e1 \\u00feessari s\\u00ed\\u00f0u.&quot;,&quot;headings_by_tags&quot;:[&quot;h2&quot;,&quot;h3&quot;],&quot;marker_view&quot;:&quot;bullets&quot;,&quot;icon&quot;:{&quot;value&quot;:&quot;fas fa-circle&quot;,&quot;library&quot;:&quot;fa-solid&quot;,&quot;rendered_tag&quot;:&quot;&lt;svg class=\\&quot;e-font-icon-svg e-fas-circle\\&quot; viewBox=\\&quot;0 0 512 512\\&quot; xmlns=\\&quot;http:\\\/\\\/www.w3.org\\\/2000\\\/svg\\&quot;&gt;&lt;path d=\\&quot;M256 8C119 8 8 119 8 256s111 248 248 248 248-111 248-248S393 8 256 8z\\&quot;&gt;&lt;\\\/path&gt;&lt;\\\/svg&gt;&quot;},&quot;minimize_box&quot;:&quot;yes&quot;,&quot;minimized_on&quot;:&quot;tablet&quot;,&quot;hierarchical_view&quot;:&quot;yes&quot;,&quot;min_height&quot;:{&quot;unit&quot;:&quot;px&quot;,&quot;size&quot;:&quot;&quot;,&quot;sizes&quot;:[]},&quot;min_height_tablet&quot;:{&quot;unit&quot;:&quot;px&quot;,&quot;size&quot;:&quot;&quot;,&quot;sizes&quot;:[]},&quot;min_height_mobile&quot;:{&quot;unit&quot;:&quot;px&quot;,&quot;size&quot;:&quot;&quot;,&quot;sizes&quot;:[]}}\" data-widget_type=\"table-of-contents.default\">\n\t\t\t\t\t\t\t\t\t<div class=\"elementor-toc__header\">\n\t\t\t\t\t\t<h2 class=\"elementor-toc__header-title\">\n\t\t\t\tEfnisyfirlit\t\t\t<\/h2>\n\t\t\t\t\t\t\t\t\t\t<div class=\"elementor-toc__toggle-button elementor-toc__toggle-button--expand\" role=\"button\" tabindex=\"0\" aria-controls=\"elementor-toc__1c30362\" aria-expanded=\"true\" aria-label=\"Open table of contents\"><svg aria-hidden=\"true\" class=\"e-font-icon-svg e-fas-chevron-down\" viewBox=\"0 0 448 512\" xmlns=\"http:\/\/www.w3.org\/2000\/svg\"><path d=\"M207.029 381.476L12.686 187.132c-9.373-9.373-9.373-24.569 0-33.941l22.667-22.667c9.357-9.357 24.522-9.375 33.901-.04L224 284.505l154.745-154.021c9.379-9.335 24.544-9.317 33.901.04l22.667 22.667c9.373 9.373 9.373 24.569 0 33.941L240.971 381.476c-9.373 9.372-24.569 9.372-33.942 0z\"><\/path><\/svg><\/div>\n\t\t\t\t<div class=\"elementor-toc__toggle-button elementor-toc__toggle-button--collapse\" role=\"button\" tabindex=\"0\" aria-controls=\"elementor-toc__1c30362\" aria-expanded=\"true\" aria-label=\"Close table of contents\"><svg aria-hidden=\"true\" class=\"e-font-icon-svg e-fas-chevron-up\" viewBox=\"0 0 448 512\" xmlns=\"http:\/\/www.w3.org\/2000\/svg\"><path d=\"M240.971 130.524l194.343 194.343c9.373 9.373 9.373 24.569 0 33.941l-22.667 22.667c-9.357 9.357-24.522 9.375-33.901.04L224 227.495 69.255 381.516c-9.379 9.335-24.544 9.317-33.901-.04l-22.667-22.667c-9.373-9.373-9.373-24.569 0-33.941L207.03 130.525c9.372-9.373 24.568-9.373 33.941-.001z\"><\/path><\/svg><\/div>\n\t\t\t\t\t<\/div>\n\t\t\t\t<div id=\"elementor-toc__1c30362\" class=\"elementor-toc__body\">\n\t\t\t<div class=\"elementor-toc__spinner-container\">\n\t\t\t\t<svg class=\"elementor-toc__spinner eicon-animation-spin e-font-icon-svg e-eicon-loading\" aria-hidden=\"true\" viewBox=\"0 0 1000 1000\" xmlns=\"http:\/\/www.w3.org\/2000\/svg\"><path d=\"M500 975V858C696 858 858 696 858 500S696 142 500 142 142 304 142 500H25C25 237 238 25 500 25S975 237 975 500 763 975 500 975Z\"><\/path><\/svg>\t\t\t<\/div>\n\t\t<\/div>\n\t\t\t\t\t\t<\/div>\n\t\t\t\t<\/div>\n\t\t\t\t\t<\/div>\n\t\t\t\t<\/div>\n\t\t<div class=\"elementor-element elementor-element-herorght0 e-con-full e-flex e-con e-child\" data-id=\"herorght0\" data-element_type=\"container\" data-e-type=\"container\">\n\t\t\t\t<div class=\"elementor-element elementor-element-heroimg00 iwg-hero-image elementor-widget elementor-widget-image\" data-id=\"heroimg00\" data-element_type=\"widget\" data-e-type=\"widget\" data-widget_type=\"image.default\">\n\t\t\t\t\t\t\t\t\t\t\t\t\t\t\t<img fetchpriority=\"high\" decoding=\"async\" width=\"682\" height=\"1024\" src=\"https:\/\/iwell-guard.com\/wp-content\/uploads\/2026\/07\/geister_alpin_perchta-682x1024.webp\" class=\"attachment-large size-large wp-image-169897\" alt=\"Fr\u00fa Perchta - V\u00e6ttir \u00far alpal\u00f6ndum, s\u00f6guleg myndskreyting\" srcset=\"https:\/\/iwell-guard.com\/wp-content\/uploads\/2026\/07\/geister_alpin_perchta-682x1024.webp 682w, https:\/\/iwell-guard.com\/wp-content\/uploads\/2026\/07\/geister_alpin_perchta-200x300.webp 200w, https:\/\/iwell-guard.com\/wp-content\/uploads\/2026\/07\/geister_alpin_perchta-768x1154.webp 768w, https:\/\/iwell-guard.com\/wp-content\/uploads\/2026\/07\/geister_alpin_perchta.webp 1023w\" sizes=\"(max-width: 682px) 100vw, 682px\" \/>\t\t\t\t\t\t\t\t\t\t\t\t\t\t\t<\/div>\n\t\t\t\t<\/div>\n\t\t\t\t\t<\/div>\n\t\t\t\t<\/div>\n\t\t<div class=\"elementor-element elementor-element-32917199 e-flex e-con-boxed e-con e-parent\" data-id=\"32917199\" data-element_type=\"container\" data-e-type=\"container\">\n\t\t\t\t\t<div class=\"e-con-inner\">\n\t\t<div class=\"elementor-element elementor-element-26e916cb e-flex e-con-boxed e-con e-child\" data-id=\"26e916cb\" data-element_type=\"container\" data-e-type=\"container\">\n\t\t\t\t\t<div class=\"e-con-inner\">\n\t\t<div class=\"elementor-element elementor-element-253a40d4 e-flex e-con-boxed e-con e-child\" data-id=\"253a40d4\" data-element_type=\"container\" data-e-type=\"container\">\n\t\t\t\t\t<div class=\"e-con-inner\">\n\t\t\t\t<div class=\"elementor-element elementor-element-1200c304 elementor-widget elementor-widget-heading\" data-id=\"1200c304\" data-element_type=\"widget\" data-e-type=\"widget\" data-widget_type=\"heading.default\">\n\t\t\t\t\t<div class=\"elementor-heading-title elementor-size-default\">Frau Perchta<\/div>\t\t\t\t<\/div>\n\t\t\t\t<div class=\"elementor-element elementor-element-11758e7f elementor-widget elementor-widget-text-editor\" data-id=\"11758e7f\" data-element_type=\"widget\" data-e-type=\"widget\" data-widget_type=\"text-editor.default\">\n\t\t\t\t\t\t\t\t\t<p>Frau Perchta er \u00ed \u00d6lpunum og B\u00e6jaralandi talin verndari reglu og i\u00f0jusemi: s\u00e1 sem hefur unni\u00f0 og spunni\u00f0 allt \u00e1ri\u00f0 hl\u00fdtur laun, en s\u00e1 sem hefur veri\u00f0 vanr\u00e6kslusamur m\u00e1 b\u00faast vi\u00f0 \u00e1v\u00edtum hennar. Hennar er fyrst geti\u00f0 \u00ed ritum \u00e1 15. \u00f6ld hj\u00e1 Thomas Ebendorfer von Haselbach.<\/p><p>\u00c1 Rauhn\u00e4chte fer h\u00fan um h\u00fas og g\u00f6tur, \u00fdmist sem f\u00f6gur kona \u00ed lj\u00f3sum kl\u00e6\u00f0um e\u00f0a sem horu\u00f0 vera me\u00f0 g\u00e6saf\u00f3t. Perchtenlauf-gangan, sem lifir enn \u00ed dag, endurspeglar \u00feessa tv\u00f6feldni \u00ed s\u00fdnilegri vetrarath\u00f6fn.<\/p>\t\t\t\t\t\t\t\t<\/div>\n\t\t\t\t\t<\/div>\n\t\t\t\t<\/div>\n\t\t<div class=\"elementor-element elementor-element-159dcf9a e-flex e-con-boxed e-con e-child\" data-id=\"159dcf9a\" data-element_type=\"container\" data-e-type=\"container\">\n\t\t\t\t\t<div class=\"e-con-inner\">\n\t\t\t\t<div class=\"elementor-element elementor-element-48cee66f elementor-widget elementor-widget-heading\" data-id=\"48cee66f\" data-element_type=\"widget\" data-e-type=\"widget\" data-widget_type=\"heading.default\">\n\t\t\t\t\t<div class=\"elementor-heading-title elementor-size-default\">\u00cd hnotskurn: Frau Perchta<\/div>\t\t\t\t<\/div>\n\t\t\t\t<div class=\"elementor-element elementor-element-3f50d82c elementor-widget elementor-widget-text-editor\" data-id=\"3f50d82c\" data-element_type=\"widget\" data-e-type=\"widget\" data-widget_type=\"text-editor.default\">\n\t\t\t\t\t\t\t\t\t<p><strong>Tegund:<\/strong> \u00e1rst\u00ed\u00f0aandi og d\u00f3mari i\u00f0jusemi og reglu<br>Uppruni: austurhluti Alpasv\u00e6\u00f0isins, \u00ed ritum fr\u00e1 15. \u00f6ld (Thomas Ebendorfer, 1439)<br>Textar: mi\u00f0aldai\u00f0runarpredikanir, Handw\u00f6rterbuch des deutschen Aberglaubens, sagnas\u00f6fn 19. aldar<br>T\u00edmabil: hinar t\u00f3lf Rauhn\u00e4chte-n\u00e6tur milli j\u00f3la og \u00ferett\u00e1ndans<br>\u00c1s\u00fdnd: f\u00f6gur, hv\u00edtkl\u00e6dd kona e\u00f0a horu\u00f0, langnefju\u00f0 kerling me\u00f0 g\u00e6saf\u00f3t<\/p>\t\t\t\t\t\t\t\t<\/div>\n\t\t\t\t\t<\/div>\n\t\t\t\t<\/div>\n\t\t\t\t\t<\/div>\n\t\t\t\t<\/div>\n\t\t\t\t\t<\/div>\n\t\t\t\t<\/div>\n\t\t<div class=\"elementor-element elementor-element-18613602 e-flex e-con-boxed e-con e-parent\" data-id=\"18613602\" data-element_type=\"container\" data-e-type=\"container\">\n\t\t\t\t\t<div class=\"e-con-inner\">\n\t\t\t\t<div class=\"elementor-element elementor-element-262b8a9f elementor-widget elementor-widget-heading\" data-id=\"262b8a9f\" data-element_type=\"widget\" data-e-type=\"widget\" data-widget_type=\"heading.default\">\n\t\t\t\t\t<h2 class=\"elementor-heading-title elementor-size-default\">Heimildasamhengi<\/h2>\t\t\t\t<\/div>\n\t\t<div class=\"elementor-element elementor-element-46dcb7d e-con-full e-flex e-con e-child\" data-id=\"46dcb7d\" data-element_type=\"container\" data-e-type=\"container\">\n\t\t<div class=\"elementor-element elementor-element-61d3ab3 e-flex e-con-boxed e-con e-child\" data-id=\"61d3ab3\" data-element_type=\"container\" data-e-type=\"container\">\n\t\t\t\t\t<div class=\"e-con-inner\">\n\t\t\t\t<div class=\"elementor-element elementor-element-117c166 elementor-widget elementor-widget-heading\" data-id=\"117c166\" data-element_type=\"widget\" data-e-type=\"widget\" data-widget_type=\"heading.default\">\n\t\t\t\t\t<h3 class=\"elementor-heading-title elementor-size-default\">T\u00edmabil textanna<\/h3>\t\t\t\t<\/div>\n\t\t\t\t<div class=\"elementor-element elementor-element-73997a0 elementor-widget elementor-widget-text-editor\" data-id=\"73997a0\" data-element_type=\"widget\" data-e-type=\"widget\" data-widget_type=\"text-editor.default\">\n\t\t\t\t\t\t\t\t\t<p>Skr\u00e1\u00f0 \u00ed ritum fr\u00e1 15. \u00f6ld, me\u00f0 Thomas Ebendorfer 1439 sem elstu heimild; r\u00edkulega skjalfest \u00ed \u00fej\u00f3\u00f0h\u00e1ttafr\u00e6\u00f0i \u00e1 19. og \u00f6ndver\u00f0ri 20. \u00f6ld.<\/p>\t\t\t\t\t\t\t\t<\/div>\n\t\t\t\t\t<\/div>\n\t\t\t\t<\/div>\n\t\t<div class=\"elementor-element elementor-element-d47b156 e-flex e-con-boxed e-con e-child\" data-id=\"d47b156\" data-element_type=\"container\" data-e-type=\"container\">\n\t\t\t\t\t<div class=\"e-con-inner\">\n\t\t\t\t<div class=\"elementor-element elementor-element-ff38c2b elementor-widget elementor-widget-heading\" data-id=\"ff38c2b\" data-element_type=\"widget\" data-e-type=\"widget\" data-widget_type=\"heading.default\">\n\t\t\t\t\t<h3 class=\"elementor-heading-title elementor-size-default\">\u00datbrei\u00f0slusv\u00e6\u00f0i<\/h3>\t\t\t\t<\/div>\n\t\t\t\t<div class=\"elementor-element elementor-element-4e49fcc elementor-widget elementor-widget-text-editor\" data-id=\"4e49fcc\" data-element_type=\"widget\" data-e-type=\"widget\" data-widget_type=\"text-editor.default\">\n\t\t\t\t\t\t\t\t\t<p>B\u00e6jaraland, Austurr\u00edki, Su\u00f0ur-T\u00fdrol og austurhluti Alpasv\u00e6\u00f0isins, me\u00f0 hli\u00f0st\u00e6\u00f0um nor\u00f0l\u00e6gum verum allt inn \u00ed Mi\u00f0-\u00de\u00fdskaland.<\/p>\t\t\t\t\t\t\t\t<\/div>\n\t\t\t\t\t<\/div>\n\t\t\t\t<\/div>\n\t\t\t\t<\/div>\n\t\t<div class=\"elementor-element elementor-element-db03c39 e-con-full e-flex e-con e-child\" data-id=\"db03c39\" data-element_type=\"container\" data-e-type=\"container\">\n\t\t<div class=\"elementor-element elementor-element-229a87b e-flex e-con-boxed e-con e-child\" data-id=\"229a87b\" data-element_type=\"container\" data-e-type=\"container\">\n\t\t\t\t\t<div class=\"e-con-inner\">\n\t\t\t\t<div class=\"elementor-element elementor-element-1f471fc elementor-widget elementor-widget-heading\" data-id=\"1f471fc\" data-element_type=\"widget\" data-e-type=\"widget\" data-widget_type=\"heading.default\">\n\t\t\t\t\t<h3 class=\"elementor-heading-title elementor-size-default\">Heimildasta\u00f0a<\/h3>\t\t\t\t<\/div>\n\t\t\t\t<div class=\"elementor-element elementor-element-36b1201 elementor-widget elementor-widget-text-editor\" data-id=\"36b1201\" data-element_type=\"widget\" data-e-type=\"widget\" data-widget_type=\"text-editor.default\">\n\t\t\t\t\t\t\t\t\t<p>Mi\u00f0aldai\u00f0runarpredikanir, Handw\u00f6rterbuch des deutschen Aberglaubens og sagnas\u00f6fn 19. aldar myndu heimildagrunninn.<\/p>\t\t\t\t\t\t\t\t<\/div>\n\t\t\t\t\t<\/div>\n\t\t\t\t<\/div>\n\t\t\t\t<\/div>\n\t\t\t\t\t<\/div>\n\t\t\t\t<\/div>\n\t\t<div class=\"elementor-element elementor-element-3ae0637c e-flex e-con-boxed e-con e-parent\" data-id=\"3ae0637c\" data-element_type=\"container\" data-e-type=\"container\">\n\t\t\t\t\t<div class=\"e-con-inner\">\n\t\t\t\t<div class=\"elementor-element elementor-element-31d07739 elementor-widget elementor-widget-heading\" data-id=\"31d07739\" data-element_type=\"widget\" data-e-type=\"widget\" data-widget_type=\"heading.default\">\n\t\t\t\t\t<h2 class=\"elementor-heading-title elementor-size-default\">Nafn og afbrig\u00f0i<\/h2>\t\t\t\t<\/div>\n\t\t<div class=\"elementor-element elementor-element-b7642947 e-con-full e-flex e-con e-child\" data-id=\"b7642947\" data-element_type=\"container\" data-e-type=\"container\">\n\t\t\t\t<div class=\"elementor-element elementor-element-a086266 elementor-widget elementor-widget-text-editor\" data-id=\"a086266\" data-element_type=\"widget\" data-e-type=\"widget\" data-widget_type=\"text-editor.default\">\n\t\t\t\t\t\t\t\t\t<p><strong>Fornh\u00e1\u00fe\u00fdska:<\/strong> Nafni\u00f0 er venjulega tengt vi\u00f0 beraht, hin glansandi, sjaldnar vi\u00f0 pergan, hin hulda; fr\u00e6\u00f0imenn hafa ekki leyst \u00feessa spurningu til fullnustu. Nafni\u00f0 tengist einnig Berchtentag, \u00ferett\u00e1ndah\u00e1t\u00ed\u00f0inni 6. jan\u00faar.<\/p>\t\t\t\t\t\t\t\t<\/div>\n\t\t\t\t<\/div>\n\t\t\t\t\t<\/div>\n\t\t\t\t<\/div>\n\t\t<div class=\"elementor-element elementor-element-709a44a8 e-flex e-con-boxed e-con e-parent\" data-id=\"709a44a8\" data-element_type=\"container\" data-e-type=\"container\">\n\t\t\t\t\t<div class=\"e-con-inner\">\n\t\t\t\t<div class=\"elementor-element elementor-element-2f585873 elementor-widget elementor-widget-heading\" data-id=\"2f585873\" data-element_type=\"widget\" data-e-type=\"widget\" data-widget_type=\"heading.default\">\n\t\t\t\t\t<h2 class=\"elementor-heading-title elementor-size-default\">Gestalt og virkni<\/h2>\t\t\t\t<\/div>\n\t\t<div class=\"elementor-element elementor-element-70621c12 e-con-full e-flex e-con e-child\" data-id=\"70621c12\" data-element_type=\"container\" data-e-type=\"container\">\n\t\t\t\t<div class=\"elementor-element elementor-element-4296eb49 elementor-widget elementor-widget-text-editor\" data-id=\"4296eb49\" data-element_type=\"widget\" data-e-type=\"widget\" data-widget_type=\"text-editor.default\">\n\t\t\t\t\t\t\t\t\t<p><strong>\u00c1s\u00fdnd<\/strong><\/p><p>Perchta birtist \u00ed tveimur andst\u00e6\u00f0um myndum: sem f\u00f6gur kona \u00ed lj\u00f3sum, oft hv\u00edtum kl\u00e6\u00f0um, tengd lj\u00f3si, hreinleika og frj\u00f3semi, e\u00f0a sem horu\u00f0 vera me\u00f0 langt nef, \u00fafi\u00f0 h\u00e1r og hinn nafngefandi g\u00e6saf\u00f3t e\u00f0a svanaf\u00f3t.<\/p><p><strong>\u00c1hrif<\/strong><\/p><p>B\u00e1\u00f0ar myndirnar kanna hvort sn\u00e6ldurokkar hafi veri\u00f0 t\u00e6mdir, h\u00fas snyrt og verk \u00e1rsins loki\u00f0 me\u00f0 reglu. \u00cd Perchtenlauf-g\u00f6ngunni \u00ed Austuralpafj\u00f6llunum endurspeglast \u00feessi tv\u00f6feldni enn \u00ed dag \u00ed f\u00f6grum og hrikalegum Perchten-gr\u00edmum.<\/p>\t\t\t\t\t\t\t\t<\/div>\n\t\t\t\t<\/div>\n\t\t\t\t\t<\/div>\n\t\t\t\t<\/div>\n\t\t<div class=\"elementor-element elementor-element-44e71476 e-flex e-con-boxed e-con e-parent\" data-id=\"44e71476\" data-element_type=\"container\" data-e-type=\"container\">\n\t\t\t\t\t<div class=\"e-con-inner\">\n\t\t\t\t<div class=\"elementor-element elementor-element-3c1fc3f0 elementor-widget elementor-widget-heading\" data-id=\"3c1fc3f0\" data-element_type=\"widget\" data-e-type=\"widget\" data-widget_type=\"heading.default\">\n\t\t\t\t\t<h2 class=\"elementor-heading-title elementor-size-default\">Skyndiyfirlit: Frau Perchta<\/h2>\t\t\t\t<\/div>\n\t\t<div class=\"elementor-element elementor-element-84f33b8e e-con-full e-flex e-con e-child\" data-id=\"84f33b8e\" data-element_type=\"container\" data-e-type=\"container\">\n\t\t\t\t<div class=\"elementor-element elementor-element-hqkdc67p elementor-widget elementor-widget-text-editor\" data-id=\"hqkdc67p\" data-element_type=\"widget\" data-e-type=\"widget\" data-widget_type=\"text-editor.default\">\n\t\t\t\t\t\t\t\t\t<p>Mikilv\u00e6gustu atri\u00f0in um verndara Rauhn\u00e4chte \u00ed hnotskurn.<\/p>\t\t\t\t\t\t\t\t<\/div>\n\t\t\t\t<\/div>\n\t\t<div class=\"elementor-element elementor-element-pemmx7c5 e-con-full e-flex e-con e-child\" data-id=\"pemmx7c5\" data-element_type=\"container\" data-e-type=\"container\">\n\t\t<div class=\"elementor-element elementor-element-pemmx7c1 e-con-full e-flex e-con e-child\" data-id=\"pemmx7c1\" data-element_type=\"container\" data-e-type=\"container\">\n\t\t<div class=\"elementor-element elementor-element-qh9oavvu iwg-steckbrief-card e-flex e-con-boxed e-con e-child\" data-id=\"qh9oavvu\" data-element_type=\"container\" data-e-type=\"container\">\n\t\t\t\t\t<div class=\"e-con-inner\">\n\t\t\t\t<div class=\"elementor-element elementor-element-awzx8k2k elementor-widget elementor-widget-heading\" data-id=\"awzx8k2k\" data-element_type=\"widget\" data-e-type=\"widget\" data-widget_type=\"heading.default\">\n\t\t\t\t\t<div class=\"elementor-heading-title elementor-size-default\">Menningarsamhengi<\/div>\t\t\t\t<\/div>\n\t\t\t\t<div class=\"elementor-element elementor-element-x6rowhv0 elementor-widget elementor-widget-text-editor\" data-id=\"x6rowhv0\" data-element_type=\"widget\" data-e-type=\"widget\" data-widget_type=\"text-editor.default\">\n\t\t\t\t\t\t\t\t\t<p>\u00c1rst\u00ed\u00f0aandi austurhluta Alpasv\u00e6\u00f0isins, votta\u00f0ur af kirkjunni fr\u00e1 15. \u00f6ld og af Jacob Grimm talinn su\u00f0l\u00e6gur fr\u00e6ndi Frau Holle.<\/p>\t\t\t\t\t\t\t\t<\/div>\n\t\t\t\t\t<\/div>\n\t\t\t\t<\/div>\n\t\t<div class=\"elementor-element elementor-element-8e3o4kxs iwg-steckbrief-card e-flex e-con-boxed e-con e-child\" data-id=\"8e3o4kxs\" data-element_type=\"container\" data-e-type=\"container\">\n\t\t\t\t\t<div class=\"e-con-inner\">\n\t\t\t\t<div class=\"elementor-element elementor-element-08rkdgov elementor-widget elementor-widget-heading\" data-id=\"08rkdgov\" data-element_type=\"widget\" data-e-type=\"widget\" data-widget_type=\"heading.default\">\n\t\t\t\t\t<div class=\"elementor-heading-title elementor-size-default\">\u00c1byrg\u00f0arsvi\u00f0<\/div>\t\t\t\t<\/div>\n\t\t\t\t<div class=\"elementor-element elementor-element-uwjelx8s elementor-widget elementor-widget-text-editor\" data-id=\"uwjelx8s\" data-element_type=\"widget\" data-e-type=\"widget\" data-widget_type=\"text-editor.default\">\n\t\t\t\t\t\t\t\t\t<p>Spunakonur, hj\u00fa og b\u00f6rn: Perchta hefur eftirlit me\u00f0 i\u00f0jusemi og reglu \u00e1 heimilinu og vakir yfir umskiptunum fr\u00e1 gamla \u00e1rinu til hins n\u00fdja.<\/p>\t\t\t\t\t\t\t\t<\/div>\n\t\t\t\t\t<\/div>\n\t\t\t\t<\/div>\n\t\t<div class=\"elementor-element elementor-element-jm2n74ec iwg-steckbrief-card e-flex e-con-boxed e-con e-child\" data-id=\"jm2n74ec\" data-element_type=\"container\" data-e-type=\"container\">\n\t\t\t\t\t<div class=\"e-con-inner\">\n\t\t\t\t<div class=\"elementor-element elementor-element-8vufse4c elementor-widget elementor-widget-heading\" data-id=\"8vufse4c\" data-element_type=\"widget\" data-e-type=\"widget\" data-widget_type=\"heading.default\">\n\t\t\t\t\t<div class=\"elementor-heading-title elementor-size-default\">Framsetning<\/div>\t\t\t\t<\/div>\n\t\t\t\t<div class=\"elementor-element elementor-element-mwb9u015 elementor-widget elementor-widget-text-editor\" data-id=\"mwb9u015\" data-element_type=\"widget\" data-e-type=\"widget\" data-widget_type=\"text-editor.default\">\n\t\t\t\t\t\t\t\t\t<p>F\u00f6gur, hv\u00edtkl\u00e6dd kona e\u00f0a horu\u00f0, langnefju\u00f0 kerling me\u00f0 g\u00e6saf\u00f3t; birtist \u00ed Perchtenlauf-g\u00f6ngunni sem f\u00f6gur og hrikaleg gr\u00edma.<\/p>\t\t\t\t\t\t\t\t<\/div>\n\t\t\t\t\t<\/div>\n\t\t\t\t<\/div>\n\t\t\t\t<\/div>\n\t\t<div class=\"elementor-element elementor-element-pemmx7c2 e-con-full e-flex e-con e-child\" data-id=\"pemmx7c2\" data-element_type=\"container\" data-e-type=\"container\">\n\t\t<div class=\"elementor-element elementor-element-37ss2yr6 iwg-steckbrief-card e-flex e-con-boxed e-con e-child\" data-id=\"37ss2yr6\" data-element_type=\"container\" data-e-type=\"container\">\n\t\t\t\t\t<div class=\"e-con-inner\">\n\t\t\t\t<div class=\"elementor-element elementor-element-3v0wp3wx elementor-widget elementor-widget-heading\" data-id=\"3v0wp3wx\" data-element_type=\"widget\" data-e-type=\"widget\" data-widget_type=\"heading.default\">\n\t\t\t\t\t<div class=\"elementor-heading-title elementor-size-default\">Verkunarsvi\u00f0<\/div>\t\t\t\t<\/div>\n\t\t\t\t<div class=\"elementor-element elementor-element-w3247g2m elementor-widget elementor-widget-text-editor\" data-id=\"w3247g2m\" data-element_type=\"widget\" data-e-type=\"widget\" data-widget_type=\"text-editor.default\">\n\t\t\t\t\t\t\t\t\t<p>Laun fyrir i\u00f0jusemi \u00ed formi blessunar og g\u00f3\u00f0rar uppskeru, \u00e1v\u00edtur og \u00ed eldri s\u00f6gum har\u00f0ari refsingar fyrir vanr\u00e6kslu.<\/p>\t\t\t\t\t\t\t\t<\/div>\n\t\t\t\t\t<\/div>\n\t\t\t\t<\/div>\n\t\t<div class=\"elementor-element elementor-element-0qpjal9w iwg-steckbrief-card e-flex e-con-boxed e-con e-child\" data-id=\"0qpjal9w\" data-element_type=\"container\" data-e-type=\"container\">\n\t\t\t\t\t<div class=\"e-con-inner\">\n\t\t\t\t<div class=\"elementor-element elementor-element-6ndoih0o elementor-widget elementor-widget-heading\" data-id=\"6ndoih0o\" data-element_type=\"widget\" data-e-type=\"widget\" data-widget_type=\"heading.default\">\n\t\t\t\t\t<div class=\"elementor-heading-title elementor-size-default\">Umgengni<\/div>\t\t\t\t<\/div>\n\t\t\t\t<div class=\"elementor-element elementor-element-6684tyh9 elementor-widget elementor-widget-text-editor\" data-id=\"6684tyh9\" data-element_type=\"widget\" data-e-type=\"widget\" data-widget_type=\"text-editor.default\">\n\t\t\t\t\t\t\t\t\t<p>T\u00e6mdir sn\u00e6ldurokkar og snyrtar stofur fyrir hina afdrifar\u00edku n\u00f3tt, auk reykingar, bannor\u00f0a og b\u00e6na vi\u00f0 \u00fer\u00f6skuldinn.<\/p>\t\t\t\t\t\t\t\t<\/div>\n\t\t\t\t\t<\/div>\n\t\t\t\t<\/div>\n\t\t<div class=\"elementor-element elementor-element-3lfi7x32 iwg-steckbrief-card e-flex e-con-boxed e-con e-child\" data-id=\"3lfi7x32\" data-element_type=\"container\" data-e-type=\"container\">\n\t\t\t\t\t<div class=\"e-con-inner\">\n\t\t\t\t<div class=\"elementor-element elementor-element-0kg99ga1 elementor-widget elementor-widget-heading\" data-id=\"0kg99ga1\" data-element_type=\"widget\" data-e-type=\"widget\" data-widget_type=\"heading.default\">\n\t\t\t\t\t<div class=\"elementor-heading-title elementor-size-default\">Tengt efni<\/div>\t\t\t\t<\/div>\n\t\t\t\t<div class=\"elementor-element elementor-element-n0fum6kp elementor-widget elementor-widget-text-editor\" data-id=\"n0fum6kp\" data-element_type=\"widget\" data-e-type=\"widget\" data-widget_type=\"text-editor.default\">\n\t\t\t\t\t\t\t\t\t<p>Austurslavneska <a href=\"https:\/\/iwell-guard.com\/is\/kikimora\/\">Kikimora<\/a>, tengdur refsandi h\u00fasandi, og n\u00e6turg\u00f6ngur kvenna um <a href=\"https:\/\/iwell-guard.com\/is\/diana\/\">D\u00ed\u00f6nu<\/a> \u00far Canon Episcopi.<\/p>\t\t\t\t\t\t\t\t<\/div>\n\t\t\t\t\t<\/div>\n\t\t\t\t<\/div>\n\t\t\t\t<\/div>\n\t\t\t\t<\/div>\n\t\t\t\t\t<\/div>\n\t\t\t\t<\/div>\n\t\t<div class=\"elementor-element elementor-element-7533bc7a e-flex e-con-boxed e-con e-parent\" data-id=\"7533bc7a\" data-element_type=\"container\" data-e-type=\"container\">\n\t\t\t\t\t<div class=\"e-con-inner\">\n\t\t\t\t<div class=\"elementor-element elementor-element-2447d18d elementor-widget elementor-widget-heading\" data-id=\"2447d18d\" data-element_type=\"widget\" data-e-type=\"widget\" data-widget_type=\"heading.default\">\n\t\t\t\t\t<h2 class=\"elementor-heading-title elementor-size-default\">Fr\u00e1 i\u00f0runarpredikun til Berchtentag<\/h2>\t\t\t\t<\/div>\n\t\t<div class=\"elementor-element elementor-element-d5d0260c e-con-full e-flex e-con e-child\" data-id=\"d5d0260c\" data-element_type=\"container\" data-e-type=\"container\">\n\t\t\t\t<div class=\"elementor-element elementor-element-341be2ac elementor-widget elementor-widget-text-editor\" data-id=\"341be2ac\" data-element_type=\"widget\" data-e-type=\"widget\" data-widget_type=\"text-editor.default\">\n\t\t\t\t\t\t\t\t\t<p>Nafni\u00f0 Perchta er venjulega tengt vi\u00f0 fornh\u00e1\u00fe\u00fdska or\u00f0i\u00f0 beraht, hin glansandi, sjaldnar vi\u00f0 pergan, hin hulda. Elstu b\u00f3kmenntalegu v\u00edsbendingar finnast \u00e1 15. \u00f6ld hj\u00e1 Thomas Ebendorfer von Haselbach, sem ford\u00e6mir \u00ed predikanasafni s\u00ednu De decem praeceptis Perchta-d\u00fdrkunina sem hj\u00e1tr\u00fa, og \u00ed Thesaurus pauperum fr\u00e1 1468. Nafni\u00f0 tengist Berchtentag, \u00ferett\u00e1ndah\u00e1t\u00ed\u00f0inni 6. jan\u00faar, \u00feegar verunni var veitt s\u00e9rst\u00f6k athygli.<\/p><p>Jacob Grimm setti Perchta \u00ed riti s\u00ednu Deutsche Mythologie fram sem su\u00f0l\u00e6gan fr\u00e6nda nor\u00f0ur\u00fe\u00fdsku Frau Holle, sem h\u00fan deilir hlutverki me\u00f0 sem eftirlitsvera \u00ed spunastofum og verndari d\u00fdra; hvort um er a\u00f0 r\u00e6\u00f0a sameiginlega eldri veru e\u00f0a samhli\u00f0a \u00fer\u00f3a\u00f0ar, sv\u00e6\u00f0isbundnar hef\u00f0ir er umr\u00e6\u00f0uefni \u00ed fr\u00e6\u00f0unum. Eldri sagnal\u00f6g \u00feekkja drast\u00edskt refsim\u00f3t\u00edf \u00fear sem Perchta sker upp kvi\u00f0inn og fyllir hann af h\u00e1lmi e\u00f0a hakkelsi; \u00ed hef\u00f0inni sem s\u00f6g\u00f0 er og lifu\u00f0 \u00ed \u00d6lpunum \u00ed dag er hlutverk hennar sem mildur en strangur d\u00f3mari \u00fe\u00f3 greinilega \u00ed forgrunni.<\/p>\t\t\t\t\t\t\t\t<\/div>\n\t\t\t\t<\/div>\n\t\t\t\t\t<\/div>\n\t\t\t\t<\/div>\n\t\t<div class=\"elementor-element elementor-element-cf9ff8f e-flex e-con-boxed e-con e-parent\" data-id=\"cf9ff8f\" data-element_type=\"container\" data-e-type=\"container\">\n\t\t\t\t\t<div class=\"e-con-inner\">\n\t\t\t\t<div class=\"elementor-element elementor-element- elementor-widget elementor-widget-heading\" data-id=\"\" data-element_type=\"widget\" data-e-type=\"widget\" data-widget_type=\"heading.default\">\n\t\t\t\t\t<h2 class=\"elementor-heading-title elementor-size-default\">Skelfing sem \u00e1 a\u00f0 vernda<\/h2>\t\t\t\t<\/div>\n\t\t<div class=\"elementor-element elementor-element- e-con-full e-flex e-con e-child\" data-id=\"\" data-element_type=\"container\" data-e-type=\"container\">\n\t\t\t\t<div class=\"elementor-element elementor-element- elementor-widget elementor-widget-text-editor\" data-id=\"\" data-element_type=\"widget\" data-e-type=\"widget\" data-widget_type=\"text-editor.default\">\n\t\t\t\t\t\t\t\t\t<p>Perchten s\u00fdna mynstur sem endurtekur sig \u00ed m\u00f6rgum menningarheimum: hin \u00f3gnvekjandi vera er \u00ed senn hin verndandi. H\u00e1va\u00f0i bjallanna, dj\u00f6fullega gr\u00edman, n\u00e6turgangan sn\u00fdr ekki gegn f\u00f3lkinu heldur gegn \u00fev\u00ed sem g\u00e6ti ska\u00f0a\u00f0 \u00fea\u00f0. S\u00e1 sem hefur skelfilegu veruna \u00e1 s\u00ednu bandi gengur styrktur inn \u00ed n\u00fdja \u00e1ri\u00f0.<\/p><p>\u00deannig standa Perchten \u00ed uppflettiritinu vi\u00f0 hli\u00f0 vera \u00e1 bor\u00f0 vi\u00f0 <a href=\"https:\/\/iwell-guard.com\/is\/?page_id=169825\">Krampus<\/a>, n\u00e6turlegra \u00fer\u00fdstianda \u00e1 bor\u00f0 vi\u00f0 <a href=\"https:\/\/iwell-guard.com\/is\/alp\/\">Alp<\/a>, e\u00f0a var\u00f0vera annarra menningarheima: skelfingin sn\u00fdst upp \u00ed vernd.<\/p>\t\t\t\t\t\t\t\t<\/div>\n\t\t\t\t<\/div>\n\t\t\t\t\t<\/div>\n\t\t\t\t<\/div>\n\t\t<div class=\"elementor-element elementor-element-5a584676 e-flex e-con-boxed e-con e-parent\" data-id=\"5a584676\" data-element_type=\"container\" data-e-type=\"container\">\n\t\t\t\t\t<div class=\"e-con-inner\">\n\t\t\t\t<div class=\"elementor-element elementor-element-6d0757bf elementor-widget elementor-widget-heading\" data-id=\"6d0757bf\" data-element_type=\"widget\" data-e-type=\"widget\" data-widget_type=\"heading.default\">\n\t\t\t\t\t<h2 class=\"elementor-heading-title elementor-size-default\">Perchtenlauf og n\u00fat\u00edmaendurt\u00falkun<\/h2>\t\t\t\t<\/div>\n\t\t<div class=\"elementor-element elementor-element-60563f68 e-con-full e-flex e-con e-child\" data-id=\"60563f68\" data-element_type=\"container\" data-e-type=\"container\">\n\t\t\t\t<div class=\"elementor-element elementor-element-5a93fdd6 elementor-widget elementor-widget-text-editor\" data-id=\"5a93fdd6\" data-element_type=\"widget\" data-e-type=\"widget\" data-widget_type=\"text-editor.default\">\n\t\t\t\t\t\t\t\t\t<p>Perchta lif\u00f0i \u00e1fram \u00ed Alpafj\u00f6llunum fyrst og fremst \u00ed gegnum Perchtenlauf-g\u00f6ngurnar, sem enn \u00feann dag \u00ed dag fara fram \u00e1 gaml\u00e1rskv\u00f6ld og um 6. jan\u00faar \u00ed Salzburg, T\u00fdr\u00f3l og n\u00e6rliggjandi h\u00e9ru\u00f0um. \u00cd al\u00fe\u00fd\u00f0legum og dulspekilegum ritum n\u00fat\u00edmans er h\u00fan oft endurt\u00falku\u00f0 sem gy\u00f0ja Rauhn\u00e4chte (\u00feeirra t\u00f3lf n\u00f3tta milli j\u00f3la og \u00ferett\u00e1ndans) og \u00e1rst\u00ed\u00f0askipta, sem er lestur sem v\u00edkur fr\u00e1 eldri og strangari \u00fej\u00f3\u00f0s\u00f6gunni.<\/p><p>Perchta telst til hinna svok\u00f6llu\u00f0u \u00e1rst\u00ed\u00f0ad\u00edsa, sem birtast vi\u00f0 \u00e1ram\u00f3tin og bera \u00ed s\u00e9r b\u00e6\u00f0i stj\u00f3rn og frj\u00f3semi. Tv\u00f6falt e\u00f0li hennar, f\u00f6gur og hrikaleg \u00ed senn, m\u00e1 lesa sem pers\u00f3nugervingu launa og hegningar, samofna hagkerfi h\u00fasverkanna \u00fear sem spuni og regla voru grundvallarver\u00f0m\u00e6ti. Ford\u00e6ming kirkjunnar \u00e1 Perchta-d\u00fdrkun fr\u00e1 og me\u00f0 15. \u00f6ld s\u00fdnir a\u00f0 lengi var liti\u00f0 \u00e1 veruna sem leif af fornum hugmyndum fr\u00e1 t\u00edmum fyrir kristni, jafnvel \u00fe\u00f3tt \u00f3slitin samfella d\u00fdrkunarins ver\u00f0i ekki s\u00f6nnu\u00f0 \u00fat fr\u00e1 s\u00ed\u00f0ari heimildum.<\/p>\t\t\t\t\t\t\t\t<\/div>\n\t\t\t\t<\/div>\n\t\t\t\t\t<\/div>\n\t\t\t\t<\/div>\n\t\t<div class=\"elementor-element elementor-element-337f328 e-flex e-con-boxed e-con e-parent\" data-id=\"337f328\" data-element_type=\"container\" data-e-type=\"container\">\n\t\t\t\t\t<div class=\"e-con-inner\">\n\t\t\t\t<div class=\"elementor-element elementor-element- elementor-widget elementor-widget-heading\" data-id=\"\" data-element_type=\"widget\" data-e-type=\"widget\" data-widget_type=\"heading.default\">\n\t\t\t\t\t<h2 class=\"elementor-heading-title elementor-size-default\">Skelfing sem \u00e1 a\u00f0 vernda<\/h2>\t\t\t\t<\/div>\n\t\t<div class=\"elementor-element elementor-element- e-con-full e-flex e-con e-child\" data-id=\"\" data-element_type=\"container\" data-e-type=\"container\">\n\t\t\t\t<div class=\"elementor-element elementor-element- elementor-widget elementor-widget-text-editor\" data-id=\"\" data-element_type=\"widget\" data-e-type=\"widget\" data-widget_type=\"text-editor.default\">\n\t\t\t\t\t\t\t\t\t<p>Perchten s\u00fdna mynstur sem endurtekur sig \u00ed m\u00f6rgum menningarheimum: hin \u00f3gnvekjandi vera er \u00ed senn hin verndandi. H\u00e1va\u00f0i bjallanna, dj\u00f6fullega gr\u00edman, n\u00e6turgangan sn\u00fdr ekki gegn f\u00f3lkinu heldur gegn \u00fev\u00ed sem g\u00e6ti ska\u00f0a\u00f0 \u00fea\u00f0. S\u00e1 sem hefur skelfilegu veruna \u00e1 s\u00ednu bandi gengur styrktur inn \u00ed n\u00fdja \u00e1ri\u00f0.<\/p><p>\u00deannig standa Perchten \u00ed uppflettiritinu vi\u00f0 hli\u00f0 vera \u00e1 bor\u00f0 vi\u00f0 <a href=\"https:\/\/iwell-guard.com\/is\/?page_id=169825\">Krampus<\/a>, n\u00e6turlegra \u00fer\u00fdstianda \u00e1 bor\u00f0 vi\u00f0 <a href=\"https:\/\/iwell-guard.com\/is\/alp\/\">Alp<\/a>, e\u00f0a var\u00f0vera annarra menningarheima: skelfingin sn\u00fdst upp \u00ed vernd.<\/p>\t\t\t\t\t\t\t\t<\/div>\n\t\t\t\t<\/div>\n\t\t\t\t\t<\/div>\n\t\t\t\t<\/div>\n\t\t<div class=\"elementor-element elementor-element-e89e661 e-flex e-con-boxed e-con e-parent\" data-id=\"e89e661\" data-element_type=\"container\" data-e-type=\"container\">\n\t\t\t\t\t<div class=\"e-con-inner\">\n\t\t\t\t<div class=\"elementor-element elementor-element- elementor-widget elementor-widget-heading\" data-id=\"\" data-element_type=\"widget\" data-e-type=\"widget\" data-widget_type=\"heading.default\">\n\t\t\t\t\t<h2 class=\"elementor-heading-title elementor-size-default\">Skelfing sem \u00e1 a\u00f0 vernda<\/h2>\t\t\t\t<\/div>\n\t\t<div class=\"elementor-element elementor-element- e-con-full e-flex e-con e-child\" data-id=\"\" data-element_type=\"container\" data-e-type=\"container\">\n\t\t\t\t<div class=\"elementor-element elementor-element- elementor-widget elementor-widget-text-editor\" data-id=\"\" data-element_type=\"widget\" data-e-type=\"widget\" data-widget_type=\"text-editor.default\">\n\t\t\t\t\t\t\t\t\t<p>Perchten s\u00fdna mynstur sem endurtekur sig \u00ed m\u00f6rgum menningarheimum: hin \u00f3gnvekjandi vera er \u00ed senn hin verndandi. H\u00e1va\u00f0i bjallanna, dj\u00f6fullega gr\u00edman, n\u00e6turgangan sn\u00fdr ekki gegn f\u00f3lkinu heldur gegn \u00fev\u00ed sem g\u00e6ti ska\u00f0a\u00f0 \u00fea\u00f0. S\u00e1 sem hefur skelfilegu veruna \u00e1 s\u00ednu bandi gengur styrktur inn \u00ed n\u00fdja \u00e1ri\u00f0.<\/p><p>\u00deannig standa Perchten \u00ed uppflettiritinu vi\u00f0 hli\u00f0 vera \u00e1 bor\u00f0 vi\u00f0 <a href=\"https:\/\/iwell-guard.com\/is\/?page_id=169825\">Krampus<\/a>, n\u00e6turlegra \u00fer\u00fdstianda \u00e1 bor\u00f0 vi\u00f0 <a href=\"https:\/\/iwell-guard.com\/is\/alp\/\">Alp<\/a>, e\u00f0a var\u00f0vera annarra menningarheima: skelfingin sn\u00fdst upp \u00ed vernd.<\/p>\t\t\t\t\t\t\t\t<\/div>\n\t\t\t\t<\/div>\n\t\t\t\t\t<\/div>\n\t\t\t\t<\/div>\n\t\t<div class=\"elementor-element elementor-element-de94d99 e-flex e-con-boxed e-con e-parent\" data-id=\"de94d99\" data-element_type=\"container\" data-e-type=\"container\">\n\t\t\t\t\t<div class=\"e-con-inner\">\n\t\t\t\t<div class=\"elementor-element elementor-element- elementor-widget elementor-widget-heading\" data-id=\"\" data-element_type=\"widget\" data-e-type=\"widget\" data-widget_type=\"heading.default\">\n\t\t\t\t\t<h2 class=\"elementor-heading-title elementor-size-default\">Skelfing sem \u00e1 a\u00f0 vernda<\/h2>\t\t\t\t<\/div>\n\t\t<div class=\"elementor-element elementor-element- e-con-full e-flex e-con e-child\" data-id=\"\" data-element_type=\"container\" data-e-type=\"container\">\n\t\t\t\t<div class=\"elementor-element elementor-element- elementor-widget elementor-widget-text-editor\" data-id=\"\" data-element_type=\"widget\" data-e-type=\"widget\" data-widget_type=\"text-editor.default\">\n\t\t\t\t\t\t\t\t\t<p>Perchten s\u00fdna mynstur sem endurtekur sig \u00ed m\u00f6rgum menningarheimum: hin \u00f3gnvekjandi vera er \u00ed senn hin verndandi. H\u00e1va\u00f0i bjallanna, dj\u00f6fullega gr\u00edman, n\u00e6turgangan sn\u00fdr ekki gegn f\u00f3lkinu heldur gegn \u00fev\u00ed sem g\u00e6ti ska\u00f0a\u00f0 \u00fea\u00f0. S\u00e1 sem hefur skelfilegu veruna \u00e1 s\u00ednu bandi gengur styrktur inn \u00ed n\u00fdja \u00e1ri\u00f0.<\/p><p>\u00deannig standa Perchten \u00ed uppflettiritinu vi\u00f0 hli\u00f0 vera \u00e1 bor\u00f0 vi\u00f0 <a href=\"https:\/\/iwell-guard.com\/is\/?page_id=169825\">Krampus<\/a>, n\u00e6turlegra \u00fer\u00fdstianda \u00e1 bor\u00f0 vi\u00f0 <a href=\"https:\/\/iwell-guard.com\/is\/alp\/\">Alp<\/a>, e\u00f0a var\u00f0vera annarra menningarheima: skelfingin sn\u00fdst upp \u00ed vernd.<\/p>\t\t\t\t\t\t\t\t<\/div>\n\t\t\t\t<\/div>\n\t\t\t\t\t<\/div>\n\t\t\t\t<\/div>\n\t\t<div class=\"elementor-element elementor-element-16c1f9d e-flex e-con-boxed e-con e-parent\" data-id=\"16c1f9d\" data-element_type=\"container\" data-e-type=\"container\">\n\t\t\t\t\t<div class=\"e-con-inner\">\n\t\t\t\t<div class=\"elementor-element elementor-element- elementor-widget elementor-widget-heading\" data-id=\"\" data-element_type=\"widget\" data-e-type=\"widget\" data-widget_type=\"heading.default\">\n\t\t\t\t\t<h2 class=\"elementor-heading-title elementor-size-default\">Skelfing sem \u00e1 a\u00f0 vernda<\/h2>\t\t\t\t<\/div>\n\t\t<div class=\"elementor-element elementor-element- e-con-full e-flex e-con e-child\" data-id=\"\" data-element_type=\"container\" data-e-type=\"container\">\n\t\t\t\t<div class=\"elementor-element elementor-element- elementor-widget elementor-widget-text-editor\" data-id=\"\" data-element_type=\"widget\" data-e-type=\"widget\" data-widget_type=\"text-editor.default\">\n\t\t\t\t\t\t\t\t\t<p>Perchten s\u00fdna mynstur sem endurtekur sig \u00ed m\u00f6rgum menningarheimum: hin \u00f3gnvekjandi vera er \u00ed senn hin verndandi. H\u00e1va\u00f0i bjallanna, dj\u00f6fullega gr\u00edman, n\u00e6turgangan sn\u00fdr ekki gegn f\u00f3lkinu heldur gegn \u00fev\u00ed sem g\u00e6ti ska\u00f0a\u00f0 \u00fea\u00f0. S\u00e1 sem hefur skelfilegu veruna \u00e1 s\u00ednu bandi gengur styrktur inn \u00ed n\u00fdja \u00e1ri\u00f0.<\/p><p>\u00deannig standa Perchten \u00ed uppflettiritinu vi\u00f0 hli\u00f0 vera \u00e1 bor\u00f0 vi\u00f0 <a href=\"https:\/\/iwell-guard.com\/is\/?page_id=169825\">Krampus<\/a>, n\u00e6turlegra \u00fer\u00fdstianda \u00e1 bor\u00f0 vi\u00f0 <a href=\"https:\/\/iwell-guard.com\/is\/alp\/\">Alp<\/a>, e\u00f0a var\u00f0vera annarra menningarheima: skelfingin sn\u00fdst upp \u00ed vernd.<\/p>\t\t\t\t\t\t\t\t<\/div>\n\t\t\t\t<\/div>\n\t\t\t\t\t<\/div>\n\t\t\t\t<\/div>\n\t\t<div class=\"elementor-element elementor-element-61aefbe e-flex e-con-boxed e-con e-parent\" data-id=\"61aefbe\" data-element_type=\"container\" data-e-type=\"container\">\n\t\t\t\t\t<div class=\"e-con-inner\">\n\t\t\t\t<div class=\"elementor-element elementor-element- elementor-widget elementor-widget-heading\" data-id=\"\" data-element_type=\"widget\" data-e-type=\"widget\" data-widget_type=\"heading.default\">\n\t\t\t\t\t<h2 class=\"elementor-heading-title elementor-size-default\">Skelfing sem \u00e1 a\u00f0 vernda<\/h2>\t\t\t\t<\/div>\n\t\t<div class=\"elementor-element elementor-element- e-con-full e-flex e-con e-child\" data-id=\"\" data-element_type=\"container\" data-e-type=\"container\">\n\t\t\t\t<div class=\"elementor-element elementor-element- elementor-widget elementor-widget-text-editor\" data-id=\"\" data-element_type=\"widget\" data-e-type=\"widget\" data-widget_type=\"text-editor.default\">\n\t\t\t\t\t\t\t\t\t<p>Perchten s\u00fdna mynstur sem endurtekur sig \u00ed m\u00f6rgum menningarheimum: hin \u00f3gnvekjandi vera er \u00ed senn hin verndandi. H\u00e1va\u00f0i bjallanna, dj\u00f6fullega gr\u00edman, n\u00e6turgangan sn\u00fdr ekki gegn f\u00f3lkinu heldur gegn \u00fev\u00ed sem g\u00e6ti ska\u00f0a\u00f0 \u00fea\u00f0. S\u00e1 sem hefur skelfilegu veruna \u00e1 s\u00ednu bandi gengur styrktur inn \u00ed n\u00fdja \u00e1ri\u00f0.<\/p><p>\u00deannig standa Perchten \u00ed uppflettiritinu vi\u00f0 hli\u00f0 vera \u00e1 bor\u00f0 vi\u00f0 <a href=\"https:\/\/iwell-guard.com\/is\/?page_id=169825\">Krampus<\/a>, n\u00e6turlegra \u00fer\u00fdstianda \u00e1 bor\u00f0 vi\u00f0 <a href=\"https:\/\/iwell-guard.com\/is\/alp\/\">Alp<\/a>, e\u00f0a var\u00f0vera annarra menningarheima: skelfingin sn\u00fdst upp \u00ed vernd.<\/p>\t\t\t\t\t\t\t\t<\/div>\n\t\t\t\t<\/div>\n\t\t\t\t\t<\/div>\n\t\t\t\t<\/div>\n\t\t<div class=\"elementor-element elementor-element-7ec5e0e e-flex e-con-boxed e-con e-parent\" data-id=\"7ec5e0e\" data-element_type=\"container\" data-e-type=\"container\">\n\t\t\t\t\t<div class=\"e-con-inner\">\n\t\t\t\t<div class=\"elementor-element elementor-element- elementor-widget elementor-widget-heading\" data-id=\"\" data-element_type=\"widget\" data-e-type=\"widget\" data-widget_type=\"heading.default\">\n\t\t\t\t\t<h2 class=\"elementor-heading-title elementor-size-default\">Skelfing sem \u00e1 a\u00f0 vernda<\/h2>\t\t\t\t<\/div>\n\t\t<div class=\"elementor-element elementor-element- e-con-full e-flex e-con e-child\" data-id=\"\" data-element_type=\"container\" data-e-type=\"container\">\n\t\t\t\t<div class=\"elementor-element elementor-element- elementor-widget elementor-widget-text-editor\" data-id=\"\" data-element_type=\"widget\" data-e-type=\"widget\" data-widget_type=\"text-editor.default\">\n\t\t\t\t\t\t\t\t\t<p>Perchten s\u00fdna mynstur sem endurtekur sig \u00ed m\u00f6rgum menningarheimum: hin \u00f3gnvekjandi vera er \u00ed senn hin verndandi. H\u00e1va\u00f0i bjallanna, dj\u00f6fullega gr\u00edman, n\u00e6turgangan sn\u00fdr ekki gegn f\u00f3lkinu heldur gegn \u00fev\u00ed sem g\u00e6ti ska\u00f0a\u00f0 \u00fea\u00f0. S\u00e1 sem hefur skelfilegu veruna \u00e1 s\u00ednu bandi gengur styrktur inn \u00ed n\u00fdja \u00e1ri\u00f0.<\/p><p>\u00deannig standa Perchten \u00ed uppflettiritinu vi\u00f0 hli\u00f0 vera \u00e1 bor\u00f0 vi\u00f0 <a href=\"https:\/\/iwell-guard.com\/is\/?page_id=169825\">Krampus<\/a>, n\u00e6turlegra \u00fer\u00fdstianda \u00e1 bor\u00f0 vi\u00f0 <a href=\"https:\/\/iwell-guard.com\/is\/alp\/\">Alp<\/a>, e\u00f0a var\u00f0vera annarra menningarheima: skelfingin sn\u00fdst upp \u00ed vernd.<\/p>\t\t\t\t\t\t\t\t<\/div>\n\t\t\t\t<\/div>\n\t\t\t\t\t<\/div>\n\t\t\t\t<\/div>\n\t\t<div class=\"elementor-element elementor-element-cp9a031aa e-flex e-con-boxed e-con e-parent\" data-id=\"cp9a031aa\" data-element_type=\"container\" data-e-type=\"container\">\n\t\t\t\t\t<div class=\"e-con-inner\">\n\t\t\t\t<div class=\"elementor-element elementor-element-cp9193514 elementor-widget elementor-widget-heading\" data-id=\"cp9193514\" data-element_type=\"widget\" data-e-type=\"widget\" data-widget_type=\"heading.default\">\n\t\t\t\t\t<h2 class=\"elementor-heading-title elementor-size-default\">I\u00f0jusemi, regla og vernd \u00fer\u00f6skuldsins<\/h2>\t\t\t\t<\/div>\n\t\t<div class=\"elementor-element elementor-element-cp02ca0ee e-con-full e-flex e-con e-child\" data-id=\"cp02ca0ee\" data-element_type=\"container\" data-e-type=\"container\">\n\t\t\t\t<div class=\"elementor-element elementor-element-cp444e0f1 elementor-widget elementor-widget-text-editor\" data-id=\"cp444e0f1\" data-element_type=\"widget\" data-e-type=\"widget\" data-widget_type=\"text-editor.default\">\n\t\t\t\t\t\t\t\t\t<p>S\u00e1 sem \u00f3tta\u00f0ist pr\u00f3f Perchtu gat samkv\u00e6mt s\u00f6gninni fyrst og fremst vari\u00f0 sig me\u00f0 i\u00f0jusemi og reglu: hreinsa\u00f0ur rokkur, hreinsa\u00f0ar stofur og fj\u00e1rh\u00fas fyrir hina afdrifar\u00edku n\u00f3tt t\u00f6ldust \u00e1hrifar\u00edkasta forv\u00f6rnin. Auk \u00feess \u00feekktist \u00ed Rauhn\u00e4chte reykingar \u00e1 h\u00fasakynnum me\u00f0 reykelsi til a\u00f0 hreinsa lofti\u00f0 af r\u00e1fandi \u00f6ndum, sem og bannm\u00e6li og b\u00e6nir sem sag\u00f0ar voru vi\u00f0 \u00fer\u00f6skuldinn. Einnig heyr\u00f0i besprechen, hin si\u00f0bundna \u00feula fastra form\u00fala flutt af v\u00f6num a\u00f0ilum, til yfirf\u00e6r\u00f0ra varnarr\u00e1\u00f0a gegn hinni \u00f3gnv\u00e6nlegri hli\u00f0 Perchtu.<\/p>\t\t\t\t\t\t\t\t<\/div>\n\t\t\t\t<\/div>\n\t\t\t\t\t<\/div>\n\t\t\t\t<\/div>\n\t\t<div class=\"elementor-element elementor-element-258586c e-flex e-con-boxed e-con e-parent\" data-id=\"258586c\" data-element_type=\"container\" data-e-type=\"container\">\n\t\t\t\t\t<div class=\"e-con-inner\">\n\t\t\t\t<div class=\"elementor-element elementor-element- elementor-widget elementor-widget-heading\" data-id=\"\" data-element_type=\"widget\" data-e-type=\"widget\" data-widget_type=\"heading.default\">\n\t\t\t\t\t<h2 class=\"elementor-heading-title elementor-size-default\">Skelfing sem \u00e1 a\u00f0 vernda<\/h2>\t\t\t\t<\/div>\n\t\t<div class=\"elementor-element elementor-element- e-con-full e-flex e-con e-child\" data-id=\"\" data-element_type=\"container\" data-e-type=\"container\">\n\t\t\t\t<div class=\"elementor-element elementor-element- elementor-widget elementor-widget-text-editor\" data-id=\"\" data-element_type=\"widget\" data-e-type=\"widget\" data-widget_type=\"text-editor.default\">\n\t\t\t\t\t\t\t\t\t<p>Perchten s\u00fdna mynstur sem endurtekur sig \u00ed m\u00f6rgum menningarheimum: hin \u00f3gnvekjandi vera er \u00ed senn hin verndandi. H\u00e1va\u00f0i bjallanna, dj\u00f6fullega gr\u00edman, n\u00e6turgangan sn\u00fdr ekki gegn f\u00f3lkinu heldur gegn \u00fev\u00ed sem g\u00e6ti ska\u00f0a\u00f0 \u00fea\u00f0. S\u00e1 sem hefur skelfilegu veruna \u00e1 s\u00ednu bandi gengur styrktur inn \u00ed n\u00fdja \u00e1ri\u00f0.<\/p><p>\u00deannig standa Perchten \u00ed uppflettiritinu vi\u00f0 hli\u00f0 vera \u00e1 bor\u00f0 vi\u00f0 <a href=\"https:\/\/iwell-guard.com\/is\/?page_id=169825\">Krampus<\/a>, n\u00e6turlegra \u00fer\u00fdstianda \u00e1 bor\u00f0 vi\u00f0 <a href=\"https:\/\/iwell-guard.com\/is\/alp\/\">Alp<\/a>, e\u00f0a var\u00f0vera annarra menningarheima: skelfingin sn\u00fdst upp \u00ed vernd.<\/p>\t\t\t\t\t\t\t\t<\/div>\n\t\t\t\t<\/div>\n\t\t\t\t\t<\/div>\n\t\t\t\t<\/div>\n\t\t<div class=\"elementor-element elementor-element-cp11de5b2 e-flex e-con-boxed e-con e-parent\" data-id=\"cp11de5b2\" data-element_type=\"container\" data-e-type=\"container\">\n\t\t\t\t\t<div class=\"e-con-inner\">\n\t\t\t\t<div class=\"elementor-element elementor-element-cp8d35271 elementor-widget elementor-widget-heading\" data-id=\"cp8d35271\" data-element_type=\"widget\" data-e-type=\"widget\" data-widget_type=\"heading.default\">\n\t\t\t\t\t<h2 class=\"elementor-heading-title elementor-size-default\">Hegnandi h\u00fasandar og n\u00e6turlegar kvennag\u00f6ngur<\/h2>\t\t\t\t<\/div>\n\t\t<div class=\"elementor-element elementor-element-cp02f26b8 e-con-full e-flex e-con e-child\" data-id=\"cp02f26b8\" data-element_type=\"container\" data-e-type=\"container\">\n\t\t\t\t<div class=\"elementor-element elementor-element-cp58c4390 elementor-widget elementor-widget-text-editor\" data-id=\"cp58c4390\" data-element_type=\"widget\" data-e-type=\"widget\" data-widget_type=\"text-editor.default\">\n\t\t\t\t\t\t\t\t\t<p>\u00cd austurslavneskri hef\u00f0 gegnir <a href=\"https:\/\/iwell-guard.com\/is\/kikimora\/\">Kikimora<\/a> svipu\u00f0u hlutverki sem heimilisvofa, sem straffar hir\u00f0uleysi vi\u00f0 spuna og heimilishald, \u00fe\u00f3 me\u00f0 mun \u00edskyggilegri undirt\u00f3n en alpaverki\u00f0 Percht. Eldri, kirkjulega var\u00f0veitt hli\u00f0st\u00e6\u00f0a finnst \u00ed Canon Episcopi fr\u00e1 10. \u00f6ld, sem greinir fr\u00e1 konum sem tr\u00fa\u00f0u a\u00f0 \u00fe\u00e6r ri\u00f0u \u00e1 n\u00e6turnar me\u00f0 r\u00f3mversku gy\u00f0junni <a href=\"https:\/\/iwell-guard.com\/is\/diana\/\">Di\u00f6nu<\/a>; \u00feessi hugmynd um n\u00e1ttlega fylgd kvenna er \u00ed fr\u00e6\u00f0um oft tengd s\u00ed\u00f0ari s\u00f6gnum um Perchtu og Holdu. Innan Alpasv\u00e6\u00f0isins er <a href=\"https:\/\/iwell-guard.com\/is\/salige-frau\/\">Salige Frau<\/a> (heilaga konan) talin \u00f6nnur tengd verndar- og n\u00e1tt\u00faruvera.<\/p>\t\t\t\t\t\t\t\t<\/div>\n\t\t\t\t<\/div>\n\t\t\t\t\t<\/div>\n\t\t\t\t<\/div>\n\t\t<div class=\"elementor-element elementor-element-cp406577c e-flex e-con-boxed e-con e-parent\" data-id=\"cp406577c\" data-element_type=\"container\" data-e-type=\"container\">\n\t\t\t\t\t<div class=\"e-con-inner\">\n\t\t\t\t<div class=\"elementor-element elementor-element-cpdd9c543 elementor-widget elementor-widget-heading\" data-id=\"cpdd9c543\" data-element_type=\"widget\" data-e-type=\"widget\" data-widget_type=\"heading.default\">\n\t\t\t\t\t<h2 class=\"elementor-heading-title elementor-size-default\">Algengar spurningar um Frau Perchtu<\/h2>\t\t\t\t<\/div>\n\t\t<div class=\"elementor-element elementor-element-cp9e731bb e-con-full e-flex e-con e-child\" data-id=\"cp9e731bb\" data-element_type=\"container\" data-e-type=\"container\">\n\t\t\t\t<div class=\"elementor-element elementor-element-cpa7c898c elementor-widget elementor-widget-text-editor\" data-id=\"cpa7c898c\" data-element_type=\"widget\" data-e-type=\"widget\" data-widget_type=\"text-editor.default\">\n\t\t\t\t\t\t\t\t\t<p><strong>Er Frau Perchta \u00fea\u00f0 sama og Frau Holle?<\/strong><\/p><p>B\u00e1\u00f0ar verurnar deila mikilv\u00e6gum hlutverkum, eins og eftirliti me\u00f0 spunavinnu og tengslum vi\u00f0 Rauhn\u00e4chte. Jacob Grimm l\u00fdsti Perchtu sem su\u00f0l\u00e6gum \u00e6ttingja Holle, en hvort um sama upprunalega form e\u00f0a tv\u00e6r sj\u00e1lfst\u00e6\u00f0ar sv\u00e6\u00f0isbundnar hef\u00f0ir er a\u00f0 r\u00e6\u00f0a, er ekki fullkomlega leyst \u00ed fr\u00e6\u00f0unum.<\/p><p><strong>Hvers vegna hefur Perchta tv\u00e6r svo \u00f3l\u00edkar birtingarmyndir?<\/strong><\/p><p>Fagra og hora\u00f0a veran standa fyrir tv\u00e6r hli\u00f0ar hlutverks hennar: umbun fyrir i\u00f0jusemi og \u00e1minning vi\u00f0 hir\u00f0uleysi. \u00deessi tv\u00f6feldni lifir \u00e1fram \u00ed Perchtenlauf \u00ed dag, \u00ed f\u00f6grum og lj\u00f3tum (schiech) gr\u00edmum.<\/p><p><strong>Hven\u00e6r kemur Perchta n\u00e1kv\u00e6mlega fram?<\/strong><\/p><p>\u00c1herslan er \u00e1 t\u00f3lf Rauhn\u00e4chte milli j\u00f3la og \u00ferett\u00e1ndans, me\u00f0 s\u00e9rstakri \u00e1herslu \u00e1 n\u00f3ttina fyrir 6. jan\u00faar, hinn gamla Berchtentag. \u00c1 \u00feessum t\u00edma \u00e1tti, samkv\u00e6mt s\u00f6gninni, spunavinna a\u00f0 hv\u00edlast og h\u00fas og b\u00e6r a\u00f0 vera \u00ed r\u00f6\u00f0 og reglu.<\/p><p><strong>Hva\u00f0 \u00fe\u00fd\u00f0a Perchten?<\/strong><\/p><p>Perchten eru gr\u00edmuverur Rauhn\u00e4chte \u00e1 Alpasv\u00e6\u00f0inu. \u00de\u00e6r t\u00e1kna tv\u00ede\u00f0li \u00e1ram\u00f3tanna: Schiachperchten hrekja burt \u00f3g\u00e6fu gamla \u00e1rsins me\u00f0 h\u00e1va\u00f0a og hryllingi, Sch\u00f6nperchten flytja g\u00e6fu og blessun fyrir hi\u00f0 n\u00fdja. Nafni\u00f0 er raki\u00f0 til Giperchtennacht, hinnar gl\u00e6silegu n\u00e6tur fyrir \u00ferett\u00e1ndann.<\/p><p><strong>Hver er munurinn \u00e1 Perchten og Krampus?<\/strong><\/p><p>Krampus er hinn straffandi f\u00f6runautur heilags Nikul\u00e1sar og gengur um 5. og 6. desember. Perchten koma fram sj\u00e1lfst\u00e6tt og heyra til Rauhn\u00e4chte um 6. jan\u00faar. \u00cd dag blandast si\u00f0irnir tveir saman \u00ed marka\u00f0sv\u00e6ddum g\u00f6ngum, en hef\u00f0bundi\u00f0 eru t\u00edmasetning og hlutverk sk\u00fdrt a\u00f0skilin.<\/p><p><strong>Hva\u00f0an kemur si\u00f0urinn Perchten?<\/strong><\/p><p>Si\u00f0urinn er upprunninn \u00e1 Alpasv\u00e6\u00f0inu, a\u00f0allega \u00ed Austurr\u00edki, Altbayern og Su\u00f0ur-T\u00fdr\u00f3l. Veran Percht er skjalfest fr\u00e1 s\u00ed\u00f0mi\u00f0\u00f6ldum, nafni\u00f0 sj\u00e1lft allt fr\u00e1 11. \u00f6ld. Hvort forkristnir g\u00f6ngusi\u00f0ir liggi a\u00f0 baki er umdeilt \u00ed fr\u00e6\u00f0unum. Pongauer Perchtenlauf er sannanlegur allt fr\u00e1 t\u00edmanum fyrir 1850.<\/p><p><strong>Hva\u00f0 eru Perchten einnig k\u00f6llu\u00f0?<\/strong><\/p><p>Eftir \u00fatliti er greint milli Sch\u00f6nperchten og Schiachperchten. Me\u00f0al sv\u00e6\u00f0isbundinna nafna verunnar eru Bechtra, B\u00e4rigl, Rauweib og Pudelfrau. Tengd s\u00e9rform eru Gl\u00f6ckler \u00ed Salzkammergut, Tresterer \u00ed Pinzgau og Schnabelperchten \u00ed Rauris.<\/p>\t\t\t\t\t\t\t\t<\/div>\n\t\t\t\t<div class=\"elementor-element elementor-element-78e8854 elementor-widget elementor-widget-html\" data-id=\"78e8854\" data-element_type=\"widget\" data-e-type=\"widget\" data-widget_type=\"html.default\">\n\t\t\t\t\t<script type=\"application\/ld+json\">{\"@context\": \"https:\/\/schema.org\", \"@type\": \"FAQPage\", \"mainEntity\": [{\"@type\": \"Question\", \"name\": \"Er Frau Perchta \u00fea\u00f0 sama og Frau Holle?\", \"acceptedAnswer\": {\"@type\": \"Answer\", \"text\": \"B\u00e1\u00f0ar verurnar deila mikilv\u00e6gum hlutverkum, eins og eftirliti me\u00f0 spunavinnu og tengslum vi\u00f0 Rauhn\u00e4chte. Jacob Grimm l\u00fdsti Perchtu sem su\u00f0l\u00e6gum \u00e6ttingja Holle, en hvort um sama upprunalega form e\u00f0a tv\u00e6r sj\u00e1lfst\u00e6\u00f0ar sv\u00e6\u00f0isbundnar hef\u00f0ir er a\u00f0 r\u00e6\u00f0a, er ekki fullkomlega leyst \u00ed fr\u00e6\u00f0unum.\"}}, {\"@type\": \"Question\", \"name\": \"Hvers vegna hefur Perchta tv\u00e6r svo \u00f3l\u00edkar birtingarmyndir?\", \"acceptedAnswer\": {\"@type\": \"Answer\", \"text\": \"Fagra og hora\u00f0a veran standa fyrir tv\u00e6r hli\u00f0ar hlutverks hennar: umbun fyrir i\u00f0jusemi og \u00e1minning vi\u00f0 hir\u00f0uleysi. \u00deessi tv\u00f6feldni lifir \u00e1fram \u00ed Perchtenlauf \u00ed dag, \u00ed f\u00f6grum og lj\u00f3tum (schiech) gr\u00edmum.\"}}, {\"@type\": \"Question\", \"name\": \"Hven\u00e6r kemur Perchta n\u00e1kv\u00e6mlega fram?\", \"acceptedAnswer\": {\"@type\": \"Answer\", \"text\": \"\u00c1herslan er \u00e1 t\u00f3lf Rauhn\u00e4chte milli j\u00f3la og \u00ferett\u00e1ndans, me\u00f0 s\u00e9rstakri \u00e1herslu \u00e1 n\u00f3ttina fyrir 6. jan\u00faar, hinn gamla Berchtentag. \u00c1 \u00feessum t\u00edma \u00e1tti, samkv\u00e6mt s\u00f6gninni, spunavinna a\u00f0 hv\u00edlast og h\u00fas og b\u00e6r a\u00f0 vera \u00ed r\u00f6\u00f0 og reglu.\"}}, {\"@type\": \"Question\", \"name\": \"Hva\u00f0 \u00fe\u00fd\u00f0a Perchten?\", \"acceptedAnswer\": {\"@type\": \"Answer\", \"text\": \"Perchten eru gr\u00edmuverur Rauhn\u00e4chte \u00e1 Alpasv\u00e6\u00f0inu. \u00de\u00e6r t\u00e1kna tv\u00ede\u00f0li \u00e1ram\u00f3tanna: Schiachperchten hrekja burt \u00f3g\u00e6fu gamla \u00e1rsins me\u00f0 h\u00e1va\u00f0a og hryllingi, Sch\u00f6nperchten flytja g\u00e6fu og blessun fyrir hi\u00f0 n\u00fdja. Nafni\u00f0 er raki\u00f0 til Giperchtennacht, hinnar gl\u00e6silegu n\u00e6tur fyrir \u00ferett\u00e1ndann.\"}}, {\"@type\": \"Question\", \"name\": \"Hver er munurinn \u00e1 Perchten og Krampus?\", \"acceptedAnswer\": {\"@type\": \"Answer\", \"text\": \"Krampus er hinn straffandi f\u00f6runautur heilags Nikul\u00e1sar og gengur um 5. og 6. desember. Perchten koma fram sj\u00e1lfst\u00e6tt og heyra til Rauhn\u00e4chte um 6. jan\u00faar. \u00cd dag blandast si\u00f0irnir tveir saman \u00ed marka\u00f0sv\u00e6ddum g\u00f6ngum, en hef\u00f0bundi\u00f0 eru t\u00edmasetning og hlutverk sk\u00fdrt a\u00f0skilin.\"}}, {\"@type\": \"Question\", \"name\": \"Hva\u00f0an kemur si\u00f0urinn Perchten?\", \"acceptedAnswer\": {\"@type\": \"Answer\", \"text\": \"Si\u00f0urinn er upprunninn \u00e1 Alpasv\u00e6\u00f0inu, a\u00f0allega \u00ed Austurr\u00edki, Altbayern og Su\u00f0ur-T\u00fdr\u00f3l. Veran Percht er skjalfest fr\u00e1 s\u00ed\u00f0mi\u00f0\u00f6ldum, nafni\u00f0 sj\u00e1lft allt fr\u00e1 11. \u00f6ld. Hvort forkristnir g\u00f6ngusi\u00f0ir liggi a\u00f0 baki er umdeilt \u00ed fr\u00e6\u00f0unum. Pongauer Perchtenlauf er sannanlegur allt fr\u00e1 t\u00edmanum fyrir 1850.\"}}, {\"@type\": \"Question\", \"name\": \"Hva\u00f0 eru Perchten einnig k\u00f6llu\u00f0?\", \"acceptedAnswer\": {\"@type\": \"Answer\", \"text\": \"Eftir \u00fatliti er greint milli Sch\u00f6nperchten og Schiachperchten. Me\u00f0al sv\u00e6\u00f0isbundinna nafna verunnar eru Bechtra, B\u00e4rigl, Rauweib og Pudelfrau. Tengd s\u00e9rform eru Gl\u00f6ckler \u00ed Salzkammergut, Tresterer \u00ed Pinzgau og Schnabelperchten \u00ed Rauris.\"}}]}<\/script>\t\t\t\t<\/div>\n\t\t\t\t<\/div>\n\t\t\t\t\t<\/div>\n\t\t\t\t<\/div>\n\t\t<div class=\"elementor-element elementor-element-36dd7469 e-flex e-con-boxed e-con e-parent\" data-id=\"36dd7469\" data-element_type=\"container\" data-e-type=\"container\">\n\t\t\t\t\t<div class=\"e-con-inner\">\n\t\t\t\t<div class=\"elementor-element elementor-element-13760ab4 elementor-widget elementor-widget-heading\" data-id=\"13760ab4\" data-element_type=\"widget\" data-e-type=\"widget\" data-widget_type=\"heading.default\">\n\t\t\t\t\t<h2 class=\"elementor-heading-title elementor-size-default\">\u00cdtarefni og tenglar<\/h2>\t\t\t\t<\/div>\n\t\t<div class=\"elementor-element elementor-element-28c87796 e-con-full e-flex e-con e-child\" data-id=\"28c87796\" data-element_type=\"container\" data-e-type=\"container\">\n\t\t\t\t<div class=\"elementor-element elementor-element-5d6538df elementor-widget elementor-widget-text-editor\" data-id=\"5d6538df\" data-element_type=\"widget\" data-e-type=\"widget\" data-widget_type=\"text-editor.default\">\n\t\t\t\t\t\t\t\t\t<p>R\u00e1\u00f0lag\u00f0ir innri tenglar:<\/p><ul><li><a href=\"https:\/\/iwell-guard.com\/is\/?page_id=169862\">Alpasv\u00e6\u00f0i\u00f0<\/a> \u2013 allar verur alpasagnaheimsins<\/li><li><a href=\"https:\/\/iwell-guard.com\/is\/?page_id=169828\">Frau Holle<\/a>, <a href=\"https:\/\/iwell-guard.com\/is\/?page_id=169827\">Habergei\u00df<\/a> \u2013 tengdar verur Rauhn\u00e4chte<\/li><li><a href=\"https:\/\/iwell-guard.com\/is\/reykelsi\/\">Reykelsi<\/a>, <a href=\"https:\/\/iwell-guard.com\/is\/bannspruch-og-bannritual\/\">Verndar\u00feula<\/a>, <a href=\"https:\/\/iwell-guard.com\/is\/besprechen\/\">A\u00f0 tala yfir<\/a>, <a href=\"https:\/\/iwell-guard.com\/is\/?page_id=169849\">B\u00e6nir<\/a>, <a href=\"https:\/\/iwell-guard.com\/is\/?page_id=169851\">Verndart\u00e1kn<\/a> \u2013 var\u00f0veittar verndarhef\u00f0ir<\/li><li><a href=\"https:\/\/iwell-guard.com\/is\/?page_id=169825\">Krampus<\/a> \u2013 hyrnda f\u00f6runautsf\u00edg\u00fara heilags Nikul\u00e1sar<\/li><li><a href=\"https:\/\/iwell-guard.com\/is\/verndarleidarvisir\/\">Verndarkomp\u00e1sinn<\/a> \u2013 yfirlit verndargripa<\/li><\/ul>\t\t\t\t\t\t\t\t<\/div>\n\t\t\t\t<\/div>\n\t\t\t\t\t<\/div>\n\t\t\t\t<\/div>\n\t\t<div class=\"elementor-element elementor-element-grl4kl40 e-flex e-con-boxed e-con e-parent\" data-id=\"grl4kl40\" data-element_type=\"container\" data-e-type=\"container\">\n\t\t\t\t\t<div class=\"e-con-inner\">\n\t\t\t\t<div class=\"elementor-element elementor-element-bzsbfrmh elementor-widget elementor-widget-heading\" data-id=\"bzsbfrmh\" data-element_type=\"widget\" data-e-type=\"widget\" data-widget_type=\"heading.default\">\n\t\t\t\t\t<h2 class=\"elementor-heading-title elementor-size-default\">Heimildir (\u00farval)<\/h2>\t\t\t\t<\/div>\n\t\t<div class=\"elementor-element elementor-element-2c13224a e-con-full e-flex e-con e-child\" data-id=\"2c13224a\" data-element_type=\"container\" data-e-type=\"container\">\n\t\t\t\t<div class=\"elementor-element elementor-element-0eymh9ub elementor-widget elementor-widget-text-editor\" data-id=\"0eymh9ub\" data-element_type=\"widget\" data-e-type=\"widget\" data-widget_type=\"text-editor.default\">\n\t\t\t\t\t\t\t\t\t<footer class=\"iwg-literatur\" data-nosnippet=\"true\"><p>\u00darval helstu heimilda og ranns\u00f3kna:<\/p><ul><li><span data-nosnippet>Waschnitius, Viktor: <em>Perht, Holda und verwandte Gestalten. Ein Beitrag zur deutschen Religionsgeschichte<\/em>. Wien 1913.<\/span><\/li><li><span data-nosnippet>Rumpf, Marianne: <em>Perchten. Popul\u00e4re Glaubensgestalten zwischen Mythos und Katechese<\/em>. W\u00fcrzburg 1991.<\/span><\/li><li><span data-nosnippet>B\u00e4chtold-St\u00e4ubli, Hanns (Hg.): <em>Handw\u00f6rterbuch des deutschen Aberglaubens<\/em>, Bd. 6 (Artikel Perchta). Berlin\/Leipzig 1934\/35.<\/span><\/li><li><span data-nosnippet>Smith, John B.: <em>Perchta the Belly-Slitter and Her Kin: A View of Some Traditional Threatening Figures, Threats and Punishments<\/em>. In: Folklore, Bd. 115, 2004.<\/span><\/li><li><span data-nosnippet>Grimm, Jacob: <em>Deutsche Mythologie<\/em>. G\u00f6ttingen 1835.<\/span><\/li><li><span data-nosnippet>Zingerle, Ignaz Vinzenz: <em>Sitten, Br\u00e4uche und Meinungen des Tiroler Volkes<\/em>. 2. Auflage, Innsbruck 1871.<\/span><\/li><\/ul><\/footer>\n<p class=\"iwg-bib-more\"><span data-nosnippet>Fleiri grunnrit \u00ed <a href=\"https:\/\/iwell-guard.com\/is\/heimildaskra\/\">heimildaskr\u00e1nni<\/a>.<\/span><\/p>\t\t\t\t\t\t\t\t<\/div>\n\t\t\t\t<\/div>\n\t\t\t\t\t<\/div>\n\t\t\t\t<\/div>\n\t\t<div class=\"elementor-element elementor-element-iwgkw2-add-hulijing e-flex e-con-boxed e-con e-parent\" data-id=\"iwgkw2-add-hulijing\" data-element_type=\"container\" data-e-type=\"container\">\n\t\t\t\t\t<div class=\"e-con-inner\">\n\t\t\t\t<div class=\"elementor-element elementor-element-iwgkw2-add-hulijing-t elementor-widget elementor-widget-text-editor\" data-id=\"iwgkw2-add-hulijing-t\" data-element_type=\"widget\" data-e-type=\"widget\" data-widget_type=\"text-editor.default\">\n\t\t\t\t\t\t\t\t\t<p>\u00deekkt einnig sem Percht, sagnapers\u00f3na \u00far Alpafj\u00f6llum, er h\u00fan n\u00e1tengd Rauhn\u00e4chte (rauhn\u00e4chte, t\u00f3lf n\u00e6turnar milli j\u00f3la og \u00ferett\u00e1ndans), \u00fear sem i\u00f0jusemi er ver\u00f0launu\u00f0 og hir\u00f0uleysi \u00e1v\u00edta\u00f0.<\/p>\t\t\t\t\t\t\t\t<\/div>\n\t\t\t\t\t<\/div>\n\t\t\t\t<\/div>\n\t\t\t\t<\/div>\n\t\t","protected":false},"excerpt":{"rendered":"","protected":false},"author":3,"featured_media":20517,"parent":0,"menu_order":0,"comment_status":"closed","ping_status":"closed","template":"elementor_header_footer","meta":{"_yoast_wpseo_focuskw":"perchten","_yoast_wpseo_title":"Perchten og Frau Perchta: Rauhn\u00e4chte og Perchtenlauf","_yoast_wpseo_metadesc":"Hva\u00f0 eru Perchten? Uppruni og merking Rauhn\u00e4chte-veranna, Sch\u00f6nperchten og Schiachperchten, Perchtenlauf-g\u00f6ngurnar og munurinn \u00e1 \u00feeim og Krampus.","_yoast_wpseo_meta-robots-noindex":"","_yoast_wpseo_canonical":"","_angie_page":false,"gefaehrdungsstufe":"1","wesen_kultur":"alpin","wesen_klasse":"geister","footnotes":""},"categories":[],"class_list":["post-169826","page","type-page","status-publish","has-post-thumbnail","hentry"],"yoast_head":"<!-- This site is optimized with the Yoast SEO Premium plugin v27.7 (Yoast SEO v28.3) - https:\/\/yoast.com\/product\/yoast-seo-premium-wordpress\/ -->\n<title>Perchten og Frau Perchta: Rauhn\u00e4chte og Perchtenlauf<\/title>\n<meta name=\"description\" content=\"Hva\u00f0 eru Perchten? Uppruni og merking Rauhn\u00e4chte-veranna, Sch\u00f6nperchten og Schiachperchten, Perchtenlauf-g\u00f6ngurnar og munurinn \u00e1 \u00feeim og Krampus.\" \/>\n<meta name=\"robots\" content=\"index, follow, max-snippet:-1, max-image-preview:large, max-video-preview:-1\" \/>\n<link rel=\"canonical\" href=\"https:\/\/iwell-guard.com\/is\/frau-perchta\/\" \/>\n<meta property=\"og:locale\" content=\"is_IS\" \/>\n<meta property=\"og:type\" content=\"article\" \/>\n<meta property=\"og:title\" content=\"Frau Perchta\" \/>\n<meta property=\"og:description\" content=\"Hva\u00f0 eru Perchten? Uppruni og merking Rauhn\u00e4chte-veranna, Sch\u00f6nperchten og Schiachperchten, Perchtenlauf-g\u00f6ngurnar og munurinn \u00e1 \u00feeim og Krampus.\" \/>\n<meta property=\"og:url\" content=\"https:\/\/iwell-guard.com\/is\/frau-perchta\/\" \/>\n<meta property=\"og:site_name\" content=\"iWell Guard\" \/>\n<meta property=\"article:modified_time\" content=\"2026-09-05T14:57:31+00:00\" \/>\n<meta property=\"og:image\" content=\"https:\/\/iwell-guard.com\/wp-content\/uploads\/2026\/07\/geister_alpin_perchta.webp\" \/>\n\t<meta property=\"og:image:width\" content=\"1023\" \/>\n\t<meta property=\"og:image:height\" content=\"1537\" \/>\n\t<meta property=\"og:image:type\" content=\"image\/webp\" \/>\n<meta name=\"twitter:card\" content=\"summary_large_image\" \/>\n<script type=\"application\/ld+json\" class=\"yoast-schema-graph\">{\"@context\":\"https:\\\/\\\/schema.org\",\"@graph\":[{\"@type\":\"Article\",\"@id\":\"https:\\\/\\\/iwell-guard.com\\\/is\\\/frau-perchta\\\/#article\",\"isPartOf\":{\"@id\":\"https:\\\/\\\/iwell-guard.com\\\/is\\\/frau-perchta\\\/\"},\"author\":{\"name\":\"Ralf Ittermann\",\"@id\":\"https:\\\/\\\/iwell-guard.com\\\/is\\\/#\\\/schema\\\/person\\\/ee2a27f1cac3406c7c6fb5820cb7349f\"},\"headline\":\"Frau Perchta\",\"datePublished\":\"2026-09-05T14:12:04+00:00\",\"dateModified\":\"2026-09-05T14:57:31+00:00\",\"mainEntityOfPage\":{\"@id\":\"https:\\\/\\\/iwell-guard.com\\\/is\\\/frau-perchta\\\/\"},\"publisher\":{\"@id\":\"https:\\\/\\\/iwell-guard.com\\\/is\\\/#organization\"},\"image\":{\"@id\":\"https:\\\/\\\/iwell-guard.com\\\/is\\\/frau-perchta\\\/#primaryimage\"},\"thumbnailUrl\":\"https:\\\/\\\/iwell-guard.com\\\/wp-content\\\/uploads\\\/2026\\\/07\\\/geister_alpin_perchta.webp\",\"inLanguage\":\"is\",\"description\":\"Hva\u00f0 eru Perchten? Uppruni og merking Rauhn\u00e4chte-veranna, Sch\u00f6nperchten og Schiachperchten, Perchtenlauf-g\u00f6ngurnar og munurinn \u00e1 \u00feeim og Krampus.\"},{\"@type\":\"WebPage\",\"@id\":\"https:\\\/\\\/iwell-guard.com\\\/is\\\/frau-perchta\\\/\",\"url\":\"https:\\\/\\\/iwell-guard.com\\\/is\\\/frau-perchta\\\/\",\"name\":\"Perchten og Frau Perchta: Rauhn\u00e4chte og Perchtenlauf\",\"isPartOf\":{\"@id\":\"https:\\\/\\\/iwell-guard.com\\\/is\\\/#website\"},\"primaryImageOfPage\":{\"@id\":\"https:\\\/\\\/iwell-guard.com\\\/is\\\/frau-perchta\\\/#primaryimage\"},\"image\":{\"@id\":\"https:\\\/\\\/iwell-guard.com\\\/is\\\/frau-perchta\\\/#primaryimage\"},\"thumbnailUrl\":\"https:\\\/\\\/iwell-guard.com\\\/wp-content\\\/uploads\\\/2026\\\/07\\\/geister_alpin_perchta.webp\",\"datePublished\":\"2026-09-05T14:12:04+00:00\",\"dateModified\":\"2026-09-05T14:57:31+00:00\",\"description\":\"Hva\u00f0 eru Perchten? Uppruni og merking Rauhn\u00e4chte-veranna, Sch\u00f6nperchten og Schiachperchten, Perchtenlauf-g\u00f6ngurnar og munurinn \u00e1 \u00feeim og Krampus.\",\"breadcrumb\":{\"@id\":\"https:\\\/\\\/iwell-guard.com\\\/is\\\/frau-perchta\\\/#breadcrumb\"},\"inLanguage\":\"is\",\"potentialAction\":[{\"@type\":\"ReadAction\",\"target\":[\"https:\\\/\\\/iwell-guard.com\\\/is\\\/frau-perchta\\\/\"]}]},{\"@type\":\"ImageObject\",\"inLanguage\":\"is\",\"@id\":\"https:\\\/\\\/iwell-guard.com\\\/is\\\/frau-perchta\\\/#primaryimage\",\"url\":\"https:\\\/\\\/iwell-guard.com\\\/wp-content\\\/uploads\\\/2026\\\/07\\\/geister_alpin_perchta.webp\",\"contentUrl\":\"https:\\\/\\\/iwell-guard.com\\\/wp-content\\\/uploads\\\/2026\\\/07\\\/geister_alpin_perchta.webp\",\"width\":1023,\"height\":1537,\"caption\":\"Fr\u00fa Perchta - V\u00e6ttir \u00far alpal\u00f6ndum, s\u00f6guleg myndskreyting\"},{\"@type\":\"BreadcrumbList\",\"@id\":\"https:\\\/\\\/iwell-guard.com\\\/is\\\/frau-perchta\\\/#breadcrumb\",\"itemListElement\":[{\"@type\":\"ListItem\",\"position\":1,\"name\":\"Start\",\"item\":\"https:\\\/\\\/iwell-guard.com\\\/is\\\/?page_id=168580\"},{\"@type\":\"ListItem\",\"position\":2,\"name\":\"Frau Perchta\"}]},{\"@type\":\"WebSite\",\"@id\":\"https:\\\/\\\/iwell-guard.com\\\/is\\\/#website\",\"url\":\"https:\\\/\\\/iwell-guard.com\\\/is\\\/\",\"name\":\"iWell Guard\",\"description\":\"Schutz vor dunklen Einfl\u00fcssen\",\"publisher\":{\"@id\":\"https:\\\/\\\/iwell-guard.com\\\/is\\\/#organization\"},\"potentialAction\":[{\"@type\":\"SearchAction\",\"target\":{\"@type\":\"EntryPoint\",\"urlTemplate\":\"https:\\\/\\\/iwell-guard.com\\\/is\\\/?s={search_term_string}\"},\"query-input\":{\"@type\":\"PropertyValueSpecification\",\"valueRequired\":true,\"valueName\":\"search_term_string\"}}],\"inLanguage\":\"is\"},{\"@type\":\"Organization\",\"@id\":\"https:\\\/\\\/iwell-guard.com\\\/is\\\/#organization\",\"name\":\"Ittermann electronic GmbH\",\"url\":\"https:\\\/\\\/iwell-guard.com\\\/is\\\/\",\"logo\":{\"@type\":\"ImageObject\",\"inLanguage\":\"is\",\"@id\":\"https:\\\/\\\/iwell-guard.com\\\/is\\\/#\\\/schema\\\/logo\\\/image\\\/\",\"url\":\"https:\\\/\\\/iwell-guard.com\\\/wp-content\\\/uploads\\\/2026\\\/05\\\/Ittermann-Logo-1182x237-1.png\",\"contentUrl\":\"https:\\\/\\\/iwell-guard.com\\\/wp-content\\\/uploads\\\/2026\\\/05\\\/Ittermann-Logo-1182x237-1.png\",\"width\":1182,\"height\":237,\"caption\":\"Ittermann electronic GmbH\"},\"image\":{\"@id\":\"https:\\\/\\\/iwell-guard.com\\\/is\\\/#\\\/schema\\\/logo\\\/image\\\/\"},\"sameAs\":[\"https:\\\/\\\/pantip.com\\\/profile\\\/9367242\",\"https:\\\/\\\/micro.blog\\\/iwellguard\",\"https:\\\/\\\/www.diggerslist.com\\\/iwellguard\\\/about\",\"https:\\\/\\\/skitterphoto.com\\\/photographers\\\/2870314\\\/iwell-guard\",\"https:\\\/\\\/iwellguard.wordpress.com\\\/2026\\\/06\\\/06\\\/iwell-guard\\\/\",\"https:\\\/\\\/hub.docker.com\\\/u\\\/iwellguard\",\"https:\\\/\\\/www.pinterest.com\\\/iwellguard\\\/\",\"https:\\\/\\\/bit.ly\\\/m\\\/iwellguard\",\"https:\\\/\\\/entre-vos-mains.alsace.eu\\\/profiles\\\/iwellguard\\\/activity\",\"https:\\\/\\\/gravatar.com\\\/reallybeded8fd34\",\"https:\\\/\\\/naijamatta.com\\\/iwellguard\",\"https:\\\/\\\/www.goodreads.com\\\/iwellguard\",\"https:\\\/\\\/profile.hatena.ne.jp\\\/iwellguard\\\/\",\"https:\\\/\\\/experiment.com\\\/users\\\/iwellguard\",\"https:\\\/\\\/wakelet.com\\\/@iWellGuard82270\",\"https:\\\/\\\/www.chordie.com\\\/forum\\\/profile.php?id=2555664\",\"https:\\\/\\\/www.instapaper.com\\\/p\\\/17757966\",\"https:\\\/\\\/www.mapleprimes.com\\\/users\\\/iwellguard\",\"https:\\\/\\\/businesslistingplus.com\\\/profile\\\/iwell-guard\\\/\",\"https:\\\/\\\/telegra.ph\\\/iWell-Guard-06-06\",\"https:\\\/\\\/pbase.com\\\/iwellguard\\\/iwellguard\",\"https:\\\/\\\/b.hatena.ne.jp\\\/iwellguard\\\/20260607#bookmark-4788405196491818882\",\"https:\\\/\\\/fliphtml5.com\\\/home\\\/iwellguard\",\"https:\\\/\\\/anyflip.com\\\/homepage\\\/cmiwl#About\",\"https:\\\/\\\/transfur.com\\\/Users\\\/iwellguard\",\"http:\\\/\\\/delphi.larsbo.org\\\/user\\\/iwellguard\",\"https:\\\/\\\/jobs.lajobsportal.org\\\/profiles\\\/8380803-iwell-guard\",\"https:\\\/\\\/md.chaosdorf.de\\\/s\\\/jfbe5SBdJD\",\"https:\\\/\\\/www.lingvolive.com\\\/en-us\\\/profile\\\/9ecaeaca-ce11-4e51-9e71-01d55e2bff36\\\/translations\",\"https:\\\/\\\/www.fitday.com\\\/fitness\\\/forums\\\/members\\\/iwellguard.html\",\"https:\\\/\\\/www.mymeetbook.com\\\/iwellguard\",\"https:\\\/\\\/pxhere.com\\\/en\\\/photographer-me\\\/5040798\",\"https:\\\/\\\/disqus.com\\\/by\\\/iwellguard\\\/about\\\/\",\"https:\\\/\\\/pastelink.net\\\/hjwciqwq\",\"https:\\\/\\\/pubhtml5.com\\\/homepage\\\/scjhn\\\/\",\"https:\\\/\\\/www.bitchute.com\\\/channel\\\/2O2eOKzNqujT\",\"https:\\\/\\\/audiomack.com\\\/iwellguard\"]},{\"@type\":\"Person\",\"@id\":\"https:\\\/\\\/iwell-guard.com\\\/is\\\/#\\\/schema\\\/person\\\/ee2a27f1cac3406c7c6fb5820cb7349f\",\"name\":\"Ralf Ittermann\",\"image\":{\"@type\":\"ImageObject\",\"inLanguage\":\"is\",\"@id\":\"https:\\\/\\\/secure.gravatar.com\\\/avatar\\\/073c0153e350a5005b68eb752b445fea71f6b24a26da9449ad7e155e6b446c9d?s=96&d=mm&r=g\",\"url\":\"https:\\\/\\\/secure.gravatar.com\\\/avatar\\\/073c0153e350a5005b68eb752b445fea71f6b24a26da9449ad7e155e6b446c9d?s=96&d=mm&r=g\",\"contentUrl\":\"https:\\\/\\\/secure.gravatar.com\\\/avatar\\\/073c0153e350a5005b68eb752b445fea71f6b24a26da9449ad7e155e6b446c9d?s=96&d=mm&r=g\",\"caption\":\"Ralf Ittermann\"},\"givenName\":\"Ralf\",\"familyName\":\"Ittermann\",\"jobTitle\":\"Gesch\u00e4ftsf\u00fchrer und redaktioneller Verantwortlicher\",\"url\":\"https:\\\/\\\/iwell-guard.com\\\/is\\\/author\\\/claude\\\/\",\"description\":\"Ralf Ittermann ist Gesch\u00e4ftsf\u00fchrer der Ittermann electronic GmbH und redaktioneller Verantwortlicher des iWell-Guard-Lexikons. Er verbindet langj\u00e4hrige Erfahrung in der Pr\u00e4zisionsfertigung mit medialer Praxis und religionsgeschichtlicher Quellenarbeit.\",\"worksFor\":{\"@type\":\"Organization\",\"name\":\"Ittermann electronic GmbH\",\"url\":\"https:\\\/\\\/ittermann.de\\\/\",\"address\":{\"@type\":\"PostalAddress\",\"streetAddress\":\"K\u00f6hlergasse 16-18\",\"postalCode\":\"99842\",\"addressLocality\":\"Ruhla\",\"addressCountry\":\"DE\"}},\"knowsAbout\":[\"Religionsgeschichte\",\"Mythologie\",\"Mediale Praxis\",\"Energetische Diagnostik\",\"Schutzpraxis\",\"Volksglauben\",\"Westliche Esoterik\"]},{\"@type\":\"Article\",\"@id\":\"https:\\\/\\\/iwell-guard.com\\\/is\\\/frau-perchta\\\/#article\",\"isPartOf\":{\"@id\":\"https:\\\/\\\/iwell-guard.com\\\/is\\\/frau-perchta\\\/\"},\"author\":{\"name\":\"Ralf Ittermann\",\"@id\":\"https:\\\/\\\/iwell-guard.com\\\/is\\\/#\\\/schema\\\/person\\\/ee2a27f1cac3406c7c6fb5820cb7349f\"},\"headline\":\"Frau Perchta\",\"datePublished\":\"2026-09-05T14:12:04+00:00\",\"dateModified\":\"2026-09-05T14:57:31+00:00\",\"mainEntityOfPage\":{\"@id\":\"https:\\\/\\\/iwell-guard.com\\\/is\\\/frau-perchta\\\/\"},\"publisher\":{\"@id\":\"https:\\\/\\\/iwell-guard.com\\\/is\\\/#organization\"},\"image\":{\"@id\":\"https:\\\/\\\/iwell-guard.com\\\/is\\\/frau-perchta\\\/#primaryimage\"},\"thumbnailUrl\":\"https:\\\/\\\/iwell-guard.com\\\/wp-content\\\/uploads\\\/2026\\\/07\\\/geister_alpin_perchta.webp\",\"inLanguage\":\"is\",\"description\":\"Hva\u00f0 eru Perchten? Uppruni og merking Rauhn\u00e4chte-veranna, Sch\u00f6nperchten og Schiachperchten, Perchtenlauf-g\u00f6ngurnar og munurinn \u00e1 \u00feeim og Krampus.\"}]}<\/script>\n<!-- \/ Yoast SEO Premium plugin. -->","yoast_head_json":{"title":"Perchten og Frau Perchta: Rauhn\u00e4chte og Perchtenlauf","description":"Hva\u00f0 eru Perchten? Uppruni og merking Rauhn\u00e4chte-veranna, Sch\u00f6nperchten og Schiachperchten, Perchtenlauf-g\u00f6ngurnar og munurinn \u00e1 \u00feeim og Krampus.","robots":{"index":"index","follow":"follow","max-snippet":"max-snippet:-1","max-image-preview":"max-image-preview:large","max-video-preview":"max-video-preview:-1"},"canonical":"https:\/\/iwell-guard.com\/is\/frau-perchta\/","og_locale":"is_IS","og_type":"article","og_title":"Frau Perchta","og_description":"Hva\u00f0 eru Perchten? Uppruni og merking Rauhn\u00e4chte-veranna, Sch\u00f6nperchten og Schiachperchten, Perchtenlauf-g\u00f6ngurnar og munurinn \u00e1 \u00feeim og Krampus.","og_url":"https:\/\/iwell-guard.com\/is\/frau-perchta\/","og_site_name":"iWell Guard","article_modified_time":"2026-09-05T14:57:31+00:00","og_image":[{"width":1023,"height":1537,"url":"https:\/\/iwell-guard.com\/wp-content\/uploads\/2026\/07\/geister_alpin_perchta.webp","type":"image\/webp"}],"twitter_card":"summary_large_image","schema":{"@context":"https:\/\/schema.org","@graph":[{"@type":"Article","@id":"https:\/\/iwell-guard.com\/is\/frau-perchta\/#article","isPartOf":{"@id":"https:\/\/iwell-guard.com\/is\/frau-perchta\/"},"author":{"name":"Ralf Ittermann","@id":"https:\/\/iwell-guard.com\/is\/#\/schema\/person\/ee2a27f1cac3406c7c6fb5820cb7349f"},"headline":"Frau Perchta","datePublished":"2026-09-05T14:12:04+00:00","dateModified":"2026-09-05T14:57:31+00:00","mainEntityOfPage":{"@id":"https:\/\/iwell-guard.com\/is\/frau-perchta\/"},"publisher":{"@id":"https:\/\/iwell-guard.com\/is\/#organization"},"image":{"@id":"https:\/\/iwell-guard.com\/is\/frau-perchta\/#primaryimage"},"thumbnailUrl":"https:\/\/iwell-guard.com\/wp-content\/uploads\/2026\/07\/geister_alpin_perchta.webp","inLanguage":"is","description":"Hva\u00f0 eru Perchten? Uppruni og merking Rauhn\u00e4chte-veranna, Sch\u00f6nperchten og Schiachperchten, Perchtenlauf-g\u00f6ngurnar og munurinn \u00e1 \u00feeim og Krampus."},{"@type":"WebPage","@id":"https:\/\/iwell-guard.com\/is\/frau-perchta\/","url":"https:\/\/iwell-guard.com\/is\/frau-perchta\/","name":"Perchten og Frau Perchta: Rauhn\u00e4chte og Perchtenlauf","isPartOf":{"@id":"https:\/\/iwell-guard.com\/is\/#website"},"primaryImageOfPage":{"@id":"https:\/\/iwell-guard.com\/is\/frau-perchta\/#primaryimage"},"image":{"@id":"https:\/\/iwell-guard.com\/is\/frau-perchta\/#primaryimage"},"thumbnailUrl":"https:\/\/iwell-guard.com\/wp-content\/uploads\/2026\/07\/geister_alpin_perchta.webp","datePublished":"2026-09-05T14:12:04+00:00","dateModified":"2026-09-05T14:57:31+00:00","description":"Hva\u00f0 eru Perchten? Uppruni og merking Rauhn\u00e4chte-veranna, Sch\u00f6nperchten og Schiachperchten, Perchtenlauf-g\u00f6ngurnar og munurinn \u00e1 \u00feeim og Krampus.","breadcrumb":{"@id":"https:\/\/iwell-guard.com\/is\/frau-perchta\/#breadcrumb"},"inLanguage":"is","potentialAction":[{"@type":"ReadAction","target":["https:\/\/iwell-guard.com\/is\/frau-perchta\/"]}]},{"@type":"ImageObject","inLanguage":"is","@id":"https:\/\/iwell-guard.com\/is\/frau-perchta\/#primaryimage","url":"https:\/\/iwell-guard.com\/wp-content\/uploads\/2026\/07\/geister_alpin_perchta.webp","contentUrl":"https:\/\/iwell-guard.com\/wp-content\/uploads\/2026\/07\/geister_alpin_perchta.webp","width":1023,"height":1537,"caption":"Fr\u00fa Perchta - V\u00e6ttir \u00far alpal\u00f6ndum, s\u00f6guleg myndskreyting"},{"@type":"BreadcrumbList","@id":"https:\/\/iwell-guard.com\/is\/frau-perchta\/#breadcrumb","itemListElement":[{"@type":"ListItem","position":1,"name":"Start","item":"https:\/\/iwell-guard.com\/is\/?page_id=168580"},{"@type":"ListItem","position":2,"name":"Frau Perchta"}]},{"@type":"WebSite","@id":"https:\/\/iwell-guard.com\/is\/#website","url":"https:\/\/iwell-guard.com\/is\/","name":"iWell Guard","description":"Schutz vor dunklen Einfl\u00fcssen","publisher":{"@id":"https:\/\/iwell-guard.com\/is\/#organization"},"potentialAction":[{"@type":"SearchAction","target":{"@type":"EntryPoint","urlTemplate":"https:\/\/iwell-guard.com\/is\/?s={search_term_string}"},"query-input":{"@type":"PropertyValueSpecification","valueRequired":true,"valueName":"search_term_string"}}],"inLanguage":"is"},{"@type":"Organization","@id":"https:\/\/iwell-guard.com\/is\/#organization","name":"Ittermann electronic GmbH","url":"https:\/\/iwell-guard.com\/is\/","logo":{"@type":"ImageObject","inLanguage":"is","@id":"https:\/\/iwell-guard.com\/is\/#\/schema\/logo\/image\/","url":"https:\/\/iwell-guard.com\/wp-content\/uploads\/2026\/05\/Ittermann-Logo-1182x237-1.png","contentUrl":"https:\/\/iwell-guard.com\/wp-content\/uploads\/2026\/05\/Ittermann-Logo-1182x237-1.png","width":1182,"height":237,"caption":"Ittermann electronic GmbH"},"image":{"@id":"https:\/\/iwell-guard.com\/is\/#\/schema\/logo\/image\/"},"sameAs":["https:\/\/pantip.com\/profile\/9367242","https:\/\/micro.blog\/iwellguard","https:\/\/www.diggerslist.com\/iwellguard\/about","https:\/\/skitterphoto.com\/photographers\/2870314\/iwell-guard","https:\/\/iwellguard.wordpress.com\/2026\/06\/06\/iwell-guard\/","https:\/\/hub.docker.com\/u\/iwellguard","https:\/\/www.pinterest.com\/iwellguard\/","https:\/\/bit.ly\/m\/iwellguard","https:\/\/entre-vos-mains.alsace.eu\/profiles\/iwellguard\/activity","https:\/\/gravatar.com\/reallybeded8fd34","https:\/\/naijamatta.com\/iwellguard","https:\/\/www.goodreads.com\/iwellguard","https:\/\/profile.hatena.ne.jp\/iwellguard\/","https:\/\/experiment.com\/users\/iwellguard","https:\/\/wakelet.com\/@iWellGuard82270","https:\/\/www.chordie.com\/forum\/profile.php?id=2555664","https:\/\/www.instapaper.com\/p\/17757966","https:\/\/www.mapleprimes.com\/users\/iwellguard","https:\/\/businesslistingplus.com\/profile\/iwell-guard\/","https:\/\/telegra.ph\/iWell-Guard-06-06","https:\/\/pbase.com\/iwellguard\/iwellguard","https:\/\/b.hatena.ne.jp\/iwellguard\/20260607#bookmark-4788405196491818882","https:\/\/fliphtml5.com\/home\/iwellguard","https:\/\/anyflip.com\/homepage\/cmiwl#About","https:\/\/transfur.com\/Users\/iwellguard","http:\/\/delphi.larsbo.org\/user\/iwellguard","https:\/\/jobs.lajobsportal.org\/profiles\/8380803-iwell-guard","https:\/\/md.chaosdorf.de\/s\/jfbe5SBdJD","https:\/\/www.lingvolive.com\/en-us\/profile\/9ecaeaca-ce11-4e51-9e71-01d55e2bff36\/translations","https:\/\/www.fitday.com\/fitness\/forums\/members\/iwellguard.html","https:\/\/www.mymeetbook.com\/iwellguard","https:\/\/pxhere.com\/en\/photographer-me\/5040798","https:\/\/disqus.com\/by\/iwellguard\/about\/","https:\/\/pastelink.net\/hjwciqwq","https:\/\/pubhtml5.com\/homepage\/scjhn\/","https:\/\/www.bitchute.com\/channel\/2O2eOKzNqujT","https:\/\/audiomack.com\/iwellguard"]},{"@type":"Person","@id":"https:\/\/iwell-guard.com\/is\/#\/schema\/person\/ee2a27f1cac3406c7c6fb5820cb7349f","name":"Ralf Ittermann","image":{"@type":"ImageObject","inLanguage":"is","@id":"https:\/\/secure.gravatar.com\/avatar\/073c0153e350a5005b68eb752b445fea71f6b24a26da9449ad7e155e6b446c9d?s=96&d=mm&r=g","url":"https:\/\/secure.gravatar.com\/avatar\/073c0153e350a5005b68eb752b445fea71f6b24a26da9449ad7e155e6b446c9d?s=96&d=mm&r=g","contentUrl":"https:\/\/secure.gravatar.com\/avatar\/073c0153e350a5005b68eb752b445fea71f6b24a26da9449ad7e155e6b446c9d?s=96&d=mm&r=g","caption":"Ralf Ittermann"},"givenName":"Ralf","familyName":"Ittermann","jobTitle":"Gesch\u00e4ftsf\u00fchrer und redaktioneller Verantwortlicher","url":"https:\/\/iwell-guard.com\/is\/author\/claude\/","description":"Ralf Ittermann ist Gesch\u00e4ftsf\u00fchrer der Ittermann electronic GmbH und redaktioneller Verantwortlicher des iWell-Guard-Lexikons. Er verbindet langj\u00e4hrige Erfahrung in der Pr\u00e4zisionsfertigung mit medialer Praxis und religionsgeschichtlicher Quellenarbeit.","worksFor":{"@type":"Organization","name":"Ittermann electronic GmbH","url":"https:\/\/ittermann.de\/","address":{"@type":"PostalAddress","streetAddress":"K\u00f6hlergasse 16-18","postalCode":"99842","addressLocality":"Ruhla","addressCountry":"DE"}},"knowsAbout":["Religionsgeschichte","Mythologie","Mediale Praxis","Energetische Diagnostik","Schutzpraxis","Volksglauben","Westliche Esoterik"]},{"@type":"Article","@id":"https:\/\/iwell-guard.com\/is\/frau-perchta\/#article","isPartOf":{"@id":"https:\/\/iwell-guard.com\/is\/frau-perchta\/"},"author":{"name":"Ralf Ittermann","@id":"https:\/\/iwell-guard.com\/is\/#\/schema\/person\/ee2a27f1cac3406c7c6fb5820cb7349f"},"headline":"Frau Perchta","datePublished":"2026-09-05T14:12:04+00:00","dateModified":"2026-09-05T14:57:31+00:00","mainEntityOfPage":{"@id":"https:\/\/iwell-guard.com\/is\/frau-perchta\/"},"publisher":{"@id":"https:\/\/iwell-guard.com\/is\/#organization"},"image":{"@id":"https:\/\/iwell-guard.com\/is\/frau-perchta\/#primaryimage"},"thumbnailUrl":"https:\/\/iwell-guard.com\/wp-content\/uploads\/2026\/07\/geister_alpin_perchta.webp","inLanguage":"is","description":"Hva\u00f0 eru Perchten? Uppruni og merking Rauhn\u00e4chte-veranna, Sch\u00f6nperchten og Schiachperchten, Perchtenlauf-g\u00f6ngurnar og munurinn \u00e1 \u00feeim og Krampus."}]}},"_links":{"self":[{"href":"https:\/\/iwell-guard.com\/is\/wp-json\/wp\/v2\/pages\/169826","targetHints":{"allow":["GET"]}}],"collection":[{"href":"https:\/\/iwell-guard.com\/is\/wp-json\/wp\/v2\/pages"}],"about":[{"href":"https:\/\/iwell-guard.com\/is\/wp-json\/wp\/v2\/types\/page"}],"author":[{"embeddable":true,"href":"https:\/\/iwell-guard.com\/is\/wp-json\/wp\/v2\/users\/3"}],"replies":[{"embeddable":true,"href":"https:\/\/iwell-guard.com\/is\/wp-json\/wp\/v2\/comments?post=169826"}],"version-history":[{"count":0,"href":"https:\/\/iwell-guard.com\/is\/wp-json\/wp\/v2\/pages\/169826\/revisions"}],"wp:featuredmedia":[{"embeddable":true,"href":"https:\/\/iwell-guard.com\/is\/wp-json\/wp\/v2\/media\/20517"}],"wp:attachment":[{"href":"https:\/\/iwell-guard.com\/is\/wp-json\/wp\/v2\/media?parent=169826"}],"wp:term":[{"taxonomy":"category","embeddable":true,"href":"https:\/\/iwell-guard.com\/is\/wp-json\/wp\/v2\/categories?post=169826"}],"curies":[{"name":"wp","href":"https:\/\/api.w.org\/{rel}","templated":true}]}}