{"id":169825,"date":"2026-09-05T14:12:04","date_gmt":"2026-09-05T14:12:04","guid":{"rendered":"https:\/\/iwell-guard.com\/?page_id=169825"},"modified":"2026-09-05T14:57:31","modified_gmt":"2026-09-05T14:57:31","slug":"krampus","status":"publish","type":"page","link":"https:\/\/iwell-guard.com\/is\/krampus\/","title":{"rendered":"Krampus"},"content":{"rendered":"\t\t<div data-elementor-type=\"wp-page\" data-elementor-id=\"169825\" class=\"elementor elementor-169825 elementor-20474\" data-elementor-post-type=\"page\">\n\t\t\t\t<div class=\"elementor-element elementor-element-10fdade e-flex e-con-boxed e-con e-parent\" data-id=\"10fdade\" data-element_type=\"container\" data-e-type=\"container\" data-settings=\"{&quot;background_background&quot;:&quot;classic&quot;}\">\n\t\t\t\t\t<div class=\"e-con-inner\">\n\t\t<div class=\"elementor-element elementor-element-herohlft0 e-flex e-con-boxed e-con e-child\" data-id=\"herohlft0\" data-element_type=\"container\" data-e-type=\"container\">\n\t\t\t\t\t<div class=\"e-con-inner\">\n\t\t<div class=\"elementor-element elementor-element-c3ceb64 e-con-full e-flex e-con e-child\" data-id=\"c3ceb64\" data-element_type=\"container\" data-e-type=\"container\">\n\t\t\t\t<div class=\"elementor-element elementor-element-96ae5e1 elementor-widget elementor-widget-heading\" data-id=\"96ae5e1\" data-element_type=\"widget\" data-e-type=\"widget\" data-widget_type=\"heading.default\">\n\t\t\t\t\t<h1 class=\"elementor-heading-title elementor-size-default\">Krampus, horngr\u00f3inn f\u00f6runautur heilags Nikul\u00e1ss<\/h1>\t\t\t\t<\/div>\n\t\t\t\t<div class=\"elementor-element elementor-element-e45238a elementor-widget elementor-widget-text-editor\" data-id=\"e45238a\" data-element_type=\"widget\" data-e-type=\"widget\" data-widget_type=\"text-editor.default\">\n\t\t\t\t\t\t\t\t\t<p>Krampus er <span class=\"iwg-fachbegriff\" data-tooltip=\"Andlegt vera sem eignu\u00f0 er ska\u00f0leg e\u00f0a tv\u00edbent \u00e1hrif.\" tabindex=\"0\">dj\u00f6full<\/span> alpahef\u00f0arinnar.<\/p><p><strong>Horngr\u00f3inn vetrardj\u00f6full me\u00f0 svipu, ke\u00f0ju og byr\u00f0u.<\/strong><\/p>\t\t\t\t\t\t\t\t<\/div>\n\t\t\t\t<\/div>\n\t\t<div class=\"elementor-element elementor-element-klsbdg01 e-con-full e-flex e-con e-child\" data-id=\"klsbdg01\" data-element_type=\"container\" data-e-type=\"container\">\n\t\t\t\t<div class=\"elementor-element elementor-element-klshtm01 elementor-widget elementor-widget-html\" data-id=\"klshtm01\" data-element_type=\"widget\" data-e-type=\"widget\" data-widget_type=\"html.default\">\n\t\t\t\t\t<div class=\"iwg-pill-row\"><span class=\"iwg-klasse-badge\" tabindex=\"0\" data-tooltip=\"Dj\u00f6full \/ dj\u00f6flynja: Yfirn\u00e1tt\u00faruleg vera me\u00f0 a\u00f0 mestu ska\u00f0leg e\u00f0a tv\u00edbent \u00e1hrif. Stendur milli gu\u00f0a og manna, veldur sj\u00fakd\u00f3mum, freistingum e\u00f0a \u00f3h\u00f6ppum og er hrakin burt me\u00f0 \u00e1k\u00f6llun, verndargripum og ath\u00f6fnum.\">Dj\u00f6full<\/span><a href=\"https:\/\/iwell-guard.com\/is\/?page_id=169862\" class=\"iwg-kultur-badge\" tabindex=\"0\" data-tooltip=\"Sagnaheimur Alpasv\u00e6\u00f0isins: B\u00e6jaraland, Austurr\u00edki, Sviss og Su\u00f0ur-T\u00fdr\u00f3l, fr\u00e1 alm-\u00f6ndum til vera Rauhn\u00e4chte.\">Alpasv\u00e6\u00f0i\u00f0<\/a><\/div>\t\t\t\t<\/div>\n\t\t\t\t<\/div>\n\t\t<div class=\"elementor-element elementor-element-3f74855 e-con-full e-flex e-con e-child\" data-id=\"3f74855\" data-element_type=\"container\" data-e-type=\"container\">\n\t\t\t\t<div class=\"elementor-element elementor-element-1c30362 elementor-toc--minimized-on-tablet elementor-widget elementor-widget-table-of-contents\" data-id=\"1c30362\" data-element_type=\"widget\" data-e-type=\"widget\" data-settings=\"{&quot;exclude_headings_by_selector&quot;:[],&quot;no_headings_message&quot;:&quot;Engar undirfyrirsagnir fundust \\u00e1 \\u00feessari s\\u00ed\\u00f0u.&quot;,&quot;headings_by_tags&quot;:[&quot;h2&quot;,&quot;h3&quot;],&quot;marker_view&quot;:&quot;bullets&quot;,&quot;icon&quot;:{&quot;value&quot;:&quot;fas fa-circle&quot;,&quot;library&quot;:&quot;fa-solid&quot;,&quot;rendered_tag&quot;:&quot;&lt;svg class=\\&quot;e-font-icon-svg e-fas-circle\\&quot; viewBox=\\&quot;0 0 512 512\\&quot; xmlns=\\&quot;http:\\\/\\\/www.w3.org\\\/2000\\\/svg\\&quot;&gt;&lt;path d=\\&quot;M256 8C119 8 8 119 8 256s111 248 248 248 248-111 248-248S393 8 256 8z\\&quot;&gt;&lt;\\\/path&gt;&lt;\\\/svg&gt;&quot;},&quot;minimize_box&quot;:&quot;yes&quot;,&quot;minimized_on&quot;:&quot;tablet&quot;,&quot;hierarchical_view&quot;:&quot;yes&quot;,&quot;min_height&quot;:{&quot;unit&quot;:&quot;px&quot;,&quot;size&quot;:&quot;&quot;,&quot;sizes&quot;:[]},&quot;min_height_tablet&quot;:{&quot;unit&quot;:&quot;px&quot;,&quot;size&quot;:&quot;&quot;,&quot;sizes&quot;:[]},&quot;min_height_mobile&quot;:{&quot;unit&quot;:&quot;px&quot;,&quot;size&quot;:&quot;&quot;,&quot;sizes&quot;:[]}}\" data-widget_type=\"table-of-contents.default\">\n\t\t\t\t\t\t\t\t\t<div class=\"elementor-toc__header\">\n\t\t\t\t\t\t<h2 class=\"elementor-toc__header-title\">\n\t\t\t\tEfnisyfirlit\t\t\t<\/h2>\n\t\t\t\t\t\t\t\t\t\t<div class=\"elementor-toc__toggle-button elementor-toc__toggle-button--expand\" role=\"button\" tabindex=\"0\" aria-controls=\"elementor-toc__1c30362\" aria-expanded=\"true\" aria-label=\"Open table of contents\"><svg aria-hidden=\"true\" class=\"e-font-icon-svg e-fas-chevron-down\" viewBox=\"0 0 448 512\" xmlns=\"http:\/\/www.w3.org\/2000\/svg\"><path d=\"M207.029 381.476L12.686 187.132c-9.373-9.373-9.373-24.569 0-33.941l22.667-22.667c9.357-9.357 24.522-9.375 33.901-.04L224 284.505l154.745-154.021c9.379-9.335 24.544-9.317 33.901.04l22.667 22.667c9.373 9.373 9.373 24.569 0 33.941L240.971 381.476c-9.373 9.372-24.569 9.372-33.942 0z\"><\/path><\/svg><\/div>\n\t\t\t\t<div class=\"elementor-toc__toggle-button elementor-toc__toggle-button--collapse\" role=\"button\" tabindex=\"0\" aria-controls=\"elementor-toc__1c30362\" aria-expanded=\"true\" aria-label=\"Close table of contents\"><svg aria-hidden=\"true\" class=\"e-font-icon-svg e-fas-chevron-up\" viewBox=\"0 0 448 512\" xmlns=\"http:\/\/www.w3.org\/2000\/svg\"><path d=\"M240.971 130.524l194.343 194.343c9.373 9.373 9.373 24.569 0 33.941l-22.667 22.667c-9.357 9.357-24.522 9.375-33.901.04L224 227.495 69.255 381.516c-9.379 9.335-24.544 9.317-33.901-.04l-22.667-22.667c-9.373-9.373-9.373-24.569 0-33.941L207.03 130.525c9.372-9.373 24.568-9.373 33.941-.001z\"><\/path><\/svg><\/div>\n\t\t\t\t\t<\/div>\n\t\t\t\t<div id=\"elementor-toc__1c30362\" class=\"elementor-toc__body\">\n\t\t\t<div class=\"elementor-toc__spinner-container\">\n\t\t\t\t<svg class=\"elementor-toc__spinner eicon-animation-spin e-font-icon-svg e-eicon-loading\" aria-hidden=\"true\" viewBox=\"0 0 1000 1000\" xmlns=\"http:\/\/www.w3.org\/2000\/svg\"><path d=\"M500 975V858C696 858 858 696 858 500S696 142 500 142 142 304 142 500H25C25 237 238 25 500 25S975 237 975 500 763 975 500 975Z\"><\/path><\/svg>\t\t\t<\/div>\n\t\t<\/div>\n\t\t\t\t\t\t<\/div>\n\t\t\t\t<\/div>\n\t\t\t\t\t<\/div>\n\t\t\t\t<\/div>\n\t\t<div class=\"elementor-element elementor-element-herorght0 e-con-full e-flex e-con e-child\" data-id=\"herorght0\" data-element_type=\"container\" data-e-type=\"container\">\n\t\t\t\t<div class=\"elementor-element elementor-element-heroimg00 iwg-hero-image elementor-widget elementor-widget-image\" data-id=\"heroimg00\" data-element_type=\"widget\" data-e-type=\"widget\" data-widget_type=\"image.default\">\n\t\t\t\t\t\t\t\t\t\t\t\t\t\t\t<img fetchpriority=\"high\" decoding=\"async\" width=\"683\" height=\"1024\" src=\"https:\/\/iwell-guard.com\/wp-content\/uploads\/2026\/07\/daemonen_alpin_krampus-683x1024.webp\" class=\"attachment-large size-large wp-image-169898\" alt=\"Krampus - Dj\u00f6flar \u00far alpaskri hef\u00f0, s\u00f6guleg myndskreyting\" srcset=\"https:\/\/iwell-guard.com\/wp-content\/uploads\/2026\/07\/daemonen_alpin_krampus-683x1024.webp 683w, https:\/\/iwell-guard.com\/wp-content\/uploads\/2026\/07\/daemonen_alpin_krampus-200x300.webp 200w, https:\/\/iwell-guard.com\/wp-content\/uploads\/2026\/07\/daemonen_alpin_krampus-768x1152.webp 768w, https:\/\/iwell-guard.com\/wp-content\/uploads\/2026\/07\/daemonen_alpin_krampus.webp 1024w\" sizes=\"(max-width: 683px) 100vw, 683px\" \/>\t\t\t\t\t\t\t\t\t\t\t\t\t\t\t<\/div>\n\t\t\t\t<\/div>\n\t\t\t\t\t<\/div>\n\t\t\t\t<\/div>\n\t\t<div class=\"elementor-element elementor-element-32917199 e-flex e-con-boxed e-con e-parent\" data-id=\"32917199\" data-element_type=\"container\" data-e-type=\"container\">\n\t\t\t\t\t<div class=\"e-con-inner\">\n\t\t<div class=\"elementor-element elementor-element-26e916cb e-flex e-con-boxed e-con e-child\" data-id=\"26e916cb\" data-element_type=\"container\" data-e-type=\"container\">\n\t\t\t\t\t<div class=\"e-con-inner\">\n\t\t<div class=\"elementor-element elementor-element-253a40d4 e-flex e-con-boxed e-con e-child\" data-id=\"253a40d4\" data-element_type=\"container\" data-e-type=\"container\">\n\t\t\t\t\t<div class=\"e-con-inner\">\n\t\t\t\t<div class=\"elementor-element elementor-element-1200c304 elementor-widget elementor-widget-heading\" data-id=\"1200c304\" data-element_type=\"widget\" data-e-type=\"widget\" data-widget_type=\"heading.default\">\n\t\t\t\t\t<div class=\"elementor-heading-title elementor-size-default\">Krampus<\/div>\t\t\t\t<\/div>\n\t\t\t\t<div class=\"elementor-element elementor-element-11758e7f elementor-widget elementor-widget-text-editor\" data-id=\"11758e7f\" data-element_type=\"widget\" data-e-type=\"widget\" data-widget_type=\"text-editor.default\">\n\t\t\t\t\t\t\t\t\t<p>Krampus er hin d\u00f6kka f\u00f6runautarpers\u00f3na heilags Nikul\u00e1ss \u00e1 Austurr\u00edkis-Alpasv\u00e6\u00f0inu: horngr\u00f3inn, h\u00e6r\u00f0ur og b\u00fainn ke\u00f0ju og svipu, me\u00f0an Nikul\u00e1s gefur g\u00f3\u00f0um b\u00f6rnum gjafir. Myndr\u00e6nar heimildir um veruna eru fr\u00e1 1582 \u00ed Die\u00dfen am Ammersee, en sem sj\u00e1lfst\u00e6\u00f0 spilamynd er h\u00fan ekki \u00feekkt fyrr en um mi\u00f0ja 19. \u00f6ld.<\/p><p>\u00cd Krampus-g\u00f6ngunum fr\u00e1 Salzburg til K\u00e4rnten kemur hann enn \u00ed dag fram sem h\u00e1v\u00e6r, \u00f3gnvekjandi dj\u00f6fullega vetrarvera, me\u00f0 \u00fatskorinni tr\u00e9andliti, glamrandi ke\u00f0ju og svipu \u00far birkigreinum. N\u00f3ttin 5. desember, kv\u00f6ldi\u00f0 fyrir Nikul\u00e1sardag, er hans fasta framkomun\u00f3tt.<\/p>\t\t\t\t\t\t\t\t<\/div>\n\t\t\t\t\t<\/div>\n\t\t\t\t<\/div>\n\t\t<div class=\"elementor-element elementor-element-159dcf9a e-flex e-con-boxed e-con e-child\" data-id=\"159dcf9a\" data-element_type=\"container\" data-e-type=\"container\">\n\t\t\t\t\t<div class=\"e-con-inner\">\n\t\t\t\t<div class=\"elementor-element elementor-element-48cee66f elementor-widget elementor-widget-heading\" data-id=\"48cee66f\" data-element_type=\"widget\" data-e-type=\"widget\" data-widget_type=\"heading.default\">\n\t\t\t\t\t<div class=\"elementor-heading-title elementor-size-default\">\u00cd hnotskurn: Krampus<\/div>\t\t\t\t<\/div>\n\t\t\t\t<div class=\"elementor-element elementor-element-3f50d82c elementor-widget elementor-widget-text-editor\" data-id=\"3f50d82c\" data-element_type=\"widget\" data-e-type=\"widget\" data-widget_type=\"text-editor.default\">\n\t\t\t\t\t\t\t\t\t<p><strong>Tegund:<\/strong> Vetrardj\u00f6full og f\u00f6runautarpers\u00f3na Nikul\u00e1ss<br>Uppruni: Austurr\u00edkis-Alpasv\u00e6\u00f0i\u00f0, myndr\u00e6nar heimildir fr\u00e1 1582 \u00ed Die\u00dfen am Ammersee<br>Textar: kirkjulegar banntilkynningar fr\u00e1 17. \u00f6ld, Krampus-spj\u00f6ld fr\u00e1 um 1850<br>T\u00edmabil: sem spilamynd fr\u00e1 mi\u00f0ri 19. \u00f6ld, hef\u00f0in lifir enn \u00ed dag<br>\u00datlit: horngr\u00f3in, h\u00e6r\u00f0 vera me\u00f0 tr\u00e9andliti, ke\u00f0ju, svipu og byr\u00f0u<\/p>\t\t\t\t\t\t\t\t<\/div>\n\t\t\t\t\t<\/div>\n\t\t\t\t<\/div>\n\t\t\t\t\t<\/div>\n\t\t\t\t<\/div>\n\t\t\t\t\t<\/div>\n\t\t\t\t<\/div>\n\t\t<div class=\"elementor-element elementor-element-18613602 e-flex e-con-boxed e-con e-parent\" data-id=\"18613602\" data-element_type=\"container\" data-e-type=\"container\">\n\t\t\t\t\t<div class=\"e-con-inner\">\n\t\t\t\t<div class=\"elementor-element elementor-element-262b8a9f elementor-widget elementor-widget-heading\" data-id=\"262b8a9f\" data-element_type=\"widget\" data-e-type=\"widget\" data-widget_type=\"heading.default\">\n\t\t\t\t\t<h2 class=\"elementor-heading-title elementor-size-default\">S\u00f6guleg bakgrunnsuppl\u00fdsingar<\/h2>\t\t\t\t<\/div>\n\t\t<div class=\"elementor-element elementor-element-46dcb7d e-con-full e-flex e-con e-child\" data-id=\"46dcb7d\" data-element_type=\"container\" data-e-type=\"container\">\n\t\t<div class=\"elementor-element elementor-element-61d3ab3 e-flex e-con-boxed e-con e-child\" data-id=\"61d3ab3\" data-element_type=\"container\" data-e-type=\"container\">\n\t\t\t\t\t<div class=\"e-con-inner\">\n\t\t\t\t<div class=\"elementor-element elementor-element-117c166 elementor-widget elementor-widget-heading\" data-id=\"117c166\" data-element_type=\"widget\" data-e-type=\"widget\" data-widget_type=\"heading.default\">\n\t\t\t\t\t<h3 class=\"elementor-heading-title elementor-size-default\">T\u00edmabil textanna<\/h3>\t\t\t\t<\/div>\n\t\t\t\t<div class=\"elementor-element elementor-element-73997a0 elementor-widget elementor-widget-text-editor\" data-id=\"73997a0\" data-element_type=\"widget\" data-e-type=\"widget\" data-widget_type=\"text-editor.default\">\n\t\t\t\t\t\t\t\t\t<p>Myndr\u00e6nar heimildir eru fr\u00e1 1582 \u00ed Die\u00dfen am Ammersee, en sem sj\u00e1lfst\u00e6\u00f0 spilamynd er h\u00fan ekki \u00feekkt fyrr en um mi\u00f0ja 19. \u00f6ld. Kirkjulegar banntilkynningar n\u00e1 aftur til 17. aldar.<\/p>\t\t\t\t\t\t\t\t<\/div>\n\t\t\t\t\t<\/div>\n\t\t\t\t<\/div>\n\t\t<div class=\"elementor-element elementor-element-d47b156 e-flex e-con-boxed e-con e-child\" data-id=\"d47b156\" data-element_type=\"container\" data-e-type=\"container\">\n\t\t\t\t\t<div class=\"e-con-inner\">\n\t\t\t\t<div class=\"elementor-element elementor-element-ff38c2b elementor-widget elementor-widget-heading\" data-id=\"ff38c2b\" data-element_type=\"widget\" data-e-type=\"widget\" data-widget_type=\"heading.default\">\n\t\t\t\t\t<h3 class=\"elementor-heading-title elementor-size-default\">\u00datbrei\u00f0slusv\u00e6\u00f0i<\/h3>\t\t\t\t<\/div>\n\t\t\t\t<div class=\"elementor-element elementor-element-4e49fcc elementor-widget elementor-widget-text-editor\" data-id=\"4e49fcc\" data-element_type=\"widget\" data-e-type=\"widget\" data-widget_type=\"text-editor.default\">\n\t\t\t\t\t\t\t\t\t<p>Salzburg, T\u00fdr\u00f3l, K\u00e4rnten, Steiermark, B\u00e6jaraland og Su\u00f0ur-T\u00fdr\u00f3l: Krampus er \u00feekktur um allt Austurr\u00edkis-Alpasv\u00e6\u00f0i\u00f0 og n\u00e1l\u00e6g sv\u00e6\u00f0i \u00ed B\u00e6jaralandi.<\/p>\t\t\t\t\t\t\t\t<\/div>\n\t\t\t\t\t<\/div>\n\t\t\t\t<\/div>\n\t\t\t\t<\/div>\n\t\t<div class=\"elementor-element elementor-element-db03c39 e-con-full e-flex e-con e-child\" data-id=\"db03c39\" data-element_type=\"container\" data-e-type=\"container\">\n\t\t<div class=\"elementor-element elementor-element-229a87b e-flex e-con-boxed e-con e-child\" data-id=\"229a87b\" data-element_type=\"container\" data-e-type=\"container\">\n\t\t\t\t\t<div class=\"e-con-inner\">\n\t\t\t\t<div class=\"elementor-element elementor-element-1f471fc elementor-widget elementor-widget-heading\" data-id=\"1f471fc\" data-element_type=\"widget\" data-e-type=\"widget\" data-widget_type=\"heading.default\">\n\t\t\t\t\t<h3 class=\"elementor-heading-title elementor-size-default\">Heimildasta\u00f0a<\/h3>\t\t\t\t<\/div>\n\t\t\t\t<div class=\"elementor-element elementor-element-36b1201 elementor-widget elementor-widget-text-editor\" data-id=\"36b1201\" data-element_type=\"widget\" data-e-type=\"widget\" data-widget_type=\"text-editor.default\">\n\t\t\t\t\t\t\t\t\t<p>Vel skjalfest me\u00f0 kirkjulegum banntilkynningum fr\u00e1 17. \u00f6ld, Krampus-spj\u00f6ldum fr\u00e1 um 1850 og \u00fej\u00f3\u00f0h\u00e1ttafr\u00e6\u00f0ilegum l\u00fdsingum \u00e1 Krampus- og Perchten-g\u00f6ngum.<\/p>\t\t\t\t\t\t\t\t<\/div>\n\t\t\t\t\t<\/div>\n\t\t\t\t<\/div>\n\t\t\t\t<\/div>\n\t\t\t\t\t<\/div>\n\t\t\t\t<\/div>\n\t\t<div class=\"elementor-element elementor-element-3ae0637c e-flex e-con-boxed e-con e-parent\" data-id=\"3ae0637c\" data-element_type=\"container\" data-e-type=\"container\">\n\t\t\t\t\t<div class=\"e-con-inner\">\n\t\t\t\t<div class=\"elementor-element elementor-element-31d07739 elementor-widget elementor-widget-heading\" data-id=\"31d07739\" data-element_type=\"widget\" data-e-type=\"widget\" data-widget_type=\"heading.default\">\n\t\t\t\t\t<h2 class=\"elementor-heading-title elementor-size-default\">Nafn og afbrig\u00f0i<\/h2>\t\t\t\t<\/div>\n\t\t<div class=\"elementor-element elementor-element-b7642947 e-con-full e-flex e-con e-child\" data-id=\"b7642947\" data-element_type=\"container\" data-e-type=\"container\">\n\t\t\t\t<div class=\"elementor-element elementor-element-a086266 elementor-widget elementor-widget-text-editor\" data-id=\"a086266\" data-element_type=\"widget\" data-e-type=\"widget\" data-widget_type=\"text-editor.default\">\n\t\t\t\t\t\t\t\t\t<p><strong>B\u00e6verskt-austurr\u00edskt:<\/strong> Nafni\u00f0 er oftast raki\u00f0 til or\u00f0sins Krampen, sem v\u00edsar til hins skorpna e\u00f0a kl\u00f3arkennds, \u00ed \u00e6tt vi\u00f0 mi\u00f0l\u00e1g\u00fe\u00fdska krampe, kr\u00f3k. Hin n\u00e1kv\u00e6ma uppruni telst ekki fullkomlega sta\u00f0festur.<\/p>\t\t\t\t\t\t\t\t<\/div>\n\t\t\t\t<\/div>\n\t\t\t\t\t<\/div>\n\t\t\t\t<\/div>\n\t\t<div class=\"elementor-element elementor-element-709a44a8 e-flex e-con-boxed e-con e-parent\" data-id=\"709a44a8\" data-element_type=\"container\" data-e-type=\"container\">\n\t\t\t\t\t<div class=\"e-con-inner\">\n\t\t\t\t<div class=\"elementor-element elementor-element-2f585873 elementor-widget elementor-widget-heading\" data-id=\"2f585873\" data-element_type=\"widget\" data-e-type=\"widget\" data-widget_type=\"heading.default\">\n\t\t\t\t\t<h2 class=\"elementor-heading-title elementor-size-default\">\u00datlit og t\u00e1knm\u00e1l<\/h2>\t\t\t\t<\/div>\n\t\t<div class=\"elementor-element elementor-element-70621c12 e-con-full e-flex e-con e-child\" data-id=\"70621c12\" data-element_type=\"container\" data-e-type=\"container\">\n\t\t\t\t<div class=\"elementor-element elementor-element-4296eb49 elementor-widget elementor-widget-text-editor\" data-id=\"4296eb49\" data-element_type=\"widget\" data-e-type=\"widget\" data-widget_type=\"text-editor.default\">\n\t\t\t\t\t\t\t\t\t<p><strong>\u00datlit<\/strong><\/p><p>Horngr\u00f3inn, langtunga\u00f0ur og h\u00e6r\u00f0ur; andliti\u00f0 er hef\u00f0bundi\u00f0 skori\u00f0 \u00far furuvi\u00f0i e\u00f0a lindivi\u00f0i, og hver h\u00f3pur hefur s\u00ednar eigin andlitshef\u00f0ir. Einkennandi eru glamrandi ke\u00f0jan, svipan \u00far birkigreinum og byr\u00f0in \u00e1 bakinu.<\/p><p><strong>\u00c1hrif<\/strong><\/p><p>Samsetning h\u00e1va\u00f0a, h\u00e1rs og ke\u00f0ju gerir hann b\u00e6\u00f0i a\u00f0 sigra\u00f0ri og sigrandi veru: vetrardj\u00f6full \u00ed \u00fej\u00f3nustu Nikul\u00e1ss, sem heldur s\u00fdnilega upprunalegri \u00f3gn sinni. \u00c1 st\u00f6ku sta\u00f0 eykur bj\u00f6lluspenni h\u00e1va\u00f0ann vi\u00f0 framkomu hans enn frekar.<\/p>\t\t\t\t\t\t\t\t<\/div>\n\t\t\t\t<\/div>\n\t\t\t\t\t<\/div>\n\t\t\t\t<\/div>\n\t\t<div class=\"elementor-element elementor-element-44e71476 e-flex e-con-boxed e-con e-parent\" data-id=\"44e71476\" data-element_type=\"container\" data-e-type=\"container\">\n\t\t\t\t\t<div class=\"e-con-inner\">\n\t\t\t\t<div class=\"elementor-element elementor-element-3c1fc3f0 elementor-widget elementor-widget-heading\" data-id=\"3c1fc3f0\" data-element_type=\"widget\" data-e-type=\"widget\" data-widget_type=\"heading.default\">\n\t\t\t\t\t<h2 class=\"elementor-heading-title elementor-size-default\">Yfirlit: Krampus<\/h2>\t\t\t\t<\/div>\n\t\t<div class=\"elementor-element elementor-element-84f33b8e e-con-full e-flex e-con e-child\" data-id=\"84f33b8e\" data-element_type=\"container\" data-e-type=\"container\">\n\t\t\t\t<div class=\"elementor-element elementor-element-hqkdc67p elementor-widget elementor-widget-text-editor\" data-id=\"hqkdc67p\" data-element_type=\"widget\" data-e-type=\"widget\" data-widget_type=\"text-editor.default\">\n\t\t\t\t\t\t\t\t\t<p>Mikilv\u00e6gustu atri\u00f0i svipuv\u00e9ru \u00ed hnotskurn.<\/p>\t\t\t\t\t\t\t\t<\/div>\n\t\t\t\t<\/div>\n\t\t<div class=\"elementor-element elementor-element-pemmx7c5 e-con-full e-flex e-con e-child\" data-id=\"pemmx7c5\" data-element_type=\"container\" data-e-type=\"container\">\n\t\t<div class=\"elementor-element elementor-element-pemmx7c1 e-con-full e-flex e-con e-child\" data-id=\"pemmx7c1\" data-element_type=\"container\" data-e-type=\"container\">\n\t\t<div class=\"elementor-element elementor-element-qh9oavvu iwg-steckbrief-card e-flex e-con-boxed e-con e-child\" data-id=\"qh9oavvu\" data-element_type=\"container\" data-e-type=\"container\">\n\t\t\t\t\t<div class=\"e-con-inner\">\n\t\t\t\t<div class=\"elementor-element elementor-element-awzx8k2k elementor-widget elementor-widget-heading\" data-id=\"awzx8k2k\" data-element_type=\"widget\" data-e-type=\"widget\" data-widget_type=\"heading.default\">\n\t\t\t\t\t<div class=\"elementor-heading-title elementor-size-default\">Hef\u00f0<\/div>\t\t\t\t<\/div>\n\t\t\t\t<div class=\"elementor-element elementor-element-x6rowhv0 elementor-widget elementor-widget-text-editor\" data-id=\"x6rowhv0\" data-element_type=\"widget\" data-e-type=\"widget\" data-widget_type=\"text-editor.default\">\n\t\t\t\t\t\t\t\t\t<p>Vetrarleg f\u00f6runautarpers\u00f3na Nikul\u00e1ss \u00e1 Austurr\u00edkis-Alpasv\u00e6\u00f0inu, sem fr\u00e1 gagnbyltingunni hefur veri\u00f0 fast m\u00f3tsagnapar launa og hegningar.<\/p>\t\t\t\t\t\t\t\t<\/div>\n\t\t\t\t\t<\/div>\n\t\t\t\t<\/div>\n\t\t<div class=\"elementor-element elementor-element-8e3o4kxs iwg-steckbrief-card e-flex e-con-boxed e-con e-child\" data-id=\"8e3o4kxs\" data-element_type=\"container\" data-e-type=\"container\">\n\t\t\t\t\t<div class=\"e-con-inner\">\n\t\t\t\t<div class=\"elementor-element elementor-element-08rkdgov elementor-widget elementor-widget-heading\" data-id=\"08rkdgov\" data-element_type=\"widget\" data-e-type=\"widget\" data-widget_type=\"heading.default\">\n\t\t\t\t\t<div class=\"elementor-heading-title elementor-size-default\">Tengt vi\u00f0<\/div>\t\t\t\t<\/div>\n\t\t\t\t<div class=\"elementor-element elementor-element-uwjelx8s elementor-widget elementor-widget-text-editor\" data-id=\"uwjelx8s\" data-element_type=\"widget\" data-e-type=\"widget\" data-widget_type=\"text-editor.default\">\n\t\t\t\t\t\t\t\t\t<p>\u00d3\u00feekk b\u00f6rn eru yfirl\u00fdstur skotmark h\u00f3tunarinnar, en \u00ed g\u00f6ngunni auk \u00feess allur samankomni \u00e1horfendah\u00f3pur Krampus-gangna.<\/p>\t\t\t\t\t\t\t\t<\/div>\n\t\t\t\t\t<\/div>\n\t\t\t\t<\/div>\n\t\t<div class=\"elementor-element elementor-element-jm2n74ec iwg-steckbrief-card e-flex e-con-boxed e-con e-child\" data-id=\"jm2n74ec\" data-element_type=\"container\" data-e-type=\"container\">\n\t\t\t\t\t<div class=\"e-con-inner\">\n\t\t\t\t<div class=\"elementor-element elementor-element-8vufse4c elementor-widget elementor-widget-heading\" data-id=\"8vufse4c\" data-element_type=\"widget\" data-e-type=\"widget\" data-widget_type=\"heading.default\">\n\t\t\t\t\t<div class=\"elementor-heading-title elementor-size-default\">Framsetning<\/div>\t\t\t\t<\/div>\n\t\t\t\t<div class=\"elementor-element elementor-element-mwb9u015 elementor-widget elementor-widget-text-editor\" data-id=\"mwb9u015\" data-element_type=\"widget\" data-e-type=\"widget\" data-widget_type=\"text-editor.default\">\n\t\t\t\t\t\t\t\t\t<p>\u00datskori\u00f0 tr\u00e9andlit, h\u00e1r, ke\u00f0ja, svipa \u00far birkigreinum og byr\u00f0in \u00e1 bakinu; hornform og tungulengd eru breytileg milli h\u00f3pa.<\/p>\t\t\t\t\t\t\t\t<\/div>\n\t\t\t\t\t<\/div>\n\t\t\t\t<\/div>\n\t\t\t\t<\/div>\n\t\t<div class=\"elementor-element elementor-element-pemmx7c2 e-con-full e-flex e-con e-child\" data-id=\"pemmx7c2\" data-element_type=\"container\" data-e-type=\"container\">\n\t\t<div class=\"elementor-element elementor-element-37ss2yr6 iwg-steckbrief-card e-flex e-con-boxed e-con e-child\" data-id=\"37ss2yr6\" data-element_type=\"container\" data-e-type=\"container\">\n\t\t\t\t\t<div class=\"e-con-inner\">\n\t\t\t\t<div class=\"elementor-element elementor-element-3v0wp3wx elementor-widget elementor-widget-heading\" data-id=\"3v0wp3wx\" data-element_type=\"widget\" data-e-type=\"widget\" data-widget_type=\"heading.default\">\n\t\t\t\t\t<div class=\"elementor-heading-title elementor-size-default\">Hlutverk<\/div>\t\t\t\t<\/div>\n\t\t\t\t<div class=\"elementor-element elementor-element-w3247g2m elementor-widget elementor-widget-text-editor\" data-id=\"w3247g2m\" data-element_type=\"widget\" data-e-type=\"widget\" data-widget_type=\"text-editor.default\">\n\t\t\t\t\t\t\t\t\t<p>Hegnandi andst\u00e6\u00f0upers\u00f3na vi\u00f0 hinn launandi Nikul\u00e1s, me\u00f0 eldra hlutverk sem farandi vetrarvofa sem \u00f3ttast var \u00e1 Rauhn\u00e4chte.<\/p>\t\t\t\t\t\t\t\t<\/div>\n\t\t\t\t\t<\/div>\n\t\t\t\t<\/div>\n\t\t<div class=\"elementor-element elementor-element-0qpjal9w iwg-steckbrief-card e-flex e-con-boxed e-con e-child\" data-id=\"0qpjal9w\" data-element_type=\"container\" data-e-type=\"container\">\n\t\t\t\t\t<div class=\"e-con-inner\">\n\t\t\t\t<div class=\"elementor-element elementor-element-6ndoih0o elementor-widget elementor-widget-heading\" data-id=\"6ndoih0o\" data-element_type=\"widget\" data-e-type=\"widget\" data-widget_type=\"heading.default\">\n\t\t\t\t\t<div class=\"elementor-heading-title elementor-size-default\">Varnarform<\/div>\t\t\t\t<\/div>\n\t\t\t\t<div class=\"elementor-element elementor-element-6684tyh9 elementor-widget elementor-widget-text-editor\" data-id=\"6684tyh9\" data-element_type=\"widget\" data-e-type=\"widget\" data-widget_type=\"text-editor.default\">\n\t\t\t\t\t\t\t\t\t<p>Reyking me\u00f0 reykelsi, h\u00e1va\u00f0i \u00far bj\u00f6llum og ke\u00f0jum, kirkjuleg blochsblessun og v\u00edgt vatn \u00ed kringum Nikul\u00e1sardag.<\/p>\t\t\t\t\t\t\t\t<\/div>\n\t\t\t\t\t<\/div>\n\t\t\t\t<\/div>\n\t\t<div class=\"elementor-element elementor-element-3lfi7x32 iwg-steckbrief-card e-flex e-con-boxed e-con e-child\" data-id=\"3lfi7x32\" data-element_type=\"container\" data-e-type=\"container\">\n\t\t\t\t\t<div class=\"e-con-inner\">\n\t\t\t\t<div class=\"elementor-element elementor-element-0kg99ga1 elementor-widget elementor-widget-heading\" data-id=\"0kg99ga1\" data-element_type=\"widget\" data-e-type=\"widget\" data-widget_type=\"heading.default\">\n\t\t\t\t\t<div class=\"elementor-heading-title elementor-size-default\">Samb\u00e6rilegt<\/div>\t\t\t\t<\/div>\n\t\t\t\t<div class=\"elementor-element elementor-element-n0fum6kp elementor-widget elementor-widget-text-editor\" data-id=\"n0fum6kp\" data-element_type=\"widget\" data-e-type=\"widget\" data-widget_type=\"text-editor.default\">\n\t\t\t\t\t\t\t\t\t<p>Japanski <a href=\"https:\/\/iwell-guard.com\/is\/oni\/\">Oni<\/a> er fjarl\u00e6gt samanbur\u00f0ard\u00e6mi um athafnabundna dj\u00f6flareksun, auk sta\u00f0bundinna \u00e6ttingja \u00e1 bor\u00f0 vi\u00f0 Klaubauf og Buttnmandl.<\/p>\t\t\t\t\t\t\t\t<\/div>\n\t\t\t\t\t<\/div>\n\t\t\t\t<\/div>\n\t\t\t\t<\/div>\n\t\t\t\t<\/div>\n\t\t\t\t\t<\/div>\n\t\t\t\t<\/div>\n\t\t<div class=\"elementor-element elementor-element-15d411e e-flex e-con-boxed e-con e-parent\" data-id=\"15d411e\" data-element_type=\"container\" data-e-type=\"container\">\n\t\t\t\t\t<div class=\"e-con-inner\">\n\t\t\t\t<div class=\"elementor-element elementor-element- elementor-widget elementor-widget-heading\" data-id=\"\" data-element_type=\"widget\" data-e-type=\"widget\" data-widget_type=\"heading.default\">\n\t\t\t\t\t<h2 class=\"elementor-heading-title elementor-size-default\">T\u00falkun: hrollur me\u00f0 hlutverk<\/h2>\t\t\t\t<\/div>\n\t\t<div class=\"elementor-element elementor-element- e-con-full e-flex e-con e-child\" data-id=\"\" data-element_type=\"container\" data-e-type=\"container\">\n\t\t\t\t<div class=\"elementor-element elementor-element- elementor-widget elementor-widget-text-editor\" data-id=\"\" data-element_type=\"widget\" data-e-type=\"widget\" data-widget_type=\"text-editor.default\">\n\t\t\t\t\t\t\t\t\t<p>Tr\u00faarbrag\u00f0afr\u00e6\u00f0in les Krampus sem st\u00fdr\u00f0a hrollvekjuveru. Si\u00f0urinn birtir \u00f3gn \u00e1 st\u00fdr\u00f0an h\u00e1tt, bindur hana vi\u00f0 reglur og leysir hana upp \u00ed lokin. Barni\u00f0 upplifir h\u00f3tunina, en einnig a\u00f0 h\u00fan gengur yfir og a\u00f0 hinn heilagi hafi s\u00ed\u00f0asta or\u00f0i\u00f0.<\/p><p>Vi\u00f0 \u00feetta b\u00e6tist verndandi (ap\u00f3tr\u00f3p\u00edsk) t\u00falkun, \u00fe.e. skilningur \u00e1 h\u00e1va\u00f0a og gr\u00edmu sem v\u00f6rn gegn b\u00f6li. Bj\u00f6llur, \u00f3p og hr\u00e6\u00f0sluandlit eiga \u00feannig a\u00f0 halda hinu d\u00f6kka \u00ed vetrart\u00edmanum \u00ed fjarl\u00e6g\u00f0. \u00deessi t\u00falkun er algeng, en sem s\u00f6guleg sk\u00fdring \u00e1 si\u00f0num er h\u00fan enn tilg\u00e1ta.<\/p><p>Athyglisvert er tv\u00f6falt hlutverk v\u00e6ttarins: Krampus birtir hi\u00f0 h\u00f3tandi og bindur \u00fea\u00f0 \u00e1 sama t\u00edma. S\u00e1 sem ber gr\u00edmuna gerir hrollinn vi\u00f0r\u00e1\u00f0anlegan. N\u00e1kv\u00e6mlega \u00feessi r\u00f6kfr\u00e6\u00f0i tengir Alpasi\u00f0inn vi\u00f0 verndarh\u00e6tti margra menningarheima sem gefa b\u00f6li andlit til a\u00f0 stj\u00f3rna \u00fev\u00ed.<\/p>\t\t\t\t\t\t\t\t<\/div>\n\t\t\t\t<\/div>\n\t\t\t\t\t<\/div>\n\t\t\t\t<\/div>\n\t\t<div class=\"elementor-element elementor-element-48c3e6f e-flex e-con-boxed e-con e-parent\" data-id=\"48c3e6f\" data-element_type=\"container\" data-e-type=\"container\">\n\t\t\t\t\t<div class=\"e-con-inner\">\n\t\t\t\t<div class=\"elementor-element elementor-element- elementor-widget elementor-widget-heading\" data-id=\"\" data-element_type=\"widget\" data-e-type=\"widget\" data-widget_type=\"heading.default\">\n\t\t\t\t\t<h2 class=\"elementor-heading-title elementor-size-default\">T\u00falkun: hrollur me\u00f0 hlutverk<\/h2>\t\t\t\t<\/div>\n\t\t<div class=\"elementor-element elementor-element- e-con-full e-flex e-con e-child\" data-id=\"\" data-element_type=\"container\" data-e-type=\"container\">\n\t\t\t\t<div class=\"elementor-element elementor-element- elementor-widget elementor-widget-text-editor\" data-id=\"\" data-element_type=\"widget\" data-e-type=\"widget\" data-widget_type=\"text-editor.default\">\n\t\t\t\t\t\t\t\t\t<p>Tr\u00faarbrag\u00f0afr\u00e6\u00f0in les Krampus sem st\u00fdr\u00f0a hrollvekjuveru. Si\u00f0urinn birtir \u00f3gn \u00e1 st\u00fdr\u00f0an h\u00e1tt, bindur hana vi\u00f0 reglur og leysir hana upp \u00ed lokin. Barni\u00f0 upplifir h\u00f3tunina, en einnig a\u00f0 h\u00fan gengur yfir og a\u00f0 hinn heilagi hafi s\u00ed\u00f0asta or\u00f0i\u00f0.<\/p><p>Vi\u00f0 \u00feetta b\u00e6tist verndandi (ap\u00f3tr\u00f3p\u00edsk) t\u00falkun, \u00fe.e. skilningur \u00e1 h\u00e1va\u00f0a og gr\u00edmu sem v\u00f6rn gegn b\u00f6li. Bj\u00f6llur, \u00f3p og hr\u00e6\u00f0sluandlit eiga \u00feannig a\u00f0 halda hinu d\u00f6kka \u00ed vetrart\u00edmanum \u00ed fjarl\u00e6g\u00f0. \u00deessi t\u00falkun er algeng, en sem s\u00f6guleg sk\u00fdring \u00e1 si\u00f0num er h\u00fan enn tilg\u00e1ta.<\/p><p>Athyglisvert er tv\u00f6falt hlutverk v\u00e6ttarins: Krampus birtir hi\u00f0 h\u00f3tandi og bindur \u00fea\u00f0 \u00e1 sama t\u00edma. S\u00e1 sem ber gr\u00edmuna gerir hrollinn vi\u00f0r\u00e1\u00f0anlegan. N\u00e1kv\u00e6mlega \u00feessi r\u00f6kfr\u00e6\u00f0i tengir Alpasi\u00f0inn vi\u00f0 verndarh\u00e6tti margra menningarheima sem gefa b\u00f6li andlit til a\u00f0 stj\u00f3rna \u00fev\u00ed.<\/p>\t\t\t\t\t\t\t\t<\/div>\n\t\t\t\t<\/div>\n\t\t\t\t\t<\/div>\n\t\t\t\t<\/div>\n\t\t<div class=\"elementor-element elementor-element-44e12e3 e-flex e-con-boxed e-con e-parent\" data-id=\"44e12e3\" data-element_type=\"container\" data-e-type=\"container\">\n\t\t\t\t\t<div class=\"e-con-inner\">\n\t\t\t\t<div class=\"elementor-element elementor-element- elementor-widget elementor-widget-heading\" data-id=\"\" data-element_type=\"widget\" data-e-type=\"widget\" data-widget_type=\"heading.default\">\n\t\t\t\t\t<h2 class=\"elementor-heading-title elementor-size-default\">T\u00falkun: hrollur me\u00f0 hlutverk<\/h2>\t\t\t\t<\/div>\n\t\t<div class=\"elementor-element elementor-element- e-con-full e-flex e-con e-child\" data-id=\"\" data-element_type=\"container\" data-e-type=\"container\">\n\t\t\t\t<div class=\"elementor-element elementor-element- elementor-widget elementor-widget-text-editor\" data-id=\"\" data-element_type=\"widget\" data-e-type=\"widget\" data-widget_type=\"text-editor.default\">\n\t\t\t\t\t\t\t\t\t<p>Tr\u00faarbrag\u00f0afr\u00e6\u00f0in les Krampus sem st\u00fdr\u00f0a hrollvekjuveru. Si\u00f0urinn birtir \u00f3gn \u00e1 st\u00fdr\u00f0an h\u00e1tt, bindur hana vi\u00f0 reglur og leysir hana upp \u00ed lokin. Barni\u00f0 upplifir h\u00f3tunina, en einnig a\u00f0 h\u00fan gengur yfir og a\u00f0 hinn heilagi hafi s\u00ed\u00f0asta or\u00f0i\u00f0.<\/p><p>Vi\u00f0 \u00feetta b\u00e6tist verndandi (ap\u00f3tr\u00f3p\u00edsk) t\u00falkun, \u00fe.e. skilningur \u00e1 h\u00e1va\u00f0a og gr\u00edmu sem v\u00f6rn gegn b\u00f6li. Bj\u00f6llur, \u00f3p og hr\u00e6\u00f0sluandlit eiga \u00feannig a\u00f0 halda hinu d\u00f6kka \u00ed vetrart\u00edmanum \u00ed fjarl\u00e6g\u00f0. \u00deessi t\u00falkun er algeng, en sem s\u00f6guleg sk\u00fdring \u00e1 si\u00f0num er h\u00fan enn tilg\u00e1ta.<\/p><p>Athyglisvert er tv\u00f6falt hlutverk v\u00e6ttarins: Krampus birtir hi\u00f0 h\u00f3tandi og bindur \u00fea\u00f0 \u00e1 sama t\u00edma. S\u00e1 sem ber gr\u00edmuna gerir hrollinn vi\u00f0r\u00e1\u00f0anlegan. N\u00e1kv\u00e6mlega \u00feessi r\u00f6kfr\u00e6\u00f0i tengir Alpasi\u00f0inn vi\u00f0 verndarh\u00e6tti margra menningarheima sem gefa b\u00f6li andlit til a\u00f0 stj\u00f3rna \u00fev\u00ed.<\/p>\t\t\t\t\t\t\t\t<\/div>\n\t\t\t\t<\/div>\n\t\t\t\t\t<\/div>\n\t\t\t\t<\/div>\n\t\t<div class=\"elementor-element elementor-element-963f3bd e-flex e-con-boxed e-con e-parent\" data-id=\"963f3bd\" data-element_type=\"container\" data-e-type=\"container\">\n\t\t\t\t\t<div class=\"e-con-inner\">\n\t\t\t\t<div class=\"elementor-element elementor-element- elementor-widget elementor-widget-heading\" data-id=\"\" data-element_type=\"widget\" data-e-type=\"widget\" data-widget_type=\"heading.default\">\n\t\t\t\t\t<h2 class=\"elementor-heading-title elementor-size-default\">T\u00falkun: hrollur me\u00f0 hlutverk<\/h2>\t\t\t\t<\/div>\n\t\t<div class=\"elementor-element elementor-element- e-con-full e-flex e-con e-child\" data-id=\"\" data-element_type=\"container\" data-e-type=\"container\">\n\t\t\t\t<div class=\"elementor-element elementor-element- elementor-widget elementor-widget-text-editor\" data-id=\"\" data-element_type=\"widget\" data-e-type=\"widget\" data-widget_type=\"text-editor.default\">\n\t\t\t\t\t\t\t\t\t<p>Tr\u00faarbrag\u00f0afr\u00e6\u00f0in les Krampus sem st\u00fdr\u00f0a hrollvekjuveru. Si\u00f0urinn birtir \u00f3gn \u00e1 st\u00fdr\u00f0an h\u00e1tt, bindur hana vi\u00f0 reglur og leysir hana upp \u00ed lokin. Barni\u00f0 upplifir h\u00f3tunina, en einnig a\u00f0 h\u00fan gengur yfir og a\u00f0 hinn heilagi hafi s\u00ed\u00f0asta or\u00f0i\u00f0.<\/p><p>Vi\u00f0 \u00feetta b\u00e6tist verndandi (ap\u00f3tr\u00f3p\u00edsk) t\u00falkun, \u00fe.e. skilningur \u00e1 h\u00e1va\u00f0a og gr\u00edmu sem v\u00f6rn gegn b\u00f6li. Bj\u00f6llur, \u00f3p og hr\u00e6\u00f0sluandlit eiga \u00feannig a\u00f0 halda hinu d\u00f6kka \u00ed vetrart\u00edmanum \u00ed fjarl\u00e6g\u00f0. \u00deessi t\u00falkun er algeng, en sem s\u00f6guleg sk\u00fdring \u00e1 si\u00f0num er h\u00fan enn tilg\u00e1ta.<\/p><p>Athyglisvert er tv\u00f6falt hlutverk v\u00e6ttarins: Krampus birtir hi\u00f0 h\u00f3tandi og bindur \u00fea\u00f0 \u00e1 sama t\u00edma. S\u00e1 sem ber gr\u00edmuna gerir hrollinn vi\u00f0r\u00e1\u00f0anlegan. N\u00e1kv\u00e6mlega \u00feessi r\u00f6kfr\u00e6\u00f0i tengir Alpasi\u00f0inn vi\u00f0 verndarh\u00e6tti margra menningarheima sem gefa b\u00f6li andlit til a\u00f0 stj\u00f3rna \u00fev\u00ed.<\/p>\t\t\t\t\t\t\t\t<\/div>\n\t\t\t\t<\/div>\n\t\t\t\t\t<\/div>\n\t\t\t\t<\/div>\n\t\t<div class=\"elementor-element elementor-element-28db130 e-flex e-con-boxed e-con e-parent\" data-id=\"28db130\" data-element_type=\"container\" data-e-type=\"container\">\n\t\t\t\t\t<div class=\"e-con-inner\">\n\t\t\t\t<div class=\"elementor-element elementor-element- elementor-widget elementor-widget-heading\" data-id=\"\" data-element_type=\"widget\" data-e-type=\"widget\" data-widget_type=\"heading.default\">\n\t\t\t\t\t<h2 class=\"elementor-heading-title elementor-size-default\">T\u00falkun: hrollur me\u00f0 hlutverk<\/h2>\t\t\t\t<\/div>\n\t\t<div class=\"elementor-element elementor-element- e-con-full e-flex e-con e-child\" data-id=\"\" data-element_type=\"container\" data-e-type=\"container\">\n\t\t\t\t<div class=\"elementor-element elementor-element- elementor-widget elementor-widget-text-editor\" data-id=\"\" data-element_type=\"widget\" data-e-type=\"widget\" data-widget_type=\"text-editor.default\">\n\t\t\t\t\t\t\t\t\t<p>Tr\u00faarbrag\u00f0afr\u00e6\u00f0in les Krampus sem st\u00fdr\u00f0a hrollvekjuveru. Si\u00f0urinn birtir \u00f3gn \u00e1 st\u00fdr\u00f0an h\u00e1tt, bindur hana vi\u00f0 reglur og leysir hana upp \u00ed lokin. Barni\u00f0 upplifir h\u00f3tunina, en einnig a\u00f0 h\u00fan gengur yfir og a\u00f0 hinn heilagi hafi s\u00ed\u00f0asta or\u00f0i\u00f0.<\/p><p>Vi\u00f0 \u00feetta b\u00e6tist verndandi (ap\u00f3tr\u00f3p\u00edsk) t\u00falkun, \u00fe.e. skilningur \u00e1 h\u00e1va\u00f0a og gr\u00edmu sem v\u00f6rn gegn b\u00f6li. Bj\u00f6llur, \u00f3p og hr\u00e6\u00f0sluandlit eiga \u00feannig a\u00f0 halda hinu d\u00f6kka \u00ed vetrart\u00edmanum \u00ed fjarl\u00e6g\u00f0. \u00deessi t\u00falkun er algeng, en sem s\u00f6guleg sk\u00fdring \u00e1 si\u00f0num er h\u00fan enn tilg\u00e1ta.<\/p><p>Athyglisvert er tv\u00f6falt hlutverk v\u00e6ttarins: Krampus birtir hi\u00f0 h\u00f3tandi og bindur \u00fea\u00f0 \u00e1 sama t\u00edma. S\u00e1 sem ber gr\u00edmuna gerir hrollinn vi\u00f0r\u00e1\u00f0anlegan. N\u00e1kv\u00e6mlega \u00feessi r\u00f6kfr\u00e6\u00f0i tengir Alpasi\u00f0inn vi\u00f0 verndarh\u00e6tti margra menningarheima sem gefa b\u00f6li andlit til a\u00f0 stj\u00f3rna \u00fev\u00ed.<\/p>\t\t\t\t\t\t\t\t<\/div>\n\t\t\t\t<\/div>\n\t\t\t\t\t<\/div>\n\t\t\t\t<\/div>\n\t\t<div class=\"elementor-element elementor-element-a49137d e-flex e-con-boxed e-con e-parent\" data-id=\"a49137d\" data-element_type=\"container\" data-e-type=\"container\">\n\t\t\t\t\t<div class=\"e-con-inner\">\n\t\t\t\t<div class=\"elementor-element elementor-element- elementor-widget elementor-widget-heading\" data-id=\"\" data-element_type=\"widget\" data-e-type=\"widget\" data-widget_type=\"heading.default\">\n\t\t\t\t\t<h2 class=\"elementor-heading-title elementor-size-default\">T\u00falkun: hrollur me\u00f0 hlutverk<\/h2>\t\t\t\t<\/div>\n\t\t<div class=\"elementor-element elementor-element- e-con-full e-flex e-con e-child\" data-id=\"\" data-element_type=\"container\" data-e-type=\"container\">\n\t\t\t\t<div class=\"elementor-element elementor-element- elementor-widget elementor-widget-text-editor\" data-id=\"\" data-element_type=\"widget\" data-e-type=\"widget\" data-widget_type=\"text-editor.default\">\n\t\t\t\t\t\t\t\t\t<p>Tr\u00faarbrag\u00f0afr\u00e6\u00f0in les Krampus sem st\u00fdr\u00f0a hrollvekjuveru. Si\u00f0urinn birtir \u00f3gn \u00e1 st\u00fdr\u00f0an h\u00e1tt, bindur hana vi\u00f0 reglur og leysir hana upp \u00ed lokin. Barni\u00f0 upplifir h\u00f3tunina, en einnig a\u00f0 h\u00fan gengur yfir og a\u00f0 hinn heilagi hafi s\u00ed\u00f0asta or\u00f0i\u00f0.<\/p><p>Vi\u00f0 \u00feetta b\u00e6tist verndandi (ap\u00f3tr\u00f3p\u00edsk) t\u00falkun, \u00fe.e. skilningur \u00e1 h\u00e1va\u00f0a og gr\u00edmu sem v\u00f6rn gegn b\u00f6li. Bj\u00f6llur, \u00f3p og hr\u00e6\u00f0sluandlit eiga \u00feannig a\u00f0 halda hinu d\u00f6kka \u00ed vetrart\u00edmanum \u00ed fjarl\u00e6g\u00f0. \u00deessi t\u00falkun er algeng, en sem s\u00f6guleg sk\u00fdring \u00e1 si\u00f0num er h\u00fan enn tilg\u00e1ta.<\/p><p>Athyglisvert er tv\u00f6falt hlutverk v\u00e6ttarins: Krampus birtir hi\u00f0 h\u00f3tandi og bindur \u00fea\u00f0 \u00e1 sama t\u00edma. S\u00e1 sem ber gr\u00edmuna gerir hrollinn vi\u00f0r\u00e1\u00f0anlegan. N\u00e1kv\u00e6mlega \u00feessi r\u00f6kfr\u00e6\u00f0i tengir Alpasi\u00f0inn vi\u00f0 verndarh\u00e6tti margra menningarheima sem gefa b\u00f6li andlit til a\u00f0 stj\u00f3rna \u00fev\u00ed.<\/p>\t\t\t\t\t\t\t\t<\/div>\n\t\t\t\t<\/div>\n\t\t\t\t\t<\/div>\n\t\t\t\t<\/div>\n\t\t<div class=\"elementor-element elementor-element-7533bc7a e-flex e-con-boxed e-con e-parent\" data-id=\"7533bc7a\" data-element_type=\"container\" data-e-type=\"container\">\n\t\t\t\t\t<div class=\"e-con-inner\">\n\t\t\t\t<div class=\"elementor-element elementor-element-2447d18d elementor-widget elementor-widget-heading\" data-id=\"2447d18d\" data-element_type=\"widget\" data-e-type=\"widget\" data-widget_type=\"heading.default\">\n\t\t\t\t\t<h2 class=\"elementor-heading-title elementor-size-default\">Fr\u00e1 Perchtenvei\u00f0um til Krampuskorta<\/h2>\t\t\t\t<\/div>\n\t\t<div class=\"elementor-element elementor-element-d5d0260c e-con-full e-flex e-con e-child\" data-id=\"d5d0260c\" data-element_type=\"container\" data-e-type=\"container\">\n\t\t\t\t<div class=\"elementor-element elementor-element-341be2ac elementor-widget elementor-widget-text-editor\" data-id=\"341be2ac\" data-element_type=\"widget\" data-e-type=\"widget\" data-widget_type=\"text-editor.default\">\n\t\t\t\t\t\t\t\t\t<p>Elsta \u00feekkta heimildin um skr\u00fa\u00f0g\u00f6ngu af \u00feessu tagi er fr\u00e1 \u00e1rinu 1582 fr\u00e1 Die\u00dfen am Ammersee, \u00fear sem \u00fe\u00e1tttakendum \u00ed Perchtenvei\u00f0i var greitt fyrir a\u00f0 hrekja \u00e1 brott illa vetrarv\u00e6tti. Tenging heilags Nikul\u00e1ss og Krampus sem gagnst\u00e6\u00f0s pars umbunar og hegningar m\u00f3ta\u00f0ist \u00e1 t\u00edmum gagnsi\u00f0b\u00f3tarinnar, \u00feegar ka\u00fe\u00f3lska kirkjan vildi styrkja Nikul\u00e1sard\u00fdrkun. \u00c1 17. og 18. \u00f6ld voru Perchten- og Krampusg\u00f6ngur \u00ed B\u00e6jaralandi, Salzburg og T\u00fdr\u00f3l \u00edtreka\u00f0 banna\u00f0ar sem l\u00f6greglu- og tr\u00faarbr\u00f6g\u00f0um andst\u00e6\u00f0 spj\u00f6ll, \u00fear sem \u00fe\u00e6r ur\u00f0u a\u00f0 drykkjuveislum \u00far b\u00f6ndum.<\/p><p>Fr\u00e1 mi\u00f0ri 19. \u00f6ld ur\u00f0u svok\u00f6llu\u00f0 Krampuskort til, en me\u00f0 \u00feeim \u00f3sku\u00f0u menn kunningjum s\u00ednum \u00ed gamans\u00f6mum t\u00f3n h\u00fa\u00f0str\u00fdkingar af Krampus. \u00c1 \u00fdmsum sv\u00e6\u00f0um koma fram tengdar v\u00e6ttir undir \u00f6\u00f0rum n\u00f6fnum, svo sem Klaubauf e\u00f0a Buttnmandl; \u00e1 20. og 21. \u00f6ld breiddist Krampus \u00fat fyrir Alpah\u00e9ru\u00f0in og var einnig tekinn upp \u00e1 al\u00fej\u00f3\u00f0av\u00edsu.<\/p>\t\t\t\t\t\t\t\t<\/div>\n\t\t\t\t<\/div>\n\t\t\t\t\t<\/div>\n\t\t\t\t<\/div>\n\t\t<div class=\"elementor-element elementor-element-5a584676 e-flex e-con-boxed e-con e-parent\" data-id=\"5a584676\" data-element_type=\"container\" data-e-type=\"container\">\n\t\t\t\t\t<div class=\"e-con-inner\">\n\t\t\t\t<div class=\"elementor-element elementor-element-6d0757bf elementor-widget elementor-widget-heading\" data-id=\"6d0757bf\" data-element_type=\"widget\" data-e-type=\"widget\" data-widget_type=\"heading.default\">\n\t\t\t\t\t<h2 class=\"elementor-heading-title elementor-size-default\">Fr\u00e1 kortamyndefni til vetrarsi\u00f0ar n\u00fat\u00edmans<\/h2>\t\t\t\t<\/div>\n\t\t<div class=\"elementor-element elementor-element-60563f68 e-con-full e-flex e-con e-child\" data-id=\"60563f68\" data-element_type=\"container\" data-e-type=\"container\">\n\t\t\t\t<div class=\"elementor-element elementor-element-5a93fdd6 elementor-widget elementor-widget-text-editor\" data-id=\"5a93fdd6\" data-element_type=\"widget\" data-e-type=\"widget\" data-widget_type=\"text-editor.default\">\n\t\t\t\t\t\t\t\t\t<p>Krampuskort seint \u00e1 19. \u00f6ld b\u00e1ru Krampus flj\u00f3tt inn \u00ed einkabr\u00e9f f\u00f3lks. \u00c1 21. \u00f6ld ur\u00f0u Krampusg\u00f6ngur a\u00f0 vetrarsi\u00f0um sem nj\u00f3ta mikillar athygli fer\u00f0amanna, me\u00f0 umfangsmiklum, sumum margra k\u00edl\u00f3a \u00feungum b\u00faningum og listilega \u00fatskornum gr\u00edmum. \u00c1 al\u00fej\u00f3\u00f0av\u00edsu var\u00f0 v\u00e6ttin \u00feekkt me\u00f0al annars fyrir bandar\u00edsku kvikmyndina Krampus (2015), sem s\u00fdnir hana \u00ed mikilli afmyndun sem hreinr\u00e6kta\u00f0an hryllingsdj\u00f6ful; \u00ed Austurr\u00edki sj\u00e1lfu er hann \u00fe\u00f3 fyrst og fremst sta\u00f0bundinn f\u00e9lagasi\u00f0ur.<\/p><p>Krampus birtir meginregluna um andst\u00e6\u00f0uveru: A\u00f0eins \u00ed andst\u00e6\u00f0u vi\u00f0 umbunandi heilagan Nikul\u00e1s n\u00e6r h\u00f3tunarveran fullum uppeldislegum \u00e1hrifum s\u00ednum. Tr\u00faarbrag\u00f0afr\u00e6\u00f0ilega m\u00e1 lesa si\u00f0inn sem vetrarhreinsunarath\u00f6fn, sem tengdi eldri, forkristnar hugmyndir um fl\u00f6kkuvetrarv\u00e6tti vi\u00f0 go\u00f0s\u00f6gnina um biskupinn af Myra. B\u00f6nnin \u00e1 fyrri n\u00fd\u00f6ld s\u00fdna jafnframt a\u00f0 yfirv\u00f6ld \u00f3ttu\u00f0ust skr\u00fa\u00f0g\u00f6nguna sem tilefni til \u00f3h\u00f3fs og landam\u00e6rabrota, dr\u00e1ttur sem lifir enn \u00ed samspili \u00f3tta og al\u00fe\u00fd\u00f0uh\u00e1t\u00ed\u00f0ar n\u00fat\u00edmans.<\/p>\t\t\t\t\t\t\t\t<\/div>\n\t\t\t\t<\/div>\n\t\t\t\t\t<\/div>\n\t\t\t\t<\/div>\n\t\t<div class=\"elementor-element elementor-element-9f6cae2 e-flex e-con-boxed e-con e-parent\" data-id=\"9f6cae2\" data-element_type=\"container\" data-e-type=\"container\">\n\t\t\t\t\t<div class=\"e-con-inner\">\n\t\t\t\t<div class=\"elementor-element elementor-element- elementor-widget elementor-widget-heading\" data-id=\"\" data-element_type=\"widget\" data-e-type=\"widget\" data-widget_type=\"heading.default\">\n\t\t\t\t\t<h2 class=\"elementor-heading-title elementor-size-default\">T\u00falkun: hrollur me\u00f0 hlutverk<\/h2>\t\t\t\t<\/div>\n\t\t<div class=\"elementor-element elementor-element- e-con-full e-flex e-con e-child\" data-id=\"\" data-element_type=\"container\" data-e-type=\"container\">\n\t\t\t\t<div class=\"elementor-element elementor-element- elementor-widget elementor-widget-text-editor\" data-id=\"\" data-element_type=\"widget\" data-e-type=\"widget\" data-widget_type=\"text-editor.default\">\n\t\t\t\t\t\t\t\t\t<p>Tr\u00faarbrag\u00f0afr\u00e6\u00f0in les Krampus sem st\u00fdr\u00f0a hrollvekjuveru. Si\u00f0urinn birtir \u00f3gn \u00e1 st\u00fdr\u00f0an h\u00e1tt, bindur hana vi\u00f0 reglur og leysir hana upp \u00ed lokin. Barni\u00f0 upplifir h\u00f3tunina, en einnig a\u00f0 h\u00fan gengur yfir og a\u00f0 hinn heilagi hafi s\u00ed\u00f0asta or\u00f0i\u00f0.<\/p><p>Vi\u00f0 \u00feetta b\u00e6tist verndandi (ap\u00f3tr\u00f3p\u00edsk) t\u00falkun, \u00fe.e. skilningur \u00e1 h\u00e1va\u00f0a og gr\u00edmu sem v\u00f6rn gegn b\u00f6li. Bj\u00f6llur, \u00f3p og hr\u00e6\u00f0sluandlit eiga \u00feannig a\u00f0 halda hinu d\u00f6kka \u00ed vetrart\u00edmanum \u00ed fjarl\u00e6g\u00f0. \u00deessi t\u00falkun er algeng, en sem s\u00f6guleg sk\u00fdring \u00e1 si\u00f0num er h\u00fan enn tilg\u00e1ta.<\/p><p>Athyglisvert er tv\u00f6falt hlutverk v\u00e6ttarins: Krampus birtir hi\u00f0 h\u00f3tandi og bindur \u00fea\u00f0 \u00e1 sama t\u00edma. S\u00e1 sem ber gr\u00edmuna gerir hrollinn vi\u00f0r\u00e1\u00f0anlegan. N\u00e1kv\u00e6mlega \u00feessi r\u00f6kfr\u00e6\u00f0i tengir Alpasi\u00f0inn vi\u00f0 verndarh\u00e6tti margra menningarheima sem gefa b\u00f6li andlit til a\u00f0 stj\u00f3rna \u00fev\u00ed.<\/p>\t\t\t\t\t\t\t\t<\/div>\n\t\t\t\t<\/div>\n\t\t\t\t\t<\/div>\n\t\t\t\t<\/div>\n\t\t<div class=\"elementor-element elementor-element-cp9a031aa e-flex e-con-boxed e-con e-parent\" data-id=\"cp9a031aa\" data-element_type=\"container\" data-e-type=\"container\">\n\t\t\t\t\t<div class=\"e-con-inner\">\n\t\t\t\t<div class=\"elementor-element elementor-element-cp9193514 elementor-widget elementor-widget-heading\" data-id=\"cp9193514\" data-element_type=\"widget\" data-e-type=\"widget\" data-widget_type=\"heading.default\">\n\t\t\t\t\t<h2 class=\"elementor-heading-title elementor-size-default\">Rauhn\u00e4chte-vernd og Blochsegen<\/h2>\t\t\t\t<\/div>\n\t\t<div class=\"elementor-element elementor-element-cp02ca0ee e-con-full e-flex e-con e-child\" data-id=\"cp02ca0ee\" data-element_type=\"container\" data-e-type=\"container\">\n\t\t\t\t<div class=\"elementor-element elementor-element-cp444e0f1 elementor-widget elementor-widget-text-editor\" data-id=\"cp444e0f1\" data-element_type=\"widget\" data-e-type=\"widget\" data-widget_type=\"text-editor.default\">\n\t\t\t\t\t\t\t\t\t<p>\u00cd munnm\u00e6lum telst Krampus s\u00ed\u00f0ur andst\u00e6\u00f0ingur sem varist er heldur bo\u00f0inn, \u00fe\u00f3tt hr\u00e6ddur, hluti Rauhn\u00e4chte-t\u00edmans (t\u00f3lf n\u00e6tur milli j\u00f3la og \u00ferett\u00e1ndans). Verndin gilti fyrst og fremst h\u00fasinu \u00ed heild sinni: stofur og fj\u00e1rh\u00fas voru reyktar me\u00f0 reykelsi til a\u00f0 halda fl\u00f6kkuvetrarv\u00e6ttum \u00ed fjarl\u00e6g\u00f0, og bj\u00f6llur \u00e1samt p\u00edsksmellum \u00fej\u00f3nu\u00f0u \u00fev\u00ed a\u00f0 hrekja b\u00f6l almennt \u00e1 brott. Kirkjuleg blessun, Blochsegen, og v\u00edgt vatn str\u00e1\u00f0 umhverfis Nikul\u00e1sarmessuna b\u00e6ttu \u00feessa vernd. B\u00f6rnum var r\u00e1\u00f0lagt fyrst og fremst a\u00f0 vera til fyrirmyndar allt \u00e1ri\u00f0, \u00fev\u00ed sagan segir a\u00f0 hr\u00edslan hafi hitt beint \u00feann sem haga\u00f0i s\u00e9r illa allt \u00e1ri\u00f0.<\/p>\t\t\t\t\t\t\t\t<\/div>\n\t\t\t\t<\/div>\n\t\t\t\t\t<\/div>\n\t\t\t\t<\/div>\n\t\t<div class=\"elementor-element elementor-element-f4af3fd e-flex e-con-boxed e-con e-parent\" data-id=\"f4af3fd\" data-element_type=\"container\" data-e-type=\"container\">\n\t\t\t\t\t<div class=\"e-con-inner\">\n\t\t\t\t<div class=\"elementor-element elementor-element- elementor-widget elementor-widget-heading\" data-id=\"\" data-element_type=\"widget\" data-e-type=\"widget\" data-widget_type=\"heading.default\">\n\t\t\t\t\t<h2 class=\"elementor-heading-title elementor-size-default\">T\u00falkun: hrollur me\u00f0 hlutverk<\/h2>\t\t\t\t<\/div>\n\t\t<div class=\"elementor-element elementor-element- e-con-full e-flex e-con e-child\" data-id=\"\" data-element_type=\"container\" data-e-type=\"container\">\n\t\t\t\t<div class=\"elementor-element elementor-element- elementor-widget elementor-widget-text-editor\" data-id=\"\" data-element_type=\"widget\" data-e-type=\"widget\" data-widget_type=\"text-editor.default\">\n\t\t\t\t\t\t\t\t\t<p>Tr\u00faarbrag\u00f0afr\u00e6\u00f0in les Krampus sem st\u00fdr\u00f0a hrollvekjuveru. Si\u00f0urinn birtir \u00f3gn \u00e1 st\u00fdr\u00f0an h\u00e1tt, bindur hana vi\u00f0 reglur og leysir hana upp \u00ed lokin. Barni\u00f0 upplifir h\u00f3tunina, en einnig a\u00f0 h\u00fan gengur yfir og a\u00f0 hinn heilagi hafi s\u00ed\u00f0asta or\u00f0i\u00f0.<\/p><p>Vi\u00f0 \u00feetta b\u00e6tist verndandi (ap\u00f3tr\u00f3p\u00edsk) t\u00falkun, \u00fe.e. skilningur \u00e1 h\u00e1va\u00f0a og gr\u00edmu sem v\u00f6rn gegn b\u00f6li. Bj\u00f6llur, \u00f3p og hr\u00e6\u00f0sluandlit eiga \u00feannig a\u00f0 halda hinu d\u00f6kka \u00ed vetrart\u00edmanum \u00ed fjarl\u00e6g\u00f0. \u00deessi t\u00falkun er algeng, en sem s\u00f6guleg sk\u00fdring \u00e1 si\u00f0num er h\u00fan enn tilg\u00e1ta.<\/p><p>Athyglisvert er tv\u00f6falt hlutverk v\u00e6ttarins: Krampus birtir hi\u00f0 h\u00f3tandi og bindur \u00fea\u00f0 \u00e1 sama t\u00edma. S\u00e1 sem ber gr\u00edmuna gerir hrollinn vi\u00f0r\u00e1\u00f0anlegan. N\u00e1kv\u00e6mlega \u00feessi r\u00f6kfr\u00e6\u00f0i tengir Alpasi\u00f0inn vi\u00f0 verndarh\u00e6tti margra menningarheima sem gefa b\u00f6li andlit til a\u00f0 stj\u00f3rna \u00fev\u00ed.<\/p>\t\t\t\t\t\t\t\t<\/div>\n\t\t\t\t<\/div>\n\t\t\t\t\t<\/div>\n\t\t\t\t<\/div>\n\t\t<div class=\"elementor-element elementor-element-cp11de5b2 e-flex e-con-boxed e-con e-parent\" data-id=\"cp11de5b2\" data-element_type=\"container\" data-e-type=\"container\">\n\t\t\t\t\t<div class=\"e-con-inner\">\n\t\t\t\t<div class=\"elementor-element elementor-element-cp8d35271 elementor-widget elementor-widget-heading\" data-id=\"cp8d35271\" data-element_type=\"widget\" data-e-type=\"widget\" data-widget_type=\"heading.default\">\n\t\t\t\t\t<h2 class=\"elementor-heading-title elementor-size-default\">Dj\u00f6flavarnir \u00ed menningarsamanbur\u00f0i<\/h2>\t\t\t\t<\/div>\n\t\t<div class=\"elementor-element elementor-element-cp02f26b8 e-con-full e-flex e-con e-child\" data-id=\"cp02f26b8\" data-element_type=\"container\" data-e-type=\"container\">\n\t\t\t\t<div class=\"elementor-element elementor-element-cp58c4390 elementor-widget elementor-widget-text-editor\" data-id=\"cp58c4390\" data-element_type=\"widget\" data-e-type=\"widget\" data-widget_type=\"text-editor.default\">\n\t\t\t\t\t\t\t\t\t<p>Beinl\u00ednis samsvarandi mynd Krampus utan Alpasv\u00e6\u00f0isins er ekki sta\u00f0fest, en n\u00e1i\u00f0 grunnform helgisi\u00f0abundinnar dj\u00f6flareksturs er \u00fe\u00f3 til. \u00c1 jap\u00f6nsku Setsubun-h\u00e1t\u00ed\u00f0inni eru ristu\u00f0um sojabaunum kasta\u00f0 vi\u00f0 upphaf vors til a\u00f0 reka burt hornpr\u00fddda <a href=\"https:\/\/iwell-guard.com\/is\/oni\/\">Oni<\/a>, sem eru einnig \u00f3gnvekjandi verur og \u00e1rlegt tilkomu \u00feeirra \u00e1 a\u00f0 endurheimta reglu. \u00d3l\u00edkt Krampus kemur Oni \u00fear fram sem hreinn andst\u00e6\u00f0ingur, ekki sem taminn f\u00f6runautur velvilja\u00f0rar pers\u00f3nu. Innan Alpasv\u00e6\u00f0isins standa <a href=\"https:\/\/iwell-guard.com\/is\/villimadur\/\">Vilti ma\u00f0urinn<\/a> (Wilde Mann) og <a href=\"https:\/\/iwell-guard.com\/is\/rubezahl\/\">R\u00fcbezahl<\/a> honum n\u00e6rri sem tengdar \u00f3gnar- og n\u00e1tt\u00faruverur.<\/p>\t\t\t\t\t\t\t\t<\/div>\n\t\t\t\t<\/div>\n\t\t\t\t\t<\/div>\n\t\t\t\t<\/div>\n\t\t<div class=\"elementor-element elementor-element-cp406577c e-flex e-con-boxed e-con e-parent\" data-id=\"cp406577c\" data-element_type=\"container\" data-e-type=\"container\">\n\t\t\t\t\t<div class=\"e-con-inner\">\n\t\t\t\t<div class=\"elementor-element elementor-element-cpdd9c543 elementor-widget elementor-widget-heading\" data-id=\"cpdd9c543\" data-element_type=\"widget\" data-e-type=\"widget\" data-widget_type=\"heading.default\">\n\t\t\t\t\t<h2 class=\"elementor-heading-title elementor-size-default\">Algengar spurningar um Krampus<\/h2>\t\t\t\t<\/div>\n\t\t<div class=\"elementor-element elementor-element-cp9e731bb e-con-full e-flex e-con e-child\" data-id=\"cp9e731bb\" data-element_type=\"container\" data-e-type=\"container\">\n\t\t\t\t<div class=\"elementor-element elementor-element-cpa7c898c elementor-widget elementor-widget-text-editor\" data-id=\"cpa7c898c\" data-element_type=\"widget\" data-e-type=\"widget\" data-widget_type=\"text-editor.default\">\n\t\t\t\t\t\t\t\t\t<p><strong>Er Krampus dj\u00f6full e\u00f0a n\u00e1tt\u00faruandi?<\/strong><\/p><p>B\u00e6\u00f0i t\u00falkun koma fram \u00ed fr\u00e6\u00f0unum. Ke\u00f0jan sem hann kemur fram me\u00f0 v\u00edsar til eldri hugmyndar um taminn, upphaflega villtari vetraranda, me\u00f0an hornin og kirkjuleg t\u00falkun tengdu hann sterkar vi\u00f0 dj\u00f6fulinn fr\u00e1 t\u00edmum m\u00f3tsi\u00f0b\u00f3tarinnar. \u00cd si\u00f0num er hann ekki dj\u00f6full \u00ed kirkjulegum skilningi: hann starfar \u00ed umbo\u00f0i heilags Nikul\u00e1ss og er honum undirgefinn.<\/p><p><strong>Hvers vegna kemur Krampus fram me\u00f0 heil\u00f6gum Nikul\u00e1si?<\/strong><\/p><p>P\u00f6runin var\u00f0 til fyrst og fremst til a\u00f0 gefa b\u00f6rnum sk\u00fdrt andst\u00e6\u00f0upar af launum og hegningu. S\u00f6gulega er Krampus \u00fe\u00f3 eldri en \u00feessi f\u00f6stu tengsl og kom upphaflega einnig fram \u00f3h\u00e1\u00f0 si\u00f0um Nikul\u00e1ss.<\/p><p><strong>Er f\u00f3lk raunverulega slegi\u00f0 \u00e1 Krampus-g\u00f6ngunni?<\/strong><\/p><p>J\u00e1, sl\u00e1ttur me\u00f0 v\u00f6ndinni er hluti af lifandi si\u00f0 og margir \u00e1horfendur s\u00e6kjast v\u00edsvitandi eftir honum. G\u00f6ngumenn fylgja \u00fe\u00e1 venjulega heg\u00f0unarreglum vi\u00f0komandi h\u00f3ps (Passe), svo a\u00f0 um er a\u00f0 r\u00e6\u00f0a gagnkv\u00e6mt sam\u00feykkt, \u00fe\u00f3tt hrj\u00faft, helgisi\u00f0i.<\/p><p><strong>Hva\u00f0 gerir Krampus?<\/strong><\/p><p>Krampus fylgir heil\u00f6gum Nikul\u00e1si 5. og 6. desember. Hann h\u00f3tar \u00f3\u00feekkum b\u00f6rnum me\u00f0 vendi og ke\u00f0ju, me\u00f0an Nikul\u00e1s ver\u00f0launar \u00feau g\u00f3\u00f0u. \u00c1 Krampus-g\u00f6ngum ganga gr\u00edmukl\u00e6ddir menn \u00ed feldi og me\u00f0 \u00fatskornum tr\u00e9gr\u00edmum um g\u00f6turnar. Vi\u00f0 heims\u00f3knir heima ver\u00f0ur a\u00f0eins um h\u00f3tun a\u00f0 r\u00e6\u00f0a, en \u00e1 g\u00f6ngunni er sl\u00e1ttur me\u00f0 vendi v\u00ed\u00f0a hluti si\u00f0ar.<\/p><p><strong>Hven\u00e6r kemur Krampus?<\/strong><\/p><p>Krampus-n\u00f3ttin er 5. desember, kv\u00f6ldi\u00f0 fyrir Nikul\u00e1sardag. V\u00ed\u00f0a fylgir Krampus heil\u00f6gum Nikul\u00e1si einnig 6. desember vi\u00f0 heims\u00f3knir. Krampus-g\u00f6ngur eru yfirleitt haldnar fr\u00e1 lokum n\u00f3vember til 6. desember.<\/p><p><strong>Hva\u00f0 heitir Krampus \u00ed \u00de\u00fdskalandi?<\/strong><\/p><p>\u00cd B\u00e6jaralandi er pers\u00f3nan einnig k\u00f6llu\u00f0 Krampus, og \u00ed Berchtesgadener Land koma \u00fear auk \u00feess fram Buttnmandln. \u00c1 mi\u00f0- og nor\u00f0ur\u00fe\u00fdsku sv\u00e6\u00f0inu tekur Knecht Ruprecht a\u00f0 s\u00e9r hlutverk fylgdarmanns Nikul\u00e1ss, sem sj\u00e1lfst\u00e6\u00f0 og mildari pers\u00f3na.<\/p>\t\t\t\t\t\t\t\t<\/div>\n\t\t\t\t<div class=\"elementor-element elementor-element-9850ef7 elementor-widget elementor-widget-html\" data-id=\"9850ef7\" data-element_type=\"widget\" data-e-type=\"widget\" data-widget_type=\"html.default\">\n\t\t\t\t\t<script type=\"application\/ld+json\">{\"@context\": \"https:\/\/schema.org\", \"@type\": \"FAQPage\", \"mainEntity\": [{\"@type\": \"Question\", \"name\": \"Er Krampus dj\u00f6full e\u00f0a n\u00e1tt\u00faruandi?\", \"acceptedAnswer\": {\"@type\": \"Answer\", \"text\": \"B\u00e6\u00f0i t\u00falkun koma fram \u00ed fr\u00e6\u00f0unum. Ke\u00f0jan sem hann kemur fram me\u00f0 v\u00edsar til eldri hugmyndar um taminn, upphaflega villtari vetraranda, me\u00f0an hornin og kirkjuleg t\u00falkun tengdu hann sterkar vi\u00f0 dj\u00f6fulinn fr\u00e1 t\u00edmum m\u00f3tsi\u00f0b\u00f3tarinnar. \u00cd si\u00f0num er hann ekki dj\u00f6full \u00ed kirkjulegum skilningi: hann starfar \u00ed umbo\u00f0i heilags Nikul\u00e1ss og er honum undirgefinn.\"}}, {\"@type\": \"Question\", \"name\": \"Hvers vegna kemur Krampus fram me\u00f0 heil\u00f6gum Nikul\u00e1si?\", \"acceptedAnswer\": {\"@type\": \"Answer\", \"text\": \"P\u00f6runin var\u00f0 til fyrst og fremst til a\u00f0 gefa b\u00f6rnum sk\u00fdrt andst\u00e6\u00f0upar af launum og hegningu. S\u00f6gulega er Krampus \u00fe\u00f3 eldri en \u00feessi f\u00f6stu tengsl og kom upphaflega einnig fram \u00f3h\u00e1\u00f0 si\u00f0um Nikul\u00e1ss.\"}}, {\"@type\": \"Question\", \"name\": \"Er f\u00f3lk raunverulega slegi\u00f0 \u00e1 Krampus-g\u00f6ngunni?\", \"acceptedAnswer\": {\"@type\": \"Answer\", \"text\": \"J\u00e1, sl\u00e1ttur me\u00f0 v\u00f6ndinni er hluti af lifandi si\u00f0 og margir \u00e1horfendur s\u00e6kjast v\u00edsvitandi eftir honum. G\u00f6ngumenn fylgja \u00fe\u00e1 venjulega heg\u00f0unarreglum vi\u00f0komandi h\u00f3ps (Passe), svo a\u00f0 um er a\u00f0 r\u00e6\u00f0a gagnkv\u00e6mt sam\u00feykkt, \u00fe\u00f3tt hrj\u00faft, helgisi\u00f0i.\"}}, {\"@type\": \"Question\", \"name\": \"Hva\u00f0 gerir Krampus?\", \"acceptedAnswer\": {\"@type\": \"Answer\", \"text\": \"Krampus fylgir heil\u00f6gum Nikul\u00e1si 5. og 6. desember. Hann h\u00f3tar \u00f3\u00feekkum b\u00f6rnum me\u00f0 vendi og ke\u00f0ju, me\u00f0an Nikul\u00e1s ver\u00f0launar \u00feau g\u00f3\u00f0u. \u00c1 Krampus-g\u00f6ngum ganga gr\u00edmukl\u00e6ddir menn \u00ed feldi og me\u00f0 \u00fatskornum tr\u00e9gr\u00edmum um g\u00f6turnar. Vi\u00f0 heims\u00f3knir heima ver\u00f0ur a\u00f0eins um h\u00f3tun a\u00f0 r\u00e6\u00f0a, en \u00e1 g\u00f6ngunni er sl\u00e1ttur me\u00f0 vendi v\u00ed\u00f0a hluti si\u00f0ar.\"}}, {\"@type\": \"Question\", \"name\": \"Hven\u00e6r kemur Krampus?\", \"acceptedAnswer\": {\"@type\": \"Answer\", \"text\": \"Krampus-n\u00f3ttin er 5. desember, kv\u00f6ldi\u00f0 fyrir Nikul\u00e1sardag. V\u00ed\u00f0a fylgir Krampus heil\u00f6gum Nikul\u00e1si einnig 6. desember vi\u00f0 heims\u00f3knir. Krampus-g\u00f6ngur eru yfirleitt haldnar fr\u00e1 lokum n\u00f3vember til 6. desember.\"}}, {\"@type\": \"Question\", \"name\": \"Hva\u00f0 heitir Krampus \u00ed \u00de\u00fdskalandi?\", \"acceptedAnswer\": {\"@type\": \"Answer\", \"text\": \"\u00cd B\u00e6jaralandi er pers\u00f3nan einnig k\u00f6llu\u00f0 Krampus, og \u00ed Berchtesgadener Land koma \u00fear auk \u00feess fram Buttnmandln. \u00c1 mi\u00f0- og nor\u00f0ur\u00fe\u00fdsku sv\u00e6\u00f0inu tekur Knecht Ruprecht a\u00f0 s\u00e9r hlutverk fylgdarmanns Nikul\u00e1ss, sem sj\u00e1lfst\u00e6\u00f0 og mildari pers\u00f3na.\"}}]}<\/script>\t\t\t\t<\/div>\n\t\t\t\t<\/div>\n\t\t\t\t\t<\/div>\n\t\t\t\t<\/div>\n\t\t<div class=\"elementor-element elementor-element-36dd7469 e-flex e-con-boxed e-con e-parent\" data-id=\"36dd7469\" data-element_type=\"container\" data-e-type=\"container\">\n\t\t\t\t\t<div class=\"e-con-inner\">\n\t\t\t\t<div class=\"elementor-element elementor-element-13760ab4 elementor-widget elementor-widget-heading\" data-id=\"13760ab4\" data-element_type=\"widget\" data-e-type=\"widget\" data-widget_type=\"heading.default\">\n\t\t\t\t\t<h2 class=\"elementor-heading-title elementor-size-default\">\u00cdtarefni og tenglar<\/h2>\t\t\t\t<\/div>\n\t\t<div class=\"elementor-element elementor-element-28c87796 e-con-full e-flex e-con e-child\" data-id=\"28c87796\" data-element_type=\"container\" data-e-type=\"container\">\n\t\t\t\t<div class=\"elementor-element elementor-element-5d6538df elementor-widget elementor-widget-text-editor\" data-id=\"5d6538df\" data-element_type=\"widget\" data-e-type=\"widget\" data-widget_type=\"text-editor.default\">\n\t\t\t\t\t\t\t\t\t<p>R\u00e1\u00f0lag\u00f0ir innri hlekkir:<\/p><ul><li><a href=\"https:\/\/iwell-guard.com\/is\/?page_id=169862\">Alpasv\u00e6\u00f0i\u00f0<\/a> \u2013 allar verur alpasagnaheimsins<\/li><li><a href=\"https:\/\/iwell-guard.com\/is\/?page_id=169826\">Frau Perchta<\/a>, <a href=\"https:\/\/iwell-guard.com\/is\/?page_id=169827\">Habergei\u00df<\/a>, <a href=\"https:\/\/iwell-guard.com\/is\/?page_id=169835\">Nachtkrapp<\/a> \u2013 a\u00f0rar verur Rauhn\u00e4chte<\/li><li><a href=\"https:\/\/iwell-guard.com\/is\/reykhreinsun\/\">Reykhreinsun<\/a>, <a href=\"https:\/\/iwell-guard.com\/is\/bjollur-og-skellur-havaer-vorn\/\">Klukkur<\/a>, <a href=\"https:\/\/iwell-guard.com\/is\/vigt-vatn\/\">V\u00edgt vatn<\/a>, <a href=\"https:\/\/iwell-guard.com\/is\/husvernd-og-throskuldarsidur\/\">H\u00fasv\u00f6rn<\/a>, <a href=\"https:\/\/iwell-guard.com\/is\/skjoleldur-og-throskuldsljos\/\">Verndareldur<\/a> \u2013 hef\u00f0bundin verndarform<\/li><li><a href=\"https:\/\/iwell-guard.com\/is\/verndarleidarvisir\/\">Verndarkomp\u00e1sinn<\/a> \u2013 yfirlit verndargripa<\/li><\/ul><p>\u00deeim sem vill kynna s\u00e9r n\u00e1nar r\u00f6kfr\u00e6\u00f0i bundinnar hr\u00e6\u00f0slu m\u00e1 finna \u00ed lex\u00edkoninu n\u00e1granna Krampus: <a href=\"https:\/\/iwell-guard.com\/is\/alp\/\">Alp<\/a> sem n\u00e6turlegan \u00fer\u00fdstianda \u00fe\u00fdskrar \u00fej\u00f3\u00f0tr\u00faar, <a href=\"https:\/\/iwell-guard.com\/is\/tatzelwurm\/\">Tatzelwurm<\/a> sem \u00f3gnarveru Alpasv\u00e6\u00f0isins og <a href=\"https:\/\/iwell-guard.com\/is\/klabautermann\/\">Klabautermann<\/a> sem varna\u00f0aranda sj\u00f3manna. Yfirlit hef\u00f0arinnar er a\u00f0 finna \u00e1 s\u00ed\u00f0unni um <a href=\"https:\/\/iwell-guard.com\/is\/germonsk\/\">germanska arfleif\u00f0<\/a>.<\/p>\t\t\t\t\t\t\t\t<\/div>\n\t\t\t\t<\/div>\n\t\t\t\t\t<\/div>\n\t\t\t\t<\/div>\n\t\t<div class=\"elementor-element elementor-element-grl4kl40 e-flex e-con-boxed e-con e-parent\" data-id=\"grl4kl40\" data-element_type=\"container\" data-e-type=\"container\">\n\t\t\t\t\t<div class=\"e-con-inner\">\n\t\t\t\t<div class=\"elementor-element elementor-element-bzsbfrmh elementor-widget elementor-widget-heading\" data-id=\"bzsbfrmh\" data-element_type=\"widget\" data-e-type=\"widget\" data-widget_type=\"heading.default\">\n\t\t\t\t\t<h2 class=\"elementor-heading-title elementor-size-default\">Heimildir (\u00farval)<\/h2>\t\t\t\t<\/div>\n\t\t<div class=\"elementor-element elementor-element-2c13224a e-con-full e-flex e-con e-child\" data-id=\"2c13224a\" data-element_type=\"container\" data-e-type=\"container\">\n\t\t\t\t<div class=\"elementor-element elementor-element-0eymh9ub elementor-widget elementor-widget-text-editor\" data-id=\"0eymh9ub\" data-element_type=\"widget\" data-e-type=\"widget\" data-widget_type=\"text-editor.default\">\n\t\t\t\t\t\t\t\t\t<footer class=\"iwg-literatur\" data-nosnippet=\"true\"><p>\u00darval helstu heimilda og ranns\u00f3kna:<\/p><ul><li><span data-nosnippet>B\u00e4chtold-St\u00e4ubli, Hanns (Hg.): <em>Handw\u00f6rterbuch des deutschen Aberglaubens<\/em>. 10 Bde. Berlin\/Leipzig 1927\u20131942 (Neudruck Berlin\/New York 1987).<\/span><\/li><li><span data-nosnippet>Waschnitius, Viktor: <em>Perht, Holda und verwandte Gestalten. Ein Beitrag zur deutschen Religionsgeschichte<\/em>. Wien 1913.<\/span><\/li><li><span data-nosnippet>Zingerle, Ignaz Vinzenz: <em>Sitten, Br\u00e4uche und Meinungen des Tiroler Volkes<\/em>. 2. Auflage, Innsbruck 1871.<\/span><\/li><li><span data-nosnippet>Bruce, Maurice: <em>The Krampus in Styria<\/em>. In: Folklore, Bd. 69, 1958.<\/span><\/li><li><span data-nosnippet>Ridenour, Al: <em>The Krampus and the Old, Dark Christmas: Roots and Rebirth of the Folkloric Devil<\/em>. Port Townsend 2016.<\/span><\/li><\/ul><\/footer>\n<p class=\"iwg-bib-more\"><span data-nosnippet>Fleiri grunnrit \u00ed <a href=\"https:\/\/iwell-guard.com\/is\/heimildaskra\/\">heimildaskr\u00e1nni<\/a>.<\/span><\/p>\t\t\t\t\t\t\t\t<\/div>\n\t\t\t\t<\/div>\n\t\t\t\t\t<\/div>\n\t\t\t\t<\/div>\n\t\t<div class=\"elementor-element elementor-element-iwgkw2-add-hulijing e-flex e-con-boxed e-con e-parent\" data-id=\"iwgkw2-add-hulijing\" data-element_type=\"container\" data-e-type=\"container\">\n\t\t\t\t\t<div class=\"e-con-inner\">\n\t\t\t\t<div class=\"elementor-element elementor-element-iwgkw2-add-hulijing-t elementor-widget elementor-widget-text-editor\" data-id=\"iwgkw2-add-hulijing-t\" data-element_type=\"widget\" data-e-type=\"widget\" data-widget_type=\"text-editor.default\">\n\t\t\t\t\t\t\t\t\t<p>Pers\u00f3nan sem er \u00feekkt sem Krampus, vandarvera Alpanna, er enn tengd n\u00e1nu b\u00f6ndum vi\u00f0 n\u00f3ttina 5. desember, og \u00ed n\u00fat\u00edma Krampus-g\u00f6ngu si\u00f0num lifir enn \u00ed dag vetrarlegt samspil hr\u00e6\u00f0slu og \u00fej\u00f3\u00f0h\u00e1t\u00ed\u00f0ar.<\/p>\t\t\t\t\t\t\t\t<\/div>\n\t\t\t\t\t<\/div>\n\t\t\t\t<\/div>\n\t\t\t\t<\/div>\n\t\t","protected":false},"excerpt":{"rendered":"","protected":false},"author":3,"featured_media":20516,"parent":0,"menu_order":0,"comment_status":"closed","ping_status":"closed","template":"elementor_header_footer","meta":{"_yoast_wpseo_focuskw":"krampus","_yoast_wpseo_title":"Krampus: Uppruni, merking og hef\u00f0ir","_yoast_wpseo_metadesc":"Hver er Krampus? Uppruni nafnsins, Krampusn\u00f3ttin 5. desember, munurinn \u00e1 Perchten og Knecht Ruprecht og hinar st\u00f3ru Krampus-g\u00f6ngur.","_yoast_wpseo_meta-robots-noindex":"","_yoast_wpseo_canonical":"","_angie_page":false,"gefaehrdungsstufe":"3","wesen_kultur":"alpin","wesen_klasse":"daemonen","footnotes":""},"categories":[],"class_list":["post-169825","page","type-page","status-publish","has-post-thumbnail","hentry"],"yoast_head":"<!-- This site is optimized with the Yoast SEO Premium plugin v27.7 (Yoast SEO v28.3) - https:\/\/yoast.com\/product\/yoast-seo-premium-wordpress\/ -->\n<title>Krampus: Uppruni, merking og hef\u00f0ir<\/title>\n<meta name=\"description\" content=\"Hver er Krampus? Uppruni nafnsins, Krampusn\u00f3ttin 5. desember, munurinn \u00e1 Perchten og Knecht Ruprecht og hinar st\u00f3ru Krampus-g\u00f6ngur.\" \/>\n<meta name=\"robots\" content=\"index, follow, max-snippet:-1, max-image-preview:large, max-video-preview:-1\" \/>\n<link rel=\"canonical\" href=\"https:\/\/iwell-guard.com\/is\/krampus\/\" \/>\n<meta property=\"og:locale\" content=\"is_IS\" \/>\n<meta property=\"og:type\" content=\"article\" \/>\n<meta property=\"og:title\" content=\"Krampus\" \/>\n<meta property=\"og:description\" content=\"Hver er Krampus? Uppruni nafnsins, Krampusn\u00f3ttin 5. desember, munurinn \u00e1 Perchten og Knecht Ruprecht og hinar st\u00f3ru Krampus-g\u00f6ngur.\" \/>\n<meta property=\"og:url\" content=\"https:\/\/iwell-guard.com\/is\/krampus\/\" \/>\n<meta property=\"og:site_name\" content=\"iWell Guard\" \/>\n<meta property=\"article:modified_time\" content=\"2026-09-05T14:57:31+00:00\" \/>\n<meta property=\"og:image\" content=\"https:\/\/iwell-guard.com\/wp-content\/uploads\/2026\/07\/daemonen_alpin_krampus.webp\" \/>\n\t<meta property=\"og:image:width\" content=\"1024\" \/>\n\t<meta property=\"og:image:height\" content=\"1536\" \/>\n\t<meta property=\"og:image:type\" content=\"image\/webp\" \/>\n<meta name=\"twitter:card\" content=\"summary_large_image\" \/>\n<script type=\"application\/ld+json\" class=\"yoast-schema-graph\">{\"@context\":\"https:\\\/\\\/schema.org\",\"@graph\":[{\"@type\":\"Article\",\"@id\":\"https:\\\/\\\/iwell-guard.com\\\/is\\\/krampus\\\/#article\",\"isPartOf\":{\"@id\":\"https:\\\/\\\/iwell-guard.com\\\/is\\\/krampus\\\/\"},\"author\":{\"name\":\"Ralf Ittermann\",\"@id\":\"https:\\\/\\\/iwell-guard.com\\\/is\\\/#\\\/schema\\\/person\\\/ee2a27f1cac3406c7c6fb5820cb7349f\"},\"headline\":\"Krampus\",\"datePublished\":\"2026-09-05T14:12:04+00:00\",\"dateModified\":\"2026-09-05T14:57:31+00:00\",\"mainEntityOfPage\":{\"@id\":\"https:\\\/\\\/iwell-guard.com\\\/is\\\/krampus\\\/\"},\"publisher\":{\"@id\":\"https:\\\/\\\/iwell-guard.com\\\/is\\\/#organization\"},\"image\":{\"@id\":\"https:\\\/\\\/iwell-guard.com\\\/is\\\/krampus\\\/#primaryimage\"},\"thumbnailUrl\":\"https:\\\/\\\/iwell-guard.com\\\/wp-content\\\/uploads\\\/2026\\\/07\\\/daemonen_alpin_krampus.webp\",\"inLanguage\":\"is\",\"description\":\"Hver er Krampus? Uppruni nafnsins, Krampusn\u00f3ttin 5. desember, munurinn \u00e1 Perchten og Knecht Ruprecht og hinar st\u00f3ru Krampus-g\u00f6ngur.\"},{\"@type\":\"WebPage\",\"@id\":\"https:\\\/\\\/iwell-guard.com\\\/is\\\/krampus\\\/\",\"url\":\"https:\\\/\\\/iwell-guard.com\\\/is\\\/krampus\\\/\",\"name\":\"Krampus: Uppruni, merking og hef\u00f0ir\",\"isPartOf\":{\"@id\":\"https:\\\/\\\/iwell-guard.com\\\/is\\\/#website\"},\"primaryImageOfPage\":{\"@id\":\"https:\\\/\\\/iwell-guard.com\\\/is\\\/krampus\\\/#primaryimage\"},\"image\":{\"@id\":\"https:\\\/\\\/iwell-guard.com\\\/is\\\/krampus\\\/#primaryimage\"},\"thumbnailUrl\":\"https:\\\/\\\/iwell-guard.com\\\/wp-content\\\/uploads\\\/2026\\\/07\\\/daemonen_alpin_krampus.webp\",\"datePublished\":\"2026-09-05T14:12:04+00:00\",\"dateModified\":\"2026-09-05T14:57:31+00:00\",\"description\":\"Hver er Krampus? Uppruni nafnsins, Krampusn\u00f3ttin 5. desember, munurinn \u00e1 Perchten og Knecht Ruprecht og hinar st\u00f3ru Krampus-g\u00f6ngur.\",\"breadcrumb\":{\"@id\":\"https:\\\/\\\/iwell-guard.com\\\/is\\\/krampus\\\/#breadcrumb\"},\"inLanguage\":\"is\",\"potentialAction\":[{\"@type\":\"ReadAction\",\"target\":[\"https:\\\/\\\/iwell-guard.com\\\/is\\\/krampus\\\/\"]}]},{\"@type\":\"ImageObject\",\"inLanguage\":\"is\",\"@id\":\"https:\\\/\\\/iwell-guard.com\\\/is\\\/krampus\\\/#primaryimage\",\"url\":\"https:\\\/\\\/iwell-guard.com\\\/wp-content\\\/uploads\\\/2026\\\/07\\\/daemonen_alpin_krampus.webp\",\"contentUrl\":\"https:\\\/\\\/iwell-guard.com\\\/wp-content\\\/uploads\\\/2026\\\/07\\\/daemonen_alpin_krampus.webp\",\"width\":1024,\"height\":1536,\"caption\":\"Krampus - Dj\u00f6flar \u00far alpaskri hef\u00f0, s\u00f6guleg myndskreyting\"},{\"@type\":\"BreadcrumbList\",\"@id\":\"https:\\\/\\\/iwell-guard.com\\\/is\\\/krampus\\\/#breadcrumb\",\"itemListElement\":[{\"@type\":\"ListItem\",\"position\":1,\"name\":\"Start\",\"item\":\"https:\\\/\\\/iwell-guard.com\\\/is\\\/?page_id=168580\"},{\"@type\":\"ListItem\",\"position\":2,\"name\":\"Krampus\"}]},{\"@type\":\"WebSite\",\"@id\":\"https:\\\/\\\/iwell-guard.com\\\/is\\\/#website\",\"url\":\"https:\\\/\\\/iwell-guard.com\\\/is\\\/\",\"name\":\"iWell Guard\",\"description\":\"Schutz vor dunklen Einfl\u00fcssen\",\"publisher\":{\"@id\":\"https:\\\/\\\/iwell-guard.com\\\/is\\\/#organization\"},\"potentialAction\":[{\"@type\":\"SearchAction\",\"target\":{\"@type\":\"EntryPoint\",\"urlTemplate\":\"https:\\\/\\\/iwell-guard.com\\\/is\\\/?s={search_term_string}\"},\"query-input\":{\"@type\":\"PropertyValueSpecification\",\"valueRequired\":true,\"valueName\":\"search_term_string\"}}],\"inLanguage\":\"is\"},{\"@type\":\"Organization\",\"@id\":\"https:\\\/\\\/iwell-guard.com\\\/is\\\/#organization\",\"name\":\"Ittermann electronic GmbH\",\"url\":\"https:\\\/\\\/iwell-guard.com\\\/is\\\/\",\"logo\":{\"@type\":\"ImageObject\",\"inLanguage\":\"is\",\"@id\":\"https:\\\/\\\/iwell-guard.com\\\/is\\\/#\\\/schema\\\/logo\\\/image\\\/\",\"url\":\"https:\\\/\\\/iwell-guard.com\\\/wp-content\\\/uploads\\\/2026\\\/05\\\/Ittermann-Logo-1182x237-1.png\",\"contentUrl\":\"https:\\\/\\\/iwell-guard.com\\\/wp-content\\\/uploads\\\/2026\\\/05\\\/Ittermann-Logo-1182x237-1.png\",\"width\":1182,\"height\":237,\"caption\":\"Ittermann electronic GmbH\"},\"image\":{\"@id\":\"https:\\\/\\\/iwell-guard.com\\\/is\\\/#\\\/schema\\\/logo\\\/image\\\/\"},\"sameAs\":[\"https:\\\/\\\/pantip.com\\\/profile\\\/9367242\",\"https:\\\/\\\/micro.blog\\\/iwellguard\",\"https:\\\/\\\/www.diggerslist.com\\\/iwellguard\\\/about\",\"https:\\\/\\\/skitterphoto.com\\\/photographers\\\/2870314\\\/iwell-guard\",\"https:\\\/\\\/iwellguard.wordpress.com\\\/2026\\\/06\\\/06\\\/iwell-guard\\\/\",\"https:\\\/\\\/hub.docker.com\\\/u\\\/iwellguard\",\"https:\\\/\\\/www.pinterest.com\\\/iwellguard\\\/\",\"https:\\\/\\\/bit.ly\\\/m\\\/iwellguard\",\"https:\\\/\\\/entre-vos-mains.alsace.eu\\\/profiles\\\/iwellguard\\\/activity\",\"https:\\\/\\\/gravatar.com\\\/reallybeded8fd34\",\"https:\\\/\\\/naijamatta.com\\\/iwellguard\",\"https:\\\/\\\/www.goodreads.com\\\/iwellguard\",\"https:\\\/\\\/profile.hatena.ne.jp\\\/iwellguard\\\/\",\"https:\\\/\\\/experiment.com\\\/users\\\/iwellguard\",\"https:\\\/\\\/wakelet.com\\\/@iWellGuard82270\",\"https:\\\/\\\/www.chordie.com\\\/forum\\\/profile.php?id=2555664\",\"https:\\\/\\\/www.instapaper.com\\\/p\\\/17757966\",\"https:\\\/\\\/www.mapleprimes.com\\\/users\\\/iwellguard\",\"https:\\\/\\\/businesslistingplus.com\\\/profile\\\/iwell-guard\\\/\",\"https:\\\/\\\/telegra.ph\\\/iWell-Guard-06-06\",\"https:\\\/\\\/pbase.com\\\/iwellguard\\\/iwellguard\",\"https:\\\/\\\/b.hatena.ne.jp\\\/iwellguard\\\/20260607#bookmark-4788405196491818882\",\"https:\\\/\\\/fliphtml5.com\\\/home\\\/iwellguard\",\"https:\\\/\\\/anyflip.com\\\/homepage\\\/cmiwl#About\",\"https:\\\/\\\/transfur.com\\\/Users\\\/iwellguard\",\"http:\\\/\\\/delphi.larsbo.org\\\/user\\\/iwellguard\",\"https:\\\/\\\/jobs.lajobsportal.org\\\/profiles\\\/8380803-iwell-guard\",\"https:\\\/\\\/md.chaosdorf.de\\\/s\\\/jfbe5SBdJD\",\"https:\\\/\\\/www.lingvolive.com\\\/en-us\\\/profile\\\/9ecaeaca-ce11-4e51-9e71-01d55e2bff36\\\/translations\",\"https:\\\/\\\/www.fitday.com\\\/fitness\\\/forums\\\/members\\\/iwellguard.html\",\"https:\\\/\\\/www.mymeetbook.com\\\/iwellguard\",\"https:\\\/\\\/pxhere.com\\\/en\\\/photographer-me\\\/5040798\",\"https:\\\/\\\/disqus.com\\\/by\\\/iwellguard\\\/about\\\/\",\"https:\\\/\\\/pastelink.net\\\/hjwciqwq\",\"https:\\\/\\\/pubhtml5.com\\\/homepage\\\/scjhn\\\/\",\"https:\\\/\\\/www.bitchute.com\\\/channel\\\/2O2eOKzNqujT\",\"https:\\\/\\\/audiomack.com\\\/iwellguard\"]},{\"@type\":\"Person\",\"@id\":\"https:\\\/\\\/iwell-guard.com\\\/is\\\/#\\\/schema\\\/person\\\/ee2a27f1cac3406c7c6fb5820cb7349f\",\"name\":\"Ralf Ittermann\",\"image\":{\"@type\":\"ImageObject\",\"inLanguage\":\"is\",\"@id\":\"https:\\\/\\\/secure.gravatar.com\\\/avatar\\\/073c0153e350a5005b68eb752b445fea71f6b24a26da9449ad7e155e6b446c9d?s=96&d=mm&r=g\",\"url\":\"https:\\\/\\\/secure.gravatar.com\\\/avatar\\\/073c0153e350a5005b68eb752b445fea71f6b24a26da9449ad7e155e6b446c9d?s=96&d=mm&r=g\",\"contentUrl\":\"https:\\\/\\\/secure.gravatar.com\\\/avatar\\\/073c0153e350a5005b68eb752b445fea71f6b24a26da9449ad7e155e6b446c9d?s=96&d=mm&r=g\",\"caption\":\"Ralf Ittermann\"},\"givenName\":\"Ralf\",\"familyName\":\"Ittermann\",\"jobTitle\":\"Gesch\u00e4ftsf\u00fchrer und redaktioneller Verantwortlicher\",\"url\":\"https:\\\/\\\/iwell-guard.com\\\/is\\\/author\\\/claude\\\/\",\"description\":\"Ralf Ittermann ist Gesch\u00e4ftsf\u00fchrer der Ittermann electronic GmbH und redaktioneller Verantwortlicher des iWell-Guard-Lexikons. Er verbindet langj\u00e4hrige Erfahrung in der Pr\u00e4zisionsfertigung mit medialer Praxis und religionsgeschichtlicher Quellenarbeit.\",\"worksFor\":{\"@type\":\"Organization\",\"name\":\"Ittermann electronic GmbH\",\"url\":\"https:\\\/\\\/ittermann.de\\\/\",\"address\":{\"@type\":\"PostalAddress\",\"streetAddress\":\"K\u00f6hlergasse 16-18\",\"postalCode\":\"99842\",\"addressLocality\":\"Ruhla\",\"addressCountry\":\"DE\"}},\"knowsAbout\":[\"Religionsgeschichte\",\"Mythologie\",\"Mediale Praxis\",\"Energetische Diagnostik\",\"Schutzpraxis\",\"Volksglauben\",\"Westliche Esoterik\"]},{\"@type\":\"Article\",\"@id\":\"https:\\\/\\\/iwell-guard.com\\\/is\\\/krampus\\\/#article\",\"isPartOf\":{\"@id\":\"https:\\\/\\\/iwell-guard.com\\\/is\\\/krampus\\\/\"},\"author\":{\"name\":\"Ralf Ittermann\",\"@id\":\"https:\\\/\\\/iwell-guard.com\\\/is\\\/#\\\/schema\\\/person\\\/ee2a27f1cac3406c7c6fb5820cb7349f\"},\"headline\":\"Krampus\",\"datePublished\":\"2026-09-05T14:12:04+00:00\",\"dateModified\":\"2026-09-05T14:57:31+00:00\",\"mainEntityOfPage\":{\"@id\":\"https:\\\/\\\/iwell-guard.com\\\/is\\\/krampus\\\/\"},\"publisher\":{\"@id\":\"https:\\\/\\\/iwell-guard.com\\\/is\\\/#organization\"},\"image\":{\"@id\":\"https:\\\/\\\/iwell-guard.com\\\/is\\\/krampus\\\/#primaryimage\"},\"thumbnailUrl\":\"https:\\\/\\\/iwell-guard.com\\\/wp-content\\\/uploads\\\/2026\\\/07\\\/daemonen_alpin_krampus.webp\",\"inLanguage\":\"is\",\"description\":\"Hver er Krampus? Uppruni nafnsins, Krampusn\u00f3ttin 5. desember, munurinn \u00e1 Perchten og Knecht Ruprecht og hinar st\u00f3ru Krampus-g\u00f6ngur.\"}]}<\/script>\n<!-- \/ Yoast SEO Premium plugin. -->","yoast_head_json":{"title":"Krampus: Uppruni, merking og hef\u00f0ir","description":"Hver er Krampus? Uppruni nafnsins, Krampusn\u00f3ttin 5. desember, munurinn \u00e1 Perchten og Knecht Ruprecht og hinar st\u00f3ru Krampus-g\u00f6ngur.","robots":{"index":"index","follow":"follow","max-snippet":"max-snippet:-1","max-image-preview":"max-image-preview:large","max-video-preview":"max-video-preview:-1"},"canonical":"https:\/\/iwell-guard.com\/is\/krampus\/","og_locale":"is_IS","og_type":"article","og_title":"Krampus","og_description":"Hver er Krampus? Uppruni nafnsins, Krampusn\u00f3ttin 5. desember, munurinn \u00e1 Perchten og Knecht Ruprecht og hinar st\u00f3ru Krampus-g\u00f6ngur.","og_url":"https:\/\/iwell-guard.com\/is\/krampus\/","og_site_name":"iWell Guard","article_modified_time":"2026-09-05T14:57:31+00:00","og_image":[{"width":1024,"height":1536,"url":"https:\/\/iwell-guard.com\/wp-content\/uploads\/2026\/07\/daemonen_alpin_krampus.webp","type":"image\/webp"}],"twitter_card":"summary_large_image","schema":{"@context":"https:\/\/schema.org","@graph":[{"@type":"Article","@id":"https:\/\/iwell-guard.com\/is\/krampus\/#article","isPartOf":{"@id":"https:\/\/iwell-guard.com\/is\/krampus\/"},"author":{"name":"Ralf Ittermann","@id":"https:\/\/iwell-guard.com\/is\/#\/schema\/person\/ee2a27f1cac3406c7c6fb5820cb7349f"},"headline":"Krampus","datePublished":"2026-09-05T14:12:04+00:00","dateModified":"2026-09-05T14:57:31+00:00","mainEntityOfPage":{"@id":"https:\/\/iwell-guard.com\/is\/krampus\/"},"publisher":{"@id":"https:\/\/iwell-guard.com\/is\/#organization"},"image":{"@id":"https:\/\/iwell-guard.com\/is\/krampus\/#primaryimage"},"thumbnailUrl":"https:\/\/iwell-guard.com\/wp-content\/uploads\/2026\/07\/daemonen_alpin_krampus.webp","inLanguage":"is","description":"Hver er Krampus? Uppruni nafnsins, Krampusn\u00f3ttin 5. desember, munurinn \u00e1 Perchten og Knecht Ruprecht og hinar st\u00f3ru Krampus-g\u00f6ngur."},{"@type":"WebPage","@id":"https:\/\/iwell-guard.com\/is\/krampus\/","url":"https:\/\/iwell-guard.com\/is\/krampus\/","name":"Krampus: Uppruni, merking og hef\u00f0ir","isPartOf":{"@id":"https:\/\/iwell-guard.com\/is\/#website"},"primaryImageOfPage":{"@id":"https:\/\/iwell-guard.com\/is\/krampus\/#primaryimage"},"image":{"@id":"https:\/\/iwell-guard.com\/is\/krampus\/#primaryimage"},"thumbnailUrl":"https:\/\/iwell-guard.com\/wp-content\/uploads\/2026\/07\/daemonen_alpin_krampus.webp","datePublished":"2026-09-05T14:12:04+00:00","dateModified":"2026-09-05T14:57:31+00:00","description":"Hver er Krampus? Uppruni nafnsins, Krampusn\u00f3ttin 5. desember, munurinn \u00e1 Perchten og Knecht Ruprecht og hinar st\u00f3ru Krampus-g\u00f6ngur.","breadcrumb":{"@id":"https:\/\/iwell-guard.com\/is\/krampus\/#breadcrumb"},"inLanguage":"is","potentialAction":[{"@type":"ReadAction","target":["https:\/\/iwell-guard.com\/is\/krampus\/"]}]},{"@type":"ImageObject","inLanguage":"is","@id":"https:\/\/iwell-guard.com\/is\/krampus\/#primaryimage","url":"https:\/\/iwell-guard.com\/wp-content\/uploads\/2026\/07\/daemonen_alpin_krampus.webp","contentUrl":"https:\/\/iwell-guard.com\/wp-content\/uploads\/2026\/07\/daemonen_alpin_krampus.webp","width":1024,"height":1536,"caption":"Krampus - Dj\u00f6flar \u00far alpaskri hef\u00f0, s\u00f6guleg myndskreyting"},{"@type":"BreadcrumbList","@id":"https:\/\/iwell-guard.com\/is\/krampus\/#breadcrumb","itemListElement":[{"@type":"ListItem","position":1,"name":"Start","item":"https:\/\/iwell-guard.com\/is\/?page_id=168580"},{"@type":"ListItem","position":2,"name":"Krampus"}]},{"@type":"WebSite","@id":"https:\/\/iwell-guard.com\/is\/#website","url":"https:\/\/iwell-guard.com\/is\/","name":"iWell Guard","description":"Schutz vor dunklen Einfl\u00fcssen","publisher":{"@id":"https:\/\/iwell-guard.com\/is\/#organization"},"potentialAction":[{"@type":"SearchAction","target":{"@type":"EntryPoint","urlTemplate":"https:\/\/iwell-guard.com\/is\/?s={search_term_string}"},"query-input":{"@type":"PropertyValueSpecification","valueRequired":true,"valueName":"search_term_string"}}],"inLanguage":"is"},{"@type":"Organization","@id":"https:\/\/iwell-guard.com\/is\/#organization","name":"Ittermann electronic GmbH","url":"https:\/\/iwell-guard.com\/is\/","logo":{"@type":"ImageObject","inLanguage":"is","@id":"https:\/\/iwell-guard.com\/is\/#\/schema\/logo\/image\/","url":"https:\/\/iwell-guard.com\/wp-content\/uploads\/2026\/05\/Ittermann-Logo-1182x237-1.png","contentUrl":"https:\/\/iwell-guard.com\/wp-content\/uploads\/2026\/05\/Ittermann-Logo-1182x237-1.png","width":1182,"height":237,"caption":"Ittermann electronic GmbH"},"image":{"@id":"https:\/\/iwell-guard.com\/is\/#\/schema\/logo\/image\/"},"sameAs":["https:\/\/pantip.com\/profile\/9367242","https:\/\/micro.blog\/iwellguard","https:\/\/www.diggerslist.com\/iwellguard\/about","https:\/\/skitterphoto.com\/photographers\/2870314\/iwell-guard","https:\/\/iwellguard.wordpress.com\/2026\/06\/06\/iwell-guard\/","https:\/\/hub.docker.com\/u\/iwellguard","https:\/\/www.pinterest.com\/iwellguard\/","https:\/\/bit.ly\/m\/iwellguard","https:\/\/entre-vos-mains.alsace.eu\/profiles\/iwellguard\/activity","https:\/\/gravatar.com\/reallybeded8fd34","https:\/\/naijamatta.com\/iwellguard","https:\/\/www.goodreads.com\/iwellguard","https:\/\/profile.hatena.ne.jp\/iwellguard\/","https:\/\/experiment.com\/users\/iwellguard","https:\/\/wakelet.com\/@iWellGuard82270","https:\/\/www.chordie.com\/forum\/profile.php?id=2555664","https:\/\/www.instapaper.com\/p\/17757966","https:\/\/www.mapleprimes.com\/users\/iwellguard","https:\/\/businesslistingplus.com\/profile\/iwell-guard\/","https:\/\/telegra.ph\/iWell-Guard-06-06","https:\/\/pbase.com\/iwellguard\/iwellguard","https:\/\/b.hatena.ne.jp\/iwellguard\/20260607#bookmark-4788405196491818882","https:\/\/fliphtml5.com\/home\/iwellguard","https:\/\/anyflip.com\/homepage\/cmiwl#About","https:\/\/transfur.com\/Users\/iwellguard","http:\/\/delphi.larsbo.org\/user\/iwellguard","https:\/\/jobs.lajobsportal.org\/profiles\/8380803-iwell-guard","https:\/\/md.chaosdorf.de\/s\/jfbe5SBdJD","https:\/\/www.lingvolive.com\/en-us\/profile\/9ecaeaca-ce11-4e51-9e71-01d55e2bff36\/translations","https:\/\/www.fitday.com\/fitness\/forums\/members\/iwellguard.html","https:\/\/www.mymeetbook.com\/iwellguard","https:\/\/pxhere.com\/en\/photographer-me\/5040798","https:\/\/disqus.com\/by\/iwellguard\/about\/","https:\/\/pastelink.net\/hjwciqwq","https:\/\/pubhtml5.com\/homepage\/scjhn\/","https:\/\/www.bitchute.com\/channel\/2O2eOKzNqujT","https:\/\/audiomack.com\/iwellguard"]},{"@type":"Person","@id":"https:\/\/iwell-guard.com\/is\/#\/schema\/person\/ee2a27f1cac3406c7c6fb5820cb7349f","name":"Ralf Ittermann","image":{"@type":"ImageObject","inLanguage":"is","@id":"https:\/\/secure.gravatar.com\/avatar\/073c0153e350a5005b68eb752b445fea71f6b24a26da9449ad7e155e6b446c9d?s=96&d=mm&r=g","url":"https:\/\/secure.gravatar.com\/avatar\/073c0153e350a5005b68eb752b445fea71f6b24a26da9449ad7e155e6b446c9d?s=96&d=mm&r=g","contentUrl":"https:\/\/secure.gravatar.com\/avatar\/073c0153e350a5005b68eb752b445fea71f6b24a26da9449ad7e155e6b446c9d?s=96&d=mm&r=g","caption":"Ralf Ittermann"},"givenName":"Ralf","familyName":"Ittermann","jobTitle":"Gesch\u00e4ftsf\u00fchrer und redaktioneller Verantwortlicher","url":"https:\/\/iwell-guard.com\/is\/author\/claude\/","description":"Ralf Ittermann ist Gesch\u00e4ftsf\u00fchrer der Ittermann electronic GmbH und redaktioneller Verantwortlicher des iWell-Guard-Lexikons. Er verbindet langj\u00e4hrige Erfahrung in der Pr\u00e4zisionsfertigung mit medialer Praxis und religionsgeschichtlicher Quellenarbeit.","worksFor":{"@type":"Organization","name":"Ittermann electronic GmbH","url":"https:\/\/ittermann.de\/","address":{"@type":"PostalAddress","streetAddress":"K\u00f6hlergasse 16-18","postalCode":"99842","addressLocality":"Ruhla","addressCountry":"DE"}},"knowsAbout":["Religionsgeschichte","Mythologie","Mediale Praxis","Energetische Diagnostik","Schutzpraxis","Volksglauben","Westliche Esoterik"]},{"@type":"Article","@id":"https:\/\/iwell-guard.com\/is\/krampus\/#article","isPartOf":{"@id":"https:\/\/iwell-guard.com\/is\/krampus\/"},"author":{"name":"Ralf Ittermann","@id":"https:\/\/iwell-guard.com\/is\/#\/schema\/person\/ee2a27f1cac3406c7c6fb5820cb7349f"},"headline":"Krampus","datePublished":"2026-09-05T14:12:04+00:00","dateModified":"2026-09-05T14:57:31+00:00","mainEntityOfPage":{"@id":"https:\/\/iwell-guard.com\/is\/krampus\/"},"publisher":{"@id":"https:\/\/iwell-guard.com\/is\/#organization"},"image":{"@id":"https:\/\/iwell-guard.com\/is\/krampus\/#primaryimage"},"thumbnailUrl":"https:\/\/iwell-guard.com\/wp-content\/uploads\/2026\/07\/daemonen_alpin_krampus.webp","inLanguage":"is","description":"Hver er Krampus? Uppruni nafnsins, Krampusn\u00f3ttin 5. desember, munurinn \u00e1 Perchten og Knecht Ruprecht og hinar st\u00f3ru Krampus-g\u00f6ngur."}]}},"_links":{"self":[{"href":"https:\/\/iwell-guard.com\/is\/wp-json\/wp\/v2\/pages\/169825","targetHints":{"allow":["GET"]}}],"collection":[{"href":"https:\/\/iwell-guard.com\/is\/wp-json\/wp\/v2\/pages"}],"about":[{"href":"https:\/\/iwell-guard.com\/is\/wp-json\/wp\/v2\/types\/page"}],"author":[{"embeddable":true,"href":"https:\/\/iwell-guard.com\/is\/wp-json\/wp\/v2\/users\/3"}],"replies":[{"embeddable":true,"href":"https:\/\/iwell-guard.com\/is\/wp-json\/wp\/v2\/comments?post=169825"}],"version-history":[{"count":0,"href":"https:\/\/iwell-guard.com\/is\/wp-json\/wp\/v2\/pages\/169825\/revisions"}],"wp:featuredmedia":[{"embeddable":true,"href":"https:\/\/iwell-guard.com\/is\/wp-json\/wp\/v2\/media\/20516"}],"wp:attachment":[{"href":"https:\/\/iwell-guard.com\/is\/wp-json\/wp\/v2\/media?parent=169825"}],"wp:term":[{"taxonomy":"category","embeddable":true,"href":"https:\/\/iwell-guard.com\/is\/wp-json\/wp\/v2\/categories?post=169825"}],"curies":[{"name":"wp","href":"https:\/\/api.w.org\/{rel}","templated":true}]}}