{"id":169653,"date":"2026-09-05T14:10:09","date_gmt":"2026-09-05T14:10:09","guid":{"rendered":"https:\/\/iwell-guard.com\/?page_id=169653"},"modified":"2026-09-05T14:51:39","modified_gmt":"2026-09-05T14:51:39","slug":"aderyn-y-corff","status":"publish","type":"page","link":"https:\/\/iwell-guard.com\/is\/aderyn-y-corff\/","title":{"rendered":"Aderyn y Corff"},"content":{"rendered":"\t\t<div data-elementor-type=\"wp-page\" data-elementor-id=\"169653\" class=\"elementor elementor-169653 elementor-19559\" data-elementor-post-type=\"page\">\n\t\t\t\t<div class=\"elementor-element elementor-element-10fdade e-flex e-con-boxed e-con e-parent\" data-id=\"10fdade\" data-element_type=\"container\" data-e-type=\"container\" data-settings=\"{&quot;background_background&quot;:&quot;classic&quot;}\">\n\t\t\t\t\t<div class=\"e-con-inner\">\n\t\t<div class=\"elementor-element elementor-element-herohlft0 e-flex e-con-boxed e-con e-child\" data-id=\"herohlft0\" data-element_type=\"container\" data-e-type=\"container\">\n\t\t\t\t\t<div class=\"e-con-inner\">\n\t\t<div class=\"elementor-element elementor-element-c3ceb64 e-con-full e-flex e-con e-child\" data-id=\"c3ceb64\" data-element_type=\"container\" data-e-type=\"container\">\n\t\t\t\t<div class=\"elementor-element elementor-element-96ae5e1 elementor-widget elementor-widget-heading\" data-id=\"96ae5e1\" data-element_type=\"widget\" data-e-type=\"widget\" data-widget_type=\"heading.default\">\n\t\t\t\t\t<h1 class=\"elementor-heading-title elementor-size-default\">Aderyn y Corff, fuglinn vi\u00f0 glugga hins deyjandi<\/h1>\t\t\t\t<\/div>\n\t\t\t\t<div class=\"elementor-element elementor-element-e45238a elementor-widget elementor-widget-text-editor\" data-id=\"e45238a\" data-element_type=\"widget\" data-e-type=\"widget\" data-widget_type=\"text-editor.default\">\n\t\t\t\t\t\t\t\t\t<p>Aderyn y Corff er <span class=\"iwg-fachbegriff\" data-tooltip=\"Vera \u00e1n l\u00edkama sem talin er hafa \u00e1hrif \u00ed heiminum.\" tabindex=\"0\">andi<\/span> \u00far velskri \u00fej\u00f3\u00f0tr\u00fa.<\/p><p><strong>Bank hans \u00e1 hur\u00f0ina bo\u00f0ar dau\u00f0a \u00ed h\u00fasinu \u00ed n\u00e1inni framt\u00ed\u00f0.<\/strong><\/p>\t\t\t\t\t\t\t\t<\/div>\n\t\t\t\t<\/div>\n\t\t<div class=\"elementor-element elementor-element-klsbdg01 e-con-full e-flex e-con e-parent\" data-id=\"klsbdg01\" data-element_type=\"container\" data-e-type=\"container\">\n\t\t\t\t<div class=\"elementor-element elementor-element-klshtm01 elementor-widget elementor-widget-html\" data-id=\"klshtm01\" data-element_type=\"widget\" data-e-type=\"widget\" data-widget_type=\"html.default\">\n\t\t\t\t\t<div class=\"iwg-pill-row\"><span class=\"iwg-klasse-badge\" tabindex=\"0\" data-tooltip=\"Andi: \u00d3l\u00edkamleg e\u00f0a h\u00e1lfl\u00edkamleg vera, framli\u00f0nir, n\u00e1tt\u00faruv\u00e6ttir, heimilisandar e\u00f0a \u00fer\u00f6skuldsver\u00f0ir. Hefur \u00e1hrif \u00ed daglegu l\u00edfi, oft bundin st\u00f6\u00f0um e\u00f0a fj\u00f6lskyldum.\">Andi<\/span><a href=\"https:\/\/iwell-guard.com\/is\/keltneskt\/\" class=\"iwg-kultur-badge\" tabindex=\"0\" data-tooltip=\"Keltnesk tr\u00faarbr\u00f6g\u00f0 Vestur-Evr\u00f3pu og Bretlandseyja, var\u00f0veitt go\u00f0sagnafr\u00e6\u00f0ilega \u00ed \u00edrsk-velskum textum.\">Keltneskt<\/a><\/div>\t\t\t\t<\/div>\n\t\t\t\t<\/div>\n\t\t<div class=\"elementor-element elementor-element-3f74855 e-con-full e-flex e-con e-child\" data-id=\"3f74855\" data-element_type=\"container\" data-e-type=\"container\">\n\t\t\t\t<div class=\"elementor-element elementor-element-1c30362 elementor-toc--minimized-on-tablet elementor-widget elementor-widget-table-of-contents\" data-id=\"1c30362\" data-element_type=\"widget\" data-e-type=\"widget\" data-settings=\"{&quot;exclude_headings_by_selector&quot;:[],&quot;no_headings_message&quot;:&quot;Engar undirfyrirsagnir fundust \\u00e1 \\u00feessari s\\u00ed\\u00f0u.&quot;,&quot;headings_by_tags&quot;:[&quot;h2&quot;,&quot;h3&quot;],&quot;marker_view&quot;:&quot;bullets&quot;,&quot;icon&quot;:{&quot;value&quot;:&quot;fas fa-circle&quot;,&quot;library&quot;:&quot;fa-solid&quot;,&quot;rendered_tag&quot;:&quot;&lt;svg class=\\&quot;e-font-icon-svg e-fas-circle\\&quot; viewBox=\\&quot;0 0 512 512\\&quot; xmlns=\\&quot;http:\\\/\\\/www.w3.org\\\/2000\\\/svg\\&quot;&gt;&lt;path d=\\&quot;M256 8C119 8 8 119 8 256s111 248 248 248 248-111 248-248S393 8 256 8z\\&quot;&gt;&lt;\\\/path&gt;&lt;\\\/svg&gt;&quot;},&quot;minimize_box&quot;:&quot;yes&quot;,&quot;minimized_on&quot;:&quot;tablet&quot;,&quot;hierarchical_view&quot;:&quot;yes&quot;,&quot;min_height&quot;:{&quot;unit&quot;:&quot;px&quot;,&quot;size&quot;:&quot;&quot;,&quot;sizes&quot;:[]},&quot;min_height_tablet&quot;:{&quot;unit&quot;:&quot;px&quot;,&quot;size&quot;:&quot;&quot;,&quot;sizes&quot;:[]},&quot;min_height_mobile&quot;:{&quot;unit&quot;:&quot;px&quot;,&quot;size&quot;:&quot;&quot;,&quot;sizes&quot;:[]}}\" data-widget_type=\"table-of-contents.default\">\n\t\t\t\t\t\t\t\t\t<div class=\"elementor-toc__header\">\n\t\t\t\t\t\t<h2 class=\"elementor-toc__header-title\">\n\t\t\t\tEfnisyfirlit\t\t\t<\/h2>\n\t\t\t\t\t\t\t\t\t\t<div class=\"elementor-toc__toggle-button elementor-toc__toggle-button--expand\" role=\"button\" tabindex=\"0\" aria-controls=\"elementor-toc__1c30362\" aria-expanded=\"true\" aria-label=\"Open table of contents\"><svg aria-hidden=\"true\" class=\"e-font-icon-svg e-fas-chevron-down\" viewBox=\"0 0 448 512\" xmlns=\"http:\/\/www.w3.org\/2000\/svg\"><path d=\"M207.029 381.476L12.686 187.132c-9.373-9.373-9.373-24.569 0-33.941l22.667-22.667c9.357-9.357 24.522-9.375 33.901-.04L224 284.505l154.745-154.021c9.379-9.335 24.544-9.317 33.901.04l22.667 22.667c9.373 9.373 9.373 24.569 0 33.941L240.971 381.476c-9.373 9.372-24.569 9.372-33.942 0z\"><\/path><\/svg><\/div>\n\t\t\t\t<div class=\"elementor-toc__toggle-button elementor-toc__toggle-button--collapse\" role=\"button\" tabindex=\"0\" aria-controls=\"elementor-toc__1c30362\" aria-expanded=\"true\" aria-label=\"Close table of contents\"><svg aria-hidden=\"true\" class=\"e-font-icon-svg e-fas-chevron-up\" viewBox=\"0 0 448 512\" xmlns=\"http:\/\/www.w3.org\/2000\/svg\"><path d=\"M240.971 130.524l194.343 194.343c9.373 9.373 9.373 24.569 0 33.941l-22.667 22.667c-9.357 9.357-24.522 9.375-33.901.04L224 227.495 69.255 381.516c-9.379 9.335-24.544 9.317-33.901-.04l-22.667-22.667c-9.373-9.373-9.373-24.569 0-33.941L207.03 130.525c9.372-9.373 24.568-9.373 33.941-.001z\"><\/path><\/svg><\/div>\n\t\t\t\t\t<\/div>\n\t\t\t\t<div id=\"elementor-toc__1c30362\" class=\"elementor-toc__body\">\n\t\t\t<div class=\"elementor-toc__spinner-container\">\n\t\t\t\t<svg class=\"elementor-toc__spinner eicon-animation-spin e-font-icon-svg e-eicon-loading\" aria-hidden=\"true\" viewBox=\"0 0 1000 1000\" xmlns=\"http:\/\/www.w3.org\/2000\/svg\"><path d=\"M500 975V858C696 858 858 696 858 500S696 142 500 142 142 304 142 500H25C25 237 238 25 500 25S975 237 975 500 763 975 500 975Z\"><\/path><\/svg>\t\t\t<\/div>\n\t\t<\/div>\n\t\t\t\t\t\t<\/div>\n\t\t\t\t<\/div>\n\t\t\t\t\t<\/div>\n\t\t\t\t<\/div>\n\t\t<div class=\"elementor-element elementor-element-herorght0 e-con-full e-flex e-con e-child\" data-id=\"herorght0\" data-element_type=\"container\" data-e-type=\"container\">\n\t\t\t\t<div class=\"elementor-element elementor-element-heroimg00 iwg-hero-image elementor-widget elementor-widget-image\" data-id=\"heroimg00\" data-element_type=\"widget\" data-e-type=\"widget\" data-widget_type=\"image.default\">\n\t\t\t\t\t\t\t\t\t\t\t\t\t\t\t<img fetchpriority=\"high\" decoding=\"async\" width=\"683\" height=\"1024\" src=\"https:\/\/iwell-guard.com\/wp-content\/uploads\/2026\/07\/geister_keltisch_aderyn-y-corff-683x1024.webp\" class=\"attachment-large size-large wp-image-170146\" alt=\"Aderyn y Corff, andi \u00far keltneskri arfs\u00f6gn\" srcset=\"https:\/\/iwell-guard.com\/wp-content\/uploads\/2026\/07\/geister_keltisch_aderyn-y-corff-683x1024.webp 683w, https:\/\/iwell-guard.com\/wp-content\/uploads\/2026\/07\/geister_keltisch_aderyn-y-corff-200x300.webp 200w, https:\/\/iwell-guard.com\/wp-content\/uploads\/2026\/07\/geister_keltisch_aderyn-y-corff-768x1152.webp 768w, https:\/\/iwell-guard.com\/wp-content\/uploads\/2026\/07\/geister_keltisch_aderyn-y-corff.webp 1024w\" sizes=\"(max-width: 683px) 100vw, 683px\" \/>\t\t\t\t\t\t\t\t\t\t\t\t\t\t\t<\/div>\n\t\t\t\t<\/div>\n\t\t\t\t\t<\/div>\n\t\t\t\t<\/div>\n\t\t<div class=\"elementor-element elementor-element-32917199 e-flex e-con-boxed e-con e-parent\" data-id=\"32917199\" data-element_type=\"container\" data-e-type=\"container\">\n\t\t\t\t\t<div class=\"e-con-inner\">\n\t\t<div class=\"elementor-element elementor-element-26e916cb e-flex e-con-boxed e-con e-child\" data-id=\"26e916cb\" data-element_type=\"container\" data-e-type=\"container\">\n\t\t\t\t\t<div class=\"e-con-inner\">\n\t\t<div class=\"elementor-element elementor-element-253a40d4 e-flex e-con-boxed e-con e-child\" data-id=\"253a40d4\" data-element_type=\"container\" data-e-type=\"container\">\n\t\t\t\t\t<div class=\"e-con-inner\">\n\t\t\t\t<div class=\"elementor-element elementor-element-1200c304 elementor-widget elementor-widget-heading\" data-id=\"1200c304\" data-element_type=\"widget\" data-e-type=\"widget\" data-widget_type=\"heading.default\">\n\t\t\t\t\t<div class=\"elementor-heading-title elementor-size-default\">Aderyn y Corff<\/div>\t\t\t\t<\/div>\n\t\t\t\t<div class=\"elementor-element elementor-element-11758e7f elementor-widget elementor-widget-text-editor\" data-id=\"11758e7f\" data-element_type=\"widget\" data-e-type=\"widget\" data-widget_type=\"text-editor.default\">\n\t\t\t\t\t\t\t\t\t<p>Aderyn y Corff, l\u00edkfuglinn, er velskur d\u00e1narbo\u00f0i. Bank e\u00f0a kall hans vi\u00f0 hur\u00f0 e\u00f0a glugga h\u00fass er tali\u00f0 merki \u00feess a\u00f0 einhver \u00ed h\u00fasinu muni deyja innan skamms. \u00dej\u00f3\u00f0leg t\u00falkun setur hann jafnt og uglu, en eldri arfs\u00f6gn l\u00edtur \u00e1 hann sem sj\u00e1lfst\u00e6\u00f0a, yfirn\u00e1tt\u00farulega veru.<\/p><p>Nafni\u00f0 er samsett \u00far <em>aderyn<\/em>, fugl, og <em>corff<\/em> e\u00f0a <em>corph<\/em>, l\u00edkami og l\u00edk, og \u00fe\u00fd\u00f0ir b\u00f3kstaflega l\u00edkfugl. Kall hans er hlj\u00f3\u00f0l\u00edkt endurgefi\u00f0 sem <em>dewch, dewch<\/em>, velska fyrir kom, kom, og t\u00falka\u00f0 sem \u00e1skorun til hins deyjandi um a\u00f0 fylgja \u00e1 eftir inn \u00ed handanheiminn. Veran er sta\u00f0fest fyrst og fremst hj\u00e1 Wirt Sikes og Marie Trevelyan; heimildasta\u00f0an er greinilega r\u00fdrari en hj\u00e1 Canwyll Corff, l\u00edkkertunni, e\u00f0a Cyhyraeth.<\/p>\t\t\t\t\t\t\t\t<\/div>\n\t\t\t\t\t<\/div>\n\t\t\t\t<\/div>\n\t\t<div class=\"elementor-element elementor-element-159dcf9a e-flex e-con-boxed e-con e-child\" data-id=\"159dcf9a\" data-element_type=\"container\" data-e-type=\"container\">\n\t\t\t\t\t<div class=\"e-con-inner\">\n\t\t\t\t<div class=\"elementor-element elementor-element-48cee66f elementor-widget elementor-widget-heading\" data-id=\"48cee66f\" data-element_type=\"widget\" data-e-type=\"widget\" data-widget_type=\"heading.default\">\n\t\t\t\t\t<div class=\"elementor-heading-title elementor-size-default\">\u00cd hnotskurn: Aderyn y Corff<\/div>\t\t\t\t<\/div>\n\t\t\t\t<div class=\"elementor-element elementor-element-3f50d82c elementor-widget elementor-widget-text-editor\" data-id=\"3f50d82c\" data-element_type=\"widget\" data-e-type=\"widget\" data-widget_type=\"text-editor.default\">\n\t\t\t\t\t\t\t\t\t<p><strong>Tegund:<\/strong> D\u00e1narbo\u00f0i \u00ed fuglsl\u00edki, oftast t\u00falka\u00f0ur sem ugla<br>Uppruni: Velsk \u00fej\u00f3\u00f0tr\u00fa um dau\u00f0a og fyrirbo\u00f0a, sveitir Wales<br>Textar: Frekar r\u00fdr heimildasta\u00f0a, a\u00f0allega hj\u00e1 Sikes og Trevelyan<br>T\u00edmabil: fyrst og fremst 18. og 19. \u00f6ld, skr\u00e1\u00f0 af \u00fej\u00f3\u00f0fr\u00e6\u00f0is\u00f6fnurum<br>\u00c1s\u00fdnd: Fugl, oftast jafna\u00f0ur vi\u00f0 uglu, \u00ed eldri arfs\u00f6gn \u00e1n fja\u00f0ra og v\u00e6ngja<\/p>\t\t\t\t\t\t\t\t<\/div>\n\t\t\t\t\t<\/div>\n\t\t\t\t<\/div>\n\t\t\t\t\t<\/div>\n\t\t\t\t<\/div>\n\t\t\t\t\t<\/div>\n\t\t\t\t<\/div>\n\t\t<div class=\"elementor-element elementor-element-18613602 e-flex e-con-boxed e-con e-parent\" data-id=\"18613602\" data-element_type=\"container\" data-e-type=\"container\">\n\t\t\t\t\t<div class=\"e-con-inner\">\n\t\t\t\t<div class=\"elementor-element elementor-element-262b8a9f elementor-widget elementor-widget-heading\" data-id=\"262b8a9f\" data-element_type=\"widget\" data-e-type=\"widget\" data-widget_type=\"heading.default\">\n\t\t\t\t\t<h2 class=\"elementor-heading-title elementor-size-default\">Heimildasamhengi<\/h2>\t\t\t\t<\/div>\n\t\t<div class=\"elementor-element elementor-element-46dcb7d e-con-full e-flex e-con e-child\" data-id=\"46dcb7d\" data-element_type=\"container\" data-e-type=\"container\">\n\t\t<div class=\"elementor-element elementor-element-61d3ab3 e-flex e-con-boxed e-con e-child\" data-id=\"61d3ab3\" data-element_type=\"container\" data-e-type=\"container\">\n\t\t\t\t\t<div class=\"e-con-inner\">\n\t\t\t\t<div class=\"elementor-element elementor-element-117c166 elementor-widget elementor-widget-heading\" data-id=\"117c166\" data-element_type=\"widget\" data-e-type=\"widget\" data-widget_type=\"heading.default\">\n\t\t\t\t\t<h3 class=\"elementor-heading-title elementor-size-default\">T\u00edmabil textanna<\/h3>\t\t\t\t<\/div>\n\t\t\t\t<div class=\"elementor-element elementor-element-73997a0 elementor-widget elementor-widget-text-editor\" data-id=\"73997a0\" data-element_type=\"widget\" data-e-type=\"widget\" data-widget_type=\"text-editor.default\">\n\t\t\t\t\t\t\t\t\t<p>Fyrst og fremst 18. og 19. \u00f6ld: \u00c1 \u00feessum t\u00edma skr\u00e1 velskir \u00fej\u00f3\u00f0fr\u00e6\u00f0is\u00f6fnur fyrirbo\u00f0ann \u00ed ritum s\u00ednum.<\/p>\t\t\t\t\t\t\t\t<\/div>\n\t\t\t\t\t<\/div>\n\t\t\t\t<\/div>\n\t\t<div class=\"elementor-element elementor-element-d47b156 e-flex e-con-boxed e-con e-child\" data-id=\"d47b156\" data-element_type=\"container\" data-e-type=\"container\">\n\t\t\t\t\t<div class=\"e-con-inner\">\n\t\t\t\t<div class=\"elementor-element elementor-element-ff38c2b elementor-widget elementor-widget-heading\" data-id=\"ff38c2b\" data-element_type=\"widget\" data-e-type=\"widget\" data-widget_type=\"heading.default\">\n\t\t\t\t\t<h3 class=\"elementor-heading-title elementor-size-default\">\u00datbrei\u00f0slusv\u00e6\u00f0i<\/h3>\t\t\t\t<\/div>\n\t\t\t\t<div class=\"elementor-element elementor-element-4e49fcc elementor-widget elementor-widget-text-editor\" data-id=\"4e49fcc\" data-element_type=\"widget\" data-e-type=\"widget\" data-widget_type=\"text-editor.default\">\n\t\t\t\t\t\t\t\t\t<p>Sveitir Wales, s\u00e9rstaklega velskum\u00e6landi sv\u00e6\u00f0i \u00fear sem tr\u00fain \u00e1 fyrirbo\u00f0ann var lifandi.<\/p>\t\t\t\t\t\t\t\t<\/div>\n\t\t\t\t\t<\/div>\n\t\t\t\t<\/div>\n\t\t\t\t<\/div>\n\t\t<div class=\"elementor-element elementor-element-db03c39 e-con-full e-flex e-con e-child\" data-id=\"db03c39\" data-element_type=\"container\" data-e-type=\"container\">\n\t\t<div class=\"elementor-element elementor-element-229a87b e-flex e-con-boxed e-con e-child\" data-id=\"229a87b\" data-element_type=\"container\" data-e-type=\"container\">\n\t\t\t\t\t<div class=\"e-con-inner\">\n\t\t\t\t<div class=\"elementor-element elementor-element-1f471fc elementor-widget elementor-widget-heading\" data-id=\"1f471fc\" data-element_type=\"widget\" data-e-type=\"widget\" data-widget_type=\"heading.default\">\n\t\t\t\t\t<h3 class=\"elementor-heading-title elementor-size-default\">Heimildasta\u00f0a<\/h3>\t\t\t\t<\/div>\n\t\t\t\t<div class=\"elementor-element elementor-element-36b1201 elementor-widget elementor-widget-text-editor\" data-id=\"36b1201\" data-element_type=\"widget\" data-e-type=\"widget\" data-widget_type=\"text-editor.default\">\n\t\t\t\t\t\t\t\t\t<p>Frekar r\u00fdr: A\u00f0alheimildirnar koma fr\u00e1 Wirt Sikes og Marie Trevelyan, greinilega minni en hj\u00e1 l\u00edkkertunni e\u00f0a Cyhyraeth.<\/p>\t\t\t\t\t\t\t\t<\/div>\n\t\t\t\t\t<\/div>\n\t\t\t\t<\/div>\n\t\t\t\t<\/div>\n\t\t\t\t\t<\/div>\n\t\t\t\t<\/div>\n\t\t<div class=\"elementor-element elementor-element-3ae0637c e-flex e-con-boxed e-con e-parent\" data-id=\"3ae0637c\" data-element_type=\"container\" data-e-type=\"container\">\n\t\t\t\t\t<div class=\"e-con-inner\">\n\t\t\t\t<div class=\"elementor-element elementor-element-31d07739 elementor-widget elementor-widget-heading\" data-id=\"31d07739\" data-element_type=\"widget\" data-e-type=\"widget\" data-widget_type=\"heading.default\">\n\t\t\t\t\t<h2 class=\"elementor-heading-title elementor-size-default\">Nafn og afbrig\u00f0i<\/h2>\t\t\t\t<\/div>\n\t\t<div class=\"elementor-element elementor-element-b7642947 e-con-full e-flex e-con e-child\" data-id=\"b7642947\" data-element_type=\"container\" data-e-type=\"container\">\n\t\t\t\t<div class=\"elementor-element elementor-element-a086266 elementor-widget elementor-widget-text-editor\" data-id=\"a086266\" data-element_type=\"widget\" data-e-type=\"widget\" data-widget_type=\"text-editor.default\">\n\t\t\t\t\t\t\t\t\t<p><strong>Velska:<\/strong> <em>aderyn<\/em> \u00fe\u00fd\u00f0ir fugl, <em>corff<\/em> e\u00f0a <em>corph<\/em> l\u00edkami e\u00f0a l\u00edk: Aderyn y Corff \u00fe\u00fd\u00f0ir b\u00f3kstaflega l\u00edkfugl. Eldri skrifh\u00e1ttur er Aderyn y Corph, og einnig algeng er einf\u00f6ldu\u00f0 myndin aderyn corph \u00e1n bindior\u00f0sins y.<\/p>\t\t\t\t\t\t\t\t<\/div>\n\t\t\t\t<\/div>\n\t\t\t\t\t<\/div>\n\t\t\t\t<\/div>\n\t\t<div class=\"elementor-element elementor-element-709a44a8 e-flex e-con-boxed e-con e-parent\" data-id=\"709a44a8\" data-element_type=\"container\" data-e-type=\"container\">\n\t\t\t\t\t<div class=\"e-con-inner\">\n\t\t\t\t<div class=\"elementor-element elementor-element-2f585873 elementor-widget elementor-widget-heading\" data-id=\"2f585873\" data-element_type=\"widget\" data-e-type=\"widget\" data-widget_type=\"heading.default\">\n\t\t\t\t\t<h2 class=\"elementor-heading-title elementor-size-default\">L\u00fdsing<\/h2>\t\t\t\t<\/div>\n\t\t<div class=\"elementor-element elementor-element-70621c12 e-con-full e-flex e-con e-child\" data-id=\"70621c12\" data-element_type=\"container\" data-e-type=\"container\">\n\t\t\t\t<div class=\"elementor-element elementor-element-4296eb49 elementor-widget elementor-widget-text-editor\" data-id=\"4296eb49\" data-element_type=\"widget\" data-e-type=\"widget\" data-widget_type=\"text-editor.default\">\n\t\t\t\t\t\t\t\t\t<p><strong>\u00c1s\u00fdnd<\/strong><\/p><p>Aderyn y Corff birtist sem fugl, \u00ed \u00fej\u00f3\u00f0legri t\u00falkun oftast sem ugla. Eldri arfs\u00f6gn kannast einnig vi\u00f0 hann sem veru \u00e1n fja\u00f0ra og v\u00e6ngja, sem dvelur \u00e1 \u00f6\u00f0ru tilverustigi milli birtinga sinna. Sem n\u00e6turfugl og skilamerki milli heima stendur uglan t\u00e1knr\u00e6nt fyrir umskiptin milli l\u00edfs og dau\u00f0a.<\/p><p><strong>\u00c1hrif<\/strong><\/p><p>Fuglinn bankar e\u00f0a kallar \u00e1 n\u00f3ttunni vi\u00f0 hur\u00f0 e\u00f0a glugga h\u00fass \u00fear sem einhver mun deyja innan skamms, og markar \u00feannig h\u00fastr\u00f6skuldinn sem landam\u00e6ri milli \u00feessa heims og handanheims. \u00c1hrif hans eru hrein tilkynning: hann veldur ekki dau\u00f0anum heldur tilkynnir hann, og s\u00e1 sem heyrir kalli\u00f0 t\u00falkar \u00fea\u00f0 sem merki um yfirvofandi dau\u00f0sfall \u00ed h\u00fasinu.<\/p>\t\t\t\t\t\t\t\t<\/div>\n\t\t\t\t<\/div>\n\t\t\t\t\t<\/div>\n\t\t\t\t<\/div>\n\t\t<div class=\"elementor-element elementor-element-44e71476 e-flex e-con-boxed e-con e-parent\" data-id=\"44e71476\" data-element_type=\"container\" data-e-type=\"container\">\n\t\t\t\t\t<div class=\"e-con-inner\">\n\t\t\t\t<div class=\"elementor-element elementor-element-3c1fc3f0 elementor-widget elementor-widget-heading\" data-id=\"3c1fc3f0\" data-element_type=\"widget\" data-e-type=\"widget\" data-widget_type=\"heading.default\">\n\t\t\t\t\t<h2 class=\"elementor-heading-title elementor-size-default\">Grunnuppl\u00fdsingar: Aderyn y Corff<\/h2>\t\t\t\t<\/div>\n\t\t<div class=\"elementor-element elementor-element-84f33b8e e-con-full e-flex e-con e-child\" data-id=\"84f33b8e\" data-element_type=\"container\" data-e-type=\"container\">\n\t\t\t\t<div class=\"elementor-element elementor-element-hqkdc67p elementor-widget elementor-widget-text-editor\" data-id=\"hqkdc67p\" data-element_type=\"widget\" data-e-type=\"widget\" data-widget_type=\"text-editor.default\">\n\t\t\t\t\t\t\t\t\t<p>Mikilv\u00e6gustu \u00fe\u00e6ttir l\u00edkfuglsins \u00ed hnotskurn.<\/p>\t\t\t\t\t\t\t\t<\/div>\n\t\t\t\t<\/div>\n\t\t<div class=\"elementor-element elementor-element-pemmx7c5 e-con-full e-flex e-con e-child\" data-id=\"pemmx7c5\" data-element_type=\"container\" data-e-type=\"container\">\n\t\t<div class=\"elementor-element elementor-element-pemmx7c1 e-con-full e-flex e-con e-child\" data-id=\"pemmx7c1\" data-element_type=\"container\" data-e-type=\"container\">\n\t\t<div class=\"elementor-element elementor-element-qh9oavvu iwg-steckbrief-card e-flex e-con-boxed e-con e-child\" data-id=\"qh9oavvu\" data-element_type=\"container\" data-e-type=\"container\">\n\t\t\t\t\t<div class=\"e-con-inner\">\n\t\t\t\t<div class=\"elementor-element elementor-element-awzx8k2k elementor-widget elementor-widget-heading\" data-id=\"awzx8k2k\" data-element_type=\"widget\" data-e-type=\"widget\" data-widget_type=\"heading.default\">\n\t\t\t\t\t<div class=\"elementor-heading-title elementor-size-default\">Menningarsamhengi<\/div>\t\t\t\t<\/div>\n\t\t\t\t<div class=\"elementor-element elementor-element-x6rowhv0 elementor-widget elementor-widget-text-editor\" data-id=\"x6rowhv0\" data-element_type=\"widget\" data-e-type=\"widget\" data-widget_type=\"text-editor.default\">\n\t\t\t\t\t\t\t\t\t<p>Hluti af velskri d\u00e1narbo\u00f0ahef\u00f0, sem kannast vi\u00f0 fyrirbo\u00f0a dau\u00f0ans \u00ed mynd d\u00fdra, lj\u00f3ss og hlj\u00f3\u00f0s.<\/p>\t\t\t\t\t\t\t\t<\/div>\n\t\t\t\t\t<\/div>\n\t\t\t\t<\/div>\n\t\t<div class=\"elementor-element elementor-element-8e3o4kxs iwg-steckbrief-card e-flex e-con-boxed e-con e-child\" data-id=\"8e3o4kxs\" data-element_type=\"container\" data-e-type=\"container\">\n\t\t\t\t\t<div class=\"e-con-inner\">\n\t\t\t\t<div class=\"elementor-element elementor-element-08rkdgov elementor-widget elementor-widget-heading\" data-id=\"08rkdgov\" data-element_type=\"widget\" data-e-type=\"widget\" data-widget_type=\"heading.default\">\n\t\t\t\t\t<div class=\"elementor-heading-title elementor-size-default\">Tengt vi\u00f0<\/div>\t\t\t\t<\/div>\n\t\t\t\t<div class=\"elementor-element elementor-element-uwjelx8s elementor-widget elementor-widget-text-editor\" data-id=\"uwjelx8s\" data-element_type=\"widget\" data-e-type=\"widget\" data-widget_type=\"text-editor.default\">\n\t\t\t\t\t\t\t\t\t<p>\u00deann sem mun deyja innan skamms og heimilisf\u00f3lk hans, vi\u00f0 hur\u00f0 e\u00f0a glugga hvers fuglinn birtist.<\/p>\t\t\t\t\t\t\t\t<\/div>\n\t\t\t\t\t<\/div>\n\t\t\t\t<\/div>\n\t\t<div class=\"elementor-element elementor-element-jm2n74ec iwg-steckbrief-card e-flex e-con-boxed e-con e-child\" data-id=\"jm2n74ec\" data-element_type=\"container\" data-e-type=\"container\">\n\t\t\t\t\t<div class=\"e-con-inner\">\n\t\t\t\t<div class=\"elementor-element elementor-element-8vufse4c elementor-widget elementor-widget-heading\" data-id=\"8vufse4c\" data-element_type=\"widget\" data-e-type=\"widget\" data-widget_type=\"heading.default\">\n\t\t\t\t\t<div class=\"elementor-heading-title elementor-size-default\">Framsetning<\/div>\t\t\t\t<\/div>\n\t\t\t\t<div class=\"elementor-element elementor-element-mwb9u015 elementor-widget elementor-widget-text-editor\" data-id=\"mwb9u015\" data-element_type=\"widget\" data-e-type=\"widget\" data-widget_type=\"text-editor.default\">\n\t\t\t\t\t\t\t\t\t<p>Oftast t\u00falka\u00f0ur sem ugla, \u00ed eldri arfs\u00f6gn einnig sem vera \u00e1n fja\u00f0ra og v\u00e6ngja, \u00e1n fasts fuglsl\u00edkama.<\/p>\t\t\t\t\t\t\t\t<\/div>\n\t\t\t\t\t<\/div>\n\t\t\t\t<\/div>\n\t\t\t\t<\/div>\n\t\t<div class=\"elementor-element elementor-element-pemmx7c2 e-con-full e-flex e-con e-child\" data-id=\"pemmx7c2\" data-element_type=\"container\" data-e-type=\"container\">\n\t\t<div class=\"elementor-element elementor-element-37ss2yr6 iwg-steckbrief-card e-flex e-con-boxed e-con e-child\" data-id=\"37ss2yr6\" data-element_type=\"container\" data-e-type=\"container\">\n\t\t\t\t\t<div class=\"e-con-inner\">\n\t\t\t\t<div class=\"elementor-element elementor-element-3v0wp3wx elementor-widget elementor-widget-heading\" data-id=\"3v0wp3wx\" data-element_type=\"widget\" data-e-type=\"widget\" data-widget_type=\"heading.default\">\n\t\t\t\t\t<div class=\"elementor-heading-title elementor-size-default\">Hlutverk<\/div>\t\t\t\t<\/div>\n\t\t\t\t<div class=\"elementor-element elementor-element-w3247g2m elementor-widget elementor-widget-text-editor\" data-id=\"w3247g2m\" data-element_type=\"widget\" data-e-type=\"widget\" data-widget_type=\"text-editor.default\">\n\t\t\t\t\t\t\t\t\t<p>Hreinn fyrirbo\u00f0i: bank hans bo\u00f0ar dau\u00f0a \u00ed h\u00fasinu \u00ed n\u00e1inni framt\u00ed\u00f0, en veldur honum ekki.<\/p>\t\t\t\t\t\t\t\t<\/div>\n\t\t\t\t\t<\/div>\n\t\t\t\t<\/div>\n\t\t<div class=\"elementor-element elementor-element-0qpjal9w iwg-steckbrief-card e-flex e-con-boxed e-con e-child\" data-id=\"0qpjal9w\" data-element_type=\"container\" data-e-type=\"container\">\n\t\t\t\t\t<div class=\"e-con-inner\">\n\t\t\t\t<div class=\"elementor-element elementor-element-6ndoih0o elementor-widget elementor-widget-heading\" data-id=\"6ndoih0o\" data-element_type=\"widget\" data-e-type=\"widget\" data-widget_type=\"heading.default\">\n\t\t\t\t\t<div class=\"elementor-heading-title elementor-size-default\">Umgengni<\/div>\t\t\t\t<\/div>\n\t\t\t\t<div class=\"elementor-element elementor-element-6684tyh9 elementor-widget elementor-widget-text-editor\" data-id=\"6684tyh9\" data-element_type=\"widget\" data-e-type=\"widget\" data-widget_type=\"text-editor.default\">\n\t\t\t\t\t\t\t\t\t<p>Engin hef\u00f0bundin brottreksturath\u00f6fn er var\u00f0veitt; f\u00f3lk t\u00falkar kalli\u00f0 og undirb\u00fdr sig fyrir yfirvofandi dau\u00f0a.<\/p>\t\t\t\t\t\t\t\t<\/div>\n\t\t\t\t\t<\/div>\n\t\t\t\t<\/div>\n\t\t<div class=\"elementor-element elementor-element-3lfi7x32 iwg-steckbrief-card e-flex e-con-boxed e-con e-child\" data-id=\"3lfi7x32\" data-element_type=\"container\" data-e-type=\"container\">\n\t\t\t\t\t<div class=\"e-con-inner\">\n\t\t\t\t<div class=\"elementor-element elementor-element-0kg99ga1 elementor-widget elementor-widget-heading\" data-id=\"0kg99ga1\" data-element_type=\"widget\" data-e-type=\"widget\" data-widget_type=\"heading.default\">\n\t\t\t\t\t<div class=\"elementor-heading-title elementor-size-default\">Tengt efni<\/div>\t\t\t\t<\/div>\n\t\t\t\t<div class=\"elementor-element elementor-element-n0fum6kp elementor-widget elementor-widget-text-editor\" data-id=\"n0fum6kp\" data-element_type=\"widget\" data-e-type=\"widget\" data-widget_type=\"text-editor.default\">\n\t\t\t\t\t\t\t\t\t<p><a href=\"https:\/\/iwell-guard.com\/is\/?page_id=169668\">Cyhyraeth<\/a>, <a href=\"https:\/\/iwell-guard.com\/is\/?page_id=169678\">Gwrach y Rhibyn<\/a> og <a href=\"https:\/\/iwell-guard.com\/is\/?page_id=169651\">Cwn Annwn<\/a> sem a\u00f0rir velskir d\u00e1narbo\u00f0ar.<\/p>\t\t\t\t\t\t\t\t<\/div>\n\t\t\t\t\t<\/div>\n\t\t\t\t<\/div>\n\t\t\t\t<\/div>\n\t\t\t\t<\/div>\n\t\t\t\t\t<\/div>\n\t\t\t\t<\/div>\n\t\t<div class=\"elementor-element elementor-element-7533bc7a e-flex e-con-boxed e-con e-parent\" data-id=\"7533bc7a\" data-element_type=\"container\" data-e-type=\"container\">\n\t\t\t\t\t<div class=\"e-con-inner\">\n\t\t\t\t<div class=\"elementor-element elementor-element-2447d18d elementor-widget elementor-widget-heading\" data-id=\"2447d18d\" data-element_type=\"widget\" data-e-type=\"widget\" data-widget_type=\"heading.default\">\n\t\t\t\t\t<h2 class=\"elementor-heading-title elementor-size-default\">Kalli\u00f0 kom, kom og t\u00falkunin sem ugla<\/h2>\t\t\t\t<\/div>\n\t\t<div class=\"elementor-element elementor-element-d5d0260c e-con-full e-flex e-con e-child\" data-id=\"d5d0260c\" data-element_type=\"container\" data-e-type=\"container\">\n\t\t\t\t<div class=\"elementor-element elementor-element-341be2ac elementor-widget elementor-widget-text-editor\" data-id=\"341be2ac\" data-element_type=\"widget\" data-e-type=\"widget\" data-widget_type=\"text-editor.default\">\n\t\t\t\t\t\t\t\t\t<p>Kall fuglsins er hlj\u00f3\u00f0l\u00edkt endurgefi\u00f0 sem <em>dewch, dewch<\/em>, velska fyrir kom, kom, og skili\u00f0 sem \u00e1skorun til hins deyjandi um a\u00f0 fylgja \u00e1 eftir inn \u00ed handanheiminn. Sumir s\u00f6fnarar benda \u00e1 a\u00f0 or\u00f0atilt\u00e6ki\u00f0 finnist einnig \u00ed velsku bibl\u00edu\u00fe\u00fd\u00f0ingunni, sem r\u00e6tt er um sem m\u00f6gulegan uppruna hugmyndarinnar.<\/p><p>R\u00f6kr\u00e9ttari t\u00falkun s\u00e9r \u00ed birtingunni turnhaustuglu sem dregst a\u00f0 lj\u00f3sinu \u00ed sj\u00fakraherberginu. Aderyn y Corff er sta\u00f0festur fyrst og fremst hj\u00e1 Wirt Sikes og Marie Trevelyan; heimildasta\u00f0an er greinilega r\u00fdrari en hj\u00e1 <a href=\"https:\/\/iwell-guard.com\/is\/?page_id=169660\">Canwyll Corff<\/a>, l\u00edkkertunni, e\u00f0a Cyhyraeth.<\/p>\t\t\t\t\t\t\t\t<\/div>\n\t\t\t\t<\/div>\n\t\t\t\t\t<\/div>\n\t\t\t\t<\/div>\n\t\t<div class=\"elementor-element elementor-element-5a584676 e-flex e-con-boxed e-con e-parent\" data-id=\"5a584676\" data-element_type=\"container\" data-e-type=\"container\">\n\t\t\t\t\t<div class=\"e-con-inner\">\n\t\t\t\t<div class=\"elementor-element elementor-element-6d0757bf elementor-widget elementor-widget-heading\" data-id=\"6d0757bf\" data-element_type=\"widget\" data-e-type=\"widget\" data-widget_type=\"heading.default\">\n\t\t\t\t\t<h2 class=\"elementor-heading-title elementor-size-default\">L\u00edtt kunnur velskur fyrirbo\u00f0i<\/h2>\t\t\t\t<\/div>\n\t\t<div class=\"elementor-element elementor-element-60563f68 e-con-full e-flex e-con e-child\" data-id=\"60563f68\" data-element_type=\"container\" data-e-type=\"container\">\n\t\t\t\t<div class=\"elementor-element elementor-element-5a93fdd6 elementor-widget elementor-widget-text-editor\" data-id=\"5a93fdd6\" data-element_type=\"widget\" data-e-type=\"widget\" data-widget_type=\"text-editor.default\">\n\t\t\t\t\t\t\t\t\t<p>Aderyn y Corff er \u00ed d\u00e6gurmenningu greinilega minna unninn en Cwn Annwn e\u00f0a l\u00edkkertan. Hann kemur fyrst og fremst fram \u00ed s\u00f6fnum velskra d\u00e1narbo\u00f0a og \u00ed \u00fej\u00f3\u00f0fr\u00e6\u00f0ilegum yfirlitsritum, og er \u00feannig fremur sv\u00e6\u00f0isbundi\u00f0, l\u00edtt kunnugt myndefni.<\/p><p>Fr\u00e1 tr\u00faarfr\u00e6\u00f0ilegu sj\u00f3narhorni er Aderyn y Corff klass\u00edskur d\u00e1narbo\u00f0i og d\u00e6mi um \u00fea\u00f0 sem er d\u00e6migert \u00ed velskri \u00fej\u00f3\u00f0tr\u00fa: samruna fyrirkristinna handanheimshugmynda og kristilegra bibl\u00edum\u00f3t\u00edfa. Fuglinn sem farandi milli heima tilkynnir dau\u00f0ann \u00e1n \u00feess a\u00f0 valda honum.<\/p>\t\t\t\t\t\t\t\t<\/div>\n\t\t\t\t<\/div>\n\t\t\t\t\t<\/div>\n\t\t\t\t<\/div>\n\t\t<div class=\"elementor-element elementor-element-cp9a031aa e-flex e-con-boxed e-con e-parent\" data-id=\"cp9a031aa\" data-element_type=\"container\" data-e-type=\"container\">\n\t\t\t\t\t<div class=\"e-con-inner\">\n\t\t\t\t<div class=\"elementor-element elementor-element-cp9193514 elementor-widget elementor-widget-heading\" data-id=\"cp9193514\" data-element_type=\"widget\" data-e-type=\"widget\" data-widget_type=\"heading.default\">\n\t\t\t\t\t<h2 class=\"elementor-heading-title elementor-size-default\">A\u00f0 m\u00e6ta kallinu: vaka \u00ed sta\u00f0 \u00feess a\u00f0 reka burt<\/h2>\t\t\t\t<\/div>\n\t\t<div class=\"elementor-element elementor-element-cp02ca0ee e-con-full e-flex e-con e-child\" data-id=\"cp02ca0ee\" data-element_type=\"container\" data-e-type=\"container\">\n\t\t\t\t<div class=\"elementor-element elementor-element-cp444e0f1 elementor-widget elementor-widget-text-editor\" data-id=\"cp444e0f1\" data-element_type=\"widget\" data-e-type=\"widget\" data-widget_type=\"text-editor.default\">\n\t\t\t\t\t\t\t\t\t<p>Heimildasta\u00f0an um v\u00f6rnara\u00f0ger\u00f0ir er \u00e6rlega r\u00fdr: engar sta\u00f0festar verndarathafnir gegn Aderyn y Corff eru var\u00f0veittar, enda er hann hreinn fyrirbo\u00f0i sem a\u00f0eins tilkynnir \u00fea\u00f0 sem gerist hvort e\u00f0 er. \u00dej\u00f3\u00f0hef\u00f0in kannast h\u00e9r ekki vi\u00f0 neina virka brottrekstursa\u00f0fer\u00f0; einungis er var\u00f0veitt t\u00falkun t\u00e1knsins og undirb\u00faningur fyrir n\u00e1lgandi dau\u00f0a.<\/p><p>\u00cd n\u00e1nasta umhverfi d\u00e1narh\u00fassins var <a href=\"https:\/\/iwell-guard.com\/is\/vigt-vatn\/\">helgivatn<\/a> tali\u00f0 kristi\u00f0 t\u00e1kn \u00ed vi\u00f0ureigninni vi\u00f0 d\u00e1narfyrirbo\u00f0ann, lj\u00f3s <a href=\"https:\/\/iwell-guard.com\/is\/verndarkerti\/\">verndarkertisins<\/a> hluti af l\u00edkv\u00f6kunni sem fyrirbo\u00f0inn undirb\u00fdr, og hlj\u00f3mur helga\u00f0ra <a href=\"https:\/\/iwell-guard.com\/is\/bjollur-og-skellur-havaer-vorn\/\">kirkjuklukkna<\/a> verndandi t\u00e1kn gegn \u00f3g\u00e6fu \u00e1 heimilunum.<\/p>\t\t\t\t\t\t\t\t<\/div>\n\t\t\t\t<\/div>\n\t\t\t\t\t<\/div>\n\t\t\t\t<\/div>\n\t\t<div class=\"elementor-element elementor-element-cp11de5b2 e-flex e-con-boxed e-con e-parent\" data-id=\"cp11de5b2\" data-element_type=\"container\" data-e-type=\"container\">\n\t\t\t\t\t<div class=\"e-con-inner\">\n\t\t\t\t<div class=\"elementor-element elementor-element-cp8d35271 elementor-widget elementor-widget-heading\" data-id=\"cp8d35271\" data-element_type=\"widget\" data-e-type=\"widget\" data-widget_type=\"heading.default\">\n\t\t\t\t\t<h2 class=\"elementor-heading-title elementor-size-default\">D\u00e1narbo\u00f0ar \u00ed Wales og v\u00ed\u00f0ar<\/h2>\t\t\t\t<\/div>\n\t\t<div class=\"elementor-element elementor-element-cp02f26b8 e-con-full e-flex e-con e-child\" data-id=\"cp02f26b8\" data-element_type=\"container\" data-e-type=\"container\">\n\t\t\t\t<div class=\"elementor-element elementor-element-cp58c4390 elementor-widget elementor-widget-text-editor\" data-id=\"cp58c4390\" data-element_type=\"widget\" data-e-type=\"widget\" data-widget_type=\"text-editor.default\">\n\t\t\t\t\t\t\t\t\t<p>Aderyn y Corff stendur \u00ed Wales vi\u00f0 hli\u00f0 annarra d\u00e1narbo\u00f0a: l\u00edkkertunnar <a href=\"https:\/\/iwell-guard.com\/is\/?page_id=169660\">Canwyll Corff<\/a>, l\u00edkamslauss kveinstafs sem kallast <a href=\"https:\/\/iwell-guard.com\/is\/?page_id=169668\">Cyhyraeth<\/a> og hins \u00f3fr\u00ed\u00f0a kveinukvendis <a href=\"https:\/\/iwell-guard.com\/is\/?page_id=169678\">Gwrach y Rhibyn<\/a>. Utan Wales fellur hann inn \u00ed hina \u00fatbreiddu evr\u00f3psku hef\u00f0 fuglafyrirbo\u00f0a dau\u00f0ans, \u00fear sem ugla, hrafn og skj\u00f3r eru taldir \u00f3g\u00e6fu- og d\u00e1narbo\u00f0ar.<\/p><p>Sem a\u00f0rir keltneskir d\u00e1narbo\u00f0ar tilkynna skoska <a href=\"https:\/\/iwell-guard.com\/is\/?page_id=169647\">Bean Nighe<\/a> me\u00f0 kveini s\u00ednu vi\u00f0 va\u00f0i\u00f0 og bret\u00f3nski <a href=\"https:\/\/iwell-guard.com\/is\/?page_id=169649\">Ankou<\/a> me\u00f0 \u00edskri l\u00edkkerru sinnar dau\u00f0ann \u00e1 sinn eigin h\u00e1tt, \u00f3l\u00edkan Aderyn y Corff; velska draugavei\u00f0in <a href=\"https:\/\/iwell-guard.com\/is\/?page_id=169651\">Cwn Annwn<\/a> fer sem hj\u00f6r\u00f0 yfir n\u00e6turhimininn.<\/p>\t\t\t\t\t\t\t\t<\/div>\n\t\t\t\t<\/div>\n\t\t\t\t\t<\/div>\n\t\t\t\t<\/div>\n\t\t<div class=\"elementor-element elementor-element-cp406577c e-flex e-con-boxed e-con e-parent\" data-id=\"cp406577c\" data-element_type=\"container\" data-e-type=\"container\">\n\t\t\t\t\t<div class=\"e-con-inner\">\n\t\t\t\t<div class=\"elementor-element elementor-element-cpdd9c543 elementor-widget elementor-widget-heading\" data-id=\"cpdd9c543\" data-element_type=\"widget\" data-e-type=\"widget\" data-widget_type=\"heading.default\">\n\t\t\t\t\t<h2 class=\"elementor-heading-title elementor-size-default\">Algengar spurningar um Aderyn y Corff<\/h2>\t\t\t\t<\/div>\n\t\t<div class=\"elementor-element elementor-element-cp9e731bb e-con-full e-flex e-con e-child\" data-id=\"cp9e731bb\" data-element_type=\"container\" data-e-type=\"container\">\n\t\t\t\t<div class=\"elementor-element elementor-element-cpa7c898c elementor-widget elementor-widget-text-editor\" data-id=\"cpa7c898c\" data-element_type=\"widget\" data-e-type=\"widget\" data-widget_type=\"text-editor.default\">\n\t\t\t\t\t\t\t\t\t<p><strong>Er Aderyn y Corff raunverulegt fugl?<\/strong><\/p><p>\u00cd hinni r\u00f6kr\u00e9ttu \u00fej\u00f3\u00f0tr\u00fa, j\u00e1: gj\u00f3\u00f0uglahyrna sem lokkast af lj\u00f3sinu \u00far sj\u00fakrastofunni. \u00cd eldri arfs\u00f6gnum er hann \u00fe\u00f3 talinn yfirn\u00e1tt\u00farleg vera, a\u00f0 hluta \u00e1n fja\u00f0ra og v\u00e6ngja.<\/p><p><strong>Hva\u00f0 \u00fe\u00fd\u00f0ir hlj\u00f3\u00f0 hans?<\/strong><\/p><p>Kalli\u00f0 hlj\u00f3mar eins og dewch, dewch, velskt fyrir komm, komm, og er t\u00falka\u00f0 sem hvatning til hins dau\u00f0vona um a\u00f0 fylgja inn \u00ed handanheiminn.<\/p><p><strong>Ber fuglinn dau\u00f0ann me\u00f0 s\u00e9r?<\/strong><\/p><p>Nei. Hann er hreint fyrirbo\u00f0i sem gefur til kynna v\u00e6ntanlegan dau\u00f0a \u00ed h\u00fasinu, en veldur honum ekki.<\/p>\t\t\t\t\t\t\t\t<\/div>\n\t\t\t\t<\/div>\n\t\t\t\t\t<\/div>\n\t\t\t\t<\/div>\n\t\t<div class=\"elementor-element elementor-element-36dd7469 e-flex e-con-boxed e-con e-parent\" data-id=\"36dd7469\" data-element_type=\"container\" data-e-type=\"container\">\n\t\t\t\t\t<div class=\"e-con-inner\">\n\t\t\t\t<div class=\"elementor-element elementor-element-13760ab4 elementor-widget elementor-widget-heading\" data-id=\"13760ab4\" data-element_type=\"widget\" data-e-type=\"widget\" data-widget_type=\"heading.default\">\n\t\t\t\t\t<h2 class=\"elementor-heading-title elementor-size-default\">\u00cdtarefni og tenglar<\/h2>\t\t\t\t<\/div>\n\t\t<div class=\"elementor-element elementor-element-28c87796 e-con-full e-flex e-con e-child\" data-id=\"28c87796\" data-element_type=\"container\" data-e-type=\"container\">\n\t\t\t\t<div class=\"elementor-element elementor-element-5d6538df elementor-widget elementor-widget-text-editor\" data-id=\"5d6538df\" data-element_type=\"widget\" data-e-type=\"widget\" data-widget_type=\"text-editor.default\">\n\t\t\t\t\t\t\t\t\t<p>R\u00e1\u00f0lag\u00f0ir innri hlekkir:<\/p><ul><li><a href=\"https:\/\/iwell-guard.com\/is\/keltneskt\/\">Keltneskt<\/a> \u2013 verur \u00far keltneskum arfs\u00f6gnum<\/li><li><a href=\"https:\/\/iwell-guard.com\/is\/?page_id=169660\">Canwyll Corff<\/a> \u2013 velska l\u00edkkerti\u00f0<\/li><li><a href=\"https:\/\/iwell-guard.com\/is\/?page_id=169668\">Cyhyraeth<\/a>, <a href=\"https:\/\/iwell-guard.com\/is\/?page_id=169678\">Gwrach y Rhibyn<\/a> \u2013 \u00f6nnur velsk dau\u00f0afyrirbo\u00f0i<\/li><li><a href=\"https:\/\/iwell-guard.com\/is\/vigt-vatn\/\">V\u00edgt vatn<\/a>, <a href=\"https:\/\/iwell-guard.com\/is\/verndarkerti\/\">verndarkerti<\/a>, <a href=\"https:\/\/iwell-guard.com\/is\/bjollur-og-skellur-havaer-vorn\/\">klukkur<\/a> \u2013 hef\u00f0bundin verndargripir<\/li><li><a href=\"https:\/\/iwell-guard.com\/is\/verndarleidarvisir\/\">Verndarkomp\u00e1sinn<\/a> \u2013 yfirlit yfir verndargripi<\/li><\/ul>\t\t\t\t\t\t\t\t<\/div>\n\t\t\t\t<\/div>\n\t\t\t\t\t<\/div>\n\t\t\t\t<\/div>\n\t\t<div class=\"elementor-element elementor-element-grl4kl40 e-flex e-con-boxed e-con e-parent\" data-id=\"grl4kl40\" data-element_type=\"container\" data-e-type=\"container\">\n\t\t\t\t\t<div class=\"e-con-inner\">\n\t\t\t\t<div class=\"elementor-element elementor-element-bzsbfrmh elementor-widget elementor-widget-heading\" data-id=\"bzsbfrmh\" data-element_type=\"widget\" data-e-type=\"widget\" data-widget_type=\"heading.default\">\n\t\t\t\t\t<h2 class=\"elementor-heading-title elementor-size-default\">Heimildir (\u00farval)<\/h2>\t\t\t\t<\/div>\n\t\t<div class=\"elementor-element elementor-element-2c13224a e-con-full e-flex e-con e-child\" data-id=\"2c13224a\" data-element_type=\"container\" data-e-type=\"container\">\n\t\t\t\t<div class=\"elementor-element elementor-element-0eymh9ub elementor-widget elementor-widget-text-editor\" data-id=\"0eymh9ub\" data-element_type=\"widget\" data-e-type=\"widget\" data-widget_type=\"text-editor.default\">\n\t\t\t\t\t\t\t\t\t<footer class=\"iwg-literatur\" data-nosnippet=\"true\"><p>\u00darval mikilv\u00e6gra frumheimilda og ranns\u00f3kna:<\/p><ul><li><span data-nosnippet>Sikes, Wirt: <em>British Goblins. Welsh Folk-Lore, Fairy Mythology, Legends and Traditions<\/em>. London 1880.<\/span><\/li><li><span data-nosnippet>Trevelyan, Marie: <em>Folk-Lore and Folk-Stories of Wales<\/em>. London 1909.<\/span><\/li><li><span data-nosnippet>MacKillop, James: <em>Dictionary of Celtic Mythology<\/em>. Oxford 1998.<\/span><\/li><\/ul><\/footer>\n<p class=\"iwg-bib-more\"><span data-nosnippet>Fleiri grunnrit \u00ed <a href=\"https:\/\/iwell-guard.com\/is\/heimildaskra\/\">heimildaskr\u00e1nni<\/a>.<\/span><\/p>\t\t\t\t\t\t\t\t<\/div>\n\t\t\t\t<\/div>\n\t\t\t\t\t<\/div>\n\t\t\t\t<\/div>\n\t\t<div class=\"elementor-element elementor-element-iwgkw2-add-hulijing e-flex e-con-boxed e-con e-parent\" data-id=\"iwgkw2-add-hulijing\" data-element_type=\"container\" data-e-type=\"container\">\n\t\t\t\t\t<div class=\"e-con-inner\">\n\t\t\t\t<div class=\"elementor-element elementor-element-iwgkw2-add-hulijing-t elementor-widget elementor-widget-text-editor\" data-id=\"iwgkw2-add-hulijing-t\" data-element_type=\"widget\" data-e-type=\"widget\" data-widget_type=\"text-editor.default\">\n\t\t\t\t\t\t\t\t\t<p>Sem velskur l\u00edkfugl er Aderyn y Corff, einnig leita\u00f0 sem aderyn corph, tilt\u00f6lulega l\u00edtt kunnugt en \u00e1hrifamiki\u00f0 d\u00e6mi um velsk dau\u00f0afyrirbo\u00f0i: fuglakall sem gerir m\u00f6rkin milli \u00feessa heims og handanheims heyranleg.<\/p>\t\t\t\t\t\t\t\t<\/div>\n\t\t\t\t\t<\/div>\n\t\t\t\t<\/div>\n\t\t\t\t<\/div>\n\t\t","protected":false},"excerpt":{"rendered":"","protected":false},"author":3,"featured_media":20195,"parent":0,"menu_order":0,"comment_status":"closed","ping_status":"closed","template":"elementor_header_footer","meta":{"_yoast_wpseo_focuskw":"aderyn y corff","_yoast_wpseo_title":"Aderyn y Corff \u2013 velski l\u00edkfuglinn","_yoast_wpseo_metadesc":"Aderyn y Corff, velski l\u00edkfuglinn. Uppruni, kalli\u00f0 \u00e1 hur\u00f0inni, t\u00falkunin sem ugla og sta\u00f0a hans sem d\u00e1narbo\u00f0i \u00ed yfirliti.","_yoast_wpseo_meta-robots-noindex":"","_yoast_wpseo_canonical":"","_angie_page":false,"gefaehrdungsstufe":"1","wesen_kultur":"keltisch","wesen_klasse":"geister","footnotes":""},"categories":[],"class_list":["post-169653","page","type-page","status-publish","has-post-thumbnail","hentry"],"yoast_head":"<!-- This site is optimized with the Yoast SEO Premium plugin v27.7 (Yoast SEO v28.3) - https:\/\/yoast.com\/product\/yoast-seo-premium-wordpress\/ -->\n<title>Aderyn y Corff \u2013 velski l\u00edkfuglinn<\/title>\n<meta name=\"description\" content=\"Aderyn y Corff, velski l\u00edkfuglinn. Uppruni, kalli\u00f0 \u00e1 hur\u00f0inni, t\u00falkunin sem ugla og sta\u00f0a hans sem d\u00e1narbo\u00f0i \u00ed yfirliti.\" \/>\n<meta name=\"robots\" content=\"index, follow, max-snippet:-1, max-image-preview:large, max-video-preview:-1\" \/>\n<link rel=\"canonical\" href=\"https:\/\/iwell-guard.com\/is\/aderyn-y-corff\/\" \/>\n<meta property=\"og:locale\" content=\"is_IS\" \/>\n<meta property=\"og:type\" content=\"article\" \/>\n<meta property=\"og:title\" content=\"Aderyn y Corff\" \/>\n<meta property=\"og:description\" content=\"Aderyn y Corff, velski l\u00edkfuglinn. Uppruni, kalli\u00f0 \u00e1 hur\u00f0inni, t\u00falkunin sem ugla og sta\u00f0a hans sem d\u00e1narbo\u00f0i \u00ed yfirliti.\" \/>\n<meta property=\"og:url\" content=\"https:\/\/iwell-guard.com\/is\/aderyn-y-corff\/\" \/>\n<meta property=\"og:site_name\" content=\"iWell Guard\" \/>\n<meta property=\"article:modified_time\" content=\"2026-09-05T14:51:39+00:00\" \/>\n<meta property=\"og:image\" content=\"https:\/\/iwell-guard.com\/wp-content\/uploads\/2026\/07\/geister_keltisch_aderyn-y-corff.webp\" \/>\n\t<meta property=\"og:image:width\" content=\"1024\" \/>\n\t<meta property=\"og:image:height\" content=\"1536\" \/>\n\t<meta property=\"og:image:type\" content=\"image\/webp\" \/>\n<meta name=\"twitter:card\" content=\"summary_large_image\" \/>\n<script type=\"application\/ld+json\" class=\"yoast-schema-graph\">{\"@context\":\"https:\\\/\\\/schema.org\",\"@graph\":[{\"@type\":\"WebPage\",\"@id\":\"https:\\\/\\\/iwell-guard.com\\\/is\\\/aderyn-y-corff\\\/\",\"url\":\"https:\\\/\\\/iwell-guard.com\\\/is\\\/aderyn-y-corff\\\/\",\"name\":\"Aderyn y Corff \u2013 velski l\u00edkfuglinn\",\"isPartOf\":{\"@id\":\"https:\\\/\\\/iwell-guard.com\\\/is\\\/#website\"},\"primaryImageOfPage\":{\"@id\":\"https:\\\/\\\/iwell-guard.com\\\/is\\\/aderyn-y-corff\\\/#primaryimage\"},\"image\":{\"@id\":\"https:\\\/\\\/iwell-guard.com\\\/is\\\/aderyn-y-corff\\\/#primaryimage\"},\"thumbnailUrl\":\"https:\\\/\\\/iwell-guard.com\\\/wp-content\\\/uploads\\\/2026\\\/07\\\/geister_keltisch_aderyn-y-corff.webp\",\"datePublished\":\"2026-09-05T14:10:09+00:00\",\"dateModified\":\"2026-09-05T14:51:39+00:00\",\"description\":\"Aderyn y Corff, velski l\u00edkfuglinn. Uppruni, kalli\u00f0 \u00e1 hur\u00f0inni, t\u00falkunin sem ugla og sta\u00f0a hans sem d\u00e1narbo\u00f0i \u00ed yfirliti.\",\"breadcrumb\":{\"@id\":\"https:\\\/\\\/iwell-guard.com\\\/is\\\/aderyn-y-corff\\\/#breadcrumb\"},\"inLanguage\":\"is\",\"potentialAction\":[{\"@type\":\"ReadAction\",\"target\":[\"https:\\\/\\\/iwell-guard.com\\\/is\\\/aderyn-y-corff\\\/\"]}]},{\"@type\":\"ImageObject\",\"inLanguage\":\"is\",\"@id\":\"https:\\\/\\\/iwell-guard.com\\\/is\\\/aderyn-y-corff\\\/#primaryimage\",\"url\":\"https:\\\/\\\/iwell-guard.com\\\/wp-content\\\/uploads\\\/2026\\\/07\\\/geister_keltisch_aderyn-y-corff.webp\",\"contentUrl\":\"https:\\\/\\\/iwell-guard.com\\\/wp-content\\\/uploads\\\/2026\\\/07\\\/geister_keltisch_aderyn-y-corff.webp\",\"width\":1024,\"height\":1536,\"caption\":\"Aderyn y Corff, andi \u00far keltneskri arfs\u00f6gn\"},{\"@type\":\"BreadcrumbList\",\"@id\":\"https:\\\/\\\/iwell-guard.com\\\/is\\\/aderyn-y-corff\\\/#breadcrumb\",\"itemListElement\":[{\"@type\":\"ListItem\",\"position\":1,\"name\":\"Start\",\"item\":\"https:\\\/\\\/iwell-guard.com\\\/is\\\/?page_id=168580\"},{\"@type\":\"ListItem\",\"position\":2,\"name\":\"Aderyn y Corff\"}]},{\"@type\":\"WebSite\",\"@id\":\"https:\\\/\\\/iwell-guard.com\\\/is\\\/#website\",\"url\":\"https:\\\/\\\/iwell-guard.com\\\/is\\\/\",\"name\":\"iWell Guard\",\"description\":\"Schutz vor dunklen Einfl\u00fcssen\",\"publisher\":{\"@id\":\"https:\\\/\\\/iwell-guard.com\\\/is\\\/#organization\"},\"potentialAction\":[{\"@type\":\"SearchAction\",\"target\":{\"@type\":\"EntryPoint\",\"urlTemplate\":\"https:\\\/\\\/iwell-guard.com\\\/is\\\/?s={search_term_string}\"},\"query-input\":{\"@type\":\"PropertyValueSpecification\",\"valueRequired\":true,\"valueName\":\"search_term_string\"}}],\"inLanguage\":\"is\"},{\"@type\":\"Organization\",\"@id\":\"https:\\\/\\\/iwell-guard.com\\\/is\\\/#organization\",\"name\":\"Ittermann electronic GmbH\",\"url\":\"https:\\\/\\\/iwell-guard.com\\\/is\\\/\",\"logo\":{\"@type\":\"ImageObject\",\"inLanguage\":\"is\",\"@id\":\"https:\\\/\\\/iwell-guard.com\\\/is\\\/#\\\/schema\\\/logo\\\/image\\\/\",\"url\":\"https:\\\/\\\/iwell-guard.com\\\/wp-content\\\/uploads\\\/2026\\\/05\\\/Ittermann-Logo-1182x237-1.png\",\"contentUrl\":\"https:\\\/\\\/iwell-guard.com\\\/wp-content\\\/uploads\\\/2026\\\/05\\\/Ittermann-Logo-1182x237-1.png\",\"width\":1182,\"height\":237,\"caption\":\"Ittermann electronic GmbH\"},\"image\":{\"@id\":\"https:\\\/\\\/iwell-guard.com\\\/is\\\/#\\\/schema\\\/logo\\\/image\\\/\"},\"sameAs\":[\"https:\\\/\\\/pantip.com\\\/profile\\\/9367242\",\"https:\\\/\\\/micro.blog\\\/iwellguard\",\"https:\\\/\\\/www.diggerslist.com\\\/iwellguard\\\/about\",\"https:\\\/\\\/skitterphoto.com\\\/photographers\\\/2870314\\\/iwell-guard\",\"https:\\\/\\\/iwellguard.wordpress.com\\\/2026\\\/06\\\/06\\\/iwell-guard\\\/\",\"https:\\\/\\\/hub.docker.com\\\/u\\\/iwellguard\",\"https:\\\/\\\/www.pinterest.com\\\/iwellguard\\\/\",\"https:\\\/\\\/bit.ly\\\/m\\\/iwellguard\",\"https:\\\/\\\/entre-vos-mains.alsace.eu\\\/profiles\\\/iwellguard\\\/activity\",\"https:\\\/\\\/gravatar.com\\\/reallybeded8fd34\",\"https:\\\/\\\/naijamatta.com\\\/iwellguard\",\"https:\\\/\\\/www.goodreads.com\\\/iwellguard\",\"https:\\\/\\\/profile.hatena.ne.jp\\\/iwellguard\\\/\",\"https:\\\/\\\/experiment.com\\\/users\\\/iwellguard\",\"https:\\\/\\\/wakelet.com\\\/@iWellGuard82270\",\"https:\\\/\\\/www.chordie.com\\\/forum\\\/profile.php?id=2555664\",\"https:\\\/\\\/www.instapaper.com\\\/p\\\/17757966\",\"https:\\\/\\\/www.mapleprimes.com\\\/users\\\/iwellguard\",\"https:\\\/\\\/businesslistingplus.com\\\/profile\\\/iwell-guard\\\/\",\"https:\\\/\\\/telegra.ph\\\/iWell-Guard-06-06\",\"https:\\\/\\\/pbase.com\\\/iwellguard\\\/iwellguard\",\"https:\\\/\\\/b.hatena.ne.jp\\\/iwellguard\\\/20260607#bookmark-4788405196491818882\",\"https:\\\/\\\/fliphtml5.com\\\/home\\\/iwellguard\",\"https:\\\/\\\/anyflip.com\\\/homepage\\\/cmiwl#About\",\"https:\\\/\\\/transfur.com\\\/Users\\\/iwellguard\",\"http:\\\/\\\/delphi.larsbo.org\\\/user\\\/iwellguard\",\"https:\\\/\\\/jobs.lajobsportal.org\\\/profiles\\\/8380803-iwell-guard\",\"https:\\\/\\\/md.chaosdorf.de\\\/s\\\/jfbe5SBdJD\",\"https:\\\/\\\/www.lingvolive.com\\\/en-us\\\/profile\\\/9ecaeaca-ce11-4e51-9e71-01d55e2bff36\\\/translations\",\"https:\\\/\\\/www.fitday.com\\\/fitness\\\/forums\\\/members\\\/iwellguard.html\",\"https:\\\/\\\/www.mymeetbook.com\\\/iwellguard\",\"https:\\\/\\\/pxhere.com\\\/en\\\/photographer-me\\\/5040798\",\"https:\\\/\\\/disqus.com\\\/by\\\/iwellguard\\\/about\\\/\",\"https:\\\/\\\/pastelink.net\\\/hjwciqwq\",\"https:\\\/\\\/pubhtml5.com\\\/homepage\\\/scjhn\\\/\",\"https:\\\/\\\/www.bitchute.com\\\/channel\\\/2O2eOKzNqujT\",\"https:\\\/\\\/audiomack.com\\\/iwellguard\"]},{\"@type\":\"Article\",\"@id\":\"https:\\\/\\\/iwell-guard.com\\\/is\\\/aderyn-y-corff\\\/#article\",\"isPartOf\":{\"@id\":\"https:\\\/\\\/iwell-guard.com\\\/is\\\/aderyn-y-corff\\\/\"},\"author\":{\"name\":\"Ralf Ittermann\",\"@id\":\"https:\\\/\\\/iwell-guard.com\\\/is\\\/#\\\/schema\\\/person\\\/ee2a27f1cac3406c7c6fb5820cb7349f\"},\"headline\":\"Aderyn y Corff\",\"datePublished\":\"2026-09-05T14:10:09+00:00\",\"dateModified\":\"2026-09-05T14:51:39+00:00\",\"mainEntityOfPage\":{\"@id\":\"https:\\\/\\\/iwell-guard.com\\\/is\\\/aderyn-y-corff\\\/\"},\"publisher\":{\"@id\":\"https:\\\/\\\/iwell-guard.com\\\/is\\\/#organization\"},\"image\":{\"@id\":\"https:\\\/\\\/iwell-guard.com\\\/is\\\/aderyn-y-corff\\\/#primaryimage\"},\"thumbnailUrl\":\"https:\\\/\\\/iwell-guard.com\\\/wp-content\\\/uploads\\\/2026\\\/07\\\/geister_keltisch_aderyn-y-corff.webp\",\"inLanguage\":\"is\",\"description\":\"Aderyn y Corff, velski l\u00edkfuglinn. Uppruni, kalli\u00f0 \u00e1 hur\u00f0inni, t\u00falkunin sem ugla og sta\u00f0a hans sem d\u00e1narbo\u00f0i \u00ed yfirliti.\"}]}<\/script>\n<!-- \/ Yoast SEO Premium plugin. -->","yoast_head_json":{"title":"Aderyn y Corff \u2013 velski l\u00edkfuglinn","description":"Aderyn y Corff, velski l\u00edkfuglinn. Uppruni, kalli\u00f0 \u00e1 hur\u00f0inni, t\u00falkunin sem ugla og sta\u00f0a hans sem d\u00e1narbo\u00f0i \u00ed yfirliti.","robots":{"index":"index","follow":"follow","max-snippet":"max-snippet:-1","max-image-preview":"max-image-preview:large","max-video-preview":"max-video-preview:-1"},"canonical":"https:\/\/iwell-guard.com\/is\/aderyn-y-corff\/","og_locale":"is_IS","og_type":"article","og_title":"Aderyn y Corff","og_description":"Aderyn y Corff, velski l\u00edkfuglinn. Uppruni, kalli\u00f0 \u00e1 hur\u00f0inni, t\u00falkunin sem ugla og sta\u00f0a hans sem d\u00e1narbo\u00f0i \u00ed yfirliti.","og_url":"https:\/\/iwell-guard.com\/is\/aderyn-y-corff\/","og_site_name":"iWell Guard","article_modified_time":"2026-09-05T14:51:39+00:00","og_image":[{"width":1024,"height":1536,"url":"https:\/\/iwell-guard.com\/wp-content\/uploads\/2026\/07\/geister_keltisch_aderyn-y-corff.webp","type":"image\/webp"}],"twitter_card":"summary_large_image","schema":{"@context":"https:\/\/schema.org","@graph":[{"@type":"Article","@id":"https:\/\/iwell-guard.com\/is\/aderyn-y-corff\/#article","isPartOf":{"@id":"https:\/\/iwell-guard.com\/is\/aderyn-y-corff\/"},"author":{"name":"Ralf Ittermann","@id":"https:\/\/iwell-guard.com\/is\/#\/schema\/person\/ee2a27f1cac3406c7c6fb5820cb7349f"},"headline":"Aderyn y Corff","datePublished":"2026-09-05T14:10:09+00:00","dateModified":"2026-09-05T14:51:39+00:00","mainEntityOfPage":{"@id":"https:\/\/iwell-guard.com\/is\/aderyn-y-corff\/"},"publisher":{"@id":"https:\/\/iwell-guard.com\/is\/#organization"},"image":{"@id":"https:\/\/iwell-guard.com\/is\/aderyn-y-corff\/#primaryimage"},"thumbnailUrl":"https:\/\/iwell-guard.com\/wp-content\/uploads\/2026\/07\/geister_keltisch_aderyn-y-corff.webp","inLanguage":"is","description":"Aderyn y Corff, velski l\u00edkfuglinn. Uppruni, kalli\u00f0 \u00e1 hur\u00f0inni, t\u00falkunin sem ugla og sta\u00f0a hans sem d\u00e1narbo\u00f0i \u00ed yfirliti."},{"@type":"WebPage","@id":"https:\/\/iwell-guard.com\/is\/aderyn-y-corff\/","url":"https:\/\/iwell-guard.com\/is\/aderyn-y-corff\/","name":"Aderyn y Corff \u2013 velski l\u00edkfuglinn","isPartOf":{"@id":"https:\/\/iwell-guard.com\/is\/#website"},"primaryImageOfPage":{"@id":"https:\/\/iwell-guard.com\/is\/aderyn-y-corff\/#primaryimage"},"image":{"@id":"https:\/\/iwell-guard.com\/is\/aderyn-y-corff\/#primaryimage"},"thumbnailUrl":"https:\/\/iwell-guard.com\/wp-content\/uploads\/2026\/07\/geister_keltisch_aderyn-y-corff.webp","datePublished":"2026-09-05T14:10:09+00:00","dateModified":"2026-09-05T14:51:39+00:00","description":"Aderyn y Corff, velski l\u00edkfuglinn. Uppruni, kalli\u00f0 \u00e1 hur\u00f0inni, t\u00falkunin sem ugla og sta\u00f0a hans sem d\u00e1narbo\u00f0i \u00ed yfirliti.","breadcrumb":{"@id":"https:\/\/iwell-guard.com\/is\/aderyn-y-corff\/#breadcrumb"},"inLanguage":"is","potentialAction":[{"@type":"ReadAction","target":["https:\/\/iwell-guard.com\/is\/aderyn-y-corff\/"]}]},{"@type":"ImageObject","inLanguage":"is","@id":"https:\/\/iwell-guard.com\/is\/aderyn-y-corff\/#primaryimage","url":"https:\/\/iwell-guard.com\/wp-content\/uploads\/2026\/07\/geister_keltisch_aderyn-y-corff.webp","contentUrl":"https:\/\/iwell-guard.com\/wp-content\/uploads\/2026\/07\/geister_keltisch_aderyn-y-corff.webp","width":1024,"height":1536,"caption":"Aderyn y Corff, andi \u00far keltneskri arfs\u00f6gn"},{"@type":"BreadcrumbList","@id":"https:\/\/iwell-guard.com\/is\/aderyn-y-corff\/#breadcrumb","itemListElement":[{"@type":"ListItem","position":1,"name":"Start","item":"https:\/\/iwell-guard.com\/is\/?page_id=168580"},{"@type":"ListItem","position":2,"name":"Aderyn y Corff"}]},{"@type":"WebSite","@id":"https:\/\/iwell-guard.com\/is\/#website","url":"https:\/\/iwell-guard.com\/is\/","name":"iWell Guard","description":"Schutz vor dunklen Einfl\u00fcssen","publisher":{"@id":"https:\/\/iwell-guard.com\/is\/#organization"},"potentialAction":[{"@type":"SearchAction","target":{"@type":"EntryPoint","urlTemplate":"https:\/\/iwell-guard.com\/is\/?s={search_term_string}"},"query-input":{"@type":"PropertyValueSpecification","valueRequired":true,"valueName":"search_term_string"}}],"inLanguage":"is"},{"@type":"Organization","@id":"https:\/\/iwell-guard.com\/is\/#organization","name":"Ittermann electronic GmbH","url":"https:\/\/iwell-guard.com\/is\/","logo":{"@type":"ImageObject","inLanguage":"is","@id":"https:\/\/iwell-guard.com\/is\/#\/schema\/logo\/image\/","url":"https:\/\/iwell-guard.com\/wp-content\/uploads\/2026\/05\/Ittermann-Logo-1182x237-1.png","contentUrl":"https:\/\/iwell-guard.com\/wp-content\/uploads\/2026\/05\/Ittermann-Logo-1182x237-1.png","width":1182,"height":237,"caption":"Ittermann electronic GmbH"},"image":{"@id":"https:\/\/iwell-guard.com\/is\/#\/schema\/logo\/image\/"},"sameAs":["https:\/\/pantip.com\/profile\/9367242","https:\/\/micro.blog\/iwellguard","https:\/\/www.diggerslist.com\/iwellguard\/about","https:\/\/skitterphoto.com\/photographers\/2870314\/iwell-guard","https:\/\/iwellguard.wordpress.com\/2026\/06\/06\/iwell-guard\/","https:\/\/hub.docker.com\/u\/iwellguard","https:\/\/www.pinterest.com\/iwellguard\/","https:\/\/bit.ly\/m\/iwellguard","https:\/\/entre-vos-mains.alsace.eu\/profiles\/iwellguard\/activity","https:\/\/gravatar.com\/reallybeded8fd34","https:\/\/naijamatta.com\/iwellguard","https:\/\/www.goodreads.com\/iwellguard","https:\/\/profile.hatena.ne.jp\/iwellguard\/","https:\/\/experiment.com\/users\/iwellguard","https:\/\/wakelet.com\/@iWellGuard82270","https:\/\/www.chordie.com\/forum\/profile.php?id=2555664","https:\/\/www.instapaper.com\/p\/17757966","https:\/\/www.mapleprimes.com\/users\/iwellguard","https:\/\/businesslistingplus.com\/profile\/iwell-guard\/","https:\/\/telegra.ph\/iWell-Guard-06-06","https:\/\/pbase.com\/iwellguard\/iwellguard","https:\/\/b.hatena.ne.jp\/iwellguard\/20260607#bookmark-4788405196491818882","https:\/\/fliphtml5.com\/home\/iwellguard","https:\/\/anyflip.com\/homepage\/cmiwl#About","https:\/\/transfur.com\/Users\/iwellguard","http:\/\/delphi.larsbo.org\/user\/iwellguard","https:\/\/jobs.lajobsportal.org\/profiles\/8380803-iwell-guard","https:\/\/md.chaosdorf.de\/s\/jfbe5SBdJD","https:\/\/www.lingvolive.com\/en-us\/profile\/9ecaeaca-ce11-4e51-9e71-01d55e2bff36\/translations","https:\/\/www.fitday.com\/fitness\/forums\/members\/iwellguard.html","https:\/\/www.mymeetbook.com\/iwellguard","https:\/\/pxhere.com\/en\/photographer-me\/5040798","https:\/\/disqus.com\/by\/iwellguard\/about\/","https:\/\/pastelink.net\/hjwciqwq","https:\/\/pubhtml5.com\/homepage\/scjhn\/","https:\/\/www.bitchute.com\/channel\/2O2eOKzNqujT","https:\/\/audiomack.com\/iwellguard"]},{"@type":"Person","@id":"https:\/\/iwell-guard.com\/is\/#\/schema\/person\/ee2a27f1cac3406c7c6fb5820cb7349f","name":"Ralf Ittermann","image":{"@type":"ImageObject","inLanguage":"is","@id":"https:\/\/secure.gravatar.com\/avatar\/073c0153e350a5005b68eb752b445fea71f6b24a26da9449ad7e155e6b446c9d?s=96&d=mm&r=g","url":"https:\/\/secure.gravatar.com\/avatar\/073c0153e350a5005b68eb752b445fea71f6b24a26da9449ad7e155e6b446c9d?s=96&d=mm&r=g","contentUrl":"https:\/\/secure.gravatar.com\/avatar\/073c0153e350a5005b68eb752b445fea71f6b24a26da9449ad7e155e6b446c9d?s=96&d=mm&r=g","caption":"Ralf Ittermann"},"givenName":"Ralf","familyName":"Ittermann","jobTitle":"Gesch\u00e4ftsf\u00fchrer und redaktioneller Verantwortlicher","url":"https:\/\/iwell-guard.com\/is\/author\/claude\/","description":"Ralf Ittermann ist Gesch\u00e4ftsf\u00fchrer der Ittermann electronic GmbH und redaktioneller Verantwortlicher des iWell-Guard-Lexikons. Er verbindet langj\u00e4hrige Erfahrung in der Pr\u00e4zisionsfertigung mit medialer Praxis und religionsgeschichtlicher Quellenarbeit.","worksFor":{"@type":"Organization","name":"Ittermann electronic GmbH","url":"https:\/\/ittermann.de\/","address":{"@type":"PostalAddress","streetAddress":"K\u00f6hlergasse 16-18","postalCode":"99842","addressLocality":"Ruhla","addressCountry":"DE"}},"knowsAbout":["Religionsgeschichte","Mythologie","Mediale Praxis","Energetische Diagnostik","Schutzpraxis","Volksglauben","Westliche Esoterik"]},{"@type":"Article","@id":"https:\/\/iwell-guard.com\/is\/aderyn-y-corff\/#article","isPartOf":{"@id":"https:\/\/iwell-guard.com\/is\/aderyn-y-corff\/"},"author":{"name":"Ralf Ittermann","@id":"https:\/\/iwell-guard.com\/is\/#\/schema\/person\/ee2a27f1cac3406c7c6fb5820cb7349f"},"headline":"Aderyn y Corff","datePublished":"2026-09-05T14:10:09+00:00","dateModified":"2026-09-05T14:51:39+00:00","mainEntityOfPage":{"@id":"https:\/\/iwell-guard.com\/is\/aderyn-y-corff\/"},"publisher":{"@id":"https:\/\/iwell-guard.com\/is\/#organization"},"image":{"@id":"https:\/\/iwell-guard.com\/is\/aderyn-y-corff\/#primaryimage"},"thumbnailUrl":"https:\/\/iwell-guard.com\/wp-content\/uploads\/2026\/07\/geister_keltisch_aderyn-y-corff.webp","inLanguage":"is","description":"Aderyn y Corff, velski l\u00edkfuglinn. Uppruni, kalli\u00f0 \u00e1 hur\u00f0inni, t\u00falkunin sem ugla og sta\u00f0a hans sem d\u00e1narbo\u00f0i \u00ed yfirliti."}]}},"_links":{"self":[{"href":"https:\/\/iwell-guard.com\/is\/wp-json\/wp\/v2\/pages\/169653","targetHints":{"allow":["GET"]}}],"collection":[{"href":"https:\/\/iwell-guard.com\/is\/wp-json\/wp\/v2\/pages"}],"about":[{"href":"https:\/\/iwell-guard.com\/is\/wp-json\/wp\/v2\/types\/page"}],"author":[{"embeddable":true,"href":"https:\/\/iwell-guard.com\/is\/wp-json\/wp\/v2\/users\/3"}],"replies":[{"embeddable":true,"href":"https:\/\/iwell-guard.com\/is\/wp-json\/wp\/v2\/comments?post=169653"}],"version-history":[{"count":0,"href":"https:\/\/iwell-guard.com\/is\/wp-json\/wp\/v2\/pages\/169653\/revisions"}],"wp:featuredmedia":[{"embeddable":true,"href":"https:\/\/iwell-guard.com\/is\/wp-json\/wp\/v2\/media\/20195"}],"wp:attachment":[{"href":"https:\/\/iwell-guard.com\/is\/wp-json\/wp\/v2\/media?parent=169653"}],"wp:term":[{"taxonomy":"category","embeddable":true,"href":"https:\/\/iwell-guard.com\/is\/wp-json\/wp\/v2\/categories?post=169653"}],"curies":[{"name":"wp","href":"https:\/\/api.w.org\/{rel}","templated":true}]}}