{"id":169617,"date":"2026-09-05T14:09:50","date_gmt":"2026-09-05T14:09:50","guid":{"rendered":"https:\/\/iwell-guard.com\/?page_id=169617"},"modified":"2026-09-05T14:50:43","modified_gmt":"2026-09-05T14:50:43","slug":"vorsa","status":"publish","type":"page","link":"https:\/\/iwell-guard.com\/is\/vorsa\/","title":{"rendered":"V\u00f6rsa"},"content":{"rendered":"\t\t<div data-elementor-type=\"wp-page\" data-elementor-id=\"169617\" class=\"elementor elementor-169617 elementor-19484\" data-elementor-post-type=\"page\">\n\t\t\t\t<div class=\"elementor-element elementor-element-10fdade e-flex e-con-boxed e-con e-parent\" data-id=\"10fdade\" data-element_type=\"container\" data-e-type=\"container\" data-settings=\"{&quot;background_background&quot;:&quot;classic&quot;}\">\n\t\t\t\t\t<div class=\"e-con-inner\">\n\t\t<div class=\"elementor-element elementor-element-herohlft0 e-flex e-con-boxed e-con e-child\" data-id=\"herohlft0\" data-element_type=\"container\" data-e-type=\"container\">\n\t\t\t\t\t<div class=\"e-con-inner\">\n\t\t<div class=\"elementor-element elementor-element-c3ceb64 e-con-full e-flex e-con e-child\" data-id=\"c3ceb64\" data-element_type=\"container\" data-e-type=\"container\">\n\t\t\t\t<div class=\"elementor-element elementor-element-96ae5e1 elementor-widget elementor-widget-heading\" data-id=\"96ae5e1\" data-element_type=\"widget\" data-e-type=\"widget\" data-widget_type=\"heading.default\">\n\t\t\t\t\t<h1 class=\"elementor-heading-title elementor-size-default\">V\u00f6rsa, sk\u00f3garherra Kom\u00ed-vei\u00f0imanna<\/h1>\t\t\t\t<\/div>\n\t\t\t\t<div class=\"elementor-element elementor-element-e45238a elementor-widget elementor-widget-text-editor\" data-id=\"e45238a\" data-element_type=\"widget\" data-e-type=\"widget\" data-widget_type=\"text-editor.default\">\n\t\t\t\t\t\t\t\t\t<p>V\u00f6rsa er <span class=\"iwg-fachbegriff\" data-tooltip=\"\u00d3\u00e1\u00fereifanlegt vera sem talin er hafa \u00e1hrif \u00ed heiminum.\" tabindex=\"0\">andi<\/span> \u00far sagnaarfi Kom\u00ed.<\/p><p><strong>Sk\u00f3garherrann sem veitir vei\u00f0igengi og hegnir fyrir vei\u00f0ibrot.<\/strong> Fyrir Kom\u00ed-vei\u00f0imenn er V\u00f6rsa s\u00e1 sem r\u00e6\u00f0ur \u00farslitum um velgengni e\u00f0a mist\u00f6k \u00e1 vei\u00f0um.<\/p>\t\t\t\t\t\t\t\t<\/div>\n\t\t\t\t<\/div>\n\t\t<div class=\"elementor-element elementor-element-klsbdg01 e-con-full e-flex e-con e-parent\" data-id=\"klsbdg01\" data-element_type=\"container\" data-e-type=\"container\">\n\t\t\t\t<div class=\"elementor-element elementor-element-klshtm01 elementor-widget elementor-widget-html\" data-id=\"klshtm01\" data-element_type=\"widget\" data-e-type=\"widget\" data-widget_type=\"html.default\">\n\t\t\t\t\t<div class=\"iwg-pill-row\"><span class=\"iwg-klasse-badge\" tabindex=\"0\" data-tooltip=\"Andi: \u00d3\u00e1\u00fereifanleg e\u00f0a h\u00e1lf-\u00e1\u00fereifanleg vera, framli\u00f0nir, n\u00e1tt\u00faruv\u00e6ttir, h\u00fasv\u00e6ttir e\u00f0a \u00fer\u00f6skuldsver\u00f0ir. Verkar \u00ed daglegu l\u00edfi, oft bundinn st\u00f6\u00f0um e\u00f0a fj\u00f6lskyldum.\">Andi<\/span><span class=\"iwg-kultur-badge\" tabindex=\"0\" data-tooltip=\"Finn\u00f3-\u00fagr\u00edskar sagnir Volgu- og nor\u00f0ursk\u00f3gar\u00fej\u00f3\u00f0a (Mordv\u00edna, Kom\u00ed).\">Finn\u00f3-\u00fagr\u00edskt<\/span><\/div>\t\t\t\t<\/div>\n\t\t\t\t<\/div>\n\t\t<div class=\"elementor-element elementor-element-3f74855 e-con-full e-flex e-con e-child\" data-id=\"3f74855\" data-element_type=\"container\" data-e-type=\"container\">\n\t\t\t\t<div class=\"elementor-element elementor-element-1c30362 elementor-toc--minimized-on-tablet elementor-widget elementor-widget-table-of-contents\" data-id=\"1c30362\" data-element_type=\"widget\" data-e-type=\"widget\" data-settings=\"{&quot;exclude_headings_by_selector&quot;:[],&quot;no_headings_message&quot;:&quot;Engar undirfyrirsagnir fundust \\u00e1 \\u00feessari s\\u00ed\\u00f0u.&quot;,&quot;headings_by_tags&quot;:[&quot;h2&quot;,&quot;h3&quot;],&quot;marker_view&quot;:&quot;bullets&quot;,&quot;icon&quot;:{&quot;value&quot;:&quot;fas fa-circle&quot;,&quot;library&quot;:&quot;fa-solid&quot;,&quot;rendered_tag&quot;:&quot;&lt;svg class=\\&quot;e-font-icon-svg e-fas-circle\\&quot; viewBox=\\&quot;0 0 512 512\\&quot; xmlns=\\&quot;http:\\\/\\\/www.w3.org\\\/2000\\\/svg\\&quot;&gt;&lt;path d=\\&quot;M256 8C119 8 8 119 8 256s111 248 248 248 248-111 248-248S393 8 256 8z\\&quot;&gt;&lt;\\\/path&gt;&lt;\\\/svg&gt;&quot;},&quot;minimize_box&quot;:&quot;yes&quot;,&quot;minimized_on&quot;:&quot;tablet&quot;,&quot;hierarchical_view&quot;:&quot;yes&quot;,&quot;min_height&quot;:{&quot;unit&quot;:&quot;px&quot;,&quot;size&quot;:&quot;&quot;,&quot;sizes&quot;:[]},&quot;min_height_tablet&quot;:{&quot;unit&quot;:&quot;px&quot;,&quot;size&quot;:&quot;&quot;,&quot;sizes&quot;:[]},&quot;min_height_mobile&quot;:{&quot;unit&quot;:&quot;px&quot;,&quot;size&quot;:&quot;&quot;,&quot;sizes&quot;:[]}}\" data-widget_type=\"table-of-contents.default\">\n\t\t\t\t\t\t\t\t\t<div class=\"elementor-toc__header\">\n\t\t\t\t\t\t<h2 class=\"elementor-toc__header-title\">\n\t\t\t\tEfnisyfirlit\t\t\t<\/h2>\n\t\t\t\t\t\t\t\t\t\t<div class=\"elementor-toc__toggle-button elementor-toc__toggle-button--expand\" role=\"button\" tabindex=\"0\" aria-controls=\"elementor-toc__1c30362\" aria-expanded=\"true\" aria-label=\"Open table of contents\"><svg aria-hidden=\"true\" class=\"e-font-icon-svg e-fas-chevron-down\" viewBox=\"0 0 448 512\" xmlns=\"http:\/\/www.w3.org\/2000\/svg\"><path d=\"M207.029 381.476L12.686 187.132c-9.373-9.373-9.373-24.569 0-33.941l22.667-22.667c9.357-9.357 24.522-9.375 33.901-.04L224 284.505l154.745-154.021c9.379-9.335 24.544-9.317 33.901.04l22.667 22.667c9.373 9.373 9.373 24.569 0 33.941L240.971 381.476c-9.373 9.372-24.569 9.372-33.942 0z\"><\/path><\/svg><\/div>\n\t\t\t\t<div class=\"elementor-toc__toggle-button elementor-toc__toggle-button--collapse\" role=\"button\" tabindex=\"0\" aria-controls=\"elementor-toc__1c30362\" aria-expanded=\"true\" aria-label=\"Close table of contents\"><svg aria-hidden=\"true\" class=\"e-font-icon-svg e-fas-chevron-up\" viewBox=\"0 0 448 512\" xmlns=\"http:\/\/www.w3.org\/2000\/svg\"><path d=\"M240.971 130.524l194.343 194.343c9.373 9.373 9.373 24.569 0 33.941l-22.667 22.667c-9.357 9.357-24.522 9.375-33.901.04L224 227.495 69.255 381.516c-9.379 9.335-24.544 9.317-33.901-.04l-22.667-22.667c-9.373-9.373-9.373-24.569 0-33.941L207.03 130.525c9.372-9.373 24.568-9.373 33.941-.001z\"><\/path><\/svg><\/div>\n\t\t\t\t\t<\/div>\n\t\t\t\t<div id=\"elementor-toc__1c30362\" class=\"elementor-toc__body\">\n\t\t\t<div class=\"elementor-toc__spinner-container\">\n\t\t\t\t<svg class=\"elementor-toc__spinner eicon-animation-spin e-font-icon-svg e-eicon-loading\" aria-hidden=\"true\" viewBox=\"0 0 1000 1000\" xmlns=\"http:\/\/www.w3.org\/2000\/svg\"><path d=\"M500 975V858C696 858 858 696 858 500S696 142 500 142 142 304 142 500H25C25 237 238 25 500 25S975 237 975 500 763 975 500 975Z\"><\/path><\/svg>\t\t\t<\/div>\n\t\t<\/div>\n\t\t\t\t\t\t<\/div>\n\t\t\t\t<\/div>\n\t\t\t\t\t<\/div>\n\t\t\t\t<\/div>\n\t\t<div class=\"elementor-element elementor-element-herorght0 e-con-full e-flex e-con e-child\" data-id=\"herorght0\" data-element_type=\"container\" data-e-type=\"container\">\n\t\t\t\t<div class=\"elementor-element elementor-element-heroimg00 iwg-hero-image elementor-widget elementor-widget-image\" data-id=\"heroimg00\" data-element_type=\"widget\" data-e-type=\"widget\" data-widget_type=\"image.default\">\n\t\t\t\t\t\t\t\t\t\t\t\t\t\t\t<img fetchpriority=\"high\" decoding=\"async\" width=\"680\" height=\"1024\" src=\"https:\/\/iwell-guard.com\/wp-content\/uploads\/2026\/07\/geister_finno-ugrisch_voersa-680x1024.webp\" class=\"attachment-large size-large wp-image-169903\" alt=\"Voersa, andi \u00far finnsk-\u00fagr\u00edskri arfleif\u00f0\" srcset=\"https:\/\/iwell-guard.com\/wp-content\/uploads\/2026\/07\/geister_finno-ugrisch_voersa-680x1024.webp 680w, https:\/\/iwell-guard.com\/wp-content\/uploads\/2026\/07\/geister_finno-ugrisch_voersa-199x300.webp 199w, https:\/\/iwell-guard.com\/wp-content\/uploads\/2026\/07\/geister_finno-ugrisch_voersa-768x1156.webp 768w, https:\/\/iwell-guard.com\/wp-content\/uploads\/2026\/07\/geister_finno-ugrisch_voersa-1021x1536.webp 1021w, https:\/\/iwell-guard.com\/wp-content\/uploads\/2026\/07\/geister_finno-ugrisch_voersa.webp 1022w\" sizes=\"(max-width: 680px) 100vw, 680px\" \/>\t\t\t\t\t\t\t\t\t\t\t\t\t\t\t<\/div>\n\t\t\t\t<\/div>\n\t\t\t\t\t<\/div>\n\t\t\t\t<\/div>\n\t\t<div class=\"elementor-element elementor-element-32917199 e-flex e-con-boxed e-con e-parent\" data-id=\"32917199\" data-element_type=\"container\" data-e-type=\"container\">\n\t\t\t\t\t<div class=\"e-con-inner\">\n\t\t<div class=\"elementor-element elementor-element-26e916cb e-flex e-con-boxed e-con e-child\" data-id=\"26e916cb\" data-element_type=\"container\" data-e-type=\"container\">\n\t\t\t\t\t<div class=\"e-con-inner\">\n\t\t<div class=\"elementor-element elementor-element-253a40d4 e-flex e-con-boxed e-con e-child\" data-id=\"253a40d4\" data-element_type=\"container\" data-e-type=\"container\">\n\t\t\t\t\t<div class=\"e-con-inner\">\n\t\t\t\t<div class=\"elementor-element elementor-element-1200c304 elementor-widget elementor-widget-heading\" data-id=\"1200c304\" data-element_type=\"widget\" data-e-type=\"widget\" data-widget_type=\"heading.default\">\n\t\t\t\t\t<div class=\"elementor-heading-title elementor-size-default\">V\u00f6rsa<\/div>\t\t\t\t<\/div>\n\t\t\t\t<div class=\"elementor-element elementor-element-11758e7f elementor-widget elementor-widget-text-editor\" data-id=\"11758e7f\" data-element_type=\"widget\" data-e-type=\"widget\" data-widget_type=\"text-editor.default\">\n\t\t\t\t\t\t\t\t\t<p>V\u00f6rsa (einnig skrifa\u00f0 Vorsa) er sk\u00f3garandi Kom\u00ed-\u00fej\u00f3\u00f0arins \u00ed ysta nor\u00f0austri Evr\u00f3pu og sta\u00f0bundin hli\u00f0st\u00e6\u00f0a r\u00fassneska Leshy. Hann er talinn herra sk\u00f3garins sem \u00fathlutar vei\u00f0igengi og vakir yfir a\u00f0 vei\u00f0isi\u00f0ir s\u00e9u haldnir. Me\u00f0al Kom\u00ed-Permjaka gengur sama vera undir nafninu Voris&#8217;.<\/p><p>Samkv\u00e6mt hef\u00f0bundinni heimsmynd skipti himingu\u00f0inn En au\u00f0\u00e6fum sk\u00f3gar og vatns milli manna og anda; ma\u00f0urinn f\u00e9kk sinn hlut a\u00f0eins me\u00f0 sam\u00feykki vi\u00f0komandi herra. Bj\u00f6rninn var talinn lifandi \u00edmynd sk\u00f3garandans.<\/p>\t\t\t\t\t\t\t\t<\/div>\n\t\t\t\t\t<\/div>\n\t\t\t\t<\/div>\n\t\t<div class=\"elementor-element elementor-element-159dcf9a e-flex e-con-boxed e-con e-child\" data-id=\"159dcf9a\" data-element_type=\"container\" data-e-type=\"container\">\n\t\t\t\t\t<div class=\"e-con-inner\">\n\t\t\t\t<div class=\"elementor-element elementor-element-48cee66f elementor-widget elementor-widget-heading\" data-id=\"48cee66f\" data-element_type=\"widget\" data-e-type=\"widget\" data-widget_type=\"heading.default\">\n\t\t\t\t\t<div class=\"elementor-heading-title elementor-size-default\">\u00cd hnotskurn: V\u00f6rsa<\/div>\t\t\t\t<\/div>\n\t\t\t\t<div class=\"elementor-element elementor-element-3f50d82c elementor-widget elementor-widget-text-editor\" data-id=\"3f50d82c\" data-element_type=\"widget\" data-e-type=\"widget\" data-widget_type=\"text-editor.default\">\n\t\t\t\t\t\t\t\t\t<p><strong>Tegund:<\/strong> Sk\u00f3garherra og verndari vei\u00f0isi\u00f0a, herra d\u00fdranna<br>Uppruni: Sagnir Kom\u00ed-\u00fej\u00f3\u00f0arins (Syrj\u00e9na og Permjaka) \u00ed nor\u00f0austri evr\u00f3pska R\u00fasslands<br>Textar: \u00fej\u00f3\u00f0fr\u00e6\u00f0ilegar skr\u00e1ningar fr\u00e1 19. og 20. \u00f6ld (Nalimov, Sidorov, Konakov)<br>T\u00edmabil: skjalfest fr\u00e1 seinni hluta 19. aldar<br>Birtingarmynd: \u00f3s\u00fdnilegur, sem hvirfilvindur e\u00f0a ma\u00f0ur; bj\u00f6rninn sem lifandi \u00edmynd<\/p>\t\t\t\t\t\t\t\t<\/div>\n\t\t\t\t\t<\/div>\n\t\t\t\t<\/div>\n\t\t\t\t\t<\/div>\n\t\t\t\t<\/div>\n\t\t\t\t\t<\/div>\n\t\t\t\t<\/div>\n\t\t<div class=\"elementor-element elementor-element-18613602 e-flex e-con-boxed e-con e-parent\" data-id=\"18613602\" data-element_type=\"container\" data-e-type=\"container\">\n\t\t\t\t\t<div class=\"e-con-inner\">\n\t\t\t\t<div class=\"elementor-element elementor-element-262b8a9f elementor-widget elementor-widget-heading\" data-id=\"262b8a9f\" data-element_type=\"widget\" data-e-type=\"widget\" data-widget_type=\"heading.default\">\n\t\t\t\t\t<h2 class=\"elementor-heading-title elementor-size-default\">Heimildasamhengi<\/h2>\t\t\t\t<\/div>\n\t\t<div class=\"elementor-element elementor-element-46dcb7d e-con-full e-flex e-con e-child\" data-id=\"46dcb7d\" data-element_type=\"container\" data-e-type=\"container\">\n\t\t<div class=\"elementor-element elementor-element-61d3ab3 e-flex e-con-boxed e-con e-child\" data-id=\"61d3ab3\" data-element_type=\"container\" data-e-type=\"container\">\n\t\t\t\t\t<div class=\"e-con-inner\">\n\t\t\t\t<div class=\"elementor-element elementor-element-117c166 elementor-widget elementor-widget-heading\" data-id=\"117c166\" data-element_type=\"widget\" data-e-type=\"widget\" data-widget_type=\"heading.default\">\n\t\t\t\t\t<h3 class=\"elementor-heading-title elementor-size-default\">T\u00edmabil textanna<\/h3>\t\t\t\t<\/div>\n\t\t\t\t<div class=\"elementor-element elementor-element-73997a0 elementor-widget elementor-widget-text-editor\" data-id=\"73997a0\" data-element_type=\"widget\" data-e-type=\"widget\" data-widget_type=\"text-editor.default\">\n\t\t\t\t\t\t\t\t\t<p>Veran ver\u00f0ur fyrst skjalfest me\u00f0 \u00fej\u00f3\u00f0fr\u00e6\u00f0iranns\u00f3knum fr\u00e1 seinni hluta 19. aldar (Popov, s\u00ed\u00f0ar Nalimov og Sidorov); ranns\u00f3knarsta\u00f0an er dregin saman \u00ed Encyclopedia of Uralic Mythologies (r\u00fassneska 1999, enska 2003).<\/p>\t\t\t\t\t\t\t\t<\/div>\n\t\t\t\t\t<\/div>\n\t\t\t\t<\/div>\n\t\t<div class=\"elementor-element elementor-element-d47b156 e-flex e-con-boxed e-con e-child\" data-id=\"d47b156\" data-element_type=\"container\" data-e-type=\"container\">\n\t\t\t\t\t<div class=\"e-con-inner\">\n\t\t\t\t<div class=\"elementor-element elementor-element-ff38c2b elementor-widget elementor-widget-heading\" data-id=\"ff38c2b\" data-element_type=\"widget\" data-e-type=\"widget\" data-widget_type=\"heading.default\">\n\t\t\t\t\t<h3 class=\"elementor-heading-title elementor-size-default\">\u00datbrei\u00f0slusv\u00e6\u00f0i<\/h3>\t\t\t\t<\/div>\n\t\t\t\t<div class=\"elementor-element elementor-element-4e49fcc elementor-widget elementor-widget-text-editor\" data-id=\"4e49fcc\" data-element_type=\"widget\" data-e-type=\"widget\" data-widget_type=\"text-editor.default\">\n\t\t\t\t\t\t\t\t\t<p>B\u00fasv\u00e6\u00f0i Kom\u00ed-\u00fej\u00f3\u00f0arins vi\u00f0 \u00e1na Vytshegda og Petsjoru \u00ed nor\u00f0austri evr\u00f3pska R\u00fasslands, skipt \u00ed Syrj\u00e9na og Permjaka.<\/p>\t\t\t\t\t\t\t\t<\/div>\n\t\t\t\t\t<\/div>\n\t\t\t\t<\/div>\n\t\t\t\t<\/div>\n\t\t<div class=\"elementor-element elementor-element-db03c39 e-con-full e-flex e-con e-child\" data-id=\"db03c39\" data-element_type=\"container\" data-e-type=\"container\">\n\t\t<div class=\"elementor-element elementor-element-229a87b e-flex e-con-boxed e-con e-child\" data-id=\"229a87b\" data-element_type=\"container\" data-e-type=\"container\">\n\t\t\t\t\t<div class=\"e-con-inner\">\n\t\t\t\t<div class=\"elementor-element elementor-element-1f471fc elementor-widget elementor-widget-heading\" data-id=\"1f471fc\" data-element_type=\"widget\" data-e-type=\"widget\" data-widget_type=\"heading.default\">\n\t\t\t\t\t<h3 class=\"elementor-heading-title elementor-size-default\">Heimildasta\u00f0a<\/h3>\t\t\t\t<\/div>\n\t\t\t\t<div class=\"elementor-element elementor-element-36b1201 elementor-widget elementor-widget-text-editor\" data-id=\"36b1201\" data-element_type=\"widget\" data-e-type=\"widget\" data-widget_type=\"text-editor.default\">\n\t\t\t\t\t\t\t\t\t<p>R\u00e9tt er a\u00f0 segja a\u00f0 skr\u00e1ningin s\u00e9 r\u00fdr: \u00fej\u00f3\u00f0fr\u00e6\u00f0ilegar heimildir (Nalimov, Sidorov, Konakov), sterklega m\u00f3ta\u00f0ar af r\u00fassneskum Leshy-s\u00f6gnum.<\/p>\t\t\t\t\t\t\t\t<\/div>\n\t\t\t\t\t<\/div>\n\t\t\t\t<\/div>\n\t\t\t\t<\/div>\n\t\t\t\t\t<\/div>\n\t\t\t\t<\/div>\n\t\t<div class=\"elementor-element elementor-element-3ae0637c e-flex e-con-boxed e-con e-parent\" data-id=\"3ae0637c\" data-element_type=\"container\" data-e-type=\"container\">\n\t\t\t\t\t<div class=\"e-con-inner\">\n\t\t\t\t<div class=\"elementor-element elementor-element-31d07739 elementor-widget elementor-widget-heading\" data-id=\"31d07739\" data-element_type=\"widget\" data-e-type=\"widget\" data-widget_type=\"heading.default\">\n\t\t\t\t\t<h2 class=\"elementor-heading-title elementor-size-default\">Nafn og afbrig\u00f0i<\/h2>\t\t\t\t<\/div>\n\t\t<div class=\"elementor-element elementor-element-b7642947 e-con-full e-flex e-con e-child\" data-id=\"b7642947\" data-element_type=\"container\" data-e-type=\"container\">\n\t\t\t\t<div class=\"elementor-element elementor-element-a086266 elementor-widget elementor-widget-text-editor\" data-id=\"a086266\" data-element_type=\"widget\" data-e-type=\"widget\" data-widget_type=\"text-editor.default\">\n\t\t\t\t\t\t\t\t\t<p><strong>Kom\u00ed:<\/strong> <em>V\u00f6rsa<\/em>, dregi\u00f0 af <em>v\u00f6r<\/em>, sk\u00f3gur: s\u00e1 sem tilheyrir sk\u00f3ginum. Me\u00f0al Kom\u00ed-Permjaka heitir sama vera Voris&#8217;. Menn nefndu sk\u00f3garherrann \u00f3gjarnan me\u00f0 nafni og notu\u00f0u heldur \u00f3bein or\u00f0 eins og fr\u00e6ndi e\u00f0a \u00f6ldungur til a\u00f0 kalla hann ekki \u00f3vart fram.<\/p>\t\t\t\t\t\t\t\t<\/div>\n\t\t\t\t<\/div>\n\t\t\t\t\t<\/div>\n\t\t\t\t<\/div>\n\t\t<div class=\"elementor-element elementor-element-709a44a8 e-flex e-con-boxed e-con e-parent\" data-id=\"709a44a8\" data-element_type=\"container\" data-e-type=\"container\">\n\t\t\t\t\t<div class=\"e-con-inner\">\n\t\t\t\t<div class=\"elementor-element elementor-element-2f585873 elementor-widget elementor-widget-heading\" data-id=\"2f585873\" data-element_type=\"widget\" data-e-type=\"widget\" data-widget_type=\"heading.default\">\n\t\t\t\t\t<h2 class=\"elementor-heading-title elementor-size-default\">L\u00fdsing<\/h2>\t\t\t\t<\/div>\n\t\t<div class=\"elementor-element elementor-element-70621c12 e-con-full e-flex e-con e-child\" data-id=\"70621c12\" data-element_type=\"container\" data-e-type=\"container\">\n\t\t\t\t<div class=\"elementor-element elementor-element-4296eb49 elementor-widget elementor-widget-text-editor\" data-id=\"4296eb49\" data-element_type=\"widget\" data-e-type=\"widget\" data-widget_type=\"text-editor.default\">\n\t\t\t\t\t\t\t\t\t<p><strong>Birtingarmynd<\/strong><\/p><p>Kom\u00ed-menn h\u00f6f\u00f0u ekki fasta mynd af V\u00f6rsa. Hann gat veri\u00f0 \u00f3s\u00fdnilegur, fari\u00f0 um sk\u00f3ginn sem hvirfilvindur e\u00f0a birst sem venjulegur ma\u00f0ur; a\u00f0rar fr\u00e1sagnir gefa honum s\u00e9rkennileg einkenni sem greina hann fr\u00e1 manninum. Bj\u00f6rninn, \u00e6\u00f0sta d\u00fdr Kom\u00ed-sk\u00f3garins, var talinn lifandi \u00edmynd hans. Formleysi\u00f0 er sj\u00e1lft t\u00e1knm\u00e1l: sk\u00f3gurinn sem framandi valdasvi\u00f0 birtist manninum aldrei a\u00f0 fullu.<\/p><p><strong>\u00c1hrif<\/strong><\/p><p>V\u00f6rsa var tryggingara\u00f0ili vei\u00f0isi\u00f0anna. S\u00e1 sem braut reglurnar, t\u00e6mdi t.d. gildrur annarra e\u00f0a tala\u00f0i ni\u00f0randi um br\u00e1\u00f0ina, honum sviptu hann vei\u00f0igengi; hegningin kom ni\u00f0ur \u00e1 velgengninni, sjaldan \u00e1 l\u00edkama e\u00f0a l\u00edfi. Kom\u00ed-h\u00f3parnir tveir m\u00e1tu hann me\u00f0 \u00f3l\u00edkum h\u00e6tti: Me\u00f0al Syrj\u00e9na rann hann saman vi\u00f0 hinn illa anda, en Permjakar m\u00e6ttu s\u00ednum Voris&#8217; me\u00f0 lotningu og \u00e1k\u00f6llu\u00f0u hann vi\u00f0 fars\u00f3ttir.<\/p>\t\t\t\t\t\t\t\t<\/div>\n\t\t\t\t<\/div>\n\t\t\t\t\t<\/div>\n\t\t\t\t<\/div>\n\t\t<div class=\"elementor-element elementor-element-44e71476 e-flex e-con-boxed e-con e-parent\" data-id=\"44e71476\" data-element_type=\"container\" data-e-type=\"container\">\n\t\t\t\t\t<div class=\"e-con-inner\">\n\t\t\t\t<div class=\"elementor-element elementor-element-3c1fc3f0 elementor-widget elementor-widget-heading\" data-id=\"3c1fc3f0\" data-element_type=\"widget\" data-e-type=\"widget\" data-widget_type=\"heading.default\">\n\t\t\t\t\t<h2 class=\"elementor-heading-title elementor-size-default\">Skr\u00e1: V\u00f6rsa<\/h2>\t\t\t\t<\/div>\n\t\t<div class=\"elementor-element elementor-element-84f33b8e e-con-full e-flex e-con e-child\" data-id=\"84f33b8e\" data-element_type=\"container\" data-e-type=\"container\">\n\t\t\t\t<div class=\"elementor-element elementor-element-hqkdc67p elementor-widget elementor-widget-text-editor\" data-id=\"hqkdc67p\" data-element_type=\"widget\" data-e-type=\"widget\" data-widget_type=\"text-editor.default\">\n\t\t\t\t\t\t\t\t\t<p>Mikilv\u00e6gustu atri\u00f0in um sk\u00f3garherra Kom\u00ed \u00ed hnotskurn.<\/p>\t\t\t\t\t\t\t\t<\/div>\n\t\t\t\t<\/div>\n\t\t<div class=\"elementor-element elementor-element-pemmx7c5 e-con-full e-flex e-con e-child\" data-id=\"pemmx7c5\" data-element_type=\"container\" data-e-type=\"container\">\n\t\t<div class=\"elementor-element elementor-element-pemmx7c1 e-con-full e-flex e-con e-child\" data-id=\"pemmx7c1\" data-element_type=\"container\" data-e-type=\"container\">\n\t\t<div class=\"elementor-element elementor-element-qh9oavvu iwg-steckbrief-card e-flex e-con-boxed e-con e-child\" data-id=\"qh9oavvu\" data-element_type=\"container\" data-e-type=\"container\">\n\t\t\t\t\t<div class=\"e-con-inner\">\n\t\t\t\t<div class=\"elementor-element elementor-element-awzx8k2k elementor-widget elementor-widget-heading\" data-id=\"awzx8k2k\" data-element_type=\"widget\" data-e-type=\"widget\" data-widget_type=\"heading.default\">\n\t\t\t\t\t<div class=\"elementor-heading-title elementor-size-default\">Hef\u00f0<\/div>\t\t\t\t<\/div>\n\t\t\t\t<div class=\"elementor-element elementor-element-x6rowhv0 elementor-widget elementor-widget-text-editor\" data-id=\"x6rowhv0\" data-element_type=\"widget\" data-e-type=\"widget\" data-widget_type=\"text-editor.default\">\n\t\t\t\t\t\t\t\t\t<p>Sk\u00f3garherra Kom\u00ed \u00ed tv\u00edhyggjukenndri heimsmynd En og Omol; undir honum r\u00f6\u00f0 andaherra einstakra d\u00fdrategunda.<\/p>\t\t\t\t\t\t\t\t<\/div>\n\t\t\t\t\t<\/div>\n\t\t\t\t<\/div>\n\t\t<div class=\"elementor-element elementor-element-8e3o4kxs iwg-steckbrief-card e-flex e-con-boxed e-con e-child\" data-id=\"8e3o4kxs\" data-element_type=\"container\" data-e-type=\"container\">\n\t\t\t\t\t<div class=\"e-con-inner\">\n\t\t\t\t<div class=\"elementor-element elementor-element-08rkdgov elementor-widget elementor-widget-heading\" data-id=\"08rkdgov\" data-element_type=\"widget\" data-e-type=\"widget\" data-widget_type=\"heading.default\">\n\t\t\t\t\t<div class=\"elementor-heading-title elementor-size-default\">Tengt vi\u00f0<\/div>\t\t\t\t<\/div>\n\t\t\t\t<div class=\"elementor-element elementor-element-uwjelx8s elementor-widget elementor-widget-text-editor\" data-id=\"uwjelx8s\" data-element_type=\"widget\" data-e-type=\"widget\" data-widget_type=\"text-editor.default\">\n\t\t\t\t\t\t\t\t\t<p>Vei\u00f0imenn, gildruleggjendur og \u00feorpsb\u00faar: br\u00e1\u00f0 er ekki tekin, heldur veitt af honum, \u00ed skiptum fyrir gjafir og hl\u00fd\u00f0ni vi\u00f0 reglur.<\/p>\t\t\t\t\t\t\t\t<\/div>\n\t\t\t\t\t<\/div>\n\t\t\t\t<\/div>\n\t\t<div class=\"elementor-element elementor-element-jm2n74ec iwg-steckbrief-card e-flex e-con-boxed e-con e-child\" data-id=\"jm2n74ec\" data-element_type=\"container\" data-e-type=\"container\">\n\t\t\t\t\t<div class=\"e-con-inner\">\n\t\t\t\t<div class=\"elementor-element elementor-element-8vufse4c elementor-widget elementor-widget-heading\" data-id=\"8vufse4c\" data-element_type=\"widget\" data-e-type=\"widget\" data-widget_type=\"heading.default\">\n\t\t\t\t\t<div class=\"elementor-heading-title elementor-size-default\">Framsetning<\/div>\t\t\t\t<\/div>\n\t\t\t\t<div class=\"elementor-element elementor-element-mwb9u015 elementor-widget elementor-widget-text-editor\" data-id=\"mwb9u015\" data-element_type=\"widget\" data-e-type=\"widget\" data-widget_type=\"text-editor.default\">\n\t\t\t\t\t\t\t\t\t<p>\u00d3s\u00fdnilegur, sem hvirfilvindur e\u00f0a ma\u00f0ur me\u00f0 s\u00e9rkennileg einkenni; bj\u00f6rninn, \u00e6\u00f0sta d\u00fdr Kom\u00ed-sk\u00f3garins, er talinn lifandi \u00edmynd hans.<\/p>\t\t\t\t\t\t\t\t<\/div>\n\t\t\t\t\t<\/div>\n\t\t\t\t<\/div>\n\t\t\t\t<\/div>\n\t\t<div class=\"elementor-element elementor-element-pemmx7c2 e-con-full e-flex e-con e-child\" data-id=\"pemmx7c2\" data-element_type=\"container\" data-e-type=\"container\">\n\t\t<div class=\"elementor-element elementor-element-37ss2yr6 iwg-steckbrief-card e-flex e-con-boxed e-con e-child\" data-id=\"37ss2yr6\" data-element_type=\"container\" data-e-type=\"container\">\n\t\t\t\t\t<div class=\"e-con-inner\">\n\t\t\t\t<div class=\"elementor-element elementor-element-3v0wp3wx elementor-widget elementor-widget-heading\" data-id=\"3v0wp3wx\" data-element_type=\"widget\" data-e-type=\"widget\" data-widget_type=\"heading.default\">\n\t\t\t\t\t<div class=\"elementor-heading-title elementor-size-default\">Verkunarsvi\u00f0<\/div>\t\t\t\t<\/div>\n\t\t\t\t<div class=\"elementor-element elementor-element-w3247g2m elementor-widget elementor-widget-text-editor\" data-id=\"w3247g2m\" data-element_type=\"widget\" data-e-type=\"widget\" data-widget_type=\"text-editor.default\">\n\t\t\t\t\t\t\t\t\t<p>\u00dathlutun og sviptun vei\u00f0igengis, vakt yfir vei\u00f0isi\u00f0um; me\u00f0al Permjaka einnig heilsa manna og b\u00faf\u00e9na\u00f0ar.<\/p>\t\t\t\t\t\t\t\t<\/div>\n\t\t\t\t\t<\/div>\n\t\t\t\t<\/div>\n\t\t<div class=\"elementor-element elementor-element-0qpjal9w iwg-steckbrief-card e-flex e-con-boxed e-con e-child\" data-id=\"0qpjal9w\" data-element_type=\"container\" data-e-type=\"container\">\n\t\t\t\t\t<div class=\"e-con-inner\">\n\t\t\t\t<div class=\"elementor-element elementor-element-6ndoih0o elementor-widget elementor-widget-heading\" data-id=\"6ndoih0o\" data-element_type=\"widget\" data-e-type=\"widget\" data-widget_type=\"heading.default\">\n\t\t\t\t\t<div class=\"elementor-heading-title elementor-size-default\">Umgengni<\/div>\t\t\t\t<\/div>\n\t\t\t\t<div class=\"elementor-element elementor-element-6684tyh9 elementor-widget elementor-widget-text-editor\" data-id=\"6684tyh9\" data-element_type=\"widget\" data-e-type=\"widget\" data-widget_type=\"text-editor.default\">\n\t\t\t\t\t\t\t\t\t<p>Gjafir fyrir upphaf vei\u00f0it\u00edmabils (skinnvarningur, brau\u00f0, salt, t\u00f3bak), afhending fyrstu br\u00e1\u00f0ar og lotningarfullt, \u00f3beint or\u00f0f\u00e6ri \u00ed sk\u00f3ginum.<\/p>\t\t\t\t\t\t\t\t<\/div>\n\t\t\t\t\t<\/div>\n\t\t\t\t<\/div>\n\t\t<div class=\"elementor-element elementor-element-3lfi7x32 iwg-steckbrief-card e-flex e-con-boxed e-con e-child\" data-id=\"3lfi7x32\" data-element_type=\"container\" data-e-type=\"container\">\n\t\t\t\t\t<div class=\"e-con-inner\">\n\t\t\t\t<div class=\"elementor-element elementor-element-0kg99ga1 elementor-widget elementor-widget-heading\" data-id=\"0kg99ga1\" data-element_type=\"widget\" data-e-type=\"widget\" data-widget_type=\"heading.default\">\n\t\t\t\t\t<div class=\"elementor-heading-title elementor-size-default\">Afm\u00f6rkun<\/div>\t\t\t\t<\/div>\n\t\t\t\t<div class=\"elementor-element elementor-element-n0fum6kp elementor-widget elementor-widget-text-editor\" data-id=\"n0fum6kp\" data-element_type=\"widget\" data-e-type=\"widget\" data-widget_type=\"text-editor.default\">\n\t\t\t\t\t\t\t\t\t<p>R\u00fassneski <a href=\"https:\/\/iwell-guard.com\/is\/leshy\/\">Leshy<\/a> er n\u00e1nasta hli\u00f0st\u00e6\u00f0an; mordv\u00ednska <a href=\"https:\/\/iwell-guard.com\/is\/?page_id=169616\">Vir-ava<\/a> er aftur \u00e1 m\u00f3ti gy\u00f0ja, ekki andaherra.<\/p>\t\t\t\t\t\t\t\t<\/div>\n\t\t\t\t\t<\/div>\n\t\t\t\t<\/div>\n\t\t\t\t<\/div>\n\t\t\t\t<\/div>\n\t\t\t\t\t<\/div>\n\t\t\t\t<\/div>\n\t\t<div class=\"elementor-element elementor-element-7533bc7a e-flex e-con-boxed e-con e-parent\" data-id=\"7533bc7a\" data-element_type=\"container\" data-e-type=\"container\">\n\t\t\t\t\t<div class=\"e-con-inner\">\n\t\t\t\t<div class=\"elementor-element elementor-element-2447d18d elementor-widget elementor-widget-heading\" data-id=\"2447d18d\" data-element_type=\"widget\" data-e-type=\"widget\" data-widget_type=\"heading.default\">\n\t\t\t\t\t<h2 class=\"elementor-heading-title elementor-size-default\">S\u00e1ttm\u00e1linn milli vei\u00f0imanna og sk\u00f3garherra<\/h2>\t\t\t\t<\/div>\n\t\t<div class=\"elementor-element elementor-element-d5d0260c e-con-full e-flex e-con e-child\" data-id=\"d5d0260c\" data-element_type=\"container\" data-e-type=\"container\">\n\t\t\t\t<div class=\"elementor-element elementor-element-341be2ac elementor-widget elementor-widget-text-editor\" data-id=\"341be2ac\" data-element_type=\"widget\" data-e-type=\"widget\" data-widget_type=\"text-editor.default\">\n\t\t\t\t\t\t\t\t\t<p>Kom\u00ed-\u00fej\u00f3\u00f0in er finn\u00f3-\u00fagr\u00edsk \u00fej\u00f3\u00f0 vi\u00f0 Vytshegda og Petsjoru; Syrj\u00e9nar voru kristna\u00f0ir undir lok 14. aldar af Stef\u00e1ni fr\u00e1 Perm, Permjakar \u00e1 15. \u00f6ld. Tr\u00fain \u00e1 n\u00e1tt\u00faruandaherra lif\u00f0i tr\u00fabo\u00f0i\u00f0 af um aldir. Samkv\u00e6mt hef\u00f0bundinni heimsmynd skipti himingu\u00f0inn En au\u00f0\u00e6fum sk\u00f3gar og vatns milli manna og anda; ma\u00f0urinn f\u00e9kk sinn hlut a\u00f0eins me\u00f0 sam\u00feykki vi\u00f0komandi herra.<\/p><p>Me\u00f0al sk\u00f3garherra r\u00edkti stigskipting: einn \u00e6\u00f0sti sk\u00f3garandi og undir honum andaherrar einstakra d\u00fdrategunda, svo sem \u00edkorna e\u00f0a h\u00e9ra. Nafni\u00f0 V\u00f6rsa er dregi\u00f0 af kom\u00ed-or\u00f0inu <em>v\u00f6r<\/em>, sk\u00f3gur, og merkir \u00feann sem tilheyrir sk\u00f3ginum. \u00c1\u00f0ur en vei\u00f0it\u00edmabili\u00f0 h\u00f3fst voru honum f\u00e6r\u00f0ar gjafir, me\u00f0al annars skinnvarningur, brau\u00f0, salt og t\u00f3bak, og fyrstu br\u00e1\u00f0inni var honum eftirl\u00e1tin.<\/p>\t\t\t\t\t\t\t\t<\/div>\n\t\t\t\t<\/div>\n\t\t\t\t\t<\/div>\n\t\t\t\t<\/div>\n\t\t<div class=\"elementor-element elementor-element-5a584676 e-flex e-con-boxed e-con e-parent\" data-id=\"5a584676\" data-element_type=\"container\" data-e-type=\"container\">\n\t\t\t\t\t<div class=\"e-con-inner\">\n\t\t\t\t<div class=\"elementor-element elementor-element-6d0757bf elementor-widget elementor-widget-heading\" data-id=\"6d0757bf\" data-element_type=\"widget\" data-e-type=\"widget\" data-widget_type=\"heading.default\">\n\t\t\t\t\t<h2 class=\"elementor-heading-title elementor-size-default\">M\u00f3ttaka og greining<\/h2>\t\t\t\t<\/div>\n\t\t<div class=\"elementor-element elementor-element-60563f68 e-con-full e-flex e-con e-child\" data-id=\"60563f68\" data-element_type=\"container\" data-e-type=\"container\">\n\t\t\t\t<div class=\"elementor-element elementor-element-5a93fdd6 elementor-widget elementor-widget-text-editor\" data-id=\"5a93fdd6\" data-element_type=\"widget\" data-e-type=\"widget\" data-widget_type=\"text-editor.default\">\n\t\t\t\t\t\t\t\t\t<p>Utan h\u00e9ra\u00f0sins var\u00f0 V\u00f6rsa fyrst og fremst kunnur gegnum v\u00edsindalega Encyclopedia of Uralic Mythologies. \u00cd Kom\u00ed-l\u00fd\u00f0veldinu tilheyrir sk\u00f3garandinn sv\u00e6\u00f0isbundnum menningararfi; myndlistarmenn eins og Arkadi Moshev m\u00f3tu\u00f0u myndr\u00e6nar birtingar hans \u00e1 20. \u00f6ld. \u00cd d\u00e6gurlegum best\u00edar\u00edum netheima birtist V\u00f6rsa oftast sem einf\u00f6ld nafnabreyting \u00e1 Leshy, sem gerir sj\u00e1lfst\u00e6\u00f0um Kom\u00ed-s\u00f6gnum ekki fullkomin skil.<\/p><p>Tr\u00faarbrag\u00f0afr\u00e6\u00f0ilega er V\u00f6rsa d\u00e6miger\u00f0ur fyrir nor\u00f0ur-evras\u00edskan \u201eherra d\u00fdranna&#8220; \u00ed rammger\u00f0ri vei\u00f0imenningu: br\u00e1\u00f0 er ekki tekin, heldur veitt, og andinn tryggir si\u00f0fer\u00f0i samf\u00e9lagsins \u00ed n\u00fdtingu n\u00e1tt\u00farunnar. Athygli vekur tv\u00edhyggjukennd umgj\u00f6r\u00f0 Kom\u00ed-heimsmyndarins me\u00f0 skaparaparinu En og Omol. Kristnitakan f\u00e6r\u00f0i mati\u00f0 til: \u00far s\u00e1ttm\u00e1laf\u00e9laga vei\u00f0imanna var\u00f0 v\u00ed\u00f0a dj\u00f6full, me\u00f0an permjak\u00edska hef\u00f0in var\u00f0veitti lengur eldri, lotningarfulla afst\u00f6\u00f0una. Tv\u00edr\u00e6\u00f0ni heimildanna endurspeglar \u00feannig tr\u00faarbrag\u00f0as\u00f6gu, ekki innri m\u00f3ts\u00f6gn verunnar.<\/p>\t\t\t\t\t\t\t\t<\/div>\n\t\t\t\t<\/div>\n\t\t\t\t\t<\/div>\n\t\t\t\t<\/div>\n\t\t<div class=\"elementor-element elementor-element-cp9a031aa e-flex e-con-boxed e-con e-parent\" data-id=\"cp9a031aa\" data-element_type=\"container\" data-e-type=\"container\">\n\t\t\t\t\t<div class=\"e-con-inner\">\n\t\t\t\t<div class=\"elementor-element elementor-element-cp9193514 elementor-widget elementor-widget-heading\" data-id=\"cp9193514\" data-element_type=\"widget\" data-e-type=\"widget\" data-widget_type=\"heading.default\">\n\t\t\t\t\t<h2 class=\"elementor-heading-title elementor-size-default\">Gjafir, vei\u00f0ireglur og lotningarfullt or\u00f0f\u00e6ri<\/h2>\t\t\t\t<\/div>\n\t\t<div class=\"elementor-element elementor-element-cp02ca0ee e-con-full e-flex e-con e-child\" data-id=\"cp02ca0ee\" data-element_type=\"container\" data-e-type=\"container\">\n\t\t\t\t<div class=\"elementor-element elementor-element-cp444e0f1 elementor-widget elementor-widget-text-editor\" data-id=\"cp444e0f1\" data-element_type=\"widget\" data-e-type=\"widget\" data-widget_type=\"text-editor.default\">\n\t\t\t\t\t\t\t\t\t<p>Hin hef\u00f0bundna v\u00f6rnin f\u00f3lst \u00ed r\u00e9ttri heg\u00f0un, ekki \u00ed bannf\u00e6ringarg\u00f6ldrum. Til hennar heyr\u00f0u gjafir fyrir vei\u00f0it\u00edmabili\u00f0 og a\u00f0 l\u00e1ta fyrstu br\u00e1\u00f0ina \u00f3\u00e1reitta, a\u00f0 fylgja vei\u00f0ireglum og a\u00f0 tala um sk\u00f3ginn \u00e1 vir\u00f0ingarfullu, dulnefnislegu m\u00e1li. S\u00e1 sem vildi gista undir tr\u00e9 a\u00f0 n\u00f3ttu ba\u00f0 tr\u00e9nu leyfis. \u00c1kve\u00f0in trj\u00e1gr\u00f3\u00f0ur \u00fe\u00f3tti hj\u00e1 Komi-f\u00f3lkinu f\u00e6la anda fr\u00e1, \u00fear \u00e1 me\u00f0al reynivi\u00f0ur, <a href=\"https:\/\/iwell-guard.com\/is\/einir\/\">einir<\/a>, v\u00ed\u00f0ir og elri. \u00c1\u00f0ur en f\u00f3lk mata\u00f0ist \u00ed sk\u00f3ginum var eldurinn f\u00f3\u00f0ra\u00f0ur me\u00f0 brau\u00f0mylsnu; ekki m\u00e1tti sp\u00fdta \u00e1 eldinn e\u00f0a tra\u00f0ka hann \u00fat me\u00f0 f\u00f3tum.<\/p>\t\t\t\t\t\t\t\t<\/div>\n\t\t\t\t<\/div>\n\t\t\t\t\t<\/div>\n\t\t\t\t<\/div>\n\t\t<div class=\"elementor-element elementor-element-cp11de5b2 e-flex e-con-boxed e-con e-parent\" data-id=\"cp11de5b2\" data-element_type=\"container\" data-e-type=\"container\">\n\t\t\t\t\t<div class=\"e-con-inner\">\n\t\t\t\t<div class=\"elementor-element elementor-element-cp8d35271 elementor-widget elementor-widget-heading\" data-id=\"cp8d35271\" data-element_type=\"widget\" data-e-type=\"widget\" data-widget_type=\"heading.default\">\n\t\t\t\t\t<h2 class=\"elementor-heading-title elementor-size-default\">Leshy, Vasa og herrar l\u00edfssvi\u00f0anna<\/h2>\t\t\t\t<\/div>\n\t\t<div class=\"elementor-element elementor-element-cp02f26b8 e-con-full e-flex e-con e-child\" data-id=\"cp02f26b8\" data-element_type=\"container\" data-e-type=\"container\">\n\t\t\t\t<div class=\"elementor-element elementor-element-cp58c4390 elementor-widget elementor-widget-text-editor\" data-id=\"cp58c4390\" data-element_type=\"widget\" data-e-type=\"widget\" data-widget_type=\"text-editor.default\">\n\t\t\t\t\t\t\t\t\t<p>N\u00e1nasta hli\u00f0st\u00e6\u00f0an er r\u00fassneski <a href=\"https:\/\/iwell-guard.com\/is\/leshy\/\">Leshy<\/a>, sem hefur m\u00f3ta\u00f0 mynd V\u00f6rsa-sagnanna mj\u00f6g sterkt; vi\u00f0 Eystrasalti\u00f0 svarar eistneski sk\u00f3gar\u00f6ldungurinn <a href=\"https:\/\/iwell-guard.com\/is\/?page_id=169574\">Metsavana<\/a> til hans. Innan andaheims Komi-f\u00f3lksins stendur V\u00f6rsa \u00ed h\u00f3pi me\u00f0 vatnsandanum Vasa og gufuba\u00f0sandanum Pyvsyansa, sem er m\u00f3tsvar <a href=\"https:\/\/iwell-guard.com\/is\/bannik\/\">Bannik<\/a>; einnig h\u00fasandinn <a href=\"https:\/\/iwell-guard.com\/is\/domovoi\/\">Domovoi<\/a> heyrir til \u00feessa svi\u00f0s herra einstakra l\u00edfssvi\u00f0a. M\u00f3\u00f0urd\u00edski-sk\u00f3garm\u00f3\u00f0irin <a href=\"https:\/\/iwell-guard.com\/is\/?page_id=169616\">Vir-ava<\/a> er kvenkyns n\u00e1grannavera vi\u00f0 Volgu, en er skipu\u00f0 \u00f6\u00f0ruv\u00edsi: H\u00fan er gu\u00f0d\u00f3mur \u00ed go\u00f0heimi, en V\u00f6rsa er andaherra vei\u00f0anna.<\/p>\t\t\t\t\t\t\t\t<\/div>\n\t\t\t\t<\/div>\n\t\t\t\t\t<\/div>\n\t\t\t\t<\/div>\n\t\t<div class=\"elementor-element elementor-element-cp406577c e-flex e-con-boxed e-con e-parent\" data-id=\"cp406577c\" data-element_type=\"container\" data-e-type=\"container\">\n\t\t\t\t\t<div class=\"e-con-inner\">\n\t\t\t\t<div class=\"elementor-element elementor-element-cpdd9c543 elementor-widget elementor-widget-heading\" data-id=\"cpdd9c543\" data-element_type=\"widget\" data-e-type=\"widget\" data-widget_type=\"heading.default\">\n\t\t\t\t\t<h2 class=\"elementor-heading-title elementor-size-default\">Algengar spurningar um V\u00f6rsa<\/h2>\t\t\t\t<\/div>\n\t\t<div class=\"elementor-element elementor-element-cp9e731bb e-con-full e-flex e-con e-child\" data-id=\"cp9e731bb\" data-element_type=\"container\" data-e-type=\"container\">\n\t\t\t\t<div class=\"elementor-element elementor-element-cpa7c898c elementor-widget elementor-widget-text-editor\" data-id=\"cpa7c898c\" data-element_type=\"widget\" data-e-type=\"widget\" data-widget_type=\"text-editor.default\">\n\t\t\t\t\t\t\t\t\t<p><strong>Er V\u00f6rsa illur andi?<\/strong><\/p><p>Samkv\u00e6mt eldri s\u00f6gnum ekki. Hann er herra og samningsa\u00f0ili vei\u00f0imanna, sem hegnir brotum \u00e1 reglum me\u00f0 misheppna\u00f0ri vei\u00f0i og ver\u00f0launar g\u00f3\u00f0a heg\u00f0un me\u00f0 br\u00e1\u00f0. Fyrst undir kristnum \u00e1hrifum, s\u00e9rstaklega hj\u00e1 S\u00fdrjenum, f\u00e6r\u00f0ist hann n\u00e6r dj\u00f6flinum; Permjakarnir b\u00e1\u00f0u Voris&#8217; sinn jafnvel um heilsu og vernd.<\/p><p><strong>Hvernig er munurinn \u00e1 V\u00f6rsa og Leshy?<\/strong><\/p><p>\u00cd hlutverki varla, b\u00e1\u00f0ir eru sk\u00f3garherrar me\u00f0 vald yfir d\u00fdrum og lei\u00f0um. Komi-veran er \u00fe\u00f3 sterkar bundin samningshugsun: Gu\u00f0inn En hefur gefi\u00f0 \u00f6ndunum au\u00f0\u00e6fi sk\u00f3garins, og ma\u00f0urinn f\u00e6r sinn hlut a\u00f0eins gegn gj\u00f6fum og reglufylgni.<\/p><p><strong>Hvert hlutverk hefur bj\u00f6rninn?<\/strong><\/p><p>Bj\u00f6rninn \u00fe\u00f3tti vera lifandi \u00edmynd sk\u00f3garandans og sonur himingu\u00f0sins En, sem steig ni\u00f0ur \u00e1 j\u00f6r\u00f0ina. Bjarnavei\u00f0ar voru \u00fev\u00ed strengt skipulag\u00f0ar.<\/p>\t\t\t\t\t\t\t\t<\/div>\n\t\t\t\t<\/div>\n\t\t\t\t\t<\/div>\n\t\t\t\t<\/div>\n\t\t<div class=\"elementor-element elementor-element-36dd7469 e-flex e-con-boxed e-con e-parent\" data-id=\"36dd7469\" data-element_type=\"container\" data-e-type=\"container\">\n\t\t\t\t\t<div class=\"e-con-inner\">\n\t\t\t\t<div class=\"elementor-element elementor-element-13760ab4 elementor-widget elementor-widget-heading\" data-id=\"13760ab4\" data-element_type=\"widget\" data-e-type=\"widget\" data-widget_type=\"heading.default\">\n\t\t\t\t\t<h2 class=\"elementor-heading-title elementor-size-default\">\u00cdtarefni og tenglar<\/h2>\t\t\t\t<\/div>\n\t\t<div class=\"elementor-element elementor-element-28c87796 e-con-full e-flex e-con e-child\" data-id=\"28c87796\" data-element_type=\"container\" data-e-type=\"container\">\n\t\t\t\t<div class=\"elementor-element elementor-element-5d6538df elementor-widget elementor-widget-text-editor\" data-id=\"5d6538df\" data-element_type=\"widget\" data-e-type=\"widget\" data-widget_type=\"text-editor.default\">\n\t\t\t\t\t\t\t\t\t<p>R\u00e1\u00f0lag\u00f0ir innri tenglar:<\/p><ul><li><a href=\"https:\/\/iwell-guard.com\/is\/leshy\/\">Leshy<\/a> \u2013 r\u00fassneski sk\u00f3garherrann sem n\u00e1nasta hli\u00f0st\u00e6\u00f0a<\/li><li><a href=\"https:\/\/iwell-guard.com\/is\/?page_id=169616\">Vir-ava<\/a> \u2013 m\u00f3\u00f0urd\u00edski-sk\u00f3garm\u00f3\u00f0irin vi\u00f0 Volgu<\/li><li><a href=\"https:\/\/iwell-guard.com\/is\/?page_id=169574\">Metsavana<\/a> \u2013 eistneski sk\u00f3gar\u00f6ldungurinn<\/li><li><a href=\"https:\/\/iwell-guard.com\/is\/salt-sem-verndargripur\/\">Salt<\/a>, <a href=\"https:\/\/iwell-guard.com\/is\/jarn-og-kalt-jarn\/\">J\u00e1rn<\/a>, <a href=\"https:\/\/iwell-guard.com\/is\/einir\/\">Einir<\/a>, <a href=\"https:\/\/iwell-guard.com\/is\/reykhreinsun\/\">Reykingar<\/a> \u2013 hef\u00f0bundin verndarme\u00f0\u00f6l<\/li><\/ul>\t\t\t\t\t\t\t\t<\/div>\n\t\t\t\t<\/div>\n\t\t\t\t\t<\/div>\n\t\t\t\t<\/div>\n\t\t<div class=\"elementor-element elementor-element-grl4kl40 e-flex e-con-boxed e-con e-parent\" data-id=\"grl4kl40\" data-element_type=\"container\" data-e-type=\"container\">\n\t\t\t\t\t<div class=\"e-con-inner\">\n\t\t\t\t<div class=\"elementor-element elementor-element-bzsbfrmh elementor-widget elementor-widget-heading\" data-id=\"bzsbfrmh\" data-element_type=\"widget\" data-e-type=\"widget\" data-widget_type=\"heading.default\">\n\t\t\t\t\t<h2 class=\"elementor-heading-title elementor-size-default\">Heimildir (\u00farval)<\/h2>\t\t\t\t<\/div>\n\t\t<div class=\"elementor-element elementor-element-2c13224a e-con-full e-flex e-con e-child\" data-id=\"2c13224a\" data-element_type=\"container\" data-e-type=\"container\">\n\t\t\t\t<div class=\"elementor-element elementor-element-0eymh9ub elementor-widget elementor-widget-text-editor\" data-id=\"0eymh9ub\" data-element_type=\"widget\" data-e-type=\"widget\" data-widget_type=\"text-editor.default\">\n\t\t\t\t\t\t\t\t\t<footer class=\"iwg-literatur\" data-nosnippet=\"true\"><p>\u00darval helstu heimilda og ranns\u00f3kna:<\/p><ul><li><span data-nosnippet>Konakov, N. D. u. a.: <em>Komi Mythology<\/em>. Budapest\/Helsinki 2003.<\/span><\/li><li><span data-nosnippet>Paulson, Ivar: <em>Outline of Permian Folk Religion<\/em>. In: Journal of the Folklore Institute 2, 1965.<\/span><\/li><li><span data-nosnippet>Sidorov, Alexei S.: <em>Znacharstvo, koldovstvo i portscha u naroda komi<\/em>. Leningrad 1928.<\/span><\/li><\/ul><\/footer>\n<p class=\"iwg-bib-more\"><span data-nosnippet>Fleiri grunnrit \u00ed <a href=\"https:\/\/iwell-guard.com\/is\/heimildaskra\/\">heimildaskr\u00e1nni<\/a>.<\/span><\/p>\t\t\t\t\t\t\t\t<\/div>\n\t\t\t\t<\/div>\n\t\t\t\t\t<\/div>\n\t\t\t\t<\/div>\n\t\t<div class=\"elementor-element elementor-element-iwgkw2-add-hulijing e-flex e-con-boxed e-con e-parent\" data-id=\"iwgkw2-add-hulijing\" data-element_type=\"container\" data-e-type=\"container\">\n\t\t\t\t\t<div class=\"e-con-inner\">\n\t\t\t\t<div class=\"elementor-element elementor-element-iwgkw2-add-hulijing-t elementor-widget elementor-widget-text-editor\" data-id=\"iwgkw2-add-hulijing-t\" data-element_type=\"widget\" data-e-type=\"widget\" data-widget_type=\"text-editor.default\">\n\t\t\t\t\t\t\t\t\t<p>Sem sk\u00f3garandi Komi-f\u00f3lksins og verndari vei\u00f0isi\u00f0fer\u00f0is t\u00e1knar V\u00f6rsa hugsun \u00fear sem br\u00e1\u00f0 er veitt, ekki tekin; s\u00e1 sem vill skilja Komi-go\u00f0afr\u00e6\u00f0ina byrjar best hj\u00e1 \u00feessum \u00fe\u00f6gla samningsa\u00f0ila vei\u00f0imanna.<\/p>\t\t\t\t\t\t\t\t<\/div>\n\t\t\t\t\t<\/div>\n\t\t\t\t<\/div>\n\t\t\t\t<\/div>\n\t\t","protected":false},"excerpt":{"rendered":"","protected":false},"author":3,"featured_media":20438,"parent":0,"menu_order":0,"comment_status":"closed","ping_status":"closed","template":"elementor_header_footer","meta":{"_yoast_wpseo_focuskw":"v\u00f6rsa","_yoast_wpseo_title":"V\u00f6rsa \u2013 sk\u00f3garandi Kom\u00ed og verndari vei\u00f0imennskunnar","_yoast_wpseo_metadesc":"V\u00f6rsa, sk\u00f3garandi Kom\u00ed, vakir yfir vei\u00f0igengi og vei\u00f0isi\u00f0um. Yfirlit um uppruna, birtingarmyndir og verndarhef\u00f0ir sem sagnir greina fr\u00e1.","_yoast_wpseo_meta-robots-noindex":"","_yoast_wpseo_canonical":"","_angie_page":false,"gefaehrdungsstufe":"2","wesen_kultur":"finno-ugrisch","wesen_klasse":"geister","footnotes":""},"categories":[],"class_list":["post-169617","page","type-page","status-publish","has-post-thumbnail","hentry"],"yoast_head":"<!-- This site is optimized with the Yoast SEO Premium plugin v27.7 (Yoast SEO v28.3) - https:\/\/yoast.com\/product\/yoast-seo-premium-wordpress\/ -->\n<title>V\u00f6rsa \u2013 sk\u00f3garandi Kom\u00ed og verndari vei\u00f0imennskunnar<\/title>\n<meta name=\"description\" content=\"V\u00f6rsa, sk\u00f3garandi Kom\u00ed, vakir yfir vei\u00f0igengi og vei\u00f0isi\u00f0um. Yfirlit um uppruna, birtingarmyndir og verndarhef\u00f0ir sem sagnir greina fr\u00e1.\" \/>\n<meta name=\"robots\" content=\"index, follow, max-snippet:-1, max-image-preview:large, max-video-preview:-1\" \/>\n<link rel=\"canonical\" href=\"https:\/\/iwell-guard.com\/is\/vorsa\/\" \/>\n<meta property=\"og:locale\" content=\"is_IS\" \/>\n<meta property=\"og:type\" content=\"article\" \/>\n<meta property=\"og:title\" content=\"V\u00f6rsa\" \/>\n<meta property=\"og:description\" content=\"V\u00f6rsa, sk\u00f3garandi Kom\u00ed, vakir yfir vei\u00f0igengi og vei\u00f0isi\u00f0um. Yfirlit um uppruna, birtingarmyndir og verndarhef\u00f0ir sem sagnir greina fr\u00e1.\" \/>\n<meta property=\"og:url\" content=\"https:\/\/iwell-guard.com\/is\/vorsa\/\" \/>\n<meta property=\"og:site_name\" content=\"iWell Guard\" \/>\n<meta property=\"article:modified_time\" content=\"2026-09-05T14:50:43+00:00\" \/>\n<meta property=\"og:image\" content=\"https:\/\/iwell-guard.com\/wp-content\/uploads\/2026\/07\/geister_finno-ugrisch_voersa.webp\" \/>\n\t<meta property=\"og:image:width\" content=\"1022\" \/>\n\t<meta property=\"og:image:height\" content=\"1538\" \/>\n\t<meta property=\"og:image:type\" content=\"image\/webp\" \/>\n<meta name=\"twitter:card\" content=\"summary_large_image\" \/>\n<script type=\"application\/ld+json\" class=\"yoast-schema-graph\">{\"@context\":\"https:\\\/\\\/schema.org\",\"@graph\":[{\"@type\":\"WebPage\",\"@id\":\"https:\\\/\\\/iwell-guard.com\\\/is\\\/vorsa\\\/\",\"url\":\"https:\\\/\\\/iwell-guard.com\\\/is\\\/vorsa\\\/\",\"name\":\"V\u00f6rsa \u2013 sk\u00f3garandi Kom\u00ed og verndari vei\u00f0imennskunnar\",\"isPartOf\":{\"@id\":\"https:\\\/\\\/iwell-guard.com\\\/is\\\/#website\"},\"primaryImageOfPage\":{\"@id\":\"https:\\\/\\\/iwell-guard.com\\\/is\\\/vorsa\\\/#primaryimage\"},\"image\":{\"@id\":\"https:\\\/\\\/iwell-guard.com\\\/is\\\/vorsa\\\/#primaryimage\"},\"thumbnailUrl\":\"https:\\\/\\\/iwell-guard.com\\\/wp-content\\\/uploads\\\/2026\\\/07\\\/geister_finno-ugrisch_voersa.webp\",\"datePublished\":\"2026-09-05T14:09:50+00:00\",\"dateModified\":\"2026-09-05T14:50:43+00:00\",\"description\":\"V\u00f6rsa, sk\u00f3garandi Kom\u00ed, vakir yfir vei\u00f0igengi og vei\u00f0isi\u00f0um. Yfirlit um uppruna, birtingarmyndir og verndarhef\u00f0ir sem sagnir greina fr\u00e1.\",\"breadcrumb\":{\"@id\":\"https:\\\/\\\/iwell-guard.com\\\/is\\\/vorsa\\\/#breadcrumb\"},\"inLanguage\":\"is\",\"potentialAction\":[{\"@type\":\"ReadAction\",\"target\":[\"https:\\\/\\\/iwell-guard.com\\\/is\\\/vorsa\\\/\"]}]},{\"@type\":\"ImageObject\",\"inLanguage\":\"is\",\"@id\":\"https:\\\/\\\/iwell-guard.com\\\/is\\\/vorsa\\\/#primaryimage\",\"url\":\"https:\\\/\\\/iwell-guard.com\\\/wp-content\\\/uploads\\\/2026\\\/07\\\/geister_finno-ugrisch_voersa.webp\",\"contentUrl\":\"https:\\\/\\\/iwell-guard.com\\\/wp-content\\\/uploads\\\/2026\\\/07\\\/geister_finno-ugrisch_voersa.webp\",\"width\":1022,\"height\":1538,\"caption\":\"Voersa, andi \u00far finnsk-\u00fagr\u00edskri arfleif\u00f0\"},{\"@type\":\"BreadcrumbList\",\"@id\":\"https:\\\/\\\/iwell-guard.com\\\/is\\\/vorsa\\\/#breadcrumb\",\"itemListElement\":[{\"@type\":\"ListItem\",\"position\":1,\"name\":\"Start\",\"item\":\"https:\\\/\\\/iwell-guard.com\\\/is\\\/?page_id=168580\"},{\"@type\":\"ListItem\",\"position\":2,\"name\":\"V\u00f6rsa\"}]},{\"@type\":\"WebSite\",\"@id\":\"https:\\\/\\\/iwell-guard.com\\\/is\\\/#website\",\"url\":\"https:\\\/\\\/iwell-guard.com\\\/is\\\/\",\"name\":\"iWell Guard\",\"description\":\"Schutz vor dunklen Einfl\u00fcssen\",\"publisher\":{\"@id\":\"https:\\\/\\\/iwell-guard.com\\\/is\\\/#organization\"},\"potentialAction\":[{\"@type\":\"SearchAction\",\"target\":{\"@type\":\"EntryPoint\",\"urlTemplate\":\"https:\\\/\\\/iwell-guard.com\\\/is\\\/?s={search_term_string}\"},\"query-input\":{\"@type\":\"PropertyValueSpecification\",\"valueRequired\":true,\"valueName\":\"search_term_string\"}}],\"inLanguage\":\"is\"},{\"@type\":\"Organization\",\"@id\":\"https:\\\/\\\/iwell-guard.com\\\/is\\\/#organization\",\"name\":\"Ittermann electronic GmbH\",\"url\":\"https:\\\/\\\/iwell-guard.com\\\/is\\\/\",\"logo\":{\"@type\":\"ImageObject\",\"inLanguage\":\"is\",\"@id\":\"https:\\\/\\\/iwell-guard.com\\\/is\\\/#\\\/schema\\\/logo\\\/image\\\/\",\"url\":\"https:\\\/\\\/iwell-guard.com\\\/wp-content\\\/uploads\\\/2026\\\/05\\\/Ittermann-Logo-1182x237-1.png\",\"contentUrl\":\"https:\\\/\\\/iwell-guard.com\\\/wp-content\\\/uploads\\\/2026\\\/05\\\/Ittermann-Logo-1182x237-1.png\",\"width\":1182,\"height\":237,\"caption\":\"Ittermann electronic GmbH\"},\"image\":{\"@id\":\"https:\\\/\\\/iwell-guard.com\\\/is\\\/#\\\/schema\\\/logo\\\/image\\\/\"},\"sameAs\":[\"https:\\\/\\\/pantip.com\\\/profile\\\/9367242\",\"https:\\\/\\\/micro.blog\\\/iwellguard\",\"https:\\\/\\\/www.diggerslist.com\\\/iwellguard\\\/about\",\"https:\\\/\\\/skitterphoto.com\\\/photographers\\\/2870314\\\/iwell-guard\",\"https:\\\/\\\/iwellguard.wordpress.com\\\/2026\\\/06\\\/06\\\/iwell-guard\\\/\",\"https:\\\/\\\/hub.docker.com\\\/u\\\/iwellguard\",\"https:\\\/\\\/www.pinterest.com\\\/iwellguard\\\/\",\"https:\\\/\\\/bit.ly\\\/m\\\/iwellguard\",\"https:\\\/\\\/entre-vos-mains.alsace.eu\\\/profiles\\\/iwellguard\\\/activity\",\"https:\\\/\\\/gravatar.com\\\/reallybeded8fd34\",\"https:\\\/\\\/naijamatta.com\\\/iwellguard\",\"https:\\\/\\\/www.goodreads.com\\\/iwellguard\",\"https:\\\/\\\/profile.hatena.ne.jp\\\/iwellguard\\\/\",\"https:\\\/\\\/experiment.com\\\/users\\\/iwellguard\",\"https:\\\/\\\/wakelet.com\\\/@iWellGuard82270\",\"https:\\\/\\\/www.chordie.com\\\/forum\\\/profile.php?id=2555664\",\"https:\\\/\\\/www.instapaper.com\\\/p\\\/17757966\",\"https:\\\/\\\/www.mapleprimes.com\\\/users\\\/iwellguard\",\"https:\\\/\\\/businesslistingplus.com\\\/profile\\\/iwell-guard\\\/\",\"https:\\\/\\\/telegra.ph\\\/iWell-Guard-06-06\",\"https:\\\/\\\/pbase.com\\\/iwellguard\\\/iwellguard\",\"https:\\\/\\\/b.hatena.ne.jp\\\/iwellguard\\\/20260607#bookmark-4788405196491818882\",\"https:\\\/\\\/fliphtml5.com\\\/home\\\/iwellguard\",\"https:\\\/\\\/anyflip.com\\\/homepage\\\/cmiwl#About\",\"https:\\\/\\\/transfur.com\\\/Users\\\/iwellguard\",\"http:\\\/\\\/delphi.larsbo.org\\\/user\\\/iwellguard\",\"https:\\\/\\\/jobs.lajobsportal.org\\\/profiles\\\/8380803-iwell-guard\",\"https:\\\/\\\/md.chaosdorf.de\\\/s\\\/jfbe5SBdJD\",\"https:\\\/\\\/www.lingvolive.com\\\/en-us\\\/profile\\\/9ecaeaca-ce11-4e51-9e71-01d55e2bff36\\\/translations\",\"https:\\\/\\\/www.fitday.com\\\/fitness\\\/forums\\\/members\\\/iwellguard.html\",\"https:\\\/\\\/www.mymeetbook.com\\\/iwellguard\",\"https:\\\/\\\/pxhere.com\\\/en\\\/photographer-me\\\/5040798\",\"https:\\\/\\\/disqus.com\\\/by\\\/iwellguard\\\/about\\\/\",\"https:\\\/\\\/pastelink.net\\\/hjwciqwq\",\"https:\\\/\\\/pubhtml5.com\\\/homepage\\\/scjhn\\\/\",\"https:\\\/\\\/www.bitchute.com\\\/channel\\\/2O2eOKzNqujT\",\"https:\\\/\\\/audiomack.com\\\/iwellguard\"]},{\"@type\":\"Article\",\"@id\":\"https:\\\/\\\/iwell-guard.com\\\/is\\\/vorsa\\\/#article\",\"isPartOf\":{\"@id\":\"https:\\\/\\\/iwell-guard.com\\\/is\\\/vorsa\\\/\"},\"author\":{\"name\":\"Ralf Ittermann\",\"@id\":\"https:\\\/\\\/iwell-guard.com\\\/is\\\/#\\\/schema\\\/person\\\/ee2a27f1cac3406c7c6fb5820cb7349f\"},\"headline\":\"V\u00f6rsa\",\"datePublished\":\"2026-09-05T14:09:50+00:00\",\"dateModified\":\"2026-09-05T14:50:43+00:00\",\"mainEntityOfPage\":{\"@id\":\"https:\\\/\\\/iwell-guard.com\\\/is\\\/vorsa\\\/\"},\"publisher\":{\"@id\":\"https:\\\/\\\/iwell-guard.com\\\/is\\\/#organization\"},\"image\":{\"@id\":\"https:\\\/\\\/iwell-guard.com\\\/is\\\/vorsa\\\/#primaryimage\"},\"thumbnailUrl\":\"https:\\\/\\\/iwell-guard.com\\\/wp-content\\\/uploads\\\/2026\\\/07\\\/geister_finno-ugrisch_voersa.webp\",\"inLanguage\":\"is\",\"description\":\"V\u00f6rsa, sk\u00f3garandi Kom\u00ed, vakir yfir vei\u00f0igengi og vei\u00f0isi\u00f0um. Yfirlit um uppruna, birtingarmyndir og verndarhef\u00f0ir sem sagnir greina fr\u00e1.\"}]}<\/script>\n<!-- \/ Yoast SEO Premium plugin. -->","yoast_head_json":{"title":"V\u00f6rsa \u2013 sk\u00f3garandi Kom\u00ed og verndari vei\u00f0imennskunnar","description":"V\u00f6rsa, sk\u00f3garandi Kom\u00ed, vakir yfir vei\u00f0igengi og vei\u00f0isi\u00f0um. Yfirlit um uppruna, birtingarmyndir og verndarhef\u00f0ir sem sagnir greina fr\u00e1.","robots":{"index":"index","follow":"follow","max-snippet":"max-snippet:-1","max-image-preview":"max-image-preview:large","max-video-preview":"max-video-preview:-1"},"canonical":"https:\/\/iwell-guard.com\/is\/vorsa\/","og_locale":"is_IS","og_type":"article","og_title":"V\u00f6rsa","og_description":"V\u00f6rsa, sk\u00f3garandi Kom\u00ed, vakir yfir vei\u00f0igengi og vei\u00f0isi\u00f0um. Yfirlit um uppruna, birtingarmyndir og verndarhef\u00f0ir sem sagnir greina fr\u00e1.","og_url":"https:\/\/iwell-guard.com\/is\/vorsa\/","og_site_name":"iWell Guard","article_modified_time":"2026-09-05T14:50:43+00:00","og_image":[{"width":1022,"height":1538,"url":"https:\/\/iwell-guard.com\/wp-content\/uploads\/2026\/07\/geister_finno-ugrisch_voersa.webp","type":"image\/webp"}],"twitter_card":"summary_large_image","schema":{"@context":"https:\/\/schema.org","@graph":[{"@type":"Article","@id":"https:\/\/iwell-guard.com\/is\/vorsa\/#article","isPartOf":{"@id":"https:\/\/iwell-guard.com\/is\/vorsa\/"},"author":{"name":"Ralf Ittermann","@id":"https:\/\/iwell-guard.com\/is\/#\/schema\/person\/ee2a27f1cac3406c7c6fb5820cb7349f"},"headline":"V\u00f6rsa","datePublished":"2026-09-05T14:09:50+00:00","dateModified":"2026-09-05T14:50:43+00:00","mainEntityOfPage":{"@id":"https:\/\/iwell-guard.com\/is\/vorsa\/"},"publisher":{"@id":"https:\/\/iwell-guard.com\/is\/#organization"},"image":{"@id":"https:\/\/iwell-guard.com\/is\/vorsa\/#primaryimage"},"thumbnailUrl":"https:\/\/iwell-guard.com\/wp-content\/uploads\/2026\/07\/geister_finno-ugrisch_voersa.webp","inLanguage":"is","description":"V\u00f6rsa, sk\u00f3garandi Kom\u00ed, vakir yfir vei\u00f0igengi og vei\u00f0isi\u00f0um. Yfirlit um uppruna, birtingarmyndir og verndarhef\u00f0ir sem sagnir greina fr\u00e1."},{"@type":"WebPage","@id":"https:\/\/iwell-guard.com\/is\/vorsa\/","url":"https:\/\/iwell-guard.com\/is\/vorsa\/","name":"V\u00f6rsa \u2013 sk\u00f3garandi Kom\u00ed og verndari vei\u00f0imennskunnar","isPartOf":{"@id":"https:\/\/iwell-guard.com\/is\/#website"},"primaryImageOfPage":{"@id":"https:\/\/iwell-guard.com\/is\/vorsa\/#primaryimage"},"image":{"@id":"https:\/\/iwell-guard.com\/is\/vorsa\/#primaryimage"},"thumbnailUrl":"https:\/\/iwell-guard.com\/wp-content\/uploads\/2026\/07\/geister_finno-ugrisch_voersa.webp","datePublished":"2026-09-05T14:09:50+00:00","dateModified":"2026-09-05T14:50:43+00:00","description":"V\u00f6rsa, sk\u00f3garandi Kom\u00ed, vakir yfir vei\u00f0igengi og vei\u00f0isi\u00f0um. Yfirlit um uppruna, birtingarmyndir og verndarhef\u00f0ir sem sagnir greina fr\u00e1.","breadcrumb":{"@id":"https:\/\/iwell-guard.com\/is\/vorsa\/#breadcrumb"},"inLanguage":"is","potentialAction":[{"@type":"ReadAction","target":["https:\/\/iwell-guard.com\/is\/vorsa\/"]}]},{"@type":"ImageObject","inLanguage":"is","@id":"https:\/\/iwell-guard.com\/is\/vorsa\/#primaryimage","url":"https:\/\/iwell-guard.com\/wp-content\/uploads\/2026\/07\/geister_finno-ugrisch_voersa.webp","contentUrl":"https:\/\/iwell-guard.com\/wp-content\/uploads\/2026\/07\/geister_finno-ugrisch_voersa.webp","width":1022,"height":1538,"caption":"Voersa, andi \u00far finnsk-\u00fagr\u00edskri arfleif\u00f0"},{"@type":"BreadcrumbList","@id":"https:\/\/iwell-guard.com\/is\/vorsa\/#breadcrumb","itemListElement":[{"@type":"ListItem","position":1,"name":"Start","item":"https:\/\/iwell-guard.com\/is\/?page_id=168580"},{"@type":"ListItem","position":2,"name":"V\u00f6rsa"}]},{"@type":"WebSite","@id":"https:\/\/iwell-guard.com\/is\/#website","url":"https:\/\/iwell-guard.com\/is\/","name":"iWell Guard","description":"Schutz vor dunklen Einfl\u00fcssen","publisher":{"@id":"https:\/\/iwell-guard.com\/is\/#organization"},"potentialAction":[{"@type":"SearchAction","target":{"@type":"EntryPoint","urlTemplate":"https:\/\/iwell-guard.com\/is\/?s={search_term_string}"},"query-input":{"@type":"PropertyValueSpecification","valueRequired":true,"valueName":"search_term_string"}}],"inLanguage":"is"},{"@type":"Organization","@id":"https:\/\/iwell-guard.com\/is\/#organization","name":"Ittermann electronic GmbH","url":"https:\/\/iwell-guard.com\/is\/","logo":{"@type":"ImageObject","inLanguage":"is","@id":"https:\/\/iwell-guard.com\/is\/#\/schema\/logo\/image\/","url":"https:\/\/iwell-guard.com\/wp-content\/uploads\/2026\/05\/Ittermann-Logo-1182x237-1.png","contentUrl":"https:\/\/iwell-guard.com\/wp-content\/uploads\/2026\/05\/Ittermann-Logo-1182x237-1.png","width":1182,"height":237,"caption":"Ittermann electronic GmbH"},"image":{"@id":"https:\/\/iwell-guard.com\/is\/#\/schema\/logo\/image\/"},"sameAs":["https:\/\/pantip.com\/profile\/9367242","https:\/\/micro.blog\/iwellguard","https:\/\/www.diggerslist.com\/iwellguard\/about","https:\/\/skitterphoto.com\/photographers\/2870314\/iwell-guard","https:\/\/iwellguard.wordpress.com\/2026\/06\/06\/iwell-guard\/","https:\/\/hub.docker.com\/u\/iwellguard","https:\/\/www.pinterest.com\/iwellguard\/","https:\/\/bit.ly\/m\/iwellguard","https:\/\/entre-vos-mains.alsace.eu\/profiles\/iwellguard\/activity","https:\/\/gravatar.com\/reallybeded8fd34","https:\/\/naijamatta.com\/iwellguard","https:\/\/www.goodreads.com\/iwellguard","https:\/\/profile.hatena.ne.jp\/iwellguard\/","https:\/\/experiment.com\/users\/iwellguard","https:\/\/wakelet.com\/@iWellGuard82270","https:\/\/www.chordie.com\/forum\/profile.php?id=2555664","https:\/\/www.instapaper.com\/p\/17757966","https:\/\/www.mapleprimes.com\/users\/iwellguard","https:\/\/businesslistingplus.com\/profile\/iwell-guard\/","https:\/\/telegra.ph\/iWell-Guard-06-06","https:\/\/pbase.com\/iwellguard\/iwellguard","https:\/\/b.hatena.ne.jp\/iwellguard\/20260607#bookmark-4788405196491818882","https:\/\/fliphtml5.com\/home\/iwellguard","https:\/\/anyflip.com\/homepage\/cmiwl#About","https:\/\/transfur.com\/Users\/iwellguard","http:\/\/delphi.larsbo.org\/user\/iwellguard","https:\/\/jobs.lajobsportal.org\/profiles\/8380803-iwell-guard","https:\/\/md.chaosdorf.de\/s\/jfbe5SBdJD","https:\/\/www.lingvolive.com\/en-us\/profile\/9ecaeaca-ce11-4e51-9e71-01d55e2bff36\/translations","https:\/\/www.fitday.com\/fitness\/forums\/members\/iwellguard.html","https:\/\/www.mymeetbook.com\/iwellguard","https:\/\/pxhere.com\/en\/photographer-me\/5040798","https:\/\/disqus.com\/by\/iwellguard\/about\/","https:\/\/pastelink.net\/hjwciqwq","https:\/\/pubhtml5.com\/homepage\/scjhn\/","https:\/\/www.bitchute.com\/channel\/2O2eOKzNqujT","https:\/\/audiomack.com\/iwellguard"]},{"@type":"Person","@id":"https:\/\/iwell-guard.com\/is\/#\/schema\/person\/ee2a27f1cac3406c7c6fb5820cb7349f","name":"Ralf Ittermann","image":{"@type":"ImageObject","inLanguage":"is","@id":"https:\/\/secure.gravatar.com\/avatar\/073c0153e350a5005b68eb752b445fea71f6b24a26da9449ad7e155e6b446c9d?s=96&d=mm&r=g","url":"https:\/\/secure.gravatar.com\/avatar\/073c0153e350a5005b68eb752b445fea71f6b24a26da9449ad7e155e6b446c9d?s=96&d=mm&r=g","contentUrl":"https:\/\/secure.gravatar.com\/avatar\/073c0153e350a5005b68eb752b445fea71f6b24a26da9449ad7e155e6b446c9d?s=96&d=mm&r=g","caption":"Ralf Ittermann"},"givenName":"Ralf","familyName":"Ittermann","jobTitle":"Gesch\u00e4ftsf\u00fchrer und redaktioneller Verantwortlicher","url":"https:\/\/iwell-guard.com\/is\/author\/claude\/","description":"Ralf Ittermann ist Gesch\u00e4ftsf\u00fchrer der Ittermann electronic GmbH und redaktioneller Verantwortlicher des iWell-Guard-Lexikons. Er verbindet langj\u00e4hrige Erfahrung in der Pr\u00e4zisionsfertigung mit medialer Praxis und religionsgeschichtlicher Quellenarbeit.","worksFor":{"@type":"Organization","name":"Ittermann electronic GmbH","url":"https:\/\/ittermann.de\/","address":{"@type":"PostalAddress","streetAddress":"K\u00f6hlergasse 16-18","postalCode":"99842","addressLocality":"Ruhla","addressCountry":"DE"}},"knowsAbout":["Religionsgeschichte","Mythologie","Mediale Praxis","Energetische Diagnostik","Schutzpraxis","Volksglauben","Westliche Esoterik"]},{"@type":"Article","@id":"https:\/\/iwell-guard.com\/is\/vorsa\/#article","isPartOf":{"@id":"https:\/\/iwell-guard.com\/is\/vorsa\/"},"author":{"name":"Ralf Ittermann","@id":"https:\/\/iwell-guard.com\/is\/#\/schema\/person\/ee2a27f1cac3406c7c6fb5820cb7349f"},"headline":"V\u00f6rsa","datePublished":"2026-09-05T14:09:50+00:00","dateModified":"2026-09-05T14:50:43+00:00","mainEntityOfPage":{"@id":"https:\/\/iwell-guard.com\/is\/vorsa\/"},"publisher":{"@id":"https:\/\/iwell-guard.com\/is\/#organization"},"image":{"@id":"https:\/\/iwell-guard.com\/is\/vorsa\/#primaryimage"},"thumbnailUrl":"https:\/\/iwell-guard.com\/wp-content\/uploads\/2026\/07\/geister_finno-ugrisch_voersa.webp","inLanguage":"is","description":"V\u00f6rsa, sk\u00f3garandi Kom\u00ed, vakir yfir vei\u00f0igengi og vei\u00f0isi\u00f0um. Yfirlit um uppruna, birtingarmyndir og verndarhef\u00f0ir sem sagnir greina fr\u00e1."}]}},"_links":{"self":[{"href":"https:\/\/iwell-guard.com\/is\/wp-json\/wp\/v2\/pages\/169617","targetHints":{"allow":["GET"]}}],"collection":[{"href":"https:\/\/iwell-guard.com\/is\/wp-json\/wp\/v2\/pages"}],"about":[{"href":"https:\/\/iwell-guard.com\/is\/wp-json\/wp\/v2\/types\/page"}],"author":[{"embeddable":true,"href":"https:\/\/iwell-guard.com\/is\/wp-json\/wp\/v2\/users\/3"}],"replies":[{"embeddable":true,"href":"https:\/\/iwell-guard.com\/is\/wp-json\/wp\/v2\/comments?post=169617"}],"version-history":[{"count":0,"href":"https:\/\/iwell-guard.com\/is\/wp-json\/wp\/v2\/pages\/169617\/revisions"}],"wp:featuredmedia":[{"embeddable":true,"href":"https:\/\/iwell-guard.com\/is\/wp-json\/wp\/v2\/media\/20438"}],"wp:attachment":[{"href":"https:\/\/iwell-guard.com\/is\/wp-json\/wp\/v2\/media?parent=169617"}],"wp:term":[{"taxonomy":"category","embeddable":true,"href":"https:\/\/iwell-guard.com\/is\/wp-json\/wp\/v2\/categories?post=169617"}],"curies":[{"name":"wp","href":"https:\/\/api.w.org\/{rel}","templated":true}]}}