{"id":169586,"date":"2026-09-05T14:09:35","date_gmt":"2026-09-05T14:09:35","guid":{"rendered":"https:\/\/iwell-guard.com\/?page_id=169586"},"modified":"2026-09-05T14:49:54","modified_gmt":"2026-09-05T14:49:54","slug":"tuulikki","status":"publish","type":"page","link":"https:\/\/iwell-guard.com\/is\/tuulikki\/","title":{"rendered":"Tuulikki"},"content":{"rendered":"\t\t<div data-elementor-type=\"wp-page\" data-elementor-id=\"169586\" class=\"elementor elementor-169586 elementor-19422\" data-elementor-post-type=\"page\">\n\t\t\t\t<div class=\"elementor-element elementor-element-10fdade e-flex e-con-boxed e-con e-parent\" data-id=\"10fdade\" data-element_type=\"container\" data-e-type=\"container\" data-settings=\"{&quot;background_background&quot;:&quot;classic&quot;}\">\n\t\t\t\t\t<div class=\"e-con-inner\">\n\t\t<div class=\"elementor-element elementor-element-herohlft0 e-flex e-con-boxed e-con e-child\" data-id=\"herohlft0\" data-element_type=\"container\" data-e-type=\"container\">\n\t\t\t\t\t<div class=\"e-con-inner\">\n\t\t<div class=\"elementor-element elementor-element-c3ceb64 e-con-full e-flex e-con e-child\" data-id=\"c3ceb64\" data-element_type=\"container\" data-e-type=\"container\">\n\t\t\t\t<div class=\"elementor-element elementor-element-96ae5e1 elementor-widget elementor-widget-heading\" data-id=\"96ae5e1\" data-element_type=\"widget\" data-e-type=\"widget\" data-widget_type=\"heading.default\">\n\t\t\t\t\t<h1 class=\"elementor-heading-title elementor-size-default\">Tuulikki, litli vindur vei\u00f0ig\u00e6funnar<\/h1>\t\t\t\t<\/div>\n\t\t\t\t<div class=\"elementor-element elementor-element-e45238a elementor-widget elementor-widget-text-editor\" data-id=\"e45238a\" data-element_type=\"widget\" data-e-type=\"widget\" data-widget_type=\"text-editor.default\">\n\t\t\t\t\t\t\t\t\t<p>Tuulikki er <span class=\"iwg-fachbegriff\" data-tooltip=\"Pers\u00f3nuger\u00f0 \u00e6\u00f0sta m\u00e1ttarvald \u00ed go\u00f0aveldi menningar, tignu\u00f0 me\u00f0 d\u00fdrkun og f\u00f3rnum.\" tabindex=\"0\">gy\u00f0ja<\/span> \u00ed finnskri hef\u00f0.<\/p><p><strong>H\u00fan rekur vei\u00f0id\u00fdrin til vei\u00f0imannsins \u00e1 opnar rj\u00f3\u00f0ur.<\/strong> Sem l\u00edtil vindvera st\u00fdrir Tuulikki d\u00fdrunum innan skotf\u00e6ris vei\u00f0imannsins. Tuulikki er finnska gy\u00f0ja sk\u00f3gard\u00fdranna, og l\u00fdsingin sk\u00fdrir hvert hlutverk h\u00fan hefur \u00ed \u00feessu samhengi.<\/p>\t\t\t\t\t\t\t\t<\/div>\n\t\t\t\t<\/div>\n\t\t<div class=\"elementor-element elementor-element-klsbdg01 e-con-full e-flex e-con e-parent\" data-id=\"klsbdg01\" data-element_type=\"container\" data-e-type=\"container\">\n\t\t\t\t<div class=\"elementor-element elementor-element-klshtm01 elementor-widget elementor-widget-html\" data-id=\"klshtm01\" data-element_type=\"widget\" data-e-type=\"widget\" data-widget_type=\"html.default\">\n\t\t\t\t\t<div class=\"iwg-pill-row\"><span class=\"iwg-klasse-badge\" tabindex=\"0\" data-tooltip=\"Gu\u00f0 \/ gy\u00f0ja: Pers\u00f3nuger\u00f0 \u00e6\u00f0sta vald \u00ed go\u00f0aheimi menningar, me\u00f0 sk\u00fdr valdsvi\u00f0, n\u00e1tt\u00faru\u00f6fl, \u00f6rl\u00f6g, str\u00ed\u00f0, frj\u00f3semi. D\u00fdrku\u00f0 me\u00f0 tr\u00faari\u00f0kun, f\u00f3rnum og hofastofnunum.\">Gy\u00f0ja<\/span><span class=\"iwg-kultur-badge\" tabindex=\"0\" data-tooltip=\"Finnsk \u00fej\u00f3\u00f0tr\u00fa me\u00f0 verndar\u00f6ndum fyrir h\u00fas, b\u00fa og n\u00e1tt\u00faru.\">Finnland<\/span><\/div>\t\t\t\t<\/div>\n\t\t\t\t<\/div>\n\t\t<div class=\"elementor-element elementor-element-3f74855 e-con-full e-flex e-con e-child\" data-id=\"3f74855\" data-element_type=\"container\" data-e-type=\"container\">\n\t\t\t\t<div class=\"elementor-element elementor-element-1c30362 elementor-toc--minimized-on-tablet elementor-widget elementor-widget-table-of-contents\" data-id=\"1c30362\" data-element_type=\"widget\" data-e-type=\"widget\" data-settings=\"{&quot;exclude_headings_by_selector&quot;:[],&quot;no_headings_message&quot;:&quot;Engar undirfyrirsagnir fundust \\u00e1 \\u00feessari s\\u00ed\\u00f0u.&quot;,&quot;headings_by_tags&quot;:[&quot;h2&quot;,&quot;h3&quot;],&quot;marker_view&quot;:&quot;bullets&quot;,&quot;icon&quot;:{&quot;value&quot;:&quot;fas fa-circle&quot;,&quot;library&quot;:&quot;fa-solid&quot;,&quot;rendered_tag&quot;:&quot;&lt;svg class=\\&quot;e-font-icon-svg e-fas-circle\\&quot; viewBox=\\&quot;0 0 512 512\\&quot; xmlns=\\&quot;http:\\\/\\\/www.w3.org\\\/2000\\\/svg\\&quot;&gt;&lt;path d=\\&quot;M256 8C119 8 8 119 8 256s111 248 248 248 248-111 248-248S393 8 256 8z\\&quot;&gt;&lt;\\\/path&gt;&lt;\\\/svg&gt;&quot;},&quot;minimize_box&quot;:&quot;yes&quot;,&quot;minimized_on&quot;:&quot;tablet&quot;,&quot;hierarchical_view&quot;:&quot;yes&quot;,&quot;min_height&quot;:{&quot;unit&quot;:&quot;px&quot;,&quot;size&quot;:&quot;&quot;,&quot;sizes&quot;:[]},&quot;min_height_tablet&quot;:{&quot;unit&quot;:&quot;px&quot;,&quot;size&quot;:&quot;&quot;,&quot;sizes&quot;:[]},&quot;min_height_mobile&quot;:{&quot;unit&quot;:&quot;px&quot;,&quot;size&quot;:&quot;&quot;,&quot;sizes&quot;:[]}}\" data-widget_type=\"table-of-contents.default\">\n\t\t\t\t\t\t\t\t\t<div class=\"elementor-toc__header\">\n\t\t\t\t\t\t<h2 class=\"elementor-toc__header-title\">\n\t\t\t\tEfnisyfirlit\t\t\t<\/h2>\n\t\t\t\t\t\t\t\t\t\t<div class=\"elementor-toc__toggle-button elementor-toc__toggle-button--expand\" role=\"button\" tabindex=\"0\" aria-controls=\"elementor-toc__1c30362\" aria-expanded=\"true\" aria-label=\"Open table of contents\"><svg aria-hidden=\"true\" class=\"e-font-icon-svg e-fas-chevron-down\" viewBox=\"0 0 448 512\" xmlns=\"http:\/\/www.w3.org\/2000\/svg\"><path d=\"M207.029 381.476L12.686 187.132c-9.373-9.373-9.373-24.569 0-33.941l22.667-22.667c9.357-9.357 24.522-9.375 33.901-.04L224 284.505l154.745-154.021c9.379-9.335 24.544-9.317 33.901.04l22.667 22.667c9.373 9.373 9.373 24.569 0 33.941L240.971 381.476c-9.373 9.372-24.569 9.372-33.942 0z\"><\/path><\/svg><\/div>\n\t\t\t\t<div class=\"elementor-toc__toggle-button elementor-toc__toggle-button--collapse\" role=\"button\" tabindex=\"0\" aria-controls=\"elementor-toc__1c30362\" aria-expanded=\"true\" aria-label=\"Close table of contents\"><svg aria-hidden=\"true\" class=\"e-font-icon-svg e-fas-chevron-up\" viewBox=\"0 0 448 512\" xmlns=\"http:\/\/www.w3.org\/2000\/svg\"><path d=\"M240.971 130.524l194.343 194.343c9.373 9.373 9.373 24.569 0 33.941l-22.667 22.667c-9.357 9.357-24.522 9.375-33.901.04L224 227.495 69.255 381.516c-9.379 9.335-24.544 9.317-33.901-.04l-22.667-22.667c-9.373-9.373-9.373-24.569 0-33.941L207.03 130.525c9.372-9.373 24.568-9.373 33.941-.001z\"><\/path><\/svg><\/div>\n\t\t\t\t\t<\/div>\n\t\t\t\t<div id=\"elementor-toc__1c30362\" class=\"elementor-toc__body\">\n\t\t\t<div class=\"elementor-toc__spinner-container\">\n\t\t\t\t<svg class=\"elementor-toc__spinner eicon-animation-spin e-font-icon-svg e-eicon-loading\" aria-hidden=\"true\" viewBox=\"0 0 1000 1000\" xmlns=\"http:\/\/www.w3.org\/2000\/svg\"><path d=\"M500 975V858C696 858 858 696 858 500S696 142 500 142 142 304 142 500H25C25 237 238 25 500 25S975 237 975 500 763 975 500 975Z\"><\/path><\/svg>\t\t\t<\/div>\n\t\t<\/div>\n\t\t\t\t\t\t<\/div>\n\t\t\t\t<\/div>\n\t\t\t\t\t<\/div>\n\t\t\t\t<\/div>\n\t\t<div class=\"elementor-element elementor-element-herorght0 e-con-full e-flex e-con e-child\" data-id=\"herorght0\" data-element_type=\"container\" data-e-type=\"container\">\n\t\t\t\t<div class=\"elementor-element elementor-element-heroimg00 iwg-hero-image elementor-widget elementor-widget-image\" data-id=\"heroimg00\" data-element_type=\"widget\" data-e-type=\"widget\" data-widget_type=\"image.default\">\n\t\t\t\t\t\t\t\t\t\t\t\t\t\t\t<img fetchpriority=\"high\" decoding=\"async\" width=\"680\" height=\"1024\" src=\"https:\/\/iwell-guard.com\/wp-content\/uploads\/2026\/07\/goetter_finnland_tuulikki-680x1024.webp\" class=\"attachment-large size-large wp-image-169907\" alt=\"Tuulikki, gy\u00f0ja \u00ed finnskri arfs\u00f6gn\" srcset=\"https:\/\/iwell-guard.com\/wp-content\/uploads\/2026\/07\/goetter_finnland_tuulikki-680x1024.webp 680w, https:\/\/iwell-guard.com\/wp-content\/uploads\/2026\/07\/goetter_finnland_tuulikki-199x300.webp 199w, https:\/\/iwell-guard.com\/wp-content\/uploads\/2026\/07\/goetter_finnland_tuulikki-768x1156.webp 768w, https:\/\/iwell-guard.com\/wp-content\/uploads\/2026\/07\/goetter_finnland_tuulikki-1021x1536.webp 1021w, https:\/\/iwell-guard.com\/wp-content\/uploads\/2026\/07\/goetter_finnland_tuulikki.webp 1022w\" sizes=\"(max-width: 680px) 100vw, 680px\" \/>\t\t\t\t\t\t\t\t\t\t\t\t\t\t\t<\/div>\n\t\t\t\t<\/div>\n\t\t\t\t\t<\/div>\n\t\t\t\t<\/div>\n\t\t<div class=\"elementor-element elementor-element-32917199 e-flex e-con-boxed e-con e-parent\" data-id=\"32917199\" data-element_type=\"container\" data-e-type=\"container\">\n\t\t\t\t\t<div class=\"e-con-inner\">\n\t\t<div class=\"elementor-element elementor-element-26e916cb e-flex e-con-boxed e-con e-child\" data-id=\"26e916cb\" data-element_type=\"container\" data-e-type=\"container\">\n\t\t\t\t\t<div class=\"e-con-inner\">\n\t\t<div class=\"elementor-element elementor-element-253a40d4 e-flex e-con-boxed e-con e-child\" data-id=\"253a40d4\" data-element_type=\"container\" data-e-type=\"container\">\n\t\t\t\t\t<div class=\"e-con-inner\">\n\t\t\t\t<div class=\"elementor-element elementor-element-1200c304 elementor-widget elementor-widget-heading\" data-id=\"1200c304\" data-element_type=\"widget\" data-e-type=\"widget\" data-widget_type=\"heading.default\">\n\t\t\t\t\t<div class=\"elementor-heading-title elementor-size-default\">Tuulikki<\/div>\t\t\t\t<\/div>\n\t\t\t\t<div class=\"elementor-element elementor-element-11758e7f elementor-widget elementor-widget-text-editor\" data-id=\"11758e7f\" data-element_type=\"widget\" data-e-type=\"widget\" data-widget_type=\"text-editor.default\">\n\t\t\t\t\t\t\t\t\t<p>Tuulikki er sk\u00f3gard\u00f3ttirin \u00ed finnskri go\u00f0afr\u00e6\u00f0i, d\u00f3ttir <a href=\"https:\/\/iwell-guard.com\/is\/?page_id=169582\">Tapios<\/a> og <a href=\"https:\/\/iwell-guard.com\/is\/?page_id=169583\">Mielikkis<\/a>. \u00cd Kalevala rekur h\u00fan vei\u00f0id\u00fdrin \u00e1 opnar rj\u00f3\u00f0ur og grei\u00f0ir vei\u00f0imanninum lei\u00f0; nafn hennar \u00fe\u00fd\u00f0ir b\u00f3kstaflega \u201el\u00edtill vindur&#8220;.<\/p><p>\u00cd handb\u00f3kum er Tuulikki gy\u00f0ja sk\u00f3gard\u00fdranna, \u00ed kv\u00e6\u00f0unum \u00e1sj\u00e1\u00f0 hj\u00e1lparv\u00e6tta: B\u00e6narform 14. kvi\u00f0unnar l\u00fdsir verki hennar n\u00e1kv\u00e6mlega, fr\u00e1 \u00fev\u00ed a\u00f0 reka l\u00f6t d\u00fdr \u00e1fram me\u00f0 birkihr\u00edsi til \u00feess a\u00f0 grei\u00f0a lei\u00f0 \u00feeirra.<\/p>\t\t\t\t\t\t\t\t<\/div>\n\t\t\t\t\t<\/div>\n\t\t\t\t<\/div>\n\t\t<div class=\"elementor-element elementor-element-159dcf9a e-flex e-con-boxed e-con e-child\" data-id=\"159dcf9a\" data-element_type=\"container\" data-e-type=\"container\">\n\t\t\t\t\t<div class=\"e-con-inner\">\n\t\t\t\t<div class=\"elementor-element elementor-element-48cee66f elementor-widget elementor-widget-heading\" data-id=\"48cee66f\" data-element_type=\"widget\" data-e-type=\"widget\" data-widget_type=\"heading.default\">\n\t\t\t\t\t<div class=\"elementor-heading-title elementor-size-default\">\u00cd hnotskurn: Tuulikki<\/div>\t\t\t\t<\/div>\n\t\t\t\t<div class=\"elementor-element elementor-element-3f50d82c elementor-widget elementor-widget-text-editor\" data-id=\"3f50d82c\" data-element_type=\"widget\" data-e-type=\"widget\" data-widget_type=\"text-editor.default\">\n\t\t\t\t\t\t\t\t\t<p><strong>Ger\u00f0:<\/strong> Sk\u00f3gard\u00f3ttir, hj\u00e1lparv\u00e6tta vei\u00f0imanna, talin gy\u00f0ja sk\u00f3gard\u00fdranna<br>Uppruni: Karel\u00eda, Austurbotn, Kainuu, Savo og Ingermanland<br>Textar: R\u00fanakv\u00e6\u00f0i (SKVR, sta\u00f0fest fr\u00e1 1789), Kalevala 1835\/1849<br>T\u00edmabil: Skr\u00e1\u00f0 \u00e1 18.\/19. \u00f6ld<br>\u00c1sj\u00f3na: \u201eSk\u00f3garm\u00e6r, f\u00f6gur mey&#8220; (mets\u00e4n tytt\u00f6, mielineiti)<\/p>\t\t\t\t\t\t\t\t<\/div>\n\t\t\t\t\t<\/div>\n\t\t\t\t<\/div>\n\t\t\t\t\t<\/div>\n\t\t\t\t<\/div>\n\t\t\t\t\t<\/div>\n\t\t\t\t<\/div>\n\t\t<div class=\"elementor-element elementor-element-18613602 e-flex e-con-boxed e-con e-parent\" data-id=\"18613602\" data-element_type=\"container\" data-e-type=\"container\">\n\t\t\t\t\t<div class=\"e-con-inner\">\n\t\t\t\t<div class=\"elementor-element elementor-element-262b8a9f elementor-widget elementor-widget-heading\" data-id=\"262b8a9f\" data-element_type=\"widget\" data-e-type=\"widget\" data-widget_type=\"heading.default\">\n\t\t\t\t\t<h2 class=\"elementor-heading-title elementor-size-default\">Yfirlit yfir var\u00f0veitta arfleif\u00f0<\/h2>\t\t\t\t<\/div>\n\t\t<div class=\"elementor-element elementor-element-46dcb7d e-con-full e-flex e-con e-child\" data-id=\"46dcb7d\" data-element_type=\"container\" data-e-type=\"container\">\n\t\t<div class=\"elementor-element elementor-element-61d3ab3 e-flex e-con-boxed e-con e-child\" data-id=\"61d3ab3\" data-element_type=\"container\" data-e-type=\"container\">\n\t\t\t\t\t<div class=\"e-con-inner\">\n\t\t\t\t<div class=\"elementor-element elementor-element-117c166 elementor-widget elementor-widget-heading\" data-id=\"117c166\" data-element_type=\"widget\" data-e-type=\"widget\" data-widget_type=\"heading.default\">\n\t\t\t\t\t<h3 class=\"elementor-heading-title elementor-size-default\">T\u00edmabil textanna<\/h3>\t\t\t\t<\/div>\n\t\t\t\t<div class=\"elementor-element elementor-element-73997a0 elementor-widget elementor-widget-text-editor\" data-id=\"73997a0\" data-element_type=\"widget\" data-e-type=\"widget\" data-widget_type=\"text-editor.default\">\n\t\t\t\t\t\t\t\t\t<p>R\u00fanakv\u00e6\u00f0i fr\u00e1 18. og 19. \u00f6ld me\u00f0 einst\u00f6kum vitnisbur\u00f0um fr\u00e1 1789; sitt hef\u00f0bundna nafn f\u00e9kk v\u00e6ttin ekki fyrr en \u00ed Kalevala 1835\/1849.<\/p>\t\t\t\t\t\t\t\t<\/div>\n\t\t\t\t\t<\/div>\n\t\t\t\t<\/div>\n\t\t<div class=\"elementor-element elementor-element-d47b156 e-flex e-con-boxed e-con e-child\" data-id=\"d47b156\" data-element_type=\"container\" data-e-type=\"container\">\n\t\t\t\t\t<div class=\"e-con-inner\">\n\t\t\t\t<div class=\"elementor-element elementor-element-ff38c2b elementor-widget elementor-widget-heading\" data-id=\"ff38c2b\" data-element_type=\"widget\" data-e-type=\"widget\" data-widget_type=\"heading.default\">\n\t\t\t\t\t<h3 class=\"elementor-heading-title elementor-size-default\">\u00datbrei\u00f0slusv\u00e6\u00f0i<\/h3>\t\t\t\t<\/div>\n\t\t\t\t<div class=\"elementor-element elementor-element-4e49fcc elementor-widget elementor-widget-text-editor\" data-id=\"4e49fcc\" data-element_type=\"widget\" data-e-type=\"widget\" data-widget_type=\"text-editor.default\">\n\t\t\t\t\t\t\t\t\t<p>Karel\u00eda, Austurbotn, Kainuu, Savo og Ingermanland, me\u00f0 mj\u00f6g breytilegum nafnmyndum eins og Annikki, Tyytikki, Myyrikki og Tuometar.<\/p>\t\t\t\t\t\t\t\t<\/div>\n\t\t\t\t\t<\/div>\n\t\t\t\t<\/div>\n\t\t\t\t<\/div>\n\t\t<div class=\"elementor-element elementor-element-db03c39 e-con-full e-flex e-con e-child\" data-id=\"db03c39\" data-element_type=\"container\" data-e-type=\"container\">\n\t\t<div class=\"elementor-element elementor-element-229a87b e-flex e-con-boxed e-con e-child\" data-id=\"229a87b\" data-element_type=\"container\" data-e-type=\"container\">\n\t\t\t\t\t<div class=\"e-con-inner\">\n\t\t\t\t<div class=\"elementor-element elementor-element-1f471fc elementor-widget elementor-widget-heading\" data-id=\"1f471fc\" data-element_type=\"widget\" data-e-type=\"widget\" data-widget_type=\"heading.default\">\n\t\t\t\t\t<h3 class=\"elementor-heading-title elementor-size-default\">Heimildasta\u00f0a<\/h3>\t\t\t\t<\/div>\n\t\t\t\t<div class=\"elementor-element elementor-element-36b1201 elementor-widget elementor-widget-text-editor\" data-id=\"36b1201\" data-element_type=\"widget\" data-e-type=\"widget\" data-widget_type=\"text-editor.default\">\n\t\t\t\t\t\t\t\t\t<p>F\u00e1tt og form\u00falukennt: vei\u00f0ikv\u00e6\u00f0i safnritsins SKVR og 14. kvi\u00f0a Kalevala; nafnasvi\u00f0i\u00f0 er \u00f3lj\u00f3st.<\/p>\t\t\t\t\t\t\t\t<\/div>\n\t\t\t\t\t<\/div>\n\t\t\t\t<\/div>\n\t\t\t\t<\/div>\n\t\t\t\t\t<\/div>\n\t\t\t\t<\/div>\n\t\t<div class=\"elementor-element elementor-element-3ae0637c e-flex e-con-boxed e-con e-parent\" data-id=\"3ae0637c\" data-element_type=\"container\" data-e-type=\"container\">\n\t\t\t\t\t<div class=\"e-con-inner\">\n\t\t\t\t<div class=\"elementor-element elementor-element-31d07739 elementor-widget elementor-widget-heading\" data-id=\"31d07739\" data-element_type=\"widget\" data-e-type=\"widget\" data-widget_type=\"heading.default\">\n\t\t\t\t\t<h2 class=\"elementor-heading-title elementor-size-default\">Nafn og afbrig\u00f0i<\/h2>\t\t\t\t<\/div>\n\t\t<div class=\"elementor-element elementor-element-b7642947 e-con-full e-flex e-con e-child\" data-id=\"b7642947\" data-element_type=\"container\" data-e-type=\"container\">\n\t\t\t\t<div class=\"elementor-element elementor-element-a086266 elementor-widget elementor-widget-text-editor\" data-id=\"a086266\" data-element_type=\"widget\" data-e-type=\"widget\" data-widget_type=\"text-editor.default\">\n\t\t\t\t\t\t\t\t\t<p><strong>Finnska:<\/strong> Tuulikki, venjulega sk\u00fdrt sem tuuli, \u201evindur&#8220;, me\u00f0 sm\u00e6kkunarendingunni -kki, \u00feannig \u201el\u00edtill vindur&#8220;. Martti Haavio lag\u00f0i \u00fe\u00f3 til upprunalega mynd *Lyydikki, t\u00f6kuor\u00f0 \u00far fornnorr\u00e6nu hluti, \u201ehlutur, hlutdeild&#8220;: D\u00f3ttirin v\u00e6ri \u00fe\u00e1, eins og \u00f6ll sk\u00f3garfj\u00f6lskyldan, gjafi vei\u00f0ig\u00e6funnar, og upphafsstafurinn T mynda\u00f0ist vi\u00f0 stu\u00f0lun me\u00f0 Tapio. Auk Tuulikki koma fyrir Annikki (undir \u00e1hrifum fr\u00e1 heilagri \u00d6nnu), Tyytikki, \u201em\u00f3\u00f0ir \u00edkornanna&#8220;, Myyrikki, Lumikki og fleiri myndir.<\/p>\t\t\t\t\t\t\t\t<\/div>\n\t\t\t\t<\/div>\n\t\t\t\t\t<\/div>\n\t\t\t\t<\/div>\n\t\t<div class=\"elementor-element elementor-element-709a44a8 e-flex e-con-boxed e-con e-parent\" data-id=\"709a44a8\" data-element_type=\"container\" data-e-type=\"container\">\n\t\t\t\t\t<div class=\"e-con-inner\">\n\t\t\t\t<div class=\"elementor-element elementor-element-2f585873 elementor-widget elementor-widget-heading\" data-id=\"2f585873\" data-element_type=\"widget\" data-e-type=\"widget\" data-widget_type=\"heading.default\">\n\t\t\t\t\t<h2 class=\"elementor-heading-title elementor-size-default\">\u00c1s\u00fdnd<\/h2>\t\t\t\t<\/div>\n\t\t<div class=\"elementor-element elementor-element-70621c12 e-con-full e-flex e-con e-child\" data-id=\"70621c12\" data-element_type=\"container\" data-e-type=\"container\">\n\t\t\t\t<div class=\"elementor-element elementor-element-4296eb49 elementor-widget elementor-widget-text-editor\" data-id=\"4296eb49\" data-element_type=\"widget\" data-e-type=\"widget\" data-widget_type=\"text-editor.default\">\n\t\t\t\t\t\t\t\t\t<p><strong>\u00c1sj\u00f3na<\/strong><\/p><p>14. kvi\u00f0an \u00e1kallar hana sem \u201esk\u00f3garm\u00e6r, f\u00f6gur mey, Tuulikki, d\u00f3ttir Tapios&#8220;. Munnm\u00e6lin gefa vart fasta mynd; h\u00fan ver\u00f0ur greinanleg \u00ed gegnum verkf\u00e6ri s\u00edn og hreyfingar: birkihr\u00edsi\u00f0 \u00far keldum\u00fdrinni, sem h\u00fan rekur l\u00f6t d\u00fdr \u00e1fram me\u00f0, og l\u00f3fana tvo sem h\u00fan heldur eins og handri\u00f0 \u00e1 b\u00e1\u00f0um hli\u00f0um vei\u00f0ist\u00edgsins, svo d\u00fdri\u00f0 sleppi ekki undan.<\/p><p><strong>Verkun<\/strong><\/p><p>H\u00fan \u00e1 a\u00f0 reka d\u00fdrin \u00far fylgsnum s\u00ednum \u201e\u00e1 opnustu rj\u00f3\u00f0urin&#8220;, grei\u00f0a g\u00f6tuna, ry\u00f0ja burt fallvi\u00f0i, brj\u00f3ta tr\u00e9 \u00ed tvennt, fella gir\u00f0ingar og leggja silki sem br\u00fa, rautt kl\u00e6\u00f0i sem st\u00edg yfir flj\u00f3t. \u00cd stuttu m\u00e1li: Tuulikki breytir \u00f3grei\u00f0f\u00e6rum sk\u00f3ginum \u00ed braut, \u00ed enda hennar bi\u00f0ur vei\u00f0ima\u00f0urinn. Nafni\u00f0 \u201el\u00edtill vindur&#8220; h\u00e6fir \u00feessari verkun, \u00fev\u00ed h\u00fan hreyfir d\u00fdrin eins og vindur hreyfir sk\u00f3ginn, \u00f3s\u00fdnileg en \u00fe\u00f3 \u00e1\u00fereifanleg.<\/p>\t\t\t\t\t\t\t\t<\/div>\n\t\t\t\t<\/div>\n\t\t\t\t\t<\/div>\n\t\t\t\t<\/div>\n\t\t<div class=\"elementor-element elementor-element-44e71476 e-flex e-con-boxed e-con e-parent\" data-id=\"44e71476\" data-element_type=\"container\" data-e-type=\"container\">\n\t\t\t\t\t<div class=\"e-con-inner\">\n\t\t\t\t<div class=\"elementor-element elementor-element-3c1fc3f0 elementor-widget elementor-widget-heading\" data-id=\"3c1fc3f0\" data-element_type=\"widget\" data-e-type=\"widget\" data-widget_type=\"heading.default\">\n\t\t\t\t\t<h2 class=\"elementor-heading-title elementor-size-default\">Skyndil\u00fdsing: Tuulikki<\/h2>\t\t\t\t<\/div>\n\t\t<div class=\"elementor-element elementor-element-84f33b8e e-con-full e-flex e-con e-child\" data-id=\"84f33b8e\" data-element_type=\"container\" data-e-type=\"container\">\n\t\t\t\t<div class=\"elementor-element elementor-element-hqkdc67p elementor-widget elementor-widget-text-editor\" data-id=\"hqkdc67p\" data-element_type=\"widget\" data-e-type=\"widget\" data-widget_type=\"text-editor.default\">\n\t\t\t\t\t\t\t\t\t<p>Mikilv\u00e6gustu einkenni sk\u00f3gard\u00f3ttirinnar \u00ed hnotskurn.<\/p>\t\t\t\t\t\t\t\t<\/div>\n\t\t\t\t<\/div>\n\t\t<div class=\"elementor-element elementor-element-pemmx7c5 e-con-full e-flex e-con e-child\" data-id=\"pemmx7c5\" data-element_type=\"container\" data-e-type=\"container\">\n\t\t<div class=\"elementor-element elementor-element-pemmx7c1 e-con-full e-flex e-con e-child\" data-id=\"pemmx7c1\" data-element_type=\"container\" data-e-type=\"container\">\n\t\t<div class=\"elementor-element elementor-element-qh9oavvu iwg-steckbrief-card e-flex e-con-boxed e-con e-child\" data-id=\"qh9oavvu\" data-element_type=\"container\" data-e-type=\"container\">\n\t\t\t\t\t<div class=\"e-con-inner\">\n\t\t\t\t<div class=\"elementor-element elementor-element-awzx8k2k elementor-widget elementor-widget-heading\" data-id=\"awzx8k2k\" data-element_type=\"widget\" data-e-type=\"widget\" data-widget_type=\"heading.default\">\n\t\t\t\t\t<div class=\"elementor-heading-title elementor-size-default\">Hef\u00f0<\/div>\t\t\t\t<\/div>\n\t\t\t\t<div class=\"elementor-element elementor-element-x6rowhv0 elementor-widget elementor-widget-text-editor\" data-id=\"x6rowhv0\" data-element_type=\"widget\" data-e-type=\"widget\" data-widget_type=\"text-editor.default\">\n\t\t\t\t\t\t\t\t\t<p>D\u00f3ttir sk\u00f3garb\u00e6jarins \u00ed finnsk-karelskum vei\u00f0ikv\u00e6\u00f0um; nafnhef\u00f0 hennar er athyglisvert \u00f3st\u00f6\u00f0ug, hef\u00f0bundin var\u00f0 h\u00fan fyrir tilstilli L\u00f6nnrots.<\/p>\t\t\t\t\t\t\t\t<\/div>\n\t\t\t\t\t<\/div>\n\t\t\t\t<\/div>\n\t\t<div class=\"elementor-element elementor-element-8e3o4kxs iwg-steckbrief-card e-flex e-con-boxed e-con e-child\" data-id=\"8e3o4kxs\" data-element_type=\"container\" data-e-type=\"container\">\n\t\t\t\t\t<div class=\"e-con-inner\">\n\t\t\t\t<div class=\"elementor-element elementor-element-08rkdgov elementor-widget elementor-widget-heading\" data-id=\"08rkdgov\" data-element_type=\"widget\" data-e-type=\"widget\" data-widget_type=\"heading.default\">\n\t\t\t\t\t<div class=\"elementor-heading-title elementor-size-default\">Tengt vi\u00f0<\/div>\t\t\t\t<\/div>\n\t\t\t\t<div class=\"elementor-element elementor-element-uwjelx8s elementor-widget elementor-widget-text-editor\" data-id=\"uwjelx8s\" data-element_type=\"widget\" data-e-type=\"widget\" data-widget_type=\"text-editor.default\">\n\t\t\t\t\t\t\t\t\t<p>Vei\u00f0imenn sem bi\u00f0ja um br\u00e1\u00f0: H\u00fan er \u00e1k\u00f6llu\u00f0 me\u00f0 s\u00f6mu or\u00f0um og Mielikki og Tellervo, m\u00f6rkin milli kvenv\u00e6tta sk\u00f3garb\u00e6jarins eru \u00f3lj\u00f3s.<\/p>\t\t\t\t\t\t\t\t<\/div>\n\t\t\t\t\t<\/div>\n\t\t\t\t<\/div>\n\t\t<div class=\"elementor-element elementor-element-jm2n74ec iwg-steckbrief-card e-flex e-con-boxed e-con e-child\" data-id=\"jm2n74ec\" data-element_type=\"container\" data-e-type=\"container\">\n\t\t\t\t\t<div class=\"e-con-inner\">\n\t\t\t\t<div class=\"elementor-element elementor-element-8vufse4c elementor-widget elementor-widget-heading\" data-id=\"8vufse4c\" data-element_type=\"widget\" data-e-type=\"widget\" data-widget_type=\"heading.default\">\n\t\t\t\t\t<div class=\"elementor-heading-title elementor-size-default\">Framsetning<\/div>\t\t\t\t<\/div>\n\t\t\t\t<div class=\"elementor-element elementor-element-mwb9u015 elementor-widget elementor-widget-text-editor\" data-id=\"mwb9u015\" data-element_type=\"widget\" data-e-type=\"widget\" data-widget_type=\"text-editor.default\">\n\t\t\t\t\t\t\t\t\t<p>Varla f\u00f6st mynd: \u201esk\u00f3garm\u00e6rin, f\u00f6gur mey&#8220; me\u00f0 birkihr\u00eds; r\u00fanakv\u00e6\u00f0i fr\u00e1 1803 setur f\u00f6gru d\u00f3ttur Tapios \u00e1 regnbogann.<\/p>\t\t\t\t\t\t\t\t<\/div>\n\t\t\t\t\t<\/div>\n\t\t\t\t<\/div>\n\t\t\t\t<\/div>\n\t\t<div class=\"elementor-element elementor-element-pemmx7c2 e-con-full e-flex e-con e-child\" data-id=\"pemmx7c2\" data-element_type=\"container\" data-e-type=\"container\">\n\t\t<div class=\"elementor-element elementor-element-37ss2yr6 iwg-steckbrief-card e-flex e-con-boxed e-con e-child\" data-id=\"37ss2yr6\" data-element_type=\"container\" data-e-type=\"container\">\n\t\t\t\t\t<div class=\"e-con-inner\">\n\t\t\t\t<div class=\"elementor-element elementor-element-3v0wp3wx elementor-widget elementor-widget-heading\" data-id=\"3v0wp3wx\" data-element_type=\"widget\" data-e-type=\"widget\" data-widget_type=\"heading.default\">\n\t\t\t\t\t<div class=\"elementor-heading-title elementor-size-default\">Verkunarsvi\u00f0<\/div>\t\t\t\t<\/div>\n\t\t\t\t<div class=\"elementor-element elementor-element-w3247g2m elementor-widget elementor-widget-text-editor\" data-id=\"w3247g2m\" data-element_type=\"widget\" data-e-type=\"widget\" data-widget_type=\"text-editor.default\">\n\t\t\t\t\t\t\t\t\t<p>Reka vei\u00f0id\u00fdr \u00e1fram og grei\u00f0a g\u00f6tur; \u00ed nafnmyndunum m\u00e1 greina d\u00fdrask\u00edrskotanir, svo sem \u00edkornam\u00f3\u00f0urina Tyytikki.<\/p>\t\t\t\t\t\t\t\t<\/div>\n\t\t\t\t\t<\/div>\n\t\t\t\t<\/div>\n\t\t<div class=\"elementor-element elementor-element-0qpjal9w iwg-steckbrief-card e-flex e-con-boxed e-con e-child\" data-id=\"0qpjal9w\" data-element_type=\"container\" data-e-type=\"container\">\n\t\t\t\t\t<div class=\"e-con-inner\">\n\t\t\t\t<div class=\"elementor-element elementor-element-6ndoih0o elementor-widget elementor-widget-heading\" data-id=\"6ndoih0o\" data-element_type=\"widget\" data-e-type=\"widget\" data-widget_type=\"heading.default\">\n\t\t\t\t\t<div class=\"elementor-heading-title elementor-size-default\">D\u00fdrkun<\/div>\t\t\t\t<\/div>\n\t\t\t\t<div class=\"elementor-element elementor-element-6684tyh9 elementor-widget elementor-widget-text-editor\" data-id=\"6684tyh9\" data-element_type=\"widget\" data-e-type=\"widget\" data-widget_type=\"text-editor.default\">\n\t\t\t\t\t\t\t\t\t<p>\u00c1kall og gj\u00f6f \u00ed samf\u00e9lagi sk\u00f3garfj\u00f6lskyldunnar vi\u00f0 f\u00f3rnargrenitr\u00e9\u00f0 (Tapionp\u00f6yt\u00e4); enginn eiginn tilbei\u00f0slusta\u00f0ur e\u00f0a f\u00f3rn eing\u00f6ngu fyrir Tuulikki er sta\u00f0festur.<\/p>\t\t\t\t\t\t\t\t<\/div>\n\t\t\t\t\t<\/div>\n\t\t\t\t<\/div>\n\t\t<div class=\"elementor-element elementor-element-3lfi7x32 iwg-steckbrief-card e-flex e-con-boxed e-con e-child\" data-id=\"3lfi7x32\" data-element_type=\"container\" data-e-type=\"container\">\n\t\t\t\t\t<div class=\"e-con-inner\">\n\t\t\t\t<div class=\"elementor-element elementor-element-0kg99ga1 elementor-widget elementor-widget-heading\" data-id=\"0kg99ga1\" data-element_type=\"widget\" data-e-type=\"widget\" data-widget_type=\"heading.default\">\n\t\t\t\t\t<div class=\"elementor-heading-title elementor-size-default\">Afm\u00f6rkun<\/div>\t\t\t\t<\/div>\n\t\t\t\t<div class=\"elementor-element elementor-element-n0fum6kp elementor-widget elementor-widget-text-editor\" data-id=\"n0fum6kp\" data-element_type=\"widget\" data-e-type=\"widget\" data-widget_type=\"text-editor.default\">\n\t\t\t\t\t\t\t\t\t<p>\u00der\u00e1tt fyrir vindnafni\u00f0 er h\u00fan engin vindvera: Vindmeyjan <a href=\"https:\/\/iwell-guard.com\/is\/?page_id=169468\">Tuuletar<\/a> er \u00f6nnur vera; Tuulikki heyrir alfari\u00f0 sk\u00f3ginum til.<\/p>\t\t\t\t\t\t\t\t<\/div>\n\t\t\t\t\t<\/div>\n\t\t\t\t<\/div>\n\t\t\t\t<\/div>\n\t\t\t\t<\/div>\n\t\t\t\t\t<\/div>\n\t\t\t\t<\/div>\n\t\t<div class=\"elementor-element elementor-element-7533bc7a e-flex e-con-boxed e-con e-parent\" data-id=\"7533bc7a\" data-element_type=\"container\" data-e-type=\"container\">\n\t\t\t\t\t<div class=\"e-con-inner\">\n\t\t\t\t<div class=\"elementor-element elementor-element-2447d18d elementor-widget elementor-widget-heading\" data-id=\"2447d18d\" data-element_type=\"widget\" data-e-type=\"widget\" data-widget_type=\"heading.default\">\n\t\t\t\t\t<h2 class=\"elementor-heading-title elementor-size-default\">Fr\u00e1 form\u00faluversi til hef\u00f0bundins nafns<\/h2>\t\t\t\t<\/div>\n\t\t<div class=\"elementor-element elementor-element-d5d0260c e-con-full e-flex e-con e-child\" data-id=\"d5d0260c\" data-element_type=\"container\" data-e-type=\"container\">\n\t\t\t\t<div class=\"elementor-element elementor-element-341be2ac elementor-widget elementor-widget-text-editor\" data-id=\"341be2ac\" data-element_type=\"widget\" data-e-type=\"widget\" data-widget_type=\"text-editor.default\">\n\t\t\t\t\t\t\t\t\t<p>Tuulikki telst til d\u00e6tra sk\u00f3garb\u00e6jarins, eins og finnsk-karelsk vei\u00f0ikv\u00e6\u00f0i \u00e1kalla \u00fe\u00e6r. Nafnhef\u00f0 hennar er athyglisvert \u00f3st\u00f6\u00f0ug: Auk Tuulikki koma fyrir Annikki, Tyytikki, Myyrikki, Lumikki og fleiri myndir; sem \u00f6nnur d\u00f3tturvera birtist Tuometar, \u201ekona heggsins&#8220;, a\u00f0allega \u00ed bjarnarkv\u00e6\u00f0um. Elias L\u00f6nnrot valdi fyrir 14. kvi\u00f0u Kalevala myndina Tuulikki og gaf v\u00e6ttinni \u00feannig sitt hef\u00f0bundna nafn.<\/p><p>R\u00fanakv\u00e6\u00f0i skr\u00e1\u00f0 1803 l\u00e6tur f\u00f6gru d\u00f3ttur Tapios sitja \u00e1 regnboganum og leggja V\u00e4in\u00e4m\u00f6inen \u00f3leysanleg verkefni; \u00feetta minni yfirf\u00e6r\u00f0i L\u00f6nnrot \u00ed Kalevala \u00e1 meyjuna fr\u00e1 Pohjola. Yngri handb\u00e6kur eigna Tuulikki auk \u00feess umhyggju fyrir vi\u00f0gangi villtra d\u00fdra; \u00feessi \u00e1herslubreyting kemur \u00far almennum b\u00f3kmenntum, ekki \u00far r\u00fanakv\u00e6\u00f0unum sj\u00e1lfum.<\/p>\t\t\t\t\t\t\t\t<\/div>\n\t\t\t\t<\/div>\n\t\t\t\t\t<\/div>\n\t\t\t\t<\/div>\n\t\t<div class=\"elementor-element elementor-element-5a584676 e-flex e-con-boxed e-con e-parent\" data-id=\"5a584676\" data-element_type=\"container\" data-e-type=\"container\">\n\t\t\t\t\t<div class=\"e-con-inner\">\n\t\t\t\t<div class=\"elementor-element elementor-element-6d0757bf elementor-widget elementor-widget-heading\" data-id=\"6d0757bf\" data-element_type=\"widget\" data-e-type=\"widget\" data-widget_type=\"heading.default\">\n\t\t\t\t\t<h2 class=\"elementor-heading-title elementor-size-default\">Nafngjafi og sta\u00f0a<\/h2>\t\t\t\t<\/div>\n\t\t<div class=\"elementor-element elementor-element-60563f68 e-con-full e-flex e-con e-child\" data-id=\"60563f68\" data-element_type=\"container\" data-e-type=\"container\">\n\t\t\t\t<div class=\"elementor-element elementor-element-5a93fdd6 elementor-widget elementor-widget-text-editor\" data-id=\"5a93fdd6\" data-element_type=\"widget\" data-e-type=\"widget\" data-widget_type=\"text-editor.default\">\n\t\t\t\t\t\t\t\t\t<p>Tuulikki er enn \u00ed dag algengt finnskt kvenmannsnafn. \u00deekktasta bera \u00feess var teiknarinn Tuulikki Pietil\u00e4, l\u00edfsf\u00f6runautur Tove Jansson og fyrirmynd M\u00fam\u00edn\u00e1lfsf\u00edg\u00farunnar Too-ticki, sem gaf nafninu hlj\u00f3mgrunn langt \u00fat fyrir Finnland. \u00cd n\u00fdhei\u00f0nu og n\u00e1tt\u00farutengdu umhverfi er Tuulikki talin s\u00e1 a\u00f0ili sem \u00e1kalla m\u00e1 til verndar villtra d\u00fdra; \u00ed \u00fe\u00fd\u00f0ingum og endurs\u00f6gnum Kalevala birtist h\u00fan sem athafnas\u00f6must sk\u00f3gard\u00e6tranna.<\/p><p>Tr\u00faarfr\u00e6\u00f0ilega er Tuulikki d\u00e6migert fyrirb\u00e6ri um hvernig \u00e1kallsform\u00falur skapa v\u00e6ttir: Bragarh\u00e1tturinn kraf\u00f0ist stu\u00f0la\u00f0rar \u201ed\u00f3ttur Tapios&#8220;, og s\u00f6ngvarar fylltu \u00ed ey\u00f0una \u00e1 mismunandi h\u00e1tt eftir sv\u00e6\u00f0um, me\u00f0 Annikki, Tyytikki e\u00f0a Tuulikki. Hlutdeildarsk\u00fdring Haavios myndi binda hana n\u00e1i\u00f0 vi\u00f0 kjarnahlutverk sk\u00f3garfj\u00f6lskyldunnar, \u00fathlutun vei\u00f0ig\u00e6funnar. Hvort \u00e1 bak vi\u00f0 form\u00falurnar st\u00e6\u00f0i sj\u00e1lfst\u00e6\u00f0 forkristin gy\u00f0ja e\u00f0a sk\u00e1ldleg hlutverkspers\u00f3na ver\u00f0ur ekki \u00e1kve\u00f0i\u00f0; hin fasta mynd hennar \u00ed dag sem \u201egy\u00f0ja sk\u00f3gard\u00fdranna&#8220; er afrakstur ritstj\u00f3rnar L\u00f6nnrots og s\u00ed\u00f0ari handb\u00f3karrita.<\/p>\t\t\t\t\t\t\t\t<\/div>\n\t\t\t\t<\/div>\n\t\t\t\t\t<\/div>\n\t\t\t\t<\/div>\n\t\t<div class=\"elementor-element elementor-element-cp9a031aa e-flex e-con-boxed e-con e-parent\" data-id=\"cp9a031aa\" data-element_type=\"container\" data-e-type=\"container\">\n\t\t\t\t\t<div class=\"e-con-inner\">\n\t\t\t\t<div class=\"elementor-element elementor-element-cp9193514 elementor-widget elementor-widget-heading\" data-id=\"cp9193514\" data-element_type=\"widget\" data-e-type=\"widget\" data-widget_type=\"heading.default\">\n\t\t\t\t\t<h2 class=\"elementor-heading-title elementor-size-default\">Kve\u00f0ja og gj\u00f6f til sk\u00f3gard\u00f3ttirinnar<\/h2>\t\t\t\t<\/div>\n\t\t<div class=\"elementor-element elementor-element-cp02ca0ee e-con-full e-flex e-con e-child\" data-id=\"cp02ca0ee\" data-element_type=\"container\" data-e-type=\"container\">\n\t\t\t\t<div class=\"elementor-element elementor-element-cp444e0f1 elementor-widget elementor-widget-text-editor\" data-id=\"cp444e0f1\" data-element_type=\"widget\" data-e-type=\"widget\" data-widget_type=\"text-editor.default\">\n\t\t\t\t\t\t\t\t\t<p>Fyrir Tuulikki gildir \u00fea\u00f0 sem sagt er um alla sk\u00f3garfj\u00f6lskylduna: Hj\u00e1lp hennar f\u00e9kkst me\u00f0 \u00e1kalli og gj\u00f6fum, ekki me\u00f0 fr\u00e1hrindingu. Vei\u00f0is\u00f6ngvarnir voru sungnir \u00e1\u00f0ur en lagt var af sta\u00f0 og \u00e1 ja\u00f0ri vei\u00f0ilendunnar; b\u00e6nin til d\u00f3tturinnar st\u00f3\u00f0 vi\u00f0 hli\u00f0 b\u00e6nanna til f\u00f6\u00f0urins, m\u00f3\u00f0urinnar og br\u00f3\u00f0urins <a href=\"https:\/\/iwell-guard.com\/is\/?page_id=169584\">Nyyrikki<\/a>. Fyrstu gjafir vei\u00f0arinnar voru f\u00e6r\u00f0ar \u00e1 toppskorna f\u00f3rnargrenitr\u00e9nu (Tapionp\u00f6yt\u00e4). S\u00e1 sem f\u00f3r erindisleysu endurt\u00f3k kve\u00f0juna \u00ed sta\u00f0 \u00feess a\u00f0 rei\u00f0ast sk\u00f3ginum, \u00fev\u00ed neita\u00f0ri velvild var talin aflei\u00f0ing \u00f3s\u00e6milegrar framkomu; ekkert s\u00e9rstakt tilbei\u00f0slusv\u00e6\u00f0i e\u00f0a s\u00e9rst\u00f6k f\u00f3rn a\u00f0eins fyrir Tuulikki er skjalfest.<\/p>\t\t\t\t\t\t\t\t<\/div>\n\t\t\t\t<\/div>\n\t\t\t\t\t<\/div>\n\t\t\t\t<\/div>\n\t\t<div class=\"elementor-element elementor-element-cp11de5b2 e-flex e-con-boxed e-con e-parent\" data-id=\"cp11de5b2\" data-element_type=\"container\" data-e-type=\"container\">\n\t\t\t\t\t<div class=\"e-con-inner\">\n\t\t\t\t<div class=\"elementor-element elementor-element-cp8d35271 elementor-widget elementor-widget-heading\" data-id=\"cp8d35271\" data-element_type=\"widget\" data-e-type=\"widget\" data-widget_type=\"heading.default\">\n\t\t\t\t\t<h2 class=\"elementor-heading-title elementor-size-default\">Vei\u00f0imeyjar og sk\u00f3garkonur<\/h2>\t\t\t\t<\/div>\n\t\t<div class=\"elementor-element elementor-element-cp02f26b8 e-con-full e-flex e-con e-child\" data-id=\"cp02f26b8\" data-element_type=\"container\" data-e-type=\"container\">\n\t\t\t\t<div class=\"elementor-element elementor-element-cp58c4390 elementor-widget elementor-widget-text-editor\" data-id=\"cp58c4390\" data-element_type=\"widget\" data-e-type=\"widget\" data-widget_type=\"text-editor.default\">\n\t\t\t\t\t\t\t\t\t<p>Sem meyd\u00f3msfull hj\u00e1lparvera vei\u00f0imanna er Tuulikki n\u00e1l\u00e6gt gr\u00edsku <a href=\"https:\/\/iwell-guard.com\/is\/artemis\/\">Artemis<\/a> og r\u00f3mversku D\u00ed\u00f6nu, sem r\u00e1\u00f0a yfir villtum d\u00fdrum og \u00fathluta vei\u00f0i; keltverski Cernunnos t\u00e1knar hina karlkyns tegund d\u00fdraherrans. Slavneski <a href=\"https:\/\/iwell-guard.com\/is\/leshy\/\">Leshy<\/a> smalar og villir um fyrir d\u00fdrunum eftir eigin vild, me\u00f0an Tuulikki st\u00fdrir \u00feeim \u00ed \u00fej\u00f3nustu b\u00e6narvei\u00f0imannsins; sagnahef\u00f0in um <a href=\"https:\/\/iwell-guard.com\/is\/rusalka\/\">Rusalka<\/a> s\u00fdnir aftur \u00e1 m\u00f3ti hversu tv\u00edr\u00e6\u00f0ar kvenkyns n\u00e1tt\u00faruv\u00e6ttir voru hugsa\u00f0ar \u00e1 \u00f6\u00f0rum st\u00f6\u00f0um.<\/p>\t\t\t\t\t\t\t\t<\/div>\n\t\t\t\t<\/div>\n\t\t\t\t\t<\/div>\n\t\t\t\t<\/div>\n\t\t<div class=\"elementor-element elementor-element-cp406577c e-flex e-con-boxed e-con e-parent\" data-id=\"cp406577c\" data-element_type=\"container\" data-e-type=\"container\">\n\t\t\t\t\t<div class=\"e-con-inner\">\n\t\t\t\t<div class=\"elementor-element elementor-element-cpdd9c543 elementor-widget elementor-widget-heading\" data-id=\"cpdd9c543\" data-element_type=\"widget\" data-e-type=\"widget\" data-widget_type=\"heading.default\">\n\t\t\t\t\t<h2 class=\"elementor-heading-title elementor-size-default\">Algengar spurningar um Tuulikki<\/h2>\t\t\t\t<\/div>\n\t\t<div class=\"elementor-element elementor-element-cp9e731bb e-con-full e-flex e-con e-child\" data-id=\"cp9e731bb\" data-element_type=\"container\" data-e-type=\"container\">\n\t\t\t\t<div class=\"elementor-element elementor-element-cpa7c898c elementor-widget elementor-widget-text-editor\" data-id=\"cpa7c898c\" data-element_type=\"widget\" data-e-type=\"widget\" data-widget_type=\"text-editor.default\">\n\t\t\t\t\t\t\t\t\t<p><strong>Er Tuulikki vindgy\u00f0ja?<\/strong><\/p><p>Nei. Nafni\u00f0 \u00fe\u00fd\u00f0ir a\u00f0 v\u00edsu \u201el\u00edtill vindur\u201c, en heimildirnar s\u00fdna hana a\u00f0eins sem sk\u00f3garv\u00e6tt sem rekur villibr\u00e1\u00f0 til vei\u00f0imannsins; fyrir vind og ve\u00f0ur voru a\u00f0rar v\u00e6ttir finnskrar go\u00f0afr\u00e6\u00f0i \u00e1byrgar, svo sem vindmeyjan <a href=\"https:\/\/iwell-guard.com\/is\/?page_id=169468\">Tuuletar<\/a>, sj\u00e1lfst\u00e6\u00f0 v\u00e6tt. Martti Haavio dr\u00f3 jafnvel \u00ed efa vindsk\u00f6punarfr\u00e6\u00f0ina og rakti nafni\u00f0 til fornrar merkingar fyrir \u201ehlutskipti, hluta\u201c.<\/p><p><strong>Hva\u00f0an kemur sta\u00f0h\u00e6fingin um a\u00f0 h\u00fan s\u00e9 gy\u00f0ja sk\u00f3gard\u00fdra?<\/strong><\/p><p>\u00dar samantekt hlutverka hennar: \u00cd Kalevala st\u00fdrir h\u00fan villibr\u00e1\u00f0inni, og nafnbrig\u00f0i eins og Tyytikki eru talin \u201em\u00f3\u00f0ir \u00edkornanna\u201c. Hin \u00fej\u00e1la form\u00fala \u201egy\u00f0ja sk\u00f3gard\u00fdra\u201c m\u00f3ta\u00f0ist fyrst \u00ed handb\u00f3ka- og endursagnab\u00f3kmenntum n\u00fat\u00edmans; runus\u00f6ngvarnir sj\u00e1lfir tala \u00ed b\u00e6naform\u00falum, ekki \u00ed emb\u00e6ttisheitum.<\/p><p><strong>Hvernig er Tuulikki fr\u00e1brug\u00f0in systur sinni Tellervo?<\/strong><\/p><p>Tuulikki starfar fyrir vei\u00f0imanninn: h\u00fan rekur villibr\u00e1\u00f0ina \u00e1fram og grei\u00f0ir lei\u00f0ina. <a href=\"https:\/\/iwell-guard.com\/is\/?page_id=169585\">Tellervo<\/a> starfar fyrir b\u00f3ndab\u00e6inn: h\u00fan g\u00e6tir b\u00faf\u00e9na\u00f0ar \u00e1 beit og fylgir honum heim \u00e1 kv\u00f6ldin. \u00cd form\u00falusafni s\u00f6ngvanna skarast \u00fe\u00e6r tv\u00e6r \u00fe\u00f3, og eru \u00fe\u00e6r stundum \u00e1kalla\u00f0ar me\u00f0 s\u00f6mu or\u00f0um.<\/p>\t\t\t\t\t\t\t\t<\/div>\n\t\t\t\t<\/div>\n\t\t\t\t\t<\/div>\n\t\t\t\t<\/div>\n\t\t<div class=\"elementor-element elementor-element-36dd7469 e-flex e-con-boxed e-con e-parent\" data-id=\"36dd7469\" data-element_type=\"container\" data-e-type=\"container\">\n\t\t\t\t\t<div class=\"e-con-inner\">\n\t\t\t\t<div class=\"elementor-element elementor-element-13760ab4 elementor-widget elementor-widget-heading\" data-id=\"13760ab4\" data-element_type=\"widget\" data-e-type=\"widget\" data-widget_type=\"heading.default\">\n\t\t\t\t\t<h2 class=\"elementor-heading-title elementor-size-default\">\u00cdtarefni og tenglar<\/h2>\t\t\t\t<\/div>\n\t\t<div class=\"elementor-element elementor-element-28c87796 e-con-full e-flex e-con e-child\" data-id=\"28c87796\" data-element_type=\"container\" data-e-type=\"container\">\n\t\t\t\t<div class=\"elementor-element elementor-element-5d6538df elementor-widget elementor-widget-text-editor\" data-id=\"5d6538df\" data-element_type=\"widget\" data-e-type=\"widget\" data-widget_type=\"text-editor.default\">\n\t\t\t\t\t\t\t\t\t<p>R\u00e1\u00f0lag\u00f0ir innri hlekkir:<\/p><ul><li><a href=\"https:\/\/iwell-guard.com\/is\/?page_id=169582\">Tapio<\/a> og <a href=\"https:\/\/iwell-guard.com\/is\/?page_id=169583\">Mielikki<\/a> \u2013 foreldrar sk\u00f3garb\u00e6jarins<\/li><li><a href=\"https:\/\/iwell-guard.com\/is\/?page_id=169584\">Nyyrikki<\/a> og <a href=\"https:\/\/iwell-guard.com\/is\/?page_id=169585\">Tellervo<\/a> \u2013 systkinin<\/li><li><a href=\"https:\/\/iwell-guard.com\/is\/?page_id=169468\">Tuuletar<\/a> \u2013 vindmeyjan sem ekki m\u00e1 rugla henni saman vi\u00f0<\/li><li><a href=\"https:\/\/iwell-guard.com\/is\/talisman\/\">Talisman<\/a>, <a href=\"https:\/\/iwell-guard.com\/is\/einir\/\">Einir<\/a>, <a href=\"https:\/\/iwell-guard.com\/is\/reykhreinsun\/\">Reykhreinsun<\/a>, <a href=\"https:\/\/iwell-guard.com\/is\/salt-sem-verndargripur\/\">Salt<\/a> \u2013 hef\u00f0bundin verndargripir<\/li><li><a href=\"https:\/\/iwell-guard.com\/is\/verndarleidarvisir\/\">Verndarkomp\u00e1s<\/a> \u2013 yfirlit yfir verndargripi<\/li><\/ul>\t\t\t\t\t\t\t\t<\/div>\n\t\t\t\t<\/div>\n\t\t\t\t\t<\/div>\n\t\t\t\t<\/div>\n\t\t<div class=\"elementor-element elementor-element-grl4kl40 e-flex e-con-boxed e-con e-parent\" data-id=\"grl4kl40\" data-element_type=\"container\" data-e-type=\"container\">\n\t\t\t\t\t<div class=\"e-con-inner\">\n\t\t\t\t<div class=\"elementor-element elementor-element-bzsbfrmh elementor-widget elementor-widget-heading\" data-id=\"bzsbfrmh\" data-element_type=\"widget\" data-e-type=\"widget\" data-widget_type=\"heading.default\">\n\t\t\t\t\t<h2 class=\"elementor-heading-title elementor-size-default\">Heimildir (\u00farval)<\/h2>\t\t\t\t<\/div>\n\t\t<div class=\"elementor-element elementor-element-2c13224a e-con-full e-flex e-con e-child\" data-id=\"2c13224a\" data-element_type=\"container\" data-e-type=\"container\">\n\t\t\t\t<div class=\"elementor-element elementor-element-0eymh9ub elementor-widget elementor-widget-text-editor\" data-id=\"0eymh9ub\" data-element_type=\"widget\" data-e-type=\"widget\" data-widget_type=\"text-editor.default\">\n\t\t\t\t\t\t\t\t\t<footer class=\"iwg-literatur\" data-nosnippet=\"true\"><p>\u00darval mikilv\u00e6gra heimilda og ranns\u00f3kna:<\/p><ul><li><span data-nosnippet>Elias L\u00f6nnrot: <em>Kalevala<\/em>. 1849 (\u00fe\u00fdtt \u00e1 \u00fe\u00fdsku af Anton Schiefner 1852; n\u00fd \u00fe\u00fd\u00f0ing eftir Lore og Hans Fromm 1967).<\/span><\/li><li><span data-nosnippet>Haavio, Martti: <em>Suomalainen mytologia<\/em>. Helsinki 1967.<\/span><\/li><li><span data-nosnippet>Krohn, Kaarle: <em>Suomalaisten runojen uskonto<\/em>. Porvoo 1914.<\/span><\/li><li><span data-nosnippet>Pentik\u00e4inen, Juha: <em>Kalevala Mythology<\/em>. Bloomington 1989.<\/span><\/li><\/ul><\/footer>\n<p class=\"iwg-bib-more\"><span data-nosnippet>Fleiri grunnrit \u00ed <a href=\"https:\/\/iwell-guard.com\/is\/heimildaskra\/\">heimildaskr\u00e1nni<\/a>.<\/span><\/p>\t\t\t\t\t\t\t\t<\/div>\n\t\t\t\t<\/div>\n\t\t\t\t\t<\/div>\n\t\t\t\t<\/div>\n\t\t<div class=\"elementor-element elementor-element-iwgkw2-add-hulijing e-flex e-con-boxed e-con e-parent\" data-id=\"iwgkw2-add-hulijing\" data-element_type=\"container\" data-e-type=\"container\">\n\t\t\t\t\t<div class=\"e-con-inner\">\n\t\t\t\t<div class=\"elementor-element elementor-element-iwgkw2-add-hulijing-t elementor-widget elementor-widget-text-editor\" data-id=\"iwgkw2-add-hulijing-t\" data-element_type=\"widget\" data-e-type=\"widget\" data-widget_type=\"text-editor.default\">\n\t\t\t\t\t\t\t\t\t<p>Sem d\u00f3ttir Tapio og gy\u00f0ja sk\u00f3gard\u00fdra breytir Tuulikki \u00f3grei\u00f0f\u00e6rum sk\u00f3ginum \u00ed braut fyrir b\u00e6narvei\u00f0imanninn: l\u00edtill vindur sem ekki s\u00e9st, en \u00e1hrif hans eru sungin \u00ed hverjum vei\u00f0is\u00f6ng.<\/p>\t\t\t\t\t\t\t\t<\/div>\n\t\t\t\t\t<\/div>\n\t\t\t\t<\/div>\n\t\t\t\t<\/div>\n\t\t","protected":false},"excerpt":{"rendered":"","protected":false},"author":3,"featured_media":20434,"parent":0,"menu_order":0,"comment_status":"closed","ping_status":"closed","template":"elementor_header_footer","meta":{"_yoast_wpseo_focuskw":"tuulikki gy\u00f0ja","_yoast_wpseo_title":"Tuulikki \u2013 finnsk gy\u00f0ja sk\u00f3gard\u00fdranna","_yoast_wpseo_metadesc":"Tuulikki, d\u00f3ttir Tapios og gy\u00f0ja sk\u00f3gard\u00fdranna: \u00cd Kalevala rekur h\u00fan vei\u00f0id\u00fdrin til vei\u00f0imannsins. Munnm\u00e6li, nafnsk\u00fdring og verndarform.","_yoast_wpseo_meta-robots-noindex":"","_yoast_wpseo_canonical":"","_angie_page":false,"gefaehrdungsstufe":"1","wesen_kultur":"finnisch","wesen_klasse":"goetter","footnotes":""},"categories":[],"class_list":["post-169586","page","type-page","status-publish","has-post-thumbnail","hentry"],"yoast_head":"<!-- This site is optimized with the Yoast SEO Premium plugin v27.7 (Yoast SEO v28.3) - https:\/\/yoast.com\/product\/yoast-seo-premium-wordpress\/ -->\n<title>Tuulikki \u2013 finnsk gy\u00f0ja sk\u00f3gard\u00fdranna<\/title>\n<meta name=\"description\" content=\"Tuulikki, d\u00f3ttir Tapios og gy\u00f0ja sk\u00f3gard\u00fdranna: \u00cd Kalevala rekur h\u00fan vei\u00f0id\u00fdrin til vei\u00f0imannsins. Munnm\u00e6li, nafnsk\u00fdring og verndarform.\" \/>\n<meta name=\"robots\" content=\"index, follow, max-snippet:-1, max-image-preview:large, max-video-preview:-1\" \/>\n<link rel=\"canonical\" href=\"https:\/\/iwell-guard.com\/is\/tuulikki\/\" \/>\n<meta property=\"og:locale\" content=\"is_IS\" \/>\n<meta property=\"og:type\" content=\"article\" \/>\n<meta property=\"og:title\" content=\"Tuulikki\" \/>\n<meta property=\"og:description\" content=\"Tuulikki, d\u00f3ttir Tapios og gy\u00f0ja sk\u00f3gard\u00fdranna: \u00cd Kalevala rekur h\u00fan vei\u00f0id\u00fdrin til vei\u00f0imannsins. Munnm\u00e6li, nafnsk\u00fdring og verndarform.\" \/>\n<meta property=\"og:url\" content=\"https:\/\/iwell-guard.com\/is\/tuulikki\/\" \/>\n<meta property=\"og:site_name\" content=\"iWell Guard\" \/>\n<meta property=\"article:modified_time\" content=\"2026-09-05T14:49:54+00:00\" \/>\n<meta property=\"og:image\" content=\"https:\/\/iwell-guard.com\/wp-content\/uploads\/2026\/07\/goetter_finnland_tuulikki.webp\" \/>\n\t<meta property=\"og:image:width\" content=\"1022\" \/>\n\t<meta property=\"og:image:height\" content=\"1538\" \/>\n\t<meta property=\"og:image:type\" content=\"image\/webp\" \/>\n<meta name=\"twitter:card\" content=\"summary_large_image\" \/>\n<script type=\"application\/ld+json\" class=\"yoast-schema-graph\">{\"@context\":\"https:\\\/\\\/schema.org\",\"@graph\":[{\"@type\":\"WebPage\",\"@id\":\"https:\\\/\\\/iwell-guard.com\\\/is\\\/tuulikki\\\/\",\"url\":\"https:\\\/\\\/iwell-guard.com\\\/is\\\/tuulikki\\\/\",\"name\":\"Tuulikki \u2013 finnsk gy\u00f0ja sk\u00f3gard\u00fdranna\",\"isPartOf\":{\"@id\":\"https:\\\/\\\/iwell-guard.com\\\/is\\\/#website\"},\"primaryImageOfPage\":{\"@id\":\"https:\\\/\\\/iwell-guard.com\\\/is\\\/tuulikki\\\/#primaryimage\"},\"image\":{\"@id\":\"https:\\\/\\\/iwell-guard.com\\\/is\\\/tuulikki\\\/#primaryimage\"},\"thumbnailUrl\":\"https:\\\/\\\/iwell-guard.com\\\/wp-content\\\/uploads\\\/2026\\\/07\\\/goetter_finnland_tuulikki.webp\",\"datePublished\":\"2026-09-05T14:09:35+00:00\",\"dateModified\":\"2026-09-05T14:49:54+00:00\",\"description\":\"Tuulikki, d\u00f3ttir Tapios og gy\u00f0ja sk\u00f3gard\u00fdranna: \u00cd Kalevala rekur h\u00fan vei\u00f0id\u00fdrin til vei\u00f0imannsins. Munnm\u00e6li, nafnsk\u00fdring og verndarform.\",\"breadcrumb\":{\"@id\":\"https:\\\/\\\/iwell-guard.com\\\/is\\\/tuulikki\\\/#breadcrumb\"},\"inLanguage\":\"is\",\"potentialAction\":[{\"@type\":\"ReadAction\",\"target\":[\"https:\\\/\\\/iwell-guard.com\\\/is\\\/tuulikki\\\/\"]}]},{\"@type\":\"ImageObject\",\"inLanguage\":\"is\",\"@id\":\"https:\\\/\\\/iwell-guard.com\\\/is\\\/tuulikki\\\/#primaryimage\",\"url\":\"https:\\\/\\\/iwell-guard.com\\\/wp-content\\\/uploads\\\/2026\\\/07\\\/goetter_finnland_tuulikki.webp\",\"contentUrl\":\"https:\\\/\\\/iwell-guard.com\\\/wp-content\\\/uploads\\\/2026\\\/07\\\/goetter_finnland_tuulikki.webp\",\"width\":1022,\"height\":1538,\"caption\":\"Tuulikki, gy\u00f0ja \u00ed finnskri arfs\u00f6gn\"},{\"@type\":\"BreadcrumbList\",\"@id\":\"https:\\\/\\\/iwell-guard.com\\\/is\\\/tuulikki\\\/#breadcrumb\",\"itemListElement\":[{\"@type\":\"ListItem\",\"position\":1,\"name\":\"Start\",\"item\":\"https:\\\/\\\/iwell-guard.com\\\/is\\\/?page_id=168580\"},{\"@type\":\"ListItem\",\"position\":2,\"name\":\"Tuulikki\"}]},{\"@type\":\"WebSite\",\"@id\":\"https:\\\/\\\/iwell-guard.com\\\/is\\\/#website\",\"url\":\"https:\\\/\\\/iwell-guard.com\\\/is\\\/\",\"name\":\"iWell Guard\",\"description\":\"Schutz vor dunklen Einfl\u00fcssen\",\"publisher\":{\"@id\":\"https:\\\/\\\/iwell-guard.com\\\/is\\\/#organization\"},\"potentialAction\":[{\"@type\":\"SearchAction\",\"target\":{\"@type\":\"EntryPoint\",\"urlTemplate\":\"https:\\\/\\\/iwell-guard.com\\\/is\\\/?s={search_term_string}\"},\"query-input\":{\"@type\":\"PropertyValueSpecification\",\"valueRequired\":true,\"valueName\":\"search_term_string\"}}],\"inLanguage\":\"is\"},{\"@type\":\"Organization\",\"@id\":\"https:\\\/\\\/iwell-guard.com\\\/is\\\/#organization\",\"name\":\"Ittermann electronic GmbH\",\"url\":\"https:\\\/\\\/iwell-guard.com\\\/is\\\/\",\"logo\":{\"@type\":\"ImageObject\",\"inLanguage\":\"is\",\"@id\":\"https:\\\/\\\/iwell-guard.com\\\/is\\\/#\\\/schema\\\/logo\\\/image\\\/\",\"url\":\"https:\\\/\\\/iwell-guard.com\\\/wp-content\\\/uploads\\\/2026\\\/05\\\/Ittermann-Logo-1182x237-1.png\",\"contentUrl\":\"https:\\\/\\\/iwell-guard.com\\\/wp-content\\\/uploads\\\/2026\\\/05\\\/Ittermann-Logo-1182x237-1.png\",\"width\":1182,\"height\":237,\"caption\":\"Ittermann electronic GmbH\"},\"image\":{\"@id\":\"https:\\\/\\\/iwell-guard.com\\\/is\\\/#\\\/schema\\\/logo\\\/image\\\/\"},\"sameAs\":[\"https:\\\/\\\/pantip.com\\\/profile\\\/9367242\",\"https:\\\/\\\/micro.blog\\\/iwellguard\",\"https:\\\/\\\/www.diggerslist.com\\\/iwellguard\\\/about\",\"https:\\\/\\\/skitterphoto.com\\\/photographers\\\/2870314\\\/iwell-guard\",\"https:\\\/\\\/iwellguard.wordpress.com\\\/2026\\\/06\\\/06\\\/iwell-guard\\\/\",\"https:\\\/\\\/hub.docker.com\\\/u\\\/iwellguard\",\"https:\\\/\\\/www.pinterest.com\\\/iwellguard\\\/\",\"https:\\\/\\\/bit.ly\\\/m\\\/iwellguard\",\"https:\\\/\\\/entre-vos-mains.alsace.eu\\\/profiles\\\/iwellguard\\\/activity\",\"https:\\\/\\\/gravatar.com\\\/reallybeded8fd34\",\"https:\\\/\\\/naijamatta.com\\\/iwellguard\",\"https:\\\/\\\/www.goodreads.com\\\/iwellguard\",\"https:\\\/\\\/profile.hatena.ne.jp\\\/iwellguard\\\/\",\"https:\\\/\\\/experiment.com\\\/users\\\/iwellguard\",\"https:\\\/\\\/wakelet.com\\\/@iWellGuard82270\",\"https:\\\/\\\/www.chordie.com\\\/forum\\\/profile.php?id=2555664\",\"https:\\\/\\\/www.instapaper.com\\\/p\\\/17757966\",\"https:\\\/\\\/www.mapleprimes.com\\\/users\\\/iwellguard\",\"https:\\\/\\\/businesslistingplus.com\\\/profile\\\/iwell-guard\\\/\",\"https:\\\/\\\/telegra.ph\\\/iWell-Guard-06-06\",\"https:\\\/\\\/pbase.com\\\/iwellguard\\\/iwellguard\",\"https:\\\/\\\/b.hatena.ne.jp\\\/iwellguard\\\/20260607#bookmark-4788405196491818882\",\"https:\\\/\\\/fliphtml5.com\\\/home\\\/iwellguard\",\"https:\\\/\\\/anyflip.com\\\/homepage\\\/cmiwl#About\",\"https:\\\/\\\/transfur.com\\\/Users\\\/iwellguard\",\"http:\\\/\\\/delphi.larsbo.org\\\/user\\\/iwellguard\",\"https:\\\/\\\/jobs.lajobsportal.org\\\/profiles\\\/8380803-iwell-guard\",\"https:\\\/\\\/md.chaosdorf.de\\\/s\\\/jfbe5SBdJD\",\"https:\\\/\\\/www.lingvolive.com\\\/en-us\\\/profile\\\/9ecaeaca-ce11-4e51-9e71-01d55e2bff36\\\/translations\",\"https:\\\/\\\/www.fitday.com\\\/fitness\\\/forums\\\/members\\\/iwellguard.html\",\"https:\\\/\\\/www.mymeetbook.com\\\/iwellguard\",\"https:\\\/\\\/pxhere.com\\\/en\\\/photographer-me\\\/5040798\",\"https:\\\/\\\/disqus.com\\\/by\\\/iwellguard\\\/about\\\/\",\"https:\\\/\\\/pastelink.net\\\/hjwciqwq\",\"https:\\\/\\\/pubhtml5.com\\\/homepage\\\/scjhn\\\/\",\"https:\\\/\\\/www.bitchute.com\\\/channel\\\/2O2eOKzNqujT\",\"https:\\\/\\\/audiomack.com\\\/iwellguard\"]},{\"@type\":\"Article\",\"@id\":\"https:\\\/\\\/iwell-guard.com\\\/is\\\/tuulikki\\\/#article\",\"isPartOf\":{\"@id\":\"https:\\\/\\\/iwell-guard.com\\\/is\\\/tuulikki\\\/\"},\"author\":{\"name\":\"Ralf Ittermann\",\"@id\":\"https:\\\/\\\/iwell-guard.com\\\/is\\\/#\\\/schema\\\/person\\\/ee2a27f1cac3406c7c6fb5820cb7349f\"},\"headline\":\"Tuulikki\",\"datePublished\":\"2026-09-05T14:09:35+00:00\",\"dateModified\":\"2026-09-05T14:49:54+00:00\",\"mainEntityOfPage\":{\"@id\":\"https:\\\/\\\/iwell-guard.com\\\/is\\\/tuulikki\\\/\"},\"publisher\":{\"@id\":\"https:\\\/\\\/iwell-guard.com\\\/is\\\/#organization\"},\"image\":{\"@id\":\"https:\\\/\\\/iwell-guard.com\\\/is\\\/tuulikki\\\/#primaryimage\"},\"thumbnailUrl\":\"https:\\\/\\\/iwell-guard.com\\\/wp-content\\\/uploads\\\/2026\\\/07\\\/goetter_finnland_tuulikki.webp\",\"inLanguage\":\"is\",\"description\":\"Tuulikki, d\u00f3ttir Tapios og gy\u00f0ja sk\u00f3gard\u00fdranna: \u00cd Kalevala rekur h\u00fan vei\u00f0id\u00fdrin til vei\u00f0imannsins. Munnm\u00e6li, nafnsk\u00fdring og verndarform.\"}]}<\/script>\n<!-- \/ Yoast SEO Premium plugin. -->","yoast_head_json":{"title":"Tuulikki \u2013 finnsk gy\u00f0ja sk\u00f3gard\u00fdranna","description":"Tuulikki, d\u00f3ttir Tapios og gy\u00f0ja sk\u00f3gard\u00fdranna: \u00cd Kalevala rekur h\u00fan vei\u00f0id\u00fdrin til vei\u00f0imannsins. Munnm\u00e6li, nafnsk\u00fdring og verndarform.","robots":{"index":"index","follow":"follow","max-snippet":"max-snippet:-1","max-image-preview":"max-image-preview:large","max-video-preview":"max-video-preview:-1"},"canonical":"https:\/\/iwell-guard.com\/is\/tuulikki\/","og_locale":"is_IS","og_type":"article","og_title":"Tuulikki","og_description":"Tuulikki, d\u00f3ttir Tapios og gy\u00f0ja sk\u00f3gard\u00fdranna: \u00cd Kalevala rekur h\u00fan vei\u00f0id\u00fdrin til vei\u00f0imannsins. Munnm\u00e6li, nafnsk\u00fdring og verndarform.","og_url":"https:\/\/iwell-guard.com\/is\/tuulikki\/","og_site_name":"iWell Guard","article_modified_time":"2026-09-05T14:49:54+00:00","og_image":[{"width":1022,"height":1538,"url":"https:\/\/iwell-guard.com\/wp-content\/uploads\/2026\/07\/goetter_finnland_tuulikki.webp","type":"image\/webp"}],"twitter_card":"summary_large_image","schema":{"@context":"https:\/\/schema.org","@graph":[{"@type":"Article","@id":"https:\/\/iwell-guard.com\/is\/tuulikki\/#article","isPartOf":{"@id":"https:\/\/iwell-guard.com\/is\/tuulikki\/"},"author":{"name":"Ralf Ittermann","@id":"https:\/\/iwell-guard.com\/is\/#\/schema\/person\/ee2a27f1cac3406c7c6fb5820cb7349f"},"headline":"Tuulikki","datePublished":"2026-09-05T14:09:35+00:00","dateModified":"2026-09-05T14:49:54+00:00","mainEntityOfPage":{"@id":"https:\/\/iwell-guard.com\/is\/tuulikki\/"},"publisher":{"@id":"https:\/\/iwell-guard.com\/is\/#organization"},"image":{"@id":"https:\/\/iwell-guard.com\/is\/tuulikki\/#primaryimage"},"thumbnailUrl":"https:\/\/iwell-guard.com\/wp-content\/uploads\/2026\/07\/goetter_finnland_tuulikki.webp","inLanguage":"is","description":"Tuulikki, d\u00f3ttir Tapios og gy\u00f0ja sk\u00f3gard\u00fdranna: \u00cd Kalevala rekur h\u00fan vei\u00f0id\u00fdrin til vei\u00f0imannsins. Munnm\u00e6li, nafnsk\u00fdring og verndarform."},{"@type":"WebPage","@id":"https:\/\/iwell-guard.com\/is\/tuulikki\/","url":"https:\/\/iwell-guard.com\/is\/tuulikki\/","name":"Tuulikki \u2013 finnsk gy\u00f0ja sk\u00f3gard\u00fdranna","isPartOf":{"@id":"https:\/\/iwell-guard.com\/is\/#website"},"primaryImageOfPage":{"@id":"https:\/\/iwell-guard.com\/is\/tuulikki\/#primaryimage"},"image":{"@id":"https:\/\/iwell-guard.com\/is\/tuulikki\/#primaryimage"},"thumbnailUrl":"https:\/\/iwell-guard.com\/wp-content\/uploads\/2026\/07\/goetter_finnland_tuulikki.webp","datePublished":"2026-09-05T14:09:35+00:00","dateModified":"2026-09-05T14:49:54+00:00","description":"Tuulikki, d\u00f3ttir Tapios og gy\u00f0ja sk\u00f3gard\u00fdranna: \u00cd Kalevala rekur h\u00fan vei\u00f0id\u00fdrin til vei\u00f0imannsins. Munnm\u00e6li, nafnsk\u00fdring og verndarform.","breadcrumb":{"@id":"https:\/\/iwell-guard.com\/is\/tuulikki\/#breadcrumb"},"inLanguage":"is","potentialAction":[{"@type":"ReadAction","target":["https:\/\/iwell-guard.com\/is\/tuulikki\/"]}]},{"@type":"ImageObject","inLanguage":"is","@id":"https:\/\/iwell-guard.com\/is\/tuulikki\/#primaryimage","url":"https:\/\/iwell-guard.com\/wp-content\/uploads\/2026\/07\/goetter_finnland_tuulikki.webp","contentUrl":"https:\/\/iwell-guard.com\/wp-content\/uploads\/2026\/07\/goetter_finnland_tuulikki.webp","width":1022,"height":1538,"caption":"Tuulikki, gy\u00f0ja \u00ed finnskri arfs\u00f6gn"},{"@type":"BreadcrumbList","@id":"https:\/\/iwell-guard.com\/is\/tuulikki\/#breadcrumb","itemListElement":[{"@type":"ListItem","position":1,"name":"Start","item":"https:\/\/iwell-guard.com\/is\/?page_id=168580"},{"@type":"ListItem","position":2,"name":"Tuulikki"}]},{"@type":"WebSite","@id":"https:\/\/iwell-guard.com\/is\/#website","url":"https:\/\/iwell-guard.com\/is\/","name":"iWell Guard","description":"Schutz vor dunklen Einfl\u00fcssen","publisher":{"@id":"https:\/\/iwell-guard.com\/is\/#organization"},"potentialAction":[{"@type":"SearchAction","target":{"@type":"EntryPoint","urlTemplate":"https:\/\/iwell-guard.com\/is\/?s={search_term_string}"},"query-input":{"@type":"PropertyValueSpecification","valueRequired":true,"valueName":"search_term_string"}}],"inLanguage":"is"},{"@type":"Organization","@id":"https:\/\/iwell-guard.com\/is\/#organization","name":"Ittermann electronic GmbH","url":"https:\/\/iwell-guard.com\/is\/","logo":{"@type":"ImageObject","inLanguage":"is","@id":"https:\/\/iwell-guard.com\/is\/#\/schema\/logo\/image\/","url":"https:\/\/iwell-guard.com\/wp-content\/uploads\/2026\/05\/Ittermann-Logo-1182x237-1.png","contentUrl":"https:\/\/iwell-guard.com\/wp-content\/uploads\/2026\/05\/Ittermann-Logo-1182x237-1.png","width":1182,"height":237,"caption":"Ittermann electronic GmbH"},"image":{"@id":"https:\/\/iwell-guard.com\/is\/#\/schema\/logo\/image\/"},"sameAs":["https:\/\/pantip.com\/profile\/9367242","https:\/\/micro.blog\/iwellguard","https:\/\/www.diggerslist.com\/iwellguard\/about","https:\/\/skitterphoto.com\/photographers\/2870314\/iwell-guard","https:\/\/iwellguard.wordpress.com\/2026\/06\/06\/iwell-guard\/","https:\/\/hub.docker.com\/u\/iwellguard","https:\/\/www.pinterest.com\/iwellguard\/","https:\/\/bit.ly\/m\/iwellguard","https:\/\/entre-vos-mains.alsace.eu\/profiles\/iwellguard\/activity","https:\/\/gravatar.com\/reallybeded8fd34","https:\/\/naijamatta.com\/iwellguard","https:\/\/www.goodreads.com\/iwellguard","https:\/\/profile.hatena.ne.jp\/iwellguard\/","https:\/\/experiment.com\/users\/iwellguard","https:\/\/wakelet.com\/@iWellGuard82270","https:\/\/www.chordie.com\/forum\/profile.php?id=2555664","https:\/\/www.instapaper.com\/p\/17757966","https:\/\/www.mapleprimes.com\/users\/iwellguard","https:\/\/businesslistingplus.com\/profile\/iwell-guard\/","https:\/\/telegra.ph\/iWell-Guard-06-06","https:\/\/pbase.com\/iwellguard\/iwellguard","https:\/\/b.hatena.ne.jp\/iwellguard\/20260607#bookmark-4788405196491818882","https:\/\/fliphtml5.com\/home\/iwellguard","https:\/\/anyflip.com\/homepage\/cmiwl#About","https:\/\/transfur.com\/Users\/iwellguard","http:\/\/delphi.larsbo.org\/user\/iwellguard","https:\/\/jobs.lajobsportal.org\/profiles\/8380803-iwell-guard","https:\/\/md.chaosdorf.de\/s\/jfbe5SBdJD","https:\/\/www.lingvolive.com\/en-us\/profile\/9ecaeaca-ce11-4e51-9e71-01d55e2bff36\/translations","https:\/\/www.fitday.com\/fitness\/forums\/members\/iwellguard.html","https:\/\/www.mymeetbook.com\/iwellguard","https:\/\/pxhere.com\/en\/photographer-me\/5040798","https:\/\/disqus.com\/by\/iwellguard\/about\/","https:\/\/pastelink.net\/hjwciqwq","https:\/\/pubhtml5.com\/homepage\/scjhn\/","https:\/\/www.bitchute.com\/channel\/2O2eOKzNqujT","https:\/\/audiomack.com\/iwellguard"]},{"@type":"Person","@id":"https:\/\/iwell-guard.com\/is\/#\/schema\/person\/ee2a27f1cac3406c7c6fb5820cb7349f","name":"Ralf Ittermann","image":{"@type":"ImageObject","inLanguage":"is","@id":"https:\/\/secure.gravatar.com\/avatar\/073c0153e350a5005b68eb752b445fea71f6b24a26da9449ad7e155e6b446c9d?s=96&d=mm&r=g","url":"https:\/\/secure.gravatar.com\/avatar\/073c0153e350a5005b68eb752b445fea71f6b24a26da9449ad7e155e6b446c9d?s=96&d=mm&r=g","contentUrl":"https:\/\/secure.gravatar.com\/avatar\/073c0153e350a5005b68eb752b445fea71f6b24a26da9449ad7e155e6b446c9d?s=96&d=mm&r=g","caption":"Ralf Ittermann"},"givenName":"Ralf","familyName":"Ittermann","jobTitle":"Gesch\u00e4ftsf\u00fchrer und redaktioneller Verantwortlicher","url":"https:\/\/iwell-guard.com\/is\/author\/claude\/","description":"Ralf Ittermann ist Gesch\u00e4ftsf\u00fchrer der Ittermann electronic GmbH und redaktioneller Verantwortlicher des iWell-Guard-Lexikons. Er verbindet langj\u00e4hrige Erfahrung in der Pr\u00e4zisionsfertigung mit medialer Praxis und religionsgeschichtlicher Quellenarbeit.","worksFor":{"@type":"Organization","name":"Ittermann electronic GmbH","url":"https:\/\/ittermann.de\/","address":{"@type":"PostalAddress","streetAddress":"K\u00f6hlergasse 16-18","postalCode":"99842","addressLocality":"Ruhla","addressCountry":"DE"}},"knowsAbout":["Religionsgeschichte","Mythologie","Mediale Praxis","Energetische Diagnostik","Schutzpraxis","Volksglauben","Westliche Esoterik"]},{"@type":"Article","@id":"https:\/\/iwell-guard.com\/is\/tuulikki\/#article","isPartOf":{"@id":"https:\/\/iwell-guard.com\/is\/tuulikki\/"},"author":{"name":"Ralf Ittermann","@id":"https:\/\/iwell-guard.com\/is\/#\/schema\/person\/ee2a27f1cac3406c7c6fb5820cb7349f"},"headline":"Tuulikki","datePublished":"2026-09-05T14:09:35+00:00","dateModified":"2026-09-05T14:49:54+00:00","mainEntityOfPage":{"@id":"https:\/\/iwell-guard.com\/is\/tuulikki\/"},"publisher":{"@id":"https:\/\/iwell-guard.com\/is\/#organization"},"image":{"@id":"https:\/\/iwell-guard.com\/is\/tuulikki\/#primaryimage"},"thumbnailUrl":"https:\/\/iwell-guard.com\/wp-content\/uploads\/2026\/07\/goetter_finnland_tuulikki.webp","inLanguage":"is","description":"Tuulikki, d\u00f3ttir Tapios og gy\u00f0ja sk\u00f3gard\u00fdranna: \u00cd Kalevala rekur h\u00fan vei\u00f0id\u00fdrin til vei\u00f0imannsins. Munnm\u00e6li, nafnsk\u00fdring og verndarform."}]}},"_links":{"self":[{"href":"https:\/\/iwell-guard.com\/is\/wp-json\/wp\/v2\/pages\/169586","targetHints":{"allow":["GET"]}}],"collection":[{"href":"https:\/\/iwell-guard.com\/is\/wp-json\/wp\/v2\/pages"}],"about":[{"href":"https:\/\/iwell-guard.com\/is\/wp-json\/wp\/v2\/types\/page"}],"author":[{"embeddable":true,"href":"https:\/\/iwell-guard.com\/is\/wp-json\/wp\/v2\/users\/3"}],"replies":[{"embeddable":true,"href":"https:\/\/iwell-guard.com\/is\/wp-json\/wp\/v2\/comments?post=169586"}],"version-history":[{"count":0,"href":"https:\/\/iwell-guard.com\/is\/wp-json\/wp\/v2\/pages\/169586\/revisions"}],"wp:featuredmedia":[{"embeddable":true,"href":"https:\/\/iwell-guard.com\/is\/wp-json\/wp\/v2\/media\/20434"}],"wp:attachment":[{"href":"https:\/\/iwell-guard.com\/is\/wp-json\/wp\/v2\/media?parent=169586"}],"wp:term":[{"taxonomy":"category","embeddable":true,"href":"https:\/\/iwell-guard.com\/is\/wp-json\/wp\/v2\/categories?post=169586"}],"curies":[{"name":"wp","href":"https:\/\/api.w.org\/{rel}","templated":true}]}}