{"id":169579,"date":"2026-09-05T14:09:32","date_gmt":"2026-09-05T14:09:32","guid":{"rendered":"https:\/\/iwell-guard.com\/?page_id=169579"},"modified":"2026-09-05T14:49:42","modified_gmt":"2026-09-05T14:49:42","slug":"skogarvera","status":"publish","type":"page","link":"https:\/\/iwell-guard.com\/is\/skogarvera\/","title":{"rendered":"Schrat"},"content":{"rendered":"\t\t<div data-elementor-type=\"wp-page\" data-elementor-id=\"169579\" class=\"elementor elementor-169579 elementor-19408\" data-elementor-post-type=\"page\">\n\t\t\t\t<div class=\"elementor-element elementor-element-10fdade e-flex e-con-boxed e-con e-parent\" data-id=\"10fdade\" data-element_type=\"container\" data-e-type=\"container\" data-settings=\"{&quot;background_background&quot;:&quot;classic&quot;}\">\n\t\t\t\t\t<div class=\"e-con-inner\">\n\t\t<div class=\"elementor-element elementor-element-herohlft0 e-flex e-con-boxed e-con e-child\" data-id=\"herohlft0\" data-element_type=\"container\" data-e-type=\"container\">\n\t\t\t\t\t<div class=\"e-con-inner\">\n\t\t<div class=\"elementor-element elementor-element-c3ceb64 e-con-full e-flex e-con e-child\" data-id=\"c3ceb64\" data-element_type=\"container\" data-e-type=\"container\">\n\t\t\t\t<div class=\"elementor-element elementor-element-96ae5e1 elementor-widget elementor-widget-heading\" data-id=\"96ae5e1\" data-element_type=\"widget\" data-e-type=\"widget\" data-widget_type=\"heading.default\">\n\t\t\t\t\t<h1 class=\"elementor-heading-title elementor-size-default\">Schrat, hinn h\u00e6r\u00f0i \u00far fornu gl\u00f3sunum<\/h1>\t\t\t\t<\/div>\n\t\t\t\t<div class=\"elementor-element elementor-element-e45238a elementor-widget elementor-widget-text-editor\" data-id=\"e45238a\" data-element_type=\"widget\" data-e-type=\"widget\" data-widget_type=\"text-editor.default\">\n\t\t\t\t\t\t\t\t\t<p>Schrat er <span class=\"iwg-fachbegriff\" data-tooltip=\"L\u00edkamalaus vera sem talin er hafa \u00e1hrif \u00ed heiminum.\" tabindex=\"0\">andi<\/span> \u00fe\u00fdskrar \u00fej\u00f3\u00f0tr\u00faar.<\/p><p><strong>Lo\u00f0inn sk\u00f3garf\u00e9lagi sem \u00e1 n\u00e6turnar ver\u00f0ur a\u00f0 \u00fer\u00fagandi Schr\u00e4ttel.<\/strong> L\u00fdsingin byggir \u00e1 fornum gl\u00f3sum sem fyrst gera Schrat \u00e1\u00fereifanlegan.<\/p>\t\t\t\t\t\t\t\t<\/div>\n\t\t\t\t<\/div>\n\t\t<div class=\"elementor-element elementor-element-klsbdg01 e-con-full e-flex e-con e-parent\" data-id=\"klsbdg01\" data-element_type=\"container\" data-e-type=\"container\">\n\t\t\t\t<div class=\"elementor-element elementor-element-klshtm01 elementor-widget elementor-widget-html\" data-id=\"klshtm01\" data-element_type=\"widget\" data-e-type=\"widget\" data-widget_type=\"html.default\">\n\t\t\t\t\t<div class=\"iwg-pill-row\"><span class=\"iwg-klasse-badge\" tabindex=\"0\" data-tooltip=\"Andi: \u00d3l\u00edkamleg e\u00f0a h\u00e1lfl\u00edkamleg vera, framli\u00f0nir, n\u00e1tt\u00faruv\u00e6ttir, heimilisandar e\u00f0a ver\u00f0ir \u00fer\u00f6skulda. Verkar \u00ed daglegu l\u00edfi, oft bundin \u00e1kve\u00f0num st\u00f6\u00f0um e\u00f0a fj\u00f6lskyldum.\">Andi<\/span><a href=\"https:\/\/iwell-guard.com\/is\/germonsk\/\" class=\"iwg-kultur-badge\" tabindex=\"0\" data-tooltip=\"Fornkristinn gu\u00f0a- og andaheimur Nor\u00f0ur- og Mi\u00f0-Evr\u00f3pu.\">Germanskt<\/a><\/div>\t\t\t\t<\/div>\n\t\t\t\t<\/div>\n\t\t<div class=\"elementor-element elementor-element-3f74855 e-con-full e-flex e-con e-child\" data-id=\"3f74855\" data-element_type=\"container\" data-e-type=\"container\">\n\t\t\t\t<div class=\"elementor-element elementor-element-1c30362 elementor-toc--minimized-on-tablet elementor-widget elementor-widget-table-of-contents\" data-id=\"1c30362\" data-element_type=\"widget\" data-e-type=\"widget\" data-settings=\"{&quot;exclude_headings_by_selector&quot;:[],&quot;no_headings_message&quot;:&quot;Engar undirfyrirsagnir fundust \\u00e1 \\u00feessari s\\u00ed\\u00f0u.&quot;,&quot;headings_by_tags&quot;:[&quot;h2&quot;,&quot;h3&quot;],&quot;marker_view&quot;:&quot;bullets&quot;,&quot;icon&quot;:{&quot;value&quot;:&quot;fas fa-circle&quot;,&quot;library&quot;:&quot;fa-solid&quot;,&quot;rendered_tag&quot;:&quot;&lt;svg class=\\&quot;e-font-icon-svg e-fas-circle\\&quot; viewBox=\\&quot;0 0 512 512\\&quot; xmlns=\\&quot;http:\\\/\\\/www.w3.org\\\/2000\\\/svg\\&quot;&gt;&lt;path d=\\&quot;M256 8C119 8 8 119 8 256s111 248 248 248 248-111 248-248S393 8 256 8z\\&quot;&gt;&lt;\\\/path&gt;&lt;\\\/svg&gt;&quot;},&quot;minimize_box&quot;:&quot;yes&quot;,&quot;minimized_on&quot;:&quot;tablet&quot;,&quot;hierarchical_view&quot;:&quot;yes&quot;,&quot;min_height&quot;:{&quot;unit&quot;:&quot;px&quot;,&quot;size&quot;:&quot;&quot;,&quot;sizes&quot;:[]},&quot;min_height_tablet&quot;:{&quot;unit&quot;:&quot;px&quot;,&quot;size&quot;:&quot;&quot;,&quot;sizes&quot;:[]},&quot;min_height_mobile&quot;:{&quot;unit&quot;:&quot;px&quot;,&quot;size&quot;:&quot;&quot;,&quot;sizes&quot;:[]}}\" data-widget_type=\"table-of-contents.default\">\n\t\t\t\t\t\t\t\t\t<div class=\"elementor-toc__header\">\n\t\t\t\t\t\t<h2 class=\"elementor-toc__header-title\">\n\t\t\t\tEfnisyfirlit\t\t\t<\/h2>\n\t\t\t\t\t\t\t\t\t\t<div class=\"elementor-toc__toggle-button elementor-toc__toggle-button--expand\" role=\"button\" tabindex=\"0\" aria-controls=\"elementor-toc__1c30362\" aria-expanded=\"true\" aria-label=\"Open table of contents\"><svg aria-hidden=\"true\" class=\"e-font-icon-svg e-fas-chevron-down\" viewBox=\"0 0 448 512\" xmlns=\"http:\/\/www.w3.org\/2000\/svg\"><path d=\"M207.029 381.476L12.686 187.132c-9.373-9.373-9.373-24.569 0-33.941l22.667-22.667c9.357-9.357 24.522-9.375 33.901-.04L224 284.505l154.745-154.021c9.379-9.335 24.544-9.317 33.901.04l22.667 22.667c9.373 9.373 9.373 24.569 0 33.941L240.971 381.476c-9.373 9.372-24.569 9.372-33.942 0z\"><\/path><\/svg><\/div>\n\t\t\t\t<div class=\"elementor-toc__toggle-button elementor-toc__toggle-button--collapse\" role=\"button\" tabindex=\"0\" aria-controls=\"elementor-toc__1c30362\" aria-expanded=\"true\" aria-label=\"Close table of contents\"><svg aria-hidden=\"true\" class=\"e-font-icon-svg e-fas-chevron-up\" viewBox=\"0 0 448 512\" xmlns=\"http:\/\/www.w3.org\/2000\/svg\"><path d=\"M240.971 130.524l194.343 194.343c9.373 9.373 9.373 24.569 0 33.941l-22.667 22.667c-9.357 9.357-24.522 9.375-33.901.04L224 227.495 69.255 381.516c-9.379 9.335-24.544 9.317-33.901-.04l-22.667-22.667c-9.373-9.373-9.373-24.569 0-33.941L207.03 130.525c9.372-9.373 24.568-9.373 33.941-.001z\"><\/path><\/svg><\/div>\n\t\t\t\t\t<\/div>\n\t\t\t\t<div id=\"elementor-toc__1c30362\" class=\"elementor-toc__body\">\n\t\t\t<div class=\"elementor-toc__spinner-container\">\n\t\t\t\t<svg class=\"elementor-toc__spinner eicon-animation-spin e-font-icon-svg e-eicon-loading\" aria-hidden=\"true\" viewBox=\"0 0 1000 1000\" xmlns=\"http:\/\/www.w3.org\/2000\/svg\"><path d=\"M500 975V858C696 858 858 696 858 500S696 142 500 142 142 304 142 500H25C25 237 238 25 500 25S975 237 975 500 763 975 500 975Z\"><\/path><\/svg>\t\t\t<\/div>\n\t\t<\/div>\n\t\t\t\t\t\t<\/div>\n\t\t\t\t<\/div>\n\t\t\t\t\t<\/div>\n\t\t\t\t<\/div>\n\t\t<div class=\"elementor-element elementor-element-herorght0 e-con-full e-flex e-con e-child\" data-id=\"herorght0\" data-element_type=\"container\" data-e-type=\"container\">\n\t\t\t\t<div class=\"elementor-element elementor-element-heroimg00 iwg-hero-image elementor-widget elementor-widget-image\" data-id=\"heroimg00\" data-element_type=\"widget\" data-e-type=\"widget\" data-widget_type=\"image.default\">\n\t\t\t\t\t\t\t\t\t\t\t\t\t\t\t<img fetchpriority=\"high\" decoding=\"async\" width=\"683\" height=\"1024\" src=\"https:\/\/iwell-guard.com\/wp-content\/uploads\/2026\/07\/geister_germanisch_schrat-683x1024.webp\" class=\"attachment-large size-large wp-image-169914\" alt=\"Schrat, andi \u00far germanskri munnm\u00e6lahef\u00f0\" srcset=\"https:\/\/iwell-guard.com\/wp-content\/uploads\/2026\/07\/geister_germanisch_schrat-683x1024.webp 683w, https:\/\/iwell-guard.com\/wp-content\/uploads\/2026\/07\/geister_germanisch_schrat-200x300.webp 200w, https:\/\/iwell-guard.com\/wp-content\/uploads\/2026\/07\/geister_germanisch_schrat-768x1152.webp 768w, https:\/\/iwell-guard.com\/wp-content\/uploads\/2026\/07\/geister_germanisch_schrat.webp 1024w\" sizes=\"(max-width: 683px) 100vw, 683px\" \/>\t\t\t\t\t\t\t\t\t\t\t\t\t\t\t<\/div>\n\t\t\t\t<\/div>\n\t\t\t\t\t<\/div>\n\t\t\t\t<\/div>\n\t\t<div class=\"elementor-element elementor-element-32917199 e-flex e-con-boxed e-con e-parent\" data-id=\"32917199\" data-element_type=\"container\" data-e-type=\"container\">\n\t\t\t\t\t<div class=\"e-con-inner\">\n\t\t<div class=\"elementor-element elementor-element-26e916cb e-flex e-con-boxed e-con e-child\" data-id=\"26e916cb\" data-element_type=\"container\" data-e-type=\"container\">\n\t\t\t\t\t<div class=\"e-con-inner\">\n\t\t<div class=\"elementor-element elementor-element-253a40d4 e-flex e-con-boxed e-con e-child\" data-id=\"253a40d4\" data-element_type=\"container\" data-e-type=\"container\">\n\t\t\t\t\t<div class=\"e-con-inner\">\n\t\t\t\t<div class=\"elementor-element elementor-element-1200c304 elementor-widget elementor-widget-heading\" data-id=\"1200c304\" data-element_type=\"widget\" data-e-type=\"widget\" data-widget_type=\"heading.default\">\n\t\t\t\t\t<div class=\"elementor-heading-title elementor-size-default\">Schrat<\/div>\t\t\t\t<\/div>\n\t\t\t\t<div class=\"elementor-element elementor-element-11758e7f elementor-widget elementor-widget-text-editor\" data-id=\"11758e7f\" data-element_type=\"widget\" data-e-type=\"widget\" data-widget_type=\"text-editor.default\">\n\t\t\t\t\t\t\t\t\t<p>Schrat er h\u00e6r\u00f0a sk\u00f3garveran \u00fe\u00fdska m\u00e1lsv\u00e6\u00f0isins. Fornh\u00e1\u00fe\u00fdskar gl\u00f3sur nota or\u00f0in scrato og scraz til a\u00f0 \u00fe\u00fd\u00f0a latnesku or\u00f0in pilosus (hinn h\u00e6r\u00f0i) og satyrus; \u00fear me\u00f0 er veran skriflega sta\u00f0fest allt fr\u00e1 fyrri hluta mi\u00f0alda.<\/p><p>\u00cd s\u00ed\u00f0ari \u00fej\u00f3\u00f0s\u00f6gum breytist sk\u00f3garandinn \u00ed h\u00fasanda og n\u00e6tur\u00fer\u00fagandi, kalla\u00f0an Schr\u00e4ttel. \u00cd or\u00f0inu Waldschrat lifir veran \u00e1fram fram \u00e1 okkar daga.<\/p>\t\t\t\t\t\t\t\t<\/div>\n\t\t\t\t\t<\/div>\n\t\t\t\t<\/div>\n\t\t<div class=\"elementor-element elementor-element-159dcf9a e-flex e-con-boxed e-con e-child\" data-id=\"159dcf9a\" data-element_type=\"container\" data-e-type=\"container\">\n\t\t\t\t\t<div class=\"e-con-inner\">\n\t\t\t\t<div class=\"elementor-element elementor-element-48cee66f elementor-widget elementor-widget-heading\" data-id=\"48cee66f\" data-element_type=\"widget\" data-e-type=\"widget\" data-widget_type=\"heading.default\">\n\t\t\t\t\t<div class=\"elementor-heading-title elementor-size-default\">\u00cd yfirliti: Schrat<\/div>\t\t\t\t<\/div>\n\t\t\t\t<div class=\"elementor-element elementor-element-3f50d82c elementor-widget elementor-widget-text-editor\" data-id=\"3f50d82c\" data-element_type=\"widget\" data-e-type=\"widget\" data-widget_type=\"text-editor.default\">\n\t\t\t\t\t\t\t\t\t<p><strong>Tegund:<\/strong> H\u00e6r\u00f0ur sk\u00f3garandi, s\u00ed\u00f0ar einnig h\u00fasandi og n\u00e6tur\u00fer\u00fagandi (Schr\u00e4ttel)<br>Uppruni: \u00fe\u00fdskt m\u00e1lsv\u00e6\u00f0i, me\u00f0 l\u00e1nsformum \u00ed vesturslavnesku og \u00ed Alpafj\u00f6llum<br>Textar: fornh\u00e1\u00fe\u00fdskar gl\u00f3sur, mi\u00f0h\u00e1\u00fe\u00fdsk kve\u00f0skapur, sagnas\u00f6fn<br>T\u00edmabil: 10. og 11. \u00f6ld fram til n\u00fdaldar sagnasafna<br>\u00c1s\u00fdnd: l\u00edtil til mannh\u00e1, mj\u00f6g h\u00e6r\u00f0 sk\u00f3garvera<\/p>\t\t\t\t\t\t\t\t<\/div>\n\t\t\t\t\t<\/div>\n\t\t\t\t<\/div>\n\t\t\t\t\t<\/div>\n\t\t\t\t<\/div>\n\t\t\t\t\t<\/div>\n\t\t\t\t<\/div>\n\t\t<div class=\"elementor-element elementor-element-18613602 e-flex e-con-boxed e-con e-parent\" data-id=\"18613602\" data-element_type=\"container\" data-e-type=\"container\">\n\t\t\t\t\t<div class=\"e-con-inner\">\n\t\t\t\t<div class=\"elementor-element elementor-element-262b8a9f elementor-widget elementor-widget-heading\" data-id=\"262b8a9f\" data-element_type=\"widget\" data-e-type=\"widget\" data-widget_type=\"heading.default\">\n\t\t\t\t\t<h2 class=\"elementor-heading-title elementor-size-default\">Yfirlit yfir var\u00f0veitta arfleif\u00f0<\/h2>\t\t\t\t<\/div>\n\t\t<div class=\"elementor-element elementor-element-46dcb7d e-con-full e-flex e-con e-child\" data-id=\"46dcb7d\" data-element_type=\"container\" data-e-type=\"container\">\n\t\t<div class=\"elementor-element elementor-element-61d3ab3 e-flex e-con-boxed e-con e-child\" data-id=\"61d3ab3\" data-element_type=\"container\" data-e-type=\"container\">\n\t\t\t\t\t<div class=\"e-con-inner\">\n\t\t\t\t<div class=\"elementor-element elementor-element-117c166 elementor-widget elementor-widget-heading\" data-id=\"117c166\" data-element_type=\"widget\" data-e-type=\"widget\" data-widget_type=\"heading.default\">\n\t\t\t\t\t<h3 class=\"elementor-heading-title elementor-size-default\">T\u00edmabil textanna<\/h3>\t\t\t\t<\/div>\n\t\t\t\t<div class=\"elementor-element elementor-element-73997a0 elementor-widget elementor-widget-text-editor\" data-id=\"73997a0\" data-element_type=\"widget\" data-e-type=\"widget\" data-widget_type=\"text-editor.default\">\n\t\t\t\t\t\t\t\t\t<p>Schrat ver\u00f0ur fyrst \u00e1\u00fereifanlegur \u00ed or\u00f0as\u00f6fnum 10. og 11. aldar; \u00ed gegnum mi\u00f0h\u00e1\u00fe\u00fdskan kve\u00f0skap n\u00e6r hef\u00f0in allt til n\u00fdaldar sagnasafna.<\/p>\t\t\t\t\t\t\t\t<\/div>\n\t\t\t\t\t<\/div>\n\t\t\t\t<\/div>\n\t\t<div class=\"elementor-element elementor-element-d47b156 e-flex e-con-boxed e-con e-child\" data-id=\"d47b156\" data-element_type=\"container\" data-e-type=\"container\">\n\t\t\t\t\t<div class=\"e-con-inner\">\n\t\t\t\t<div class=\"elementor-element elementor-element-ff38c2b elementor-widget elementor-widget-heading\" data-id=\"ff38c2b\" data-element_type=\"widget\" data-e-type=\"widget\" data-widget_type=\"heading.default\">\n\t\t\t\t\t<h3 class=\"elementor-heading-title elementor-size-default\">\u00datbrei\u00f0slusv\u00e6\u00f0i<\/h3>\t\t\t\t<\/div>\n\t\t\t\t<div class=\"elementor-element elementor-element-4e49fcc elementor-widget elementor-widget-text-editor\" data-id=\"4e49fcc\" data-element_type=\"widget\" data-e-type=\"widget\" data-widget_type=\"text-editor.default\">\n\t\t\t\t\t\t\t\t\t<p>\u00de\u00fdska m\u00e1lsv\u00e6\u00f0i\u00f0 me\u00f0 \u00e1hrif \u00ed Alpafj\u00f6llum; or\u00f0i\u00f0 var l\u00e1na\u00f0 mj\u00f6g flj\u00f3tt inn \u00ed vesturslavnesku, eins og p\u00f3lska skrzat, t\u00e9kkneska skritek og sl\u00f3venska skrat s\u00fdna.<\/p>\t\t\t\t\t\t\t\t<\/div>\n\t\t\t\t\t<\/div>\n\t\t\t\t<\/div>\n\t\t\t\t<\/div>\n\t\t<div class=\"elementor-element elementor-element-db03c39 e-con-full e-flex e-con e-child\" data-id=\"db03c39\" data-element_type=\"container\" data-e-type=\"container\">\n\t\t<div class=\"elementor-element elementor-element-229a87b e-flex e-con-boxed e-con e-child\" data-id=\"229a87b\" data-element_type=\"container\" data-e-type=\"container\">\n\t\t\t\t\t<div class=\"e-con-inner\">\n\t\t\t\t<div class=\"elementor-element elementor-element-1f471fc elementor-widget elementor-widget-heading\" data-id=\"1f471fc\" data-element_type=\"widget\" data-e-type=\"widget\" data-widget_type=\"heading.default\">\n\t\t\t\t\t<h3 class=\"elementor-heading-title elementor-size-default\">Heimildasta\u00f0a<\/h3>\t\t\t\t<\/div>\n\t\t\t\t<div class=\"elementor-element elementor-element-36b1201 elementor-widget elementor-widget-text-editor\" data-id=\"36b1201\" data-element_type=\"widget\" data-e-type=\"widget\" data-widget_type=\"text-editor.default\">\n\t\t\t\t\t\t\t\t\t<p>G\u00f3\u00f0 fyrir \u00fej\u00f3\u00f0tr\u00faarveru: gl\u00f3sur, mi\u00f0h\u00e1\u00fe\u00fdskur kve\u00f0skapur, sagnas\u00f6fn og greinin Schrat \u00ed Handw\u00f6rterbuch des deutschen Aberglaubens.<\/p>\t\t\t\t\t\t\t\t<\/div>\n\t\t\t\t\t<\/div>\n\t\t\t\t<\/div>\n\t\t\t\t<\/div>\n\t\t\t\t\t<\/div>\n\t\t\t\t<\/div>\n\t\t<div class=\"elementor-element elementor-element-3ae0637c e-flex e-con-boxed e-con e-parent\" data-id=\"3ae0637c\" data-element_type=\"container\" data-e-type=\"container\">\n\t\t\t\t\t<div class=\"e-con-inner\">\n\t\t\t\t<div class=\"elementor-element elementor-element-31d07739 elementor-widget elementor-widget-heading\" data-id=\"31d07739\" data-element_type=\"widget\" data-e-type=\"widget\" data-widget_type=\"heading.default\">\n\t\t\t\t\t<h2 class=\"elementor-heading-title elementor-size-default\">Nafn og afbrig\u00f0i<\/h2>\t\t\t\t<\/div>\n\t\t<div class=\"elementor-element elementor-element-b7642947 e-con-full e-flex e-con e-child\" data-id=\"b7642947\" data-element_type=\"container\" data-e-type=\"container\">\n\t\t\t\t<div class=\"elementor-element elementor-element-a086266 elementor-widget elementor-widget-text-editor\" data-id=\"a086266\" data-element_type=\"widget\" data-e-type=\"widget\" data-widget_type=\"text-editor.default\">\n\t\t\t\t\t\t\t\t\t<p><strong>\u00de\u00fdska:<\/strong> fornh\u00e1\u00fe\u00fdska <em>scrato<\/em> og <em>scraz<\/em>, mi\u00f0h\u00e1\u00fe\u00fdska <em>schrat<\/em>, <em>schrate<\/em> og <em>schraz<\/em> og sm\u00e6kkunarmyndin <em>schretel<\/em>; auk \u00feess fornnorr\u00e6na <em>skratti<\/em> fyrir galdramann e\u00f0a tr\u00f6ll. Gl\u00f3suh\u00f6fundarnir v\u00f6ldu scrato til a\u00f0 \u00fe\u00fd\u00f0a pilosi Vulgata (Jesaja 13:21), h\u00e6r\u00f0a ey\u00f0imerkur- og sk\u00f3gardem\u00f3na, sem og hinn forna satyrus; \u00feannig tengdu l\u00e6r\u00f0ir skrifarar innlenda hugmynd vi\u00f0 bibl\u00edulegar og fornar dem\u00f3nager\u00f0ir.<\/p>\t\t\t\t\t\t\t\t<\/div>\n\t\t\t\t<\/div>\n\t\t\t\t\t<\/div>\n\t\t\t\t<\/div>\n\t\t<div class=\"elementor-element elementor-element-709a44a8 e-flex e-con-boxed e-con e-parent\" data-id=\"709a44a8\" data-element_type=\"container\" data-e-type=\"container\">\n\t\t\t\t\t<div class=\"e-con-inner\">\n\t\t\t\t<div class=\"elementor-element elementor-element-2f585873 elementor-widget elementor-widget-heading\" data-id=\"2f585873\" data-element_type=\"widget\" data-e-type=\"widget\" data-widget_type=\"heading.default\">\n\t\t\t\t\t<h2 class=\"elementor-heading-title elementor-size-default\">E\u00f0li og \u00e1hrif<\/h2>\t\t\t\t<\/div>\n\t\t<div class=\"elementor-element elementor-element-70621c12 e-con-full e-flex e-con e-child\" data-id=\"70621c12\" data-element_type=\"container\" data-e-type=\"container\">\n\t\t\t\t<div class=\"elementor-element elementor-element-4296eb49 elementor-widget elementor-widget-text-editor\" data-id=\"4296eb49\" data-element_type=\"widget\" data-e-type=\"widget\" data-widget_type=\"text-editor.default\">\n\t\t\t\t\t\t\t\t\t<p><strong>\u00c1s\u00fdnd<\/strong><\/p><p>Elstu heimildirnar leggja \u00e1herslu \u00e1 eitt einkenni: h\u00e1ralagi\u00f0, enda \u00fe\u00fd\u00f0ir pilosus einfaldlega hinn h\u00e6r\u00f0i. Sagnal\u00fdsingar s\u00fdna Schrat sem hrj\u00fafan, lo\u00f0inn f\u00e9laga af l\u00edtilli til mannh\u00e1ri st\u00e6r\u00f0, a\u00f0 h\u00e1lfu d\u00fdrslegan, me\u00f0 villt h\u00e1r; \u00f6\u00f0ru hverju er nefnt saman vaxi\u00f0 augabr\u00fan. Schr\u00e4ttel var aftur \u00e1 m\u00f3ti hugsa\u00f0 sem l\u00edti\u00f0 og l\u00e9tt; \u00fea\u00f0 skr\u00ed\u00f0ur inn \u00ed svefnherbergi\u00f0 gegnum kvistagat e\u00f0a skr\u00e1argat.<\/p><p><strong>\u00c1hrif<\/strong><\/p><p>Sem sk\u00f3garvera str\u00ed\u00f0ir Schrat: hann lei\u00f0ir sk\u00f3garg\u00f6nguf\u00f3lk afvega, endurgeltir kall, hr\u00e6\u00f0ir og ruglar, en telst varla h\u00e6ttulegur til l\u00edfs. Sem h\u00fasandi heg\u00f0ar hann s\u00e9r gobl\u00ednl\u00edkt, hrekkur, kvelur b\u00faf\u00e9na\u00f0 og gerir kr\u00f6fu til b\u00e6jarins. \u00deri\u00f0ja hlutverki\u00f0 er Schr\u00e4ttel \u00ed su\u00f0ur\u00fe\u00fdska og alpalandssv\u00e6\u00f0inu: \u00fer\u00fagandi sem leggst \u00e1 sofandi f\u00f3lk \u00e1 n\u00f3ttunni og veldur k\u00f6fnunartilfinningu. S\u00e1 sem umbjer veruna e\u00f0a beitir henni f\u00e6\u00f0u hl\u00fdtur fri\u00f0 e\u00f0a jafnvel gagn; s\u00e1 sem h\u00e6\u00f0ist a\u00f0 henni ver\u00f0ur kvalinn.<\/p>\t\t\t\t\t\t\t\t<\/div>\n\t\t\t\t<\/div>\n\t\t\t\t\t<\/div>\n\t\t\t\t<\/div>\n\t\t<div class=\"elementor-element elementor-element-44e71476 e-flex e-con-boxed e-con e-parent\" data-id=\"44e71476\" data-element_type=\"container\" data-e-type=\"container\">\n\t\t\t\t\t<div class=\"e-con-inner\">\n\t\t\t\t<div class=\"elementor-element elementor-element-3c1fc3f0 elementor-widget elementor-widget-heading\" data-id=\"3c1fc3f0\" data-element_type=\"widget\" data-e-type=\"widget\" data-widget_type=\"heading.default\">\n\t\t\t\t\t<h2 class=\"elementor-heading-title elementor-size-default\">Yfirlit: Schrat<\/h2>\t\t\t\t<\/div>\n\t\t<div class=\"elementor-element elementor-element-84f33b8e e-con-full e-flex e-con e-child\" data-id=\"84f33b8e\" data-element_type=\"container\" data-e-type=\"container\">\n\t\t\t\t<div class=\"elementor-element elementor-element-hqkdc67p elementor-widget elementor-widget-text-editor\" data-id=\"hqkdc67p\" data-element_type=\"widget\" data-e-type=\"widget\" data-widget_type=\"text-editor.default\">\n\t\t\t\t\t\t\t\t\t<p>Mikilv\u00e6gustu atri\u00f0i hinnar h\u00e6r\u00f0u sk\u00f3garveru \u00ed hnotskurn.<\/p>\t\t\t\t\t\t\t\t<\/div>\n\t\t\t\t<\/div>\n\t\t<div class=\"elementor-element elementor-element-pemmx7c5 e-con-full e-flex e-con e-child\" data-id=\"pemmx7c5\" data-element_type=\"container\" data-e-type=\"container\">\n\t\t<div class=\"elementor-element elementor-element-pemmx7c1 e-con-full e-flex e-con e-child\" data-id=\"pemmx7c1\" data-element_type=\"container\" data-e-type=\"container\">\n\t\t<div class=\"elementor-element elementor-element-qh9oavvu iwg-steckbrief-card e-flex e-con-boxed e-con e-child\" data-id=\"qh9oavvu\" data-element_type=\"container\" data-e-type=\"container\">\n\t\t\t\t\t<div class=\"e-con-inner\">\n\t\t\t\t<div class=\"elementor-element elementor-element-awzx8k2k elementor-widget elementor-widget-heading\" data-id=\"awzx8k2k\" data-element_type=\"widget\" data-e-type=\"widget\" data-widget_type=\"heading.default\">\n\t\t\t\t\t<div class=\"elementor-heading-title elementor-size-default\">Hef\u00f0<\/div>\t\t\t\t<\/div>\n\t\t\t\t<div class=\"elementor-element elementor-element-x6rowhv0 elementor-widget elementor-widget-text-editor\" data-id=\"x6rowhv0\" data-element_type=\"widget\" data-e-type=\"widget\" data-widget_type=\"text-editor.default\">\n\t\t\t\t\t\t\t\t\t<p>Sta\u00f0festur allt fr\u00e1 fornh\u00e1\u00fe\u00fdskum gl\u00f3sum, fjalla\u00f0ur um af Jacob Grimm 1835 sem sk\u00f3garandi \u00e1samt villim\u00f6nnum og gobl\u00ednum; or\u00f0i\u00f0 barst flj\u00f3tt inn \u00ed vesturslavnesku.<\/p>\t\t\t\t\t\t\t\t<\/div>\n\t\t\t\t\t<\/div>\n\t\t\t\t<\/div>\n\t\t<div class=\"elementor-element elementor-element-8e3o4kxs iwg-steckbrief-card e-flex e-con-boxed e-con e-child\" data-id=\"8e3o4kxs\" data-element_type=\"container\" data-e-type=\"container\">\n\t\t\t\t\t<div class=\"e-con-inner\">\n\t\t\t\t<div class=\"elementor-element elementor-element-08rkdgov elementor-widget elementor-widget-heading\" data-id=\"08rkdgov\" data-element_type=\"widget\" data-e-type=\"widget\" data-widget_type=\"heading.default\">\n\t\t\t\t\t<div class=\"elementor-heading-title elementor-size-default\">Tengt vi\u00f0<\/div>\t\t\t\t<\/div>\n\t\t\t\t<div class=\"elementor-element elementor-element-uwjelx8s elementor-widget elementor-widget-text-editor\" data-id=\"uwjelx8s\" data-element_type=\"widget\" data-e-type=\"widget\" data-widget_type=\"text-editor.default\">\n\t\t\t\t\t\t\t\t\t<p>Sk\u00f3garg\u00f6nguf\u00f3lk \u00e1 degi og \u00ed r\u00f6kkri, b\u00e6ndur \u00e1 b\u00e6jum og sofandi f\u00f3lk sem Schr\u00e4ttel heims\u00e6kir \u00e1 n\u00f3ttunni \u00ed svefnherberginu.<\/p>\t\t\t\t\t\t\t\t<\/div>\n\t\t\t\t\t<\/div>\n\t\t\t\t<\/div>\n\t\t<div class=\"elementor-element elementor-element-jm2n74ec iwg-steckbrief-card e-flex e-con-boxed e-con e-child\" data-id=\"jm2n74ec\" data-element_type=\"container\" data-e-type=\"container\">\n\t\t\t\t\t<div class=\"e-con-inner\">\n\t\t\t\t<div class=\"elementor-element elementor-element-8vufse4c elementor-widget elementor-widget-heading\" data-id=\"8vufse4c\" data-element_type=\"widget\" data-e-type=\"widget\" data-widget_type=\"heading.default\">\n\t\t\t\t\t<div class=\"elementor-heading-title elementor-size-default\">Framsetning<\/div>\t\t\t\t<\/div>\n\t\t\t\t<div class=\"elementor-element elementor-element-mwb9u015 elementor-widget elementor-widget-text-editor\" data-id=\"mwb9u015\" data-element_type=\"widget\" data-e-type=\"widget\" data-widget_type=\"text-editor.default\">\n\t\t\t\t\t\t\t\t\t<p>Hrj\u00fafur, lo\u00f0inn f\u00e9lagi af l\u00edtilli til mannh\u00e1ri st\u00e6r\u00f0, a\u00f0 h\u00e1lfu d\u00fdrslegur, me\u00f0 villt h\u00e1r; Schr\u00e4ttel l\u00edti\u00f0 og l\u00e9tt, skr\u00ed\u00f0andi gegnum kvistagat og skr\u00e1argat.<\/p>\t\t\t\t\t\t\t\t<\/div>\n\t\t\t\t\t<\/div>\n\t\t\t\t<\/div>\n\t\t\t\t<\/div>\n\t\t<div class=\"elementor-element elementor-element-pemmx7c2 e-con-full e-flex e-con e-child\" data-id=\"pemmx7c2\" data-element_type=\"container\" data-e-type=\"container\">\n\t\t<div class=\"elementor-element elementor-element-37ss2yr6 iwg-steckbrief-card e-flex e-con-boxed e-con e-child\" data-id=\"37ss2yr6\" data-element_type=\"container\" data-e-type=\"container\">\n\t\t\t\t\t<div class=\"e-con-inner\">\n\t\t\t\t<div class=\"elementor-element elementor-element-3v0wp3wx elementor-widget elementor-widget-heading\" data-id=\"3v0wp3wx\" data-element_type=\"widget\" data-e-type=\"widget\" data-widget_type=\"heading.default\">\n\t\t\t\t\t<div class=\"elementor-heading-title elementor-size-default\">Hlutverk<\/div>\t\t\t\t<\/div>\n\t\t\t\t<div class=\"elementor-element elementor-element-w3247g2m elementor-widget elementor-widget-text-editor\" data-id=\"w3247g2m\" data-element_type=\"widget\" data-e-type=\"widget\" data-widget_type=\"text-editor.default\">\n\t\t\t\t\t\t\t\t\t<p>Str\u00ed\u00f0ni og afvegalei\u00f0ing \u00ed sk\u00f3gi, hrekkir og kv\u00f6l b\u00faf\u00e9na\u00f0ar \u00ed h\u00fasi, n\u00e6tur\u00fer\u00fdstingur sem Schr\u00e4ttel, jafngilt Alp og Mahr a\u00f0 virkni.<\/p>\t\t\t\t\t\t\t\t<\/div>\n\t\t\t\t\t<\/div>\n\t\t\t\t<\/div>\n\t\t<div class=\"elementor-element elementor-element-0qpjal9w iwg-steckbrief-card e-flex e-con-boxed e-con e-child\" data-id=\"0qpjal9w\" data-element_type=\"container\" data-e-type=\"container\">\n\t\t\t\t\t<div class=\"e-con-inner\">\n\t\t\t\t<div class=\"elementor-element elementor-element-6ndoih0o elementor-widget elementor-widget-heading\" data-id=\"6ndoih0o\" data-element_type=\"widget\" data-e-type=\"widget\" data-widget_type=\"heading.default\">\n\t\t\t\t\t<div class=\"elementor-heading-title elementor-size-default\">Varnarform<\/div>\t\t\t\t<\/div>\n\t\t\t\t<div class=\"elementor-element elementor-element-6684tyh9 elementor-widget elementor-widget-text-editor\" data-id=\"6684tyh9\" data-element_type=\"widget\" data-e-type=\"widget\" data-widget_type=\"text-editor.default\">\n\t\t\t\t\t\t\t\t\t<p>Dr\u00fa\u00f0uf\u00f3tur \u00e1 dyrum e\u00f0a r\u00famst\u00e6\u00f0i, \u00f6fugt stillt sk\u00f3r, j\u00e1rn undir s\u00e6ngurveri, b\u00e6nir og blessunart\u00e1kn; \u00fer\u00f6skuldar og kvistag\u00f6t voru verndu\u00f0.<\/p>\t\t\t\t\t\t\t\t<\/div>\n\t\t\t\t\t<\/div>\n\t\t\t\t<\/div>\n\t\t<div class=\"elementor-element elementor-element-3lfi7x32 iwg-steckbrief-card e-flex e-con-boxed e-con e-child\" data-id=\"3lfi7x32\" data-element_type=\"container\" data-e-type=\"container\">\n\t\t\t\t\t<div class=\"e-con-inner\">\n\t\t\t\t<div class=\"elementor-element elementor-element-0kg99ga1 elementor-widget elementor-widget-heading\" data-id=\"0kg99ga1\" data-element_type=\"widget\" data-e-type=\"widget\" data-widget_type=\"heading.default\">\n\t\t\t\t\t<div class=\"elementor-heading-title elementor-size-default\">Afm\u00f6rkun<\/div>\t\t\t\t<\/div>\n\t\t\t\t<div class=\"elementor-element elementor-element-n0fum6kp elementor-widget elementor-widget-text-editor\" data-id=\"n0fum6kp\" data-element_type=\"widget\" data-e-type=\"widget\" data-widget_type=\"text-editor.default\">\n\t\t\t\t\t\t\t\t\t<p>Fr\u00e1 <a href=\"https:\/\/iwell-guard.com\/is\/?page_id=169580\">Villimanninum<\/a> myndlistarins og hj\u00e1lps\u00f6mu <a href=\"https:\/\/iwell-guard.com\/is\/?page_id=169577\">Mosaf\u00f3lkinu<\/a> a\u00f0greinist Schrat me\u00f0 str\u00ed\u00f0nu og kvalandi e\u00f0li s\u00ednu.<\/p>\t\t\t\t\t\t\t\t<\/div>\n\t\t\t\t\t<\/div>\n\t\t\t\t<\/div>\n\t\t\t\t<\/div>\n\t\t\t\t<\/div>\n\t\t\t\t\t<\/div>\n\t\t\t\t<\/div>\n\t\t<div class=\"elementor-element elementor-element-7533bc7a e-flex e-con-boxed e-con e-parent\" data-id=\"7533bc7a\" data-element_type=\"container\" data-e-type=\"container\">\n\t\t\t\t\t<div class=\"e-con-inner\">\n\t\t\t\t<div class=\"elementor-element elementor-element-2447d18d elementor-widget elementor-widget-heading\" data-id=\"2447d18d\" data-element_type=\"widget\" data-e-type=\"widget\" data-widget_type=\"heading.default\">\n\t\t\t\t\t<h2 class=\"elementor-heading-title elementor-size-default\">Fr\u00e1 scrato gl\u00f3sanna til Schr\u00e4ttel \u00fej\u00f3\u00f0sagnanna<\/h2>\t\t\t\t<\/div>\n\t\t<div class=\"elementor-element elementor-element-d5d0260c e-con-full e-flex e-con e-child\" data-id=\"d5d0260c\" data-element_type=\"container\" data-e-type=\"container\">\n\t\t\t\t<div class=\"elementor-element elementor-element-341be2ac elementor-widget elementor-widget-text-editor\" data-id=\"341be2ac\" data-element_type=\"widget\" data-e-type=\"widget\" data-widget_type=\"text-editor.default\">\n\t\t\t\t\t\t\t\t\t<p>Schrat ver\u00f0ur fyrst \u00e1\u00fereifanlegur \u00ed or\u00f0as\u00f6fnum 10. og 11. aldar: gl\u00f3suh\u00f6fundarnir v\u00f6ldu scrato til a\u00f0 \u00fe\u00fd\u00f0a pilosi Vulgata og hinn forna satyrus, og tengdu \u00fear me\u00f0 auglj\u00f3slega innlenda hugmynd vi\u00f0 bibl\u00edulegar og fornar dem\u00f3nager\u00f0ir. Jacob Grimm fjalla\u00f0i um Schrat \u00e1ri\u00f0 1835 \u00ed Deutsche Mythologie sem sk\u00f3garandi \u00e1samt villim\u00f6nnum og gobl\u00ednum.<\/p><p>Mi\u00f0h\u00e1\u00fe\u00fdsk saga (um 1300) segir fr\u00e1 schretel sem stj\u00f3rnar b\u00e6 \u00e1 n\u00f3ttunni \u00fear til farandbj\u00f6rn lemur hann; h\u00e9r hefur sk\u00f3garveran l\u00f6ngu breyst \u00ed h\u00faspl\u00e1gu. Barin veran spyr a\u00f0 morgni hvort st\u00f3ri k\u00f6tturinn s\u00e9 enn \u00ed h\u00fasinu og for\u00f0ast b\u00e6inn framvegis. Claude Lecouteux l\u00fdsti \u00feessari \u00fer\u00f3un \u00e1ri\u00f0 1985 sem r\u00f6\u00f0 af dj\u00f6flav\u00e6\u00f0ingu, go\u00f0sagnav\u00e6\u00f0ingu og mildun. N\u00fdaldarleg sagnasv\u00e6\u00f0i fr\u00e1 Alpafj\u00f6llum til B\u00e6heims kannast vi\u00f0 Schratt og Schr\u00e4ttel sem sk\u00f3gar-, h\u00fasa- og \u00fer\u00fagunaranda.<\/p>\t\t\t\t\t\t\t\t<\/div>\n\t\t\t\t<\/div>\n\t\t\t\t\t<\/div>\n\t\t\t\t<\/div>\n\t\t<div class=\"elementor-element elementor-element-5a584676 e-flex e-con-boxed e-con e-parent\" data-id=\"5a584676\" data-element_type=\"container\" data-e-type=\"container\">\n\t\t\t\t\t<div class=\"e-con-inner\">\n\t\t\t\t<div class=\"elementor-element elementor-element-6d0757bf elementor-widget elementor-widget-heading\" data-id=\"6d0757bf\" data-element_type=\"widget\" data-e-type=\"widget\" data-widget_type=\"heading.default\">\n\t\t\t\t\t<h2 class=\"elementor-heading-title elementor-size-default\">Fr\u00e1 \u00fej\u00f3\u00f0sagnaveru til or\u00f0afor\u00f0a<\/h2>\t\t\t\t<\/div>\n\t\t<div class=\"elementor-element elementor-element-60563f68 e-con-full e-flex e-con e-child\" data-id=\"60563f68\" data-element_type=\"container\" data-e-type=\"container\">\n\t\t\t\t<div class=\"elementor-element elementor-element-5a93fdd6 elementor-widget elementor-widget-text-editor\" data-id=\"5a93fdd6\" data-element_type=\"widget\" data-e-type=\"widget\" data-widget_type=\"text-editor.default\">\n\t\t\t\t\t\t\t\t\t<p>\u00cd daglegu tali merkir Waldschrat \u00ed dag s\u00e9rlunda\u00f0an einfara, merkingarbreyting sem or\u00f0ab\u00e6kur hafa skr\u00e1\u00f0 fr\u00e1 20. \u00f6ld. \u00cd fantas\u00edu og hlutverkaleikjum var Schrat aftur \u00e1 m\u00f3ti endurt\u00falka\u00f0ur sem tr\u00e9sl\u00edk sk\u00f3garvera, t\u00f6luvert fjarri hinum lo\u00f0na f\u00e9laga gl\u00f3sanna. Slavnesku l\u00e1nsformin lifa s\u00ednu eigin l\u00edfi: sl\u00f3venski skratinn er enn \u00ed dag vins\u00e6ll fjalla- og h\u00fasandi, og \u00e1 sagnast\u00f6\u00f0um \u00ed Alpafj\u00f6llum halda \u00f6rnefni og sagnir um Schrattl elstu hef\u00f0inni vi\u00f0.<\/p><p>Tr\u00faarbrag\u00f0afr\u00e6\u00f0ilega er Schrat kennslud\u00e6mi um heimildast\u00f6\u00f0u \u00fej\u00f3\u00f0m\u00e1lsandavera: hann ver\u00f0ur fyrst \u00e1\u00fereifanlegur ekki gegnum s\u00f6gur heldur gegnum \u00fe\u00fd\u00f0ingar\u00e1kvar\u00f0anir gl\u00f3suh\u00f6funda sem jafna\u00f0u innlendar verur vi\u00f0 bibl\u00edulega pilosi og forna sat\u00fdra og dj\u00f6flav\u00e6ddu \u00fe\u00e6r \u00feannig. Lecouteux l\u00fdsir gagnst\u00e6\u00f0ri hreyfingu \u00fej\u00f3\u00f0sagnahef\u00f0arinnar sem mildun, s\u00fdnilega \u00ed sm\u00e6kkunarmyndinni Schr\u00e4ttel. \u00cd ger\u00f0afr\u00e6\u00f0i skarast \u00ferj\u00fa l\u00f6g: sk\u00f3garandinn af ger\u00f0 villimanna, hinn nytsami og hegnandi h\u00fasandi, og alpveran n\u00e6tur\u00f3tta. Samfelldni er fremur \u00ed or\u00f0inu en \u00ed einni samr\u00e6mdri veru; n\u00e1kv\u00e6mlega \u00fear liggur tr\u00faarbrag\u00f0as\u00f6gulegt gildi ger\u00f0arins.<\/p>\t\t\t\t\t\t\t\t<\/div>\n\t\t\t\t<\/div>\n\t\t\t\t\t<\/div>\n\t\t\t\t<\/div>\n\t\t<div class=\"elementor-element elementor-element-cp9a031aa e-flex e-con-boxed e-con e-parent\" data-id=\"cp9a031aa\" data-element_type=\"container\" data-e-type=\"container\">\n\t\t\t\t\t<div class=\"e-con-inner\">\n\t\t\t\t<div class=\"elementor-element elementor-element-cp9193514 elementor-widget elementor-widget-heading\" data-id=\"cp9193514\" data-element_type=\"widget\" data-e-type=\"widget\" data-widget_type=\"heading.default\">\n\t\t\t\t\t<h2 class=\"elementor-heading-title elementor-size-default\">Dr\u00fa\u00f0uf\u00f3tur og \u00f6fugir sk\u00f3r: v\u00f6rnin<\/h2>\t\t\t\t<\/div>\n\t\t<div class=\"elementor-element elementor-element-cp02ca0ee e-con-full e-flex e-con e-child\" data-id=\"cp02ca0ee\" data-element_type=\"container\" data-e-type=\"container\">\n\t\t\t\t<div class=\"elementor-element elementor-element-cp444e0f1 elementor-widget elementor-widget-text-editor\" data-id=\"cp444e0f1\" data-element_type=\"widget\" data-e-type=\"widget\" data-widget_type=\"text-editor.default\">\n\t\t\t\t\t\t\t\t\t<p>Gagnvart sk\u00f3garv\u00e6ttinni r\u00e1\u00f0lag\u00f0i munnm\u00e6lin var\u00fa\u00f0: ekki a\u00f0 h\u00e6\u00f0ast, ekki a\u00f0 st\u00e6la, ekki a\u00f0 fara um sk\u00f3ginn me\u00f0 h\u00e1va\u00f0a og \u00f3l\u00e1tum. Gegn hinu \u00fer\u00fagandi Schr\u00e4ttel nefnir Handw\u00f6rterbuch des deutschen Aberglaubens s\u00f6mu r\u00e1\u00f0 og notu\u00f0 voru gegn Alp og Drude: dr\u00faduf\u00f3t (Drudenfu\u00df) \u00e1 hur\u00f0 e\u00f0a r\u00famst\u00e6\u00f0i, sk\u00f3 sem sn\u00fai\u00f0 var \u00f6fugt fyrir framan r\u00fami\u00f0, j\u00e1rn e\u00f0a st\u00e1l undir s\u00e6ngina, auk b\u00e6nar og blessunart\u00e1kna fyrir svefninn. \u00der\u00f6skuldar og g\u00f6tur \u00ed vi\u00f0i, sem taldar voru innganga v\u00e6ttarins, voru var\u00f0ar e\u00f0a st\u00edfla\u00f0ar.<\/p>\t\t\t\t\t\t\t\t<\/div>\n\t\t\t\t<\/div>\n\t\t\t\t\t<\/div>\n\t\t\t\t<\/div>\n\t\t<div class=\"elementor-element elementor-element-cp11de5b2 e-flex e-con-boxed e-con e-parent\" data-id=\"cp11de5b2\" data-element_type=\"container\" data-e-type=\"container\">\n\t\t\t\t\t<div class=\"e-con-inner\">\n\t\t\t\t<div class=\"elementor-element elementor-element-cp8d35271 elementor-widget elementor-widget-heading\" data-id=\"cp8d35271\" data-element_type=\"widget\" data-e-type=\"widget\" data-widget_type=\"heading.default\">\n\t\t\t\t\t<h2 class=\"elementor-heading-title elementor-size-default\">Sk\u00f3garherra, heimilisv\u00e6ttur, n\u00e6tur\u00fer\u00fagari: \u00e6ttartengsl<\/h2>\t\t\t\t<\/div>\n\t\t<div class=\"elementor-element elementor-element-cp02f26b8 e-con-full e-flex e-con e-child\" data-id=\"cp02f26b8\" data-element_type=\"container\" data-e-type=\"container\">\n\t\t\t\t<div class=\"elementor-element elementor-element-cp58c4390 elementor-widget elementor-widget-text-editor\" data-id=\"cp58c4390\" data-element_type=\"widget\" data-e-type=\"widget\" data-widget_type=\"text-editor.default\">\n\t\t\t\t\t\t\t\t\t<p>Sem sk\u00f3garherra samsvarar Schrat hinum slavneska <a href=\"https:\/\/iwell-guard.com\/is\/leshy\/\">Leshy<\/a>, sem deilir me\u00f0 honum \u00feeirri tilhneigingu a\u00f0 villa um fyrir f\u00f3lki og h\u00e6\u00f0ast me\u00f0 r\u00f6ddum; hli\u00f0 hans sem heimilisv\u00e6ttur tengir hann vi\u00f0 <a href=\"https:\/\/iwell-guard.com\/is\/domovoi\/\">Domovoi<\/a> \u00far r\u00fassneskri \u00fej\u00f3\u00f0tr\u00fa. Fyrir hlutverk hans sem n\u00e6tur\u00fer\u00fagari standa Alp, Mahr og hin skandinav\u00edska Mara honum n\u00e6st. Hin l\u00e6r\u00f0u jafngildi vi\u00f0 <a href=\"https:\/\/iwell-guard.com\/is\/?page_id=169594\">Sat\u00fdr<\/a> og <a href=\"https:\/\/iwell-guard.com\/is\/?page_id=169608\">Faun<\/a> fornaldarins koma \u00feegar fram \u00ed mi\u00f0aldagl\u00f3sum, og me\u00f0 <a href=\"https:\/\/iwell-guard.com\/is\/?page_id=169580\">Villimanninum<\/a> (Wilder Mann) deilir hann tilheyrslu vi\u00f0 flokk hinna villtu f\u00f3lks. \u00c1 Eystrasaltssv\u00e6\u00f0inu er hinn eistneski sk\u00f3gar\u00f6ldungur <a href=\"https:\/\/iwell-guard.com\/is\/?page_id=169574\">Metsavana<\/a> n\u00e1skyld ger\u00f0.<\/p>\t\t\t\t\t\t\t\t<\/div>\n\t\t\t\t<\/div>\n\t\t\t\t\t<\/div>\n\t\t\t\t<\/div>\n\t\t<div class=\"elementor-element elementor-element-cp406577c e-flex e-con-boxed e-con e-parent\" data-id=\"cp406577c\" data-element_type=\"container\" data-e-type=\"container\">\n\t\t\t\t\t<div class=\"e-con-inner\">\n\t\t\t\t<div class=\"elementor-element elementor-element-cpdd9c543 elementor-widget elementor-widget-heading\" data-id=\"cpdd9c543\" data-element_type=\"widget\" data-e-type=\"widget\" data-widget_type=\"heading.default\">\n\t\t\t\t\t<h2 class=\"elementor-heading-title elementor-size-default\">Algengar spurningar um Schrat<\/h2>\t\t\t\t<\/div>\n\t\t<div class=\"elementor-element elementor-element-cp9e731bb e-con-full e-flex e-con e-child\" data-id=\"cp9e731bb\" data-element_type=\"container\" data-e-type=\"container\">\n\t\t\t\t<div class=\"elementor-element elementor-element-cpa7c898c elementor-widget elementor-widget-text-editor\" data-id=\"cpa7c898c\" data-element_type=\"widget\" data-e-type=\"widget\" data-widget_type=\"text-editor.default\">\n\t\t\t\t\t\t\t\t\t<p><strong>Eru Schrat og Waldschrat sami hluturinn?<\/strong><\/p><p>\u00cd grunninn j\u00e1. Waldschrat er yngri, sk\u00fdrari samsetning sem festi sig \u00ed sessi \u00feegar einfalda or\u00f0i\u00f0 Schrat var a\u00f0 falla \u00ed skuggann. \u00cd dag er Waldschrat a\u00f0allega nota\u00f0 \u00ed yfirf\u00e6r\u00f0ri merkingu um mannf\u00e6lna einfara, en sagnaveran er s\u00fa sama undir b\u00e1\u00f0um nafnmyndunum.<\/p><p><strong>Hva\u00f0 er Schr\u00e4ttel?<\/strong><\/p><p>Sm\u00e6kkunarmynd or\u00f0sins Schrat, sem var\u00f0 a\u00f0 eigin veru \u00ed Su\u00f0ur-\u00de\u00fdskalandi, Sviss og Austurr\u00edki: n\u00e6turv\u00e6ttur sem \u00fer\u00fagar f\u00f3lk \u00ed l\u00edkingu vi\u00f0 Alp og Mahr. \u00dear sem alpasagnir segja fr\u00e1 Schrattl e\u00f0a Schr\u00e4ttele er \u00e1tt vi\u00f0 \u00feessa n\u00e6turveru, ekki sk\u00f3garv\u00e6ttinn.<\/p><p><strong>Er Schrat h\u00e6ttulegur?<\/strong><\/p><p>Munnm\u00e6lin l\u00fdsa honum sem ertandi en sjaldan ey\u00f0andi. \u00cd sk\u00f3ginum str\u00ed\u00f0ir hann og villir um, \u00ed h\u00fasinu skr\u00f6ltir hann, og sem Schr\u00e4ttel veldur hann n\u00e6turkv\u00ed\u00f0a. Banv\u00e6nar \u00e1r\u00e1sir eru ekki fastur hluti sagnanna; hef\u00f0bundnu v\u00f6rnin mi\u00f0ar a\u00f0 \u00fev\u00ed a\u00f0 halda honum fjarri og tryggja r\u00f3, ekki a\u00f0 heyja bardaga vi\u00f0 hann.<\/p>\t\t\t\t\t\t\t\t<\/div>\n\t\t\t\t<\/div>\n\t\t\t\t\t<\/div>\n\t\t\t\t<\/div>\n\t\t<div class=\"elementor-element elementor-element-36dd7469 e-flex e-con-boxed e-con e-parent\" data-id=\"36dd7469\" data-element_type=\"container\" data-e-type=\"container\">\n\t\t\t\t\t<div class=\"e-con-inner\">\n\t\t\t\t<div class=\"elementor-element elementor-element-13760ab4 elementor-widget elementor-widget-heading\" data-id=\"13760ab4\" data-element_type=\"widget\" data-e-type=\"widget\" data-widget_type=\"heading.default\">\n\t\t\t\t\t<h2 class=\"elementor-heading-title elementor-size-default\">\u00cdtarefni og tenglar<\/h2>\t\t\t\t<\/div>\n\t\t<div class=\"elementor-element elementor-element-28c87796 e-con-full e-flex e-con e-child\" data-id=\"28c87796\" data-element_type=\"container\" data-e-type=\"container\">\n\t\t\t\t<div class=\"elementor-element elementor-element-5d6538df elementor-widget elementor-widget-text-editor\" data-id=\"5d6538df\" data-element_type=\"widget\" data-e-type=\"widget\" data-widget_type=\"text-editor.default\">\n\t\t\t\t\t\t\t\t\t<p>R\u00e1\u00f0lag\u00f0ir innri tenglar:<\/p><ul><li><a href=\"https:\/\/iwell-guard.com\/is\/germonsk\/\">Germanskt<\/a> \u2013 allar v\u00e6ttir germanskrar munnm\u00e6lahef\u00f0ar<\/li><li><a href=\"https:\/\/iwell-guard.com\/is\/?page_id=169580\">Villima\u00f0urinn<\/a>, <a href=\"https:\/\/iwell-guard.com\/is\/?page_id=169577\">Moosleute<\/a>, <a href=\"https:\/\/iwell-guard.com\/is\/?page_id=169576\">Holzfr\u00e4ulein<\/a> \u2013 hi\u00f0 villta f\u00f3lk \u00fe\u00fdska sk\u00f3garins<\/li><li><a href=\"https:\/\/iwell-guard.com\/is\/jarn-og-kalt-jarn\/\">J\u00e1rn<\/a>, <a href=\"https:\/\/iwell-guard.com\/is\/hestaskeifa-heilla-og-verndartakn\/\">Hestaskeifa<\/a>, <a href=\"https:\/\/iwell-guard.com\/is\/throskuldarvernd\/\">\u00der\u00f6skuldarv\u00f6rn<\/a>, <a href=\"https:\/\/iwell-guard.com\/is\/amulett\/\">Verndargripur<\/a> \u2013 hef\u00f0bundin verndarr\u00e1\u00f0 gegn \u00fer\u00fagandi v\u00e6ttum<\/li><li><a href=\"https:\/\/iwell-guard.com\/is\/verndarleidarvisir\/\">Verndarlei\u00f0arv\u00edsir<\/a> \u2013 yfirlit yfir verndargripi<\/li><\/ul>\t\t\t\t\t\t\t\t<\/div>\n\t\t\t\t<\/div>\n\t\t\t\t\t<\/div>\n\t\t\t\t<\/div>\n\t\t<div class=\"elementor-element elementor-element-grl4kl40 e-flex e-con-boxed e-con e-parent\" data-id=\"grl4kl40\" data-element_type=\"container\" data-e-type=\"container\">\n\t\t\t\t\t<div class=\"e-con-inner\">\n\t\t\t\t<div class=\"elementor-element elementor-element-bzsbfrmh elementor-widget elementor-widget-heading\" data-id=\"bzsbfrmh\" data-element_type=\"widget\" data-e-type=\"widget\" data-widget_type=\"heading.default\">\n\t\t\t\t\t<h2 class=\"elementor-heading-title elementor-size-default\">Heimildir (\u00farval)<\/h2>\t\t\t\t<\/div>\n\t\t<div class=\"elementor-element elementor-element-2c13224a e-con-full e-flex e-con e-child\" data-id=\"2c13224a\" data-element_type=\"container\" data-e-type=\"container\">\n\t\t\t\t<div class=\"elementor-element elementor-element-0eymh9ub elementor-widget elementor-widget-text-editor\" data-id=\"0eymh9ub\" data-element_type=\"widget\" data-e-type=\"widget\" data-widget_type=\"text-editor.default\">\n\t\t\t\t\t\t\t\t\t<footer class=\"iwg-literatur\" data-nosnippet=\"true\"><p>\u00darval helstu heimilda og ranns\u00f3kna:<\/p><ul><li><span data-nosnippet>Grimm, Jacob: <em>Deutsche Mythologie<\/em>. G\u00f6ttingen 1835.<\/span><\/li><li><span data-nosnippet>Lecouteux, Claude: <em>Vom Schrat zum Schr\u00e4ttel. D\u00e4monisierungs-, Mythologisierungs- und Euphemisierungsprozesse einer volkst\u00fcmlichen Vorstellung<\/em>. In: Euphorion 79, 1985.<\/span><\/li><li><span data-nosnippet>B\u00e4chtold-St\u00e4ubli, Hanns (Hg.): <em>Handw\u00f6rterbuch des deutschen Aberglaubens<\/em>, Artikel Schrat. Berlin\/Leipzig 1927-1942.<\/span><\/li><li><span data-nosnippet>Petzoldt, Leander: <em>Kleines Lexikon der D\u00e4monen und Elementargeister<\/em>. M\u00fcnchen 1990.<\/span><\/li><\/ul><\/footer>\n<p class=\"iwg-bib-more\"><span data-nosnippet>Fleiri grundvallarrit \u00ed <a href=\"https:\/\/iwell-guard.com\/is\/heimildaskra\/\">heimildaskr\u00e1nni<\/a>.<\/span><\/p>\t\t\t\t\t\t\t\t<\/div>\n\t\t\t\t<\/div>\n\t\t\t\t\t<\/div>\n\t\t\t\t<\/div>\n\t\t<div class=\"elementor-element elementor-element-iwgkw2-add-hulijing e-flex e-con-boxed e-con e-parent\" data-id=\"iwgkw2-add-hulijing\" data-element_type=\"container\" data-e-type=\"container\">\n\t\t\t\t\t<div class=\"e-con-inner\">\n\t\t\t\t<div class=\"elementor-element elementor-element-iwgkw2-add-hulijing-t elementor-widget elementor-widget-text-editor\" data-id=\"iwgkw2-add-hulijing-t\" data-element_type=\"widget\" data-e-type=\"widget\" data-widget_type=\"text-editor.default\">\n\t\t\t\t\t\t\t\t\t<p>Hvort sem liti\u00f0 er \u00e1 hann sem Waldschrat \u00ed n\u00fat\u00edmam\u00e1li e\u00f0a Schr\u00e4ttel alpasagnanna: Schrat s\u00fdnir hvernig gamalt or\u00f0 breytir e\u00f0li s\u00ednu, fr\u00e1 lo\u00f0num sk\u00f3garf\u00e9laga gl\u00f3sanna til n\u00e6turv\u00e6ttar svefnherbergisins.<\/p>\t\t\t\t\t\t\t\t<\/div>\n\t\t\t\t\t<\/div>\n\t\t\t\t<\/div>\n\t\t\t\t<\/div>\n\t\t","protected":false},"excerpt":{"rendered":"","protected":false},"author":3,"featured_media":20427,"parent":0,"menu_order":0,"comment_status":"closed","ping_status":"closed","template":"elementor_header_footer","meta":{"_yoast_wpseo_focuskw":"schrat","_yoast_wpseo_title":"Schrat \u2013 h\u00e6r\u00f0ur sk\u00f3garandi \u00far \u00fe\u00fdskri \u00fej\u00f3\u00f0tr\u00fa","_yoast_wpseo_metadesc":"Schrat, hin h\u00e6r\u00f0a sk\u00f3garvera \u00fe\u00fdskrar \u00fej\u00f3\u00f0tr\u00faar: fornh\u00e1\u00fe\u00fdskar heimildir, Schr\u00e4ttel \u00fej\u00f3\u00f0sagnanna og hef\u00f0bundnir varnarsi\u00f0ir.","_yoast_wpseo_meta-robots-noindex":"","_yoast_wpseo_canonical":"","_angie_page":false,"gefaehrdungsstufe":"2","wesen_kultur":"germanisch","wesen_klasse":"geister","footnotes":""},"categories":[],"class_list":["post-169579","page","type-page","status-publish","has-post-thumbnail","hentry"],"yoast_head":"<!-- This site is optimized with the Yoast SEO Premium plugin v27.7 (Yoast SEO v28.3) - https:\/\/yoast.com\/product\/yoast-seo-premium-wordpress\/ -->\n<title>Schrat \u2013 h\u00e6r\u00f0ur sk\u00f3garandi \u00far \u00fe\u00fdskri \u00fej\u00f3\u00f0tr\u00fa<\/title>\n<meta name=\"description\" content=\"Schrat, hin h\u00e6r\u00f0a sk\u00f3garvera \u00fe\u00fdskrar \u00fej\u00f3\u00f0tr\u00faar: fornh\u00e1\u00fe\u00fdskar heimildir, Schr\u00e4ttel \u00fej\u00f3\u00f0sagnanna og hef\u00f0bundnir varnarsi\u00f0ir.\" \/>\n<meta name=\"robots\" content=\"index, follow, max-snippet:-1, max-image-preview:large, max-video-preview:-1\" \/>\n<link rel=\"canonical\" href=\"https:\/\/iwell-guard.com\/is\/skogarvera\/\" \/>\n<meta property=\"og:locale\" content=\"is_IS\" \/>\n<meta property=\"og:type\" content=\"article\" \/>\n<meta property=\"og:title\" content=\"Schrat\" \/>\n<meta property=\"og:description\" content=\"Schrat, hin h\u00e6r\u00f0a sk\u00f3garvera \u00fe\u00fdskrar \u00fej\u00f3\u00f0tr\u00faar: fornh\u00e1\u00fe\u00fdskar heimildir, Schr\u00e4ttel \u00fej\u00f3\u00f0sagnanna og hef\u00f0bundnir varnarsi\u00f0ir.\" \/>\n<meta property=\"og:url\" content=\"https:\/\/iwell-guard.com\/is\/skogarvera\/\" \/>\n<meta property=\"og:site_name\" content=\"iWell Guard\" \/>\n<meta property=\"article:modified_time\" content=\"2026-09-05T14:49:42+00:00\" \/>\n<meta property=\"og:image\" content=\"https:\/\/iwell-guard.com\/wp-content\/uploads\/2026\/07\/geister_germanisch_schrat.webp\" \/>\n\t<meta property=\"og:image:width\" content=\"1024\" \/>\n\t<meta property=\"og:image:height\" content=\"1536\" \/>\n\t<meta property=\"og:image:type\" content=\"image\/webp\" \/>\n<meta name=\"twitter:card\" content=\"summary_large_image\" \/>\n<script type=\"application\/ld+json\" class=\"yoast-schema-graph\">{\"@context\":\"https:\\\/\\\/schema.org\",\"@graph\":[{\"@type\":\"WebPage\",\"@id\":\"https:\\\/\\\/iwell-guard.com\\\/is\\\/skogarvera\\\/\",\"url\":\"https:\\\/\\\/iwell-guard.com\\\/is\\\/skogarvera\\\/\",\"name\":\"Schrat \u2013 h\u00e6r\u00f0ur sk\u00f3garandi \u00far \u00fe\u00fdskri \u00fej\u00f3\u00f0tr\u00fa\",\"isPartOf\":{\"@id\":\"https:\\\/\\\/iwell-guard.com\\\/is\\\/#website\"},\"primaryImageOfPage\":{\"@id\":\"https:\\\/\\\/iwell-guard.com\\\/is\\\/skogarvera\\\/#primaryimage\"},\"image\":{\"@id\":\"https:\\\/\\\/iwell-guard.com\\\/is\\\/skogarvera\\\/#primaryimage\"},\"thumbnailUrl\":\"https:\\\/\\\/iwell-guard.com\\\/wp-content\\\/uploads\\\/2026\\\/07\\\/geister_germanisch_schrat.webp\",\"datePublished\":\"2026-09-05T14:09:32+00:00\",\"dateModified\":\"2026-09-05T14:49:42+00:00\",\"description\":\"Schrat, hin h\u00e6r\u00f0a sk\u00f3garvera \u00fe\u00fdskrar \u00fej\u00f3\u00f0tr\u00faar: fornh\u00e1\u00fe\u00fdskar heimildir, Schr\u00e4ttel \u00fej\u00f3\u00f0sagnanna og hef\u00f0bundnir varnarsi\u00f0ir.\",\"breadcrumb\":{\"@id\":\"https:\\\/\\\/iwell-guard.com\\\/is\\\/skogarvera\\\/#breadcrumb\"},\"inLanguage\":\"is\",\"potentialAction\":[{\"@type\":\"ReadAction\",\"target\":[\"https:\\\/\\\/iwell-guard.com\\\/is\\\/skogarvera\\\/\"]}]},{\"@type\":\"ImageObject\",\"inLanguage\":\"is\",\"@id\":\"https:\\\/\\\/iwell-guard.com\\\/is\\\/skogarvera\\\/#primaryimage\",\"url\":\"https:\\\/\\\/iwell-guard.com\\\/wp-content\\\/uploads\\\/2026\\\/07\\\/geister_germanisch_schrat.webp\",\"contentUrl\":\"https:\\\/\\\/iwell-guard.com\\\/wp-content\\\/uploads\\\/2026\\\/07\\\/geister_germanisch_schrat.webp\",\"width\":1024,\"height\":1536,\"caption\":\"Schrat, andi \u00far germanskri munnm\u00e6lahef\u00f0\"},{\"@type\":\"BreadcrumbList\",\"@id\":\"https:\\\/\\\/iwell-guard.com\\\/is\\\/skogarvera\\\/#breadcrumb\",\"itemListElement\":[{\"@type\":\"ListItem\",\"position\":1,\"name\":\"Start\",\"item\":\"https:\\\/\\\/iwell-guard.com\\\/is\\\/?page_id=168580\"},{\"@type\":\"ListItem\",\"position\":2,\"name\":\"Schrat\"}]},{\"@type\":\"WebSite\",\"@id\":\"https:\\\/\\\/iwell-guard.com\\\/is\\\/#website\",\"url\":\"https:\\\/\\\/iwell-guard.com\\\/is\\\/\",\"name\":\"iWell Guard\",\"description\":\"Schutz vor dunklen Einfl\u00fcssen\",\"publisher\":{\"@id\":\"https:\\\/\\\/iwell-guard.com\\\/is\\\/#organization\"},\"potentialAction\":[{\"@type\":\"SearchAction\",\"target\":{\"@type\":\"EntryPoint\",\"urlTemplate\":\"https:\\\/\\\/iwell-guard.com\\\/is\\\/?s={search_term_string}\"},\"query-input\":{\"@type\":\"PropertyValueSpecification\",\"valueRequired\":true,\"valueName\":\"search_term_string\"}}],\"inLanguage\":\"is\"},{\"@type\":\"Organization\",\"@id\":\"https:\\\/\\\/iwell-guard.com\\\/is\\\/#organization\",\"name\":\"Ittermann electronic GmbH\",\"url\":\"https:\\\/\\\/iwell-guard.com\\\/is\\\/\",\"logo\":{\"@type\":\"ImageObject\",\"inLanguage\":\"is\",\"@id\":\"https:\\\/\\\/iwell-guard.com\\\/is\\\/#\\\/schema\\\/logo\\\/image\\\/\",\"url\":\"https:\\\/\\\/iwell-guard.com\\\/wp-content\\\/uploads\\\/2026\\\/05\\\/Ittermann-Logo-1182x237-1.png\",\"contentUrl\":\"https:\\\/\\\/iwell-guard.com\\\/wp-content\\\/uploads\\\/2026\\\/05\\\/Ittermann-Logo-1182x237-1.png\",\"width\":1182,\"height\":237,\"caption\":\"Ittermann electronic GmbH\"},\"image\":{\"@id\":\"https:\\\/\\\/iwell-guard.com\\\/is\\\/#\\\/schema\\\/logo\\\/image\\\/\"},\"sameAs\":[\"https:\\\/\\\/pantip.com\\\/profile\\\/9367242\",\"https:\\\/\\\/micro.blog\\\/iwellguard\",\"https:\\\/\\\/www.diggerslist.com\\\/iwellguard\\\/about\",\"https:\\\/\\\/skitterphoto.com\\\/photographers\\\/2870314\\\/iwell-guard\",\"https:\\\/\\\/iwellguard.wordpress.com\\\/2026\\\/06\\\/06\\\/iwell-guard\\\/\",\"https:\\\/\\\/hub.docker.com\\\/u\\\/iwellguard\",\"https:\\\/\\\/www.pinterest.com\\\/iwellguard\\\/\",\"https:\\\/\\\/bit.ly\\\/m\\\/iwellguard\",\"https:\\\/\\\/entre-vos-mains.alsace.eu\\\/profiles\\\/iwellguard\\\/activity\",\"https:\\\/\\\/gravatar.com\\\/reallybeded8fd34\",\"https:\\\/\\\/naijamatta.com\\\/iwellguard\",\"https:\\\/\\\/www.goodreads.com\\\/iwellguard\",\"https:\\\/\\\/profile.hatena.ne.jp\\\/iwellguard\\\/\",\"https:\\\/\\\/experiment.com\\\/users\\\/iwellguard\",\"https:\\\/\\\/wakelet.com\\\/@iWellGuard82270\",\"https:\\\/\\\/www.chordie.com\\\/forum\\\/profile.php?id=2555664\",\"https:\\\/\\\/www.instapaper.com\\\/p\\\/17757966\",\"https:\\\/\\\/www.mapleprimes.com\\\/users\\\/iwellguard\",\"https:\\\/\\\/businesslistingplus.com\\\/profile\\\/iwell-guard\\\/\",\"https:\\\/\\\/telegra.ph\\\/iWell-Guard-06-06\",\"https:\\\/\\\/pbase.com\\\/iwellguard\\\/iwellguard\",\"https:\\\/\\\/b.hatena.ne.jp\\\/iwellguard\\\/20260607#bookmark-4788405196491818882\",\"https:\\\/\\\/fliphtml5.com\\\/home\\\/iwellguard\",\"https:\\\/\\\/anyflip.com\\\/homepage\\\/cmiwl#About\",\"https:\\\/\\\/transfur.com\\\/Users\\\/iwellguard\",\"http:\\\/\\\/delphi.larsbo.org\\\/user\\\/iwellguard\",\"https:\\\/\\\/jobs.lajobsportal.org\\\/profiles\\\/8380803-iwell-guard\",\"https:\\\/\\\/md.chaosdorf.de\\\/s\\\/jfbe5SBdJD\",\"https:\\\/\\\/www.lingvolive.com\\\/en-us\\\/profile\\\/9ecaeaca-ce11-4e51-9e71-01d55e2bff36\\\/translations\",\"https:\\\/\\\/www.fitday.com\\\/fitness\\\/forums\\\/members\\\/iwellguard.html\",\"https:\\\/\\\/www.mymeetbook.com\\\/iwellguard\",\"https:\\\/\\\/pxhere.com\\\/en\\\/photographer-me\\\/5040798\",\"https:\\\/\\\/disqus.com\\\/by\\\/iwellguard\\\/about\\\/\",\"https:\\\/\\\/pastelink.net\\\/hjwciqwq\",\"https:\\\/\\\/pubhtml5.com\\\/homepage\\\/scjhn\\\/\",\"https:\\\/\\\/www.bitchute.com\\\/channel\\\/2O2eOKzNqujT\",\"https:\\\/\\\/audiomack.com\\\/iwellguard\"]},{\"@type\":\"Article\",\"@id\":\"https:\\\/\\\/iwell-guard.com\\\/is\\\/skogarvera\\\/#article\",\"isPartOf\":{\"@id\":\"https:\\\/\\\/iwell-guard.com\\\/is\\\/skogarvera\\\/\"},\"author\":{\"name\":\"Ralf Ittermann\",\"@id\":\"https:\\\/\\\/iwell-guard.com\\\/is\\\/#\\\/schema\\\/person\\\/ee2a27f1cac3406c7c6fb5820cb7349f\"},\"headline\":\"Schrat\",\"datePublished\":\"2026-09-05T14:09:32+00:00\",\"dateModified\":\"2026-09-05T14:49:42+00:00\",\"mainEntityOfPage\":{\"@id\":\"https:\\\/\\\/iwell-guard.com\\\/is\\\/skogarvera\\\/\"},\"publisher\":{\"@id\":\"https:\\\/\\\/iwell-guard.com\\\/is\\\/#organization\"},\"image\":{\"@id\":\"https:\\\/\\\/iwell-guard.com\\\/is\\\/skogarvera\\\/#primaryimage\"},\"thumbnailUrl\":\"https:\\\/\\\/iwell-guard.com\\\/wp-content\\\/uploads\\\/2026\\\/07\\\/geister_germanisch_schrat.webp\",\"inLanguage\":\"is\",\"description\":\"Schrat, hin h\u00e6r\u00f0a sk\u00f3garvera \u00fe\u00fdskrar \u00fej\u00f3\u00f0tr\u00faar: fornh\u00e1\u00fe\u00fdskar heimildir, Schr\u00e4ttel \u00fej\u00f3\u00f0sagnanna og hef\u00f0bundnir varnarsi\u00f0ir.\"}]}<\/script>\n<!-- \/ Yoast SEO Premium plugin. -->","yoast_head_json":{"title":"Schrat \u2013 h\u00e6r\u00f0ur sk\u00f3garandi \u00far \u00fe\u00fdskri \u00fej\u00f3\u00f0tr\u00fa","description":"Schrat, hin h\u00e6r\u00f0a sk\u00f3garvera \u00fe\u00fdskrar \u00fej\u00f3\u00f0tr\u00faar: fornh\u00e1\u00fe\u00fdskar heimildir, Schr\u00e4ttel \u00fej\u00f3\u00f0sagnanna og hef\u00f0bundnir varnarsi\u00f0ir.","robots":{"index":"index","follow":"follow","max-snippet":"max-snippet:-1","max-image-preview":"max-image-preview:large","max-video-preview":"max-video-preview:-1"},"canonical":"https:\/\/iwell-guard.com\/is\/skogarvera\/","og_locale":"is_IS","og_type":"article","og_title":"Schrat","og_description":"Schrat, hin h\u00e6r\u00f0a sk\u00f3garvera \u00fe\u00fdskrar \u00fej\u00f3\u00f0tr\u00faar: fornh\u00e1\u00fe\u00fdskar heimildir, Schr\u00e4ttel \u00fej\u00f3\u00f0sagnanna og hef\u00f0bundnir varnarsi\u00f0ir.","og_url":"https:\/\/iwell-guard.com\/is\/skogarvera\/","og_site_name":"iWell Guard","article_modified_time":"2026-09-05T14:49:42+00:00","og_image":[{"width":1024,"height":1536,"url":"https:\/\/iwell-guard.com\/wp-content\/uploads\/2026\/07\/geister_germanisch_schrat.webp","type":"image\/webp"}],"twitter_card":"summary_large_image","schema":{"@context":"https:\/\/schema.org","@graph":[{"@type":"Article","@id":"https:\/\/iwell-guard.com\/is\/skogarvera\/#article","isPartOf":{"@id":"https:\/\/iwell-guard.com\/is\/skogarvera\/"},"author":{"name":"Ralf Ittermann","@id":"https:\/\/iwell-guard.com\/is\/#\/schema\/person\/ee2a27f1cac3406c7c6fb5820cb7349f"},"headline":"Schrat","datePublished":"2026-09-05T14:09:32+00:00","dateModified":"2026-09-05T14:49:42+00:00","mainEntityOfPage":{"@id":"https:\/\/iwell-guard.com\/is\/skogarvera\/"},"publisher":{"@id":"https:\/\/iwell-guard.com\/is\/#organization"},"image":{"@id":"https:\/\/iwell-guard.com\/is\/skogarvera\/#primaryimage"},"thumbnailUrl":"https:\/\/iwell-guard.com\/wp-content\/uploads\/2026\/07\/geister_germanisch_schrat.webp","inLanguage":"is","description":"Schrat, hin h\u00e6r\u00f0a sk\u00f3garvera \u00fe\u00fdskrar \u00fej\u00f3\u00f0tr\u00faar: fornh\u00e1\u00fe\u00fdskar heimildir, Schr\u00e4ttel \u00fej\u00f3\u00f0sagnanna og hef\u00f0bundnir varnarsi\u00f0ir."},{"@type":"WebPage","@id":"https:\/\/iwell-guard.com\/is\/skogarvera\/","url":"https:\/\/iwell-guard.com\/is\/skogarvera\/","name":"Schrat \u2013 h\u00e6r\u00f0ur sk\u00f3garandi \u00far \u00fe\u00fdskri \u00fej\u00f3\u00f0tr\u00fa","isPartOf":{"@id":"https:\/\/iwell-guard.com\/is\/#website"},"primaryImageOfPage":{"@id":"https:\/\/iwell-guard.com\/is\/skogarvera\/#primaryimage"},"image":{"@id":"https:\/\/iwell-guard.com\/is\/skogarvera\/#primaryimage"},"thumbnailUrl":"https:\/\/iwell-guard.com\/wp-content\/uploads\/2026\/07\/geister_germanisch_schrat.webp","datePublished":"2026-09-05T14:09:32+00:00","dateModified":"2026-09-05T14:49:42+00:00","description":"Schrat, hin h\u00e6r\u00f0a sk\u00f3garvera \u00fe\u00fdskrar \u00fej\u00f3\u00f0tr\u00faar: fornh\u00e1\u00fe\u00fdskar heimildir, Schr\u00e4ttel \u00fej\u00f3\u00f0sagnanna og hef\u00f0bundnir varnarsi\u00f0ir.","breadcrumb":{"@id":"https:\/\/iwell-guard.com\/is\/skogarvera\/#breadcrumb"},"inLanguage":"is","potentialAction":[{"@type":"ReadAction","target":["https:\/\/iwell-guard.com\/is\/skogarvera\/"]}]},{"@type":"ImageObject","inLanguage":"is","@id":"https:\/\/iwell-guard.com\/is\/skogarvera\/#primaryimage","url":"https:\/\/iwell-guard.com\/wp-content\/uploads\/2026\/07\/geister_germanisch_schrat.webp","contentUrl":"https:\/\/iwell-guard.com\/wp-content\/uploads\/2026\/07\/geister_germanisch_schrat.webp","width":1024,"height":1536,"caption":"Schrat, andi \u00far germanskri munnm\u00e6lahef\u00f0"},{"@type":"BreadcrumbList","@id":"https:\/\/iwell-guard.com\/is\/skogarvera\/#breadcrumb","itemListElement":[{"@type":"ListItem","position":1,"name":"Start","item":"https:\/\/iwell-guard.com\/is\/?page_id=168580"},{"@type":"ListItem","position":2,"name":"Schrat"}]},{"@type":"WebSite","@id":"https:\/\/iwell-guard.com\/is\/#website","url":"https:\/\/iwell-guard.com\/is\/","name":"iWell Guard","description":"Schutz vor dunklen Einfl\u00fcssen","publisher":{"@id":"https:\/\/iwell-guard.com\/is\/#organization"},"potentialAction":[{"@type":"SearchAction","target":{"@type":"EntryPoint","urlTemplate":"https:\/\/iwell-guard.com\/is\/?s={search_term_string}"},"query-input":{"@type":"PropertyValueSpecification","valueRequired":true,"valueName":"search_term_string"}}],"inLanguage":"is"},{"@type":"Organization","@id":"https:\/\/iwell-guard.com\/is\/#organization","name":"Ittermann electronic GmbH","url":"https:\/\/iwell-guard.com\/is\/","logo":{"@type":"ImageObject","inLanguage":"is","@id":"https:\/\/iwell-guard.com\/is\/#\/schema\/logo\/image\/","url":"https:\/\/iwell-guard.com\/wp-content\/uploads\/2026\/05\/Ittermann-Logo-1182x237-1.png","contentUrl":"https:\/\/iwell-guard.com\/wp-content\/uploads\/2026\/05\/Ittermann-Logo-1182x237-1.png","width":1182,"height":237,"caption":"Ittermann electronic GmbH"},"image":{"@id":"https:\/\/iwell-guard.com\/is\/#\/schema\/logo\/image\/"},"sameAs":["https:\/\/pantip.com\/profile\/9367242","https:\/\/micro.blog\/iwellguard","https:\/\/www.diggerslist.com\/iwellguard\/about","https:\/\/skitterphoto.com\/photographers\/2870314\/iwell-guard","https:\/\/iwellguard.wordpress.com\/2026\/06\/06\/iwell-guard\/","https:\/\/hub.docker.com\/u\/iwellguard","https:\/\/www.pinterest.com\/iwellguard\/","https:\/\/bit.ly\/m\/iwellguard","https:\/\/entre-vos-mains.alsace.eu\/profiles\/iwellguard\/activity","https:\/\/gravatar.com\/reallybeded8fd34","https:\/\/naijamatta.com\/iwellguard","https:\/\/www.goodreads.com\/iwellguard","https:\/\/profile.hatena.ne.jp\/iwellguard\/","https:\/\/experiment.com\/users\/iwellguard","https:\/\/wakelet.com\/@iWellGuard82270","https:\/\/www.chordie.com\/forum\/profile.php?id=2555664","https:\/\/www.instapaper.com\/p\/17757966","https:\/\/www.mapleprimes.com\/users\/iwellguard","https:\/\/businesslistingplus.com\/profile\/iwell-guard\/","https:\/\/telegra.ph\/iWell-Guard-06-06","https:\/\/pbase.com\/iwellguard\/iwellguard","https:\/\/b.hatena.ne.jp\/iwellguard\/20260607#bookmark-4788405196491818882","https:\/\/fliphtml5.com\/home\/iwellguard","https:\/\/anyflip.com\/homepage\/cmiwl#About","https:\/\/transfur.com\/Users\/iwellguard","http:\/\/delphi.larsbo.org\/user\/iwellguard","https:\/\/jobs.lajobsportal.org\/profiles\/8380803-iwell-guard","https:\/\/md.chaosdorf.de\/s\/jfbe5SBdJD","https:\/\/www.lingvolive.com\/en-us\/profile\/9ecaeaca-ce11-4e51-9e71-01d55e2bff36\/translations","https:\/\/www.fitday.com\/fitness\/forums\/members\/iwellguard.html","https:\/\/www.mymeetbook.com\/iwellguard","https:\/\/pxhere.com\/en\/photographer-me\/5040798","https:\/\/disqus.com\/by\/iwellguard\/about\/","https:\/\/pastelink.net\/hjwciqwq","https:\/\/pubhtml5.com\/homepage\/scjhn\/","https:\/\/www.bitchute.com\/channel\/2O2eOKzNqujT","https:\/\/audiomack.com\/iwellguard"]},{"@type":"Person","@id":"https:\/\/iwell-guard.com\/is\/#\/schema\/person\/ee2a27f1cac3406c7c6fb5820cb7349f","name":"Ralf Ittermann","image":{"@type":"ImageObject","inLanguage":"is","@id":"https:\/\/secure.gravatar.com\/avatar\/073c0153e350a5005b68eb752b445fea71f6b24a26da9449ad7e155e6b446c9d?s=96&d=mm&r=g","url":"https:\/\/secure.gravatar.com\/avatar\/073c0153e350a5005b68eb752b445fea71f6b24a26da9449ad7e155e6b446c9d?s=96&d=mm&r=g","contentUrl":"https:\/\/secure.gravatar.com\/avatar\/073c0153e350a5005b68eb752b445fea71f6b24a26da9449ad7e155e6b446c9d?s=96&d=mm&r=g","caption":"Ralf Ittermann"},"givenName":"Ralf","familyName":"Ittermann","jobTitle":"Gesch\u00e4ftsf\u00fchrer und redaktioneller Verantwortlicher","url":"https:\/\/iwell-guard.com\/is\/author\/claude\/","description":"Ralf Ittermann ist Gesch\u00e4ftsf\u00fchrer der Ittermann electronic GmbH und redaktioneller Verantwortlicher des iWell-Guard-Lexikons. Er verbindet langj\u00e4hrige Erfahrung in der Pr\u00e4zisionsfertigung mit medialer Praxis und religionsgeschichtlicher Quellenarbeit.","worksFor":{"@type":"Organization","name":"Ittermann electronic GmbH","url":"https:\/\/ittermann.de\/","address":{"@type":"PostalAddress","streetAddress":"K\u00f6hlergasse 16-18","postalCode":"99842","addressLocality":"Ruhla","addressCountry":"DE"}},"knowsAbout":["Religionsgeschichte","Mythologie","Mediale Praxis","Energetische Diagnostik","Schutzpraxis","Volksglauben","Westliche Esoterik"]},{"@type":"Article","@id":"https:\/\/iwell-guard.com\/is\/skogarvera\/#article","isPartOf":{"@id":"https:\/\/iwell-guard.com\/is\/skogarvera\/"},"author":{"name":"Ralf Ittermann","@id":"https:\/\/iwell-guard.com\/is\/#\/schema\/person\/ee2a27f1cac3406c7c6fb5820cb7349f"},"headline":"Schrat","datePublished":"2026-09-05T14:09:32+00:00","dateModified":"2026-09-05T14:49:42+00:00","mainEntityOfPage":{"@id":"https:\/\/iwell-guard.com\/is\/skogarvera\/"},"publisher":{"@id":"https:\/\/iwell-guard.com\/is\/#organization"},"image":{"@id":"https:\/\/iwell-guard.com\/is\/skogarvera\/#primaryimage"},"thumbnailUrl":"https:\/\/iwell-guard.com\/wp-content\/uploads\/2026\/07\/geister_germanisch_schrat.webp","inLanguage":"is","description":"Schrat, hin h\u00e6r\u00f0a sk\u00f3garvera \u00fe\u00fdskrar \u00fej\u00f3\u00f0tr\u00faar: fornh\u00e1\u00fe\u00fdskar heimildir, Schr\u00e4ttel \u00fej\u00f3\u00f0sagnanna og hef\u00f0bundnir varnarsi\u00f0ir."}]}},"_links":{"self":[{"href":"https:\/\/iwell-guard.com\/is\/wp-json\/wp\/v2\/pages\/169579","targetHints":{"allow":["GET"]}}],"collection":[{"href":"https:\/\/iwell-guard.com\/is\/wp-json\/wp\/v2\/pages"}],"about":[{"href":"https:\/\/iwell-guard.com\/is\/wp-json\/wp\/v2\/types\/page"}],"author":[{"embeddable":true,"href":"https:\/\/iwell-guard.com\/is\/wp-json\/wp\/v2\/users\/3"}],"replies":[{"embeddable":true,"href":"https:\/\/iwell-guard.com\/is\/wp-json\/wp\/v2\/comments?post=169579"}],"version-history":[{"count":0,"href":"https:\/\/iwell-guard.com\/is\/wp-json\/wp\/v2\/pages\/169579\/revisions"}],"wp:featuredmedia":[{"embeddable":true,"href":"https:\/\/iwell-guard.com\/is\/wp-json\/wp\/v2\/media\/20427"}],"wp:attachment":[{"href":"https:\/\/iwell-guard.com\/is\/wp-json\/wp\/v2\/media?parent=169579"}],"wp:term":[{"taxonomy":"category","embeddable":true,"href":"https:\/\/iwell-guard.com\/is\/wp-json\/wp\/v2\/categories?post=169579"}],"curies":[{"name":"wp","href":"https:\/\/api.w.org\/{rel}","templated":true}]}}