{"id":169577,"date":"2026-09-05T14:09:31","date_gmt":"2026-09-05T14:09:31","guid":{"rendered":"https:\/\/iwell-guard.com\/?page_id=169577"},"modified":"2026-09-05T14:49:41","modified_gmt":"2026-09-05T14:49:41","slug":"mosafolk","status":"publish","type":"page","link":"https:\/\/iwell-guard.com\/is\/mosafolk\/","title":{"rendered":"Mosaf\u00f3lk"},"content":{"rendered":"\t\t<div data-elementor-type=\"wp-page\" data-elementor-id=\"169577\" class=\"elementor elementor-169577 elementor-19404\" data-elementor-post-type=\"page\">\n\t\t\t\t<div class=\"elementor-element elementor-element-10fdade e-flex e-con-boxed e-con e-parent\" data-id=\"10fdade\" data-element_type=\"container\" data-e-type=\"container\" data-settings=\"{&quot;background_background&quot;:&quot;classic&quot;}\">\n\t\t\t\t\t<div class=\"e-con-inner\">\n\t\t<div class=\"elementor-element elementor-element-herohlft0 e-flex e-con-boxed e-con e-child\" data-id=\"herohlft0\" data-element_type=\"container\" data-e-type=\"container\">\n\t\t\t\t\t<div class=\"e-con-inner\">\n\t\t<div class=\"elementor-element elementor-element-c3ceb64 e-con-full e-flex e-con e-child\" data-id=\"c3ceb64\" data-element_type=\"container\" data-e-type=\"container\">\n\t\t\t\t<div class=\"elementor-element elementor-element-96ae5e1 elementor-widget elementor-widget-heading\" data-id=\"96ae5e1\" data-element_type=\"widget\" data-e-type=\"widget\" data-widget_type=\"heading.default\">\n\t\t\t\t\t<h1 class=\"elementor-heading-title elementor-size-default\">Mosaf\u00f3lk, hin veiddu n\u00e1gr\u00f6nn sk\u00f3garins<\/h1>\t\t\t\t<\/div>\n\t\t\t\t<div class=\"elementor-element elementor-element-e45238a elementor-widget elementor-widget-text-editor\" data-id=\"e45238a\" data-element_type=\"widget\" data-e-type=\"widget\" data-widget_type=\"text-editor.default\">\n\t\t\t\t\t\t\t\t\t<p>Mosaf\u00f3lki\u00f0 er <span class=\"iwg-fachbegriff\" data-tooltip=\"L\u00edkamslaus vera sem talin er hafa \u00e1hrif \u00ed heiminum.\" tabindex=\"0\">andar<\/span> \u00far \u00fe\u00fdskri \u00fej\u00f3\u00f0tr\u00fa.<\/p><p><strong>Litlir sk\u00f3garn\u00e1grannar, hraktir um loftin af Villta vei\u00f0imanninum.<\/strong> Hi\u00f0 veidda mosaf\u00f3lk leitar skj\u00f3ls hj\u00e1 m\u00f6nnum undan Villta vei\u00f0imanninum.<\/p>\t\t\t\t\t\t\t\t<\/div>\n\t\t\t\t<\/div>\n\t\t<div class=\"elementor-element elementor-element-klsbdg01 e-con-full e-flex e-con e-parent\" data-id=\"klsbdg01\" data-element_type=\"container\" data-e-type=\"container\">\n\t\t\t\t<div class=\"elementor-element elementor-element-klshtm01 elementor-widget elementor-widget-html\" data-id=\"klshtm01\" data-element_type=\"widget\" data-e-type=\"widget\" data-widget_type=\"html.default\">\n\t\t\t\t\t<div class=\"iwg-pill-row\"><span class=\"iwg-klasse-badge\" tabindex=\"0\" data-tooltip=\"Andi: \u00d3l\u00edkamleg e\u00f0a h\u00e1lfl\u00edkamleg vera, hinir framli\u00f0nir, n\u00e1tt\u00faruv\u00e6ttir, h\u00fasv\u00e6ttir e\u00f0a var\u00f0veisluv\u00e6ttir \u00fer\u00f6skulda. Verkar \u00ed hversdagsl\u00edfinu, oft bundin st\u00f6\u00f0um e\u00f0a fj\u00f6lskyldum.\">Andar<\/span><a href=\"https:\/\/iwell-guard.com\/is\/germonsk\/\" class=\"iwg-kultur-badge\" tabindex=\"0\" data-tooltip=\"Hei\u00f0in gu\u00f0a- og andaver\u00f6ld Nor\u00f0ur- og Mi\u00f0-Evr\u00f3pu.\">Germanskt<\/a><\/div>\t\t\t\t<\/div>\n\t\t\t\t<\/div>\n\t\t<div class=\"elementor-element elementor-element-3f74855 e-con-full e-flex e-con e-child\" data-id=\"3f74855\" data-element_type=\"container\" data-e-type=\"container\">\n\t\t\t\t<div class=\"elementor-element elementor-element-1c30362 elementor-toc--minimized-on-tablet elementor-widget elementor-widget-table-of-contents\" data-id=\"1c30362\" data-element_type=\"widget\" data-e-type=\"widget\" data-settings=\"{&quot;exclude_headings_by_selector&quot;:[],&quot;no_headings_message&quot;:&quot;Engar undirfyrirsagnir fundust \\u00e1 \\u00feessari s\\u00ed\\u00f0u.&quot;,&quot;headings_by_tags&quot;:[&quot;h2&quot;,&quot;h3&quot;],&quot;marker_view&quot;:&quot;bullets&quot;,&quot;icon&quot;:{&quot;value&quot;:&quot;fas fa-circle&quot;,&quot;library&quot;:&quot;fa-solid&quot;,&quot;rendered_tag&quot;:&quot;&lt;svg class=\\&quot;e-font-icon-svg e-fas-circle\\&quot; viewBox=\\&quot;0 0 512 512\\&quot; xmlns=\\&quot;http:\\\/\\\/www.w3.org\\\/2000\\\/svg\\&quot;&gt;&lt;path d=\\&quot;M256 8C119 8 8 119 8 256s111 248 248 248 248-111 248-248S393 8 256 8z\\&quot;&gt;&lt;\\\/path&gt;&lt;\\\/svg&gt;&quot;},&quot;minimize_box&quot;:&quot;yes&quot;,&quot;minimized_on&quot;:&quot;tablet&quot;,&quot;hierarchical_view&quot;:&quot;yes&quot;,&quot;min_height&quot;:{&quot;unit&quot;:&quot;px&quot;,&quot;size&quot;:&quot;&quot;,&quot;sizes&quot;:[]},&quot;min_height_tablet&quot;:{&quot;unit&quot;:&quot;px&quot;,&quot;size&quot;:&quot;&quot;,&quot;sizes&quot;:[]},&quot;min_height_mobile&quot;:{&quot;unit&quot;:&quot;px&quot;,&quot;size&quot;:&quot;&quot;,&quot;sizes&quot;:[]}}\" data-widget_type=\"table-of-contents.default\">\n\t\t\t\t\t\t\t\t\t<div class=\"elementor-toc__header\">\n\t\t\t\t\t\t<h2 class=\"elementor-toc__header-title\">\n\t\t\t\tEfnisyfirlit\t\t\t<\/h2>\n\t\t\t\t\t\t\t\t\t\t<div class=\"elementor-toc__toggle-button elementor-toc__toggle-button--expand\" role=\"button\" tabindex=\"0\" aria-controls=\"elementor-toc__1c30362\" aria-expanded=\"true\" aria-label=\"Open table of contents\"><svg aria-hidden=\"true\" class=\"e-font-icon-svg e-fas-chevron-down\" viewBox=\"0 0 448 512\" xmlns=\"http:\/\/www.w3.org\/2000\/svg\"><path d=\"M207.029 381.476L12.686 187.132c-9.373-9.373-9.373-24.569 0-33.941l22.667-22.667c9.357-9.357 24.522-9.375 33.901-.04L224 284.505l154.745-154.021c9.379-9.335 24.544-9.317 33.901.04l22.667 22.667c9.373 9.373 9.373 24.569 0 33.941L240.971 381.476c-9.373 9.372-24.569 9.372-33.942 0z\"><\/path><\/svg><\/div>\n\t\t\t\t<div class=\"elementor-toc__toggle-button elementor-toc__toggle-button--collapse\" role=\"button\" tabindex=\"0\" aria-controls=\"elementor-toc__1c30362\" aria-expanded=\"true\" aria-label=\"Close table of contents\"><svg aria-hidden=\"true\" class=\"e-font-icon-svg e-fas-chevron-up\" viewBox=\"0 0 448 512\" xmlns=\"http:\/\/www.w3.org\/2000\/svg\"><path d=\"M240.971 130.524l194.343 194.343c9.373 9.373 9.373 24.569 0 33.941l-22.667 22.667c-9.357 9.357-24.522 9.375-33.901.04L224 227.495 69.255 381.516c-9.379 9.335-24.544 9.317-33.901-.04l-22.667-22.667c-9.373-9.373-9.373-24.569 0-33.941L207.03 130.525c9.372-9.373 24.568-9.373 33.941-.001z\"><\/path><\/svg><\/div>\n\t\t\t\t\t<\/div>\n\t\t\t\t<div id=\"elementor-toc__1c30362\" class=\"elementor-toc__body\">\n\t\t\t<div class=\"elementor-toc__spinner-container\">\n\t\t\t\t<svg class=\"elementor-toc__spinner eicon-animation-spin e-font-icon-svg e-eicon-loading\" aria-hidden=\"true\" viewBox=\"0 0 1000 1000\" xmlns=\"http:\/\/www.w3.org\/2000\/svg\"><path d=\"M500 975V858C696 858 858 696 858 500S696 142 500 142 142 304 142 500H25C25 237 238 25 500 25S975 237 975 500 763 975 500 975Z\"><\/path><\/svg>\t\t\t<\/div>\n\t\t<\/div>\n\t\t\t\t\t\t<\/div>\n\t\t\t\t<\/div>\n\t\t\t\t\t<\/div>\n\t\t\t\t<\/div>\n\t\t<div class=\"elementor-element elementor-element-herorght0 e-con-full e-flex e-con e-child\" data-id=\"herorght0\" data-element_type=\"container\" data-e-type=\"container\">\n\t\t\t\t<div class=\"elementor-element elementor-element-heroimg00 iwg-hero-image elementor-widget elementor-widget-image\" data-id=\"heroimg00\" data-element_type=\"widget\" data-e-type=\"widget\" data-widget_type=\"image.default\">\n\t\t\t\t\t\t\t\t\t\t\t\t\t\t\t<img fetchpriority=\"high\" decoding=\"async\" width=\"683\" height=\"1024\" src=\"https:\/\/iwell-guard.com\/wp-content\/uploads\/2026\/07\/geister_germanisch_moosleute-683x1024.webp\" class=\"attachment-large size-large wp-image-169931\" alt=\"Moosleute, andi \u00far germanskri arfs\u00f6gn\" srcset=\"https:\/\/iwell-guard.com\/wp-content\/uploads\/2026\/07\/geister_germanisch_moosleute-683x1024.webp 683w, https:\/\/iwell-guard.com\/wp-content\/uploads\/2026\/07\/geister_germanisch_moosleute-200x300.webp 200w, https:\/\/iwell-guard.com\/wp-content\/uploads\/2026\/07\/geister_germanisch_moosleute-768x1152.webp 768w, https:\/\/iwell-guard.com\/wp-content\/uploads\/2026\/07\/geister_germanisch_moosleute.webp 1024w\" sizes=\"(max-width: 683px) 100vw, 683px\" \/>\t\t\t\t\t\t\t\t\t\t\t\t\t\t\t<\/div>\n\t\t\t\t<\/div>\n\t\t\t\t\t<\/div>\n\t\t\t\t<\/div>\n\t\t<div class=\"elementor-element elementor-element-32917199 e-flex e-con-boxed e-con e-parent\" data-id=\"32917199\" data-element_type=\"container\" data-e-type=\"container\">\n\t\t\t\t\t<div class=\"e-con-inner\">\n\t\t<div class=\"elementor-element elementor-element-26e916cb e-flex e-con-boxed e-con e-child\" data-id=\"26e916cb\" data-element_type=\"container\" data-e-type=\"container\">\n\t\t\t\t\t<div class=\"e-con-inner\">\n\t\t<div class=\"elementor-element elementor-element-253a40d4 e-flex e-con-boxed e-con e-child\" data-id=\"253a40d4\" data-element_type=\"container\" data-e-type=\"container\">\n\t\t\t\t\t<div class=\"e-con-inner\">\n\t\t\t\t<div class=\"elementor-element elementor-element-1200c304 elementor-widget elementor-widget-heading\" data-id=\"1200c304\" data-element_type=\"widget\" data-e-type=\"widget\" data-widget_type=\"heading.default\">\n\t\t\t\t\t<div class=\"elementor-heading-title elementor-size-default\">Mosaf\u00f3lk<\/div>\t\t\t\t<\/div>\n\t\t\t\t<div class=\"elementor-element elementor-element-11758e7f elementor-widget elementor-widget-text-editor\" data-id=\"11758e7f\" data-element_type=\"widget\" data-e-type=\"widget\" data-widget_type=\"text-editor.default\">\n\t\t\t\t\t\t\t\t\t<p>Mosaf\u00f3lki\u00f0, sem \u00e1 sumum sv\u00e6\u00f0um er einnig kalla\u00f0 mosakonur e\u00f0a vi\u00f0arf\u00f3lk, eru litlar sk\u00f3garv\u00e6ttir \u00far \u00fe\u00fdskri \u00fej\u00f3\u00f0tr\u00fa. \u00de\u00e6r eru taldar feimnar og m\u00f6nnum yfirleitt velvildar sk\u00f3garn\u00e1grannar, sem launa gjafir me\u00f0 r\u00e1\u00f0leggingum og blessun, svo lengi sem sk\u00f3gurinn og si\u00f0irnir eru virtir.<\/p><p>\u00de\u00e6r ur\u00f0u einna \u00feekktastar sem vei\u00f0ibr\u00e1\u00f0 Villta vei\u00f0imannsins, undan honum bjargar \u00feeim a\u00f0eins trj\u00e1stubbur me\u00f0 \u00ferj\u00e1 krossa skorna \u00ed. Tr\u00fain \u00e1 \u00fe\u00e6r er algengust \u00ed mi\u00f0- og austur\u00fe\u00fdsku l\u00e1gfjallah\u00e9ru\u00f0unum, kvenkyns fulltr\u00faar eru \u00fear \u00ed miklum meirihluta.<\/p>\t\t\t\t\t\t\t\t<\/div>\n\t\t\t\t\t<\/div>\n\t\t\t\t<\/div>\n\t\t<div class=\"elementor-element elementor-element-159dcf9a e-flex e-con-boxed e-con e-child\" data-id=\"159dcf9a\" data-element_type=\"container\" data-e-type=\"container\">\n\t\t\t\t\t<div class=\"e-con-inner\">\n\t\t\t\t<div class=\"elementor-element elementor-element-48cee66f elementor-widget elementor-widget-heading\" data-id=\"48cee66f\" data-element_type=\"widget\" data-e-type=\"widget\" data-widget_type=\"heading.default\">\n\t\t\t\t\t<div class=\"elementor-heading-title elementor-size-default\">\u00cd hnotskurn: Mosaf\u00f3lk<\/div>\t\t\t\t<\/div>\n\t\t\t\t<div class=\"elementor-element elementor-element-3f50d82c elementor-widget elementor-widget-text-editor\" data-id=\"3f50d82c\" data-element_type=\"widget\" data-e-type=\"widget\" data-widget_type=\"text-editor.default\">\n\t\t\t\t\t\t\t\t\t<p><strong>Tegund:<\/strong> Litlar sk\u00f3garv\u00e6ttir \u00far h\u00f3pi villta f\u00f3lksins<br>Uppruni: \u00fe\u00fdsk \u00fej\u00f3\u00f0tr\u00fa, a\u00f0allega \u00ed mi\u00f0- og austur\u00fe\u00fdskum l\u00e1gfjallah\u00e9ru\u00f0um<br>Textar: sagnauppt\u00f6kur fr\u00e1 16. til 19. \u00f6ld (Grimm, Bechstein, Mannhardt)<br>T\u00edmabil: meginhluti upptaka \u00e1 19. \u00f6ld<br>\u00datlit: l\u00e1gvaxnar, gamalleitar verur \u00ed mosa- og barklikum kl\u00e6\u00f0um<\/p>\t\t\t\t\t\t\t\t<\/div>\n\t\t\t\t\t<\/div>\n\t\t\t\t<\/div>\n\t\t\t\t\t<\/div>\n\t\t\t\t<\/div>\n\t\t\t\t\t<\/div>\n\t\t\t\t<\/div>\n\t\t<div class=\"elementor-element elementor-element-18613602 e-flex e-con-boxed e-con e-parent\" data-id=\"18613602\" data-element_type=\"container\" data-e-type=\"container\">\n\t\t\t\t\t<div class=\"e-con-inner\">\n\t\t\t\t<div class=\"elementor-element elementor-element-262b8a9f elementor-widget elementor-widget-heading\" data-id=\"262b8a9f\" data-element_type=\"widget\" data-e-type=\"widget\" data-widget_type=\"heading.default\">\n\t\t\t\t\t<h2 class=\"elementor-heading-title elementor-size-default\">Textasaga<\/h2>\t\t\t\t<\/div>\n\t\t<div class=\"elementor-element elementor-element-46dcb7d e-con-full e-flex e-con e-child\" data-id=\"46dcb7d\" data-element_type=\"container\" data-e-type=\"container\">\n\t\t<div class=\"elementor-element elementor-element-61d3ab3 e-flex e-con-boxed e-con e-child\" data-id=\"61d3ab3\" data-element_type=\"container\" data-e-type=\"container\">\n\t\t\t\t\t<div class=\"e-con-inner\">\n\t\t\t\t<div class=\"elementor-element elementor-element-117c166 elementor-widget elementor-widget-heading\" data-id=\"117c166\" data-element_type=\"widget\" data-e-type=\"widget\" data-widget_type=\"heading.default\">\n\t\t\t\t\t<h3 class=\"elementor-heading-title elementor-size-default\">T\u00edmabil textanna<\/h3>\t\t\t\t<\/div>\n\t\t\t\t<div class=\"elementor-element elementor-element-73997a0 elementor-widget elementor-widget-text-editor\" data-id=\"73997a0\" data-element_type=\"widget\" data-e-type=\"widget\" data-widget_type=\"text-editor.default\">\n\t\t\t\t\t\t\t\t\t<p>Sagnauppt\u00f6kur n\u00e1 fr\u00e1 16. fram \u00e1 19. \u00f6ld, me\u00f0 meginhlutann \u00e1 19. \u00f6ld; sagnir af mosaf\u00f3lki voru sag\u00f0ar munnlega fram \u00e1 fyrri hluta 20. aldar, me\u00f0al annars \u00ed efra Vogtland.<\/p>\t\t\t\t\t\t\t\t<\/div>\n\t\t\t\t\t<\/div>\n\t\t\t\t<\/div>\n\t\t<div class=\"elementor-element elementor-element-d47b156 e-flex e-con-boxed e-con e-child\" data-id=\"d47b156\" data-element_type=\"container\" data-e-type=\"container\">\n\t\t\t\t\t<div class=\"e-con-inner\">\n\t\t\t\t<div class=\"elementor-element elementor-element-ff38c2b elementor-widget elementor-widget-heading\" data-id=\"ff38c2b\" data-element_type=\"widget\" data-e-type=\"widget\" data-widget_type=\"heading.default\">\n\t\t\t\t\t<h3 class=\"elementor-heading-title elementor-size-default\">\u00datbrei\u00f0slusv\u00e6\u00f0i<\/h3>\t\t\t\t<\/div>\n\t\t\t\t<div class=\"elementor-element elementor-element-4e49fcc elementor-widget elementor-widget-text-editor\" data-id=\"4e49fcc\" data-element_type=\"widget\" data-e-type=\"widget\" data-widget_type=\"text-editor.default\">\n\t\t\t\t\t\t\t\t\t<p>\u00de\u00fdringaland, Saxland, Vogtland, Fichtelgebirge, Frankaland, Efri-Pfalz, B\u00f6hmersk\u00f3gur og Risafj\u00f6ll: l\u00e1gfjallal\u00f6ndin \u00ed mi\u00f0- og austurhluta \u00de\u00fdskalands.<\/p>\t\t\t\t\t\t\t\t<\/div>\n\t\t\t\t\t<\/div>\n\t\t\t\t<\/div>\n\t\t\t\t<\/div>\n\t\t<div class=\"elementor-element elementor-element-db03c39 e-con-full e-flex e-con e-child\" data-id=\"db03c39\" data-element_type=\"container\" data-e-type=\"container\">\n\t\t<div class=\"elementor-element elementor-element-229a87b e-flex e-con-boxed e-con e-child\" data-id=\"229a87b\" data-element_type=\"container\" data-e-type=\"container\">\n\t\t\t\t\t<div class=\"e-con-inner\">\n\t\t\t\t<div class=\"elementor-element elementor-element-1f471fc elementor-widget elementor-widget-heading\" data-id=\"1f471fc\" data-element_type=\"widget\" data-e-type=\"widget\" data-widget_type=\"heading.default\">\n\t\t\t\t\t<h3 class=\"elementor-heading-title elementor-size-default\">Heimildasta\u00f0a<\/h3>\t\t\t\t<\/div>\n\t\t\t\t<div class=\"elementor-element elementor-element-36b1201 elementor-widget elementor-widget-text-editor\" data-id=\"36b1201\" data-element_type=\"widget\" data-e-type=\"widget\" data-widget_type=\"text-editor.default\">\n\t\t\t\t\t\t\t\t\t<p>\u00dej\u00f3\u00f0s\u00f6gur og \u00fej\u00f3\u00f0h\u00e1ttas\u00f6fn: Grimmbr\u00e6\u00f0urnir, Bechstein, Mannhardt auk greinarinnar Waldgeister \u00ed Handw\u00f6rterbuch des deutschen Aberglaubens.<\/p>\t\t\t\t\t\t\t\t<\/div>\n\t\t\t\t\t<\/div>\n\t\t\t\t<\/div>\n\t\t\t\t<\/div>\n\t\t\t\t\t<\/div>\n\t\t\t\t<\/div>\n\t\t<div class=\"elementor-element elementor-element-3ae0637c e-flex e-con-boxed e-con e-parent\" data-id=\"3ae0637c\" data-element_type=\"container\" data-e-type=\"container\">\n\t\t\t\t\t<div class=\"e-con-inner\">\n\t\t\t\t<div class=\"elementor-element elementor-element-31d07739 elementor-widget elementor-widget-heading\" data-id=\"31d07739\" data-element_type=\"widget\" data-e-type=\"widget\" data-widget_type=\"heading.default\">\n\t\t\t\t\t<h2 class=\"elementor-heading-title elementor-size-default\">Nafn og afbrig\u00f0i<\/h2>\t\t\t\t<\/div>\n\t\t<div class=\"elementor-element elementor-element-b7642947 e-con-full e-flex e-con e-child\" data-id=\"b7642947\" data-element_type=\"container\" data-e-type=\"container\">\n\t\t\t\t<div class=\"elementor-element elementor-element-a086266 elementor-widget elementor-widget-text-editor\" data-id=\"a086266\" data-element_type=\"widget\" data-e-type=\"widget\" data-widget_type=\"text-editor.default\">\n\t\t\t\t\t\t\t\t\t<p><strong>\u00de\u00fdska:<\/strong> Moosleute, me\u00f0 sv\u00e6\u00f0isbundnu heitunum Moosweibchen og Holzleute. N\u00f6fnin v\u00edsa til sama h\u00f3ps l\u00edtilla sk\u00f3garv\u00e6tta, \u00e1 milli dverga og n\u00e1tt\u00faruv\u00e6tta; \u00ed saxnesk-b\u00e6heimskum s\u00f6gnum lei\u00f0ir Buschgro\u00dfmutter mosa- og vi\u00f0arf\u00f3lki\u00f0. \u00c1 sumum st\u00f6\u00f0um voru verurnar t\u00falka\u00f0ar kristilega sem f\u00e1t\u00e6kar s\u00e1lir sem bi\u00f0u lausnar.<\/p>\t\t\t\t\t\t\t\t<\/div>\n\t\t\t\t<\/div>\n\t\t\t\t\t<\/div>\n\t\t\t\t<\/div>\n\t\t<div class=\"elementor-element elementor-element-709a44a8 e-flex e-con-boxed e-con e-parent\" data-id=\"709a44a8\" data-element_type=\"container\" data-e-type=\"container\">\n\t\t\t\t\t<div class=\"e-con-inner\">\n\t\t\t\t<div class=\"elementor-element elementor-element-2f585873 elementor-widget elementor-widget-heading\" data-id=\"2f585873\" data-element_type=\"widget\" data-e-type=\"widget\" data-widget_type=\"heading.default\">\n\t\t\t\t\t<h2 class=\"elementor-heading-title elementor-size-default\">\u00c1s\u00fdnd<\/h2>\t\t\t\t<\/div>\n\t\t<div class=\"elementor-element elementor-element-70621c12 e-con-full e-flex e-con e-child\" data-id=\"70621c12\" data-element_type=\"container\" data-e-type=\"container\">\n\t\t\t\t<div class=\"elementor-element elementor-element-4296eb49 elementor-widget elementor-widget-text-editor\" data-id=\"4296eb49\" data-element_type=\"widget\" data-e-type=\"widget\" data-widget_type=\"text-editor.default\">\n\t\t\t\t\t\t\t\t\t<p><strong>\u00datlit<\/strong><\/p><p>Mosaf\u00f3lkinu er l\u00fdst sem l\u00e1gv\u00f6xnu, \u00e1 st\u00e6r\u00f0 vi\u00f0 b\u00f6rn, me\u00f0 gamalleg andlit, gr\u00e1an e\u00f0a barklitan h\u00f6rund og kl\u00e6\u00f0i \u00far mosa, berki og laufi; \u00feau bera oft greinab\u00fant e\u00f0a jurtir. \u00datlit \u00feeirra rennur saman vi\u00f0 sk\u00f3ginn sj\u00e1lfan: s\u00e1 sem g\u00e6tir ekki vel a\u00f0 heldur \u00feau trj\u00e1stubba e\u00f0a mosavaxna steina. Mosinn er t\u00e1kn fyrir aldur, ve\u00f0run og hina \u00fe\u00f6glu hli\u00f0 sk\u00f3garins.<\/p><p><strong>\u00c1hrif<\/strong><\/p><p>Sagnirnar l\u00fdsa mosaf\u00f3lkinu sem hj\u00e1lps\u00f6mum n\u00e1gr\u00f6nnum: \u00feau l\u00e1na b\u00fashluti, bi\u00f0ja um brau\u00f0 e\u00f0a mj\u00f3lk, s\u00fdna l\u00e6kningajurtir, gefa r\u00e1\u00f0 vi\u00f0 sj\u00fakd\u00f3mum manna og b\u00faf\u00e9na\u00f0ar og hj\u00e1lpa \u00f3umbe\u00f0in vi\u00f0 uppskeru. \u00deau launa gjafir r\u00edkulega; \u00ed einst\u00f6kum s\u00f6gnum breytast gefnir vi\u00f0arfl\u00edsar e\u00f0a lauf \u00ed gull. \u00deau eru vi\u00f0kv\u00e6m fyrir m\u00f3\u00f0gun: s\u00e1 sem bakar \u00feeim brau\u00f0 me\u00f0 k\u00fameni missir blessun \u00feeirra, eins og or\u00f0in K\u00famenbrau\u00f0, dau\u00f0i okkar! bera vitni um. Sj\u00e1lf valda \u00feau tj\u00f3ni sjaldan.<\/p>\t\t\t\t\t\t\t\t<\/div>\n\t\t\t\t<\/div>\n\t\t\t\t\t<\/div>\n\t\t\t\t<\/div>\n\t\t<div class=\"elementor-element elementor-element-44e71476 e-flex e-con-boxed e-con e-parent\" data-id=\"44e71476\" data-element_type=\"container\" data-e-type=\"container\">\n\t\t\t\t\t<div class=\"e-con-inner\">\n\t\t\t\t<div class=\"elementor-element elementor-element-3c1fc3f0 elementor-widget elementor-widget-heading\" data-id=\"3c1fc3f0\" data-element_type=\"widget\" data-e-type=\"widget\" data-widget_type=\"heading.default\">\n\t\t\t\t\t<h2 class=\"elementor-heading-title elementor-size-default\">Pers\u00f3nuuppl\u00fdsingar: Mosaf\u00f3lk<\/h2>\t\t\t\t<\/div>\n\t\t<div class=\"elementor-element elementor-element-84f33b8e e-con-full e-flex e-con e-child\" data-id=\"84f33b8e\" data-element_type=\"container\" data-e-type=\"container\">\n\t\t\t\t<div class=\"elementor-element elementor-element-hqkdc67p elementor-widget elementor-widget-text-editor\" data-id=\"hqkdc67p\" data-element_type=\"widget\" data-e-type=\"widget\" data-widget_type=\"text-editor.default\">\n\t\t\t\t\t\t\t\t\t<p>Mikilv\u00e6gustu atri\u00f0in um \u00feessar litlu sk\u00f3garv\u00e6ttir \u00ed hnotskurn.<\/p>\t\t\t\t\t\t\t\t<\/div>\n\t\t\t\t<\/div>\n\t\t<div class=\"elementor-element elementor-element-pemmx7c5 e-con-full e-flex e-con e-child\" data-id=\"pemmx7c5\" data-element_type=\"container\" data-e-type=\"container\">\n\t\t<div class=\"elementor-element elementor-element-pemmx7c1 e-con-full e-flex e-con e-child\" data-id=\"pemmx7c1\" data-element_type=\"container\" data-e-type=\"container\">\n\t\t<div class=\"elementor-element elementor-element-qh9oavvu iwg-steckbrief-card e-flex e-con-boxed e-con e-child\" data-id=\"qh9oavvu\" data-element_type=\"container\" data-e-type=\"container\">\n\t\t\t\t\t<div class=\"e-con-inner\">\n\t\t\t\t<div class=\"elementor-element elementor-element-awzx8k2k elementor-widget elementor-widget-heading\" data-id=\"awzx8k2k\" data-element_type=\"widget\" data-e-type=\"widget\" data-widget_type=\"heading.default\">\n\t\t\t\t\t<div class=\"elementor-heading-title elementor-size-default\">Hef\u00f0<\/div>\t\t\t\t<\/div>\n\t\t\t\t<div class=\"elementor-element elementor-element-x6rowhv0 elementor-widget elementor-widget-text-editor\" data-id=\"x6rowhv0\" data-element_type=\"widget\" data-e-type=\"widget\" data-widget_type=\"text-editor.default\">\n\t\t\t\t\t\t\t\t\t<p>Villt f\u00f3lk \u00far \u00fe\u00fdskri sagnahef\u00f0, sem Jacob Grimm fjalla\u00f0i um \u00ed samhengi \u00e1lfa og dverga, me\u00f0 greinilegum meirihluta kvenkyns fulltr\u00faa.<\/p>\t\t\t\t\t\t\t\t<\/div>\n\t\t\t\t\t<\/div>\n\t\t\t\t<\/div>\n\t\t<div class=\"elementor-element elementor-element-8e3o4kxs iwg-steckbrief-card e-flex e-con-boxed e-con e-child\" data-id=\"8e3o4kxs\" data-element_type=\"container\" data-e-type=\"container\">\n\t\t\t\t\t<div class=\"e-con-inner\">\n\t\t\t\t<div class=\"elementor-element elementor-element-08rkdgov elementor-widget elementor-widget-heading\" data-id=\"08rkdgov\" data-element_type=\"widget\" data-e-type=\"widget\" data-widget_type=\"heading.default\">\n\t\t\t\t\t<div class=\"elementor-heading-title elementor-size-default\">\u00c1byrg\u00f0arsvi\u00f0<\/div>\t\t\t\t<\/div>\n\t\t\t\t<div class=\"elementor-element elementor-element-uwjelx8s elementor-widget elementor-widget-text-editor\" data-id=\"uwjelx8s\" data-element_type=\"widget\" data-e-type=\"widget\" data-widget_type=\"text-editor.default\">\n\t\t\t\t\t\t\t\t\t<p>Sk\u00f3garh\u00f6ggsmenn, b\u00e6ndur og uppskerua\u00f0sto\u00f0armenn: mosaf\u00f3lki\u00f0 deilir l\u00edfsheimi \u00feeirra og hj\u00e1lpar vi\u00f0 uppskeru, sj\u00fakd\u00f3ma og jurta\u00f6flun.<\/p>\t\t\t\t\t\t\t\t<\/div>\n\t\t\t\t\t<\/div>\n\t\t\t\t<\/div>\n\t\t<div class=\"elementor-element elementor-element-jm2n74ec iwg-steckbrief-card e-flex e-con-boxed e-con e-child\" data-id=\"jm2n74ec\" data-element_type=\"container\" data-e-type=\"container\">\n\t\t\t\t\t<div class=\"e-con-inner\">\n\t\t\t\t<div class=\"elementor-element elementor-element-8vufse4c elementor-widget elementor-widget-heading\" data-id=\"8vufse4c\" data-element_type=\"widget\" data-e-type=\"widget\" data-widget_type=\"heading.default\">\n\t\t\t\t\t<div class=\"elementor-heading-title elementor-size-default\">Framsetning<\/div>\t\t\t\t<\/div>\n\t\t\t\t<div class=\"elementor-element elementor-element-mwb9u015 elementor-widget elementor-widget-text-editor\" data-id=\"mwb9u015\" data-element_type=\"widget\" data-e-type=\"widget\" data-widget_type=\"text-editor.default\">\n\t\t\t\t\t\t\t\t\t<p>Verur \u00e1 st\u00e6r\u00f0 vi\u00f0 b\u00f6rn, gamalleitar me\u00f0 gr\u00e1an e\u00f0a barklitan h\u00f6rund, kl\u00e6ddar mosa, berki og laufi, varla a\u00f0greinanlegar fr\u00e1 sk\u00f3ginum.<\/p>\t\t\t\t\t\t\t\t<\/div>\n\t\t\t\t\t<\/div>\n\t\t\t\t<\/div>\n\t\t\t\t<\/div>\n\t\t<div class=\"elementor-element elementor-element-pemmx7c2 e-con-full e-flex e-con e-child\" data-id=\"pemmx7c2\" data-element_type=\"container\" data-e-type=\"container\">\n\t\t<div class=\"elementor-element elementor-element-37ss2yr6 iwg-steckbrief-card e-flex e-con-boxed e-con e-child\" data-id=\"37ss2yr6\" data-element_type=\"container\" data-e-type=\"container\">\n\t\t\t\t\t<div class=\"e-con-inner\">\n\t\t\t\t<div class=\"elementor-element elementor-element-3v0wp3wx elementor-widget elementor-widget-heading\" data-id=\"3v0wp3wx\" data-element_type=\"widget\" data-e-type=\"widget\" data-widget_type=\"heading.default\">\n\t\t\t\t\t<div class=\"elementor-heading-title elementor-size-default\">Hlutverk<\/div>\t\t\t\t<\/div>\n\t\t\t\t<div class=\"elementor-element elementor-element-w3247g2m elementor-widget elementor-widget-text-editor\" data-id=\"w3247g2m\" data-element_type=\"widget\" data-e-type=\"widget\" data-widget_type=\"text-editor.default\">\n\t\t\t\t\t\t\t\t\t<p>R\u00e1\u00f0 og blessun fyrir g\u00f3\u00f0a n\u00e1granna; s\u00e9 \u00feeim m\u00f3\u00f0gun s\u00fdnd ver\u00f0ur fr\u00e1hvarf \u00feeirra upplifa\u00f0 sem \u00f3g\u00e6fa. \u00cd stormn\u00f3ttum eru \u00feau sj\u00e1lf vei\u00f0ibr\u00e1\u00f0 Villtu vei\u00f0arinnar.<\/p>\t\t\t\t\t\t\t\t<\/div>\n\t\t\t\t\t<\/div>\n\t\t\t\t<\/div>\n\t\t<div class=\"elementor-element elementor-element-0qpjal9w iwg-steckbrief-card e-flex e-con-boxed e-con e-child\" data-id=\"0qpjal9w\" data-element_type=\"container\" data-e-type=\"container\">\n\t\t\t\t\t<div class=\"e-con-inner\">\n\t\t\t\t<div class=\"elementor-element elementor-element-6ndoih0o elementor-widget elementor-widget-heading\" data-id=\"6ndoih0o\" data-element_type=\"widget\" data-e-type=\"widget\" data-widget_type=\"heading.default\">\n\t\t\t\t\t<div class=\"elementor-heading-title elementor-size-default\">Umgengni<\/div>\t\t\t\t<\/div>\n\t\t\t\t<div class=\"elementor-element elementor-element-6684tyh9 elementor-widget elementor-widget-text-editor\" data-id=\"6684tyh9\" data-element_type=\"widget\" data-e-type=\"widget\" data-widget_type=\"text-editor.default\">\n\t\t\t\t\t\t\t\t\t<p>\u00der\u00edr krossar skornir \u00ed trj\u00e1stubb sem gri\u00f0asta\u00f0ur, aukabrau\u00f0 vi\u00f0 bakstur og b\u00f6nn m\u00e1lsh\u00e1ttarins: engan tr\u00e9 a\u00f0 flysja, engan draum a\u00f0 segja, engan k\u00famen \u00ed brau\u00f0i\u00f0 a\u00f0 baka.<\/p>\t\t\t\t\t\t\t\t<\/div>\n\t\t\t\t\t<\/div>\n\t\t\t\t<\/div>\n\t\t<div class=\"elementor-element elementor-element-3lfi7x32 iwg-steckbrief-card e-flex e-con-boxed e-con e-child\" data-id=\"3lfi7x32\" data-element_type=\"container\" data-e-type=\"container\">\n\t\t\t\t\t<div class=\"e-con-inner\">\n\t\t\t\t<div class=\"elementor-element elementor-element-0kg99ga1 elementor-widget elementor-widget-heading\" data-id=\"0kg99ga1\" data-element_type=\"widget\" data-e-type=\"widget\" data-widget_type=\"heading.default\">\n\t\t\t\t\t<div class=\"elementor-heading-title elementor-size-default\">Afm\u00f6rkun<\/div>\t\t\t\t<\/div>\n\t\t\t\t<div class=\"elementor-element elementor-element-n0fum6kp elementor-widget elementor-widget-text-editor\" data-id=\"n0fum6kp\" data-element_type=\"widget\" data-e-type=\"widget\" data-widget_type=\"text-editor.default\">\n\t\t\t\t\t\t\t\t\t<p><a href=\"https:\/\/iwell-guard.com\/is\/?page_id=169576\">Holzfr\u00e4ulein<\/a> er einstaklingsger\u00f0 \u00feessarar s\u00f6mu tegundar fr\u00e1 Efri-Pfalz; \u00f3l\u00edkt hinum drottnandi <a href=\"https:\/\/iwell-guard.com\/is\/leshy\/\">Leshy<\/a> er mosaf\u00f3lki\u00f0 l\u00edti\u00f0, f\u00e1t\u00e6kt og sj\u00e1lft \u00ed h\u00e6ttu.<\/p>\t\t\t\t\t\t\t\t<\/div>\n\t\t\t\t\t<\/div>\n\t\t\t\t<\/div>\n\t\t\t\t<\/div>\n\t\t\t\t<\/div>\n\t\t\t\t\t<\/div>\n\t\t\t\t<\/div>\n\t\t<div class=\"elementor-element elementor-element-7533bc7a e-flex e-con-boxed e-con e-parent\" data-id=\"7533bc7a\" data-element_type=\"container\" data-e-type=\"container\">\n\t\t\t\t\t<div class=\"e-con-inner\">\n\t\t\t\t<div class=\"elementor-element elementor-element-2447d18d elementor-widget elementor-widget-heading\" data-id=\"2447d18d\" data-element_type=\"widget\" data-e-type=\"widget\" data-widget_type=\"heading.default\">\n\t\t\t\t\t<h2 class=\"elementor-heading-title elementor-size-default\">Fr\u00e1 s\u00f6gnum Grimmbr\u00e6\u00f0ra til Buschgro\u00dfmutter<\/h2>\t\t\t\t<\/div>\n\t\t<div class=\"elementor-element elementor-element-d5d0260c e-con-full e-flex e-con e-child\" data-id=\"d5d0260c\" data-element_type=\"container\" data-e-type=\"container\">\n\t\t\t\t<div class=\"elementor-element elementor-element-341be2ac elementor-widget elementor-widget-text-editor\" data-id=\"341be2ac\" data-element_type=\"widget\" data-e-type=\"widget\" data-widget_type=\"text-editor.default\">\n\t\t\t\t\t\t\t\t\t<p>Mosaf\u00f3lki\u00f0 heyrir til villta f\u00f3lksins \u00ed \u00fe\u00fdskri sagnahef\u00f0, h\u00f3ps l\u00edtilla sk\u00f3garv\u00e6tta \u00e1 milli dverga og n\u00e1tt\u00faruv\u00e6tta. Jacob Grimm fjallar um vi\u00f0ar- og mosaf\u00f3lk \u00ed Deutsche Mythologie \u00ed samhengi \u00e1lfa og dverga og undirstrikar tengsl \u00feeirra vi\u00f0 tr\u00e9 og sk\u00f3g. Deutsche Sagen Grimmbr\u00e6\u00f0ra var\u00f0veita undir n\u00fameri 48 s\u00f6gnina Der wilde J\u00e4ger jagt die Moosleute fr\u00e1 Saalfeld-h\u00e9ra\u00f0i, sem var\u00f0veitir kjarnaminni vei\u00f0anna.<\/p><p>Wilhelm Mannhardt safna\u00f0i \u00ed riti s\u00ednu Wald- und Feldkulte heimildum \u00far \u00de\u00fdringalandi, Saxlandi, Vogtland og B\u00e6heimi og t\u00falka\u00f0i mosakonurnar sem birtingarmynd trj\u00e1s\u00e1lar; greinin Waldgeister \u00ed Handw\u00f6rterbuch des deutschen Aberglaubens tekur saman sagnaefni\u00f0 \u00far \u00f6llu m\u00e1lsv\u00e6\u00f0inu. \u00cd saxnesk-b\u00e6heimskum s\u00f6gnum lei\u00f0ir Buschgro\u00dfmutter mosa- og vi\u00f0arf\u00f3lki\u00f0, og \u00e1 sumum st\u00f6\u00f0um voru verurnar endurt\u00falka\u00f0ar kristilega sem f\u00e1t\u00e6kar s\u00e1lir sem bi\u00f0u lausnar.<\/p>\t\t\t\t\t\t\t\t<\/div>\n\t\t\t\t<\/div>\n\t\t\t\t\t<\/div>\n\t\t\t\t<\/div>\n\t\t<div class=\"elementor-element elementor-element-5a584676 e-flex e-con-boxed e-con e-parent\" data-id=\"5a584676\" data-element_type=\"container\" data-e-type=\"container\">\n\t\t\t\t\t<div class=\"e-con-inner\">\n\t\t\t\t<div class=\"elementor-element elementor-element-6d0757bf elementor-widget elementor-widget-heading\" data-id=\"6d0757bf\" data-element_type=\"widget\" data-e-type=\"widget\" data-widget_type=\"heading.default\">\n\t\t\t\t\t<h2 class=\"elementor-heading-title elementor-size-default\">\u00c1framhaldandi l\u00edf og t\u00falkun<\/h2>\t\t\t\t<\/div>\n\t\t<div class=\"elementor-element elementor-element-60563f68 e-con-full e-flex e-con e-child\" data-id=\"60563f68\" data-element_type=\"container\" data-e-type=\"container\">\n\t\t\t\t<div class=\"elementor-element elementor-element-5a93fdd6 elementor-widget elementor-widget-text-editor\" data-id=\"5a93fdd6\" data-element_type=\"widget\" data-e-type=\"widget\" data-widget_type=\"text-editor.default\">\n\t\t\t\t\t\t\t\t\t<p>S\u00f6fn Grimmbr\u00e6\u00f0ra og Ludwigs Bechstein ger\u00f0u mosaf\u00f3lki\u00f0 b\u00f3kmenntah\u00e6ft \u00e1 19. \u00f6ld; r\u00f3mant\u00edkin lesa \u00feau sem r\u00f6dd hins \u00f3gna\u00f0a sk\u00f3gar. \u00cd dag m\u00e1 finna \u00feau \u00e1 sagna- og g\u00f6ngulei\u00f0um \u00ed Vogtland, Fichtelgebirge og B\u00f6hmersk\u00f3gi, sem og \u00ed heimah\u00e9ra\u00f0ab\u00f3kmenntum upprunasv\u00e6\u00f0anna. Enskum\u00e6landi fantas\u00edub\u00f3kmenntir hafa teki\u00f0 upp veruna sem moss people og f\u00e6rt hana inn \u00ed hlutverkaleiki og leikjaheima.<\/p><p>Tr\u00faarfr\u00e6\u00f0ilega heyrir mosaf\u00f3lki\u00f0 til hinnar svok\u00f6llu\u00f0u l\u00e6gri go\u00f0afr\u00e6\u00f0i, sta\u00f0bundinna og hlutverksbundinna v\u00e6tta ne\u00f0an go\u00f0aveldis. Mannhardt t\u00falka\u00f0i \u00fe\u00e6r sem gr\u00f3\u00f0ur- og trj\u00e1s\u00e1larv\u00e6ttir; \u00feessi lestur m\u00f3ta\u00f0i eldri ranns\u00f3knir en er n\u00fa metinn me\u00f0 meiri varf\u00e6rni. N\u00fdrri \u00fej\u00f3\u00f0h\u00e1ttafr\u00e6\u00f0i skilur sagnirnar sem sagnahef\u00f0 um sk\u00f3garvinnu, f\u00e1t\u00e6kt og ve\u00f0ur\u00f3tta, \u00fear sem f\u00e9lagsleg reynsla og n\u00e1tt\u00farut\u00falkun renna saman. Kristileg endurt\u00falkun \u00feeirra sem f\u00e1t\u00e6kra s\u00e1lna og krossm\u00f6rk verndarsi\u00f0anna s\u00fdna hvernig kirkjulegar og fyrirkirkjulegar hugmyndir tvinnu\u00f0ust saman.<\/p>\t\t\t\t\t\t\t\t<\/div>\n\t\t\t\t<\/div>\n\t\t\t\t\t<\/div>\n\t\t\t\t<\/div>\n\t\t<div class=\"elementor-element elementor-element-cp9a031aa e-flex e-con-boxed e-con e-parent\" data-id=\"cp9a031aa\" data-element_type=\"container\" data-e-type=\"container\">\n\t\t\t\t\t<div class=\"e-con-inner\">\n\t\t\t\t<div class=\"elementor-element elementor-element-cp9193514 elementor-widget elementor-widget-heading\" data-id=\"cp9193514\" data-element_type=\"widget\" data-e-type=\"widget\" data-widget_type=\"heading.default\">\n\t\t\t\t\t<h2 class=\"elementor-heading-title elementor-size-default\">\u00der\u00edr krossar og eitt brau\u00f0: hinir var\u00f0veittu si\u00f0ir<\/h2>\t\t\t\t<\/div>\n\t\t<div class=\"elementor-element elementor-element-cp02ca0ee e-con-full e-flex e-con e-child\" data-id=\"cp02ca0ee\" data-element_type=\"container\" data-e-type=\"container\">\n\t\t\t\t<div class=\"elementor-element elementor-element-cp444e0f1 elementor-widget elementor-widget-text-editor\" data-id=\"cp444e0f1\" data-element_type=\"widget\" data-e-type=\"widget\" data-widget_type=\"text-editor.default\">\n\t\t\t\t\t\t\t\t\t<p>\u00dej\u00f3\u00f0si\u00f0irnir sem var\u00f0veist hafa sn\u00faast s\u00ed\u00f0ur a\u00f0 v\u00f6rnum en a\u00f0 g\u00f3\u00f0ri samb\u00fa\u00f0. Vel sta\u00f0fest eru \u00ferj\u00fa krossm\u00f6rk sem sk\u00f3garh\u00f6ggsma\u00f0urinn hj\u00f3 me\u00f0 \u00f6xinni \u00ed stubb tr\u00e9sins sem fellt var; \u00e1 sl\u00edkum stubbi var mosakonan (Moosweibchen) \u00f6llum \u00f3hult fyrir Villta vei\u00f0imanninum, og heimili h\u00f6ggsmannsins fylgdi \u00feessi si\u00f0ur talinn til blessunar. \u00deegar baka\u00f0 var heima var aukabrau\u00f0 lagt til hli\u00f0ar fyrir sk\u00f3garf\u00f3lki\u00f0. \u00de\u00fdringsk-vogtlensk v\u00edsa dregur saman bannhelgina: Flettu engan trj\u00e1stofn, seg\u00f0u engum draum, baka\u00f0u ekkert k\u00famen \u00ed brau\u00f0i\u00f0, \u00fe\u00e1 hj\u00e1lpar gu\u00f0 \u00fe\u00e9r \u00far allri nau\u00f0. S\u00e1 sem v\u00edkur hlj\u00f3\u00f0lega undan Villtu vei\u00f0inni og hr\u00f3par ekki h\u00e6\u00f0nisor\u00f0 \u00e1 eftir henni, samkv\u00e6mt s\u00f6gnunum, sleppur \u00f3meiddur.<\/p>\t\t\t\t\t\t\t\t<\/div>\n\t\t\t\t<\/div>\n\t\t\t\t\t<\/div>\n\t\t\t\t<\/div>\n\t\t<div class=\"elementor-element elementor-element-cp11de5b2 e-flex e-con-boxed e-con e-parent\" data-id=\"cp11de5b2\" data-element_type=\"container\" data-e-type=\"container\">\n\t\t\t\t\t<div class=\"e-con-inner\">\n\t\t\t\t<div class=\"elementor-element elementor-element-cp8d35271 elementor-widget elementor-widget-heading\" data-id=\"cp8d35271\" data-element_type=\"widget\" data-e-type=\"widget\" data-widget_type=\"heading.default\">\n\t\t\t\t\t<h2 class=\"elementor-heading-title elementor-size-default\">Sk\u00f3garn\u00e1grannar \u00ed \u00f6\u00f0rum hef\u00f0um<\/h2>\t\t\t\t<\/div>\n\t\t<div class=\"elementor-element elementor-element-cp02f26b8 e-con-full e-flex e-con e-child\" data-id=\"cp02f26b8\" data-element_type=\"container\" data-e-type=\"container\">\n\t\t\t\t<div class=\"elementor-element elementor-element-cp58c4390 elementor-widget elementor-widget-text-editor\" data-id=\"cp58c4390\" data-element_type=\"widget\" data-e-type=\"widget\" data-widget_type=\"text-editor.default\">\n\t\t\t\t\t\t\t\t\t<p>Sv\u00e6\u00f0isbundnar sk\u00f3garv\u00e6ttir me\u00f0 eigin reglur m\u00e1 finna \u00ed n\u00e6r hverri hef\u00f0: Slavneski <a href=\"https:\/\/iwell-guard.com\/is\/leshy\/\">Leshy<\/a> r\u00e6\u00f0ur sem sk\u00f3garherra yfir s\u00ednu sv\u00e6\u00f0i, s\u00e6nska Skogsr\u00e5, sem \u00e1 \u00feessari s\u00ed\u00f0u er fjalla\u00f0 um sem <a href=\"https:\/\/iwell-guard.com\/is\/?page_id=169581\">Huldra<\/a>, og gr\u00edsku trj\u00e1d\u00edsirnar, <a href=\"https:\/\/iwell-guard.com\/is\/?page_id=169591\">Dryadarnir<\/a> (Dryaden), deila hina n\u00e1nu bindingu vi\u00f0 tr\u00e9 og sk\u00f3g. Innan \u00fe\u00fdskrar hef\u00f0ar standa <a href=\"https:\/\/iwell-guard.com\/is\/?page_id=169576\">Holzfr\u00e4ulein<\/a> fr\u00e1 Oberpfalz auk <a href=\"https:\/\/iwell-guard.com\/is\/?page_id=169579\">Schrat<\/a> og <a href=\"https:\/\/iwell-guard.com\/is\/?page_id=169580\">Villta manninum<\/a> (Wilder Mann) sem a\u00f0rar villtar v\u00e6ttir vi\u00f0 hli\u00f0 \u00feeirra. \u00d3l\u00edkt m\u00f6rgum \u00feessara gestalta eru mosaf\u00f3lkin s\u00ed\u00f0ur hugsu\u00f0 sem valdsmiklar verur, heldur sm\u00e1ar, f\u00e1t\u00e6kar og sj\u00e1lf berskjalda\u00f0ar.<\/p>\t\t\t\t\t\t\t\t<\/div>\n\t\t\t\t<\/div>\n\t\t\t\t\t<\/div>\n\t\t\t\t<\/div>\n\t\t<div class=\"elementor-element elementor-element-cp406577c e-flex e-con-boxed e-con e-parent\" data-id=\"cp406577c\" data-element_type=\"container\" data-e-type=\"container\">\n\t\t\t\t\t<div class=\"e-con-inner\">\n\t\t\t\t<div class=\"elementor-element elementor-element-cpdd9c543 elementor-widget elementor-widget-heading\" data-id=\"cpdd9c543\" data-element_type=\"widget\" data-e-type=\"widget\" data-widget_type=\"heading.default\">\n\t\t\t\t\t<h2 class=\"elementor-heading-title elementor-size-default\">Algengar spurningar um mosaf\u00f3lki\u00f0<\/h2>\t\t\t\t<\/div>\n\t\t<div class=\"elementor-element elementor-element-cp9e731bb e-con-full e-flex e-con e-child\" data-id=\"cp9e731bb\" data-element_type=\"container\" data-e-type=\"container\">\n\t\t\t\t<div class=\"elementor-element elementor-element-cpa7c898c elementor-widget elementor-widget-text-editor\" data-id=\"cpa7c898c\" data-element_type=\"widget\" data-e-type=\"widget\" data-widget_type=\"text-editor.default\">\n\t\t\t\t\t\t\t\t\t<p><strong>Er mosaf\u00f3lki\u00f0 h\u00e6ttulegt?<\/strong><\/p><p>Samkv\u00e6mt s\u00f6gnunum ekki. Mosaf\u00f3lki\u00f0 er tali\u00f0 hl\u00e9dr\u00e6gt og velvilja\u00f0; \u00fea\u00f0 hj\u00e1lpar og varar vi\u00f0, og gj\u00f6fum er launa\u00f0. \u00d3kostir koma fyrst upp \u00feegar \u00feau eru s\u00e1rt m\u00f3\u00f0gu\u00f0, til d\u00e6mis me\u00f0 k\u00famenbrau\u00f0i e\u00f0a me\u00f0 \u00fev\u00ed a\u00f0 flengja lifandi tr\u00e9. \u00de\u00e1 draga \u00feau blessun s\u00edna fr\u00e1 heimilinu \u00e1n \u00feess a\u00f0 r\u00e1\u00f0ast sj\u00e1lf \u00e1 neinn.<\/p><p><strong>Hvers vegna vei\u00f0ir Villti vei\u00f0ima\u00f0urinn mosaf\u00f3lki\u00f0?<\/strong><\/p><p>S\u00f6gurnar segja fr\u00e1 vei\u00f0unum sem fastm\u00f3tu\u00f0um \u00f6rl\u00f6gum, \u00e1n \u00feess a\u00f0 nefna nokkra \u00e1st\u00e6\u00f0u. Eldri ranns\u00f3knir s\u00e1u \u00ed \u00feessu n\u00e1tt\u00farumynd: storminn sem \u00e6\u00f0ir yfir sk\u00f3ginn og hrekur trj\u00e1s\u00e1lirnar \u00e1 fl\u00f3tta. \u00d6ruggt er a\u00f0eins minni\u00f0 sj\u00e1lft, sem var\u00f0veitt er \u00ed Deutsche Sagen br\u00e6\u00f0ranna Grimm undir n\u00famer 48.<\/p><p><strong>Hva\u00f0 \u00fe\u00fd\u00f0a \u00ferj\u00fa krossm\u00f6rkin \u00e1 trj\u00e1stubbnum?<\/strong><\/p><p>H\u00f6ggi sk\u00f3garh\u00f6ggsma\u00f0urinn \u00ferj\u00fa krossm\u00f6rk \u00ed stubbinn vi\u00f0 fellingu, telst stubburinn gri\u00f0asta\u00f0ur: mosakona sem bjargar s\u00e9r \u00feanga\u00f0 upp ver\u00f0ur ekki gripin af Villta vei\u00f0imanninum. Si\u00f0urinn tengir kristi\u00f0 t\u00e1kn og sk\u00f3gartr\u00fa, og var jafnframt talinn blessunarverk fyrir h\u00f6ggsmanninn sj\u00e1lfan.<\/p>\t\t\t\t\t\t\t\t<\/div>\n\t\t\t\t<\/div>\n\t\t\t\t\t<\/div>\n\t\t\t\t<\/div>\n\t\t<div class=\"elementor-element elementor-element-36dd7469 e-flex e-con-boxed e-con e-parent\" data-id=\"36dd7469\" data-element_type=\"container\" data-e-type=\"container\">\n\t\t\t\t\t<div class=\"e-con-inner\">\n\t\t\t\t<div class=\"elementor-element elementor-element-13760ab4 elementor-widget elementor-widget-heading\" data-id=\"13760ab4\" data-element_type=\"widget\" data-e-type=\"widget\" data-widget_type=\"heading.default\">\n\t\t\t\t\t<h2 class=\"elementor-heading-title elementor-size-default\">\u00cdtarefni og tenglar<\/h2>\t\t\t\t<\/div>\n\t\t<div class=\"elementor-element elementor-element-28c87796 e-con-full e-flex e-con e-child\" data-id=\"28c87796\" data-element_type=\"container\" data-e-type=\"container\">\n\t\t\t\t<div class=\"elementor-element elementor-element-5d6538df elementor-widget elementor-widget-text-editor\" data-id=\"5d6538df\" data-element_type=\"widget\" data-e-type=\"widget\" data-widget_type=\"text-editor.default\">\n\t\t\t\t\t\t\t\t\t<p>R\u00e1\u00f0lag\u00f0ar innri tenglar:<\/p><ul><li><a href=\"https:\/\/iwell-guard.com\/is\/germonsk\/\">Germanskt<\/a> \u2013 allar v\u00e6ttir germanskrar hef\u00f0ar<\/li><li><a href=\"https:\/\/iwell-guard.com\/is\/?page_id=169576\">Holzfr\u00e4ulein<\/a> \u2013 Oberpfalz-fr\u00e6nka mosakvenna<\/li><li><a href=\"https:\/\/iwell-guard.com\/is\/?page_id=169579\">Schrat<\/a> og <a href=\"https:\/\/iwell-guard.com\/is\/?page_id=169580\">Villti ma\u00f0urinn<\/a> \u2013 a\u00f0rar villtar v\u00e6ttir \u00fe\u00fdska sk\u00f3garins<\/li><li><a href=\"https:\/\/iwell-guard.com\/is\/throskuldarvernd\/\">\u00der\u00f6skuldsv\u00f6rn<\/a>, <a href=\"https:\/\/iwell-guard.com\/is\/salt-sem-verndargripur\/\">Salt<\/a>, <a href=\"https:\/\/iwell-guard.com\/is\/einir\/\">Einir<\/a>, <a href=\"https:\/\/iwell-guard.com\/is\/bjollur-og-skellur-havaer-vorn\/\">Bj\u00f6llur<\/a> \u2013 var\u00f0veitt verndarr\u00e1\u00f0<\/li><li><a href=\"https:\/\/iwell-guard.com\/is\/verndarleidarvisir\/\">Verndarkomp\u00e1sinn<\/a> \u2013 yfirlit verndarr\u00e1\u00f0a<\/li><\/ul>\t\t\t\t\t\t\t\t<\/div>\n\t\t\t\t<\/div>\n\t\t\t\t\t<\/div>\n\t\t\t\t<\/div>\n\t\t<div class=\"elementor-element elementor-element-grl4kl40 e-flex e-con-boxed e-con e-parent\" data-id=\"grl4kl40\" data-element_type=\"container\" data-e-type=\"container\">\n\t\t\t\t\t<div class=\"e-con-inner\">\n\t\t\t\t<div class=\"elementor-element elementor-element-bzsbfrmh elementor-widget elementor-widget-heading\" data-id=\"bzsbfrmh\" data-element_type=\"widget\" data-e-type=\"widget\" data-widget_type=\"heading.default\">\n\t\t\t\t\t<h2 class=\"elementor-heading-title elementor-size-default\">Heimildir (\u00farval)<\/h2>\t\t\t\t<\/div>\n\t\t<div class=\"elementor-element elementor-element-2c13224a e-con-full e-flex e-con e-child\" data-id=\"2c13224a\" data-element_type=\"container\" data-e-type=\"container\">\n\t\t\t\t<div class=\"elementor-element elementor-element-0eymh9ub elementor-widget elementor-widget-text-editor\" data-id=\"0eymh9ub\" data-element_type=\"widget\" data-e-type=\"widget\" data-widget_type=\"text-editor.default\">\n\t\t\t\t\t\t\t\t\t<footer class=\"iwg-literatur\" data-nosnippet=\"true\"><p>\u00darval mikilv\u00e6gra frumheimilda og ranns\u00f3kna:<\/p><ul><li><span data-nosnippet>Grimm, Jacob: <em>Deutsche Mythologie<\/em>. 1835.<\/span><\/li><li><span data-nosnippet>Grimm, Jacob und Wilhelm: <em>Deutsche Sagen<\/em>. 2 B\u00e4nde, 1816\/1818.<\/span><\/li><li><span data-nosnippet>Mannhardt, Wilhelm: <em>Wald- und Feldkulte<\/em>. 2 B\u00e4nde, 1875\/1877.<\/span><\/li><li><span data-nosnippet>Bechstein, Ludwig: <em>Th\u00fcringer Sagenbuch<\/em>. 2 B\u00e4nde, 1858.<\/span><\/li><\/ul><\/footer>\n<p class=\"iwg-bib-more\"><span data-nosnippet>Fleiri grunnrit \u00ed <a href=\"https:\/\/iwell-guard.com\/is\/heimildaskra\/\">heimildaskr\u00e1nni<\/a>.<\/span><\/p>\t\t\t\t\t\t\t\t<\/div>\n\t\t\t\t<\/div>\n\t\t\t\t\t<\/div>\n\t\t\t\t<\/div>\n\t\t<div class=\"elementor-element elementor-element-iwgkw2-add-hulijing e-flex e-con-boxed e-con e-parent\" data-id=\"iwgkw2-add-hulijing\" data-element_type=\"container\" data-e-type=\"container\">\n\t\t\t\t\t<div class=\"e-con-inner\">\n\t\t\t\t<div class=\"elementor-element elementor-element-iwgkw2-add-hulijing-t elementor-widget elementor-widget-text-editor\" data-id=\"iwgkw2-add-hulijing-t\" data-element_type=\"widget\" data-e-type=\"widget\" data-widget_type=\"text-editor.default\">\n\t\t\t\t\t\t\t\t\t<p>Fr\u00e1 \u00de\u00fdringalandi til B\u00f6hmerwald ra\u00f0ar hef\u00f0in s\u00f6gu vi\u00f0 s\u00f6gu um mosakonuna, og enn \u00feann dag \u00ed dag hafa mosa- og sk\u00f3garf\u00f3lki\u00f0 fanga\u00f0 athygli b\u00e6\u00f0i go\u00f0afr\u00e6\u00f0i og \u00fej\u00f3\u00f0fr\u00e6\u00f0i: sem sm\u00e1ir, f\u00e1t\u00e6kir sk\u00f3garn\u00e1grannar, sem menn trygg\u00f0u s\u00e9r velvild hj\u00e1 me\u00f0 brau\u00f0i og \u00feremur krossm\u00f6rkum.<\/p>\t\t\t\t\t\t\t\t<\/div>\n\t\t\t\t\t<\/div>\n\t\t\t\t<\/div>\n\t\t\t\t<\/div>\n\t\t","protected":false},"excerpt":{"rendered":"","protected":false},"author":3,"featured_media":20410,"parent":0,"menu_order":0,"comment_status":"closed","ping_status":"closed","template":"elementor_header_footer","meta":{"_yoast_wpseo_focuskw":"mosafolk","_yoast_wpseo_title":"Mosaf\u00f3lk \u2013 sk\u00f3garv\u00e6ttir \u00ed \u00fe\u00fdskri \u00fej\u00f3\u00f0tr\u00fa","_yoast_wpseo_metadesc":"Mosaf\u00f3lk og mosakonur: litlar sk\u00f3garv\u00e6ttir \u00far \u00fe\u00fdskri \u00fej\u00f3\u00f0tr\u00fa, veiddar af Villta vei\u00f0imanninum. Sagnaefni og verndarsi\u00f0ir \u00ed yfirlitinu.","_yoast_wpseo_meta-robots-noindex":"","_yoast_wpseo_canonical":"","_angie_page":false,"gefaehrdungsstufe":"1","wesen_kultur":"germanisch","wesen_klasse":"geister","footnotes":""},"categories":[],"class_list":["post-169577","page","type-page","status-publish","has-post-thumbnail","hentry"],"yoast_head":"<!-- This site is optimized with the Yoast SEO Premium plugin v27.7 (Yoast SEO v28.3) - https:\/\/yoast.com\/product\/yoast-seo-premium-wordpress\/ -->\n<title>Mosaf\u00f3lk \u2013 sk\u00f3garv\u00e6ttir \u00ed \u00fe\u00fdskri \u00fej\u00f3\u00f0tr\u00fa<\/title>\n<meta name=\"description\" content=\"Mosaf\u00f3lk og mosakonur: litlar sk\u00f3garv\u00e6ttir \u00far \u00fe\u00fdskri \u00fej\u00f3\u00f0tr\u00fa, veiddar af Villta vei\u00f0imanninum. Sagnaefni og verndarsi\u00f0ir \u00ed yfirlitinu.\" \/>\n<meta name=\"robots\" content=\"index, follow, max-snippet:-1, max-image-preview:large, max-video-preview:-1\" \/>\n<link rel=\"canonical\" href=\"https:\/\/iwell-guard.com\/is\/mosafolk\/\" \/>\n<meta property=\"og:locale\" content=\"is_IS\" \/>\n<meta property=\"og:type\" content=\"article\" \/>\n<meta property=\"og:title\" content=\"Mosaf\u00f3lk\" \/>\n<meta property=\"og:description\" content=\"Mosaf\u00f3lk og mosakonur: litlar sk\u00f3garv\u00e6ttir \u00far \u00fe\u00fdskri \u00fej\u00f3\u00f0tr\u00fa, veiddar af Villta vei\u00f0imanninum. Sagnaefni og verndarsi\u00f0ir \u00ed yfirlitinu.\" \/>\n<meta property=\"og:url\" content=\"https:\/\/iwell-guard.com\/is\/mosafolk\/\" \/>\n<meta property=\"og:site_name\" content=\"iWell Guard\" \/>\n<meta property=\"article:modified_time\" content=\"2026-09-05T14:49:41+00:00\" \/>\n<meta property=\"og:image\" content=\"https:\/\/iwell-guard.com\/wp-content\/uploads\/2026\/07\/geister_germanisch_moosleute.webp\" \/>\n\t<meta property=\"og:image:width\" content=\"1024\" \/>\n\t<meta property=\"og:image:height\" content=\"1536\" \/>\n\t<meta property=\"og:image:type\" content=\"image\/webp\" \/>\n<meta name=\"twitter:card\" content=\"summary_large_image\" \/>\n<script type=\"application\/ld+json\" class=\"yoast-schema-graph\">{\"@context\":\"https:\\\/\\\/schema.org\",\"@graph\":[{\"@type\":\"WebPage\",\"@id\":\"https:\\\/\\\/iwell-guard.com\\\/is\\\/mosafolk\\\/\",\"url\":\"https:\\\/\\\/iwell-guard.com\\\/is\\\/mosafolk\\\/\",\"name\":\"Mosaf\u00f3lk \u2013 sk\u00f3garv\u00e6ttir \u00ed \u00fe\u00fdskri \u00fej\u00f3\u00f0tr\u00fa\",\"isPartOf\":{\"@id\":\"https:\\\/\\\/iwell-guard.com\\\/is\\\/#website\"},\"primaryImageOfPage\":{\"@id\":\"https:\\\/\\\/iwell-guard.com\\\/is\\\/mosafolk\\\/#primaryimage\"},\"image\":{\"@id\":\"https:\\\/\\\/iwell-guard.com\\\/is\\\/mosafolk\\\/#primaryimage\"},\"thumbnailUrl\":\"https:\\\/\\\/iwell-guard.com\\\/wp-content\\\/uploads\\\/2026\\\/07\\\/geister_germanisch_moosleute.webp\",\"datePublished\":\"2026-09-05T14:09:31+00:00\",\"dateModified\":\"2026-09-05T14:49:41+00:00\",\"description\":\"Mosaf\u00f3lk og mosakonur: litlar sk\u00f3garv\u00e6ttir \u00far \u00fe\u00fdskri \u00fej\u00f3\u00f0tr\u00fa, veiddar af Villta vei\u00f0imanninum. Sagnaefni og verndarsi\u00f0ir \u00ed yfirlitinu.\",\"breadcrumb\":{\"@id\":\"https:\\\/\\\/iwell-guard.com\\\/is\\\/mosafolk\\\/#breadcrumb\"},\"inLanguage\":\"is\",\"potentialAction\":[{\"@type\":\"ReadAction\",\"target\":[\"https:\\\/\\\/iwell-guard.com\\\/is\\\/mosafolk\\\/\"]}]},{\"@type\":\"ImageObject\",\"inLanguage\":\"is\",\"@id\":\"https:\\\/\\\/iwell-guard.com\\\/is\\\/mosafolk\\\/#primaryimage\",\"url\":\"https:\\\/\\\/iwell-guard.com\\\/wp-content\\\/uploads\\\/2026\\\/07\\\/geister_germanisch_moosleute.webp\",\"contentUrl\":\"https:\\\/\\\/iwell-guard.com\\\/wp-content\\\/uploads\\\/2026\\\/07\\\/geister_germanisch_moosleute.webp\",\"width\":1024,\"height\":1536,\"caption\":\"Moosleute, andi \u00far germanskri arfs\u00f6gn\"},{\"@type\":\"BreadcrumbList\",\"@id\":\"https:\\\/\\\/iwell-guard.com\\\/is\\\/mosafolk\\\/#breadcrumb\",\"itemListElement\":[{\"@type\":\"ListItem\",\"position\":1,\"name\":\"Start\",\"item\":\"https:\\\/\\\/iwell-guard.com\\\/is\\\/?page_id=168580\"},{\"@type\":\"ListItem\",\"position\":2,\"name\":\"Mosaf\u00f3lk\"}]},{\"@type\":\"WebSite\",\"@id\":\"https:\\\/\\\/iwell-guard.com\\\/is\\\/#website\",\"url\":\"https:\\\/\\\/iwell-guard.com\\\/is\\\/\",\"name\":\"iWell Guard\",\"description\":\"Schutz vor dunklen Einfl\u00fcssen\",\"publisher\":{\"@id\":\"https:\\\/\\\/iwell-guard.com\\\/is\\\/#organization\"},\"potentialAction\":[{\"@type\":\"SearchAction\",\"target\":{\"@type\":\"EntryPoint\",\"urlTemplate\":\"https:\\\/\\\/iwell-guard.com\\\/is\\\/?s={search_term_string}\"},\"query-input\":{\"@type\":\"PropertyValueSpecification\",\"valueRequired\":true,\"valueName\":\"search_term_string\"}}],\"inLanguage\":\"is\"},{\"@type\":\"Organization\",\"@id\":\"https:\\\/\\\/iwell-guard.com\\\/is\\\/#organization\",\"name\":\"Ittermann electronic GmbH\",\"url\":\"https:\\\/\\\/iwell-guard.com\\\/is\\\/\",\"logo\":{\"@type\":\"ImageObject\",\"inLanguage\":\"is\",\"@id\":\"https:\\\/\\\/iwell-guard.com\\\/is\\\/#\\\/schema\\\/logo\\\/image\\\/\",\"url\":\"https:\\\/\\\/iwell-guard.com\\\/wp-content\\\/uploads\\\/2026\\\/05\\\/Ittermann-Logo-1182x237-1.png\",\"contentUrl\":\"https:\\\/\\\/iwell-guard.com\\\/wp-content\\\/uploads\\\/2026\\\/05\\\/Ittermann-Logo-1182x237-1.png\",\"width\":1182,\"height\":237,\"caption\":\"Ittermann electronic GmbH\"},\"image\":{\"@id\":\"https:\\\/\\\/iwell-guard.com\\\/is\\\/#\\\/schema\\\/logo\\\/image\\\/\"},\"sameAs\":[\"https:\\\/\\\/pantip.com\\\/profile\\\/9367242\",\"https:\\\/\\\/micro.blog\\\/iwellguard\",\"https:\\\/\\\/www.diggerslist.com\\\/iwellguard\\\/about\",\"https:\\\/\\\/skitterphoto.com\\\/photographers\\\/2870314\\\/iwell-guard\",\"https:\\\/\\\/iwellguard.wordpress.com\\\/2026\\\/06\\\/06\\\/iwell-guard\\\/\",\"https:\\\/\\\/hub.docker.com\\\/u\\\/iwellguard\",\"https:\\\/\\\/www.pinterest.com\\\/iwellguard\\\/\",\"https:\\\/\\\/bit.ly\\\/m\\\/iwellguard\",\"https:\\\/\\\/entre-vos-mains.alsace.eu\\\/profiles\\\/iwellguard\\\/activity\",\"https:\\\/\\\/gravatar.com\\\/reallybeded8fd34\",\"https:\\\/\\\/naijamatta.com\\\/iwellguard\",\"https:\\\/\\\/www.goodreads.com\\\/iwellguard\",\"https:\\\/\\\/profile.hatena.ne.jp\\\/iwellguard\\\/\",\"https:\\\/\\\/experiment.com\\\/users\\\/iwellguard\",\"https:\\\/\\\/wakelet.com\\\/@iWellGuard82270\",\"https:\\\/\\\/www.chordie.com\\\/forum\\\/profile.php?id=2555664\",\"https:\\\/\\\/www.instapaper.com\\\/p\\\/17757966\",\"https:\\\/\\\/www.mapleprimes.com\\\/users\\\/iwellguard\",\"https:\\\/\\\/businesslistingplus.com\\\/profile\\\/iwell-guard\\\/\",\"https:\\\/\\\/telegra.ph\\\/iWell-Guard-06-06\",\"https:\\\/\\\/pbase.com\\\/iwellguard\\\/iwellguard\",\"https:\\\/\\\/b.hatena.ne.jp\\\/iwellguard\\\/20260607#bookmark-4788405196491818882\",\"https:\\\/\\\/fliphtml5.com\\\/home\\\/iwellguard\",\"https:\\\/\\\/anyflip.com\\\/homepage\\\/cmiwl#About\",\"https:\\\/\\\/transfur.com\\\/Users\\\/iwellguard\",\"http:\\\/\\\/delphi.larsbo.org\\\/user\\\/iwellguard\",\"https:\\\/\\\/jobs.lajobsportal.org\\\/profiles\\\/8380803-iwell-guard\",\"https:\\\/\\\/md.chaosdorf.de\\\/s\\\/jfbe5SBdJD\",\"https:\\\/\\\/www.lingvolive.com\\\/en-us\\\/profile\\\/9ecaeaca-ce11-4e51-9e71-01d55e2bff36\\\/translations\",\"https:\\\/\\\/www.fitday.com\\\/fitness\\\/forums\\\/members\\\/iwellguard.html\",\"https:\\\/\\\/www.mymeetbook.com\\\/iwellguard\",\"https:\\\/\\\/pxhere.com\\\/en\\\/photographer-me\\\/5040798\",\"https:\\\/\\\/disqus.com\\\/by\\\/iwellguard\\\/about\\\/\",\"https:\\\/\\\/pastelink.net\\\/hjwciqwq\",\"https:\\\/\\\/pubhtml5.com\\\/homepage\\\/scjhn\\\/\",\"https:\\\/\\\/www.bitchute.com\\\/channel\\\/2O2eOKzNqujT\",\"https:\\\/\\\/audiomack.com\\\/iwellguard\"]},{\"@type\":\"Article\",\"@id\":\"https:\\\/\\\/iwell-guard.com\\\/is\\\/mosafolk\\\/#article\",\"isPartOf\":{\"@id\":\"https:\\\/\\\/iwell-guard.com\\\/is\\\/mosafolk\\\/\"},\"author\":{\"name\":\"Ralf Ittermann\",\"@id\":\"https:\\\/\\\/iwell-guard.com\\\/is\\\/#\\\/schema\\\/person\\\/ee2a27f1cac3406c7c6fb5820cb7349f\"},\"headline\":\"Mosaf\u00f3lk\",\"datePublished\":\"2026-09-05T14:09:31+00:00\",\"dateModified\":\"2026-09-05T14:49:41+00:00\",\"mainEntityOfPage\":{\"@id\":\"https:\\\/\\\/iwell-guard.com\\\/is\\\/mosafolk\\\/\"},\"publisher\":{\"@id\":\"https:\\\/\\\/iwell-guard.com\\\/is\\\/#organization\"},\"image\":{\"@id\":\"https:\\\/\\\/iwell-guard.com\\\/is\\\/mosafolk\\\/#primaryimage\"},\"thumbnailUrl\":\"https:\\\/\\\/iwell-guard.com\\\/wp-content\\\/uploads\\\/2026\\\/07\\\/geister_germanisch_moosleute.webp\",\"inLanguage\":\"is\",\"description\":\"Mosaf\u00f3lk og mosakonur: litlar sk\u00f3garv\u00e6ttir \u00far \u00fe\u00fdskri \u00fej\u00f3\u00f0tr\u00fa, veiddar af Villta vei\u00f0imanninum. Sagnaefni og verndarsi\u00f0ir \u00ed yfirlitinu.\"}]}<\/script>\n<!-- \/ Yoast SEO Premium plugin. -->","yoast_head_json":{"title":"Mosaf\u00f3lk \u2013 sk\u00f3garv\u00e6ttir \u00ed \u00fe\u00fdskri \u00fej\u00f3\u00f0tr\u00fa","description":"Mosaf\u00f3lk og mosakonur: litlar sk\u00f3garv\u00e6ttir \u00far \u00fe\u00fdskri \u00fej\u00f3\u00f0tr\u00fa, veiddar af Villta vei\u00f0imanninum. Sagnaefni og verndarsi\u00f0ir \u00ed yfirlitinu.","robots":{"index":"index","follow":"follow","max-snippet":"max-snippet:-1","max-image-preview":"max-image-preview:large","max-video-preview":"max-video-preview:-1"},"canonical":"https:\/\/iwell-guard.com\/is\/mosafolk\/","og_locale":"is_IS","og_type":"article","og_title":"Mosaf\u00f3lk","og_description":"Mosaf\u00f3lk og mosakonur: litlar sk\u00f3garv\u00e6ttir \u00far \u00fe\u00fdskri \u00fej\u00f3\u00f0tr\u00fa, veiddar af Villta vei\u00f0imanninum. Sagnaefni og verndarsi\u00f0ir \u00ed yfirlitinu.","og_url":"https:\/\/iwell-guard.com\/is\/mosafolk\/","og_site_name":"iWell Guard","article_modified_time":"2026-09-05T14:49:41+00:00","og_image":[{"width":1024,"height":1536,"url":"https:\/\/iwell-guard.com\/wp-content\/uploads\/2026\/07\/geister_germanisch_moosleute.webp","type":"image\/webp"}],"twitter_card":"summary_large_image","schema":{"@context":"https:\/\/schema.org","@graph":[{"@type":"Article","@id":"https:\/\/iwell-guard.com\/is\/mosafolk\/#article","isPartOf":{"@id":"https:\/\/iwell-guard.com\/is\/mosafolk\/"},"author":{"name":"Ralf Ittermann","@id":"https:\/\/iwell-guard.com\/is\/#\/schema\/person\/ee2a27f1cac3406c7c6fb5820cb7349f"},"headline":"Mosaf\u00f3lk","datePublished":"2026-09-05T14:09:31+00:00","dateModified":"2026-09-05T14:49:41+00:00","mainEntityOfPage":{"@id":"https:\/\/iwell-guard.com\/is\/mosafolk\/"},"publisher":{"@id":"https:\/\/iwell-guard.com\/is\/#organization"},"image":{"@id":"https:\/\/iwell-guard.com\/is\/mosafolk\/#primaryimage"},"thumbnailUrl":"https:\/\/iwell-guard.com\/wp-content\/uploads\/2026\/07\/geister_germanisch_moosleute.webp","inLanguage":"is","description":"Mosaf\u00f3lk og mosakonur: litlar sk\u00f3garv\u00e6ttir \u00far \u00fe\u00fdskri \u00fej\u00f3\u00f0tr\u00fa, veiddar af Villta vei\u00f0imanninum. Sagnaefni og verndarsi\u00f0ir \u00ed yfirlitinu."},{"@type":"WebPage","@id":"https:\/\/iwell-guard.com\/is\/mosafolk\/","url":"https:\/\/iwell-guard.com\/is\/mosafolk\/","name":"Mosaf\u00f3lk \u2013 sk\u00f3garv\u00e6ttir \u00ed \u00fe\u00fdskri \u00fej\u00f3\u00f0tr\u00fa","isPartOf":{"@id":"https:\/\/iwell-guard.com\/is\/#website"},"primaryImageOfPage":{"@id":"https:\/\/iwell-guard.com\/is\/mosafolk\/#primaryimage"},"image":{"@id":"https:\/\/iwell-guard.com\/is\/mosafolk\/#primaryimage"},"thumbnailUrl":"https:\/\/iwell-guard.com\/wp-content\/uploads\/2026\/07\/geister_germanisch_moosleute.webp","datePublished":"2026-09-05T14:09:31+00:00","dateModified":"2026-09-05T14:49:41+00:00","description":"Mosaf\u00f3lk og mosakonur: litlar sk\u00f3garv\u00e6ttir \u00far \u00fe\u00fdskri \u00fej\u00f3\u00f0tr\u00fa, veiddar af Villta vei\u00f0imanninum. Sagnaefni og verndarsi\u00f0ir \u00ed yfirlitinu.","breadcrumb":{"@id":"https:\/\/iwell-guard.com\/is\/mosafolk\/#breadcrumb"},"inLanguage":"is","potentialAction":[{"@type":"ReadAction","target":["https:\/\/iwell-guard.com\/is\/mosafolk\/"]}]},{"@type":"ImageObject","inLanguage":"is","@id":"https:\/\/iwell-guard.com\/is\/mosafolk\/#primaryimage","url":"https:\/\/iwell-guard.com\/wp-content\/uploads\/2026\/07\/geister_germanisch_moosleute.webp","contentUrl":"https:\/\/iwell-guard.com\/wp-content\/uploads\/2026\/07\/geister_germanisch_moosleute.webp","width":1024,"height":1536,"caption":"Moosleute, andi \u00far germanskri arfs\u00f6gn"},{"@type":"BreadcrumbList","@id":"https:\/\/iwell-guard.com\/is\/mosafolk\/#breadcrumb","itemListElement":[{"@type":"ListItem","position":1,"name":"Start","item":"https:\/\/iwell-guard.com\/is\/?page_id=168580"},{"@type":"ListItem","position":2,"name":"Mosaf\u00f3lk"}]},{"@type":"WebSite","@id":"https:\/\/iwell-guard.com\/is\/#website","url":"https:\/\/iwell-guard.com\/is\/","name":"iWell Guard","description":"Schutz vor dunklen Einfl\u00fcssen","publisher":{"@id":"https:\/\/iwell-guard.com\/is\/#organization"},"potentialAction":[{"@type":"SearchAction","target":{"@type":"EntryPoint","urlTemplate":"https:\/\/iwell-guard.com\/is\/?s={search_term_string}"},"query-input":{"@type":"PropertyValueSpecification","valueRequired":true,"valueName":"search_term_string"}}],"inLanguage":"is"},{"@type":"Organization","@id":"https:\/\/iwell-guard.com\/is\/#organization","name":"Ittermann electronic GmbH","url":"https:\/\/iwell-guard.com\/is\/","logo":{"@type":"ImageObject","inLanguage":"is","@id":"https:\/\/iwell-guard.com\/is\/#\/schema\/logo\/image\/","url":"https:\/\/iwell-guard.com\/wp-content\/uploads\/2026\/05\/Ittermann-Logo-1182x237-1.png","contentUrl":"https:\/\/iwell-guard.com\/wp-content\/uploads\/2026\/05\/Ittermann-Logo-1182x237-1.png","width":1182,"height":237,"caption":"Ittermann electronic GmbH"},"image":{"@id":"https:\/\/iwell-guard.com\/is\/#\/schema\/logo\/image\/"},"sameAs":["https:\/\/pantip.com\/profile\/9367242","https:\/\/micro.blog\/iwellguard","https:\/\/www.diggerslist.com\/iwellguard\/about","https:\/\/skitterphoto.com\/photographers\/2870314\/iwell-guard","https:\/\/iwellguard.wordpress.com\/2026\/06\/06\/iwell-guard\/","https:\/\/hub.docker.com\/u\/iwellguard","https:\/\/www.pinterest.com\/iwellguard\/","https:\/\/bit.ly\/m\/iwellguard","https:\/\/entre-vos-mains.alsace.eu\/profiles\/iwellguard\/activity","https:\/\/gravatar.com\/reallybeded8fd34","https:\/\/naijamatta.com\/iwellguard","https:\/\/www.goodreads.com\/iwellguard","https:\/\/profile.hatena.ne.jp\/iwellguard\/","https:\/\/experiment.com\/users\/iwellguard","https:\/\/wakelet.com\/@iWellGuard82270","https:\/\/www.chordie.com\/forum\/profile.php?id=2555664","https:\/\/www.instapaper.com\/p\/17757966","https:\/\/www.mapleprimes.com\/users\/iwellguard","https:\/\/businesslistingplus.com\/profile\/iwell-guard\/","https:\/\/telegra.ph\/iWell-Guard-06-06","https:\/\/pbase.com\/iwellguard\/iwellguard","https:\/\/b.hatena.ne.jp\/iwellguard\/20260607#bookmark-4788405196491818882","https:\/\/fliphtml5.com\/home\/iwellguard","https:\/\/anyflip.com\/homepage\/cmiwl#About","https:\/\/transfur.com\/Users\/iwellguard","http:\/\/delphi.larsbo.org\/user\/iwellguard","https:\/\/jobs.lajobsportal.org\/profiles\/8380803-iwell-guard","https:\/\/md.chaosdorf.de\/s\/jfbe5SBdJD","https:\/\/www.lingvolive.com\/en-us\/profile\/9ecaeaca-ce11-4e51-9e71-01d55e2bff36\/translations","https:\/\/www.fitday.com\/fitness\/forums\/members\/iwellguard.html","https:\/\/www.mymeetbook.com\/iwellguard","https:\/\/pxhere.com\/en\/photographer-me\/5040798","https:\/\/disqus.com\/by\/iwellguard\/about\/","https:\/\/pastelink.net\/hjwciqwq","https:\/\/pubhtml5.com\/homepage\/scjhn\/","https:\/\/www.bitchute.com\/channel\/2O2eOKzNqujT","https:\/\/audiomack.com\/iwellguard"]},{"@type":"Person","@id":"https:\/\/iwell-guard.com\/is\/#\/schema\/person\/ee2a27f1cac3406c7c6fb5820cb7349f","name":"Ralf Ittermann","image":{"@type":"ImageObject","inLanguage":"is","@id":"https:\/\/secure.gravatar.com\/avatar\/073c0153e350a5005b68eb752b445fea71f6b24a26da9449ad7e155e6b446c9d?s=96&d=mm&r=g","url":"https:\/\/secure.gravatar.com\/avatar\/073c0153e350a5005b68eb752b445fea71f6b24a26da9449ad7e155e6b446c9d?s=96&d=mm&r=g","contentUrl":"https:\/\/secure.gravatar.com\/avatar\/073c0153e350a5005b68eb752b445fea71f6b24a26da9449ad7e155e6b446c9d?s=96&d=mm&r=g","caption":"Ralf Ittermann"},"givenName":"Ralf","familyName":"Ittermann","jobTitle":"Gesch\u00e4ftsf\u00fchrer und redaktioneller Verantwortlicher","url":"https:\/\/iwell-guard.com\/is\/author\/claude\/","description":"Ralf Ittermann ist Gesch\u00e4ftsf\u00fchrer der Ittermann electronic GmbH und redaktioneller Verantwortlicher des iWell-Guard-Lexikons. Er verbindet langj\u00e4hrige Erfahrung in der Pr\u00e4zisionsfertigung mit medialer Praxis und religionsgeschichtlicher Quellenarbeit.","worksFor":{"@type":"Organization","name":"Ittermann electronic GmbH","url":"https:\/\/ittermann.de\/","address":{"@type":"PostalAddress","streetAddress":"K\u00f6hlergasse 16-18","postalCode":"99842","addressLocality":"Ruhla","addressCountry":"DE"}},"knowsAbout":["Religionsgeschichte","Mythologie","Mediale Praxis","Energetische Diagnostik","Schutzpraxis","Volksglauben","Westliche Esoterik"]},{"@type":"Article","@id":"https:\/\/iwell-guard.com\/is\/mosafolk\/#article","isPartOf":{"@id":"https:\/\/iwell-guard.com\/is\/mosafolk\/"},"author":{"name":"Ralf Ittermann","@id":"https:\/\/iwell-guard.com\/is\/#\/schema\/person\/ee2a27f1cac3406c7c6fb5820cb7349f"},"headline":"Mosaf\u00f3lk","datePublished":"2026-09-05T14:09:31+00:00","dateModified":"2026-09-05T14:49:41+00:00","mainEntityOfPage":{"@id":"https:\/\/iwell-guard.com\/is\/mosafolk\/"},"publisher":{"@id":"https:\/\/iwell-guard.com\/is\/#organization"},"image":{"@id":"https:\/\/iwell-guard.com\/is\/mosafolk\/#primaryimage"},"thumbnailUrl":"https:\/\/iwell-guard.com\/wp-content\/uploads\/2026\/07\/geister_germanisch_moosleute.webp","inLanguage":"is","description":"Mosaf\u00f3lk og mosakonur: litlar sk\u00f3garv\u00e6ttir \u00far \u00fe\u00fdskri \u00fej\u00f3\u00f0tr\u00fa, veiddar af Villta vei\u00f0imanninum. Sagnaefni og verndarsi\u00f0ir \u00ed yfirlitinu."}]}},"_links":{"self":[{"href":"https:\/\/iwell-guard.com\/is\/wp-json\/wp\/v2\/pages\/169577","targetHints":{"allow":["GET"]}}],"collection":[{"href":"https:\/\/iwell-guard.com\/is\/wp-json\/wp\/v2\/pages"}],"about":[{"href":"https:\/\/iwell-guard.com\/is\/wp-json\/wp\/v2\/types\/page"}],"author":[{"embeddable":true,"href":"https:\/\/iwell-guard.com\/is\/wp-json\/wp\/v2\/users\/3"}],"replies":[{"embeddable":true,"href":"https:\/\/iwell-guard.com\/is\/wp-json\/wp\/v2\/comments?post=169577"}],"version-history":[{"count":0,"href":"https:\/\/iwell-guard.com\/is\/wp-json\/wp\/v2\/pages\/169577\/revisions"}],"wp:featuredmedia":[{"embeddable":true,"href":"https:\/\/iwell-guard.com\/is\/wp-json\/wp\/v2\/media\/20410"}],"wp:attachment":[{"href":"https:\/\/iwell-guard.com\/is\/wp-json\/wp\/v2\/media?parent=169577"}],"wp:term":[{"taxonomy":"category","embeddable":true,"href":"https:\/\/iwell-guard.com\/is\/wp-json\/wp\/v2\/categories?post=169577"}],"curies":[{"name":"wp","href":"https:\/\/api.w.org\/{rel}","templated":true}]}}