{"id":169575,"date":"2026-09-05T14:09:30","date_gmt":"2026-09-05T14:09:30","guid":{"rendered":"https:\/\/iwell-guard.com\/?page_id=169575"},"modified":"2026-09-05T14:49:37","modified_gmt":"2026-09-05T14:49:37","slug":"basajaun","status":"publish","type":"page","link":"https:\/\/iwell-guard.com\/is\/basajaun\/","title":{"rendered":"Basajaun"},"content":{"rendered":"\t\t<div data-elementor-type=\"wp-page\" data-elementor-id=\"169575\" class=\"elementor elementor-169575 elementor-19400\" data-elementor-post-type=\"page\">\n\t\t\t\t<div class=\"elementor-element elementor-element-10fdade e-flex e-con-boxed e-con e-parent\" data-id=\"10fdade\" data-element_type=\"container\" data-e-type=\"container\" data-settings=\"{&quot;background_background&quot;:&quot;classic&quot;}\">\n\t\t\t\t\t<div class=\"e-con-inner\">\n\t\t<div class=\"elementor-element elementor-element-herohlft0 e-flex e-con-boxed e-con e-child\" data-id=\"herohlft0\" data-element_type=\"container\" data-e-type=\"container\">\n\t\t\t\t\t<div class=\"e-con-inner\">\n\t\t<div class=\"elementor-element elementor-element-c3ceb64 e-con-full e-flex e-con e-child\" data-id=\"c3ceb64\" data-element_type=\"container\" data-e-type=\"container\">\n\t\t\t\t<div class=\"elementor-element elementor-element-96ae5e1 elementor-widget elementor-widget-heading\" data-id=\"96ae5e1\" data-element_type=\"widget\" data-e-type=\"widget\" data-widget_type=\"heading.default\">\n\t\t\t\t\t<h1 class=\"elementor-heading-title elementor-size-default\">Basajaun, h\u00e6r\u00f0i herra P\u00fdreneafjallask\u00f3ganna<\/h1>\t\t\t\t<\/div>\n\t\t\t\t<div class=\"elementor-element elementor-element-e45238a elementor-widget elementor-widget-text-editor\" data-id=\"e45238a\" data-element_type=\"widget\" data-e-type=\"widget\" data-widget_type=\"text-editor.default\">\n\t\t\t\t\t\t\t\t\t<p>Basajaun er <span class=\"iwg-fachbegriff\" data-tooltip=\"Vera \u00e1n l\u00edkama sem talin er hafa \u00e1hrif \u00ed heiminum.\" tabindex=\"0\">andi<\/span> \u00ed baskneskri hef\u00f0.<\/p><p><strong>Fyssjan hans varar hjar\u00f0menn vi\u00f0 stormi og \u00falfum.<\/strong> Sem herra P\u00fdreneafjallask\u00f3ganna varar Basajaun hjar\u00f0menn vi\u00f0 a\u00f0ste\u00f0jandi h\u00e6ttu. Basajaun er nafn Baska yfir herra sk\u00f3garins, og eftirfarandi texti flokkar hann me\u00f0al sk\u00f3garv\u00e6tta.<\/p>\t\t\t\t\t\t\t\t<\/div>\n\t\t\t\t<\/div>\n\t\t<div class=\"elementor-element elementor-element-klsbdg01 e-con-full e-flex e-con e-parent\" data-id=\"klsbdg01\" data-element_type=\"container\" data-e-type=\"container\">\n\t\t\t\t<div class=\"elementor-element elementor-element-klshtm01 elementor-widget elementor-widget-html\" data-id=\"klshtm01\" data-element_type=\"widget\" data-e-type=\"widget\" data-widget_type=\"html.default\">\n\t\t\t\t\t<div class=\"iwg-pill-row\"><span class=\"iwg-klasse-badge\" tabindex=\"0\" data-tooltip=\"Andi: \u00d3l\u00edkamleg e\u00f0a h\u00e1lfl\u00edkamleg vera, framli\u00f0nir, n\u00e1tt\u00faruv\u00e6ttir, h\u00fasandar e\u00f0a \u00fer\u00f6skuldsver\u00f0ir. Hefur \u00e1hrif \u00ed daglegu l\u00edfi, oft bundinn \u00e1kve\u00f0num st\u00f6\u00f0um e\u00f0a fj\u00f6lskyldum.\">Andi<\/span><span class=\"iwg-kultur-badge\" tabindex=\"0\" data-tooltip=\"Baskneska go\u00f0afr\u00e6\u00f0i me\u00f0 forkristnum gu\u00f0um og helgum fj\u00f6llum.\">Baskaland<\/span><\/div>\t\t\t\t<\/div>\n\t\t\t\t<\/div>\n\t\t<div class=\"elementor-element elementor-element-3f74855 e-con-full e-flex e-con e-child\" data-id=\"3f74855\" data-element_type=\"container\" data-e-type=\"container\">\n\t\t\t\t<div class=\"elementor-element elementor-element-1c30362 elementor-toc--minimized-on-tablet elementor-widget elementor-widget-table-of-contents\" data-id=\"1c30362\" data-element_type=\"widget\" data-e-type=\"widget\" data-settings=\"{&quot;exclude_headings_by_selector&quot;:[],&quot;no_headings_message&quot;:&quot;Engar undirfyrirsagnir fundust \\u00e1 \\u00feessari s\\u00ed\\u00f0u.&quot;,&quot;headings_by_tags&quot;:[&quot;h2&quot;,&quot;h3&quot;],&quot;marker_view&quot;:&quot;bullets&quot;,&quot;icon&quot;:{&quot;value&quot;:&quot;fas fa-circle&quot;,&quot;library&quot;:&quot;fa-solid&quot;,&quot;rendered_tag&quot;:&quot;&lt;svg class=\\&quot;e-font-icon-svg e-fas-circle\\&quot; viewBox=\\&quot;0 0 512 512\\&quot; xmlns=\\&quot;http:\\\/\\\/www.w3.org\\\/2000\\\/svg\\&quot;&gt;&lt;path d=\\&quot;M256 8C119 8 8 119 8 256s111 248 248 248 248-111 248-248S393 8 256 8z\\&quot;&gt;&lt;\\\/path&gt;&lt;\\\/svg&gt;&quot;},&quot;minimize_box&quot;:&quot;yes&quot;,&quot;minimized_on&quot;:&quot;tablet&quot;,&quot;hierarchical_view&quot;:&quot;yes&quot;,&quot;min_height&quot;:{&quot;unit&quot;:&quot;px&quot;,&quot;size&quot;:&quot;&quot;,&quot;sizes&quot;:[]},&quot;min_height_tablet&quot;:{&quot;unit&quot;:&quot;px&quot;,&quot;size&quot;:&quot;&quot;,&quot;sizes&quot;:[]},&quot;min_height_mobile&quot;:{&quot;unit&quot;:&quot;px&quot;,&quot;size&quot;:&quot;&quot;,&quot;sizes&quot;:[]}}\" data-widget_type=\"table-of-contents.default\">\n\t\t\t\t\t\t\t\t\t<div class=\"elementor-toc__header\">\n\t\t\t\t\t\t<h2 class=\"elementor-toc__header-title\">\n\t\t\t\tEfnisyfirlit\t\t\t<\/h2>\n\t\t\t\t\t\t\t\t\t\t<div class=\"elementor-toc__toggle-button elementor-toc__toggle-button--expand\" role=\"button\" tabindex=\"0\" aria-controls=\"elementor-toc__1c30362\" aria-expanded=\"true\" aria-label=\"Open table of contents\"><svg aria-hidden=\"true\" class=\"e-font-icon-svg e-fas-chevron-down\" viewBox=\"0 0 448 512\" xmlns=\"http:\/\/www.w3.org\/2000\/svg\"><path d=\"M207.029 381.476L12.686 187.132c-9.373-9.373-9.373-24.569 0-33.941l22.667-22.667c9.357-9.357 24.522-9.375 33.901-.04L224 284.505l154.745-154.021c9.379-9.335 24.544-9.317 33.901.04l22.667 22.667c9.373 9.373 9.373 24.569 0 33.941L240.971 381.476c-9.373 9.372-24.569 9.372-33.942 0z\"><\/path><\/svg><\/div>\n\t\t\t\t<div class=\"elementor-toc__toggle-button elementor-toc__toggle-button--collapse\" role=\"button\" tabindex=\"0\" aria-controls=\"elementor-toc__1c30362\" aria-expanded=\"true\" aria-label=\"Close table of contents\"><svg aria-hidden=\"true\" class=\"e-font-icon-svg e-fas-chevron-up\" viewBox=\"0 0 448 512\" xmlns=\"http:\/\/www.w3.org\/2000\/svg\"><path d=\"M240.971 130.524l194.343 194.343c9.373 9.373 9.373 24.569 0 33.941l-22.667 22.667c-9.357 9.357-24.522 9.375-33.901.04L224 227.495 69.255 381.516c-9.379 9.335-24.544 9.317-33.901-.04l-22.667-22.667c-9.373-9.373-9.373-24.569 0-33.941L207.03 130.525c9.372-9.373 24.568-9.373 33.941-.001z\"><\/path><\/svg><\/div>\n\t\t\t\t\t<\/div>\n\t\t\t\t<div id=\"elementor-toc__1c30362\" class=\"elementor-toc__body\">\n\t\t\t<div class=\"elementor-toc__spinner-container\">\n\t\t\t\t<svg class=\"elementor-toc__spinner eicon-animation-spin e-font-icon-svg e-eicon-loading\" aria-hidden=\"true\" viewBox=\"0 0 1000 1000\" xmlns=\"http:\/\/www.w3.org\/2000\/svg\"><path d=\"M500 975V858C696 858 858 696 858 500S696 142 500 142 142 304 142 500H25C25 237 238 25 500 25S975 237 975 500 763 975 500 975Z\"><\/path><\/svg>\t\t\t<\/div>\n\t\t<\/div>\n\t\t\t\t\t\t<\/div>\n\t\t\t\t<\/div>\n\t\t\t\t\t<\/div>\n\t\t\t\t<\/div>\n\t\t<div class=\"elementor-element elementor-element-herorght0 e-con-full e-flex e-con e-child\" data-id=\"herorght0\" data-element_type=\"container\" data-e-type=\"container\">\n\t\t\t\t<div class=\"elementor-element elementor-element-heroimg00 iwg-hero-image elementor-widget elementor-widget-image\" data-id=\"heroimg00\" data-element_type=\"widget\" data-e-type=\"widget\" data-widget_type=\"image.default\">\n\t\t\t\t\t\t\t\t\t\t\t\t\t\t\t<img fetchpriority=\"high\" decoding=\"async\" width=\"683\" height=\"1024\" src=\"https:\/\/iwell-guard.com\/wp-content\/uploads\/2026\/07\/geister_baskenland_basajaun-683x1024.webp\" class=\"attachment-large size-large wp-image-169964\" alt=\"Basajaun, andi \u00far baskneskri \u00fej\u00f3\u00f0tr\u00fa\" srcset=\"https:\/\/iwell-guard.com\/wp-content\/uploads\/2026\/07\/geister_baskenland_basajaun-683x1024.webp 683w, https:\/\/iwell-guard.com\/wp-content\/uploads\/2026\/07\/geister_baskenland_basajaun-200x300.webp 200w, https:\/\/iwell-guard.com\/wp-content\/uploads\/2026\/07\/geister_baskenland_basajaun-768x1152.webp 768w, https:\/\/iwell-guard.com\/wp-content\/uploads\/2026\/07\/geister_baskenland_basajaun.webp 1024w\" sizes=\"(max-width: 683px) 100vw, 683px\" \/>\t\t\t\t\t\t\t\t\t\t\t\t\t\t\t<\/div>\n\t\t\t\t<\/div>\n\t\t\t\t\t<\/div>\n\t\t\t\t<\/div>\n\t\t<div class=\"elementor-element elementor-element-32917199 e-flex e-con-boxed e-con e-parent\" data-id=\"32917199\" data-element_type=\"container\" data-e-type=\"container\">\n\t\t\t\t\t<div class=\"e-con-inner\">\n\t\t<div class=\"elementor-element elementor-element-26e916cb e-flex e-con-boxed e-con e-child\" data-id=\"26e916cb\" data-element_type=\"container\" data-e-type=\"container\">\n\t\t\t\t\t<div class=\"e-con-inner\">\n\t\t<div class=\"elementor-element elementor-element-253a40d4 e-flex e-con-boxed e-con e-child\" data-id=\"253a40d4\" data-element_type=\"container\" data-e-type=\"container\">\n\t\t\t\t\t<div class=\"e-con-inner\">\n\t\t\t\t<div class=\"elementor-element elementor-element-1200c304 elementor-widget elementor-widget-heading\" data-id=\"1200c304\" data-element_type=\"widget\" data-e-type=\"widget\" data-widget_type=\"heading.default\">\n\t\t\t\t\t<div class=\"elementor-heading-title elementor-size-default\">Basajaun<\/div>\t\t\t\t<\/div>\n\t\t\t\t<div class=\"elementor-element elementor-element-11758e7f elementor-widget elementor-widget-text-editor\" data-id=\"11758e7f\" data-element_type=\"widget\" data-e-type=\"widget\" data-widget_type=\"text-editor.default\">\n\t\t\t\t\t\t\t\t\t<p>Basajaun, sem or\u00f0r\u00e9tt \u00fe\u00fd\u00f0ir herra sk\u00f3garins, er hin mikla \u00f3bygg\u00f0avera baskneskra sagna: h\u00e1vaxin, alsk\u00f6gglu\u00f0 vera sem g\u00e6tir sk\u00f3ganna og hjar\u00f0anna. Hann varar hjar\u00f0menn vi\u00f0 \u00f3ve\u00f0ri og \u00falfum og er einnig talinn hafa fyrstur allra \u00e1tt menningarver\u00f0m\u00e6ti eins og korn, myllu og s\u00f6g.<\/p><p>Hans er geti\u00f0 \u00ed munnlegri arfleif\u00f0 Baskalands \u00e1 b\u00e1\u00f0um hli\u00f0um P\u00fdreneafjalla, \u00e1 ritu\u00f0u m\u00e1li allt fr\u00e1 1877; kerfisbundin skr\u00e1ning var unnin \u00e1 20. \u00f6ld af \u00fej\u00f3\u00f0fr\u00e6\u00f0ingnum Jos\u00e9 Miguel de Barandiar\u00e1n.<\/p>\t\t\t\t\t\t\t\t<\/div>\n\t\t\t\t\t<\/div>\n\t\t\t\t<\/div>\n\t\t<div class=\"elementor-element elementor-element-159dcf9a e-flex e-con-boxed e-con e-child\" data-id=\"159dcf9a\" data-element_type=\"container\" data-e-type=\"container\">\n\t\t\t\t\t<div class=\"e-con-inner\">\n\t\t\t\t<div class=\"elementor-element elementor-element-48cee66f elementor-widget elementor-widget-heading\" data-id=\"48cee66f\" data-element_type=\"widget\" data-e-type=\"widget\" data-widget_type=\"heading.default\">\n\t\t\t\t\t<div class=\"elementor-heading-title elementor-size-default\">\u00cd hnotskurn: Basajaun<\/div>\t\t\t\t<\/div>\n\t\t\t\t<div class=\"elementor-element elementor-element-3f50d82c elementor-widget elementor-widget-text-editor\" data-id=\"3f50d82c\" data-element_type=\"widget\" data-e-type=\"widget\" data-widget_type=\"text-editor.default\">\n\t\t\t\t\t\t\t\t\t<p><strong>Tegund:<\/strong> \u00d3bygg\u00f0av\u00f6r\u00f0ur, hjar\u00f0g\u00e6tir og frumaldar menningarv\u00f6rsluvera<br>Uppruni: Baskaland \u00e1 b\u00e1\u00f0um hli\u00f0um P\u00fdreneafjalla, me\u00f0al annars Gipuzkoa, Navarra, Iratisk\u00f3gur<br>Textar: Websters Basque Legends (1877), \u00fej\u00f3\u00f0fr\u00e6\u00f0i Barandiar\u00e1ns \u00e1 20. \u00f6ld<br>T\u00edmabil: munnleg arfleif\u00f0, rita\u00f0 fr\u00e1 1877<br>\u00datlit: mannh\u00e6\u00f0ar til risavaxin, alsk\u00f6gglu\u00f0 villimannsvera, h\u00f6fu\u00f0h\u00e1r ni\u00f0ur a\u00f0 hnj\u00e1m<\/p>\t\t\t\t\t\t\t\t<\/div>\n\t\t\t\t\t<\/div>\n\t\t\t\t<\/div>\n\t\t\t\t\t<\/div>\n\t\t\t\t<\/div>\n\t\t\t\t\t<\/div>\n\t\t\t\t<\/div>\n\t\t<div class=\"elementor-element elementor-element-18613602 e-flex e-con-boxed e-con e-parent\" data-id=\"18613602\" data-element_type=\"container\" data-e-type=\"container\">\n\t\t\t\t\t<div class=\"e-con-inner\">\n\t\t\t\t<div class=\"elementor-element elementor-element-262b8a9f elementor-widget elementor-widget-heading\" data-id=\"262b8a9f\" data-element_type=\"widget\" data-e-type=\"widget\" data-widget_type=\"heading.default\">\n\t\t\t\t\t<h2 class=\"elementor-heading-title elementor-size-default\">S\u00f6guleg bakgrunnsuppl\u00fdsingar<\/h2>\t\t\t\t<\/div>\n\t\t<div class=\"elementor-element elementor-element-46dcb7d e-con-full e-flex e-con e-child\" data-id=\"46dcb7d\" data-element_type=\"container\" data-e-type=\"container\">\n\t\t<div class=\"elementor-element elementor-element-61d3ab3 e-flex e-con-boxed e-con e-child\" data-id=\"61d3ab3\" data-element_type=\"container\" data-e-type=\"container\">\n\t\t\t\t\t<div class=\"e-con-inner\">\n\t\t\t\t<div class=\"elementor-element elementor-element-117c166 elementor-widget elementor-widget-heading\" data-id=\"117c166\" data-element_type=\"widget\" data-e-type=\"widget\" data-widget_type=\"heading.default\">\n\t\t\t\t\t<h3 class=\"elementor-heading-title elementor-size-default\">T\u00edmabil textanna<\/h3>\t\t\t\t<\/div>\n\t\t\t\t<div class=\"elementor-element elementor-element-73997a0 elementor-widget elementor-widget-text-editor\" data-id=\"73997a0\" data-element_type=\"widget\" data-e-type=\"widget\" data-widget_type=\"text-editor.default\">\n\t\t\t\t\t\t\t\t\t<p>Veran heyrir til munnlegrar arfleif\u00f0ar og ver\u00f0ur a\u00f0eins seint s\u00fdnileg \u00ed ritu\u00f0u m\u00e1li: Wentworth Webster t\u00f3k upp nokkrar sagnir um Basa-Jaun \u00ed safn sitt \u00e1ri\u00f0 1877, og Barandiar\u00e1n skr\u00e1\u00f0i kerfisbundi\u00f0 \u00e1 20. \u00f6ld.<\/p>\t\t\t\t\t\t\t\t<\/div>\n\t\t\t\t\t<\/div>\n\t\t\t\t<\/div>\n\t\t<div class=\"elementor-element elementor-element-d47b156 e-flex e-con-boxed e-con e-child\" data-id=\"d47b156\" data-element_type=\"container\" data-e-type=\"container\">\n\t\t\t\t\t<div class=\"e-con-inner\">\n\t\t\t\t<div class=\"elementor-element elementor-element-ff38c2b elementor-widget elementor-widget-heading\" data-id=\"ff38c2b\" data-element_type=\"widget\" data-e-type=\"widget\" data-widget_type=\"heading.default\">\n\t\t\t\t\t<h3 class=\"elementor-heading-title elementor-size-default\">\u00datbrei\u00f0slusv\u00e6\u00f0i<\/h3>\t\t\t\t<\/div>\n\t\t\t\t<div class=\"elementor-element elementor-element-4e49fcc elementor-widget elementor-widget-text-editor\" data-id=\"4e49fcc\" data-element_type=\"widget\" data-e-type=\"widget\" data-widget_type=\"text-editor.default\">\n\t\t\t\t\t\t\t\t\t<p>Baskaland \u00e1 b\u00e1\u00f0um hli\u00f0um P\u00fdreneafjalla, s\u00e9rstaklega Gipuzkoa, Navarra og nor\u00f0ur-baskneskir dalir, me\u00f0 \u00e1herslu sagna \u00ed kringum Ataun, Gorbea-fjallgar\u00f0inn og Iratisk\u00f3g.<\/p>\t\t\t\t\t\t\t\t<\/div>\n\t\t\t\t\t<\/div>\n\t\t\t\t<\/div>\n\t\t\t\t<\/div>\n\t\t<div class=\"elementor-element elementor-element-db03c39 e-con-full e-flex e-con e-child\" data-id=\"db03c39\" data-element_type=\"container\" data-e-type=\"container\">\n\t\t<div class=\"elementor-element elementor-element-229a87b e-flex e-con-boxed e-con e-child\" data-id=\"229a87b\" data-element_type=\"container\" data-e-type=\"container\">\n\t\t\t\t\t<div class=\"e-con-inner\">\n\t\t\t\t<div class=\"elementor-element elementor-element-1f471fc elementor-widget elementor-widget-heading\" data-id=\"1f471fc\" data-element_type=\"widget\" data-e-type=\"widget\" data-widget_type=\"heading.default\">\n\t\t\t\t\t<h3 class=\"elementor-heading-title elementor-size-default\">Heimildasta\u00f0a<\/h3>\t\t\t\t<\/div>\n\t\t\t\t<div class=\"elementor-element elementor-element-36b1201 elementor-widget elementor-widget-text-editor\" data-id=\"36b1201\" data-element_type=\"widget\" data-e-type=\"widget\" data-widget_type=\"text-editor.default\">\n\t\t\t\t\t\t\t\t\t<p>R\u00edkulegt safn sagna og \u00e6vint\u00fdra fr\u00e1 \u00fej\u00f3\u00f0fr\u00e6\u00f0ingum, en engir mi\u00f0aldatextar; helsta fr\u00e6\u00f0ilega heimildin er n\u00e1kv\u00e6m skr\u00e1ning Barandiar\u00e1ns \u00e1 st\u00f6\u00f0um og hellum.<\/p>\t\t\t\t\t\t\t\t<\/div>\n\t\t\t\t\t<\/div>\n\t\t\t\t<\/div>\n\t\t\t\t<\/div>\n\t\t\t\t\t<\/div>\n\t\t\t\t<\/div>\n\t\t<div class=\"elementor-element elementor-element-3ae0637c e-flex e-con-boxed e-con e-parent\" data-id=\"3ae0637c\" data-element_type=\"container\" data-e-type=\"container\">\n\t\t\t\t\t<div class=\"e-con-inner\">\n\t\t\t\t<div class=\"elementor-element elementor-element-31d07739 elementor-widget elementor-widget-heading\" data-id=\"31d07739\" data-element_type=\"widget\" data-e-type=\"widget\" data-widget_type=\"heading.default\">\n\t\t\t\t\t<h2 class=\"elementor-heading-title elementor-size-default\">Nafn og afbrig\u00f0i<\/h2>\t\t\t\t<\/div>\n\t\t<div class=\"elementor-element elementor-element-b7642947 e-con-full e-flex e-con e-child\" data-id=\"b7642947\" data-element_type=\"container\" data-e-type=\"container\">\n\t\t\t\t<div class=\"elementor-element elementor-element-a086266 elementor-widget elementor-widget-text-editor\" data-id=\"a086266\" data-element_type=\"widget\" data-e-type=\"widget\" data-widget_type=\"text-editor.default\">\n\t\t\t\t\t\t\t\t\t<p><strong>Baskneska:<\/strong> Basajaun, af <em>baso<\/em>, sk\u00f3gur, og <em>jaun<\/em>, herra: herra sk\u00f3garins. Fleirtala er <em>Basajaunak<\/em>, kvenkyns hli\u00f0st\u00e6\u00f0an er <em>Basandere<\/em>, sem kemur s\u00ed\u00f0ur fyrir \u00ed heimildum og er dregin veikari mynd af.<\/p>\t\t\t\t\t\t\t\t<\/div>\n\t\t\t\t<\/div>\n\t\t\t\t\t<\/div>\n\t\t\t\t<\/div>\n\t\t<div class=\"elementor-element elementor-element-709a44a8 e-flex e-con-boxed e-con e-parent\" data-id=\"709a44a8\" data-element_type=\"container\" data-e-type=\"container\">\n\t\t\t\t\t<div class=\"e-con-inner\">\n\t\t\t\t<div class=\"elementor-element elementor-element-2f585873 elementor-widget elementor-widget-heading\" data-id=\"2f585873\" data-element_type=\"widget\" data-e-type=\"widget\" data-widget_type=\"heading.default\">\n\t\t\t\t\t<h2 class=\"elementor-heading-title elementor-size-default\">\u00datlit og heimkynni<\/h2>\t\t\t\t<\/div>\n\t\t<div class=\"elementor-element elementor-element-70621c12 e-con-full e-flex e-con e-child\" data-id=\"70621c12\" data-element_type=\"container\" data-e-type=\"container\">\n\t\t\t\t<div class=\"elementor-element elementor-element-4296eb49 elementor-widget elementor-widget-text-editor\" data-id=\"4296eb49\" data-element_type=\"widget\" data-e-type=\"widget\" data-widget_type=\"text-editor.default\">\n\t\t\t\t\t\t\t\t\t<p><strong>\u00datlit<\/strong><\/p><p>Sagnirnar l\u00fdsa Basajaun sem mannh\u00e6\u00f0ar til risavaxinni veru, allur l\u00edkaminn \u00feakinn h\u00e1ri; makkinn fellur a\u00f0 framan ni\u00f0ur a\u00f0 hnj\u00e1m og hylur andlit og brj\u00f3st. Hann er \u00f3venjulega sterkur og l\u00e9ttur \u00e1 f\u00e6ti, fer yfir glj\u00fafur \u00e1 f\u00e1um skrefum og hreyfist hlj\u00f3\u00f0laust um \u00fe\u00e9ttan sk\u00f3g. Hellar og afskekktir h\u00e1jar\u00f0arsk\u00f3gar eru taldir b\u00fasta\u00f0ir hans. \u00der\u00e1tt fyrir villt yfirbrag\u00f0 kemur hann yfirleitt fram uppr\u00e9ttur, or\u00f0f\u00e1r og eftir \u00e1kve\u00f0num reglum; hann er ekki formlaust \u00f3d\u00fdr heldur herra s\u00edns sv\u00e6\u00f0is.<\/p><p><strong>\u00c1hrif<\/strong><\/p><p>Kjarni sagnanna s\u00fdnir Basajaun sem v\u00f6r\u00f0. \u00deegar \u00ferumuve\u00f0ur n\u00e1lgast e\u00f0a \u00falfahj\u00f6r\u00f0 fer um fj\u00f6llin, gefur hann fr\u00e1 s\u00e9r k\u00f6ll og fyssingar sem vara hjar\u00f0mennina vi\u00f0; ef sau\u00f0irnir hringla bj\u00f6llunum eins og a\u00f0 merki, bo\u00f0ar \u00fea\u00f0 komu hans, og hjar\u00f0menn g\u00e1tu lagst til svefns. Auk \u00feess eru til \u00e6vint\u00fdri \u00fear sem Basajaun eltir menn e\u00f0a heldur \u00feeim f\u00f6ngum og er \u00e1 endanum sigra\u00f0ur me\u00f0 kl\u00f3kindum; h\u00e9r skarast myndin vi\u00f0 eineyg\u00f0a risann Tartalo. S\u00f6gur af ska\u00f0a af eigin frumkv\u00e6\u00f0i gegn \u00feeim sem s\u00fdna honum vir\u00f0ingu eru f\u00e1s\u00e9\u00f0ar.<\/p>\t\t\t\t\t\t\t\t<\/div>\n\t\t\t\t<\/div>\n\t\t\t\t\t<\/div>\n\t\t\t\t<\/div>\n\t\t<div class=\"elementor-element elementor-element-44e71476 e-flex e-con-boxed e-con e-parent\" data-id=\"44e71476\" data-element_type=\"container\" data-e-type=\"container\">\n\t\t\t\t\t<div class=\"e-con-inner\">\n\t\t\t\t<div class=\"elementor-element elementor-element-3c1fc3f0 elementor-widget elementor-widget-heading\" data-id=\"3c1fc3f0\" data-element_type=\"widget\" data-e-type=\"widget\" data-widget_type=\"heading.default\">\n\t\t\t\t\t<h2 class=\"elementor-heading-title elementor-size-default\">\u00c1grip: Basajaun<\/h2>\t\t\t\t<\/div>\n\t\t<div class=\"elementor-element elementor-element-84f33b8e e-con-full e-flex e-con e-child\" data-id=\"84f33b8e\" data-element_type=\"container\" data-e-type=\"container\">\n\t\t\t\t<div class=\"elementor-element elementor-element-hqkdc67p elementor-widget elementor-widget-text-editor\" data-id=\"hqkdc67p\" data-element_type=\"widget\" data-e-type=\"widget\" data-widget_type=\"text-editor.default\">\n\t\t\t\t\t\t\t\t\t<p>Mikilv\u00e6gustu \u00fe\u00e6ttir sk\u00f3garherrans \u00ed hnotskurn.<\/p>\t\t\t\t\t\t\t\t<\/div>\n\t\t\t\t<\/div>\n\t\t<div class=\"elementor-element elementor-element-pemmx7c5 e-con-full e-flex e-con e-child\" data-id=\"pemmx7c5\" data-element_type=\"container\" data-e-type=\"container\">\n\t\t<div class=\"elementor-element elementor-element-pemmx7c1 e-con-full e-flex e-con e-child\" data-id=\"pemmx7c1\" data-element_type=\"container\" data-e-type=\"container\">\n\t\t<div class=\"elementor-element elementor-element-qh9oavvu iwg-steckbrief-card e-flex e-con-boxed e-con e-child\" data-id=\"qh9oavvu\" data-element_type=\"container\" data-e-type=\"container\">\n\t\t\t\t\t<div class=\"e-con-inner\">\n\t\t\t\t<div class=\"elementor-element elementor-element-awzx8k2k elementor-widget elementor-widget-heading\" data-id=\"awzx8k2k\" data-element_type=\"widget\" data-e-type=\"widget\" data-widget_type=\"heading.default\">\n\t\t\t\t\t<div class=\"elementor-heading-title elementor-size-default\">Menningarsamhengi<\/div>\t\t\t\t<\/div>\n\t\t\t\t<div class=\"elementor-element elementor-element-x6rowhv0 elementor-widget elementor-widget-text-editor\" data-id=\"x6rowhv0\" data-element_type=\"widget\" data-e-type=\"widget\" data-widget_type=\"text-editor.default\">\n\t\t\t\t\t\t\t\t\t<p>\u00d3bygg\u00f0avera \u00ed hjar\u00f0samf\u00e9lagsmynd P\u00fdreneafjalla; t\u00e1knr\u00e6nt birtir hann \u00f3bygg\u00f0irnar \u00ed tv\u00ed\u00fe\u00e6ttri mynd, \u00f3gnvekjandi og traustri \u00ed senn.<\/p>\t\t\t\t\t\t\t\t<\/div>\n\t\t\t\t\t<\/div>\n\t\t\t\t<\/div>\n\t\t<div class=\"elementor-element elementor-element-8e3o4kxs iwg-steckbrief-card e-flex e-con-boxed e-con e-child\" data-id=\"8e3o4kxs\" data-element_type=\"container\" data-e-type=\"container\">\n\t\t\t\t\t<div class=\"e-con-inner\">\n\t\t\t\t<div class=\"elementor-element elementor-element-08rkdgov elementor-widget elementor-widget-heading\" data-id=\"08rkdgov\" data-element_type=\"widget\" data-e-type=\"widget\" data-widget_type=\"heading.default\">\n\t\t\t\t\t<div class=\"elementor-heading-title elementor-size-default\">Tengt vi\u00f0<\/div>\t\t\t\t<\/div>\n\t\t\t\t<div class=\"elementor-element elementor-element-uwjelx8s elementor-widget elementor-widget-text-editor\" data-id=\"uwjelx8s\" data-element_type=\"widget\" data-e-type=\"widget\" data-widget_type=\"text-editor.default\">\n\t\t\t\t\t\t\t\t\t<p>Hjar\u00f0menn, kolager\u00f0armenn og b\u00e6ndur fjalladalanna: \u00feeim er vi\u00f0v\u00f6run hans gegn ve\u00f0rabreytingum og \u00falfum \u00e6tlu\u00f0, og me\u00f0 \u00feeim \u00e1 hann \u00fe\u00f6gult skiptifri\u00f0.<\/p>\t\t\t\t\t\t\t\t<\/div>\n\t\t\t\t\t<\/div>\n\t\t\t\t<\/div>\n\t\t<div class=\"elementor-element elementor-element-jm2n74ec iwg-steckbrief-card e-flex e-con-boxed e-con e-child\" data-id=\"jm2n74ec\" data-element_type=\"container\" data-e-type=\"container\">\n\t\t\t\t\t<div class=\"e-con-inner\">\n\t\t\t\t<div class=\"elementor-element elementor-element-8vufse4c elementor-widget elementor-widget-heading\" data-id=\"8vufse4c\" data-element_type=\"widget\" data-e-type=\"widget\" data-widget_type=\"heading.default\">\n\t\t\t\t\t<div class=\"elementor-heading-title elementor-size-default\">Framsetning<\/div>\t\t\t\t<\/div>\n\t\t\t\t<div class=\"elementor-element elementor-element-mwb9u015 elementor-widget elementor-widget-text-editor\" data-id=\"mwb9u015\" data-element_type=\"widget\" data-e-type=\"widget\" data-widget_type=\"text-editor.default\">\n\t\t\t\t\t\t\t\t\t<p>Mannh\u00e6\u00f0ar til risavaxin villimannsvera, alsk\u00f6gglu\u00f0, h\u00f6fu\u00f0h\u00e1r ni\u00f0ur a\u00f0 hnj\u00e1m; sterk, l\u00e9tt \u00e1 f\u00e6ti og hlj\u00f3\u00f0l\u00e1t, heimkynni \u00ed hellum og h\u00e1jar\u00f0arsk\u00f3gum.<\/p>\t\t\t\t\t\t\t\t<\/div>\n\t\t\t\t\t<\/div>\n\t\t\t\t<\/div>\n\t\t\t\t<\/div>\n\t\t<div class=\"elementor-element elementor-element-pemmx7c2 e-con-full e-flex e-con e-child\" data-id=\"pemmx7c2\" data-element_type=\"container\" data-e-type=\"container\">\n\t\t<div class=\"elementor-element elementor-element-37ss2yr6 iwg-steckbrief-card e-flex e-con-boxed e-con e-child\" data-id=\"37ss2yr6\" data-element_type=\"container\" data-e-type=\"container\">\n\t\t\t\t\t<div class=\"e-con-inner\">\n\t\t\t\t<div class=\"elementor-element elementor-element-3v0wp3wx elementor-widget elementor-widget-heading\" data-id=\"3v0wp3wx\" data-element_type=\"widget\" data-e-type=\"widget\" data-widget_type=\"heading.default\">\n\t\t\t\t\t<div class=\"elementor-heading-title elementor-size-default\">Hlutverk<\/div>\t\t\t\t<\/div>\n\t\t\t\t<div class=\"elementor-element elementor-element-w3247g2m elementor-widget elementor-widget-text-editor\" data-id=\"w3247g2m\" data-element_type=\"widget\" data-e-type=\"widget\" data-widget_type=\"text-editor.default\">\n\t\t\t\t\t\t\t\t\t<p>Vari og hjar\u00f0g\u00e6tir; \u00ed menningars\u00f6gunum er hann einnig fyrsti eigandi hveitis, myllu og sagar, sem menn n\u00e1\u00f0u af honum me\u00f0 k\u00e6nsku.<\/p>\t\t\t\t\t\t\t\t<\/div>\n\t\t\t\t\t<\/div>\n\t\t\t\t<\/div>\n\t\t<div class=\"elementor-element elementor-element-0qpjal9w iwg-steckbrief-card e-flex e-con-boxed e-con e-child\" data-id=\"0qpjal9w\" data-element_type=\"container\" data-e-type=\"container\">\n\t\t\t\t\t<div class=\"e-con-inner\">\n\t\t\t\t<div class=\"elementor-element elementor-element-6ndoih0o elementor-widget elementor-widget-heading\" data-id=\"6ndoih0o\" data-element_type=\"widget\" data-e-type=\"widget\" data-widget_type=\"heading.default\">\n\t\t\t\t\t<div class=\"elementor-heading-title elementor-size-default\">Umgengni<\/div>\t\t\t\t<\/div>\n\t\t\t\t<div class=\"elementor-element elementor-element-6684tyh9 elementor-widget elementor-widget-text-editor\" data-id=\"6684tyh9\" data-element_type=\"widget\" data-e-type=\"widget\" data-widget_type=\"text-editor.default\">\n\t\t\t\t\t\t\t\t\t<p>Vir\u00f0ingarfjarl\u00e6g\u00f0 og skiptifri\u00f0ur: menn h\u00e9ldu sig fjarri hellum hans, l\u00e9tu honum brau\u00f0, mj\u00f3lk e\u00f0a ost \u00ed t\u00e9 og fengu \u00ed sta\u00f0inn vi\u00f0v\u00f6runark\u00f6ll og hjar\u00f0g\u00e6slu.<\/p>\t\t\t\t\t\t\t\t<\/div>\n\t\t\t\t\t<\/div>\n\t\t\t\t<\/div>\n\t\t<div class=\"elementor-element elementor-element-3lfi7x32 iwg-steckbrief-card e-flex e-con-boxed e-con e-child\" data-id=\"3lfi7x32\" data-element_type=\"container\" data-e-type=\"container\">\n\t\t\t\t\t<div class=\"e-con-inner\">\n\t\t\t\t<div class=\"elementor-element elementor-element-0kg99ga1 elementor-widget elementor-widget-heading\" data-id=\"0kg99ga1\" data-element_type=\"widget\" data-e-type=\"widget\" data-widget_type=\"heading.default\">\n\t\t\t\t\t<div class=\"elementor-heading-title elementor-size-default\">Samb\u00e6rilegt<\/div>\t\t\t\t<\/div>\n\t\t\t\t<div class=\"elementor-element elementor-element-n0fum6kp elementor-widget elementor-widget-text-editor\" data-id=\"n0fum6kp\" data-element_type=\"widget\" data-e-type=\"widget\" data-widget_type=\"text-editor.default\">\n\t\t\t\t\t\t\t\t\t<p>Slavneski Leshy sem sk\u00f3garv\u00f6r\u00f0ur, japanski Tengu sem strangur fjallaherra og villima\u00f0urinn \u00ed mi\u00f0aldalist sem myndfr\u00e6\u00f0ilegur tv\u00edburi.<\/p>\t\t\t\t\t\t\t\t<\/div>\n\t\t\t\t\t<\/div>\n\t\t\t\t<\/div>\n\t\t\t\t<\/div>\n\t\t\t\t<\/div>\n\t\t\t\t\t<\/div>\n\t\t\t\t<\/div>\n\t\t<div class=\"elementor-element elementor-element-7533bc7a e-flex e-con-boxed e-con e-parent\" data-id=\"7533bc7a\" data-element_type=\"container\" data-e-type=\"container\">\n\t\t\t\t\t<div class=\"e-con-inner\">\n\t\t\t\t<div class=\"elementor-element elementor-element-2447d18d elementor-widget elementor-widget-heading\" data-id=\"2447d18d\" data-element_type=\"widget\" data-e-type=\"widget\" data-widget_type=\"heading.default\">\n\t\t\t\t\t<h2 class=\"elementor-heading-title elementor-size-default\">\u00d3bygg\u00f0av\u00f6r\u00f0ur og r\u00e6ndur menningarv\u00f6rsluma\u00f0ur<\/h2>\t\t\t\t<\/div>\n\t\t<div class=\"elementor-element elementor-element-d5d0260c e-con-full e-flex e-con e-child\" data-id=\"d5d0260c\" data-element_type=\"container\" data-e-type=\"container\">\n\t\t\t\t<div class=\"elementor-element elementor-element-341be2ac elementor-widget elementor-widget-text-editor\" data-id=\"341be2ac\" data-element_type=\"widget\" data-e-type=\"widget\" data-widget_type=\"text-editor.default\">\n\t\t\t\t\t\t\t\t\t<p>\u00cd efni sagnanna tvinnast saman tveir \u00fer\u00e6\u00f0ir. Annar s\u00fdnir hinn hl\u00e9dr\u00e6ga \u00f3bygg\u00f0av\u00f6r\u00f0 sem kann skil \u00e1 ve\u00f0ri og \u00falfum og vakir yfir hj\u00f6r\u00f0unum. Hinn gerir hann a\u00f0 frumaldar fyrsta eiganda menningarins: Samkv\u00e6mt kunnum s\u00f6gum \u00e1ttu Basajaunak fyrstir hveiti\u00f0, myllu og s\u00f6gina, \u00fear til hinn k\u00e6nv\u00edsi \u00fej\u00f3\u00f0ard\u00fdrlingur San Martin Txiki t\u00e6ldi leyndarm\u00e1lin af \u00feeim, me\u00f0al annars me\u00f0 \u00fev\u00ed a\u00f0 hlaupa \u00ed v\u00ed\u00f0um st\u00edgv\u00e9lum yfir kornhauga og bera kornin \u00ed burtu \u00ed sk\u00f3leggjunum.<\/p><p>Veran ver\u00f0ur a\u00f0eins seint s\u00fdnileg \u00ed ritu\u00f0u m\u00e1li: Wentworth Webster t\u00f3k upp nokkrar sagnir um Basa-Jaun \u00ed safn sitt af baskneskum \u00fej\u00f3\u00f0s\u00f6gum \u00e1ri\u00f0 1877, og presturinn og \u00fej\u00f3\u00f0fr\u00e6\u00f0ingurinn Jos\u00e9 Miguel de Barandiar\u00e1n skr\u00e1\u00f0i kerfisbundi\u00f0 \u00e1 20. \u00f6ld sagnir, sta\u00f0atengsl og hella sem eigna\u00f0ir eru Basajaun, me\u00f0al annars Muskia-hellinn n\u00e1l\u00e6gt Ataun. \u00cd brottfaras\u00f6gunum hverfa villimennirnir \u00far d\u00f6lunum eftir \u00fev\u00ed sem kristnin s\u00e6kir fram.<\/p>\t\t\t\t\t\t\t\t<\/div>\n\t\t\t\t<\/div>\n\t\t\t\t\t<\/div>\n\t\t\t\t<\/div>\n\t\t<div class=\"elementor-element elementor-element-5a584676 e-flex e-con-boxed e-con e-parent\" data-id=\"5a584676\" data-element_type=\"container\" data-e-type=\"container\">\n\t\t\t\t\t<div class=\"e-con-inner\">\n\t\t\t\t<div class=\"elementor-element elementor-element-6d0757bf elementor-widget elementor-widget-heading\" data-id=\"6d0757bf\" data-element_type=\"widget\" data-e-type=\"widget\" data-widget_type=\"heading.default\">\n\t\t\t\t\t<h2 class=\"elementor-heading-title elementor-size-default\">Milli sj\u00e1lfsmyndarveru og Bigfoot-sagnar<\/h2>\t\t\t\t<\/div>\n\t\t<div class=\"elementor-element elementor-element-60563f68 e-con-full e-flex e-con e-child\" data-id=\"60563f68\" data-element_type=\"container\" data-e-type=\"container\">\n\t\t\t\t<div class=\"elementor-element elementor-element-5a93fdd6 elementor-widget elementor-widget-text-editor\" data-id=\"5a93fdd6\" data-element_type=\"widget\" data-e-type=\"widget\" data-widget_type=\"text-editor.default\">\n\t\t\t\t\t\t\t\t\t<p>\u00cd dag er Basajaun lesinn \u00e1 tvo vegu. \u00cd grunneskri menningarvernd er hann t\u00e1knmynd fyrir sk\u00f3g og fjall, vi\u00f0staddur \u00ed barnab\u00f3kum, \u00e1 sk\u00falpt\u00faralei\u00f0um og \u00ed h\u00e1t\u00ed\u00f0um. A\u00f0 auki hafa dulfr\u00e6\u00f0i d\u00fdrafr\u00e6\u00f0inga (kryptozoology) og netmenning gert hann a\u00f0 grunneskum \u00e6ttingja Yeti og Bigfoot; \u00f6\u00f0ru hvoru kviknar s\u00fa tilg\u00e1ta a\u00f0 \u00ed honum b\u00fai \u00fej\u00f3\u00f0arminni um neanderdalsmanninn. Hvorugt f\u00e6r v\u00edsindalegan stu\u00f0ning, en s\u00fdnir vi\u00f0varandi a\u00f0dr\u00e1ttarafl pers\u00f3nunnar; fagleg tilv\u00edsun er ennfremur \u00fej\u00f3\u00f0h\u00e1ttafr\u00e6\u00f0i Barandiar\u00e1ns.<\/p><p>Tr\u00faarbrag\u00f0afr\u00e6\u00f0ilega sameinar Basajaun tv\u00f6 klass\u00edsk hlutverk: herra d\u00fdranna, sem hefur eftirlit me\u00f0 \u00f3bygg\u00f0um og hj\u00f6r\u00f0um, og hinn frumaldarlega eiganda menningarins, sem mannlegur kl\u00f3kindahetja sviptir af menningarver\u00f0m\u00e6tum, fr\u00e1sagnarform me\u00f0 hli\u00f0st\u00e6\u00f0um allt til Pr\u00f3me\u00feeifs-s\u00f6gunnar. Mikilv\u00e6gt er a\u00f0 sk\u00fdra: \u00dear sem grunneska er ekki ind\u00f3evr\u00f3pskt tungum\u00e1l, er pers\u00f3nan gjarnan t\u00falku\u00f0 sem leif af elstu evr\u00f3pskri tr\u00fa; sj\u00e1lf minnin eru \u00fe\u00f3 \u00fatbreidd um alla Evr\u00f3pu, \u00feess vegna er fr\u00e6\u00f0imannasamf\u00e9lagi\u00f0 vark\u00e1rt me\u00f0 aldursfullyr\u00f0ingar. \u00d6ruggt er hins vegar fastur sess hans \u00ed smalaheimsmynd P\u00fdreneafjalla.<\/p>\t\t\t\t\t\t\t\t<\/div>\n\t\t\t\t<\/div>\n\t\t\t\t\t<\/div>\n\t\t\t\t<\/div>\n\t\t<div class=\"elementor-element elementor-element-cp9a031aa e-flex e-con-boxed e-con e-parent\" data-id=\"cp9a031aa\" data-element_type=\"container\" data-e-type=\"container\">\n\t\t\t\t\t<div class=\"e-con-inner\">\n\t\t\t\t<div class=\"elementor-element elementor-element-cp9193514 elementor-widget elementor-widget-heading\" data-id=\"cp9193514\" data-element_type=\"widget\" data-e-type=\"widget\" data-widget_type=\"heading.default\">\n\t\t\t\t\t<h2 class=\"elementor-heading-title elementor-size-default\">Vir\u00f0ingarfjarl\u00e6g\u00f0 og skiptifri\u00f0ur<\/h2>\t\t\t\t<\/div>\n\t\t<div class=\"elementor-element elementor-element-cp02ca0ee e-con-full e-flex e-con e-child\" data-id=\"cp02ca0ee\" data-element_type=\"container\" data-e-type=\"container\">\n\t\t\t\t<div class=\"elementor-element elementor-element-cp444e0f1 elementor-widget elementor-widget-text-editor\" data-id=\"cp444e0f1\" data-element_type=\"widget\" data-e-type=\"widget\" data-widget_type=\"text-editor.default\">\n\t\t\t\t\t\t\t\t\t<p>\u00d6flug hef\u00f0 um v\u00f6rn gegn honum er ekki til, \u00fev\u00ed Basajaun var a\u00f0 mestu talinn v\u00f6r\u00f0ur. S\u00f6gurnar \u00feekkja fyrst og fremst vir\u00f0ingarfjarl\u00e6g\u00f0: f\u00f3lk for\u00f0a\u00f0ist hellana hans, l\u00e9t hann \u00ed fri\u00f0i og leita\u00f0i ekki eftir fundi. Vi\u00f0 hli\u00f0 \u00feess stendur \u00fe\u00f6gull skiptifri\u00f0ur; smalar l\u00e9tu honum eftir brau\u00f0 e\u00f0a hlut af mj\u00f3lk og osti og fengu \u00ed sta\u00f0inn vi\u00f0v\u00f6runarhr\u00f3p hans og eftirlit yfir hj\u00f6r\u00f0inni. \u00cd nau\u00f0a\u00e6vint\u00fdrunum er \u00fea\u00f0 ekki vopni\u00f0 heldur kl\u00f3kindin sem bjarga f\u00f3lki fr\u00e1 hinu sterkara veru. Undanhaldssagnirnir l\u00e1ta a\u00f0 lokum hi\u00f0 villta f\u00f3lk h\u00f6rfa fyrir kirkjuklukkum og kristnum t\u00e1knum; minnisatri\u00f0i\u00f0 segir fr\u00e1 endalokum t\u00edma \u00feeirra, en var \u00ed \u00fej\u00f3\u00f0tr\u00fanni einnig skili\u00f0 sem varnar\u00feekking.<\/p>\t\t\t\t\t\t\t\t<\/div>\n\t\t\t\t<\/div>\n\t\t\t\t\t<\/div>\n\t\t\t\t<\/div>\n\t\t<div class=\"elementor-element elementor-element-cp11de5b2 e-flex e-con-boxed e-con e-parent\" data-id=\"cp11de5b2\" data-element_type=\"container\" data-e-type=\"container\">\n\t\t\t\t\t<div class=\"e-con-inner\">\n\t\t\t\t<div class=\"elementor-element elementor-element-cp8d35271 elementor-widget elementor-widget-heading\" data-id=\"cp8d35271\" data-element_type=\"widget\" data-e-type=\"widget\" data-widget_type=\"heading.default\">\n\t\t\t\t\t<h2 class=\"elementor-heading-title elementor-size-default\">Villt f\u00f3lk og sk\u00f3garherrar annars sta\u00f0ar<\/h2>\t\t\t\t<\/div>\n\t\t<div class=\"elementor-element elementor-element-cp02f26b8 e-con-full e-flex e-con e-child\" data-id=\"cp02f26b8\" data-element_type=\"container\" data-e-type=\"container\">\n\t\t\t\t<div class=\"elementor-element elementor-element-cp58c4390 elementor-widget elementor-widget-text-editor\" data-id=\"cp58c4390\" data-element_type=\"widget\" data-e-type=\"widget\" data-widget_type=\"text-editor.default\">\n\t\t\t\t\t\t\t\t\t<p>H\u00e6r\u00f0ir ver\u00f0ir \u00f3bygg\u00f0a \u00feekkja n\u00e6r allar fjallah\u00e9ru\u00f0. Slavneski <a href=\"https:\/\/iwell-guard.com\/is\/leshy\/\">Leshy<\/a> deilir verndarhlutverkinu og hjar\u00f0atengslunum, sama-Stallo risavaxna ger\u00f0 me\u00f0 \u00f3gnvekjandi bl\u00e6, norr\u00e6na <a href=\"https:\/\/iwell-guard.com\/is\/troll\/\">tr\u00f6lli\u00f0<\/a> l\u00edfi\u00f0 \u00ed kletti og sk\u00f3gi fjarri m\u00f6nnum. Japanski <a href=\"https:\/\/iwell-guard.com\/is\/tengu\/\">Tengu<\/a> tengir, eins og Basajaun, fjalla\u00f3bygg\u00f0ir, yfirbur\u00f0a\u00feekkingu og uppeldislegan aga. <a href=\"https:\/\/iwell-guard.com\/is\/?page_id=169580\">Villima\u00f0urinn<\/a> \u00ed mi\u00f0aldalist Evr\u00f3pu er myndfr\u00e6\u00f0ilegur tv\u00edburi \u00feessarar pers\u00f3nu.<\/p>\t\t\t\t\t\t\t\t<\/div>\n\t\t\t\t<\/div>\n\t\t\t\t\t<\/div>\n\t\t\t\t<\/div>\n\t\t<div class=\"elementor-element elementor-element-cp406577c e-flex e-con-boxed e-con e-parent\" data-id=\"cp406577c\" data-element_type=\"container\" data-e-type=\"container\">\n\t\t\t\t\t<div class=\"e-con-inner\">\n\t\t\t\t<div class=\"elementor-element elementor-element-cpdd9c543 elementor-widget elementor-widget-heading\" data-id=\"cpdd9c543\" data-element_type=\"widget\" data-e-type=\"widget\" data-widget_type=\"heading.default\">\n\t\t\t\t\t<h2 class=\"elementor-heading-title elementor-size-default\">Algengar spurningar um Basajaun<\/h2>\t\t\t\t<\/div>\n\t\t<div class=\"elementor-element elementor-element-cp9e731bb e-con-full e-flex e-con e-child\" data-id=\"cp9e731bb\" data-element_type=\"container\" data-e-type=\"container\">\n\t\t\t\t<div class=\"elementor-element elementor-element-cpa7c898c elementor-widget elementor-widget-text-editor\" data-id=\"cpa7c898c\" data-element_type=\"widget\" data-e-type=\"widget\" data-widget_type=\"text-editor.default\">\n\t\t\t\t\t\t\t\t\t<p><strong>Er Basajaun h\u00e6ttulegur?<\/strong><\/p><p>\u00cd meginhef\u00f0inni ekki. Hann er talinn v\u00f6r\u00f0ur hjar\u00f0a og vi\u00f0vari smala; hann ver\u00f0ur h\u00e6ttulegur fyrst og fremst \u00ed eigin \u00e6vint\u00fdralagi \u00fear sem hann n\u00e1lgast risann Tartalo. \u00deeir sem g\u00e6ta fjarl\u00e6g\u00f0ar og vir\u00f0ingar teljast \u00f6ruggir \u00ed s\u00f6gunum.<\/p><p><strong>Hva\u00f0 \u00fe\u00fd\u00f0ir nafni\u00f0 Basajaun?<\/strong><\/p><p>Baso \u00fe\u00fd\u00f0ir sk\u00f3gur, jaun herra: herra sk\u00f3garins. Fj\u00f6ltalan Basajaunak v\u00edsar til hins villta f\u00f3lks \u00ed heild, Basandere er kvenlega hli\u00f0st\u00e6\u00f0an.<\/p><p><strong>Hefur Basajaun eitthva\u00f0 me\u00f0 Yeti a\u00f0 gera?<\/strong><\/p><p>A\u00f0eins \u00e1 yfirbor\u00f0inu. H\u00e6r\u00f0 villt f\u00f3lk er al\u00fej\u00f3\u00f0lega \u00fatbreitt fr\u00e1sagnarform, ekki d\u00fdrafr\u00e6\u00f0ileg sta\u00f0reynd. Grunneskar heimildir l\u00fdsa sagnaveru me\u00f0 f\u00e9lagslegu hlutverki \u00ed smalal\u00edfinu, ekki \u00f3uppg\u00f6tvu\u00f0um pr\u00edmata.<\/p>\t\t\t\t\t\t\t\t<\/div>\n\t\t\t\t<\/div>\n\t\t\t\t\t<\/div>\n\t\t\t\t<\/div>\n\t\t<div class=\"elementor-element elementor-element-36dd7469 e-flex e-con-boxed e-con e-parent\" data-id=\"36dd7469\" data-element_type=\"container\" data-e-type=\"container\">\n\t\t\t\t\t<div class=\"e-con-inner\">\n\t\t\t\t<div class=\"elementor-element elementor-element-13760ab4 elementor-widget elementor-widget-heading\" data-id=\"13760ab4\" data-element_type=\"widget\" data-e-type=\"widget\" data-widget_type=\"heading.default\">\n\t\t\t\t\t<h2 class=\"elementor-heading-title elementor-size-default\">\u00cdtarefni og tenglar<\/h2>\t\t\t\t<\/div>\n\t\t<div class=\"elementor-element elementor-element-28c87796 e-con-full e-flex e-con e-child\" data-id=\"28c87796\" data-element_type=\"container\" data-e-type=\"container\">\n\t\t\t\t<div class=\"elementor-element elementor-element-5d6538df elementor-widget elementor-widget-text-editor\" data-id=\"5d6538df\" data-element_type=\"widget\" data-e-type=\"widget\" data-widget_type=\"text-editor.default\">\n\t\t\t\t\t\t\t\t\t<p>R\u00e1\u00f0lag\u00f0ir innri tenglar:<\/p><ul><li><a href=\"https:\/\/iwell-guard.com\/is\/leshy\/\">Leshy<\/a> \u2013 slavneski sk\u00f3garherra me\u00f0 svipa\u00f0 verndarhlutverk<\/li><li><a href=\"https:\/\/iwell-guard.com\/is\/tengu\/\">Tengu<\/a> \u2013 strangi fjallaherra Japans<\/li><li><a href=\"https:\/\/iwell-guard.com\/is\/?page_id=169580\">Villima\u00f0urinn<\/a> \u2013 myndfr\u00e6\u00f0ilegur tv\u00edburi evr\u00f3pskrar listar<\/li><li><a href=\"https:\/\/iwell-guard.com\/is\/bjollur-og-skellur-havaer-vorn\/\">Bj\u00f6llur<\/a>, <a href=\"https:\/\/iwell-guard.com\/is\/throskuldarvernd\/\">\u00fer\u00f6skuldsv\u00f6rn<\/a>, <a href=\"https:\/\/iwell-guard.com\/is\/amulett\/\">verndargripur<\/a>, <a href=\"https:\/\/iwell-guard.com\/is\/reykhreinsun\/\">reykhreinsun<\/a> \u2013 hef\u00f0bundin verndarr\u00e1\u00f0<\/li><li><a href=\"https:\/\/iwell-guard.com\/is\/verndarleidarvisir\/\">Verndarkomp\u00e1s<\/a> \u2013 yfirlit verndargripa<\/li><\/ul>\t\t\t\t\t\t\t\t<\/div>\n\t\t\t\t<\/div>\n\t\t\t\t\t<\/div>\n\t\t\t\t<\/div>\n\t\t<div class=\"elementor-element elementor-element-grl4kl40 e-flex e-con-boxed e-con e-parent\" data-id=\"grl4kl40\" data-element_type=\"container\" data-e-type=\"container\">\n\t\t\t\t\t<div class=\"e-con-inner\">\n\t\t\t\t<div class=\"elementor-element elementor-element-bzsbfrmh elementor-widget elementor-widget-heading\" data-id=\"bzsbfrmh\" data-element_type=\"widget\" data-e-type=\"widget\" data-widget_type=\"heading.default\">\n\t\t\t\t\t<h2 class=\"elementor-heading-title elementor-size-default\">Heimildir (\u00farval)<\/h2>\t\t\t\t<\/div>\n\t\t<div class=\"elementor-element elementor-element-2c13224a e-con-full e-flex e-con e-child\" data-id=\"2c13224a\" data-element_type=\"container\" data-e-type=\"container\">\n\t\t\t\t<div class=\"elementor-element elementor-element-0eymh9ub elementor-widget elementor-widget-text-editor\" data-id=\"0eymh9ub\" data-element_type=\"widget\" data-e-type=\"widget\" data-widget_type=\"text-editor.default\">\n\t\t\t\t\t\t\t\t\t<footer class=\"iwg-literatur\" data-nosnippet=\"true\"><p>\u00darval helstu heimilda og ranns\u00f3kna:<\/p><ul><li><span data-nosnippet>Barandiar\u00e1n, Jos\u00e9 Miguel de: <em>Mitolog\u00eda vasca<\/em>. Madrid 1960.<\/span><\/li><li><span data-nosnippet>Webster, Wentworth: <em>Basque Legends<\/em>. London 1877.<\/span><\/li><li><span data-nosnippet>Caro Baroja, Julio: <em>Los vascos<\/em>. San Sebasti\u00e1n 1949.<\/span><\/li><\/ul><\/footer>\n<p class=\"iwg-bib-more\"><span data-nosnippet>Fleiri grunnrit \u00ed <a href=\"https:\/\/iwell-guard.com\/is\/heimildaskra\/\">heimildaskr\u00e1nni<\/a>.<\/span><\/p>\t\t\t\t\t\t\t\t<\/div>\n\t\t\t\t<\/div>\n\t\t\t\t\t<\/div>\n\t\t\t\t<\/div>\n\t\t<div class=\"elementor-element elementor-element-iwgkw2-add-hulijing e-flex e-con-boxed e-con e-parent\" data-id=\"iwgkw2-add-hulijing\" data-element_type=\"container\" data-e-type=\"container\">\n\t\t\t\t\t<div class=\"e-con-inner\">\n\t\t\t\t<div class=\"elementor-element elementor-element-iwgkw2-add-hulijing-t elementor-widget elementor-widget-text-editor\" data-id=\"iwgkw2-add-hulijing-t\" data-element_type=\"widget\" data-e-type=\"widget\" data-widget_type=\"text-editor.default\">\n\t\t\t\t\t\t\t\t\t<p>Basajaun s\u00fdnir hversu n\u00e1i\u00f0 herra sk\u00f3garins tengir grunneska go\u00f0afr\u00e6\u00f0i og hversdagsl\u00edf smalanna. Hef\u00f0in nefnir Basajaunak villt f\u00f3lk, en \u00fea\u00f0 var \u00feessi villti herra sem h\u00e9lt tryggustu v\u00f6rsluna yfir hj\u00f6r\u00f0um og d\u00f6lum P\u00fdreneafjalla.<\/p>\t\t\t\t\t\t\t\t<\/div>\n\t\t\t\t\t<\/div>\n\t\t\t\t<\/div>\n\t\t\t\t<\/div>\n\t\t","protected":false},"excerpt":{"rendered":"","protected":false},"author":3,"featured_media":20377,"parent":0,"menu_order":0,"comment_status":"closed","ping_status":"closed","template":"elementor_header_footer","meta":{"_yoast_wpseo_focuskw":"basajaun","_yoast_wpseo_title":"Basajaun \u2013 herra baskneska sk\u00f3garins","_yoast_wpseo_metadesc":"Basajaun, h\u00e6r\u00f0ur herra baskneska sk\u00f3garins, varar hjar\u00f0menn vi\u00f0 stormi og \u00falfum. Yfirlit yfir uppruna, sagnaminni og hef\u00f0bundna si\u00f0i.","_yoast_wpseo_meta-robots-noindex":"","_yoast_wpseo_canonical":"","_angie_page":false,"gefaehrdungsstufe":"2","wesen_kultur":"baskisch","wesen_klasse":"geister","footnotes":""},"categories":[],"class_list":["post-169575","page","type-page","status-publish","has-post-thumbnail","hentry"],"yoast_head":"<!-- This site is optimized with the Yoast SEO Premium plugin v27.7 (Yoast SEO v28.3) - https:\/\/yoast.com\/product\/yoast-seo-premium-wordpress\/ -->\n<title>Basajaun \u2013 herra baskneska sk\u00f3garins<\/title>\n<meta name=\"description\" content=\"Basajaun, h\u00e6r\u00f0ur herra baskneska sk\u00f3garins, varar hjar\u00f0menn vi\u00f0 stormi og \u00falfum. Yfirlit yfir uppruna, sagnaminni og hef\u00f0bundna si\u00f0i.\" \/>\n<meta name=\"robots\" content=\"index, follow, max-snippet:-1, max-image-preview:large, max-video-preview:-1\" \/>\n<link rel=\"canonical\" href=\"https:\/\/iwell-guard.com\/is\/basajaun\/\" \/>\n<meta property=\"og:locale\" content=\"is_IS\" \/>\n<meta property=\"og:type\" content=\"article\" \/>\n<meta property=\"og:title\" content=\"Basajaun\" \/>\n<meta property=\"og:description\" content=\"Basajaun, h\u00e6r\u00f0ur herra baskneska sk\u00f3garins, varar hjar\u00f0menn vi\u00f0 stormi og \u00falfum. Yfirlit yfir uppruna, sagnaminni og hef\u00f0bundna si\u00f0i.\" \/>\n<meta property=\"og:url\" content=\"https:\/\/iwell-guard.com\/is\/basajaun\/\" \/>\n<meta property=\"og:site_name\" content=\"iWell Guard\" \/>\n<meta property=\"article:modified_time\" content=\"2026-09-05T14:49:37+00:00\" \/>\n<meta property=\"og:image\" content=\"https:\/\/iwell-guard.com\/wp-content\/uploads\/2026\/07\/geister_baskenland_basajaun.webp\" \/>\n\t<meta property=\"og:image:width\" content=\"1024\" \/>\n\t<meta property=\"og:image:height\" content=\"1536\" \/>\n\t<meta property=\"og:image:type\" content=\"image\/webp\" \/>\n<meta name=\"twitter:card\" content=\"summary_large_image\" \/>\n<script type=\"application\/ld+json\" class=\"yoast-schema-graph\">{\"@context\":\"https:\\\/\\\/schema.org\",\"@graph\":[{\"@type\":\"WebPage\",\"@id\":\"https:\\\/\\\/iwell-guard.com\\\/is\\\/basajaun\\\/\",\"url\":\"https:\\\/\\\/iwell-guard.com\\\/is\\\/basajaun\\\/\",\"name\":\"Basajaun \u2013 herra baskneska sk\u00f3garins\",\"isPartOf\":{\"@id\":\"https:\\\/\\\/iwell-guard.com\\\/is\\\/#website\"},\"primaryImageOfPage\":{\"@id\":\"https:\\\/\\\/iwell-guard.com\\\/is\\\/basajaun\\\/#primaryimage\"},\"image\":{\"@id\":\"https:\\\/\\\/iwell-guard.com\\\/is\\\/basajaun\\\/#primaryimage\"},\"thumbnailUrl\":\"https:\\\/\\\/iwell-guard.com\\\/wp-content\\\/uploads\\\/2026\\\/07\\\/geister_baskenland_basajaun.webp\",\"datePublished\":\"2026-09-05T14:09:30+00:00\",\"dateModified\":\"2026-09-05T14:49:37+00:00\",\"description\":\"Basajaun, h\u00e6r\u00f0ur herra baskneska sk\u00f3garins, varar hjar\u00f0menn vi\u00f0 stormi og \u00falfum. Yfirlit yfir uppruna, sagnaminni og hef\u00f0bundna si\u00f0i.\",\"breadcrumb\":{\"@id\":\"https:\\\/\\\/iwell-guard.com\\\/is\\\/basajaun\\\/#breadcrumb\"},\"inLanguage\":\"is\",\"potentialAction\":[{\"@type\":\"ReadAction\",\"target\":[\"https:\\\/\\\/iwell-guard.com\\\/is\\\/basajaun\\\/\"]}]},{\"@type\":\"ImageObject\",\"inLanguage\":\"is\",\"@id\":\"https:\\\/\\\/iwell-guard.com\\\/is\\\/basajaun\\\/#primaryimage\",\"url\":\"https:\\\/\\\/iwell-guard.com\\\/wp-content\\\/uploads\\\/2026\\\/07\\\/geister_baskenland_basajaun.webp\",\"contentUrl\":\"https:\\\/\\\/iwell-guard.com\\\/wp-content\\\/uploads\\\/2026\\\/07\\\/geister_baskenland_basajaun.webp\",\"width\":1024,\"height\":1536,\"caption\":\"Basajaun, andi \u00far baskneskri \u00fej\u00f3\u00f0tr\u00fa\"},{\"@type\":\"BreadcrumbList\",\"@id\":\"https:\\\/\\\/iwell-guard.com\\\/is\\\/basajaun\\\/#breadcrumb\",\"itemListElement\":[{\"@type\":\"ListItem\",\"position\":1,\"name\":\"Start\",\"item\":\"https:\\\/\\\/iwell-guard.com\\\/is\\\/?page_id=168580\"},{\"@type\":\"ListItem\",\"position\":2,\"name\":\"Basajaun\"}]},{\"@type\":\"WebSite\",\"@id\":\"https:\\\/\\\/iwell-guard.com\\\/is\\\/#website\",\"url\":\"https:\\\/\\\/iwell-guard.com\\\/is\\\/\",\"name\":\"iWell Guard\",\"description\":\"Schutz vor dunklen Einfl\u00fcssen\",\"publisher\":{\"@id\":\"https:\\\/\\\/iwell-guard.com\\\/is\\\/#organization\"},\"potentialAction\":[{\"@type\":\"SearchAction\",\"target\":{\"@type\":\"EntryPoint\",\"urlTemplate\":\"https:\\\/\\\/iwell-guard.com\\\/is\\\/?s={search_term_string}\"},\"query-input\":{\"@type\":\"PropertyValueSpecification\",\"valueRequired\":true,\"valueName\":\"search_term_string\"}}],\"inLanguage\":\"is\"},{\"@type\":\"Organization\",\"@id\":\"https:\\\/\\\/iwell-guard.com\\\/is\\\/#organization\",\"name\":\"Ittermann electronic GmbH\",\"url\":\"https:\\\/\\\/iwell-guard.com\\\/is\\\/\",\"logo\":{\"@type\":\"ImageObject\",\"inLanguage\":\"is\",\"@id\":\"https:\\\/\\\/iwell-guard.com\\\/is\\\/#\\\/schema\\\/logo\\\/image\\\/\",\"url\":\"https:\\\/\\\/iwell-guard.com\\\/wp-content\\\/uploads\\\/2026\\\/05\\\/Ittermann-Logo-1182x237-1.png\",\"contentUrl\":\"https:\\\/\\\/iwell-guard.com\\\/wp-content\\\/uploads\\\/2026\\\/05\\\/Ittermann-Logo-1182x237-1.png\",\"width\":1182,\"height\":237,\"caption\":\"Ittermann electronic GmbH\"},\"image\":{\"@id\":\"https:\\\/\\\/iwell-guard.com\\\/is\\\/#\\\/schema\\\/logo\\\/image\\\/\"},\"sameAs\":[\"https:\\\/\\\/pantip.com\\\/profile\\\/9367242\",\"https:\\\/\\\/micro.blog\\\/iwellguard\",\"https:\\\/\\\/www.diggerslist.com\\\/iwellguard\\\/about\",\"https:\\\/\\\/skitterphoto.com\\\/photographers\\\/2870314\\\/iwell-guard\",\"https:\\\/\\\/iwellguard.wordpress.com\\\/2026\\\/06\\\/06\\\/iwell-guard\\\/\",\"https:\\\/\\\/hub.docker.com\\\/u\\\/iwellguard\",\"https:\\\/\\\/www.pinterest.com\\\/iwellguard\\\/\",\"https:\\\/\\\/bit.ly\\\/m\\\/iwellguard\",\"https:\\\/\\\/entre-vos-mains.alsace.eu\\\/profiles\\\/iwellguard\\\/activity\",\"https:\\\/\\\/gravatar.com\\\/reallybeded8fd34\",\"https:\\\/\\\/naijamatta.com\\\/iwellguard\",\"https:\\\/\\\/www.goodreads.com\\\/iwellguard\",\"https:\\\/\\\/profile.hatena.ne.jp\\\/iwellguard\\\/\",\"https:\\\/\\\/experiment.com\\\/users\\\/iwellguard\",\"https:\\\/\\\/wakelet.com\\\/@iWellGuard82270\",\"https:\\\/\\\/www.chordie.com\\\/forum\\\/profile.php?id=2555664\",\"https:\\\/\\\/www.instapaper.com\\\/p\\\/17757966\",\"https:\\\/\\\/www.mapleprimes.com\\\/users\\\/iwellguard\",\"https:\\\/\\\/businesslistingplus.com\\\/profile\\\/iwell-guard\\\/\",\"https:\\\/\\\/telegra.ph\\\/iWell-Guard-06-06\",\"https:\\\/\\\/pbase.com\\\/iwellguard\\\/iwellguard\",\"https:\\\/\\\/b.hatena.ne.jp\\\/iwellguard\\\/20260607#bookmark-4788405196491818882\",\"https:\\\/\\\/fliphtml5.com\\\/home\\\/iwellguard\",\"https:\\\/\\\/anyflip.com\\\/homepage\\\/cmiwl#About\",\"https:\\\/\\\/transfur.com\\\/Users\\\/iwellguard\",\"http:\\\/\\\/delphi.larsbo.org\\\/user\\\/iwellguard\",\"https:\\\/\\\/jobs.lajobsportal.org\\\/profiles\\\/8380803-iwell-guard\",\"https:\\\/\\\/md.chaosdorf.de\\\/s\\\/jfbe5SBdJD\",\"https:\\\/\\\/www.lingvolive.com\\\/en-us\\\/profile\\\/9ecaeaca-ce11-4e51-9e71-01d55e2bff36\\\/translations\",\"https:\\\/\\\/www.fitday.com\\\/fitness\\\/forums\\\/members\\\/iwellguard.html\",\"https:\\\/\\\/www.mymeetbook.com\\\/iwellguard\",\"https:\\\/\\\/pxhere.com\\\/en\\\/photographer-me\\\/5040798\",\"https:\\\/\\\/disqus.com\\\/by\\\/iwellguard\\\/about\\\/\",\"https:\\\/\\\/pastelink.net\\\/hjwciqwq\",\"https:\\\/\\\/pubhtml5.com\\\/homepage\\\/scjhn\\\/\",\"https:\\\/\\\/www.bitchute.com\\\/channel\\\/2O2eOKzNqujT\",\"https:\\\/\\\/audiomack.com\\\/iwellguard\"]},{\"@type\":\"Article\",\"@id\":\"https:\\\/\\\/iwell-guard.com\\\/is\\\/basajaun\\\/#article\",\"isPartOf\":{\"@id\":\"https:\\\/\\\/iwell-guard.com\\\/is\\\/basajaun\\\/\"},\"author\":{\"name\":\"Ralf Ittermann\",\"@id\":\"https:\\\/\\\/iwell-guard.com\\\/is\\\/#\\\/schema\\\/person\\\/ee2a27f1cac3406c7c6fb5820cb7349f\"},\"headline\":\"Basajaun\",\"datePublished\":\"2026-09-05T14:09:30+00:00\",\"dateModified\":\"2026-09-05T14:49:37+00:00\",\"mainEntityOfPage\":{\"@id\":\"https:\\\/\\\/iwell-guard.com\\\/is\\\/basajaun\\\/\"},\"publisher\":{\"@id\":\"https:\\\/\\\/iwell-guard.com\\\/is\\\/#organization\"},\"image\":{\"@id\":\"https:\\\/\\\/iwell-guard.com\\\/is\\\/basajaun\\\/#primaryimage\"},\"thumbnailUrl\":\"https:\\\/\\\/iwell-guard.com\\\/wp-content\\\/uploads\\\/2026\\\/07\\\/geister_baskenland_basajaun.webp\",\"inLanguage\":\"is\",\"description\":\"Basajaun, h\u00e6r\u00f0ur herra baskneska sk\u00f3garins, varar hjar\u00f0menn vi\u00f0 stormi og \u00falfum. Yfirlit yfir uppruna, sagnaminni og hef\u00f0bundna si\u00f0i.\"}]}<\/script>\n<!-- \/ Yoast SEO Premium plugin. -->","yoast_head_json":{"title":"Basajaun \u2013 herra baskneska sk\u00f3garins","description":"Basajaun, h\u00e6r\u00f0ur herra baskneska sk\u00f3garins, varar hjar\u00f0menn vi\u00f0 stormi og \u00falfum. Yfirlit yfir uppruna, sagnaminni og hef\u00f0bundna si\u00f0i.","robots":{"index":"index","follow":"follow","max-snippet":"max-snippet:-1","max-image-preview":"max-image-preview:large","max-video-preview":"max-video-preview:-1"},"canonical":"https:\/\/iwell-guard.com\/is\/basajaun\/","og_locale":"is_IS","og_type":"article","og_title":"Basajaun","og_description":"Basajaun, h\u00e6r\u00f0ur herra baskneska sk\u00f3garins, varar hjar\u00f0menn vi\u00f0 stormi og \u00falfum. Yfirlit yfir uppruna, sagnaminni og hef\u00f0bundna si\u00f0i.","og_url":"https:\/\/iwell-guard.com\/is\/basajaun\/","og_site_name":"iWell Guard","article_modified_time":"2026-09-05T14:49:37+00:00","og_image":[{"width":1024,"height":1536,"url":"https:\/\/iwell-guard.com\/wp-content\/uploads\/2026\/07\/geister_baskenland_basajaun.webp","type":"image\/webp"}],"twitter_card":"summary_large_image","schema":{"@context":"https:\/\/schema.org","@graph":[{"@type":"Article","@id":"https:\/\/iwell-guard.com\/is\/basajaun\/#article","isPartOf":{"@id":"https:\/\/iwell-guard.com\/is\/basajaun\/"},"author":{"name":"Ralf Ittermann","@id":"https:\/\/iwell-guard.com\/is\/#\/schema\/person\/ee2a27f1cac3406c7c6fb5820cb7349f"},"headline":"Basajaun","datePublished":"2026-09-05T14:09:30+00:00","dateModified":"2026-09-05T14:49:37+00:00","mainEntityOfPage":{"@id":"https:\/\/iwell-guard.com\/is\/basajaun\/"},"publisher":{"@id":"https:\/\/iwell-guard.com\/is\/#organization"},"image":{"@id":"https:\/\/iwell-guard.com\/is\/basajaun\/#primaryimage"},"thumbnailUrl":"https:\/\/iwell-guard.com\/wp-content\/uploads\/2026\/07\/geister_baskenland_basajaun.webp","inLanguage":"is","description":"Basajaun, h\u00e6r\u00f0ur herra baskneska sk\u00f3garins, varar hjar\u00f0menn vi\u00f0 stormi og \u00falfum. Yfirlit yfir uppruna, sagnaminni og hef\u00f0bundna si\u00f0i."},{"@type":"WebPage","@id":"https:\/\/iwell-guard.com\/is\/basajaun\/","url":"https:\/\/iwell-guard.com\/is\/basajaun\/","name":"Basajaun \u2013 herra baskneska sk\u00f3garins","isPartOf":{"@id":"https:\/\/iwell-guard.com\/is\/#website"},"primaryImageOfPage":{"@id":"https:\/\/iwell-guard.com\/is\/basajaun\/#primaryimage"},"image":{"@id":"https:\/\/iwell-guard.com\/is\/basajaun\/#primaryimage"},"thumbnailUrl":"https:\/\/iwell-guard.com\/wp-content\/uploads\/2026\/07\/geister_baskenland_basajaun.webp","datePublished":"2026-09-05T14:09:30+00:00","dateModified":"2026-09-05T14:49:37+00:00","description":"Basajaun, h\u00e6r\u00f0ur herra baskneska sk\u00f3garins, varar hjar\u00f0menn vi\u00f0 stormi og \u00falfum. Yfirlit yfir uppruna, sagnaminni og hef\u00f0bundna si\u00f0i.","breadcrumb":{"@id":"https:\/\/iwell-guard.com\/is\/basajaun\/#breadcrumb"},"inLanguage":"is","potentialAction":[{"@type":"ReadAction","target":["https:\/\/iwell-guard.com\/is\/basajaun\/"]}]},{"@type":"ImageObject","inLanguage":"is","@id":"https:\/\/iwell-guard.com\/is\/basajaun\/#primaryimage","url":"https:\/\/iwell-guard.com\/wp-content\/uploads\/2026\/07\/geister_baskenland_basajaun.webp","contentUrl":"https:\/\/iwell-guard.com\/wp-content\/uploads\/2026\/07\/geister_baskenland_basajaun.webp","width":1024,"height":1536,"caption":"Basajaun, andi \u00far baskneskri \u00fej\u00f3\u00f0tr\u00fa"},{"@type":"BreadcrumbList","@id":"https:\/\/iwell-guard.com\/is\/basajaun\/#breadcrumb","itemListElement":[{"@type":"ListItem","position":1,"name":"Start","item":"https:\/\/iwell-guard.com\/is\/?page_id=168580"},{"@type":"ListItem","position":2,"name":"Basajaun"}]},{"@type":"WebSite","@id":"https:\/\/iwell-guard.com\/is\/#website","url":"https:\/\/iwell-guard.com\/is\/","name":"iWell Guard","description":"Schutz vor dunklen Einfl\u00fcssen","publisher":{"@id":"https:\/\/iwell-guard.com\/is\/#organization"},"potentialAction":[{"@type":"SearchAction","target":{"@type":"EntryPoint","urlTemplate":"https:\/\/iwell-guard.com\/is\/?s={search_term_string}"},"query-input":{"@type":"PropertyValueSpecification","valueRequired":true,"valueName":"search_term_string"}}],"inLanguage":"is"},{"@type":"Organization","@id":"https:\/\/iwell-guard.com\/is\/#organization","name":"Ittermann electronic GmbH","url":"https:\/\/iwell-guard.com\/is\/","logo":{"@type":"ImageObject","inLanguage":"is","@id":"https:\/\/iwell-guard.com\/is\/#\/schema\/logo\/image\/","url":"https:\/\/iwell-guard.com\/wp-content\/uploads\/2026\/05\/Ittermann-Logo-1182x237-1.png","contentUrl":"https:\/\/iwell-guard.com\/wp-content\/uploads\/2026\/05\/Ittermann-Logo-1182x237-1.png","width":1182,"height":237,"caption":"Ittermann electronic GmbH"},"image":{"@id":"https:\/\/iwell-guard.com\/is\/#\/schema\/logo\/image\/"},"sameAs":["https:\/\/pantip.com\/profile\/9367242","https:\/\/micro.blog\/iwellguard","https:\/\/www.diggerslist.com\/iwellguard\/about","https:\/\/skitterphoto.com\/photographers\/2870314\/iwell-guard","https:\/\/iwellguard.wordpress.com\/2026\/06\/06\/iwell-guard\/","https:\/\/hub.docker.com\/u\/iwellguard","https:\/\/www.pinterest.com\/iwellguard\/","https:\/\/bit.ly\/m\/iwellguard","https:\/\/entre-vos-mains.alsace.eu\/profiles\/iwellguard\/activity","https:\/\/gravatar.com\/reallybeded8fd34","https:\/\/naijamatta.com\/iwellguard","https:\/\/www.goodreads.com\/iwellguard","https:\/\/profile.hatena.ne.jp\/iwellguard\/","https:\/\/experiment.com\/users\/iwellguard","https:\/\/wakelet.com\/@iWellGuard82270","https:\/\/www.chordie.com\/forum\/profile.php?id=2555664","https:\/\/www.instapaper.com\/p\/17757966","https:\/\/www.mapleprimes.com\/users\/iwellguard","https:\/\/businesslistingplus.com\/profile\/iwell-guard\/","https:\/\/telegra.ph\/iWell-Guard-06-06","https:\/\/pbase.com\/iwellguard\/iwellguard","https:\/\/b.hatena.ne.jp\/iwellguard\/20260607#bookmark-4788405196491818882","https:\/\/fliphtml5.com\/home\/iwellguard","https:\/\/anyflip.com\/homepage\/cmiwl#About","https:\/\/transfur.com\/Users\/iwellguard","http:\/\/delphi.larsbo.org\/user\/iwellguard","https:\/\/jobs.lajobsportal.org\/profiles\/8380803-iwell-guard","https:\/\/md.chaosdorf.de\/s\/jfbe5SBdJD","https:\/\/www.lingvolive.com\/en-us\/profile\/9ecaeaca-ce11-4e51-9e71-01d55e2bff36\/translations","https:\/\/www.fitday.com\/fitness\/forums\/members\/iwellguard.html","https:\/\/www.mymeetbook.com\/iwellguard","https:\/\/pxhere.com\/en\/photographer-me\/5040798","https:\/\/disqus.com\/by\/iwellguard\/about\/","https:\/\/pastelink.net\/hjwciqwq","https:\/\/pubhtml5.com\/homepage\/scjhn\/","https:\/\/www.bitchute.com\/channel\/2O2eOKzNqujT","https:\/\/audiomack.com\/iwellguard"]},{"@type":"Person","@id":"https:\/\/iwell-guard.com\/is\/#\/schema\/person\/ee2a27f1cac3406c7c6fb5820cb7349f","name":"Ralf Ittermann","image":{"@type":"ImageObject","inLanguage":"is","@id":"https:\/\/secure.gravatar.com\/avatar\/073c0153e350a5005b68eb752b445fea71f6b24a26da9449ad7e155e6b446c9d?s=96&d=mm&r=g","url":"https:\/\/secure.gravatar.com\/avatar\/073c0153e350a5005b68eb752b445fea71f6b24a26da9449ad7e155e6b446c9d?s=96&d=mm&r=g","contentUrl":"https:\/\/secure.gravatar.com\/avatar\/073c0153e350a5005b68eb752b445fea71f6b24a26da9449ad7e155e6b446c9d?s=96&d=mm&r=g","caption":"Ralf Ittermann"},"givenName":"Ralf","familyName":"Ittermann","jobTitle":"Gesch\u00e4ftsf\u00fchrer und redaktioneller Verantwortlicher","url":"https:\/\/iwell-guard.com\/is\/author\/claude\/","description":"Ralf Ittermann ist Gesch\u00e4ftsf\u00fchrer der Ittermann electronic GmbH und redaktioneller Verantwortlicher des iWell-Guard-Lexikons. Er verbindet langj\u00e4hrige Erfahrung in der Pr\u00e4zisionsfertigung mit medialer Praxis und religionsgeschichtlicher Quellenarbeit.","worksFor":{"@type":"Organization","name":"Ittermann electronic GmbH","url":"https:\/\/ittermann.de\/","address":{"@type":"PostalAddress","streetAddress":"K\u00f6hlergasse 16-18","postalCode":"99842","addressLocality":"Ruhla","addressCountry":"DE"}},"knowsAbout":["Religionsgeschichte","Mythologie","Mediale Praxis","Energetische Diagnostik","Schutzpraxis","Volksglauben","Westliche Esoterik"]},{"@type":"Article","@id":"https:\/\/iwell-guard.com\/is\/basajaun\/#article","isPartOf":{"@id":"https:\/\/iwell-guard.com\/is\/basajaun\/"},"author":{"name":"Ralf Ittermann","@id":"https:\/\/iwell-guard.com\/is\/#\/schema\/person\/ee2a27f1cac3406c7c6fb5820cb7349f"},"headline":"Basajaun","datePublished":"2026-09-05T14:09:30+00:00","dateModified":"2026-09-05T14:49:37+00:00","mainEntityOfPage":{"@id":"https:\/\/iwell-guard.com\/is\/basajaun\/"},"publisher":{"@id":"https:\/\/iwell-guard.com\/is\/#organization"},"image":{"@id":"https:\/\/iwell-guard.com\/is\/basajaun\/#primaryimage"},"thumbnailUrl":"https:\/\/iwell-guard.com\/wp-content\/uploads\/2026\/07\/geister_baskenland_basajaun.webp","inLanguage":"is","description":"Basajaun, h\u00e6r\u00f0ur herra baskneska sk\u00f3garins, varar hjar\u00f0menn vi\u00f0 stormi og \u00falfum. Yfirlit yfir uppruna, sagnaminni og hef\u00f0bundna si\u00f0i."}]}},"_links":{"self":[{"href":"https:\/\/iwell-guard.com\/is\/wp-json\/wp\/v2\/pages\/169575","targetHints":{"allow":["GET"]}}],"collection":[{"href":"https:\/\/iwell-guard.com\/is\/wp-json\/wp\/v2\/pages"}],"about":[{"href":"https:\/\/iwell-guard.com\/is\/wp-json\/wp\/v2\/types\/page"}],"author":[{"embeddable":true,"href":"https:\/\/iwell-guard.com\/is\/wp-json\/wp\/v2\/users\/3"}],"replies":[{"embeddable":true,"href":"https:\/\/iwell-guard.com\/is\/wp-json\/wp\/v2\/comments?post=169575"}],"version-history":[{"count":0,"href":"https:\/\/iwell-guard.com\/is\/wp-json\/wp\/v2\/pages\/169575\/revisions"}],"wp:featuredmedia":[{"embeddable":true,"href":"https:\/\/iwell-guard.com\/is\/wp-json\/wp\/v2\/media\/20377"}],"wp:attachment":[{"href":"https:\/\/iwell-guard.com\/is\/wp-json\/wp\/v2\/media?parent=169575"}],"wp:term":[{"taxonomy":"category","embeddable":true,"href":"https:\/\/iwell-guard.com\/is\/wp-json\/wp\/v2\/categories?post=169575"}],"curies":[{"name":"wp","href":"https:\/\/api.w.org\/{rel}","templated":true}]}}