{"id":169573,"date":"2026-09-05T14:09:29","date_gmt":"2026-09-05T14:09:29","guid":{"rendered":"https:\/\/iwell-guard.com\/?page_id=169573"},"modified":"2026-09-05T14:49:33","modified_gmt":"2026-09-05T14:49:33","slug":"metsaema","status":"publish","type":"page","link":"https:\/\/iwell-guard.com\/is\/metsaema\/","title":{"rendered":"Metsaema"},"content":{"rendered":"\t\t<div data-elementor-type=\"wp-page\" data-elementor-id=\"169573\" class=\"elementor elementor-169573 elementor-19396\" data-elementor-post-type=\"page\">\n\t\t\t\t<div class=\"elementor-element elementor-element-10fdade e-flex e-con-boxed e-con e-parent\" data-id=\"10fdade\" data-element_type=\"container\" data-e-type=\"container\" data-settings=\"{&quot;background_background&quot;:&quot;classic&quot;}\">\n\t\t\t\t\t<div class=\"e-con-inner\">\n\t\t<div class=\"elementor-element elementor-element-herohlft0 e-flex e-con-boxed e-con e-child\" data-id=\"herohlft0\" data-element_type=\"container\" data-e-type=\"container\">\n\t\t\t\t\t<div class=\"e-con-inner\">\n\t\t<div class=\"elementor-element elementor-element-c3ceb64 e-con-full e-flex e-con e-child\" data-id=\"c3ceb64\" data-element_type=\"container\" data-e-type=\"container\">\n\t\t\t\t<div class=\"elementor-element elementor-element-96ae5e1 elementor-widget elementor-widget-heading\" data-id=\"96ae5e1\" data-element_type=\"widget\" data-e-type=\"widget\" data-widget_type=\"heading.default\">\n\t\t\t\t\t<h1 class=\"elementor-heading-title elementor-size-default\">Metsaema, m\u00f3\u00f0urlegur verndari sk\u00f3garins \u00ed Eistlandi<\/h1>\t\t\t\t<\/div>\n\t\t\t\t<div class=\"elementor-element elementor-element-e45238a elementor-widget elementor-widget-text-editor\" data-id=\"e45238a\" data-element_type=\"widget\" data-e-type=\"widget\" data-widget_type=\"text-editor.default\">\n\t\t\t\t\t\t\t\t\t<p>Metsaema er <span class=\"iwg-fachbegriff\" data-tooltip=\"Pers\u00f3nuger\u00f0 \u00e6\u00f0sta m\u00e1ttarvald \u00ed go\u00f0aver\u00f6ld menningarheims, d\u00fdrku\u00f0 me\u00f0 tilbei\u00f0slu og f\u00f3rnum.\" tabindex=\"0\">gy\u00f0ja<\/span> \u00ed eistneskri hef\u00f0.<\/p><p><strong>Sk\u00f3garm\u00f3\u00f0irin sem tekur vei\u00f0id\u00fdr og b\u00faf\u00e9na\u00f0 \u00e1 beit undir s\u00edna umsj\u00e1.<\/strong> Sem m\u00f3\u00f0urlegur verndari sk\u00f3garins vakir Metsaema j\u00f6fnum h\u00f6ndum yfir vei\u00f0id\u00fdrum og b\u00faf\u00e9 \u00e1 beit. \u00deetta vi\u00f0urnefni, verndari vei\u00f0id\u00fdra, ber Metsaema \u00feegar \u00ed nafni s\u00ednu.<\/p>\t\t\t\t\t\t\t\t<\/div>\n\t\t\t\t<\/div>\n\t\t<div class=\"elementor-element elementor-element-klsbdg01 e-con-full e-flex e-con e-parent\" data-id=\"klsbdg01\" data-element_type=\"container\" data-e-type=\"container\">\n\t\t\t\t<div class=\"elementor-element elementor-element-klshtm01 elementor-widget elementor-widget-html\" data-id=\"klshtm01\" data-element_type=\"widget\" data-e-type=\"widget\" data-widget_type=\"html.default\">\n\t\t\t\t\t<div class=\"iwg-pill-row\"><span class=\"iwg-klasse-badge\" tabindex=\"0\" data-tooltip=\"Gu\u00f0 \/ gy\u00f0ja: Pers\u00f3nuger\u00f0 \u00e6\u00f0sta m\u00e1ttarvald \u00ed go\u00f0aver\u00f6ld menningarheims, me\u00f0 sk\u00fdrt afm\u00f6rku\u00f0 svi\u00f0 \u00e1 bor\u00f0 vi\u00f0 n\u00e1tt\u00faru\u00f6fl, \u00f6rl\u00f6g, str\u00ed\u00f0, frj\u00f3semi. D\u00fdrku\u00f0 me\u00f0 tilbei\u00f0slu, f\u00f3rnum og musterisstofnunum.\">Gy\u00f0ja<\/span><span class=\"iwg-kultur-badge\" tabindex=\"0\" data-tooltip=\"Eistnesk \u00fej\u00f3\u00f0tr\u00fa me\u00f0 verndar- og n\u00e1tt\u00faruv\u00e6ttum.\">Eistland<\/span><\/div>\t\t\t\t<\/div>\n\t\t\t\t<\/div>\n\t\t<div class=\"elementor-element elementor-element-3f74855 e-con-full e-flex e-con e-child\" data-id=\"3f74855\" data-element_type=\"container\" data-e-type=\"container\">\n\t\t\t\t<div class=\"elementor-element elementor-element-1c30362 elementor-toc--minimized-on-tablet elementor-widget elementor-widget-table-of-contents\" data-id=\"1c30362\" data-element_type=\"widget\" data-e-type=\"widget\" data-settings=\"{&quot;exclude_headings_by_selector&quot;:[],&quot;no_headings_message&quot;:&quot;Engar undirfyrirsagnir fundust \\u00e1 \\u00feessari s\\u00ed\\u00f0u.&quot;,&quot;headings_by_tags&quot;:[&quot;h2&quot;,&quot;h3&quot;],&quot;marker_view&quot;:&quot;bullets&quot;,&quot;icon&quot;:{&quot;value&quot;:&quot;fas fa-circle&quot;,&quot;library&quot;:&quot;fa-solid&quot;,&quot;rendered_tag&quot;:&quot;&lt;svg class=\\&quot;e-font-icon-svg e-fas-circle\\&quot; viewBox=\\&quot;0 0 512 512\\&quot; xmlns=\\&quot;http:\\\/\\\/www.w3.org\\\/2000\\\/svg\\&quot;&gt;&lt;path d=\\&quot;M256 8C119 8 8 119 8 256s111 248 248 248 248-111 248-248S393 8 256 8z\\&quot;&gt;&lt;\\\/path&gt;&lt;\\\/svg&gt;&quot;},&quot;minimize_box&quot;:&quot;yes&quot;,&quot;minimized_on&quot;:&quot;tablet&quot;,&quot;hierarchical_view&quot;:&quot;yes&quot;,&quot;min_height&quot;:{&quot;unit&quot;:&quot;px&quot;,&quot;size&quot;:&quot;&quot;,&quot;sizes&quot;:[]},&quot;min_height_tablet&quot;:{&quot;unit&quot;:&quot;px&quot;,&quot;size&quot;:&quot;&quot;,&quot;sizes&quot;:[]},&quot;min_height_mobile&quot;:{&quot;unit&quot;:&quot;px&quot;,&quot;size&quot;:&quot;&quot;,&quot;sizes&quot;:[]}}\" data-widget_type=\"table-of-contents.default\">\n\t\t\t\t\t\t\t\t\t<div class=\"elementor-toc__header\">\n\t\t\t\t\t\t<h2 class=\"elementor-toc__header-title\">\n\t\t\t\tEfnisyfirlit\t\t\t<\/h2>\n\t\t\t\t\t\t\t\t\t\t<div class=\"elementor-toc__toggle-button elementor-toc__toggle-button--expand\" role=\"button\" tabindex=\"0\" aria-controls=\"elementor-toc__1c30362\" aria-expanded=\"true\" aria-label=\"Open table of contents\"><svg aria-hidden=\"true\" class=\"e-font-icon-svg e-fas-chevron-down\" viewBox=\"0 0 448 512\" xmlns=\"http:\/\/www.w3.org\/2000\/svg\"><path d=\"M207.029 381.476L12.686 187.132c-9.373-9.373-9.373-24.569 0-33.941l22.667-22.667c9.357-9.357 24.522-9.375 33.901-.04L224 284.505l154.745-154.021c9.379-9.335 24.544-9.317 33.901.04l22.667 22.667c9.373 9.373 9.373 24.569 0 33.941L240.971 381.476c-9.373 9.372-24.569 9.372-33.942 0z\"><\/path><\/svg><\/div>\n\t\t\t\t<div class=\"elementor-toc__toggle-button elementor-toc__toggle-button--collapse\" role=\"button\" tabindex=\"0\" aria-controls=\"elementor-toc__1c30362\" aria-expanded=\"true\" aria-label=\"Close table of contents\"><svg aria-hidden=\"true\" class=\"e-font-icon-svg e-fas-chevron-up\" viewBox=\"0 0 448 512\" xmlns=\"http:\/\/www.w3.org\/2000\/svg\"><path d=\"M240.971 130.524l194.343 194.343c9.373 9.373 9.373 24.569 0 33.941l-22.667 22.667c-9.357 9.357-24.522 9.375-33.901.04L224 227.495 69.255 381.516c-9.379 9.335-24.544 9.317-33.901-.04l-22.667-22.667c-9.373-9.373-9.373-24.569 0-33.941L207.03 130.525c9.372-9.373 24.568-9.373 33.941-.001z\"><\/path><\/svg><\/div>\n\t\t\t\t\t<\/div>\n\t\t\t\t<div id=\"elementor-toc__1c30362\" class=\"elementor-toc__body\">\n\t\t\t<div class=\"elementor-toc__spinner-container\">\n\t\t\t\t<svg class=\"elementor-toc__spinner eicon-animation-spin e-font-icon-svg e-eicon-loading\" aria-hidden=\"true\" viewBox=\"0 0 1000 1000\" xmlns=\"http:\/\/www.w3.org\/2000\/svg\"><path d=\"M500 975V858C696 858 858 696 858 500S696 142 500 142 142 304 142 500H25C25 237 238 25 500 25S975 237 975 500 763 975 500 975Z\"><\/path><\/svg>\t\t\t<\/div>\n\t\t<\/div>\n\t\t\t\t\t\t<\/div>\n\t\t\t\t<\/div>\n\t\t\t\t\t<\/div>\n\t\t\t\t<\/div>\n\t\t<div class=\"elementor-element elementor-element-herorght0 e-con-full e-flex e-con e-child\" data-id=\"herorght0\" data-element_type=\"container\" data-e-type=\"container\">\n\t\t\t\t<div class=\"elementor-element elementor-element-heroimg00 iwg-hero-image elementor-widget elementor-widget-image\" data-id=\"heroimg00\" data-element_type=\"widget\" data-e-type=\"widget\" data-widget_type=\"image.default\">\n\t\t\t\t\t\t\t\t\t\t\t\t\t\t\t<img fetchpriority=\"high\" decoding=\"async\" width=\"683\" height=\"1024\" src=\"https:\/\/iwell-guard.com\/wp-content\/uploads\/2026\/07\/goetter_estland_metsaema-683x1024.webp\" class=\"attachment-large size-large wp-image-169935\" alt=\"Metsaema, gy\u00f0ja \u00ed eistneskri \u00fej\u00f3\u00f0tr\u00fa\" srcset=\"https:\/\/iwell-guard.com\/wp-content\/uploads\/2026\/07\/goetter_estland_metsaema-683x1024.webp 683w, https:\/\/iwell-guard.com\/wp-content\/uploads\/2026\/07\/goetter_estland_metsaema-200x300.webp 200w, https:\/\/iwell-guard.com\/wp-content\/uploads\/2026\/07\/goetter_estland_metsaema-768x1152.webp 768w, https:\/\/iwell-guard.com\/wp-content\/uploads\/2026\/07\/goetter_estland_metsaema.webp 1024w\" sizes=\"(max-width: 683px) 100vw, 683px\" \/>\t\t\t\t\t\t\t\t\t\t\t\t\t\t\t<\/div>\n\t\t\t\t<\/div>\n\t\t\t\t\t<\/div>\n\t\t\t\t<\/div>\n\t\t<div class=\"elementor-element elementor-element-32917199 e-flex e-con-boxed e-con e-parent\" data-id=\"32917199\" data-element_type=\"container\" data-e-type=\"container\">\n\t\t\t\t\t<div class=\"e-con-inner\">\n\t\t<div class=\"elementor-element elementor-element-26e916cb e-flex e-con-boxed e-con e-child\" data-id=\"26e916cb\" data-element_type=\"container\" data-e-type=\"container\">\n\t\t\t\t\t<div class=\"e-con-inner\">\n\t\t<div class=\"elementor-element elementor-element-253a40d4 e-flex e-con-boxed e-con e-child\" data-id=\"253a40d4\" data-element_type=\"container\" data-e-type=\"container\">\n\t\t\t\t\t<div class=\"e-con-inner\">\n\t\t\t\t<div class=\"elementor-element elementor-element-1200c304 elementor-widget elementor-widget-heading\" data-id=\"1200c304\" data-element_type=\"widget\" data-e-type=\"widget\" data-widget_type=\"heading.default\">\n\t\t\t\t\t<div class=\"elementor-heading-title elementor-size-default\">Metsaema<\/div>\t\t\t\t<\/div>\n\t\t\t\t<div class=\"elementor-element elementor-element-11758e7f elementor-widget elementor-widget-text-editor\" data-id=\"11758e7f\" data-element_type=\"widget\" data-e-type=\"widget\" data-widget_type=\"text-editor.default\">\n\t\t\t\t\t\t\t\t\t<p>Metsaema, or\u00f0r\u00e9tt sk\u00f3garm\u00f3\u00f0irin, er \u00ed eistneskri \u00fej\u00f3\u00f0tr\u00fa kvenkyns verndarv\u00e6ttur sk\u00f3garins og d\u00fdra hans. H\u00fan er hin umhyggjusama hli\u00f0 eistneskra sk\u00f3garv\u00e6tta og g\u00e6tir \u00feess a\u00f0 f\u00f3lk n\u00fdti sk\u00f3ginn me\u00f0 vark\u00e1rni.<\/p><p>S\u00e1 sem hl\u00fdddi hef\u00f0bundnum reglum gat v\u00e6nst velvildar hennar; sk\u00f3garspj\u00f6ll h\u00f6f\u00f0u aftur \u00e1 m\u00f3ti \u00ed f\u00f6r me\u00f0 s\u00e9r refsingar, allt fr\u00e1 \u00fev\u00ed a\u00f0 villast til \u00feess a\u00f0 berjat\u00ednsla bryg\u00f0ist.<\/p>\t\t\t\t\t\t\t\t<\/div>\n\t\t\t\t\t<\/div>\n\t\t\t\t<\/div>\n\t\t<div class=\"elementor-element elementor-element-159dcf9a e-flex e-con-boxed e-con e-child\" data-id=\"159dcf9a\" data-element_type=\"container\" data-e-type=\"container\">\n\t\t\t\t\t<div class=\"e-con-inner\">\n\t\t\t\t<div class=\"elementor-element elementor-element-48cee66f elementor-widget elementor-widget-heading\" data-id=\"48cee66f\" data-element_type=\"widget\" data-e-type=\"widget\" data-widget_type=\"heading.default\">\n\t\t\t\t\t<div class=\"elementor-heading-title elementor-size-default\">\u00cd hnotskurn: Metsaema<\/div>\t\t\t\t<\/div>\n\t\t\t\t<div class=\"elementor-element elementor-element-3f50d82c elementor-widget elementor-widget-text-editor\" data-id=\"3f50d82c\" data-element_type=\"widget\" data-e-type=\"widget\" data-widget_type=\"text-editor.default\">\n\t\t\t\t\t\t\t\t\t<p><strong>Tegund:<\/strong> Kvenkyns verndarv\u00e6ttur sk\u00f3garins og d\u00fdra hans<br>Uppruni: Eistland og n\u00e6rliggjandi Austursj\u00e1varsv\u00e6\u00f0i<br>Textar: \u00fej\u00f3\u00f0fr\u00e6\u00f0is\u00f6fn eftir Kreutzwald, Eisen, Loorits og Paulson<br>T\u00edmabil: skr\u00e1\u00f0 \u00e1 19. og 20. \u00f6ld, einst\u00f6k tilvitnun fr\u00e1 1854<br>\u00c1s\u00fdnd: \u00fdmist tignarleg kona \u00ed hv\u00edtum kyrtli e\u00f0a beyg\u00f0 g\u00f6mul kona<\/p>\t\t\t\t\t\t\t\t<\/div>\n\t\t\t\t\t<\/div>\n\t\t\t\t<\/div>\n\t\t\t\t\t<\/div>\n\t\t\t\t<\/div>\n\t\t\t\t\t<\/div>\n\t\t\t\t<\/div>\n\t\t<div class=\"elementor-element elementor-element-18613602 e-flex e-con-boxed e-con e-parent\" data-id=\"18613602\" data-element_type=\"container\" data-e-type=\"container\">\n\t\t\t\t\t<div class=\"e-con-inner\">\n\t\t\t\t<div class=\"elementor-element elementor-element-262b8a9f elementor-widget elementor-widget-heading\" data-id=\"262b8a9f\" data-element_type=\"widget\" data-e-type=\"widget\" data-widget_type=\"heading.default\">\n\t\t\t\t\t<h2 class=\"elementor-heading-title elementor-size-default\">Heimildasamhengi<\/h2>\t\t\t\t<\/div>\n\t\t<div class=\"elementor-element elementor-element-46dcb7d e-con-full e-flex e-con e-child\" data-id=\"46dcb7d\" data-element_type=\"container\" data-e-type=\"container\">\n\t\t<div class=\"elementor-element elementor-element-61d3ab3 e-flex e-con-boxed e-con e-child\" data-id=\"61d3ab3\" data-element_type=\"container\" data-e-type=\"container\">\n\t\t\t\t\t<div class=\"e-con-inner\">\n\t\t\t\t<div class=\"elementor-element elementor-element-117c166 elementor-widget elementor-widget-heading\" data-id=\"117c166\" data-element_type=\"widget\" data-e-type=\"widget\" data-widget_type=\"heading.default\">\n\t\t\t\t\t<h3 class=\"elementor-heading-title elementor-size-default\">T\u00edmabil textanna<\/h3>\t\t\t\t<\/div>\n\t\t\t\t<div class=\"elementor-element elementor-element-73997a0 elementor-widget elementor-widget-text-editor\" data-id=\"73997a0\" data-element_type=\"widget\" data-e-type=\"widget\" data-widget_type=\"text-editor.default\">\n\t\t\t\t\t\t\t\t\t<p>Skrifleg vitni fr\u00e1 t\u00edmum fyrir kristnit\u00f6ku eru alls ekki til; v\u00e6ttin ver\u00f0ur a\u00f0eins \u00e1\u00fereifanleg \u00ed \u00fej\u00f3\u00f0fr\u00e6\u00f0is\u00f6fnum 19. og 20. aldar, me\u00f0 einstakri tilvitnun hj\u00e1 Kreutzwald 1854.<\/p>\t\t\t\t\t\t\t\t<\/div>\n\t\t\t\t\t<\/div>\n\t\t\t\t<\/div>\n\t\t<div class=\"elementor-element elementor-element-d47b156 e-flex e-con-boxed e-con e-child\" data-id=\"d47b156\" data-element_type=\"container\" data-e-type=\"container\">\n\t\t\t\t\t<div class=\"e-con-inner\">\n\t\t\t\t<div class=\"elementor-element elementor-element-ff38c2b elementor-widget elementor-widget-heading\" data-id=\"ff38c2b\" data-element_type=\"widget\" data-e-type=\"widget\" data-widget_type=\"heading.default\">\n\t\t\t\t\t<h3 class=\"elementor-heading-title elementor-size-default\">\u00datbrei\u00f0slusv\u00e6\u00f0i<\/h3>\t\t\t\t<\/div>\n\t\t\t\t<div class=\"elementor-element elementor-element-4e49fcc elementor-widget elementor-widget-text-editor\" data-id=\"4e49fcc\" data-element_type=\"widget\" data-e-type=\"widget\" data-widget_type=\"text-editor.default\">\n\t\t\t\t\t\t\t\t\t<p>Eistland og n\u00e6rliggjandi Austursj\u00e1varsv\u00e6\u00f0i. Athygli vekur hve austurbaltnesk hef\u00f0 hallast a\u00f0 kvenkyns sk\u00f3garv\u00e6ttum, \u00e1 me\u00f0an karlkyns sk\u00f3garherrar eru r\u00edkjandi \u00ed r\u00fassneskum munnm\u00e6lum.<\/p>\t\t\t\t\t\t\t\t<\/div>\n\t\t\t\t\t<\/div>\n\t\t\t\t<\/div>\n\t\t\t\t<\/div>\n\t\t<div class=\"elementor-element elementor-element-db03c39 e-con-full e-flex e-con e-child\" data-id=\"db03c39\" data-element_type=\"container\" data-e-type=\"container\">\n\t\t<div class=\"elementor-element elementor-element-229a87b e-flex e-con-boxed e-con e-child\" data-id=\"229a87b\" data-element_type=\"container\" data-e-type=\"container\">\n\t\t\t\t\t<div class=\"e-con-inner\">\n\t\t\t\t<div class=\"elementor-element elementor-element-1f471fc elementor-widget elementor-widget-heading\" data-id=\"1f471fc\" data-element_type=\"widget\" data-e-type=\"widget\" data-widget_type=\"heading.default\">\n\t\t\t\t\t<h3 class=\"elementor-heading-title elementor-size-default\">Heimildasta\u00f0a<\/h3>\t\t\t\t<\/div>\n\t\t\t\t<div class=\"elementor-element elementor-element-36b1201 elementor-widget elementor-widget-text-editor\" data-id=\"36b1201\" data-element_type=\"widget\" data-e-type=\"widget\" data-widget_type=\"text-editor.default\">\n\t\t\t\t\t\t\t\t\t<p>R\u00e9tt er a\u00f0 kalla heimildirnar r\u00fdrar: sagna- og si\u00f0ahef\u00f0 b\u00e6ndaheimildarmanna hj\u00e1 Eisen, Loorits og Paulson, engin skjalfest d\u00fdrkun.<\/p>\t\t\t\t\t\t\t\t<\/div>\n\t\t\t\t\t<\/div>\n\t\t\t\t<\/div>\n\t\t\t\t<\/div>\n\t\t\t\t\t<\/div>\n\t\t\t\t<\/div>\n\t\t<div class=\"elementor-element elementor-element-3ae0637c e-flex e-con-boxed e-con e-parent\" data-id=\"3ae0637c\" data-element_type=\"container\" data-e-type=\"container\">\n\t\t\t\t\t<div class=\"e-con-inner\">\n\t\t\t\t<div class=\"elementor-element elementor-element-31d07739 elementor-widget elementor-widget-heading\" data-id=\"31d07739\" data-element_type=\"widget\" data-e-type=\"widget\" data-widget_type=\"heading.default\">\n\t\t\t\t\t<h2 class=\"elementor-heading-title elementor-size-default\">Nafn og afbrig\u00f0i<\/h2>\t\t\t\t<\/div>\n\t\t<div class=\"elementor-element elementor-element-b7642947 e-con-full e-flex e-con e-child\" data-id=\"b7642947\" data-element_type=\"container\" data-e-type=\"container\">\n\t\t\t\t<div class=\"elementor-element elementor-element-a086266 elementor-widget elementor-widget-text-editor\" data-id=\"a086266\" data-element_type=\"widget\" data-e-type=\"widget\" data-widget_type=\"text-editor.default\">\n\t\t\t\t\t\t\t\t\t<p><strong>Eistneska:<\/strong> <em>metsaema<\/em>, or\u00f0r\u00e9tt sk\u00f3garm\u00f3\u00f0irin. V\u00e6ttin stendur vi\u00f0 hli\u00f0 karlkyns Metsavana e\u00f0a Metsaisa og hins almennara <em>metsavaim<\/em>, sk\u00f3garandans; allt \u00feetta heyrir til eistneskrar veraldar verndarv\u00e6tta, <em>haldjad<\/em>, og m\u00e6\u00f0ra og fe\u00f0ra einstakra n\u00e1tt\u00farusvi\u00f0a.<\/p>\t\t\t\t\t\t\t\t<\/div>\n\t\t\t\t<\/div>\n\t\t\t\t\t<\/div>\n\t\t\t\t<\/div>\n\t\t<div class=\"elementor-element elementor-element-709a44a8 e-flex e-con-boxed e-con e-parent\" data-id=\"709a44a8\" data-element_type=\"container\" data-e-type=\"container\">\n\t\t\t\t\t<div class=\"e-con-inner\">\n\t\t\t\t<div class=\"elementor-element elementor-element-2f585873 elementor-widget elementor-widget-heading\" data-id=\"2f585873\" data-element_type=\"widget\" data-e-type=\"widget\" data-widget_type=\"heading.default\">\n\t\t\t\t\t<h2 class=\"elementor-heading-title elementor-size-default\">\u00c1s\u00fdnd og einkenni<\/h2>\t\t\t\t<\/div>\n\t\t<div class=\"elementor-element elementor-element-70621c12 e-con-full e-flex e-con e-child\" data-id=\"70621c12\" data-element_type=\"container\" data-e-type=\"container\">\n\t\t\t\t<div class=\"elementor-element elementor-element-4296eb49 elementor-widget elementor-widget-text-editor\" data-id=\"4296eb49\" data-element_type=\"widget\" data-e-type=\"widget\" data-widget_type=\"text-editor.default\">\n\t\t\t\t\t\t\t\t\t<p><strong>\u00c1s\u00fdnd<\/strong><\/p><p>Munnm\u00e6lin geyma engin samr\u00e6mda mynd. Sum rit l\u00fdsa Metsaema sem tignarlegri konu \u00ed hv\u00edtum kyrtli, \u00f6\u00f0ru hverju me\u00f0 hr\u00edfu \u00ed hendi; \u00ed yngri, kristinni umsm\u00ed\u00f0 rita blandast inn einkenni Mar\u00edu gu\u00f0sm\u00f3\u00f0ur. A\u00f0rar sagnir sn\u00faa v\u00e6ttinni \u00ed \u00f3gnvekjandi \u00e1tt og s\u00fdna beyg\u00f0a gamla konu me\u00f0 langt nef og kl\u00f3l\u00edkar hendur. Lj\u00f3s kl\u00e6\u00f0na\u00f0urinn tengir hana \u00f6\u00f0rum eistneskum verndarv\u00e6ttum sem hugsa\u00f0ar voru kl\u00e6ddar hv\u00edtu l\u00edni.<\/p><p><strong>\u00c1hrif<\/strong><\/p><p>Metsaema stj\u00f3rnar \u00e1v\u00f6xtun sk\u00f3garins: berjauppskera, sveppafundir og vei\u00f0igengi eru komin undir velvild hennar, og hjar\u00f0menn \u00e1k\u00f6llu\u00f0u hana sem verndara hjar\u00f0arins. \u00deeim sem spilltu trj\u00e1m af \u00e1settu r\u00e1\u00f0i, h\u00f6f\u00f0u h\u00e1va\u00f0a e\u00f0a form\u00e6lingar \u00e1 v\u00f6rum, gat h\u00fan rugla\u00f0 lei\u00f0ina fyrir, teki\u00f0 burt br\u00e1\u00f0ina e\u00f0a l\u00e1ti\u00f0 b\u00faf\u00e9 veikjast. Illvilja \u00e1n \u00e1st\u00e6\u00f0u er henni ekki eigna\u00f0ur; vei\u00f0id\u00fdrin eru talin hj\u00f6r\u00f0 hennar, og b\u00e6\u00f0i andlitin, n\u00e6randi og hirtandi, heyra sama hlutverki til.<\/p>\t\t\t\t\t\t\t\t<\/div>\n\t\t\t\t<\/div>\n\t\t\t\t\t<\/div>\n\t\t\t\t<\/div>\n\t\t<div class=\"elementor-element elementor-element-44e71476 e-flex e-con-boxed e-con e-parent\" data-id=\"44e71476\" data-element_type=\"container\" data-e-type=\"container\">\n\t\t\t\t\t<div class=\"e-con-inner\">\n\t\t\t\t<div class=\"elementor-element elementor-element-3c1fc3f0 elementor-widget elementor-widget-heading\" data-id=\"3c1fc3f0\" data-element_type=\"widget\" data-e-type=\"widget\" data-widget_type=\"heading.default\">\n\t\t\t\t\t<h2 class=\"elementor-heading-title elementor-size-default\">Grunnuppl\u00fdsingar: Metsaema<\/h2>\t\t\t\t<\/div>\n\t\t<div class=\"elementor-element elementor-element-84f33b8e e-con-full e-flex e-con e-child\" data-id=\"84f33b8e\" data-element_type=\"container\" data-e-type=\"container\">\n\t\t\t\t<div class=\"elementor-element elementor-element-hqkdc67p elementor-widget elementor-widget-text-editor\" data-id=\"hqkdc67p\" data-element_type=\"widget\" data-e-type=\"widget\" data-widget_type=\"text-editor.default\">\n\t\t\t\t\t\t\t\t\t<p>Helstu einkenni sk\u00f3garm\u00f3\u00f0urinnar \u00ed hnotskurn.<\/p>\t\t\t\t\t\t\t\t<\/div>\n\t\t\t\t<\/div>\n\t\t<div class=\"elementor-element elementor-element-pemmx7c5 e-con-full e-flex e-con e-child\" data-id=\"pemmx7c5\" data-element_type=\"container\" data-e-type=\"container\">\n\t\t<div class=\"elementor-element elementor-element-pemmx7c1 e-con-full e-flex e-con e-child\" data-id=\"pemmx7c1\" data-element_type=\"container\" data-e-type=\"container\">\n\t\t<div class=\"elementor-element elementor-element-qh9oavvu iwg-steckbrief-card e-flex e-con-boxed e-con e-child\" data-id=\"qh9oavvu\" data-element_type=\"container\" data-e-type=\"container\">\n\t\t\t\t\t<div class=\"e-con-inner\">\n\t\t\t\t<div class=\"elementor-element elementor-element-awzx8k2k elementor-widget elementor-widget-heading\" data-id=\"awzx8k2k\" data-element_type=\"widget\" data-e-type=\"widget\" data-widget_type=\"heading.default\">\n\t\t\t\t\t<div class=\"elementor-heading-title elementor-size-default\">Menningarsamhengi<\/div>\t\t\t\t<\/div>\n\t\t\t\t<div class=\"elementor-element elementor-element-x6rowhv0 elementor-widget elementor-widget-text-editor\" data-id=\"x6rowhv0\" data-element_type=\"widget\" data-e-type=\"widget\" data-widget_type=\"text-editor.default\">\n\t\t\t\t\t\t\t\t\t<p>Hluti af eistneskri \u00fej\u00f3\u00f0tr\u00fa me\u00f0 verndarv\u00e6ttum hennar (haldjad) og m\u00e6\u00f0rum og fe\u00f0rum einstakra n\u00e1tt\u00farusvi\u00f0a.<\/p>\t\t\t\t\t\t\t\t<\/div>\n\t\t\t\t\t<\/div>\n\t\t\t\t<\/div>\n\t\t<div class=\"elementor-element elementor-element-8e3o4kxs iwg-steckbrief-card e-flex e-con-boxed e-con e-child\" data-id=\"8e3o4kxs\" data-element_type=\"container\" data-e-type=\"container\">\n\t\t\t\t\t<div class=\"e-con-inner\">\n\t\t\t\t<div class=\"elementor-element elementor-element-08rkdgov elementor-widget elementor-widget-heading\" data-id=\"08rkdgov\" data-element_type=\"widget\" data-e-type=\"widget\" data-widget_type=\"heading.default\">\n\t\t\t\t\t<div class=\"elementor-heading-title elementor-size-default\">Tengt vi\u00f0<\/div>\t\t\t\t<\/div>\n\t\t\t\t<div class=\"elementor-element elementor-element-uwjelx8s elementor-widget elementor-widget-text-editor\" data-id=\"uwjelx8s\" data-element_type=\"widget\" data-e-type=\"widget\" data-widget_type=\"text-editor.default\">\n\t\t\t\t\t\t\t\t\t<p>Hjar\u00f0menn, vei\u00f0imenn, berjat\u00ednsluf\u00f3lk og sk\u00f3garverkamenn: allir sem n\u00fdta sk\u00f3ginn og eru \u00fear me\u00f0 h\u00e1\u00f0ir velvild hennar.<\/p>\t\t\t\t\t\t\t\t<\/div>\n\t\t\t\t\t<\/div>\n\t\t\t\t<\/div>\n\t\t<div class=\"elementor-element elementor-element-jm2n74ec iwg-steckbrief-card e-flex e-con-boxed e-con e-child\" data-id=\"jm2n74ec\" data-element_type=\"container\" data-e-type=\"container\">\n\t\t\t\t\t<div class=\"e-con-inner\">\n\t\t\t\t<div class=\"elementor-element elementor-element-8vufse4c elementor-widget elementor-widget-heading\" data-id=\"8vufse4c\" data-element_type=\"widget\" data-e-type=\"widget\" data-widget_type=\"heading.default\">\n\t\t\t\t\t<div class=\"elementor-heading-title elementor-size-default\">Framsetning<\/div>\t\t\t\t<\/div>\n\t\t\t\t<div class=\"elementor-element elementor-element-mwb9u015 elementor-widget elementor-widget-text-editor\" data-id=\"mwb9u015\" data-element_type=\"widget\" data-e-type=\"widget\" data-widget_type=\"text-editor.default\">\n\t\t\t\t\t\t\t\t\t<p>Tv\u00e6r \u00e1sj\u00f3nur: tignarleg kona \u00ed hv\u00edtum kyrtli, a\u00f0 hluta me\u00f0 hr\u00edfu, og beyg\u00f0 g\u00f6mul kona me\u00f0 langt nef og kl\u00f3l\u00edkar hendur.<\/p>\t\t\t\t\t\t\t\t<\/div>\n\t\t\t\t\t<\/div>\n\t\t\t\t<\/div>\n\t\t\t\t<\/div>\n\t\t<div class=\"elementor-element elementor-element-pemmx7c2 e-con-full e-flex e-con e-child\" data-id=\"pemmx7c2\" data-element_type=\"container\" data-e-type=\"container\">\n\t\t<div class=\"elementor-element elementor-element-37ss2yr6 iwg-steckbrief-card e-flex e-con-boxed e-con e-child\" data-id=\"37ss2yr6\" data-element_type=\"container\" data-e-type=\"container\">\n\t\t\t\t\t<div class=\"e-con-inner\">\n\t\t\t\t<div class=\"elementor-element elementor-element-3v0wp3wx elementor-widget elementor-widget-heading\" data-id=\"3v0wp3wx\" data-element_type=\"widget\" data-e-type=\"widget\" data-widget_type=\"heading.default\">\n\t\t\t\t\t<div class=\"elementor-heading-title elementor-size-default\">Verkunarsvi\u00f0<\/div>\t\t\t\t<\/div>\n\t\t\t\t<div class=\"elementor-element elementor-element-w3247g2m elementor-widget elementor-widget-text-editor\" data-id=\"w3247g2m\" data-element_type=\"widget\" data-e-type=\"widget\" data-widget_type=\"text-editor.default\">\n\t\t\t\t\t\t\t\t\t<p>Berjauppskera, sveppafundir, vei\u00f0igengi og verndun b\u00faf\u00e9na\u00f0ar \u00e1 beit; einst\u00f6k rit eigna henni einkenni lj\u00f3sm\u00f3\u00f0ur.<\/p>\t\t\t\t\t\t\t\t<\/div>\n\t\t\t\t\t<\/div>\n\t\t\t\t<\/div>\n\t\t<div class=\"elementor-element elementor-element-0qpjal9w iwg-steckbrief-card e-flex e-con-boxed e-con e-child\" data-id=\"0qpjal9w\" data-element_type=\"container\" data-e-type=\"container\">\n\t\t\t\t\t<div class=\"e-con-inner\">\n\t\t\t\t<div class=\"elementor-element elementor-element-6ndoih0o elementor-widget elementor-widget-heading\" data-id=\"6ndoih0o\" data-element_type=\"widget\" data-e-type=\"widget\" data-widget_type=\"heading.default\">\n\t\t\t\t\t<div class=\"elementor-heading-title elementor-size-default\">Umgengni<\/div>\t\t\t\t<\/div>\n\t\t\t\t<div class=\"elementor-element elementor-element-6684tyh9 elementor-widget elementor-widget-text-editor\" data-id=\"6684tyh9\" data-element_type=\"widget\" data-e-type=\"widget\" data-widget_type=\"text-editor.default\">\n\t\t\t\t\t\t\t\t\t<p>Sk\u00f3garkve\u00f0ja, bei\u00f0ni um leyfi, litlar gjafir eins og brau\u00f0, salt e\u00f0a fyrstu berin; heilagir lundar (hiis) voru l\u00e1tnir \u00ed fri\u00f0i.<\/p>\t\t\t\t\t\t\t\t<\/div>\n\t\t\t\t\t<\/div>\n\t\t\t\t<\/div>\n\t\t<div class=\"elementor-element elementor-element-3lfi7x32 iwg-steckbrief-card e-flex e-con-boxed e-con e-child\" data-id=\"3lfi7x32\" data-element_type=\"container\" data-e-type=\"container\">\n\t\t\t\t\t<div class=\"e-con-inner\">\n\t\t\t\t<div class=\"elementor-element elementor-element-0kg99ga1 elementor-widget elementor-widget-heading\" data-id=\"0kg99ga1\" data-element_type=\"widget\" data-e-type=\"widget\" data-widget_type=\"heading.default\">\n\t\t\t\t\t<div class=\"elementor-heading-title elementor-size-default\">Afm\u00f6rkun<\/div>\t\t\t\t<\/div>\n\t\t\t\t<div class=\"elementor-element elementor-element-n0fum6kp elementor-widget elementor-widget-text-editor\" data-id=\"n0fum6kp\" data-element_type=\"widget\" data-e-type=\"widget\" data-widget_type=\"text-editor.default\">\n\t\t\t\t\t\t\t\t\t<p>Metsavana, sk\u00f3gargamli ma\u00f0urinn, er karlkyns hli\u00f0st\u00e6\u00f0an: hann stendur fyrir vei\u00f0ar og vei\u00f0id\u00fdr, en sk\u00f3garm\u00f3\u00f0irin fremur fyrir umhyggju og uppskeru.<\/p>\t\t\t\t\t\t\t\t<\/div>\n\t\t\t\t\t<\/div>\n\t\t\t\t<\/div>\n\t\t\t\t<\/div>\n\t\t\t\t<\/div>\n\t\t\t\t\t<\/div>\n\t\t\t\t<\/div>\n\t\t<div class=\"elementor-element elementor-element-7533bc7a e-flex e-con-boxed e-con e-parent\" data-id=\"7533bc7a\" data-element_type=\"container\" data-e-type=\"container\">\n\t\t\t\t\t<div class=\"e-con-inner\">\n\t\t\t\t<div class=\"elementor-element elementor-element-2447d18d elementor-widget elementor-widget-heading\" data-id=\"2447d18d\" data-element_type=\"widget\" data-e-type=\"widget\" data-widget_type=\"heading.default\">\n\t\t\t\t\t<h2 class=\"elementor-heading-title elementor-size-default\">Sk\u00f3garm\u00f3\u00f0ir \u00far \u00fej\u00f3\u00f0fr\u00e6\u00f0is\u00f6fnunum<\/h2>\t\t\t\t<\/div>\n\t\t<div class=\"elementor-element elementor-element-d5d0260c e-con-full e-flex e-con e-child\" data-id=\"d5d0260c\" data-element_type=\"container\" data-e-type=\"container\">\n\t\t\t\t<div class=\"elementor-element elementor-element-341be2ac elementor-widget elementor-widget-text-editor\" data-id=\"341be2ac\" data-element_type=\"widget\" data-e-type=\"widget\" data-widget_type=\"text-editor.default\">\n\t\t\t\t\t\t\t\t\t<p>Eistneska \u00fej\u00f3\u00f0tr\u00fain l\u00edfgar landslagi\u00f0 me\u00f0 verndarv\u00e6ttum (haldjad) og me\u00f0 fj\u00f6lda m\u00e6\u00f0ra og fe\u00f0ra einstakra n\u00e1tt\u00farusvi\u00f0a. Metsaema stendur vi\u00f0 hli\u00f0 karlkyns Metsavana e\u00f0a Metsaisa og hins almennara metsavaim, sk\u00f3garandans. Skrifleg vitni fr\u00e1 t\u00edmum fyrir kristnit\u00f6ku eru alls ekki til; v\u00e6ttin ver\u00f0ur a\u00f0eins \u00e1\u00fereifanleg \u00ed \u00fej\u00f3\u00f0fr\u00e6\u00f0is\u00f6fnum 19. og 20. aldar, s\u00e9rstaklega hj\u00e1 Matthias Johann Eisen og \u00ed Grundz\u00fcge des estnischen Volksglaubens Oskars Loorits.<\/p><p>Friedrich Reinhold Kreutzwald greindi fr\u00e1 \u00fev\u00ed 1854 a\u00f0 enn \u00e1 17. og 18. \u00f6ld hef\u00f0u str\u00e1d\u00fakkur veri\u00f0 til skiptis kl\u00e6ddar sem sk\u00f3garm\u00f3\u00f0ir og sk\u00f3garfa\u00f0ir \u00ed si\u00f0num metsiku tegemine; n\u00fdrri ranns\u00f3knir (Ergo-Hart V\u00e4strik) telja \u00fe\u00f3 m\u00f6gulegt a\u00f0 \u00fea\u00f0 hafi veri\u00f0 Kreutzwald sj\u00e1lfur sem fyrstur tengdi d\u00fakkurnar \u00feessum n\u00f6fnum. Heimildasta\u00f0an er \u00fev\u00ed r\u00e9ttilega k\u00f6llu\u00f0 r\u00fdr. Athygli vekur \u00e1fram hve austurbaltnesk hef\u00f0 hallast a\u00f0 kvenkyns sk\u00f3garv\u00e6ttum: \u00e1 me\u00f0an karlkyns sk\u00f3garherrar eru r\u00edkjandi \u00ed r\u00fassneskum munnm\u00e6lum, standa \u00ed Eistlandi og Lettlandi v\u00e6ttir eins og Metsaema og lettneska Me\u017ea m\u0101te \u00ed forgrunni.<\/p>\t\t\t\t\t\t\t\t<\/div>\n\t\t\t\t<\/div>\n\t\t\t\t\t<\/div>\n\t\t\t\t<\/div>\n\t\t<div class=\"elementor-element elementor-element-5a584676 e-flex e-con-boxed e-con e-parent\" data-id=\"5a584676\" data-element_type=\"container\" data-e-type=\"container\">\n\t\t\t\t\t<div class=\"e-con-inner\">\n\t\t\t\t<div class=\"elementor-element elementor-element-6d0757bf elementor-widget elementor-widget-heading\" data-id=\"6d0757bf\" data-element_type=\"widget\" data-e-type=\"widget\" data-widget_type=\"heading.default\">\n\t\t\t\t\t<h2 class=\"elementor-heading-title elementor-size-default\">Fr\u00e1 safnriti til umhverfismenntunar<\/h2>\t\t\t\t<\/div>\n\t\t<div class=\"elementor-element elementor-element-60563f68 e-con-full e-flex e-con e-child\" data-id=\"60563f68\" data-element_type=\"container\" data-e-type=\"container\">\n\t\t\t\t<div class=\"elementor-element elementor-element-5a93fdd6 elementor-widget elementor-widget-text-editor\" data-id=\"5a93fdd6\" data-element_type=\"widget\" data-e-type=\"widget\" data-widget_type=\"text-editor.default\">\n\t\t\t\t\t\t\t\t\t<p>\u00dej\u00f3\u00f0ernisr\u00f3mant\u00edk Eistlands \u00e1 19. \u00f6ld, einkum verk Kreutzwalds, t\u00f3k sk\u00f3garverur upp \u00ed s\u00f6fn s\u00edn og m\u00f3ta\u00f0i \u00fe\u00e1 mynd sem var\u00f0veist hefur til okkar daga. \u00cd Eistlandi, \u00fear sem um helmingur landsins er sk\u00f3gi vaxinn, er sk\u00f3garm\u00f3\u00f0irin enn hluti af menningarlegri sj\u00e1lfsmynd \u00fej\u00f3\u00f0arinnar; h\u00fan birtist \u00ed sk\u00f3laefni, barnab\u00f3kmenntum og umhverfisfr\u00e6\u00f0slu.<\/p><p>\u00dat fr\u00e1 flokkunarfr\u00e6\u00f0ilegu sj\u00f3narhorni tilheyrir Metsaema \u00feeirri ger\u00f0 sem nefnist h\u00fasfreyja d\u00fdranna, l\u00edkt og sk\u00f3g- og vei\u00f0imenningar Nor\u00f0ur-Evras\u00edu hafa v\u00ed\u00f0a m\u00f3ta\u00f0. Mikilv\u00e6gar athugasemdir: Hvort h\u00fan s\u00e9 k\u00f6llu\u00f0 gy\u00f0ja e\u00f0a n\u00e1tt\u00faruandi er skilgreiningaratri\u00f0i, \u00fev\u00ed hvorki musteris- n\u00e9 f\u00f3rnard\u00fdrkun er sta\u00f0fest heimildum; flokkun hennar sem gu\u00f0d\u00f3ms fylgir \u00fev\u00ed hlutverki sem Ivar Paulson l\u00fdsti sem verndarveru tiltekins l\u00edfssvi\u00f0s. Kristileg yfirlagning me\u00f0 Mar\u00edutengdum einkennum b\u00e6ttist ekki vi\u00f0 fyrr en \u00e1 n\u00fd\u00f6ld. Og skipul\u00f6g\u00f0 n\u00fdhei\u00f0in d\u00fdrkun er ungt ja\u00f0arfyrirb\u00e6ri sem ekki m\u00e1 rugla saman vi\u00f0 \u00fej\u00f3\u00f0fr\u00e6\u00f0ilega arfleif\u00f0.<\/p>\t\t\t\t\t\t\t\t<\/div>\n\t\t\t\t<\/div>\n\t\t\t\t\t<\/div>\n\t\t\t\t<\/div>\n\t\t<div class=\"elementor-element elementor-element-cp9a031aa e-flex e-con-boxed e-con e-parent\" data-id=\"cp9a031aa\" data-element_type=\"container\" data-e-type=\"container\">\n\t\t\t\t\t<div class=\"e-con-inner\">\n\t\t\t\t<div class=\"elementor-element elementor-element-cp9193514 elementor-widget elementor-widget-heading\" data-id=\"cp9193514\" data-element_type=\"widget\" data-e-type=\"widget\" data-widget_type=\"heading.default\">\n\t\t\t\t\t<h2 class=\"elementor-heading-title elementor-size-default\">Sk\u00f3garkve\u00f0ja, gjafir og heilagir lundar<\/h2>\t\t\t\t<\/div>\n\t\t<div class=\"elementor-element elementor-element-cp02ca0ee e-con-full e-flex e-con e-child\" data-id=\"cp02ca0ee\" data-element_type=\"container\" data-e-type=\"container\">\n\t\t\t\t<div class=\"elementor-element elementor-element-cp444e0f1 elementor-widget elementor-widget-text-editor\" data-id=\"cp444e0f1\" data-element_type=\"widget\" data-e-type=\"widget\" data-widget_type=\"text-editor.default\">\n\t\t\t\t\t\t\t\t\t<p>S\u00f6fnin nefna fyrst og fremst vir\u00f0ingarfullar umgengnish\u00e6tti. \u00deegar f\u00f3lk gekk inn \u00ed sk\u00f3ginn heilsu\u00f0u \u00feau honum. \u00c1\u00f0ur en tr\u00e9 voru felld e\u00f0a safna\u00f0 var be\u00f0i\u00f0 um leyfi. Litlar gjafir eins og brau\u00f0, salt e\u00f0a fyrstu berin voru lag\u00f0ar \u00e1 trj\u00e1stubb e\u00f0a undir gamalt tr\u00e9, og heil\u00f6gum lundum (hiis) m\u00e1tti hvorki ry\u00f0ja n\u00e9 saurga. S\u00e1 sem villtist, sem a\u00f0 fornu skilningi merkti a\u00f0 sk\u00f3garvera hef\u00f0i leitt vi\u00f0komandi afvega, sneri fatna\u00f0i s\u00ednum vi\u00f0 e\u00f0a skipti um sk\u00f3 til a\u00f0 leysa \u00e1l\u00f6gin. \u00deessir si\u00f0ir eru vel skjalfestir \u00ed \u00fej\u00f3\u00f0h\u00e1ttafr\u00e6\u00f0i, en formlegur f\u00f3rnarsi\u00f0ur fyrir Metsaema er \u00fe\u00f3 ekki sta\u00f0festur.<\/p>\t\t\t\t\t\t\t\t<\/div>\n\t\t\t\t<\/div>\n\t\t\t\t\t<\/div>\n\t\t\t\t<\/div>\n\t\t<div class=\"elementor-element elementor-element-cp11de5b2 e-flex e-con-boxed e-con e-parent\" data-id=\"cp11de5b2\" data-element_type=\"container\" data-e-type=\"container\">\n\t\t\t\t\t<div class=\"e-con-inner\">\n\t\t\t\t<div class=\"elementor-element elementor-element-cp8d35271 elementor-widget elementor-widget-heading\" data-id=\"cp8d35271\" data-element_type=\"widget\" data-e-type=\"widget\" data-widget_type=\"heading.default\">\n\t\t\t\t\t<h2 class=\"elementor-heading-title elementor-size-default\">Sk\u00f3garm\u00e6\u00f0ur og sk\u00f3garherrar n\u00e1granna\u00fej\u00f3\u00f0anna<\/h2>\t\t\t\t<\/div>\n\t\t<div class=\"elementor-element elementor-element-cp02f26b8 e-con-full e-flex e-con e-child\" data-id=\"cp02f26b8\" data-element_type=\"container\" data-e-type=\"container\">\n\t\t\t\t<div class=\"elementor-element elementor-element-cp58c4390 elementor-widget elementor-widget-text-editor\" data-id=\"cp58c4390\" data-element_type=\"widget\" data-e-type=\"widget\" data-widget_type=\"text-editor.default\">\n\t\t\t\t\t\t\t\t\t<p>N\u00e1nasti \u00e6ttingi hennar er lettneska <a href=\"https:\/\/iwell-guard.com\/is\/?page_id=169572\">Me\u017ea m\u0101te<\/a>, sk\u00f3garm\u00f3\u00f0irin \u00ed n\u00e1grannalandinu \u00ed su\u00f0ri. \u00cd go\u00f0afr\u00e6\u00f0i mordv\u00edna samsvarar henni <a href=\"https:\/\/iwell-guard.com\/is\/?page_id=169616\">Vir-ava<\/a>, sk\u00f3garm\u00f3\u00f0ir Volgu-finnskra \u00fej\u00f3\u00f0a. \u00cd r\u00fassneskri \u00fej\u00f3\u00f0tr\u00fa er aftur \u00e1 m\u00f3ti karlkyns sk\u00f3garherra r\u00edkjandi, <a href=\"https:\/\/iwell-guard.com\/is\/leshy\/\">Leshy<\/a>. Minni\u00f0 um hina hefnigj\u00f6rnu \u00f6ldru\u00f0u konu \u00ed sk\u00f3ginum snertir einnig hina tv\u00edr\u00e6\u00f0u <a href=\"https:\/\/iwell-guard.com\/is\/baba-jaga\/\">Baba-Jagu<\/a>. Karlkyns hli\u00f0st\u00e6\u00f0an innan Eistlands er <a href=\"https:\/\/iwell-guard.com\/is\/?page_id=169574\">Metsavana<\/a>, sk\u00f3gar\u00f6ldungurinn, sem er sterkari tengdur vei\u00f0um og villid\u00fdrum.<\/p>\t\t\t\t\t\t\t\t<\/div>\n\t\t\t\t<\/div>\n\t\t\t\t\t<\/div>\n\t\t\t\t<\/div>\n\t\t<div class=\"elementor-element elementor-element-cp406577c e-flex e-con-boxed e-con e-parent\" data-id=\"cp406577c\" data-element_type=\"container\" data-e-type=\"container\">\n\t\t\t\t\t<div class=\"e-con-inner\">\n\t\t\t\t<div class=\"elementor-element elementor-element-cpdd9c543 elementor-widget elementor-widget-heading\" data-id=\"cpdd9c543\" data-element_type=\"widget\" data-e-type=\"widget\" data-widget_type=\"heading.default\">\n\t\t\t\t\t<h2 class=\"elementor-heading-title elementor-size-default\">Algengar spurningar um Metsaema<\/h2>\t\t\t\t<\/div>\n\t\t<div class=\"elementor-element elementor-element-cp9e731bb e-con-full e-flex e-con e-child\" data-id=\"cp9e731bb\" data-element_type=\"container\" data-e-type=\"container\">\n\t\t\t\t<div class=\"elementor-element elementor-element-cpa7c898c elementor-widget elementor-widget-text-editor\" data-id=\"cpa7c898c\" data-element_type=\"widget\" data-e-type=\"widget\" data-widget_type=\"text-editor.default\">\n\t\t\t\t\t\t\t\t\t<p><strong>Er Metsaema gy\u00f0ja e\u00f0a sk\u00f3garandi?<\/strong><\/p><p>M\u00f6rkin eru \u00f3lj\u00f3s \u00ed eistneskri hef\u00f0. Formlegur \u00e1tr\u00fana\u00f0ur er ekki sta\u00f0festur, en fast hlutverk sem verndarkona sk\u00f3garins er \u00fea\u00f0. Flokkun hennar sem gu\u00f0veru byggir \u00e1 \u00feessu hlutverki; margir \u00fej\u00f3\u00f0h\u00e1ttafr\u00e6\u00f0ingar telja hana einfaldlega me\u00f0al sk\u00f3garveranna, metsavaimud.<\/p><p><strong>Hvernig \u00feekktist verkun hennar samkv\u00e6mt \u00fej\u00f3\u00f0tr\u00fa?<\/strong><\/p><p>Fyrst og fremst \u00e1 afdrifum manna og d\u00fdra \u00ed sk\u00f3ginum: a\u00f0 villast, \u00f3l\u00e1n \u00ed vei\u00f0um e\u00f0a berjat\u00ednslu og veikindi \u00ed b\u00faf\u00e9 \u00e1 beit voru talin merki um \u00f3\u00e1n\u00e6gju hennar, en velgengni og r\u00edkulegur fengur merki um velvild.<\/p><p><strong>Eru si\u00f0irnir um sk\u00f3garm\u00f3\u00f0urina til enn \u00ed dag?<\/strong><\/p><p>Sem lifandi daglegur si\u00f0ur eru \u00feeir a\u00f0 mestu horfnir, en sem sagnaarfur og si\u00f0a\u00feekking eru \u00feeir vel skjalfestir. Sk\u00f3garkve\u00f0jan og litlar gjafir eru \u00f6\u00f0ru hvoru teknar upp aftur me\u00f0 vitund \u00ed Eistlandi, me\u00f0al annars \u00ed umhverfismenntun.<\/p>\t\t\t\t\t\t\t\t<\/div>\n\t\t\t\t<\/div>\n\t\t\t\t\t<\/div>\n\t\t\t\t<\/div>\n\t\t<div class=\"elementor-element elementor-element-36dd7469 e-flex e-con-boxed e-con e-parent\" data-id=\"36dd7469\" data-element_type=\"container\" data-e-type=\"container\">\n\t\t\t\t\t<div class=\"e-con-inner\">\n\t\t\t\t<div class=\"elementor-element elementor-element-13760ab4 elementor-widget elementor-widget-heading\" data-id=\"13760ab4\" data-element_type=\"widget\" data-e-type=\"widget\" data-widget_type=\"heading.default\">\n\t\t\t\t\t<h2 class=\"elementor-heading-title elementor-size-default\">\u00cdtarefni og tenglar<\/h2>\t\t\t\t<\/div>\n\t\t<div class=\"elementor-element elementor-element-28c87796 e-con-full e-flex e-con e-child\" data-id=\"28c87796\" data-element_type=\"container\" data-e-type=\"container\">\n\t\t\t\t<div class=\"elementor-element elementor-element-5d6538df elementor-widget elementor-widget-text-editor\" data-id=\"5d6538df\" data-element_type=\"widget\" data-e-type=\"widget\" data-widget_type=\"text-editor.default\">\n\t\t\t\t\t\t\t\t\t<p>R\u00e1\u00f0lag\u00f0ar innri tenglar:<\/p><ul><li><a href=\"https:\/\/iwell-guard.com\/is\/?page_id=169574\">Metsavana<\/a> \u2013 sk\u00f3gar\u00f6ldungurinn sem karlkyns hli\u00f0st\u00e6\u00f0a \u00ed Eistlandi<\/li><li><a href=\"https:\/\/iwell-guard.com\/is\/?page_id=169572\">Me\u017ea m\u0101te<\/a> \u2013 lettneska sk\u00f3garm\u00f3\u00f0irin<\/li><li><a href=\"https:\/\/iwell-guard.com\/is\/leshy\/\">Leshy<\/a> \u2013 r\u00fassneski sk\u00f3garherrann<\/li><li><a href=\"https:\/\/iwell-guard.com\/is\/?page_id=169360\">Haldjas<\/a> \u2013 eistneskir verndarandar<\/li><li><a href=\"https:\/\/iwell-guard.com\/is\/einir\/\">Einir<\/a>, <a href=\"https:\/\/iwell-guard.com\/is\/salt-sem-verndargripur\/\">salt<\/a>, <a href=\"https:\/\/iwell-guard.com\/is\/reykhreinsun\/\">reykhreinsun<\/a>, <a href=\"https:\/\/iwell-guard.com\/is\/amulett\/\">verndargripur<\/a> \u2013 \u00fej\u00f3\u00f0leg verndarr\u00e1\u00f0<\/li><\/ul>\t\t\t\t\t\t\t\t<\/div>\n\t\t\t\t<\/div>\n\t\t\t\t\t<\/div>\n\t\t\t\t<\/div>\n\t\t<div class=\"elementor-element elementor-element-grl4kl40 e-flex e-con-boxed e-con e-parent\" data-id=\"grl4kl40\" data-element_type=\"container\" data-e-type=\"container\">\n\t\t\t\t\t<div class=\"e-con-inner\">\n\t\t\t\t<div class=\"elementor-element elementor-element-bzsbfrmh elementor-widget elementor-widget-heading\" data-id=\"bzsbfrmh\" data-element_type=\"widget\" data-e-type=\"widget\" data-widget_type=\"heading.default\">\n\t\t\t\t\t<h2 class=\"elementor-heading-title elementor-size-default\">Heimildir (\u00farval)<\/h2>\t\t\t\t<\/div>\n\t\t<div class=\"elementor-element elementor-element-2c13224a e-con-full e-flex e-con e-child\" data-id=\"2c13224a\" data-element_type=\"container\" data-e-type=\"container\">\n\t\t\t\t<div class=\"elementor-element elementor-element-0eymh9ub elementor-widget elementor-widget-text-editor\" data-id=\"0eymh9ub\" data-element_type=\"widget\" data-e-type=\"widget\" data-widget_type=\"text-editor.default\">\n\t\t\t\t\t\t\t\t\t<footer class=\"iwg-literatur\" data-nosnippet=\"true\"><p>\u00darval helstu heimilda og ranns\u00f3kna:<\/p><ul><li><span data-nosnippet>Loorits, Oskar: <em>Grundz\u00fcge des estnischen Volksglaubens<\/em>, 3 bindi. Lund 1949 til 1957.<\/span><\/li><li><span data-nosnippet>Paulson, Ivar: <em>The Old Estonian Folk Religion<\/em>. Bloomington 1971.<\/span><\/li><li><span data-nosnippet>Eisen, Matthias Johann: <em>Eesti m\u00fctoloogia<\/em>. Tartu 1919.<\/span><\/li><\/ul><\/footer>\n<p class=\"iwg-bib-more\"><span data-nosnippet>Fleiri grundvallarrit \u00ed <a href=\"https:\/\/iwell-guard.com\/is\/heimildaskra\/\">heimildaskr\u00e1nni<\/a>.<\/span><\/p>\t\t\t\t\t\t\t\t<\/div>\n\t\t\t\t<\/div>\n\t\t\t\t\t<\/div>\n\t\t\t\t<\/div>\n\t\t<div class=\"elementor-element elementor-element-iwgkw2-add-hulijing e-flex e-con-boxed e-con e-parent\" data-id=\"iwgkw2-add-hulijing\" data-element_type=\"container\" data-e-type=\"container\">\n\t\t\t\t\t<div class=\"e-con-inner\">\n\t\t\t\t<div class=\"elementor-element elementor-element-iwgkw2-add-hulijing-t elementor-widget elementor-widget-text-editor\" data-id=\"iwgkw2-add-hulijing-t\" data-element_type=\"widget\" data-e-type=\"widget\" data-widget_type=\"text-editor.default\">\n\t\t\t\t\t\t\t\t\t<p>Sem eistnesk sk\u00f3garm\u00f3\u00f0ir birtir Metsaema hina umhyggjus\u00f6mu hli\u00f0 sk\u00f3garins og s\u00fdnir jafnframt hversu sterkan svip sk\u00f3garandar hafa sett \u00e1 eistneska go\u00f0afr\u00e6\u00f0i og \u00fej\u00f3\u00f0sagnaarf: Sk\u00f3gurinn er h\u00e9r heimili me\u00f0 h\u00fasfreyju sem krefst athygli og vir\u00f0ingar.<\/p>\t\t\t\t\t\t\t\t<\/div>\n\t\t\t\t\t<\/div>\n\t\t\t\t<\/div>\n\t\t\t\t<\/div>\n\t\t","protected":false},"excerpt":{"rendered":"","protected":false},"author":3,"featured_media":20406,"parent":0,"menu_order":0,"comment_status":"closed","ping_status":"closed","template":"elementor_header_footer","meta":{"_yoast_wpseo_focuskw":"metsaema","_yoast_wpseo_title":"Metsaema \u2013 eistneska sk\u00f3garm\u00f3\u00f0irin og verndari vei\u00f0id\u00fdra","_yoast_wpseo_metadesc":"Metsaema, eistneska sk\u00f3garm\u00f3\u00f0irin, er talin verndari vei\u00f0id\u00fdra og sk\u00f3garins. Uppruni, munnm\u00e6li, verndarsi\u00f0ir og hli\u00f0st\u00e6\u00f0ur \u00ed yfirliti.","_yoast_wpseo_meta-robots-noindex":"","_yoast_wpseo_canonical":"","_angie_page":false,"gefaehrdungsstufe":"1","wesen_kultur":"estnisch","wesen_klasse":"goetter","footnotes":""},"categories":[],"class_list":["post-169573","page","type-page","status-publish","has-post-thumbnail","hentry"],"yoast_head":"<!-- This site is optimized with the Yoast SEO Premium plugin v27.7 (Yoast SEO v28.3) - https:\/\/yoast.com\/product\/yoast-seo-premium-wordpress\/ -->\n<title>Metsaema \u2013 eistneska sk\u00f3garm\u00f3\u00f0irin og verndari vei\u00f0id\u00fdra<\/title>\n<meta name=\"description\" content=\"Metsaema, eistneska sk\u00f3garm\u00f3\u00f0irin, er talin verndari vei\u00f0id\u00fdra og sk\u00f3garins. Uppruni, munnm\u00e6li, verndarsi\u00f0ir og hli\u00f0st\u00e6\u00f0ur \u00ed yfirliti.\" \/>\n<meta name=\"robots\" content=\"index, follow, max-snippet:-1, max-image-preview:large, max-video-preview:-1\" \/>\n<link rel=\"canonical\" href=\"https:\/\/iwell-guard.com\/is\/metsaema\/\" \/>\n<meta property=\"og:locale\" content=\"is_IS\" \/>\n<meta property=\"og:type\" content=\"article\" \/>\n<meta property=\"og:title\" content=\"Metsaema\" \/>\n<meta property=\"og:description\" content=\"Metsaema, eistneska sk\u00f3garm\u00f3\u00f0irin, er talin verndari vei\u00f0id\u00fdra og sk\u00f3garins. Uppruni, munnm\u00e6li, verndarsi\u00f0ir og hli\u00f0st\u00e6\u00f0ur \u00ed yfirliti.\" \/>\n<meta property=\"og:url\" content=\"https:\/\/iwell-guard.com\/is\/metsaema\/\" \/>\n<meta property=\"og:site_name\" content=\"iWell Guard\" \/>\n<meta property=\"article:modified_time\" content=\"2026-09-05T14:49:33+00:00\" \/>\n<meta property=\"og:image\" content=\"https:\/\/iwell-guard.com\/wp-content\/uploads\/2026\/07\/goetter_estland_metsaema.webp\" \/>\n\t<meta property=\"og:image:width\" content=\"1024\" \/>\n\t<meta property=\"og:image:height\" content=\"1536\" \/>\n\t<meta property=\"og:image:type\" content=\"image\/webp\" \/>\n<meta name=\"twitter:card\" content=\"summary_large_image\" \/>\n<script type=\"application\/ld+json\" class=\"yoast-schema-graph\">{\"@context\":\"https:\\\/\\\/schema.org\",\"@graph\":[{\"@type\":\"WebPage\",\"@id\":\"https:\\\/\\\/iwell-guard.com\\\/is\\\/metsaema\\\/\",\"url\":\"https:\\\/\\\/iwell-guard.com\\\/is\\\/metsaema\\\/\",\"name\":\"Metsaema \u2013 eistneska sk\u00f3garm\u00f3\u00f0irin og verndari vei\u00f0id\u00fdra\",\"isPartOf\":{\"@id\":\"https:\\\/\\\/iwell-guard.com\\\/is\\\/#website\"},\"primaryImageOfPage\":{\"@id\":\"https:\\\/\\\/iwell-guard.com\\\/is\\\/metsaema\\\/#primaryimage\"},\"image\":{\"@id\":\"https:\\\/\\\/iwell-guard.com\\\/is\\\/metsaema\\\/#primaryimage\"},\"thumbnailUrl\":\"https:\\\/\\\/iwell-guard.com\\\/wp-content\\\/uploads\\\/2026\\\/07\\\/goetter_estland_metsaema.webp\",\"datePublished\":\"2026-09-05T14:09:29+00:00\",\"dateModified\":\"2026-09-05T14:49:33+00:00\",\"description\":\"Metsaema, eistneska sk\u00f3garm\u00f3\u00f0irin, er talin verndari vei\u00f0id\u00fdra og sk\u00f3garins. Uppruni, munnm\u00e6li, verndarsi\u00f0ir og hli\u00f0st\u00e6\u00f0ur \u00ed yfirliti.\",\"breadcrumb\":{\"@id\":\"https:\\\/\\\/iwell-guard.com\\\/is\\\/metsaema\\\/#breadcrumb\"},\"inLanguage\":\"is\",\"potentialAction\":[{\"@type\":\"ReadAction\",\"target\":[\"https:\\\/\\\/iwell-guard.com\\\/is\\\/metsaema\\\/\"]}]},{\"@type\":\"ImageObject\",\"inLanguage\":\"is\",\"@id\":\"https:\\\/\\\/iwell-guard.com\\\/is\\\/metsaema\\\/#primaryimage\",\"url\":\"https:\\\/\\\/iwell-guard.com\\\/wp-content\\\/uploads\\\/2026\\\/07\\\/goetter_estland_metsaema.webp\",\"contentUrl\":\"https:\\\/\\\/iwell-guard.com\\\/wp-content\\\/uploads\\\/2026\\\/07\\\/goetter_estland_metsaema.webp\",\"width\":1024,\"height\":1536,\"caption\":\"Metsaema, gy\u00f0ja \u00ed eistneskri \u00fej\u00f3\u00f0tr\u00fa\"},{\"@type\":\"BreadcrumbList\",\"@id\":\"https:\\\/\\\/iwell-guard.com\\\/is\\\/metsaema\\\/#breadcrumb\",\"itemListElement\":[{\"@type\":\"ListItem\",\"position\":1,\"name\":\"Start\",\"item\":\"https:\\\/\\\/iwell-guard.com\\\/is\\\/?page_id=168580\"},{\"@type\":\"ListItem\",\"position\":2,\"name\":\"Metsaema\"}]},{\"@type\":\"WebSite\",\"@id\":\"https:\\\/\\\/iwell-guard.com\\\/is\\\/#website\",\"url\":\"https:\\\/\\\/iwell-guard.com\\\/is\\\/\",\"name\":\"iWell Guard\",\"description\":\"Schutz vor dunklen Einfl\u00fcssen\",\"publisher\":{\"@id\":\"https:\\\/\\\/iwell-guard.com\\\/is\\\/#organization\"},\"potentialAction\":[{\"@type\":\"SearchAction\",\"target\":{\"@type\":\"EntryPoint\",\"urlTemplate\":\"https:\\\/\\\/iwell-guard.com\\\/is\\\/?s={search_term_string}\"},\"query-input\":{\"@type\":\"PropertyValueSpecification\",\"valueRequired\":true,\"valueName\":\"search_term_string\"}}],\"inLanguage\":\"is\"},{\"@type\":\"Organization\",\"@id\":\"https:\\\/\\\/iwell-guard.com\\\/is\\\/#organization\",\"name\":\"Ittermann electronic GmbH\",\"url\":\"https:\\\/\\\/iwell-guard.com\\\/is\\\/\",\"logo\":{\"@type\":\"ImageObject\",\"inLanguage\":\"is\",\"@id\":\"https:\\\/\\\/iwell-guard.com\\\/is\\\/#\\\/schema\\\/logo\\\/image\\\/\",\"url\":\"https:\\\/\\\/iwell-guard.com\\\/wp-content\\\/uploads\\\/2026\\\/05\\\/Ittermann-Logo-1182x237-1.png\",\"contentUrl\":\"https:\\\/\\\/iwell-guard.com\\\/wp-content\\\/uploads\\\/2026\\\/05\\\/Ittermann-Logo-1182x237-1.png\",\"width\":1182,\"height\":237,\"caption\":\"Ittermann electronic GmbH\"},\"image\":{\"@id\":\"https:\\\/\\\/iwell-guard.com\\\/is\\\/#\\\/schema\\\/logo\\\/image\\\/\"},\"sameAs\":[\"https:\\\/\\\/pantip.com\\\/profile\\\/9367242\",\"https:\\\/\\\/micro.blog\\\/iwellguard\",\"https:\\\/\\\/www.diggerslist.com\\\/iwellguard\\\/about\",\"https:\\\/\\\/skitterphoto.com\\\/photographers\\\/2870314\\\/iwell-guard\",\"https:\\\/\\\/iwellguard.wordpress.com\\\/2026\\\/06\\\/06\\\/iwell-guard\\\/\",\"https:\\\/\\\/hub.docker.com\\\/u\\\/iwellguard\",\"https:\\\/\\\/www.pinterest.com\\\/iwellguard\\\/\",\"https:\\\/\\\/bit.ly\\\/m\\\/iwellguard\",\"https:\\\/\\\/entre-vos-mains.alsace.eu\\\/profiles\\\/iwellguard\\\/activity\",\"https:\\\/\\\/gravatar.com\\\/reallybeded8fd34\",\"https:\\\/\\\/naijamatta.com\\\/iwellguard\",\"https:\\\/\\\/www.goodreads.com\\\/iwellguard\",\"https:\\\/\\\/profile.hatena.ne.jp\\\/iwellguard\\\/\",\"https:\\\/\\\/experiment.com\\\/users\\\/iwellguard\",\"https:\\\/\\\/wakelet.com\\\/@iWellGuard82270\",\"https:\\\/\\\/www.chordie.com\\\/forum\\\/profile.php?id=2555664\",\"https:\\\/\\\/www.instapaper.com\\\/p\\\/17757966\",\"https:\\\/\\\/www.mapleprimes.com\\\/users\\\/iwellguard\",\"https:\\\/\\\/businesslistingplus.com\\\/profile\\\/iwell-guard\\\/\",\"https:\\\/\\\/telegra.ph\\\/iWell-Guard-06-06\",\"https:\\\/\\\/pbase.com\\\/iwellguard\\\/iwellguard\",\"https:\\\/\\\/b.hatena.ne.jp\\\/iwellguard\\\/20260607#bookmark-4788405196491818882\",\"https:\\\/\\\/fliphtml5.com\\\/home\\\/iwellguard\",\"https:\\\/\\\/anyflip.com\\\/homepage\\\/cmiwl#About\",\"https:\\\/\\\/transfur.com\\\/Users\\\/iwellguard\",\"http:\\\/\\\/delphi.larsbo.org\\\/user\\\/iwellguard\",\"https:\\\/\\\/jobs.lajobsportal.org\\\/profiles\\\/8380803-iwell-guard\",\"https:\\\/\\\/md.chaosdorf.de\\\/s\\\/jfbe5SBdJD\",\"https:\\\/\\\/www.lingvolive.com\\\/en-us\\\/profile\\\/9ecaeaca-ce11-4e51-9e71-01d55e2bff36\\\/translations\",\"https:\\\/\\\/www.fitday.com\\\/fitness\\\/forums\\\/members\\\/iwellguard.html\",\"https:\\\/\\\/www.mymeetbook.com\\\/iwellguard\",\"https:\\\/\\\/pxhere.com\\\/en\\\/photographer-me\\\/5040798\",\"https:\\\/\\\/disqus.com\\\/by\\\/iwellguard\\\/about\\\/\",\"https:\\\/\\\/pastelink.net\\\/hjwciqwq\",\"https:\\\/\\\/pubhtml5.com\\\/homepage\\\/scjhn\\\/\",\"https:\\\/\\\/www.bitchute.com\\\/channel\\\/2O2eOKzNqujT\",\"https:\\\/\\\/audiomack.com\\\/iwellguard\"]},{\"@type\":\"Article\",\"@id\":\"https:\\\/\\\/iwell-guard.com\\\/is\\\/metsaema\\\/#article\",\"isPartOf\":{\"@id\":\"https:\\\/\\\/iwell-guard.com\\\/is\\\/metsaema\\\/\"},\"author\":{\"name\":\"Ralf Ittermann\",\"@id\":\"https:\\\/\\\/iwell-guard.com\\\/is\\\/#\\\/schema\\\/person\\\/ee2a27f1cac3406c7c6fb5820cb7349f\"},\"headline\":\"Metsaema\",\"datePublished\":\"2026-09-05T14:09:29+00:00\",\"dateModified\":\"2026-09-05T14:49:33+00:00\",\"mainEntityOfPage\":{\"@id\":\"https:\\\/\\\/iwell-guard.com\\\/is\\\/metsaema\\\/\"},\"publisher\":{\"@id\":\"https:\\\/\\\/iwell-guard.com\\\/is\\\/#organization\"},\"image\":{\"@id\":\"https:\\\/\\\/iwell-guard.com\\\/is\\\/metsaema\\\/#primaryimage\"},\"thumbnailUrl\":\"https:\\\/\\\/iwell-guard.com\\\/wp-content\\\/uploads\\\/2026\\\/07\\\/goetter_estland_metsaema.webp\",\"inLanguage\":\"is\",\"description\":\"Metsaema, eistneska sk\u00f3garm\u00f3\u00f0irin, er talin verndari vei\u00f0id\u00fdra og sk\u00f3garins. Uppruni, munnm\u00e6li, verndarsi\u00f0ir og hli\u00f0st\u00e6\u00f0ur \u00ed yfirliti.\"}]}<\/script>\n<!-- \/ Yoast SEO Premium plugin. -->","yoast_head_json":{"title":"Metsaema \u2013 eistneska sk\u00f3garm\u00f3\u00f0irin og verndari vei\u00f0id\u00fdra","description":"Metsaema, eistneska sk\u00f3garm\u00f3\u00f0irin, er talin verndari vei\u00f0id\u00fdra og sk\u00f3garins. Uppruni, munnm\u00e6li, verndarsi\u00f0ir og hli\u00f0st\u00e6\u00f0ur \u00ed yfirliti.","robots":{"index":"index","follow":"follow","max-snippet":"max-snippet:-1","max-image-preview":"max-image-preview:large","max-video-preview":"max-video-preview:-1"},"canonical":"https:\/\/iwell-guard.com\/is\/metsaema\/","og_locale":"is_IS","og_type":"article","og_title":"Metsaema","og_description":"Metsaema, eistneska sk\u00f3garm\u00f3\u00f0irin, er talin verndari vei\u00f0id\u00fdra og sk\u00f3garins. Uppruni, munnm\u00e6li, verndarsi\u00f0ir og hli\u00f0st\u00e6\u00f0ur \u00ed yfirliti.","og_url":"https:\/\/iwell-guard.com\/is\/metsaema\/","og_site_name":"iWell Guard","article_modified_time":"2026-09-05T14:49:33+00:00","og_image":[{"width":1024,"height":1536,"url":"https:\/\/iwell-guard.com\/wp-content\/uploads\/2026\/07\/goetter_estland_metsaema.webp","type":"image\/webp"}],"twitter_card":"summary_large_image","schema":{"@context":"https:\/\/schema.org","@graph":[{"@type":"Article","@id":"https:\/\/iwell-guard.com\/is\/metsaema\/#article","isPartOf":{"@id":"https:\/\/iwell-guard.com\/is\/metsaema\/"},"author":{"name":"Ralf Ittermann","@id":"https:\/\/iwell-guard.com\/is\/#\/schema\/person\/ee2a27f1cac3406c7c6fb5820cb7349f"},"headline":"Metsaema","datePublished":"2026-09-05T14:09:29+00:00","dateModified":"2026-09-05T14:49:33+00:00","mainEntityOfPage":{"@id":"https:\/\/iwell-guard.com\/is\/metsaema\/"},"publisher":{"@id":"https:\/\/iwell-guard.com\/is\/#organization"},"image":{"@id":"https:\/\/iwell-guard.com\/is\/metsaema\/#primaryimage"},"thumbnailUrl":"https:\/\/iwell-guard.com\/wp-content\/uploads\/2026\/07\/goetter_estland_metsaema.webp","inLanguage":"is","description":"Metsaema, eistneska sk\u00f3garm\u00f3\u00f0irin, er talin verndari vei\u00f0id\u00fdra og sk\u00f3garins. Uppruni, munnm\u00e6li, verndarsi\u00f0ir og hli\u00f0st\u00e6\u00f0ur \u00ed yfirliti."},{"@type":"WebPage","@id":"https:\/\/iwell-guard.com\/is\/metsaema\/","url":"https:\/\/iwell-guard.com\/is\/metsaema\/","name":"Metsaema \u2013 eistneska sk\u00f3garm\u00f3\u00f0irin og verndari vei\u00f0id\u00fdra","isPartOf":{"@id":"https:\/\/iwell-guard.com\/is\/#website"},"primaryImageOfPage":{"@id":"https:\/\/iwell-guard.com\/is\/metsaema\/#primaryimage"},"image":{"@id":"https:\/\/iwell-guard.com\/is\/metsaema\/#primaryimage"},"thumbnailUrl":"https:\/\/iwell-guard.com\/wp-content\/uploads\/2026\/07\/goetter_estland_metsaema.webp","datePublished":"2026-09-05T14:09:29+00:00","dateModified":"2026-09-05T14:49:33+00:00","description":"Metsaema, eistneska sk\u00f3garm\u00f3\u00f0irin, er talin verndari vei\u00f0id\u00fdra og sk\u00f3garins. Uppruni, munnm\u00e6li, verndarsi\u00f0ir og hli\u00f0st\u00e6\u00f0ur \u00ed yfirliti.","breadcrumb":{"@id":"https:\/\/iwell-guard.com\/is\/metsaema\/#breadcrumb"},"inLanguage":"is","potentialAction":[{"@type":"ReadAction","target":["https:\/\/iwell-guard.com\/is\/metsaema\/"]}]},{"@type":"ImageObject","inLanguage":"is","@id":"https:\/\/iwell-guard.com\/is\/metsaema\/#primaryimage","url":"https:\/\/iwell-guard.com\/wp-content\/uploads\/2026\/07\/goetter_estland_metsaema.webp","contentUrl":"https:\/\/iwell-guard.com\/wp-content\/uploads\/2026\/07\/goetter_estland_metsaema.webp","width":1024,"height":1536,"caption":"Metsaema, gy\u00f0ja \u00ed eistneskri \u00fej\u00f3\u00f0tr\u00fa"},{"@type":"BreadcrumbList","@id":"https:\/\/iwell-guard.com\/is\/metsaema\/#breadcrumb","itemListElement":[{"@type":"ListItem","position":1,"name":"Start","item":"https:\/\/iwell-guard.com\/is\/?page_id=168580"},{"@type":"ListItem","position":2,"name":"Metsaema"}]},{"@type":"WebSite","@id":"https:\/\/iwell-guard.com\/is\/#website","url":"https:\/\/iwell-guard.com\/is\/","name":"iWell Guard","description":"Schutz vor dunklen Einfl\u00fcssen","publisher":{"@id":"https:\/\/iwell-guard.com\/is\/#organization"},"potentialAction":[{"@type":"SearchAction","target":{"@type":"EntryPoint","urlTemplate":"https:\/\/iwell-guard.com\/is\/?s={search_term_string}"},"query-input":{"@type":"PropertyValueSpecification","valueRequired":true,"valueName":"search_term_string"}}],"inLanguage":"is"},{"@type":"Organization","@id":"https:\/\/iwell-guard.com\/is\/#organization","name":"Ittermann electronic GmbH","url":"https:\/\/iwell-guard.com\/is\/","logo":{"@type":"ImageObject","inLanguage":"is","@id":"https:\/\/iwell-guard.com\/is\/#\/schema\/logo\/image\/","url":"https:\/\/iwell-guard.com\/wp-content\/uploads\/2026\/05\/Ittermann-Logo-1182x237-1.png","contentUrl":"https:\/\/iwell-guard.com\/wp-content\/uploads\/2026\/05\/Ittermann-Logo-1182x237-1.png","width":1182,"height":237,"caption":"Ittermann electronic GmbH"},"image":{"@id":"https:\/\/iwell-guard.com\/is\/#\/schema\/logo\/image\/"},"sameAs":["https:\/\/pantip.com\/profile\/9367242","https:\/\/micro.blog\/iwellguard","https:\/\/www.diggerslist.com\/iwellguard\/about","https:\/\/skitterphoto.com\/photographers\/2870314\/iwell-guard","https:\/\/iwellguard.wordpress.com\/2026\/06\/06\/iwell-guard\/","https:\/\/hub.docker.com\/u\/iwellguard","https:\/\/www.pinterest.com\/iwellguard\/","https:\/\/bit.ly\/m\/iwellguard","https:\/\/entre-vos-mains.alsace.eu\/profiles\/iwellguard\/activity","https:\/\/gravatar.com\/reallybeded8fd34","https:\/\/naijamatta.com\/iwellguard","https:\/\/www.goodreads.com\/iwellguard","https:\/\/profile.hatena.ne.jp\/iwellguard\/","https:\/\/experiment.com\/users\/iwellguard","https:\/\/wakelet.com\/@iWellGuard82270","https:\/\/www.chordie.com\/forum\/profile.php?id=2555664","https:\/\/www.instapaper.com\/p\/17757966","https:\/\/www.mapleprimes.com\/users\/iwellguard","https:\/\/businesslistingplus.com\/profile\/iwell-guard\/","https:\/\/telegra.ph\/iWell-Guard-06-06","https:\/\/pbase.com\/iwellguard\/iwellguard","https:\/\/b.hatena.ne.jp\/iwellguard\/20260607#bookmark-4788405196491818882","https:\/\/fliphtml5.com\/home\/iwellguard","https:\/\/anyflip.com\/homepage\/cmiwl#About","https:\/\/transfur.com\/Users\/iwellguard","http:\/\/delphi.larsbo.org\/user\/iwellguard","https:\/\/jobs.lajobsportal.org\/profiles\/8380803-iwell-guard","https:\/\/md.chaosdorf.de\/s\/jfbe5SBdJD","https:\/\/www.lingvolive.com\/en-us\/profile\/9ecaeaca-ce11-4e51-9e71-01d55e2bff36\/translations","https:\/\/www.fitday.com\/fitness\/forums\/members\/iwellguard.html","https:\/\/www.mymeetbook.com\/iwellguard","https:\/\/pxhere.com\/en\/photographer-me\/5040798","https:\/\/disqus.com\/by\/iwellguard\/about\/","https:\/\/pastelink.net\/hjwciqwq","https:\/\/pubhtml5.com\/homepage\/scjhn\/","https:\/\/www.bitchute.com\/channel\/2O2eOKzNqujT","https:\/\/audiomack.com\/iwellguard"]},{"@type":"Person","@id":"https:\/\/iwell-guard.com\/is\/#\/schema\/person\/ee2a27f1cac3406c7c6fb5820cb7349f","name":"Ralf Ittermann","image":{"@type":"ImageObject","inLanguage":"is","@id":"https:\/\/secure.gravatar.com\/avatar\/073c0153e350a5005b68eb752b445fea71f6b24a26da9449ad7e155e6b446c9d?s=96&d=mm&r=g","url":"https:\/\/secure.gravatar.com\/avatar\/073c0153e350a5005b68eb752b445fea71f6b24a26da9449ad7e155e6b446c9d?s=96&d=mm&r=g","contentUrl":"https:\/\/secure.gravatar.com\/avatar\/073c0153e350a5005b68eb752b445fea71f6b24a26da9449ad7e155e6b446c9d?s=96&d=mm&r=g","caption":"Ralf Ittermann"},"givenName":"Ralf","familyName":"Ittermann","jobTitle":"Gesch\u00e4ftsf\u00fchrer und redaktioneller Verantwortlicher","url":"https:\/\/iwell-guard.com\/is\/author\/claude\/","description":"Ralf Ittermann ist Gesch\u00e4ftsf\u00fchrer der Ittermann electronic GmbH und redaktioneller Verantwortlicher des iWell-Guard-Lexikons. Er verbindet langj\u00e4hrige Erfahrung in der Pr\u00e4zisionsfertigung mit medialer Praxis und religionsgeschichtlicher Quellenarbeit.","worksFor":{"@type":"Organization","name":"Ittermann electronic GmbH","url":"https:\/\/ittermann.de\/","address":{"@type":"PostalAddress","streetAddress":"K\u00f6hlergasse 16-18","postalCode":"99842","addressLocality":"Ruhla","addressCountry":"DE"}},"knowsAbout":["Religionsgeschichte","Mythologie","Mediale Praxis","Energetische Diagnostik","Schutzpraxis","Volksglauben","Westliche Esoterik"]},{"@type":"Article","@id":"https:\/\/iwell-guard.com\/is\/metsaema\/#article","isPartOf":{"@id":"https:\/\/iwell-guard.com\/is\/metsaema\/"},"author":{"name":"Ralf Ittermann","@id":"https:\/\/iwell-guard.com\/is\/#\/schema\/person\/ee2a27f1cac3406c7c6fb5820cb7349f"},"headline":"Metsaema","datePublished":"2026-09-05T14:09:29+00:00","dateModified":"2026-09-05T14:49:33+00:00","mainEntityOfPage":{"@id":"https:\/\/iwell-guard.com\/is\/metsaema\/"},"publisher":{"@id":"https:\/\/iwell-guard.com\/is\/#organization"},"image":{"@id":"https:\/\/iwell-guard.com\/is\/metsaema\/#primaryimage"},"thumbnailUrl":"https:\/\/iwell-guard.com\/wp-content\/uploads\/2026\/07\/goetter_estland_metsaema.webp","inLanguage":"is","description":"Metsaema, eistneska sk\u00f3garm\u00f3\u00f0irin, er talin verndari vei\u00f0id\u00fdra og sk\u00f3garins. Uppruni, munnm\u00e6li, verndarsi\u00f0ir og hli\u00f0st\u00e6\u00f0ur \u00ed yfirliti."}]}},"_links":{"self":[{"href":"https:\/\/iwell-guard.com\/is\/wp-json\/wp\/v2\/pages\/169573","targetHints":{"allow":["GET"]}}],"collection":[{"href":"https:\/\/iwell-guard.com\/is\/wp-json\/wp\/v2\/pages"}],"about":[{"href":"https:\/\/iwell-guard.com\/is\/wp-json\/wp\/v2\/types\/page"}],"author":[{"embeddable":true,"href":"https:\/\/iwell-guard.com\/is\/wp-json\/wp\/v2\/users\/3"}],"replies":[{"embeddable":true,"href":"https:\/\/iwell-guard.com\/is\/wp-json\/wp\/v2\/comments?post=169573"}],"version-history":[{"count":0,"href":"https:\/\/iwell-guard.com\/is\/wp-json\/wp\/v2\/pages\/169573\/revisions"}],"wp:featuredmedia":[{"embeddable":true,"href":"https:\/\/iwell-guard.com\/is\/wp-json\/wp\/v2\/media\/20406"}],"wp:attachment":[{"href":"https:\/\/iwell-guard.com\/is\/wp-json\/wp\/v2\/media?parent=169573"}],"wp:term":[{"taxonomy":"category","embeddable":true,"href":"https:\/\/iwell-guard.com\/is\/wp-json\/wp\/v2\/categories?post=169573"}],"curies":[{"name":"wp","href":"https:\/\/api.w.org\/{rel}","templated":true}]}}