{"id":169286,"date":"2026-09-05T14:07:09","date_gmt":"2026-09-05T14:07:09","guid":{"rendered":"https:\/\/iwell-guard.com\/?page_id=169286"},"modified":"2026-09-05T14:37:01","modified_gmt":"2026-09-05T14:37:01","slug":"einir","status":"publish","type":"page","link":"https:\/\/iwell-guard.com\/is\/einir\/","title":{"rendered":"Einir"},"content":{"rendered":"\t\t<div data-elementor-type=\"wp-page\" data-elementor-id=\"169286\" class=\"elementor elementor-169286 elementor-3795 elementor-bc-flex-widget\" data-elementor-post-type=\"page\">\n\t\t\t\t<div class=\"elementor-element elementor-element-iwgs-wacholder-hero e-flex e-con-boxed e-con e-parent\" data-id=\"iwgs-wacholder-hero\" data-element_type=\"container\" data-e-type=\"container\">\n\t\t\t\t\t<div class=\"e-con-inner\">\n\t\t<div class=\"elementor-element elementor-element-iw-wacholder-hero-left e-con-full e-flex e-con e-child\" data-id=\"iw-wacholder-hero-left\" data-element_type=\"container\" data-e-type=\"container\">\n\t\t\t\t<div class=\"elementor-element elementor-element-iwgs-wacholder-h1 elementor-widget elementor-widget-heading\" data-id=\"iwgs-wacholder-h1\" data-element_type=\"widget\" data-e-type=\"widget\" data-widget_type=\"heading.default\">\n\t\t\t\t\t<h1 class=\"elementor-heading-title elementor-size-default\">Einir \u2014 reykelsisjurt og verndarrunni<\/h1>\t\t\t\t<\/div>\n\t\t<div class=\"elementor-element elementor-element-iw-wacholder-hero-bw e-con-full e-flex e-con e-child\" data-id=\"iw-wacholder-hero-bw\" data-element_type=\"container\" data-e-type=\"container\">\n\t\t\t\t<div class=\"elementor-element elementor-element-iwgs-wacholder-pills elementor-widget elementor-widget-html\" data-id=\"iwgs-wacholder-pills\" data-element_type=\"widget\" data-e-type=\"widget\" data-widget_type=\"html.default\">\n\t\t\t\t\t<div class=\"iwg-pill-row\"><span class=\"iwg-klasse-badge\" tabindex=\"0\" data-tooltip=\"Tegund verndargripsins.\">Reykelsi<\/span><a href=\"https:\/\/iwell-guard.com\/is\/?page_id=169273\" class=\"iwg-kultur-badge\" tabindex=\"0\" data-tooltip=\"Til yfirlits.\">Reykelsi og hreinsun<\/a><\/div>\t\t\t\t<\/div>\n\t\t\t\t<div class=\"elementor-element elementor-element-iwgs-wacholder-lead elementor-widget elementor-widget-text-editor\" data-id=\"iwgs-wacholder-lead\" data-element_type=\"widget\" data-e-type=\"widget\" data-widget_type=\"text-editor.default\">\n\t\t\t\t\t\t\t\t\t<p>Einir er hi\u00f0 klass\u00edska reykelsi \u00fe\u00fdskum\u00e6landi og nor\u00f0ur-evr\u00f3pskrar \u00fej\u00f3\u00f0tr\u00faar. \u00c1 me\u00f0an <a href=\"https:\/\/iwell-guard.com\/is\/?page_id=169287\">reykelsi (Weihrauch)<\/a> r\u00e6\u00f0ur r\u00edkjum \u00ed kirkjulegu samhengi, tilheyr\u00f0i reyking me\u00f0 einigreinum b\u00e6ndahef\u00f0inni: H\u00fasb\u00f3ndinn e\u00f0a h\u00fasfreyjan gengu me\u00f0 logandi greinar um h\u00fas, fj\u00e1rh\u00fas og hl\u00f6\u00f0u til a\u00f0 reka \u00fat illa anda, sj\u00fakd\u00f3ma og ska\u00f0legar m\u00e1ttarv\u00f6ld.<\/p><p>\u00deessi hef\u00f0 var ekki kirkjulega st\u00fdr\u00f0, heldur hluti af \u00fej\u00f3\u00f0legum si\u00f0 sem n\u00e1\u00f0i h\u00e1marki \u00e1 j\u00f3lan\u00f3ttunum (Rauhn\u00e4chte) milli j\u00f3la og \u00ferett\u00e1ndans. \u00cd samhengi <a href=\"https:\/\/iwell-guard.com\/is\/?page_id=169273\">reykelsisefna og hreinsiefna<\/a> stendur einir fyrir hi\u00f0 mi\u00f0-evr\u00f3pska hli\u00f0st\u00e6\u00f0a vi\u00f0 hin framandlegri kvo\u00f0uefni sunnar \u00far \u00e1lfunni.<\/p>\n<p class=\"iwg-kwfix\">Einir er b\u00e6\u00f0i reykelsisjurt og verndarrunni.<\/p>\t\t\t\t\t\t\t\t<\/div>\n\t\t\t\t<\/div>\n\t\t\t\t<\/div>\n\t\t<div class=\"elementor-element elementor-element-iw-wacholder-hero-img e-con-full e-flex e-con e-child\" data-id=\"iw-wacholder-hero-img\" data-element_type=\"container\" data-e-type=\"container\">\n\t\t\t\t<div class=\"elementor-element elementor-element-iwgs-wacholder-himg iwg-hero-image elementor-widget elementor-widget-image\" data-id=\"iwgs-wacholder-himg\" data-element_type=\"widget\" data-e-type=\"widget\" data-widget_type=\"image.default\">\n\t\t\t\t\t\t\t\t\t\t\t\t\t\t\t<img fetchpriority=\"high\" decoding=\"async\" width=\"683\" height=\"1024\" src=\"https:\/\/iwell-guard.com\/wp-content\/uploads\/2026\/05\/schutzsymbol_germanisch_wacholder-683x1024.png\" class=\"attachment-large size-large wp-image-170446\" alt=\"J\u00e1rnjurt (verbena) \u2013 verndar- og helgisi\u00f0ajurt, s\u00f6gulega myndskreytt\" srcset=\"https:\/\/iwell-guard.com\/wp-content\/uploads\/2026\/05\/schutzsymbol_germanisch_wacholder-683x1024.png 683w, https:\/\/iwell-guard.com\/wp-content\/uploads\/2026\/05\/schutzsymbol_germanisch_wacholder-200x300.png 200w, https:\/\/iwell-guard.com\/wp-content\/uploads\/2026\/05\/schutzsymbol_germanisch_wacholder-768x1152.png 768w, https:\/\/iwell-guard.com\/wp-content\/uploads\/2026\/05\/schutzsymbol_germanisch_wacholder.png 1024w\" sizes=\"(max-width: 683px) 100vw, 683px\" \/>\t\t\t\t\t\t\t\t\t\t\t\t\t\t\t<\/div>\n\t\t\t\t<\/div>\n\t\t\t\t\t<\/div>\n\t\t\t\t<\/div>\n\t\t<div class=\"elementor-element elementor-element-iwgs-wacholder-s0 e-flex e-con-boxed e-con e-parent\" data-id=\"iwgs-wacholder-s0\" data-element_type=\"container\" data-e-type=\"container\">\n\t\t\t\t\t<div class=\"e-con-inner\">\n\t\t\t\t<div class=\"elementor-element elementor-element-iwgs-wacholder-s0h elementor-widget elementor-widget-heading\" data-id=\"iwgs-wacholder-s0h\" data-element_type=\"widget\" data-e-type=\"widget\" data-widget_type=\"heading.default\">\n\t\t\t\t\t<h2 class=\"elementor-heading-title elementor-size-default\">Skj\u00f3tt yfirlit<\/h2>\t\t\t\t<\/div>\n\t\t<div class=\"elementor-element elementor-element-iw-wacholder-s0-bw e-con-full e-flex e-con e-child\" data-id=\"iw-wacholder-s0-bw\" data-element_type=\"container\" data-e-type=\"container\">\n\t\t\t\t<div class=\"elementor-element elementor-element-iwgs-wacholder-s0t elementor-widget elementor-widget-text-editor\" data-id=\"iwgs-wacholder-s0t\" data-element_type=\"widget\" data-e-type=\"widget\" data-widget_type=\"text-editor.default\">\n\t\t\t\t\t\t\t\t\t<p>Einir (Juniperus communis) er n\u00e1larrunni sem finnst um alla Evr\u00f3pu og Nor\u00f0ur-As\u00edu. Vi\u00f0ur hans og ber gefa fr\u00e1 s\u00e9r beittan, kvo\u00f0ukenndan reyk me\u00f0 einkennandi lykt af terpent\u00ednu og kvo\u00f0u \u00feegar hann er brenndur.<\/p><p>\u00cd \u00fej\u00f3\u00f0tr\u00fanni er \u00feessi lykt talin ska\u00f0leg b\u00e6\u00f0i \u00f6ndum og sj\u00fakd\u00f3mavaldandi \u00f6flum. Einir var \u00ed eldri \u00fe\u00fdskri \u00fej\u00f3\u00f0tungu kalla\u00f0ur \u201eKrammetstrauch&#8220;; verndarm\u00e1tturinn var honum eigna\u00f0ur ekki a\u00f0eins sem reykelsi, heldur einnig sem \u00fer\u00f6skuldajurt og verndargripasefni.<\/p>\t\t\t\t\t\t\t\t<\/div>\n\t\t\t\t<\/div>\n\t\t\t\t\t<\/div>\n\t\t\t\t<\/div>\n\t\t<div class=\"elementor-element elementor-element-iwgs-wacholder-s1 e-flex e-con-boxed e-con e-parent\" data-id=\"iwgs-wacholder-s1\" data-element_type=\"container\" data-e-type=\"container\">\n\t\t\t\t\t<div class=\"e-con-inner\">\n\t\t\t\t<div class=\"elementor-element elementor-element-iwgs-wacholder-s1h elementor-widget elementor-widget-heading\" data-id=\"iwgs-wacholder-s1h\" data-element_type=\"widget\" data-e-type=\"widget\" data-widget_type=\"heading.default\">\n\t\t\t\t\t<h2 class=\"elementor-heading-title elementor-size-default\">Uppruni og munnm\u00e6li<\/h2>\t\t\t\t<\/div>\n\t\t<div class=\"elementor-element elementor-element-iw-wacholder-s1-bw e-con-full e-flex e-con e-child\" data-id=\"iw-wacholder-s1-bw\" data-element_type=\"container\" data-e-type=\"container\">\n\t\t\t\t<div class=\"elementor-element elementor-element-iwgs-wacholder-s1t elementor-widget elementor-widget-text-editor\" data-id=\"iwgs-wacholder-s1t\" data-element_type=\"widget\" data-e-type=\"widget\" data-widget_type=\"text-editor.default\">\n\t\t\t\t\t\t\t\t\t<p>Rauhn\u00e4chte, einnig kalla\u00f0ar t\u00f3lf n\u00e6turnar e\u00f0a \u00ferett\u00e1ndan\u00e6turnar, t\u00e1kna t\u00edmabili\u00f0 fr\u00e1 24. desember til 6. jan\u00faar.<\/p><p>\u00c1 \u00feessum t\u00edma voru m\u00f6rkin milli heims lifenda og heims hinna dau\u00f0u talin s\u00e9rlega gegns\u00e6 samkv\u00e6mt fornri \u00fej\u00f3\u00f0tr\u00fa; hrekklausum \u00f6ndum, villtum flokkum og ska\u00f0legum m\u00e1ttarv\u00f6ldum var haldi\u00f0 \u00ed fjarl\u00e6g\u00f0 e\u00f0a reknar \u00far h\u00fasi me\u00f0 h\u00e1va\u00f0a, eldi og reykelsisreyk.<\/p>\n<p>Reyking me\u00f0 einir tilheyr\u00f0i \u00ed m\u00f6rgum sv\u00e6\u00f0um \u00fe\u00fdskum\u00e6landi landa, s\u00e9rstaklega \u00ed Austurr\u00edki, B\u00e6jaralandi, Sviss og T\u00fdrol, fastri hef\u00f0 \u00feessara n\u00e1tta. \u00de\u00e1 var ekki a\u00f0eins \u00edb\u00fa\u00f0arh\u00fasn\u00e6\u00f0i reykt, heldur einnig fj\u00e1rh\u00fas, hl\u00f6\u00f0ur og for\u00f0ab\u00far.<\/p><p>Gagnvart b\u00faf\u00e9na\u00f0i var \u00feessi venja s\u00e9rstaklega \u00fatbreidd: d\u00fdr voru talin vi\u00f0kv\u00e6m fyrir illu auga og ska\u00f0legum m\u00e1ttarv\u00f6ldum; einirinn vernda\u00f0i \u00feau fyrir \u00e1hrifum og sj\u00fakd\u00f3mum.<\/p>\n<p>\u00d6nnur var\u00f0veitt hef\u00f0 var reyking \u00e1 vorin til a\u00f0 hreinsa h\u00fasi\u00f0 eftir veturinn, auk reykingar vi\u00f0 s\u00e9rst\u00f6k tilefni: flutning \u00ed n\u00fdtt h\u00fas, f\u00e6\u00f0ingu barns e\u00f0a \u00feungan sj\u00fakd\u00f3m \u00e1 heimilinu.<\/p>\n<p>Handw\u00f6rterbuch des deutschen Aberglaubens skr\u00e1ir fyrir einir fj\u00f6lda d\u00e6ma fr\u00e1 \u00f6llum \u00fe\u00fdskum\u00e6landi sv\u00e6\u00f0um, sem skjalfesta tv\u00ed\u00fe\u00e6tt hlutverk hans sem verndarjurt (vi\u00f0 h\u00fasi\u00f0) og reykelsi (\u00ed h\u00fasinu).<\/p>\t\t\t\t\t\t\t\t<\/div>\n\t\t\t\t<\/div>\n\t\t\t\t\t<\/div>\n\t\t\t\t<\/div>\n\t\t<div class=\"elementor-element elementor-element-iwgs-wacholder-s2 e-flex e-con-boxed e-con e-parent\" data-id=\"iwgs-wacholder-s2\" data-element_type=\"container\" data-e-type=\"container\">\n\t\t\t\t\t<div class=\"e-con-inner\">\n\t\t\t\t<div class=\"elementor-element elementor-element-iwgs-wacholder-s2h elementor-widget elementor-widget-heading\" data-id=\"iwgs-wacholder-s2h\" data-element_type=\"widget\" data-e-type=\"widget\" data-widget_type=\"heading.default\">\n\t\t\t\t\t<h2 class=\"elementor-heading-title elementor-size-default\">Virknihugmynd samkv\u00e6mt munnm\u00e6lum<\/h2>\t\t\t\t<\/div>\n\t\t<div class=\"elementor-element elementor-element-iw-wacholder-s2-bw e-con-full e-flex e-con e-child\" data-id=\"iw-wacholder-s2-bw\" data-element_type=\"container\" data-e-type=\"container\">\n\t\t\t\t<div class=\"elementor-element elementor-element-iwgs-wacholder-s2t elementor-widget elementor-widget-text-editor\" data-id=\"iwgs-wacholder-s2t\" data-element_type=\"widget\" data-e-type=\"widget\" data-widget_type=\"text-editor.default\">\n\t\t\t\t\t\t\t\t\t<p>Sterki, beitti reykurinn af einir var \u00ed \u00fej\u00f3\u00f0tr\u00fanni talinn s\u00e9rlega \u201ekr\u00f6ftugur&#8220; og \u00f3\u00feolandi fyrir allt sem ska\u00f0ar. Meginreglan er \u00feolreglan: \u00dea\u00f0 sem manninum finnst \u00fe\u00e6gilegt e\u00f0a a\u00f0 minnsta kosti \u00feolanlegt, for\u00f0ast hi\u00f0 illa.<\/p><p>Einireykur var l\u00fdst \u00f3\u00fe\u00e6gilegur \u00f6ndum og illum m\u00e1ttarv\u00f6ldum, \u00e1 me\u00f0an hann var talinn hreinsandi og jafnvel l\u00e6knandi fyrir manninn.<\/p>\n<p>Auk \u00feess er einir \u00ed <span class=\"iwg-fachbegriff\" data-tooltip=\"Mi\u00f0lun \u00feekkingar og fr\u00e1sagna milli kynsl\u00f3\u00f0a.\" tabindex=\"0\">munnm\u00e6lum<\/span> eigna\u00f0ur bindingarkraftur: ska\u00f0leg \u00e1hrif eru ekki a\u00f0eins hrakin \u00e1 brott, heldur bundin af reyknum og fjarl\u00e6g\u00f0 me\u00f0 honum. \u00deess vegna var \u00ed sumum h\u00e9ru\u00f0um si\u00f0ur a\u00f0 opna alla glugga eftir reykinguna, svo a\u00f0 reykurinn og \u00fea\u00f0 sem hann haf\u00f0i bundi\u00f0 g\u00e6ti yfirgefi\u00f0 h\u00fasi\u00f0.<\/p>\n<p>Einir er \u00ed \u00fej\u00f3\u00f0tr\u00fanni einnig talinn markajurt: hann vex helst vi\u00f0 sk\u00f3garja\u00f0ra og \u00e1 hei\u00f0um, \u00fe.e. \u00e1 umskiptasv\u00e6\u00f0um. \u00deessi eiginleiki, a\u00f0 \u00fer\u00edfast vi\u00f0 m\u00f6rk, ger\u00f0i hann \u00ed hinni t\u00e1knr\u00e6nu r\u00f6kfr\u00e6\u00f0i <span class=\"iwg-fachbegriff\" data-tooltip=\"Mi\u00f0lun \u00feekkingar og fr\u00e1sagna milli kynsl\u00f3\u00f0a.\" tabindex=\"0\">munnm\u00e6lanna<\/span> a\u00f0 millili\u00f0 milli heima og \u00fear me\u00f0 \u00e1hrifar\u00edkt verndart\u00e1kn vi\u00f0 \u00fer\u00f6skulda og innganga.<\/p>\t\t\t\t\t\t\t\t<\/div>\n\t\t\t\t<\/div>\n\t\t\t\t\t<\/div>\n\t\t\t\t<\/div>\n\t\t<div class=\"elementor-element elementor-element-iwgs-wacholder-s3 e-flex e-con-boxed e-con e-parent\" data-id=\"iwgs-wacholder-s3\" data-element_type=\"container\" data-e-type=\"container\">\n\t\t\t\t\t<div class=\"e-con-inner\">\n\t\t\t\t<div class=\"elementor-element elementor-element-iwgs-wacholder-s3h elementor-widget elementor-widget-heading\" data-id=\"iwgs-wacholder-s3h\" data-element_type=\"widget\" data-e-type=\"widget\" data-widget_type=\"heading.default\">\n\t\t\t\t\t<h2 class=\"elementor-heading-title elementor-size-default\">\u00datbrei\u00f0sla yfir menningarheima<\/h2>\t\t\t\t<\/div>\n\t\t<div class=\"elementor-element elementor-element-iw-wacholder-s3-bw e-con-full e-flex e-con e-child\" data-id=\"iw-wacholder-s3-bw\" data-element_type=\"container\" data-e-type=\"container\">\n\t\t\t\t<div class=\"elementor-element elementor-element-iwgs-wacholder-s3t elementor-widget elementor-widget-text-editor\" data-id=\"iwgs-wacholder-s3t\" data-element_type=\"widget\" data-e-type=\"widget\" data-widget_type=\"text-editor.default\">\n\t\t\t\t\t\t\t\t\t<p>Einir sem reykelsisjurt \u00e1 s\u00e9r \u00fatbrei\u00f0slu langt \u00fat fyrir \u00fe\u00fdskum\u00e6landi sv\u00e6\u00f0i. \u00c1 Nor\u00f0url\u00f6ndum er reyking me\u00f0 einirgreinum einnig \u00feekkt, s\u00e9rstaklega \u00ed Noregi og Sv\u00ed\u00fej\u00f3\u00f0, \u00fear sem h\u00fan var notu\u00f0 gegn sj\u00fakd\u00f3mum \u00ed m\u00f6nnum og d\u00fdrum. \u00cd Lapplandi og hj\u00e1 sam\u00edsku \u00fej\u00f3\u00f0unum var einir me\u00f0al mikilv\u00e6gustu verndarjurta gr\u00e6\u00f0aranna (n\u00f3a\u00edda).<\/p>\n<p>\u00cd slavneskri \u00fej\u00f3\u00f0tr\u00fa er einir (\u00e1 serbnesku: kleka, \u00e1 r\u00fassnesku: mozhevelnik) nota\u00f0ur \u00e1 svipa\u00f0an h\u00e1tt: hann verndar h\u00fas og fj\u00e1rh\u00fas fr\u00e1 illum \u00f6ndum og g\u00f6ldrum og er hengdur \u00e1 h\u00fashur\u00f0ir e\u00f0a gr\u00f3\u00f0ursettur n\u00e1l\u00e6gt \u00fer\u00f6skuldum.<\/p>\n<p>\u00c1 keltneskum sv\u00e6\u00f0um er einir einnig \u00feekktur sem verndarjurt, s\u00e9rstaklega \u00e1 \u00cdrlandi og \u00ed Skotlandi, \u00fear sem hann var talinn verndandi gegn illu auga og gegn \u00e1lfum.<\/p>\n<p>Umfang <span class=\"iwg-fachbegriff\" data-tooltip=\"Mi\u00f0lun \u00feekkingar og fr\u00e1sagna milli kynsl\u00f3\u00f0a.\" tabindex=\"0\">munnm\u00e6lanna<\/span> s\u00fdnir a\u00f0 einir sem verndarjurt er r\u00f3tfastur \u00ed samfelldu evras\u00edsku menningarsv\u00e6\u00f0i, \u00fe\u00f3 me\u00f0 mismunandi helgisi\u00f0aformum. Hli\u00f0st\u00e6\u00f0ur vi\u00f0 \u00f6nnur reykelsisefni eins og <a href=\"https:\/\/iwell-guard.com\/is\/?page_id=169274\">salv\u00edu<\/a> e\u00f0a <a href=\"https:\/\/iwell-guard.com\/is\/?page_id=169287\">reykelsi (Weihrauch)<\/a> liggja \u00ed sameiginlegri r\u00f6kfr\u00e6\u00f0i fr\u00e1hrekjandi reyks.<\/p>\t\t\t\t\t\t\t\t<\/div>\n\t\t\t\t<\/div>\n\t\t\t\t\t<\/div>\n\t\t\t\t<\/div>\n\t\t<div class=\"elementor-element elementor-element-iwgs-wacholder-s4 e-flex e-con-boxed e-con e-parent\" data-id=\"iwgs-wacholder-s4\" data-element_type=\"container\" data-e-type=\"container\">\n\t\t\t\t\t<div class=\"e-con-inner\">\n\t\t\t\t<div class=\"elementor-element elementor-element-iwgs-wacholder-s4h elementor-widget elementor-widget-heading\" data-id=\"iwgs-wacholder-s4h\" data-element_type=\"widget\" data-e-type=\"widget\" data-widget_type=\"heading.default\">\n\t\t\t\t\t<h2 class=\"elementor-heading-title elementor-size-default\">Gegn hverju hann er nota\u00f0ur<\/h2>\t\t\t\t<\/div>\n\t\t<div class=\"elementor-element elementor-element-iw-wacholder-s4-bw e-con-full e-flex e-con e-child\" data-id=\"iw-wacholder-s4-bw\" data-element_type=\"container\" data-e-type=\"container\">\n\t\t\t\t<div class=\"elementor-element elementor-element-iwgs-wacholder-s4t elementor-widget elementor-widget-text-editor\" data-id=\"iwgs-wacholder-s4t\" data-element_type=\"widget\" data-e-type=\"widget\" data-widget_type=\"text-editor.default\">\n\t\t\t\t\t\t\t\t\t<p>\u00dej\u00f3\u00f0tr\u00fain notar einir gegn v\u00ed\u00f0u svi\u00f0i ska\u00f0legra m\u00e1ttarvalda. Fremst standa sj\u00fakd\u00f3msandar, \u00fe.e. verur e\u00f0a m\u00e1ttarv\u00f6ld sem hla\u00f0a m\u00f6nnum og d\u00fdrum me\u00f0 fars\u00f3ttum, hita og \u00f6\u00f0rum kvillum. J\u00f6fnun sj\u00fakd\u00f3ma vi\u00f0 illa \u00e1hrifavalda er sj\u00e1lfs\u00f6g\u00f0 \u00ed fornri \u00fej\u00f3\u00f0legri l\u00e6knislist; reykingin vi\u00f0 sj\u00fakd\u00f3ma var \u00feess vegna \u00ed senn l\u00e6knisfr\u00e6\u00f0ileg og verndandi ath\u00f6fn.<\/p>\n<p>Auk \u00feess er einir \u00ed munnm\u00e6lum talinn \u00e1hrifar\u00edkur gegn fj\u00f6lda \u00f3gna. \u00dear \u00e1 me\u00f0al eru villtir flokkar og andar j\u00f3lan\u00e1ttanna (Rauhn\u00e4chte), \u00fe.e. hrekklausir framli\u00f0nir andar og m\u00e1ttarv\u00f6ld sem virk eru \u00e1 n\u00f3ttunni. Einnig verndar hann gegn illu auga (\u00f6fundaraugum), sem getur ska\u00f0a\u00f0 menn og d\u00fdr, og gegn g\u00f6ldrum sem beinast a\u00f0 heimilinu e\u00f0a b\u00faf\u00e9na\u00f0inum. \u00c1 sumum sv\u00e6\u00f0um var einir a\u00f0 auki l\u00fdst sem vernd gegn skipti n\u00fdf\u00e6ddra barna, hinum svok\u00f6llu\u00f0u umskiptinga-munnm\u00e6lum.<\/p>\n<p><a href=\"https:\/\/iwell-guard.com\/is\/?page_id=169276\">Verndarkomp\u00e1sinn<\/a> tengir einir vi\u00f0 \u00fe\u00e6r tilteknu verutegundir sem hann er skr\u00e1\u00f0ur fyrir \u00ed \u00fdmsum heimildum.<\/p>\t\t\t\t\t\t\t\t<\/div>\n\t\t\t\t<\/div>\n\t\t\t\t\t<\/div>\n\t\t\t\t<\/div>\n\t\t<div class=\"elementor-element elementor-element-iwgs-wacholder-s5 e-flex e-con-boxed e-con e-parent\" data-id=\"iwgs-wacholder-s5\" data-element_type=\"container\" data-e-type=\"container\">\n\t\t\t\t\t<div class=\"e-con-inner\">\n\t\t\t\t<div class=\"elementor-element elementor-element-iwgs-wacholder-s5h elementor-widget elementor-widget-heading\" data-id=\"iwgs-wacholder-s5h\" data-element_type=\"widget\" data-e-type=\"widget\" data-widget_type=\"heading.default\">\n\t\t\t\t\t<h2 class=\"elementor-heading-title elementor-size-default\">Notkun og takmarkanir<\/h2>\t\t\t\t<\/div>\n\t\t<div class=\"elementor-element elementor-element-iw-wacholder-s5-bw e-con-full e-flex e-con e-child\" data-id=\"iw-wacholder-s5-bw\" data-element_type=\"container\" data-e-type=\"container\">\n\t\t\t\t<div class=\"elementor-element elementor-element-iwgs-wacholder-s5t elementor-widget elementor-widget-text-editor\" data-id=\"iwgs-wacholder-s5t\" data-element_type=\"widget\" data-e-type=\"widget\" data-widget_type=\"text-editor.default\">\n\t\t\t\t\t\t\t\t\t<p>Reykhreinsun me\u00f0 einiberjum fer a\u00f0 hef\u00f0bundnum h\u00e6tti fram me\u00f0 \u00fev\u00ed a\u00f0 brenna ferskar e\u00f0a \u00feurrka\u00f0ar greinar og ber. Greinarnar eru kveiktar og s\u00ed\u00f0an sl\u00f6kktar a\u00f0 hluta, \u00feannig a\u00f0 \u00fe\u00e6r rj\u00faka; reyknum er svo dreift um \u00f6ll herbergi.<\/p><p>R\u00f6\u00f0in skipti s\u00e9rst\u00f6ku m\u00e1li: fr\u00e1 innsta hluta h\u00fassins og \u00fat a\u00f0 dyrum, svo a\u00f0 hi\u00f0 ska\u00f0lega yfirg\u00e6fi h\u00fasi\u00f0 og s\u00e6ktist ekki d\u00fdpra inn.<\/p>\n<p>\u00cd <span class=\"iwg-fachbegriff\" data-tooltip=\"Mi\u00f0lun \u00feekkingar og sagna milli kynsl\u00f3\u00f0a.\" tabindex=\"0\">munnm\u00e6lunum<\/span> er t\u00edmasetningin talin \u00farslitaatri\u00f0i. Reykhreinsun \u00e1 Rauhn\u00e4chte var talin s\u00e9rstaklega \u00e1hrifar\u00edk \u00fev\u00ed h\u00fan f\u00f3r fram \u00e1 \u00feeim t\u00edma \u00feegar h\u00e6ttan var mest. Regluleg reykhreinsun yfir \u00e1ri\u00f0 \u00e1tti a\u00f0 halda vernduninni vi\u00f0.<\/p>\n<p>Takm\u00f6rkun \u00feessarar i\u00f0kunar felst \u00ed <span class=\"iwg-fachbegriff\" data-tooltip=\"Mi\u00f0lun \u00feekkingar og sagna milli kynsl\u00f3\u00f0a.\" tabindex=\"0\">munnm\u00e6lunum<\/span> sj\u00e1lfum: einiber eitt og s\u00e9r kemur ekki \u00ed sta\u00f0 alt\u00e6krar verndara\u00f0ger\u00f0ar. \u00cd \u00fej\u00f3\u00f0legri i\u00f0kun var \u00fea\u00f0 nota\u00f0 samhli\u00f0a b\u00e6num, krossmerkjum, salti og \u00f6\u00f0rum verndargripum. <a href=\"https:\/\/iwell-guard.com\/is\/?page_id=169276\">Verndarkomp\u00e1sinn<\/a> s\u00fdnir \u00feessar samsetningar eins og \u00fe\u00e6r hafa var\u00f0veist saman \u00ed munnm\u00e6lum.<\/p>\t\t\t\t\t\t\t\t<\/div>\n\t\t\t\t<\/div>\n\t\t\t\t\t<\/div>\n\t\t\t\t<\/div>\n\t\t<div class=\"elementor-element elementor-element-iwgs-wacholder-lit e-flex e-con-boxed e-con e-parent\" data-id=\"iwgs-wacholder-lit\" data-element_type=\"container\" data-e-type=\"container\">\n\t\t\t\t\t<div class=\"e-con-inner\">\n\t\t\t\t<div class=\"elementor-element elementor-element-iwgs-wacholder-lith elementor-widget elementor-widget-heading\" data-id=\"iwgs-wacholder-lith\" data-element_type=\"widget\" data-e-type=\"widget\" data-widget_type=\"heading.default\">\n\t\t\t\t\t<h2 class=\"elementor-heading-title elementor-size-default\">Heimildir (\u00farval)<\/h2>\t\t\t\t<\/div>\n\t\t<div class=\"elementor-element elementor-element-iw-wacholder-lit-bw e-con-full e-flex e-con e-child\" data-id=\"iw-wacholder-lit-bw\" data-element_type=\"container\" data-e-type=\"container\">\n\t\t\t\t<div class=\"elementor-element elementor-element-iwgs-wacholder-litt elementor-widget elementor-widget-html\" data-id=\"iwgs-wacholder-litt\" data-element_type=\"widget\" data-e-type=\"widget\" data-widget_type=\"html.default\">\n\t\t\t\t\t<footer data-nosnippet=\"true\"><ul><li>Handw\u00f6rterbuch des deutschen Aberglaubens. Hrsg. von Hanns B\u00e4chtold-St\u00e4ubli. Berlin: de Gruyter, 1927-1942.<\/li><li>Lily Weiser-Aall: Volkskundliche Kommentare zu altnordischen Texten. Oslo: Universitetsforlaget, 1966.<\/li><li>Eva P\u00f3cs: Between the Living and the Dead: A Perspective on Witches and Seers in the Early Modern Age. Budapest: Central European University Press, 1999.<\/li><li>Lutz R\u00f6hrich: Lexikon der sprichw\u00f6rtlichen Redensarten. Freiburg: Herder, 1991.<\/li><li>Adolf Spamer: Romanusb\u00fcchlein. Berlin: Akademie-Verlag, 1958.<\/li><\/ul><\/footer>\t\t\t\t<\/div>\n\t\t\t\t<\/div>\n\t\t\t\t\t<\/div>\n\t\t\t\t<\/div>\n\t\t<div class=\"elementor-element elementor-element-iwgs-wacholder-kwd e-flex e-con-boxed e-con e-parent\" data-id=\"iwgs-wacholder-kwd\" data-element_type=\"container\" data-e-type=\"container\">\n\t\t\t\t\t<div class=\"e-con-inner\">\n\t\t<div class=\"elementor-element elementor-element-iw-wacholder-kwd-bw e-con-full e-flex e-con e-child\" data-id=\"iw-wacholder-kwd-bw\" data-element_type=\"container\" data-e-type=\"container\">\n\t\t\t\t<div class=\"elementor-element elementor-element-iwgs-wacholder-kwdt elementor-widget elementor-widget-text-editor\" data-id=\"iwgs-wacholder-kwdt\" data-element_type=\"widget\" data-e-type=\"widget\" data-widget_type=\"text-editor.default\">\n\t\t\t\t\t\t\t\t\t<p><em>Tengd leitaror\u00f0: einiber reykhreinsun einiberjalyng fj\u00f3sahreinsun.<\/em><\/p>\t\t\t\t\t\t\t\t<\/div>\n\t\t\t\t<\/div>\n\t\t\t\t\t<\/div>\n\t\t\t\t<\/div>\n\t\t<div class=\"elementor-element elementor-element-iwgs-wacholder-cc e-flex e-con-boxed e-con e-parent\" data-id=\"iwgs-wacholder-cc\" data-element_type=\"container\" data-e-type=\"container\" id=\"iwg-cc-wacholder\">\n\t\t\t\t\t<div class=\"e-con-inner\">\n\t\t<div class=\"elementor-element elementor-element-iwgs-wacholder-ccinner e-flex e-con-boxed e-con e-parent\" data-id=\"iwgs-wacholder-ccinner\" data-element_type=\"container\" data-e-type=\"container\" data-settings=\"{&quot;background_background&quot;:&quot;classic&quot;}\">\n\t\t\t\t\t<div class=\"e-con-inner\">\n\t\t\t\t<div class=\"elementor-element elementor-element-iwgs-wacholder-cch elementor-widget elementor-widget-heading\" data-id=\"iwgs-wacholder-cch\" data-element_type=\"widget\" data-e-type=\"widget\" data-widget_type=\"heading.default\">\n\t\t\t\t\t<h2 class=\"elementor-heading-title elementor-size-default\">iWell Guard og verndarhef\u00f0ir<\/h2>\t\t\t\t<\/div>\n\t\t\t\t<div class=\"elementor-element elementor-element-iwgs-wacholder-cct elementor-widget elementor-widget-text-editor\" data-id=\"iwgs-wacholder-cct\" data-element_type=\"widget\" data-e-type=\"widget\" data-widget_type=\"text-editor.default\">\n\t\t\t\t\t\t\t\t\t<p>Reykhreinsun me\u00f0 einiberjum er tj\u00e1ning viljans til a\u00f0 setja m\u00f6rk: milli innan og utan, milli varins sv\u00e6\u00f0is og \u00f3\u00f6ruggs heims. \u00deessi vilji til a\u00f0 setja m\u00f6rk er meginreglan \u00e1 bak vi\u00f0 allar verndarhef\u00f0irnar sem <a href=\"https:\/\/iwell-guard.com\/is\/verndargripur-iwell-guard-kaupa\/\">iWell Guard<\/a> sameinar.<\/p><p>\u00dea\u00f0 sem h\u00fasm\u00f3\u00f0irin e\u00f0a h\u00fasb\u00f3ndinn vildi n\u00e1 fram me\u00f0 \u00e1rlegri reykhreinsun, nefnilega sk\u00fdrt afmarka\u00f0, vari\u00f0 sv\u00e6\u00f0i fyrir eigin fj\u00f6lskyldu, \u00fev\u00ed breytir hengi\u00f0 \u00ed pers\u00f3nulegt mark sem fylgir manni. T\u00e1knr\u00e6na r\u00f6kfr\u00e6\u00f0in er s\u00fa sama, formi\u00f0 er a\u00f0laga\u00f0 n\u00fat\u00edma l\u00edfsh\u00e1ttum.<\/p>\t\t\t\t\t\t\t\t<\/div>\n\t\t\t\t<div class=\"elementor-element elementor-element-iwgs-wacholder-ccb iwg-cc-button iwg-cc-cta-2026-05-13 elementor-widget elementor-widget-jet-button\" data-id=\"iwgs-wacholder-ccb\" data-element_type=\"widget\" data-e-type=\"widget\" data-widget_type=\"jet-button.default\">\n\t\t\t\t<div class=\"elementor-widget-container\">\n\t\t\t\t\t<div class=\"elementor-jet-button jet-elements\"><div class=\"jet-button__container\"><a class=\"jet-button__instance jet-button__instance--icon-left hover-effect-1\" href=\"\/schutzanhaenger-iwell-guard-kaufen\/?utm_source=iwell-guard.com&amp;utm_medium=info-box&amp;utm_campaign=schutzsymbole\"><div class=\"jet-button__plane jet-button__plane-normal\"><\/div><div class=\"jet-button__plane jet-button__plane-hover\"><\/div><div class=\"jet-button__state jet-button__state-normal\"><span class=\"jet-button__label\">Meira um iWell Guard<\/span><\/div><div class=\"jet-button__state jet-button__state-hover\"><span class=\"jet-button__label\">Meira um iWell Guard<\/span><\/div><\/a><\/div><\/div><style>.elementor-element.elementor-element-iwgs-wacholder-ccb .jet-button__instance{width:320px;height:56px;}.elementor-element.elementor-element-iwgs-wacholder-ccb .jet-button__state-normal .jet-button__label{text-align:center;margin:0px 0px 0px 0px;color:#1a1b20;font-family:Montserrat,sans-serif;font-size:13px;font-weight:400;letter-spacing:4px;line-height:1.714em;text-transform:uppercase;}.elementor-element.elementor-element-iwgs-wacholder-ccb .jet-button__state-hover .jet-button__label{text-align:center;margin:0px 0px 0px 0px;color:#FECC76;font-family:Montserrat,sans-serif;font-size:13px;font-weight:400;letter-spacing:4px;line-height:1.714em;text-transform:uppercase;}.elementor-element.elementor-element-iwgs-wacholder-ccb .jet-button__plane-normal{background-color:#FECC76;border-style:solid;border-color:#C99540;border-width:2px 2px 2px 2px;}.elementor-element.elementor-element-iwgs-wacholder-ccb .jet-button__plane-hover{background-color:rgba(0,0,0,0.55);border-style:solid;border-color:#FECC76;border-width:2px 2px 2px 2px;}<\/style>\t\t\t\t<\/div>\n\t\t\t\t<\/div>\n\t\t\t\t<div class=\"elementor-element elementor-element-iwgs-wacholder-ccd elementor-widget elementor-widget-text-editor\" data-id=\"iwgs-wacholder-ccd\" data-element_type=\"widget\" data-e-type=\"widget\" data-widget_type=\"text-editor.default\">\n\t\t\t\t\t\t\t\t\t<p style=\"text-align:center;font-size:13px;opacity:0.7;margin-top:14px\" data-nosnippet=\"true\">Pers\u00f3nuleg reynsla getur veri\u00f0 mismunandi. Ekki l\u00e6kningat\u00e6ki. Engin lofor\u00f0 um l\u00e6kningu.<\/p>\t\t\t\t\t\t\t\t<\/div>\n\t\t\t\t\t<\/div>\n\t\t\t\t<\/div>\n\t\t\t\t\t<\/div>\n\t\t\t\t<\/div>\n\t\t<div class=\"elementor-element elementor-element-iwgs-wacholder-disc e-flex e-con-boxed e-con e-parent\" data-id=\"iwgs-wacholder-disc\" data-element_type=\"container\" data-e-type=\"container\">\n\t\t\t\t\t<div class=\"e-con-inner\">\n\t\t<div class=\"elementor-element elementor-element-iw-wacholder-disc-bw e-con-full e-flex e-con e-child\" data-id=\"iw-wacholder-disc-bw\" data-element_type=\"container\" data-e-type=\"container\">\n\t\t\t\t<div class=\"elementor-element elementor-element-iwgs-wacholder-discw elementor-widget elementor-widget-html\" data-id=\"iwgs-wacholder-discw\" data-element_type=\"widget\" data-e-type=\"widget\" data-widget_type=\"html.default\">\n\t\t\t\t\t<footer data-nosnippet=\"true\" class=\"iwg-disclaimer-block\"><p data-nosnippet=\"true\">iWell Guard er <strong>ekki l\u00e6kningat\u00e6ki<\/strong> og kemur ekki \u00ed sta\u00f0 l\u00e6knis- e\u00f0a s\u00e1lfr\u00e6\u00f0ime\u00f0fer\u00f0ar. Innihaldi\u00f0 sem h\u00e9r er sett fram er tr\u00faarbrag\u00f0afr\u00e6\u00f0ileg og menningars\u00f6gulega greining, ekki lofor\u00f0 um andlega virkni.<\/p><\/footer>\t\t\t\t<\/div>\n\t\t\t\t<\/div>\n\t\t\t\t\t<\/div>\n\t\t\t\t<\/div>\n\t\t\t\t<\/div>\n\t\t","protected":false},"excerpt":{"rendered":"","protected":false},"author":3,"featured_media":4137,"parent":0,"menu_order":0,"comment_status":"closed","ping_status":"closed","template":"elementor_header_footer","meta":{"_yoast_wpseo_focuskw":"brenna einir","_yoast_wpseo_title":"Einir - Reykelsi og verndun","_yoast_wpseo_metadesc":"A\u00f0 brenna einir: \u00fej\u00f3\u00f0leg hef\u00f0 um einireykelsi til hreinsunar \u00e1 h\u00fasum og fj\u00e1rh\u00fasum \u00e1 j\u00f3lan\u00f3ttunum.","_yoast_wpseo_meta-robots-noindex":"","_yoast_wpseo_canonical":"","_angie_page":false,"gefaehrdungsstufe":"","wesen_kultur":"","wesen_klasse":"","footnotes":""},"categories":[],"class_list":["post-169286","page","type-page","status-publish","has-post-thumbnail","hentry"],"yoast_head":"<!-- This site is optimized with the Yoast SEO Premium plugin v27.7 (Yoast SEO v28.3) - https:\/\/yoast.com\/product\/yoast-seo-premium-wordpress\/ -->\n<title>Einir - Reykelsi og verndun<\/title>\n<meta name=\"description\" content=\"A\u00f0 brenna einir: \u00fej\u00f3\u00f0leg hef\u00f0 um einireykelsi til hreinsunar \u00e1 h\u00fasum og fj\u00e1rh\u00fasum \u00e1 j\u00f3lan\u00f3ttunum.\" \/>\n<meta name=\"robots\" content=\"index, follow, max-snippet:-1, max-image-preview:large, max-video-preview:-1\" \/>\n<link rel=\"canonical\" href=\"https:\/\/iwell-guard.com\/is\/einir\/\" \/>\n<meta property=\"og:locale\" content=\"is_IS\" \/>\n<meta property=\"og:type\" content=\"article\" \/>\n<meta property=\"og:title\" content=\"Einir\" \/>\n<meta property=\"og:description\" content=\"A\u00f0 brenna einir: \u00fej\u00f3\u00f0leg hef\u00f0 um einireykelsi til hreinsunar \u00e1 h\u00fasum og fj\u00e1rh\u00fasum \u00e1 j\u00f3lan\u00f3ttunum.\" \/>\n<meta property=\"og:url\" content=\"https:\/\/iwell-guard.com\/is\/einir\/\" \/>\n<meta property=\"og:site_name\" content=\"iWell Guard\" \/>\n<meta property=\"article:modified_time\" content=\"2026-09-05T14:37:01+00:00\" \/>\n<meta property=\"og:image\" content=\"https:\/\/iwell-guard.com\/wp-content\/uploads\/2026\/05\/schutzsymbol_germanisch_wacholder.png\" \/>\n\t<meta property=\"og:image:width\" content=\"1024\" \/>\n\t<meta property=\"og:image:height\" content=\"1536\" \/>\n\t<meta property=\"og:image:type\" content=\"image\/png\" \/>\n<meta name=\"twitter:card\" content=\"summary_large_image\" \/>\n<script type=\"application\/ld+json\" class=\"yoast-schema-graph\">{\"@context\":\"https:\\\/\\\/schema.org\",\"@graph\":[{\"@type\":\"WebPage\",\"@id\":\"https:\\\/\\\/iwell-guard.com\\\/is\\\/einir\\\/\",\"url\":\"https:\\\/\\\/iwell-guard.com\\\/is\\\/einir\\\/\",\"name\":\"Einir - Reykelsi og verndun\",\"isPartOf\":{\"@id\":\"https:\\\/\\\/iwell-guard.com\\\/is\\\/#website\"},\"primaryImageOfPage\":{\"@id\":\"https:\\\/\\\/iwell-guard.com\\\/is\\\/einir\\\/#primaryimage\"},\"image\":{\"@id\":\"https:\\\/\\\/iwell-guard.com\\\/is\\\/einir\\\/#primaryimage\"},\"thumbnailUrl\":\"https:\\\/\\\/iwell-guard.com\\\/wp-content\\\/uploads\\\/2026\\\/05\\\/schutzsymbol_germanisch_wacholder.png\",\"datePublished\":\"2026-09-05T14:07:09+00:00\",\"dateModified\":\"2026-09-05T14:37:01+00:00\",\"description\":\"A\u00f0 brenna einir: \u00fej\u00f3\u00f0leg hef\u00f0 um einireykelsi til hreinsunar \u00e1 h\u00fasum og fj\u00e1rh\u00fasum \u00e1 j\u00f3lan\u00f3ttunum.\",\"breadcrumb\":{\"@id\":\"https:\\\/\\\/iwell-guard.com\\\/is\\\/einir\\\/#breadcrumb\"},\"inLanguage\":\"is\",\"potentialAction\":[{\"@type\":\"ReadAction\",\"target\":[\"https:\\\/\\\/iwell-guard.com\\\/is\\\/einir\\\/\"]}]},{\"@type\":\"ImageObject\",\"inLanguage\":\"is\",\"@id\":\"https:\\\/\\\/iwell-guard.com\\\/is\\\/einir\\\/#primaryimage\",\"url\":\"https:\\\/\\\/iwell-guard.com\\\/wp-content\\\/uploads\\\/2026\\\/05\\\/schutzsymbol_germanisch_wacholder.png\",\"contentUrl\":\"https:\\\/\\\/iwell-guard.com\\\/wp-content\\\/uploads\\\/2026\\\/05\\\/schutzsymbol_germanisch_wacholder.png\",\"width\":1024,\"height\":1536,\"caption\":\"J\u00e1rnjurt (verbena) \u2013 verndar- og helgisi\u00f0ajurt, s\u00f6gulega myndskreytt\"},{\"@type\":\"BreadcrumbList\",\"@id\":\"https:\\\/\\\/iwell-guard.com\\\/is\\\/einir\\\/#breadcrumb\",\"itemListElement\":[{\"@type\":\"ListItem\",\"position\":1,\"name\":\"Start\",\"item\":\"https:\\\/\\\/iwell-guard.com\\\/is\\\/?page_id=168580\"},{\"@type\":\"ListItem\",\"position\":2,\"name\":\"Einir\"}]},{\"@type\":\"WebSite\",\"@id\":\"https:\\\/\\\/iwell-guard.com\\\/is\\\/#website\",\"url\":\"https:\\\/\\\/iwell-guard.com\\\/is\\\/\",\"name\":\"iWell Guard\",\"description\":\"Schutz vor dunklen Einfl\u00fcssen\",\"publisher\":{\"@id\":\"https:\\\/\\\/iwell-guard.com\\\/is\\\/#organization\"},\"potentialAction\":[{\"@type\":\"SearchAction\",\"target\":{\"@type\":\"EntryPoint\",\"urlTemplate\":\"https:\\\/\\\/iwell-guard.com\\\/is\\\/?s={search_term_string}\"},\"query-input\":{\"@type\":\"PropertyValueSpecification\",\"valueRequired\":true,\"valueName\":\"search_term_string\"}}],\"inLanguage\":\"is\"},{\"@type\":\"Organization\",\"@id\":\"https:\\\/\\\/iwell-guard.com\\\/is\\\/#organization\",\"name\":\"Ittermann electronic GmbH\",\"url\":\"https:\\\/\\\/iwell-guard.com\\\/is\\\/\",\"logo\":{\"@type\":\"ImageObject\",\"inLanguage\":\"is\",\"@id\":\"https:\\\/\\\/iwell-guard.com\\\/is\\\/#\\\/schema\\\/logo\\\/image\\\/\",\"url\":\"https:\\\/\\\/iwell-guard.com\\\/wp-content\\\/uploads\\\/2026\\\/05\\\/Ittermann-Logo-1182x237-1.png\",\"contentUrl\":\"https:\\\/\\\/iwell-guard.com\\\/wp-content\\\/uploads\\\/2026\\\/05\\\/Ittermann-Logo-1182x237-1.png\",\"width\":1182,\"height\":237,\"caption\":\"Ittermann electronic GmbH\"},\"image\":{\"@id\":\"https:\\\/\\\/iwell-guard.com\\\/is\\\/#\\\/schema\\\/logo\\\/image\\\/\"},\"sameAs\":[\"https:\\\/\\\/pantip.com\\\/profile\\\/9367242\",\"https:\\\/\\\/micro.blog\\\/iwellguard\",\"https:\\\/\\\/www.diggerslist.com\\\/iwellguard\\\/about\",\"https:\\\/\\\/skitterphoto.com\\\/photographers\\\/2870314\\\/iwell-guard\",\"https:\\\/\\\/iwellguard.wordpress.com\\\/2026\\\/06\\\/06\\\/iwell-guard\\\/\",\"https:\\\/\\\/hub.docker.com\\\/u\\\/iwellguard\",\"https:\\\/\\\/www.pinterest.com\\\/iwellguard\\\/\",\"https:\\\/\\\/bit.ly\\\/m\\\/iwellguard\",\"https:\\\/\\\/entre-vos-mains.alsace.eu\\\/profiles\\\/iwellguard\\\/activity\",\"https:\\\/\\\/gravatar.com\\\/reallybeded8fd34\",\"https:\\\/\\\/naijamatta.com\\\/iwellguard\",\"https:\\\/\\\/www.goodreads.com\\\/iwellguard\",\"https:\\\/\\\/profile.hatena.ne.jp\\\/iwellguard\\\/\",\"https:\\\/\\\/experiment.com\\\/users\\\/iwellguard\",\"https:\\\/\\\/wakelet.com\\\/@iWellGuard82270\",\"https:\\\/\\\/www.chordie.com\\\/forum\\\/profile.php?id=2555664\",\"https:\\\/\\\/www.instapaper.com\\\/p\\\/17757966\",\"https:\\\/\\\/www.mapleprimes.com\\\/users\\\/iwellguard\",\"https:\\\/\\\/businesslistingplus.com\\\/profile\\\/iwell-guard\\\/\",\"https:\\\/\\\/telegra.ph\\\/iWell-Guard-06-06\",\"https:\\\/\\\/pbase.com\\\/iwellguard\\\/iwellguard\",\"https:\\\/\\\/b.hatena.ne.jp\\\/iwellguard\\\/20260607#bookmark-4788405196491818882\",\"https:\\\/\\\/fliphtml5.com\\\/home\\\/iwellguard\",\"https:\\\/\\\/anyflip.com\\\/homepage\\\/cmiwl#About\",\"https:\\\/\\\/transfur.com\\\/Users\\\/iwellguard\",\"http:\\\/\\\/delphi.larsbo.org\\\/user\\\/iwellguard\",\"https:\\\/\\\/jobs.lajobsportal.org\\\/profiles\\\/8380803-iwell-guard\",\"https:\\\/\\\/md.chaosdorf.de\\\/s\\\/jfbe5SBdJD\",\"https:\\\/\\\/www.lingvolive.com\\\/en-us\\\/profile\\\/9ecaeaca-ce11-4e51-9e71-01d55e2bff36\\\/translations\",\"https:\\\/\\\/www.fitday.com\\\/fitness\\\/forums\\\/members\\\/iwellguard.html\",\"https:\\\/\\\/www.mymeetbook.com\\\/iwellguard\",\"https:\\\/\\\/pxhere.com\\\/en\\\/photographer-me\\\/5040798\",\"https:\\\/\\\/disqus.com\\\/by\\\/iwellguard\\\/about\\\/\",\"https:\\\/\\\/pastelink.net\\\/hjwciqwq\",\"https:\\\/\\\/pubhtml5.com\\\/homepage\\\/scjhn\\\/\",\"https:\\\/\\\/www.bitchute.com\\\/channel\\\/2O2eOKzNqujT\",\"https:\\\/\\\/audiomack.com\\\/iwellguard\"]}]}<\/script>\n<!-- \/ Yoast SEO Premium plugin. -->","yoast_head_json":{"title":"Einir - Reykelsi og verndun","description":"A\u00f0 brenna einir: \u00fej\u00f3\u00f0leg hef\u00f0 um einireykelsi til hreinsunar \u00e1 h\u00fasum og fj\u00e1rh\u00fasum \u00e1 j\u00f3lan\u00f3ttunum.","robots":{"index":"index","follow":"follow","max-snippet":"max-snippet:-1","max-image-preview":"max-image-preview:large","max-video-preview":"max-video-preview:-1"},"canonical":"https:\/\/iwell-guard.com\/is\/einir\/","og_locale":"is_IS","og_type":"article","og_title":"Einir","og_description":"A\u00f0 brenna einir: \u00fej\u00f3\u00f0leg hef\u00f0 um einireykelsi til hreinsunar \u00e1 h\u00fasum og fj\u00e1rh\u00fasum \u00e1 j\u00f3lan\u00f3ttunum.","og_url":"https:\/\/iwell-guard.com\/is\/einir\/","og_site_name":"iWell Guard","article_modified_time":"2026-09-05T14:37:01+00:00","og_image":[{"width":1024,"height":1536,"url":"https:\/\/iwell-guard.com\/wp-content\/uploads\/2026\/05\/schutzsymbol_germanisch_wacholder.png","type":"image\/png"}],"twitter_card":"summary_large_image","schema":{"@context":"https:\/\/schema.org","@graph":[{"@type":"WebPage","@id":"https:\/\/iwell-guard.com\/is\/einir\/","url":"https:\/\/iwell-guard.com\/is\/einir\/","name":"Einir - Reykelsi og verndun","isPartOf":{"@id":"https:\/\/iwell-guard.com\/is\/#website"},"primaryImageOfPage":{"@id":"https:\/\/iwell-guard.com\/is\/einir\/#primaryimage"},"image":{"@id":"https:\/\/iwell-guard.com\/is\/einir\/#primaryimage"},"thumbnailUrl":"https:\/\/iwell-guard.com\/wp-content\/uploads\/2026\/05\/schutzsymbol_germanisch_wacholder.png","datePublished":"2026-09-05T14:07:09+00:00","dateModified":"2026-09-05T14:37:01+00:00","description":"A\u00f0 brenna einir: \u00fej\u00f3\u00f0leg hef\u00f0 um einireykelsi til hreinsunar \u00e1 h\u00fasum og fj\u00e1rh\u00fasum \u00e1 j\u00f3lan\u00f3ttunum.","breadcrumb":{"@id":"https:\/\/iwell-guard.com\/is\/einir\/#breadcrumb"},"inLanguage":"is","potentialAction":[{"@type":"ReadAction","target":["https:\/\/iwell-guard.com\/is\/einir\/"]}]},{"@type":"ImageObject","inLanguage":"is","@id":"https:\/\/iwell-guard.com\/is\/einir\/#primaryimage","url":"https:\/\/iwell-guard.com\/wp-content\/uploads\/2026\/05\/schutzsymbol_germanisch_wacholder.png","contentUrl":"https:\/\/iwell-guard.com\/wp-content\/uploads\/2026\/05\/schutzsymbol_germanisch_wacholder.png","width":1024,"height":1536,"caption":"J\u00e1rnjurt (verbena) \u2013 verndar- og helgisi\u00f0ajurt, s\u00f6gulega myndskreytt"},{"@type":"BreadcrumbList","@id":"https:\/\/iwell-guard.com\/is\/einir\/#breadcrumb","itemListElement":[{"@type":"ListItem","position":1,"name":"Start","item":"https:\/\/iwell-guard.com\/is\/?page_id=168580"},{"@type":"ListItem","position":2,"name":"Einir"}]},{"@type":"WebSite","@id":"https:\/\/iwell-guard.com\/is\/#website","url":"https:\/\/iwell-guard.com\/is\/","name":"iWell Guard","description":"Schutz vor dunklen Einfl\u00fcssen","publisher":{"@id":"https:\/\/iwell-guard.com\/is\/#organization"},"potentialAction":[{"@type":"SearchAction","target":{"@type":"EntryPoint","urlTemplate":"https:\/\/iwell-guard.com\/is\/?s={search_term_string}"},"query-input":{"@type":"PropertyValueSpecification","valueRequired":true,"valueName":"search_term_string"}}],"inLanguage":"is"},{"@type":"Organization","@id":"https:\/\/iwell-guard.com\/is\/#organization","name":"Ittermann electronic GmbH","url":"https:\/\/iwell-guard.com\/is\/","logo":{"@type":"ImageObject","inLanguage":"is","@id":"https:\/\/iwell-guard.com\/is\/#\/schema\/logo\/image\/","url":"https:\/\/iwell-guard.com\/wp-content\/uploads\/2026\/05\/Ittermann-Logo-1182x237-1.png","contentUrl":"https:\/\/iwell-guard.com\/wp-content\/uploads\/2026\/05\/Ittermann-Logo-1182x237-1.png","width":1182,"height":237,"caption":"Ittermann electronic GmbH"},"image":{"@id":"https:\/\/iwell-guard.com\/is\/#\/schema\/logo\/image\/"},"sameAs":["https:\/\/pantip.com\/profile\/9367242","https:\/\/micro.blog\/iwellguard","https:\/\/www.diggerslist.com\/iwellguard\/about","https:\/\/skitterphoto.com\/photographers\/2870314\/iwell-guard","https:\/\/iwellguard.wordpress.com\/2026\/06\/06\/iwell-guard\/","https:\/\/hub.docker.com\/u\/iwellguard","https:\/\/www.pinterest.com\/iwellguard\/","https:\/\/bit.ly\/m\/iwellguard","https:\/\/entre-vos-mains.alsace.eu\/profiles\/iwellguard\/activity","https:\/\/gravatar.com\/reallybeded8fd34","https:\/\/naijamatta.com\/iwellguard","https:\/\/www.goodreads.com\/iwellguard","https:\/\/profile.hatena.ne.jp\/iwellguard\/","https:\/\/experiment.com\/users\/iwellguard","https:\/\/wakelet.com\/@iWellGuard82270","https:\/\/www.chordie.com\/forum\/profile.php?id=2555664","https:\/\/www.instapaper.com\/p\/17757966","https:\/\/www.mapleprimes.com\/users\/iwellguard","https:\/\/businesslistingplus.com\/profile\/iwell-guard\/","https:\/\/telegra.ph\/iWell-Guard-06-06","https:\/\/pbase.com\/iwellguard\/iwellguard","https:\/\/b.hatena.ne.jp\/iwellguard\/20260607#bookmark-4788405196491818882","https:\/\/fliphtml5.com\/home\/iwellguard","https:\/\/anyflip.com\/homepage\/cmiwl#About","https:\/\/transfur.com\/Users\/iwellguard","http:\/\/delphi.larsbo.org\/user\/iwellguard","https:\/\/jobs.lajobsportal.org\/profiles\/8380803-iwell-guard","https:\/\/md.chaosdorf.de\/s\/jfbe5SBdJD","https:\/\/www.lingvolive.com\/en-us\/profile\/9ecaeaca-ce11-4e51-9e71-01d55e2bff36\/translations","https:\/\/www.fitday.com\/fitness\/forums\/members\/iwellguard.html","https:\/\/www.mymeetbook.com\/iwellguard","https:\/\/pxhere.com\/en\/photographer-me\/5040798","https:\/\/disqus.com\/by\/iwellguard\/about\/","https:\/\/pastelink.net\/hjwciqwq","https:\/\/pubhtml5.com\/homepage\/scjhn\/","https:\/\/www.bitchute.com\/channel\/2O2eOKzNqujT","https:\/\/audiomack.com\/iwellguard"]}]}},"_links":{"self":[{"href":"https:\/\/iwell-guard.com\/is\/wp-json\/wp\/v2\/pages\/169286","targetHints":{"allow":["GET"]}}],"collection":[{"href":"https:\/\/iwell-guard.com\/is\/wp-json\/wp\/v2\/pages"}],"about":[{"href":"https:\/\/iwell-guard.com\/is\/wp-json\/wp\/v2\/types\/page"}],"author":[{"embeddable":true,"href":"https:\/\/iwell-guard.com\/is\/wp-json\/wp\/v2\/users\/3"}],"replies":[{"embeddable":true,"href":"https:\/\/iwell-guard.com\/is\/wp-json\/wp\/v2\/comments?post=169286"}],"version-history":[{"count":0,"href":"https:\/\/iwell-guard.com\/is\/wp-json\/wp\/v2\/pages\/169286\/revisions"}],"wp:featuredmedia":[{"embeddable":true,"href":"https:\/\/iwell-guard.com\/is\/wp-json\/wp\/v2\/media\/4137"}],"wp:attachment":[{"href":"https:\/\/iwell-guard.com\/is\/wp-json\/wp\/v2\/media?parent=169286"}],"wp:term":[{"taxonomy":"category","embeddable":true,"href":"https:\/\/iwell-guard.com\/is\/wp-json\/wp\/v2\/categories?post=169286"}],"curies":[{"name":"wp","href":"https:\/\/api.w.org\/{rel}","templated":true}]}}