{"id":169282,"date":"2026-09-05T14:07:06","date_gmt":"2026-09-05T14:07:06","guid":{"rendered":"https:\/\/iwell-guard.com\/?page_id=169282"},"modified":"2026-09-05T14:36:55","modified_gmt":"2026-09-05T14:36:55","slug":"verndarathafnir-og-akall","status":"publish","type":"page","link":"https:\/\/iwell-guard.com\/is\/verndarathafnir-og-akall\/","title":{"rendered":"Verndarathafnir og \u00e1kall"},"content":{"rendered":"\t\t<div data-elementor-type=\"wp-page\" data-elementor-id=\"169282\" class=\"elementor elementor-169282 elementor-3791 elementor-bc-flex-widget\" data-elementor-post-type=\"page\">\n\t\t\t\t<div class=\"elementor-element elementor-element-iwgs-schutzrituale-hero e-flex e-con-boxed e-con e-parent\" data-id=\"iwgs-schutzrituale-hero\" data-element_type=\"container\" data-e-type=\"container\">\n\t\t\t\t\t<div class=\"e-con-inner\">\n\t\t<div class=\"elementor-element elementor-element-iw-schutzrituale-hero-left e-con-full e-flex e-con e-child\" data-id=\"iw-schutzrituale-hero-left\" data-element_type=\"container\" data-e-type=\"container\">\n\t\t\t\t<div class=\"elementor-element elementor-element-iwgs-schutzrituale-h1 elementor-widget elementor-widget-heading\" data-id=\"iwgs-schutzrituale-h1\" data-element_type=\"widget\" data-e-type=\"widget\" data-widget_type=\"heading.default\">\n\t\t\t\t\t<h1 class=\"elementor-heading-title elementor-size-default\">Verndarathafnir og \u00e1kall<\/h1>\t\t\t\t<\/div>\n\t\t<div class=\"elementor-element elementor-element-iw-schutzrituale-hero-bw e-con-full e-flex e-con e-child\" data-id=\"iw-schutzrituale-hero-bw\" data-element_type=\"container\" data-e-type=\"container\">\n\t\t\t\t<div class=\"elementor-element elementor-element-iwgs-schutzrituale-pills elementor-widget elementor-widget-html\" data-id=\"iwgs-schutzrituale-pills\" data-element_type=\"widget\" data-e-type=\"widget\" data-widget_type=\"html.default\">\n\t\t\t\t\t<div class=\"iwg-pill-row\"><span class=\"iwg-klasse-badge\" tabindex=\"0\" data-tooltip=\"Tegund verndargripsins.\">Tegund verndargrips<\/span><a href=\"https:\/\/iwell-guard.com\/is\/?page_id=169276\" class=\"iwg-kultur-badge\" tabindex=\"0\" data-tooltip=\"Til yfirlits.\">Verndarkomp\u00e1s<\/a><\/div>\t\t\t\t<\/div>\n\t\t\t\t<div class=\"elementor-element elementor-element-iwgs-schutzrituale-lead elementor-widget elementor-widget-text-editor\" data-id=\"iwgs-schutzrituale-lead\" data-element_type=\"widget\" data-e-type=\"widget\" data-widget_type=\"text-editor.default\">\n\t\t\t\t\t\t\t\t\t<p>Me\u00f0 verndarath\u00f6fnum og \u00e1kalli \u00e1 <span class=\"iwg-fachbegriff\" data-tooltip=\"Fr\u00e6\u00f0igrein sem rannsakar hversdagsmenningu, si\u00f0i og hef\u00f0bundnar hugmyndir.\" tabindex=\"0\">\u00fej\u00f3\u00f0fr\u00e6\u00f0i<\/span> vi\u00f0 h\u00f3p a\u00f0fer\u00f0a sem byggjast ekki \u00e1 \u00e1\u00fereifanlegum hlut, heldur \u00e1 ath\u00f6fn, or\u00f0i e\u00f0a l\u00e1tbrag\u00f0i.<\/p><p>\u00d3l\u00edkt <span class=\"iwg-fachbegriff\" data-tooltip=\"Hlutur sem borinn er \u00e1 s\u00e9r og er eignu\u00f0 verndandi, \u00f3g\u00e6fuafst\u00fdrandi virkni.\" tabindex=\"0\">verndargrip<\/span> sem er borinn, e\u00f0a saltl\u00ednu sem er l\u00f6g\u00f0 ni\u00f0ur, birtist verkun verndarathafnar \u00ed framkv\u00e6mdinni sj\u00e1lfri: \u00ed m\u00e6ltri form\u00falu, \u00ed dreginni hringl\u00ednu, \u00ed b\u00e6n sem er beint til verndarv\u00e6ttar. Ath\u00f6fnin sj\u00e1lf telst \u00ed \u00feessum hef\u00f0um vera hinn virkni kjarni, ekki hlutur sem er var\u00f0veittur eftir \u00e1.<\/p>\n<p>\u00deessi tegund verndarmi\u00f0la er sta\u00f0fest \u00ed \u00f6llum skjalfestum menningarheimum. Fr\u00e1 galdra\u00feulum bab\u00fdlonskra fleygr\u00fanat\u00f6flum yfir germanska Merseburg-galdra\u00feulur til verndarb\u00e6na \u00ed kristnum h\u00fashaldsb\u00f3kum liggur samfelldur \u00fer\u00e1\u00f0ur: f\u00f3lk sneri s\u00e9r me\u00f0 or\u00f0i og l\u00e1tbrag\u00f0i gegn \u00fev\u00ed sem \u00fea\u00f0 skynja\u00f0i sem \u00f3gn. Form og innihald eru mj\u00f6g mismunandi en grundvallarreglan er s\u00fa sama.<\/p>\t\t\t\t\t\t\t\t<\/div>\n\t\t\t\t<\/div>\n\t\t\t\t<\/div>\n\t\t<div class=\"elementor-element elementor-element-iw-schutzrituale-hero-img e-con-full e-flex e-con e-child\" data-id=\"iw-schutzrituale-hero-img\" data-element_type=\"container\" data-e-type=\"container\">\n\t\t\t\t<div class=\"elementor-element elementor-element-iwgs-schutzrituale-himg iwg-hero-image elementor-widget elementor-widget-image\" data-id=\"iwgs-schutzrituale-himg\" data-element_type=\"widget\" data-e-type=\"widget\" data-widget_type=\"image.default\">\n\t\t\t\t\t\t\t\t\t\t\t\t\t\t\t<img fetchpriority=\"high\" decoding=\"async\" width=\"683\" height=\"1024\" src=\"https:\/\/iwell-guard.com\/wp-content\/uploads\/2026\/05\/schutzsymbol_universell_schutzrituale-683x1024.png\" class=\"attachment-large size-large wp-image-170438\" alt=\"Vernarathir og \u00e1kall \u2013 t\u00e1knr\u00e6n myndskreyting me\u00f0 kertum og verndarhring\" srcset=\"https:\/\/iwell-guard.com\/wp-content\/uploads\/2026\/05\/schutzsymbol_universell_schutzrituale-683x1024.png 683w, https:\/\/iwell-guard.com\/wp-content\/uploads\/2026\/05\/schutzsymbol_universell_schutzrituale-200x300.png 200w, https:\/\/iwell-guard.com\/wp-content\/uploads\/2026\/05\/schutzsymbol_universell_schutzrituale-768x1152.png 768w, https:\/\/iwell-guard.com\/wp-content\/uploads\/2026\/05\/schutzsymbol_universell_schutzrituale.png 1024w\" sizes=\"(max-width: 683px) 100vw, 683px\" \/>\t\t\t\t\t\t\t\t\t\t\t\t\t\t\t<\/div>\n\t\t\t\t<\/div>\n\t\t\t\t\t<\/div>\n\t\t\t\t<\/div>\n\t\t<div class=\"elementor-element elementor-element-iwgs-schutzrituale-s0 e-flex e-con-boxed e-con e-parent\" data-id=\"iwgs-schutzrituale-s0\" data-element_type=\"container\" data-e-type=\"container\">\n\t\t\t\t\t<div class=\"e-con-inner\">\n\t\t\t\t<div class=\"elementor-element elementor-element-iwgs-schutzrituale-s0h elementor-widget elementor-widget-heading\" data-id=\"iwgs-schutzrituale-s0h\" data-element_type=\"widget\" data-e-type=\"widget\" data-widget_type=\"heading.default\">\n\t\t\t\t\t<h2 class=\"elementor-heading-title elementor-size-default\">Sameiginleg einkenni og verkunarreglur<\/h2>\t\t\t\t<\/div>\n\t\t<div class=\"elementor-element elementor-element-iw-schutzrituale-s0-bw e-con-full e-flex e-con e-child\" data-id=\"iw-schutzrituale-s0-bw\" data-element_type=\"container\" data-e-type=\"container\">\n\t\t\t\t<div class=\"elementor-element elementor-element-iwgs-schutzrituale-s0t elementor-widget elementor-widget-text-editor\" data-id=\"iwgs-schutzrituale-s0t\" data-element_type=\"widget\" data-e-type=\"widget\" data-widget_type=\"text-editor.default\">\n\t\t\t\t\t\t\t\t\t<p>\u00dea\u00f0 sem tengir hinar \u00fdmsu verndarathafnir er hef\u00f0arl\u00f6gm\u00e1li\u00f0 \u00e1 bak vi\u00f0 \u00fe\u00e6r: virkni er talin bundin \u00e1kve\u00f0num skilyr\u00f0um, nefnilega r\u00e9ttu formi framkv\u00e6mdarins, valdi \u00feess sem talar e\u00f0a tengingu vi\u00f0 h\u00e6rra vald.<\/p><p>Bansseg\u00f0 sem er kve\u00f0in upp \u00e1 rangan h\u00e1tt telst \u00ed flestum hef\u00f0um vera \u00e1hrifalaus e\u00f0a beinast gegn \u00feeim sem talar. Form\u00falan \u00fearf a\u00f0 vera r\u00e9tt, \u00e1setningurinn \u00fearf a\u00f0 vera sk\u00fdr, og oft \u00fearf \u00e6\u00f0ra vald, hvort sem \u00fea\u00f0 er gu\u00f0snafn, engilvera e\u00f0a forfe\u00f0ravald, a\u00f0 vera beinl\u00ednis kalla\u00f0 til.<\/p>\n<p>Anna\u00f0 sameiginlegt einkenni er greinarmunurinn \u00e1 v\u00f6rn og <span class=\"iwg-fachbegriff\" data-tooltip=\"\u00c1kallandi e\u00f0a galdrandi \u00e1varp til gu\u00f0s e\u00f0a valds.\" tabindex=\"0\">\u00e1kalli<\/span>. V\u00f6rnarathafnir beinast beint gegn v\u00e6ttri e\u00f0a m\u00e6tti sem talinn er fjandsamlegur: \u00feeim er \u00e6tla\u00f0 a\u00f0 reka burt, binda e\u00f0a halda fjarri.<\/p><p>\u00c1kall sn\u00fdr s\u00e9r aftur \u00e1 m\u00f3ti a\u00f0 verndandi v\u00e6tti og bi\u00f0ur um a\u00f0sto\u00f0. \u00cd framkv\u00e6md renna \u00feessar tv\u00e6r tegundir oft saman, \u00fev\u00ed margar form\u00falur b\u00e6\u00f0i kalla fram verndarv\u00e6tt og hafna ska\u00f0legu svi\u00f0i samt\u00edmis.<\/p>\t\t\t\t\t\t\t\t<\/div>\n\t\t\t\t<\/div>\n\t\t\t\t\t<\/div>\n\t\t\t\t<\/div>\n\t\t<div class=\"elementor-element elementor-element-iwgs-schutzrituale-s1 e-flex e-con-boxed e-con e-parent\" data-id=\"iwgs-schutzrituale-s1\" data-element_type=\"container\" data-e-type=\"container\">\n\t\t\t\t\t<div class=\"e-con-inner\">\n\t\t\t\t<div class=\"elementor-element elementor-element-iwgs-schutzrituale-s1h elementor-widget elementor-widget-heading\" data-id=\"iwgs-schutzrituale-s1h\" data-element_type=\"widget\" data-e-type=\"widget\" data-widget_type=\"heading.default\">\n\t\t\t\t\t<h2 class=\"elementor-heading-title elementor-size-default\">Yfirlit \u00fevert \u00e1 menningarheima<\/h2>\t\t\t\t<\/div>\n\t\t<div class=\"elementor-element elementor-element-iw-schutzrituale-s1-bw e-con-full e-flex e-con e-child\" data-id=\"iw-schutzrituale-s1-bw\" data-element_type=\"container\" data-e-type=\"container\">\n\t\t\t\t<div class=\"elementor-element elementor-element-iwgs-schutzrituale-s1t elementor-widget elementor-widget-text-editor\" data-id=\"iwgs-schutzrituale-s1t\" data-element_type=\"widget\" data-e-type=\"widget\" data-widget_type=\"text-editor.default\">\n\t\t\t\t\t\t\t\t\t<p>Fimm undirs\u00ed\u00f0ur \u00feessa flokks n\u00e1 yfir helstu birtingarmyndir sem <span class=\"iwg-fachbegriff\" data-tooltip=\"Mi\u00f0lun \u00feekkingar og fr\u00e1sagna milli kynsl\u00f3\u00f0a.\" tabindex=\"0\">munnm\u00e6li<\/span> og <span class=\"iwg-fachbegriff\" data-tooltip=\"Fr\u00e6\u00f0igrein sem rannsakar hversdagsmenningu, si\u00f0i og hef\u00f0bundnar hugmyndir.\" tabindex=\"0\">\u00fej\u00f3\u00f0fr\u00e6\u00f0i<\/span> greina \u00ed sundur.<\/p>\n<p><a href=\"https:\/\/iwell-guard.com\/is\/?page_id=169249\">Verndarhringurinn<\/a> er ein elsta og \u00fatbreiddasta tegund helgisi\u00f0abundinnar verndar. \u00cd <span class=\"iwg-fachbegriff\" data-tooltip=\"Mi\u00f0lun \u00feekkingar og fr\u00e1sagna milli kynsl\u00f3\u00f0a.\" tabindex=\"0\">munnm\u00e6lum<\/span> er dreginn e\u00f0a marka\u00f0ur hringur talinn m\u00f6rk sem ska\u00f0legar verur geti ekki fari\u00f0 yfir. Fr\u00e1 gr\u00edskum verndarath\u00f6fnum yfir \u00ed \u00edslamska i\u00f0kun og allt til n\u00fat\u00edma evr\u00f3pskra <span class=\"iwg-fachbegriff\" data-tooltip=\"I\u00f0kun sem reynir a\u00f0 hafa \u00e1hrif \u00e1 gang m\u00e1la me\u00f0 s\u00e9rst\u00f6kum ath\u00f6fnum e\u00f0a form\u00falum.\" tabindex=\"0\">galdra<\/span> birtist hringurinn sem afmarka\u00f0, helga\u00f0 r\u00fdmi.<\/p>\n<p><a href=\"https:\/\/iwell-guard.com\/is\/?page_id=169261\">Bannform\u00e1linn<\/a> stendur fyrir flokk tala\u00f0ra e\u00f0a skrifa\u00f0ra form\u00fala sem eiga a\u00f0 binda, v\u00edsa \u00e1 brott e\u00f0a hindra veru \u00ed ath\u00f6fn sinni. <span class=\"iwg-fachbegriff\" data-tooltip=\"Mi\u00f0lun \u00feekkingar og fr\u00e1sagna milli kynsl\u00f3\u00f0a.\" tabindex=\"0\">Munnm\u00e6lin<\/span> \u00feekkja bannform\u00falur gegn dj\u00f6flum, \u00f6ndum, illu auga og sj\u00fakd\u00f3ms\u00f6ndum. Form og bygging \u00feessara form\u00falna fylgja \u00ed m\u00f6rgum menningarheimum s\u00f6mu m\u00e6lskufr\u00e6\u00f0ilegu mynstrum: nafngift, skipun, valdheimild.<\/p>\n<p><a href=\"https:\/\/iwell-guard.com\/is\/?page_id=169263\">\u00c1lestur<\/a> er i\u00f0kun sem er s\u00e9rstaklega vel skjalfest \u00e1 \u00fe\u00fdskum\u00e6landi sv\u00e6\u00f0um, \u00fear sem hef\u00f0bundnar form\u00falur eru fluttar til a\u00f0 afst\u00fdra \u00e1hrifum \u00e1 manneskju e\u00f0a d\u00fdr. Hann er fr\u00e1brug\u00f0inn bannform\u00e1lanum a\u00f0 \u00fev\u00ed leyti a\u00f0 hann mi\u00f0ar oftar a\u00f0 l\u00e6kningu en einfaldri brottrekstri, og a\u00f0 hann er hef\u00f0bundi\u00f0 bundinn vi\u00f0 \u00e1kve\u00f0na einstaklinga sem taldir eru h\u00e6fir til i\u00f0kunarinnar.<\/p>\n<p>S\u00ed\u00f0an <a href=\"https:\/\/iwell-guard.com\/is\/?page_id=169277\">\u00c1kalla verndarengil<\/a> fjallar um <span class=\"iwg-fachbegriff\" data-tooltip=\"B\u00e6narleg e\u00f0a s\u00e6ringarleg \u00e1varpsath\u00f6fn gagnvart gu\u00f0d\u00f3mi e\u00f0a m\u00e6tti.\" tabindex=\"0\">\u00e1kall<\/span> til verndandi andavera, sem er \u00feekkt \u00ed munnm\u00e6lum um allan heim. Hvort sem um er a\u00f0 r\u00e6\u00f0a kristinn <span class=\"iwg-fachbegriff\" data-tooltip=\"Engill sem talinn er veita einst\u00f6kum manni vernd.\" tabindex=\"0\">verndarengil<\/span>, islamskan verndarengil, hind\u00fa\u00edskan Ishta-Devata e\u00f0a verndaranda \u00ed frumbyggjahef\u00f0um, \u00fe\u00e1 er hugmyndin um a\u00f0 bi\u00f0ja voldugri veru um li\u00f0sinni n\u00e1nast algild.<\/p>\n<p><a href=\"https:\/\/iwell-guard.com\/is\/?page_id=169266\">H\u00fasvernd<\/a> n\u00e6r loks yfir helgisi\u00f0i sem taka ekki manneskju heldur sta\u00f0, hur\u00f0, \u00fer\u00f6skuld, arin e\u00f0a byggingu undir vernd s\u00edna. \u00deessi i\u00f0kun tengir oft framkv\u00e6md helgisi\u00f0arins vi\u00f0 a\u00f0 koma fyrir efnislegum verndargripum og myndar \u00feannig br\u00fa yfir \u00ed flokk verndargripa og verndart\u00e1kna.<\/p>\t\t\t\t\t\t\t\t<\/div>\n\t\t\t\t<\/div>\n\t\t\t\t\t<\/div>\n\t\t\t\t<\/div>\n\t\t<div class=\"elementor-element elementor-element-iwgs-schutzrituale-s2 e-flex e-con-boxed e-con e-parent\" data-id=\"iwgs-schutzrituale-s2\" data-element_type=\"container\" data-e-type=\"container\">\n\t\t\t\t\t<div class=\"e-con-inner\">\n\t\t\t\t<div class=\"elementor-element elementor-element-iwgs-schutzrituale-s2h elementor-widget elementor-widget-heading\" data-id=\"iwgs-schutzrituale-s2h\" data-element_type=\"widget\" data-e-type=\"widget\" data-widget_type=\"heading.default\">\n\t\t\t\t\t<h2 class=\"elementor-heading-title elementor-size-default\">Notkun og takmarkanir<\/h2>\t\t\t\t<\/div>\n\t\t<div class=\"elementor-element elementor-element-iw-schutzrituale-s2-bw e-con-full e-flex e-con e-child\" data-id=\"iw-schutzrituale-s2-bw\" data-element_type=\"container\" data-e-type=\"container\">\n\t\t\t\t<div class=\"elementor-element elementor-element-iwgs-schutzrituale-s2t elementor-widget elementor-widget-text-editor\" data-id=\"iwgs-schutzrituale-s2t\" data-element_type=\"widget\" data-e-type=\"widget\" data-widget_type=\"text-editor.default\">\n\t\t\t\t\t\t\t\t\t<p>\u00cd \u00f6llum hef\u00f0um sem var\u00f0veita verndarathafnir m\u00e1 einnig finna vitund um takmarkanir \u00feeirra. Form\u00falur sem hafa ekki var\u00f0veist \u00ed heild sinni telja glata\u00f0ar og \u00fear me\u00f0 \u00e1hrifalausar. \u00c1kall sem er m\u00e6lt \u00e1n innri vi\u00f0horfs \u00e1 \u00ed m\u00f6rgum hef\u00f0um ekki a\u00f0 heyrast. Verndarhringurinn brestur ef hann er opna\u00f0ur \u00e1\u00f0ur en framkv\u00e6md er loki\u00f0.<\/p>\n<p>\u00deessar hef\u00f0bundnu takmarkanir s\u00fdna gl\u00f6gglega a\u00f0 verndarathafnir voru aldrei hugsa\u00f0ar sem v\u00e9lr\u00e6n t\u00e6kni, heldur sem samskiptager\u00f0 innan vefs tengsla: milli manns og verndarv\u00e6ttar, milli samf\u00e9lags og hef\u00f0bundinnar i\u00f0kunar, milli \u00feess sem framkv\u00e6mir ath\u00f6fnina og uppsprettu valdsins sem hann v\u00edsar til.<\/p><p>\u00deessi skilningur sk\u00fdrir einnig hvers vegna \u00fe\u00e6r eru byggingarlega svo l\u00edkar \u00ed menningarheimum sem eru mj\u00f6g \u00f3l\u00edkir \u00ed efni, tungum\u00e1li og tr\u00faarbr\u00f6g\u00f0um.<\/p>\t\t\t\t\t\t\t\t<\/div>\n\t\t\t\t<\/div>\n\t\t\t\t\t<\/div>\n\t\t\t\t<\/div>\n\t\t<div class=\"elementor-element elementor-element-iwgs-schutzrituale-s3 e-flex e-con-boxed e-con e-parent\" data-id=\"iwgs-schutzrituale-s3\" data-element_type=\"container\" data-e-type=\"container\">\n\t\t\t\t\t<div class=\"e-con-inner\">\n\t\t\t\t<div class=\"elementor-element elementor-element-iwgs-schutzrituale-s3h elementor-widget elementor-widget-heading\" data-id=\"iwgs-schutzrituale-s3h\" data-element_type=\"widget\" data-e-type=\"widget\" data-widget_type=\"heading.default\">\n\t\t\t\t\t<h2 class=\"elementor-heading-title elementor-size-default\">\u00cd Verndarkomp\u00e1snum<\/h2>\t\t\t\t<\/div>\n\t\t<div class=\"elementor-element elementor-element-iw-schutzrituale-s3-bw e-con-full e-flex e-con e-child\" data-id=\"iw-schutzrituale-s3-bw\" data-element_type=\"container\" data-e-type=\"container\">\n\t\t\t\t<div class=\"elementor-element elementor-element-iwgs-schutzrituale-s3t elementor-widget elementor-widget-text-editor\" data-id=\"iwgs-schutzrituale-s3t\" data-element_type=\"widget\" data-e-type=\"widget\" data-widget_type=\"text-editor.default\">\n\t\t\t\t\t\t\t\t\t<p>Verndarathafnirnar sem eru sameina\u00f0ar \u00ed \u00feessum flokki eru tengdar \u00ed <a href=\"https:\/\/iwell-guard.com\/is\/?page_id=169276\">Verndarkomp\u00e1snum<\/a> vi\u00f0 verurnar sem \u00feeim er, samkv\u00e6mt <span class=\"iwg-fachbegriff\" data-tooltip=\"Yfirf\u00e6rsla \u00feekkingar og fr\u00e1sagna milli kynsl\u00f3\u00f0a.\" tabindex=\"0\">munnm\u00e6lum<\/span>, beitt gegn. S\u00e1 sem leitar a\u00f0 vi\u00f0eigandi ath\u00f6fnum gegn \u00e1kve\u00f0num <span class=\"iwg-fachbegriff\" data-tooltip=\"Andleg vera sem s\u00f6g\u00f0 er hafa ska\u00f0leg e\u00f0a tv\u00edbent \u00e1hrif.\" tabindex=\"0\">dj\u00f6fli<\/span>, <span class=\"iwg-fachbegriff\" data-tooltip=\"L\u00edkamslaus vera sem s\u00f6g\u00f0 er hafa \u00e1hrif \u00ed heiminum.\" tabindex=\"0\">anda<\/span> e\u00f0a veru finnur \u00fear vi\u00f0eigandi tengingar beint \u00e1 f\u00e6rslu hverrar veru.<\/p>\t\t\t\t\t\t\t\t<\/div>\n\t\t\t\t<\/div>\n\t\t\t\t\t<\/div>\n\t\t\t\t<\/div>\n\t\t<div class=\"elementor-element elementor-element-iwgs-schutzrituale-lit e-flex e-con-boxed e-con e-parent\" data-id=\"iwgs-schutzrituale-lit\" data-element_type=\"container\" data-e-type=\"container\">\n\t\t\t\t\t<div class=\"e-con-inner\">\n\t\t\t\t<div class=\"elementor-element elementor-element-iwgs-schutzrituale-lith elementor-widget elementor-widget-heading\" data-id=\"iwgs-schutzrituale-lith\" data-element_type=\"widget\" data-e-type=\"widget\" data-widget_type=\"heading.default\">\n\t\t\t\t\t<h2 class=\"elementor-heading-title elementor-size-default\">Heimildir (\u00farval)<\/h2>\t\t\t\t<\/div>\n\t\t<div class=\"elementor-element elementor-element-iw-schutzrituale-lit-bw e-con-full e-flex e-con e-child\" data-id=\"iw-schutzrituale-lit-bw\" data-element_type=\"container\" data-e-type=\"container\">\n\t\t\t\t<div class=\"elementor-element elementor-element-iwgs-schutzrituale-litt elementor-widget elementor-widget-html\" data-id=\"iwgs-schutzrituale-litt\" data-element_type=\"widget\" data-e-type=\"widget\" data-widget_type=\"html.default\">\n\t\t\t\t\t<footer data-nosnippet=\"true\"><ul><li>Handw\u00f6rterbuch des deutschen Aberglaubens, hrsg. von Hanns B\u00e4chtold-St\u00e4ubli, Berlin\/Leipzig 1927-1942.<\/li><li>Keith Thomas: Religion and the Decline of Magic, London 1971.<\/li><li>Richard Kieckhefer: Magic in the Middle Ages, Cambridge 1989.<\/li><li>Manfred Lurker: W\u00f6rterbuch der Symbolik, Stuttgart 1988.<\/li><li>Hans-Werner Goetz: Prosopographie der mittelalterlichen Hagiographie (zu Schutzgebeten und Anrufungen).<\/li><li>Franz Dornseiff: Das Alphabet in Mystik und Magie, Leipzig\/Berlin 1925 (zu Formeln und Bannspr\u00fcchen).<\/li><\/ul><\/footer>\t\t\t\t<\/div>\n\t\t\t\t<\/div>\n\t\t\t\t\t<\/div>\n\t\t\t\t<\/div>\n\t\t<div class=\"elementor-element elementor-element-iwgs-schutzrituale-kwd e-flex e-con-boxed e-con e-parent\" data-id=\"iwgs-schutzrituale-kwd\" data-element_type=\"container\" data-e-type=\"container\">\n\t\t\t\t\t<div class=\"e-con-inner\">\n\t\t<div class=\"elementor-element elementor-element-iw-schutzrituale-kwd-bw e-con-full e-flex e-con e-child\" data-id=\"iw-schutzrituale-kwd-bw\" data-element_type=\"container\" data-e-type=\"container\">\n\t\t\t\t<div class=\"elementor-element elementor-element-iwgs-schutzrituale-kwdt elementor-widget elementor-widget-text-editor\" data-id=\"iwgs-schutzrituale-kwdt\" data-element_type=\"widget\" data-e-type=\"widget\" data-widget_type=\"text-editor.default\">\n\t\t\t\t\t\t\t\t\t<p><em>Tengd kjarnahugt\u00f6k: verndarathafnir verndarath\u00f6fn bannor\u00f0 verndarhringur \u00e1kall til <span class=\"iwg-fachbegriff\" data-tooltip=\"Engill sem sag\u00f0ur er vernda einn einstakling.\" tabindex=\"0\">verndarengils<\/span>.<\/em><\/p>\t\t\t\t\t\t\t\t<\/div>\n\t\t\t\t<\/div>\n\t\t\t\t\t<\/div>\n\t\t\t\t<\/div>\n\t\t<div class=\"elementor-element elementor-element-iwgs-schutzrituale-cc e-flex e-con-boxed e-con e-parent\" data-id=\"iwgs-schutzrituale-cc\" data-element_type=\"container\" data-e-type=\"container\" id=\"iwg-cc-schutzrituale\">\n\t\t\t\t\t<div class=\"e-con-inner\">\n\t\t<div class=\"elementor-element elementor-element-iwgs-schutzrituale-ccinner e-flex e-con-boxed e-con e-parent\" data-id=\"iwgs-schutzrituale-ccinner\" data-element_type=\"container\" data-e-type=\"container\" data-settings=\"{&quot;background_background&quot;:&quot;classic&quot;}\">\n\t\t\t\t\t<div class=\"e-con-inner\">\n\t\t\t\t<div class=\"elementor-element elementor-element-iwgs-schutzrituale-cch elementor-widget elementor-widget-heading\" data-id=\"iwgs-schutzrituale-cch\" data-element_type=\"widget\" data-e-type=\"widget\" data-widget_type=\"heading.default\">\n\t\t\t\t\t<h2 class=\"elementor-heading-title elementor-size-default\">iWell Guard og verndarhef\u00f0ir<\/h2>\t\t\t\t<\/div>\n\t\t\t\t<div class=\"elementor-element elementor-element-iwgs-schutzrituale-cct elementor-widget elementor-widget-text-editor\" data-id=\"iwgs-schutzrituale-cct\" data-element_type=\"widget\" data-e-type=\"widget\" data-widget_type=\"text-editor.default\">\n\t\t\t\t\t\t\t\t\t<p>\u00de\u00e6r verndarathafnir sem var\u00f0veist hafa vitna um tilraunir margra menningarheima til a\u00f0 n\u00e1lgast \u00fea\u00f0 \u00f3s\u00fdnilega me\u00f0 markvissri i\u00f0kun. <a href=\"https:\/\/iwell-guard.com\/is\/verndargripur-iwell-guard-kaupa\/\">iWell Guard<\/a> tengist \u00feessari hugsun: hann sameinar verndart\u00e1kn og hef\u00f0ir sem hafa sprotti\u00f0 fram \u00f3h\u00e1\u00f0 hver \u00f6\u00f0rum \u00ed \u00fdmsum menningarheimum, \u00ed einu t\u00e1kni sem bori\u00f0 er \u00e1 s\u00e9r.<\/p><p>\u00deetta kemur ekki \u00ed sta\u00f0inn fyrir neina hef\u00f0 e\u00f0a einstaklingsbundna i\u00f0kun, en getur \u00fej\u00f3na\u00f0 sem fylgihlutur fyrir \u00feann sem leitar \u00e1\u00fereifanlegrar tengingar vi\u00f0 \u00feessar fornu verndarhugmyndir.<\/p>\t\t\t\t\t\t\t\t<\/div>\n\t\t\t\t<div class=\"elementor-element elementor-element-iwgs-schutzrituale-ccb iwg-cc-button iwg-cc-cta-2026-05-13 elementor-widget elementor-widget-jet-button\" data-id=\"iwgs-schutzrituale-ccb\" data-element_type=\"widget\" data-e-type=\"widget\" data-widget_type=\"jet-button.default\">\n\t\t\t\t<div class=\"elementor-widget-container\">\n\t\t\t\t\t<div class=\"elementor-jet-button jet-elements\"><div class=\"jet-button__container\"><a class=\"jet-button__instance jet-button__instance--icon-left hover-effect-1\" href=\"\/schutzanhaenger-iwell-guard-kaufen\/?utm_source=iwell-guard.com&amp;utm_medium=info-box&amp;utm_campaign=schutzsymbole\"><div class=\"jet-button__plane jet-button__plane-normal\"><\/div><div class=\"jet-button__plane jet-button__plane-hover\"><\/div><div class=\"jet-button__state jet-button__state-normal\"><span class=\"jet-button__label\">Meira um iWell Guard<\/span><\/div><div class=\"jet-button__state jet-button__state-hover\"><span class=\"jet-button__label\">Meira um iWell Guard<\/span><\/div><\/a><\/div><\/div><style>.elementor-element.elementor-element-iwgs-schutzrituale-ccb .jet-button__instance{width:320px;height:56px;}.elementor-element.elementor-element-iwgs-schutzrituale-ccb .jet-button__state-normal .jet-button__label{text-align:center;margin:0px 0px 0px 0px;color:#1a1b20;font-family:Montserrat,sans-serif;font-size:13px;font-weight:400;letter-spacing:4px;line-height:1.714em;text-transform:uppercase;}.elementor-element.elementor-element-iwgs-schutzrituale-ccb .jet-button__state-hover .jet-button__label{text-align:center;margin:0px 0px 0px 0px;color:#FECC76;font-family:Montserrat,sans-serif;font-size:13px;font-weight:400;letter-spacing:4px;line-height:1.714em;text-transform:uppercase;}.elementor-element.elementor-element-iwgs-schutzrituale-ccb .jet-button__plane-normal{background-color:#FECC76;border-style:solid;border-color:#C99540;border-width:2px 2px 2px 2px;}.elementor-element.elementor-element-iwgs-schutzrituale-ccb .jet-button__plane-hover{background-color:rgba(0,0,0,0.55);border-style:solid;border-color:#FECC76;border-width:2px 2px 2px 2px;}<\/style>\t\t\t\t<\/div>\n\t\t\t\t<\/div>\n\t\t\t\t<div class=\"elementor-element elementor-element-iwgs-schutzrituale-ccd elementor-widget elementor-widget-text-editor\" data-id=\"iwgs-schutzrituale-ccd\" data-element_type=\"widget\" data-e-type=\"widget\" data-widget_type=\"text-editor.default\">\n\t\t\t\t\t\t\t\t\t<p style=\"text-align:center;font-size:13px;opacity:0.7;margin-top:14px\" data-nosnippet=\"true\">Pers\u00f3nuleg reynsla getur veri\u00f0 mismunandi. Ekki l\u00e6kningat\u00e6ki. Engin lofor\u00f0 um l\u00e6kningu.<\/p>\t\t\t\t\t\t\t\t<\/div>\n\t\t\t\t\t<\/div>\n\t\t\t\t<\/div>\n\t\t\t\t\t<\/div>\n\t\t\t\t<\/div>\n\t\t<div class=\"elementor-element elementor-element-iwgs-schutzrituale-disc e-flex e-con-boxed e-con e-parent\" data-id=\"iwgs-schutzrituale-disc\" data-element_type=\"container\" data-e-type=\"container\">\n\t\t\t\t\t<div class=\"e-con-inner\">\n\t\t<div class=\"elementor-element elementor-element-iw-schutzrituale-disc-bw e-con-full e-flex e-con e-child\" data-id=\"iw-schutzrituale-disc-bw\" data-element_type=\"container\" data-e-type=\"container\">\n\t\t\t\t<div class=\"elementor-element elementor-element-iwgs-schutzrituale-discw elementor-widget elementor-widget-html\" data-id=\"iwgs-schutzrituale-discw\" data-element_type=\"widget\" data-e-type=\"widget\" data-widget_type=\"html.default\">\n\t\t\t\t\t<footer data-nosnippet=\"true\" class=\"iwg-disclaimer-block\"><p data-nosnippet=\"true\">iWell Guard er <strong>ekki l\u00e6kningat\u00e6ki<\/strong> og kemur ekki \u00ed sta\u00f0 l\u00e6knis- e\u00f0a s\u00e1lfr\u00e6\u00f0ime\u00f0fer\u00f0ar. Innihaldi\u00f0 sem h\u00e9r er sett fram er tr\u00faarbrag\u00f0afr\u00e6\u00f0ileg og menningars\u00f6gulega greining, ekki lofor\u00f0 um andlega virkni.<\/p><\/footer>\t\t\t\t<\/div>\n\t\t\t\t<\/div>\n\t\t\t\t\t<\/div>\n\t\t\t\t<\/div>\n\t\t\t\t<\/div>\n\t\t","protected":false},"excerpt":{"rendered":"","protected":false},"author":3,"featured_media":4146,"parent":0,"menu_order":0,"comment_status":"closed","ping_status":"closed","template":"elementor_header_footer","meta":{"_yoast_wpseo_focuskw":"verndarathafnir","_yoast_wpseo_title":"Verndarathafnir og \u00e1kall verndarv\u00e6tta","_yoast_wpseo_metadesc":"Verndarhringur, bansseg\u00f0, aflestur, verndarengill og h\u00fasverndun: mikilv\u00e6gustu verndarathafnir \u00ed yfirliti \u00fevert \u00e1 menningarheima.","_yoast_wpseo_meta-robots-noindex":"","_yoast_wpseo_canonical":"","_angie_page":false,"gefaehrdungsstufe":"","wesen_kultur":"","wesen_klasse":"","footnotes":""},"categories":[],"class_list":["post-169282","page","type-page","status-publish","has-post-thumbnail","hentry"],"yoast_head":"<!-- This site is optimized with the Yoast SEO Premium plugin v27.7 (Yoast SEO v28.3) - https:\/\/yoast.com\/product\/yoast-seo-premium-wordpress\/ -->\n<title>Verndarathafnir og \u00e1kall verndarv\u00e6tta<\/title>\n<meta name=\"description\" content=\"Verndarhringur, bansseg\u00f0, aflestur, verndarengill og h\u00fasverndun: mikilv\u00e6gustu verndarathafnir \u00ed yfirliti \u00fevert \u00e1 menningarheima.\" \/>\n<meta name=\"robots\" content=\"index, follow, max-snippet:-1, max-image-preview:large, max-video-preview:-1\" \/>\n<link rel=\"canonical\" href=\"https:\/\/iwell-guard.com\/is\/verndarathafnir-og-akall\/\" \/>\n<meta property=\"og:locale\" content=\"is_IS\" \/>\n<meta property=\"og:type\" content=\"article\" \/>\n<meta property=\"og:title\" content=\"Verndarathafnir og \u00e1kall\" \/>\n<meta property=\"og:description\" content=\"Verndarhringur, bansseg\u00f0, aflestur, verndarengill og h\u00fasverndun: mikilv\u00e6gustu verndarathafnir \u00ed yfirliti \u00fevert \u00e1 menningarheima.\" \/>\n<meta property=\"og:url\" content=\"https:\/\/iwell-guard.com\/is\/verndarathafnir-og-akall\/\" \/>\n<meta property=\"og:site_name\" content=\"iWell Guard\" \/>\n<meta property=\"article:modified_time\" content=\"2026-09-05T14:36:55+00:00\" \/>\n<meta property=\"og:image\" content=\"https:\/\/iwell-guard.com\/wp-content\/uploads\/2026\/05\/schutzsymbol_universell_schutzrituale.png\" \/>\n\t<meta property=\"og:image:width\" content=\"1024\" \/>\n\t<meta property=\"og:image:height\" content=\"1536\" \/>\n\t<meta property=\"og:image:type\" content=\"image\/png\" \/>\n<meta name=\"twitter:card\" content=\"summary_large_image\" \/>\n<script type=\"application\/ld+json\" class=\"yoast-schema-graph\">{\"@context\":\"https:\\\/\\\/schema.org\",\"@graph\":[{\"@type\":\"WebPage\",\"@id\":\"https:\\\/\\\/iwell-guard.com\\\/is\\\/verndarathafnir-og-akall\\\/\",\"url\":\"https:\\\/\\\/iwell-guard.com\\\/is\\\/verndarathafnir-og-akall\\\/\",\"name\":\"Verndarathafnir og \u00e1kall verndarv\u00e6tta\",\"isPartOf\":{\"@id\":\"https:\\\/\\\/iwell-guard.com\\\/is\\\/#website\"},\"primaryImageOfPage\":{\"@id\":\"https:\\\/\\\/iwell-guard.com\\\/is\\\/verndarathafnir-og-akall\\\/#primaryimage\"},\"image\":{\"@id\":\"https:\\\/\\\/iwell-guard.com\\\/is\\\/verndarathafnir-og-akall\\\/#primaryimage\"},\"thumbnailUrl\":\"https:\\\/\\\/iwell-guard.com\\\/wp-content\\\/uploads\\\/2026\\\/05\\\/schutzsymbol_universell_schutzrituale.png\",\"datePublished\":\"2026-09-05T14:07:06+00:00\",\"dateModified\":\"2026-09-05T14:36:55+00:00\",\"description\":\"Verndarhringur, bansseg\u00f0, aflestur, verndarengill og h\u00fasverndun: mikilv\u00e6gustu verndarathafnir \u00ed yfirliti \u00fevert \u00e1 menningarheima.\",\"breadcrumb\":{\"@id\":\"https:\\\/\\\/iwell-guard.com\\\/is\\\/verndarathafnir-og-akall\\\/#breadcrumb\"},\"inLanguage\":\"is\",\"potentialAction\":[{\"@type\":\"ReadAction\",\"target\":[\"https:\\\/\\\/iwell-guard.com\\\/is\\\/verndarathafnir-og-akall\\\/\"]}]},{\"@type\":\"ImageObject\",\"inLanguage\":\"is\",\"@id\":\"https:\\\/\\\/iwell-guard.com\\\/is\\\/verndarathafnir-og-akall\\\/#primaryimage\",\"url\":\"https:\\\/\\\/iwell-guard.com\\\/wp-content\\\/uploads\\\/2026\\\/05\\\/schutzsymbol_universell_schutzrituale.png\",\"contentUrl\":\"https:\\\/\\\/iwell-guard.com\\\/wp-content\\\/uploads\\\/2026\\\/05\\\/schutzsymbol_universell_schutzrituale.png\",\"width\":1024,\"height\":1536,\"caption\":\"Vernarathir og \u00e1kall \u2013 t\u00e1knr\u00e6n myndskreyting me\u00f0 kertum og verndarhring\"},{\"@type\":\"BreadcrumbList\",\"@id\":\"https:\\\/\\\/iwell-guard.com\\\/is\\\/verndarathafnir-og-akall\\\/#breadcrumb\",\"itemListElement\":[{\"@type\":\"ListItem\",\"position\":1,\"name\":\"Start\",\"item\":\"https:\\\/\\\/iwell-guard.com\\\/is\\\/?page_id=168580\"},{\"@type\":\"ListItem\",\"position\":2,\"name\":\"Verndarathafnir og \u00e1kall\"}]},{\"@type\":\"WebSite\",\"@id\":\"https:\\\/\\\/iwell-guard.com\\\/is\\\/#website\",\"url\":\"https:\\\/\\\/iwell-guard.com\\\/is\\\/\",\"name\":\"iWell Guard\",\"description\":\"Schutz vor dunklen Einfl\u00fcssen\",\"publisher\":{\"@id\":\"https:\\\/\\\/iwell-guard.com\\\/is\\\/#organization\"},\"potentialAction\":[{\"@type\":\"SearchAction\",\"target\":{\"@type\":\"EntryPoint\",\"urlTemplate\":\"https:\\\/\\\/iwell-guard.com\\\/is\\\/?s={search_term_string}\"},\"query-input\":{\"@type\":\"PropertyValueSpecification\",\"valueRequired\":true,\"valueName\":\"search_term_string\"}}],\"inLanguage\":\"is\"},{\"@type\":\"Organization\",\"@id\":\"https:\\\/\\\/iwell-guard.com\\\/is\\\/#organization\",\"name\":\"Ittermann electronic GmbH\",\"url\":\"https:\\\/\\\/iwell-guard.com\\\/is\\\/\",\"logo\":{\"@type\":\"ImageObject\",\"inLanguage\":\"is\",\"@id\":\"https:\\\/\\\/iwell-guard.com\\\/is\\\/#\\\/schema\\\/logo\\\/image\\\/\",\"url\":\"https:\\\/\\\/iwell-guard.com\\\/wp-content\\\/uploads\\\/2026\\\/05\\\/Ittermann-Logo-1182x237-1.png\",\"contentUrl\":\"https:\\\/\\\/iwell-guard.com\\\/wp-content\\\/uploads\\\/2026\\\/05\\\/Ittermann-Logo-1182x237-1.png\",\"width\":1182,\"height\":237,\"caption\":\"Ittermann electronic GmbH\"},\"image\":{\"@id\":\"https:\\\/\\\/iwell-guard.com\\\/is\\\/#\\\/schema\\\/logo\\\/image\\\/\"},\"sameAs\":[\"https:\\\/\\\/pantip.com\\\/profile\\\/9367242\",\"https:\\\/\\\/micro.blog\\\/iwellguard\",\"https:\\\/\\\/www.diggerslist.com\\\/iwellguard\\\/about\",\"https:\\\/\\\/skitterphoto.com\\\/photographers\\\/2870314\\\/iwell-guard\",\"https:\\\/\\\/iwellguard.wordpress.com\\\/2026\\\/06\\\/06\\\/iwell-guard\\\/\",\"https:\\\/\\\/hub.docker.com\\\/u\\\/iwellguard\",\"https:\\\/\\\/www.pinterest.com\\\/iwellguard\\\/\",\"https:\\\/\\\/bit.ly\\\/m\\\/iwellguard\",\"https:\\\/\\\/entre-vos-mains.alsace.eu\\\/profiles\\\/iwellguard\\\/activity\",\"https:\\\/\\\/gravatar.com\\\/reallybeded8fd34\",\"https:\\\/\\\/naijamatta.com\\\/iwellguard\",\"https:\\\/\\\/www.goodreads.com\\\/iwellguard\",\"https:\\\/\\\/profile.hatena.ne.jp\\\/iwellguard\\\/\",\"https:\\\/\\\/experiment.com\\\/users\\\/iwellguard\",\"https:\\\/\\\/wakelet.com\\\/@iWellGuard82270\",\"https:\\\/\\\/www.chordie.com\\\/forum\\\/profile.php?id=2555664\",\"https:\\\/\\\/www.instapaper.com\\\/p\\\/17757966\",\"https:\\\/\\\/www.mapleprimes.com\\\/users\\\/iwellguard\",\"https:\\\/\\\/businesslistingplus.com\\\/profile\\\/iwell-guard\\\/\",\"https:\\\/\\\/telegra.ph\\\/iWell-Guard-06-06\",\"https:\\\/\\\/pbase.com\\\/iwellguard\\\/iwellguard\",\"https:\\\/\\\/b.hatena.ne.jp\\\/iwellguard\\\/20260607#bookmark-4788405196491818882\",\"https:\\\/\\\/fliphtml5.com\\\/home\\\/iwellguard\",\"https:\\\/\\\/anyflip.com\\\/homepage\\\/cmiwl#About\",\"https:\\\/\\\/transfur.com\\\/Users\\\/iwellguard\",\"http:\\\/\\\/delphi.larsbo.org\\\/user\\\/iwellguard\",\"https:\\\/\\\/jobs.lajobsportal.org\\\/profiles\\\/8380803-iwell-guard\",\"https:\\\/\\\/md.chaosdorf.de\\\/s\\\/jfbe5SBdJD\",\"https:\\\/\\\/www.lingvolive.com\\\/en-us\\\/profile\\\/9ecaeaca-ce11-4e51-9e71-01d55e2bff36\\\/translations\",\"https:\\\/\\\/www.fitday.com\\\/fitness\\\/forums\\\/members\\\/iwellguard.html\",\"https:\\\/\\\/www.mymeetbook.com\\\/iwellguard\",\"https:\\\/\\\/pxhere.com\\\/en\\\/photographer-me\\\/5040798\",\"https:\\\/\\\/disqus.com\\\/by\\\/iwellguard\\\/about\\\/\",\"https:\\\/\\\/pastelink.net\\\/hjwciqwq\",\"https:\\\/\\\/pubhtml5.com\\\/homepage\\\/scjhn\\\/\",\"https:\\\/\\\/www.bitchute.com\\\/channel\\\/2O2eOKzNqujT\",\"https:\\\/\\\/audiomack.com\\\/iwellguard\"]}]}<\/script>\n<!-- \/ Yoast SEO Premium plugin. -->","yoast_head_json":{"title":"Verndarathafnir og \u00e1kall verndarv\u00e6tta","description":"Verndarhringur, bansseg\u00f0, aflestur, verndarengill og h\u00fasverndun: mikilv\u00e6gustu verndarathafnir \u00ed yfirliti \u00fevert \u00e1 menningarheima.","robots":{"index":"index","follow":"follow","max-snippet":"max-snippet:-1","max-image-preview":"max-image-preview:large","max-video-preview":"max-video-preview:-1"},"canonical":"https:\/\/iwell-guard.com\/is\/verndarathafnir-og-akall\/","og_locale":"is_IS","og_type":"article","og_title":"Verndarathafnir og \u00e1kall","og_description":"Verndarhringur, bansseg\u00f0, aflestur, verndarengill og h\u00fasverndun: mikilv\u00e6gustu verndarathafnir \u00ed yfirliti \u00fevert \u00e1 menningarheima.","og_url":"https:\/\/iwell-guard.com\/is\/verndarathafnir-og-akall\/","og_site_name":"iWell Guard","article_modified_time":"2026-09-05T14:36:55+00:00","og_image":[{"width":1024,"height":1536,"url":"https:\/\/iwell-guard.com\/wp-content\/uploads\/2026\/05\/schutzsymbol_universell_schutzrituale.png","type":"image\/png"}],"twitter_card":"summary_large_image","schema":{"@context":"https:\/\/schema.org","@graph":[{"@type":"WebPage","@id":"https:\/\/iwell-guard.com\/is\/verndarathafnir-og-akall\/","url":"https:\/\/iwell-guard.com\/is\/verndarathafnir-og-akall\/","name":"Verndarathafnir og \u00e1kall verndarv\u00e6tta","isPartOf":{"@id":"https:\/\/iwell-guard.com\/is\/#website"},"primaryImageOfPage":{"@id":"https:\/\/iwell-guard.com\/is\/verndarathafnir-og-akall\/#primaryimage"},"image":{"@id":"https:\/\/iwell-guard.com\/is\/verndarathafnir-og-akall\/#primaryimage"},"thumbnailUrl":"https:\/\/iwell-guard.com\/wp-content\/uploads\/2026\/05\/schutzsymbol_universell_schutzrituale.png","datePublished":"2026-09-05T14:07:06+00:00","dateModified":"2026-09-05T14:36:55+00:00","description":"Verndarhringur, bansseg\u00f0, aflestur, verndarengill og h\u00fasverndun: mikilv\u00e6gustu verndarathafnir \u00ed yfirliti \u00fevert \u00e1 menningarheima.","breadcrumb":{"@id":"https:\/\/iwell-guard.com\/is\/verndarathafnir-og-akall\/#breadcrumb"},"inLanguage":"is","potentialAction":[{"@type":"ReadAction","target":["https:\/\/iwell-guard.com\/is\/verndarathafnir-og-akall\/"]}]},{"@type":"ImageObject","inLanguage":"is","@id":"https:\/\/iwell-guard.com\/is\/verndarathafnir-og-akall\/#primaryimage","url":"https:\/\/iwell-guard.com\/wp-content\/uploads\/2026\/05\/schutzsymbol_universell_schutzrituale.png","contentUrl":"https:\/\/iwell-guard.com\/wp-content\/uploads\/2026\/05\/schutzsymbol_universell_schutzrituale.png","width":1024,"height":1536,"caption":"Vernarathir og \u00e1kall \u2013 t\u00e1knr\u00e6n myndskreyting me\u00f0 kertum og verndarhring"},{"@type":"BreadcrumbList","@id":"https:\/\/iwell-guard.com\/is\/verndarathafnir-og-akall\/#breadcrumb","itemListElement":[{"@type":"ListItem","position":1,"name":"Start","item":"https:\/\/iwell-guard.com\/is\/?page_id=168580"},{"@type":"ListItem","position":2,"name":"Verndarathafnir og \u00e1kall"}]},{"@type":"WebSite","@id":"https:\/\/iwell-guard.com\/is\/#website","url":"https:\/\/iwell-guard.com\/is\/","name":"iWell Guard","description":"Schutz vor dunklen Einfl\u00fcssen","publisher":{"@id":"https:\/\/iwell-guard.com\/is\/#organization"},"potentialAction":[{"@type":"SearchAction","target":{"@type":"EntryPoint","urlTemplate":"https:\/\/iwell-guard.com\/is\/?s={search_term_string}"},"query-input":{"@type":"PropertyValueSpecification","valueRequired":true,"valueName":"search_term_string"}}],"inLanguage":"is"},{"@type":"Organization","@id":"https:\/\/iwell-guard.com\/is\/#organization","name":"Ittermann electronic GmbH","url":"https:\/\/iwell-guard.com\/is\/","logo":{"@type":"ImageObject","inLanguage":"is","@id":"https:\/\/iwell-guard.com\/is\/#\/schema\/logo\/image\/","url":"https:\/\/iwell-guard.com\/wp-content\/uploads\/2026\/05\/Ittermann-Logo-1182x237-1.png","contentUrl":"https:\/\/iwell-guard.com\/wp-content\/uploads\/2026\/05\/Ittermann-Logo-1182x237-1.png","width":1182,"height":237,"caption":"Ittermann electronic GmbH"},"image":{"@id":"https:\/\/iwell-guard.com\/is\/#\/schema\/logo\/image\/"},"sameAs":["https:\/\/pantip.com\/profile\/9367242","https:\/\/micro.blog\/iwellguard","https:\/\/www.diggerslist.com\/iwellguard\/about","https:\/\/skitterphoto.com\/photographers\/2870314\/iwell-guard","https:\/\/iwellguard.wordpress.com\/2026\/06\/06\/iwell-guard\/","https:\/\/hub.docker.com\/u\/iwellguard","https:\/\/www.pinterest.com\/iwellguard\/","https:\/\/bit.ly\/m\/iwellguard","https:\/\/entre-vos-mains.alsace.eu\/profiles\/iwellguard\/activity","https:\/\/gravatar.com\/reallybeded8fd34","https:\/\/naijamatta.com\/iwellguard","https:\/\/www.goodreads.com\/iwellguard","https:\/\/profile.hatena.ne.jp\/iwellguard\/","https:\/\/experiment.com\/users\/iwellguard","https:\/\/wakelet.com\/@iWellGuard82270","https:\/\/www.chordie.com\/forum\/profile.php?id=2555664","https:\/\/www.instapaper.com\/p\/17757966","https:\/\/www.mapleprimes.com\/users\/iwellguard","https:\/\/businesslistingplus.com\/profile\/iwell-guard\/","https:\/\/telegra.ph\/iWell-Guard-06-06","https:\/\/pbase.com\/iwellguard\/iwellguard","https:\/\/b.hatena.ne.jp\/iwellguard\/20260607#bookmark-4788405196491818882","https:\/\/fliphtml5.com\/home\/iwellguard","https:\/\/anyflip.com\/homepage\/cmiwl#About","https:\/\/transfur.com\/Users\/iwellguard","http:\/\/delphi.larsbo.org\/user\/iwellguard","https:\/\/jobs.lajobsportal.org\/profiles\/8380803-iwell-guard","https:\/\/md.chaosdorf.de\/s\/jfbe5SBdJD","https:\/\/www.lingvolive.com\/en-us\/profile\/9ecaeaca-ce11-4e51-9e71-01d55e2bff36\/translations","https:\/\/www.fitday.com\/fitness\/forums\/members\/iwellguard.html","https:\/\/www.mymeetbook.com\/iwellguard","https:\/\/pxhere.com\/en\/photographer-me\/5040798","https:\/\/disqus.com\/by\/iwellguard\/about\/","https:\/\/pastelink.net\/hjwciqwq","https:\/\/pubhtml5.com\/homepage\/scjhn\/","https:\/\/www.bitchute.com\/channel\/2O2eOKzNqujT","https:\/\/audiomack.com\/iwellguard"]}]}},"_links":{"self":[{"href":"https:\/\/iwell-guard.com\/is\/wp-json\/wp\/v2\/pages\/169282","targetHints":{"allow":["GET"]}}],"collection":[{"href":"https:\/\/iwell-guard.com\/is\/wp-json\/wp\/v2\/pages"}],"about":[{"href":"https:\/\/iwell-guard.com\/is\/wp-json\/wp\/v2\/types\/page"}],"author":[{"embeddable":true,"href":"https:\/\/iwell-guard.com\/is\/wp-json\/wp\/v2\/users\/3"}],"replies":[{"embeddable":true,"href":"https:\/\/iwell-guard.com\/is\/wp-json\/wp\/v2\/comments?post=169282"}],"version-history":[{"count":0,"href":"https:\/\/iwell-guard.com\/is\/wp-json\/wp\/v2\/pages\/169282\/revisions"}],"wp:featuredmedia":[{"embeddable":true,"href":"https:\/\/iwell-guard.com\/is\/wp-json\/wp\/v2\/media\/4146"}],"wp:attachment":[{"href":"https:\/\/iwell-guard.com\/is\/wp-json\/wp\/v2\/media?parent=169282"}],"wp:term":[{"taxonomy":"category","embeddable":true,"href":"https:\/\/iwell-guard.com\/is\/wp-json\/wp\/v2\/categories?post=169282"}],"curies":[{"name":"wp","href":"https:\/\/api.w.org\/{rel}","templated":true}]}}