{"id":169281,"date":"2026-09-05T14:07:06","date_gmt":"2026-09-05T14:07:06","guid":{"rendered":"https:\/\/iwell-guard.com\/?page_id=169281"},"modified":"2026-09-05T14:36:53","modified_gmt":"2026-09-05T14:36:53","slug":"verndarkerti","status":"publish","type":"page","link":"https:\/\/iwell-guard.com\/is\/verndarkerti\/","title":{"rendered":"Verndarkerti"},"content":{"rendered":"\t\t<div data-elementor-type=\"wp-page\" data-elementor-id=\"169281\" class=\"elementor elementor-169281 elementor-3789 elementor-bc-flex-widget\" data-elementor-post-type=\"page\">\n\t\t\t\t<div class=\"elementor-element elementor-element-iwgs-schutzkerze-hero e-flex e-con-boxed e-con e-parent\" data-id=\"iwgs-schutzkerze-hero\" data-element_type=\"container\" data-e-type=\"container\">\n\t\t\t\t\t<div class=\"e-con-inner\">\n\t\t<div class=\"elementor-element elementor-element-iw-schutzkerze-hero-left e-con-full e-flex e-con e-child\" data-id=\"iw-schutzkerze-hero-left\" data-element_type=\"container\" data-e-type=\"container\">\n\t\t\t\t<div class=\"elementor-element elementor-element-iwgs-schutzkerze-h1 elementor-widget elementor-widget-heading\" data-id=\"iwgs-schutzkerze-h1\" data-element_type=\"widget\" data-e-type=\"widget\" data-widget_type=\"heading.default\">\n\t\t\t\t\t<h1 class=\"elementor-heading-title elementor-size-default\">Verndarkerti\u00f0 \u2014 lj\u00f3s gegn myrkum \u00e1hrifum<\/h1>\t\t\t\t<\/div>\n\t\t<div class=\"elementor-element elementor-element-iw-schutzkerze-hero-bw e-con-full e-flex e-con e-child\" data-id=\"iw-schutzkerze-hero-bw\" data-element_type=\"container\" data-e-type=\"container\">\n\t\t\t\t<div class=\"elementor-element elementor-element-iwgs-schutzkerze-pills elementor-widget elementor-widget-html\" data-id=\"iwgs-schutzkerze-pills\" data-element_type=\"widget\" data-e-type=\"widget\" data-widget_type=\"html.default\">\n\t\t\t\t\t<div class=\"iwg-pill-row\"><span class=\"iwg-klasse-badge\" tabindex=\"0\" data-tooltip=\"Tegund varnargrips.\">Hlj\u00f3\u00f0 og lj\u00f3s<\/span><a href=\"https:\/\/iwell-guard.com\/is\/?page_id=169269\" class=\"iwg-kultur-badge\" tabindex=\"0\" data-tooltip=\"Til yfirlits.\">Hlj\u00f3\u00f0 og lj\u00f3s<\/a><\/div>\t\t\t\t<\/div>\n\t\t\t\t<div class=\"elementor-element elementor-element-iwgs-schutzkerze-lead elementor-widget elementor-widget-text-editor\" data-id=\"iwgs-schutzkerze-lead\" data-element_type=\"widget\" data-e-type=\"widget\" data-widget_type=\"text-editor.default\">\n\t\t\t\t\t\t\t\t\t<p>Kerti brenna \u00ed n\u00e6r \u00f6llum menningarheimum \u00e1 <span class=\"iwg-fachbegriff\" data-tooltip=\"\u00dea\u00f0 sem tilheyrir fastm\u00f3ta\u00f0ri tr\u00faarlegri ath\u00f6fn.\" tabindex=\"0\">helgisi\u00f0abundnum<\/span> st\u00f6\u00f0um sem hafa merkingu: \u00e1 \u00f6lturum, vi\u00f0 grafir, \u00ed sj\u00fakraherbergjum, vi\u00f0 \u00fer\u00f6skulda og \u00ed r\u00fdmum sem \u00e1 a\u00f0 hreinsa. \u00deessi \u00fatbrei\u00f0sla er engin tilviljun.<\/p><p>Kerti\u00f0 sameinar \u00ed s\u00e9r nokkra eiginleika sem <span class=\"iwg-fachbegriff\" data-tooltip=\"Mi\u00f0lun \u00feekkingar og sagna kynsl\u00f3\u00f0 fram af kynsl\u00f3\u00f0.\" tabindex=\"0\">munnm\u00e6lin<\/span> tengja vi\u00f0 verndarm\u00e1tt: \u00fea\u00f0 gefur lj\u00f3s \u00ed myrkri, \u00fea\u00f0 brennur \u00e1 st\u00fdr\u00f0an h\u00e1tt yfir \u00e1kve\u00f0i\u00f0 t\u00edmabil og h\u00e6gt er a\u00f0 tengja \u00fea\u00f0 v\u00edsvitandi \u00e1setningi, <span class=\"iwg-fachbegriff\" data-tooltip=\"B\u00e6n um heill og vernd, oft \u00ed fastri m\u00e1lformlegri ger\u00f0.\" tabindex=\"0\">blessun<\/span> e\u00f0a t\u00e1knum. \u00deannig er \u00fea\u00f0 b\u00e6\u00f0i lj\u00f3sgjafi og helgisi\u00f0averkf\u00e6ri.<\/p>\n<p>Sem hluti af flokknum <a href=\"https:\/\/iwell-guard.com\/is\/?page_id=169269\">Hlj\u00f3\u00f0 og lj\u00f3s<\/a> me\u00f0al verndargripa stendur verndarkerti\u00f0 \u00e1 milli opins elds fornra \u00fer\u00f6skuldasi\u00f0a og hversdagslegrar l\u00fdsingar samt\u00edmans. \u00dea\u00f0 er minna og au\u00f0veldara a\u00f0 stj\u00f3rna en <a href=\"https:\/\/iwell-guard.com\/is\/?page_id=169278\">verndareldurinn<\/a>, en me\u00f0vita\u00f0ra og hla\u00f0nara en venjulegur lj\u00f3sgjafi. <span class=\"iwg-fachbegriff\" data-tooltip=\"Mi\u00f0lun \u00feekkingar og sagna kynsl\u00f3\u00f0 fram af kynsl\u00f3\u00f0.\" tabindex=\"0\">Munnm\u00e6lin<\/span> l\u00fdsa kertinu fyrst og fremst sem verndarmi\u00f0li einstaklings og heimilis.<\/p>\n<p class=\"iwg-kwfix\">Verndarkerti\u00f0 setur lj\u00f3s gegn myrkum \u00e1hrifum og gerir verndarsv\u00e6\u00f0i\u00f0 s\u00fdnilegt.<\/p>\t\t\t\t\t\t\t\t<\/div>\n\t\t\t\t<\/div>\n\t\t\t\t<\/div>\n\t\t<div class=\"elementor-element elementor-element-iw-schutzkerze-hero-img e-con-full e-flex e-con e-child\" data-id=\"iw-schutzkerze-hero-img\" data-element_type=\"container\" data-e-type=\"container\">\n\t\t\t\t<div class=\"elementor-element elementor-element-iwgs-schutzkerze-himg iwg-hero-image elementor-widget elementor-widget-image\" data-id=\"iwgs-schutzkerze-himg\" data-element_type=\"widget\" data-e-type=\"widget\" data-widget_type=\"image.default\">\n\t\t\t\t\t\t\t\t\t\t\t\t\t\t\t<img fetchpriority=\"high\" decoding=\"async\" width=\"683\" height=\"1024\" src=\"https:\/\/iwell-guard.com\/wp-content\/uploads\/2026\/05\/schutzsymbol_universell_schutzkerze-683x1024.png\" class=\"attachment-large size-large wp-image-170449\" alt=\"Verndarkerti\u00f0 \u2013 lj\u00f3s gegn myrkum \u00e1hrifum, s\u00f6guleg og myndskreytandi framsetning\" srcset=\"https:\/\/iwell-guard.com\/wp-content\/uploads\/2026\/05\/schutzsymbol_universell_schutzkerze-683x1024.png 683w, https:\/\/iwell-guard.com\/wp-content\/uploads\/2026\/05\/schutzsymbol_universell_schutzkerze-200x300.png 200w, https:\/\/iwell-guard.com\/wp-content\/uploads\/2026\/05\/schutzsymbol_universell_schutzkerze-768x1152.png 768w, https:\/\/iwell-guard.com\/wp-content\/uploads\/2026\/05\/schutzsymbol_universell_schutzkerze.png 1024w\" sizes=\"(max-width: 683px) 100vw, 683px\" \/>\t\t\t\t\t\t\t\t\t\t\t\t\t\t\t<\/div>\n\t\t\t\t<\/div>\n\t\t\t\t\t<\/div>\n\t\t\t\t<\/div>\n\t\t<div class=\"elementor-element elementor-element-iwgs-schutzkerze-s0 e-flex e-con-boxed e-con e-parent\" data-id=\"iwgs-schutzkerze-s0\" data-element_type=\"container\" data-e-type=\"container\">\n\t\t\t\t\t<div class=\"e-con-inner\">\n\t\t\t\t<div class=\"elementor-element elementor-element-iwgs-schutzkerze-s0h elementor-widget elementor-widget-heading\" data-id=\"iwgs-schutzkerze-s0h\" data-element_type=\"widget\" data-e-type=\"widget\" data-widget_type=\"heading.default\">\n\t\t\t\t\t<h2 class=\"elementor-heading-title elementor-size-default\">Skj\u00f3tt yfirlit<\/h2>\t\t\t\t<\/div>\n\t\t<div class=\"elementor-element elementor-element-iw-schutzkerze-s0-bw e-con-full e-flex e-con e-child\" data-id=\"iw-schutzkerze-s0-bw\" data-element_type=\"container\" data-e-type=\"container\">\n\t\t\t\t<div class=\"elementor-element elementor-element-iwgs-schutzkerze-s0t elementor-widget elementor-widget-text-editor\" data-id=\"iwgs-schutzkerze-s0t\" data-element_type=\"widget\" data-e-type=\"widget\" data-widget_type=\"text-editor.default\">\n\t\t\t\t\t\t\t\t\t<p>\u00cd <span class=\"iwg-fachbegriff\" data-tooltip=\"Mi\u00f0lun \u00feekkingar og sagna kynsl\u00f3\u00f0 fram af kynsl\u00f3\u00f0.\" tabindex=\"0\">munnm\u00e6lum<\/span> er kerti\u00f0 tali\u00f0 vernd sem f\u00e6rir lj\u00f3s \u00ed myrkri\u00f0 sem ska\u00f0legar verur kj\u00f3sa. \u00dea\u00f0 er blessa\u00f0, tengt b\u00e6num e\u00f0a skreytt t\u00e1knum til a\u00f0 styrkja virkni \u00feess.<\/p><p>S\u00e9rstaka merkingu hafa v\u00edg\u00f0 kerti \u00ed kristinni hef\u00f0, en samsvarandi hef\u00f0ir finnast \u00ed tr\u00faarlegu, afr\u00edku-amer\u00edsku, samruna- og \u00fej\u00f3\u00f0tr\u00faarlegu samhengi um allan heim. Verndarm\u00e1tturinn birtist \u00ed brennslunni, ekki \u00ed \u00fev\u00ed einu a\u00f0 kerti\u00f0 s\u00e9 sett upp. Slokknar loginn \u00f3v\u00e6nt, telja margar munnm\u00e6lahef\u00f0ir \u00fea\u00f0 vi\u00f0v\u00f6run e\u00f0a merki um a\u00f0 verndin s\u00e9 \u00e1 enda.<\/p>\t\t\t\t\t\t\t\t<\/div>\n\t\t\t\t<\/div>\n\t\t\t\t\t<\/div>\n\t\t\t\t<\/div>\n\t\t<div class=\"elementor-element elementor-element-iwgs-schutzkerze-s1 e-flex e-con-boxed e-con e-parent\" data-id=\"iwgs-schutzkerze-s1\" data-element_type=\"container\" data-e-type=\"container\">\n\t\t\t\t\t<div class=\"e-con-inner\">\n\t\t\t\t<div class=\"elementor-element elementor-element-iwgs-schutzkerze-s1h elementor-widget elementor-widget-heading\" data-id=\"iwgs-schutzkerze-s1h\" data-element_type=\"widget\" data-e-type=\"widget\" data-widget_type=\"heading.default\">\n\t\t\t\t\t<h2 class=\"elementor-heading-title elementor-size-default\">Uppruni og munnm\u00e6li<\/h2>\t\t\t\t<\/div>\n\t\t<div class=\"elementor-element elementor-element-iw-schutzkerze-s1-bw e-con-full e-flex e-con e-child\" data-id=\"iw-schutzkerze-s1-bw\" data-element_type=\"container\" data-e-type=\"container\">\n\t\t\t\t<div class=\"elementor-element elementor-element-iwgs-schutzkerze-s1t elementor-widget elementor-widget-text-editor\" data-id=\"iwgs-schutzkerze-s1t\" data-element_type=\"widget\" data-e-type=\"widget\" data-widget_type=\"text-editor.default\">\n\t\t\t\t\t\t\t\t\t<p>\u00cd kristinni Evr\u00f3pu \u00fer\u00f3a\u00f0ist verndarkerti\u00f0 \u00far samspili kirkjulegra si\u00f0a og \u00fej\u00f3\u00f0tr\u00faar. <span class=\"iwg-fachbegriff\" data-tooltip=\"Helgisi\u00f0ahandlun \u00fear sem hlutur, sta\u00f0ur e\u00f0a manneskja er v\u00edg\u00f0 tr\u00faarlega.\" tabindex=\"0\">V\u00edgsla<\/span> kerta \u00e1 kyndilmessu, 2. febr\u00faar, skapa\u00f0i s\u00e9rstaklega eftirs\u00f3ttan verndargrip: v\u00edg\u00f0a kyndilmessukerti\u00f0.<\/p><p>\u00cd \u00fej\u00f3\u00f0tr\u00fa margra \u00fe\u00fdskum\u00e6landi sv\u00e6\u00f0a var \u00fea\u00f0 afmynda\u00f0 e\u00f0a kveikt \u00e1 \u00fev\u00ed \u00ed \u00ferumuve\u00f0rum til a\u00f0 halda eldingum og illum \u00f6ndum \u00ed fjarl\u00e6g\u00f0. Dau\u00f0vona f\u00f3lki var \u00fea\u00f0 sett \u00ed h\u00f6nd svo a\u00f0 lj\u00f3si\u00f0 fylgdi umskiptunum og hindra\u00f0i illar verur fr\u00e1 a\u00f0 n\u00e1lgast d\u00e1narbe\u00f0i\u00f0.<\/p>\n<p>\u00cd ashkenas\u00edskri, gy\u00f0inglegri hef\u00f0 brennur havdala-kerti\u00f0 vi\u00f0 lok hv\u00edldardagsins sem margloga blys, sem markar skilin milli helgrar stundar og hversdagsleika.<\/p><p>Samhli\u00f0a voru kerti notu\u00f0 \u00e1 gr\u00f6fum og vi\u00f0 \u00e1rlegar minningarathafnir til a\u00f0 hei\u00f0ra s\u00e1lir hinna framli\u00f0nu og tryggja r\u00f3 \u00feeirra. <span class=\"iwg-fachbegriff\" data-tooltip=\"Mi\u00f0lun \u00feekkingar og sagna kynsl\u00f3\u00f0 fram af kynsl\u00f3\u00f0.\" tabindex=\"0\">Munnm\u00e6lin<\/span> greina \u00e1 milli kerta sem brenna til verndar hinum lifandi og \u00feeirra sem eru tileinku\u00f0 hinum d\u00e1nu.<\/p>\n<p>\u00cd afr\u00f3-brasil\u00edsku tr\u00faarbr\u00f6g\u00f0unum Candombl\u00e9 og \u00f6\u00f0rum afr\u00edku-amer\u00edskum hef\u00f0um eru kerti \u00ed \u00e1kve\u00f0num litum tendru\u00f0 fyrir s\u00e9rstaka orixa, \u00fe.e. gu\u00f0ir. Hv\u00edt kerti eru tileinku\u00f0 vernd og hreinsun, en a\u00f0rir litir eru valdir s\u00e9rstaklega til varnar gegn \u00e1kve\u00f0num \u00e1hrifum. \u00deessi i\u00f0kun tengir afr\u00edska uppruna vi\u00f0 ka\u00fe\u00f3lska helgimyndager\u00f0 og myndar sj\u00e1lfst\u00e6\u00f0a verndarhef\u00f0.<\/p>\n<p>\u00cd Mex\u00edk\u00f3 og Mi\u00f0-Amer\u00edku leika kerti st\u00f3rt hlutverk \u00e1 D\u00eda de los Muertos og \u00ed curanderismo-i\u00f0kun. Samkv\u00e6mt \u00fej\u00f3\u00f0legri l\u00fdsingu opnar kerti\u00f0 lei\u00f0 milli heima og heldur ska\u00f0legum \u00e1hrifum fr\u00e1 r\u00fdminu me\u00f0an \u00fea\u00f0 brennur.<\/p>\t\t\t\t\t\t\t\t<\/div>\n\t\t\t\t<\/div>\n\t\t\t\t\t<\/div>\n\t\t\t\t<\/div>\n\t\t<div class=\"elementor-element elementor-element-iwgs-schutzkerze-s2 e-flex e-con-boxed e-con e-parent\" data-id=\"iwgs-schutzkerze-s2\" data-element_type=\"container\" data-e-type=\"container\">\n\t\t\t\t\t<div class=\"e-con-inner\">\n\t\t\t\t<div class=\"elementor-element elementor-element-iwgs-schutzkerze-s2h elementor-widget elementor-widget-heading\" data-id=\"iwgs-schutzkerze-s2h\" data-element_type=\"widget\" data-e-type=\"widget\" data-widget_type=\"heading.default\">\n\t\t\t\t\t<h2 class=\"elementor-heading-title elementor-size-default\">Virknihugmynd samkv\u00e6mt munnm\u00e6lum<\/h2>\t\t\t\t<\/div>\n\t\t<div class=\"elementor-element elementor-element-iw-schutzkerze-s2-bw e-con-full e-flex e-con e-child\" data-id=\"iw-schutzkerze-s2-bw\" data-element_type=\"container\" data-e-type=\"container\">\n\t\t\t\t<div class=\"elementor-element elementor-element-iwgs-schutzkerze-s2t elementor-widget elementor-widget-text-editor\" data-id=\"iwgs-schutzkerze-s2t\" data-element_type=\"widget\" data-e-type=\"widget\" data-widget_type=\"text-editor.default\">\n\t\t\t\t\t\t\t\t\t<p><span class=\"iwg-fachbegriff\" data-tooltip=\"Mi\u00f0lun \u00feekkingar og sagna kynsl\u00f3\u00f0 fram af kynsl\u00f3\u00f0.\" tabindex=\"0\">Munnm\u00e6lin<\/span> l\u00fdsa verndarm\u00e6tti kertisins \u00e1 m\u00f6rgum svi\u00f0um. Einfaldasta sk\u00fdringin er l\u00edkamleg: lj\u00f3s f\u00e6lir myrkri\u00f0 burt sem ska\u00f0legar verur \u00fer\u00edfast \u00ed. \u00deessi hugmynd birtist allt fr\u00e1 gr\u00edskri <span class=\"iwg-fachbegriff\" data-tooltip=\"T\u00edmabil gr\u00edskrar og r\u00f3mverskrar menningar, um 800 f.Kr. til 600 e.Kr.\" tabindex=\"0\">forn\u00f6ld<\/span> til n\u00fat\u00edma \u00fej\u00f3\u00f0t\u00f6fra.<\/p>\n<p>Auk \u00feess tengja <span class=\"iwg-fachbegriff\" data-tooltip=\"Mi\u00f0lun \u00feekkingar og sagna kynsl\u00f3\u00f0 fram af kynsl\u00f3\u00f0.\" tabindex=\"0\">munnm\u00e6lin<\/span> kertalj\u00f3si\u00f0 vi\u00f0 helga hl\u00fdju og n\u00e1vist gu\u00f0d\u00f3ms. V\u00edgt kerti ber samkv\u00e6mt \u00feessari hugmynd \u00ed s\u00e9r <span class=\"iwg-fachbegriff\" data-tooltip=\"B\u00e6n um heill og vernd, oft \u00ed fastri m\u00e1lformlegri ger\u00f0.\" tabindex=\"0\">blessun<\/span> sem losnar \u00far l\u00e6\u00f0ingi vi\u00f0 brennsluna.<\/p><p>Loginn er ekki a\u00f0eins lj\u00f3s heldur einnig mi\u00f0ill sem flytur b\u00e6nir og \u00e1setning yfir \u00e1 anna\u00f0 tilverustig. \u00cd sjaman\u00edsku og \u00fej\u00f3\u00f0t\u00f6fralegu samhengi er tali\u00f0 a\u00f0 horfa \u00e1 logann veita lei\u00f0 til a\u00f0 taka \u00e1 m\u00f3ti uppl\u00fdsingum e\u00f0a skerpa \u00e1setning.<\/p>\n<p>\u00deri\u00f0ja sk\u00fdringin er t\u00e1knr\u00e6ns e\u00f0lis: kerti\u00f0 stendur fyrir l\u00edfskraft, v\u00f6ku og samfellu. \u00dea\u00f0 a\u00f0 kveikja markvisst \u00e1 kerti sem verndara\u00f0ger\u00f0 er sta\u00f0festing \u00e1 a\u00f0 taka eigi\u00f0 r\u00fdmi \u00ed s\u00edna v\u00f6rslu og l\u00e1ta \u00fea\u00f0 ekki myrkrinu \u00ed t\u00e9. \u00deessi t\u00e1knr\u00e6na merking styrkir, samkv\u00e6mt \u00fej\u00f3\u00f0tr\u00fa, virkni kertisins, \u00fev\u00ed \u00e1setningur gerandans er talinn hluti af verndinni.<\/p>\t\t\t\t\t\t\t\t<\/div>\n\t\t\t\t<\/div>\n\t\t\t\t\t<\/div>\n\t\t\t\t<\/div>\n\t\t<div class=\"elementor-element elementor-element-iwgs-schutzkerze-s3 e-flex e-con-boxed e-con e-parent\" data-id=\"iwgs-schutzkerze-s3\" data-element_type=\"container\" data-e-type=\"container\">\n\t\t\t\t\t<div class=\"e-con-inner\">\n\t\t\t\t<div class=\"elementor-element elementor-element-iwgs-schutzkerze-s3h elementor-widget elementor-widget-heading\" data-id=\"iwgs-schutzkerze-s3h\" data-element_type=\"widget\" data-e-type=\"widget\" data-widget_type=\"heading.default\">\n\t\t\t\t\t<h2 class=\"elementor-heading-title elementor-size-default\">\u00datbrei\u00f0sla yfir menningarheima<\/h2>\t\t\t\t<\/div>\n\t\t<div class=\"elementor-element elementor-element-iw-schutzkerze-s3-bw e-con-full e-flex e-con e-child\" data-id=\"iw-schutzkerze-s3-bw\" data-element_type=\"container\" data-e-type=\"container\">\n\t\t\t\t<div class=\"elementor-element elementor-element-iwgs-schutzkerze-s3t elementor-widget elementor-widget-text-editor\" data-id=\"iwgs-schutzkerze-s3t\" data-element_type=\"widget\" data-e-type=\"widget\" data-widget_type=\"text-editor.default\">\n\t\t\t\t\t\t\t\t\t<p>Mi\u00f0-Evr\u00f3pa: Kyndilmessukerti, sk\u00edrnarkerti, p\u00e1skakerti. Samkv\u00e6mt \u00fej\u00f3\u00f0tr\u00fa fylgir sk\u00edrnarkerti\u00f0 barninu \u00ed gegnum l\u00edfi\u00f0 og er tendra\u00f0 \u00ed \u00f3gnvekjandi a\u00f0st\u00e6\u00f0um. \u00c1 sumum sv\u00e6\u00f0um var sk\u00edrnarkerti\u00f0 einnig tendra\u00f0 a\u00f0 n\u00fdju vi\u00f0 dau\u00f0a vi\u00f0komandi manneskju.<\/p>\n<p>Skandinav\u00eda: L\u00fas\u00eduh\u00e1t\u00ed\u00f0 og a\u00f0ventuvenjur tengja lj\u00f3s vi\u00f0 vernd \u00e1 dimmasta t\u00edma \u00e1rsins. \u00cd norr\u00e6nni \u00fej\u00f3\u00f0tr\u00fa var kertalj\u00f3si komi\u00f0 markvisst fyrir \u00ed gluggum \u00e1 veturna til a\u00f0 halda illum vetrarv\u00e6ttum fr\u00e1.<\/p>\n<p>Austur-evr\u00f3pskar hef\u00f0ir: \u00cd slavneskri og gr\u00edsk-or\u00fe\u00f3doxri \u00fej\u00f3\u00f0tr\u00fa gegna blessu\u00f0 kerti lykilhlutverki \u00ed l\u00e6kningum, andarekstri og \u00fatf\u00f6rum. Kerti\u00f0 markar m\u00f6rkin milli hins helga\u00f0a athafnar\u00fdmis og umheimsins.<\/p>\n<p>Afr\u00edsk-amer\u00edsk samruna tr\u00faarbr\u00f6g\u00f0: Candombl\u00e9, Santer\u00eda, Vodou og \u00e1\u00feekkar hef\u00f0ir nota kerti sem meginlei\u00f0 til samskipta vi\u00f0 verndandi anda og gu\u00f0ir. Framkv\u00e6mdin er mj\u00f6g n\u00e1kv\u00e6m: litur, lengd, t\u00edmasetning tendrunar og fylgjandi form\u00falur eru allt k\u00f3\u00f0u\u00f0 atri\u00f0i.<\/p>\n<p>Su\u00f0austur- og Austur-As\u00eda: \u00cd b\u00fadd\u00edskum musterum \u00ed Su\u00f0austur-As\u00edu og \u00ed da\u00f3\u00edskum helgist\u00f6\u00f0um \u00ed K\u00edna brenna kerti og ol\u00edulampar sem t\u00e1kn tengsla vi\u00f0 gu\u00f0i og forfe\u00f0ur. \u00cd \u00fej\u00f3\u00f0tr\u00fa eru \u00feau talin verja gegn \u00f6ndum sem eru virkir \u00e1 n\u00f3ttunni e\u00f0a \u00e1 s\u00e9rst\u00f6kum d\u00f6gum.<\/p>\t\t\t\t\t\t\t\t<\/div>\n\t\t\t\t<\/div>\n\t\t\t\t\t<\/div>\n\t\t\t\t<\/div>\n\t\t<div class=\"elementor-element elementor-element-iwgs-schutzkerze-s4 e-flex e-con-boxed e-con e-parent\" data-id=\"iwgs-schutzkerze-s4\" data-element_type=\"container\" data-e-type=\"container\">\n\t\t\t\t\t<div class=\"e-con-inner\">\n\t\t\t\t<div class=\"elementor-element elementor-element-iwgs-schutzkerze-s4h elementor-widget elementor-widget-heading\" data-id=\"iwgs-schutzkerze-s4h\" data-element_type=\"widget\" data-e-type=\"widget\" data-widget_type=\"heading.default\">\n\t\t\t\t\t<h2 class=\"elementor-heading-title elementor-size-default\">Gegn hverju hann er nota\u00f0ur<\/h2>\t\t\t\t<\/div>\n\t\t<div class=\"elementor-element elementor-element-iw-schutzkerze-s4-bw e-con-full e-flex e-con e-child\" data-id=\"iw-schutzkerze-s4-bw\" data-element_type=\"container\" data-e-type=\"container\">\n\t\t\t\t<div class=\"elementor-element elementor-element-iwgs-schutzkerze-s4t elementor-widget elementor-widget-text-editor\" data-id=\"iwgs-schutzkerze-s4t\" data-element_type=\"widget\" data-e-type=\"widget\" data-widget_type=\"text-editor.default\">\n\t\t\t\t\t\t\t\t\t<p><span class=\"iwg-fachbegriff\" data-tooltip=\"Mi\u00f0lun \u00feekkingar og sagna milli kynsl\u00f3\u00f0a.\" tabindex=\"0\">Munnm\u00e6lahef\u00f0in<\/span> l\u00fdsir verndarkertinu sem s\u00e9rstaklega virku gegn \u00e1kve\u00f0num tegundum ska\u00f0legra \u00e1hrifa:<\/p>\n<p>\u00d6ndum framli\u00f0inna sem hanga vi\u00f0 sta\u00f0i e\u00f0a f\u00f3lk. Kerti vi\u00f0 r\u00fam sj\u00faks e\u00f0a deyjandi manns var \u00ed m\u00f6rgum evr\u00f3pskum h\u00e9ru\u00f0um tali\u00f0 vernda gegn \u00fev\u00ed a\u00f0 ska\u00f0legar s\u00e1lir e\u00f0a p\u00fakar n\u00e6\u00f0u t\u00f6kum \u00e1 veiktri manneskju.<\/p>\n<p>N\u00e1ttvirkum v\u00e6ttum, \u00fe.e. verum sem \u00feurfa myrkur til a\u00f0 athafna sig. \u00cd evr\u00f3pskri \u00fej\u00f3\u00f0tr\u00fa teljast \u00e1lfar (\u00fe. Alpen), maur og \u00e1\u00feekkar v\u00e6ttir til \u00feeirra sem sag\u00f0ar eru for\u00f0ast lj\u00f3s.<\/p>\n<p><span class=\"iwg-fachbegriff\" data-tooltip=\"\u00datbreidd hugmynd um a\u00f0 \u00f6fundsj\u00fakt augnar\u00e1\u00f0 annarrar manneskju geti valdi\u00f0 ska\u00f0a.\" tabindex=\"0\">Illt auga<\/span> og \u00e1hrif \u00f6fundar. \u00cd hef\u00f0um vi\u00f0 Mi\u00f0jar\u00f0arhaf, \u00ed Mi\u00f0-Austurl\u00f6ndum og \u00ed R\u00f3m\u00f6nsku Amer\u00edku er kerti\u00f0 nota\u00f0 til varnar gegn illu auga, oft samhli\u00f0a \u00f6\u00f0rum verndargripum.<\/p>\n<p>Almennur ska\u00f0agaldur. \u00cd \u00fej\u00f3\u00f0legri t\u00f6frafr\u00e6\u00f0i er kerti tendra\u00f0 til a\u00f0 hreinsa r\u00fdmi af a\u00f0hangandi neikv\u00e6\u00f0ri orku, \u00e1\u00f0ur en \u00f6nnur verndarme\u00f0ul eru tekin \u00ed notkun.<\/p>\n<p>Fyrir n\u00e1kv\u00e6mari tengingar vi\u00f0 v\u00e6ttir \u00far or\u00f0ab\u00f3kinni v\u00edsar <a href=\"https:\/\/iwell-guard.com\/is\/?page_id=169276\">verndarlei\u00f0arv\u00edsirinn<\/a> \u00e1 vi\u00f0eigandi tengsl.<\/p>\t\t\t\t\t\t\t\t<\/div>\n\t\t\t\t<\/div>\n\t\t\t\t\t<\/div>\n\t\t\t\t<\/div>\n\t\t<div class=\"elementor-element elementor-element-iwgs-schutzkerze-s5 e-flex e-con-boxed e-con e-parent\" data-id=\"iwgs-schutzkerze-s5\" data-element_type=\"container\" data-e-type=\"container\">\n\t\t\t\t\t<div class=\"e-con-inner\">\n\t\t\t\t<div class=\"elementor-element elementor-element-iwgs-schutzkerze-s5h elementor-widget elementor-widget-heading\" data-id=\"iwgs-schutzkerze-s5h\" data-element_type=\"widget\" data-e-type=\"widget\" data-widget_type=\"heading.default\">\n\t\t\t\t\t<h2 class=\"elementor-heading-title elementor-size-default\">Notkun og takmarkanir<\/h2>\t\t\t\t<\/div>\n\t\t<div class=\"elementor-element elementor-element-iw-schutzkerze-s5-bw e-con-full e-flex e-con e-child\" data-id=\"iw-schutzkerze-s5-bw\" data-element_type=\"container\" data-e-type=\"container\">\n\t\t\t\t<div class=\"elementor-element elementor-element-iwgs-schutzkerze-s5t elementor-widget elementor-widget-text-editor\" data-id=\"iwgs-schutzkerze-s5t\" data-element_type=\"widget\" data-e-type=\"widget\" data-widget_type=\"text-editor.default\">\n\t\t\t\t\t\t\t\t\t<p><span class=\"iwg-fachbegriff\" data-tooltip=\"Mi\u00f0lun \u00feekkingar og sagna milli kynsl\u00f3\u00f0a.\" tabindex=\"0\">Munnm\u00e6lahef\u00f0in<\/span> r\u00e1\u00f0leggur me\u00f0vita\u00f0a notkun kertisins \u00e1 \u00e1kve\u00f0num t\u00edmum og st\u00f6\u00f0um: vi\u00f0 inngang h\u00fass, vi\u00f0 r\u00fam, \u00e1 <span class=\"iwg-fachbegriff\" data-tooltip=\"Upph\u00e6kka\u00f0ur sta\u00f0ur e\u00f0a bor\u00f0 fyrir f\u00f3rnir og tr\u00faarathafnir.\" tabindex=\"0\">altari<\/span>, \u00e1 \u00fer\u00f6skuldi.<\/p><p>Samkv\u00e6mt flestum hef\u00f0um \u00e6tti kerti\u00f0 a\u00f0 f\u00e1 a\u00f0 brenna alveg ni\u00f0ur \u00feegar \u00fea\u00f0 er tendra\u00f0 til verndar. A\u00f0 bl\u00e1sa kerti\u00f0 \u00fat er \u00e1 m\u00f6rgum st\u00f6\u00f0um tali\u00f0 \u00f3vi\u00f0eigandi gagnvart tendru\u00f0um verndarkraftinum; a\u00f0 l\u00e1ta \u00fea\u00f0 slokkna sj\u00e1lft e\u00f0a brenna \u00fat er hin vi\u00f0tekna framkv\u00e6md.<\/p>\n<p>Takmarkanirnar felast \u00ed t\u00edmalegri afm\u00f6rkun brunans. Kerti sem er slokkna\u00f0 veitir ekki lengur vernd.<\/p><p>\u00cd m\u00f6rgum hef\u00f0um er skyndilegt slokknun \u00e1n drags\u00fags talin merki um a\u00f0 verndarm\u00e1tturinn hafi veri\u00f0 kalla\u00f0ur fram gegn einhverju e\u00f0a a\u00f0 h\u00e6ttan hafi veri\u00f0 s\u00e9rlega mikil. Hvort \u00feetta er t\u00falka\u00f0 sem \u00e1rangur e\u00f0a vi\u00f0v\u00f6run fer eftir samhengi hverju sinni.<\/p>\n<p>Ekki eru \u00f6ll ska\u00f0leg \u00e1hrif talin lj\u00f3sf\u00e6lin. V\u00e6ttir sem tengjast eldi e\u00f0a sterku lj\u00f3si ver\u00f0a ekki f\u00e6ldir burt me\u00f0 kertalj\u00f3si. Og \u00e1hrif blessa\u00f0ra kerta eru \u00ed <span class=\"iwg-fachbegriff\" data-tooltip=\"Mi\u00f0lun \u00feekkingar og sagna milli kynsl\u00f3\u00f0a.\" tabindex=\"0\">munnm\u00e6lahef\u00f0inni<\/span> talin \u00f6flugri en \u00f3blessa\u00f0ra: <span class=\"iwg-fachbegriff\" data-tooltip=\"\u00d3sk um heill og vernd, oft \u00ed \u00e1kve\u00f0nu m\u00e1lformi.\" tabindex=\"0\">blessunin<\/span> er talin styrkjandi \u00fe\u00e1ttur.<\/p>\t\t\t\t\t\t\t\t<\/div>\n\t\t\t\t<\/div>\n\t\t\t\t\t<\/div>\n\t\t\t\t<\/div>\n\t\t<div class=\"elementor-element elementor-element-iwgs-schutzkerze-lit e-flex e-con-boxed e-con e-parent\" data-id=\"iwgs-schutzkerze-lit\" data-element_type=\"container\" data-e-type=\"container\">\n\t\t\t\t\t<div class=\"e-con-inner\">\n\t\t\t\t<div class=\"elementor-element elementor-element-iwgs-schutzkerze-lith elementor-widget elementor-widget-heading\" data-id=\"iwgs-schutzkerze-lith\" data-element_type=\"widget\" data-e-type=\"widget\" data-widget_type=\"heading.default\">\n\t\t\t\t\t<h2 class=\"elementor-heading-title elementor-size-default\">Heimildir (\u00farval)<\/h2>\t\t\t\t<\/div>\n\t\t<div class=\"elementor-element elementor-element-iw-schutzkerze-lit-bw e-con-full e-flex e-con e-child\" data-id=\"iw-schutzkerze-lit-bw\" data-element_type=\"container\" data-e-type=\"container\">\n\t\t\t\t<div class=\"elementor-element elementor-element-iwgs-schutzkerze-litt elementor-widget elementor-widget-html\" data-id=\"iwgs-schutzkerze-litt\" data-element_type=\"widget\" data-e-type=\"widget\" data-widget_type=\"html.default\">\n\t\t\t\t\t<footer data-nosnippet=\"true\"><ul><li>Handw\u00f6rterbuch des deutschen Aberglaubens, hrsg. von Hanns B\u00e4chtold-St\u00e4ubli, greinarnar \"Kerze\" og \"Licht\", Berlin\/Leipzig 1931\/32.<\/li><li>Lurker, Manfred: W\u00f6rterbuch der Symbolik. Stuttgart 1988.<\/li><li>P\u00f3cs, \u00c9va: Between the Living and the Dead. Budapest 1999.<\/li><li>Bastide, Roger: The African Religions of Brazil. Baltimore 1978.<\/li><li>Trachtenberg, Joshua: Jewish Magic and Superstition. New York 1939.<\/li><\/ul><\/footer>\t\t\t\t<\/div>\n\t\t\t\t<\/div>\n\t\t\t\t\t<\/div>\n\t\t\t\t<\/div>\n\t\t<div class=\"elementor-element elementor-element-iwgs-schutzkerze-kwd e-flex e-con-boxed e-con e-parent\" data-id=\"iwgs-schutzkerze-kwd\" data-element_type=\"container\" data-e-type=\"container\">\n\t\t\t\t\t<div class=\"e-con-inner\">\n\t\t<div class=\"elementor-element elementor-element-iw-schutzkerze-kwd-bw e-con-full e-flex e-con e-child\" data-id=\"iw-schutzkerze-kwd-bw\" data-element_type=\"container\" data-e-type=\"container\">\n\t\t\t\t<div class=\"elementor-element elementor-element-iwgs-schutzkerze-kwdt elementor-widget elementor-widget-text-editor\" data-id=\"iwgs-schutzkerze-kwdt\" data-element_type=\"widget\" data-e-type=\"widget\" data-widget_type=\"text-editor.default\">\n\t\t\t\t\t\t\t\t\t<p><em>Tengd leitaror\u00f0: verndarkerti kerti vernd lj\u00f3sath\u00f6fn blessu\u00f0.<\/em><\/p>\t\t\t\t\t\t\t\t<\/div>\n\t\t\t\t<\/div>\n\t\t\t\t\t<\/div>\n\t\t\t\t<\/div>\n\t\t<div class=\"elementor-element elementor-element-iwgs-schutzkerze-cc e-flex e-con-boxed e-con e-parent\" data-id=\"iwgs-schutzkerze-cc\" data-element_type=\"container\" data-e-type=\"container\" id=\"iwg-cc-schutzkerze\">\n\t\t\t\t\t<div class=\"e-con-inner\">\n\t\t<div class=\"elementor-element elementor-element-iwgs-schutzkerze-ccinner e-flex e-con-boxed e-con e-parent\" data-id=\"iwgs-schutzkerze-ccinner\" data-element_type=\"container\" data-e-type=\"container\" data-settings=\"{&quot;background_background&quot;:&quot;classic&quot;}\">\n\t\t\t\t\t<div class=\"e-con-inner\">\n\t\t\t\t<div class=\"elementor-element elementor-element-iwgs-schutzkerze-cch elementor-widget elementor-widget-heading\" data-id=\"iwgs-schutzkerze-cch\" data-element_type=\"widget\" data-e-type=\"widget\" data-widget_type=\"heading.default\">\n\t\t\t\t\t<h2 class=\"elementor-heading-title elementor-size-default\">iWell Guard og verndarhef\u00f0ir<\/h2>\t\t\t\t<\/div>\n\t\t\t\t<div class=\"elementor-element elementor-element-iwgs-schutzkerze-cct elementor-widget elementor-widget-text-editor\" data-id=\"iwgs-schutzkerze-cct\" data-element_type=\"widget\" data-e-type=\"widget\" data-widget_type=\"text-editor.default\">\n\t\t\t\t\t\t\t\t\t<p>Kerti\u00f0 sem verndargripur birtir meginreglu sem menningarheimar hafa uppg\u00f6tva\u00f0 hver \u00f3h\u00e1\u00f0 \u00f6\u00f0rum: me\u00f0vita\u00f0 tendra\u00f0 lj\u00f3s sem t\u00e1kn um sta\u00f0festu andsp\u00e6nis \u00fev\u00ed \u00f3\u00feekkta.<\/p><p>Fr\u00e1 kyndilmessukertinu \u00ed Alpah\u00e9ru\u00f0unum til athafnakertisins \u00ed afr\u00edsk-amer\u00edskum hef\u00f0um krefst tendrunin \u00e1setnings og einbeitingar. <a href=\"https:\/\/iwell-guard.com\/is\/verndargripur-iwell-guard-kaupa\/\">iWell Guard<\/a> ber \u00feessa samsetningu \u00f3l\u00edkra verndarhef\u00f0a sem hlut sem fylgir eigandanum, og veitir stu\u00f0ning einnig \u00feegar ekkert logi brennur.<\/p>\t\t\t\t\t\t\t\t<\/div>\n\t\t\t\t<div class=\"elementor-element elementor-element-iwgs-schutzkerze-ccb iwg-cc-button iwg-cc-cta-2026-05-13 elementor-widget elementor-widget-jet-button\" data-id=\"iwgs-schutzkerze-ccb\" data-element_type=\"widget\" data-e-type=\"widget\" data-widget_type=\"jet-button.default\">\n\t\t\t\t<div class=\"elementor-widget-container\">\n\t\t\t\t\t<div class=\"elementor-jet-button jet-elements\"><div class=\"jet-button__container\"><a class=\"jet-button__instance jet-button__instance--icon-left hover-effect-1\" href=\"\/schutzanhaenger-iwell-guard-kaufen\/?utm_source=iwell-guard.com&amp;utm_medium=info-box&amp;utm_campaign=schutzsymbole\"><div class=\"jet-button__plane jet-button__plane-normal\"><\/div><div class=\"jet-button__plane jet-button__plane-hover\"><\/div><div class=\"jet-button__state jet-button__state-normal\"><span class=\"jet-button__label\">Meira um iWell Guard<\/span><\/div><div class=\"jet-button__state jet-button__state-hover\"><span class=\"jet-button__label\">Meira um iWell Guard<\/span><\/div><\/a><\/div><\/div><style>.elementor-element.elementor-element-iwgs-schutzkerze-ccb .jet-button__instance{width:320px;height:56px;}.elementor-element.elementor-element-iwgs-schutzkerze-ccb .jet-button__state-normal .jet-button__label{text-align:center;margin:0px 0px 0px 0px;color:#1a1b20;font-family:Montserrat,sans-serif;font-size:13px;font-weight:400;letter-spacing:4px;line-height:1.714em;text-transform:uppercase;}.elementor-element.elementor-element-iwgs-schutzkerze-ccb .jet-button__state-hover .jet-button__label{text-align:center;margin:0px 0px 0px 0px;color:#FECC76;font-family:Montserrat,sans-serif;font-size:13px;font-weight:400;letter-spacing:4px;line-height:1.714em;text-transform:uppercase;}.elementor-element.elementor-element-iwgs-schutzkerze-ccb .jet-button__plane-normal{background-color:#FECC76;border-style:solid;border-color:#C99540;border-width:2px 2px 2px 2px;}.elementor-element.elementor-element-iwgs-schutzkerze-ccb .jet-button__plane-hover{background-color:rgba(0,0,0,0.55);border-style:solid;border-color:#FECC76;border-width:2px 2px 2px 2px;}<\/style>\t\t\t\t<\/div>\n\t\t\t\t<\/div>\n\t\t\t\t<div class=\"elementor-element elementor-element-iwgs-schutzkerze-ccd elementor-widget elementor-widget-text-editor\" data-id=\"iwgs-schutzkerze-ccd\" data-element_type=\"widget\" data-e-type=\"widget\" data-widget_type=\"text-editor.default\">\n\t\t\t\t\t\t\t\t\t<p style=\"text-align:center;font-size:13px;opacity:0.7;margin-top:14px\" data-nosnippet=\"true\">Pers\u00f3nuleg reynsla getur veri\u00f0 mismunandi. Ekki l\u00e6kningat\u00e6ki. Engin lofor\u00f0 um l\u00e6kningu.<\/p>\t\t\t\t\t\t\t\t<\/div>\n\t\t\t\t\t<\/div>\n\t\t\t\t<\/div>\n\t\t\t\t\t<\/div>\n\t\t\t\t<\/div>\n\t\t<div class=\"elementor-element elementor-element-iwgs-schutzkerze-disc e-flex e-con-boxed e-con e-parent\" data-id=\"iwgs-schutzkerze-disc\" data-element_type=\"container\" data-e-type=\"container\">\n\t\t\t\t\t<div class=\"e-con-inner\">\n\t\t<div class=\"elementor-element elementor-element-iw-schutzkerze-disc-bw e-con-full e-flex e-con e-child\" data-id=\"iw-schutzkerze-disc-bw\" data-element_type=\"container\" data-e-type=\"container\">\n\t\t\t\t<div class=\"elementor-element elementor-element-iwgs-schutzkerze-discw elementor-widget elementor-widget-html\" data-id=\"iwgs-schutzkerze-discw\" data-element_type=\"widget\" data-e-type=\"widget\" data-widget_type=\"html.default\">\n\t\t\t\t\t<footer data-nosnippet=\"true\" class=\"iwg-disclaimer-block\"><p data-nosnippet=\"true\">iWell Guard er <strong>ekki l\u00e6kningat\u00e6ki<\/strong> og kemur ekki \u00ed sta\u00f0 l\u00e6knis- e\u00f0a s\u00e1lfr\u00e6\u00f0ime\u00f0fer\u00f0ar. Innihaldi\u00f0 sem h\u00e9r er sett fram er tr\u00faarbrag\u00f0afr\u00e6\u00f0ileg og menningars\u00f6gulega greining, ekki lofor\u00f0 um andlega virkni.<\/p><\/footer>\t\t\t\t<\/div>\n\t\t\t\t<\/div>\n\t\t\t\t\t<\/div>\n\t\t\t\t<\/div>\n\t\t\t\t<\/div>\n\t\t","protected":false},"excerpt":{"rendered":"","protected":false},"author":3,"featured_media":4128,"parent":0,"menu_order":0,"comment_status":"closed","ping_status":"closed","template":"elementor_header_footer","meta":{"_yoast_wpseo_focuskw":"verndarkerti","_yoast_wpseo_title":"Verndarkerti - Lj\u00f3s sem v\u00f6rn","_yoast_wpseo_metadesc":"Verndarkerti\u00f0 \u00ed munnm\u00e6lum: uppruni, virknihugmynd og notkun kertisins sem verndargripar \u00ed \u00fdmsum menningarheimum.","_yoast_wpseo_meta-robots-noindex":"","_yoast_wpseo_canonical":"","_angie_page":false,"gefaehrdungsstufe":"","wesen_kultur":"","wesen_klasse":"","footnotes":""},"categories":[],"class_list":["post-169281","page","type-page","status-publish","has-post-thumbnail","hentry"],"yoast_head":"<!-- This site is optimized with the Yoast SEO Premium plugin v27.7 (Yoast SEO v28.3) - https:\/\/yoast.com\/product\/yoast-seo-premium-wordpress\/ -->\n<title>Verndarkerti - Lj\u00f3s sem v\u00f6rn<\/title>\n<meta name=\"description\" content=\"Verndarkerti\u00f0 \u00ed munnm\u00e6lum: uppruni, virknihugmynd og notkun kertisins sem verndargripar \u00ed \u00fdmsum menningarheimum.\" \/>\n<meta name=\"robots\" content=\"index, follow, max-snippet:-1, max-image-preview:large, max-video-preview:-1\" \/>\n<link rel=\"canonical\" href=\"https:\/\/iwell-guard.com\/is\/verndarkerti\/\" \/>\n<meta property=\"og:locale\" content=\"is_IS\" \/>\n<meta property=\"og:type\" content=\"article\" \/>\n<meta property=\"og:title\" content=\"Verndarkerti\" \/>\n<meta property=\"og:description\" content=\"Verndarkerti\u00f0 \u00ed munnm\u00e6lum: uppruni, virknihugmynd og notkun kertisins sem verndargripar \u00ed \u00fdmsum menningarheimum.\" \/>\n<meta property=\"og:url\" content=\"https:\/\/iwell-guard.com\/is\/verndarkerti\/\" \/>\n<meta property=\"og:site_name\" content=\"iWell Guard\" \/>\n<meta property=\"article:modified_time\" content=\"2026-09-05T14:36:53+00:00\" \/>\n<meta property=\"og:image\" content=\"https:\/\/iwell-guard.com\/wp-content\/uploads\/2026\/05\/schutzsymbol_universell_schutzkerze.png\" \/>\n\t<meta property=\"og:image:width\" content=\"1024\" \/>\n\t<meta property=\"og:image:height\" content=\"1536\" \/>\n\t<meta property=\"og:image:type\" content=\"image\/png\" \/>\n<meta name=\"twitter:card\" content=\"summary_large_image\" \/>\n<script type=\"application\/ld+json\" class=\"yoast-schema-graph\">{\"@context\":\"https:\\\/\\\/schema.org\",\"@graph\":[{\"@type\":\"WebPage\",\"@id\":\"https:\\\/\\\/iwell-guard.com\\\/is\\\/verndarkerti\\\/\",\"url\":\"https:\\\/\\\/iwell-guard.com\\\/is\\\/verndarkerti\\\/\",\"name\":\"Verndarkerti - Lj\u00f3s sem v\u00f6rn\",\"isPartOf\":{\"@id\":\"https:\\\/\\\/iwell-guard.com\\\/is\\\/#website\"},\"primaryImageOfPage\":{\"@id\":\"https:\\\/\\\/iwell-guard.com\\\/is\\\/verndarkerti\\\/#primaryimage\"},\"image\":{\"@id\":\"https:\\\/\\\/iwell-guard.com\\\/is\\\/verndarkerti\\\/#primaryimage\"},\"thumbnailUrl\":\"https:\\\/\\\/iwell-guard.com\\\/wp-content\\\/uploads\\\/2026\\\/05\\\/schutzsymbol_universell_schutzkerze.png\",\"datePublished\":\"2026-09-05T14:07:06+00:00\",\"dateModified\":\"2026-09-05T14:36:53+00:00\",\"description\":\"Verndarkerti\u00f0 \u00ed munnm\u00e6lum: uppruni, virknihugmynd og notkun kertisins sem verndargripar \u00ed \u00fdmsum menningarheimum.\",\"breadcrumb\":{\"@id\":\"https:\\\/\\\/iwell-guard.com\\\/is\\\/verndarkerti\\\/#breadcrumb\"},\"inLanguage\":\"is\",\"potentialAction\":[{\"@type\":\"ReadAction\",\"target\":[\"https:\\\/\\\/iwell-guard.com\\\/is\\\/verndarkerti\\\/\"]}]},{\"@type\":\"ImageObject\",\"inLanguage\":\"is\",\"@id\":\"https:\\\/\\\/iwell-guard.com\\\/is\\\/verndarkerti\\\/#primaryimage\",\"url\":\"https:\\\/\\\/iwell-guard.com\\\/wp-content\\\/uploads\\\/2026\\\/05\\\/schutzsymbol_universell_schutzkerze.png\",\"contentUrl\":\"https:\\\/\\\/iwell-guard.com\\\/wp-content\\\/uploads\\\/2026\\\/05\\\/schutzsymbol_universell_schutzkerze.png\",\"width\":1024,\"height\":1536,\"caption\":\"Verndarkerti\u00f0 \u2013 lj\u00f3s gegn myrkum \u00e1hrifum, s\u00f6guleg og myndskreytandi framsetning\"},{\"@type\":\"BreadcrumbList\",\"@id\":\"https:\\\/\\\/iwell-guard.com\\\/is\\\/verndarkerti\\\/#breadcrumb\",\"itemListElement\":[{\"@type\":\"ListItem\",\"position\":1,\"name\":\"Start\",\"item\":\"https:\\\/\\\/iwell-guard.com\\\/is\\\/?page_id=168580\"},{\"@type\":\"ListItem\",\"position\":2,\"name\":\"Verndarkerti\"}]},{\"@type\":\"WebSite\",\"@id\":\"https:\\\/\\\/iwell-guard.com\\\/is\\\/#website\",\"url\":\"https:\\\/\\\/iwell-guard.com\\\/is\\\/\",\"name\":\"iWell Guard\",\"description\":\"Schutz vor dunklen Einfl\u00fcssen\",\"publisher\":{\"@id\":\"https:\\\/\\\/iwell-guard.com\\\/is\\\/#organization\"},\"potentialAction\":[{\"@type\":\"SearchAction\",\"target\":{\"@type\":\"EntryPoint\",\"urlTemplate\":\"https:\\\/\\\/iwell-guard.com\\\/is\\\/?s={search_term_string}\"},\"query-input\":{\"@type\":\"PropertyValueSpecification\",\"valueRequired\":true,\"valueName\":\"search_term_string\"}}],\"inLanguage\":\"is\"},{\"@type\":\"Organization\",\"@id\":\"https:\\\/\\\/iwell-guard.com\\\/is\\\/#organization\",\"name\":\"Ittermann electronic GmbH\",\"url\":\"https:\\\/\\\/iwell-guard.com\\\/is\\\/\",\"logo\":{\"@type\":\"ImageObject\",\"inLanguage\":\"is\",\"@id\":\"https:\\\/\\\/iwell-guard.com\\\/is\\\/#\\\/schema\\\/logo\\\/image\\\/\",\"url\":\"https:\\\/\\\/iwell-guard.com\\\/wp-content\\\/uploads\\\/2026\\\/05\\\/Ittermann-Logo-1182x237-1.png\",\"contentUrl\":\"https:\\\/\\\/iwell-guard.com\\\/wp-content\\\/uploads\\\/2026\\\/05\\\/Ittermann-Logo-1182x237-1.png\",\"width\":1182,\"height\":237,\"caption\":\"Ittermann electronic GmbH\"},\"image\":{\"@id\":\"https:\\\/\\\/iwell-guard.com\\\/is\\\/#\\\/schema\\\/logo\\\/image\\\/\"},\"sameAs\":[\"https:\\\/\\\/pantip.com\\\/profile\\\/9367242\",\"https:\\\/\\\/micro.blog\\\/iwellguard\",\"https:\\\/\\\/www.diggerslist.com\\\/iwellguard\\\/about\",\"https:\\\/\\\/skitterphoto.com\\\/photographers\\\/2870314\\\/iwell-guard\",\"https:\\\/\\\/iwellguard.wordpress.com\\\/2026\\\/06\\\/06\\\/iwell-guard\\\/\",\"https:\\\/\\\/hub.docker.com\\\/u\\\/iwellguard\",\"https:\\\/\\\/www.pinterest.com\\\/iwellguard\\\/\",\"https:\\\/\\\/bit.ly\\\/m\\\/iwellguard\",\"https:\\\/\\\/entre-vos-mains.alsace.eu\\\/profiles\\\/iwellguard\\\/activity\",\"https:\\\/\\\/gravatar.com\\\/reallybeded8fd34\",\"https:\\\/\\\/naijamatta.com\\\/iwellguard\",\"https:\\\/\\\/www.goodreads.com\\\/iwellguard\",\"https:\\\/\\\/profile.hatena.ne.jp\\\/iwellguard\\\/\",\"https:\\\/\\\/experiment.com\\\/users\\\/iwellguard\",\"https:\\\/\\\/wakelet.com\\\/@iWellGuard82270\",\"https:\\\/\\\/www.chordie.com\\\/forum\\\/profile.php?id=2555664\",\"https:\\\/\\\/www.instapaper.com\\\/p\\\/17757966\",\"https:\\\/\\\/www.mapleprimes.com\\\/users\\\/iwellguard\",\"https:\\\/\\\/businesslistingplus.com\\\/profile\\\/iwell-guard\\\/\",\"https:\\\/\\\/telegra.ph\\\/iWell-Guard-06-06\",\"https:\\\/\\\/pbase.com\\\/iwellguard\\\/iwellguard\",\"https:\\\/\\\/b.hatena.ne.jp\\\/iwellguard\\\/20260607#bookmark-4788405196491818882\",\"https:\\\/\\\/fliphtml5.com\\\/home\\\/iwellguard\",\"https:\\\/\\\/anyflip.com\\\/homepage\\\/cmiwl#About\",\"https:\\\/\\\/transfur.com\\\/Users\\\/iwellguard\",\"http:\\\/\\\/delphi.larsbo.org\\\/user\\\/iwellguard\",\"https:\\\/\\\/jobs.lajobsportal.org\\\/profiles\\\/8380803-iwell-guard\",\"https:\\\/\\\/md.chaosdorf.de\\\/s\\\/jfbe5SBdJD\",\"https:\\\/\\\/www.lingvolive.com\\\/en-us\\\/profile\\\/9ecaeaca-ce11-4e51-9e71-01d55e2bff36\\\/translations\",\"https:\\\/\\\/www.fitday.com\\\/fitness\\\/forums\\\/members\\\/iwellguard.html\",\"https:\\\/\\\/www.mymeetbook.com\\\/iwellguard\",\"https:\\\/\\\/pxhere.com\\\/en\\\/photographer-me\\\/5040798\",\"https:\\\/\\\/disqus.com\\\/by\\\/iwellguard\\\/about\\\/\",\"https:\\\/\\\/pastelink.net\\\/hjwciqwq\",\"https:\\\/\\\/pubhtml5.com\\\/homepage\\\/scjhn\\\/\",\"https:\\\/\\\/www.bitchute.com\\\/channel\\\/2O2eOKzNqujT\",\"https:\\\/\\\/audiomack.com\\\/iwellguard\"]}]}<\/script>\n<!-- \/ Yoast SEO Premium plugin. -->","yoast_head_json":{"title":"Verndarkerti - Lj\u00f3s sem v\u00f6rn","description":"Verndarkerti\u00f0 \u00ed munnm\u00e6lum: uppruni, virknihugmynd og notkun kertisins sem verndargripar \u00ed \u00fdmsum menningarheimum.","robots":{"index":"index","follow":"follow","max-snippet":"max-snippet:-1","max-image-preview":"max-image-preview:large","max-video-preview":"max-video-preview:-1"},"canonical":"https:\/\/iwell-guard.com\/is\/verndarkerti\/","og_locale":"is_IS","og_type":"article","og_title":"Verndarkerti","og_description":"Verndarkerti\u00f0 \u00ed munnm\u00e6lum: uppruni, virknihugmynd og notkun kertisins sem verndargripar \u00ed \u00fdmsum menningarheimum.","og_url":"https:\/\/iwell-guard.com\/is\/verndarkerti\/","og_site_name":"iWell Guard","article_modified_time":"2026-09-05T14:36:53+00:00","og_image":[{"width":1024,"height":1536,"url":"https:\/\/iwell-guard.com\/wp-content\/uploads\/2026\/05\/schutzsymbol_universell_schutzkerze.png","type":"image\/png"}],"twitter_card":"summary_large_image","schema":{"@context":"https:\/\/schema.org","@graph":[{"@type":"WebPage","@id":"https:\/\/iwell-guard.com\/is\/verndarkerti\/","url":"https:\/\/iwell-guard.com\/is\/verndarkerti\/","name":"Verndarkerti - Lj\u00f3s sem v\u00f6rn","isPartOf":{"@id":"https:\/\/iwell-guard.com\/is\/#website"},"primaryImageOfPage":{"@id":"https:\/\/iwell-guard.com\/is\/verndarkerti\/#primaryimage"},"image":{"@id":"https:\/\/iwell-guard.com\/is\/verndarkerti\/#primaryimage"},"thumbnailUrl":"https:\/\/iwell-guard.com\/wp-content\/uploads\/2026\/05\/schutzsymbol_universell_schutzkerze.png","datePublished":"2026-09-05T14:07:06+00:00","dateModified":"2026-09-05T14:36:53+00:00","description":"Verndarkerti\u00f0 \u00ed munnm\u00e6lum: uppruni, virknihugmynd og notkun kertisins sem verndargripar \u00ed \u00fdmsum menningarheimum.","breadcrumb":{"@id":"https:\/\/iwell-guard.com\/is\/verndarkerti\/#breadcrumb"},"inLanguage":"is","potentialAction":[{"@type":"ReadAction","target":["https:\/\/iwell-guard.com\/is\/verndarkerti\/"]}]},{"@type":"ImageObject","inLanguage":"is","@id":"https:\/\/iwell-guard.com\/is\/verndarkerti\/#primaryimage","url":"https:\/\/iwell-guard.com\/wp-content\/uploads\/2026\/05\/schutzsymbol_universell_schutzkerze.png","contentUrl":"https:\/\/iwell-guard.com\/wp-content\/uploads\/2026\/05\/schutzsymbol_universell_schutzkerze.png","width":1024,"height":1536,"caption":"Verndarkerti\u00f0 \u2013 lj\u00f3s gegn myrkum \u00e1hrifum, s\u00f6guleg og myndskreytandi framsetning"},{"@type":"BreadcrumbList","@id":"https:\/\/iwell-guard.com\/is\/verndarkerti\/#breadcrumb","itemListElement":[{"@type":"ListItem","position":1,"name":"Start","item":"https:\/\/iwell-guard.com\/is\/?page_id=168580"},{"@type":"ListItem","position":2,"name":"Verndarkerti"}]},{"@type":"WebSite","@id":"https:\/\/iwell-guard.com\/is\/#website","url":"https:\/\/iwell-guard.com\/is\/","name":"iWell Guard","description":"Schutz vor dunklen Einfl\u00fcssen","publisher":{"@id":"https:\/\/iwell-guard.com\/is\/#organization"},"potentialAction":[{"@type":"SearchAction","target":{"@type":"EntryPoint","urlTemplate":"https:\/\/iwell-guard.com\/is\/?s={search_term_string}"},"query-input":{"@type":"PropertyValueSpecification","valueRequired":true,"valueName":"search_term_string"}}],"inLanguage":"is"},{"@type":"Organization","@id":"https:\/\/iwell-guard.com\/is\/#organization","name":"Ittermann electronic GmbH","url":"https:\/\/iwell-guard.com\/is\/","logo":{"@type":"ImageObject","inLanguage":"is","@id":"https:\/\/iwell-guard.com\/is\/#\/schema\/logo\/image\/","url":"https:\/\/iwell-guard.com\/wp-content\/uploads\/2026\/05\/Ittermann-Logo-1182x237-1.png","contentUrl":"https:\/\/iwell-guard.com\/wp-content\/uploads\/2026\/05\/Ittermann-Logo-1182x237-1.png","width":1182,"height":237,"caption":"Ittermann electronic GmbH"},"image":{"@id":"https:\/\/iwell-guard.com\/is\/#\/schema\/logo\/image\/"},"sameAs":["https:\/\/pantip.com\/profile\/9367242","https:\/\/micro.blog\/iwellguard","https:\/\/www.diggerslist.com\/iwellguard\/about","https:\/\/skitterphoto.com\/photographers\/2870314\/iwell-guard","https:\/\/iwellguard.wordpress.com\/2026\/06\/06\/iwell-guard\/","https:\/\/hub.docker.com\/u\/iwellguard","https:\/\/www.pinterest.com\/iwellguard\/","https:\/\/bit.ly\/m\/iwellguard","https:\/\/entre-vos-mains.alsace.eu\/profiles\/iwellguard\/activity","https:\/\/gravatar.com\/reallybeded8fd34","https:\/\/naijamatta.com\/iwellguard","https:\/\/www.goodreads.com\/iwellguard","https:\/\/profile.hatena.ne.jp\/iwellguard\/","https:\/\/experiment.com\/users\/iwellguard","https:\/\/wakelet.com\/@iWellGuard82270","https:\/\/www.chordie.com\/forum\/profile.php?id=2555664","https:\/\/www.instapaper.com\/p\/17757966","https:\/\/www.mapleprimes.com\/users\/iwellguard","https:\/\/businesslistingplus.com\/profile\/iwell-guard\/","https:\/\/telegra.ph\/iWell-Guard-06-06","https:\/\/pbase.com\/iwellguard\/iwellguard","https:\/\/b.hatena.ne.jp\/iwellguard\/20260607#bookmark-4788405196491818882","https:\/\/fliphtml5.com\/home\/iwellguard","https:\/\/anyflip.com\/homepage\/cmiwl#About","https:\/\/transfur.com\/Users\/iwellguard","http:\/\/delphi.larsbo.org\/user\/iwellguard","https:\/\/jobs.lajobsportal.org\/profiles\/8380803-iwell-guard","https:\/\/md.chaosdorf.de\/s\/jfbe5SBdJD","https:\/\/www.lingvolive.com\/en-us\/profile\/9ecaeaca-ce11-4e51-9e71-01d55e2bff36\/translations","https:\/\/www.fitday.com\/fitness\/forums\/members\/iwellguard.html","https:\/\/www.mymeetbook.com\/iwellguard","https:\/\/pxhere.com\/en\/photographer-me\/5040798","https:\/\/disqus.com\/by\/iwellguard\/about\/","https:\/\/pastelink.net\/hjwciqwq","https:\/\/pubhtml5.com\/homepage\/scjhn\/","https:\/\/www.bitchute.com\/channel\/2O2eOKzNqujT","https:\/\/audiomack.com\/iwellguard"]}]}},"_links":{"self":[{"href":"https:\/\/iwell-guard.com\/is\/wp-json\/wp\/v2\/pages\/169281","targetHints":{"allow":["GET"]}}],"collection":[{"href":"https:\/\/iwell-guard.com\/is\/wp-json\/wp\/v2\/pages"}],"about":[{"href":"https:\/\/iwell-guard.com\/is\/wp-json\/wp\/v2\/types\/page"}],"author":[{"embeddable":true,"href":"https:\/\/iwell-guard.com\/is\/wp-json\/wp\/v2\/users\/3"}],"replies":[{"embeddable":true,"href":"https:\/\/iwell-guard.com\/is\/wp-json\/wp\/v2\/comments?post=169281"}],"version-history":[{"count":0,"href":"https:\/\/iwell-guard.com\/is\/wp-json\/wp\/v2\/pages\/169281\/revisions"}],"wp:featuredmedia":[{"embeddable":true,"href":"https:\/\/iwell-guard.com\/is\/wp-json\/wp\/v2\/media\/4128"}],"wp:attachment":[{"href":"https:\/\/iwell-guard.com\/is\/wp-json\/wp\/v2\/media?parent=169281"}],"wp:term":[{"taxonomy":"category","embeddable":true,"href":"https:\/\/iwell-guard.com\/is\/wp-json\/wp\/v2\/categories?post=169281"}],"curies":[{"name":"wp","href":"https:\/\/api.w.org\/{rel}","templated":true}]}}