{"id":169280,"date":"2026-09-05T14:07:05","date_gmt":"2026-09-05T14:07:05","guid":{"rendered":"https:\/\/iwell-guard.com\/?page_id=169280"},"modified":"2026-09-05T14:36:53","modified_gmt":"2026-09-05T14:36:53","slug":"krossinn-sem-verndartakn","status":"publish","type":"page","link":"https:\/\/iwell-guard.com\/is\/krossinn-sem-verndartakn\/","title":{"rendered":"Krossinn sem verndart\u00e1kn"},"content":{"rendered":"\t\t<div data-elementor-type=\"wp-page\" data-elementor-id=\"169280\" class=\"elementor elementor-169280 elementor-3790 elementor-bc-flex-widget\" data-elementor-post-type=\"page\">\n\t\t\t\t<div class=\"elementor-element elementor-element-iwgs-schutzkreuz-hero e-flex e-con-boxed e-con e-parent\" data-id=\"iwgs-schutzkreuz-hero\" data-element_type=\"container\" data-e-type=\"container\">\n\t\t\t\t\t<div class=\"e-con-inner\">\n\t\t<div class=\"elementor-element elementor-element-iw-schutzkreuz-hero-left e-con-full e-flex e-con e-child\" data-id=\"iw-schutzkreuz-hero-left\" data-element_type=\"container\" data-e-type=\"container\">\n\t\t\t\t<div class=\"elementor-element elementor-element-iwgs-schutzkreuz-h1 elementor-widget elementor-widget-heading\" data-id=\"iwgs-schutzkreuz-h1\" data-element_type=\"widget\" data-e-type=\"widget\" data-widget_type=\"heading.default\">\n\t\t\t\t\t<h1 class=\"elementor-heading-title elementor-size-default\">Krossinn sem verndart\u00e1kn<\/h1>\t\t\t\t<\/div>\n\t\t<div class=\"elementor-element elementor-element-iw-schutzkreuz-hero-bw e-con-full e-flex e-con e-child\" data-id=\"iw-schutzkreuz-hero-bw\" data-element_type=\"container\" data-e-type=\"container\">\n\t\t\t\t<div class=\"elementor-element elementor-element-iwgs-schutzkreuz-pills elementor-widget elementor-widget-html\" data-id=\"iwgs-schutzkreuz-pills\" data-element_type=\"widget\" data-e-type=\"widget\" data-widget_type=\"html.default\">\n\t\t\t\t\t<div class=\"iwg-pill-row\"><span class=\"iwg-klasse-badge\" tabindex=\"0\" data-tooltip=\"Tegund verndargripar.\">Verndart\u00e1kn<\/span><a href=\"https:\/\/iwell-guard.com\/is\/verndartakn\/\" class=\"iwg-kultur-badge\" tabindex=\"0\" data-tooltip=\"Til yfirlits.\">T\u00e1kn og merki<\/a><\/div>\t\t\t\t<\/div>\n\t\t\t\t<div class=\"elementor-element elementor-element-iwgs-schutzkreuz-lead elementor-widget elementor-widget-text-editor\" data-id=\"iwgs-schutzkreuz-lead\" data-element_type=\"widget\" data-e-type=\"widget\" data-widget_type=\"text-editor.default\">\n\t\t\t\t\t\t\t\t\t<p>Krossinn er eitt af elstu r\u00famfr\u00e6\u00f0ilegu t\u00e1knum mannkyns. Sem verndargripur, \u00fea\u00f0 er sem verndart\u00e1kn gegn ska\u00f0legum \u00e1hrifum, er hann mun eldri en kristnin.<\/p><p>Um lei\u00f0 hlaut hann \u00ed gegnum kristilega <span class=\"iwg-fachbegriff\" data-tooltip=\"Mi\u00f0lun \u00feekkingar og fr\u00e1sagna milli kynsl\u00f3\u00f0a.\" tabindex=\"0\">arfs\u00f6gn<\/span> svo dj\u00fapa t\u00e1knr\u00e6na merkingu a\u00f0 hann er \u00ed evr\u00f3psku samhengi \u00f3rj\u00fafanlega tengdur \u00feeirri hef\u00f0. \u00dea\u00f0 sem stendur eftir er t\u00e1kn af \u00f3venjulegri menningarlegri \u00fatbrei\u00f0slu.<\/p>\n<p>\u00deessi s\u00ed\u00f0a l\u00fdsir al\u00fe\u00fd\u00f0utr\u00fa og <span class=\"iwg-fachbegriff\" data-tooltip=\"Mi\u00f0lun \u00feekkingar og fr\u00e1sagna milli kynsl\u00f3\u00f0a.\" tabindex=\"0\">arfs\u00f6gn<\/span> tengdum krossinum sem verndart\u00e1kni.<\/p><p>H\u00fan v\u00edsar til verndargripa-v\u00edddarinnar, ekki til <span class=\"iwg-fachbegriff\" data-tooltip=\"V\u00edsindaleg fr\u00e6\u00f0i um Gu\u00f0 og tr\u00fa tiltekinna tr\u00faarbrag\u00f0a.\" tabindex=\"0\">gu\u00f0fr\u00e6\u00f0i<\/span>. \u00dej\u00f3\u00f0fr\u00e6\u00f0ileg umgj\u00f6r\u00f0 er h\u00e9r r\u00e1\u00f0andi: Hva\u00f0 eignu\u00f0u menn krossinum, hvar komu \u00feeir honum fyrir, gegn hverjum var honum beitt? Samanbur\u00f0 vi\u00f0 \u00f6nnur verndart\u00e1kn m\u00e1 finna \u00e1 <a href=\"https:\/\/iwell-guard.com\/is\/verndartakn\/\">Verndart\u00e1kn<\/a>; <a href=\"https:\/\/iwell-guard.com\/is\/?page_id=169276\">Verndarkomp\u00e1sinn<\/a> s\u00fdnir gegn hva\u00f0a verum krossinn var samkv\u00e6mt <span class=\"iwg-fachbegriff\" data-tooltip=\"Mi\u00f0lun \u00feekkingar og fr\u00e1sagna milli kynsl\u00f3\u00f0a.\" tabindex=\"0\">arfs\u00f6gn<\/span> nota\u00f0ur.<\/p>\t\t\t\t\t\t\t\t<\/div>\n\t\t\t\t<\/div>\n\t\t\t\t<\/div>\n\t\t<div class=\"elementor-element elementor-element-iw-schutzkreuz-hero-img e-con-full e-flex e-con e-child\" data-id=\"iw-schutzkreuz-hero-img\" data-element_type=\"container\" data-e-type=\"container\">\n\t\t\t\t<div class=\"elementor-element elementor-element-iwgs-schutzkreuz-himg iwg-hero-image elementor-widget elementor-widget-image\" data-id=\"iwgs-schutzkreuz-himg\" data-element_type=\"widget\" data-e-type=\"widget\" data-widget_type=\"image.default\">\n\t\t\t\t\t\t\t\t\t\t\t\t\t\t\t<img fetchpriority=\"high\" decoding=\"async\" width=\"683\" height=\"1024\" src=\"https:\/\/iwell-guard.com\/wp-content\/uploads\/2026\/05\/schutzsymbol_christentum_schutzkreuz-683x1024.png\" class=\"attachment-large size-large wp-image-170461\" alt=\"Krossinn sem verndart\u00e1kn, s\u00f6guleg mynd til sk\u00fdringar\" srcset=\"https:\/\/iwell-guard.com\/wp-content\/uploads\/2026\/05\/schutzsymbol_christentum_schutzkreuz-683x1024.png 683w, https:\/\/iwell-guard.com\/wp-content\/uploads\/2026\/05\/schutzsymbol_christentum_schutzkreuz-200x300.png 200w, https:\/\/iwell-guard.com\/wp-content\/uploads\/2026\/05\/schutzsymbol_christentum_schutzkreuz-768x1152.png 768w, https:\/\/iwell-guard.com\/wp-content\/uploads\/2026\/05\/schutzsymbol_christentum_schutzkreuz.png 1024w\" sizes=\"(max-width: 683px) 100vw, 683px\" \/>\t\t\t\t\t\t\t\t\t\t\t\t\t\t\t<\/div>\n\t\t\t\t<\/div>\n\t\t\t\t\t<\/div>\n\t\t\t\t<\/div>\n\t\t<div class=\"elementor-element elementor-element-iwgs-schutzkreuz-s0 e-flex e-con-boxed e-con e-parent\" data-id=\"iwgs-schutzkreuz-s0\" data-element_type=\"container\" data-e-type=\"container\">\n\t\t\t\t\t<div class=\"e-con-inner\">\n\t\t\t\t<div class=\"elementor-element elementor-element-iwgs-schutzkreuz-s0h elementor-widget elementor-widget-heading\" data-id=\"iwgs-schutzkreuz-s0h\" data-element_type=\"widget\" data-e-type=\"widget\" data-widget_type=\"heading.default\">\n\t\t\t\t\t<h2 class=\"elementor-heading-title elementor-size-default\">Skj\u00f3tt yfirlit<\/h2>\t\t\t\t<\/div>\n\t\t<div class=\"elementor-element elementor-element-iw-schutzkreuz-s0-bw e-con-full e-flex e-con e-child\" data-id=\"iw-schutzkreuz-s0-bw\" data-element_type=\"container\" data-e-type=\"container\">\n\t\t\t\t<div class=\"elementor-element elementor-element-iwgs-schutzkreuz-s0t elementor-widget elementor-widget-text-editor\" data-id=\"iwgs-schutzkreuz-s0t\" data-element_type=\"widget\" data-e-type=\"widget\" data-widget_type=\"text-editor.default\">\n\t\t\t\t\t\t\t\t\t<p>\u00cd kristinni evr\u00f3pskri <span class=\"iwg-fachbegriff\" data-tooltip=\"Yfirf\u00e6rsla \u00feekkingar og fr\u00e1sagna milli kynsl\u00f3\u00f0a.\" tabindex=\"0\">munnm\u00e6lahef\u00f0<\/span> er krosst\u00e1kni\u00f0 tali\u00f0 eitt \u00f6flugasta v\u00f6rnin gegn dj\u00f6flum, \u00f3vinum, vamp\u00edrum, \u00f6ndum og illu auga. \u00dea\u00f0 er slegi\u00f0 sem handahreyfing \u00e1 enni e\u00f0a brj\u00f3st manns, skori\u00f0 sem t\u00e1kn \u00ed dyrastafi, m\u00e1la\u00f0 \u00e1 korn og b\u00faf\u00e9na\u00f0, \u00e1 brau\u00f0 og tunnur, og haldi\u00f0 yfir dau\u00f0vona f\u00f3lki.<\/p><p>L\u00f6ngu \u00e1\u00f0ur en kristnin kom fram m\u00e1 finna krossform \u00e1 gr\u00f6fum, \u00e1 leirkerum og \u00e1 h\u00fasveggjum \u00ed m\u00f6rgum menningarheimum sem eignu\u00f0u krossinum, sem grunnr\u00famfr\u00e6\u00f0ilegri mynd, skipandi e\u00f0a verndandi kraft. Kristna krosst\u00e1kni\u00f0 styrkti og lag\u00f0i ofan \u00e1 \u00feessi eldri l\u00f6g, en var\u00f0veitti hagn\u00fdtt hlutverk \u00feeirra: flj\u00f3ta, alltaf tilt\u00e6ka verndarhreyfingu.<\/p>\t\t\t\t\t\t\t\t<\/div>\n\t\t\t\t<\/div>\n\t\t\t\t\t<\/div>\n\t\t\t\t<\/div>\n\t\t<div class=\"elementor-element elementor-element-iwgs-schutzkreuz-s1 e-flex e-con-boxed e-con e-parent\" data-id=\"iwgs-schutzkreuz-s1\" data-element_type=\"container\" data-e-type=\"container\">\n\t\t\t\t\t<div class=\"e-con-inner\">\n\t\t\t\t<div class=\"elementor-element elementor-element-iwgs-schutzkreuz-s1h elementor-widget elementor-widget-heading\" data-id=\"iwgs-schutzkreuz-s1h\" data-element_type=\"widget\" data-e-type=\"widget\" data-widget_type=\"heading.default\">\n\t\t\t\t\t<h2 class=\"elementor-heading-title elementor-size-default\">Uppruni og munnm\u00e6li<\/h2>\t\t\t\t<\/div>\n\t\t<div class=\"elementor-element elementor-element-iw-schutzkreuz-s1-bw e-con-full e-flex e-con e-child\" data-id=\"iw-schutzkreuz-s1-bw\" data-element_type=\"container\" data-e-type=\"container\">\n\t\t\t\t<div class=\"elementor-element elementor-element-iwgs-schutzkreuz-s1t elementor-widget elementor-widget-text-editor\" data-id=\"iwgs-schutzkreuz-s1t\" data-element_type=\"widget\" data-e-type=\"widget\" data-widget_type=\"text-editor.default\">\n\t\t\t\t\t\t\t\t\t<p>Krossform t\u00e1kn finnast svo langt aftur \u00ed menningars\u00f6gu mannkyns a\u00f0 ekki er unnt a\u00f0 benda \u00e1 eina uppsprettu. Einfaldur jafnarma kross, l\u00f3\u00f0r\u00e9tt strik og l\u00e1r\u00e9tt strik, er ein einfaldasta r\u00famfr\u00e6\u00f0ilega form; hann kom fram \u00f3h\u00e1\u00f0 \u00e1 \u00f6llum heims\u00e1lfum. Ap\u00f3tr\u00f3pa\u00edsk notkun krossins \u00ed Evr\u00f3pu fyrir kristni er sta\u00f0fest fyrir brons\u00f6ld me\u00f0 gr\u00f6fum sem fundist hafa.<\/p>\n<p>S\u00e9rst\u00f6k \u00fe\u00fd\u00f0ing krosst\u00e1knsins \u00ed forn\u00f6ld tengist s\u00f3lart\u00e1kninu: Hj\u00f3lkross me\u00f0 fj\u00f3rum jafnl\u00f6ngum \u00f6rmum \u00ed hring kemur fram \u00e1 bronsaldargripum til helgisi\u00f0a og \u00e1 v\u00f6gnum \u00ed Nor\u00edsku h\u00e9ra\u00f0i. Tenging hans vi\u00f0 s\u00f3lina, \u00feann skipandi og l\u00edfgefandi kraft, gerir hann a\u00f0 t\u00e1kni fyrir kosm\u00edska reglu gegn glundro\u00f0a.<\/p>\n<p>Kristni krossinn b\u00e6tir vi\u00f0 s\u00f6gulegri og gu\u00f0fr\u00e6\u00f0ilegri v\u00eddd: Hann stendur fyrir yfirvinnu dau\u00f0ans og hins illa me\u00f0 \u00fej\u00e1ningu og upprisu Krists.<\/p><p>\u00cd frumkristinni og mi\u00f0aldalegri <span class=\"iwg-fachbegriff\" data-tooltip=\"Yfirf\u00e6rsla \u00feekkingar og fr\u00e1sagna milli kynsl\u00f3\u00f0a.\" tabindex=\"0\">munnm\u00e6lahef\u00f0<\/span> er \u00feessi gu\u00f0fr\u00e6\u00f0ilega merking flutt beint yfir \u00ed v\u00f6rnara\u00f0ger\u00f0ir: Krossinn hrekur burt dj\u00f6fulinn og hj\u00e1lparmenn hans, \u00fev\u00ed hann er t\u00e1kn \u00f3sigurs hans. Kirkjufe\u00f0ur og \u00fej\u00f3\u00f0tr\u00fa deila \u00feessari grunnhugsun, \u00fe\u00f3 me\u00f0 mismunandi gu\u00f0fr\u00e6\u00f0ilegri d\u00fdpt.<\/p>\n<p>\u00cd \u00fej\u00f3\u00f0tr\u00fa mi\u00f0alda og fyrri hluta n\u00fdt\u00edmans er krosst\u00e1kni\u00f0 alls sta\u00f0ar. Handverksmenn skoru \u00fea\u00f0 \u00ed \u00feakbita, bakarar stimplu\u00f0u \u00fea\u00f0 \u00ed brau\u00f0deig, lj\u00f3sm\u00e6\u00f0ur teiknu\u00f0u \u00fea\u00f0 \u00e1 enni n\u00fdf\u00e6dds barns, b\u00e6ndur stungu \u00fev\u00ed \u00ed j\u00f6r\u00f0ina \u00e1 n\u00fdpl\u00e6g\u00f0um akri.<\/p><p>\u00deessi venja f\u00f3r fram samhli\u00f0a opinberri kirkjulegri kenningu og var oft varla a\u00f0greinanleg fr\u00e1 henni.<\/p>\t\t\t\t\t\t\t\t<\/div>\n\t\t\t\t<\/div>\n\t\t\t\t\t<\/div>\n\t\t\t\t<\/div>\n\t\t<div class=\"elementor-element elementor-element-iwgs-schutzkreuz-s2 e-flex e-con-boxed e-con e-parent\" data-id=\"iwgs-schutzkreuz-s2\" data-element_type=\"container\" data-e-type=\"container\">\n\t\t\t\t\t<div class=\"e-con-inner\">\n\t\t\t\t<div class=\"elementor-element elementor-element-iwgs-schutzkreuz-s2h elementor-widget elementor-widget-heading\" data-id=\"iwgs-schutzkreuz-s2h\" data-element_type=\"widget\" data-e-type=\"widget\" data-widget_type=\"heading.default\">\n\t\t\t\t\t<h2 class=\"elementor-heading-title elementor-size-default\">Virknihugmynd samkv\u00e6mt munnm\u00e6lum<\/h2>\t\t\t\t<\/div>\n\t\t<div class=\"elementor-element elementor-element-iw-schutzkreuz-s2-bw e-con-full e-flex e-con e-child\" data-id=\"iw-schutzkreuz-s2-bw\" data-element_type=\"container\" data-e-type=\"container\">\n\t\t\t\t<div class=\"elementor-element elementor-element-iwgs-schutzkreuz-s2t elementor-widget elementor-widget-text-editor\" data-id=\"iwgs-schutzkreuz-s2t\" data-element_type=\"widget\" data-e-type=\"widget\" data-widget_type=\"text-editor.default\">\n\t\t\t\t\t\t\t\t\t<p><span class=\"iwg-fachbegriff\" data-tooltip=\"Yfirf\u00e6rsla \u00feekkingar og fr\u00e1sagna milli kynsl\u00f3\u00f0a.\" tabindex=\"0\">Munnm\u00e6lahef\u00f0in<\/span> \u00feekkir margar sk\u00fdringar \u00e1 verkun krossins, allt eftir samhengi og hef\u00f0. \u00cd kristinni \u00fej\u00f3\u00f0tr\u00fa r\u00edkir hugmyndin um a\u00f0 krossinn minni dj\u00f6fulinn og dj\u00f6fulleg v\u00e6tti \u00e1 uppruna sinn: \u00deau voru yfirunnin af Kristi, krossinn er t\u00e1kn \u00feess \u00f3sigurs, og vi\u00f0 s\u00fdn t\u00e1knsins ver\u00f0a \u00feau a\u00f0 hverfa.<\/p>\n<p>Eldra lag \u00fatsk\u00fdrir verkunina r\u00famfr\u00e6\u00f0ilega: Krossinn skiptir r\u00faminu \u00ed fj\u00f3ra jafna hluta og markar \u00feannig allar fj\u00f3rar h\u00f6fu\u00f0\u00e1ttir. Hann lokar r\u00faminu t\u00e1knr\u00e6nt, l\u00edkt og fullkomlega trygg\u00f0ur ferhyrningur sem l\u00e6tur engan glugga eftir. \u00deessi hugmynd er \u00f3h\u00e1\u00f0 kristinni merkingu; h\u00fan finnst \u00ed samhengi fyrir kristni og \u00ed menningarheimum sem ekki eru kristnir.<\/p>\n<p>Vi\u00f0 \u00fea\u00f0 b\u00e6tist hugmyndin um skur\u00f0punktinn: \u00cd krossinum m\u00e6tast tv\u00e6r l\u00ednur, og skur\u00f0punktar hafa \u00ed m\u00f6rgum \u00fej\u00f3\u00f0hef\u00f0um s\u00e9rstakan kraft, b\u00e6\u00f0i verndandi og h\u00e6ttulegan. \u00der\u00f6skuldurinn, vegam\u00f3tin og krossbj\u00e1lkinn deila \u00feessum e\u00f0lis\u00fe\u00e6tti: \u00deau eru m\u00f6rk \u00fear sem kraftar m\u00e6tast.<\/p>\n<p>Krosshreyfingin, a\u00f0 signa sj\u00e1lfan sig e\u00f0a hlut, flytur \u00feennan kraft beint yfir \u00e1 \u00feann sem ber hann e\u00f0a \u00e1 hlutinn. Hreyfingin er flj\u00f3tlega framkv\u00e6md, \u00fearf ekkert efni og er alltaf tilt\u00e6k, sem gerir hana a\u00f0 einni \u00fatbreiddustu verndara\u00f0ger\u00f0 \u00ed s\u00f6gu evr\u00f3pskrar \u00fej\u00f3\u00f0tr\u00faar.<\/p>\t\t\t\t\t\t\t\t<\/div>\n\t\t\t\t<\/div>\n\t\t\t\t\t<\/div>\n\t\t\t\t<\/div>\n\t\t<div class=\"elementor-element elementor-element-iwgs-schutzkreuz-s3 e-flex e-con-boxed e-con e-parent\" data-id=\"iwgs-schutzkreuz-s3\" data-element_type=\"container\" data-e-type=\"container\">\n\t\t\t\t\t<div class=\"e-con-inner\">\n\t\t\t\t<div class=\"elementor-element elementor-element-iwgs-schutzkreuz-s3h elementor-widget elementor-widget-heading\" data-id=\"iwgs-schutzkreuz-s3h\" data-element_type=\"widget\" data-e-type=\"widget\" data-widget_type=\"heading.default\">\n\t\t\t\t\t<h2 class=\"elementor-heading-title elementor-size-default\">\u00datbrei\u00f0sla yfir menningarheima<\/h2>\t\t\t\t<\/div>\n\t\t<div class=\"elementor-element elementor-element-iw-schutzkreuz-s3-bw e-con-full e-flex e-con e-child\" data-id=\"iw-schutzkreuz-s3-bw\" data-element_type=\"container\" data-e-type=\"container\">\n\t\t\t\t<div class=\"elementor-element elementor-element-iwgs-schutzkreuz-s3t elementor-widget elementor-widget-text-editor\" data-id=\"iwgs-schutzkreuz-s3t\" data-element_type=\"widget\" data-e-type=\"widget\" data-widget_type=\"text-editor.default\">\n\t\t\t\t\t\t\t\t\t<p>Notkun krossins sem v\u00f6rn gegn illum \u00f6flum er \u00ed Evr\u00f3pu a\u00f0 mestu m\u00f3tu\u00f0 af kristninni, en birtist \u00ed \u00fdmsum tilbrig\u00f0um langt utan \u00feess sv\u00e6\u00f0is. \u00cd hind\u00faisma er svastikan, hakakrossinn, velfer\u00f0ar- og verndart\u00e1kn me\u00f0 \u00fe\u00fasunda \u00e1ra samfellu; grunnformi\u00f0 er jafnarma kross me\u00f0 bogadregnum endum. \u00cd b\u00faddisma birtist t\u00e1kni\u00f0 \u00e1 hofum sem heilla- og verndart\u00e1kn.<\/p>\n<p>\u00cd frumbyggjamenningum Nor\u00f0ur-Amer\u00edku er jafnarma krossinn algengt \u00e1ttt\u00e1knat\u00e1kn: hann skiptir r\u00faminu upp eftir fj\u00f3rum h\u00f6fu\u00f0\u00e1ttum og t\u00e1knar heildst\u00e6\u00f0a heimsmynd. Bein tengsl vi\u00f0 evr\u00f3pska \u00fej\u00f3\u00f0tr\u00fa eru ekki til sta\u00f0ar; um er a\u00f0 r\u00e6\u00f0a \u00f3h\u00e1\u00f0a \u00fer\u00f3un samhli\u00f0a.<\/p>\n<p>\u00cd e\u00fe\u00ed\u00f3p\u00edsk-or\u00feodoxri hef\u00f0 er krossinn r\u00e1\u00f0andi verndart\u00e1kn og birtist \u00e1 verndargripum, g\u00f6ngukrossum og vi\u00f0 h\u00fasdyr \u00ed fj\u00f6lbreytni forma sem fer langt fram \u00far \u00feeirri evr\u00f3psku. Notkun hans sem verndart\u00e1kn er \u00fear lifandi enn \u00ed dag og bundin ekki bara vi\u00f0 \u00fej\u00f3\u00f0tr\u00fa almennings heldur er h\u00fan hluti af kirkjulegri hef\u00f0.<\/p>\n<p>\u00cd \u00edsl\u00f6mskum menningarheimi hefur krossinn sem sl\u00edkur ekki verndarhlutverk, en byggingarlega \u00e1\u00feekk t\u00e1kn, sem skipta r\u00faminu \u00ed fj\u00f3ra hluta, koma fyrir \u00ed \u00e1letrunum \u00e1 arab\u00edskum <span class=\"iwg-fachbegriff\" data-tooltip=\"Hlutur sem borinn er \u00e1 s\u00e9r og talinn hafa verndandi, \u00f3g\u00e6fu-afst\u00fdrandi m\u00e1tt.\" tabindex=\"0\">verndargrip<\/span>.<\/p>\t\t\t\t\t\t\t\t<\/div>\n\t\t\t\t<\/div>\n\t\t\t\t\t<\/div>\n\t\t\t\t<\/div>\n\t\t<div class=\"elementor-element elementor-element-iwgs-schutzkreuz-s4 e-flex e-con-boxed e-con e-parent\" data-id=\"iwgs-schutzkreuz-s4\" data-element_type=\"container\" data-e-type=\"container\">\n\t\t\t\t\t<div class=\"e-con-inner\">\n\t\t\t\t<div class=\"elementor-element elementor-element-iwgs-schutzkreuz-s4h elementor-widget elementor-widget-heading\" data-id=\"iwgs-schutzkreuz-s4h\" data-element_type=\"widget\" data-e-type=\"widget\" data-widget_type=\"heading.default\">\n\t\t\t\t\t<h2 class=\"elementor-heading-title elementor-size-default\">Gegn hverju hann er nota\u00f0ur<\/h2>\t\t\t\t<\/div>\n\t\t<div class=\"elementor-element elementor-element-iw-schutzkreuz-s4-bw e-con-full e-flex e-con e-child\" data-id=\"iw-schutzkreuz-s4-bw\" data-element_type=\"container\" data-e-type=\"container\">\n\t\t\t\t<div class=\"elementor-element elementor-element-iwgs-schutzkreuz-s4t elementor-widget elementor-widget-text-editor\" data-id=\"iwgs-schutzkreuz-s4t\" data-element_type=\"widget\" data-e-type=\"widget\" data-widget_type=\"text-editor.default\">\n\t\t\t\t\t\t\t\t\t<p>\u00cd evr\u00f3pskri \u00fej\u00f3\u00f0tr\u00fa var krossinn sem verndart\u00e1kn beitt gegn eftirfarandi tegundum vera og h\u00e6ttum:<\/p>\n<ul>\n<li>Dj\u00f6flum og illum \u00f6ndum \u00ed kristnum skilningi, \u00fe.e. verum \u00far heimi hins illa sem kristin <span class=\"iwg-fachbegriff\" data-tooltip=\"Fr\u00e6\u00f0ileg kenning um gu\u00f0 og tr\u00fa tiltekinnar tr\u00faarbrag\u00f0a.\" tabindex=\"0\">gu\u00f0fr\u00e6\u00f0i<\/span> eigna\u00f0i sj\u00e1lfst\u00e6\u00f0a tilvist.<\/li>\n<li>Vamp\u00edrum og afturg\u00f6ngum: \u00cd austurevr\u00f3pskri \u00fej\u00f3\u00f0tr\u00fa, s\u00e9rstaklega \u00e1 su\u00f0urslav\u00edsku, r\u00famensku og ungversku sv\u00e6\u00f0i, telst krossinn til mikilv\u00e6gustu r\u00e1\u00f0a gegn afturg\u00f6ngunni (vamp\u00edrunni), samhli\u00f0a hv\u00edtlauk og tr\u00e9p\u00e1li.<\/li>\n<li>Nornum og ska\u00f0avaldssei\u00f0um: Krossinn yfir \u00fer\u00f6skuldi, skorinn \u00ed dyrastafi e\u00f0a merktur \u00e1 matv\u00e6li, \u00e1tti a\u00f0 hindra a\u00f0gang norna e\u00f0a afst\u00fdra ska\u00f0legri verkun \u00feeirra.<\/li>\n<li>Illu auga og \u00f6fundarsei\u00f0um: A\u00f0 signa sig skj\u00f3tt \u00feegar ma\u00f0ur m\u00e6tti einstaklingi e\u00f0a a\u00f0st\u00e6\u00f0um sem taldar voru \u00f3g\u00e6fusamar var talin skj\u00f3t v\u00f6rn.<\/li>\n<li>\u00d6ndum og s\u00e1lum framli\u00f0inna sem hv\u00edldu ekki og g\u00e1tu ska\u00f0a\u00f0 hina lifandi: Krosst\u00e1kn \u00e1 gr\u00f6fum og \u00e1 h\u00fasopum \u00e1tti a\u00f0 halda sl\u00edkum s\u00e1lum \u00e1 s\u00ednum sta\u00f0.<\/li>\n<\/ul>\t\t\t\t\t\t\t\t<\/div>\n\t\t\t\t<\/div>\n\t\t\t\t\t<\/div>\n\t\t\t\t<\/div>\n\t\t<div class=\"elementor-element elementor-element-iwgs-schutzkreuz-s5 e-flex e-con-boxed e-con e-parent\" data-id=\"iwgs-schutzkreuz-s5\" data-element_type=\"container\" data-e-type=\"container\">\n\t\t\t\t\t<div class=\"e-con-inner\">\n\t\t\t\t<div class=\"elementor-element elementor-element-iwgs-schutzkreuz-s5h elementor-widget elementor-widget-heading\" data-id=\"iwgs-schutzkreuz-s5h\" data-element_type=\"widget\" data-e-type=\"widget\" data-widget_type=\"heading.default\">\n\t\t\t\t\t<h2 class=\"elementor-heading-title elementor-size-default\">Notkun og takmarkanir<\/h2>\t\t\t\t<\/div>\n\t\t<div class=\"elementor-element elementor-element-iw-schutzkreuz-s5-bw e-con-full e-flex e-con e-child\" data-id=\"iw-schutzkreuz-s5-bw\" data-element_type=\"container\" data-e-type=\"container\">\n\t\t\t\t<div class=\"elementor-element elementor-element-iwgs-schutzkreuz-s5t elementor-widget elementor-widget-text-editor\" data-id=\"iwgs-schutzkreuz-s5t\" data-element_type=\"widget\" data-e-type=\"widget\" data-widget_type=\"text-editor.default\">\n\t\t\t\t\t\t\t\t\t<p>Notkunarform krossins sem verndart\u00e1kns eru einstaklega fj\u00f6lbreytt. Varanlega grafinn e\u00f0a m\u00e1la\u00f0ur birtist hann \u00e1 bitum, dyrast\u00f6fum, gluggak\u00f6rmum, fj\u00f3svegg, kistum og \u00e1 akur\u00e1h\u00f6ldum. Sem \u00fer\u00f6skuldst\u00e1kn \u00fej\u00f3nar hann \u00fev\u00ed a\u00f0 tryggja innganginn. Merktur \u00e1 matv\u00e6li \u00e1 bor\u00f0 vi\u00f0 brau\u00f0 og smj\u00f6r verndar hann f\u00e6\u00f0una gegn \u00e1l\u00f6gum.<\/p>\n<p>Sem stundarbundin ath\u00f6fn verndar signingin einstaklinginn \u00e1 \u00e1kve\u00f0nu andartaki: vi\u00f0 a\u00f0 ganga inn \u00e1 grunsamlegan sta\u00f0, vi\u00f0 a\u00f0 vakna \u00far martr\u00f6\u00f0, vi\u00f0 a\u00f0 heyra \u00f3hugnanleg hlj\u00f3\u00f0. \u00deessi notkun er lifandi \u00ed tr\u00fau\u00f0um heimilum enn \u00feann dag \u00ed dag og telst ekki hj\u00e1tr\u00fa heldur b\u00e6nahef\u00f0.<\/p>\n<p>\u00cd \u00fej\u00f3\u00f0tr\u00fa, sem gekk lengra en \u00fea\u00f0 sem gu\u00f0fr\u00e6\u00f0ilega var sam\u00feykkt, voru einnig notu\u00f0 s\u00e9rt\u00e6kari form: \u00ferefaldur kross \u00e1 enni barns, kross \u00far p\u00e1lmagreinum, blessa\u00f0ur kross \u00f6skudagsins. Sl\u00edk tengsl krossformsins og kirkjulegrar <span class=\"iwg-fachbegriff\" data-tooltip=\"\u00c1v\u00f6rpun heilla og verndar, oft \u00ed fastri or\u00f0r\u00e6\u00f0u.\" tabindex=\"0\">blessunar<\/span> voru talin s\u00e9rlega \u00e1hrifamikil.<\/p>\n<p><span class=\"iwg-fachbegriff\" data-tooltip=\"Framsending vitneskju og fr\u00e1sagna kynsl\u00f3\u00f0 fram af kynsl\u00f3\u00f0.\" tabindex=\"0\">Munnm\u00e6lin<\/span> sj\u00e1lf kannast vi\u00f0 takm\u00f6rk: Krosst\u00e1kn gert \u00e1n tr\u00faar e\u00f0a af illum hug var \u00ed \u00fej\u00f3\u00f0legri tr\u00faarhugsun tali\u00f0 minna \u00e1hrifar\u00edkt e\u00f0a \u00e1hrifalaust.<\/p><p>Krosst\u00e1kn skorin \u00ed tr\u00e9 e\u00f0a m\u00e1lu\u00f0 gl\u00f6tu\u00f0u einnig, samkv\u00e6mt <span class=\"iwg-fachbegriff\" data-tooltip=\"Framsending vitneskju og fr\u00e1sagna kynsl\u00f3\u00f0 fram af kynsl\u00f3\u00f0.\" tabindex=\"0\">munnm\u00e6lum<\/span>, m\u00e6tti s\u00ednum ef \u00feau skemmdust, f\u00f6lnu\u00f0u e\u00f0a ve\u00f0ru\u00f0ust. \u00cd sumum sta\u00f0bundnum hef\u00f0um \u00feurfti a\u00f0 endurn\u00fdja krossinn \u00e1rlega, t.d. \u00e1 tilteknum kirkjuh\u00e1t\u00ed\u00f0um.<\/p>\t\t\t\t\t\t\t\t<\/div>\n\t\t\t\t<\/div>\n\t\t\t\t\t<\/div>\n\t\t\t\t<\/div>\n\t\t<div class=\"elementor-element elementor-element-iwgs-schutzkreuz-lit e-flex e-con-boxed e-con e-parent\" data-id=\"iwgs-schutzkreuz-lit\" data-element_type=\"container\" data-e-type=\"container\">\n\t\t\t\t\t<div class=\"e-con-inner\">\n\t\t\t\t<div class=\"elementor-element elementor-element-iwgs-schutzkreuz-lith elementor-widget elementor-widget-heading\" data-id=\"iwgs-schutzkreuz-lith\" data-element_type=\"widget\" data-e-type=\"widget\" data-widget_type=\"heading.default\">\n\t\t\t\t\t<h2 class=\"elementor-heading-title elementor-size-default\">Heimildir (\u00farval)<\/h2>\t\t\t\t<\/div>\n\t\t<div class=\"elementor-element elementor-element-iw-schutzkreuz-lit-bw e-con-full e-flex e-con e-child\" data-id=\"iw-schutzkreuz-lit-bw\" data-element_type=\"container\" data-e-type=\"container\">\n\t\t\t\t<div class=\"elementor-element elementor-element-iwgs-schutzkreuz-litt elementor-widget elementor-widget-html\" data-id=\"iwgs-schutzkreuz-litt\" data-element_type=\"widget\" data-e-type=\"widget\" data-widget_type=\"html.default\">\n\t\t\t\t\t<footer data-nosnippet=\"true\"><ul><li>B\u00e4chtold-St\u00e4ubli, Hanns (Hrsg.): Handw\u00f6rterbuch des deutschen Aberglaubens. De Gruyter, Berlin, 1927-1942. Artikel \"Kreuz\", \"Kreuzzeichen\", \"Bekreuzigen\".<\/li><li>Dinzelbacher, Peter (Hrsg.): Europ\u00e4ische Mentalit\u00e4tsgeschichte. Kr\u00f6ner, Stuttgart, 1993.<\/li><li>P\u00f3cs, \u00c9va: Between the Living and the Dead. A Perspective on Witches and Seers in the Early Modern Age. Central European University Press, Budapest, 1999.<\/li><li>Klaniczay, G\u00e1bor: The Uses of Supernatural Power. The Transformation of Popular Religion in Medieval and Early-Modern Europe. Princeton University Press, Princeton, 1990.<\/li><li>Lurker, Manfred: W\u00f6rterbuch der Symbolik. 5. Auflage, Kr\u00f6ner, Stuttgart, 1991.<\/li><\/ul><\/footer>\t\t\t\t<\/div>\n\t\t\t\t<\/div>\n\t\t\t\t\t<\/div>\n\t\t\t\t<\/div>\n\t\t<div class=\"elementor-element elementor-element-iwgs-schutzkreuz-kwd e-flex e-con-boxed e-con e-parent\" data-id=\"iwgs-schutzkreuz-kwd\" data-element_type=\"container\" data-e-type=\"container\">\n\t\t\t\t\t<div class=\"e-con-inner\">\n\t\t<div class=\"elementor-element elementor-element-iw-schutzkreuz-kwd-bw e-con-full e-flex e-con e-child\" data-id=\"iw-schutzkreuz-kwd-bw\" data-element_type=\"container\" data-e-type=\"container\">\n\t\t\t\t<div class=\"elementor-element elementor-element-iwgs-schutzkreuz-kwdt elementor-widget elementor-widget-text-editor\" data-id=\"iwgs-schutzkreuz-kwdt\" data-element_type=\"widget\" data-e-type=\"widget\" data-widget_type=\"text-editor.default\">\n\t\t\t\t\t\t\t\t\t<p><em>Tengd leitaror\u00f0: kross verndart\u00e1kn krosst\u00e1kn and\u00f3fseiginleiki dj\u00f6flav\u00f6rn.<\/em><\/p>\t\t\t\t\t\t\t\t<\/div>\n\t\t\t\t<\/div>\n\t\t\t\t\t<\/div>\n\t\t\t\t<\/div>\n\t\t<div class=\"elementor-element elementor-element-iwgs-schutzkreuz-cc e-flex e-con-boxed e-con e-parent\" data-id=\"iwgs-schutzkreuz-cc\" data-element_type=\"container\" data-e-type=\"container\" id=\"iwg-cc-schutzkreuz\">\n\t\t\t\t\t<div class=\"e-con-inner\">\n\t\t<div class=\"elementor-element elementor-element-iwgs-schutzkreuz-ccinner e-flex e-con-boxed e-con e-parent\" data-id=\"iwgs-schutzkreuz-ccinner\" data-element_type=\"container\" data-e-type=\"container\" data-settings=\"{&quot;background_background&quot;:&quot;classic&quot;}\">\n\t\t\t\t\t<div class=\"e-con-inner\">\n\t\t\t\t<div class=\"elementor-element elementor-element-iwgs-schutzkreuz-cch elementor-widget elementor-widget-heading\" data-id=\"iwgs-schutzkreuz-cch\" data-element_type=\"widget\" data-e-type=\"widget\" data-widget_type=\"heading.default\">\n\t\t\t\t\t<h2 class=\"elementor-heading-title elementor-size-default\">iWell Guard og verndarhef\u00f0ir<\/h2>\t\t\t\t<\/div>\n\t\t\t\t<div class=\"elementor-element elementor-element-iwgs-schutzkreuz-cct elementor-widget elementor-widget-text-editor\" data-id=\"iwgs-schutzkreuz-cct\" data-element_type=\"widget\" data-e-type=\"widget\" data-widget_type=\"text-editor.default\">\n\t\t\t\t\t\t\t\t\t<p>Krossinn sem verndart\u00e1kn t\u00e1knar meginregluna um form sem skipuleggur r\u00fami\u00f0 og setur m\u00f6rk: hann skiptir, lokar af og markar. \u00dea\u00f0 sem kristin hef\u00f0 setti \u00ed forgrunn, t\u00e1kni\u00f0 um yfirvinnu, var \u00feegar til \u00ed eldra lagi sem t\u00e1kn um fullkomna reglu.<\/p>\n<p><a href=\"https:\/\/iwell-guard.com\/is\/verndargripur-iwell-guard-kaupa\/\">iWell Guard<\/a> tengir \u00feessa hugmynd vi\u00f0 \u00fe\u00e6tti \u00far \u00f6\u00f0rum verndarhef\u00f0um. Hann er ekkert tr\u00faarlegt <span class=\"iwg-fachbegriff\" data-tooltip=\"T\u00e1kn sem stendur fyrir hugmynd e\u00f0a merkingu.\" tabindex=\"0\">t\u00e1kn<\/span>, heldur samruni: t\u00e1kn sem tekur upp \u00fe\u00e1 sameiginlegu grundvallarsannf\u00e6ringu margra menningarheima a\u00f0 borinn hlutur me\u00f0 sk\u00fdrum \u00e1setningi vi\u00f0haldi tengslum vi\u00f0 verndarhef\u00f0ina. N\u00e1nar um hvernig \u00fdmis t\u00e1kn og menningarheimar eru dregin saman \u00ed <a href=\"https:\/\/iwell-guard.com\/is\/?page_id=169276\">Verndarkomp\u00e1snum<\/a> m\u00e1 finna \u00fear.<\/p>\t\t\t\t\t\t\t\t<\/div>\n\t\t\t\t<div class=\"elementor-element elementor-element-iwgs-schutzkreuz-ccb iwg-cc-button iwg-cc-cta-2026-05-13 elementor-widget elementor-widget-jet-button\" data-id=\"iwgs-schutzkreuz-ccb\" data-element_type=\"widget\" data-e-type=\"widget\" data-widget_type=\"jet-button.default\">\n\t\t\t\t<div class=\"elementor-widget-container\">\n\t\t\t\t\t<div class=\"elementor-jet-button jet-elements\"><div class=\"jet-button__container\"><a class=\"jet-button__instance jet-button__instance--icon-left hover-effect-1\" href=\"\/schutzanhaenger-iwell-guard-kaufen\/?utm_source=iwell-guard.com&amp;utm_medium=info-box&amp;utm_campaign=schutzsymbole\"><div class=\"jet-button__plane jet-button__plane-normal\"><\/div><div class=\"jet-button__plane jet-button__plane-hover\"><\/div><div class=\"jet-button__state jet-button__state-normal\"><span class=\"jet-button__label\">Meira um iWell Guard<\/span><\/div><div class=\"jet-button__state jet-button__state-hover\"><span class=\"jet-button__label\">Meira um iWell Guard<\/span><\/div><\/a><\/div><\/div><style>.elementor-element.elementor-element-iwgs-schutzkreuz-ccb .jet-button__instance{width:320px;height:56px;}.elementor-element.elementor-element-iwgs-schutzkreuz-ccb .jet-button__state-normal .jet-button__label{text-align:center;margin:0px 0px 0px 0px;color:#1a1b20;font-family:Montserrat,sans-serif;font-size:13px;font-weight:400;letter-spacing:4px;line-height:1.714em;text-transform:uppercase;}.elementor-element.elementor-element-iwgs-schutzkreuz-ccb .jet-button__state-hover .jet-button__label{text-align:center;margin:0px 0px 0px 0px;color:#FECC76;font-family:Montserrat,sans-serif;font-size:13px;font-weight:400;letter-spacing:4px;line-height:1.714em;text-transform:uppercase;}.elementor-element.elementor-element-iwgs-schutzkreuz-ccb .jet-button__plane-normal{background-color:#FECC76;border-style:solid;border-color:#C99540;border-width:2px 2px 2px 2px;}.elementor-element.elementor-element-iwgs-schutzkreuz-ccb .jet-button__plane-hover{background-color:rgba(0,0,0,0.55);border-style:solid;border-color:#FECC76;border-width:2px 2px 2px 2px;}<\/style>\t\t\t\t<\/div>\n\t\t\t\t<\/div>\n\t\t\t\t<div class=\"elementor-element elementor-element-iwgs-schutzkreuz-ccd elementor-widget elementor-widget-text-editor\" data-id=\"iwgs-schutzkreuz-ccd\" data-element_type=\"widget\" data-e-type=\"widget\" data-widget_type=\"text-editor.default\">\n\t\t\t\t\t\t\t\t\t<p style=\"text-align:center;font-size:13px;opacity:0.7;margin-top:14px\" data-nosnippet=\"true\">Pers\u00f3nuleg reynsla getur veri\u00f0 mismunandi. Ekki l\u00e6kningat\u00e6ki. Engin lofor\u00f0 um l\u00e6kningu.<\/p>\t\t\t\t\t\t\t\t<\/div>\n\t\t\t\t\t<\/div>\n\t\t\t\t<\/div>\n\t\t\t\t\t<\/div>\n\t\t\t\t<\/div>\n\t\t<div class=\"elementor-element elementor-element-iwgs-schutzkreuz-disc e-flex e-con-boxed e-con e-parent\" data-id=\"iwgs-schutzkreuz-disc\" data-element_type=\"container\" data-e-type=\"container\">\n\t\t\t\t\t<div class=\"e-con-inner\">\n\t\t<div class=\"elementor-element elementor-element-iw-schutzkreuz-disc-bw e-con-full e-flex e-con e-child\" data-id=\"iw-schutzkreuz-disc-bw\" data-element_type=\"container\" data-e-type=\"container\">\n\t\t\t\t<div class=\"elementor-element elementor-element-iwgs-schutzkreuz-discw elementor-widget elementor-widget-html\" data-id=\"iwgs-schutzkreuz-discw\" data-element_type=\"widget\" data-e-type=\"widget\" data-widget_type=\"html.default\">\n\t\t\t\t\t<footer data-nosnippet=\"true\" class=\"iwg-disclaimer-block\"><p data-nosnippet=\"true\">iWell Guard er <strong>ekki l\u00e6kningat\u00e6ki<\/strong> og kemur ekki \u00ed sta\u00f0 l\u00e6knis- e\u00f0a s\u00e1lfr\u00e6\u00f0ime\u00f0fer\u00f0ar. Innihaldi\u00f0 sem h\u00e9r er sett fram er tr\u00faarbrag\u00f0afr\u00e6\u00f0ileg og menningars\u00f6gulega greining, ekki lofor\u00f0 um andlega virkni.<\/p><\/footer>\t\t\t\t<\/div>\n\t\t\t\t<\/div>\n\t\t\t\t\t<\/div>\n\t\t\t\t<\/div>\n\t\t\t\t<\/div>\n\t\t","protected":false},"excerpt":{"rendered":"","protected":false},"author":3,"featured_media":4106,"parent":0,"menu_order":0,"comment_status":"closed","ping_status":"closed","template":"elementor_header_footer","meta":{"_yoast_wpseo_focuskw":"kross verndartakn","_yoast_wpseo_title":"Krossinn sem verndart\u00e1kn gegn dj\u00f6flum","_yoast_wpseo_metadesc":"Fr\u00e1 \u00fer\u00f6skuldskrossi til handahreyfingar: hvernig munnm\u00e6lin nota krossinn sem verndart\u00e1kn gegn dj\u00f6flum, \u00f6ndum og illu auga.","_yoast_wpseo_meta-robots-noindex":"","_yoast_wpseo_canonical":"","_angie_page":false,"gefaehrdungsstufe":"","wesen_kultur":"","wesen_klasse":"","footnotes":""},"categories":[],"class_list":["post-169280","page","type-page","status-publish","has-post-thumbnail","hentry"],"yoast_head":"<!-- This site is optimized with the Yoast SEO Premium plugin v27.7 (Yoast SEO v28.3) - https:\/\/yoast.com\/product\/yoast-seo-premium-wordpress\/ -->\n<title>Krossinn sem verndart\u00e1kn gegn dj\u00f6flum<\/title>\n<meta name=\"description\" content=\"Fr\u00e1 \u00fer\u00f6skuldskrossi til handahreyfingar: hvernig munnm\u00e6lin nota krossinn sem verndart\u00e1kn gegn dj\u00f6flum, \u00f6ndum og illu auga.\" \/>\n<meta name=\"robots\" content=\"index, follow, max-snippet:-1, max-image-preview:large, max-video-preview:-1\" \/>\n<link rel=\"canonical\" href=\"https:\/\/iwell-guard.com\/is\/krossinn-sem-verndartakn\/\" \/>\n<meta property=\"og:locale\" content=\"is_IS\" \/>\n<meta property=\"og:type\" content=\"article\" \/>\n<meta property=\"og:title\" content=\"Krossinn sem verndart\u00e1kn\" \/>\n<meta property=\"og:description\" content=\"Fr\u00e1 \u00fer\u00f6skuldskrossi til handahreyfingar: hvernig munnm\u00e6lin nota krossinn sem verndart\u00e1kn gegn dj\u00f6flum, \u00f6ndum og illu auga.\" \/>\n<meta property=\"og:url\" content=\"https:\/\/iwell-guard.com\/is\/krossinn-sem-verndartakn\/\" \/>\n<meta property=\"og:site_name\" content=\"iWell Guard\" \/>\n<meta property=\"article:modified_time\" content=\"2026-09-05T14:36:53+00:00\" \/>\n<meta property=\"og:image\" content=\"https:\/\/iwell-guard.com\/wp-content\/uploads\/2026\/05\/schutzsymbol_christentum_schutzkreuz.png\" \/>\n\t<meta property=\"og:image:width\" content=\"1024\" \/>\n\t<meta property=\"og:image:height\" content=\"1536\" \/>\n\t<meta property=\"og:image:type\" content=\"image\/png\" \/>\n<meta name=\"twitter:card\" content=\"summary_large_image\" \/>\n<script type=\"application\/ld+json\" class=\"yoast-schema-graph\">{\"@context\":\"https:\\\/\\\/schema.org\",\"@graph\":[{\"@type\":\"WebPage\",\"@id\":\"https:\\\/\\\/iwell-guard.com\\\/is\\\/krossinn-sem-verndartakn\\\/\",\"url\":\"https:\\\/\\\/iwell-guard.com\\\/is\\\/krossinn-sem-verndartakn\\\/\",\"name\":\"Krossinn sem verndart\u00e1kn gegn dj\u00f6flum\",\"isPartOf\":{\"@id\":\"https:\\\/\\\/iwell-guard.com\\\/is\\\/#website\"},\"primaryImageOfPage\":{\"@id\":\"https:\\\/\\\/iwell-guard.com\\\/is\\\/krossinn-sem-verndartakn\\\/#primaryimage\"},\"image\":{\"@id\":\"https:\\\/\\\/iwell-guard.com\\\/is\\\/krossinn-sem-verndartakn\\\/#primaryimage\"},\"thumbnailUrl\":\"https:\\\/\\\/iwell-guard.com\\\/wp-content\\\/uploads\\\/2026\\\/05\\\/schutzsymbol_christentum_schutzkreuz.png\",\"datePublished\":\"2026-09-05T14:07:05+00:00\",\"dateModified\":\"2026-09-05T14:36:53+00:00\",\"description\":\"Fr\u00e1 \u00fer\u00f6skuldskrossi til handahreyfingar: hvernig munnm\u00e6lin nota krossinn sem verndart\u00e1kn gegn dj\u00f6flum, \u00f6ndum og illu auga.\",\"breadcrumb\":{\"@id\":\"https:\\\/\\\/iwell-guard.com\\\/is\\\/krossinn-sem-verndartakn\\\/#breadcrumb\"},\"inLanguage\":\"is\",\"potentialAction\":[{\"@type\":\"ReadAction\",\"target\":[\"https:\\\/\\\/iwell-guard.com\\\/is\\\/krossinn-sem-verndartakn\\\/\"]}]},{\"@type\":\"ImageObject\",\"inLanguage\":\"is\",\"@id\":\"https:\\\/\\\/iwell-guard.com\\\/is\\\/krossinn-sem-verndartakn\\\/#primaryimage\",\"url\":\"https:\\\/\\\/iwell-guard.com\\\/wp-content\\\/uploads\\\/2026\\\/05\\\/schutzsymbol_christentum_schutzkreuz.png\",\"contentUrl\":\"https:\\\/\\\/iwell-guard.com\\\/wp-content\\\/uploads\\\/2026\\\/05\\\/schutzsymbol_christentum_schutzkreuz.png\",\"width\":1024,\"height\":1536,\"caption\":\"Krossinn sem verndart\u00e1kn, s\u00f6guleg mynd til sk\u00fdringar\"},{\"@type\":\"BreadcrumbList\",\"@id\":\"https:\\\/\\\/iwell-guard.com\\\/is\\\/krossinn-sem-verndartakn\\\/#breadcrumb\",\"itemListElement\":[{\"@type\":\"ListItem\",\"position\":1,\"name\":\"Start\",\"item\":\"https:\\\/\\\/iwell-guard.com\\\/is\\\/?page_id=168580\"},{\"@type\":\"ListItem\",\"position\":2,\"name\":\"Krossinn sem verndart\u00e1kn\"}]},{\"@type\":\"WebSite\",\"@id\":\"https:\\\/\\\/iwell-guard.com\\\/is\\\/#website\",\"url\":\"https:\\\/\\\/iwell-guard.com\\\/is\\\/\",\"name\":\"iWell Guard\",\"description\":\"Schutz vor dunklen Einfl\u00fcssen\",\"publisher\":{\"@id\":\"https:\\\/\\\/iwell-guard.com\\\/is\\\/#organization\"},\"potentialAction\":[{\"@type\":\"SearchAction\",\"target\":{\"@type\":\"EntryPoint\",\"urlTemplate\":\"https:\\\/\\\/iwell-guard.com\\\/is\\\/?s={search_term_string}\"},\"query-input\":{\"@type\":\"PropertyValueSpecification\",\"valueRequired\":true,\"valueName\":\"search_term_string\"}}],\"inLanguage\":\"is\"},{\"@type\":\"Organization\",\"@id\":\"https:\\\/\\\/iwell-guard.com\\\/is\\\/#organization\",\"name\":\"Ittermann electronic GmbH\",\"url\":\"https:\\\/\\\/iwell-guard.com\\\/is\\\/\",\"logo\":{\"@type\":\"ImageObject\",\"inLanguage\":\"is\",\"@id\":\"https:\\\/\\\/iwell-guard.com\\\/is\\\/#\\\/schema\\\/logo\\\/image\\\/\",\"url\":\"https:\\\/\\\/iwell-guard.com\\\/wp-content\\\/uploads\\\/2026\\\/05\\\/Ittermann-Logo-1182x237-1.png\",\"contentUrl\":\"https:\\\/\\\/iwell-guard.com\\\/wp-content\\\/uploads\\\/2026\\\/05\\\/Ittermann-Logo-1182x237-1.png\",\"width\":1182,\"height\":237,\"caption\":\"Ittermann electronic GmbH\"},\"image\":{\"@id\":\"https:\\\/\\\/iwell-guard.com\\\/is\\\/#\\\/schema\\\/logo\\\/image\\\/\"},\"sameAs\":[\"https:\\\/\\\/pantip.com\\\/profile\\\/9367242\",\"https:\\\/\\\/micro.blog\\\/iwellguard\",\"https:\\\/\\\/www.diggerslist.com\\\/iwellguard\\\/about\",\"https:\\\/\\\/skitterphoto.com\\\/photographers\\\/2870314\\\/iwell-guard\",\"https:\\\/\\\/iwellguard.wordpress.com\\\/2026\\\/06\\\/06\\\/iwell-guard\\\/\",\"https:\\\/\\\/hub.docker.com\\\/u\\\/iwellguard\",\"https:\\\/\\\/www.pinterest.com\\\/iwellguard\\\/\",\"https:\\\/\\\/bit.ly\\\/m\\\/iwellguard\",\"https:\\\/\\\/entre-vos-mains.alsace.eu\\\/profiles\\\/iwellguard\\\/activity\",\"https:\\\/\\\/gravatar.com\\\/reallybeded8fd34\",\"https:\\\/\\\/naijamatta.com\\\/iwellguard\",\"https:\\\/\\\/www.goodreads.com\\\/iwellguard\",\"https:\\\/\\\/profile.hatena.ne.jp\\\/iwellguard\\\/\",\"https:\\\/\\\/experiment.com\\\/users\\\/iwellguard\",\"https:\\\/\\\/wakelet.com\\\/@iWellGuard82270\",\"https:\\\/\\\/www.chordie.com\\\/forum\\\/profile.php?id=2555664\",\"https:\\\/\\\/www.instapaper.com\\\/p\\\/17757966\",\"https:\\\/\\\/www.mapleprimes.com\\\/users\\\/iwellguard\",\"https:\\\/\\\/businesslistingplus.com\\\/profile\\\/iwell-guard\\\/\",\"https:\\\/\\\/telegra.ph\\\/iWell-Guard-06-06\",\"https:\\\/\\\/pbase.com\\\/iwellguard\\\/iwellguard\",\"https:\\\/\\\/b.hatena.ne.jp\\\/iwellguard\\\/20260607#bookmark-4788405196491818882\",\"https:\\\/\\\/fliphtml5.com\\\/home\\\/iwellguard\",\"https:\\\/\\\/anyflip.com\\\/homepage\\\/cmiwl#About\",\"https:\\\/\\\/transfur.com\\\/Users\\\/iwellguard\",\"http:\\\/\\\/delphi.larsbo.org\\\/user\\\/iwellguard\",\"https:\\\/\\\/jobs.lajobsportal.org\\\/profiles\\\/8380803-iwell-guard\",\"https:\\\/\\\/md.chaosdorf.de\\\/s\\\/jfbe5SBdJD\",\"https:\\\/\\\/www.lingvolive.com\\\/en-us\\\/profile\\\/9ecaeaca-ce11-4e51-9e71-01d55e2bff36\\\/translations\",\"https:\\\/\\\/www.fitday.com\\\/fitness\\\/forums\\\/members\\\/iwellguard.html\",\"https:\\\/\\\/www.mymeetbook.com\\\/iwellguard\",\"https:\\\/\\\/pxhere.com\\\/en\\\/photographer-me\\\/5040798\",\"https:\\\/\\\/disqus.com\\\/by\\\/iwellguard\\\/about\\\/\",\"https:\\\/\\\/pastelink.net\\\/hjwciqwq\",\"https:\\\/\\\/pubhtml5.com\\\/homepage\\\/scjhn\\\/\",\"https:\\\/\\\/www.bitchute.com\\\/channel\\\/2O2eOKzNqujT\",\"https:\\\/\\\/audiomack.com\\\/iwellguard\"]}]}<\/script>\n<!-- \/ Yoast SEO Premium plugin. -->","yoast_head_json":{"title":"Krossinn sem verndart\u00e1kn gegn dj\u00f6flum","description":"Fr\u00e1 \u00fer\u00f6skuldskrossi til handahreyfingar: hvernig munnm\u00e6lin nota krossinn sem verndart\u00e1kn gegn dj\u00f6flum, \u00f6ndum og illu auga.","robots":{"index":"index","follow":"follow","max-snippet":"max-snippet:-1","max-image-preview":"max-image-preview:large","max-video-preview":"max-video-preview:-1"},"canonical":"https:\/\/iwell-guard.com\/is\/krossinn-sem-verndartakn\/","og_locale":"is_IS","og_type":"article","og_title":"Krossinn sem verndart\u00e1kn","og_description":"Fr\u00e1 \u00fer\u00f6skuldskrossi til handahreyfingar: hvernig munnm\u00e6lin nota krossinn sem verndart\u00e1kn gegn dj\u00f6flum, \u00f6ndum og illu auga.","og_url":"https:\/\/iwell-guard.com\/is\/krossinn-sem-verndartakn\/","og_site_name":"iWell Guard","article_modified_time":"2026-09-05T14:36:53+00:00","og_image":[{"width":1024,"height":1536,"url":"https:\/\/iwell-guard.com\/wp-content\/uploads\/2026\/05\/schutzsymbol_christentum_schutzkreuz.png","type":"image\/png"}],"twitter_card":"summary_large_image","schema":{"@context":"https:\/\/schema.org","@graph":[{"@type":"WebPage","@id":"https:\/\/iwell-guard.com\/is\/krossinn-sem-verndartakn\/","url":"https:\/\/iwell-guard.com\/is\/krossinn-sem-verndartakn\/","name":"Krossinn sem verndart\u00e1kn gegn dj\u00f6flum","isPartOf":{"@id":"https:\/\/iwell-guard.com\/is\/#website"},"primaryImageOfPage":{"@id":"https:\/\/iwell-guard.com\/is\/krossinn-sem-verndartakn\/#primaryimage"},"image":{"@id":"https:\/\/iwell-guard.com\/is\/krossinn-sem-verndartakn\/#primaryimage"},"thumbnailUrl":"https:\/\/iwell-guard.com\/wp-content\/uploads\/2026\/05\/schutzsymbol_christentum_schutzkreuz.png","datePublished":"2026-09-05T14:07:05+00:00","dateModified":"2026-09-05T14:36:53+00:00","description":"Fr\u00e1 \u00fer\u00f6skuldskrossi til handahreyfingar: hvernig munnm\u00e6lin nota krossinn sem verndart\u00e1kn gegn dj\u00f6flum, \u00f6ndum og illu auga.","breadcrumb":{"@id":"https:\/\/iwell-guard.com\/is\/krossinn-sem-verndartakn\/#breadcrumb"},"inLanguage":"is","potentialAction":[{"@type":"ReadAction","target":["https:\/\/iwell-guard.com\/is\/krossinn-sem-verndartakn\/"]}]},{"@type":"ImageObject","inLanguage":"is","@id":"https:\/\/iwell-guard.com\/is\/krossinn-sem-verndartakn\/#primaryimage","url":"https:\/\/iwell-guard.com\/wp-content\/uploads\/2026\/05\/schutzsymbol_christentum_schutzkreuz.png","contentUrl":"https:\/\/iwell-guard.com\/wp-content\/uploads\/2026\/05\/schutzsymbol_christentum_schutzkreuz.png","width":1024,"height":1536,"caption":"Krossinn sem verndart\u00e1kn, s\u00f6guleg mynd til sk\u00fdringar"},{"@type":"BreadcrumbList","@id":"https:\/\/iwell-guard.com\/is\/krossinn-sem-verndartakn\/#breadcrumb","itemListElement":[{"@type":"ListItem","position":1,"name":"Start","item":"https:\/\/iwell-guard.com\/is\/?page_id=168580"},{"@type":"ListItem","position":2,"name":"Krossinn sem verndart\u00e1kn"}]},{"@type":"WebSite","@id":"https:\/\/iwell-guard.com\/is\/#website","url":"https:\/\/iwell-guard.com\/is\/","name":"iWell Guard","description":"Schutz vor dunklen Einfl\u00fcssen","publisher":{"@id":"https:\/\/iwell-guard.com\/is\/#organization"},"potentialAction":[{"@type":"SearchAction","target":{"@type":"EntryPoint","urlTemplate":"https:\/\/iwell-guard.com\/is\/?s={search_term_string}"},"query-input":{"@type":"PropertyValueSpecification","valueRequired":true,"valueName":"search_term_string"}}],"inLanguage":"is"},{"@type":"Organization","@id":"https:\/\/iwell-guard.com\/is\/#organization","name":"Ittermann electronic GmbH","url":"https:\/\/iwell-guard.com\/is\/","logo":{"@type":"ImageObject","inLanguage":"is","@id":"https:\/\/iwell-guard.com\/is\/#\/schema\/logo\/image\/","url":"https:\/\/iwell-guard.com\/wp-content\/uploads\/2026\/05\/Ittermann-Logo-1182x237-1.png","contentUrl":"https:\/\/iwell-guard.com\/wp-content\/uploads\/2026\/05\/Ittermann-Logo-1182x237-1.png","width":1182,"height":237,"caption":"Ittermann electronic GmbH"},"image":{"@id":"https:\/\/iwell-guard.com\/is\/#\/schema\/logo\/image\/"},"sameAs":["https:\/\/pantip.com\/profile\/9367242","https:\/\/micro.blog\/iwellguard","https:\/\/www.diggerslist.com\/iwellguard\/about","https:\/\/skitterphoto.com\/photographers\/2870314\/iwell-guard","https:\/\/iwellguard.wordpress.com\/2026\/06\/06\/iwell-guard\/","https:\/\/hub.docker.com\/u\/iwellguard","https:\/\/www.pinterest.com\/iwellguard\/","https:\/\/bit.ly\/m\/iwellguard","https:\/\/entre-vos-mains.alsace.eu\/profiles\/iwellguard\/activity","https:\/\/gravatar.com\/reallybeded8fd34","https:\/\/naijamatta.com\/iwellguard","https:\/\/www.goodreads.com\/iwellguard","https:\/\/profile.hatena.ne.jp\/iwellguard\/","https:\/\/experiment.com\/users\/iwellguard","https:\/\/wakelet.com\/@iWellGuard82270","https:\/\/www.chordie.com\/forum\/profile.php?id=2555664","https:\/\/www.instapaper.com\/p\/17757966","https:\/\/www.mapleprimes.com\/users\/iwellguard","https:\/\/businesslistingplus.com\/profile\/iwell-guard\/","https:\/\/telegra.ph\/iWell-Guard-06-06","https:\/\/pbase.com\/iwellguard\/iwellguard","https:\/\/b.hatena.ne.jp\/iwellguard\/20260607#bookmark-4788405196491818882","https:\/\/fliphtml5.com\/home\/iwellguard","https:\/\/anyflip.com\/homepage\/cmiwl#About","https:\/\/transfur.com\/Users\/iwellguard","http:\/\/delphi.larsbo.org\/user\/iwellguard","https:\/\/jobs.lajobsportal.org\/profiles\/8380803-iwell-guard","https:\/\/md.chaosdorf.de\/s\/jfbe5SBdJD","https:\/\/www.lingvolive.com\/en-us\/profile\/9ecaeaca-ce11-4e51-9e71-01d55e2bff36\/translations","https:\/\/www.fitday.com\/fitness\/forums\/members\/iwellguard.html","https:\/\/www.mymeetbook.com\/iwellguard","https:\/\/pxhere.com\/en\/photographer-me\/5040798","https:\/\/disqus.com\/by\/iwellguard\/about\/","https:\/\/pastelink.net\/hjwciqwq","https:\/\/pubhtml5.com\/homepage\/scjhn\/","https:\/\/www.bitchute.com\/channel\/2O2eOKzNqujT","https:\/\/audiomack.com\/iwellguard"]}]}},"_links":{"self":[{"href":"https:\/\/iwell-guard.com\/is\/wp-json\/wp\/v2\/pages\/169280","targetHints":{"allow":["GET"]}}],"collection":[{"href":"https:\/\/iwell-guard.com\/is\/wp-json\/wp\/v2\/pages"}],"about":[{"href":"https:\/\/iwell-guard.com\/is\/wp-json\/wp\/v2\/types\/page"}],"author":[{"embeddable":true,"href":"https:\/\/iwell-guard.com\/is\/wp-json\/wp\/v2\/users\/3"}],"replies":[{"embeddable":true,"href":"https:\/\/iwell-guard.com\/is\/wp-json\/wp\/v2\/comments?post=169280"}],"version-history":[{"count":0,"href":"https:\/\/iwell-guard.com\/is\/wp-json\/wp\/v2\/pages\/169280\/revisions"}],"wp:featuredmedia":[{"embeddable":true,"href":"https:\/\/iwell-guard.com\/is\/wp-json\/wp\/v2\/media\/4106"}],"wp:attachment":[{"href":"https:\/\/iwell-guard.com\/is\/wp-json\/wp\/v2\/media?parent=169280"}],"wp:term":[{"taxonomy":"category","embeddable":true,"href":"https:\/\/iwell-guard.com\/is\/wp-json\/wp\/v2\/categories?post=169280"}],"curies":[{"name":"wp","href":"https:\/\/api.w.org\/{rel}","templated":true}]}}