{"id":169279,"date":"2026-09-05T14:07:05","date_gmt":"2026-09-05T14:07:05","guid":{"rendered":"https:\/\/iwell-guard.com\/?page_id=169279"},"modified":"2026-09-05T14:36:51","modified_gmt":"2026-09-05T14:36:51","slug":"verndarbjollur-og-bjolluhljomur","status":"publish","type":"page","link":"https:\/\/iwell-guard.com\/is\/verndarbjollur-og-bjolluhljomur\/","title":{"rendered":"Verndarbj\u00f6llur og bj\u00f6lluhlj\u00f3mur"},"content":{"rendered":"\t\t<div data-elementor-type=\"wp-page\" data-elementor-id=\"169279\" class=\"elementor elementor-169279 elementor-3788 elementor-bc-flex-widget\" data-elementor-post-type=\"page\">\n\t\t\t\t<div class=\"elementor-element elementor-element-iwgs-schutzglocken-hero e-flex e-con-boxed e-con e-parent\" data-id=\"iwgs-schutzglocken-hero\" data-element_type=\"container\" data-e-type=\"container\">\n\t\t\t\t\t<div class=\"e-con-inner\">\n\t\t<div class=\"elementor-element elementor-element-iw-schutzglocken-hero-left e-con-full e-flex e-con e-child\" data-id=\"iw-schutzglocken-hero-left\" data-element_type=\"container\" data-e-type=\"container\">\n\t\t\t\t<div class=\"elementor-element elementor-element-iwgs-schutzglocken-h1 elementor-widget elementor-widget-heading\" data-id=\"iwgs-schutzglocken-h1\" data-element_type=\"widget\" data-e-type=\"widget\" data-widget_type=\"heading.default\">\n\t\t\t\t\t<h1 class=\"elementor-heading-title elementor-size-default\">Verndarbj\u00f6llur og bj\u00f6lluhlj\u00f3mur<\/h1>\t\t\t\t<\/div>\n\t\t<div class=\"elementor-element elementor-element-iw-schutzglocken-hero-bw e-con-full e-flex e-con e-child\" data-id=\"iw-schutzglocken-hero-bw\" data-element_type=\"container\" data-e-type=\"container\">\n\t\t\t\t<div class=\"elementor-element elementor-element-iwgs-schutzglocken-pills elementor-widget elementor-widget-html\" data-id=\"iwgs-schutzglocken-pills\" data-element_type=\"widget\" data-e-type=\"widget\" data-widget_type=\"html.default\">\n\t\t\t\t\t<div class=\"iwg-pill-row\"><span class=\"iwg-klasse-badge\" tabindex=\"0\" data-tooltip=\"Tegund varnargrips.\">Hlj\u00f3\u00f0 og lj\u00f3s<\/span><a href=\"https:\/\/iwell-guard.com\/is\/?page_id=169269\" class=\"iwg-kultur-badge\" tabindex=\"0\" data-tooltip=\"Til yfirlits.\">Hlj\u00f3\u00f0 og lj\u00f3s<\/a><\/div>\t\t\t\t<\/div>\n\t\t\t\t<div class=\"elementor-element elementor-element-iwgs-schutzglocken-lead elementor-widget elementor-widget-text-editor\" data-id=\"iwgs-schutzglocken-lead\" data-element_type=\"widget\" data-e-type=\"widget\" data-widget_type=\"text-editor.default\">\n\t\t\t\t\t\t\t\t\t<p>Hlj\u00f3mur bj\u00f6llu berst lengra en nokkurt m\u00e1la\u00f0 t\u00e1kn n\u00e6r. \u00deessi eiginleiki, a\u00f0 gagntaka r\u00fdmi\u00f0 og hlj\u00f3ma um \u00fea\u00f0, hefur or\u00f0i\u00f0 til \u00feess a\u00f0 menningarheimar \u00e1 n\u00e6r \u00f6llum meginl\u00f6ndum hafa gefi\u00f0 bj\u00f6llum, skellum, sindrum og svipu\u00f0um hlj\u00f3\u00f0f\u00e6rum verndarhlutverk.<\/p><p><span class=\"iwg-fachbegriff\" data-tooltip=\"Mi\u00f0lun \u00feekkingar og fr\u00e1sagna milli kynsl\u00f3\u00f0a.\" tabindex=\"0\">Munnm\u00e6lin<\/span> l\u00fdsa bj\u00f6lluhlj\u00f3mi ekki fyrst og fremst sem hlj\u00f3\u00f0\u00e1reiti, heldur sem \u00e1hrifum \u00e1 eins konar veruleika sem hversdagsl\u00edfi\u00f0 hefur takmarka\u00f0an a\u00f0gang a\u00f0: hlj\u00f3m sem skynjar hi\u00f0 \u00f3s\u00fdnilega og ney\u00f0ir \u00fea\u00f0 til a\u00f0 hverfa \u00e1 braut.<\/p>\n<p>Bj\u00f6llur sem verndargripir eru fr\u00e1brug\u00f0nar verndargripum e\u00f0a verndarefnum a\u00f0 \u00fev\u00ed leyti a\u00f0 verkun \u00feeirra er bundin \u00feeirri stundu sem hringt er. \u00de\u00f6gul bjalla hefur \u00ed <span class=\"iwg-fachbegriff\" data-tooltip=\"Mi\u00f0lun \u00feekkingar og fr\u00e1sagna milli kynsl\u00f3\u00f0a.\" tabindex=\"0\">munnm\u00e6lunum<\/span> annan st\u00f6\u00f0u en s\u00fa sem hringt er. \u00dear me\u00f0 falla bj\u00f6llur \u00ed flokk <a href=\"https:\/\/iwell-guard.com\/is\/?page_id=169269\">hlj\u00f3\u00f0- og lj\u00f3sgripa<\/a>: virkar, t\u00edmabundnar, h\u00e1\u00f0ar \u00fev\u00ed a\u00f0 vera nota\u00f0ar.<\/p>\t\t\t\t\t\t\t\t<\/div>\n\t\t\t\t<\/div>\n\t\t\t\t<\/div>\n\t\t<div class=\"elementor-element elementor-element-iw-schutzglocken-hero-img e-con-full e-flex e-con e-child\" data-id=\"iw-schutzglocken-hero-img\" data-element_type=\"container\" data-e-type=\"container\">\n\t\t\t\t<div class=\"elementor-element elementor-element-iwgs-schutzglocken-himg iwg-hero-image elementor-widget elementor-widget-image\" data-id=\"iwgs-schutzglocken-himg\" data-element_type=\"widget\" data-e-type=\"widget\" data-widget_type=\"image.default\">\n\t\t\t\t\t\t\t\t\t\t\t\t\t\t\t<img fetchpriority=\"high\" decoding=\"async\" width=\"683\" height=\"1024\" src=\"https:\/\/iwell-guard.com\/wp-content\/uploads\/2026\/05\/schutzsymbol_christentum_schutzglocken-683x1024.png\" class=\"attachment-large size-large wp-image-170450\" alt=\"Verndarklukkur og klukknahlj\u00f3mur, s\u00f6gulega myndskreytt\" srcset=\"https:\/\/iwell-guard.com\/wp-content\/uploads\/2026\/05\/schutzsymbol_christentum_schutzglocken-683x1024.png 683w, https:\/\/iwell-guard.com\/wp-content\/uploads\/2026\/05\/schutzsymbol_christentum_schutzglocken-200x300.png 200w, https:\/\/iwell-guard.com\/wp-content\/uploads\/2026\/05\/schutzsymbol_christentum_schutzglocken-768x1152.png 768w, https:\/\/iwell-guard.com\/wp-content\/uploads\/2026\/05\/schutzsymbol_christentum_schutzglocken.png 1024w\" sizes=\"(max-width: 683px) 100vw, 683px\" \/>\t\t\t\t\t\t\t\t\t\t\t\t\t\t\t<\/div>\n\t\t\t\t<\/div>\n\t\t\t\t\t<\/div>\n\t\t\t\t<\/div>\n\t\t<div class=\"elementor-element elementor-element-iwgs-schutzglocken-s0 e-flex e-con-boxed e-con e-parent\" data-id=\"iwgs-schutzglocken-s0\" data-element_type=\"container\" data-e-type=\"container\">\n\t\t\t\t\t<div class=\"e-con-inner\">\n\t\t\t\t<div class=\"elementor-element elementor-element-iwgs-schutzglocken-s0h elementor-widget elementor-widget-heading\" data-id=\"iwgs-schutzglocken-s0h\" data-element_type=\"widget\" data-e-type=\"widget\" data-widget_type=\"heading.default\">\n\t\t\t\t\t<h2 class=\"elementor-heading-title elementor-size-default\">Skj\u00f3tt yfirlit<\/h2>\t\t\t\t<\/div>\n\t\t<div class=\"elementor-element elementor-element-iw-schutzglocken-s0-bw e-con-full e-flex e-con e-child\" data-id=\"iw-schutzglocken-s0-bw\" data-element_type=\"container\" data-e-type=\"container\">\n\t\t\t\t<div class=\"elementor-element elementor-element-iwgs-schutzglocken-s0t elementor-widget elementor-widget-text-editor\" data-id=\"iwgs-schutzglocken-s0t\" data-element_type=\"widget\" data-e-type=\"widget\" data-widget_type=\"text-editor.default\">\n\t\t\t\t\t\t\t\t\t<p>\u00cd <span class=\"iwg-fachbegriff\" data-tooltip=\"Mi\u00f0lun \u00feekkingar og fr\u00e1sagna milli kynsl\u00f3\u00f0a.\" tabindex=\"0\">munnm\u00e6lunum<\/span> er bj\u00f6lluhlj\u00f3mur talinn vera lei\u00f0 til a\u00f0 hrekja \u00e1 brott ska\u00f0lega anda og dj\u00f6fla, merkja heil\u00f6g e\u00f0a verndu\u00f0 sv\u00e6\u00f0i me\u00f0 hlj\u00f3\u00f0i og styrkja <span class=\"iwg-fachbegriff\" data-tooltip=\"Tilheyrandi \u00e1kve\u00f0nu, fastm\u00f3tu\u00f0u tr\u00faarlegu ath\u00e6fi.\" tabindex=\"0\">helgisi\u00f0alega<\/span> mikilv\u00e6g t\u00edmam\u00f6rk \u00e1 bor\u00f0 vi\u00f0 n\u00f3tt, \u00e1ram\u00f3t e\u00f0a dau\u00f0a.<\/p><p>Hlj\u00f3mur bj\u00f6llunnar er sag\u00f0ur \u00f3b\u00e6rilegur hinu illa \u00fev\u00ed hann er \u00edmynd reglu, samf\u00e9lags og heilagleika. Skellur \u00ed sm\u00e6kka\u00f0ri mynd \u00fej\u00f3nu\u00f0u sama tilgangi \u00e1 d\u00fdrum, b\u00f6rnum og hur\u00f0um. Verndarm\u00e1tturinn birtist samkv\u00e6mt <span class=\"iwg-fachbegriff\" data-tooltip=\"Mi\u00f0lun \u00feekkingar og fr\u00e1sagna milli kynsl\u00f3\u00f0a.\" tabindex=\"0\">munnm\u00e6lunum<\/span> \u00ed hringingunni sj\u00e1lfri, ekki einungis \u00ed tilvist bj\u00f6llunnar.<\/p>\t\t\t\t\t\t\t\t<\/div>\n\t\t\t\t<\/div>\n\t\t\t\t\t<\/div>\n\t\t\t\t<\/div>\n\t\t<div class=\"elementor-element elementor-element-iwgs-schutzglocken-s1 e-flex e-con-boxed e-con e-parent\" data-id=\"iwgs-schutzglocken-s1\" data-element_type=\"container\" data-e-type=\"container\">\n\t\t\t\t\t<div class=\"e-con-inner\">\n\t\t\t\t<div class=\"elementor-element elementor-element-iwgs-schutzglocken-s1h elementor-widget elementor-widget-heading\" data-id=\"iwgs-schutzglocken-s1h\" data-element_type=\"widget\" data-e-type=\"widget\" data-widget_type=\"heading.default\">\n\t\t\t\t\t<h2 class=\"elementor-heading-title elementor-size-default\">Uppruni og munnm\u00e6li<\/h2>\t\t\t\t<\/div>\n\t\t<div class=\"elementor-element elementor-element-iw-schutzglocken-s1-bw e-con-full e-flex e-con e-child\" data-id=\"iw-schutzglocken-s1-bw\" data-element_type=\"container\" data-e-type=\"container\">\n\t\t\t\t<div class=\"elementor-element elementor-element-iwgs-schutzglocken-s1t elementor-widget elementor-widget-text-editor\" data-id=\"iwgs-schutzglocken-s1t\" data-element_type=\"widget\" data-e-type=\"widget\" data-widget_type=\"text-editor.default\">\n\t\t\t\t\t\t\t\t\t<p>Elstu heimildir um bj\u00f6llur me\u00f0 verndandi, illafr\u00e1hrekjandi hlutverk koma fr\u00e1 Austurl\u00f6ndum n\u00e6r og austanver\u00f0u Mi\u00f0jar\u00f0arhafssv\u00e6\u00f0inu. Litlar bronsskellur hafa fundist \u00ed gr\u00f6fum og \u00e1 kl\u00e6\u00f0na\u00f0i, en \u00e1letranir og gripir sem fylgdu benda til helgisi\u00f0alegrar merkingar \u00feeirra.<\/p><p>\u00cd Gamla testamentinu er l\u00fdst a\u00f0 \u00e6\u00f0stipresturinn bar gullnar bj\u00f6llur \u00e1 faldi kl\u00e6\u00f0a sinna sem hringdu \u00feegar hann gekk inn \u00ed hi\u00f0 allrahelgasta, l\u00edklega til a\u00f0 halda illum \u00f6ndum fr\u00e1 og gefa til kynna n\u00e6rveru prestsins.<\/p>\n<p>\u00cd Evr\u00f3pu \u00e1 mi\u00f0\u00f6ldum \u00fer\u00f3a\u00f0ist v\u00ed\u00f0t\u00e6k bj\u00f6llut\u00e1knfr\u00e6\u00f0i. Kirkjuklukkur voru sk\u00edr\u00f0ar, blessa\u00f0ar, nefndar eftir d\u00fdrlingum og merktar latneskum \u00e1letrunum til varnar gegn eldingum, stormi og dj\u00f6flinum. \u00dej\u00f3\u00f0tr\u00fain taldi hringingu klukknanna hrekja burt \u00ferumuv\u00e6tti, fylgja s\u00e1lum \u00e1 lei\u00f0 yfir \u00ed annan heim og hindra nornir \u00ed i\u00f0ju sinni.<\/p><p>Or\u00f0in vivos voco, mortuos plango, fulgura frango, \u00e1 \u00edslensku um \u00fea\u00f0 bil \u201e\u00e9g kalla hina lifandi, \u00e9g syrgi hina dau\u00f0u, \u00e9g br\u00e6\u00f0i eldingarnar\u201c, standa \u00e1 fj\u00f6lda \u00fe\u00fdskra kirkjuklukkna og draga saman \u00ferenns konar hlutverk \u00feeirra: a\u00f0 skapa samf\u00e9lag, fylgja hinum d\u00e1nu og verjast hinu illa.<\/p>\n<p>\u00cd Japan gegna hofklukkur, Bonsh\u014d, mikilv\u00e6gu hlutverki vi\u00f0 a\u00f0 hreinsa \u00f3hreinindi og verjast illum \u00f6ndum.<\/p><p>Um \u00e1ram\u00f3t, s\u00e9rstaklega \u00e1 Sh\u014dgatsu, n\u00fd\u00e1rsdegi, er klukkum hringt 108 sinnum, t\u00f6lu sem svarar til hinna 108 mannlegu f\u00fdsna sem hlj\u00f3murinn er talinn leysa upp. Litlar vindhringingar og skellur, Furin, hlj\u00f3ma \u00e1 sumrin og eru samkv\u00e6mt \u00fej\u00f3\u00f0tr\u00fa taldar halda \u00f3heilla \u00f6ndum \u00ed fjarl\u00e6g\u00f0.<\/p>\n<p>\u00cd t\u00edbetskum b\u00faddisma er handbjallan, Drilbu, me\u00f0al grunngripa \u00ed helgisi\u00f0um. H\u00fan er notu\u00f0 samhli\u00f0a vajra og er talin \u00edmynd visku og ey\u00f0uleika. Hlj\u00f3mur hennar er sag\u00f0ur leysa upp hindranir, hrekja burt dj\u00f6fla og hreinsa r\u00fdmi\u00f0 fyrir huglei\u00f0slui\u00f0kun.<\/p>\t\t\t\t\t\t\t\t<\/div>\n\t\t\t\t<\/div>\n\t\t\t\t\t<\/div>\n\t\t\t\t<\/div>\n\t\t<div class=\"elementor-element elementor-element-iwgs-schutzglocken-s2 e-flex e-con-boxed e-con e-parent\" data-id=\"iwgs-schutzglocken-s2\" data-element_type=\"container\" data-e-type=\"container\">\n\t\t\t\t\t<div class=\"e-con-inner\">\n\t\t\t\t<div class=\"elementor-element elementor-element-iwgs-schutzglocken-s2h elementor-widget elementor-widget-heading\" data-id=\"iwgs-schutzglocken-s2h\" data-element_type=\"widget\" data-e-type=\"widget\" data-widget_type=\"heading.default\">\n\t\t\t\t\t<h2 class=\"elementor-heading-title elementor-size-default\">Virknihugmynd samkv\u00e6mt munnm\u00e6lum<\/h2>\t\t\t\t<\/div>\n\t\t<div class=\"elementor-element elementor-element-iw-schutzglocken-s2-bw e-con-full e-flex e-con e-child\" data-id=\"iw-schutzglocken-s2-bw\" data-element_type=\"container\" data-e-type=\"container\">\n\t\t\t\t<div class=\"elementor-element elementor-element-iwgs-schutzglocken-s2t elementor-widget elementor-widget-text-editor\" data-id=\"iwgs-schutzglocken-s2t\" data-element_type=\"widget\" data-e-type=\"widget\" data-widget_type=\"text-editor.default\">\n\t\t\t\t\t\t\t\t\t<p><span class=\"iwg-fachbegriff\" data-tooltip=\"Mi\u00f0lun \u00feekkingar og fr\u00e1sagna milli kynsl\u00f3\u00f0a.\" tabindex=\"0\">Munnm\u00e6lin<\/span> \u00fatsk\u00fdra verndarm\u00e1tt bj\u00f6lluhlj\u00f3msins \u00e1 \u00fdmsa vegu, en \u00fatg\u00e1furnar eru l\u00edkar \u00ed kjarna s\u00ednum. Bj\u00f6lluhlj\u00f3mur er talinn tj\u00e1 reglu, samf\u00e9lag og heilagt vald. \u00dea\u00f0 sem er \u00feessum ver\u00f0m\u00e6tum andst\u00e6tt getur ekki \u00feola\u00f0 hlj\u00f3minn.<\/p>\n<p>\u00cd kristnum heimildum er bj\u00f6lluhlj\u00f3mur talinn nj\u00f3ta blessunar og tj\u00e1 n\u00e6rveru Gu\u00f0s e\u00f0a d\u00fdrlinga hans. Dj\u00f6flar og illir andar fl\u00fdja \u00fea\u00f0 sem er e\u00f0li s\u00ednu andst\u00e6tt.<\/p><p>\u00cd austurlenskum hef\u00f0um er hlj\u00f3murinn l\u00fdstur sem sveiflu sem leysir upp e\u00f0a r\u00fdfur \u00f3samr\u00e6mda orku. \u00cd \u00fej\u00f3\u00f0tr\u00fa germanskra og keltneskra \u00fej\u00f3\u00f0a var h\u00e1va\u00f0i almennt talinn til varnar: verur sem s\u00e6kjast \u00ed kyrr\u00f0 og myrkur eru trufla\u00f0ar af h\u00e1va\u00f0a og neyddar til a\u00f0 fl\u00fdja.<\/p>\n<p>\u00d6nnur sk\u00fdring leggur \u00e1herslu \u00e1 hlj\u00f3\u00f0bylgjuna sem l\u00edkamlegt \u00e1hrif \u00e1 f\u00ednni tilverustig: hlj\u00f3murinn snertir ekki bara eyra\u00f0 heldur hefur \u00e1hrif \u00e1 l\u00f6g veruleikans sem venjuleg skynjun n\u00e6r ekki til.<\/p><p>\u00deessa l\u00fdsingu m\u00e1 finna \u00ed sjaman\u00edskum hef\u00f0um um heim allan, \u00fear sem trumba og hlj\u00f3\u00f0sk\u00e1l eru nota\u00f0ar til a\u00f0 n\u00e1 \u00f6\u00f0ru vitundar\u00e1standi og \u00e1varpa e\u00f0a hrekja burt ska\u00f0legar verur.<\/p>\t\t\t\t\t\t\t\t<\/div>\n\t\t\t\t<\/div>\n\t\t\t\t\t<\/div>\n\t\t\t\t<\/div>\n\t\t<div class=\"elementor-element elementor-element-iwgs-schutzglocken-s3 e-flex e-con-boxed e-con e-parent\" data-id=\"iwgs-schutzglocken-s3\" data-element_type=\"container\" data-e-type=\"container\">\n\t\t\t\t\t<div class=\"e-con-inner\">\n\t\t\t\t<div class=\"elementor-element elementor-element-iwgs-schutzglocken-s3h elementor-widget elementor-widget-heading\" data-id=\"iwgs-schutzglocken-s3h\" data-element_type=\"widget\" data-e-type=\"widget\" data-widget_type=\"heading.default\">\n\t\t\t\t\t<h2 class=\"elementor-heading-title elementor-size-default\">\u00datbrei\u00f0sla yfir menningarheima<\/h2>\t\t\t\t<\/div>\n\t\t<div class=\"elementor-element elementor-element-iw-schutzglocken-s3-bw e-con-full e-flex e-con e-child\" data-id=\"iw-schutzglocken-s3-bw\" data-element_type=\"container\" data-e-type=\"container\">\n\t\t\t\t<div class=\"elementor-element elementor-element-iwgs-schutzglocken-s3t elementor-widget elementor-widget-text-editor\" data-id=\"iwgs-schutzglocken-s3t\" data-element_type=\"widget\" data-e-type=\"widget\" data-widget_type=\"text-editor.default\">\n\t\t\t\t\t\t\t\t\t<p>Evr\u00f3pa: Kirkjuklukkur, dyrabj\u00f6llur, k\u00faabj\u00f6llur, hringlur \u00e1 barnav\u00f6gnum og v\u00f6ggum. \u00cd alpal\u00f6ndunum tengist \u00fea\u00f0 <span class=\"iwg-fachbegriff\" data-tooltip=\"\u00d6ll hef\u00f0bundin si\u00f0venja samf\u00e9lags sem var\u00f0veist hefur \u00ed gegnum t\u00ed\u00f0ina.\" tabindex=\"0\">\u00fej\u00f3\u00f0si\u00f0um<\/span> a\u00f0 kl\u00e6\u00f0ast bj\u00f6llub\u00faningum og hlaupa me\u00f0 gr\u00edmum um \u00e1ram\u00f3t \u00ed \u00feeim tilgangi a\u00f0 hr\u00e6\u00f0a burt illa anda gamla \u00e1rsins.<\/p>\n<p>Japan: Bj\u00f6llur \u00ed <span class=\"iwg-fachbegriff\" data-tooltip=\"Bygging sem er tileinku\u00f0 tilbei\u00f0slu einnar e\u00f0a fleiri gu\u00f0vera.\" tabindex=\"0\">hofum<\/span> og helgist\u00f6\u00f0um, furin-vindspil, kagura-hringlur \u00ed <span class=\"iwg-fachbegriff\" data-tooltip=\"Frumbyggjatr\u00fa Japans, m\u00f3tu\u00f0 af tilbei\u00f0slu kami.\" tabindex=\"0\">Shinto<\/span>-ath\u00f6fnum. Miko, prestskonur helgista\u00f0anna, nota hringlur \u00ed dansi til a\u00f0 kalla fram n\u00e1l\u00e6g\u00f0 gu\u00f0a og hreinsa sv\u00e6\u00f0i\u00f0.<\/p>\n<p>T\u00edbet og Nepal: Athafnir me\u00f0 drilbu, klingjandi sk\u00e1lum og dorje. Klingjandi sk\u00e1lar eru einnig nota\u00f0ar \u00ed \u00fej\u00f3\u00f0tr\u00fa til a\u00f0 hreinsa r\u00fdmi me\u00f0 \u00fev\u00ed a\u00f0 l\u00e1ta t\u00f3n \u00feeirra berast \u00ed \u00f6ll horn byggingar.<\/p>\n<p>Vestur-Afr\u00edka og afr\u00f3-amer\u00edskar hef\u00f0ir: Hringlur og bj\u00f6llur \u00e1 helgikl\u00e6\u00f0um og gr\u00edmum Eg\u00fang\u00fan-f\u00e9lagsins gefa til kynna n\u00e6rveru forfe\u00f0ranna og halda truflandi \u00f6ndum \u00ed fjarl\u00e6g\u00f0.<\/p>\n<p>Indland: Hofklukkur (ghanta) eru hringdar \u00ed upphafi og lok puja-athafnarins. <span class=\"iwg-fachbegriff\" data-tooltip=\"\u00dea\u00f0 a\u00f0 flytja \u00feekkingu og s\u00f6gur \u00e1fram milli kynsl\u00f3\u00f0a.\" tabindex=\"0\">Munnm\u00e6lin<\/span> l\u00fdsa hlj\u00f3\u00f0inu sem \u00fe\u00e6gilegu fyrir gu\u00f0i en \u00f3\u00fe\u00e6gilegu fyrir dj\u00f6fla, \u00fev\u00ed \u00fea\u00f0 l\u00edkir eftir titringi Om.<\/p>\t\t\t\t\t\t\t\t<\/div>\n\t\t\t\t<\/div>\n\t\t\t\t\t<\/div>\n\t\t\t\t<\/div>\n\t\t<div class=\"elementor-element elementor-element-iwgs-schutzglocken-s4 e-flex e-con-boxed e-con e-parent\" data-id=\"iwgs-schutzglocken-s4\" data-element_type=\"container\" data-e-type=\"container\">\n\t\t\t\t\t<div class=\"e-con-inner\">\n\t\t\t\t<div class=\"elementor-element elementor-element-iwgs-schutzglocken-s4h elementor-widget elementor-widget-heading\" data-id=\"iwgs-schutzglocken-s4h\" data-element_type=\"widget\" data-e-type=\"widget\" data-widget_type=\"heading.default\">\n\t\t\t\t\t<h2 class=\"elementor-heading-title elementor-size-default\">Gegn hverju hann er nota\u00f0ur<\/h2>\t\t\t\t<\/div>\n\t\t<div class=\"elementor-element elementor-element-iw-schutzglocken-s4-bw e-con-full e-flex e-con e-child\" data-id=\"iw-schutzglocken-s4-bw\" data-element_type=\"container\" data-e-type=\"container\">\n\t\t\t\t<div class=\"elementor-element elementor-element-iwgs-schutzglocken-s4t elementor-widget elementor-widget-text-editor\" data-id=\"iwgs-schutzglocken-s4t\" data-element_type=\"widget\" data-e-type=\"widget\" data-widget_type=\"text-editor.default\">\n\t\t\t\t\t\t\t\t\t<p><span class=\"iwg-fachbegriff\" data-tooltip=\"\u00dea\u00f0 a\u00f0 flytja \u00feekkingu og s\u00f6gur \u00e1fram milli kynsl\u00f3\u00f0a.\" tabindex=\"0\">Munnm\u00e6lin<\/span> l\u00fdsa klukknahlj\u00f3mi sem s\u00e9rstaklega \u00e1hrifamiklum gegn verum sem s\u00e6kjast \u00ed kyrr\u00f0, myrkur og \u00f3rei\u00f0u. Samkv\u00e6mt \u00fdmsum hef\u00f0um eru \u00feetta me\u00f0al annars:<\/p>\n<p>Andar l\u00e1tinna sem hafa ekki fundi\u00f0 sinn sta\u00f0, svokalla\u00f0ir \u00f3r\u00f3ir e\u00f0a bundnir framli\u00f0nir. \u00c1 m\u00f6rgum sv\u00e6\u00f0um Evr\u00f3pu var kirkjuklukkum hringt til a\u00f0 fylgja s\u00e1lum \u00f6ruggum til hins heims og koma \u00ed veg fyrir a\u00f0 \u00fe\u00e6r dveldu \u00e1fram me\u00f0al lifandi.<\/p>\n<p>Dj\u00f6flar og ska\u00f0legir andar sem b\u00faa \u00ed h\u00fasum, \u00e1 vegum e\u00f0a \u00e1 \u00e1kve\u00f0num st\u00f6\u00f0um. S\u00e9rstaklega \u00e1 n\u00f3ttunni, um \u00e1ram\u00f3t og \u00ed \u00ferumuve\u00f0rum \u00fe\u00f3ttu \u00feessar verur virkar, og klukknahlj\u00f3mur var talinn lei\u00f0 til a\u00f0 byrgja \u00feeim lei\u00f0.<\/p>\n<p>Nornir og f\u00f3lk sem vann ska\u00f0averk me\u00f0 g\u00f6ldrum. \u00cd evr\u00f3pskri \u00fej\u00f3\u00f0tr\u00fa mi\u00f0alda og fyrri n\u00fdaldar var tali\u00f0 a\u00f0 klukknahringing verka\u00f0i gegn illum galdri, \u00fear sem h\u00fan trufla\u00f0i \u00e1hrif nornarinnar e\u00f0a st\u00f6\u00f0va\u00f0i verk hennar.<\/p>\n<p>N\u00e1tt\u00faruverur sem starfa \u00e1 m\u00f6rkum og skilum, svo sem \u00e1lfar, nykrar og \u00e1\u00feekkar verur sem sag\u00f0ar eru \u00ed \u00fej\u00f3\u00f0tr\u00fa vera hlj\u00f3\u00f0n\u00e6mar.<\/p>\n<p>N\u00e1kv\u00e6mari flokkun \u00e1 \u00fev\u00ed hva\u00f0a verutegundir \u00far uppflettiritinu tengjast klukknahlj\u00f3mi m\u00e1 finna \u00ed <a href=\"https:\/\/iwell-guard.com\/is\/?page_id=169276\">Verndarkomp\u00e1snum<\/a>.<\/p>\t\t\t\t\t\t\t\t<\/div>\n\t\t\t\t<\/div>\n\t\t\t\t\t<\/div>\n\t\t\t\t<\/div>\n\t\t<div class=\"elementor-element elementor-element-iwgs-schutzglocken-s5 e-flex e-con-boxed e-con e-parent\" data-id=\"iwgs-schutzglocken-s5\" data-element_type=\"container\" data-e-type=\"container\">\n\t\t\t\t\t<div class=\"e-con-inner\">\n\t\t\t\t<div class=\"elementor-element elementor-element-iwgs-schutzglocken-s5h elementor-widget elementor-widget-heading\" data-id=\"iwgs-schutzglocken-s5h\" data-element_type=\"widget\" data-e-type=\"widget\" data-widget_type=\"heading.default\">\n\t\t\t\t\t<h2 class=\"elementor-heading-title elementor-size-default\">Notkun og takmarkanir<\/h2>\t\t\t\t<\/div>\n\t\t<div class=\"elementor-element elementor-element-iw-schutzglocken-s5-bw e-con-full e-flex e-con e-child\" data-id=\"iw-schutzglocken-s5-bw\" data-element_type=\"container\" data-e-type=\"container\">\n\t\t\t\t<div class=\"elementor-element elementor-element-iwgs-schutzglocken-s5t elementor-widget elementor-widget-text-editor\" data-id=\"iwgs-schutzglocken-s5t\" data-element_type=\"widget\" data-e-type=\"widget\" data-widget_type=\"text-editor.default\">\n\t\t\t\t\t\t\t\t\t<p>Hagn\u00fdt notkun klukkna sem verndargripa fylgir \u00e1kve\u00f0nu mynstri samkv\u00e6mt <span class=\"iwg-fachbegriff\" data-tooltip=\"\u00dea\u00f0 a\u00f0 flytja \u00feekkingu og s\u00f6gur \u00e1fram milli kynsl\u00f3\u00f0a.\" tabindex=\"0\">munnm\u00e6lum<\/span>. Klukkur eru nota\u00f0ar \u00ed upphafi og lok athafna til a\u00f0 opna og loka r\u00fdminu.<\/p><p>\u00de\u00e6r eru sta\u00f0settar vi\u00f0 \u00fer\u00f6skulda: \u00fatidyr, fj\u00f3sdyr, glugga. \u00de\u00e6r eru hringdar \u00e1 \u00e1kve\u00f0num t\u00edmum, s\u00e9rstaklega vi\u00f0 dagsetur, \u00ed \u00ferumuve\u00f0rum, um \u00e1ram\u00f3t og vi\u00f0 dau\u00f0a einhvers \u00ed samf\u00e9laginu.<\/p>\n<p>Takm\u00f6rkin felast \u00ed \u00fev\u00ed a\u00f0 klukknahlj\u00f3mur myndar ekki varanlegar varnir. Hann verkar \u00e1 me\u00f0an hringt er og \u00ed afmarka\u00f0an t\u00edma eftir \u00fea\u00f0. Klukka sem hefur ekki veri\u00f0 hringt \u00ed vikum \u00feykir samkv\u00e6mt \u00fej\u00f3\u00f0tr\u00fa ekki hafa virka verndar\u00e1hrif lengur, jafnvel \u00fe\u00f3tt tilvist hennar hafi \u00e1kve\u00f0na t\u00e1knr\u00e6na n\u00e6rveru.<\/p>\n<p>Ekki er s\u00e9rhver h\u00e6tta talin vi\u00f0kv\u00e6m fyrir hlj\u00f3\u00f0i. Verur sem tengjast s\u00e9rstaklega h\u00e1va\u00f0a og \u00f3rei\u00f0u l\u00e1ta ekki hr\u00e6\u00f0a sig burt me\u00f0 klingjandi hlj\u00f3\u00f0i. Og \u00e1hrifin vir\u00f0ast samkv\u00e6mt m\u00f6rgum munnm\u00e6lum l\u00edka r\u00e1\u00f0ast af \u00e1setningi \u00feess sem hringir: Mekan\u00edsk klukknahringing \u00e1n vitundar um tilgang er talin \u00e1hrifaminni en me\u00f0vitu\u00f0, h\u00e1t\u00ed\u00f0leg hringing.<\/p>\t\t\t\t\t\t\t\t<\/div>\n\t\t\t\t<\/div>\n\t\t\t\t\t<\/div>\n\t\t\t\t<\/div>\n\t\t<div class=\"elementor-element elementor-element-iwgs-schutzglocken-lit e-flex e-con-boxed e-con e-parent\" data-id=\"iwgs-schutzglocken-lit\" data-element_type=\"container\" data-e-type=\"container\">\n\t\t\t\t\t<div class=\"e-con-inner\">\n\t\t\t\t<div class=\"elementor-element elementor-element-iwgs-schutzglocken-lith elementor-widget elementor-widget-heading\" data-id=\"iwgs-schutzglocken-lith\" data-element_type=\"widget\" data-e-type=\"widget\" data-widget_type=\"heading.default\">\n\t\t\t\t\t<h2 class=\"elementor-heading-title elementor-size-default\">Heimildir (\u00farval)<\/h2>\t\t\t\t<\/div>\n\t\t<div class=\"elementor-element elementor-element-iw-schutzglocken-lit-bw e-con-full e-flex e-con e-child\" data-id=\"iw-schutzglocken-lit-bw\" data-element_type=\"container\" data-e-type=\"container\">\n\t\t\t\t<div class=\"elementor-element elementor-element-iwgs-schutzglocken-litt elementor-widget elementor-widget-html\" data-id=\"iwgs-schutzglocken-litt\" data-element_type=\"widget\" data-e-type=\"widget\" data-widget_type=\"html.default\">\n\t\t\t\t\t<footer data-nosnippet=\"true\"><ul><li>Handw\u00f6rterbuch des deutschen Aberglaubens, hrsg. von Hanns B\u00e4chtold-St\u00e4ubli, Artikel \"Glocke\", Bd. 3, Berlin\/Leipzig 1930\/31.<\/li><li>Lurker, Manfred: W\u00f6rterbuch der Symbolik. Stuttgart 1988.<\/li><li>Eliade, Mircea: Shamanism: Archaic Techniques of Ecstasy. Princeton 1964.<\/li><li>Ono, Sokyo: Shinto: The Kami Way. Rutland\/Tokio 1962.<\/li><li>Rechenberg, Almut: Die Kirchenglocke. Geschichte und Symbolik. M\u00fcnchen 1994.<\/li><\/ul><\/footer>\t\t\t\t<\/div>\n\t\t\t\t<\/div>\n\t\t\t\t\t<\/div>\n\t\t\t\t<\/div>\n\t\t<div class=\"elementor-element elementor-element-iwgs-schutzglocken-kwd e-flex e-con-boxed e-con e-parent\" data-id=\"iwgs-schutzglocken-kwd\" data-element_type=\"container\" data-e-type=\"container\">\n\t\t\t\t\t<div class=\"e-con-inner\">\n\t\t<div class=\"elementor-element elementor-element-iw-schutzglocken-kwd-bw e-con-full e-flex e-con e-child\" data-id=\"iw-schutzglocken-kwd-bw\" data-element_type=\"container\" data-e-type=\"container\">\n\t\t\t\t<div class=\"elementor-element elementor-element-iwgs-schutzglocken-kwdt elementor-widget elementor-widget-text-editor\" data-id=\"iwgs-schutzglocken-kwdt\" data-element_type=\"widget\" data-e-type=\"widget\" data-widget_type=\"text-editor.default\">\n\t\t\t\t\t\t\t\t\t<p><em>Tengd leitaror\u00f0: verndarklukkur klukknahlj\u00f3mur hringlur hlj\u00f3\u00f0 fr\u00e1hrindun kirkjuklukka.<\/em><\/p>\t\t\t\t\t\t\t\t<\/div>\n\t\t\t\t<\/div>\n\t\t\t\t\t<\/div>\n\t\t\t\t<\/div>\n\t\t<div class=\"elementor-element elementor-element-iwgs-schutzglocken-cc e-flex e-con-boxed e-con e-parent\" data-id=\"iwgs-schutzglocken-cc\" data-element_type=\"container\" data-e-type=\"container\" id=\"iwg-cc-schutzglocken\">\n\t\t\t\t\t<div class=\"e-con-inner\">\n\t\t<div class=\"elementor-element elementor-element-iwgs-schutzglocken-ccinner e-flex e-con-boxed e-con e-parent\" data-id=\"iwgs-schutzglocken-ccinner\" data-element_type=\"container\" data-e-type=\"container\" data-settings=\"{&quot;background_background&quot;:&quot;classic&quot;}\">\n\t\t\t\t\t<div class=\"e-con-inner\">\n\t\t\t\t<div class=\"elementor-element elementor-element-iwgs-schutzglocken-cch elementor-widget elementor-widget-heading\" data-id=\"iwgs-schutzglocken-cch\" data-element_type=\"widget\" data-e-type=\"widget\" data-widget_type=\"heading.default\">\n\t\t\t\t\t<h2 class=\"elementor-heading-title elementor-size-default\">iWell Guard og verndarhef\u00f0ir<\/h2>\t\t\t\t<\/div>\n\t\t\t\t<div class=\"elementor-element elementor-element-iwgs-schutzglocken-cct elementor-widget elementor-widget-text-editor\" data-id=\"iwgs-schutzglocken-cct\" data-element_type=\"widget\" data-e-type=\"widget\" data-widget_type=\"text-editor.default\">\n\t\t\t\t\t\t\t\t\t<p>Klukknahlj\u00f3mur sem verndarregla kemur fram \u00ed menningarheimum sem h\u00f6f\u00f0u engin tengsl hver vi\u00f0 annan. Hvort sem er t\u00edbetsk drilbu, jap\u00f6nsk furin e\u00f0a mi\u00f0evr\u00f3psk kirkjuklukka, \u00fe\u00e1 er sannf\u00e6ringin um a\u00f0 hlj\u00f3\u00f0 breyti einhverju \u00ed r\u00fdminu og trufli ska\u00f0legar verur reynsla sem var\u00f0 til \u00f3h\u00e1\u00f0 hvert \u00f6\u00f0ru.<\/p><p><a href=\"https:\/\/iwell-guard.com\/is\/verndargripur-iwell-guard-kaupa\/\">iWell Guard<\/a> byggir \u00e1 sl\u00edkum verndarhef\u00f0um og sameinar \u00fe\u00e6r \u00ed hlut sem borinn er \u00e1 l\u00edkamanum. Hann hringir ekki, en hann ber me\u00f0 s\u00e9r minningu \u00feessara reglna, sem hluti af me\u00f0vita\u00f0ri verndari\u00f0kun.<\/p>\t\t\t\t\t\t\t\t<\/div>\n\t\t\t\t<div class=\"elementor-element elementor-element-iwgs-schutzglocken-ccb iwg-cc-button iwg-cc-cta-2026-05-13 elementor-widget elementor-widget-jet-button\" data-id=\"iwgs-schutzglocken-ccb\" data-element_type=\"widget\" data-e-type=\"widget\" data-widget_type=\"jet-button.default\">\n\t\t\t\t<div class=\"elementor-widget-container\">\n\t\t\t\t\t<div class=\"elementor-jet-button jet-elements\"><div class=\"jet-button__container\"><a class=\"jet-button__instance jet-button__instance--icon-left hover-effect-1\" href=\"\/schutzanhaenger-iwell-guard-kaufen\/?utm_source=iwell-guard.com&amp;utm_medium=info-box&amp;utm_campaign=schutzsymbole\"><div class=\"jet-button__plane jet-button__plane-normal\"><\/div><div class=\"jet-button__plane jet-button__plane-hover\"><\/div><div class=\"jet-button__state jet-button__state-normal\"><span class=\"jet-button__label\">Meira um iWell Guard<\/span><\/div><div class=\"jet-button__state jet-button__state-hover\"><span class=\"jet-button__label\">Meira um iWell Guard<\/span><\/div><\/a><\/div><\/div><style>.elementor-element.elementor-element-iwgs-schutzglocken-ccb .jet-button__instance{width:320px;height:56px;}.elementor-element.elementor-element-iwgs-schutzglocken-ccb .jet-button__state-normal .jet-button__label{text-align:center;margin:0px 0px 0px 0px;color:#1a1b20;font-family:Montserrat,sans-serif;font-size:13px;font-weight:400;letter-spacing:4px;line-height:1.714em;text-transform:uppercase;}.elementor-element.elementor-element-iwgs-schutzglocken-ccb .jet-button__state-hover .jet-button__label{text-align:center;margin:0px 0px 0px 0px;color:#FECC76;font-family:Montserrat,sans-serif;font-size:13px;font-weight:400;letter-spacing:4px;line-height:1.714em;text-transform:uppercase;}.elementor-element.elementor-element-iwgs-schutzglocken-ccb .jet-button__plane-normal{background-color:#FECC76;border-style:solid;border-color:#C99540;border-width:2px 2px 2px 2px;}.elementor-element.elementor-element-iwgs-schutzglocken-ccb .jet-button__plane-hover{background-color:rgba(0,0,0,0.55);border-style:solid;border-color:#FECC76;border-width:2px 2px 2px 2px;}<\/style>\t\t\t\t<\/div>\n\t\t\t\t<\/div>\n\t\t\t\t<div class=\"elementor-element elementor-element-iwgs-schutzglocken-ccd elementor-widget elementor-widget-text-editor\" data-id=\"iwgs-schutzglocken-ccd\" data-element_type=\"widget\" data-e-type=\"widget\" data-widget_type=\"text-editor.default\">\n\t\t\t\t\t\t\t\t\t<p style=\"text-align:center;font-size:13px;opacity:0.7;margin-top:14px\" data-nosnippet=\"true\">Pers\u00f3nuleg reynsla getur veri\u00f0 mismunandi. Ekki l\u00e6kningat\u00e6ki. Engin lofor\u00f0 um l\u00e6kningu.<\/p>\t\t\t\t\t\t\t\t<\/div>\n\t\t\t\t\t<\/div>\n\t\t\t\t<\/div>\n\t\t\t\t\t<\/div>\n\t\t\t\t<\/div>\n\t\t<div class=\"elementor-element elementor-element-iwgs-schutzglocken-disc e-flex e-con-boxed e-con e-parent\" data-id=\"iwgs-schutzglocken-disc\" data-element_type=\"container\" data-e-type=\"container\">\n\t\t\t\t\t<div class=\"e-con-inner\">\n\t\t<div class=\"elementor-element elementor-element-iw-schutzglocken-disc-bw e-con-full e-flex e-con e-child\" data-id=\"iw-schutzglocken-disc-bw\" data-element_type=\"container\" data-e-type=\"container\">\n\t\t\t\t<div class=\"elementor-element elementor-element-iwgs-schutzglocken-discw elementor-widget elementor-widget-html\" data-id=\"iwgs-schutzglocken-discw\" data-element_type=\"widget\" data-e-type=\"widget\" data-widget_type=\"html.default\">\n\t\t\t\t\t<footer data-nosnippet=\"true\" class=\"iwg-disclaimer-block\"><p data-nosnippet=\"true\">iWell Guard er <strong>ekki l\u00e6kningat\u00e6ki<\/strong> og kemur ekki \u00ed sta\u00f0 l\u00e6knis- e\u00f0a s\u00e1lfr\u00e6\u00f0ime\u00f0fer\u00f0ar. Innihaldi\u00f0 sem h\u00e9r er sett fram er tr\u00faarbrag\u00f0afr\u00e6\u00f0ileg og menningars\u00f6gulega greining, ekki lofor\u00f0 um andlega virkni.<\/p><\/footer>\t\t\t\t<\/div>\n\t\t\t\t<\/div>\n\t\t\t\t\t<\/div>\n\t\t\t\t<\/div>\n\t\t\t\t<\/div>\n\t\t","protected":false},"excerpt":{"rendered":"","protected":false},"author":3,"featured_media":4121,"parent":0,"menu_order":0,"comment_status":"closed","ping_status":"closed","template":"elementor_header_footer","meta":{"_yoast_wpseo_focuskw":"verndarbjollur","_yoast_wpseo_title":"Verndarbj\u00f6llur og bj\u00f6lluhlj\u00f3mur","_yoast_wpseo_metadesc":"Hva\u00f0 munnm\u00e6lin eiga vi\u00f0 um bj\u00f6llur og skellur sem verndargripi: uppruna, verkunarm\u00e1tt og \u00fatbrei\u00f0slu \u00fevert \u00e1 menningarheima.","_yoast_wpseo_meta-robots-noindex":"","_yoast_wpseo_canonical":"","_angie_page":false,"gefaehrdungsstufe":"","wesen_kultur":"","wesen_klasse":"","footnotes":""},"categories":[],"class_list":["post-169279","page","type-page","status-publish","has-post-thumbnail","hentry"],"yoast_head":"<!-- This site is optimized with the Yoast SEO Premium plugin v27.7 (Yoast SEO v28.3) - https:\/\/yoast.com\/product\/yoast-seo-premium-wordpress\/ -->\n<title>Verndarbj\u00f6llur og bj\u00f6lluhlj\u00f3mur<\/title>\n<meta name=\"description\" content=\"Hva\u00f0 munnm\u00e6lin eiga vi\u00f0 um bj\u00f6llur og skellur sem verndargripi: uppruna, verkunarm\u00e1tt og \u00fatbrei\u00f0slu \u00fevert \u00e1 menningarheima.\" \/>\n<meta name=\"robots\" content=\"index, follow, max-snippet:-1, max-image-preview:large, max-video-preview:-1\" \/>\n<link rel=\"canonical\" href=\"https:\/\/iwell-guard.com\/is\/verndarbjollur-og-bjolluhljomur\/\" \/>\n<meta property=\"og:locale\" content=\"is_IS\" \/>\n<meta property=\"og:type\" content=\"article\" \/>\n<meta property=\"og:title\" content=\"Verndarbj\u00f6llur og bj\u00f6lluhlj\u00f3mur\" \/>\n<meta property=\"og:description\" content=\"Hva\u00f0 munnm\u00e6lin eiga vi\u00f0 um bj\u00f6llur og skellur sem verndargripi: uppruna, verkunarm\u00e1tt og \u00fatbrei\u00f0slu \u00fevert \u00e1 menningarheima.\" \/>\n<meta property=\"og:url\" content=\"https:\/\/iwell-guard.com\/is\/verndarbjollur-og-bjolluhljomur\/\" \/>\n<meta property=\"og:site_name\" content=\"iWell Guard\" \/>\n<meta property=\"article:modified_time\" content=\"2026-09-05T14:36:51+00:00\" \/>\n<meta property=\"og:image\" content=\"https:\/\/iwell-guard.com\/wp-content\/uploads\/2026\/05\/schutzsymbol_christentum_schutzglocken.png\" \/>\n\t<meta property=\"og:image:width\" content=\"1024\" \/>\n\t<meta property=\"og:image:height\" content=\"1536\" \/>\n\t<meta property=\"og:image:type\" content=\"image\/png\" \/>\n<meta name=\"twitter:card\" content=\"summary_large_image\" \/>\n<script type=\"application\/ld+json\" class=\"yoast-schema-graph\">{\"@context\":\"https:\\\/\\\/schema.org\",\"@graph\":[{\"@type\":\"WebPage\",\"@id\":\"https:\\\/\\\/iwell-guard.com\\\/is\\\/verndarbjollur-og-bjolluhljomur\\\/\",\"url\":\"https:\\\/\\\/iwell-guard.com\\\/is\\\/verndarbjollur-og-bjolluhljomur\\\/\",\"name\":\"Verndarbj\u00f6llur og bj\u00f6lluhlj\u00f3mur\",\"isPartOf\":{\"@id\":\"https:\\\/\\\/iwell-guard.com\\\/is\\\/#website\"},\"primaryImageOfPage\":{\"@id\":\"https:\\\/\\\/iwell-guard.com\\\/is\\\/verndarbjollur-og-bjolluhljomur\\\/#primaryimage\"},\"image\":{\"@id\":\"https:\\\/\\\/iwell-guard.com\\\/is\\\/verndarbjollur-og-bjolluhljomur\\\/#primaryimage\"},\"thumbnailUrl\":\"https:\\\/\\\/iwell-guard.com\\\/wp-content\\\/uploads\\\/2026\\\/05\\\/schutzsymbol_christentum_schutzglocken.png\",\"datePublished\":\"2026-09-05T14:07:05+00:00\",\"dateModified\":\"2026-09-05T14:36:51+00:00\",\"description\":\"Hva\u00f0 munnm\u00e6lin eiga vi\u00f0 um bj\u00f6llur og skellur sem verndargripi: uppruna, verkunarm\u00e1tt og \u00fatbrei\u00f0slu \u00fevert \u00e1 menningarheima.\",\"breadcrumb\":{\"@id\":\"https:\\\/\\\/iwell-guard.com\\\/is\\\/verndarbjollur-og-bjolluhljomur\\\/#breadcrumb\"},\"inLanguage\":\"is\",\"potentialAction\":[{\"@type\":\"ReadAction\",\"target\":[\"https:\\\/\\\/iwell-guard.com\\\/is\\\/verndarbjollur-og-bjolluhljomur\\\/\"]}]},{\"@type\":\"ImageObject\",\"inLanguage\":\"is\",\"@id\":\"https:\\\/\\\/iwell-guard.com\\\/is\\\/verndarbjollur-og-bjolluhljomur\\\/#primaryimage\",\"url\":\"https:\\\/\\\/iwell-guard.com\\\/wp-content\\\/uploads\\\/2026\\\/05\\\/schutzsymbol_christentum_schutzglocken.png\",\"contentUrl\":\"https:\\\/\\\/iwell-guard.com\\\/wp-content\\\/uploads\\\/2026\\\/05\\\/schutzsymbol_christentum_schutzglocken.png\",\"width\":1024,\"height\":1536,\"caption\":\"Verndarklukkur og klukknahlj\u00f3mur, s\u00f6gulega myndskreytt\"},{\"@type\":\"BreadcrumbList\",\"@id\":\"https:\\\/\\\/iwell-guard.com\\\/is\\\/verndarbjollur-og-bjolluhljomur\\\/#breadcrumb\",\"itemListElement\":[{\"@type\":\"ListItem\",\"position\":1,\"name\":\"Start\",\"item\":\"https:\\\/\\\/iwell-guard.com\\\/is\\\/?page_id=168580\"},{\"@type\":\"ListItem\",\"position\":2,\"name\":\"Verndarbj\u00f6llur og bj\u00f6lluhlj\u00f3mur\"}]},{\"@type\":\"WebSite\",\"@id\":\"https:\\\/\\\/iwell-guard.com\\\/is\\\/#website\",\"url\":\"https:\\\/\\\/iwell-guard.com\\\/is\\\/\",\"name\":\"iWell Guard\",\"description\":\"Schutz vor dunklen Einfl\u00fcssen\",\"publisher\":{\"@id\":\"https:\\\/\\\/iwell-guard.com\\\/is\\\/#organization\"},\"potentialAction\":[{\"@type\":\"SearchAction\",\"target\":{\"@type\":\"EntryPoint\",\"urlTemplate\":\"https:\\\/\\\/iwell-guard.com\\\/is\\\/?s={search_term_string}\"},\"query-input\":{\"@type\":\"PropertyValueSpecification\",\"valueRequired\":true,\"valueName\":\"search_term_string\"}}],\"inLanguage\":\"is\"},{\"@type\":\"Organization\",\"@id\":\"https:\\\/\\\/iwell-guard.com\\\/is\\\/#organization\",\"name\":\"Ittermann electronic GmbH\",\"url\":\"https:\\\/\\\/iwell-guard.com\\\/is\\\/\",\"logo\":{\"@type\":\"ImageObject\",\"inLanguage\":\"is\",\"@id\":\"https:\\\/\\\/iwell-guard.com\\\/is\\\/#\\\/schema\\\/logo\\\/image\\\/\",\"url\":\"https:\\\/\\\/iwell-guard.com\\\/wp-content\\\/uploads\\\/2026\\\/05\\\/Ittermann-Logo-1182x237-1.png\",\"contentUrl\":\"https:\\\/\\\/iwell-guard.com\\\/wp-content\\\/uploads\\\/2026\\\/05\\\/Ittermann-Logo-1182x237-1.png\",\"width\":1182,\"height\":237,\"caption\":\"Ittermann electronic GmbH\"},\"image\":{\"@id\":\"https:\\\/\\\/iwell-guard.com\\\/is\\\/#\\\/schema\\\/logo\\\/image\\\/\"},\"sameAs\":[\"https:\\\/\\\/pantip.com\\\/profile\\\/9367242\",\"https:\\\/\\\/micro.blog\\\/iwellguard\",\"https:\\\/\\\/www.diggerslist.com\\\/iwellguard\\\/about\",\"https:\\\/\\\/skitterphoto.com\\\/photographers\\\/2870314\\\/iwell-guard\",\"https:\\\/\\\/iwellguard.wordpress.com\\\/2026\\\/06\\\/06\\\/iwell-guard\\\/\",\"https:\\\/\\\/hub.docker.com\\\/u\\\/iwellguard\",\"https:\\\/\\\/www.pinterest.com\\\/iwellguard\\\/\",\"https:\\\/\\\/bit.ly\\\/m\\\/iwellguard\",\"https:\\\/\\\/entre-vos-mains.alsace.eu\\\/profiles\\\/iwellguard\\\/activity\",\"https:\\\/\\\/gravatar.com\\\/reallybeded8fd34\",\"https:\\\/\\\/naijamatta.com\\\/iwellguard\",\"https:\\\/\\\/www.goodreads.com\\\/iwellguard\",\"https:\\\/\\\/profile.hatena.ne.jp\\\/iwellguard\\\/\",\"https:\\\/\\\/experiment.com\\\/users\\\/iwellguard\",\"https:\\\/\\\/wakelet.com\\\/@iWellGuard82270\",\"https:\\\/\\\/www.chordie.com\\\/forum\\\/profile.php?id=2555664\",\"https:\\\/\\\/www.instapaper.com\\\/p\\\/17757966\",\"https:\\\/\\\/www.mapleprimes.com\\\/users\\\/iwellguard\",\"https:\\\/\\\/businesslistingplus.com\\\/profile\\\/iwell-guard\\\/\",\"https:\\\/\\\/telegra.ph\\\/iWell-Guard-06-06\",\"https:\\\/\\\/pbase.com\\\/iwellguard\\\/iwellguard\",\"https:\\\/\\\/b.hatena.ne.jp\\\/iwellguard\\\/20260607#bookmark-4788405196491818882\",\"https:\\\/\\\/fliphtml5.com\\\/home\\\/iwellguard\",\"https:\\\/\\\/anyflip.com\\\/homepage\\\/cmiwl#About\",\"https:\\\/\\\/transfur.com\\\/Users\\\/iwellguard\",\"http:\\\/\\\/delphi.larsbo.org\\\/user\\\/iwellguard\",\"https:\\\/\\\/jobs.lajobsportal.org\\\/profiles\\\/8380803-iwell-guard\",\"https:\\\/\\\/md.chaosdorf.de\\\/s\\\/jfbe5SBdJD\",\"https:\\\/\\\/www.lingvolive.com\\\/en-us\\\/profile\\\/9ecaeaca-ce11-4e51-9e71-01d55e2bff36\\\/translations\",\"https:\\\/\\\/www.fitday.com\\\/fitness\\\/forums\\\/members\\\/iwellguard.html\",\"https:\\\/\\\/www.mymeetbook.com\\\/iwellguard\",\"https:\\\/\\\/pxhere.com\\\/en\\\/photographer-me\\\/5040798\",\"https:\\\/\\\/disqus.com\\\/by\\\/iwellguard\\\/about\\\/\",\"https:\\\/\\\/pastelink.net\\\/hjwciqwq\",\"https:\\\/\\\/pubhtml5.com\\\/homepage\\\/scjhn\\\/\",\"https:\\\/\\\/www.bitchute.com\\\/channel\\\/2O2eOKzNqujT\",\"https:\\\/\\\/audiomack.com\\\/iwellguard\"]}]}<\/script>\n<!-- \/ Yoast SEO Premium plugin. -->","yoast_head_json":{"title":"Verndarbj\u00f6llur og bj\u00f6lluhlj\u00f3mur","description":"Hva\u00f0 munnm\u00e6lin eiga vi\u00f0 um bj\u00f6llur og skellur sem verndargripi: uppruna, verkunarm\u00e1tt og \u00fatbrei\u00f0slu \u00fevert \u00e1 menningarheima.","robots":{"index":"index","follow":"follow","max-snippet":"max-snippet:-1","max-image-preview":"max-image-preview:large","max-video-preview":"max-video-preview:-1"},"canonical":"https:\/\/iwell-guard.com\/is\/verndarbjollur-og-bjolluhljomur\/","og_locale":"is_IS","og_type":"article","og_title":"Verndarbj\u00f6llur og bj\u00f6lluhlj\u00f3mur","og_description":"Hva\u00f0 munnm\u00e6lin eiga vi\u00f0 um bj\u00f6llur og skellur sem verndargripi: uppruna, verkunarm\u00e1tt og \u00fatbrei\u00f0slu \u00fevert \u00e1 menningarheima.","og_url":"https:\/\/iwell-guard.com\/is\/verndarbjollur-og-bjolluhljomur\/","og_site_name":"iWell Guard","article_modified_time":"2026-09-05T14:36:51+00:00","og_image":[{"width":1024,"height":1536,"url":"https:\/\/iwell-guard.com\/wp-content\/uploads\/2026\/05\/schutzsymbol_christentum_schutzglocken.png","type":"image\/png"}],"twitter_card":"summary_large_image","schema":{"@context":"https:\/\/schema.org","@graph":[{"@type":"WebPage","@id":"https:\/\/iwell-guard.com\/is\/verndarbjollur-og-bjolluhljomur\/","url":"https:\/\/iwell-guard.com\/is\/verndarbjollur-og-bjolluhljomur\/","name":"Verndarbj\u00f6llur og bj\u00f6lluhlj\u00f3mur","isPartOf":{"@id":"https:\/\/iwell-guard.com\/is\/#website"},"primaryImageOfPage":{"@id":"https:\/\/iwell-guard.com\/is\/verndarbjollur-og-bjolluhljomur\/#primaryimage"},"image":{"@id":"https:\/\/iwell-guard.com\/is\/verndarbjollur-og-bjolluhljomur\/#primaryimage"},"thumbnailUrl":"https:\/\/iwell-guard.com\/wp-content\/uploads\/2026\/05\/schutzsymbol_christentum_schutzglocken.png","datePublished":"2026-09-05T14:07:05+00:00","dateModified":"2026-09-05T14:36:51+00:00","description":"Hva\u00f0 munnm\u00e6lin eiga vi\u00f0 um bj\u00f6llur og skellur sem verndargripi: uppruna, verkunarm\u00e1tt og \u00fatbrei\u00f0slu \u00fevert \u00e1 menningarheima.","breadcrumb":{"@id":"https:\/\/iwell-guard.com\/is\/verndarbjollur-og-bjolluhljomur\/#breadcrumb"},"inLanguage":"is","potentialAction":[{"@type":"ReadAction","target":["https:\/\/iwell-guard.com\/is\/verndarbjollur-og-bjolluhljomur\/"]}]},{"@type":"ImageObject","inLanguage":"is","@id":"https:\/\/iwell-guard.com\/is\/verndarbjollur-og-bjolluhljomur\/#primaryimage","url":"https:\/\/iwell-guard.com\/wp-content\/uploads\/2026\/05\/schutzsymbol_christentum_schutzglocken.png","contentUrl":"https:\/\/iwell-guard.com\/wp-content\/uploads\/2026\/05\/schutzsymbol_christentum_schutzglocken.png","width":1024,"height":1536,"caption":"Verndarklukkur og klukknahlj\u00f3mur, s\u00f6gulega myndskreytt"},{"@type":"BreadcrumbList","@id":"https:\/\/iwell-guard.com\/is\/verndarbjollur-og-bjolluhljomur\/#breadcrumb","itemListElement":[{"@type":"ListItem","position":1,"name":"Start","item":"https:\/\/iwell-guard.com\/is\/?page_id=168580"},{"@type":"ListItem","position":2,"name":"Verndarbj\u00f6llur og bj\u00f6lluhlj\u00f3mur"}]},{"@type":"WebSite","@id":"https:\/\/iwell-guard.com\/is\/#website","url":"https:\/\/iwell-guard.com\/is\/","name":"iWell Guard","description":"Schutz vor dunklen Einfl\u00fcssen","publisher":{"@id":"https:\/\/iwell-guard.com\/is\/#organization"},"potentialAction":[{"@type":"SearchAction","target":{"@type":"EntryPoint","urlTemplate":"https:\/\/iwell-guard.com\/is\/?s={search_term_string}"},"query-input":{"@type":"PropertyValueSpecification","valueRequired":true,"valueName":"search_term_string"}}],"inLanguage":"is"},{"@type":"Organization","@id":"https:\/\/iwell-guard.com\/is\/#organization","name":"Ittermann electronic GmbH","url":"https:\/\/iwell-guard.com\/is\/","logo":{"@type":"ImageObject","inLanguage":"is","@id":"https:\/\/iwell-guard.com\/is\/#\/schema\/logo\/image\/","url":"https:\/\/iwell-guard.com\/wp-content\/uploads\/2026\/05\/Ittermann-Logo-1182x237-1.png","contentUrl":"https:\/\/iwell-guard.com\/wp-content\/uploads\/2026\/05\/Ittermann-Logo-1182x237-1.png","width":1182,"height":237,"caption":"Ittermann electronic GmbH"},"image":{"@id":"https:\/\/iwell-guard.com\/is\/#\/schema\/logo\/image\/"},"sameAs":["https:\/\/pantip.com\/profile\/9367242","https:\/\/micro.blog\/iwellguard","https:\/\/www.diggerslist.com\/iwellguard\/about","https:\/\/skitterphoto.com\/photographers\/2870314\/iwell-guard","https:\/\/iwellguard.wordpress.com\/2026\/06\/06\/iwell-guard\/","https:\/\/hub.docker.com\/u\/iwellguard","https:\/\/www.pinterest.com\/iwellguard\/","https:\/\/bit.ly\/m\/iwellguard","https:\/\/entre-vos-mains.alsace.eu\/profiles\/iwellguard\/activity","https:\/\/gravatar.com\/reallybeded8fd34","https:\/\/naijamatta.com\/iwellguard","https:\/\/www.goodreads.com\/iwellguard","https:\/\/profile.hatena.ne.jp\/iwellguard\/","https:\/\/experiment.com\/users\/iwellguard","https:\/\/wakelet.com\/@iWellGuard82270","https:\/\/www.chordie.com\/forum\/profile.php?id=2555664","https:\/\/www.instapaper.com\/p\/17757966","https:\/\/www.mapleprimes.com\/users\/iwellguard","https:\/\/businesslistingplus.com\/profile\/iwell-guard\/","https:\/\/telegra.ph\/iWell-Guard-06-06","https:\/\/pbase.com\/iwellguard\/iwellguard","https:\/\/b.hatena.ne.jp\/iwellguard\/20260607#bookmark-4788405196491818882","https:\/\/fliphtml5.com\/home\/iwellguard","https:\/\/anyflip.com\/homepage\/cmiwl#About","https:\/\/transfur.com\/Users\/iwellguard","http:\/\/delphi.larsbo.org\/user\/iwellguard","https:\/\/jobs.lajobsportal.org\/profiles\/8380803-iwell-guard","https:\/\/md.chaosdorf.de\/s\/jfbe5SBdJD","https:\/\/www.lingvolive.com\/en-us\/profile\/9ecaeaca-ce11-4e51-9e71-01d55e2bff36\/translations","https:\/\/www.fitday.com\/fitness\/forums\/members\/iwellguard.html","https:\/\/www.mymeetbook.com\/iwellguard","https:\/\/pxhere.com\/en\/photographer-me\/5040798","https:\/\/disqus.com\/by\/iwellguard\/about\/","https:\/\/pastelink.net\/hjwciqwq","https:\/\/pubhtml5.com\/homepage\/scjhn\/","https:\/\/www.bitchute.com\/channel\/2O2eOKzNqujT","https:\/\/audiomack.com\/iwellguard"]}]}},"_links":{"self":[{"href":"https:\/\/iwell-guard.com\/is\/wp-json\/wp\/v2\/pages\/169279","targetHints":{"allow":["GET"]}}],"collection":[{"href":"https:\/\/iwell-guard.com\/is\/wp-json\/wp\/v2\/pages"}],"about":[{"href":"https:\/\/iwell-guard.com\/is\/wp-json\/wp\/v2\/types\/page"}],"author":[{"embeddable":true,"href":"https:\/\/iwell-guard.com\/is\/wp-json\/wp\/v2\/users\/3"}],"replies":[{"embeddable":true,"href":"https:\/\/iwell-guard.com\/is\/wp-json\/wp\/v2\/comments?post=169279"}],"version-history":[{"count":0,"href":"https:\/\/iwell-guard.com\/is\/wp-json\/wp\/v2\/pages\/169279\/revisions"}],"wp:featuredmedia":[{"embeddable":true,"href":"https:\/\/iwell-guard.com\/is\/wp-json\/wp\/v2\/media\/4121"}],"wp:attachment":[{"href":"https:\/\/iwell-guard.com\/is\/wp-json\/wp\/v2\/media?parent=169279"}],"wp:term":[{"taxonomy":"category","embeddable":true,"href":"https:\/\/iwell-guard.com\/is\/wp-json\/wp\/v2\/categories?post=169279"}],"curies":[{"name":"wp","href":"https:\/\/api.w.org\/{rel}","templated":true}]}}