{"id":169278,"date":"2026-09-05T14:07:03","date_gmt":"2026-09-05T14:07:03","guid":{"rendered":"https:\/\/iwell-guard.com\/?page_id=169278"},"modified":"2026-09-05T14:36:49","modified_gmt":"2026-09-05T14:36:49","slug":"skjoleldur-og-throskuldsljos","status":"publish","type":"page","link":"https:\/\/iwell-guard.com\/is\/skjoleldur-og-throskuldsljos\/","title":{"rendered":"Skj\u00f3lareldur og \u00fer\u00f6skuldslj\u00f3s"},"content":{"rendered":"\t\t<div data-elementor-type=\"wp-page\" data-elementor-id=\"169278\" class=\"elementor elementor-169278 elementor-3787 elementor-bc-flex-widget\" data-elementor-post-type=\"page\">\n\t\t\t\t<div class=\"elementor-element elementor-element-iwgs-schutzfeuer-hero e-flex e-con-boxed e-con e-parent\" data-id=\"iwgs-schutzfeuer-hero\" data-element_type=\"container\" data-e-type=\"container\">\n\t\t\t\t\t<div class=\"e-con-inner\">\n\t\t<div class=\"elementor-element elementor-element-iw-schutzfeuer-hero-left e-con-full e-flex e-con e-child\" data-id=\"iw-schutzfeuer-hero-left\" data-element_type=\"container\" data-e-type=\"container\">\n\t\t\t\t<div class=\"elementor-element elementor-element-iwgs-schutzfeuer-h1 elementor-widget elementor-widget-heading\" data-id=\"iwgs-schutzfeuer-h1\" data-element_type=\"widget\" data-e-type=\"widget\" data-widget_type=\"heading.default\">\n\t\t\t\t\t<h1 class=\"elementor-heading-title elementor-size-default\">Skj\u00f3lareldur og \u00fer\u00f6skuldslj\u00f3s<\/h1>\t\t\t\t<\/div>\n\t\t<div class=\"elementor-element elementor-element-iw-schutzfeuer-hero-bw e-con-full e-flex e-con e-child\" data-id=\"iw-schutzfeuer-hero-bw\" data-element_type=\"container\" data-e-type=\"container\">\n\t\t\t\t<div class=\"elementor-element elementor-element-iwgs-schutzfeuer-pills elementor-widget elementor-widget-html\" data-id=\"iwgs-schutzfeuer-pills\" data-element_type=\"widget\" data-e-type=\"widget\" data-widget_type=\"html.default\">\n\t\t\t\t\t<div class=\"iwg-pill-row\"><span class=\"iwg-klasse-badge\" tabindex=\"0\" data-tooltip=\"Tegund varnargrips.\">Hlj\u00f3\u00f0 og lj\u00f3s<\/span><a href=\"https:\/\/iwell-guard.com\/is\/?page_id=169269\" class=\"iwg-kultur-badge\" tabindex=\"0\" data-tooltip=\"Til yfirlits.\">Hlj\u00f3\u00f0 og lj\u00f3s<\/a><\/div>\t\t\t\t<\/div>\n\t\t\t\t<div class=\"elementor-element elementor-element-iwgs-schutzfeuer-lead elementor-widget elementor-widget-text-editor\" data-id=\"iwgs-schutzfeuer-lead\" data-element_type=\"widget\" data-e-type=\"widget\" data-widget_type=\"text-editor.default\">\n\t\t\t\t\t\t\t\t\t<p>Eldur er elstur, gagnt\u00e6kastur og samf\u00e9lagslegastur allra lj\u00f3sgjafa. Me\u00f0an kerti l\u00fdsir upp herbergi og bjalla heyrist um b\u00e6jarhla\u00f0, markar eldur m\u00f6rk fyrir alla sem sj\u00e1 hann.<\/p><p>\u00deessi eiginleiki hefur fengi\u00f0 menningarsamf\u00e9l\u00f6g um allan heim til a\u00f0 nota eld ekki a\u00f0eins til hl\u00fdju og eldunar, heldur einnig sem tr\u00faarlegan varnargrip: vi\u00f0 \u00fer\u00f6skuld h\u00fassins, \u00e1 fjallstindi, vi\u00f0 landamerki \u00feorpsins, \u00e1 t\u00edmam\u00f3tum \u00e1rsins.<\/p>\n<p>Skj\u00f3lareldur og \u00fer\u00f6skuldslj\u00f3s myndar hinn st\u00f3rvaxna p\u00f3l innan flokksins <a href=\"https:\/\/iwell-guard.com\/is\/?page_id=169269\">Hlj\u00f3\u00f0 og lj\u00f3s<\/a>. \u00deau b\u00e6ta vi\u00f0 einstaklingsbundnar athafnir eins og <a href=\"https:\/\/iwell-guard.com\/is\/?page_id=169281\">skj\u00f3lkerti\u00f0<\/a> og <a href=\"https:\/\/iwell-guard.com\/is\/?page_id=169279\">skj\u00f3lbj\u00f6llurnar<\/a> me\u00f0 sameiginlegum, sta\u00f0bundnum varnargripum sem einstaklingurinn ber ekki me\u00f0 s\u00e9r, heldur eru kveiktir og haldnir \u00e1 \u00e1kve\u00f0num sta\u00f0.<\/p>\t\t\t\t\t\t\t\t<\/div>\n\t\t\t\t<\/div>\n\t\t\t\t<\/div>\n\t\t<div class=\"elementor-element elementor-element-iw-schutzfeuer-hero-img e-con-full e-flex e-con e-child\" data-id=\"iw-schutzfeuer-hero-img\" data-element_type=\"container\" data-e-type=\"container\">\n\t\t\t\t<div class=\"elementor-element elementor-element-iwgs-schutzfeuer-himg iwg-hero-image elementor-widget elementor-widget-image\" data-id=\"iwgs-schutzfeuer-himg\" data-element_type=\"widget\" data-e-type=\"widget\" data-widget_type=\"image.default\">\n\t\t\t\t\t\t\t\t\t\t\t\t\t\t\t<img fetchpriority=\"high\" decoding=\"async\" width=\"683\" height=\"1024\" src=\"https:\/\/iwell-guard.com\/wp-content\/uploads\/2026\/05\/schutzsymbol_universell_schutzfeuer-683x1024.png\" class=\"attachment-large size-large wp-image-170451\" alt=\"Verndareldur og \u00fer\u00f6skuldslj\u00f3s, s\u00f6guleg myndskreyting\" srcset=\"https:\/\/iwell-guard.com\/wp-content\/uploads\/2026\/05\/schutzsymbol_universell_schutzfeuer-683x1024.png 683w, https:\/\/iwell-guard.com\/wp-content\/uploads\/2026\/05\/schutzsymbol_universell_schutzfeuer-200x300.png 200w, https:\/\/iwell-guard.com\/wp-content\/uploads\/2026\/05\/schutzsymbol_universell_schutzfeuer-768x1152.png 768w, https:\/\/iwell-guard.com\/wp-content\/uploads\/2026\/05\/schutzsymbol_universell_schutzfeuer.png 1024w\" sizes=\"(max-width: 683px) 100vw, 683px\" \/>\t\t\t\t\t\t\t\t\t\t\t\t\t\t\t<\/div>\n\t\t\t\t<\/div>\n\t\t\t\t\t<\/div>\n\t\t\t\t<\/div>\n\t\t<div class=\"elementor-element elementor-element-iwgs-schutzfeuer-s0 e-flex e-con-boxed e-con e-parent\" data-id=\"iwgs-schutzfeuer-s0\" data-element_type=\"container\" data-e-type=\"container\">\n\t\t\t\t\t<div class=\"e-con-inner\">\n\t\t\t\t<div class=\"elementor-element elementor-element-iwgs-schutzfeuer-s0h elementor-widget elementor-widget-heading\" data-id=\"iwgs-schutzfeuer-s0h\" data-element_type=\"widget\" data-e-type=\"widget\" data-widget_type=\"heading.default\">\n\t\t\t\t\t<h2 class=\"elementor-heading-title elementor-size-default\">Skj\u00f3tt yfirlit<\/h2>\t\t\t\t<\/div>\n\t\t<div class=\"elementor-element elementor-element-iw-schutzfeuer-s0-bw e-con-full e-flex e-con e-child\" data-id=\"iw-schutzfeuer-s0-bw\" data-element_type=\"container\" data-e-type=\"container\">\n\t\t\t\t<div class=\"elementor-element elementor-element-iwgs-schutzfeuer-s0t elementor-widget elementor-widget-text-editor\" data-id=\"iwgs-schutzfeuer-s0t\" data-element_type=\"widget\" data-e-type=\"widget\" data-widget_type=\"text-editor.default\">\n\t\t\t\t\t\t\t\t\t<p>\u00cd <span class=\"iwg-fachbegriff\" data-tooltip=\"Mi\u00f0lun \u00feekkingar og fr\u00e1sagna milli kynsl\u00f3\u00f0a.\" tabindex=\"0\">hef\u00f0inni<\/span> er eldur vi\u00f0 \u00fer\u00f6skuldinn talinn v\u00f6rn gegn ska\u00f0legum verum sem n\u00fdta myrkur, kulda og opna t\u00edma \u00e1rsins til a\u00f0 komast inn. Ney\u00f0areldar voru kveiktir sameiginlega til a\u00f0 afst\u00fdra b\u00fafj\u00e1rsj\u00fakd\u00f3mum og \u00f6\u00f0rum \u00f3g\u00e6fum.<\/p><p>S\u00f3lst\u00f6\u00f0ueldar m\u00f6rku\u00f0u t\u00edmam\u00f3t \u00e1rsins, \u00feegar illir andar voru taldir s\u00e9rstaklega virkir. \u00der\u00f6skuldslj\u00f3s \u00ed formi kyndla, ol\u00edulampa e\u00f0a kolagr\u00f3pa h\u00e9lt umskiptunum milli innan og utan \u00f6ruggum. Verkunin er bundin brunanum og endar \u00feegar eldurinn slokknar.<\/p>\t\t\t\t\t\t\t\t<\/div>\n\t\t\t\t<\/div>\n\t\t\t\t\t<\/div>\n\t\t\t\t<\/div>\n\t\t<div class=\"elementor-element elementor-element-iwgs-schutzfeuer-s1 e-flex e-con-boxed e-con e-parent\" data-id=\"iwgs-schutzfeuer-s1\" data-element_type=\"container\" data-e-type=\"container\">\n\t\t\t\t\t<div class=\"e-con-inner\">\n\t\t\t\t<div class=\"elementor-element elementor-element-iwgs-schutzfeuer-s1h elementor-widget elementor-widget-heading\" data-id=\"iwgs-schutzfeuer-s1h\" data-element_type=\"widget\" data-e-type=\"widget\" data-widget_type=\"heading.default\">\n\t\t\t\t\t<h2 class=\"elementor-heading-title elementor-size-default\">Uppruni og munnm\u00e6li<\/h2>\t\t\t\t<\/div>\n\t\t<div class=\"elementor-element elementor-element-iw-schutzfeuer-s1-bw e-con-full e-flex e-con e-child\" data-id=\"iw-schutzfeuer-s1-bw\" data-element_type=\"container\" data-e-type=\"container\">\n\t\t\t\t<div class=\"elementor-element elementor-element-iwgs-schutzfeuer-s1t elementor-widget elementor-widget-text-editor\" data-id=\"iwgs-schutzfeuer-s1t\" data-element_type=\"widget\" data-e-type=\"widget\" data-widget_type=\"text-editor.default\">\n\t\t\t\t\t\t\t\t\t<p><span class=\"iwg-fachbegriff\" data-tooltip=\"Mi\u00f0lun \u00feekkingar og fr\u00e1sagna milli kynsl\u00f3\u00f0a.\" tabindex=\"0\">Hef\u00f0in<\/span> um skj\u00f3lareld n\u00e6r lengra aftur en nokkur skrifleg heimild. Fornleifafundir benda til \u00feess a\u00f0 eldur vi\u00f0 inngangsdyr og grafir hafi haft tr\u00faarlegt hlutverk \u00e1 fors\u00f6gulegum t\u00edma. \u00dej\u00f3\u00f0fr\u00e6\u00f0iranns\u00f3knir 19. og upphafs 20. aldar s\u00f6fnu\u00f0u miklu magni heimilda um eldvenjur sem tengjast v\u00f6rn og fr\u00e1hrindingu.<\/p>\n<p>\u00cd germ\u00f6nskri og keltneskri \u00fej\u00f3\u00f0tr\u00fa h\u00f6f\u00f0u eldar \u00e1 t\u00edmam\u00f3tum \u00e1rsins mikilv\u00e6gt hlutverk. Valborgarmessa, J\u00f3nsmessa og Rauhn\u00e4chte (\u00fe\u00e6r t\u00f3lf n\u00e6tur milli j\u00f3la og \u00ferett\u00e1ndans) voru t\u00edmar \u00feegar m\u00f6rkin milli heims mannanna og heims andanna voru talin gegns\u00e6.<\/p><p>\u00cd <span class=\"iwg-fachbegriff\" data-tooltip=\"Mi\u00f0lun \u00feekkingar og fr\u00e1sagna milli kynsl\u00f3\u00f0a.\" tabindex=\"0\">hef\u00f0inni<\/span> var eldur kveiktur \u00e1 h\u00e6\u00f0um \u00feessar n\u00e6tur, b\u00faf\u00e9 reki\u00f0 gegnum reyk e\u00f0a eld, og hli\u00f0 og dyr merkt me\u00f0 kolamerkjum.<\/p><p>Ney\u00f0areldurinn, einnig kalla\u00f0ur nau\u00f0eldur e\u00f0a n\u00faningseldur, var s\u00e9rstakt form: hann var kveiktur me\u00f0 \u00fev\u00ed a\u00f0 n\u00faa saman tveimur trj\u00e1trj\u00e1m, allir a\u00f0rir eldar \u00ed \u00feorpinu ur\u00f0u fyrst a\u00f0 slokkna, til a\u00f0 kveikjast aftur af n\u00fdja eldinum. \u00deessi <span class=\"iwg-fachbegriff\" data-tooltip=\"Ath\u00f6fn sem hef\u00f0 er fyrir og er endurtekin reglulega innan samf\u00e9lags.\" tabindex=\"0\">si\u00f0ur<\/span> var talinn s\u00e9rlega \u00e1hrifamikill gegn b\u00fafj\u00e1rsj\u00fakd\u00f3mum og \u00f6\u00f0ru illu.<\/p>\n<p>\u00cd Grikklandi og R\u00f3m hinu forna brunnu eil\u00edfir eldar \u00ed hofum, s\u00e9rstaklega \u00ed Vestuhofinu \u00ed R\u00f3m, \u00fear sem prestynjur h\u00e9ldu logann gu\u00f0sverndarans yfir borginni logandi. A\u00f0 logi \u00feessi slokkna\u00f0i var tali\u00f0 illt fyrirbo\u00f0i sem rauf verndarm\u00e1tt eldsins fyrir alla borgina.<\/p>\n<p>\u00cd \u00cdran og hj\u00e1 Zoroastristum lifir hinn heilagi eldur enn \u00ed dag. \u00cd zoroastr\u00edskri <span class=\"iwg-fachbegriff\" data-tooltip=\"Fr\u00e6\u00f0ileg kenning um gu\u00f0 og tr\u00fa tiltekinnar tr\u00faarbrag\u00f0a.\" tabindex=\"0\">gu\u00f0fr\u00e6\u00f0i<\/span> er eldur talinn holdgun hinnar hreinu sk\u00f6punar Ahura Mazda og einnig varnargrip gegn Ahriman og Daeva-\u00f6ndum hans.<\/p><p>\u00cd eld- e\u00f0a Atesh-hofum brennur hinn heilagi eldur \u00e1n truflunar. Heimiliseldurinn \u00e1 arninum naut sama helga sess \u00ed sm\u00e6rri mynd.<\/p>\n<p>\u00cd slavneskri \u00fej\u00f3\u00f0tr\u00fa \u00feekktu m\u00f6rg sv\u00e6\u00f0i \u00feann <span class=\"iwg-fachbegriff\" data-tooltip=\"Ath\u00f6fn sem hef\u00f0 er fyrir og er endurtekin reglulega innan samf\u00e9lags.\" tabindex=\"0\">si\u00f0<\/span> a\u00f0 kveikja eld vi\u00f0 landamerki \u00feorpsins \u00e1 \u00e1kve\u00f0num t\u00edmum \u00e1rs og ganga \u00ed kringum hann. \u00deessi umgir\u00f0ing \u00e1tti a\u00f0 afmarka sv\u00e6\u00f0i samf\u00e9lagsins fr\u00e1 \u00f6llu \u00fev\u00ed sem g\u00e6ti valdi\u00f0 ska\u00f0a. Kyndlar voru einnig nota\u00f0ir vi\u00f0 br\u00fa\u00f0kaup og \u00fatfarir til a\u00f0 marka umskipti og halda illum \u00e1hrifum \u00ed fjarl\u00e6g\u00f0.<\/p>\n<p>\u00cd Japan eru b\u00e1lvenjur eins og Otaki-age, \u00fear sem borin verndargripi fr\u00e1 li\u00f0nu \u00e1ri eru brennd, og Dondoyaki, \u00fear sem n\u00fd\u00e1rslegar skreytingar eru l\u00e1tnar \u00ed eldinn, tj\u00e1ning \u00e1 s\u00f6mu sannf\u00e6ringu: eldurinn hreinsar, umbreytir og l\u00fdkur hringferli.<\/p>\t\t\t\t\t\t\t\t<\/div>\n\t\t\t\t<\/div>\n\t\t\t\t\t<\/div>\n\t\t\t\t<\/div>\n\t\t<div class=\"elementor-element elementor-element-iwgs-schutzfeuer-s2 e-flex e-con-boxed e-con e-parent\" data-id=\"iwgs-schutzfeuer-s2\" data-element_type=\"container\" data-e-type=\"container\">\n\t\t\t\t\t<div class=\"e-con-inner\">\n\t\t\t\t<div class=\"elementor-element elementor-element-iwgs-schutzfeuer-s2h elementor-widget elementor-widget-heading\" data-id=\"iwgs-schutzfeuer-s2h\" data-element_type=\"widget\" data-e-type=\"widget\" data-widget_type=\"heading.default\">\n\t\t\t\t\t<h2 class=\"elementor-heading-title elementor-size-default\">Virknihugmynd samkv\u00e6mt munnm\u00e6lum<\/h2>\t\t\t\t<\/div>\n\t\t<div class=\"elementor-element elementor-element-iw-schutzfeuer-s2-bw e-con-full e-flex e-con e-child\" data-id=\"iw-schutzfeuer-s2-bw\" data-element_type=\"container\" data-e-type=\"container\">\n\t\t\t\t<div class=\"elementor-element elementor-element-iwgs-schutzfeuer-s2t elementor-widget elementor-widget-text-editor\" data-id=\"iwgs-schutzfeuer-s2t\" data-element_type=\"widget\" data-e-type=\"widget\" data-widget_type=\"text-editor.default\">\n\t\t\t\t\t\t\t\t\t<p><span class=\"iwg-fachbegriff\" data-tooltip=\"Mi\u00f0lun \u00feekkingar og fr\u00e1sagna milli kynsl\u00f3\u00f0a.\" tabindex=\"0\">Hef\u00f0in<\/span> \u00fatsk\u00fdrir verndarm\u00e1tt eldsins \u00e1 fleiri en einn h\u00e1tt. S\u00fa beinasta er lj\u00f3seiginleikinn: eldur l\u00fdsir upp sv\u00e6\u00f0i\u00f0 \u00fear sem myrkf\u00e6lnar verur vilja starfa, og tekur \u00feannig fr\u00e1 \u00feeim forsendu verka sinna.<\/p>\n<p>\u00d6nnur \u00fatsk\u00fdring leggur \u00e1herslu \u00e1 hreinsandi m\u00e1tt hita og reyks. \u00dea\u00f0 sem fer gegnum eld e\u00f0a er umkringt eldi er tali\u00f0 hreinsa\u00f0 af ska\u00f0legum \u00e1hrifum sem hafa fest sig. \u00deessi hugmynd tengir skj\u00f3lareldinn vi\u00f0 reykelsissi\u00f0i: einnig \u00fear er \u00fea\u00f0 s\u00ed\u00f0ur lj\u00f3si\u00f0 en hin umbreytandi kraft brennslu og reyks sem virkar.<\/p>\n<p>\u00deri\u00f0ja v\u00edddin er landamerking. Eldur sem brennur vi\u00f0 \u00fer\u00f6skuldinn e\u00f0a umhverfis sv\u00e6\u00f0i dregur s\u00fdnilega l\u00ednu.<\/p><p>\u00cd <span class=\"iwg-fachbegriff\" data-tooltip=\"Mi\u00f0lun \u00feekkingar og fr\u00e1sagna milli kynsl\u00f3\u00f0a.\" tabindex=\"0\">hef\u00f0inni<\/span> er \u00feessi l\u00edna ekki a\u00f0eins talin l\u00edkamleg hindrun, heldur merkingarm\u00f6rk: h\u00e9r endar verndarsv\u00e6\u00f0i samf\u00e9lagsins e\u00f0a h\u00fassins. Verur sem ekki tilheyra \u00feessu sv\u00e6\u00f0i geta, samkv\u00e6mt \u00fej\u00f3\u00f0legri l\u00fdsingu, ekki fari\u00f0 yfir \u00feessa l\u00ednu me\u00f0an eldurinn brennur.<\/p>\n<p>\u00cd fj\u00f3r\u00f0a lagi er eldurinn talinn mi\u00f0ill samskipta vi\u00f0 \u00e6\u00f0ri m\u00e1ttarv\u00f6ld. <span class=\"iwg-fachbegriff\" data-tooltip=\"Tala\u00f0 \u00e1varp manns til gu\u00f0d\u00f3ms.\" tabindex=\"0\">B\u00e6nin<\/span> vi\u00f0 eldinn, gj\u00f6fin sem kasta\u00f0 er \u00ed eldinn, a\u00f0 fylgjast me\u00f0 loganum sem t\u00e1kn: \u00feessar athafnir tengja verndarath\u00f6fn og tr\u00faarlega i\u00f0kun saman \u00ed eitt.<\/p>\t\t\t\t\t\t\t\t<\/div>\n\t\t\t\t<\/div>\n\t\t\t\t\t<\/div>\n\t\t\t\t<\/div>\n\t\t<div class=\"elementor-element elementor-element-iwgs-schutzfeuer-s3 e-flex e-con-boxed e-con e-parent\" data-id=\"iwgs-schutzfeuer-s3\" data-element_type=\"container\" data-e-type=\"container\">\n\t\t\t\t\t<div class=\"e-con-inner\">\n\t\t\t\t<div class=\"elementor-element elementor-element-iwgs-schutzfeuer-s3h elementor-widget elementor-widget-heading\" data-id=\"iwgs-schutzfeuer-s3h\" data-element_type=\"widget\" data-e-type=\"widget\" data-widget_type=\"heading.default\">\n\t\t\t\t\t<h2 class=\"elementor-heading-title elementor-size-default\">\u00datbrei\u00f0sla yfir menningarheima<\/h2>\t\t\t\t<\/div>\n\t\t<div class=\"elementor-element elementor-element-iw-schutzfeuer-s3-bw e-con-full e-flex e-con e-child\" data-id=\"iw-schutzfeuer-s3-bw\" data-element_type=\"container\" data-e-type=\"container\">\n\t\t\t\t<div class=\"elementor-element elementor-element-iwgs-schutzfeuer-s3t elementor-widget elementor-widget-text-editor\" data-id=\"iwgs-schutzfeuer-s3t\" data-element_type=\"widget\" data-e-type=\"widget\" data-widget_type=\"text-editor.default\">\n\t\t\t\t\t\t\t\t\t<p>Germanskt og keltneskt sv\u00e6\u00f0i: Ney\u00f0arelda, J\u00f3nsmessueldar, Valborgareldar, p\u00e1skaeldar. A\u00f0 reka b\u00faf\u00e9na\u00f0 \u00ed gegnum eld sem v\u00f6rn gegn fars\u00f3ttum. Kolamerki yfir dyra- og gluggak\u00f6rmum.<\/p>\n<p>\u00cdran og zoroastrismi: Atesh Bahram sem \u00e6\u00f0sta mynd hins eil\u00edfa elds, arineldur sem daglegt varnaratferli, eldur \u00e1 Nouruz (n\u00fd\u00e1rsh\u00e1t\u00ed\u00f0) til hreinsunar.<\/p>\n<p>Indland: Agnihotra sem ved\u00edsk eldath\u00f6fn, Yajna sem f\u00f3rnareldur, eldur aringu\u00f0sins Agni sem v\u00f6rn vi\u00f0 \u00fer\u00f6skuld. Diwali, lj\u00f3sah\u00e1t\u00ed\u00f0in, tengir eldslj\u00f3s vi\u00f0 vernd Lakshmi og fr\u00e1hrindingu \u00f3g\u00e6fu.<\/p>\n<p>Japan: Otaki-age, Dondoyaki, Sakiharae-eldar vi\u00f0 <span class=\"iwg-fachbegriff\" data-tooltip=\"Frumbyggjatr\u00fa Japans, m\u00f3tu\u00f0 af tilbei\u00f0slu kami-anda.\" tabindex=\"0\">shinto<\/span>-helgista\u00f0i. \u00c1ram\u00f3tab\u00e1li\u00f0 er tali\u00f0 hreinsun og undirb\u00faningur fyrir n\u00fdtt \u00e1r.<\/p>\n<p>Nor\u00f0ur-Amer\u00edka: \u00cd fj\u00f6lm\u00f6rgum frumbyggjahef\u00f0um leikur eldurinn lykilhlutverk sem hreinsunart\u00e6ki og v\u00f6rn. \u00cd svitahofsath\u00f6fnum, s\u00fdnaleit og vetrarath\u00f6fnum er eldur nota\u00f0ur til a\u00f0 hreinsa umhverfi\u00f0 og kalla fram verndandi anda.<\/p>\n<p>Afr\u00edka: Arineldar og var\u00f0eldar sem verndargripir eru \u00feekktir \u00ed m\u00f6rgum menningarsamf\u00e9l\u00f6gum sunnan Sahara. Eldur vi\u00f0 inngang b\u00e6jar e\u00f0a vi\u00f0 gr\u00f6f er talinn v\u00f6rn gegn r\u00e1fandi \u00f6ndum.<\/p>\t\t\t\t\t\t\t\t<\/div>\n\t\t\t\t<\/div>\n\t\t\t\t\t<\/div>\n\t\t\t\t<\/div>\n\t\t<div class=\"elementor-element elementor-element-iwgs-schutzfeuer-s4 e-flex e-con-boxed e-con e-parent\" data-id=\"iwgs-schutzfeuer-s4\" data-element_type=\"container\" data-e-type=\"container\">\n\t\t\t\t\t<div class=\"e-con-inner\">\n\t\t\t\t<div class=\"elementor-element elementor-element-iwgs-schutzfeuer-s4h elementor-widget elementor-widget-heading\" data-id=\"iwgs-schutzfeuer-s4h\" data-element_type=\"widget\" data-e-type=\"widget\" data-widget_type=\"heading.default\">\n\t\t\t\t\t<h2 class=\"elementor-heading-title elementor-size-default\">Gegn hverju hann er nota\u00f0ur<\/h2>\t\t\t\t<\/div>\n\t\t<div class=\"elementor-element elementor-element-iw-schutzfeuer-s4-bw e-con-full e-flex e-con e-child\" data-id=\"iw-schutzfeuer-s4-bw\" data-element_type=\"container\" data-e-type=\"container\">\n\t\t\t\t<div class=\"elementor-element elementor-element-iwgs-schutzfeuer-s4t elementor-widget elementor-widget-text-editor\" data-id=\"iwgs-schutzfeuer-s4t\" data-element_type=\"widget\" data-e-type=\"widget\" data-widget_type=\"text-editor.default\">\n\t\t\t\t\t\t\t\t\t<p><span class=\"iwg-fachbegriff\" data-tooltip=\"Mi\u00f0lun \u00feekkingar og sagna milli kynsl\u00f3\u00f0a.\" tabindex=\"0\">Munnm\u00e6lin<\/span> l\u00fdsa verndareldi sem s\u00e9rstaklega \u00e1hrifar\u00edkum gegn:<\/p>\n<p>\u00c1rst\u00ed\u00f0abundnum \u00f6ndum og h\u00e6ttum sem tengjast \u00e1rst\u00ed\u00f0um. Verum sem samkv\u00e6mt \u00fej\u00f3\u00f0tr\u00fa ver\u00f0a virkar \u00e1 \u00e1kve\u00f0num t\u00edmum \u00e1rsins, s\u00e9rstaklega \u00e1 dimmum \u00e1rshelmingum og vi\u00f0 skil \u00e1rst\u00ed\u00f0a. Mi\u00f0n\u00e6tur\u00f6ndum sem ganga um \u00e1 Rauhn\u00e4chte (hinum t\u00f3lf n\u00f3ttum milli j\u00f3la og \u00ferett\u00e1ndans), \u00e1lfum og \u00f6\u00f0rum n\u00e1ttvirkum verum sem talin eru for\u00f0ast eld og lj\u00f3s.<\/p>\n<p>Sameiginlegum h\u00e6ttum fyrir heimili og hl\u00f3\u00f0ir. B\u00fafj\u00e1rsj\u00fakd\u00f3mum, uppskerutj\u00f3ni og \u00f6\u00f0rum \u00f3g\u00e6fum sem samkv\u00e6mt \u00fej\u00f3\u00f0tr\u00fa eru af v\u00f6ldum ska\u00f0legra \u00e1hrifa, og \u00e1tti a\u00f0 fyrirbyggja me\u00f0 sameiginlega tendru\u00f0um ney\u00f0areldi.<\/p>\n<p>Landam\u00e6raverum. \u00d6ndum, dj\u00f6flum og ska\u00f0legum n\u00e1tt\u00faruverum sem reyna a\u00f0 fara yfir m\u00f6rkin milli vernda\u00f0s sv\u00e6\u00f0is mannlegs samf\u00e9lags og hins ytra. Eldurinn vi\u00f0 \u00fer\u00f6skuldinn markar og styrkir \u00feessi m\u00f6rk.<\/p>\n<p>A\u00f0hangandi \u00f3hreinindum. Ekki a\u00f0eins verum, heldur einnig \u00e1standi: sorg, sj\u00fakd\u00f3mum, \u00e1rt\u00ed\u00f0aleifum sem safnast hafa \u00ed l\u00edkamanum e\u00f0a \u00e1 sta\u00f0num, en \u00ed m\u00f6rgum hef\u00f0um er tali\u00f0 a\u00f0 eldur geti leyst \u00feau upp.<\/p>\n<p>Hva\u00f0a tilteknar verur \u00far or\u00f0ab\u00f3kinni eru tengdar verndareldi m\u00e1 sj\u00e1 \u00ed <a href=\"https:\/\/iwell-guard.com\/is\/?page_id=169276\">Verndarlei\u00f0arv\u00edsinum<\/a>.<\/p>\t\t\t\t\t\t\t\t<\/div>\n\t\t\t\t<\/div>\n\t\t\t\t\t<\/div>\n\t\t\t\t<\/div>\n\t\t<div class=\"elementor-element elementor-element-iwgs-schutzfeuer-s5 e-flex e-con-boxed e-con e-parent\" data-id=\"iwgs-schutzfeuer-s5\" data-element_type=\"container\" data-e-type=\"container\">\n\t\t\t\t\t<div class=\"e-con-inner\">\n\t\t\t\t<div class=\"elementor-element elementor-element-iwgs-schutzfeuer-s5h elementor-widget elementor-widget-heading\" data-id=\"iwgs-schutzfeuer-s5h\" data-element_type=\"widget\" data-e-type=\"widget\" data-widget_type=\"heading.default\">\n\t\t\t\t\t<h2 class=\"elementor-heading-title elementor-size-default\">Notkun og takmarkanir<\/h2>\t\t\t\t<\/div>\n\t\t<div class=\"elementor-element elementor-element-iw-schutzfeuer-s5-bw e-con-full e-flex e-con e-child\" data-id=\"iw-schutzfeuer-s5-bw\" data-element_type=\"container\" data-e-type=\"container\">\n\t\t\t\t<div class=\"elementor-element elementor-element-iwgs-schutzfeuer-s5t elementor-widget elementor-widget-text-editor\" data-id=\"iwgs-schutzfeuer-s5t\" data-element_type=\"widget\" data-e-type=\"widget\" data-widget_type=\"text-editor.default\">\n\t\t\t\t\t\t\t\t\t<p><span class=\"iwg-fachbegriff\" data-tooltip=\"Mi\u00f0lun \u00feekkingar og sagna milli kynsl\u00f3\u00f0a.\" tabindex=\"0\">Munnm\u00e6lin<\/span> kunna \u00fdmsar ger\u00f0ir verndarelds sem eiga vi\u00f0 mismunandi a\u00f0st\u00e6\u00f0ur. Ney\u00f0areldurinn var samf\u00e9lagsleg ney\u00f0arr\u00e1\u00f0st\u00f6fun sem kraf\u00f0ist sameiginlegra a\u00f0ger\u00f0a. \u00der\u00f6skuldsblysi\u00f0 e\u00f0a arineldurinn var dagleg e\u00f0a \u00e1rst\u00ed\u00f0abundin heimilisvenja. \u00c1ram\u00f3tab\u00e1li\u00f0 \u00e1 h\u00e6\u00f0um var opinber <span class=\"iwg-fachbegriff\" data-tooltip=\"Skipul\u00f6g\u00f0 r\u00f6\u00f0 t\u00e1knger\u00f0ra athafna me\u00f0 tr\u00faarlega e\u00f0a menningarlega merkingu.\" tabindex=\"0\">ath\u00f6fn<\/span>. Hver ger\u00f0 haf\u00f0i s\u00ednar eigin reglur, t\u00edmasetningar og framkv\u00e6mdara\u00f0ila.<\/p>\n<p>Takmarkanirnar felast fyrst og fremst \u00ed tengingu vi\u00f0 sta\u00f0inn. Eldur verndar sv\u00e6\u00f0i\u00f0 sem hann l\u00fdsir upp e\u00f0a markar, ekki manneskjuna sem fjarl\u00e6gist hann. \u00dear me\u00f0 er verndareldurinn sta\u00f0bundi\u00f0 \u00farr\u00e6\u00f0i sem er \u00ed grundvallaratri\u00f0um \u00f3l\u00edkt bornum verndargripum eins og verndargripum sem borin eru \u00e1 l\u00edkamanum.<\/p>\n<p>Auk \u00feess endar verndar\u00e1hrifin \u00feegar eldurinn slokknar. Samkv\u00e6mt m\u00f6rgum munnm\u00e6lum m\u00e1 eldurinn ekki slokkna me\u00f0an verndar\u00fe\u00f6rfin er til sta\u00f0ar. Eldur sem slokknar \u00e1 verndarn\u00f3ttinni er tali\u00f0 illt fyrirbo\u00f0i.<\/p><p>G\u00e6\u00f0i eldsins skipta einnig m\u00e1li: ney\u00f0areldur tendra\u00f0ur me\u00f0 nuningi var talinn hreinni og \u00e1hrifar\u00edkari en eldur tendra\u00f0ur me\u00f0 eldi sem \u00feegar var til.<\/p>\t\t\t\t\t\t\t\t<\/div>\n\t\t\t\t<\/div>\n\t\t\t\t\t<\/div>\n\t\t\t\t<\/div>\n\t\t<div class=\"elementor-element elementor-element-iwgs-schutzfeuer-lit e-flex e-con-boxed e-con e-parent\" data-id=\"iwgs-schutzfeuer-lit\" data-element_type=\"container\" data-e-type=\"container\">\n\t\t\t\t\t<div class=\"e-con-inner\">\n\t\t\t\t<div class=\"elementor-element elementor-element-iwgs-schutzfeuer-lith elementor-widget elementor-widget-heading\" data-id=\"iwgs-schutzfeuer-lith\" data-element_type=\"widget\" data-e-type=\"widget\" data-widget_type=\"heading.default\">\n\t\t\t\t\t<h2 class=\"elementor-heading-title elementor-size-default\">Heimildir (\u00farval)<\/h2>\t\t\t\t<\/div>\n\t\t<div class=\"elementor-element elementor-element-iw-schutzfeuer-lit-bw e-con-full e-flex e-con e-child\" data-id=\"iw-schutzfeuer-lit-bw\" data-element_type=\"container\" data-e-type=\"container\">\n\t\t\t\t<div class=\"elementor-element elementor-element-iwgs-schutzfeuer-litt elementor-widget elementor-widget-html\" data-id=\"iwgs-schutzfeuer-litt\" data-element_type=\"widget\" data-e-type=\"widget\" data-widget_type=\"html.default\">\n\t\t\t\t\t<footer data-nosnippet=\"true\"><ul><li>Handw\u00f6rterbuch des deutschen Aberglaubens, hrsg. von Hanns B\u00e4chtold-St\u00e4ubli, Artikel \"Feuer\" und \"Notfeuer\", Berlin\/Leipzig 1930\/31.<\/li><li>Frazer, James George: Der goldene Zweig. Das Geheimnis von Glauben und Sitten der V\u00f6lker. K\u00f6ln 1968.<\/li><li>Eliade, Mircea: Das Heilige und das Profane. Hamburg 1957.<\/li><li>Boyce, Mary: Zoroastrians: Their Religious Beliefs and Practices. London 1979.<\/li><li>Widengren, Geo: Die Religionen Irans. Stuttgart 1965.<\/li><\/ul><\/footer>\t\t\t\t<\/div>\n\t\t\t\t<\/div>\n\t\t\t\t\t<\/div>\n\t\t\t\t<\/div>\n\t\t<div class=\"elementor-element elementor-element-iwgs-schutzfeuer-kwd e-flex e-con-boxed e-con e-parent\" data-id=\"iwgs-schutzfeuer-kwd\" data-element_type=\"container\" data-e-type=\"container\">\n\t\t\t\t\t<div class=\"e-con-inner\">\n\t\t<div class=\"elementor-element elementor-element-iw-schutzfeuer-kwd-bw e-con-full e-flex e-con e-child\" data-id=\"iw-schutzfeuer-kwd-bw\" data-element_type=\"container\" data-e-type=\"container\">\n\t\t\t\t<div class=\"elementor-element elementor-element-iwgs-schutzfeuer-kwdt elementor-widget elementor-widget-text-editor\" data-id=\"iwgs-schutzfeuer-kwdt\" data-element_type=\"widget\" data-e-type=\"widget\" data-widget_type=\"text-editor.default\">\n\t\t\t\t\t\t\t\t\t<p><em>Tengd leitaror\u00f0: verndareldur ney\u00f0areldur \u00fer\u00f6skuldslj\u00f3s eldur v\u00f6rn.<\/em><\/p>\t\t\t\t\t\t\t\t<\/div>\n\t\t\t\t<\/div>\n\t\t\t\t\t<\/div>\n\t\t\t\t<\/div>\n\t\t<div class=\"elementor-element elementor-element-iwgs-schutzfeuer-cc e-flex e-con-boxed e-con e-parent\" data-id=\"iwgs-schutzfeuer-cc\" data-element_type=\"container\" data-e-type=\"container\" id=\"iwg-cc-schutzfeuer\">\n\t\t\t\t\t<div class=\"e-con-inner\">\n\t\t<div class=\"elementor-element elementor-element-iwgs-schutzfeuer-ccinner e-flex e-con-boxed e-con e-parent\" data-id=\"iwgs-schutzfeuer-ccinner\" data-element_type=\"container\" data-e-type=\"container\" data-settings=\"{&quot;background_background&quot;:&quot;classic&quot;}\">\n\t\t\t\t\t<div class=\"e-con-inner\">\n\t\t\t\t<div class=\"elementor-element elementor-element-iwgs-schutzfeuer-cch elementor-widget elementor-widget-heading\" data-id=\"iwgs-schutzfeuer-cch\" data-element_type=\"widget\" data-e-type=\"widget\" data-widget_type=\"heading.default\">\n\t\t\t\t\t<h2 class=\"elementor-heading-title elementor-size-default\">iWell Guard og verndarhef\u00f0ir<\/h2>\t\t\t\t<\/div>\n\t\t\t\t<div class=\"elementor-element elementor-element-iwgs-schutzfeuer-cct elementor-widget elementor-widget-text-editor\" data-id=\"iwgs-schutzfeuer-cct\" data-element_type=\"widget\" data-e-type=\"widget\" data-widget_type=\"text-editor.default\">\n\t\t\t\t\t\t\t\t\t<p>Verndareldar eru til vitnis um a\u00f0 menningarsamf\u00e9l\u00f6g v\u00ed\u00f0s vegar hafa reynt a\u00f0 lj\u00f3s dregur m\u00f6rk milli \u00feess sv\u00e6\u00f0is sem ma\u00f0ur eignar s\u00e9r og \u00feess sem er skili\u00f0 eftir \u00fati. Fr\u00e1 \u00edranskum Atesh-hofum til germanskra ney\u00f0arelda var eldur tendra\u00f0ur sameiginleg ath\u00f6fn me\u00f0 sk\u00fdrum bo\u00f0skap.<\/p><p><a href=\"https:\/\/iwell-guard.com\/is\/verndargripur-iwell-guard-kaupa\/\">iWell Guard<\/a> flytur \u00feessa hugsun yfir \u00ed form sem einstaklingurinn getur haft hj\u00e1 s\u00e9r: sem samruni verndarhef\u00f0a sem menningarsamf\u00e9l\u00f6g hafa \u00fer\u00f3a\u00f0 hvert \u00f3h\u00e1\u00f0 \u00f6\u00f0ru til a\u00f0 tryggja s\u00e9r styrk gegn hinu \u00f3\u00feekkta.<\/p>\t\t\t\t\t\t\t\t<\/div>\n\t\t\t\t<div class=\"elementor-element elementor-element-iwgs-schutzfeuer-ccb iwg-cc-button iwg-cc-cta-2026-05-13 elementor-widget elementor-widget-jet-button\" data-id=\"iwgs-schutzfeuer-ccb\" data-element_type=\"widget\" data-e-type=\"widget\" data-widget_type=\"jet-button.default\">\n\t\t\t\t<div class=\"elementor-widget-container\">\n\t\t\t\t\t<div class=\"elementor-jet-button jet-elements\"><div class=\"jet-button__container\"><a class=\"jet-button__instance jet-button__instance--icon-left hover-effect-1\" href=\"\/schutzanhaenger-iwell-guard-kaufen\/?utm_source=iwell-guard.com&amp;utm_medium=info-box&amp;utm_campaign=schutzsymbole\"><div class=\"jet-button__plane jet-button__plane-normal\"><\/div><div class=\"jet-button__plane jet-button__plane-hover\"><\/div><div class=\"jet-button__state jet-button__state-normal\"><span class=\"jet-button__label\">Meira um iWell Guard<\/span><\/div><div class=\"jet-button__state jet-button__state-hover\"><span class=\"jet-button__label\">Meira um iWell Guard<\/span><\/div><\/a><\/div><\/div><style>.elementor-element.elementor-element-iwgs-schutzfeuer-ccb .jet-button__instance{width:320px;height:56px;}.elementor-element.elementor-element-iwgs-schutzfeuer-ccb .jet-button__state-normal .jet-button__label{text-align:center;margin:0px 0px 0px 0px;color:#1a1b20;font-family:Montserrat,sans-serif;font-size:13px;font-weight:400;letter-spacing:4px;line-height:1.714em;text-transform:uppercase;}.elementor-element.elementor-element-iwgs-schutzfeuer-ccb .jet-button__state-hover .jet-button__label{text-align:center;margin:0px 0px 0px 0px;color:#FECC76;font-family:Montserrat,sans-serif;font-size:13px;font-weight:400;letter-spacing:4px;line-height:1.714em;text-transform:uppercase;}.elementor-element.elementor-element-iwgs-schutzfeuer-ccb .jet-button__plane-normal{background-color:#FECC76;border-style:solid;border-color:#C99540;border-width:2px 2px 2px 2px;}.elementor-element.elementor-element-iwgs-schutzfeuer-ccb .jet-button__plane-hover{background-color:rgba(0,0,0,0.55);border-style:solid;border-color:#FECC76;border-width:2px 2px 2px 2px;}<\/style>\t\t\t\t<\/div>\n\t\t\t\t<\/div>\n\t\t\t\t<div class=\"elementor-element elementor-element-iwgs-schutzfeuer-ccd elementor-widget elementor-widget-text-editor\" data-id=\"iwgs-schutzfeuer-ccd\" data-element_type=\"widget\" data-e-type=\"widget\" data-widget_type=\"text-editor.default\">\n\t\t\t\t\t\t\t\t\t<p style=\"text-align:center;font-size:13px;opacity:0.7;margin-top:14px\" data-nosnippet=\"true\">Pers\u00f3nuleg reynsla getur veri\u00f0 mismunandi. Ekki l\u00e6kningat\u00e6ki. Engin lofor\u00f0 um l\u00e6kningu.<\/p>\t\t\t\t\t\t\t\t<\/div>\n\t\t\t\t\t<\/div>\n\t\t\t\t<\/div>\n\t\t\t\t\t<\/div>\n\t\t\t\t<\/div>\n\t\t<div class=\"elementor-element elementor-element-iwgs-schutzfeuer-disc e-flex e-con-boxed e-con e-parent\" data-id=\"iwgs-schutzfeuer-disc\" data-element_type=\"container\" data-e-type=\"container\">\n\t\t\t\t\t<div class=\"e-con-inner\">\n\t\t<div class=\"elementor-element elementor-element-iw-schutzfeuer-disc-bw e-con-full e-flex e-con e-child\" data-id=\"iw-schutzfeuer-disc-bw\" data-element_type=\"container\" data-e-type=\"container\">\n\t\t\t\t<div class=\"elementor-element elementor-element-iwgs-schutzfeuer-discw elementor-widget elementor-widget-html\" data-id=\"iwgs-schutzfeuer-discw\" data-element_type=\"widget\" data-e-type=\"widget\" data-widget_type=\"html.default\">\n\t\t\t\t\t<footer data-nosnippet=\"true\" class=\"iwg-disclaimer-block\"><p data-nosnippet=\"true\">iWell Guard er <strong>ekki l\u00e6kningat\u00e6ki<\/strong> og kemur ekki \u00ed sta\u00f0 l\u00e6knis- e\u00f0a s\u00e1lfr\u00e6\u00f0ime\u00f0fer\u00f0ar. Innihaldi\u00f0 sem h\u00e9r er sett fram er tr\u00faarbrag\u00f0afr\u00e6\u00f0ileg og menningars\u00f6gulega greining, ekki lofor\u00f0 um andlega virkni.<\/p><\/footer>\t\t\t\t<\/div>\n\t\t\t\t<\/div>\n\t\t\t\t\t<\/div>\n\t\t\t\t<\/div>\n\t\t\t\t<\/div>\n\t\t","protected":false},"excerpt":{"rendered":"","protected":false},"author":3,"featured_media":4117,"parent":0,"menu_order":0,"comment_status":"closed","ping_status":"closed","template":"elementor_header_footer","meta":{"_yoast_wpseo_focuskw":"skjoleldur","_yoast_wpseo_title":"Skj\u00f3lareldur og \u00fer\u00f6skuldslj\u00f3s","_yoast_wpseo_metadesc":"Hva\u00f0 hef\u00f0in eignar ney\u00f0areldi, s\u00f3lst\u00f6\u00f0ueldi og \u00fer\u00f6skuldslj\u00f3si sem varnargripum: uppruni, virknireglur","_yoast_wpseo_meta-robots-noindex":"","_yoast_wpseo_canonical":"","_angie_page":false,"gefaehrdungsstufe":"","wesen_kultur":"","wesen_klasse":"","footnotes":""},"categories":[],"class_list":["post-169278","page","type-page","status-publish","has-post-thumbnail","hentry"],"yoast_head":"<!-- This site is optimized with the Yoast SEO Premium plugin v27.7 (Yoast SEO v28.3) - https:\/\/yoast.com\/product\/yoast-seo-premium-wordpress\/ -->\n<title>Skj\u00f3lareldur og \u00fer\u00f6skuldslj\u00f3s<\/title>\n<meta name=\"description\" content=\"Hva\u00f0 hef\u00f0in eignar ney\u00f0areldi, s\u00f3lst\u00f6\u00f0ueldi og \u00fer\u00f6skuldslj\u00f3si sem varnargripum: uppruni, virknireglur\" \/>\n<meta name=\"robots\" content=\"index, follow, max-snippet:-1, max-image-preview:large, max-video-preview:-1\" \/>\n<link rel=\"canonical\" href=\"https:\/\/iwell-guard.com\/is\/skjoleldur-og-throskuldsljos\/\" \/>\n<meta property=\"og:locale\" content=\"is_IS\" \/>\n<meta property=\"og:type\" content=\"article\" \/>\n<meta property=\"og:title\" content=\"Skj\u00f3lareldur og \u00fer\u00f6skuldslj\u00f3s\" \/>\n<meta property=\"og:description\" content=\"Hva\u00f0 hef\u00f0in eignar ney\u00f0areldi, s\u00f3lst\u00f6\u00f0ueldi og \u00fer\u00f6skuldslj\u00f3si sem varnargripum: uppruni, virknireglur\" \/>\n<meta property=\"og:url\" content=\"https:\/\/iwell-guard.com\/is\/skjoleldur-og-throskuldsljos\/\" \/>\n<meta property=\"og:site_name\" content=\"iWell Guard\" \/>\n<meta property=\"article:modified_time\" content=\"2026-09-05T14:36:49+00:00\" \/>\n<meta property=\"og:image\" content=\"https:\/\/iwell-guard.com\/wp-content\/uploads\/2026\/05\/schutzsymbol_universell_schutzfeuer.png\" \/>\n\t<meta property=\"og:image:width\" content=\"1024\" \/>\n\t<meta property=\"og:image:height\" content=\"1536\" \/>\n\t<meta property=\"og:image:type\" content=\"image\/png\" \/>\n<meta name=\"twitter:card\" content=\"summary_large_image\" \/>\n<script type=\"application\/ld+json\" class=\"yoast-schema-graph\">{\"@context\":\"https:\\\/\\\/schema.org\",\"@graph\":[{\"@type\":\"WebPage\",\"@id\":\"https:\\\/\\\/iwell-guard.com\\\/is\\\/skjoleldur-og-throskuldsljos\\\/\",\"url\":\"https:\\\/\\\/iwell-guard.com\\\/is\\\/skjoleldur-og-throskuldsljos\\\/\",\"name\":\"Skj\u00f3lareldur og \u00fer\u00f6skuldslj\u00f3s\",\"isPartOf\":{\"@id\":\"https:\\\/\\\/iwell-guard.com\\\/is\\\/#website\"},\"primaryImageOfPage\":{\"@id\":\"https:\\\/\\\/iwell-guard.com\\\/is\\\/skjoleldur-og-throskuldsljos\\\/#primaryimage\"},\"image\":{\"@id\":\"https:\\\/\\\/iwell-guard.com\\\/is\\\/skjoleldur-og-throskuldsljos\\\/#primaryimage\"},\"thumbnailUrl\":\"https:\\\/\\\/iwell-guard.com\\\/wp-content\\\/uploads\\\/2026\\\/05\\\/schutzsymbol_universell_schutzfeuer.png\",\"datePublished\":\"2026-09-05T14:07:03+00:00\",\"dateModified\":\"2026-09-05T14:36:49+00:00\",\"description\":\"Hva\u00f0 hef\u00f0in eignar ney\u00f0areldi, s\u00f3lst\u00f6\u00f0ueldi og \u00fer\u00f6skuldslj\u00f3si sem varnargripum: uppruni, virknireglur\",\"breadcrumb\":{\"@id\":\"https:\\\/\\\/iwell-guard.com\\\/is\\\/skjoleldur-og-throskuldsljos\\\/#breadcrumb\"},\"inLanguage\":\"is\",\"potentialAction\":[{\"@type\":\"ReadAction\",\"target\":[\"https:\\\/\\\/iwell-guard.com\\\/is\\\/skjoleldur-og-throskuldsljos\\\/\"]}]},{\"@type\":\"ImageObject\",\"inLanguage\":\"is\",\"@id\":\"https:\\\/\\\/iwell-guard.com\\\/is\\\/skjoleldur-og-throskuldsljos\\\/#primaryimage\",\"url\":\"https:\\\/\\\/iwell-guard.com\\\/wp-content\\\/uploads\\\/2026\\\/05\\\/schutzsymbol_universell_schutzfeuer.png\",\"contentUrl\":\"https:\\\/\\\/iwell-guard.com\\\/wp-content\\\/uploads\\\/2026\\\/05\\\/schutzsymbol_universell_schutzfeuer.png\",\"width\":1024,\"height\":1536,\"caption\":\"Verndareldur og \u00fer\u00f6skuldslj\u00f3s, s\u00f6guleg myndskreyting\"},{\"@type\":\"BreadcrumbList\",\"@id\":\"https:\\\/\\\/iwell-guard.com\\\/is\\\/skjoleldur-og-throskuldsljos\\\/#breadcrumb\",\"itemListElement\":[{\"@type\":\"ListItem\",\"position\":1,\"name\":\"Start\",\"item\":\"https:\\\/\\\/iwell-guard.com\\\/is\\\/?page_id=168580\"},{\"@type\":\"ListItem\",\"position\":2,\"name\":\"Skj\u00f3lareldur og \u00fer\u00f6skuldslj\u00f3s\"}]},{\"@type\":\"WebSite\",\"@id\":\"https:\\\/\\\/iwell-guard.com\\\/is\\\/#website\",\"url\":\"https:\\\/\\\/iwell-guard.com\\\/is\\\/\",\"name\":\"iWell Guard\",\"description\":\"Schutz vor dunklen Einfl\u00fcssen\",\"publisher\":{\"@id\":\"https:\\\/\\\/iwell-guard.com\\\/is\\\/#organization\"},\"potentialAction\":[{\"@type\":\"SearchAction\",\"target\":{\"@type\":\"EntryPoint\",\"urlTemplate\":\"https:\\\/\\\/iwell-guard.com\\\/is\\\/?s={search_term_string}\"},\"query-input\":{\"@type\":\"PropertyValueSpecification\",\"valueRequired\":true,\"valueName\":\"search_term_string\"}}],\"inLanguage\":\"is\"},{\"@type\":\"Organization\",\"@id\":\"https:\\\/\\\/iwell-guard.com\\\/is\\\/#organization\",\"name\":\"Ittermann electronic GmbH\",\"url\":\"https:\\\/\\\/iwell-guard.com\\\/is\\\/\",\"logo\":{\"@type\":\"ImageObject\",\"inLanguage\":\"is\",\"@id\":\"https:\\\/\\\/iwell-guard.com\\\/is\\\/#\\\/schema\\\/logo\\\/image\\\/\",\"url\":\"https:\\\/\\\/iwell-guard.com\\\/wp-content\\\/uploads\\\/2026\\\/05\\\/Ittermann-Logo-1182x237-1.png\",\"contentUrl\":\"https:\\\/\\\/iwell-guard.com\\\/wp-content\\\/uploads\\\/2026\\\/05\\\/Ittermann-Logo-1182x237-1.png\",\"width\":1182,\"height\":237,\"caption\":\"Ittermann electronic GmbH\"},\"image\":{\"@id\":\"https:\\\/\\\/iwell-guard.com\\\/is\\\/#\\\/schema\\\/logo\\\/image\\\/\"},\"sameAs\":[\"https:\\\/\\\/pantip.com\\\/profile\\\/9367242\",\"https:\\\/\\\/micro.blog\\\/iwellguard\",\"https:\\\/\\\/www.diggerslist.com\\\/iwellguard\\\/about\",\"https:\\\/\\\/skitterphoto.com\\\/photographers\\\/2870314\\\/iwell-guard\",\"https:\\\/\\\/iwellguard.wordpress.com\\\/2026\\\/06\\\/06\\\/iwell-guard\\\/\",\"https:\\\/\\\/hub.docker.com\\\/u\\\/iwellguard\",\"https:\\\/\\\/www.pinterest.com\\\/iwellguard\\\/\",\"https:\\\/\\\/bit.ly\\\/m\\\/iwellguard\",\"https:\\\/\\\/entre-vos-mains.alsace.eu\\\/profiles\\\/iwellguard\\\/activity\",\"https:\\\/\\\/gravatar.com\\\/reallybeded8fd34\",\"https:\\\/\\\/naijamatta.com\\\/iwellguard\",\"https:\\\/\\\/www.goodreads.com\\\/iwellguard\",\"https:\\\/\\\/profile.hatena.ne.jp\\\/iwellguard\\\/\",\"https:\\\/\\\/experiment.com\\\/users\\\/iwellguard\",\"https:\\\/\\\/wakelet.com\\\/@iWellGuard82270\",\"https:\\\/\\\/www.chordie.com\\\/forum\\\/profile.php?id=2555664\",\"https:\\\/\\\/www.instapaper.com\\\/p\\\/17757966\",\"https:\\\/\\\/www.mapleprimes.com\\\/users\\\/iwellguard\",\"https:\\\/\\\/businesslistingplus.com\\\/profile\\\/iwell-guard\\\/\",\"https:\\\/\\\/telegra.ph\\\/iWell-Guard-06-06\",\"https:\\\/\\\/pbase.com\\\/iwellguard\\\/iwellguard\",\"https:\\\/\\\/b.hatena.ne.jp\\\/iwellguard\\\/20260607#bookmark-4788405196491818882\",\"https:\\\/\\\/fliphtml5.com\\\/home\\\/iwellguard\",\"https:\\\/\\\/anyflip.com\\\/homepage\\\/cmiwl#About\",\"https:\\\/\\\/transfur.com\\\/Users\\\/iwellguard\",\"http:\\\/\\\/delphi.larsbo.org\\\/user\\\/iwellguard\",\"https:\\\/\\\/jobs.lajobsportal.org\\\/profiles\\\/8380803-iwell-guard\",\"https:\\\/\\\/md.chaosdorf.de\\\/s\\\/jfbe5SBdJD\",\"https:\\\/\\\/www.lingvolive.com\\\/en-us\\\/profile\\\/9ecaeaca-ce11-4e51-9e71-01d55e2bff36\\\/translations\",\"https:\\\/\\\/www.fitday.com\\\/fitness\\\/forums\\\/members\\\/iwellguard.html\",\"https:\\\/\\\/www.mymeetbook.com\\\/iwellguard\",\"https:\\\/\\\/pxhere.com\\\/en\\\/photographer-me\\\/5040798\",\"https:\\\/\\\/disqus.com\\\/by\\\/iwellguard\\\/about\\\/\",\"https:\\\/\\\/pastelink.net\\\/hjwciqwq\",\"https:\\\/\\\/pubhtml5.com\\\/homepage\\\/scjhn\\\/\",\"https:\\\/\\\/www.bitchute.com\\\/channel\\\/2O2eOKzNqujT\",\"https:\\\/\\\/audiomack.com\\\/iwellguard\"]}]}<\/script>\n<!-- \/ Yoast SEO Premium plugin. -->","yoast_head_json":{"title":"Skj\u00f3lareldur og \u00fer\u00f6skuldslj\u00f3s","description":"Hva\u00f0 hef\u00f0in eignar ney\u00f0areldi, s\u00f3lst\u00f6\u00f0ueldi og \u00fer\u00f6skuldslj\u00f3si sem varnargripum: uppruni, virknireglur","robots":{"index":"index","follow":"follow","max-snippet":"max-snippet:-1","max-image-preview":"max-image-preview:large","max-video-preview":"max-video-preview:-1"},"canonical":"https:\/\/iwell-guard.com\/is\/skjoleldur-og-throskuldsljos\/","og_locale":"is_IS","og_type":"article","og_title":"Skj\u00f3lareldur og \u00fer\u00f6skuldslj\u00f3s","og_description":"Hva\u00f0 hef\u00f0in eignar ney\u00f0areldi, s\u00f3lst\u00f6\u00f0ueldi og \u00fer\u00f6skuldslj\u00f3si sem varnargripum: uppruni, virknireglur","og_url":"https:\/\/iwell-guard.com\/is\/skjoleldur-og-throskuldsljos\/","og_site_name":"iWell Guard","article_modified_time":"2026-09-05T14:36:49+00:00","og_image":[{"width":1024,"height":1536,"url":"https:\/\/iwell-guard.com\/wp-content\/uploads\/2026\/05\/schutzsymbol_universell_schutzfeuer.png","type":"image\/png"}],"twitter_card":"summary_large_image","schema":{"@context":"https:\/\/schema.org","@graph":[{"@type":"WebPage","@id":"https:\/\/iwell-guard.com\/is\/skjoleldur-og-throskuldsljos\/","url":"https:\/\/iwell-guard.com\/is\/skjoleldur-og-throskuldsljos\/","name":"Skj\u00f3lareldur og \u00fer\u00f6skuldslj\u00f3s","isPartOf":{"@id":"https:\/\/iwell-guard.com\/is\/#website"},"primaryImageOfPage":{"@id":"https:\/\/iwell-guard.com\/is\/skjoleldur-og-throskuldsljos\/#primaryimage"},"image":{"@id":"https:\/\/iwell-guard.com\/is\/skjoleldur-og-throskuldsljos\/#primaryimage"},"thumbnailUrl":"https:\/\/iwell-guard.com\/wp-content\/uploads\/2026\/05\/schutzsymbol_universell_schutzfeuer.png","datePublished":"2026-09-05T14:07:03+00:00","dateModified":"2026-09-05T14:36:49+00:00","description":"Hva\u00f0 hef\u00f0in eignar ney\u00f0areldi, s\u00f3lst\u00f6\u00f0ueldi og \u00fer\u00f6skuldslj\u00f3si sem varnargripum: uppruni, virknireglur","breadcrumb":{"@id":"https:\/\/iwell-guard.com\/is\/skjoleldur-og-throskuldsljos\/#breadcrumb"},"inLanguage":"is","potentialAction":[{"@type":"ReadAction","target":["https:\/\/iwell-guard.com\/is\/skjoleldur-og-throskuldsljos\/"]}]},{"@type":"ImageObject","inLanguage":"is","@id":"https:\/\/iwell-guard.com\/is\/skjoleldur-og-throskuldsljos\/#primaryimage","url":"https:\/\/iwell-guard.com\/wp-content\/uploads\/2026\/05\/schutzsymbol_universell_schutzfeuer.png","contentUrl":"https:\/\/iwell-guard.com\/wp-content\/uploads\/2026\/05\/schutzsymbol_universell_schutzfeuer.png","width":1024,"height":1536,"caption":"Verndareldur og \u00fer\u00f6skuldslj\u00f3s, s\u00f6guleg myndskreyting"},{"@type":"BreadcrumbList","@id":"https:\/\/iwell-guard.com\/is\/skjoleldur-og-throskuldsljos\/#breadcrumb","itemListElement":[{"@type":"ListItem","position":1,"name":"Start","item":"https:\/\/iwell-guard.com\/is\/?page_id=168580"},{"@type":"ListItem","position":2,"name":"Skj\u00f3lareldur og \u00fer\u00f6skuldslj\u00f3s"}]},{"@type":"WebSite","@id":"https:\/\/iwell-guard.com\/is\/#website","url":"https:\/\/iwell-guard.com\/is\/","name":"iWell Guard","description":"Schutz vor dunklen Einfl\u00fcssen","publisher":{"@id":"https:\/\/iwell-guard.com\/is\/#organization"},"potentialAction":[{"@type":"SearchAction","target":{"@type":"EntryPoint","urlTemplate":"https:\/\/iwell-guard.com\/is\/?s={search_term_string}"},"query-input":{"@type":"PropertyValueSpecification","valueRequired":true,"valueName":"search_term_string"}}],"inLanguage":"is"},{"@type":"Organization","@id":"https:\/\/iwell-guard.com\/is\/#organization","name":"Ittermann electronic GmbH","url":"https:\/\/iwell-guard.com\/is\/","logo":{"@type":"ImageObject","inLanguage":"is","@id":"https:\/\/iwell-guard.com\/is\/#\/schema\/logo\/image\/","url":"https:\/\/iwell-guard.com\/wp-content\/uploads\/2026\/05\/Ittermann-Logo-1182x237-1.png","contentUrl":"https:\/\/iwell-guard.com\/wp-content\/uploads\/2026\/05\/Ittermann-Logo-1182x237-1.png","width":1182,"height":237,"caption":"Ittermann electronic GmbH"},"image":{"@id":"https:\/\/iwell-guard.com\/is\/#\/schema\/logo\/image\/"},"sameAs":["https:\/\/pantip.com\/profile\/9367242","https:\/\/micro.blog\/iwellguard","https:\/\/www.diggerslist.com\/iwellguard\/about","https:\/\/skitterphoto.com\/photographers\/2870314\/iwell-guard","https:\/\/iwellguard.wordpress.com\/2026\/06\/06\/iwell-guard\/","https:\/\/hub.docker.com\/u\/iwellguard","https:\/\/www.pinterest.com\/iwellguard\/","https:\/\/bit.ly\/m\/iwellguard","https:\/\/entre-vos-mains.alsace.eu\/profiles\/iwellguard\/activity","https:\/\/gravatar.com\/reallybeded8fd34","https:\/\/naijamatta.com\/iwellguard","https:\/\/www.goodreads.com\/iwellguard","https:\/\/profile.hatena.ne.jp\/iwellguard\/","https:\/\/experiment.com\/users\/iwellguard","https:\/\/wakelet.com\/@iWellGuard82270","https:\/\/www.chordie.com\/forum\/profile.php?id=2555664","https:\/\/www.instapaper.com\/p\/17757966","https:\/\/www.mapleprimes.com\/users\/iwellguard","https:\/\/businesslistingplus.com\/profile\/iwell-guard\/","https:\/\/telegra.ph\/iWell-Guard-06-06","https:\/\/pbase.com\/iwellguard\/iwellguard","https:\/\/b.hatena.ne.jp\/iwellguard\/20260607#bookmark-4788405196491818882","https:\/\/fliphtml5.com\/home\/iwellguard","https:\/\/anyflip.com\/homepage\/cmiwl#About","https:\/\/transfur.com\/Users\/iwellguard","http:\/\/delphi.larsbo.org\/user\/iwellguard","https:\/\/jobs.lajobsportal.org\/profiles\/8380803-iwell-guard","https:\/\/md.chaosdorf.de\/s\/jfbe5SBdJD","https:\/\/www.lingvolive.com\/en-us\/profile\/9ecaeaca-ce11-4e51-9e71-01d55e2bff36\/translations","https:\/\/www.fitday.com\/fitness\/forums\/members\/iwellguard.html","https:\/\/www.mymeetbook.com\/iwellguard","https:\/\/pxhere.com\/en\/photographer-me\/5040798","https:\/\/disqus.com\/by\/iwellguard\/about\/","https:\/\/pastelink.net\/hjwciqwq","https:\/\/pubhtml5.com\/homepage\/scjhn\/","https:\/\/www.bitchute.com\/channel\/2O2eOKzNqujT","https:\/\/audiomack.com\/iwellguard"]}]}},"_links":{"self":[{"href":"https:\/\/iwell-guard.com\/is\/wp-json\/wp\/v2\/pages\/169278","targetHints":{"allow":["GET"]}}],"collection":[{"href":"https:\/\/iwell-guard.com\/is\/wp-json\/wp\/v2\/pages"}],"about":[{"href":"https:\/\/iwell-guard.com\/is\/wp-json\/wp\/v2\/types\/page"}],"author":[{"embeddable":true,"href":"https:\/\/iwell-guard.com\/is\/wp-json\/wp\/v2\/users\/3"}],"replies":[{"embeddable":true,"href":"https:\/\/iwell-guard.com\/is\/wp-json\/wp\/v2\/comments?post=169278"}],"version-history":[{"count":0,"href":"https:\/\/iwell-guard.com\/is\/wp-json\/wp\/v2\/pages\/169278\/revisions"}],"wp:featuredmedia":[{"embeddable":true,"href":"https:\/\/iwell-guard.com\/is\/wp-json\/wp\/v2\/media\/4117"}],"wp:attachment":[{"href":"https:\/\/iwell-guard.com\/is\/wp-json\/wp\/v2\/media?parent=169278"}],"wp:term":[{"taxonomy":"category","embeddable":true,"href":"https:\/\/iwell-guard.com\/is\/wp-json\/wp\/v2\/categories?post=169278"}],"curies":[{"name":"wp","href":"https:\/\/api.w.org\/{rel}","templated":true}]}}