{"id":169277,"date":"2026-09-05T14:07:03","date_gmt":"2026-09-05T14:07:03","guid":{"rendered":"https:\/\/iwell-guard.com\/?page_id=169277"},"modified":"2026-09-05T14:36:48","modified_gmt":"2026-09-05T14:36:48","slug":"kalla-a-verndarengil","status":"publish","type":"page","link":"https:\/\/iwell-guard.com\/is\/kalla-a-verndarengil\/","title":{"rendered":"Kalla \u00e1 verndarengil"},"content":{"rendered":"\t\t<div data-elementor-type=\"wp-page\" data-elementor-id=\"169277\" class=\"elementor elementor-169277 elementor-3786 elementor-bc-flex-widget\" data-elementor-post-type=\"page\">\n\t\t\t\t<div class=\"elementor-element elementor-element-iwgs-schutzengel-anrufen-hero e-flex e-con-boxed e-con e-parent\" data-id=\"iwgs-schutzengel-anrufen-hero\" data-element_type=\"container\" data-e-type=\"container\">\n\t\t\t\t\t<div class=\"e-con-inner\">\n\t\t<div class=\"elementor-element elementor-element-iw-schutzengel-anrufen-hero-left e-con-full e-flex e-con e-child\" data-id=\"iw-schutzengel-anrufen-hero-left\" data-element_type=\"container\" data-e-type=\"container\">\n\t\t\t\t<div class=\"elementor-element elementor-element-iwgs-schutzengel-anrufen-h1 elementor-widget elementor-widget-heading\" data-id=\"iwgs-schutzengel-anrufen-h1\" data-element_type=\"widget\" data-e-type=\"widget\" data-widget_type=\"heading.default\">\n\t\t\t\t\t<h1 class=\"elementor-heading-title elementor-size-default\">Kalla \u00e1 verndarengil \u2014 b\u00e6nin um fyrirb\u00e6n<\/h1>\t\t\t\t<\/div>\n\t\t<div class=\"elementor-element elementor-element-iw-schutzengel-anrufen-hero-bw e-con-full e-flex e-con e-child\" data-id=\"iw-schutzengel-anrufen-hero-bw\" data-element_type=\"container\" data-e-type=\"container\">\n\t\t\t\t<div class=\"elementor-element elementor-element-iwgs-schutzengel-anrufen-pills elementor-widget elementor-widget-html\" data-id=\"iwgs-schutzengel-anrufen-pills\" data-element_type=\"widget\" data-e-type=\"widget\" data-widget_type=\"html.default\">\n\t\t\t\t\t<div class=\"iwg-pill-row\"><span class=\"iwg-klasse-badge\" tabindex=\"0\" data-tooltip=\"Tegund verndargripsins.\">Verndara\u00f0fer\u00f0<\/span><a href=\"https:\/\/iwell-guard.com\/is\/?page_id=169282\" class=\"iwg-kultur-badge\" tabindex=\"0\" data-tooltip=\"Fara \u00ed yfirlit.\">Verndarath\u00f6fn og \u00e1kall<\/a><\/div>\t\t\t\t<\/div>\n\t\t\t\t<div class=\"elementor-element elementor-element-iwgs-schutzengel-anrufen-lead elementor-widget elementor-widget-text-editor\" data-id=\"iwgs-schutzengel-anrufen-lead\" data-element_type=\"widget\" data-e-type=\"widget\" data-widget_type=\"text-editor.default\">\n\t\t\t\t\t\t\t\t\t<p><span class=\"iwg-fachbegriff\" data-tooltip=\"\u00dea\u00f0 a\u00f0 \u00e1varpa e\u00f0a \u00e1heita gu\u00f0 e\u00f0a m\u00e1tt me\u00f0 b\u00e6n e\u00f0a bei\u00f0ni.\" tabindex=\"0\">\u00c1kall<\/span> \u00e1 verndarveru er eitt algengasta form tr\u00faarlegrar i\u00f0kunar: bei\u00f0nin til m\u00e1ttugrar, velvilja\u00f0rar veru um a\u00f0 vaka yfir einhverjum, fylgja manni e\u00f0a afst\u00fdra ska\u00f0legum \u00e1hrifum.<\/p><p>Undir hugtakinu &#8222;kalla \u00e1 <span class=\"iwg-fachbegriff\" data-tooltip=\"Engill sem talinn er hafa \u00fea\u00f0 hlutverk a\u00f0 vernda \u00e1kve\u00f0inn einstakling.\" tabindex=\"0\">verndarengil<\/span>&#8220; er unnt a\u00f0 taka saman margar mismunandi hef\u00f0ir sem nota \u00f3l\u00edk n\u00f6fn og myndir fyrir \u00feessar verndarverur, en deila s\u00f6mu grunnhugmynd: ma\u00f0urinn er ekki einn, hann getur be\u00f0i\u00f0 um fyrirb\u00e6n.<\/p>\n<p>\u00deessi <span class=\"iwg-fachbegriff\" data-tooltip=\"\u00dea\u00f0 a\u00f0 flytja \u00feekkingu og sagnir \u00e1fram milli kynsl\u00f3\u00f0a.\" tabindex=\"0\">arfleif\u00f0<\/span> er engan veginn bundin vi\u00f0 kristnina, jafnvel \u00fe\u00f3tt hugmyndin um pers\u00f3nulegan verndarengil \u00e1 \u00fe\u00fdskum\u00e6landi sv\u00e6\u00f0i s\u00e9 fyrst og fremst m\u00f3tu\u00f0 af kristinni hef\u00f0.<\/p><p>Samb\u00e6rilegar hugmyndir finnast \u00ed n\u00e6r \u00f6llum heimshlutum og l\u00edfssko\u00f0unarkerfum: \u00ed \u00edslam eru til var\u00f0engar, \u00ed hind\u00faisma pers\u00f3nuleg <span class=\"iwg-fachbegriff\" data-tooltip=\"Vera sem tilbe\u00f0in er sem gu\u00f0leg innan tr\u00faarbrag\u00f0a.\" tabindex=\"0\">gu\u00f0vera<\/span>, \u00ed sjint\u00f3tr\u00fa Ujigami sem verndarandar heimilis e\u00f0a \u00e6ttar, \u00ed afr\u00edskum hef\u00f0um forfe\u00f0raandar sem vernda afkomendur s\u00edna.<\/p>\n<p><span class=\"iwg-fachbegriff\" data-tooltip=\"\u00dea\u00f0 a\u00f0 \u00e1varpa e\u00f0a \u00e1heita gu\u00f0 e\u00f0a m\u00e1tt me\u00f0 b\u00e6n e\u00f0a bei\u00f0ni.\" tabindex=\"0\">\u00c1kalli\u00f0<\/span> \u00e1 verndarengilinn heyrir til flokks <a href=\"https:\/\/iwell-guard.com\/is\/?page_id=169282\">verndarathafna og \u00e1kalla<\/a>. A\u00f0 kalla \u00e1 verndarengilinn er h\u00e9r kynnt sem \u00e1kall um vernd, \u00e1samt \u00fev\u00ed formi sem \u00fea\u00f0 er var\u00f0veitt \u00ed.<\/p>\t\t\t\t\t\t\t\t<\/div>\n\t\t\t\t<\/div>\n\t\t\t\t<\/div>\n\t\t<div class=\"elementor-element elementor-element-iw-schutzengel-anrufen-hero-img e-con-full e-flex e-con e-child\" data-id=\"iw-schutzengel-anrufen-hero-img\" data-element_type=\"container\" data-e-type=\"container\">\n\t\t\t\t<div class=\"elementor-element elementor-element-iwgs-schutzengel-anrufen-himg iwg-hero-image elementor-widget elementor-widget-image\" data-id=\"iwgs-schutzengel-anrufen-himg\" data-element_type=\"widget\" data-e-type=\"widget\" data-widget_type=\"image.default\">\n\t\t\t\t\t\t\t\t\t\t\t\t\t\t\t<img fetchpriority=\"high\" decoding=\"async\" width=\"683\" height=\"1024\" src=\"https:\/\/iwell-guard.com\/wp-content\/uploads\/2026\/05\/schutzsymbol_christentum_schutzengel-683x1024.png\" class=\"attachment-large size-large wp-image-170452\" alt=\"\u00c1kalla verndarengil \u2013 b\u00e6nin um a\u00f0sto\u00f0, \u00ed s\u00f6guskyggingu\" srcset=\"https:\/\/iwell-guard.com\/wp-content\/uploads\/2026\/05\/schutzsymbol_christentum_schutzengel-683x1024.png 683w, https:\/\/iwell-guard.com\/wp-content\/uploads\/2026\/05\/schutzsymbol_christentum_schutzengel-200x300.png 200w, https:\/\/iwell-guard.com\/wp-content\/uploads\/2026\/05\/schutzsymbol_christentum_schutzengel-768x1152.png 768w, https:\/\/iwell-guard.com\/wp-content\/uploads\/2026\/05\/schutzsymbol_christentum_schutzengel.png 1024w\" sizes=\"(max-width: 683px) 100vw, 683px\" \/>\t\t\t\t\t\t\t\t\t\t\t\t\t\t\t<\/div>\n\t\t\t\t<\/div>\n\t\t\t\t\t<\/div>\n\t\t\t\t<\/div>\n\t\t<div class=\"elementor-element elementor-element-iwgs-schutzengel-anrufen-s0 e-flex e-con-boxed e-con e-parent\" data-id=\"iwgs-schutzengel-anrufen-s0\" data-element_type=\"container\" data-e-type=\"container\">\n\t\t\t\t\t<div class=\"e-con-inner\">\n\t\t\t\t<div class=\"elementor-element elementor-element-iwgs-schutzengel-anrufen-s0h elementor-widget elementor-widget-heading\" data-id=\"iwgs-schutzengel-anrufen-s0h\" data-element_type=\"widget\" data-e-type=\"widget\" data-widget_type=\"heading.default\">\n\t\t\t\t\t<h2 class=\"elementor-heading-title elementor-size-default\">Skj\u00f3tt yfirlit<\/h2>\t\t\t\t<\/div>\n\t\t<div class=\"elementor-element elementor-element-iw-schutzengel-anrufen-s0-bw e-con-full e-flex e-con e-child\" data-id=\"iw-schutzengel-anrufen-s0-bw\" data-element_type=\"container\" data-e-type=\"container\">\n\t\t\t\t<div class=\"elementor-element elementor-element-iwgs-schutzengel-anrufen-s0t elementor-widget elementor-widget-text-editor\" data-id=\"iwgs-schutzengel-anrufen-s0t\" data-element_type=\"widget\" data-e-type=\"widget\" data-widget_type=\"text-editor.default\">\n\t\t\t\t\t\t\t\t\t<p>\u00cd <span class=\"iwg-fachbegriff\" data-tooltip=\"\u00dea\u00f0 a\u00f0 flytja \u00feekkingu og sagnir \u00e1fram milli kynsl\u00f3\u00f0a.\" tabindex=\"0\">arfleif\u00f0inni<\/span> er <span class=\"iwg-fachbegriff\" data-tooltip=\"Engill sem talinn er hafa \u00fea\u00f0 hlutverk a\u00f0 vernda \u00e1kve\u00f0inn einstakling.\" tabindex=\"0\">verndarengillinn<\/span> e\u00f0a s\u00fa verndarvera sem honum svarar til talin vera vera sem er tengd \u00e1kve\u00f0num manni, fylgir honum, varar hann vi\u00f0 og sk\u00fdlir honum fr\u00e1 ska\u00f0legum \u00e1hrifum. <span class=\"iwg-fachbegriff\" data-tooltip=\"\u00dea\u00f0 a\u00f0 \u00e1varpa e\u00f0a \u00e1heita gu\u00f0 e\u00f0a m\u00e1tt me\u00f0 b\u00e6n e\u00f0a bei\u00f0ni.\" tabindex=\"0\">\u00c1kalli\u00f0<\/span>, <span class=\"iwg-fachbegriff\" data-tooltip=\"Tala\u00f0 \u00e1varp manns til gu\u00f0veru.\" tabindex=\"0\">b\u00e6nin<\/span> e\u00f0a bei\u00f0nin sem er beint til \u00feessarar veru virkjar e\u00f0a styrkir samkv\u00e6mt \u00feessari <span class=\"iwg-fachbegriff\" data-tooltip=\"\u00dea\u00f0 a\u00f0 flytja \u00feekkingu og sagnir \u00e1fram milli kynsl\u00f3\u00f0a.\" tabindex=\"0\">arfleif\u00f0<\/span> verndarsambandi\u00f0.<\/p><p>Verndarverur af \u00feessu tagi eru sta\u00f0festar \u00ed kristinni, jud\u00edskri, islamskri, hind\u00faiskri, b\u00faddiskri og animistiskri hef\u00f0. Samkv\u00e6mt flestum arfs\u00f6gnum er verndin ekki talin sj\u00e1lfvirk, heldur samband sem \u00fearf a\u00f0 r\u00e6kta.<\/p>\t\t\t\t\t\t\t\t<\/div>\n\t\t\t\t<\/div>\n\t\t\t\t\t<\/div>\n\t\t\t\t<\/div>\n\t\t<div class=\"elementor-element elementor-element-iwgs-schutzengel-anrufen-s1 e-flex e-con-boxed e-con e-parent\" data-id=\"iwgs-schutzengel-anrufen-s1\" data-element_type=\"container\" data-e-type=\"container\">\n\t\t\t\t\t<div class=\"e-con-inner\">\n\t\t\t\t<div class=\"elementor-element elementor-element-iwgs-schutzengel-anrufen-s1h elementor-widget elementor-widget-heading\" data-id=\"iwgs-schutzengel-anrufen-s1h\" data-element_type=\"widget\" data-e-type=\"widget\" data-widget_type=\"heading.default\">\n\t\t\t\t\t<h2 class=\"elementor-heading-title elementor-size-default\">Uppruni og munnm\u00e6li<\/h2>\t\t\t\t<\/div>\n\t\t<div class=\"elementor-element elementor-element-iw-schutzengel-anrufen-s1-bw e-con-full e-flex e-con e-child\" data-id=\"iw-schutzengel-anrufen-s1-bw\" data-element_type=\"container\" data-e-type=\"container\">\n\t\t\t\t<div class=\"elementor-element elementor-element-iwgs-schutzengel-anrufen-s1t elementor-widget elementor-widget-text-editor\" data-id=\"iwgs-schutzengel-anrufen-s1t\" data-element_type=\"widget\" data-e-type=\"widget\" data-widget_type=\"text-editor.default\">\n\t\t\t\t\t\t\t\t\t<p>Elstu heimildir um pers\u00f3nulegar verndarverur eru fr\u00e1 Mes\u00f3p\u00f3tam\u00edu til forna. Hugt\u00f6kin Lamassu og Shedu v\u00edsa \u00fear til verndandi andavera sem tengjast h\u00fasi e\u00f0a einstaklingi og standa sem stu\u00f0p\u00fa\u00f0i milli mannsins og ska\u00f0legra afla.<\/p><p>\u00deessar verur voru s\u00fdndar \u00ed myndlist, \u00e1kalla\u00f0ar og \u00feeim gefnar gjafir. Fjarvera \u00feeirra e\u00f0a brotthvarf var talin ors\u00f6k sj\u00fakd\u00f3ma og \u00f3g\u00e6fu.<\/p>\n<p>\u00cd Grikklandi til forna er \u00feekkt hugtaki\u00f0 daimon, pers\u00f3nulegur verndarandi sem manni er \u00fathluta\u00f0 vi\u00f0 f\u00e6\u00f0ingu. S\u00f3krates l\u00fdsir s\u00ednum daimon sem innri r\u00f6dd sem heldur honum fr\u00e1 mist\u00f6kum. \u00deessi hugmynd er ekki s\u00fa sama og hin kristna hugmynd um <span class=\"iwg-fachbegriff\" data-tooltip=\"Engill sem talinn er hafa verndun tiltekins einstaklings a\u00f0 hlutverki.\" tabindex=\"0\">verndarengil<\/span>, en s\u00fdnir s\u00f6mu grunnbyggingu: \u00e6\u00f0ri veru sem er pers\u00f3nulega tengd manninum.<\/p>\n<p>\u00cd gy\u00f0ingd\u00f3mi \u00fer\u00f3ast hugmyndin um pers\u00f3nulegan verndarengil \u00fat fr\u00e1 bibl\u00edufr\u00e1s\u00f6gnum \u00fear sem <span class=\"iwg-fachbegriff\" data-tooltip=\"\u00cd abraham\u00edskum tr\u00faarbr\u00f6g\u00f0um himneskur sendibo\u00f0i Gu\u00f0s.\" tabindex=\"0\">englar<\/span> koma fram sem gu\u00f0legir sendibo\u00f0ar. \u00cd <span class=\"iwg-fachbegriff\" data-tooltip=\"Meginrit rabb\u00edn\u00edsks gy\u00f0ingd\u00f3ms me\u00f0 \u00fatlistun tr\u00faarhef\u00f0arinnar.\" tabindex=\"0\">Talm\u00fad<\/span> og \u00ed gy\u00f0inglegri <span class=\"iwg-fachbegriff\" data-tooltip=\"Tr\u00faarstefna sem leggur \u00e1herslu \u00e1 beina gu\u00f0supplifun.\" tabindex=\"0\">dulhyggju<\/span>, einkum \u00ed <span class=\"iwg-fachbegriff\" data-tooltip=\"Stefna innan gy\u00f0inglegrar dulhyggju me\u00f0 meginritum eins og Sefer Jes\u00edra og S\u00f3har.\" tabindex=\"0\">kabbalanum<\/span>, eru <span class=\"iwg-fachbegriff\" data-tooltip=\"\u00cd abraham\u00edskum tr\u00faarbr\u00f6g\u00f0um himneskur sendibo\u00f0i Gu\u00f0s.\" tabindex=\"0\">englar<\/span> l\u00fdst sem fylgdarm\u00f6nnum \u00fathlutu\u00f0um manni. <span class=\"iwg-fachbegriff\" data-tooltip=\"\u00cd abraham\u00edskum tr\u00faarbr\u00f6g\u00f0um himneskur sendibo\u00f0i Gu\u00f0s.\" tabindex=\"0\">Engillinn<\/span> Metatron og a\u00f0rir nafngreindir englar koma fram sem verndarar.<\/p>\n<p>\u00cd kristni festist hugmyndin um pers\u00f3nulegan verndarengil einkum \u00ed sessi me\u00f0 ritningarst\u00f6\u00f0um eins og S\u00e1lmi 91 (&#8222;\u00dev\u00ed a\u00f0 hann mun fela englum s\u00ednum a\u00f0 g\u00e6ta \u00fe\u00edn \u00e1 \u00f6llum vegum \u00fe\u00ednum&#8220;) og me\u00f0 patrist\u00edskri <span class=\"iwg-fachbegriff\" data-tooltip=\"V\u00edsindaleg fr\u00e6\u00f0igrein um Gu\u00f0 og tr\u00fa tiltekinnar tr\u00faarbrag\u00f0a.\" tabindex=\"0\">gu\u00f0fr\u00e6\u00f0i<\/span> 4. og 5. aldar.<\/p><p>\u00d3rigenes og Klemens fr\u00e1 Alexandr\u00edu r\u00e6\u00f0a beinl\u00ednis a\u00f0 hverjum manni s\u00e9 \u00fathluta\u00f0 <span class=\"iwg-fachbegriff\" data-tooltip=\"\u00cd abraham\u00edskum tr\u00faarbr\u00f6g\u00f0um himneskur sendibo\u00f0i Gu\u00f0s.\" tabindex=\"0\">engill<\/span>. \u00dat fr\u00e1 helgisi\u00f0avenjum \u00fer\u00f3ast <span class=\"iwg-fachbegriff\" data-tooltip=\"Engill sem talinn er hafa verndun tiltekins einstaklings a\u00f0 hlutverki.\" tabindex=\"0\">verndarengla<\/span>&#8211;<span class=\"iwg-fachbegriff\" data-tooltip=\"M\u00e1lleg \u00e1v\u00f6rpun manns til gu\u00f0d\u00f3ms.\" tabindex=\"0\">b\u00e6nin<\/span>, sem enn er \u00fatbreidd \u00ed \u00fe\u00fdskri al\u00fe\u00fd\u00f0uka\u00fe\u00f3lskri tr\u00fa.<\/p>\n<p>\u00cd \u00edslam \u00feekkir <span class=\"iwg-fachbegriff\" data-tooltip=\"Mi\u00f0lun \u00feekkingar og fr\u00e1sagna milli kynsl\u00f3\u00f0a.\" tabindex=\"0\">hef\u00f0in<\/span> Hafaza, verndarenglana sem hverjum manni er \u00fathluta\u00f0 og sem skr\u00e1 gj\u00f6r\u00f0ir hans. Auk \u00feess eru \u00ed \u00edslamskri <span class=\"iwg-fachbegriff\" data-tooltip=\"Tr\u00far\u00e6kni sem lifu\u00f0 er \u00ed daglegu l\u00edfi, oft samhli\u00f0a opinberri kenningu.\" tabindex=\"0\">al\u00fe\u00fd\u00f0utr\u00fa<\/span> stunda\u00f0ar venjur um <span class=\"iwg-fachbegriff\" data-tooltip=\"Bi\u00f0jandi e\u00f0a \u00e1kallandi \u00e1varp til gu\u00f0d\u00f3ms e\u00f0a m\u00e1ttar.\" tabindex=\"0\">\u00e1kall<\/span> til \u00feessara verndarengla um vernd, einkum gegn djinnum og hinu illa auga.<\/p>\t\t\t\t\t\t\t\t<\/div>\n\t\t\t\t<\/div>\n\t\t\t\t\t<\/div>\n\t\t\t\t<\/div>\n\t\t<div class=\"elementor-element elementor-element-iwgs-schutzengel-anrufen-s2 e-flex e-con-boxed e-con e-parent\" data-id=\"iwgs-schutzengel-anrufen-s2\" data-element_type=\"container\" data-e-type=\"container\">\n\t\t\t\t\t<div class=\"e-con-inner\">\n\t\t\t\t<div class=\"elementor-element elementor-element-iwgs-schutzengel-anrufen-s2h elementor-widget elementor-widget-heading\" data-id=\"iwgs-schutzengel-anrufen-s2h\" data-element_type=\"widget\" data-e-type=\"widget\" data-widget_type=\"heading.default\">\n\t\t\t\t\t<h2 class=\"elementor-heading-title elementor-size-default\">Virknihugmynd samkv\u00e6mt munnm\u00e6lum<\/h2>\t\t\t\t<\/div>\n\t\t<div class=\"elementor-element elementor-element-iw-schutzengel-anrufen-s2-bw e-con-full e-flex e-con e-child\" data-id=\"iw-schutzengel-anrufen-s2-bw\" data-element_type=\"container\" data-e-type=\"container\">\n\t\t\t\t<div class=\"elementor-element elementor-element-iwgs-schutzengel-anrufen-s2t elementor-widget elementor-widget-text-editor\" data-id=\"iwgs-schutzengel-anrufen-s2t\" data-element_type=\"widget\" data-e-type=\"widget\" data-widget_type=\"text-editor.default\">\n\t\t\t\t\t\t\t\t\t<p>Verkunarl\u00f6gm\u00e1l <span class=\"iwg-fachbegriff\" data-tooltip=\"Engill sem talinn er hafa verndun einstaklings sem hlutverk.\" tabindex=\"0\">verndarengla<\/span>&#8211;<span class=\"iwg-fachbegriff\" data-tooltip=\"B\u00e6narleg e\u00f0a \u00e1kallandi \u00e1v\u00f6rpun gu\u00f0d\u00f3ms e\u00f0a m\u00e1ttar.\" tabindex=\"0\">\u00e1kallsins<\/span> byggist \u00e1 hugmynd um samband. <span class=\"iwg-fachbegriff\" data-tooltip=\"Engill sem talinn er hafa verndun einstaklings sem hlutverk.\" tabindex=\"0\">Verndarengillinn<\/span> e\u00f0a verndarv\u00e6tturin er tengd manninum, en hj\u00e1lp hennar krefst \u00ed m\u00f6rgum arflei\u00f0um virkrar l\u00f6ngunar af hendi mannsins.<\/p><p><span class=\"iwg-fachbegriff\" data-tooltip=\"B\u00e6narleg e\u00f0a \u00e1kallandi \u00e1v\u00f6rpun gu\u00f0d\u00f3ms e\u00f0a m\u00e1ttar.\" tabindex=\"0\">\u00c1kalli\u00f0<\/span> er t\u00e1kni\u00f0 um a\u00f0 ma\u00f0urinn \u00f3ski eftir \u00feessari fylgd og vi\u00f0urkenni sambandi\u00f0. S\u00e1 sem \u00e1kallar ekki f\u00e6r ekki nau\u00f0synlega enga vernd, en \u00ed <span class=\"iwg-fachbegriff\" data-tooltip=\"S\u00fa tr\u00far\u00e6kni sem lifu\u00f0 er \u00ed daglegu l\u00edfi, oft samhli\u00f0a hinni opinberu kenningu.\" tabindex=\"0\">\u00fej\u00f3\u00f0tr\u00fa<\/span> er virk <span class=\"iwg-fachbegriff\" data-tooltip=\"Munnleg \u00e1v\u00f6rpun manns til gu\u00f0d\u00f3ms.\" tabindex=\"0\">b\u00e6n<\/span> talin styrkja verndarsambandi\u00f0.<\/p>\n<p>\u00cd m\u00f6rgum arflei\u00f0um verndar <span class=\"iwg-fachbegriff\" data-tooltip=\"Engill sem talinn er hafa verndun einstaklings sem hlutverk.\" tabindex=\"0\">verndarengillinn<\/span> ekki me\u00f0 beinni \u00e1t\u00f6kum vi\u00f0 ska\u00f0lega v\u00e6tt, heldur me\u00f0 styrkingu og vi\u00f0v\u00f6run: hann varar manninn \u00ed draumum, vekur athygli hans \u00e1 h\u00e6ttum, styrkir innri \u00ferautseigju hans.<\/p><p>Bein v\u00f6rn, \u00fear sem <span class=\"iwg-fachbegriff\" data-tooltip=\"\u00cd abraham\u00edsku tr\u00faarbr\u00f6g\u00f0unum himneskur sendibo\u00f0i Gu\u00f0s.\" tabindex=\"0\">engillinn<\/span> berst gegn <span class=\"iwg-fachbegriff\" data-tooltip=\"Andleg vera sem talin er valda ska\u00f0legum e\u00f0a tv\u00edr\u00e6\u00f0um \u00e1hrifum.\" tabindex=\"0\">dj\u00f6fli<\/span>, er einnig var\u00f0veitt \u00ed heimildum, en fremur \u00ed helgisagnaritum en \u00ed \u00fej\u00f3\u00f0legri munnm\u00e6lahef\u00f0.<\/p>\t\t\t\t\t\t\t\t<\/div>\n\t\t\t\t<\/div>\n\t\t\t\t\t<\/div>\n\t\t\t\t<\/div>\n\t\t<div class=\"elementor-element elementor-element-iwgs-schutzengel-anrufen-s3 e-flex e-con-boxed e-con e-parent\" data-id=\"iwgs-schutzengel-anrufen-s3\" data-element_type=\"container\" data-e-type=\"container\">\n\t\t\t\t\t<div class=\"e-con-inner\">\n\t\t\t\t<div class=\"elementor-element elementor-element-iwgs-schutzengel-anrufen-s3h elementor-widget elementor-widget-heading\" data-id=\"iwgs-schutzengel-anrufen-s3h\" data-element_type=\"widget\" data-e-type=\"widget\" data-widget_type=\"heading.default\">\n\t\t\t\t\t<h2 class=\"elementor-heading-title elementor-size-default\">\u00datbrei\u00f0sla yfir menningarheima<\/h2>\t\t\t\t<\/div>\n\t\t<div class=\"elementor-element elementor-element-iw-schutzengel-anrufen-s3-bw e-con-full e-flex e-con e-child\" data-id=\"iw-schutzengel-anrufen-s3-bw\" data-element_type=\"container\" data-e-type=\"container\">\n\t\t\t\t<div class=\"elementor-element elementor-element-iwgs-schutzengel-anrufen-s3t elementor-widget elementor-widget-text-editor\" data-id=\"iwgs-schutzengel-anrufen-s3t\" data-element_type=\"widget\" data-e-type=\"widget\" data-widget_type=\"text-editor.default\">\n\t\t\t\t\t\t\t\t\t<p>Handan hinna abraham\u00edsku tr\u00faarbrag\u00f0a er hugmyndin um pers\u00f3nulega verndarveru einnig a\u00f0 finna \u00ed m\u00f6rgum \u00f6\u00f0rum tr\u00faarhef\u00f0um.<\/p><p>\u00cd hind\u00faisma er hugtaki\u00f0 Ishta-Devata, hin pers\u00f3nulega <span class=\"iwg-fachbegriff\" data-tooltip=\"Vera sem er tignu\u00f0 sem gu\u00f0leg innan tr\u00faarbrag\u00f0a.\" tabindex=\"0\">gu\u00f0<\/span> sem einstaklingur tignar, n\u00e1i\u00f0 tengt \u00feessu: S\u00e1 sem l\u00edtur \u00e1 \u00e1kve\u00f0na <span class=\"iwg-fachbegriff\" data-tooltip=\"Vera sem er tignu\u00f0 sem gu\u00f0leg innan tr\u00faarbrag\u00f0a.\" tabindex=\"0\">gu\u00f0<\/span> sem s\u00edna pers\u00f3nulegu verndarveru og \u00e1kallar hana reglulega, telst vera undir s\u00e9rstakri vernd hennar. Ganesh, Durga og Hanuman eru s\u00e9rstaklega oft \u00e1k\u00f6llu\u00f0 \u00ed \u00feessu hlutverki.<\/p>\n<p>\u00cd jap\u00f6nskum sjint\u00f3isma vakir Ujigami, verndarandi fj\u00f6lskyldu e\u00f0a \u00e6ttar, yfir s\u00ednum. <span class=\"iwg-fachbegriff\" data-tooltip=\"Bygging sem \u00fej\u00f3nar tilbei\u00f0slu \u00e1 einni e\u00f0a fleiri gu\u00f0um.\" tabindex=\"0\">Hof<\/span> og skr\u00edn eru hirt \u00ed hans nafni. \u00cd b\u00fadd\u00edskri hef\u00f0 Japans koma bodhisattvar \u00e1 bor\u00f0 vi\u00f0 Kannon fram sem verndarar sem h\u00e6gt er a\u00f0 \u00e1kalla um hj\u00e1lp.<\/p>\n<p>\u00cd andatr\u00faarhef\u00f0um Afr\u00edku og Eyja\u00e1lfu eru \u00fea\u00f0 oft forfe\u00f0raandar sem taka a\u00f0 s\u00e9r \u00feetta verndarhlutverk. \u00deeir eru \u00e1kalla\u00f0ir reglulega, \u00feeim eru gefnar gjafir og athygli \u00feeirra er be\u00f0in um. \u00deetta verndarsamband er n\u00e1tengt f\u00e9lagslegri ger\u00f0 samf\u00e9lagsins.<\/p>\n<p>Einnig \u00ed sjaman\u00edskum hef\u00f0um S\u00edber\u00edu og Nor\u00f0ur-Amer\u00edku er til hugmyndin um pers\u00f3nulegan verndaranda e\u00f0a kraftad\u00fdr, sem \u00fej\u00f3nar sjamaninum e\u00f0a vi\u00f0komandi manni sem f\u00f6runautur og verndari.<\/p>\t\t\t\t\t\t\t\t<\/div>\n\t\t\t\t<\/div>\n\t\t\t\t\t<\/div>\n\t\t\t\t<\/div>\n\t\t<div class=\"elementor-element elementor-element-iwgs-schutzengel-anrufen-s4 e-flex e-con-boxed e-con e-parent\" data-id=\"iwgs-schutzengel-anrufen-s4\" data-element_type=\"container\" data-e-type=\"container\">\n\t\t\t\t\t<div class=\"e-con-inner\">\n\t\t\t\t<div class=\"elementor-element elementor-element-iwgs-schutzengel-anrufen-s4h elementor-widget elementor-widget-heading\" data-id=\"iwgs-schutzengel-anrufen-s4h\" data-element_type=\"widget\" data-e-type=\"widget\" data-widget_type=\"heading.default\">\n\t\t\t\t\t<h2 class=\"elementor-heading-title elementor-size-default\">Gegn hverju hann er nota\u00f0ur<\/h2>\t\t\t\t<\/div>\n\t\t<div class=\"elementor-element elementor-element-iw-schutzengel-anrufen-s4-bw e-con-full e-flex e-con e-child\" data-id=\"iw-schutzengel-anrufen-s4-bw\" data-element_type=\"container\" data-e-type=\"container\">\n\t\t\t\t<div class=\"elementor-element elementor-element-iwgs-schutzengel-anrufen-s4t elementor-widget elementor-widget-text-editor\" data-id=\"iwgs-schutzengel-anrufen-s4t\" data-element_type=\"widget\" data-e-type=\"widget\" data-widget_type=\"text-editor.default\">\n\t\t\t\t\t\t\t\t\t<p>\u00cd <span class=\"iwg-fachbegriff\" data-tooltip=\"Mi\u00f0lun \u00feekkingar og fr\u00e1sagna milli kynsl\u00f3\u00f0a.\" tabindex=\"0\">munnm\u00e6lum<\/span> beinist <span class=\"iwg-fachbegriff\" data-tooltip=\"\u00dea\u00f0 a\u00f0 \u00e1kalla e\u00f0a beina b\u00f3n e\u00f0a \u00e1k\u00f6llun til gu\u00f0s e\u00f0a m\u00e1ttar.\" tabindex=\"0\">\u00e1kall<\/span> til verndarengilsins gegn \u00f6llu \u00fev\u00ed svi\u00f0i ska\u00f0legra \u00e1hrifa sem geta hitt manninn utan fr\u00e1. S\u00e9rstaklega oft er nefnt:<\/p>\n<p>Dj\u00f6flar og illir andar, sem taldir eru fjendur mannsins og vilja ska\u00f0a hann \u00ed l\u00edkama, <span class=\"iwg-fachbegriff\" data-tooltip=\"L\u00edkamslaus vera sem talin er hafa \u00e1hrif \u00ed heiminum.\" tabindex=\"0\">andi<\/span> e\u00f0a s\u00e1l. Illt auga og ska\u00f0asei\u00f0ur, \u00fea\u00f0 er \u00e1hrif sem stafa af \u00e1setningi manna. Slys og \u00f3fyrirs\u00e9\u00f0 h\u00e6tta \u00ed hversdagsl\u00edfinu, sem <span class=\"iwg-fachbegriff\" data-tooltip=\"Engill sem talinn er verndari einstaks manns.\" tabindex=\"0\">verndarengill<\/span> varar vi\u00f0 og lei\u00f0ir mann framhj\u00e1 sem \u00f3s\u00fdnilegur f\u00f6runautur.<\/p><p>\u00c1r\u00e1sir n\u00e1ttanda og maranna, sem verka \u00ed svefni, \u00fea\u00f0 er \u00e1 t\u00edma varnarleysis. Almennari l\u00edfsh\u00e6ttur eins og sj\u00fakd\u00f3mar, fer\u00f0al\u00f6g og str\u00ed\u00f0, en fyrir \u00fe\u00e6r \u00fer\u00f3a\u00f0i kristni mi\u00f0alda s\u00e9rstakar <span class=\"iwg-fachbegriff\" data-tooltip=\"Engill sem talinn er verndari einstaks manns.\" tabindex=\"0\">verndarengla<\/span>-b\u00e6nir.<\/p>\t\t\t\t\t\t\t\t<\/div>\n\t\t\t\t<\/div>\n\t\t\t\t\t<\/div>\n\t\t\t\t<\/div>\n\t\t<div class=\"elementor-element elementor-element-iwgs-schutzengel-anrufen-s5 e-flex e-con-boxed e-con e-parent\" data-id=\"iwgs-schutzengel-anrufen-s5\" data-element_type=\"container\" data-e-type=\"container\">\n\t\t\t\t\t<div class=\"e-con-inner\">\n\t\t\t\t<div class=\"elementor-element elementor-element-iwgs-schutzengel-anrufen-s5h elementor-widget elementor-widget-heading\" data-id=\"iwgs-schutzengel-anrufen-s5h\" data-element_type=\"widget\" data-e-type=\"widget\" data-widget_type=\"heading.default\">\n\t\t\t\t\t<h2 class=\"elementor-heading-title elementor-size-default\">Notkun og takmarkanir<\/h2>\t\t\t\t<\/div>\n\t\t<div class=\"elementor-element elementor-element-iw-schutzengel-anrufen-s5-bw e-con-full e-flex e-con e-child\" data-id=\"iw-schutzengel-anrufen-s5-bw\" data-element_type=\"container\" data-e-type=\"container\">\n\t\t\t\t<div class=\"elementor-element elementor-element-iwgs-schutzengel-anrufen-s5t elementor-widget elementor-widget-text-editor\" data-id=\"iwgs-schutzengel-anrufen-s5t\" data-element_type=\"widget\" data-e-type=\"widget\" data-widget_type=\"text-editor.default\">\n\t\t\t\t\t\t\t\t\t<p>\u00cd <span class=\"iwg-fachbegriff\" data-tooltip=\"Mi\u00f0lun \u00feekkingar og fr\u00e1sagna milli kynsl\u00f3\u00f0a.\" tabindex=\"0\">munnm\u00e6lum<\/span> telst <span class=\"iwg-fachbegriff\" data-tooltip=\"\u00dea\u00f0 a\u00f0 \u00e1kalla e\u00f0a beina b\u00f3n e\u00f0a \u00e1k\u00f6llun til gu\u00f0s e\u00f0a m\u00e1ttar.\" tabindex=\"0\">\u00e1kall<\/span> til verndarengilsins \u00e1vallt leyfileg og eftirs\u00f3knarver\u00f0 i\u00f0kun sem krefst engrar s\u00e9rstakrar h\u00e6fni. Hver ma\u00f0ur, samkv\u00e6mt kristinni <span class=\"iwg-fachbegriff\" data-tooltip=\"Tr\u00faarl\u00edf sem lifa\u00f0 er \u00ed hversdagslegri i\u00f0kun, oft samhli\u00f0a hinni opinberu kenningu.\" tabindex=\"0\">al\u00fe\u00fd\u00f0utr\u00fa<\/span>, hefur sinn <span class=\"iwg-fachbegriff\" data-tooltip=\"Engill sem talinn er verndari einstaks manns.\" tabindex=\"0\">verndarengil<\/span>, og hverjum er heimilt a\u00f0 \u00e1kalla hann.<\/p><p>\u00deessi opnun a\u00f0greinir <span class=\"iwg-fachbegriff\" data-tooltip=\"Engill sem talinn er verndari einstaks manns.\" tabindex=\"0\">verndarengla<\/span>&#8211;<span class=\"iwg-fachbegriff\" data-tooltip=\"\u00dea\u00f0 a\u00f0 \u00e1kalla e\u00f0a beina b\u00f3n e\u00f0a \u00e1k\u00f6llun til gu\u00f0s e\u00f0a m\u00e1ttar.\" tabindex=\"0\">\u00e1kall<\/span> fr\u00e1 hinum s\u00e9rh\u00e6f\u00f0u bannform\u00falum e\u00f0a s\u00e6ringum, sem \u00ed <span class=\"iwg-fachbegriff\" data-tooltip=\"Mi\u00f0lun \u00feekkingar og fr\u00e1sagna milli kynsl\u00f3\u00f0a.\" tabindex=\"0\">munnm\u00e6lum<\/span> eru bundnar s\u00e9rst\u00f6kum einstaklingum.<\/p>\n<p>\u00deau m\u00f6rk sem munnm\u00e6lin setja <span class=\"iwg-fachbegriff\" data-tooltip=\"Engill sem talinn er verndari einstaks manns.\" tabindex=\"0\">verndarengla<\/span>&#8211;<span class=\"iwg-fachbegriff\" data-tooltip=\"\u00dea\u00f0 a\u00f0 \u00e1kalla e\u00f0a beina b\u00f3n e\u00f0a \u00e1k\u00f6llun til gu\u00f0s e\u00f0a m\u00e1ttar.\" tabindex=\"0\">\u00e1kalli<\/span> sn\u00faa fremur a\u00f0 virkni en leyfilegleika: \u00dea\u00f0 krefst einl\u00e6gni og trausts. <span class=\"iwg-fachbegriff\" data-tooltip=\"M\u00e1lleg hinvending manns til gu\u00f0s.\" tabindex=\"0\">B\u00e6n<\/span> sem er s\u00f6g\u00f0 \u00e1n innri \u00fe\u00e1ttt\u00f6ku telst \u00ed al\u00fe\u00fd\u00f0uhef\u00f0inni l\u00edtils megnug.<\/p><p>A\u00f0 auki er <span class=\"iwg-fachbegriff\" data-tooltip=\"Engill sem talinn er verndari einstaks manns.\" tabindex=\"0\">verndarengillinn<\/span> ekki verkf\u00e6ri fyrir ska\u00f0legan \u00e1setning: Hann veitir vernd, en \u00ed kristinni og \u00edslamskri hef\u00f0 er hann ekki l\u00fdst sem veru sem unnt er a\u00f0 beita gegn \u00f6\u00f0rum m\u00f6nnum.<\/p>\n<p>Efnislega n\u00e1i\u00f0 tengt er <span class=\"iwg-fachbegriff\" data-tooltip=\"Engill sem talinn er verndari einstaks manns.\" tabindex=\"0\">verndarengla<\/span>&#8211;<span class=\"iwg-fachbegriff\" data-tooltip=\"\u00dea\u00f0 a\u00f0 \u00e1kalla e\u00f0a beina b\u00f3n e\u00f0a \u00e1k\u00f6llun til gu\u00f0s e\u00f0a m\u00e1ttar.\" tabindex=\"0\">\u00e1kallinu<\/span> <a href=\"https:\/\/iwell-guard.com\/is\/?page_id=169263\">s\u00e6ringin<\/a>, \u00fear sem einn ma\u00f0ur \u00e1kallar \u00ed umbo\u00f0i annars um vernd. Munurinn er s\u00e1 a\u00f0 s\u00e6ringin notar hef\u00f0bundna form\u00falu, en <span class=\"iwg-fachbegriff\" data-tooltip=\"Engill sem talinn er verndari einstaks manns.\" tabindex=\"0\">verndarengla<\/span>&#8211;<span class=\"iwg-fachbegriff\" data-tooltip=\"\u00dea\u00f0 a\u00f0 \u00e1kalla e\u00f0a beina b\u00f3n e\u00f0a \u00e1k\u00f6llun til gu\u00f0s e\u00f0a m\u00e1ttar.\" tabindex=\"0\">\u00e1kalli\u00f0<\/span> getur veri\u00f0 frj\u00e1lsara \u00ed or\u00f0i og formi.<\/p>\t\t\t\t\t\t\t\t<\/div>\n\t\t\t\t<\/div>\n\t\t\t\t\t<\/div>\n\t\t\t\t<\/div>\n\t\t<div class=\"elementor-element elementor-element-iwgs-schutzengel-anrufen-lit e-flex e-con-boxed e-con e-parent\" data-id=\"iwgs-schutzengel-anrufen-lit\" data-element_type=\"container\" data-e-type=\"container\">\n\t\t\t\t\t<div class=\"e-con-inner\">\n\t\t\t\t<div class=\"elementor-element elementor-element-iwgs-schutzengel-anrufen-lith elementor-widget elementor-widget-heading\" data-id=\"iwgs-schutzengel-anrufen-lith\" data-element_type=\"widget\" data-e-type=\"widget\" data-widget_type=\"heading.default\">\n\t\t\t\t\t<h2 class=\"elementor-heading-title elementor-size-default\">Heimildir (\u00farval)<\/h2>\t\t\t\t<\/div>\n\t\t<div class=\"elementor-element elementor-element-iw-schutzengel-anrufen-lit-bw e-con-full e-flex e-con e-child\" data-id=\"iw-schutzengel-anrufen-lit-bw\" data-element_type=\"container\" data-e-type=\"container\">\n\t\t\t\t<div class=\"elementor-element elementor-element-iwgs-schutzengel-anrufen-litt elementor-widget elementor-widget-html\" data-id=\"iwgs-schutzengel-anrufen-litt\" data-element_type=\"widget\" data-e-type=\"widget\" data-widget_type=\"html.default\">\n\t\t\t\t\t<footer data-nosnippet=\"true\"><ul><li>Gustav Davidson: A Dictionary of Angels. Including the Fallen Angels, New York 1967.<\/li><li>Karl E. L\u00f6ning \/ Erich Zenger: Als Anfang schuf Gott (um englahugmyndir \u00ed judaisma og kristni), Freiburg 1997.<\/li><li>David Albert Jones: Angels. A History, Oxford 2010.<\/li><li>Handw\u00f6rterbuch des deutschen Aberglaubens, ritst\u00fdrt af Hanns B\u00e4chtold-St\u00e4ubli, Berlin\/Leipzig 1927-1942 (greinar \u201eEngel\u201c, \u201eSchutzgeist\u201c).<\/li><li>Annemarie Schimmel: Die Zeichen Gottes. Die religi\u00f6se Welt des Islam, M\u00fcnchen 1995 (um englahugmyndir \u00ed islam).<\/li><li>Johann Figl (Hrsg.): Handbuch Religionswissenschaft, Innsbruck\/Wien 2003 (um verndaranda \u00ed heimshlutum).<\/li><\/ul><\/footer>\t\t\t\t<\/div>\n\t\t\t\t<\/div>\n\t\t\t\t\t<\/div>\n\t\t\t\t<\/div>\n\t\t<div class=\"elementor-element elementor-element-iwgs-schutzengel-anrufen-kwd e-flex e-con-boxed e-con e-parent\" data-id=\"iwgs-schutzengel-anrufen-kwd\" data-element_type=\"container\" data-e-type=\"container\">\n\t\t\t\t\t<div class=\"e-con-inner\">\n\t\t<div class=\"elementor-element elementor-element-iw-schutzengel-anrufen-kwd-bw e-con-full e-flex e-con e-child\" data-id=\"iw-schutzengel-anrufen-kwd-bw\" data-element_type=\"container\" data-e-type=\"container\">\n\t\t\t\t<div class=\"elementor-element elementor-element-iwgs-schutzengel-anrufen-kwdt elementor-widget elementor-widget-text-editor\" data-id=\"iwgs-schutzengel-anrufen-kwdt\" data-element_type=\"widget\" data-e-type=\"widget\" data-widget_type=\"text-editor.default\">\n\t\t\t\t\t\t\t\t\t<p><em>Tengd kjarnaor\u00f0: <span class=\"iwg-fachbegriff\" data-tooltip=\"Engill sem sag\u00f0ur er vernda einn \u00e1kve\u00f0inn einstakling.\" tabindex=\"0\">verndarengill<\/span> \u00e1kall engla\u00e1kall verndarb\u00e6n.<\/em><\/p>\t\t\t\t\t\t\t\t<\/div>\n\t\t\t\t<\/div>\n\t\t\t\t\t<\/div>\n\t\t\t\t<\/div>\n\t\t<div class=\"elementor-element elementor-element-iwgs-schutzengel-anrufen-cc e-flex e-con-boxed e-con e-parent\" data-id=\"iwgs-schutzengel-anrufen-cc\" data-element_type=\"container\" data-e-type=\"container\" id=\"iwg-cc-schutzengel-anrufen\">\n\t\t\t\t\t<div class=\"e-con-inner\">\n\t\t<div class=\"elementor-element elementor-element-iwgs-schutzengel-anrufen-ccinner e-flex e-con-boxed e-con e-parent\" data-id=\"iwgs-schutzengel-anrufen-ccinner\" data-element_type=\"container\" data-e-type=\"container\" data-settings=\"{&quot;background_background&quot;:&quot;classic&quot;}\">\n\t\t\t\t\t<div class=\"e-con-inner\">\n\t\t\t\t<div class=\"elementor-element elementor-element-iwgs-schutzengel-anrufen-cch elementor-widget elementor-widget-heading\" data-id=\"iwgs-schutzengel-anrufen-cch\" data-element_type=\"widget\" data-e-type=\"widget\" data-widget_type=\"heading.default\">\n\t\t\t\t\t<h2 class=\"elementor-heading-title elementor-size-default\">iWell Guard og verndarhef\u00f0ir<\/h2>\t\t\t\t<\/div>\n\t\t\t\t<div class=\"elementor-element elementor-element-iwgs-schutzengel-anrufen-cct elementor-widget elementor-widget-text-editor\" data-id=\"iwgs-schutzengel-anrufen-cct\" data-element_type=\"widget\" data-e-type=\"widget\" data-widget_type=\"text-editor.default\">\n\t\t\t\t\t\t\t\t\t<p>Hugmyndin um verndarveruna sem bandamann, sem m\u00e1 \u00e1kalla og sem sty\u00f0ur manninn \u00e1 erfi\u00f0um stundum, er ein af varanlegustu andlegu upplifunum mannkyns. <a href=\"https:\/\/iwell-guard.com\/is\/verndargripur-iwell-guard-kaupa\/\">iWell Guard<\/a> sameinar verndart\u00e1kn \u00far hef\u00f0um \u00fear sem \u00feessir bandamenn bera mismunandi n\u00f6fn og myndir.<\/p><p>Hann er ekki hugsa\u00f0ur sem sta\u00f0gengill fyrir pers\u00f3nulega i\u00f0kun, en getur \u00fej\u00f3na\u00f0 sem \u00e1minning sem borin er: um \u00fe\u00e1 sannf\u00e6ringu a\u00f0 vernd s\u00e9 ekki a\u00f0eins \u00e1\u00fereifanleg og a\u00f0 tengsl vi\u00f0 verndarverur s\u00e9u \u00ed \u00f6llum menningarheimum talin raunveruleg og ver\u00f0ug r\u00e6ktunar.<\/p>\t\t\t\t\t\t\t\t<\/div>\n\t\t\t\t<div class=\"elementor-element elementor-element-iwgs-schutzengel-anrufen-ccb iwg-cc-button iwg-cc-cta-2026-05-13 elementor-widget elementor-widget-jet-button\" data-id=\"iwgs-schutzengel-anrufen-ccb\" data-element_type=\"widget\" data-e-type=\"widget\" data-widget_type=\"jet-button.default\">\n\t\t\t\t<div class=\"elementor-widget-container\">\n\t\t\t\t\t<div class=\"elementor-jet-button jet-elements\"><div class=\"jet-button__container\"><a class=\"jet-button__instance jet-button__instance--icon-left hover-effect-1\" href=\"\/schutzanhaenger-iwell-guard-kaufen\/?utm_source=iwell-guard.com&amp;utm_medium=info-box&amp;utm_campaign=schutzsymbole\"><div class=\"jet-button__plane jet-button__plane-normal\"><\/div><div class=\"jet-button__plane jet-button__plane-hover\"><\/div><div class=\"jet-button__state jet-button__state-normal\"><span class=\"jet-button__label\">Meira um iWell Guard<\/span><\/div><div class=\"jet-button__state jet-button__state-hover\"><span class=\"jet-button__label\">Meira um iWell Guard<\/span><\/div><\/a><\/div><\/div><style>.elementor-element.elementor-element-iwgs-schutzengel-anrufen-ccb .jet-button__instance{width:320px;height:56px;}.elementor-element.elementor-element-iwgs-schutzengel-anrufen-ccb .jet-button__state-normal .jet-button__label{text-align:center;margin:0px 0px 0px 0px;color:#1a1b20;font-family:Montserrat,sans-serif;font-size:13px;font-weight:400;letter-spacing:4px;line-height:1.714em;text-transform:uppercase;}.elementor-element.elementor-element-iwgs-schutzengel-anrufen-ccb .jet-button__state-hover .jet-button__label{text-align:center;margin:0px 0px 0px 0px;color:#FECC76;font-family:Montserrat,sans-serif;font-size:13px;font-weight:400;letter-spacing:4px;line-height:1.714em;text-transform:uppercase;}.elementor-element.elementor-element-iwgs-schutzengel-anrufen-ccb .jet-button__plane-normal{background-color:#FECC76;border-style:solid;border-color:#C99540;border-width:2px 2px 2px 2px;}.elementor-element.elementor-element-iwgs-schutzengel-anrufen-ccb .jet-button__plane-hover{background-color:rgba(0,0,0,0.55);border-style:solid;border-color:#FECC76;border-width:2px 2px 2px 2px;}<\/style>\t\t\t\t<\/div>\n\t\t\t\t<\/div>\n\t\t\t\t<div class=\"elementor-element elementor-element-iwgs-schutzengel-anrufen-ccd elementor-widget elementor-widget-text-editor\" data-id=\"iwgs-schutzengel-anrufen-ccd\" data-element_type=\"widget\" data-e-type=\"widget\" data-widget_type=\"text-editor.default\">\n\t\t\t\t\t\t\t\t\t<p style=\"text-align:center;font-size:13px;opacity:0.7;margin-top:14px\" data-nosnippet=\"true\">Pers\u00f3nuleg reynsla getur veri\u00f0 mismunandi. Ekki l\u00e6kningat\u00e6ki. Engin lofor\u00f0 um l\u00e6kningu.<\/p>\t\t\t\t\t\t\t\t<\/div>\n\t\t\t\t\t<\/div>\n\t\t\t\t<\/div>\n\t\t\t\t\t<\/div>\n\t\t\t\t<\/div>\n\t\t<div class=\"elementor-element elementor-element-iwgs-schutzengel-anrufen-disc e-flex e-con-boxed e-con e-parent\" data-id=\"iwgs-schutzengel-anrufen-disc\" data-element_type=\"container\" data-e-type=\"container\">\n\t\t\t\t\t<div class=\"e-con-inner\">\n\t\t<div class=\"elementor-element elementor-element-iw-schutzengel-anrufen-disc-bw e-con-full e-flex e-con e-child\" data-id=\"iw-schutzengel-anrufen-disc-bw\" data-element_type=\"container\" data-e-type=\"container\">\n\t\t\t\t<div class=\"elementor-element elementor-element-iwgs-schutzengel-anrufen-discw elementor-widget elementor-widget-html\" data-id=\"iwgs-schutzengel-anrufen-discw\" data-element_type=\"widget\" data-e-type=\"widget\" data-widget_type=\"html.default\">\n\t\t\t\t\t<footer data-nosnippet=\"true\" class=\"iwg-disclaimer-block\"><p data-nosnippet=\"true\">iWell Guard er <strong>ekki l\u00e6kningat\u00e6ki<\/strong> og kemur ekki \u00ed sta\u00f0 l\u00e6knis- e\u00f0a s\u00e1lfr\u00e6\u00f0ime\u00f0fer\u00f0ar. Innihaldi\u00f0 sem h\u00e9r er sett fram er tr\u00faarbrag\u00f0afr\u00e6\u00f0ileg og menningars\u00f6gulega greining, ekki lofor\u00f0 um andlega virkni.<\/p><\/footer>\t\t\t\t<\/div>\n\t\t\t\t<\/div>\n\t\t\t\t\t<\/div>\n\t\t\t\t<\/div>\n\t\t\t\t<\/div>\n\t\t","protected":false},"excerpt":{"rendered":"","protected":false},"author":3,"featured_media":4116,"parent":0,"menu_order":0,"comment_status":"closed","ping_status":"closed","template":"elementor_header_footer","meta":{"_yoast_wpseo_focuskw":"kalla \u00e1 verndarengil","_yoast_wpseo_title":"Kalla \u00e1 verndarengil - \u00e1kall um vernd","_yoast_wpseo_metadesc":"Kalla \u00e1 verndarengil: Arfleif\u00f0 og uppruni engils\u00e1kallsins \u00ed kristinni, \u00edslamskri og annarri hef\u00f0.","_yoast_wpseo_meta-robots-noindex":"","_yoast_wpseo_canonical":"","_angie_page":false,"gefaehrdungsstufe":"","wesen_kultur":"","wesen_klasse":"","footnotes":""},"categories":[],"class_list":["post-169277","page","type-page","status-publish","has-post-thumbnail","hentry"],"yoast_head":"<!-- This site is optimized with the Yoast SEO Premium plugin v27.7 (Yoast SEO v28.3) - https:\/\/yoast.com\/product\/yoast-seo-premium-wordpress\/ -->\n<title>Kalla \u00e1 verndarengil - \u00e1kall um vernd<\/title>\n<meta name=\"description\" content=\"Kalla \u00e1 verndarengil: Arfleif\u00f0 og uppruni engils\u00e1kallsins \u00ed kristinni, \u00edslamskri og annarri hef\u00f0.\" \/>\n<meta name=\"robots\" content=\"index, follow, max-snippet:-1, max-image-preview:large, max-video-preview:-1\" \/>\n<link rel=\"canonical\" href=\"https:\/\/iwell-guard.com\/is\/kalla-a-verndarengil\/\" \/>\n<meta property=\"og:locale\" content=\"is_IS\" \/>\n<meta property=\"og:type\" content=\"article\" \/>\n<meta property=\"og:title\" content=\"Kalla \u00e1 verndarengil\" \/>\n<meta property=\"og:description\" content=\"Kalla \u00e1 verndarengil: Arfleif\u00f0 og uppruni engils\u00e1kallsins \u00ed kristinni, \u00edslamskri og annarri hef\u00f0.\" \/>\n<meta property=\"og:url\" content=\"https:\/\/iwell-guard.com\/is\/kalla-a-verndarengil\/\" \/>\n<meta property=\"og:site_name\" content=\"iWell Guard\" \/>\n<meta property=\"article:modified_time\" content=\"2026-09-05T14:36:48+00:00\" \/>\n<meta property=\"og:image\" content=\"https:\/\/iwell-guard.com\/wp-content\/uploads\/2026\/05\/schutzsymbol_christentum_schutzengel-683x1024.png\" \/>\n\t<meta property=\"og:image:width\" content=\"683\" \/>\n\t<meta property=\"og:image:height\" content=\"1024\" \/>\n\t<meta property=\"og:image:type\" content=\"image\/png\" \/>\n<meta name=\"twitter:card\" content=\"summary_large_image\" \/>\n<script type=\"application\/ld+json\" class=\"yoast-schema-graph\">{\"@context\":\"https:\\\/\\\/schema.org\",\"@graph\":[{\"@type\":\"WebPage\",\"@id\":\"https:\\\/\\\/iwell-guard.com\\\/is\\\/kalla-a-verndarengil\\\/\",\"url\":\"https:\\\/\\\/iwell-guard.com\\\/is\\\/kalla-a-verndarengil\\\/\",\"name\":\"Kalla \u00e1 verndarengil - \u00e1kall um vernd\",\"isPartOf\":{\"@id\":\"https:\\\/\\\/iwell-guard.com\\\/is\\\/#website\"},\"primaryImageOfPage\":{\"@id\":\"https:\\\/\\\/iwell-guard.com\\\/is\\\/kalla-a-verndarengil\\\/#primaryimage\"},\"image\":{\"@id\":\"https:\\\/\\\/iwell-guard.com\\\/is\\\/kalla-a-verndarengil\\\/#primaryimage\"},\"thumbnailUrl\":\"https:\\\/\\\/iwell-guard.com\\\/wp-content\\\/uploads\\\/2026\\\/05\\\/schutzsymbol_christentum_schutzengel.png\",\"datePublished\":\"2026-09-05T14:07:03+00:00\",\"dateModified\":\"2026-09-05T14:36:48+00:00\",\"description\":\"Kalla \u00e1 verndarengil: Arfleif\u00f0 og uppruni engils\u00e1kallsins \u00ed kristinni, \u00edslamskri og annarri hef\u00f0.\",\"breadcrumb\":{\"@id\":\"https:\\\/\\\/iwell-guard.com\\\/is\\\/kalla-a-verndarengil\\\/#breadcrumb\"},\"inLanguage\":\"is\",\"potentialAction\":[{\"@type\":\"ReadAction\",\"target\":[\"https:\\\/\\\/iwell-guard.com\\\/is\\\/kalla-a-verndarengil\\\/\"]}]},{\"@type\":\"ImageObject\",\"inLanguage\":\"is\",\"@id\":\"https:\\\/\\\/iwell-guard.com\\\/is\\\/kalla-a-verndarengil\\\/#primaryimage\",\"url\":\"https:\\\/\\\/iwell-guard.com\\\/wp-content\\\/uploads\\\/2026\\\/05\\\/schutzsymbol_christentum_schutzengel.png\",\"contentUrl\":\"https:\\\/\\\/iwell-guard.com\\\/wp-content\\\/uploads\\\/2026\\\/05\\\/schutzsymbol_christentum_schutzengel.png\",\"width\":1024,\"height\":1536,\"caption\":\"\u00c1kalla verndarengil \u2013 b\u00e6nin um a\u00f0sto\u00f0, \u00ed s\u00f6guskyggingu\"},{\"@type\":\"BreadcrumbList\",\"@id\":\"https:\\\/\\\/iwell-guard.com\\\/is\\\/kalla-a-verndarengil\\\/#breadcrumb\",\"itemListElement\":[{\"@type\":\"ListItem\",\"position\":1,\"name\":\"Start\",\"item\":\"https:\\\/\\\/iwell-guard.com\\\/is\\\/?page_id=168580\"},{\"@type\":\"ListItem\",\"position\":2,\"name\":\"Kalla \u00e1 verndarengil\"}]},{\"@type\":\"WebSite\",\"@id\":\"https:\\\/\\\/iwell-guard.com\\\/is\\\/#website\",\"url\":\"https:\\\/\\\/iwell-guard.com\\\/is\\\/\",\"name\":\"iWell Guard\",\"description\":\"Schutz vor dunklen Einfl\u00fcssen\",\"publisher\":{\"@id\":\"https:\\\/\\\/iwell-guard.com\\\/is\\\/#organization\"},\"potentialAction\":[{\"@type\":\"SearchAction\",\"target\":{\"@type\":\"EntryPoint\",\"urlTemplate\":\"https:\\\/\\\/iwell-guard.com\\\/is\\\/?s={search_term_string}\"},\"query-input\":{\"@type\":\"PropertyValueSpecification\",\"valueRequired\":true,\"valueName\":\"search_term_string\"}}],\"inLanguage\":\"is\"},{\"@type\":\"Organization\",\"@id\":\"https:\\\/\\\/iwell-guard.com\\\/is\\\/#organization\",\"name\":\"Ittermann electronic GmbH\",\"url\":\"https:\\\/\\\/iwell-guard.com\\\/is\\\/\",\"logo\":{\"@type\":\"ImageObject\",\"inLanguage\":\"is\",\"@id\":\"https:\\\/\\\/iwell-guard.com\\\/is\\\/#\\\/schema\\\/logo\\\/image\\\/\",\"url\":\"https:\\\/\\\/iwell-guard.com\\\/wp-content\\\/uploads\\\/2026\\\/05\\\/Ittermann-Logo-1182x237-1.png\",\"contentUrl\":\"https:\\\/\\\/iwell-guard.com\\\/wp-content\\\/uploads\\\/2026\\\/05\\\/Ittermann-Logo-1182x237-1.png\",\"width\":1182,\"height\":237,\"caption\":\"Ittermann electronic GmbH\"},\"image\":{\"@id\":\"https:\\\/\\\/iwell-guard.com\\\/is\\\/#\\\/schema\\\/logo\\\/image\\\/\"},\"sameAs\":[\"https:\\\/\\\/pantip.com\\\/profile\\\/9367242\",\"https:\\\/\\\/micro.blog\\\/iwellguard\",\"https:\\\/\\\/www.diggerslist.com\\\/iwellguard\\\/about\",\"https:\\\/\\\/skitterphoto.com\\\/photographers\\\/2870314\\\/iwell-guard\",\"https:\\\/\\\/iwellguard.wordpress.com\\\/2026\\\/06\\\/06\\\/iwell-guard\\\/\",\"https:\\\/\\\/hub.docker.com\\\/u\\\/iwellguard\",\"https:\\\/\\\/www.pinterest.com\\\/iwellguard\\\/\",\"https:\\\/\\\/bit.ly\\\/m\\\/iwellguard\",\"https:\\\/\\\/entre-vos-mains.alsace.eu\\\/profiles\\\/iwellguard\\\/activity\",\"https:\\\/\\\/gravatar.com\\\/reallybeded8fd34\",\"https:\\\/\\\/naijamatta.com\\\/iwellguard\",\"https:\\\/\\\/www.goodreads.com\\\/iwellguard\",\"https:\\\/\\\/profile.hatena.ne.jp\\\/iwellguard\\\/\",\"https:\\\/\\\/experiment.com\\\/users\\\/iwellguard\",\"https:\\\/\\\/wakelet.com\\\/@iWellGuard82270\",\"https:\\\/\\\/www.chordie.com\\\/forum\\\/profile.php?id=2555664\",\"https:\\\/\\\/www.instapaper.com\\\/p\\\/17757966\",\"https:\\\/\\\/www.mapleprimes.com\\\/users\\\/iwellguard\",\"https:\\\/\\\/businesslistingplus.com\\\/profile\\\/iwell-guard\\\/\",\"https:\\\/\\\/telegra.ph\\\/iWell-Guard-06-06\",\"https:\\\/\\\/pbase.com\\\/iwellguard\\\/iwellguard\",\"https:\\\/\\\/b.hatena.ne.jp\\\/iwellguard\\\/20260607#bookmark-4788405196491818882\",\"https:\\\/\\\/fliphtml5.com\\\/home\\\/iwellguard\",\"https:\\\/\\\/anyflip.com\\\/homepage\\\/cmiwl#About\",\"https:\\\/\\\/transfur.com\\\/Users\\\/iwellguard\",\"http:\\\/\\\/delphi.larsbo.org\\\/user\\\/iwellguard\",\"https:\\\/\\\/jobs.lajobsportal.org\\\/profiles\\\/8380803-iwell-guard\",\"https:\\\/\\\/md.chaosdorf.de\\\/s\\\/jfbe5SBdJD\",\"https:\\\/\\\/www.lingvolive.com\\\/en-us\\\/profile\\\/9ecaeaca-ce11-4e51-9e71-01d55e2bff36\\\/translations\",\"https:\\\/\\\/www.fitday.com\\\/fitness\\\/forums\\\/members\\\/iwellguard.html\",\"https:\\\/\\\/www.mymeetbook.com\\\/iwellguard\",\"https:\\\/\\\/pxhere.com\\\/en\\\/photographer-me\\\/5040798\",\"https:\\\/\\\/disqus.com\\\/by\\\/iwellguard\\\/about\\\/\",\"https:\\\/\\\/pastelink.net\\\/hjwciqwq\",\"https:\\\/\\\/pubhtml5.com\\\/homepage\\\/scjhn\\\/\",\"https:\\\/\\\/www.bitchute.com\\\/channel\\\/2O2eOKzNqujT\",\"https:\\\/\\\/audiomack.com\\\/iwellguard\"]}]}<\/script>\n<!-- \/ Yoast SEO Premium plugin. -->","yoast_head_json":{"title":"Kalla \u00e1 verndarengil - \u00e1kall um vernd","description":"Kalla \u00e1 verndarengil: Arfleif\u00f0 og uppruni engils\u00e1kallsins \u00ed kristinni, \u00edslamskri og annarri hef\u00f0.","robots":{"index":"index","follow":"follow","max-snippet":"max-snippet:-1","max-image-preview":"max-image-preview:large","max-video-preview":"max-video-preview:-1"},"canonical":"https:\/\/iwell-guard.com\/is\/kalla-a-verndarengil\/","og_locale":"is_IS","og_type":"article","og_title":"Kalla \u00e1 verndarengil","og_description":"Kalla \u00e1 verndarengil: Arfleif\u00f0 og uppruni engils\u00e1kallsins \u00ed kristinni, \u00edslamskri og annarri hef\u00f0.","og_url":"https:\/\/iwell-guard.com\/is\/kalla-a-verndarengil\/","og_site_name":"iWell Guard","article_modified_time":"2026-09-05T14:36:48+00:00","og_image":[{"width":683,"height":1024,"url":"https:\/\/iwell-guard.com\/wp-content\/uploads\/2026\/05\/schutzsymbol_christentum_schutzengel-683x1024.png","type":"image\/png"}],"twitter_card":"summary_large_image","schema":{"@context":"https:\/\/schema.org","@graph":[{"@type":"WebPage","@id":"https:\/\/iwell-guard.com\/is\/kalla-a-verndarengil\/","url":"https:\/\/iwell-guard.com\/is\/kalla-a-verndarengil\/","name":"Kalla \u00e1 verndarengil - \u00e1kall um vernd","isPartOf":{"@id":"https:\/\/iwell-guard.com\/is\/#website"},"primaryImageOfPage":{"@id":"https:\/\/iwell-guard.com\/is\/kalla-a-verndarengil\/#primaryimage"},"image":{"@id":"https:\/\/iwell-guard.com\/is\/kalla-a-verndarengil\/#primaryimage"},"thumbnailUrl":"https:\/\/iwell-guard.com\/wp-content\/uploads\/2026\/05\/schutzsymbol_christentum_schutzengel.png","datePublished":"2026-09-05T14:07:03+00:00","dateModified":"2026-09-05T14:36:48+00:00","description":"Kalla \u00e1 verndarengil: Arfleif\u00f0 og uppruni engils\u00e1kallsins \u00ed kristinni, \u00edslamskri og annarri hef\u00f0.","breadcrumb":{"@id":"https:\/\/iwell-guard.com\/is\/kalla-a-verndarengil\/#breadcrumb"},"inLanguage":"is","potentialAction":[{"@type":"ReadAction","target":["https:\/\/iwell-guard.com\/is\/kalla-a-verndarengil\/"]}]},{"@type":"ImageObject","inLanguage":"is","@id":"https:\/\/iwell-guard.com\/is\/kalla-a-verndarengil\/#primaryimage","url":"https:\/\/iwell-guard.com\/wp-content\/uploads\/2026\/05\/schutzsymbol_christentum_schutzengel.png","contentUrl":"https:\/\/iwell-guard.com\/wp-content\/uploads\/2026\/05\/schutzsymbol_christentum_schutzengel.png","width":1024,"height":1536,"caption":"\u00c1kalla verndarengil \u2013 b\u00e6nin um a\u00f0sto\u00f0, \u00ed s\u00f6guskyggingu"},{"@type":"BreadcrumbList","@id":"https:\/\/iwell-guard.com\/is\/kalla-a-verndarengil\/#breadcrumb","itemListElement":[{"@type":"ListItem","position":1,"name":"Start","item":"https:\/\/iwell-guard.com\/is\/?page_id=168580"},{"@type":"ListItem","position":2,"name":"Kalla \u00e1 verndarengil"}]},{"@type":"WebSite","@id":"https:\/\/iwell-guard.com\/is\/#website","url":"https:\/\/iwell-guard.com\/is\/","name":"iWell Guard","description":"Schutz vor dunklen Einfl\u00fcssen","publisher":{"@id":"https:\/\/iwell-guard.com\/is\/#organization"},"potentialAction":[{"@type":"SearchAction","target":{"@type":"EntryPoint","urlTemplate":"https:\/\/iwell-guard.com\/is\/?s={search_term_string}"},"query-input":{"@type":"PropertyValueSpecification","valueRequired":true,"valueName":"search_term_string"}}],"inLanguage":"is"},{"@type":"Organization","@id":"https:\/\/iwell-guard.com\/is\/#organization","name":"Ittermann electronic GmbH","url":"https:\/\/iwell-guard.com\/is\/","logo":{"@type":"ImageObject","inLanguage":"is","@id":"https:\/\/iwell-guard.com\/is\/#\/schema\/logo\/image\/","url":"https:\/\/iwell-guard.com\/wp-content\/uploads\/2026\/05\/Ittermann-Logo-1182x237-1.png","contentUrl":"https:\/\/iwell-guard.com\/wp-content\/uploads\/2026\/05\/Ittermann-Logo-1182x237-1.png","width":1182,"height":237,"caption":"Ittermann electronic GmbH"},"image":{"@id":"https:\/\/iwell-guard.com\/is\/#\/schema\/logo\/image\/"},"sameAs":["https:\/\/pantip.com\/profile\/9367242","https:\/\/micro.blog\/iwellguard","https:\/\/www.diggerslist.com\/iwellguard\/about","https:\/\/skitterphoto.com\/photographers\/2870314\/iwell-guard","https:\/\/iwellguard.wordpress.com\/2026\/06\/06\/iwell-guard\/","https:\/\/hub.docker.com\/u\/iwellguard","https:\/\/www.pinterest.com\/iwellguard\/","https:\/\/bit.ly\/m\/iwellguard","https:\/\/entre-vos-mains.alsace.eu\/profiles\/iwellguard\/activity","https:\/\/gravatar.com\/reallybeded8fd34","https:\/\/naijamatta.com\/iwellguard","https:\/\/www.goodreads.com\/iwellguard","https:\/\/profile.hatena.ne.jp\/iwellguard\/","https:\/\/experiment.com\/users\/iwellguard","https:\/\/wakelet.com\/@iWellGuard82270","https:\/\/www.chordie.com\/forum\/profile.php?id=2555664","https:\/\/www.instapaper.com\/p\/17757966","https:\/\/www.mapleprimes.com\/users\/iwellguard","https:\/\/businesslistingplus.com\/profile\/iwell-guard\/","https:\/\/telegra.ph\/iWell-Guard-06-06","https:\/\/pbase.com\/iwellguard\/iwellguard","https:\/\/b.hatena.ne.jp\/iwellguard\/20260607#bookmark-4788405196491818882","https:\/\/fliphtml5.com\/home\/iwellguard","https:\/\/anyflip.com\/homepage\/cmiwl#About","https:\/\/transfur.com\/Users\/iwellguard","http:\/\/delphi.larsbo.org\/user\/iwellguard","https:\/\/jobs.lajobsportal.org\/profiles\/8380803-iwell-guard","https:\/\/md.chaosdorf.de\/s\/jfbe5SBdJD","https:\/\/www.lingvolive.com\/en-us\/profile\/9ecaeaca-ce11-4e51-9e71-01d55e2bff36\/translations","https:\/\/www.fitday.com\/fitness\/forums\/members\/iwellguard.html","https:\/\/www.mymeetbook.com\/iwellguard","https:\/\/pxhere.com\/en\/photographer-me\/5040798","https:\/\/disqus.com\/by\/iwellguard\/about\/","https:\/\/pastelink.net\/hjwciqwq","https:\/\/pubhtml5.com\/homepage\/scjhn\/","https:\/\/www.bitchute.com\/channel\/2O2eOKzNqujT","https:\/\/audiomack.com\/iwellguard"]}]}},"_links":{"self":[{"href":"https:\/\/iwell-guard.com\/is\/wp-json\/wp\/v2\/pages\/169277","targetHints":{"allow":["GET"]}}],"collection":[{"href":"https:\/\/iwell-guard.com\/is\/wp-json\/wp\/v2\/pages"}],"about":[{"href":"https:\/\/iwell-guard.com\/is\/wp-json\/wp\/v2\/types\/page"}],"author":[{"embeddable":true,"href":"https:\/\/iwell-guard.com\/is\/wp-json\/wp\/v2\/users\/3"}],"replies":[{"embeddable":true,"href":"https:\/\/iwell-guard.com\/is\/wp-json\/wp\/v2\/comments?post=169277"}],"version-history":[{"count":0,"href":"https:\/\/iwell-guard.com\/is\/wp-json\/wp\/v2\/pages\/169277\/revisions"}],"wp:featuredmedia":[{"embeddable":true,"href":"https:\/\/iwell-guard.com\/is\/wp-json\/wp\/v2\/media\/4116"}],"wp:attachment":[{"href":"https:\/\/iwell-guard.com\/is\/wp-json\/wp\/v2\/media?parent=169277"}],"wp:term":[{"taxonomy":"category","embeddable":true,"href":"https:\/\/iwell-guard.com\/is\/wp-json\/wp\/v2\/categories?post=169277"}],"curies":[{"name":"wp","href":"https:\/\/api.w.org\/{rel}","templated":true}]}}