{"id":169271,"date":"2026-09-05T14:07:00","date_gmt":"2026-09-05T14:07:00","guid":{"rendered":"https:\/\/iwell-guard.com\/?page_id=169271"},"modified":"2026-09-05T14:36:40","modified_gmt":"2026-09-05T14:36:40","slug":"palo-santo","status":"publish","type":"page","link":"https:\/\/iwell-guard.com\/is\/palo-santo\/","title":{"rendered":"Palo Santo"},"content":{"rendered":"\t\t<div data-elementor-type=\"wp-page\" data-elementor-id=\"169271\" class=\"elementor elementor-169271 elementor-3781 elementor-bc-flex-widget\" data-elementor-post-type=\"page\">\n\t\t\t\t<div class=\"elementor-element elementor-element-iwgs-palo-santo-hero e-flex e-con-boxed e-con e-parent\" data-id=\"iwgs-palo-santo-hero\" data-element_type=\"container\" data-e-type=\"container\">\n\t\t\t\t\t<div class=\"e-con-inner\">\n\t\t<div class=\"elementor-element elementor-element-iw-palo-santo-hero-left e-con-full e-flex e-con e-child\" data-id=\"iw-palo-santo-hero-left\" data-element_type=\"container\" data-e-type=\"container\">\n\t\t\t\t<div class=\"elementor-element elementor-element-iwgs-palo-santo-h1 elementor-widget elementor-widget-heading\" data-id=\"iwgs-palo-santo-h1\" data-element_type=\"widget\" data-e-type=\"widget\" data-widget_type=\"heading.default\">\n\t\t\t\t\t<h1 class=\"elementor-heading-title elementor-size-default\">Palo Santo \u2014 heilagur reykelsisvi\u00f0ur Su\u00f0ur-Amer\u00edku<\/h1>\t\t\t\t<\/div>\n\t\t<div class=\"elementor-element elementor-element-iw-palo-santo-hero-bw e-con-full e-flex e-con e-child\" data-id=\"iw-palo-santo-hero-bw\" data-element_type=\"container\" data-e-type=\"container\">\n\t\t\t\t<div class=\"elementor-element elementor-element-iwgs-palo-santo-pills elementor-widget elementor-widget-html\" data-id=\"iwgs-palo-santo-pills\" data-element_type=\"widget\" data-e-type=\"widget\" data-widget_type=\"html.default\">\n\t\t\t\t\t<div class=\"iwg-pill-row\"><span class=\"iwg-klasse-badge\" tabindex=\"0\" data-tooltip=\"Tegund verndargripsins.\">Reykelsi<\/span><a href=\"https:\/\/iwell-guard.com\/is\/?page_id=169273\" class=\"iwg-kultur-badge\" tabindex=\"0\" data-tooltip=\"Til yfirlits.\">Reykelsi og hreinsun<\/a><\/div>\t\t\t\t<\/div>\n\t\t\t\t<div class=\"elementor-element elementor-element-iwgs-palo-santo-lead elementor-widget elementor-widget-text-editor\" data-id=\"iwgs-palo-santo-lead\" data-element_type=\"widget\" data-e-type=\"widget\" data-widget_type=\"text-editor.default\">\n\t\t\t\t\t\t\t\t\t<p>Palo Santo \u00fe\u00fd\u00f0ir \u00e1 sp\u00e6nsku \u201eheilagur vi\u00f0ur&#8220;. Nafni\u00f0 v\u00edsar til \u00feeirrar st\u00f6\u00f0u sem \u00feessi reykelsisvi\u00f0ur hefur \u00ed munnm\u00e6lum Andesfjallasv\u00e6\u00f0isins og hitabeltis-Su\u00f0ur-Amer\u00edku: Hann er ekki a\u00f0eins reykelsisefni eins og m\u00f6rg \u00f6nnur, heldur verkf\u00e6ri sjamans og gr\u00e6\u00f0ara, sem vegna sjaldg\u00e6fni sinnar og einkennandi ilms er talinn s\u00e9rstaklega m\u00e1ttugur.<\/p><p>\u00d3l\u00edkt <a href=\"https:\/\/iwell-guard.com\/is\/?page_id=169287\">reykelsi<\/a> e\u00f0a <a href=\"https:\/\/iwell-guard.com\/is\/?page_id=169272\">myrru<\/a>, sem eru brennd sem kvo\u00f0a, er sj\u00e1lfur vi\u00f0urinn brenndur vi\u00f0 Palo Santo; fl\u00edsar, b\u00fatar e\u00f0a stautar \u00far stofni Bursera graveolens-tr\u00e9sins gefa fr\u00e1 s\u00e9r vi\u00f0 kveikju s\u00e6tkeima, kvo\u00f0ukenndan reyk me\u00f0 \u00f6rl\u00edtilli s\u00edtrus- og myntukeim.<\/p><p>\u00c1 <a href=\"https:\/\/iwell-guard.com\/is\/?page_id=169273\">yfirlitss\u00ed\u00f0unni um reykelsisbrennslu og hreinsun<\/a> stendur Palo Santo fyrir su\u00f0ur-amer\u00edska hli\u00f0 hinnar helgu reykelsishef\u00f0ar. \u00deessi kynning varpar lj\u00f3si \u00e1 \u00fe\u00e1 helgu st\u00f6\u00f0u sem Palo Santo hefur \u00ed su\u00f0ur-amer\u00edskri reykelsishef\u00f0. Palo Santo er heilagur vi\u00f0ur til reykelsisbrennslu, og eftirfarandi kaflar l\u00fdsa uppruna og notkun \u00feessa efnis.<\/p>\t\t\t\t\t\t\t\t<\/div>\n\t\t\t\t<\/div>\n\t\t\t\t<\/div>\n\t\t<div class=\"elementor-element elementor-element-iw-palo-santo-hero-img e-con-full e-flex e-con e-child\" data-id=\"iw-palo-santo-hero-img\" data-element_type=\"container\" data-e-type=\"container\">\n\t\t\t\t<div class=\"elementor-element elementor-element-iwgs-palo-santo-himg iwg-hero-image elementor-widget elementor-widget-image\" data-id=\"iwgs-palo-santo-himg\" data-element_type=\"widget\" data-e-type=\"widget\" data-widget_type=\"image.default\">\n\t\t\t\t\t\t\t\t\t\t\t\t\t\t\t<img fetchpriority=\"high\" decoding=\"async\" width=\"683\" height=\"1024\" src=\"https:\/\/iwell-guard.com\/wp-content\/uploads\/2026\/05\/schutzsymbol_anden_palo-santo-683x1024.png\" class=\"attachment-large size-large wp-image-170454\" alt=\"Palo Santo \u2013 hi\u00f0 heilaga reykelsisvi\u00f0ur Su\u00f0ur-Amer\u00edku, s\u00f6guleg myndskreyting\" srcset=\"https:\/\/iwell-guard.com\/wp-content\/uploads\/2026\/05\/schutzsymbol_anden_palo-santo-683x1024.png 683w, https:\/\/iwell-guard.com\/wp-content\/uploads\/2026\/05\/schutzsymbol_anden_palo-santo-200x300.png 200w, https:\/\/iwell-guard.com\/wp-content\/uploads\/2026\/05\/schutzsymbol_anden_palo-santo-768x1152.png 768w, https:\/\/iwell-guard.com\/wp-content\/uploads\/2026\/05\/schutzsymbol_anden_palo-santo.png 1024w\" sizes=\"(max-width: 683px) 100vw, 683px\" \/>\t\t\t\t\t\t\t\t\t\t\t\t\t\t\t<\/div>\n\t\t\t\t<\/div>\n\t\t\t\t\t<\/div>\n\t\t\t\t<\/div>\n\t\t<div class=\"elementor-element elementor-element-iwgs-palo-santo-s0 e-flex e-con-boxed e-con e-parent\" data-id=\"iwgs-palo-santo-s0\" data-element_type=\"container\" data-e-type=\"container\">\n\t\t\t\t\t<div class=\"e-con-inner\">\n\t\t\t\t<div class=\"elementor-element elementor-element-iwgs-palo-santo-s0h elementor-widget elementor-widget-heading\" data-id=\"iwgs-palo-santo-s0h\" data-element_type=\"widget\" data-e-type=\"widget\" data-widget_type=\"heading.default\">\n\t\t\t\t\t<h2 class=\"elementor-heading-title elementor-size-default\">Skj\u00f3tt yfirlit<\/h2>\t\t\t\t<\/div>\n\t\t<div class=\"elementor-element elementor-element-iw-palo-santo-s0-bw e-con-full e-flex e-con e-child\" data-id=\"iw-palo-santo-s0-bw\" data-element_type=\"container\" data-e-type=\"container\">\n\t\t\t\t<div class=\"elementor-element elementor-element-iwgs-palo-santo-s0t elementor-widget elementor-widget-text-editor\" data-id=\"iwgs-palo-santo-s0t\" data-element_type=\"widget\" data-e-type=\"widget\" data-widget_type=\"text-editor.default\">\n\t\t\t\t\t\t\t\t\t<p>Palo Santo (Bursera graveolens) vex \u00ed \u00feurrsk\u00f3gum Ekvador, Per\u00fa og fleiri su\u00f0ur-amer\u00edskra landa. Vi\u00f0urinn \u00fer\u00f3ar sinn einkennandi ilm fyrst eftir a\u00f0 tr\u00e9n e\u00f0a greinar \u00feeirra deyja \u00e1 n\u00e1tt\u00farulegan h\u00e1tt: Ilmkjarnaol\u00edurnar myndast \u00ed dau\u00f0um vi\u00f0num \u00e1 nokkrum \u00e1rum.<\/p><p>\u00cd <span class=\"iwg-fachbegriff\" data-tooltip=\"Mi\u00f0lun \u00feekkingar og sagna milli kynsl\u00f3\u00f0a.\" tabindex=\"0\">munnm\u00e6lum<\/span> frumbyggja og \u00ed r\u00f3m\u00f6nsk-amer\u00edskri \u00fej\u00f3\u00f0tr\u00fa er Palo Santo talinn v\u00f6rn gegn illum \u00f6ndum, f\u00e9lagi \u00ed sjaman\u00edskum ath\u00f6fnum og skj\u00f6ldur gegn neikv\u00e6\u00f0um \u00e1hrifum. Reykur hans er sag\u00f0ur hrekja burt ska\u00f0lega m\u00e1ttarv\u00f6ld og draga a\u00f0 sama skapi a\u00f0 heiln\u00e6ma og g\u00f3\u00f0a krafta.<\/p>\t\t\t\t\t\t\t\t<\/div>\n\t\t\t\t<\/div>\n\t\t\t\t\t<\/div>\n\t\t\t\t<\/div>\n\t\t<div class=\"elementor-element elementor-element-iwgs-palo-santo-s1 e-flex e-con-boxed e-con e-parent\" data-id=\"iwgs-palo-santo-s1\" data-element_type=\"container\" data-e-type=\"container\">\n\t\t\t\t\t<div class=\"e-con-inner\">\n\t\t\t\t<div class=\"elementor-element elementor-element-iwgs-palo-santo-s1h elementor-widget elementor-widget-heading\" data-id=\"iwgs-palo-santo-s1h\" data-element_type=\"widget\" data-e-type=\"widget\" data-widget_type=\"heading.default\">\n\t\t\t\t\t<h2 class=\"elementor-heading-title elementor-size-default\">Uppruni og munnm\u00e6li<\/h2>\t\t\t\t<\/div>\n\t\t<div class=\"elementor-element elementor-element-iw-palo-santo-s1-bw e-con-full e-flex e-con e-child\" data-id=\"iw-palo-santo-s1-bw\" data-element_type=\"container\" data-e-type=\"container\">\n\t\t\t\t<div class=\"elementor-element elementor-element-iwgs-palo-santo-s1t elementor-widget elementor-widget-text-editor\" data-id=\"iwgs-palo-santo-s1t\" data-element_type=\"widget\" data-e-type=\"widget\" data-widget_type=\"text-editor.default\">\n\t\t\t\t\t\t\t\t\t<p>Notkun Palo Santo \u00e1 r\u00e6tur langt aftur \u00ed munnlegri <span class=\"iwg-fachbegriff\" data-tooltip=\"Mi\u00f0lun \u00feekkingar og sagna milli kynsl\u00f3\u00f0a.\" tabindex=\"0\">munnm\u00e6lahef\u00f0<\/span> frumbyggja Ekvador og Per\u00fa. Sjamanar og gr\u00e6\u00f0arar and-menningarheimanna, \u00fear \u00e1 me\u00f0al fulltr\u00faar curanderismo-hef\u00f0arinnar, notu\u00f0u vi\u00f0inn \u00ed gr\u00e6\u00f0sluath\u00f6fnum, hreinsunarsi\u00f0um og sem hj\u00e1lpart\u00e6ki fyrir samskipti vi\u00f0 andaheiminn.<\/p><p>Inkar notu\u00f0u vi\u00f0inn samkv\u00e6mt \u00fdmsum munnm\u00e6lum \u00ed h\u00e1t\u00ed\u00f0legum tilefnum; \u00f6ruggar skriflegar heimildir fr\u00e1 t\u00edmanum fyrir landn\u00e1m n\u00fdlenduherra eru \u00fe\u00f3 erfi\u00f0ar a\u00f0 finna vegna skorts \u00e1 skriflegum uppruna.<\/p>\n<p>Me\u00f0 n\u00fdlenduv\u00e6\u00f0ingu Su\u00f0ur-Amer\u00edku og \u00e1hrifum sp\u00e6nsks ka\u00fe\u00f3lskrar tr\u00faar blanda\u00f0ist notkun frumbyggja vi\u00f0 kristna \u00fe\u00e6tti.<\/p><p>Nafni\u00f0 \u201eheilagur vi\u00f0ur&#8220; er sj\u00e1lft afur\u00f0 \u00feessarar bl\u00f6ndunar: \u00dea\u00f0 endurspeglar kristna yfirm\u00f3tun, sem tengdi reykelsisvi\u00f0inn vi\u00f0 hugtaki\u00f0 hi\u00f0 heilaga. \u00cd samlaga\u00f0ri \u00fej\u00f3\u00f0tr\u00fa R\u00f3m\u00f6nsku Amer\u00edku, sem sameinar \u00fe\u00e6tti frumbyggja, Afr\u00edkub\u00faa og Evr\u00f3pub\u00faa, h\u00e9lst Palo Santo sem fastur verndargripur.<\/p>\n<p>\u00c1 s\u00ed\u00f0ari t\u00edmum barst Palo Santo me\u00f0 vell\u00ed\u00f0unar- og n\u00fdaldarhreyfingum til vesturheims, \u00fear sem hann er marka\u00f0ssettur \u00e1 svipa\u00f0an h\u00e1tt og hv\u00edtur salv\u00eda sem alhli\u00f0a hreinsiefni. \u00dear me\u00f0 glatast oft \u00feau s\u00e9rt\u00e6ku helgisi\u00f0abundnu samhengi sem vi\u00f0urinn var upphaflega nota\u00f0ur \u00ed.<\/p>\t\t\t\t\t\t\t\t<\/div>\n\t\t\t\t<\/div>\n\t\t\t\t\t<\/div>\n\t\t\t\t<\/div>\n\t\t<div class=\"elementor-element elementor-element-iwgs-palo-santo-s2 e-flex e-con-boxed e-con e-parent\" data-id=\"iwgs-palo-santo-s2\" data-element_type=\"container\" data-e-type=\"container\">\n\t\t\t\t\t<div class=\"e-con-inner\">\n\t\t\t\t<div class=\"elementor-element elementor-element-iwgs-palo-santo-s2h elementor-widget elementor-widget-heading\" data-id=\"iwgs-palo-santo-s2h\" data-element_type=\"widget\" data-e-type=\"widget\" data-widget_type=\"heading.default\">\n\t\t\t\t\t<h2 class=\"elementor-heading-title elementor-size-default\">Virknihugmynd samkv\u00e6mt munnm\u00e6lum<\/h2>\t\t\t\t<\/div>\n\t\t<div class=\"elementor-element elementor-element-iw-palo-santo-s2-bw e-con-full e-flex e-con e-child\" data-id=\"iw-palo-santo-s2-bw\" data-element_type=\"container\" data-e-type=\"container\">\n\t\t\t\t<div class=\"elementor-element elementor-element-iwgs-palo-santo-s2t elementor-widget elementor-widget-text-editor\" data-id=\"iwgs-palo-santo-s2t\" data-element_type=\"widget\" data-e-type=\"widget\" data-widget_type=\"text-editor.default\">\n\t\t\t\t\t\t\t\t\t<p>\u00cd andes- og curanderista-<span class=\"iwg-fachbegriff\" data-tooltip=\"Mi\u00f0lun \u00feekkingar og sagna milli kynsl\u00f3\u00f0a.\" tabindex=\"0\">munnm\u00e6lum<\/span> virkar Palo Santo \u00e1 tveimur svi\u00f0um samt\u00edmis. Annars vegar er reykur hans talinn hrekja burt ska\u00f0lega anda og neikv\u00e6\u00f0 \u00e1hrif (susto, da\u00f1o, mal aire, \u00fe.e. hr\u00e6\u00f0sluandi, ska\u00f0agaldur og illt loft \u00ed hef\u00f0bundnum skilningi).<\/p><p>Hins vegar er ilmurinn talinn draga a\u00f0 heiln\u00e6ma, verndandi anda og krafta. <span class=\"iwg-fachbegriff\" data-tooltip=\"Tr\u00faarlegur s\u00e9rfr\u00e6\u00f0ingur sem talinn er mi\u00f0la milli manna og andaheims.\" tabindex=\"0\">Sjamaninn<\/span> e\u00f0a gr\u00e6\u00f0arinn notar Palo Santo \u00fev\u00ed ekki a\u00f0eins til a\u00f0 hrekja burt, heldur einnig til a\u00f0 bj\u00f3\u00f0a heim: Hann skapar hreinsa\u00f0 sv\u00e6\u00f0i sem hi\u00f0 gr\u00e6\u00f0andi getur komi\u00f0 inn \u00ed.<\/p>\n<p>\u00deessi tv\u00ed\u00fe\u00e6tta virkni, a\u00f0 hrekja burt og bj\u00f3\u00f0a heim, a\u00f0greinir Palo Santo \u00ed yfirl\u00fdstu hlutverki s\u00ednu fr\u00e1 hreinum varnarefnum eins og <a href=\"https:\/\/iwell-guard.com\/is\/?page_id=169286\">einiberjum<\/a>, sem er eignu\u00f0 fr\u00e1hrindandi, hamlandi verkun. S\u00fa hugmynd a\u00f0 vernd feli ekki a\u00f0eins \u00ed s\u00e9r v\u00f6rn heldur einnig a\u00f0dr\u00e1ttarkraft hins g\u00f3\u00f0a er einkennandi fyrir andes-hef\u00f0ina.<\/p>\n<p>Fyrir virkni vi\u00f0arins er samkv\u00e6mt \u00feessari <span class=\"iwg-fachbegriff\" data-tooltip=\"Mi\u00f0lun \u00feekkingar og sagna milli kynsl\u00f3\u00f0a.\" tabindex=\"0\">munnm\u00e6lahef\u00f0<\/span> nau\u00f0synlegt a\u00f0 vi\u00f0urinn hafi d\u00e1i\u00f0 \u00e1 n\u00e1tt\u00farulegan h\u00e1tt. Vi\u00f0ur sem felldur var er sag\u00f0ur ekki b\u00faa yfir sama helgisi\u00f0abundnum m\u00e6tti og vi\u00f0ur sem d\u00f3 af sj\u00e1lfu s\u00e9r og l\u00e1 \u00e1 j\u00f6r\u00f0u \u00ed nokkur \u00e1r \u00e1\u00f0ur en hann var tekinn.<\/p><p>T\u00edminn sem vi\u00f0urinn \u00fearf til a\u00f0 \u00fer\u00f3a ilm sinn er ekki tilviljun \u00ed <span class=\"iwg-fachbegriff\" data-tooltip=\"Mi\u00f0lun \u00feekkingar og sagna milli kynsl\u00f3\u00f0a.\" tabindex=\"0\">munnm\u00e6lunum<\/span>: Hann er ver\u00f0i\u00f0 sem grei\u00f0a \u00fearf fyrir virknina.<\/p>\t\t\t\t\t\t\t\t<\/div>\n\t\t\t\t<\/div>\n\t\t\t\t\t<\/div>\n\t\t\t\t<\/div>\n\t\t<div class=\"elementor-element elementor-element-iwgs-palo-santo-s3 e-flex e-con-boxed e-con e-parent\" data-id=\"iwgs-palo-santo-s3\" data-element_type=\"container\" data-e-type=\"container\">\n\t\t\t\t\t<div class=\"e-con-inner\">\n\t\t\t\t<div class=\"elementor-element elementor-element-iwgs-palo-santo-s3h elementor-widget elementor-widget-heading\" data-id=\"iwgs-palo-santo-s3h\" data-element_type=\"widget\" data-e-type=\"widget\" data-widget_type=\"heading.default\">\n\t\t\t\t\t<h2 class=\"elementor-heading-title elementor-size-default\">\u00datbrei\u00f0sla yfir menningarheima<\/h2>\t\t\t\t<\/div>\n\t\t<div class=\"elementor-element elementor-element-iw-palo-santo-s3-bw e-con-full e-flex e-con e-child\" data-id=\"iw-palo-santo-s3-bw\" data-element_type=\"container\" data-e-type=\"container\">\n\t\t\t\t<div class=\"elementor-element elementor-element-iwgs-palo-santo-s3t elementor-widget elementor-widget-text-editor\" data-id=\"iwgs-palo-santo-s3t\" data-element_type=\"widget\" data-e-type=\"widget\" data-widget_type=\"text-editor.default\">\n\t\t\t\t\t\t\t\t\t<p>Palo Santo er \u00ed upprunalegri mynd sinni bundinn vi\u00f0 Su\u00f0ur-Amer\u00edku, \u00fear sem trj\u00e1tegundin Bursera graveolens vex a\u00f0eins \u00fear. Svipu\u00f0 hugt\u00f6k, \u00fe.e. reykelsisbrennsla me\u00f0 vi\u00f0i sem hefur d\u00e1i\u00f0 \u00e1 n\u00e1tt\u00farulegan h\u00e1tt e\u00f0a n\u00e1\u00f0 s\u00e9rst\u00f6kum \u00feroska, fyrirfinnast \u00fe\u00f3 einnig \u00ed \u00f6\u00f0rum menningarheimum.<\/p><p>\u00cd t\u00edbetskum reykelsissi\u00f0um eru nota\u00f0ar \u00e1kve\u00f0nar vi\u00f0artegundir og kvo\u00f0ur sem \u00feurfa langan \u00feroskunart\u00edma. \u00cd Japan er reykelsisbrennsla me\u00f0 agarvi\u00f0 (oud\/\u00f6rnavi\u00f0ur) einnig bundin sjaldg\u00e6fni og h\u00e6gum \u00feroska vi\u00f0arins; helgisi\u00f0aleg r\u00f6kfr\u00e6\u00f0i d\u00fdrm\u00e6tis og virkni \u00feroska\u00f0s vi\u00f0ar er skyld \u00ed grunnbyggingu.<\/p>\n<p>\u00cd Ekvador og Per\u00fa er Palo Santo \u00ed dag jafnt \u00fej\u00f3\u00f0legt <span class=\"iwg-fachbegriff\" data-tooltip=\"Merki sem stendur fyrir hugmynd e\u00f0a merkingu.\" tabindex=\"0\">t\u00e1kn<\/span> og efnahagsleg vara. \u00datflutningur vi\u00f0arins er l\u00f6gbundinn, \u00fear sem stj\u00f3rnlaus notkun hefur leitt til h\u00e6ttu \u00e1 tegundinni. \u00dea\u00f0 gerir Palo Santo a\u00f0 einu af f\u00e1um reykelsisefnum \u00fear sem hef\u00f0arsta\u00f0an felur einnig \u00ed s\u00e9r vistfr\u00e6\u00f0ilega verndarv\u00eddd.<\/p>\t\t\t\t\t\t\t\t<\/div>\n\t\t\t\t<\/div>\n\t\t\t\t\t<\/div>\n\t\t\t\t<\/div>\n\t\t<div class=\"elementor-element elementor-element-iwgs-palo-santo-s4 e-flex e-con-boxed e-con e-parent\" data-id=\"iwgs-palo-santo-s4\" data-element_type=\"container\" data-e-type=\"container\">\n\t\t\t\t\t<div class=\"e-con-inner\">\n\t\t\t\t<div class=\"elementor-element elementor-element-iwgs-palo-santo-s4h elementor-widget elementor-widget-heading\" data-id=\"iwgs-palo-santo-s4h\" data-element_type=\"widget\" data-e-type=\"widget\" data-widget_type=\"heading.default\">\n\t\t\t\t\t<h2 class=\"elementor-heading-title elementor-size-default\">Gegn hverju hann er nota\u00f0ur<\/h2>\t\t\t\t<\/div>\n\t\t<div class=\"elementor-element elementor-element-iw-palo-santo-s4-bw e-con-full e-flex e-con e-child\" data-id=\"iw-palo-santo-s4-bw\" data-element_type=\"container\" data-e-type=\"container\">\n\t\t\t\t<div class=\"elementor-element elementor-element-iwgs-palo-santo-s4t elementor-widget elementor-widget-text-editor\" data-id=\"iwgs-palo-santo-s4t\" data-element_type=\"widget\" data-e-type=\"widget\" data-widget_type=\"text-editor.default\">\n\t\t\t\t\t\t\t\t\t<p>\u00cd k\u00farander\u00edsku og shaman\u00edsku <span class=\"iwg-fachbegriff\" data-tooltip=\"Mi\u00f0lun \u00feekkingar og fr\u00e1sagna milli kynsl\u00f3\u00f0a.\" tabindex=\"0\">munnm\u00e6lahef\u00f0inni<\/span> er Palo Santo nota\u00f0 gegn eftirfarandi flokkum ska\u00f0legra \u00e1hrifa:<\/p>\n<ul>\n<li>Mal aire, or\u00f0r\u00e9tt &#8222;vondur loft&#8220;: \u00e1hrif sem festast vi\u00f0 \u00e1kve\u00f0na sta\u00f0i, t\u00edma e\u00f0a fundi og valda veikindum<\/li>\n<li>Mal de ojo, hi\u00f0 illa auga: viljandi e\u00f0a \u00f3viljandi \u00e1hrif af v\u00f6ldum \u00f6fundar e\u00f0a \u00e1k\u00f6frar athygli<\/li>\n<li>Susto, hr\u00e6\u00f0slan: \u00e1stand \u00fear sem, samkv\u00e6mt <span class=\"iwg-fachbegriff\" data-tooltip=\"Mi\u00f0lun \u00feekkingar og fr\u00e1sagna milli kynsl\u00f3\u00f0a.\" tabindex=\"0\">munnm\u00e6lahef\u00f0inni<\/span>, hluti s\u00e1larins yfirgefur l\u00edkamann vegna hr\u00e6\u00f0slu og verndarandar eiga a\u00f0 lei\u00f0a hann til baka<\/li>\n<li>\u00c1hrif anda sem eru bundnir vi\u00f0 \u00e1kve\u00f0inn sta\u00f0 og valda truflunum<\/li>\n<li>Almenn illvilju\u00f0 <span class=\"iwg-fachbegriff\" data-tooltip=\"I\u00f0kanir sem reyna a\u00f0 hafa \u00e1hrif \u00e1 framvindu hlutanna me\u00f0 s\u00e9rst\u00f6kum ath\u00f6fnum e\u00f0a form\u00falum.\" tabindex=\"0\">galdur<\/span> (da\u00f1o), sem \u00feri\u00f0ji a\u00f0ili hefur beint a\u00f0 tiltekinni manneskju<\/li>\n<\/ul>\n<p>\u00deessir flokkar tilheyra s\u00e9rstakri andalegri heimsmynd fr\u00e1 Andesfj\u00f6llum, en m\u00e1 bera saman \u00e1 skipulagslegan h\u00e1tt vi\u00f0 hli\u00f0st\u00e6\u00f0a flokka \u00far \u00f6\u00f0rum menningarheimum. <a href=\"https:\/\/iwell-guard.com\/is\/?page_id=169276\">Verndarlei\u00f0arv\u00edsirinn<\/a> tengir Palo Santo vi\u00f0 \u00fe\u00e6r tegundir vera sem \u00fea\u00f0 er hef\u00f0bundi\u00f0 tengt vi\u00f0.<\/p>\t\t\t\t\t\t\t\t<\/div>\n\t\t\t\t<\/div>\n\t\t\t\t\t<\/div>\n\t\t\t\t<\/div>\n\t\t<div class=\"elementor-element elementor-element-iwgs-palo-santo-s5 e-flex e-con-boxed e-con e-parent\" data-id=\"iwgs-palo-santo-s5\" data-element_type=\"container\" data-e-type=\"container\">\n\t\t\t\t\t<div class=\"e-con-inner\">\n\t\t\t\t<div class=\"elementor-element elementor-element-iwgs-palo-santo-s5h elementor-widget elementor-widget-heading\" data-id=\"iwgs-palo-santo-s5h\" data-element_type=\"widget\" data-e-type=\"widget\" data-widget_type=\"heading.default\">\n\t\t\t\t\t<h2 class=\"elementor-heading-title elementor-size-default\">Notkun og takmarkanir<\/h2>\t\t\t\t<\/div>\n\t\t<div class=\"elementor-element elementor-element-iw-palo-santo-s5-bw e-con-full e-flex e-con e-child\" data-id=\"iw-palo-santo-s5-bw\" data-element_type=\"container\" data-e-type=\"container\">\n\t\t\t\t<div class=\"elementor-element elementor-element-iwgs-palo-santo-s5t elementor-widget elementor-widget-text-editor\" data-id=\"iwgs-palo-santo-s5t\" data-element_type=\"widget\" data-e-type=\"widget\" data-widget_type=\"text-editor.default\">\n\t\t\t\t\t\t\t\t\t<p>Palo Santo er venjulega tendra\u00f0 sem tr\u00e9b\u00fatur e\u00f0a tr\u00e9tafla og svo bl\u00e1si\u00f0 \u00fat, \u00feannig a\u00f0 \u00fea\u00f0 gl\u00e6\u00f0ir eins og reykelsisst\u00f6ng. Reyknum er svo st\u00fdrt um r\u00fdmi\u00f0 e\u00f0a yfir manneskjuna. Samkv\u00e6mt <span class=\"iwg-fachbegriff\" data-tooltip=\"Mi\u00f0lun \u00feekkingar og fr\u00e1sagna milli kynsl\u00f3\u00f0a.\" tabindex=\"0\">munnm\u00e6lahef\u00f0inni<\/span> fer ath\u00f6fnin fram me\u00f0 \u00e1kve\u00f0num \u00e1setningi; einfaldur brennsla \u00e1n einbeitingar er talin s\u00ed\u00f0ur \u00e1hrifar\u00edk.<\/p>\n<p>Mikilv\u00e6g takm\u00f6rkun i\u00f0kunarins sn\u00fdr a\u00f0 uppruna. Sj\u00e1lfb\u00e6r, l\u00f6glega uppskorinn Palo Santo \u00far n\u00e1tt\u00farulegum dau\u00f0um vi\u00f0i er, samkv\u00e6mt <span class=\"iwg-fachbegriff\" data-tooltip=\"Mi\u00f0lun \u00feekkingar og fr\u00e1sagna milli kynsl\u00f3\u00f0a.\" tabindex=\"0\">munnm\u00e6lahef\u00f0inni<\/span> og \u00ed umhverfislegu mati, \u00f3l\u00edkur i\u00f0na\u00f0arframleiddum v\u00f6rum. S\u00e1 sem vill nota Palo Santo \u00ed anda <span class=\"iwg-fachbegriff\" data-tooltip=\"Mi\u00f0lun \u00feekkingar og fr\u00e1sagna milli kynsl\u00f3\u00f0a.\" tabindex=\"0\">munnm\u00e6lahef\u00f0arins<\/span> \u00e6tti a\u00f0 leita eftir vottu\u00f0um v\u00f6rum sem koma fr\u00e1 Ekvador e\u00f0a Per\u00fa me\u00f0 vi\u00f0eigandi vottor\u00f0um.<\/p>\n<p>Eins og \u00f6ll reykelsisefni er Palo Santo, samkv\u00e6mt <span class=\"iwg-fachbegriff\" data-tooltip=\"Mi\u00f0lun \u00feekkingar og fr\u00e1sagna milli kynsl\u00f3\u00f0a.\" tabindex=\"0\">munnm\u00e6lahef\u00f0inni<\/span>, ekki alhli\u00f0a l\u00e6kning og ekki sta\u00f0gengill fyrir a\u00f0rar verndarr\u00e1\u00f0stafanir. Styrkur \u00feess liggur \u00ed samsetningu hreinsunar og a\u00f0 bj\u00f3\u00f0a hi\u00f0 heiln\u00e6ma velkomi\u00f0; fyrir tiltekin ska\u00f0leg fyrirb\u00e6ri m\u00e6lir <span class=\"iwg-fachbegriff\" data-tooltip=\"Mi\u00f0lun \u00feekkingar og fr\u00e1sagna milli kynsl\u00f3\u00f0a.\" tabindex=\"0\">munnm\u00e6lahef\u00f0in<\/span> me\u00f0 vi\u00f0b\u00f3tar\u00farr\u00e6\u00f0um sem eru skr\u00e1\u00f0 \u00ed <a href=\"https:\/\/iwell-guard.com\/is\/?page_id=169276\">Verndarlei\u00f0arv\u00edsinum<\/a>.<\/p>\t\t\t\t\t\t\t\t<\/div>\n\t\t\t\t<\/div>\n\t\t\t\t\t<\/div>\n\t\t\t\t<\/div>\n\t\t<div class=\"elementor-element elementor-element-iwgs-palo-santo-lit e-flex e-con-boxed e-con e-parent\" data-id=\"iwgs-palo-santo-lit\" data-element_type=\"container\" data-e-type=\"container\">\n\t\t\t\t\t<div class=\"e-con-inner\">\n\t\t\t\t<div class=\"elementor-element elementor-element-iwgs-palo-santo-lith elementor-widget elementor-widget-heading\" data-id=\"iwgs-palo-santo-lith\" data-element_type=\"widget\" data-e-type=\"widget\" data-widget_type=\"heading.default\">\n\t\t\t\t\t<h2 class=\"elementor-heading-title elementor-size-default\">Heimildir (\u00farval)<\/h2>\t\t\t\t<\/div>\n\t\t<div class=\"elementor-element elementor-element-iw-palo-santo-lit-bw e-con-full e-flex e-con e-child\" data-id=\"iw-palo-santo-lit-bw\" data-element_type=\"container\" data-e-type=\"container\">\n\t\t\t\t<div class=\"elementor-element elementor-element-iwgs-palo-santo-litt elementor-widget elementor-widget-html\" data-id=\"iwgs-palo-santo-litt\" data-element_type=\"widget\" data-e-type=\"widget\" data-widget_type=\"html.default\">\n\t\t\t\t\t<footer data-nosnippet=\"true\"><ul><li>Don Callaway, Joel Janetski, Omer Stewart: Ute. In: Handbook of North American Indians, Bd. 11. Washington: Smithsonian Institution, 1986.<\/li><li>Luis Eduardo Luna, Pablo Amaringo: Ayahuasca Visions: The Religious Iconography of a Peruvian Shaman. Berkeley: North Atlantic Books, 1991.<\/li><li>Claudia M\u00fcller-Ebeling, Christian R\u00e4tsch, Wolf-Dieter Storl: Witchcraft Medicine: Healing Arts, Shamanic Practices and Forbidden Plants. Rochester: Inner Traditions, 2003.<\/li><li>Silvia Ravera: Herbalism: A Guide to Using Herbs and Plant Medicine for Healing and Wellbeing. Bath: Parragon, 2004.<\/li><li>Stefan Michalak: Ethnobotanisches W\u00f6rterbuch Lateinamerika. Frankfurt: Peter Lang, 2008.<\/li><\/ul><\/footer>\t\t\t\t<\/div>\n\t\t\t\t<\/div>\n\t\t\t\t\t<\/div>\n\t\t\t\t<\/div>\n\t\t<div class=\"elementor-element elementor-element-iwgs-palo-santo-kwd e-flex e-con-boxed e-con e-parent\" data-id=\"iwgs-palo-santo-kwd\" data-element_type=\"container\" data-e-type=\"container\">\n\t\t\t\t\t<div class=\"e-con-inner\">\n\t\t<div class=\"elementor-element elementor-element-iw-palo-santo-kwd-bw e-con-full e-flex e-con e-child\" data-id=\"iw-palo-santo-kwd-bw\" data-element_type=\"container\" data-e-type=\"container\">\n\t\t\t\t<div class=\"elementor-element elementor-element-iwgs-palo-santo-kwdt elementor-widget elementor-widget-text-editor\" data-id=\"iwgs-palo-santo-kwdt\" data-element_type=\"widget\" data-e-type=\"widget\" data-widget_type=\"text-editor.default\">\n\t\t\t\t\t\t\t\t\t<p><em>Tengd leitaror\u00f0: palo santo heilagur vi\u00f0ur virkni reykelsisvi\u00f0ur.<\/em><\/p>\t\t\t\t\t\t\t\t<\/div>\n\t\t\t\t<\/div>\n\t\t\t\t\t<\/div>\n\t\t\t\t<\/div>\n\t\t<div class=\"elementor-element elementor-element-iwgs-palo-santo-cc e-flex e-con-boxed e-con e-parent\" data-id=\"iwgs-palo-santo-cc\" data-element_type=\"container\" data-e-type=\"container\" id=\"iwg-cc-palo-santo\">\n\t\t\t\t\t<div class=\"e-con-inner\">\n\t\t<div class=\"elementor-element elementor-element-iwgs-palo-santo-ccinner e-flex e-con-boxed e-con e-parent\" data-id=\"iwgs-palo-santo-ccinner\" data-element_type=\"container\" data-e-type=\"container\" data-settings=\"{&quot;background_background&quot;:&quot;classic&quot;}\">\n\t\t\t\t\t<div class=\"e-con-inner\">\n\t\t\t\t<div class=\"elementor-element elementor-element-iwgs-palo-santo-cch elementor-widget elementor-widget-heading\" data-id=\"iwgs-palo-santo-cch\" data-element_type=\"widget\" data-e-type=\"widget\" data-widget_type=\"heading.default\">\n\t\t\t\t\t<h2 class=\"elementor-heading-title elementor-size-default\">iWell Guard og verndarhef\u00f0ir<\/h2>\t\t\t\t<\/div>\n\t\t\t\t<div class=\"elementor-element elementor-element-iwgs-palo-santo-cct elementor-widget elementor-widget-text-editor\" data-id=\"iwgs-palo-santo-cct\" data-element_type=\"widget\" data-e-type=\"widget\" data-widget_type=\"text-editor.default\">\n\t\t\t\t\t\t\t\t\t<p>Palo Santo felur \u00ed s\u00e9r \u00fe\u00e1 hugmynd a\u00f0 vernd s\u00e9 ekki bara v\u00f6rn heldur einnig virk umhir\u00f0a vel skipa\u00f0s r\u00fdmis \u00fear sem hi\u00f0 heiln\u00e6ma f\u00e6r sinn sta\u00f0. <a href=\"https:\/\/iwell-guard.com\/is\/verndargripur-iwell-guard-kaupa\/\">iWell Guard<\/a> ber \u00feessa hugmynd \u00ed s\u00e9r: Hann sameinar \u00fe\u00e6tti \u00far munnm\u00e6lahef\u00f0um \u00fdmissa menningarheima sem allar ganga \u00fat fr\u00e1 \u00fev\u00ed a\u00f0 einstaklingur geti virkt m\u00f3ta\u00f0 sitt eigi\u00f0 verndarsv\u00e6\u00f0i.<\/p><p>Su\u00f0ur-amer\u00edska meginreglan um tv\u00f6falda reykelsisbrennslu, a\u00f0 hrekja \u00e1 brott og bj\u00f3\u00f0a velkomi\u00f0, endurspeglast \u00ed n\u00e1lgun iWell Guard, sem einbl\u00ednir ekki bara \u00e1 v\u00f6rn heldur \u00e1 styrkjandi tengsl vi\u00f0 eigin verndar\u00e1setning.<\/p>\t\t\t\t\t\t\t\t<\/div>\n\t\t\t\t<div class=\"elementor-element elementor-element-iwgs-palo-santo-ccb iwg-cc-button iwg-cc-cta-2026-05-13 elementor-widget elementor-widget-jet-button\" data-id=\"iwgs-palo-santo-ccb\" data-element_type=\"widget\" data-e-type=\"widget\" data-widget_type=\"jet-button.default\">\n\t\t\t\t<div class=\"elementor-widget-container\">\n\t\t\t\t\t<div class=\"elementor-jet-button jet-elements\"><div class=\"jet-button__container\"><a class=\"jet-button__instance jet-button__instance--icon-left hover-effect-1\" href=\"\/schutzanhaenger-iwell-guard-kaufen\/?utm_source=iwell-guard.com&amp;utm_medium=info-box&amp;utm_campaign=schutzsymbole\"><div class=\"jet-button__plane jet-button__plane-normal\"><\/div><div class=\"jet-button__plane jet-button__plane-hover\"><\/div><div class=\"jet-button__state jet-button__state-normal\"><span class=\"jet-button__label\">Meira um iWell Guard<\/span><\/div><div class=\"jet-button__state jet-button__state-hover\"><span class=\"jet-button__label\">Meira um iWell Guard<\/span><\/div><\/a><\/div><\/div><style>.elementor-element.elementor-element-iwgs-palo-santo-ccb .jet-button__instance{width:320px;height:56px;}.elementor-element.elementor-element-iwgs-palo-santo-ccb .jet-button__state-normal .jet-button__label{text-align:center;margin:0px 0px 0px 0px;color:#1a1b20;font-family:Montserrat,sans-serif;font-size:13px;font-weight:400;letter-spacing:4px;line-height:1.714em;text-transform:uppercase;}.elementor-element.elementor-element-iwgs-palo-santo-ccb .jet-button__state-hover .jet-button__label{text-align:center;margin:0px 0px 0px 0px;color:#FECC76;font-family:Montserrat,sans-serif;font-size:13px;font-weight:400;letter-spacing:4px;line-height:1.714em;text-transform:uppercase;}.elementor-element.elementor-element-iwgs-palo-santo-ccb .jet-button__plane-normal{background-color:#FECC76;border-style:solid;border-color:#C99540;border-width:2px 2px 2px 2px;}.elementor-element.elementor-element-iwgs-palo-santo-ccb .jet-button__plane-hover{background-color:rgba(0,0,0,0.55);border-style:solid;border-color:#FECC76;border-width:2px 2px 2px 2px;}<\/style>\t\t\t\t<\/div>\n\t\t\t\t<\/div>\n\t\t\t\t<div class=\"elementor-element elementor-element-iwgs-palo-santo-ccd elementor-widget elementor-widget-text-editor\" data-id=\"iwgs-palo-santo-ccd\" data-element_type=\"widget\" data-e-type=\"widget\" data-widget_type=\"text-editor.default\">\n\t\t\t\t\t\t\t\t\t<p style=\"text-align:center;font-size:13px;opacity:0.7;margin-top:14px\" data-nosnippet=\"true\">Pers\u00f3nuleg reynsla getur veri\u00f0 mismunandi. Ekki l\u00e6kningat\u00e6ki. Engin lofor\u00f0 um l\u00e6kningu.<\/p>\t\t\t\t\t\t\t\t<\/div>\n\t\t\t\t\t<\/div>\n\t\t\t\t<\/div>\n\t\t\t\t\t<\/div>\n\t\t\t\t<\/div>\n\t\t<div class=\"elementor-element elementor-element-iwgs-palo-santo-disc e-flex e-con-boxed e-con e-parent\" data-id=\"iwgs-palo-santo-disc\" data-element_type=\"container\" data-e-type=\"container\">\n\t\t\t\t\t<div class=\"e-con-inner\">\n\t\t<div class=\"elementor-element elementor-element-iw-palo-santo-disc-bw e-con-full e-flex e-con e-child\" data-id=\"iw-palo-santo-disc-bw\" data-element_type=\"container\" data-e-type=\"container\">\n\t\t\t\t<div class=\"elementor-element elementor-element-iwgs-palo-santo-discw elementor-widget elementor-widget-html\" data-id=\"iwgs-palo-santo-discw\" data-element_type=\"widget\" data-e-type=\"widget\" data-widget_type=\"html.default\">\n\t\t\t\t\t<footer data-nosnippet=\"true\" class=\"iwg-disclaimer-block\"><p data-nosnippet=\"true\">iWell Guard er <strong>ekki l\u00e6kningat\u00e6ki<\/strong> og kemur ekki \u00ed sta\u00f0 l\u00e6knis- e\u00f0a s\u00e1lfr\u00e6\u00f0ime\u00f0fer\u00f0ar. Innihaldi\u00f0 sem h\u00e9r er sett fram er tr\u00faarbrag\u00f0afr\u00e6\u00f0ileg og menningars\u00f6gulega greining, ekki lofor\u00f0 um andlega virkni.<\/p><\/footer>\t\t\t\t<\/div>\n\t\t\t\t<\/div>\n\t\t\t\t\t<\/div>\n\t\t\t\t<\/div>\n\t\t\t\t<\/div>\n\t\t","protected":false},"excerpt":{"rendered":"","protected":false},"author":3,"featured_media":4114,"parent":0,"menu_order":0,"comment_status":"closed","ping_status":"closed","template":"elementor_header_footer","meta":{"_yoast_wpseo_focuskw":"palo santo","_yoast_wpseo_title":"Palo Santo - Heilagur vi\u00f0ur til reykelsisbrennslu","_yoast_wpseo_metadesc":"Palo Santo: Munnm\u00e6las\u00f6gur um heilaga vi\u00f0inn fr\u00e1 Su\u00f0ur-Amer\u00edku, notkun hans \u00ed sjamanisma og hlutverk hans sem hreinsiefni.","_yoast_wpseo_meta-robots-noindex":"","_yoast_wpseo_canonical":"","_angie_page":false,"gefaehrdungsstufe":"","wesen_kultur":"","wesen_klasse":"","footnotes":""},"categories":[],"class_list":["post-169271","page","type-page","status-publish","has-post-thumbnail","hentry"],"yoast_head":"<!-- This site is optimized with the Yoast SEO Premium plugin v27.7 (Yoast SEO v28.3) - https:\/\/yoast.com\/product\/yoast-seo-premium-wordpress\/ -->\n<title>Palo Santo - Heilagur vi\u00f0ur til reykelsisbrennslu<\/title>\n<meta name=\"description\" content=\"Palo Santo: Munnm\u00e6las\u00f6gur um heilaga vi\u00f0inn fr\u00e1 Su\u00f0ur-Amer\u00edku, notkun hans \u00ed sjamanisma og hlutverk hans sem hreinsiefni.\" \/>\n<meta name=\"robots\" content=\"index, follow, max-snippet:-1, max-image-preview:large, max-video-preview:-1\" \/>\n<link rel=\"canonical\" href=\"https:\/\/iwell-guard.com\/is\/palo-santo\/\" \/>\n<meta property=\"og:locale\" content=\"is_IS\" \/>\n<meta property=\"og:type\" content=\"article\" \/>\n<meta property=\"og:title\" content=\"Palo Santo\" \/>\n<meta property=\"og:description\" content=\"Palo Santo: Munnm\u00e6las\u00f6gur um heilaga vi\u00f0inn fr\u00e1 Su\u00f0ur-Amer\u00edku, notkun hans \u00ed sjamanisma og hlutverk hans sem hreinsiefni.\" \/>\n<meta property=\"og:url\" content=\"https:\/\/iwell-guard.com\/is\/palo-santo\/\" \/>\n<meta property=\"og:site_name\" content=\"iWell Guard\" \/>\n<meta property=\"article:modified_time\" content=\"2026-09-05T14:36:40+00:00\" \/>\n<meta property=\"og:image\" content=\"https:\/\/iwell-guard.com\/wp-content\/uploads\/2026\/05\/schutzsymbol_anden_palo-santo-683x1024.png\" \/>\n\t<meta property=\"og:image:width\" content=\"683\" \/>\n\t<meta property=\"og:image:height\" content=\"1024\" \/>\n\t<meta property=\"og:image:type\" content=\"image\/png\" \/>\n<meta name=\"twitter:card\" content=\"summary_large_image\" \/>\n<script type=\"application\/ld+json\" class=\"yoast-schema-graph\">{\"@context\":\"https:\\\/\\\/schema.org\",\"@graph\":[{\"@type\":\"WebPage\",\"@id\":\"https:\\\/\\\/iwell-guard.com\\\/is\\\/palo-santo\\\/\",\"url\":\"https:\\\/\\\/iwell-guard.com\\\/is\\\/palo-santo\\\/\",\"name\":\"Palo Santo - Heilagur vi\u00f0ur til reykelsisbrennslu\",\"isPartOf\":{\"@id\":\"https:\\\/\\\/iwell-guard.com\\\/is\\\/#website\"},\"primaryImageOfPage\":{\"@id\":\"https:\\\/\\\/iwell-guard.com\\\/is\\\/palo-santo\\\/#primaryimage\"},\"image\":{\"@id\":\"https:\\\/\\\/iwell-guard.com\\\/is\\\/palo-santo\\\/#primaryimage\"},\"thumbnailUrl\":\"https:\\\/\\\/iwell-guard.com\\\/wp-content\\\/uploads\\\/2026\\\/05\\\/schutzsymbol_anden_palo-santo.png\",\"datePublished\":\"2026-09-05T14:07:00+00:00\",\"dateModified\":\"2026-09-05T14:36:40+00:00\",\"description\":\"Palo Santo: Munnm\u00e6las\u00f6gur um heilaga vi\u00f0inn fr\u00e1 Su\u00f0ur-Amer\u00edku, notkun hans \u00ed sjamanisma og hlutverk hans sem hreinsiefni.\",\"breadcrumb\":{\"@id\":\"https:\\\/\\\/iwell-guard.com\\\/is\\\/palo-santo\\\/#breadcrumb\"},\"inLanguage\":\"is\",\"potentialAction\":[{\"@type\":\"ReadAction\",\"target\":[\"https:\\\/\\\/iwell-guard.com\\\/is\\\/palo-santo\\\/\"]}]},{\"@type\":\"ImageObject\",\"inLanguage\":\"is\",\"@id\":\"https:\\\/\\\/iwell-guard.com\\\/is\\\/palo-santo\\\/#primaryimage\",\"url\":\"https:\\\/\\\/iwell-guard.com\\\/wp-content\\\/uploads\\\/2026\\\/05\\\/schutzsymbol_anden_palo-santo.png\",\"contentUrl\":\"https:\\\/\\\/iwell-guard.com\\\/wp-content\\\/uploads\\\/2026\\\/05\\\/schutzsymbol_anden_palo-santo.png\",\"width\":1024,\"height\":1536,\"caption\":\"Palo Santo \u2013 hi\u00f0 heilaga reykelsisvi\u00f0ur Su\u00f0ur-Amer\u00edku, s\u00f6guleg myndskreyting\"},{\"@type\":\"BreadcrumbList\",\"@id\":\"https:\\\/\\\/iwell-guard.com\\\/is\\\/palo-santo\\\/#breadcrumb\",\"itemListElement\":[{\"@type\":\"ListItem\",\"position\":1,\"name\":\"Start\",\"item\":\"https:\\\/\\\/iwell-guard.com\\\/is\\\/?page_id=168580\"},{\"@type\":\"ListItem\",\"position\":2,\"name\":\"Palo Santo\"}]},{\"@type\":\"WebSite\",\"@id\":\"https:\\\/\\\/iwell-guard.com\\\/is\\\/#website\",\"url\":\"https:\\\/\\\/iwell-guard.com\\\/is\\\/\",\"name\":\"iWell Guard\",\"description\":\"Schutz vor dunklen Einfl\u00fcssen\",\"publisher\":{\"@id\":\"https:\\\/\\\/iwell-guard.com\\\/is\\\/#organization\"},\"potentialAction\":[{\"@type\":\"SearchAction\",\"target\":{\"@type\":\"EntryPoint\",\"urlTemplate\":\"https:\\\/\\\/iwell-guard.com\\\/is\\\/?s={search_term_string}\"},\"query-input\":{\"@type\":\"PropertyValueSpecification\",\"valueRequired\":true,\"valueName\":\"search_term_string\"}}],\"inLanguage\":\"is\"},{\"@type\":\"Organization\",\"@id\":\"https:\\\/\\\/iwell-guard.com\\\/is\\\/#organization\",\"name\":\"Ittermann electronic GmbH\",\"url\":\"https:\\\/\\\/iwell-guard.com\\\/is\\\/\",\"logo\":{\"@type\":\"ImageObject\",\"inLanguage\":\"is\",\"@id\":\"https:\\\/\\\/iwell-guard.com\\\/is\\\/#\\\/schema\\\/logo\\\/image\\\/\",\"url\":\"https:\\\/\\\/iwell-guard.com\\\/wp-content\\\/uploads\\\/2026\\\/05\\\/Ittermann-Logo-1182x237-1.png\",\"contentUrl\":\"https:\\\/\\\/iwell-guard.com\\\/wp-content\\\/uploads\\\/2026\\\/05\\\/Ittermann-Logo-1182x237-1.png\",\"width\":1182,\"height\":237,\"caption\":\"Ittermann electronic GmbH\"},\"image\":{\"@id\":\"https:\\\/\\\/iwell-guard.com\\\/is\\\/#\\\/schema\\\/logo\\\/image\\\/\"},\"sameAs\":[\"https:\\\/\\\/pantip.com\\\/profile\\\/9367242\",\"https:\\\/\\\/micro.blog\\\/iwellguard\",\"https:\\\/\\\/www.diggerslist.com\\\/iwellguard\\\/about\",\"https:\\\/\\\/skitterphoto.com\\\/photographers\\\/2870314\\\/iwell-guard\",\"https:\\\/\\\/iwellguard.wordpress.com\\\/2026\\\/06\\\/06\\\/iwell-guard\\\/\",\"https:\\\/\\\/hub.docker.com\\\/u\\\/iwellguard\",\"https:\\\/\\\/www.pinterest.com\\\/iwellguard\\\/\",\"https:\\\/\\\/bit.ly\\\/m\\\/iwellguard\",\"https:\\\/\\\/entre-vos-mains.alsace.eu\\\/profiles\\\/iwellguard\\\/activity\",\"https:\\\/\\\/gravatar.com\\\/reallybeded8fd34\",\"https:\\\/\\\/naijamatta.com\\\/iwellguard\",\"https:\\\/\\\/www.goodreads.com\\\/iwellguard\",\"https:\\\/\\\/profile.hatena.ne.jp\\\/iwellguard\\\/\",\"https:\\\/\\\/experiment.com\\\/users\\\/iwellguard\",\"https:\\\/\\\/wakelet.com\\\/@iWellGuard82270\",\"https:\\\/\\\/www.chordie.com\\\/forum\\\/profile.php?id=2555664\",\"https:\\\/\\\/www.instapaper.com\\\/p\\\/17757966\",\"https:\\\/\\\/www.mapleprimes.com\\\/users\\\/iwellguard\",\"https:\\\/\\\/businesslistingplus.com\\\/profile\\\/iwell-guard\\\/\",\"https:\\\/\\\/telegra.ph\\\/iWell-Guard-06-06\",\"https:\\\/\\\/pbase.com\\\/iwellguard\\\/iwellguard\",\"https:\\\/\\\/b.hatena.ne.jp\\\/iwellguard\\\/20260607#bookmark-4788405196491818882\",\"https:\\\/\\\/fliphtml5.com\\\/home\\\/iwellguard\",\"https:\\\/\\\/anyflip.com\\\/homepage\\\/cmiwl#About\",\"https:\\\/\\\/transfur.com\\\/Users\\\/iwellguard\",\"http:\\\/\\\/delphi.larsbo.org\\\/user\\\/iwellguard\",\"https:\\\/\\\/jobs.lajobsportal.org\\\/profiles\\\/8380803-iwell-guard\",\"https:\\\/\\\/md.chaosdorf.de\\\/s\\\/jfbe5SBdJD\",\"https:\\\/\\\/www.lingvolive.com\\\/en-us\\\/profile\\\/9ecaeaca-ce11-4e51-9e71-01d55e2bff36\\\/translations\",\"https:\\\/\\\/www.fitday.com\\\/fitness\\\/forums\\\/members\\\/iwellguard.html\",\"https:\\\/\\\/www.mymeetbook.com\\\/iwellguard\",\"https:\\\/\\\/pxhere.com\\\/en\\\/photographer-me\\\/5040798\",\"https:\\\/\\\/disqus.com\\\/by\\\/iwellguard\\\/about\\\/\",\"https:\\\/\\\/pastelink.net\\\/hjwciqwq\",\"https:\\\/\\\/pubhtml5.com\\\/homepage\\\/scjhn\\\/\",\"https:\\\/\\\/www.bitchute.com\\\/channel\\\/2O2eOKzNqujT\",\"https:\\\/\\\/audiomack.com\\\/iwellguard\"]}]}<\/script>\n<!-- \/ Yoast SEO Premium plugin. -->","yoast_head_json":{"title":"Palo Santo - Heilagur vi\u00f0ur til reykelsisbrennslu","description":"Palo Santo: Munnm\u00e6las\u00f6gur um heilaga vi\u00f0inn fr\u00e1 Su\u00f0ur-Amer\u00edku, notkun hans \u00ed sjamanisma og hlutverk hans sem hreinsiefni.","robots":{"index":"index","follow":"follow","max-snippet":"max-snippet:-1","max-image-preview":"max-image-preview:large","max-video-preview":"max-video-preview:-1"},"canonical":"https:\/\/iwell-guard.com\/is\/palo-santo\/","og_locale":"is_IS","og_type":"article","og_title":"Palo Santo","og_description":"Palo Santo: Munnm\u00e6las\u00f6gur um heilaga vi\u00f0inn fr\u00e1 Su\u00f0ur-Amer\u00edku, notkun hans \u00ed sjamanisma og hlutverk hans sem hreinsiefni.","og_url":"https:\/\/iwell-guard.com\/is\/palo-santo\/","og_site_name":"iWell Guard","article_modified_time":"2026-09-05T14:36:40+00:00","og_image":[{"width":683,"height":1024,"url":"https:\/\/iwell-guard.com\/wp-content\/uploads\/2026\/05\/schutzsymbol_anden_palo-santo-683x1024.png","type":"image\/png"}],"twitter_card":"summary_large_image","schema":{"@context":"https:\/\/schema.org","@graph":[{"@type":"WebPage","@id":"https:\/\/iwell-guard.com\/is\/palo-santo\/","url":"https:\/\/iwell-guard.com\/is\/palo-santo\/","name":"Palo Santo - Heilagur vi\u00f0ur til reykelsisbrennslu","isPartOf":{"@id":"https:\/\/iwell-guard.com\/is\/#website"},"primaryImageOfPage":{"@id":"https:\/\/iwell-guard.com\/is\/palo-santo\/#primaryimage"},"image":{"@id":"https:\/\/iwell-guard.com\/is\/palo-santo\/#primaryimage"},"thumbnailUrl":"https:\/\/iwell-guard.com\/wp-content\/uploads\/2026\/05\/schutzsymbol_anden_palo-santo.png","datePublished":"2026-09-05T14:07:00+00:00","dateModified":"2026-09-05T14:36:40+00:00","description":"Palo Santo: Munnm\u00e6las\u00f6gur um heilaga vi\u00f0inn fr\u00e1 Su\u00f0ur-Amer\u00edku, notkun hans \u00ed sjamanisma og hlutverk hans sem hreinsiefni.","breadcrumb":{"@id":"https:\/\/iwell-guard.com\/is\/palo-santo\/#breadcrumb"},"inLanguage":"is","potentialAction":[{"@type":"ReadAction","target":["https:\/\/iwell-guard.com\/is\/palo-santo\/"]}]},{"@type":"ImageObject","inLanguage":"is","@id":"https:\/\/iwell-guard.com\/is\/palo-santo\/#primaryimage","url":"https:\/\/iwell-guard.com\/wp-content\/uploads\/2026\/05\/schutzsymbol_anden_palo-santo.png","contentUrl":"https:\/\/iwell-guard.com\/wp-content\/uploads\/2026\/05\/schutzsymbol_anden_palo-santo.png","width":1024,"height":1536,"caption":"Palo Santo \u2013 hi\u00f0 heilaga reykelsisvi\u00f0ur Su\u00f0ur-Amer\u00edku, s\u00f6guleg myndskreyting"},{"@type":"BreadcrumbList","@id":"https:\/\/iwell-guard.com\/is\/palo-santo\/#breadcrumb","itemListElement":[{"@type":"ListItem","position":1,"name":"Start","item":"https:\/\/iwell-guard.com\/is\/?page_id=168580"},{"@type":"ListItem","position":2,"name":"Palo Santo"}]},{"@type":"WebSite","@id":"https:\/\/iwell-guard.com\/is\/#website","url":"https:\/\/iwell-guard.com\/is\/","name":"iWell Guard","description":"Schutz vor dunklen Einfl\u00fcssen","publisher":{"@id":"https:\/\/iwell-guard.com\/is\/#organization"},"potentialAction":[{"@type":"SearchAction","target":{"@type":"EntryPoint","urlTemplate":"https:\/\/iwell-guard.com\/is\/?s={search_term_string}"},"query-input":{"@type":"PropertyValueSpecification","valueRequired":true,"valueName":"search_term_string"}}],"inLanguage":"is"},{"@type":"Organization","@id":"https:\/\/iwell-guard.com\/is\/#organization","name":"Ittermann electronic GmbH","url":"https:\/\/iwell-guard.com\/is\/","logo":{"@type":"ImageObject","inLanguage":"is","@id":"https:\/\/iwell-guard.com\/is\/#\/schema\/logo\/image\/","url":"https:\/\/iwell-guard.com\/wp-content\/uploads\/2026\/05\/Ittermann-Logo-1182x237-1.png","contentUrl":"https:\/\/iwell-guard.com\/wp-content\/uploads\/2026\/05\/Ittermann-Logo-1182x237-1.png","width":1182,"height":237,"caption":"Ittermann electronic GmbH"},"image":{"@id":"https:\/\/iwell-guard.com\/is\/#\/schema\/logo\/image\/"},"sameAs":["https:\/\/pantip.com\/profile\/9367242","https:\/\/micro.blog\/iwellguard","https:\/\/www.diggerslist.com\/iwellguard\/about","https:\/\/skitterphoto.com\/photographers\/2870314\/iwell-guard","https:\/\/iwellguard.wordpress.com\/2026\/06\/06\/iwell-guard\/","https:\/\/hub.docker.com\/u\/iwellguard","https:\/\/www.pinterest.com\/iwellguard\/","https:\/\/bit.ly\/m\/iwellguard","https:\/\/entre-vos-mains.alsace.eu\/profiles\/iwellguard\/activity","https:\/\/gravatar.com\/reallybeded8fd34","https:\/\/naijamatta.com\/iwellguard","https:\/\/www.goodreads.com\/iwellguard","https:\/\/profile.hatena.ne.jp\/iwellguard\/","https:\/\/experiment.com\/users\/iwellguard","https:\/\/wakelet.com\/@iWellGuard82270","https:\/\/www.chordie.com\/forum\/profile.php?id=2555664","https:\/\/www.instapaper.com\/p\/17757966","https:\/\/www.mapleprimes.com\/users\/iwellguard","https:\/\/businesslistingplus.com\/profile\/iwell-guard\/","https:\/\/telegra.ph\/iWell-Guard-06-06","https:\/\/pbase.com\/iwellguard\/iwellguard","https:\/\/b.hatena.ne.jp\/iwellguard\/20260607#bookmark-4788405196491818882","https:\/\/fliphtml5.com\/home\/iwellguard","https:\/\/anyflip.com\/homepage\/cmiwl#About","https:\/\/transfur.com\/Users\/iwellguard","http:\/\/delphi.larsbo.org\/user\/iwellguard","https:\/\/jobs.lajobsportal.org\/profiles\/8380803-iwell-guard","https:\/\/md.chaosdorf.de\/s\/jfbe5SBdJD","https:\/\/www.lingvolive.com\/en-us\/profile\/9ecaeaca-ce11-4e51-9e71-01d55e2bff36\/translations","https:\/\/www.fitday.com\/fitness\/forums\/members\/iwellguard.html","https:\/\/www.mymeetbook.com\/iwellguard","https:\/\/pxhere.com\/en\/photographer-me\/5040798","https:\/\/disqus.com\/by\/iwellguard\/about\/","https:\/\/pastelink.net\/hjwciqwq","https:\/\/pubhtml5.com\/homepage\/scjhn\/","https:\/\/www.bitchute.com\/channel\/2O2eOKzNqujT","https:\/\/audiomack.com\/iwellguard"]}]}},"_links":{"self":[{"href":"https:\/\/iwell-guard.com\/is\/wp-json\/wp\/v2\/pages\/169271","targetHints":{"allow":["GET"]}}],"collection":[{"href":"https:\/\/iwell-guard.com\/is\/wp-json\/wp\/v2\/pages"}],"about":[{"href":"https:\/\/iwell-guard.com\/is\/wp-json\/wp\/v2\/types\/page"}],"author":[{"embeddable":true,"href":"https:\/\/iwell-guard.com\/is\/wp-json\/wp\/v2\/users\/3"}],"replies":[{"embeddable":true,"href":"https:\/\/iwell-guard.com\/is\/wp-json\/wp\/v2\/comments?post=169271"}],"version-history":[{"count":0,"href":"https:\/\/iwell-guard.com\/is\/wp-json\/wp\/v2\/pages\/169271\/revisions"}],"wp:featuredmedia":[{"embeddable":true,"href":"https:\/\/iwell-guard.com\/is\/wp-json\/wp\/v2\/media\/4114"}],"wp:attachment":[{"href":"https:\/\/iwell-guard.com\/is\/wp-json\/wp\/v2\/media?parent=169271"}],"wp:term":[{"taxonomy":"category","embeddable":true,"href":"https:\/\/iwell-guard.com\/is\/wp-json\/wp\/v2\/categories?post=169271"}],"curies":[{"name":"wp","href":"https:\/\/api.w.org\/{rel}","templated":true}]}}