{"id":169269,"date":"2026-09-05T14:06:59","date_gmt":"2026-09-05T14:06:59","guid":{"rendered":"https:\/\/iwell-guard.com\/?page_id=169269"},"modified":"2026-09-05T14:36:35","modified_gmt":"2026-09-05T14:36:35","slug":"hljod-og-ljos-til-varnar","status":"publish","type":"page","link":"https:\/\/iwell-guard.com\/is\/hljod-og-ljos-til-varnar\/","title":{"rendered":"Hlj\u00f3\u00f0 og lj\u00f3s til varnar"},"content":{"rendered":"\t\t<div data-elementor-type=\"wp-page\" data-elementor-id=\"169269\" class=\"elementor elementor-169269 elementor-3777 elementor-bc-flex-widget\" data-elementor-post-type=\"page\">\n\t\t\t\t<div class=\"elementor-element elementor-element-iwgs-klang-und-licht-hero e-flex e-con-boxed e-con e-parent\" data-id=\"iwgs-klang-und-licht-hero\" data-element_type=\"container\" data-e-type=\"container\">\n\t\t\t\t\t<div class=\"e-con-inner\">\n\t\t<div class=\"elementor-element elementor-element-iw-klang-und-licht-hero-left e-con-full e-flex e-con e-child\" data-id=\"iw-klang-und-licht-hero-left\" data-element_type=\"container\" data-e-type=\"container\">\n\t\t\t\t<div class=\"elementor-element elementor-element-iwgs-klang-und-licht-h1 elementor-widget elementor-widget-heading\" data-id=\"iwgs-klang-und-licht-h1\" data-element_type=\"widget\" data-e-type=\"widget\" data-widget_type=\"heading.default\">\n\t\t\t\t\t<h1 class=\"elementor-heading-title elementor-size-default\">Hlj\u00f3\u00f0 og lj\u00f3s til varnar<\/h1>\t\t\t\t<\/div>\n\t\t<div class=\"elementor-element elementor-element-iw-klang-und-licht-hero-bw e-con-full e-flex e-con e-child\" data-id=\"iw-klang-und-licht-hero-bw\" data-element_type=\"container\" data-e-type=\"container\">\n\t\t\t\t<div class=\"elementor-element elementor-element-iwgs-klang-und-licht-pills elementor-widget elementor-widget-html\" data-id=\"iwgs-klang-und-licht-pills\" data-element_type=\"widget\" data-e-type=\"widget\" data-widget_type=\"html.default\">\n\t\t\t\t\t<div class=\"iwg-pill-row\"><span class=\"iwg-klasse-badge\" tabindex=\"0\" data-tooltip=\"Tegund verndargripsins.\">Tegund verndargrips<\/span><a href=\"https:\/\/iwell-guard.com\/is\/?page_id=169276\" class=\"iwg-kultur-badge\" tabindex=\"0\" data-tooltip=\"Til yfirlits.\">Verndarkomp\u00e1s<\/a><\/div>\t\t\t\t<\/div>\n\t\t\t\t<div class=\"elementor-element elementor-element-iwgs-klang-und-licht-lead elementor-widget elementor-widget-text-editor\" data-id=\"iwgs-klang-und-licht-lead\" data-element_type=\"widget\" data-e-type=\"widget\" data-widget_type=\"text-editor.default\">\n\t\t\t\t\t\t\t\t\t<p>Me\u00f0al verndargripa sem \u00fej\u00f3\u00f0tr\u00fain \u00feekkir skipa hlj\u00f3\u00f0 og lj\u00f3s s\u00e9rstakan sess: \u00feau eru hverful, ver\u00f0m\u00e6t og h\u00e6gt a\u00f0 framkalla hvar sem er. Kirkjuklukkuhringing er ekki h\u00e6gt a\u00f0 bera \u00ed vasanum, kerti er ekki h\u00e6gt a\u00f0 negla \u00e1 byggingu.<\/p><p>\u00c1hrif \u00feeirra koma fram \u00e1 \u00fev\u00ed andartaki sem \u00feau eru notu\u00f0, ekki til varanleika. \u00cd \u00fev\u00ed felst e\u00f0li \u00feeirra sem virkra verndargripa, sem f\u00f3lk notar af \u00e1setningi \u00feegar \u00fea\u00f0 upplifir h\u00e6ttu e\u00f0a vill draga m\u00f6rk.<\/p>\n<p>Menningarheimar \u00e1 \u00f6llum \u00e1lfum hafa l\u00fdst hlj\u00f3\u00f0i og lj\u00f3si sem varnart\u00e6kjum. Formin eru mismunandi: kirkjuklukkur \u00ed Evr\u00f3pu, bj\u00f6llur \u00ed b\u00fadd\u00edskri As\u00edu, trommur \u00ed vestafr\u00edskum ath\u00f6fnum.<\/p><p>Blys vi\u00f0 \u00fer\u00f6skuldinn, kerti \u00e1 <span class=\"iwg-fachbegriff\" data-tooltip=\"Upph\u00e6kka\u00f0ur sta\u00f0ur e\u00f0a bor\u00f0 fyrir f\u00f3rnir og tr\u00faarlegar athafnir.\" tabindex=\"0\">altarinu<\/span>, h\u00e1t\u00ed\u00f0arb\u00e1l \u00e1 s\u00f3lst\u00f6\u00f0un\u00f3tt. \u00dea\u00f0 sem sameinar \u00feau er grundvallarreglan: hlj\u00f3mur og lj\u00f3s fara \u00ed gegnum r\u00fdmi\u00f0, marka n\u00e6rveru og eru samkv\u00e6mt <span class=\"iwg-fachbegriff\" data-tooltip=\"Mi\u00f0lun \u00feekkingar og fr\u00e1sagna milli kynsl\u00f3\u00f0a.\" tabindex=\"0\">munnm\u00e6lunum<\/span> talin \u00f3samr\u00fdmanleg \u00fev\u00ed sem ska\u00f0ar.<\/p>\n<p>\u00c1 \u00feessari s\u00ed\u00f0u finni\u00f0 \u00fei\u00f0 yfirlit yfir flokkinn, hva\u00f0 er sameiginlegt \u00ed virkni \u00feessara verndarforma og stutta kynningu \u00e1 \u00feeim \u00feremur undirs\u00ed\u00f0um: <a href=\"https:\/\/iwell-guard.com\/is\/?page_id=169279\">verndarbj\u00f6llum<\/a>, <a href=\"https:\/\/iwell-guard.com\/is\/?page_id=169281\">verndarkertinu<\/a> og <a href=\"https:\/\/iwell-guard.com\/is\/?page_id=169278\">verndareldinum<\/a>. \u00deannig \u00fej\u00f3na hlj\u00f3\u00f0 og lj\u00f3s til varnar gegn ska\u00f0valdandi verum, sem munnm\u00e6lin tengja vi\u00f0 kyrr\u00f0 og myrkur.<\/p>\t\t\t\t\t\t\t\t<\/div>\n\t\t\t\t<\/div>\n\t\t\t\t<\/div>\n\t\t<div class=\"elementor-element elementor-element-iw-klang-und-licht-hero-img e-con-full e-flex e-con e-child\" data-id=\"iw-klang-und-licht-hero-img\" data-element_type=\"container\" data-e-type=\"container\">\n\t\t\t\t<div class=\"elementor-element elementor-element-iwgs-klang-und-licht-himg iwg-hero-image elementor-widget elementor-widget-image\" data-id=\"iwgs-klang-und-licht-himg\" data-element_type=\"widget\" data-e-type=\"widget\" data-widget_type=\"image.default\">\n\t\t\t\t\t\t\t\t\t\t\t\t\t\t\t<img fetchpriority=\"high\" decoding=\"async\" width=\"683\" height=\"1024\" src=\"https:\/\/iwell-guard.com\/wp-content\/uploads\/2026\/05\/schutzsymbol_universell_klang-und-licht-683x1024.png\" class=\"attachment-large size-large wp-image-170442\" alt=\"Hlj\u00f3mur og lj\u00f3s til varnar \u2013 Bjalla og lj\u00f3sgl\u00f3\u00f0\" srcset=\"https:\/\/iwell-guard.com\/wp-content\/uploads\/2026\/05\/schutzsymbol_universell_klang-und-licht-683x1024.png 683w, https:\/\/iwell-guard.com\/wp-content\/uploads\/2026\/05\/schutzsymbol_universell_klang-und-licht-200x300.png 200w, https:\/\/iwell-guard.com\/wp-content\/uploads\/2026\/05\/schutzsymbol_universell_klang-und-licht-768x1152.png 768w, https:\/\/iwell-guard.com\/wp-content\/uploads\/2026\/05\/schutzsymbol_universell_klang-und-licht.png 1024w\" sizes=\"(max-width: 683px) 100vw, 683px\" \/>\t\t\t\t\t\t\t\t\t\t\t\t\t\t\t<\/div>\n\t\t\t\t<\/div>\n\t\t\t\t\t<\/div>\n\t\t\t\t<\/div>\n\t\t<div class=\"elementor-element elementor-element-iwgs-klang-und-licht-s0 e-flex e-con-boxed e-con e-parent\" data-id=\"iwgs-klang-und-licht-s0\" data-element_type=\"container\" data-e-type=\"container\">\n\t\t\t\t\t<div class=\"e-con-inner\">\n\t\t\t\t<div class=\"elementor-element elementor-element-iwgs-klang-und-licht-s0h elementor-widget elementor-widget-heading\" data-id=\"iwgs-klang-und-licht-s0h\" data-element_type=\"widget\" data-e-type=\"widget\" data-widget_type=\"heading.default\">\n\t\t\t\t\t<h2 class=\"elementor-heading-title elementor-size-default\">Sameiginleg einkenni og verkunarreglur<\/h2>\t\t\t\t<\/div>\n\t\t<div class=\"elementor-element elementor-element-iw-klang-und-licht-s0-bw e-con-full e-flex e-con e-child\" data-id=\"iw-klang-und-licht-s0-bw\" data-element_type=\"container\" data-e-type=\"container\">\n\t\t\t\t<div class=\"elementor-element elementor-element-iwgs-klang-und-licht-s0t elementor-widget elementor-widget-text-editor\" data-id=\"iwgs-klang-und-licht-s0t\" data-element_type=\"widget\" data-e-type=\"widget\" data-widget_type=\"text-editor.default\">\n\t\t\t\t\t\t\t\t\t<p>Hlj\u00f3\u00f0 og lj\u00f3s deila \u00ed <span class=\"iwg-fachbegriff\" data-tooltip=\"Mi\u00f0lun \u00feekkingar og fr\u00e1sagna milli kynsl\u00f3\u00f0a.\" tabindex=\"0\">munnm\u00e6lunum<\/span> nokkrum eiginleikum sem sk\u00fdra verndare\u00f0li \u00feeirra.<\/p>\n<p>\u00cd fyrsta lagi eru b\u00e6\u00f0i talin form orku sem breytir r\u00fdmi innan fr\u00e1. Kveikt kerti breytir andr\u00famslofti herbergis \u00e1 annan h\u00e1tt en hengt <span class=\"iwg-fachbegriff\" data-tooltip=\"Gripur sem borinn er \u00e1 s\u00e9r og talinn hafa verndandi, \u00f3g\u00e6fuvarnandi \u00e1hrif.\" tabindex=\"0\">verndargripur<\/span>. Klukkuhlj\u00f3mur fer \u00ed gegnum veggi sem m\u00e1la\u00f0 t\u00e1kn kemst ekki yfir.<\/p><p><span class=\"iwg-fachbegriff\" data-tooltip=\"Mi\u00f0lun \u00feekkingar og fr\u00e1sagna milli kynsl\u00f3\u00f0a.\" tabindex=\"0\">Munnm\u00e6lin<\/span> l\u00fdsa \u00feessum gegnumfarandi krafti sem grundvallaratri\u00f0i: \u00fea\u00f0 sem verkar \u00ed myrkri ver\u00f0ur s\u00fdnilegt, \u00fea\u00f0 sem starfar \u00ed kyrr\u00f0 er trufla\u00f0.<\/p>\n<p>\u00cd \u00f6\u00f0ru lagi eru hlj\u00f3\u00f0 og lj\u00f3s bundin mannlegri ath\u00f6fn. Einhver \u00fearf a\u00f0 hringja, kveikja, sl\u00e1 eld. \u00deessi verkna\u00f0ur telst \u00ed m\u00f6rgum hef\u00f0um sj\u00e1lfur hluti verndarinnar, \u00fev\u00ed hann sameinar \u00e1setning og einbeitingu. \u00dea\u00f0 eitt a\u00f0 bjalla s\u00e9 til \u00e1n \u00feess a\u00f0 hringja henni, e\u00f0a kerti \u00e1n loga, telja <span class=\"iwg-fachbegriff\" data-tooltip=\"Mi\u00f0lun \u00feekkingar og fr\u00e1sagna milli kynsl\u00f3\u00f0a.\" tabindex=\"0\">munnm\u00e6lin<\/span> venjulega ekki hafa verndar\u00e1hrif.<\/p>\n<p>\u00cd \u00feri\u00f0ja lagi m\u00e1 finna sameiginlega tengingu vi\u00f0 \u00fer\u00f6skulda og umbreytingaskei\u00f0. Bj\u00f6llum er hringt \u00e1 s\u00e9rst\u00f6kum t\u00edmum, ekki st\u00f6\u00f0ugt. Kerti brenna \u00e1 n\u00f3ttu, ekki um h\u00e1bjartan dag. B\u00e1l brenna \u00e1 s\u00f3lst\u00f6\u00f0um og vi\u00f0 upphaf vetrar. <span class=\"iwg-fachbegriff\" data-tooltip=\"Mi\u00f0lun \u00feekkingar og fr\u00e1sagna milli kynsl\u00f3\u00f0a.\" tabindex=\"0\">Munnm\u00e6lin<\/span> sta\u00f0setja h\u00e6ttuna vi\u00f0 m\u00f6rkin: milli dags og n\u00e6tur, milli \u00e1rst\u00ed\u00f0a, milli \u00feess sem er kunnugt og \u00feess sem er \u00f3\u00feekkt.<\/p>\t\t\t\t\t\t\t\t<\/div>\n\t\t\t\t<\/div>\n\t\t\t\t\t<\/div>\n\t\t\t\t<\/div>\n\t\t<div class=\"elementor-element elementor-element-iwgs-klang-und-licht-s1 e-flex e-con-boxed e-con e-parent\" data-id=\"iwgs-klang-und-licht-s1\" data-element_type=\"container\" data-e-type=\"container\">\n\t\t\t\t\t<div class=\"e-con-inner\">\n\t\t\t\t<div class=\"elementor-element elementor-element-iwgs-klang-und-licht-s1h elementor-widget elementor-widget-heading\" data-id=\"iwgs-klang-und-licht-s1h\" data-element_type=\"widget\" data-e-type=\"widget\" data-widget_type=\"heading.default\">\n\t\t\t\t\t<h2 class=\"elementor-heading-title elementor-size-default\">Yfirlit \u00fevert \u00e1 menningarheima<\/h2>\t\t\t\t<\/div>\n\t\t<div class=\"elementor-element elementor-element-iw-klang-und-licht-s1-bw e-con-full e-flex e-con e-child\" data-id=\"iw-klang-und-licht-s1-bw\" data-element_type=\"container\" data-e-type=\"container\">\n\t\t\t\t<div class=\"elementor-element elementor-element-iwgs-klang-und-licht-s1t elementor-widget elementor-widget-text-editor\" data-id=\"iwgs-klang-und-licht-s1t\" data-element_type=\"widget\" data-e-type=\"widget\" data-widget_type=\"text-editor.default\">\n\t\t\t\t\t\t\t\t\t<p>\u00derj\u00e1r undirs\u00ed\u00f0ur \u00feessa flokks fjalla um mikilv\u00e6gustu birtingarmyndirnar.<\/p>\n<p><strong><a href=\"https:\/\/iwell-guard.com\/is\/?page_id=169279\">Verndarbj\u00f6llur og klukkuhlj\u00f3mur<\/a>:<\/strong> Hlj\u00f3mur bj\u00f6llu e\u00f0a skellu telst \u00ed evr\u00f3pskum, jap\u00f6nskum og t\u00edbetskum <span class=\"iwg-fachbegriff\" data-tooltip=\"Mi\u00f0lun \u00feekkingar og fr\u00e1sagna milli kynsl\u00f3\u00f0a.\" tabindex=\"0\">munnm\u00e6lum<\/span> t\u00e6ki til a\u00f0 hrekja \u00e1 brott ska\u00f0valdandi verur og skilgreina heilaga sta\u00f0i. Kirkjuklukkur skyldu a\u00f0 s\u00f6gn mi\u00f0aldaheimilda halda dj\u00f6flum \u00ed burtu og milda \u00f3ve\u00f0ur. Litlar skellur \u00e1 \u00f3lum d\u00fdra, barnav\u00f6gnum og hur\u00f0arh\u00fanum h\u00f6f\u00f0u sama verndandi hlutverk \u00ed sm\u00e6kka\u00f0ri mynd.<\/p>\n<p><strong><a href=\"https:\/\/iwell-guard.com\/is\/?page_id=169281\">Verndarkerti\u00f0<\/a>:<\/strong> Lj\u00f3s \u00ed st\u00fdr\u00f0ri, sam\u00fejappa\u00f0ri mynd. Kerti\u00f0 stendur \u00e1 milli \u00feess a\u00f0 vera einfaldlega lj\u00f3s og a\u00f0 vera ath\u00f6fn \u00ed tr\u00faari\u00f0kun: \u00fea\u00f0 er kveikt af \u00e1setningi, oft blessa\u00f0, stundum merkt t\u00e1knum. \u00cd kristnum, gy\u00f0inglegum, hei\u00f0num og saml\u00f6gu\u00f0um hef\u00f0um brennur kerti\u00f0 til a\u00f0 verjast n\u00e1tt\u00farum sem virkar eru \u00e1 n\u00f3ttunni, til a\u00f0 verja deyjandi og til a\u00f0 halda opinni tengingu vi\u00f0 hi\u00f0 heilaga.<\/p>\n<p><strong><a href=\"https:\/\/iwell-guard.com\/is\/?page_id=169278\">Verndareldur og \u00fer\u00f6skuldslj\u00f3s<\/a>:<\/strong> Opinn eldur er eldri, st\u00e6rri \u00fatg\u00e1fan. Nau\u00f0eldar, s\u00f3lst\u00f6\u00f0ub\u00e1l og fj\u00f3seldar \u00fej\u00f3nu\u00f0u \u00ed evr\u00f3pskri \u00fej\u00f3\u00f0tr\u00fa til samf\u00e9lagslegrar hreinsunar og til a\u00f0 marka \u00e1rst\u00ed\u00f0am\u00f6rk, \u00fear sem ska\u00f0valdandi \u00f6fl \u00fe\u00f3ttu s\u00e9rstaklega virk. Eldur vi\u00f0 dyr, blys um akrana, kolakrossar yfir \u00fer\u00f6skuldi: lj\u00f3s sem markar m\u00f6rk.<\/p>\t\t\t\t\t\t\t\t<\/div>\n\t\t\t\t<\/div>\n\t\t\t\t\t<\/div>\n\t\t\t\t<\/div>\n\t\t<div class=\"elementor-element elementor-element-iwgs-klang-und-licht-s2 e-flex e-con-boxed e-con e-parent\" data-id=\"iwgs-klang-und-licht-s2\" data-element_type=\"container\" data-e-type=\"container\">\n\t\t\t\t\t<div class=\"e-con-inner\">\n\t\t\t\t<div class=\"elementor-element elementor-element-iwgs-klang-und-licht-s2h elementor-widget elementor-widget-heading\" data-id=\"iwgs-klang-und-licht-s2h\" data-element_type=\"widget\" data-e-type=\"widget\" data-widget_type=\"heading.default\">\n\t\t\t\t\t<h2 class=\"elementor-heading-title elementor-size-default\">Notkun og takmarkanir<\/h2>\t\t\t\t<\/div>\n\t\t<div class=\"elementor-element elementor-element-iw-klang-und-licht-s2-bw e-con-full e-flex e-con e-child\" data-id=\"iw-klang-und-licht-s2-bw\" data-element_type=\"container\" data-e-type=\"container\">\n\t\t\t\t<div class=\"elementor-element elementor-element-iwgs-klang-und-licht-s2t elementor-widget elementor-widget-text-editor\" data-id=\"iwgs-klang-und-licht-s2t\" data-element_type=\"widget\" data-e-type=\"widget\" data-widget_type=\"text-editor.default\">\n\t\t\t\t\t\t\t\t\t<p><span class=\"iwg-fachbegriff\" data-tooltip=\"Mi\u00f0lun \u00feekkingar og fr\u00e1sagna milli kynsl\u00f3\u00f0a.\" tabindex=\"0\">Munnm\u00e6lin<\/span> l\u00fdsa hlj\u00f3\u00f0i og lj\u00f3si sem virkum gegn fj\u00f6lda h\u00f3tana, en leggja einnig \u00e1herslu \u00e1 skilyr\u00f0i og takmarkanir. Hringing \u00e1n tr\u00faar og vitundar um tilgang \u00fe\u00f3tti m\u00f6rgum heimildarm\u00f6nnum \u00e1hrifalaus. Kerti sem brennur \u00e1n athygli hefur \u00ed helgisi\u00f0abundinni \u00fej\u00f3\u00f0tr\u00fa annan status en \u00fea\u00f0 sem kveikt er af \u00e1setningi.<\/p>\n<p>Hlj\u00f3\u00f0 og lj\u00f3s eru samkv\u00e6mt samhlj\u00f3\u00f0a hef\u00f0 ekki varanlegar verndarm\u00farar. \u00deau skapa \u00f6ryggisglugga, ekki m\u00far. S\u00e1 sem gengur a\u00f0 n\u00f3ttu me\u00f0 kerti um \u00f3gnvekjandi sv\u00e6\u00f0i er samkv\u00e6mt <span class=\"iwg-fachbegriff\" data-tooltip=\"Mi\u00f0lun \u00feekkingar og fr\u00e1sagna milli kynsl\u00f3\u00f0a.\" tabindex=\"0\">munnm\u00e6lunum<\/span> betur varinn en s\u00e1 sem er lj\u00f3slaus. En <span class=\"iwg-fachbegriff\" data-tooltip=\"Mi\u00f0lun \u00feekkingar og fr\u00e1sagna milli kynsl\u00f3\u00f0a.\" tabindex=\"0\">munnm\u00e6lin<\/span> leggja jafnframt \u00e1herslu \u00e1 a\u00f0 sl\u00f6kkvi logans rj\u00fafi verndar\u00e1hrifin samstundis.<\/p>\n<p>Enn ein takm\u00f6rkun felst \u00ed e\u00f0li h\u00f3tunarinnar. Ekki eru allar ska\u00f0valdandi verur taldar \u00ed \u00fej\u00f3\u00f0tr\u00fanni vi\u00f0kv\u00e6mar fyrir hlj\u00f3\u00f0i e\u00f0a lj\u00f3si. \u00c1kve\u00f0nir jar\u00f0andar e\u00f0a verur sem beinl\u00ednis eru tengdar eldi l\u00e1ta ekki hrekja sig me\u00f0 \u00feessum t\u00e6kjum. Hva\u00f0a verur eru l\u00fdstar vi\u00f0kv\u00e6mar fyrir hva\u00f0a verndargripum s\u00fdnir <a href=\"https:\/\/iwell-guard.com\/is\/?page_id=169276\">Verndarkomp\u00e1sinn<\/a>.<\/p>\t\t\t\t\t\t\t\t<\/div>\n\t\t\t\t<\/div>\n\t\t\t\t\t<\/div>\n\t\t\t\t<\/div>\n\t\t<div class=\"elementor-element elementor-element-iwgs-klang-und-licht-s3 e-flex e-con-boxed e-con e-parent\" data-id=\"iwgs-klang-und-licht-s3\" data-element_type=\"container\" data-e-type=\"container\">\n\t\t\t\t\t<div class=\"e-con-inner\">\n\t\t\t\t<div class=\"elementor-element elementor-element-iwgs-klang-und-licht-s3h elementor-widget elementor-widget-heading\" data-id=\"iwgs-klang-und-licht-s3h\" data-element_type=\"widget\" data-e-type=\"widget\" data-widget_type=\"heading.default\">\n\t\t\t\t\t<h2 class=\"elementor-heading-title elementor-size-default\">\u00cd Verndarkomp\u00e1snum<\/h2>\t\t\t\t<\/div>\n\t\t<div class=\"elementor-element elementor-element-iw-klang-und-licht-s3-bw e-con-full e-flex e-con e-child\" data-id=\"iw-klang-und-licht-s3-bw\" data-element_type=\"container\" data-e-type=\"container\">\n\t\t\t\t<div class=\"elementor-element elementor-element-iwgs-klang-und-licht-s3t elementor-widget elementor-widget-text-editor\" data-id=\"iwgs-klang-und-licht-s3t\" data-element_type=\"widget\" data-e-type=\"widget\" data-widget_type=\"text-editor.default\">\n\t\t\t\t\t\t\t\t\t<p>\u00cd <a href=\"https:\/\/iwell-guard.com\/is\/?page_id=169276\">Verndarkomp\u00e1snum<\/a> eru verndarbj\u00f6llur, verndarkerti og verndareldur hvert tengt \u00feeim verum sem \u00feau voru, samkv\u00e6mt <span class=\"iwg-fachbegriff\" data-tooltip=\"Mi\u00f0lun \u00feekkingar og fr\u00e1sagna kynsl\u00f3\u00f0 fram af kynsl\u00f3\u00f0.\" tabindex=\"0\">munnm\u00e6lum<\/span>, notu\u00f0 gegn. \u00dear sj\u00e1i\u00f0 \u00fe\u00e9r \u00ed hendi y\u00f0ar hva\u00f0a verutegundir og menningarheimar tengjast \u00feessum verndargripum, og \u00e1 hva\u00f0a h\u00e6ttustigi \u00feau eru r\u00e1\u00f0l\u00f6g\u00f0.<\/p>\t\t\t\t\t\t\t\t<\/div>\n\t\t\t\t<\/div>\n\t\t\t\t\t<\/div>\n\t\t\t\t<\/div>\n\t\t<div class=\"elementor-element elementor-element-iwgs-klang-und-licht-lit e-flex e-con-boxed e-con e-parent\" data-id=\"iwgs-klang-und-licht-lit\" data-element_type=\"container\" data-e-type=\"container\">\n\t\t\t\t\t<div class=\"e-con-inner\">\n\t\t\t\t<div class=\"elementor-element elementor-element-iwgs-klang-und-licht-lith elementor-widget elementor-widget-heading\" data-id=\"iwgs-klang-und-licht-lith\" data-element_type=\"widget\" data-e-type=\"widget\" data-widget_type=\"heading.default\">\n\t\t\t\t\t<h2 class=\"elementor-heading-title elementor-size-default\">Heimildir (\u00farval)<\/h2>\t\t\t\t<\/div>\n\t\t<div class=\"elementor-element elementor-element-iw-klang-und-licht-lit-bw e-con-full e-flex e-con e-child\" data-id=\"iw-klang-und-licht-lit-bw\" data-element_type=\"container\" data-e-type=\"container\">\n\t\t\t\t<div class=\"elementor-element elementor-element-iwgs-klang-und-licht-litt elementor-widget elementor-widget-html\" data-id=\"iwgs-klang-und-licht-litt\" data-element_type=\"widget\" data-e-type=\"widget\" data-widget_type=\"html.default\">\n\t\t\t\t\t<footer data-nosnippet=\"true\"><ul><li>Handw\u00f6rterbuch des deutschen Aberglaubens, hrsg. von Hanns B\u00e4chtold-St\u00e4ubli, 10 Bde., Berlin\/Leipzig 1927-1942 (Neudr. Berlin 1987).<\/li><li>P\u00f3cs, \u00c9va: Between the Living and the Dead. A Perspective on Witches and Seers in the Early Modern Age. Budapest 1999.<\/li><li>Eliade, Mircea: Das Heilige und das Profane. Vom Wesen des Religi\u00f6sen. Hamburg 1957.<\/li><li>Frazer, James George: Der goldene Zweig. Das Geheimnis von Glauben und Sitten der V\u00f6lker. K\u00f6ln 1968.<\/li><li>Lurker, Manfred: W\u00f6rterbuch der Symbolik. Stuttgart 1988.<\/li><\/ul><\/footer>\t\t\t\t<\/div>\n\t\t\t\t<\/div>\n\t\t\t\t\t<\/div>\n\t\t\t\t<\/div>\n\t\t<div class=\"elementor-element elementor-element-iwgs-klang-und-licht-kwd e-flex e-con-boxed e-con e-parent\" data-id=\"iwgs-klang-und-licht-kwd\" data-element_type=\"container\" data-e-type=\"container\">\n\t\t\t\t\t<div class=\"e-con-inner\">\n\t\t<div class=\"elementor-element elementor-element-iw-klang-und-licht-kwd-bw e-con-full e-flex e-con e-child\" data-id=\"iw-klang-und-licht-kwd-bw\" data-element_type=\"container\" data-e-type=\"container\">\n\t\t\t\t<div class=\"elementor-element elementor-element-iwgs-klang-und-licht-kwdt elementor-widget elementor-widget-text-editor\" data-id=\"iwgs-klang-und-licht-kwdt\" data-element_type=\"widget\" data-e-type=\"widget\" data-widget_type=\"text-editor.default\">\n\t\t\t\t\t\t\t\t\t<p><em>Tengd lykilor\u00f0: hlj\u00f3\u00f0 og lj\u00f3s vernd bj\u00f6llur fr\u00e1hrindun verndarkerti verndareldur h\u00e1va\u00f0i andar.<\/em><\/p>\t\t\t\t\t\t\t\t<\/div>\n\t\t\t\t<\/div>\n\t\t\t\t\t<\/div>\n\t\t\t\t<\/div>\n\t\t<div class=\"elementor-element elementor-element-iwgs-klang-und-licht-cc e-flex e-con-boxed e-con e-parent\" data-id=\"iwgs-klang-und-licht-cc\" data-element_type=\"container\" data-e-type=\"container\" id=\"iwg-cc-klang-und-licht\">\n\t\t\t\t\t<div class=\"e-con-inner\">\n\t\t<div class=\"elementor-element elementor-element-iwgs-klang-und-licht-ccinner e-flex e-con-boxed e-con e-parent\" data-id=\"iwgs-klang-und-licht-ccinner\" data-element_type=\"container\" data-e-type=\"container\" data-settings=\"{&quot;background_background&quot;:&quot;classic&quot;}\">\n\t\t\t\t\t<div class=\"e-con-inner\">\n\t\t\t\t<div class=\"elementor-element elementor-element-iwgs-klang-und-licht-cch elementor-widget elementor-widget-heading\" data-id=\"iwgs-klang-und-licht-cch\" data-element_type=\"widget\" data-e-type=\"widget\" data-widget_type=\"heading.default\">\n\t\t\t\t\t<h2 class=\"elementor-heading-title elementor-size-default\">iWell Guard og verndarhef\u00f0ir<\/h2>\t\t\t\t<\/div>\n\t\t\t\t<div class=\"elementor-element elementor-element-iwgs-klang-und-licht-cct elementor-widget elementor-widget-text-editor\" data-id=\"iwgs-klang-und-licht-cct\" data-element_type=\"widget\" data-e-type=\"widget\" data-widget_type=\"text-editor.default\">\n\t\t\t\t\t\t\t\t\t<p>Tengslin milli hlj\u00f3\u00f0s, lj\u00f3ss og verndar ganga \u00ed gegnum menningarheima sem vissu ekkert af hvor \u00f6\u00f0rum. Evr\u00f3pskar kirkjubj\u00f6llur, t\u00edbetskar sk\u00e1lar, forn-egypskir blys: alls sta\u00f0ar myndu\u00f0ust \u00feau reynsla a\u00f0 hlj\u00f3\u00f0 og lj\u00f3s breyti einhverju \u00ed r\u00faminu.<\/p><p><a href=\"https:\/\/iwell-guard.com\/is\/verndargripur-iwell-guard-kaupa\/\">iWell Guard<\/a> var \u00fer\u00f3a\u00f0ur me\u00f0 \u00fe\u00e1 metna\u00f0arfullu hugsj\u00f3n a\u00f0 sameina sl\u00edkar verndarhef\u00f0ir \u00ed formi sem bori\u00f0 er \u00e1 s\u00e9r og fylgir eigandanum \u00f3h\u00e1\u00f0 t\u00edma og sta\u00f0. Hann kemur ekki \u00ed sta\u00f0 hinnar helgu notkunar hlj\u00f3\u00f0s og lj\u00f3ss sem <span class=\"iwg-fachbegriff\" data-tooltip=\"Mi\u00f0lun \u00feekkingar og fr\u00e1sagna kynsl\u00f3\u00f0 fram af kynsl\u00f3\u00f0.\" tabindex=\"0\">munnm\u00e6lin<\/span> l\u00fdsa, heldur er hann vi\u00f0b\u00f3t sem varanlegur \u00e1minningarbur\u00f0ur um \u00feessar meginreglur.<\/p>\t\t\t\t\t\t\t\t<\/div>\n\t\t\t\t<div class=\"elementor-element elementor-element-iwgs-klang-und-licht-ccb iwg-cc-button iwg-cc-cta-2026-05-13 elementor-widget elementor-widget-jet-button\" data-id=\"iwgs-klang-und-licht-ccb\" data-element_type=\"widget\" data-e-type=\"widget\" data-widget_type=\"jet-button.default\">\n\t\t\t\t<div class=\"elementor-widget-container\">\n\t\t\t\t\t<div class=\"elementor-jet-button jet-elements\"><div class=\"jet-button__container\"><a class=\"jet-button__instance jet-button__instance--icon-left hover-effect-1\" href=\"\/schutzanhaenger-iwell-guard-kaufen\/?utm_source=iwell-guard.com&amp;utm_medium=info-box&amp;utm_campaign=schutzsymbole\"><div class=\"jet-button__plane jet-button__plane-normal\"><\/div><div class=\"jet-button__plane jet-button__plane-hover\"><\/div><div class=\"jet-button__state jet-button__state-normal\"><span class=\"jet-button__label\">Meira um iWell Guard<\/span><\/div><div class=\"jet-button__state jet-button__state-hover\"><span class=\"jet-button__label\">Meira um iWell Guard<\/span><\/div><\/a><\/div><\/div><style>.elementor-element.elementor-element-iwgs-klang-und-licht-ccb .jet-button__instance{width:320px;height:56px;}.elementor-element.elementor-element-iwgs-klang-und-licht-ccb .jet-button__state-normal .jet-button__label{text-align:center;margin:0px 0px 0px 0px;color:#1a1b20;font-family:Montserrat,sans-serif;font-size:13px;font-weight:400;letter-spacing:4px;line-height:1.714em;text-transform:uppercase;}.elementor-element.elementor-element-iwgs-klang-und-licht-ccb .jet-button__state-hover .jet-button__label{text-align:center;margin:0px 0px 0px 0px;color:#FECC76;font-family:Montserrat,sans-serif;font-size:13px;font-weight:400;letter-spacing:4px;line-height:1.714em;text-transform:uppercase;}.elementor-element.elementor-element-iwgs-klang-und-licht-ccb .jet-button__plane-normal{background-color:#FECC76;border-style:solid;border-color:#C99540;border-width:2px 2px 2px 2px;}.elementor-element.elementor-element-iwgs-klang-und-licht-ccb .jet-button__plane-hover{background-color:rgba(0,0,0,0.55);border-style:solid;border-color:#FECC76;border-width:2px 2px 2px 2px;}<\/style>\t\t\t\t<\/div>\n\t\t\t\t<\/div>\n\t\t\t\t<div class=\"elementor-element elementor-element-iwgs-klang-und-licht-ccd elementor-widget elementor-widget-text-editor\" data-id=\"iwgs-klang-und-licht-ccd\" data-element_type=\"widget\" data-e-type=\"widget\" data-widget_type=\"text-editor.default\">\n\t\t\t\t\t\t\t\t\t<p style=\"text-align:center;font-size:13px;opacity:0.7;margin-top:14px\" data-nosnippet=\"true\">Pers\u00f3nuleg reynsla getur veri\u00f0 mismunandi. Ekki l\u00e6kningat\u00e6ki. Engin lofor\u00f0 um l\u00e6kningu.<\/p>\t\t\t\t\t\t\t\t<\/div>\n\t\t\t\t\t<\/div>\n\t\t\t\t<\/div>\n\t\t\t\t\t<\/div>\n\t\t\t\t<\/div>\n\t\t<div class=\"elementor-element elementor-element-iwgs-klang-und-licht-disc e-flex e-con-boxed e-con e-parent\" data-id=\"iwgs-klang-und-licht-disc\" data-element_type=\"container\" data-e-type=\"container\">\n\t\t\t\t\t<div class=\"e-con-inner\">\n\t\t<div class=\"elementor-element elementor-element-iw-klang-und-licht-disc-bw e-con-full e-flex e-con e-child\" data-id=\"iw-klang-und-licht-disc-bw\" data-element_type=\"container\" data-e-type=\"container\">\n\t\t\t\t<div class=\"elementor-element elementor-element-iwgs-klang-und-licht-discw elementor-widget elementor-widget-html\" data-id=\"iwgs-klang-und-licht-discw\" data-element_type=\"widget\" data-e-type=\"widget\" data-widget_type=\"html.default\">\n\t\t\t\t\t<footer data-nosnippet=\"true\" class=\"iwg-disclaimer-block\"><p data-nosnippet=\"true\">iWell Guard er <strong>ekki l\u00e6kningat\u00e6ki<\/strong> og kemur ekki \u00ed sta\u00f0 l\u00e6knis- e\u00f0a s\u00e1lfr\u00e6\u00f0ime\u00f0fer\u00f0ar. Innihaldi\u00f0 sem h\u00e9r er sett fram er tr\u00faarbrag\u00f0afr\u00e6\u00f0ileg og menningars\u00f6gulega greining, ekki lofor\u00f0 um andlega virkni.<\/p><\/footer>\t\t\t\t<\/div>\n\t\t\t\t<\/div>\n\t\t\t\t\t<\/div>\n\t\t\t\t<\/div>\n\t\t\t\t<\/div>\n\t\t","protected":false},"excerpt":{"rendered":"","protected":false},"author":3,"featured_media":4141,"parent":0,"menu_order":0,"comment_status":"closed","ping_status":"closed","template":"elementor_header_footer","meta":{"_yoast_wpseo_focuskw":"hljod og ljos vernd","_yoast_wpseo_title":"Hlj\u00f3\u00f0 og lj\u00f3s til varnar ska\u00f0valdandi verum","_yoast_wpseo_metadesc":"Bj\u00f6llur, kerti og eldur sem verndargripir: hva\u00f0 munnm\u00e6lin eigna hlj\u00f3\u00f0i og lj\u00f3si gegn ska\u00f0valdandi verum.","_yoast_wpseo_meta-robots-noindex":"","_yoast_wpseo_canonical":"","_angie_page":false,"gefaehrdungsstufe":"","wesen_kultur":"","wesen_klasse":"","footnotes":""},"categories":[],"class_list":["post-169269","page","type-page","status-publish","has-post-thumbnail","hentry"],"yoast_head":"<!-- This site is optimized with the Yoast SEO Premium plugin v27.7 (Yoast SEO v28.3) - https:\/\/yoast.com\/product\/yoast-seo-premium-wordpress\/ -->\n<title>Hlj\u00f3\u00f0 og lj\u00f3s til varnar ska\u00f0valdandi verum<\/title>\n<meta name=\"description\" content=\"Bj\u00f6llur, kerti og eldur sem verndargripir: hva\u00f0 munnm\u00e6lin eigna hlj\u00f3\u00f0i og lj\u00f3si gegn ska\u00f0valdandi verum.\" \/>\n<meta name=\"robots\" content=\"index, follow, max-snippet:-1, max-image-preview:large, max-video-preview:-1\" \/>\n<link rel=\"canonical\" href=\"https:\/\/iwell-guard.com\/is\/hljod-og-ljos-til-varnar\/\" \/>\n<meta property=\"og:locale\" content=\"is_IS\" \/>\n<meta property=\"og:type\" content=\"article\" \/>\n<meta property=\"og:title\" content=\"Hlj\u00f3\u00f0 og lj\u00f3s til varnar\" \/>\n<meta property=\"og:description\" content=\"Bj\u00f6llur, kerti og eldur sem verndargripir: hva\u00f0 munnm\u00e6lin eigna hlj\u00f3\u00f0i og lj\u00f3si gegn ska\u00f0valdandi verum.\" \/>\n<meta property=\"og:url\" content=\"https:\/\/iwell-guard.com\/is\/hljod-og-ljos-til-varnar\/\" \/>\n<meta property=\"og:site_name\" content=\"iWell Guard\" \/>\n<meta property=\"article:modified_time\" content=\"2026-09-05T14:36:35+00:00\" \/>\n<meta property=\"og:image\" content=\"https:\/\/iwell-guard.com\/wp-content\/uploads\/2026\/05\/schutzsymbol_universell_klang-und-licht.png\" \/>\n\t<meta property=\"og:image:width\" content=\"1024\" \/>\n\t<meta property=\"og:image:height\" content=\"1536\" \/>\n\t<meta property=\"og:image:type\" content=\"image\/png\" \/>\n<meta name=\"twitter:card\" content=\"summary_large_image\" \/>\n<script type=\"application\/ld+json\" class=\"yoast-schema-graph\">{\"@context\":\"https:\\\/\\\/schema.org\",\"@graph\":[{\"@type\":\"WebPage\",\"@id\":\"https:\\\/\\\/iwell-guard.com\\\/is\\\/hljod-og-ljos-til-varnar\\\/\",\"url\":\"https:\\\/\\\/iwell-guard.com\\\/is\\\/hljod-og-ljos-til-varnar\\\/\",\"name\":\"Hlj\u00f3\u00f0 og lj\u00f3s til varnar ska\u00f0valdandi verum\",\"isPartOf\":{\"@id\":\"https:\\\/\\\/iwell-guard.com\\\/is\\\/#website\"},\"primaryImageOfPage\":{\"@id\":\"https:\\\/\\\/iwell-guard.com\\\/is\\\/hljod-og-ljos-til-varnar\\\/#primaryimage\"},\"image\":{\"@id\":\"https:\\\/\\\/iwell-guard.com\\\/is\\\/hljod-og-ljos-til-varnar\\\/#primaryimage\"},\"thumbnailUrl\":\"https:\\\/\\\/iwell-guard.com\\\/wp-content\\\/uploads\\\/2026\\\/05\\\/schutzsymbol_universell_klang-und-licht.png\",\"datePublished\":\"2026-09-05T14:06:59+00:00\",\"dateModified\":\"2026-09-05T14:36:35+00:00\",\"description\":\"Bj\u00f6llur, kerti og eldur sem verndargripir: hva\u00f0 munnm\u00e6lin eigna hlj\u00f3\u00f0i og lj\u00f3si gegn ska\u00f0valdandi verum.\",\"breadcrumb\":{\"@id\":\"https:\\\/\\\/iwell-guard.com\\\/is\\\/hljod-og-ljos-til-varnar\\\/#breadcrumb\"},\"inLanguage\":\"is\",\"potentialAction\":[{\"@type\":\"ReadAction\",\"target\":[\"https:\\\/\\\/iwell-guard.com\\\/is\\\/hljod-og-ljos-til-varnar\\\/\"]}]},{\"@type\":\"ImageObject\",\"inLanguage\":\"is\",\"@id\":\"https:\\\/\\\/iwell-guard.com\\\/is\\\/hljod-og-ljos-til-varnar\\\/#primaryimage\",\"url\":\"https:\\\/\\\/iwell-guard.com\\\/wp-content\\\/uploads\\\/2026\\\/05\\\/schutzsymbol_universell_klang-und-licht.png\",\"contentUrl\":\"https:\\\/\\\/iwell-guard.com\\\/wp-content\\\/uploads\\\/2026\\\/05\\\/schutzsymbol_universell_klang-und-licht.png\",\"width\":1024,\"height\":1536,\"caption\":\"Hlj\u00f3mur og lj\u00f3s til varnar \u2013 Bjalla og lj\u00f3sgl\u00f3\u00f0\"},{\"@type\":\"BreadcrumbList\",\"@id\":\"https:\\\/\\\/iwell-guard.com\\\/is\\\/hljod-og-ljos-til-varnar\\\/#breadcrumb\",\"itemListElement\":[{\"@type\":\"ListItem\",\"position\":1,\"name\":\"Start\",\"item\":\"https:\\\/\\\/iwell-guard.com\\\/is\\\/?page_id=168580\"},{\"@type\":\"ListItem\",\"position\":2,\"name\":\"Hlj\u00f3\u00f0 og lj\u00f3s til varnar\"}]},{\"@type\":\"WebSite\",\"@id\":\"https:\\\/\\\/iwell-guard.com\\\/is\\\/#website\",\"url\":\"https:\\\/\\\/iwell-guard.com\\\/is\\\/\",\"name\":\"iWell Guard\",\"description\":\"Schutz vor dunklen Einfl\u00fcssen\",\"publisher\":{\"@id\":\"https:\\\/\\\/iwell-guard.com\\\/is\\\/#organization\"},\"potentialAction\":[{\"@type\":\"SearchAction\",\"target\":{\"@type\":\"EntryPoint\",\"urlTemplate\":\"https:\\\/\\\/iwell-guard.com\\\/is\\\/?s={search_term_string}\"},\"query-input\":{\"@type\":\"PropertyValueSpecification\",\"valueRequired\":true,\"valueName\":\"search_term_string\"}}],\"inLanguage\":\"is\"},{\"@type\":\"Organization\",\"@id\":\"https:\\\/\\\/iwell-guard.com\\\/is\\\/#organization\",\"name\":\"Ittermann electronic GmbH\",\"url\":\"https:\\\/\\\/iwell-guard.com\\\/is\\\/\",\"logo\":{\"@type\":\"ImageObject\",\"inLanguage\":\"is\",\"@id\":\"https:\\\/\\\/iwell-guard.com\\\/is\\\/#\\\/schema\\\/logo\\\/image\\\/\",\"url\":\"https:\\\/\\\/iwell-guard.com\\\/wp-content\\\/uploads\\\/2026\\\/05\\\/Ittermann-Logo-1182x237-1.png\",\"contentUrl\":\"https:\\\/\\\/iwell-guard.com\\\/wp-content\\\/uploads\\\/2026\\\/05\\\/Ittermann-Logo-1182x237-1.png\",\"width\":1182,\"height\":237,\"caption\":\"Ittermann electronic GmbH\"},\"image\":{\"@id\":\"https:\\\/\\\/iwell-guard.com\\\/is\\\/#\\\/schema\\\/logo\\\/image\\\/\"},\"sameAs\":[\"https:\\\/\\\/pantip.com\\\/profile\\\/9367242\",\"https:\\\/\\\/micro.blog\\\/iwellguard\",\"https:\\\/\\\/www.diggerslist.com\\\/iwellguard\\\/about\",\"https:\\\/\\\/skitterphoto.com\\\/photographers\\\/2870314\\\/iwell-guard\",\"https:\\\/\\\/iwellguard.wordpress.com\\\/2026\\\/06\\\/06\\\/iwell-guard\\\/\",\"https:\\\/\\\/hub.docker.com\\\/u\\\/iwellguard\",\"https:\\\/\\\/www.pinterest.com\\\/iwellguard\\\/\",\"https:\\\/\\\/bit.ly\\\/m\\\/iwellguard\",\"https:\\\/\\\/entre-vos-mains.alsace.eu\\\/profiles\\\/iwellguard\\\/activity\",\"https:\\\/\\\/gravatar.com\\\/reallybeded8fd34\",\"https:\\\/\\\/naijamatta.com\\\/iwellguard\",\"https:\\\/\\\/www.goodreads.com\\\/iwellguard\",\"https:\\\/\\\/profile.hatena.ne.jp\\\/iwellguard\\\/\",\"https:\\\/\\\/experiment.com\\\/users\\\/iwellguard\",\"https:\\\/\\\/wakelet.com\\\/@iWellGuard82270\",\"https:\\\/\\\/www.chordie.com\\\/forum\\\/profile.php?id=2555664\",\"https:\\\/\\\/www.instapaper.com\\\/p\\\/17757966\",\"https:\\\/\\\/www.mapleprimes.com\\\/users\\\/iwellguard\",\"https:\\\/\\\/businesslistingplus.com\\\/profile\\\/iwell-guard\\\/\",\"https:\\\/\\\/telegra.ph\\\/iWell-Guard-06-06\",\"https:\\\/\\\/pbase.com\\\/iwellguard\\\/iwellguard\",\"https:\\\/\\\/b.hatena.ne.jp\\\/iwellguard\\\/20260607#bookmark-4788405196491818882\",\"https:\\\/\\\/fliphtml5.com\\\/home\\\/iwellguard\",\"https:\\\/\\\/anyflip.com\\\/homepage\\\/cmiwl#About\",\"https:\\\/\\\/transfur.com\\\/Users\\\/iwellguard\",\"http:\\\/\\\/delphi.larsbo.org\\\/user\\\/iwellguard\",\"https:\\\/\\\/jobs.lajobsportal.org\\\/profiles\\\/8380803-iwell-guard\",\"https:\\\/\\\/md.chaosdorf.de\\\/s\\\/jfbe5SBdJD\",\"https:\\\/\\\/www.lingvolive.com\\\/en-us\\\/profile\\\/9ecaeaca-ce11-4e51-9e71-01d55e2bff36\\\/translations\",\"https:\\\/\\\/www.fitday.com\\\/fitness\\\/forums\\\/members\\\/iwellguard.html\",\"https:\\\/\\\/www.mymeetbook.com\\\/iwellguard\",\"https:\\\/\\\/pxhere.com\\\/en\\\/photographer-me\\\/5040798\",\"https:\\\/\\\/disqus.com\\\/by\\\/iwellguard\\\/about\\\/\",\"https:\\\/\\\/pastelink.net\\\/hjwciqwq\",\"https:\\\/\\\/pubhtml5.com\\\/homepage\\\/scjhn\\\/\",\"https:\\\/\\\/www.bitchute.com\\\/channel\\\/2O2eOKzNqujT\",\"https:\\\/\\\/audiomack.com\\\/iwellguard\"]}]}<\/script>\n<!-- \/ Yoast SEO Premium plugin. -->","yoast_head_json":{"title":"Hlj\u00f3\u00f0 og lj\u00f3s til varnar ska\u00f0valdandi verum","description":"Bj\u00f6llur, kerti og eldur sem verndargripir: hva\u00f0 munnm\u00e6lin eigna hlj\u00f3\u00f0i og lj\u00f3si gegn ska\u00f0valdandi verum.","robots":{"index":"index","follow":"follow","max-snippet":"max-snippet:-1","max-image-preview":"max-image-preview:large","max-video-preview":"max-video-preview:-1"},"canonical":"https:\/\/iwell-guard.com\/is\/hljod-og-ljos-til-varnar\/","og_locale":"is_IS","og_type":"article","og_title":"Hlj\u00f3\u00f0 og lj\u00f3s til varnar","og_description":"Bj\u00f6llur, kerti og eldur sem verndargripir: hva\u00f0 munnm\u00e6lin eigna hlj\u00f3\u00f0i og lj\u00f3si gegn ska\u00f0valdandi verum.","og_url":"https:\/\/iwell-guard.com\/is\/hljod-og-ljos-til-varnar\/","og_site_name":"iWell Guard","article_modified_time":"2026-09-05T14:36:35+00:00","og_image":[{"width":1024,"height":1536,"url":"https:\/\/iwell-guard.com\/wp-content\/uploads\/2026\/05\/schutzsymbol_universell_klang-und-licht.png","type":"image\/png"}],"twitter_card":"summary_large_image","schema":{"@context":"https:\/\/schema.org","@graph":[{"@type":"WebPage","@id":"https:\/\/iwell-guard.com\/is\/hljod-og-ljos-til-varnar\/","url":"https:\/\/iwell-guard.com\/is\/hljod-og-ljos-til-varnar\/","name":"Hlj\u00f3\u00f0 og lj\u00f3s til varnar ska\u00f0valdandi verum","isPartOf":{"@id":"https:\/\/iwell-guard.com\/is\/#website"},"primaryImageOfPage":{"@id":"https:\/\/iwell-guard.com\/is\/hljod-og-ljos-til-varnar\/#primaryimage"},"image":{"@id":"https:\/\/iwell-guard.com\/is\/hljod-og-ljos-til-varnar\/#primaryimage"},"thumbnailUrl":"https:\/\/iwell-guard.com\/wp-content\/uploads\/2026\/05\/schutzsymbol_universell_klang-und-licht.png","datePublished":"2026-09-05T14:06:59+00:00","dateModified":"2026-09-05T14:36:35+00:00","description":"Bj\u00f6llur, kerti og eldur sem verndargripir: hva\u00f0 munnm\u00e6lin eigna hlj\u00f3\u00f0i og lj\u00f3si gegn ska\u00f0valdandi verum.","breadcrumb":{"@id":"https:\/\/iwell-guard.com\/is\/hljod-og-ljos-til-varnar\/#breadcrumb"},"inLanguage":"is","potentialAction":[{"@type":"ReadAction","target":["https:\/\/iwell-guard.com\/is\/hljod-og-ljos-til-varnar\/"]}]},{"@type":"ImageObject","inLanguage":"is","@id":"https:\/\/iwell-guard.com\/is\/hljod-og-ljos-til-varnar\/#primaryimage","url":"https:\/\/iwell-guard.com\/wp-content\/uploads\/2026\/05\/schutzsymbol_universell_klang-und-licht.png","contentUrl":"https:\/\/iwell-guard.com\/wp-content\/uploads\/2026\/05\/schutzsymbol_universell_klang-und-licht.png","width":1024,"height":1536,"caption":"Hlj\u00f3mur og lj\u00f3s til varnar \u2013 Bjalla og lj\u00f3sgl\u00f3\u00f0"},{"@type":"BreadcrumbList","@id":"https:\/\/iwell-guard.com\/is\/hljod-og-ljos-til-varnar\/#breadcrumb","itemListElement":[{"@type":"ListItem","position":1,"name":"Start","item":"https:\/\/iwell-guard.com\/is\/?page_id=168580"},{"@type":"ListItem","position":2,"name":"Hlj\u00f3\u00f0 og lj\u00f3s til varnar"}]},{"@type":"WebSite","@id":"https:\/\/iwell-guard.com\/is\/#website","url":"https:\/\/iwell-guard.com\/is\/","name":"iWell Guard","description":"Schutz vor dunklen Einfl\u00fcssen","publisher":{"@id":"https:\/\/iwell-guard.com\/is\/#organization"},"potentialAction":[{"@type":"SearchAction","target":{"@type":"EntryPoint","urlTemplate":"https:\/\/iwell-guard.com\/is\/?s={search_term_string}"},"query-input":{"@type":"PropertyValueSpecification","valueRequired":true,"valueName":"search_term_string"}}],"inLanguage":"is"},{"@type":"Organization","@id":"https:\/\/iwell-guard.com\/is\/#organization","name":"Ittermann electronic GmbH","url":"https:\/\/iwell-guard.com\/is\/","logo":{"@type":"ImageObject","inLanguage":"is","@id":"https:\/\/iwell-guard.com\/is\/#\/schema\/logo\/image\/","url":"https:\/\/iwell-guard.com\/wp-content\/uploads\/2026\/05\/Ittermann-Logo-1182x237-1.png","contentUrl":"https:\/\/iwell-guard.com\/wp-content\/uploads\/2026\/05\/Ittermann-Logo-1182x237-1.png","width":1182,"height":237,"caption":"Ittermann electronic GmbH"},"image":{"@id":"https:\/\/iwell-guard.com\/is\/#\/schema\/logo\/image\/"},"sameAs":["https:\/\/pantip.com\/profile\/9367242","https:\/\/micro.blog\/iwellguard","https:\/\/www.diggerslist.com\/iwellguard\/about","https:\/\/skitterphoto.com\/photographers\/2870314\/iwell-guard","https:\/\/iwellguard.wordpress.com\/2026\/06\/06\/iwell-guard\/","https:\/\/hub.docker.com\/u\/iwellguard","https:\/\/www.pinterest.com\/iwellguard\/","https:\/\/bit.ly\/m\/iwellguard","https:\/\/entre-vos-mains.alsace.eu\/profiles\/iwellguard\/activity","https:\/\/gravatar.com\/reallybeded8fd34","https:\/\/naijamatta.com\/iwellguard","https:\/\/www.goodreads.com\/iwellguard","https:\/\/profile.hatena.ne.jp\/iwellguard\/","https:\/\/experiment.com\/users\/iwellguard","https:\/\/wakelet.com\/@iWellGuard82270","https:\/\/www.chordie.com\/forum\/profile.php?id=2555664","https:\/\/www.instapaper.com\/p\/17757966","https:\/\/www.mapleprimes.com\/users\/iwellguard","https:\/\/businesslistingplus.com\/profile\/iwell-guard\/","https:\/\/telegra.ph\/iWell-Guard-06-06","https:\/\/pbase.com\/iwellguard\/iwellguard","https:\/\/b.hatena.ne.jp\/iwellguard\/20260607#bookmark-4788405196491818882","https:\/\/fliphtml5.com\/home\/iwellguard","https:\/\/anyflip.com\/homepage\/cmiwl#About","https:\/\/transfur.com\/Users\/iwellguard","http:\/\/delphi.larsbo.org\/user\/iwellguard","https:\/\/jobs.lajobsportal.org\/profiles\/8380803-iwell-guard","https:\/\/md.chaosdorf.de\/s\/jfbe5SBdJD","https:\/\/www.lingvolive.com\/en-us\/profile\/9ecaeaca-ce11-4e51-9e71-01d55e2bff36\/translations","https:\/\/www.fitday.com\/fitness\/forums\/members\/iwellguard.html","https:\/\/www.mymeetbook.com\/iwellguard","https:\/\/pxhere.com\/en\/photographer-me\/5040798","https:\/\/disqus.com\/by\/iwellguard\/about\/","https:\/\/pastelink.net\/hjwciqwq","https:\/\/pubhtml5.com\/homepage\/scjhn\/","https:\/\/www.bitchute.com\/channel\/2O2eOKzNqujT","https:\/\/audiomack.com\/iwellguard"]}]}},"_links":{"self":[{"href":"https:\/\/iwell-guard.com\/is\/wp-json\/wp\/v2\/pages\/169269","targetHints":{"allow":["GET"]}}],"collection":[{"href":"https:\/\/iwell-guard.com\/is\/wp-json\/wp\/v2\/pages"}],"about":[{"href":"https:\/\/iwell-guard.com\/is\/wp-json\/wp\/v2\/types\/page"}],"author":[{"embeddable":true,"href":"https:\/\/iwell-guard.com\/is\/wp-json\/wp\/v2\/users\/3"}],"replies":[{"embeddable":true,"href":"https:\/\/iwell-guard.com\/is\/wp-json\/wp\/v2\/comments?post=169269"}],"version-history":[{"count":0,"href":"https:\/\/iwell-guard.com\/is\/wp-json\/wp\/v2\/pages\/169269\/revisions"}],"wp:featuredmedia":[{"embeddable":true,"href":"https:\/\/iwell-guard.com\/is\/wp-json\/wp\/v2\/media\/4141"}],"wp:attachment":[{"href":"https:\/\/iwell-guard.com\/is\/wp-json\/wp\/v2\/media?parent=169269"}],"wp:term":[{"taxonomy":"category","embeddable":true,"href":"https:\/\/iwell-guard.com\/is\/wp-json\/wp\/v2\/categories?post=169269"}],"curies":[{"name":"wp","href":"https:\/\/api.w.org\/{rel}","templated":true}]}}