{"id":169268,"date":"2026-09-05T14:06:59","date_gmt":"2026-09-05T14:06:59","guid":{"rendered":"https:\/\/iwell-guard.com\/?page_id=169268"},"modified":"2026-09-05T14:36:35","modified_gmt":"2026-09-05T14:36:35","slug":"hvitlaukur-sem-vernd","status":"publish","type":"page","link":"https:\/\/iwell-guard.com\/is\/hvitlaukur-sem-vernd\/","title":{"rendered":"Hv\u00edtlaukur sem verndargripur"},"content":{"rendered":"\t\t<div data-elementor-type=\"wp-page\" data-elementor-id=\"169268\" class=\"elementor elementor-169268 elementor-3778 elementor-bc-flex-widget\" data-elementor-post-type=\"page\">\n\t\t\t\t<div class=\"elementor-element elementor-element-iwgs-knoblauch-hero e-flex e-con-boxed e-con e-parent\" data-id=\"iwgs-knoblauch-hero\" data-element_type=\"container\" data-e-type=\"container\">\n\t\t\t\t\t<div class=\"e-con-inner\">\n\t\t<div class=\"elementor-element elementor-element-iw-knoblauch-hero-left e-con-full e-flex e-con e-child\" data-id=\"iw-knoblauch-hero-left\" data-element_type=\"container\" data-e-type=\"container\">\n\t\t\t\t<div class=\"elementor-element elementor-element-iwgs-knoblauch-h1 elementor-widget elementor-widget-heading\" data-id=\"iwgs-knoblauch-h1\" data-element_type=\"widget\" data-e-type=\"widget\" data-widget_type=\"heading.default\">\n\t\t\t\t\t<h1 class=\"elementor-heading-title elementor-size-default\">Hv\u00edtlaukur sem verndargripur<\/h1>\t\t\t\t<\/div>\n\t\t<div class=\"elementor-element elementor-element-iw-knoblauch-hero-bw e-con-full e-flex e-con e-child\" data-id=\"iw-knoblauch-hero-bw\" data-element_type=\"container\" data-e-type=\"container\">\n\t\t\t\t<div class=\"elementor-element elementor-element-iwgs-knoblauch-pills elementor-widget elementor-widget-html\" data-id=\"iwgs-knoblauch-pills\" data-element_type=\"widget\" data-e-type=\"widget\" data-widget_type=\"html.default\">\n\t\t\t\t\t<div class=\"iwg-pill-row\"><span class=\"iwg-klasse-badge\" tabindex=\"0\" data-tooltip=\"Tegund verndargripsins.\">Verndarefni<\/span><a href=\"https:\/\/iwell-guard.com\/is\/?page_id=169258\" class=\"iwg-kultur-badge\" tabindex=\"0\" data-tooltip=\"Fara \u00e1 yfirlit.\">Verndarefni og jurtir<\/a><\/div>\t\t\t\t<\/div>\n\t\t\t\t<div class=\"elementor-element elementor-element-iwgs-knoblauch-lead elementor-widget elementor-widget-text-editor\" data-id=\"iwgs-knoblauch-lead\" data-element_type=\"widget\" data-e-type=\"widget\" data-widget_type=\"text-editor.default\">\n\t\t\t\t\t\t\t\t\t<p>Hv\u00edtlaukur er eitt kunnasta verndarefni \u00fej\u00f3\u00f0tr\u00faarins, langt umfram \u00fe\u00e1 \u00fatbrei\u00f0slu sem tengist vamp\u00edrus\u00f6gnum.<\/p><p>Knippan me\u00f0 sinni einkennandi lykt var \u00ed fj\u00f6lm\u00f6rgum menningarheimum talin verndarpl\u00f6ntu: gegn bl\u00f3\u00f0sugandi verum, gegn illu auga, gegn dj\u00f6flum og gegn almennri ska\u00f0semi \u00far andaheiminum. \u00deessi verndarhlutverk eru sta\u00f0fest b\u00e6\u00f0i \u00ed Evr\u00f3pu, Mi\u00f0austurl\u00f6ndum og Austur-As\u00edu.<\/p>\n<p>Sem hluti af <a href=\"https:\/\/iwell-guard.com\/is\/?page_id=169258\">verndarefnum og verndarpl\u00f6ntum<\/a> tilheyrir hv\u00edtlaukur flokki pl\u00f6ntuvarna, en <span class=\"iwg-fachbegriff\" data-tooltip=\"\u00deekking og s\u00f6gur sem berast \u00e1fram milli kynsl\u00f3\u00f0a.\" tabindex=\"0\">munnm\u00e6lin<\/span> rekja virkni hans fyrst og fremst til lyktar, beiskju og m\u00e1ttar sem talinn er b\u00faa \u00ed jurtinni til a\u00f0 hrekja fr\u00e1. \u00deessa \u00fej\u00f3\u00f0sagnalegu verndarhlutverk \u00fearf a\u00f0 a\u00f0greina sk\u00fdrt fr\u00e1 l\u00e6knisfr\u00e6\u00f0ilegum sta\u00f0h\u00e6fingum: \u00fea\u00f0 sem <span class=\"iwg-fachbegriff\" data-tooltip=\"\u00deekking og s\u00f6gur sem berast \u00e1fram milli kynsl\u00f3\u00f0a.\" tabindex=\"0\">munnm\u00e6lin<\/span> l\u00fdsa er <span class=\"iwg-fachbegriff\" data-tooltip=\"Tr\u00faarlegar hugmyndir og si\u00f0ir sem eru \u00fatbreiddir \u00ed daglegu l\u00edfi.\" tabindex=\"0\">\u00fej\u00f3\u00f0tr\u00fa<\/span>, ekki sta\u00f0fest l\u00e6knandi virkni.<\/p>\t\t\t\t\t\t\t\t<\/div>\n\t\t\t\t<\/div>\n\t\t\t\t<\/div>\n\t\t<div class=\"elementor-element elementor-element-iw-knoblauch-hero-img e-con-full e-flex e-con e-child\" data-id=\"iw-knoblauch-hero-img\" data-element_type=\"container\" data-e-type=\"container\">\n\t\t\t\t<div class=\"elementor-element elementor-element-iwgs-knoblauch-himg iwg-hero-image elementor-widget elementor-widget-image\" data-id=\"iwgs-knoblauch-himg\" data-element_type=\"widget\" data-e-type=\"widget\" data-widget_type=\"image.default\">\n\t\t\t\t\t\t\t\t\t\t\t\t\t\t\t<img fetchpriority=\"high\" decoding=\"async\" width=\"683\" height=\"1024\" src=\"https:\/\/iwell-guard.com\/wp-content\/uploads\/2026\/05\/schutzsymbol_mediterran_knoblauch-683x1024.png\" class=\"attachment-large size-large wp-image-170456\" alt=\"Hv\u00edtlaukur sem verndargripur, s\u00f6guleg mynd\" srcset=\"https:\/\/iwell-guard.com\/wp-content\/uploads\/2026\/05\/schutzsymbol_mediterran_knoblauch-683x1024.png 683w, https:\/\/iwell-guard.com\/wp-content\/uploads\/2026\/05\/schutzsymbol_mediterran_knoblauch-200x300.png 200w, https:\/\/iwell-guard.com\/wp-content\/uploads\/2026\/05\/schutzsymbol_mediterran_knoblauch-768x1152.png 768w, https:\/\/iwell-guard.com\/wp-content\/uploads\/2026\/05\/schutzsymbol_mediterran_knoblauch.png 1024w\" sizes=\"(max-width: 683px) 100vw, 683px\" \/>\t\t\t\t\t\t\t\t\t\t\t\t\t\t\t<\/div>\n\t\t\t\t<\/div>\n\t\t\t\t\t<\/div>\n\t\t\t\t<\/div>\n\t\t<div class=\"elementor-element elementor-element-iwgs-knoblauch-s0 e-flex e-con-boxed e-con e-parent\" data-id=\"iwgs-knoblauch-s0\" data-element_type=\"container\" data-e-type=\"container\">\n\t\t\t\t\t<div class=\"e-con-inner\">\n\t\t\t\t<div class=\"elementor-element elementor-element-iwgs-knoblauch-s0h elementor-widget elementor-widget-heading\" data-id=\"iwgs-knoblauch-s0h\" data-element_type=\"widget\" data-e-type=\"widget\" data-widget_type=\"heading.default\">\n\t\t\t\t\t<h2 class=\"elementor-heading-title elementor-size-default\">Skj\u00f3tt yfirlit<\/h2>\t\t\t\t<\/div>\n\t\t<div class=\"elementor-element elementor-element-iw-knoblauch-s0-bw e-con-full e-flex e-con e-child\" data-id=\"iw-knoblauch-s0-bw\" data-element_type=\"container\" data-e-type=\"container\">\n\t\t\t\t<div class=\"elementor-element elementor-element-iwgs-knoblauch-s0t elementor-widget elementor-widget-text-editor\" data-id=\"iwgs-knoblauch-s0t\" data-element_type=\"widget\" data-e-type=\"widget\" data-widget_type=\"text-editor.default\">\n\t\t\t\t\t\t\t\t\t<p>\u00cd <span class=\"iwg-fachbegriff\" data-tooltip=\"\u00deekking og s\u00f6gur sem berast \u00e1fram milli kynsl\u00f3\u00f0a.\" tabindex=\"0\">munnm\u00e6lunum<\/span> er hv\u00edtlaukur talinn eitt mikilv\u00e6gasta varnarefni\u00f0 gegn vamp\u00edrum og vamp\u00edruskyldum verum \u00ed Austur-Evr\u00f3pu og Mi\u00f0jar\u00f0arhafssv\u00e6\u00f0inu. Auk \u00feess er hann v\u00ed\u00f0a nota\u00f0ur gegn illu auga, dj\u00f6flum og sj\u00fakd\u00f3ms\u00f6ndum.<\/p><p>D\u00e6miger\u00f0ar a\u00f0fer\u00f0ir eru \u00feurrka\u00f0ir hv\u00edtlauksbenglar yfir dyrum og gluggum, hv\u00edtlaukslauf vi\u00f0 r\u00fam sofandi f\u00f3lks og barna, og a\u00f0 nudda hv\u00edtlauk \u00e1 dyra\u00fer\u00f6skuld og opnanir \u00e1 veggjum. Verndarm\u00e1tturinn er rakinn til hinnar s\u00e9rst\u00f6ku beiskju og sterku lyktar jurtarinnar.<\/p>\t\t\t\t\t\t\t\t<\/div>\n\t\t\t\t<\/div>\n\t\t\t\t\t<\/div>\n\t\t\t\t<\/div>\n\t\t<div class=\"elementor-element elementor-element-iwgs-knoblauch-s1 e-flex e-con-boxed e-con e-parent\" data-id=\"iwgs-knoblauch-s1\" data-element_type=\"container\" data-e-type=\"container\">\n\t\t\t\t\t<div class=\"e-con-inner\">\n\t\t\t\t<div class=\"elementor-element elementor-element-iwgs-knoblauch-s1h elementor-widget elementor-widget-heading\" data-id=\"iwgs-knoblauch-s1h\" data-element_type=\"widget\" data-e-type=\"widget\" data-widget_type=\"heading.default\">\n\t\t\t\t\t<h2 class=\"elementor-heading-title elementor-size-default\">Uppruni og munnm\u00e6li<\/h2>\t\t\t\t<\/div>\n\t\t<div class=\"elementor-element elementor-element-iw-knoblauch-s1-bw e-con-full e-flex e-con e-child\" data-id=\"iw-knoblauch-s1-bw\" data-element_type=\"container\" data-e-type=\"container\">\n\t\t\t\t<div class=\"elementor-element elementor-element-iwgs-knoblauch-s1t elementor-widget elementor-widget-text-editor\" data-id=\"iwgs-knoblauch-s1t\" data-element_type=\"widget\" data-e-type=\"widget\" data-widget_type=\"text-editor.default\">\n\t\t\t\t\t\t\t\t\t<p>Notkun hv\u00edtlauks \u00ed verndargaldri er sta\u00f0fest \u00ed skriflegum heimildum allt fr\u00e1 <span class=\"iwg-fachbegriff\" data-tooltip=\"T\u00edmabil gr\u00edskrar og r\u00f3mverskrar menningar, um 800 f.Kr. til 600 e.Kr.\" tabindex=\"0\">forn\u00f6ld<\/span>. Egypskir pap\u00fdrusar og forngr\u00edskar heimildir v\u00edsa til fr\u00e1hrekjandi m\u00e1ttar hv\u00edtlauks gegn andaverum. \u00cd gr\u00edskri \u00fej\u00f3\u00f0tr\u00fa var hv\u00edtlauk lag\u00f0ur \u00e1 vegam\u00f3t, sem talin voru dvalarsta\u00f0ur Hekate og andafylgdar hennar, til a\u00f0 halda \u00feeim \u00ed fjarl\u00e6g\u00f0.<\/p>\n<p>\u00cd Evr\u00f3pu er tengingin milli hv\u00edtlauks og verndar gegn vamp\u00edrum skjalfest fr\u00e1 mi\u00f0\u00f6ldum, \u00fe\u00f3tt hin \u00fatbreidda mynd hennar s\u00e9 mj\u00f6g m\u00f3tu\u00f0 af Balkanmunnm\u00e6lum 17. til 19. aldar.<\/p><p><span data-nosnippet>Austurr\u00edskar og serbneskar fr\u00e1sagnir fr\u00e1 \u00feessum t\u00edma, skr\u00e1\u00f0ar \u00ed vamp\u00edrufr\u00e6\u00f0ilegum heimildum eins og m\u00e1li Arnauds Paole (1726), l\u00fdsa hv\u00edtlauk sem einu af hef\u00f0bundnum r\u00e1\u00f0um gegn vamp\u00edrugrun: \u00ed munn hins gruna\u00f0a, yfir \u00fer\u00f6skulda hins snerta h\u00fass, \u00ed gr\u00f6fina.<\/span><\/p>\n<p>Samhli\u00f0a er til hef\u00f0 um hv\u00edtlauk sem v\u00f6rn gegn illu auga, \u00f3h\u00e1\u00f0 vamp\u00edrumunnm\u00e6lunum.<\/p><p>\u00deessi hef\u00f0 er s\u00e9rlega sterk \u00e1 Mi\u00f0jar\u00f0arhafssv\u00e6\u00f0inu: \u00ed Grikklandi, Su\u00f0ur-\u00cdtal\u00edu, Tyrklandi og Mi\u00f0austurl\u00f6ndum er tali\u00f0 a\u00f0 a\u00f0 bera hv\u00edtlauksbita e\u00f0a hengja upp hv\u00edtlauksbengla veiti v\u00f6rn gegn Nazar, illu auga. \u00c1samt <a href=\"https:\/\/iwell-guard.com\/is\/?page_id=169275\">salti<\/a> og bl\u00e1um augnverndargripum myndar hv\u00edtlaukur \u00e1 \u00feessu sv\u00e6\u00f0i klass\u00edskt sett verndargripa.<\/p>\t\t\t\t\t\t\t\t<\/div>\n\t\t\t\t<\/div>\n\t\t\t\t\t<\/div>\n\t\t\t\t<\/div>\n\t\t<div class=\"elementor-element elementor-element-iwgs-knoblauch-s2 e-flex e-con-boxed e-con e-parent\" data-id=\"iwgs-knoblauch-s2\" data-element_type=\"container\" data-e-type=\"container\">\n\t\t\t\t\t<div class=\"e-con-inner\">\n\t\t\t\t<div class=\"elementor-element elementor-element-iwgs-knoblauch-s2h elementor-widget elementor-widget-heading\" data-id=\"iwgs-knoblauch-s2h\" data-element_type=\"widget\" data-e-type=\"widget\" data-widget_type=\"heading.default\">\n\t\t\t\t\t<h2 class=\"elementor-heading-title elementor-size-default\">Virknihugmynd samkv\u00e6mt munnm\u00e6lum<\/h2>\t\t\t\t<\/div>\n\t\t<div class=\"elementor-element elementor-element-iw-knoblauch-s2-bw e-con-full e-flex e-con e-child\" data-id=\"iw-knoblauch-s2-bw\" data-element_type=\"container\" data-e-type=\"container\">\n\t\t\t\t<div class=\"elementor-element elementor-element-iwgs-knoblauch-s2t elementor-widget elementor-widget-text-editor\" data-id=\"iwgs-knoblauch-s2t\" data-element_type=\"widget\" data-e-type=\"widget\" data-widget_type=\"text-editor.default\">\n\t\t\t\t\t\t\t\t\t<p><span class=\"iwg-fachbegriff\" data-tooltip=\"\u00deekking og s\u00f6gur sem berast \u00e1fram milli kynsl\u00f3\u00f0a.\" tabindex=\"0\">Munnm\u00e6lin<\/span> rekja verndarm\u00e1tt hv\u00edtlauks til nokkurra eiginleika.<\/p>\n<p>Sterk lyktin er algengasta \u00fatsk\u00fdringin. Verur sem samkv\u00e6mt \u00fej\u00f3\u00f0tr\u00fanni eru bundnar \u00e1kve\u00f0num eiginleikum loftsins, myrkri, kyrr\u00f0, kulda, geta samkv\u00e6mt \u00feessari hugsun ekki \u00feola\u00f0 sterka n\u00e6rveru hv\u00edtlauksins.<\/p><p>Lykt sem markal\u00edna er v\u00ed\u00f0a \u00ed \u00fej\u00f3\u00f0tr\u00fanni: \u00fea\u00f0 sem lyktar sterkt getur haldi\u00f0 hinu \u00f3s\u00fdnilega \u00ed fjarl\u00e6g\u00f0.<\/p>\n<p>\u00cd kristnum evr\u00f3pskum menningarheimum er auk \u00feess til t\u00e1knr\u00e6n t\u00falkun: knippan sem myndast ne\u00f0anjar\u00f0ar og fer inn \u00ed n\u00fdja tilveru \u00feegar h\u00fan er dregin upp, er talin \u00fer\u00f6skuldspl\u00f6ntu, millili\u00f0ur milli ne\u00f0anjar\u00f0ar- og jar\u00f0neska svi\u00f0sins. \u00deessi eiginleiki gerir hana, samkv\u00e6mt \u00fej\u00f3\u00f0tr\u00faarlegri hugsun, a\u00f0 h\u00e6fu r\u00e1\u00f0i gegn verum sem nota sama \u00fer\u00f6skuld.<\/p>\n<p><span class=\"iwg-fachbegriff\" data-tooltip=\"\u00deekking og s\u00f6gur sem berast \u00e1fram milli kynsl\u00f3\u00f0a.\" tabindex=\"0\">Munnm\u00e6lin<\/span> nefna einnig hinn mikla l\u00edfs\u00fer\u00f3tt jurtarinnar sem \u00fatsk\u00fdringu: hv\u00edtlaukur vex \u00fear sem a\u00f0rar pl\u00f6ntur breg\u00f0ast, laukar hans lifa af \u00feurrka og kulda. \u00deessi l\u00edfskraftur, samkv\u00e6mt \u00fej\u00f3\u00f0tr\u00faarlegri afst\u00f6\u00f0u, yfirf\u00e6rist \u00e1 verndarhlutverki\u00f0.<\/p>\t\t\t\t\t\t\t\t<\/div>\n\t\t\t\t<\/div>\n\t\t\t\t\t<\/div>\n\t\t\t\t<\/div>\n\t\t<div class=\"elementor-element elementor-element-iwgs-knoblauch-s3 e-flex e-con-boxed e-con e-parent\" data-id=\"iwgs-knoblauch-s3\" data-element_type=\"container\" data-e-type=\"container\">\n\t\t\t\t\t<div class=\"e-con-inner\">\n\t\t\t\t<div class=\"elementor-element elementor-element-iwgs-knoblauch-s3h elementor-widget elementor-widget-heading\" data-id=\"iwgs-knoblauch-s3h\" data-element_type=\"widget\" data-e-type=\"widget\" data-widget_type=\"heading.default\">\n\t\t\t\t\t<h2 class=\"elementor-heading-title elementor-size-default\">\u00datbrei\u00f0sla yfir menningarheima<\/h2>\t\t\t\t<\/div>\n\t\t<div class=\"elementor-element elementor-element-iw-knoblauch-s3-bw e-con-full e-flex e-con e-child\" data-id=\"iw-knoblauch-s3-bw\" data-element_type=\"container\" data-e-type=\"container\">\n\t\t\t\t<div class=\"elementor-element elementor-element-iwgs-knoblauch-s3t elementor-widget elementor-widget-text-editor\" data-id=\"iwgs-knoblauch-s3t\" data-element_type=\"widget\" data-e-type=\"widget\" data-widget_type=\"text-editor.default\">\n\t\t\t\t\t\t\t\t\t<p>Hv\u00edtlaukur sem verndargripur er sta\u00f0festur \u00e1 m\u00f6rgum heims\u00e1lfum, \u00fe\u00f3tt me\u00f0 mismunandi \u00e1herslum.<\/p>\n<p>\u00cd <strong>Austur-Evr\u00f3pu<\/strong> er tengingin vi\u00f0 v\u00f6rn gegn vamp\u00edrum sterkust. Fr\u00e1 Serb\u00edu yfir R\u00famen\u00edu, \u00dakra\u00ednu og B\u00falgar\u00edu til P\u00f3llands er hv\u00edtlaukur hluti af hef\u00f0bundnum \u00fatb\u00fana\u00f0i gegn vamp\u00edrum og vamp\u00edruskyldum verum. Hv\u00edtlaukur \u00ed f\u00e6\u00f0u, yfir dyrum og vi\u00f0 r\u00fam kemur \u00edtreka\u00f0 fram \u00ed \u00fej\u00f3\u00f0h\u00e1ttafr\u00e6\u00f0ilegum fr\u00e1s\u00f6gnum 19. aldar og upphafs 20. aldar.<\/p>\n<p>\u00c1 <strong>Mi\u00f0jar\u00f0arhafssv\u00e6\u00f0inu<\/strong> er verndin gegn illu auga \u00ed fyrirr\u00fami. Hv\u00edtlauksbenglar yfir \u00fatidyrum, hv\u00edtlauksbitar vi\u00f0 barnar\u00fam og a\u00f0 bera l\u00edtinn hv\u00edtlauksbita \u00e1 s\u00e9r er \u00fatbreitt \u00ed Grikklandi, Su\u00f0ur-\u00cdtal\u00edu, Sp\u00e1ni og Levant\u00ednu.<\/p>\n<p>\u00cd <strong>Mi\u00f0austurl\u00f6ndum<\/strong> er hv\u00edtlaukur \u00ed sumum \u00edsl\u00f6mskum \u00fej\u00f3\u00f0tr\u00faarhef\u00f0um l\u00fdst sem verndargripi gegn djinnum og ska\u00f0legum andaverum.<\/p>\n<p>\u00cd <strong>Austur-As\u00edu<\/strong> notar jap\u00f6nsk \u00fej\u00f3\u00f0tr\u00fa hv\u00edtlauk \u00ed nokkrum m\u00e6li sem v\u00f6rn gegn dj\u00f6flum og illum \u00f6ndum, svipu\u00f0 notkun finnst \u00ed sumum k\u00ednverskum sv\u00e6\u00f0ismenningum.<\/p>\n<p>\u00cd <strong>indverskri<\/strong> \u00fej\u00f3\u00f0tr\u00fa er hv\u00edtlaukur \u00f6\u00f0ru hverju nefndur \u00ed varnarath\u00f6fnum gegn dj\u00f6flum og illum \u00e1hrifum, \u00fe\u00f3tt hann gegni \u00fear minna mi\u00f0l\u00e6gu hlutverki en \u00ed evr\u00f3pskum hef\u00f0um.<\/p>\t\t\t\t\t\t\t\t<\/div>\n\t\t\t\t<\/div>\n\t\t\t\t\t<\/div>\n\t\t\t\t<\/div>\n\t\t<div class=\"elementor-element elementor-element-iwgs-knoblauch-s4 e-flex e-con-boxed e-con e-parent\" data-id=\"iwgs-knoblauch-s4\" data-element_type=\"container\" data-e-type=\"container\">\n\t\t\t\t\t<div class=\"e-con-inner\">\n\t\t\t\t<div class=\"elementor-element elementor-element-iwgs-knoblauch-s4h elementor-widget elementor-widget-heading\" data-id=\"iwgs-knoblauch-s4h\" data-element_type=\"widget\" data-e-type=\"widget\" data-widget_type=\"heading.default\">\n\t\t\t\t\t<h2 class=\"elementor-heading-title elementor-size-default\">Gegn hverju hann er nota\u00f0ur<\/h2>\t\t\t\t<\/div>\n\t\t<div class=\"elementor-element elementor-element-iw-knoblauch-s4-bw e-con-full e-flex e-con e-child\" data-id=\"iw-knoblauch-s4-bw\" data-element_type=\"container\" data-e-type=\"container\">\n\t\t\t\t<div class=\"elementor-element elementor-element-iwgs-knoblauch-s4t elementor-widget elementor-widget-text-editor\" data-id=\"iwgs-knoblauch-s4t\" data-element_type=\"widget\" data-e-type=\"widget\" data-widget_type=\"text-editor.default\">\n\t\t\t\t\t\t\t\t\t<p>Samkv\u00e6mt hef\u00f0bundnum sagnaminnum hefur hv\u00edtlaukur fyrst og fremst veri\u00f0 nota\u00f0ur gegn eftirfarandi tegundum vera og \u00e1hrifa:<\/p>\n<p>Gegn <strong>vamp\u00edrum og bl\u00f3\u00f0sugum<\/strong>: \u00deetta er \u00feekktasta notkunarsvi\u00f0i\u00f0 \u00ed \u00fej\u00f3\u00f0tr\u00fa. \u00cd austur-evr\u00f3pskri <span class=\"iwg-fachbegriff\" data-tooltip=\"Mi\u00f0lun \u00feekkingar og sagna milli kynsl\u00f3\u00f0a.\" tabindex=\"0\">munnm\u00e6lahef\u00f0<\/span> er hv\u00edtlaukur hluti af grunn\u00fatb\u00fana\u00f0i gegn vamp\u00edrum. Sagt er a\u00f0 strigoi, vrykolakas, upyr og skyldar verur \u00feoli ekki hv\u00edtlauk.<\/p>\n<p>Gegn <strong>illu auga<\/strong>: \u00c1 Mi\u00f0jar\u00f0arhafssv\u00e6\u00f0inu og \u00ed Mi\u00f0-Austurl\u00f6ndum er hv\u00edtlaukur talinn \u00e1hrifar\u00edkt m\u00f3tv\u00e6gi gegn illu auga, sem \u00ed \u00feessum menningarheimum er tali\u00f0 raunverulegt ska\u00f0aafl.<\/p>\n<p>Gegn <strong>dj\u00f6flum og ska\u00f0legum andaverum<\/strong>: \u00cd m\u00f6rgum menningarheimum er hv\u00edtlaukur nota\u00f0ur til a\u00f0 hreinsa vistarverur af dj\u00f6flum e\u00f0a koma \u00ed veg fyrir a\u00f0 \u00feeir komist inn.<\/p>\n<p>Gegn <strong>sj\u00fakd\u00f3ms\u00f6ndum<\/strong>: \u00cd sumum \u00fej\u00f3\u00f0tr\u00faarhef\u00f0um, \u00fear sem sj\u00fakd\u00f3mar eru taldir orsaka\u00f0ir af andaverum, er hv\u00edtlaukur nota\u00f0ur til a\u00f0 verjast innkomu \u00feessara anda.<\/p>\t\t\t\t\t\t\t\t<\/div>\n\t\t\t\t<\/div>\n\t\t\t\t\t<\/div>\n\t\t\t\t<\/div>\n\t\t<div class=\"elementor-element elementor-element-iwgs-knoblauch-s5 e-flex e-con-boxed e-con e-parent\" data-id=\"iwgs-knoblauch-s5\" data-element_type=\"container\" data-e-type=\"container\">\n\t\t\t\t\t<div class=\"e-con-inner\">\n\t\t\t\t<div class=\"elementor-element elementor-element-iwgs-knoblauch-s5h elementor-widget elementor-widget-heading\" data-id=\"iwgs-knoblauch-s5h\" data-element_type=\"widget\" data-e-type=\"widget\" data-widget_type=\"heading.default\">\n\t\t\t\t\t<h2 class=\"elementor-heading-title elementor-size-default\">Notkun og takmarkanir<\/h2>\t\t\t\t<\/div>\n\t\t<div class=\"elementor-element elementor-element-iw-knoblauch-s5-bw e-con-full e-flex e-con e-child\" data-id=\"iw-knoblauch-s5-bw\" data-element_type=\"container\" data-e-type=\"container\">\n\t\t\t\t<div class=\"elementor-element elementor-element-iwgs-knoblauch-s5t elementor-widget elementor-widget-text-editor\" data-id=\"iwgs-knoblauch-s5t\" data-element_type=\"widget\" data-e-type=\"widget\" data-widget_type=\"text-editor.default\">\n\t\t\t\t\t\t\t\t\t<p>\u00deurrka\u00f0ir hv\u00edtlauksfl\u00e9ttur yfir dyrum og gluggum eru algengasta formi\u00f0. St\u00f6k hv\u00edtlauksrif eru l\u00f6g\u00f0 \u00ed sprungur, dyrastafi e\u00f0a undir \u00fer\u00f6skulda. \u00cd sumum austur-evr\u00f3pskum hef\u00f0um er hv\u00edtlauk sauma\u00f0 inn \u00ed f\u00f6t e\u00f0a hann borinn \u00ed verndarpoka. Fyrir svefn eru rif sett undir kodda e\u00f0a \u00ed s\u00e6ngina.<\/p>\n<p>Sumar hef\u00f0ir krefjast ferskur hv\u00edtlaukur til a\u00f0 verndar\u00e1hrifin virki; \u00feurrka\u00f0ur e\u00f0a ediklag\u00f0ur hv\u00edtlaukur er \u00ed \u00e1kve\u00f0num hef\u00f0um talinn hafa dregi\u00f0 \u00far virkni sinni. A\u00f0rar heimildir sj\u00e1 engan mun.<\/p>\n<p>Mikilv\u00e6gt: \u00dej\u00f3\u00f0tr\u00faarhef\u00f0in um verndar\u00e1hrif hv\u00edtlauks v\u00edsar einungis til varnar gegn andaverum og yfirn\u00e1tt\u00farulegum \u00e1hrifum, eins og <span class=\"iwg-fachbegriff\" data-tooltip=\"Mi\u00f0lun \u00feekkingar og sagna milli kynsl\u00f3\u00f0a.\" tabindex=\"0\">munnm\u00e6lahef\u00f0in<\/span> l\u00fdsir \u00fev\u00ed. Engin l\u00e6knisfr\u00e6\u00f0ileg fullyr\u00f0ing um virkni fylgir \u00feessu.<\/p>\t\t\t\t\t\t\t\t<\/div>\n\t\t\t\t<\/div>\n\t\t\t\t\t<\/div>\n\t\t\t\t<\/div>\n\t\t<div class=\"elementor-element elementor-element-iwgs-knoblauch-lit e-flex e-con-boxed e-con e-parent\" data-id=\"iwgs-knoblauch-lit\" data-element_type=\"container\" data-e-type=\"container\">\n\t\t\t\t\t<div class=\"e-con-inner\">\n\t\t\t\t<div class=\"elementor-element elementor-element-iwgs-knoblauch-lith elementor-widget elementor-widget-heading\" data-id=\"iwgs-knoblauch-lith\" data-element_type=\"widget\" data-e-type=\"widget\" data-widget_type=\"heading.default\">\n\t\t\t\t\t<h2 class=\"elementor-heading-title elementor-size-default\">Heimildir (\u00farval)<\/h2>\t\t\t\t<\/div>\n\t\t<div class=\"elementor-element elementor-element-iw-knoblauch-lit-bw e-con-full e-flex e-con e-child\" data-id=\"iw-knoblauch-lit-bw\" data-element_type=\"container\" data-e-type=\"container\">\n\t\t\t\t<div class=\"elementor-element elementor-element-iwgs-knoblauch-litt elementor-widget elementor-widget-html\" data-id=\"iwgs-knoblauch-litt\" data-element_type=\"widget\" data-e-type=\"widget\" data-widget_type=\"html.default\">\n\t\t\t\t\t<footer data-nosnippet=\"true\"><ul><li>Handw\u00f6rterbuch des deutschen Aberglaubens. Hrsg. von Hanns B\u00e4chtold-St\u00e4ubli und Eduard Hoffmann-Krayer. Berlin \/ Leipzig 1927-1942. Artikel \"Knoblauch\".<\/li><li>Paul Barber: Vampires, Burial, and Death. Yale University Press, 1988.<\/li><li>Alan Dundes (Hrsg.): The Evil Eye: A Casebook. University of Wisconsin Press, 1992.<\/li><li>Montague Summers: The Vampire in Europe. London 1929.<\/li><li>Leander Petzoldt: Kleines Lexikon der D\u00e4monen und Elementargeister. M\u00fcnchen 1990.<\/li><\/ul><\/footer>\t\t\t\t<\/div>\n\t\t\t\t<\/div>\n\t\t\t\t\t<\/div>\n\t\t\t\t<\/div>\n\t\t<div class=\"elementor-element elementor-element-iwgs-knoblauch-kwd e-flex e-con-boxed e-con e-parent\" data-id=\"iwgs-knoblauch-kwd\" data-element_type=\"container\" data-e-type=\"container\">\n\t\t\t\t\t<div class=\"e-con-inner\">\n\t\t<div class=\"elementor-element elementor-element-iw-knoblauch-kwd-bw e-con-full e-flex e-con e-child\" data-id=\"iw-knoblauch-kwd-bw\" data-element_type=\"container\" data-e-type=\"container\">\n\t\t\t\t<div class=\"elementor-element elementor-element-iwgs-knoblauch-kwdt elementor-widget elementor-widget-text-editor\" data-id=\"iwgs-knoblauch-kwdt\" data-element_type=\"widget\" data-e-type=\"widget\" data-widget_type=\"text-editor.default\">\n\t\t\t\t\t\t\t\t\t<p><em>Tengd lykilor\u00f0: hv\u00edtlaukur verndargripur vamp\u00edra illt auga.<\/em><\/p>\t\t\t\t\t\t\t\t<\/div>\n\t\t\t\t<\/div>\n\t\t\t\t\t<\/div>\n\t\t\t\t<\/div>\n\t\t<div class=\"elementor-element elementor-element-iwgs-knoblauch-cc e-flex e-con-boxed e-con e-parent\" data-id=\"iwgs-knoblauch-cc\" data-element_type=\"container\" data-e-type=\"container\" id=\"iwg-cc-knoblauch\">\n\t\t\t\t\t<div class=\"e-con-inner\">\n\t\t<div class=\"elementor-element elementor-element-iwgs-knoblauch-ccinner e-flex e-con-boxed e-con e-parent\" data-id=\"iwgs-knoblauch-ccinner\" data-element_type=\"container\" data-e-type=\"container\" data-settings=\"{&quot;background_background&quot;:&quot;classic&quot;}\">\n\t\t\t\t\t<div class=\"e-con-inner\">\n\t\t\t\t<div class=\"elementor-element elementor-element-iwgs-knoblauch-cch elementor-widget elementor-widget-heading\" data-id=\"iwgs-knoblauch-cch\" data-element_type=\"widget\" data-e-type=\"widget\" data-widget_type=\"heading.default\">\n\t\t\t\t\t<h2 class=\"elementor-heading-title elementor-size-default\">iWell Guard og verndarhef\u00f0ir<\/h2>\t\t\t\t<\/div>\n\t\t\t\t<div class=\"elementor-element elementor-element-iwgs-knoblauch-cct elementor-widget elementor-widget-text-editor\" data-id=\"iwgs-knoblauch-cct\" data-element_type=\"widget\" data-e-type=\"widget\" data-widget_type=\"text-editor.default\">\n\t\t\t\t\t\t\t\t\t<p>Hv\u00edtlaukur s\u00fdnir hvernig venjuleg jurt hefur samt\u00edmis og \u00f3h\u00e1\u00f0 hver \u00f6\u00f0rum veri\u00f0 talin bera \u00ed s\u00e9r verndarkraft \u00ed m\u00f6rgum menningarheimum. \u00deessi endurtekna sannf\u00e6ring, a\u00f0 \u00e1kve\u00f0in n\u00e1tt\u00faruefni b\u00fai yfir verndandi krafti, myndar bakgrunn hugmyndarins um <a href=\"https:\/\/iwell-guard.com\/is\/verndargripur-iwell-guard-kaupa\/\">iWell Guard<\/a>, sem sameinar \u00fdmsar hef\u00f0ir mannlegrar verndarhugsunar \u00ed formi verndargrips sem h\u00e6gt er a\u00f0 bera \u00e1 s\u00e9r.<\/p>\t\t\t\t\t\t\t\t<\/div>\n\t\t\t\t<div class=\"elementor-element elementor-element-iwgs-knoblauch-ccb iwg-cc-button iwg-cc-cta-2026-05-13 elementor-widget elementor-widget-jet-button\" data-id=\"iwgs-knoblauch-ccb\" data-element_type=\"widget\" data-e-type=\"widget\" data-widget_type=\"jet-button.default\">\n\t\t\t\t<div class=\"elementor-widget-container\">\n\t\t\t\t\t<div class=\"elementor-jet-button jet-elements\"><div class=\"jet-button__container\"><a class=\"jet-button__instance jet-button__instance--icon-left hover-effect-1\" href=\"\/schutzanhaenger-iwell-guard-kaufen\/?utm_source=iwell-guard.com&amp;utm_medium=info-box&amp;utm_campaign=schutzsymbole\"><div class=\"jet-button__plane jet-button__plane-normal\"><\/div><div class=\"jet-button__plane jet-button__plane-hover\"><\/div><div class=\"jet-button__state jet-button__state-normal\"><span class=\"jet-button__label\">Meira um iWell Guard<\/span><\/div><div class=\"jet-button__state jet-button__state-hover\"><span class=\"jet-button__label\">Meira um iWell Guard<\/span><\/div><\/a><\/div><\/div><style>.elementor-element.elementor-element-iwgs-knoblauch-ccb .jet-button__instance{width:320px;height:56px;}.elementor-element.elementor-element-iwgs-knoblauch-ccb .jet-button__state-normal .jet-button__label{text-align:center;margin:0px 0px 0px 0px;color:#1a1b20;font-family:Montserrat,sans-serif;font-size:13px;font-weight:400;letter-spacing:4px;line-height:1.714em;text-transform:uppercase;}.elementor-element.elementor-element-iwgs-knoblauch-ccb .jet-button__state-hover .jet-button__label{text-align:center;margin:0px 0px 0px 0px;color:#FECC76;font-family:Montserrat,sans-serif;font-size:13px;font-weight:400;letter-spacing:4px;line-height:1.714em;text-transform:uppercase;}.elementor-element.elementor-element-iwgs-knoblauch-ccb .jet-button__plane-normal{background-color:#FECC76;border-style:solid;border-color:#C99540;border-width:2px 2px 2px 2px;}.elementor-element.elementor-element-iwgs-knoblauch-ccb .jet-button__plane-hover{background-color:rgba(0,0,0,0.55);border-style:solid;border-color:#FECC76;border-width:2px 2px 2px 2px;}<\/style>\t\t\t\t<\/div>\n\t\t\t\t<\/div>\n\t\t\t\t<div class=\"elementor-element elementor-element-iwgs-knoblauch-ccd elementor-widget elementor-widget-text-editor\" data-id=\"iwgs-knoblauch-ccd\" data-element_type=\"widget\" data-e-type=\"widget\" data-widget_type=\"text-editor.default\">\n\t\t\t\t\t\t\t\t\t<p style=\"text-align:center;font-size:13px;opacity:0.7;margin-top:14px\" data-nosnippet=\"true\">Pers\u00f3nuleg reynsla getur veri\u00f0 mismunandi. Ekki l\u00e6kningat\u00e6ki. Engin lofor\u00f0 um l\u00e6kningu.<\/p>\t\t\t\t\t\t\t\t<\/div>\n\t\t\t\t\t<\/div>\n\t\t\t\t<\/div>\n\t\t\t\t\t<\/div>\n\t\t\t\t<\/div>\n\t\t<div class=\"elementor-element elementor-element-iwgs-knoblauch-disc e-flex e-con-boxed e-con e-parent\" data-id=\"iwgs-knoblauch-disc\" data-element_type=\"container\" data-e-type=\"container\">\n\t\t\t\t\t<div class=\"e-con-inner\">\n\t\t<div class=\"elementor-element elementor-element-iw-knoblauch-disc-bw e-con-full e-flex e-con e-child\" data-id=\"iw-knoblauch-disc-bw\" data-element_type=\"container\" data-e-type=\"container\">\n\t\t\t\t<div class=\"elementor-element elementor-element-iwgs-knoblauch-discw elementor-widget elementor-widget-html\" data-id=\"iwgs-knoblauch-discw\" data-element_type=\"widget\" data-e-type=\"widget\" data-widget_type=\"html.default\">\n\t\t\t\t\t<footer data-nosnippet=\"true\" class=\"iwg-disclaimer-block\"><p data-nosnippet=\"true\">iWell Guard er <strong>ekki l\u00e6kningat\u00e6ki<\/strong> og kemur ekki \u00ed sta\u00f0 l\u00e6knis- e\u00f0a s\u00e1lfr\u00e6\u00f0ime\u00f0fer\u00f0ar. Innihaldi\u00f0 sem h\u00e9r er sett fram er tr\u00faarbrag\u00f0afr\u00e6\u00f0ileg og menningars\u00f6gulega greining, ekki lofor\u00f0 um andlega virkni.<\/p><\/footer>\t\t\t\t<\/div>\n\t\t\t\t<\/div>\n\t\t\t\t\t<\/div>\n\t\t\t\t<\/div>\n\t\t\t\t<\/div>\n\t\t","protected":false},"excerpt":{"rendered":"","protected":false},"author":3,"featured_media":4112,"parent":0,"menu_order":0,"comment_status":"closed","ping_status":"closed","template":"elementor_header_footer","meta":{"_yoast_wpseo_focuskw":"hv\u00edtlaukur v\u00f6rn","_yoast_wpseo_title":"Hv\u00edtlaukur sem v\u00f6rn gegn illum \u00e1hrifum","_yoast_wpseo_metadesc":"\u00cd \u00fej\u00f3\u00f0tr\u00fanni er hv\u00edtlaukur talinn verndargripur gegn vamp\u00edrum, illu auga og dj\u00f6flum. Uppruni, virknihugmyndir og \u00fatbrei\u00f0sla \u00fevert \u00e1 menningarheima.","_yoast_wpseo_meta-robots-noindex":"","_yoast_wpseo_canonical":"","_angie_page":false,"gefaehrdungsstufe":"","wesen_kultur":"","wesen_klasse":"","footnotes":""},"categories":[],"class_list":["post-169268","page","type-page","status-publish","has-post-thumbnail","hentry"],"yoast_head":"<!-- This site is optimized with the Yoast SEO Premium plugin v27.7 (Yoast SEO v28.3) - https:\/\/yoast.com\/product\/yoast-seo-premium-wordpress\/ -->\n<title>Hv\u00edtlaukur sem v\u00f6rn gegn illum \u00e1hrifum<\/title>\n<meta name=\"description\" content=\"\u00cd \u00fej\u00f3\u00f0tr\u00fanni er hv\u00edtlaukur talinn verndargripur gegn vamp\u00edrum, illu auga og dj\u00f6flum. Uppruni, virknihugmyndir og \u00fatbrei\u00f0sla \u00fevert \u00e1 menningarheima.\" \/>\n<meta name=\"robots\" content=\"index, follow, max-snippet:-1, max-image-preview:large, max-video-preview:-1\" \/>\n<link rel=\"canonical\" href=\"https:\/\/iwell-guard.com\/is\/hvitlaukur-sem-vernd\/\" \/>\n<meta property=\"og:locale\" content=\"is_IS\" \/>\n<meta property=\"og:type\" content=\"article\" \/>\n<meta property=\"og:title\" content=\"Hv\u00edtlaukur sem verndargripur\" \/>\n<meta property=\"og:description\" content=\"\u00cd \u00fej\u00f3\u00f0tr\u00fanni er hv\u00edtlaukur talinn verndargripur gegn vamp\u00edrum, illu auga og dj\u00f6flum. Uppruni, virknihugmyndir og \u00fatbrei\u00f0sla \u00fevert \u00e1 menningarheima.\" \/>\n<meta property=\"og:url\" content=\"https:\/\/iwell-guard.com\/is\/hvitlaukur-sem-vernd\/\" \/>\n<meta property=\"og:site_name\" content=\"iWell Guard\" \/>\n<meta property=\"article:modified_time\" content=\"2026-09-05T14:36:35+00:00\" \/>\n<meta property=\"og:image\" content=\"https:\/\/iwell-guard.com\/wp-content\/uploads\/2026\/05\/schutzsymbol_mediterran_knoblauch.png\" \/>\n\t<meta property=\"og:image:width\" content=\"1024\" \/>\n\t<meta property=\"og:image:height\" content=\"1536\" \/>\n\t<meta property=\"og:image:type\" content=\"image\/png\" \/>\n<meta name=\"twitter:card\" content=\"summary_large_image\" \/>\n<script type=\"application\/ld+json\" class=\"yoast-schema-graph\">{\"@context\":\"https:\\\/\\\/schema.org\",\"@graph\":[{\"@type\":\"WebPage\",\"@id\":\"https:\\\/\\\/iwell-guard.com\\\/is\\\/hvitlaukur-sem-vernd\\\/\",\"url\":\"https:\\\/\\\/iwell-guard.com\\\/is\\\/hvitlaukur-sem-vernd\\\/\",\"name\":\"Hv\u00edtlaukur sem v\u00f6rn gegn illum \u00e1hrifum\",\"isPartOf\":{\"@id\":\"https:\\\/\\\/iwell-guard.com\\\/is\\\/#website\"},\"primaryImageOfPage\":{\"@id\":\"https:\\\/\\\/iwell-guard.com\\\/is\\\/hvitlaukur-sem-vernd\\\/#primaryimage\"},\"image\":{\"@id\":\"https:\\\/\\\/iwell-guard.com\\\/is\\\/hvitlaukur-sem-vernd\\\/#primaryimage\"},\"thumbnailUrl\":\"https:\\\/\\\/iwell-guard.com\\\/wp-content\\\/uploads\\\/2026\\\/05\\\/schutzsymbol_mediterran_knoblauch.png\",\"datePublished\":\"2026-09-05T14:06:59+00:00\",\"dateModified\":\"2026-09-05T14:36:35+00:00\",\"description\":\"\u00cd \u00fej\u00f3\u00f0tr\u00fanni er hv\u00edtlaukur talinn verndargripur gegn vamp\u00edrum, illu auga og dj\u00f6flum. Uppruni, virknihugmyndir og \u00fatbrei\u00f0sla \u00fevert \u00e1 menningarheima.\",\"breadcrumb\":{\"@id\":\"https:\\\/\\\/iwell-guard.com\\\/is\\\/hvitlaukur-sem-vernd\\\/#breadcrumb\"},\"inLanguage\":\"is\",\"potentialAction\":[{\"@type\":\"ReadAction\",\"target\":[\"https:\\\/\\\/iwell-guard.com\\\/is\\\/hvitlaukur-sem-vernd\\\/\"]}]},{\"@type\":\"ImageObject\",\"inLanguage\":\"is\",\"@id\":\"https:\\\/\\\/iwell-guard.com\\\/is\\\/hvitlaukur-sem-vernd\\\/#primaryimage\",\"url\":\"https:\\\/\\\/iwell-guard.com\\\/wp-content\\\/uploads\\\/2026\\\/05\\\/schutzsymbol_mediterran_knoblauch.png\",\"contentUrl\":\"https:\\\/\\\/iwell-guard.com\\\/wp-content\\\/uploads\\\/2026\\\/05\\\/schutzsymbol_mediterran_knoblauch.png\",\"width\":1024,\"height\":1536,\"caption\":\"Hv\u00edtlaukur sem verndargripur, s\u00f6guleg mynd\"},{\"@type\":\"BreadcrumbList\",\"@id\":\"https:\\\/\\\/iwell-guard.com\\\/is\\\/hvitlaukur-sem-vernd\\\/#breadcrumb\",\"itemListElement\":[{\"@type\":\"ListItem\",\"position\":1,\"name\":\"Start\",\"item\":\"https:\\\/\\\/iwell-guard.com\\\/is\\\/?page_id=168580\"},{\"@type\":\"ListItem\",\"position\":2,\"name\":\"Hv\u00edtlaukur sem verndargripur\"}]},{\"@type\":\"WebSite\",\"@id\":\"https:\\\/\\\/iwell-guard.com\\\/is\\\/#website\",\"url\":\"https:\\\/\\\/iwell-guard.com\\\/is\\\/\",\"name\":\"iWell Guard\",\"description\":\"Schutz vor dunklen Einfl\u00fcssen\",\"publisher\":{\"@id\":\"https:\\\/\\\/iwell-guard.com\\\/is\\\/#organization\"},\"potentialAction\":[{\"@type\":\"SearchAction\",\"target\":{\"@type\":\"EntryPoint\",\"urlTemplate\":\"https:\\\/\\\/iwell-guard.com\\\/is\\\/?s={search_term_string}\"},\"query-input\":{\"@type\":\"PropertyValueSpecification\",\"valueRequired\":true,\"valueName\":\"search_term_string\"}}],\"inLanguage\":\"is\"},{\"@type\":\"Organization\",\"@id\":\"https:\\\/\\\/iwell-guard.com\\\/is\\\/#organization\",\"name\":\"Ittermann electronic GmbH\",\"url\":\"https:\\\/\\\/iwell-guard.com\\\/is\\\/\",\"logo\":{\"@type\":\"ImageObject\",\"inLanguage\":\"is\",\"@id\":\"https:\\\/\\\/iwell-guard.com\\\/is\\\/#\\\/schema\\\/logo\\\/image\\\/\",\"url\":\"https:\\\/\\\/iwell-guard.com\\\/wp-content\\\/uploads\\\/2026\\\/05\\\/Ittermann-Logo-1182x237-1.png\",\"contentUrl\":\"https:\\\/\\\/iwell-guard.com\\\/wp-content\\\/uploads\\\/2026\\\/05\\\/Ittermann-Logo-1182x237-1.png\",\"width\":1182,\"height\":237,\"caption\":\"Ittermann electronic GmbH\"},\"image\":{\"@id\":\"https:\\\/\\\/iwell-guard.com\\\/is\\\/#\\\/schema\\\/logo\\\/image\\\/\"},\"sameAs\":[\"https:\\\/\\\/pantip.com\\\/profile\\\/9367242\",\"https:\\\/\\\/micro.blog\\\/iwellguard\",\"https:\\\/\\\/www.diggerslist.com\\\/iwellguard\\\/about\",\"https:\\\/\\\/skitterphoto.com\\\/photographers\\\/2870314\\\/iwell-guard\",\"https:\\\/\\\/iwellguard.wordpress.com\\\/2026\\\/06\\\/06\\\/iwell-guard\\\/\",\"https:\\\/\\\/hub.docker.com\\\/u\\\/iwellguard\",\"https:\\\/\\\/www.pinterest.com\\\/iwellguard\\\/\",\"https:\\\/\\\/bit.ly\\\/m\\\/iwellguard\",\"https:\\\/\\\/entre-vos-mains.alsace.eu\\\/profiles\\\/iwellguard\\\/activity\",\"https:\\\/\\\/gravatar.com\\\/reallybeded8fd34\",\"https:\\\/\\\/naijamatta.com\\\/iwellguard\",\"https:\\\/\\\/www.goodreads.com\\\/iwellguard\",\"https:\\\/\\\/profile.hatena.ne.jp\\\/iwellguard\\\/\",\"https:\\\/\\\/experiment.com\\\/users\\\/iwellguard\",\"https:\\\/\\\/wakelet.com\\\/@iWellGuard82270\",\"https:\\\/\\\/www.chordie.com\\\/forum\\\/profile.php?id=2555664\",\"https:\\\/\\\/www.instapaper.com\\\/p\\\/17757966\",\"https:\\\/\\\/www.mapleprimes.com\\\/users\\\/iwellguard\",\"https:\\\/\\\/businesslistingplus.com\\\/profile\\\/iwell-guard\\\/\",\"https:\\\/\\\/telegra.ph\\\/iWell-Guard-06-06\",\"https:\\\/\\\/pbase.com\\\/iwellguard\\\/iwellguard\",\"https:\\\/\\\/b.hatena.ne.jp\\\/iwellguard\\\/20260607#bookmark-4788405196491818882\",\"https:\\\/\\\/fliphtml5.com\\\/home\\\/iwellguard\",\"https:\\\/\\\/anyflip.com\\\/homepage\\\/cmiwl#About\",\"https:\\\/\\\/transfur.com\\\/Users\\\/iwellguard\",\"http:\\\/\\\/delphi.larsbo.org\\\/user\\\/iwellguard\",\"https:\\\/\\\/jobs.lajobsportal.org\\\/profiles\\\/8380803-iwell-guard\",\"https:\\\/\\\/md.chaosdorf.de\\\/s\\\/jfbe5SBdJD\",\"https:\\\/\\\/www.lingvolive.com\\\/en-us\\\/profile\\\/9ecaeaca-ce11-4e51-9e71-01d55e2bff36\\\/translations\",\"https:\\\/\\\/www.fitday.com\\\/fitness\\\/forums\\\/members\\\/iwellguard.html\",\"https:\\\/\\\/www.mymeetbook.com\\\/iwellguard\",\"https:\\\/\\\/pxhere.com\\\/en\\\/photographer-me\\\/5040798\",\"https:\\\/\\\/disqus.com\\\/by\\\/iwellguard\\\/about\\\/\",\"https:\\\/\\\/pastelink.net\\\/hjwciqwq\",\"https:\\\/\\\/pubhtml5.com\\\/homepage\\\/scjhn\\\/\",\"https:\\\/\\\/www.bitchute.com\\\/channel\\\/2O2eOKzNqujT\",\"https:\\\/\\\/audiomack.com\\\/iwellguard\"]}]}<\/script>\n<!-- \/ Yoast SEO Premium plugin. -->","yoast_head_json":{"title":"Hv\u00edtlaukur sem v\u00f6rn gegn illum \u00e1hrifum","description":"\u00cd \u00fej\u00f3\u00f0tr\u00fanni er hv\u00edtlaukur talinn verndargripur gegn vamp\u00edrum, illu auga og dj\u00f6flum. Uppruni, virknihugmyndir og \u00fatbrei\u00f0sla \u00fevert \u00e1 menningarheima.","robots":{"index":"index","follow":"follow","max-snippet":"max-snippet:-1","max-image-preview":"max-image-preview:large","max-video-preview":"max-video-preview:-1"},"canonical":"https:\/\/iwell-guard.com\/is\/hvitlaukur-sem-vernd\/","og_locale":"is_IS","og_type":"article","og_title":"Hv\u00edtlaukur sem verndargripur","og_description":"\u00cd \u00fej\u00f3\u00f0tr\u00fanni er hv\u00edtlaukur talinn verndargripur gegn vamp\u00edrum, illu auga og dj\u00f6flum. Uppruni, virknihugmyndir og \u00fatbrei\u00f0sla \u00fevert \u00e1 menningarheima.","og_url":"https:\/\/iwell-guard.com\/is\/hvitlaukur-sem-vernd\/","og_site_name":"iWell Guard","article_modified_time":"2026-09-05T14:36:35+00:00","og_image":[{"width":1024,"height":1536,"url":"https:\/\/iwell-guard.com\/wp-content\/uploads\/2026\/05\/schutzsymbol_mediterran_knoblauch.png","type":"image\/png"}],"twitter_card":"summary_large_image","schema":{"@context":"https:\/\/schema.org","@graph":[{"@type":"WebPage","@id":"https:\/\/iwell-guard.com\/is\/hvitlaukur-sem-vernd\/","url":"https:\/\/iwell-guard.com\/is\/hvitlaukur-sem-vernd\/","name":"Hv\u00edtlaukur sem v\u00f6rn gegn illum \u00e1hrifum","isPartOf":{"@id":"https:\/\/iwell-guard.com\/is\/#website"},"primaryImageOfPage":{"@id":"https:\/\/iwell-guard.com\/is\/hvitlaukur-sem-vernd\/#primaryimage"},"image":{"@id":"https:\/\/iwell-guard.com\/is\/hvitlaukur-sem-vernd\/#primaryimage"},"thumbnailUrl":"https:\/\/iwell-guard.com\/wp-content\/uploads\/2026\/05\/schutzsymbol_mediterran_knoblauch.png","datePublished":"2026-09-05T14:06:59+00:00","dateModified":"2026-09-05T14:36:35+00:00","description":"\u00cd \u00fej\u00f3\u00f0tr\u00fanni er hv\u00edtlaukur talinn verndargripur gegn vamp\u00edrum, illu auga og dj\u00f6flum. Uppruni, virknihugmyndir og \u00fatbrei\u00f0sla \u00fevert \u00e1 menningarheima.","breadcrumb":{"@id":"https:\/\/iwell-guard.com\/is\/hvitlaukur-sem-vernd\/#breadcrumb"},"inLanguage":"is","potentialAction":[{"@type":"ReadAction","target":["https:\/\/iwell-guard.com\/is\/hvitlaukur-sem-vernd\/"]}]},{"@type":"ImageObject","inLanguage":"is","@id":"https:\/\/iwell-guard.com\/is\/hvitlaukur-sem-vernd\/#primaryimage","url":"https:\/\/iwell-guard.com\/wp-content\/uploads\/2026\/05\/schutzsymbol_mediterran_knoblauch.png","contentUrl":"https:\/\/iwell-guard.com\/wp-content\/uploads\/2026\/05\/schutzsymbol_mediterran_knoblauch.png","width":1024,"height":1536,"caption":"Hv\u00edtlaukur sem verndargripur, s\u00f6guleg mynd"},{"@type":"BreadcrumbList","@id":"https:\/\/iwell-guard.com\/is\/hvitlaukur-sem-vernd\/#breadcrumb","itemListElement":[{"@type":"ListItem","position":1,"name":"Start","item":"https:\/\/iwell-guard.com\/is\/?page_id=168580"},{"@type":"ListItem","position":2,"name":"Hv\u00edtlaukur sem verndargripur"}]},{"@type":"WebSite","@id":"https:\/\/iwell-guard.com\/is\/#website","url":"https:\/\/iwell-guard.com\/is\/","name":"iWell Guard","description":"Schutz vor dunklen Einfl\u00fcssen","publisher":{"@id":"https:\/\/iwell-guard.com\/is\/#organization"},"potentialAction":[{"@type":"SearchAction","target":{"@type":"EntryPoint","urlTemplate":"https:\/\/iwell-guard.com\/is\/?s={search_term_string}"},"query-input":{"@type":"PropertyValueSpecification","valueRequired":true,"valueName":"search_term_string"}}],"inLanguage":"is"},{"@type":"Organization","@id":"https:\/\/iwell-guard.com\/is\/#organization","name":"Ittermann electronic GmbH","url":"https:\/\/iwell-guard.com\/is\/","logo":{"@type":"ImageObject","inLanguage":"is","@id":"https:\/\/iwell-guard.com\/is\/#\/schema\/logo\/image\/","url":"https:\/\/iwell-guard.com\/wp-content\/uploads\/2026\/05\/Ittermann-Logo-1182x237-1.png","contentUrl":"https:\/\/iwell-guard.com\/wp-content\/uploads\/2026\/05\/Ittermann-Logo-1182x237-1.png","width":1182,"height":237,"caption":"Ittermann electronic GmbH"},"image":{"@id":"https:\/\/iwell-guard.com\/is\/#\/schema\/logo\/image\/"},"sameAs":["https:\/\/pantip.com\/profile\/9367242","https:\/\/micro.blog\/iwellguard","https:\/\/www.diggerslist.com\/iwellguard\/about","https:\/\/skitterphoto.com\/photographers\/2870314\/iwell-guard","https:\/\/iwellguard.wordpress.com\/2026\/06\/06\/iwell-guard\/","https:\/\/hub.docker.com\/u\/iwellguard","https:\/\/www.pinterest.com\/iwellguard\/","https:\/\/bit.ly\/m\/iwellguard","https:\/\/entre-vos-mains.alsace.eu\/profiles\/iwellguard\/activity","https:\/\/gravatar.com\/reallybeded8fd34","https:\/\/naijamatta.com\/iwellguard","https:\/\/www.goodreads.com\/iwellguard","https:\/\/profile.hatena.ne.jp\/iwellguard\/","https:\/\/experiment.com\/users\/iwellguard","https:\/\/wakelet.com\/@iWellGuard82270","https:\/\/www.chordie.com\/forum\/profile.php?id=2555664","https:\/\/www.instapaper.com\/p\/17757966","https:\/\/www.mapleprimes.com\/users\/iwellguard","https:\/\/businesslistingplus.com\/profile\/iwell-guard\/","https:\/\/telegra.ph\/iWell-Guard-06-06","https:\/\/pbase.com\/iwellguard\/iwellguard","https:\/\/b.hatena.ne.jp\/iwellguard\/20260607#bookmark-4788405196491818882","https:\/\/fliphtml5.com\/home\/iwellguard","https:\/\/anyflip.com\/homepage\/cmiwl#About","https:\/\/transfur.com\/Users\/iwellguard","http:\/\/delphi.larsbo.org\/user\/iwellguard","https:\/\/jobs.lajobsportal.org\/profiles\/8380803-iwell-guard","https:\/\/md.chaosdorf.de\/s\/jfbe5SBdJD","https:\/\/www.lingvolive.com\/en-us\/profile\/9ecaeaca-ce11-4e51-9e71-01d55e2bff36\/translations","https:\/\/www.fitday.com\/fitness\/forums\/members\/iwellguard.html","https:\/\/www.mymeetbook.com\/iwellguard","https:\/\/pxhere.com\/en\/photographer-me\/5040798","https:\/\/disqus.com\/by\/iwellguard\/about\/","https:\/\/pastelink.net\/hjwciqwq","https:\/\/pubhtml5.com\/homepage\/scjhn\/","https:\/\/www.bitchute.com\/channel\/2O2eOKzNqujT","https:\/\/audiomack.com\/iwellguard"]}]}},"_links":{"self":[{"href":"https:\/\/iwell-guard.com\/is\/wp-json\/wp\/v2\/pages\/169268","targetHints":{"allow":["GET"]}}],"collection":[{"href":"https:\/\/iwell-guard.com\/is\/wp-json\/wp\/v2\/pages"}],"about":[{"href":"https:\/\/iwell-guard.com\/is\/wp-json\/wp\/v2\/types\/page"}],"author":[{"embeddable":true,"href":"https:\/\/iwell-guard.com\/is\/wp-json\/wp\/v2\/users\/3"}],"replies":[{"embeddable":true,"href":"https:\/\/iwell-guard.com\/is\/wp-json\/wp\/v2\/comments?post=169268"}],"version-history":[{"count":0,"href":"https:\/\/iwell-guard.com\/is\/wp-json\/wp\/v2\/pages\/169268\/revisions"}],"wp:featuredmedia":[{"embeddable":true,"href":"https:\/\/iwell-guard.com\/is\/wp-json\/wp\/v2\/media\/4112"}],"wp:attachment":[{"href":"https:\/\/iwell-guard.com\/is\/wp-json\/wp\/v2\/media?parent=169268"}],"wp:term":[{"taxonomy":"category","embeddable":true,"href":"https:\/\/iwell-guard.com\/is\/wp-json\/wp\/v2\/categories?post=169268"}],"curies":[{"name":"wp","href":"https:\/\/api.w.org\/{rel}","templated":true}]}}