{"id":169267,"date":"2026-09-05T14:06:59","date_gmt":"2026-09-05T14:06:59","guid":{"rendered":"https:\/\/iwell-guard.com\/?page_id=169267"},"modified":"2026-09-05T14:36:33","modified_gmt":"2026-09-05T14:36:33","slug":"johannesarjurt","status":"publish","type":"page","link":"https:\/\/iwell-guard.com\/is\/johannesarjurt\/","title":{"rendered":"J\u00f3hannesarjurt"},"content":{"rendered":"\t\t<div data-elementor-type=\"wp-page\" data-elementor-id=\"169267\" class=\"elementor elementor-169267 elementor-3776 elementor-bc-flex-widget\" data-elementor-post-type=\"page\">\n\t\t\t\t<div class=\"elementor-element elementor-element-iwgs-johanniskraut-hero e-flex e-con-boxed e-con e-parent\" data-id=\"iwgs-johanniskraut-hero\" data-element_type=\"container\" data-e-type=\"container\">\n\t\t\t\t\t<div class=\"e-con-inner\">\n\t\t<div class=\"elementor-element elementor-element-iw-johanniskraut-hero-left e-con-full e-flex e-con e-child\" data-id=\"iw-johanniskraut-hero-left\" data-element_type=\"container\" data-e-type=\"container\">\n\t\t\t\t<div class=\"elementor-element elementor-element-iwgs-johanniskraut-h1 elementor-widget elementor-widget-heading\" data-id=\"iwgs-johanniskraut-h1\" data-element_type=\"widget\" data-e-type=\"widget\" data-widget_type=\"heading.default\">\n\t\t\t\t\t<h1 class=\"elementor-heading-title elementor-size-default\">J\u00f3hannesarjurt \u2014 verndarplanta s\u00f3lst\u00f6\u00f0unnar<\/h1>\t\t\t\t<\/div>\n\t\t<div class=\"elementor-element elementor-element-iw-johanniskraut-hero-bw e-con-full e-flex e-con e-child\" data-id=\"iw-johanniskraut-hero-bw\" data-element_type=\"container\" data-e-type=\"container\">\n\t\t\t\t<div class=\"elementor-element elementor-element-iwgs-johanniskraut-pills elementor-widget elementor-widget-html\" data-id=\"iwgs-johanniskraut-pills\" data-element_type=\"widget\" data-e-type=\"widget\" data-widget_type=\"html.default\">\n\t\t\t\t\t<div class=\"iwg-pill-row\"><span class=\"iwg-klasse-badge\" tabindex=\"0\" data-tooltip=\"Tegund verndargripsins.\">Verndarefni<\/span><a href=\"https:\/\/iwell-guard.com\/is\/?page_id=169258\" class=\"iwg-kultur-badge\" tabindex=\"0\" data-tooltip=\"Fara \u00e1 yfirlit.\">Verndarefni og jurtir<\/a><\/div>\t\t\t\t<\/div>\n\t\t\t\t<div class=\"elementor-element elementor-element-iwgs-johanniskraut-lead elementor-widget elementor-widget-text-editor\" data-id=\"iwgs-johanniskraut-lead\" data-element_type=\"widget\" data-e-type=\"widget\" data-widget_type=\"text-editor.default\">\n\t\t\t\t\t\t\t\t\t<p>J\u00f3hannesarjurt ber \u00ed latneskri jurtafr\u00e6\u00f0i eitt af \u00e1hrifamestu \u00fej\u00f3\u00f0legu vi\u00f0urnefnum sem l\u00e6kningajurt hefur nokkru sinni fengi\u00f0: <em>Fuga daemonum<\/em>, fl\u00f3tta dj\u00f6flanna.<\/p><p>\u00deetta nafn, sem er sta\u00f0fest \u00ed grasafr\u00e6\u00f0ilegum og gu\u00f0fr\u00e6\u00f0ilegum textum allt fr\u00e1 mi\u00f0\u00f6ldum, dregur saman kjarna \u00fej\u00f3\u00f0fr\u00e6\u00f0ilegrar <span class=\"iwg-fachbegriff\" data-tooltip=\"Mi\u00f0lun \u00feekkingar og fr\u00e1sagna kynsl\u00f3\u00f0 eftir kynsl\u00f3\u00f0.\" tabindex=\"0\">munnm\u00e6la<\/span>: Jurtin, sem bl\u00f3mstrar sem mest um J\u00f3nsmessu 24. j\u00fan\u00ed, \u00e1 a\u00f0 halda dj\u00f6flum, martr\u00f6\u00f0um og ska\u00f0legum andaverum fjarri h\u00fasi og manneskju.<\/p>\n<p>J\u00f3hannesarjurt er hluti af <a href=\"https:\/\/iwell-guard.com\/is\/?page_id=169258\">verndarefnum og verndarpl\u00f6ntum<\/a> og hefur s\u00e9rst\u00f6\u00f0u me\u00f0al verndarplanta \u00fear sem h\u00fan er s\u00fa eina \u00ed \u00feeim h\u00f3pi sem ber kirkjulega vi\u00f0urkennt, latneskt verndarnafn: Heiti\u00f0 <em>Fuga daemonum<\/em> s\u00fdnir a\u00f0 jafnvel kirkjan \u00e1 mi\u00f0\u00f6ldum \u00feekkti \u00feessa verndartilskrift, skr\u00e1\u00f0i hana og t\u00f3k hana inn \u00ed grasafr\u00e6\u00f0i s\u00edna \u00e1n \u00feess a\u00f0 hafna henni.<\/p><p>Mikilv\u00e6gt er a\u00f0 \u00feessi s\u00ed\u00f0a fjallar einungis um \u00fej\u00f3\u00f0fr\u00e6\u00f0ilegar verndarmunnm\u00e6li. L\u00e6knisfr\u00e6\u00f0ilegar e\u00f0a lyfjafr\u00e6\u00f0ilegar sta\u00f0h\u00e6fingar um jurtina eru ekki umfj\u00f6llunarefni \u00feessarar greinar. N\u00e1l\u00e6g\u00f0in vi\u00f0 s\u00f3lst\u00f6\u00f0ur m\u00f3tar enn \u00feann dag \u00ed dag \u00fej\u00f3\u00f0lega skilgreiningu j\u00f3hannesarjurtar sem verndarpl\u00f6ntu.<\/p>\t\t\t\t\t\t\t\t<\/div>\n\t\t\t\t<\/div>\n\t\t\t\t<\/div>\n\t\t<div class=\"elementor-element elementor-element-iw-johanniskraut-hero-img e-con-full e-flex e-con e-child\" data-id=\"iw-johanniskraut-hero-img\" data-element_type=\"container\" data-e-type=\"container\">\n\t\t\t\t<div class=\"elementor-element elementor-element-iwgs-johanniskraut-himg iwg-hero-image elementor-widget elementor-widget-image\" data-id=\"iwgs-johanniskraut-himg\" data-element_type=\"widget\" data-e-type=\"widget\" data-widget_type=\"image.default\">\n\t\t\t\t\t\t\t\t\t\t\t\t\t\t\t<img fetchpriority=\"high\" decoding=\"async\" width=\"683\" height=\"1024\" src=\"https:\/\/iwell-guard.com\/wp-content\/uploads\/2026\/05\/schutzsymbol_germanisch_johanniskraut-683x1024.png\" class=\"attachment-large size-large wp-image-170457\" alt=\"J\u00f3hannesarjurt \u2013 verndarjurt s\u00f3lst\u00f6\u00f0unnar, s\u00f6guleg \u00fatlistun\" srcset=\"https:\/\/iwell-guard.com\/wp-content\/uploads\/2026\/05\/schutzsymbol_germanisch_johanniskraut-683x1024.png 683w, https:\/\/iwell-guard.com\/wp-content\/uploads\/2026\/05\/schutzsymbol_germanisch_johanniskraut-200x300.png 200w, https:\/\/iwell-guard.com\/wp-content\/uploads\/2026\/05\/schutzsymbol_germanisch_johanniskraut-768x1152.png 768w, https:\/\/iwell-guard.com\/wp-content\/uploads\/2026\/05\/schutzsymbol_germanisch_johanniskraut.png 1024w\" sizes=\"(max-width: 683px) 100vw, 683px\" \/>\t\t\t\t\t\t\t\t\t\t\t\t\t\t\t<\/div>\n\t\t\t\t<\/div>\n\t\t\t\t\t<\/div>\n\t\t\t\t<\/div>\n\t\t<div class=\"elementor-element elementor-element-iwgs-johanniskraut-s0 e-flex e-con-boxed e-con e-parent\" data-id=\"iwgs-johanniskraut-s0\" data-element_type=\"container\" data-e-type=\"container\">\n\t\t\t\t\t<div class=\"e-con-inner\">\n\t\t\t\t<div class=\"elementor-element elementor-element-iwgs-johanniskraut-s0h elementor-widget elementor-widget-heading\" data-id=\"iwgs-johanniskraut-s0h\" data-element_type=\"widget\" data-e-type=\"widget\" data-widget_type=\"heading.default\">\n\t\t\t\t\t<h2 class=\"elementor-heading-title elementor-size-default\">Skj\u00f3tt yfirlit<\/h2>\t\t\t\t<\/div>\n\t\t<div class=\"elementor-element elementor-element-iw-johanniskraut-s0-bw e-con-full e-flex e-con e-child\" data-id=\"iw-johanniskraut-s0-bw\" data-element_type=\"container\" data-e-type=\"container\">\n\t\t\t\t<div class=\"elementor-element elementor-element-iwgs-johanniskraut-s0t elementor-widget elementor-widget-text-editor\" data-id=\"iwgs-johanniskraut-s0t\" data-element_type=\"widget\" data-e-type=\"widget\" data-widget_type=\"text-editor.default\">\n\t\t\t\t\t\t\t\t\t<p>\u00cd <span class=\"iwg-fachbegriff\" data-tooltip=\"Mi\u00f0lun \u00feekkingar og fr\u00e1sagna kynsl\u00f3\u00f0 eftir kynsl\u00f3\u00f0.\" tabindex=\"0\">munnm\u00e6lum<\/span> er j\u00f3hannesarjurt talin verndarplanta gegn dj\u00f6flum, martr\u00f6\u00f0um og almennum n\u00e6tur\u00e1hrifum. Jurtin er \u00feurrku\u00f0 og hengd \u00ed knippum yfir dyr, \u00ed gluggakarma og vi\u00f0 r\u00fam.<\/p><p>S\u00e9rstaklega kraftmikil er talin jurt sem safna\u00f0 er \u00e1 J\u00f3nsmessudag. Gullgul bl\u00f3min og rau\u00f0a litarefni\u00f0 \u00far n\u00fanum bl\u00f6\u00f0unum eru t\u00falku\u00f0 \u00ed <span class=\"iwg-fachbegriff\" data-tooltip=\"Mi\u00f0lun \u00feekkingar og fr\u00e1sagna kynsl\u00f3\u00f0 eftir kynsl\u00f3\u00f0.\" tabindex=\"0\">munnm\u00e6lum<\/span> sem merki um lj\u00f3skraft sem hrekur myrkri\u00f0 \u00e1 brott.<\/p>\t\t\t\t\t\t\t\t<\/div>\n\t\t\t\t<\/div>\n\t\t\t\t\t<\/div>\n\t\t\t\t<\/div>\n\t\t<div class=\"elementor-element elementor-element-iwgs-johanniskraut-s1 e-flex e-con-boxed e-con e-parent\" data-id=\"iwgs-johanniskraut-s1\" data-element_type=\"container\" data-e-type=\"container\">\n\t\t\t\t\t<div class=\"e-con-inner\">\n\t\t\t\t<div class=\"elementor-element elementor-element-iwgs-johanniskraut-s1h elementor-widget elementor-widget-heading\" data-id=\"iwgs-johanniskraut-s1h\" data-element_type=\"widget\" data-e-type=\"widget\" data-widget_type=\"heading.default\">\n\t\t\t\t\t<h2 class=\"elementor-heading-title elementor-size-default\">Uppruni og munnm\u00e6li<\/h2>\t\t\t\t<\/div>\n\t\t<div class=\"elementor-element elementor-element-iw-johanniskraut-s1-bw e-con-full e-flex e-con e-child\" data-id=\"iw-johanniskraut-s1-bw\" data-element_type=\"container\" data-e-type=\"container\">\n\t\t\t\t<div class=\"elementor-element elementor-element-iwgs-johanniskraut-s1t elementor-widget elementor-widget-text-editor\" data-id=\"iwgs-johanniskraut-s1t\" data-element_type=\"widget\" data-e-type=\"widget\" data-widget_type=\"text-editor.default\">\n\t\t\t\t\t\t\t\t\t<p>Nafn j\u00f3hannesarjurtar v\u00edsar til J\u00f3hannesar sk\u00edrara, en minningardagur hans er haldinn 24. j\u00fan\u00ed. Sumars\u00f3lst\u00f6\u00f0ur eru sk\u00f6mmu fyrir \u00feennan dag, og \u00ed \u00fej\u00f3\u00f0legri munnm\u00e6lahef\u00f0 runnu s\u00f3lst\u00f6\u00f0ueldar hins forkristna si\u00f0ar saman vi\u00f0 kristna d\u00fdrlingad\u00fdrkun.<\/p><p>Pl\u00f6ntur sem voru uppskornar \u00e1 \u00feessum t\u00edma \u00fe\u00f3ttu s\u00e9rstaklega kraftmiklar, \u00fev\u00ed tali\u00f0 var a\u00f0 \u00fe\u00e6r hef\u00f0u teki\u00f0 \u00ed sig h\u00e1mark s\u00f3larkraftsins.<\/p>\n<p><em>Hypericum perforatum<\/em>, latneskt heiti pl\u00f6ntunnar, felur \u00ed tegundarheitinu \u00ed s\u00e9r v\u00edsbendingu: Bl\u00f6\u00f0in s\u00fdna, \u00feegar haldi\u00f0 er upp \u00ed lj\u00f3si\u00f0, f\u00ednger\u00f0 g\u00f6t sem \u00ed \u00fej\u00f3\u00f0legri munnm\u00e6lahef\u00f0 voru t\u00falku\u00f0 sem stungu- e\u00f0a s\u00e1rmerki. \u00deessi tengsl vi\u00f0 \u00fej\u00e1ningar sk\u00edrarans juku enn \u00e1 tr\u00faarlega merkingu jurtarinnar.<\/p>\n<p>\u00cd grasafr\u00e6\u00f0i mi\u00f0alda hj\u00e1 Konrad von Megenberg (<em>Buch der Natur<\/em>, 14. \u00f6ld) er j\u00f3hannesarjurtar geti\u00f0 \u00ed samhengi vi\u00f0 v\u00f6rn gegn dj\u00f6flum og martr\u00f6\u00f0um. Paracelsus, l\u00e6knir og n\u00e1tt\u00faruspekingur \u00e1 fyrri hluta 16. aldar, l\u00fdsir jurtinni \u00ed tengslum vi\u00f0 lj\u00f3s, hreinsun og andav\u00f6rn.<\/p>\n<p>\u00cd \u00fe\u00fdskri \u00fej\u00f3\u00f0tr\u00fa, sem \u00edtarlega er skr\u00e1\u00f0 \u00ed Handw\u00f6rterbuch des deutschen Aberglaubens, er \u00fea\u00f0 a\u00f0 hengja upp knippi af j\u00f3hannesarjurt \u00e1 J\u00f3nsmessu me\u00f0al \u00fatbreiddustu heimilisathafna. S\u00e1 sem gleymdi a\u00f0 skera n\u00fdja jurt og hengja hana yfir dyrnar \u00e1 J\u00f3nsmessudag var \u00e1 sumum sv\u00e6\u00f0um talinn varnarlaus fyrir komandi \u00e1r.<\/p>\t\t\t\t\t\t\t\t<\/div>\n\t\t\t\t<\/div>\n\t\t\t\t\t<\/div>\n\t\t\t\t<\/div>\n\t\t<div class=\"elementor-element elementor-element-iwgs-johanniskraut-s2 e-flex e-con-boxed e-con e-parent\" data-id=\"iwgs-johanniskraut-s2\" data-element_type=\"container\" data-e-type=\"container\">\n\t\t\t\t\t<div class=\"e-con-inner\">\n\t\t\t\t<div class=\"elementor-element elementor-element-iwgs-johanniskraut-s2h elementor-widget elementor-widget-heading\" data-id=\"iwgs-johanniskraut-s2h\" data-element_type=\"widget\" data-e-type=\"widget\" data-widget_type=\"heading.default\">\n\t\t\t\t\t<h2 class=\"elementor-heading-title elementor-size-default\">Virknihugmynd samkv\u00e6mt munnm\u00e6lum<\/h2>\t\t\t\t<\/div>\n\t\t<div class=\"elementor-element elementor-element-iw-johanniskraut-s2-bw e-con-full e-flex e-con e-child\" data-id=\"iw-johanniskraut-s2-bw\" data-element_type=\"container\" data-e-type=\"container\">\n\t\t\t\t<div class=\"elementor-element elementor-element-iwgs-johanniskraut-s2t elementor-widget elementor-widget-text-editor\" data-id=\"iwgs-johanniskraut-s2t\" data-element_type=\"widget\" data-e-type=\"widget\" data-widget_type=\"text-editor.default\">\n\t\t\t\t\t\t\t\t\t<p><span class=\"iwg-fachbegriff\" data-tooltip=\"Mi\u00f0lun \u00feekkingar og fr\u00e1sagna kynsl\u00f3\u00f0 eftir kynsl\u00f3\u00f0.\" tabindex=\"0\">Munnm\u00e6lin<\/span> r\u00e9ttl\u00e6ta verndarm\u00e1tt j\u00f3hannesarjurtar \u00e1 m\u00f6rgum svi\u00f0um.<\/p>\n<p>Lj\u00f3stilskriftin er sterkust. Jurtin bl\u00f3mstrar \u00e1kaft gul \u00e1 t\u00edma lengstu dagsbirtu \u00e1rsins, og rau\u00f0a litarefni\u00f0 hyperic\u00edn, sem seytlar \u00far n\u00fanum bl\u00f3munum, var t\u00falka\u00f0 sem storkna\u00f0 s\u00f3larlj\u00f3s e\u00f0a t\u00e1knr\u00e6nt bl\u00f3\u00f0 s\u00f3lard\u00fdrlingsins. Verur sem s\u00e6kjast \u00ed myrkur geta, samkv\u00e6mt \u00feessari munnm\u00e6lahef\u00f0, ekki sta\u00f0ist \u00feennan sam\u00fejappa\u00f0a lj\u00f3skraft.<\/p>\n<p>Vi\u00f0 \u00feetta b\u00e6tist t\u00edmasetningin: Pl\u00f6ntur sem uppskornar eru \u00e1 J\u00f3nsmessu standa, \u00ed \u00fej\u00f3\u00f0tr\u00fanni, \u00e1 h\u00e1tindi n\u00e1tt\u00farukrafts s\u00edns. M\u00f6rkin milli venjulegs styrks pl\u00f6ntu og verndarm\u00e1ttar hennar liggja, samkv\u00e6mt \u00feessum skilningi, ekki \u00ed efnafr\u00e6\u00f0inni heldur \u00ed uppskerut\u00edmanum og \u00feeirri kosm\u00edsku orkust\u00f6\u00f0u sem honum fylgir.<\/p>\n<p>A\u00f0 lokum eykur kirkjulega heiti\u00f0 <em>Fuga daemonum<\/em> \u00e1 dj\u00fapst\u00e6\u00f0i munnm\u00e6lanna: \u00deegar jafnvel lat\u00ednul\u00e6r\u00f0 grasafr\u00e6\u00f0i mi\u00f0alda nefndi \u00feessa jurt vi\u00f0 dj\u00f6flav\u00f6rn, f\u00e9kk \u00fej\u00f3\u00f0leg framkv\u00e6md stu\u00f0ning \u00ed ritmenningu sem a\u00f0rar verndarpl\u00f6ntur h\u00f6f\u00f0u ekki.<\/p>\t\t\t\t\t\t\t\t<\/div>\n\t\t\t\t<\/div>\n\t\t\t\t\t<\/div>\n\t\t\t\t<\/div>\n\t\t<div class=\"elementor-element elementor-element-iwgs-johanniskraut-s3 e-flex e-con-boxed e-con e-parent\" data-id=\"iwgs-johanniskraut-s3\" data-element_type=\"container\" data-e-type=\"container\">\n\t\t\t\t\t<div class=\"e-con-inner\">\n\t\t\t\t<div class=\"elementor-element elementor-element-iwgs-johanniskraut-s3h elementor-widget elementor-widget-heading\" data-id=\"iwgs-johanniskraut-s3h\" data-element_type=\"widget\" data-e-type=\"widget\" data-widget_type=\"heading.default\">\n\t\t\t\t\t<h2 class=\"elementor-heading-title elementor-size-default\">\u00datbrei\u00f0sla yfir menningarheima<\/h2>\t\t\t\t<\/div>\n\t\t<div class=\"elementor-element elementor-element-iw-johanniskraut-s3-bw e-con-full e-flex e-con e-child\" data-id=\"iw-johanniskraut-s3-bw\" data-element_type=\"container\" data-e-type=\"container\">\n\t\t\t\t<div class=\"elementor-element elementor-element-iwgs-johanniskraut-s3t elementor-widget elementor-widget-text-editor\" data-id=\"iwgs-johanniskraut-s3t\" data-element_type=\"widget\" data-e-type=\"widget\" data-widget_type=\"text-editor.default\">\n\t\t\t\t\t\t\t\t\t<p>J\u00f3hannesarjurt sem verndarplanta er fyrst og fremst mi\u00f0-evr\u00f3pskt fyrirb\u00e6ri, en hefur einnig l\u00e1ti\u00f0 eftir sig spor \u00ed n\u00e1l\u00e6gum menningarheimum.<\/p>\n<p>\u00cd <strong>Mi\u00f0- og Vestur-Evr\u00f3pu<\/strong> er J\u00f3nsmessu-verndarhef\u00f0in v\u00ed\u00f0t\u00e6k og vel skr\u00e1\u00f0. Fr\u00e1 B\u00e6jaralandi um Austurr\u00edki, Sviss, Frakkland til P\u00f3llands og Baltnesku landanna kemur \u00fea\u00f0 a\u00f0 hengja upp j\u00f3hannesarjurt \u00e1 J\u00f3nsmessu fram sem samr\u00e6mdur verndarsi\u00f0ur.<\/p>\n<p>\u00c1 <strong>Nor\u00f0url\u00f6ndum<\/strong> eru \u00feekktar svipa\u00f0ar s\u00f3lst\u00f6\u00f0ujurta-hef\u00f0ir. Jurtin sj\u00e1lf er sjaldg\u00e6fari, en r\u00f6kfr\u00e6\u00f0i s\u00f3lst\u00f6\u00f0ujurtarinnar sem verndarpl\u00f6ntu \u00e1 s\u00e9r hli\u00f0st\u00e6\u00f0ur \u00ed sta\u00f0bundnum jurtum eins og gar\u00f0abr\u00fa\u00f0u.<\/p>\n<p>\u00cd <strong>Su\u00f0ur-Evr\u00f3pu<\/strong> og vi\u00f0 <strong>Mi\u00f0jar\u00f0arhafi\u00f0<\/strong> er J\u00f3nsmessudagur einnig \u00fatbreiddur sem uppskerudagur galdrajurta, og \u00e1 sumum sv\u00e6\u00f0um \u00cdtal\u00edu og Grikklands gegnir j\u00f3hannesarjurt svipu\u00f0u hlutverki og \u00e1 \u00fe\u00fdskum\u00e6landi sv\u00e6\u00f0um.<\/p>\n<p>\u00cd <strong>Nor\u00f0ur-Afr\u00edku og Mi\u00f0austurl\u00f6ndum<\/strong> er plantan minna til sta\u00f0ar sem verndarefni, en \u00ed sumum berb\u00edskum og arab\u00edskum \u00fej\u00f3\u00f0l\u00e6kningaheimildum er h\u00fan tengd andav\u00f6rn.<\/p>\t\t\t\t\t\t\t\t<\/div>\n\t\t\t\t<\/div>\n\t\t\t\t\t<\/div>\n\t\t\t\t<\/div>\n\t\t<div class=\"elementor-element elementor-element-iwgs-johanniskraut-s4 e-flex e-con-boxed e-con e-parent\" data-id=\"iwgs-johanniskraut-s4\" data-element_type=\"container\" data-e-type=\"container\">\n\t\t\t\t\t<div class=\"e-con-inner\">\n\t\t\t\t<div class=\"elementor-element elementor-element-iwgs-johanniskraut-s4h elementor-widget elementor-widget-heading\" data-id=\"iwgs-johanniskraut-s4h\" data-element_type=\"widget\" data-e-type=\"widget\" data-widget_type=\"heading.default\">\n\t\t\t\t\t<h2 class=\"elementor-heading-title elementor-size-default\">Gegn hverju hann er nota\u00f0ur<\/h2>\t\t\t\t<\/div>\n\t\t<div class=\"elementor-element elementor-element-iw-johanniskraut-s4-bw e-con-full e-flex e-con e-child\" data-id=\"iw-johanniskraut-s4-bw\" data-element_type=\"container\" data-e-type=\"container\">\n\t\t\t\t<div class=\"elementor-element elementor-element-iwgs-johanniskraut-s4t elementor-widget elementor-widget-text-editor\" data-id=\"iwgs-johanniskraut-s4t\" data-element_type=\"widget\" data-e-type=\"widget\" data-widget_type=\"text-editor.default\">\n\t\t\t\t\t\t\t\t\t<p>Samkv\u00e6mt gamalli hef\u00f0 er j\u00f3hannesarjurt talin veita vernd s\u00e9rstaklega gegn:<\/p>\n<p>Gegn <strong>dj\u00f6flum og dj\u00f6flalegum \u00e1hrifum<\/strong>: Nafni\u00f0 <em>Fuga daemonum<\/em> v\u00edsar beint til \u00feessa. Jurtin \u00e1tti a\u00f0 halda dj\u00f6flum fr\u00e1 h\u00edb\u00fdlum og ney\u00f0a \u00fe\u00e1 til a\u00f0 yfirgefa heimili \u00fear sem h\u00fan var hengd upp.<\/p>\n<p>Gegn <strong>\u00e1lfum og martr\u00f6\u00f0um<\/strong>: \u00cd mi\u00f0evr\u00f3pskri \u00fej\u00f3\u00f0tr\u00fa er \u00e1lfurinn, n\u00e1tt\u00fara sem sest \u00e1 sofandi f\u00f3lk og kvelur \u00fea\u00f0 me\u00f0 martr\u00f6\u00f0um, meginmarkmi\u00f0 verndarhef\u00f0ar j\u00f3hannesarjurtarins. B\u00fant af jurtinni \u00e1 r\u00famgrindum og yfir dyrum svefnherbergja \u00e1tti a\u00f0 halda \u00e1lfinum fr\u00e1.<\/p>\n<p>Gegn <strong>galdrakonum og ska\u00f0agaldri<\/strong>: J\u00f3hannesarjurt hengd \u00e1 dyr og glugga var einnig talin veita vernd gegn innr\u00e1s galdrakvenna e\u00f0a \u00e1hrifum ska\u00f0agaldurs sem beint var a\u00f0 heimilinu.<\/p>\n<p>Gegn <strong>almennum illum \u00e1hrifum \u00e1 s\u00f3lst\u00f6\u00f0ut\u00edma<\/strong>: \u00cd \u00fej\u00f3\u00f0fr\u00e6\u00f0ilegri hef\u00f0 markar J\u00f3nsmessan upphaf \u201ehins h\u00e6ttulegri hluta \u00e1rsins&#8220;, \u00feegar yfirn\u00e1tt\u00farulegir kraftar eru taldir virkari. N\u00fd uppskorin jurt var talin \u00e1rst\u00ed\u00f0abundinn verndarb\u00fana\u00f0ur fyrir \u00feennan t\u00edma.<\/p>\t\t\t\t\t\t\t\t<\/div>\n\t\t\t\t<\/div>\n\t\t\t\t\t<\/div>\n\t\t\t\t<\/div>\n\t\t<div class=\"elementor-element elementor-element-iwgs-johanniskraut-s5 e-flex e-con-boxed e-con e-parent\" data-id=\"iwgs-johanniskraut-s5\" data-element_type=\"container\" data-e-type=\"container\">\n\t\t\t\t\t<div class=\"e-con-inner\">\n\t\t\t\t<div class=\"elementor-element elementor-element-iwgs-johanniskraut-s5h elementor-widget elementor-widget-heading\" data-id=\"iwgs-johanniskraut-s5h\" data-element_type=\"widget\" data-e-type=\"widget\" data-widget_type=\"heading.default\">\n\t\t\t\t\t<h2 class=\"elementor-heading-title elementor-size-default\">Notkun og takmarkanir<\/h2>\t\t\t\t<\/div>\n\t\t<div class=\"elementor-element elementor-element-iw-johanniskraut-s5-bw e-con-full e-flex e-con e-child\" data-id=\"iw-johanniskraut-s5-bw\" data-element_type=\"container\" data-e-type=\"container\">\n\t\t\t\t<div class=\"elementor-element elementor-element-iwgs-johanniskraut-s5t elementor-widget elementor-widget-text-editor\" data-id=\"iwgs-johanniskraut-s5t\" data-element_type=\"widget\" data-e-type=\"widget\" data-widget_type=\"text-editor.default\">\n\t\t\t\t\t\t\t\t\t<p>\u00deurrku\u00f0um b\u00fantum er hengt yfir dyr, \u00ed gluggakarma og \u00ed svefnherbergi. Best er, samkv\u00e6mt <span class=\"iwg-fachbegriff\" data-tooltip=\"Mi\u00f0lun \u00feekkingar og sagna milli kynsl\u00f3\u00f0a.\" tabindex=\"0\">hef\u00f0inni<\/span>, a\u00f0 skera jurtina \u00e1 J\u00f3nsmessudaginn sj\u00e1lfan e\u00f0a sk\u00f6mmu \u00e1\u00f0ur: \u00fe\u00e1 jurt sem \u00feannig er skorin ber fullan s\u00f3larkraft. Jurt sem skorin er utan \u00feessa t\u00edma er talin s\u00ed\u00f0ur \u00e1hrifar\u00edk \u00ed strangri t\u00falkun <span class=\"iwg-fachbegriff\" data-tooltip=\"Mi\u00f0lun \u00feekkingar og sagna milli kynsl\u00f3\u00f0a.\" tabindex=\"0\">hef\u00f0arinnar<\/span>.<\/p>\n<p>\u00cd sumum hef\u00f0um er \u00feess krafist a\u00f0 jurtin s\u00e9 slitin \u00e1n j\u00e1rnverkf\u00e6ris, \u00fe.e. me\u00f0 berum h\u00f6ndum e\u00f0a tr\u00e9t\u00e6ki, til a\u00f0 raska ekki n\u00e1tt\u00farukraftinum. A\u00f0rar hef\u00f0ir gera enga sl\u00edka kr\u00f6fu.<\/p>\n<p>Verndar\u00e1hrifin eru bundin \u00feeim sta\u00f0 \u00fear sem jurtin hangir: h\u00fan verndar r\u00fdmi\u00f0, ekki manneskjuna sem fer \u00far r\u00fdminu. Fyrir pers\u00f3nulega vernd \u00e1 fer\u00f0 var jurtin \u00ed \u00f6\u00f0rum hef\u00f0um saumu\u00f0 inn \u00ed verndarpoka.<\/p>\n<p>Engar l\u00e6knisfr\u00e6\u00f0ilegar \u00e1hrifayfirl\u00fdsingar tengjast \u00feessari <span class=\"iwg-fachbegriff\" data-tooltip=\"Mi\u00f0lun \u00feekkingar og sagna milli kynsl\u00f3\u00f0a.\" tabindex=\"0\">hef\u00f0<\/span>.<\/p>\t\t\t\t\t\t\t\t<\/div>\n\t\t\t\t<\/div>\n\t\t\t\t\t<\/div>\n\t\t\t\t<\/div>\n\t\t<div class=\"elementor-element elementor-element-iwgs-johanniskraut-lit e-flex e-con-boxed e-con e-parent\" data-id=\"iwgs-johanniskraut-lit\" data-element_type=\"container\" data-e-type=\"container\">\n\t\t\t\t\t<div class=\"e-con-inner\">\n\t\t\t\t<div class=\"elementor-element elementor-element-iwgs-johanniskraut-lith elementor-widget elementor-widget-heading\" data-id=\"iwgs-johanniskraut-lith\" data-element_type=\"widget\" data-e-type=\"widget\" data-widget_type=\"heading.default\">\n\t\t\t\t\t<h2 class=\"elementor-heading-title elementor-size-default\">Heimildir (\u00farval)<\/h2>\t\t\t\t<\/div>\n\t\t<div class=\"elementor-element elementor-element-iw-johanniskraut-lit-bw e-con-full e-flex e-con e-child\" data-id=\"iw-johanniskraut-lit-bw\" data-element_type=\"container\" data-e-type=\"container\">\n\t\t\t\t<div class=\"elementor-element elementor-element-iwgs-johanniskraut-litt elementor-widget elementor-widget-html\" data-id=\"iwgs-johanniskraut-litt\" data-element_type=\"widget\" data-e-type=\"widget\" data-widget_type=\"html.default\">\n\t\t\t\t\t<footer data-nosnippet=\"true\"><ul><li>Handw\u00f6rterbuch des deutschen Aberglaubens. Hrsg. von Hanns B\u00e4chtold-St\u00e4ubli og Eduard Hoffmann-Krayer. Berlin \/ Leipzig 1927-1942. Grein \u201eJohanniskraut\".<\/li><li>Konrad von Megenberg: Buch der Natur. 14. Jahrhundert (Hrsg. Franz Pfeiffer, Stuttgart 1861).<\/li><li>Marzell, Heinrich: W\u00f6rterbuch der deutschen Pflanzennamen. Leipzig 1943-1979.<\/li><li>Richard Kieckhefer: Magic in the Middle Ages. Cambridge University Press, 1989.<\/li><li>Jacob Grimm: Deutsche Mythologie. 4. Auflage, Berlin 1875-1878.<\/li><\/ul><\/footer>\t\t\t\t<\/div>\n\t\t\t\t<\/div>\n\t\t\t\t\t<\/div>\n\t\t\t\t<\/div>\n\t\t<div class=\"elementor-element elementor-element-iwgs-johanniskraut-kwd e-flex e-con-boxed e-con e-parent\" data-id=\"iwgs-johanniskraut-kwd\" data-element_type=\"container\" data-e-type=\"container\">\n\t\t\t\t\t<div class=\"e-con-inner\">\n\t\t<div class=\"elementor-element elementor-element-iw-johanniskraut-kwd-bw e-con-full e-flex e-con e-child\" data-id=\"iw-johanniskraut-kwd-bw\" data-element_type=\"container\" data-e-type=\"container\">\n\t\t\t\t<div class=\"elementor-element elementor-element-iwgs-johanniskraut-kwdt elementor-widget elementor-widget-text-editor\" data-id=\"iwgs-johanniskraut-kwdt\" data-element_type=\"widget\" data-e-type=\"widget\" data-widget_type=\"text-editor.default\">\n\t\t\t\t\t\t\t\t\t<p><em>Tengd leitaror\u00f0: j\u00f3hannesarjurt vernd fuga daemonum dj\u00f6flajurt <span class=\"iwg-fachbegriff\" data-tooltip=\"Tr\u00faarlegar hugmyndir og si\u00f0ir sem eru \u00fatbreiddir \u00ed hversdagsl\u00edfi.\" tabindex=\"0\">\u00fej\u00f3\u00f0tr\u00fa<\/span>.<\/em><\/p>\t\t\t\t\t\t\t\t<\/div>\n\t\t\t\t<\/div>\n\t\t\t\t\t<\/div>\n\t\t\t\t<\/div>\n\t\t<div class=\"elementor-element elementor-element-iwgs-johanniskraut-cc e-flex e-con-boxed e-con e-parent\" data-id=\"iwgs-johanniskraut-cc\" data-element_type=\"container\" data-e-type=\"container\" id=\"iwg-cc-johanniskraut\">\n\t\t\t\t\t<div class=\"e-con-inner\">\n\t\t<div class=\"elementor-element elementor-element-iwgs-johanniskraut-ccinner e-flex e-con-boxed e-con e-parent\" data-id=\"iwgs-johanniskraut-ccinner\" data-element_type=\"container\" data-e-type=\"container\" data-settings=\"{&quot;background_background&quot;:&quot;classic&quot;}\">\n\t\t\t\t\t<div class=\"e-con-inner\">\n\t\t\t\t<div class=\"elementor-element elementor-element-iwgs-johanniskraut-cch elementor-widget elementor-widget-heading\" data-id=\"iwgs-johanniskraut-cch\" data-element_type=\"widget\" data-e-type=\"widget\" data-widget_type=\"heading.default\">\n\t\t\t\t\t<h2 class=\"elementor-heading-title elementor-size-default\">iWell Guard og verndarhef\u00f0ir<\/h2>\t\t\t\t<\/div>\n\t\t\t\t<div class=\"elementor-element elementor-element-iwgs-johanniskraut-cct elementor-widget elementor-widget-text-editor\" data-id=\"iwgs-johanniskraut-cct\" data-element_type=\"widget\" data-e-type=\"widget\" data-widget_type=\"text-editor.default\">\n\t\t\t\t\t\t\t\t\t<p><span class=\"iwg-fachbegriff\" data-tooltip=\"Mi\u00f0lun \u00feekkingar og sagna milli kynsl\u00f3\u00f0a.\" tabindex=\"0\">Hef\u00f0in<\/span> um j\u00f3hannesarjurtina s\u00fdnir hvernig lj\u00f3s og n\u00e1tt\u00fara sk\u00f6pu\u00f0u saman verndarhugmynd sem lif\u00f0i \u00e1fram \u00f6ldum saman.<\/p><p>Hugmyndin um a\u00f0 \u00e1kve\u00f0nar jurtir og efni, safna\u00f0ar \u00e1 r\u00e9ttum t\u00edma og r\u00e9ttum sta\u00f0, veiti verndar\u00e1hrif tengist hugmyndinni um <a href=\"https:\/\/iwell-guard.com\/is\/verndargripur-iwell-guard-kaupa\/\">iWell Guard<\/a>, hlut sem sameinar \u00ed s\u00e9r hef\u00f0ar\u00fer\u00e6\u00f0i verndarhugsunar margra menningarheima.<\/p>\t\t\t\t\t\t\t\t<\/div>\n\t\t\t\t<div class=\"elementor-element elementor-element-iwgs-johanniskraut-ccb iwg-cc-button iwg-cc-cta-2026-05-13 elementor-widget elementor-widget-jet-button\" data-id=\"iwgs-johanniskraut-ccb\" data-element_type=\"widget\" data-e-type=\"widget\" data-widget_type=\"jet-button.default\">\n\t\t\t\t<div class=\"elementor-widget-container\">\n\t\t\t\t\t<div class=\"elementor-jet-button jet-elements\"><div class=\"jet-button__container\"><a class=\"jet-button__instance jet-button__instance--icon-left hover-effect-1\" href=\"\/schutzanhaenger-iwell-guard-kaufen\/?utm_source=iwell-guard.com&amp;utm_medium=info-box&amp;utm_campaign=schutzsymbole\"><div class=\"jet-button__plane jet-button__plane-normal\"><\/div><div class=\"jet-button__plane jet-button__plane-hover\"><\/div><div class=\"jet-button__state jet-button__state-normal\"><span class=\"jet-button__label\">Meira um iWell Guard<\/span><\/div><div class=\"jet-button__state jet-button__state-hover\"><span class=\"jet-button__label\">Meira um iWell Guard<\/span><\/div><\/a><\/div><\/div><style>.elementor-element.elementor-element-iwgs-johanniskraut-ccb .jet-button__instance{width:320px;height:56px;}.elementor-element.elementor-element-iwgs-johanniskraut-ccb .jet-button__state-normal .jet-button__label{text-align:center;margin:0px 0px 0px 0px;color:#1a1b20;font-family:Montserrat,sans-serif;font-size:13px;font-weight:400;letter-spacing:4px;line-height:1.714em;text-transform:uppercase;}.elementor-element.elementor-element-iwgs-johanniskraut-ccb .jet-button__state-hover .jet-button__label{text-align:center;margin:0px 0px 0px 0px;color:#FECC76;font-family:Montserrat,sans-serif;font-size:13px;font-weight:400;letter-spacing:4px;line-height:1.714em;text-transform:uppercase;}.elementor-element.elementor-element-iwgs-johanniskraut-ccb .jet-button__plane-normal{background-color:#FECC76;border-style:solid;border-color:#C99540;border-width:2px 2px 2px 2px;}.elementor-element.elementor-element-iwgs-johanniskraut-ccb .jet-button__plane-hover{background-color:rgba(0,0,0,0.55);border-style:solid;border-color:#FECC76;border-width:2px 2px 2px 2px;}<\/style>\t\t\t\t<\/div>\n\t\t\t\t<\/div>\n\t\t\t\t<div class=\"elementor-element elementor-element-iwgs-johanniskraut-ccd elementor-widget elementor-widget-text-editor\" data-id=\"iwgs-johanniskraut-ccd\" data-element_type=\"widget\" data-e-type=\"widget\" data-widget_type=\"text-editor.default\">\n\t\t\t\t\t\t\t\t\t<p style=\"text-align:center;font-size:13px;opacity:0.7;margin-top:14px\" data-nosnippet=\"true\">Pers\u00f3nuleg reynsla getur veri\u00f0 mismunandi. Ekki l\u00e6kningat\u00e6ki. Engin lofor\u00f0 um l\u00e6kningu.<\/p>\t\t\t\t\t\t\t\t<\/div>\n\t\t\t\t\t<\/div>\n\t\t\t\t<\/div>\n\t\t\t\t\t<\/div>\n\t\t\t\t<\/div>\n\t\t<div class=\"elementor-element elementor-element-iwgs-johanniskraut-disc e-flex e-con-boxed e-con e-parent\" data-id=\"iwgs-johanniskraut-disc\" data-element_type=\"container\" data-e-type=\"container\">\n\t\t\t\t\t<div class=\"e-con-inner\">\n\t\t<div class=\"elementor-element elementor-element-iw-johanniskraut-disc-bw e-con-full e-flex e-con e-child\" data-id=\"iw-johanniskraut-disc-bw\" data-element_type=\"container\" data-e-type=\"container\">\n\t\t\t\t<div class=\"elementor-element elementor-element-iwgs-johanniskraut-discw elementor-widget elementor-widget-html\" data-id=\"iwgs-johanniskraut-discw\" data-element_type=\"widget\" data-e-type=\"widget\" data-widget_type=\"html.default\">\n\t\t\t\t\t<footer data-nosnippet=\"true\" class=\"iwg-disclaimer-block\"><p data-nosnippet=\"true\">iWell Guard er <strong>ekki l\u00e6kningat\u00e6ki<\/strong> og kemur ekki \u00ed sta\u00f0 l\u00e6knis- e\u00f0a s\u00e1lfr\u00e6\u00f0ime\u00f0fer\u00f0ar. Innihaldi\u00f0 sem h\u00e9r er sett fram er tr\u00faarbrag\u00f0afr\u00e6\u00f0ileg og menningars\u00f6gulega greining, ekki lofor\u00f0 um andlega virkni.<\/p><\/footer>\t\t\t\t<\/div>\n\t\t\t\t<\/div>\n\t\t\t\t\t<\/div>\n\t\t\t\t<\/div>\n\t\t\t\t<\/div>\n\t\t","protected":false},"excerpt":{"rendered":"","protected":false},"author":3,"featured_media":4111,"parent":0,"menu_order":0,"comment_status":"closed","ping_status":"closed","template":"elementor_header_footer","meta":{"_yoast_wpseo_focuskw":"j\u00f3hannesarjurt verndar","_yoast_wpseo_title":"J\u00f3hannesarjurt sem verndarplanta","_yoast_wpseo_metadesc":"Fuga daemonum: S\u00f6gnin eignar j\u00f3hannesarjurt \u00feann kraft a\u00f0 hrekja burt dj\u00f6fla og n\u00e1ttvofur. Uppruni, virkni og notkun.","_yoast_wpseo_meta-robots-noindex":"","_yoast_wpseo_canonical":"","_angie_page":false,"gefaehrdungsstufe":"","wesen_kultur":"","wesen_klasse":"","footnotes":""},"categories":[],"class_list":["post-169267","page","type-page","status-publish","has-post-thumbnail","hentry"],"yoast_head":"<!-- This site is optimized with the Yoast SEO Premium plugin v27.7 (Yoast SEO v28.3) - https:\/\/yoast.com\/product\/yoast-seo-premium-wordpress\/ -->\n<title>J\u00f3hannesarjurt sem verndarplanta<\/title>\n<meta name=\"description\" content=\"Fuga daemonum: S\u00f6gnin eignar j\u00f3hannesarjurt \u00feann kraft a\u00f0 hrekja burt dj\u00f6fla og n\u00e1ttvofur. Uppruni, virkni og notkun.\" \/>\n<meta name=\"robots\" content=\"index, follow, max-snippet:-1, max-image-preview:large, max-video-preview:-1\" \/>\n<link rel=\"canonical\" href=\"https:\/\/iwell-guard.com\/is\/johannesarjurt\/\" \/>\n<meta property=\"og:locale\" content=\"is_IS\" \/>\n<meta property=\"og:type\" content=\"article\" \/>\n<meta property=\"og:title\" content=\"J\u00f3hannesarjurt\" \/>\n<meta property=\"og:description\" content=\"Fuga daemonum: S\u00f6gnin eignar j\u00f3hannesarjurt \u00feann kraft a\u00f0 hrekja burt dj\u00f6fla og n\u00e1ttvofur. Uppruni, virkni og notkun.\" \/>\n<meta property=\"og:url\" content=\"https:\/\/iwell-guard.com\/is\/johannesarjurt\/\" \/>\n<meta property=\"og:site_name\" content=\"iWell Guard\" \/>\n<meta property=\"article:modified_time\" content=\"2026-09-05T14:36:33+00:00\" \/>\n<meta property=\"og:image\" content=\"https:\/\/iwell-guard.com\/wp-content\/uploads\/2026\/05\/schutzsymbol_germanisch_johanniskraut.png\" \/>\n\t<meta property=\"og:image:width\" content=\"1024\" \/>\n\t<meta property=\"og:image:height\" content=\"1536\" \/>\n\t<meta property=\"og:image:type\" content=\"image\/png\" \/>\n<meta name=\"twitter:card\" content=\"summary_large_image\" \/>\n<script type=\"application\/ld+json\" class=\"yoast-schema-graph\">{\"@context\":\"https:\\\/\\\/schema.org\",\"@graph\":[{\"@type\":\"WebPage\",\"@id\":\"https:\\\/\\\/iwell-guard.com\\\/is\\\/johannesarjurt\\\/\",\"url\":\"https:\\\/\\\/iwell-guard.com\\\/is\\\/johannesarjurt\\\/\",\"name\":\"J\u00f3hannesarjurt sem verndarplanta\",\"isPartOf\":{\"@id\":\"https:\\\/\\\/iwell-guard.com\\\/is\\\/#website\"},\"primaryImageOfPage\":{\"@id\":\"https:\\\/\\\/iwell-guard.com\\\/is\\\/johannesarjurt\\\/#primaryimage\"},\"image\":{\"@id\":\"https:\\\/\\\/iwell-guard.com\\\/is\\\/johannesarjurt\\\/#primaryimage\"},\"thumbnailUrl\":\"https:\\\/\\\/iwell-guard.com\\\/wp-content\\\/uploads\\\/2026\\\/05\\\/schutzsymbol_germanisch_johanniskraut.png\",\"datePublished\":\"2026-09-05T14:06:59+00:00\",\"dateModified\":\"2026-09-05T14:36:33+00:00\",\"description\":\"Fuga daemonum: S\u00f6gnin eignar j\u00f3hannesarjurt \u00feann kraft a\u00f0 hrekja burt dj\u00f6fla og n\u00e1ttvofur. Uppruni, virkni og notkun.\",\"breadcrumb\":{\"@id\":\"https:\\\/\\\/iwell-guard.com\\\/is\\\/johannesarjurt\\\/#breadcrumb\"},\"inLanguage\":\"is\",\"potentialAction\":[{\"@type\":\"ReadAction\",\"target\":[\"https:\\\/\\\/iwell-guard.com\\\/is\\\/johannesarjurt\\\/\"]}]},{\"@type\":\"ImageObject\",\"inLanguage\":\"is\",\"@id\":\"https:\\\/\\\/iwell-guard.com\\\/is\\\/johannesarjurt\\\/#primaryimage\",\"url\":\"https:\\\/\\\/iwell-guard.com\\\/wp-content\\\/uploads\\\/2026\\\/05\\\/schutzsymbol_germanisch_johanniskraut.png\",\"contentUrl\":\"https:\\\/\\\/iwell-guard.com\\\/wp-content\\\/uploads\\\/2026\\\/05\\\/schutzsymbol_germanisch_johanniskraut.png\",\"width\":1024,\"height\":1536,\"caption\":\"J\u00f3hannesarjurt \u2013 verndarjurt s\u00f3lst\u00f6\u00f0unnar, s\u00f6guleg \u00fatlistun\"},{\"@type\":\"BreadcrumbList\",\"@id\":\"https:\\\/\\\/iwell-guard.com\\\/is\\\/johannesarjurt\\\/#breadcrumb\",\"itemListElement\":[{\"@type\":\"ListItem\",\"position\":1,\"name\":\"Start\",\"item\":\"https:\\\/\\\/iwell-guard.com\\\/is\\\/?page_id=168580\"},{\"@type\":\"ListItem\",\"position\":2,\"name\":\"J\u00f3hannesarjurt\"}]},{\"@type\":\"WebSite\",\"@id\":\"https:\\\/\\\/iwell-guard.com\\\/is\\\/#website\",\"url\":\"https:\\\/\\\/iwell-guard.com\\\/is\\\/\",\"name\":\"iWell Guard\",\"description\":\"Schutz vor dunklen Einfl\u00fcssen\",\"publisher\":{\"@id\":\"https:\\\/\\\/iwell-guard.com\\\/is\\\/#organization\"},\"potentialAction\":[{\"@type\":\"SearchAction\",\"target\":{\"@type\":\"EntryPoint\",\"urlTemplate\":\"https:\\\/\\\/iwell-guard.com\\\/is\\\/?s={search_term_string}\"},\"query-input\":{\"@type\":\"PropertyValueSpecification\",\"valueRequired\":true,\"valueName\":\"search_term_string\"}}],\"inLanguage\":\"is\"},{\"@type\":\"Organization\",\"@id\":\"https:\\\/\\\/iwell-guard.com\\\/is\\\/#organization\",\"name\":\"Ittermann electronic GmbH\",\"url\":\"https:\\\/\\\/iwell-guard.com\\\/is\\\/\",\"logo\":{\"@type\":\"ImageObject\",\"inLanguage\":\"is\",\"@id\":\"https:\\\/\\\/iwell-guard.com\\\/is\\\/#\\\/schema\\\/logo\\\/image\\\/\",\"url\":\"https:\\\/\\\/iwell-guard.com\\\/wp-content\\\/uploads\\\/2026\\\/05\\\/Ittermann-Logo-1182x237-1.png\",\"contentUrl\":\"https:\\\/\\\/iwell-guard.com\\\/wp-content\\\/uploads\\\/2026\\\/05\\\/Ittermann-Logo-1182x237-1.png\",\"width\":1182,\"height\":237,\"caption\":\"Ittermann electronic GmbH\"},\"image\":{\"@id\":\"https:\\\/\\\/iwell-guard.com\\\/is\\\/#\\\/schema\\\/logo\\\/image\\\/\"},\"sameAs\":[\"https:\\\/\\\/pantip.com\\\/profile\\\/9367242\",\"https:\\\/\\\/micro.blog\\\/iwellguard\",\"https:\\\/\\\/www.diggerslist.com\\\/iwellguard\\\/about\",\"https:\\\/\\\/skitterphoto.com\\\/photographers\\\/2870314\\\/iwell-guard\",\"https:\\\/\\\/iwellguard.wordpress.com\\\/2026\\\/06\\\/06\\\/iwell-guard\\\/\",\"https:\\\/\\\/hub.docker.com\\\/u\\\/iwellguard\",\"https:\\\/\\\/www.pinterest.com\\\/iwellguard\\\/\",\"https:\\\/\\\/bit.ly\\\/m\\\/iwellguard\",\"https:\\\/\\\/entre-vos-mains.alsace.eu\\\/profiles\\\/iwellguard\\\/activity\",\"https:\\\/\\\/gravatar.com\\\/reallybeded8fd34\",\"https:\\\/\\\/naijamatta.com\\\/iwellguard\",\"https:\\\/\\\/www.goodreads.com\\\/iwellguard\",\"https:\\\/\\\/profile.hatena.ne.jp\\\/iwellguard\\\/\",\"https:\\\/\\\/experiment.com\\\/users\\\/iwellguard\",\"https:\\\/\\\/wakelet.com\\\/@iWellGuard82270\",\"https:\\\/\\\/www.chordie.com\\\/forum\\\/profile.php?id=2555664\",\"https:\\\/\\\/www.instapaper.com\\\/p\\\/17757966\",\"https:\\\/\\\/www.mapleprimes.com\\\/users\\\/iwellguard\",\"https:\\\/\\\/businesslistingplus.com\\\/profile\\\/iwell-guard\\\/\",\"https:\\\/\\\/telegra.ph\\\/iWell-Guard-06-06\",\"https:\\\/\\\/pbase.com\\\/iwellguard\\\/iwellguard\",\"https:\\\/\\\/b.hatena.ne.jp\\\/iwellguard\\\/20260607#bookmark-4788405196491818882\",\"https:\\\/\\\/fliphtml5.com\\\/home\\\/iwellguard\",\"https:\\\/\\\/anyflip.com\\\/homepage\\\/cmiwl#About\",\"https:\\\/\\\/transfur.com\\\/Users\\\/iwellguard\",\"http:\\\/\\\/delphi.larsbo.org\\\/user\\\/iwellguard\",\"https:\\\/\\\/jobs.lajobsportal.org\\\/profiles\\\/8380803-iwell-guard\",\"https:\\\/\\\/md.chaosdorf.de\\\/s\\\/jfbe5SBdJD\",\"https:\\\/\\\/www.lingvolive.com\\\/en-us\\\/profile\\\/9ecaeaca-ce11-4e51-9e71-01d55e2bff36\\\/translations\",\"https:\\\/\\\/www.fitday.com\\\/fitness\\\/forums\\\/members\\\/iwellguard.html\",\"https:\\\/\\\/www.mymeetbook.com\\\/iwellguard\",\"https:\\\/\\\/pxhere.com\\\/en\\\/photographer-me\\\/5040798\",\"https:\\\/\\\/disqus.com\\\/by\\\/iwellguard\\\/about\\\/\",\"https:\\\/\\\/pastelink.net\\\/hjwciqwq\",\"https:\\\/\\\/pubhtml5.com\\\/homepage\\\/scjhn\\\/\",\"https:\\\/\\\/www.bitchute.com\\\/channel\\\/2O2eOKzNqujT\",\"https:\\\/\\\/audiomack.com\\\/iwellguard\"]}]}<\/script>\n<!-- \/ Yoast SEO Premium plugin. -->","yoast_head_json":{"title":"J\u00f3hannesarjurt sem verndarplanta","description":"Fuga daemonum: S\u00f6gnin eignar j\u00f3hannesarjurt \u00feann kraft a\u00f0 hrekja burt dj\u00f6fla og n\u00e1ttvofur. Uppruni, virkni og notkun.","robots":{"index":"index","follow":"follow","max-snippet":"max-snippet:-1","max-image-preview":"max-image-preview:large","max-video-preview":"max-video-preview:-1"},"canonical":"https:\/\/iwell-guard.com\/is\/johannesarjurt\/","og_locale":"is_IS","og_type":"article","og_title":"J\u00f3hannesarjurt","og_description":"Fuga daemonum: S\u00f6gnin eignar j\u00f3hannesarjurt \u00feann kraft a\u00f0 hrekja burt dj\u00f6fla og n\u00e1ttvofur. Uppruni, virkni og notkun.","og_url":"https:\/\/iwell-guard.com\/is\/johannesarjurt\/","og_site_name":"iWell Guard","article_modified_time":"2026-09-05T14:36:33+00:00","og_image":[{"width":1024,"height":1536,"url":"https:\/\/iwell-guard.com\/wp-content\/uploads\/2026\/05\/schutzsymbol_germanisch_johanniskraut.png","type":"image\/png"}],"twitter_card":"summary_large_image","schema":{"@context":"https:\/\/schema.org","@graph":[{"@type":"WebPage","@id":"https:\/\/iwell-guard.com\/is\/johannesarjurt\/","url":"https:\/\/iwell-guard.com\/is\/johannesarjurt\/","name":"J\u00f3hannesarjurt sem verndarplanta","isPartOf":{"@id":"https:\/\/iwell-guard.com\/is\/#website"},"primaryImageOfPage":{"@id":"https:\/\/iwell-guard.com\/is\/johannesarjurt\/#primaryimage"},"image":{"@id":"https:\/\/iwell-guard.com\/is\/johannesarjurt\/#primaryimage"},"thumbnailUrl":"https:\/\/iwell-guard.com\/wp-content\/uploads\/2026\/05\/schutzsymbol_germanisch_johanniskraut.png","datePublished":"2026-09-05T14:06:59+00:00","dateModified":"2026-09-05T14:36:33+00:00","description":"Fuga daemonum: S\u00f6gnin eignar j\u00f3hannesarjurt \u00feann kraft a\u00f0 hrekja burt dj\u00f6fla og n\u00e1ttvofur. Uppruni, virkni og notkun.","breadcrumb":{"@id":"https:\/\/iwell-guard.com\/is\/johannesarjurt\/#breadcrumb"},"inLanguage":"is","potentialAction":[{"@type":"ReadAction","target":["https:\/\/iwell-guard.com\/is\/johannesarjurt\/"]}]},{"@type":"ImageObject","inLanguage":"is","@id":"https:\/\/iwell-guard.com\/is\/johannesarjurt\/#primaryimage","url":"https:\/\/iwell-guard.com\/wp-content\/uploads\/2026\/05\/schutzsymbol_germanisch_johanniskraut.png","contentUrl":"https:\/\/iwell-guard.com\/wp-content\/uploads\/2026\/05\/schutzsymbol_germanisch_johanniskraut.png","width":1024,"height":1536,"caption":"J\u00f3hannesarjurt \u2013 verndarjurt s\u00f3lst\u00f6\u00f0unnar, s\u00f6guleg \u00fatlistun"},{"@type":"BreadcrumbList","@id":"https:\/\/iwell-guard.com\/is\/johannesarjurt\/#breadcrumb","itemListElement":[{"@type":"ListItem","position":1,"name":"Start","item":"https:\/\/iwell-guard.com\/is\/?page_id=168580"},{"@type":"ListItem","position":2,"name":"J\u00f3hannesarjurt"}]},{"@type":"WebSite","@id":"https:\/\/iwell-guard.com\/is\/#website","url":"https:\/\/iwell-guard.com\/is\/","name":"iWell Guard","description":"Schutz vor dunklen Einfl\u00fcssen","publisher":{"@id":"https:\/\/iwell-guard.com\/is\/#organization"},"potentialAction":[{"@type":"SearchAction","target":{"@type":"EntryPoint","urlTemplate":"https:\/\/iwell-guard.com\/is\/?s={search_term_string}"},"query-input":{"@type":"PropertyValueSpecification","valueRequired":true,"valueName":"search_term_string"}}],"inLanguage":"is"},{"@type":"Organization","@id":"https:\/\/iwell-guard.com\/is\/#organization","name":"Ittermann electronic GmbH","url":"https:\/\/iwell-guard.com\/is\/","logo":{"@type":"ImageObject","inLanguage":"is","@id":"https:\/\/iwell-guard.com\/is\/#\/schema\/logo\/image\/","url":"https:\/\/iwell-guard.com\/wp-content\/uploads\/2026\/05\/Ittermann-Logo-1182x237-1.png","contentUrl":"https:\/\/iwell-guard.com\/wp-content\/uploads\/2026\/05\/Ittermann-Logo-1182x237-1.png","width":1182,"height":237,"caption":"Ittermann electronic GmbH"},"image":{"@id":"https:\/\/iwell-guard.com\/is\/#\/schema\/logo\/image\/"},"sameAs":["https:\/\/pantip.com\/profile\/9367242","https:\/\/micro.blog\/iwellguard","https:\/\/www.diggerslist.com\/iwellguard\/about","https:\/\/skitterphoto.com\/photographers\/2870314\/iwell-guard","https:\/\/iwellguard.wordpress.com\/2026\/06\/06\/iwell-guard\/","https:\/\/hub.docker.com\/u\/iwellguard","https:\/\/www.pinterest.com\/iwellguard\/","https:\/\/bit.ly\/m\/iwellguard","https:\/\/entre-vos-mains.alsace.eu\/profiles\/iwellguard\/activity","https:\/\/gravatar.com\/reallybeded8fd34","https:\/\/naijamatta.com\/iwellguard","https:\/\/www.goodreads.com\/iwellguard","https:\/\/profile.hatena.ne.jp\/iwellguard\/","https:\/\/experiment.com\/users\/iwellguard","https:\/\/wakelet.com\/@iWellGuard82270","https:\/\/www.chordie.com\/forum\/profile.php?id=2555664","https:\/\/www.instapaper.com\/p\/17757966","https:\/\/www.mapleprimes.com\/users\/iwellguard","https:\/\/businesslistingplus.com\/profile\/iwell-guard\/","https:\/\/telegra.ph\/iWell-Guard-06-06","https:\/\/pbase.com\/iwellguard\/iwellguard","https:\/\/b.hatena.ne.jp\/iwellguard\/20260607#bookmark-4788405196491818882","https:\/\/fliphtml5.com\/home\/iwellguard","https:\/\/anyflip.com\/homepage\/cmiwl#About","https:\/\/transfur.com\/Users\/iwellguard","http:\/\/delphi.larsbo.org\/user\/iwellguard","https:\/\/jobs.lajobsportal.org\/profiles\/8380803-iwell-guard","https:\/\/md.chaosdorf.de\/s\/jfbe5SBdJD","https:\/\/www.lingvolive.com\/en-us\/profile\/9ecaeaca-ce11-4e51-9e71-01d55e2bff36\/translations","https:\/\/www.fitday.com\/fitness\/forums\/members\/iwellguard.html","https:\/\/www.mymeetbook.com\/iwellguard","https:\/\/pxhere.com\/en\/photographer-me\/5040798","https:\/\/disqus.com\/by\/iwellguard\/about\/","https:\/\/pastelink.net\/hjwciqwq","https:\/\/pubhtml5.com\/homepage\/scjhn\/","https:\/\/www.bitchute.com\/channel\/2O2eOKzNqujT","https:\/\/audiomack.com\/iwellguard"]}]}},"_links":{"self":[{"href":"https:\/\/iwell-guard.com\/is\/wp-json\/wp\/v2\/pages\/169267","targetHints":{"allow":["GET"]}}],"collection":[{"href":"https:\/\/iwell-guard.com\/is\/wp-json\/wp\/v2\/pages"}],"about":[{"href":"https:\/\/iwell-guard.com\/is\/wp-json\/wp\/v2\/types\/page"}],"author":[{"embeddable":true,"href":"https:\/\/iwell-guard.com\/is\/wp-json\/wp\/v2\/users\/3"}],"replies":[{"embeddable":true,"href":"https:\/\/iwell-guard.com\/is\/wp-json\/wp\/v2\/comments?post=169267"}],"version-history":[{"count":0,"href":"https:\/\/iwell-guard.com\/is\/wp-json\/wp\/v2\/pages\/169267\/revisions"}],"wp:featuredmedia":[{"embeddable":true,"href":"https:\/\/iwell-guard.com\/is\/wp-json\/wp\/v2\/media\/4111"}],"wp:attachment":[{"href":"https:\/\/iwell-guard.com\/is\/wp-json\/wp\/v2\/media?parent=169267"}],"wp:term":[{"taxonomy":"category","embeddable":true,"href":"https:\/\/iwell-guard.com\/is\/wp-json\/wp\/v2\/categories?post=169267"}],"curies":[{"name":"wp","href":"https:\/\/api.w.org\/{rel}","templated":true}]}}