{"id":169264,"date":"2026-09-05T14:06:57","date_gmt":"2026-09-05T14:06:57","guid":{"rendered":"https:\/\/iwell-guard.com\/?page_id=169264"},"modified":"2026-09-05T14:36:26","modified_gmt":"2026-09-05T14:36:26","slug":"drudenfuss-pentagramma","status":"publish","type":"page","link":"https:\/\/iwell-guard.com\/is\/drudenfuss-pentagramma\/","title":{"rendered":"Dr\u00fadaf\u00f3tur og pentagramma"},"content":{"rendered":"\t\t<div data-elementor-type=\"wp-page\" data-elementor-id=\"169264\" class=\"elementor elementor-169264 elementor-3772 elementor-bc-flex-widget\" data-elementor-post-type=\"page\">\n\t\t\t\t<div class=\"elementor-element elementor-element-iwgs-drudenfuss-hero e-flex e-con-boxed e-con e-parent\" data-id=\"iwgs-drudenfuss-hero\" data-element_type=\"container\" data-e-type=\"container\">\n\t\t\t\t\t<div class=\"e-con-inner\">\n\t\t<div class=\"elementor-element elementor-element-iw-drudenfuss-hero-left e-con-full e-flex e-con e-child\" data-id=\"iw-drudenfuss-hero-left\" data-element_type=\"container\" data-e-type=\"container\">\n\t\t\t\t<div class=\"elementor-element elementor-element-iwgs-drudenfuss-h1 elementor-widget elementor-widget-heading\" data-id=\"iwgs-drudenfuss-h1\" data-element_type=\"widget\" data-e-type=\"widget\" data-widget_type=\"heading.default\">\n\t\t\t\t\t<h1 class=\"elementor-heading-title elementor-size-default\">Dr\u00fadaf\u00f3tur og pentagramma<\/h1>\t\t\t\t<\/div>\n\t\t<div class=\"elementor-element elementor-element-iw-drudenfuss-hero-bw e-con-full e-flex e-con e-child\" data-id=\"iw-drudenfuss-hero-bw\" data-element_type=\"container\" data-e-type=\"container\">\n\t\t\t\t<div class=\"elementor-element elementor-element-iwgs-drudenfuss-pills elementor-widget elementor-widget-html\" data-id=\"iwgs-drudenfuss-pills\" data-element_type=\"widget\" data-e-type=\"widget\" data-widget_type=\"html.default\">\n\t\t\t\t\t<div class=\"iwg-pill-row\"><span class=\"iwg-klasse-badge\" tabindex=\"0\" data-tooltip=\"Tegund verndargripar.\">Verndart\u00e1kn<\/span><a href=\"https:\/\/iwell-guard.com\/is\/verndartakn\/\" class=\"iwg-kultur-badge\" tabindex=\"0\" data-tooltip=\"Til yfirlits.\">T\u00e1kn og merki<\/a><\/div>\t\t\t\t<\/div>\n\t\t\t\t<div class=\"elementor-element elementor-element-iwgs-drudenfuss-lead elementor-widget elementor-widget-text-editor\" data-id=\"iwgs-drudenfuss-lead\" data-element_type=\"widget\" data-e-type=\"widget\" data-widget_type=\"text-editor.default\">\n\t\t\t\t\t\t\t\t\t<p>Dr\u00fadaf\u00f3turinn er me\u00f0al \u00feekktustu verndart\u00e1kna germanskrar \u00fej\u00f3\u00f0tr\u00faar. Um er a\u00f0 r\u00e6\u00f0a fimmoddastj\u00f6rnu sem draga m\u00e1 \u00ed einni \u00f3slitinni l\u00ednu \u00e1n \u00feess a\u00f0 lyfta pennanum.<\/p><p>\u00deessi eiginleiki, hin loka\u00f0a l\u00ednuf\u00f6r, var \u00ed <span class=\"iwg-fachbegriff\" data-tooltip=\"Mi\u00f0lun \u00feekkingar og fr\u00e1sagna \u00e1 milli kynsl\u00f3\u00f0a.\" tabindex=\"0\">hef\u00f0inni<\/span> talinn mikilv\u00e6gur fyrir varnarkraft \u00feess: Sl\u00edkt t\u00e1kn hefur hvorki upphaf n\u00e9 endi og leyfir \u00fear af lei\u00f0andi, samkv\u00e6mt hugmyndinni, engan a\u00f0gang.<\/p>\n<p>Heiti\u00f0 \u201eDrudenfu\u00df&#8220; (dr\u00fadaf\u00f3tur) v\u00edsar til dr\u00fadunnar, n\u00e6turvera \u00far \u00fej\u00f3\u00f0tr\u00fa Alpah\u00e9ra\u00f0anna og B\u00e6jaralands-Austurr\u00edkis sem lag\u00f0ist \u00e1 sofandi f\u00f3lk. N\u00e1in t\u00e1kn og svipa\u00f0ar hugmyndir finnast \u00fe\u00f3 langt utan \u00feessa sv\u00e6\u00f0is, b\u00e6\u00f0i \u00ed s\u00ed\u00f0fornri gr\u00edskri heimspeki og \u00ed arab\u00edskri <span class=\"iwg-fachbegriff\" data-tooltip=\"Mi\u00f0lun \u00feekkingar og fr\u00e1sagna \u00e1 milli kynsl\u00f3\u00f0a.\" tabindex=\"0\">hef\u00f0<\/span> mi\u00f0alda.<\/p>\n<p>\u00deessi s\u00ed\u00f0a setur t\u00e1kni\u00f0 \u00ed \u00fej\u00f3\u00f0fr\u00e6\u00f0ilegt samhengi. H\u00fan veitir ekki neina verndar\u00e1byrg\u00f0 heldur l\u00fdsir \u00fev\u00ed sem menningarheimar eignu\u00f0u \u00fev\u00ed. \u00deeir sem vilja yfirlit yfir n\u00e1in t\u00e1kn finna \u00fea\u00f0 \u00e1 yfirlitss\u00ed\u00f0unni <a href=\"https:\/\/iwell-guard.com\/is\/verndartakn\/\">Verndart\u00e1kn<\/a>; <a href=\"https:\/\/iwell-guard.com\/is\/?page_id=169276\">Verndarkomp\u00e1sinn<\/a> tengir dr\u00fadaf\u00f3tinn \u00feeim verum sem hann var samkv\u00e6mt <span class=\"iwg-fachbegriff\" data-tooltip=\"Mi\u00f0lun \u00feekkingar og fr\u00e1sagna \u00e1 milli kynsl\u00f3\u00f0a.\" tabindex=\"0\">hef\u00f0<\/span> nota\u00f0ur gegn.<\/p>\t\t\t\t\t\t\t\t<\/div>\n\t\t\t\t<\/div>\n\t\t\t\t<\/div>\n\t\t<div class=\"elementor-element elementor-element-iw-drudenfuss-hero-img e-con-full e-flex e-con e-child\" data-id=\"iw-drudenfuss-hero-img\" data-element_type=\"container\" data-e-type=\"container\">\n\t\t\t\t<div class=\"elementor-element elementor-element-iwgs-drudenfuss-himg iwg-hero-image elementor-widget elementor-widget-image\" data-id=\"iwgs-drudenfuss-himg\" data-element_type=\"widget\" data-e-type=\"widget\" data-widget_type=\"image.default\">\n\t\t\t\t\t\t\t\t\t\t\t\t\t\t\t<img fetchpriority=\"high\" decoding=\"async\" width=\"683\" height=\"1024\" src=\"https:\/\/iwell-guard.com\/wp-content\/uploads\/2026\/05\/schutzsymbol_germanisch_drudenfuss-683x1024.png\" class=\"attachment-large size-large wp-image-170460\" alt=\"Drudenfu\u00df og pentagram, s\u00f6guleg mynd\" srcset=\"https:\/\/iwell-guard.com\/wp-content\/uploads\/2026\/05\/schutzsymbol_germanisch_drudenfuss-683x1024.png 683w, https:\/\/iwell-guard.com\/wp-content\/uploads\/2026\/05\/schutzsymbol_germanisch_drudenfuss-200x300.png 200w, https:\/\/iwell-guard.com\/wp-content\/uploads\/2026\/05\/schutzsymbol_germanisch_drudenfuss-768x1152.png 768w, https:\/\/iwell-guard.com\/wp-content\/uploads\/2026\/05\/schutzsymbol_germanisch_drudenfuss.png 1024w\" sizes=\"(max-width: 683px) 100vw, 683px\" \/>\t\t\t\t\t\t\t\t\t\t\t\t\t\t\t<\/div>\n\t\t\t\t<\/div>\n\t\t\t\t\t<\/div>\n\t\t\t\t<\/div>\n\t\t<div class=\"elementor-element elementor-element-iwgs-drudenfuss-s0 e-flex e-con-boxed e-con e-parent\" data-id=\"iwgs-drudenfuss-s0\" data-element_type=\"container\" data-e-type=\"container\">\n\t\t\t\t\t<div class=\"e-con-inner\">\n\t\t\t\t<div class=\"elementor-element elementor-element-iwgs-drudenfuss-s0h elementor-widget elementor-widget-heading\" data-id=\"iwgs-drudenfuss-s0h\" data-element_type=\"widget\" data-e-type=\"widget\" data-widget_type=\"heading.default\">\n\t\t\t\t\t<h2 class=\"elementor-heading-title elementor-size-default\">Skj\u00f3tt yfirlit<\/h2>\t\t\t\t<\/div>\n\t\t<div class=\"elementor-element elementor-element-iw-drudenfuss-s0-bw e-con-full e-flex e-con e-child\" data-id=\"iw-drudenfuss-s0-bw\" data-element_type=\"container\" data-e-type=\"container\">\n\t\t\t\t<div class=\"elementor-element elementor-element-iwgs-drudenfuss-s0t elementor-widget elementor-widget-text-editor\" data-id=\"iwgs-drudenfuss-s0t\" data-element_type=\"widget\" data-e-type=\"widget\" data-widget_type=\"text-editor.default\">\n\t\t\t\t\t\t\t\t\t<p>\u00cd <span class=\"iwg-fachbegriff\" data-tooltip=\"Mi\u00f0lun \u00feekkingar og fr\u00e1sagna \u00e1 milli kynsl\u00f3\u00f0a.\" tabindex=\"0\">hef\u00f0inni<\/span> telst dr\u00fadaf\u00f3turinn vera verndart\u00e1kn (apotropa\u00edskt): Hann \u00e1tti a\u00f0 koma \u00ed veg fyrir a\u00f0 dr\u00fadur, \u00e1lfar og \u00f6nnur n\u00e6tur\u00e1hrif k\u00e6must inn \u00ed h\u00fas e\u00f0a svefnsta\u00f0. T\u00e1kni\u00f0 er dregi\u00f0 e\u00f0a m\u00e1la\u00f0 sem loku\u00f0 einl\u00ednuteikning \u00e1 dyr, gluggakarma og \u00e1h\u00f6ld.<\/p><p>Utan hins \u00fe\u00fdskum\u00e6landi sv\u00e6\u00f0is er sama r\u00famfr\u00e6\u00f0ilega <span class=\"iwg-fachbegriff\" data-tooltip=\"T\u00e1kn sem stendur fyrir hugmynd e\u00f0a merkingu.\" tabindex=\"0\">t\u00e1kn<\/span> kunnugt sem pentagramma og var me\u00f0al annars \u00ed p\u00fd\u00feag\u00f3re\u00edskri <span class=\"iwg-fachbegriff\" data-tooltip=\"Mi\u00f0lun \u00feekkingar og fr\u00e1sagna \u00e1 milli kynsl\u00f3\u00f0a.\" tabindex=\"0\">hef\u00f0<\/span> kennimerki samherja, sem \u00fev\u00ed var jafnframt eigna\u00f0ur verndandi eiginleiki. \u00cd \u00fej\u00f3\u00f0tr\u00fa s\u00ed\u00f0mi\u00f0alda og \u00e1rn\u00fdaldar var dr\u00fadaf\u00f3turinn svo \u00fatbreiddur \u00ed Su\u00f0ur-\u00de\u00fdskalandi og Austurr\u00edki a\u00f0 hann kemur fyrir \u00e1 kr\u00e1arskiltum, kistulokum og h\u00fasvi\u00f0arbj\u00e1lkum.<\/p>\t\t\t\t\t\t\t\t<\/div>\n\t\t\t\t<\/div>\n\t\t\t\t\t<\/div>\n\t\t\t\t<\/div>\n\t\t<div class=\"elementor-element elementor-element-iwgs-drudenfuss-s1 e-flex e-con-boxed e-con e-parent\" data-id=\"iwgs-drudenfuss-s1\" data-element_type=\"container\" data-e-type=\"container\">\n\t\t\t\t\t<div class=\"e-con-inner\">\n\t\t\t\t<div class=\"elementor-element elementor-element-iwgs-drudenfuss-s1h elementor-widget elementor-widget-heading\" data-id=\"iwgs-drudenfuss-s1h\" data-element_type=\"widget\" data-e-type=\"widget\" data-widget_type=\"heading.default\">\n\t\t\t\t\t<h2 class=\"elementor-heading-title elementor-size-default\">Uppruni og munnm\u00e6li<\/h2>\t\t\t\t<\/div>\n\t\t<div class=\"elementor-element elementor-element-iw-drudenfuss-s1-bw e-con-full e-flex e-con e-child\" data-id=\"iw-drudenfuss-s1-bw\" data-element_type=\"container\" data-e-type=\"container\">\n\t\t\t\t<div class=\"elementor-element elementor-element-iwgs-drudenfuss-s1t elementor-widget elementor-widget-text-editor\" data-id=\"iwgs-drudenfuss-s1t\" data-element_type=\"widget\" data-e-type=\"widget\" data-widget_type=\"text-editor.default\">\n\t\t\t\t\t\t\t\t\t<p>Elstu v\u00edsbendingar um fimmstj\u00f6rnumynstri\u00f0 sem me\u00f0vita\u00f0 t\u00e1kn eru fr\u00e1 Mes\u00f3p\u00f3tam\u00edu, \u00fear sem \u00fea\u00f0 kemur fyrir \u00e1 leirmunum og leirt\u00f6flum. Verndandi e\u00f0a varnandi merking er \u00fear \u00fe\u00f3 ekki \u00f3tv\u00edr\u00e6tt s\u00f6nnu\u00f0; t\u00e1knin h\u00f6f\u00f0u fremur flokkunarlegt e\u00f0li.<\/p>\n<p>\u00cd gr\u00edskri menningu t\u00f3k p\u00fd\u00feag\u00f3re\u00edski sk\u00f3linn upp pentagrammann sem kennimerki. S\u00ed\u00f0ar heimildir n\u00fdplat\u00f3nisma t\u00falku\u00f0u \u00fea\u00f0 sem <span class=\"iwg-fachbegriff\" data-tooltip=\"T\u00e1kn sem stendur fyrir hugmynd e\u00f0a merkingu.\" tabindex=\"0\">t\u00e1kn<\/span> samr\u00e6mis og heilsu; or\u00f0i\u00f0 \u201eHygieia&#8220; var stundum skrifa\u00f0 inn \u00ed oddana. \u00dar \u00feessari l\u00e6r\u00f0u hef\u00f0 barst t\u00e1kni\u00f0 \u00ed gegnum arab\u00edska <span class=\"iwg-fachbegriff\" data-tooltip=\"Mi\u00f0lun \u00feekkingar og fr\u00e1sagna \u00e1 milli kynsl\u00f3\u00f0a.\" tabindex=\"0\">hef\u00f0<\/span> og mi\u00f0aldaheimspeki inn \u00ed evr\u00f3pskan menntahorizont.<\/p>\n<p>\u00cd germanskri \u00fej\u00f3\u00f0tr\u00fa er nafni\u00f0 \u201eDrudenfu\u00df&#8220; (dr\u00fadaf\u00f3tur) \u00feekkt fr\u00e1 s\u00ed\u00f0mi\u00f0\u00f6ldum. Dr\u00fadan, stundum skrifu\u00f0 \u201eTrude&#8220;, er vera sem samkv\u00e6mt <span class=\"iwg-fachbegriff\" data-tooltip=\"Mi\u00f0lun \u00feekkingar og fr\u00e1sagna \u00e1 milli kynsl\u00f3\u00f0a.\" tabindex=\"0\">hef\u00f0inni<\/span> leggst \u00e1 brj\u00f3st sofandi f\u00f3lks \u00e1 n\u00f3ttunni og hindrar \u00f6ndun \u00feess, s\u00fa \u00fer\u00fagandi tilfinning sem \u00ed dag samsvarar fyrirb\u00e6ri svefnl\u00f6munar.<\/p><p>F\u00f3tspor \u00feessarar veru \u00e1tti a\u00f0 skilja eftir fimmodda mynstri\u00f0, \u00fea\u00f0an kemur nafni\u00f0.<\/p>\n<p>\u00cd \u201eF\u00e1st&#8220; eftir Johann Wolfgang von Goethe er hin \u00feekkta sena \u00fear sem Mefist\u00f3feles festist \u00e1 pentagrammanum \u00ed dyrastafnum, sem s\u00fdnir hversu l\u00edfseig \u00feessi hugmynd var enn \u00ed upphafi 19. aldar. T\u00e1kni\u00f0 \u00e1 dyra\u00fer\u00f6skuldi e\u00f0a dyrastaf var tali\u00f0 hindra verur sem reyndu a\u00f0 komast inn.<\/p>\t\t\t\t\t\t\t\t<\/div>\n\t\t\t\t<\/div>\n\t\t\t\t\t<\/div>\n\t\t\t\t<\/div>\n\t\t<div class=\"elementor-element elementor-element-iwgs-drudenfuss-s2 e-flex e-con-boxed e-con e-parent\" data-id=\"iwgs-drudenfuss-s2\" data-element_type=\"container\" data-e-type=\"container\">\n\t\t\t\t\t<div class=\"e-con-inner\">\n\t\t\t\t<div class=\"elementor-element elementor-element-iwgs-drudenfuss-s2h elementor-widget elementor-widget-heading\" data-id=\"iwgs-drudenfuss-s2h\" data-element_type=\"widget\" data-e-type=\"widget\" data-widget_type=\"heading.default\">\n\t\t\t\t\t<h2 class=\"elementor-heading-title elementor-size-default\">Virknihugmynd samkv\u00e6mt munnm\u00e6lum<\/h2>\t\t\t\t<\/div>\n\t\t<div class=\"elementor-element elementor-element-iw-drudenfuss-s2-bw e-con-full e-flex e-con e-child\" data-id=\"iw-drudenfuss-s2-bw\" data-element_type=\"container\" data-e-type=\"container\">\n\t\t\t\t<div class=\"elementor-element elementor-element-iwgs-drudenfuss-s2t elementor-widget elementor-widget-text-editor\" data-id=\"iwgs-drudenfuss-s2t\" data-element_type=\"widget\" data-e-type=\"widget\" data-widget_type=\"text-editor.default\">\n\t\t\t\t\t\t\t\t\t<p><span class=\"iwg-fachbegriff\" data-tooltip=\"Mi\u00f0lun \u00feekkingar og fr\u00e1sagna milli kynsl\u00f3\u00f0a.\" tabindex=\"0\">Munnm\u00e6lin<\/span> \u00fatsk\u00fdra virkni dr\u00fa\u00f0af\u00f3tarins \u00e1 tvo n\u00e1skylda vegu. \u00cd fyrsta lagi er samfelldi, \u00f3slitni l\u00ednudr\u00e1tturinn talinn vera lykillinn: vera sem n\u00e1lgast sl\u00edkt t\u00e1kn er \u00fevingu\u00f0 til a\u00f0 fylgja l\u00ednunni \u00e1n \u00feess a\u00f0 finna nokkra \u00fatg\u00f6ngulei\u00f0, og er \u00feannig bundin e\u00f0a tafin \u00fear til n\u00f3ttin er li\u00f0in.<\/p><p>\u00cd \u00f6\u00f0ru lagi er t\u00e1kni\u00f0 skili\u00f0 sem \u00fer\u00f6skuldshindrun sem kemur \u00ed veg fyrir a\u00f0 vera fari yfir dyra\u00fer\u00f6skuldinn me\u00f0 l\u00edkamlegum h\u00e6tti.<\/p>\n<p>B\u00e1\u00f0ar \u00fatsk\u00fdringarnar gera r\u00e1\u00f0 fyrir a\u00f0 \u00e1kve\u00f0nar verur breg\u00f0ist vi\u00f0 ge\u00f3metr\u00edskum formum og ver\u00f0i a\u00f0 hl\u00edta reglum \u00feeirra. \u00deessi hugmynd birtist \u00ed mj\u00f6g l\u00edkri mynd \u00ed tengslum vi\u00f0 <a href=\"https:\/\/iwell-guard.com\/is\/?page_id=169249\">verndarhringinn<\/a>, sem sem dregin l\u00edna tryggir \u00f6ryggi innra sv\u00e6\u00f0isins. Munurinn er \u00feessi: dr\u00fa\u00f0af\u00f3turinn er varanlegt t\u00e1kn \u00e1 f\u00f6stum st\u00f6\u00f0um, ekki tilviksbundin <span class=\"iwg-fachbegriff\" data-tooltip=\"Skipul\u00f6g\u00f0 r\u00f6\u00f0 t\u00e1kngj\u00f6r\u00f0a me\u00f0 tr\u00faarlega e\u00f0a menningarlega merkingu.\" tabindex=\"0\">ath\u00f6fn<\/span>.<\/p>\n<p>\u00cd l\u00e6r\u00f0um <span class=\"iwg-fachbegriff\" data-tooltip=\"I\u00f0kun sem reynir a\u00f0 hafa \u00e1hrif \u00e1 gang hlutanna me\u00f0 s\u00e9rst\u00f6kum ath\u00f6fnum e\u00f0a form\u00falum.\" tabindex=\"0\">t\u00f6frum<\/span> mi\u00f0alda og upphafs n\u00fdaldar var pentagrami\u00f0 nota\u00f0 sem bindiefni fyrir v\u00e6ttir: hver sem teikna\u00f0i \u00fea\u00f0 \u00ed r\u00e9ttum hlutf\u00f6llum og skrifa\u00f0i \u00e1 \u00fea\u00f0 nafn \u00feeirrar veru sem \u00e1tti a\u00f0 binda, \u00e1tti a\u00f0 geta bundi\u00f0 hana innan t\u00e1knsins.<\/p><p>\u00deessi l\u00e6r\u00f0u <span class=\"iwg-fachbegriff\" data-tooltip=\"Mi\u00f0lun \u00feekkingar og fr\u00e1sagna milli kynsl\u00f3\u00f0a.\" tabindex=\"0\">munnm\u00e6li<\/span> eru a\u00f0greind fr\u00e1 al\u00fe\u00fd\u00f0legri h\u00fasverndarhef\u00f0, en \u00feau deila s\u00f6mu grunnhugmynd um bindandi, loka\u00f0 form.<\/p>\t\t\t\t\t\t\t\t<\/div>\n\t\t\t\t<\/div>\n\t\t\t\t\t<\/div>\n\t\t\t\t<\/div>\n\t\t<div class=\"elementor-element elementor-element-iwgs-drudenfuss-s3 e-flex e-con-boxed e-con e-parent\" data-id=\"iwgs-drudenfuss-s3\" data-element_type=\"container\" data-e-type=\"container\">\n\t\t\t\t\t<div class=\"e-con-inner\">\n\t\t\t\t<div class=\"elementor-element elementor-element-iwgs-drudenfuss-s3h elementor-widget elementor-widget-heading\" data-id=\"iwgs-drudenfuss-s3h\" data-element_type=\"widget\" data-e-type=\"widget\" data-widget_type=\"heading.default\">\n\t\t\t\t\t<h2 class=\"elementor-heading-title elementor-size-default\">\u00datbrei\u00f0sla yfir menningarheima<\/h2>\t\t\t\t<\/div>\n\t\t<div class=\"elementor-element elementor-element-iw-drudenfuss-s3-bw e-con-full e-flex e-con e-child\" data-id=\"iw-drudenfuss-s3-bw\" data-element_type=\"container\" data-e-type=\"container\">\n\t\t\t\t<div class=\"elementor-element elementor-element-iwgs-drudenfuss-s3t elementor-widget elementor-widget-text-editor\" data-id=\"iwgs-drudenfuss-s3t\" data-element_type=\"widget\" data-e-type=\"widget\" data-widget_type=\"text-editor.default\">\n\t\t\t\t\t\t\t\t\t<p>Fimmarma stj\u00f6rnumunstri\u00f0 kemur fyrir \u00ed fj\u00f6lm\u00f6rgum menningarheimum, \u00e1n \u00feess a\u00f0 \u00e1vallt s\u00e9 unnt a\u00f0 s\u00fdna fram \u00e1 beina yfirf\u00e6rslu. \u00cd et\u00ed\u00f3p\u00edsku kristninni birtist t\u00e1kni\u00f0 sem \u201eSal\u00f3mons innsigli\u201c \u00e1 verndargripum og skinnum sem eiga a\u00f0 verja gegn dj\u00f6flum og illu auga.<\/p><p>\u00cd \u00edslamskri <span class=\"iwg-fachbegriff\" data-tooltip=\"Mi\u00f0lun \u00feekkingar og fr\u00e1sagna milli kynsl\u00f3\u00f0a.\" tabindex=\"0\">munnm\u00e6lahef\u00f0<\/span> mi\u00f0alda kemur \u00fea\u00f0 fyrir sem eitt af innsiglunum \u00ed arab\u00edskum galdratextum. \u00cd Evr\u00f3pu \u00e1 mi\u00f0\u00f6ldum var \u00fea\u00f0 nota\u00f0 b\u00e6\u00f0i \u00ed al\u00fe\u00fd\u00f0legri verndari\u00f0kun og \u00ed l\u00e6r\u00f0um <span class=\"iwg-fachbegriff\" data-tooltip=\"I\u00f0kun sem reynir a\u00f0 hafa \u00e1hrif \u00e1 gang hlutanna me\u00f0 s\u00e9rst\u00f6kum ath\u00f6fnum e\u00f0a form\u00falum.\" tabindex=\"0\">t\u00f6frum<\/span>.<\/p>\n<p><span class=\"iwg-fachbegriff\" data-tooltip=\"Mi\u00f0lun \u00feekkingar og fr\u00e1sagna milli kynsl\u00f3\u00f0a.\" tabindex=\"0\">Munnm\u00e6li<\/span> Cherokee-f\u00f3lksins og annarra menningarheima \u00ed Nor\u00f0ur-Amer\u00edku \u00feekkja eigin fimmarma munstur, en \u00fear er ekki unnt a\u00f0 s\u00fdna fram \u00e1 tengsl vi\u00f0 evr\u00f3pska dr\u00fa\u00f0af\u00f3tinn; um er a\u00f0 r\u00e6\u00f0a sj\u00e1lfst\u00e6\u00f0a \u00fer\u00f3un.<\/p>\n<p>Dr\u00fa\u00f0af\u00f3turinn sem h\u00fasat\u00e1kn er s\u00e9rstaklega vel sta\u00f0festur \u00e1 su\u00f0urhluta \u00fe\u00fdska m\u00e1lsv\u00e6\u00f0isins, \u00ed Austurr\u00edki og Sviss. Nor\u00f0ar eru \u00f6nnur verndart\u00e1kn algengari, svo sem r\u00fanir e\u00f0a hi\u00f0 svokalla\u00f0a \u201enornakross\u201c. \u00c1 Englandi kemur fyrir hli\u00f0st\u00e6tt hugtak, \u201ewitch&#8217;s foot\u201c, og \u00ed h\u00fasafornleifafr\u00e6\u00f0i \u00fear m\u00e1 finna pentagr\u00f6mm rist inn \u00ed dyrastafi og arinhillur.<\/p>\t\t\t\t\t\t\t\t<\/div>\n\t\t\t\t<\/div>\n\t\t\t\t\t<\/div>\n\t\t\t\t<\/div>\n\t\t<div class=\"elementor-element elementor-element-iwgs-drudenfuss-s4 e-flex e-con-boxed e-con e-parent\" data-id=\"iwgs-drudenfuss-s4\" data-element_type=\"container\" data-e-type=\"container\">\n\t\t\t\t\t<div class=\"e-con-inner\">\n\t\t\t\t<div class=\"elementor-element elementor-element-iwgs-drudenfuss-s4h elementor-widget elementor-widget-heading\" data-id=\"iwgs-drudenfuss-s4h\" data-element_type=\"widget\" data-e-type=\"widget\" data-widget_type=\"heading.default\">\n\t\t\t\t\t<h2 class=\"elementor-heading-title elementor-size-default\">Gegn hverju hann er nota\u00f0ur<\/h2>\t\t\t\t<\/div>\n\t\t<div class=\"elementor-element elementor-element-iw-drudenfuss-s4-bw e-con-full e-flex e-con e-child\" data-id=\"iw-drudenfuss-s4-bw\" data-element_type=\"container\" data-e-type=\"container\">\n\t\t\t\t<div class=\"elementor-element elementor-element-iwgs-drudenfuss-s4t elementor-widget elementor-widget-text-editor\" data-id=\"iwgs-drudenfuss-s4t\" data-element_type=\"widget\" data-e-type=\"widget\" data-widget_type=\"text-editor.default\">\n\t\t\t\t\t\t\t\t\t<p>\u00cd al\u00fe\u00fd\u00f0legri <span class=\"iwg-fachbegriff\" data-tooltip=\"Mi\u00f0lun \u00feekkingar og fr\u00e1sagna milli kynsl\u00f3\u00f0a.\" tabindex=\"0\">munnm\u00e6lahef\u00f0<\/span> er dr\u00fa\u00f0af\u00f3turinn fyrst og fremst nota\u00f0ur gegn dr\u00fa\u00f0um: n\u00e6turv\u00e6ttum sem leggjast \u00e1 sofandi f\u00f3lk, lama \u00fea\u00f0 og kvelja. Sami flokkur n\u00e6r yfir alfinn (Alp), sem \u00ed nor\u00f0ur-\u00fe\u00fdskri og skandinav\u00edskri \u00fej\u00f3\u00f0tr\u00fa er kalla\u00f0ur \u201emara\u201c, og a\u00f0rar verur sem hafa \u00e1hrif \u00e1 f\u00f3lk \u00ed svefni.<\/p>\n<p>Auk \u00feess er t\u00e1kni\u00f0 nota\u00f0 samkv\u00e6mt <span class=\"iwg-fachbegriff\" data-tooltip=\"Mi\u00f0lun \u00feekkingar og fr\u00e1sagna milli kynsl\u00f3\u00f0a.\" tabindex=\"0\">munnm\u00e6lunum<\/span> gegn:<\/p>\n<ul>\n<li>Nornum og f\u00f3lki sem tali\u00f0 var kunna galdra og geta smogi\u00f0 gegnum loka\u00f0ar dyr e\u00f0a valdi\u00f0 b\u00faf\u00e9na\u00f0i og vistum ska\u00f0a.<\/li>\n<li>Draugum og afturg\u00f6ngum sem taldar voru bundnar vi\u00f0 \u00e1kve\u00f0nar lei\u00f0ir e\u00f0a \u00fer\u00f6skulda.<\/li>\n<li>Almennum ska\u00f0legum utana\u00f0komandi \u00e1hrifum \u00e1 h\u00fas, fj\u00e1rh\u00fas og sofusta\u00f0i, \u00e1n \u00feess a\u00f0 tiltekin verutegund v\u00e6ri nefnd.<\/li>\n<\/ul>\n<p>\u00cd l\u00e6r\u00f0um <span class=\"iwg-fachbegriff\" data-tooltip=\"I\u00f0kun sem reynir a\u00f0 hafa \u00e1hrif \u00e1 gang hlutanna me\u00f0 s\u00e9rst\u00f6kum ath\u00f6fnum e\u00f0a form\u00falum.\" tabindex=\"0\">t\u00f6frum<\/span> 16. til 18. aldar breikka\u00f0i notkunin \u00feannig a\u00f0 t\u00e1kni\u00f0 var einnig n\u00fdtt til a\u00f0 binda og hemja dj\u00f6fla \u00ed anda \u00feeirra t\u00edma dj\u00f6flab\u00f3ka og galdrahandb\u00f3ka. \u00deessi i\u00f0kun er talsvert fr\u00e1brug\u00f0in einfaldri h\u00fasverndarhef\u00f0, en s\u00fdnir hversu v\u00ed\u00f0a t\u00e1kni\u00f0 var nota\u00f0.<\/p>\t\t\t\t\t\t\t\t<\/div>\n\t\t\t\t<\/div>\n\t\t\t\t\t<\/div>\n\t\t\t\t<\/div>\n\t\t<div class=\"elementor-element elementor-element-iwgs-drudenfuss-s5 e-flex e-con-boxed e-con e-parent\" data-id=\"iwgs-drudenfuss-s5\" data-element_type=\"container\" data-e-type=\"container\">\n\t\t\t\t\t<div class=\"e-con-inner\">\n\t\t\t\t<div class=\"elementor-element elementor-element-iwgs-drudenfuss-s5h elementor-widget elementor-widget-heading\" data-id=\"iwgs-drudenfuss-s5h\" data-element_type=\"widget\" data-e-type=\"widget\" data-widget_type=\"heading.default\">\n\t\t\t\t\t<h2 class=\"elementor-heading-title elementor-size-default\">Notkun og takmarkanir<\/h2>\t\t\t\t<\/div>\n\t\t<div class=\"elementor-element elementor-element-iw-drudenfuss-s5-bw e-con-full e-flex e-con e-child\" data-id=\"iw-drudenfuss-s5-bw\" data-element_type=\"container\" data-e-type=\"container\">\n\t\t\t\t<div class=\"elementor-element elementor-element-iwgs-drudenfuss-s5t elementor-widget elementor-widget-text-editor\" data-id=\"iwgs-drudenfuss-s5t\" data-element_type=\"widget\" data-e-type=\"widget\" data-widget_type=\"text-editor.default\">\n\t\t\t\t\t\t\t\t\t<p>Al\u00fe\u00fd\u00f0leg notkun var einf\u00f6ld og varanleg: dr\u00fa\u00f0af\u00f3turinn var ristur \u00ed bita e\u00f0a dyrastafi, m\u00e1la\u00f0ur \u00e1 fj\u00f3sveggi e\u00f0a settur \u00e1 \u00e1h\u00f6ld eins og kistur og smj\u00f6rm\u00f3t. Samkv\u00e6mt <span class=\"iwg-fachbegriff\" data-tooltip=\"Mi\u00f0lun \u00feekkingar og fr\u00e1sagna milli kynsl\u00f3\u00f0a.\" tabindex=\"0\">munnm\u00e6lunum<\/span> var afgerandi a\u00f0 t\u00e1kni\u00f0 v\u00e6ri teikna\u00f0 \u00ed einu striki, \u00e1n \u00feess a\u00f0 lyfta teiknit\u00f3linu, \u00fev\u00ed a\u00f0eins \u00feannig mynda\u00f0ist samfelld l\u00edna \u00e1n rofs.<\/p>\n<p>Sett \u00e1 dyra\u00fer\u00f6skuld e\u00f0a gluggakistu \u00e1tti t\u00e1kni\u00f0 a\u00f0 loka innganginum. Teikna\u00f0 \u00e1 g\u00f3lfi\u00f0 \u00ed svefnherberginu e\u00f0a \u00e1 bla\u00f0 undir r\u00faminu \u00e1tti \u00fea\u00f0 a\u00f0 verja \u00feann sem svaf.<\/p>\n<p><span class=\"iwg-fachbegriff\" data-tooltip=\"Mi\u00f0lun \u00feekkingar og fr\u00e1sagna milli kynsl\u00f3\u00f0a.\" tabindex=\"0\">Munnm\u00e6lin<\/span> sj\u00e1lf setja m\u00f6rk: \u00f3fullkomlega teikna\u00f0ur dr\u00fa\u00f0af\u00f3tur, \u00fear sem l\u00ednan var rofin, var talinn \u00e1hrifalaus e\u00f0a jafnvel bj\u00f3\u00f0a v\u00e6ttinni inng\u00f6ngu, \u00fev\u00ed hann skildi eftir opnun fyrir veruna. Illt \u00e1stand rists t\u00e1kns, til d\u00e6mis vegna ve\u00f0runar e\u00f0a slits, var einnig tali\u00f0 geta veikt varnar\u00e1hrifin.<\/p>\n<p>S\u00f6gulega er einnig vert a\u00f0 hafa \u00ed huga a\u00f0 t\u00e1kn af \u00feessu tagi voru einkum notu\u00f0 \u00ed samsettri notkun me\u00f0 \u00f6\u00f0rum r\u00e1\u00f0um: jurtum \u00e1 \u00fer\u00f6skuldi, blessu\u00f0um hlutum, b\u00e6naform\u00falum. Dr\u00fa\u00f0af\u00f3turinn var sjaldan eina \u00farr\u00e6\u00f0i\u00f0, heldur hluti af v\u00ed\u00f0t\u00e6kari verndari\u00f0kun.<\/p>\t\t\t\t\t\t\t\t<\/div>\n\t\t\t\t<\/div>\n\t\t\t\t\t<\/div>\n\t\t\t\t<\/div>\n\t\t<div class=\"elementor-element elementor-element-iwgs-drudenfuss-lit e-flex e-con-boxed e-con e-parent\" data-id=\"iwgs-drudenfuss-lit\" data-element_type=\"container\" data-e-type=\"container\">\n\t\t\t\t\t<div class=\"e-con-inner\">\n\t\t\t\t<div class=\"elementor-element elementor-element-iwgs-drudenfuss-lith elementor-widget elementor-widget-heading\" data-id=\"iwgs-drudenfuss-lith\" data-element_type=\"widget\" data-e-type=\"widget\" data-widget_type=\"heading.default\">\n\t\t\t\t\t<h2 class=\"elementor-heading-title elementor-size-default\">Heimildir (\u00farval)<\/h2>\t\t\t\t<\/div>\n\t\t<div class=\"elementor-element elementor-element-iw-drudenfuss-lit-bw e-con-full e-flex e-con e-child\" data-id=\"iw-drudenfuss-lit-bw\" data-element_type=\"container\" data-e-type=\"container\">\n\t\t\t\t<div class=\"elementor-element elementor-element-iwgs-drudenfuss-litt elementor-widget elementor-widget-html\" data-id=\"iwgs-drudenfuss-litt\" data-element_type=\"widget\" data-e-type=\"widget\" data-widget_type=\"html.default\">\n\t\t\t\t\t<footer data-nosnippet=\"true\"><ul><li>B\u00e4chtold-St\u00e4ubli, Hanns (Hrsg.): Handw\u00f6rterbuch des deutschen Aberglaubens. De Gruyter, Berlin, 1927-1942. Artikel \"Drudenfu\u00df\", \"Drude\", \"Pentagramm\".<\/li><li>Grimm, Jacob: Deutsche Mythologie. 4. Auflage, Berlin, 1875-1878.<\/li><li>Lecouteux, Claude: Das Reich der Nachtd\u00e4monen. Angst und Aberglaube im Mittelalter. D\u00fcsseldorf, 2001.<\/li><li>Sch\u00f6ck, Inge: Hexenglaube in der Gegenwart. T\u00fcbingen, 1978.<\/li><li>Kieckhefer, Richard: Magic in the Middle Ages. Cambridge University Press, Cambridge, 1989.<\/li><\/ul><\/footer>\t\t\t\t<\/div>\n\t\t\t\t<\/div>\n\t\t\t\t\t<\/div>\n\t\t\t\t<\/div>\n\t\t<div class=\"elementor-element elementor-element-iwgs-drudenfuss-kwd e-flex e-con-boxed e-con e-parent\" data-id=\"iwgs-drudenfuss-kwd\" data-element_type=\"container\" data-e-type=\"container\">\n\t\t\t\t\t<div class=\"e-con-inner\">\n\t\t<div class=\"elementor-element elementor-element-iw-drudenfuss-kwd-bw e-con-full e-flex e-con e-child\" data-id=\"iw-drudenfuss-kwd-bw\" data-element_type=\"container\" data-e-type=\"container\">\n\t\t\t\t<div class=\"elementor-element elementor-element-iwgs-drudenfuss-kwdt elementor-widget elementor-widget-text-editor\" data-id=\"iwgs-drudenfuss-kwdt\" data-element_type=\"widget\" data-e-type=\"widget\" data-widget_type=\"text-editor.default\">\n\t\t\t\t\t\t\t\t\t<p><em>Tengd leitaror\u00f0: drudenfuss fimmhorn drudenstein alp v\u00f6rn.<\/em><\/p>\t\t\t\t\t\t\t\t<\/div>\n\t\t\t\t<\/div>\n\t\t\t\t\t<\/div>\n\t\t\t\t<\/div>\n\t\t<div class=\"elementor-element elementor-element-iwgs-drudenfuss-cc e-flex e-con-boxed e-con e-parent\" data-id=\"iwgs-drudenfuss-cc\" data-element_type=\"container\" data-e-type=\"container\" id=\"iwg-cc-drudenfuss\">\n\t\t\t\t\t<div class=\"e-con-inner\">\n\t\t<div class=\"elementor-element elementor-element-iwgs-drudenfuss-ccinner e-flex e-con-boxed e-con e-parent\" data-id=\"iwgs-drudenfuss-ccinner\" data-element_type=\"container\" data-e-type=\"container\" data-settings=\"{&quot;background_background&quot;:&quot;classic&quot;}\">\n\t\t\t\t\t<div class=\"e-con-inner\">\n\t\t\t\t<div class=\"elementor-element elementor-element-iwgs-drudenfuss-cch elementor-widget elementor-widget-heading\" data-id=\"iwgs-drudenfuss-cch\" data-element_type=\"widget\" data-e-type=\"widget\" data-widget_type=\"heading.default\">\n\t\t\t\t\t<h2 class=\"elementor-heading-title elementor-size-default\">iWell Guard og verndarhef\u00f0ir<\/h2>\t\t\t\t<\/div>\n\t\t\t\t<div class=\"elementor-element elementor-element-iwgs-drudenfuss-cct elementor-widget elementor-widget-text-editor\" data-id=\"iwgs-drudenfuss-cct\" data-element_type=\"widget\" data-e-type=\"widget\" data-widget_type=\"text-editor.default\">\n\t\t\t\t\t\t\t\t\t<p>Menningarheimar \u00e1 mismunandi heims\u00e1lfum hafa hver \u00e1 sinn h\u00e1tt teki\u00f0 eftir \u00fev\u00ed a\u00f0 \u00e1kve\u00f0in ge\u00f3metr\u00edsk form og t\u00e1kn eru upplifu\u00f0 sem m\u00f6rk milli hins var\u00f0a og hins \u00f3gnandi. Drudenfu\u00df (dr\u00fa\u00f0arf\u00f3tur) er d\u00e6mi um \u00feennan evr\u00f3pska arf: varanlegt t\u00e1kn sem er fest vi\u00f0 \u00fer\u00f6skuldinn og markar \u00e1hrifasv\u00e6\u00f0i \u00feess sem \u00fea\u00f0 ber.<\/p>\n<p><a href=\"https:\/\/iwell-guard.com\/is\/verndargripur-iwell-guard-kaupa\/\">iWell Guard<\/a> byggir \u00e1 \u00feessari s\u00f6mu hugmynd \u00e1 \u00f6\u00f0ru svi\u00f0i: sem t\u00e1kn bori\u00f0 \u00e1 l\u00edkamanum, sem \u00fe\u00e9ttir \u00feessa verndarhef\u00f0 og gerir manneskjuna sj\u00e1lfa a\u00f0 \u00fer\u00f6skuldi. \u00deeir sem vilja fr\u00e6\u00f0ast meira um hvernig \u00f3l\u00edkar menningarheimar hafa \u00fer\u00f3a\u00f0 s\u00ednar verndarhef\u00f0ir og hvernig Schutz-Kompass tengir \u00fe\u00e6r saman, finna kynningu \u00e1 <a href=\"https:\/\/iwell-guard.com\/is\/?page_id=169276\">\/schutz-kompass\/<\/a>.<\/p>\t\t\t\t\t\t\t\t<\/div>\n\t\t\t\t<div class=\"elementor-element elementor-element-iwgs-drudenfuss-ccb iwg-cc-button iwg-cc-cta-2026-05-13 elementor-widget elementor-widget-jet-button\" data-id=\"iwgs-drudenfuss-ccb\" data-element_type=\"widget\" data-e-type=\"widget\" data-widget_type=\"jet-button.default\">\n\t\t\t\t<div class=\"elementor-widget-container\">\n\t\t\t\t\t<div class=\"elementor-jet-button jet-elements\"><div class=\"jet-button__container\"><a class=\"jet-button__instance jet-button__instance--icon-left hover-effect-1\" href=\"\/schutzanhaenger-iwell-guard-kaufen\/?utm_source=iwell-guard.com&amp;utm_medium=info-box&amp;utm_campaign=schutzsymbole\"><div class=\"jet-button__plane jet-button__plane-normal\"><\/div><div class=\"jet-button__plane jet-button__plane-hover\"><\/div><div class=\"jet-button__state jet-button__state-normal\"><span class=\"jet-button__label\">Meira um iWell Guard<\/span><\/div><div class=\"jet-button__state jet-button__state-hover\"><span class=\"jet-button__label\">Meira um iWell Guard<\/span><\/div><\/a><\/div><\/div><style>.elementor-element.elementor-element-iwgs-drudenfuss-ccb .jet-button__instance{width:320px;height:56px;}.elementor-element.elementor-element-iwgs-drudenfuss-ccb .jet-button__state-normal .jet-button__label{text-align:center;margin:0px 0px 0px 0px;color:#1a1b20;font-family:Montserrat,sans-serif;font-size:13px;font-weight:400;letter-spacing:4px;line-height:1.714em;text-transform:uppercase;}.elementor-element.elementor-element-iwgs-drudenfuss-ccb .jet-button__state-hover .jet-button__label{text-align:center;margin:0px 0px 0px 0px;color:#FECC76;font-family:Montserrat,sans-serif;font-size:13px;font-weight:400;letter-spacing:4px;line-height:1.714em;text-transform:uppercase;}.elementor-element.elementor-element-iwgs-drudenfuss-ccb .jet-button__plane-normal{background-color:#FECC76;border-style:solid;border-color:#C99540;border-width:2px 2px 2px 2px;}.elementor-element.elementor-element-iwgs-drudenfuss-ccb .jet-button__plane-hover{background-color:rgba(0,0,0,0.55);border-style:solid;border-color:#FECC76;border-width:2px 2px 2px 2px;}<\/style>\t\t\t\t<\/div>\n\t\t\t\t<\/div>\n\t\t\t\t<div class=\"elementor-element elementor-element-iwgs-drudenfuss-ccd elementor-widget elementor-widget-text-editor\" data-id=\"iwgs-drudenfuss-ccd\" data-element_type=\"widget\" data-e-type=\"widget\" data-widget_type=\"text-editor.default\">\n\t\t\t\t\t\t\t\t\t<p style=\"text-align:center;font-size:13px;opacity:0.7;margin-top:14px\" data-nosnippet=\"true\">Pers\u00f3nuleg reynsla getur veri\u00f0 mismunandi. Ekki l\u00e6kningat\u00e6ki. Engin lofor\u00f0 um l\u00e6kningu.<\/p>\t\t\t\t\t\t\t\t<\/div>\n\t\t\t\t\t<\/div>\n\t\t\t\t<\/div>\n\t\t\t\t\t<\/div>\n\t\t\t\t<\/div>\n\t\t<div class=\"elementor-element elementor-element-iwgs-drudenfuss-disc e-flex e-con-boxed e-con e-parent\" data-id=\"iwgs-drudenfuss-disc\" data-element_type=\"container\" data-e-type=\"container\">\n\t\t\t\t\t<div class=\"e-con-inner\">\n\t\t<div class=\"elementor-element elementor-element-iw-drudenfuss-disc-bw e-con-full e-flex e-con e-child\" data-id=\"iw-drudenfuss-disc-bw\" data-element_type=\"container\" data-e-type=\"container\">\n\t\t\t\t<div class=\"elementor-element elementor-element-iwgs-drudenfuss-discw elementor-widget elementor-widget-html\" data-id=\"iwgs-drudenfuss-discw\" data-element_type=\"widget\" data-e-type=\"widget\" data-widget_type=\"html.default\">\n\t\t\t\t\t<footer data-nosnippet=\"true\" class=\"iwg-disclaimer-block\"><p data-nosnippet=\"true\">iWell Guard er <strong>ekki l\u00e6kningat\u00e6ki<\/strong> og kemur ekki \u00ed sta\u00f0 l\u00e6knis- e\u00f0a s\u00e1lfr\u00e6\u00f0ime\u00f0fer\u00f0ar. Innihaldi\u00f0 sem h\u00e9r er sett fram er tr\u00faarbrag\u00f0afr\u00e6\u00f0ileg og menningars\u00f6gulega greining, ekki lofor\u00f0 um andlega virkni.<\/p><\/footer>\t\t\t\t<\/div>\n\t\t\t\t<\/div>\n\t\t\t\t\t<\/div>\n\t\t\t\t<\/div>\n\t\t\t\t<\/div>\n\t\t","protected":false},"excerpt":{"rendered":"","protected":false},"author":3,"featured_media":4107,"parent":0,"menu_order":0,"comment_status":"closed","ping_status":"closed","template":"elementor_header_footer","meta":{"_yoast_wpseo_focuskw":"drudenfuss","_yoast_wpseo_title":"Dr\u00fadaf\u00f3tur og pentagramma sem verndart\u00e1kn","_yoast_wpseo_metadesc":"Hva\u00f0 hef\u00f0in og \u00fej\u00f3\u00f0tr\u00fain eigna dr\u00fadaf\u00e6tinum sem verndart\u00e1kni: uppruna, virknihugmynd, notkun og menningarlega \u00fatbrei\u00f0slu.","_yoast_wpseo_meta-robots-noindex":"","_yoast_wpseo_canonical":"","_angie_page":false,"gefaehrdungsstufe":"","wesen_kultur":"","wesen_klasse":"","footnotes":""},"categories":[],"class_list":["post-169264","page","type-page","status-publish","has-post-thumbnail","hentry"],"yoast_head":"<!-- This site is optimized with the Yoast SEO Premium plugin v27.7 (Yoast SEO v28.3) - https:\/\/yoast.com\/product\/yoast-seo-premium-wordpress\/ -->\n<title>Dr\u00fadaf\u00f3tur og pentagramma sem verndart\u00e1kn<\/title>\n<meta name=\"description\" content=\"Hva\u00f0 hef\u00f0in og \u00fej\u00f3\u00f0tr\u00fain eigna dr\u00fadaf\u00e6tinum sem verndart\u00e1kni: uppruna, virknihugmynd, notkun og menningarlega \u00fatbrei\u00f0slu.\" \/>\n<meta name=\"robots\" content=\"index, follow, max-snippet:-1, max-image-preview:large, max-video-preview:-1\" \/>\n<link rel=\"canonical\" href=\"https:\/\/iwell-guard.com\/is\/drudenfuss-pentagramma\/\" \/>\n<meta property=\"og:locale\" content=\"is_IS\" \/>\n<meta property=\"og:type\" content=\"article\" \/>\n<meta property=\"og:title\" content=\"Dr\u00fadaf\u00f3tur og pentagramma\" \/>\n<meta property=\"og:description\" content=\"Hva\u00f0 hef\u00f0in og \u00fej\u00f3\u00f0tr\u00fain eigna dr\u00fadaf\u00e6tinum sem verndart\u00e1kni: uppruna, virknihugmynd, notkun og menningarlega \u00fatbrei\u00f0slu.\" \/>\n<meta property=\"og:url\" content=\"https:\/\/iwell-guard.com\/is\/drudenfuss-pentagramma\/\" \/>\n<meta property=\"og:site_name\" content=\"iWell Guard\" \/>\n<meta property=\"article:modified_time\" content=\"2026-09-05T14:36:26+00:00\" \/>\n<meta property=\"og:image\" content=\"https:\/\/iwell-guard.com\/wp-content\/uploads\/2026\/05\/schutzsymbol_germanisch_drudenfuss-683x1024.png\" \/>\n\t<meta property=\"og:image:width\" content=\"683\" \/>\n\t<meta property=\"og:image:height\" content=\"1024\" \/>\n\t<meta property=\"og:image:type\" content=\"image\/png\" \/>\n<meta name=\"twitter:card\" content=\"summary_large_image\" \/>\n<script type=\"application\/ld+json\" class=\"yoast-schema-graph\">{\"@context\":\"https:\\\/\\\/schema.org\",\"@graph\":[{\"@type\":\"WebPage\",\"@id\":\"https:\\\/\\\/iwell-guard.com\\\/is\\\/drudenfuss-pentagramma\\\/\",\"url\":\"https:\\\/\\\/iwell-guard.com\\\/is\\\/drudenfuss-pentagramma\\\/\",\"name\":\"Dr\u00fadaf\u00f3tur og pentagramma sem verndart\u00e1kn\",\"isPartOf\":{\"@id\":\"https:\\\/\\\/iwell-guard.com\\\/is\\\/#website\"},\"primaryImageOfPage\":{\"@id\":\"https:\\\/\\\/iwell-guard.com\\\/is\\\/drudenfuss-pentagramma\\\/#primaryimage\"},\"image\":{\"@id\":\"https:\\\/\\\/iwell-guard.com\\\/is\\\/drudenfuss-pentagramma\\\/#primaryimage\"},\"thumbnailUrl\":\"https:\\\/\\\/iwell-guard.com\\\/wp-content\\\/uploads\\\/2026\\\/05\\\/schutzsymbol_germanisch_drudenfuss.png\",\"datePublished\":\"2026-09-05T14:06:57+00:00\",\"dateModified\":\"2026-09-05T14:36:26+00:00\",\"description\":\"Hva\u00f0 hef\u00f0in og \u00fej\u00f3\u00f0tr\u00fain eigna dr\u00fadaf\u00e6tinum sem verndart\u00e1kni: uppruna, virknihugmynd, notkun og menningarlega \u00fatbrei\u00f0slu.\",\"breadcrumb\":{\"@id\":\"https:\\\/\\\/iwell-guard.com\\\/is\\\/drudenfuss-pentagramma\\\/#breadcrumb\"},\"inLanguage\":\"is\",\"potentialAction\":[{\"@type\":\"ReadAction\",\"target\":[\"https:\\\/\\\/iwell-guard.com\\\/is\\\/drudenfuss-pentagramma\\\/\"]}]},{\"@type\":\"ImageObject\",\"inLanguage\":\"is\",\"@id\":\"https:\\\/\\\/iwell-guard.com\\\/is\\\/drudenfuss-pentagramma\\\/#primaryimage\",\"url\":\"https:\\\/\\\/iwell-guard.com\\\/wp-content\\\/uploads\\\/2026\\\/05\\\/schutzsymbol_germanisch_drudenfuss.png\",\"contentUrl\":\"https:\\\/\\\/iwell-guard.com\\\/wp-content\\\/uploads\\\/2026\\\/05\\\/schutzsymbol_germanisch_drudenfuss.png\",\"width\":1024,\"height\":1536,\"caption\":\"Drudenfu\u00df og pentagram, s\u00f6guleg mynd\"},{\"@type\":\"BreadcrumbList\",\"@id\":\"https:\\\/\\\/iwell-guard.com\\\/is\\\/drudenfuss-pentagramma\\\/#breadcrumb\",\"itemListElement\":[{\"@type\":\"ListItem\",\"position\":1,\"name\":\"Start\",\"item\":\"https:\\\/\\\/iwell-guard.com\\\/is\\\/?page_id=168580\"},{\"@type\":\"ListItem\",\"position\":2,\"name\":\"Dr\u00fadaf\u00f3tur og pentagramma\"}]},{\"@type\":\"WebSite\",\"@id\":\"https:\\\/\\\/iwell-guard.com\\\/is\\\/#website\",\"url\":\"https:\\\/\\\/iwell-guard.com\\\/is\\\/\",\"name\":\"iWell Guard\",\"description\":\"Schutz vor dunklen Einfl\u00fcssen\",\"publisher\":{\"@id\":\"https:\\\/\\\/iwell-guard.com\\\/is\\\/#organization\"},\"potentialAction\":[{\"@type\":\"SearchAction\",\"target\":{\"@type\":\"EntryPoint\",\"urlTemplate\":\"https:\\\/\\\/iwell-guard.com\\\/is\\\/?s={search_term_string}\"},\"query-input\":{\"@type\":\"PropertyValueSpecification\",\"valueRequired\":true,\"valueName\":\"search_term_string\"}}],\"inLanguage\":\"is\"},{\"@type\":\"Organization\",\"@id\":\"https:\\\/\\\/iwell-guard.com\\\/is\\\/#organization\",\"name\":\"Ittermann electronic GmbH\",\"url\":\"https:\\\/\\\/iwell-guard.com\\\/is\\\/\",\"logo\":{\"@type\":\"ImageObject\",\"inLanguage\":\"is\",\"@id\":\"https:\\\/\\\/iwell-guard.com\\\/is\\\/#\\\/schema\\\/logo\\\/image\\\/\",\"url\":\"https:\\\/\\\/iwell-guard.com\\\/wp-content\\\/uploads\\\/2026\\\/05\\\/Ittermann-Logo-1182x237-1.png\",\"contentUrl\":\"https:\\\/\\\/iwell-guard.com\\\/wp-content\\\/uploads\\\/2026\\\/05\\\/Ittermann-Logo-1182x237-1.png\",\"width\":1182,\"height\":237,\"caption\":\"Ittermann electronic GmbH\"},\"image\":{\"@id\":\"https:\\\/\\\/iwell-guard.com\\\/is\\\/#\\\/schema\\\/logo\\\/image\\\/\"},\"sameAs\":[\"https:\\\/\\\/pantip.com\\\/profile\\\/9367242\",\"https:\\\/\\\/micro.blog\\\/iwellguard\",\"https:\\\/\\\/www.diggerslist.com\\\/iwellguard\\\/about\",\"https:\\\/\\\/skitterphoto.com\\\/photographers\\\/2870314\\\/iwell-guard\",\"https:\\\/\\\/iwellguard.wordpress.com\\\/2026\\\/06\\\/06\\\/iwell-guard\\\/\",\"https:\\\/\\\/hub.docker.com\\\/u\\\/iwellguard\",\"https:\\\/\\\/www.pinterest.com\\\/iwellguard\\\/\",\"https:\\\/\\\/bit.ly\\\/m\\\/iwellguard\",\"https:\\\/\\\/entre-vos-mains.alsace.eu\\\/profiles\\\/iwellguard\\\/activity\",\"https:\\\/\\\/gravatar.com\\\/reallybeded8fd34\",\"https:\\\/\\\/naijamatta.com\\\/iwellguard\",\"https:\\\/\\\/www.goodreads.com\\\/iwellguard\",\"https:\\\/\\\/profile.hatena.ne.jp\\\/iwellguard\\\/\",\"https:\\\/\\\/experiment.com\\\/users\\\/iwellguard\",\"https:\\\/\\\/wakelet.com\\\/@iWellGuard82270\",\"https:\\\/\\\/www.chordie.com\\\/forum\\\/profile.php?id=2555664\",\"https:\\\/\\\/www.instapaper.com\\\/p\\\/17757966\",\"https:\\\/\\\/www.mapleprimes.com\\\/users\\\/iwellguard\",\"https:\\\/\\\/businesslistingplus.com\\\/profile\\\/iwell-guard\\\/\",\"https:\\\/\\\/telegra.ph\\\/iWell-Guard-06-06\",\"https:\\\/\\\/pbase.com\\\/iwellguard\\\/iwellguard\",\"https:\\\/\\\/b.hatena.ne.jp\\\/iwellguard\\\/20260607#bookmark-4788405196491818882\",\"https:\\\/\\\/fliphtml5.com\\\/home\\\/iwellguard\",\"https:\\\/\\\/anyflip.com\\\/homepage\\\/cmiwl#About\",\"https:\\\/\\\/transfur.com\\\/Users\\\/iwellguard\",\"http:\\\/\\\/delphi.larsbo.org\\\/user\\\/iwellguard\",\"https:\\\/\\\/jobs.lajobsportal.org\\\/profiles\\\/8380803-iwell-guard\",\"https:\\\/\\\/md.chaosdorf.de\\\/s\\\/jfbe5SBdJD\",\"https:\\\/\\\/www.lingvolive.com\\\/en-us\\\/profile\\\/9ecaeaca-ce11-4e51-9e71-01d55e2bff36\\\/translations\",\"https:\\\/\\\/www.fitday.com\\\/fitness\\\/forums\\\/members\\\/iwellguard.html\",\"https:\\\/\\\/www.mymeetbook.com\\\/iwellguard\",\"https:\\\/\\\/pxhere.com\\\/en\\\/photographer-me\\\/5040798\",\"https:\\\/\\\/disqus.com\\\/by\\\/iwellguard\\\/about\\\/\",\"https:\\\/\\\/pastelink.net\\\/hjwciqwq\",\"https:\\\/\\\/pubhtml5.com\\\/homepage\\\/scjhn\\\/\",\"https:\\\/\\\/www.bitchute.com\\\/channel\\\/2O2eOKzNqujT\",\"https:\\\/\\\/audiomack.com\\\/iwellguard\"]}]}<\/script>\n<!-- \/ Yoast SEO Premium plugin. -->","yoast_head_json":{"title":"Dr\u00fadaf\u00f3tur og pentagramma sem verndart\u00e1kn","description":"Hva\u00f0 hef\u00f0in og \u00fej\u00f3\u00f0tr\u00fain eigna dr\u00fadaf\u00e6tinum sem verndart\u00e1kni: uppruna, virknihugmynd, notkun og menningarlega \u00fatbrei\u00f0slu.","robots":{"index":"index","follow":"follow","max-snippet":"max-snippet:-1","max-image-preview":"max-image-preview:large","max-video-preview":"max-video-preview:-1"},"canonical":"https:\/\/iwell-guard.com\/is\/drudenfuss-pentagramma\/","og_locale":"is_IS","og_type":"article","og_title":"Dr\u00fadaf\u00f3tur og pentagramma","og_description":"Hva\u00f0 hef\u00f0in og \u00fej\u00f3\u00f0tr\u00fain eigna dr\u00fadaf\u00e6tinum sem verndart\u00e1kni: uppruna, virknihugmynd, notkun og menningarlega \u00fatbrei\u00f0slu.","og_url":"https:\/\/iwell-guard.com\/is\/drudenfuss-pentagramma\/","og_site_name":"iWell Guard","article_modified_time":"2026-09-05T14:36:26+00:00","og_image":[{"width":683,"height":1024,"url":"https:\/\/iwell-guard.com\/wp-content\/uploads\/2026\/05\/schutzsymbol_germanisch_drudenfuss-683x1024.png","type":"image\/png"}],"twitter_card":"summary_large_image","schema":{"@context":"https:\/\/schema.org","@graph":[{"@type":"WebPage","@id":"https:\/\/iwell-guard.com\/is\/drudenfuss-pentagramma\/","url":"https:\/\/iwell-guard.com\/is\/drudenfuss-pentagramma\/","name":"Dr\u00fadaf\u00f3tur og pentagramma sem verndart\u00e1kn","isPartOf":{"@id":"https:\/\/iwell-guard.com\/is\/#website"},"primaryImageOfPage":{"@id":"https:\/\/iwell-guard.com\/is\/drudenfuss-pentagramma\/#primaryimage"},"image":{"@id":"https:\/\/iwell-guard.com\/is\/drudenfuss-pentagramma\/#primaryimage"},"thumbnailUrl":"https:\/\/iwell-guard.com\/wp-content\/uploads\/2026\/05\/schutzsymbol_germanisch_drudenfuss.png","datePublished":"2026-09-05T14:06:57+00:00","dateModified":"2026-09-05T14:36:26+00:00","description":"Hva\u00f0 hef\u00f0in og \u00fej\u00f3\u00f0tr\u00fain eigna dr\u00fadaf\u00e6tinum sem verndart\u00e1kni: uppruna, virknihugmynd, notkun og menningarlega \u00fatbrei\u00f0slu.","breadcrumb":{"@id":"https:\/\/iwell-guard.com\/is\/drudenfuss-pentagramma\/#breadcrumb"},"inLanguage":"is","potentialAction":[{"@type":"ReadAction","target":["https:\/\/iwell-guard.com\/is\/drudenfuss-pentagramma\/"]}]},{"@type":"ImageObject","inLanguage":"is","@id":"https:\/\/iwell-guard.com\/is\/drudenfuss-pentagramma\/#primaryimage","url":"https:\/\/iwell-guard.com\/wp-content\/uploads\/2026\/05\/schutzsymbol_germanisch_drudenfuss.png","contentUrl":"https:\/\/iwell-guard.com\/wp-content\/uploads\/2026\/05\/schutzsymbol_germanisch_drudenfuss.png","width":1024,"height":1536,"caption":"Drudenfu\u00df og pentagram, s\u00f6guleg mynd"},{"@type":"BreadcrumbList","@id":"https:\/\/iwell-guard.com\/is\/drudenfuss-pentagramma\/#breadcrumb","itemListElement":[{"@type":"ListItem","position":1,"name":"Start","item":"https:\/\/iwell-guard.com\/is\/?page_id=168580"},{"@type":"ListItem","position":2,"name":"Dr\u00fadaf\u00f3tur og pentagramma"}]},{"@type":"WebSite","@id":"https:\/\/iwell-guard.com\/is\/#website","url":"https:\/\/iwell-guard.com\/is\/","name":"iWell Guard","description":"Schutz vor dunklen Einfl\u00fcssen","publisher":{"@id":"https:\/\/iwell-guard.com\/is\/#organization"},"potentialAction":[{"@type":"SearchAction","target":{"@type":"EntryPoint","urlTemplate":"https:\/\/iwell-guard.com\/is\/?s={search_term_string}"},"query-input":{"@type":"PropertyValueSpecification","valueRequired":true,"valueName":"search_term_string"}}],"inLanguage":"is"},{"@type":"Organization","@id":"https:\/\/iwell-guard.com\/is\/#organization","name":"Ittermann electronic GmbH","url":"https:\/\/iwell-guard.com\/is\/","logo":{"@type":"ImageObject","inLanguage":"is","@id":"https:\/\/iwell-guard.com\/is\/#\/schema\/logo\/image\/","url":"https:\/\/iwell-guard.com\/wp-content\/uploads\/2026\/05\/Ittermann-Logo-1182x237-1.png","contentUrl":"https:\/\/iwell-guard.com\/wp-content\/uploads\/2026\/05\/Ittermann-Logo-1182x237-1.png","width":1182,"height":237,"caption":"Ittermann electronic GmbH"},"image":{"@id":"https:\/\/iwell-guard.com\/is\/#\/schema\/logo\/image\/"},"sameAs":["https:\/\/pantip.com\/profile\/9367242","https:\/\/micro.blog\/iwellguard","https:\/\/www.diggerslist.com\/iwellguard\/about","https:\/\/skitterphoto.com\/photographers\/2870314\/iwell-guard","https:\/\/iwellguard.wordpress.com\/2026\/06\/06\/iwell-guard\/","https:\/\/hub.docker.com\/u\/iwellguard","https:\/\/www.pinterest.com\/iwellguard\/","https:\/\/bit.ly\/m\/iwellguard","https:\/\/entre-vos-mains.alsace.eu\/profiles\/iwellguard\/activity","https:\/\/gravatar.com\/reallybeded8fd34","https:\/\/naijamatta.com\/iwellguard","https:\/\/www.goodreads.com\/iwellguard","https:\/\/profile.hatena.ne.jp\/iwellguard\/","https:\/\/experiment.com\/users\/iwellguard","https:\/\/wakelet.com\/@iWellGuard82270","https:\/\/www.chordie.com\/forum\/profile.php?id=2555664","https:\/\/www.instapaper.com\/p\/17757966","https:\/\/www.mapleprimes.com\/users\/iwellguard","https:\/\/businesslistingplus.com\/profile\/iwell-guard\/","https:\/\/telegra.ph\/iWell-Guard-06-06","https:\/\/pbase.com\/iwellguard\/iwellguard","https:\/\/b.hatena.ne.jp\/iwellguard\/20260607#bookmark-4788405196491818882","https:\/\/fliphtml5.com\/home\/iwellguard","https:\/\/anyflip.com\/homepage\/cmiwl#About","https:\/\/transfur.com\/Users\/iwellguard","http:\/\/delphi.larsbo.org\/user\/iwellguard","https:\/\/jobs.lajobsportal.org\/profiles\/8380803-iwell-guard","https:\/\/md.chaosdorf.de\/s\/jfbe5SBdJD","https:\/\/www.lingvolive.com\/en-us\/profile\/9ecaeaca-ce11-4e51-9e71-01d55e2bff36\/translations","https:\/\/www.fitday.com\/fitness\/forums\/members\/iwellguard.html","https:\/\/www.mymeetbook.com\/iwellguard","https:\/\/pxhere.com\/en\/photographer-me\/5040798","https:\/\/disqus.com\/by\/iwellguard\/about\/","https:\/\/pastelink.net\/hjwciqwq","https:\/\/pubhtml5.com\/homepage\/scjhn\/","https:\/\/www.bitchute.com\/channel\/2O2eOKzNqujT","https:\/\/audiomack.com\/iwellguard"]}]}},"_links":{"self":[{"href":"https:\/\/iwell-guard.com\/is\/wp-json\/wp\/v2\/pages\/169264","targetHints":{"allow":["GET"]}}],"collection":[{"href":"https:\/\/iwell-guard.com\/is\/wp-json\/wp\/v2\/pages"}],"about":[{"href":"https:\/\/iwell-guard.com\/is\/wp-json\/wp\/v2\/types\/page"}],"author":[{"embeddable":true,"href":"https:\/\/iwell-guard.com\/is\/wp-json\/wp\/v2\/users\/3"}],"replies":[{"embeddable":true,"href":"https:\/\/iwell-guard.com\/is\/wp-json\/wp\/v2\/comments?post=169264"}],"version-history":[{"count":0,"href":"https:\/\/iwell-guard.com\/is\/wp-json\/wp\/v2\/pages\/169264\/revisions"}],"wp:featuredmedia":[{"embeddable":true,"href":"https:\/\/iwell-guard.com\/is\/wp-json\/wp\/v2\/media\/4107"}],"wp:attachment":[{"href":"https:\/\/iwell-guard.com\/is\/wp-json\/wp\/v2\/media?parent=169264"}],"wp:term":[{"taxonomy":"category","embeddable":true,"href":"https:\/\/iwell-guard.com\/is\/wp-json\/wp\/v2\/categories?post=169264"}],"curies":[{"name":"wp","href":"https:\/\/api.w.org\/{rel}","templated":true}]}}