{"id":169263,"date":"2026-09-05T14:06:56","date_gmt":"2026-09-05T14:06:56","guid":{"rendered":"https:\/\/iwell-guard.com\/?page_id=169263"},"modified":"2026-09-05T14:36:26","modified_gmt":"2026-09-05T14:36:26","slug":"besprechen","status":"publish","type":"page","link":"https:\/\/iwell-guard.com\/is\/besprechen\/","title":{"rendered":"Besprechen"},"content":{"rendered":"\t\t<div data-elementor-type=\"wp-page\" data-elementor-id=\"169263\" class=\"elementor elementor-169263 elementor-3771 elementor-bc-flex-widget\" data-elementor-post-type=\"page\">\n\t\t\t\t<div class=\"elementor-element elementor-element-iwgs-besprechen-hero e-flex e-con-boxed e-con e-parent\" data-id=\"iwgs-besprechen-hero\" data-element_type=\"container\" data-e-type=\"container\">\n\t\t\t\t\t<div class=\"e-con-inner\">\n\t\t<div class=\"elementor-element elementor-element-iw-besprechen-hero-left e-con-full e-flex e-con e-child\" data-id=\"iw-besprechen-hero-left\" data-element_type=\"container\" data-e-type=\"container\">\n\t\t\t\t<div class=\"elementor-element elementor-element-iwgs-besprechen-h1 elementor-widget elementor-widget-heading\" data-id=\"iwgs-besprechen-h1\" data-element_type=\"widget\" data-e-type=\"widget\" data-widget_type=\"heading.default\">\n\t\t\t\t\t<h1 class=\"elementor-heading-title elementor-size-default\">Besprechen \u2014 hi\u00f0 l\u00e6knandi verndaror\u00f0<\/h1>\t\t\t\t<\/div>\n\t\t<div class=\"elementor-element elementor-element-iw-besprechen-hero-bw e-con-full e-flex e-con e-child\" data-id=\"iw-besprechen-hero-bw\" data-element_type=\"container\" data-e-type=\"container\">\n\t\t\t\t<div class=\"elementor-element elementor-element-iwgs-besprechen-pills elementor-widget elementor-widget-html\" data-id=\"iwgs-besprechen-pills\" data-element_type=\"widget\" data-e-type=\"widget\" data-widget_type=\"html.default\">\n\t\t\t\t\t<div class=\"iwg-pill-row\"><span class=\"iwg-klasse-badge\" tabindex=\"0\" data-tooltip=\"Tegund verndargripsins.\">Verndara\u00f0fer\u00f0<\/span><a href=\"https:\/\/iwell-guard.com\/is\/?page_id=169282\" class=\"iwg-kultur-badge\" tabindex=\"0\" data-tooltip=\"Fara \u00ed yfirlit.\">Verndarath\u00f6fn og \u00e1kall<\/a><\/div>\t\t\t\t<\/div>\n\t\t\t\t<div class=\"elementor-element elementor-element-iwgs-besprechen-lead elementor-widget elementor-widget-text-editor\" data-id=\"iwgs-besprechen-lead\" data-element_type=\"widget\" data-e-type=\"widget\" data-widget_type=\"text-editor.default\">\n\t\t\t\t\t\t\t\t\t<p>Besprechen er ath\u00f6fn sem er s\u00e9rstaklega vel \u00feekkt \u00ed \u00fe\u00fdskum\u00e6landi \u00fej\u00f3\u00f0tr\u00fa, \u00fear sem einstaklingur reynir me\u00f0 \u00fev\u00ed a\u00f0 m\u00e6la l\u00e1gt e\u00f0a \u00ed h\u00e1lfum hlj\u00f3\u00f0um forna form\u00falu a\u00f0 afst\u00fdra ska\u00f0a fr\u00e1 manni e\u00f0a d\u00fdri.<\/p><p>Or\u00f0i\u00f0 \u201ebesprechen\u201c v\u00edsar h\u00e9r til \u00feess a\u00f0 \u00feekja einhvern e\u00f0a eitthva\u00f0 me\u00f0 form\u00falu, \u00fea\u00f0 er a\u00f0 segja a\u00f0 umvefja me\u00f0 or\u00f0um og \u00feannig verjast ska\u00f0legum \u00e1hrifum e\u00f0a sn\u00faa vi\u00f0 \u00e1hrifum sem \u00feegar hafa or\u00f0i\u00f0.<\/p>\n<p>Besprechen er fr\u00e1brug\u00f0i\u00f0 <a href=\"https:\/\/iwell-guard.com\/is\/?page_id=169261\">Bannspruch<\/a> \u00e1 einn mikilv\u00e6gan h\u00e1tt: \u00fea\u00f0 beinist s\u00ed\u00f0ur a\u00f0 \u00fev\u00ed a\u00f0 reka \u00fat e\u00f0a binda veru heldur a\u00f0 manninum e\u00f0a d\u00fdrinu sem \u00e1 a\u00f0 l\u00e6kna e\u00f0a vernda.<\/p><p>Form\u00falur besprechen eru \u00ed <span class=\"iwg-fachbegriff\" data-tooltip=\"Mi\u00f0lun \u00feekkingar og fr\u00e1sagna milli kynsl\u00f3\u00f0a.\" tabindex=\"0\">munnm\u00e6lum<\/span> oft styttri, hnitmi\u00f0a\u00f0ri og sni\u00f0nar a\u00f0 \u00e1kve\u00f0num kvillum e\u00f0a h\u00e6ttum, svo sem bl\u00e6\u00f0ingum, bruna, illu auga, h\u00fa\u00f0kveisu (erysipelas) e\u00f0a barnasj\u00fakd\u00f3mum.<\/p><p>Samt\u00edmis krefst ath\u00f6fnin \u00ed m\u00f6rgum hef\u00f0um s\u00e9rstakrar getu hj\u00e1 \u00feeim sem framkv\u00e6mir hana, getu sem er skilgreind \u00fdmist me\u00f0 uppruna, aldri, kyni e\u00f0a h\u00e6fileika sem liti\u00f0 er \u00e1 sem gu\u00f0lega gj\u00f6f.<\/p>\n<p>Besprechen tilheyrir flokki <a href=\"https:\/\/iwell-guard.com\/is\/?page_id=169282\">verndarathafna og \u00e1kalla<\/a>.<\/p>\n<p class=\"iwg-kwfix\">Besprechen notar hi\u00f0 tala\u00f0a verndaror\u00f0 sem vopn gegn sj\u00fakd\u00f3mi og \u00f3g\u00e6fu.<\/p>\t\t\t\t\t\t\t\t<\/div>\n\t\t\t\t<\/div>\n\t\t\t\t<\/div>\n\t\t<div class=\"elementor-element elementor-element-iw-besprechen-hero-img e-con-full e-flex e-con e-child\" data-id=\"iw-besprechen-hero-img\" data-element_type=\"container\" data-e-type=\"container\">\n\t\t\t\t<div class=\"elementor-element elementor-element-iwgs-besprechen-himg iwg-hero-image elementor-widget elementor-widget-image\" data-id=\"iwgs-besprechen-himg\" data-element_type=\"widget\" data-e-type=\"widget\" data-widget_type=\"image.default\">\n\t\t\t\t\t\t\t\t\t\t\t\t\t\t\t<img fetchpriority=\"high\" decoding=\"async\" width=\"683\" height=\"1024\" src=\"https:\/\/iwell-guard.com\/wp-content\/uploads\/2026\/05\/schutzsymbol_germanisch_besprechen-683x1024.png\" class=\"attachment-large size-large wp-image-170462\" alt=\"A\u00f0 &quot;besprechen&quot; \u2013 hi\u00f0 l\u00e6knandi verndaror\u00f0, s\u00f6guleg d\u00e6mi\" srcset=\"https:\/\/iwell-guard.com\/wp-content\/uploads\/2026\/05\/schutzsymbol_germanisch_besprechen-683x1024.png 683w, https:\/\/iwell-guard.com\/wp-content\/uploads\/2026\/05\/schutzsymbol_germanisch_besprechen-200x300.png 200w, https:\/\/iwell-guard.com\/wp-content\/uploads\/2026\/05\/schutzsymbol_germanisch_besprechen-768x1152.png 768w, https:\/\/iwell-guard.com\/wp-content\/uploads\/2026\/05\/schutzsymbol_germanisch_besprechen.png 1024w\" sizes=\"(max-width: 683px) 100vw, 683px\" \/>\t\t\t\t\t\t\t\t\t\t\t\t\t\t\t<\/div>\n\t\t\t\t<\/div>\n\t\t\t\t\t<\/div>\n\t\t\t\t<\/div>\n\t\t<div class=\"elementor-element elementor-element-iwgs-besprechen-s0 e-flex e-con-boxed e-con e-parent\" data-id=\"iwgs-besprechen-s0\" data-element_type=\"container\" data-e-type=\"container\">\n\t\t\t\t\t<div class=\"e-con-inner\">\n\t\t\t\t<div class=\"elementor-element elementor-element-iwgs-besprechen-s0h elementor-widget elementor-widget-heading\" data-id=\"iwgs-besprechen-s0h\" data-element_type=\"widget\" data-e-type=\"widget\" data-widget_type=\"heading.default\">\n\t\t\t\t\t<h2 class=\"elementor-heading-title elementor-size-default\">Skj\u00f3tt yfirlit<\/h2>\t\t\t\t<\/div>\n\t\t<div class=\"elementor-element elementor-element-iw-besprechen-s0-bw e-con-full e-flex e-con e-child\" data-id=\"iw-besprechen-s0-bw\" data-element_type=\"container\" data-e-type=\"container\">\n\t\t\t\t<div class=\"elementor-element elementor-element-iwgs-besprechen-s0t elementor-widget elementor-widget-text-editor\" data-id=\"iwgs-besprechen-s0t\" data-element_type=\"widget\" data-e-type=\"widget\" data-widget_type=\"text-editor.default\">\n\t\t\t\t\t\t\t\t\t<p>Besprechen v\u00edsar til \u00feess a\u00f0 tala verndandi e\u00f0a l\u00e6knandi form\u00falu yfir manni e\u00f0a d\u00fdri. \u00cd \u00fe\u00fdskum\u00e6landi \u00fej\u00f3\u00f0tr\u00fa er ath\u00f6fnin vel skjalfest fr\u00e1 mi\u00f0\u00f6ldum fram \u00e1 fyrstu \u00e1ratugi 20. aldar. H\u00fan tengir kristna \u00fe\u00e6tti, <span class=\"iwg-fachbegriff\" data-tooltip=\"B\u00e6narlegt e\u00f0a \u00e1kallandi tal til gu\u00f0s e\u00f0a m\u00e1ttarvalds.\" tabindex=\"0\">\u00e1kall<\/span> \u00e1 heilaga menn e\u00f0a gu\u00f0sn\u00f6fn, vi\u00f0 forkristnar ger\u00f0ir, go\u00f0sagnalegt ford\u00e6mi og \u00fatbreidda form\u00faluger\u00f0.<\/p><p>Ekki er tali\u00f0 a\u00f0 allir hafi getu til \u00feessa, heldur s\u00e9rstakir einstaklingar eins og eldri konur, sj\u00f6undi sonur e\u00f0a lj\u00f3sm\u00f3\u00f0irin. Form\u00falan er \u00ed m\u00f6rgum hef\u00f0um leynileg og m\u00e1 ekki tala h\u00e1tt e\u00f0a fyrir framan \u00f3kunnuga.<\/p>\t\t\t\t\t\t\t\t<\/div>\n\t\t\t\t<\/div>\n\t\t\t\t\t<\/div>\n\t\t\t\t<\/div>\n\t\t<div class=\"elementor-element elementor-element-iwgs-besprechen-s1 e-flex e-con-boxed e-con e-parent\" data-id=\"iwgs-besprechen-s1\" data-element_type=\"container\" data-e-type=\"container\">\n\t\t\t\t\t<div class=\"e-con-inner\">\n\t\t\t\t<div class=\"elementor-element elementor-element-iwgs-besprechen-s1h elementor-widget elementor-widget-heading\" data-id=\"iwgs-besprechen-s1h\" data-element_type=\"widget\" data-e-type=\"widget\" data-widget_type=\"heading.default\">\n\t\t\t\t\t<h2 class=\"elementor-heading-title elementor-size-default\">Uppruni og munnm\u00e6li<\/h2>\t\t\t\t<\/div>\n\t\t<div class=\"elementor-element elementor-element-iw-besprechen-s1-bw e-con-full e-flex e-con e-child\" data-id=\"iw-besprechen-s1-bw\" data-element_type=\"container\" data-e-type=\"container\">\n\t\t\t\t<div class=\"elementor-element elementor-element-iwgs-besprechen-s1t elementor-widget elementor-widget-text-editor\" data-id=\"iwgs-besprechen-s1t\" data-element_type=\"widget\" data-e-type=\"widget\" data-widget_type=\"text-editor.default\">\n\t\t\t\t\t\t\t\t\t<p>R\u00e6tur besprechen n\u00e1 lengra aftur en kristin <span class=\"iwg-fachbegriff\" data-tooltip=\"Mi\u00f0lun \u00feekkingar og fr\u00e1sagna milli kynsl\u00f3\u00f0a.\" tabindex=\"0\">munnm\u00e6li<\/span>.<\/p><p>Merseburgar-galdraform\u00falurnar fr\u00e1 10. \u00f6ld, elstu var\u00f0veittu \u00fe\u00fdskum\u00e6landi vitnisbur\u00f0irnir af \u00feessari ger\u00f0, s\u00fdna grunnger\u00f0 sem talin er einkennandi fyrir \u00feessa ath\u00f6fn: go\u00f0sagnalegt ford\u00e6mi, \u00fear sem gu\u00f0 e\u00f0a hetja leysir vandam\u00e1l, og \u00fev\u00ed n\u00e6st fylgir form\u00falan \u201eEins og \u00fea\u00f0 ger\u00f0ist \u00fe\u00e1, svo megi \u00fea\u00f0 gerast n\u00fa\u201c.<\/p><p>\u00deessi ger\u00f0, hi\u00f0 svonefnda historiola-form, kemur fram \u00ed besprechen-form\u00falum v\u00ed\u00f0s vegar um Evr\u00f3pu, sem bendir til mikils aldurs og \u00fatbrei\u00f0slu.<\/p>\n<p>\u00cd kristinni hef\u00f0 eru hei\u00f0in gu\u00f0an\u00f6fn oft skipt \u00fat fyrir Jes\u00fa, Mar\u00edu og heilaga menn, en ger\u00f0in er oft enn kunnugleg.<\/p><p>S\u00e1 sem framkv\u00e6mir ath\u00f6fnina v\u00edsar til \u00feess a\u00f0 Kristur hafi l\u00e6kna\u00f0 s\u00e1r, a\u00f0 Mar\u00eda hafi teki\u00f0 hitann af Jes\u00fabarninu, og heldur svo \u00e1fram: Svo skal \u00feetta s\u00e1r einnig gr\u00f3a, \u00feessi hiti einnig hverfa. Kirkjur\u00e9ttur hefur \u00edtreka\u00f0 ford\u00e6mt sl\u00edkar athafnir, sem bendir til \u00fatbrei\u00f0slu \u00feeirra og seiglu.<\/p>\n<p>\u00c1 fyrri n\u00fd\u00f6ld s\u00fdna galdram\u00e1laskj\u00f6l, l\u00e6knisr\u00e1\u00f0ab\u00e6kur og biskupsv\u00edsitas\u00eduskr\u00e1r a\u00f0 besprechen var v\u00ed\u00f0a stunda\u00f0 \u00ed daglegu l\u00edfi.<\/p><p>Oft voru \u00fea\u00f0 konur sem framkv\u00e6mdu athafnina fyrir \u00feorp sitt e\u00f0a samf\u00e9lag, me\u00f0 form\u00falur fyrir s\u00e1r, sj\u00fakd\u00f3ma \u00ed b\u00faf\u00e9 e\u00f0a ska\u00f0a af illu auga. \u00c1 19. \u00f6ld s\u00f6fnu\u00f0u \u00fej\u00f3\u00f0h\u00e1ttafr\u00e6\u00f0ingar \u00ed \u00de\u00fdskalandi, Austurr\u00edki og Sviss umfangsmiklum s\u00f6fnum sl\u00edkra form\u00fala.<\/p>\t\t\t\t\t\t\t\t<\/div>\n\t\t\t\t<\/div>\n\t\t\t\t\t<\/div>\n\t\t\t\t<\/div>\n\t\t<div class=\"elementor-element elementor-element-iwgs-besprechen-s2 e-flex e-con-boxed e-con e-parent\" data-id=\"iwgs-besprechen-s2\" data-element_type=\"container\" data-e-type=\"container\">\n\t\t\t\t\t<div class=\"e-con-inner\">\n\t\t\t\t<div class=\"elementor-element elementor-element-iwgs-besprechen-s2h elementor-widget elementor-widget-heading\" data-id=\"iwgs-besprechen-s2h\" data-element_type=\"widget\" data-e-type=\"widget\" data-widget_type=\"heading.default\">\n\t\t\t\t\t<h2 class=\"elementor-heading-title elementor-size-default\">Virknihugmynd samkv\u00e6mt munnm\u00e6lum<\/h2>\t\t\t\t<\/div>\n\t\t<div class=\"elementor-element elementor-element-iw-besprechen-s2-bw e-con-full e-flex e-con e-child\" data-id=\"iw-besprechen-s2-bw\" data-element_type=\"container\" data-e-type=\"container\">\n\t\t\t\t<div class=\"elementor-element elementor-element-iwgs-besprechen-s2t elementor-widget elementor-widget-text-editor\" data-id=\"iwgs-besprechen-s2t\" data-element_type=\"widget\" data-e-type=\"widget\" data-widget_type=\"text-editor.default\">\n\t\t\t\t\t\t\t\t\t<p>Verkunarm\u00e1ti besprechen byggist \u00e1 \u00feeirri hugmynd a\u00f0 tungum\u00e1l, \u00feegar \u00fea\u00f0 er m\u00e6lt r\u00e9ttilega og \u00ed r\u00e9ttu innra hugarfari, hafi skipandi kraft \u00e1 hi\u00f0 kosm\u00edska uppl\u00fdsingasvi\u00f0.<\/p><p>Ska\u00f0inn, \u00e1hrifin, illskan, er talin vera eitthva\u00f0 sem hefur komi\u00f0 a\u00f0 manninum utan fr\u00e1. Form\u00falan nefnir \u00feessa illsku, \u00fatsk\u00fdrir hana sem framandlega og \u00f3vi\u00f0eigandi, og hafnar henni.<\/p>\n<p>Tilv\u00edsun til heilagra valdheimilda er h\u00e9r lykilatri\u00f0i: s\u00e1 sem framkv\u00e6mir ath\u00f6fnina talar ekki \u00ed eigin nafni, heldur sem mi\u00f0ill m\u00e1ttar sem er ofar honum.<\/p><p>\u00deetta er \u00e1st\u00e6\u00f0an fyrir \u00fev\u00ed a\u00f0 ath\u00f6fnin er \u00ed m\u00f6rgum hef\u00f0um bundin vi\u00f0 \u00e1kve\u00f0na ger\u00f0 einstaklinga: ekki mega e\u00f0a geta allir gegnt \u00feessu mi\u00f0lunarhlutverki. \u00dear sem pers\u00f3nulega getuna skortir, telst form\u00falan \u00e1hrifalaus.<\/p>\n<p>Leynileg mi\u00f0lun form\u00falunnar, fr\u00e1 konu til manns, fr\u00e1 hinum eldri til hins yngri, \u00e1 \u00e1kve\u00f0num t\u00edma og undir \u00e1kve\u00f0num skilyr\u00f0um, er einnig fastur hluti af r\u00f6kfr\u00e6\u00f0i munnm\u00e6lanna. Form\u00falur sem eru \u00f6llum kunnar teljast \u00ed m\u00f6rgum l\u00fdsingum uppurnar e\u00f0a veikari.<\/p>\t\t\t\t\t\t\t\t<\/div>\n\t\t\t\t<\/div>\n\t\t\t\t\t<\/div>\n\t\t\t\t<\/div>\n\t\t<div class=\"elementor-element elementor-element-iwgs-besprechen-s3 e-flex e-con-boxed e-con e-parent\" data-id=\"iwgs-besprechen-s3\" data-element_type=\"container\" data-e-type=\"container\">\n\t\t\t\t\t<div class=\"e-con-inner\">\n\t\t\t\t<div class=\"elementor-element elementor-element-iwgs-besprechen-s3h elementor-widget elementor-widget-heading\" data-id=\"iwgs-besprechen-s3h\" data-element_type=\"widget\" data-e-type=\"widget\" data-widget_type=\"heading.default\">\n\t\t\t\t\t<h2 class=\"elementor-heading-title elementor-size-default\">\u00datbrei\u00f0sla yfir menningarheima<\/h2>\t\t\t\t<\/div>\n\t\t<div class=\"elementor-element elementor-element-iw-besprechen-s3-bw e-con-full e-flex e-con e-child\" data-id=\"iw-besprechen-s3-bw\" data-element_type=\"container\" data-e-type=\"container\">\n\t\t\t\t<div class=\"elementor-element elementor-element-iwgs-besprechen-s3t elementor-widget elementor-widget-text-editor\" data-id=\"iwgs-besprechen-s3t\" data-element_type=\"widget\" data-e-type=\"widget\" data-widget_type=\"text-editor.default\">\n\t\t\t\t\t\t\t\t\t<p>Grunnhugmynd besprechen er ekki bundin vi\u00f0 \u00fe\u00fdskum\u00e6landi sv\u00e6\u00f0i. Samb\u00e6rilegar athafnir m\u00e1 finna \u00ed n\u00e6r allri evr\u00f3pskri \u00fej\u00f3\u00f0tr\u00fa. \u00c1 Nor\u00f0url\u00f6ndum kallast \u00feeir sem stunda \u00feetta \u201ekloka gubbar\u201c e\u00f0a \u201ekloka gummor\u201c, vitrir menn og vitrar konur.<\/p><p>\u00c1 Englandi er tala\u00f0 um \u201ecunning folk\u201c, sem s\u00f3ttu besprechen-form\u00falur \u00far handskrifu\u00f0um handritum. \u00cd R\u00fasslandi og v\u00ed\u00f0ar \u00e1 me\u00f0al slavneskra \u00fej\u00f3\u00f0a er til hi\u00f0 svonefnda \u201escheptanie\u201c, hv\u00edsl l\u00e6knandi or\u00f0a, sem er skylt \u00e1 formger\u00f0arlegan h\u00e1tt hinu \u00fe\u00fdska besprechen.<\/p>\n<p>\u00c1 \u00cdrlandi og \u00ed Skotlandi eru l\u00e6knisform\u00falur var\u00f0veittar \u00e1 gel\u00edsku, svonefnd \u201eortha\u201c e\u00f0a \u201eeolas\u201c, sem hafa s\u00f6mu historiola-uppbyggingu. \u00cdrsk form\u00fala til a\u00f0 l\u00e6kna bruna v\u00edsar til heilagrar Brigid, sem l\u00e6kna\u00f0i \u00e1verka, alveg eins og l\u00e1g\u00fe\u00fdsk form\u00fala fyrir sama vandam\u00e1l v\u00edsar til Krists.<\/p>\n<p>Einnig utan Evr\u00f3pu finnast formger\u00f0arlega tengdar athafnir. \u00cd hlutum Vestur-Afr\u00edku og \u00ed afr\u00edk\u00f3-kar\u00edb\u00edskri hef\u00f0 eru \u00feekktar form\u00falur sem eru tala\u00f0ar yfir sj\u00fakum e\u00f0a h\u00e6tt manni og eiga a\u00f0 hafa verndandi e\u00f0a l\u00e6knandi kraft. \u00cd nokkrum sv\u00e6\u00f0um Su\u00f0ur-Amer\u00edku hefur var\u00f0veist saml\u00f6gun frumbyggja- og kristinna besprechen-hef\u00f0a fr\u00e1 t\u00edma n\u00fdlendustefnu.<\/p>\t\t\t\t\t\t\t\t<\/div>\n\t\t\t\t<\/div>\n\t\t\t\t\t<\/div>\n\t\t\t\t<\/div>\n\t\t<div class=\"elementor-element elementor-element-iwgs-besprechen-s4 e-flex e-con-boxed e-con e-parent\" data-id=\"iwgs-besprechen-s4\" data-element_type=\"container\" data-e-type=\"container\">\n\t\t\t\t\t<div class=\"e-con-inner\">\n\t\t\t\t<div class=\"elementor-element elementor-element-iwgs-besprechen-s4h elementor-widget elementor-widget-heading\" data-id=\"iwgs-besprechen-s4h\" data-element_type=\"widget\" data-e-type=\"widget\" data-widget_type=\"heading.default\">\n\t\t\t\t\t<h2 class=\"elementor-heading-title elementor-size-default\">Gegn hverju hann er nota\u00f0ur<\/h2>\t\t\t\t<\/div>\n\t\t<div class=\"elementor-element elementor-element-iw-besprechen-s4-bw e-con-full e-flex e-con e-child\" data-id=\"iw-besprechen-s4-bw\" data-element_type=\"container\" data-e-type=\"container\">\n\t\t\t\t<div class=\"elementor-element elementor-element-iwgs-besprechen-s4t elementor-widget elementor-widget-text-editor\" data-id=\"iwgs-besprechen-s4t\" data-element_type=\"widget\" data-e-type=\"widget\" data-widget_type=\"text-editor.default\">\n\t\t\t\t\t\t\t\t\t<p>\u00cd <span class=\"iwg-fachbegriff\" data-tooltip=\"\u00c1framhaldandi flutningur \u00feekkingar og sagna milli kynsl\u00f3\u00f0a.\" tabindex=\"0\">munnm\u00e6lum<\/span> beinist besprechen a\u00f0allega gegn \u00e1hrifum sem hafa haft \u00e1hrif \u00e1 einstakling fr\u00e1 utana\u00f0komandi a\u00f0ila e\u00f0a hafa \u00e1hrif \u00e1fram. Me\u00f0al algengustu skjalfestu notkunarsvi\u00f0anna eru:<\/p>\n<p>Illt auga, sem \u00ed m\u00f6rgum menningarheimum er tali\u00f0 vera kraftur sem berst me\u00f0 \u00f6fund e\u00f0a illri \u00e6tlan og valdi sj\u00fakd\u00f3mum e\u00f0a \u00f3h\u00f6ppum. Andar og vofur, s\u00e9rstaklega \u00feeir sem hafa veri\u00f0 \u00f3r\u00f3leg eftir andl\u00e1t einstaklings og elta uppi e\u00f0a veikja lifandi f\u00f3lk.<\/p><p>Nornablessun og ska\u00f0agaldur, \u00fea\u00f0 er \u00e1hrif sem \u00f6nnur pers\u00f3na hefur beitt me\u00f0 illri \u00e6tlan. \u00c1kve\u00f0nir sj\u00fakd\u00f3mar hj\u00e1 m\u00f6nnum og b\u00faf\u00e9na\u00f0i, sem \u00ed heiminum fyrir i\u00f0nv\u00e6\u00f0ingu voru oft raktir til yfirn\u00e1tt\u00farulegra \u00e1hrifa, \u00fear \u00e1 me\u00f0al ristill, ro\u00f0i, ormar e\u00f0a martr\u00f6\u00f0. A\u00f0 s\u00ed\u00f0ustu \u00e1lfar og martra\u00f0ir, sem taldar voru valda svefntruflunum, k\u00f6fnunartilfinningu og n\u00e6turskelk.<\/p>\t\t\t\t\t\t\t\t<\/div>\n\t\t\t\t<\/div>\n\t\t\t\t\t<\/div>\n\t\t\t\t<\/div>\n\t\t<div class=\"elementor-element elementor-element-iwgs-besprechen-s5 e-flex e-con-boxed e-con e-parent\" data-id=\"iwgs-besprechen-s5\" data-element_type=\"container\" data-e-type=\"container\">\n\t\t\t\t\t<div class=\"e-con-inner\">\n\t\t\t\t<div class=\"elementor-element elementor-element-iwgs-besprechen-s5h elementor-widget elementor-widget-heading\" data-id=\"iwgs-besprechen-s5h\" data-element_type=\"widget\" data-e-type=\"widget\" data-widget_type=\"heading.default\">\n\t\t\t\t\t<h2 class=\"elementor-heading-title elementor-size-default\">Notkun og takmarkanir<\/h2>\t\t\t\t<\/div>\n\t\t<div class=\"elementor-element elementor-element-iw-besprechen-s5-bw e-con-full e-flex e-con e-child\" data-id=\"iw-besprechen-s5-bw\" data-element_type=\"container\" data-e-type=\"container\">\n\t\t\t\t<div class=\"elementor-element elementor-element-iwgs-besprechen-s5t elementor-widget elementor-widget-text-editor\" data-id=\"iwgs-besprechen-s5t\" data-element_type=\"widget\" data-e-type=\"widget\" data-widget_type=\"text-editor.default\">\n\t\t\t\t\t\t\t\t\t<p>\u00cd <span class=\"iwg-fachbegriff\" data-tooltip=\"Mi\u00f0lun \u00feekkingar og fr\u00e1sagna kynsl\u00f3\u00f0 fram af kynsl\u00f3\u00f0.\" tabindex=\"0\">munnm\u00e6lahef\u00f0inni<\/span> er tali\u00f0 a\u00f0 \u00e1kve\u00f0in skilyr\u00f0i \u00feurfi a\u00f0 vera uppfyllt til a\u00f0 s\u00e6ringin virki, en \u00feau eru mismunandi eftir sv\u00e6\u00f0um og heimildum \u00fe\u00f3tt sameiginlegur kjarni s\u00e9 til sta\u00f0ar. Form\u00falan ver\u00f0ur a\u00f0 vera r\u00e9tt, \u00fea\u00f0 er a\u00f0 segja fullkomlega var\u00f0veitt og s\u00f6g\u00f0 or\u00f0r\u00e9tt \u00e1n breytinga.<\/p><p>S\u00e1 sem framkv\u00e6mir s\u00e6ringuna ver\u00f0ur a\u00f0 teljast h\u00e6fur til \u00feess. Yfirleitt \u00e1 ekki a\u00f0 fylgjast me\u00f0 ath\u00f6fninni, e\u00f0a a\u00f0 minnsta kosti \u00e1 ekki a\u00f0 heyrast \u00feegar form\u00falan sj\u00e1lf er s\u00f6g\u00f0 upph\u00e1tt. \u00cd sumum heimildum er tiltekinn t\u00edmi dags \u00e1skilinn, oft d\u00f6gun e\u00f0a s\u00f3lsetur.<\/p>\n<p>Me\u00f0al \u00feeirra takmarkana sem var\u00f0veist hafa er einnig s\u00fa hugmynd a\u00f0 s\u00e6ringin virki ekki gegn \u00f6flugri andst\u00e6\u00f0ingi. Gegn <span class=\"iwg-fachbegriff\" data-tooltip=\"Andleg vera sem eignu\u00f0 er ska\u00f0leg e\u00f0a tv\u00edr\u00e6\u00f0 \u00e1hrif.\" tabindex=\"0\">dj\u00f6fli<\/span> af h\u00e1um styrkleika dugar einf\u00f6ld l\u00e6kningaform\u00fala ekki, \u00fear \u00fearf fullkomna bannf\u00e6ringarath\u00f6fn. Samkv\u00e6mt \u00feessari r\u00f6kfr\u00e6\u00f0i er s\u00e6ringin \u00e6tlu\u00f0 fyrir hversdagsleg \u00e1hrif, ekki fyrir \u00f3venjuleg tilvik.<\/p>\n<p>H\u00fan er n\u00e1skyld <a href=\"https:\/\/iwell-guard.com\/is\/?page_id=169261\">bannf\u00e6ringarform\u00falunni<\/a> en a\u00f0greinist fr\u00e1 henni me\u00f0 \u00e1herslu sinni \u00e1 \u00feann sem fyrir \u00e1hrifunum ver\u00f0ur, frekar en \u00e1 veruna sem veldur \u00feeim. \u00cd sumum heimildum eru \u00feessar tv\u00e6r a\u00f0fer\u00f0ir sameina\u00f0ar: form\u00falan \u00e1varpar fyrst manneskjuna og v\u00edsar svo illskunni burt.<\/p>\t\t\t\t\t\t\t\t<\/div>\n\t\t\t\t<\/div>\n\t\t\t\t\t<\/div>\n\t\t\t\t<\/div>\n\t\t<div class=\"elementor-element elementor-element-iwgs-besprechen-lit e-flex e-con-boxed e-con e-parent\" data-id=\"iwgs-besprechen-lit\" data-element_type=\"container\" data-e-type=\"container\">\n\t\t\t\t\t<div class=\"e-con-inner\">\n\t\t\t\t<div class=\"elementor-element elementor-element-iwgs-besprechen-lith elementor-widget elementor-widget-heading\" data-id=\"iwgs-besprechen-lith\" data-element_type=\"widget\" data-e-type=\"widget\" data-widget_type=\"heading.default\">\n\t\t\t\t\t<h2 class=\"elementor-heading-title elementor-size-default\">Heimildir (\u00farval)<\/h2>\t\t\t\t<\/div>\n\t\t<div class=\"elementor-element elementor-element-iw-besprechen-lit-bw e-con-full e-flex e-con e-child\" data-id=\"iw-besprechen-lit-bw\" data-element_type=\"container\" data-e-type=\"container\">\n\t\t\t\t<div class=\"elementor-element elementor-element-iwgs-besprechen-litt elementor-widget elementor-widget-html\" data-id=\"iwgs-besprechen-litt\" data-element_type=\"widget\" data-e-type=\"widget\" data-widget_type=\"html.default\">\n\t\t\t\t\t<footer data-nosnippet=\"true\"><ul><li>Handw\u00f6rterbuch des deutschen Aberglaubens, hrsg. von Hanns B\u00e4chtold-St\u00e4ubli, Berlin\/Leipzig 1927-1942 (Artikel \"Besprechen\", \"Heilsegen\").<\/li><li>Wolfgang Spiewok (Hrsg.): Die Merseburger Zauberspr\u00fcche, Stuttgart 1991.<\/li><li>Keith Thomas: Religion and the Decline of Magic, London 1971.<\/li><li>Wayland D. Hand: Magical Medicine. The Folkloric Component of Medicine in the Folk Belief, Custom, and Ritual of the Peoples of Europe and America, Berkeley 1980.<\/li><li>Inge Lecouteux: Charmes, conjurations et b\u00e9n\u00e9dictions. Lexique et formules, Paris 1996 (zu Formeln und ihrer Verbreitung in Europa).<\/li><li>Lutz R\u00f6hrich: Geb\u00e4rde, Metapher, Parodie. Studien zur Sprache und Volksdichtung, D\u00fcsseldorf 1967.<\/li><\/ul><\/footer>\t\t\t\t<\/div>\n\t\t\t\t<\/div>\n\t\t\t\t\t<\/div>\n\t\t\t\t<\/div>\n\t\t<div class=\"elementor-element elementor-element-iwgs-besprechen-kwd e-flex e-con-boxed e-con e-parent\" data-id=\"iwgs-besprechen-kwd\" data-element_type=\"container\" data-e-type=\"container\">\n\t\t\t\t\t<div class=\"e-con-inner\">\n\t\t<div class=\"elementor-element elementor-element-iw-besprechen-kwd-bw e-con-full e-flex e-con e-child\" data-id=\"iw-besprechen-kwd-bw\" data-element_type=\"container\" data-e-type=\"container\">\n\t\t\t\t<div class=\"elementor-element elementor-element-iwgs-besprechen-kwdt elementor-widget elementor-widget-text-editor\" data-id=\"iwgs-besprechen-kwdt\" data-element_type=\"widget\" data-e-type=\"widget\" data-widget_type=\"text-editor.default\">\n\t\t\t\t\t\t\t\t\t<p><em>Tengd lykilhugt\u00f6k: besprechen besprecher tr\u00faarheilun heilsuform\u00fala.<\/em><\/p>\t\t\t\t\t\t\t\t<\/div>\n\t\t\t\t<\/div>\n\t\t\t\t\t<\/div>\n\t\t\t\t<\/div>\n\t\t<div class=\"elementor-element elementor-element-iwgs-besprechen-cc e-flex e-con-boxed e-con e-parent\" data-id=\"iwgs-besprechen-cc\" data-element_type=\"container\" data-e-type=\"container\" id=\"iwg-cc-besprechen\">\n\t\t\t\t\t<div class=\"e-con-inner\">\n\t\t<div class=\"elementor-element elementor-element-iwgs-besprechen-ccinner e-flex e-con-boxed e-con e-parent\" data-id=\"iwgs-besprechen-ccinner\" data-element_type=\"container\" data-e-type=\"container\" data-settings=\"{&quot;background_background&quot;:&quot;classic&quot;}\">\n\t\t\t\t\t<div class=\"e-con-inner\">\n\t\t\t\t<div class=\"elementor-element elementor-element-iwgs-besprechen-cch elementor-widget elementor-widget-heading\" data-id=\"iwgs-besprechen-cch\" data-element_type=\"widget\" data-e-type=\"widget\" data-widget_type=\"heading.default\">\n\t\t\t\t\t<h2 class=\"elementor-heading-title elementor-size-default\">iWell Guard og verndarhef\u00f0ir<\/h2>\t\t\t\t<\/div>\n\t\t\t\t<div class=\"elementor-element elementor-element-iwgs-besprechen-cct elementor-widget elementor-widget-text-editor\" data-id=\"iwgs-besprechen-cct\" data-element_type=\"widget\" data-e-type=\"widget\" data-widget_type=\"text-editor.default\">\n\t\t\t\t\t\t\t\t\t<p>Besprechen s\u00fdnir hversu dj\u00fapt r\u00f3tfest hugmyndin er um a\u00f0 tungum\u00e1l og <span class=\"iwg-fachbegriff\" data-tooltip=\"T\u00e1kn sem stendur fyrir hugmynd e\u00f0a merkingu.\" tabindex=\"0\">t\u00e1kn<\/span> geti skapa\u00f0 verndandi sv\u00e6\u00f0i um einstakling.<\/p><p>\u00deessi hugsun, sem m\u00e1 rekja fr\u00e1 Merseburgar-galdra\u00feulunum yfir mi\u00f0aldablessunarform\u00falur allt til \u00fej\u00f3\u00f0l\u00e6kninga 20. aldarins, finnur n\u00fat\u00edmalega birtingarmynd \u00ed <a href=\"https:\/\/iwell-guard.com\/is\/verndargripur-iwell-guard-kaupa\/\">iWell Guard<\/a>: hlut sem sameinar verndarhugmyndir \u00far m\u00f6rgum hef\u00f0um og heldur, sem bori\u00f0 t\u00e1kn, tengingunni vi\u00f0 \u00feessar munnm\u00e6lahef\u00f0ir.<\/p>\t\t\t\t\t\t\t\t<\/div>\n\t\t\t\t<div class=\"elementor-element elementor-element-iwgs-besprechen-ccb iwg-cc-button iwg-cc-cta-2026-05-13 elementor-widget elementor-widget-jet-button\" data-id=\"iwgs-besprechen-ccb\" data-element_type=\"widget\" data-e-type=\"widget\" data-widget_type=\"jet-button.default\">\n\t\t\t\t<div class=\"elementor-widget-container\">\n\t\t\t\t\t<div class=\"elementor-jet-button jet-elements\"><div class=\"jet-button__container\"><a class=\"jet-button__instance jet-button__instance--icon-left hover-effect-1\" href=\"\/schutzanhaenger-iwell-guard-kaufen\/?utm_source=iwell-guard.com&amp;utm_medium=info-box&amp;utm_campaign=schutzsymbole\"><div class=\"jet-button__plane jet-button__plane-normal\"><\/div><div class=\"jet-button__plane jet-button__plane-hover\"><\/div><div class=\"jet-button__state jet-button__state-normal\"><span class=\"jet-button__label\">Meira um iWell Guard<\/span><\/div><div class=\"jet-button__state jet-button__state-hover\"><span class=\"jet-button__label\">Meira um iWell Guard<\/span><\/div><\/a><\/div><\/div><style>.elementor-element.elementor-element-iwgs-besprechen-ccb .jet-button__instance{width:320px;height:56px;}.elementor-element.elementor-element-iwgs-besprechen-ccb .jet-button__state-normal .jet-button__label{text-align:center;margin:0px 0px 0px 0px;color:#1a1b20;font-family:Montserrat,sans-serif;font-size:13px;font-weight:400;letter-spacing:4px;line-height:1.714em;text-transform:uppercase;}.elementor-element.elementor-element-iwgs-besprechen-ccb .jet-button__state-hover .jet-button__label{text-align:center;margin:0px 0px 0px 0px;color:#FECC76;font-family:Montserrat,sans-serif;font-size:13px;font-weight:400;letter-spacing:4px;line-height:1.714em;text-transform:uppercase;}.elementor-element.elementor-element-iwgs-besprechen-ccb .jet-button__plane-normal{background-color:#FECC76;border-style:solid;border-color:#C99540;border-width:2px 2px 2px 2px;}.elementor-element.elementor-element-iwgs-besprechen-ccb .jet-button__plane-hover{background-color:rgba(0,0,0,0.55);border-style:solid;border-color:#FECC76;border-width:2px 2px 2px 2px;}<\/style>\t\t\t\t<\/div>\n\t\t\t\t<\/div>\n\t\t\t\t<div class=\"elementor-element elementor-element-iwgs-besprechen-ccd elementor-widget elementor-widget-text-editor\" data-id=\"iwgs-besprechen-ccd\" data-element_type=\"widget\" data-e-type=\"widget\" data-widget_type=\"text-editor.default\">\n\t\t\t\t\t\t\t\t\t<p style=\"text-align:center;font-size:13px;opacity:0.7;margin-top:14px\" data-nosnippet=\"true\">Pers\u00f3nuleg reynsla getur veri\u00f0 mismunandi. Ekki l\u00e6kningat\u00e6ki. Engin lofor\u00f0 um l\u00e6kningu.<\/p>\t\t\t\t\t\t\t\t<\/div>\n\t\t\t\t\t<\/div>\n\t\t\t\t<\/div>\n\t\t\t\t\t<\/div>\n\t\t\t\t<\/div>\n\t\t<div class=\"elementor-element elementor-element-iwgs-besprechen-disc e-flex e-con-boxed e-con e-parent\" data-id=\"iwgs-besprechen-disc\" data-element_type=\"container\" data-e-type=\"container\">\n\t\t\t\t\t<div class=\"e-con-inner\">\n\t\t<div class=\"elementor-element elementor-element-iw-besprechen-disc-bw e-con-full e-flex e-con e-child\" data-id=\"iw-besprechen-disc-bw\" data-element_type=\"container\" data-e-type=\"container\">\n\t\t\t\t<div class=\"elementor-element elementor-element-iwgs-besprechen-discw elementor-widget elementor-widget-html\" data-id=\"iwgs-besprechen-discw\" data-element_type=\"widget\" data-e-type=\"widget\" data-widget_type=\"html.default\">\n\t\t\t\t\t<footer data-nosnippet=\"true\" class=\"iwg-disclaimer-block\"><p data-nosnippet=\"true\">iWell Guard er <strong>ekki l\u00e6kningat\u00e6ki<\/strong> og kemur ekki \u00ed sta\u00f0 l\u00e6knis- e\u00f0a s\u00e1lfr\u00e6\u00f0ime\u00f0fer\u00f0ar. Innihaldi\u00f0 sem h\u00e9r er sett fram er tr\u00faarbrag\u00f0afr\u00e6\u00f0ileg og menningars\u00f6gulega greining, ekki lofor\u00f0 um andlega virkni.<\/p><\/footer>\t\t\t\t<\/div>\n\t\t\t\t<\/div>\n\t\t\t\t\t<\/div>\n\t\t\t\t<\/div>\n\t\t\t\t<\/div>\n\t\t","protected":false},"excerpt":{"rendered":"","protected":false},"author":3,"featured_media":4105,"parent":0,"menu_order":0,"comment_status":"closed","ping_status":"closed","template":"elementor_header_footer","meta":{"_yoast_wpseo_focuskw":"besprechen","_yoast_wpseo_title":"Besprechen - l\u00e6knandi og verndandi form\u00falur","_yoast_wpseo_metadesc":"Besprechen \u00ed \u00fe\u00fdskri \u00fej\u00f3\u00f0tr\u00fa: uppruni l\u00e6knisform\u00falunnar, verkunarm\u00e1ti samkv\u00e6mt munnm\u00e6lum og samsvarandi form \u00ed \u00f6\u00f0rum menningarheimum.","_yoast_wpseo_meta-robots-noindex":"","_yoast_wpseo_canonical":"","_angie_page":false,"gefaehrdungsstufe":"","wesen_kultur":"","wesen_klasse":"","footnotes":""},"categories":[],"class_list":["post-169263","page","type-page","status-publish","has-post-thumbnail","hentry"],"yoast_head":"<!-- This site is optimized with the Yoast SEO Premium plugin v27.7 (Yoast SEO v28.3) - https:\/\/yoast.com\/product\/yoast-seo-premium-wordpress\/ -->\n<title>Besprechen - l\u00e6knandi og verndandi form\u00falur<\/title>\n<meta name=\"description\" content=\"Besprechen \u00ed \u00fe\u00fdskri \u00fej\u00f3\u00f0tr\u00fa: uppruni l\u00e6knisform\u00falunnar, verkunarm\u00e1ti samkv\u00e6mt munnm\u00e6lum og samsvarandi form \u00ed \u00f6\u00f0rum menningarheimum.\" \/>\n<meta name=\"robots\" content=\"index, follow, max-snippet:-1, max-image-preview:large, max-video-preview:-1\" \/>\n<link rel=\"canonical\" href=\"https:\/\/iwell-guard.com\/is\/besprechen\/\" \/>\n<meta property=\"og:locale\" content=\"is_IS\" \/>\n<meta property=\"og:type\" content=\"article\" \/>\n<meta property=\"og:title\" content=\"Besprechen\" \/>\n<meta property=\"og:description\" content=\"Besprechen \u00ed \u00fe\u00fdskri \u00fej\u00f3\u00f0tr\u00fa: uppruni l\u00e6knisform\u00falunnar, verkunarm\u00e1ti samkv\u00e6mt munnm\u00e6lum og samsvarandi form \u00ed \u00f6\u00f0rum menningarheimum.\" \/>\n<meta property=\"og:url\" content=\"https:\/\/iwell-guard.com\/is\/besprechen\/\" \/>\n<meta property=\"og:site_name\" content=\"iWell Guard\" \/>\n<meta property=\"article:modified_time\" content=\"2026-09-05T14:36:26+00:00\" \/>\n<meta property=\"og:image\" content=\"https:\/\/iwell-guard.com\/wp-content\/uploads\/2026\/05\/schutzsymbol_germanisch_besprechen.png\" \/>\n\t<meta property=\"og:image:width\" content=\"1024\" \/>\n\t<meta property=\"og:image:height\" content=\"1536\" \/>\n\t<meta property=\"og:image:type\" content=\"image\/png\" \/>\n<meta name=\"twitter:card\" content=\"summary_large_image\" \/>\n<script type=\"application\/ld+json\" class=\"yoast-schema-graph\">{\"@context\":\"https:\\\/\\\/schema.org\",\"@graph\":[{\"@type\":\"WebPage\",\"@id\":\"https:\\\/\\\/iwell-guard.com\\\/is\\\/besprechen\\\/\",\"url\":\"https:\\\/\\\/iwell-guard.com\\\/is\\\/besprechen\\\/\",\"name\":\"Besprechen - l\u00e6knandi og verndandi form\u00falur\",\"isPartOf\":{\"@id\":\"https:\\\/\\\/iwell-guard.com\\\/is\\\/#website\"},\"primaryImageOfPage\":{\"@id\":\"https:\\\/\\\/iwell-guard.com\\\/is\\\/besprechen\\\/#primaryimage\"},\"image\":{\"@id\":\"https:\\\/\\\/iwell-guard.com\\\/is\\\/besprechen\\\/#primaryimage\"},\"thumbnailUrl\":\"https:\\\/\\\/iwell-guard.com\\\/wp-content\\\/uploads\\\/2026\\\/05\\\/schutzsymbol_germanisch_besprechen.png\",\"datePublished\":\"2026-09-05T14:06:56+00:00\",\"dateModified\":\"2026-09-05T14:36:26+00:00\",\"description\":\"Besprechen \u00ed \u00fe\u00fdskri \u00fej\u00f3\u00f0tr\u00fa: uppruni l\u00e6knisform\u00falunnar, verkunarm\u00e1ti samkv\u00e6mt munnm\u00e6lum og samsvarandi form \u00ed \u00f6\u00f0rum menningarheimum.\",\"breadcrumb\":{\"@id\":\"https:\\\/\\\/iwell-guard.com\\\/is\\\/besprechen\\\/#breadcrumb\"},\"inLanguage\":\"is\",\"potentialAction\":[{\"@type\":\"ReadAction\",\"target\":[\"https:\\\/\\\/iwell-guard.com\\\/is\\\/besprechen\\\/\"]}]},{\"@type\":\"ImageObject\",\"inLanguage\":\"is\",\"@id\":\"https:\\\/\\\/iwell-guard.com\\\/is\\\/besprechen\\\/#primaryimage\",\"url\":\"https:\\\/\\\/iwell-guard.com\\\/wp-content\\\/uploads\\\/2026\\\/05\\\/schutzsymbol_germanisch_besprechen.png\",\"contentUrl\":\"https:\\\/\\\/iwell-guard.com\\\/wp-content\\\/uploads\\\/2026\\\/05\\\/schutzsymbol_germanisch_besprechen.png\",\"width\":1024,\"height\":1536,\"caption\":\"A\u00f0 \\\"besprechen\\\" \u2013 hi\u00f0 l\u00e6knandi verndaror\u00f0, s\u00f6guleg d\u00e6mi\"},{\"@type\":\"BreadcrumbList\",\"@id\":\"https:\\\/\\\/iwell-guard.com\\\/is\\\/besprechen\\\/#breadcrumb\",\"itemListElement\":[{\"@type\":\"ListItem\",\"position\":1,\"name\":\"Start\",\"item\":\"https:\\\/\\\/iwell-guard.com\\\/is\\\/?page_id=168580\"},{\"@type\":\"ListItem\",\"position\":2,\"name\":\"Besprechen\"}]},{\"@type\":\"WebSite\",\"@id\":\"https:\\\/\\\/iwell-guard.com\\\/is\\\/#website\",\"url\":\"https:\\\/\\\/iwell-guard.com\\\/is\\\/\",\"name\":\"iWell Guard\",\"description\":\"Schutz vor dunklen Einfl\u00fcssen\",\"publisher\":{\"@id\":\"https:\\\/\\\/iwell-guard.com\\\/is\\\/#organization\"},\"potentialAction\":[{\"@type\":\"SearchAction\",\"target\":{\"@type\":\"EntryPoint\",\"urlTemplate\":\"https:\\\/\\\/iwell-guard.com\\\/is\\\/?s={search_term_string}\"},\"query-input\":{\"@type\":\"PropertyValueSpecification\",\"valueRequired\":true,\"valueName\":\"search_term_string\"}}],\"inLanguage\":\"is\"},{\"@type\":\"Organization\",\"@id\":\"https:\\\/\\\/iwell-guard.com\\\/is\\\/#organization\",\"name\":\"Ittermann electronic GmbH\",\"url\":\"https:\\\/\\\/iwell-guard.com\\\/is\\\/\",\"logo\":{\"@type\":\"ImageObject\",\"inLanguage\":\"is\",\"@id\":\"https:\\\/\\\/iwell-guard.com\\\/is\\\/#\\\/schema\\\/logo\\\/image\\\/\",\"url\":\"https:\\\/\\\/iwell-guard.com\\\/wp-content\\\/uploads\\\/2026\\\/05\\\/Ittermann-Logo-1182x237-1.png\",\"contentUrl\":\"https:\\\/\\\/iwell-guard.com\\\/wp-content\\\/uploads\\\/2026\\\/05\\\/Ittermann-Logo-1182x237-1.png\",\"width\":1182,\"height\":237,\"caption\":\"Ittermann electronic GmbH\"},\"image\":{\"@id\":\"https:\\\/\\\/iwell-guard.com\\\/is\\\/#\\\/schema\\\/logo\\\/image\\\/\"},\"sameAs\":[\"https:\\\/\\\/pantip.com\\\/profile\\\/9367242\",\"https:\\\/\\\/micro.blog\\\/iwellguard\",\"https:\\\/\\\/www.diggerslist.com\\\/iwellguard\\\/about\",\"https:\\\/\\\/skitterphoto.com\\\/photographers\\\/2870314\\\/iwell-guard\",\"https:\\\/\\\/iwellguard.wordpress.com\\\/2026\\\/06\\\/06\\\/iwell-guard\\\/\",\"https:\\\/\\\/hub.docker.com\\\/u\\\/iwellguard\",\"https:\\\/\\\/www.pinterest.com\\\/iwellguard\\\/\",\"https:\\\/\\\/bit.ly\\\/m\\\/iwellguard\",\"https:\\\/\\\/entre-vos-mains.alsace.eu\\\/profiles\\\/iwellguard\\\/activity\",\"https:\\\/\\\/gravatar.com\\\/reallybeded8fd34\",\"https:\\\/\\\/naijamatta.com\\\/iwellguard\",\"https:\\\/\\\/www.goodreads.com\\\/iwellguard\",\"https:\\\/\\\/profile.hatena.ne.jp\\\/iwellguard\\\/\",\"https:\\\/\\\/experiment.com\\\/users\\\/iwellguard\",\"https:\\\/\\\/wakelet.com\\\/@iWellGuard82270\",\"https:\\\/\\\/www.chordie.com\\\/forum\\\/profile.php?id=2555664\",\"https:\\\/\\\/www.instapaper.com\\\/p\\\/17757966\",\"https:\\\/\\\/www.mapleprimes.com\\\/users\\\/iwellguard\",\"https:\\\/\\\/businesslistingplus.com\\\/profile\\\/iwell-guard\\\/\",\"https:\\\/\\\/telegra.ph\\\/iWell-Guard-06-06\",\"https:\\\/\\\/pbase.com\\\/iwellguard\\\/iwellguard\",\"https:\\\/\\\/b.hatena.ne.jp\\\/iwellguard\\\/20260607#bookmark-4788405196491818882\",\"https:\\\/\\\/fliphtml5.com\\\/home\\\/iwellguard\",\"https:\\\/\\\/anyflip.com\\\/homepage\\\/cmiwl#About\",\"https:\\\/\\\/transfur.com\\\/Users\\\/iwellguard\",\"http:\\\/\\\/delphi.larsbo.org\\\/user\\\/iwellguard\",\"https:\\\/\\\/jobs.lajobsportal.org\\\/profiles\\\/8380803-iwell-guard\",\"https:\\\/\\\/md.chaosdorf.de\\\/s\\\/jfbe5SBdJD\",\"https:\\\/\\\/www.lingvolive.com\\\/en-us\\\/profile\\\/9ecaeaca-ce11-4e51-9e71-01d55e2bff36\\\/translations\",\"https:\\\/\\\/www.fitday.com\\\/fitness\\\/forums\\\/members\\\/iwellguard.html\",\"https:\\\/\\\/www.mymeetbook.com\\\/iwellguard\",\"https:\\\/\\\/pxhere.com\\\/en\\\/photographer-me\\\/5040798\",\"https:\\\/\\\/disqus.com\\\/by\\\/iwellguard\\\/about\\\/\",\"https:\\\/\\\/pastelink.net\\\/hjwciqwq\",\"https:\\\/\\\/pubhtml5.com\\\/homepage\\\/scjhn\\\/\",\"https:\\\/\\\/www.bitchute.com\\\/channel\\\/2O2eOKzNqujT\",\"https:\\\/\\\/audiomack.com\\\/iwellguard\"]}]}<\/script>\n<!-- \/ Yoast SEO Premium plugin. -->","yoast_head_json":{"title":"Besprechen - l\u00e6knandi og verndandi form\u00falur","description":"Besprechen \u00ed \u00fe\u00fdskri \u00fej\u00f3\u00f0tr\u00fa: uppruni l\u00e6knisform\u00falunnar, verkunarm\u00e1ti samkv\u00e6mt munnm\u00e6lum og samsvarandi form \u00ed \u00f6\u00f0rum menningarheimum.","robots":{"index":"index","follow":"follow","max-snippet":"max-snippet:-1","max-image-preview":"max-image-preview:large","max-video-preview":"max-video-preview:-1"},"canonical":"https:\/\/iwell-guard.com\/is\/besprechen\/","og_locale":"is_IS","og_type":"article","og_title":"Besprechen","og_description":"Besprechen \u00ed \u00fe\u00fdskri \u00fej\u00f3\u00f0tr\u00fa: uppruni l\u00e6knisform\u00falunnar, verkunarm\u00e1ti samkv\u00e6mt munnm\u00e6lum og samsvarandi form \u00ed \u00f6\u00f0rum menningarheimum.","og_url":"https:\/\/iwell-guard.com\/is\/besprechen\/","og_site_name":"iWell Guard","article_modified_time":"2026-09-05T14:36:26+00:00","og_image":[{"width":1024,"height":1536,"url":"https:\/\/iwell-guard.com\/wp-content\/uploads\/2026\/05\/schutzsymbol_germanisch_besprechen.png","type":"image\/png"}],"twitter_card":"summary_large_image","schema":{"@context":"https:\/\/schema.org","@graph":[{"@type":"WebPage","@id":"https:\/\/iwell-guard.com\/is\/besprechen\/","url":"https:\/\/iwell-guard.com\/is\/besprechen\/","name":"Besprechen - l\u00e6knandi og verndandi form\u00falur","isPartOf":{"@id":"https:\/\/iwell-guard.com\/is\/#website"},"primaryImageOfPage":{"@id":"https:\/\/iwell-guard.com\/is\/besprechen\/#primaryimage"},"image":{"@id":"https:\/\/iwell-guard.com\/is\/besprechen\/#primaryimage"},"thumbnailUrl":"https:\/\/iwell-guard.com\/wp-content\/uploads\/2026\/05\/schutzsymbol_germanisch_besprechen.png","datePublished":"2026-09-05T14:06:56+00:00","dateModified":"2026-09-05T14:36:26+00:00","description":"Besprechen \u00ed \u00fe\u00fdskri \u00fej\u00f3\u00f0tr\u00fa: uppruni l\u00e6knisform\u00falunnar, verkunarm\u00e1ti samkv\u00e6mt munnm\u00e6lum og samsvarandi form \u00ed \u00f6\u00f0rum menningarheimum.","breadcrumb":{"@id":"https:\/\/iwell-guard.com\/is\/besprechen\/#breadcrumb"},"inLanguage":"is","potentialAction":[{"@type":"ReadAction","target":["https:\/\/iwell-guard.com\/is\/besprechen\/"]}]},{"@type":"ImageObject","inLanguage":"is","@id":"https:\/\/iwell-guard.com\/is\/besprechen\/#primaryimage","url":"https:\/\/iwell-guard.com\/wp-content\/uploads\/2026\/05\/schutzsymbol_germanisch_besprechen.png","contentUrl":"https:\/\/iwell-guard.com\/wp-content\/uploads\/2026\/05\/schutzsymbol_germanisch_besprechen.png","width":1024,"height":1536,"caption":"A\u00f0 \"besprechen\" \u2013 hi\u00f0 l\u00e6knandi verndaror\u00f0, s\u00f6guleg d\u00e6mi"},{"@type":"BreadcrumbList","@id":"https:\/\/iwell-guard.com\/is\/besprechen\/#breadcrumb","itemListElement":[{"@type":"ListItem","position":1,"name":"Start","item":"https:\/\/iwell-guard.com\/is\/?page_id=168580"},{"@type":"ListItem","position":2,"name":"Besprechen"}]},{"@type":"WebSite","@id":"https:\/\/iwell-guard.com\/is\/#website","url":"https:\/\/iwell-guard.com\/is\/","name":"iWell Guard","description":"Schutz vor dunklen Einfl\u00fcssen","publisher":{"@id":"https:\/\/iwell-guard.com\/is\/#organization"},"potentialAction":[{"@type":"SearchAction","target":{"@type":"EntryPoint","urlTemplate":"https:\/\/iwell-guard.com\/is\/?s={search_term_string}"},"query-input":{"@type":"PropertyValueSpecification","valueRequired":true,"valueName":"search_term_string"}}],"inLanguage":"is"},{"@type":"Organization","@id":"https:\/\/iwell-guard.com\/is\/#organization","name":"Ittermann electronic GmbH","url":"https:\/\/iwell-guard.com\/is\/","logo":{"@type":"ImageObject","inLanguage":"is","@id":"https:\/\/iwell-guard.com\/is\/#\/schema\/logo\/image\/","url":"https:\/\/iwell-guard.com\/wp-content\/uploads\/2026\/05\/Ittermann-Logo-1182x237-1.png","contentUrl":"https:\/\/iwell-guard.com\/wp-content\/uploads\/2026\/05\/Ittermann-Logo-1182x237-1.png","width":1182,"height":237,"caption":"Ittermann electronic GmbH"},"image":{"@id":"https:\/\/iwell-guard.com\/is\/#\/schema\/logo\/image\/"},"sameAs":["https:\/\/pantip.com\/profile\/9367242","https:\/\/micro.blog\/iwellguard","https:\/\/www.diggerslist.com\/iwellguard\/about","https:\/\/skitterphoto.com\/photographers\/2870314\/iwell-guard","https:\/\/iwellguard.wordpress.com\/2026\/06\/06\/iwell-guard\/","https:\/\/hub.docker.com\/u\/iwellguard","https:\/\/www.pinterest.com\/iwellguard\/","https:\/\/bit.ly\/m\/iwellguard","https:\/\/entre-vos-mains.alsace.eu\/profiles\/iwellguard\/activity","https:\/\/gravatar.com\/reallybeded8fd34","https:\/\/naijamatta.com\/iwellguard","https:\/\/www.goodreads.com\/iwellguard","https:\/\/profile.hatena.ne.jp\/iwellguard\/","https:\/\/experiment.com\/users\/iwellguard","https:\/\/wakelet.com\/@iWellGuard82270","https:\/\/www.chordie.com\/forum\/profile.php?id=2555664","https:\/\/www.instapaper.com\/p\/17757966","https:\/\/www.mapleprimes.com\/users\/iwellguard","https:\/\/businesslistingplus.com\/profile\/iwell-guard\/","https:\/\/telegra.ph\/iWell-Guard-06-06","https:\/\/pbase.com\/iwellguard\/iwellguard","https:\/\/b.hatena.ne.jp\/iwellguard\/20260607#bookmark-4788405196491818882","https:\/\/fliphtml5.com\/home\/iwellguard","https:\/\/anyflip.com\/homepage\/cmiwl#About","https:\/\/transfur.com\/Users\/iwellguard","http:\/\/delphi.larsbo.org\/user\/iwellguard","https:\/\/jobs.lajobsportal.org\/profiles\/8380803-iwell-guard","https:\/\/md.chaosdorf.de\/s\/jfbe5SBdJD","https:\/\/www.lingvolive.com\/en-us\/profile\/9ecaeaca-ce11-4e51-9e71-01d55e2bff36\/translations","https:\/\/www.fitday.com\/fitness\/forums\/members\/iwellguard.html","https:\/\/www.mymeetbook.com\/iwellguard","https:\/\/pxhere.com\/en\/photographer-me\/5040798","https:\/\/disqus.com\/by\/iwellguard\/about\/","https:\/\/pastelink.net\/hjwciqwq","https:\/\/pubhtml5.com\/homepage\/scjhn\/","https:\/\/www.bitchute.com\/channel\/2O2eOKzNqujT","https:\/\/audiomack.com\/iwellguard"]}]}},"_links":{"self":[{"href":"https:\/\/iwell-guard.com\/is\/wp-json\/wp\/v2\/pages\/169263","targetHints":{"allow":["GET"]}}],"collection":[{"href":"https:\/\/iwell-guard.com\/is\/wp-json\/wp\/v2\/pages"}],"about":[{"href":"https:\/\/iwell-guard.com\/is\/wp-json\/wp\/v2\/types\/page"}],"author":[{"embeddable":true,"href":"https:\/\/iwell-guard.com\/is\/wp-json\/wp\/v2\/users\/3"}],"replies":[{"embeddable":true,"href":"https:\/\/iwell-guard.com\/is\/wp-json\/wp\/v2\/comments?post=169263"}],"version-history":[{"count":0,"href":"https:\/\/iwell-guard.com\/is\/wp-json\/wp\/v2\/pages\/169263\/revisions"}],"wp:featuredmedia":[{"embeddable":true,"href":"https:\/\/iwell-guard.com\/is\/wp-json\/wp\/v2\/media\/4105"}],"wp:attachment":[{"href":"https:\/\/iwell-guard.com\/is\/wp-json\/wp\/v2\/media?parent=169263"}],"wp:term":[{"taxonomy":"category","embeddable":true,"href":"https:\/\/iwell-guard.com\/is\/wp-json\/wp\/v2\/categories?post=169263"}],"curies":[{"name":"wp","href":"https:\/\/api.w.org\/{rel}","templated":true}]}}