{"id":169262,"date":"2026-09-05T14:06:56","date_gmt":"2026-09-05T14:06:56","guid":{"rendered":"https:\/\/iwell-guard.com\/?page_id=169262"},"modified":"2026-09-05T14:36:26","modified_gmt":"2026-09-05T14:36:26","slug":"malurt-beifuss","status":"publish","type":"page","link":"https:\/\/iwell-guard.com\/is\/malurt-beifuss\/","title":{"rendered":"Malurt"},"content":{"rendered":"\t\t<div data-elementor-type=\"wp-page\" data-elementor-id=\"169262\" class=\"elementor elementor-169262 elementor-3770 elementor-bc-flex-widget\" data-elementor-post-type=\"page\">\n\t\t\t\t<div class=\"elementor-element elementor-element-iwgs-beifuss-hero e-flex e-con-boxed e-con e-parent\" data-id=\"iwgs-beifuss-hero\" data-element_type=\"container\" data-e-type=\"container\">\n\t\t\t\t\t<div class=\"e-con-inner\">\n\t\t<div class=\"elementor-element elementor-element-iw-beifuss-hero-left e-con-full e-flex e-con e-child\" data-id=\"iw-beifuss-hero-left\" data-element_type=\"container\" data-e-type=\"container\">\n\t\t\t\t<div class=\"elementor-element elementor-element-iwgs-beifuss-h1 elementor-widget elementor-widget-heading\" data-id=\"iwgs-beifuss-h1\" data-element_type=\"widget\" data-e-type=\"widget\" data-widget_type=\"heading.default\">\n\t\t\t\t\t<h1 class=\"elementor-heading-title elementor-size-default\">Malurt \u2014 verndargras gegn illri \u00e1s\u00f3kn<\/h1>\t\t\t\t<\/div>\n\t\t<div class=\"elementor-element elementor-element-iw-beifuss-hero-bw e-con-full e-flex e-con e-child\" data-id=\"iw-beifuss-hero-bw\" data-element_type=\"container\" data-e-type=\"container\">\n\t\t\t\t<div class=\"elementor-element elementor-element-iwgs-beifuss-pills elementor-widget elementor-widget-html\" data-id=\"iwgs-beifuss-pills\" data-element_type=\"widget\" data-e-type=\"widget\" data-widget_type=\"html.default\">\n\t\t\t\t\t<div class=\"iwg-pill-row\"><span class=\"iwg-klasse-badge\" tabindex=\"0\" data-tooltip=\"Tegund verndargripsins.\">Verndarefni<\/span><a href=\"https:\/\/iwell-guard.com\/is\/?page_id=169258\" class=\"iwg-kultur-badge\" tabindex=\"0\" data-tooltip=\"Fara \u00e1 yfirlit.\">Verndarefni og jurtir<\/a><\/div>\t\t\t\t<\/div>\n\t\t\t\t<div class=\"elementor-element elementor-element-iwgs-beifuss-lead elementor-widget elementor-widget-text-editor\" data-id=\"iwgs-beifuss-lead\" data-element_type=\"widget\" data-e-type=\"widget\" data-widget_type=\"text-editor.default\">\n\t\t\t\t\t\t\t\t\t<p>Malurt, \u00e1 fr\u00e6\u00f0im\u00e1li <em>Artemisia vulgaris<\/em>, er ein af fj\u00f6lh\u00e6fustu verndarjurtum evr\u00f3pskra og austuras\u00edskra munnm\u00e6la.<\/p><p>Undir n\u00f6fnum eins og beltajurt, s\u00f3pajurt og J\u00f3nsmessuv\u00edsir telst h\u00fan til \u00feeirra jurta \u00fear sem verndarhlutverki\u00f0 n\u00e6r yfir m\u00f6rg svi\u00f0: samkv\u00e6mt <span class=\"iwg-fachbegriff\" data-tooltip=\"Yfirf\u00e6rsla \u00feekkingar og sagna milli kynsl\u00f3\u00f0a.\" tabindex=\"0\">munnm\u00e6lum<\/span> verndar h\u00fan fer\u00f0amanninn \u00e1 veginum, hreinsar h\u00edb\u00fdli me\u00f0 reykelsi, heldur ska\u00f0legum verum fr\u00e1 \u00fer\u00f6skuldum og styrkir \u00feann sem ber hana \u00e1 s\u00e9r.<\/p>\n<p>Malurt er hluti af <a href=\"https:\/\/iwell-guard.com\/is\/?page_id=169258\">verndarefnum og verndarjurtum<\/a> og er fr\u00e1brug\u00f0in s\u00e9rt\u00e6kari verndarjurtum eins og <a href=\"https:\/\/iwell-guard.com\/is\/?page_id=169267\">j\u00f3hannesarjurt<\/a> \u00e1 \u00feann h\u00e1tt a\u00f0 \u00ed <span class=\"iwg-fachbegriff\" data-tooltip=\"Yfirf\u00e6rsla \u00feekkingar og sagna milli kynsl\u00f3\u00f0a.\" tabindex=\"0\">munnm\u00e6lum<\/span> er h\u00fan ekki notu\u00f0 gegn \u00e1kve\u00f0inni tegund vera, heldur telst h\u00fan almenn styrkjandi v\u00f6rn: h\u00fan styrkir verndarsv\u00e6\u00f0i bur\u00f0armanns og \u00fer\u00f6skuldar \u00e1n \u00feess a\u00f0 vera bundin einu tilteknu markmi\u00f0i.<\/p><p>Eins og me\u00f0 allar verndarjurtir gildir h\u00e9r: a\u00f0eins er fjalla\u00f0 um \u00fej\u00f3\u00f0fr\u00e6\u00f0ileg <span class=\"iwg-fachbegriff\" data-tooltip=\"Yfirf\u00e6rsla \u00feekkingar og sagna milli kynsl\u00f3\u00f0a.\" tabindex=\"0\">munnm\u00e6li<\/span>, ekki um l\u00e6knisfr\u00e6\u00f0ilegar sta\u00f0h\u00e6fingar.<\/p>\n<p class=\"iwg-kwfix\">Malurt telst \u00ed \u00fej\u00f3\u00f0fr\u00e6\u00f0i verndargras gegn illri \u00e1s\u00f3kn.<\/p>\t\t\t\t\t\t\t\t<\/div>\n\t\t\t\t<\/div>\n\t\t\t\t<\/div>\n\t\t<div class=\"elementor-element elementor-element-iw-beifuss-hero-img e-con-full e-flex e-con e-child\" data-id=\"iw-beifuss-hero-img\" data-element_type=\"container\" data-e-type=\"container\">\n\t\t\t\t<div class=\"elementor-element elementor-element-iwgs-beifuss-himg iwg-hero-image elementor-widget elementor-widget-image\" data-id=\"iwgs-beifuss-himg\" data-element_type=\"widget\" data-e-type=\"widget\" data-widget_type=\"image.default\">\n\t\t\t\t\t\t\t\t\t\t\t\t\t\t\t<img fetchpriority=\"high\" decoding=\"async\" width=\"683\" height=\"1024\" src=\"https:\/\/iwell-guard.com\/wp-content\/uploads\/2026\/05\/schutzsymbol_germanisch_beifuss-683x1024.png\" class=\"attachment-large size-large wp-image-170463\" alt=\"Malurt \u2013 verndargrasi gegn illum \u00e1hrifum, s\u00f6guleg-myndskreytandi framsetning\" srcset=\"https:\/\/iwell-guard.com\/wp-content\/uploads\/2026\/05\/schutzsymbol_germanisch_beifuss-683x1024.png 683w, https:\/\/iwell-guard.com\/wp-content\/uploads\/2026\/05\/schutzsymbol_germanisch_beifuss-200x300.png 200w, https:\/\/iwell-guard.com\/wp-content\/uploads\/2026\/05\/schutzsymbol_germanisch_beifuss-768x1152.png 768w, https:\/\/iwell-guard.com\/wp-content\/uploads\/2026\/05\/schutzsymbol_germanisch_beifuss.png 1024w\" sizes=\"(max-width: 683px) 100vw, 683px\" \/>\t\t\t\t\t\t\t\t\t\t\t\t\t\t\t<\/div>\n\t\t\t\t<\/div>\n\t\t\t\t\t<\/div>\n\t\t\t\t<\/div>\n\t\t<div class=\"elementor-element elementor-element-iwgs-beifuss-s0 e-flex e-con-boxed e-con e-parent\" data-id=\"iwgs-beifuss-s0\" data-element_type=\"container\" data-e-type=\"container\">\n\t\t\t\t\t<div class=\"e-con-inner\">\n\t\t\t\t<div class=\"elementor-element elementor-element-iwgs-beifuss-s0h elementor-widget elementor-widget-heading\" data-id=\"iwgs-beifuss-s0h\" data-element_type=\"widget\" data-e-type=\"widget\" data-widget_type=\"heading.default\">\n\t\t\t\t\t<h2 class=\"elementor-heading-title elementor-size-default\">Skj\u00f3tt yfirlit<\/h2>\t\t\t\t<\/div>\n\t\t<div class=\"elementor-element elementor-element-iw-beifuss-s0-bw e-con-full e-flex e-con e-child\" data-id=\"iw-beifuss-s0-bw\" data-element_type=\"container\" data-e-type=\"container\">\n\t\t\t\t<div class=\"elementor-element elementor-element-iwgs-beifuss-s0t elementor-widget elementor-widget-text-editor\" data-id=\"iwgs-beifuss-s0t\" data-element_type=\"widget\" data-e-type=\"widget\" data-widget_type=\"text-editor.default\">\n\t\t\t\t\t\t\t\t\t<p>\u00cd <span class=\"iwg-fachbegriff\" data-tooltip=\"Yfirf\u00e6rsla \u00feekkingar og sagna milli kynsl\u00f3\u00f0a.\" tabindex=\"0\">munnm\u00e6lum<\/span> telst malurt vera fer\u00f0av\u00f6rn \u00feegar h\u00fan er saumu\u00f0 inn \u00ed belti e\u00f0a sk\u00f3, reykelsisjurt til a\u00f0 hreinsa h\u00edb\u00fdli og \u00fer\u00f6skuldarjurt gegn ska\u00f0legri \u00e1s\u00f3kn utan fr\u00e1.<\/p><p>S\u00e9rstaklega talin kr\u00f6ftugust ef h\u00fan er t\u00ednd um J\u00f3nsmessu e\u00f0a \u00e1 mi\u00f0sumarn\u00f3tt. \u00cd Austur-As\u00edu er malurt einnig \u00feekkt sem mugwort \u00ed moxabrennslu, en \u00fear er h\u00fan talin <span class=\"iwg-fachbegriff\" data-tooltip=\"Skipul\u00f6g\u00f0 atbur\u00f0ar\u00f6\u00f0 t\u00e1knger\u00f0ra athafna me\u00f0 tr\u00faarlega e\u00f0a menningarlega merkingu.\" tabindex=\"0\">helgisi\u00f0ajurt<\/span>, ekki verndargripur.<\/p>\t\t\t\t\t\t\t\t<\/div>\n\t\t\t\t<\/div>\n\t\t\t\t\t<\/div>\n\t\t\t\t<\/div>\n\t\t<div class=\"elementor-element elementor-element-iwgs-beifuss-s1 e-flex e-con-boxed e-con e-parent\" data-id=\"iwgs-beifuss-s1\" data-element_type=\"container\" data-e-type=\"container\">\n\t\t\t\t\t<div class=\"e-con-inner\">\n\t\t\t\t<div class=\"elementor-element elementor-element-iwgs-beifuss-s1h elementor-widget elementor-widget-heading\" data-id=\"iwgs-beifuss-s1h\" data-element_type=\"widget\" data-e-type=\"widget\" data-widget_type=\"heading.default\">\n\t\t\t\t\t<h2 class=\"elementor-heading-title elementor-size-default\">Uppruni og munnm\u00e6li<\/h2>\t\t\t\t<\/div>\n\t\t<div class=\"elementor-element elementor-element-iw-beifuss-s1-bw e-con-full e-flex e-con e-child\" data-id=\"iw-beifuss-s1-bw\" data-element_type=\"container\" data-e-type=\"container\">\n\t\t\t\t<div class=\"elementor-element elementor-element-iwgs-beifuss-s1t elementor-widget elementor-widget-text-editor\" data-id=\"iwgs-beifuss-s1t\" data-element_type=\"widget\" data-e-type=\"widget\" data-widget_type=\"text-editor.default\">\n\t\t\t\t\t\t\t\t\t<p>Rekja m\u00e1 <span class=\"iwg-fachbegriff\" data-tooltip=\"Yfirf\u00e6rsla \u00feekkingar og sagna milli kynsl\u00f3\u00f0a.\" tabindex=\"0\">munnm\u00e6li<\/span> um malurt sem verndarjurt \u00ed Evr\u00f3pu allt aftur til fyrri hluta mi\u00f0alda.<\/p><p>\u00cd hinni fornengilsaxnesku <em>N\u00edu jurta \u00feulunni<\/em>, sem er var\u00f0veitt \u00ed Lacnunga-handritinu fr\u00e1 10. \u00f6ld, er malurt (<em>mucgwyrt<\/em>) nefnd fyrst: \u201eMinnstu, mugwort, hva\u00f0 \u00fe\u00fa kunnger\u00f0ir, hva\u00f0 \u00fe\u00fa fastsettir \u00ed m\u00e6tti \u00fe\u00ednum mesta.\u201c \u00deulan kallar hana m\u00f3\u00f0ur allra jurta og elstu v\u00f6rn gegn \u00fereytu og illum \u00f6ndum \u00e1 fer\u00f0al\u00f6gum.<\/p>\n<p>\u00cd \u00fe\u00fdskum munnm\u00e6lum m\u00e1 rekja nafni\u00f0 beltajurt beint til verndarvenjunnar: g\u00f6ngumenn, <span class=\"iwg-fachbegriff\" data-tooltip=\"Manneskja sem fer \u00ed tr\u00faarlega hvatta fer\u00f0 til helgs sta\u00f0ar.\" tabindex=\"0\">p\u00edlagr\u00edmar<\/span> og hermenn saumu\u00f0u malurt \u00ed belti s\u00edn til a\u00f0 halda \u00fereytu fr\u00e1 s\u00e9r og verjast h\u00e6ttum vegarins.<\/p><p>\u00c1 t\u00edmum \u00feegar vegir \u00fe\u00f3ttu h\u00e6ttulegir sta\u00f0ir, \u00fear sem stigamenn og andar l\u00e1gu \u00ed leyni til jafns, tengdi \u00feessi venja l\u00edkamlega v\u00f6rn vi\u00f0 v\u00f6rn gegn \u00f3s\u00fdnilegum h\u00e6ttum.<\/p>\n<p>\u00c1 Nor\u00f0url\u00f6ndum telst malurt til mi\u00f0sumarjurta sem t\u00edndar voru \u00e1 J\u00f3nsmessun\u00f3tt og tali\u00f0 er a\u00f0 n\u00e1 mestum verndarkrafti um \u00e1ram\u00f3t. \u00cd s\u00e6nskum og norskum \u00fej\u00f3\u00f0h\u00e1ttaritum kemur h\u00fan fram sem jurt sem bundin var vi\u00f0 fj\u00f3sdyr og \u00fatidyr h\u00fasa.<\/p>\n<p>\u00cd Japan og K\u00edna er malurt \u00feekkt sem yomogi og mugwort og hefur sterkt helgisi\u00f0ahlutverk \u00ed \u00fej\u00f3\u00f0tr\u00fa. \u00cd japanskri hef\u00f0 eru malurtsskreytingar nota\u00f0ar \u00e1 Tanj\u014dsai-h\u00e1t\u00ed\u00f0inni og \u00f6\u00f0rum verndarh\u00e1t\u00ed\u00f0um. \u00cd K\u00edna eru b\u00fant af malurt og calamus hengd yfir dyr \u00e1 Duanwu (drekab\u00e1tah\u00e1t\u00ed\u00f0inni) til a\u00f0 halda illum \u00f6ndum og sj\u00fakd\u00f3madraugum fr\u00e1.<\/p>\t\t\t\t\t\t\t\t<\/div>\n\t\t\t\t<\/div>\n\t\t\t\t\t<\/div>\n\t\t\t\t<\/div>\n\t\t<div class=\"elementor-element elementor-element-iwgs-beifuss-s2 e-flex e-con-boxed e-con e-parent\" data-id=\"iwgs-beifuss-s2\" data-element_type=\"container\" data-e-type=\"container\">\n\t\t\t\t\t<div class=\"e-con-inner\">\n\t\t\t\t<div class=\"elementor-element elementor-element-iwgs-beifuss-s2h elementor-widget elementor-widget-heading\" data-id=\"iwgs-beifuss-s2h\" data-element_type=\"widget\" data-e-type=\"widget\" data-widget_type=\"heading.default\">\n\t\t\t\t\t<h2 class=\"elementor-heading-title elementor-size-default\">Virknihugmynd samkv\u00e6mt munnm\u00e6lum<\/h2>\t\t\t\t<\/div>\n\t\t<div class=\"elementor-element elementor-element-iw-beifuss-s2-bw e-con-full e-flex e-con e-child\" data-id=\"iw-beifuss-s2-bw\" data-element_type=\"container\" data-e-type=\"container\">\n\t\t\t\t<div class=\"elementor-element elementor-element-iwgs-beifuss-s2t elementor-widget elementor-widget-text-editor\" data-id=\"iwgs-beifuss-s2t\" data-element_type=\"widget\" data-e-type=\"widget\" data-widget_type=\"text-editor.default\">\n\t\t\t\t\t\t\t\t\t<p>Malurt telst \u00ed <span class=\"iwg-fachbegriff\" data-tooltip=\"Yfirf\u00e6rsla \u00feekkingar og sagna milli kynsl\u00f3\u00f0a.\" tabindex=\"0\">munnm\u00e6lum<\/span> vera jurt styrks og landamerkja. \u00deetta tvennt saman \u00fatsk\u00fdrir hi\u00f0 v\u00ed\u00f0t\u00e6ka verndarhlutverk hennar.<\/p>\n<p>Sem styrkjandi jurt er h\u00fan talin s\u00e9rstaklega gagnleg fer\u00f0am\u00f6nnum: saumu\u00f0 inn \u00ed belti e\u00f0a sk\u00f3, \u00e1 h\u00fan samkv\u00e6mt fornengilsaxneskum og \u00fe\u00fdskum heimildum a\u00f0 halda \u00fereytu og \u00f6rm\u00f6gnun fr\u00e1, en einnig a\u00f0 styrkja innri kraft bur\u00f0armanns gegn utana\u00f0komandi \u00e1s\u00f3kn. S\u00e1 sem er sterkur, samkv\u00e6mt \u00fej\u00f3\u00f0fr\u00e6\u00f0ilegri r\u00f6kv\u00edsi, ver\u00f0ur s\u00ed\u00f0ur fyrir \u00e1r\u00e1sum vera sem n\u00fdta s\u00e9r veikleika.<\/p>\n<p>Sem reykelsisjurt verkar malurt \u00ed gegnum sterkan, d\u00e1l\u00edti\u00f0 beiskan reykinn. \u00cd reykelsishef\u00f0inni telst lykt vera landamerki: \u00fea\u00f0 sem lyktar sterkt en ekki \u00fe\u00e6gilega, heldur beiskt og jar\u00f0bundi\u00f0, hrekur hi\u00f0 f\u00ednger\u00f0a og \u00f3s\u00fdnilega \u00e1 brott.<\/p><p>Malurtareykur er talinn hreinsa hla\u00f0in h\u00edb\u00fdli og fjarl\u00e6gja ska\u00f0legar fylgjur \u00far orkusvi\u00f0i sta\u00f0ar, hugmynd sem n\u00e6r fr\u00e1 evr\u00f3pskum munnm\u00e6lum til austuras\u00edskrar i\u00f0kunar.<\/p>\n<p>Notu\u00f0 vi\u00f0 \u00fer\u00f6skulda og dyr tekur malurt a\u00f0 s\u00e9r hlutverk landamerkjajurtar: eins og <a href=\"https:\/\/iwell-guard.com\/is\/?page_id=169267\">j\u00f3hannesarjurt<\/a> og <a href=\"https:\/\/iwell-guard.com\/is\/?page_id=169245\">reynivi\u00f0ur<\/a> markar h\u00fan skilin milli innan og utan sem vernda\u00f0 sv\u00e6\u00f0i.<\/p>\t\t\t\t\t\t\t\t<\/div>\n\t\t\t\t<\/div>\n\t\t\t\t\t<\/div>\n\t\t\t\t<\/div>\n\t\t<div class=\"elementor-element elementor-element-iwgs-beifuss-s3 e-flex e-con-boxed e-con e-parent\" data-id=\"iwgs-beifuss-s3\" data-element_type=\"container\" data-e-type=\"container\">\n\t\t\t\t\t<div class=\"e-con-inner\">\n\t\t\t\t<div class=\"elementor-element elementor-element-iwgs-beifuss-s3h elementor-widget elementor-widget-heading\" data-id=\"iwgs-beifuss-s3h\" data-element_type=\"widget\" data-e-type=\"widget\" data-widget_type=\"heading.default\">\n\t\t\t\t\t<h2 class=\"elementor-heading-title elementor-size-default\">\u00datbrei\u00f0sla yfir menningarheima<\/h2>\t\t\t\t<\/div>\n\t\t<div class=\"elementor-element elementor-element-iw-beifuss-s3-bw e-con-full e-flex e-con e-child\" data-id=\"iw-beifuss-s3-bw\" data-element_type=\"container\" data-e-type=\"container\">\n\t\t\t\t<div class=\"elementor-element elementor-element-iwgs-beifuss-s3t elementor-widget elementor-widget-text-editor\" data-id=\"iwgs-beifuss-s3t\" data-element_type=\"widget\" data-e-type=\"widget\" data-widget_type=\"text-editor.default\">\n\t\t\t\t\t\t\t\t\t<p>Verndar\u00e1hrif afr\u00f3nu er merkilega vel sta\u00f0fest \u00ed m\u00f6rgum menningarheimum, hverjum \u00f3h\u00e1\u00f0um \u00f6\u00f0rum.<\/p>\n<p>\u00cd <strong>Nor\u00f0vestur-Evr\u00f3pu<\/strong>, s\u00e9rstaklega \u00e1 Bretlandseyjum og \u00ed \u00de\u00fdskalandi, er afr\u00f3na skjalfest sem fer\u00f0avernd og J\u00f3nsmessujurt. Engilsaxneska N\u00edu-jurta-form\u00falan gerir hana a\u00f0 m\u00f3\u00f0ur allra verndarjurta.<\/p>\n<p>\u00cd <strong>Skandinav\u00edu<\/strong> telst h\u00fan me\u00f0al mi\u00f0sumarsjurta sem hengdar eru \u00e1 dyr.<\/p>\n<p>\u00cd <strong>Austur-Evr\u00f3pu<\/strong>, fr\u00e1 P\u00f3llandi til \u00dakra\u00ednu, er afr\u00f3na sta\u00f0fest sem reykelsisjurt og verndarjurt fyrir h\u00fas og \u00fatih\u00fas.<\/p>\n<p>\u00cd <strong>Japan<\/strong> telst yomogi heil\u00f6g verndarjurt sem \u00e1 tilteknum h\u00e1t\u00ed\u00f0um heldur \u00f3heillum fjarri og er bundin \u00e1 dyr og glugga.<\/p>\n<p>\u00cd <strong>K\u00edna<\/strong> er afr\u00f3na, k\u00f6llu\u00f0 A\u00ec (<em>\u827e<\/em>), a\u00f0aljurtin \u00ed verndarknippum drekab\u00e1tsh\u00e1t\u00ed\u00f0arins, oft bundin saman vi\u00f0 sver\u00f0laga kalmus og hengd yfir dyr.<\/p>\t\t\t\t\t\t\t\t<\/div>\n\t\t\t\t<\/div>\n\t\t\t\t\t<\/div>\n\t\t\t\t<\/div>\n\t\t<div class=\"elementor-element elementor-element-iwgs-beifuss-s4 e-flex e-con-boxed e-con e-parent\" data-id=\"iwgs-beifuss-s4\" data-element_type=\"container\" data-e-type=\"container\">\n\t\t\t\t\t<div class=\"e-con-inner\">\n\t\t\t\t<div class=\"elementor-element elementor-element-iwgs-beifuss-s4h elementor-widget elementor-widget-heading\" data-id=\"iwgs-beifuss-s4h\" data-element_type=\"widget\" data-e-type=\"widget\" data-widget_type=\"heading.default\">\n\t\t\t\t\t<h2 class=\"elementor-heading-title elementor-size-default\">Gegn hverju hann er nota\u00f0ur<\/h2>\t\t\t\t<\/div>\n\t\t<div class=\"elementor-element elementor-element-iw-beifuss-s4-bw e-con-full e-flex e-con e-child\" data-id=\"iw-beifuss-s4-bw\" data-element_type=\"container\" data-e-type=\"container\">\n\t\t\t\t<div class=\"elementor-element elementor-element-iwgs-beifuss-s4t elementor-widget elementor-widget-text-editor\" data-id=\"iwgs-beifuss-s4t\" data-element_type=\"widget\" data-e-type=\"widget\" data-widget_type=\"text-editor.default\">\n\t\t\t\t\t\t\t\t\t<p>Samkv\u00e6mt munnm\u00e6lum verndar afr\u00f3na a\u00f0allega gegn:<\/p>\n<p>Gegn <strong>\u00f6rm\u00f6gnun og yfirn\u00e1tt\u00farulegum ors\u00f6kum hennar<\/strong>: \u00cd munnm\u00e6lum sem l\u00fdsa \u00f6rm\u00f6gnun sem verki v\u00e6tta er sj\u00faga kraft \u00far fer\u00f0am\u00f6nnum, telst afr\u00f3na vera bein m\u00f3tv\u00f6rn.<\/p>\n<p>Gegn <strong>almennum illum \u00e1hrifum vi\u00f0 \u00fer\u00f6skulda<\/strong>: Bundin sem \u00fer\u00f6skuldajurt vi\u00f0 dyr og glugga heldur afr\u00f3na ska\u00f0legum v\u00e6ttum almennt fjarri, \u00e1n \u00feess a\u00f0 vera s\u00e9rh\u00e6f\u00f0 gegn einni tegund v\u00e6ttar.<\/p>\n<p>Gegn <strong>sj\u00fakd\u00f3msv\u00e6ttum og illum \u00f6ndum \u00e1 \u00e1ram\u00f3taskiptum<\/strong>: S\u00e9rstaklega \u00ed austuras\u00edskri <span class=\"iwg-fachbegriff\" data-tooltip=\"Mi\u00f0lun \u00feekkingar og sagna milli kynsl\u00f3\u00f0a.\" tabindex=\"0\">munnm\u00e6lahef\u00f0<\/span>, en einnig \u00ed evr\u00f3pskum J\u00f3nsmessusi\u00f0um, \u00fej\u00f3nar afr\u00f3na sem v\u00f6rn \u00e1 h\u00e6ttulegum umbreytingarstundum \u00e1rsins.<\/p>\n<p>Gegn <strong>hl\u00f6\u00f0num vistarverum og \u00e1festingum<\/strong>: Sem reykelsisjurt telst afr\u00f3na geta losa\u00f0 og hraki\u00f0 burt \u00fea\u00f0 sem sest hefur a\u00f0 \u00ed vistarveru eftir sj\u00fakd\u00f3m, deilur e\u00f0a \u00f3sk\u00fdra byr\u00f0i.<\/p>\t\t\t\t\t\t\t\t<\/div>\n\t\t\t\t<\/div>\n\t\t\t\t\t<\/div>\n\t\t\t\t<\/div>\n\t\t<div class=\"elementor-element elementor-element-iwgs-beifuss-s5 e-flex e-con-boxed e-con e-parent\" data-id=\"iwgs-beifuss-s5\" data-element_type=\"container\" data-e-type=\"container\">\n\t\t\t\t\t<div class=\"e-con-inner\">\n\t\t\t\t<div class=\"elementor-element elementor-element-iwgs-beifuss-s5h elementor-widget elementor-widget-heading\" data-id=\"iwgs-beifuss-s5h\" data-element_type=\"widget\" data-e-type=\"widget\" data-widget_type=\"heading.default\">\n\t\t\t\t\t<h2 class=\"elementor-heading-title elementor-size-default\">Notkun og takmarkanir<\/h2>\t\t\t\t<\/div>\n\t\t<div class=\"elementor-element elementor-element-iw-beifuss-s5-bw e-con-full e-flex e-con e-child\" data-id=\"iw-beifuss-s5-bw\" data-element_type=\"container\" data-e-type=\"container\">\n\t\t\t\t<div class=\"elementor-element elementor-element-iwgs-beifuss-s5t elementor-widget elementor-widget-text-editor\" data-id=\"iwgs-beifuss-s5t\" data-element_type=\"widget\" data-e-type=\"widget\" data-widget_type=\"text-editor.default\">\n\t\t\t\t\t\t\t\t\t<p>Fyrir fer\u00f0avernd er afr\u00f3na saumu\u00f0 inn \u00ed belti e\u00f0a sk\u00f3. Fyrir \u00fer\u00f6skuldavernd eru \u00feurrku\u00f0 knippi hengd yfir dyr og glugga e\u00f0a klemmd \u00ed dyrakarma. Sem reykelsisjurt er \u00feurrku\u00f0 afr\u00f3na brennd \u00e1 gl\u00f3andi kolum e\u00f0a beint sem knippi; reykurinn fyllir vistarveruna og \u00e1 a\u00f0 hreinsa hana.<\/p>\n<p><span class=\"iwg-fachbegriff\" data-tooltip=\"Mi\u00f0lun \u00feekkingar og sagna milli kynsl\u00f3\u00f0a.\" tabindex=\"0\">Munnm\u00e6lahef\u00f0in<\/span> m\u00e6lir me\u00f0 J\u00f3nsmessu e\u00f0a mi\u00f0sumarn\u00f3ttu sem s\u00f6fnunart\u00edma, en \u00fe\u00e1 er tali\u00f0 a\u00f0 jurtin hafi mestan kraft. Afr\u00f3na sem safna\u00f0 er utan \u00feess t\u00edma telst \u00ed strangri t\u00falkun veikari, en er \u00ed reynd notu\u00f0 allt \u00e1ri\u00f0.<\/p>\n<p>Verndar\u00e1hrif reykelsisbrennslu eru talin t\u00edmabundin: Eftir a\u00f0 vistarvera hefur veri\u00f0 reykelsisl\u00f6g\u00f0 er m\u00e6lt me\u00f0 reglulegri endurtekningu ef byr\u00f0in varir \u00e1fram.<\/p>\n<p>Engar l\u00e6knisfr\u00e6\u00f0ilegar verkunarfullyr\u00f0ingar fylgja \u00feessari <span class=\"iwg-fachbegriff\" data-tooltip=\"Mi\u00f0lun \u00feekkingar og sagna milli kynsl\u00f3\u00f0a.\" tabindex=\"0\">munnm\u00e6lahef\u00f0<\/span>.<\/p>\t\t\t\t\t\t\t\t<\/div>\n\t\t\t\t<\/div>\n\t\t\t\t\t<\/div>\n\t\t\t\t<\/div>\n\t\t<div class=\"elementor-element elementor-element-iwgs-beifuss-lit e-flex e-con-boxed e-con e-parent\" data-id=\"iwgs-beifuss-lit\" data-element_type=\"container\" data-e-type=\"container\">\n\t\t\t\t\t<div class=\"e-con-inner\">\n\t\t\t\t<div class=\"elementor-element elementor-element-iwgs-beifuss-lith elementor-widget elementor-widget-heading\" data-id=\"iwgs-beifuss-lith\" data-element_type=\"widget\" data-e-type=\"widget\" data-widget_type=\"heading.default\">\n\t\t\t\t\t<h2 class=\"elementor-heading-title elementor-size-default\">Heimildir (\u00farval)<\/h2>\t\t\t\t<\/div>\n\t\t<div class=\"elementor-element elementor-element-iw-beifuss-lit-bw e-con-full e-flex e-con e-child\" data-id=\"iw-beifuss-lit-bw\" data-element_type=\"container\" data-e-type=\"container\">\n\t\t\t\t<div class=\"elementor-element elementor-element-iwgs-beifuss-litt elementor-widget elementor-widget-html\" data-id=\"iwgs-beifuss-litt\" data-element_type=\"widget\" data-e-type=\"widget\" data-widget_type=\"html.default\">\n\t\t\t\t\t<footer data-nosnippet=\"true\"><ul><li>Handw\u00f6rterbuch des deutschen Aberglaubens. Hrsg. von Hanns B\u00e4chtold-St\u00e4ubli und Eduard Hoffmann-Krayer. Berlin \/ Leipzig 1927-1942. Grein \u201eBeifu\u00df\u201c.<\/li><li>Lacnunga (N\u00edu-jurta-bannform\u00fala). Engilsaxneskt handrit, 10. \u00f6ld. \u00datg. og \u00fe\u00fdtt af Edward Pettit, Cambridge 2001.<\/li><li>Marzell, Heinrich: W\u00f6rterbuch der deutschen Pflanzennamen. Leipzig 1943-1979.<\/li><li>Wolfram Eberhard: A Dictionary of Chinese Symbols. London 1986.<\/li><li>Jacob Grimm: Deutsche Mythologie. 4. Auflage, Berlin 1875-1878.<\/li><\/ul><\/footer>\t\t\t\t<\/div>\n\t\t\t\t<\/div>\n\t\t\t\t\t<\/div>\n\t\t\t\t<\/div>\n\t\t<div class=\"elementor-element elementor-element-iwgs-beifuss-kwd e-flex e-con-boxed e-con e-parent\" data-id=\"iwgs-beifuss-kwd\" data-element_type=\"container\" data-e-type=\"container\">\n\t\t\t\t\t<div class=\"e-con-inner\">\n\t\t<div class=\"elementor-element elementor-element-iw-beifuss-kwd-bw e-con-full e-flex e-con e-child\" data-id=\"iw-beifuss-kwd-bw\" data-element_type=\"container\" data-e-type=\"container\">\n\t\t\t\t<div class=\"elementor-element elementor-element-iwgs-beifuss-kwdt elementor-widget elementor-widget-text-editor\" data-id=\"iwgs-beifuss-kwdt\" data-element_type=\"widget\" data-e-type=\"widget\" data-widget_type=\"text-editor.default\">\n\t\t\t\t\t\t\t\t\t<p><em>Tengd leitaror\u00f0: afr\u00f3na v\u00f6rn reykelsi beltajurt mugwort.<\/em><\/p>\t\t\t\t\t\t\t\t<\/div>\n\t\t\t\t<\/div>\n\t\t\t\t\t<\/div>\n\t\t\t\t<\/div>\n\t\t<div class=\"elementor-element elementor-element-iwgs-beifuss-cc e-flex e-con-boxed e-con e-parent\" data-id=\"iwgs-beifuss-cc\" data-element_type=\"container\" data-e-type=\"container\" id=\"iwg-cc-beifuss\">\n\t\t\t\t\t<div class=\"e-con-inner\">\n\t\t<div class=\"elementor-element elementor-element-iwgs-beifuss-ccinner e-flex e-con-boxed e-con e-parent\" data-id=\"iwgs-beifuss-ccinner\" data-element_type=\"container\" data-e-type=\"container\" data-settings=\"{&quot;background_background&quot;:&quot;classic&quot;}\">\n\t\t\t\t\t<div class=\"e-con-inner\">\n\t\t\t\t<div class=\"elementor-element elementor-element-iwgs-beifuss-cch elementor-widget elementor-widget-heading\" data-id=\"iwgs-beifuss-cch\" data-element_type=\"widget\" data-e-type=\"widget\" data-widget_type=\"heading.default\">\n\t\t\t\t\t<h2 class=\"elementor-heading-title elementor-size-default\">iWell Guard og verndarhef\u00f0ir<\/h2>\t\t\t\t<\/div>\n\t\t\t\t<div class=\"elementor-element elementor-element-iwgs-beifuss-cct elementor-widget elementor-widget-text-editor\" data-id=\"iwgs-beifuss-cct\" data-element_type=\"widget\" data-e-type=\"widget\" data-widget_type=\"text-editor.default\">\n\t\t\t\t\t\t\t\t\t<p>Afr\u00f3na s\u00fdnir a\u00f0 v\u00f6rn \u00ed <span class=\"iwg-fachbegriff\" data-tooltip=\"Mi\u00f0lun \u00feekkingar og sagna milli kynsl\u00f3\u00f0a.\" tabindex=\"0\">munnm\u00e6lahef\u00f0<\/span> beinist ekki alltaf a\u00f0 \u00e1kve\u00f0inni h\u00e6ttu, heldur a\u00f0 \u00fev\u00ed a\u00f0 styrkja einstaklinginn e\u00f0a sta\u00f0inn. \u00deessi hugmynd, a\u00f0 bera fyrirbyggjandi v\u00f6rn sem eflir vi\u00f0n\u00e1ms\u00fer\u00f3tt, \u00e1 s\u00e9r samsv\u00f6run \u00ed hugmyndinni um <a href=\"https:\/\/iwell-guard.com\/is\/verndargripur-iwell-guard-kaupa\/\">iWell Guard<\/a>, verndargrip sem s\u00e6kir \u00ed \u00fdmsa \u00fer\u00e6\u00f0i mannlegrar verndarhef\u00f0ar.<\/p>\t\t\t\t\t\t\t\t<\/div>\n\t\t\t\t<div class=\"elementor-element elementor-element-iwgs-beifuss-ccb iwg-cc-button iwg-cc-cta-2026-05-13 elementor-widget elementor-widget-jet-button\" data-id=\"iwgs-beifuss-ccb\" data-element_type=\"widget\" data-e-type=\"widget\" data-widget_type=\"jet-button.default\">\n\t\t\t\t<div class=\"elementor-widget-container\">\n\t\t\t\t\t<div class=\"elementor-jet-button jet-elements\"><div class=\"jet-button__container\"><a class=\"jet-button__instance jet-button__instance--icon-left hover-effect-1\" href=\"\/schutzanhaenger-iwell-guard-kaufen\/?utm_source=iwell-guard.com&amp;utm_medium=info-box&amp;utm_campaign=schutzsymbole\"><div class=\"jet-button__plane jet-button__plane-normal\"><\/div><div class=\"jet-button__plane jet-button__plane-hover\"><\/div><div class=\"jet-button__state jet-button__state-normal\"><span class=\"jet-button__label\">Meira um iWell Guard<\/span><\/div><div class=\"jet-button__state jet-button__state-hover\"><span class=\"jet-button__label\">Meira um iWell Guard<\/span><\/div><\/a><\/div><\/div><style>.elementor-element.elementor-element-iwgs-beifuss-ccb .jet-button__instance{width:320px;height:56px;}.elementor-element.elementor-element-iwgs-beifuss-ccb .jet-button__state-normal .jet-button__label{text-align:center;margin:0px 0px 0px 0px;color:#1a1b20;font-family:Montserrat,sans-serif;font-size:13px;font-weight:400;letter-spacing:4px;line-height:1.714em;text-transform:uppercase;}.elementor-element.elementor-element-iwgs-beifuss-ccb .jet-button__state-hover .jet-button__label{text-align:center;margin:0px 0px 0px 0px;color:#FECC76;font-family:Montserrat,sans-serif;font-size:13px;font-weight:400;letter-spacing:4px;line-height:1.714em;text-transform:uppercase;}.elementor-element.elementor-element-iwgs-beifuss-ccb .jet-button__plane-normal{background-color:#FECC76;border-style:solid;border-color:#C99540;border-width:2px 2px 2px 2px;}.elementor-element.elementor-element-iwgs-beifuss-ccb .jet-button__plane-hover{background-color:rgba(0,0,0,0.55);border-style:solid;border-color:#FECC76;border-width:2px 2px 2px 2px;}<\/style>\t\t\t\t<\/div>\n\t\t\t\t<\/div>\n\t\t\t\t<div class=\"elementor-element elementor-element-iwgs-beifuss-ccd elementor-widget elementor-widget-text-editor\" data-id=\"iwgs-beifuss-ccd\" data-element_type=\"widget\" data-e-type=\"widget\" data-widget_type=\"text-editor.default\">\n\t\t\t\t\t\t\t\t\t<p style=\"text-align:center;font-size:13px;opacity:0.7;margin-top:14px\" data-nosnippet=\"true\">Pers\u00f3nuleg reynsla getur veri\u00f0 mismunandi. Ekki l\u00e6kningat\u00e6ki. Engin lofor\u00f0 um l\u00e6kningu.<\/p>\t\t\t\t\t\t\t\t<\/div>\n\t\t\t\t\t<\/div>\n\t\t\t\t<\/div>\n\t\t\t\t\t<\/div>\n\t\t\t\t<\/div>\n\t\t<div class=\"elementor-element elementor-element-iwgs-beifuss-disc e-flex e-con-boxed e-con e-parent\" data-id=\"iwgs-beifuss-disc\" data-element_type=\"container\" data-e-type=\"container\">\n\t\t\t\t\t<div class=\"e-con-inner\">\n\t\t<div class=\"elementor-element elementor-element-iw-beifuss-disc-bw e-con-full e-flex e-con e-child\" data-id=\"iw-beifuss-disc-bw\" data-element_type=\"container\" data-e-type=\"container\">\n\t\t\t\t<div class=\"elementor-element elementor-element-iwgs-beifuss-discw elementor-widget elementor-widget-html\" data-id=\"iwgs-beifuss-discw\" data-element_type=\"widget\" data-e-type=\"widget\" data-widget_type=\"html.default\">\n\t\t\t\t\t<footer data-nosnippet=\"true\" class=\"iwg-disclaimer-block\"><p data-nosnippet=\"true\">iWell Guard er <strong>ekki l\u00e6kningat\u00e6ki<\/strong> og kemur ekki \u00ed sta\u00f0 l\u00e6knis- e\u00f0a s\u00e1lfr\u00e6\u00f0ime\u00f0fer\u00f0ar. Innihaldi\u00f0 sem h\u00e9r er sett fram er tr\u00faarbrag\u00f0afr\u00e6\u00f0ileg og menningars\u00f6gulega greining, ekki lofor\u00f0 um andlega virkni.<\/p><\/footer>\t\t\t\t<\/div>\n\t\t\t\t<\/div>\n\t\t\t\t\t<\/div>\n\t\t\t\t<\/div>\n\t\t\t\t<\/div>\n\t\t","protected":false},"excerpt":{"rendered":"","protected":false},"author":3,"featured_media":4104,"parent":0,"menu_order":0,"comment_status":"closed","ping_status":"closed","template":"elementor_header_footer","meta":{"_yoast_wpseo_focuskw":"malurt vernd","_yoast_wpseo_title":"Malurt - verndargras og reykelsisjurt","_yoast_wpseo_metadesc":"Malurt er \u00ed munnm\u00e6lum talin fer\u00f0avernd, reykelsisjurt og \u00fer\u00f6skuldarv\u00f6rn. Uppruni, verkunarm\u00e1ti og \u00fatbrei\u00f0sla milli menningarheima.","_yoast_wpseo_meta-robots-noindex":"","_yoast_wpseo_canonical":"","_angie_page":false,"gefaehrdungsstufe":"","wesen_kultur":"","wesen_klasse":"","footnotes":""},"categories":[],"class_list":["post-169262","page","type-page","status-publish","has-post-thumbnail","hentry"],"yoast_head":"<!-- This site is optimized with the Yoast SEO Premium plugin v27.7 (Yoast SEO v28.3) - https:\/\/yoast.com\/product\/yoast-seo-premium-wordpress\/ -->\n<title>Malurt - verndargras og reykelsisjurt<\/title>\n<meta name=\"description\" content=\"Malurt er \u00ed munnm\u00e6lum talin fer\u00f0avernd, reykelsisjurt og \u00fer\u00f6skuldarv\u00f6rn. Uppruni, verkunarm\u00e1ti og \u00fatbrei\u00f0sla milli menningarheima.\" \/>\n<meta name=\"robots\" content=\"index, follow, max-snippet:-1, max-image-preview:large, max-video-preview:-1\" \/>\n<link rel=\"canonical\" href=\"https:\/\/iwell-guard.com\/is\/malurt-beifuss\/\" \/>\n<meta property=\"og:locale\" content=\"is_IS\" \/>\n<meta property=\"og:type\" content=\"article\" \/>\n<meta property=\"og:title\" content=\"Malurt\" \/>\n<meta property=\"og:description\" content=\"Malurt er \u00ed munnm\u00e6lum talin fer\u00f0avernd, reykelsisjurt og \u00fer\u00f6skuldarv\u00f6rn. Uppruni, verkunarm\u00e1ti og \u00fatbrei\u00f0sla milli menningarheima.\" \/>\n<meta property=\"og:url\" content=\"https:\/\/iwell-guard.com\/is\/malurt-beifuss\/\" \/>\n<meta property=\"og:site_name\" content=\"iWell Guard\" \/>\n<meta property=\"article:modified_time\" content=\"2026-09-05T14:36:26+00:00\" \/>\n<meta property=\"og:image\" content=\"https:\/\/iwell-guard.com\/wp-content\/uploads\/2026\/05\/schutzsymbol_germanisch_beifuss.png\" \/>\n\t<meta property=\"og:image:width\" content=\"1024\" \/>\n\t<meta property=\"og:image:height\" content=\"1536\" \/>\n\t<meta property=\"og:image:type\" content=\"image\/png\" \/>\n<meta name=\"twitter:card\" content=\"summary_large_image\" \/>\n<script type=\"application\/ld+json\" class=\"yoast-schema-graph\">{\"@context\":\"https:\\\/\\\/schema.org\",\"@graph\":[{\"@type\":\"WebPage\",\"@id\":\"https:\\\/\\\/iwell-guard.com\\\/is\\\/malurt-beifuss\\\/\",\"url\":\"https:\\\/\\\/iwell-guard.com\\\/is\\\/malurt-beifuss\\\/\",\"name\":\"Malurt - verndargras og reykelsisjurt\",\"isPartOf\":{\"@id\":\"https:\\\/\\\/iwell-guard.com\\\/is\\\/#website\"},\"primaryImageOfPage\":{\"@id\":\"https:\\\/\\\/iwell-guard.com\\\/is\\\/malurt-beifuss\\\/#primaryimage\"},\"image\":{\"@id\":\"https:\\\/\\\/iwell-guard.com\\\/is\\\/malurt-beifuss\\\/#primaryimage\"},\"thumbnailUrl\":\"https:\\\/\\\/iwell-guard.com\\\/wp-content\\\/uploads\\\/2026\\\/05\\\/schutzsymbol_germanisch_beifuss.png\",\"datePublished\":\"2026-09-05T14:06:56+00:00\",\"dateModified\":\"2026-09-05T14:36:26+00:00\",\"description\":\"Malurt er \u00ed munnm\u00e6lum talin fer\u00f0avernd, reykelsisjurt og \u00fer\u00f6skuldarv\u00f6rn. Uppruni, verkunarm\u00e1ti og \u00fatbrei\u00f0sla milli menningarheima.\",\"breadcrumb\":{\"@id\":\"https:\\\/\\\/iwell-guard.com\\\/is\\\/malurt-beifuss\\\/#breadcrumb\"},\"inLanguage\":\"is\",\"potentialAction\":[{\"@type\":\"ReadAction\",\"target\":[\"https:\\\/\\\/iwell-guard.com\\\/is\\\/malurt-beifuss\\\/\"]}]},{\"@type\":\"ImageObject\",\"inLanguage\":\"is\",\"@id\":\"https:\\\/\\\/iwell-guard.com\\\/is\\\/malurt-beifuss\\\/#primaryimage\",\"url\":\"https:\\\/\\\/iwell-guard.com\\\/wp-content\\\/uploads\\\/2026\\\/05\\\/schutzsymbol_germanisch_beifuss.png\",\"contentUrl\":\"https:\\\/\\\/iwell-guard.com\\\/wp-content\\\/uploads\\\/2026\\\/05\\\/schutzsymbol_germanisch_beifuss.png\",\"width\":1024,\"height\":1536,\"caption\":\"Malurt \u2013 verndargrasi gegn illum \u00e1hrifum, s\u00f6guleg-myndskreytandi framsetning\"},{\"@type\":\"BreadcrumbList\",\"@id\":\"https:\\\/\\\/iwell-guard.com\\\/is\\\/malurt-beifuss\\\/#breadcrumb\",\"itemListElement\":[{\"@type\":\"ListItem\",\"position\":1,\"name\":\"Start\",\"item\":\"https:\\\/\\\/iwell-guard.com\\\/is\\\/?page_id=168580\"},{\"@type\":\"ListItem\",\"position\":2,\"name\":\"Malurt\"}]},{\"@type\":\"WebSite\",\"@id\":\"https:\\\/\\\/iwell-guard.com\\\/is\\\/#website\",\"url\":\"https:\\\/\\\/iwell-guard.com\\\/is\\\/\",\"name\":\"iWell Guard\",\"description\":\"Schutz vor dunklen Einfl\u00fcssen\",\"publisher\":{\"@id\":\"https:\\\/\\\/iwell-guard.com\\\/is\\\/#organization\"},\"potentialAction\":[{\"@type\":\"SearchAction\",\"target\":{\"@type\":\"EntryPoint\",\"urlTemplate\":\"https:\\\/\\\/iwell-guard.com\\\/is\\\/?s={search_term_string}\"},\"query-input\":{\"@type\":\"PropertyValueSpecification\",\"valueRequired\":true,\"valueName\":\"search_term_string\"}}],\"inLanguage\":\"is\"},{\"@type\":\"Organization\",\"@id\":\"https:\\\/\\\/iwell-guard.com\\\/is\\\/#organization\",\"name\":\"Ittermann electronic GmbH\",\"url\":\"https:\\\/\\\/iwell-guard.com\\\/is\\\/\",\"logo\":{\"@type\":\"ImageObject\",\"inLanguage\":\"is\",\"@id\":\"https:\\\/\\\/iwell-guard.com\\\/is\\\/#\\\/schema\\\/logo\\\/image\\\/\",\"url\":\"https:\\\/\\\/iwell-guard.com\\\/wp-content\\\/uploads\\\/2026\\\/05\\\/Ittermann-Logo-1182x237-1.png\",\"contentUrl\":\"https:\\\/\\\/iwell-guard.com\\\/wp-content\\\/uploads\\\/2026\\\/05\\\/Ittermann-Logo-1182x237-1.png\",\"width\":1182,\"height\":237,\"caption\":\"Ittermann electronic GmbH\"},\"image\":{\"@id\":\"https:\\\/\\\/iwell-guard.com\\\/is\\\/#\\\/schema\\\/logo\\\/image\\\/\"},\"sameAs\":[\"https:\\\/\\\/pantip.com\\\/profile\\\/9367242\",\"https:\\\/\\\/micro.blog\\\/iwellguard\",\"https:\\\/\\\/www.diggerslist.com\\\/iwellguard\\\/about\",\"https:\\\/\\\/skitterphoto.com\\\/photographers\\\/2870314\\\/iwell-guard\",\"https:\\\/\\\/iwellguard.wordpress.com\\\/2026\\\/06\\\/06\\\/iwell-guard\\\/\",\"https:\\\/\\\/hub.docker.com\\\/u\\\/iwellguard\",\"https:\\\/\\\/www.pinterest.com\\\/iwellguard\\\/\",\"https:\\\/\\\/bit.ly\\\/m\\\/iwellguard\",\"https:\\\/\\\/entre-vos-mains.alsace.eu\\\/profiles\\\/iwellguard\\\/activity\",\"https:\\\/\\\/gravatar.com\\\/reallybeded8fd34\",\"https:\\\/\\\/naijamatta.com\\\/iwellguard\",\"https:\\\/\\\/www.goodreads.com\\\/iwellguard\",\"https:\\\/\\\/profile.hatena.ne.jp\\\/iwellguard\\\/\",\"https:\\\/\\\/experiment.com\\\/users\\\/iwellguard\",\"https:\\\/\\\/wakelet.com\\\/@iWellGuard82270\",\"https:\\\/\\\/www.chordie.com\\\/forum\\\/profile.php?id=2555664\",\"https:\\\/\\\/www.instapaper.com\\\/p\\\/17757966\",\"https:\\\/\\\/www.mapleprimes.com\\\/users\\\/iwellguard\",\"https:\\\/\\\/businesslistingplus.com\\\/profile\\\/iwell-guard\\\/\",\"https:\\\/\\\/telegra.ph\\\/iWell-Guard-06-06\",\"https:\\\/\\\/pbase.com\\\/iwellguard\\\/iwellguard\",\"https:\\\/\\\/b.hatena.ne.jp\\\/iwellguard\\\/20260607#bookmark-4788405196491818882\",\"https:\\\/\\\/fliphtml5.com\\\/home\\\/iwellguard\",\"https:\\\/\\\/anyflip.com\\\/homepage\\\/cmiwl#About\",\"https:\\\/\\\/transfur.com\\\/Users\\\/iwellguard\",\"http:\\\/\\\/delphi.larsbo.org\\\/user\\\/iwellguard\",\"https:\\\/\\\/jobs.lajobsportal.org\\\/profiles\\\/8380803-iwell-guard\",\"https:\\\/\\\/md.chaosdorf.de\\\/s\\\/jfbe5SBdJD\",\"https:\\\/\\\/www.lingvolive.com\\\/en-us\\\/profile\\\/9ecaeaca-ce11-4e51-9e71-01d55e2bff36\\\/translations\",\"https:\\\/\\\/www.fitday.com\\\/fitness\\\/forums\\\/members\\\/iwellguard.html\",\"https:\\\/\\\/www.mymeetbook.com\\\/iwellguard\",\"https:\\\/\\\/pxhere.com\\\/en\\\/photographer-me\\\/5040798\",\"https:\\\/\\\/disqus.com\\\/by\\\/iwellguard\\\/about\\\/\",\"https:\\\/\\\/pastelink.net\\\/hjwciqwq\",\"https:\\\/\\\/pubhtml5.com\\\/homepage\\\/scjhn\\\/\",\"https:\\\/\\\/www.bitchute.com\\\/channel\\\/2O2eOKzNqujT\",\"https:\\\/\\\/audiomack.com\\\/iwellguard\"]}]}<\/script>\n<!-- \/ Yoast SEO Premium plugin. -->","yoast_head_json":{"title":"Malurt - verndargras og reykelsisjurt","description":"Malurt er \u00ed munnm\u00e6lum talin fer\u00f0avernd, reykelsisjurt og \u00fer\u00f6skuldarv\u00f6rn. Uppruni, verkunarm\u00e1ti og \u00fatbrei\u00f0sla milli menningarheima.","robots":{"index":"index","follow":"follow","max-snippet":"max-snippet:-1","max-image-preview":"max-image-preview:large","max-video-preview":"max-video-preview:-1"},"canonical":"https:\/\/iwell-guard.com\/is\/malurt-beifuss\/","og_locale":"is_IS","og_type":"article","og_title":"Malurt","og_description":"Malurt er \u00ed munnm\u00e6lum talin fer\u00f0avernd, reykelsisjurt og \u00fer\u00f6skuldarv\u00f6rn. Uppruni, verkunarm\u00e1ti og \u00fatbrei\u00f0sla milli menningarheima.","og_url":"https:\/\/iwell-guard.com\/is\/malurt-beifuss\/","og_site_name":"iWell Guard","article_modified_time":"2026-09-05T14:36:26+00:00","og_image":[{"width":1024,"height":1536,"url":"https:\/\/iwell-guard.com\/wp-content\/uploads\/2026\/05\/schutzsymbol_germanisch_beifuss.png","type":"image\/png"}],"twitter_card":"summary_large_image","schema":{"@context":"https:\/\/schema.org","@graph":[{"@type":"WebPage","@id":"https:\/\/iwell-guard.com\/is\/malurt-beifuss\/","url":"https:\/\/iwell-guard.com\/is\/malurt-beifuss\/","name":"Malurt - verndargras og reykelsisjurt","isPartOf":{"@id":"https:\/\/iwell-guard.com\/is\/#website"},"primaryImageOfPage":{"@id":"https:\/\/iwell-guard.com\/is\/malurt-beifuss\/#primaryimage"},"image":{"@id":"https:\/\/iwell-guard.com\/is\/malurt-beifuss\/#primaryimage"},"thumbnailUrl":"https:\/\/iwell-guard.com\/wp-content\/uploads\/2026\/05\/schutzsymbol_germanisch_beifuss.png","datePublished":"2026-09-05T14:06:56+00:00","dateModified":"2026-09-05T14:36:26+00:00","description":"Malurt er \u00ed munnm\u00e6lum talin fer\u00f0avernd, reykelsisjurt og \u00fer\u00f6skuldarv\u00f6rn. Uppruni, verkunarm\u00e1ti og \u00fatbrei\u00f0sla milli menningarheima.","breadcrumb":{"@id":"https:\/\/iwell-guard.com\/is\/malurt-beifuss\/#breadcrumb"},"inLanguage":"is","potentialAction":[{"@type":"ReadAction","target":["https:\/\/iwell-guard.com\/is\/malurt-beifuss\/"]}]},{"@type":"ImageObject","inLanguage":"is","@id":"https:\/\/iwell-guard.com\/is\/malurt-beifuss\/#primaryimage","url":"https:\/\/iwell-guard.com\/wp-content\/uploads\/2026\/05\/schutzsymbol_germanisch_beifuss.png","contentUrl":"https:\/\/iwell-guard.com\/wp-content\/uploads\/2026\/05\/schutzsymbol_germanisch_beifuss.png","width":1024,"height":1536,"caption":"Malurt \u2013 verndargrasi gegn illum \u00e1hrifum, s\u00f6guleg-myndskreytandi framsetning"},{"@type":"BreadcrumbList","@id":"https:\/\/iwell-guard.com\/is\/malurt-beifuss\/#breadcrumb","itemListElement":[{"@type":"ListItem","position":1,"name":"Start","item":"https:\/\/iwell-guard.com\/is\/?page_id=168580"},{"@type":"ListItem","position":2,"name":"Malurt"}]},{"@type":"WebSite","@id":"https:\/\/iwell-guard.com\/is\/#website","url":"https:\/\/iwell-guard.com\/is\/","name":"iWell Guard","description":"Schutz vor dunklen Einfl\u00fcssen","publisher":{"@id":"https:\/\/iwell-guard.com\/is\/#organization"},"potentialAction":[{"@type":"SearchAction","target":{"@type":"EntryPoint","urlTemplate":"https:\/\/iwell-guard.com\/is\/?s={search_term_string}"},"query-input":{"@type":"PropertyValueSpecification","valueRequired":true,"valueName":"search_term_string"}}],"inLanguage":"is"},{"@type":"Organization","@id":"https:\/\/iwell-guard.com\/is\/#organization","name":"Ittermann electronic GmbH","url":"https:\/\/iwell-guard.com\/is\/","logo":{"@type":"ImageObject","inLanguage":"is","@id":"https:\/\/iwell-guard.com\/is\/#\/schema\/logo\/image\/","url":"https:\/\/iwell-guard.com\/wp-content\/uploads\/2026\/05\/Ittermann-Logo-1182x237-1.png","contentUrl":"https:\/\/iwell-guard.com\/wp-content\/uploads\/2026\/05\/Ittermann-Logo-1182x237-1.png","width":1182,"height":237,"caption":"Ittermann electronic GmbH"},"image":{"@id":"https:\/\/iwell-guard.com\/is\/#\/schema\/logo\/image\/"},"sameAs":["https:\/\/pantip.com\/profile\/9367242","https:\/\/micro.blog\/iwellguard","https:\/\/www.diggerslist.com\/iwellguard\/about","https:\/\/skitterphoto.com\/photographers\/2870314\/iwell-guard","https:\/\/iwellguard.wordpress.com\/2026\/06\/06\/iwell-guard\/","https:\/\/hub.docker.com\/u\/iwellguard","https:\/\/www.pinterest.com\/iwellguard\/","https:\/\/bit.ly\/m\/iwellguard","https:\/\/entre-vos-mains.alsace.eu\/profiles\/iwellguard\/activity","https:\/\/gravatar.com\/reallybeded8fd34","https:\/\/naijamatta.com\/iwellguard","https:\/\/www.goodreads.com\/iwellguard","https:\/\/profile.hatena.ne.jp\/iwellguard\/","https:\/\/experiment.com\/users\/iwellguard","https:\/\/wakelet.com\/@iWellGuard82270","https:\/\/www.chordie.com\/forum\/profile.php?id=2555664","https:\/\/www.instapaper.com\/p\/17757966","https:\/\/www.mapleprimes.com\/users\/iwellguard","https:\/\/businesslistingplus.com\/profile\/iwell-guard\/","https:\/\/telegra.ph\/iWell-Guard-06-06","https:\/\/pbase.com\/iwellguard\/iwellguard","https:\/\/b.hatena.ne.jp\/iwellguard\/20260607#bookmark-4788405196491818882","https:\/\/fliphtml5.com\/home\/iwellguard","https:\/\/anyflip.com\/homepage\/cmiwl#About","https:\/\/transfur.com\/Users\/iwellguard","http:\/\/delphi.larsbo.org\/user\/iwellguard","https:\/\/jobs.lajobsportal.org\/profiles\/8380803-iwell-guard","https:\/\/md.chaosdorf.de\/s\/jfbe5SBdJD","https:\/\/www.lingvolive.com\/en-us\/profile\/9ecaeaca-ce11-4e51-9e71-01d55e2bff36\/translations","https:\/\/www.fitday.com\/fitness\/forums\/members\/iwellguard.html","https:\/\/www.mymeetbook.com\/iwellguard","https:\/\/pxhere.com\/en\/photographer-me\/5040798","https:\/\/disqus.com\/by\/iwellguard\/about\/","https:\/\/pastelink.net\/hjwciqwq","https:\/\/pubhtml5.com\/homepage\/scjhn\/","https:\/\/www.bitchute.com\/channel\/2O2eOKzNqujT","https:\/\/audiomack.com\/iwellguard"]}]}},"_links":{"self":[{"href":"https:\/\/iwell-guard.com\/is\/wp-json\/wp\/v2\/pages\/169262","targetHints":{"allow":["GET"]}}],"collection":[{"href":"https:\/\/iwell-guard.com\/is\/wp-json\/wp\/v2\/pages"}],"about":[{"href":"https:\/\/iwell-guard.com\/is\/wp-json\/wp\/v2\/types\/page"}],"author":[{"embeddable":true,"href":"https:\/\/iwell-guard.com\/is\/wp-json\/wp\/v2\/users\/3"}],"replies":[{"embeddable":true,"href":"https:\/\/iwell-guard.com\/is\/wp-json\/wp\/v2\/comments?post=169262"}],"version-history":[{"count":0,"href":"https:\/\/iwell-guard.com\/is\/wp-json\/wp\/v2\/pages\/169262\/revisions"}],"wp:featuredmedia":[{"embeddable":true,"href":"https:\/\/iwell-guard.com\/is\/wp-json\/wp\/v2\/media\/4104"}],"wp:attachment":[{"href":"https:\/\/iwell-guard.com\/is\/wp-json\/wp\/v2\/media?parent=169262"}],"wp:term":[{"taxonomy":"category","embeddable":true,"href":"https:\/\/iwell-guard.com\/is\/wp-json\/wp\/v2\/categories?post=169262"}],"curies":[{"name":"wp","href":"https:\/\/api.w.org\/{rel}","templated":true}]}}