{"id":169258,"date":"2026-09-05T14:06:54","date_gmt":"2026-09-05T14:06:54","guid":{"rendered":"https:\/\/iwell-guard.com\/?page_id=169258"},"modified":"2026-09-05T14:36:17","modified_gmt":"2026-09-05T14:36:17","slug":"verndarefni-og-verndarjurtir","status":"publish","type":"page","link":"https:\/\/iwell-guard.com\/is\/verndarefni-og-verndarjurtir\/","title":{"rendered":"Verndarefni og verndarjurtir"},"content":{"rendered":"\t\t<div data-elementor-type=\"wp-page\" data-elementor-id=\"169258\" class=\"elementor elementor-169258 elementor-3766 elementor-bc-flex-widget\" data-elementor-post-type=\"page\">\n\t\t\t\t<div class=\"elementor-element elementor-element-iwgs-schutzstoffe-hero e-flex e-con-boxed e-con e-parent\" data-id=\"iwgs-schutzstoffe-hero\" data-element_type=\"container\" data-e-type=\"container\">\n\t\t\t\t\t<div class=\"e-con-inner\">\n\t\t\t\t<div class=\"elementor-element elementor-element-iwgs-schutzstoffe-h1 elementor-widget elementor-widget-heading\" data-id=\"iwgs-schutzstoffe-h1\" data-element_type=\"widget\" data-e-type=\"widget\" data-widget_type=\"heading.default\">\n\t\t\t\t\t<h1 class=\"elementor-heading-title elementor-size-default\">Verndarefni og verndarjurtir<\/h1>\t\t\t\t<\/div>\n\t\t<div class=\"elementor-element elementor-element-iw-schutzstoffe-hero-bw e-con-full e-flex e-con e-child\" data-id=\"iw-schutzstoffe-hero-bw\" data-element_type=\"container\" data-e-type=\"container\">\n\t\t\t\t<div class=\"elementor-element elementor-element-iwgs-schutzstoffe-pills elementor-widget elementor-widget-html\" data-id=\"iwgs-schutzstoffe-pills\" data-element_type=\"widget\" data-e-type=\"widget\" data-widget_type=\"html.default\">\n\t\t\t\t\t<div class=\"iwg-pill-row\"><span class=\"iwg-klasse-badge\" tabindex=\"0\" data-tooltip=\"Tegund verndargripsins.\">Tegund verndargrips<\/span><a href=\"https:\/\/iwell-guard.com\/is\/?page_id=169276\" class=\"iwg-kultur-badge\" tabindex=\"0\" data-tooltip=\"Til yfirlits.\">Verndarkomp\u00e1s<\/a><\/div>\t\t\t\t<\/div>\n\t\t\t\t<div class=\"elementor-element elementor-element-iwgs-schutzstoffe-lead elementor-widget elementor-widget-text-editor\" data-id=\"iwgs-schutzstoffe-lead\" data-element_type=\"widget\" data-e-type=\"widget\" data-widget_type=\"text-editor.default\">\n\t\t\t\t\t\t\t\t\t<p>Auk tala\u00f0ra form\u00fala, borinna verndargripa og helgisi\u00f0abundinna athafna eru n\u00e1tt\u00faruleg efni og jurtir sj\u00e1lfst\u00e6\u00f0 sto\u00f0 \u00ed \u00fej\u00f3\u00f0fr\u00e6\u00f0ilegri hugmyndaheiminum um vernd.<\/p><p>\u00dear er \u00e1tt vi\u00f0 efni eins og salt, j\u00e1rn og silfur, auk jurta eins og hv\u00edtlauk, reynivi\u00f0, j\u00f3nsmessurunna og malurt: hluti sem \u00ed m\u00f6rgum menningarsamf\u00e9l\u00f6gum voru ekki a\u00f0eins taldir vera f\u00e6\u00f0u- e\u00f0a nytjajurtir, heldur var <span class=\"iwg-fachbegriff\" data-tooltip=\"Mi\u00f0lun \u00feekkingar og fr\u00e1sagna milli kynsl\u00f3\u00f0a.\" tabindex=\"0\">munnm\u00e6lahef\u00f0in<\/span> talin veita \u00feeim sj\u00e1lfst\u00e6\u00f0an varnarm\u00e1tt.<\/p>\n<p>S\u00e9rsta\u00f0a \u00feessa h\u00f3ps verndargripa felst \u00ed n\u00e1l\u00e6g\u00f0 \u00feeirra. Engin handverksleikni, engin fl\u00f3kin <span class=\"iwg-fachbegriff\" data-tooltip=\"H\u00e1t\u00ed\u00f0leg ath\u00f6fn sem fer fram eftir f\u00f6stum reglum.\" tabindex=\"0\">ath\u00f6fn<\/span>, engin prestleg \u00feekking er nau\u00f0synleg: H\u00fasm\u00f3\u00f0irin dreifir salti yfir \u00fer\u00f6skuldinn, smi\u00f0urinn sl\u00e6r j\u00e1rnnagla \u00ed dyraumb\u00fana\u00f0inn, b\u00f3ndinn hengir j\u00f3nsmessurunnav\u00f6ndul \u00e1 gluggann.<\/p><p>Verndarefni og verndarjurtir eru, ef \u00fej\u00f3\u00f0fr\u00e6\u00f0ileg hef\u00f0 er dregin saman, hin l\u00fd\u00f0r\u00e6\u00f0islegasta form varnar. \u00deau st\u00f3\u00f0u \u00f6llum til bo\u00f0a, \u00ed eldh\u00fasinu, gar\u00f0inum og \u00e1 akrinum.<\/p>\n<p>\u00deessi s\u00ed\u00f0a veitir yfirlit yfir sj\u00f6 verndarefni og verndarjurtir sem eru tengd vi\u00f0eigandi v\u00e6ttum \u00ed <a href=\"https:\/\/iwell-guard.com\/is\/?page_id=169276\">Verndarkomp\u00e1snum<\/a> \u00e1 iwell-guard.com.<\/p>\t\t\t\t\t\t\t\t<\/div>\n\t\t\t\t<\/div>\n\t\t\t\t\t<\/div>\n\t\t\t\t<\/div>\n\t\t<div class=\"elementor-element elementor-element-iwgs-schutzstoffe-s0 e-flex e-con-boxed e-con e-parent\" data-id=\"iwgs-schutzstoffe-s0\" data-element_type=\"container\" data-e-type=\"container\">\n\t\t\t\t\t<div class=\"e-con-inner\">\n\t\t\t\t<div class=\"elementor-element elementor-element-iwgs-schutzstoffe-s0h elementor-widget elementor-widget-heading\" data-id=\"iwgs-schutzstoffe-s0h\" data-element_type=\"widget\" data-e-type=\"widget\" data-widget_type=\"heading.default\">\n\t\t\t\t\t<h2 class=\"elementor-heading-title elementor-size-default\">Sameiginleg einkenni og verkunarreglur<\/h2>\t\t\t\t<\/div>\n\t\t<div class=\"elementor-element elementor-element-iw-schutzstoffe-s0-bw e-con-full e-flex e-con e-child\" data-id=\"iw-schutzstoffe-s0-bw\" data-element_type=\"container\" data-e-type=\"container\">\n\t\t\t\t<div class=\"elementor-element elementor-element-iwgs-schutzstoffe-s0t elementor-widget elementor-widget-text-editor\" data-id=\"iwgs-schutzstoffe-s0t\" data-element_type=\"widget\" data-e-type=\"widget\" data-widget_type=\"text-editor.default\">\n\t\t\t\t\t\t\t\t\t<p>Hva\u00f0 tengir svo \u00f3l\u00edk fyrirb\u00e6ri eins og steinefni, m\u00e1lma og jurtar\u00edki\u00f0 undir hugtakinu verndargripur? <span class=\"iwg-fachbegriff\" data-tooltip=\"Mi\u00f0lun \u00feekkingar og fr\u00e1sagna milli kynsl\u00f3\u00f0a.\" tabindex=\"0\">Munnm\u00e6lahef\u00f0in<\/span> l\u00fdsir \u00ed \u00fdmsum menningarsamf\u00e9l\u00f6gum svipu\u00f0um verkunarreglum, \u00e1n \u00feess a\u00f0 sannanleg bein \u00e1hrif milli \u00feeirra s\u00e9u fyrir hendi.<\/p>\n<p>\u00cd fyrsta lagi eigna margar hef\u00f0ir \u00feessum efnum hreinsandi eiginleika. \u00deau eiga ekki a\u00f0eins a\u00f0 verjast \u00fev\u00ed sem a\u00f0 utan \u00ferengir a\u00f0, heldur einnig a\u00f0 reka \u00fat e\u00f0a gera \u00f3virkt \u00fea\u00f0 sem \u00feegar hefur komist inn. Salt hreinsar b\u00e6\u00f0i \u00ed heimilisath\u00f6fnum og sk\u00edrnarsi\u00f0um; malurt er notu\u00f0 til reykhreinsunar \u00e1 r\u00fdmum sem talin eru b\u00faa vi\u00f0 truflun.<\/p>\n<p>\u00cd \u00f6\u00f0ru lagi telst \u00ed <span class=\"iwg-fachbegriff\" data-tooltip=\"V\u00edsindagrein sem rannsakar hversdagsmenningu, si\u00f0i og hef\u00f0bundnar hugmyndir.\" tabindex=\"0\">\u00fej\u00f3\u00f0fr\u00e6\u00f0inni<\/span> markmerking landam\u00e6ra vera meginverkunarreglan: Efni eru sett \u00e1 \u00fer\u00f6skulda, dyrastafi, gluggakistur og r\u00famm\u00f6rk til a\u00f0 skapa \u00fear sperru. Ska\u00f0valdandi v\u00e6ttir eiga ekki a\u00f0 geta yfirstigi\u00f0 \u00feessar landamerkingar \u00fev\u00ed e\u00f0li efnisins vinnur gegn \u00feeim.<\/p>\n<p>\u00cd \u00feri\u00f0ja lagi felur <span class=\"iwg-fachbegriff\" data-tooltip=\"Mi\u00f0lun \u00feekkingar og fr\u00e1sagna milli kynsl\u00f3\u00f0a.\" tabindex=\"0\">munnm\u00e6lahef\u00f0in<\/span> oft \u00ed s\u00e9r heimsfr\u00e6\u00f0ilega \u00fatsk\u00fdringu: Salti\u00f0 sem gj\u00f6f hafsins ber hreinleikakraft, j\u00e1rni\u00f0 sem afur\u00f0 eldsins r\u00fdfur t\u00f6frab\u00f6nd, silfri\u00f0 sem tunglm\u00e1lmur veitir vi\u00f0n\u00e1m gegn hinu d\u00f6kka. \u00deessar tengingar binda efni\u00f0 vi\u00f0 l\u00f6gm\u00e1l \u00ed hinu kosm\u00edska uppl\u00fdsingasvi\u00f0i sem veitir verndarm\u00e6tti \u00feess vi\u00f0varandi styrk.<\/p>\n<p>\u00cd raun eru verndarefni og verndarjurtir oft sameinu\u00f0: Verndarpoki getur inniheld salt, kl\u00edpu af \u00feurrka\u00f0ri malurt og j\u00e1rnb\u00fat. Verkanir \u00feeirra leggjast saman samkv\u00e6mt r\u00f6kum <span class=\"iwg-fachbegriff\" data-tooltip=\"Mi\u00f0lun \u00feekkingar og fr\u00e1sagna milli kynsl\u00f3\u00f0a.\" tabindex=\"0\">munnm\u00e6lahef\u00f0arinnar<\/span>.<\/p>\t\t\t\t\t\t\t\t<\/div>\n\t\t\t\t<\/div>\n\t\t\t\t\t<\/div>\n\t\t\t\t<\/div>\n\t\t<div class=\"elementor-element elementor-element-iwgs-schutzstoffe-s1 e-flex e-con-boxed e-con e-parent\" data-id=\"iwgs-schutzstoffe-s1\" data-element_type=\"container\" data-e-type=\"container\">\n\t\t\t\t\t<div class=\"e-con-inner\">\n\t\t\t\t<div class=\"elementor-element elementor-element-iwgs-schutzstoffe-s1h elementor-widget elementor-widget-heading\" data-id=\"iwgs-schutzstoffe-s1h\" data-element_type=\"widget\" data-e-type=\"widget\" data-widget_type=\"heading.default\">\n\t\t\t\t\t<h2 class=\"elementor-heading-title elementor-size-default\">Yfirlit \u00fevert \u00e1 menningarheima<\/h2>\t\t\t\t<\/div>\n\t\t<div class=\"elementor-element elementor-element-iw-schutzstoffe-s1-bw e-con-full e-flex e-con e-child\" data-id=\"iw-schutzstoffe-s1-bw\" data-element_type=\"container\" data-e-type=\"container\">\n\t\t\t\t<div class=\"elementor-element elementor-element-iwgs-schutzstoffe-s1t elementor-widget elementor-widget-text-editor\" data-id=\"iwgs-schutzstoffe-s1t\" data-element_type=\"widget\" data-e-type=\"widget\" data-widget_type=\"text-editor.default\">\n\t\t\t\t\t\t\t\t\t<p>Sj\u00f6 verndarefnin og verndarjurtirnar sem eru skr\u00e1\u00f0 \u00ed Verndarkomp\u00e1snum standa fyrir \u00f3l\u00edkar hef\u00f0ir og verkunarreglur. H\u00e9r er stutt kynning:<\/p>\n<p><strong><a href=\"https:\/\/iwell-guard.com\/is\/?page_id=169275\">Salt<\/a>:<\/strong> \u00deetta jar\u00f0efni er tali\u00f0 hreinsandi og verndandi gegn \u00fer\u00f6skuldum b\u00e6\u00f0i \u00ed evr\u00f3pskri, mi\u00f0-austurlenskri og austur-as\u00edskri <span class=\"iwg-fachbegriff\" data-tooltip=\"Mi\u00f0lun \u00feekkingar og sagna kynsl\u00f3\u00f0 eftir kynsl\u00f3\u00f0.\" tabindex=\"0\">munnm\u00e6lahef\u00f0<\/span>. Hvort sem \u00fea\u00f0 er l\u00edna fyrir dyrum, pinch \u00ed sk\u00edrnarvatni e\u00f0a hluti hreinsunarathafna, salt er algengasta verndarefni\u00f0 sem til er. \u00dea\u00f0 var nota\u00f0 gegn dj\u00f6fullegum \u00fer\u00f6skuldsv\u00e6ttum, nornum og \u00f3hreinindum.<\/p>\n<p><strong><a href=\"https:\/\/iwell-guard.com\/is\/?page_id=169265\">J\u00e1rn<\/a>:<\/strong> M\u00e1lmur smi\u00f0junnar og herna\u00f0arins er s\u00e9rstaklega \u00ed nor\u00f0ur-evr\u00f3pskri og keltneskri <span class=\"iwg-fachbegriff\" data-tooltip=\"Mi\u00f0lun \u00feekkingar og sagna kynsl\u00f3\u00f0 eftir kynsl\u00f3\u00f0.\" tabindex=\"0\">munnm\u00e6lahef\u00f0<\/span> talinn f\u00e6landi gegn \u00e1lfum, dvergum og \u00f6\u00f0rum yfirn\u00e1tt\u00farulegum verum. J\u00e1rnneglar \u00ed dyrak\u00f6rmum, hestaskeifur yfir innganga og handfang \u00far j\u00e1rnbla\u00f0i eru me\u00f0al \u00feekktustu a\u00f0fer\u00f0anna. Hugtaki\u00f0 \u201ekalt j\u00e1rn\u201c v\u00edsar til \u00f3unnins m\u00e1lms me\u00f0 s\u00e9rlega \u00f6flugum verndarm\u00e6tti.<\/p>\n<p><strong><a href=\"https:\/\/iwell-guard.com\/is\/?page_id=169268\">Hv\u00edtlaukur<\/a>:<\/strong> Laukurinn me\u00f0 einkennandi lyktinni finnst \u00ed varnarhef\u00f0um fr\u00e1 Austur-Evr\u00f3pu til Austur-As\u00edu. Hv\u00edtlaukur er s\u00e9rstaklega tengdur v\u00f6rn gegn vamp\u00edrum og hinu illa auga. \u00deurrka\u00f0ar fl\u00e9ttur yfir dyrum, kramin rif \u00ed sprungum e\u00f0a hv\u00edtlaukssafi \u00e1 \u00fer\u00f6skuldum, notkunin er margv\u00edsleg.<\/p>\n<p><strong><a href=\"https:\/\/iwell-guard.com\/is\/?page_id=169245\">Reynivi\u00f0ur<\/a>:<\/strong> Tr\u00e9ni\u00f0 me\u00f0 glansrau\u00f0u berjunum, l\u00edka kalla\u00f0 fuglaberjatr\u00e9, er tali\u00f0 hi\u00f0 eina sanna verndartr\u00e9 \u00ed germanskri, keltneskri og skandinav\u00edskri <span class=\"iwg-fachbegriff\" data-tooltip=\"Mi\u00f0lun \u00feekkingar og sagna kynsl\u00f3\u00f0 eftir kynsl\u00f3\u00f0.\" tabindex=\"0\">munnm\u00e6lahef\u00f0<\/span>. Greinar yfir fj\u00f3sdyrum, kvistir \u00ed b\u00e1sbitum e\u00f0a vendir \u00far reynivi\u00f0i eiga samkv\u00e6mt <span class=\"iwg-fachbegriff\" data-tooltip=\"Tr\u00faarhugmyndir og si\u00f0ir sem eru \u00fatbreiddir \u00ed hversdagsl\u00edfinu.\" tabindex=\"0\">\u00fej\u00f3\u00f0tr\u00fa<\/span> a\u00f0 vernda gegn nornum, ska\u00f0agaldri og \u00e1l\u00f6gum \u00e1 b\u00faf\u00e9.<\/p>\n<p><strong><a href=\"https:\/\/iwell-guard.com\/is\/?page_id=169267\">J\u00f3hannesarjurt<\/a>:<\/strong> Jurtin sem s\u00f6g\u00f0 er sterkust \u00ed kringum J\u00f3nsmessu ber \u00e1 lat\u00ednu nafni\u00f0 <em>Fuga daemonum<\/em>, dj\u00f6flafl\u00f3tti. \u00deurrka\u00f0ir v\u00f6ndlar yfir dyrum, \u00ed gluggak\u00f6rmum e\u00f0a undir \u00fer\u00f6skuldum vernda samkv\u00e6mt mi\u00f0-evr\u00f3pskri <span class=\"iwg-fachbegriff\" data-tooltip=\"Fr\u00e6\u00f0igrein sem rannsakar hversdagsmenningu, si\u00f0i og hef\u00f0bundnar hugmyndir.\" tabindex=\"0\">\u00fej\u00f3\u00f0h\u00e1ttafr\u00e6\u00f0i<\/span> gegn dj\u00f6flum, m\u00f6rum og n\u00e6tur\u00e1hrifum.<\/p>\n<p><strong><a href=\"https:\/\/iwell-guard.com\/is\/?page_id=169262\">Malurt<\/a>:<\/strong> Malurt, k\u00f6llu\u00f0 beltisjurtin, er talin verndandi \u00e1 fer\u00f0al\u00f6gum og vi\u00f0 \u00fer\u00f6skulda. Saumu\u00f0 \u00ed belti verndar h\u00fan vegfarendur, sem reykelsi hreinsar h\u00fan r\u00fdmi, og hengd \u00ed knippi yfir dyr heldur h\u00fan ska\u00f0legum \u00e1hrifum \u00ed burtu. Hef\u00f0in n\u00e6r fr\u00e1 germ\u00f6nskum s\u00f3lst\u00f6\u00f0usi\u00f0um til austur-as\u00edskra reykelsishef\u00f0a.<\/p>\n<p><strong><a href=\"https:\/\/iwell-guard.com\/is\/?page_id=169284\">Silfur<\/a>:<\/strong> \u00deessi lj\u00f3si e\u00f0alm\u00e1lmur hefur s\u00e9rst\u00f6\u00f0u: \u00d3l\u00edkt j\u00e1rni e\u00f0a salti er silfur ekki bara tali\u00f0 hindrandi lag heldur virkt varnarefni sem vinnur beint gegn ska\u00f0legum verum. Var\u00falfar, vamp\u00edrur og a\u00f0rar verur sem breyta um form eiga ekki a\u00f0 \u00feola silfur. Sem tunglm\u00e1lmur ber \u00fea\u00f0 \u00ed m\u00f6rgum menningarheimum merking hreinleika og heimsskipulags.<\/p>\t\t\t\t\t\t\t\t<\/div>\n\t\t\t\t<\/div>\n\t\t\t\t\t<\/div>\n\t\t\t\t<\/div>\n\t\t<div class=\"elementor-element elementor-element-iwgs-schutzstoffe-s2 e-flex e-con-boxed e-con e-parent\" data-id=\"iwgs-schutzstoffe-s2\" data-element_type=\"container\" data-e-type=\"container\">\n\t\t\t\t\t<div class=\"e-con-inner\">\n\t\t\t\t<div class=\"elementor-element elementor-element-iwgs-schutzstoffe-s2h elementor-widget elementor-widget-heading\" data-id=\"iwgs-schutzstoffe-s2h\" data-element_type=\"widget\" data-e-type=\"widget\" data-widget_type=\"heading.default\">\n\t\t\t\t\t<h2 class=\"elementor-heading-title elementor-size-default\">Notkun og takmarkanir<\/h2>\t\t\t\t<\/div>\n\t\t<div class=\"elementor-element elementor-element-iw-schutzstoffe-s2-bw e-con-full e-flex e-con e-child\" data-id=\"iw-schutzstoffe-s2-bw\" data-element_type=\"container\" data-e-type=\"container\">\n\t\t\t\t<div class=\"elementor-element elementor-element-iwgs-schutzstoffe-s2t elementor-widget elementor-widget-text-editor\" data-id=\"iwgs-schutzstoffe-s2t\" data-element_type=\"widget\" data-e-type=\"widget\" data-widget_type=\"text-editor.default\">\n\t\t\t\t\t\t\t\t\t<p><span class=\"iwg-fachbegriff\" data-tooltip=\"Mi\u00f0lun \u00feekkingar og sagna kynsl\u00f3\u00f0 eftir kynsl\u00f3\u00f0.\" tabindex=\"0\">Munnm\u00e6lahef\u00f0in<\/span> l\u00fdsir verndarefnum og verndarjurtum sem \u00e1hrifar\u00edkum en setur skilyr\u00f0i. Sumar hef\u00f0ir leggja \u00e1herslu \u00e1 g\u00e6\u00f0i efnisins: salt eigi a\u00f0 vera hreint og \u00f3unni\u00f0, j\u00e1rn eigi a\u00f0 vera \u201ekalt\u201c, \u00fe.e. \u00f3hert og \u00f3unni\u00f0. Sumar \u00fej\u00f3\u00f0tr\u00faarhef\u00f0ir krefjast \u00feess a\u00f0 jurtin s\u00e9 t\u00ednd \u00e1 \u00e1kve\u00f0num t\u00edma, s\u00e9rstaklega \u00e1 J\u00f3nsmessu e\u00f0a \u00e1 Valborgarn\u00f3tt.<\/p>\n<p>A\u00f0rar hef\u00f0ir leggja \u00e1herslu \u00e1 r\u00e9tta sta\u00f0setningu: \u00fer\u00f6skuldur, gluggakistur e\u00f0a dyrastafir eru taldir verkunarsta\u00f0ir, ekki opi\u00f0 r\u00fdmi. Landamerkingin er lykilatri\u00f0i\u00f0.<\/p>\n<p><span class=\"iwg-fachbegriff\" data-tooltip=\"Fr\u00e6\u00f0igrein sem rannsakar hversdagsmenningu, si\u00f0i og hef\u00f0bundnar hugmyndir.\" tabindex=\"0\">\u00dej\u00f3\u00f0h\u00e1ttafr\u00e6\u00f0in<\/span> l\u00fdsir takm\u00f6rkunum verndarm\u00e1ttarins \u00fear sem efni\u00f0 var ekki bori\u00f0 \u00e1 a\u00f0 fullu e\u00f0a \u00e1n rofs. Saltl\u00edna me\u00f0 g\u00f6tum verndar samkv\u00e6mt m\u00f6rgum hef\u00f0um ekki, \u00fev\u00ed veran finnur gati\u00f0 og n\u00fdtir s\u00e9r \u00fea\u00f0. Svipa\u00f0 gildir um j\u00e1rn: ry\u00f0 e\u00f0a v\u00e9lr\u00e6nar skemmdir eru sag\u00f0ar draga \u00far verndarm\u00e6ttinum.<\/p>\n<p>Engin af hinum hef\u00f0bundnu a\u00f0fer\u00f0um er trygging. <span class=\"iwg-fachbegriff\" data-tooltip=\"Fr\u00e6\u00f0igrein sem rannsakar hversdagsmenningu, si\u00f0i og hef\u00f0bundnar hugmyndir.\" tabindex=\"0\">\u00dej\u00f3\u00f0h\u00e1ttafr\u00e6\u00f0in<\/span> skr\u00e1ir tr\u00faarkerfi og menningarlegt samhengi \u00feeirra, ekki sta\u00f0festar fullyr\u00f0ingar um virkni.<\/p>\t\t\t\t\t\t\t\t<\/div>\n\t\t\t\t<\/div>\n\t\t\t\t\t<\/div>\n\t\t\t\t<\/div>\n\t\t<div class=\"elementor-element elementor-element-iwgs-schutzstoffe-s3 e-flex e-con-boxed e-con e-parent\" data-id=\"iwgs-schutzstoffe-s3\" data-element_type=\"container\" data-e-type=\"container\">\n\t\t\t\t\t<div class=\"e-con-inner\">\n\t\t\t\t<div class=\"elementor-element elementor-element-iwgs-schutzstoffe-s3h elementor-widget elementor-widget-heading\" data-id=\"iwgs-schutzstoffe-s3h\" data-element_type=\"widget\" data-e-type=\"widget\" data-widget_type=\"heading.default\">\n\t\t\t\t\t<h2 class=\"elementor-heading-title elementor-size-default\">\u00cd Verndarkomp\u00e1snum<\/h2>\t\t\t\t<\/div>\n\t\t<div class=\"elementor-element elementor-element-iw-schutzstoffe-s3-bw e-con-full e-flex e-con e-child\" data-id=\"iw-schutzstoffe-s3-bw\" data-element_type=\"container\" data-e-type=\"container\">\n\t\t\t\t<div class=\"elementor-element elementor-element-iwgs-schutzstoffe-s3t elementor-widget elementor-widget-text-editor\" data-id=\"iwgs-schutzstoffe-s3t\" data-element_type=\"widget\" data-e-type=\"widget\" data-widget_type=\"text-editor.default\">\n\t\t\t\t\t\t\t\t\t<p>Sj\u00f6 verndarefnin \u00ed \u00feessum flokki eru tengd \u00ed <a href=\"https:\/\/iwell-guard.com\/is\/?page_id=169276\">Verndarkomp\u00e1snum<\/a> vi\u00f0 verurnar sem \u00feau voru samkv\u00e6mt <span class=\"iwg-fachbegriff\" data-tooltip=\"Mi\u00f0lun \u00feekkingar og sagna kynsl\u00f3\u00f0 eftir kynsl\u00f3\u00f0.\" tabindex=\"0\">munnm\u00e6lahef\u00f0<\/span> s\u00e9rstaklega notu\u00f0 gegn. \u00deeir sem leita verndar gegn \u00e1kve\u00f0inni tegund v\u00e6tta finna \u00fear yfirlit yfir hin hef\u00f0bundnu r\u00e1\u00f0, flokku\u00f0 eftir h\u00e6ttustigi og menningarheimi.<\/p>\t\t\t\t\t\t\t\t<\/div>\n\t\t\t\t<\/div>\n\t\t\t\t\t<\/div>\n\t\t\t\t<\/div>\n\t\t<div class=\"elementor-element elementor-element-iwgs-schutzstoffe-lit e-flex e-con-boxed e-con e-parent\" data-id=\"iwgs-schutzstoffe-lit\" data-element_type=\"container\" data-e-type=\"container\">\n\t\t\t\t\t<div class=\"e-con-inner\">\n\t\t\t\t<div class=\"elementor-element elementor-element-iwgs-schutzstoffe-lith elementor-widget elementor-widget-heading\" data-id=\"iwgs-schutzstoffe-lith\" data-element_type=\"widget\" data-e-type=\"widget\" data-widget_type=\"heading.default\">\n\t\t\t\t\t<h2 class=\"elementor-heading-title elementor-size-default\">Heimildir (\u00farval)<\/h2>\t\t\t\t<\/div>\n\t\t<div class=\"elementor-element elementor-element-iw-schutzstoffe-lit-bw e-con-full e-flex e-con e-child\" data-id=\"iw-schutzstoffe-lit-bw\" data-element_type=\"container\" data-e-type=\"container\">\n\t\t\t\t<div class=\"elementor-element elementor-element-iwgs-schutzstoffe-litt elementor-widget elementor-widget-html\" data-id=\"iwgs-schutzstoffe-litt\" data-element_type=\"widget\" data-e-type=\"widget\" data-widget_type=\"html.default\">\n\t\t\t\t\t<footer data-nosnippet=\"true\"><ul><li>Handw\u00f6rterbuch des deutschen Aberglaubens. Hrsg. von Hanns B\u00e4chtold-St\u00e4ubli und Eduard Hoffmann-Krayer. Berlin \/ Leipzig 1927-1942.<\/li><li>Leander Petzoldt: Kleines Lexikon der D\u00e4monen und Elementargeister. M\u00fcnchen 1990.<\/li><li>Jacob Grimm: Deutsche Mythologie. 4. Auflage, Berlin 1875-1878.<\/li><li>Richard Kieckhefer: Magic in the Middle Ages. Cambridge University Press, 1989.<\/li><li>Keith Thomas: Religion and the Decline of Magic. London 1971.<\/li><\/ul><\/footer>\t\t\t\t<\/div>\n\t\t\t\t<\/div>\n\t\t\t\t\t<\/div>\n\t\t\t\t<\/div>\n\t\t<div class=\"elementor-element elementor-element-iwgs-schutzstoffe-kwd e-flex e-con-boxed e-con e-parent\" data-id=\"iwgs-schutzstoffe-kwd\" data-element_type=\"container\" data-e-type=\"container\">\n\t\t\t\t\t<div class=\"e-con-inner\">\n\t\t<div class=\"elementor-element elementor-element-iw-schutzstoffe-kwd-bw e-con-full e-flex e-con e-child\" data-id=\"iw-schutzstoffe-kwd-bw\" data-element_type=\"container\" data-e-type=\"container\">\n\t\t\t\t<div class=\"elementor-element elementor-element-iwgs-schutzstoffe-kwdt elementor-widget elementor-widget-text-editor\" data-id=\"iwgs-schutzstoffe-kwdt\" data-element_type=\"widget\" data-e-type=\"widget\" data-widget_type=\"text-editor.default\">\n\t\t\t\t\t\t\t\t\t<p><em>Tengd leitaror\u00f0: verndarefni verndarjurtir varnarjurtir salt vernd j\u00e1rn.<\/em><\/p>\t\t\t\t\t\t\t\t<\/div>\n\t\t\t\t<\/div>\n\t\t\t\t\t<\/div>\n\t\t\t\t<\/div>\n\t\t<div class=\"elementor-element elementor-element-iwgs-schutzstoffe-cc e-flex e-con-boxed e-con e-parent\" data-id=\"iwgs-schutzstoffe-cc\" data-element_type=\"container\" data-e-type=\"container\" id=\"iwg-cc-schutzstoffe\">\n\t\t\t\t\t<div class=\"e-con-inner\">\n\t\t<div class=\"elementor-element elementor-element-iwgs-schutzstoffe-ccinner e-flex e-con-boxed e-con e-parent\" data-id=\"iwgs-schutzstoffe-ccinner\" data-element_type=\"container\" data-e-type=\"container\" data-settings=\"{&quot;background_background&quot;:&quot;classic&quot;}\">\n\t\t\t\t\t<div class=\"e-con-inner\">\n\t\t\t\t<div class=\"elementor-element elementor-element-iwgs-schutzstoffe-cch elementor-widget elementor-widget-heading\" data-id=\"iwgs-schutzstoffe-cch\" data-element_type=\"widget\" data-e-type=\"widget\" data-widget_type=\"heading.default\">\n\t\t\t\t\t<h2 class=\"elementor-heading-title elementor-size-default\">iWell Guard og verndarhef\u00f0ir<\/h2>\t\t\t\t<\/div>\n\t\t\t\t<div class=\"elementor-element elementor-element-iwgs-schutzstoffe-cct elementor-widget elementor-widget-text-editor\" data-id=\"iwgs-schutzstoffe-cct\" data-element_type=\"widget\" data-e-type=\"widget\" data-widget_type=\"text-editor.default\">\n\t\t\t\t\t\t\t\t\t<p>Umfang <span class=\"iwg-fachbegriff\" data-tooltip=\"Mi\u00f0lun \u00feekkingar og sagna kynsl\u00f3\u00f0 eftir kynsl\u00f3\u00f0.\" tabindex=\"0\">munnm\u00e6lahef\u00f0arinnar<\/span> er athyglisver\u00f0ur: menningarheimar sem h\u00f6f\u00f0u engin samskipti hafa hver \u00ed s\u00ednu lagi \u00fer\u00f3a\u00f0 s\u00f6mu grunnhugmyndina, a\u00f0 \u00e1kve\u00f0in efni og jurtir b\u00fai yfir varnarm\u00e6tti.<\/p><p><a href=\"https:\/\/iwell-guard.com\/is\/verndargripur-iwell-guard-kaupa\/\">iWell Guard<\/a> tekur \u00feessa hugmynd og fangar verndarhef\u00f0ir \u00fdmissa menningarheima \u00ed einum bur\u00f0arhlut sem sameinar t\u00e1knger\u00f0a sam\u00fej\u00f6ppun margra \u00feessara hef\u00f0a\u00fer\u00e1\u00f0a.<\/p>\t\t\t\t\t\t\t\t<\/div>\n\t\t\t\t<div class=\"elementor-element elementor-element-iwgs-schutzstoffe-ccb iwg-cc-button iwg-cc-cta-2026-05-13 elementor-widget elementor-widget-jet-button\" data-id=\"iwgs-schutzstoffe-ccb\" data-element_type=\"widget\" data-e-type=\"widget\" data-widget_type=\"jet-button.default\">\n\t\t\t\t<div class=\"elementor-widget-container\">\n\t\t\t\t\t<div class=\"elementor-jet-button jet-elements\"><div class=\"jet-button__container\"><a class=\"jet-button__instance jet-button__instance--icon-left hover-effect-1\" href=\"\/schutzanhaenger-iwell-guard-kaufen\/?utm_source=iwell-guard.com&amp;utm_medium=info-box&amp;utm_campaign=schutzsymbole\"><div class=\"jet-button__plane jet-button__plane-normal\"><\/div><div class=\"jet-button__plane jet-button__plane-hover\"><\/div><div class=\"jet-button__state jet-button__state-normal\"><span class=\"jet-button__label\">Meira um iWell Guard<\/span><\/div><div class=\"jet-button__state jet-button__state-hover\"><span class=\"jet-button__label\">Meira um iWell Guard<\/span><\/div><\/a><\/div><\/div><style>.elementor-element.elementor-element-iwgs-schutzstoffe-ccb .jet-button__instance{width:320px;height:56px;}.elementor-element.elementor-element-iwgs-schutzstoffe-ccb .jet-button__state-normal .jet-button__label{text-align:center;margin:0px 0px 0px 0px;color:#1a1b20;font-family:Montserrat,sans-serif;font-size:13px;font-weight:400;letter-spacing:4px;line-height:1.714em;text-transform:uppercase;}.elementor-element.elementor-element-iwgs-schutzstoffe-ccb .jet-button__state-hover .jet-button__label{text-align:center;margin:0px 0px 0px 0px;color:#FECC76;font-family:Montserrat,sans-serif;font-size:13px;font-weight:400;letter-spacing:4px;line-height:1.714em;text-transform:uppercase;}.elementor-element.elementor-element-iwgs-schutzstoffe-ccb .jet-button__plane-normal{background-color:#FECC76;border-style:solid;border-color:#C99540;border-width:2px 2px 2px 2px;}.elementor-element.elementor-element-iwgs-schutzstoffe-ccb .jet-button__plane-hover{background-color:rgba(0,0,0,0.55);border-style:solid;border-color:#FECC76;border-width:2px 2px 2px 2px;}<\/style>\t\t\t\t<\/div>\n\t\t\t\t<\/div>\n\t\t\t\t<div class=\"elementor-element elementor-element-iwgs-schutzstoffe-ccd elementor-widget elementor-widget-text-editor\" data-id=\"iwgs-schutzstoffe-ccd\" data-element_type=\"widget\" data-e-type=\"widget\" data-widget_type=\"text-editor.default\">\n\t\t\t\t\t\t\t\t\t<p style=\"text-align:center;font-size:13px;opacity:0.7;margin-top:14px\" data-nosnippet=\"true\">Pers\u00f3nuleg reynsla getur veri\u00f0 mismunandi. Ekki l\u00e6kningat\u00e6ki. Engin lofor\u00f0 um l\u00e6kningu.<\/p>\t\t\t\t\t\t\t\t<\/div>\n\t\t\t\t\t<\/div>\n\t\t\t\t<\/div>\n\t\t\t\t\t<\/div>\n\t\t\t\t<\/div>\n\t\t<div class=\"elementor-element elementor-element-iwgs-schutzstoffe-disc e-flex e-con-boxed e-con e-parent\" data-id=\"iwgs-schutzstoffe-disc\" data-element_type=\"container\" data-e-type=\"container\">\n\t\t\t\t\t<div class=\"e-con-inner\">\n\t\t<div class=\"elementor-element elementor-element-iw-schutzstoffe-disc-bw e-con-full e-flex e-con e-child\" data-id=\"iw-schutzstoffe-disc-bw\" data-element_type=\"container\" data-e-type=\"container\">\n\t\t\t\t<div class=\"elementor-element elementor-element-iwgs-schutzstoffe-discw elementor-widget elementor-widget-html\" data-id=\"iwgs-schutzstoffe-discw\" data-element_type=\"widget\" data-e-type=\"widget\" data-widget_type=\"html.default\">\n\t\t\t\t\t<footer data-nosnippet=\"true\" class=\"iwg-disclaimer-block\"><p data-nosnippet=\"true\">iWell Guard er <strong>ekki l\u00e6kningat\u00e6ki<\/strong> og kemur ekki \u00ed sta\u00f0 l\u00e6knis- e\u00f0a s\u00e1lfr\u00e6\u00f0ime\u00f0fer\u00f0ar. Innihaldi\u00f0 sem h\u00e9r er sett fram er tr\u00faarbrag\u00f0afr\u00e6\u00f0ileg og menningars\u00f6gulega greining, ekki lofor\u00f0 um andlega virkni.<\/p><\/footer>\t\t\t\t<\/div>\n\t\t\t\t<\/div>\n\t\t\t\t\t<\/div>\n\t\t\t\t<\/div>\n\t\t\t\t<\/div>\n\t\t","protected":false},"excerpt":{"rendered":"","protected":false},"author":3,"featured_media":4147,"parent":0,"menu_order":0,"comment_status":"closed","ping_status":"closed","template":"elementor_header_footer","meta":{"_yoast_wpseo_focuskw":"schutzstoffe","_yoast_wpseo_title":"Verndarefni og verndarjurtir \u00ed yfirliti","_yoast_wpseo_metadesc":"Salt, j\u00e1rn, hv\u00edtlaukur, reynivi\u00f0ur: Hva\u00f0 menningarsamf\u00e9l\u00f6g tengja vi\u00f0 \u00feessi efni og jurtir sem v\u00f6rn gegn ska\u00f0valdandi v\u00e6ttum.","_yoast_wpseo_meta-robots-noindex":"","_yoast_wpseo_canonical":"","_angie_page":false,"gefaehrdungsstufe":"","wesen_kultur":"","wesen_klasse":"","footnotes":""},"categories":[],"class_list":["post-169258","page","type-page","status-publish","has-post-thumbnail","hentry"],"yoast_head":"<!-- This site is optimized with the Yoast SEO Premium plugin v27.7 (Yoast SEO v28.3) - https:\/\/yoast.com\/product\/yoast-seo-premium-wordpress\/ -->\n<title>Verndarefni og verndarjurtir \u00ed yfirliti<\/title>\n<meta name=\"description\" content=\"Salt, j\u00e1rn, hv\u00edtlaukur, reynivi\u00f0ur: Hva\u00f0 menningarsamf\u00e9l\u00f6g tengja vi\u00f0 \u00feessi efni og jurtir sem v\u00f6rn gegn ska\u00f0valdandi v\u00e6ttum.\" \/>\n<meta name=\"robots\" content=\"index, follow, max-snippet:-1, max-image-preview:large, max-video-preview:-1\" \/>\n<link rel=\"canonical\" href=\"https:\/\/iwell-guard.com\/is\/verndarefni-og-verndarjurtir\/\" \/>\n<meta property=\"og:locale\" content=\"is_IS\" \/>\n<meta property=\"og:type\" content=\"article\" \/>\n<meta property=\"og:title\" content=\"Verndarefni og verndarjurtir\" \/>\n<meta property=\"og:description\" content=\"Salt, j\u00e1rn, hv\u00edtlaukur, reynivi\u00f0ur: Hva\u00f0 menningarsamf\u00e9l\u00f6g tengja vi\u00f0 \u00feessi efni og jurtir sem v\u00f6rn gegn ska\u00f0valdandi v\u00e6ttum.\" \/>\n<meta property=\"og:url\" content=\"https:\/\/iwell-guard.com\/is\/verndarefni-og-verndarjurtir\/\" \/>\n<meta property=\"og:site_name\" content=\"iWell Guard\" \/>\n<meta property=\"article:modified_time\" content=\"2026-09-05T14:36:17+00:00\" \/>\n<meta property=\"og:image\" content=\"https:\/\/iwell-guard.com\/wp-content\/uploads\/2026\/05\/schutzsymbol_universell_schutzstoffe.png\" \/>\n\t<meta property=\"og:image:width\" content=\"1024\" \/>\n\t<meta property=\"og:image:height\" content=\"1536\" \/>\n\t<meta property=\"og:image:type\" content=\"image\/png\" \/>\n<meta name=\"twitter:card\" content=\"summary_large_image\" \/>\n<script type=\"application\/ld+json\" class=\"yoast-schema-graph\">{\"@context\":\"https:\\\/\\\/schema.org\",\"@graph\":[{\"@type\":\"WebPage\",\"@id\":\"https:\\\/\\\/iwell-guard.com\\\/is\\\/verndarefni-og-verndarjurtir\\\/\",\"url\":\"https:\\\/\\\/iwell-guard.com\\\/is\\\/verndarefni-og-verndarjurtir\\\/\",\"name\":\"Verndarefni og verndarjurtir \u00ed yfirliti\",\"isPartOf\":{\"@id\":\"https:\\\/\\\/iwell-guard.com\\\/is\\\/#website\"},\"primaryImageOfPage\":{\"@id\":\"https:\\\/\\\/iwell-guard.com\\\/is\\\/verndarefni-og-verndarjurtir\\\/#primaryimage\"},\"image\":{\"@id\":\"https:\\\/\\\/iwell-guard.com\\\/is\\\/verndarefni-og-verndarjurtir\\\/#primaryimage\"},\"thumbnailUrl\":\"https:\\\/\\\/iwell-guard.com\\\/wp-content\\\/uploads\\\/2026\\\/05\\\/schutzsymbol_universell_schutzstoffe.png\",\"datePublished\":\"2026-09-05T14:06:54+00:00\",\"dateModified\":\"2026-09-05T14:36:17+00:00\",\"description\":\"Salt, j\u00e1rn, hv\u00edtlaukur, reynivi\u00f0ur: Hva\u00f0 menningarsamf\u00e9l\u00f6g tengja vi\u00f0 \u00feessi efni og jurtir sem v\u00f6rn gegn ska\u00f0valdandi v\u00e6ttum.\",\"breadcrumb\":{\"@id\":\"https:\\\/\\\/iwell-guard.com\\\/is\\\/verndarefni-og-verndarjurtir\\\/#breadcrumb\"},\"inLanguage\":\"is\",\"potentialAction\":[{\"@type\":\"ReadAction\",\"target\":[\"https:\\\/\\\/iwell-guard.com\\\/is\\\/verndarefni-og-verndarjurtir\\\/\"]}]},{\"@type\":\"ImageObject\",\"inLanguage\":\"is\",\"@id\":\"https:\\\/\\\/iwell-guard.com\\\/is\\\/verndarefni-og-verndarjurtir\\\/#primaryimage\",\"url\":\"https:\\\/\\\/iwell-guard.com\\\/wp-content\\\/uploads\\\/2026\\\/05\\\/schutzsymbol_universell_schutzstoffe.png\",\"contentUrl\":\"https:\\\/\\\/iwell-guard.com\\\/wp-content\\\/uploads\\\/2026\\\/05\\\/schutzsymbol_universell_schutzstoffe.png\",\"width\":1024,\"height\":1536},{\"@type\":\"BreadcrumbList\",\"@id\":\"https:\\\/\\\/iwell-guard.com\\\/is\\\/verndarefni-og-verndarjurtir\\\/#breadcrumb\",\"itemListElement\":[{\"@type\":\"ListItem\",\"position\":1,\"name\":\"Start\",\"item\":\"https:\\\/\\\/iwell-guard.com\\\/is\\\/?page_id=168580\"},{\"@type\":\"ListItem\",\"position\":2,\"name\":\"Verndarefni og verndarjurtir\"}]},{\"@type\":\"WebSite\",\"@id\":\"https:\\\/\\\/iwell-guard.com\\\/is\\\/#website\",\"url\":\"https:\\\/\\\/iwell-guard.com\\\/is\\\/\",\"name\":\"iWell Guard\",\"description\":\"Schutz vor dunklen Einfl\u00fcssen\",\"publisher\":{\"@id\":\"https:\\\/\\\/iwell-guard.com\\\/is\\\/#organization\"},\"potentialAction\":[{\"@type\":\"SearchAction\",\"target\":{\"@type\":\"EntryPoint\",\"urlTemplate\":\"https:\\\/\\\/iwell-guard.com\\\/is\\\/?s={search_term_string}\"},\"query-input\":{\"@type\":\"PropertyValueSpecification\",\"valueRequired\":true,\"valueName\":\"search_term_string\"}}],\"inLanguage\":\"is\"},{\"@type\":\"Organization\",\"@id\":\"https:\\\/\\\/iwell-guard.com\\\/is\\\/#organization\",\"name\":\"Ittermann electronic GmbH\",\"url\":\"https:\\\/\\\/iwell-guard.com\\\/is\\\/\",\"logo\":{\"@type\":\"ImageObject\",\"inLanguage\":\"is\",\"@id\":\"https:\\\/\\\/iwell-guard.com\\\/is\\\/#\\\/schema\\\/logo\\\/image\\\/\",\"url\":\"https:\\\/\\\/iwell-guard.com\\\/wp-content\\\/uploads\\\/2026\\\/05\\\/Ittermann-Logo-1182x237-1.png\",\"contentUrl\":\"https:\\\/\\\/iwell-guard.com\\\/wp-content\\\/uploads\\\/2026\\\/05\\\/Ittermann-Logo-1182x237-1.png\",\"width\":1182,\"height\":237,\"caption\":\"Ittermann electronic GmbH\"},\"image\":{\"@id\":\"https:\\\/\\\/iwell-guard.com\\\/is\\\/#\\\/schema\\\/logo\\\/image\\\/\"},\"sameAs\":[\"https:\\\/\\\/pantip.com\\\/profile\\\/9367242\",\"https:\\\/\\\/micro.blog\\\/iwellguard\",\"https:\\\/\\\/www.diggerslist.com\\\/iwellguard\\\/about\",\"https:\\\/\\\/skitterphoto.com\\\/photographers\\\/2870314\\\/iwell-guard\",\"https:\\\/\\\/iwellguard.wordpress.com\\\/2026\\\/06\\\/06\\\/iwell-guard\\\/\",\"https:\\\/\\\/hub.docker.com\\\/u\\\/iwellguard\",\"https:\\\/\\\/www.pinterest.com\\\/iwellguard\\\/\",\"https:\\\/\\\/bit.ly\\\/m\\\/iwellguard\",\"https:\\\/\\\/entre-vos-mains.alsace.eu\\\/profiles\\\/iwellguard\\\/activity\",\"https:\\\/\\\/gravatar.com\\\/reallybeded8fd34\",\"https:\\\/\\\/naijamatta.com\\\/iwellguard\",\"https:\\\/\\\/www.goodreads.com\\\/iwellguard\",\"https:\\\/\\\/profile.hatena.ne.jp\\\/iwellguard\\\/\",\"https:\\\/\\\/experiment.com\\\/users\\\/iwellguard\",\"https:\\\/\\\/wakelet.com\\\/@iWellGuard82270\",\"https:\\\/\\\/www.chordie.com\\\/forum\\\/profile.php?id=2555664\",\"https:\\\/\\\/www.instapaper.com\\\/p\\\/17757966\",\"https:\\\/\\\/www.mapleprimes.com\\\/users\\\/iwellguard\",\"https:\\\/\\\/businesslistingplus.com\\\/profile\\\/iwell-guard\\\/\",\"https:\\\/\\\/telegra.ph\\\/iWell-Guard-06-06\",\"https:\\\/\\\/pbase.com\\\/iwellguard\\\/iwellguard\",\"https:\\\/\\\/b.hatena.ne.jp\\\/iwellguard\\\/20260607#bookmark-4788405196491818882\",\"https:\\\/\\\/fliphtml5.com\\\/home\\\/iwellguard\",\"https:\\\/\\\/anyflip.com\\\/homepage\\\/cmiwl#About\",\"https:\\\/\\\/transfur.com\\\/Users\\\/iwellguard\",\"http:\\\/\\\/delphi.larsbo.org\\\/user\\\/iwellguard\",\"https:\\\/\\\/jobs.lajobsportal.org\\\/profiles\\\/8380803-iwell-guard\",\"https:\\\/\\\/md.chaosdorf.de\\\/s\\\/jfbe5SBdJD\",\"https:\\\/\\\/www.lingvolive.com\\\/en-us\\\/profile\\\/9ecaeaca-ce11-4e51-9e71-01d55e2bff36\\\/translations\",\"https:\\\/\\\/www.fitday.com\\\/fitness\\\/forums\\\/members\\\/iwellguard.html\",\"https:\\\/\\\/www.mymeetbook.com\\\/iwellguard\",\"https:\\\/\\\/pxhere.com\\\/en\\\/photographer-me\\\/5040798\",\"https:\\\/\\\/disqus.com\\\/by\\\/iwellguard\\\/about\\\/\",\"https:\\\/\\\/pastelink.net\\\/hjwciqwq\",\"https:\\\/\\\/pubhtml5.com\\\/homepage\\\/scjhn\\\/\",\"https:\\\/\\\/www.bitchute.com\\\/channel\\\/2O2eOKzNqujT\",\"https:\\\/\\\/audiomack.com\\\/iwellguard\"]}]}<\/script>\n<!-- \/ Yoast SEO Premium plugin. -->","yoast_head_json":{"title":"Verndarefni og verndarjurtir \u00ed yfirliti","description":"Salt, j\u00e1rn, hv\u00edtlaukur, reynivi\u00f0ur: Hva\u00f0 menningarsamf\u00e9l\u00f6g tengja vi\u00f0 \u00feessi efni og jurtir sem v\u00f6rn gegn ska\u00f0valdandi v\u00e6ttum.","robots":{"index":"index","follow":"follow","max-snippet":"max-snippet:-1","max-image-preview":"max-image-preview:large","max-video-preview":"max-video-preview:-1"},"canonical":"https:\/\/iwell-guard.com\/is\/verndarefni-og-verndarjurtir\/","og_locale":"is_IS","og_type":"article","og_title":"Verndarefni og verndarjurtir","og_description":"Salt, j\u00e1rn, hv\u00edtlaukur, reynivi\u00f0ur: Hva\u00f0 menningarsamf\u00e9l\u00f6g tengja vi\u00f0 \u00feessi efni og jurtir sem v\u00f6rn gegn ska\u00f0valdandi v\u00e6ttum.","og_url":"https:\/\/iwell-guard.com\/is\/verndarefni-og-verndarjurtir\/","og_site_name":"iWell Guard","article_modified_time":"2026-09-05T14:36:17+00:00","og_image":[{"width":1024,"height":1536,"url":"https:\/\/iwell-guard.com\/wp-content\/uploads\/2026\/05\/schutzsymbol_universell_schutzstoffe.png","type":"image\/png"}],"twitter_card":"summary_large_image","schema":{"@context":"https:\/\/schema.org","@graph":[{"@type":"WebPage","@id":"https:\/\/iwell-guard.com\/is\/verndarefni-og-verndarjurtir\/","url":"https:\/\/iwell-guard.com\/is\/verndarefni-og-verndarjurtir\/","name":"Verndarefni og verndarjurtir \u00ed yfirliti","isPartOf":{"@id":"https:\/\/iwell-guard.com\/is\/#website"},"primaryImageOfPage":{"@id":"https:\/\/iwell-guard.com\/is\/verndarefni-og-verndarjurtir\/#primaryimage"},"image":{"@id":"https:\/\/iwell-guard.com\/is\/verndarefni-og-verndarjurtir\/#primaryimage"},"thumbnailUrl":"https:\/\/iwell-guard.com\/wp-content\/uploads\/2026\/05\/schutzsymbol_universell_schutzstoffe.png","datePublished":"2026-09-05T14:06:54+00:00","dateModified":"2026-09-05T14:36:17+00:00","description":"Salt, j\u00e1rn, hv\u00edtlaukur, reynivi\u00f0ur: Hva\u00f0 menningarsamf\u00e9l\u00f6g tengja vi\u00f0 \u00feessi efni og jurtir sem v\u00f6rn gegn ska\u00f0valdandi v\u00e6ttum.","breadcrumb":{"@id":"https:\/\/iwell-guard.com\/is\/verndarefni-og-verndarjurtir\/#breadcrumb"},"inLanguage":"is","potentialAction":[{"@type":"ReadAction","target":["https:\/\/iwell-guard.com\/is\/verndarefni-og-verndarjurtir\/"]}]},{"@type":"ImageObject","inLanguage":"is","@id":"https:\/\/iwell-guard.com\/is\/verndarefni-og-verndarjurtir\/#primaryimage","url":"https:\/\/iwell-guard.com\/wp-content\/uploads\/2026\/05\/schutzsymbol_universell_schutzstoffe.png","contentUrl":"https:\/\/iwell-guard.com\/wp-content\/uploads\/2026\/05\/schutzsymbol_universell_schutzstoffe.png","width":1024,"height":1536},{"@type":"BreadcrumbList","@id":"https:\/\/iwell-guard.com\/is\/verndarefni-og-verndarjurtir\/#breadcrumb","itemListElement":[{"@type":"ListItem","position":1,"name":"Start","item":"https:\/\/iwell-guard.com\/is\/?page_id=168580"},{"@type":"ListItem","position":2,"name":"Verndarefni og verndarjurtir"}]},{"@type":"WebSite","@id":"https:\/\/iwell-guard.com\/is\/#website","url":"https:\/\/iwell-guard.com\/is\/","name":"iWell Guard","description":"Schutz vor dunklen Einfl\u00fcssen","publisher":{"@id":"https:\/\/iwell-guard.com\/is\/#organization"},"potentialAction":[{"@type":"SearchAction","target":{"@type":"EntryPoint","urlTemplate":"https:\/\/iwell-guard.com\/is\/?s={search_term_string}"},"query-input":{"@type":"PropertyValueSpecification","valueRequired":true,"valueName":"search_term_string"}}],"inLanguage":"is"},{"@type":"Organization","@id":"https:\/\/iwell-guard.com\/is\/#organization","name":"Ittermann electronic GmbH","url":"https:\/\/iwell-guard.com\/is\/","logo":{"@type":"ImageObject","inLanguage":"is","@id":"https:\/\/iwell-guard.com\/is\/#\/schema\/logo\/image\/","url":"https:\/\/iwell-guard.com\/wp-content\/uploads\/2026\/05\/Ittermann-Logo-1182x237-1.png","contentUrl":"https:\/\/iwell-guard.com\/wp-content\/uploads\/2026\/05\/Ittermann-Logo-1182x237-1.png","width":1182,"height":237,"caption":"Ittermann electronic GmbH"},"image":{"@id":"https:\/\/iwell-guard.com\/is\/#\/schema\/logo\/image\/"},"sameAs":["https:\/\/pantip.com\/profile\/9367242","https:\/\/micro.blog\/iwellguard","https:\/\/www.diggerslist.com\/iwellguard\/about","https:\/\/skitterphoto.com\/photographers\/2870314\/iwell-guard","https:\/\/iwellguard.wordpress.com\/2026\/06\/06\/iwell-guard\/","https:\/\/hub.docker.com\/u\/iwellguard","https:\/\/www.pinterest.com\/iwellguard\/","https:\/\/bit.ly\/m\/iwellguard","https:\/\/entre-vos-mains.alsace.eu\/profiles\/iwellguard\/activity","https:\/\/gravatar.com\/reallybeded8fd34","https:\/\/naijamatta.com\/iwellguard","https:\/\/www.goodreads.com\/iwellguard","https:\/\/profile.hatena.ne.jp\/iwellguard\/","https:\/\/experiment.com\/users\/iwellguard","https:\/\/wakelet.com\/@iWellGuard82270","https:\/\/www.chordie.com\/forum\/profile.php?id=2555664","https:\/\/www.instapaper.com\/p\/17757966","https:\/\/www.mapleprimes.com\/users\/iwellguard","https:\/\/businesslistingplus.com\/profile\/iwell-guard\/","https:\/\/telegra.ph\/iWell-Guard-06-06","https:\/\/pbase.com\/iwellguard\/iwellguard","https:\/\/b.hatena.ne.jp\/iwellguard\/20260607#bookmark-4788405196491818882","https:\/\/fliphtml5.com\/home\/iwellguard","https:\/\/anyflip.com\/homepage\/cmiwl#About","https:\/\/transfur.com\/Users\/iwellguard","http:\/\/delphi.larsbo.org\/user\/iwellguard","https:\/\/jobs.lajobsportal.org\/profiles\/8380803-iwell-guard","https:\/\/md.chaosdorf.de\/s\/jfbe5SBdJD","https:\/\/www.lingvolive.com\/en-us\/profile\/9ecaeaca-ce11-4e51-9e71-01d55e2bff36\/translations","https:\/\/www.fitday.com\/fitness\/forums\/members\/iwellguard.html","https:\/\/www.mymeetbook.com\/iwellguard","https:\/\/pxhere.com\/en\/photographer-me\/5040798","https:\/\/disqus.com\/by\/iwellguard\/about\/","https:\/\/pastelink.net\/hjwciqwq","https:\/\/pubhtml5.com\/homepage\/scjhn\/","https:\/\/www.bitchute.com\/channel\/2O2eOKzNqujT","https:\/\/audiomack.com\/iwellguard"]}]}},"_links":{"self":[{"href":"https:\/\/iwell-guard.com\/is\/wp-json\/wp\/v2\/pages\/169258","targetHints":{"allow":["GET"]}}],"collection":[{"href":"https:\/\/iwell-guard.com\/is\/wp-json\/wp\/v2\/pages"}],"about":[{"href":"https:\/\/iwell-guard.com\/is\/wp-json\/wp\/v2\/types\/page"}],"author":[{"embeddable":true,"href":"https:\/\/iwell-guard.com\/is\/wp-json\/wp\/v2\/users\/3"}],"replies":[{"embeddable":true,"href":"https:\/\/iwell-guard.com\/is\/wp-json\/wp\/v2\/comments?post=169258"}],"version-history":[{"count":0,"href":"https:\/\/iwell-guard.com\/is\/wp-json\/wp\/v2\/pages\/169258\/revisions"}],"wp:featuredmedia":[{"embeddable":true,"href":"https:\/\/iwell-guard.com\/is\/wp-json\/wp\/v2\/media\/4147"}],"wp:attachment":[{"href":"https:\/\/iwell-guard.com\/is\/wp-json\/wp\/v2\/media?parent=169258"}],"wp:term":[{"taxonomy":"category","embeddable":true,"href":"https:\/\/iwell-guard.com\/is\/wp-json\/wp\/v2\/categories?post=169258"}],"curies":[{"name":"wp","href":"https:\/\/api.w.org\/{rel}","templated":true}]}}