{"id":169255,"date":"2026-09-05T14:06:53","date_gmt":"2026-09-05T14:06:53","guid":{"rendered":"https:\/\/iwell-guard.com\/?page_id=169255"},"modified":"2026-09-05T14:36:13","modified_gmt":"2026-09-05T14:36:13","slug":"verndartatoo-varanleg-merki-i-hudinni","status":"publish","type":"page","link":"https:\/\/iwell-guard.com\/is\/verndartatoo-varanleg-merki-i-hudinni\/","title":{"rendered":"Verndart\u00e1knmyndir \u2013 varanleg merki \u00ed h\u00fa\u00f0inni"},"content":{"rendered":"\t\t<div data-elementor-type=\"wp-page\" data-elementor-id=\"169255\" class=\"elementor elementor-169255 elementor-3747 elementor-bc-flex-widget\" data-elementor-post-type=\"page\">\n\t\t\t\t<div class=\"elementor-element elementor-element-iwgs-taetowierung-hero e-flex e-con-boxed e-con e-parent\" data-id=\"iwgs-taetowierung-hero\" data-element_type=\"container\" data-e-type=\"container\">\n\t\t\t\t\t<div class=\"e-con-inner\">\n\t\t<div class=\"elementor-element elementor-element-iwgs-taetowierung-hl e-flex e-con-boxed e-con e-parent\" data-id=\"iwgs-taetowierung-hl\" data-element_type=\"container\" data-e-type=\"container\">\n\t\t\t\t\t<div class=\"e-con-inner\">\n\t\t<div class=\"elementor-element elementor-element-iwgs-taetowierung-hlbox e-con-full e-flex e-con e-parent\" data-id=\"iwgs-taetowierung-hlbox\" data-element_type=\"container\" data-e-type=\"container\">\n\t\t\t\t<div class=\"elementor-element elementor-element-iwgs-taetowierung-h1 elementor-widget elementor-widget-heading\" data-id=\"iwgs-taetowierung-h1\" data-element_type=\"widget\" data-e-type=\"widget\" data-widget_type=\"heading.default\">\n\t\t\t\t\t<h1 class=\"elementor-heading-title elementor-size-default\">Verndartat\u00fai\u00f0: Varanleg verndart\u00e1kn \u00ed h\u00fa\u00f0inni<\/h1>\t\t\t\t<\/div>\n\t\t\t\t<div class=\"elementor-element elementor-element-iwgs-taetowierung-lead elementor-widget elementor-widget-text-editor\" data-id=\"iwgs-taetowierung-lead\" data-element_type=\"widget\" data-e-type=\"widget\" data-widget_type=\"text-editor.default\">\n\t\t\t\t\t\t\t\t\t<p>Verndartat\u00fai\u00f0 setur varanlegt verndart\u00e1kn \u00ed h\u00fa\u00f0ina. \u00d3l\u00edkt <span class=\"iwg-fachbegriff\" data-tooltip=\"Borinn hlutur sem talinn er hafa verndandi, \u00f3g\u00e6fuvarnandi \u00e1hrif.\" tabindex=\"0\">verndargrip<\/span> er ekki h\u00e6gt a\u00f0 leggja \u00fea\u00f0 til hli\u00f0ar e\u00f0a t\u00fdna \u00fev\u00ed, \u00fea\u00f0 er tengt l\u00edkama \u00feess sem ber \u00fea\u00f0.<\/p><p>\u00deessi grein setur verndartat\u00fai\u00f0 \u00ed tr\u00faarbrag\u00f0afr\u00e6\u00f0ilegt samhengi og rekur spor \u00feess fr\u00e1 <span class=\"iwg-fachbegriff\" data-tooltip=\"T\u00edmabil gr\u00edskrar og r\u00f3mverskrar menningar, u.\u00fe.b. 800 f.Kr. til 600 e.Kr.\" tabindex=\"0\">forn\u00f6ld<\/span> til n\u00fat\u00edmalegrar t\u00falkunar. \u00dear er ger\u00f0ur greinarmunur \u00e1 s\u00f6gulega sta\u00f0festum <span class=\"iwg-fachbegriff\" data-tooltip=\"Heildarsafn hef\u00f0a sem var\u00f0veist hafa innan samf\u00e9lags.\" tabindex=\"0\">venjum<\/span> og n\u00fat\u00edmalegri t\u00falkun.<\/p>\t\t\t\t\t\t\t\t<\/div>\n\t\t\t\t<\/div>\n\t\t\t\t<div class=\"elementor-element elementor-element-iwgs-taetowierung-pills elementor-widget elementor-widget-html\" data-id=\"iwgs-taetowierung-pills\" data-element_type=\"widget\" data-e-type=\"widget\" data-widget_type=\"html.default\">\n\t\t\t\t\t<div class=\"iwg-pill-row\"><span class=\"iwg-klasse-badge\" tabindex=\"0\" data-tooltip=\"Verndart\u00e1kn, verndargripur e\u00f0a verndandi hlutur.\">Verndart\u00e1kn<\/span><a href=\"https:\/\/iwell-guard.com\/is\/verndartakn\/\" class=\"iwg-kultur-badge\" tabindex=\"0\" data-tooltip=\"Verndarhef\u00f0: \u00devermenningarleg\">\u00devermenningarlegt<\/a><span class=\"iwg-tradition-badge\" tabindex=\"0\" data-tooltip=\"Almennt verkunarl\u00f6gm\u00e1l sem verndarsi\u00f0ir byggja \u00e1.\">Verndarl\u00f6gm\u00e1l<\/span><\/div>\t\t\t\t<\/div>\n\t\t\t\t\t<\/div>\n\t\t\t\t<\/div>\n\t\t<div class=\"elementor-element elementor-element-iwgs-taetowierung-hr e-con-full e-flex e-con e-parent\" data-id=\"iwgs-taetowierung-hr\" data-element_type=\"container\" data-e-type=\"container\">\n\t\t\t\t<div class=\"elementor-element elementor-element-iwgs-taetowierung-himg iwg-hero-image elementor-widget elementor-widget-image\" data-id=\"iwgs-taetowierung-himg\" data-element_type=\"widget\" data-e-type=\"widget\" data-widget_type=\"image.default\">\n\t\t\t\t\t\t\t\t\t\t\t\t\t\t\t<img fetchpriority=\"high\" decoding=\"async\" width=\"683\" height=\"1024\" src=\"https:\/\/iwell-guard.com\/wp-content\/uploads\/2026\/05\/schutzsymbol_universell_taetowierung-683x1024.webp\" class=\"attachment-large size-large wp-image-170468\" alt=\"H\u00fa\u00f0fl\u00far - verndart\u00e1kn, myndskreyting \u00ed safnst\u00edl\" srcset=\"https:\/\/iwell-guard.com\/wp-content\/uploads\/2026\/05\/schutzsymbol_universell_taetowierung-683x1024.webp 683w, https:\/\/iwell-guard.com\/wp-content\/uploads\/2026\/05\/schutzsymbol_universell_taetowierung-200x300.webp 200w, https:\/\/iwell-guard.com\/wp-content\/uploads\/2026\/05\/schutzsymbol_universell_taetowierung-768x1152.webp 768w, https:\/\/iwell-guard.com\/wp-content\/uploads\/2026\/05\/schutzsymbol_universell_taetowierung.webp 1024w\" sizes=\"(max-width: 683px) 100vw, 683px\" \/>\t\t\t\t\t\t\t\t\t\t\t\t\t\t\t<\/div>\n\t\t\t\t<\/div>\n\t\t\t\t\t<\/div>\n\t\t\t\t<\/div>\n\t\t<div class=\"elementor-element elementor-element-iwgs-taetowierung-s0 e-flex e-con-boxed e-con e-parent\" data-id=\"iwgs-taetowierung-s0\" data-element_type=\"container\" data-e-type=\"container\">\n\t\t\t\t\t<div class=\"e-con-inner\">\n\t\t\t\t<div class=\"elementor-element elementor-element-iwgs-taetowierung-s0h elementor-widget elementor-widget-heading\" data-id=\"iwgs-taetowierung-s0h\" data-element_type=\"widget\" data-e-type=\"widget\" data-widget_type=\"heading.default\">\n\t\t\t\t\t<h2 class=\"elementor-heading-title elementor-size-default\">Skilgreining: Hva\u00f0 er verndartat\u00fa<\/h2>\t\t\t\t<\/div>\n\t\t<div class=\"elementor-element elementor-element-iwgs-taetowierung-s0box e-con-full e-flex e-con e-parent\" data-id=\"iwgs-taetowierung-s0box\" data-element_type=\"container\" data-e-type=\"container\">\n\t\t\t\t<div class=\"elementor-element elementor-element-iwgs-taetowierung-s0t elementor-widget elementor-widget-text-editor\" data-id=\"iwgs-taetowierung-s0t\" data-element_type=\"widget\" data-e-type=\"widget\" data-widget_type=\"text-editor.default\">\n\t\t\t\t\t\t\t\t\t<p>Verndartat\u00fa er merki sem sett er \u00ed h\u00fa\u00f0ina og \u00fev\u00ed er eignu\u00f0 varnandi merking. \u00dea\u00f0 myndast me\u00f0 \u00fev\u00ed a\u00f0 lit er komi\u00f0 varanlega undir yfirbor\u00f0 h\u00fa\u00f0arins.<\/p><p>\u00dea\u00f0 s\u00e9rstaka vi\u00f0 verndartat\u00fai\u00f0 er varanleiki \u00feess og tengsl vi\u00f0 l\u00edkamann. <span class=\"iwg-fachbegriff\" data-tooltip=\"Borinn hlutur sem talinn er hafa verndandi, \u00f3g\u00e6fuvarnandi \u00e1hrif.\" tabindex=\"0\">Verndargrip<\/span> er h\u00e6gt a\u00f0 leggja til hli\u00f0ar, t\u00fdna e\u00f0a gleyma. Tattoo er \u00fe\u00f3 \u00e1fram tengt \u00feeim sem ber \u00fea\u00f0.<\/p><p>Myndefni verndartat\u00faa er mj\u00f6g fj\u00f6lbreytt. Var\u00f0veitt eru merki, t\u00e1kn, \u00e1letranir, tr\u00faarlegar myndir og geometr\u00edsk mynstur. Val \u00feeirra er h\u00e1\u00f0 vi\u00f0komandi menningu.<\/p><p>Tat\u00fai\u00f0 tengir saman tv\u00e6r verndarhugmyndir. \u00dea\u00f0 er \u00ed fyrsta lagi merki me\u00f0 eigna\u00f0a merkingu og \u00ed \u00f6\u00f0ru lagi varanlegt t\u00e1kn sem fylgir \u00feeim sem ber \u00fea\u00f0 alla \u00e6vi.<\/p><p>Innan <a href=\"https:\/\/iwell-guard.com\/is\/verndartakn\/\">verndart\u00e1kna<\/a> er verndartat\u00fai\u00f0 s\u00e9rtilvik. \u00dea\u00f0 er ekki a\u00f0skilinn hlutur, heldur or\u00f0i\u00f0 hluti af l\u00edkamanum. \u00dear me\u00f0 er \u00fea\u00f0 \u00f3l\u00edkt \u00f6llum verndargripum sem h\u00e6gt er a\u00f0 leggja fr\u00e1 s\u00e9r.<\/p><p>Verndartat\u00fai\u00f0 er einnig oft merki um tilheyrslu. \u00dea\u00f0 getur s\u00fdnt a\u00f0 einstaklingur tilheyri h\u00f3pi, tr\u00faarbr\u00f6g\u00f0um e\u00f0a sta\u00f0, og \u00feessa tilheyrslu m\u00e1 skilja sem hluta af verndinni.<\/p><p>Verndartat\u00fai\u00f0 stendur \u00e1 milli skarts, j\u00e1tningar og verndargrips, \u00e1n \u00feess a\u00f0 festast vi\u00f0 eina \u00feessara hli\u00f0a. Sama merki\u00f0 getur samt\u00edmis pr\u00fdtt, s\u00fdnt tilheyrslu og bori\u00f0 verndandi merkingu. \u00deessi margbreytileiki er hluti af e\u00f0li tat\u00fasins.<\/p>\t\t\t\t\t\t\t\t<\/div>\n\t\t\t\t<\/div>\n\t\t\t\t\t<\/div>\n\t\t\t\t<\/div>\n\t\t<div class=\"elementor-element elementor-element-iwgs-taetowierung-s1 e-flex e-con-boxed e-con e-parent\" data-id=\"iwgs-taetowierung-s1\" data-element_type=\"container\" data-e-type=\"container\">\n\t\t\t\t\t<div class=\"e-con-inner\">\n\t\t\t\t<div class=\"elementor-element elementor-element-iwgs-taetowierung-s1h elementor-widget elementor-widget-heading\" data-id=\"iwgs-taetowierung-s1h\" data-element_type=\"widget\" data-e-type=\"widget\" data-widget_type=\"heading.default\">\n\t\t\t\t\t<h2 class=\"elementor-heading-title elementor-size-default\">Uppruni og s\u00f6guleg d\u00fdpt verndartat\u00fasins<\/h2>\t\t\t\t<\/div>\n\t\t<div class=\"elementor-element elementor-element-iwgs-taetowierung-s1box e-con-full e-flex e-con e-parent\" data-id=\"iwgs-taetowierung-s1box\" data-element_type=\"container\" data-e-type=\"container\">\n\t\t\t\t<div class=\"elementor-element elementor-element-iwgs-taetowierung-s1t elementor-widget elementor-widget-text-editor\" data-id=\"iwgs-taetowierung-s1t\" data-element_type=\"widget\" data-e-type=\"widget\" data-widget_type=\"text-editor.default\">\n\t\t\t\t\t\t\t\t\t<p>Tat\u00fa er me\u00f0al elstu \u00feekktu forma l\u00edkamsbreytingar. Fundir \u00e1 var\u00f0veittum l\u00edkamsleifum fr\u00e1 fors\u00f6gulegum t\u00edma s\u00fdna a\u00f0 f\u00f3lk var tat\u00faera\u00f0 \u00feegar fyrir m\u00f6rgum \u00e1r\u00fe\u00fasundum.<\/p><p>\u00deekktasti fundurinn er j\u00f6kulm\u00fam\u00eda fr\u00e1 Alpafj\u00f6llum, en \u00e1 l\u00edkama hennar eru m\u00f6rg tat\u00fa. Um n\u00e1kv\u00e6ma merkingu \u00feessara merkja eru \u00fdmsar tilg\u00e1tur, en engin \u00f6ruggt svar er m\u00f6gulegt.<\/p><p>Fr\u00e1 t\u00edma fara\u00f3anna \u00ed Egyptalandi eru \u00feekktir tat\u00faera\u00f0ir l\u00edkamar, a\u00f0allega kvenna. T\u00falkun \u00feessara tat\u00faa er umdeild \u00ed fr\u00e6\u00f0unum, en verndandi tengsl eru me\u00f0al annars talin m\u00f6guleg.<\/p><p>\u00cd gr\u00edskum og r\u00f3mverskum heimi var tat\u00fa \u00fatbreitt, oft \u00fe\u00f3 me\u00f0 neikv\u00e6\u00f0u mati. \u00dea\u00f0 var a\u00f0 hluta til nota\u00f0 til a\u00f0 merkja \u00f3frj\u00e1lsa einstaklinga, en var a\u00f0 hluta bori\u00f0 af \u00e1kve\u00f0num h\u00f3pum.<\/p><p>\u00cd m\u00f6rgum menningarheimum utan Evr\u00f3pu hefur tat\u00fa r\u00edka og j\u00e1kv\u00e6tt metna s\u00f6gu. \u00cd hlutum As\u00edu, \u00e1 Kyrrahafssv\u00e6\u00f0inu og \u00ed \u00f6\u00f0rum sv\u00e6\u00f0um er \u00fea\u00f0 r\u00f3tfast \u00ed tr\u00faarlegu og samf\u00e9lagslegu l\u00edfi.<\/p><p>\u00cd heild s\u00fdnir \u00feetta a\u00f0 tat\u00fa spannar mj\u00f6g langt t\u00edmabil og margar menningar. Mat \u00e1 \u00fev\u00ed var mj\u00f6g misjafnt, fr\u00e1 afneitun til mikillar vir\u00f0ingar.<\/p><p>\u00cd Evr\u00f3pu breyttist mat \u00e1 tat\u00fai \u00edtreka\u00f0. \u00c1 mi\u00f0\u00f6ldum og fram \u00e1 fyrri n\u00fd\u00f6ld var \u00fea\u00f0 l\u00edti\u00f0 \u00fatbreitt, \u00e1 n\u00edtj\u00e1ndu \u00f6ld var \u00fea\u00f0 tali\u00f0 merki \u00e1kve\u00f0inna starfsst\u00e9tta, og \u00e1 tuttugustu \u00f6ld var \u00fea\u00f0 sm\u00e1m saman teki\u00f0 inn \u00ed almenna t\u00edsku. \u00deessi breytilega mat s\u00fdnir hversu sterk tengsl tat\u00fa hefur vi\u00f0 samf\u00e9lagslegar hugmyndir.<\/p>\t\t\t\t\t\t\t\t<\/div>\n\t\t\t\t<\/div>\n\t\t\t\t\t<\/div>\n\t\t\t\t<\/div>\n\t\t<div class=\"elementor-element elementor-element-iwgs-taetowierung-s2 e-flex e-con-boxed e-con e-parent\" data-id=\"iwgs-taetowierung-s2\" data-element_type=\"container\" data-e-type=\"container\">\n\t\t\t\t\t<div class=\"e-con-inner\">\n\t\t\t\t<div class=\"elementor-element elementor-element-iwgs-taetowierung-s2h elementor-widget elementor-widget-heading\" data-id=\"iwgs-taetowierung-s2h\" data-element_type=\"widget\" data-e-type=\"widget\" data-widget_type=\"heading.default\">\n\t\t\t\t\t<h2 class=\"elementor-heading-title elementor-size-default\">Grunnhugmyndin um varanlega merkingu<\/h2>\t\t\t\t<\/div>\n\t\t<div class=\"elementor-element elementor-element-iwgs-taetowierung-s2box e-con-full e-flex e-con e-parent\" data-id=\"iwgs-taetowierung-s2box\" data-element_type=\"container\" data-e-type=\"container\">\n\t\t\t\t<div class=\"elementor-element elementor-element-iwgs-taetowierung-s2t elementor-widget elementor-widget-text-editor\" data-id=\"iwgs-taetowierung-s2t\" data-element_type=\"widget\" data-e-type=\"widget\" data-widget_type=\"text-editor.default\">\n\t\t\t\t\t\t\t\t\t<p>Kjarninn \u00ed hugmyndinni um verndart\u00f6frun er varanleikinn. T\u00e1kni\u00f0 er greypt \u00ed h\u00fa\u00f0ina og ver\u00f0ur \u00fear til sta\u00f0ar. \u00dea\u00f0 er ekki h\u00e6gt a\u00f0 t\u00fdna \u00fev\u00ed e\u00f0a gleyma \u00fev\u00ed, og n\u00e1kv\u00e6mlega \u00feessi festa var talin til kosta.<\/p><p>\u00d6nnur hugmynd er \u00f3a\u00f0skiljanleikinn fr\u00e1 l\u00edkamanum. Borinn <span class=\"iwg-fachbegriff\" data-tooltip=\"Hlutur sem borinn er \u00e1 l\u00edkamanum og talinn hafa verndandi, \u00f3g\u00e6fuvarnandi m\u00e1tt.\" tabindex=\"0\">gripur<\/span> er hlutur vi\u00f0 hli\u00f0 l\u00edkamans. H\u00fa\u00f0fl\u00fari\u00f0 hins vegar hefur or\u00f0i\u00f0 hluti af l\u00edkamanum og fylgir honum \u00e1n rofa.<\/p><p>\u00dear vi\u00f0 b\u00e6tist hugmyndin um s\u00e1rsaukann vi\u00f0 h\u00fa\u00f0fl\u00farunina. \u00cd sumum sagnahef\u00f0um var s\u00e1rsaukinn sem fylgdi h\u00fa\u00f0fl\u00faruninni talinn merkingarb\u00e6r \u00ed sj\u00e1lfu s\u00e9r, hluti af \u00fev\u00ed sem \u00e1tti a\u00f0 gera t\u00e1kni\u00f0 m\u00e1ttugt.<\/p><p>H\u00fa\u00f0fl\u00fara\u00f0a t\u00e1kni\u00f0 ber s\u00f6mu merkingu og samsvarandi <span class=\"iwg-fachbegriff\" data-tooltip=\"Endurteki\u00f0 innihaldslegt stef \u00ed list e\u00f0a fr\u00e1s\u00f6gn.\" tabindex=\"0\">stef<\/span> \u00e1 <span class=\"iwg-fachbegriff\" data-tooltip=\"Hlutur sem borinn er \u00e1 l\u00edkamanum og talinn hafa verndandi, \u00f3g\u00e6fuvarnandi m\u00e1tt.\" tabindex=\"0\">grip<\/span>. H\u00fa\u00f0fl\u00fara\u00f0 augnat\u00e1kn e\u00f0a h\u00fa\u00f0fl\u00fara\u00f0ur \u00e1letrun tengist s\u00f6mu t\u00falkun \u00feessara stefja.<\/p><p>\u00dear vi\u00f0 b\u00e6tist merkingin sem s\u00fdnileg j\u00e1tning. H\u00fa\u00f0fl\u00fari\u00f0 s\u00fdnir tilheyrslu opinberlega. \u00deessi s\u00fdnilega binding vi\u00f0 h\u00f3p e\u00f0a tr\u00faarbr\u00f6g\u00f0 var a\u00f0 hluta til sj\u00e1lf talin verndandi.<\/p><p>Hugmyndirnar sem l\u00fdst er h\u00e9r eru menningars\u00f6gulegar sk\u00fdringar. \u00de\u00e6r l\u00fdsa \u00fev\u00ed hvers vegna varanlegu t\u00e1kni var gefin verndandi merking, og skr\u00e1 tr\u00fa. \u00de\u00e6r eru engin s\u00f6nnun fyrir virkni. Fr\u00e6\u00f0in l\u00fdsa hugmyndinni \u00e1n \u00feess a\u00f0 sta\u00f0festa hana.<\/p><p>\u00dear vi\u00f0 b\u00e6tist hugmyndin um a\u00f0 t\u00e1kni\u00f0 eldist me\u00f0 bera \u00feess og fari me\u00f0 honum. \u00d3l\u00edkt <span class=\"iwg-fachbegriff\" data-tooltip=\"Hlutur sem borinn er \u00e1 l\u00edkamanum og talinn hafa verndandi, \u00f3g\u00e6fuvarnandi m\u00e1tt.\" tabindex=\"0\">grip<\/span>, sem lifir manninn af, er h\u00fa\u00f0fl\u00fari\u00f0 bundi\u00f0 einu einst\u00f6ku l\u00edfi. \u00deessi n\u00e1na binding vi\u00f0 einstakling var a\u00f0 hluta sj\u00e1lf talin hluti af merkingu \u00feess.<\/p>\t\t\t\t\t\t\t\t<\/div>\n\t\t\t\t<\/div>\n\t\t\t\t\t<\/div>\n\t\t\t\t<\/div>\n\t\t<div class=\"elementor-element elementor-element-iwgs-taetowierung-s3 e-flex e-con-boxed e-con e-parent\" data-id=\"iwgs-taetowierung-s3\" data-element_type=\"container\" data-e-type=\"container\">\n\t\t\t\t\t<div class=\"e-con-inner\">\n\t\t\t\t<div class=\"elementor-element elementor-element-iwgs-taetowierung-s3h elementor-widget elementor-widget-heading\" data-id=\"iwgs-taetowierung-s3h\" data-element_type=\"widget\" data-e-type=\"widget\" data-widget_type=\"heading.default\">\n\t\t\t\t\t<h2 class=\"elementor-heading-title elementor-size-default\">D\u00e6mi fr\u00e1 forn\u00f6ld og Austurl\u00f6ndum n\u00e6r<\/h2>\t\t\t\t<\/div>\n\t\t<div class=\"elementor-element elementor-element-iwgs-taetowierung-s3box e-con-full e-flex e-con e-parent\" data-id=\"iwgs-taetowierung-s3box\" data-element_type=\"container\" data-e-type=\"container\">\n\t\t\t\t<div class=\"elementor-element elementor-element-iwgs-taetowierung-s3t elementor-widget elementor-widget-text-editor\" data-id=\"iwgs-taetowierung-s3t\" data-element_type=\"widget\" data-e-type=\"widget\" data-widget_type=\"text-editor.default\">\n\t\t\t\t\t\t\t\t\t<p>Alpaj\u00f6kulm\u00fam\u00edan ber fj\u00f6lda h\u00fa\u00f0fl\u00fara \u00ed formi strika og punkta. Hvort \u00feessi t\u00e1kn hafi haft verndandi merkingu er ekki fullsanna\u00f0, l\u00e6knisfr\u00e6\u00f0ileg t\u00falkun er einnig talin m\u00f6guleg.<\/p><p>Fr\u00e1 Egyptalandi fara\u00f3anna eru \u00feekktir h\u00fa\u00f0fl\u00fara\u00f0ir kvenl\u00edkamar. Sumir fr\u00e6\u00f0imenn tengja \u00feessi h\u00fa\u00f0fl\u00far vi\u00f0 vernd \u00e1 me\u00f0g\u00f6ngu og \u00ed f\u00e6\u00f0ingu, a\u00f0rir t\u00falka \u00feau \u00e1 annan h\u00e1tt.<\/p><p>\u00cd gr\u00edskum og r\u00f3mverskum heimi var h\u00fa\u00f0fl\u00farun \u00feekkt, en var oftast talin merki um l\u00e1ga st\u00f6\u00f0u e\u00f0a erlendan uppruna. Verndandi notkun er sjaldnar \u00ed brennidepli \u00e1 \u00feessu sv\u00e6\u00f0i.<\/p><p>Fr\u00e1 Austurl\u00f6ndum n\u00e6r eru var\u00f0veitt h\u00fa\u00f0fl\u00far sem tengdust \u00fev\u00ed a\u00f0 tilheyra <span class=\"iwg-fachbegriff\" data-tooltip=\"Heilagur sta\u00f0ur helga\u00f0ur d\u00fdrkun gu\u00f0d\u00f3ms.\" tabindex=\"0\">helgista\u00f0<\/span> e\u00f0a tr\u00faarlegu samf\u00e9lagi. Sl\u00edk merki \u00fe\u00f3ttu t\u00e1kn um tengsl.<\/p><p>Me\u00f0al kristinna p\u00edlagr\u00edma \u00fer\u00f3a\u00f0ist s\u00ed\u00f0ar s\u00e1 <span class=\"iwg-fachbegriff\" data-tooltip=\"Hef\u00f0bundin ath\u00f6fn sem endurtekin er reglulega innan samf\u00e9lags.\" tabindex=\"0\">si\u00f0ur<\/span> a\u00f0 l\u00e1ta h\u00fa\u00f0fl\u00fara sig \u00e1 helgum st\u00f6\u00f0um. \u00deessi p\u00edlagr\u00edmsh\u00fa\u00f0fl\u00farun tengdi varanlegt merki vi\u00f0 tr\u00faarlega fer\u00f0.<\/p><p>\u00deessi d\u00e6mi s\u00fdna a\u00f0 h\u00fa\u00f0fl\u00farun var \u00feekkt \u00ed forn\u00f6ld vi\u00f0 Mi\u00f0jar\u00f0arhafi\u00f0 og \u00ed Austurl\u00f6ndum n\u00e6r. Mat og merking hennar voru mj\u00f6g \u00f3l\u00edk eftir menningarheimum.<\/p><p>Einnig fr\u00e1 r\u00edki Sk\u00fd\u00fea eru \u00feekktir h\u00fa\u00f0fl\u00fara\u00f0ir l\u00edkamar sem var\u00f0veist hafa \u00ed grafhaugum evras\u00edsku steppunnar. H\u00fa\u00f0 \u00feeirra ber listilegar d\u00fdramyndir, en merking \u00feeirra er umdeild me\u00f0al fr\u00e6\u00f0imanna. \u00deessar fornleifar s\u00fdna a\u00f0 h\u00fa\u00f0fl\u00farun var \u00fatbreidd langt \u00fat fyrir Mi\u00f0jar\u00f0arhafssv\u00e6\u00f0i\u00f0 \u00e1 <span class=\"iwg-fachbegriff\" data-tooltip=\"T\u00edmabil gr\u00edskrar og r\u00f3mverskrar menningar, u.\u00fe.b. 800 f.Kr. til 600 e.Kr.\" tabindex=\"0\">forn\u00f6ld<\/span>.<\/p>\t\t\t\t\t\t\t\t<\/div>\n\t\t\t\t<\/div>\n\t\t\t\t\t<\/div>\n\t\t\t\t<\/div>\n\t\t<div class=\"elementor-element elementor-element-iwgs-taetowierung-s4 e-flex e-con-boxed e-con e-parent\" data-id=\"iwgs-taetowierung-s4\" data-element_type=\"container\" data-e-type=\"container\">\n\t\t\t\t\t<div class=\"e-con-inner\">\n\t\t\t\t<div class=\"elementor-element elementor-element-iwgs-taetowierung-s4h elementor-widget elementor-widget-heading\" data-id=\"iwgs-taetowierung-s4h\" data-element_type=\"widget\" data-e-type=\"widget\" data-widget_type=\"heading.default\">\n\t\t\t\t\t<h2 class=\"elementor-heading-title elementor-size-default\">D\u00e6mi \u00far evr\u00f3pskri \u00fej\u00f3\u00f0tr\u00faargaldri<\/h2>\t\t\t\t<\/div>\n\t\t<div class=\"elementor-element elementor-element-iwgs-taetowierung-s4box e-con-full e-flex e-con e-parent\" data-id=\"iwgs-taetowierung-s4box\" data-element_type=\"container\" data-e-type=\"container\">\n\t\t\t\t<div class=\"elementor-element elementor-element-iwgs-taetowierung-s4t elementor-widget elementor-widget-text-editor\" data-id=\"iwgs-taetowierung-s4t\" data-element_type=\"widget\" data-e-type=\"widget\" data-widget_type=\"text-editor.default\">\n\t\t\t\t\t\t\t\t\t<p>\u00cd Evr\u00f3pu var h\u00fa\u00f0fl\u00farun lengi vel l\u00edti\u00f0 \u00fatbreidd og oft neikv\u00e6tt metin. \u00d3l\u00edkt m\u00f6rgum menningarheimum utan Evr\u00f3pu spila\u00f0i h\u00fan minna hlutverk \u00ed evr\u00f3pskum heimilissi\u00f0um.<\/p><p>Mikilv\u00e6gt evr\u00f3pskt d\u00e6mi er p\u00edlagr\u00edmsh\u00fa\u00f0fl\u00fari\u00f0. <span class=\"iwg-fachbegriff\" data-tooltip=\"Manneskja sem fer \u00ed tr\u00faarlega fer\u00f0 til helgs sta\u00f0ar.\" tabindex=\"0\">P\u00edlagr\u00edmar<\/span> l\u00e9tu h\u00fa\u00f0fl\u00fara sig \u00e1 p\u00edlagr\u00edmsst\u00f6\u00f0um, t\u00e1kn sem sta\u00f0festi fer\u00f0ina og var einnig tali\u00f0 merki um tr\u00faarlega bindingu.<\/p><p>\u00cd nokkrum sv\u00e6\u00f0um Su\u00f0austur-Evr\u00f3pu er var\u00f0veitt eldri hef\u00f0 kristinna verndarh\u00fa\u00f0fl\u00fara. Krossar og tr\u00faarleg t\u00e1kn voru greypt \u00ed h\u00fa\u00f0ina og tengd verndandi t\u00falkun.<\/p><p>\u00deessi su\u00f0austur-evr\u00f3psku h\u00fa\u00f0fl\u00far voru a\u00f0 hluta borin \u00e1 t\u00edmum tr\u00faarlegrar k\u00fagunar. Varanlega t\u00e1kni\u00f0 s\u00fdndi opinberlega tilheyrslu vi\u00f0 tr\u00faarsamf\u00e9lag.<\/p><p>Fr\u00e1sagnir af sl\u00edkum h\u00fa\u00f0fl\u00farum skr\u00e1 v\u00e6ntingar \u00feeirra sem b\u00e1ru \u00feau, ekki sta\u00f0festa virkni. \u00de\u00e6r s\u00fdna a\u00f0 varanlega t\u00e1kni\u00f0 var skili\u00f0 sem tj\u00e1ning bindingar og \u00f6ryggis.<\/p><p>\u00c1 n\u00edtj\u00e1ndu og upphafi tuttugustu aldar var h\u00fa\u00f0fl\u00farun \u00ed Evr\u00f3pu a\u00f0allega \u00fatbreidd innan \u00e1kve\u00f0inna starfsst\u00e9tta, svo sem me\u00f0al sj\u00f3manna. Verndandi stef spilu\u00f0u \u00fear nokkurt hlutverk.<\/p><p>Fr\u00e1 landinu helga er var\u00f0veitt verkst\u00e6\u00f0i allt fr\u00e1 lokum mi\u00f0alda, \u00fear sem <span class=\"iwg-fachbegriff\" data-tooltip=\"Manneskja sem fer \u00ed tr\u00faarlega fer\u00f0 til helgs sta\u00f0ar.\" tabindex=\"0\">p\u00edlagr\u00edmar<\/span> l\u00e9tu h\u00fa\u00f0fl\u00fara t\u00e1kn fer\u00f0ar sinnar. \u00cd margar kynsl\u00f3\u00f0ir st\u00f6rfu\u00f0u s\u00f6mu fj\u00f6lskyldurnar \u00fear, og tr\u00e9m\u00f3t \u00feeirra hafa var\u00f0veist. P\u00edlagr\u00edmsh\u00fa\u00f0fl\u00fari\u00f0 tengdi \u00feannig varanlega t\u00e1kni\u00f0 vi\u00f0 fastan sta\u00f0 og langa <span class=\"iwg-fachbegriff\" data-tooltip=\"Mi\u00f0lun \u00feekkingar og fr\u00e1sagna kynsl\u00f3\u00f0 fram af kynsl\u00f3\u00f0.\" tabindex=\"0\">munnm\u00e6las\u00f6gu<\/span>.<\/p>\t\t\t\t\t\t\t\t<\/div>\n\t\t\t\t<\/div>\n\t\t\t\t\t<\/div>\n\t\t\t\t<\/div>\n\t\t<div class=\"elementor-element elementor-element-iwgs-taetowierung-s5 e-flex e-con-boxed e-con e-parent\" data-id=\"iwgs-taetowierung-s5\" data-element_type=\"container\" data-e-type=\"container\">\n\t\t\t\t\t<div class=\"e-con-inner\">\n\t\t\t\t<div class=\"elementor-element elementor-element-iwgs-taetowierung-s5h elementor-widget elementor-widget-heading\" data-id=\"iwgs-taetowierung-s5h\" data-element_type=\"widget\" data-e-type=\"widget\" data-widget_type=\"heading.default\">\n\t\t\t\t\t<h2 class=\"elementor-heading-title elementor-size-default\">D\u00e6mi fr\u00e1 As\u00edu og \u00f6\u00f0rum menningarheimum<\/h2>\t\t\t\t<\/div>\n\t\t<div class=\"elementor-element elementor-element-iwgs-taetowierung-s5box e-con-full e-flex e-con e-parent\" data-id=\"iwgs-taetowierung-s5box\" data-element_type=\"container\" data-e-type=\"container\">\n\t\t\t\t<div class=\"elementor-element elementor-element-iwgs-taetowierung-s5t elementor-widget elementor-widget-text-editor\" data-id=\"iwgs-taetowierung-s5t\" data-element_type=\"widget\" data-e-type=\"widget\" data-widget_type=\"text-editor.default\">\n\t\t\t\t\t\t\t\t\t<p>\u00cd Su\u00f0austur-As\u00edu er verndart\u00e1knmyndataka r\u00edk og lifandi hef\u00f0. \u00cd m\u00f6rgum l\u00f6ndum sv\u00e6\u00f0isins bera menn tatt\u00faveru\u00f0 ritt\u00e1kn, t\u00e1kn og myndir sem eiga a\u00f0 hafa verndandi merkingu.<\/p><p>Sl\u00edkar h\u00fa\u00f0fl\u00farsmyndir eru \u00ed sumum hef\u00f0um stungnar af tr\u00faarlegum s\u00e9rfr\u00e6\u00f0ingum og fylgja \u00feeim or\u00f0 og <span class=\"iwg-fachbegriff\" data-tooltip=\"\u00d3sk um heill og verndun, oft \u00ed fastri m\u00e1lformi.\" tabindex=\"0\">blessun<\/span>. Ger\u00f0in fylgir \u00fe\u00e1 hef\u00f0bundinni skipan.<\/p><p>\u00cd Japan hefur h\u00fa\u00f0fl\u00farslistin s\u00edna eigin, listr\u00e6nu s\u00f6gu. St\u00f3r h\u00fa\u00f0fl\u00far me\u00f0 tr\u00faarlegum og go\u00f0s\u00f6gulegum myndefnum eru \u00feekkt \u00fear, og mat \u00e1 \u00feeim hefur breyst \u00ed gegnum t\u00ed\u00f0ina.<\/p><p>\u00c1 Kyrrahafssv\u00e6\u00f0inu er h\u00fa\u00f0fl\u00farsger\u00f0 r\u00f3tgr\u00f3in \u00ed samf\u00e9lags- og tr\u00faarl\u00edfi. H\u00fa\u00f0fl\u00faru\u00f0 munstur s\u00fdna tengsl, st\u00f6\u00f0u og s\u00f6gu einstaklings og bera margv\u00edslega merkingu.<\/p><p>\u00devert \u00e1 \u00feessi sv\u00e6\u00f0i kemur \u00ed lj\u00f3s a\u00f0 verndart\u00e1knmyndataka er ekki <span class=\"iwg-fachbegriff\" data-tooltip=\"Endurteki\u00f0 innihaldsatri\u00f0i \u00ed list e\u00f0a fr\u00e1s\u00f6gn.\" tabindex=\"0\">stef<\/span> einnar tiltekinnar menningar. \u00cd mj\u00f6g \u00f3l\u00edkum hef\u00f0um hefur varanlegu t\u00e1kninu veri\u00f0 gefin verndandi merking.<\/p><p>Fj\u00f6lbreytni d\u00e6manna s\u00fdnir a\u00f0 skilja m\u00e1 verndart\u00e1knmyndat\u00f6ku sem grundvallarreglu. H\u00fan kemur fram alls sta\u00f0ar \u00fear sem verndart\u00e1kni er \u00e6tla\u00f0 a\u00f0 tengjast l\u00edkamanum varanlega.<\/p><p>Einnig \u00ed hlutum Nor\u00f0ur-Afr\u00edku og \u00ed Austurl\u00f6ndum n\u00e6r var h\u00fa\u00f0fl\u00farsger\u00f0 kvenna algeng allt fram \u00e1 tuttugustu \u00f6ld. Punkta- og l\u00ednumunstur \u00ed andliti og \u00e1 h\u00f6ndum voru tengd verndun, l\u00e6kningu og tilheyrslu. \u00deessi hef\u00f0 hefur n\u00fa a\u00f0 mestu horfi\u00f0, en er vel skjalfest \u00ed \u00fej\u00f3\u00f0fr\u00e6\u00f0ilegum heimildum.<\/p>\t\t\t\t\t\t\t\t<\/div>\n\t\t\t\t<\/div>\n\t\t\t\t\t<\/div>\n\t\t\t\t<\/div>\n\t\t<div class=\"elementor-element elementor-element-iwgs-taetowierung-s6 e-flex e-con-boxed e-con e-parent\" data-id=\"iwgs-taetowierung-s6\" data-element_type=\"container\" data-e-type=\"container\">\n\t\t\t\t\t<div class=\"e-con-inner\">\n\t\t\t\t<div class=\"elementor-element elementor-element-iwgs-taetowierung-s6h elementor-widget elementor-widget-heading\" data-id=\"iwgs-taetowierung-s6h\" data-element_type=\"widget\" data-e-type=\"widget\" data-widget_type=\"heading.default\">\n\t\t\t\t\t<h2 class=\"elementor-heading-title elementor-size-default\">Notkun \u00ed rit\u00faali og daglegu l\u00edfi<\/h2>\t\t\t\t<\/div>\n\t\t<div class=\"elementor-element elementor-element-iwgs-taetowierung-s6box e-con-full e-flex e-con e-parent\" data-id=\"iwgs-taetowierung-s6box\" data-element_type=\"container\" data-e-type=\"container\">\n\t\t\t\t<div class=\"elementor-element elementor-element-iwgs-taetowierung-s6t elementor-widget elementor-widget-text-editor\" data-id=\"iwgs-taetowierung-s6t\" data-element_type=\"widget\" data-e-type=\"widget\" data-widget_type=\"text-editor.default\">\n\t\t\t\t\t\t\t\t\t<p>Verndart\u00e1knmyndataka hefst me\u00f0 stungunni. \u00cd m\u00f6rgum hef\u00f0um er \u00feessi ath\u00f6fn sj\u00e1lf <span class=\"iwg-fachbegriff\" data-tooltip=\"Skipul\u00f6g\u00f0 r\u00f6\u00f0 t\u00e1knger\u00f0ra athafna me\u00f0 tr\u00faarlega e\u00f0a menningarlega merkingu.\" tabindex=\"0\">helgisi\u00f0ur<\/span>, sem tr\u00faarlegur s\u00e9rfr\u00e6\u00f0ingur framkv\u00e6mir og fylgja or\u00f0 og <span class=\"iwg-fachbegriff\" data-tooltip=\"\u00d3sk um heill og verndun, oft \u00ed fastri m\u00e1lformi.\" tabindex=\"0\">blessun<\/span>.<\/p><p>Oft eru <span class=\"iwg-fachbegriff\" data-tooltip=\"Endurteki\u00f0 innihaldsatri\u00f0i \u00ed list e\u00f0a fr\u00e1s\u00f6gn.\" tabindex=\"0\">stefi\u00f0<\/span>, sta\u00f0urinn \u00e1 l\u00edkamanum og t\u00edmasetningin \u00e1kve\u00f0in fyrirfram. \u00c1kve\u00f0in t\u00e1kn eru sett \u00e1 \u00e1kve\u00f0na l\u00edkamssta\u00f0i, og tilefni h\u00fa\u00f0fl\u00farsger\u00f0arinnar getur veri\u00f0 bundi\u00f0 tilteknu \u00e6viskei\u00f0i.<\/p><p>\u00d3l\u00edkt <span class=\"iwg-fachbegriff\" data-tooltip=\"Hlutur sem borinn er og talinn hafa verndandi, \u00f3g\u00e6fuafst\u00fdrandi verkun.\" tabindex=\"0\">verndargrip<\/span> \u00fearf h\u00fa\u00f0fl\u00fari\u00f0 ekki a\u00f0 endurn\u00fdja e\u00f0a bera me\u00f0 s\u00e9r. \u00dea\u00f0 er varanlegt eftir stunguna og fylgir bera \u00feess \u00e1n frekari fyrirhafnar.<\/p><p>\u00cd sumum hef\u00f0um er verndart\u00e1knmyndataka bundin heg\u00f0unarreglum. S\u00e1 sem ber sl\u00edkt t\u00e1kn \u00e1 a\u00f0 fara eftir \u00e1kve\u00f0num fyrirm\u00e6lum svo t\u00e1kni\u00f0 haldi \u00feeirri merkingu sem \u00fev\u00ed er eignu\u00f0.<\/p><p>P\u00edlagr\u00edmsh\u00fa\u00f0fl\u00fari\u00f0 var bundi\u00f0 hinni tr\u00faarlegu fer\u00f0. \u00dea\u00f0 var stungi\u00f0 vi\u00f0 lok <span class=\"iwg-fachbegriff\" data-tooltip=\"Tr\u00faarlega hv\u00f6tu\u00f0 fer\u00f0 til helgs sta\u00f0ar.\" tabindex=\"0\">p\u00edlagr\u00edmsfer\u00f0ar<\/span> og var varanlegur vitnisbur\u00f0ur um farna fer\u00f0 \u00e1 l\u00edkama p\u00edlagr\u00edmsins.<\/p><p>Engin ein samr\u00e6md helgisi\u00f0askipan er til fyrir verndart\u00e1knmyndat\u00f6ku. N\u00e1kv\u00e6m \u00fatf\u00e6rsla var h\u00e1\u00f0 sv\u00e6\u00f0i, tr\u00faarbr\u00f6g\u00f0um og hef\u00f0, og hefur \u00fej\u00f3\u00f0fr\u00e6\u00f0ileg og mannfr\u00e6\u00f0ileg ranns\u00f3kn \u00edtreka\u00f0 sta\u00f0fest \u00fea\u00f0.<\/p><p>Einnig um\u00f6nnun n\u00fdstungins h\u00fa\u00f0fl\u00fars var \u00ed sumum hef\u00f0um \u00e1kve\u00f0in n\u00e1kv\u00e6mlega. \u00c1kve\u00f0inn matur, athafnir og sta\u00f0ir voru taldir varasamir \u00e1 me\u00f0an \u00e1 l\u00e6kningat\u00edmanum st\u00f3\u00f0. Sl\u00edkar reglur s\u00fdna a\u00f0 verndart\u00e1knmyndataka lauk ekki me\u00f0 stungunni sj\u00e1lfri, heldur var hluti af lengri <span class=\"iwg-fachbegriff\" data-tooltip=\"Hef\u00f0bundin ath\u00f6fn sem er endurtekin reglulega \u00ed samf\u00e9lagi.\" tabindex=\"0\">venju<\/span>.<\/p>\t\t\t\t\t\t\t\t<\/div>\n\t\t\t\t<\/div>\n\t\t\t\t\t<\/div>\n\t\t\t\t<\/div>\n\t\t<div class=\"elementor-element elementor-element-iwgs-taetowierung-s7 e-flex e-con-boxed e-con e-parent\" data-id=\"iwgs-taetowierung-s7\" data-element_type=\"container\" data-e-type=\"container\">\n\t\t\t\t\t<div class=\"e-con-inner\">\n\t\t\t\t<div class=\"elementor-element elementor-element-iwgs-taetowierung-s7h elementor-widget elementor-widget-heading\" data-id=\"iwgs-taetowierung-s7h\" data-element_type=\"widget\" data-e-type=\"widget\" data-widget_type=\"heading.default\">\n\t\t\t\t\t<h2 class=\"elementor-heading-title elementor-size-default\">Skyldar verndarformir og afm\u00f6rkun<\/h2>\t\t\t\t<\/div>\n\t\t<div class=\"elementor-element elementor-element-iwgs-taetowierung-s7box e-con-full e-flex e-con e-parent\" data-id=\"iwgs-taetowierung-s7box\" data-element_type=\"container\" data-e-type=\"container\">\n\t\t\t\t<div class=\"elementor-element elementor-element-iwgs-taetowierung-s7t elementor-widget elementor-widget-text-editor\" data-id=\"iwgs-taetowierung-s7t\" data-element_type=\"widget\" data-e-type=\"widget\" data-widget_type=\"text-editor.default\">\n\t\t\t\t\t\t\t\t\t<p>Verndart\u00e1knmyndataka er n\u00e1i\u00f0 skyld myndverndargripum. M\u00f6rg h\u00fa\u00f0fl\u00faru\u00f0 myndefni samsvara \u00feeim myndefnum sem eru einnig borin sem <a href=\"https:\/\/iwell-guard.com\/is\/?page_id=169134\">verndargripur e\u00f0a talismani<\/a>. <span class=\"iwg-fachbegriff\" data-tooltip=\"Endurteki\u00f0 innihaldsatri\u00f0i \u00ed list e\u00f0a fr\u00e1s\u00f6gn.\" tabindex=\"0\">Stefi\u00f0<\/span> er hi\u00f0 sama, en bur\u00f0ara\u00f0fer\u00f0in er \u00f6nnur.<\/p><p>H\u00fa\u00f0fl\u00farsger\u00f0 er einnig n\u00e1i\u00f0 tengd skriftarverndargripum. H\u00fa\u00f0fl\u00faru\u00f0 or\u00f0, form\u00falur og t\u00e1kn tengjast \u00feeirri hugmynd a\u00f0 skrift sj\u00e1lf geti bori\u00f0 verndandi merkingu.<\/p><p>Fr\u00e1 bornum <span class=\"iwg-fachbegriff\" data-tooltip=\"Hlutur sem borinn er og talinn hafa verndandi, \u00f3g\u00e6fuafst\u00fdrandi verkun.\" tabindex=\"0\">verndargrip<\/span> a\u00f0greinist h\u00fa\u00f0fl\u00fari\u00f0 me\u00f0 \u00f3a\u00f0skiljanleika s\u00ednum. <span class=\"iwg-fachbegriff\" data-tooltip=\"Hlutur sem borinn er og talinn hafa verndandi, \u00f3g\u00e6fuafst\u00fdrandi verkun.\" tabindex=\"0\">Verndargripur<\/span> er hlutur a\u00f0skilinn fr\u00e1 l\u00edkamanum og m\u00e1 taka af s\u00e9r. H\u00fa\u00f0fl\u00fari\u00f0 hefur or\u00f0i\u00f0 hluti l\u00edkamans.<\/p><p>H\u00fa\u00f0fl\u00farsger\u00f0 er einnig skyld \u00f6\u00f0rum varanlegum l\u00edkamsmerkjum, svo sem \u00f6rvefsmerkingu. H\u00fan setur einnig t\u00e1kn \u00f3afm\u00e1anlega \u00ed h\u00fa\u00f0ina og getur bori\u00f0 verndandi e\u00f0a tilheyrslu\u00e1kve\u00f0na merkingu.<\/p><p>M\u00f6rk eru til gagnvart h\u00fa\u00f0fl\u00fari sem hreinu skarti e\u00f0a tj\u00e1ningu pers\u00f3nulegrar h\u00f6nnunar. Ekki hvert h\u00fa\u00f0fl\u00far ber verndandi t\u00falkun. \u00dea\u00f0 sem r\u00e6\u00f0ur \u00farslitum er hin afst\u00fdrandi virkni sem \u00fev\u00ed er eignu\u00f0.<\/p><p>\u00deessi flokkun \u00ed n\u00e1grenni hj\u00e1lpar til vi\u00f0 a\u00f0 skilgreina verndart\u00e1knmyndat\u00f6ku n\u00e1kv\u00e6mlega. H\u00fan er verndart\u00e1kn tengt varanlega l\u00edkamanum og er \u00f3l\u00edk fr\u00e1 b\u00e6\u00f0i fr\u00e1skiljanlegum <span class=\"iwg-fachbegriff\" data-tooltip=\"Hlutur sem borinn er og talinn hafa verndandi, \u00f3g\u00e6fuafst\u00fdrandi verkun.\" tabindex=\"0\">verndargrip<\/span> og hreinu l\u00edkamsskarti.<\/p><p>M\u00f6rk eru einnig til gagnvart h\u00fa\u00f0fl\u00fari sem refsingu e\u00f0a \u00fevingu\u00f0u merki. \u00cd m\u00f6rgum menningarheimum voru menn h\u00fa\u00f0fl\u00fara\u00f0ir gegn vilja s\u00ednum til a\u00f0 merkja \u00fe\u00e1. \u00deessi \u00fevinga\u00f0a merking fylgir eigin s\u00f6gu og ver\u00f0ur a\u00f0 a\u00f0greina sk\u00fdrt fr\u00e1 hinni f\u00faslega bornu verndart\u00e1knmyndat\u00f6ku.<\/p>\t\t\t\t\t\t\t\t<\/div>\n\t\t\t\t<\/div>\n\t\t\t\t\t<\/div>\n\t\t\t\t<\/div>\n\t\t<div class=\"elementor-element elementor-element-iwgs-taetowierung-s8 e-flex e-con-boxed e-con e-parent\" data-id=\"iwgs-taetowierung-s8\" data-element_type=\"container\" data-e-type=\"container\">\n\t\t\t\t\t<div class=\"e-con-inner\">\n\t\t\t\t<div class=\"elementor-element elementor-element-iwgs-taetowierung-s8h elementor-widget elementor-widget-heading\" data-id=\"iwgs-taetowierung-s8h\" data-element_type=\"widget\" data-e-type=\"widget\" data-widget_type=\"heading.default\">\n\t\t\t\t\t<h2 class=\"elementor-heading-title elementor-size-default\">N\u00fat\u00edmaleg vi\u00f0taka verndart\u00e1knmyndat\u00f6ku<\/h2>\t\t\t\t<\/div>\n\t\t<div class=\"elementor-element elementor-element-iwgs-taetowierung-s8box e-con-full e-flex e-con e-parent\" data-id=\"iwgs-taetowierung-s8box\" data-element_type=\"container\" data-e-type=\"container\">\n\t\t\t\t<div class=\"elementor-element elementor-element-iwgs-taetowierung-s8t elementor-widget elementor-widget-text-editor\" data-id=\"iwgs-taetowierung-s8t\" data-element_type=\"widget\" data-e-type=\"widget\" data-widget_type=\"text-editor.default\">\n\t\t\t\t\t\t\t\t\t<p>H\u00fa\u00f0fl\u00far er \u00ed dag \u00fatbreitt \u00ed m\u00f6rgum samf\u00e9l\u00f6gum og er yfirleitt skili\u00f0 sem tj\u00e1ning pers\u00f3nulegs st\u00edls. Hin eldri, verndandi merking hefur \u00fear horfi\u00f0 \u00ed bakgrunninn.<\/p><p>\u00cd Su\u00f0austur-As\u00edu eru verndarh\u00fa\u00f0fl\u00far enn stungin \u00ed tr\u00faarlegu samhengi. \u00deau vekja einnig al\u00fej\u00f3\u00f0lega athygli, sem kallar fram spurningar um hvernig eigi a\u00f0 umgangast erlenda hef\u00f0 me\u00f0 vi\u00f0eigandi h\u00e6tti.<\/p><p>\u00cd n\u00fat\u00edma <span class=\"iwg-fachbegriff\" data-tooltip=\"Samheiti yfir kenningar sem gera kr\u00f6fu um hulda \u00feekkingu sem a\u00f0eins innv\u00edg\u00f0ir hafa a\u00f0gang a\u00f0.\" tabindex=\"0\">es\u00f3ter\u00edk<\/span> er sumum h\u00fa\u00f0fl\u00farsmyndefnum eignu\u00f0 verndandi e\u00f0a styrkjandi eiginleikar. Sl\u00edkar fullyr\u00f0ingar eru \u00f3sta\u00f0festar og \u00e6tti a\u00f0 sko\u00f0a me\u00f0 gagnr\u00fdnum augum.<\/p><p>\u00cd d\u00e6gurmenningu koma verndarh\u00fa\u00f0fl\u00far oft fram sem s\u00f6gustef. Kvikmyndir, sk\u00e1lds\u00f6gur og t\u00f6lvuleikir s\u00fdna h\u00fa\u00f0fl\u00faru\u00f0 t\u00e1kn sem eiga a\u00f0 veita eigendum s\u00ednum s\u00e9rstaka eiginleika.<\/p><p>Fyrir <span class=\"iwg-fachbegriff\" data-tooltip=\"V\u00edsindagrein sem rannsakar tr\u00faarbr\u00f6g\u00f0 samanbur\u00f0arlega og \u00e1n tr\u00faarlegrar afst\u00f6\u00f0u.\" tabindex=\"0\">tr\u00faarbrag\u00f0afr\u00e6\u00f0i<\/span> er verndarh\u00fa\u00f0fl\u00fari\u00f0 l\u00e6rd\u00f3msr\u00edkt d\u00e6mi. \u00dea\u00f0 s\u00fdnir hvernig verndart\u00e1kn gat breyst \u00far a\u00f0skildum hlut \u00ed varanlegan hluta l\u00edkamans.<\/p><p>\u00deeir sem fjalla um verndarh\u00fa\u00f0fl\u00far \u00ed dag finna \u00ed \u00fev\u00ed fyrst og fremst menningars\u00f6gulegt efni. Yfirvegu\u00f0 umfj\u00f6llun a\u00f0skilur sta\u00f0festa s\u00f6gu h\u00fa\u00f0fl\u00farsins fr\u00e1 n\u00fat\u00edma fullyr\u00f0ingum um verkun sem standast ekki sko\u00f0un.<\/p><p>\u00cd ranns\u00f3knum \u00e1 var\u00f0veittum l\u00edk\u00f6mum \u00far \u00eds, m\u00fdri og ey\u00f0im\u00f6rk er h\u00fa\u00f0fl\u00far vi\u00f0urkennt ranns\u00f3knarefni. Me\u00f0 myndgreiningara\u00f0fer\u00f0um eru m\u00e1\u00f0 t\u00e1kn ger\u00f0 s\u00fdnileg a\u00f0 n\u00fdju og skr\u00e1\u00f0. \u00deannig er saga h\u00fa\u00f0fl\u00farsins \u00e1\u00fereifanleg jafnvel \u00fear sem skriflegar heimildir skortir.<\/p>\t\t\t\t\t\t\t\t<\/div>\n\t\t\t\t<\/div>\n\t\t\t\t\t<\/div>\n\t\t\t\t<\/div>\n\t\t<div class=\"elementor-element elementor-element-iwgs-taetowierung-lit e-flex e-con-boxed e-con e-parent\" data-id=\"iwgs-taetowierung-lit\" data-element_type=\"container\" data-e-type=\"container\">\n\t\t\t\t\t<div class=\"e-con-inner\">\n\t\t\t\t<div class=\"elementor-element elementor-element-iwgs-taetowierung-lith elementor-widget elementor-widget-heading\" data-id=\"iwgs-taetowierung-lith\" data-element_type=\"widget\" data-e-type=\"widget\" data-widget_type=\"heading.default\">\n\t\t\t\t\t<h2 class=\"elementor-heading-title elementor-size-default\">Heimildir (\u00farval)<\/h2>\t\t\t\t<\/div>\n\t\t<div class=\"elementor-element elementor-element-iwgs-taetowierung-litbox e-con-full e-flex e-con e-parent\" data-id=\"iwgs-taetowierung-litbox\" data-element_type=\"container\" data-e-type=\"container\">\n\t\t\t\t<div class=\"elementor-element elementor-element-iwgs-taetowierung-litt elementor-widget elementor-widget-html\" data-id=\"iwgs-taetowierung-litt\" data-element_type=\"widget\" data-e-type=\"widget\" data-widget_type=\"html.default\">\n\t\t\t\t\t<footer data-nosnippet=\"true\"><ul><li>Stephan Oettermann: <em>Zeichen auf der Haut. Die Geschichte der T\u00e4towierung in Europa<\/em> (1979)<\/li><li>Liselotte Hansmann, Lenz Kriss-Rettenbeck: <em>Amulett und Talisman. Erscheinungsform und Geschichte<\/em> (1966)<\/li><li>Konrad Spindler: <em>Der Mann im Eis. Die \u00d6tztaler Mumie<\/em> (1993)<\/li><li>Alfred Gell: <em>Wrapping in Images. Tattooing in Polynesia<\/em> (1993)<\/li><li>Hanns B\u00e4chtold-St\u00e4ubli (Hrsg.): <em>Handw\u00f6rterbuch des deutschen Aberglaubens<\/em> (1927-1942)<\/li><\/ul><\/footer>\t\t\t\t<\/div>\n\t\t\t\t<\/div>\n\t\t\t\t\t<\/div>\n\t\t\t\t<\/div>\n\t\t<div class=\"elementor-element elementor-element-iwgs-taetowierung-kwd e-flex e-con-boxed e-con e-parent\" data-id=\"iwgs-taetowierung-kwd\" data-element_type=\"container\" data-e-type=\"container\">\n\t\t\t\t\t<div class=\"e-con-inner\">\n\t\t\t\t<div class=\"elementor-element elementor-element-iwgs-taetowierung-kwdt elementor-widget elementor-widget-text-editor\" data-id=\"iwgs-taetowierung-kwdt\" data-element_type=\"widget\" data-e-type=\"widget\" data-widget_type=\"text-editor.default\">\n\t\t\t\t\t\t\t\t\t<p><em>Tengd leitaror\u00f0: verndarh\u00fa\u00f0fl\u00far h\u00fa\u00f0fl\u00far h\u00fa\u00f0t\u00e1kn p\u00edlagr\u00edmsh\u00fa\u00f0fl\u00far Sak Yant l\u00edkamst\u00e1kn varanlegt verndart\u00e1kn \u00f6rvefsmerking <span class=\"iwg-fachbegriff\" data-tooltip=\"Sem f\u00e6lir fr\u00e1 illu: um t\u00e1kn og hluti sem \u00e6tla\u00f0 er a\u00f0 halda ska\u00f0legum \u00e1hrifum \u00ed fjarl\u00e6g\u00f0.\" tabindex=\"0\">ap\u00f3tr\u00f3pa\u00edskt<\/span> h\u00fa\u00f0fl\u00far.<\/em><\/p>\t\t\t\t\t\t\t\t<\/div>\n\t\t\t\t\t<\/div>\n\t\t\t\t<\/div>\n\t\t<div class=\"elementor-element elementor-element-iwgs-taetowierung-cc e-flex e-con-boxed e-con e-parent\" data-id=\"iwgs-taetowierung-cc\" data-element_type=\"container\" data-e-type=\"container\" id=\"iwg-cc-taetowierung\">\n\t\t\t\t\t<div class=\"e-con-inner\">\n\t\t<div class=\"elementor-element elementor-element-iwgs-taetowierung-ccinner e-flex e-con-boxed e-con e-parent\" data-id=\"iwgs-taetowierung-ccinner\" data-element_type=\"container\" data-e-type=\"container\" data-settings=\"{&quot;background_background&quot;:&quot;classic&quot;}\">\n\t\t\t\t\t<div class=\"e-con-inner\">\n\t\t\t\t<div class=\"elementor-element elementor-element-iwgs-taetowierung-cch elementor-widget elementor-widget-heading\" data-id=\"iwgs-taetowierung-cch\" data-element_type=\"widget\" data-e-type=\"widget\" data-widget_type=\"heading.default\">\n\t\t\t\t\t<h2 class=\"elementor-heading-title elementor-size-default\">iWell Guard og verndarhef\u00f0ir<\/h2>\t\t\t\t<\/div>\n\t\t\t\t<div class=\"elementor-element elementor-element-iwgs-taetowierung-cct elementor-widget elementor-widget-text-editor\" data-id=\"iwgs-taetowierung-cct\" data-element_type=\"widget\" data-e-type=\"widget\" data-widget_type=\"text-editor.default\">\n\t\t\t\t\t\t\t\t\t<p>iWell Guard er hluti af menningars\u00f6gulegri hef\u00f0 handh\u00e6gra verndargripa, sem verndarh\u00fa\u00f0fl\u00fari\u00f0 tilheyrir einnig. N\u00fat\u00edmalegur fylgihlutur fyrir f\u00f3lk sem lifir me\u00f0 verndart\u00e1knum: framleiddur \u00ed \u00de\u00fdskalandi, 41 lag \u00far alv\u00f6ru gulli, plat\u00ednu og silfri, me\u00f0 30 daga skilar\u00e9tti.<\/p>\t\t\t\t\t\t\t\t<\/div>\n\t\t\t\t<div class=\"elementor-element elementor-element-iwgs-taetowierung-ccb iwg-cc-button iwg-cc-cta-2026-05-13 elementor-widget elementor-widget-jet-button\" data-id=\"iwgs-taetowierung-ccb\" data-element_type=\"widget\" data-e-type=\"widget\" data-widget_type=\"jet-button.default\">\n\t\t\t\t<div class=\"elementor-widget-container\">\n\t\t\t\t\t<div class=\"elementor-jet-button jet-elements\"><div class=\"jet-button__container\"><a class=\"jet-button__instance jet-button__instance--icon-left hover-effect-1\" href=\"\/schutzanhaenger-iwell-guard-kaufen\/?utm_source=iwell-guard.com&amp;utm_medium=info-box&amp;utm_campaign=schutzsymbole\"><div class=\"jet-button__plane jet-button__plane-normal\"><\/div><div class=\"jet-button__plane jet-button__plane-hover\"><\/div><div class=\"jet-button__state jet-button__state-normal\"><span class=\"jet-button__label\">Meira um iWell Guard<\/span><\/div><div class=\"jet-button__state jet-button__state-hover\"><span class=\"jet-button__label\">Meira um iWell Guard<\/span><\/div><\/a><\/div><\/div><style>.elementor-element.elementor-element-iwgs-taetowierung-ccb .jet-button__instance{width:320px;height:56px;}.elementor-element.elementor-element-iwgs-taetowierung-ccb .jet-button__state-normal .jet-button__label{text-align:center;margin:0px 0px 0px 0px;color:#1a1b20;font-family:Montserrat,sans-serif;font-size:13px;font-weight:400;letter-spacing:4px;line-height:1.714em;text-transform:uppercase;}.elementor-element.elementor-element-iwgs-taetowierung-ccb .jet-button__state-hover .jet-button__label{text-align:center;margin:0px 0px 0px 0px;color:#FECC76;font-family:Montserrat,sans-serif;font-size:13px;font-weight:400;letter-spacing:4px;line-height:1.714em;text-transform:uppercase;}.elementor-element.elementor-element-iwgs-taetowierung-ccb .jet-button__plane-normal{background-color:#FECC76;border-style:solid;border-color:#C99540;border-width:2px 2px 2px 2px;}.elementor-element.elementor-element-iwgs-taetowierung-ccb .jet-button__plane-hover{background-color:rgba(0,0,0,0.55);border-style:solid;border-color:#FECC76;border-width:2px 2px 2px 2px;}<\/style>\t\t\t\t<\/div>\n\t\t\t\t<\/div>\n\t\t\t\t<div class=\"elementor-element elementor-element-iwgs-taetowierung-ccd elementor-widget elementor-widget-text-editor\" data-id=\"iwgs-taetowierung-ccd\" data-element_type=\"widget\" data-e-type=\"widget\" data-widget_type=\"text-editor.default\">\n\t\t\t\t\t\t\t\t\t<p style=\"text-align:center;font-size:13px;opacity:0.7;margin-top:14px\" data-nosnippet=\"true\">Pers\u00f3nuleg reynsla getur veri\u00f0 mismunandi. Ekki l\u00e6kningat\u00e6ki. Engin lofor\u00f0 um l\u00e6kningu.<\/p>\t\t\t\t\t\t\t\t<\/div>\n\t\t\t\t\t<\/div>\n\t\t\t\t<\/div>\n\t\t\t\t\t<\/div>\n\t\t\t\t<\/div>\n\t\t<div class=\"elementor-element elementor-element-iwgs-taetowierung-disc e-flex e-con-boxed e-con e-parent\" data-id=\"iwgs-taetowierung-disc\" data-element_type=\"container\" data-e-type=\"container\">\n\t\t\t\t\t<div class=\"e-con-inner\">\n\t\t\t\t<div class=\"elementor-element elementor-element-iwgs-taetowierung-discw elementor-widget elementor-widget-html\" data-id=\"iwgs-taetowierung-discw\" data-element_type=\"widget\" data-e-type=\"widget\" data-widget_type=\"html.default\">\n\t\t\t\t\t<footer data-nosnippet=\"true\" class=\"iwg-disclaimer-block\"><p data-nosnippet=\"true\">iWell Guard er <strong>ekki l\u00e6kningat\u00e6ki<\/strong> og kemur ekki \u00ed sta\u00f0 l\u00e6knis- e\u00f0a s\u00e1lfr\u00e6\u00f0ime\u00f0fer\u00f0ar. Innihaldi\u00f0 sem h\u00e9r er sett fram er tr\u00faarbrag\u00f0afr\u00e6\u00f0ileg og menningars\u00f6gulega greining, ekki lofor\u00f0 um andlega virkni.<\/p><\/footer>\t\t\t\t<\/div>\n\t\t\t\t\t<\/div>\n\t\t\t\t<\/div>\n\t\t\t\t<\/div>\n\t\t","protected":false},"excerpt":{"rendered":"","protected":false},"author":3,"featured_media":3585,"parent":0,"menu_order":0,"comment_status":"closed","ping_status":"closed","template":"elementor_header_footer","meta":{"_yoast_wpseo_focuskw":"Verndartat\u00fa","_yoast_wpseo_title":"Verndartat\u00fa sem verndart\u00e1kn","_yoast_wpseo_metadesc":"Verndartat\u00fai\u00f0 sem verndarregl\u0430: varanleg verndart\u00e1kn sem sett eru \u00ed h\u00fa\u00f0ina, me\u00f0 d\u00e6mum \u00far forn\u00f6ld, \u00fej\u00f3\u00f0tr\u00fa og As\u00edu.","_yoast_wpseo_meta-robots-noindex":"","_yoast_wpseo_canonical":"","_angie_page":false,"gefaehrdungsstufe":"","wesen_kultur":"","wesen_klasse":"","footnotes":""},"categories":[],"class_list":["post-169255","page","type-page","status-publish","has-post-thumbnail","hentry"],"yoast_head":"<!-- This site is optimized with the Yoast SEO Premium plugin v27.7 (Yoast SEO v28.3) - https:\/\/yoast.com\/product\/yoast-seo-premium-wordpress\/ -->\n<title>Verndartat\u00fa sem verndart\u00e1kn<\/title>\n<meta name=\"description\" content=\"Verndartat\u00fai\u00f0 sem verndarregl\u0430: varanleg verndart\u00e1kn sem sett eru \u00ed h\u00fa\u00f0ina, me\u00f0 d\u00e6mum \u00far forn\u00f6ld, \u00fej\u00f3\u00f0tr\u00fa og As\u00edu.\" \/>\n<meta name=\"robots\" content=\"index, follow, max-snippet:-1, max-image-preview:large, max-video-preview:-1\" \/>\n<link rel=\"canonical\" href=\"https:\/\/iwell-guard.com\/is\/verndartatoo-varanleg-merki-i-hudinni\/\" \/>\n<meta property=\"og:locale\" content=\"is_IS\" \/>\n<meta property=\"og:type\" content=\"article\" \/>\n<meta property=\"og:title\" content=\"Verndart\u00e1knmyndir \u2013 varanleg merki \u00ed h\u00fa\u00f0inni\" \/>\n<meta property=\"og:description\" content=\"Verndartat\u00fai\u00f0 sem verndarregl\u0430: varanleg verndart\u00e1kn sem sett eru \u00ed h\u00fa\u00f0ina, me\u00f0 d\u00e6mum \u00far forn\u00f6ld, \u00fej\u00f3\u00f0tr\u00fa og As\u00edu.\" \/>\n<meta property=\"og:url\" content=\"https:\/\/iwell-guard.com\/is\/verndartatoo-varanleg-merki-i-hudinni\/\" \/>\n<meta property=\"og:site_name\" content=\"iWell Guard\" \/>\n<meta property=\"article:modified_time\" content=\"2026-09-05T14:36:13+00:00\" \/>\n<meta property=\"og:image\" content=\"https:\/\/iwell-guard.com\/wp-content\/uploads\/2026\/05\/schutzsymbol_universell_taetowierung.webp\" \/>\n\t<meta property=\"og:image:width\" content=\"1024\" \/>\n\t<meta property=\"og:image:height\" content=\"1536\" \/>\n\t<meta property=\"og:image:type\" content=\"image\/webp\" \/>\n<meta name=\"twitter:card\" content=\"summary_large_image\" \/>\n<script type=\"application\/ld+json\" class=\"yoast-schema-graph\">{\"@context\":\"https:\\\/\\\/schema.org\",\"@graph\":[{\"@type\":\"WebPage\",\"@id\":\"https:\\\/\\\/iwell-guard.com\\\/is\\\/verndartatoo-varanleg-merki-i-hudinni\\\/\",\"url\":\"https:\\\/\\\/iwell-guard.com\\\/is\\\/verndartatoo-varanleg-merki-i-hudinni\\\/\",\"name\":\"Verndartat\u00fa sem verndart\u00e1kn\",\"isPartOf\":{\"@id\":\"https:\\\/\\\/iwell-guard.com\\\/is\\\/#website\"},\"primaryImageOfPage\":{\"@id\":\"https:\\\/\\\/iwell-guard.com\\\/is\\\/verndartatoo-varanleg-merki-i-hudinni\\\/#primaryimage\"},\"image\":{\"@id\":\"https:\\\/\\\/iwell-guard.com\\\/is\\\/verndartatoo-varanleg-merki-i-hudinni\\\/#primaryimage\"},\"thumbnailUrl\":\"https:\\\/\\\/iwell-guard.com\\\/wp-content\\\/uploads\\\/2026\\\/05\\\/schutzsymbol_universell_taetowierung.webp\",\"datePublished\":\"2026-09-05T14:06:53+00:00\",\"dateModified\":\"2026-09-05T14:36:13+00:00\",\"description\":\"Verndartat\u00fai\u00f0 sem verndarregl\u0430: varanleg verndart\u00e1kn sem sett eru \u00ed h\u00fa\u00f0ina, me\u00f0 d\u00e6mum \u00far forn\u00f6ld, \u00fej\u00f3\u00f0tr\u00fa og As\u00edu.\",\"breadcrumb\":{\"@id\":\"https:\\\/\\\/iwell-guard.com\\\/is\\\/verndartatoo-varanleg-merki-i-hudinni\\\/#breadcrumb\"},\"inLanguage\":\"is\",\"potentialAction\":[{\"@type\":\"ReadAction\",\"target\":[\"https:\\\/\\\/iwell-guard.com\\\/is\\\/verndartatoo-varanleg-merki-i-hudinni\\\/\"]}]},{\"@type\":\"ImageObject\",\"inLanguage\":\"is\",\"@id\":\"https:\\\/\\\/iwell-guard.com\\\/is\\\/verndartatoo-varanleg-merki-i-hudinni\\\/#primaryimage\",\"url\":\"https:\\\/\\\/iwell-guard.com\\\/wp-content\\\/uploads\\\/2026\\\/05\\\/schutzsymbol_universell_taetowierung.webp\",\"contentUrl\":\"https:\\\/\\\/iwell-guard.com\\\/wp-content\\\/uploads\\\/2026\\\/05\\\/schutzsymbol_universell_taetowierung.webp\",\"width\":1024,\"height\":1536,\"caption\":\"Verndart\u00e1kn. Myndskreyting \u00ed safnst\u00edl.\"},{\"@type\":\"BreadcrumbList\",\"@id\":\"https:\\\/\\\/iwell-guard.com\\\/is\\\/verndartatoo-varanleg-merki-i-hudinni\\\/#breadcrumb\",\"itemListElement\":[{\"@type\":\"ListItem\",\"position\":1,\"name\":\"Start\",\"item\":\"https:\\\/\\\/iwell-guard.com\\\/is\\\/?page_id=168580\"},{\"@type\":\"ListItem\",\"position\":2,\"name\":\"Verndart\u00e1knmyndir \u2013 varanleg merki \u00ed h\u00fa\u00f0inni\"}]},{\"@type\":\"WebSite\",\"@id\":\"https:\\\/\\\/iwell-guard.com\\\/is\\\/#website\",\"url\":\"https:\\\/\\\/iwell-guard.com\\\/is\\\/\",\"name\":\"iWell Guard\",\"description\":\"Schutz vor dunklen Einfl\u00fcssen\",\"publisher\":{\"@id\":\"https:\\\/\\\/iwell-guard.com\\\/is\\\/#organization\"},\"potentialAction\":[{\"@type\":\"SearchAction\",\"target\":{\"@type\":\"EntryPoint\",\"urlTemplate\":\"https:\\\/\\\/iwell-guard.com\\\/is\\\/?s={search_term_string}\"},\"query-input\":{\"@type\":\"PropertyValueSpecification\",\"valueRequired\":true,\"valueName\":\"search_term_string\"}}],\"inLanguage\":\"is\"},{\"@type\":\"Organization\",\"@id\":\"https:\\\/\\\/iwell-guard.com\\\/is\\\/#organization\",\"name\":\"Ittermann electronic GmbH\",\"url\":\"https:\\\/\\\/iwell-guard.com\\\/is\\\/\",\"logo\":{\"@type\":\"ImageObject\",\"inLanguage\":\"is\",\"@id\":\"https:\\\/\\\/iwell-guard.com\\\/is\\\/#\\\/schema\\\/logo\\\/image\\\/\",\"url\":\"https:\\\/\\\/iwell-guard.com\\\/wp-content\\\/uploads\\\/2026\\\/05\\\/Ittermann-Logo-1182x237-1.png\",\"contentUrl\":\"https:\\\/\\\/iwell-guard.com\\\/wp-content\\\/uploads\\\/2026\\\/05\\\/Ittermann-Logo-1182x237-1.png\",\"width\":1182,\"height\":237,\"caption\":\"Ittermann electronic GmbH\"},\"image\":{\"@id\":\"https:\\\/\\\/iwell-guard.com\\\/is\\\/#\\\/schema\\\/logo\\\/image\\\/\"},\"sameAs\":[\"https:\\\/\\\/pantip.com\\\/profile\\\/9367242\",\"https:\\\/\\\/micro.blog\\\/iwellguard\",\"https:\\\/\\\/www.diggerslist.com\\\/iwellguard\\\/about\",\"https:\\\/\\\/skitterphoto.com\\\/photographers\\\/2870314\\\/iwell-guard\",\"https:\\\/\\\/iwellguard.wordpress.com\\\/2026\\\/06\\\/06\\\/iwell-guard\\\/\",\"https:\\\/\\\/hub.docker.com\\\/u\\\/iwellguard\",\"https:\\\/\\\/www.pinterest.com\\\/iwellguard\\\/\",\"https:\\\/\\\/bit.ly\\\/m\\\/iwellguard\",\"https:\\\/\\\/entre-vos-mains.alsace.eu\\\/profiles\\\/iwellguard\\\/activity\",\"https:\\\/\\\/gravatar.com\\\/reallybeded8fd34\",\"https:\\\/\\\/naijamatta.com\\\/iwellguard\",\"https:\\\/\\\/www.goodreads.com\\\/iwellguard\",\"https:\\\/\\\/profile.hatena.ne.jp\\\/iwellguard\\\/\",\"https:\\\/\\\/experiment.com\\\/users\\\/iwellguard\",\"https:\\\/\\\/wakelet.com\\\/@iWellGuard82270\",\"https:\\\/\\\/www.chordie.com\\\/forum\\\/profile.php?id=2555664\",\"https:\\\/\\\/www.instapaper.com\\\/p\\\/17757966\",\"https:\\\/\\\/www.mapleprimes.com\\\/users\\\/iwellguard\",\"https:\\\/\\\/businesslistingplus.com\\\/profile\\\/iwell-guard\\\/\",\"https:\\\/\\\/telegra.ph\\\/iWell-Guard-06-06\",\"https:\\\/\\\/pbase.com\\\/iwellguard\\\/iwellguard\",\"https:\\\/\\\/b.hatena.ne.jp\\\/iwellguard\\\/20260607#bookmark-4788405196491818882\",\"https:\\\/\\\/fliphtml5.com\\\/home\\\/iwellguard\",\"https:\\\/\\\/anyflip.com\\\/homepage\\\/cmiwl#About\",\"https:\\\/\\\/transfur.com\\\/Users\\\/iwellguard\",\"http:\\\/\\\/delphi.larsbo.org\\\/user\\\/iwellguard\",\"https:\\\/\\\/jobs.lajobsportal.org\\\/profiles\\\/8380803-iwell-guard\",\"https:\\\/\\\/md.chaosdorf.de\\\/s\\\/jfbe5SBdJD\",\"https:\\\/\\\/www.lingvolive.com\\\/en-us\\\/profile\\\/9ecaeaca-ce11-4e51-9e71-01d55e2bff36\\\/translations\",\"https:\\\/\\\/www.fitday.com\\\/fitness\\\/forums\\\/members\\\/iwellguard.html\",\"https:\\\/\\\/www.mymeetbook.com\\\/iwellguard\",\"https:\\\/\\\/pxhere.com\\\/en\\\/photographer-me\\\/5040798\",\"https:\\\/\\\/disqus.com\\\/by\\\/iwellguard\\\/about\\\/\",\"https:\\\/\\\/pastelink.net\\\/hjwciqwq\",\"https:\\\/\\\/pubhtml5.com\\\/homepage\\\/scjhn\\\/\",\"https:\\\/\\\/www.bitchute.com\\\/channel\\\/2O2eOKzNqujT\",\"https:\\\/\\\/audiomack.com\\\/iwellguard\"]}]}<\/script>\n<!-- \/ Yoast SEO Premium plugin. -->","yoast_head_json":{"title":"Verndartat\u00fa sem verndart\u00e1kn","description":"Verndartat\u00fai\u00f0 sem verndarregl\u0430: varanleg verndart\u00e1kn sem sett eru \u00ed h\u00fa\u00f0ina, me\u00f0 d\u00e6mum \u00far forn\u00f6ld, \u00fej\u00f3\u00f0tr\u00fa og As\u00edu.","robots":{"index":"index","follow":"follow","max-snippet":"max-snippet:-1","max-image-preview":"max-image-preview:large","max-video-preview":"max-video-preview:-1"},"canonical":"https:\/\/iwell-guard.com\/is\/verndartatoo-varanleg-merki-i-hudinni\/","og_locale":"is_IS","og_type":"article","og_title":"Verndart\u00e1knmyndir \u2013 varanleg merki \u00ed h\u00fa\u00f0inni","og_description":"Verndartat\u00fai\u00f0 sem verndarregl\u0430: varanleg verndart\u00e1kn sem sett eru \u00ed h\u00fa\u00f0ina, me\u00f0 d\u00e6mum \u00far forn\u00f6ld, \u00fej\u00f3\u00f0tr\u00fa og As\u00edu.","og_url":"https:\/\/iwell-guard.com\/is\/verndartatoo-varanleg-merki-i-hudinni\/","og_site_name":"iWell Guard","article_modified_time":"2026-09-05T14:36:13+00:00","og_image":[{"width":1024,"height":1536,"url":"https:\/\/iwell-guard.com\/wp-content\/uploads\/2026\/05\/schutzsymbol_universell_taetowierung.webp","type":"image\/webp"}],"twitter_card":"summary_large_image","schema":{"@context":"https:\/\/schema.org","@graph":[{"@type":"WebPage","@id":"https:\/\/iwell-guard.com\/is\/verndartatoo-varanleg-merki-i-hudinni\/","url":"https:\/\/iwell-guard.com\/is\/verndartatoo-varanleg-merki-i-hudinni\/","name":"Verndartat\u00fa sem verndart\u00e1kn","isPartOf":{"@id":"https:\/\/iwell-guard.com\/is\/#website"},"primaryImageOfPage":{"@id":"https:\/\/iwell-guard.com\/is\/verndartatoo-varanleg-merki-i-hudinni\/#primaryimage"},"image":{"@id":"https:\/\/iwell-guard.com\/is\/verndartatoo-varanleg-merki-i-hudinni\/#primaryimage"},"thumbnailUrl":"https:\/\/iwell-guard.com\/wp-content\/uploads\/2026\/05\/schutzsymbol_universell_taetowierung.webp","datePublished":"2026-09-05T14:06:53+00:00","dateModified":"2026-09-05T14:36:13+00:00","description":"Verndartat\u00fai\u00f0 sem verndarregl\u0430: varanleg verndart\u00e1kn sem sett eru \u00ed h\u00fa\u00f0ina, me\u00f0 d\u00e6mum \u00far forn\u00f6ld, \u00fej\u00f3\u00f0tr\u00fa og As\u00edu.","breadcrumb":{"@id":"https:\/\/iwell-guard.com\/is\/verndartatoo-varanleg-merki-i-hudinni\/#breadcrumb"},"inLanguage":"is","potentialAction":[{"@type":"ReadAction","target":["https:\/\/iwell-guard.com\/is\/verndartatoo-varanleg-merki-i-hudinni\/"]}]},{"@type":"ImageObject","inLanguage":"is","@id":"https:\/\/iwell-guard.com\/is\/verndartatoo-varanleg-merki-i-hudinni\/#primaryimage","url":"https:\/\/iwell-guard.com\/wp-content\/uploads\/2026\/05\/schutzsymbol_universell_taetowierung.webp","contentUrl":"https:\/\/iwell-guard.com\/wp-content\/uploads\/2026\/05\/schutzsymbol_universell_taetowierung.webp","width":1024,"height":1536,"caption":"Verndart\u00e1kn. Myndskreyting \u00ed safnst\u00edl."},{"@type":"BreadcrumbList","@id":"https:\/\/iwell-guard.com\/is\/verndartatoo-varanleg-merki-i-hudinni\/#breadcrumb","itemListElement":[{"@type":"ListItem","position":1,"name":"Start","item":"https:\/\/iwell-guard.com\/is\/?page_id=168580"},{"@type":"ListItem","position":2,"name":"Verndart\u00e1knmyndir \u2013 varanleg merki \u00ed h\u00fa\u00f0inni"}]},{"@type":"WebSite","@id":"https:\/\/iwell-guard.com\/is\/#website","url":"https:\/\/iwell-guard.com\/is\/","name":"iWell Guard","description":"Schutz vor dunklen Einfl\u00fcssen","publisher":{"@id":"https:\/\/iwell-guard.com\/is\/#organization"},"potentialAction":[{"@type":"SearchAction","target":{"@type":"EntryPoint","urlTemplate":"https:\/\/iwell-guard.com\/is\/?s={search_term_string}"},"query-input":{"@type":"PropertyValueSpecification","valueRequired":true,"valueName":"search_term_string"}}],"inLanguage":"is"},{"@type":"Organization","@id":"https:\/\/iwell-guard.com\/is\/#organization","name":"Ittermann electronic GmbH","url":"https:\/\/iwell-guard.com\/is\/","logo":{"@type":"ImageObject","inLanguage":"is","@id":"https:\/\/iwell-guard.com\/is\/#\/schema\/logo\/image\/","url":"https:\/\/iwell-guard.com\/wp-content\/uploads\/2026\/05\/Ittermann-Logo-1182x237-1.png","contentUrl":"https:\/\/iwell-guard.com\/wp-content\/uploads\/2026\/05\/Ittermann-Logo-1182x237-1.png","width":1182,"height":237,"caption":"Ittermann electronic GmbH"},"image":{"@id":"https:\/\/iwell-guard.com\/is\/#\/schema\/logo\/image\/"},"sameAs":["https:\/\/pantip.com\/profile\/9367242","https:\/\/micro.blog\/iwellguard","https:\/\/www.diggerslist.com\/iwellguard\/about","https:\/\/skitterphoto.com\/photographers\/2870314\/iwell-guard","https:\/\/iwellguard.wordpress.com\/2026\/06\/06\/iwell-guard\/","https:\/\/hub.docker.com\/u\/iwellguard","https:\/\/www.pinterest.com\/iwellguard\/","https:\/\/bit.ly\/m\/iwellguard","https:\/\/entre-vos-mains.alsace.eu\/profiles\/iwellguard\/activity","https:\/\/gravatar.com\/reallybeded8fd34","https:\/\/naijamatta.com\/iwellguard","https:\/\/www.goodreads.com\/iwellguard","https:\/\/profile.hatena.ne.jp\/iwellguard\/","https:\/\/experiment.com\/users\/iwellguard","https:\/\/wakelet.com\/@iWellGuard82270","https:\/\/www.chordie.com\/forum\/profile.php?id=2555664","https:\/\/www.instapaper.com\/p\/17757966","https:\/\/www.mapleprimes.com\/users\/iwellguard","https:\/\/businesslistingplus.com\/profile\/iwell-guard\/","https:\/\/telegra.ph\/iWell-Guard-06-06","https:\/\/pbase.com\/iwellguard\/iwellguard","https:\/\/b.hatena.ne.jp\/iwellguard\/20260607#bookmark-4788405196491818882","https:\/\/fliphtml5.com\/home\/iwellguard","https:\/\/anyflip.com\/homepage\/cmiwl#About","https:\/\/transfur.com\/Users\/iwellguard","http:\/\/delphi.larsbo.org\/user\/iwellguard","https:\/\/jobs.lajobsportal.org\/profiles\/8380803-iwell-guard","https:\/\/md.chaosdorf.de\/s\/jfbe5SBdJD","https:\/\/www.lingvolive.com\/en-us\/profile\/9ecaeaca-ce11-4e51-9e71-01d55e2bff36\/translations","https:\/\/www.fitday.com\/fitness\/forums\/members\/iwellguard.html","https:\/\/www.mymeetbook.com\/iwellguard","https:\/\/pxhere.com\/en\/photographer-me\/5040798","https:\/\/disqus.com\/by\/iwellguard\/about\/","https:\/\/pastelink.net\/hjwciqwq","https:\/\/pubhtml5.com\/homepage\/scjhn\/","https:\/\/www.bitchute.com\/channel\/2O2eOKzNqujT","https:\/\/audiomack.com\/iwellguard"]}]}},"_links":{"self":[{"href":"https:\/\/iwell-guard.com\/is\/wp-json\/wp\/v2\/pages\/169255","targetHints":{"allow":["GET"]}}],"collection":[{"href":"https:\/\/iwell-guard.com\/is\/wp-json\/wp\/v2\/pages"}],"about":[{"href":"https:\/\/iwell-guard.com\/is\/wp-json\/wp\/v2\/types\/page"}],"author":[{"embeddable":true,"href":"https:\/\/iwell-guard.com\/is\/wp-json\/wp\/v2\/users\/3"}],"replies":[{"embeddable":true,"href":"https:\/\/iwell-guard.com\/is\/wp-json\/wp\/v2\/comments?post=169255"}],"version-history":[{"count":0,"href":"https:\/\/iwell-guard.com\/is\/wp-json\/wp\/v2\/pages\/169255\/revisions"}],"wp:featuredmedia":[{"embeddable":true,"href":"https:\/\/iwell-guard.com\/is\/wp-json\/wp\/v2\/media\/3585"}],"wp:attachment":[{"href":"https:\/\/iwell-guard.com\/is\/wp-json\/wp\/v2\/media?parent=169255"}],"wp:term":[{"taxonomy":"category","embeddable":true,"href":"https:\/\/iwell-guard.com\/is\/wp-json\/wp\/v2\/categories?post=169255"}],"curies":[{"name":"wp","href":"https:\/\/api.w.org\/{rel}","templated":true}]}}