{"id":169250,"date":"2026-09-05T14:06:50","date_gmt":"2026-09-05T14:06:50","guid":{"rendered":"https:\/\/iwell-guard.com\/?page_id=169250"},"modified":"2026-09-05T14:36:07","modified_gmt":"2026-09-05T14:36:07","slug":"throskuldarvernd","status":"publish","type":"page","link":"https:\/\/iwell-guard.com\/is\/throskuldarvernd\/","title":{"rendered":"\u00der\u00f6skuldarvernd: hur\u00f0ir, gluggar og h\u00fasinngangur"},"content":{"rendered":"\t\t<div data-elementor-type=\"wp-page\" data-elementor-id=\"169250\" class=\"elementor elementor-169250 elementor-3742 elementor-bc-flex-widget\" data-elementor-post-type=\"page\">\n\t\t\t\t<div class=\"elementor-element elementor-element-iwgs-schwellensch-hero e-flex e-con-boxed e-con e-parent\" data-id=\"iwgs-schwellensch-hero\" data-element_type=\"container\" data-e-type=\"container\">\n\t\t\t\t\t<div class=\"e-con-inner\">\n\t\t<div class=\"elementor-element elementor-element-iwgs-schwellensch-hl e-flex e-con-boxed e-con e-parent\" data-id=\"iwgs-schwellensch-hl\" data-element_type=\"container\" data-e-type=\"container\">\n\t\t\t\t\t<div class=\"e-con-inner\">\n\t\t<div class=\"elementor-element elementor-element-iwgs-schwellensch-hlbox e-con-full e-flex e-con e-parent\" data-id=\"iwgs-schwellensch-hlbox\" data-element_type=\"container\" data-e-type=\"container\">\n\t\t\t\t<div class=\"elementor-element elementor-element-iwgs-schwellensch-h1 elementor-widget elementor-widget-heading\" data-id=\"iwgs-schwellensch-h1\" data-element_type=\"widget\" data-e-type=\"widget\" data-widget_type=\"heading.default\">\n\t\t\t\t\t<h1 class=\"elementor-heading-title elementor-size-default\">\u00der\u00f6skuldarvernd: verndun dyra\u00fer\u00f6skulds, glugga og h\u00fasinngangs<\/h1>\t\t\t\t<\/div>\n\t\t\t\t<div class=\"elementor-element elementor-element-iwgs-schwellensch-lead elementor-widget elementor-widget-text-editor\" data-id=\"iwgs-schwellensch-lead\" data-element_type=\"widget\" data-e-type=\"widget\" data-widget_type=\"text-editor.default\">\n\t\t\t\t\t\t\t\t\t<p>\u00der\u00f6skuldarvernd n\u00e6r yfir alla si\u00f0i sem nota\u00f0ir voru til a\u00f0 vernda dyra\u00fer\u00f6skuld, glugga og h\u00fasinngang gegn ska\u00f0legum \u00e1hrifum. H\u00fan byggist \u00e1 \u00feeirri hugmynd a\u00f0 op s\u00e9 s\u00e9rstaklega vi\u00f0kv\u00e6mur sta\u00f0ur, \u00fear sem eitthva\u00f0 getur komist inn \u00ed h\u00fasi\u00f0 \u00ed gegnum \u00fea\u00f0.<\/p><p>\u00deessi grein setur \u00fer\u00f6skuldarvernd \u00ed tr\u00faarbrag\u00f0afr\u00e6\u00f0ilegt samhengi og rekur sl\u00f3\u00f0 hennar fr\u00e1 <span class=\"iwg-fachbegriff\" data-tooltip=\"T\u00edmabil gr\u00edskrar og r\u00f3mverskrar menningar, um 800 f.Kr. til 600 e.Kr.\" tabindex=\"0\">forn\u00f6ld<\/span> til n\u00fat\u00edmalegrar t\u00falkunar. \u00dear er sk\u00fdrt \u00e1 milli s\u00f6gulega skjalfests <span class=\"iwg-fachbegriff\" data-tooltip=\"Heild \u00feeirra si\u00f0a sem hafa veri\u00f0 var\u00f0veittir innan samf\u00e9lags.\" tabindex=\"0\">si\u00f0venja<\/span> og n\u00fat\u00edmalegrar t\u00falkunar.<\/p>\t\t\t\t\t\t\t\t<\/div>\n\t\t\t\t<\/div>\n\t\t\t\t<div class=\"elementor-element elementor-element-iwgs-schwellensch-pills elementor-widget elementor-widget-html\" data-id=\"iwgs-schwellensch-pills\" data-element_type=\"widget\" data-e-type=\"widget\" data-widget_type=\"html.default\">\n\t\t\t\t\t<div class=\"iwg-pill-row\"><span class=\"iwg-klasse-badge\" tabindex=\"0\" data-tooltip=\"Verndart\u00e1kn, verndargripur e\u00f0a verndandi hlutur.\">Verndart\u00e1kn<\/span><a href=\"https:\/\/iwell-guard.com\/is\/verndartakn\/\" class=\"iwg-kultur-badge\" tabindex=\"0\" data-tooltip=\"Verndarhef\u00f0: \u00devermenningarleg\">\u00devermenningarlegt<\/a><span class=\"iwg-tradition-badge\" tabindex=\"0\" data-tooltip=\"Almennt verkunarl\u00f6gm\u00e1l sem verndarsi\u00f0ir byggja \u00e1.\">Verndarl\u00f6gm\u00e1l<\/span><\/div>\t\t\t\t<\/div>\n\t\t\t\t\t<\/div>\n\t\t\t\t<\/div>\n\t\t<div class=\"elementor-element elementor-element-iwgs-schwellensch-hr e-con-full e-flex e-con e-parent\" data-id=\"iwgs-schwellensch-hr\" data-element_type=\"container\" data-e-type=\"container\">\n\t\t\t\t<div class=\"elementor-element elementor-element-iwgs-schwellensch-himg iwg-hero-image elementor-widget elementor-widget-image\" data-id=\"iwgs-schwellensch-himg\" data-element_type=\"widget\" data-e-type=\"widget\" data-widget_type=\"image.default\">\n\t\t\t\t\t\t\t\t\t\t\t\t\t\t\t<img fetchpriority=\"high\" decoding=\"async\" width=\"683\" height=\"1024\" src=\"https:\/\/iwell-guard.com\/wp-content\/uploads\/2026\/05\/schutzsymbol_universell_schwellenschutz-683x1024.webp\" class=\"attachment-large size-large wp-image-170474\" alt=\"\u00der\u00f6skuldarv\u00f6rn \u2013 verndart\u00e1kn, safnfr\u00e6\u00f0ileg myndskreyting\" srcset=\"https:\/\/iwell-guard.com\/wp-content\/uploads\/2026\/05\/schutzsymbol_universell_schwellenschutz-683x1024.webp 683w, https:\/\/iwell-guard.com\/wp-content\/uploads\/2026\/05\/schutzsymbol_universell_schwellenschutz-200x300.webp 200w, https:\/\/iwell-guard.com\/wp-content\/uploads\/2026\/05\/schutzsymbol_universell_schwellenschutz-768x1152.webp 768w, https:\/\/iwell-guard.com\/wp-content\/uploads\/2026\/05\/schutzsymbol_universell_schwellenschutz.webp 1024w\" sizes=\"(max-width: 683px) 100vw, 683px\" \/>\t\t\t\t\t\t\t\t\t\t\t\t\t\t\t<\/div>\n\t\t\t\t<\/div>\n\t\t\t\t\t<\/div>\n\t\t\t\t<\/div>\n\t\t<div class=\"elementor-element elementor-element-iwgs-schwellensch-s0 e-flex e-con-boxed e-con e-parent\" data-id=\"iwgs-schwellensch-s0\" data-element_type=\"container\" data-e-type=\"container\">\n\t\t\t\t\t<div class=\"e-con-inner\">\n\t\t\t\t<div class=\"elementor-element elementor-element-iwgs-schwellensch-s0h elementor-widget elementor-widget-heading\" data-id=\"iwgs-schwellensch-s0h\" data-element_type=\"widget\" data-e-type=\"widget\" data-widget_type=\"heading.default\">\n\t\t\t\t\t<h2 class=\"elementor-heading-title elementor-size-default\">Sk\u00fdring: hva\u00f0 \u00fer\u00f6skuldarvernd merkir<\/h2>\t\t\t\t<\/div>\n\t\t<div class=\"elementor-element elementor-element-iwgs-schwellensch-s0box e-con-full e-flex e-con e-parent\" data-id=\"iwgs-schwellensch-s0box\" data-element_type=\"container\" data-e-type=\"container\">\n\t\t\t\t<div class=\"elementor-element elementor-element-iwgs-schwellensch-s0t elementor-widget elementor-widget-text-editor\" data-id=\"iwgs-schwellensch-s0t\" data-element_type=\"widget\" data-e-type=\"widget\" data-widget_type=\"text-editor.default\">\n\t\t\t\t\t\t\t\t\t<p>\u00der\u00f6skuldarvernd er samheiti fyrir si\u00f0i sem sn\u00faa a\u00f0 opum h\u00fass. \u00c1tt er fyrst og fremst vi\u00f0 dyra\u00fer\u00f6skuldinn, dyrakarminn, gluggana og h\u00fasinnganginn \u00ed heild. \u00deessir sta\u00f0ir voru \u00ed m\u00f6rgum menningarheimum \u00e1litnir s\u00e9rstaklega vi\u00f0kv\u00e6mir.<\/p><p>Grunnhugmyndin er einf\u00f6ld. H\u00fas telst vera vernda\u00f0 r\u00fdmi, en \u00fea\u00f0 r\u00fdmi hefur nau\u00f0synleg op. \u00cd gegnum \u00feau ganga menn inn og \u00fat, og \u00ed gegnum \u00feau gat, samkv\u00e6mt \u00fatbreiddri hugmynd, einnig ska\u00f0legt \u00e1hrif komist inn.<\/p><p>\u00der\u00f6skuldarvernd sn\u00fdr \u00fev\u00ed beint a\u00f0 \u00feessum umbreytingarst\u00f6\u00f0um. H\u00fan samanstendur af merkjum, hlutum e\u00f0a ath\u00f6fnum sem komi\u00f0 er fyrir \u00e1 e\u00f0a yfir \u00fer\u00f6skuldinum og eiga a\u00f0 tryggja opi\u00f0.<\/p><p>A\u00f0fer\u00f0irnir eru mj\u00f6g fj\u00f6lbreyttar. Skr\u00e1\u00f0 eru rist t\u00e1kn, hengdir hlutir, \u00edgr\u00f3pa\u00f0ir hlutir, dreift efni og m\u00e1lu\u00f0 mynstur. Allt \u00feetta \u00e1 sameiginlegt a\u00f0 v\u00edsa til sta\u00f0ar opsins.<\/p><p>Innan <a href=\"https:\/\/iwell-guard.com\/is\/verndartakn\/\">verndart\u00e1kna<\/a> er \u00fer\u00f6skuldarvernd s\u00ed\u00f0ur eitt einstakt <span class=\"iwg-fachbegriff\" data-tooltip=\"T\u00e1kn sem stendur fyrir hugmynd e\u00f0a merkingu.\" tabindex=\"0\">t\u00e1kn<\/span> heldur nokkurs konar notkunarsvi\u00f0. H\u00fan tekur saman \u00fea\u00f0 sem gert var \u00e1 \u00e1kve\u00f0num sta\u00f0, nefnilega vi\u00f0 innganginn.<\/p><p>\u00der\u00f6skuldarvernd tengist n\u00e1i\u00f0 verndarhringnum. Me\u00f0an hringurinn afmarkar heilt sv\u00e6\u00f0i, verndar \u00fer\u00f6skuldarvernd hi\u00f0 einstaka op sem gengi\u00f0 er inn um til a\u00f0 komast \u00e1 \u00fea\u00f0 sv\u00e6\u00f0i.<\/p><p>\u00der\u00f6skuldarvernd sn\u00fdr ekki a\u00f0eins a\u00f0 ska\u00f0a \u00ed \u00ferengri merkingu, heldur einnig a\u00f0 heill h\u00fass. Sumir si\u00f0ir \u00e1tti a\u00f0 koma \u00ed veg fyrir a\u00f0 velgengni streymdi \u00far h\u00fasinu, a\u00f0rir \u00e1tti a\u00f0 draga hana inn. \u00deannig hefur \u00fer\u00f6skuldarvernd, auk hinnar verjandi hli\u00f0ar, einnig var\u00f0veitandi og bj\u00f3\u00f0andi hli\u00f0.<\/p>\t\t\t\t\t\t\t\t<\/div>\n\t\t\t\t<\/div>\n\t\t\t\t\t<\/div>\n\t\t\t\t<\/div>\n\t\t<div class=\"elementor-element elementor-element-iwgs-schwellensch-s1 e-flex e-con-boxed e-con e-parent\" data-id=\"iwgs-schwellensch-s1\" data-element_type=\"container\" data-e-type=\"container\">\n\t\t\t\t\t<div class=\"e-con-inner\">\n\t\t\t\t<div class=\"elementor-element elementor-element-iwgs-schwellensch-s1h elementor-widget elementor-widget-heading\" data-id=\"iwgs-schwellensch-s1h\" data-element_type=\"widget\" data-e-type=\"widget\" data-widget_type=\"heading.default\">\n\t\t\t\t\t<h2 class=\"elementor-heading-title elementor-size-default\">Uppruni og s\u00f6guleg d\u00fdpt \u00fer\u00f6skuldarverndar<\/h2>\t\t\t\t<\/div>\n\t\t<div class=\"elementor-element elementor-element-iwgs-schwellensch-s1box e-con-full e-flex e-con e-parent\" data-id=\"iwgs-schwellensch-s1box\" data-element_type=\"container\" data-e-type=\"container\">\n\t\t\t\t<div class=\"elementor-element elementor-element-iwgs-schwellensch-s1t elementor-widget elementor-widget-text-editor\" data-id=\"iwgs-schwellensch-s1t\" data-element_type=\"widget\" data-e-type=\"widget\" data-widget_type=\"text-editor.default\">\n\t\t\t\t\t\t\t\t\t<p>Vernd hur\u00f0a og glugga er jafng\u00f6mul hinu fasta h\u00fasi. \u00deegar fr\u00e1 fornu Austurl\u00f6ndum n\u00e6r eru \u00feekktir si\u00f0ir sem nota\u00f0ir voru til a\u00f0 verja innganga, sem m\u00e1 rekja \u00fat fr\u00e1 textum og fornleifafundum.<\/p><p>\u00cd Mes\u00f3p\u00f3tam\u00edu voru litlar f\u00edg\u00farur grafnar \u00ed j\u00f6r\u00f0ina vi\u00f0 dyraop. \u00deessar svok\u00f6llu\u00f0u apotropaia \u00e1tti a\u00f0 tryggja innganginn. Me\u00f0fylgjandi textar l\u00fdsa a\u00f0fer\u00f0inni og \u00feeim hugmyndum sem henni tengdust.<\/p><p>\u00cd hinu forna fara\u00f3ska Egyptalandi m\u00e1 finna t\u00e1kn og \u00e1letranir me\u00f0 verndandi merkingu \u00e1 hur\u00f0um og yfir innganga. Einnig \u00fear var inngangurinn talinn sta\u00f0ur sem kraf\u00f0ist s\u00e9rstakrar athygli.<\/p><p>\u00cd gr\u00edsk-r\u00f3mverska heiminum var inngangurinn tengdur vi\u00f0 \u00e1kve\u00f0nar gu\u00f0ir, og \u00e1 hur\u00f0ir voru fest t\u00e1kn og hlutir. Dyrakarminn kemur fram \u00ed fornum ritum sem mikilv\u00e6gur sta\u00f0ur h\u00fass.<\/p><p>\u00c1 mi\u00f0\u00f6ldum og \u00ed upphafi n\u00fdaldar \u00ed Evr\u00f3pu h\u00e9lt \u00fer\u00f6skuldarvernd \u00e1fram \u00ed h\u00fasasi\u00f0um. Rist t\u00e1kn \u00e1 dyrabj\u00e1lka og yfir innganga eru v\u00ed\u00f0a sta\u00f0fest \u00e1 var\u00f0veittum byggingum.<\/p><p>\u00cd heild s\u00fdnir \u00fer\u00f6skuldarvernd sig sem heg\u00f0un sem er sta\u00f0fest yfir mj\u00f6g langan t\u00edma og \u00ed m\u00f6rgum menningarheimum. H\u00fan er s\u00ed\u00f0ur farandi <span class=\"iwg-fachbegriff\" data-tooltip=\"Endurteki\u00f0 innihaldslegt element \u00ed list e\u00f0a fr\u00e1s\u00f6gn.\" tabindex=\"0\">minni<\/span> en aftur og aftur endurn\u00fdju\u00f0 umhyggja fyrir innganginum.<\/p>\t\t\t\t\t\t\t\t<\/div>\n\t\t\t\t<\/div>\n\t\t\t\t\t<\/div>\n\t\t\t\t<\/div>\n\t\t<div class=\"elementor-element elementor-element-iwgs-schwellensch-s2 e-flex e-con-boxed e-con e-parent\" data-id=\"iwgs-schwellensch-s2\" data-element_type=\"container\" data-e-type=\"container\">\n\t\t\t\t\t<div class=\"e-con-inner\">\n\t\t\t\t<div class=\"elementor-element elementor-element-iwgs-schwellensch-s2h elementor-widget elementor-widget-heading\" data-id=\"iwgs-schwellensch-s2h\" data-element_type=\"widget\" data-e-type=\"widget\" data-widget_type=\"heading.default\">\n\t\t\t\t\t<h2 class=\"elementor-heading-title elementor-size-default\">Hugmyndin \u00e1 bak vi\u00f0 hinn h\u00e6ttulega umbreytingarsta\u00f0<\/h2>\t\t\t\t<\/div>\n\t\t<div class=\"elementor-element elementor-element-iwgs-schwellensch-s2box e-con-full e-flex e-con e-parent\" data-id=\"iwgs-schwellensch-s2box\" data-element_type=\"container\" data-e-type=\"container\">\n\t\t\t\t<div class=\"elementor-element elementor-element-iwgs-schwellensch-s2t elementor-widget elementor-widget-text-editor\" data-id=\"iwgs-schwellensch-s2t\" data-element_type=\"widget\" data-e-type=\"widget\" data-widget_type=\"text-editor.default\">\n\t\t\t\t\t\t\t\t\t<p>Hugmyndalegur kjarni \u00fer\u00f6skuldarverndar er hugmyndin um hinn h\u00e6ttulega umbreytingarsta\u00f0. \u00der\u00f6skuldurinn er sta\u00f0urinn \u00fear sem innra r\u00fdmi\u00f0 endar og ytra r\u00fdmi\u00f0 byrjar. Hann er \u00feannig landamerki og \u00e1 sama t\u00edma gat \u00ed \u00feeim landamerkjum.<\/p><p>Ska\u00f0leg \u00e1hrif voru \u00ed m\u00f6rgum \u00fej\u00f3\u00f0tr\u00faarkerfum \u00e1litin koma utan fr\u00e1 og \u00feurfa a\u00f0 ganga inn \u00ed r\u00fdmi til a\u00f0 hafa \u00e1hrif. Opi\u00f0 er \u00fev\u00ed sta\u00f0urinn \u00fear sem sl\u00edkur inngangur virtist yfirleitt m\u00f6gulegur.<\/p><p>\u00der\u00f6skuldurinn var \u00e1litinn s\u00e9rstakur sta\u00f0ur, hvorki alveg inni n\u00e9 alveg \u00fati. Sl\u00edkir millista\u00f0ir voru \u00ed m\u00f6rgum menningarheimum taldir s\u00e9rstaklega merkingar\u00ferungnir og \u00e1 sama t\u00edma s\u00e9rstaklega vi\u00f0kv\u00e6mir.<\/p><p>Af \u00feeirri \u00e1st\u00e6\u00f0u snerist verndin ekki um alla vegginn, heldur beint a\u00f0 opinu. Loka\u00f0ur veggur var talinn \u00f6ruggur, en dyraopi\u00f0 aftur \u00e1 m\u00f3ti sta\u00f0urinn \u00fear sem landamerkin voru rofin.<\/p><p>T\u00e1kn og hlutir vi\u00f0 innganginn \u00e1tti a\u00f0 loka gatinu \u00ed landamerkjunum a\u00f0 n\u00fdju, svo a\u00f0 segja. \u00deau b\u00e6ttu vi\u00f0 fasta vegginn vernd \u00e1 n\u00e1kv\u00e6mlega \u00feeim sta\u00f0 \u00fear sem veggurinn \u00fearf a\u00f0 vera opinn.<\/p><p>Hugmyndin sem l\u00fdst er h\u00e9r er s\u00f6guleg-menningarleg \u00fatsk\u00fdring. H\u00fan l\u00fdsir \u00fev\u00ed hvers vegna f\u00f3lk vernda\u00f0i innganginn, og skjalfestir tr\u00fa. H\u00fan er engin s\u00f6nnun fyrir virkni. Ranns\u00f3knir l\u00fdsa hugmyndinni \u00e1n \u00feess a\u00f0 sta\u00f0festa hana.<\/p>\t\t\t\t\t\t\t\t<\/div>\n\t\t\t\t<\/div>\n\t\t\t\t\t<\/div>\n\t\t\t\t<\/div>\n\t\t<div class=\"elementor-element elementor-element-iwgs-schwellensch-s3 e-flex e-con-boxed e-con e-parent\" data-id=\"iwgs-schwellensch-s3\" data-element_type=\"container\" data-e-type=\"container\">\n\t\t\t\t\t<div class=\"e-con-inner\">\n\t\t\t\t<div class=\"elementor-element elementor-element-iwgs-schwellensch-s3h elementor-widget elementor-widget-heading\" data-id=\"iwgs-schwellensch-s3h\" data-element_type=\"widget\" data-e-type=\"widget\" data-widget_type=\"heading.default\">\n\t\t\t\t\t<h2 class=\"elementor-heading-title elementor-size-default\">D\u00e6mi fr\u00e1 forn\u00f6ld og Austurl\u00f6ndum n\u00e6r<\/h2>\t\t\t\t<\/div>\n\t\t<div class=\"elementor-element elementor-element-iwgs-schwellensch-s3box e-con-full e-flex e-con e-parent\" data-id=\"iwgs-schwellensch-s3box\" data-element_type=\"container\" data-e-type=\"container\">\n\t\t\t\t<div class=\"elementor-element elementor-element-iwgs-schwellensch-s3t elementor-widget elementor-widget-text-editor\" data-id=\"iwgs-schwellensch-s3t\" data-element_type=\"widget\" data-e-type=\"widget\" data-widget_type=\"text-editor.default\">\n\t\t\t\t\t\t\t\t\t<p>\u00cd Mes\u00f3p\u00f3tam\u00edu voru ra\u00f0ir sm\u00e1rra leirf\u00edg\u00fara grafnar undir \u00fer\u00f6skuldum h\u00fasa og halla. Me\u00f0fylgjandi galdratextar nefna f\u00edg\u00farurnar me\u00f0 n\u00f6fnum og l\u00fdsa \u00fev\u00ed a\u00f0 \u00fe\u00e6r hafi \u00e1tt a\u00f0 tryggja \u00f6ryggi innganga.<\/p><p>Mes\u00f3p\u00f3tam\u00edskar heimildir vitna einnig um a\u00f0 t\u00e1kn og \u00e1letranir hafi veri\u00f0 sett \u00e1 dyrakarma. Innganginn birtist \u00ed \u00feessum textum sem sta\u00f0ur sem s\u00e9rst\u00f6k athygli var veitt \u00ed byggingu og <span class=\"iwg-fachbegriff\" data-tooltip=\"Hef\u00f0bundin ath\u00f6fn sem er endurtekin reglulega innan samf\u00e9lags.\" tabindex=\"0\">venju<\/span>.<\/p><p>\u00cd Egyptalandi fara\u00f3anna voru dyrahur\u00f0arbitar og dyrastafir skreyttir \u00e1letrunum sem me\u00f0al annars h\u00f6f\u00f0u verndandi merkingu. \u00c1 innganginn birtust einnig t\u00e1kn sem talin voru hafa fr\u00e1hrindandi virkni.<\/p><p>\u00cd r\u00f3mverska heiminum var dyrasv\u00e6\u00f0i\u00f0 tengt \u00e1kve\u00f0num gu\u00f0um, og \u00e1 innganginn voru sett t\u00e1kn og hlutir. Textar fr\u00e1 <span class=\"iwg-fachbegriff\" data-tooltip=\"T\u00edmabil gr\u00edskrar og r\u00f3mverskrar menningar, u.\u00fe.b. 800 f.Kr. til 600 e.Kr.\" tabindex=\"0\">forn\u00f6ld<\/span> nefna si\u00f0i sem sneru a\u00f0 \u00fer\u00f6skuldi og dyrakarmi.<\/p><p>\u00cd hef\u00f0 Gy\u00f0inga er kunn festing \u00e1 \u00e1letru\u00f0um skriftahylki \u00e1 dyrastafinn, sem er enn \u00ed dag hluti af tr\u00faari\u00f0kun. \u00dea\u00f0 v\u00edsar s\u00e9rstaklega til dyrastafsins sem merkingarb\u00e6ran sta\u00f0.<\/p><p>\u00deessi d\u00e6mi s\u00fdna a\u00f0 inngangurinn var \u00ed hinu forna Mi\u00f0jar\u00f0arhafssv\u00e6\u00f0i og Austurl\u00f6ndum n\u00e6r sta\u00f0ur eigin si\u00f0a. \u00der\u00f6skuldarvernd er \u00feannig vel skjalfest yfir margar menningarheima.<\/p><p>Fr\u00e1 gr\u00edska heiminum er var\u00f0veitt a\u00f0 inngangurinn var tengdur r\u00edki \u00e1kve\u00f0inna gu\u00f0a og a\u00f0 greinar, b\u00f6nd og sm\u00e1 t\u00e1kn voru fest \u00e1 dyr. Rith\u00f6fundar <span class=\"iwg-fachbegriff\" data-tooltip=\"T\u00edmabil gr\u00edskrar og r\u00f3mverskrar menningar, u.\u00fe.b. 800 f.Kr. til 600 e.Kr.\" tabindex=\"0\">fornaldar<\/span> nefna si\u00f0i sem sneru a\u00f0 \u00fer\u00f6skuldinum, me\u00f0al annars vi\u00f0 flutning \u00ed n\u00fdtt h\u00fas. Inngangurinn birtist \u00fear sem sta\u00f0ur \u00fear sem umskipti og umhyggja m\u00e6tast.<\/p>\t\t\t\t\t\t\t\t<\/div>\n\t\t\t\t<\/div>\n\t\t\t\t\t<\/div>\n\t\t\t\t<\/div>\n\t\t<div class=\"elementor-element elementor-element-iwgs-schwellensch-s4 e-flex e-con-boxed e-con e-parent\" data-id=\"iwgs-schwellensch-s4\" data-element_type=\"container\" data-e-type=\"container\">\n\t\t\t\t\t<div class=\"e-con-inner\">\n\t\t\t\t<div class=\"elementor-element elementor-element-iwgs-schwellensch-s4h elementor-widget elementor-widget-heading\" data-id=\"iwgs-schwellensch-s4h\" data-element_type=\"widget\" data-e-type=\"widget\" data-widget_type=\"heading.default\">\n\t\t\t\t\t<h2 class=\"elementor-heading-title elementor-size-default\">D\u00e6mi \u00far evr\u00f3pskri \u00fej\u00f3\u00f0tr\u00faargaldri<\/h2>\t\t\t\t<\/div>\n\t\t<div class=\"elementor-element elementor-element-iwgs-schwellensch-s4box e-con-full e-flex e-con e-parent\" data-id=\"iwgs-schwellensch-s4box\" data-element_type=\"container\" data-e-type=\"container\">\n\t\t\t\t<div class=\"elementor-element elementor-element-iwgs-schwellensch-s4t elementor-widget elementor-widget-text-editor\" data-id=\"iwgs-schwellensch-s4t\" data-element_type=\"widget\" data-e-type=\"widget\" data-widget_type=\"text-editor.default\">\n\t\t\t\t\t\t\t\t\t<p>\u00cd evr\u00f3pskum \u00fej\u00f3\u00f0tr\u00faarg\u00f6ldrum er \u00fer\u00f6skuldarvernd vel skjalfest. \u00c1 var\u00f0veittum b\u00e6ndab\u00e6jum finnast rist t\u00e1kn \u00e1 dyrabitum, yfir innganga og \u00e1 gluggum. \u00dej\u00f3\u00f0h\u00e1ttafr\u00e6\u00f0ilegar safnanir hafa skr\u00e1\u00f0 sl\u00edk t\u00e1kn n\u00e1kv\u00e6mlega.<\/p><p>Me\u00f0al var\u00f0veittra verndarr\u00e1\u00f0a voru hestaskeifur festar yfir dyrum, ristar stj\u00f6rnuf\u00edg\u00farur og krossar, hlutir m\u00fara\u00f0ir inn og pl\u00f6ntur hengdar vi\u00f0 e\u00f0a yfir innganginn.<\/p><p>Einnig var efnum eins og salti str\u00e1\u00f0 \u00e1 \u00fer\u00f6skulda. \u00deessi tenging bindur \u00fer\u00f6skuldarvernd vi\u00f0 hugmyndina um salt og j\u00e1rn sem fr\u00e1hrindandi efni, sem fjalla\u00f0 er um \u00ed s\u00e9rstakri grein.<\/p><p>\u00c1kve\u00f0nir t\u00edmar \u00fe\u00f3ttu s\u00e9rlega vi\u00f0kv\u00e6mir, svo sem \u00e1kve\u00f0nar n\u00e6tur \u00e1rsins. \u00c1 \u00feessum stundum voru dyr og gluggar s\u00e9rstaklega merktir t\u00e1knum e\u00f0a trygg\u00f0ir me\u00f0 hlutum.<\/p><p>Fr\u00e1sagnir af \u00fer\u00f6skuldarvernd skjalfesta v\u00e6ntingar notenda, ekki sta\u00f0festa virkni. \u00de\u00e6r s\u00fdna a\u00f0 \u00fea\u00f0 a\u00f0 tryggja innganginn var skili\u00f0 sem ath\u00f6fn sem skapa\u00f0i \u00f6ryggistilfinningu.<\/p><p>Me\u00f0 hnignun galdravenja \u00ed heimilisl\u00edfi missti \u00fer\u00f6skuldarvernd sitt daglega hlutverk. Var\u00f0veitt eru fyrst og fremst rist t\u00e1kn \u00e1 g\u00f6mlum byggingum, sem n\u00fa eru ranns\u00f6ku\u00f0 \u00ed byggingarfr\u00e6\u00f0i.<\/p><p>Val \u00e1kve\u00f0inna vi\u00f0artegunda og plantna vi\u00f0 innganginn er einnig \u00fej\u00f3\u00f0h\u00e1ttafr\u00e6\u00f0ilega skjalfest. \u00c1 dyr og yfir innganga voru fest grein af bl\u00f3m\u00feyrni, einiberjalyngi e\u00f0a reynivi\u00f0i, sem talin var hafa fr\u00e1hrindandi merkingu. Sl\u00edk pl\u00f6ntume\u00f0ul b\u00e6ttu vi\u00f0 ristu t\u00e1knin og tengdu \u00fer\u00f6skuldarvernd vi\u00f0 hi\u00f0 v\u00ed\u00f0ara svi\u00f0 verndarplanta.<\/p>\t\t\t\t\t\t\t\t<\/div>\n\t\t\t\t<\/div>\n\t\t\t\t\t<\/div>\n\t\t\t\t<\/div>\n\t\t<div class=\"elementor-element elementor-element-iwgs-schwellensch-s5 e-flex e-con-boxed e-con e-parent\" data-id=\"iwgs-schwellensch-s5\" data-element_type=\"container\" data-e-type=\"container\">\n\t\t\t\t\t<div class=\"e-con-inner\">\n\t\t\t\t<div class=\"elementor-element elementor-element-iwgs-schwellensch-s5h elementor-widget elementor-widget-heading\" data-id=\"iwgs-schwellensch-s5h\" data-element_type=\"widget\" data-e-type=\"widget\" data-widget_type=\"heading.default\">\n\t\t\t\t\t<h2 class=\"elementor-heading-title elementor-size-default\">D\u00e6mi fr\u00e1 As\u00edu og \u00f6\u00f0rum menningarheimum<\/h2>\t\t\t\t<\/div>\n\t\t<div class=\"elementor-element elementor-element-iwgs-schwellensch-s5box e-con-full e-flex e-con e-parent\" data-id=\"iwgs-schwellensch-s5box\" data-element_type=\"container\" data-e-type=\"container\">\n\t\t\t\t<div class=\"elementor-element elementor-element-iwgs-schwellensch-s5t elementor-widget elementor-widget-text-editor\" data-id=\"iwgs-schwellensch-s5t\" data-element_type=\"widget\" data-e-type=\"widget\" data-widget_type=\"text-editor.default\">\n\t\t\t\t\t\t\t\t\t<p>\u00cd Su\u00f0ur-As\u00edu eru l\u00f6g\u00f0 g\u00f3lf- og \u00fer\u00f6skuldarmynstur \u00far hveiti, hr\u00edsgrj\u00f3namj\u00f6li e\u00f0a litu\u00f0u dufti fyrir dyra\u00fer\u00f6skulda. \u00deessi mynstur skreyta innganginn og merkja hann samt\u00edmis sem merkingarb\u00e6ran sta\u00f0 h\u00fassins.<\/p><p>\u00cd K\u00edna eru festir r\u00e6mur me\u00f0 \u00e1letrunum, myndir og t\u00e1kn \u00e1 dyr, s\u00e9rstaklega vi\u00f0 \u00e1r\u00fe\u00e1ttaskil. Dyrafleyginn og dyrakarmurinn eru \u00fear fastir sta\u00f0ir heimilissi\u00f0a, \u00fear sem t\u00e1kn me\u00f0 verndandi merkingu birtast.<\/p><p>\u00cd \u00edslamska heiminum eru \u00fatbreiddar \u00e1letranir, hendur og augnmyndir yfir innganga. Inngangurinn er \u00fear valinn sta\u00f0ur fyrir t\u00e1kn eins og <a href=\"https:\/\/iwell-guard.com\/is\/?page_id=169125\">Nazar Boncu\u011fu<\/a>, sem er \u00e6tla\u00f0 a\u00f0 verjast \u00fev\u00ed sem tali\u00f0 er ska\u00f0legt augnar\u00e1\u00f0.<\/p><p>\u00cd hlutum Afr\u00edku eru hlutir, pl\u00f6ntur og t\u00e1kn fest vi\u00f0 innganga til a\u00f0 tryggja \u00f6ryggi h\u00fassins. Innganga \u00e1 b\u00e6jarhla\u00f0 fer oft \u00ed gegnum merkt sv\u00e6\u00f0i.<\/p><p>\u00devert \u00e1 \u00feessi sv\u00e6\u00f0i kemur \u00ed lj\u00f3s a\u00f0 inngangurinn er n\u00e6rri alls sta\u00f0ar sta\u00f0ur eigin si\u00f0a. \u00der\u00f6skuldarvernd er ekki <span class=\"iwg-fachbegriff\" data-tooltip=\"Endurteki\u00f0 innihaldsatri\u00f0i \u00ed list e\u00f0a fr\u00e1s\u00f6gn.\" tabindex=\"0\">stef<\/span> einnar menningar, heldur \u00fatbreidd umhyggja.<\/p><p>Fj\u00f6lbreytni d\u00e6manna s\u00fdnir a\u00f0 \u00fer\u00f6skuldarvernd ber a\u00f0 skilja sem v\u00ed\u00f0t\u00e6kt notkunarsvi\u00f0. \u00dea\u00f0 kemur fram alls sta\u00f0ar \u00fear sem h\u00fas er hugsa\u00f0 sem vernda\u00f0ur sta\u00f0ur me\u00f0 nau\u00f0synlegum opum.<\/p><p>\u00cd Austurl\u00f6ndum fj\u00e6r til forna eru einnig kunnir \u00e1letra\u00f0ir dyranaglar og grundvallargjafir, sem voru lag\u00f0ar inn \u00ed \u00fer\u00f6skulda og veggi vi\u00f0 byggingu. \u00de\u00e6r nefna byggingara\u00f0ilann og kalla samt\u00edmis fram vernd fyrir bygginguna. \u00deessar fundnu leifar s\u00fdna a\u00f0 umhyggjan fyrir innganginum haf\u00f0i \u00feegar fastan sess vi\u00f0 byggingu h\u00fass.<\/p>\t\t\t\t\t\t\t\t<\/div>\n\t\t\t\t<\/div>\n\t\t\t\t\t<\/div>\n\t\t\t\t<\/div>\n\t\t<div class=\"elementor-element elementor-element-iwgs-schwellensch-s6 e-flex e-con-boxed e-con e-parent\" data-id=\"iwgs-schwellensch-s6\" data-element_type=\"container\" data-e-type=\"container\">\n\t\t\t\t\t<div class=\"e-con-inner\">\n\t\t\t\t<div class=\"elementor-element elementor-element-iwgs-schwellensch-s6h elementor-widget elementor-widget-heading\" data-id=\"iwgs-schwellensch-s6h\" data-element_type=\"widget\" data-e-type=\"widget\" data-widget_type=\"heading.default\">\n\t\t\t\t\t<h2 class=\"elementor-heading-title elementor-size-default\">Notkun \u00ed rit\u00faali og daglegu l\u00edfi<\/h2>\t\t\t\t<\/div>\n\t\t<div class=\"elementor-element elementor-element-iwgs-schwellensch-s6box e-con-full e-flex e-con e-parent\" data-id=\"iwgs-schwellensch-s6box\" data-element_type=\"container\" data-e-type=\"container\">\n\t\t\t\t<div class=\"elementor-element elementor-element-iwgs-schwellensch-s6t elementor-widget elementor-widget-text-editor\" data-id=\"iwgs-schwellensch-s6t\" data-element_type=\"widget\" data-e-type=\"widget\" data-widget_type=\"text-editor.default\">\n\t\t\t\t\t\t\t\t\t<p>Skj\u00f3lun \u00fer\u00f6skuldarins \u00e1tti oft r\u00e6tur a\u00f0 rekja til hversdagslegra atbur\u00f0a vi\u00f0 byggingu h\u00fass. Innm\u00fara\u00f0ir hlutir og innskornar r\u00fanir ur\u00f0u til me\u00f0an byggingin var reist og ur\u00f0u \u00fear me\u00f0 fastir \u00ed sessi til varanlegrar tilvistar.<\/p><p>A\u00f0rar tegundir skj\u00f3lunar voru endurn\u00fdja\u00f0ar me\u00f0 reglulegu millibili. Salti sem str\u00e1\u00f0 var, jurtum sem hengdar voru upp og m\u00e1lu\u00f0um \u00fer\u00f6skuldarmynstrum var reglulega skipt \u00fat. \u00deessi endurn\u00fdjun ger\u00f0i skj\u00f3lun \u00fer\u00f6skuldarins a\u00f0 endurteknum <span class=\"iwg-fachbegriff\" data-tooltip=\"Hef\u00f0bundin ath\u00f6fn sem er endurtekin me\u00f0 reglulegu millibili innan samf\u00e9lags.\" tabindex=\"0\">si\u00f0<\/span>.<\/p><p>\u00c1kve\u00f0in tilefni juku \u00e1 skj\u00f3lun \u00fer\u00f6skuldarins. Fyrir vi\u00f0kv\u00e6mar n\u00e6tur, vi\u00f0 h\u00e1t\u00ed\u00f0ir e\u00f0a \u00e1 s\u00e9rst\u00f6kum t\u00edmam\u00f3tum \u00ed l\u00edfi fj\u00f6lskyldunnar voru dyr og gluggar b\u00fanir vi\u00f0b\u00f3tarmerkjum e\u00f0a hlutum.<\/p><p>Einnig var h\u00e1ttsemi vi\u00f0 \u00fer\u00f6skuldinn bundin \u00e1kve\u00f0num reglum. \u00cd m\u00f6rgum menningarheimum \u00feykir \u00fea\u00f0 \u00f3vi\u00f0eigandi e\u00f0a \u00f3heillav\u00e6nlegt a\u00f0 standa e\u00f0a dvelja \u00e1 \u00fer\u00f6skuldinum. Sl\u00edkar heg\u00f0unarreglur teljast til v\u00ed\u00f0ara samhengis skj\u00f3lunar \u00fer\u00f6skuldarins.<\/p><p>Skj\u00f3lun \u00fer\u00f6skuldarins var oft tengd vi\u00f0 upphaflega tala\u00f0ar blessunaror\u00f0. \u00deegar merki var komi\u00f0 fyrir e\u00f0a efni str\u00e1\u00f0 m\u00e1tti fylgja or\u00f0atilt\u00e6ki sem fylgdi ath\u00f6fninni.<\/p><p>Ekki er til nein samr\u00e6md athafnaskipan fyrir skj\u00f3lun \u00fer\u00f6skuldarins. N\u00e1kv\u00e6mt form hennar var h\u00e1\u00f0 sv\u00e6\u00f0i, byggingarh\u00e6tti og hef\u00f0, sem \u00fej\u00f3\u00f0fr\u00e6\u00f0iranns\u00f3knir hafa margsinnis sta\u00f0fest.<\/p><p>Athafnir vi\u00f0 \u00fer\u00f6skuldinn voru einnig bundnar reglum \u00feegar fari\u00f0 var \u00far h\u00fasi e\u00f0a inn \u00ed \u00fea\u00f0. A\u00f0 st\u00edga yfir \u00fer\u00f6skuldinn me\u00f0 \u00e1kve\u00f0num f\u00e6ti og a\u00f0 bera br\u00fa\u00f0i yfir \u00fer\u00f6skuldinn heyra til \u00feessa samhengis. Sl\u00edkir si\u00f0ir s\u00fdna a\u00f0 \u00fer\u00f6skuldurinn var ekki a\u00f0eins sta\u00f0ur merkja, heldur einnig sta\u00f0ur bundinnar h\u00e1ttsemi.<\/p>\t\t\t\t\t\t\t\t<\/div>\n\t\t\t\t<\/div>\n\t\t\t\t\t<\/div>\n\t\t\t\t<\/div>\n\t\t<div class=\"elementor-element elementor-element-iwgs-schwellensch-s7 e-flex e-con-boxed e-con e-parent\" data-id=\"iwgs-schwellensch-s7\" data-element_type=\"container\" data-e-type=\"container\">\n\t\t\t\t\t<div class=\"e-con-inner\">\n\t\t\t\t<div class=\"elementor-element elementor-element-iwgs-schwellensch-s7h elementor-widget elementor-widget-heading\" data-id=\"iwgs-schwellensch-s7h\" data-element_type=\"widget\" data-e-type=\"widget\" data-widget_type=\"heading.default\">\n\t\t\t\t\t<h2 class=\"elementor-heading-title elementor-size-default\">Skyldar verndarformir og afm\u00f6rkun<\/h2>\t\t\t\t<\/div>\n\t\t<div class=\"elementor-element elementor-element-iwgs-schwellensch-s7box e-con-full e-flex e-con e-parent\" data-id=\"iwgs-schwellensch-s7box\" data-element_type=\"container\" data-e-type=\"container\">\n\t\t\t\t<div class=\"elementor-element elementor-element-iwgs-schwellensch-s7t elementor-widget elementor-widget-text-editor\" data-id=\"iwgs-schwellensch-s7t\" data-element_type=\"widget\" data-e-type=\"widget\" data-widget_type=\"text-editor.default\">\n\t\t\t\t\t\t\t\t\t<p>Skj\u00f3lun \u00fer\u00f6skuldarins er n\u00e1i\u00f0 tengd hugmyndinni um verndarhring. B\u00e6\u00f0i byggja \u00e1 hugmyndinni um m\u00f6rk. Hringurinn umlykur sv\u00e6\u00f0i, en skj\u00f3lun \u00fer\u00f6skuldarins tryggir \u00f6ryggi einstakrar opnunar \u00ed \u00feessum m\u00f6rkum.<\/p><p>Skj\u00f3lun \u00fer\u00f6skuldarins er einnig n\u00e1i\u00f0 tengd hugmyndinni um salt og j\u00e1rn sem varnarefni. Hestaskeifur yfir dyrum og salt \u00e1 \u00fer\u00f6skuldi tengja innganginn vi\u00f0 efni\u00f0 sem nota\u00f0 er \u00fear.<\/p><p>Margir hlutir sem komi\u00f0 er fyrir vi\u00f0 inngang eru \u00ed lei\u00f0inni <a href=\"https:\/\/iwell-guard.com\/is\/?page_id=169134\">verndargripir og talismanar<\/a>. Augamerki\u00f0 yfir dyrum e\u00f0a upphengda h\u00f6ndin eru sj\u00e1lfst\u00e6\u00f0 verndarmerki sem h\u00e9r eru notu\u00f0 \u00e1 sta\u00f0 \u00fer\u00f6skuldarins.<\/p><p>Skj\u00f3lun \u00fer\u00f6skuldarins sker sig fr\u00e1 hreinum <span class=\"iwg-fachbegriff\" data-tooltip=\"Hlutur sem borinn er \u00e1 l\u00edkamanum og talinn hefur verndandi, \u00f3g\u00e6fuvarnandi m\u00e1tt.\" tabindex=\"0\">verndargrip<\/span> vegna sta\u00f0artengingar sinnar. <span class=\"iwg-fachbegriff\" data-tooltip=\"Hlutur sem borinn er \u00e1 l\u00edkamanum og talinn hefur verndandi, \u00f3g\u00e6fuvarnandi m\u00e1tt.\" tabindex=\"0\">Verndargrip<\/span> m\u00e1 bera \u00e1 l\u00edkamanum. Skj\u00f3lun \u00fer\u00f6skuldarins er aftur \u00e1 m\u00f3ti bundin fastri sta\u00f0setningu \u00ed byggingunni.<\/p><p>M\u00f6rk eru dregin gagnvart einf\u00f6ldu byggingarskrauti. Skreytingar \u00e1 dyrum og gluggum bera ekki alltaf verndandi merkingu. \u00dea\u00f0 sem skiptir m\u00e1li er hvort merki vi\u00f0 inngang hafi veri\u00f0 eignu\u00f0 varnandi hlutverk.<\/p><p>\u00deessi flokkun \u00ed n\u00e1grannahugt\u00f6kum hj\u00e1lpar til vi\u00f0 a\u00f0 skilgreina skj\u00f3lun \u00fer\u00f6skuldarins n\u00e1kv\u00e6mlega. H\u00fan er sta\u00f0bundi\u00f0 notkunarsvi\u00f0 sem sameinar sj\u00e1lfst\u00e6\u00f0 verndarmerki, efni og athafnir vi\u00f0 inngang.<\/p>\t\t\t\t\t\t\t\t<\/div>\n\t\t\t\t<\/div>\n\t\t\t\t\t<\/div>\n\t\t\t\t<\/div>\n\t\t<div class=\"elementor-element elementor-element-iwgs-schwellensch-s8 e-flex e-con-boxed e-con e-parent\" data-id=\"iwgs-schwellensch-s8\" data-element_type=\"container\" data-e-type=\"container\">\n\t\t\t\t\t<div class=\"e-con-inner\">\n\t\t\t\t<div class=\"elementor-element elementor-element-iwgs-schwellensch-s8h elementor-widget elementor-widget-heading\" data-id=\"iwgs-schwellensch-s8h\" data-element_type=\"widget\" data-e-type=\"widget\" data-widget_type=\"heading.default\">\n\t\t\t\t\t<h2 class=\"elementor-heading-title elementor-size-default\">N\u00fat\u00edmaleg vi\u00f0taka skj\u00f3lunar \u00fer\u00f6skuldarins<\/h2>\t\t\t\t<\/div>\n\t\t<div class=\"elementor-element elementor-element-iwgs-schwellensch-s8box e-con-full e-flex e-con e-parent\" data-id=\"iwgs-schwellensch-s8box\" data-element_type=\"container\" data-e-type=\"container\">\n\t\t\t\t<div class=\"elementor-element elementor-element-iwgs-schwellensch-s8t elementor-widget elementor-widget-text-editor\" data-id=\"iwgs-schwellensch-s8t\" data-element_type=\"widget\" data-e-type=\"widget\" data-widget_type=\"text-editor.default\">\n\t\t\t\t\t\t\t\t\t<p>Sumar tegundir skj\u00f3lunar \u00fer\u00f6skuldarins eru enn lifandi \u00ed dag. Hinn hebreski skriftarh\u00f3lkur \u00e1 dyrastafnum er hluti af tr\u00faari\u00f0kun samt\u00edmans. Einnig er hestaskeifan yfir dyrum v\u00ed\u00f0a sett upp enn \u00feann dag \u00ed dag, oft frekar sem <span class=\"iwg-fachbegriff\" data-tooltip=\"Hef\u00f0bundin ath\u00f6fn sem er endurtekin me\u00f0 reglulegu millibili innan samf\u00e9lags.\" tabindex=\"0\">si\u00f0ur<\/span> en sem verndarmi\u00f0ill.<\/p><p>\u00cd byggingarfr\u00e6\u00f0i og \u00ed <span class=\"iwg-fachbegriff\" data-tooltip=\"V\u00edsindagrein sem rannsakar hversdagsmenningu, si\u00f0i og arfleif\u00f0ar hugmyndir.\" tabindex=\"0\">\u00fej\u00f3\u00f0fr\u00e6\u00f0i<\/span> eru innskornar r\u00fanir \u00e1 g\u00f6mlum byggingum vi\u00f0urkennt ranns\u00f3knarefni. \u00de\u00e6r eru skr\u00e1\u00f0ar, t\u00edmasettar og t\u00falka\u00f0ar sem vitnisbur\u00f0ur um horfna heimilissi\u00f0i.<\/p><p>\u00cd n\u00fat\u00edma <span class=\"iwg-fachbegriff\" data-tooltip=\"Samheiti fyrir kenningar sem gera kr\u00f6fu um dulda \u00feekkingu, a\u00f0gengilega a\u00f0eins innv\u00edg\u00f0um.\" tabindex=\"0\">es\u00f3terisma<\/span> og \u00ed vins\u00e6lum r\u00e1\u00f0gjafab\u00f3kum er skj\u00f3lun \u00fer\u00f6skuldarins stundum tekin upp. Sl\u00edkt frambo\u00f0 \u00e6tti a\u00f0 sko\u00f0a me\u00f0 gagnr\u00fdni, \u00fev\u00ed \u00e1hrifin sem \u00fev\u00ed er eignu\u00f0 eru ekki sta\u00f0fest.<\/p><p>\u00cd d\u00e6gurmenningu koma \u00fer\u00f6skuldar og inngangar oft fram sem sta\u00f0ir umbreytingar og h\u00e6ttu. Kvikmyndir og s\u00f6gur taka upp \u00fe\u00e1 fornu hugmynd a\u00f0 \u00fer\u00f6skuldurinn s\u00e9 vi\u00f0kv\u00e6mur sta\u00f0ur.<\/p><p>Fyrir <span class=\"iwg-fachbegriff\" data-tooltip=\"V\u00edsindagrein sem rannsakar tr\u00faarbr\u00f6g\u00f0 samanbur\u00f0arlega og \u00e1n tr\u00faarlegrar bindingar.\" tabindex=\"0\">tr\u00faarbrag\u00f0afr\u00e6\u00f0i<\/span> er skj\u00f3lun \u00fer\u00f6skuldarins sk\u00fdrt d\u00e6mi um verndarreglu sem er bundin \u00e1kve\u00f0num sta\u00f0. H\u00fan s\u00fdnir hvernig hugmyndin um vi\u00f0kv\u00e6ma umbreytingu hefur skapa\u00f0 si\u00f0i \u00ed m\u00f6rgum menningarheimum.<\/p><p>S\u00e1 sem kynnir s\u00e9r skj\u00f3lun \u00fer\u00f6skuldarins \u00ed dag finnur \u00ed henni fyrst og fremst menningars\u00f6gulegt efni. Yfirvegu\u00f0 n\u00e1lgun skilur \u00e1 milli sta\u00f0festrar s\u00f6gu si\u00f0sins og n\u00fat\u00edma fyrirheita um \u00e1hrif sem standast ekki sko\u00f0un.<\/p><p>Byggingars\u00f6gulegar ranns\u00f3knir hafa einnig kanna\u00f0 innganginn sem mikilv\u00e6gan sta\u00f0. Dyrabitar, dyraumb\u00fana\u00f0ur og \u00fer\u00f6skuldasteinar voru oft s\u00e9rstaklega hanna\u00f0ir og \u00e1letra\u00f0ir. \u00deessi byggingarlega \u00e1herslu \u00e1 innganginn samr\u00e6mist hugmyndinni um a\u00f0 umbreytingin ver\u00f0skuldi s\u00e9rstaka athygli.<\/p>\t\t\t\t\t\t\t\t<\/div>\n\t\t\t\t<\/div>\n\t\t\t\t\t<\/div>\n\t\t\t\t<\/div>\n\t\t<div class=\"elementor-element elementor-element-iwgs-schwellensch-lit e-flex e-con-boxed e-con e-parent\" data-id=\"iwgs-schwellensch-lit\" data-element_type=\"container\" data-e-type=\"container\">\n\t\t\t\t\t<div class=\"e-con-inner\">\n\t\t\t\t<div class=\"elementor-element elementor-element-iwgs-schwellensch-lith elementor-widget elementor-widget-heading\" data-id=\"iwgs-schwellensch-lith\" data-element_type=\"widget\" data-e-type=\"widget\" data-widget_type=\"heading.default\">\n\t\t\t\t\t<h2 class=\"elementor-heading-title elementor-size-default\">Heimildir (\u00farval)<\/h2>\t\t\t\t<\/div>\n\t\t<div class=\"elementor-element elementor-element-iwgs-schwellensch-litbox e-con-full e-flex e-con e-parent\" data-id=\"iwgs-schwellensch-litbox\" data-element_type=\"container\" data-e-type=\"container\">\n\t\t\t\t<div class=\"elementor-element elementor-element-iwgs-schwellensch-litt elementor-widget elementor-widget-html\" data-id=\"iwgs-schwellensch-litt\" data-element_type=\"widget\" data-e-type=\"widget\" data-widget_type=\"html.default\">\n\t\t\t\t\t<footer data-nosnippet=\"true\"><ul><li>Hanns B\u00e4chtold-St\u00e4ubli (ritstj.): <em>Handw\u00f6rterbuch des deutschen Aberglaubens<\/em> (1927-1942)<\/li><li>Liselotte Hansmann, Lenz Kriss-Rettenbeck: <em>Amulett und Talisman. Erscheinungsform und Geschichte<\/em> (1966)<\/li><li>Arnold van Gennep: <em>Les rites de passage<\/em> (1909)<\/li><li>Carlo Ginzburg: <em>Die Benandanti. Feldkulte und Hexenwesen im 16. und 17. Jahrhundert<\/em> (1966)<\/li><li>Jeremy Black, Anthony Green: <em>Gods, Demons and Symbols of Ancient Mesopotamia<\/em> (1992)<\/li><\/ul><\/footer>\t\t\t\t<\/div>\n\t\t\t\t<\/div>\n\t\t\t\t\t<\/div>\n\t\t\t\t<\/div>\n\t\t<div class=\"elementor-element elementor-element-iwgs-schwellensch-kwd e-flex e-con-boxed e-con e-parent\" data-id=\"iwgs-schwellensch-kwd\" data-element_type=\"container\" data-e-type=\"container\">\n\t\t\t\t\t<div class=\"e-con-inner\">\n\t\t\t\t<div class=\"elementor-element elementor-element-iwgs-schwellensch-kwdt elementor-widget elementor-widget-text-editor\" data-id=\"iwgs-schwellensch-kwdt\" data-element_type=\"widget\" data-e-type=\"widget\" data-widget_type=\"text-editor.default\">\n\t\t\t\t\t\t\t\t\t<p><em>Tengd lykilhugt\u00f6k: skj\u00f3lun \u00fer\u00f6skuldar dyra\u00fer\u00f6skuldur h\u00fasinngangur dyravernd gluggavernd hestaskeifa \u00fer\u00f6skuldarmynstur innskornar r\u00fanir inngangur <span class=\"iwg-fachbegriff\" data-tooltip=\"\u00d3g\u00e6fuvarnandi: um merki og hluti sem eiga a\u00f0 halda ska\u00f0legum \u00e1hrifum \u00ed skefjum.\" tabindex=\"0\">ap\u00f3tr\u00f3pa\u00edskur<\/span>.<\/em><\/p>\t\t\t\t\t\t\t\t<\/div>\n\t\t\t\t\t<\/div>\n\t\t\t\t<\/div>\n\t\t<div class=\"elementor-element elementor-element-iwgs-schwellensch-cc e-flex e-con-boxed e-con e-parent\" data-id=\"iwgs-schwellensch-cc\" data-element_type=\"container\" data-e-type=\"container\" id=\"iwg-cc-schwellenschutz\">\n\t\t\t\t\t<div class=\"e-con-inner\">\n\t\t<div class=\"elementor-element elementor-element-iwgs-schwellensch-ccinner e-flex e-con-boxed e-con e-parent\" data-id=\"iwgs-schwellensch-ccinner\" data-element_type=\"container\" data-e-type=\"container\" data-settings=\"{&quot;background_background&quot;:&quot;classic&quot;}\">\n\t\t\t\t\t<div class=\"e-con-inner\">\n\t\t\t\t<div class=\"elementor-element elementor-element-iwgs-schwellensch-cch elementor-widget elementor-widget-heading\" data-id=\"iwgs-schwellensch-cch\" data-element_type=\"widget\" data-e-type=\"widget\" data-widget_type=\"heading.default\">\n\t\t\t\t\t<h2 class=\"elementor-heading-title elementor-size-default\">iWell Guard og verndarhef\u00f0ir<\/h2>\t\t\t\t<\/div>\n\t\t\t\t<div class=\"elementor-element elementor-element-iwgs-schwellensch-cct elementor-widget elementor-widget-text-editor\" data-id=\"iwgs-schwellensch-cct\" data-element_type=\"widget\" data-e-type=\"widget\" data-widget_type=\"text-editor.default\">\n\t\t\t\t\t\t\t\t\t<p>iWell Guard fylgir menningars\u00f6gulegri hef\u00f0 handh\u00e6gra verndargripa, sem skj\u00f3lun \u00fer\u00f6skuldarins er einnig hluti af. N\u00fat\u00edmalegur fylgihlutur fyrir f\u00f3lk sem lifir me\u00f0 verndart\u00e1knum: framleiddur \u00ed \u00de\u00fdskalandi, 41 lag af sk\u00edragulli, plat\u00ednu og silfri, me\u00f0 30 daga skilar\u00e9tti.<\/p>\t\t\t\t\t\t\t\t<\/div>\n\t\t\t\t<div class=\"elementor-element elementor-element-iwgs-schwellensch-ccb iwg-cc-button iwg-cc-cta-2026-05-13 elementor-widget elementor-widget-jet-button\" data-id=\"iwgs-schwellensch-ccb\" data-element_type=\"widget\" data-e-type=\"widget\" data-widget_type=\"jet-button.default\">\n\t\t\t\t<div class=\"elementor-widget-container\">\n\t\t\t\t\t<div class=\"elementor-jet-button jet-elements\"><div class=\"jet-button__container\"><a class=\"jet-button__instance jet-button__instance--icon-left hover-effect-1\" href=\"\/schutzanhaenger-iwell-guard-kaufen\/?utm_source=iwell-guard.com&amp;utm_medium=info-box&amp;utm_campaign=schutzsymbole\"><div class=\"jet-button__plane jet-button__plane-normal\"><\/div><div class=\"jet-button__plane jet-button__plane-hover\"><\/div><div class=\"jet-button__state jet-button__state-normal\"><span class=\"jet-button__label\">Meira um iWell Guard<\/span><\/div><div class=\"jet-button__state jet-button__state-hover\"><span class=\"jet-button__label\">Meira um iWell Guard<\/span><\/div><\/a><\/div><\/div><style>.elementor-element.elementor-element-iwgs-schwellensch-ccb .jet-button__instance{width:320px;height:56px;}.elementor-element.elementor-element-iwgs-schwellensch-ccb .jet-button__state-normal .jet-button__label{text-align:center;margin:0px 0px 0px 0px;color:#1a1b20;font-family:Montserrat,sans-serif;font-size:13px;font-weight:400;letter-spacing:4px;line-height:1.714em;text-transform:uppercase;}.elementor-element.elementor-element-iwgs-schwellensch-ccb .jet-button__state-hover .jet-button__label{text-align:center;margin:0px 0px 0px 0px;color:#FECC76;font-family:Montserrat,sans-serif;font-size:13px;font-weight:400;letter-spacing:4px;line-height:1.714em;text-transform:uppercase;}.elementor-element.elementor-element-iwgs-schwellensch-ccb .jet-button__plane-normal{background-color:#FECC76;border-style:solid;border-color:#C99540;border-width:2px 2px 2px 2px;}.elementor-element.elementor-element-iwgs-schwellensch-ccb .jet-button__plane-hover{background-color:rgba(0,0,0,0.55);border-style:solid;border-color:#FECC76;border-width:2px 2px 2px 2px;}<\/style>\t\t\t\t<\/div>\n\t\t\t\t<\/div>\n\t\t\t\t<div class=\"elementor-element elementor-element-iwgs-schwellensch-ccd elementor-widget elementor-widget-text-editor\" data-id=\"iwgs-schwellensch-ccd\" data-element_type=\"widget\" data-e-type=\"widget\" data-widget_type=\"text-editor.default\">\n\t\t\t\t\t\t\t\t\t<p style=\"text-align:center;font-size:13px;opacity:0.7;margin-top:14px\" data-nosnippet=\"true\">Pers\u00f3nuleg reynsla getur veri\u00f0 mismunandi. Ekki l\u00e6kningat\u00e6ki. Engin lofor\u00f0 um l\u00e6kningu.<\/p>\t\t\t\t\t\t\t\t<\/div>\n\t\t\t\t\t<\/div>\n\t\t\t\t<\/div>\n\t\t\t\t\t<\/div>\n\t\t\t\t<\/div>\n\t\t<div class=\"elementor-element elementor-element-iwgs-schwellensch-disc e-flex e-con-boxed e-con e-parent\" data-id=\"iwgs-schwellensch-disc\" data-element_type=\"container\" data-e-type=\"container\">\n\t\t\t\t\t<div class=\"e-con-inner\">\n\t\t\t\t<div class=\"elementor-element elementor-element-iwgs-schwellensch-discw elementor-widget elementor-widget-html\" data-id=\"iwgs-schwellensch-discw\" data-element_type=\"widget\" data-e-type=\"widget\" data-widget_type=\"html.default\">\n\t\t\t\t\t<footer data-nosnippet=\"true\" class=\"iwg-disclaimer-block\"><p data-nosnippet=\"true\">iWell Guard er <strong>ekki l\u00e6kningat\u00e6ki<\/strong> og kemur ekki \u00ed sta\u00f0 l\u00e6knis- e\u00f0a s\u00e1lfr\u00e6\u00f0ime\u00f0fer\u00f0ar. Innihaldi\u00f0 sem h\u00e9r er sett fram er tr\u00faarbrag\u00f0afr\u00e6\u00f0ileg og menningars\u00f6gulega greining, ekki lofor\u00f0 um andlega virkni.<\/p><\/footer>\t\t\t\t<\/div>\n\t\t\t\t\t<\/div>\n\t\t\t\t<\/div>\n\t\t\t\t<\/div>\n\t\t","protected":false},"excerpt":{"rendered":"","protected":false},"author":3,"featured_media":3579,"parent":0,"menu_order":0,"comment_status":"closed","ping_status":"closed","template":"elementor_header_footer","meta":{"_yoast_wpseo_focuskw":"\u00der\u00f6skuldarvernd","_yoast_wpseo_title":"\u00der\u00f6skuldarvernd \u00e1 hur\u00f0um og gluggum","_yoast_wpseo_metadesc":"\u00der\u00f6skuldarvernd sem verndarhugtak: hvers vegna dyra\u00fer\u00f6skuldur, gluggar og h\u00fasinngangur voru varin, me\u00f0 d\u00e6mum \u00far forn\u00f6ld, \u00fej\u00f3\u00f0tr\u00fa og As\u00edu.","_yoast_wpseo_meta-robots-noindex":"","_yoast_wpseo_canonical":"","_angie_page":false,"gefaehrdungsstufe":"","wesen_kultur":"","wesen_klasse":"","footnotes":""},"categories":[],"class_list":["post-169250","page","type-page","status-publish","has-post-thumbnail","hentry"],"yoast_head":"<!-- This site is optimized with the Yoast SEO Premium plugin v27.7 (Yoast SEO v28.3) - https:\/\/yoast.com\/product\/yoast-seo-premium-wordpress\/ -->\n<title>\u00der\u00f6skuldarvernd \u00e1 hur\u00f0um og gluggum<\/title>\n<meta name=\"description\" content=\"\u00der\u00f6skuldarvernd sem verndarhugtak: hvers vegna dyra\u00fer\u00f6skuldur, gluggar og h\u00fasinngangur voru varin, me\u00f0 d\u00e6mum \u00far forn\u00f6ld, \u00fej\u00f3\u00f0tr\u00fa og As\u00edu.\" \/>\n<meta name=\"robots\" content=\"index, follow, max-snippet:-1, max-image-preview:large, max-video-preview:-1\" \/>\n<link rel=\"canonical\" href=\"https:\/\/iwell-guard.com\/is\/throskuldarvernd\/\" \/>\n<meta property=\"og:locale\" content=\"is_IS\" \/>\n<meta property=\"og:type\" content=\"article\" \/>\n<meta property=\"og:title\" content=\"\u00der\u00f6skuldarvernd: hur\u00f0ir, gluggar og h\u00fasinngangur\" \/>\n<meta property=\"og:description\" content=\"\u00der\u00f6skuldarvernd sem verndarhugtak: hvers vegna dyra\u00fer\u00f6skuldur, gluggar og h\u00fasinngangur voru varin, me\u00f0 d\u00e6mum \u00far forn\u00f6ld, \u00fej\u00f3\u00f0tr\u00fa og As\u00edu.\" \/>\n<meta property=\"og:url\" content=\"https:\/\/iwell-guard.com\/is\/throskuldarvernd\/\" \/>\n<meta property=\"og:site_name\" content=\"iWell Guard\" \/>\n<meta property=\"article:modified_time\" content=\"2026-09-05T14:36:07+00:00\" \/>\n<meta property=\"og:image\" content=\"https:\/\/iwell-guard.com\/wp-content\/uploads\/2026\/05\/schutzsymbol_universell_schwellenschutz.webp\" \/>\n\t<meta property=\"og:image:width\" content=\"1024\" \/>\n\t<meta property=\"og:image:height\" content=\"1536\" \/>\n\t<meta property=\"og:image:type\" content=\"image\/webp\" \/>\n<meta name=\"twitter:card\" content=\"summary_large_image\" \/>\n<script type=\"application\/ld+json\" class=\"yoast-schema-graph\">{\"@context\":\"https:\\\/\\\/schema.org\",\"@graph\":[{\"@type\":\"WebPage\",\"@id\":\"https:\\\/\\\/iwell-guard.com\\\/is\\\/throskuldarvernd\\\/\",\"url\":\"https:\\\/\\\/iwell-guard.com\\\/is\\\/throskuldarvernd\\\/\",\"name\":\"\u00der\u00f6skuldarvernd \u00e1 hur\u00f0um og gluggum\",\"isPartOf\":{\"@id\":\"https:\\\/\\\/iwell-guard.com\\\/is\\\/#website\"},\"primaryImageOfPage\":{\"@id\":\"https:\\\/\\\/iwell-guard.com\\\/is\\\/throskuldarvernd\\\/#primaryimage\"},\"image\":{\"@id\":\"https:\\\/\\\/iwell-guard.com\\\/is\\\/throskuldarvernd\\\/#primaryimage\"},\"thumbnailUrl\":\"https:\\\/\\\/iwell-guard.com\\\/wp-content\\\/uploads\\\/2026\\\/05\\\/schutzsymbol_universell_schwellenschutz.webp\",\"datePublished\":\"2026-09-05T14:06:50+00:00\",\"dateModified\":\"2026-09-05T14:36:07+00:00\",\"description\":\"\u00der\u00f6skuldarvernd sem verndarhugtak: hvers vegna dyra\u00fer\u00f6skuldur, gluggar og h\u00fasinngangur voru varin, me\u00f0 d\u00e6mum \u00far forn\u00f6ld, \u00fej\u00f3\u00f0tr\u00fa og As\u00edu.\",\"breadcrumb\":{\"@id\":\"https:\\\/\\\/iwell-guard.com\\\/is\\\/throskuldarvernd\\\/#breadcrumb\"},\"inLanguage\":\"is\",\"potentialAction\":[{\"@type\":\"ReadAction\",\"target\":[\"https:\\\/\\\/iwell-guard.com\\\/is\\\/throskuldarvernd\\\/\"]}]},{\"@type\":\"ImageObject\",\"inLanguage\":\"is\",\"@id\":\"https:\\\/\\\/iwell-guard.com\\\/is\\\/throskuldarvernd\\\/#primaryimage\",\"url\":\"https:\\\/\\\/iwell-guard.com\\\/wp-content\\\/uploads\\\/2026\\\/05\\\/schutzsymbol_universell_schwellenschutz.webp\",\"contentUrl\":\"https:\\\/\\\/iwell-guard.com\\\/wp-content\\\/uploads\\\/2026\\\/05\\\/schutzsymbol_universell_schwellenschutz.webp\",\"width\":1024,\"height\":1536,\"caption\":\"Verndart\u00e1kn. Myndskreyting \u00ed safnst\u00edl.\"},{\"@type\":\"BreadcrumbList\",\"@id\":\"https:\\\/\\\/iwell-guard.com\\\/is\\\/throskuldarvernd\\\/#breadcrumb\",\"itemListElement\":[{\"@type\":\"ListItem\",\"position\":1,\"name\":\"Start\",\"item\":\"https:\\\/\\\/iwell-guard.com\\\/is\\\/?page_id=168580\"},{\"@type\":\"ListItem\",\"position\":2,\"name\":\"\u00der\u00f6skuldarvernd: hur\u00f0ir, gluggar og h\u00fasinngangur\"}]},{\"@type\":\"WebSite\",\"@id\":\"https:\\\/\\\/iwell-guard.com\\\/is\\\/#website\",\"url\":\"https:\\\/\\\/iwell-guard.com\\\/is\\\/\",\"name\":\"iWell Guard\",\"description\":\"Schutz vor dunklen Einfl\u00fcssen\",\"publisher\":{\"@id\":\"https:\\\/\\\/iwell-guard.com\\\/is\\\/#organization\"},\"potentialAction\":[{\"@type\":\"SearchAction\",\"target\":{\"@type\":\"EntryPoint\",\"urlTemplate\":\"https:\\\/\\\/iwell-guard.com\\\/is\\\/?s={search_term_string}\"},\"query-input\":{\"@type\":\"PropertyValueSpecification\",\"valueRequired\":true,\"valueName\":\"search_term_string\"}}],\"inLanguage\":\"is\"},{\"@type\":\"Organization\",\"@id\":\"https:\\\/\\\/iwell-guard.com\\\/is\\\/#organization\",\"name\":\"Ittermann electronic GmbH\",\"url\":\"https:\\\/\\\/iwell-guard.com\\\/is\\\/\",\"logo\":{\"@type\":\"ImageObject\",\"inLanguage\":\"is\",\"@id\":\"https:\\\/\\\/iwell-guard.com\\\/is\\\/#\\\/schema\\\/logo\\\/image\\\/\",\"url\":\"https:\\\/\\\/iwell-guard.com\\\/wp-content\\\/uploads\\\/2026\\\/05\\\/Ittermann-Logo-1182x237-1.png\",\"contentUrl\":\"https:\\\/\\\/iwell-guard.com\\\/wp-content\\\/uploads\\\/2026\\\/05\\\/Ittermann-Logo-1182x237-1.png\",\"width\":1182,\"height\":237,\"caption\":\"Ittermann electronic GmbH\"},\"image\":{\"@id\":\"https:\\\/\\\/iwell-guard.com\\\/is\\\/#\\\/schema\\\/logo\\\/image\\\/\"},\"sameAs\":[\"https:\\\/\\\/pantip.com\\\/profile\\\/9367242\",\"https:\\\/\\\/micro.blog\\\/iwellguard\",\"https:\\\/\\\/www.diggerslist.com\\\/iwellguard\\\/about\",\"https:\\\/\\\/skitterphoto.com\\\/photographers\\\/2870314\\\/iwell-guard\",\"https:\\\/\\\/iwellguard.wordpress.com\\\/2026\\\/06\\\/06\\\/iwell-guard\\\/\",\"https:\\\/\\\/hub.docker.com\\\/u\\\/iwellguard\",\"https:\\\/\\\/www.pinterest.com\\\/iwellguard\\\/\",\"https:\\\/\\\/bit.ly\\\/m\\\/iwellguard\",\"https:\\\/\\\/entre-vos-mains.alsace.eu\\\/profiles\\\/iwellguard\\\/activity\",\"https:\\\/\\\/gravatar.com\\\/reallybeded8fd34\",\"https:\\\/\\\/naijamatta.com\\\/iwellguard\",\"https:\\\/\\\/www.goodreads.com\\\/iwellguard\",\"https:\\\/\\\/profile.hatena.ne.jp\\\/iwellguard\\\/\",\"https:\\\/\\\/experiment.com\\\/users\\\/iwellguard\",\"https:\\\/\\\/wakelet.com\\\/@iWellGuard82270\",\"https:\\\/\\\/www.chordie.com\\\/forum\\\/profile.php?id=2555664\",\"https:\\\/\\\/www.instapaper.com\\\/p\\\/17757966\",\"https:\\\/\\\/www.mapleprimes.com\\\/users\\\/iwellguard\",\"https:\\\/\\\/businesslistingplus.com\\\/profile\\\/iwell-guard\\\/\",\"https:\\\/\\\/telegra.ph\\\/iWell-Guard-06-06\",\"https:\\\/\\\/pbase.com\\\/iwellguard\\\/iwellguard\",\"https:\\\/\\\/b.hatena.ne.jp\\\/iwellguard\\\/20260607#bookmark-4788405196491818882\",\"https:\\\/\\\/fliphtml5.com\\\/home\\\/iwellguard\",\"https:\\\/\\\/anyflip.com\\\/homepage\\\/cmiwl#About\",\"https:\\\/\\\/transfur.com\\\/Users\\\/iwellguard\",\"http:\\\/\\\/delphi.larsbo.org\\\/user\\\/iwellguard\",\"https:\\\/\\\/jobs.lajobsportal.org\\\/profiles\\\/8380803-iwell-guard\",\"https:\\\/\\\/md.chaosdorf.de\\\/s\\\/jfbe5SBdJD\",\"https:\\\/\\\/www.lingvolive.com\\\/en-us\\\/profile\\\/9ecaeaca-ce11-4e51-9e71-01d55e2bff36\\\/translations\",\"https:\\\/\\\/www.fitday.com\\\/fitness\\\/forums\\\/members\\\/iwellguard.html\",\"https:\\\/\\\/www.mymeetbook.com\\\/iwellguard\",\"https:\\\/\\\/pxhere.com\\\/en\\\/photographer-me\\\/5040798\",\"https:\\\/\\\/disqus.com\\\/by\\\/iwellguard\\\/about\\\/\",\"https:\\\/\\\/pastelink.net\\\/hjwciqwq\",\"https:\\\/\\\/pubhtml5.com\\\/homepage\\\/scjhn\\\/\",\"https:\\\/\\\/www.bitchute.com\\\/channel\\\/2O2eOKzNqujT\",\"https:\\\/\\\/audiomack.com\\\/iwellguard\"]}]}<\/script>\n<!-- \/ Yoast SEO Premium plugin. -->","yoast_head_json":{"title":"\u00der\u00f6skuldarvernd \u00e1 hur\u00f0um og gluggum","description":"\u00der\u00f6skuldarvernd sem verndarhugtak: hvers vegna dyra\u00fer\u00f6skuldur, gluggar og h\u00fasinngangur voru varin, me\u00f0 d\u00e6mum \u00far forn\u00f6ld, \u00fej\u00f3\u00f0tr\u00fa og As\u00edu.","robots":{"index":"index","follow":"follow","max-snippet":"max-snippet:-1","max-image-preview":"max-image-preview:large","max-video-preview":"max-video-preview:-1"},"canonical":"https:\/\/iwell-guard.com\/is\/throskuldarvernd\/","og_locale":"is_IS","og_type":"article","og_title":"\u00der\u00f6skuldarvernd: hur\u00f0ir, gluggar og h\u00fasinngangur","og_description":"\u00der\u00f6skuldarvernd sem verndarhugtak: hvers vegna dyra\u00fer\u00f6skuldur, gluggar og h\u00fasinngangur voru varin, me\u00f0 d\u00e6mum \u00far forn\u00f6ld, \u00fej\u00f3\u00f0tr\u00fa og As\u00edu.","og_url":"https:\/\/iwell-guard.com\/is\/throskuldarvernd\/","og_site_name":"iWell Guard","article_modified_time":"2026-09-05T14:36:07+00:00","og_image":[{"width":1024,"height":1536,"url":"https:\/\/iwell-guard.com\/wp-content\/uploads\/2026\/05\/schutzsymbol_universell_schwellenschutz.webp","type":"image\/webp"}],"twitter_card":"summary_large_image","schema":{"@context":"https:\/\/schema.org","@graph":[{"@type":"WebPage","@id":"https:\/\/iwell-guard.com\/is\/throskuldarvernd\/","url":"https:\/\/iwell-guard.com\/is\/throskuldarvernd\/","name":"\u00der\u00f6skuldarvernd \u00e1 hur\u00f0um og gluggum","isPartOf":{"@id":"https:\/\/iwell-guard.com\/is\/#website"},"primaryImageOfPage":{"@id":"https:\/\/iwell-guard.com\/is\/throskuldarvernd\/#primaryimage"},"image":{"@id":"https:\/\/iwell-guard.com\/is\/throskuldarvernd\/#primaryimage"},"thumbnailUrl":"https:\/\/iwell-guard.com\/wp-content\/uploads\/2026\/05\/schutzsymbol_universell_schwellenschutz.webp","datePublished":"2026-09-05T14:06:50+00:00","dateModified":"2026-09-05T14:36:07+00:00","description":"\u00der\u00f6skuldarvernd sem verndarhugtak: hvers vegna dyra\u00fer\u00f6skuldur, gluggar og h\u00fasinngangur voru varin, me\u00f0 d\u00e6mum \u00far forn\u00f6ld, \u00fej\u00f3\u00f0tr\u00fa og As\u00edu.","breadcrumb":{"@id":"https:\/\/iwell-guard.com\/is\/throskuldarvernd\/#breadcrumb"},"inLanguage":"is","potentialAction":[{"@type":"ReadAction","target":["https:\/\/iwell-guard.com\/is\/throskuldarvernd\/"]}]},{"@type":"ImageObject","inLanguage":"is","@id":"https:\/\/iwell-guard.com\/is\/throskuldarvernd\/#primaryimage","url":"https:\/\/iwell-guard.com\/wp-content\/uploads\/2026\/05\/schutzsymbol_universell_schwellenschutz.webp","contentUrl":"https:\/\/iwell-guard.com\/wp-content\/uploads\/2026\/05\/schutzsymbol_universell_schwellenschutz.webp","width":1024,"height":1536,"caption":"Verndart\u00e1kn. Myndskreyting \u00ed safnst\u00edl."},{"@type":"BreadcrumbList","@id":"https:\/\/iwell-guard.com\/is\/throskuldarvernd\/#breadcrumb","itemListElement":[{"@type":"ListItem","position":1,"name":"Start","item":"https:\/\/iwell-guard.com\/is\/?page_id=168580"},{"@type":"ListItem","position":2,"name":"\u00der\u00f6skuldarvernd: hur\u00f0ir, gluggar og h\u00fasinngangur"}]},{"@type":"WebSite","@id":"https:\/\/iwell-guard.com\/is\/#website","url":"https:\/\/iwell-guard.com\/is\/","name":"iWell Guard","description":"Schutz vor dunklen Einfl\u00fcssen","publisher":{"@id":"https:\/\/iwell-guard.com\/is\/#organization"},"potentialAction":[{"@type":"SearchAction","target":{"@type":"EntryPoint","urlTemplate":"https:\/\/iwell-guard.com\/is\/?s={search_term_string}"},"query-input":{"@type":"PropertyValueSpecification","valueRequired":true,"valueName":"search_term_string"}}],"inLanguage":"is"},{"@type":"Organization","@id":"https:\/\/iwell-guard.com\/is\/#organization","name":"Ittermann electronic GmbH","url":"https:\/\/iwell-guard.com\/is\/","logo":{"@type":"ImageObject","inLanguage":"is","@id":"https:\/\/iwell-guard.com\/is\/#\/schema\/logo\/image\/","url":"https:\/\/iwell-guard.com\/wp-content\/uploads\/2026\/05\/Ittermann-Logo-1182x237-1.png","contentUrl":"https:\/\/iwell-guard.com\/wp-content\/uploads\/2026\/05\/Ittermann-Logo-1182x237-1.png","width":1182,"height":237,"caption":"Ittermann electronic GmbH"},"image":{"@id":"https:\/\/iwell-guard.com\/is\/#\/schema\/logo\/image\/"},"sameAs":["https:\/\/pantip.com\/profile\/9367242","https:\/\/micro.blog\/iwellguard","https:\/\/www.diggerslist.com\/iwellguard\/about","https:\/\/skitterphoto.com\/photographers\/2870314\/iwell-guard","https:\/\/iwellguard.wordpress.com\/2026\/06\/06\/iwell-guard\/","https:\/\/hub.docker.com\/u\/iwellguard","https:\/\/www.pinterest.com\/iwellguard\/","https:\/\/bit.ly\/m\/iwellguard","https:\/\/entre-vos-mains.alsace.eu\/profiles\/iwellguard\/activity","https:\/\/gravatar.com\/reallybeded8fd34","https:\/\/naijamatta.com\/iwellguard","https:\/\/www.goodreads.com\/iwellguard","https:\/\/profile.hatena.ne.jp\/iwellguard\/","https:\/\/experiment.com\/users\/iwellguard","https:\/\/wakelet.com\/@iWellGuard82270","https:\/\/www.chordie.com\/forum\/profile.php?id=2555664","https:\/\/www.instapaper.com\/p\/17757966","https:\/\/www.mapleprimes.com\/users\/iwellguard","https:\/\/businesslistingplus.com\/profile\/iwell-guard\/","https:\/\/telegra.ph\/iWell-Guard-06-06","https:\/\/pbase.com\/iwellguard\/iwellguard","https:\/\/b.hatena.ne.jp\/iwellguard\/20260607#bookmark-4788405196491818882","https:\/\/fliphtml5.com\/home\/iwellguard","https:\/\/anyflip.com\/homepage\/cmiwl#About","https:\/\/transfur.com\/Users\/iwellguard","http:\/\/delphi.larsbo.org\/user\/iwellguard","https:\/\/jobs.lajobsportal.org\/profiles\/8380803-iwell-guard","https:\/\/md.chaosdorf.de\/s\/jfbe5SBdJD","https:\/\/www.lingvolive.com\/en-us\/profile\/9ecaeaca-ce11-4e51-9e71-01d55e2bff36\/translations","https:\/\/www.fitday.com\/fitness\/forums\/members\/iwellguard.html","https:\/\/www.mymeetbook.com\/iwellguard","https:\/\/pxhere.com\/en\/photographer-me\/5040798","https:\/\/disqus.com\/by\/iwellguard\/about\/","https:\/\/pastelink.net\/hjwciqwq","https:\/\/pubhtml5.com\/homepage\/scjhn\/","https:\/\/www.bitchute.com\/channel\/2O2eOKzNqujT","https:\/\/audiomack.com\/iwellguard"]}]}},"_links":{"self":[{"href":"https:\/\/iwell-guard.com\/is\/wp-json\/wp\/v2\/pages\/169250","targetHints":{"allow":["GET"]}}],"collection":[{"href":"https:\/\/iwell-guard.com\/is\/wp-json\/wp\/v2\/pages"}],"about":[{"href":"https:\/\/iwell-guard.com\/is\/wp-json\/wp\/v2\/types\/page"}],"author":[{"embeddable":true,"href":"https:\/\/iwell-guard.com\/is\/wp-json\/wp\/v2\/users\/3"}],"replies":[{"embeddable":true,"href":"https:\/\/iwell-guard.com\/is\/wp-json\/wp\/v2\/comments?post=169250"}],"version-history":[{"count":0,"href":"https:\/\/iwell-guard.com\/is\/wp-json\/wp\/v2\/pages\/169250\/revisions"}],"wp:featuredmedia":[{"embeddable":true,"href":"https:\/\/iwell-guard.com\/is\/wp-json\/wp\/v2\/media\/3579"}],"wp:attachment":[{"href":"https:\/\/iwell-guard.com\/is\/wp-json\/wp\/v2\/media?parent=169250"}],"wp:term":[{"taxonomy":"category","embeddable":true,"href":"https:\/\/iwell-guard.com\/is\/wp-json\/wp\/v2\/categories?post=169250"}],"curies":[{"name":"wp","href":"https:\/\/api.w.org\/{rel}","templated":true}]}}