{"id":169249,"date":"2026-09-05T14:06:50","date_gmt":"2026-09-05T14:06:50","guid":{"rendered":"https:\/\/iwell-guard.com\/?page_id=169249"},"modified":"2026-09-05T14:36:02","modified_gmt":"2026-09-05T14:36:02","slug":"verndarhringur-afmorkun-skadi","status":"publish","type":"page","link":"https:\/\/iwell-guard.com\/is\/verndarhringur-afmorkun-skadi\/","title":{"rendered":"Verndarhringurinn sem afm\u00f6rkun gegn ska\u00f0a"},"content":{"rendered":"\t\t<div data-elementor-type=\"wp-page\" data-elementor-id=\"169249\" class=\"elementor elementor-169249 elementor-3741 elementor-bc-flex-widget\" data-elementor-post-type=\"page\">\n\t\t\t\t<div class=\"elementor-element elementor-element-iwgs-schutzkreis-hero e-flex e-con-boxed e-con e-parent\" data-id=\"iwgs-schutzkreis-hero\" data-element_type=\"container\" data-e-type=\"container\">\n\t\t\t\t\t<div class=\"e-con-inner\">\n\t\t<div class=\"elementor-element elementor-element-iw-schutzkreis-hero-bw e-con-full e-flex e-con e-child\" data-id=\"iw-schutzkreis-hero-bw\" data-element_type=\"container\" data-e-type=\"container\">\n\t\t<div class=\"elementor-element elementor-element-iwgs-schutzkreis-hl e-flex e-con-boxed e-con e-parent\" data-id=\"iwgs-schutzkreis-hl\" data-element_type=\"container\" data-e-type=\"container\">\n\t\t\t\t\t<div class=\"e-con-inner\">\n\t\t<div class=\"elementor-element elementor-element-iwgs-schutzkreis-hlbox e-con-full e-flex e-con e-parent\" data-id=\"iwgs-schutzkreis-hlbox\" data-element_type=\"container\" data-e-type=\"container\">\n\t\t\t\t<div class=\"elementor-element elementor-element-iwgs-schutzkreis-h1 elementor-widget elementor-widget-heading\" data-id=\"iwgs-schutzkreis-h1\" data-element_type=\"widget\" data-e-type=\"widget\" data-widget_type=\"heading.default\">\n\t\t\t\t\t<h1 class=\"elementor-heading-title elementor-size-default\">Verndarhringurinn: hringurinn sem dregur m\u00f6rk gegn ska\u00f0legum \u00e1hrifum<\/h1>\t\t\t\t<\/div>\n\t\t\t\t<div class=\"elementor-element elementor-element-iwgs-schutzkreis-lead elementor-widget elementor-widget-text-editor\" data-id=\"iwgs-schutzkreis-lead\" data-element_type=\"widget\" data-e-type=\"widget\" data-widget_type=\"text-editor.default\">\n\t\t\t\t\t\t\t\t\t<p>Verndarhringurinn er ein af einf\u00f6ldustu og jafnframt \u00fatbreiddustu verndarformum. Hann samanstendur af loka\u00f0ri l\u00ednu sem umlykur r\u00fdmi e\u00f0a manneskju og dregur m\u00f6rk milli sv\u00e6\u00f0is sem tali\u00f0 er \u00f6ruggt og sv\u00e6\u00f0is sem tali\u00f0 er \u00ed h\u00e6ttu.<\/p><p>\u00deessi grein fjallar um hringinn \u00ed tr\u00faarfr\u00e6\u00f0ilegu samhengi og rekur spor hans fr\u00e1 <span class=\"iwg-fachbegriff\" data-tooltip=\"T\u00edmabil gr\u00edskrar og r\u00f3mverskrar menningar, um 800 f.Kr. til 600 e.Kr.\" tabindex=\"0\">forn\u00f6ld<\/span> til n\u00fat\u00edmalegrar uppt\u00f6ku. \u00dear er ger\u00f0ur greinarmunur \u00e1 s\u00f6gulega skjalfestum <span class=\"iwg-fachbegriff\" data-tooltip=\"Heildarsafn hef\u00f0bundinna si\u00f0a innan samf\u00e9lags.\" tabindex=\"0\">venjum<\/span> og n\u00fat\u00edma dulspekilegri t\u00falkun.<\/p>\n<p class=\"iwg-kwfix\">Hringurinn sem dreginn er myndar m\u00f6rk sem eiga a\u00f0 halda ska\u00f0legum \u00e1hrifum \u00fati.<\/p>\t\t\t\t\t\t\t\t<\/div>\n\t\t\t\t<\/div>\n\t\t\t\t<div class=\"elementor-element elementor-element-iwgs-schutzkreis-pills elementor-widget elementor-widget-html\" data-id=\"iwgs-schutzkreis-pills\" data-element_type=\"widget\" data-e-type=\"widget\" data-widget_type=\"html.default\">\n\t\t\t\t\t<div class=\"iwg-pill-row\"><span class=\"iwg-klasse-badge\" tabindex=\"0\" data-tooltip=\"Verndart\u00e1kn, verndargripur e\u00f0a ap\u00f3tr\u00f3pa\u00edskt hlutur.\">Verndart\u00e1kn<\/span><a href=\"https:\/\/iwell-guard.com\/is\/verndartakn\/\" class=\"iwg-kultur-badge\" tabindex=\"0\" data-tooltip=\"Verndarhef\u00f0: Menningarlega \u00fatbreidd\">Menningarlega \u00fatbreidd<\/a><span class=\"iwg-tradition-badge\" tabindex=\"0\" data-tooltip=\"Tr\u00faarleg ath\u00f6fn til a\u00f0 verjast \u00f3heillum.\">Verndarath\u00f6fn<\/span><\/div>\t\t\t\t<\/div>\n\t\t\t\t\t<\/div>\n\t\t\t\t<\/div>\n\t\t<div class=\"elementor-element elementor-element-iwgs-schutzkreis-hr e-con-full e-flex e-con e-parent\" data-id=\"iwgs-schutzkreis-hr\" data-element_type=\"container\" data-e-type=\"container\">\n\t\t\t\t<div class=\"elementor-element elementor-element-iwgs-schutzkreis-himg iwg-hero-image elementor-widget elementor-widget-image\" data-id=\"iwgs-schutzkreis-himg\" data-element_type=\"widget\" data-e-type=\"widget\" data-widget_type=\"image.default\">\n\t\t\t\t\t\t\t\t\t\t\t\t\t\t\t<img fetchpriority=\"high\" decoding=\"async\" width=\"683\" height=\"1024\" src=\"https:\/\/iwell-guard.com\/wp-content\/uploads\/2026\/05\/schutzsymbol_universell_schutzkreis-683x1024.webp\" class=\"attachment-large size-large wp-image-170475\" alt=\"Verndarhringur - verndart\u00e1kn, safnfr\u00e6\u00f0ileg mynd\" srcset=\"https:\/\/iwell-guard.com\/wp-content\/uploads\/2026\/05\/schutzsymbol_universell_schutzkreis-683x1024.webp 683w, https:\/\/iwell-guard.com\/wp-content\/uploads\/2026\/05\/schutzsymbol_universell_schutzkreis-200x300.webp 200w, https:\/\/iwell-guard.com\/wp-content\/uploads\/2026\/05\/schutzsymbol_universell_schutzkreis-768x1152.webp 768w, https:\/\/iwell-guard.com\/wp-content\/uploads\/2026\/05\/schutzsymbol_universell_schutzkreis.webp 1024w\" sizes=\"(max-width: 683px) 100vw, 683px\" \/>\t\t\t\t\t\t\t\t\t\t\t\t\t\t\t<\/div>\n\t\t\t\t<\/div>\n\t\t\t\t<\/div>\n\t\t\t\t\t<\/div>\n\t\t\t\t<\/div>\n\t\t<div class=\"elementor-element elementor-element-iwgs-schutzkreis-s0 e-flex e-con-boxed e-con e-parent\" data-id=\"iwgs-schutzkreis-s0\" data-element_type=\"container\" data-e-type=\"container\">\n\t\t\t\t\t<div class=\"e-con-inner\">\n\t\t\t\t<div class=\"elementor-element elementor-element-iwgs-schutzkreis-s0h elementor-widget elementor-widget-heading\" data-id=\"iwgs-schutzkreis-s0h\" data-element_type=\"widget\" data-e-type=\"widget\" data-widget_type=\"heading.default\">\n\t\t\t\t\t<h2 class=\"elementor-heading-title elementor-size-default\">Skilgreining: Hva\u00f0 verndarhringurinn er<\/h2>\t\t\t\t<\/div>\n\t\t<div class=\"elementor-element elementor-element-iw-schutzkreis-s0-bw e-con-full e-flex e-con e-child\" data-id=\"iw-schutzkreis-s0-bw\" data-element_type=\"container\" data-e-type=\"container\">\n\t\t<div class=\"elementor-element elementor-element-iwgs-schutzkreis-s0box e-con-full e-flex e-con e-parent\" data-id=\"iwgs-schutzkreis-s0box\" data-element_type=\"container\" data-e-type=\"container\">\n\t\t\t\t<div class=\"elementor-element elementor-element-iwgs-schutzkreis-s0t elementor-widget elementor-widget-text-editor\" data-id=\"iwgs-schutzkreis-s0t\" data-element_type=\"widget\" data-e-type=\"widget\" data-widget_type=\"text-editor.default\">\n\t\t\t\t\t\t\t\t\t<p>Verndarhringurinn er loku\u00f0, oftast hringlaga l\u00edna sem er dregin v\u00edsvitandi um sta\u00f0, hlut e\u00f0a manneskju. Einkenni hans er lokunin. \u00dea\u00f0 er einungis \u00f3rofin l\u00ednan sem gerir merkingu a\u00f0 m\u00f6rkum sem skilja innra sv\u00e6\u00f0i fr\u00e1 ytra sv\u00e6\u00f0i.<\/p><p>Grundvallarhugsun hringsins er afm\u00f6rkun. A\u00f0 innan er sv\u00e6\u00f0i sem \u00e1 a\u00f0 vera vernda\u00f0, a\u00f0 utan er sv\u00e6\u00f0i sem ska\u00f0legum \u00e1hrifum er eigna\u00f0. Hringurinn er \u00fear me\u00f0 ekki myndhverfing heldur ath\u00f6fn og l\u00edna \u00ed senn.<\/p><p>Hringinn m\u00e1 draga me\u00f0 \u00fdmsum efnum. Skjalfestar eru l\u00ednur \u00far kr\u00edt, \u00f6sku, salti, hveiti e\u00f0a einfaldlega strikum rispu\u00f0um \u00ed j\u00f6r\u00f0ina. A\u00f0 ganga umhverfis sv\u00e6\u00f0i e\u00f0a umkringja sta\u00f0 var einnig skili\u00f0 sem a\u00f0 draga hring.<\/p><p>Auk hins l\u00edkamlega dregna hrings er til hugsa\u00f0ur e\u00f0a tala\u00f0ur hringur. H\u00e9r eru m\u00f6rkin ekki merkt s\u00fdnilega heldur dregin me\u00f0 or\u00f0um e\u00f0a hugsun. B\u00e1\u00f0ar tegundir fylgja s\u00f6mu grundvallarreglu afm\u00f6rkunar.<\/p><p>Innan <a href=\"https:\/\/iwell-guard.com\/is\/verndartakn\/\">verndart\u00e1kna<\/a> heyrir hringurinn til hinna ge\u00f3metr\u00edsku verndarforma. Hann vinnur ekki me\u00f0 au\u00f0kennanlegri mynd heldur me\u00f0 hreinu formi sem \u00ed m\u00f6rgum menningarheimum er tali\u00f0 t\u00e1kna lokun og heild.<\/p><p>Verndarhringurinn kemur b\u00e6\u00f0i fram sem einskiptis ath\u00f6fn innan <span class=\"iwg-fachbegriff\" data-tooltip=\"Skipul\u00f6g\u00f0 r\u00f6\u00f0 t\u00e1kngj\u00f6rra athafna me\u00f0 tr\u00faarlega e\u00f0a menningarlega merkingu.\" tabindex=\"0\">ath\u00f6fnar<\/span> og sem varanlegt merki. \u00cd fyrra tilvikinu hverfur hann eftir notkun, \u00ed seinna tilvikinu er hann \u00e1fram til sta\u00f0ar sem l\u00edna \u00e1 sta\u00f0num, til d\u00e6mis sem hringur um byggingu.<\/p>\t\t\t\t\t\t\t\t<\/div>\n\t\t\t\t<\/div>\n\t\t\t\t<\/div>\n\t\t\t\t\t<\/div>\n\t\t\t\t<\/div>\n\t\t<div class=\"elementor-element elementor-element-iwgs-schutzkreis-s1 e-flex e-con-boxed e-con e-parent\" data-id=\"iwgs-schutzkreis-s1\" data-element_type=\"container\" data-e-type=\"container\">\n\t\t\t\t\t<div class=\"e-con-inner\">\n\t\t\t\t<div class=\"elementor-element elementor-element-iwgs-schutzkreis-s1h elementor-widget elementor-widget-heading\" data-id=\"iwgs-schutzkreis-s1h\" data-element_type=\"widget\" data-e-type=\"widget\" data-widget_type=\"heading.default\">\n\t\t\t\t\t<h2 class=\"elementor-heading-title elementor-size-default\">Uppruni og s\u00f6guleg d\u00fdpt verndarhringsins<\/h2>\t\t\t\t<\/div>\n\t\t<div class=\"elementor-element elementor-element-iw-schutzkreis-s1-bw e-con-full e-flex e-con e-child\" data-id=\"iw-schutzkreis-s1-bw\" data-element_type=\"container\" data-e-type=\"container\">\n\t\t<div class=\"elementor-element elementor-element-iwgs-schutzkreis-s1box e-con-full e-flex e-con e-parent\" data-id=\"iwgs-schutzkreis-s1box\" data-element_type=\"container\" data-e-type=\"container\">\n\t\t\t\t<div class=\"elementor-element elementor-element-iwgs-schutzkreis-s1t elementor-widget elementor-widget-text-editor\" data-id=\"iwgs-schutzkreis-s1t\" data-element_type=\"widget\" data-e-type=\"widget\" data-widget_type=\"text-editor.default\">\n\t\t\t\t\t\t\t\t\t<p>Erfitt er a\u00f0 rekja hringinn sem verndarform til eins \u00e1kve\u00f0ins uppruna. Hugmyndin um loka\u00f0a markal\u00ednu er greinanleg \u00ed m\u00f6rgum menningarheimum \u00e1n tengsla hvers vi\u00f0 annan, sem gerir sameiginlegan uppruna \u00f3l\u00edklegan.<\/p><p>Fr\u00e1 hinu forna Austurlandi n\u00e6r eru \u00feekktar hreinsandi og verndandi athafnir \u00fear sem sta\u00f0ur var afmarka\u00f0ur me\u00f0 \u00fev\u00ed a\u00f0 s\u00e1 hveiti e\u00f0a draga l\u00ednur. Mes\u00f3p\u00f3tam\u00edskir galdratextar nefna a\u00f0 umlykja sj\u00fakling e\u00f0a h\u00fas me\u00f0 verndandi merki.<\/p><p>\u00cd gr\u00edskri og r\u00f3mverskri <span class=\"iwg-fachbegriff\" data-tooltip=\"T\u00edmabil gr\u00edskrar og r\u00f3mverskrar menningar, um 800 f.Kr. til 600 e.Kr.\" tabindex=\"0\">forn\u00f6ld<\/span> l\u00e9ku umkringd e\u00f0a afm\u00f6rku\u00f0 sv\u00e6\u00f0i hlutverk \u00ed <span class=\"iwg-fachbegriff\" data-tooltip=\"Heildarsafn tr\u00faarlegra tilbei\u00f0sluathafna fyrir gu\u00f0 e\u00f0a heilaga v\u00e6tti.\" tabindex=\"0\">d\u00fdrkun<\/span> og l\u00f6gum. Helgir reitir voru marka\u00f0ir af m\u00f6rkum, og a\u00f0 ganga um sv\u00e6\u00f0i \u00fej\u00f3na\u00f0i tr\u00faarlegri \u00e1kv\u00f6r\u00f0un \u00feess.<\/p><p>\u00c1 evr\u00f3pskum mi\u00f0\u00f6ldum og \u00e1rn\u00fd\u00f6ld kemur dregni hringurinn sk\u00fdrt fram \u00ed galdra- og sei\u00f0b\u00f3kum. \u00dear ver\u00f0ur hann a\u00f0 st\u00f6\u00f0uhring galdramannsins sem \u00e1 a\u00f0 standa innan l\u00ednunnar, me\u00f0an \u00fe\u00e6r kraftar sem kalla\u00f0ir voru fram voru hugsa\u00f0ir utan hennar.<\/p><p>Samhli\u00f0a \u00feessu lif\u00f0i einfaldur verndarhringur \u00e1fram \u00ed b\u00e6ndasi\u00f0, <span class=\"iwg-fachbegriff\" data-tooltip=\"Hef\u00f0bundin ath\u00f6fn sem endurtekin er reglulega innan samf\u00e9lags.\" tabindex=\"0\">venju<\/span>. H\u00e9r var hann nota\u00f0ur \u00e1n l\u00e6r\u00f0ra galdrafr\u00e6\u00f0a, til d\u00e6mis sem l\u00edna um h\u00fas, fj\u00f3s e\u00f0a b\u00faf\u00e9. \u00deessa \u00fej\u00f3\u00f0legu l\u00ednu ber a\u00f0 greina fr\u00e1 l\u00e6r\u00f0ri <span class=\"iwg-fachbegriff\" data-tooltip=\"Athafnir sem reyna a\u00f0 hafa \u00e1hrif \u00e1 framvindu hlutanna me\u00f0 s\u00e9rst\u00f6kum gj\u00f6r\u00f0um e\u00f0a form\u00falum.\" tabindex=\"0\">galdrafr\u00e6\u00f0i<\/span>.<\/p><p>\u00c1 heildina liti\u00f0 birtist verndarhringurinn sem a\u00f0fer\u00f0 sem er sta\u00f0fest yfir \u00e1r\u00fe\u00fasundir og \u00fevert \u00e1 marga menningarheima. Saga hans er s\u00ed\u00f0ur saga farandi t\u00e1kns en saga grunnforms sem endurskapast var aftur og aftur.<\/p>\t\t\t\t\t\t\t\t<\/div>\n\t\t\t\t<\/div>\n\t\t\t\t<\/div>\n\t\t\t\t\t<\/div>\n\t\t\t\t<\/div>\n\t\t<div class=\"elementor-element elementor-element-iwgs-schutzkreis-s2 e-flex e-con-boxed e-con e-parent\" data-id=\"iwgs-schutzkreis-s2\" data-element_type=\"container\" data-e-type=\"container\">\n\t\t\t\t\t<div class=\"e-con-inner\">\n\t\t\t\t<div class=\"elementor-element elementor-element-iwgs-schutzkreis-s2h elementor-widget elementor-widget-heading\" data-id=\"iwgs-schutzkreis-s2h\" data-element_type=\"widget\" data-e-type=\"widget\" data-widget_type=\"heading.default\">\n\t\t\t\t\t<h2 class=\"elementor-heading-title elementor-size-default\">Hugmyndin \u00e1 bak vi\u00f0 hin verndandi m\u00f6rk<\/h2>\t\t\t\t<\/div>\n\t\t<div class=\"elementor-element elementor-element-iw-schutzkreis-s2-bw e-con-full e-flex e-con e-child\" data-id=\"iw-schutzkreis-s2-bw\" data-element_type=\"container\" data-e-type=\"container\">\n\t\t<div class=\"elementor-element elementor-element-iwgs-schutzkreis-s2box e-con-full e-flex e-con e-parent\" data-id=\"iwgs-schutzkreis-s2box\" data-element_type=\"container\" data-e-type=\"container\">\n\t\t\t\t<div class=\"elementor-element elementor-element-iwgs-schutzkreis-s2t elementor-widget elementor-widget-text-editor\" data-id=\"iwgs-schutzkreis-s2t\" data-element_type=\"widget\" data-e-type=\"widget\" data-widget_type=\"text-editor.default\">\n\t\t\t\t\t\t\t\t\t<p>Hugmyndalegur kjarni verndarhringsins er skiptingin milli innra og ytra sv\u00e6\u00f0is. Margar hef\u00f0ir al\u00fe\u00fd\u00f0utr\u00faar ganga \u00fat fr\u00e1 \u00fev\u00ed a\u00f0 ska\u00f0leg \u00e1hrif \u00feurfi a\u00f0 komast inn \u00e1 \u00e1kve\u00f0i\u00f0 sv\u00e6\u00f0i til a\u00f0 hafa \u00e1hrif. Dregin l\u00edna \u00e1tti a\u00f0 koma \u00ed veg fyrir sl\u00edka innkomu.<\/p><p>Hringurinn \u00fe\u00f3tti s\u00e9rstaklega vel til \u00feess fallinn a\u00f0 myndar m\u00f6rk, \u00fev\u00ed hann hefur engan upphafspunkt og engan endapunkt. Loku\u00f0 l\u00edna hefur engan sta\u00f0 \u00fear sem m\u00f6rkin eru opin. \u00deessi samfella var skilin sem mynd fullkominnar verndar.<\/p><p>\u00cd m\u00f6rgum heimildum er \u00f3rofin heild lykilatri\u00f0i. Rofnar l\u00ednan \u00e1 einum sta\u00f0, er hringurinn talinn \u00e1hrifalaus, \u00fev\u00ed m\u00f6rkin eru \u00fe\u00e1 opin \u00fear. \u00deessi hugmynd s\u00fdnir a\u00f0 \u00fea\u00f0 er sj\u00e1lft hi\u00f0 loka\u00f0a form sem skiptir m\u00e1li.<\/p><p>Efni\u00f0 sem vali\u00f0 var bar s\u00edna eigin merkingu. Salt, aska og j\u00e1rn \u00fe\u00f3ttu \u00ed m\u00f6rgum menningarheimum sj\u00e1lf vera verndandi efni. Hringur \u00far sl\u00edku efni tengdi hugmyndina um m\u00f6rk vi\u00f0 hugmyndina um verkandi efni.<\/p><p>Sj\u00e1lf ath\u00f6fnin a\u00f0 draga hringinn haf\u00f0i einnig v\u00e6gi. Hringurinn mynda\u00f0ist me\u00f0 markvissri hreyfingu, oft \u00ed fylgd me\u00f0 or\u00f0um. \u00deessi tenging hreyfingar, l\u00ednu og or\u00f0a ger\u00f0i \u00fea\u00f0 a\u00f0 draga hringinn a\u00f0 <span class=\"iwg-fachbegriff\" data-tooltip=\"Skipul\u00f6g\u00f0 atbur\u00f0ar\u00e1s t\u00e1knger\u00f0ra athafna me\u00f0 tr\u00faarlega e\u00f0a menningarlega merkingu.\" tabindex=\"0\">helgisi\u00f0i<\/span> og ekki bara merkingu.<\/p><p>Hugmyndin sem h\u00e9r er l\u00fdst er menningars\u00f6gulegt sk\u00fdring \u00e1 \u00fev\u00ed hvers vegna hringurinn \u00fe\u00f3tti verndandi. H\u00fan l\u00fdsir tr\u00fa, ekki sta\u00f0festum \u00e1hrifum. Ranns\u00f3knir skr\u00e1 hugmyndina \u00e1n \u00feess a\u00f0 sta\u00f0festa hana.<\/p>\t\t\t\t\t\t\t\t<\/div>\n\t\t\t\t<\/div>\n\t\t\t\t<\/div>\n\t\t\t\t\t<\/div>\n\t\t\t\t<\/div>\n\t\t<div class=\"elementor-element elementor-element-iwgs-schutzkreis-s3 e-flex e-con-boxed e-con e-parent\" data-id=\"iwgs-schutzkreis-s3\" data-element_type=\"container\" data-e-type=\"container\">\n\t\t\t\t\t<div class=\"e-con-inner\">\n\t\t\t\t<div class=\"elementor-element elementor-element-iwgs-schutzkreis-s3h elementor-widget elementor-widget-heading\" data-id=\"iwgs-schutzkreis-s3h\" data-element_type=\"widget\" data-e-type=\"widget\" data-widget_type=\"heading.default\">\n\t\t\t\t\t<h2 class=\"elementor-heading-title elementor-size-default\">D\u00e6mi fr\u00e1 forn\u00f6ld og Austurl\u00f6ndum n\u00e6r<\/h2>\t\t\t\t<\/div>\n\t\t<div class=\"elementor-element elementor-element-iw-schutzkreis-s3-bw e-con-full e-flex e-con e-child\" data-id=\"iw-schutzkreis-s3-bw\" data-element_type=\"container\" data-e-type=\"container\">\n\t\t<div class=\"elementor-element elementor-element-iwgs-schutzkreis-s3box e-con-full e-flex e-con e-parent\" data-id=\"iwgs-schutzkreis-s3box\" data-element_type=\"container\" data-e-type=\"container\">\n\t\t\t\t<div class=\"elementor-element elementor-element-iwgs-schutzkreis-s3t elementor-widget elementor-widget-text-editor\" data-id=\"iwgs-schutzkreis-s3t\" data-element_type=\"widget\" data-e-type=\"widget\" data-widget_type=\"text-editor.default\">\n\t\t\t\t\t\t\t\t\t<p>\u00cd mes\u00f3p\u00f3tam\u00edskum galdraath\u00f6fnum var sj\u00faklingur e\u00f0a sta\u00f0ur \u00ed h\u00e6ttu oft umkringdur l\u00ednu \u00far mj\u00f6li. \u00deessi l\u00edna \u00e1tti a\u00f0 afmarka sv\u00e6\u00f0i sem ska\u00f0legir kraftar m\u00e1ttu ekki komast inn \u00e1. Textarnir l\u00fdsa n\u00e1kv\u00e6mu verklaginu.<\/p><p>Mes\u00f3p\u00f3tam\u00edskar heimildir greina einnig fr\u00e1 \u00fev\u00ed a\u00f0 styttur voru settar upp me\u00f0fram sl\u00edkum m\u00f6rkum. Litlar leirstyttur voru grafnar ni\u00f0ur vi\u00f0 \u00fer\u00f6skulda og me\u00f0fram l\u00ednum og \u00e1tti \u00feetta a\u00f0 auka \u00f6ryggi sv\u00e6\u00f0isins enn frekar.<\/p><p>\u00cd gr\u00edskum heimi voru helgir reitir afmarka\u00f0ir me\u00f0 landamerkjasteinum og m\u00farum. A\u00f0 ganga inn \u00e1 \u00feessi sv\u00e6\u00f0i var bundi\u00f0 reglum, og m\u00f6rkin skildu a\u00f0 v\u00edgt sv\u00e6\u00f0i og hversdagslegt.<\/p><p>\u00cd r\u00f3mverskum <span class=\"iwg-fachbegriff\" data-tooltip=\"Hef\u00f0bundin ath\u00f6fn sem endurtekin er reglulega innan samf\u00e9lags.\" tabindex=\"0\">si\u00f0<\/span> haf\u00f0i \u00fea\u00f0 a\u00f0 ganga umhverfis sv\u00e6\u00f0i fastan sess vi\u00f0 borgarstofnun og tr\u00faarathafnir. Afmarka\u00f0 sv\u00e6\u00f0i\u00f0 \u00fe\u00f3tti \u00e1kvar\u00f0a\u00f0 og vari\u00f0 gegn utana\u00f0komandi inngripum.<\/p><p>\u00dar fornum galdraheimi eru var\u00f0veittir galdratextar \u00fear sem sta\u00f0ur var afmarka\u00f0ur me\u00f0 or\u00f0um e\u00f0a t\u00e1knum. Sl\u00edkir textar tengja l\u00ednuna vi\u00f0 upptala\u00f0ar form\u00falur og ristar r\u00fanir.<\/p><p>\u00deessi d\u00e6mi s\u00fdna a\u00f0 afmarka\u00f0 sv\u00e6\u00f0i \u00ed fornum Mi\u00f0jar\u00f0arhafsheimi og Austurl\u00f6ndum n\u00e6r l\u00e9k hlutverk \u00ed <span class=\"iwg-fachbegriff\" data-tooltip=\"Heild tr\u00faarlegra tilbei\u00f0sluathafna fyrir gu\u00f0 e\u00f0a heilaga v\u00e6ttir.\" tabindex=\"0\">d\u00fdrkun<\/span>, l\u00f6gum og <span class=\"iwg-fachbegriff\" data-tooltip=\"A\u00f0fer\u00f0ir sem reyna a\u00f0 hafa \u00e1hrif \u00e1 gang atbur\u00f0a me\u00f0 s\u00e9rst\u00f6kum ath\u00f6fnum e\u00f0a form\u00falum.\" tabindex=\"0\">g\u00f6ldrum<\/span>. Verndarhringurinn er \u00feannig ekki bundinn vi\u00f0 eitt afmarka\u00f0 svi\u00f0.<\/p><p>Fr\u00e1 Egyptalandi til forna eru einnig var\u00f0veittar heimildir um afm\u00f6rku\u00f0 sv\u00e6\u00f0i \u00ed tengslum vi\u00f0 vernd og hreinleika. Musterissv\u00e6\u00f0i og grafh\u00fdsi voru skilin fr\u00e1 umhverfinu me\u00f0 m\u00farum og l\u00ednum, og \u00e1 m\u00f6rkunum m\u00e1 sj\u00e1 \u00e1letranir sem l\u00fdsa innra sv\u00e6\u00f0i\u00f0 <span class=\"iwg-fachbegriff\" data-tooltip=\"Helga\u00f0 me\u00f0 tr\u00faarlegri ath\u00f6fn og \u00feannig teki\u00f0 \u00far hinu hversdagslega.\" tabindex=\"0\">helga\u00f0<\/span>.<\/p><p>Afmarka\u00f0 sv\u00e6\u00f0i\u00f0 \u00fej\u00f3na\u00f0i \u00fear b\u00e6\u00f0i tr\u00faarlegri afm\u00f6rkun og v\u00f6rn gegn \u00e1hrifum sem talin voru \u00f3hrein.<\/p>\t\t\t\t\t\t\t\t<\/div>\n\t\t\t\t<\/div>\n\t\t\t\t<\/div>\n\t\t\t\t\t<\/div>\n\t\t\t\t<\/div>\n\t\t<div class=\"elementor-element elementor-element-iwgs-schutzkreis-s4 e-flex e-con-boxed e-con e-parent\" data-id=\"iwgs-schutzkreis-s4\" data-element_type=\"container\" data-e-type=\"container\">\n\t\t\t\t\t<div class=\"e-con-inner\">\n\t\t\t\t<div class=\"elementor-element elementor-element-iwgs-schutzkreis-s4h elementor-widget elementor-widget-heading\" data-id=\"iwgs-schutzkreis-s4h\" data-element_type=\"widget\" data-e-type=\"widget\" data-widget_type=\"heading.default\">\n\t\t\t\t\t<h2 class=\"elementor-heading-title elementor-size-default\">D\u00e6mi \u00far evr\u00f3pskri \u00fej\u00f3\u00f0tr\u00faargaldri<\/h2>\t\t\t\t<\/div>\n\t\t<div class=\"elementor-element elementor-element-iw-schutzkreis-s4-bw e-con-full e-flex e-con e-child\" data-id=\"iw-schutzkreis-s4-bw\" data-element_type=\"container\" data-e-type=\"container\">\n\t\t<div class=\"elementor-element elementor-element-iwgs-schutzkreis-s4box e-con-full e-flex e-con e-parent\" data-id=\"iwgs-schutzkreis-s4box\" data-element_type=\"container\" data-e-type=\"container\">\n\t\t\t\t<div class=\"elementor-element elementor-element-iwgs-schutzkreis-s4t elementor-widget elementor-widget-text-editor\" data-id=\"iwgs-schutzkreis-s4t\" data-element_type=\"widget\" data-e-type=\"widget\" data-widget_type=\"text-editor.default\">\n\t\t\t\t\t\t\t\t\t<p>\u00cd evr\u00f3pskri \u00fej\u00f3\u00f0tr\u00fa er verndarhringurinn v\u00ed\u00f0a sta\u00f0festur. \u00dej\u00f3\u00f0h\u00e1ttas\u00f6fn greina fr\u00e1 hringjum sem dregnir voru me\u00f0 kr\u00edt, \u00f6sku e\u00f0a salti umhverfis r\u00fam, v\u00f6ggur, fj\u00f3s og geymslur.<\/p><p>Oft var hringurinn dreginn \u00e1 \u00e1kve\u00f0num t\u00edmum, til d\u00e6mis n\u00e6tur sem taldar voru fela \u00ed s\u00e9r aukna \u00e1h\u00e6ttu. Fylgisagnir og val \u00e1 tilteknu efni tilheyr\u00f0u \u00ed m\u00f6rgum h\u00e9ru\u00f0um <span class=\"iwg-fachbegriff\" data-tooltip=\"Yfirf\u00e6r\u00f0 ath\u00f6fn sem endurtekin er reglulega innan samf\u00e9lags.\" tabindex=\"0\">si\u00f0num<\/span>.<\/p><p>\u00dar l\u00e6r\u00f0ri galdrahef\u00f0 \u00e1rn\u00fdaldar er kunnur s\u00e6ringarhringurinn. Galdrab\u00e6kur l\u00fdsa hring sem notandinn \u00e1tti a\u00f0 standa \u00ed, oft me\u00f0 \u00e1letru\u00f0um n\u00f6fnum og t\u00e1knum. \u00deessi l\u00edna \u00e1tti a\u00f0 vernda \u00feann sem framkv\u00e6mdi s\u00e6ringuna.<\/p><p>\u00cd b\u00e6ndasi\u00f0 var hringurinn nota\u00f0ur \u00e1n \u00feessarar l\u00e6r\u00f0u kenningar. H\u00e9r \u00e1tti hann a\u00f0 afmarka h\u00fas, b\u00e6 og b\u00faf\u00e9na\u00f0 fr\u00e1 \u00e1hrifum sem talin voru ska\u00f0leg. \u00deessa einf\u00f6ldu l\u00ednu ber a\u00f0 greina fr\u00e1 l\u00e6r\u00f0ri <span class=\"iwg-fachbegriff\" data-tooltip=\"Munnlegt helgisi\u00f0aform sem \u00e6tla\u00f0 er a\u00f0 kalla fram e\u00f0a binda m\u00e1tt.\" tabindex=\"0\">s\u00e6ringu<\/span>.<\/p><p>Fr\u00e1sagnir af verndarhringnum skjalfesta v\u00e6ntingar notenda, ekki sanna\u00f0a verkun. \u00de\u00e6r s\u00fdna a\u00f0 \u00fea\u00f0 a\u00f0 draga m\u00f6rk var skili\u00f0 sem r\u00f3andi ath\u00f6fn sem veitti \u00f6ryggistilfinningu.<\/p><p>Me\u00f0 hnignun galdratengds heimilissi\u00f0ar missti verndarhringurinn hversdagslegt hlutverk sitt. Hann var\u00f0veittist sem vi\u00f0fangsefni \u00fej\u00f3\u00f0h\u00e1ttaskr\u00e1ninga og \u00ed einst\u00f6kum, sta\u00f0bundnum si\u00f0um sem enn h\u00e9ldust vi\u00f0.<\/p><p>\u00dej\u00f3\u00f0h\u00e1ttaheimildir fr\u00e1 \u00fe\u00fdskum\u00e6landi sv\u00e6\u00f0um greina einnig fr\u00e1 \u00fev\u00ed a\u00f0 hringurinn var ekki a\u00f0eins dreginn umhverfis sta\u00f0i, heldur einnig umhverfis einstakar athafnir. \u00deegar leita\u00f0 var a\u00f0 jurtasta\u00f0 e\u00f0a grafi\u00f0 eftir hlut sem talinn var mikilv\u00e6gur var stundum fyrst dregin l\u00edna. Handw\u00f6rterbuch des deutschen Aberglaubens skr\u00e1ir sl\u00edka si\u00f0i fr\u00e1 m\u00f6rgum h\u00e9ru\u00f0um.<\/p>\t\t\t\t\t\t\t\t<\/div>\n\t\t\t\t<\/div>\n\t\t\t\t<\/div>\n\t\t\t\t\t<\/div>\n\t\t\t\t<\/div>\n\t\t<div class=\"elementor-element elementor-element-iwgs-schutzkreis-s5 e-flex e-con-boxed e-con e-parent\" data-id=\"iwgs-schutzkreis-s5\" data-element_type=\"container\" data-e-type=\"container\">\n\t\t\t\t\t<div class=\"e-con-inner\">\n\t\t\t\t<div class=\"elementor-element elementor-element-iwgs-schutzkreis-s5h elementor-widget elementor-widget-heading\" data-id=\"iwgs-schutzkreis-s5h\" data-element_type=\"widget\" data-e-type=\"widget\" data-widget_type=\"heading.default\">\n\t\t\t\t\t<h2 class=\"elementor-heading-title elementor-size-default\">D\u00e6mi fr\u00e1 As\u00edu og \u00f6\u00f0rum menningarheimum<\/h2>\t\t\t\t<\/div>\n\t\t<div class=\"elementor-element elementor-element-iw-schutzkreis-s5-bw e-con-full e-flex e-con e-child\" data-id=\"iw-schutzkreis-s5-bw\" data-element_type=\"container\" data-e-type=\"container\">\n\t\t<div class=\"elementor-element elementor-element-iwgs-schutzkreis-s5box e-con-full e-flex e-con e-parent\" data-id=\"iwgs-schutzkreis-s5box\" data-element_type=\"container\" data-e-type=\"container\">\n\t\t\t\t<div class=\"elementor-element elementor-element-iwgs-schutzkreis-s5t elementor-widget elementor-widget-text-editor\" data-id=\"iwgs-schutzkreis-s5t\" data-element_type=\"widget\" data-e-type=\"widget\" data-widget_type=\"text-editor.default\">\n\t\t\t\t\t\t\t\t\t<p>\u00cd Su\u00f0ur-As\u00edu er kunn hef\u00f0 \u00far heimilisi\u00f0ju um afm\u00f6rku\u00f0 og mynstru\u00f0 sv\u00e6\u00f0i. Fyrir framan \u00fer\u00f6skulda eru l\u00f6g\u00f0 g\u00f3lf- og \u00fer\u00f6skuldarmynstur \u00far hveiti e\u00f0a litu\u00f0u dufti sem afmarka og skreyta \u00e1kve\u00f0i\u00f0 sv\u00e6\u00f0i.<\/p><p>\u00cd t\u00edbetsk-b\u00fadd\u00edskri og hind\u00fa\u00edskri hef\u00f0 gegna hringlaga bygg\u00f0 sk\u00fdringarmyndir hlutverki sem skipuleggja og afmarka r\u00fdmi. Sl\u00edk sk\u00fdringarmyndir eru hluti af helgisi\u00f0um og eru ger\u00f0ar a\u00f0eins fyrir \u00feann t\u00edma sem ath\u00f6fnin varir.<\/p><p>\u00cd hlutum Afr\u00edku er \u00feekkt a\u00f0 draga l\u00ednur og str\u00e1 efnum \u00ed kringum h\u00edb\u00fdli og um sj\u00faka. Afmarka\u00f0a sv\u00e6\u00f0i\u00f0 \u00e1 \u00fear a\u00f0 skilgreina sv\u00e6\u00f0i sem \u00e1 a\u00f0 telja \u00f6ruggt.<\/p><p>\u00cd austuras\u00edskum heimilishef\u00f0um er sv\u00e6\u00f0i stundum afmarka\u00f0 me\u00f0 \u00fev\u00ed a\u00f0 str\u00e1 salti e\u00f0a setja t\u00e1kn \u00e1 ja\u00f0ra \u00feess. H\u00e9r er hugmyndin um m\u00f6rkin einnig \u00ed fyrirr\u00fami.<\/p><p>\u00devert \u00e1 \u00feessa menningarheima kemur \u00ed lj\u00f3s a\u00f0 loku\u00f0 landam\u00e6ral\u00edna er ekki <span class=\"iwg-fachbegriff\" data-tooltip=\"Endurteki\u00f0 innihaldslegt stef \u00ed list e\u00f0a fr\u00e1s\u00f6gn.\" tabindex=\"0\">stef<\/span> einnar tiltekinnar menningar. \u00dea\u00f0 kemur fram \u00ed mj\u00f6g \u00f3l\u00edku tr\u00faarlegu samhengi og er \u00ed hvert sinn tengt sta\u00f0bundnum hugmyndum.<\/p><p>Fj\u00f6lbreytni d\u00e6manna s\u00fdnir a\u00f0 verndarhringinn m\u00e1 skilja sem grunnform. Hann myndast alls sta\u00f0ar \u00fear sem f\u00f3lk vill v\u00edsvitandi skilja eitt sv\u00e6\u00f0i fr\u00e1 \u00f6\u00f0ru.<\/p><p>\u00cd japanskri hef\u00f0 er sv\u00e6\u00f0i fyrir framan byggingarl\u00f3\u00f0ir og vi\u00f0 innganga sums sta\u00f0ar afmarka\u00f0 me\u00f0 spenntum reipum og r\u00e6mum. \u00deessi merking s\u00fdnir a\u00f0 sv\u00e6\u00f0i s\u00e9 hreinsa\u00f0 og vernda\u00f0. H\u00fan fylgir s\u00f6mu grunnhugmynd um v\u00edsvitandi dregin m\u00f6rk og evr\u00f3pski verndarhringurinn byggir \u00e1.<\/p>\t\t\t\t\t\t\t\t<\/div>\n\t\t\t\t<\/div>\n\t\t\t\t<\/div>\n\t\t\t\t\t<\/div>\n\t\t\t\t<\/div>\n\t\t<div class=\"elementor-element elementor-element-iwgs-schutzkreis-s6 e-flex e-con-boxed e-con e-parent\" data-id=\"iwgs-schutzkreis-s6\" data-element_type=\"container\" data-e-type=\"container\">\n\t\t\t\t\t<div class=\"e-con-inner\">\n\t\t\t\t<div class=\"elementor-element elementor-element-iwgs-schutzkreis-s6h elementor-widget elementor-widget-heading\" data-id=\"iwgs-schutzkreis-s6h\" data-element_type=\"widget\" data-e-type=\"widget\" data-widget_type=\"heading.default\">\n\t\t\t\t\t<h2 class=\"elementor-heading-title elementor-size-default\">Notkun \u00ed rit\u00faali og daglegu l\u00edfi<\/h2>\t\t\t\t<\/div>\n\t\t<div class=\"elementor-element elementor-element-iw-schutzkreis-s6-bw e-con-full e-flex e-con e-child\" data-id=\"iw-schutzkreis-s6-bw\" data-element_type=\"container\" data-e-type=\"container\">\n\t\t<div class=\"elementor-element elementor-element-iwgs-schutzkreis-s6box e-con-full e-flex e-con e-parent\" data-id=\"iwgs-schutzkreis-s6box\" data-element_type=\"container\" data-e-type=\"container\">\n\t\t\t\t<div class=\"elementor-element elementor-element-iwgs-schutzkreis-s6t elementor-widget elementor-widget-text-editor\" data-id=\"iwgs-schutzkreis-s6t\" data-element_type=\"widget\" data-e-type=\"widget\" data-widget_type=\"text-editor.default\">\n\t\t\t\t\t\t\t\t\t<p>Verndarhringurinn er \u00ed notkun oftast dreginn \u00ed \u00e1kve\u00f0inni r\u00f6\u00f0. Oft er var\u00f0veitt fastm\u00f3tu\u00f0 \u00e1tt, t.d. \u00ed \u00e1tt s\u00f3largangs, og sk\u00fdr upphafs- og lokapunktur l\u00ednunnar.<\/p><p>\u00cd helgisi\u00f0asamhengi fylgir tala\u00f0ur texti oft dr\u00e1ttinum. Or\u00f0 og hreyfing tilheyra \u00fe\u00e1 saman og hringurinn telst fyrst fullkominn \u00feegar l\u00ednan er loku\u00f0 og \u00feulan loki\u00f0.<\/p><p>\u00cd daglegu l\u00edfi var hringurinn dreginn fyrst og fremst \u00e1 st\u00f6\u00f0um sem taldir voru vi\u00f0kv\u00e6mir, t.d. um v\u00f6ggu, sj\u00fakrar\u00fam e\u00f0a fj\u00e1rh\u00fas. L\u00ednan \u00e1tti a\u00f0 afmarka \u00e1kve\u00f0i\u00f0 sv\u00e6\u00f0i fyrir eina n\u00f3tt e\u00f0a eitt tilefni.<\/p><p>Varanlegir hringir eru f\u00e1t\u00ed\u00f0ari en \u00feekktir. \u00deannig gat bygging veri\u00f0 umkringd einu sinni og \u00fear me\u00f0 t\u00e1knr\u00e6nt hringlukt, e\u00f0a l\u00edna h\u00e9lst sem merking. \u00cd sl\u00edkum tilvikum virka\u00f0i hringurinn sem varanleg m\u00f6rk.<\/p><p>A\u00f0 leysa upp hringinn var \u00ed sumum hef\u00f0um s\u00e9rstakt skref. Sv\u00e6\u00f0i\u00f0 \u00e1tti fyrst a\u00f0 yfirgefa eftir v\u00edsvitandi opnun. \u00cd \u00f6\u00f0rum si\u00f0um leystist hringurinn einfaldlega upp \u00feegar l\u00ednan m\u00e1\u00f0ist \u00fat.<\/p><p>\u00dea\u00f0 er engin einsleit helgisi\u00f0aregla til fyrir verndarhringinn. N\u00e1kv\u00e6m mynd hans var h\u00e1\u00f0 sv\u00e6\u00f0i, hef\u00f0 og tilefni, sem \u00fej\u00f3\u00f0h\u00e1ttafr\u00e6\u00f0in hefur \u00edtreka\u00f0 skjalfest.<\/p>\t\t\t\t\t\t\t\t<\/div>\n\t\t\t\t<\/div>\n\t\t\t\t<\/div>\n\t\t\t\t\t<\/div>\n\t\t\t\t<\/div>\n\t\t<div class=\"elementor-element elementor-element-iwgs-schutzkreis-s7 e-flex e-con-boxed e-con e-parent\" data-id=\"iwgs-schutzkreis-s7\" data-element_type=\"container\" data-e-type=\"container\">\n\t\t\t\t\t<div class=\"e-con-inner\">\n\t\t\t\t<div class=\"elementor-element elementor-element-iwgs-schutzkreis-s7h elementor-widget elementor-widget-heading\" data-id=\"iwgs-schutzkreis-s7h\" data-element_type=\"widget\" data-e-type=\"widget\" data-widget_type=\"heading.default\">\n\t\t\t\t\t<h2 class=\"elementor-heading-title elementor-size-default\">Skyldar verndarformir og afm\u00f6rkun<\/h2>\t\t\t\t<\/div>\n\t\t<div class=\"elementor-element elementor-element-iw-schutzkreis-s7-bw e-con-full e-flex e-con e-child\" data-id=\"iw-schutzkreis-s7-bw\" data-element_type=\"container\" data-e-type=\"container\">\n\t\t<div class=\"elementor-element elementor-element-iwgs-schutzkreis-s7box e-con-full e-flex e-con e-parent\" data-id=\"iwgs-schutzkreis-s7box\" data-element_type=\"container\" data-e-type=\"container\">\n\t\t\t\t<div class=\"elementor-element elementor-element-iwgs-schutzkreis-s7t elementor-widget elementor-widget-text-editor\" data-id=\"iwgs-schutzkreis-s7t\" data-element_type=\"widget\" data-e-type=\"widget\" data-widget_type=\"text-editor.default\">\n\t\t\t\t\t\t\t\t\t<p>Verndarhringurinn er n\u00e1skyldur \u00fer\u00f6skuldsv\u00f6rninni. B\u00e6\u00f0i byggja \u00e1 hugmyndinni um m\u00f6rk. \u00c1 me\u00f0an hringurinn umlykur heilt sv\u00e6\u00f0i, verndar \u00fer\u00f6skuldsv\u00f6rnin einstaka opi\u00f0 sem sv\u00e6\u00f0i er komist inn um.<\/p><p>Einnig er tengsl vi\u00f0 a\u00f0 str\u00e1 salti og j\u00e1rnsvarfi. \u00deessi efni voru oft dregin fram me\u00f0 l\u00ednu og tengja \u00feannig hugmyndina um m\u00f6rk vi\u00f0 hugmyndina um verndandi efni.<\/p><p>Hringurinn er greinilega fr\u00e1brug\u00f0inn myndaam\u00falettu. Auga-, hand- e\u00f0a d\u00fdramynstur virka \u00ed gegnum \u00feekkjanlega mynd. Hringurinn er \u00e1 m\u00f3ti hreint form og ath\u00f6fn. Hann tilheyrir hinum r\u00famfr\u00e6\u00f0ilega, ekki hinum myndr\u00e6na flokki <a href=\"https:\/\/iwell-guard.com\/is\/verndartakn\/\">verndart\u00e1kna<\/a>.<\/p><p>Verndarhringinn \u00fearf a\u00f0 a\u00f0greina fr\u00e1 hringlaga skraut- e\u00f0a myndmynstri. M\u00e1la\u00f0ur e\u00f0a grafinn hringur sem skreyting \u00fearf ekki a\u00f0 hafa verndandi merkingu. \u00dea\u00f0 sem r\u00e6\u00f0ur er hlutverki\u00f0 sem v\u00edsvitandi dregin m\u00f6rk.<\/p><p>M\u00f6rk eru einnig gagnvart helgu\u00f0u sv\u00e6\u00f0i \u00ed tr\u00faarlegum r\u00e9tti. Heilagir sta\u00f0ir eru einnig afmarka\u00f0ir, en m\u00f6rk \u00feeirra \u00fej\u00f3na fyrst og fremst l\u00f6gbundinni og helgisi\u00f0alegri \u00fatm\u00f6rkun, ekki fyrst og fremst v\u00f6rn.<\/p><p>\u00deessi flokkun \u00ed n\u00e1grenni hj\u00e1lpar til vi\u00f0 a\u00f0 skilgreina verndarhringinn n\u00e1kv\u00e6mlega. Hann er v\u00edsvitandi dregin, loku\u00f0 landam\u00e6ral\u00edna me\u00f0 verndandi hlutverki og er fr\u00e1brug\u00f0inn myndaam\u00falettum, skrautmynstrum og helgu\u00f0um sv\u00e6\u00f0um.<\/p>\t\t\t\t\t\t\t\t<\/div>\n\t\t\t\t<\/div>\n\t\t\t\t<\/div>\n\t\t\t\t\t<\/div>\n\t\t\t\t<\/div>\n\t\t<div class=\"elementor-element elementor-element-iwgs-schutzkreis-s8 e-flex e-con-boxed e-con e-parent\" data-id=\"iwgs-schutzkreis-s8\" data-element_type=\"container\" data-e-type=\"container\">\n\t\t\t\t\t<div class=\"e-con-inner\">\n\t\t\t\t<div class=\"elementor-element elementor-element-iwgs-schutzkreis-s8h elementor-widget elementor-widget-heading\" data-id=\"iwgs-schutzkreis-s8h\" data-element_type=\"widget\" data-e-type=\"widget\" data-widget_type=\"heading.default\">\n\t\t\t\t\t<h2 class=\"elementor-heading-title elementor-size-default\">N\u00fat\u00edmavi\u00f0t\u00f6kur verndarhringsins<\/h2>\t\t\t\t<\/div>\n\t\t<div class=\"elementor-element elementor-element-iw-schutzkreis-s8-bw e-con-full e-flex e-con e-child\" data-id=\"iw-schutzkreis-s8-bw\" data-element_type=\"container\" data-e-type=\"container\">\n\t\t<div class=\"elementor-element elementor-element-iwgs-schutzkreis-s8box e-con-full e-flex e-con e-parent\" data-id=\"iwgs-schutzkreis-s8box\" data-element_type=\"container\" data-e-type=\"container\">\n\t\t\t\t<div class=\"elementor-element elementor-element-iwgs-schutzkreis-s8t elementor-widget elementor-widget-text-editor\" data-id=\"iwgs-schutzkreis-s8t\" data-element_type=\"widget\" data-e-type=\"widget\" data-widget_type=\"text-editor.default\">\n\t\t\t\t\t\t\t\t\t<p>\u00cd n\u00fat\u00edma <span class=\"iwg-fachbegriff\" data-tooltip=\"Samheiti fyrir kenningar sem gera kr\u00f6fu um falda \u00feekkingu sem a\u00f0eins innv\u00edg\u00f0ir hafa a\u00f0gang a\u00f0.\" tabindex=\"0\">dulspeki<\/span> er verndarhringurinn oft nota\u00f0 atri\u00f0i. \u00cd n\u00fdhei\u00f0num og helgisi\u00f0at\u00f6frastraumum er dr\u00e1ttur hrings skilinn sem opnun helgisi\u00f0aathafnar og er sums sta\u00f0ar tengdur fastri atbur\u00f0ar\u00e1s.<\/p><p>\u00deessar n\u00fat\u00edmalegu venjur v\u00edsa oft til s\u00f6gulegra fyrirmynda en m\u00f3ta \u00fe\u00e6r \u00e1 n\u00fdjan h\u00e1tt. Tr\u00faarbrag\u00f0afr\u00e6\u00f0in l\u00fdsir \u00feeim sem sj\u00e1lfst\u00e6\u00f0ri n\u00fat\u00edmahef\u00f0, a\u00f0greindri fr\u00e1 eldri \u00fej\u00f3\u00f0h\u00e1ttahef\u00f0um.<\/p><p>N\u00fat\u00edmalegum hringath\u00f6fnum eru stundum eignu\u00f0 \u00e1hrif. Sl\u00edk lofor\u00f0 eru ekki sta\u00f0fest. Hringinn ber a\u00f0 skilja sem menningarlegt <span class=\"iwg-fachbegriff\" data-tooltip=\"T\u00e1kn sem stendur fyrir hugmynd e\u00f0a merkingu.\" tabindex=\"0\">t\u00e1kn<\/span> og helgisi\u00f0aath\u00f6fn, ekki sem sannreynanlegt verndarme\u00f0al.<\/p><p>\u00cd d\u00e6gurmenningu birtist verndarhringurinn oft \u00ed kvikmyndum, sk\u00e1lds\u00f6gum og leikjum, oftast sem dreginn hringur um manneskju sem vill verja sig gegn h\u00e6ttu. \u00deessar myndir taka upp <span class=\"iwg-fachbegriff\" data-tooltip=\"Endurteki\u00f0 innihaldslegt stef \u00ed list e\u00f0a fr\u00e1s\u00f6gn.\" tabindex=\"0\">stefi\u00f0<\/span> og magna \u00fea\u00f0 upp.<\/p><p>Fyrir <span class=\"iwg-fachbegriff\" data-tooltip=\"V\u00edsindin sem rannsaka tr\u00faarbr\u00f6g\u00f0 samanbur\u00f0arlega og \u00e1n tr\u00faarlegrar bindingar.\" tabindex=\"0\">tr\u00faarbrag\u00f0afr\u00e6\u00f0ina<\/span> er verndarhringurinn sk\u00fdrt d\u00e6mi um verndarreglu sem byggist \u00e1 r\u00fdmi og m\u00f6rkum. Hann s\u00fdnir hvernig einf\u00f6ld r\u00famfr\u00e6\u00f0ileg hugmynd var\u00f0 til \u00f3h\u00e1\u00f0 hver \u00f6\u00f0rum \u00ed m\u00f6rgum menningarheimum.<\/p><p>S\u00e1 sem kynnir s\u00e9r verndarhringinn \u00ed dag finnur \u00ed honum fyrst og fremst menningars\u00f6gulegt efni. Hlutl\u00e6g umfj\u00f6llun greinir sta\u00f0festa s\u00f6gu si\u00f0arins fr\u00e1 n\u00fat\u00edma \u00e1hrifalofor\u00f0um sem standast ekki sko\u00f0un.<\/p><p>\u00cd ranns\u00f3knum \u00e1 hlutmenningu eru hringl\u00ednur ristar e\u00f0a m\u00e1la\u00f0ar \u00ed j\u00f6r\u00f0 ranns\u00f3knarefni, a\u00f0 \u00fev\u00ed marki sem \u00fe\u00e6r hafa var\u00f0veist. \u00de\u00e6r eru skr\u00e1\u00f0ar og t\u00falka\u00f0ar sem vitnisbur\u00f0ur um forna si\u00f0i. \u00deannig er verndarhringurinn \u00e1\u00fereifanlegur einnig \u00fear sem undirliggjandi tr\u00fa lifir ekki lengur.<\/p>\t\t\t\t\t\t\t\t<\/div>\n\t\t\t\t<\/div>\n\t\t\t\t<\/div>\n\t\t\t\t\t<\/div>\n\t\t\t\t<\/div>\n\t\t<div class=\"elementor-element elementor-element-iwgs-schutzkreis-lit e-flex e-con-boxed e-con e-parent\" data-id=\"iwgs-schutzkreis-lit\" data-element_type=\"container\" data-e-type=\"container\">\n\t\t\t\t\t<div class=\"e-con-inner\">\n\t\t\t\t<div class=\"elementor-element elementor-element-iwgs-schutzkreis-lith elementor-widget elementor-widget-heading\" data-id=\"iwgs-schutzkreis-lith\" data-element_type=\"widget\" data-e-type=\"widget\" data-widget_type=\"heading.default\">\n\t\t\t\t\t<h2 class=\"elementor-heading-title elementor-size-default\">Heimildir (\u00farval)<\/h2>\t\t\t\t<\/div>\n\t\t<div class=\"elementor-element elementor-element-iw-schutzkreis-lit-bw e-con-full e-flex e-con e-child\" data-id=\"iw-schutzkreis-lit-bw\" data-element_type=\"container\" data-e-type=\"container\">\n\t\t<div class=\"elementor-element elementor-element-iwgs-schutzkreis-litbox e-con-full e-flex e-con e-parent\" data-id=\"iwgs-schutzkreis-litbox\" data-element_type=\"container\" data-e-type=\"container\">\n\t\t\t\t<div class=\"elementor-element elementor-element-iwgs-schutzkreis-litt elementor-widget elementor-widget-html\" data-id=\"iwgs-schutzkreis-litt\" data-element_type=\"widget\" data-e-type=\"widget\" data-widget_type=\"html.default\">\n\t\t\t\t\t<footer data-nosnippet=\"true\"><ul><li>Liselotte Hansmann, Lenz Kriss-Rettenbeck: <em>Amulett und Talisman. Erscheinungsform und Geschichte<\/em> (1966)<\/li><li>Mircea Eliade: <em>Das Heilige und das Profane<\/em> (1957)<\/li><li>Erich-Joachim Marg, Hanns B\u00e4chtold-St\u00e4ubli (Hrsg.): <em>Handw\u00f6rterbuch des deutschen Aberglaubens<\/em> (1927-1942)<\/li><li>Walter Burkert: <em>Griechische Religion der archaischen und klassischen Epoche<\/em> (1977)<\/li><li>Erica Reiner: <em>Astral Magic in Babylonia<\/em> (1995)<\/li><\/ul><\/footer>\t\t\t\t<\/div>\n\t\t\t\t<\/div>\n\t\t\t\t<\/div>\n\t\t\t\t\t<\/div>\n\t\t\t\t<\/div>\n\t\t<div class=\"elementor-element elementor-element-iwgs-schutzkreis-kwd e-flex e-con-boxed e-con e-parent\" data-id=\"iwgs-schutzkreis-kwd\" data-element_type=\"container\" data-e-type=\"container\">\n\t\t\t\t\t<div class=\"e-con-inner\">\n\t\t<div class=\"elementor-element elementor-element-iw-schutzkreis-kwd-bw e-con-full e-flex e-con e-child\" data-id=\"iw-schutzkreis-kwd-bw\" data-element_type=\"container\" data-e-type=\"container\">\n\t\t\t\t<div class=\"elementor-element elementor-element-iwgs-schutzkreis-kwdt elementor-widget elementor-widget-text-editor\" data-id=\"iwgs-schutzkreis-kwdt\" data-element_type=\"widget\" data-e-type=\"widget\" data-widget_type=\"text-editor.default\">\n\t\t\t\t\t\t\t\t\t<p><em>Tengd kjarnahugt\u00f6k: Verndarhringur bannhringur s\u00e6ringarhringur dregi\u00f0 hringform verndarm\u00f6rk saltkringur kr\u00edtarhringur afm\u00f6rkun <span class=\"iwg-fachbegriff\" data-tooltip=\"Illt fr\u00e1 hrekjandi: um t\u00e1kn og hluti sem \u00e6tla\u00f0 er a\u00f0 halda ska\u00f0legum \u00e1hrifum \u00ed fjarl\u00e6g\u00f0.\" tabindex=\"0\">ap\u00f3tr\u00f3pa\u00edskt<\/span> loku\u00f0 l\u00edna.<\/em><\/p>\t\t\t\t\t\t\t\t<\/div>\n\t\t\t\t<\/div>\n\t\t\t\t\t<\/div>\n\t\t\t\t<\/div>\n\t\t<div class=\"elementor-element elementor-element-iwgs-schutzkreis-cc e-flex e-con-boxed e-con e-parent\" data-id=\"iwgs-schutzkreis-cc\" data-element_type=\"container\" data-e-type=\"container\" id=\"iwg-cc-schutzkreis\">\n\t\t\t\t\t<div class=\"e-con-inner\">\n\t\t<div class=\"elementor-element elementor-element-iwgs-schutzkreis-ccinner e-flex e-con-boxed e-con e-parent\" data-id=\"iwgs-schutzkreis-ccinner\" data-element_type=\"container\" data-e-type=\"container\" data-settings=\"{&quot;background_background&quot;:&quot;classic&quot;}\">\n\t\t\t\t\t<div class=\"e-con-inner\">\n\t\t\t\t<div class=\"elementor-element elementor-element-iwgs-schutzkreis-cch elementor-widget elementor-widget-heading\" data-id=\"iwgs-schutzkreis-cch\" data-element_type=\"widget\" data-e-type=\"widget\" data-widget_type=\"heading.default\">\n\t\t\t\t\t<h2 class=\"elementor-heading-title elementor-size-default\">iWell Guard og verndarhef\u00f0ir<\/h2>\t\t\t\t<\/div>\n\t\t\t\t<div class=\"elementor-element elementor-element-iwgs-schutzkreis-cct elementor-widget elementor-widget-text-editor\" data-id=\"iwgs-schutzkreis-cct\" data-element_type=\"widget\" data-e-type=\"widget\" data-widget_type=\"text-editor.default\">\n\t\t\t\t\t\t\t\t\t<p>iWell Guard tilheyrir hinni menningars\u00f6gulegu hef\u00f0 farandi verndargripa, sem verndarhringurinn er einnig hluti af. N\u00fat\u00edmalegur f\u00f6runautur fyrir f\u00f3lk sem lifir me\u00f0 verndart\u00e1knum: framleitt \u00ed \u00de\u00fdskalandi, 41 lag \u00far alv\u00f6ru gulli, plat\u00ednu og silfri, me\u00f0 30 daga skilar\u00e9tti.<\/p>\t\t\t\t\t\t\t\t<\/div>\n\t\t\t\t<div class=\"elementor-element elementor-element-iwgs-schutzkreis-ccb iwg-cc-button iwg-cc-cta-2026-05-13 elementor-widget elementor-widget-jet-button\" data-id=\"iwgs-schutzkreis-ccb\" data-element_type=\"widget\" data-e-type=\"widget\" data-widget_type=\"jet-button.default\">\n\t\t\t\t<div class=\"elementor-widget-container\">\n\t\t\t\t\t<div class=\"elementor-jet-button jet-elements\"><div class=\"jet-button__container\"><a class=\"jet-button__instance jet-button__instance--icon-left hover-effect-1\" href=\"\/schutzanhaenger-iwell-guard-kaufen\/?utm_source=iwell-guard.com&amp;utm_medium=info-box&amp;utm_campaign=schutzsymbole\"><div class=\"jet-button__plane jet-button__plane-normal\"><\/div><div class=\"jet-button__plane jet-button__plane-hover\"><\/div><div class=\"jet-button__state jet-button__state-normal\"><span class=\"jet-button__label\">Meira um iWell Guard<\/span><\/div><div class=\"jet-button__state jet-button__state-hover\"><span class=\"jet-button__label\">Meira um iWell Guard<\/span><\/div><\/a><\/div><\/div><style>.elementor-element.elementor-element-iwgs-schutzkreis-ccb .jet-button__instance{width:320px;height:56px;}.elementor-element.elementor-element-iwgs-schutzkreis-ccb .jet-button__state-normal .jet-button__label{text-align:center;margin:0px 0px 0px 0px;color:#1a1b20;font-family:Montserrat,sans-serif;font-size:13px;font-weight:400;letter-spacing:4px;line-height:1.714em;text-transform:uppercase;}.elementor-element.elementor-element-iwgs-schutzkreis-ccb .jet-button__state-hover .jet-button__label{text-align:center;margin:0px 0px 0px 0px;color:#FECC76;font-family:Montserrat,sans-serif;font-size:13px;font-weight:400;letter-spacing:4px;line-height:1.714em;text-transform:uppercase;}.elementor-element.elementor-element-iwgs-schutzkreis-ccb .jet-button__plane-normal{background-color:#FECC76;border-style:solid;border-color:#C99540;border-width:2px 2px 2px 2px;}.elementor-element.elementor-element-iwgs-schutzkreis-ccb .jet-button__plane-hover{background-color:rgba(0,0,0,0.55);border-style:solid;border-color:#FECC76;border-width:2px 2px 2px 2px;}<\/style>\t\t\t\t<\/div>\n\t\t\t\t<\/div>\n\t\t\t\t<div class=\"elementor-element elementor-element-iwgs-schutzkreis-ccd elementor-widget elementor-widget-text-editor\" data-id=\"iwgs-schutzkreis-ccd\" data-element_type=\"widget\" data-e-type=\"widget\" data-widget_type=\"text-editor.default\">\n\t\t\t\t\t\t\t\t\t<p style=\"text-align:center;font-size:13px;opacity:0.7;margin-top:14px\" data-nosnippet=\"true\">Pers\u00f3nuleg reynsla getur veri\u00f0 mismunandi. Ekki l\u00e6kningat\u00e6ki. Engin lofor\u00f0 um l\u00e6kningu.<\/p>\t\t\t\t\t\t\t\t<\/div>\n\t\t\t\t\t<\/div>\n\t\t\t\t<\/div>\n\t\t\t\t\t<\/div>\n\t\t\t\t<\/div>\n\t\t<div class=\"elementor-element elementor-element-iwgs-schutzkreis-disc e-flex e-con-boxed e-con e-parent\" data-id=\"iwgs-schutzkreis-disc\" data-element_type=\"container\" data-e-type=\"container\">\n\t\t\t\t\t<div class=\"e-con-inner\">\n\t\t<div class=\"elementor-element elementor-element-iw-schutzkreis-disc-bw e-con-full e-flex e-con e-child\" data-id=\"iw-schutzkreis-disc-bw\" data-element_type=\"container\" data-e-type=\"container\">\n\t\t\t\t<div class=\"elementor-element elementor-element-iwgs-schutzkreis-discw elementor-widget elementor-widget-html\" data-id=\"iwgs-schutzkreis-discw\" data-element_type=\"widget\" data-e-type=\"widget\" data-widget_type=\"html.default\">\n\t\t\t\t\t<footer data-nosnippet=\"true\" class=\"iwg-disclaimer-block\"><p data-nosnippet=\"true\">iWell Guard er <strong>ekki l\u00e6kningat\u00e6ki<\/strong> og kemur ekki \u00ed sta\u00f0 l\u00e6knis- e\u00f0a s\u00e1lfr\u00e6\u00f0ime\u00f0fer\u00f0ar. Innihaldi\u00f0 sem h\u00e9r er sett fram er tr\u00faarbrag\u00f0afr\u00e6\u00f0ileg og menningars\u00f6gulega greining, ekki lofor\u00f0 um andlega virkni.<\/p><\/footer>\t\t\t\t<\/div>\n\t\t\t\t<\/div>\n\t\t\t\t\t<\/div>\n\t\t\t\t<\/div>\n\t\t\t\t<\/div>\n\t\t","protected":false},"excerpt":{"rendered":"","protected":false},"author":3,"featured_media":3578,"parent":0,"menu_order":0,"comment_status":"closed","ping_status":"closed","template":"elementor_header_footer","meta":{"_yoast_wpseo_focuskw":"Verndarhringur","_yoast_wpseo_title":"Verndarhringurinn sem afm\u00f6rkun","_yoast_wpseo_metadesc":"Verndarhringurinn sem menningarlega \u00fatbreidd verndarregla: uppruni, hugmyndin um verndandi m\u00f6rk og d\u00e6mi fr\u00e1 forn\u00f6ld","_yoast_wpseo_meta-robots-noindex":"","_yoast_wpseo_canonical":"","_angie_page":false,"gefaehrdungsstufe":"","wesen_kultur":"","wesen_klasse":"","footnotes":""},"categories":[],"class_list":["post-169249","page","type-page","status-publish","has-post-thumbnail","hentry"],"yoast_head":"<!-- This site is optimized with the Yoast SEO Premium plugin v27.7 (Yoast SEO v28.3) - https:\/\/yoast.com\/product\/yoast-seo-premium-wordpress\/ -->\n<title>Verndarhringurinn sem afm\u00f6rkun<\/title>\n<meta name=\"description\" content=\"Verndarhringurinn sem menningarlega \u00fatbreidd verndarregla: uppruni, hugmyndin um verndandi m\u00f6rk og d\u00e6mi fr\u00e1 forn\u00f6ld\" \/>\n<meta name=\"robots\" content=\"index, follow, max-snippet:-1, max-image-preview:large, max-video-preview:-1\" \/>\n<link rel=\"canonical\" href=\"https:\/\/iwell-guard.com\/is\/verndarhringur-afmorkun-skadi\/\" \/>\n<meta property=\"og:locale\" content=\"is_IS\" \/>\n<meta property=\"og:type\" content=\"article\" \/>\n<meta property=\"og:title\" content=\"Verndarhringurinn sem afm\u00f6rkun gegn ska\u00f0a\" \/>\n<meta property=\"og:description\" content=\"Verndarhringurinn sem menningarlega \u00fatbreidd verndarregla: uppruni, hugmyndin um verndandi m\u00f6rk og d\u00e6mi fr\u00e1 forn\u00f6ld\" \/>\n<meta property=\"og:url\" content=\"https:\/\/iwell-guard.com\/is\/verndarhringur-afmorkun-skadi\/\" \/>\n<meta property=\"og:site_name\" content=\"iWell Guard\" \/>\n<meta property=\"article:modified_time\" content=\"2026-09-05T14:36:02+00:00\" \/>\n<meta property=\"og:image\" content=\"https:\/\/iwell-guard.com\/wp-content\/uploads\/2026\/05\/schutzsymbol_universell_schutzkreis.webp\" \/>\n\t<meta property=\"og:image:width\" content=\"1024\" \/>\n\t<meta property=\"og:image:height\" content=\"1536\" \/>\n\t<meta property=\"og:image:type\" content=\"image\/webp\" \/>\n<meta name=\"twitter:card\" content=\"summary_large_image\" \/>\n<script type=\"application\/ld+json\" class=\"yoast-schema-graph\">{\"@context\":\"https:\\\/\\\/schema.org\",\"@graph\":[{\"@type\":\"WebPage\",\"@id\":\"https:\\\/\\\/iwell-guard.com\\\/is\\\/verndarhringur-afmorkun-skadi\\\/\",\"url\":\"https:\\\/\\\/iwell-guard.com\\\/is\\\/verndarhringur-afmorkun-skadi\\\/\",\"name\":\"Verndarhringurinn sem afm\u00f6rkun\",\"isPartOf\":{\"@id\":\"https:\\\/\\\/iwell-guard.com\\\/is\\\/#website\"},\"primaryImageOfPage\":{\"@id\":\"https:\\\/\\\/iwell-guard.com\\\/is\\\/verndarhringur-afmorkun-skadi\\\/#primaryimage\"},\"image\":{\"@id\":\"https:\\\/\\\/iwell-guard.com\\\/is\\\/verndarhringur-afmorkun-skadi\\\/#primaryimage\"},\"thumbnailUrl\":\"https:\\\/\\\/iwell-guard.com\\\/wp-content\\\/uploads\\\/2026\\\/05\\\/schutzsymbol_universell_schutzkreis.webp\",\"datePublished\":\"2026-09-05T14:06:50+00:00\",\"dateModified\":\"2026-09-05T14:36:02+00:00\",\"description\":\"Verndarhringurinn sem menningarlega \u00fatbreidd verndarregla: uppruni, hugmyndin um verndandi m\u00f6rk og d\u00e6mi fr\u00e1 forn\u00f6ld\",\"breadcrumb\":{\"@id\":\"https:\\\/\\\/iwell-guard.com\\\/is\\\/verndarhringur-afmorkun-skadi\\\/#breadcrumb\"},\"inLanguage\":\"is\",\"potentialAction\":[{\"@type\":\"ReadAction\",\"target\":[\"https:\\\/\\\/iwell-guard.com\\\/is\\\/verndarhringur-afmorkun-skadi\\\/\"]}]},{\"@type\":\"ImageObject\",\"inLanguage\":\"is\",\"@id\":\"https:\\\/\\\/iwell-guard.com\\\/is\\\/verndarhringur-afmorkun-skadi\\\/#primaryimage\",\"url\":\"https:\\\/\\\/iwell-guard.com\\\/wp-content\\\/uploads\\\/2026\\\/05\\\/schutzsymbol_universell_schutzkreis.webp\",\"contentUrl\":\"https:\\\/\\\/iwell-guard.com\\\/wp-content\\\/uploads\\\/2026\\\/05\\\/schutzsymbol_universell_schutzkreis.webp\",\"width\":1024,\"height\":1536,\"caption\":\"Verndart\u00e1kn. Myndskreyting \u00ed safnst\u00edl.\"},{\"@type\":\"BreadcrumbList\",\"@id\":\"https:\\\/\\\/iwell-guard.com\\\/is\\\/verndarhringur-afmorkun-skadi\\\/#breadcrumb\",\"itemListElement\":[{\"@type\":\"ListItem\",\"position\":1,\"name\":\"Start\",\"item\":\"https:\\\/\\\/iwell-guard.com\\\/is\\\/?page_id=168580\"},{\"@type\":\"ListItem\",\"position\":2,\"name\":\"Verndarhringurinn sem afm\u00f6rkun gegn ska\u00f0a\"}]},{\"@type\":\"WebSite\",\"@id\":\"https:\\\/\\\/iwell-guard.com\\\/is\\\/#website\",\"url\":\"https:\\\/\\\/iwell-guard.com\\\/is\\\/\",\"name\":\"iWell Guard\",\"description\":\"Schutz vor dunklen Einfl\u00fcssen\",\"publisher\":{\"@id\":\"https:\\\/\\\/iwell-guard.com\\\/is\\\/#organization\"},\"potentialAction\":[{\"@type\":\"SearchAction\",\"target\":{\"@type\":\"EntryPoint\",\"urlTemplate\":\"https:\\\/\\\/iwell-guard.com\\\/is\\\/?s={search_term_string}\"},\"query-input\":{\"@type\":\"PropertyValueSpecification\",\"valueRequired\":true,\"valueName\":\"search_term_string\"}}],\"inLanguage\":\"is\"},{\"@type\":\"Organization\",\"@id\":\"https:\\\/\\\/iwell-guard.com\\\/is\\\/#organization\",\"name\":\"Ittermann electronic GmbH\",\"url\":\"https:\\\/\\\/iwell-guard.com\\\/is\\\/\",\"logo\":{\"@type\":\"ImageObject\",\"inLanguage\":\"is\",\"@id\":\"https:\\\/\\\/iwell-guard.com\\\/is\\\/#\\\/schema\\\/logo\\\/image\\\/\",\"url\":\"https:\\\/\\\/iwell-guard.com\\\/wp-content\\\/uploads\\\/2026\\\/05\\\/Ittermann-Logo-1182x237-1.png\",\"contentUrl\":\"https:\\\/\\\/iwell-guard.com\\\/wp-content\\\/uploads\\\/2026\\\/05\\\/Ittermann-Logo-1182x237-1.png\",\"width\":1182,\"height\":237,\"caption\":\"Ittermann electronic GmbH\"},\"image\":{\"@id\":\"https:\\\/\\\/iwell-guard.com\\\/is\\\/#\\\/schema\\\/logo\\\/image\\\/\"},\"sameAs\":[\"https:\\\/\\\/pantip.com\\\/profile\\\/9367242\",\"https:\\\/\\\/micro.blog\\\/iwellguard\",\"https:\\\/\\\/www.diggerslist.com\\\/iwellguard\\\/about\",\"https:\\\/\\\/skitterphoto.com\\\/photographers\\\/2870314\\\/iwell-guard\",\"https:\\\/\\\/iwellguard.wordpress.com\\\/2026\\\/06\\\/06\\\/iwell-guard\\\/\",\"https:\\\/\\\/hub.docker.com\\\/u\\\/iwellguard\",\"https:\\\/\\\/www.pinterest.com\\\/iwellguard\\\/\",\"https:\\\/\\\/bit.ly\\\/m\\\/iwellguard\",\"https:\\\/\\\/entre-vos-mains.alsace.eu\\\/profiles\\\/iwellguard\\\/activity\",\"https:\\\/\\\/gravatar.com\\\/reallybeded8fd34\",\"https:\\\/\\\/naijamatta.com\\\/iwellguard\",\"https:\\\/\\\/www.goodreads.com\\\/iwellguard\",\"https:\\\/\\\/profile.hatena.ne.jp\\\/iwellguard\\\/\",\"https:\\\/\\\/experiment.com\\\/users\\\/iwellguard\",\"https:\\\/\\\/wakelet.com\\\/@iWellGuard82270\",\"https:\\\/\\\/www.chordie.com\\\/forum\\\/profile.php?id=2555664\",\"https:\\\/\\\/www.instapaper.com\\\/p\\\/17757966\",\"https:\\\/\\\/www.mapleprimes.com\\\/users\\\/iwellguard\",\"https:\\\/\\\/businesslistingplus.com\\\/profile\\\/iwell-guard\\\/\",\"https:\\\/\\\/telegra.ph\\\/iWell-Guard-06-06\",\"https:\\\/\\\/pbase.com\\\/iwellguard\\\/iwellguard\",\"https:\\\/\\\/b.hatena.ne.jp\\\/iwellguard\\\/20260607#bookmark-4788405196491818882\",\"https:\\\/\\\/fliphtml5.com\\\/home\\\/iwellguard\",\"https:\\\/\\\/anyflip.com\\\/homepage\\\/cmiwl#About\",\"https:\\\/\\\/transfur.com\\\/Users\\\/iwellguard\",\"http:\\\/\\\/delphi.larsbo.org\\\/user\\\/iwellguard\",\"https:\\\/\\\/jobs.lajobsportal.org\\\/profiles\\\/8380803-iwell-guard\",\"https:\\\/\\\/md.chaosdorf.de\\\/s\\\/jfbe5SBdJD\",\"https:\\\/\\\/www.lingvolive.com\\\/en-us\\\/profile\\\/9ecaeaca-ce11-4e51-9e71-01d55e2bff36\\\/translations\",\"https:\\\/\\\/www.fitday.com\\\/fitness\\\/forums\\\/members\\\/iwellguard.html\",\"https:\\\/\\\/www.mymeetbook.com\\\/iwellguard\",\"https:\\\/\\\/pxhere.com\\\/en\\\/photographer-me\\\/5040798\",\"https:\\\/\\\/disqus.com\\\/by\\\/iwellguard\\\/about\\\/\",\"https:\\\/\\\/pastelink.net\\\/hjwciqwq\",\"https:\\\/\\\/pubhtml5.com\\\/homepage\\\/scjhn\\\/\",\"https:\\\/\\\/www.bitchute.com\\\/channel\\\/2O2eOKzNqujT\",\"https:\\\/\\\/audiomack.com\\\/iwellguard\"]}]}<\/script>\n<!-- \/ Yoast SEO Premium plugin. -->","yoast_head_json":{"title":"Verndarhringurinn sem afm\u00f6rkun","description":"Verndarhringurinn sem menningarlega \u00fatbreidd verndarregla: uppruni, hugmyndin um verndandi m\u00f6rk og d\u00e6mi fr\u00e1 forn\u00f6ld","robots":{"index":"index","follow":"follow","max-snippet":"max-snippet:-1","max-image-preview":"max-image-preview:large","max-video-preview":"max-video-preview:-1"},"canonical":"https:\/\/iwell-guard.com\/is\/verndarhringur-afmorkun-skadi\/","og_locale":"is_IS","og_type":"article","og_title":"Verndarhringurinn sem afm\u00f6rkun gegn ska\u00f0a","og_description":"Verndarhringurinn sem menningarlega \u00fatbreidd verndarregla: uppruni, hugmyndin um verndandi m\u00f6rk og d\u00e6mi fr\u00e1 forn\u00f6ld","og_url":"https:\/\/iwell-guard.com\/is\/verndarhringur-afmorkun-skadi\/","og_site_name":"iWell Guard","article_modified_time":"2026-09-05T14:36:02+00:00","og_image":[{"width":1024,"height":1536,"url":"https:\/\/iwell-guard.com\/wp-content\/uploads\/2026\/05\/schutzsymbol_universell_schutzkreis.webp","type":"image\/webp"}],"twitter_card":"summary_large_image","schema":{"@context":"https:\/\/schema.org","@graph":[{"@type":"WebPage","@id":"https:\/\/iwell-guard.com\/is\/verndarhringur-afmorkun-skadi\/","url":"https:\/\/iwell-guard.com\/is\/verndarhringur-afmorkun-skadi\/","name":"Verndarhringurinn sem afm\u00f6rkun","isPartOf":{"@id":"https:\/\/iwell-guard.com\/is\/#website"},"primaryImageOfPage":{"@id":"https:\/\/iwell-guard.com\/is\/verndarhringur-afmorkun-skadi\/#primaryimage"},"image":{"@id":"https:\/\/iwell-guard.com\/is\/verndarhringur-afmorkun-skadi\/#primaryimage"},"thumbnailUrl":"https:\/\/iwell-guard.com\/wp-content\/uploads\/2026\/05\/schutzsymbol_universell_schutzkreis.webp","datePublished":"2026-09-05T14:06:50+00:00","dateModified":"2026-09-05T14:36:02+00:00","description":"Verndarhringurinn sem menningarlega \u00fatbreidd verndarregla: uppruni, hugmyndin um verndandi m\u00f6rk og d\u00e6mi fr\u00e1 forn\u00f6ld","breadcrumb":{"@id":"https:\/\/iwell-guard.com\/is\/verndarhringur-afmorkun-skadi\/#breadcrumb"},"inLanguage":"is","potentialAction":[{"@type":"ReadAction","target":["https:\/\/iwell-guard.com\/is\/verndarhringur-afmorkun-skadi\/"]}]},{"@type":"ImageObject","inLanguage":"is","@id":"https:\/\/iwell-guard.com\/is\/verndarhringur-afmorkun-skadi\/#primaryimage","url":"https:\/\/iwell-guard.com\/wp-content\/uploads\/2026\/05\/schutzsymbol_universell_schutzkreis.webp","contentUrl":"https:\/\/iwell-guard.com\/wp-content\/uploads\/2026\/05\/schutzsymbol_universell_schutzkreis.webp","width":1024,"height":1536,"caption":"Verndart\u00e1kn. Myndskreyting \u00ed safnst\u00edl."},{"@type":"BreadcrumbList","@id":"https:\/\/iwell-guard.com\/is\/verndarhringur-afmorkun-skadi\/#breadcrumb","itemListElement":[{"@type":"ListItem","position":1,"name":"Start","item":"https:\/\/iwell-guard.com\/is\/?page_id=168580"},{"@type":"ListItem","position":2,"name":"Verndarhringurinn sem afm\u00f6rkun gegn ska\u00f0a"}]},{"@type":"WebSite","@id":"https:\/\/iwell-guard.com\/is\/#website","url":"https:\/\/iwell-guard.com\/is\/","name":"iWell Guard","description":"Schutz vor dunklen Einfl\u00fcssen","publisher":{"@id":"https:\/\/iwell-guard.com\/is\/#organization"},"potentialAction":[{"@type":"SearchAction","target":{"@type":"EntryPoint","urlTemplate":"https:\/\/iwell-guard.com\/is\/?s={search_term_string}"},"query-input":{"@type":"PropertyValueSpecification","valueRequired":true,"valueName":"search_term_string"}}],"inLanguage":"is"},{"@type":"Organization","@id":"https:\/\/iwell-guard.com\/is\/#organization","name":"Ittermann electronic GmbH","url":"https:\/\/iwell-guard.com\/is\/","logo":{"@type":"ImageObject","inLanguage":"is","@id":"https:\/\/iwell-guard.com\/is\/#\/schema\/logo\/image\/","url":"https:\/\/iwell-guard.com\/wp-content\/uploads\/2026\/05\/Ittermann-Logo-1182x237-1.png","contentUrl":"https:\/\/iwell-guard.com\/wp-content\/uploads\/2026\/05\/Ittermann-Logo-1182x237-1.png","width":1182,"height":237,"caption":"Ittermann electronic GmbH"},"image":{"@id":"https:\/\/iwell-guard.com\/is\/#\/schema\/logo\/image\/"},"sameAs":["https:\/\/pantip.com\/profile\/9367242","https:\/\/micro.blog\/iwellguard","https:\/\/www.diggerslist.com\/iwellguard\/about","https:\/\/skitterphoto.com\/photographers\/2870314\/iwell-guard","https:\/\/iwellguard.wordpress.com\/2026\/06\/06\/iwell-guard\/","https:\/\/hub.docker.com\/u\/iwellguard","https:\/\/www.pinterest.com\/iwellguard\/","https:\/\/bit.ly\/m\/iwellguard","https:\/\/entre-vos-mains.alsace.eu\/profiles\/iwellguard\/activity","https:\/\/gravatar.com\/reallybeded8fd34","https:\/\/naijamatta.com\/iwellguard","https:\/\/www.goodreads.com\/iwellguard","https:\/\/profile.hatena.ne.jp\/iwellguard\/","https:\/\/experiment.com\/users\/iwellguard","https:\/\/wakelet.com\/@iWellGuard82270","https:\/\/www.chordie.com\/forum\/profile.php?id=2555664","https:\/\/www.instapaper.com\/p\/17757966","https:\/\/www.mapleprimes.com\/users\/iwellguard","https:\/\/businesslistingplus.com\/profile\/iwell-guard\/","https:\/\/telegra.ph\/iWell-Guard-06-06","https:\/\/pbase.com\/iwellguard\/iwellguard","https:\/\/b.hatena.ne.jp\/iwellguard\/20260607#bookmark-4788405196491818882","https:\/\/fliphtml5.com\/home\/iwellguard","https:\/\/anyflip.com\/homepage\/cmiwl#About","https:\/\/transfur.com\/Users\/iwellguard","http:\/\/delphi.larsbo.org\/user\/iwellguard","https:\/\/jobs.lajobsportal.org\/profiles\/8380803-iwell-guard","https:\/\/md.chaosdorf.de\/s\/jfbe5SBdJD","https:\/\/www.lingvolive.com\/en-us\/profile\/9ecaeaca-ce11-4e51-9e71-01d55e2bff36\/translations","https:\/\/www.fitday.com\/fitness\/forums\/members\/iwellguard.html","https:\/\/www.mymeetbook.com\/iwellguard","https:\/\/pxhere.com\/en\/photographer-me\/5040798","https:\/\/disqus.com\/by\/iwellguard\/about\/","https:\/\/pastelink.net\/hjwciqwq","https:\/\/pubhtml5.com\/homepage\/scjhn\/","https:\/\/www.bitchute.com\/channel\/2O2eOKzNqujT","https:\/\/audiomack.com\/iwellguard"]}]}},"_links":{"self":[{"href":"https:\/\/iwell-guard.com\/is\/wp-json\/wp\/v2\/pages\/169249","targetHints":{"allow":["GET"]}}],"collection":[{"href":"https:\/\/iwell-guard.com\/is\/wp-json\/wp\/v2\/pages"}],"about":[{"href":"https:\/\/iwell-guard.com\/is\/wp-json\/wp\/v2\/types\/page"}],"author":[{"embeddable":true,"href":"https:\/\/iwell-guard.com\/is\/wp-json\/wp\/v2\/users\/3"}],"replies":[{"embeddable":true,"href":"https:\/\/iwell-guard.com\/is\/wp-json\/wp\/v2\/comments?post=169249"}],"version-history":[{"count":0,"href":"https:\/\/iwell-guard.com\/is\/wp-json\/wp\/v2\/pages\/169249\/revisions"}],"wp:featuredmedia":[{"embeddable":true,"href":"https:\/\/iwell-guard.com\/is\/wp-json\/wp\/v2\/media\/3578"}],"wp:attachment":[{"href":"https:\/\/iwell-guard.com\/is\/wp-json\/wp\/v2\/media?parent=169249"}],"wp:term":[{"taxonomy":"category","embeddable":true,"href":"https:\/\/iwell-guard.com\/is\/wp-json\/wp\/v2\/categories?post=169249"}],"curies":[{"name":"wp","href":"https:\/\/api.w.org\/{rel}","templated":true}]}}