{"id":169248,"date":"2026-09-05T14:06:49","date_gmt":"2026-09-05T14:06:49","guid":{"rendered":"https:\/\/iwell-guard.com\/?page_id=169248"},"modified":"2026-09-05T14:36:02","modified_gmt":"2026-09-05T14:36:02","slug":"toframerkingar-verndartakn-talnagrindur","status":"publish","type":"page","link":"https:\/\/iwell-guard.com\/is\/toframerkingar-verndartakn-talnagrindur\/","title":{"rendered":"T\u00f6fraferningar sem verndart\u00e1kn \u2013 talnagrindur"},"content":{"rendered":"\t\t<div data-elementor-type=\"wp-page\" data-elementor-id=\"169248\" class=\"elementor elementor-169248 elementor-3740 elementor-bc-flex-widget\" data-elementor-post-type=\"page\">\n\t\t\t\t<div class=\"elementor-element elementor-element-iwgs-magischequad-hero e-flex e-con-boxed e-con e-parent\" data-id=\"iwgs-magischequad-hero\" data-element_type=\"container\" data-e-type=\"container\">\n\t\t\t\t\t<div class=\"e-con-inner\">\n\t\t<div class=\"elementor-element elementor-element-iwgs-magischequad-hl e-flex e-con-boxed e-con e-parent\" data-id=\"iwgs-magischequad-hl\" data-element_type=\"container\" data-e-type=\"container\">\n\t\t\t\t\t<div class=\"e-con-inner\">\n\t\t<div class=\"elementor-element elementor-element-iwgs-magischequad-hlbox e-con-full e-flex e-con e-parent\" data-id=\"iwgs-magischequad-hlbox\" data-element_type=\"container\" data-e-type=\"container\">\n\t\t\t\t<div class=\"elementor-element elementor-element-iwgs-magischequad-h1 elementor-widget elementor-widget-heading\" data-id=\"iwgs-magischequad-h1\" data-element_type=\"widget\" data-e-type=\"widget\" data-widget_type=\"heading.default\">\n\t\t\t\t\t<h1 class=\"elementor-heading-title elementor-size-default\">T\u00f6fraferningar: talnagrindur sem verndart\u00e1kn og verndargripam\u00f3t\u00edf<\/h1>\t\t\t\t<\/div>\n\t\t\t\t<div class=\"elementor-element elementor-element-iwgs-magischequad-lead elementor-widget elementor-widget-text-editor\" data-id=\"iwgs-magischequad-lead\" data-element_type=\"widget\" data-e-type=\"widget\" data-widget_type=\"text-editor.default\">\n\t\t\t\t\t\t\t\t\t<p>T\u00f6fraferningar eru ferningslaga grindur \u00far t\u00f6lum e\u00f0a b\u00f3kst\u00f6fum \u00fear sem ra\u00f0ir, d\u00e1lkar og oft einnig hornal\u00ednur gefa s\u00f6mu summu. \u00deessi st\u00e6r\u00f0fr\u00e6\u00f0ilegi eiginleiki hefur \u00ed m\u00f6rgum menningarheimum gert \u00fe\u00e1 a\u00f0 bur\u00f0arberum reglu sem talin er veita vernd.<\/p><p>H\u00e9r \u00e1 eftir er ferningurinn sem verndart\u00e1kn sko\u00f0a\u00f0ur \u00fat fr\u00e1 tr\u00faarbrag\u00f0afr\u00e6\u00f0ilegu sj\u00f3narhorni, fr\u00e1 hinni s\u00f6gulegu <span class=\"iwg-fachbegriff\" data-tooltip=\"\u00c1framhaldandi mi\u00f0lun \u00feekkingar og sagna milli kynsl\u00f3\u00f0a.\" tabindex=\"0\">munnm\u00e6lahef\u00f0<\/span> til n\u00fat\u00edmalegrar m\u00f3tt\u00f6ku. \u00dear er ger\u00f0ur greinarmunur \u00e1 skjalfestum <span class=\"iwg-fachbegriff\" data-tooltip=\"Heildarsafn hef\u00f0bundinna venja tiltekins samf\u00e9lags.\" tabindex=\"0\">venjum<\/span> og n\u00fat\u00edma dulspekilegri t\u00falkun.<\/p>\n<p class=\"iwg-kwfix\">T\u00f6fraferningar eru talnagrind sem var\u00f0veist hefur sem verndart\u00e1kn og verndargripam\u00f3t\u00edf.<\/p>\t\t\t\t\t\t\t\t<\/div>\n\t\t\t\t<\/div>\n\t\t\t\t<div class=\"elementor-element elementor-element-iwgs-magischequad-pills elementor-widget elementor-widget-html\" data-id=\"iwgs-magischequad-pills\" data-element_type=\"widget\" data-e-type=\"widget\" data-widget_type=\"html.default\">\n\t\t\t\t\t<div class=\"iwg-pill-row\"><span class=\"iwg-klasse-badge\" tabindex=\"0\" data-tooltip=\"Verndart\u00e1kn, verndargripur e\u00f0a verndandi hlutur.\">Verndart\u00e1kn<\/span><a href=\"https:\/\/iwell-guard.com\/is\/verndartakn\/\" class=\"iwg-kultur-badge\" tabindex=\"0\" data-tooltip=\"Verndarhef\u00f0: \u00devermenningarleg\">\u00devermenningarlegt<\/a><span class=\"iwg-tradition-badge\" tabindex=\"0\" data-tooltip=\"Almennt verkunarl\u00f6gm\u00e1l sem verndarsi\u00f0ir byggja \u00e1.\">Verndarl\u00f6gm\u00e1l<\/span><\/div>\t\t\t\t<\/div>\n\t\t\t\t\t<\/div>\n\t\t\t\t<\/div>\n\t\t<div class=\"elementor-element elementor-element-iwgs-magischequad-hr e-con-full e-flex e-con e-parent\" data-id=\"iwgs-magischequad-hr\" data-element_type=\"container\" data-e-type=\"container\">\n\t\t\t\t<div class=\"elementor-element elementor-element-iwgs-magischequad-himg iwg-hero-image elementor-widget elementor-widget-image\" data-id=\"iwgs-magischequad-himg\" data-element_type=\"widget\" data-e-type=\"widget\" data-widget_type=\"image.default\">\n\t\t\t\t\t\t\t\t\t\t\t\t\t\t\t<img fetchpriority=\"high\" decoding=\"async\" width=\"683\" height=\"1024\" src=\"https:\/\/iwell-guard.com\/wp-content\/uploads\/2026\/05\/schutzsymbol_universell_magische-quadrate-683x1024.webp\" class=\"attachment-large size-large wp-image-170477\" alt=\"T\u00f6fraferningar - verndart\u00e1kn, safnfr\u00e6\u00f0ileg myndskreyting\" srcset=\"https:\/\/iwell-guard.com\/wp-content\/uploads\/2026\/05\/schutzsymbol_universell_magische-quadrate-683x1024.webp 683w, https:\/\/iwell-guard.com\/wp-content\/uploads\/2026\/05\/schutzsymbol_universell_magische-quadrate-200x300.webp 200w, https:\/\/iwell-guard.com\/wp-content\/uploads\/2026\/05\/schutzsymbol_universell_magische-quadrate-768x1152.webp 768w, https:\/\/iwell-guard.com\/wp-content\/uploads\/2026\/05\/schutzsymbol_universell_magische-quadrate.webp 1024w\" sizes=\"(max-width: 683px) 100vw, 683px\" \/>\t\t\t\t\t\t\t\t\t\t\t\t\t\t\t<\/div>\n\t\t\t\t<\/div>\n\t\t\t\t\t<\/div>\n\t\t\t\t<\/div>\n\t\t<div class=\"elementor-element elementor-element-iwgs-magischequad-s0 e-flex e-con-boxed e-con e-parent\" data-id=\"iwgs-magischequad-s0\" data-element_type=\"container\" data-e-type=\"container\">\n\t\t\t\t\t<div class=\"e-con-inner\">\n\t\t\t\t<div class=\"elementor-element elementor-element-iwgs-magischequad-s0h elementor-widget elementor-widget-heading\" data-id=\"iwgs-magischequad-s0h\" data-element_type=\"widget\" data-e-type=\"widget\" data-widget_type=\"heading.default\">\n\t\t\t\t\t<h2 class=\"elementor-heading-title elementor-size-default\">Skilgreining: Hva\u00f0 er t\u00f6fraferningur sem verndart\u00e1kn<\/h2>\t\t\t\t<\/div>\n\t\t<div class=\"elementor-element elementor-element-iwgs-magischequad-s0box e-con-full e-flex e-con e-parent\" data-id=\"iwgs-magischequad-s0box\" data-element_type=\"container\" data-e-type=\"container\">\n\t\t\t\t<div class=\"elementor-element elementor-element-iwgs-magischequad-s0t elementor-widget elementor-widget-text-editor\" data-id=\"iwgs-magischequad-s0t\" data-element_type=\"widget\" data-e-type=\"widget\" data-widget_type=\"text-editor.default\">\n\t\t\t\t\t\t\t\t\t<p>T\u00f6fraferningur samanstendur af j\u00f6fnu skipulagi reita \u00fear sem t\u00f6lur eru skrifa\u00f0ar \u00e1 \u00feann h\u00e1tt a\u00f0 hver r\u00f6\u00f0, hver d\u00e1lkur og oftast einnig b\u00e1\u00f0ar hornal\u00ednurnar gefa s\u00f6mu summu.<\/p><p>\u00deessi summa er \u00ed fr\u00e6\u00f0unum k\u00f6llu\u00f0 t\u00f6frafasti. Or\u00f0i\u00f0 t\u00f6fra v\u00edsar h\u00e9r fyrst og fremst til hinnar \u00f3venjulegu heild r\u00e6nnar skipulags og segir ekki til um \u00e6tla\u00f0a virkni.<\/p><p>Ferningurinn kemur fram sem verndart\u00e1kn \u00feegar honum er, umfram \u00feennan st\u00e6r\u00f0fr\u00e6\u00f0ilega eiginleika, eignu\u00f0 verndandi merking. \u00cd \u00feeirri notkun er fullb\u00fain grindin flutt yfir \u00e1 verndargripi, sk\u00e1lar, papp\u00edrsr\u00e6mur e\u00f0a h\u00fasveggi. S\u00e1 sem ber t\u00e1kn i\u00f0 v\u00e6nti s\u00e9r verndar fr\u00e1 hinni innskrifu\u00f0u reglu gegn ska\u00f0legum \u00e1hrifum.<\/p><p>N\u00e1skyldir eru b\u00f3kstafaferningar, \u00fear sem or\u00f0um er \u00ed sta\u00f0 talna ra\u00f0a\u00f0 saman \u00e1 \u00feann h\u00e1tt a\u00f0 lesa m\u00e1 \u00feau b\u00e6\u00f0i l\u00e1r\u00e9tt og l\u00f3\u00f0r\u00e9tt. \u00deekktasta d\u00e6mi\u00f0 er <a href=\"https:\/\/iwell-guard.com\/is\/?page_id=169179\">SATOR-ferningurinn<\/a>, \u00fear sem fimm or\u00f0 endurtaka sig \u00ed hverri lestrar\u00e1tt. Hann telst me\u00f0al v\u00ed\u00f0ast var\u00f0veittu b\u00f3kstafagrinda \u00ed Evr\u00f3pu.<\/p><p>\u00c1 \u00edsl\u00f6mskum menningarsv\u00e6\u00f0um er talnaferningurinn n\u00e1tengdur <a href=\"https:\/\/iwell-guard.com\/is\/?page_id=169187\">Buduh<\/a>, form\u00falu sem samanstendur af fj\u00f3rum samhlj\u00f3\u00f0um og rekur uppruna sinn til \u00feriggja-sinnum-\u00feriggja ferningsins. Nafni\u00f0 Buduh mynda\u00f0ist af hornat\u00f6lum ferningsins og var s\u00ed\u00f0ar sj\u00e1lft nota\u00f0 sem verndaror\u00f0.<\/p><p>Innan fr\u00e6\u00f0anna um <a href=\"https:\/\/iwell-guard.com\/is\/verndartakn\/\">verndart\u00e1kn<\/a> hefur t\u00f6fraferningurinn s\u00e9rst\u00f6\u00f0u, \u00fev\u00ed hann byggir ekki \u00e1 myndr\u00e6nu m\u00f3t\u00edfi heldur \u00e1 \u00f3hlutbundinni st\u00e6r\u00f0fr\u00e6\u00f0ilegri byggingu. \u00dear me\u00f0 er hann fr\u00e1brug\u00f0inn myndr\u00e6num verndargripum eins og auga- e\u00f0a d\u00fdram\u00f3t\u00edfum.<\/p><p>Fj\u00f6lbreytnin n\u00e6r fr\u00e1 einfaldri \u00feriggja-sinnum-\u00feriggja grind til st\u00e6rri ferninga me\u00f0 fimm, sex e\u00f0a fleiri reitum \u00e1 hli\u00f0. St\u00e6rri ferningar \u00fe\u00f3ttu erfi\u00f0ari \u00ed ger\u00f0 og voru sums sta\u00f0ar tengdir tilteknum reikistj\u00f6rnum, sem s\u00ed\u00f0ari hluti fjallar n\u00e1nar um.<\/p>\t\t\t\t\t\t\t\t<\/div>\n\t\t\t\t<\/div>\n\t\t\t\t\t<\/div>\n\t\t\t\t<\/div>\n\t\t<div class=\"elementor-element elementor-element-iwgs-magischequad-s1 e-flex e-con-boxed e-con e-parent\" data-id=\"iwgs-magischequad-s1\" data-element_type=\"container\" data-e-type=\"container\">\n\t\t\t\t\t<div class=\"e-con-inner\">\n\t\t\t\t<div class=\"elementor-element elementor-element-iwgs-magischequad-s1h elementor-widget elementor-widget-heading\" data-id=\"iwgs-magischequad-s1h\" data-element_type=\"widget\" data-e-type=\"widget\" data-widget_type=\"heading.default\">\n\t\t\t\t\t<h2 class=\"elementor-heading-title elementor-size-default\">Uppruni og s\u00f6guleg d\u00fdpt talnaferninganna<\/h2>\t\t\t\t<\/div>\n\t\t<div class=\"elementor-element elementor-element-iwgs-magischequad-s1box e-con-full e-flex e-con e-parent\" data-id=\"iwgs-magischequad-s1box\" data-element_type=\"container\" data-e-type=\"container\">\n\t\t\t\t<div class=\"elementor-element elementor-element-iwgs-magischequad-s1t elementor-widget elementor-widget-text-editor\" data-id=\"iwgs-magischequad-s1t\" data-element_type=\"widget\" data-e-type=\"widget\" data-widget_type=\"text-editor.default\">\n\t\t\t\t\t\t\t\t\t<p>Elstu \u00f6ruggu heimildir um t\u00f6fraferning lei\u00f0a til K\u00edna. Hi\u00f0 svokalla\u00f0a Luoshu, \u00feriggja-sinnum-\u00feriggja ferningur me\u00f0 t\u00f6lunum einn til n\u00edu, er \u00ed k\u00ednverskri <span class=\"iwg-fachbegriff\" data-tooltip=\"\u00c1framhaldandi mi\u00f0lun \u00feekkingar og sagna milli kynsl\u00f3\u00f0a.\" tabindex=\"0\">munnm\u00e6lahef\u00f0<\/span> tengt s\u00f6gnum um skjaldb\u00f6ku og kemur fram \u00ed st\u00e6r\u00f0fr\u00e6\u00f0ilegum og heimsfr\u00e6\u00f0ilegum textum fr\u00e1 fyrstu keisara\u00f6ldunum.<\/p><p>\u00cd gegnum verslunar- og fr\u00e6\u00f0imannatengsl barst \u00feekking \u00e1 sl\u00edkum grindum til \u00edslamska menningarsv\u00e6\u00f0isins. Arab\u00edskir st\u00e6r\u00f0fr\u00e6\u00f0ingar mi\u00f0aldanna fj\u00f6llu\u00f0u skipulega um ger\u00f0 st\u00e6rri ferninga og settu \u00fe\u00e1 samt\u00edmis \u00ed samhengi t\u00f6fra og stj\u00f6rnusp\u00e1d\u00f3ma.<\/p><p>\u00dea\u00f0an barst efni\u00f0 til Evr\u00f3pu \u00e1 h\u00e1mi\u00f0\u00f6ldum og s\u00ed\u00f0mi\u00f0\u00f6ldum. Latneskar \u00fe\u00fd\u00f0ingar arab\u00edskra verka mi\u00f0lu\u00f0u sm\u00ed\u00f0ara\u00f0fer\u00f0unum, og fr\u00e6\u00f0ileg s\u00f6fn tengdu ferningana vi\u00f0 reikistj\u00f6rnur. \u00deessir reikistj\u00f6rnutengdu ferningar voru s\u00ed\u00f0an nota\u00f0ir \u00e1fram \u00ed t\u00f6frab\u00f3kmenntum \u00e1rn\u00fdaldar.<\/p><p>B\u00f3kstafaferningurinn fylgir sinni eigin \u00fer\u00f3unarl\u00ednu. SATOR-ferningurinn er \u00feegar sta\u00f0festur \u00ed r\u00fastum Pompeii og er \u00fear me\u00f0 \u00f6ruggur a\u00f0 minnsta kosti fr\u00e1 fyrstu \u00f6ld. Hann breiddist s\u00ed\u00f0an \u00fat um st\u00f3ra hluta Evr\u00f3pu og er sanna\u00f0ur \u00e1 veggjum, leirmunum og handritum.<\/p><p>Buduh kemur fram \u00ed arab\u00edskum heimildum fr\u00e1 mi\u00f0\u00f6ldum og er oft eigna\u00f0ur fr\u00e6\u00f0imanninum al-Ghazali, \u00e1n \u00feess a\u00f0 \u00feessi eignun s\u00e9 fullvissu\u00f0. Hann breiddist \u00fat um Nor\u00f0ur-Afr\u00edku og Mi\u00f0-Austurl\u00f6nd og er sanna\u00f0ur \u00e1 fj\u00f6lm\u00f6rgum verndargripum.<\/p><p>\u00c1 heildina liti\u00f0 s\u00e9st margra alda skipti \u00e1 \u00feekkingu milli K\u00edna, \u00edslamska heimsins og Evr\u00f3pu. T\u00f6fraferningurinn er \u00fear me\u00f0 d\u00e6mi um <span class=\"iwg-fachbegriff\" data-tooltip=\"Endurteki\u00f0 innihaldslegt element \u00ed list e\u00f0a fr\u00e1s\u00f6gn.\" tabindex=\"0\">m\u00f3t\u00edf<\/span> sem hefur veri\u00f0 mi\u00f0la\u00f0 v\u00ed\u00f0a og endurt\u00falka\u00f0 \u00ed hvert skipti.<\/p>\t\t\t\t\t\t\t\t<\/div>\n\t\t\t\t<\/div>\n\t\t\t\t\t<\/div>\n\t\t\t\t<\/div>\n\t\t<div class=\"elementor-element elementor-element-iwgs-magischequad-s2 e-flex e-con-boxed e-con e-parent\" data-id=\"iwgs-magischequad-s2\" data-element_type=\"container\" data-e-type=\"container\">\n\t\t\t\t\t<div class=\"e-con-inner\">\n\t\t\t\t<div class=\"elementor-element elementor-element-iwgs-magischequad-s2h elementor-widget elementor-widget-heading\" data-id=\"iwgs-magischequad-s2h\" data-element_type=\"widget\" data-e-type=\"widget\" data-widget_type=\"heading.default\">\n\t\t\t\t\t<h2 class=\"elementor-heading-title elementor-size-default\">Grunnhugmyndin um verndandi reglu<\/h2>\t\t\t\t<\/div>\n\t\t<div class=\"elementor-element elementor-element-iwgs-magischequad-s2box e-con-full e-flex e-con e-parent\" data-id=\"iwgs-magischequad-s2box\" data-element_type=\"container\" data-e-type=\"container\">\n\t\t\t\t<div class=\"elementor-element elementor-element-iwgs-magischequad-s2t elementor-widget elementor-widget-text-editor\" data-id=\"iwgs-magischequad-s2t\" data-element_type=\"widget\" data-e-type=\"widget\" data-widget_type=\"text-editor.default\">\n\t\t\t\t\t\t\t\t\t<p>Hugmyndalegur kjarni ferningsins sem verndart\u00e1kns er hugmyndin um fullkomna reglu. \u00deegar hver l\u00edna og d\u00e1lkur bera s\u00f6mu summu birtist rammin sem heildst\u00e6\u00f0 og \u00ed jafnv\u00e6gi. \u00deessi heild var t\u00falku\u00f0 sem mynd af heimi \u00e1n truflana.<\/p><p>\u00cd m\u00f6rgum \u00fej\u00f3\u00f0tr\u00faarkerfum voru ska\u00f0leg \u00e1hrif talin vera \u00fea\u00f0 sem raskar reglu og skapar \u00f3j\u00f6fnu\u00f0. T\u00e1kn sem sj\u00e1lft er fullkomlega skipulagt gat \u00fev\u00ed veri\u00f0 skili\u00f0 sem andst\u00e6\u00f0a r\u00f6skunar. \u00dev\u00ed var \u00e6tla\u00f0 a\u00f0 styrkja hi\u00f0 skipulega og standa gegn hinu \u00f3skipulega.<\/p><p>\u00dear vi\u00f0 b\u00e6tist hlutverk t\u00f6lunnar. \u00cd m\u00f6rgum menningarheimum var \u00e1kve\u00f0num t\u00f6lum eignu\u00f0 s\u00e9rst\u00f6k merking, og ferningur tengdi margar sl\u00edkar t\u00f6lur saman \u00ed eina heild. Rammin virka\u00f0i \u00feannig sem sam\u00fej\u00f6ppu\u00f0 samsafn merkingar\u00ferunginna gilda.<\/p><p>\u00cd b\u00f3kstafaferningum b\u00e6tist tungum\u00e1lsformi\u00f0 vi\u00f0. Texti sem lesast eins \u00ed allar \u00e1ttir birtist sem tungum\u00e1lsleg fullkomnun. Sl\u00edk palindr\u00f3m \u00fe\u00f3ttu einkar f\u00f6st og \u00f3hagganleg, sem styrkti hugmyndina um verndun.<\/p><p>Lesanleiki fr\u00e1 ofan, ne\u00f0an, vinstri og h\u00e6gri var samt\u00edmis t\u00falka\u00f0ur sem verkun \u00ed allar \u00e1ttir. T\u00e1kn sem virkar \u00ed allar \u00e1ttir samsvara\u00f0i v\u00e6ntingum um verndun \u00e1n gloppa. \u00deessi hugsun tengir ferninginn \u00f6\u00f0rum loku\u00f0um verndarformum.<\/p><p>T\u00falkunin sem h\u00e9r er l\u00fdst er menningars\u00f6gulega \u00fatsk\u00fdring \u00e1 \u00fev\u00ed hvers vegna f\u00f3lk eigna\u00f0i ferningnum verndandi merkingu. H\u00fan l\u00fdsir hugmyndum, ekki sta\u00f0festri verkun. Ranns\u00f3knirnar skjalfesta tr\u00fana, \u00fe\u00e6r sta\u00f0festa hana ekki.<\/p>\t\t\t\t\t\t\t\t<\/div>\n\t\t\t\t<\/div>\n\t\t\t\t\t<\/div>\n\t\t\t\t<\/div>\n\t\t<div class=\"elementor-element elementor-element-iwgs-magischequad-s3 e-flex e-con-boxed e-con e-parent\" data-id=\"iwgs-magischequad-s3\" data-element_type=\"container\" data-e-type=\"container\">\n\t\t\t\t\t<div class=\"e-con-inner\">\n\t\t\t\t<div class=\"elementor-element elementor-element-iwgs-magischequad-s3h elementor-widget elementor-widget-heading\" data-id=\"iwgs-magischequad-s3h\" data-element_type=\"widget\" data-e-type=\"widget\" data-widget_type=\"heading.default\">\n\t\t\t\t\t<h2 class=\"elementor-heading-title elementor-size-default\">D\u00e6mi fr\u00e1 forn\u00f6ld og Austurl\u00f6ndum n\u00e6r<\/h2>\t\t\t\t<\/div>\n\t\t<div class=\"elementor-element elementor-element-iwgs-magischequad-s3box e-con-full e-flex e-con e-parent\" data-id=\"iwgs-magischequad-s3box\" data-element_type=\"container\" data-e-type=\"container\">\n\t\t\t\t<div class=\"elementor-element elementor-element-iwgs-magischequad-s3t elementor-widget elementor-widget-text-editor\" data-id=\"iwgs-magischequad-s3t\" data-element_type=\"widget\" data-e-type=\"widget\" data-widget_type=\"text-editor.default\">\n\t\t\t\t\t\t\t\t\t<p>SATOR-ferningurinn er mikilv\u00e6gasta <span class=\"iwg-fachbegriff\" data-tooltip=\"T\u00edmabil gr\u00edsk-r\u00f3mverskrar menningar, um 800 f.Kr. til 600 e.Kr.\" tabindex=\"0\">forna<\/span> d\u00e6mi\u00f0. Fundir hans \u00ed Pompeii s\u00fdna a\u00f0 b\u00f3kstafaramminn var \u00feegar kunnur \u00ed r\u00f3mverskri hversdagsvenju. S\u00ed\u00f0ari fundir fr\u00e1 m\u00f6rgum h\u00e9ru\u00f0um s\u00fdna a\u00f0 hann breiddist \u00fat um allt heimsveldi\u00f0.<\/p><p>Or\u00f0in fimm SATOR, AREPO, TENET, OPERA og ROTAS m\u00e1 lesa l\u00e1r\u00e9tt og l\u00f3\u00f0r\u00e9tt. Um n\u00e1kv\u00e6ma merkingu setningarins er enn engin \u00f6ruggu t\u00falkun til, sem hvetur ranns\u00f3knir til vark\u00e1rni. A\u00f0eins hin formlega heild er \u00f6rugg.<\/p><p>\u00cd Austurl\u00f6ndum n\u00e6r er Buduh \u00ed forgrunni. \u00dea\u00f0 var mynda\u00f0 \u00far hornat\u00f6lum 3&#215;3-ferningur og \u00fejappa\u00f0 \u00ed or\u00f0 sem unnt er a\u00f0 bera fram. \u00c1 verndargripum, sk\u00e1lum og papp\u00edrsr\u00e6mum er \u00fea\u00f0 margsinnis sta\u00f0fest.<\/p><p>Buduh var oft nota\u00f0 \u00ed tengslum vi\u00f0 verndun fer\u00f0alanga, \u00feunga\u00f0ra kvenna og h\u00fasa. \u00dea\u00f0 kemur fram b\u00e6\u00f0i sem hreint or\u00f0 og saman me\u00f0 fullkomnum t\u00f6lurammanum. B\u00e6\u00f0i form finnast \u00e1 gripum fr\u00e1 m\u00f6rgum \u00f6ldum.<\/p><p>Einnig \u00ed hinni <span class=\"iwg-fachbegriff\" data-tooltip=\"Mi\u00f0lun \u00feekkingar og fr\u00e1sagna milli kynsl\u00f3\u00f0a.\" tabindex=\"0\">yfirf\u00e6r\u00f0u<\/span> hef\u00f0 Gy\u00f0inga eru \u00feekktar t\u00f6lu- og b\u00f3kstafara\u00f0ir me\u00f0 verndandi t\u00falkun. \u00de\u00e6r tengjast \u00fear t\u00e6kni b\u00f3kstafareiknings, \u00fear sem or\u00f0 og talnaeigi \u00feeirra eru tengd saman.<\/p><p>\u00deessi d\u00e6mi s\u00fdna a\u00f0 ferningurinn var \u00ed notkun um langt skei\u00f0 \u00e1 Mi\u00f0jar\u00f0arhafssv\u00e6\u00f0inu og \u00ed Austurl\u00f6ndum n\u00e6r. Hann var ekki bundinn einni tr\u00fa, heldur tekinn upp af m\u00f6rgum hef\u00f0um.<\/p>\t\t\t\t\t\t\t\t<\/div>\n\t\t\t\t<\/div>\n\t\t\t\t\t<\/div>\n\t\t\t\t<\/div>\n\t\t<div class=\"elementor-element elementor-element-iwgs-magischequad-s4 e-flex e-con-boxed e-con e-parent\" data-id=\"iwgs-magischequad-s4\" data-element_type=\"container\" data-e-type=\"container\">\n\t\t\t\t\t<div class=\"e-con-inner\">\n\t\t\t\t<div class=\"elementor-element elementor-element-iwgs-magischequad-s4h elementor-widget elementor-widget-heading\" data-id=\"iwgs-magischequad-s4h\" data-element_type=\"widget\" data-e-type=\"widget\" data-widget_type=\"heading.default\">\n\t\t\t\t\t<h2 class=\"elementor-heading-title elementor-size-default\">D\u00e6mi \u00far evr\u00f3pskri \u00fej\u00f3\u00f0tr\u00faargaldri<\/h2>\t\t\t\t<\/div>\n\t\t<div class=\"elementor-element elementor-element-iwgs-magischequad-s4box e-con-full e-flex e-con e-parent\" data-id=\"iwgs-magischequad-s4box\" data-element_type=\"container\" data-e-type=\"container\">\n\t\t\t\t<div class=\"elementor-element elementor-element-iwgs-magischequad-s4t elementor-widget elementor-widget-text-editor\" data-id=\"iwgs-magischequad-s4t\" data-element_type=\"widget\" data-e-type=\"widget\" data-widget_type=\"text-editor.default\">\n\t\t\t\t\t\t\t\t\t<p>\u00cd evr\u00f3pskum \u00fej\u00f3\u00f0tr\u00faargaldri er SATOR-ferningurinn algengasti t\u00f6lu- e\u00f0a b\u00f3kstafaramminn. Hann finnst \u00e1 h\u00fasveggjum, dyrast\u00f6fum, b\u00f6kunarformum og \u00ed handskrifu\u00f0um s\u00f6fnum galdra\u00feula og uppskrifta.<\/p><p>\u00dej\u00f3\u00f0fr\u00e6\u00f0ilegar heimildir greina fr\u00e1 notkun ferningsins gegn eldi, gegn sj\u00fakd\u00f3mum manna og b\u00fafj\u00e1r og gegn \u00fdmsum \u00e1hrifum sem \u00fe\u00f3ttu ska\u00f0leg. Sl\u00edkar fr\u00e1sagnir skjalfesta v\u00e6ntingar notenda, \u00fe\u00e6r eru ekki s\u00f6nnun um verkun.<\/p><p>Oft var ferningurinn skrifa\u00f0ur \u00e1 l\u00edtinn se\u00f0il og borinn vi\u00f0 dyr, \u00ed fj\u00e1rh\u00fasum e\u00f0a \u00e1 l\u00edkamanum. \u00c1 sumum sv\u00e6\u00f0um var hann skorinn \u00ed brau\u00f0 e\u00f0a epli, sem s\u00ed\u00f0an \u00e1tti a\u00f0 bor\u00f0a. \u00deessar venjur eru var\u00f0veittar mj\u00f6g misjafnlega eftir h\u00e9ru\u00f0um.<\/p><p>\u00cd galdrab\u00f3kum fyrri n\u00fdaldar birtast auk SATOR-ferningsins einnig t\u00f6lurammar me\u00f0 tengingu vi\u00f0 reikistj\u00f6rnur. \u00deeir voru grafnir \u00e1 m\u00e1lmpl\u00f6tur sem bornar voru sem verndargripir. \u00deessi l\u00e6r\u00f0a hli\u00f0 er \u00f3l\u00edk hinum munnlega heimilisvenju.<\/p><p>Ferningurinn stendur \u00ed \u00fej\u00f3\u00f0tr\u00faargaldri vi\u00f0 hli\u00f0 annarra skriftarverndargripa eins og \u00e1rita\u00f0ra blessunarform\u00fala og b\u00f3kstafara\u00f0a. Hann tilheyrir \u00feannig brei\u00f0um h\u00f3pi <a href=\"https:\/\/iwell-guard.com\/is\/?page_id=169134\">verndargripa og talismana<\/a>, sem byggja \u00e1 skrift \u00ed sta\u00f0 myndar.<\/p><p>Me\u00f0 f\u00e6kkun t\u00f6frahef\u00f0a heimilisvenjunnar \u00e1 n\u00edtj\u00e1ndu og tuttugustu \u00f6ld d\u00f3 prakt\u00edsk notkun a\u00f0 mestu \u00fat. Ferningarnir var\u00f0veittust fyrst og fremst sem fundir \u00e1 g\u00f6mlum byggingum og \u00ed \u00fej\u00f3\u00f0fr\u00e6\u00f0ilegum s\u00f6fnum.<\/p>\t\t\t\t\t\t\t\t<\/div>\n\t\t\t\t<\/div>\n\t\t\t\t\t<\/div>\n\t\t\t\t<\/div>\n\t\t<div class=\"elementor-element elementor-element-iwgs-magischequad-s5 e-flex e-con-boxed e-con e-parent\" data-id=\"iwgs-magischequad-s5\" data-element_type=\"container\" data-e-type=\"container\">\n\t\t\t\t\t<div class=\"e-con-inner\">\n\t\t\t\t<div class=\"elementor-element elementor-element-iwgs-magischequad-s5h elementor-widget elementor-widget-heading\" data-id=\"iwgs-magischequad-s5h\" data-element_type=\"widget\" data-e-type=\"widget\" data-widget_type=\"heading.default\">\n\t\t\t\t\t<h2 class=\"elementor-heading-title elementor-size-default\">D\u00e6mi fr\u00e1 As\u00edu og \u00f6\u00f0rum menningarheimum<\/h2>\t\t\t\t<\/div>\n\t\t<div class=\"elementor-element elementor-element-iwgs-magischequad-s5box e-con-full e-flex e-con e-parent\" data-id=\"iwgs-magischequad-s5box\" data-element_type=\"container\" data-e-type=\"container\">\n\t\t\t\t<div class=\"elementor-element elementor-element-iwgs-magischequad-s5t elementor-widget elementor-widget-text-editor\" data-id=\"iwgs-magischequad-s5t\" data-element_type=\"widget\" data-e-type=\"widget\" data-widget_type=\"text-editor.default\">\n\t\t\t\t\t\t\t\t\t<p>\u00cd K\u00edna er Luoshu upphafspunktur \u00feessarar hef\u00f0ar. \u00der\u00edr-sinnum-\u00fer\u00edr reiturinn var felldur inn \u00ed heimsfr\u00e6\u00f0ileg kerfi og tengdur h\u00f6fu\u00f0\u00e1ttunum og reglu n\u00e1tt\u00farufr\u00e6\u00f0ilegra hugmynda. Hann var ekki a\u00f0eins nota\u00f0ur til \u00fatreikninga heldur einnig til a\u00f0 t\u00falka heiminn.<\/p><p>\u00cd hinum \u00edslamska heimi \u00fer\u00f3u\u00f0u fr\u00e6\u00f0imenn st\u00e6rri ferninga \u00fat fr\u00e1 \u00fer\u00edr-sinnum-\u00fer\u00edr grunnmynstrinu og tengdu \u00feeim reikistj\u00f6rnur og eiginleika. \u00deessir ferningar koma fyrir \u00e1 verndargripum, \u00ed handritum og \u00e1 sk\u00e1lum sem voru ger\u00f0ar til varnar.<\/p><p>\u00c1 Indlandi eru talnaferningar einnig \u00feekktir og voru sums sta\u00f0ar tengdir stj\u00f6rnusp\u00e1fr\u00e6\u00f0ilegum eigindum. \u00c1kve\u00f0nir ferningar voru tengdir einst\u00f6kum reikistj\u00f6rnum og grafnir \u00e1 m\u00e1lmspj\u00f6ld sem borin voru til varnar.<\/p><p>\u00cd Nor\u00f0ur-Afr\u00edku breiddist Buduh \u00fat samhli\u00f0a \u00f6\u00f0rum skriftarverndargripum. \u00dear kemur hann fyrir \u00e1 papp\u00edr, le\u00f0ri og m\u00e1lmi og var oft ra\u00f0a\u00f0 saman me\u00f0 blessunaror\u00f0um og ge\u00f3metr\u00edskum mynstrum.<\/p><p>\u00devert \u00e1 \u00feessi sv\u00e6\u00f0i kemur fram sameiginlegt mynstur. Talna- e\u00f0a stafar\u00e1sturinn er skilinn sem skipulagt t\u00e1kn sem var endurt\u00falka\u00f0 \u00e1 n\u00fdjan h\u00e1tt \u00ed \u00f3l\u00edku tr\u00faarlegu umhverfi og tengt sta\u00f0bundnum hugmyndum.<\/p><p>Fj\u00f6lbreytni d\u00e6manna s\u00fdnir a\u00f0 t\u00f6fraferningurinn er ekki afmarka\u00f0 <span class=\"iwg-fachbegriff\" data-tooltip=\"Endurteki\u00f0 innihaldslegt atri\u00f0i \u00ed list e\u00f0a fr\u00e1s\u00f6gn.\" tabindex=\"0\">minni<\/span> \u00far einni menningu. Hann er farand-kerfi sem fann s\u00e9r sta\u00f0 hvar sem tala og skrift voru taldar hafa merkingu.<\/p><p>\u00cd hinni gy\u00f0inglegu hef\u00f0 eru, auk stafareikninga, einnig talnaferningar me\u00f0 tr\u00faarlegri t\u00falkun \u00feekktir. \u00c1 verndargripum og \u00ed handritas\u00f6fnum koma fyrir sm\u00e1ir reitir \u00fear sem t\u00f6lugildin voru tengd gu\u00f0sn\u00f6fnum og blessunaror\u00f0um. \u00deessi l\u00edna s\u00fdnir a\u00f0 ferningurinn var einnig tekinn upp \u00fear sem skrift og tala voru \u00feegar n\u00e1tengd.<\/p>\t\t\t\t\t\t\t\t<\/div>\n\t\t\t\t<\/div>\n\t\t\t\t\t<\/div>\n\t\t\t\t<\/div>\n\t\t<div class=\"elementor-element elementor-element-iwgs-magischequad-s6 e-flex e-con-boxed e-con e-parent\" data-id=\"iwgs-magischequad-s6\" data-element_type=\"container\" data-e-type=\"container\">\n\t\t\t\t\t<div class=\"e-con-inner\">\n\t\t\t\t<div class=\"elementor-element elementor-element-iwgs-magischequad-s6h elementor-widget elementor-widget-heading\" data-id=\"iwgs-magischequad-s6h\" data-element_type=\"widget\" data-e-type=\"widget\" data-widget_type=\"heading.default\">\n\t\t\t\t\t<h2 class=\"elementor-heading-title elementor-size-default\">Notkun \u00ed rit\u00faali og daglegu l\u00edfi<\/h2>\t\t\t\t<\/div>\n\t\t<div class=\"elementor-element elementor-element-iwgs-magischequad-s6box e-con-full e-flex e-con e-parent\" data-id=\"iwgs-magischequad-s6box\" data-element_type=\"container\" data-e-type=\"container\">\n\t\t\t\t<div class=\"elementor-element elementor-element-iwgs-magischequad-s6t elementor-widget elementor-widget-text-editor\" data-id=\"iwgs-magischequad-s6t\" data-element_type=\"widget\" data-e-type=\"widget\" data-widget_type=\"text-editor.default\">\n\t\t\t\t\t\t\t\t\t<p>Notkun t\u00f6fraferningsins h\u00f3fst venjulega \u00e1 ger\u00f0 hans. Reiturinn var teikna\u00f0ur, ristur e\u00f0a grafinn me\u00f0 h\u00f6ndum, og \u00ed sumum hef\u00f0um var r\u00f6\u00f0 innf\u00e6rslunnar fyrirskrifu\u00f0. Vandvirk ger\u00f0 var talin sj\u00e1lf hluti af si\u00f0num.<\/p><p>Fullger\u00f0um ferningnum var komi\u00f0 fyrir \u00e1 st\u00f6\u00f0um sem taldir voru vi\u00f0kv\u00e6mir. Dyr, gluggar, gripah\u00fas og for\u00f0ab\u00far voru me\u00f0al \u00feeirra. \u00deessi tengsl vi\u00f0 innganga binda ferninginn vi\u00f0 hugmyndir um \u00fer\u00f6skuldsvernd, sem fjalla\u00f0 er um \u00ed s\u00e9rstakri lex\u00edkongrein.<\/p><p>Sem bur\u00f0anlegur <span class=\"iwg-fachbegriff\" data-tooltip=\"Borinn hlutur sem talinn er hafa verndandi, \u00f3g\u00e6fuvarnandi \u00e1hrif.\" tabindex=\"0\">verndargripur<\/span> var ferningurinn settur \u00e1 l\u00edtil spj\u00f6ld, papp\u00edrsr\u00e6mur e\u00f0a kl\u00e6\u00f0isb\u00fata og borinn \u00e1 l\u00edkamanum e\u00f0a var\u00f0veittur \u00ed fatna\u00f0i. \u00cd \u00feessu formi \u00e1tti hann a\u00f0 fylgja bera s\u00ednum \u00e1 breytilegum st\u00f6\u00f0um.<\/p><p>\u00cd sumum hef\u00f0um var ferningurinn felldur inn \u00ed st\u00e6rri rit\u00faala, svo sem blessunarathafnir fyrir h\u00fas og heimili e\u00f0a a\u00f0fer\u00f0ir til a\u00f0 vernda fer\u00f0alanga. Hann kom \u00fe\u00e1 fram samhli\u00f0a m\u00e6ltum form\u00falum og \u00f6\u00f0rum t\u00e1knum.<\/p><p>Daglega notkunin var oft einf\u00f6ld. Ferningur sem einu sinni var skrifa\u00f0ur h\u00e9lst varanlega \u00e1 s\u00ednum sta\u00f0 og var ekki endurn\u00fdja\u00f0ur reglulega. A\u00f0rar notkanir ger\u00f0u r\u00e1\u00f0 fyrir endurtekinni skrift vi\u00f0 \u00e1kve\u00f0in tilefni.<\/p><p>N\u00e1kv\u00e6mt notkunarform var mj\u00f6g h\u00e1\u00f0 sv\u00e6\u00f0i og hef\u00f0. Engin samr\u00e6md rit\u00faalregla er til fyrir t\u00f6fraferninginn, sem \u00fej\u00f3\u00f0h\u00e1ttafr\u00e6\u00f0ileg ranns\u00f3kn hefur \u00edtreka\u00f0 bent \u00e1.<\/p>\t\t\t\t\t\t\t\t<\/div>\n\t\t\t\t<\/div>\n\t\t\t\t\t<\/div>\n\t\t\t\t<\/div>\n\t\t<div class=\"elementor-element elementor-element-iwgs-magischequad-s7 e-flex e-con-boxed e-con e-parent\" data-id=\"iwgs-magischequad-s7\" data-element_type=\"container\" data-e-type=\"container\">\n\t\t\t\t\t<div class=\"e-con-inner\">\n\t\t\t\t<div class=\"elementor-element elementor-element-iwgs-magischequad-s7h elementor-widget elementor-widget-heading\" data-id=\"iwgs-magischequad-s7h\" data-element_type=\"widget\" data-e-type=\"widget\" data-widget_type=\"heading.default\">\n\t\t\t\t\t<h2 class=\"elementor-heading-title elementor-size-default\">Skyldar verndarformir og afm\u00f6rkun<\/h2>\t\t\t\t<\/div>\n\t\t<div class=\"elementor-element elementor-element-iwgs-magischequad-s7box e-con-full e-flex e-con e-parent\" data-id=\"iwgs-magischequad-s7box\" data-element_type=\"container\" data-e-type=\"container\">\n\t\t\t\t<div class=\"elementor-element elementor-element-iwgs-magischequad-s7t elementor-widget elementor-widget-text-editor\" data-id=\"iwgs-magischequad-s7t\" data-element_type=\"widget\" data-e-type=\"widget\" data-widget_type=\"text-editor.default\">\n\t\t\t\t\t\t\t\t\t<p>T\u00f6fraferningurinn stendur \u00ed r\u00f6\u00f0 me\u00f0 \u00f6\u00f0rum skriftarverndargripum. Skrifa\u00f0ar blessunarform\u00falur, stafar\u00e1sir og einst\u00f6k verndaror\u00f0 byggja, eins og ferningurinn, \u00e1 \u00feeirri hugmynd a\u00f0 skriftin sj\u00e1lf geti bori\u00f0 verndandi merkingu.<\/p><p>N\u00e1i\u00f0 tengdur ferningnum er Buduh, sem var\u00f0 til \u00far ferningi og losa\u00f0i sig samt\u00edmis fr\u00e1 honum. Buduh s\u00fdnir hvernig \u00far talnar\u00f6\u00f0un getur or\u00f0i\u00f0 sj\u00e1lfst\u00e6tt verndaror\u00f0. B\u00e1\u00f0ar \u00feessar myndir eru fjalla\u00f0 n\u00e1nar um \u00ed greininni um <a href=\"https:\/\/iwell-guard.com\/is\/?page_id=169187\">Buduh<\/a>.<\/p><p>Fr\u00e1 myndbundnum <span class=\"iwg-fachbegriff\" data-tooltip=\"Borinn hlutur sem talinn er hafa verndandi, \u00f3g\u00e6fuvarnandi \u00e1hrif.\" tabindex=\"0\">verndargrip<\/span> er ferningurinn greinilega fr\u00e1brug\u00f0inn. Auga-, hand- e\u00f0a d\u00fdramyndir virka gegnum au\u00f0\u00feekkjanlega mynd, en ferningurinn virkar gegnum \u00f3hlutbundna byggingu. Hann heyrir \u00fear me\u00f0 til hins skriftbundna og ekki hins myndbundna h\u00f3ps <a href=\"https:\/\/iwell-guard.com\/is\/verndartakn\/\">verndart\u00e1kna<\/a>.<\/p><p>M\u00f6rk eru einnig gagnvart hreinum st\u00e6r\u00f0fr\u00e6\u00f0ilegum ferningum. Ekki hver t\u00f6fraferningur var nota\u00f0ur sem verndart\u00e1kn. Margir ur\u00f0u til einungis af \u00e1huga \u00e1 ger\u00f0 \u00feeirra og bera enga verndandi t\u00falkun.<\/p><p>Ferninginn \u00fearf einnig a\u00f0 afmarka fr\u00e1 ge\u00f3metr\u00edskum verndarmynstrum eins og verndarhringnum. Me\u00f0an hringurinn dregur l\u00ednu og lokar af sv\u00e6\u00f0i, vinnur ferningurinn me\u00f0 innri ger\u00f0 talna e\u00f0a stafa.<\/p><p>\u00deessi sta\u00f0setning \u00ed n\u00e1grenni \u00feessara forma hj\u00e1lpar til vi\u00f0 a\u00f0 skilgreina ferninginn n\u00e1kv\u00e6mlega. Hann er skriftarverndargripur me\u00f0 s\u00e9rstakri byggingarlegri heild sem m\u00e1 greina fr\u00e1 myndverndargripum, l\u00ednut\u00e1knum og hreinum st\u00e6r\u00f0fr\u00e6\u00f0ilegum ferningum.<\/p>\t\t\t\t\t\t\t\t<\/div>\n\t\t\t\t<\/div>\n\t\t\t\t\t<\/div>\n\t\t\t\t<\/div>\n\t\t<div class=\"elementor-element elementor-element-iwgs-magischequad-s8 e-flex e-con-boxed e-con e-parent\" data-id=\"iwgs-magischequad-s8\" data-element_type=\"container\" data-e-type=\"container\">\n\t\t\t\t\t<div class=\"e-con-inner\">\n\t\t\t\t<div class=\"elementor-element elementor-element-iwgs-magischequad-s8h elementor-widget elementor-widget-heading\" data-id=\"iwgs-magischequad-s8h\" data-element_type=\"widget\" data-e-type=\"widget\" data-widget_type=\"heading.default\">\n\t\t\t\t\t<h2 class=\"elementor-heading-title elementor-size-default\">N\u00fat\u00edmavi\u00f0taka t\u00f6fraferninga<\/h2>\t\t\t\t<\/div>\n\t\t<div class=\"elementor-element elementor-element-iwgs-magischequad-s8box e-con-full e-flex e-con e-parent\" data-id=\"iwgs-magischequad-s8box\" data-element_type=\"container\" data-e-type=\"container\">\n\t\t\t\t<div class=\"elementor-element elementor-element-iwgs-magischequad-s8t elementor-widget elementor-widget-text-editor\" data-id=\"iwgs-magischequad-s8t\" data-element_type=\"widget\" data-e-type=\"widget\" data-widget_type=\"text-editor.default\">\n\t\t\t\t\t\t\t\t\t<p>\u00cd st\u00e6r\u00f0fr\u00e6\u00f0i eru t\u00f6fraferningar enn \u00feann dag \u00ed dag umfj\u00f6llunarefni. \u00deeir eru til umfj\u00f6llunar \u00ed d\u00e6gurst\u00e6r\u00f0fr\u00e6\u00f0i og \u00ed s\u00f6gu talnafr\u00e6\u00f0innar, \u00e1n \u00feess a\u00f0 nokkur verndandi merking komi \u00fear vi\u00f0 s\u00f6gu.<\/p><p>\u00cd n\u00fat\u00edma <span class=\"iwg-fachbegriff\" data-tooltip=\"Samheiti yfir kenningar sem gera kr\u00f6fu um leynda \u00feekkingu sem a\u00f0eins er a\u00f0gengileg innv\u00edg\u00f0um.\" tabindex=\"0\">es\u00f3terisma<\/span> koma t\u00f6fraferningar aftur fram, fyrst og fremst sem reikistj\u00f6rnuferningar. \u00deeir eru sums sta\u00f0ar bo\u00f0nir sem verndargripamynstur og tengdir eiginleikum sem eiga r\u00e6tur \u00ed t\u00f6frafr\u00e6\u00f0iritum fr\u00e1 upphafi n\u00fdaldar.<\/p><p>Sl\u00edk n\u00fat\u00edmaframbo\u00f0 ber a\u00f0 sko\u00f0a me\u00f0 gagnr\u00fdnum h\u00e6tti. \u00deeim eiginleikum sem \u00feeim eru eigna\u00f0ir eru ekki sta\u00f0festir, og tengingin milli ferningsins og \u00e1kve\u00f0innar reikistj\u00f6rnu er s\u00f6guleg sk\u00fdring, ekki sannreynanleg sta\u00f0reynd.<\/p><p>SATOR-ferningurinn kemur n\u00fa til dags oft fram sem s\u00f6gulegt <span class=\"iwg-fachbegriff\" data-tooltip=\"Endurteki\u00f0 innihaldslegt stef \u00ed list e\u00f0a fr\u00e1s\u00f6gn.\" tabindex=\"0\">m\u00f3t\u00edf<\/span> \u00ed s\u00f6fnum, \u00ed byggingarfornleifafr\u00e6\u00f0i og \u00ed vins\u00e6lum framsetningum um <span class=\"iwg-fachbegriff\" data-tooltip=\"T\u00edmabil gr\u00edskrar og r\u00f3mverskrar menningar, um \u00fea\u00f0 bil 800 f.Kr. til 600 e.Kr.\" tabindex=\"0\">forn\u00f6ldina<\/span>. \u00cd \u00fev\u00ed hlutverki er hann s\u00fdndur sem vitnisbur\u00f0ur um horfna si\u00f0i, ekki sem virkt verndart\u00e6ki.<\/p><p>Fyrir <span class=\"iwg-fachbegriff\" data-tooltip=\"V\u00edsindin sem rannsaka tr\u00faarbr\u00f6g\u00f0 samanbur\u00f0arlega og \u00e1n tr\u00faarlegrar bindingar.\" tabindex=\"0\">tr\u00faarbrag\u00f0afr\u00e6\u00f0ina<\/span> er t\u00f6fraferningurinn l\u00e6rd\u00f3msr\u00edkt d\u00e6mi. Hann s\u00fdnir hvernig st\u00e6r\u00f0fr\u00e6\u00f0ilegur eiginleiki gat or\u00f0i\u00f0 grundv\u00f6llur tr\u00faarlegrar e\u00f0a t\u00f6fralegrar t\u00falkunar og hvernig sl\u00edkar t\u00falkanir b\u00e1rust yfir menningarm\u00f6rk.<\/p><p>\u00deeim sem hafa \u00e1huga \u00e1 t\u00f6fraferningum \u00ed dag finnst \u00fear fyrst og fremst menningars\u00f6gulegt efni. Hlutl\u00e6g umfj\u00f6llun skilur \u00e1 milli sta\u00f0festrar s\u00f6gu m\u00f3t\u00edfsins og n\u00fat\u00edma virknifullyr\u00f0inga sem standast ekki n\u00e1na athugun.<\/p>\t\t\t\t\t\t\t\t<\/div>\n\t\t\t\t<\/div>\n\t\t\t\t\t<\/div>\n\t\t\t\t<\/div>\n\t\t<div class=\"elementor-element elementor-element-iwgs-magischequad-lit e-flex e-con-boxed e-con e-parent\" data-id=\"iwgs-magischequad-lit\" data-element_type=\"container\" data-e-type=\"container\">\n\t\t\t\t\t<div class=\"e-con-inner\">\n\t\t\t\t<div class=\"elementor-element elementor-element-iwgs-magischequad-lith elementor-widget elementor-widget-heading\" data-id=\"iwgs-magischequad-lith\" data-element_type=\"widget\" data-e-type=\"widget\" data-widget_type=\"heading.default\">\n\t\t\t\t\t<h2 class=\"elementor-heading-title elementor-size-default\">Heimildir (\u00farval)<\/h2>\t\t\t\t<\/div>\n\t\t<div class=\"elementor-element elementor-element-iwgs-magischequad-litbox e-con-full e-flex e-con e-parent\" data-id=\"iwgs-magischequad-litbox\" data-element_type=\"container\" data-e-type=\"container\">\n\t\t\t\t<div class=\"elementor-element elementor-element-iwgs-magischequad-litt elementor-widget elementor-widget-html\" data-id=\"iwgs-magischequad-litt\" data-element_type=\"widget\" data-e-type=\"widget\" data-widget_type=\"html.default\">\n\t\t\t\t\t<footer data-nosnippet=\"true\"><ul><li>Liselotte Hansmann, Lenz Kriss-Rettenbeck: <em>Amulett und Talisman. Erscheinungsform und Geschichte<\/em> (1966)<\/li><li>Hans Bonnet: <em>Reallexikon der \u00e4gyptischen Religionsgeschichte<\/em> (1952)<\/li><li>Marc-Alain Ouaknin: <em>Mysteries of the Kabbalah<\/em> (2000)<\/li><li>Schuyler Cammann: <em>Islamic and Indian Magic Squares<\/em> (1969)<\/li><li>Theodor Hopfner: <em>Griechisch-\u00e4gyptischer Offenbarungszauber<\/em> (1921)<\/li><\/ul><\/footer>\t\t\t\t<\/div>\n\t\t\t\t<\/div>\n\t\t\t\t\t<\/div>\n\t\t\t\t<\/div>\n\t\t<div class=\"elementor-element elementor-element-iwgs-magischequad-kwd e-flex e-con-boxed e-con e-parent\" data-id=\"iwgs-magischequad-kwd\" data-element_type=\"container\" data-e-type=\"container\">\n\t\t\t\t\t<div class=\"e-con-inner\">\n\t\t\t\t<div class=\"elementor-element elementor-element-iwgs-magischequad-kwdt elementor-widget elementor-widget-text-editor\" data-id=\"iwgs-magischequad-kwdt\" data-element_type=\"widget\" data-e-type=\"widget\" data-widget_type=\"text-editor.default\">\n\t\t\t\t\t\t\t\t\t<p><em>Tengd kjarnaor\u00f0: t\u00f6fraferningur talnaferningur SATOR-ferningur Buduh Luoshu b\u00f3kstafaferningur reikistj\u00f6rnuferningar ritt\u00f6fragripur t\u00f6frafasti <span class=\"iwg-fachbegriff\" data-tooltip=\"\u00d3g\u00e6fuvarnandi: um t\u00e1kn og hluti sem \u00e6tla\u00f0 er a\u00f0 halda ska\u00f0legum \u00e1hrifum \u00ed fjarl\u00e6g\u00f0.\" tabindex=\"0\">ap\u00f3tr\u00f3pa\u00edskt<\/span>.<\/em><\/p>\t\t\t\t\t\t\t\t<\/div>\n\t\t\t\t\t<\/div>\n\t\t\t\t<\/div>\n\t\t<div class=\"elementor-element elementor-element-iwgs-magischequad-cc e-flex e-con-boxed e-con e-parent\" data-id=\"iwgs-magischequad-cc\" data-element_type=\"container\" data-e-type=\"container\" id=\"iwg-cc-magische-quadrate\">\n\t\t\t\t\t<div class=\"e-con-inner\">\n\t\t<div class=\"elementor-element elementor-element-iwgs-magischequad-ccinner e-flex e-con-boxed e-con e-parent\" data-id=\"iwgs-magischequad-ccinner\" data-element_type=\"container\" data-e-type=\"container\" data-settings=\"{&quot;background_background&quot;:&quot;classic&quot;}\">\n\t\t\t\t\t<div class=\"e-con-inner\">\n\t\t\t\t<div class=\"elementor-element elementor-element-iwgs-magischequad-cch elementor-widget elementor-widget-heading\" data-id=\"iwgs-magischequad-cch\" data-element_type=\"widget\" data-e-type=\"widget\" data-widget_type=\"heading.default\">\n\t\t\t\t\t<h2 class=\"elementor-heading-title elementor-size-default\">iWell Guard og verndarhef\u00f0ir<\/h2>\t\t\t\t<\/div>\n\t\t\t\t<div class=\"elementor-element elementor-element-iwgs-magischequad-cct elementor-widget elementor-widget-text-editor\" data-id=\"iwgs-magischequad-cct\" data-element_type=\"widget\" data-e-type=\"widget\" data-widget_type=\"text-editor.default\">\n\t\t\t\t\t\t\t\t\t<p>iWell Guard er hluti af menningars\u00f6gulegri hef\u00f0 berandi verndargripa, sem t\u00f6fraferningurinn heyrir einnig til. N\u00fat\u00edmalegur f\u00f6runautur fyrir f\u00f3lk sem lifir me\u00f0 verndart\u00e1knum: framleiddur \u00ed \u00de\u00fdskalandi, 41 lag af sk\u00edru gulli, plat\u00ednu og silfri, me\u00f0 30 daga skilar\u00e9tti.<\/p>\t\t\t\t\t\t\t\t<\/div>\n\t\t\t\t<div class=\"elementor-element elementor-element-iwgs-magischequad-ccb iwg-cc-button iwg-cc-cta-2026-05-13 elementor-widget elementor-widget-jet-button\" data-id=\"iwgs-magischequad-ccb\" data-element_type=\"widget\" data-e-type=\"widget\" data-widget_type=\"jet-button.default\">\n\t\t\t\t<div class=\"elementor-widget-container\">\n\t\t\t\t\t<div class=\"elementor-jet-button jet-elements\"><div class=\"jet-button__container\"><a class=\"jet-button__instance jet-button__instance--icon-left hover-effect-1\" href=\"\/schutzanhaenger-iwell-guard-kaufen\/?utm_source=iwell-guard.com&amp;utm_medium=info-box&amp;utm_campaign=schutzsymbole\"><div class=\"jet-button__plane jet-button__plane-normal\"><\/div><div class=\"jet-button__plane jet-button__plane-hover\"><\/div><div class=\"jet-button__state jet-button__state-normal\"><span class=\"jet-button__label\">Meira um iWell Guard<\/span><\/div><div class=\"jet-button__state jet-button__state-hover\"><span class=\"jet-button__label\">Meira um iWell Guard<\/span><\/div><\/a><\/div><\/div><style>.elementor-element.elementor-element-iwgs-magischequad-ccb .jet-button__instance{width:320px;height:56px;}.elementor-element.elementor-element-iwgs-magischequad-ccb .jet-button__state-normal .jet-button__label{text-align:center;margin:0px 0px 0px 0px;color:#1a1b20;font-family:Montserrat,sans-serif;font-size:13px;font-weight:400;letter-spacing:4px;line-height:1.714em;text-transform:uppercase;}.elementor-element.elementor-element-iwgs-magischequad-ccb .jet-button__state-hover .jet-button__label{text-align:center;margin:0px 0px 0px 0px;color:#FECC76;font-family:Montserrat,sans-serif;font-size:13px;font-weight:400;letter-spacing:4px;line-height:1.714em;text-transform:uppercase;}.elementor-element.elementor-element-iwgs-magischequad-ccb .jet-button__plane-normal{background-color:#FECC76;border-style:solid;border-color:#C99540;border-width:2px 2px 2px 2px;}.elementor-element.elementor-element-iwgs-magischequad-ccb .jet-button__plane-hover{background-color:rgba(0,0,0,0.55);border-style:solid;border-color:#FECC76;border-width:2px 2px 2px 2px;}<\/style>\t\t\t\t<\/div>\n\t\t\t\t<\/div>\n\t\t\t\t<div class=\"elementor-element elementor-element-iwgs-magischequad-ccd elementor-widget elementor-widget-text-editor\" data-id=\"iwgs-magischequad-ccd\" data-element_type=\"widget\" data-e-type=\"widget\" data-widget_type=\"text-editor.default\">\n\t\t\t\t\t\t\t\t\t<p style=\"text-align:center;font-size:13px;opacity:0.7;margin-top:14px\" data-nosnippet=\"true\">Pers\u00f3nuleg reynsla getur veri\u00f0 mismunandi. Ekki l\u00e6kningat\u00e6ki. Engin lofor\u00f0 um l\u00e6kningu.<\/p>\t\t\t\t\t\t\t\t<\/div>\n\t\t\t\t\t<\/div>\n\t\t\t\t<\/div>\n\t\t\t\t\t<\/div>\n\t\t\t\t<\/div>\n\t\t<div class=\"elementor-element elementor-element-iwgs-magischequad-disc e-flex e-con-boxed e-con e-parent\" data-id=\"iwgs-magischequad-disc\" data-element_type=\"container\" data-e-type=\"container\">\n\t\t\t\t\t<div class=\"e-con-inner\">\n\t\t\t\t<div class=\"elementor-element elementor-element-iwgs-magischequad-discw elementor-widget elementor-widget-html\" data-id=\"iwgs-magischequad-discw\" data-element_type=\"widget\" data-e-type=\"widget\" data-widget_type=\"html.default\">\n\t\t\t\t\t<footer data-nosnippet=\"true\" class=\"iwg-disclaimer-block\"><p data-nosnippet=\"true\">iWell Guard er <strong>ekki l\u00e6kningat\u00e6ki<\/strong> og kemur ekki \u00ed sta\u00f0 l\u00e6knis- e\u00f0a s\u00e1lfr\u00e6\u00f0ime\u00f0fer\u00f0ar. Innihaldi\u00f0 sem h\u00e9r er sett fram er tr\u00faarbrag\u00f0afr\u00e6\u00f0ileg og menningars\u00f6gulega greining, ekki lofor\u00f0 um andlega virkni.<\/p><\/footer>\t\t\t\t<\/div>\n\t\t\t\t\t<\/div>\n\t\t\t\t<\/div>\n\t\t\t\t<\/div>\n\t\t","protected":false},"excerpt":{"rendered":"","protected":false},"author":3,"featured_media":3576,"parent":0,"menu_order":0,"comment_status":"closed","ping_status":"closed","template":"elementor_header_footer","meta":{"_yoast_wpseo_focuskw":"t\u00f6fraferningar","_yoast_wpseo_title":"T\u00f6fraferningar sem verndart\u00e1kn","_yoast_wpseo_metadesc":"T\u00f6fraferningar sem verndart\u00e1kn: uppruni talnagrinda, tengsl vi\u00f0 SATOR-ferninginn og Buduh","_yoast_wpseo_meta-robots-noindex":"","_yoast_wpseo_canonical":"","_angie_page":false,"gefaehrdungsstufe":"","wesen_kultur":"","wesen_klasse":"","footnotes":""},"categories":[],"class_list":["post-169248","page","type-page","status-publish","has-post-thumbnail","hentry"],"yoast_head":"<!-- This site is optimized with the Yoast SEO Premium plugin v27.7 (Yoast SEO v28.3) - https:\/\/yoast.com\/product\/yoast-seo-premium-wordpress\/ -->\n<title>T\u00f6fraferningar sem verndart\u00e1kn<\/title>\n<meta name=\"description\" content=\"T\u00f6fraferningar sem verndart\u00e1kn: uppruni talnagrinda, tengsl vi\u00f0 SATOR-ferninginn og Buduh\" \/>\n<meta name=\"robots\" content=\"index, follow, max-snippet:-1, max-image-preview:large, max-video-preview:-1\" \/>\n<link rel=\"canonical\" href=\"https:\/\/iwell-guard.com\/is\/toframerkingar-verndartakn-talnagrindur\/\" \/>\n<meta property=\"og:locale\" content=\"is_IS\" \/>\n<meta property=\"og:type\" content=\"article\" \/>\n<meta property=\"og:title\" content=\"T\u00f6fraferningar sem verndart\u00e1kn \u2013 talnagrindur\" \/>\n<meta property=\"og:description\" content=\"T\u00f6fraferningar sem verndart\u00e1kn: uppruni talnagrinda, tengsl vi\u00f0 SATOR-ferninginn og Buduh\" \/>\n<meta property=\"og:url\" content=\"https:\/\/iwell-guard.com\/is\/toframerkingar-verndartakn-talnagrindur\/\" \/>\n<meta property=\"og:site_name\" content=\"iWell Guard\" \/>\n<meta property=\"article:modified_time\" content=\"2026-09-05T14:36:02+00:00\" \/>\n<meta property=\"og:image\" content=\"https:\/\/iwell-guard.com\/wp-content\/uploads\/2026\/05\/schutzsymbol_universell_magische-quadrate.webp\" \/>\n\t<meta property=\"og:image:width\" content=\"1024\" \/>\n\t<meta property=\"og:image:height\" content=\"1536\" \/>\n\t<meta property=\"og:image:type\" content=\"image\/webp\" \/>\n<meta name=\"twitter:card\" content=\"summary_large_image\" \/>\n<script type=\"application\/ld+json\" class=\"yoast-schema-graph\">{\"@context\":\"https:\\\/\\\/schema.org\",\"@graph\":[{\"@type\":\"WebPage\",\"@id\":\"https:\\\/\\\/iwell-guard.com\\\/is\\\/toframerkingar-verndartakn-talnagrindur\\\/\",\"url\":\"https:\\\/\\\/iwell-guard.com\\\/is\\\/toframerkingar-verndartakn-talnagrindur\\\/\",\"name\":\"T\u00f6fraferningar sem verndart\u00e1kn\",\"isPartOf\":{\"@id\":\"https:\\\/\\\/iwell-guard.com\\\/is\\\/#website\"},\"primaryImageOfPage\":{\"@id\":\"https:\\\/\\\/iwell-guard.com\\\/is\\\/toframerkingar-verndartakn-talnagrindur\\\/#primaryimage\"},\"image\":{\"@id\":\"https:\\\/\\\/iwell-guard.com\\\/is\\\/toframerkingar-verndartakn-talnagrindur\\\/#primaryimage\"},\"thumbnailUrl\":\"https:\\\/\\\/iwell-guard.com\\\/wp-content\\\/uploads\\\/2026\\\/05\\\/schutzsymbol_universell_magische-quadrate.webp\",\"datePublished\":\"2026-09-05T14:06:49+00:00\",\"dateModified\":\"2026-09-05T14:36:02+00:00\",\"description\":\"T\u00f6fraferningar sem verndart\u00e1kn: uppruni talnagrinda, tengsl vi\u00f0 SATOR-ferninginn og Buduh\",\"breadcrumb\":{\"@id\":\"https:\\\/\\\/iwell-guard.com\\\/is\\\/toframerkingar-verndartakn-talnagrindur\\\/#breadcrumb\"},\"inLanguage\":\"is\",\"potentialAction\":[{\"@type\":\"ReadAction\",\"target\":[\"https:\\\/\\\/iwell-guard.com\\\/is\\\/toframerkingar-verndartakn-talnagrindur\\\/\"]}]},{\"@type\":\"ImageObject\",\"inLanguage\":\"is\",\"@id\":\"https:\\\/\\\/iwell-guard.com\\\/is\\\/toframerkingar-verndartakn-talnagrindur\\\/#primaryimage\",\"url\":\"https:\\\/\\\/iwell-guard.com\\\/wp-content\\\/uploads\\\/2026\\\/05\\\/schutzsymbol_universell_magische-quadrate.webp\",\"contentUrl\":\"https:\\\/\\\/iwell-guard.com\\\/wp-content\\\/uploads\\\/2026\\\/05\\\/schutzsymbol_universell_magische-quadrate.webp\",\"width\":1024,\"height\":1536,\"caption\":\"Verndart\u00e1kn. Myndskreyting \u00ed safnst\u00edl.\"},{\"@type\":\"BreadcrumbList\",\"@id\":\"https:\\\/\\\/iwell-guard.com\\\/is\\\/toframerkingar-verndartakn-talnagrindur\\\/#breadcrumb\",\"itemListElement\":[{\"@type\":\"ListItem\",\"position\":1,\"name\":\"Start\",\"item\":\"https:\\\/\\\/iwell-guard.com\\\/is\\\/?page_id=168580\"},{\"@type\":\"ListItem\",\"position\":2,\"name\":\"T\u00f6fraferningar sem verndart\u00e1kn \u2013 talnagrindur\"}]},{\"@type\":\"WebSite\",\"@id\":\"https:\\\/\\\/iwell-guard.com\\\/is\\\/#website\",\"url\":\"https:\\\/\\\/iwell-guard.com\\\/is\\\/\",\"name\":\"iWell Guard\",\"description\":\"Schutz vor dunklen Einfl\u00fcssen\",\"publisher\":{\"@id\":\"https:\\\/\\\/iwell-guard.com\\\/is\\\/#organization\"},\"potentialAction\":[{\"@type\":\"SearchAction\",\"target\":{\"@type\":\"EntryPoint\",\"urlTemplate\":\"https:\\\/\\\/iwell-guard.com\\\/is\\\/?s={search_term_string}\"},\"query-input\":{\"@type\":\"PropertyValueSpecification\",\"valueRequired\":true,\"valueName\":\"search_term_string\"}}],\"inLanguage\":\"is\"},{\"@type\":\"Organization\",\"@id\":\"https:\\\/\\\/iwell-guard.com\\\/is\\\/#organization\",\"name\":\"Ittermann electronic GmbH\",\"url\":\"https:\\\/\\\/iwell-guard.com\\\/is\\\/\",\"logo\":{\"@type\":\"ImageObject\",\"inLanguage\":\"is\",\"@id\":\"https:\\\/\\\/iwell-guard.com\\\/is\\\/#\\\/schema\\\/logo\\\/image\\\/\",\"url\":\"https:\\\/\\\/iwell-guard.com\\\/wp-content\\\/uploads\\\/2026\\\/05\\\/Ittermann-Logo-1182x237-1.png\",\"contentUrl\":\"https:\\\/\\\/iwell-guard.com\\\/wp-content\\\/uploads\\\/2026\\\/05\\\/Ittermann-Logo-1182x237-1.png\",\"width\":1182,\"height\":237,\"caption\":\"Ittermann electronic GmbH\"},\"image\":{\"@id\":\"https:\\\/\\\/iwell-guard.com\\\/is\\\/#\\\/schema\\\/logo\\\/image\\\/\"},\"sameAs\":[\"https:\\\/\\\/pantip.com\\\/profile\\\/9367242\",\"https:\\\/\\\/micro.blog\\\/iwellguard\",\"https:\\\/\\\/www.diggerslist.com\\\/iwellguard\\\/about\",\"https:\\\/\\\/skitterphoto.com\\\/photographers\\\/2870314\\\/iwell-guard\",\"https:\\\/\\\/iwellguard.wordpress.com\\\/2026\\\/06\\\/06\\\/iwell-guard\\\/\",\"https:\\\/\\\/hub.docker.com\\\/u\\\/iwellguard\",\"https:\\\/\\\/www.pinterest.com\\\/iwellguard\\\/\",\"https:\\\/\\\/bit.ly\\\/m\\\/iwellguard\",\"https:\\\/\\\/entre-vos-mains.alsace.eu\\\/profiles\\\/iwellguard\\\/activity\",\"https:\\\/\\\/gravatar.com\\\/reallybeded8fd34\",\"https:\\\/\\\/naijamatta.com\\\/iwellguard\",\"https:\\\/\\\/www.goodreads.com\\\/iwellguard\",\"https:\\\/\\\/profile.hatena.ne.jp\\\/iwellguard\\\/\",\"https:\\\/\\\/experiment.com\\\/users\\\/iwellguard\",\"https:\\\/\\\/wakelet.com\\\/@iWellGuard82270\",\"https:\\\/\\\/www.chordie.com\\\/forum\\\/profile.php?id=2555664\",\"https:\\\/\\\/www.instapaper.com\\\/p\\\/17757966\",\"https:\\\/\\\/www.mapleprimes.com\\\/users\\\/iwellguard\",\"https:\\\/\\\/businesslistingplus.com\\\/profile\\\/iwell-guard\\\/\",\"https:\\\/\\\/telegra.ph\\\/iWell-Guard-06-06\",\"https:\\\/\\\/pbase.com\\\/iwellguard\\\/iwellguard\",\"https:\\\/\\\/b.hatena.ne.jp\\\/iwellguard\\\/20260607#bookmark-4788405196491818882\",\"https:\\\/\\\/fliphtml5.com\\\/home\\\/iwellguard\",\"https:\\\/\\\/anyflip.com\\\/homepage\\\/cmiwl#About\",\"https:\\\/\\\/transfur.com\\\/Users\\\/iwellguard\",\"http:\\\/\\\/delphi.larsbo.org\\\/user\\\/iwellguard\",\"https:\\\/\\\/jobs.lajobsportal.org\\\/profiles\\\/8380803-iwell-guard\",\"https:\\\/\\\/md.chaosdorf.de\\\/s\\\/jfbe5SBdJD\",\"https:\\\/\\\/www.lingvolive.com\\\/en-us\\\/profile\\\/9ecaeaca-ce11-4e51-9e71-01d55e2bff36\\\/translations\",\"https:\\\/\\\/www.fitday.com\\\/fitness\\\/forums\\\/members\\\/iwellguard.html\",\"https:\\\/\\\/www.mymeetbook.com\\\/iwellguard\",\"https:\\\/\\\/pxhere.com\\\/en\\\/photographer-me\\\/5040798\",\"https:\\\/\\\/disqus.com\\\/by\\\/iwellguard\\\/about\\\/\",\"https:\\\/\\\/pastelink.net\\\/hjwciqwq\",\"https:\\\/\\\/pubhtml5.com\\\/homepage\\\/scjhn\\\/\",\"https:\\\/\\\/www.bitchute.com\\\/channel\\\/2O2eOKzNqujT\",\"https:\\\/\\\/audiomack.com\\\/iwellguard\"]}]}<\/script>\n<!-- \/ Yoast SEO Premium plugin. -->","yoast_head_json":{"title":"T\u00f6fraferningar sem verndart\u00e1kn","description":"T\u00f6fraferningar sem verndart\u00e1kn: uppruni talnagrinda, tengsl vi\u00f0 SATOR-ferninginn og Buduh","robots":{"index":"index","follow":"follow","max-snippet":"max-snippet:-1","max-image-preview":"max-image-preview:large","max-video-preview":"max-video-preview:-1"},"canonical":"https:\/\/iwell-guard.com\/is\/toframerkingar-verndartakn-talnagrindur\/","og_locale":"is_IS","og_type":"article","og_title":"T\u00f6fraferningar sem verndart\u00e1kn \u2013 talnagrindur","og_description":"T\u00f6fraferningar sem verndart\u00e1kn: uppruni talnagrinda, tengsl vi\u00f0 SATOR-ferninginn og Buduh","og_url":"https:\/\/iwell-guard.com\/is\/toframerkingar-verndartakn-talnagrindur\/","og_site_name":"iWell Guard","article_modified_time":"2026-09-05T14:36:02+00:00","og_image":[{"width":1024,"height":1536,"url":"https:\/\/iwell-guard.com\/wp-content\/uploads\/2026\/05\/schutzsymbol_universell_magische-quadrate.webp","type":"image\/webp"}],"twitter_card":"summary_large_image","schema":{"@context":"https:\/\/schema.org","@graph":[{"@type":"WebPage","@id":"https:\/\/iwell-guard.com\/is\/toframerkingar-verndartakn-talnagrindur\/","url":"https:\/\/iwell-guard.com\/is\/toframerkingar-verndartakn-talnagrindur\/","name":"T\u00f6fraferningar sem verndart\u00e1kn","isPartOf":{"@id":"https:\/\/iwell-guard.com\/is\/#website"},"primaryImageOfPage":{"@id":"https:\/\/iwell-guard.com\/is\/toframerkingar-verndartakn-talnagrindur\/#primaryimage"},"image":{"@id":"https:\/\/iwell-guard.com\/is\/toframerkingar-verndartakn-talnagrindur\/#primaryimage"},"thumbnailUrl":"https:\/\/iwell-guard.com\/wp-content\/uploads\/2026\/05\/schutzsymbol_universell_magische-quadrate.webp","datePublished":"2026-09-05T14:06:49+00:00","dateModified":"2026-09-05T14:36:02+00:00","description":"T\u00f6fraferningar sem verndart\u00e1kn: uppruni talnagrinda, tengsl vi\u00f0 SATOR-ferninginn og Buduh","breadcrumb":{"@id":"https:\/\/iwell-guard.com\/is\/toframerkingar-verndartakn-talnagrindur\/#breadcrumb"},"inLanguage":"is","potentialAction":[{"@type":"ReadAction","target":["https:\/\/iwell-guard.com\/is\/toframerkingar-verndartakn-talnagrindur\/"]}]},{"@type":"ImageObject","inLanguage":"is","@id":"https:\/\/iwell-guard.com\/is\/toframerkingar-verndartakn-talnagrindur\/#primaryimage","url":"https:\/\/iwell-guard.com\/wp-content\/uploads\/2026\/05\/schutzsymbol_universell_magische-quadrate.webp","contentUrl":"https:\/\/iwell-guard.com\/wp-content\/uploads\/2026\/05\/schutzsymbol_universell_magische-quadrate.webp","width":1024,"height":1536,"caption":"Verndart\u00e1kn. Myndskreyting \u00ed safnst\u00edl."},{"@type":"BreadcrumbList","@id":"https:\/\/iwell-guard.com\/is\/toframerkingar-verndartakn-talnagrindur\/#breadcrumb","itemListElement":[{"@type":"ListItem","position":1,"name":"Start","item":"https:\/\/iwell-guard.com\/is\/?page_id=168580"},{"@type":"ListItem","position":2,"name":"T\u00f6fraferningar sem verndart\u00e1kn \u2013 talnagrindur"}]},{"@type":"WebSite","@id":"https:\/\/iwell-guard.com\/is\/#website","url":"https:\/\/iwell-guard.com\/is\/","name":"iWell Guard","description":"Schutz vor dunklen Einfl\u00fcssen","publisher":{"@id":"https:\/\/iwell-guard.com\/is\/#organization"},"potentialAction":[{"@type":"SearchAction","target":{"@type":"EntryPoint","urlTemplate":"https:\/\/iwell-guard.com\/is\/?s={search_term_string}"},"query-input":{"@type":"PropertyValueSpecification","valueRequired":true,"valueName":"search_term_string"}}],"inLanguage":"is"},{"@type":"Organization","@id":"https:\/\/iwell-guard.com\/is\/#organization","name":"Ittermann electronic GmbH","url":"https:\/\/iwell-guard.com\/is\/","logo":{"@type":"ImageObject","inLanguage":"is","@id":"https:\/\/iwell-guard.com\/is\/#\/schema\/logo\/image\/","url":"https:\/\/iwell-guard.com\/wp-content\/uploads\/2026\/05\/Ittermann-Logo-1182x237-1.png","contentUrl":"https:\/\/iwell-guard.com\/wp-content\/uploads\/2026\/05\/Ittermann-Logo-1182x237-1.png","width":1182,"height":237,"caption":"Ittermann electronic GmbH"},"image":{"@id":"https:\/\/iwell-guard.com\/is\/#\/schema\/logo\/image\/"},"sameAs":["https:\/\/pantip.com\/profile\/9367242","https:\/\/micro.blog\/iwellguard","https:\/\/www.diggerslist.com\/iwellguard\/about","https:\/\/skitterphoto.com\/photographers\/2870314\/iwell-guard","https:\/\/iwellguard.wordpress.com\/2026\/06\/06\/iwell-guard\/","https:\/\/hub.docker.com\/u\/iwellguard","https:\/\/www.pinterest.com\/iwellguard\/","https:\/\/bit.ly\/m\/iwellguard","https:\/\/entre-vos-mains.alsace.eu\/profiles\/iwellguard\/activity","https:\/\/gravatar.com\/reallybeded8fd34","https:\/\/naijamatta.com\/iwellguard","https:\/\/www.goodreads.com\/iwellguard","https:\/\/profile.hatena.ne.jp\/iwellguard\/","https:\/\/experiment.com\/users\/iwellguard","https:\/\/wakelet.com\/@iWellGuard82270","https:\/\/www.chordie.com\/forum\/profile.php?id=2555664","https:\/\/www.instapaper.com\/p\/17757966","https:\/\/www.mapleprimes.com\/users\/iwellguard","https:\/\/businesslistingplus.com\/profile\/iwell-guard\/","https:\/\/telegra.ph\/iWell-Guard-06-06","https:\/\/pbase.com\/iwellguard\/iwellguard","https:\/\/b.hatena.ne.jp\/iwellguard\/20260607#bookmark-4788405196491818882","https:\/\/fliphtml5.com\/home\/iwellguard","https:\/\/anyflip.com\/homepage\/cmiwl#About","https:\/\/transfur.com\/Users\/iwellguard","http:\/\/delphi.larsbo.org\/user\/iwellguard","https:\/\/jobs.lajobsportal.org\/profiles\/8380803-iwell-guard","https:\/\/md.chaosdorf.de\/s\/jfbe5SBdJD","https:\/\/www.lingvolive.com\/en-us\/profile\/9ecaeaca-ce11-4e51-9e71-01d55e2bff36\/translations","https:\/\/www.fitday.com\/fitness\/forums\/members\/iwellguard.html","https:\/\/www.mymeetbook.com\/iwellguard","https:\/\/pxhere.com\/en\/photographer-me\/5040798","https:\/\/disqus.com\/by\/iwellguard\/about\/","https:\/\/pastelink.net\/hjwciqwq","https:\/\/pubhtml5.com\/homepage\/scjhn\/","https:\/\/www.bitchute.com\/channel\/2O2eOKzNqujT","https:\/\/audiomack.com\/iwellguard"]}]}},"_links":{"self":[{"href":"https:\/\/iwell-guard.com\/is\/wp-json\/wp\/v2\/pages\/169248","targetHints":{"allow":["GET"]}}],"collection":[{"href":"https:\/\/iwell-guard.com\/is\/wp-json\/wp\/v2\/pages"}],"about":[{"href":"https:\/\/iwell-guard.com\/is\/wp-json\/wp\/v2\/types\/page"}],"author":[{"embeddable":true,"href":"https:\/\/iwell-guard.com\/is\/wp-json\/wp\/v2\/users\/3"}],"replies":[{"embeddable":true,"href":"https:\/\/iwell-guard.com\/is\/wp-json\/wp\/v2\/comments?post=169248"}],"version-history":[{"count":0,"href":"https:\/\/iwell-guard.com\/is\/wp-json\/wp\/v2\/pages\/169248\/revisions"}],"wp:featuredmedia":[{"embeddable":true,"href":"https:\/\/iwell-guard.com\/is\/wp-json\/wp\/v2\/media\/3576"}],"wp:attachment":[{"href":"https:\/\/iwell-guard.com\/is\/wp-json\/wp\/v2\/media?parent=169248"}],"wp:term":[{"taxonomy":"category","embeddable":true,"href":"https:\/\/iwell-guard.com\/is\/wp-json\/wp\/v2\/categories?post=169248"}],"curies":[{"name":"wp","href":"https:\/\/api.w.org\/{rel}","templated":true}]}}