{"id":169247,"date":"2026-09-05T14:06:49","date_gmt":"2026-09-05T14:06:49","guid":{"rendered":"https:\/\/iwell-guard.com\/?page_id=169247"},"modified":"2026-09-05T14:36:01","modified_gmt":"2026-09-05T14:36:01","slug":"alraune-vernd-og-gaefurot","status":"publish","type":"page","link":"https:\/\/iwell-guard.com\/is\/alraune-vernd-og-gaefurot\/","title":{"rendered":"Alraune \u2013 vernd- og g\u00e6fur\u00f3t \u00fej\u00f3\u00f0tr\u00faargaldurs"},"content":{"rendered":"\t\t<div data-elementor-type=\"wp-page\" data-elementor-id=\"169247\" class=\"elementor elementor-169247 elementor-3739 elementor-bc-flex-widget\" data-elementor-post-type=\"page\">\n\t\t\t\t<div class=\"elementor-element elementor-element-iwgs-alraune-hero e-flex e-con-boxed e-con e-parent\" data-id=\"iwgs-alraune-hero\" data-element_type=\"container\" data-e-type=\"container\">\n\t\t\t\t\t<div class=\"e-con-inner\">\n\t\t<div class=\"elementor-element elementor-element-iwgs-alraune-hl e-flex e-con-boxed e-con e-parent\" data-id=\"iwgs-alraune-hl\" data-element_type=\"container\" data-e-type=\"container\">\n\t\t\t\t\t<div class=\"e-con-inner\">\n\t\t<div class=\"elementor-element elementor-element-iwgs-alraune-hlbox e-con-full e-flex e-con e-parent\" data-id=\"iwgs-alraune-hlbox\" data-element_type=\"container\" data-e-type=\"container\">\n\t\t\t\t<div class=\"elementor-element elementor-element-iwgs-alraune-h1 elementor-widget elementor-widget-heading\" data-id=\"iwgs-alraune-h1\" data-element_type=\"widget\" data-e-type=\"widget\" data-widget_type=\"heading.default\">\n\t\t\t\t\t<h1 class=\"elementor-heading-title elementor-size-default\">Alraune: vernd- og g\u00e6fur\u00f3t evr\u00f3psks \u00fej\u00f3\u00f0tr\u00faargaldurs<\/h1>\t\t\t\t<\/div>\n\t\t\t\t<div class=\"elementor-element elementor-element-iwgs-alraune-lead elementor-widget elementor-widget-text-editor\" data-id=\"iwgs-alraune-lead\" data-element_type=\"widget\" data-e-type=\"widget\" data-widget_type=\"text-editor.default\">\n\t\t\t\t\t\t\t\t\t<p>Alraune er planta sem r\u00f3t hennar var talin bera vernd og g\u00e6fu \u00ed evr\u00f3pskum \u00fej\u00f3\u00f0tr\u00faargaldri. R\u00f3tin, sem oft l\u00edkist mannsmynd, var\u00f0 tilefni fj\u00f6lmargra hugmynda og si\u00f0a.<\/p><p>Plantan er einnig kunn undir latneska nafninu Mandragora. \u00dej\u00f3\u00f0fr\u00e6\u00f0ilega telst Alraune til g\u00e6fu- og verndargripa <span class=\"iwg-fachbegriff\" data-tooltip=\"Tr\u00faarl\u00edf sem lifa\u00f0 er \u00ed daglegu l\u00edfi, oft samhli\u00f0a hinum opinberu kenningum.\" tabindex=\"0\">al\u00fe\u00fd\u00f0utr\u00faar<\/span>. \u00deessi grein fjallar um uppruna, <span class=\"iwg-fachbegriff\" data-tooltip=\"Hef\u00f0bundin ath\u00f6fn sem endurtekin er reglulega \u00ed samf\u00e9lagi.\" tabindex=\"0\">si\u00f0<\/span> og t\u00falkun r\u00f3tarinnar og greinir \u00e1 milli <span class=\"iwg-fachbegriff\" data-tooltip=\"Mi\u00f0lun \u00feekkingar og sagna milli kynsl\u00f3\u00f0a.\" tabindex=\"0\">munnm\u00e6la<\/span> og n\u00fat\u00edmalegrar vi\u00f0t\u00f6ku.<\/p>\t\t\t\t\t\t\t\t<\/div>\n\t\t\t\t<\/div>\n\t\t\t\t<div class=\"elementor-element elementor-element-iwgs-alraune-pills elementor-widget elementor-widget-html\" data-id=\"iwgs-alraune-pills\" data-element_type=\"widget\" data-e-type=\"widget\" data-widget_type=\"html.default\">\n\t\t\t\t\t<div class=\"iwg-pill-row\"><span class=\"iwg-klasse-badge\" tabindex=\"0\" data-tooltip=\"Verndart\u00e1kn, verndargripur e\u00f0a apotropa\u00edskur hlutur.\">Verndart\u00e1kn<\/span><a href=\"https:\/\/iwell-guard.com\/is\/verndartakn\/\" class=\"iwg-kultur-badge\" tabindex=\"0\" data-tooltip=\"Verndarhef\u00f0: Evr\u00f3pskur \u00fej\u00f3\u00f0tr\u00faargaldur\">Evr\u00f3pskur \u00fej\u00f3\u00f0tr\u00faargaldur<\/a><span class=\"iwg-tradition-badge\" tabindex=\"0\" data-tooltip=\"R\u00f3t sem talin er hafa g\u00e6fubringandi \u00e1hrif.\">G\u00e6fur\u00f3t<\/span><\/div>\t\t\t\t<\/div>\n\t\t\t\t\t<\/div>\n\t\t\t\t<\/div>\n\t\t<div class=\"elementor-element elementor-element-iwgs-alraune-hr e-con-full e-flex e-con e-parent\" data-id=\"iwgs-alraune-hr\" data-element_type=\"container\" data-e-type=\"container\">\n\t\t\t\t<div class=\"elementor-element elementor-element-iwgs-alraune-himg iwg-hero-image elementor-widget elementor-widget-image\" data-id=\"iwgs-alraune-himg\" data-element_type=\"widget\" data-e-type=\"widget\" data-widget_type=\"image.default\">\n\t\t\t\t\t\t\t\t\t\t\t\t\t\t\t<img fetchpriority=\"high\" decoding=\"async\" width=\"683\" height=\"1024\" src=\"https:\/\/iwell-guard.com\/wp-content\/uploads\/2026\/05\/schutzsymbol_volksmagie_alraune-683x1024.webp\" class=\"attachment-large size-large wp-image-170476\" alt=\"Alraun - verndart\u00e1kn, safnmynd\" srcset=\"https:\/\/iwell-guard.com\/wp-content\/uploads\/2026\/05\/schutzsymbol_volksmagie_alraune-683x1024.webp 683w, https:\/\/iwell-guard.com\/wp-content\/uploads\/2026\/05\/schutzsymbol_volksmagie_alraune-200x300.webp 200w, https:\/\/iwell-guard.com\/wp-content\/uploads\/2026\/05\/schutzsymbol_volksmagie_alraune-768x1152.webp 768w, https:\/\/iwell-guard.com\/wp-content\/uploads\/2026\/05\/schutzsymbol_volksmagie_alraune.webp 1024w\" sizes=\"(max-width: 683px) 100vw, 683px\" \/>\t\t\t\t\t\t\t\t\t\t\t\t\t\t\t<\/div>\n\t\t\t\t<\/div>\n\t\t\t\t\t<\/div>\n\t\t\t\t<\/div>\n\t\t<div class=\"elementor-element elementor-element-iwgs-alraune-s0 e-flex e-con-boxed e-con e-parent\" data-id=\"iwgs-alraune-s0\" data-element_type=\"container\" data-e-type=\"container\">\n\t\t\t\t\t<div class=\"e-con-inner\">\n\t\t\t\t<div class=\"elementor-element elementor-element-iwgs-alraune-s0h elementor-widget elementor-widget-heading\" data-id=\"iwgs-alraune-s0h\" data-element_type=\"widget\" data-e-type=\"widget\" data-widget_type=\"heading.default\">\n\t\t\t\t\t<h2 class=\"elementor-heading-title elementor-size-default\">Yfirlit<\/h2>\t\t\t\t<\/div>\n\t\t<div class=\"elementor-element elementor-element-iwgs-alraune-s0box e-con-full e-flex e-con e-parent\" data-id=\"iwgs-alraune-s0box\" data-element_type=\"container\" data-e-type=\"container\">\n\t\t\t\t<div class=\"elementor-element elementor-element-iwgs-alraune-s0t elementor-widget elementor-widget-text-editor\" data-id=\"iwgs-alraune-s0t\" data-element_type=\"widget\" data-e-type=\"widget\" data-widget_type=\"text-editor.default\">\n\t\t\t\t\t\t\t\t\t<p>Alraune er planta af \u00e6ttkv\u00edslinni Mandragora \u00far n\u00e1ttskatta\u00e6tt. \u00cd \u00fej\u00f3\u00f0tr\u00faargaldri var \u00fea\u00f0 ekki plantan \u00ed heild heldur hin holduga, oft klofna r\u00f3t hennar sem var \u00ed brennidepli \u00e1hugans.<\/p><p>Mannl\u00edk form sumra Alraune-r\u00f3ta gaf tilefni til margv\u00edslegra hugmynda. R\u00f3t sem l\u00edktist litlum manni \u00fe\u00f3tti s\u00e9rstaklega ver\u00f0m\u00e6t og var metin sem g\u00e6fu- og verndargripur.<\/p><p>Plantan gengur undir m\u00f6rgum n\u00f6fnum. Algeng eru Alraune, Mandragora, g\u00e1lgama\u00f0urinn litli og jar\u00f0ma\u00f0urinn. Nafni\u00f0 g\u00e1lgama\u00f0urinn litli v\u00edsar til s\u00e9rlega kunnrar sk\u00f6punarsagnar sem fjalla\u00f0 ver\u00f0ur um s\u00ed\u00f0ar.<\/p><p>\u00dej\u00f3\u00f0fr\u00e6\u00f0ilega telst Alraune til g\u00e6fu- og verndargripa \u00fej\u00f3\u00f0tr\u00faargaldurs. H\u00fan skipar sess me\u00f0 \u00f6\u00f0rum n\u00e1tt\u00farugripum sem \u00e1liti\u00f0 var a\u00f0 hef\u00f0u s\u00e9rstakan kraft og heyrir \u00feannig til fj\u00f6lskyldu <a href=\"https:\/\/iwell-guard.com\/is\/verndartakn\/\">verndart\u00e1kna<\/a> og verndargripa.<\/p><p>H\u00e9r er mikilv\u00e6gt a\u00f0 gera sk\u00fdran greinarmun. Hin eiginlega Alraune er eitru\u00f0 planta. \u00cd \u00fej\u00f3\u00f0tr\u00faargaldri var r\u00f3t hennar hins vegar ekki notu\u00f0 sem lyf, heldur sem borinn e\u00f0a var\u00f0veittur g\u00e6fu- og verndargripur. Sterklega er vara\u00f0 vi\u00f0 hvers kyns notkun hinnar eitru\u00f0u pl\u00f6ntu.<\/p><p data-nosnippet=\"true\">\u00dea\u00f0 skal \u00e1r\u00e9tta\u00f0 a\u00f0 verndar- og g\u00e6fu\u00e1hrif Alraune l\u00fdsa s\u00f6gulegri tr\u00faarhugmynd. R\u00f3tin er \u00fej\u00f3\u00f0fr\u00e6\u00f0ileg heimild, ekki virkt verndar- e\u00f0a l\u00e6kningame\u00f0al. Engin lofor\u00f0 um heilun eru \u00fear tengd.<\/p><p>Fr\u00e1 hinni eiginlegu Alraune \u00fearf a\u00f0 greina belladonnu, sem oft er tengd henni \u00ed <span class=\"iwg-fachbegriff\" data-tooltip=\"Munnm\u00e6lasaga me\u00f0 oft s\u00f6gulegum kjarna og undursamlegum einkennum.\" tabindex=\"0\">s\u00f6gnum<\/span> og telst einnig til n\u00e1ttskatta\u00e6ttar og er mj\u00f6g eitru\u00f0. \u00dej\u00f3\u00f0leg sambl\u00f6ndun \u00fdmissa eitra\u00f0ra plantna gerir t\u00falkun sumra heimilda erfi\u00f0a og undirstrikar a\u00f0 umfj\u00f6llun um Alraune heyrir til menningars\u00f6gu, ekki notkunar.<\/p>\t\t\t\t\t\t\t\t<\/div>\n\t\t\t\t<\/div>\n\t\t\t\t\t<\/div>\n\t\t\t\t<\/div>\n\t\t<div class=\"elementor-element elementor-element-iwgs-alraune-s1 e-flex e-con-boxed e-con e-parent\" data-id=\"iwgs-alraune-s1\" data-element_type=\"container\" data-e-type=\"container\">\n\t\t\t\t\t<div class=\"e-con-inner\">\n\t\t\t\t<div class=\"elementor-element elementor-element-iwgs-alraune-s1h elementor-widget elementor-widget-heading\" data-id=\"iwgs-alraune-s1h\" data-element_type=\"widget\" data-e-type=\"widget\" data-widget_type=\"heading.default\">\n\t\t\t\t\t<h2 class=\"elementor-heading-title elementor-size-default\">Uppruni og saga<\/h2>\t\t\t\t<\/div>\n\t\t<div class=\"elementor-element elementor-element-iwgs-alraune-s1box e-con-full e-flex e-con e-parent\" data-id=\"iwgs-alraune-s1box\" data-element_type=\"container\" data-e-type=\"container\">\n\t\t\t\t<div class=\"elementor-element elementor-element-iwgs-alraune-s1t elementor-widget elementor-widget-text-editor\" data-id=\"iwgs-alraune-s1t\" data-element_type=\"widget\" data-e-type=\"widget\" data-widget_type=\"text-editor.default\">\n\t\t\t\t\t\t\t\t\t<p>Alraune hefur langa s\u00f6gu sem planta talin g\u00e6dd g\u00f6ldrum. \u00deegar \u00e1 <span class=\"iwg-fachbegriff\" data-tooltip=\"T\u00edmabil gr\u00edsk-r\u00f3mverskrar menningar, um 800 f.Kr. til 600 e.Kr.\" tabindex=\"0\">forn\u00f6ld<\/span> var h\u00fan kunn og tengd s\u00e9rst\u00f6kum hugmyndum. H\u00f6fundar <span class=\"iwg-fachbegriff\" data-tooltip=\"T\u00edmabil gr\u00edsk-r\u00f3mverskrar menningar, um 800 f.Kr. til 600 e.Kr.\" tabindex=\"0\">fornaldar<\/span> l\u00fdsa r\u00f3t hennar og \u00e1hrifum sem henni voru eignu\u00f0.<\/p><p>Hin eiginlega Alraune vex \u00e1 Mi\u00f0jar\u00f0arhafssv\u00e6\u00f0inu. \u00cd Mi\u00f0-Evr\u00f3pu, \u00fear sem h\u00fan er ekki innlend, var h\u00fan \u00fev\u00ed sjaldg\u00e6fur og ver\u00f0m\u00e6tur hlutur. \u00deessi sjaldg\u00e6fni j\u00f3k ver\u00f0m\u00e6ti hennar og leiddi til \u00feess a\u00f0 a\u00f0rar r\u00e6tur voru nota\u00f0ar \u00ed sta\u00f0inn.<\/p><p>\u00c1 mi\u00f0\u00f6ldum og fram \u00e1 s\u00ed\u00f0mi\u00f0aldir var Alraune eftirs\u00f3ttur g\u00e6fu- og verndargripur. H\u00fan var seld, gengin \u00ed arf og var\u00f0veitt \u00ed fj\u00f6lskyldum kynsl\u00f3\u00f0 eftir kynsl\u00f3\u00f0. Eign hennar \u00fe\u00f3tti t\u00e1kn vels\u00e6ldar og g\u00e6fu.<\/p><p>Vegna sjaldg\u00e6fni hinnar eiginlegu Alraune komust sta\u00f0gengilsr\u00e6tur \u00ed notkun \u00ed Mi\u00f0-Evr\u00f3pu. S\u00e9rstaklega var r\u00f3t gaddak\u00farb\u00edts skorin til og seld sem Alraune. \u00deessar falsa\u00f0ar Alraune-r\u00e6tur voru algengt marka\u00f0sfyrirb\u00e6ri.<\/p><p>Me\u00f0 uppl\u00fdsingar\u00f6ldinni og hnignun \u00fej\u00f3\u00f0tr\u00faar minnka\u00f0i alvarleg \u00fe\u00fd\u00f0ing Alraune. \u00c1 19. \u00f6ld var\u00f0 h\u00fan \u00ed s\u00edauknum m\u00e6li vi\u00f0fangsefni <span class=\"iwg-fachbegriff\" data-tooltip=\"Fr\u00e6\u00f0igrein sem rannsakar hversdagsmenningu, si\u00f0i og hef\u00f0bundnar hugmyndir.\" tabindex=\"0\">\u00fej\u00f3\u00f0fr\u00e6\u00f0i<\/span> og b\u00f3kmennta \u00ed sta\u00f0 \u00feess a\u00f0 vera tr\u00faa\u00f0ur verndargripur.<\/p><p>Saga Alraune s\u00fdnir langa samfellu fr\u00e1 <span class=\"iwg-fachbegriff\" data-tooltip=\"T\u00edmabil gr\u00edsk-r\u00f3mverskrar menningar, um 800 f.Kr. til 600 e.Kr.\" tabindex=\"0\">forn\u00f6ld<\/span> fram til n\u00fat\u00edmans. H\u00fan s\u00fdnir jafnframt hvernig sjaldg\u00e6fni, verslun og f\u00f6lsun m\u00f3tu\u00f0u umgengni vi\u00f0 \u00fej\u00f3\u00f0legan galdragrip.<\/p><p>Alraune kemur einnig fram \u00ed bibl\u00edulegri <span class=\"iwg-fachbegriff\" data-tooltip=\"Mi\u00f0lun \u00feekkingar og sagna milli kynsl\u00f3\u00f0a.\" tabindex=\"0\">munnm\u00e6lahef\u00f0<\/span>, \u00ed M\u00f3seb\u00f3k sem planta sem talin var hafa \u00e1hrif \u00e1 frj\u00f3semi. \u00deessi tilv\u00edsun veitti pl\u00f6ntunni auki\u00f0 v\u00e6gi \u00ed hinum kristna heimi og \u00e1tti sinn \u00fe\u00e1tt \u00ed a\u00f0 fornar hugmyndir h\u00e9ldust lifandi \u00ed gegnum mi\u00f0aldir.<\/p>\t\t\t\t\t\t\t\t<\/div>\n\t\t\t\t<\/div>\n\t\t\t\t\t<\/div>\n\t\t\t\t<\/div>\n\t\t<div class=\"elementor-element elementor-element-iwgs-alraune-s2 e-flex e-con-boxed e-con e-parent\" data-id=\"iwgs-alraune-s2\" data-element_type=\"container\" data-e-type=\"container\">\n\t\t\t\t\t<div class=\"e-con-inner\">\n\t\t\t\t<div class=\"elementor-element elementor-element-iwgs-alraune-s2h elementor-widget elementor-widget-heading\" data-id=\"iwgs-alraune-s2h\" data-element_type=\"widget\" data-e-type=\"widget\" data-widget_type=\"heading.default\">\n\t\t\t\t\t<h2 class=\"elementor-heading-title elementor-size-default\">Form, efni og ger\u00f0<\/h2>\t\t\t\t<\/div>\n\t\t<div class=\"elementor-element elementor-element-iwgs-alraune-s2box e-con-full e-flex e-con e-parent\" data-id=\"iwgs-alraune-s2box\" data-element_type=\"container\" data-e-type=\"container\">\n\t\t\t\t<div class=\"elementor-element elementor-element-iwgs-alraune-s2t elementor-widget elementor-widget-text-editor\" data-id=\"iwgs-alraune-s2t\" data-element_type=\"widget\" data-e-type=\"widget\" data-widget_type=\"text-editor.default\">\n\t\t\t\t\t\t\t\t\t<p>\u00cd brennidepli st\u00f3\u00f0 r\u00f3t jar\u00f0mandr\u00f6gunnar (Alraune). H\u00fan er safar\u00edk og oft klofin, \u00feannig a\u00f0 h\u00fan getur minnt \u00e1 f\u00f3tleggi og handleggi l\u00edtillar manneskju. \u00dea\u00f0 var einmitt \u00feessi manneskjulega l\u00f6gun sem ger\u00f0i r\u00f3tina eftirs\u00f3tta.<\/p><p>\u00dear sem hina eiginlegu jar\u00f0mandr\u00f6gu var ekki a\u00f0 finna, komu sta\u00f0g\u00f6ngur\u00f3ttir \u00ed hennar sta\u00f0. R\u00f3t gar\u00f0s\u00faru (Zaunr\u00fcbe), en einnig a\u00f0rar safar\u00edkar r\u00e6tur, voru valdar vegna \u00feess a\u00f0 au\u00f0velt var a\u00f0 m\u00f3ta \u00fe\u00e6r \u00ed manneskjulega l\u00f6gun.<\/p><p>Framlei\u00f0sla \u00feeirra jar\u00f0mandr\u00f6gu-r\u00f3ta sem seldar voru var handverksferli. R\u00f3tasalar sk\u00e1ru r\u00f3tina til, m\u00f3tu\u00f0u h\u00f6fu\u00f0, handleggi og f\u00f3tleggi og dr\u00f3gu fram l\u00edkindin vi\u00f0 mannlega vera.<\/p><p>Sumar jar\u00f0mandr\u00f6gur voru \u00fatf\u00e6r\u00f0ar frekar. Kornum var stungi\u00f0 \u00ed r\u00f3tina \u00fear sem \u00feau \u00f3x \u00fat sem h\u00e1r, e\u00f0a andlitsdr\u00e6ttir voru skornir \u00ed hana. Fullb\u00fanar jar\u00f0mandr\u00f6gur voru sums sta\u00f0ar kl\u00e6ddar og var\u00f0veittar \u00ed litlum \u00f6skjum.<\/p><p>Var\u00f0veislan fylgdi eigin reglum. Jar\u00f0mandr\u00f6gunni var vafi\u00f0 \u00ed kl\u00e6\u00f0i, l\u00f6g\u00f0 \u00ed litla kistu e\u00f0a \u00f6skju og var\u00f0veitt \u00e1 \u00f6ruggum sta\u00f0. Sumar arfsagnir kv\u00e1\u00f0u \u00e1 um a\u00f0 \u00fevo hana reglulega og kl\u00e6\u00f0a hana \u00e1 n\u00fd.<\/p><p>S\u00e9rstakri, helgisi\u00f0abundinni framlei\u00f0slu er \u00ed heimildum eignu\u00f0 hin h\u00e6ttulega uppskerusaga. \u00deessi <span class=\"iwg-fachbegriff\" data-tooltip=\"Munnm\u00e6lasaga sem var\u00f0veist hefur, oft me\u00f0 s\u00f6gulegan kjarna og undraver\u00f0 einkenni.\" tabindex=\"0\">saga<\/span> heyrir \u00fe\u00f3 undir tr\u00faarhugmyndir og er fjalla\u00f0 um hana \u00ed n\u00e6sta kafla.<\/p>\t\t\t\t\t\t\t\t<\/div>\n\t\t\t\t<\/div>\n\t\t\t\t\t<\/div>\n\t\t\t\t<\/div>\n\t\t<div class=\"elementor-element elementor-element-iwgs-alraune-s3 e-flex e-con-boxed e-con e-parent\" data-id=\"iwgs-alraune-s3\" data-element_type=\"container\" data-e-type=\"container\">\n\t\t\t\t\t<div class=\"e-con-inner\">\n\t\t\t\t<div class=\"elementor-element elementor-element-iwgs-alraune-s3h elementor-widget elementor-widget-heading\" data-id=\"iwgs-alraune-s3h\" data-element_type=\"widget\" data-e-type=\"widget\" data-widget_type=\"heading.default\">\n\t\t\t\t\t<h2 class=\"elementor-heading-title elementor-size-default\">\u00dej\u00f3\u00f0fr\u00e6\u00f0ilegur bakgrunnur og tr\u00faarhugmyndir<\/h2>\t\t\t\t<\/div>\n\t\t<div class=\"elementor-element elementor-element-iwgs-alraune-s3box e-con-full e-flex e-con e-parent\" data-id=\"iwgs-alraune-s3box\" data-element_type=\"container\" data-e-type=\"container\">\n\t\t\t\t<div class=\"elementor-element elementor-element-iwgs-alraune-s3t elementor-widget elementor-widget-text-editor\" data-id=\"iwgs-alraune-s3t\" data-element_type=\"widget\" data-e-type=\"widget\" data-widget_type=\"text-editor.default\">\n\t\t\t\t\t\t\t\t\t<p>A\u00f0 jar\u00f0mandr\u00f6gunni l\u00e1 s\u00fa hugmynd a\u00f0 manneskjulega r\u00f3t hennar v\u00e6ri sj\u00e1lfst\u00e6\u00f0, lifandi e\u00f0a s\u00e1lg\u00e6dd vera. Menn hugsu\u00f0u s\u00e9r jar\u00f0mandr\u00f6guna sem l\u00edtinn h\u00fasv\u00e6tt sem f\u00e6r\u00f0i eiganda s\u00ednum heppni og vernd.<\/p><p>\u00deekkt uppruna-saga tengir jar\u00f0mandr\u00f6guna vi\u00f0 g\u00e1lgann. Samkv\u00e6mt \u00feessari tr\u00fa \u00f3x plantan upp \u00far j\u00f6r\u00f0inni undir g\u00e1lganum, \u00e1 \u00feeim sta\u00f0 \u00fear sem hengdur ma\u00f0ur haf\u00f0i sta\u00f0i\u00f0. \u00dea\u00f0an kemur nafni\u00f0 \u201eg\u00e1lgama\u00f0urinn litli&#8220; (Galgenm\u00e4nnlein).<\/p><p>Uppskera jar\u00f0mandr\u00f6gunnar \u00fe\u00f3tti h\u00e6ttuleg samkv\u00e6mt <span class=\"iwg-fachbegriff\" data-tooltip=\"Munnm\u00e6lasaga sem var\u00f0veist hefur, oft me\u00f0 s\u00f6gulegan kjarna og undraver\u00f0 einkenni.\" tabindex=\"0\">s\u00f6gunni<\/span>. Menn tr\u00fa\u00f0u a\u00f0 r\u00f3tin g\u00e6fi fr\u00e1 s\u00e9r \u00f3p \u00feegar h\u00fan v\u00e6ri rifin upp, sem g\u00e6ti bana\u00f0 \u00feeim sem uppskera\u00f0i hana. \u00dev\u00ed var hundi beitt fyrir \u00ed <span class=\"iwg-fachbegriff\" data-tooltip=\"Munnm\u00e6lasaga sem var\u00f0veist hefur, oft me\u00f0 s\u00f6gulegan kjarna og undraver\u00f0 einkenni.\" tabindex=\"0\">s\u00f6gunni<\/span>, sem skyldi draga r\u00f3tina upp \u00far j\u00f6r\u00f0inni.<\/p><p>\u00deessi uppskerusaga er gamalt, v\u00ed\u00f0a \u00fatbreitt farandmynstur (Wandermotiv). \u00dea\u00f0 kemur fram \u00feegar \u00ed fornum og mi\u00f0aldaheimildum. \u00dej\u00f3\u00f0fr\u00e6\u00f0ilega m\u00e1 skilja \u00fea\u00f0 sem fr\u00e1sagnarlegt <span class=\"iwg-fachbegriff\" data-tooltip=\"Endurteki\u00f0 innihaldslegt einkenni \u00ed list e\u00f0a fr\u00e1s\u00f6gn.\" tabindex=\"0\">minni<\/span>, ekki sem verklegar lei\u00f0beiningar.<\/p><p>A\u00f0 eiga jar\u00f0mandr\u00f6gu \u00fe\u00f3tti heppnisbo\u00f0andi. Menn tr\u00fa\u00f0u a\u00f0 h\u00fan ykist velmegun, vernda\u00f0i heimili\u00f0 og for\u00f0a\u00f0i fr\u00e1 \u00f3l\u00e1ni. Sumar hugmyndir s\u00f6g\u00f0u a\u00f0 mynt sem l\u00f6g\u00f0 v\u00e6ri vi\u00f0 r\u00f3tina yfir n\u00f3tt tv\u00f6falda\u00f0ist a\u00f0 morgni.<\/p><p>Eigninni fylgdu einnig skyldur. Fara \u00feurfti vel me\u00f0 jar\u00f0mandr\u00f6guna, hl\u00faa a\u00f0 henni og sj\u00e1 fyrir henni. Vanr\u00e6kt jar\u00f0mandr\u00f6gu g\u00e6ti, samkv\u00e6mt tr\u00fanni, teki\u00f0 heppni s\u00edna fr\u00e1 eigandanum e\u00f0a ska\u00f0a\u00f0 hann.<\/p><p>Ranns\u00f3knir t\u00falka manneskjulega r\u00f3tina sem d\u00e6mi um \u00fatbreitt hugsunarform \u00ed \u00fej\u00f3\u00f0tr\u00fa (Volksmagie), samkv\u00e6mt \u00fev\u00ed a\u00f0 ytri l\u00edking hlutar bendi til dulins m\u00e1ttar. Vegna \u00feess a\u00f0 r\u00f3tin l\u00edktist manni, \u00e1lyktu\u00f0u menn a\u00f0 h\u00fan hef\u00f0i manneskjulega s\u00e1lg\u00e6\u00f0ingu. \u00deessi l\u00edkingarr\u00f6kfr\u00e6\u00f0i sk\u00fdrir hvers vegna klofnar r\u00e6tur voru s\u00e9rstaklega eftirs\u00f3ttar.<\/p>\t\t\t\t\t\t\t\t<\/div>\n\t\t\t\t<\/div>\n\t\t\t\t\t<\/div>\n\t\t\t\t<\/div>\n\t\t<div class=\"elementor-element elementor-element-iwgs-alraune-s4 e-flex e-con-boxed e-con e-parent\" data-id=\"iwgs-alraune-s4\" data-element_type=\"container\" data-e-type=\"container\">\n\t\t\t\t\t<div class=\"e-con-inner\">\n\t\t\t\t<div class=\"elementor-element elementor-element-iwgs-alraune-s4h elementor-widget elementor-widget-heading\" data-id=\"iwgs-alraune-s4h\" data-element_type=\"widget\" data-e-type=\"widget\" data-widget_type=\"heading.default\">\n\t\t\t\t\t<h2 class=\"elementor-heading-title elementor-size-default\">Notkun og si\u00f0ur<\/h2>\t\t\t\t<\/div>\n\t\t<div class=\"elementor-element elementor-element-iwgs-alraune-s4box e-con-full e-flex e-con e-parent\" data-id=\"iwgs-alraune-s4box\" data-element_type=\"container\" data-e-type=\"container\">\n\t\t\t\t<div class=\"elementor-element elementor-element-iwgs-alraune-s4t elementor-widget elementor-widget-text-editor\" data-id=\"iwgs-alraune-s4t\" data-element_type=\"widget\" data-e-type=\"widget\" data-widget_type=\"text-editor.default\">\n\t\t\t\t\t\t\t\t\t<p>Jar\u00f0mandr\u00f6gunni var a\u00f0 mestu leyti var\u00f0veitt inni \u00e1 heimilinu, ekki borin \u00e1 l\u00edkamanum. H\u00fan \u00fe\u00f3tti h\u00fasv\u00e6ttur sem f\u00e6r\u00f0i \u00f6llu heimilinu heppni og vernd. Var\u00f0veislusta\u00f0ur hennar var oft falinn og \u00f6ruggur blettur.<\/p><p>Umhir\u00f0a jar\u00f0mandr\u00f6gunnar var s\u00e9rstakur <span class=\"iwg-fachbegriff\" data-tooltip=\"Munnleg venja sem var\u00f0veist hefur og er endurtekin reglulega innan samf\u00e9lags.\" tabindex=\"0\">si\u00f0ur<\/span>. H\u00fan var \u00fevegin, vafin \u00ed hrein kl\u00e6\u00f0i og sums sta\u00f0ar kl\u00e6dd upp \u00e1 n\u00fdtt. \u00deessi umhir\u00f0a s\u00fdndi vir\u00f0ingu og \u00e1tti a\u00f0 tryggja velvild r\u00f3tarinnar.<\/p><p>\u00datbreiddur <span class=\"iwg-fachbegriff\" data-tooltip=\"Munnleg venja sem var\u00f0veist hefur og er endurtekin reglulega innan samf\u00e9lags.\" tabindex=\"0\">si\u00f0ur<\/span> var a\u00f0 bj\u00f3\u00f0a jar\u00f0mandr\u00f6gunni mat og drykk e\u00f0a leggja mynt vi\u00f0 hana. \u00deessar gjafir \u00e1tti a\u00f0 fulln\u00e6gja r\u00f3tinni og vi\u00f0halda heppnisbo\u00f0andi \u00e1hrifum hennar.<\/p><p>Jar\u00f0mandr\u00f6gan var arfleidd. Vi\u00f0 dau\u00f0a eigandans gekk h\u00fan til arfa, oft me\u00f0 s\u00e9rst\u00f6kum reglum. Sumar arfsagnir s\u00f6g\u00f0u a\u00f0 hana b\u00e6ri a\u00f0 gefa yngsta barninu.<\/p><p>Jar\u00f0mandr\u00f6gur voru keyptar af r\u00f3tas\u00f6lum e\u00f0a farandkaupm\u00f6nnum. \u00dear sem eiginlegar jar\u00f0mandr\u00f6gur voru sjaldg\u00e6far og d\u00fdrar, var eign \u00feeirra t\u00e1kn velmegunar. F\u00e1t\u00e6kari heimili ur\u00f0u a\u00f0 l\u00e1ta s\u00e9r n\u00e6gja sta\u00f0g\u00f6ngur\u00f3ttir.<\/p><p>Umgengni vi\u00f0 jar\u00f0mandr\u00f6guna einkenndist af vark\u00e1rni. H\u00fan \u00fe\u00f3tti a\u00f0 v\u00edsu nyts\u00f6m en einnig kr\u00f6fuh\u00f6r\u00f0 vera sem \u00feurfti a\u00f0 umgangast \u00e1 r\u00e9ttan h\u00e1tt. \u00deessi tv\u00edr\u00e6\u00f0ni greinir hana fr\u00e1 einfaldari heppnisgripum.<\/p><p>Verslun me\u00f0 jar\u00f0mandr\u00f6gur var oft grunu\u00f0 um svik. \u00dear sem leikm\u00f6nnum var vart unnt a\u00f0 greina eiginlegar r\u00e6tur fr\u00e1 f\u00f6lsu\u00f0um, g\u00e1tu r\u00f3tasalar krafist h\u00e1rra ver\u00f0a fyrir tilskornar gar\u00f0s\u00farur\u00e6tur. D\u00f3msskj\u00f6l fr\u00e1 \u00e1rn\u00fd\u00f6ld (Fr\u00fche Neuzeit) skr\u00e1 sl\u00edk d\u00f3msm\u00e1l og s\u00fdna a\u00f0 jar\u00f0mandr\u00f6gan var ekki a\u00f0eins tr\u00faarlegur hlutur heldur einnig marka\u00f0svara me\u00f0 eigin \u00e1h\u00e6ttu.<\/p>\t\t\t\t\t\t\t\t<\/div>\n\t\t\t\t<\/div>\n\t\t\t\t\t<\/div>\n\t\t\t\t<\/div>\n\t\t<div class=\"elementor-element elementor-element-iwgs-alraune-s5 e-flex e-con-boxed e-con e-parent\" data-id=\"iwgs-alraune-s5\" data-element_type=\"container\" data-e-type=\"container\">\n\t\t\t\t\t<div class=\"e-con-inner\">\n\t\t\t\t<div class=\"elementor-element elementor-element-iwgs-alraune-s5h elementor-widget elementor-widget-heading\" data-id=\"iwgs-alraune-s5h\" data-element_type=\"widget\" data-e-type=\"widget\" data-widget_type=\"heading.default\">\n\t\t\t\t\t<h2 class=\"elementor-heading-title elementor-size-default\">Sv\u00e6\u00f0isbundin afbrig\u00f0i og tengt efni<\/h2>\t\t\t\t<\/div>\n\t\t<div class=\"elementor-element elementor-element-iwgs-alraune-s5box e-con-full e-flex e-con e-parent\" data-id=\"iwgs-alraune-s5box\" data-element_type=\"container\" data-e-type=\"container\">\n\t\t\t\t<div class=\"elementor-element elementor-element-iwgs-alraune-s5t elementor-widget elementor-widget-text-editor\" data-id=\"iwgs-alraune-s5t\" data-element_type=\"widget\" data-e-type=\"widget\" data-widget_type=\"text-editor.default\">\n\t\t\t\t\t\t\t\t\t<p>Alr\u00fanutr\u00fain var \u00fatbreidd um st\u00f3ran hluta Evr\u00f3pu. \u00c1 \u00fe\u00fdskum\u00e6landi sv\u00e6\u00f0um eru n\u00f6fnin Alraune, Galgenm\u00e4nnlein og Erdm\u00e4nnchen algeng. Grunndr\u00e6ttir tr\u00faarins eru \u00e1\u00feekkir milli sv\u00e6\u00f0a.<\/p><p>\u00cd Mi\u00f0-Evr\u00f3pu var sta\u00f0g\u00f6ngur\u00f3in \u00fatbreidd vegna skorts \u00e1 hinni eiginlegu alr\u00fanu. S\u00e9rstaklega var svok\u00f6llu\u00f0 hengir\u00f3fa (Zaunr\u00fcbe) notu\u00f0. \u00c1 \u00feessum sv\u00e6\u00f0um runnu hugmyndirnar um eiginlega alr\u00fanu og sta\u00f0g\u00f6ngur\u00f3t saman.<\/p><p>Alr\u00fanan er n\u00e1skyld \u00f6\u00f0rum r\u00f3tum sem t\u00falka\u00f0ar voru sem mannl\u00edkar. \u00cd Nor\u00f0ur-Evr\u00f3pu og \u00e1 slavneskum sv\u00e6\u00f0um eru \u00e1\u00feekkar hugmyndir um heillav\u00e6tti skr\u00e1\u00f0ar fyrir a\u00f0rar pl\u00f6ntur. Grunnhugmyndin um s\u00e1lg\u00e6dda heillar\u00f3t er v\u00ed\u00f0t\u00e6k.<\/p><p>Efnisleg tengsl eru vi\u00f0 hugmyndir um h\u00fasv\u00e6tti. Alr\u00fanan l\u00edkist \u00ed hlutverki s\u00ednu Heinzelm\u00e4nnchen e\u00f0a heimadraug (Kobold), h\u00fasv\u00e6tti sem s\u00e9r um velmegun en vill f\u00e1 g\u00f3\u00f0a um\u00f6nnun.<\/p><p>\u00cd v\u00ed\u00f0ari skilningi telst alr\u00fanan til fj\u00f6lskyldu heilla- og verndargripa. H\u00fan stendur \u00feannig vi\u00f0 hli\u00f0 <a href=\"https:\/\/iwell-guard.com\/is\/?page_id=169134\">verndargrips og talismans<\/a>, en a\u00f0greinist me\u00f0 t\u00falkun sinni sem s\u00e1lg\u00e6dd vera.<\/p><p>\u00der\u00e1tt fyrir sv\u00e6\u00f0isbundinn fj\u00f6lbreytileika kemur fram samr\u00e6mt mynstur. Alls sta\u00f0ar er mannl\u00edk r\u00f3tin \u00ed brennidepli, alls sta\u00f0ar er h\u00fan talin heillabringandi h\u00fasv\u00e6ttur, og alls sta\u00f0ar er eignarhald \u00e1 henni tengt um\u00f6nnun og skyldum.<\/p><p>Einnig \u00e1 enskum\u00e6landi sv\u00e6\u00f0um var mandrag\u00f3ran \u00feekkt sem t\u00f6fraplanta, og jurtab\u00e6kur s\u00ed\u00f0mi\u00f0alda og fyrri n\u00fdaldar s\u00fdndu hana \u00fear s\u00f6mulei\u00f0is sem mannl\u00edka veru. Samr\u00e6mi myndanna \u00fevert \u00e1 tungum\u00e1lam\u00f6rk v\u00edsar til sameiginlegrar myndhef\u00f0ar sem l\u00e6r\u00f0 b\u00f3kaarfleif\u00f0 bar \u00e1fram.<\/p>\t\t\t\t\t\t\t\t<\/div>\n\t\t\t\t<\/div>\n\t\t\t\t\t<\/div>\n\t\t\t\t<\/div>\n\t\t<div class=\"elementor-element elementor-element-iwgs-alraune-s6 e-flex e-con-boxed e-con e-parent\" data-id=\"iwgs-alraune-s6\" data-element_type=\"container\" data-e-type=\"container\">\n\t\t\t\t\t<div class=\"e-con-inner\">\n\t\t\t\t<div class=\"elementor-element elementor-element-iwgs-alraune-s6h elementor-widget elementor-widget-heading\" data-id=\"iwgs-alraune-s6h\" data-element_type=\"widget\" data-e-type=\"widget\" data-widget_type=\"heading.default\">\n\t\t\t\t\t<h2 class=\"elementor-heading-title elementor-size-default\">Merking sem verndargripur<\/h2>\t\t\t\t<\/div>\n\t\t<div class=\"elementor-element elementor-element-iwgs-alraune-s6box e-con-full e-flex e-con e-parent\" data-id=\"iwgs-alraune-s6box\" data-element_type=\"container\" data-e-type=\"container\">\n\t\t\t\t<div class=\"elementor-element elementor-element-iwgs-alraune-s6t elementor-widget elementor-widget-text-editor\" data-id=\"iwgs-alraune-s6t\" data-element_type=\"widget\" data-e-type=\"widget\" data-widget_type=\"text-editor.default\">\n\t\t\t\t\t\t\t\t\t<p>Verndar- og heillamerking alr\u00fanunnar byggist \u00e1 t\u00falkun hennar sem s\u00e1lg\u00e6dda veru. \u00d3l\u00edkt dau\u00f0u <span class=\"iwg-fachbegriff\" data-tooltip=\"Merki sem stendur fyrir hugmynd e\u00f0a merkingu.\" tabindex=\"0\">t\u00e1kni<\/span> var alr\u00fanan talin l\u00edtill h\u00fasv\u00e6ttur sem s\u00e1 virkt um velfer\u00f0 eiganda s\u00edns.<\/p><p>Alr\u00fanan \u00e1tti fyrst og fremst a\u00f0 f\u00e6ra heppni og velmegun. Henni var eignu\u00f0 geta til a\u00f0 auka eignir heimilisins og efla vi\u00f0skipta\u00e1rangur. \u00deessi heillabringandi virkni var \u00ed fyrirr\u00fami.<\/p><p>Auk \u00feess haf\u00f0i alr\u00fanan verndandi hlutverk. Sem h\u00fasv\u00e6ttur \u00e1tti h\u00fan a\u00f0 verja eignina og \u00edb\u00faa hennar fr\u00e1 \u00f3heppni, ska\u00f0ag\u00f6ldrum og ska\u00f0legum \u00f6flum. Vernd og heillabringun voru samofin \u00ed henni.<\/p><p>Mannl\u00edk formi\u00f0 var lykilatri\u00f0i fyrir \u00fe\u00e1 virkni sem henni var eignu\u00f0. \u00dea\u00f0 ger\u00f0i r\u00f3tina a\u00f0 vi\u00f0m\u00e6landa, l\u00edtilli veru sem eigandinn gat mynda\u00f0 tengsl vi\u00f0. Um\u00f6nnun og gjafir styrktu \u00feessi tengsl.<\/p><p>Fyrir f\u00f3lk l\u00e1 gildi alr\u00fanunnar \u00ed von um velmegun og \u00f6ryggi. \u00cd heimi fullum af efnahagslegri \u00f3vissu gaf eign heillar\u00f3tar tilfinningu fyrir stu\u00f0ningi og trausti.<\/p><p>\u00dea\u00f0 ber a\u00f0 hafa \u00ed huga a\u00f0 \u00feessi verndar- og heillamerking endurspeglar s\u00f6gulegar tr\u00faarhugmyndir. Raunveruleg aukning velmegunar e\u00f0a v\u00f6rn gegn \u00f3heppni er ekki tengd alr\u00fanunni. Gildi hennar liggur \u00ed menningars\u00f6gulegri vitneskju um hugsun fyrri t\u00edma.<\/p>\t\t\t\t\t\t\t\t<\/div>\n\t\t\t\t<\/div>\n\t\t\t\t\t<\/div>\n\t\t\t\t<\/div>\n\t\t<div class=\"elementor-element elementor-element-iwgs-alraune-s7 e-flex e-con-boxed e-con e-parent\" data-id=\"iwgs-alraune-s7\" data-element_type=\"container\" data-e-type=\"container\">\n\t\t\t\t\t<div class=\"e-con-inner\">\n\t\t\t\t<div class=\"elementor-element elementor-element-iwgs-alraune-s7h elementor-widget elementor-widget-heading\" data-id=\"iwgs-alraune-s7h\" data-element_type=\"widget\" data-e-type=\"widget\" data-widget_type=\"heading.default\">\n\t\t\t\t\t<h2 class=\"elementor-heading-title elementor-size-default\">Heimildasta\u00f0a og ranns\u00f3knarsaga<\/h2>\t\t\t\t<\/div>\n\t\t<div class=\"elementor-element elementor-element-iwgs-alraune-s7box e-con-full e-flex e-con e-parent\" data-id=\"iwgs-alraune-s7box\" data-element_type=\"container\" data-e-type=\"container\">\n\t\t\t\t<div class=\"elementor-element elementor-element-iwgs-alraune-s7t elementor-widget elementor-widget-text-editor\" data-id=\"iwgs-alraune-s7t\" data-element_type=\"widget\" data-e-type=\"widget\" data-widget_type=\"text-editor.default\">\n\t\t\t\t\t\t\t\t\t<p>Heimildasta\u00f0a um alr\u00fanuna er v\u00ed\u00f0t\u00e6k og spannar fr\u00e1 <span class=\"iwg-fachbegriff\" data-tooltip=\"T\u00edmabil gr\u00edskrar og r\u00f3mverskrar menningar, um 800 f.Kr. til 600 e.Kr.\" tabindex=\"0\">forn\u00f6ld<\/span> til n\u00fdaldar. <span class=\"iwg-fachbegriff\" data-tooltip=\"T\u00edmabil gr\u00edskrar og r\u00f3mverskrar menningar, um 800 f.Kr. til 600 e.Kr.\" tabindex=\"0\">Forn<\/span> n\u00e1tt\u00farufr\u00e6\u00f0irit, jurtab\u00e6kur mi\u00f0alda, d\u00f3msskj\u00f6l og \u00fej\u00f3\u00f0fr\u00e6\u00f0is\u00f6fn veita efni.<\/p><p><span class=\"iwg-fachbegriff\" data-tooltip=\"T\u00edmabil gr\u00edskrar og r\u00f3mverskrar menningar, um 800 f.Kr. til 600 e.Kr.\" tabindex=\"0\">Fornir<\/span> h\u00f6fundar eins og \u00dee\u00f3frastos og D\u00ed\u00f3sk\u00f3r\u00eddes l\u00fdsa alr\u00fanunni og eigna\u00f0ri virkni hennar. Hin h\u00e6ttulega uppskerusaga er einnig til \u00ed fornum heimildum og var borin \u00e1fram \u00e1 mi\u00f0\u00f6ldum.<\/p><p>Jurtab\u00e6kur mi\u00f0alda fjalla \u00edtarlega um alr\u00fanuna og s\u00fdna hana oft sem mannl\u00edka veru. \u00deessar myndir m\u00f3tu\u00f0u \u00edmynd pl\u00f6ntunnar til langs t\u00edma.<\/p><p>Fyrir <span class=\"iwg-fachbegriff\" data-tooltip=\"T\u00edmabil fr\u00e1 um 15. til 18. \u00f6ld.\" tabindex=\"0\">fyrri n\u00fd\u00f6ld<\/span> eru d\u00f3msskj\u00f6l einnig fr\u00f3\u00f0leg. Verslun me\u00f0 alr\u00fanur og falsa\u00f0ar r\u00e6tur leiddi \u00e1 k\u00f6flum til r\u00e9ttarhalda, en skj\u00f6l \u00feeirra skr\u00e1 <span class=\"iwg-fachbegriff\" data-tooltip=\"Hef\u00f0bundin ath\u00f6fn sem endurtekin er reglulega \u00ed samf\u00e9lagi.\" tabindex=\"0\">venjuna<\/span>.<\/p><p>Handw\u00f6rterbuch des deutschen Aberglaubens hefur \u00edtarlega grein um alr\u00fanuna. \u00dear er tr\u00faarhugmyndunum ra\u00f0a\u00f0, venjunum l\u00fdst og fjalla\u00f0 um m\u00e1lefni sta\u00f0g\u00f6ngur\u00f3tanna.<\/p><p>Ranns\u00f3knarsagan s\u00fdnir a\u00f0 alr\u00fanan telst me\u00f0al best ranns\u00f6ku\u00f0u t\u00f6fraplantna. <span class=\"iwg-fachbegriff\" data-tooltip=\"Fr\u00e6\u00f0igrein sem rannsakar daglega menningu, venjur og hef\u00f0bundnar hugmyndir.\" tabindex=\"0\">\u00dej\u00f3\u00f0fr\u00e6\u00f0i<\/span>, grasafr\u00e6\u00f0i og b\u00f3kmenntafr\u00e6\u00f0i hafa saman dregi\u00f0 upp n\u00e1kv\u00e6ma mynd af s\u00f6gu hennar.<\/p>\t\t\t\t\t\t\t\t<\/div>\n\t\t\t\t<\/div>\n\t\t\t\t\t<\/div>\n\t\t\t\t<\/div>\n\t\t<div class=\"elementor-element elementor-element-iwgs-alraune-s8 e-flex e-con-boxed e-con e-parent\" data-id=\"iwgs-alraune-s8\" data-element_type=\"container\" data-e-type=\"container\">\n\t\t\t\t\t<div class=\"e-con-inner\">\n\t\t\t\t<div class=\"elementor-element elementor-element-iwgs-alraune-s8h elementor-widget elementor-widget-heading\" data-id=\"iwgs-alraune-s8h\" data-element_type=\"widget\" data-e-type=\"widget\" data-widget_type=\"heading.default\">\n\t\t\t\t\t<h2 class=\"elementor-heading-title elementor-size-default\">M\u00f3tt\u00f6kur \u00ed dag<\/h2>\t\t\t\t<\/div>\n\t\t<div class=\"elementor-element elementor-element-iwgs-alraune-s8box e-con-full e-flex e-con e-parent\" data-id=\"iwgs-alraune-s8box\" data-element_type=\"container\" data-e-type=\"container\">\n\t\t\t\t<div class=\"elementor-element elementor-element-iwgs-alraune-s8t elementor-widget elementor-widget-text-editor\" data-id=\"iwgs-alraune-s8t\" data-element_type=\"widget\" data-e-type=\"widget\" data-widget_type=\"text-editor.default\">\n\t\t\t\t\t\t\t\t\t<p>Alr\u00fanan er horfin \u00far notkun sem alvarlegt g\u00e6fu- og verndargripur. N\u00fa \u00e1 d\u00f6gum lifir h\u00fan fyrst og fremst \u00e1fram \u00ed b\u00f3kmenntum, kvikmyndum og d\u00e6gurmenningu.<\/p><p>\u00cd b\u00f3kmenntum hefur alr\u00fanan \u00e1tt s\u00e9r r\u00edka \u00e1hrifas\u00f6gu. Sk\u00e1ldsagan Alraune eftir Hanns Heinz Ewers fr\u00e1 upphafi 20. aldar t\u00f3k efni\u00f0 upp og m\u00f3ta\u00f0i hina n\u00fat\u00edmalegu mynd af pl\u00f6ntunni sem \u00f3hugnanlegri v\u00e6ttu.<\/p><p>\u00cd n\u00fat\u00edma fantas\u00edub\u00f3kmenntum og kvikmyndum kemur alr\u00fanan oft fyrir, oftast tengd <span class=\"iwg-fachbegriff\" data-tooltip=\"Endurteki\u00f0 innihaldsatri\u00f0i \u00ed list e\u00f0a fr\u00e1s\u00f6gn.\" tabindex=\"0\">minni<\/span> um dau\u00f0ahlj\u00f3\u00f0 pl\u00f6ntunnar vi\u00f0 uppskeru. \u00deessar birtingarmyndir s\u00e6kja \u00ed hina g\u00f6mlu <span class=\"iwg-fachbegriff\" data-tooltip=\"Munnm\u00e6lasaga me\u00f0 oft s\u00f6gulegum kjarna og undursamlegum \u00fe\u00e1ttum.\" tabindex=\"0\">s\u00f6gu<\/span> og \u00fatf\u00e6ra hana \u00e1fram.<\/p><p>\u00cd <span class=\"iwg-fachbegriff\" data-tooltip=\"Samheiti yfir kenningar sem gera kr\u00f6fu um dulda \u00feekkingu sem a\u00f0eins innv\u00edg\u00f0ir hafa a\u00f0gang a\u00f0.\" tabindex=\"0\">dulspeki<\/span> og n\u00fat\u00edma hei\u00f0ni er alr\u00fanan \u00f6\u00f0ru hverju tekin upp sem t\u00f6fraplanta. Vegna eitureiginleika hinnar eiginlegu pl\u00f6ntu er \u00fe\u00f3 mikillar a\u00f0g\u00e1tar \u00fe\u00f6rf. Sterklega er vara\u00f0 vi\u00f0 hvers kyns notkun \u00feessarar eitru\u00f0u pl\u00f6ntu.<\/p><p>\u00deeir sem hafa \u00e1huga \u00e1 hinum s\u00f6gulega bakgrunni finna \u00e1rei\u00f0anlegar uppl\u00fdsingar \u00ed \u00fej\u00f3\u00f0fr\u00e6\u00f0ilegum og grasafr\u00e6\u00f0ilegum ritum, auk yfirlitsins yfir <a href=\"https:\/\/iwell-guard.com\/is\/verndartakn\/\">verndart\u00e1kn<\/a>. Sk\u00e1lds\u00f6gur og kvikmyndir endurspegla hi\u00f0 s\u00f6gulega samhengi a\u00f0eins \u00ed frj\u00e1lsri \u00fatf\u00e6rslu.<\/p><p>N\u00faverandi m\u00f3ttaka s\u00fdnir \u00feannig gl\u00f6gga \u00fer\u00f3un. \u00dar tr\u00fa\u00f0um h\u00fasv\u00e6tti og g\u00e6fugjafa er or\u00f0i\u00f0 b\u00f3kmennta- og kvikmyndalegt <span class=\"iwg-fachbegriff\" data-tooltip=\"Endurteki\u00f0 innihaldsatri\u00f0i \u00ed list e\u00f0a fr\u00e1s\u00f6gn.\" tabindex=\"0\">minni<\/span>, en s\u00f6gulega merking \u00feess ber a\u00f0 sko\u00f0a s\u00e9rstaklega.<\/p><p>Fr\u00e1 grasafr\u00e6\u00f0ilegu sj\u00f3narmi\u00f0i er r\u00e9tt a\u00f0 taka fram a\u00f0 hin eiginlega mandrag\u00f3ra getur valdi\u00f0 alvarlegum eitrunareinkennum. \u00deessi raunverulegi eiturm\u00e1ttur skal a\u00f0greina algj\u00f6rlega fr\u00e1 b\u00f3kmenntalegum og \u00fej\u00f3\u00f0tr\u00faarlegum hugmyndum. \u00deeir sem ver\u00f0a fyrir pl\u00f6ntunni \u00ed gar\u00f0i e\u00f0a verslun \u00e6ttu a\u00f0eins a\u00f0 l\u00edta \u00e1 hana sem s\u00fdnishlut. Sterklega er vara\u00f0 vi\u00f0 hvers kyns notkun \u00feessarar eitru\u00f0u pl\u00f6ntu.<\/p>\t\t\t\t\t\t\t\t<\/div>\n\t\t\t\t<\/div>\n\t\t\t\t\t<\/div>\n\t\t\t\t<\/div>\n\t\t<div class=\"elementor-element elementor-element-iwgs-alraune-lit e-flex e-con-boxed e-con e-parent\" data-id=\"iwgs-alraune-lit\" data-element_type=\"container\" data-e-type=\"container\">\n\t\t\t\t\t<div class=\"e-con-inner\">\n\t\t\t\t<div class=\"elementor-element elementor-element-iwgs-alraune-lith elementor-widget elementor-widget-heading\" data-id=\"iwgs-alraune-lith\" data-element_type=\"widget\" data-e-type=\"widget\" data-widget_type=\"heading.default\">\n\t\t\t\t\t<h2 class=\"elementor-heading-title elementor-size-default\">Heimildir (\u00farval)<\/h2>\t\t\t\t<\/div>\n\t\t<div class=\"elementor-element elementor-element-iwgs-alraune-litbox e-con-full e-flex e-con e-parent\" data-id=\"iwgs-alraune-litbox\" data-element_type=\"container\" data-e-type=\"container\">\n\t\t\t\t<div class=\"elementor-element elementor-element-iwgs-alraune-litt elementor-widget elementor-widget-html\" data-id=\"iwgs-alraune-litt\" data-element_type=\"widget\" data-e-type=\"widget\" data-widget_type=\"html.default\">\n\t\t\t\t\t<footer data-nosnippet=\"true\"><ul><li>Hanns B\u00e4chtold-St\u00e4ubli (ritstj.): <em>Handw\u00f6rterbuch des deutschen Aberglaubens<\/em> (1927-1942)<\/li><li>Hanns B\u00e4chtold-St\u00e4ubli: <em>Die Alraune. Eine kulturhistorische Skizze<\/em> (1921)<\/li><li>Heinrich Marzell: <em>W\u00f6rterbuch der deutschen Pflanzennamen<\/em> (1943-1979)<\/li><li>Christa Tuczay: <em>Magie und Magier im Mittelalter<\/em> (2003)<\/li><li>Wolfgang Behringer: <em>Hexen. Glaube, Verfolgung, Vermarktung<\/em> (1998)<\/li><\/ul><\/footer>\t\t\t\t<\/div>\n\t\t\t\t<\/div>\n\t\t\t\t\t<\/div>\n\t\t\t\t<\/div>\n\t\t<div class=\"elementor-element elementor-element-iwgs-alraune-kwd e-flex e-con-boxed e-con e-parent\" data-id=\"iwgs-alraune-kwd\" data-element_type=\"container\" data-e-type=\"container\">\n\t\t\t\t\t<div class=\"e-con-inner\">\n\t\t\t\t<div class=\"elementor-element elementor-element-iwgs-alraune-kwdt elementor-widget elementor-widget-text-editor\" data-id=\"iwgs-alraune-kwdt\" data-element_type=\"widget\" data-e-type=\"widget\" data-widget_type=\"text-editor.default\">\n\t\t\t\t\t\t\t\t\t<p><em>Tengd kjarnahugt\u00f6k: Mandrag\u00f3ra, g\u00e1lgama\u00f0ur, g\u00e6fur\u00f3t, gar\u00f0abaunar\u00f3t, r\u00f3tarma\u00f0ur, h\u00fasv\u00e6ttur, jar\u00f0ma\u00f0ur, n\u00e1ttskuggajurt, \u00fej\u00f3\u00f0t\u00f6frar, uppskerusaga, velmegun.<\/em><\/p>\t\t\t\t\t\t\t\t<\/div>\n\t\t\t\t\t<\/div>\n\t\t\t\t<\/div>\n\t\t<div class=\"elementor-element elementor-element-iwgs-alraune-cc e-flex e-con-boxed e-con e-parent\" data-id=\"iwgs-alraune-cc\" data-element_type=\"container\" data-e-type=\"container\" id=\"iwg-cc-alraune\">\n\t\t\t\t\t<div class=\"e-con-inner\">\n\t\t<div class=\"elementor-element elementor-element-iwgs-alraune-ccinner e-flex e-con-boxed e-con e-parent\" data-id=\"iwgs-alraune-ccinner\" data-element_type=\"container\" data-e-type=\"container\" data-settings=\"{&quot;background_background&quot;:&quot;classic&quot;}\">\n\t\t\t\t\t<div class=\"e-con-inner\">\n\t\t\t\t<div class=\"elementor-element elementor-element-iwgs-alraune-cch elementor-widget elementor-widget-heading\" data-id=\"iwgs-alraune-cch\" data-element_type=\"widget\" data-e-type=\"widget\" data-widget_type=\"heading.default\">\n\t\t\t\t\t<h2 class=\"elementor-heading-title elementor-size-default\">iWell Guard og verndarhef\u00f0ir<\/h2>\t\t\t\t<\/div>\n\t\t\t\t<div class=\"elementor-element elementor-element-iwgs-alraune-cct elementor-widget elementor-widget-text-editor\" data-id=\"iwgs-alraune-cct\" data-element_type=\"widget\" data-e-type=\"widget\" data-widget_type=\"text-editor.default\">\n\t\t\t\t\t\t\t\t\t<p>iWell Guard fylgir hinni menningars\u00f6gulegu hef\u00f0 farandi verndargripa, sem alr\u00fanan er hluti af. N\u00fat\u00edmalegur fylgihlutur fyrir \u00fe\u00e1 sem lifa me\u00f0 verndart\u00e1knum: framleiddur \u00ed \u00de\u00fdskalandi, 41 lag af hreinu gulli, plat\u00ednu og silfri, me\u00f0 30 daga skilar\u00e9tti.<\/p>\t\t\t\t\t\t\t\t<\/div>\n\t\t\t\t<div class=\"elementor-element elementor-element-iwgs-alraune-ccb iwg-cc-button iwg-cc-cta-2026-05-13 elementor-widget elementor-widget-jet-button\" data-id=\"iwgs-alraune-ccb\" data-element_type=\"widget\" data-e-type=\"widget\" data-widget_type=\"jet-button.default\">\n\t\t\t\t<div class=\"elementor-widget-container\">\n\t\t\t\t\t<div class=\"elementor-jet-button jet-elements\"><div class=\"jet-button__container\"><a class=\"jet-button__instance jet-button__instance--icon-left hover-effect-1\" href=\"\/schutzanhaenger-iwell-guard-kaufen\/?utm_source=iwell-guard.com&amp;utm_medium=info-box&amp;utm_campaign=schutzsymbole\"><div class=\"jet-button__plane jet-button__plane-normal\"><\/div><div class=\"jet-button__plane jet-button__plane-hover\"><\/div><div class=\"jet-button__state jet-button__state-normal\"><span class=\"jet-button__label\">Meira um iWell Guard<\/span><\/div><div class=\"jet-button__state jet-button__state-hover\"><span class=\"jet-button__label\">Meira um iWell Guard<\/span><\/div><\/a><\/div><\/div><style>.elementor-element.elementor-element-iwgs-alraune-ccb .jet-button__instance{width:320px;height:56px;}.elementor-element.elementor-element-iwgs-alraune-ccb .jet-button__state-normal .jet-button__label{text-align:center;margin:0px 0px 0px 0px;color:#1a1b20;font-family:Montserrat,sans-serif;font-size:13px;font-weight:400;letter-spacing:4px;line-height:1.714em;text-transform:uppercase;}.elementor-element.elementor-element-iwgs-alraune-ccb .jet-button__state-hover .jet-button__label{text-align:center;margin:0px 0px 0px 0px;color:#FECC76;font-family:Montserrat,sans-serif;font-size:13px;font-weight:400;letter-spacing:4px;line-height:1.714em;text-transform:uppercase;}.elementor-element.elementor-element-iwgs-alraune-ccb .jet-button__plane-normal{background-color:#FECC76;border-style:solid;border-color:#C99540;border-width:2px 2px 2px 2px;}.elementor-element.elementor-element-iwgs-alraune-ccb .jet-button__plane-hover{background-color:rgba(0,0,0,0.55);border-style:solid;border-color:#FECC76;border-width:2px 2px 2px 2px;}<\/style>\t\t\t\t<\/div>\n\t\t\t\t<\/div>\n\t\t\t\t<div class=\"elementor-element elementor-element-iwgs-alraune-ccd elementor-widget elementor-widget-text-editor\" data-id=\"iwgs-alraune-ccd\" data-element_type=\"widget\" data-e-type=\"widget\" data-widget_type=\"text-editor.default\">\n\t\t\t\t\t\t\t\t\t<p style=\"text-align:center;font-size:13px;opacity:0.7;margin-top:14px\" data-nosnippet=\"true\">Pers\u00f3nuleg reynsla getur veri\u00f0 mismunandi. Ekki l\u00e6kningat\u00e6ki. Engin lofor\u00f0 um l\u00e6kningu.<\/p>\t\t\t\t\t\t\t\t<\/div>\n\t\t\t\t\t<\/div>\n\t\t\t\t<\/div>\n\t\t\t\t\t<\/div>\n\t\t\t\t<\/div>\n\t\t<div class=\"elementor-element elementor-element-iwgs-alraune-disc e-flex e-con-boxed e-con e-parent\" data-id=\"iwgs-alraune-disc\" data-element_type=\"container\" data-e-type=\"container\">\n\t\t\t\t\t<div class=\"e-con-inner\">\n\t\t\t\t<div class=\"elementor-element elementor-element-iwgs-alraune-discw elementor-widget elementor-widget-html\" data-id=\"iwgs-alraune-discw\" data-element_type=\"widget\" data-e-type=\"widget\" data-widget_type=\"html.default\">\n\t\t\t\t\t<footer data-nosnippet=\"true\" class=\"iwg-disclaimer-block\"><p data-nosnippet=\"true\">iWell Guard er <strong>ekki l\u00e6kningat\u00e6ki<\/strong> og kemur ekki \u00ed sta\u00f0 l\u00e6knis- e\u00f0a s\u00e1lfr\u00e6\u00f0ime\u00f0fer\u00f0ar. Innihaldi\u00f0 sem h\u00e9r er sett fram er tr\u00faarbrag\u00f0afr\u00e6\u00f0ileg og menningars\u00f6gulega greining, ekki lofor\u00f0 um andlega virkni.<\/p><\/footer>\t\t\t\t<\/div>\n\t\t\t\t\t<\/div>\n\t\t\t\t<\/div>\n\t\t\t\t<\/div>\n\t\t","protected":false},"excerpt":{"rendered":"","protected":false},"author":3,"featured_media":3577,"parent":0,"menu_order":0,"comment_status":"closed","ping_status":"closed","template":"elementor_header_footer","meta":{"_yoast_wpseo_focuskw":"Alraune","_yoast_wpseo_title":"Alraune: vernd- og g\u00e6fur\u00f3t \u00fej\u00f3\u00f0tr\u00faargaldurs","_yoast_wpseo_metadesc":"Alraune \u00fe\u00f3tti vernd- og g\u00e6fur\u00f3t \u00fej\u00f3\u00f0tr\u00faargaldurs. Uppruni, si\u00f0ur og \u00fej\u00f3\u00f0fr\u00e6\u00f0ileg t\u00falkun mandrag\u00f3ru \u00ed yfirliti.","_yoast_wpseo_meta-robots-noindex":"","_yoast_wpseo_canonical":"","_angie_page":false,"gefaehrdungsstufe":"","wesen_kultur":"","wesen_klasse":"","footnotes":""},"categories":[],"class_list":["post-169247","page","type-page","status-publish","has-post-thumbnail","hentry"],"yoast_head":"<!-- This site is optimized with the Yoast SEO Premium plugin v27.7 (Yoast SEO v28.3) - https:\/\/yoast.com\/product\/yoast-seo-premium-wordpress\/ -->\n<title>Alraune: vernd- og g\u00e6fur\u00f3t \u00fej\u00f3\u00f0tr\u00faargaldurs<\/title>\n<meta name=\"description\" content=\"Alraune \u00fe\u00f3tti vernd- og g\u00e6fur\u00f3t \u00fej\u00f3\u00f0tr\u00faargaldurs. Uppruni, si\u00f0ur og \u00fej\u00f3\u00f0fr\u00e6\u00f0ileg t\u00falkun mandrag\u00f3ru \u00ed yfirliti.\" \/>\n<meta name=\"robots\" content=\"index, follow, max-snippet:-1, max-image-preview:large, max-video-preview:-1\" \/>\n<link rel=\"canonical\" href=\"https:\/\/iwell-guard.com\/is\/alraune-vernd-og-gaefurot\/\" \/>\n<meta property=\"og:locale\" content=\"is_IS\" \/>\n<meta property=\"og:type\" content=\"article\" \/>\n<meta property=\"og:title\" content=\"Alraune \u2013 vernd- og g\u00e6fur\u00f3t \u00fej\u00f3\u00f0tr\u00faargaldurs\" \/>\n<meta property=\"og:description\" content=\"Alraune \u00fe\u00f3tti vernd- og g\u00e6fur\u00f3t \u00fej\u00f3\u00f0tr\u00faargaldurs. Uppruni, si\u00f0ur og \u00fej\u00f3\u00f0fr\u00e6\u00f0ileg t\u00falkun mandrag\u00f3ru \u00ed yfirliti.\" \/>\n<meta property=\"og:url\" content=\"https:\/\/iwell-guard.com\/is\/alraune-vernd-og-gaefurot\/\" \/>\n<meta property=\"og:site_name\" content=\"iWell Guard\" \/>\n<meta property=\"article:modified_time\" content=\"2026-09-05T14:36:01+00:00\" \/>\n<meta property=\"og:image\" content=\"https:\/\/iwell-guard.com\/wp-content\/uploads\/2026\/05\/schutzsymbol_volksmagie_alraune.webp\" \/>\n\t<meta property=\"og:image:width\" content=\"1024\" \/>\n\t<meta property=\"og:image:height\" content=\"1536\" \/>\n\t<meta property=\"og:image:type\" content=\"image\/webp\" \/>\n<meta name=\"twitter:card\" content=\"summary_large_image\" \/>\n<script type=\"application\/ld+json\" class=\"yoast-schema-graph\">{\"@context\":\"https:\\\/\\\/schema.org\",\"@graph\":[{\"@type\":\"WebPage\",\"@id\":\"https:\\\/\\\/iwell-guard.com\\\/is\\\/alraune-vernd-og-gaefurot\\\/\",\"url\":\"https:\\\/\\\/iwell-guard.com\\\/is\\\/alraune-vernd-og-gaefurot\\\/\",\"name\":\"Alraune: vernd- og g\u00e6fur\u00f3t \u00fej\u00f3\u00f0tr\u00faargaldurs\",\"isPartOf\":{\"@id\":\"https:\\\/\\\/iwell-guard.com\\\/is\\\/#website\"},\"primaryImageOfPage\":{\"@id\":\"https:\\\/\\\/iwell-guard.com\\\/is\\\/alraune-vernd-og-gaefurot\\\/#primaryimage\"},\"image\":{\"@id\":\"https:\\\/\\\/iwell-guard.com\\\/is\\\/alraune-vernd-og-gaefurot\\\/#primaryimage\"},\"thumbnailUrl\":\"https:\\\/\\\/iwell-guard.com\\\/wp-content\\\/uploads\\\/2026\\\/05\\\/schutzsymbol_volksmagie_alraune.webp\",\"datePublished\":\"2026-09-05T14:06:49+00:00\",\"dateModified\":\"2026-09-05T14:36:01+00:00\",\"description\":\"Alraune \u00fe\u00f3tti vernd- og g\u00e6fur\u00f3t \u00fej\u00f3\u00f0tr\u00faargaldurs. Uppruni, si\u00f0ur og \u00fej\u00f3\u00f0fr\u00e6\u00f0ileg t\u00falkun mandrag\u00f3ru \u00ed yfirliti.\",\"breadcrumb\":{\"@id\":\"https:\\\/\\\/iwell-guard.com\\\/is\\\/alraune-vernd-og-gaefurot\\\/#breadcrumb\"},\"inLanguage\":\"is\",\"potentialAction\":[{\"@type\":\"ReadAction\",\"target\":[\"https:\\\/\\\/iwell-guard.com\\\/is\\\/alraune-vernd-og-gaefurot\\\/\"]}]},{\"@type\":\"ImageObject\",\"inLanguage\":\"is\",\"@id\":\"https:\\\/\\\/iwell-guard.com\\\/is\\\/alraune-vernd-og-gaefurot\\\/#primaryimage\",\"url\":\"https:\\\/\\\/iwell-guard.com\\\/wp-content\\\/uploads\\\/2026\\\/05\\\/schutzsymbol_volksmagie_alraune.webp\",\"contentUrl\":\"https:\\\/\\\/iwell-guard.com\\\/wp-content\\\/uploads\\\/2026\\\/05\\\/schutzsymbol_volksmagie_alraune.webp\",\"width\":1024,\"height\":1536,\"caption\":\"Verndart\u00e1kn. Myndskreyting \u00ed safnst\u00edl.\"},{\"@type\":\"BreadcrumbList\",\"@id\":\"https:\\\/\\\/iwell-guard.com\\\/is\\\/alraune-vernd-og-gaefurot\\\/#breadcrumb\",\"itemListElement\":[{\"@type\":\"ListItem\",\"position\":1,\"name\":\"Start\",\"item\":\"https:\\\/\\\/iwell-guard.com\\\/is\\\/?page_id=168580\"},{\"@type\":\"ListItem\",\"position\":2,\"name\":\"Alraune \u2013 vernd- og g\u00e6fur\u00f3t \u00fej\u00f3\u00f0tr\u00faargaldurs\"}]},{\"@type\":\"WebSite\",\"@id\":\"https:\\\/\\\/iwell-guard.com\\\/is\\\/#website\",\"url\":\"https:\\\/\\\/iwell-guard.com\\\/is\\\/\",\"name\":\"iWell Guard\",\"description\":\"Schutz vor dunklen Einfl\u00fcssen\",\"publisher\":{\"@id\":\"https:\\\/\\\/iwell-guard.com\\\/is\\\/#organization\"},\"potentialAction\":[{\"@type\":\"SearchAction\",\"target\":{\"@type\":\"EntryPoint\",\"urlTemplate\":\"https:\\\/\\\/iwell-guard.com\\\/is\\\/?s={search_term_string}\"},\"query-input\":{\"@type\":\"PropertyValueSpecification\",\"valueRequired\":true,\"valueName\":\"search_term_string\"}}],\"inLanguage\":\"is\"},{\"@type\":\"Organization\",\"@id\":\"https:\\\/\\\/iwell-guard.com\\\/is\\\/#organization\",\"name\":\"Ittermann electronic GmbH\",\"url\":\"https:\\\/\\\/iwell-guard.com\\\/is\\\/\",\"logo\":{\"@type\":\"ImageObject\",\"inLanguage\":\"is\",\"@id\":\"https:\\\/\\\/iwell-guard.com\\\/is\\\/#\\\/schema\\\/logo\\\/image\\\/\",\"url\":\"https:\\\/\\\/iwell-guard.com\\\/wp-content\\\/uploads\\\/2026\\\/05\\\/Ittermann-Logo-1182x237-1.png\",\"contentUrl\":\"https:\\\/\\\/iwell-guard.com\\\/wp-content\\\/uploads\\\/2026\\\/05\\\/Ittermann-Logo-1182x237-1.png\",\"width\":1182,\"height\":237,\"caption\":\"Ittermann electronic GmbH\"},\"image\":{\"@id\":\"https:\\\/\\\/iwell-guard.com\\\/is\\\/#\\\/schema\\\/logo\\\/image\\\/\"},\"sameAs\":[\"https:\\\/\\\/pantip.com\\\/profile\\\/9367242\",\"https:\\\/\\\/micro.blog\\\/iwellguard\",\"https:\\\/\\\/www.diggerslist.com\\\/iwellguard\\\/about\",\"https:\\\/\\\/skitterphoto.com\\\/photographers\\\/2870314\\\/iwell-guard\",\"https:\\\/\\\/iwellguard.wordpress.com\\\/2026\\\/06\\\/06\\\/iwell-guard\\\/\",\"https:\\\/\\\/hub.docker.com\\\/u\\\/iwellguard\",\"https:\\\/\\\/www.pinterest.com\\\/iwellguard\\\/\",\"https:\\\/\\\/bit.ly\\\/m\\\/iwellguard\",\"https:\\\/\\\/entre-vos-mains.alsace.eu\\\/profiles\\\/iwellguard\\\/activity\",\"https:\\\/\\\/gravatar.com\\\/reallybeded8fd34\",\"https:\\\/\\\/naijamatta.com\\\/iwellguard\",\"https:\\\/\\\/www.goodreads.com\\\/iwellguard\",\"https:\\\/\\\/profile.hatena.ne.jp\\\/iwellguard\\\/\",\"https:\\\/\\\/experiment.com\\\/users\\\/iwellguard\",\"https:\\\/\\\/wakelet.com\\\/@iWellGuard82270\",\"https:\\\/\\\/www.chordie.com\\\/forum\\\/profile.php?id=2555664\",\"https:\\\/\\\/www.instapaper.com\\\/p\\\/17757966\",\"https:\\\/\\\/www.mapleprimes.com\\\/users\\\/iwellguard\",\"https:\\\/\\\/businesslistingplus.com\\\/profile\\\/iwell-guard\\\/\",\"https:\\\/\\\/telegra.ph\\\/iWell-Guard-06-06\",\"https:\\\/\\\/pbase.com\\\/iwellguard\\\/iwellguard\",\"https:\\\/\\\/b.hatena.ne.jp\\\/iwellguard\\\/20260607#bookmark-4788405196491818882\",\"https:\\\/\\\/fliphtml5.com\\\/home\\\/iwellguard\",\"https:\\\/\\\/anyflip.com\\\/homepage\\\/cmiwl#About\",\"https:\\\/\\\/transfur.com\\\/Users\\\/iwellguard\",\"http:\\\/\\\/delphi.larsbo.org\\\/user\\\/iwellguard\",\"https:\\\/\\\/jobs.lajobsportal.org\\\/profiles\\\/8380803-iwell-guard\",\"https:\\\/\\\/md.chaosdorf.de\\\/s\\\/jfbe5SBdJD\",\"https:\\\/\\\/www.lingvolive.com\\\/en-us\\\/profile\\\/9ecaeaca-ce11-4e51-9e71-01d55e2bff36\\\/translations\",\"https:\\\/\\\/www.fitday.com\\\/fitness\\\/forums\\\/members\\\/iwellguard.html\",\"https:\\\/\\\/www.mymeetbook.com\\\/iwellguard\",\"https:\\\/\\\/pxhere.com\\\/en\\\/photographer-me\\\/5040798\",\"https:\\\/\\\/disqus.com\\\/by\\\/iwellguard\\\/about\\\/\",\"https:\\\/\\\/pastelink.net\\\/hjwciqwq\",\"https:\\\/\\\/pubhtml5.com\\\/homepage\\\/scjhn\\\/\",\"https:\\\/\\\/www.bitchute.com\\\/channel\\\/2O2eOKzNqujT\",\"https:\\\/\\\/audiomack.com\\\/iwellguard\"]}]}<\/script>\n<!-- \/ Yoast SEO Premium plugin. -->","yoast_head_json":{"title":"Alraune: vernd- og g\u00e6fur\u00f3t \u00fej\u00f3\u00f0tr\u00faargaldurs","description":"Alraune \u00fe\u00f3tti vernd- og g\u00e6fur\u00f3t \u00fej\u00f3\u00f0tr\u00faargaldurs. Uppruni, si\u00f0ur og \u00fej\u00f3\u00f0fr\u00e6\u00f0ileg t\u00falkun mandrag\u00f3ru \u00ed yfirliti.","robots":{"index":"index","follow":"follow","max-snippet":"max-snippet:-1","max-image-preview":"max-image-preview:large","max-video-preview":"max-video-preview:-1"},"canonical":"https:\/\/iwell-guard.com\/is\/alraune-vernd-og-gaefurot\/","og_locale":"is_IS","og_type":"article","og_title":"Alraune \u2013 vernd- og g\u00e6fur\u00f3t \u00fej\u00f3\u00f0tr\u00faargaldurs","og_description":"Alraune \u00fe\u00f3tti vernd- og g\u00e6fur\u00f3t \u00fej\u00f3\u00f0tr\u00faargaldurs. Uppruni, si\u00f0ur og \u00fej\u00f3\u00f0fr\u00e6\u00f0ileg t\u00falkun mandrag\u00f3ru \u00ed yfirliti.","og_url":"https:\/\/iwell-guard.com\/is\/alraune-vernd-og-gaefurot\/","og_site_name":"iWell Guard","article_modified_time":"2026-09-05T14:36:01+00:00","og_image":[{"width":1024,"height":1536,"url":"https:\/\/iwell-guard.com\/wp-content\/uploads\/2026\/05\/schutzsymbol_volksmagie_alraune.webp","type":"image\/webp"}],"twitter_card":"summary_large_image","schema":{"@context":"https:\/\/schema.org","@graph":[{"@type":"WebPage","@id":"https:\/\/iwell-guard.com\/is\/alraune-vernd-og-gaefurot\/","url":"https:\/\/iwell-guard.com\/is\/alraune-vernd-og-gaefurot\/","name":"Alraune: vernd- og g\u00e6fur\u00f3t \u00fej\u00f3\u00f0tr\u00faargaldurs","isPartOf":{"@id":"https:\/\/iwell-guard.com\/is\/#website"},"primaryImageOfPage":{"@id":"https:\/\/iwell-guard.com\/is\/alraune-vernd-og-gaefurot\/#primaryimage"},"image":{"@id":"https:\/\/iwell-guard.com\/is\/alraune-vernd-og-gaefurot\/#primaryimage"},"thumbnailUrl":"https:\/\/iwell-guard.com\/wp-content\/uploads\/2026\/05\/schutzsymbol_volksmagie_alraune.webp","datePublished":"2026-09-05T14:06:49+00:00","dateModified":"2026-09-05T14:36:01+00:00","description":"Alraune \u00fe\u00f3tti vernd- og g\u00e6fur\u00f3t \u00fej\u00f3\u00f0tr\u00faargaldurs. Uppruni, si\u00f0ur og \u00fej\u00f3\u00f0fr\u00e6\u00f0ileg t\u00falkun mandrag\u00f3ru \u00ed yfirliti.","breadcrumb":{"@id":"https:\/\/iwell-guard.com\/is\/alraune-vernd-og-gaefurot\/#breadcrumb"},"inLanguage":"is","potentialAction":[{"@type":"ReadAction","target":["https:\/\/iwell-guard.com\/is\/alraune-vernd-og-gaefurot\/"]}]},{"@type":"ImageObject","inLanguage":"is","@id":"https:\/\/iwell-guard.com\/is\/alraune-vernd-og-gaefurot\/#primaryimage","url":"https:\/\/iwell-guard.com\/wp-content\/uploads\/2026\/05\/schutzsymbol_volksmagie_alraune.webp","contentUrl":"https:\/\/iwell-guard.com\/wp-content\/uploads\/2026\/05\/schutzsymbol_volksmagie_alraune.webp","width":1024,"height":1536,"caption":"Verndart\u00e1kn. Myndskreyting \u00ed safnst\u00edl."},{"@type":"BreadcrumbList","@id":"https:\/\/iwell-guard.com\/is\/alraune-vernd-og-gaefurot\/#breadcrumb","itemListElement":[{"@type":"ListItem","position":1,"name":"Start","item":"https:\/\/iwell-guard.com\/is\/?page_id=168580"},{"@type":"ListItem","position":2,"name":"Alraune \u2013 vernd- og g\u00e6fur\u00f3t \u00fej\u00f3\u00f0tr\u00faargaldurs"}]},{"@type":"WebSite","@id":"https:\/\/iwell-guard.com\/is\/#website","url":"https:\/\/iwell-guard.com\/is\/","name":"iWell Guard","description":"Schutz vor dunklen Einfl\u00fcssen","publisher":{"@id":"https:\/\/iwell-guard.com\/is\/#organization"},"potentialAction":[{"@type":"SearchAction","target":{"@type":"EntryPoint","urlTemplate":"https:\/\/iwell-guard.com\/is\/?s={search_term_string}"},"query-input":{"@type":"PropertyValueSpecification","valueRequired":true,"valueName":"search_term_string"}}],"inLanguage":"is"},{"@type":"Organization","@id":"https:\/\/iwell-guard.com\/is\/#organization","name":"Ittermann electronic GmbH","url":"https:\/\/iwell-guard.com\/is\/","logo":{"@type":"ImageObject","inLanguage":"is","@id":"https:\/\/iwell-guard.com\/is\/#\/schema\/logo\/image\/","url":"https:\/\/iwell-guard.com\/wp-content\/uploads\/2026\/05\/Ittermann-Logo-1182x237-1.png","contentUrl":"https:\/\/iwell-guard.com\/wp-content\/uploads\/2026\/05\/Ittermann-Logo-1182x237-1.png","width":1182,"height":237,"caption":"Ittermann electronic GmbH"},"image":{"@id":"https:\/\/iwell-guard.com\/is\/#\/schema\/logo\/image\/"},"sameAs":["https:\/\/pantip.com\/profile\/9367242","https:\/\/micro.blog\/iwellguard","https:\/\/www.diggerslist.com\/iwellguard\/about","https:\/\/skitterphoto.com\/photographers\/2870314\/iwell-guard","https:\/\/iwellguard.wordpress.com\/2026\/06\/06\/iwell-guard\/","https:\/\/hub.docker.com\/u\/iwellguard","https:\/\/www.pinterest.com\/iwellguard\/","https:\/\/bit.ly\/m\/iwellguard","https:\/\/entre-vos-mains.alsace.eu\/profiles\/iwellguard\/activity","https:\/\/gravatar.com\/reallybeded8fd34","https:\/\/naijamatta.com\/iwellguard","https:\/\/www.goodreads.com\/iwellguard","https:\/\/profile.hatena.ne.jp\/iwellguard\/","https:\/\/experiment.com\/users\/iwellguard","https:\/\/wakelet.com\/@iWellGuard82270","https:\/\/www.chordie.com\/forum\/profile.php?id=2555664","https:\/\/www.instapaper.com\/p\/17757966","https:\/\/www.mapleprimes.com\/users\/iwellguard","https:\/\/businesslistingplus.com\/profile\/iwell-guard\/","https:\/\/telegra.ph\/iWell-Guard-06-06","https:\/\/pbase.com\/iwellguard\/iwellguard","https:\/\/b.hatena.ne.jp\/iwellguard\/20260607#bookmark-4788405196491818882","https:\/\/fliphtml5.com\/home\/iwellguard","https:\/\/anyflip.com\/homepage\/cmiwl#About","https:\/\/transfur.com\/Users\/iwellguard","http:\/\/delphi.larsbo.org\/user\/iwellguard","https:\/\/jobs.lajobsportal.org\/profiles\/8380803-iwell-guard","https:\/\/md.chaosdorf.de\/s\/jfbe5SBdJD","https:\/\/www.lingvolive.com\/en-us\/profile\/9ecaeaca-ce11-4e51-9e71-01d55e2bff36\/translations","https:\/\/www.fitday.com\/fitness\/forums\/members\/iwellguard.html","https:\/\/www.mymeetbook.com\/iwellguard","https:\/\/pxhere.com\/en\/photographer-me\/5040798","https:\/\/disqus.com\/by\/iwellguard\/about\/","https:\/\/pastelink.net\/hjwciqwq","https:\/\/pubhtml5.com\/homepage\/scjhn\/","https:\/\/www.bitchute.com\/channel\/2O2eOKzNqujT","https:\/\/audiomack.com\/iwellguard"]}]}},"_links":{"self":[{"href":"https:\/\/iwell-guard.com\/is\/wp-json\/wp\/v2\/pages\/169247","targetHints":{"allow":["GET"]}}],"collection":[{"href":"https:\/\/iwell-guard.com\/is\/wp-json\/wp\/v2\/pages"}],"about":[{"href":"https:\/\/iwell-guard.com\/is\/wp-json\/wp\/v2\/types\/page"}],"author":[{"embeddable":true,"href":"https:\/\/iwell-guard.com\/is\/wp-json\/wp\/v2\/users\/3"}],"replies":[{"embeddable":true,"href":"https:\/\/iwell-guard.com\/is\/wp-json\/wp\/v2\/comments?post=169247"}],"version-history":[{"count":0,"href":"https:\/\/iwell-guard.com\/is\/wp-json\/wp\/v2\/pages\/169247\/revisions"}],"wp:featuredmedia":[{"embeddable":true,"href":"https:\/\/iwell-guard.com\/is\/wp-json\/wp\/v2\/media\/3577"}],"wp:attachment":[{"href":"https:\/\/iwell-guard.com\/is\/wp-json\/wp\/v2\/media?parent=169247"}],"wp:term":[{"taxonomy":"category","embeddable":true,"href":"https:\/\/iwell-guard.com\/is\/wp-json\/wp\/v2\/categories?post=169247"}],"curies":[{"name":"wp","href":"https:\/\/api.w.org\/{rel}","templated":true}]}}