{"id":169246,"date":"2026-09-05T14:06:48","date_gmt":"2026-09-05T14:06:48","guid":{"rendered":"https:\/\/iwell-guard.com\/?page_id=169246"},"modified":"2026-09-05T14:35:58","modified_gmt":"2026-09-05T14:35:58","slug":"himmelsbrief-skjolbref-thjodtruarins","status":"publish","type":"page","link":"https:\/\/iwell-guard.com\/is\/himmelsbrief-skjolbref-thjodtruarins\/","title":{"rendered":"Himmelsbrief \u2013 borinn skj\u00f3lbr\u00e9f \u00fej\u00f3\u00f0tr\u00faarins"},"content":{"rendered":"\t\t<div data-elementor-type=\"wp-page\" data-elementor-id=\"169246\" class=\"elementor elementor-169246 elementor-3738 elementor-bc-flex-widget\" data-elementor-post-type=\"page\">\n\t\t\t\t<div class=\"elementor-element elementor-element-iwgs-himmelsbrief-hero e-flex e-con-boxed e-con e-parent\" data-id=\"iwgs-himmelsbrief-hero\" data-element_type=\"container\" data-e-type=\"container\">\n\t\t\t\t\t<div class=\"e-con-inner\">\n\t\t<div class=\"elementor-element elementor-element-iwgs-himmelsbrief-hl e-flex e-con-boxed e-con e-parent\" data-id=\"iwgs-himmelsbrief-hl\" data-element_type=\"container\" data-e-type=\"container\">\n\t\t\t\t\t<div class=\"e-con-inner\">\n\t\t<div class=\"elementor-element elementor-element-iwgs-himmelsbrief-hlbox e-con-full e-flex e-con e-parent\" data-id=\"iwgs-himmelsbrief-hlbox\" data-element_type=\"container\" data-e-type=\"container\">\n\t\t\t\t<div class=\"elementor-element elementor-element-iwgs-himmelsbrief-h1 elementor-widget elementor-widget-heading\" data-id=\"iwgs-himmelsbrief-h1\" data-element_type=\"widget\" data-e-type=\"widget\" data-widget_type=\"heading.default\">\n\t\t\t\t\t<h1 class=\"elementor-heading-title elementor-size-default\">Himmelsbrief: borinn skj\u00f3lbr\u00e9f evr\u00f3psks \u00fej\u00f3\u00f0tr\u00faarsi\u00f0ar<\/h1>\t\t\t\t<\/div>\n\t\t\t\t<div class=\"elementor-element elementor-element-iwgs-himmelsbrief-lead elementor-widget elementor-widget-text-editor\" data-id=\"iwgs-himmelsbrief-lead\" data-element_type=\"widget\" data-e-type=\"widget\" data-widget_type=\"text-editor.default\">\n\t\t\t\t\t\t\t\t\t<p>Himmelsbrief er skrifa\u00f0 e\u00f0a prenta\u00f0 br\u00e9f sem \u00ed evr\u00f3pskri <span class=\"iwg-fachbegriff\" data-tooltip=\"Tr\u00faari\u00f0kun sem lifu\u00f0 er \u00ed daglegu l\u00edfi, oft samhli\u00f0a hinni opinberu kenningu.\" tabindex=\"0\">\u00fej\u00f3\u00f0tr\u00fa<\/span> var eigna\u00f0ur verndarkraftur. \u00dev\u00ed var tr\u00faa\u00f0 a\u00f0 \u00fea\u00f0 vernda\u00f0i \u00feann sem bar \u00fea\u00f0 gegn h\u00e6ttum eins og eldi, vatni, str\u00ed\u00f0i og skyndilegum dau\u00f0a.<\/p><p>Br\u00e9fi\u00f0 var \u00fatbreitt fr\u00e1 mi\u00f0\u00f6ldum fram \u00e1 20. \u00f6ld, s\u00e9rstaklega me\u00f0al hermanna og fer\u00f0alanga. Fr\u00e1 \u00fej\u00f3\u00f0fr\u00e6\u00f0ilegu sj\u00f3narhorni telst Himmelsbrief til rittengdra skj\u00f3lmi\u00f0a. \u00deessi grein fjallar um uppruna, innihald og t\u00falkun skj\u00f3lbr\u00e9fsins.<\/p>\n<p class=\"iwg-kwfix\">Himmelsbrief er borinn skj\u00f3lbr\u00e9f evr\u00f3psks \u00fej\u00f3\u00f0tr\u00faarsi\u00f0ar.<\/p>\t\t\t\t\t\t\t\t<\/div>\n\t\t\t\t<\/div>\n\t\t\t\t<div class=\"elementor-element elementor-element-iwgs-himmelsbrief-pills elementor-widget elementor-widget-html\" data-id=\"iwgs-himmelsbrief-pills\" data-element_type=\"widget\" data-e-type=\"widget\" data-widget_type=\"html.default\">\n\t\t\t\t\t<div class=\"iwg-pill-row\"><span class=\"iwg-klasse-badge\" tabindex=\"0\" data-tooltip=\"Skj\u00f3lmerki, verndargripur e\u00f0a ap\u00f3tr\u00f3pa\u00edskur hlutur.\">Skj\u00f3lmerki<\/span><a href=\"https:\/\/iwell-guard.com\/is\/verndartakn\/\" class=\"iwg-kultur-badge\" tabindex=\"0\" data-tooltip=\"Verndarhef\u00f0: Evr\u00f3psk \u00fej\u00f3\u00f0galdur\">Evr\u00f3psk \u00fej\u00f3\u00f0galdur<\/a><span class=\"iwg-tradition-badge\" tabindex=\"0\" data-tooltip=\"Skrifa\u00f0 bla\u00f0 sem \u00e1 a\u00f0 veita vernd.\">Skj\u00f3lbr\u00e9f<\/span><\/div>\t\t\t\t<\/div>\n\t\t\t\t\t<\/div>\n\t\t\t\t<\/div>\n\t\t<div class=\"elementor-element elementor-element-iwgs-himmelsbrief-hr e-con-full e-flex e-con e-parent\" data-id=\"iwgs-himmelsbrief-hr\" data-element_type=\"container\" data-e-type=\"container\">\n\t\t\t\t<div class=\"elementor-element elementor-element-iwgs-himmelsbrief-himg iwg-hero-image elementor-widget elementor-widget-image\" data-id=\"iwgs-himmelsbrief-himg\" data-element_type=\"widget\" data-e-type=\"widget\" data-widget_type=\"image.default\">\n\t\t\t\t\t\t\t\t\t\t\t\t\t\t\t<img fetchpriority=\"high\" decoding=\"async\" width=\"683\" height=\"1024\" src=\"https:\/\/iwell-guard.com\/wp-content\/uploads\/2026\/05\/schutzsymbol_volksmagie_himmelsbrief-683x1024.webp\" class=\"attachment-large size-large wp-image-170478\" alt=\"Himmelsbrief - verndart\u00e1kn, safnfr\u00e6\u00f0ileg myndskreyting\" srcset=\"https:\/\/iwell-guard.com\/wp-content\/uploads\/2026\/05\/schutzsymbol_volksmagie_himmelsbrief-683x1024.webp 683w, https:\/\/iwell-guard.com\/wp-content\/uploads\/2026\/05\/schutzsymbol_volksmagie_himmelsbrief-200x300.webp 200w, https:\/\/iwell-guard.com\/wp-content\/uploads\/2026\/05\/schutzsymbol_volksmagie_himmelsbrief-768x1152.webp 768w, https:\/\/iwell-guard.com\/wp-content\/uploads\/2026\/05\/schutzsymbol_volksmagie_himmelsbrief.webp 1024w\" sizes=\"(max-width: 683px) 100vw, 683px\" \/>\t\t\t\t\t\t\t\t\t\t\t\t\t\t\t<\/div>\n\t\t\t\t<\/div>\n\t\t\t\t\t<\/div>\n\t\t\t\t<\/div>\n\t\t<div class=\"elementor-element elementor-element-iwgs-himmelsbrief-s0 e-flex e-con-boxed e-con e-parent\" data-id=\"iwgs-himmelsbrief-s0\" data-element_type=\"container\" data-e-type=\"container\">\n\t\t\t\t\t<div class=\"e-con-inner\">\n\t\t\t\t<div class=\"elementor-element elementor-element-iwgs-himmelsbrief-s0h elementor-widget elementor-widget-heading\" data-id=\"iwgs-himmelsbrief-s0h\" data-element_type=\"widget\" data-e-type=\"widget\" data-widget_type=\"heading.default\">\n\t\t\t\t\t<h2 class=\"elementor-heading-title elementor-size-default\">Yfirlit<\/h2>\t\t\t\t<\/div>\n\t\t<div class=\"elementor-element elementor-element-iwgs-himmelsbrief-s0box e-con-full e-flex e-con e-parent\" data-id=\"iwgs-himmelsbrief-s0box\" data-element_type=\"container\" data-e-type=\"container\">\n\t\t\t\t<div class=\"elementor-element elementor-element-iwgs-himmelsbrief-s0t elementor-widget elementor-widget-text-editor\" data-id=\"iwgs-himmelsbrief-s0t\" data-element_type=\"widget\" data-e-type=\"widget\" data-widget_type=\"text-editor.default\">\n\t\t\t\t\t\t\t\t\t<p>Himmelsbrief er skjal sem eigna\u00f0ur var verndarkraftur. Nafn \u00feess er dregi\u00f0 af sta\u00f0h\u00e6fingunni um a\u00f0 br\u00e9fi\u00f0 hafi falli\u00f0 af himni e\u00f0a veri\u00f0 skrifa\u00f0 af Gu\u00f0i sj\u00e1lfum. \u00deessi meinti himneski uppruni var talinn r\u00e9ttl\u00e6ta \u00e6tla\u00f0a virkni \u00feess.<\/p><p>Br\u00e9fi\u00f0 gengur undir m\u00f6rgum n\u00f6fnum. \u00datbreidd eru Himmelsbrief, skj\u00f3lbr\u00e9f, blessunarbr\u00e9f og \u00ed hermannasamhengi einnig orustubr\u00e9f e\u00f0a varnarbr\u00e9f. \u00deessi nafnafj\u00f6lbreytni s\u00fdnir hinar mismunandi notkunarlei\u00f0ir.<\/p><p>Fr\u00e1 \u00fej\u00f3\u00f0fr\u00e6\u00f0ilegu sj\u00f3narhorni telst Himmelsbrief til rittengdra skj\u00f3lmi\u00f0a. \u00dea\u00f0 stendur \u00ed r\u00f6\u00f0 me\u00f0 blessunarmi\u00f0um, verndarlokkum og \u00f6\u00f0rum \u00e1letru\u00f0um hlutum sem eigna\u00f0ur var fr\u00e1hrindandi kraftur.<\/p><p>\u00d3l\u00edkt rispu\u00f0u e\u00f0a m\u00e1la\u00f0u merki virka\u00f0i Himmelsbrief \u00ed gegnum sj\u00e1lfan textann. Hi\u00f0 skrifa\u00f0a or\u00f0, s\u00e9rstaklega heil\u00f6g or\u00f0 og n\u00f6fn, var tali\u00f0 bera verndarkraftinn. \u00deannig telst br\u00e9fi\u00f0 til fj\u00f6lskyldu <a href=\"https:\/\/iwell-guard.com\/is\/verndartakn\/\">skj\u00f3lmerkja<\/a> <span class=\"iwg-fachbegriff\" data-tooltip=\"Tr\u00faari\u00f0kun sem lifu\u00f0 er \u00ed daglegu l\u00edfi, oft samhli\u00f0a hinni opinberu kenningu.\" tabindex=\"0\">\u00fej\u00f3\u00f0tr\u00faarins<\/span>.<\/p><p>Einkennandi er n\u00e1in tenging kristinnar <span class=\"iwg-fachbegriff\" data-tooltip=\"Tr\u00faarleg afsta\u00f0a og i\u00f0kun einstaklings \u00ed lifandi framkv\u00e6md.\" tabindex=\"0\">tr\u00far\u00e6kni<\/span> og \u00fej\u00f3\u00f0galdrahef\u00f0ar. Himmelsbrief v\u00edsar st\u00f6\u00f0ugt til Gu\u00f0s, Krists og heilagra, en tengir \u00fe\u00e1 tilv\u00edsun vi\u00f0 galdurslega hugsa\u00f0a verndarvirkni.<\/p><p>\u00dea\u00f0 er vert a\u00f0 undirstrika a\u00f0 verndarvirkni Himmelsbriefs l\u00fdsir s\u00f6gulegri tr\u00faarhugmynd. Br\u00e9fi\u00f0 er \u00fej\u00f3\u00f0fr\u00e6\u00f0ilegt vitnisbur\u00f0ur, ekki virkt verndarme\u00f0al \u00ed n\u00e1tt\u00farufr\u00e6\u00f0ilegum skilningi. Kirkjan hefur \u00edtreka\u00f0 hafna\u00f0 \u00fev\u00ed.<\/p>\t\t\t\t\t\t\t\t<\/div>\n\t\t\t\t<\/div>\n\t\t\t\t\t<\/div>\n\t\t\t\t<\/div>\n\t\t<div class=\"elementor-element elementor-element-iwgs-himmelsbrief-s1 e-flex e-con-boxed e-con e-parent\" data-id=\"iwgs-himmelsbrief-s1\" data-element_type=\"container\" data-e-type=\"container\">\n\t\t\t\t\t<div class=\"e-con-inner\">\n\t\t\t\t<div class=\"elementor-element elementor-element-iwgs-himmelsbrief-s1h elementor-widget elementor-widget-heading\" data-id=\"iwgs-himmelsbrief-s1h\" data-element_type=\"widget\" data-e-type=\"widget\" data-widget_type=\"heading.default\">\n\t\t\t\t\t<h2 class=\"elementor-heading-title elementor-size-default\">Uppruni og saga<\/h2>\t\t\t\t<\/div>\n\t\t<div class=\"elementor-element elementor-element-iwgs-himmelsbrief-s1box e-con-full e-flex e-con e-parent\" data-id=\"iwgs-himmelsbrief-s1box\" data-element_type=\"container\" data-e-type=\"container\">\n\t\t\t\t<div class=\"elementor-element elementor-element-iwgs-himmelsbrief-s1t elementor-widget elementor-widget-text-editor\" data-id=\"iwgs-himmelsbrief-s1t\" data-element_type=\"widget\" data-e-type=\"widget\" data-widget_type=\"text-editor.default\">\n\t\t\t\t\t\t\t\t\t<p>Hugmyndin um br\u00e9f sem falli\u00f0 hefur af himni er fornrar r\u00f3tar. \u00deegar \u00e1 <span class=\"iwg-fachbegriff\" data-tooltip=\"Yfirgangst\u00edmabil milli fornaldar og mi\u00f0alda, um \u00fea\u00f0 bil 3. til 7. \u00f6ld.\" tabindex=\"0\">s\u00ed\u00f0forn\u00f6ld<\/span> eru til textar sem s\u00f6g\u00f0ust vera himneskur bo\u00f0skapur, oft tengdir \u00e1minningu um a\u00f0 halda sunnudaginn heilagan.<\/p><p>\u00c1 mi\u00f0\u00f6ldum breiddust sl\u00edk br\u00e9f \u00fat \u00ed m\u00f6rgum \u00fatg\u00e1fum um alla Evr\u00f3pu. \u00deau voru afritu\u00f0 og send \u00e1fram, oft me\u00f0 \u00e1skorun um a\u00f0 fj\u00f6lfalda br\u00e9fi\u00f0, \u00fev\u00ed \u00fea\u00f0 var tali\u00f0 bera <span class=\"iwg-fachbegriff\" data-tooltip=\"\u00d3sk um heill og vernd, oft \u00ed fastri m\u00e1lformi.\" tabindex=\"0\">blessun<\/span> og vanr\u00e6ksla \u00feess \u00f3g\u00e6fu.<\/p><p>S\u00e9rlega \u00feekkt \u00fatg\u00e1fa er hi\u00f0 svokalla\u00f0a sunnudagsbr\u00e9f, sem sagt var hafa falli\u00f0 af himni \u00ed Jer\u00fasalem e\u00f0a R\u00f3m. Auk \u00feess ur\u00f0u til \u00fatg\u00e1fur sem lofu\u00f0u berum or\u00f0um vernd gegn \u00e1kve\u00f0num h\u00e6ttum.<\/p><p>Me\u00f0 \u00fatbrei\u00f0slu prentlistarinnar voru Himmelsbrief prentu\u00f0 og seld \u00ed st\u00f3rum st\u00edl. \u00deau t\u00f6ldust til al\u00fe\u00fd\u00f0legra prentgripa sem seld voru \u00e1 m\u00f6rku\u00f0um og af farands\u00f6lum. \u00deannig n\u00e1\u00f0i br\u00e9fi\u00f0 til brei\u00f0ra samf\u00e9lagsh\u00f3pa.<\/p><p>Himmelsbrief upplif\u00f0i bl\u00f3maskei\u00f0 sem hermannabr\u00e9f \u00ed str\u00ed\u00f0unum \u00e1 18., 19. og fyrri hluta 20. aldar. Hermenn b\u00e1ru \u00fea\u00f0 s\u00e9r til varnar gegn byssuk\u00falum og sver\u00f0sh\u00f6ggum. Enn \u00ed fyrri heimsstyrj\u00f6ldinni voru sl\u00edk br\u00e9f \u00fatbreidd.<\/p><p>Saga Himmelsbriefs s\u00fdnir eftirtektarver\u00f0a langl\u00edfi. Fr\u00e1 <span class=\"iwg-fachbegriff\" data-tooltip=\"Yfirgangst\u00edmabil milli fornaldar og mi\u00f0alda, um \u00fea\u00f0 bil 3. til 7. \u00f6ld.\" tabindex=\"0\">s\u00ed\u00f0forn\u00f6ld<\/span> yfir \u00ed prenta\u00f0a marka\u00f0sbla\u00f0i\u00f0 og allt til hermannabr\u00e9fsins \u00e1 20. \u00f6ld h\u00e9lst grunnhugmyndin lifandi um margar aldir.<\/p><p>S\u00e9rstakt \u00e1hrifalag f\u00e9kk Himmelsbrief me\u00f0 si\u00f0breytingunni og tr\u00faardeilum frumn\u00fdaldar. Me\u00f0an br\u00e9fin gengu b\u00e6\u00f0i \u00ed ka\u00fe\u00f3lskum og l\u00fatherskum sv\u00e6\u00f0um, v\u00f6ru\u00f0u kirkjur b\u00e1\u00f0ra j\u00e1tninga jafnt vi\u00f0 \u00feeim. S\u00fa kirkjulega andsta\u00f0a er vel skjalfest og s\u00fdnir hversu dj\u00fapt <span class=\"iwg-fachbegriff\" data-tooltip=\"Hef\u00f0bundin ath\u00f6fn sem endurtekin er reglulega \u00ed samf\u00e9lagi.\" tabindex=\"0\">si\u00f0urinn<\/span> var r\u00f3tfastur me\u00f0al al\u00fe\u00fd\u00f0unnar.<\/p>\t\t\t\t\t\t\t\t<\/div>\n\t\t\t\t<\/div>\n\t\t\t\t\t<\/div>\n\t\t\t\t<\/div>\n\t\t<div class=\"elementor-element elementor-element-iwgs-himmelsbrief-s2 e-flex e-con-boxed e-con e-parent\" data-id=\"iwgs-himmelsbrief-s2\" data-element_type=\"container\" data-e-type=\"container\">\n\t\t\t\t\t<div class=\"e-con-inner\">\n\t\t\t\t<div class=\"elementor-element elementor-element-iwgs-himmelsbrief-s2h elementor-widget elementor-widget-heading\" data-id=\"iwgs-himmelsbrief-s2h\" data-element_type=\"widget\" data-e-type=\"widget\" data-widget_type=\"heading.default\">\n\t\t\t\t\t<h2 class=\"elementor-heading-title elementor-size-default\">Form, efni og ger\u00f0<\/h2>\t\t\t\t<\/div>\n\t\t<div class=\"elementor-element elementor-element-iwgs-himmelsbrief-s2box e-con-full e-flex e-con e-parent\" data-id=\"iwgs-himmelsbrief-s2box\" data-element_type=\"container\" data-e-type=\"container\">\n\t\t\t\t<div class=\"elementor-element elementor-element-iwgs-himmelsbrief-s2t elementor-widget elementor-widget-text-editor\" data-id=\"iwgs-himmelsbrief-s2t\" data-element_type=\"widget\" data-e-type=\"widget\" data-widget_type=\"text-editor.default\">\n\t\t\t\t\t\t\t\t\t<p>Himnabr\u00e9fi\u00f0 er textaskjal. \u00c1 fyrri t\u00edmum var \u00fea\u00f0 handskrifa\u00f0 upp, s\u00ed\u00f0ar prenta\u00f0. Efni\u00f0 var papp\u00edr e\u00f0a skinn, oftast \u00ed n\u00f3gu litlu broti til a\u00f0 vera bori\u00f0 samanbroti\u00f0.<\/p><p>Textinn fylgir endurteknum byggingareiningum. \u00cd upphafi er oft fr\u00e1s\u00f6gn af hinum himneska uppruna, s\u00ed\u00f0an koma \u00e1minningar, blessunarform\u00falur og \u00e1\u00fereifanleg lofor\u00f0 um verndun. Oft endar br\u00e9fi\u00f0 \u00e1 \u00e1skorun um a\u00f0 dreifa \u00fev\u00ed \u00e1fram.<\/p><p>Mi\u00f0l\u00e6gir hlutar eru heil\u00f6g n\u00f6fn og or\u00f0. N\u00f6fn Gu\u00f0s, Krists og hinna \u00feriggja konunga, stuttar bibl\u00edutilvitnanir og latnesk form\u00falur voru taldar s\u00e9rstaklega m\u00e1ttugar. \u00deau myndu\u00f0u kjarna \u00feeirrar verkunar sem br\u00e9finu var eignu\u00f0.<\/p><p>Prentu\u00f0 himnabr\u00e9f voru oft skreytt myndum. Myndir af krossfestingunni, hinni heil\u00f6gu fj\u00f6lskyldu e\u00f0a verndard\u00fdrlingum pr\u00fdddu bla\u00f0i\u00f0 og undirstriku\u00f0u tr\u00faarlegan bl\u00e6 \u00feess.<\/p><p>Til a\u00f0 vera bori\u00f0 var br\u00e9fi\u00f0 broti\u00f0 margsinnis saman \u00feannig a\u00f0 \u00far var\u00f0 l\u00edtill b\u00f6ggull. Oft var \u00fea\u00f0 sauma\u00f0 inn \u00ed kl\u00e6\u00f0isb\u00fat e\u00f0a vari\u00f0 \u00ed hylki, l\u00edkt og <a href=\"https:\/\/iwell-guard.com\/is\/?page_id=169134\">verndargripur og talisman<\/a>.<\/p><p>S\u00e9rst\u00f6k <span class=\"iwg-fachbegriff\" data-tooltip=\"Tr\u00faarleg ath\u00f6fn \u00fear sem hlutur, sta\u00f0ur e\u00f0a manneskja er afhent hinum tr\u00faarlega heimi.\" tabindex=\"0\">helgun<\/span> var ekki br\u00e1\u00f0nau\u00f0synleg, \u00fev\u00ed a\u00f0 samkv\u00e6mt tr\u00fanni s\u00f3tti br\u00e9fi\u00f0 m\u00e1tt sinn \u00ed textann og hinn himneska uppruna. Sumir eigendur l\u00e9tu \u00fe\u00f3 blessa br\u00e9fi\u00f0 til vi\u00f0b\u00f3tar til a\u00f0 styrkja verkunina.<\/p><p>\u00cd sumum \u00fatg\u00e1fum voru \u00e1 ja\u00f0rinum krossmerki, litlar stj\u00f6rnur e\u00f0a b\u00f3kstafarunur sem voru taldar aukalegar verndarform\u00falur. Sl\u00edk merki styrktu tr\u00faarlegan bl\u00e6 bla\u00f0sins og tengdu br\u00e9fi\u00f0 s\u00fdnilega vi\u00f0 hina v\u00ed\u00f0t\u00e6kari fj\u00f6lskyldu skrifa\u00f0ra og teikna\u00f0ra verndargripa <span class=\"iwg-fachbegriff\" data-tooltip=\"Tr\u00faari\u00f0kun \u00ed daglegu l\u00edfi, oft samhli\u00f0a hinni opinberu kenningu.\" tabindex=\"0\">al\u00fe\u00fd\u00f0utr\u00faar<\/span>.<\/p>\t\t\t\t\t\t\t\t<\/div>\n\t\t\t\t<\/div>\n\t\t\t\t\t<\/div>\n\t\t\t\t<\/div>\n\t\t<div class=\"elementor-element elementor-element-iwgs-himmelsbrief-s3 e-flex e-con-boxed e-con e-parent\" data-id=\"iwgs-himmelsbrief-s3\" data-element_type=\"container\" data-e-type=\"container\">\n\t\t\t\t\t<div class=\"e-con-inner\">\n\t\t\t\t<div class=\"elementor-element elementor-element-iwgs-himmelsbrief-s3h elementor-widget elementor-widget-heading\" data-id=\"iwgs-himmelsbrief-s3h\" data-element_type=\"widget\" data-e-type=\"widget\" data-widget_type=\"heading.default\">\n\t\t\t\t\t<h2 class=\"elementor-heading-title elementor-size-default\">\u00dej\u00f3\u00f0fr\u00e6\u00f0ilegur bakgrunnur og tr\u00faarhugmyndir<\/h2>\t\t\t\t<\/div>\n\t\t<div class=\"elementor-element elementor-element-iwgs-himmelsbrief-s3box e-con-full e-flex e-con e-parent\" data-id=\"iwgs-himmelsbrief-s3box\" data-element_type=\"container\" data-e-type=\"container\">\n\t\t\t\t<div class=\"elementor-element elementor-element-iwgs-himmelsbrief-s3t elementor-widget elementor-widget-text-editor\" data-id=\"iwgs-himmelsbrief-s3t\" data-element_type=\"widget\" data-e-type=\"widget\" data-widget_type=\"text-editor.default\">\n\t\t\t\t\t\t\t\t\t<p>Himnabr\u00e9fi\u00f0 byggir \u00e1 tr\u00fanni \u00e1 m\u00e1tt hins skrifa\u00f0a heilaga or\u00f0s. Heil\u00f6g n\u00f6fn og bibl\u00eduor\u00f0 voru ekki a\u00f0eins talin skilabo\u00f0, heldur virk kraftur sem vernda\u00f0i me\u00f0 n\u00e6rveru sinni einni saman.<\/p><p>Hinn fullyrti himneski uppruni var afgerandi fyrir verkunina. Br\u00e9f skrifa\u00f0 af Gu\u00f0i sj\u00e1lfum var\u00f0, samkv\u00e6mt \u00feessari r\u00f6kf\u00e6rslu, a\u00f0 vera \u00f3brig\u00f0anlegt. Sagan af \u00fev\u00ed hvernig br\u00e9fi\u00f0 f\u00e9ll ni\u00f0ur af himni r\u00e9ttl\u00e6tti og treysti gildi \u00feess.<\/p><p>Himnabr\u00e9fi\u00f0 lofa\u00f0i vernd gegn \u00fdmsum \u00e1\u00fereifanlegum h\u00e6ttum. Oftast er nefnt eldur, vatn, eldingar, str\u00ed\u00f0, vopn, pl\u00e1ga og sviplegur, \u00f3undirb\u00fainn dau\u00f0dagi. \u00deessi listi endurspeglar mestu \u00f3tta samf\u00e9lagsins fyrir t\u00edma n\u00fat\u00edmans.<\/p><p>Sviplegur dau\u00f0dagi \u00e1n sakramenta var s\u00e9rstaklega \u00f3tta\u00f0ur, \u00fev\u00ed hann setti s\u00e1luhj\u00e1lpina \u00ed h\u00e6ttu. Himnabr\u00e9fi\u00f0 lofa\u00f0i vernd gegn \u00feessu, sem \u00fatsk\u00fdrir mikilv\u00e6gi \u00feess fyrir hermenn og fer\u00f0alanga sem ur\u00f0u fyrir sl\u00edkum h\u00e6ttum.<\/p><p>\u00c1skorunin um a\u00f0 dreifa br\u00e9finu fylgdi eigin r\u00f6kfr\u00e6\u00f0i. S\u00e1 sem skrifa\u00f0i upp br\u00e9fi\u00f0 og dreif\u00f0i \u00fev\u00ed \u00e1tti a\u00f0 hlj\u00f3ta <span class=\"iwg-fachbegriff\" data-tooltip=\"Blessun og verndun, oft \u00ed fastri m\u00e1lfarslegri mynd.\" tabindex=\"0\">blessun<\/span>, en s\u00e1 sem l\u00e9t \u00fea\u00f0 \u00f3gert \u00e1tti a\u00f0 hlj\u00f3ta \u00f3g\u00e6fu. \u00deessi ke\u00f0jubygging trygg\u00f0i \u00e1framhaldandi \u00fatbrei\u00f0slu textans.<\/p><p>Afsta\u00f0a kirkjunnar til himnabr\u00e9fsins var gagnr\u00fdnin. Gu\u00f0fr\u00e6\u00f0ingar v\u00edsu\u00f0u fullyr\u00f0ingunni um himneskan uppruna \u00e1 bug sem svikum og v\u00f6ru\u00f0u vi\u00f0 t\u00f6frakenndri notkun heilagra or\u00f0a. \u00der\u00e1tt fyrir \u00fea\u00f0 h\u00e9lt br\u00e9fi\u00f0 s\u00ednu striki \u00ferj\u00f3skulega innan <span class=\"iwg-fachbegriff\" data-tooltip=\"Tr\u00faari\u00f0kun \u00ed daglegu l\u00edfi, oft samhli\u00f0a hinni opinberu kenningu.\" tabindex=\"0\">al\u00fe\u00fd\u00f0utr\u00faar<\/span>.<\/p><p>Athyglisver\u00f0 er innri spenna br\u00e9fsins. \u00dea\u00f0 v\u00edsar til valds kirkjunnar og heilagra or\u00f0a en losar sig samt\u00edmis undan \u00fev\u00ed valdi me\u00f0 \u00fev\u00ed a\u00f0 lofa vernd \u00f3h\u00e1\u00f0 skriftum, messu og presti. \u00deetta sj\u00e1lfst\u00e6\u00f0i gagnvart hj\u00e1lpr\u00e6\u00f0ismi\u00f0lun kirkjunnar var ein helsta \u00e1st\u00e6\u00f0a gu\u00f0fr\u00e6\u00f0ilegrar andst\u00f6\u00f0u gegn \u00fev\u00ed.<\/p>\t\t\t\t\t\t\t\t<\/div>\n\t\t\t\t<\/div>\n\t\t\t\t\t<\/div>\n\t\t\t\t<\/div>\n\t\t<div class=\"elementor-element elementor-element-iwgs-himmelsbrief-s4 e-flex e-con-boxed e-con e-parent\" data-id=\"iwgs-himmelsbrief-s4\" data-element_type=\"container\" data-e-type=\"container\">\n\t\t\t\t\t<div class=\"e-con-inner\">\n\t\t\t\t<div class=\"elementor-element elementor-element-iwgs-himmelsbrief-s4h elementor-widget elementor-widget-heading\" data-id=\"iwgs-himmelsbrief-s4h\" data-element_type=\"widget\" data-e-type=\"widget\" data-widget_type=\"heading.default\">\n\t\t\t\t\t<h2 class=\"elementor-heading-title elementor-size-default\">Notkun og si\u00f0ur<\/h2>\t\t\t\t<\/div>\n\t\t<div class=\"elementor-element elementor-element-iwgs-himmelsbrief-s4box e-con-full e-flex e-con e-parent\" data-id=\"iwgs-himmelsbrief-s4box\" data-element_type=\"container\" data-e-type=\"container\">\n\t\t\t\t<div class=\"elementor-element elementor-element-iwgs-himmelsbrief-s4t elementor-widget elementor-widget-text-editor\" data-id=\"iwgs-himmelsbrief-s4t\" data-element_type=\"widget\" data-e-type=\"widget\" data-widget_type=\"text-editor.default\">\n\t\t\t\t\t\t\t\t\t<p>Himnabr\u00e9fi\u00f0 var bori\u00f0 \u00e1 l\u00edkamanum. Oft var \u00fea\u00f0 \u00ed brj\u00f3stvasa, sauma\u00f0 inn \u00ed fatna\u00f0 e\u00f0a h\u00e9kk \u00ed hylki um h\u00e1lsinn. N\u00e1l\u00e6g\u00f0in vi\u00f0 l\u00edkamann var talin mikilv\u00e6g fyrir verndarm\u00e1ttinn.<\/p><p>Br\u00e9fi\u00f0 var s\u00e9rstaklega algengt me\u00f0al hermanna. Fyrir brottf\u00f6r \u00ed str\u00ed\u00f0 fengu margir himnabr\u00e9f fr\u00e1 \u00e6ttingjum, oft fr\u00e1 m\u00f3\u00f0ur e\u00f0a eiginkonu. \u00dev\u00ed var \u00e6tla\u00f0 a\u00f0 verja eigandann fr\u00e1 k\u00falum og h\u00f6ggum.<\/p><p>Einnig fer\u00f0alangar, sj\u00f3menn og f\u00f3lk \u00ed h\u00e6ttulegum starfsgreinum b\u00e1ru br\u00e9fi\u00f0. \u00deeir sem ur\u00f0u fyrir h\u00e6ttum sem \u00feeir g\u00e1tu vart komist undan s\u00f3ttu \u00ed himnabr\u00e9fi\u00f0 auki\u00f0 \u00f6ryggi.<\/p><p>\u00c1 heimilum var himnabr\u00e9fi\u00f0 oft var\u00f0veitt e\u00f0a hengt upp til a\u00f0 vernda allt h\u00fasi\u00f0. \u00cd \u00feessari notkun t\u00f3k \u00fea\u00f0 s\u00e6ti vi\u00f0 hli\u00f0 annarra byggingarverndargripa <span class=\"iwg-fachbegriff\" data-tooltip=\"Tr\u00faari\u00f0kun \u00ed daglegu l\u00edfi, oft samhli\u00f0a hinni opinberu kenningu.\" tabindex=\"0\">al\u00fe\u00fd\u00f0utr\u00faar<\/span>.<\/p><p>Br\u00e9fi\u00f0 var oft gefi\u00f0. A\u00f0 gefa himnabr\u00e9f til hermanns e\u00f0a fer\u00f0alangs sem var a\u00f0 fara af sta\u00f0 var umhyggjuath\u00f6fn og t\u00e1kna\u00f0i g\u00f3\u00f0ar \u00f3skir. \u00deessi gjafahef\u00f0 stu\u00f0la\u00f0i a\u00f0 \u00fatbrei\u00f0slu br\u00e9fsins.<\/p><p>\u00c1skorunin um a\u00f0 fj\u00f6lfalda br\u00e9fi\u00f0 leiddi til \u00feess a\u00f0 m\u00f6rg br\u00e9f voru handskrifu\u00f0 upp. A\u00f0 skrifa br\u00e9fi\u00f0 upp var \u00ed sj\u00e1lfu s\u00e9r tali\u00f0 ver\u00f0ugt verk og trygg\u00f0i samt\u00edmis \u00e1framhaldandi dreifingu textans.<\/p><p>\u00cd herna\u00f0arlegri notkun gat tr\u00fain \u00e1 k\u00faluheldni br\u00e9fsins haft bein \u00e1hrif. Fr\u00e1sagnir fr\u00e1 18. og 19. \u00f6ld greina fr\u00e1 herm\u00f6nnum sem heg\u00f0u\u00f0u s\u00e9r \u00f3g\u00e6tilega \u00ed trausti \u00e1 br\u00e9fi\u00f0. \u00dea\u00f0 var einmitt vonbrig\u00f0in sem fylgdu \u00fev\u00ed sem stu\u00f0lu\u00f0u a\u00f0 \u00fev\u00ed a\u00f0 himnabr\u00e9fi\u00f0 glata\u00f0i me\u00f0 t\u00edmanum tr\u00faver\u00f0ugleika s\u00ednum innan hersins.<\/p>\t\t\t\t\t\t\t\t<\/div>\n\t\t\t\t<\/div>\n\t\t\t\t\t<\/div>\n\t\t\t\t<\/div>\n\t\t<div class=\"elementor-element elementor-element-iwgs-himmelsbrief-s5 e-flex e-con-boxed e-con e-parent\" data-id=\"iwgs-himmelsbrief-s5\" data-element_type=\"container\" data-e-type=\"container\">\n\t\t\t\t\t<div class=\"e-con-inner\">\n\t\t\t\t<div class=\"elementor-element elementor-element-iwgs-himmelsbrief-s5h elementor-widget elementor-widget-heading\" data-id=\"iwgs-himmelsbrief-s5h\" data-element_type=\"widget\" data-e-type=\"widget\" data-widget_type=\"heading.default\">\n\t\t\t\t\t<h2 class=\"elementor-heading-title elementor-size-default\">Sv\u00e6\u00f0isbundin afbrig\u00f0i og tengt efni<\/h2>\t\t\t\t<\/div>\n\t\t<div class=\"elementor-element elementor-element-iwgs-himmelsbrief-s5box e-con-full e-flex e-con e-parent\" data-id=\"iwgs-himmelsbrief-s5box\" data-element_type=\"container\" data-e-type=\"container\">\n\t\t\t\t<div class=\"elementor-element elementor-element-iwgs-himmelsbrief-s5t elementor-widget elementor-widget-text-editor\" data-id=\"iwgs-himmelsbrief-s5t\" data-element_type=\"widget\" data-e-type=\"widget\" data-widget_type=\"text-editor.default\">\n\t\t\t\t\t\t\t\t\t<p>Himnabr\u00e9fi\u00f0 (Himmelsbrief) var \u00fatbreitt um alla Evr\u00f3pu og var til \u00ed m\u00f6rgum \u00fatg\u00e1fum, b\u00e6\u00f0i \u00e1 tungum\u00e1li og innihaldi. \u00de\u00fdskum\u00e6landi \u00fatg\u00e1furnar eru mismunandi eftir sv\u00e6\u00f0um, b\u00e6\u00f0i \u00ed or\u00f0alagi og \u00fatliti.<\/p><p>Ein \u00feekkt \u00fatg\u00e1fa er br\u00e9fi\u00f0 sem sagt var hafa falli\u00f0 af himni vi\u00f0 Holstein. A\u00f0rar \u00fatg\u00e1fur nefna Magdeburg, Jer\u00fasalem e\u00f0a R\u00f3m sem fundarsta\u00f0. Sta\u00f0setningin gaf br\u00e9finu sta\u00f0bundna tr\u00faver\u00f0ugleika.<\/p><p>Himnabr\u00e9fi\u00f0 er n\u00e1skylt sunnudagsbr\u00e9finu, sem hvatti fyrst og fremst til helgunar sunnudagsins. B\u00e6\u00f0i textaformin skarast og var \u00feeim stundum blanda\u00f0 saman.<\/p><p>Skylt er einnig \u201eBreverl\u201c, samanbrotinn verndarb\u00f6ggull fr\u00e1 Su\u00f0ur-\u00de\u00fdskalandi og Alpasv\u00e6\u00f0inu. Hann innih\u00e9lt blessunarse\u00f0la, litlar myndir og helgigripaagnir og var borinn eins og himnabr\u00e9fi\u00f0.<\/p><p>\u00cd v\u00ed\u00f0ari fj\u00f6lskyldu ritbundinna verndargripa eru blessunarse\u00f0lar me\u00f0 einst\u00f6kum b\u00e6num, \u00e1skrifa\u00f0ir se\u00f0lar \u00ed verndargripahylkjum og galdrabr\u00e9f gegn \u00e1kve\u00f0num sj\u00fakd\u00f3mum. Allt \u00feetta deilir tr\u00fanni \u00e1 kraft hins skrifa\u00f0a or\u00f0s.<\/p><p>\u00der\u00e1tt fyrir sv\u00e6\u00f0isbundinn fj\u00f6lbreytileika kemur fram sameiginlegt mynstur. Alls sta\u00f0ar v\u00edsar br\u00e9fi\u00f0 til himnesks uppruna, alls sta\u00f0ar lofar \u00fea\u00f0 vernd gegn tilteknum h\u00e6ttum og alls sta\u00f0ar tengir \u00fea\u00f0 kristna <span class=\"iwg-fachbegriff\" data-tooltip=\"S\u00fa tr\u00faarlega afsta\u00f0a og i\u00f0kun sem einstaklingur lifir eftir.\" tabindex=\"0\">gu\u00f0r\u00e6kni<\/span> vi\u00f0 t\u00f6frahugsa\u00f0a virkni.<\/p><p>Utan hins kristna Vesturlands eru svipa\u00f0ar hugmyndir \u00feekktar \u00ed \u00f6\u00f0rum ritmenningum. Textar sem eru sag\u00f0ir vera himneskur bo\u00f0skapur og sem lofa <span class=\"iwg-fachbegriff\" data-tooltip=\"Fyrirheit um heill og vernd, oft \u00ed fastri m\u00e1lformi.\" tabindex=\"0\">blessun<\/span> vi\u00f0 uppskrift finnast \u00ed \u00fdmsum tr\u00faarlegum samhengjum. Evr\u00f3pska himnabr\u00e9fi\u00f0 er \u00feannig sv\u00e6\u00f0isbundin birtingarmynd v\u00ed\u00f0t\u00e6kara fyrirb\u00e6ris um kraftmiki\u00f0, yfirn\u00e1tt\u00farulega sta\u00f0fest skjal.<\/p>\t\t\t\t\t\t\t\t<\/div>\n\t\t\t\t<\/div>\n\t\t\t\t\t<\/div>\n\t\t\t\t<\/div>\n\t\t<div class=\"elementor-element elementor-element-iwgs-himmelsbrief-s6 e-flex e-con-boxed e-con e-parent\" data-id=\"iwgs-himmelsbrief-s6\" data-element_type=\"container\" data-e-type=\"container\">\n\t\t\t\t\t<div class=\"e-con-inner\">\n\t\t\t\t<div class=\"elementor-element elementor-element-iwgs-himmelsbrief-s6h elementor-widget elementor-widget-heading\" data-id=\"iwgs-himmelsbrief-s6h\" data-element_type=\"widget\" data-e-type=\"widget\" data-widget_type=\"heading.default\">\n\t\t\t\t\t<h2 class=\"elementor-heading-title elementor-size-default\">Merking sem verndargripur<\/h2>\t\t\t\t<\/div>\n\t\t<div class=\"elementor-element elementor-element-iwgs-himmelsbrief-s6box e-con-full e-flex e-con e-parent\" data-id=\"iwgs-himmelsbrief-s6box\" data-element_type=\"container\" data-e-type=\"container\">\n\t\t\t\t<div class=\"elementor-element elementor-element-iwgs-himmelsbrief-s6t elementor-widget elementor-widget-text-editor\" data-id=\"iwgs-himmelsbrief-s6t\" data-element_type=\"widget\" data-e-type=\"widget\" data-widget_type=\"text-editor.default\">\n\t\t\t\t\t\t\t\t\t<p>Verndar\u00fe\u00fd\u00f0ing himnabr\u00e9fsins byggist \u00e1 tr\u00fanni \u00e1 kraft hins heilaga skrifa\u00f0a or\u00f0s. Heil\u00f6g n\u00f6fn, bibl\u00eduvers og hin fullyrta gu\u00f0lega h\u00f6fundarverk myndu\u00f0u saman \u00fe\u00e1 virkni sem br\u00e9finu var eignu\u00f0.<\/p><p>Br\u00e9fi\u00f0 lofa\u00f0i v\u00ed\u00f0t\u00e6kri vernd. \u00d3l\u00edkt verndargrip sem beinist gegn einni h\u00e6ttu n\u00e1\u00f0i \u00fea\u00f0 yfir heilan lista af h\u00e6ttum, allt fr\u00e1 eldi og vatni til str\u00ed\u00f0s og skyndilegs dau\u00f0a.<\/p><p>S\u00e9rstaklega mikilv\u00e6g var lofor\u00f0i\u00f0 um vernd gegn \u00f3undirb\u00fanum dau\u00f0a. \u00c1 t\u00edmum \u00feegar s\u00e1luhj\u00e1lp var talin h\u00e1\u00f0 g\u00f3\u00f0um dau\u00f0daga me\u00f0 sakramentum var \u00feetta lofor\u00f0 \u00feungv\u00e6gt.<\/p><p>Fyrir hermenn l\u00e1 gildi br\u00e9fsins \u00ed voninni um l\u00edkamlegt \u00f3s\u00e6ranleika. Tr\u00fain \u00e1 a\u00f0 vera skotheldur me\u00f0 br\u00e9finu veitti s\u00e1larlega festu \u00ed vonlausum a\u00f0st\u00e6\u00f0um.<\/p><p>Hlutverk br\u00e9fsins var \u00feannig einnig s\u00e1lfr\u00e6\u00f0ilegt. S\u00e1 sem bar himnabr\u00e9f fann s\u00ed\u00f0ur fyrir varnarleysi gagnvart h\u00e6ttu. \u00deessi r\u00f3semandi virkni var \u00f3h\u00e1\u00f0 spurningunni um raunverulega verndarvirkni.<\/p><p>\u00dea\u00f0 er vert a\u00f0 taka fram a\u00f0 \u00feessi verndar\u00fe\u00fd\u00f0ing endurspeglar s\u00f6guleg tr\u00faarvi\u00f0horf. Himnabr\u00e9fi\u00f0 tengist ekki raunverulegri v\u00f6rn gegn skotum, eldi e\u00f0a dau\u00f0a. Gildi \u00feess liggur \u00ed menningars\u00f6gulegri fr\u00e1s\u00f6gn um fyrri t\u00edma \u00f3tta og vonir.<\/p><p>Athyglisvert er a\u00f0 himnabr\u00e9fi\u00f0 bindur verndarvirkni s\u00edna ekki vi\u00f0 pers\u00f3nu, heldur vi\u00f0 skjali\u00f0 sj\u00e1lft. S\u00e1 sem gaf br\u00e9fi\u00f0 \u00e1fram e\u00f0a t\u00fdndi \u00fev\u00ed l\u00e9t \u00fear me\u00f0 af hendi \u00fe\u00e1 vernd sem \u00fev\u00ed var eignu\u00f0. \u00deessi f\u00f6st binding krafts vi\u00f0 hlutinn a\u00f0greinir br\u00e9fi\u00f0 fr\u00e1 pers\u00f3nulega tj\u00e1\u00f0ri <span class=\"iwg-fachbegriff\" data-tooltip=\"Fyrirheit um heill og vernd, oft \u00ed fastri m\u00e1lformi.\" tabindex=\"0\">blessun<\/span>.<\/p>\t\t\t\t\t\t\t\t<\/div>\n\t\t\t\t<\/div>\n\t\t\t\t\t<\/div>\n\t\t\t\t<\/div>\n\t\t<div class=\"elementor-element elementor-element-iwgs-himmelsbrief-s7 e-flex e-con-boxed e-con e-parent\" data-id=\"iwgs-himmelsbrief-s7\" data-element_type=\"container\" data-e-type=\"container\">\n\t\t\t\t\t<div class=\"e-con-inner\">\n\t\t\t\t<div class=\"elementor-element elementor-element-iwgs-himmelsbrief-s7h elementor-widget elementor-widget-heading\" data-id=\"iwgs-himmelsbrief-s7h\" data-element_type=\"widget\" data-e-type=\"widget\" data-widget_type=\"heading.default\">\n\t\t\t\t\t<h2 class=\"elementor-heading-title elementor-size-default\">Heimildasta\u00f0a og ranns\u00f3knarsaga<\/h2>\t\t\t\t<\/div>\n\t\t<div class=\"elementor-element elementor-element-iwgs-himmelsbrief-s7box e-con-full e-flex e-con e-parent\" data-id=\"iwgs-himmelsbrief-s7box\" data-element_type=\"container\" data-e-type=\"container\">\n\t\t\t\t<div class=\"elementor-element elementor-element-iwgs-himmelsbrief-s7t elementor-widget elementor-widget-text-editor\" data-id=\"iwgs-himmelsbrief-s7t\" data-element_type=\"widget\" data-e-type=\"widget\" data-widget_type=\"text-editor.default\">\n\t\t\t\t\t\t\t\t\t<p>Heimildasta\u00f0a himnabr\u00e9fsins er g\u00f3\u00f0, \u00fear sem m\u00f6rg eint\u00f6k eru var\u00f0veitt sem prentu\u00f0 bl\u00f6\u00f0 og handskrifa\u00f0ar uppskriftir. S\u00f6fn og skjalas\u00f6fn var\u00f0veita fj\u00f6lmargar \u00fatg\u00e1fur fr\u00e1 m\u00f6rgum \u00f6ldum.<\/p><p>Elstu v\u00edsbendingar um hugmyndina um himneskt br\u00e9f n\u00e1 aftur til <span class=\"iwg-fachbegriff\" data-tooltip=\"Umbreytingart\u00edmabil milli fornaldar og mi\u00f0alda, um 3. til 7. \u00f6ld.\" tabindex=\"0\">s\u00ed\u00f0fornaldar<\/span>. Mi\u00f0aldahandrit var\u00f0veita fyrstu \u00fatg\u00e1fur, sem breiddust \u00fat um alla Evr\u00f3pu.<\/p><p>Prentu\u00f0u himnabr\u00e9fin fr\u00e1 \u00e1rn\u00fd\u00f6ld og 19. \u00f6ld eru s\u00e9rstaklega vel skjalfest. \u00deau teljast til al\u00fe\u00fd\u00f0legrar prentlistar, sem fr\u00e6\u00f0imenn hafa safna\u00f0 og rannsaka\u00f0.<\/p><p>Handw\u00f6rterbuch des deutschen Aberglaubens hefur \u00edtarlega grein um himnabr\u00e9fi\u00f0. \u00dear er \u00fatg\u00e1funum ra\u00f0a\u00f0 og l\u00fdst si\u00f0um um a\u00f0 bera og gefa br\u00e9fin.<\/p><p>Kirkjulegar heimildir eru einnig fr\u00f3\u00f0legar. Gu\u00f0fr\u00e6\u00f0irit og hjar\u00f0arbr\u00e9f, sem v\u00f6ru\u00f0u vi\u00f0 himnabr\u00e9finu, s\u00fdna \u00e1 sama t\u00edma \u00fatbrei\u00f0slu \u00feess og hina opinberu h\u00f6fnun si\u00f0arins.<\/p><p>Ranns\u00f3knarsagan s\u00fdnir a\u00f0 himnabr\u00e9fi\u00f0 er vel rannsaka\u00f0 fyrirb\u00e6ri. <span class=\"iwg-fachbegriff\" data-tooltip=\"Fr\u00e6\u00f0igrein sem rannsakar hversdagsmenningu, si\u00f0i og var\u00f0veittar hugmyndir.\" tabindex=\"0\">\u00dej\u00f3\u00f0fr\u00e6\u00f0i<\/span>, b\u00f3kmenntafr\u00e6\u00f0i og kirkjusaga hafa saman dregi\u00f0 upp n\u00e1kv\u00e6ma mynd af langri s\u00f6gu \u00feess.<\/p><p>Ranns\u00f3knum er til hj\u00e1lpar a\u00f0 m\u00f6rg himnabr\u00e9f bera prentsta\u00f0 og \u00fatgefandanafn. \u00dat fr\u00e1 \u00feessum uppl\u00fdsingum m\u00e1 rekja prentsmi\u00f0jur, \u00fatg\u00e1fur og s\u00f6lulei\u00f0ir. \u00deannig kemur \u00ed lj\u00f3s a\u00f0 himnabr\u00e9fi\u00f0 var ekki a\u00f0eins tr\u00faarlegt heldur einnig efnahagslegt fyrirb\u00e6ri, sem trygg\u00f0i heilum vinnustofum tekjur.<\/p>\t\t\t\t\t\t\t\t<\/div>\n\t\t\t\t<\/div>\n\t\t\t\t\t<\/div>\n\t\t\t\t<\/div>\n\t\t<div class=\"elementor-element elementor-element-iwgs-himmelsbrief-s8 e-flex e-con-boxed e-con e-parent\" data-id=\"iwgs-himmelsbrief-s8\" data-element_type=\"container\" data-e-type=\"container\">\n\t\t\t\t\t<div class=\"e-con-inner\">\n\t\t\t\t<div class=\"elementor-element elementor-element-iwgs-himmelsbrief-s8h elementor-widget elementor-widget-heading\" data-id=\"iwgs-himmelsbrief-s8h\" data-element_type=\"widget\" data-e-type=\"widget\" data-widget_type=\"heading.default\">\n\t\t\t\t\t<h2 class=\"elementor-heading-title elementor-size-default\">M\u00f3tt\u00f6kur \u00ed dag<\/h2>\t\t\t\t<\/div>\n\t\t<div class=\"elementor-element elementor-element-iwgs-himmelsbrief-s8box e-con-full e-flex e-con e-parent\" data-id=\"iwgs-himmelsbrief-s8box\" data-element_type=\"container\" data-e-type=\"container\">\n\t\t\t\t<div class=\"elementor-element elementor-element-iwgs-himmelsbrief-s8t elementor-widget elementor-widget-text-editor\" data-id=\"iwgs-himmelsbrief-s8t\" data-element_type=\"widget\" data-e-type=\"widget\" data-widget_type=\"text-editor.default\">\n\t\t\t\t\t\t\t\t\t<p>Himnabr\u00e9fi\u00f0 er sem varnargripur til a\u00f0 hafa \u00e1 s\u00e9r a\u00f0 mestu horfi\u00f0 \u00far notkun. Me\u00f0 heimsstyrj\u00f6ldunum og samf\u00e9lagsbreytingum 20. aldar tapa\u00f0i hermannabr\u00e9fi\u00f0 \u00fatbrei\u00f0slu sinni.<\/p><p>\u00c1 s\u00f6fnum eru himnabr\u00e9f \u00ed dag ver\u00f0m\u00e6tir gripir. \u00deau varpa lj\u00f3si \u00e1 <span class=\"iwg-fachbegriff\" data-tooltip=\"Tr\u00faari\u00f0kun \u00ed daglegu l\u00edfi, oft samhli\u00f0a hinni opinberu kenningu.\" tabindex=\"0\">al\u00fe\u00fd\u00f0utr\u00fa<\/span> fyrri alda og \u00feann \u00f3tta sem f\u00f3lk lif\u00f0i vi\u00f0, \u00e1 \u00e1hrifamikinn h\u00e1tt.<\/p><p>\u00cd fr\u00e6\u00f0unum er himnabr\u00e9fi\u00f0 tali\u00f0 kennslub\u00f3kard\u00e6mi um n\u00e1in tengsl tr\u00faarbrag\u00f0a, <span class=\"iwg-fachbegriff\" data-tooltip=\"Athafnir sem reyna me\u00f0 s\u00e9rst\u00f6kum gj\u00f6r\u00f0um e\u00f0a form\u00falum a\u00f0 hafa \u00e1hrif \u00e1 gang hlutanna.\" tabindex=\"0\">galdurs<\/span> og prents\u00f6gu. \u00dea\u00f0 er teki\u00f0 til umfj\u00f6llunar \u00ed \u00fej\u00f3\u00f0fr\u00e6\u00f0ilegum og b\u00f3ks\u00f6gulegum ritum.<\/p><p>Fjarskyldi er til n\u00fat\u00edmalegra ke\u00f0jubr\u00e9fa. Krafan um a\u00f0 \u00e1fram sendingu, tengd lofor\u00f0i um heppni og h\u00f3tun um \u00f3heppni, \u00e1 s\u00e9r samsv\u00f6run \u00ed n\u00fat\u00edmalegum ke\u00f0juskeytum.<\/p><p>\u00deeir sem hafa \u00e1huga \u00e1 s\u00f6guleg baksvi\u00f0 finna \u00e1rei\u00f0anlegar uppl\u00fdsingar \u00ed \u00fej\u00f3\u00f0fr\u00e6\u00f0iritum og \u00ed yfirliti yfir <a href=\"https:\/\/iwell-guard.com\/is\/verndartakn\/\">varnart\u00e1knum<\/a>. Tengslin milli skriftar og varnar m\u00e1 rekja \u00fear \u00ed samhengi.<\/p><p>N\u00fat\u00edmaleg m\u00f3ttaka s\u00fdnir \u00feannig sk\u00fdra breytingu. \u00dar alvarlega tekna verndarbr\u00e9finu er or\u00f0inn s\u00f6gulegur safngripur, en merking hans \u00ed dag felst \u00ed menningars\u00f6gulegri vitnisbur\u00f0i.<\/p><p>\u00cd \u00fej\u00f3\u00f0fr\u00e6\u00f0ikennslu er himnabr\u00e9fi\u00f0 oft nota\u00f0 sem d\u00e6mi um hvernig <span class=\"iwg-fachbegriff\" data-tooltip=\"Erf\u00f0 h\u00e1tterni sem samf\u00e9lag endurtekur reglulega.\" tabindex=\"0\">si\u00f0ur<\/span> getur haldist st\u00f6\u00f0ugur um aldir og laga\u00f0 sig a\u00f0 n\u00fdjum a\u00f0st\u00e6\u00f0um \u00e1 sama t\u00edma. Fr\u00e1 handskrifu\u00f0u sunnudagsbr\u00e9finu, \u00ed gegnum prenta\u00f0a marka\u00f0sbla\u00f0i\u00f0, til \u00e1fram sendra ke\u00f0juskeyta s\u00e9st sama grunnbyggingin \u00ed s\u00edfellt breyttri mynd.<\/p>\t\t\t\t\t\t\t\t<\/div>\n\t\t\t\t<\/div>\n\t\t\t\t\t<\/div>\n\t\t\t\t<\/div>\n\t\t<div class=\"elementor-element elementor-element-iwgs-himmelsbrief-lit e-flex e-con-boxed e-con e-parent\" data-id=\"iwgs-himmelsbrief-lit\" data-element_type=\"container\" data-e-type=\"container\">\n\t\t\t\t\t<div class=\"e-con-inner\">\n\t\t\t\t<div class=\"elementor-element elementor-element-iwgs-himmelsbrief-lith elementor-widget elementor-widget-heading\" data-id=\"iwgs-himmelsbrief-lith\" data-element_type=\"widget\" data-e-type=\"widget\" data-widget_type=\"heading.default\">\n\t\t\t\t\t<h2 class=\"elementor-heading-title elementor-size-default\">Heimildir (\u00farval)<\/h2>\t\t\t\t<\/div>\n\t\t<div class=\"elementor-element elementor-element-iwgs-himmelsbrief-litbox e-con-full e-flex e-con e-parent\" data-id=\"iwgs-himmelsbrief-litbox\" data-element_type=\"container\" data-e-type=\"container\">\n\t\t\t\t<div class=\"elementor-element elementor-element-iwgs-himmelsbrief-litt elementor-widget elementor-widget-html\" data-id=\"iwgs-himmelsbrief-litt\" data-element_type=\"widget\" data-e-type=\"widget\" data-widget_type=\"html.default\">\n\t\t\t\t\t<footer data-nosnippet=\"true\"><ul><li>Hanns B\u00e4chtold-St\u00e4ubli (ritstj.): <em>Handw\u00f6rterbuch des deutschen Aberglaubens<\/em> (1927-1942)<\/li><li>Rudolf St\u00fcbe: <em>Der Himmelsbrief. Ein Beitrag zur allgemeinen Religionsgeschichte<\/em> (1918)<\/li><li>Adolf Spamer: <em>Die deutsche Volkskunde<\/em> (1934)<\/li><li>Don Yoder: <em>Discovering American Folklife<\/em> (1990)<\/li><li>Christoph Daxelm\u00fcller: <em>Zauberpraktiken. Eine Ideengeschichte der Magie<\/em> (1993)<\/li><\/ul><\/footer>\t\t\t\t<\/div>\n\t\t\t\t<\/div>\n\t\t\t\t\t<\/div>\n\t\t\t\t<\/div>\n\t\t<div class=\"elementor-element elementor-element-iwgs-himmelsbrief-kwd e-flex e-con-boxed e-con e-parent\" data-id=\"iwgs-himmelsbrief-kwd\" data-element_type=\"container\" data-e-type=\"container\">\n\t\t\t\t\t<div class=\"e-con-inner\">\n\t\t\t\t<div class=\"elementor-element elementor-element-iwgs-himmelsbrief-kwdt elementor-widget elementor-widget-text-editor\" data-id=\"iwgs-himmelsbrief-kwdt\" data-element_type=\"widget\" data-e-type=\"widget\" data-widget_type=\"text-editor.default\">\n\t\t\t\t\t\t\t\t\t<p><em>Tengd leitaror\u00f0: verndarbr\u00e9f blessunarbr\u00e9f sunnudagsbr\u00e9f hermannabr\u00e9f Breverl <span class=\"iwg-fachbegriff\" data-tooltip=\"Tr\u00faari\u00f0kun \u00ed daglegu l\u00edfi, oft samhli\u00f0a hinni opinberu kenningu.\" tabindex=\"0\">al\u00fe\u00fd\u00f0utr\u00fa<\/span> blessunarform\u00fala verndard\u00fdrlingar skyndilegur dau\u00f0i heilagt or\u00f0 ska\u00f0av\u00f6rn.<\/em><\/p>\t\t\t\t\t\t\t\t<\/div>\n\t\t\t\t\t<\/div>\n\t\t\t\t<\/div>\n\t\t<div class=\"elementor-element elementor-element-iwgs-himmelsbrief-cc e-flex e-con-boxed e-con e-parent\" data-id=\"iwgs-himmelsbrief-cc\" data-element_type=\"container\" data-e-type=\"container\" id=\"iwg-cc-himmelsbrief\">\n\t\t\t\t\t<div class=\"e-con-inner\">\n\t\t<div class=\"elementor-element elementor-element-iwgs-himmelsbrief-ccinner e-flex e-con-boxed e-con e-parent\" data-id=\"iwgs-himmelsbrief-ccinner\" data-element_type=\"container\" data-e-type=\"container\" data-settings=\"{&quot;background_background&quot;:&quot;classic&quot;}\">\n\t\t\t\t\t<div class=\"e-con-inner\">\n\t\t\t\t<div class=\"elementor-element elementor-element-iwgs-himmelsbrief-cch elementor-widget elementor-widget-heading\" data-id=\"iwgs-himmelsbrief-cch\" data-element_type=\"widget\" data-e-type=\"widget\" data-widget_type=\"heading.default\">\n\t\t\t\t\t<h2 class=\"elementor-heading-title elementor-size-default\">iWell Guard og verndarhef\u00f0ir<\/h2>\t\t\t\t<\/div>\n\t\t\t\t<div class=\"elementor-element elementor-element-iwgs-himmelsbrief-cct elementor-widget elementor-widget-text-editor\" data-id=\"iwgs-himmelsbrief-cct\" data-element_type=\"widget\" data-e-type=\"widget\" data-widget_type=\"text-editor.default\">\n\t\t\t\t\t\t\t\t\t<p>iWell Guard er hluti af menningars\u00f6gulegri hef\u00f0 t\u00e6kra varnargripa, sem himnabr\u00e9fi\u00f0 heyrir einnig til. N\u00fat\u00edmalegur f\u00f6runautur fyrir f\u00f3lk sem lifir me\u00f0 verndart\u00e1knum: framleitt \u00ed \u00de\u00fdskalandi, 41 lag \u00far hreinu gulli, plat\u00ednu og silfri, me\u00f0 30 daga skilar\u00e9tti.<\/p>\t\t\t\t\t\t\t\t<\/div>\n\t\t\t\t<div class=\"elementor-element elementor-element-iwgs-himmelsbrief-ccb iwg-cc-button iwg-cc-cta-2026-05-13 elementor-widget elementor-widget-jet-button\" data-id=\"iwgs-himmelsbrief-ccb\" data-element_type=\"widget\" data-e-type=\"widget\" data-widget_type=\"jet-button.default\">\n\t\t\t\t<div class=\"elementor-widget-container\">\n\t\t\t\t\t<div class=\"elementor-jet-button jet-elements\"><div class=\"jet-button__container\"><a class=\"jet-button__instance jet-button__instance--icon-left hover-effect-1\" href=\"\/schutzanhaenger-iwell-guard-kaufen\/?utm_source=iwell-guard.com&amp;utm_medium=info-box&amp;utm_campaign=schutzsymbole\"><div class=\"jet-button__plane jet-button__plane-normal\"><\/div><div class=\"jet-button__plane jet-button__plane-hover\"><\/div><div class=\"jet-button__state jet-button__state-normal\"><span class=\"jet-button__label\">Meira um iWell Guard<\/span><\/div><div class=\"jet-button__state jet-button__state-hover\"><span class=\"jet-button__label\">Meira um iWell Guard<\/span><\/div><\/a><\/div><\/div><style>.elementor-element.elementor-element-iwgs-himmelsbrief-ccb .jet-button__instance{width:320px;height:56px;}.elementor-element.elementor-element-iwgs-himmelsbrief-ccb .jet-button__state-normal .jet-button__label{text-align:center;margin:0px 0px 0px 0px;color:#1a1b20;font-family:Montserrat,sans-serif;font-size:13px;font-weight:400;letter-spacing:4px;line-height:1.714em;text-transform:uppercase;}.elementor-element.elementor-element-iwgs-himmelsbrief-ccb .jet-button__state-hover .jet-button__label{text-align:center;margin:0px 0px 0px 0px;color:#FECC76;font-family:Montserrat,sans-serif;font-size:13px;font-weight:400;letter-spacing:4px;line-height:1.714em;text-transform:uppercase;}.elementor-element.elementor-element-iwgs-himmelsbrief-ccb .jet-button__plane-normal{background-color:#FECC76;border-style:solid;border-color:#C99540;border-width:2px 2px 2px 2px;}.elementor-element.elementor-element-iwgs-himmelsbrief-ccb .jet-button__plane-hover{background-color:rgba(0,0,0,0.55);border-style:solid;border-color:#FECC76;border-width:2px 2px 2px 2px;}<\/style>\t\t\t\t<\/div>\n\t\t\t\t<\/div>\n\t\t\t\t<div class=\"elementor-element elementor-element-iwgs-himmelsbrief-ccd elementor-widget elementor-widget-text-editor\" data-id=\"iwgs-himmelsbrief-ccd\" data-element_type=\"widget\" data-e-type=\"widget\" data-widget_type=\"text-editor.default\">\n\t\t\t\t\t\t\t\t\t<p style=\"text-align:center;font-size:13px;opacity:0.7;margin-top:14px\" data-nosnippet=\"true\">Pers\u00f3nuleg reynsla getur veri\u00f0 mismunandi. Ekki l\u00e6kningat\u00e6ki. Engin lofor\u00f0 um l\u00e6kningu.<\/p>\t\t\t\t\t\t\t\t<\/div>\n\t\t\t\t\t<\/div>\n\t\t\t\t<\/div>\n\t\t\t\t\t<\/div>\n\t\t\t\t<\/div>\n\t\t<div class=\"elementor-element elementor-element-iwgs-himmelsbrief-disc e-flex e-con-boxed e-con e-parent\" data-id=\"iwgs-himmelsbrief-disc\" data-element_type=\"container\" data-e-type=\"container\">\n\t\t\t\t\t<div class=\"e-con-inner\">\n\t\t\t\t<div class=\"elementor-element elementor-element-iwgs-himmelsbrief-discw elementor-widget elementor-widget-html\" data-id=\"iwgs-himmelsbrief-discw\" data-element_type=\"widget\" data-e-type=\"widget\" data-widget_type=\"html.default\">\n\t\t\t\t\t<footer data-nosnippet=\"true\" class=\"iwg-disclaimer-block\"><p data-nosnippet=\"true\">iWell Guard er <strong>ekki l\u00e6kningat\u00e6ki<\/strong> og kemur ekki \u00ed sta\u00f0 l\u00e6knis- e\u00f0a s\u00e1lfr\u00e6\u00f0ime\u00f0fer\u00f0ar. Innihaldi\u00f0 sem h\u00e9r er sett fram er tr\u00faarbrag\u00f0afr\u00e6\u00f0ileg og menningars\u00f6gulega greining, ekki lofor\u00f0 um andlega virkni.<\/p><\/footer>\t\t\t\t<\/div>\n\t\t\t\t\t<\/div>\n\t\t\t\t<\/div>\n\t\t\t\t<\/div>\n\t\t","protected":false},"excerpt":{"rendered":"","protected":false},"author":3,"featured_media":3575,"parent":0,"menu_order":0,"comment_status":"closed","ping_status":"closed","template":"elementor_header_footer","meta":{"_yoast_wpseo_focuskw":"Himmelsbrief","_yoast_wpseo_title":"Himmelsbrief: skj\u00f3lbr\u00e9f \u00fej\u00f3\u00f0tr\u00faarins","_yoast_wpseo_metadesc":"Himmelsbrief var borinn skj\u00f3lbr\u00e9f me\u00f0 blessunarform\u00falum gegn h\u00e6ttum. Uppruni, si\u00f0ur og \u00fej\u00f3\u00f0fr\u00e6\u00f0ileg t\u00falkun skj\u00f3lbr\u00e9fsins.","_yoast_wpseo_meta-robots-noindex":"","_yoast_wpseo_canonical":"","_angie_page":false,"gefaehrdungsstufe":"","wesen_kultur":"","wesen_klasse":"","footnotes":""},"categories":[],"class_list":["post-169246","page","type-page","status-publish","has-post-thumbnail","hentry"],"yoast_head":"<!-- This site is optimized with the Yoast SEO Premium plugin v27.7 (Yoast SEO v28.3) - https:\/\/yoast.com\/product\/yoast-seo-premium-wordpress\/ -->\n<title>Himmelsbrief: skj\u00f3lbr\u00e9f \u00fej\u00f3\u00f0tr\u00faarins<\/title>\n<meta name=\"description\" content=\"Himmelsbrief var borinn skj\u00f3lbr\u00e9f me\u00f0 blessunarform\u00falum gegn h\u00e6ttum. Uppruni, si\u00f0ur og \u00fej\u00f3\u00f0fr\u00e6\u00f0ileg t\u00falkun skj\u00f3lbr\u00e9fsins.\" \/>\n<meta name=\"robots\" content=\"index, follow, max-snippet:-1, max-image-preview:large, max-video-preview:-1\" \/>\n<link rel=\"canonical\" href=\"https:\/\/iwell-guard.com\/is\/himmelsbrief-skjolbref-thjodtruarins\/\" \/>\n<meta property=\"og:locale\" content=\"is_IS\" \/>\n<meta property=\"og:type\" content=\"article\" \/>\n<meta property=\"og:title\" content=\"Himmelsbrief \u2013 borinn skj\u00f3lbr\u00e9f \u00fej\u00f3\u00f0tr\u00faarins\" \/>\n<meta property=\"og:description\" content=\"Himmelsbrief var borinn skj\u00f3lbr\u00e9f me\u00f0 blessunarform\u00falum gegn h\u00e6ttum. Uppruni, si\u00f0ur og \u00fej\u00f3\u00f0fr\u00e6\u00f0ileg t\u00falkun skj\u00f3lbr\u00e9fsins.\" \/>\n<meta property=\"og:url\" content=\"https:\/\/iwell-guard.com\/is\/himmelsbrief-skjolbref-thjodtruarins\/\" \/>\n<meta property=\"og:site_name\" content=\"iWell Guard\" \/>\n<meta property=\"article:modified_time\" content=\"2026-09-05T14:35:58+00:00\" \/>\n<meta property=\"og:image\" content=\"https:\/\/iwell-guard.com\/wp-content\/uploads\/2026\/05\/schutzsymbol_volksmagie_himmelsbrief.webp\" \/>\n\t<meta property=\"og:image:width\" content=\"1024\" \/>\n\t<meta property=\"og:image:height\" content=\"1536\" \/>\n\t<meta property=\"og:image:type\" content=\"image\/webp\" \/>\n<meta name=\"twitter:card\" content=\"summary_large_image\" \/>\n<script type=\"application\/ld+json\" class=\"yoast-schema-graph\">{\"@context\":\"https:\\\/\\\/schema.org\",\"@graph\":[{\"@type\":\"WebPage\",\"@id\":\"https:\\\/\\\/iwell-guard.com\\\/is\\\/himmelsbrief-skjolbref-thjodtruarins\\\/\",\"url\":\"https:\\\/\\\/iwell-guard.com\\\/is\\\/himmelsbrief-skjolbref-thjodtruarins\\\/\",\"name\":\"Himmelsbrief: skj\u00f3lbr\u00e9f \u00fej\u00f3\u00f0tr\u00faarins\",\"isPartOf\":{\"@id\":\"https:\\\/\\\/iwell-guard.com\\\/is\\\/#website\"},\"primaryImageOfPage\":{\"@id\":\"https:\\\/\\\/iwell-guard.com\\\/is\\\/himmelsbrief-skjolbref-thjodtruarins\\\/#primaryimage\"},\"image\":{\"@id\":\"https:\\\/\\\/iwell-guard.com\\\/is\\\/himmelsbrief-skjolbref-thjodtruarins\\\/#primaryimage\"},\"thumbnailUrl\":\"https:\\\/\\\/iwell-guard.com\\\/wp-content\\\/uploads\\\/2026\\\/05\\\/schutzsymbol_volksmagie_himmelsbrief.webp\",\"datePublished\":\"2026-09-05T14:06:48+00:00\",\"dateModified\":\"2026-09-05T14:35:58+00:00\",\"description\":\"Himmelsbrief var borinn skj\u00f3lbr\u00e9f me\u00f0 blessunarform\u00falum gegn h\u00e6ttum. Uppruni, si\u00f0ur og \u00fej\u00f3\u00f0fr\u00e6\u00f0ileg t\u00falkun skj\u00f3lbr\u00e9fsins.\",\"breadcrumb\":{\"@id\":\"https:\\\/\\\/iwell-guard.com\\\/is\\\/himmelsbrief-skjolbref-thjodtruarins\\\/#breadcrumb\"},\"inLanguage\":\"is\",\"potentialAction\":[{\"@type\":\"ReadAction\",\"target\":[\"https:\\\/\\\/iwell-guard.com\\\/is\\\/himmelsbrief-skjolbref-thjodtruarins\\\/\"]}]},{\"@type\":\"ImageObject\",\"inLanguage\":\"is\",\"@id\":\"https:\\\/\\\/iwell-guard.com\\\/is\\\/himmelsbrief-skjolbref-thjodtruarins\\\/#primaryimage\",\"url\":\"https:\\\/\\\/iwell-guard.com\\\/wp-content\\\/uploads\\\/2026\\\/05\\\/schutzsymbol_volksmagie_himmelsbrief.webp\",\"contentUrl\":\"https:\\\/\\\/iwell-guard.com\\\/wp-content\\\/uploads\\\/2026\\\/05\\\/schutzsymbol_volksmagie_himmelsbrief.webp\",\"width\":1024,\"height\":1536,\"caption\":\"Verndart\u00e1kn. Myndskreyting \u00ed safnst\u00edl.\"},{\"@type\":\"BreadcrumbList\",\"@id\":\"https:\\\/\\\/iwell-guard.com\\\/is\\\/himmelsbrief-skjolbref-thjodtruarins\\\/#breadcrumb\",\"itemListElement\":[{\"@type\":\"ListItem\",\"position\":1,\"name\":\"Start\",\"item\":\"https:\\\/\\\/iwell-guard.com\\\/is\\\/?page_id=168580\"},{\"@type\":\"ListItem\",\"position\":2,\"name\":\"Himmelsbrief \u2013 borinn skj\u00f3lbr\u00e9f \u00fej\u00f3\u00f0tr\u00faarins\"}]},{\"@type\":\"WebSite\",\"@id\":\"https:\\\/\\\/iwell-guard.com\\\/is\\\/#website\",\"url\":\"https:\\\/\\\/iwell-guard.com\\\/is\\\/\",\"name\":\"iWell Guard\",\"description\":\"Schutz vor dunklen Einfl\u00fcssen\",\"publisher\":{\"@id\":\"https:\\\/\\\/iwell-guard.com\\\/is\\\/#organization\"},\"potentialAction\":[{\"@type\":\"SearchAction\",\"target\":{\"@type\":\"EntryPoint\",\"urlTemplate\":\"https:\\\/\\\/iwell-guard.com\\\/is\\\/?s={search_term_string}\"},\"query-input\":{\"@type\":\"PropertyValueSpecification\",\"valueRequired\":true,\"valueName\":\"search_term_string\"}}],\"inLanguage\":\"is\"},{\"@type\":\"Organization\",\"@id\":\"https:\\\/\\\/iwell-guard.com\\\/is\\\/#organization\",\"name\":\"Ittermann electronic GmbH\",\"url\":\"https:\\\/\\\/iwell-guard.com\\\/is\\\/\",\"logo\":{\"@type\":\"ImageObject\",\"inLanguage\":\"is\",\"@id\":\"https:\\\/\\\/iwell-guard.com\\\/is\\\/#\\\/schema\\\/logo\\\/image\\\/\",\"url\":\"https:\\\/\\\/iwell-guard.com\\\/wp-content\\\/uploads\\\/2026\\\/05\\\/Ittermann-Logo-1182x237-1.png\",\"contentUrl\":\"https:\\\/\\\/iwell-guard.com\\\/wp-content\\\/uploads\\\/2026\\\/05\\\/Ittermann-Logo-1182x237-1.png\",\"width\":1182,\"height\":237,\"caption\":\"Ittermann electronic GmbH\"},\"image\":{\"@id\":\"https:\\\/\\\/iwell-guard.com\\\/is\\\/#\\\/schema\\\/logo\\\/image\\\/\"},\"sameAs\":[\"https:\\\/\\\/pantip.com\\\/profile\\\/9367242\",\"https:\\\/\\\/micro.blog\\\/iwellguard\",\"https:\\\/\\\/www.diggerslist.com\\\/iwellguard\\\/about\",\"https:\\\/\\\/skitterphoto.com\\\/photographers\\\/2870314\\\/iwell-guard\",\"https:\\\/\\\/iwellguard.wordpress.com\\\/2026\\\/06\\\/06\\\/iwell-guard\\\/\",\"https:\\\/\\\/hub.docker.com\\\/u\\\/iwellguard\",\"https:\\\/\\\/www.pinterest.com\\\/iwellguard\\\/\",\"https:\\\/\\\/bit.ly\\\/m\\\/iwellguard\",\"https:\\\/\\\/entre-vos-mains.alsace.eu\\\/profiles\\\/iwellguard\\\/activity\",\"https:\\\/\\\/gravatar.com\\\/reallybeded8fd34\",\"https:\\\/\\\/naijamatta.com\\\/iwellguard\",\"https:\\\/\\\/www.goodreads.com\\\/iwellguard\",\"https:\\\/\\\/profile.hatena.ne.jp\\\/iwellguard\\\/\",\"https:\\\/\\\/experiment.com\\\/users\\\/iwellguard\",\"https:\\\/\\\/wakelet.com\\\/@iWellGuard82270\",\"https:\\\/\\\/www.chordie.com\\\/forum\\\/profile.php?id=2555664\",\"https:\\\/\\\/www.instapaper.com\\\/p\\\/17757966\",\"https:\\\/\\\/www.mapleprimes.com\\\/users\\\/iwellguard\",\"https:\\\/\\\/businesslistingplus.com\\\/profile\\\/iwell-guard\\\/\",\"https:\\\/\\\/telegra.ph\\\/iWell-Guard-06-06\",\"https:\\\/\\\/pbase.com\\\/iwellguard\\\/iwellguard\",\"https:\\\/\\\/b.hatena.ne.jp\\\/iwellguard\\\/20260607#bookmark-4788405196491818882\",\"https:\\\/\\\/fliphtml5.com\\\/home\\\/iwellguard\",\"https:\\\/\\\/anyflip.com\\\/homepage\\\/cmiwl#About\",\"https:\\\/\\\/transfur.com\\\/Users\\\/iwellguard\",\"http:\\\/\\\/delphi.larsbo.org\\\/user\\\/iwellguard\",\"https:\\\/\\\/jobs.lajobsportal.org\\\/profiles\\\/8380803-iwell-guard\",\"https:\\\/\\\/md.chaosdorf.de\\\/s\\\/jfbe5SBdJD\",\"https:\\\/\\\/www.lingvolive.com\\\/en-us\\\/profile\\\/9ecaeaca-ce11-4e51-9e71-01d55e2bff36\\\/translations\",\"https:\\\/\\\/www.fitday.com\\\/fitness\\\/forums\\\/members\\\/iwellguard.html\",\"https:\\\/\\\/www.mymeetbook.com\\\/iwellguard\",\"https:\\\/\\\/pxhere.com\\\/en\\\/photographer-me\\\/5040798\",\"https:\\\/\\\/disqus.com\\\/by\\\/iwellguard\\\/about\\\/\",\"https:\\\/\\\/pastelink.net\\\/hjwciqwq\",\"https:\\\/\\\/pubhtml5.com\\\/homepage\\\/scjhn\\\/\",\"https:\\\/\\\/www.bitchute.com\\\/channel\\\/2O2eOKzNqujT\",\"https:\\\/\\\/audiomack.com\\\/iwellguard\"]}]}<\/script>\n<!-- \/ Yoast SEO Premium plugin. -->","yoast_head_json":{"title":"Himmelsbrief: skj\u00f3lbr\u00e9f \u00fej\u00f3\u00f0tr\u00faarins","description":"Himmelsbrief var borinn skj\u00f3lbr\u00e9f me\u00f0 blessunarform\u00falum gegn h\u00e6ttum. Uppruni, si\u00f0ur og \u00fej\u00f3\u00f0fr\u00e6\u00f0ileg t\u00falkun skj\u00f3lbr\u00e9fsins.","robots":{"index":"index","follow":"follow","max-snippet":"max-snippet:-1","max-image-preview":"max-image-preview:large","max-video-preview":"max-video-preview:-1"},"canonical":"https:\/\/iwell-guard.com\/is\/himmelsbrief-skjolbref-thjodtruarins\/","og_locale":"is_IS","og_type":"article","og_title":"Himmelsbrief \u2013 borinn skj\u00f3lbr\u00e9f \u00fej\u00f3\u00f0tr\u00faarins","og_description":"Himmelsbrief var borinn skj\u00f3lbr\u00e9f me\u00f0 blessunarform\u00falum gegn h\u00e6ttum. Uppruni, si\u00f0ur og \u00fej\u00f3\u00f0fr\u00e6\u00f0ileg t\u00falkun skj\u00f3lbr\u00e9fsins.","og_url":"https:\/\/iwell-guard.com\/is\/himmelsbrief-skjolbref-thjodtruarins\/","og_site_name":"iWell Guard","article_modified_time":"2026-09-05T14:35:58+00:00","og_image":[{"width":1024,"height":1536,"url":"https:\/\/iwell-guard.com\/wp-content\/uploads\/2026\/05\/schutzsymbol_volksmagie_himmelsbrief.webp","type":"image\/webp"}],"twitter_card":"summary_large_image","schema":{"@context":"https:\/\/schema.org","@graph":[{"@type":"WebPage","@id":"https:\/\/iwell-guard.com\/is\/himmelsbrief-skjolbref-thjodtruarins\/","url":"https:\/\/iwell-guard.com\/is\/himmelsbrief-skjolbref-thjodtruarins\/","name":"Himmelsbrief: skj\u00f3lbr\u00e9f \u00fej\u00f3\u00f0tr\u00faarins","isPartOf":{"@id":"https:\/\/iwell-guard.com\/is\/#website"},"primaryImageOfPage":{"@id":"https:\/\/iwell-guard.com\/is\/himmelsbrief-skjolbref-thjodtruarins\/#primaryimage"},"image":{"@id":"https:\/\/iwell-guard.com\/is\/himmelsbrief-skjolbref-thjodtruarins\/#primaryimage"},"thumbnailUrl":"https:\/\/iwell-guard.com\/wp-content\/uploads\/2026\/05\/schutzsymbol_volksmagie_himmelsbrief.webp","datePublished":"2026-09-05T14:06:48+00:00","dateModified":"2026-09-05T14:35:58+00:00","description":"Himmelsbrief var borinn skj\u00f3lbr\u00e9f me\u00f0 blessunarform\u00falum gegn h\u00e6ttum. Uppruni, si\u00f0ur og \u00fej\u00f3\u00f0fr\u00e6\u00f0ileg t\u00falkun skj\u00f3lbr\u00e9fsins.","breadcrumb":{"@id":"https:\/\/iwell-guard.com\/is\/himmelsbrief-skjolbref-thjodtruarins\/#breadcrumb"},"inLanguage":"is","potentialAction":[{"@type":"ReadAction","target":["https:\/\/iwell-guard.com\/is\/himmelsbrief-skjolbref-thjodtruarins\/"]}]},{"@type":"ImageObject","inLanguage":"is","@id":"https:\/\/iwell-guard.com\/is\/himmelsbrief-skjolbref-thjodtruarins\/#primaryimage","url":"https:\/\/iwell-guard.com\/wp-content\/uploads\/2026\/05\/schutzsymbol_volksmagie_himmelsbrief.webp","contentUrl":"https:\/\/iwell-guard.com\/wp-content\/uploads\/2026\/05\/schutzsymbol_volksmagie_himmelsbrief.webp","width":1024,"height":1536,"caption":"Verndart\u00e1kn. Myndskreyting \u00ed safnst\u00edl."},{"@type":"BreadcrumbList","@id":"https:\/\/iwell-guard.com\/is\/himmelsbrief-skjolbref-thjodtruarins\/#breadcrumb","itemListElement":[{"@type":"ListItem","position":1,"name":"Start","item":"https:\/\/iwell-guard.com\/is\/?page_id=168580"},{"@type":"ListItem","position":2,"name":"Himmelsbrief \u2013 borinn skj\u00f3lbr\u00e9f \u00fej\u00f3\u00f0tr\u00faarins"}]},{"@type":"WebSite","@id":"https:\/\/iwell-guard.com\/is\/#website","url":"https:\/\/iwell-guard.com\/is\/","name":"iWell Guard","description":"Schutz vor dunklen Einfl\u00fcssen","publisher":{"@id":"https:\/\/iwell-guard.com\/is\/#organization"},"potentialAction":[{"@type":"SearchAction","target":{"@type":"EntryPoint","urlTemplate":"https:\/\/iwell-guard.com\/is\/?s={search_term_string}"},"query-input":{"@type":"PropertyValueSpecification","valueRequired":true,"valueName":"search_term_string"}}],"inLanguage":"is"},{"@type":"Organization","@id":"https:\/\/iwell-guard.com\/is\/#organization","name":"Ittermann electronic GmbH","url":"https:\/\/iwell-guard.com\/is\/","logo":{"@type":"ImageObject","inLanguage":"is","@id":"https:\/\/iwell-guard.com\/is\/#\/schema\/logo\/image\/","url":"https:\/\/iwell-guard.com\/wp-content\/uploads\/2026\/05\/Ittermann-Logo-1182x237-1.png","contentUrl":"https:\/\/iwell-guard.com\/wp-content\/uploads\/2026\/05\/Ittermann-Logo-1182x237-1.png","width":1182,"height":237,"caption":"Ittermann electronic GmbH"},"image":{"@id":"https:\/\/iwell-guard.com\/is\/#\/schema\/logo\/image\/"},"sameAs":["https:\/\/pantip.com\/profile\/9367242","https:\/\/micro.blog\/iwellguard","https:\/\/www.diggerslist.com\/iwellguard\/about","https:\/\/skitterphoto.com\/photographers\/2870314\/iwell-guard","https:\/\/iwellguard.wordpress.com\/2026\/06\/06\/iwell-guard\/","https:\/\/hub.docker.com\/u\/iwellguard","https:\/\/www.pinterest.com\/iwellguard\/","https:\/\/bit.ly\/m\/iwellguard","https:\/\/entre-vos-mains.alsace.eu\/profiles\/iwellguard\/activity","https:\/\/gravatar.com\/reallybeded8fd34","https:\/\/naijamatta.com\/iwellguard","https:\/\/www.goodreads.com\/iwellguard","https:\/\/profile.hatena.ne.jp\/iwellguard\/","https:\/\/experiment.com\/users\/iwellguard","https:\/\/wakelet.com\/@iWellGuard82270","https:\/\/www.chordie.com\/forum\/profile.php?id=2555664","https:\/\/www.instapaper.com\/p\/17757966","https:\/\/www.mapleprimes.com\/users\/iwellguard","https:\/\/businesslistingplus.com\/profile\/iwell-guard\/","https:\/\/telegra.ph\/iWell-Guard-06-06","https:\/\/pbase.com\/iwellguard\/iwellguard","https:\/\/b.hatena.ne.jp\/iwellguard\/20260607#bookmark-4788405196491818882","https:\/\/fliphtml5.com\/home\/iwellguard","https:\/\/anyflip.com\/homepage\/cmiwl#About","https:\/\/transfur.com\/Users\/iwellguard","http:\/\/delphi.larsbo.org\/user\/iwellguard","https:\/\/jobs.lajobsportal.org\/profiles\/8380803-iwell-guard","https:\/\/md.chaosdorf.de\/s\/jfbe5SBdJD","https:\/\/www.lingvolive.com\/en-us\/profile\/9ecaeaca-ce11-4e51-9e71-01d55e2bff36\/translations","https:\/\/www.fitday.com\/fitness\/forums\/members\/iwellguard.html","https:\/\/www.mymeetbook.com\/iwellguard","https:\/\/pxhere.com\/en\/photographer-me\/5040798","https:\/\/disqus.com\/by\/iwellguard\/about\/","https:\/\/pastelink.net\/hjwciqwq","https:\/\/pubhtml5.com\/homepage\/scjhn\/","https:\/\/www.bitchute.com\/channel\/2O2eOKzNqujT","https:\/\/audiomack.com\/iwellguard"]}]}},"_links":{"self":[{"href":"https:\/\/iwell-guard.com\/is\/wp-json\/wp\/v2\/pages\/169246","targetHints":{"allow":["GET"]}}],"collection":[{"href":"https:\/\/iwell-guard.com\/is\/wp-json\/wp\/v2\/pages"}],"about":[{"href":"https:\/\/iwell-guard.com\/is\/wp-json\/wp\/v2\/types\/page"}],"author":[{"embeddable":true,"href":"https:\/\/iwell-guard.com\/is\/wp-json\/wp\/v2\/users\/3"}],"replies":[{"embeddable":true,"href":"https:\/\/iwell-guard.com\/is\/wp-json\/wp\/v2\/comments?post=169246"}],"version-history":[{"count":0,"href":"https:\/\/iwell-guard.com\/is\/wp-json\/wp\/v2\/pages\/169246\/revisions"}],"wp:featuredmedia":[{"embeddable":true,"href":"https:\/\/iwell-guard.com\/is\/wp-json\/wp\/v2\/media\/3575"}],"wp:attachment":[{"href":"https:\/\/iwell-guard.com\/is\/wp-json\/wp\/v2\/media?parent=169246"}],"wp:term":[{"taxonomy":"category","embeddable":true,"href":"https:\/\/iwell-guard.com\/is\/wp-json\/wp\/v2\/categories?post=169246"}],"curies":[{"name":"wp","href":"https:\/\/api.w.org\/{rel}","templated":true}]}}