{"id":169245,"date":"2026-09-05T14:06:48","date_gmt":"2026-09-05T14:06:48","guid":{"rendered":"https:\/\/iwell-guard.com\/?page_id=169245"},"modified":"2026-09-05T14:35:57","modified_gmt":"2026-09-05T14:35:57","slug":"reynividur-verndartre-thjodtrua","status":"publish","type":"page","link":"https:\/\/iwell-guard.com\/is\/reynividur-verndartre-thjodtrua\/","title":{"rendered":"Reynivi\u00f0ur \u2013 verndartr\u00e9 og verndarvi\u00f0ur \u00fej\u00f3\u00f0tr\u00faarins"},"content":{"rendered":"\t\t<div data-elementor-type=\"wp-page\" data-elementor-id=\"169245\" class=\"elementor elementor-169245 elementor-3737 elementor-bc-flex-widget\" data-elementor-post-type=\"page\">\n\t\t\t\t<div class=\"elementor-element elementor-element-iwgs-eberesche-hero e-flex e-con-boxed e-con e-parent\" data-id=\"iwgs-eberesche-hero\" data-element_type=\"container\" data-e-type=\"container\">\n\t\t\t\t\t<div class=\"e-con-inner\">\n\t\t<div class=\"elementor-element elementor-element-iw-eberesche-hero-bw e-con-full e-flex e-con e-child\" data-id=\"iw-eberesche-hero-bw\" data-element_type=\"container\" data-e-type=\"container\">\n\t\t<div class=\"elementor-element elementor-element-iwgs-eberesche-hl e-flex e-con-boxed e-con e-parent\" data-id=\"iwgs-eberesche-hl\" data-element_type=\"container\" data-e-type=\"container\">\n\t\t\t\t\t<div class=\"e-con-inner\">\n\t\t<div class=\"elementor-element elementor-element-iwgs-eberesche-hlbox e-con-full e-flex e-con e-parent\" data-id=\"iwgs-eberesche-hlbox\" data-element_type=\"container\" data-e-type=\"container\">\n\t\t\t\t<div class=\"elementor-element elementor-element-iwgs-eberesche-h1 elementor-widget elementor-widget-heading\" data-id=\"iwgs-eberesche-h1\" data-element_type=\"widget\" data-e-type=\"widget\" data-widget_type=\"heading.default\">\n\t\t\t\t\t<h1 class=\"elementor-heading-title elementor-size-default\">Reynivi\u00f0urinn: verndartr\u00e9 og verndarvi\u00f0ur evr\u00f3pskrar \u00fej\u00f3\u00f0tr\u00faar<\/h1>\t\t\t\t<\/div>\n\t\t\t\t<div class=\"elementor-element elementor-element-iwgs-eberesche-lead elementor-widget elementor-widget-text-editor\" data-id=\"iwgs-eberesche-lead\" data-element_type=\"widget\" data-e-type=\"widget\" data-widget_type=\"text-editor.default\">\n\t\t\t\t\t\t\t\t\t<p>Reynivi\u00f0urinn, einnig kalla\u00f0ur fuglaber, var \u00ed evr\u00f3pskri \u00fej\u00f3\u00f0tr\u00fa talinn verndartr\u00e9. Vi\u00f0i hans, greinum og sk\u00e6rrau\u00f0um berjum var eigna\u00f0ur varnarkraftur gegn galdri, eldingum og ska\u00f0legri sei\u00f0mennt.<\/p><p>S\u00e9rstaklega \u00ed Mi\u00f0- og Nor\u00f0ur-Evr\u00f3pu var \u00feetta tr\u00e9 tengt fj\u00f6lm\u00f6rgum verndarsi\u00f0um. Fr\u00e1 \u00fej\u00f3\u00f0fr\u00e6\u00f0ilegu sj\u00f3narhorni telst reynivi\u00f0urinn til verndarjurta <span class=\"iwg-fachbegriff\" data-tooltip=\"Tr\u00faarhef\u00f0 sem lifir \u00ed daglegu l\u00edfi, oft samhli\u00f0a hinni opinberu kenningu.\" tabindex=\"0\">al\u00fe\u00fd\u00f0utr\u00faar<\/span>. \u00deessi grein fjallar um uppruna, <span class=\"iwg-fachbegriff\" data-tooltip=\"Hef\u00f0bundin ath\u00f6fn sem er endurtekin reglulega innan samf\u00e9lags.\" tabindex=\"0\">si\u00f0<\/span> og t\u00falkun \u00feessa verndartr\u00e9s.<\/p>\t\t\t\t\t\t\t\t<\/div>\n\t\t\t\t<\/div>\n\t\t\t\t<div class=\"elementor-element elementor-element-iwgs-eberesche-pills elementor-widget elementor-widget-html\" data-id=\"iwgs-eberesche-pills\" data-element_type=\"widget\" data-e-type=\"widget\" data-widget_type=\"html.default\">\n\t\t\t\t\t<div class=\"iwg-pill-row\"><span class=\"iwg-klasse-badge\" tabindex=\"0\" data-tooltip=\"Verndart\u00e1kn, verndargripur e\u00f0a fr\u00e1hrindandi hlutur.\">Verndart\u00e1kn<\/span><a href=\"https:\/\/iwell-guard.com\/is\/verndartakn\/\" class=\"iwg-kultur-badge\" tabindex=\"0\" data-tooltip=\"Verndarhef\u00f0: Evr\u00f3psk \u00fej\u00f3\u00f0tr\u00fa\">Evr\u00f3psk \u00fej\u00f3\u00f0tr\u00fa<\/a><span class=\"iwg-tradition-badge\" tabindex=\"0\" data-tooltip=\"Vi\u00f0arb\u00fatur sem eigna\u00f0ur er verndarkraftur.\">Verndarvi\u00f0ur<\/span><\/div>\t\t\t\t<\/div>\n\t\t\t\t\t<\/div>\n\t\t\t\t<\/div>\n\t\t<div class=\"elementor-element elementor-element-iwgs-eberesche-hr e-con-full e-flex e-con e-parent\" data-id=\"iwgs-eberesche-hr\" data-element_type=\"container\" data-e-type=\"container\">\n\t\t\t\t<div class=\"elementor-element elementor-element-iwgs-eberesche-himg iwg-hero-image elementor-widget elementor-widget-image\" data-id=\"iwgs-eberesche-himg\" data-element_type=\"widget\" data-e-type=\"widget\" data-widget_type=\"image.default\">\n\t\t\t\t\t\t\t\t\t\t\t\t\t\t\t<img fetchpriority=\"high\" decoding=\"async\" width=\"683\" height=\"1024\" src=\"https:\/\/iwell-guard.com\/wp-content\/uploads\/2026\/05\/schutzsymbol_volksmagie_eberesche-683x1024.webp\" class=\"attachment-large size-large wp-image-170480\" alt=\"Reynivi\u00f0ur - hl\u00edfart\u00e1kn, safnfr\u00e6\u00f0ileg myndskreyting\" srcset=\"https:\/\/iwell-guard.com\/wp-content\/uploads\/2026\/05\/schutzsymbol_volksmagie_eberesche-683x1024.webp 683w, https:\/\/iwell-guard.com\/wp-content\/uploads\/2026\/05\/schutzsymbol_volksmagie_eberesche-200x300.webp 200w, https:\/\/iwell-guard.com\/wp-content\/uploads\/2026\/05\/schutzsymbol_volksmagie_eberesche-768x1152.webp 768w, https:\/\/iwell-guard.com\/wp-content\/uploads\/2026\/05\/schutzsymbol_volksmagie_eberesche.webp 1024w\" sizes=\"(max-width: 683px) 100vw, 683px\" \/>\t\t\t\t\t\t\t\t\t\t\t\t\t\t\t<\/div>\n\t\t\t\t<\/div>\n\t\t\t\t<\/div>\n\t\t\t\t\t<\/div>\n\t\t\t\t<\/div>\n\t\t<div class=\"elementor-element elementor-element-iwgs-eberesche-s0 e-flex e-con-boxed e-con e-parent\" data-id=\"iwgs-eberesche-s0\" data-element_type=\"container\" data-e-type=\"container\">\n\t\t\t\t\t<div class=\"e-con-inner\">\n\t\t\t\t<div class=\"elementor-element elementor-element-iwgs-eberesche-s0h elementor-widget elementor-widget-heading\" data-id=\"iwgs-eberesche-s0h\" data-element_type=\"widget\" data-e-type=\"widget\" data-widget_type=\"heading.default\">\n\t\t\t\t\t<h2 class=\"elementor-heading-title elementor-size-default\">Yfirlit<\/h2>\t\t\t\t<\/div>\n\t\t<div class=\"elementor-element elementor-element-iw-eberesche-s0-bw e-con-full e-flex e-con e-child\" data-id=\"iw-eberesche-s0-bw\" data-element_type=\"container\" data-e-type=\"container\">\n\t\t<div class=\"elementor-element elementor-element-iwgs-eberesche-s0box e-con-full e-flex e-con e-parent\" data-id=\"iwgs-eberesche-s0box\" data-element_type=\"container\" data-e-type=\"container\">\n\t\t\t\t<div class=\"elementor-element elementor-element-iwgs-eberesche-s0t elementor-widget elementor-widget-text-editor\" data-id=\"iwgs-eberesche-s0t\" data-element_type=\"widget\" data-e-type=\"widget\" data-widget_type=\"text-editor.default\">\n\t\t\t\t\t\t\t\t\t<p>Reynivi\u00f0urinn, \u00e1 fr\u00e6\u00f0im\u00e1li Sorbus aucuparia, er lauftr\u00e9 sem er algengt v\u00ed\u00f0a \u00ed Evr\u00f3pu. \u00cd \u00fej\u00f3\u00f0tr\u00fa var hann talinn eitt mikilv\u00e6gasta verndartr\u00e9\u00f0. Honum var eigna\u00f0ur kraftur til a\u00f0 halda galdri, eldingum og ska\u00f0legum m\u00e1ttarv\u00f6ldum \u00ed fjarl\u00e6g\u00f0.<\/p><p>Tr\u00e9\u00f0 gengur undir m\u00f6rgum \u00fej\u00f3\u00f0legum heitum. Algeng eru fuglaber, dr\u00fa\u00f0atr\u00e9, kvistberjatr\u00e9 og einiberjatr\u00e9. Nafni\u00f0 fuglaber v\u00edsar til \u00feess a\u00f0 fuglar \u00e9ta berin, en nafni\u00f0 dr\u00fa\u00f0atr\u00e9 til \u00feeirrar verndar sem tr\u00e9nu var eignu\u00f0 gegn dr\u00fa\u00f0unni.<\/p><p>Fr\u00e1 \u00fej\u00f3\u00f0fr\u00e6\u00f0ilegu sj\u00f3narhorni telst reynivi\u00f0urinn til verndarjurta, h\u00f3ps trj\u00e1a og jurta sem eigna\u00f0ur var fr\u00e1hrindandi kraftur. Hann er \u00feannig \u00ed f\u00e9lagi me\u00f0 ylli, einiberjalyngi og heslihnetu.<\/p><p>\u00d3l\u00edkt sm\u00ed\u00f0u\u00f0um <a href=\"https:\/\/iwell-guard.com\/is\/verndartakn\/\">verndart\u00e1knum<\/a> var reynivi\u00f0urinn lifandi v\u00f6rn. Allt tr\u00e9\u00f0, einstakar greinar, vi\u00f0urinn og berin voru notu\u00f0 me\u00f0 \u00fdmsum h\u00e6tti eftir <span class=\"iwg-fachbegriff\" data-tooltip=\"Hef\u00f0bundin ath\u00f6fn sem er endurtekin reglulega innan samf\u00e9lags.\" tabindex=\"0\">si\u00f0<\/span>.<\/p><p>Verndarmerkingin skiptist \u00e1 milli \u00fdmissa hluta tr\u00e9sins. Vi\u00f0urinn var nota\u00f0ur til a\u00f0 sm\u00ed\u00f0a \u00e1h\u00f6ld og stafi, greinarnar til a\u00f0 festa \u00e1 h\u00fas og \u00fatih\u00fas, rau\u00f0u berin sem skart og verndargripur.<\/p><p data-nosnippet=\"true\">\u00dea\u00f0 skal \u00e1r\u00e9tta\u00f0 a\u00f0 verndarm\u00e1ttur reynivi\u00f0arins l\u00fdsir s\u00f6gulegri tr\u00faarhugmynd. Tr\u00e9\u00f0 er \u00fej\u00f3\u00f0fr\u00e6\u00f0ileg heimild, ekki virkt verndarefni \u00ed n\u00e1tt\u00faruv\u00edsindalegum skilningi. \u00dev\u00ed fylgja engin heilsulofor\u00f0.<\/p>\t\t\t\t\t\t\t\t<\/div>\n\t\t\t\t<\/div>\n\t\t\t\t<\/div>\n\t\t\t\t\t<\/div>\n\t\t\t\t<\/div>\n\t\t<div class=\"elementor-element elementor-element-iwgs-eberesche-s1 e-flex e-con-boxed e-con e-parent\" data-id=\"iwgs-eberesche-s1\" data-element_type=\"container\" data-e-type=\"container\">\n\t\t\t\t\t<div class=\"e-con-inner\">\n\t\t\t\t<div class=\"elementor-element elementor-element-iwgs-eberesche-s1h elementor-widget elementor-widget-heading\" data-id=\"iwgs-eberesche-s1h\" data-element_type=\"widget\" data-e-type=\"widget\" data-widget_type=\"heading.default\">\n\t\t\t\t\t<h2 class=\"elementor-heading-title elementor-size-default\">Uppruni og saga<\/h2>\t\t\t\t<\/div>\n\t\t<div class=\"elementor-element elementor-element-iw-eberesche-s1-bw e-con-full e-flex e-con e-child\" data-id=\"iw-eberesche-s1-bw\" data-element_type=\"container\" data-e-type=\"container\">\n\t\t<div class=\"elementor-element elementor-element-iwgs-eberesche-s1box e-con-full e-flex e-con e-parent\" data-id=\"iwgs-eberesche-s1box\" data-element_type=\"container\" data-e-type=\"container\">\n\t\t\t\t<div class=\"elementor-element elementor-element-iwgs-eberesche-s1t elementor-widget elementor-widget-text-editor\" data-id=\"iwgs-eberesche-s1t\" data-element_type=\"widget\" data-e-type=\"widget\" data-widget_type=\"text-editor.default\">\n\t\t\t\t\t\t\t\t\t<p>Reynivi\u00f0urinn vex um n\u00e6r alla Evr\u00f3pu, fr\u00e1 l\u00e1glendi upp \u00ed fj\u00f6ll. V\u00ed\u00f0t\u00e6k \u00fatbrei\u00f0sla hans og \u00e1berandi rau\u00f0 berin ur\u00f0u til \u00feess a\u00f0 hann gegndi snemma s\u00e9rst\u00f6ku hlutverki \u00ed \u00fej\u00f3\u00f0tr\u00fa.<\/p><p>\u00deegar \u00e1 t\u00edmum fyrir kristni hefur tr\u00e9\u00f0 l\u00edklega haft tr\u00faarlega \u00fe\u00fd\u00f0ingu, \u00fe\u00f3tt heimildir s\u00e9u f\u00e1t\u00e6klegar. \u00cd norr\u00e6nni <span class=\"iwg-fachbegriff\" data-tooltip=\"Mi\u00f0lun \u00feekkingar og sagna milli kynsl\u00f3\u00f0a.\" tabindex=\"0\">munnm\u00e6lahef\u00f0<\/span> kemur reynivi\u00f0urinn fyrir \u00ed tengslum vi\u00f0 gu\u00f0inn \u00de\u00f3r, sem bendir til fornrar vir\u00f0ingar fyrir tr\u00e9nu.<\/p><p>Traustar heimildir um verndarsi\u00f0ina eru fr\u00e1 mi\u00f0\u00f6ldum og \u00e1rn\u00fd\u00f6ld. \u00c1 \u00feeim t\u00edma var tr\u00fa \u00e1 galdra v\u00ed\u00f0a \u00fatbreidd, og reynivi\u00f0urinn \u00fe\u00f3tti reynt varnarefni gegn ska\u00f0legum m\u00e1ttarv\u00f6ldum.<\/p><p>\u00dej\u00f3\u00f0fr\u00e6\u00f0is\u00f6fn fr\u00e1 19. \u00f6ld skr\u00e1 reynivi\u00f0arsi\u00f0ina r\u00e6kilega. \u00deau s\u00fdna a\u00f0 tr\u00e9\u00f0 var \u00ed \u00de\u00fdskalandi, Englandi, Skandinav\u00edu og vi\u00f0 Eystrasalt tengt svipu\u00f0um verndarhugmyndum.<\/p><p>S\u00e9rstaklega \u00ed sveitum h\u00e9lst <span class=\"iwg-fachbegriff\" data-tooltip=\"Hef\u00f0bundin ath\u00f6fn sem er endurtekin reglulega innan samf\u00e9lags.\" tabindex=\"0\">si\u00f0urinn<\/span> lengi vi\u00f0. Enn \u00e1 19. \u00f6ld og st\u00f6ku sinnum \u00e1 20. \u00f6ld voru reynivi\u00f0argreinar festar til verndar \u00e1 \u00fatih\u00fas og h\u00edb\u00fdli, s\u00e9rstaklega \u00e1 Valborgarn\u00f3tt.<\/p><p>Saga reynivi\u00f0arins sem verndartr\u00e9s s\u00fdnir langa samfellu. Fr\u00e1 \u00fev\u00ed sem tali\u00f0 er hafa veri\u00f0 hei\u00f0i\u00f0 d\u00fdrkunartr\u00e9, gegnum varnarefni \u00e1rn\u00fdaldar, allt til skjalfests <span class=\"iwg-fachbegriff\" data-tooltip=\"Hef\u00f0bundin ath\u00f6fn sem er endurtekin reglulega innan samf\u00e9lags.\" tabindex=\"0\">si\u00f0ar<\/span> \u00e1 19. \u00f6ld, m\u00e1 rekja sl\u00f3\u00f0 hans.<\/p><p>\u00cd engilsaxneskri og norr\u00e6nni <span class=\"iwg-fachbegriff\" data-tooltip=\"Mi\u00f0lun \u00feekkingar og sagna milli kynsl\u00f3\u00f0a.\" tabindex=\"0\">munnm\u00e6lahef\u00f0<\/span> kemur reynivi\u00f0urinn einnig fram \u00ed s\u00f6gunni um a\u00f0 tr\u00e9\u00f0 hafi veitt gu\u00f0inum \u00de\u00f3r f\u00f3tfestu \u00feegar hann \u00f3\u00f0 straumhar\u00f0a \u00e1.<\/p><p>Sl\u00edk sagnaminni eru a\u00f0eins \u00feekkt \u00far mi\u00f0aldaritum og gefa engan \u00f6ruggan grundv\u00f6ll til a\u00f0 draga \u00e1lyktanir um hei\u00f0inn <span class=\"iwg-fachbegriff\" data-tooltip=\"Heild tr\u00faarlegra d\u00fdrkunarathafna til handa gu\u00f0i e\u00f0a heilagri veru.\" tabindex=\"0\">helgisi\u00f0ad\u00fdrkun<\/span>, en \u00feau s\u00fdna hina fornu tengingu tr\u00e9sins vi\u00f0 hugmyndina um verndun og festu.<\/p>\t\t\t\t\t\t\t\t<\/div>\n\t\t\t\t<\/div>\n\t\t\t\t<\/div>\n\t\t\t\t\t<\/div>\n\t\t\t\t<\/div>\n\t\t<div class=\"elementor-element elementor-element-iwgs-eberesche-s2 e-flex e-con-boxed e-con e-parent\" data-id=\"iwgs-eberesche-s2\" data-element_type=\"container\" data-e-type=\"container\">\n\t\t\t\t\t<div class=\"e-con-inner\">\n\t\t\t\t<div class=\"elementor-element elementor-element-iwgs-eberesche-s2h elementor-widget elementor-widget-heading\" data-id=\"iwgs-eberesche-s2h\" data-element_type=\"widget\" data-e-type=\"widget\" data-widget_type=\"heading.default\">\n\t\t\t\t\t<h2 class=\"elementor-heading-title elementor-size-default\">Form, efni og ger\u00f0<\/h2>\t\t\t\t<\/div>\n\t\t<div class=\"elementor-element elementor-element-iw-eberesche-s2-bw e-con-full e-flex e-con e-child\" data-id=\"iw-eberesche-s2-bw\" data-element_type=\"container\" data-e-type=\"container\">\n\t\t<div class=\"elementor-element elementor-element-iwgs-eberesche-s2box e-con-full e-flex e-con e-parent\" data-id=\"iwgs-eberesche-s2box\" data-element_type=\"container\" data-e-type=\"container\">\n\t\t\t\t<div class=\"elementor-element elementor-element-iwgs-eberesche-s2t elementor-widget elementor-widget-text-editor\" data-id=\"iwgs-eberesche-s2t\" data-element_type=\"widget\" data-e-type=\"widget\" data-widget_type=\"text-editor.default\">\n\t\t\t\t\t\t\t\t\t<p>Reynivi\u00f0ur er l\u00edti\u00f0 til me\u00f0alst\u00f3rt lauftr\u00e9 me\u00f0 fja\u00f0urst\u00e6\u00f0um bl\u00f6\u00f0um. \u00c1berandi eru eldrau\u00f0 berin sem lj\u00f3ma \u00e1 haustin og hanga \u00ed \u00fe\u00e9ttum sveipum. \u00deessi rau\u00f0u ber leika mikilv\u00e6gt hlutverk \u00ed \u00fej\u00f3\u00f0tr\u00faart\u00f6frum.<\/p><p>\u00ddmsir hlutar tr\u00e9sins voru nota\u00f0ir. N\u00fdskorin grein me\u00f0 laufum og berjum var h\u00f6f\u00f0 til a\u00f0 festa upp. \u00de\u00e6r voru skornar \u00e1 \u00e1kve\u00f0num t\u00edmum og festar \u00e1 dyr, glugga og fj\u00f3ssto\u00f0ir.<\/p><p>Vi\u00f0ur reynivi\u00f0ar er seigur og fja\u00f0randi. \u00dar honum voru ger\u00f0 verkf\u00e6rask\u00f6ft, g\u00f6ngu- og hjar\u00f0stafir, keyrisk\u00f6ft og sm\u00e1verkf\u00e6ri. Sl\u00edkum gripum \u00far reynivi\u00f0i var eigna\u00f0ur verndandi eiginleiki.<\/p><p>\u00dar berjunum var unnt a\u00f0 strengja festar. Rau\u00f0ar berjafestar \u00far reyni voru bornar sem skart e\u00f0a hengdar upp \u00ed h\u00fasum. Hinn sterki rau\u00f0i litur \u00fe\u00f3tti \u00fear s\u00e9rstaklega merkingar\u00ferungin.<\/p><p>S\u00e9rst\u00f6k helgun \u00ed tr\u00faarlegum skilningi var yfirleitt ekki nau\u00f0synleg. Mikilv\u00e6gur var \u00fe\u00f3 r\u00e9ttur t\u00edmapunktur til a\u00f0 skera greinarnar. Sumir si\u00f0ir kv\u00e1\u00f0u \u00e1 um a\u00f0 greinarnar skyldi n\u00e1 \u00e1 \u00e1kve\u00f0num d\u00f6gum e\u00f0a \u00e1n j\u00e1rnverkf\u00e6ra.<\/p><p>Sta\u00f0setning tr\u00e9sins haf\u00f0i einnig merkingu. Reynivi\u00f0ur sem \u00f3x \u00e1 kletti e\u00f0a \u00ed greinakv\u00edsl annars tr\u00e9s, \u00feannig a\u00f0 hann festi ekki r\u00e6tur \u00ed j\u00f6r\u00f0u, \u00fe\u00f3tti s\u00e9rstaklega kraftmikill. Sl\u00edk tr\u00e9 voru k\u00f6llu\u00f0 flugreynir.<\/p><p>\u00c1 sumum st\u00f6\u00f0um var reynivi\u00f0ur einnig talinn ve\u00f0urtr\u00e9, \u00fear sem berja\u00e1lagi\u00f0 gaf v\u00edsbendingu um komandi vetur. R\u00edkulega berjatr\u00e9 bo\u00f0a\u00f0i samkv\u00e6mt \u00feessari tr\u00fa har\u00f0an, snj\u00f3\u00feungan vetur. \u00deessi ve\u00f0urregla tengist \u00ed fyrstu ekki verndarhlutverkinu, en s\u00fdnir hversu n\u00e1tengdur reynivi\u00f0urinn var b\u00e6ndasamf\u00e9laginu \u00ed heild.<\/p>\t\t\t\t\t\t\t\t<\/div>\n\t\t\t\t<\/div>\n\t\t\t\t<\/div>\n\t\t\t\t\t<\/div>\n\t\t\t\t<\/div>\n\t\t<div class=\"elementor-element elementor-element-iwgs-eberesche-s3 e-flex e-con-boxed e-con e-parent\" data-id=\"iwgs-eberesche-s3\" data-element_type=\"container\" data-e-type=\"container\">\n\t\t\t\t\t<div class=\"e-con-inner\">\n\t\t\t\t<div class=\"elementor-element elementor-element-iwgs-eberesche-s3h elementor-widget elementor-widget-heading\" data-id=\"iwgs-eberesche-s3h\" data-element_type=\"widget\" data-e-type=\"widget\" data-widget_type=\"heading.default\">\n\t\t\t\t\t<h2 class=\"elementor-heading-title elementor-size-default\">\u00dej\u00f3\u00f0fr\u00e6\u00f0ilegur bakgrunnur og tr\u00faarhugmyndir<\/h2>\t\t\t\t<\/div>\n\t\t<div class=\"elementor-element elementor-element-iw-eberesche-s3-bw e-con-full e-flex e-con e-child\" data-id=\"iw-eberesche-s3-bw\" data-element_type=\"container\" data-e-type=\"container\">\n\t\t<div class=\"elementor-element elementor-element-iwgs-eberesche-s3box e-con-full e-flex e-con e-parent\" data-id=\"iwgs-eberesche-s3box\" data-element_type=\"container\" data-e-type=\"container\">\n\t\t\t\t<div class=\"elementor-element elementor-element-iwgs-eberesche-s3t elementor-widget elementor-widget-text-editor\" data-id=\"iwgs-eberesche-s3t\" data-element_type=\"widget\" data-e-type=\"widget\" data-widget_type=\"text-editor.default\">\n\t\t\t\t\t\t\t\t\t<p>A\u00f0 baki reynivi\u00f0num l\u00e1 hugmyndin um a\u00f0 \u00e1kve\u00f0in tr\u00e9 byggju yfir verndandi krafti gegn galdri. Reynivi\u00f0ur \u00fe\u00f3tti eitt \u00f6flugasta \u00feessara trj\u00e1a.<\/p><p>Rau\u00f0i litur berjanna l\u00e9k h\u00e9r lykilhlutverk. Rau\u00f0ur litur var v\u00ed\u00f0a \u00ed evr\u00f3pskum \u00fej\u00f3\u00f0tr\u00faart\u00f6frum talinn verndandi litur sem h\u00e9lt ska\u00f0legum m\u00e1ttarv\u00f6ldum og hinu illa auga \u00ed fjarl\u00e6g\u00f0. Rau\u00f0 reyniber b\u00e1ru \u00feennan verndarlit n\u00e1tt\u00farunnar.<\/p><p>Tr\u00e9\u00f0 var nota\u00f0 til varnar gegn \u00fdmsum h\u00e6ttum. \u00dea\u00f0 \u00e1tti a\u00f0 verjast g\u00f6ldrum og ska\u00f0asei\u00f0i nornanna, hindra martr\u00f6\u00f0 og verja f\u00f3lk og f\u00e9na\u00f0 fyrir illu auga. Sl\u00edk sams\u00f6fnun hlutverka er d\u00e6miger\u00f0 fyrir verndarpl\u00f6ntur.<\/p><p>Reynivi\u00f0ur \u00fe\u00f3tti einnig verja gegn eldingu. \u00cd \u00fev\u00ed hlutverki var hann b\u00e6\u00f0i \u00ed samkeppni og tengslum vi\u00f0 \u00f6nnur tr\u00e9 sem eldingarv\u00f6rn var eignu\u00f0. H\u00e9r m\u00e1 greina norr\u00e6nar tengingar vi\u00f0 \u00ferumugu\u00f0inn \u00de\u00f3r.<\/p><p>S\u00e9rst\u00f6k vir\u00f0ing fyrir flugreyni, tr\u00e9 sem festi ekki r\u00e6tur \u00ed j\u00f6r\u00f0u, \u00fatsk\u00fdrist af algengu r\u00f6kkerfi \u00fej\u00f3\u00f0tr\u00faart\u00f6fra. \u00dea\u00f0 sem \u00f3x \u00e1 \u00f3venjulegan h\u00e1tt og virtist andst\u00e6tt n\u00e1tt\u00farulegri reglu, \u00fe\u00f3tti s\u00e9rstaklega kraftmiki\u00f0.<\/p><p>Reynivi\u00f0ur sameina\u00f0i \u00feannig margar hugmyndir. Hann var varnartr\u00e9 gegn g\u00f6ldrum, v\u00f6rn gegn eldingu og bar hinn merkingar\u00ferungna rau\u00f0a lit. \u00deessi fj\u00f6lbreytni ger\u00f0i hann a\u00f0 einu mikilv\u00e6gasta tr\u00e9 \u00fej\u00f3\u00f0tr\u00faart\u00f6franna.<\/p><p>Gagnvart hinu ska\u00f0lega auga var tr\u00fain s\u00fa a\u00f0 ma\u00f0ur e\u00f0a d\u00fdr sem bar reynigrein v\u00e6ri varinn gegn illu auga.<\/p><p>Greinin dr\u00f3 samkv\u00e6mt \u00feessari hugsun hina ska\u00f0legu athygli a\u00f0 s\u00e9r, l\u00edkt og \u00e1berandi <span class=\"iwg-fachbegriff\" data-tooltip=\"Borinn hlutur sem eigna\u00f0ur er verndandi, \u00f3heillaverjandi kraftur.\" tabindex=\"0\">verndargripur<\/span>, og var\u00f0i \u00feannig hinn eiginlega bera. \u00deessi hugmynd tengdi verndartr\u00e9\u00f0 vi\u00f0 hi\u00f0 v\u00ed\u00f0fe\u00f0ma svi\u00f0 varnar gegn illu auga.<\/p>\t\t\t\t\t\t\t\t<\/div>\n\t\t\t\t<\/div>\n\t\t\t\t<\/div>\n\t\t\t\t\t<\/div>\n\t\t\t\t<\/div>\n\t\t<div class=\"elementor-element elementor-element-iwgs-eberesche-s4 e-flex e-con-boxed e-con e-parent\" data-id=\"iwgs-eberesche-s4\" data-element_type=\"container\" data-e-type=\"container\">\n\t\t\t\t\t<div class=\"e-con-inner\">\n\t\t\t\t<div class=\"elementor-element elementor-element-iwgs-eberesche-s4h elementor-widget elementor-widget-heading\" data-id=\"iwgs-eberesche-s4h\" data-element_type=\"widget\" data-e-type=\"widget\" data-widget_type=\"heading.default\">\n\t\t\t\t\t<h2 class=\"elementor-heading-title elementor-size-default\">Notkun og si\u00f0ur<\/h2>\t\t\t\t<\/div>\n\t\t<div class=\"elementor-element elementor-element-iw-eberesche-s4-bw e-con-full e-flex e-con e-child\" data-id=\"iw-eberesche-s4-bw\" data-element_type=\"container\" data-e-type=\"container\">\n\t\t<div class=\"elementor-element elementor-element-iwgs-eberesche-s4box e-con-full e-flex e-con e-parent\" data-id=\"iwgs-eberesche-s4box\" data-element_type=\"container\" data-e-type=\"container\">\n\t\t\t\t<div class=\"elementor-element elementor-element-iwgs-eberesche-s4t elementor-widget elementor-widget-text-editor\" data-id=\"iwgs-eberesche-s4t\" data-element_type=\"widget\" data-e-type=\"widget\" data-widget_type=\"text-editor.default\">\n\t\t\t\t\t\t\t\t\t<p>\u00datbreiddur <span class=\"iwg-fachbegriff\" data-tooltip=\"Hef\u00f0bundin ath\u00f6fn sem endurtekin er reglulega innan samf\u00e9lags.\" tabindex=\"0\">si\u00f0ur<\/span> var a\u00f0 festa reynigreinar \u00e1 h\u00fas og fj\u00f3s. S\u00e9rstaklega \u00e1 Valp\u00fargisn\u00f3tt, \u00feegar tali\u00f0 var a\u00f0 nornir v\u00e6ru s\u00e9rlega virkar, voru n\u00fdskornar greinar festar \u00e1 dyr og fj\u00f3ssto\u00f0ir.<\/p><p>\u00cd fj\u00f3sinu \u00e1tti reynivi\u00f0ur a\u00f0 verja b\u00faf\u00e9na\u00f0. Greinar voru festar yfir fj\u00f3sdyrum e\u00f0a stungi\u00f0 inn \u00ed fj\u00f3si\u00f0 til a\u00f0 verja hesta og nautgripi fyrir sj\u00fakd\u00f3mum, martr\u00f6\u00f0 og g\u00f6ldrum.<\/p><p>Verkf\u00e6ri og stafir \u00far reynivi\u00f0i h\u00f6f\u00f0u s\u00edna eigin merkingu. Hjar\u00f0stafur \u00far reynivi\u00f0i \u00e1tti a\u00f0 verja hj\u00f6r\u00f0ina, keyrissk\u00f6ft \u00e1ttu a\u00f0 verja dr\u00e1ttard\u00fdrin. \u00deyrlur og hr\u00e6rur \u00far \u00feessum vi\u00f0i \u00fe\u00f3ttu einnig hagfelldar.<\/p><p>Vi\u00f0 dyr og \u00fer\u00f6skulda var reynivi\u00f0ur nota\u00f0ur \u00e1 svipa\u00f0an h\u00e1tt og \u00f6nnur byggingarvarnarme\u00f0ul. Grein sem var f\u00f6st \u00ed \u00fer\u00f6skuldinum e\u00f0a vi\u00f0arb\u00fatur \u00e1tti a\u00f0 hindra innrei\u00f0 ska\u00f0legra m\u00e1ttarvalda.<\/p><p>Rau\u00f0u berin voru dregin upp \u00e1 festar og hengd um h\u00e1ls barna e\u00f0a d\u00fdra. \u00deessar berjafestar tengdu vernd tr\u00e9sins vi\u00f0 verndandi \u00e1hrif rau\u00f0a litarins.<\/p><p>\u00deessi <span class=\"iwg-fachbegriff\" data-tooltip=\"Hef\u00f0bundin ath\u00f6fn sem endurtekin er reglulega innan samf\u00e9lags.\" tabindex=\"0\">si\u00f0ur<\/span> var einfaldur \u00ed framkv\u00e6md og bundinn engri s\u00e9rstakri pers\u00f3nu. Hvert heimili gat skori\u00f0 greinar og fest \u00fe\u00e6r upp. \u00deessi l\u00e1g\u00fer\u00f6skuldur \u00e1tti sinn \u00fe\u00e1tt \u00ed hversu v\u00ed\u00f0a reynivi\u00f0arsi\u00f0irnir breiddust \u00fat.<\/p><p>\u00datbreiddur var einnig \u00feessi <span class=\"iwg-fachbegriff\" data-tooltip=\"Hef\u00f0bundin ath\u00f6fn sem endurtekin er reglulega innan samf\u00e9lags.\" tabindex=\"0\">si\u00f0ur<\/span> a\u00f0 hr\u00e6ra n\u00fdslegi\u00f0 smj\u00f6r me\u00f0 \u00feyrlu \u00far reynivi\u00f0i. Mist\u00f3kst smj\u00f6rger\u00f0in var \u00fea\u00f0 oft t\u00falka\u00f0 sem verk nornar sem hef\u00f0i teki\u00f0 kraftinn \u00far mj\u00f3lkinni. Hr\u00e6ra \u00far verndarvi\u00f0num \u00e1tti a\u00f0 fyrirbyggja sl\u00edkan ska\u00f0asei\u00f0 og tryggja \u00e1rangur verksins.<\/p>\t\t\t\t\t\t\t\t<\/div>\n\t\t\t\t<\/div>\n\t\t\t\t<\/div>\n\t\t\t\t\t<\/div>\n\t\t\t\t<\/div>\n\t\t<div class=\"elementor-element elementor-element-iwgs-eberesche-s5 e-flex e-con-boxed e-con e-parent\" data-id=\"iwgs-eberesche-s5\" data-element_type=\"container\" data-e-type=\"container\">\n\t\t\t\t\t<div class=\"e-con-inner\">\n\t\t\t\t<div class=\"elementor-element elementor-element-iwgs-eberesche-s5h elementor-widget elementor-widget-heading\" data-id=\"iwgs-eberesche-s5h\" data-element_type=\"widget\" data-e-type=\"widget\" data-widget_type=\"heading.default\">\n\t\t\t\t\t<h2 class=\"elementor-heading-title elementor-size-default\">Sv\u00e6\u00f0isbundin afbrig\u00f0i og tengt efni<\/h2>\t\t\t\t<\/div>\n\t\t<div class=\"elementor-element elementor-element-iw-eberesche-s5-bw e-con-full e-flex e-con e-child\" data-id=\"iw-eberesche-s5-bw\" data-element_type=\"container\" data-e-type=\"container\">\n\t\t<div class=\"elementor-element elementor-element-iwgs-eberesche-s5box e-con-full e-flex e-con e-parent\" data-id=\"iwgs-eberesche-s5box\" data-element_type=\"container\" data-e-type=\"container\">\n\t\t\t\t<div class=\"elementor-element elementor-element-iwgs-eberesche-s5t elementor-widget elementor-widget-text-editor\" data-id=\"iwgs-eberesche-s5t\" data-element_type=\"widget\" data-e-type=\"widget\" data-widget_type=\"text-editor.default\">\n\t\t\t\t\t\t\t\t\t<p>Si\u00f0irnir \u00ed kringum reynivi\u00f0inn eru mismunandi eftir sv\u00e6\u00f0um. \u00cd Nor\u00f0ur-\u00de\u00fdskalandi og vi\u00f0 Eystrasalt var \u00e1herslan l\u00f6g\u00f0 \u00e1 a\u00f0 verja b\u00faf\u00e9na\u00f0 me\u00f0 greinum sem voru festar upp. \u00cd fjalllendinu var meiri \u00e1hersla l\u00f6g\u00f0 \u00e1 verndun gegn nornum og martr\u00f6\u00f0.<\/p><p>\u00cd Skotlandi og \u00cdrlandi var reynivi\u00f0urinn, \u00fear kalla\u00f0ur rowan, talinn s\u00e9rstaklega \u00f6flugt verndartr\u00e9. Krossar bundnir \u00far tveimur reynivi\u00f0argreinum, festir saman me\u00f0 rau\u00f0um \u00fer\u00e6\u00f0i, voru algeng v\u00f6rn.<\/p><p>\u00c1 Nor\u00f0url\u00f6ndum var reynivi\u00f0urinn n\u00e1tengdur verndun heimilis og b\u00e6jar. \u00dear l\u00e9k flugreynivi\u00f0urinn, tr\u00e9 sem vex ofan \u00e1 \u00f6\u00f0rum trj\u00e1m, einnig s\u00e9rstakt hlutverk.<\/p><p>Reynivi\u00f0urinn er tengdur \u00f6\u00f0rum verndarjurtum evr\u00f3pskrar \u00fej\u00f3\u00f0tr\u00faar. Fl\u00e9ttuber (Holunder) var tali\u00f0 heimilistr\u00e9 og verndargripur, einir hreinsandi reykelsisvi\u00f0ur og hesli sproti me\u00f0 s\u00e9rst\u00f6kum krafti.<\/p><p>L\u00edkt og <a href=\"https:\/\/iwell-guard.com\/is\/verndartakn\/\">Hagsteinninn<\/a> tilheyrir reynivi\u00f0urinn \u00feeim n\u00e1tt\u00faruhlutum sem verndarkraftur var talinn koma \u00far pl\u00f6ntunni sj\u00e1lfri, ekki \u00far mannlegri sm\u00ed\u00f0. B\u00e6\u00f0i standa fyrir verndargaldur sem byggir \u00e1 n\u00e1tt\u00farunni.<\/p><p>\u00der\u00e1tt fyrir sv\u00e6\u00f0isbundinn mismun kemur fram sameiginlegt mynstur. Alls sta\u00f0ar voru rau\u00f0u berin talin merkingar\u00ferungin, alls sta\u00f0ar snerist verndin gegn galdri og martr\u00f6\u00f0, og alls sta\u00f0ar haf\u00f0i tr\u00e9\u00f0 fastan sess \u00ed verndun heimilis og b\u00faf\u00e9na\u00f0ar.<\/p><p>\u00cd Wales var reynivi\u00f0ur nota\u00f0ur \u00ed skaft \u00e1 sp\u00e1g\u00f6ndlum og \u00ed sn\u00e6lduhj\u00f3l, og \u00e1 sumum kirkjug\u00f6r\u00f0um var tr\u00e9\u00f0 planta\u00f0 s\u00e9rstaklega til a\u00f0 tryggja r\u00f3 hinna d\u00e1nu. \u00deessi kirkjulega notkun s\u00fdnir a\u00f0 reynivi\u00f0urinn, l\u00edkt og a\u00f0rar verndarjurtir, var nota\u00f0ur \u00e1n m\u00f3tsagnar milli \u00fej\u00f3\u00f0tr\u00faar og kristins svi\u00f0s.<\/p>\t\t\t\t\t\t\t\t<\/div>\n\t\t\t\t<\/div>\n\t\t\t\t<\/div>\n\t\t\t\t\t<\/div>\n\t\t\t\t<\/div>\n\t\t<div class=\"elementor-element elementor-element-iwgs-eberesche-s6 e-flex e-con-boxed e-con e-parent\" data-id=\"iwgs-eberesche-s6\" data-element_type=\"container\" data-e-type=\"container\">\n\t\t\t\t\t<div class=\"e-con-inner\">\n\t\t\t\t<div class=\"elementor-element elementor-element-iwgs-eberesche-s6h elementor-widget elementor-widget-heading\" data-id=\"iwgs-eberesche-s6h\" data-element_type=\"widget\" data-e-type=\"widget\" data-widget_type=\"heading.default\">\n\t\t\t\t\t<h2 class=\"elementor-heading-title elementor-size-default\">Merking sem verndargripur<\/h2>\t\t\t\t<\/div>\n\t\t<div class=\"elementor-element elementor-element-iw-eberesche-s6-bw e-con-full e-flex e-con e-child\" data-id=\"iw-eberesche-s6-bw\" data-element_type=\"container\" data-e-type=\"container\">\n\t\t<div class=\"elementor-element elementor-element-iwgs-eberesche-s6box e-con-full e-flex e-con e-parent\" data-id=\"iwgs-eberesche-s6box\" data-element_type=\"container\" data-e-type=\"container\">\n\t\t\t\t<div class=\"elementor-element elementor-element-iwgs-eberesche-s6t elementor-widget elementor-widget-text-editor\" data-id=\"iwgs-eberesche-s6t\" data-element_type=\"widget\" data-e-type=\"widget\" data-widget_type=\"text-editor.default\">\n\t\t\t\t\t\t\t\t\t<p>Verndar\u00fe\u00fd\u00f0ing reynivi\u00f0arins byggist \u00e1 samspili nokkurra hugmynda. Tr\u00e9\u00f0 var tali\u00f0 a\u00f0 e\u00f0lisfari andst\u00e6\u00f0a galdri, og rau\u00f0u berin b\u00e1ru verndarlitinn.<\/p><p>Verndun b\u00faf\u00e9na\u00f0ar l\u00e9k lykilhlutverk. \u00dear sem b\u00fafj\u00e1rsj\u00fakd\u00f3mar voru oft taldir aflei\u00f0ing af ska\u00f0agaldri, haf\u00f0i v\u00f6rn sem talin var virka mikla \u00fe\u00fd\u00f0ingu fyrir b\u00faskap b\u00e6nda. Reynivi\u00f0urinn uppfyllti \u00feessa v\u00e6ntingu.<\/p><p>Verndun heimilisins b\u00e6tti vi\u00f0 verndun b\u00faf\u00e9na\u00f0ar. Greinar festar upp vi\u00f0 dyr og glugga \u00e1ttu a\u00f0 tryggja allt b\u00e6jarh\u00fasi\u00f0 gegn innbroti ska\u00f0legra m\u00e1ttarvalda, l\u00edkt og skorin varnart\u00e1kn.<\/p><p>S\u00fa eldingav\u00f6rn sem tr\u00e9\u00f0 var eignu\u00f0 v\u00edkka\u00f0i verndarhlutverki\u00f0 yfir \u00e1 n\u00e1tt\u00farulega h\u00e6ttu. \u00c1 t\u00edmum \u00e1n t\u00e6knilegrar eldingavarnar haf\u00f0i tr\u00fain \u00e1 tr\u00e9 sem varna\u00f0i eldingum mikla \u00fe\u00fd\u00f0ingu fyrir f\u00f3lk.<\/p><p>Fyrir f\u00f3lk l\u00e1 gildi reynivi\u00f0arins \u00ed a\u00f0gengi hans. Tr\u00e9\u00f0 \u00f3x n\u00e1nast alls sta\u00f0ar og greinar hans m\u00e1tti skera \u00e1n endurgjalds. Vernd var \u00feannig a\u00f0gengileg hverju heimili.<\/p><p>\u00dea\u00f0 skal \u00e1r\u00e9tta\u00f0 a\u00f0 \u00feessi verndar\u00fe\u00fd\u00f0ing endurspeglar s\u00f6gulegar tr\u00faarhugmyndir. Raunveruleg v\u00f6rn gegn sj\u00fakd\u00f3mum, ska\u00f0agaldri e\u00f0a eldingum er ekki tengd reynivi\u00f0num. Gildi hans liggur \u00ed menningars\u00f6gulegri fr\u00e1s\u00f6gn um hugsun fyrri t\u00edma.<\/p>\t\t\t\t\t\t\t\t<\/div>\n\t\t\t\t<\/div>\n\t\t\t\t<\/div>\n\t\t\t\t\t<\/div>\n\t\t\t\t<\/div>\n\t\t<div class=\"elementor-element elementor-element-iwgs-eberesche-s7 e-flex e-con-boxed e-con e-parent\" data-id=\"iwgs-eberesche-s7\" data-element_type=\"container\" data-e-type=\"container\">\n\t\t\t\t\t<div class=\"e-con-inner\">\n\t\t\t\t<div class=\"elementor-element elementor-element-iwgs-eberesche-s7h elementor-widget elementor-widget-heading\" data-id=\"iwgs-eberesche-s7h\" data-element_type=\"widget\" data-e-type=\"widget\" data-widget_type=\"heading.default\">\n\t\t\t\t\t<h2 class=\"elementor-heading-title elementor-size-default\">Heimildasta\u00f0a og ranns\u00f3knarsaga<\/h2>\t\t\t\t<\/div>\n\t\t<div class=\"elementor-element elementor-element-iw-eberesche-s7-bw e-con-full e-flex e-con e-child\" data-id=\"iw-eberesche-s7-bw\" data-element_type=\"container\" data-e-type=\"container\">\n\t\t<div class=\"elementor-element elementor-element-iwgs-eberesche-s7box e-con-full e-flex e-con e-parent\" data-id=\"iwgs-eberesche-s7box\" data-element_type=\"container\" data-e-type=\"container\">\n\t\t\t\t<div class=\"elementor-element elementor-element-iwgs-eberesche-s7t elementor-widget elementor-widget-text-editor\" data-id=\"iwgs-eberesche-s7t\" data-element_type=\"widget\" data-e-type=\"widget\" data-widget_type=\"text-editor.default\">\n\t\t\t\t\t\t\t\t\t<p>Heimildasta\u00f0an um reynivi\u00f0inn sem verndartr\u00e9 er \u00fe\u00e9tt fyrir <span class=\"iwg-fachbegriff\" data-tooltip=\"T\u00edmabil fr\u00e1 u.\u00fe.b. 15. til 18. \u00f6ld.\" tabindex=\"0\">Fyrri n\u00fd\u00f6ld<\/span> og 19. \u00f6ldina, en glopp\u00f3tt fyrir eldri t\u00edmabil. Margt um t\u00edmann fyrir kristni er \u00e1giskun.<\/p><p>Fyrir norr\u00e6na <span class=\"iwg-fachbegriff\" data-tooltip=\"Mi\u00f0lun \u00feekkingar og fr\u00e1sagna kynsl\u00f3\u00f0 eftir kynsl\u00f3\u00f0.\" tabindex=\"0\">munnm\u00e6lahef\u00f0<\/span> gefa mi\u00f0alda\u00edslensk rit v\u00edsbendingar um \u00fe\u00fd\u00f0ingu reynivi\u00f0arins \u00ed tengslum vi\u00f0 gu\u00f0inn \u00de\u00f3r. \u00deessar heimildir eru \u00fe\u00f3 f\u00e1ar og bera a\u00f0 t\u00falka me\u00f0 vark\u00e1rni.<\/p><p>Mikilv\u00e6gasti grundv\u00f6llurinn eru \u00fej\u00f3\u00f0h\u00e1ttas\u00f6fn 19. og upphafs 20. aldar. Fr\u00e6\u00f0imenn s\u00f6fnu\u00f0u me\u00f0 vi\u00f0t\u00f6lum \u00fe\u00e9ttu efni um si\u00f0i sem s\u00fdnir sv\u00e6\u00f0isbundna fj\u00f6lbreytni reynivi\u00f0arsi\u00f0anna.<\/p><p>Handb\u00f3k \u00fe\u00fdskrar hj\u00e1tr\u00faar (Handw\u00f6rterbuch des deutschen Aberglaubens) hefur \u00edtarlega grein um reynivi\u00f0inn. \u00dear eru si\u00f0irnir kerfisbundi\u00f0 raktir og tengdir hugmyndum um galdur, martr\u00f6\u00f0 og verndarlit.<\/p><p>A\u00f0fer\u00f0afr\u00e6\u00f0ilegur vandi felst \u00ed a\u00f0 draga \u00e1lyktun um hei\u00f0na helgi \u00fat fr\u00e1 yngri si\u00f0um. Fr\u00e6\u00f0in vara vi\u00f0 vark\u00e1rni h\u00e9r, \u00fev\u00ed ekki m\u00e1 \u00e1n frekari sko\u00f0unar varpa s\u00ed\u00f0ari si\u00f0um aftur \u00ed fjarl\u00e6ga fort\u00ed\u00f0.<\/p><p>Ranns\u00f3knasagan s\u00fdnir a\u00f0 reynivi\u00f0urinn er me\u00f0al best skjalfestu verndartrj\u00e1a Evr\u00f3pu. \u00dej\u00f3\u00f0h\u00e1ttas\u00f6fnun hefur gert fj\u00f6lbreytt hlutverk hans \u00ed \u00fej\u00f3\u00f0tr\u00fa s\u00fdnilegt til fulls.<\/p><p>Endurteki\u00f0 vandam\u00e1l \u00ed ranns\u00f3knum er ruglingur reynivi\u00f0arins vi\u00f0 \u00f6nnur trj\u00e1m \u00ed eldri textum. Al\u00fe\u00fd\u00f0uheiti eru ekki einhl\u00edt, og or\u00f0 eins og Quitsche e\u00f0a Drudenbaum voru notu\u00f0 me\u00f0 mismunandi h\u00e6tti eftir sv\u00e6\u00f0um. N\u00e1kv\u00e6m \u00e1kv\u00f6r\u00f0un um hva\u00f0a tr\u00e9 er \u00e1tt vi\u00f0 \u00ed heimild krefst \u00fev\u00ed samanbur\u00f0ar vi\u00f0 sv\u00e6\u00f0isbundna m\u00e1lnotkun.<\/p>\t\t\t\t\t\t\t\t<\/div>\n\t\t\t\t<\/div>\n\t\t\t\t<\/div>\n\t\t\t\t\t<\/div>\n\t\t\t\t<\/div>\n\t\t<div class=\"elementor-element elementor-element-iwgs-eberesche-s8 e-flex e-con-boxed e-con e-parent\" data-id=\"iwgs-eberesche-s8\" data-element_type=\"container\" data-e-type=\"container\">\n\t\t\t\t\t<div class=\"e-con-inner\">\n\t\t\t\t<div class=\"elementor-element elementor-element-iwgs-eberesche-s8h elementor-widget elementor-widget-heading\" data-id=\"iwgs-eberesche-s8h\" data-element_type=\"widget\" data-e-type=\"widget\" data-widget_type=\"heading.default\">\n\t\t\t\t\t<h2 class=\"elementor-heading-title elementor-size-default\">M\u00f3tt\u00f6kur \u00ed dag<\/h2>\t\t\t\t<\/div>\n\t\t<div class=\"elementor-element elementor-element-iw-eberesche-s8-bw e-con-full e-flex e-con e-child\" data-id=\"iw-eberesche-s8-bw\" data-element_type=\"container\" data-e-type=\"container\">\n\t\t<div class=\"elementor-element elementor-element-iwgs-eberesche-s8box e-con-full e-flex e-con e-parent\" data-id=\"iwgs-eberesche-s8box\" data-element_type=\"container\" data-e-type=\"container\">\n\t\t\t\t<div class=\"elementor-element elementor-element-iwgs-eberesche-s8t elementor-widget elementor-widget-text-editor\" data-id=\"iwgs-eberesche-s8t\" data-element_type=\"widget\" data-e-type=\"widget\" data-widget_type=\"text-editor.default\">\n\t\t\t\t\t\t\t\t\t<p>Reynivi\u00f0ur (Eberesche) er \u00ed dag fyrst og fremst \u00feekktur sem skraut- og fuglaskj\u00f3lstr\u00e9. Rau\u00f0u berin hans eru mikilv\u00e6g f\u00e6\u00f0uuppspretta fyrir fugla, sem gerir hann vins\u00e6lan \u00ed n\u00e1tt\u00farulegum g\u00f6r\u00f0um.<\/p><p>\u00cd n\u00fat\u00edma n\u00e1tt\u00farul\u00e6kningum og <span class=\"iwg-fachbegriff\" data-tooltip=\"Samheiti yfir kenningar sem gera kr\u00f6fu um leynda \u00feekkingu sem a\u00f0eins innv\u00edg\u00f0ir hafa a\u00f0gang a\u00f0.\" tabindex=\"0\">es\u00f3ter\u00edk<\/span> er reynivi\u00f0ur \u00f6\u00f0ru hverju tekinn upp sem verndartr\u00e9. \u00cd handb\u00f3kum er hann l\u00fdst sem tr\u00e9 me\u00f0 fr\u00e1hrindandi kraft. \u00deessar l\u00fdsingar tengjast g\u00f6mlum hugmyndum en \u00fearf a\u00f0 a\u00f0greina fr\u00e1 hinni s\u00f6gulegu <span class=\"iwg-fachbegriff\" data-tooltip=\"Mi\u00f0lun \u00feekkingar og fr\u00e1sagna kynsl\u00f3\u00f0 fram af kynsl\u00f3\u00f0.\" tabindex=\"0\">munnm\u00e6lahef\u00f0<\/span>.<\/p><p>\u00cd hef\u00f0arvernd og heimafr\u00e6\u00f0um lifir \u00feekkingin um reynivi\u00f0inn sem verndartr\u00e9 \u00e1fram. \u00deegar sv\u00e6\u00f0isbundin \u00fej\u00f3\u00f0menning er kynnt er sagt fr\u00e1 tr\u00e9nu og g\u00f6mlum <span class=\"iwg-fachbegriff\" data-tooltip=\"Hef\u00f0bundin ath\u00f6fn sem endurtekin er reglulega innan samf\u00e9lags.\" tabindex=\"0\">si\u00f0<\/span> \u00feess.<\/p><p>\u00cd keltneskt innbl\u00e1sinni n\u00fat\u00edmahei\u00f0ni gegnir reynivi\u00f0urinn, undir nafninu Rowan, mikilv\u00e6gu hlutverki. Hann er \u00fear t\u00falka\u00f0ur sem verndartr\u00e9, en s\u00f6guleg <span class=\"iwg-fachbegriff\" data-tooltip=\"Mi\u00f0lun \u00feekkingar og fr\u00e1sagna kynsl\u00f3\u00f0 fram af kynsl\u00f3\u00f0.\" tabindex=\"0\">munnm\u00e6lahef\u00f0<\/span> og n\u00fat\u00edma endurt\u00falkun blandast saman.<\/p><div data-nosnippet=\"true\"><p>\u00deeir sem vilja skilja hlutverk reynivi\u00f0arins \u00ed norr\u00e6num og keltneskum \u00fej\u00f3\u00f0tr\u00fam betur \u00e6ttu a\u00f0 leita \u00ed \u00fej\u00f3\u00f0fr\u00e6\u00f0ilegar handb\u00e6kur og yfirlit yfir verndart\u00e1kn. Es\u00f3ter\u00edskar handb\u00e6kur setja s\u00f6gu verndartr\u00e9sins oft fram \u00e1 mj\u00f6g einfalda\u00f0an h\u00e1tt.<\/p><\/div><p>N\u00fat\u00edma m\u00f3tt\u00f6kur s\u00fdna \u00fev\u00ed tv\u00e6r hli\u00f0ar. Reynivi\u00f0ur er ver\u00f0m\u00e6tur n\u00e1tt\u00farugr\u00f3\u00f0ur, og hann lifir \u00e1fram sem verndartr\u00e9 \u00ed hef\u00f0arvernd og n\u00fat\u00edmahei\u00f0ni, \u00fe\u00f3 \u00fear \u00ed n\u00fdrri t\u00falkun.<\/p>\t\t\t\t\t\t\t\t<\/div>\n\t\t\t\t<\/div>\n\t\t\t\t<\/div>\n\t\t\t\t\t<\/div>\n\t\t\t\t<\/div>\n\t\t<div class=\"elementor-element elementor-element-iwgs-eberesche-lit e-flex e-con-boxed e-con e-parent\" data-id=\"iwgs-eberesche-lit\" data-element_type=\"container\" data-e-type=\"container\">\n\t\t\t\t\t<div class=\"e-con-inner\">\n\t\t\t\t<div class=\"elementor-element elementor-element-iwgs-eberesche-lith elementor-widget elementor-widget-heading\" data-id=\"iwgs-eberesche-lith\" data-element_type=\"widget\" data-e-type=\"widget\" data-widget_type=\"heading.default\">\n\t\t\t\t\t<h2 class=\"elementor-heading-title elementor-size-default\">Heimildir (\u00farval)<\/h2>\t\t\t\t<\/div>\n\t\t<div class=\"elementor-element elementor-element-iw-eberesche-lit-bw e-con-full e-flex e-con e-child\" data-id=\"iw-eberesche-lit-bw\" data-element_type=\"container\" data-e-type=\"container\">\n\t\t<div class=\"elementor-element elementor-element-iwgs-eberesche-litbox e-con-full e-flex e-con e-parent\" data-id=\"iwgs-eberesche-litbox\" data-element_type=\"container\" data-e-type=\"container\">\n\t\t\t\t<div class=\"elementor-element elementor-element-iwgs-eberesche-litt elementor-widget elementor-widget-html\" data-id=\"iwgs-eberesche-litt\" data-element_type=\"widget\" data-e-type=\"widget\" data-widget_type=\"html.default\">\n\t\t\t\t\t<footer data-nosnippet=\"true\"><ul><li>Hanns B\u00e4chtold-St\u00e4ubli (ritstj.): <em>Handw\u00f6rterbuch des deutschen Aberglaubens<\/em> (1927-1942)<\/li><li>Heinrich Marzell: <em>W\u00f6rterbuch der deutschen Pflanzennamen<\/em> (1943-1979)<\/li><li>Adolf Wuttke: <em>Der deutsche Volksaberglaube der Gegenwart<\/em> (1869)<\/li><li>Wolf-Dieter Storl: <em>Pflanzen der Kelten<\/em> (2000)<\/li><li>Doris Laudert: <em>Mythos Baum. Geschichte, Brauchtum, 40 Baumportr\u00e4ts<\/em> (1998)<\/li><\/ul><\/footer>\t\t\t\t<\/div>\n\t\t\t\t<\/div>\n\t\t\t\t<\/div>\n\t\t\t\t\t<\/div>\n\t\t\t\t<\/div>\n\t\t<div class=\"elementor-element elementor-element-iwgs-eberesche-kwd e-flex e-con-boxed e-con e-parent\" data-id=\"iwgs-eberesche-kwd\" data-element_type=\"container\" data-e-type=\"container\">\n\t\t\t\t\t<div class=\"e-con-inner\">\n\t\t<div class=\"elementor-element elementor-element-iw-eberesche-kwd-bw e-con-full e-flex e-con e-child\" data-id=\"iw-eberesche-kwd-bw\" data-element_type=\"container\" data-e-type=\"container\">\n\t\t\t\t<div class=\"elementor-element elementor-element-iwgs-eberesche-kwdt elementor-widget elementor-widget-text-editor\" data-id=\"iwgs-eberesche-kwdt\" data-element_type=\"widget\" data-e-type=\"widget\" data-widget_type=\"text-editor.default\">\n\t\t\t\t\t\t\t\t\t<p><em>Tengd leitaror\u00f0: Reyniber Sorbus aucuparia Verndartr\u00e9 Skessutr\u00e9 Rowan Valpurgisn\u00f3tt Nornavarnir Reynivi\u00f0argrein Verndarvi\u00f0ur B\u00fafj\u00e1rvernd Eldingavernd.<\/em><\/p>\t\t\t\t\t\t\t\t<\/div>\n\t\t\t\t<\/div>\n\t\t\t\t\t<\/div>\n\t\t\t\t<\/div>\n\t\t<div class=\"elementor-element elementor-element-iwgs-eberesche-cc e-flex e-con-boxed e-con e-parent\" data-id=\"iwgs-eberesche-cc\" data-element_type=\"container\" data-e-type=\"container\" id=\"iwg-cc-eberesche\">\n\t\t\t\t\t<div class=\"e-con-inner\">\n\t\t<div class=\"elementor-element elementor-element-iwgs-eberesche-ccinner e-flex e-con-boxed e-con e-parent\" data-id=\"iwgs-eberesche-ccinner\" data-element_type=\"container\" data-e-type=\"container\" data-settings=\"{&quot;background_background&quot;:&quot;classic&quot;}\">\n\t\t\t\t\t<div class=\"e-con-inner\">\n\t\t\t\t<div class=\"elementor-element elementor-element-iwgs-eberesche-cch elementor-widget elementor-widget-heading\" data-id=\"iwgs-eberesche-cch\" data-element_type=\"widget\" data-e-type=\"widget\" data-widget_type=\"heading.default\">\n\t\t\t\t\t<h2 class=\"elementor-heading-title elementor-size-default\">iWell Guard og verndarhef\u00f0ir<\/h2>\t\t\t\t<\/div>\n\t\t\t\t<div class=\"elementor-element elementor-element-iwgs-eberesche-cct elementor-widget elementor-widget-text-editor\" data-id=\"iwgs-eberesche-cct\" data-element_type=\"widget\" data-e-type=\"widget\" data-widget_type=\"text-editor.default\">\n\t\t\t\t\t\t\t\t\t<p>iWell Guard fellur \u00ed hina menningars\u00f6gulegu hef\u00f0 fars\u00edma verndargripa, sem reynivi\u00f0urinn tilheyrir einnig. N\u00fat\u00edma fylgihlutur fyrir f\u00f3lk sem lifir me\u00f0 verndart\u00e1knum: framleiddur \u00ed \u00de\u00fdskalandi, 41 lag af hreinu gulli, plat\u00ednu og silfri, me\u00f0 30 daga skilar\u00e9tti.<\/p>\t\t\t\t\t\t\t\t<\/div>\n\t\t\t\t<div class=\"elementor-element elementor-element-iwgs-eberesche-ccb iwg-cc-button iwg-cc-cta-2026-05-13 elementor-widget elementor-widget-jet-button\" data-id=\"iwgs-eberesche-ccb\" data-element_type=\"widget\" data-e-type=\"widget\" data-widget_type=\"jet-button.default\">\n\t\t\t\t<div class=\"elementor-widget-container\">\n\t\t\t\t\t<div class=\"elementor-jet-button jet-elements\"><div class=\"jet-button__container\"><a class=\"jet-button__instance jet-button__instance--icon-left hover-effect-1\" href=\"\/schutzanhaenger-iwell-guard-kaufen\/?utm_source=iwell-guard.com&amp;utm_medium=info-box&amp;utm_campaign=schutzsymbole\"><div class=\"jet-button__plane jet-button__plane-normal\"><\/div><div class=\"jet-button__plane jet-button__plane-hover\"><\/div><div class=\"jet-button__state jet-button__state-normal\"><span class=\"jet-button__label\">Meira um iWell Guard<\/span><\/div><div class=\"jet-button__state jet-button__state-hover\"><span class=\"jet-button__label\">Meira um iWell Guard<\/span><\/div><\/a><\/div><\/div><style>.elementor-element.elementor-element-iwgs-eberesche-ccb .jet-button__instance{width:320px;height:56px;}.elementor-element.elementor-element-iwgs-eberesche-ccb .jet-button__state-normal .jet-button__label{text-align:center;margin:0px 0px 0px 0px;color:#1a1b20;font-family:Montserrat,sans-serif;font-size:13px;font-weight:400;letter-spacing:4px;line-height:1.714em;text-transform:uppercase;}.elementor-element.elementor-element-iwgs-eberesche-ccb .jet-button__state-hover .jet-button__label{text-align:center;margin:0px 0px 0px 0px;color:#FECC76;font-family:Montserrat,sans-serif;font-size:13px;font-weight:400;letter-spacing:4px;line-height:1.714em;text-transform:uppercase;}.elementor-element.elementor-element-iwgs-eberesche-ccb .jet-button__plane-normal{background-color:#FECC76;border-style:solid;border-color:#C99540;border-width:2px 2px 2px 2px;}.elementor-element.elementor-element-iwgs-eberesche-ccb .jet-button__plane-hover{background-color:rgba(0,0,0,0.55);border-style:solid;border-color:#FECC76;border-width:2px 2px 2px 2px;}<\/style>\t\t\t\t<\/div>\n\t\t\t\t<\/div>\n\t\t\t\t<div class=\"elementor-element elementor-element-iwgs-eberesche-ccd elementor-widget elementor-widget-text-editor\" data-id=\"iwgs-eberesche-ccd\" data-element_type=\"widget\" data-e-type=\"widget\" data-widget_type=\"text-editor.default\">\n\t\t\t\t\t\t\t\t\t<p style=\"text-align:center;font-size:13px;opacity:0.7;margin-top:14px\" data-nosnippet=\"true\">Pers\u00f3nuleg reynsla getur veri\u00f0 mismunandi. Ekki l\u00e6kningat\u00e6ki. Engin lofor\u00f0 um l\u00e6kningu.<\/p>\t\t\t\t\t\t\t\t<\/div>\n\t\t\t\t\t<\/div>\n\t\t\t\t<\/div>\n\t\t\t\t\t<\/div>\n\t\t\t\t<\/div>\n\t\t<div class=\"elementor-element elementor-element-iwgs-eberesche-disc e-flex e-con-boxed e-con e-parent\" data-id=\"iwgs-eberesche-disc\" data-element_type=\"container\" data-e-type=\"container\">\n\t\t\t\t\t<div class=\"e-con-inner\">\n\t\t<div class=\"elementor-element elementor-element-iw-eberesche-disc-bw e-con-full e-flex e-con e-child\" data-id=\"iw-eberesche-disc-bw\" data-element_type=\"container\" data-e-type=\"container\">\n\t\t\t\t<div class=\"elementor-element elementor-element-iwgs-eberesche-discw elementor-widget elementor-widget-html\" data-id=\"iwgs-eberesche-discw\" data-element_type=\"widget\" data-e-type=\"widget\" data-widget_type=\"html.default\">\n\t\t\t\t\t<footer data-nosnippet=\"true\" class=\"iwg-disclaimer-block\"><p data-nosnippet=\"true\">iWell Guard er <strong>ekki l\u00e6kningat\u00e6ki<\/strong> og kemur ekki \u00ed sta\u00f0 l\u00e6knis- e\u00f0a s\u00e1lfr\u00e6\u00f0ime\u00f0fer\u00f0ar. Innihaldi\u00f0 sem h\u00e9r er sett fram er tr\u00faarbrag\u00f0afr\u00e6\u00f0ileg og menningars\u00f6gulega greining, ekki lofor\u00f0 um andlega virkni.<\/p><\/footer>\t\t\t\t<\/div>\n\t\t\t\t<\/div>\n\t\t\t\t\t<\/div>\n\t\t\t\t<\/div>\n\t\t\t\t<\/div>\n\t\t","protected":false},"excerpt":{"rendered":"","protected":false},"author":3,"featured_media":3573,"parent":0,"menu_order":0,"comment_status":"closed","ping_status":"closed","template":"elementor_header_footer","meta":{"_yoast_wpseo_focuskw":"Reynivi\u00f0ur","_yoast_wpseo_title":"Reynivi\u00f0ur: verndartr\u00e9 evr\u00f3pskrar \u00fej\u00f3\u00f0tr\u00faar","_yoast_wpseo_metadesc":"Reynivi\u00f0urinn var talinn verndartr\u00e9 og verndarvi\u00f0ur gegn galdri og eldingum. Uppruni, si\u00f0ir og \u00fej\u00f3\u00f0fr\u00e6\u00f0ileg t\u00falkun verndartr\u00e9sins.","_yoast_wpseo_meta-robots-noindex":"","_yoast_wpseo_canonical":"","_angie_page":false,"gefaehrdungsstufe":"","wesen_kultur":"","wesen_klasse":"","footnotes":""},"categories":[],"class_list":["post-169245","page","type-page","status-publish","has-post-thumbnail","hentry"],"yoast_head":"<!-- This site is optimized with the Yoast SEO Premium plugin v27.7 (Yoast SEO v28.3) - https:\/\/yoast.com\/product\/yoast-seo-premium-wordpress\/ -->\n<title>Reynivi\u00f0ur: verndartr\u00e9 evr\u00f3pskrar \u00fej\u00f3\u00f0tr\u00faar<\/title>\n<meta name=\"description\" content=\"Reynivi\u00f0urinn var talinn verndartr\u00e9 og verndarvi\u00f0ur gegn galdri og eldingum. Uppruni, si\u00f0ir og \u00fej\u00f3\u00f0fr\u00e6\u00f0ileg t\u00falkun verndartr\u00e9sins.\" \/>\n<meta name=\"robots\" content=\"index, follow, max-snippet:-1, max-image-preview:large, max-video-preview:-1\" \/>\n<link rel=\"canonical\" href=\"https:\/\/iwell-guard.com\/is\/reynividur-verndartre-thjodtrua\/\" \/>\n<meta property=\"og:locale\" content=\"is_IS\" \/>\n<meta property=\"og:type\" content=\"article\" \/>\n<meta property=\"og:title\" content=\"Reynivi\u00f0ur \u2013 verndartr\u00e9 og verndarvi\u00f0ur \u00fej\u00f3\u00f0tr\u00faarins\" \/>\n<meta property=\"og:description\" content=\"Reynivi\u00f0urinn var talinn verndartr\u00e9 og verndarvi\u00f0ur gegn galdri og eldingum. Uppruni, si\u00f0ir og \u00fej\u00f3\u00f0fr\u00e6\u00f0ileg t\u00falkun verndartr\u00e9sins.\" \/>\n<meta property=\"og:url\" content=\"https:\/\/iwell-guard.com\/is\/reynividur-verndartre-thjodtrua\/\" \/>\n<meta property=\"og:site_name\" content=\"iWell Guard\" \/>\n<meta property=\"article:modified_time\" content=\"2026-09-05T14:35:57+00:00\" \/>\n<meta property=\"og:image\" content=\"https:\/\/iwell-guard.com\/wp-content\/uploads\/2026\/05\/schutzsymbol_volksmagie_eberesche.webp\" \/>\n\t<meta property=\"og:image:width\" content=\"1024\" \/>\n\t<meta property=\"og:image:height\" content=\"1536\" \/>\n\t<meta property=\"og:image:type\" content=\"image\/webp\" \/>\n<meta name=\"twitter:card\" content=\"summary_large_image\" \/>\n<script type=\"application\/ld+json\" class=\"yoast-schema-graph\">{\"@context\":\"https:\\\/\\\/schema.org\",\"@graph\":[{\"@type\":\"WebPage\",\"@id\":\"https:\\\/\\\/iwell-guard.com\\\/is\\\/reynividur-verndartre-thjodtrua\\\/\",\"url\":\"https:\\\/\\\/iwell-guard.com\\\/is\\\/reynividur-verndartre-thjodtrua\\\/\",\"name\":\"Reynivi\u00f0ur: verndartr\u00e9 evr\u00f3pskrar \u00fej\u00f3\u00f0tr\u00faar\",\"isPartOf\":{\"@id\":\"https:\\\/\\\/iwell-guard.com\\\/is\\\/#website\"},\"primaryImageOfPage\":{\"@id\":\"https:\\\/\\\/iwell-guard.com\\\/is\\\/reynividur-verndartre-thjodtrua\\\/#primaryimage\"},\"image\":{\"@id\":\"https:\\\/\\\/iwell-guard.com\\\/is\\\/reynividur-verndartre-thjodtrua\\\/#primaryimage\"},\"thumbnailUrl\":\"https:\\\/\\\/iwell-guard.com\\\/wp-content\\\/uploads\\\/2026\\\/05\\\/schutzsymbol_volksmagie_eberesche.webp\",\"datePublished\":\"2026-09-05T14:06:48+00:00\",\"dateModified\":\"2026-09-05T14:35:57+00:00\",\"description\":\"Reynivi\u00f0urinn var talinn verndartr\u00e9 og verndarvi\u00f0ur gegn galdri og eldingum. Uppruni, si\u00f0ir og \u00fej\u00f3\u00f0fr\u00e6\u00f0ileg t\u00falkun verndartr\u00e9sins.\",\"breadcrumb\":{\"@id\":\"https:\\\/\\\/iwell-guard.com\\\/is\\\/reynividur-verndartre-thjodtrua\\\/#breadcrumb\"},\"inLanguage\":\"is\",\"potentialAction\":[{\"@type\":\"ReadAction\",\"target\":[\"https:\\\/\\\/iwell-guard.com\\\/is\\\/reynividur-verndartre-thjodtrua\\\/\"]}]},{\"@type\":\"ImageObject\",\"inLanguage\":\"is\",\"@id\":\"https:\\\/\\\/iwell-guard.com\\\/is\\\/reynividur-verndartre-thjodtrua\\\/#primaryimage\",\"url\":\"https:\\\/\\\/iwell-guard.com\\\/wp-content\\\/uploads\\\/2026\\\/05\\\/schutzsymbol_volksmagie_eberesche.webp\",\"contentUrl\":\"https:\\\/\\\/iwell-guard.com\\\/wp-content\\\/uploads\\\/2026\\\/05\\\/schutzsymbol_volksmagie_eberesche.webp\",\"width\":1024,\"height\":1536,\"caption\":\"Verndart\u00e1kn. Myndskreyting \u00ed safnst\u00edl.\"},{\"@type\":\"BreadcrumbList\",\"@id\":\"https:\\\/\\\/iwell-guard.com\\\/is\\\/reynividur-verndartre-thjodtrua\\\/#breadcrumb\",\"itemListElement\":[{\"@type\":\"ListItem\",\"position\":1,\"name\":\"Start\",\"item\":\"https:\\\/\\\/iwell-guard.com\\\/is\\\/?page_id=168580\"},{\"@type\":\"ListItem\",\"position\":2,\"name\":\"Reynivi\u00f0ur \u2013 verndartr\u00e9 og verndarvi\u00f0ur \u00fej\u00f3\u00f0tr\u00faarins\"}]},{\"@type\":\"WebSite\",\"@id\":\"https:\\\/\\\/iwell-guard.com\\\/is\\\/#website\",\"url\":\"https:\\\/\\\/iwell-guard.com\\\/is\\\/\",\"name\":\"iWell Guard\",\"description\":\"Schutz vor dunklen Einfl\u00fcssen\",\"publisher\":{\"@id\":\"https:\\\/\\\/iwell-guard.com\\\/is\\\/#organization\"},\"potentialAction\":[{\"@type\":\"SearchAction\",\"target\":{\"@type\":\"EntryPoint\",\"urlTemplate\":\"https:\\\/\\\/iwell-guard.com\\\/is\\\/?s={search_term_string}\"},\"query-input\":{\"@type\":\"PropertyValueSpecification\",\"valueRequired\":true,\"valueName\":\"search_term_string\"}}],\"inLanguage\":\"is\"},{\"@type\":\"Organization\",\"@id\":\"https:\\\/\\\/iwell-guard.com\\\/is\\\/#organization\",\"name\":\"Ittermann electronic GmbH\",\"url\":\"https:\\\/\\\/iwell-guard.com\\\/is\\\/\",\"logo\":{\"@type\":\"ImageObject\",\"inLanguage\":\"is\",\"@id\":\"https:\\\/\\\/iwell-guard.com\\\/is\\\/#\\\/schema\\\/logo\\\/image\\\/\",\"url\":\"https:\\\/\\\/iwell-guard.com\\\/wp-content\\\/uploads\\\/2026\\\/05\\\/Ittermann-Logo-1182x237-1.png\",\"contentUrl\":\"https:\\\/\\\/iwell-guard.com\\\/wp-content\\\/uploads\\\/2026\\\/05\\\/Ittermann-Logo-1182x237-1.png\",\"width\":1182,\"height\":237,\"caption\":\"Ittermann electronic GmbH\"},\"image\":{\"@id\":\"https:\\\/\\\/iwell-guard.com\\\/is\\\/#\\\/schema\\\/logo\\\/image\\\/\"},\"sameAs\":[\"https:\\\/\\\/pantip.com\\\/profile\\\/9367242\",\"https:\\\/\\\/micro.blog\\\/iwellguard\",\"https:\\\/\\\/www.diggerslist.com\\\/iwellguard\\\/about\",\"https:\\\/\\\/skitterphoto.com\\\/photographers\\\/2870314\\\/iwell-guard\",\"https:\\\/\\\/iwellguard.wordpress.com\\\/2026\\\/06\\\/06\\\/iwell-guard\\\/\",\"https:\\\/\\\/hub.docker.com\\\/u\\\/iwellguard\",\"https:\\\/\\\/www.pinterest.com\\\/iwellguard\\\/\",\"https:\\\/\\\/bit.ly\\\/m\\\/iwellguard\",\"https:\\\/\\\/entre-vos-mains.alsace.eu\\\/profiles\\\/iwellguard\\\/activity\",\"https:\\\/\\\/gravatar.com\\\/reallybeded8fd34\",\"https:\\\/\\\/naijamatta.com\\\/iwellguard\",\"https:\\\/\\\/www.goodreads.com\\\/iwellguard\",\"https:\\\/\\\/profile.hatena.ne.jp\\\/iwellguard\\\/\",\"https:\\\/\\\/experiment.com\\\/users\\\/iwellguard\",\"https:\\\/\\\/wakelet.com\\\/@iWellGuard82270\",\"https:\\\/\\\/www.chordie.com\\\/forum\\\/profile.php?id=2555664\",\"https:\\\/\\\/www.instapaper.com\\\/p\\\/17757966\",\"https:\\\/\\\/www.mapleprimes.com\\\/users\\\/iwellguard\",\"https:\\\/\\\/businesslistingplus.com\\\/profile\\\/iwell-guard\\\/\",\"https:\\\/\\\/telegra.ph\\\/iWell-Guard-06-06\",\"https:\\\/\\\/pbase.com\\\/iwellguard\\\/iwellguard\",\"https:\\\/\\\/b.hatena.ne.jp\\\/iwellguard\\\/20260607#bookmark-4788405196491818882\",\"https:\\\/\\\/fliphtml5.com\\\/home\\\/iwellguard\",\"https:\\\/\\\/anyflip.com\\\/homepage\\\/cmiwl#About\",\"https:\\\/\\\/transfur.com\\\/Users\\\/iwellguard\",\"http:\\\/\\\/delphi.larsbo.org\\\/user\\\/iwellguard\",\"https:\\\/\\\/jobs.lajobsportal.org\\\/profiles\\\/8380803-iwell-guard\",\"https:\\\/\\\/md.chaosdorf.de\\\/s\\\/jfbe5SBdJD\",\"https:\\\/\\\/www.lingvolive.com\\\/en-us\\\/profile\\\/9ecaeaca-ce11-4e51-9e71-01d55e2bff36\\\/translations\",\"https:\\\/\\\/www.fitday.com\\\/fitness\\\/forums\\\/members\\\/iwellguard.html\",\"https:\\\/\\\/www.mymeetbook.com\\\/iwellguard\",\"https:\\\/\\\/pxhere.com\\\/en\\\/photographer-me\\\/5040798\",\"https:\\\/\\\/disqus.com\\\/by\\\/iwellguard\\\/about\\\/\",\"https:\\\/\\\/pastelink.net\\\/hjwciqwq\",\"https:\\\/\\\/pubhtml5.com\\\/homepage\\\/scjhn\\\/\",\"https:\\\/\\\/www.bitchute.com\\\/channel\\\/2O2eOKzNqujT\",\"https:\\\/\\\/audiomack.com\\\/iwellguard\"]}]}<\/script>\n<!-- \/ Yoast SEO Premium plugin. -->","yoast_head_json":{"title":"Reynivi\u00f0ur: verndartr\u00e9 evr\u00f3pskrar \u00fej\u00f3\u00f0tr\u00faar","description":"Reynivi\u00f0urinn var talinn verndartr\u00e9 og verndarvi\u00f0ur gegn galdri og eldingum. Uppruni, si\u00f0ir og \u00fej\u00f3\u00f0fr\u00e6\u00f0ileg t\u00falkun verndartr\u00e9sins.","robots":{"index":"index","follow":"follow","max-snippet":"max-snippet:-1","max-image-preview":"max-image-preview:large","max-video-preview":"max-video-preview:-1"},"canonical":"https:\/\/iwell-guard.com\/is\/reynividur-verndartre-thjodtrua\/","og_locale":"is_IS","og_type":"article","og_title":"Reynivi\u00f0ur \u2013 verndartr\u00e9 og verndarvi\u00f0ur \u00fej\u00f3\u00f0tr\u00faarins","og_description":"Reynivi\u00f0urinn var talinn verndartr\u00e9 og verndarvi\u00f0ur gegn galdri og eldingum. Uppruni, si\u00f0ir og \u00fej\u00f3\u00f0fr\u00e6\u00f0ileg t\u00falkun verndartr\u00e9sins.","og_url":"https:\/\/iwell-guard.com\/is\/reynividur-verndartre-thjodtrua\/","og_site_name":"iWell Guard","article_modified_time":"2026-09-05T14:35:57+00:00","og_image":[{"width":1024,"height":1536,"url":"https:\/\/iwell-guard.com\/wp-content\/uploads\/2026\/05\/schutzsymbol_volksmagie_eberesche.webp","type":"image\/webp"}],"twitter_card":"summary_large_image","schema":{"@context":"https:\/\/schema.org","@graph":[{"@type":"WebPage","@id":"https:\/\/iwell-guard.com\/is\/reynividur-verndartre-thjodtrua\/","url":"https:\/\/iwell-guard.com\/is\/reynividur-verndartre-thjodtrua\/","name":"Reynivi\u00f0ur: verndartr\u00e9 evr\u00f3pskrar \u00fej\u00f3\u00f0tr\u00faar","isPartOf":{"@id":"https:\/\/iwell-guard.com\/is\/#website"},"primaryImageOfPage":{"@id":"https:\/\/iwell-guard.com\/is\/reynividur-verndartre-thjodtrua\/#primaryimage"},"image":{"@id":"https:\/\/iwell-guard.com\/is\/reynividur-verndartre-thjodtrua\/#primaryimage"},"thumbnailUrl":"https:\/\/iwell-guard.com\/wp-content\/uploads\/2026\/05\/schutzsymbol_volksmagie_eberesche.webp","datePublished":"2026-09-05T14:06:48+00:00","dateModified":"2026-09-05T14:35:57+00:00","description":"Reynivi\u00f0urinn var talinn verndartr\u00e9 og verndarvi\u00f0ur gegn galdri og eldingum. Uppruni, si\u00f0ir og \u00fej\u00f3\u00f0fr\u00e6\u00f0ileg t\u00falkun verndartr\u00e9sins.","breadcrumb":{"@id":"https:\/\/iwell-guard.com\/is\/reynividur-verndartre-thjodtrua\/#breadcrumb"},"inLanguage":"is","potentialAction":[{"@type":"ReadAction","target":["https:\/\/iwell-guard.com\/is\/reynividur-verndartre-thjodtrua\/"]}]},{"@type":"ImageObject","inLanguage":"is","@id":"https:\/\/iwell-guard.com\/is\/reynividur-verndartre-thjodtrua\/#primaryimage","url":"https:\/\/iwell-guard.com\/wp-content\/uploads\/2026\/05\/schutzsymbol_volksmagie_eberesche.webp","contentUrl":"https:\/\/iwell-guard.com\/wp-content\/uploads\/2026\/05\/schutzsymbol_volksmagie_eberesche.webp","width":1024,"height":1536,"caption":"Verndart\u00e1kn. Myndskreyting \u00ed safnst\u00edl."},{"@type":"BreadcrumbList","@id":"https:\/\/iwell-guard.com\/is\/reynividur-verndartre-thjodtrua\/#breadcrumb","itemListElement":[{"@type":"ListItem","position":1,"name":"Start","item":"https:\/\/iwell-guard.com\/is\/?page_id=168580"},{"@type":"ListItem","position":2,"name":"Reynivi\u00f0ur \u2013 verndartr\u00e9 og verndarvi\u00f0ur \u00fej\u00f3\u00f0tr\u00faarins"}]},{"@type":"WebSite","@id":"https:\/\/iwell-guard.com\/is\/#website","url":"https:\/\/iwell-guard.com\/is\/","name":"iWell Guard","description":"Schutz vor dunklen Einfl\u00fcssen","publisher":{"@id":"https:\/\/iwell-guard.com\/is\/#organization"},"potentialAction":[{"@type":"SearchAction","target":{"@type":"EntryPoint","urlTemplate":"https:\/\/iwell-guard.com\/is\/?s={search_term_string}"},"query-input":{"@type":"PropertyValueSpecification","valueRequired":true,"valueName":"search_term_string"}}],"inLanguage":"is"},{"@type":"Organization","@id":"https:\/\/iwell-guard.com\/is\/#organization","name":"Ittermann electronic GmbH","url":"https:\/\/iwell-guard.com\/is\/","logo":{"@type":"ImageObject","inLanguage":"is","@id":"https:\/\/iwell-guard.com\/is\/#\/schema\/logo\/image\/","url":"https:\/\/iwell-guard.com\/wp-content\/uploads\/2026\/05\/Ittermann-Logo-1182x237-1.png","contentUrl":"https:\/\/iwell-guard.com\/wp-content\/uploads\/2026\/05\/Ittermann-Logo-1182x237-1.png","width":1182,"height":237,"caption":"Ittermann electronic GmbH"},"image":{"@id":"https:\/\/iwell-guard.com\/is\/#\/schema\/logo\/image\/"},"sameAs":["https:\/\/pantip.com\/profile\/9367242","https:\/\/micro.blog\/iwellguard","https:\/\/www.diggerslist.com\/iwellguard\/about","https:\/\/skitterphoto.com\/photographers\/2870314\/iwell-guard","https:\/\/iwellguard.wordpress.com\/2026\/06\/06\/iwell-guard\/","https:\/\/hub.docker.com\/u\/iwellguard","https:\/\/www.pinterest.com\/iwellguard\/","https:\/\/bit.ly\/m\/iwellguard","https:\/\/entre-vos-mains.alsace.eu\/profiles\/iwellguard\/activity","https:\/\/gravatar.com\/reallybeded8fd34","https:\/\/naijamatta.com\/iwellguard","https:\/\/www.goodreads.com\/iwellguard","https:\/\/profile.hatena.ne.jp\/iwellguard\/","https:\/\/experiment.com\/users\/iwellguard","https:\/\/wakelet.com\/@iWellGuard82270","https:\/\/www.chordie.com\/forum\/profile.php?id=2555664","https:\/\/www.instapaper.com\/p\/17757966","https:\/\/www.mapleprimes.com\/users\/iwellguard","https:\/\/businesslistingplus.com\/profile\/iwell-guard\/","https:\/\/telegra.ph\/iWell-Guard-06-06","https:\/\/pbase.com\/iwellguard\/iwellguard","https:\/\/b.hatena.ne.jp\/iwellguard\/20260607#bookmark-4788405196491818882","https:\/\/fliphtml5.com\/home\/iwellguard","https:\/\/anyflip.com\/homepage\/cmiwl#About","https:\/\/transfur.com\/Users\/iwellguard","http:\/\/delphi.larsbo.org\/user\/iwellguard","https:\/\/jobs.lajobsportal.org\/profiles\/8380803-iwell-guard","https:\/\/md.chaosdorf.de\/s\/jfbe5SBdJD","https:\/\/www.lingvolive.com\/en-us\/profile\/9ecaeaca-ce11-4e51-9e71-01d55e2bff36\/translations","https:\/\/www.fitday.com\/fitness\/forums\/members\/iwellguard.html","https:\/\/www.mymeetbook.com\/iwellguard","https:\/\/pxhere.com\/en\/photographer-me\/5040798","https:\/\/disqus.com\/by\/iwellguard\/about\/","https:\/\/pastelink.net\/hjwciqwq","https:\/\/pubhtml5.com\/homepage\/scjhn\/","https:\/\/www.bitchute.com\/channel\/2O2eOKzNqujT","https:\/\/audiomack.com\/iwellguard"]}]}},"_links":{"self":[{"href":"https:\/\/iwell-guard.com\/is\/wp-json\/wp\/v2\/pages\/169245","targetHints":{"allow":["GET"]}}],"collection":[{"href":"https:\/\/iwell-guard.com\/is\/wp-json\/wp\/v2\/pages"}],"about":[{"href":"https:\/\/iwell-guard.com\/is\/wp-json\/wp\/v2\/types\/page"}],"author":[{"embeddable":true,"href":"https:\/\/iwell-guard.com\/is\/wp-json\/wp\/v2\/users\/3"}],"replies":[{"embeddable":true,"href":"https:\/\/iwell-guard.com\/is\/wp-json\/wp\/v2\/comments?post=169245"}],"version-history":[{"count":0,"href":"https:\/\/iwell-guard.com\/is\/wp-json\/wp\/v2\/pages\/169245\/revisions"}],"wp:featuredmedia":[{"embeddable":true,"href":"https:\/\/iwell-guard.com\/is\/wp-json\/wp\/v2\/media\/3573"}],"wp:attachment":[{"href":"https:\/\/iwell-guard.com\/is\/wp-json\/wp\/v2\/media?parent=169245"}],"wp:term":[{"taxonomy":"category","embeddable":true,"href":"https:\/\/iwell-guard.com\/is\/wp-json\/wp\/v2\/categories?post=169245"}],"curies":[{"name":"wp","href":"https:\/\/api.w.org\/{rel}","templated":true}]}}