{"id":169242,"date":"2026-09-05T14:06:46","date_gmt":"2026-09-05T14:06:46","guid":{"rendered":"https:\/\/iwell-guard.com\/?page_id=169242"},"modified":"2026-09-05T14:35:53","modified_gmt":"2026-09-05T14:35:53","slug":"apotropaisk-vardmerki-byggingar","status":"publish","type":"page","link":"https:\/\/iwell-guard.com\/is\/apotropaisk-vardmerki-byggingar\/","title":{"rendered":"Verndarr\u00fan \u2013 varnarmerki \u00e1 byggingum"},"content":{"rendered":"\t\t<div data-elementor-type=\"wp-page\" data-elementor-id=\"169242\" class=\"elementor elementor-169242 elementor-3734 elementor-bc-flex-widget\" data-elementor-post-type=\"page\">\n\t\t\t\t<div class=\"elementor-element elementor-element-iwgs-ritzzeichen-hero e-flex e-con-boxed e-con e-parent\" data-id=\"iwgs-ritzzeichen-hero\" data-element_type=\"container\" data-e-type=\"container\">\n\t\t\t\t\t<div class=\"e-con-inner\">\n\t\t<div class=\"elementor-element elementor-element-iwgs-ritzzeichen-hl e-flex e-con-boxed e-con e-parent\" data-id=\"iwgs-ritzzeichen-hl\" data-element_type=\"container\" data-e-type=\"container\">\n\t\t\t\t\t<div class=\"e-con-inner\">\n\t\t<div class=\"elementor-element elementor-element-iwgs-ritzzeichen-hlbox e-con-full e-flex e-con e-parent\" data-id=\"iwgs-ritzzeichen-hlbox\" data-element_type=\"container\" data-e-type=\"container\">\n\t\t\t\t<div class=\"elementor-element elementor-element-iwgs-ritzzeichen-h1 elementor-widget elementor-widget-heading\" data-id=\"iwgs-ritzzeichen-h1\" data-element_type=\"widget\" data-e-type=\"widget\" data-widget_type=\"heading.default\">\n\t\t\t\t\t<h1 class=\"elementor-heading-title elementor-size-default\">Verndarr\u00fan: varnarmerki \u00e1 byggingum \u00ed \u00fej\u00f3\u00f0tr\u00fa<\/h1>\t\t\t\t<\/div>\n\t\t\t\t<div class=\"elementor-element elementor-element-iwgs-ritzzeichen-lead elementor-widget elementor-widget-text-editor\" data-id=\"iwgs-ritzzeichen-lead\" data-element_type=\"widget\" data-e-type=\"widget\" data-widget_type=\"text-editor.default\">\n\t\t\t\t\t\t\t\t\t<p>Verndarr\u00fan eru merki rist \u00ed tr\u00e9 e\u00f0a stein sem fest voru \u00e1 byggingar til a\u00f0 verjast \u00f3g\u00e6fu. Me\u00f0al \u00feeirra eru dr\u00fadaf\u00f3turinn, s\u00f3lhj\u00f3li\u00f0 og fl\u00e9ttu\u00f0 l\u00ednumynstur sem \u00ed fr\u00e6\u00f0unum eru k\u00f6llu\u00f0 r\u00fanamerki.<\/p><p>\u00deau finnast s\u00e9rstaklega \u00e1 dyraboga, gluggasyllum og n\u00e1l\u00e6gt eldst\u00e6\u00f0um. \u00dej\u00f3\u00f0fr\u00e6\u00f0ilega heyra \u00feau til byggingarverndar frumn\u00fdaldar \u00fej\u00f3\u00f0tr\u00faar. \u00deessi grein fjallar um form, \u00fatbrei\u00f0slu og t\u00falkun varnarmerkjanna.<\/p>\t\t\t\t\t\t\t\t<\/div>\n\t\t\t\t<\/div>\n\t\t\t\t<div class=\"elementor-element elementor-element-iwgs-ritzzeichen-pills elementor-widget elementor-widget-html\" data-id=\"iwgs-ritzzeichen-pills\" data-element_type=\"widget\" data-e-type=\"widget\" data-widget_type=\"html.default\">\n\t\t\t\t\t<div class=\"iwg-pill-row\"><span class=\"iwg-klasse-badge\" tabindex=\"0\" data-tooltip=\"Verndart\u00e1kn, verndargripur e\u00f0a apotropaiskt fyrirb\u00e6ri.\">Verndart\u00e1kn<\/span><a href=\"https:\/\/iwell-guard.com\/is\/verndartakn\/\" class=\"iwg-kultur-badge\" tabindex=\"0\" data-tooltip=\"Verndarhef\u00f0: Evr\u00f3psk \u00fej\u00f3\u00f0tr\u00fa\">Evr\u00f3psk \u00fej\u00f3\u00f0tr\u00fa<\/a><span class=\"iwg-tradition-badge\" tabindex=\"0\" data-tooltip=\"Merki e\u00f0a hlutur sem \u00e1 a\u00f0 verja byggingu.\">Byggingarvernd<\/span><\/div>\t\t\t\t<\/div>\n\t\t\t\t\t<\/div>\n\t\t\t\t<\/div>\n\t\t<div class=\"elementor-element elementor-element-iwgs-ritzzeichen-hr e-con-full e-flex e-con e-parent\" data-id=\"iwgs-ritzzeichen-hr\" data-element_type=\"container\" data-e-type=\"container\">\n\t\t\t\t<div class=\"elementor-element elementor-element-iwgs-ritzzeichen-himg iwg-hero-image elementor-widget elementor-widget-image\" data-id=\"iwgs-ritzzeichen-himg\" data-element_type=\"widget\" data-e-type=\"widget\" data-widget_type=\"image.default\">\n\t\t\t\t\t\t\t\t\t\t\t\t\t\t\t<img fetchpriority=\"high\" decoding=\"async\" width=\"683\" height=\"1024\" src=\"https:\/\/iwell-guard.com\/wp-content\/uploads\/2026\/05\/schutzsymbol_volksmagie_ritzzeichen-683x1024.webp\" class=\"attachment-large size-large wp-image-3572\" alt=\"Verndarr\u00fan \u2013 varnarmerki \u00e1 byggingum\" srcset=\"https:\/\/iwell-guard.com\/wp-content\/uploads\/2026\/05\/schutzsymbol_volksmagie_ritzzeichen-683x1024.webp 683w, https:\/\/iwell-guard.com\/wp-content\/uploads\/2026\/05\/schutzsymbol_volksmagie_ritzzeichen-200x300.webp 200w, https:\/\/iwell-guard.com\/wp-content\/uploads\/2026\/05\/schutzsymbol_volksmagie_ritzzeichen-768x1152.webp 768w, https:\/\/iwell-guard.com\/wp-content\/uploads\/2026\/05\/schutzsymbol_volksmagie_ritzzeichen.webp 1024w\" sizes=\"(max-width: 683px) 100vw, 683px\" \/>\t\t\t\t\t\t\t\t\t\t\t\t\t\t\t<\/div>\n\t\t\t\t<\/div>\n\t\t\t\t\t<\/div>\n\t\t\t\t<\/div>\n\t\t<div class=\"elementor-element elementor-element-iwgs-ritzzeichen-s0 e-flex e-con-boxed e-con e-parent\" data-id=\"iwgs-ritzzeichen-s0\" data-element_type=\"container\" data-e-type=\"container\">\n\t\t\t\t\t<div class=\"e-con-inner\">\n\t\t\t\t<div class=\"elementor-element elementor-element-iwgs-ritzzeichen-s0h elementor-widget elementor-widget-heading\" data-id=\"iwgs-ritzzeichen-s0h\" data-element_type=\"widget\" data-e-type=\"widget\" data-widget_type=\"heading.default\">\n\t\t\t\t\t<h2 class=\"elementor-heading-title elementor-size-default\">Yfirlit<\/h2>\t\t\t\t<\/div>\n\t\t<div class=\"elementor-element elementor-element-iwgs-ritzzeichen-s0box e-con-full e-flex e-con e-parent\" data-id=\"iwgs-ritzzeichen-s0box\" data-element_type=\"container\" data-e-type=\"container\">\n\t\t\t\t<div class=\"elementor-element elementor-element-iwgs-ritzzeichen-s0t elementor-widget elementor-widget-text-editor\" data-id=\"iwgs-ritzzeichen-s0t\" data-element_type=\"widget\" data-e-type=\"widget\" data-widget_type=\"text-editor.default\">\n\t\t\t\t\t\t\t\t\t<p>Verndarr\u00fan eru undirflokkur byggingartengdra <a href=\"https:\/\/iwell-guard.com\/is\/verndartakn\/\">verndart\u00e1kna<\/a>. Hugtaki\u00f0 <span class=\"iwg-fachbegriff\" data-tooltip=\"\u00d3g\u00e6fuvarnandi: um merki og hluti sem \u00e6tla\u00f0 er a\u00f0 halda ska\u00f0legum \u00e1hrifum fr\u00e1.\" tabindex=\"0\">apotropaiskt<\/span> er dregi\u00f0 af gr\u00edska or\u00f0inu fyrir varnandi og v\u00edsar til alls sem \u00e6tla\u00f0 er a\u00f0 halda \u00f3g\u00e6fu \u00ed fjarl\u00e6g\u00f0. \u00d3l\u00edkt m\u00e1lu\u00f0um merkjum voru r\u00fanamerkin skorin \u00ed efni\u00f0 og eru \u00feannig varanlega tengd byggingunni.<\/p><p>\u00cd enskum\u00e6landi fr\u00e6\u00f0um hafa hugt\u00f6kin Apotropaic Marks og <span class=\"iwg-fachbegriff\" data-tooltip=\"\u00c1kve\u00f0in runa t\u00e1knr\u00e6nna athafna me\u00f0 tr\u00faarlega e\u00f0a menningarlega merkingu.\" tabindex=\"0\">Ritual<\/span> Protection Marks fest sig \u00ed sessi. \u00c1 \u00fe\u00fdskum\u00e6landi sv\u00e6\u00f0i er tala\u00f0 um varnarmerki, bannmerki e\u00f0a nornamerki. Samr\u00e6md hugtakanotkun skortir enn, \u00fev\u00ed fr\u00e6\u00f0iranns\u00f3knir hafa a\u00f0eins \u00e1 s\u00ed\u00f0ari t\u00edmum or\u00f0i\u00f0 kerfisbundnar.<\/p><p>Me\u00f0al algengustu forma eru fimmodd\u00f3tta dr\u00fadaf\u00f3turinn, sexstrenda stj\u00f6rnur\u00f3sin, s\u00f3lhj\u00f3li\u00f0 og fl\u00f3kin l\u00ednumynstur. \u00dear vi\u00f0 b\u00e6tast einstakir stafir, s\u00e9rstaklega samfl\u00e9tta\u00f0a VV-merki\u00f0 sem Mar\u00edut\u00e1kn, auk krossa og grindarlaga mynstra.<\/p><p>Merkin eru oftast sta\u00f0sett \u00e1 veikum punktum byggingarins. \u00dear \u00e1 me\u00f0al eru dyr, gluggar, eldst\u00e6\u00f0i og \u00feakbitar, \u00fe.e. allar opnanir sem samkv\u00e6mt \u00fej\u00f3\u00f0tr\u00fa g\u00e6tu leyft ska\u00f0legu a\u00f0 komast inn. \u00deessi sta\u00f0setning er meginkenni byggingarverndarins.<\/p><p>Vardmerki eru varanlegri en m\u00e1lu\u00f0 t\u00e1kn og ver\u00f0a oft samvaxin byggingunni sj\u00e1lfri. Sum voru rist vi\u00f0 byggingu h\u00fasins, \u00f6nnur b\u00e6tt vi\u00f0 s\u00ed\u00f0ar eftir \u00fe\u00f6rfum.<\/p><p>\u00dea\u00f0 ber a\u00f0 undirstrika a\u00f0 verndargildi \u00feessara merkja l\u00fdsir s\u00f6gulegri tr\u00faarhugmynd. Vardmerkin eru menningars\u00f6gulegar minjar, ekki virk varnarb\u00fana\u00f0ur \u00ed n\u00e1tt\u00faruv\u00edsindalegum skilningi.<\/p>\t\t\t\t\t\t\t\t<\/div>\n\t\t\t\t<\/div>\n\t\t\t\t\t<\/div>\n\t\t\t\t<\/div>\n\t\t<div class=\"elementor-element elementor-element-iwgs-ritzzeichen-s1 e-flex e-con-boxed e-con e-parent\" data-id=\"iwgs-ritzzeichen-s1\" data-element_type=\"container\" data-e-type=\"container\">\n\t\t\t\t\t<div class=\"e-con-inner\">\n\t\t\t\t<div class=\"elementor-element elementor-element-iwgs-ritzzeichen-s1h elementor-widget elementor-widget-heading\" data-id=\"iwgs-ritzzeichen-s1h\" data-element_type=\"widget\" data-e-type=\"widget\" data-widget_type=\"heading.default\">\n\t\t\t\t\t<h2 class=\"elementor-heading-title elementor-size-default\">Uppruni og saga<\/h2>\t\t\t\t<\/div>\n\t\t<div class=\"elementor-element elementor-element-iwgs-ritzzeichen-s1box e-con-full e-flex e-con e-parent\" data-id=\"iwgs-ritzzeichen-s1box\" data-element_type=\"container\" data-e-type=\"container\">\n\t\t\t\t<div class=\"elementor-element elementor-element-iwgs-ritzzeichen-s1t elementor-widget elementor-widget-text-editor\" data-id=\"iwgs-ritzzeichen-s1t\" data-element_type=\"widget\" data-e-type=\"widget\" data-widget_type=\"text-editor.default\">\n\t\t\t\t\t\t\t\t\t<p>R\u00e6tur apotropaiskrar merkjager\u00f0ar n\u00e1 langt aftur. \u00deegar \u00e1 <span class=\"iwg-fachbegriff\" data-tooltip=\"T\u00edmabil gr\u00edskrar og r\u00f3mverskrar menningar, um 800 f.Kr. til 600 e.Kr.\" tabindex=\"0\">forn\u00f6ld<\/span> og \u00e1 mi\u00f0\u00f6ldum b\u00e1ru byggingar merki sem talin eru hafa haft varnarhlutverk. Fr\u00e6\u00f0imenn fara h\u00e9r varlega, \u00fev\u00ed ekki er unnt a\u00f0 t\u00falka s\u00e9rhvert fornt merki me\u00f0 vissu sem varnarmerki.<\/p><p>\u00de\u00e9ttari <span class=\"iwg-fachbegriff\" data-tooltip=\"Mi\u00f0lun \u00feekkingar og sagna milli kynsl\u00f3\u00f0a.\" tabindex=\"0\">arfleif\u00f0<\/span> hefst \u00e1 s\u00ed\u00f0mi\u00f0\u00f6ldum og s\u00e9rstaklega \u00e1 frumn\u00fd\u00f6ld. Fr\u00e1 15. til 18. aldar var tr\u00fa \u00e1 ska\u00f0galdur og galdraf\u00e1r v\u00ed\u00f0a \u00fatbreidd \u00ed Evr\u00f3pu. \u00c1 \u00feessum t\u00edma fengu byggingarverndarmerki fastan sess \u00ed <span class=\"iwg-fachbegriff\" data-tooltip=\"Tr\u00faarl\u00edf \u00ed daglegu l\u00edfi, oft samhli\u00f0a hinni opinberu kenningu.\" tabindex=\"0\">al\u00fe\u00fd\u00f0utr\u00faari\u00f0kun<\/span>.<\/p><p>Enskar ranns\u00f3knir hafa skr\u00e1\u00f0 fj\u00f6lda t\u00edmasetjanlegra vardmerkja \u00ed kirkjum, b\u00e6ndab\u00e6jum og hl\u00f6\u00f0um. Fundirnir hla\u00f0ast upp \u00e1 16. og 17. \u00f6ld, \u00e1 meginskei\u00f0i nornaofs\u00f3kna. \u00deetta t\u00edmasamband er tali\u00f0 vera afhj\u00fapandi.<\/p><p>\u00c1 \u00fe\u00fdskum\u00e6landi sv\u00e6\u00f0i eru vardmerki \u00feekkt \u00far alpneskum b\u00e6ndah\u00fasum, fr\u00e1 Frankalandi, Svartask\u00f3gi og Nor\u00f0ur-\u00de\u00fdskalandi. \u00deau finnast \u00e1 dyrabogum, sto\u00f0um og fj\u00f3sdyrum. \u00dear er \u00e1herslan einnig \u00e1 frumn\u00fd\u00f6ld.<\/p><p>Me\u00f0 uppl\u00fdsingunni og minnkandi nornatr\u00fa t\u00f6pu\u00f0u vardmerkin hlutverki s\u00ednu. \u00c1 19. \u00f6ld voru \u00feau enn \u00f6\u00f0ru hverju rist af vana, en upprunaleg merking \u00feeirra dv\u00edna\u00f0i. M\u00f6rg merki var\u00f0veittust \u00f3athuga\u00f0 \u00ed byggingum.<\/p><p>Saga vardmerkjanna er \u00feannig n\u00e1tengd s\u00f6gu \u00f3tta og \u00fearfarinnar \u00e1 \u00fatsk\u00fdringum. \u00deau bl\u00f3mstru\u00f0u \u00feegar \u00f3g\u00e6fa virtist hafa nafngreinanlegan upphafsmann.<\/p><p>S\u00e9rstaklega uppl\u00fdsandi eru dagsett merki, \u00fear sem byggingarmeistari reist \u00e1rtal inn me\u00f0. Sl\u00edkar \u00e1letranir gera fr\u00e6\u00f0im\u00f6nnum kleift a\u00f0 tengja einst\u00f6k merki vi\u00f0 \u00e1kve\u00f0i\u00f0 byggingarskei\u00f0 og afmarka \u00fatbrei\u00f0slu si\u00f0arins \u00ed t\u00edma. \u00cd enskum kirkjum, svo sem \u00ed Bradford-on-Avon, hafa tv\u00f6faldir V-merki var\u00f0veist vi\u00f0 hli\u00f0 \u00e1rtala fr\u00e1 16. \u00f6ld, sem sta\u00f0festir \u00e1herslu t\u00edmabilsins \u00e1 frumn\u00fd\u00f6ld.<\/p>\t\t\t\t\t\t\t\t<\/div>\n\t\t\t\t<\/div>\n\t\t\t\t\t<\/div>\n\t\t\t\t<\/div>\n\t\t<div class=\"elementor-element elementor-element-iwgs-ritzzeichen-s2 e-flex e-con-boxed e-con e-parent\" data-id=\"iwgs-ritzzeichen-s2\" data-element_type=\"container\" data-e-type=\"container\">\n\t\t\t\t\t<div class=\"e-con-inner\">\n\t\t\t\t<div class=\"elementor-element elementor-element-iwgs-ritzzeichen-s2h elementor-widget elementor-widget-heading\" data-id=\"iwgs-ritzzeichen-s2h\" data-element_type=\"widget\" data-e-type=\"widget\" data-widget_type=\"heading.default\">\n\t\t\t\t\t<h2 class=\"elementor-heading-title elementor-size-default\">Form, efni og ger\u00f0<\/h2>\t\t\t\t<\/div>\n\t\t<div class=\"elementor-element elementor-element-iwgs-ritzzeichen-s2box e-con-full e-flex e-con e-parent\" data-id=\"iwgs-ritzzeichen-s2box\" data-element_type=\"container\" data-e-type=\"container\">\n\t\t\t\t<div class=\"elementor-element elementor-element-iwgs-ritzzeichen-s2t elementor-widget elementor-widget-text-editor\" data-id=\"iwgs-ritzzeichen-s2t\" data-element_type=\"widget\" data-e-type=\"widget\" data-widget_type=\"text-editor.default\">\n\t\t\t\t\t\t\t\t\t<p>Ritmerki voru a\u00f0 mestu skorin \u00ed tr\u00e9, sjaldnar \u00ed stein, kalk e\u00f0a leir. Efni\u00f0 r\u00e9\u00f0st af byggingarh\u00e6tti hvers sv\u00e6\u00f0is. \u00cd timburh\u00fasum eru ristar bj\u00e1lkar algengastar, \u00ed steinh\u00fasum eru merki h\u00f6ggvin \u00ed dyra- og gluggaumb\u00fana\u00f0.<\/p><p>Dr\u00fa\u00f0af\u00f3turinn (Drudenfu\u00df) er eitt \u00feekktasta merki\u00f0. Hann er fimmarma stjarna sem teiknu\u00f0 er \u00ed einni samfelldri l\u00ednu. N\u00e1i\u00f0 honum er <a href=\"https:\/\/iwell-guard.com\/is\/?page_id=169127\">fimmhyrningurinn (Pentagramm)<\/a>, sem \u00ed \u00fej\u00f3\u00f0tr\u00faarg\u00f6ldrum var einnig talinn verndarmerki og var stundum jafna\u00f0 vi\u00f0 dr\u00fa\u00f0af\u00f3tinn.<\/p><p>Algengar eru sexarma stj\u00f6rnur\u00f3settur sem ger\u00f0ar voru me\u00f0 hringfara. \u00de\u00e6r myndast \u00far hring \u00fear sem sex jafnst\u00f3rir bogar eru marka\u00f0ir, svo a\u00f0 bl\u00f3mlaga\u00f0 mynstur kemur fram. \u00deessar r\u00f3settur voru einnig taldar s\u00f3larmerki.<\/p><p>Samfl\u00e9tta\u00f0 tv\u00f6falt V var tali\u00f0 skammst\u00f6fun latnesku Mar\u00edu\u00e1varpsins Virgo Virginum, \u201emey meyjanna\u201c. \u00dea\u00f0 tengir kristna <span class=\"iwg-fachbegriff\" data-tooltip=\"Lifu\u00f0 tr\u00faarleg afsta\u00f0a og i\u00f0kun manneskju.\" tabindex=\"0\">gu\u00f0r\u00e6kni<\/span> vi\u00f0 \u00fej\u00f3\u00f0tr\u00faarhugmyndir um verndun og er s\u00e9rstaklega algengt \u00ed enskum kirkjum.<\/p><p>S\u00e9rstakan flokk myndar v\u00f6lundarh\u00fasl\u00edk l\u00ednumynstur sem \u00ed fr\u00e6\u00f0unum eru t\u00falku\u00f0 sem norna- e\u00f0a v\u00e6ttagildrur. Samkv\u00e6mt \u00feeirri t\u00falkun \u00e1tti fl\u00e6kt l\u00ednumynstri\u00f0 a\u00f0 festa hina ska\u00f0legu m\u00e1tt og hindra innrei\u00f0 hennar.<\/p><p>Merkin voru ger\u00f0 me\u00f0 hn\u00edf, jarni e\u00f0a hringfara. \u00datf\u00e6rslan spannar allt fr\u00e1 lauslegu krotinu til vandlega hanna\u00f0ra mynstra. Vandvirkni og g\u00e6\u00f0i segja \u00fe\u00f3 ekkert um \u00fe\u00e1 virkni sem merkjunum var eignu\u00f0.<\/p>\t\t\t\t\t\t\t\t<\/div>\n\t\t\t\t<\/div>\n\t\t\t\t\t<\/div>\n\t\t\t\t<\/div>\n\t\t<div class=\"elementor-element elementor-element-iwgs-ritzzeichen-s3 e-flex e-con-boxed e-con e-parent\" data-id=\"iwgs-ritzzeichen-s3\" data-element_type=\"container\" data-e-type=\"container\">\n\t\t\t\t\t<div class=\"e-con-inner\">\n\t\t\t\t<div class=\"elementor-element elementor-element-iwgs-ritzzeichen-s3h elementor-widget elementor-widget-heading\" data-id=\"iwgs-ritzzeichen-s3h\" data-element_type=\"widget\" data-e-type=\"widget\" data-widget_type=\"heading.default\">\n\t\t\t\t\t<h2 class=\"elementor-heading-title elementor-size-default\">\u00dej\u00f3\u00f0fr\u00e6\u00f0ilegur bakgrunnur og tr\u00faarhugmyndir<\/h2>\t\t\t\t<\/div>\n\t\t<div class=\"elementor-element elementor-element-iwgs-ritzzeichen-s3box e-con-full e-flex e-con e-parent\" data-id=\"iwgs-ritzzeichen-s3box\" data-element_type=\"container\" data-e-type=\"container\">\n\t\t\t\t<div class=\"elementor-element elementor-element-iwgs-ritzzeichen-s3t elementor-widget elementor-widget-text-editor\" data-id=\"iwgs-ritzzeichen-s3t\" data-element_type=\"widget\" data-e-type=\"widget\" data-widget_type=\"text-editor.default\">\n\t\t\t\t\t\t\t\t\t<p>A\u00f0 baki ritmerkjunum liggur hugmyndin um a\u00f0 \u00f3heill v\u00e6ri hugsu\u00f0 sem virkur m\u00e1tt. Nornir, dr\u00fa\u00f0ur og illir andar voru taldir v\u00e6ttir sem g\u00e6tu ru\u00f0st inn \u00ed h\u00fasi\u00f0 og valdi\u00f0 ska\u00f0a. Merkjunum var \u00e6tla\u00f0 a\u00f0 hindra a\u00f0gang \u00feeirra.<\/p><p>Almenn tr\u00fa var a\u00f0 ska\u00f0leg v\u00e6ttir yr\u00f0u a\u00f0 fylgja samfelldri l\u00ednu. Dr\u00fa\u00f0af\u00f3turinn, dreginn \u00ed einu striki, \u00e1tti a\u00f0 \u00fevinga \u00fe\u00e6r \u00e1 endalausa lei\u00f0 e\u00f0a hindra \u00fe\u00e6r \u00ed a\u00f0 fara yfir \u00fer\u00f6skuldinn. H\u00e9r er upprunann a\u00f0 finna \u00e1 heiti dr\u00fa\u00f0af\u00f3tarins sem v\u00f6rn gegn dr\u00fa\u00f0unni, kvenkyns martr\u00f6\u00f0aranda.<\/p><p>V\u00f6lundarh\u00fasl\u00edk mynstur fylgja svipa\u00f0ri hugsun. Tali\u00f0 var a\u00f0 norn \u00feyrfti a\u00f0 rekja hverja l\u00ednu og hvern punkt mynstursins fyrir sig. Fl\u00f3kin mynstur \u00e1tti \u00feannig a\u00f0 tefja hana \u00feanga\u00f0 til dagur rann og m\u00e1ttur hennar dv\u00edna\u00f0i.<\/p><p>S\u00f3larhj\u00f3l og stj\u00f6rnur\u00f3setta voru talin lj\u00f3smerki. S\u00f3larlj\u00f3si\u00f0 var \u00ed \u00fej\u00f3\u00f0tr\u00fanni n\u00e1tt\u00farulegt andsvar vi\u00f0 n\u00e6turvofum og ska\u00f0ag\u00f6ldrum. S\u00f3larmerki \u00e1 h\u00fasinu \u00e1tti a\u00f0 binda \u00feennan bjarta m\u00e1tt varanlega vi\u00f0 \u00fer\u00f6skuldinn.<\/p><p>Kristin merki eins og kross og Mar\u00eduskammst\u00f6fun s\u00fdna hi\u00f0 n\u00e1na samspil tr\u00faar og \u00fej\u00f3\u00f0tr\u00faargaldra. Fyrir f\u00f3lk \u00e1 fyrri n\u00fd\u00f6ld var \u00feessi samtenging engin m\u00f3ts\u00f6gn. Heilagra n\u00f6fn og t\u00f6frandi mynstur b\u00e6ttu hvort anna\u00f0 upp \u00ed hugsuninni um verndun.<\/p><p>\u00cd heild endurspegla ritmerkin heimsmynd \u00fear sem h\u00fasi\u00f0 var gegndr\u00e6p landam\u00e6ri gegn \u00f3gnandi umheimi. Merkin t\u00e1knu\u00f0u og trygg\u00f0u \u00feessi landam\u00e6ri \u00e1 myndr\u00e6nan h\u00e1tt.<\/p><p>S\u00e9rst\u00f6\u00f0u h\u00f6f\u00f0u merkin vi\u00f0 v\u00f6gguna og r\u00fami\u00f0 \u00ed s\u00e6ngurkonuherberginu. M\u00f3\u00f0ir og n\u00fdf\u00e6tt barn voru talin s\u00e9rstaklega \u00ed h\u00e6ttu, \u00fev\u00ed martra\u00f0arandinn og nornin voru taldar s\u00e6kjast eftir \u00f3sk\u00edr\u00f0u barninu. Ristir dr\u00fa\u00f0af\u00e6tur \u00e1 r\u00famst\u00f3lpum og v\u00f6ggumei\u00f0um \u00e1tti a\u00f0 br\u00faa \u00feetta vi\u00f0kv\u00e6ma t\u00edmabil \u00fear til sk\u00edrnin veitti varanlega verndun.<\/p>\t\t\t\t\t\t\t\t<\/div>\n\t\t\t\t<\/div>\n\t\t\t\t\t<\/div>\n\t\t\t\t<\/div>\n\t\t<div class=\"elementor-element elementor-element-iwgs-ritzzeichen-s4 e-flex e-con-boxed e-con e-parent\" data-id=\"iwgs-ritzzeichen-s4\" data-element_type=\"container\" data-e-type=\"container\">\n\t\t\t\t\t<div class=\"e-con-inner\">\n\t\t\t\t<div class=\"elementor-element elementor-element-iwgs-ritzzeichen-s4h elementor-widget elementor-widget-heading\" data-id=\"iwgs-ritzzeichen-s4h\" data-element_type=\"widget\" data-e-type=\"widget\" data-widget_type=\"heading.default\">\n\t\t\t\t\t<h2 class=\"elementor-heading-title elementor-size-default\">Notkun og si\u00f0ur<\/h2>\t\t\t\t<\/div>\n\t\t<div class=\"elementor-element elementor-element-iwgs-ritzzeichen-s4box e-con-full e-flex e-con e-parent\" data-id=\"iwgs-ritzzeichen-s4box\" data-element_type=\"container\" data-e-type=\"container\">\n\t\t\t\t<div class=\"elementor-element elementor-element-iwgs-ritzzeichen-s4t elementor-widget elementor-widget-text-editor\" data-id=\"iwgs-ritzzeichen-s4t\" data-element_type=\"widget\" data-e-type=\"widget\" data-widget_type=\"text-editor.default\">\n\t\t\t\t\t\t\t\t\t<p>Ritmerki voru sett \u00e1 n\u00e1kv\u00e6mlega tilgreinda sta\u00f0i. Dyrastafir, dyraumb\u00fana\u00f0ur og \u00fer\u00f6skuldar voru mikilv\u00e6gustu sta\u00f0irnir, \u00fev\u00ed dyrin voru talin a\u00f0alg\u00e1tt milli varins innra r\u00fdmis og h\u00e6ttulegs umheims.<\/p><p>Gluggar fengu einnig merki, s\u00e9rstaklega \u00e1 efri- og hli\u00f0arumb\u00fana\u00f0i. Gluggar voru opnanir sem martr\u00f6\u00f0arandinn e\u00f0a nornin g\u00e1tu, a\u00f0 tr\u00fa f\u00f3lks, komist inn um. Sv\u00e6\u00f0i\u00f0 \u00ed kringum eldst\u00e6\u00f0i\u00f0 var s\u00e9rstaklega vandlega vari\u00f0, \u00fev\u00ed strompurinn var \u00f6nnur m\u00f6gulega innkomulei\u00f0.<\/p><p>\u00cd dreifb\u00fdli voru fj\u00e1rh\u00fas og hl\u00f6\u00f0ur einnig merkt ritmerkjum. Vernd b\u00fafj\u00e1r var mikilv\u00e6g, \u00fev\u00ed sj\u00fakd\u00f3mar \u00ed b\u00faf\u00e9 voru oft taldir aflei\u00f0ing ska\u00f0agaldurs. Fj\u00e1rh\u00fasdyr og f\u00f3\u00f0urtrog bera \u00fev\u00ed oft sl\u00edk merki.<\/p><p>Merkin voru sett \u00e1 \u00fdmist vi\u00f0 byggingu e\u00f0a af s\u00e9rst\u00f6ku tilefni. \u00deegar sj\u00fakd\u00f3mur, \u00f3g\u00e6fa e\u00f0a dularfullur atbur\u00f0ur \u00e1tti s\u00e9r sta\u00f0, m\u00e1tti b\u00e6ta merkjum vi\u00f0 eftir \u00e1. M\u00f6rg merki rist hvert ofan \u00e1 anna\u00f0 \u00e1 sama bj\u00e1lka bera vitni um sl\u00edkar endurteknar a\u00f0ger\u00f0ir.<\/p><p>Verki\u00f0 var a\u00f0 mestu \u00ed h\u00f6ndum \u00edb\u00faanna sj\u00e1lfra e\u00f0a smi\u00f0s. Engin s\u00e9rst\u00f6k <span class=\"iwg-fachbegriff\" data-tooltip=\"Tr\u00faarleg ath\u00f6fn \u00fear sem hlutur, sta\u00f0ur e\u00f0a manneskja er helga\u00f0ur og fenginn tr\u00faarlegu hlutverki.\" tabindex=\"0\">helgun<\/span> var nau\u00f0synleg. \u00deekkingin um r\u00e9ttu merkin var flutt munnlega og me\u00f0 eftirbreytni.<\/p><p>Fylgjandi \u00feulur e\u00f0a b\u00e6nir eru var\u00f0veittar, en ekki sta\u00f0festar \u00ed \u00f6llum tilvikum. \u00c1 m\u00f6rgum sv\u00e6\u00f0um var n\u00f3g a\u00f0 setja merki\u00f0 sj\u00e1lft. <span class=\"iwg-fachbegriff\" data-tooltip=\"Hef\u00f0bundin ath\u00f6fn sem endurtekin er reglulega innan samf\u00e9lags.\" tabindex=\"0\">Si\u00f0urinn<\/span> var \u00feannig a\u00f0gengilegur og framkv\u00e6manlegur af hverju heimili.<\/p><p>Athyglisvert er hversu m\u00f6rg ritmerki safnast saman \u00ed kringum arna og eldst\u00e6\u00f0i. Enskir fr\u00e6\u00f0imenn hafa teki\u00f0 eftir a\u00f0 merkin sitja oft n\u00e1kv\u00e6mlega \u00fear sem strompurinn mynda\u00f0i opna tengingu \u00fat \u00e1 vi\u00f0.<\/p><p>Arinninn var talinn innkomulei\u00f0 fyrir ska\u00f0legan m\u00e1tt, \u00feess vegna voru efri hluti og hli\u00f0ar eldst\u00e6\u00f0isins \u00fe\u00e9ttsett eldvarnar- og verndarmerkjum. \u00deessi athugun sty\u00f0ur t\u00falkunina um a\u00f0 merkin hafi veri\u00f0 markviss \u00fer\u00f6skuldsv\u00f6rn.<\/p>\t\t\t\t\t\t\t\t<\/div>\n\t\t\t\t<\/div>\n\t\t\t\t\t<\/div>\n\t\t\t\t<\/div>\n\t\t<div class=\"elementor-element elementor-element-iwgs-ritzzeichen-s5 e-flex e-con-boxed e-con e-parent\" data-id=\"iwgs-ritzzeichen-s5\" data-element_type=\"container\" data-e-type=\"container\">\n\t\t\t\t\t<div class=\"e-con-inner\">\n\t\t\t\t<div class=\"elementor-element elementor-element-iwgs-ritzzeichen-s5h elementor-widget elementor-widget-heading\" data-id=\"iwgs-ritzzeichen-s5h\" data-element_type=\"widget\" data-e-type=\"widget\" data-widget_type=\"heading.default\">\n\t\t\t\t\t<h2 class=\"elementor-heading-title elementor-size-default\">Sv\u00e6\u00f0isbundin afbrig\u00f0i og tengt efni<\/h2>\t\t\t\t<\/div>\n\t\t<div class=\"elementor-element elementor-element-iwgs-ritzzeichen-s5box e-con-full e-flex e-con e-parent\" data-id=\"iwgs-ritzzeichen-s5box\" data-element_type=\"container\" data-e-type=\"container\">\n\t\t\t\t<div class=\"elementor-element elementor-element-iwgs-ritzzeichen-s5t elementor-widget elementor-widget-text-editor\" data-id=\"iwgs-ritzzeichen-s5t\" data-element_type=\"widget\" data-e-type=\"widget\" data-widget_type=\"text-editor.default\">\n\t\t\t\t\t\t\t\t\t<p>\u00datf\u00e6rsla ristut\u00e1knanna er mj\u00f6g breytileg eftir sv\u00e6\u00f0i og byggingarhef\u00f0. \u00c1 Englandi eru kirkjur og bindingsverksh\u00fas r\u00edkulega merkt me\u00f0 rispu\u00f0um t\u00e1knum, s\u00e9rstaklega tv\u00f6f\u00f6ldu V-i og nornagildru-munstrum. Enskar ranns\u00f3knir hafa skjalfest r\u00edka <span class=\"iwg-fachbegriff\" data-tooltip=\"Mi\u00f0lun \u00feekkingar og fr\u00e1sagna milli kynsl\u00f3\u00f0a.\" tabindex=\"0\">munnm\u00e6lahef\u00f0<\/span> \u00e1 \u00feessu svi\u00f0i.<\/p><p>\u00c1 Alpasv\u00e6\u00f0inu bera sveitab\u00e6ir \u00fatskorin s\u00f3lhj\u00f3l og r\u00f3settur \u00e1 dyra\u00feverbitum og gaflhl\u00f6\u00f0um. \u00deessi t\u00e1kn tengja verndarhugsunina vi\u00f0 skreytilegan tr\u00e9skur\u00f0. Skilin milli skrauts og verndart\u00e1kns eru h\u00e9r \u00f3lj\u00f3s.<\/p><p>\u00cd Nor\u00f0ur-\u00de\u00fdskalandi og \u00e1 Nor\u00f0url\u00f6ndum m\u00e1 finna rispu\u00f0 t\u00e1kn \u00e1 fj\u00f3sdyrum og h\u00fasabitum, oft \u00ed tengslum vi\u00f0 r\u00fanal\u00edk form. T\u00falkun sl\u00edkra t\u00e1kna er umdeild \u00ed fr\u00e6\u00f0unum, \u00fev\u00ed ekki er h\u00e6gt a\u00f0 fullyr\u00f0a a\u00f0 hver l\u00edna s\u00e9 verndart\u00e1kn.<\/p><p>N\u00e1i\u00f0 tengd eru m\u00e1lu\u00f0u verndart\u00e1knin, svo sem <a href=\"https:\/\/iwell-guard.com\/is\/verndartakn\/\">Hex Signs<\/a> Pennsylvania-\u00dej\u00f3\u00f0verjanna. \u00deau nota s\u00f6mu stj\u00f6rnur\u00f3setturnar en \u00fatf\u00e6ra \u00fe\u00e6r \u00ed m\u00e1lningu \u00ed sta\u00f0 \u00feess a\u00f0 rispa \u00fe\u00e6r. \u00deannig tengist ristut\u00e1kni\u00f0 st\u00e6rri fj\u00f6lskyldu byggingaverndart\u00e1kna.<\/p><p>Skyldar eru einnig hlutir sem komi\u00f0 var fyrir \u00ed veggjum og \u00fer\u00f6skuldum, eins og falin sk\u00f3r e\u00f0a nornaflaskan. \u00deau \u00fej\u00f3na sama tilgangi me\u00f0 \u00f6\u00f0rum lei\u00f0um og b\u00e6ttu oft rispu\u00f0u t\u00e1knin \u00e1 s\u00f6mu byggingu.<\/p><p>\u00der\u00e1tt fyrir sv\u00e6\u00f0isbundinn fj\u00f6lbreytileika kemur fram sameiginlegt mynstur. Alls sta\u00f0ar eru t\u00e1knin sta\u00f0sett vi\u00f0 op, alls sta\u00f0ar tengja \u00feau saman lj\u00f3s-, stj\u00f6rnu- og l\u00ednum\u00f3t\u00edf, og alls sta\u00f0ar renna kristnar og magna\u00f0ar hugmyndir saman.<\/p><p>\u00c1 Nor\u00f0url\u00f6ndum eru var\u00f0veitt rispu\u00f0 t\u00e1kn \u00e1 stafkirkjum og g\u00f6mlum b\u00e6jum, sem \u00fdmist eru sameinu\u00f0 r\u00fanum e\u00f0a krossum. Norskir og s\u00e6nskir byggingarfr\u00e6\u00f0ingar hafa skjalfest sl\u00edk merki \u00e1 dyrak\u00f6rmum og for\u00f0ah\u00fasum.<\/p><p>Tengslin milli r\u00fanal\u00edkra forma og kristinna t\u00e1kna v\u00edsa til s\u00f6mu samtvinnunar eldri og kirkjulegrar <span class=\"iwg-fachbegriff\" data-tooltip=\"Mi\u00f0lun \u00feekkingar og fr\u00e1sagna milli kynsl\u00f3\u00f0a.\" tabindex=\"0\">munnm\u00e6lahef\u00f0ar<\/span> sem einnig m\u00e1 sj\u00e1 v\u00ed\u00f0ar \u00ed Evr\u00f3pu.<\/p>\t\t\t\t\t\t\t\t<\/div>\n\t\t\t\t<\/div>\n\t\t\t\t\t<\/div>\n\t\t\t\t<\/div>\n\t\t<div class=\"elementor-element elementor-element-iwgs-ritzzeichen-s6 e-flex e-con-boxed e-con e-parent\" data-id=\"iwgs-ritzzeichen-s6\" data-element_type=\"container\" data-e-type=\"container\">\n\t\t\t\t\t<div class=\"e-con-inner\">\n\t\t\t\t<div class=\"elementor-element elementor-element-iwgs-ritzzeichen-s6h elementor-widget elementor-widget-heading\" data-id=\"iwgs-ritzzeichen-s6h\" data-element_type=\"widget\" data-e-type=\"widget\" data-widget_type=\"heading.default\">\n\t\t\t\t\t<h2 class=\"elementor-heading-title elementor-size-default\">Merking sem verndargripur<\/h2>\t\t\t\t<\/div>\n\t\t<div class=\"elementor-element elementor-element-iwgs-ritzzeichen-s6box e-con-full e-flex e-con e-parent\" data-id=\"iwgs-ritzzeichen-s6box\" data-element_type=\"container\" data-e-type=\"container\">\n\t\t\t\t<div class=\"elementor-element elementor-element-iwgs-ritzzeichen-s6t elementor-widget elementor-widget-text-editor\" data-id=\"iwgs-ritzzeichen-s6t\" data-element_type=\"widget\" data-e-type=\"widget\" data-widget_type=\"text-editor.default\">\n\t\t\t\t\t\t\t\t\t<p>Verndar\u00fe\u00fd\u00f0ing ristut\u00e1knanna liggur \u00ed hlutverki \u00feeirra sem landamerki. \u00deau t\u00e1knu\u00f0u \u00fer\u00f6skuld h\u00fassins sem vernda\u00f0 sv\u00e6\u00f0i og \u00e1tti a\u00f0 gefa ska\u00f0legum m\u00e1ttarv\u00f6ldum til kynna a\u00f0 h\u00e9r v\u00e6ri engin heimild veitt.<\/p><p>Hver t\u00e1knategund haf\u00f0i mismunandi \u00e6tla\u00f0a virkni. S\u00f3lhj\u00f3li\u00f0 batt hi\u00f0 lj\u00f3sa m\u00e1tt lj\u00f3ssins vi\u00f0 h\u00fasi\u00f0, dr\u00faduf\u00f3tur st\u00f6\u00f0va\u00f0i hina samfelldu l\u00ednu, og v\u00f6lundarh\u00fassmunstri\u00f0 fj\u00f6tra\u00f0i nornina \u00ed hlykkjum s\u00ednum.<\/p><p>Varanleiki gegndi mikilv\u00e6gu hlutverki. \u00dear sem t\u00e1knin voru skorin \u00ed efni\u00f0, virku\u00f0u \u00feau samkv\u00e6mt tr\u00fanni st\u00f6\u00f0ugt og \u00f3h\u00e1\u00f0 n\u00e6rveru \u00edb\u00faanna. \u00deau voru varanleg, byggingabundin v\u00f6rn.<\/p><p>Kristnu t\u00e1knin sameinu\u00f0u magna\u00f0a v\u00f6rn og gu\u00f0lega vernd. Mar\u00edumerki og kross \u00e1k\u00f6llu\u00f0u heilaga m\u00e1tt, sem \u00e1tti a\u00f0 styrkja verndina \u00e1 h\u00fasinu enn frekar. \u00deessi tv\u00f6falda vernd j\u00f3k tr\u00fa manna \u00e1 t\u00e1knunum.<\/p><p>Fyrir \u00edb\u00faana haf\u00f0i verndarhlutverki\u00f0 einnig r\u00f3andi \u00e1hrif. S\u00fdnilegt t\u00e1kn \u00e1 hur\u00f0inni gaf tilfinningu fyrir a\u00f0 hafa gert eitthva\u00f0 gegn \u00f3s\u00fdnilegri h\u00e6ttu. \u00deetta vissuhlutverk hefur veri\u00f0 undirstrika\u00f0 \u00ed ranns\u00f3knum.<\/p><p>Aftur skal \u00e1r\u00e9tta\u00f0 a\u00f0 \u00feessi verndar\u00fe\u00fd\u00f0ing endurspeglar s\u00f6gulegar tr\u00faarhugmyndir. Raunverulegar varnir gegn tj\u00f3ni fylgja ekki ristut\u00e1knunum. Gildi \u00feeirra liggur \u00ed menningars\u00f6gulegu uppl\u00fdsingagildi.<\/p>\t\t\t\t\t\t\t\t<\/div>\n\t\t\t\t<\/div>\n\t\t\t\t\t<\/div>\n\t\t\t\t<\/div>\n\t\t<div class=\"elementor-element elementor-element-iwgs-ritzzeichen-s7 e-flex e-con-boxed e-con e-parent\" data-id=\"iwgs-ritzzeichen-s7\" data-element_type=\"container\" data-e-type=\"container\">\n\t\t\t\t\t<div class=\"e-con-inner\">\n\t\t\t\t<div class=\"elementor-element elementor-element-iwgs-ritzzeichen-s7h elementor-widget elementor-widget-heading\" data-id=\"iwgs-ritzzeichen-s7h\" data-element_type=\"widget\" data-e-type=\"widget\" data-widget_type=\"heading.default\">\n\t\t\t\t\t<h2 class=\"elementor-heading-title elementor-size-default\">Heimildasta\u00f0a og ranns\u00f3knarsaga<\/h2>\t\t\t\t<\/div>\n\t\t<div class=\"elementor-element elementor-element-iwgs-ritzzeichen-s7box e-con-full e-flex e-con e-parent\" data-id=\"iwgs-ritzzeichen-s7box\" data-element_type=\"container\" data-e-type=\"container\">\n\t\t\t\t<div class=\"elementor-element elementor-element-iwgs-ritzzeichen-s7t elementor-widget elementor-widget-text-editor\" data-id=\"iwgs-ritzzeichen-s7t\" data-element_type=\"widget\" data-e-type=\"widget\" data-widget_type=\"text-editor.default\">\n\t\t\t\t\t\t\t\t\t<p>Mikilv\u00e6gasta uppspretta ristut\u00e1knanna er sta\u00f0reyndin sj\u00e1lf, \u00fe.e. var\u00f0veitt t\u00e1kn \u00e1 byggingum. \u00deau eru dreif\u00f0 um alla Evr\u00f3pu og hafa fyrst \u00e1 s\u00ed\u00f0ari t\u00edmum veri\u00f0 kerfisbundi\u00f0 skr\u00e1\u00f0 og skjalfest.<\/p><p>Lengi voru rispu\u00f0 t\u00e1kn misskilin sem tilgangslaus krot, handverksmerki e\u00f0a steinsm\u00ed\u00f0amerki. \u00dea\u00f0 var ekki fyrr en tengslin vi\u00f0 \u00fej\u00f3\u00f0fr\u00e6\u00f0ilegar ranns\u00f3knir \u00e1 nornatr\u00fa komust \u00e1 a\u00f0 \u00feau voru vi\u00f0urkennd sem verndart\u00e1kn.<\/p><p>\u00c1 Englandi hefur v\u00ed\u00f0t\u00e6kt ranns\u00f3knarverkefni skr\u00e1\u00f0 fj\u00f6lda ristut\u00e1kna \u00ed kirkjum og s\u00f6guminjum og gert \u00feau a\u00f0gengileg almenningi. \u00deetta verkefni hefur auki\u00f0 verulega athygli \u00e1 efninu.<\/p><p>Fyrir \u00fe\u00fdskum\u00e6landi sv\u00e6\u00f0i veitir Handw\u00f6rterbuch des deutschen Aberglaubens f\u00e6rslur um dr\u00faduf\u00f3t, bannt\u00e1kn og h\u00fasmerki. Riti\u00f0 setur rispu\u00f0u t\u00e1knin \u00ed st\u00e6rra samhengi verndargaldurs.<\/p><p>A\u00f0fer\u00f0afr\u00e6\u00f0ilegur vandi felst \u00ed afm\u00f6rkuninni. Ekki er hvert t\u00e1kn \u00e1 gamalli byggingu verndart\u00e1kn. Handverksmerki, m\u00e1tmerki og hrein skreyting \u00fearf a\u00f0 a\u00f0greina vandlega, sem skapar ranns\u00f3knum verulega \u00e1skorun.<\/p><p>Ranns\u00f3knarsagan s\u00fdnir sk\u00fdra breytingu. Fr\u00e1 \u00fev\u00ed a\u00f0 vera yfirsj\u00f3narleg sm\u00e1atri\u00f0i hafa ristut\u00e1knin or\u00f0i\u00f0 vi\u00f0urkennt ranns\u00f3knarefni byggingarfr\u00e6\u00f0i og <span class=\"iwg-fachbegriff\" data-tooltip=\"V\u00edsindagrein sem rannsakar hversdagsmenningu, si\u00f0i og hef\u00f0bundnar hugmyndir.\" tabindex=\"0\">\u00fej\u00f3\u00f0fr\u00e6\u00f0i<\/span>, sem gefur inns\u00fdn \u00ed hversdagsl\u00edf og heimsmynd fyrri alda.<\/p>\t\t\t\t\t\t\t\t<\/div>\n\t\t\t\t<\/div>\n\t\t\t\t\t<\/div>\n\t\t\t\t<\/div>\n\t\t<div class=\"elementor-element elementor-element-iwgs-ritzzeichen-s8 e-flex e-con-boxed e-con e-parent\" data-id=\"iwgs-ritzzeichen-s8\" data-element_type=\"container\" data-e-type=\"container\">\n\t\t\t\t\t<div class=\"e-con-inner\">\n\t\t\t\t<div class=\"elementor-element elementor-element-iwgs-ritzzeichen-s8h elementor-widget elementor-widget-heading\" data-id=\"iwgs-ritzzeichen-s8h\" data-element_type=\"widget\" data-e-type=\"widget\" data-widget_type=\"heading.default\">\n\t\t\t\t\t<h2 class=\"elementor-heading-title elementor-size-default\">M\u00f3tt\u00f6kur \u00ed dag<\/h2>\t\t\t\t<\/div>\n\t\t<div class=\"elementor-element elementor-element-iwgs-ritzzeichen-s8box e-con-full e-flex e-con e-parent\" data-id=\"iwgs-ritzzeichen-s8box\" data-element_type=\"container\" data-e-type=\"container\">\n\t\t\t\t<div class=\"elementor-element elementor-element-iwgs-ritzzeichen-s8t elementor-widget elementor-widget-text-editor\" data-id=\"iwgs-ritzzeichen-s8t\" data-element_type=\"widget\" data-e-type=\"widget\" data-widget_type=\"text-editor.default\">\n\t\t\t\t\t\t\t\t\t<p>\u00cd minjavernd f\u00e1 verndandi ritmerki (ap\u00f3tr\u00f3p\u00edsk) s\u00edfellt meiri athygli. Vi\u00f0 endurger\u00f0 s\u00f6gulegra bygginga er n\u00fa markvisst leita\u00f0 eftir \u00feeim, \u00feau skjalfest og var\u00f0veitt, \u00ed sta\u00f0 \u00feess a\u00f0 fara \u00f3viljandi yfir \u00feau.<\/p><p>Fyrir s\u00f6fn og s\u00f6gusl\u00f3\u00f0ir eru merkin lifandi lei\u00f0 til a\u00f0 mi\u00f0la daglegu l\u00edfi og heimsmynd frumn\u00fat\u00edmans. \u00cd lei\u00f0s\u00f6gnum er gestum s\u00e9rstaklega bent \u00e1 rist merki \u00e1 bitum og dyraufsum.<\/p><p>\u00cd n\u00fat\u00edma <span class=\"iwg-fachbegriff\" data-tooltip=\"Samheiti yfir kenningar sem gera kr\u00f6fu um dulda \u00feekkingu sem a\u00f0eins innv\u00edg\u00f0ir hafa a\u00f0gang a\u00f0.\" tabindex=\"0\">dulspeki<\/span> hafa dr\u00fa\u00f0arf\u00f3tur, s\u00f3larhj\u00f3l og stj\u00f6rnur\u00f3s veri\u00f0 tekin upp sem verndarmerki. \u00deau birtast \u00e1 hengjum, hur\u00f0arskiltum og skrautmunum. \u00deessa n\u00fat\u00edmalegu notkun \u00fearf a\u00f0 a\u00f0greina fr\u00e1 hinni s\u00f6gulegu i\u00f0kun.<\/p><p>Merkin lifa einnig \u00e1fram \u00ed heimah\u00e9ra\u00f0sv\u00f6rslu og \u00ed sv\u00e6\u00f0isbundnum <span class=\"iwg-fachbegriff\" data-tooltip=\"Heild \u00feeirra si\u00f0a sem samf\u00e9lag hefur var\u00f0veitt \u00ed gegnum t\u00ed\u00f0ina.\" tabindex=\"0\">venjum og si\u00f0um<\/span>. Skorin s\u00f3larhj\u00f3l \u00e1 n\u00fdjum h\u00fasum tengjast markvisst g\u00f6mlu hef\u00f0inni, \u00fe\u00f3 oftast sem skraut og yfirl\u00fdsing um sv\u00e6\u00f0isbundna sj\u00e1lfsmynd.<\/p><p>\u00deeir sem hafa \u00e1huga \u00e1 s\u00f6guleg samhengi finna \u00e1rei\u00f0anlegar uppl\u00fdsingar \u00ed \u00fej\u00f3\u00f0fr\u00e6\u00f0ilegum ritum og \u00ed efnisyfirlitinu um <a href=\"https:\/\/iwell-guard.com\/is\/verndartakn\/\">verndart\u00e1kn<\/a>. Dulspekilegir lei\u00f0arv\u00edsar endursegja s\u00f6gulegt samhengi oft a\u00f0eins \u00ed styttri mynd.<\/p><p>N\u00fat\u00edmavi\u00f0t\u00f6kur s\u00fdna \u00feannig tv\u00e6r \u00e1herslur. Ranns\u00f3knir varpa lj\u00f3si \u00e1 merkin sem s\u00f6gulegar vitnisbur\u00f0i, \u00e1 me\u00f0an d\u00e6gurmenning notar \u00feau \u00e1 n\u00fdjan h\u00e1tt sem skraut- og t\u00e1knmyndir.<\/p>\t\t\t\t\t\t\t\t<\/div>\n\t\t\t\t<\/div>\n\t\t\t\t\t<\/div>\n\t\t\t\t<\/div>\n\t\t<div class=\"elementor-element elementor-element-iwgs-ritzzeichen-lit e-flex e-con-boxed e-con e-parent\" data-id=\"iwgs-ritzzeichen-lit\" data-element_type=\"container\" data-e-type=\"container\">\n\t\t\t\t\t<div class=\"e-con-inner\">\n\t\t\t\t<div class=\"elementor-element elementor-element-iwgs-ritzzeichen-lith elementor-widget elementor-widget-heading\" data-id=\"iwgs-ritzzeichen-lith\" data-element_type=\"widget\" data-e-type=\"widget\" data-widget_type=\"heading.default\">\n\t\t\t\t\t<h2 class=\"elementor-heading-title elementor-size-default\">Heimildir (\u00farval)<\/h2>\t\t\t\t<\/div>\n\t\t<div class=\"elementor-element elementor-element-iwgs-ritzzeichen-litbox e-con-full e-flex e-con e-parent\" data-id=\"iwgs-ritzzeichen-litbox\" data-element_type=\"container\" data-e-type=\"container\">\n\t\t\t\t<div class=\"elementor-element elementor-element-iwgs-ritzzeichen-litt elementor-widget elementor-widget-html\" data-id=\"iwgs-ritzzeichen-litt\" data-element_type=\"widget\" data-e-type=\"widget\" data-widget_type=\"html.default\">\n\t\t\t\t\t<footer data-nosnippet=\"true\"><ul><li>Hanns B\u00e4chtold-St\u00e4ubli (Hg.): <em>Handw\u00f6rterbuch des deutschen Aberglaubens<\/em> (1927-1942)<\/li><li>Timothy Easton: <em>Apotropaic Symbols and Other Measures for Protecting Buildings against Misfortune<\/em> (2016)<\/li><li>Ralph Merrifield: <em>The Archaeology of Ritual and Magic<\/em> (1987)<\/li><li>Brian Hoggard: <em>Magical House Protection. The Archaeology of Counter-Witchcraft<\/em> (2019)<\/li><li>Matthew Champion: <em>Medieval Graffiti. The Lost Voices of England's Churches<\/em> (2015)<\/li><\/ul><\/footer>\t\t\t\t<\/div>\n\t\t\t\t<\/div>\n\t\t\t\t\t<\/div>\n\t\t\t\t<\/div>\n\t\t<div class=\"elementor-element elementor-element-iwgs-ritzzeichen-kwd e-flex e-con-boxed e-con e-parent\" data-id=\"iwgs-ritzzeichen-kwd\" data-element_type=\"container\" data-e-type=\"container\">\n\t\t\t\t\t<div class=\"e-con-inner\">\n\t\t\t\t<div class=\"elementor-element elementor-element-iwgs-ritzzeichen-kwdt elementor-widget elementor-widget-text-editor\" data-id=\"iwgs-ritzzeichen-kwdt\" data-element_type=\"widget\" data-e-type=\"widget\" data-widget_type=\"text-editor.default\">\n\t\t\t\t\t\t\t\t\t<p><em>Tengd lykilhugt\u00f6k: dr\u00fa\u00f0arf\u00f3tur s\u00f3larhj\u00f3l varnarmerki galdramerki bannmerki stj\u00f6rnur\u00f3s h\u00fasvernd <span class=\"iwg-fachbegriff\" data-tooltip=\"\u00d3heill fr\u00e1hrindandi: um merki og hluti sem \u00e6tla\u00f0 er a\u00f0 halda ska\u00f0legum \u00e1hrifum \u00ed fjarl\u00e6g\u00f0.\" tabindex=\"0\">ap\u00f3tr\u00f3p\u00edskt<\/span> mar\u00edumerki galdrafella dyrabiti.<\/em><\/p>\t\t\t\t\t\t\t\t<\/div>\n\t\t\t\t\t<\/div>\n\t\t\t\t<\/div>\n\t\t<div class=\"elementor-element elementor-element-iwgs-ritzzeichen-cc e-flex e-con-boxed e-con e-parent\" data-id=\"iwgs-ritzzeichen-cc\" data-element_type=\"container\" data-e-type=\"container\" id=\"iwg-cc-ritzzeichen\">\n\t\t\t\t\t<div class=\"e-con-inner\">\n\t\t<div class=\"elementor-element elementor-element-iwgs-ritzzeichen-ccinner e-flex e-con-boxed e-con e-parent\" data-id=\"iwgs-ritzzeichen-ccinner\" data-element_type=\"container\" data-e-type=\"container\" data-settings=\"{&quot;background_background&quot;:&quot;classic&quot;}\">\n\t\t\t\t\t<div class=\"e-con-inner\">\n\t\t\t\t<div class=\"elementor-element elementor-element-iwgs-ritzzeichen-cch elementor-widget elementor-widget-heading\" data-id=\"iwgs-ritzzeichen-cch\" data-element_type=\"widget\" data-e-type=\"widget\" data-widget_type=\"heading.default\">\n\t\t\t\t\t<h2 class=\"elementor-heading-title elementor-size-default\">iWell Guard og verndarhef\u00f0ir<\/h2>\t\t\t\t<\/div>\n\t\t\t\t<div class=\"elementor-element elementor-element-iwgs-ritzzeichen-cct elementor-widget elementor-widget-text-editor\" data-id=\"iwgs-ritzzeichen-cct\" data-element_type=\"widget\" data-e-type=\"widget\" data-widget_type=\"text-editor.default\">\n\t\t\t\t\t\t\t\t\t<p>iWell Guard er hluti af \u00feeirri menningars\u00f6gulegu hef\u00f0 fars\u00edma verndargripa sem ritmerkin heyra einnig til. N\u00fat\u00edmalegur f\u00f6runautur fyrir f\u00f3lk sem lifir me\u00f0 verndart\u00e1knum: framleitt \u00ed \u00de\u00fdskalandi, 41 lag af hreinu gulli, plat\u00ednu og silfri, me\u00f0 30 daga skilar\u00e9tti.<\/p>\t\t\t\t\t\t\t\t<\/div>\n\t\t\t\t<div class=\"elementor-element elementor-element-iwgs-ritzzeichen-ccb iwg-cc-button iwg-cc-cta-2026-05-13 elementor-widget elementor-widget-jet-button\" data-id=\"iwgs-ritzzeichen-ccb\" data-element_type=\"widget\" data-e-type=\"widget\" data-widget_type=\"jet-button.default\">\n\t\t\t\t<div class=\"elementor-widget-container\">\n\t\t\t\t\t<div class=\"elementor-jet-button jet-elements\"><div class=\"jet-button__container\"><a class=\"jet-button__instance jet-button__instance--icon-left hover-effect-1\" href=\"\/schutzanhaenger-iwell-guard-kaufen\/?utm_source=iwell-guard.com&amp;utm_medium=info-box&amp;utm_campaign=schutzsymbole\"><div class=\"jet-button__plane jet-button__plane-normal\"><\/div><div class=\"jet-button__plane jet-button__plane-hover\"><\/div><div class=\"jet-button__state jet-button__state-normal\"><span class=\"jet-button__label\">Meira um iWell Guard<\/span><\/div><div class=\"jet-button__state jet-button__state-hover\"><span class=\"jet-button__label\">Meira um iWell Guard<\/span><\/div><\/a><\/div><\/div><style>.elementor-element.elementor-element-iwgs-ritzzeichen-ccb .jet-button__instance{width:320px;height:56px;}.elementor-element.elementor-element-iwgs-ritzzeichen-ccb .jet-button__state-normal .jet-button__label{text-align:center;margin:0px 0px 0px 0px;color:#1a1b20;font-family:Montserrat,sans-serif;font-size:13px;font-weight:400;letter-spacing:4px;line-height:1.714em;text-transform:uppercase;}.elementor-element.elementor-element-iwgs-ritzzeichen-ccb .jet-button__state-hover .jet-button__label{text-align:center;margin:0px 0px 0px 0px;color:#FECC76;font-family:Montserrat,sans-serif;font-size:13px;font-weight:400;letter-spacing:4px;line-height:1.714em;text-transform:uppercase;}.elementor-element.elementor-element-iwgs-ritzzeichen-ccb .jet-button__plane-normal{background-color:#FECC76;border-style:solid;border-color:#C99540;border-width:2px 2px 2px 2px;}.elementor-element.elementor-element-iwgs-ritzzeichen-ccb .jet-button__plane-hover{background-color:rgba(0,0,0,0.55);border-style:solid;border-color:#FECC76;border-width:2px 2px 2px 2px;}<\/style>\t\t\t\t<\/div>\n\t\t\t\t<\/div>\n\t\t\t\t<div class=\"elementor-element elementor-element-iwgs-ritzzeichen-ccd elementor-widget elementor-widget-text-editor\" data-id=\"iwgs-ritzzeichen-ccd\" data-element_type=\"widget\" data-e-type=\"widget\" data-widget_type=\"text-editor.default\">\n\t\t\t\t\t\t\t\t\t<p style=\"text-align:center;font-size:13px;opacity:0.7;margin-top:14px\" data-nosnippet=\"true\">Pers\u00f3nuleg reynsla getur veri\u00f0 mismunandi. Ekki l\u00e6kningat\u00e6ki. Engin lofor\u00f0 um l\u00e6kningu.<\/p>\t\t\t\t\t\t\t\t<\/div>\n\t\t\t\t\t<\/div>\n\t\t\t\t<\/div>\n\t\t\t\t\t<\/div>\n\t\t\t\t<\/div>\n\t\t<div class=\"elementor-element elementor-element-iwgs-ritzzeichen-disc e-flex e-con-boxed e-con e-parent\" data-id=\"iwgs-ritzzeichen-disc\" data-element_type=\"container\" data-e-type=\"container\">\n\t\t\t\t\t<div class=\"e-con-inner\">\n\t\t\t\t<div class=\"elementor-element elementor-element-iwgs-ritzzeichen-discw elementor-widget elementor-widget-html\" data-id=\"iwgs-ritzzeichen-discw\" data-element_type=\"widget\" data-e-type=\"widget\" data-widget_type=\"html.default\">\n\t\t\t\t\t<footer data-nosnippet=\"true\" class=\"iwg-disclaimer-block\"><p data-nosnippet=\"true\">iWell Guard er <strong>ekki l\u00e6kningat\u00e6ki<\/strong> og kemur ekki \u00ed sta\u00f0 l\u00e6knis- e\u00f0a s\u00e1lfr\u00e6\u00f0ime\u00f0fer\u00f0ar. Innihaldi\u00f0 sem h\u00e9r er sett fram er tr\u00faarbrag\u00f0afr\u00e6\u00f0ileg og menningars\u00f6gulega greining, ekki lofor\u00f0 um andlega virkni.<\/p><\/footer>\t\t\t\t<\/div>\n\t\t\t\t\t<\/div>\n\t\t\t\t<\/div>\n\t\t\t\t<\/div>\n\t\t","protected":false},"excerpt":{"rendered":"","protected":false},"author":3,"featured_media":3572,"parent":0,"menu_order":0,"comment_status":"closed","ping_status":"closed","template":"elementor_header_footer","meta":{"_yoast_wpseo_focuskw":"Vardmerki","_yoast_wpseo_title":"Vardmerki: verndarr\u00fan \u00e1 byggingum","_yoast_wpseo_metadesc":"Verndarr\u00fan eins og dr\u00fadaf\u00f3tur og s\u00f3lhj\u00f3l voru rist \u00ed dyraboga til varnar. Uppruni og t\u00falkun varnarmerkjanna.","_yoast_wpseo_meta-robots-noindex":"","_yoast_wpseo_canonical":"","_angie_page":false,"gefaehrdungsstufe":"","wesen_kultur":"","wesen_klasse":"","footnotes":""},"categories":[],"class_list":["post-169242","page","type-page","status-publish","has-post-thumbnail","hentry"],"yoast_head":"<!-- This site is optimized with the Yoast SEO Premium plugin v27.7 (Yoast SEO v28.3) - https:\/\/yoast.com\/product\/yoast-seo-premium-wordpress\/ -->\n<title>Vardmerki: verndarr\u00fan \u00e1 byggingum<\/title>\n<meta name=\"description\" content=\"Verndarr\u00fan eins og dr\u00fadaf\u00f3tur og s\u00f3lhj\u00f3l voru rist \u00ed dyraboga til varnar. Uppruni og t\u00falkun varnarmerkjanna.\" \/>\n<meta name=\"robots\" content=\"index, follow, max-snippet:-1, max-image-preview:large, max-video-preview:-1\" \/>\n<link rel=\"canonical\" href=\"https:\/\/iwell-guard.com\/is\/apotropaisk-vardmerki-byggingar\/\" \/>\n<meta property=\"og:locale\" content=\"is_IS\" \/>\n<meta property=\"og:type\" content=\"article\" \/>\n<meta property=\"og:title\" content=\"Verndarr\u00fan \u2013 varnarmerki \u00e1 byggingum\" \/>\n<meta property=\"og:description\" content=\"Verndarr\u00fan eins og dr\u00fadaf\u00f3tur og s\u00f3lhj\u00f3l voru rist \u00ed dyraboga til varnar. Uppruni og t\u00falkun varnarmerkjanna.\" \/>\n<meta property=\"og:url\" content=\"https:\/\/iwell-guard.com\/is\/apotropaisk-vardmerki-byggingar\/\" \/>\n<meta property=\"og:site_name\" content=\"iWell Guard\" \/>\n<meta property=\"article:modified_time\" content=\"2026-09-05T14:35:53+00:00\" \/>\n<meta property=\"og:image\" content=\"https:\/\/iwell-guard.com\/wp-content\/uploads\/2026\/05\/schutzsymbol_volksmagie_ritzzeichen.webp\" \/>\n\t<meta property=\"og:image:width\" content=\"1024\" \/>\n\t<meta property=\"og:image:height\" content=\"1536\" \/>\n\t<meta property=\"og:image:type\" content=\"image\/webp\" \/>\n<meta name=\"twitter:card\" content=\"summary_large_image\" \/>\n<script type=\"application\/ld+json\" class=\"yoast-schema-graph\">{\"@context\":\"https:\\\/\\\/schema.org\",\"@graph\":[{\"@type\":\"WebPage\",\"@id\":\"https:\\\/\\\/iwell-guard.com\\\/is\\\/apotropaisk-vardmerki-byggingar\\\/\",\"url\":\"https:\\\/\\\/iwell-guard.com\\\/is\\\/apotropaisk-vardmerki-byggingar\\\/\",\"name\":\"Vardmerki: verndarr\u00fan \u00e1 byggingum\",\"isPartOf\":{\"@id\":\"https:\\\/\\\/iwell-guard.com\\\/is\\\/#website\"},\"primaryImageOfPage\":{\"@id\":\"https:\\\/\\\/iwell-guard.com\\\/is\\\/apotropaisk-vardmerki-byggingar\\\/#primaryimage\"},\"image\":{\"@id\":\"https:\\\/\\\/iwell-guard.com\\\/is\\\/apotropaisk-vardmerki-byggingar\\\/#primaryimage\"},\"thumbnailUrl\":\"https:\\\/\\\/iwell-guard.com\\\/wp-content\\\/uploads\\\/2026\\\/05\\\/schutzsymbol_volksmagie_ritzzeichen.webp\",\"datePublished\":\"2026-09-05T14:06:46+00:00\",\"dateModified\":\"2026-09-05T14:35:53+00:00\",\"description\":\"Verndarr\u00fan eins og dr\u00fadaf\u00f3tur og s\u00f3lhj\u00f3l voru rist \u00ed dyraboga til varnar. Uppruni og t\u00falkun varnarmerkjanna.\",\"breadcrumb\":{\"@id\":\"https:\\\/\\\/iwell-guard.com\\\/is\\\/apotropaisk-vardmerki-byggingar\\\/#breadcrumb\"},\"inLanguage\":\"is\",\"potentialAction\":[{\"@type\":\"ReadAction\",\"target\":[\"https:\\\/\\\/iwell-guard.com\\\/is\\\/apotropaisk-vardmerki-byggingar\\\/\"]}]},{\"@type\":\"ImageObject\",\"inLanguage\":\"is\",\"@id\":\"https:\\\/\\\/iwell-guard.com\\\/is\\\/apotropaisk-vardmerki-byggingar\\\/#primaryimage\",\"url\":\"https:\\\/\\\/iwell-guard.com\\\/wp-content\\\/uploads\\\/2026\\\/05\\\/schutzsymbol_volksmagie_ritzzeichen.webp\",\"contentUrl\":\"https:\\\/\\\/iwell-guard.com\\\/wp-content\\\/uploads\\\/2026\\\/05\\\/schutzsymbol_volksmagie_ritzzeichen.webp\",\"width\":1024,\"height\":1536,\"caption\":\"Verndart\u00e1kn. Myndskreyting \u00ed safnst\u00edl.\"},{\"@type\":\"BreadcrumbList\",\"@id\":\"https:\\\/\\\/iwell-guard.com\\\/is\\\/apotropaisk-vardmerki-byggingar\\\/#breadcrumb\",\"itemListElement\":[{\"@type\":\"ListItem\",\"position\":1,\"name\":\"Start\",\"item\":\"https:\\\/\\\/iwell-guard.com\\\/is\\\/?page_id=168580\"},{\"@type\":\"ListItem\",\"position\":2,\"name\":\"Verndarr\u00fan \u2013 varnarmerki \u00e1 byggingum\"}]},{\"@type\":\"WebSite\",\"@id\":\"https:\\\/\\\/iwell-guard.com\\\/is\\\/#website\",\"url\":\"https:\\\/\\\/iwell-guard.com\\\/is\\\/\",\"name\":\"iWell Guard\",\"description\":\"Schutz vor dunklen Einfl\u00fcssen\",\"publisher\":{\"@id\":\"https:\\\/\\\/iwell-guard.com\\\/is\\\/#organization\"},\"potentialAction\":[{\"@type\":\"SearchAction\",\"target\":{\"@type\":\"EntryPoint\",\"urlTemplate\":\"https:\\\/\\\/iwell-guard.com\\\/is\\\/?s={search_term_string}\"},\"query-input\":{\"@type\":\"PropertyValueSpecification\",\"valueRequired\":true,\"valueName\":\"search_term_string\"}}],\"inLanguage\":\"is\"},{\"@type\":\"Organization\",\"@id\":\"https:\\\/\\\/iwell-guard.com\\\/is\\\/#organization\",\"name\":\"Ittermann electronic GmbH\",\"url\":\"https:\\\/\\\/iwell-guard.com\\\/is\\\/\",\"logo\":{\"@type\":\"ImageObject\",\"inLanguage\":\"is\",\"@id\":\"https:\\\/\\\/iwell-guard.com\\\/is\\\/#\\\/schema\\\/logo\\\/image\\\/\",\"url\":\"https:\\\/\\\/iwell-guard.com\\\/wp-content\\\/uploads\\\/2026\\\/05\\\/Ittermann-Logo-1182x237-1.png\",\"contentUrl\":\"https:\\\/\\\/iwell-guard.com\\\/wp-content\\\/uploads\\\/2026\\\/05\\\/Ittermann-Logo-1182x237-1.png\",\"width\":1182,\"height\":237,\"caption\":\"Ittermann electronic GmbH\"},\"image\":{\"@id\":\"https:\\\/\\\/iwell-guard.com\\\/is\\\/#\\\/schema\\\/logo\\\/image\\\/\"},\"sameAs\":[\"https:\\\/\\\/pantip.com\\\/profile\\\/9367242\",\"https:\\\/\\\/micro.blog\\\/iwellguard\",\"https:\\\/\\\/www.diggerslist.com\\\/iwellguard\\\/about\",\"https:\\\/\\\/skitterphoto.com\\\/photographers\\\/2870314\\\/iwell-guard\",\"https:\\\/\\\/iwellguard.wordpress.com\\\/2026\\\/06\\\/06\\\/iwell-guard\\\/\",\"https:\\\/\\\/hub.docker.com\\\/u\\\/iwellguard\",\"https:\\\/\\\/www.pinterest.com\\\/iwellguard\\\/\",\"https:\\\/\\\/bit.ly\\\/m\\\/iwellguard\",\"https:\\\/\\\/entre-vos-mains.alsace.eu\\\/profiles\\\/iwellguard\\\/activity\",\"https:\\\/\\\/gravatar.com\\\/reallybeded8fd34\",\"https:\\\/\\\/naijamatta.com\\\/iwellguard\",\"https:\\\/\\\/www.goodreads.com\\\/iwellguard\",\"https:\\\/\\\/profile.hatena.ne.jp\\\/iwellguard\\\/\",\"https:\\\/\\\/experiment.com\\\/users\\\/iwellguard\",\"https:\\\/\\\/wakelet.com\\\/@iWellGuard82270\",\"https:\\\/\\\/www.chordie.com\\\/forum\\\/profile.php?id=2555664\",\"https:\\\/\\\/www.instapaper.com\\\/p\\\/17757966\",\"https:\\\/\\\/www.mapleprimes.com\\\/users\\\/iwellguard\",\"https:\\\/\\\/businesslistingplus.com\\\/profile\\\/iwell-guard\\\/\",\"https:\\\/\\\/telegra.ph\\\/iWell-Guard-06-06\",\"https:\\\/\\\/pbase.com\\\/iwellguard\\\/iwellguard\",\"https:\\\/\\\/b.hatena.ne.jp\\\/iwellguard\\\/20260607#bookmark-4788405196491818882\",\"https:\\\/\\\/fliphtml5.com\\\/home\\\/iwellguard\",\"https:\\\/\\\/anyflip.com\\\/homepage\\\/cmiwl#About\",\"https:\\\/\\\/transfur.com\\\/Users\\\/iwellguard\",\"http:\\\/\\\/delphi.larsbo.org\\\/user\\\/iwellguard\",\"https:\\\/\\\/jobs.lajobsportal.org\\\/profiles\\\/8380803-iwell-guard\",\"https:\\\/\\\/md.chaosdorf.de\\\/s\\\/jfbe5SBdJD\",\"https:\\\/\\\/www.lingvolive.com\\\/en-us\\\/profile\\\/9ecaeaca-ce11-4e51-9e71-01d55e2bff36\\\/translations\",\"https:\\\/\\\/www.fitday.com\\\/fitness\\\/forums\\\/members\\\/iwellguard.html\",\"https:\\\/\\\/www.mymeetbook.com\\\/iwellguard\",\"https:\\\/\\\/pxhere.com\\\/en\\\/photographer-me\\\/5040798\",\"https:\\\/\\\/disqus.com\\\/by\\\/iwellguard\\\/about\\\/\",\"https:\\\/\\\/pastelink.net\\\/hjwciqwq\",\"https:\\\/\\\/pubhtml5.com\\\/homepage\\\/scjhn\\\/\",\"https:\\\/\\\/www.bitchute.com\\\/channel\\\/2O2eOKzNqujT\",\"https:\\\/\\\/audiomack.com\\\/iwellguard\"]}]}<\/script>\n<!-- \/ Yoast SEO Premium plugin. -->","yoast_head_json":{"title":"Vardmerki: verndarr\u00fan \u00e1 byggingum","description":"Verndarr\u00fan eins og dr\u00fadaf\u00f3tur og s\u00f3lhj\u00f3l voru rist \u00ed dyraboga til varnar. Uppruni og t\u00falkun varnarmerkjanna.","robots":{"index":"index","follow":"follow","max-snippet":"max-snippet:-1","max-image-preview":"max-image-preview:large","max-video-preview":"max-video-preview:-1"},"canonical":"https:\/\/iwell-guard.com\/is\/apotropaisk-vardmerki-byggingar\/","og_locale":"is_IS","og_type":"article","og_title":"Verndarr\u00fan \u2013 varnarmerki \u00e1 byggingum","og_description":"Verndarr\u00fan eins og dr\u00fadaf\u00f3tur og s\u00f3lhj\u00f3l voru rist \u00ed dyraboga til varnar. Uppruni og t\u00falkun varnarmerkjanna.","og_url":"https:\/\/iwell-guard.com\/is\/apotropaisk-vardmerki-byggingar\/","og_site_name":"iWell Guard","article_modified_time":"2026-09-05T14:35:53+00:00","og_image":[{"width":1024,"height":1536,"url":"https:\/\/iwell-guard.com\/wp-content\/uploads\/2026\/05\/schutzsymbol_volksmagie_ritzzeichen.webp","type":"image\/webp"}],"twitter_card":"summary_large_image","schema":{"@context":"https:\/\/schema.org","@graph":[{"@type":"WebPage","@id":"https:\/\/iwell-guard.com\/is\/apotropaisk-vardmerki-byggingar\/","url":"https:\/\/iwell-guard.com\/is\/apotropaisk-vardmerki-byggingar\/","name":"Vardmerki: verndarr\u00fan \u00e1 byggingum","isPartOf":{"@id":"https:\/\/iwell-guard.com\/is\/#website"},"primaryImageOfPage":{"@id":"https:\/\/iwell-guard.com\/is\/apotropaisk-vardmerki-byggingar\/#primaryimage"},"image":{"@id":"https:\/\/iwell-guard.com\/is\/apotropaisk-vardmerki-byggingar\/#primaryimage"},"thumbnailUrl":"https:\/\/iwell-guard.com\/wp-content\/uploads\/2026\/05\/schutzsymbol_volksmagie_ritzzeichen.webp","datePublished":"2026-09-05T14:06:46+00:00","dateModified":"2026-09-05T14:35:53+00:00","description":"Verndarr\u00fan eins og dr\u00fadaf\u00f3tur og s\u00f3lhj\u00f3l voru rist \u00ed dyraboga til varnar. Uppruni og t\u00falkun varnarmerkjanna.","breadcrumb":{"@id":"https:\/\/iwell-guard.com\/is\/apotropaisk-vardmerki-byggingar\/#breadcrumb"},"inLanguage":"is","potentialAction":[{"@type":"ReadAction","target":["https:\/\/iwell-guard.com\/is\/apotropaisk-vardmerki-byggingar\/"]}]},{"@type":"ImageObject","inLanguage":"is","@id":"https:\/\/iwell-guard.com\/is\/apotropaisk-vardmerki-byggingar\/#primaryimage","url":"https:\/\/iwell-guard.com\/wp-content\/uploads\/2026\/05\/schutzsymbol_volksmagie_ritzzeichen.webp","contentUrl":"https:\/\/iwell-guard.com\/wp-content\/uploads\/2026\/05\/schutzsymbol_volksmagie_ritzzeichen.webp","width":1024,"height":1536,"caption":"Verndart\u00e1kn. Myndskreyting \u00ed safnst\u00edl."},{"@type":"BreadcrumbList","@id":"https:\/\/iwell-guard.com\/is\/apotropaisk-vardmerki-byggingar\/#breadcrumb","itemListElement":[{"@type":"ListItem","position":1,"name":"Start","item":"https:\/\/iwell-guard.com\/is\/?page_id=168580"},{"@type":"ListItem","position":2,"name":"Verndarr\u00fan \u2013 varnarmerki \u00e1 byggingum"}]},{"@type":"WebSite","@id":"https:\/\/iwell-guard.com\/is\/#website","url":"https:\/\/iwell-guard.com\/is\/","name":"iWell Guard","description":"Schutz vor dunklen Einfl\u00fcssen","publisher":{"@id":"https:\/\/iwell-guard.com\/is\/#organization"},"potentialAction":[{"@type":"SearchAction","target":{"@type":"EntryPoint","urlTemplate":"https:\/\/iwell-guard.com\/is\/?s={search_term_string}"},"query-input":{"@type":"PropertyValueSpecification","valueRequired":true,"valueName":"search_term_string"}}],"inLanguage":"is"},{"@type":"Organization","@id":"https:\/\/iwell-guard.com\/is\/#organization","name":"Ittermann electronic GmbH","url":"https:\/\/iwell-guard.com\/is\/","logo":{"@type":"ImageObject","inLanguage":"is","@id":"https:\/\/iwell-guard.com\/is\/#\/schema\/logo\/image\/","url":"https:\/\/iwell-guard.com\/wp-content\/uploads\/2026\/05\/Ittermann-Logo-1182x237-1.png","contentUrl":"https:\/\/iwell-guard.com\/wp-content\/uploads\/2026\/05\/Ittermann-Logo-1182x237-1.png","width":1182,"height":237,"caption":"Ittermann electronic GmbH"},"image":{"@id":"https:\/\/iwell-guard.com\/is\/#\/schema\/logo\/image\/"},"sameAs":["https:\/\/pantip.com\/profile\/9367242","https:\/\/micro.blog\/iwellguard","https:\/\/www.diggerslist.com\/iwellguard\/about","https:\/\/skitterphoto.com\/photographers\/2870314\/iwell-guard","https:\/\/iwellguard.wordpress.com\/2026\/06\/06\/iwell-guard\/","https:\/\/hub.docker.com\/u\/iwellguard","https:\/\/www.pinterest.com\/iwellguard\/","https:\/\/bit.ly\/m\/iwellguard","https:\/\/entre-vos-mains.alsace.eu\/profiles\/iwellguard\/activity","https:\/\/gravatar.com\/reallybeded8fd34","https:\/\/naijamatta.com\/iwellguard","https:\/\/www.goodreads.com\/iwellguard","https:\/\/profile.hatena.ne.jp\/iwellguard\/","https:\/\/experiment.com\/users\/iwellguard","https:\/\/wakelet.com\/@iWellGuard82270","https:\/\/www.chordie.com\/forum\/profile.php?id=2555664","https:\/\/www.instapaper.com\/p\/17757966","https:\/\/www.mapleprimes.com\/users\/iwellguard","https:\/\/businesslistingplus.com\/profile\/iwell-guard\/","https:\/\/telegra.ph\/iWell-Guard-06-06","https:\/\/pbase.com\/iwellguard\/iwellguard","https:\/\/b.hatena.ne.jp\/iwellguard\/20260607#bookmark-4788405196491818882","https:\/\/fliphtml5.com\/home\/iwellguard","https:\/\/anyflip.com\/homepage\/cmiwl#About","https:\/\/transfur.com\/Users\/iwellguard","http:\/\/delphi.larsbo.org\/user\/iwellguard","https:\/\/jobs.lajobsportal.org\/profiles\/8380803-iwell-guard","https:\/\/md.chaosdorf.de\/s\/jfbe5SBdJD","https:\/\/www.lingvolive.com\/en-us\/profile\/9ecaeaca-ce11-4e51-9e71-01d55e2bff36\/translations","https:\/\/www.fitday.com\/fitness\/forums\/members\/iwellguard.html","https:\/\/www.mymeetbook.com\/iwellguard","https:\/\/pxhere.com\/en\/photographer-me\/5040798","https:\/\/disqus.com\/by\/iwellguard\/about\/","https:\/\/pastelink.net\/hjwciqwq","https:\/\/pubhtml5.com\/homepage\/scjhn\/","https:\/\/www.bitchute.com\/channel\/2O2eOKzNqujT","https:\/\/audiomack.com\/iwellguard"]}]}},"_links":{"self":[{"href":"https:\/\/iwell-guard.com\/is\/wp-json\/wp\/v2\/pages\/169242","targetHints":{"allow":["GET"]}}],"collection":[{"href":"https:\/\/iwell-guard.com\/is\/wp-json\/wp\/v2\/pages"}],"about":[{"href":"https:\/\/iwell-guard.com\/is\/wp-json\/wp\/v2\/types\/page"}],"author":[{"embeddable":true,"href":"https:\/\/iwell-guard.com\/is\/wp-json\/wp\/v2\/users\/3"}],"replies":[{"embeddable":true,"href":"https:\/\/iwell-guard.com\/is\/wp-json\/wp\/v2\/comments?post=169242"}],"version-history":[{"count":0,"href":"https:\/\/iwell-guard.com\/is\/wp-json\/wp\/v2\/pages\/169242\/revisions"}],"wp:featuredmedia":[{"embeddable":true,"href":"https:\/\/iwell-guard.com\/is\/wp-json\/wp\/v2\/media\/3572"}],"wp:attachment":[{"href":"https:\/\/iwell-guard.com\/is\/wp-json\/wp\/v2\/media?parent=169242"}],"wp:term":[{"taxonomy":"category","embeddable":true,"href":"https:\/\/iwell-guard.com\/is\/wp-json\/wp\/v2\/categories?post=169242"}],"curies":[{"name":"wp","href":"https:\/\/api.w.org\/{rel}","templated":true}]}}