{"id":169238,"date":"2026-09-05T14:06:44","date_gmt":"2026-09-05T14:06:44","guid":{"rendered":"https:\/\/iwell-guard.com\/?page_id=169238"},"modified":"2026-09-05T14:35:48","modified_gmt":"2026-09-05T14:35:48","slug":"toli-bronsspegill-siberiu","status":"publish","type":"page","link":"https:\/\/iwell-guard.com\/is\/toli-bronsspegill-siberiu\/","title":{"rendered":"Toli: bronsspegill sjamana \u00ed S\u00edber\u00edu"},"content":{"rendered":"\t\t<div data-elementor-type=\"wp-page\" data-elementor-id=\"169238\" class=\"elementor elementor-169238 elementor-3730 elementor-bc-flex-widget\" data-elementor-post-type=\"page\">\n\t\t\t\t<div class=\"elementor-element elementor-element-iwgs-toli-hero e-flex e-con-boxed e-con e-parent\" data-id=\"iwgs-toli-hero\" data-element_type=\"container\" data-e-type=\"container\">\n\t\t\t\t\t<div class=\"e-con-inner\">\n\t\t<div class=\"elementor-element elementor-element-iwgs-toli-hl e-flex e-con-boxed e-con e-parent\" data-id=\"iwgs-toli-hl\" data-element_type=\"container\" data-e-type=\"container\">\n\t\t\t\t\t<div class=\"e-con-inner\">\n\t\t<div class=\"elementor-element elementor-element-iwgs-toli-hlbox e-con-full e-flex e-con e-parent\" data-id=\"iwgs-toli-hlbox\" data-element_type=\"container\" data-e-type=\"container\">\n\t\t\t\t<div class=\"elementor-element elementor-element-iwgs-toli-h1 elementor-widget elementor-widget-heading\" data-id=\"iwgs-toli-h1\" data-element_type=\"widget\" data-e-type=\"widget\" data-widget_type=\"heading.default\">\n\t\t\t\t\t<h1 class=\"elementor-heading-title elementor-size-default\">Toli: bronsspegillinn sem fr\u00e1hrindandi hlutur me\u00f0al \u00fej\u00f3\u00f0a S\u00edber\u00edu<\/h1>\t\t\t\t<\/div>\n\t\t\t\t<div class=\"elementor-element elementor-element-iwgs-toli-lead elementor-widget elementor-widget-text-editor\" data-id=\"iwgs-toli-lead\" data-element_type=\"widget\" data-e-type=\"widget\" data-widget_type=\"text-editor.default\">\n\t\t\t\t\t\t\t\t\t<p>Toli er heiti sem nota\u00f0 er me\u00f0al nokkurra \u00fej\u00f3\u00f0a \u00ed S\u00edber\u00edu og Mong\u00f3l\u00edu yfir hringlaga m\u00e1lmspegil sem er hluti af b\u00fana\u00f0i sjaman\u00edskra s\u00e9rfr\u00e6\u00f0inga. Hluturinn, sem er oftast \u00far bronsi og oft sk\u00edfulaga, var borinn \u00e1 fatna\u00f0i, haldinn \u00ed hendi e\u00f0a festur \u00e1 tr\u00faarlegan b\u00faning.<\/p><p>Honum var eigna\u00f0 \u00fea\u00f0 hlutverk a\u00f0 hrekja fr\u00e1 ska\u00f0leg \u00e1hrif, gera andlega m\u00e1ttarv\u00f6ld s\u00fdnileg og vernda \u00feann sem bar hann. Fr\u00e1 tr\u00faarbrag\u00f0afr\u00e6\u00f0ilegu sj\u00f3narhorni er toli d\u00e6mi um rit\u00faalhlut me\u00f0 \u00e1berandi verndar- og fr\u00e1hrindandi hlutverk. \u00deessi texti l\u00fdsir uppruna hans, formi og merkingu fr\u00e1 utana\u00f0komandi sj\u00f3narhorni og \u00e1n lofor\u00f0a um virkni.<\/p>\n<p class=\"iwg-kwfix\">Toli er bronsspegill sjamana \u00ed S\u00edber\u00edu.<\/p>\t\t\t\t\t\t\t\t<\/div>\n\t\t\t\t<\/div>\n\t\t\t\t<div class=\"elementor-element elementor-element-iwgs-toli-pills elementor-widget elementor-widget-html\" data-id=\"iwgs-toli-pills\" data-element_type=\"widget\" data-e-type=\"widget\" data-widget_type=\"html.default\">\n\t\t\t\t\t<div class=\"iwg-pill-row\"><span class=\"iwg-klasse-badge\" tabindex=\"0\" data-tooltip=\"Verndart\u00e1kn, verndargripur e\u00f0a ap\u00f3tr\u00f3pa\u00edskur hlutur.\">Verndart\u00e1kn<\/span><a href=\"https:\/\/iwell-guard.com\/is\/verndartakn\/\" class=\"iwg-kultur-badge\" tabindex=\"0\" data-tooltip=\"Verndarhef\u00f0: S\u00edber\u00eda\">Siber\u00eda<\/a><span class=\"iwg-tradition-badge\" tabindex=\"0\" data-tooltip=\"Gripur sem sjamani notar \u00ed i\u00f0kun sinni.\">Sjaman\u00edskur gripur<\/span><\/div>\t\t\t\t<\/div>\n\t\t\t\t\t<\/div>\n\t\t\t\t<\/div>\n\t\t<div class=\"elementor-element elementor-element-iwgs-toli-hr e-con-full e-flex e-con e-parent\" data-id=\"iwgs-toli-hr\" data-element_type=\"container\" data-e-type=\"container\">\n\t\t\t\t<div class=\"elementor-element elementor-element-iwgs-toli-himg iwg-hero-image elementor-widget elementor-widget-image\" data-id=\"iwgs-toli-himg\" data-element_type=\"widget\" data-e-type=\"widget\" data-widget_type=\"image.default\">\n\t\t\t\t\t\t\t\t\t\t\t\t\t\t\t<img fetchpriority=\"high\" decoding=\"async\" width=\"683\" height=\"1024\" src=\"https:\/\/iwell-guard.com\/wp-content\/uploads\/2026\/05\/schutzsymbol_sibirien_toli-683x1024.webp\" class=\"attachment-large size-large wp-image-170488\" alt=\"Toli - verndart\u00e1kn, safnfr\u00e6\u00f0ileg mynd\" srcset=\"https:\/\/iwell-guard.com\/wp-content\/uploads\/2026\/05\/schutzsymbol_sibirien_toli-683x1024.webp 683w, https:\/\/iwell-guard.com\/wp-content\/uploads\/2026\/05\/schutzsymbol_sibirien_toli-200x300.webp 200w, https:\/\/iwell-guard.com\/wp-content\/uploads\/2026\/05\/schutzsymbol_sibirien_toli-768x1152.webp 768w, https:\/\/iwell-guard.com\/wp-content\/uploads\/2026\/05\/schutzsymbol_sibirien_toli.webp 1024w\" sizes=\"(max-width: 683px) 100vw, 683px\" \/>\t\t\t\t\t\t\t\t\t\t\t\t\t\t\t<\/div>\n\t\t\t\t<\/div>\n\t\t\t\t\t<\/div>\n\t\t\t\t<\/div>\n\t\t<div class=\"elementor-element elementor-element-iwgs-toli-s0 e-flex e-con-boxed e-con e-parent\" data-id=\"iwgs-toli-s0\" data-element_type=\"container\" data-e-type=\"container\">\n\t\t\t\t\t<div class=\"e-con-inner\">\n\t\t\t\t<div class=\"elementor-element elementor-element-iwgs-toli-s0h elementor-widget elementor-widget-heading\" data-id=\"iwgs-toli-s0h\" data-element_type=\"widget\" data-e-type=\"widget\" data-widget_type=\"heading.default\">\n\t\t\t\t\t<h2 class=\"elementor-heading-title elementor-size-default\">Flokkun tolisins<\/h2>\t\t\t\t<\/div>\n\t\t<div class=\"elementor-element elementor-element-iwgs-toli-s0box e-con-full e-flex e-con e-parent\" data-id=\"iwgs-toli-s0box\" data-element_type=\"container\" data-e-type=\"container\">\n\t\t\t\t<div class=\"elementor-element elementor-element-iwgs-toli-s0t elementor-widget elementor-widget-text-editor\" data-id=\"iwgs-toli-s0t\" data-element_type=\"widget\" data-e-type=\"widget\" data-widget_type=\"text-editor.default\">\n\t\t\t\t\t\t\t\t\t<p>Toli er hringlaga m\u00e1lmspegill sem er hluti af rit\u00faalgripum sjaman\u00edskra s\u00e9rfr\u00e6\u00f0inga me\u00f0al \u00fdmissa \u00fej\u00f3\u00f0a \u00ed S\u00edber\u00edu og Mong\u00f3l\u00edu. Or\u00f0i\u00f0 toli kemur \u00far mong\u00f3lsku og n\u00e1l\u00e6gum tungum\u00e1lum og merkir almennt spegil.<\/p><p>\u00cd hinum \u00fdmsu tungum\u00e1lum S\u00edber\u00edu og Mong\u00f3l\u00edu finnast fleiri heiti yfir sjamanaspegilinn. Hluturinn er \u00fatbreiddur \u00e1 v\u00ed\u00f0u sv\u00e6\u00f0i, sem lei\u00f0ir til fj\u00f6lbreytni \u00ed n\u00f6fnum og formum.<\/p><p>\u00d3l\u00edkt hversdagsspegli \u00fej\u00f3na\u00f0i tolinn ekki fyrst og fremst \u00feeim tilgangi a\u00f0 horfa \u00e1 eigin mynd. Honum var eignu\u00f0 tr\u00faarleg merking sem tengdist fr\u00e1hrindingu, \u00fev\u00ed a\u00f0 gera anda s\u00fdnilega og vernd.<\/p><p>Toli var borinn me\u00f0 \u00fdmsum h\u00e6tti. Hann gat veri\u00f0 festur \u00e1 tr\u00faarlegan b\u00faning, hengdur um h\u00e1lsinn \u00e1 bandi e\u00f0a haldinn \u00ed hendi vi\u00f0 rit\u00faalathafnir.<\/p><p>Tr\u00faarbrag\u00f0afr\u00e6\u00f0ilega tilheyrir tolinn v\u00ed\u00f0ara samhengi <a href=\"https:\/\/iwell-guard.com\/is\/verndartakn\/\">verndart\u00e1kna<\/a> og sjaman\u00edskra rit\u00faalgripa. Me\u00f0al \u00feessara hluta er hann d\u00e6mi me\u00f0 s\u00e9rlega \u00e1berandi fr\u00e1hrindandi hlutverk.<\/p><p>Toli er \u00feannig d\u00e6mi um hvernig hversdagslegur hlutur, m\u00e1lmspegillinn, getur fengi\u00f0 s\u00e9rstaka merkingu innan \u00e1kve\u00f0innar tr\u00faarhef\u00f0ar. \u00dea\u00f0 var einungis sjaman\u00edskt samhengi sem ger\u00f0i f\u00e6g\u00f0a sk\u00edfu a\u00f0 rit\u00faalgrip.<\/p><p>Mikilv\u00e6gt er fyrir hlutl\u00e6ga framsetningu a\u00f0 toli er ekki einsleitur hlutur. Form, notkun og merking voru mj\u00f6g mismunandi milli \u00fej\u00f3\u00f0a og milli einstakra s\u00e9rfr\u00e6\u00f0inga.<\/p><p>\u00der\u00e1tt fyrir \u00feessa fj\u00f6lbreytni eiga flestir toli sameiginlegt einkenni. \u00deeir eru hringlaga, glansandi m\u00e1lmsk\u00edfur \u00fear sem speglandi yfirbor\u00f0i\u00f0 var tengt hugmyndinni um fr\u00e1hrindingu. \u00deetta grunneinkenni tengir saman hin mj\u00f6g mismunandi sv\u00e6\u00f0isbundnu birtingarform hlutarins.<\/p>\t\t\t\t\t\t\t\t<\/div>\n\t\t\t\t<\/div>\n\t\t\t\t\t<\/div>\n\t\t\t\t<\/div>\n\t\t<div class=\"elementor-element elementor-element-iwgs-toli-s1 e-flex e-con-boxed e-con e-parent\" data-id=\"iwgs-toli-s1\" data-element_type=\"container\" data-e-type=\"container\">\n\t\t\t\t\t<div class=\"e-con-inner\">\n\t\t\t\t<div class=\"elementor-element elementor-element-iwgs-toli-s1h elementor-widget elementor-widget-heading\" data-id=\"iwgs-toli-s1h\" data-element_type=\"widget\" data-e-type=\"widget\" data-widget_type=\"heading.default\">\n\t\t\t\t\t<h2 class=\"elementor-heading-title elementor-size-default\">Uppruni og saga<\/h2>\t\t\t\t<\/div>\n\t\t<div class=\"elementor-element elementor-element-iwgs-toli-s1box e-con-full e-flex e-con e-parent\" data-id=\"iwgs-toli-s1box\" data-element_type=\"container\" data-e-type=\"container\">\n\t\t\t\t<div class=\"elementor-element elementor-element-iwgs-toli-s1t elementor-widget elementor-widget-text-editor\" data-id=\"iwgs-toli-s1t\" data-element_type=\"widget\" data-e-type=\"widget\" data-widget_type=\"text-editor.default\">\n\t\t\t\t\t\t\t\t\t<p>Sjaman\u00edskar hef\u00f0ir S\u00edber\u00edu og Mong\u00f3l\u00edu eru gamlar og margbreytilegar. \u00de\u00e6r einkenndust af hugmyndinni um heim skiptan \u00ed m\u00f6rg svi\u00f0 og um mi\u00f0lun milli manna og anda.<\/p><p>M\u00e1lmspeglar voru \u00feekktir v\u00ed\u00f0a \u00ed As\u00edu fr\u00e1 fornu fari. \u00cd K\u00edna voru bronsspeglar sm\u00ed\u00f0a\u00f0ir allt fr\u00e1 <span class=\"iwg-fachbegriff\" data-tooltip=\"T\u00edmabil gr\u00edskrar og r\u00f3mverskrar menningar, um 800 f.Kr. til 600 e.Kr.\" tabindex=\"0\">forn\u00f6ld<\/span>. \u00cd gegnum verslun og menningarleg samskipti barst kunn\u00e1tta \u00ed spegilsm\u00ed\u00f0i b\u00e6\u00f0i nor\u00f0ur og inn \u00ed Mi\u00f0-As\u00edu.<\/p><p>Hluti \u00feeirra tol\u00eda sem nota\u00f0ir voru \u00ed S\u00edber\u00edu er sannanlega af k\u00ednverskum e\u00f0a mi\u00f0-as\u00edskum uppruna. Sl\u00edkir speglar voru fengnir eftir verslunarlei\u00f0um og teknir upp \u00ed sjaman\u00edskri notkun.<\/p><p>Auk \u00feess voru speglar sm\u00ed\u00f0a\u00f0ir \u00ed S\u00edber\u00edu og Mong\u00f3l\u00edu sj\u00e1lfum. Bronssm\u00ed\u00f0 var \u00fatbreidd \u00ed m\u00f6rgum h\u00e9ru\u00f0um. Gamlir og n\u00fdir, a\u00f0komnir og heimasm\u00ed\u00f0a\u00f0ir speglar g\u00e1tu veri\u00f0 til samhli\u00f0a.<\/p><p>Skriflegar fr\u00e1sagnir um sjaman\u00edska notkun tolisins hefjast me\u00f0 skrifum fer\u00f0amanna, fr\u00e6\u00f0imanna og emb\u00e6ttismanna sem skrifu\u00f0u um \u00fej\u00f3\u00f0ir S\u00edber\u00edu fr\u00e1 18. \u00f6ld og s\u00e9rstaklega \u00e1 19. \u00f6ld.<\/p><p>Sumir speglar sem nota\u00f0ir voru \u00ed S\u00edber\u00edu eru margra alda gamlir og gengu \u00ed arf milli kynsl\u00f3\u00f0a. A\u00f0keyptur k\u00ednverskur spegill gat \u00feannig me\u00f0 t\u00edmanum breyst \u00far verslunarv\u00f6ru \u00ed arfleiddan rit\u00faalgrip. Fr\u00e6\u00f0imenn hafa fundi\u00f0 \u00e1 einst\u00f6kum tol\u00edum merki um langa notkun og endurtekna umsm\u00ed\u00f0i.<\/p><p>\u00c1 Sov\u00e9tt\u00edmanum var <span class=\"iwg-fachbegriff\" data-tooltip=\"Tr\u00faarlegt kerfi \u00fear sem s\u00e9rfr\u00e6\u00f0ingar hafa samskipti vi\u00f0 andaheiminn.\" tabindex=\"0\">sjamanismi<\/span> \u00ed S\u00edber\u00edu og Mong\u00f3l\u00edu ofs\u00f3ttur og b\u00e6ldur ni\u00f0ur. Margir rit\u00faalgripir, \u00fear \u00e1 me\u00f0al toli, voru ger\u00f0ir uppt\u00e6kir e\u00f0a enda\u00f0ir \u00e1 s\u00f6fnum. Opin i\u00f0kun hef\u00f0arinnar var rofin.<\/p>\t\t\t\t\t\t\t\t<\/div>\n\t\t\t\t<\/div>\n\t\t\t\t\t<\/div>\n\t\t\t\t<\/div>\n\t\t<div class=\"elementor-element elementor-element-iwgs-toli-s2 e-flex e-con-boxed e-con e-parent\" data-id=\"iwgs-toli-s2\" data-element_type=\"container\" data-e-type=\"container\">\n\t\t\t\t\t<div class=\"e-con-inner\">\n\t\t\t\t<div class=\"elementor-element elementor-element-iwgs-toli-s2h elementor-widget elementor-widget-heading\" data-id=\"iwgs-toli-s2h\" data-element_type=\"widget\" data-e-type=\"widget\" data-widget_type=\"heading.default\">\n\t\t\t\t\t<h2 class=\"elementor-heading-title elementor-size-default\">Form, efni og ger\u00f0<\/h2>\t\t\t\t<\/div>\n\t\t<div class=\"elementor-element elementor-element-iwgs-toli-s2box e-con-full e-flex e-con e-parent\" data-id=\"iwgs-toli-s2box\" data-element_type=\"container\" data-e-type=\"container\">\n\t\t\t\t<div class=\"elementor-element elementor-element-iwgs-toli-s2t elementor-widget elementor-widget-text-editor\" data-id=\"iwgs-toli-s2t\" data-element_type=\"widget\" data-e-type=\"widget\" data-widget_type=\"text-editor.default\">\n\t\t\t\t\t\t\t\t\t<p>Toli er yfirleitt hringlaga, fl\u00f6t m\u00e1lmsk\u00edfa. \u00deverm\u00e1l hennar er \u00e1 bilinu fr\u00e1 f\u00e1einum sentimetrum upp \u00ed st\u00e6rri sk\u00edfur. Formi\u00f0 er oftast hringlaga, sem tali\u00f0 er tengjast merkingu gripsins.<\/p><p>Efnivi\u00f0urinn er venjulega brons, m\u00e1lmblanda \u00far kopar og tini. A\u00f0rar koparbl\u00f6ndur koma einnig fyrir. Yfirbor\u00f0i\u00f0 gat veri\u00f0 f\u00e6gt, \u00feannig a\u00f0 spegillinn glansa\u00f0i og endurvarpa\u00f0i lj\u00f3si.<\/p><p>Margir toli bera \u00e1 einni hli\u00f0 upphleypta mynd e\u00f0a skreytingu. \u00c1 a\u00f0komnum speglum af k\u00ednverskum uppruna geta \u00feetta veri\u00f0 d\u00fdrahringst\u00e1kn, myndletur e\u00f0a \u00f6nnur mynstur. Heimasm\u00ed\u00f0a\u00f0ir speglar s\u00fdna eigin mynstur.<\/p><p>\u00c1 bakhli\u00f0 e\u00f0a ja\u00f0ri hafa toli oft lykkju e\u00f0a gat. \u00deannig var h\u00e6gt a\u00f0 festa \u00fe\u00e1 \u00e1 fatna\u00f0, band e\u00f0a tr\u00faarlegan b\u00faning.<\/p><p>St\u00e6r\u00f0 og fj\u00f6ldi \u00feeirra tol\u00eda sem s\u00e9rfr\u00e6\u00f0ingur \u00e1tti gat veri\u00f0 mismunandi. Sumir sjamanab\u00faningar voru b\u00fanir m\u00f6rgum speglum, st\u00e6rri spegill gat veri\u00f0 borinn \u00e1 brj\u00f3sti.<\/p><p>\u00deessi texti veitir engar lei\u00f0beiningar um sm\u00ed\u00f0i e\u00f0a notkun rit\u00faals tolis. Spegillinn var gripur innan sjaman\u00edskrar hef\u00f0ar. Eftirger\u00f0 hans utan \u00feessa samhengis v\u00e6ri a\u00f0eins yfirtaka \u00e1 ytra formi.<\/p>\t\t\t\t\t\t\t\t<\/div>\n\t\t\t\t<\/div>\n\t\t\t\t\t<\/div>\n\t\t\t\t<\/div>\n\t\t<div class=\"elementor-element elementor-element-iwgs-toli-s3 e-flex e-con-boxed e-con e-parent\" data-id=\"iwgs-toli-s3\" data-element_type=\"container\" data-e-type=\"container\">\n\t\t\t\t\t<div class=\"e-con-inner\">\n\t\t\t\t<div class=\"elementor-element elementor-element-iwgs-toli-s3h elementor-widget elementor-widget-heading\" data-id=\"iwgs-toli-s3h\" data-element_type=\"widget\" data-e-type=\"widget\" data-widget_type=\"heading.default\">\n\t\t\t\t\t<h2 class=\"elementor-heading-title elementor-size-default\">Tr\u00faarlegur og go\u00f0s\u00f6gulegur bakgrunnur<\/h2>\t\t\t\t<\/div>\n\t\t<div class=\"elementor-element elementor-element-iwgs-toli-s3box e-con-full e-flex e-con e-parent\" data-id=\"iwgs-toli-s3box\" data-element_type=\"container\" data-e-type=\"container\">\n\t\t\t\t<div class=\"elementor-element elementor-element-iwgs-toli-s3t elementor-widget elementor-widget-text-editor\" data-id=\"iwgs-toli-s3t\" data-element_type=\"widget\" data-e-type=\"widget\" data-widget_type=\"text-editor.default\">\n\t\t\t\t\t\t\t\t\t<p>\u00cd sjaman\u00edskum hef\u00f0um S\u00edber\u00edu og Mong\u00f3l\u00edu var heimurinn talinn bygg\u00f0ur \u00f6ndum og m\u00e1ttarv\u00f6ldum sem g\u00e1tu hj\u00e1lpa\u00f0 manninum e\u00f0a ska\u00f0a\u00f0 hann. <span class=\"iwg-fachbegriff\" data-tooltip=\"Tr\u00faarlegur s\u00e9rfr\u00e6\u00f0ingur sem talinn er mi\u00f0la milli manna og andaheimsins.\" tabindex=\"0\">Sjamaninn<\/span> var s\u00e9rfr\u00e6\u00f0ingurinn sem mi\u00f0la\u00f0i milli manna og \u00feessara m\u00e1ttarvalda.<\/p><p>\u00cd \u00feessu samhengi var tali\u00f0 a\u00f0 Toli hef\u00f0i getu til a\u00f0 verjast ska\u00f0legum \u00e1hrifum. Glansandi yfirbor\u00f0 spegilsins \u00e1tti a\u00f0 endurvarpa \u00e1r\u00e1sargj\u00f6rnum \u00f6ndum e\u00f0a ska\u00f0legum kr\u00f6ftum og verja \u00feannig \u00feann sem bar hann.<\/p><p>\u00c1 sama t\u00edma var spegillinn talinn hj\u00e1lpart\u00e6ki til a\u00f0 gera andlegar m\u00e1ttarv\u00f6ldur s\u00fdnilegar. \u00cd sumum hugmyndum gat <span class=\"iwg-fachbegriff\" data-tooltip=\"Tr\u00faarlegur s\u00e9rfr\u00e6\u00f0ingur sem talinn er mi\u00f0la milli manna og andaheimsins.\" tabindex=\"0\">sjamaninn<\/span> greint anda \u00ed Toli e\u00f0a skynja\u00f0 hi\u00f0 hulda. Spegillinn var \u00feannig einnig verkf\u00e6ri skynjunar.<\/p><p>Hringlaga form Tolisins var tengt s\u00f3linni og lj\u00f3sinu. Lj\u00f3s og glans voru \u00ed m\u00f6rgum sjaman\u00edskum hef\u00f0um talin andst\u00e6\u00f0a hins ska\u00f0lega. Glansandi spegillinn st\u00f3\u00f0 \u00e1 hli\u00f0 verndarins.<\/p><p>\u00cd sumum s\u00f6gnum var Toli einnig eignu\u00f0 tengsl vi\u00f0 vatn e\u00f0a \u00eds, \u00fear sem sl\u00e9tt yfirbor\u00f0 hans minnti \u00e1 speglandi fl\u00f6t. Sl\u00edkar t\u00falkanir voru mismunandi milli \u00fej\u00f3\u00f0a. \u00de\u00e6r s\u00fdna a\u00f0 merking spegilsins var ekki bundin fastri reglu heldur t\u00f3k \u00e1 sig einkenni \u00ed hverri hef\u00f0.<\/p><p>Fr\u00e6\u00f0ilega m\u00e1 flokka Toli \u00ed v\u00ed\u00f0ara samhengi sjaman\u00edskra helgigripa Nor\u00f0ur-Evras\u00edu. Hann stendur vi\u00f0 hli\u00f0 trommunnar og annarra \u00e1halda sem <span class=\"iwg-fachbegriff\" data-tooltip=\"Tr\u00faarlegur s\u00e9rfr\u00e6\u00f0ingur sem talinn er mi\u00f0la milli manna og andaheimsins.\" tabindex=\"0\">sjamaninn<\/span> nota\u00f0i til a\u00f0 sinna hlutverki s\u00ednu.<\/p><p>Mikilv\u00e6gt er a\u00f0 Toli virka\u00f0i ekki af sj\u00e1lfu s\u00e9r. Merking hans var\u00f0 til fyrir kunn\u00e1ttu sjamansins, fyrir s\u00f6nglist og fyrir fastm\u00f3ta\u00f0ar athafnir. \u00c1n \u00feessa samhengis er hann a\u00f0eins m\u00e1lmhlutur.<\/p>\t\t\t\t\t\t\t\t<\/div>\n\t\t\t\t<\/div>\n\t\t\t\t\t<\/div>\n\t\t\t\t<\/div>\n\t\t<div class=\"elementor-element elementor-element-iwgs-toli-s4 e-flex e-con-boxed e-con e-parent\" data-id=\"iwgs-toli-s4\" data-element_type=\"container\" data-e-type=\"container\">\n\t\t\t\t\t<div class=\"e-con-inner\">\n\t\t\t\t<div class=\"elementor-element elementor-element-iwgs-toli-s4h elementor-widget elementor-widget-heading\" data-id=\"iwgs-toli-s4h\" data-element_type=\"widget\" data-e-type=\"widget\" data-widget_type=\"heading.default\">\n\t\t\t\t\t<h2 class=\"elementor-heading-title elementor-size-default\">Helgisi\u00f0abundin notkun og berar<\/h2>\t\t\t\t<\/div>\n\t\t<div class=\"elementor-element elementor-element-iwgs-toli-s4box e-con-full e-flex e-con e-parent\" data-id=\"iwgs-toli-s4box\" data-element_type=\"container\" data-e-type=\"container\">\n\t\t\t\t<div class=\"elementor-element elementor-element-iwgs-toli-s4t elementor-widget elementor-widget-text-editor\" data-id=\"iwgs-toli-s4t\" data-element_type=\"widget\" data-e-type=\"widget\" data-widget_type=\"text-editor.default\">\n\t\t\t\t\t\t\t\t\t<p>\u00deeir sem b\u00e1ru Toli voru sjaman\u00edskir s\u00e9rfr\u00e6\u00f0ingar. Hann nota\u00f0i spegilinn sem hluta af helgib\u00fana\u00f0i s\u00ednum, sem gat, eftir \u00fej\u00f3\u00f0um, einnig innihaldi\u00f0 trommu, s\u00e9rstakan b\u00faning og \u00f6nnur \u00e1h\u00f6ld.<\/p><p>\u00cd helgiath\u00f6fnum gat Toli veri\u00f0 festur \u00e1 b\u00faninginn, haldinn \u00ed hendi e\u00f0a hreyf\u00f0ur. Glans hans og hreyfing voru hluti af atbur\u00f0inum sem tengdi sjamaninn andlegum m\u00e1ttarv\u00f6ldum.<\/p><p>Mikilv\u00e6gt hlutverk Tolisins var vernd sjamansins sj\u00e1lfs. \u00dear sem s\u00e9rfr\u00e6\u00f0ingurinn \u00e1tti \u00ed st\u00f6rfum s\u00ednum vi\u00f0 h\u00e6ttulega krafta, \u00e1tti spegillinn a\u00f0 verja hann fyrir \u00e1r\u00e1sum \u00feeirra.<\/p><p>Auk \u00feess var Toli nota\u00f0ur til verndar og hj\u00e1lpar samf\u00e9laginu. Vi\u00f0 l\u00e6kningaathafnir, vi\u00f0 leit a\u00f0 ors\u00f6kum \u00f3g\u00e6fu og \u00f6nnur erindi tilheyr\u00f0i spegillinn \u00e1h\u00f6ldum sjamansins.<\/p><p>Umgengni vi\u00f0 Toli var bundin hugmyndum um r\u00e9ttan h\u00e1tt notkunar. Eins og me\u00f0 \u00f6nnur helgi\u00e1h\u00f6ld voru til reglur um hver m\u00e1tti snerta spegilinn og hvernig hann skyldi var\u00f0veittur.<\/p><p>Hj\u00e1 sumum \u00fej\u00f3\u00f0um var Toli talinn svo n\u00e1i\u00f0 tengdur bera s\u00ednum a\u00f0 hann gekk ekki einfaldlega \u00e1fram eftir andl\u00e1t hans. Spegillinn gat veri\u00f0 grafinn me\u00f0 hinum l\u00e1tna sjamani e\u00f0a lag\u00f0ur ni\u00f0ur \u00e1 s\u00e9rst\u00f6kum sta\u00f0. Sl\u00edkar hugmyndir undirstrika a\u00f0 Toli var ekki tali\u00f0 hversdagslegt \u00e1hald heldur hluti af pers\u00f3nu.<\/p><p>Me\u00f0 k\u00fagun <span class=\"iwg-fachbegriff\" data-tooltip=\"Tr\u00faarlegt kerfi \u00fear sem s\u00e9rfr\u00e6\u00f0ingar hafa samskipti vi\u00f0 andaheimsinn.\" tabindex=\"0\">sjamanismans<\/span> \u00e1 Sov\u00e9tt\u00edmanum var opinber helgibundinn notkun Tolisins b\u00e6ld ni\u00f0ur. Sumir speglar voru faldir, \u00f6\u00f0rum var lagt hald \u00e1. Hef\u00f0in veiktist \u00e1n \u00feess a\u00f0 slokkna algj\u00f6rlega.<\/p>\t\t\t\t\t\t\t\t<\/div>\n\t\t\t\t<\/div>\n\t\t\t\t\t<\/div>\n\t\t\t\t<\/div>\n\t\t<div class=\"elementor-element elementor-element-iwgs-toli-s5 e-flex e-con-boxed e-con e-parent\" data-id=\"iwgs-toli-s5\" data-element_type=\"container\" data-e-type=\"container\">\n\t\t\t\t\t<div class=\"e-con-inner\">\n\t\t\t\t<div class=\"elementor-element elementor-element-iwgs-toli-s5h elementor-widget elementor-widget-heading\" data-id=\"iwgs-toli-s5h\" data-element_type=\"widget\" data-e-type=\"widget\" data-widget_type=\"heading.default\">\n\t\t\t\t\t<h2 class=\"elementor-heading-title elementor-size-default\">Sv\u00e6\u00f0isbundin afbrig\u00f0i og tengt efni<\/h2>\t\t\t\t<\/div>\n\t\t<div class=\"elementor-element elementor-element-iwgs-toli-s5box e-con-full e-flex e-con e-parent\" data-id=\"iwgs-toli-s5box\" data-element_type=\"container\" data-e-type=\"container\">\n\t\t\t\t<div class=\"elementor-element elementor-element-iwgs-toli-s5t elementor-widget elementor-widget-text-editor\" data-id=\"iwgs-toli-s5t\" data-element_type=\"widget\" data-e-type=\"widget\" data-widget_type=\"text-editor.default\">\n\t\t\t\t\t\t\t\t\t<p>Toli er \u00fatbreiddur \u00e1 v\u00ed\u00f0u sv\u00e6\u00f0i sem n\u00e6r yfir hluta S\u00edber\u00edu og Mong\u00f3l\u00edu. Hj\u00e1 hinum \u00fdmsu \u00fej\u00f3\u00f0um, svo sem B\u00farj\u00f6tum, Ewenkum og Mong\u00f3lum, eru form, nafn og notkun spegilsins mismunandi.<\/p><p>Mikilv\u00e6gur greinarmunur sn\u00fdr a\u00f0 uppruna speglanna. Innfluttir speglar af k\u00ednverskri ger\u00f0 og heimager\u00f0ir speglar g\u00e1tu veri\u00f0 nota\u00f0ir samhli\u00f0a. B\u00e1\u00f0ar tegundir voru teknar upp \u00ed sjaman\u00edska notkun.<\/p><p>Skyld Tolinu er sjamanstromman, sem fjalla\u00f0 er um \u00ed s\u00e9rstakri grein um sama-trommuna. Tromma og spegill voru \u00ed m\u00f6rgum hef\u00f0um Nor\u00f0ur-Evras\u00edu saman hluti af b\u00fana\u00f0i sjamansins.<\/p><p>\u00d6nnur helgi\u00e1h\u00f6ld S\u00edber\u00edu, svo sem hlutbundin b\u00fasta\u00f0ur anda, tilheyra einnig \u00feessu v\u00ed\u00f0ara samhengi. \u00deau s\u00fdna hvernig \u00fdmsar \u00fej\u00f3\u00f0ir nor\u00f0ursl\u00f3\u00f0a \u00fatf\u00e6r\u00f0u tr\u00fa s\u00edna me\u00f0 eigin hlutum.<\/p><p>Fr\u00e6\u00f0ilega er nau\u00f0synlegt a\u00f0 fara varlega \u00ed samanbur\u00f0i. Sjaman\u00edskar hef\u00f0ir Nor\u00f0ur-Evras\u00edu deila grunneinkennum en eru hver sj\u00e1lfst\u00e6\u00f0. Almenn j\u00f6fnun \u00feeirra myndi ekki gera fj\u00f6lbreytileika \u00feeirra r\u00e9ttl\u00e6ti.<\/p><p>Hj\u00e1 hinum \u00fdmsu \u00fej\u00f3\u00f0um var Toli mismiki\u00f0 samofinn b\u00fana\u00f0i sjamansins. Hj\u00e1 sumum h\u00f3pum var hann fastur hluti helgib\u00fanings, hj\u00e1 \u00f6\u00f0rum var hann a\u00f0eins nota\u00f0ur vi\u00f0 \u00e1kve\u00f0in tilefni. \u00deessi munur s\u00fdnir a\u00f0 spegillinn var ekki eitt fast m\u00f3ta\u00f0 \u00e1hald, heldur var honum fl\u00e9tta\u00f0 inn \u00ed hverja sta\u00f0bundna hef\u00f0 \u00e1 sinn h\u00e1tt.<\/p><p>Innan svi\u00f0s <a href=\"https:\/\/iwell-guard.com\/is\/verndartakn\/\">verndart\u00e1kna<\/a> er Toli d\u00e6mi um hlut sem \u00e6tla\u00f0 er a\u00f0 verjast ska\u00f0a me\u00f0 \u00fev\u00ed a\u00f0 endurvarpa honum. Greinin um <a href=\"https:\/\/iwell-guard.com\/is\/?page_id=169134\">verndargrip og talisman<\/a> setur sl\u00edka verndarhluti \u00ed hugtakalegt samhengi.<\/p>\t\t\t\t\t\t\t\t<\/div>\n\t\t\t\t<\/div>\n\t\t\t\t\t<\/div>\n\t\t\t\t<\/div>\n\t\t<div class=\"elementor-element elementor-element-iwgs-toli-s6 e-flex e-con-boxed e-con e-parent\" data-id=\"iwgs-toli-s6\" data-element_type=\"container\" data-e-type=\"container\">\n\t\t\t\t\t<div class=\"e-con-inner\">\n\t\t\t\t<div class=\"elementor-element elementor-element-iwgs-toli-s6h elementor-widget elementor-widget-heading\" data-id=\"iwgs-toli-s6h\" data-element_type=\"widget\" data-e-type=\"widget\" data-widget_type=\"heading.default\">\n\t\t\t\t\t<h2 class=\"elementor-heading-title elementor-size-default\">Merking sem verndargripur<\/h2>\t\t\t\t<\/div>\n\t\t<div class=\"elementor-element elementor-element-iwgs-toli-s6box e-con-full e-flex e-con e-parent\" data-id=\"iwgs-toli-s6box\" data-element_type=\"container\" data-e-type=\"container\">\n\t\t\t\t<div class=\"elementor-element elementor-element-iwgs-toli-s6t elementor-widget elementor-widget-text-editor\" data-id=\"iwgs-toli-s6t\" data-element_type=\"widget\" data-e-type=\"widget\" data-widget_type=\"text-editor.default\">\n\t\t\t\t\t\t\t\t\t<p>Toli var fyrst og fremst talinn verndargripur til varnar. Honum var eigna\u00f0 \u00fea\u00f0 hlutverk a\u00f0 varpa til baka ska\u00f0legum \u00e1hrifum og \u00e1s\u00e6kjandi \u00f6ndum. \u00cd \u00feessu varnarhlutverki liggur s\u00e9rstakt v\u00e6gi hans sem verndargrips.<\/p><p>Hugmyndin um v\u00f6rn tengist beint hinu speglandi yfirbor\u00f0i. Eins og spegill kastar lj\u00f3si til baka, \u00e1tti Toli a\u00f0 varpa hinu ska\u00f0lega til baka. \u00deessi tengsl forms og merkingar eru mikilv\u00e6g til a\u00f0 skilja gripinn.<\/p><p>Vernd hans sneri fyrst og fremst a\u00f0 sjaman sj\u00e1lfum, sem stofna\u00f0i s\u00e9r \u00ed h\u00e6ttu \u00ed starfi s\u00ednu. Auk \u00feess gat Toli einnig \u00fej\u00f3na\u00f0 vernd samf\u00e9lagsins sem <span class=\"iwg-fachbegriff\" data-tooltip=\"Tr\u00faarlegur s\u00e9rfr\u00e6\u00f0ingur sem talinn er mi\u00f0la milli manna og andaheims.\" tabindex=\"0\">sjamaninn<\/span> starfa\u00f0i fyrir.<\/p><p>V\u00edsindalega m\u00e1 l\u00fdsa verndarhlutverkinu sem hluta af \u00fev\u00ed a\u00f0 takast \u00e1 vi\u00f0 \u00f3vissu. \u00cd l\u00edfsheimi sem einkenndist af sj\u00fakd\u00f3mum, \u00f3g\u00e6fu og \u00e1hyggjum af hj\u00f6r\u00f0um, veitti Toli mynd af virkri vernd.<\/p><p data-nosnippet=\"true\">\u00deessi texti fullyr\u00f0ir ekkert um raunveruleg verndar\u00e1hrif. H\u00e9r er a\u00f0eins l\u00fdst hva\u00f0a merkingu shaman\u00edskar hef\u00f0ir eignu\u00f0u Toli. Lofor\u00f0 um l\u00e6kningu e\u00f0a \u00e1hrif eru s\u00e9rstaklega \u00fatiloku\u00f0.<\/p><p>\u00c1 endanum m\u00e1 segja a\u00f0 verndarmerking Toli hafi veri\u00f0 bundin shaman\u00edskum hef\u00f0um S\u00edber\u00edu og Mong\u00f3l\u00edu. Utan \u00feess samhengis er Toli s\u00f6gulegur gripur, ekki sj\u00e1lfvirkur verndargripur.<\/p>\t\t\t\t\t\t\t\t<\/div>\n\t\t\t\t<\/div>\n\t\t\t\t\t<\/div>\n\t\t\t\t<\/div>\n\t\t<div class=\"elementor-element elementor-element-iwgs-toli-s7 e-flex e-con-boxed e-con e-parent\" data-id=\"iwgs-toli-s7\" data-element_type=\"container\" data-e-type=\"container\">\n\t\t\t\t\t<div class=\"e-con-inner\">\n\t\t\t\t<div class=\"elementor-element elementor-element-iwgs-toli-s7h elementor-widget elementor-widget-heading\" data-id=\"iwgs-toli-s7h\" data-element_type=\"widget\" data-e-type=\"widget\" data-widget_type=\"heading.default\">\n\t\t\t\t\t<h2 class=\"elementor-heading-title elementor-size-default\">Ranns\u00f3knarsaga, si\u00f0fer\u00f0ileg \u00e1litam\u00e1l og menningarleg yfirtaka<\/h2>\t\t\t\t<\/div>\n\t\t<div class=\"elementor-element elementor-element-iwgs-toli-s7box e-con-full e-flex e-con e-parent\" data-id=\"iwgs-toli-s7box\" data-element_type=\"container\" data-e-type=\"container\">\n\t\t\t\t<div class=\"elementor-element elementor-element-iwgs-toli-s7t elementor-widget elementor-widget-text-editor\" data-id=\"iwgs-toli-s7t\" data-element_type=\"widget\" data-e-type=\"widget\" data-widget_type=\"text-editor.default\">\n\t\t\t\t\t\t\t\t\t<p>Ranns\u00f3knir \u00e1 Toli eru tengdar <span class=\"iwg-fachbegriff\" data-tooltip=\"Fr\u00e6\u00f0igrein sem rannsakar menningarheima og samf\u00e9l\u00f6g \u00e1 samanbur\u00f0arh\u00e1tt.\" tabindex=\"0\">\u00fej\u00f3\u00f0fr\u00e6\u00f0i<\/span> S\u00edber\u00edu og Mong\u00f3l\u00edu. Fer\u00f0alangar og fr\u00e6\u00f0imenn 19. og 20. aldar skr\u00e1\u00f0u shaman\u00edska notkun spegilsins og s\u00f6fnu\u00f0u fj\u00f6lm\u00f6rgum gripum.<\/p><p>S\u00ed\u00f0ari ranns\u00f3knir k\u00f6nnu\u00f0u uppruna speglanna, \u00fatbrei\u00f0slu \u00feeirra og merkingu. \u00dear kom \u00ed lj\u00f3s a\u00f0 greina \u00fearf \u00e1 milli innfluttra k\u00ednverskra spegla og heimasm\u00ed\u00f0a\u00f0ra gripa.<\/p><p>Alvarlegur kafli \u00ed \u00feessari s\u00f6gu er ofs\u00f3knir \u00e1 <span class=\"iwg-fachbegriff\" data-tooltip=\"Tr\u00faarkerfi \u00fear sem s\u00e9rfr\u00e6\u00f0ingar hafa samskipti vi\u00f0 andaheiminn.\" tabindex=\"0\">shamanisma<\/span> \u00e1 Sov\u00e9tt\u00edmanum. Sjamanar voru k\u00faga\u00f0ir og tr\u00faargripir ger\u00f0ir uppt\u00e6kir. Margir Toli-spegla lentu \u00e1 \u00feessum t\u00edma \u00ed s\u00f6fnum og s\u00e9rs\u00f6fnum.<\/p><p>Fyrir n\u00falifandi \u00fej\u00f3\u00f0ir S\u00edber\u00edu og Mong\u00f3l\u00edu eru \u00feessir helgigripir hluti af k\u00faga\u00f0ri tr\u00faarlegri s\u00f6gu \u00feeirra. Umfj\u00f6llun um safnkost og spurningin um m\u00f6gulega afhendingu gripa til uppruna sinna er \u00ed auknum m\u00e6li r\u00e6dd.<\/p><p>Menningarleg eignarn\u00e1m Toli af h\u00e1lfu n\u00fat\u00edma <span class=\"iwg-fachbegriff\" data-tooltip=\"Samheiti yfir kenningar sem gera kr\u00f6fu um dulda \u00feekkingu sem a\u00f0eins innv\u00edg\u00f0ir hafa a\u00f0gang a\u00f0.\" tabindex=\"0\">es\u00f3terisma<\/span> er s\u00e9rstakt vandam\u00e1l. Eftirger\u00f0ir speglar og n\u00e1mskei\u00f0 sem v\u00edsa til s\u00edber\u00edskra fyrirmynda sl\u00edta gripinn \u00far merkingu sinni og eru gagnr\u00fdnd.<\/p><p>Fagleg framsetning l\u00fdsir Toli \u00fat fr\u00e1 utana\u00f0komandi sj\u00f3narhorni, greinir fr\u00e1 s\u00f6gu ofs\u00f3kna og s\u00f6fnunar, og l\u00e6tur alveg hj\u00e1 li\u00f0a allar lei\u00f0beiningar um eftirger\u00f0 e\u00f0a shaman\u00edska notkun.<\/p>\t\t\t\t\t\t\t\t<\/div>\n\t\t\t\t<\/div>\n\t\t\t\t\t<\/div>\n\t\t\t\t<\/div>\n\t\t<div class=\"elementor-element elementor-element-iwgs-toli-s8 e-flex e-con-boxed e-con e-parent\" data-id=\"iwgs-toli-s8\" data-element_type=\"container\" data-e-type=\"container\">\n\t\t\t\t\t<div class=\"e-con-inner\">\n\t\t\t\t<div class=\"elementor-element elementor-element-iwgs-toli-s8h elementor-widget elementor-widget-heading\" data-id=\"iwgs-toli-s8h\" data-element_type=\"widget\" data-e-type=\"widget\" data-widget_type=\"heading.default\">\n\t\t\t\t\t<h2 class=\"elementor-heading-title elementor-size-default\">M\u00f3tt\u00f6kur \u00ed dag<\/h2>\t\t\t\t<\/div>\n\t\t<div class=\"elementor-element elementor-element-iwgs-toli-s8box e-con-full e-flex e-con e-parent\" data-id=\"iwgs-toli-s8box\" data-element_type=\"container\" data-e-type=\"container\">\n\t\t\t\t<div class=\"elementor-element elementor-element-iwgs-toli-s8t elementor-widget elementor-widget-text-editor\" data-id=\"iwgs-toli-s8t\" data-element_type=\"widget\" data-e-type=\"widget\" data-widget_type=\"text-editor.default\">\n\t\t\t\t\t\t\t\t\t<p>Eftir a\u00f0 ofs\u00f3knum Sov\u00e9tt\u00edmans lauk, upplif\u00f0i <span class=\"iwg-fachbegriff\" data-tooltip=\"Tr\u00faarkerfi \u00fear sem s\u00e9rfr\u00e6\u00f0ingar hafa samskipti vi\u00f0 andaheiminn.\" tabindex=\"0\">shamanismi<\/span> \u00ed hlutum S\u00edber\u00edu og \u00ed Mong\u00f3l\u00edu endurn\u00fdjun. \u00cd \u00fev\u00ed samhengi er Toli einnig nota\u00f0ur opinberlega \u00e1 n\u00fd.<\/p><p>S\u00f6fn \u00ed R\u00fasslandi, Mong\u00f3l\u00edu og \u00f6\u00f0rum l\u00f6ndum var\u00f0veita Toli og a\u00f0ra shaman\u00edska gripi. Sum s\u00f6fn vinna me\u00f0 fulltr\u00faum uppruna\u00fej\u00f3\u00f0a til a\u00f0 setja gripina \u00ed m\u00e1lefnalegt samhengi.<\/p><p>\u00dej\u00f3\u00f0fr\u00e6\u00f0iranns\u00f3knir 19. og upphafs 20. aldar f\u00e6r\u00f0u fj\u00f6lmarga Toli-spegla \u00ed evr\u00f3psk og r\u00fassnesk s\u00f6fn. \u00deessi s\u00f6fn eru n\u00fa endursko\u00f0u\u00f0, og einst\u00f6k s\u00f6fn kanna uppruna gripa sinna \u00ed samvinnu vi\u00f0 fulltr\u00faa s\u00edber\u00edskra \u00fej\u00f3\u00f0a.<\/p><p>Endurn\u00fdjun <span class=\"iwg-fachbegriff\" data-tooltip=\"Tr\u00faarkerfi \u00fear sem s\u00e9rfr\u00e6\u00f0ingar hafa samskipti vi\u00f0 andaheiminn.\" tabindex=\"0\">shamanismans<\/span> er margbreytileg. H\u00fan spannar allt fr\u00e1 endurl\u00edfgun sta\u00f0bundinna hef\u00f0a til n\u00fdrra, borgarlegra forma. Toli birtist \u00ed \u00feessu samhengi me\u00f0 \u00fdmsum h\u00e6tti.<\/p><p>\u00cd al\u00fej\u00f3\u00f0legum <span class=\"iwg-fachbegriff\" data-tooltip=\"Samheiti yfir kenningar sem gera kr\u00f6fu um dulda \u00feekkingu sem a\u00f0eins innv\u00edg\u00f0ir hafa a\u00f0gang a\u00f0.\" tabindex=\"0\">es\u00f3terisma<\/span> eru speglar marka\u00f0ssettir me\u00f0 tilv\u00edsun til s\u00edber\u00edskra e\u00f0a almennt shaman\u00edskra fyrirmynda. V\u00edsindalega er \u00feetta s\u00e9rst\u00f6k m\u00f3tt\u00f6kuform sem greina \u00fearf fr\u00e1 hef\u00f0um S\u00edber\u00edu.<\/p><p>\u00cd list og handverki taka skapandi einstaklingar fr\u00e1 S\u00edber\u00edu og Mong\u00f3l\u00edu Toli upp til a\u00f0 tengjast tr\u00faarlegri s\u00f6gu sinni. Spegillinn ver\u00f0ur \u00feannig t\u00e1kn menningarlegs uppruna.<\/p><p>Fyrir \u00e1hugasama lesendur er m\u00e6lt me\u00f0 vitundarvakandi n\u00e1lgun. A\u00f0 afla s\u00e9r \u00feekkingar um Toli er r\u00e9ttm\u00e6tt, en a\u00f0 endurskapa hina tr\u00faarlegu i\u00f0kun hans er ekki. Fleiri verndargripi m\u00e1 finna \u00ed kaflanum <a href=\"https:\/\/iwell-guard.com\/is\/verndartakn\/\">Verndart\u00e1kn<\/a>.<\/p>\t\t\t\t\t\t\t\t<\/div>\n\t\t\t\t<\/div>\n\t\t\t\t\t<\/div>\n\t\t\t\t<\/div>\n\t\t<div class=\"elementor-element elementor-element-iwgs-toli-lit e-flex e-con-boxed e-con e-parent\" data-id=\"iwgs-toli-lit\" data-element_type=\"container\" data-e-type=\"container\">\n\t\t\t\t\t<div class=\"e-con-inner\">\n\t\t\t\t<div class=\"elementor-element elementor-element-iwgs-toli-lith elementor-widget elementor-widget-heading\" data-id=\"iwgs-toli-lith\" data-element_type=\"widget\" data-e-type=\"widget\" data-widget_type=\"heading.default\">\n\t\t\t\t\t<h2 class=\"elementor-heading-title elementor-size-default\">Heimildir (\u00farval)<\/h2>\t\t\t\t<\/div>\n\t\t<div class=\"elementor-element elementor-element-iwgs-toli-litbox e-con-full e-flex e-con e-parent\" data-id=\"iwgs-toli-litbox\" data-element_type=\"container\" data-e-type=\"container\">\n\t\t\t\t<div class=\"elementor-element elementor-element-iwgs-toli-litt elementor-widget elementor-widget-html\" data-id=\"iwgs-toli-litt\" data-element_type=\"widget\" data-e-type=\"widget\" data-widget_type=\"html.default\">\n\t\t\t\t\t<footer data-nosnippet=\"true\"><ul><li>Mih\u00e1ly Hopp\u00e1l: <em>Shamans and Traditions<\/em> (2007)<\/li><li>Marjorie Mandelstam Balzer: <em>Shamanic Worlds: Rituals and Lore of Siberia and Central Asia<\/em> (1997)<\/li><li>Caroline Humphrey, Urgunge Onon: <em>Shamans and Elders: Experience, Knowledge, and Power among the Daur Mongols<\/em> (1996)<\/li><li>Roberte Hamayon: <em>La chasse \u00e0 l'\u00e2me: esquisse d'une th\u00e9orie du chamanisme sib\u00e9rien<\/em> (1990)<\/li><li>Andrei Znamenski: <em>Shamanism in Siberia: Russian Records of Indigenous Spirituality<\/em> (2003)<\/li><\/ul><\/footer>\t\t\t\t<\/div>\n\t\t\t\t<\/div>\n\t\t\t\t\t<\/div>\n\t\t\t\t<\/div>\n\t\t<div class=\"elementor-element elementor-element-iwgs-toli-kwd e-flex e-con-boxed e-con e-parent\" data-id=\"iwgs-toli-kwd\" data-element_type=\"container\" data-e-type=\"container\">\n\t\t\t\t\t<div class=\"e-con-inner\">\n\t\t\t\t<div class=\"elementor-element elementor-element-iwgs-toli-kwdt elementor-widget elementor-widget-text-editor\" data-id=\"iwgs-toli-kwdt\" data-element_type=\"widget\" data-e-type=\"widget\" data-widget_type=\"text-editor.default\">\n\t\t\t\t\t\t\t\t\t<p><em>Tengd leitaror\u00f0: Toli sjamanaspegill S\u00edber\u00eda Mong\u00f3l\u00eda bronsspegill <span class=\"iwg-fachbegriff\" data-tooltip=\"Tr\u00faarkerfi \u00fear sem s\u00e9rfr\u00e6\u00f0ingar hafa samskipti vi\u00f0 andaheiminn.\" tabindex=\"0\">shamanismi<\/span> B\u00farjatar varnargripur helgigripur andar frumbyggjatr\u00fa Nor\u00f0ur-Evras\u00eda.<\/em><\/p>\t\t\t\t\t\t\t\t<\/div>\n\t\t\t\t\t<\/div>\n\t\t\t\t<\/div>\n\t\t<div class=\"elementor-element elementor-element-iwgs-toli-cc e-flex e-con-boxed e-con e-parent\" data-id=\"iwgs-toli-cc\" data-element_type=\"container\" data-e-type=\"container\" id=\"iwg-cc-toli\">\n\t\t\t\t\t<div class=\"e-con-inner\">\n\t\t<div class=\"elementor-element elementor-element-iwgs-toli-ccinner e-flex e-con-boxed e-con e-parent\" data-id=\"iwgs-toli-ccinner\" data-element_type=\"container\" data-e-type=\"container\" data-settings=\"{&quot;background_background&quot;:&quot;classic&quot;}\">\n\t\t\t\t\t<div class=\"e-con-inner\">\n\t\t\t\t<div class=\"elementor-element elementor-element-iwgs-toli-cch elementor-widget elementor-widget-heading\" data-id=\"iwgs-toli-cch\" data-element_type=\"widget\" data-e-type=\"widget\" data-widget_type=\"heading.default\">\n\t\t\t\t\t<h2 class=\"elementor-heading-title elementor-size-default\">iWell Guard og verndarhef\u00f0ir<\/h2>\t\t\t\t<\/div>\n\t\t\t\t<div class=\"elementor-element elementor-element-iwgs-toli-cct elementor-widget elementor-widget-text-editor\" data-id=\"iwgs-toli-cct\" data-element_type=\"widget\" data-e-type=\"widget\" data-widget_type=\"text-editor.default\">\n\t\t\t\t\t\t\t\t\t<p>iWell Guard fylgir menningars\u00f6gulegri hef\u00f0 fars\u00edma verndargripa, en Toli tilheyrir \u00feeirri hef\u00f0 einnig. N\u00fat\u00edmalegur f\u00f6runautur fyrir f\u00f3lk sem lifir me\u00f0 verndart\u00e1knum: framleiddur \u00ed \u00de\u00fdskalandi, 41 lag af hreinu gulli, plat\u00ednu og silfri, me\u00f0 30 daga skilar\u00e9tti.<\/p>\t\t\t\t\t\t\t\t<\/div>\n\t\t\t\t<div class=\"elementor-element elementor-element-iwgs-toli-ccb iwg-cc-button iwg-cc-cta-2026-05-13 elementor-widget elementor-widget-jet-button\" data-id=\"iwgs-toli-ccb\" data-element_type=\"widget\" data-e-type=\"widget\" data-widget_type=\"jet-button.default\">\n\t\t\t\t<div class=\"elementor-widget-container\">\n\t\t\t\t\t<div class=\"elementor-jet-button jet-elements\"><div class=\"jet-button__container\"><a class=\"jet-button__instance jet-button__instance--icon-left hover-effect-1\" href=\"\/schutzanhaenger-iwell-guard-kaufen\/?utm_source=iwell-guard.com&amp;utm_medium=info-box&amp;utm_campaign=schutzsymbole\"><div class=\"jet-button__plane jet-button__plane-normal\"><\/div><div class=\"jet-button__plane jet-button__plane-hover\"><\/div><div class=\"jet-button__state jet-button__state-normal\"><span class=\"jet-button__label\">Meira um iWell Guard<\/span><\/div><div class=\"jet-button__state jet-button__state-hover\"><span class=\"jet-button__label\">Meira um iWell Guard<\/span><\/div><\/a><\/div><\/div><style>.elementor-element.elementor-element-iwgs-toli-ccb .jet-button__instance{width:320px;height:56px;}.elementor-element.elementor-element-iwgs-toli-ccb .jet-button__state-normal .jet-button__label{text-align:center;margin:0px 0px 0px 0px;color:#1a1b20;font-family:Montserrat,sans-serif;font-size:13px;font-weight:400;letter-spacing:4px;line-height:1.714em;text-transform:uppercase;}.elementor-element.elementor-element-iwgs-toli-ccb .jet-button__state-hover .jet-button__label{text-align:center;margin:0px 0px 0px 0px;color:#FECC76;font-family:Montserrat,sans-serif;font-size:13px;font-weight:400;letter-spacing:4px;line-height:1.714em;text-transform:uppercase;}.elementor-element.elementor-element-iwgs-toli-ccb .jet-button__plane-normal{background-color:#FECC76;border-style:solid;border-color:#C99540;border-width:2px 2px 2px 2px;}.elementor-element.elementor-element-iwgs-toli-ccb .jet-button__plane-hover{background-color:rgba(0,0,0,0.55);border-style:solid;border-color:#FECC76;border-width:2px 2px 2px 2px;}<\/style>\t\t\t\t<\/div>\n\t\t\t\t<\/div>\n\t\t\t\t<div class=\"elementor-element elementor-element-iwgs-toli-ccd elementor-widget elementor-widget-text-editor\" data-id=\"iwgs-toli-ccd\" data-element_type=\"widget\" data-e-type=\"widget\" data-widget_type=\"text-editor.default\">\n\t\t\t\t\t\t\t\t\t<p style=\"text-align:center;font-size:13px;opacity:0.7;margin-top:14px\" data-nosnippet=\"true\">Pers\u00f3nuleg reynsla getur veri\u00f0 mismunandi. Ekki l\u00e6kningat\u00e6ki. Engin lofor\u00f0 um l\u00e6kningu.<\/p>\t\t\t\t\t\t\t\t<\/div>\n\t\t\t\t\t<\/div>\n\t\t\t\t<\/div>\n\t\t\t\t\t<\/div>\n\t\t\t\t<\/div>\n\t\t<div class=\"elementor-element elementor-element-iwgs-toli-disc e-flex e-con-boxed e-con e-parent\" data-id=\"iwgs-toli-disc\" data-element_type=\"container\" data-e-type=\"container\">\n\t\t\t\t\t<div class=\"e-con-inner\">\n\t\t\t\t<div class=\"elementor-element elementor-element-iwgs-toli-discw elementor-widget elementor-widget-html\" data-id=\"iwgs-toli-discw\" data-element_type=\"widget\" data-e-type=\"widget\" data-widget_type=\"html.default\">\n\t\t\t\t\t<footer data-nosnippet=\"true\" class=\"iwg-disclaimer-block\"><p data-nosnippet=\"true\">iWell Guard er <strong>ekki l\u00e6kningat\u00e6ki<\/strong> og kemur ekki \u00ed sta\u00f0 l\u00e6knis- e\u00f0a s\u00e1lfr\u00e6\u00f0ime\u00f0fer\u00f0ar. Innihaldi\u00f0 sem h\u00e9r er sett fram er tr\u00faarbrag\u00f0afr\u00e6\u00f0ileg og menningars\u00f6gulega greining, ekki lofor\u00f0 um andlega virkni.<\/p><\/footer>\t\t\t\t<\/div>\n\t\t\t\t\t<\/div>\n\t\t\t\t<\/div>\n\t\t\t\t<\/div>\n\t\t","protected":false},"excerpt":{"rendered":"","protected":false},"author":3,"featured_media":3565,"parent":0,"menu_order":0,"comment_status":"closed","ping_status":"closed","template":"elementor_header_footer","meta":{"_yoast_wpseo_focuskw":"Toli","_yoast_wpseo_title":"Toli: bronsspegill sjamana \u00ed S\u00edber\u00edu","_yoast_wpseo_metadesc":"Toli, bronsspegill sjamana me\u00f0al \u00fej\u00f3\u00f0a S\u00edber\u00edu: uppruni, form og tr\u00faarleg merking sem verndar- og fr\u00e1hrindandi hlutur, \u00fatsk\u00fdrt \u00e1 hlutl\u00e6gan h\u00e1tt.","_yoast_wpseo_meta-robots-noindex":"","_yoast_wpseo_canonical":"","_angie_page":false,"gefaehrdungsstufe":"","wesen_kultur":"","wesen_klasse":"","footnotes":""},"categories":[],"class_list":["post-169238","page","type-page","status-publish","has-post-thumbnail","hentry"],"yoast_head":"<!-- This site is optimized with the Yoast SEO Premium plugin v27.7 (Yoast SEO v28.3) - https:\/\/yoast.com\/product\/yoast-seo-premium-wordpress\/ -->\n<title>Toli: bronsspegill sjamana \u00ed S\u00edber\u00edu<\/title>\n<meta name=\"description\" content=\"Toli, bronsspegill sjamana me\u00f0al \u00fej\u00f3\u00f0a S\u00edber\u00edu: uppruni, form og tr\u00faarleg merking sem verndar- og fr\u00e1hrindandi hlutur, \u00fatsk\u00fdrt \u00e1 hlutl\u00e6gan h\u00e1tt.\" \/>\n<meta name=\"robots\" content=\"index, follow, max-snippet:-1, max-image-preview:large, max-video-preview:-1\" \/>\n<link rel=\"canonical\" href=\"https:\/\/iwell-guard.com\/is\/toli-bronsspegill-siberiu\/\" \/>\n<meta property=\"og:locale\" content=\"is_IS\" \/>\n<meta property=\"og:type\" content=\"article\" \/>\n<meta property=\"og:title\" content=\"Toli: bronsspegill sjamana \u00ed S\u00edber\u00edu\" \/>\n<meta property=\"og:description\" content=\"Toli, bronsspegill sjamana me\u00f0al \u00fej\u00f3\u00f0a S\u00edber\u00edu: uppruni, form og tr\u00faarleg merking sem verndar- og fr\u00e1hrindandi hlutur, \u00fatsk\u00fdrt \u00e1 hlutl\u00e6gan h\u00e1tt.\" \/>\n<meta property=\"og:url\" content=\"https:\/\/iwell-guard.com\/is\/toli-bronsspegill-siberiu\/\" \/>\n<meta property=\"og:site_name\" content=\"iWell Guard\" \/>\n<meta property=\"article:modified_time\" content=\"2026-09-05T14:35:48+00:00\" \/>\n<meta property=\"og:image\" content=\"https:\/\/iwell-guard.com\/wp-content\/uploads\/2026\/05\/schutzsymbol_sibirien_toli.webp\" \/>\n\t<meta property=\"og:image:width\" content=\"1024\" \/>\n\t<meta property=\"og:image:height\" content=\"1536\" \/>\n\t<meta property=\"og:image:type\" content=\"image\/webp\" \/>\n<meta name=\"twitter:card\" content=\"summary_large_image\" \/>\n<script type=\"application\/ld+json\" class=\"yoast-schema-graph\">{\"@context\":\"https:\\\/\\\/schema.org\",\"@graph\":[{\"@type\":\"WebPage\",\"@id\":\"https:\\\/\\\/iwell-guard.com\\\/is\\\/toli-bronsspegill-siberiu\\\/\",\"url\":\"https:\\\/\\\/iwell-guard.com\\\/is\\\/toli-bronsspegill-siberiu\\\/\",\"name\":\"Toli: bronsspegill sjamana \u00ed S\u00edber\u00edu\",\"isPartOf\":{\"@id\":\"https:\\\/\\\/iwell-guard.com\\\/is\\\/#website\"},\"primaryImageOfPage\":{\"@id\":\"https:\\\/\\\/iwell-guard.com\\\/is\\\/toli-bronsspegill-siberiu\\\/#primaryimage\"},\"image\":{\"@id\":\"https:\\\/\\\/iwell-guard.com\\\/is\\\/toli-bronsspegill-siberiu\\\/#primaryimage\"},\"thumbnailUrl\":\"https:\\\/\\\/iwell-guard.com\\\/wp-content\\\/uploads\\\/2026\\\/05\\\/schutzsymbol_sibirien_toli.webp\",\"datePublished\":\"2026-09-05T14:06:44+00:00\",\"dateModified\":\"2026-09-05T14:35:48+00:00\",\"description\":\"Toli, bronsspegill sjamana me\u00f0al \u00fej\u00f3\u00f0a S\u00edber\u00edu: uppruni, form og tr\u00faarleg merking sem verndar- og fr\u00e1hrindandi hlutur, \u00fatsk\u00fdrt \u00e1 hlutl\u00e6gan h\u00e1tt.\",\"breadcrumb\":{\"@id\":\"https:\\\/\\\/iwell-guard.com\\\/is\\\/toli-bronsspegill-siberiu\\\/#breadcrumb\"},\"inLanguage\":\"is\",\"potentialAction\":[{\"@type\":\"ReadAction\",\"target\":[\"https:\\\/\\\/iwell-guard.com\\\/is\\\/toli-bronsspegill-siberiu\\\/\"]}]},{\"@type\":\"ImageObject\",\"inLanguage\":\"is\",\"@id\":\"https:\\\/\\\/iwell-guard.com\\\/is\\\/toli-bronsspegill-siberiu\\\/#primaryimage\",\"url\":\"https:\\\/\\\/iwell-guard.com\\\/wp-content\\\/uploads\\\/2026\\\/05\\\/schutzsymbol_sibirien_toli.webp\",\"contentUrl\":\"https:\\\/\\\/iwell-guard.com\\\/wp-content\\\/uploads\\\/2026\\\/05\\\/schutzsymbol_sibirien_toli.webp\",\"width\":1024,\"height\":1536,\"caption\":\"Verndart\u00e1kn. Myndskreyting \u00ed safnst\u00edl.\"},{\"@type\":\"BreadcrumbList\",\"@id\":\"https:\\\/\\\/iwell-guard.com\\\/is\\\/toli-bronsspegill-siberiu\\\/#breadcrumb\",\"itemListElement\":[{\"@type\":\"ListItem\",\"position\":1,\"name\":\"Start\",\"item\":\"https:\\\/\\\/iwell-guard.com\\\/is\\\/?page_id=168580\"},{\"@type\":\"ListItem\",\"position\":2,\"name\":\"Toli: bronsspegill sjamana \u00ed S\u00edber\u00edu\"}]},{\"@type\":\"WebSite\",\"@id\":\"https:\\\/\\\/iwell-guard.com\\\/is\\\/#website\",\"url\":\"https:\\\/\\\/iwell-guard.com\\\/is\\\/\",\"name\":\"iWell Guard\",\"description\":\"Schutz vor dunklen Einfl\u00fcssen\",\"publisher\":{\"@id\":\"https:\\\/\\\/iwell-guard.com\\\/is\\\/#organization\"},\"potentialAction\":[{\"@type\":\"SearchAction\",\"target\":{\"@type\":\"EntryPoint\",\"urlTemplate\":\"https:\\\/\\\/iwell-guard.com\\\/is\\\/?s={search_term_string}\"},\"query-input\":{\"@type\":\"PropertyValueSpecification\",\"valueRequired\":true,\"valueName\":\"search_term_string\"}}],\"inLanguage\":\"is\"},{\"@type\":\"Organization\",\"@id\":\"https:\\\/\\\/iwell-guard.com\\\/is\\\/#organization\",\"name\":\"Ittermann electronic GmbH\",\"url\":\"https:\\\/\\\/iwell-guard.com\\\/is\\\/\",\"logo\":{\"@type\":\"ImageObject\",\"inLanguage\":\"is\",\"@id\":\"https:\\\/\\\/iwell-guard.com\\\/is\\\/#\\\/schema\\\/logo\\\/image\\\/\",\"url\":\"https:\\\/\\\/iwell-guard.com\\\/wp-content\\\/uploads\\\/2026\\\/05\\\/Ittermann-Logo-1182x237-1.png\",\"contentUrl\":\"https:\\\/\\\/iwell-guard.com\\\/wp-content\\\/uploads\\\/2026\\\/05\\\/Ittermann-Logo-1182x237-1.png\",\"width\":1182,\"height\":237,\"caption\":\"Ittermann electronic GmbH\"},\"image\":{\"@id\":\"https:\\\/\\\/iwell-guard.com\\\/is\\\/#\\\/schema\\\/logo\\\/image\\\/\"},\"sameAs\":[\"https:\\\/\\\/pantip.com\\\/profile\\\/9367242\",\"https:\\\/\\\/micro.blog\\\/iwellguard\",\"https:\\\/\\\/www.diggerslist.com\\\/iwellguard\\\/about\",\"https:\\\/\\\/skitterphoto.com\\\/photographers\\\/2870314\\\/iwell-guard\",\"https:\\\/\\\/iwellguard.wordpress.com\\\/2026\\\/06\\\/06\\\/iwell-guard\\\/\",\"https:\\\/\\\/hub.docker.com\\\/u\\\/iwellguard\",\"https:\\\/\\\/www.pinterest.com\\\/iwellguard\\\/\",\"https:\\\/\\\/bit.ly\\\/m\\\/iwellguard\",\"https:\\\/\\\/entre-vos-mains.alsace.eu\\\/profiles\\\/iwellguard\\\/activity\",\"https:\\\/\\\/gravatar.com\\\/reallybeded8fd34\",\"https:\\\/\\\/naijamatta.com\\\/iwellguard\",\"https:\\\/\\\/www.goodreads.com\\\/iwellguard\",\"https:\\\/\\\/profile.hatena.ne.jp\\\/iwellguard\\\/\",\"https:\\\/\\\/experiment.com\\\/users\\\/iwellguard\",\"https:\\\/\\\/wakelet.com\\\/@iWellGuard82270\",\"https:\\\/\\\/www.chordie.com\\\/forum\\\/profile.php?id=2555664\",\"https:\\\/\\\/www.instapaper.com\\\/p\\\/17757966\",\"https:\\\/\\\/www.mapleprimes.com\\\/users\\\/iwellguard\",\"https:\\\/\\\/businesslistingplus.com\\\/profile\\\/iwell-guard\\\/\",\"https:\\\/\\\/telegra.ph\\\/iWell-Guard-06-06\",\"https:\\\/\\\/pbase.com\\\/iwellguard\\\/iwellguard\",\"https:\\\/\\\/b.hatena.ne.jp\\\/iwellguard\\\/20260607#bookmark-4788405196491818882\",\"https:\\\/\\\/fliphtml5.com\\\/home\\\/iwellguard\",\"https:\\\/\\\/anyflip.com\\\/homepage\\\/cmiwl#About\",\"https:\\\/\\\/transfur.com\\\/Users\\\/iwellguard\",\"http:\\\/\\\/delphi.larsbo.org\\\/user\\\/iwellguard\",\"https:\\\/\\\/jobs.lajobsportal.org\\\/profiles\\\/8380803-iwell-guard\",\"https:\\\/\\\/md.chaosdorf.de\\\/s\\\/jfbe5SBdJD\",\"https:\\\/\\\/www.lingvolive.com\\\/en-us\\\/profile\\\/9ecaeaca-ce11-4e51-9e71-01d55e2bff36\\\/translations\",\"https:\\\/\\\/www.fitday.com\\\/fitness\\\/forums\\\/members\\\/iwellguard.html\",\"https:\\\/\\\/www.mymeetbook.com\\\/iwellguard\",\"https:\\\/\\\/pxhere.com\\\/en\\\/photographer-me\\\/5040798\",\"https:\\\/\\\/disqus.com\\\/by\\\/iwellguard\\\/about\\\/\",\"https:\\\/\\\/pastelink.net\\\/hjwciqwq\",\"https:\\\/\\\/pubhtml5.com\\\/homepage\\\/scjhn\\\/\",\"https:\\\/\\\/www.bitchute.com\\\/channel\\\/2O2eOKzNqujT\",\"https:\\\/\\\/audiomack.com\\\/iwellguard\"]}]}<\/script>\n<!-- \/ Yoast SEO Premium plugin. -->","yoast_head_json":{"title":"Toli: bronsspegill sjamana \u00ed S\u00edber\u00edu","description":"Toli, bronsspegill sjamana me\u00f0al \u00fej\u00f3\u00f0a S\u00edber\u00edu: uppruni, form og tr\u00faarleg merking sem verndar- og fr\u00e1hrindandi hlutur, \u00fatsk\u00fdrt \u00e1 hlutl\u00e6gan h\u00e1tt.","robots":{"index":"index","follow":"follow","max-snippet":"max-snippet:-1","max-image-preview":"max-image-preview:large","max-video-preview":"max-video-preview:-1"},"canonical":"https:\/\/iwell-guard.com\/is\/toli-bronsspegill-siberiu\/","og_locale":"is_IS","og_type":"article","og_title":"Toli: bronsspegill sjamana \u00ed S\u00edber\u00edu","og_description":"Toli, bronsspegill sjamana me\u00f0al \u00fej\u00f3\u00f0a S\u00edber\u00edu: uppruni, form og tr\u00faarleg merking sem verndar- og fr\u00e1hrindandi hlutur, \u00fatsk\u00fdrt \u00e1 hlutl\u00e6gan h\u00e1tt.","og_url":"https:\/\/iwell-guard.com\/is\/toli-bronsspegill-siberiu\/","og_site_name":"iWell Guard","article_modified_time":"2026-09-05T14:35:48+00:00","og_image":[{"width":1024,"height":1536,"url":"https:\/\/iwell-guard.com\/wp-content\/uploads\/2026\/05\/schutzsymbol_sibirien_toli.webp","type":"image\/webp"}],"twitter_card":"summary_large_image","schema":{"@context":"https:\/\/schema.org","@graph":[{"@type":"WebPage","@id":"https:\/\/iwell-guard.com\/is\/toli-bronsspegill-siberiu\/","url":"https:\/\/iwell-guard.com\/is\/toli-bronsspegill-siberiu\/","name":"Toli: bronsspegill sjamana \u00ed S\u00edber\u00edu","isPartOf":{"@id":"https:\/\/iwell-guard.com\/is\/#website"},"primaryImageOfPage":{"@id":"https:\/\/iwell-guard.com\/is\/toli-bronsspegill-siberiu\/#primaryimage"},"image":{"@id":"https:\/\/iwell-guard.com\/is\/toli-bronsspegill-siberiu\/#primaryimage"},"thumbnailUrl":"https:\/\/iwell-guard.com\/wp-content\/uploads\/2026\/05\/schutzsymbol_sibirien_toli.webp","datePublished":"2026-09-05T14:06:44+00:00","dateModified":"2026-09-05T14:35:48+00:00","description":"Toli, bronsspegill sjamana me\u00f0al \u00fej\u00f3\u00f0a S\u00edber\u00edu: uppruni, form og tr\u00faarleg merking sem verndar- og fr\u00e1hrindandi hlutur, \u00fatsk\u00fdrt \u00e1 hlutl\u00e6gan h\u00e1tt.","breadcrumb":{"@id":"https:\/\/iwell-guard.com\/is\/toli-bronsspegill-siberiu\/#breadcrumb"},"inLanguage":"is","potentialAction":[{"@type":"ReadAction","target":["https:\/\/iwell-guard.com\/is\/toli-bronsspegill-siberiu\/"]}]},{"@type":"ImageObject","inLanguage":"is","@id":"https:\/\/iwell-guard.com\/is\/toli-bronsspegill-siberiu\/#primaryimage","url":"https:\/\/iwell-guard.com\/wp-content\/uploads\/2026\/05\/schutzsymbol_sibirien_toli.webp","contentUrl":"https:\/\/iwell-guard.com\/wp-content\/uploads\/2026\/05\/schutzsymbol_sibirien_toli.webp","width":1024,"height":1536,"caption":"Verndart\u00e1kn. Myndskreyting \u00ed safnst\u00edl."},{"@type":"BreadcrumbList","@id":"https:\/\/iwell-guard.com\/is\/toli-bronsspegill-siberiu\/#breadcrumb","itemListElement":[{"@type":"ListItem","position":1,"name":"Start","item":"https:\/\/iwell-guard.com\/is\/?page_id=168580"},{"@type":"ListItem","position":2,"name":"Toli: bronsspegill sjamana \u00ed S\u00edber\u00edu"}]},{"@type":"WebSite","@id":"https:\/\/iwell-guard.com\/is\/#website","url":"https:\/\/iwell-guard.com\/is\/","name":"iWell Guard","description":"Schutz vor dunklen Einfl\u00fcssen","publisher":{"@id":"https:\/\/iwell-guard.com\/is\/#organization"},"potentialAction":[{"@type":"SearchAction","target":{"@type":"EntryPoint","urlTemplate":"https:\/\/iwell-guard.com\/is\/?s={search_term_string}"},"query-input":{"@type":"PropertyValueSpecification","valueRequired":true,"valueName":"search_term_string"}}],"inLanguage":"is"},{"@type":"Organization","@id":"https:\/\/iwell-guard.com\/is\/#organization","name":"Ittermann electronic GmbH","url":"https:\/\/iwell-guard.com\/is\/","logo":{"@type":"ImageObject","inLanguage":"is","@id":"https:\/\/iwell-guard.com\/is\/#\/schema\/logo\/image\/","url":"https:\/\/iwell-guard.com\/wp-content\/uploads\/2026\/05\/Ittermann-Logo-1182x237-1.png","contentUrl":"https:\/\/iwell-guard.com\/wp-content\/uploads\/2026\/05\/Ittermann-Logo-1182x237-1.png","width":1182,"height":237,"caption":"Ittermann electronic GmbH"},"image":{"@id":"https:\/\/iwell-guard.com\/is\/#\/schema\/logo\/image\/"},"sameAs":["https:\/\/pantip.com\/profile\/9367242","https:\/\/micro.blog\/iwellguard","https:\/\/www.diggerslist.com\/iwellguard\/about","https:\/\/skitterphoto.com\/photographers\/2870314\/iwell-guard","https:\/\/iwellguard.wordpress.com\/2026\/06\/06\/iwell-guard\/","https:\/\/hub.docker.com\/u\/iwellguard","https:\/\/www.pinterest.com\/iwellguard\/","https:\/\/bit.ly\/m\/iwellguard","https:\/\/entre-vos-mains.alsace.eu\/profiles\/iwellguard\/activity","https:\/\/gravatar.com\/reallybeded8fd34","https:\/\/naijamatta.com\/iwellguard","https:\/\/www.goodreads.com\/iwellguard","https:\/\/profile.hatena.ne.jp\/iwellguard\/","https:\/\/experiment.com\/users\/iwellguard","https:\/\/wakelet.com\/@iWellGuard82270","https:\/\/www.chordie.com\/forum\/profile.php?id=2555664","https:\/\/www.instapaper.com\/p\/17757966","https:\/\/www.mapleprimes.com\/users\/iwellguard","https:\/\/businesslistingplus.com\/profile\/iwell-guard\/","https:\/\/telegra.ph\/iWell-Guard-06-06","https:\/\/pbase.com\/iwellguard\/iwellguard","https:\/\/b.hatena.ne.jp\/iwellguard\/20260607#bookmark-4788405196491818882","https:\/\/fliphtml5.com\/home\/iwellguard","https:\/\/anyflip.com\/homepage\/cmiwl#About","https:\/\/transfur.com\/Users\/iwellguard","http:\/\/delphi.larsbo.org\/user\/iwellguard","https:\/\/jobs.lajobsportal.org\/profiles\/8380803-iwell-guard","https:\/\/md.chaosdorf.de\/s\/jfbe5SBdJD","https:\/\/www.lingvolive.com\/en-us\/profile\/9ecaeaca-ce11-4e51-9e71-01d55e2bff36\/translations","https:\/\/www.fitday.com\/fitness\/forums\/members\/iwellguard.html","https:\/\/www.mymeetbook.com\/iwellguard","https:\/\/pxhere.com\/en\/photographer-me\/5040798","https:\/\/disqus.com\/by\/iwellguard\/about\/","https:\/\/pastelink.net\/hjwciqwq","https:\/\/pubhtml5.com\/homepage\/scjhn\/","https:\/\/www.bitchute.com\/channel\/2O2eOKzNqujT","https:\/\/audiomack.com\/iwellguard"]}]}},"_links":{"self":[{"href":"https:\/\/iwell-guard.com\/is\/wp-json\/wp\/v2\/pages\/169238","targetHints":{"allow":["GET"]}}],"collection":[{"href":"https:\/\/iwell-guard.com\/is\/wp-json\/wp\/v2\/pages"}],"about":[{"href":"https:\/\/iwell-guard.com\/is\/wp-json\/wp\/v2\/types\/page"}],"author":[{"embeddable":true,"href":"https:\/\/iwell-guard.com\/is\/wp-json\/wp\/v2\/users\/3"}],"replies":[{"embeddable":true,"href":"https:\/\/iwell-guard.com\/is\/wp-json\/wp\/v2\/comments?post=169238"}],"version-history":[{"count":0,"href":"https:\/\/iwell-guard.com\/is\/wp-json\/wp\/v2\/pages\/169238\/revisions"}],"wp:featuredmedia":[{"embeddable":true,"href":"https:\/\/iwell-guard.com\/is\/wp-json\/wp\/v2\/media\/3565"}],"wp:attachment":[{"href":"https:\/\/iwell-guard.com\/is\/wp-json\/wp\/v2\/media?parent=169238"}],"wp:term":[{"taxonomy":"category","embeddable":true,"href":"https:\/\/iwell-guard.com\/is\/wp-json\/wp\/v2\/categories?post=169238"}],"curies":[{"name":"wp","href":"https:\/\/api.w.org\/{rel}","templated":true}]}}