{"id":169237,"date":"2026-09-05T14:06:44","date_gmt":"2026-09-05T14:06:44","guid":{"rendered":"https:\/\/iwell-guard.com\/?page_id=169237"},"modified":"2026-09-05T14:35:45","modified_gmt":"2026-09-05T14:35:45","slug":"amulettbelti-inuita-vorn-ur-heimskautinu","status":"publish","type":"page","link":"https:\/\/iwell-guard.com\/is\/amulettbelti-inuita-vorn-ur-heimskautinu\/","title":{"rendered":"Amulettbelti in\u00fa\u00edta: V\u00f6rn \u00far heimskautinu"},"content":{"rendered":"\t\t<div data-elementor-type=\"wp-page\" data-elementor-id=\"169237\" class=\"elementor elementor-169237 elementor-3729 elementor-bc-flex-widget\" data-elementor-post-type=\"page\">\n\t\t\t\t<div class=\"elementor-element elementor-element-iwgs-inuitamulett-hero e-flex e-con-boxed e-con e-parent\" data-id=\"iwgs-inuitamulett-hero\" data-element_type=\"container\" data-e-type=\"container\">\n\t\t\t\t\t<div class=\"e-con-inner\">\n\t\t<div class=\"elementor-element elementor-element-iwgs-inuitamulett-hl e-flex e-con-boxed e-con e-parent\" data-id=\"iwgs-inuitamulett-hl\" data-element_type=\"container\" data-e-type=\"container\">\n\t\t\t\t\t<div class=\"e-con-inner\">\n\t\t<div class=\"elementor-element elementor-element-iwgs-inuitamulett-hlbox e-con-full e-flex e-con e-parent\" data-id=\"iwgs-inuitamulett-hlbox\" data-element_type=\"container\" data-e-type=\"container\">\n\t\t\t\t<div class=\"elementor-element elementor-element-iwgs-inuitamulett-h1 elementor-widget elementor-widget-heading\" data-id=\"iwgs-inuitamulett-h1\" data-element_type=\"widget\" data-e-type=\"widget\" data-widget_type=\"heading.default\">\n\t\t\t\t\t<h1 class=\"elementor-heading-title elementor-size-default\">Amulettbelti in\u00fa\u00edta: borin v\u00f6rn me\u00f0 \u00e1festum verndargripum<\/h1>\t\t\t\t<\/div>\n\t\t\t\t<div class=\"elementor-element elementor-element-iwgs-inuitamulett-lead elementor-widget elementor-widget-text-editor\" data-id=\"iwgs-inuitamulett-lead\" data-element_type=\"widget\" data-e-type=\"widget\" data-widget_type=\"text-editor.default\">\n\t\t\t\t\t\t\t\t\t<p>Amulettbelti\u00f0 er kl\u00e6\u00f0na\u00f0ur sem er sta\u00f0festur hj\u00e1 \u00fdmsum h\u00f3pum in\u00fa\u00edta \u00e1 heimskautasv\u00e6\u00f0inu og er me\u00f0 fj\u00f6lda sm\u00e1rra verndargripa festra \u00e1 sig. \u00c1 le\u00f0urbandi e\u00f0a belti voru hlutir \u00far beini, t\u00f6nn, vi\u00f0i, kl\u00e6\u00f0i e\u00f0a d\u00fdrap\u00f6rtum \u00fer\u00e6ddir upp e\u00f0a sauma\u00f0ir \u00e1.<\/p><p>Hver \u00feessara verndargripa var tengdur eigin merkingu og \u00e1tti a\u00f0 veita bera hans a\u00f0sto\u00f0. Fr\u00e1 tr\u00faarbrag\u00f0afr\u00e6\u00f0ilegu sj\u00f3narhorni er amulettbelti\u00f0 gott d\u00e6mi um hvernig m\u00f6rg einst\u00f6k verndarhlutir eru sameina\u00f0ir \u00ed eina borna heild. \u00deessi texti l\u00fdsir uppruna, formi og merkingu \u00feess fr\u00e1 ytra sj\u00f3narhorni og \u00e1n fullyr\u00f0inga um virkni.<\/p>\n<p class=\"iwg-kwfix\">Amulettbelti in\u00fa\u00edta er \u00feaki\u00f0 fj\u00f6lda \u00e1festra verndarmynda.<\/p>\t\t\t\t\t\t\t\t<\/div>\n\t\t\t\t<\/div>\n\t\t\t\t<div class=\"elementor-element elementor-element-iwgs-inuitamulett-pills elementor-widget elementor-widget-html\" data-id=\"iwgs-inuitamulett-pills\" data-element_type=\"widget\" data-e-type=\"widget\" data-widget_type=\"html.default\">\n\t\t\t\t\t<div class=\"iwg-pill-row\"><span class=\"iwg-klasse-badge\" tabindex=\"0\" data-tooltip=\"Verndart\u00e1kn, am\u00falett e\u00f0a ap\u00f3tr\u00f3pa\u00edskt hlutur.\">Verndart\u00e1kn<\/span><a href=\"https:\/\/iwell-guard.com\/is\/inuit-og-nordurslodir-sedna-tornit\/\" class=\"iwg-kultur-badge\" tabindex=\"0\" data-tooltip=\"Verndarhef\u00f0: In\u00fa\u00edtar\">In\u00fa\u00edtar<\/a><span class=\"iwg-tradition-badge\" tabindex=\"0\" data-tooltip=\"Verndargripur borinn \u00e1 l\u00edkamanum.\">Borinn verndargripur<\/span><\/div>\t\t\t\t<\/div>\n\t\t\t\t\t<\/div>\n\t\t\t\t<\/div>\n\t\t<div class=\"elementor-element elementor-element-iwgs-inuitamulett-hr e-con-full e-flex e-con e-parent\" data-id=\"iwgs-inuitamulett-hr\" data-element_type=\"container\" data-e-type=\"container\">\n\t\t\t\t<div class=\"elementor-element elementor-element-iwgs-inuitamulett-himg iwg-hero-image elementor-widget elementor-widget-image\" data-id=\"iwgs-inuitamulett-himg\" data-element_type=\"widget\" data-e-type=\"widget\" data-widget_type=\"image.default\">\n\t\t\t\t\t\t\t\t\t\t\t\t\t\t\t<img fetchpriority=\"high\" decoding=\"async\" width=\"683\" height=\"1024\" src=\"https:\/\/iwell-guard.com\/wp-content\/uploads\/2026\/05\/schutzsymbol_inuit_amulettguertel-683x1024.webp\" class=\"attachment-large size-large wp-image-170489\" alt=\"Verndargripabelti - verndart\u00e1kn, safnfr\u00e6\u00f0ileg myndskreyting\" srcset=\"https:\/\/iwell-guard.com\/wp-content\/uploads\/2026\/05\/schutzsymbol_inuit_amulettguertel-683x1024.webp 683w, https:\/\/iwell-guard.com\/wp-content\/uploads\/2026\/05\/schutzsymbol_inuit_amulettguertel-200x300.webp 200w, https:\/\/iwell-guard.com\/wp-content\/uploads\/2026\/05\/schutzsymbol_inuit_amulettguertel-768x1152.webp 768w, https:\/\/iwell-guard.com\/wp-content\/uploads\/2026\/05\/schutzsymbol_inuit_amulettguertel.webp 1024w\" sizes=\"(max-width: 683px) 100vw, 683px\" \/>\t\t\t\t\t\t\t\t\t\t\t\t\t\t\t<\/div>\n\t\t\t\t<\/div>\n\t\t\t\t\t<\/div>\n\t\t\t\t<\/div>\n\t\t<div class=\"elementor-element elementor-element-iwgs-inuitamulett-s0 e-flex e-con-boxed e-con e-parent\" data-id=\"iwgs-inuitamulett-s0\" data-element_type=\"container\" data-e-type=\"container\">\n\t\t\t\t\t<div class=\"e-con-inner\">\n\t\t\t\t<div class=\"elementor-element elementor-element-iwgs-inuitamulett-s0h elementor-widget elementor-widget-heading\" data-id=\"iwgs-inuitamulett-s0h\" data-element_type=\"widget\" data-e-type=\"widget\" data-widget_type=\"heading.default\">\n\t\t\t\t\t<h2 class=\"elementor-heading-title elementor-size-default\">Yfirlit yfir amulettbelti\u00f0<\/h2>\t\t\t\t<\/div>\n\t\t<div class=\"elementor-element elementor-element-iwgs-inuitamulett-s0box e-con-full e-flex e-con e-parent\" data-id=\"iwgs-inuitamulett-s0box\" data-element_type=\"container\" data-e-type=\"container\">\n\t\t\t\t<div class=\"elementor-element elementor-element-iwgs-inuitamulett-s0t elementor-widget elementor-widget-text-editor\" data-id=\"iwgs-inuitamulett-s0t\" data-element_type=\"widget\" data-e-type=\"widget\" data-widget_type=\"text-editor.default\">\n\t\t\t\t\t\t\t\t\t<p>Amulettbelti\u00f0 er kl\u00e6\u00f0na\u00f0ur e\u00f0a fylgihlutur sem hefur m\u00f6rg, oft fj\u00f6lda sm\u00e1ra verndargripa fest \u00e1 sig. \u00dea\u00f0 var nota\u00f0 hj\u00e1 \u00fdmsum h\u00f3pum in\u00fa\u00edta \u00e1 nor\u00f0ur-amer\u00edska heimskautasv\u00e6\u00f0inu og \u00e1 Gr\u00e6nlandi.<\/p><p>In\u00fa\u00edtar eru frumbyggja\u00fej\u00f3\u00f0ir heimskautasv\u00e6\u00f0isins, en b\u00fasv\u00e6\u00f0i \u00feeirra n\u00e6r fr\u00e1 S\u00edber\u00edu yfir Alaska og nor\u00f0urhluta Kanada til Gr\u00e6nlands. \u00cd eldri ritum m\u00e1 einnig finna heiti\u00f0 eskim\u00f3i yfir \u00fe\u00e1, en \u00fea\u00f0 er n\u00fa oft for\u00f0ast.<\/p><p>Amulettbelti\u00f0 sameinar hugmyndina um stakan verndargrip og hugmyndina um bori\u00f0 sett hluta. \u00cd sta\u00f0 eins verndarhlutar ber vi\u00f0komandi marga hluti saman, hver me\u00f0 eigin merkingu.<\/p><p>Einstakir verndargripirnir eru ger\u00f0ir \u00far \u00fdmsum efnum, oft \u00far d\u00fdrap\u00f6rtum, \u00far beini, t\u00f6nn e\u00f0a vi\u00f0i, \u00far kl\u00e6\u00f0ar\u00e6mum e\u00f0a sm\u00e1hlutum. Hver <span class=\"iwg-fachbegriff\" data-tooltip=\"Borinn hlutur sem talinn er hafa verndandi, \u00f3g\u00e6fuvarnandi virkni.\" tabindex=\"0\">verndargripur<\/span> er tengdur \u00e1kve\u00f0inni merkingu.<\/p><p>Fr\u00e1 tr\u00faarbrag\u00f0afr\u00e6\u00f0ilegu sj\u00f3narhorni tilheyrir amulettbelti\u00f0 v\u00ed\u00f0ara samhengi <a href=\"https:\/\/iwell-guard.com\/is\/verndartakn\/\">verndart\u00e1kna<\/a> og borinna verndargripa. Greinin um <a href=\"https:\/\/iwell-guard.com\/is\/?page_id=169134\">verndargrip og talisman<\/a> \u00fatsk\u00fdrir tengd hugt\u00f6k.<\/p><p>\u00d3l\u00edkt einum st\u00f6kum <span class=\"iwg-fachbegriff\" data-tooltip=\"Borinn hlutur sem talinn er hafa verndandi, \u00f3g\u00e6fuvarnandi virkni.\" tabindex=\"0\">verndargrip<\/span> sem manneskja ber um h\u00e1lsinn, sameinar amulettbelti\u00f0 marga verndargripi \u00e1 einu bandi. \u00deessi s\u00f6fnun er megineinkenni \u00feess og a\u00f0greinir \u00fea\u00f0 fr\u00e1 lausu safni staka hluta.<\/p><p>Mikilv\u00e6gt fyrir hlutl\u00e6gan skilning er a\u00f0 amulettbelti\u00f0 er ekki eitt samr\u00e6mt, fastm\u00f3ta\u00f0 fyrirb\u00e6ri. \u00datlit \u00feess, verndargripir \u00feess og merking \u00feeirra voru mismunandi eftir sv\u00e6\u00f0um og f\u00f3ru eftir vi\u00f0komandi einstaklingi.<\/p>\t\t\t\t\t\t\t\t<\/div>\n\t\t\t\t<\/div>\n\t\t\t\t\t<\/div>\n\t\t\t\t<\/div>\n\t\t<div class=\"elementor-element elementor-element-iwgs-inuitamulett-s1 e-flex e-con-boxed e-con e-parent\" data-id=\"iwgs-inuitamulett-s1\" data-element_type=\"container\" data-e-type=\"container\">\n\t\t\t\t\t<div class=\"e-con-inner\">\n\t\t\t\t<div class=\"elementor-element elementor-element-iwgs-inuitamulett-s1h elementor-widget elementor-widget-heading\" data-id=\"iwgs-inuitamulett-s1h\" data-element_type=\"widget\" data-e-type=\"widget\" data-widget_type=\"heading.default\">\n\t\t\t\t\t<h2 class=\"elementor-heading-title elementor-size-default\">Uppruni og saga<\/h2>\t\t\t\t<\/div>\n\t\t<div class=\"elementor-element elementor-element-iwgs-inuitamulett-s1box e-con-full e-flex e-con e-parent\" data-id=\"iwgs-inuitamulett-s1box\" data-element_type=\"container\" data-e-type=\"container\">\n\t\t\t\t<div class=\"elementor-element elementor-element-iwgs-inuitamulett-s1t elementor-widget elementor-widget-text-editor\" data-id=\"iwgs-inuitamulett-s1t\" data-element_type=\"widget\" data-e-type=\"widget\" data-widget_type=\"text-editor.default\">\n\t\t\t\t\t\t\t\t\t<p>Tr\u00faarbr\u00f6g\u00f0 in\u00fa\u00edta einkenndust fyrir kristnibo\u00f0i\u00f0 af hugmyndinni um lifandi heim \u00fear sem d\u00fdr, n\u00e1tt\u00faru\u00f6fl og andar t\u00f3ku \u00fe\u00e1tt \u00ed l\u00edfi mannanna. Verndargripir voru hluti af \u00feessum l\u00edfsheimi.<\/p><p>Ekki er unnt a\u00f0 t\u00edmasetja n\u00e1kv\u00e6mlega hversu gamall notkun verndargripa og amulettbelta er. Fornleifafundir sm\u00e1rra skorinna hluta og \u00fej\u00f3\u00f0fr\u00e6\u00f0ilegar skr\u00e1setningar fr\u00e1 19. og upphafi 20. aldar s\u00fdna hins vegar langa hef\u00f0.<\/p><p>Mikilv\u00e6gar heimildir eru skr\u00e1r ranns\u00f3knarlei\u00f0angra og \u00fej\u00f3\u00f0fr\u00e6\u00f0inga sem st\u00f6rfu\u00f0u \u00e1 heimskautasv\u00e6\u00f0inu seint \u00e1 19. og \u00e1 20. \u00f6ld. \u00deeir skr\u00e1\u00f0u verndargripi, merkingu \u00feeirra og festingu \u00e1 kl\u00e6\u00f0i og belti.<\/p><p>S\u00e9rstaklega \u00edtarlega var greint fr\u00e1 tr\u00faarbr\u00f6g\u00f0um in\u00fa\u00edta \u00ed Fimmta Thule-lei\u00f0angrinum undir stj\u00f3rn Knud Rasmussen. Skr\u00e1r hans fr\u00e1 1920 eru me\u00f0al mikilv\u00e6gustu heimilda um verndargripi og notkun \u00feeirra.<\/p><p>Auk Knud Rasmussen hafa a\u00f0rir \u00fej\u00f3\u00f0fr\u00e6\u00f0ingar skr\u00e1\u00f0 tr\u00faarbr\u00f6g\u00f0 in\u00fa\u00edta, me\u00f0al annars fr\u00e6\u00f0imenn sem st\u00f6rfu\u00f0u me\u00f0al Iglulik og Netsilik. Skr\u00e1r \u00feeirra s\u00fdna a\u00f0 notkun verndargripa var mj\u00f6g mismunandi eftir sv\u00e6\u00f0um. Einsleit l\u00fdsing \u00e1 amulettbeltinu myndi ekki gera \u00feessum margbreytileika r\u00e9ttl\u00e6ti.<\/p><p>Me\u00f0 kristnibo\u00f0inu og dj\u00fapst\u00e6\u00f0um breytingum 20. aldar dr\u00f3 \u00far opinni notkun verndargripa. Mikil \u00feekking \u00e1 merkingu \u00feeirra var\u00f0veittist a\u00f0eins a\u00f0 hluta.<\/p><p>\u00cd dag eru m\u00f6rg amulettbelti og einstakir verndargripir var\u00f0veittir \u00e1 s\u00f6fnum \u00ed Nor\u00f0ur-Amer\u00edku og Evr\u00f3pu. \u00deeir eru vitnisbur\u00f0ur um tr\u00faarbr\u00f6g\u00f0 sem opin i\u00f0kun \u00feeirra var rofin vegna kristnibo\u00f0s.<\/p>\t\t\t\t\t\t\t\t<\/div>\n\t\t\t\t<\/div>\n\t\t\t\t\t<\/div>\n\t\t\t\t<\/div>\n\t\t<div class=\"elementor-element elementor-element-iwgs-inuitamulett-s2 e-flex e-con-boxed e-con e-parent\" data-id=\"iwgs-inuitamulett-s2\" data-element_type=\"container\" data-e-type=\"container\">\n\t\t\t\t\t<div class=\"e-con-inner\">\n\t\t\t\t<div class=\"elementor-element elementor-element-iwgs-inuitamulett-s2h elementor-widget elementor-widget-heading\" data-id=\"iwgs-inuitamulett-s2h\" data-element_type=\"widget\" data-e-type=\"widget\" data-widget_type=\"heading.default\">\n\t\t\t\t\t<h2 class=\"elementor-heading-title elementor-size-default\">Form, efni og ger\u00f0<\/h2>\t\t\t\t<\/div>\n\t\t<div class=\"elementor-element elementor-element-iwgs-inuitamulett-s2box e-con-full e-flex e-con e-parent\" data-id=\"iwgs-inuitamulett-s2box\" data-element_type=\"container\" data-e-type=\"container\">\n\t\t\t\t<div class=\"elementor-element elementor-element-iwgs-inuitamulett-s2t elementor-widget elementor-widget-text-editor\" data-id=\"iwgs-inuitamulett-s2t\" data-element_type=\"widget\" data-e-type=\"widget\" data-widget_type=\"text-editor.default\">\n\t\t\t\t\t\t\t\t\t<p>Am\u00falettabelti\u00f0 samanstendur \u00ed grunninn af \u00f3larbandi, oft \u00far le\u00f0ri, \u00fear sem am\u00falettur eru festar. Auk \u00feess m\u00e1tti sauma am\u00falettur beint \u00ed fatna\u00f0inn, til d\u00e6mis innan \u00e1 kl\u00e6\u00f0na\u00f0.<\/p><p>Einstakar am\u00falettur eru sm\u00e1ar og ger\u00f0ar \u00far \u00fdmsum efnum. Nefnd eru d\u00fdrahlutar, svo sem tennur, kl\u00e6r, goggar e\u00f0a sm\u00e1bein, auk \u00fatskorinna f\u00edg\u00fara \u00far beini e\u00f0a vi\u00f0i og sm\u00e1hluta \u00far daglegu l\u00edfi.<\/p><p>Efnisleifar, perlur og hlutir sem b\u00e1rust til eftir a\u00f0 samband komst \u00e1 vi\u00f0 Evr\u00f3pumenn g\u00e1tu einnig \u00fej\u00f3na\u00f0 sem am\u00falettur. Vali\u00f0 var opi\u00f0 og f\u00f3r eftir \u00feeirri \u00fe\u00fd\u00f0ingu sem hverjum hlut var eignu\u00f0.<\/p><p>Me\u00f0 auknum samskiptum vi\u00f0 hvalvei\u00f0imenn og kaupmenn b\u00e1rust n\u00fdir hlutir inn \u00ed am\u00falettunotkunina. T\u00f6lur, myntir og m\u00e1lmstykki finnast \u00e1 beltum fr\u00e1 19. og upphafi 20. aldar. Sl\u00edkir fundir s\u00fdna a\u00f0 hef\u00f0in var ekki st\u00f6\u00f0nu\u00f0 heldur gat teki\u00f0 upp n\u00fd efni.<\/p><p>Fj\u00f6ldi am\u00falettna \u00e1 belti gat veri\u00f0 verulegur. Sum var\u00f0veitt belti bera marga tugi hluta. Hver \u00feeirra v\u00edsar til eigin merkingar e\u00f0a til \u00e1kve\u00f0innar pers\u00f3nu.<\/p><p>Val \u00e1 am\u00falettu var ekki tilviljunarkennt. Oft var \u00fea\u00f0 \u00e1kve\u00f0i\u00f0 af tr\u00faarlegum s\u00e9rfr\u00e6\u00f0ingi, \u00ed fr\u00e6\u00f0unum oft kalla\u00f0ur <span class=\"iwg-fachbegriff\" data-tooltip=\"Tr\u00faarlegur s\u00e9rfr\u00e6\u00f0ingur sem eignu\u00f0 er mi\u00f0lun milli manna og andaheims.\" tabindex=\"0\">sjaman<\/span>, e\u00f0a raki\u00f0 til atbur\u00f0ar sem talinn var \u00fe\u00fd\u00f0ingarmikill.<\/p><p>\u00deessi texti veitir ekki lei\u00f0beiningar um ger\u00f0 am\u00falettubeltis. Merking am\u00falettnanna var bundin tr\u00fa In\u00fa\u00edta. Eftirger\u00f0 \u00e1n \u00feessa samhengis yr\u00f0i a\u00f0eins yfirtaka \u00e1 ytra formi.<\/p>\t\t\t\t\t\t\t\t<\/div>\n\t\t\t\t<\/div>\n\t\t\t\t\t<\/div>\n\t\t\t\t<\/div>\n\t\t<div class=\"elementor-element elementor-element-iwgs-inuitamulett-s3 e-flex e-con-boxed e-con e-parent\" data-id=\"iwgs-inuitamulett-s3\" data-element_type=\"container\" data-e-type=\"container\">\n\t\t\t\t\t<div class=\"e-con-inner\">\n\t\t\t\t<div class=\"elementor-element elementor-element-iwgs-inuitamulett-s3h elementor-widget elementor-widget-heading\" data-id=\"iwgs-inuitamulett-s3h\" data-element_type=\"widget\" data-e-type=\"widget\" data-widget_type=\"heading.default\">\n\t\t\t\t\t<h2 class=\"elementor-heading-title elementor-size-default\">Tr\u00faarlegur og go\u00f0s\u00f6gulegur bakgrunnur<\/h2>\t\t\t\t<\/div>\n\t\t<div class=\"elementor-element elementor-element-iwgs-inuitamulett-s3box e-con-full e-flex e-con e-parent\" data-id=\"iwgs-inuitamulett-s3box\" data-element_type=\"container\" data-e-type=\"container\">\n\t\t\t\t<div class=\"elementor-element elementor-element-iwgs-inuitamulett-s3t elementor-widget elementor-widget-text-editor\" data-id=\"iwgs-inuitamulett-s3t\" data-element_type=\"widget\" data-e-type=\"widget\" data-widget_type=\"text-editor.default\">\n\t\t\t\t\t\t\t\t\t<p>Tr\u00fa in\u00fa\u00edta \u00feekkti fj\u00f6lda anda og m\u00e1ttugra vera sem tengdust d\u00fdrum, ve\u00f0rinu og hafinu. \u00deekkt vera er h\u00fasfreyja sj\u00e1vard\u00fdranna, sem vei\u00f0ig\u00e6fa manna var talin h\u00e1\u00f0.<\/p><p>\u00cd \u00feessum heimi \u00fej\u00f3na\u00f0i <span class=\"iwg-fachbegriff\" data-tooltip=\"Hlutur sem borinn er \u00e1 s\u00e9r og talinn hafa verndandi, \u00f3l\u00e1ni afst\u00fdrandi m\u00e1tt.\" tabindex=\"0\">verndargripurinn<\/span> \u00feeim tilgangi a\u00f0 koma \u00e1 skipul\u00f6g\u00f0u sambandi vi\u00f0 hinar andlegu m\u00e1ttarv\u00f6ld. Verndargripur gat tengst tilteknu d\u00fdri, h\u00e6fileika e\u00f0a <span class=\"iwg-fachbegriff\" data-tooltip=\"L\u00edkamslaus vera sem talin er hafa \u00e1hrif \u00ed heiminum.\" tabindex=\"0\">anda<\/span>, sem hann \u00e1tti a\u00f0 mi\u00f0la stu\u00f0ningi fr\u00e1.<\/p><p>Margir verndargripir voru tengdir d\u00fdrum. Hluti af d\u00fdri e\u00f0a \u00fatskorin mynd \u00feess \u00e1tti a\u00f0 veita \u00feeim sem bar hann eiginleika \u00feess d\u00fdrs, svo sem \u00feolg\u00e6\u00f0i, styrk e\u00f0a skynf\u00e6ri sem einkenndu d\u00fdri\u00f0.<\/p><p>A\u00f0rir verndargripir tengdust hugmyndum um manneskjuna sj\u00e1lfa, til d\u00e6mis um l\u00edfskraft hennar e\u00f0a anda sem fylgdu henni. Verndargripabelti\u00f0 var \u00feannig einnig tj\u00e1ning \u00e1 s\u00e9rstakri l\u00edfss\u00f6gu \u00feess sem bar \u00fea\u00f0.<\/p><p>Sumir verndargripir voru gefnir barni \u00feegar vi\u00f0 f\u00e6\u00f0ingu og \u00e1ttu a\u00f0 fylgja \u00fev\u00ed alla \u00e6vi. \u00cd skr\u00e1ningum \u00fej\u00f3\u00f0fr\u00e6\u00f0inga m\u00e1 finna fr\u00e1sagnir af verndargripum sem tengdust nafni l\u00e1tinnar manneskju og \u00feeim <span class=\"iwg-fachbegriff\" data-tooltip=\"L\u00edkamslaus vera sem talin er hafa \u00e1hrif \u00ed heiminum.\" tabindex=\"0\">anda<\/span> sem tengdist henni.<\/p><p>Verndargripabelti\u00f0 endurspegla\u00f0i \u00feannig einnig \u00fe\u00e1 hugmynd a\u00f0 manneskja s\u00e9 hluti af neti tengsla vi\u00f0 forfe\u00f0ur og anda.<\/p><p>Fr\u00e1 fr\u00e6\u00f0ilegu sj\u00f3narmi\u00f0i m\u00e1 skilja verndargripabelti\u00f0 sem samsafna\u00f0a tj\u00e1ningu \u00e1 sambandi manns og lifandi heims. Hver <span class=\"iwg-fachbegriff\" data-tooltip=\"Hlutur sem borinn er \u00e1 s\u00e9r og talinn hafa verndandi, \u00f3l\u00e1ni afst\u00fdrandi m\u00e1tt.\" tabindex=\"0\">verndargripur<\/span> stendur fyrir sl\u00edkt samband, allt belti\u00f0 fyrir samt\u00f6lu \u00feeirra.<\/p><p>Mikilv\u00e6gt er a\u00f0 verndargripirnir verku\u00f0u ekki af sj\u00e1lfum s\u00e9r. Merking \u00feeirra r\u00e6\u00f0st af hugmyndunum, reglunum og fr\u00e1s\u00f6gnunum sem tengdust \u00feeim. \u00c1n \u00feessa samhengis eru \u00feeir a\u00f0eins skrautmunir.<\/p>\t\t\t\t\t\t\t\t<\/div>\n\t\t\t\t<\/div>\n\t\t\t\t\t<\/div>\n\t\t\t\t<\/div>\n\t\t<div class=\"elementor-element elementor-element-iwgs-inuitamulett-s4 e-flex e-con-boxed e-con e-parent\" data-id=\"iwgs-inuitamulett-s4\" data-element_type=\"container\" data-e-type=\"container\">\n\t\t\t\t\t<div class=\"e-con-inner\">\n\t\t\t\t<div class=\"elementor-element elementor-element-iwgs-inuitamulett-s4h elementor-widget elementor-widget-heading\" data-id=\"iwgs-inuitamulett-s4h\" data-element_type=\"widget\" data-e-type=\"widget\" data-widget_type=\"heading.default\">\n\t\t\t\t\t<h2 class=\"elementor-heading-title elementor-size-default\">Helgisi\u00f0abundin notkun og berar<\/h2>\t\t\t\t<\/div>\n\t\t<div class=\"elementor-element elementor-element-iwgs-inuitamulett-s4box e-con-full e-flex e-con e-parent\" data-id=\"iwgs-inuitamulett-s4box\" data-element_type=\"container\" data-e-type=\"container\">\n\t\t\t\t<div class=\"elementor-element elementor-element-iwgs-inuitamulett-s4t elementor-widget elementor-widget-text-editor\" data-id=\"iwgs-inuitamulett-s4t\" data-element_type=\"widget\" data-e-type=\"widget\" data-widget_type=\"text-editor.default\">\n\t\t\t\t\t\t\t\t\t<p>Am\u00falettubelti\u00f0 var bori\u00f0 \u00e1 l\u00edkamanum og fylgdi bera \u00feess \u00ed daglegu l\u00edfi. \u00d3l\u00edkt tr\u00faarlegu \u00e1haldi sem nota\u00f0 er a\u00f0eins vi\u00f0 \u00e1kve\u00f0in tilefni, var belti\u00f0 varanlega borin vernd.<\/p><p>Am\u00falettur voru oft bundnar vi\u00f0 tiltekna manneskju og \u00e6viskei\u00f0 hennar. Sumar am\u00falettur voru gefnar b\u00f6rnum, a\u00f0rar fylgdu fullor\u00f0num \u00e1 vei\u00f0um, \u00ed fer\u00f0al\u00f6gum e\u00f0a \u00e1 sj\u00fakd\u00f3mst\u00edmum.<\/p><p>Me\u00f0 am\u00falettunum voru oft tengdar heg\u00f0unarreglur. \u00dea\u00f0 gat veri\u00f0 fyrirskrifa\u00f0 a\u00f0 for\u00f0ast \u00e1kve\u00f0na f\u00e6\u00f0u e\u00f0a l\u00e1ta \u00e1kve\u00f0nar athafnir vera, svo a\u00f0 merking am\u00falettunnar h\u00e9ldist \u00f3skert.<\/p><p>Val og afhending am\u00falettu g\u00e1tu veri\u00f0 \u00ed h\u00f6ndum tr\u00faarlegs s\u00e9rfr\u00e6\u00f0ings. Hann \u00e1kvar\u00f0a\u00f0i hva\u00f0a <span class=\"iwg-fachbegriff\" data-tooltip=\"Borinn hlutur sem talinn er hafa verndandi, \u00f3g\u00e6fuafst\u00fdrandi verkun.\" tabindex=\"0\">am\u00faletta<\/span> var eignu\u00f0 tiltekinni pers\u00f3nu og hva\u00f0a reglur gilltu um hana.<\/p><p>Bera am\u00falettna og am\u00falettubelta voru karlar, konur og b\u00f6rn. Hva\u00f0a am\u00falettur tilheyr\u00f0u einstaklingi f\u00f3r eftir kyni hans, aldri, verkefnum og l\u00edfss\u00f6gu.<\/p><p>\u00cd \u00fej\u00f3\u00f0fr\u00e6\u00f0ilegum sk\u00fdrslum finnast v\u00edsbendingar um a\u00f0 einstakar am\u00falettur v\u00e6ru bundnar tilteknum \u00e6viskei\u00f0um. <span class=\"iwg-fachbegriff\" data-tooltip=\"Borinn hlutur sem talinn er hafa verndandi, \u00f3g\u00e6fuafst\u00fdrandi verkun.\" tabindex=\"0\">Am\u00faletta<\/span> gat veri\u00f0 l\u00f6g\u00f0 af e\u00f0a skipt \u00fat \u00feegar vi\u00f0komandi var\u00f0 fullvaxinn e\u00f0a t\u00f3k vi\u00f0 n\u00fdjum verkefnum. Am\u00falettubelti\u00f0 var \u00feannig ekkert st\u00f6\u00f0ugt hlutbundi\u00f0 fyrirb\u00e6ri, heldur breyttist \u00fea\u00f0 \u00e1 l\u00edfslei\u00f0inni.<\/p><p>Me\u00f0 kristinni tr\u00fabo\u00f0i var opinber notkun am\u00falettna b\u00e6ld ni\u00f0ur. Sumar am\u00falettur voru lag\u00f0ar af, a\u00f0rar voru nota\u00f0ar \u00e1fram \u00ed kyrr\u00feey. Hef\u00f0in veiktist \u00fear me\u00f0, \u00e1n \u00feess a\u00f0 hverfa alveg.<\/p>\t\t\t\t\t\t\t\t<\/div>\n\t\t\t\t<\/div>\n\t\t\t\t\t<\/div>\n\t\t\t\t<\/div>\n\t\t<div class=\"elementor-element elementor-element-iwgs-inuitamulett-s5 e-flex e-con-boxed e-con e-parent\" data-id=\"iwgs-inuitamulett-s5\" data-element_type=\"container\" data-e-type=\"container\">\n\t\t\t\t\t<div class=\"e-con-inner\">\n\t\t\t\t<div class=\"elementor-element elementor-element-iwgs-inuitamulett-s5h elementor-widget elementor-widget-heading\" data-id=\"iwgs-inuitamulett-s5h\" data-element_type=\"widget\" data-e-type=\"widget\" data-widget_type=\"heading.default\">\n\t\t\t\t\t<h2 class=\"elementor-heading-title elementor-size-default\">Sv\u00e6\u00f0isbundin afbrig\u00f0i og tengt efni<\/h2>\t\t\t\t<\/div>\n\t\t<div class=\"elementor-element elementor-element-iwgs-inuitamulett-s5box e-con-full e-flex e-con e-parent\" data-id=\"iwgs-inuitamulett-s5box\" data-element_type=\"container\" data-e-type=\"container\">\n\t\t\t\t<div class=\"elementor-element elementor-element-iwgs-inuitamulett-s5t elementor-widget elementor-widget-text-editor\" data-id=\"iwgs-inuitamulett-s5t\" data-element_type=\"widget\" data-e-type=\"widget\" data-widget_type=\"text-editor.default\">\n\t\t\t\t\t\t\t\t\t<p>Notkun verndargripa var mj\u00f6g \u00fatbreidd um heimskautasv\u00e6\u00f0in en n\u00e1kv\u00e6mt form \u00feeirra var breytilegt milli h\u00f3pa. Me\u00f0al sumra h\u00f3pa In\u00fa\u00edta hafa var\u00f0veist einkennandi verndargripabelti, me\u00f0an a\u00f0rir h\u00f3par b\u00e1ru verndargripi frekar staka \u00e1 f\u00f6tum s\u00ednum.<\/p><p>Efnin sem notu\u00f0 voru voru mismunandi eftir sv\u00e6\u00f0um. \u00dear sem \u00e1kve\u00f0in d\u00fdr voru til sta\u00f0ar ur\u00f0u hlutar \u00feeirra a\u00f0 verndargripum. A\u00f0flutta hluti var einnig tekin upp \u00ed notkun verndargripa, allt eftir sv\u00e6\u00f0i og t\u00edma.<\/p><p>Skyld verndargripabeltinu eru einstakir verndargripir bornir \u00e1 l\u00edkamanum \u00far m\u00f6rgum menningarheimum. Greinin um <a href=\"https:\/\/iwell-guard.com\/is\/?page_id=169134\">verndargrip og talisman<\/a> \u00fatsk\u00fdrir hvernig sl\u00edka hluti m\u00e1 skilja hugtakslega.<\/p><p>Me\u00f0al annarra \u00fej\u00f3\u00f0a heimskautasv\u00e6\u00f0anna og nor\u00f0ursl\u00f3\u00f0a, me\u00f0al annars Yupik-f\u00f3lks \u00ed Alaska og S\u00edber\u00edu, eru verndargripir og tengsl \u00feeirra vi\u00f0 kl\u00e6\u00f0na\u00f0 einnig \u00feekkt. \u00deeir eru hluti af v\u00ed\u00f0t\u00e6ku heimskautasamhengi.<\/p><p>Efnin \u00ed verndargripunum gefa jafnframt v\u00edsbendingu um l\u00edfsheim hvers h\u00f3ps. \u00dear sem \u00edsbj\u00f6rninn, rostungurinn e\u00f0a \u00e1kve\u00f0nir fuglar l\u00e9ku st\u00f3rt hlutverk \u00ed vei\u00f0um, koma hlutar \u00feeirra oftar fyrir \u00e1 beltunum. Verndargripabelti\u00f0 er \u00feannig einnig vitnisbur\u00f0ur um hva\u00f0a d\u00fdr og hva\u00f0a verkefni m\u00f3tu\u00f0u l\u00edf samf\u00e9lagsins.<\/p><p>V\u00edsindalega m\u00e1 bera verndargripabelti\u00f0 saman vi\u00f0 \u00f6nnur samsafna\u00f0ra verndarhluta, til d\u00e6mis l\u00e6kningapoka sl\u00e9ttu\u00fej\u00f3\u00f0anna sem fjalla\u00f0 er um \u00ed eigin grein. B\u00e6\u00f0i safna saman m\u00f6rgum einst\u00f6kum merkingum.<\/p><p>Innan sv\u00e6\u00f0is <a href=\"https:\/\/iwell-guard.com\/is\/verndartakn\/\">verndart\u00e1kna<\/a> er verndargripabelti\u00f0 d\u00e6mi um hvernig einstakir verndargripir eru tengdir saman \u00ed borna heild. \u00dea\u00f0 s\u00fdnir meginregluna um s\u00f6fnun verndarhluta.<\/p>\t\t\t\t\t\t\t\t<\/div>\n\t\t\t\t<\/div>\n\t\t\t\t\t<\/div>\n\t\t\t\t<\/div>\n\t\t<div class=\"elementor-element elementor-element-iwgs-inuitamulett-s6 e-flex e-con-boxed e-con e-parent\" data-id=\"iwgs-inuitamulett-s6\" data-element_type=\"container\" data-e-type=\"container\">\n\t\t\t\t\t<div class=\"e-con-inner\">\n\t\t\t\t<div class=\"elementor-element elementor-element-iwgs-inuitamulett-s6h elementor-widget elementor-widget-heading\" data-id=\"iwgs-inuitamulett-s6h\" data-element_type=\"widget\" data-e-type=\"widget\" data-widget_type=\"heading.default\">\n\t\t\t\t\t<h2 class=\"elementor-heading-title elementor-size-default\">Merking sem verndargripur<\/h2>\t\t\t\t<\/div>\n\t\t<div class=\"elementor-element elementor-element-iwgs-inuitamulett-s6box e-con-full e-flex e-con e-parent\" data-id=\"iwgs-inuitamulett-s6box\" data-element_type=\"container\" data-e-type=\"container\">\n\t\t\t\t<div class=\"elementor-element elementor-element-iwgs-inuitamulett-s6t elementor-widget elementor-widget-text-editor\" data-id=\"iwgs-inuitamulett-s6t\" data-element_type=\"widget\" data-e-type=\"widget\" data-widget_type=\"text-editor.default\">\n\t\t\t\t\t\t\t\t\t<p>Verndargripabelti\u00f0 var tali\u00f0 vernda \u00fear sem \u00fea\u00f0 sameina\u00f0i marga einstaka verndargripi og \u00fear me\u00f0 m\u00f6rg tengsl vi\u00f0 andaverur. Verndin snerist um l\u00edf, heilsu og velgengni bera hlutverka.<\/p><p>Verndin var ekki skilin sem v\u00e9lr\u00e6n \u00e1hrif hlutanna, heldur sem aflei\u00f0ing hinna skipul\u00f6g\u00f0u tengsla sem verndargripirnir st\u00f3\u00f0u fyrir. Belti\u00f0 h\u00e9lt \u00feessum tengslum vi\u00f0st\u00f6ddum \u00e1 l\u00edkamanum.<\/p><p>Mismunandi verndargripir v\u00f6r\u00f0u mismunandi svi\u00f0. Einn g\u00e6ti tengst vei\u00f0um, annar heilsu, \u00feri\u00f0ji fer\u00f0al\u00f6gum. Allt belti\u00f0 n\u00e1\u00f0i \u00feannig yfir v\u00edtt svi\u00f0 \u00e1hyggjuefna.<\/p><p>V\u00edsindalega m\u00e1 l\u00fdsa verndarhlutverkinu sem hluta af \u00fev\u00ed a\u00f0 takast \u00e1 vi\u00f0 \u00f3vissu. \u00cd har\u00f0neskjulegum l\u00edfsheimi heimskautasv\u00e6\u00f0anna, m\u00f3tu\u00f0um af kulda, vei\u00f0um og sj\u00fakd\u00f3mum, veitti verndargripabelti\u00f0 tilfinningu um a\u00f0 vera ekki \u00e1n hj\u00e1lpar.<\/p><p data-nosnippet=\"true\">\u00deessi texti fullyr\u00f0ir ekkert um raunveruleg verndar\u00e1hrif. A\u00f0eins er l\u00fdst hva\u00f0a merkingu In\u00fa\u00edtar l\u00f6g\u00f0u \u00ed verndargripabelti\u00f0. Lofor\u00f0 um l\u00e6kningu og fullyr\u00f0ingar um \u00e1hrif eru s\u00e9rstaklega \u00fatiloka\u00f0ar.<\/p><p>\u00dea\u00f0 er vert a\u00f0 hafa \u00ed huga a\u00f0 verndarmerking beltisins var bundin tr\u00faarbr\u00f6g\u00f0um In\u00fa\u00edta. Utan \u00feessa samhengis eru beltin s\u00f6guleg vitni, ekki sj\u00e1lfvirkir verndarhlutir.<\/p>\t\t\t\t\t\t\t\t<\/div>\n\t\t\t\t<\/div>\n\t\t\t\t\t<\/div>\n\t\t\t\t<\/div>\n\t\t<div class=\"elementor-element elementor-element-iwgs-inuitamulett-s7 e-flex e-con-boxed e-con e-parent\" data-id=\"iwgs-inuitamulett-s7\" data-element_type=\"container\" data-e-type=\"container\">\n\t\t\t\t\t<div class=\"e-con-inner\">\n\t\t\t\t<div class=\"elementor-element elementor-element-iwgs-inuitamulett-s7h elementor-widget elementor-widget-heading\" data-id=\"iwgs-inuitamulett-s7h\" data-element_type=\"widget\" data-e-type=\"widget\" data-widget_type=\"heading.default\">\n\t\t\t\t\t<h2 class=\"elementor-heading-title elementor-size-default\">Ranns\u00f3knarsaga, si\u00f0fer\u00f0ileg \u00e1litam\u00e1l og menningarleg yfirtaka<\/h2>\t\t\t\t<\/div>\n\t\t<div class=\"elementor-element elementor-element-iwgs-inuitamulett-s7box e-con-full e-flex e-con e-parent\" data-id=\"iwgs-inuitamulett-s7box\" data-element_type=\"container\" data-e-type=\"container\">\n\t\t\t\t<div class=\"elementor-element elementor-element-iwgs-inuitamulett-s7t elementor-widget elementor-widget-text-editor\" data-id=\"iwgs-inuitamulett-s7t\" data-element_type=\"widget\" data-e-type=\"widget\" data-widget_type=\"text-editor.default\">\n\t\t\t\t\t\t\t\t\t<p>Ranns\u00f3knir \u00e1 verndargripum In\u00fa\u00edta eru n\u00e1i\u00f0 tengdar <span class=\"iwg-fachbegriff\" data-tooltip=\"Fr\u00e6\u00f0igrein sem rannsakar menningarheima og samf\u00e9l\u00f6g samanbur\u00f0arlega.\" tabindex=\"0\">\u00fej\u00f3\u00f0fr\u00e6\u00f0i<\/span> heimskautasv\u00e6\u00f0anna. Ranns\u00f3knarlei\u00f0angrar og \u00fej\u00f3\u00f0fr\u00e6\u00f0ingar 19. og 20. aldar s\u00f6fnu\u00f0u verndargripum og verndargripabeltum og skr\u00e1\u00f0u merkingu \u00feeirra.<\/p><p>Fimmti Thule-lei\u00f0angurinn undir stj\u00f3rn Knud Rasmussen veitti s\u00e9rstaklega r\u00edkulegar skr\u00e1ningar um tr\u00fa og verndargripi In\u00fa\u00edta. \u00deessar skr\u00e1ningar eru enn \u00ed dag mikilv\u00e6g grunnsto\u00f0 ranns\u00f3kna.<\/p><p>Si\u00f0fer\u00f0ilegt vandam\u00e1l snertir uppruna hlutanna \u00ed s\u00f6fnunum. M\u00f6rg verndargripabelti voru safna\u00f0 \u00ed tengslum vi\u00f0 ranns\u00f3knir, sum keypt, \u00f6nnur fengin undir \u00f3j\u00f6fnum kj\u00f6rum. \u00cd dag er hugsa\u00f0 upp \u00e1 n\u00fdtt um umgengni vi\u00f0 sl\u00edk s\u00f6fn.<\/p><p>\u00dear sem verndargripir voru n\u00e1i\u00f0 tengdir einst\u00f6kum pers\u00f3num hafa sumir hlutir s\u00e9rstaka merkingu fyrir afkomendur. S\u00f6fn r\u00e1\u00f0gast \u00fev\u00ed \u00ed auknum m\u00e6li vi\u00f0 samf\u00e9l\u00f6g In\u00fa\u00edta um vi\u00f0eigandi umgengni.<\/p><p>Menningarleg eignarn\u00e1m verndargripa In\u00fa\u00edta af h\u00e1lfu dulspekii\u00f0na\u00f0arins er sj\u00e1lfst\u00e6tt vandam\u00e1l. Eftirger\u00f0ir verndargripir og lei\u00f0beiningar losa hlutina \u00far tr\u00faarlegu samhengi s\u00ednu og eru gagnr\u00fdndar af frumbyggjar\u00f6ddum.<\/p><p>V\u00f6ndu\u00f0 framsetning l\u00fdsir verndargripabeltinu fr\u00e1 utana\u00f0komandi sj\u00f3narhorni, nefnir uppruna safnhlutanna og hafnar \u00f6llum lei\u00f0beiningum um eftirger\u00f0. H\u00fan vir\u00f0ir \u00fe\u00e1 merkingu sem hlutirnir hafa fyrir In\u00fa\u00edta.<\/p>\t\t\t\t\t\t\t\t<\/div>\n\t\t\t\t<\/div>\n\t\t\t\t\t<\/div>\n\t\t\t\t<\/div>\n\t\t<div class=\"elementor-element elementor-element-iwgs-inuitamulett-s8 e-flex e-con-boxed e-con e-parent\" data-id=\"iwgs-inuitamulett-s8\" data-element_type=\"container\" data-e-type=\"container\">\n\t\t\t\t\t<div class=\"e-con-inner\">\n\t\t\t\t<div class=\"elementor-element elementor-element-iwgs-inuitamulett-s8h elementor-widget elementor-widget-heading\" data-id=\"iwgs-inuitamulett-s8h\" data-element_type=\"widget\" data-e-type=\"widget\" data-widget_type=\"heading.default\">\n\t\t\t\t\t<h2 class=\"elementor-heading-title elementor-size-default\">M\u00f3tt\u00f6kur \u00ed dag<\/h2>\t\t\t\t<\/div>\n\t\t<div class=\"elementor-element elementor-element-iwgs-inuitamulett-s8box e-con-full e-flex e-con e-parent\" data-id=\"iwgs-inuitamulett-s8box\" data-element_type=\"container\" data-e-type=\"container\">\n\t\t\t\t<div class=\"elementor-element elementor-element-iwgs-inuitamulett-s8t elementor-widget elementor-widget-text-editor\" data-id=\"iwgs-inuitamulett-s8t\" data-element_type=\"widget\" data-e-type=\"widget\" data-widget_type=\"text-editor.default\">\n\t\t\t\t\t\t\t\t\t<p>Fyrir In\u00fa\u00edta n\u00fat\u00edmans er hef\u00f0 verndargripanna hluti af s\u00f6gu \u00feeirra og menningarlegri endurn\u00fdjun. Eftir umbrot 20. aldar tengja listamenn og listakonur sig vi\u00f0 hef\u00f0bundin form.<\/p><p>S\u00f6fn og menningarstofnanir In\u00fa\u00edta s\u00fdna verndargripi og verndargripabelti og \u00fatsk\u00fdra merkingu \u00feeirra fr\u00e1 sj\u00f3narhorni In\u00fa\u00edta sj\u00e1lfra. \u00deannig leggja \u00feau sitt af m\u00f6rkum til vi\u00f0urkenningar \u00e1 eigin tr\u00faars\u00f6gu.<\/p><p>Um uppruna safnhluta og hugsanlegar afhendingar er sami\u00f0. Sl\u00edkar samr\u00e6\u00f0ur eru hluti af v\u00ed\u00f0t\u00e6kari hugarfarsbreytingu \u00ed umgengni vi\u00f0 s\u00f6fn fr\u00e1 frumbyggjamenningum.<\/p><p>\u00cd dulspekii\u00f0na\u00f0inum eru verndargripir stundum marka\u00f0ssettir me\u00f0 tilv\u00edsun \u00ed heimskauta- e\u00f0a sjaman\u00edsk fyrirmyndir. V\u00edsindalega er \u00feetta sj\u00e1lfst\u00e6tt m\u00f3tt\u00f6kuform sem \u00fearf a\u00f0 a\u00f0greina fr\u00e1 tr\u00fa In\u00fa\u00edta.<\/p><p>\u00cd list og handverki taka In\u00fa\u00edta-skapendur upp hef\u00f0 verndargripanna. \u00cd \u00fatskur\u00f0i og skartgripum eru hef\u00f0bundin m\u00f3t\u00edf tekin upp og haldi\u00f0 \u00e1fram. \u00deessi verk tengja uppruna og n\u00fat\u00ed\u00f0.<\/p><p>Fyrir \u00e1hugasama lesendur er r\u00e1\u00f0lagt a\u00f0 n\u00e1lgast efni\u00f0 me\u00f0 me\u00f0vitund. A\u00f0 afla s\u00e9r \u00feekkingar um verndargripabelti\u00f0 er l\u00f6gm\u00e6tt, en a\u00f0 stunda tr\u00faarlega framkv\u00e6md \u00feess er \u00fea\u00f0 ekki. Fleiri verndarhluti kynnir sv\u00e6\u00f0i\u00f0 <a href=\"https:\/\/iwell-guard.com\/is\/verndartakn\/\">verndart\u00e1kn<\/a>.<\/p>\t\t\t\t\t\t\t\t<\/div>\n\t\t\t\t<\/div>\n\t\t\t\t\t<\/div>\n\t\t\t\t<\/div>\n\t\t<div class=\"elementor-element elementor-element-iwgs-inuitamulett-lit e-flex e-con-boxed e-con e-parent\" data-id=\"iwgs-inuitamulett-lit\" data-element_type=\"container\" data-e-type=\"container\">\n\t\t\t\t\t<div class=\"e-con-inner\">\n\t\t\t\t<div class=\"elementor-element elementor-element-iwgs-inuitamulett-lith elementor-widget elementor-widget-heading\" data-id=\"iwgs-inuitamulett-lith\" data-element_type=\"widget\" data-e-type=\"widget\" data-widget_type=\"heading.default\">\n\t\t\t\t\t<h2 class=\"elementor-heading-title elementor-size-default\">Heimildir (\u00farval)<\/h2>\t\t\t\t<\/div>\n\t\t<div class=\"elementor-element elementor-element-iwgs-inuitamulett-litbox e-con-full e-flex e-con e-parent\" data-id=\"iwgs-inuitamulett-litbox\" data-element_type=\"container\" data-e-type=\"container\">\n\t\t\t\t<div class=\"elementor-element elementor-element-iwgs-inuitamulett-litt elementor-widget elementor-widget-html\" data-id=\"iwgs-inuitamulett-litt\" data-element_type=\"widget\" data-e-type=\"widget\" data-widget_type=\"html.default\">\n\t\t\t\t\t<footer data-nosnippet=\"true\"><ul><li>Knud Rasmussen: <em>Intellectual Culture of the Iglulik Eskimos<\/em> (1929)<\/li><li>Franz Boas: <em>The Central Eskimo<\/em> (1888)<\/li><li>Daniel Merkur: <em>Becoming Half Hidden: Shamanism and Initiation among the Inuit<\/em> (1991)<\/li><li>Birgitte Sonne: <em>Worldviews of the Greenlanders<\/em> (2017)<\/li><li>Bernard Saladin d'Anglure: <em>\u00catre et rena\u00eetre inuit<\/em> (2006)<\/li><\/ul><\/footer>\t\t\t\t<\/div>\n\t\t\t\t<\/div>\n\t\t\t\t\t<\/div>\n\t\t\t\t<\/div>\n\t\t<div class=\"elementor-element elementor-element-iwgs-inuitamulett-kwd e-flex e-con-boxed e-con e-parent\" data-id=\"iwgs-inuitamulett-kwd\" data-element_type=\"container\" data-e-type=\"container\">\n\t\t\t\t\t<div class=\"e-con-inner\">\n\t\t\t\t<div class=\"elementor-element elementor-element-iwgs-inuitamulett-kwdt elementor-widget elementor-widget-text-editor\" data-id=\"iwgs-inuitamulett-kwdt\" data-element_type=\"widget\" data-e-type=\"widget\" data-widget_type=\"text-editor.default\">\n\t\t\t\t\t\t\t\t\t<p><em>Tengd leitaror\u00f0: Verndargripabelti In\u00fa\u00edtar Heimskautasv\u00e6\u00f0i Verndargripur Knud Rasmussen Thule-lei\u00f0angur Gr\u00e6nland <span class=\"iwg-fachbegriff\" data-tooltip=\"Tr\u00faarlegur s\u00e9rfr\u00e6\u00f0ingur sem talinn er mi\u00f0la milli manna og andaheims.\" tabindex=\"0\">Sjamani<\/span> D\u00fdraverndargripur frumbyggjatr\u00fa borinn verndargripur Eskim\u00f3i.<\/em><\/p>\t\t\t\t\t\t\t\t<\/div>\n\t\t\t\t\t<\/div>\n\t\t\t\t<\/div>\n\t\t<div class=\"elementor-element elementor-element-iwgs-inuitamulett-cc e-flex e-con-boxed e-con e-parent\" data-id=\"iwgs-inuitamulett-cc\" data-element_type=\"container\" data-e-type=\"container\" id=\"iwg-cc-inuit-amulettguertel\">\n\t\t\t\t\t<div class=\"e-con-inner\">\n\t\t<div class=\"elementor-element elementor-element-iwgs-inuitamulett-ccinner e-flex e-con-boxed e-con e-parent\" data-id=\"iwgs-inuitamulett-ccinner\" data-element_type=\"container\" data-e-type=\"container\" data-settings=\"{&quot;background_background&quot;:&quot;classic&quot;}\">\n\t\t\t\t\t<div class=\"e-con-inner\">\n\t\t\t\t<div class=\"elementor-element elementor-element-iwgs-inuitamulett-cch elementor-widget elementor-widget-heading\" data-id=\"iwgs-inuitamulett-cch\" data-element_type=\"widget\" data-e-type=\"widget\" data-widget_type=\"heading.default\">\n\t\t\t\t\t<h2 class=\"elementor-heading-title elementor-size-default\">iWell Guard og verndarhef\u00f0ir<\/h2>\t\t\t\t<\/div>\n\t\t\t\t<div class=\"elementor-element elementor-element-iwgs-inuitamulett-cct elementor-widget elementor-widget-text-editor\" data-id=\"iwgs-inuitamulett-cct\" data-element_type=\"widget\" data-e-type=\"widget\" data-widget_type=\"text-editor.default\">\n\t\t\t\t\t\t\t\t\t<p>iWell Guard er hluti af \u00feeirri menningars\u00f6gulegu hef\u00f0 fars\u00edmavarnargripa sem amulettbelti\u00f0 tilheyrir. Fylgihlutur fyrir f\u00f3lk sem lifir me\u00f0 verndart\u00e1knum: framleiddur \u00ed \u00de\u00fdskalandi, 41 lag \u00far sk\u00edragulli, plat\u00ednu og silfri, me\u00f0 30 daga skilar\u00e9tti.<\/p>\t\t\t\t\t\t\t\t<\/div>\n\t\t\t\t<div class=\"elementor-element elementor-element-iwgs-inuitamulett-ccb iwg-cc-button iwg-cc-cta-2026-05-13 elementor-widget elementor-widget-jet-button\" data-id=\"iwgs-inuitamulett-ccb\" data-element_type=\"widget\" data-e-type=\"widget\" data-widget_type=\"jet-button.default\">\n\t\t\t\t<div class=\"elementor-widget-container\">\n\t\t\t\t\t<div class=\"elementor-jet-button jet-elements\"><div class=\"jet-button__container\"><a class=\"jet-button__instance jet-button__instance--icon-left hover-effect-1\" href=\"\/schutzanhaenger-iwell-guard-kaufen\/?utm_source=iwell-guard.com&amp;utm_medium=info-box&amp;utm_campaign=schutzsymbole\"><div class=\"jet-button__plane jet-button__plane-normal\"><\/div><div class=\"jet-button__plane jet-button__plane-hover\"><\/div><div class=\"jet-button__state jet-button__state-normal\"><span class=\"jet-button__label\">Meira um iWell Guard<\/span><\/div><div class=\"jet-button__state jet-button__state-hover\"><span class=\"jet-button__label\">Meira um iWell Guard<\/span><\/div><\/a><\/div><\/div><style>.elementor-element.elementor-element-iwgs-inuitamulett-ccb .jet-button__instance{width:320px;height:56px;}.elementor-element.elementor-element-iwgs-inuitamulett-ccb .jet-button__state-normal .jet-button__label{text-align:center;margin:0px 0px 0px 0px;color:#1a1b20;font-family:Montserrat,sans-serif;font-size:13px;font-weight:400;letter-spacing:4px;line-height:1.714em;text-transform:uppercase;}.elementor-element.elementor-element-iwgs-inuitamulett-ccb .jet-button__state-hover .jet-button__label{text-align:center;margin:0px 0px 0px 0px;color:#FECC76;font-family:Montserrat,sans-serif;font-size:13px;font-weight:400;letter-spacing:4px;line-height:1.714em;text-transform:uppercase;}.elementor-element.elementor-element-iwgs-inuitamulett-ccb .jet-button__plane-normal{background-color:#FECC76;border-style:solid;border-color:#C99540;border-width:2px 2px 2px 2px;}.elementor-element.elementor-element-iwgs-inuitamulett-ccb .jet-button__plane-hover{background-color:rgba(0,0,0,0.55);border-style:solid;border-color:#FECC76;border-width:2px 2px 2px 2px;}<\/style>\t\t\t\t<\/div>\n\t\t\t\t<\/div>\n\t\t\t\t<div class=\"elementor-element elementor-element-iwgs-inuitamulett-ccd elementor-widget elementor-widget-text-editor\" data-id=\"iwgs-inuitamulett-ccd\" data-element_type=\"widget\" data-e-type=\"widget\" data-widget_type=\"text-editor.default\">\n\t\t\t\t\t\t\t\t\t<p style=\"text-align:center;font-size:13px;opacity:0.7;margin-top:14px\" data-nosnippet=\"true\">Pers\u00f3nuleg reynsla getur veri\u00f0 mismunandi. Ekki l\u00e6kningat\u00e6ki. Engin lofor\u00f0 um l\u00e6kningu.<\/p>\t\t\t\t\t\t\t\t<\/div>\n\t\t\t\t\t<\/div>\n\t\t\t\t<\/div>\n\t\t\t\t\t<\/div>\n\t\t\t\t<\/div>\n\t\t<div class=\"elementor-element elementor-element-iwgs-inuitamulett-disc e-flex e-con-boxed e-con e-parent\" data-id=\"iwgs-inuitamulett-disc\" data-element_type=\"container\" data-e-type=\"container\">\n\t\t\t\t\t<div class=\"e-con-inner\">\n\t\t\t\t<div class=\"elementor-element elementor-element-iwgs-inuitamulett-discw elementor-widget elementor-widget-html\" data-id=\"iwgs-inuitamulett-discw\" data-element_type=\"widget\" data-e-type=\"widget\" data-widget_type=\"html.default\">\n\t\t\t\t\t<footer data-nosnippet=\"true\" class=\"iwg-disclaimer-block\"><p data-nosnippet=\"true\">iWell Guard er <strong>ekki l\u00e6kningat\u00e6ki<\/strong> og kemur ekki \u00ed sta\u00f0 l\u00e6knis- e\u00f0a s\u00e1lfr\u00e6\u00f0ime\u00f0fer\u00f0ar. Innihaldi\u00f0 sem h\u00e9r er sett fram er tr\u00faarbrag\u00f0afr\u00e6\u00f0ileg og menningars\u00f6gulega greining, ekki lofor\u00f0 um andlega virkni.<\/p><\/footer>\t\t\t\t<\/div>\n\t\t\t\t\t<\/div>\n\t\t\t\t<\/div>\n\t\t\t\t<\/div>\n\t\t","protected":false},"excerpt":{"rendered":"","protected":false},"author":3,"featured_media":3564,"parent":0,"menu_order":0,"comment_status":"closed","ping_status":"closed","template":"elementor_header_footer","meta":{"_yoast_wpseo_focuskw":"Amulettbelti","_yoast_wpseo_title":"Amulettbelti in\u00fa\u00edta: v\u00f6rn heimskautasv\u00e6\u00f0isins","_yoast_wpseo_metadesc":"Amulettbelti in\u00fa\u00edta me\u00f0 \u00e1festum verndargripum: uppruni, form og tr\u00faarleg merking \u00e1 heimskautasv\u00e6\u00f0inu, \u00fatsk\u00fdrt \u00e1 fr\u00e6\u00f0ilegan h\u00e1tt.","_yoast_wpseo_meta-robots-noindex":"","_yoast_wpseo_canonical":"","_angie_page":false,"gefaehrdungsstufe":"","wesen_kultur":"","wesen_klasse":"","footnotes":""},"categories":[],"class_list":["post-169237","page","type-page","status-publish","has-post-thumbnail","hentry"],"yoast_head":"<!-- This site is optimized with the Yoast SEO Premium plugin v27.7 (Yoast SEO v28.3) - https:\/\/yoast.com\/product\/yoast-seo-premium-wordpress\/ -->\n<title>Amulettbelti in\u00fa\u00edta: v\u00f6rn heimskautasv\u00e6\u00f0isins<\/title>\n<meta name=\"description\" content=\"Amulettbelti in\u00fa\u00edta me\u00f0 \u00e1festum verndargripum: uppruni, form og tr\u00faarleg merking \u00e1 heimskautasv\u00e6\u00f0inu, \u00fatsk\u00fdrt \u00e1 fr\u00e6\u00f0ilegan h\u00e1tt.\" \/>\n<meta name=\"robots\" content=\"index, follow, max-snippet:-1, max-image-preview:large, max-video-preview:-1\" \/>\n<link rel=\"canonical\" href=\"https:\/\/iwell-guard.com\/is\/amulettbelti-inuita-vorn-ur-heimskautinu\/\" \/>\n<meta property=\"og:locale\" content=\"is_IS\" \/>\n<meta property=\"og:type\" content=\"article\" \/>\n<meta property=\"og:title\" content=\"Amulettbelti in\u00fa\u00edta: V\u00f6rn \u00far heimskautinu\" \/>\n<meta property=\"og:description\" content=\"Amulettbelti in\u00fa\u00edta me\u00f0 \u00e1festum verndargripum: uppruni, form og tr\u00faarleg merking \u00e1 heimskautasv\u00e6\u00f0inu, \u00fatsk\u00fdrt \u00e1 fr\u00e6\u00f0ilegan h\u00e1tt.\" \/>\n<meta property=\"og:url\" content=\"https:\/\/iwell-guard.com\/is\/amulettbelti-inuita-vorn-ur-heimskautinu\/\" \/>\n<meta property=\"og:site_name\" content=\"iWell Guard\" \/>\n<meta property=\"article:modified_time\" content=\"2026-09-05T14:35:45+00:00\" \/>\n<meta property=\"og:image\" content=\"https:\/\/iwell-guard.com\/wp-content\/uploads\/2026\/05\/schutzsymbol_inuit_amulettguertel.webp\" \/>\n\t<meta property=\"og:image:width\" content=\"1024\" \/>\n\t<meta property=\"og:image:height\" content=\"1536\" \/>\n\t<meta property=\"og:image:type\" content=\"image\/webp\" \/>\n<meta name=\"twitter:card\" content=\"summary_large_image\" \/>\n<script type=\"application\/ld+json\" class=\"yoast-schema-graph\">{\"@context\":\"https:\\\/\\\/schema.org\",\"@graph\":[{\"@type\":\"WebPage\",\"@id\":\"https:\\\/\\\/iwell-guard.com\\\/is\\\/amulettbelti-inuita-vorn-ur-heimskautinu\\\/\",\"url\":\"https:\\\/\\\/iwell-guard.com\\\/is\\\/amulettbelti-inuita-vorn-ur-heimskautinu\\\/\",\"name\":\"Amulettbelti in\u00fa\u00edta: v\u00f6rn heimskautasv\u00e6\u00f0isins\",\"isPartOf\":{\"@id\":\"https:\\\/\\\/iwell-guard.com\\\/is\\\/#website\"},\"primaryImageOfPage\":{\"@id\":\"https:\\\/\\\/iwell-guard.com\\\/is\\\/amulettbelti-inuita-vorn-ur-heimskautinu\\\/#primaryimage\"},\"image\":{\"@id\":\"https:\\\/\\\/iwell-guard.com\\\/is\\\/amulettbelti-inuita-vorn-ur-heimskautinu\\\/#primaryimage\"},\"thumbnailUrl\":\"https:\\\/\\\/iwell-guard.com\\\/wp-content\\\/uploads\\\/2026\\\/05\\\/schutzsymbol_inuit_amulettguertel.webp\",\"datePublished\":\"2026-09-05T14:06:44+00:00\",\"dateModified\":\"2026-09-05T14:35:45+00:00\",\"description\":\"Amulettbelti in\u00fa\u00edta me\u00f0 \u00e1festum verndargripum: uppruni, form og tr\u00faarleg merking \u00e1 heimskautasv\u00e6\u00f0inu, \u00fatsk\u00fdrt \u00e1 fr\u00e6\u00f0ilegan h\u00e1tt.\",\"breadcrumb\":{\"@id\":\"https:\\\/\\\/iwell-guard.com\\\/is\\\/amulettbelti-inuita-vorn-ur-heimskautinu\\\/#breadcrumb\"},\"inLanguage\":\"is\",\"potentialAction\":[{\"@type\":\"ReadAction\",\"target\":[\"https:\\\/\\\/iwell-guard.com\\\/is\\\/amulettbelti-inuita-vorn-ur-heimskautinu\\\/\"]}]},{\"@type\":\"ImageObject\",\"inLanguage\":\"is\",\"@id\":\"https:\\\/\\\/iwell-guard.com\\\/is\\\/amulettbelti-inuita-vorn-ur-heimskautinu\\\/#primaryimage\",\"url\":\"https:\\\/\\\/iwell-guard.com\\\/wp-content\\\/uploads\\\/2026\\\/05\\\/schutzsymbol_inuit_amulettguertel.webp\",\"contentUrl\":\"https:\\\/\\\/iwell-guard.com\\\/wp-content\\\/uploads\\\/2026\\\/05\\\/schutzsymbol_inuit_amulettguertel.webp\",\"width\":1024,\"height\":1536,\"caption\":\"Verndart\u00e1kn. Myndskreyting \u00ed safnst\u00edl.\"},{\"@type\":\"BreadcrumbList\",\"@id\":\"https:\\\/\\\/iwell-guard.com\\\/is\\\/amulettbelti-inuita-vorn-ur-heimskautinu\\\/#breadcrumb\",\"itemListElement\":[{\"@type\":\"ListItem\",\"position\":1,\"name\":\"Start\",\"item\":\"https:\\\/\\\/iwell-guard.com\\\/is\\\/?page_id=168580\"},{\"@type\":\"ListItem\",\"position\":2,\"name\":\"Amulettbelti in\u00fa\u00edta: V\u00f6rn \u00far heimskautinu\"}]},{\"@type\":\"WebSite\",\"@id\":\"https:\\\/\\\/iwell-guard.com\\\/is\\\/#website\",\"url\":\"https:\\\/\\\/iwell-guard.com\\\/is\\\/\",\"name\":\"iWell Guard\",\"description\":\"Schutz vor dunklen Einfl\u00fcssen\",\"publisher\":{\"@id\":\"https:\\\/\\\/iwell-guard.com\\\/is\\\/#organization\"},\"potentialAction\":[{\"@type\":\"SearchAction\",\"target\":{\"@type\":\"EntryPoint\",\"urlTemplate\":\"https:\\\/\\\/iwell-guard.com\\\/is\\\/?s={search_term_string}\"},\"query-input\":{\"@type\":\"PropertyValueSpecification\",\"valueRequired\":true,\"valueName\":\"search_term_string\"}}],\"inLanguage\":\"is\"},{\"@type\":\"Organization\",\"@id\":\"https:\\\/\\\/iwell-guard.com\\\/is\\\/#organization\",\"name\":\"Ittermann electronic GmbH\",\"url\":\"https:\\\/\\\/iwell-guard.com\\\/is\\\/\",\"logo\":{\"@type\":\"ImageObject\",\"inLanguage\":\"is\",\"@id\":\"https:\\\/\\\/iwell-guard.com\\\/is\\\/#\\\/schema\\\/logo\\\/image\\\/\",\"url\":\"https:\\\/\\\/iwell-guard.com\\\/wp-content\\\/uploads\\\/2026\\\/05\\\/Ittermann-Logo-1182x237-1.png\",\"contentUrl\":\"https:\\\/\\\/iwell-guard.com\\\/wp-content\\\/uploads\\\/2026\\\/05\\\/Ittermann-Logo-1182x237-1.png\",\"width\":1182,\"height\":237,\"caption\":\"Ittermann electronic GmbH\"},\"image\":{\"@id\":\"https:\\\/\\\/iwell-guard.com\\\/is\\\/#\\\/schema\\\/logo\\\/image\\\/\"},\"sameAs\":[\"https:\\\/\\\/pantip.com\\\/profile\\\/9367242\",\"https:\\\/\\\/micro.blog\\\/iwellguard\",\"https:\\\/\\\/www.diggerslist.com\\\/iwellguard\\\/about\",\"https:\\\/\\\/skitterphoto.com\\\/photographers\\\/2870314\\\/iwell-guard\",\"https:\\\/\\\/iwellguard.wordpress.com\\\/2026\\\/06\\\/06\\\/iwell-guard\\\/\",\"https:\\\/\\\/hub.docker.com\\\/u\\\/iwellguard\",\"https:\\\/\\\/www.pinterest.com\\\/iwellguard\\\/\",\"https:\\\/\\\/bit.ly\\\/m\\\/iwellguard\",\"https:\\\/\\\/entre-vos-mains.alsace.eu\\\/profiles\\\/iwellguard\\\/activity\",\"https:\\\/\\\/gravatar.com\\\/reallybeded8fd34\",\"https:\\\/\\\/naijamatta.com\\\/iwellguard\",\"https:\\\/\\\/www.goodreads.com\\\/iwellguard\",\"https:\\\/\\\/profile.hatena.ne.jp\\\/iwellguard\\\/\",\"https:\\\/\\\/experiment.com\\\/users\\\/iwellguard\",\"https:\\\/\\\/wakelet.com\\\/@iWellGuard82270\",\"https:\\\/\\\/www.chordie.com\\\/forum\\\/profile.php?id=2555664\",\"https:\\\/\\\/www.instapaper.com\\\/p\\\/17757966\",\"https:\\\/\\\/www.mapleprimes.com\\\/users\\\/iwellguard\",\"https:\\\/\\\/businesslistingplus.com\\\/profile\\\/iwell-guard\\\/\",\"https:\\\/\\\/telegra.ph\\\/iWell-Guard-06-06\",\"https:\\\/\\\/pbase.com\\\/iwellguard\\\/iwellguard\",\"https:\\\/\\\/b.hatena.ne.jp\\\/iwellguard\\\/20260607#bookmark-4788405196491818882\",\"https:\\\/\\\/fliphtml5.com\\\/home\\\/iwellguard\",\"https:\\\/\\\/anyflip.com\\\/homepage\\\/cmiwl#About\",\"https:\\\/\\\/transfur.com\\\/Users\\\/iwellguard\",\"http:\\\/\\\/delphi.larsbo.org\\\/user\\\/iwellguard\",\"https:\\\/\\\/jobs.lajobsportal.org\\\/profiles\\\/8380803-iwell-guard\",\"https:\\\/\\\/md.chaosdorf.de\\\/s\\\/jfbe5SBdJD\",\"https:\\\/\\\/www.lingvolive.com\\\/en-us\\\/profile\\\/9ecaeaca-ce11-4e51-9e71-01d55e2bff36\\\/translations\",\"https:\\\/\\\/www.fitday.com\\\/fitness\\\/forums\\\/members\\\/iwellguard.html\",\"https:\\\/\\\/www.mymeetbook.com\\\/iwellguard\",\"https:\\\/\\\/pxhere.com\\\/en\\\/photographer-me\\\/5040798\",\"https:\\\/\\\/disqus.com\\\/by\\\/iwellguard\\\/about\\\/\",\"https:\\\/\\\/pastelink.net\\\/hjwciqwq\",\"https:\\\/\\\/pubhtml5.com\\\/homepage\\\/scjhn\\\/\",\"https:\\\/\\\/www.bitchute.com\\\/channel\\\/2O2eOKzNqujT\",\"https:\\\/\\\/audiomack.com\\\/iwellguard\"]}]}<\/script>\n<!-- \/ Yoast SEO Premium plugin. -->","yoast_head_json":{"title":"Amulettbelti in\u00fa\u00edta: v\u00f6rn heimskautasv\u00e6\u00f0isins","description":"Amulettbelti in\u00fa\u00edta me\u00f0 \u00e1festum verndargripum: uppruni, form og tr\u00faarleg merking \u00e1 heimskautasv\u00e6\u00f0inu, \u00fatsk\u00fdrt \u00e1 fr\u00e6\u00f0ilegan h\u00e1tt.","robots":{"index":"index","follow":"follow","max-snippet":"max-snippet:-1","max-image-preview":"max-image-preview:large","max-video-preview":"max-video-preview:-1"},"canonical":"https:\/\/iwell-guard.com\/is\/amulettbelti-inuita-vorn-ur-heimskautinu\/","og_locale":"is_IS","og_type":"article","og_title":"Amulettbelti in\u00fa\u00edta: V\u00f6rn \u00far heimskautinu","og_description":"Amulettbelti in\u00fa\u00edta me\u00f0 \u00e1festum verndargripum: uppruni, form og tr\u00faarleg merking \u00e1 heimskautasv\u00e6\u00f0inu, \u00fatsk\u00fdrt \u00e1 fr\u00e6\u00f0ilegan h\u00e1tt.","og_url":"https:\/\/iwell-guard.com\/is\/amulettbelti-inuita-vorn-ur-heimskautinu\/","og_site_name":"iWell Guard","article_modified_time":"2026-09-05T14:35:45+00:00","og_image":[{"width":1024,"height":1536,"url":"https:\/\/iwell-guard.com\/wp-content\/uploads\/2026\/05\/schutzsymbol_inuit_amulettguertel.webp","type":"image\/webp"}],"twitter_card":"summary_large_image","schema":{"@context":"https:\/\/schema.org","@graph":[{"@type":"WebPage","@id":"https:\/\/iwell-guard.com\/is\/amulettbelti-inuita-vorn-ur-heimskautinu\/","url":"https:\/\/iwell-guard.com\/is\/amulettbelti-inuita-vorn-ur-heimskautinu\/","name":"Amulettbelti in\u00fa\u00edta: v\u00f6rn heimskautasv\u00e6\u00f0isins","isPartOf":{"@id":"https:\/\/iwell-guard.com\/is\/#website"},"primaryImageOfPage":{"@id":"https:\/\/iwell-guard.com\/is\/amulettbelti-inuita-vorn-ur-heimskautinu\/#primaryimage"},"image":{"@id":"https:\/\/iwell-guard.com\/is\/amulettbelti-inuita-vorn-ur-heimskautinu\/#primaryimage"},"thumbnailUrl":"https:\/\/iwell-guard.com\/wp-content\/uploads\/2026\/05\/schutzsymbol_inuit_amulettguertel.webp","datePublished":"2026-09-05T14:06:44+00:00","dateModified":"2026-09-05T14:35:45+00:00","description":"Amulettbelti in\u00fa\u00edta me\u00f0 \u00e1festum verndargripum: uppruni, form og tr\u00faarleg merking \u00e1 heimskautasv\u00e6\u00f0inu, \u00fatsk\u00fdrt \u00e1 fr\u00e6\u00f0ilegan h\u00e1tt.","breadcrumb":{"@id":"https:\/\/iwell-guard.com\/is\/amulettbelti-inuita-vorn-ur-heimskautinu\/#breadcrumb"},"inLanguage":"is","potentialAction":[{"@type":"ReadAction","target":["https:\/\/iwell-guard.com\/is\/amulettbelti-inuita-vorn-ur-heimskautinu\/"]}]},{"@type":"ImageObject","inLanguage":"is","@id":"https:\/\/iwell-guard.com\/is\/amulettbelti-inuita-vorn-ur-heimskautinu\/#primaryimage","url":"https:\/\/iwell-guard.com\/wp-content\/uploads\/2026\/05\/schutzsymbol_inuit_amulettguertel.webp","contentUrl":"https:\/\/iwell-guard.com\/wp-content\/uploads\/2026\/05\/schutzsymbol_inuit_amulettguertel.webp","width":1024,"height":1536,"caption":"Verndart\u00e1kn. Myndskreyting \u00ed safnst\u00edl."},{"@type":"BreadcrumbList","@id":"https:\/\/iwell-guard.com\/is\/amulettbelti-inuita-vorn-ur-heimskautinu\/#breadcrumb","itemListElement":[{"@type":"ListItem","position":1,"name":"Start","item":"https:\/\/iwell-guard.com\/is\/?page_id=168580"},{"@type":"ListItem","position":2,"name":"Amulettbelti in\u00fa\u00edta: V\u00f6rn \u00far heimskautinu"}]},{"@type":"WebSite","@id":"https:\/\/iwell-guard.com\/is\/#website","url":"https:\/\/iwell-guard.com\/is\/","name":"iWell Guard","description":"Schutz vor dunklen Einfl\u00fcssen","publisher":{"@id":"https:\/\/iwell-guard.com\/is\/#organization"},"potentialAction":[{"@type":"SearchAction","target":{"@type":"EntryPoint","urlTemplate":"https:\/\/iwell-guard.com\/is\/?s={search_term_string}"},"query-input":{"@type":"PropertyValueSpecification","valueRequired":true,"valueName":"search_term_string"}}],"inLanguage":"is"},{"@type":"Organization","@id":"https:\/\/iwell-guard.com\/is\/#organization","name":"Ittermann electronic GmbH","url":"https:\/\/iwell-guard.com\/is\/","logo":{"@type":"ImageObject","inLanguage":"is","@id":"https:\/\/iwell-guard.com\/is\/#\/schema\/logo\/image\/","url":"https:\/\/iwell-guard.com\/wp-content\/uploads\/2026\/05\/Ittermann-Logo-1182x237-1.png","contentUrl":"https:\/\/iwell-guard.com\/wp-content\/uploads\/2026\/05\/Ittermann-Logo-1182x237-1.png","width":1182,"height":237,"caption":"Ittermann electronic GmbH"},"image":{"@id":"https:\/\/iwell-guard.com\/is\/#\/schema\/logo\/image\/"},"sameAs":["https:\/\/pantip.com\/profile\/9367242","https:\/\/micro.blog\/iwellguard","https:\/\/www.diggerslist.com\/iwellguard\/about","https:\/\/skitterphoto.com\/photographers\/2870314\/iwell-guard","https:\/\/iwellguard.wordpress.com\/2026\/06\/06\/iwell-guard\/","https:\/\/hub.docker.com\/u\/iwellguard","https:\/\/www.pinterest.com\/iwellguard\/","https:\/\/bit.ly\/m\/iwellguard","https:\/\/entre-vos-mains.alsace.eu\/profiles\/iwellguard\/activity","https:\/\/gravatar.com\/reallybeded8fd34","https:\/\/naijamatta.com\/iwellguard","https:\/\/www.goodreads.com\/iwellguard","https:\/\/profile.hatena.ne.jp\/iwellguard\/","https:\/\/experiment.com\/users\/iwellguard","https:\/\/wakelet.com\/@iWellGuard82270","https:\/\/www.chordie.com\/forum\/profile.php?id=2555664","https:\/\/www.instapaper.com\/p\/17757966","https:\/\/www.mapleprimes.com\/users\/iwellguard","https:\/\/businesslistingplus.com\/profile\/iwell-guard\/","https:\/\/telegra.ph\/iWell-Guard-06-06","https:\/\/pbase.com\/iwellguard\/iwellguard","https:\/\/b.hatena.ne.jp\/iwellguard\/20260607#bookmark-4788405196491818882","https:\/\/fliphtml5.com\/home\/iwellguard","https:\/\/anyflip.com\/homepage\/cmiwl#About","https:\/\/transfur.com\/Users\/iwellguard","http:\/\/delphi.larsbo.org\/user\/iwellguard","https:\/\/jobs.lajobsportal.org\/profiles\/8380803-iwell-guard","https:\/\/md.chaosdorf.de\/s\/jfbe5SBdJD","https:\/\/www.lingvolive.com\/en-us\/profile\/9ecaeaca-ce11-4e51-9e71-01d55e2bff36\/translations","https:\/\/www.fitday.com\/fitness\/forums\/members\/iwellguard.html","https:\/\/www.mymeetbook.com\/iwellguard","https:\/\/pxhere.com\/en\/photographer-me\/5040798","https:\/\/disqus.com\/by\/iwellguard\/about\/","https:\/\/pastelink.net\/hjwciqwq","https:\/\/pubhtml5.com\/homepage\/scjhn\/","https:\/\/www.bitchute.com\/channel\/2O2eOKzNqujT","https:\/\/audiomack.com\/iwellguard"]}]}},"_links":{"self":[{"href":"https:\/\/iwell-guard.com\/is\/wp-json\/wp\/v2\/pages\/169237","targetHints":{"allow":["GET"]}}],"collection":[{"href":"https:\/\/iwell-guard.com\/is\/wp-json\/wp\/v2\/pages"}],"about":[{"href":"https:\/\/iwell-guard.com\/is\/wp-json\/wp\/v2\/types\/page"}],"author":[{"embeddable":true,"href":"https:\/\/iwell-guard.com\/is\/wp-json\/wp\/v2\/users\/3"}],"replies":[{"embeddable":true,"href":"https:\/\/iwell-guard.com\/is\/wp-json\/wp\/v2\/comments?post=169237"}],"version-history":[{"count":0,"href":"https:\/\/iwell-guard.com\/is\/wp-json\/wp\/v2\/pages\/169237\/revisions"}],"wp:featuredmedia":[{"embeddable":true,"href":"https:\/\/iwell-guard.com\/is\/wp-json\/wp\/v2\/media\/3564"}],"wp:attachment":[{"href":"https:\/\/iwell-guard.com\/is\/wp-json\/wp\/v2\/media?parent=169237"}],"wp:term":[{"taxonomy":"category","embeddable":true,"href":"https:\/\/iwell-guard.com\/is\/wp-json\/wp\/v2\/categories?post=169237"}],"curies":[{"name":"wp","href":"https:\/\/api.w.org\/{rel}","templated":true}]}}