{"id":169234,"date":"2026-09-05T14:06:43","date_gmt":"2026-09-05T14:06:43","guid":{"rendered":"https:\/\/iwell-guard.com\/?page_id=169234"},"modified":"2026-09-05T14:35:40","modified_gmt":"2026-09-05T14:35:40","slug":"mullu-heilog-spondylus-skel","status":"publish","type":"page","link":"https:\/\/iwell-guard.com\/is\/mullu-heilog-spondylus-skel\/","title":{"rendered":"Mullu: heilagt Spondylus-skel Andesfjalla"},"content":{"rendered":"\t\t<div data-elementor-type=\"wp-page\" data-elementor-id=\"169234\" class=\"elementor elementor-169234 elementor-3726 elementor-bc-flex-widget\" data-elementor-post-type=\"page\">\n\t\t\t\t<div class=\"elementor-element elementor-element-iwgs-mullu-hero e-flex e-con-boxed e-con e-parent\" data-id=\"iwgs-mullu-hero\" data-element_type=\"container\" data-e-type=\"container\">\n\t\t\t\t\t<div class=\"e-con-inner\">\n\t\t<div class=\"elementor-element elementor-element-iwgs-mullu-hl e-flex e-con-boxed e-con e-parent\" data-id=\"iwgs-mullu-hl\" data-element_type=\"container\" data-e-type=\"container\">\n\t\t\t\t\t<div class=\"e-con-inner\">\n\t\t<div class=\"elementor-element elementor-element-iwgs-mullu-hlbox e-con-full e-flex e-con e-parent\" data-id=\"iwgs-mullu-hlbox\" data-element_type=\"container\" data-e-type=\"container\">\n\t\t\t\t<div class=\"elementor-element elementor-element-iwgs-mullu-h1 elementor-widget elementor-widget-heading\" data-id=\"iwgs-mullu-h1\" data-element_type=\"widget\" data-e-type=\"widget\" data-widget_type=\"heading.default\">\n\t\t\t\t\t<h1 class=\"elementor-heading-title elementor-size-default\">Mullu: heilagt Spondylus-skel sem verndar- og f\u00f3rnarefni Andesfjalla<\/h1>\t\t\t\t<\/div>\n\t\t\t\t<div class=\"elementor-element elementor-element-iwgs-mullu-lead elementor-widget elementor-widget-text-editor\" data-id=\"iwgs-mullu-lead\" data-element_type=\"widget\" data-e-type=\"widget\" data-widget_type=\"text-editor.default\">\n\t\t\t\t\t\t\t\t\t<p>Mullu er hugtak sem nota\u00f0 er \u00ed Andesfj\u00f6llum yfir skel \u00feyrnaostrunnar af \u00e6ttkv\u00edslinni Spondylus, sj\u00e1varskeljar me\u00f0 \u00e1berandi rau\u00f0um og appels\u00ednugulum lit. \u00cd menningarsamf\u00e9l\u00f6gum Andesfjalla fyrir komu Sp\u00e1nverja var \u00feessi skel talin heilagt efni af mikilli tr\u00faarlegri \u00fe\u00fd\u00f0ingu.<\/p><p>Skelin var borin fram sem <span class=\"iwg-fachbegriff\" data-tooltip=\"Hinn eiginlegi hlutur e\u00f0a f\u00e6\u00f0a sem borin er fram fyrir gu\u00f0.\" tabindex=\"0\">f\u00f3rnargj\u00f6f<\/span>, unnin \u00ed skartgripi og myndastyttur og tengd vatni, gr\u00f3\u00f0urs\u00e6ld og velfer\u00f0 samf\u00e9lagsins. Fr\u00e1 tr\u00faarbrag\u00f0afr\u00e6\u00f0ilegu sj\u00f3narhorni er Mullu ekki fyrst og fremst einstakur verndargripur heldur efni sem tali\u00f0 var b\u00faa yfir s\u00e9rst\u00f6kum krafti. \u00deessi texti l\u00fdsir uppruna \u00feess, notkun og merkingu fr\u00e1 utana\u00f0komandi sj\u00f3narhorni. Heimildir s\u00fdna Mullu fyrst og fremst sem mikilv\u00e6gt f\u00f3rnarefni menningarsamf\u00e9laga Andesfjalla.<\/p>\t\t\t\t\t\t\t\t<\/div>\n\t\t\t\t<\/div>\n\t\t\t\t<div class=\"elementor-element elementor-element-iwgs-mullu-pills elementor-widget elementor-widget-html\" data-id=\"iwgs-mullu-pills\" data-element_type=\"widget\" data-e-type=\"widget\" data-widget_type=\"html.default\">\n\t\t\t\t\t<div class=\"iwg-pill-row\"><span class=\"iwg-klasse-badge\" tabindex=\"0\" data-tooltip=\"Verndart\u00e1kn, verndargripur e\u00f0a yfirn\u00e1tt\u00farulegur hlutur til varnar.\">Verndart\u00e1kn<\/span><a href=\"https:\/\/iwell-guard.com\/is\/andathjodir-og-inka-inti-pachamama-viracocha\/\" class=\"iwg-kultur-badge\" tabindex=\"0\" data-tooltip=\"Verndarhef\u00f0: Andesfj\u00f6ll\">Andesfj\u00f6ll<\/a><span class=\"iwg-tradition-badge\" tabindex=\"0\" data-tooltip=\"Efni sem nota\u00f0 er \u00ed tr\u00faarlegar f\u00f3rnargjafir.\">Heilagt f\u00f3rnarefni<\/span><\/div>\t\t\t\t<\/div>\n\t\t\t\t\t<\/div>\n\t\t\t\t<\/div>\n\t\t<div class=\"elementor-element elementor-element-iwgs-mullu-hr e-con-full e-flex e-con e-parent\" data-id=\"iwgs-mullu-hr\" data-element_type=\"container\" data-e-type=\"container\">\n\t\t\t\t<div class=\"elementor-element elementor-element-iwgs-mullu-himg iwg-hero-image elementor-widget elementor-widget-image\" data-id=\"iwgs-mullu-himg\" data-element_type=\"widget\" data-e-type=\"widget\" data-widget_type=\"image.default\">\n\t\t\t\t\t\t\t\t\t\t\t\t\t\t\t<img fetchpriority=\"high\" decoding=\"async\" width=\"683\" height=\"1024\" src=\"https:\/\/iwell-guard.com\/wp-content\/uploads\/2026\/05\/schutzsymbol_anden_mullu-683x1024.webp\" class=\"attachment-large size-large wp-image-170494\" alt=\"Mullu - verndart\u00e1kn, safnfr\u00e6\u00f0ileg mynd\" srcset=\"https:\/\/iwell-guard.com\/wp-content\/uploads\/2026\/05\/schutzsymbol_anden_mullu-683x1024.webp 683w, https:\/\/iwell-guard.com\/wp-content\/uploads\/2026\/05\/schutzsymbol_anden_mullu-200x300.webp 200w, https:\/\/iwell-guard.com\/wp-content\/uploads\/2026\/05\/schutzsymbol_anden_mullu-768x1152.webp 768w, https:\/\/iwell-guard.com\/wp-content\/uploads\/2026\/05\/schutzsymbol_anden_mullu.webp 1024w\" sizes=\"(max-width: 683px) 100vw, 683px\" \/>\t\t\t\t\t\t\t\t\t\t\t\t\t\t\t<\/div>\n\t\t\t\t<\/div>\n\t\t\t\t\t<\/div>\n\t\t\t\t<\/div>\n\t\t<div class=\"elementor-element elementor-element-iwgs-mullu-s0 e-flex e-con-boxed e-con e-parent\" data-id=\"iwgs-mullu-s0\" data-element_type=\"container\" data-e-type=\"container\">\n\t\t\t\t\t<div class=\"e-con-inner\">\n\t\t\t\t<div class=\"elementor-element elementor-element-iwgs-mullu-s0h elementor-widget elementor-widget-heading\" data-id=\"iwgs-mullu-s0h\" data-element_type=\"widget\" data-e-type=\"widget\" data-widget_type=\"heading.default\">\n\t\t\t\t\t<h2 class=\"elementor-heading-title elementor-size-default\">Skilgreining Mullu<\/h2>\t\t\t\t<\/div>\n\t\t<div class=\"elementor-element elementor-element-iwgs-mullu-s0box e-con-full e-flex e-con e-parent\" data-id=\"iwgs-mullu-s0box\" data-element_type=\"container\" data-e-type=\"container\">\n\t\t\t\t<div class=\"elementor-element elementor-element-iwgs-mullu-s0t elementor-widget elementor-widget-text-editor\" data-id=\"iwgs-mullu-s0t\" data-element_type=\"widget\" data-e-type=\"widget\" data-widget_type=\"text-editor.default\">\n\t\t\t\t\t\t\t\t\t<p>Mullu v\u00edsar \u00ed tungum\u00e1lum Andesfjalla, s\u00e9rstaklega \u00ed kves\u00faa, til skeljar Spondylus-skeld\u00fdrsins. \u00deessi sj\u00e1varskel lifir \u00ed hl\u00fdjum hafsv\u00e6\u00f0um Kyrrahafsins og einkennist af sterkum rau\u00f0um til appels\u00ednugulum lit og \u00feyrn\u00f3ttum skeljum.<\/p><p>\u00cd menningarsamf\u00e9l\u00f6gum Andesfjalla fyrir komu Sp\u00e1nverja var Mullu efni af mikilli tr\u00faarlegri \u00fe\u00fd\u00f0ingu. \u00dea\u00f0 var ekki tali\u00f0 venjulegt hr\u00e1efni heldur heil\u00f6gt efni sem nota\u00f0 var \u00ed f\u00f3rnir, skartgripi og helgigripi.<\/p><p>\u00d3l\u00edkt fullger\u00f0um <span class=\"iwg-fachbegriff\" data-tooltip=\"Gripur borinn \u00e1 l\u00edkamanum sem talinn er hafa verndandi, \u00f3heillaverjandi \u00e1hrif.\" tabindex=\"0\">verndargrip<\/span> er Mullu fyrst og fremst efni. \u00dar \u00fev\u00ed voru ger\u00f0ar perlur, hengi, litlar styttur og innlegg. \u00d3unnar skeljar og skeljabrot voru einnig f\u00f3rnf\u00e6r\u00f0ar. Merkingin l\u00e1 \u00ed efninu sj\u00e1lfu.<\/p><p>Vir\u00f0ing fyrir Mullu var \u00fatbreidd \u00e1 v\u00ed\u00f0u sv\u00e6\u00f0i sem n\u00e6r yfir n\u00faverandi r\u00edki Per\u00fa, Ekvador, B\u00f3liv\u00edu og hluta Chile. Um langar verslunarlei\u00f0ir barst skelin langt inn \u00ed landi\u00f0 og upp \u00ed h\u00e1lendi Andesfjalla.<\/p><p>\u00cd tr\u00faarbrag\u00f0afr\u00e6\u00f0ilegu samhengi tilheyrir Mullu v\u00ed\u00f0ara samhengi <a href=\"https:\/\/iwell-guard.com\/is\/verndartakn\/\">verndart\u00e1kna<\/a> og heilagra efna. \u00dea\u00f0 s\u00fdnir a\u00f0 ekki einungis einstakir hlutir heldur einnig efni geta talist bera s\u00e9rstakan kraft.<\/p><p>Mikilv\u00e6gt fyrir hlutlausa framsetningu er hin t\u00edmalega d\u00fdpt. Mullu var mikilv\u00e6gt \u00ed m\u00f6rg \u00fe\u00fasund \u00e1r og \u00ed m\u00f6rgum menningarsamf\u00e9l\u00f6gum Andesfjalla. Saga \u00feess n\u00e6r fr\u00e1 fyrstu strandmenningum til Inkaveldisins og lengra.<\/p><p>\u00dear me\u00f0 er Mullu fr\u00e1brug\u00f0i\u00f0 fullkl\u00e1ru\u00f0um verndargripum. \u00dea\u00f0 er efni\u00f0 sj\u00e1lft sem haf\u00f0i merkingu, ekki \u00e1kve\u00f0i\u00f0 form. \u00dar \u00feessu efni g\u00e1tu or\u00f0i\u00f0 til perlur, styttur og innlegg, en vir\u00f0ingin gilti fyrst og fremst um efni\u00f0.<\/p>\t\t\t\t\t\t\t\t<\/div>\n\t\t\t\t<\/div>\n\t\t\t\t\t<\/div>\n\t\t\t\t<\/div>\n\t\t<div class=\"elementor-element elementor-element-iwgs-mullu-s1 e-flex e-con-boxed e-con e-parent\" data-id=\"iwgs-mullu-s1\" data-element_type=\"container\" data-e-type=\"container\">\n\t\t\t\t\t<div class=\"e-con-inner\">\n\t\t\t\t<div class=\"elementor-element elementor-element-iwgs-mullu-s1h elementor-widget elementor-widget-heading\" data-id=\"iwgs-mullu-s1h\" data-element_type=\"widget\" data-e-type=\"widget\" data-widget_type=\"heading.default\">\n\t\t\t\t\t<h2 class=\"elementor-heading-title elementor-size-default\">Uppruni og saga<\/h2>\t\t\t\t<\/div>\n\t\t<div class=\"elementor-element elementor-element-iwgs-mullu-s1box e-con-full e-flex e-con e-parent\" data-id=\"iwgs-mullu-s1box\" data-element_type=\"container\" data-e-type=\"container\">\n\t\t\t\t<div class=\"elementor-element elementor-element-iwgs-mullu-s1t elementor-widget elementor-widget-text-editor\" data-id=\"iwgs-mullu-s1t\" data-element_type=\"widget\" data-e-type=\"widget\" data-widget_type=\"text-editor.default\">\n\t\t\t\t\t\t\t\t\t<p>Vir\u00f0ing fyrir Mullu er mj\u00f6g g\u00f6mul \u00ed Andesfj\u00f6llum. \u00deegar \u00ed fyrstu strandmenningum var Spondylus-skelin unnin og notu\u00f0 \u00ed tr\u00faarlegu samhengi. Fornleifafundir s\u00fdna mikilv\u00e6gi hennar yfir m\u00f6rg \u00fe\u00fasund \u00e1r.<\/p><p>Skelin lifir fyrst og fremst \u00ed hl\u00fdjum hafsv\u00e6\u00f0um vi\u00f0 str\u00f6nd n\u00faverandi Ekvadors. \u00dea\u00f0an barst h\u00fan um verslunarnet su\u00f0ur og upp \u00ed h\u00e1lendi\u00f0. \u00deessar verslunarlei\u00f0ir tengdu saman menningarsamf\u00e9l\u00f6g sem l\u00e1gu langt hvert fr\u00e1 \u00f6\u00f0ru.<\/p><p>\u00cd menningu Moche-f\u00f3lksins \u00e1 nor\u00f0urstr\u00f6nd Per\u00fa og \u00ed \u00f6\u00f0rum menningarsamf\u00e9l\u00f6gum fyrir komu Sp\u00e1nverja er Mullu skjalfest \u00ed gr\u00f6fum, helgist\u00f6\u00f0um og listaverkum. \u00dear birtist \u00fea\u00f0 sem vir\u00f0ingarvottur og efni \u00ed d\u00fdrm\u00e6ta gripi.<\/p><p>\u00cd Inkaveldinu n\u00e1\u00f0i \u00fe\u00fd\u00f0ing Mullu h\u00e1marki. Skelin var borin fram sem <span class=\"iwg-fachbegriff\" data-tooltip=\"Hinn eiginlegi hlutur e\u00f0a f\u00e6\u00f0a sem borin er fram fyrir gu\u00f0.\" tabindex=\"0\">f\u00f3rnargj\u00f6f<\/span> til gu\u00f0anna og \u00e1 helga sta\u00f0i. S\u00e9rstakir emb\u00e6ttismenn eiga a\u00f0 hafa haft \u00fea\u00f0 hlutverk a\u00f0 \u00fatvega skelina.<\/p><p>\u00d6flun Spondylus-skeljarins var erfitt verk, \u00fear sem kafa \u00feurfti eftir henni \u00ed d\u00fdpra vatni. \u00deessi fyrirh\u00f6fn j\u00f3k ver\u00f0m\u00e6ti hennar. Mullu var \u00feannig einnig merki um mikla fyrirh\u00f6fn og f\u00f3rnf\u00fdsi.<\/p><p>Kafst\u00f6\u00f0varnar vi\u00f0 str\u00f6nd n\u00faverandi Ekvadors l\u00e1gu langt fr\u00e1 \u00feeim st\u00f6\u00f0um \u00ed h\u00e1lendinu \u00fear sem skelin var notu\u00f0. \u00d6flun hennar var \u00fev\u00ed tengd h\u00e6ttu og l\u00f6ngum flutningslei\u00f0um.<\/p><p>Fornleifafundir Spondylus-skelja \u00e1 st\u00f6\u00f0um dj\u00fapt inni \u00ed Andesfj\u00f6llum s\u00fdna hversu v\u00ed\u00f0a \u00feetta efni var versla\u00f0 og hversu mikils vir\u00f0i \u00fea\u00f0 var \u00ed vi\u00f0skiptanetum t\u00edmans fyrir komu Sp\u00e1nverja.<\/p><p>Me\u00f0 sp\u00e6nsku landvinningunum minnka\u00f0i mi\u00f0l\u00e6gt tr\u00faarlegt hlutverk Mullu, \u00e1n \u00feess a\u00f0 hverfa alveg. \u00cd \u00fej\u00f3\u00f0tr\u00fa Andesfjalla lif\u00f0u \u00e1fram hugmyndir sem eignu\u00f0u skelinni s\u00e9rstaka \u00fe\u00fd\u00f0ingu.<\/p>\t\t\t\t\t\t\t\t<\/div>\n\t\t\t\t<\/div>\n\t\t\t\t\t<\/div>\n\t\t\t\t<\/div>\n\t\t<div class=\"elementor-element elementor-element-iwgs-mullu-s2 e-flex e-con-boxed e-con e-parent\" data-id=\"iwgs-mullu-s2\" data-element_type=\"container\" data-e-type=\"container\">\n\t\t\t\t\t<div class=\"e-con-inner\">\n\t\t\t\t<div class=\"elementor-element elementor-element-iwgs-mullu-s2h elementor-widget elementor-widget-heading\" data-id=\"iwgs-mullu-s2h\" data-element_type=\"widget\" data-e-type=\"widget\" data-widget_type=\"heading.default\">\n\t\t\t\t\t<h2 class=\"elementor-heading-title elementor-size-default\">Form, efni og ger\u00f0<\/h2>\t\t\t\t<\/div>\n\t\t<div class=\"elementor-element elementor-element-iwgs-mullu-s2box e-con-full e-flex e-con e-parent\" data-id=\"iwgs-mullu-s2box\" data-element_type=\"container\" data-e-type=\"container\">\n\t\t\t\t<div class=\"elementor-element elementor-element-iwgs-mullu-s2t elementor-widget elementor-widget-text-editor\" data-id=\"iwgs-mullu-s2t\" data-element_type=\"widget\" data-e-type=\"widget\" data-widget_type=\"text-editor.default\">\n\t\t\t\t\t\t\t\t\t<p>Grunnefni Mullu er skel Spondylus-skeld\u00fdrsins. H\u00fan er \u00feykk, h\u00f6r\u00f0 og \u00feakin \u00feyrnum a\u00f0 utan. Innhli\u00f0in s\u00fdnir oft sterkan rau\u00f0an e\u00f0a appels\u00ednugulan lit, og hv\u00edta og fj\u00f3lubl\u00e1a t\u00f3na n\u00e6r j\u00f6\u00f0runum.<\/p><p>\u00dar \u00feessu efni voru ger\u00f0ir margv\u00edslegir gripir. Algengar voru perlur sem ra\u00f0a\u00f0ar voru \u00ed h\u00e1lsfestar, auk hengi, l\u00edtilla mynda af m\u00f6nnum og d\u00fdrum og sm\u00e1platna fyrir innlegg.<\/p><p>Vinnslan kraf\u00f0ist kunn\u00e1ttu, \u00fear sem saga \u00feurfti, sl\u00edpa og bora \u00ed gegnum har\u00f0a skelina. S\u00e9rh\u00e6f\u00f0ir handverksmenn framleiddu \u00far Mullu h\u00e1g\u00e6\u00f0agripi sem t\u00f6ldust me\u00f0al ver\u00f0m\u00e6tustu gripa Andesfjalla.<\/p><p>Auk unninna gripa voru einnig nota\u00f0ar \u00f3unnar skeljar, mala\u00f0 skeljaduft og brot. Mala\u00f0 Mullu var h\u00e6gt a\u00f0 str\u00e1 e\u00f0a blanda \u00ed f\u00f3rnargjafir. Notkunin var margv\u00edsleg.<\/p><p>Rau\u00f0i litur skeljarins haf\u00f0i mikla \u00fe\u00fd\u00f0ingu fyrir ver\u00f0m\u00e6ti hennar. \u00cd Andesfj\u00f6llum var rau\u00f0ur litur af miklu t\u00e1kngildi. Sambland d\u00fdrm\u00e6ts efnis og merkingar\u00ferungins litar j\u00f3k tr\u00faarlega vir\u00f0ingu skeljarins enn frekar.<\/p><p>\u00deessi texti l\u00fdsir vinnslu Mullu a\u00f0eins \u00e1 almennan h\u00e1tt. Lei\u00f0beiningar um eftirger\u00f0 v\u00e6ru ekki vi\u00f0eigandi, \u00fear sem Mullu var heilagt efni framandi tr\u00faarbrag\u00f0a og Spondylus-skeld\u00fdri\u00f0 er auk \u00feess \u00ed dag vernda\u00f0 samkv\u00e6mt l\u00f6gum um tegundavernd.<\/p>\t\t\t\t\t\t\t\t<\/div>\n\t\t\t\t<\/div>\n\t\t\t\t\t<\/div>\n\t\t\t\t<\/div>\n\t\t<div class=\"elementor-element elementor-element-iwgs-mullu-s3 e-flex e-con-boxed e-con e-parent\" data-id=\"iwgs-mullu-s3\" data-element_type=\"container\" data-e-type=\"container\">\n\t\t\t\t\t<div class=\"e-con-inner\">\n\t\t\t\t<div class=\"elementor-element elementor-element-iwgs-mullu-s3h elementor-widget elementor-widget-heading\" data-id=\"iwgs-mullu-s3h\" data-element_type=\"widget\" data-e-type=\"widget\" data-widget_type=\"heading.default\">\n\t\t\t\t\t<h2 class=\"elementor-heading-title elementor-size-default\">Tr\u00faarlegur og go\u00f0s\u00f6gulegur bakgrunnur<\/h2>\t\t\t\t<\/div>\n\t\t<div class=\"elementor-element elementor-element-iwgs-mullu-s3box e-con-full e-flex e-con e-parent\" data-id=\"iwgs-mullu-s3box\" data-element_type=\"container\" data-e-type=\"container\">\n\t\t\t\t<div class=\"elementor-element elementor-element-iwgs-mullu-s3t elementor-widget elementor-widget-text-editor\" data-id=\"iwgs-mullu-s3t\" data-element_type=\"widget\" data-e-type=\"widget\" data-widget_type=\"text-editor.default\">\n\t\t\t\t\t\t\t\t\t<p>\u00cd tr\u00faarbr\u00f6g\u00f0um Andesfjalla var mullu n\u00e1i\u00f0 tengt vatni og regni. \u00dear sem skelin kemur \u00far sj\u00f3num var h\u00fan talin gj\u00f6f vatnanna og efni sem tengdist raka og gr\u00f3\u00f0urmagni.<\/p><p>Andesfj\u00f6llin einkennast af spurningunni um n\u00e6gt vatn fyrir akrana. \u00cd \u00feessu samhengi f\u00e9kk mullu s\u00e9rstaka merkingu. \u00dea\u00f0 var f\u00e6rt fram sem f\u00f3rn til a\u00f0 bi\u00f0ja um regn og g\u00f3\u00f0a uppskeru.<\/p><p>Mullu var einnig talin velkomin f\u00e6\u00f0ugj\u00f6f e\u00f0a f\u00f3rn til gu\u00f0anna og hinna heil\u00f6gu sta\u00f0a, sem \u00ed Andesfj\u00f6llum eru kalla\u00f0ir huaca. \u00dea\u00f0 var lagt fram \u00e1 fjallahelgist\u00f6\u00f0um, vi\u00f0 lindir og \u00ed hofum.<\/p><p>\u00cd myndm\u00e1li menningarheima fyrir komu Sp\u00e1nverja kemur Spondylus-skelin oft fyrir. H\u00fan er s\u00fdnd \u00e1 leirmunum, text\u00edlum og l\u00e1gmyndum, oft \u00ed tengslum vi\u00f0 gu\u00f0i, vatn og gr\u00f3\u00f0urmagn.<\/p><p>S\u00e9rstaklega \u00ed list Chim\u00fa-menningarins og \u00ed fyrri strandmenningum er skelin s\u00fdnd \u00e1samt kafarum, b\u00e1tum og vatnafuglum. Sl\u00edkar myndir tengja uppruna mullu \u00far sj\u00f3num vi\u00f0 tr\u00faarlega notkun \u00feess.<\/p><p>\u00de\u00e6r s\u00fdna a\u00f0 merking efnisins \u00ed tr\u00faarbr\u00f6g\u00f0um Andesfjalla var n\u00e1i\u00f0 tengd hugmyndum um sj\u00f3inn og gjafir hans.<\/p><p>Fr\u00e1 v\u00edsindalegu sj\u00f3narhorni m\u00e1 skilja mullu sem heilagt efni, \u00fear sem kraftur \u00feess var talinn koma fr\u00e1 uppruna \u00feess, lit \u00feess og tengslum vi\u00f0 l\u00edfsnau\u00f0synlega n\u00e1tt\u00farukrafta. \u00dea\u00f0 var bur\u00f0arberi \u00feess sambands milli manns og heims sem tali\u00f0 var raunverulegt.<\/p><p>Mikilv\u00e6gt er a\u00f0 mullu virka\u00f0i ekki eitt og s\u00e9r, heldur innan ramma f\u00f3rna, b\u00e6na og fastm\u00f3ta\u00f0ra athafna. Merking \u00feess opna\u00f0ist fyrst \u00ed tr\u00faarlegu samhengi, ekki af efninu sj\u00e1lfu.<\/p>\t\t\t\t\t\t\t\t<\/div>\n\t\t\t\t<\/div>\n\t\t\t\t\t<\/div>\n\t\t\t\t<\/div>\n\t\t<div class=\"elementor-element elementor-element-iwgs-mullu-s4 e-flex e-con-boxed e-con e-parent\" data-id=\"iwgs-mullu-s4\" data-element_type=\"container\" data-e-type=\"container\">\n\t\t\t\t\t<div class=\"e-con-inner\">\n\t\t\t\t<div class=\"elementor-element elementor-element-iwgs-mullu-s4h elementor-widget elementor-widget-heading\" data-id=\"iwgs-mullu-s4h\" data-element_type=\"widget\" data-e-type=\"widget\" data-widget_type=\"heading.default\">\n\t\t\t\t\t<h2 class=\"elementor-heading-title elementor-size-default\">Helgisi\u00f0abundin notkun og berar<\/h2>\t\t\t\t<\/div>\n\t\t<div class=\"elementor-element elementor-element-iwgs-mullu-s4box e-con-full e-flex e-con e-parent\" data-id=\"iwgs-mullu-s4box\" data-element_type=\"container\" data-e-type=\"container\">\n\t\t\t\t<div class=\"elementor-element elementor-element-iwgs-mullu-s4t elementor-widget elementor-widget-text-editor\" data-id=\"iwgs-mullu-s4t\" data-element_type=\"widget\" data-e-type=\"widget\" data-widget_type=\"text-editor.default\">\n\t\t\t\t\t\t\t\t\t<p>Mikilv\u00e6gasta tr\u00faarlega notkun mullu var sem <span class=\"iwg-fachbegriff\" data-tooltip=\"Hinn \u00e1\u00fereifanlegi hlutur e\u00f0a f\u00e6\u00f0a sem f\u00e6r\u00f0 er gu\u00f0i a\u00f0 gj\u00f6f.\" tabindex=\"0\">f\u00f3rnargj\u00f6f<\/span>. \u00dea\u00f0 var lagt fram \u00e1 helgist\u00f6\u00f0um, s\u00e1ldra\u00f0 \u00e1 akra, byggt inn \u00ed byggingar e\u00f0a f\u00f3rna\u00f0 saman me\u00f0 \u00f6\u00f0rum gj\u00f6fum.<\/p><p>\u00cd f\u00f3rnum fyrir regn og gr\u00f3\u00f0urmagn haf\u00f0i mullu s\u00e9rstaka st\u00f6\u00f0u. \u00dea\u00f0 var f\u00e6rt fram til a\u00f0 bl\u00ed\u00f0ka gu\u00f0i vatnanna og jar\u00f0arins og tryggja \u00feannig g\u00f3\u00f0a uppskeru.<\/p><p>Mullu finnst einnig \u00ed gr\u00f6fum sem grafargj\u00f6f. \u00dea\u00f0 fylgdi hinum l\u00e1tnu af tign og bendir \u00feannig \u00e1 mikilv\u00e6gi \u00feess fyrir hugmyndir um dau\u00f0ann og framhaldsl\u00edf.<\/p><p>\u00deeir sem framkv\u00e6mdu tr\u00faarlega i\u00f0kun voru tr\u00faarlegir s\u00e9rfr\u00e6\u00f0ingar, prestar og fulltr\u00faar valdsins. \u00cd Inkaveldinu var \u00f6flun og notkun mullu hluti af tr\u00faarbr\u00f6g\u00f0um sem stj\u00f3rna\u00f0 var af r\u00edkinu.<\/p><p>Unni\u00f0 mullu, svo sem perluke\u00f0jur og hengi, var einnig bori\u00f0 sem skartgripur. \u00cd \u00feessu formi s\u00fdndi \u00fea\u00f0 st\u00f6\u00f0u handhafa s\u00edns og var samt\u00edmis tengt tr\u00faarlegri merkingu efnisins.<\/p><p>\u00cd n\u00fat\u00edma \u00fej\u00f3\u00f0tr\u00fa Andesfjalla lifa \u00e1fram hugmyndir sem eigna skelinni og lit hennar s\u00e9rstaka merkingu. \u00deessar hugmyndir eru \u00fe\u00f3 fr\u00e1brug\u00f0nar i\u00f0kun fyrir komu Sp\u00e1nverja og eru mismunandi eftir sv\u00e6\u00f0um.<\/p>\t\t\t\t\t\t\t\t<\/div>\n\t\t\t\t<\/div>\n\t\t\t\t\t<\/div>\n\t\t\t\t<\/div>\n\t\t<div class=\"elementor-element elementor-element-iwgs-mullu-s5 e-flex e-con-boxed e-con e-parent\" data-id=\"iwgs-mullu-s5\" data-element_type=\"container\" data-e-type=\"container\">\n\t\t\t\t\t<div class=\"e-con-inner\">\n\t\t\t\t<div class=\"elementor-element elementor-element-iwgs-mullu-s5h elementor-widget elementor-widget-heading\" data-id=\"iwgs-mullu-s5h\" data-element_type=\"widget\" data-e-type=\"widget\" data-widget_type=\"heading.default\">\n\t\t\t\t\t<h2 class=\"elementor-heading-title elementor-size-default\">Sv\u00e6\u00f0isbundin afbrig\u00f0i og tengt efni<\/h2>\t\t\t\t<\/div>\n\t\t<div class=\"elementor-element elementor-element-iwgs-mullu-s5box e-con-full e-flex e-con e-parent\" data-id=\"iwgs-mullu-s5box\" data-element_type=\"container\" data-e-type=\"container\">\n\t\t\t\t<div class=\"elementor-element elementor-element-iwgs-mullu-s5t elementor-widget elementor-widget-text-editor\" data-id=\"iwgs-mullu-s5t\" data-element_type=\"widget\" data-e-type=\"widget\" data-widget_type=\"text-editor.default\">\n\t\t\t\t\t\t\t\t\t<p>Vir\u00f0ing fyrir mullu var v\u00ed\u00f0a \u00fatbreidd \u00ed Andesfj\u00f6llum, en n\u00e1kv\u00e6m notkun \u00feess var mismunandi eftir menningarheimum og t\u00edmabilum. Fyrri strandmenningar, Moche, Chim\u00fa og Inkar notu\u00f0u mullu hver \u00e1 sinn h\u00e1tt.<\/p><p>Spondylus-skelin var mikilv\u00e6g verslunarvara. S\u00e9rh\u00e6f\u00f0ir kaupmenn, s\u00e9rstaklega fr\u00e1 str\u00f6nd Ekvador, flutti hana yfir langar vegalengdir \u00ed vi\u00f0skiptum. Mullu tengdi \u00feannig str\u00f6nd og h\u00e1lendi \u00ed v\u00ed\u00f0t\u00e6ku neti.<\/p><p>Skyld mullu \u00ed merkingu eru \u00f6nnur d\u00fdrm\u00e6t efni Andesfjalla, svo sem tiltekinn steinar, fja\u00f0rir og m\u00e1lmar. \u00deau voru einnig talin bera s\u00e9rstakan kraft og voru notu\u00f0 \u00ed f\u00f3rnum og skartgripum.<\/p><p>Fr\u00e1 v\u00edsindalegu sj\u00f3narhorni m\u00e1 bera mullu saman vi\u00f0 heil\u00f6g efni annarra menningarheima, svo sem efni sem voru talin s\u00e9rst\u00f6k vegna litar e\u00f0a uppruna. Sl\u00edkur samanbur\u00f0ur \u00fej\u00f3nar til a\u00f0 setja \u00fea\u00f0 \u00ed samhengi, en m\u00e1 ekki hylja s\u00e9rst\u00e6\u00f0i Andesfjalla.<\/p><p>Innan svi\u00f0s <a href=\"https:\/\/iwell-guard.com\/is\/verndartakn\/\">verndart\u00e1kna<\/a> er mullu d\u00e6mi um heilagt efni, \u00f3l\u00edkt fullger\u00f0um hlutum. Greinin um <a href=\"https:\/\/iwell-guard.com\/is\/?page_id=169134\">verndargrip og talisman<\/a> \u00fatsk\u00fdrir hugtakalegan a\u00f0greining.<\/p><p>Hlutir ger\u00f0ir \u00far mullu, svo sem perlur og styttur, standa samt\u00edmis \u00ed r\u00f6\u00f0 me\u00f0 \u00f6\u00f0rum unnum verndar- og skartgripum. Mullu s\u00fdnir \u00feannig hvernig efni og hlutir ger\u00f0ir \u00far \u00fev\u00ed ver\u00f0a a\u00f0 vera sko\u00f0a\u00f0ir saman.<\/p>\t\t\t\t\t\t\t\t<\/div>\n\t\t\t\t<\/div>\n\t\t\t\t\t<\/div>\n\t\t\t\t<\/div>\n\t\t<div class=\"elementor-element elementor-element-iwgs-mullu-s6 e-flex e-con-boxed e-con e-parent\" data-id=\"iwgs-mullu-s6\" data-element_type=\"container\" data-e-type=\"container\">\n\t\t\t\t\t<div class=\"e-con-inner\">\n\t\t\t\t<div class=\"elementor-element elementor-element-iwgs-mullu-s6h elementor-widget elementor-widget-heading\" data-id=\"iwgs-mullu-s6h\" data-element_type=\"widget\" data-e-type=\"widget\" data-widget_type=\"heading.default\">\n\t\t\t\t\t<h2 class=\"elementor-heading-title elementor-size-default\">Merking sem verndargripur<\/h2>\t\t\t\t<\/div>\n\t\t<div class=\"elementor-element elementor-element-iwgs-mullu-s6box e-con-full e-flex e-con e-parent\" data-id=\"iwgs-mullu-s6box\" data-element_type=\"container\" data-e-type=\"container\">\n\t\t\t\t<div class=\"elementor-element elementor-element-iwgs-mullu-s6t elementor-widget elementor-widget-text-editor\" data-id=\"iwgs-mullu-s6t\" data-element_type=\"widget\" data-e-type=\"widget\" data-widget_type=\"text-editor.default\">\n\t\t\t\t\t\t\t\t\t<p>Mullu var eignu\u00f0 verndandi og blessandi merking \u00ed Andesfj\u00f6llum, s\u00e9rstaklega \u00ed tengslum vi\u00f0 vatn, gr\u00f3\u00f0urmagn og velfer\u00f0 samf\u00e9lagsins. Vernd \u00feess snerist oft um uppskeruna og \u00fear me\u00f0 l\u00edfsvi\u00f0urv\u00e6ri\u00f0.<\/p><p>Verndin var ekki skilin sem v\u00e9lr\u00e6n \u00e1hrif efnisins, heldur sem aflei\u00f0ing r\u00e9ttra tengsla vi\u00f0 gu\u00f0i vatnanna og jar\u00f0arins. Mullu var lei\u00f0in sem \u00feessi tengsl voru vi\u00f0haldin me\u00f0.<\/p><p>Unni\u00f0 mullu bori\u00f0 \u00e1 l\u00edkamanum, svo sem sem perluke\u00f0ja, gat samt\u00edmis veri\u00f0 skili\u00f0 sem pers\u00f3nulegt vernd- og tignarmerki. \u00dea\u00f0 tengdi handhafa vi\u00f0 \u00feann kraft sem efninu var eigna\u00f0ur.<\/p><p>Fr\u00e1 v\u00edsindalegu sj\u00f3narhorni m\u00e1 l\u00fdsa verndarmerkingu mullu sem hluta af \u00fev\u00ed a\u00f0 takast \u00e1 vi\u00f0 \u00f3vissu. \u00cd heimi sem var \u00ed h\u00e6ttu vegna \u00feurrka og uppskerubrests bau\u00f0 f\u00f3rnf\u00e6rsla mullu upp \u00e1 skipulag\u00f0a ath\u00f6fn gegn kv\u00ed\u00f0anum.<\/p><p data-nosnippet=\"true\">\u00deessi texti gerir engar fullyr\u00f0ingar um raunveruleg \u00e1hrif. A\u00f0eins er l\u00fdst hva\u00f0a merkingu menningarheimar Andesfjalla eignu\u00f0u efninu. Heilsulofor\u00f0 og fullyr\u00f0ingar um \u00e1hrif eru s\u00e9rstaklega \u00fatiloku\u00f0.<\/p><p>\u00dea\u00f0 sem eftir stendur er a\u00f0 verndarmerking mullu var bundin tr\u00faarbr\u00f6g\u00f0um Andesfjalla. Utan \u00feessa samhengis er mullu fornleifafr\u00e6\u00f0ilegt efni og efni sem var\u00f0ar tegundavernd, ekki sj\u00e1lfvirkt <span class=\"iwg-fachbegriff\" data-tooltip=\"Hlutur sem borinn er og talinn hafa verndandi, \u00f3happaverjandi \u00e1hrif.\" tabindex=\"0\">verndargrip<\/span>.<\/p>\t\t\t\t\t\t\t\t<\/div>\n\t\t\t\t<\/div>\n\t\t\t\t\t<\/div>\n\t\t\t\t<\/div>\n\t\t<div class=\"elementor-element elementor-element-iwgs-mullu-s7 e-flex e-con-boxed e-con e-parent\" data-id=\"iwgs-mullu-s7\" data-element_type=\"container\" data-e-type=\"container\">\n\t\t\t\t\t<div class=\"e-con-inner\">\n\t\t\t\t<div class=\"elementor-element elementor-element-iwgs-mullu-s7h elementor-widget elementor-widget-heading\" data-id=\"iwgs-mullu-s7h\" data-element_type=\"widget\" data-e-type=\"widget\" data-widget_type=\"heading.default\">\n\t\t\t\t\t<h2 class=\"elementor-heading-title elementor-size-default\">Ranns\u00f3knarsaga, si\u00f0fer\u00f0ileg \u00e1litam\u00e1l og menningarleg yfirtaka<\/h2>\t\t\t\t<\/div>\n\t\t<div class=\"elementor-element elementor-element-iwgs-mullu-s7box e-con-full e-flex e-con e-parent\" data-id=\"iwgs-mullu-s7box\" data-element_type=\"container\" data-e-type=\"container\">\n\t\t\t\t<div class=\"elementor-element elementor-element-iwgs-mullu-s7t elementor-widget elementor-widget-text-editor\" data-id=\"iwgs-mullu-s7t\" data-element_type=\"widget\" data-e-type=\"widget\" data-widget_type=\"text-editor.default\">\n\t\t\t\t\t\t\t\t\t<p>Ranns\u00f3knir \u00e1 Mullu eru n\u00e1tengdar <span class=\"iwg-fachbegriff\" data-tooltip=\"V\u00edsindi sem rannsaka fyrri menningarheima me\u00f0 efnislegum fundum.\" tabindex=\"0\">fornleifafr\u00e6\u00f0i<\/span> Andesfjalla. Fundir \u00ed gr\u00f6fum, helgist\u00f6\u00f0um og bygg\u00f0um s\u00fdndu sk\u00fdrt hva\u00f0a st\u00f6\u00f0u Spondylus-skelin haf\u00f0i \u00ed \u00fe\u00fasundir \u00e1ra. K\u00f3lon\u00eduheimildir greina einnig fr\u00e1 notkun hennar.<\/p><p>S\u00ed\u00f0ari ranns\u00f3knir k\u00f6nnu\u00f0u verslunarlei\u00f0ir skeljarins, myndlist hennar og hlutverk \u00ed tr\u00faarbr\u00f6g\u00f0um. \u00deannig var\u00f0 Mullu mikilv\u00e6gt umfj\u00f6llunarefni til a\u00f0 skilja Andesfj\u00f6llin fyrir komu Sp\u00e1nverja.<\/p><p>Si\u00f0fer\u00f0ilegt vandam\u00e1l sn\u00fdr a\u00f0 me\u00f0fer\u00f0 fornleifafunda. Grafarr\u00e1n og \u00f3l\u00f6gleg verslun me\u00f0 gripi fr\u00e1 Andesfj\u00f6llum hafa ey\u00f0ilagt fundarsta\u00f0i og glata\u00f0 \u00feekkingu. Mullu-gripir eru einnig hluti af \u00feessu vandam\u00e1li.<\/p><p>Anna\u00f0 vandam\u00e1l er n\u00e1tt\u00faruvernd. Spondylus-skelin er \u00ed dag \u00ed \u00fatr\u00fdmingarh\u00e6ttu og l\u00fdtur verndarreglum. \u00dev\u00ed v\u00e6ri vi\u00f0skiptaleg n\u00fdting skeljarins sem es\u00f3ter\u00edsks hlutar einnig \u00f3vi\u00f0unandi fr\u00e1 vistfr\u00e6\u00f0ilegu sj\u00f3narmi\u00f0i.<\/p><p>\u00cd es\u00f3ter\u00edskum ritum er Mullu stundum kynnt sem kraftmiki\u00f0 heilunar- e\u00f0a verndarefni. V\u00edsindalega s\u00e9\u00f0 er \u00feetta n\u00fat\u00edmaleg t\u00falkun sem \u00e1 a\u00f0 greina fr\u00e1 merkingu \u00feess fyrir komu Sp\u00e1nverja og hefur engan sta\u00f0festan verkunarm\u00e1tt.<\/p><p>Fr\u00e1 lokum 20. aldar hafa fornleifafr\u00e6\u00f0ingar rannsaka\u00f0 verslunarlei\u00f0ir Mullu me\u00f0 n\u00e1tt\u00faruv\u00edsindalegum a\u00f0fer\u00f0um. Uppruna\u00adgreiningar \u00e1 skeljafundum gera kleift a\u00f0 rekja einstaka gripi til \u00e1kve\u00f0inna strandsv\u00e6\u00f0a. \u00deessar ranns\u00f3knir hafa sta\u00f0fest mynd af v\u00ed\u00f0t\u00e6ku vi\u00f0skiptanetkerfi sem tengdi str\u00f6ndina og h\u00e1l\u00f6ndin um langan t\u00edma.<\/p><p>Alvarleg framsetning l\u00fdsir Mullu sem heil\u00f6gu efni Andesfjalla fyrir komu Sp\u00e1nverja, greinir n\u00fat\u00edma <span class=\"iwg-fachbegriff\" data-tooltip=\"Samheiti yfir kenningar sem fullyr\u00f0a um leynda \u00feekkingu sem a\u00f0eins innv\u00edg\u00f0ir hafa a\u00f0gang a\u00f0.\" tabindex=\"0\">es\u00f3ter\u00edska<\/span> m\u00f3tt\u00f6ku sem s\u00e9rstakt fyrirb\u00e6ri og vekur athygli \u00e1 n\u00e1tt\u00faruvernd. Sl\u00edk framsetning for\u00f0ast alla augl\u00fdsingu \u00e1 skeljinni sem s\u00f6luv\u00f6ru.<\/p>\t\t\t\t\t\t\t\t<\/div>\n\t\t\t\t<\/div>\n\t\t\t\t\t<\/div>\n\t\t\t\t<\/div>\n\t\t<div class=\"elementor-element elementor-element-iwgs-mullu-s8 e-flex e-con-boxed e-con e-parent\" data-id=\"iwgs-mullu-s8\" data-element_type=\"container\" data-e-type=\"container\">\n\t\t\t\t\t<div class=\"e-con-inner\">\n\t\t\t\t<div class=\"elementor-element elementor-element-iwgs-mullu-s8h elementor-widget elementor-widget-heading\" data-id=\"iwgs-mullu-s8h\" data-element_type=\"widget\" data-e-type=\"widget\" data-widget_type=\"heading.default\">\n\t\t\t\t\t<h2 class=\"elementor-heading-title elementor-size-default\">M\u00f3tt\u00f6kur \u00ed dag<\/h2>\t\t\t\t<\/div>\n\t\t<div class=\"elementor-element elementor-element-iwgs-mullu-s8box e-con-full e-flex e-con e-parent\" data-id=\"iwgs-mullu-s8box\" data-element_type=\"container\" data-e-type=\"container\">\n\t\t\t\t<div class=\"elementor-element elementor-element-iwgs-mullu-s8t elementor-widget elementor-widget-text-editor\" data-id=\"iwgs-mullu-s8t\" data-element_type=\"widget\" data-e-type=\"widget\" data-widget_type=\"text-editor.default\">\n\t\t\t\t\t\t\t\t\t<p>Innan <span class=\"iwg-fachbegriff\" data-tooltip=\"V\u00edsindi sem rannsaka fyrri menningarheima me\u00f0 efnislegum fundum.\" tabindex=\"0\">fornleifafr\u00e6\u00f0i<\/span> og <span class=\"iwg-fachbegriff\" data-tooltip=\"V\u00edsindin sem rannsaka tr\u00faarbr\u00f6g\u00f0 samanbur\u00f0arlega og \u00e1n tr\u00faarlegrar skuldbindingar.\" tabindex=\"0\">tr\u00faarbrag\u00f0afr\u00e6\u00f0i<\/span> er Mullu vi\u00f0urkennt umfj\u00f6llunarefni. Fundir eru rannsaka\u00f0ir, s\u00fdndir og settir \u00ed samhengi vi\u00f0 s\u00f6gu Andesfjalla. S\u00f6fn \u00ed Per\u00fa, Ekvador og \u00f6\u00f0rum l\u00f6ndum s\u00fdna Mullu-gripi.<\/p><p>\u00cd \u00fej\u00f3\u00f0tr\u00fa n\u00faverandi Andesb\u00faa lifa \u00e1fram hugmyndir sem gefa skeljinni og rau\u00f0a litnum s\u00e9rstaka merkingu. \u00deessar hugmyndir eru mismunandi eftir sv\u00e6\u00f0um og standa \u00ed l\u00f6ngu munnm\u00e6lasambandi.<\/p><p>\u00cd es\u00f3ter\u00edskri og handverkslegri m\u00f3tt\u00f6ku er Mullu stundum bo\u00f0i\u00f0 sem skartgripur e\u00f0a sem meint kraftmiki\u00f0 efni. \u00deessa notkun \u00fearf a\u00f0 a\u00f0greina fr\u00e1 hinni s\u00f6gulegu merkingu, og h\u00fan er auk \u00feess vandam\u00e1l vegna n\u00e1tt\u00faruverndar.<\/p><p>N\u00e1tt\u00faruvernd einkennir n\u00fat\u00edmalega umgengni vi\u00f0 Spondylus-skelina. \u00dear sem stofnar hennar eru \u00ed h\u00e6ttu er verslun me\u00f0 hana takm\u00f6rku\u00f0. \u00c1byrgir s\u00f6lua\u00f0ilar sleppa \u00fev\u00ed a\u00f0 nota alv\u00f6ru skeljar til skreytingar.<\/p><p>Listamenn \u00ed Andesfj\u00f6llum v\u00edsa \u00f6\u00f0ru hverju til merkingar Mullu til a\u00f0 tengjast s\u00f6gu sv\u00e6\u00f0is s\u00edns fyrir komu Sp\u00e1nverja. \u00cd \u00feessari listr\u00e6nu notkun ver\u00f0ur Mullu t\u00e1kn menningarlegs uppruna.<\/p><p>\u00c1hugas\u00f6mum lesendum er r\u00e1\u00f0lagt a\u00f0 fara me\u00f0vita\u00f0 a\u00f0 m\u00e1linu. \u00dea\u00f0 er e\u00f0lilegt a\u00f0 afla s\u00e9r \u00feekkingar um Mullu, en ekki r\u00e1\u00f0legt a\u00f0 kaupa alv\u00f6ru Spondylus-skeljar af n\u00e1tt\u00faruverndar\u00e1st\u00e6\u00f0um. Fleiri verndargripi m\u00e1 sj\u00e1 \u00ed kaflanum um <a href=\"https:\/\/iwell-guard.com\/is\/verndartakn\/\">verndart\u00e1kn<\/a>.<\/p>\t\t\t\t\t\t\t\t<\/div>\n\t\t\t\t<\/div>\n\t\t\t\t\t<\/div>\n\t\t\t\t<\/div>\n\t\t<div class=\"elementor-element elementor-element-iwgs-mullu-lit e-flex e-con-boxed e-con e-parent\" data-id=\"iwgs-mullu-lit\" data-element_type=\"container\" data-e-type=\"container\">\n\t\t\t\t\t<div class=\"e-con-inner\">\n\t\t\t\t<div class=\"elementor-element elementor-element-iwgs-mullu-lith elementor-widget elementor-widget-heading\" data-id=\"iwgs-mullu-lith\" data-element_type=\"widget\" data-e-type=\"widget\" data-widget_type=\"heading.default\">\n\t\t\t\t\t<h2 class=\"elementor-heading-title elementor-size-default\">Heimildir (\u00farval)<\/h2>\t\t\t\t<\/div>\n\t\t<div class=\"elementor-element elementor-element-iwgs-mullu-litbox e-con-full e-flex e-con e-parent\" data-id=\"iwgs-mullu-litbox\" data-element_type=\"container\" data-e-type=\"container\">\n\t\t\t\t<div class=\"elementor-element elementor-element-iwgs-mullu-litt elementor-widget elementor-widget-html\" data-id=\"iwgs-mullu-litt\" data-element_type=\"widget\" data-e-type=\"widget\" data-widget_type=\"html.default\">\n\t\t\t\t\t<footer data-nosnippet=\"true\"><ul><li>Mar\u00eda Rostworowski: <em>Historia del Tahuantinsuyu<\/em> (1988)<\/li><li>Mary Helms: <em>Spondylus Shell in the Andes<\/em> (1986)<\/li><li>Henry Reichlen: <em>Recherches arch\u00e9ologiques dans les Andes<\/em> (1979)<\/li><li>Daniel Sandweiss: <em>The Archaeology of the Spondylus Shell Trade<\/em> (1996)<\/li><li>Izumi Shimada: <em>Pampa Grande and the Mochica Culture<\/em> (1994)<\/li><\/ul><\/footer>\t\t\t\t<\/div>\n\t\t\t\t<\/div>\n\t\t\t\t\t<\/div>\n\t\t\t\t<\/div>\n\t\t<div class=\"elementor-element elementor-element-iwgs-mullu-kwd e-flex e-con-boxed e-con e-parent\" data-id=\"iwgs-mullu-kwd\" data-element_type=\"container\" data-e-type=\"container\">\n\t\t\t\t\t<div class=\"e-con-inner\">\n\t\t\t\t<div class=\"elementor-element elementor-element-iwgs-mullu-kwdt elementor-widget elementor-widget-text-editor\" data-id=\"iwgs-mullu-kwdt\" data-element_type=\"widget\" data-e-type=\"widget\" data-widget_type=\"text-editor.default\">\n\t\t\t\t\t\t\t\t\t<p><em>Tengd leitaror\u00f0: Mullu Spondylus skel Andesfj\u00f6ll Inka Moche <span class=\"iwg-fachbegriff\" data-tooltip=\"\u00c1\u00fereifanlegur hlutur e\u00f0a f\u00e6\u00f0a sem er f\u00f3rnf\u00e6rt til gu\u00f0s.\" tabindex=\"0\">f\u00f3rnargj\u00f6f<\/span> heilagt efni Quechua regn frj\u00f3semi huaca.<\/em><\/p>\t\t\t\t\t\t\t\t<\/div>\n\t\t\t\t\t<\/div>\n\t\t\t\t<\/div>\n\t\t<div class=\"elementor-element elementor-element-iwgs-mullu-cc e-flex e-con-boxed e-con e-parent\" data-id=\"iwgs-mullu-cc\" data-element_type=\"container\" data-e-type=\"container\" id=\"iwg-cc-mullu\">\n\t\t\t\t\t<div class=\"e-con-inner\">\n\t\t<div class=\"elementor-element elementor-element-iwgs-mullu-ccinner e-flex e-con-boxed e-con e-parent\" data-id=\"iwgs-mullu-ccinner\" data-element_type=\"container\" data-e-type=\"container\" data-settings=\"{&quot;background_background&quot;:&quot;classic&quot;}\">\n\t\t\t\t\t<div class=\"e-con-inner\">\n\t\t\t\t<div class=\"elementor-element elementor-element-iwgs-mullu-cch elementor-widget elementor-widget-heading\" data-id=\"iwgs-mullu-cch\" data-element_type=\"widget\" data-e-type=\"widget\" data-widget_type=\"heading.default\">\n\t\t\t\t\t<h2 class=\"elementor-heading-title elementor-size-default\">iWell Guard og verndarhef\u00f0ir<\/h2>\t\t\t\t<\/div>\n\t\t\t\t<div class=\"elementor-element elementor-element-iwgs-mullu-cct elementor-widget elementor-widget-text-editor\" data-id=\"iwgs-mullu-cct\" data-element_type=\"widget\" data-e-type=\"widget\" data-widget_type=\"text-editor.default\">\n\t\t\t\t\t\t\t\t\t<p>iWell Guard er hluti af menningars\u00f6gulegri hef\u00f0 brj\u00f3stanlegra verndargripa, sem Mullu tilheyrir einnig. N\u00fat\u00edmalegur fylgihlutur fyrir f\u00f3lk sem lifir me\u00f0 verndart\u00e1knum: framleitt \u00ed \u00de\u00fdskalandi, 41 lag \u00far alv\u00f6ru gulli, plat\u00ednu og silfri, me\u00f0 30 daga skilar\u00e9tti.<\/p>\t\t\t\t\t\t\t\t<\/div>\n\t\t\t\t<div class=\"elementor-element elementor-element-iwgs-mullu-ccb iwg-cc-button iwg-cc-cta-2026-05-13 elementor-widget elementor-widget-jet-button\" data-id=\"iwgs-mullu-ccb\" data-element_type=\"widget\" data-e-type=\"widget\" data-widget_type=\"jet-button.default\">\n\t\t\t\t<div class=\"elementor-widget-container\">\n\t\t\t\t\t<div class=\"elementor-jet-button jet-elements\"><div class=\"jet-button__container\"><a class=\"jet-button__instance jet-button__instance--icon-left hover-effect-1\" href=\"\/schutzanhaenger-iwell-guard-kaufen\/?utm_source=iwell-guard.com&amp;utm_medium=info-box&amp;utm_campaign=schutzsymbole\"><div class=\"jet-button__plane jet-button__plane-normal\"><\/div><div class=\"jet-button__plane jet-button__plane-hover\"><\/div><div class=\"jet-button__state jet-button__state-normal\"><span class=\"jet-button__label\">Meira um iWell Guard<\/span><\/div><div class=\"jet-button__state jet-button__state-hover\"><span class=\"jet-button__label\">Meira um iWell Guard<\/span><\/div><\/a><\/div><\/div><style>.elementor-element.elementor-element-iwgs-mullu-ccb .jet-button__instance{width:320px;height:56px;}.elementor-element.elementor-element-iwgs-mullu-ccb .jet-button__state-normal .jet-button__label{text-align:center;margin:0px 0px 0px 0px;color:#1a1b20;font-family:Montserrat,sans-serif;font-size:13px;font-weight:400;letter-spacing:4px;line-height:1.714em;text-transform:uppercase;}.elementor-element.elementor-element-iwgs-mullu-ccb .jet-button__state-hover .jet-button__label{text-align:center;margin:0px 0px 0px 0px;color:#FECC76;font-family:Montserrat,sans-serif;font-size:13px;font-weight:400;letter-spacing:4px;line-height:1.714em;text-transform:uppercase;}.elementor-element.elementor-element-iwgs-mullu-ccb .jet-button__plane-normal{background-color:#FECC76;border-style:solid;border-color:#C99540;border-width:2px 2px 2px 2px;}.elementor-element.elementor-element-iwgs-mullu-ccb .jet-button__plane-hover{background-color:rgba(0,0,0,0.55);border-style:solid;border-color:#FECC76;border-width:2px 2px 2px 2px;}<\/style>\t\t\t\t<\/div>\n\t\t\t\t<\/div>\n\t\t\t\t<div class=\"elementor-element elementor-element-iwgs-mullu-ccd elementor-widget elementor-widget-text-editor\" data-id=\"iwgs-mullu-ccd\" data-element_type=\"widget\" data-e-type=\"widget\" data-widget_type=\"text-editor.default\">\n\t\t\t\t\t\t\t\t\t<p style=\"text-align:center;font-size:13px;opacity:0.7;margin-top:14px\" data-nosnippet=\"true\">Pers\u00f3nuleg reynsla getur veri\u00f0 mismunandi. Ekki l\u00e6kningat\u00e6ki. Engin lofor\u00f0 um l\u00e6kningu.<\/p>\t\t\t\t\t\t\t\t<\/div>\n\t\t\t\t\t<\/div>\n\t\t\t\t<\/div>\n\t\t\t\t\t<\/div>\n\t\t\t\t<\/div>\n\t\t<div class=\"elementor-element elementor-element-iwgs-mullu-disc e-flex e-con-boxed e-con e-parent\" data-id=\"iwgs-mullu-disc\" data-element_type=\"container\" data-e-type=\"container\">\n\t\t\t\t\t<div class=\"e-con-inner\">\n\t\t\t\t<div class=\"elementor-element elementor-element-iwgs-mullu-discw elementor-widget elementor-widget-html\" data-id=\"iwgs-mullu-discw\" data-element_type=\"widget\" data-e-type=\"widget\" data-widget_type=\"html.default\">\n\t\t\t\t\t<footer data-nosnippet=\"true\" class=\"iwg-disclaimer-block\"><p data-nosnippet=\"true\">iWell Guard er <strong>ekki l\u00e6kningat\u00e6ki<\/strong> og kemur ekki \u00ed sta\u00f0 l\u00e6knis- e\u00f0a s\u00e1lfr\u00e6\u00f0ime\u00f0fer\u00f0ar. Innihaldi\u00f0 sem h\u00e9r er sett fram er tr\u00faarbrag\u00f0afr\u00e6\u00f0ileg og menningars\u00f6gulega greining, ekki lofor\u00f0 um andlega virkni.<\/p><\/footer>\t\t\t\t<\/div>\n\t\t\t\t\t<\/div>\n\t\t\t\t<\/div>\n\t\t\t\t<\/div>\n\t\t","protected":false},"excerpt":{"rendered":"","protected":false},"author":3,"featured_media":3559,"parent":0,"menu_order":0,"comment_status":"closed","ping_status":"closed","template":"elementor_header_footer","meta":{"_yoast_wpseo_focuskw":"Mullu","_yoast_wpseo_title":"Mullu: heilagt Spondylus-skel Andesfjalla","_yoast_wpseo_metadesc":"Mullu, heilagt Spondylus-skel Andesfjalla: uppruni, tr\u00faarleg merking og notkun sem verndar- og f\u00f3rnarefni, \u00fatsk\u00fdrt \u00e1 hlutl\u00e6gan h\u00e1tt.","_yoast_wpseo_meta-robots-noindex":"","_yoast_wpseo_canonical":"","_angie_page":false,"gefaehrdungsstufe":"","wesen_kultur":"","wesen_klasse":"","footnotes":""},"categories":[],"class_list":["post-169234","page","type-page","status-publish","has-post-thumbnail","hentry"],"yoast_head":"<!-- This site is optimized with the Yoast SEO Premium plugin v27.7 (Yoast SEO v28.3) - https:\/\/yoast.com\/product\/yoast-seo-premium-wordpress\/ -->\n<title>Mullu: heilagt Spondylus-skel Andesfjalla<\/title>\n<meta name=\"description\" content=\"Mullu, heilagt Spondylus-skel Andesfjalla: uppruni, tr\u00faarleg merking og notkun sem verndar- og f\u00f3rnarefni, \u00fatsk\u00fdrt \u00e1 hlutl\u00e6gan h\u00e1tt.\" \/>\n<meta name=\"robots\" content=\"index, follow, max-snippet:-1, max-image-preview:large, max-video-preview:-1\" \/>\n<link rel=\"canonical\" href=\"https:\/\/iwell-guard.com\/is\/mullu-heilog-spondylus-skel\/\" \/>\n<meta property=\"og:locale\" content=\"is_IS\" \/>\n<meta property=\"og:type\" content=\"article\" \/>\n<meta property=\"og:title\" content=\"Mullu: heilagt Spondylus-skel Andesfjalla\" \/>\n<meta property=\"og:description\" content=\"Mullu, heilagt Spondylus-skel Andesfjalla: uppruni, tr\u00faarleg merking og notkun sem verndar- og f\u00f3rnarefni, \u00fatsk\u00fdrt \u00e1 hlutl\u00e6gan h\u00e1tt.\" \/>\n<meta property=\"og:url\" content=\"https:\/\/iwell-guard.com\/is\/mullu-heilog-spondylus-skel\/\" \/>\n<meta property=\"og:site_name\" content=\"iWell Guard\" \/>\n<meta property=\"article:modified_time\" content=\"2026-09-05T14:35:40+00:00\" \/>\n<meta property=\"og:image\" content=\"https:\/\/iwell-guard.com\/wp-content\/uploads\/2026\/05\/schutzsymbol_anden_mullu.webp\" \/>\n\t<meta property=\"og:image:width\" content=\"1024\" \/>\n\t<meta property=\"og:image:height\" content=\"1536\" \/>\n\t<meta property=\"og:image:type\" content=\"image\/webp\" \/>\n<meta name=\"twitter:card\" content=\"summary_large_image\" \/>\n<script type=\"application\/ld+json\" class=\"yoast-schema-graph\">{\"@context\":\"https:\\\/\\\/schema.org\",\"@graph\":[{\"@type\":\"WebPage\",\"@id\":\"https:\\\/\\\/iwell-guard.com\\\/is\\\/mullu-heilog-spondylus-skel\\\/\",\"url\":\"https:\\\/\\\/iwell-guard.com\\\/is\\\/mullu-heilog-spondylus-skel\\\/\",\"name\":\"Mullu: heilagt Spondylus-skel Andesfjalla\",\"isPartOf\":{\"@id\":\"https:\\\/\\\/iwell-guard.com\\\/is\\\/#website\"},\"primaryImageOfPage\":{\"@id\":\"https:\\\/\\\/iwell-guard.com\\\/is\\\/mullu-heilog-spondylus-skel\\\/#primaryimage\"},\"image\":{\"@id\":\"https:\\\/\\\/iwell-guard.com\\\/is\\\/mullu-heilog-spondylus-skel\\\/#primaryimage\"},\"thumbnailUrl\":\"https:\\\/\\\/iwell-guard.com\\\/wp-content\\\/uploads\\\/2026\\\/05\\\/schutzsymbol_anden_mullu.webp\",\"datePublished\":\"2026-09-05T14:06:43+00:00\",\"dateModified\":\"2026-09-05T14:35:40+00:00\",\"description\":\"Mullu, heilagt Spondylus-skel Andesfjalla: uppruni, tr\u00faarleg merking og notkun sem verndar- og f\u00f3rnarefni, \u00fatsk\u00fdrt \u00e1 hlutl\u00e6gan h\u00e1tt.\",\"breadcrumb\":{\"@id\":\"https:\\\/\\\/iwell-guard.com\\\/is\\\/mullu-heilog-spondylus-skel\\\/#breadcrumb\"},\"inLanguage\":\"is\",\"potentialAction\":[{\"@type\":\"ReadAction\",\"target\":[\"https:\\\/\\\/iwell-guard.com\\\/is\\\/mullu-heilog-spondylus-skel\\\/\"]}]},{\"@type\":\"ImageObject\",\"inLanguage\":\"is\",\"@id\":\"https:\\\/\\\/iwell-guard.com\\\/is\\\/mullu-heilog-spondylus-skel\\\/#primaryimage\",\"url\":\"https:\\\/\\\/iwell-guard.com\\\/wp-content\\\/uploads\\\/2026\\\/05\\\/schutzsymbol_anden_mullu.webp\",\"contentUrl\":\"https:\\\/\\\/iwell-guard.com\\\/wp-content\\\/uploads\\\/2026\\\/05\\\/schutzsymbol_anden_mullu.webp\",\"width\":1024,\"height\":1536,\"caption\":\"Verndart\u00e1kn. Myndskreyting \u00ed safnst\u00edl.\"},{\"@type\":\"BreadcrumbList\",\"@id\":\"https:\\\/\\\/iwell-guard.com\\\/is\\\/mullu-heilog-spondylus-skel\\\/#breadcrumb\",\"itemListElement\":[{\"@type\":\"ListItem\",\"position\":1,\"name\":\"Start\",\"item\":\"https:\\\/\\\/iwell-guard.com\\\/is\\\/?page_id=168580\"},{\"@type\":\"ListItem\",\"position\":2,\"name\":\"Mullu: heilagt Spondylus-skel Andesfjalla\"}]},{\"@type\":\"WebSite\",\"@id\":\"https:\\\/\\\/iwell-guard.com\\\/is\\\/#website\",\"url\":\"https:\\\/\\\/iwell-guard.com\\\/is\\\/\",\"name\":\"iWell Guard\",\"description\":\"Schutz vor dunklen Einfl\u00fcssen\",\"publisher\":{\"@id\":\"https:\\\/\\\/iwell-guard.com\\\/is\\\/#organization\"},\"potentialAction\":[{\"@type\":\"SearchAction\",\"target\":{\"@type\":\"EntryPoint\",\"urlTemplate\":\"https:\\\/\\\/iwell-guard.com\\\/is\\\/?s={search_term_string}\"},\"query-input\":{\"@type\":\"PropertyValueSpecification\",\"valueRequired\":true,\"valueName\":\"search_term_string\"}}],\"inLanguage\":\"is\"},{\"@type\":\"Organization\",\"@id\":\"https:\\\/\\\/iwell-guard.com\\\/is\\\/#organization\",\"name\":\"Ittermann electronic GmbH\",\"url\":\"https:\\\/\\\/iwell-guard.com\\\/is\\\/\",\"logo\":{\"@type\":\"ImageObject\",\"inLanguage\":\"is\",\"@id\":\"https:\\\/\\\/iwell-guard.com\\\/is\\\/#\\\/schema\\\/logo\\\/image\\\/\",\"url\":\"https:\\\/\\\/iwell-guard.com\\\/wp-content\\\/uploads\\\/2026\\\/05\\\/Ittermann-Logo-1182x237-1.png\",\"contentUrl\":\"https:\\\/\\\/iwell-guard.com\\\/wp-content\\\/uploads\\\/2026\\\/05\\\/Ittermann-Logo-1182x237-1.png\",\"width\":1182,\"height\":237,\"caption\":\"Ittermann electronic GmbH\"},\"image\":{\"@id\":\"https:\\\/\\\/iwell-guard.com\\\/is\\\/#\\\/schema\\\/logo\\\/image\\\/\"},\"sameAs\":[\"https:\\\/\\\/pantip.com\\\/profile\\\/9367242\",\"https:\\\/\\\/micro.blog\\\/iwellguard\",\"https:\\\/\\\/www.diggerslist.com\\\/iwellguard\\\/about\",\"https:\\\/\\\/skitterphoto.com\\\/photographers\\\/2870314\\\/iwell-guard\",\"https:\\\/\\\/iwellguard.wordpress.com\\\/2026\\\/06\\\/06\\\/iwell-guard\\\/\",\"https:\\\/\\\/hub.docker.com\\\/u\\\/iwellguard\",\"https:\\\/\\\/www.pinterest.com\\\/iwellguard\\\/\",\"https:\\\/\\\/bit.ly\\\/m\\\/iwellguard\",\"https:\\\/\\\/entre-vos-mains.alsace.eu\\\/profiles\\\/iwellguard\\\/activity\",\"https:\\\/\\\/gravatar.com\\\/reallybeded8fd34\",\"https:\\\/\\\/naijamatta.com\\\/iwellguard\",\"https:\\\/\\\/www.goodreads.com\\\/iwellguard\",\"https:\\\/\\\/profile.hatena.ne.jp\\\/iwellguard\\\/\",\"https:\\\/\\\/experiment.com\\\/users\\\/iwellguard\",\"https:\\\/\\\/wakelet.com\\\/@iWellGuard82270\",\"https:\\\/\\\/www.chordie.com\\\/forum\\\/profile.php?id=2555664\",\"https:\\\/\\\/www.instapaper.com\\\/p\\\/17757966\",\"https:\\\/\\\/www.mapleprimes.com\\\/users\\\/iwellguard\",\"https:\\\/\\\/businesslistingplus.com\\\/profile\\\/iwell-guard\\\/\",\"https:\\\/\\\/telegra.ph\\\/iWell-Guard-06-06\",\"https:\\\/\\\/pbase.com\\\/iwellguard\\\/iwellguard\",\"https:\\\/\\\/b.hatena.ne.jp\\\/iwellguard\\\/20260607#bookmark-4788405196491818882\",\"https:\\\/\\\/fliphtml5.com\\\/home\\\/iwellguard\",\"https:\\\/\\\/anyflip.com\\\/homepage\\\/cmiwl#About\",\"https:\\\/\\\/transfur.com\\\/Users\\\/iwellguard\",\"http:\\\/\\\/delphi.larsbo.org\\\/user\\\/iwellguard\",\"https:\\\/\\\/jobs.lajobsportal.org\\\/profiles\\\/8380803-iwell-guard\",\"https:\\\/\\\/md.chaosdorf.de\\\/s\\\/jfbe5SBdJD\",\"https:\\\/\\\/www.lingvolive.com\\\/en-us\\\/profile\\\/9ecaeaca-ce11-4e51-9e71-01d55e2bff36\\\/translations\",\"https:\\\/\\\/www.fitday.com\\\/fitness\\\/forums\\\/members\\\/iwellguard.html\",\"https:\\\/\\\/www.mymeetbook.com\\\/iwellguard\",\"https:\\\/\\\/pxhere.com\\\/en\\\/photographer-me\\\/5040798\",\"https:\\\/\\\/disqus.com\\\/by\\\/iwellguard\\\/about\\\/\",\"https:\\\/\\\/pastelink.net\\\/hjwciqwq\",\"https:\\\/\\\/pubhtml5.com\\\/homepage\\\/scjhn\\\/\",\"https:\\\/\\\/www.bitchute.com\\\/channel\\\/2O2eOKzNqujT\",\"https:\\\/\\\/audiomack.com\\\/iwellguard\"]}]}<\/script>\n<!-- \/ Yoast SEO Premium plugin. -->","yoast_head_json":{"title":"Mullu: heilagt Spondylus-skel Andesfjalla","description":"Mullu, heilagt Spondylus-skel Andesfjalla: uppruni, tr\u00faarleg merking og notkun sem verndar- og f\u00f3rnarefni, \u00fatsk\u00fdrt \u00e1 hlutl\u00e6gan h\u00e1tt.","robots":{"index":"index","follow":"follow","max-snippet":"max-snippet:-1","max-image-preview":"max-image-preview:large","max-video-preview":"max-video-preview:-1"},"canonical":"https:\/\/iwell-guard.com\/is\/mullu-heilog-spondylus-skel\/","og_locale":"is_IS","og_type":"article","og_title":"Mullu: heilagt Spondylus-skel Andesfjalla","og_description":"Mullu, heilagt Spondylus-skel Andesfjalla: uppruni, tr\u00faarleg merking og notkun sem verndar- og f\u00f3rnarefni, \u00fatsk\u00fdrt \u00e1 hlutl\u00e6gan h\u00e1tt.","og_url":"https:\/\/iwell-guard.com\/is\/mullu-heilog-spondylus-skel\/","og_site_name":"iWell Guard","article_modified_time":"2026-09-05T14:35:40+00:00","og_image":[{"width":1024,"height":1536,"url":"https:\/\/iwell-guard.com\/wp-content\/uploads\/2026\/05\/schutzsymbol_anden_mullu.webp","type":"image\/webp"}],"twitter_card":"summary_large_image","schema":{"@context":"https:\/\/schema.org","@graph":[{"@type":"WebPage","@id":"https:\/\/iwell-guard.com\/is\/mullu-heilog-spondylus-skel\/","url":"https:\/\/iwell-guard.com\/is\/mullu-heilog-spondylus-skel\/","name":"Mullu: heilagt Spondylus-skel Andesfjalla","isPartOf":{"@id":"https:\/\/iwell-guard.com\/is\/#website"},"primaryImageOfPage":{"@id":"https:\/\/iwell-guard.com\/is\/mullu-heilog-spondylus-skel\/#primaryimage"},"image":{"@id":"https:\/\/iwell-guard.com\/is\/mullu-heilog-spondylus-skel\/#primaryimage"},"thumbnailUrl":"https:\/\/iwell-guard.com\/wp-content\/uploads\/2026\/05\/schutzsymbol_anden_mullu.webp","datePublished":"2026-09-05T14:06:43+00:00","dateModified":"2026-09-05T14:35:40+00:00","description":"Mullu, heilagt Spondylus-skel Andesfjalla: uppruni, tr\u00faarleg merking og notkun sem verndar- og f\u00f3rnarefni, \u00fatsk\u00fdrt \u00e1 hlutl\u00e6gan h\u00e1tt.","breadcrumb":{"@id":"https:\/\/iwell-guard.com\/is\/mullu-heilog-spondylus-skel\/#breadcrumb"},"inLanguage":"is","potentialAction":[{"@type":"ReadAction","target":["https:\/\/iwell-guard.com\/is\/mullu-heilog-spondylus-skel\/"]}]},{"@type":"ImageObject","inLanguage":"is","@id":"https:\/\/iwell-guard.com\/is\/mullu-heilog-spondylus-skel\/#primaryimage","url":"https:\/\/iwell-guard.com\/wp-content\/uploads\/2026\/05\/schutzsymbol_anden_mullu.webp","contentUrl":"https:\/\/iwell-guard.com\/wp-content\/uploads\/2026\/05\/schutzsymbol_anden_mullu.webp","width":1024,"height":1536,"caption":"Verndart\u00e1kn. Myndskreyting \u00ed safnst\u00edl."},{"@type":"BreadcrumbList","@id":"https:\/\/iwell-guard.com\/is\/mullu-heilog-spondylus-skel\/#breadcrumb","itemListElement":[{"@type":"ListItem","position":1,"name":"Start","item":"https:\/\/iwell-guard.com\/is\/?page_id=168580"},{"@type":"ListItem","position":2,"name":"Mullu: heilagt Spondylus-skel Andesfjalla"}]},{"@type":"WebSite","@id":"https:\/\/iwell-guard.com\/is\/#website","url":"https:\/\/iwell-guard.com\/is\/","name":"iWell Guard","description":"Schutz vor dunklen Einfl\u00fcssen","publisher":{"@id":"https:\/\/iwell-guard.com\/is\/#organization"},"potentialAction":[{"@type":"SearchAction","target":{"@type":"EntryPoint","urlTemplate":"https:\/\/iwell-guard.com\/is\/?s={search_term_string}"},"query-input":{"@type":"PropertyValueSpecification","valueRequired":true,"valueName":"search_term_string"}}],"inLanguage":"is"},{"@type":"Organization","@id":"https:\/\/iwell-guard.com\/is\/#organization","name":"Ittermann electronic GmbH","url":"https:\/\/iwell-guard.com\/is\/","logo":{"@type":"ImageObject","inLanguage":"is","@id":"https:\/\/iwell-guard.com\/is\/#\/schema\/logo\/image\/","url":"https:\/\/iwell-guard.com\/wp-content\/uploads\/2026\/05\/Ittermann-Logo-1182x237-1.png","contentUrl":"https:\/\/iwell-guard.com\/wp-content\/uploads\/2026\/05\/Ittermann-Logo-1182x237-1.png","width":1182,"height":237,"caption":"Ittermann electronic GmbH"},"image":{"@id":"https:\/\/iwell-guard.com\/is\/#\/schema\/logo\/image\/"},"sameAs":["https:\/\/pantip.com\/profile\/9367242","https:\/\/micro.blog\/iwellguard","https:\/\/www.diggerslist.com\/iwellguard\/about","https:\/\/skitterphoto.com\/photographers\/2870314\/iwell-guard","https:\/\/iwellguard.wordpress.com\/2026\/06\/06\/iwell-guard\/","https:\/\/hub.docker.com\/u\/iwellguard","https:\/\/www.pinterest.com\/iwellguard\/","https:\/\/bit.ly\/m\/iwellguard","https:\/\/entre-vos-mains.alsace.eu\/profiles\/iwellguard\/activity","https:\/\/gravatar.com\/reallybeded8fd34","https:\/\/naijamatta.com\/iwellguard","https:\/\/www.goodreads.com\/iwellguard","https:\/\/profile.hatena.ne.jp\/iwellguard\/","https:\/\/experiment.com\/users\/iwellguard","https:\/\/wakelet.com\/@iWellGuard82270","https:\/\/www.chordie.com\/forum\/profile.php?id=2555664","https:\/\/www.instapaper.com\/p\/17757966","https:\/\/www.mapleprimes.com\/users\/iwellguard","https:\/\/businesslistingplus.com\/profile\/iwell-guard\/","https:\/\/telegra.ph\/iWell-Guard-06-06","https:\/\/pbase.com\/iwellguard\/iwellguard","https:\/\/b.hatena.ne.jp\/iwellguard\/20260607#bookmark-4788405196491818882","https:\/\/fliphtml5.com\/home\/iwellguard","https:\/\/anyflip.com\/homepage\/cmiwl#About","https:\/\/transfur.com\/Users\/iwellguard","http:\/\/delphi.larsbo.org\/user\/iwellguard","https:\/\/jobs.lajobsportal.org\/profiles\/8380803-iwell-guard","https:\/\/md.chaosdorf.de\/s\/jfbe5SBdJD","https:\/\/www.lingvolive.com\/en-us\/profile\/9ecaeaca-ce11-4e51-9e71-01d55e2bff36\/translations","https:\/\/www.fitday.com\/fitness\/forums\/members\/iwellguard.html","https:\/\/www.mymeetbook.com\/iwellguard","https:\/\/pxhere.com\/en\/photographer-me\/5040798","https:\/\/disqus.com\/by\/iwellguard\/about\/","https:\/\/pastelink.net\/hjwciqwq","https:\/\/pubhtml5.com\/homepage\/scjhn\/","https:\/\/www.bitchute.com\/channel\/2O2eOKzNqujT","https:\/\/audiomack.com\/iwellguard"]}]}},"_links":{"self":[{"href":"https:\/\/iwell-guard.com\/is\/wp-json\/wp\/v2\/pages\/169234","targetHints":{"allow":["GET"]}}],"collection":[{"href":"https:\/\/iwell-guard.com\/is\/wp-json\/wp\/v2\/pages"}],"about":[{"href":"https:\/\/iwell-guard.com\/is\/wp-json\/wp\/v2\/types\/page"}],"author":[{"embeddable":true,"href":"https:\/\/iwell-guard.com\/is\/wp-json\/wp\/v2\/users\/3"}],"replies":[{"embeddable":true,"href":"https:\/\/iwell-guard.com\/is\/wp-json\/wp\/v2\/comments?post=169234"}],"version-history":[{"count":0,"href":"https:\/\/iwell-guard.com\/is\/wp-json\/wp\/v2\/pages\/169234\/revisions"}],"wp:featuredmedia":[{"embeddable":true,"href":"https:\/\/iwell-guard.com\/is\/wp-json\/wp\/v2\/media\/3559"}],"wp:attachment":[{"href":"https:\/\/iwell-guard.com\/is\/wp-json\/wp\/v2\/media?parent=169234"}],"wp:term":[{"taxonomy":"category","embeddable":true,"href":"https:\/\/iwell-guard.com\/is\/wp-json\/wp\/v2\/categories?post=169234"}],"curies":[{"name":"wp","href":"https:\/\/api.w.org\/{rel}","templated":true}]}}