{"id":169233,"date":"2026-09-05T14:06:42","date_gmt":"2026-09-05T14:06:42","guid":{"rendered":"https:\/\/iwell-guard.com\/?page_id=169233"},"modified":"2026-09-05T14:35:39","modified_gmt":"2026-09-05T14:35:39","slug":"milagros-votifplotur-althyduttrear","status":"publish","type":"page","link":"https:\/\/iwell-guard.com\/is\/milagros-votifplotur-althyduttrear\/","title":{"rendered":"Milagros: Vot\u00edfpl\u00f6tur al\u00fe\u00fd\u00f0utr\u00faar"},"content":{"rendered":"\t\t<div data-elementor-type=\"wp-page\" data-elementor-id=\"169233\" class=\"elementor elementor-169233 elementor-3725 elementor-bc-flex-widget\" data-elementor-post-type=\"page\">\n\t\t\t\t<div class=\"elementor-element elementor-element-iwgs-milagros-hero e-flex e-con-boxed e-con e-parent\" data-id=\"iwgs-milagros-hero\" data-element_type=\"container\" data-e-type=\"container\">\n\t\t\t\t\t<div class=\"e-con-inner\">\n\t\t<div class=\"elementor-element elementor-element-iwgs-milagros-hl e-flex e-con-boxed e-con e-parent\" data-id=\"iwgs-milagros-hl\" data-element_type=\"container\" data-e-type=\"container\">\n\t\t\t\t\t<div class=\"e-con-inner\">\n\t\t<div class=\"elementor-element elementor-element-iwgs-milagros-hlbox e-con-full e-flex e-con e-parent\" data-id=\"iwgs-milagros-hlbox\" data-element_type=\"container\" data-e-type=\"container\">\n\t\t\t\t<div class=\"elementor-element elementor-element-iwgs-milagros-h1 elementor-widget elementor-widget-heading\" data-id=\"iwgs-milagros-h1\" data-element_type=\"widget\" data-e-type=\"widget\" data-widget_type=\"heading.default\">\n\t\t\t\t\t<h1 class=\"elementor-heading-title elementor-size-default\">Milagros: litlar vot\u00edf-m\u00e1lmpl\u00f6tur latnesk-amer\u00edskrar al\u00fe\u00fd\u00f0utr\u00faar<\/h1>\t\t\t\t<\/div>\n\t\t\t\t<div class=\"elementor-element elementor-element-iwgs-milagros-lead elementor-widget elementor-widget-text-editor\" data-id=\"iwgs-milagros-lead\" data-element_type=\"widget\" data-e-type=\"widget\" data-widget_type=\"text-editor.default\">\n\t\t\t\t\t\t\t\t\t<p>Milagros eru litlar, oft myndr\u00e6nar m\u00e1lmpl\u00f6tur sem eru nota\u00f0ar sem vot\u00edfgjafir \u00ed hinni ka\u00fe\u00f3lskt m\u00f3tu\u00f0u <span class=\"iwg-fachbegriff\" data-tooltip=\"Tr\u00faari\u00f0kun sem lifu\u00f0 er \u00ed daglegu l\u00edfi, oft samhli\u00f0a hinni opinberu kenningu.\" tabindex=\"0\">al\u00fe\u00fd\u00f0utr\u00fa<\/span> R\u00f3m\u00f6nsku Amer\u00edku og hins \u00edberska heims. Sp\u00e6nska or\u00f0i\u00f0 milagro \u00fe\u00fd\u00f0ir kraftaverk. Me\u00f0 milagro f\u00e6rir manneskja b\u00e6n e\u00f0a \u00feakkir fram fyrir d\u00fdrling, oft \u00ed mynd l\u00edkamshluta, d\u00fdrs e\u00f0a hlutar sem t\u00e1knar m\u00e1lefni\u00f0.<\/p><p>Fr\u00e1 sj\u00f3narh\u00f3li tr\u00faarbrag\u00f0afr\u00e6\u00f0a teljast milagros til hinnar l\u00f6ngu s\u00f6gu vot\u00edfi\u00f0kunar, \u00fear sem m\u00e1lefni er bori\u00f0 fram fyrir hi\u00f0 heilaga \u00ed s\u00fdnilegu formi. \u00deessi texti l\u00fdsir uppruna, formi og merkingu milagros fr\u00e1 utana\u00f0komandi sj\u00f3narhorni og \u00e1n \u00e1byrg\u00f0ar \u00e1 virkni.<\/p>\n<p class=\"iwg-kwfix\">Milagros eru litlar vot\u00edfpl\u00f6tur sem eru f\u00e6r\u00f0ar fram \u00ed R\u00f3m\u00f6nsku Amer\u00edku til verndar og heilunar.<\/p>\t\t\t\t\t\t\t\t<\/div>\n\t\t\t\t<\/div>\n\t\t\t\t<div class=\"elementor-element elementor-element-iwgs-milagros-pills elementor-widget elementor-widget-html\" data-id=\"iwgs-milagros-pills\" data-element_type=\"widget\" data-e-type=\"widget\" data-widget_type=\"html.default\">\n\t\t\t\t\t<div class=\"iwg-pill-row\"><span class=\"iwg-klasse-badge\" tabindex=\"0\" data-tooltip=\"Verndart\u00e1kn, verndargripur e\u00f0a ap\u00f3tr\u00f3pa\u00edskur (illafneitandi) hlutur.\">Verndart\u00e1kn<\/span><a href=\"https:\/\/iwell-guard.com\/is\/verndartakn\/\" class=\"iwg-kultur-badge\" tabindex=\"0\" data-tooltip=\"Verndarhef\u00f0: Al\u00fe\u00fd\u00f0utr\u00fa R\u00f3m\u00f6nsku Amer\u00edku\">Al\u00fe\u00fd\u00f0utr\u00fa R\u00f3m\u00f6nsku Amer\u00edku<\/a><span class=\"iwg-tradition-badge\" tabindex=\"0\" data-tooltip=\"Hlutur sem er f\u00e6r\u00f0ur gu\u00f0i e\u00f0a d\u00fdrlingi vegna heitgjafar.\">Vot\u00edfgj\u00f6f<\/span><\/div>\t\t\t\t<\/div>\n\t\t\t\t\t<\/div>\n\t\t\t\t<\/div>\n\t\t<div class=\"elementor-element elementor-element-iwgs-milagros-hr e-con-full e-flex e-con e-parent\" data-id=\"iwgs-milagros-hr\" data-element_type=\"container\" data-e-type=\"container\">\n\t\t\t\t<div class=\"elementor-element elementor-element-iwgs-milagros-himg iwg-hero-image elementor-widget elementor-widget-image\" data-id=\"iwgs-milagros-himg\" data-element_type=\"widget\" data-e-type=\"widget\" data-widget_type=\"image.default\">\n\t\t\t\t\t\t\t\t\t\t\t\t\t\t\t<img fetchpriority=\"high\" decoding=\"async\" width=\"683\" height=\"1024\" src=\"https:\/\/iwell-guard.com\/wp-content\/uploads\/2026\/05\/schutzsymbol_lateinamerika_milagros-683x1024.webp\" class=\"attachment-large size-large wp-image-170493\" alt=\"Milagros \u2013 verndart\u00e1kn, safnfr\u00e6\u00f0ileg mynd\" srcset=\"https:\/\/iwell-guard.com\/wp-content\/uploads\/2026\/05\/schutzsymbol_lateinamerika_milagros-683x1024.webp 683w, https:\/\/iwell-guard.com\/wp-content\/uploads\/2026\/05\/schutzsymbol_lateinamerika_milagros-200x300.webp 200w, https:\/\/iwell-guard.com\/wp-content\/uploads\/2026\/05\/schutzsymbol_lateinamerika_milagros-768x1152.webp 768w, https:\/\/iwell-guard.com\/wp-content\/uploads\/2026\/05\/schutzsymbol_lateinamerika_milagros.webp 1024w\" sizes=\"(max-width: 683px) 100vw, 683px\" \/>\t\t\t\t\t\t\t\t\t\t\t\t\t\t\t<\/div>\n\t\t\t\t<\/div>\n\t\t\t\t\t<\/div>\n\t\t\t\t<\/div>\n\t\t<div class=\"elementor-element elementor-element-iwgs-milagros-s0 e-flex e-con-boxed e-con e-parent\" data-id=\"iwgs-milagros-s0\" data-element_type=\"container\" data-e-type=\"container\">\n\t\t\t\t\t<div class=\"e-con-inner\">\n\t\t\t\t<div class=\"elementor-element elementor-element-iwgs-milagros-s0h elementor-widget elementor-widget-heading\" data-id=\"iwgs-milagros-s0h\" data-element_type=\"widget\" data-e-type=\"widget\" data-widget_type=\"heading.default\">\n\t\t\t\t\t<h2 class=\"elementor-heading-title elementor-size-default\">Skilgreining \u00e1 milagros<\/h2>\t\t\t\t<\/div>\n\t\t<div class=\"elementor-element elementor-element-iwgs-milagros-s0box e-con-full e-flex e-con e-parent\" data-id=\"iwgs-milagros-s0box\" data-element_type=\"container\" data-e-type=\"container\">\n\t\t\t\t<div class=\"elementor-element elementor-element-iwgs-milagros-s0t elementor-widget elementor-widget-text-editor\" data-id=\"iwgs-milagros-s0t\" data-element_type=\"widget\" data-e-type=\"widget\" data-widget_type=\"text-editor.default\">\n\t\t\t\t\t\t\t\t\t<p>Milagros eru litlir hengihlutir e\u00f0a pl\u00f6tur, oftast \u00far m\u00e1lmi, sem eru nota\u00f0ar sem vot\u00edfgjafir \u00ed <span class=\"iwg-fachbegriff\" data-tooltip=\"Tr\u00faari\u00f0kun sem lifu\u00f0 er \u00ed daglegu l\u00edfi, oft samhli\u00f0a hinni opinberu kenningu.\" tabindex=\"0\">al\u00fe\u00fd\u00f0utr\u00fa<\/span>. Sp\u00e6nska or\u00f0i\u00f0 milagro \u00fe\u00fd\u00f0ir kraftaverk og v\u00edsar til b\u00e6nar um hj\u00e1lp e\u00f0a \u00feakkar fyrir hj\u00e1lp sem hlutnum er tengd.<\/p><p>Flest milagros eru m\u00f3tu\u00f0 \u00ed mynd f\u00edg\u00faru. \u00deau s\u00fdna l\u00edkamshluta eins og handleggi, f\u00e6tur, augu e\u00f0a hj\u00f6rtu, auk d\u00fdra, h\u00fasa, farart\u00e6kja e\u00f0a heilla mannvera. F\u00edg\u00faran nefnir m\u00e1lefni\u00f0, til d\u00e6mis b\u00e6n um heilun tiltekins l\u00edkamshluta.<\/p><p>Milagros eru \u00fatbreidd s\u00e9rstaklega \u00ed Mex\u00edk\u00f3, \u00ed \u00f6\u00f0rum l\u00f6ndum R\u00f3m\u00f6nsku Amer\u00edku, sem og \u00e1 Sp\u00e1ni, \u00ed Port\u00fagal og hlutum Mi\u00f0jar\u00f0arhafssv\u00e6\u00f0isins. I\u00f0kunin er ka\u00fe\u00f3lskt m\u00f3tu\u00f0 en tengist sv\u00e6\u00f0isbundi\u00f0 frumbyggjahugmyndum og al\u00fe\u00fd\u00f0utr\u00faarlegum vi\u00f0horfum.<\/p><p>Milagros eru fest \u00e1 d\u00fdrlingamyndir, \u00e1 krossa e\u00f0a \u00e1 myndir, l\u00f6g\u00f0 ni\u00f0ur \u00e1 p\u00edlagr\u00edmsst\u00f6\u00f0um e\u00f0a borin \u00e1 l\u00edkamanum. \u00cd \u00f6llum tilvikum tengja \u00feau \u00e1kve\u00f0na manneskju vi\u00f0 m\u00e1lefni hennar og heilaga veru.<\/p><p>Fr\u00e1 sj\u00f3narh\u00f3li tr\u00faarbrag\u00f0afr\u00e6\u00f0a teljast milagros til hins v\u00ed\u00f0t\u00e6kara samhengis <a href=\"https:\/\/iwell-guard.com\/is\/verndartakn\/\">verndart\u00e1kna<\/a> og vot\u00edfgjafa. \u00deau eru d\u00e6mi um hvernig <span class=\"iwg-fachbegriff\" data-tooltip=\"Hin lifa\u00f0a tr\u00faarlega afsta\u00f0a og i\u00f0kun einstaklings.\" tabindex=\"0\">tr\u00far\u00e6kni<\/span> tj\u00e1ir sig \u00ed litlum, hversdagslegum hlutum.<\/p><p>Mikilv\u00e6gt fyrir hlutl\u00e6ga framsetningu er a\u00f0 milagros koma fram b\u00e6\u00f0i sem tr\u00faarlegar vot\u00edfgjafir og sem skartgripir og safnhlutir. B\u00e1\u00f0ar notkunara\u00f0fer\u00f0ir eru til samt\u00edmis og \u00e6tti a\u00f0 greina \u00fe\u00e6r \u00ed l\u00fdsingu.<\/p>\n<p class=\"iwg-kwfix\">Vot\u00edf-m\u00e1lmpl\u00f6turnar, sem \u00ed R\u00f3m\u00f6nsku Amer\u00edku eru kalla\u00f0ar milagros e\u00f0a ex-votos, eru a\u00f0 mestu stansa\u00f0ar \u00far \u00feunnv\u00f6ltu\u00f0u tini, silfri e\u00f0a messing og festar \u00ed st\u00edlf\u00e6r\u00f0u formi \u00e1 d\u00fdrlingamyndir til a\u00f0 gera vona\u00f0a e\u00f0a \u00feegar \u00e1or\u00f0na heilun s\u00fdnilega.<\/p>\t\t\t\t\t\t\t\t<\/div>\n\t\t\t\t<\/div>\n\t\t\t\t\t<\/div>\n\t\t\t\t<\/div>\n\t\t<div class=\"elementor-element elementor-element-iwgs-milagros-s1 e-flex e-con-boxed e-con e-parent\" data-id=\"iwgs-milagros-s1\" data-element_type=\"container\" data-e-type=\"container\">\n\t\t\t\t\t<div class=\"e-con-inner\">\n\t\t\t\t<div class=\"elementor-element elementor-element-iwgs-milagros-s1h elementor-widget elementor-widget-heading\" data-id=\"iwgs-milagros-s1h\" data-element_type=\"widget\" data-e-type=\"widget\" data-widget_type=\"heading.default\">\n\t\t\t\t\t<h2 class=\"elementor-heading-title elementor-size-default\">Uppruni og saga<\/h2>\t\t\t\t<\/div>\n\t\t<div class=\"elementor-element elementor-element-iwgs-milagros-s1box e-con-full e-flex e-con e-parent\" data-id=\"iwgs-milagros-s1box\" data-element_type=\"container\" data-e-type=\"container\">\n\t\t\t\t<div class=\"elementor-element elementor-element-iwgs-milagros-s1t elementor-widget elementor-widget-text-editor\" data-id=\"iwgs-milagros-s1t\" data-element_type=\"widget\" data-e-type=\"widget\" data-widget_type=\"text-editor.default\">\n\t\t\t\t\t\t\t\t\t<p>I\u00f0kunin a\u00f0 f\u00e6ra fram vot\u00edfgjafir \u00ed mynd l\u00edkamshluta e\u00f0a hluta er mj\u00f6g g\u00f6mul. \u00deegar \u00ed <span class=\"iwg-fachbegriff\" data-tooltip=\"T\u00edmabil gr\u00edskrar og r\u00f3mverskrar menningar, u.\u00fe.b. 800 f.Kr. til 600 e.Kr.\" tabindex=\"0\">forn\u00f6ld<\/span> l\u00f6g\u00f0u menn \u00e1 Mi\u00f0jar\u00f0arhafssv\u00e6\u00f0inu sl\u00edkar gjafir ni\u00f0ur vi\u00f0 helgista\u00f0i til a\u00f0 bi\u00f0ja um heilun e\u00f0a \u00feakka fyrir hana. \u00deessi hef\u00f0 n\u00e6r langt aftur til t\u00edma fyrir kristni.<\/p><p>Me\u00f0 kristninni var vot\u00edfi\u00f0kunin f\u00e6r\u00f0 yfir \u00ed d\u00fdrkun d\u00fdrlinga og gu\u00f0sm\u00f3\u00f0urinnar. \u00c1 Sp\u00e1ni og \u00ed Port\u00fagal \u00fer\u00f3a\u00f0ist \u00feannig r\u00edk hef\u00f0 l\u00edtilla vot\u00edfgjafa sem lag\u00f0ar voru vi\u00f0 n\u00e1\u00f0armyndir og \u00ed p\u00edlagr\u00edmskirkjum.<\/p><p>Me\u00f0 n\u00fdlendut\u00edmanum barst \u00feessi hef\u00f0 til R\u00f3m\u00f6nsku Amer\u00edku. \u00dear tengdist h\u00fan hugmyndum frumbyggja um gj\u00f6f og b\u00e6n. \u00cd Mex\u00edk\u00f3, Per\u00fa og \u00f6\u00f0rum l\u00f6ndum mynda\u00f0ist \u00feannig sj\u00e1lfst\u00e6\u00f0 og margbreytileg milagro-menning.<\/p><p>Framlei\u00f0sla milagros var\u00f0 me\u00f0 t\u00edmanum eigin handverksgrein. Silfursmi\u00f0ir og s\u00ed\u00f0ar verkst\u00e6\u00f0i framleiddu milagros \u00ed miklu magni, \u00feannig a\u00f0 \u00feau ur\u00f0u a\u00f0gengileg brei\u00f0um h\u00f3pum almennings.<\/p><p>\u00c1 19. og 20. \u00f6ld voru milagros \u00e1fram fastur hluti af <span class=\"iwg-fachbegriff\" data-tooltip=\"Tr\u00faari\u00f0kun sem lifu\u00f0 er \u00ed daglegu l\u00edfi, oft samhli\u00f0a hinni opinberu kenningu.\" tabindex=\"0\">al\u00fe\u00fd\u00f0utr\u00fa<\/span>. Samt\u00edmis f\u00f3ru safnarar og listmunaverslun a\u00f0 s\u00fdna \u00feeim \u00e1huga. \u00deannig komu til hli\u00f0ar vi\u00f0 tr\u00faarlega notkun n\u00fd, veraldleg samhengi.<\/p><p>Sv\u00e6\u00f0isbundi\u00f0 myndu\u00f0ust \u00fear eigin \u00e1herslupunktar. \u00cd Mex\u00edk\u00f3 eru s\u00e9rstaklega verkst\u00e6\u00f0in vi\u00f0 p\u00edlagr\u00edmssta\u00f0i eins og San Juan de los Lagos kunn, \u00ed Per\u00fa eru tengsl vi\u00f0 silfurvinnslu Andafjallab\u00e6ja. Fr\u00e6\u00f0imenn \u00ed <span class=\"iwg-fachbegriff\" data-tooltip=\"Fr\u00e6\u00f0igrein sem rannsakar hversdagsmenningu, si\u00f0i og hef\u00f0bundnar hugmyndir.\" tabindex=\"0\">\u00fej\u00f3\u00f0h\u00e1ttafr\u00e6\u00f0i<\/span> hafa fr\u00e1 upphafi 20. aldar fari\u00f0 a\u00f0 greina \u00feessar sta\u00f0bundnu hef\u00f0ir \u00ed sundur, \u00ed sta\u00f0 \u00feess a\u00f0 ganga \u00fat fr\u00e1 einni samr\u00e6mdri milagro-menningu.<\/p><p>\u00cd dag eru milagros notu\u00f0 b\u00e6\u00f0i \u00e1 hef\u00f0bundinn h\u00e1tt sem vot\u00edfgjafir og sem skartgripir, skreyting og safnhlutir. \u00deessi fj\u00f6lbreytni er aflei\u00f0ing langrar s\u00f6gu \u00fear sem <span class=\"iwg-fachbegriff\" data-tooltip=\"T\u00edmabil gr\u00edskrar og r\u00f3mverskrar menningar, u.\u00fe.b. 800 f.Kr. til 600 e.Kr.\" tabindex=\"0\">forn<\/span> vot\u00edfi\u00f0kun t\u00f3k \u00e1 sig margar myndir.<\/p>\t\t\t\t\t\t\t\t<\/div>\n\t\t\t\t<\/div>\n\t\t\t\t\t<\/div>\n\t\t\t\t<\/div>\n\t\t<div class=\"elementor-element elementor-element-iwgs-milagros-s2 e-flex e-con-boxed e-con e-parent\" data-id=\"iwgs-milagros-s2\" data-element_type=\"container\" data-e-type=\"container\">\n\t\t\t\t\t<div class=\"e-con-inner\">\n\t\t\t\t<div class=\"elementor-element elementor-element-iwgs-milagros-s2h elementor-widget elementor-widget-heading\" data-id=\"iwgs-milagros-s2h\" data-element_type=\"widget\" data-e-type=\"widget\" data-widget_type=\"heading.default\">\n\t\t\t\t\t<h2 class=\"elementor-heading-title elementor-size-default\">Form, efni og ger\u00f0<\/h2>\t\t\t\t<\/div>\n\t\t<div class=\"elementor-element elementor-element-iwgs-milagros-s2box e-con-full e-flex e-con e-parent\" data-id=\"iwgs-milagros-s2box\" data-element_type=\"container\" data-e-type=\"container\">\n\t\t\t\t<div class=\"elementor-element elementor-element-iwgs-milagros-s2t elementor-widget elementor-widget-text-editor\" data-id=\"iwgs-milagros-s2t\" data-element_type=\"widget\" data-e-type=\"widget\" data-widget_type=\"text-editor.default\">\n\t\t\t\t\t\t\t\t\t<p>Milagros eru yfirleitt litlir, oft a\u00f0eins nokkrir sentimetrar \u00e1 st\u00e6r\u00f0. \u00deeir eru flatir e\u00f0a me\u00f0 l\u00e1gu upphleyptu mynstri og hafa oft l\u00edti\u00f0 gat e\u00f0a lykkju sem \u00feeir eru festir e\u00f0a hengdir upp me\u00f0.<\/p><p>Efnivi\u00f0urinn er a\u00f0 mestu leyti m\u00e1lmur. Algengast er tin, kopar-sink m\u00e1lmblanda, silfurlita\u00f0ur m\u00e1lmur og \u00ed vanda\u00f0ri gripum silfur e\u00f0a gull. Einfaldir milagros eru stansa\u00f0ir \u00far \u00feunnri m\u00e1lmpl\u00f6tu, en fj\u00f6lbreyttari gripir eru handunnir.<\/p><p>Myndefnin n\u00e1 yfir l\u00edkamshluta, d\u00fdr, pl\u00f6ntur, h\u00fas, farart\u00e6ki, verkf\u00e6ri og manneskjur. F\u00f3tur stendur fyrir b\u00f3n um heilun f\u00f3tar, hjarta fyrir m\u00e1l tilfinninga e\u00f0a \u00e1star, d\u00fdr fyrir velfer\u00f0 b\u00faf\u00e9na\u00f0ar.<\/p><p>Milagros eru framleiddir me\u00f0 \u00fev\u00ed a\u00f0 stansa, m\u00f3ta e\u00f0a sl\u00e1 m\u00e1lminn. \u00cd hef\u00f0bundnum verkst\u00e6\u00f0um vinna handverksmenn me\u00f0 m\u00f3tum og einf\u00f6ldum verkf\u00e6rum. I\u00f0na\u00f0arlega framleiddir milagros eru ger\u00f0ir \u00ed meira m\u00e6li.<\/p><p>Val \u00e1 milagro fer eftir b\u00e6ninni sem borin er upp. S\u00e1 sem bi\u00f0ur um heilun augna velur milagro \u00ed formi auga. \u00deessi samsv\u00f6run myndar og m\u00e1ls er meginregla milagro-si\u00f0arins.<\/p><p>Auk myndr\u00e6nna milagros eru til einfaldar pl\u00f6tur \u00e1n nokkurrar myndar. M\u00e1la\u00f0ar e\u00f0a \u00e1skrifa\u00f0ar heitat\u00f6flur, svokalla\u00f0ar retablos, tilheyra einnig \u00feessu v\u00ed\u00f0ara samhengi, en eru a\u00f0greindar fr\u00e1 litlu m\u00e1lm-milagros.<\/p>\t\t\t\t\t\t\t\t<\/div>\n\t\t\t\t<\/div>\n\t\t\t\t\t<\/div>\n\t\t\t\t<\/div>\n\t\t<div class=\"elementor-element elementor-element-iwgs-milagros-s3 e-flex e-con-boxed e-con e-parent\" data-id=\"iwgs-milagros-s3\" data-element_type=\"container\" data-e-type=\"container\">\n\t\t\t\t\t<div class=\"e-con-inner\">\n\t\t\t\t<div class=\"elementor-element elementor-element-iwgs-milagros-s3h elementor-widget elementor-widget-heading\" data-id=\"iwgs-milagros-s3h\" data-element_type=\"widget\" data-e-type=\"widget\" data-widget_type=\"heading.default\">\n\t\t\t\t\t<h2 class=\"elementor-heading-title elementor-size-default\">Tr\u00faarlegur og go\u00f0s\u00f6gulegur bakgrunnur<\/h2>\t\t\t\t<\/div>\n\t\t<div class=\"elementor-element elementor-element-iwgs-milagros-s3box e-con-full e-flex e-con e-parent\" data-id=\"iwgs-milagros-s3box\" data-element_type=\"container\" data-e-type=\"container\">\n\t\t\t\t<div class=\"elementor-element elementor-element-iwgs-milagros-s3t elementor-widget elementor-widget-text-editor\" data-id=\"iwgs-milagros-s3t\" data-element_type=\"widget\" data-e-type=\"widget\" data-widget_type=\"text-editor.default\">\n\t\t\t\t\t\t\t\t\t<p>Milagro-si\u00f0urinn byggir \u00e1 ka\u00fe\u00f3lskri hugmynd um fyrirb\u00e6n. Heilagir menn, og s\u00e9rstaklega Gu\u00f0sm\u00f3\u00f0irin, eru taldir vera millistig sem bera fram b\u00e6nir tr\u00faa\u00f0ra fyrir Gu\u00f0i. Milagro er beint til sl\u00edkrar millistigsveru.<\/p><p>\u00cd kjarnanum stendur reglan um b\u00f3n og \u00feakkl\u00e6ti. Manneskja setur fram b\u00e6n me\u00f0 milagro, til d\u00e6mis um heilun, verndun \u00e1 fer\u00f0alagi e\u00f0a velfer\u00f0 fj\u00f6lskyldunnar. \u00deegar b\u00e6nin hefur r\u00e6st m\u00e1 f\u00e6ra fram anna\u00f0 milagro sem \u00feakkarvott.<\/p><p>Myndr\u00e6n ger\u00f0 gripsins gerir b\u00e6nina s\u00fdnilega. Hinum heilaga er svo a\u00f0 segja s\u00fdndur s\u00e1 l\u00edkamshluti e\u00f0a l\u00edfssvi\u00f0 sem um er be\u00f0i\u00f0. Gripurinn \u00fe\u00fd\u00f0ir innri \u00e1hyggju yfir \u00ed ytra t\u00e1kn.<\/p><p>\u00cd R\u00f3m\u00f6nsku Amer\u00edku sameinast \u00feessum ka\u00fe\u00f3lska grunni oft eldri frumbyggjahugmyndir um gj\u00f6f og gagngj\u00f6f. Milagro-si\u00f0urinn er \u00fev\u00ed oft hluti af al\u00fe\u00fd\u00f0legri <span class=\"iwg-fachbegriff\" data-tooltip=\"Hin lifa\u00f0a tr\u00faarlega afsta\u00f0a og i\u00f0kun einstaklings.\" tabindex=\"0\">tr\u00far\u00e6kni<\/span> sem sameinar kirkjulega og frumbyggja\u00fe\u00e6tti.<\/p><p>Fr\u00e6\u00f0ilega m\u00e1 bera milagros saman vi\u00f0 a\u00f0rar heitagjafir, til d\u00e6mis \u00feau garnverk Wix\u00e1rika-f\u00f3lksins sem l\u00fdst er \u00ed greininni um <a href=\"https:\/\/iwell-guard.com\/is\/?page_id=169232\">Gu\u00f0sauga<\/a>. \u00cd b\u00e1\u00f0um tilvikum er b\u00e6n borin fram \u00ed formi grips fyrir helgu valdi.<\/p><p>Hugmyndin um fyrirb\u00e6n sk\u00fdrir einnig hvers vegna milagros eru oft tengdir \u00e1kve\u00f0num heil\u00f6gum m\u00f6nnum. Fer\u00f0alangar leita til verndard\u00fdrlinga fer\u00f0alaga, sj\u00fakir til heilagra sem <span class=\"iwg-fachbegriff\" data-tooltip=\"Hin daglega lifa\u00f0a tr\u00far\u00e6kni, oft samhli\u00f0a hinni opinberu kenningu.\" tabindex=\"0\">al\u00fe\u00fd\u00f0utr\u00fa<\/span> eignar n\u00e1l\u00e6g\u00f0 vi\u00f0 \u00e1kve\u00f0inn sj\u00fakd\u00f3m. Val \u00e1 \u00feeirri veru sem \u00e1kalla\u00f0 er ber \u00fev\u00ed ekki minni merkingu en form milagrosins sj\u00e1lfs.<\/p><p>Tr\u00faarleg merking milagros liggur \u00feannig s\u00ed\u00f0ur \u00ed gripnum sj\u00e1lfum en \u00ed verki framf\u00e6rslunnar. Milagro er s\u00fdnilegt t\u00e1kn tengsla milli manneskju, b\u00e6nar hennar og hei\u00f0ra\u00f0rar veru.<\/p>\t\t\t\t\t\t\t\t<\/div>\n\t\t\t\t<\/div>\n\t\t\t\t\t<\/div>\n\t\t\t\t<\/div>\n\t\t<div class=\"elementor-element elementor-element-iwgs-milagros-s4 e-flex e-con-boxed e-con e-parent\" data-id=\"iwgs-milagros-s4\" data-element_type=\"container\" data-e-type=\"container\">\n\t\t\t\t\t<div class=\"e-con-inner\">\n\t\t\t\t<div class=\"elementor-element elementor-element-iwgs-milagros-s4h elementor-widget elementor-widget-heading\" data-id=\"iwgs-milagros-s4h\" data-element_type=\"widget\" data-e-type=\"widget\" data-widget_type=\"heading.default\">\n\t\t\t\t\t<h2 class=\"elementor-heading-title elementor-size-default\">Helgisi\u00f0abundin notkun og berar<\/h2>\t\t\t\t<\/div>\n\t\t<div class=\"elementor-element elementor-element-iwgs-milagros-s4box e-con-full e-flex e-con e-parent\" data-id=\"iwgs-milagros-s4box\" data-element_type=\"container\" data-e-type=\"container\">\n\t\t\t\t<div class=\"elementor-element elementor-element-iwgs-milagros-s4t elementor-widget elementor-widget-text-editor\" data-id=\"iwgs-milagros-s4t\" data-element_type=\"widget\" data-e-type=\"widget\" data-widget_type=\"text-editor.default\">\n\t\t\t\t\t\t\t\t\t<p>Algengasta notkun milagros er a\u00f0 festa \u00fe\u00e1 \u00e1 heilagra manna styttu, n\u00e1\u00f0armynd e\u00f0a kross. \u00c1 fj\u00f6ls\u00f3ttum p\u00edlagr\u00edmsst\u00f6\u00f0um eru styttur af heil\u00f6gum m\u00f6nnum sums sta\u00f0ar \u00fe\u00e9ttsettar milagros.<\/p><p>Framf\u00e6rslunni getur fylgt <span class=\"iwg-fachbegriff\" data-tooltip=\"M\u00e1lt\u00e6k hinseginveiting manns til gu\u00f0d\u00f3ms.\" tabindex=\"0\">b\u00e6n<\/span>, kertalj\u00f3s e\u00f0a heit. Sumir tr\u00faa\u00f0ir tengja milagroi\u00f0 <span class=\"iwg-fachbegriff\" data-tooltip=\"Tr\u00faarlega hv\u00f6tlu\u00f0 fer\u00f0 til helgs sta\u00f0ar.\" tabindex=\"0\">p\u00edlagr\u00edmsfer\u00f0<\/span>, a\u00f0rir f\u00e6ra \u00fea\u00f0 fram \u00ed s\u00f3knarkirkju sinni heima. Ath\u00f6fnin fer eftir sv\u00e6\u00f0isbundnum venjum.<\/p><p>Milagros eru einnig bornir \u00e1 l\u00edkamanum, til d\u00e6mis \u00e1 festi, e\u00f0a var\u00f0veittir \u00e1 heimilisaltari. \u00cd \u00feessu formi fylgja \u00feeir manneskju \u00ed lengri t\u00edma og minna \u00e1 b\u00e6nina e\u00f0a \u00feakkl\u00e6ti\u00f0.<\/p><p>I\u00f0kendur \u00feessa si\u00f0ar eru tr\u00faa\u00f0ir af \u00f6llum st\u00e9ttum. Milagro-<span class=\"iwg-fachbegriff\" data-tooltip=\"Hin lifa\u00f0a tr\u00faarlega afsta\u00f0a og i\u00f0kun einstaklings.\" tabindex=\"0\">tr\u00far\u00e6kni<\/span> er ekki bundin prestum, heldur hluti af lifa\u00f0ri tr\u00fa fj\u00f6lskyldna og einstaklinga. Hana m\u00e1 i\u00f0ka \u00e1n millig\u00f6ngu kirkjunnar.<\/p><p>Heilagra manna styttur \u00e1 heimilum eru v\u00ed\u00f0a skreyttar milagros af heimilisf\u00f3lkinu sj\u00e1lfu. \u00deannig myndast \u00e1 heimilisaltarinu sta\u00f0ur \u00fear sem b\u00e6nir og \u00feakkl\u00e6ti fj\u00f6lskyldunnar eru s\u00fdnilega samankomin.<\/p><p>Ath\u00f6fnin vi\u00f0 framf\u00e6rsluna er \u00ed flestum tilvikum einf\u00f6ld. Manneskja festir milagroi\u00f0, fer me\u00f0 <span class=\"iwg-fachbegriff\" data-tooltip=\"M\u00e1lt\u00e6k hinseginveiting manns til gu\u00f0d\u00f3ms.\" tabindex=\"0\">b\u00e6n<\/span> e\u00f0a kveikir \u00e1 kerti. \u00deessi einfaldleiki hefur \u00e1tt sinn \u00fe\u00e1tt \u00ed v\u00ed\u00f0t\u00e6kri \u00fatbrei\u00f0slu si\u00f0arins, \u00fev\u00ed hann krefst hvorki s\u00e9rstakrar \u00feekkingar n\u00e9 vi\u00f0veru prests.<\/p><p>Auk tr\u00faarlegrar notkunar eru milagros nota\u00f0ir \u00ed handverk og skartgripi. \u00deeir pr\u00fd\u00f0a skr\u00edn, ramma og fatna\u00f0. \u00cd \u00feeirri notkun kemur skraut- og listgildi\u00f0 fram \u00ed forgrunni.<\/p>\t\t\t\t\t\t\t\t<\/div>\n\t\t\t\t<\/div>\n\t\t\t\t\t<\/div>\n\t\t\t\t<\/div>\n\t\t<div class=\"elementor-element elementor-element-iwgs-milagros-s5 e-flex e-con-boxed e-con e-parent\" data-id=\"iwgs-milagros-s5\" data-element_type=\"container\" data-e-type=\"container\">\n\t\t\t\t\t<div class=\"e-con-inner\">\n\t\t\t\t<div class=\"elementor-element elementor-element-iwgs-milagros-s5h elementor-widget elementor-widget-heading\" data-id=\"iwgs-milagros-s5h\" data-element_type=\"widget\" data-e-type=\"widget\" data-widget_type=\"heading.default\">\n\t\t\t\t\t<h2 class=\"elementor-heading-title elementor-size-default\">Sv\u00e6\u00f0isbundin afbrig\u00f0i og tengt efni<\/h2>\t\t\t\t<\/div>\n\t\t<div class=\"elementor-element elementor-element-iwgs-milagros-s5box e-con-full e-flex e-con e-parent\" data-id=\"iwgs-milagros-s5box\" data-element_type=\"container\" data-e-type=\"container\">\n\t\t\t\t<div class=\"elementor-element elementor-element-iwgs-milagros-s5t elementor-widget elementor-widget-text-editor\" data-id=\"iwgs-milagros-s5t\" data-element_type=\"widget\" data-e-type=\"widget\" data-widget_type=\"text-editor.default\">\n\t\t\t\t\t\t\t\t\t<p>\u00cd Mex\u00edk\u00f3 eru Milagros s\u00e9rlega algeng og eru framleidd \u00ed fj\u00f6lm\u00f6rgum verkst\u00e6\u00f0um. \u00dear eru \u00feau sj\u00e1lfsag\u00f0ur hluti af <span class=\"iwg-fachbegriff\" data-tooltip=\"Tr\u00faari\u00f0kun sem lifir \u00ed daglegu l\u00edfi f\u00f3lks, oft samhli\u00f0a opinberri kenningu.\" tabindex=\"0\">al\u00fe\u00fd\u00f0utr\u00fa<\/span> og handverki. Einnig \u00ed Per\u00fa, Brasil\u00edu og \u00f6\u00f0rum l\u00f6ndum R\u00f3m\u00f6nsku Amer\u00edku eru s\u00e9rstakar Milagro-hef\u00f0ir til.<\/p><p>\u00c1 Sp\u00e1ni og \u00ed Port\u00fagal er hef\u00f0 sm\u00e1rra heitgjafa jafnframt lifandi. H\u00e9r er h\u00fan oft nefnd \u00f6\u00f0rum heitum. Form og efni geta veri\u00f0 \u00f6nnur en hj\u00e1 su\u00f0ur-amer\u00edsku Milagros.<\/p><p>\u00cd \u00e6tt vi\u00f0 Milagros eru m\u00e1la\u00f0ar heitat\u00f6flur, Retablos e\u00f0a Ex-Votos. \u00de\u00e6r s\u00fdna \u00ed mynd og texta reynda hj\u00e1lp og \u00feakka fyrir hana. \u00c1 me\u00f0an Milagro t\u00e1knar erindi\u00f0 \u00ed stuttu m\u00e1li, segir heitataflan fr\u00e1 heilu atviki.<\/p><p>Einnig \u00e1 <span class=\"iwg-fachbegriff\" data-tooltip=\"T\u00edmabil gr\u00edskrar og r\u00f3mverskrar menningar, um 800 f.Kr. til 600 e.Kr.\" tabindex=\"0\">forn\u00f6ld<\/span> og \u00e1 evr\u00f3pskum mi\u00f0\u00f6ldum voru heitgjafir \u00ed mynd l\u00edkamshluta. Milagros standa \u00feannig \u00ed langri og v\u00ed\u00f0fe\u00f0mri s\u00f6gu tr\u00faarlegra gjafa sem tengir margar menningarheima.<\/p><p>Fr\u00e6\u00f0ilega m\u00e1 bera Milagros saman vi\u00f0 \u00f6nnur sm\u00e1 tr\u00faarlegheitf\u00e6rimuni, svo sem hengi og medal\u00edur. Greinin um <a href=\"https:\/\/iwell-guard.com\/is\/?page_id=169134\">am\u00falettu og talisman<\/a> \u00fatsk\u00fdrir hugtakalegan mun.<\/p><p>Innan svi\u00f0s <a href=\"https:\/\/iwell-guard.com\/is\/verndartakn\/\">verndart\u00e1kna<\/a> hafa Milagros s\u00e9rst\u00f6\u00f0u, \u00fear sem \u00feau \u00fej\u00f3na s\u00ed\u00f0ur til a\u00f0 verjast h\u00e6ttu en til b\u00e6na og \u00feakkl\u00e6tis. \u00deau s\u00fdna a\u00f0 verndartr\u00fa getur teki\u00f0 \u00e1 sig margar myndir.<\/p>\t\t\t\t\t\t\t\t<\/div>\n\t\t\t\t<\/div>\n\t\t\t\t\t<\/div>\n\t\t\t\t<\/div>\n\t\t<div class=\"elementor-element elementor-element-iwgs-milagros-s6 e-flex e-con-boxed e-con e-parent\" data-id=\"iwgs-milagros-s6\" data-element_type=\"container\" data-e-type=\"container\">\n\t\t\t\t\t<div class=\"e-con-inner\">\n\t\t\t\t<div class=\"elementor-element elementor-element-iwgs-milagros-s6h elementor-widget elementor-widget-heading\" data-id=\"iwgs-milagros-s6h\" data-element_type=\"widget\" data-e-type=\"widget\" data-widget_type=\"heading.default\">\n\t\t\t\t\t<h2 class=\"elementor-heading-title elementor-size-default\">Merking sem verndargripur<\/h2>\t\t\t\t<\/div>\n\t\t<div class=\"elementor-element elementor-element-iwgs-milagros-s6box e-con-full e-flex e-con e-parent\" data-id=\"iwgs-milagros-s6box\" data-element_type=\"container\" data-e-type=\"container\">\n\t\t\t\t<div class=\"elementor-element elementor-element-iwgs-milagros-s6t elementor-widget elementor-widget-text-editor\" data-id=\"iwgs-milagros-s6t\" data-element_type=\"widget\" data-e-type=\"widget\" data-widget_type=\"text-editor.default\">\n\t\t\t\t\t\t\t\t\t<p>Milagros eru \u00ed <span class=\"iwg-fachbegriff\" data-tooltip=\"Tr\u00faari\u00f0kun sem lifir \u00ed daglegu l\u00edfi f\u00f3lks, oft samhli\u00f0a opinberri kenningu.\" tabindex=\"0\">al\u00fe\u00fd\u00f0utr\u00fa<\/span> einnig skilin sem verndargripir, til d\u00e6mis \u00feegar be\u00f0i\u00f0 er um vernd \u00e1 fer\u00f0alagi, um vernd barns e\u00f0a um \u00f6ryggi heimilisins. Verndin er \u00fe\u00e1 v\u00e6nst fr\u00e1 \u00feeirri heil\u00f6gu pers\u00f3nu sem \u00e1kalla\u00f0 er.<\/p><p>Verndin byggist \u00ed \u00feessari hugmynd ekki \u00e1 m\u00e1lmi Milagrosins, heldur \u00e1 fyrirb\u00e6n sem be\u00f0i\u00f0 er um me\u00f0 \u00fev\u00ed. Gripurinn er t\u00e1kn b\u00e6nar, ekki sj\u00e1lfvirkur \u00e1hrifavaldur. \u00deessi a\u00f0greining er mikilv\u00e6g til a\u00f0 skilja fyrirb\u00e6ri\u00f0.<\/p><p>Fr\u00e6\u00f0ilega m\u00e1 l\u00fdsa verndar\u00fe\u00fd\u00f0ingu Milagros sem hluta af \u00fev\u00ed a\u00f0 takast \u00e1 vi\u00f0 \u00f3vissu. Sj\u00fakd\u00f3mar, fer\u00f0al\u00f6g og velfer\u00f0 fj\u00f6lskyldunnar valda \u00e1hyggjum, og Milagro veitir skipulag\u00f0a lei\u00f0 til a\u00f0 tj\u00e1 \u00feessar \u00e1hyggjur.<\/p><p data-nosnippet=\"true\">\u00deessi texti fullyr\u00f0ir ekkert um raunveruleg verndar- e\u00f0a l\u00e6knandi \u00e1hrif. H\u00e9r er a\u00f0eins l\u00fdst hva\u00f0a merkingu tr\u00faa\u00f0ir leggja \u00ed gripinn. Lofor\u00f0 um l\u00e6kningu e\u00f0a \u00e1hrif eru s\u00e9rstaklega \u00fatiloku\u00f0.<\/p><p>\u00deegar Milagro er f\u00e6rt fram sem \u00feakkl\u00e6ti, breytist merking \u00feess fr\u00e1 b\u00e6n til vitnisbur\u00f0ar. \u00dea\u00f0 vitnar \u00fe\u00e1 um atbur\u00f0 sem talinn er hafa f\u00e6rt hj\u00e1lp. \u00cd \u00feeirri mynd er \u00fea\u00f0 s\u00ed\u00f0ur verndargripur en s\u00fdnilegt \u00feakkl\u00e6ti.<\/p><p>Lj\u00f3st er a\u00f0 Milagros f\u00e1 verndarmerkingu s\u00edna \u00far tr\u00faarlegu samhengi d\u00fdrlingad\u00fdrkunar. Utan \u00feess samhengis, til d\u00e6mis sem skartgripur, ver\u00f0ur a\u00f0 jafna\u00f0i a\u00f0eins eftir tilv\u00edsun til upprunalegrar merkingar.<\/p>\t\t\t\t\t\t\t\t<\/div>\n\t\t\t\t<\/div>\n\t\t\t\t\t<\/div>\n\t\t\t\t<\/div>\n\t\t<div class=\"elementor-element elementor-element-iwgs-milagros-s7 e-flex e-con-boxed e-con e-parent\" data-id=\"iwgs-milagros-s7\" data-element_type=\"container\" data-e-type=\"container\">\n\t\t\t\t\t<div class=\"e-con-inner\">\n\t\t\t\t<div class=\"elementor-element elementor-element-iwgs-milagros-s7h elementor-widget elementor-widget-heading\" data-id=\"iwgs-milagros-s7h\" data-element_type=\"widget\" data-e-type=\"widget\" data-widget_type=\"heading.default\">\n\t\t\t\t\t<h2 class=\"elementor-heading-title elementor-size-default\">Ranns\u00f3knarsaga, si\u00f0fer\u00f0ileg \u00e1litam\u00e1l og menningarleg yfirtaka<\/h2>\t\t\t\t<\/div>\n\t\t<div class=\"elementor-element elementor-element-iwgs-milagros-s7box e-con-full e-flex e-con e-parent\" data-id=\"iwgs-milagros-s7box\" data-element_type=\"container\" data-e-type=\"container\">\n\t\t\t\t<div class=\"elementor-element elementor-element-iwgs-milagros-s7t elementor-widget elementor-widget-text-editor\" data-id=\"iwgs-milagros-s7t\" data-element_type=\"widget\" data-e-type=\"widget\" data-widget_type=\"text-editor.default\">\n\t\t\t\t\t\t\t\t\t<p>Milagros hafa lengi veri\u00f0 ranns\u00f3knarefni <span class=\"iwg-fachbegriff\" data-tooltip=\"Fr\u00e6\u00f0igrein sem rannsakar al\u00fe\u00fd\u00f0umenningu, si\u00f0i og hef\u00f0bundnar hugmyndir.\" tabindex=\"0\">\u00fej\u00f3\u00f0fr\u00e6\u00f0i<\/span> og <span class=\"iwg-fachbegriff\" data-tooltip=\"Fr\u00e6\u00f0igrein sem rannsakar tr\u00faarbr\u00f6g\u00f0 samanbur\u00f0arlega og \u00e1n tr\u00faarlegrar skuldbindingar.\" tabindex=\"0\">tr\u00faarbrag\u00f0afr\u00e6\u00f0a<\/span>. Fr\u00e6\u00f0imenn hafa rannsaka\u00f0 \u00feau sem d\u00e6mi um heitgjafahef\u00f0ir og d\u00fdrlingad\u00fdrkun. Listfr\u00e6\u00f0in hefur einnig s\u00fdnt \u00e1huga \u00e1 formi \u00feeirra og handverki.<\/p><p>\u00c1 20. \u00f6ld voru Milagros \u00ed auknum m\u00e6li tekin upp af safnara og listaverslunum. \u00deau b\u00e1rust \u00ed s\u00f6fn, \u00ed einkas\u00f6fn og \u00ed skreytingarnotkun. \u00deannig komu n\u00fdjar a\u00f0st\u00e6\u00f0ur til vi\u00f0b\u00f3tar hinni tr\u00faarlegu notkun.<\/p><p>\u00deessi \u00fer\u00f3un vekur spurningar. \u00deegar tr\u00faarlegur gripur ver\u00f0ur hrein skreyting, getur upprunaleg merking hans horfi\u00f0 \u00ed bakgrunninn. \u00c1 sama t\u00edma er sta\u00f0an s\u00ed\u00f0ur br\u00fdn en gagnvart algerlega leynilegum gripum, \u00fev\u00ed Milagros hafa alltaf veri\u00f0 opinberlega nota\u00f0ar gjafir.<\/p><p>Framlei\u00f0sla Milagros er fyrir m\u00f6rg handverksfyrirt\u00e6ki \u00ed R\u00f3m\u00f6nsku Amer\u00edku efnahagslegur grunnur. Sala til tr\u00faa\u00f0ra og fer\u00f0amanna tryggir tekjur. Marka\u00f0urinn getur \u00feannig einnig var\u00f0veitt handverki\u00f0.<\/p><p>Si\u00f0fer\u00f0ilega er r\u00e9tt a\u00f0 l\u00fdsa hlutunum n\u00e1kv\u00e6mlega, a\u00f0greina tr\u00faarlega og skreytandi notkun og nefna uppruna Milagrosanna. S\u00e1 sem notar Milagros sem skartgrip \u00e6tti a\u00f0 vera me\u00f0vita\u00f0ur um tr\u00faarlegan uppruna \u00feeirra.<\/p><p>Traustver\u00f0 umfj\u00f6llun for\u00f0ast a\u00f0 augl\u00fdsa Milagros sem t\u00f6frat\u00f3l. H\u00fan l\u00fdsir \u00feeim eins og \u00feau eru \u00ed upprunamenningu sinni: litlar heitgjafir lifandi <span class=\"iwg-fachbegriff\" data-tooltip=\"Tr\u00faari\u00f0kun sem lifir \u00ed daglegu l\u00edfi f\u00f3lks, oft samhli\u00f0a opinberri kenningu.\" tabindex=\"0\">al\u00fe\u00fd\u00f0utr\u00faar<\/span>.<\/p>\t\t\t\t\t\t\t\t<\/div>\n\t\t\t\t<\/div>\n\t\t\t\t\t<\/div>\n\t\t\t\t<\/div>\n\t\t<div class=\"elementor-element elementor-element-iwgs-milagros-s8 e-flex e-con-boxed e-con e-parent\" data-id=\"iwgs-milagros-s8\" data-element_type=\"container\" data-e-type=\"container\">\n\t\t\t\t\t<div class=\"e-con-inner\">\n\t\t\t\t<div class=\"elementor-element elementor-element-iwgs-milagros-s8h elementor-widget elementor-widget-heading\" data-id=\"iwgs-milagros-s8h\" data-element_type=\"widget\" data-e-type=\"widget\" data-widget_type=\"heading.default\">\n\t\t\t\t\t<h2 class=\"elementor-heading-title elementor-size-default\">M\u00f3tt\u00f6kur \u00ed dag<\/h2>\t\t\t\t<\/div>\n\t\t<div class=\"elementor-element elementor-element-iwgs-milagros-s8box e-con-full e-flex e-con e-parent\" data-id=\"iwgs-milagros-s8box\" data-element_type=\"container\" data-e-type=\"container\">\n\t\t\t\t<div class=\"elementor-element elementor-element-iwgs-milagros-s8t elementor-widget elementor-widget-text-editor\" data-id=\"iwgs-milagros-s8t\" data-element_type=\"widget\" data-e-type=\"widget\" data-widget_type=\"text-editor.default\">\n\t\t\t\t\t\t\t\t\t<p>\u00cd R\u00f3m\u00f6nsku Amer\u00edku og \u00ed hinum \u00edberska heimi eru Milagros \u00e1fram hluti af lifandi <span class=\"iwg-fachbegriff\" data-tooltip=\"Tr\u00faari\u00f0kun sem lifir \u00ed daglegu l\u00edfi f\u00f3lks, oft samhli\u00f0a hinni opinberu kenningu.\" tabindex=\"0\">al\u00fe\u00fd\u00f0utr\u00fa<\/span>. \u00c1 p\u00edlagr\u00edmast\u00f6\u00f0um og vi\u00f0 h\u00fasaltari eru \u00feau enn \u00ed dag f\u00e6r\u00f0 fram sem b\u00e6nar- og \u00feakkargjafir. Hef\u00f0in er lifandi.<\/p><p>Samhli\u00f0a \u00feessu hafa Milagros or\u00f0i\u00f0 vins\u00e6lir s\u00f6fnunar- og skreytingargripir. \u00cd handverki, innanh\u00fassh\u00f6nnun og skartgripum eru \u00feau metin vegna forms s\u00edns og margbreytileika. \u00deessi notkun hefur brei\u00f0st \u00fat langt \u00fat fyrir R\u00f3m\u00f6nsku Amer\u00edku.<\/p><p>\u00cd <span class=\"iwg-fachbegriff\" data-tooltip=\"Samheiti yfir kenningar sem gera kr\u00f6fu um dulda \u00feekkingu sem a\u00f0eins innv\u00edg\u00f0ir hafa a\u00f0gang a\u00f0.\" tabindex=\"0\">es\u00f3ter\u00edskri<\/span> menningu og gjafamenningu eru Milagros stundum bo\u00f0in fram sem heilla- e\u00f0a verndargripir. Fr\u00e6\u00f0ilega s\u00e9\u00f0 er \u00feetta n\u00fat\u00edmaleg vi\u00f0t\u00f6kumynd sem tekur yfir or\u00f0spori\u00f0 verndargrips \u00e1n \u00feess a\u00f0 vi\u00f0halda hinni ka\u00fe\u00f3lsku heiti\u00f0kun.<\/p><p>Listakonur og listamenn nota Milagros \u00ed klippimyndir, skartgripi og innsetningar. \u00cd \u00feessari listr\u00e6nu notkun ver\u00f0a gripirnir byggingareiningar n\u00fdrra verka sem leika s\u00e9r me\u00f0 tr\u00faarlega merkingu \u00feeirra e\u00f0a vitna til hennar.<\/p><p>S\u00f6fn s\u00fdna Milagros sem vitnisbur\u00f0i um <span class=\"iwg-fachbegriff\" data-tooltip=\"Tr\u00faari\u00f0kun sem lifir \u00ed daglegu l\u00edfi f\u00f3lks, oft samhli\u00f0a hinni opinberu kenningu.\" tabindex=\"0\">al\u00fe\u00fd\u00f0utr\u00fa<\/span>. Sl\u00edkar s\u00fdningar geta auki\u00f0 skilning \u00e1 heiti\u00f0kuninni, svo fremi a\u00f0 \u00fe\u00e6r setji tr\u00faarlega merkingu \u00ed m\u00e1lefnalegt samhengi og s\u00fdni ekki a\u00f0eins formi\u00f0.<\/p><p>\u00cd fr\u00e6\u00f0ilegum ritum hafa Milagros veri\u00f0 til umfj\u00f6llunar allt fr\u00e1 ranns\u00f3knum <span class=\"iwg-fachbegriff\" data-tooltip=\"Fr\u00e6\u00f0igrein sem rannsakar daglega menningu, si\u00f0i og hef\u00f0bundnar hugmyndir.\" tabindex=\"0\">\u00fej\u00f3\u00f0h\u00e1ttafr\u00e6\u00f0i<\/span> 20. aldar. Ranns\u00f3knir fr\u00e1 Mex\u00edk\u00f3 og Bandar\u00edkjunum hafa l\u00fdst \u00feeim b\u00e6\u00f0i sem tr\u00faarlegri heimild og sem vi\u00f0fangsefni hlutmenningar. \u00deetta tv\u00f6falda sj\u00f3narhorn setur enn \u00ed dag mark sitt \u00e1 \u00fea\u00f0 hvernig s\u00fdningar og s\u00f6fn flokka \u00feessa litlu m\u00e1lmhluti.<\/p><p>Fyrir \u00e1hugasama lesendur er r\u00e1\u00f0legt a\u00f0 nota gripina af vitund og vir\u00f0ingu. S\u00e1 sem eignast Milagro getur fr\u00e6\u00f0st um tr\u00faarlegan uppruna \u00feess. Frekari <span class=\"iwg-fachbegriff\" data-tooltip=\"Tengt tr\u00faarlegu heiti; heitgj\u00f6f er v\u00edg\u00f0 gu\u00f0d\u00f3mi.\" tabindex=\"0\">heit<\/span>&#8211; og verndargripir eru kynntir \u00ed flokknum <a href=\"https:\/\/iwell-guard.com\/is\/verndartakn\/\">Verndart\u00e1kn<\/a>.<\/p>\t\t\t\t\t\t\t\t<\/div>\n\t\t\t\t<\/div>\n\t\t\t\t\t<\/div>\n\t\t\t\t<\/div>\n\t\t<div class=\"elementor-element elementor-element-iwgs-milagros-lit e-flex e-con-boxed e-con e-parent\" data-id=\"iwgs-milagros-lit\" data-element_type=\"container\" data-e-type=\"container\">\n\t\t\t\t\t<div class=\"e-con-inner\">\n\t\t\t\t<div class=\"elementor-element elementor-element-iwgs-milagros-lith elementor-widget elementor-widget-heading\" data-id=\"iwgs-milagros-lith\" data-element_type=\"widget\" data-e-type=\"widget\" data-widget_type=\"heading.default\">\n\t\t\t\t\t<h2 class=\"elementor-heading-title elementor-size-default\">Heimildir (\u00farval)<\/h2>\t\t\t\t<\/div>\n\t\t<div class=\"elementor-element elementor-element-iwgs-milagros-litbox e-con-full e-flex e-con e-parent\" data-id=\"iwgs-milagros-litbox\" data-element_type=\"container\" data-e-type=\"container\">\n\t\t\t\t<div class=\"elementor-element elementor-element-iwgs-milagros-litt elementor-widget elementor-widget-html\" data-id=\"iwgs-milagros-litt\" data-element_type=\"widget\" data-e-type=\"widget\" data-widget_type=\"html.default\">\n\t\t\t\t\t<footer data-nosnippet=\"true\"><ul><li>Martha Egan: <em>Milagros: Votive Offerings from the Americas<\/em> (1991)<\/li><li>Frank Graziano: <em>Cultures of Devotion: Folk Saints of Spanish America<\/em> (2007)<\/li><li>Lenore Hoag Mulryan: <em>Mexican Folk Art<\/em> (2003)<\/li><li>Jorge Durand, Douglas S. Massey: <em>Miracles on the Border: Retablos of Mexican Migrants<\/em> (1995)<\/li><li>Elizabeth Wilder Weismann: <em>Art and Time in Mexico<\/em> (1985)<\/li><\/ul><\/footer>\t\t\t\t<\/div>\n\t\t\t\t<\/div>\n\t\t\t\t\t<\/div>\n\t\t\t\t<\/div>\n\t\t<div class=\"elementor-element elementor-element-iwgs-milagros-kwd e-flex e-con-boxed e-con e-parent\" data-id=\"iwgs-milagros-kwd\" data-element_type=\"container\" data-e-type=\"container\">\n\t\t\t\t\t<div class=\"e-con-inner\">\n\t\t\t\t<div class=\"elementor-element elementor-element-iwgs-milagros-kwdt elementor-widget elementor-widget-text-editor\" data-id=\"iwgs-milagros-kwdt\" data-element_type=\"widget\" data-e-type=\"widget\" data-widget_type=\"text-editor.default\">\n\t\t\t\t\t\t\t\t\t<p><em>Tengd kjarnahugt\u00f6k: Milagros <span class=\"iwg-fachbegriff\" data-tooltip=\"Hlutur sem f\u00e6r\u00f0ur er gu\u00f0d\u00f3mi vegna heits e\u00f0a sem \u00feakkargj\u00f6f.\" tabindex=\"0\">heitgj\u00f6f<\/span> Ex-Voto <span class=\"iwg-fachbegriff\" data-tooltip=\"Tr\u00faari\u00f0kun sem lifir \u00ed daglegu l\u00edfi f\u00f3lks, oft samhli\u00f0a hinni opinberu kenningu.\" tabindex=\"0\">al\u00fe\u00fd\u00f0utr\u00fa<\/span> R\u00f3manska Amer\u00edka Mex\u00edk\u00f3 d\u00fdrlingad\u00fdrkun <span class=\"iwg-fachbegriff\" data-tooltip=\"Tr\u00faarlega hvatt fer\u00f0alag til helgs sta\u00f0ar.\" tabindex=\"0\">p\u00edlagr\u00edmsfer\u00f0<\/span> m\u00e1lmpl\u00f6tur b\u00e6nargj\u00f6f \u00feakkargj\u00f6f ka\u00fe\u00f3lsk <span class=\"iwg-fachbegriff\" data-tooltip=\"Lifandi tr\u00faarleg afsta\u00f0a og i\u00f0kun einstaklings.\" tabindex=\"0\">tr\u00far\u00e6kni<\/span>.<\/em><\/p>\t\t\t\t\t\t\t\t<\/div>\n\t\t\t\t\t<\/div>\n\t\t\t\t<\/div>\n\t\t<div class=\"elementor-element elementor-element-iwgs-milagros-cc e-flex e-con-boxed e-con e-parent\" data-id=\"iwgs-milagros-cc\" data-element_type=\"container\" data-e-type=\"container\" id=\"iwg-cc-milagros\">\n\t\t\t\t\t<div class=\"e-con-inner\">\n\t\t<div class=\"elementor-element elementor-element-iwgs-milagros-ccinner e-flex e-con-boxed e-con e-parent\" data-id=\"iwgs-milagros-ccinner\" data-element_type=\"container\" data-e-type=\"container\" data-settings=\"{&quot;background_background&quot;:&quot;classic&quot;}\">\n\t\t\t\t\t<div class=\"e-con-inner\">\n\t\t\t\t<div class=\"elementor-element elementor-element-iwgs-milagros-cch elementor-widget elementor-widget-heading\" data-id=\"iwgs-milagros-cch\" data-element_type=\"widget\" data-e-type=\"widget\" data-widget_type=\"heading.default\">\n\t\t\t\t\t<h2 class=\"elementor-heading-title elementor-size-default\">iWell Guard og verndarhef\u00f0ir<\/h2>\t\t\t\t<\/div>\n\t\t\t\t<div class=\"elementor-element elementor-element-iwgs-milagros-cct elementor-widget elementor-widget-text-editor\" data-id=\"iwgs-milagros-cct\" data-element_type=\"widget\" data-e-type=\"widget\" data-widget_type=\"text-editor.default\">\n\t\t\t\t\t\t\t\t\t<p>iWell Guard fylgir menningars\u00f6gulegri hef\u00f0 bur\u00f0arh\u00e6fra verndargripa, sem Milagros eru einnig hluti af. N\u00fat\u00edmalegur f\u00f6runautur fyrir \u00fe\u00e1 sem lifa me\u00f0 verndart\u00e1knum: framleiddur \u00ed \u00de\u00fdskalandi, 41 lag af hreinu gulli, plat\u00ednu og silfri, me\u00f0 30 daga skilar\u00e9tti.<\/p>\t\t\t\t\t\t\t\t<\/div>\n\t\t\t\t<div class=\"elementor-element elementor-element-iwgs-milagros-ccb iwg-cc-button iwg-cc-cta-2026-05-13 elementor-widget elementor-widget-jet-button\" data-id=\"iwgs-milagros-ccb\" data-element_type=\"widget\" data-e-type=\"widget\" data-widget_type=\"jet-button.default\">\n\t\t\t\t<div class=\"elementor-widget-container\">\n\t\t\t\t\t<div class=\"elementor-jet-button jet-elements\"><div class=\"jet-button__container\"><a class=\"jet-button__instance jet-button__instance--icon-left hover-effect-1\" href=\"\/schutzanhaenger-iwell-guard-kaufen\/?utm_source=iwell-guard.com&amp;utm_medium=info-box&amp;utm_campaign=schutzsymbole\"><div class=\"jet-button__plane jet-button__plane-normal\"><\/div><div class=\"jet-button__plane jet-button__plane-hover\"><\/div><div class=\"jet-button__state jet-button__state-normal\"><span class=\"jet-button__label\">Meira um iWell Guard<\/span><\/div><div class=\"jet-button__state jet-button__state-hover\"><span class=\"jet-button__label\">Meira um iWell Guard<\/span><\/div><\/a><\/div><\/div><style>.elementor-element.elementor-element-iwgs-milagros-ccb .jet-button__instance{width:320px;height:56px;}.elementor-element.elementor-element-iwgs-milagros-ccb .jet-button__state-normal .jet-button__label{text-align:center;margin:0px 0px 0px 0px;color:#1a1b20;font-family:Montserrat,sans-serif;font-size:13px;font-weight:400;letter-spacing:4px;line-height:1.714em;text-transform:uppercase;}.elementor-element.elementor-element-iwgs-milagros-ccb .jet-button__state-hover .jet-button__label{text-align:center;margin:0px 0px 0px 0px;color:#FECC76;font-family:Montserrat,sans-serif;font-size:13px;font-weight:400;letter-spacing:4px;line-height:1.714em;text-transform:uppercase;}.elementor-element.elementor-element-iwgs-milagros-ccb .jet-button__plane-normal{background-color:#FECC76;border-style:solid;border-color:#C99540;border-width:2px 2px 2px 2px;}.elementor-element.elementor-element-iwgs-milagros-ccb .jet-button__plane-hover{background-color:rgba(0,0,0,0.55);border-style:solid;border-color:#FECC76;border-width:2px 2px 2px 2px;}<\/style>\t\t\t\t<\/div>\n\t\t\t\t<\/div>\n\t\t\t\t<div class=\"elementor-element elementor-element-iwgs-milagros-ccd elementor-widget elementor-widget-text-editor\" data-id=\"iwgs-milagros-ccd\" data-element_type=\"widget\" data-e-type=\"widget\" data-widget_type=\"text-editor.default\">\n\t\t\t\t\t\t\t\t\t<p style=\"text-align:center;font-size:13px;opacity:0.7;margin-top:14px\" data-nosnippet=\"true\">Pers\u00f3nuleg reynsla getur veri\u00f0 mismunandi. Ekki l\u00e6kningat\u00e6ki. Engin lofor\u00f0 um l\u00e6kningu.<\/p>\t\t\t\t\t\t\t\t<\/div>\n\t\t\t\t\t<\/div>\n\t\t\t\t<\/div>\n\t\t\t\t\t<\/div>\n\t\t\t\t<\/div>\n\t\t<div class=\"elementor-element elementor-element-iwgs-milagros-disc e-flex e-con-boxed e-con e-parent\" data-id=\"iwgs-milagros-disc\" data-element_type=\"container\" data-e-type=\"container\">\n\t\t\t\t\t<div class=\"e-con-inner\">\n\t\t\t\t<div class=\"elementor-element elementor-element-iwgs-milagros-discw elementor-widget elementor-widget-html\" data-id=\"iwgs-milagros-discw\" data-element_type=\"widget\" data-e-type=\"widget\" data-widget_type=\"html.default\">\n\t\t\t\t\t<footer data-nosnippet=\"true\" class=\"iwg-disclaimer-block\"><p data-nosnippet=\"true\">iWell Guard er <strong>ekki l\u00e6kningat\u00e6ki<\/strong> og kemur ekki \u00ed sta\u00f0 l\u00e6knis- e\u00f0a s\u00e1lfr\u00e6\u00f0ime\u00f0fer\u00f0ar. Innihaldi\u00f0 sem h\u00e9r er sett fram er tr\u00faarbrag\u00f0afr\u00e6\u00f0ileg og menningars\u00f6gulega greining, ekki lofor\u00f0 um andlega virkni.<\/p><\/footer>\t\t\t\t<\/div>\n\t\t\t\t\t<\/div>\n\t\t\t\t<\/div>\n\t\t\t\t<\/div>\n\t\t","protected":false},"excerpt":{"rendered":"","protected":false},"author":3,"featured_media":3560,"parent":0,"menu_order":0,"comment_status":"closed","ping_status":"closed","template":"elementor_header_footer","meta":{"_yoast_wpseo_focuskw":"Milagros","_yoast_wpseo_title":"Milagros: Vot\u00edfpl\u00f6tur R\u00f3m\u00f6nsku Amer\u00edku","_yoast_wpseo_metadesc":"Milagros, litlar vot\u00edf-m\u00e1lmpl\u00f6tur al\u00fe\u00fd\u00f0utr\u00faar \u00ed R\u00f3m\u00f6nsku Amer\u00edku: uppruni, form og merking sem verndar- og b\u00e6nagj\u00f6f, \u00fatsk\u00fdrt \u00e1 hlutl\u00e6gan h\u00e1tt.","_yoast_wpseo_meta-robots-noindex":"","_yoast_wpseo_canonical":"","_angie_page":false,"gefaehrdungsstufe":"","wesen_kultur":"","wesen_klasse":"","footnotes":""},"categories":[],"class_list":["post-169233","page","type-page","status-publish","has-post-thumbnail","hentry"],"yoast_head":"<!-- This site is optimized with the Yoast SEO Premium plugin v27.7 (Yoast SEO v28.3) - https:\/\/yoast.com\/product\/yoast-seo-premium-wordpress\/ -->\n<title>Milagros: Vot\u00edfpl\u00f6tur R\u00f3m\u00f6nsku Amer\u00edku<\/title>\n<meta name=\"description\" content=\"Milagros, litlar vot\u00edf-m\u00e1lmpl\u00f6tur al\u00fe\u00fd\u00f0utr\u00faar \u00ed R\u00f3m\u00f6nsku Amer\u00edku: uppruni, form og merking sem verndar- og b\u00e6nagj\u00f6f, \u00fatsk\u00fdrt \u00e1 hlutl\u00e6gan h\u00e1tt.\" \/>\n<meta name=\"robots\" content=\"index, follow, max-snippet:-1, max-image-preview:large, max-video-preview:-1\" \/>\n<link rel=\"canonical\" href=\"https:\/\/iwell-guard.com\/is\/milagros-votifplotur-althyduttrear\/\" \/>\n<meta property=\"og:locale\" content=\"is_IS\" \/>\n<meta property=\"og:type\" content=\"article\" \/>\n<meta property=\"og:title\" content=\"Milagros: Vot\u00edfpl\u00f6tur al\u00fe\u00fd\u00f0utr\u00faar\" \/>\n<meta property=\"og:description\" content=\"Milagros, litlar vot\u00edf-m\u00e1lmpl\u00f6tur al\u00fe\u00fd\u00f0utr\u00faar \u00ed R\u00f3m\u00f6nsku Amer\u00edku: uppruni, form og merking sem verndar- og b\u00e6nagj\u00f6f, \u00fatsk\u00fdrt \u00e1 hlutl\u00e6gan h\u00e1tt.\" \/>\n<meta property=\"og:url\" content=\"https:\/\/iwell-guard.com\/is\/milagros-votifplotur-althyduttrear\/\" \/>\n<meta property=\"og:site_name\" content=\"iWell Guard\" \/>\n<meta property=\"article:modified_time\" content=\"2026-09-05T14:35:39+00:00\" \/>\n<meta property=\"og:image\" content=\"https:\/\/iwell-guard.com\/wp-content\/uploads\/2026\/05\/schutzsymbol_lateinamerika_milagros.webp\" \/>\n\t<meta property=\"og:image:width\" content=\"1024\" \/>\n\t<meta property=\"og:image:height\" content=\"1536\" \/>\n\t<meta property=\"og:image:type\" content=\"image\/webp\" \/>\n<meta name=\"twitter:card\" content=\"summary_large_image\" \/>\n<script type=\"application\/ld+json\" class=\"yoast-schema-graph\">{\"@context\":\"https:\\\/\\\/schema.org\",\"@graph\":[{\"@type\":\"WebPage\",\"@id\":\"https:\\\/\\\/iwell-guard.com\\\/is\\\/milagros-votifplotur-althyduttrear\\\/\",\"url\":\"https:\\\/\\\/iwell-guard.com\\\/is\\\/milagros-votifplotur-althyduttrear\\\/\",\"name\":\"Milagros: Vot\u00edfpl\u00f6tur R\u00f3m\u00f6nsku Amer\u00edku\",\"isPartOf\":{\"@id\":\"https:\\\/\\\/iwell-guard.com\\\/is\\\/#website\"},\"primaryImageOfPage\":{\"@id\":\"https:\\\/\\\/iwell-guard.com\\\/is\\\/milagros-votifplotur-althyduttrear\\\/#primaryimage\"},\"image\":{\"@id\":\"https:\\\/\\\/iwell-guard.com\\\/is\\\/milagros-votifplotur-althyduttrear\\\/#primaryimage\"},\"thumbnailUrl\":\"https:\\\/\\\/iwell-guard.com\\\/wp-content\\\/uploads\\\/2026\\\/05\\\/schutzsymbol_lateinamerika_milagros.webp\",\"datePublished\":\"2026-09-05T14:06:42+00:00\",\"dateModified\":\"2026-09-05T14:35:39+00:00\",\"description\":\"Milagros, litlar vot\u00edf-m\u00e1lmpl\u00f6tur al\u00fe\u00fd\u00f0utr\u00faar \u00ed R\u00f3m\u00f6nsku Amer\u00edku: uppruni, form og merking sem verndar- og b\u00e6nagj\u00f6f, \u00fatsk\u00fdrt \u00e1 hlutl\u00e6gan h\u00e1tt.\",\"breadcrumb\":{\"@id\":\"https:\\\/\\\/iwell-guard.com\\\/is\\\/milagros-votifplotur-althyduttrear\\\/#breadcrumb\"},\"inLanguage\":\"is\",\"potentialAction\":[{\"@type\":\"ReadAction\",\"target\":[\"https:\\\/\\\/iwell-guard.com\\\/is\\\/milagros-votifplotur-althyduttrear\\\/\"]}]},{\"@type\":\"ImageObject\",\"inLanguage\":\"is\",\"@id\":\"https:\\\/\\\/iwell-guard.com\\\/is\\\/milagros-votifplotur-althyduttrear\\\/#primaryimage\",\"url\":\"https:\\\/\\\/iwell-guard.com\\\/wp-content\\\/uploads\\\/2026\\\/05\\\/schutzsymbol_lateinamerika_milagros.webp\",\"contentUrl\":\"https:\\\/\\\/iwell-guard.com\\\/wp-content\\\/uploads\\\/2026\\\/05\\\/schutzsymbol_lateinamerika_milagros.webp\",\"width\":1024,\"height\":1536,\"caption\":\"Verndart\u00e1kn. Myndskreyting \u00ed safnst\u00edl.\"},{\"@type\":\"BreadcrumbList\",\"@id\":\"https:\\\/\\\/iwell-guard.com\\\/is\\\/milagros-votifplotur-althyduttrear\\\/#breadcrumb\",\"itemListElement\":[{\"@type\":\"ListItem\",\"position\":1,\"name\":\"Start\",\"item\":\"https:\\\/\\\/iwell-guard.com\\\/is\\\/?page_id=168580\"},{\"@type\":\"ListItem\",\"position\":2,\"name\":\"Milagros: Vot\u00edfpl\u00f6tur al\u00fe\u00fd\u00f0utr\u00faar\"}]},{\"@type\":\"WebSite\",\"@id\":\"https:\\\/\\\/iwell-guard.com\\\/is\\\/#website\",\"url\":\"https:\\\/\\\/iwell-guard.com\\\/is\\\/\",\"name\":\"iWell Guard\",\"description\":\"Schutz vor dunklen Einfl\u00fcssen\",\"publisher\":{\"@id\":\"https:\\\/\\\/iwell-guard.com\\\/is\\\/#organization\"},\"potentialAction\":[{\"@type\":\"SearchAction\",\"target\":{\"@type\":\"EntryPoint\",\"urlTemplate\":\"https:\\\/\\\/iwell-guard.com\\\/is\\\/?s={search_term_string}\"},\"query-input\":{\"@type\":\"PropertyValueSpecification\",\"valueRequired\":true,\"valueName\":\"search_term_string\"}}],\"inLanguage\":\"is\"},{\"@type\":\"Organization\",\"@id\":\"https:\\\/\\\/iwell-guard.com\\\/is\\\/#organization\",\"name\":\"Ittermann electronic GmbH\",\"url\":\"https:\\\/\\\/iwell-guard.com\\\/is\\\/\",\"logo\":{\"@type\":\"ImageObject\",\"inLanguage\":\"is\",\"@id\":\"https:\\\/\\\/iwell-guard.com\\\/is\\\/#\\\/schema\\\/logo\\\/image\\\/\",\"url\":\"https:\\\/\\\/iwell-guard.com\\\/wp-content\\\/uploads\\\/2026\\\/05\\\/Ittermann-Logo-1182x237-1.png\",\"contentUrl\":\"https:\\\/\\\/iwell-guard.com\\\/wp-content\\\/uploads\\\/2026\\\/05\\\/Ittermann-Logo-1182x237-1.png\",\"width\":1182,\"height\":237,\"caption\":\"Ittermann electronic GmbH\"},\"image\":{\"@id\":\"https:\\\/\\\/iwell-guard.com\\\/is\\\/#\\\/schema\\\/logo\\\/image\\\/\"},\"sameAs\":[\"https:\\\/\\\/pantip.com\\\/profile\\\/9367242\",\"https:\\\/\\\/micro.blog\\\/iwellguard\",\"https:\\\/\\\/www.diggerslist.com\\\/iwellguard\\\/about\",\"https:\\\/\\\/skitterphoto.com\\\/photographers\\\/2870314\\\/iwell-guard\",\"https:\\\/\\\/iwellguard.wordpress.com\\\/2026\\\/06\\\/06\\\/iwell-guard\\\/\",\"https:\\\/\\\/hub.docker.com\\\/u\\\/iwellguard\",\"https:\\\/\\\/www.pinterest.com\\\/iwellguard\\\/\",\"https:\\\/\\\/bit.ly\\\/m\\\/iwellguard\",\"https:\\\/\\\/entre-vos-mains.alsace.eu\\\/profiles\\\/iwellguard\\\/activity\",\"https:\\\/\\\/gravatar.com\\\/reallybeded8fd34\",\"https:\\\/\\\/naijamatta.com\\\/iwellguard\",\"https:\\\/\\\/www.goodreads.com\\\/iwellguard\",\"https:\\\/\\\/profile.hatena.ne.jp\\\/iwellguard\\\/\",\"https:\\\/\\\/experiment.com\\\/users\\\/iwellguard\",\"https:\\\/\\\/wakelet.com\\\/@iWellGuard82270\",\"https:\\\/\\\/www.chordie.com\\\/forum\\\/profile.php?id=2555664\",\"https:\\\/\\\/www.instapaper.com\\\/p\\\/17757966\",\"https:\\\/\\\/www.mapleprimes.com\\\/users\\\/iwellguard\",\"https:\\\/\\\/businesslistingplus.com\\\/profile\\\/iwell-guard\\\/\",\"https:\\\/\\\/telegra.ph\\\/iWell-Guard-06-06\",\"https:\\\/\\\/pbase.com\\\/iwellguard\\\/iwellguard\",\"https:\\\/\\\/b.hatena.ne.jp\\\/iwellguard\\\/20260607#bookmark-4788405196491818882\",\"https:\\\/\\\/fliphtml5.com\\\/home\\\/iwellguard\",\"https:\\\/\\\/anyflip.com\\\/homepage\\\/cmiwl#About\",\"https:\\\/\\\/transfur.com\\\/Users\\\/iwellguard\",\"http:\\\/\\\/delphi.larsbo.org\\\/user\\\/iwellguard\",\"https:\\\/\\\/jobs.lajobsportal.org\\\/profiles\\\/8380803-iwell-guard\",\"https:\\\/\\\/md.chaosdorf.de\\\/s\\\/jfbe5SBdJD\",\"https:\\\/\\\/www.lingvolive.com\\\/en-us\\\/profile\\\/9ecaeaca-ce11-4e51-9e71-01d55e2bff36\\\/translations\",\"https:\\\/\\\/www.fitday.com\\\/fitness\\\/forums\\\/members\\\/iwellguard.html\",\"https:\\\/\\\/www.mymeetbook.com\\\/iwellguard\",\"https:\\\/\\\/pxhere.com\\\/en\\\/photographer-me\\\/5040798\",\"https:\\\/\\\/disqus.com\\\/by\\\/iwellguard\\\/about\\\/\",\"https:\\\/\\\/pastelink.net\\\/hjwciqwq\",\"https:\\\/\\\/pubhtml5.com\\\/homepage\\\/scjhn\\\/\",\"https:\\\/\\\/www.bitchute.com\\\/channel\\\/2O2eOKzNqujT\",\"https:\\\/\\\/audiomack.com\\\/iwellguard\"]}]}<\/script>\n<!-- \/ Yoast SEO Premium plugin. -->","yoast_head_json":{"title":"Milagros: Vot\u00edfpl\u00f6tur R\u00f3m\u00f6nsku Amer\u00edku","description":"Milagros, litlar vot\u00edf-m\u00e1lmpl\u00f6tur al\u00fe\u00fd\u00f0utr\u00faar \u00ed R\u00f3m\u00f6nsku Amer\u00edku: uppruni, form og merking sem verndar- og b\u00e6nagj\u00f6f, \u00fatsk\u00fdrt \u00e1 hlutl\u00e6gan h\u00e1tt.","robots":{"index":"index","follow":"follow","max-snippet":"max-snippet:-1","max-image-preview":"max-image-preview:large","max-video-preview":"max-video-preview:-1"},"canonical":"https:\/\/iwell-guard.com\/is\/milagros-votifplotur-althyduttrear\/","og_locale":"is_IS","og_type":"article","og_title":"Milagros: Vot\u00edfpl\u00f6tur al\u00fe\u00fd\u00f0utr\u00faar","og_description":"Milagros, litlar vot\u00edf-m\u00e1lmpl\u00f6tur al\u00fe\u00fd\u00f0utr\u00faar \u00ed R\u00f3m\u00f6nsku Amer\u00edku: uppruni, form og merking sem verndar- og b\u00e6nagj\u00f6f, \u00fatsk\u00fdrt \u00e1 hlutl\u00e6gan h\u00e1tt.","og_url":"https:\/\/iwell-guard.com\/is\/milagros-votifplotur-althyduttrear\/","og_site_name":"iWell Guard","article_modified_time":"2026-09-05T14:35:39+00:00","og_image":[{"width":1024,"height":1536,"url":"https:\/\/iwell-guard.com\/wp-content\/uploads\/2026\/05\/schutzsymbol_lateinamerika_milagros.webp","type":"image\/webp"}],"twitter_card":"summary_large_image","schema":{"@context":"https:\/\/schema.org","@graph":[{"@type":"WebPage","@id":"https:\/\/iwell-guard.com\/is\/milagros-votifplotur-althyduttrear\/","url":"https:\/\/iwell-guard.com\/is\/milagros-votifplotur-althyduttrear\/","name":"Milagros: Vot\u00edfpl\u00f6tur R\u00f3m\u00f6nsku Amer\u00edku","isPartOf":{"@id":"https:\/\/iwell-guard.com\/is\/#website"},"primaryImageOfPage":{"@id":"https:\/\/iwell-guard.com\/is\/milagros-votifplotur-althyduttrear\/#primaryimage"},"image":{"@id":"https:\/\/iwell-guard.com\/is\/milagros-votifplotur-althyduttrear\/#primaryimage"},"thumbnailUrl":"https:\/\/iwell-guard.com\/wp-content\/uploads\/2026\/05\/schutzsymbol_lateinamerika_milagros.webp","datePublished":"2026-09-05T14:06:42+00:00","dateModified":"2026-09-05T14:35:39+00:00","description":"Milagros, litlar vot\u00edf-m\u00e1lmpl\u00f6tur al\u00fe\u00fd\u00f0utr\u00faar \u00ed R\u00f3m\u00f6nsku Amer\u00edku: uppruni, form og merking sem verndar- og b\u00e6nagj\u00f6f, \u00fatsk\u00fdrt \u00e1 hlutl\u00e6gan h\u00e1tt.","breadcrumb":{"@id":"https:\/\/iwell-guard.com\/is\/milagros-votifplotur-althyduttrear\/#breadcrumb"},"inLanguage":"is","potentialAction":[{"@type":"ReadAction","target":["https:\/\/iwell-guard.com\/is\/milagros-votifplotur-althyduttrear\/"]}]},{"@type":"ImageObject","inLanguage":"is","@id":"https:\/\/iwell-guard.com\/is\/milagros-votifplotur-althyduttrear\/#primaryimage","url":"https:\/\/iwell-guard.com\/wp-content\/uploads\/2026\/05\/schutzsymbol_lateinamerika_milagros.webp","contentUrl":"https:\/\/iwell-guard.com\/wp-content\/uploads\/2026\/05\/schutzsymbol_lateinamerika_milagros.webp","width":1024,"height":1536,"caption":"Verndart\u00e1kn. Myndskreyting \u00ed safnst\u00edl."},{"@type":"BreadcrumbList","@id":"https:\/\/iwell-guard.com\/is\/milagros-votifplotur-althyduttrear\/#breadcrumb","itemListElement":[{"@type":"ListItem","position":1,"name":"Start","item":"https:\/\/iwell-guard.com\/is\/?page_id=168580"},{"@type":"ListItem","position":2,"name":"Milagros: Vot\u00edfpl\u00f6tur al\u00fe\u00fd\u00f0utr\u00faar"}]},{"@type":"WebSite","@id":"https:\/\/iwell-guard.com\/is\/#website","url":"https:\/\/iwell-guard.com\/is\/","name":"iWell Guard","description":"Schutz vor dunklen Einfl\u00fcssen","publisher":{"@id":"https:\/\/iwell-guard.com\/is\/#organization"},"potentialAction":[{"@type":"SearchAction","target":{"@type":"EntryPoint","urlTemplate":"https:\/\/iwell-guard.com\/is\/?s={search_term_string}"},"query-input":{"@type":"PropertyValueSpecification","valueRequired":true,"valueName":"search_term_string"}}],"inLanguage":"is"},{"@type":"Organization","@id":"https:\/\/iwell-guard.com\/is\/#organization","name":"Ittermann electronic GmbH","url":"https:\/\/iwell-guard.com\/is\/","logo":{"@type":"ImageObject","inLanguage":"is","@id":"https:\/\/iwell-guard.com\/is\/#\/schema\/logo\/image\/","url":"https:\/\/iwell-guard.com\/wp-content\/uploads\/2026\/05\/Ittermann-Logo-1182x237-1.png","contentUrl":"https:\/\/iwell-guard.com\/wp-content\/uploads\/2026\/05\/Ittermann-Logo-1182x237-1.png","width":1182,"height":237,"caption":"Ittermann electronic GmbH"},"image":{"@id":"https:\/\/iwell-guard.com\/is\/#\/schema\/logo\/image\/"},"sameAs":["https:\/\/pantip.com\/profile\/9367242","https:\/\/micro.blog\/iwellguard","https:\/\/www.diggerslist.com\/iwellguard\/about","https:\/\/skitterphoto.com\/photographers\/2870314\/iwell-guard","https:\/\/iwellguard.wordpress.com\/2026\/06\/06\/iwell-guard\/","https:\/\/hub.docker.com\/u\/iwellguard","https:\/\/www.pinterest.com\/iwellguard\/","https:\/\/bit.ly\/m\/iwellguard","https:\/\/entre-vos-mains.alsace.eu\/profiles\/iwellguard\/activity","https:\/\/gravatar.com\/reallybeded8fd34","https:\/\/naijamatta.com\/iwellguard","https:\/\/www.goodreads.com\/iwellguard","https:\/\/profile.hatena.ne.jp\/iwellguard\/","https:\/\/experiment.com\/users\/iwellguard","https:\/\/wakelet.com\/@iWellGuard82270","https:\/\/www.chordie.com\/forum\/profile.php?id=2555664","https:\/\/www.instapaper.com\/p\/17757966","https:\/\/www.mapleprimes.com\/users\/iwellguard","https:\/\/businesslistingplus.com\/profile\/iwell-guard\/","https:\/\/telegra.ph\/iWell-Guard-06-06","https:\/\/pbase.com\/iwellguard\/iwellguard","https:\/\/b.hatena.ne.jp\/iwellguard\/20260607#bookmark-4788405196491818882","https:\/\/fliphtml5.com\/home\/iwellguard","https:\/\/anyflip.com\/homepage\/cmiwl#About","https:\/\/transfur.com\/Users\/iwellguard","http:\/\/delphi.larsbo.org\/user\/iwellguard","https:\/\/jobs.lajobsportal.org\/profiles\/8380803-iwell-guard","https:\/\/md.chaosdorf.de\/s\/jfbe5SBdJD","https:\/\/www.lingvolive.com\/en-us\/profile\/9ecaeaca-ce11-4e51-9e71-01d55e2bff36\/translations","https:\/\/www.fitday.com\/fitness\/forums\/members\/iwellguard.html","https:\/\/www.mymeetbook.com\/iwellguard","https:\/\/pxhere.com\/en\/photographer-me\/5040798","https:\/\/disqus.com\/by\/iwellguard\/about\/","https:\/\/pastelink.net\/hjwciqwq","https:\/\/pubhtml5.com\/homepage\/scjhn\/","https:\/\/www.bitchute.com\/channel\/2O2eOKzNqujT","https:\/\/audiomack.com\/iwellguard"]}]}},"_links":{"self":[{"href":"https:\/\/iwell-guard.com\/is\/wp-json\/wp\/v2\/pages\/169233","targetHints":{"allow":["GET"]}}],"collection":[{"href":"https:\/\/iwell-guard.com\/is\/wp-json\/wp\/v2\/pages"}],"about":[{"href":"https:\/\/iwell-guard.com\/is\/wp-json\/wp\/v2\/types\/page"}],"author":[{"embeddable":true,"href":"https:\/\/iwell-guard.com\/is\/wp-json\/wp\/v2\/users\/3"}],"replies":[{"embeddable":true,"href":"https:\/\/iwell-guard.com\/is\/wp-json\/wp\/v2\/comments?post=169233"}],"version-history":[{"count":0,"href":"https:\/\/iwell-guard.com\/is\/wp-json\/wp\/v2\/pages\/169233\/revisions"}],"wp:featuredmedia":[{"embeddable":true,"href":"https:\/\/iwell-guard.com\/is\/wp-json\/wp\/v2\/media\/3560"}],"wp:attachment":[{"href":"https:\/\/iwell-guard.com\/is\/wp-json\/wp\/v2\/media?parent=169233"}],"wp:term":[{"taxonomy":"category","embeddable":true,"href":"https:\/\/iwell-guard.com\/is\/wp-json\/wp\/v2\/categories?post=169233"}],"curies":[{"name":"wp","href":"https:\/\/api.w.org\/{rel}","templated":true}]}}