{"id":169232,"date":"2026-09-05T14:06:41","date_gmt":"2026-09-05T14:06:41","guid":{"rendered":"https:\/\/iwell-guard.com\/?page_id=169232"},"modified":"2026-09-05T14:35:38","modified_gmt":"2026-09-05T14:35:38","slug":"gudsauga-ojo-de-dios-huichol-mexiko","status":"publish","type":"page","link":"https:\/\/iwell-guard.com\/is\/gudsauga-ojo-de-dios-huichol-mexiko\/","title":{"rendered":"Gu\u00f0sauga (Ojo de Dios) Huicholanna \u00ed Mex\u00edk\u00f3"},"content":{"rendered":"\t\t<div data-elementor-type=\"wp-page\" data-elementor-id=\"169232\" class=\"elementor elementor-169232 elementor-3724 elementor-bc-flex-widget\" data-elementor-post-type=\"page\">\n\t\t\t\t<div class=\"elementor-element elementor-element-iwgs-gottesauge-hero e-flex e-con-boxed e-con e-parent\" data-id=\"iwgs-gottesauge-hero\" data-element_type=\"container\" data-e-type=\"container\">\n\t\t\t\t\t<div class=\"e-con-inner\">\n\t\t<div class=\"elementor-element elementor-element-iwgs-gottesauge-hl e-flex e-con-boxed e-con e-parent\" data-id=\"iwgs-gottesauge-hl\" data-element_type=\"container\" data-e-type=\"container\">\n\t\t\t\t\t<div class=\"e-con-inner\">\n\t\t<div class=\"elementor-element elementor-element-iwgs-gottesauge-hlbox e-con-full e-flex e-con e-parent\" data-id=\"iwgs-gottesauge-hlbox\" data-element_type=\"container\" data-e-type=\"container\">\n\t\t\t\t<div class=\"elementor-element elementor-element-iwgs-gottesauge-h1 elementor-widget elementor-widget-heading\" data-id=\"iwgs-gottesauge-h1\" data-element_type=\"widget\" data-e-type=\"widget\" data-widget_type=\"heading.default\">\n\t\t\t\t\t<h1 class=\"elementor-heading-title elementor-size-default\">Gu\u00f0sauga\u00f0: fl\u00e9tta\u00f0ur \u00fer\u00e1\u00f0akross Huicholanna fr\u00e1 Mex\u00edk\u00f3<\/h1>\t\t\t\t<\/div>\n\t\t\t\t<div class=\"elementor-element elementor-element-iwgs-gottesauge-lead elementor-widget elementor-widget-text-editor\" data-id=\"iwgs-gottesauge-lead\" data-element_type=\"widget\" data-e-type=\"widget\" data-widget_type=\"text-editor.default\">\n\t\t\t\t\t\t\t\t\t<p>Gu\u00f0sauga\u00f0, \u00e1 sp\u00e6nsku Ojo de Dios, er hlutur ofinn \u00far \u00fer\u00e1\u00f0um utan um tr\u00e9kross, sem tengist fyrst og fremst Huicholunum, sem kalla sig sj\u00e1lfa Wix\u00e1rika og b\u00faa \u00ed vesturhluta Mex\u00edk\u00f3. \u00cd hef\u00f0bundinni mynd sinni er \u00fea\u00f0 heitgjafarhlutur sem ber fram b\u00e6n um skj\u00f3l og gott l\u00edf fyrir b\u00f6rn.<\/p><p>Sp\u00e6nska nafni\u00f0 t\u00falkar t\u00edgullaga flettuna sem auga, \u00fear sem gu\u00f0leg m\u00e1ttarv\u00f6ld horfa \u00e1 manninn. Fr\u00e1 sj\u00f3narh\u00f3li tr\u00faarbrag\u00f0afr\u00e6\u00f0a er nau\u00f0synlegt a\u00f0 greina \u00e1 milli helgigrips Wix\u00e1rika-f\u00f3lksins og hins \u00fatbreidda handverksmuna sem finnst um allan heim. \u00deessi texti l\u00fdsir b\u00e1\u00f0um \u00feessum hli\u00f0um fr\u00e1 utana\u00f0komandi sj\u00f3narhorni.<\/p>\n<p class=\"iwg-kwfix\">\u00der\u00e1\u00f0akrossinn samanstendur af tveimur krossl\u00f6g\u00f0um sp\u00fdtum sem er vafi\u00f0 um me\u00f0 litu\u00f0um ullar\u00fer\u00e6\u00f0i \u00ed t\u00edgulmunstur; hn\u00fatar\u00f6\u00f0in og litar\u00f6\u00f0in t\u00e1kna hj\u00e1 Huicholunum skj\u00f3lb\u00e6nir og heimsfr\u00e6\u00f0ilega skipan.<\/p>\t\t\t\t\t\t\t\t<\/div>\n\t\t\t\t<\/div>\n\t\t\t\t<div class=\"elementor-element elementor-element-iwgs-gottesauge-pills elementor-widget elementor-widget-html\" data-id=\"iwgs-gottesauge-pills\" data-element_type=\"widget\" data-e-type=\"widget\" data-widget_type=\"html.default\">\n\t\t\t\t\t<div class=\"iwg-pill-row\"><span class=\"iwg-klasse-badge\" tabindex=\"0\" data-tooltip=\"Verndart\u00e1kn, gripur e\u00f0a fr\u00e1hrindandi hlutur.\">Verndart\u00e1kn<\/span><a href=\"https:\/\/iwell-guard.com\/is\/verndartakn\/\" class=\"iwg-kultur-badge\" tabindex=\"0\" data-tooltip=\"Skj\u00f3lhef\u00f0: Frumbyggjar Mex\u00edk\u00f3\">Frumbyggjar Mex\u00edk\u00f3<\/a><span class=\"iwg-tradition-badge\" tabindex=\"0\" data-tooltip=\"Hlutur ger\u00f0ur \u00far \u00fer\u00e1\u00f0um sem \u00fej\u00f3nar sem heitgj\u00f6f.\">Heitgjafarhlutur \u00far \u00fer\u00e1\u00f0um<\/span><\/div>\t\t\t\t<\/div>\n\t\t\t\t\t<\/div>\n\t\t\t\t<\/div>\n\t\t<div class=\"elementor-element elementor-element-iwgs-gottesauge-hr e-con-full e-flex e-con e-parent\" data-id=\"iwgs-gottesauge-hr\" data-element_type=\"container\" data-e-type=\"container\">\n\t\t\t\t<div class=\"elementor-element elementor-element-iwgs-gottesauge-himg iwg-hero-image elementor-widget elementor-widget-image\" data-id=\"iwgs-gottesauge-himg\" data-element_type=\"widget\" data-e-type=\"widget\" data-widget_type=\"image.default\">\n\t\t\t\t\t\t\t\t\t\t\t\t\t\t\t<img fetchpriority=\"high\" decoding=\"async\" width=\"683\" height=\"1024\" src=\"https:\/\/iwell-guard.com\/wp-content\/uploads\/2026\/05\/schutzsymbol_indigen_gottesauge-683x1024.webp\" class=\"attachment-large size-large wp-image-170497\" alt=\"Gu\u00f0sauga - verndart\u00e1kn, safnfr\u00e6\u00f0ileg myndskreyting\" srcset=\"https:\/\/iwell-guard.com\/wp-content\/uploads\/2026\/05\/schutzsymbol_indigen_gottesauge-683x1024.webp 683w, https:\/\/iwell-guard.com\/wp-content\/uploads\/2026\/05\/schutzsymbol_indigen_gottesauge-200x300.webp 200w, https:\/\/iwell-guard.com\/wp-content\/uploads\/2026\/05\/schutzsymbol_indigen_gottesauge-768x1152.webp 768w, https:\/\/iwell-guard.com\/wp-content\/uploads\/2026\/05\/schutzsymbol_indigen_gottesauge.webp 1024w\" sizes=\"(max-width: 683px) 100vw, 683px\" \/>\t\t\t\t\t\t\t\t\t\t\t\t\t\t\t<\/div>\n\t\t\t\t<\/div>\n\t\t\t\t\t<\/div>\n\t\t\t\t<\/div>\n\t\t<div class=\"elementor-element elementor-element-iwgs-gottesauge-s0 e-flex e-con-boxed e-con e-parent\" data-id=\"iwgs-gottesauge-s0\" data-element_type=\"container\" data-e-type=\"container\">\n\t\t\t\t\t<div class=\"e-con-inner\">\n\t\t\t\t<div class=\"elementor-element elementor-element-iwgs-gottesauge-s0h elementor-widget elementor-widget-heading\" data-id=\"iwgs-gottesauge-s0h\" data-element_type=\"widget\" data-e-type=\"widget\" data-widget_type=\"heading.default\">\n\t\t\t\t\t<h2 class=\"elementor-heading-title elementor-size-default\">Skilgreining gu\u00f0saugans<\/h2>\t\t\t\t<\/div>\n\t\t<div class=\"elementor-element elementor-element-iwgs-gottesauge-s0box e-con-full e-flex e-con e-parent\" data-id=\"iwgs-gottesauge-s0box\" data-element_type=\"container\" data-e-type=\"container\">\n\t\t\t\t<div class=\"elementor-element elementor-element-iwgs-gottesauge-s0t elementor-widget elementor-widget-text-editor\" data-id=\"iwgs-gottesauge-s0t\" data-element_type=\"widget\" data-e-type=\"widget\" data-widget_type=\"text-editor.default\">\n\t\t\t\t\t\t\t\t\t<p>Gu\u00f0sauga\u00f0 er sm\u00e1r, oft litr\u00edkur hlutur sem myndast me\u00f0 \u00fev\u00ed a\u00f0 vefja \u00fer\u00e1\u00f0 utan um kross ger\u00f0an \u00far tveimur sp\u00fdtum. Fullger\u00f0 flettan myndar t\u00edgul e\u00f0a nokkra samsetta t\u00edgla. \u00deessi t\u00edgulmynd er t\u00falku\u00f0 sem auga, sem er uppruni nafns hlutarins.<\/p><p>Sp\u00e6nska nafni\u00f0 Ojo de Dios \u00fe\u00fd\u00f0ir b\u00f3kstaflega auga Gu\u00f0s. \u00dea\u00f0 stafar af samruna frumbyggja- og kristinna hugmynda \u00ed n\u00fdlendut\u00edmans Mex\u00edk\u00f3. \u00cd tungum\u00e1li Wix\u00e1rika-f\u00f3lksins eru til eigin heiti sem eru mismunandi eftir samhengi.<\/p><p>Gu\u00f0sauga\u00f0 er fyrst og fremst tengt Wix\u00e1rika-f\u00f3lkinu, sem b\u00fdr \u00ed fylkjunum Jalisco, Nayarit, Durango og Zacatecas \u00ed vesturhluta Mex\u00edk\u00f3. N\u00e1granna\u00fej\u00f3\u00f0ir kannast einnig vi\u00f0 svipa\u00f0a \u00fer\u00e1\u00f0ahluti. \u00dev\u00ed er of \u00fer\u00f6ng t\u00falkun a\u00f0 tengja hlutinn eing\u00f6ngu einum h\u00f3pi.<\/p><p>\u00cd hef\u00f0bundinni merkingu sinni er gu\u00f0sauga\u00f0 heitgjafarhlutur. \u00dea\u00f0 er gert til a\u00f0 bera fram b\u00e6n til gu\u00f0anna, oftast b\u00e6n um skj\u00f3l, heilsu og gott l\u00edf fyrir barn. \u00deannig er \u00fea\u00f0 hlutur tengdur lifa\u00f0ri <span class=\"iwg-fachbegriff\" data-tooltip=\"Lifu\u00f0 tr\u00faarleg afsta\u00f0a og i\u00f0kun manns.\" tabindex=\"0\">tr\u00far\u00e6kni<\/span>.<\/p><p>Fr\u00e1 sj\u00f3narh\u00f3li tr\u00faarbrag\u00f0afr\u00e6\u00f0a heyrir gu\u00f0sauga\u00f0 til hins v\u00ed\u00f0ara samhengis <a href=\"https:\/\/iwell-guard.com\/is\/verndartakn\/\">verndart\u00e1kna<\/a> og heitgjafa. \u00dea\u00f0 tengir hugmyndina um verndandi augnar\u00e1\u00f0 vi\u00f0 \u00fe\u00e1 i\u00f0kun a\u00f0 bera fram b\u00e6n \u00ed s\u00fdnilegum hlut fyrir <span class=\"iwg-fachbegriff\" data-tooltip=\"Vera sem er d\u00fdrku\u00f0 sem gu\u00f0leg innan tr\u00faarbrag\u00f0a.\" tabindex=\"0\">gu\u00f0veru<\/span>.<\/p><p>Mikilv\u00e6gt fyrir hlutl\u00e6ga umfj\u00f6llun er a\u00f0 greina \u00e1 milli tveggja hli\u00f0a. \u00c1 einni hli\u00f0 stendur helgigripur Wix\u00e1rika-f\u00f3lksins me\u00f0 sinni tr\u00faarlegu merkingu, \u00e1 hinni s\u00e1 \u00fatbreiddi handverksmunur sem hefur a\u00f0 mestu leyti glata\u00f0 upprunalegri merkingu sinni.<\/p>\t\t\t\t\t\t\t\t<\/div>\n\t\t\t\t<\/div>\n\t\t\t\t\t<\/div>\n\t\t\t\t<\/div>\n\t\t<div class=\"elementor-element elementor-element-iwgs-gottesauge-s1 e-flex e-con-boxed e-con e-parent\" data-id=\"iwgs-gottesauge-s1\" data-element_type=\"container\" data-e-type=\"container\">\n\t\t\t\t\t<div class=\"e-con-inner\">\n\t\t\t\t<div class=\"elementor-element elementor-element-iwgs-gottesauge-s1h elementor-widget elementor-widget-heading\" data-id=\"iwgs-gottesauge-s1h\" data-element_type=\"widget\" data-e-type=\"widget\" data-widget_type=\"heading.default\">\n\t\t\t\t\t<h2 class=\"elementor-heading-title elementor-size-default\">Uppruni og saga<\/h2>\t\t\t\t<\/div>\n\t\t<div class=\"elementor-element elementor-element-iwgs-gottesauge-s1box e-con-full e-flex e-con e-parent\" data-id=\"iwgs-gottesauge-s1box\" data-element_type=\"container\" data-e-type=\"container\">\n\t\t\t\t<div class=\"elementor-element elementor-element-iwgs-gottesauge-s1t elementor-widget elementor-widget-text-editor\" data-id=\"iwgs-gottesauge-s1t\" data-element_type=\"widget\" data-e-type=\"widget\" data-widget_type=\"text-editor.default\">\n\t\t\t\t\t\t\t\t\t<p>I\u00f0kunin a\u00f0 vefja \u00fer\u00e1\u00f0 um tr\u00e9krossa er g\u00f6mul \u00ed vesturhluta Mex\u00edk\u00f3. Svipa\u00f0ir hlutir eru \u00feekktir fr\u00e1 \u00fdmsum sv\u00e6\u00f0um Mes\u00f3amer\u00edku, og sumir fr\u00e6\u00f0imenn telja r\u00e6tur \u00feeirra liggja \u00ed t\u00edmanum fyrir komu Sp\u00e1nverja. Skriflegar heimildir koma \u00fe\u00f3 ekki fram fyrr en \u00e1 n\u00fdlendut\u00edmanum.<\/p><p>Sp\u00e6nska nafni\u00f0 Ojo de Dios endurspeglar samruna frumbyggjatr\u00faar og kristni \u00e1 n\u00fdlendut\u00edmanum. Tr\u00fabo\u00f0ar t\u00falku\u00f0u t\u00edgullaga flettuna sem gu\u00f0legt auga sem vekur yfir manninum. \u00deannig sameina\u00f0ist eldri frumbyggjahlutur kristinni myndm\u00e1li.<\/p><p>N\u00e1kv\u00e6mar uppl\u00fdsingar um s\u00f6gu hlutarins fyrir komu Sp\u00e1nverja eru erfi\u00f0ar a\u00f0 f\u00e1, \u00fev\u00ed \u00fer\u00e1\u00f0ur er hverfanlegt efni og var\u00f0veitist illa fornleifafr\u00e6\u00f0ilega. N\u00faverandi \u00feekking byggist \u00fev\u00ed fyrst og fremst \u00e1 \u00fej\u00f3\u00f0fr\u00e6\u00f0ilegum sk\u00fdrslum fr\u00e1 19. og 20. \u00f6ld.<\/p><p>Mikilv\u00e6g heimild er norski fr\u00e6\u00f0ima\u00f0urinn Carl Lumholtz, sem heims\u00f3tti Wix\u00e1rika-f\u00f3lki\u00f0 um aldam\u00f3tin 1900 og skr\u00e1\u00f0i menningarh\u00e6tti \u00feeirra n\u00e1kv\u00e6mlega. Skr\u00e1ningar hans hafa haft varanleg \u00e1hrif \u00e1 fr\u00e6\u00f0ilega mynd af gu\u00f0sauganum.<\/p><p>\u00c1 20. \u00f6ld breiddist gu\u00f0sauga\u00f0 \u00fat langt \u00fat fyrir Mex\u00edk\u00f3. \u00dea\u00f0 var\u00f0 \u00feekkt fyrst \u00ed Bandar\u00edkjunum, s\u00ed\u00f0an um allan heim sem handverks- og kennsluhlutur. \u00deessi \u00fatbrei\u00f0sla leiddi til \u00feess a\u00f0 hluturinn fjarl\u00e6g\u00f0ist sm\u00e1m saman upprunalega tr\u00faarlega merkingu s\u00edna.<\/p><p>\u00cd dag lifa hef\u00f0bundinn heitgjafarhlutur Wix\u00e1rika-f\u00f3lksins og hinn hnattv\u00e6ddi handverksmunur samhli\u00f0a. B\u00e6\u00f0i bera sama nafn en eru mj\u00f6g fr\u00e1brug\u00f0in \u00ed virkni og merkingu. \u00deessi tv\u00f6falda tilvist einkennir s\u00f6gu gu\u00f0saugans \u00e1 20. og 21. \u00f6ld.<\/p>\t\t\t\t\t\t\t\t<\/div>\n\t\t\t\t<\/div>\n\t\t\t\t\t<\/div>\n\t\t\t\t<\/div>\n\t\t<div class=\"elementor-element elementor-element-iwgs-gottesauge-s2 e-flex e-con-boxed e-con e-parent\" data-id=\"iwgs-gottesauge-s2\" data-element_type=\"container\" data-e-type=\"container\">\n\t\t\t\t\t<div class=\"e-con-inner\">\n\t\t\t\t<div class=\"elementor-element elementor-element-iwgs-gottesauge-s2h elementor-widget elementor-widget-heading\" data-id=\"iwgs-gottesauge-s2h\" data-element_type=\"widget\" data-e-type=\"widget\" data-widget_type=\"heading.default\">\n\t\t\t\t\t<h2 class=\"elementor-heading-title elementor-size-default\">Form, efni og ger\u00f0<\/h2>\t\t\t\t<\/div>\n\t\t<div class=\"elementor-element elementor-element-iwgs-gottesauge-s2box e-con-full e-flex e-con e-parent\" data-id=\"iwgs-gottesauge-s2box\" data-element_type=\"container\" data-e-type=\"container\">\n\t\t\t\t<div class=\"elementor-element elementor-element-iwgs-gottesauge-s2t elementor-widget elementor-widget-text-editor\" data-id=\"iwgs-gottesauge-s2t\" data-element_type=\"widget\" data-e-type=\"widget\" data-widget_type=\"text-editor.default\">\n\t\t\t\t\t\t\t\t\t<p>Grunnform gu\u00f0saugans samanstendur af tveimur sp\u00fdtum, oft \u00far vi\u00f0i, sem eru tengdar saman \u00ed kross. Um \u00feennan kross er vafi\u00f0 \u00fer\u00e6\u00f0i, \u00feannig a\u00f0 sm\u00e1m saman myndast t\u00edgullaga fl\u00f6tur. Me\u00f0 litaskiptum myndast sams\u00ed\u00f0a munstur.<\/p><p>Sem efni eru hef\u00f0bundnar trjesp\u00fdtur og \u00fer\u00e1\u00f0ur \u00far ull e\u00f0a jurta\u00fer\u00e1\u00f0um. \u00cd n\u00fat\u00edma handverki eru einnig nota\u00f0ar sp\u00fdtur \u00far \u00f6\u00f0rum vi\u00f0artegundum og \u00fer\u00e1\u00f0ur \u00far b\u00f3mull e\u00f0a gerviefnum. Litirnir eru oft sterkir og andst\u00e6\u00f0ur\u00edkir.<\/p><p>Vanda\u00f0ri gu\u00f0saugu hafa ekki bara einn kross heldur nokkra, \u00fear sem t\u00edgulformin gr\u00edpa saman. \u00deannig myndast fj\u00f6l\u00fe\u00e6tt, stj\u00f6rnulaga form. Sl\u00edk fl\u00f3kin form krefjast f\u00e6rni og teljast til erfi\u00f0ari verka.<\/p><p>\u00cd helgisi\u00f0asamhengi Wix\u00e1rika-f\u00f3lksins er ger\u00f0 hlutarins bundin \u00feeirri b\u00e6n sem tengist honum. A\u00f0 gera hlutinn er hluti af b\u00e6ninni og fylgir eigin hugmyndum um tilefni og t\u00edmasetningu. \u00deessar hugmyndir eru ekki almennt skr\u00e1\u00f0ar og a\u00f0gengilegar.<\/p><p>\u00cd fr\u00e6\u00f0unum er l\u00fdst a\u00f0 fyrir barn megi b\u00e6ta vi\u00f0 einum krossi \u00e1 hverju \u00e1ri yfir m\u00f6rg \u00e1r, svo a\u00f0 hluturinn vaxi me\u00f0 barninu. Sl\u00edkar uppl\u00fdsingar eru mismunandi milli sv\u00e6\u00f0a og \u00e6tti ekki a\u00f0 alh\u00e6fa sem fasta reglu.<\/p><p>\u00deessi texti gefur v\u00edsvitandi ekki skref-fyrir-skref lei\u00f0beiningar um ger\u00f0 helgigripsins. A\u00f0eins er l\u00fdst almennri byggingu. Hin helgisi\u00f0abundna ger\u00f0 er tengd hugmyndum sem heyra til tr\u00faar Wix\u00e1rika-f\u00f3lksins og ver\u00f0ur ekki eftirl\u00edkt utan fr\u00e1.<\/p>\t\t\t\t\t\t\t\t<\/div>\n\t\t\t\t<\/div>\n\t\t\t\t\t<\/div>\n\t\t\t\t<\/div>\n\t\t<div class=\"elementor-element elementor-element-iwgs-gottesauge-s3 e-flex e-con-boxed e-con e-parent\" data-id=\"iwgs-gottesauge-s3\" data-element_type=\"container\" data-e-type=\"container\">\n\t\t\t\t\t<div class=\"e-con-inner\">\n\t\t\t\t<div class=\"elementor-element elementor-element-iwgs-gottesauge-s3h elementor-widget elementor-widget-heading\" data-id=\"iwgs-gottesauge-s3h\" data-element_type=\"widget\" data-e-type=\"widget\" data-widget_type=\"heading.default\">\n\t\t\t\t\t<h2 class=\"elementor-heading-title elementor-size-default\">Tr\u00faarlegur og go\u00f0s\u00f6gulegur bakgrunnur<\/h2>\t\t\t\t<\/div>\n\t\t<div class=\"elementor-element elementor-element-iwgs-gottesauge-s3box e-con-full e-flex e-con e-parent\" data-id=\"iwgs-gottesauge-s3box\" data-element_type=\"container\" data-e-type=\"container\">\n\t\t\t\t<div class=\"elementor-element elementor-element-iwgs-gottesauge-s3t elementor-widget elementor-widget-text-editor\" data-id=\"iwgs-gottesauge-s3t\" data-element_type=\"widget\" data-e-type=\"widget\" data-widget_type=\"text-editor.default\">\n\t\t\t\t\t\t\t\t\t<p>Tr\u00fa Wix\u00e1rika-f\u00f3lksins einkennist af n\u00e1num tengslum gu\u00f0a, n\u00e1tt\u00faru\u00f6fla og forfe\u00f0ra. S\u00f3lin, eldurinn, regni\u00f0, ma\u00edsinn og hj\u00f6rturinn, auk hins heilaga kaktus peyote, eru me\u00f0al mi\u00f0l\u00e6gra vera \u00ed <span class=\"iwg-fachbegriff\" data-tooltip=\"\u00dea\u00f0 a\u00f0 mi\u00f0la \u00feekkingu og s\u00f6gum milli kynsl\u00f3\u00f0a.\" tabindex=\"0\">munnm\u00e6lahef\u00f0<\/span> \u00feeirra. Gu\u00f0sauga\u00f0 tengist \u00feessu samhengi.<\/p><p>T\u00edgullaga vefna\u00f0urinn er t\u00falka\u00f0ur sem auga sem gu\u00f0legt vald s\u00e9r mennina \u00ed gegnum og vakir yfir \u00feeim. Verndandi sj\u00f3nin er h\u00e9r ekki einf\u00f6ld mynd, heldur tj\u00e1ning \u00feeirrar hugmyndar a\u00f0 gu\u00f0irnir taki \u00fe\u00e1tt \u00ed heimi mannanna.<\/p><p>Sem heitgjafarhlutur tengir gu\u00f0sauga\u00f0 saman b\u00e6n og gj\u00f6f. S\u00e1 sem gerir gu\u00f0sauga og leggur \u00fea\u00f0 \u00e1 <span class=\"iwg-fachbegriff\" data-tooltip=\"Heilagur sta\u00f0ur sem tileinka\u00f0ur er d\u00fdrkun gu\u00f0s.\" tabindex=\"0\">helgista\u00f0<\/span>, ber \u00fear me\u00f0 fram \u00f3sk til <span class=\"iwg-fachbegriff\" data-tooltip=\"Vera sem d\u00fdrku\u00f0 er sem gu\u00f0 innan tr\u00faarbrag\u00f0a.\" tabindex=\"0\">gu\u00f0d\u00f3msins<\/span> og gefur samt\u00edmis eitthva\u00f0 af sj\u00e1lfum s\u00e9r. \u00deessi tenging b\u00e6nar og gjafar einkennir heitgjafari\u00f0kunina.<\/p><p>Oft sn\u00fdst \u00f3skin um velfer\u00f0 barna. Gu\u00f0sauga\u00f0 er gert svo a\u00f0 barn geti vaxi\u00f0 \u00far grasi, haldist heilbrigt og lifa\u00f0 g\u00f3\u00f0u l\u00edfi. \u00deannig heyrir \u00fea\u00f0 til fj\u00f6lskyldubundinnar <span class=\"iwg-fachbegriff\" data-tooltip=\"Lifu\u00f0 tr\u00faarleg afsta\u00f0a og i\u00f0kun einstaklings.\" tabindex=\"0\">tr\u00far\u00e6kni<\/span> og umhyggju fyrir n\u00e6stu kynsl\u00f3\u00f0.<\/p><p>Fr\u00e6\u00f0ilega m\u00e1 bera gu\u00f0sauga\u00f0 saman vi\u00f0 a\u00f0rar heitgjafir, svo sem m\u00e1lmpl\u00f6turnar sem l\u00fdst er \u00ed greininni um Milagros. \u00cd b\u00e1\u00f0um tilvikum er \u00f3sk borin fram fyrir hi\u00f0 heilaga vald \u00ed formi s\u00fdnilegs hlutar.<\/p><p>Mikilv\u00e6gt er a\u00f0 tr\u00faarleg merking \u00feess er bundin l\u00edfsheimi Wix\u00e1rika-f\u00f3lksins. Utan \u00feessa samhengis glatar gu\u00f0sauga\u00f0 heitgjafarhlutverki s\u00ednu. Al\u00fej\u00f3\u00f0lega handverkshlutur deilir a\u00f0eins ytra formi me\u00f0 hinum tr\u00faarlega hlut, ekki hlutverki hans.<\/p>\t\t\t\t\t\t\t\t<\/div>\n\t\t\t\t<\/div>\n\t\t\t\t\t<\/div>\n\t\t\t\t<\/div>\n\t\t<div class=\"elementor-element elementor-element-iwgs-gottesauge-s4 e-flex e-con-boxed e-con e-parent\" data-id=\"iwgs-gottesauge-s4\" data-element_type=\"container\" data-e-type=\"container\">\n\t\t\t\t\t<div class=\"e-con-inner\">\n\t\t\t\t<div class=\"elementor-element elementor-element-iwgs-gottesauge-s4h elementor-widget elementor-widget-heading\" data-id=\"iwgs-gottesauge-s4h\" data-element_type=\"widget\" data-e-type=\"widget\" data-widget_type=\"heading.default\">\n\t\t\t\t\t<h2 class=\"elementor-heading-title elementor-size-default\">Helgisi\u00f0abundin notkun og berar<\/h2>\t\t\t\t<\/div>\n\t\t<div class=\"elementor-element elementor-element-iwgs-gottesauge-s4box e-con-full e-flex e-con e-parent\" data-id=\"iwgs-gottesauge-s4box\" data-element_type=\"container\" data-e-type=\"container\">\n\t\t\t\t<div class=\"elementor-element elementor-element-iwgs-gottesauge-s4t elementor-widget elementor-widget-text-editor\" data-id=\"iwgs-gottesauge-s4t\" data-element_type=\"widget\" data-e-type=\"widget\" data-widget_type=\"text-editor.default\">\n\t\t\t\t\t\t\t\t\t<p>\u00cd tr\u00faari\u00f0kun Wix\u00e1rika-f\u00f3lksins er gu\u00f0sauga\u00f0 gert til a\u00f0 tj\u00e1 \u00f3sk og lagt \u00e1 helga sta\u00f0i. Sl\u00edkir sta\u00f0ir geta veri\u00f0 hellar, lindir, fj\u00f6ll e\u00f0a s\u00e9rstaklega reist helgirit. \u00dea\u00f0 a\u00f0 leggja hlutinn ni\u00f0ur er hluti af <span class=\"iwg-fachbegriff\" data-tooltip=\"Tr\u00faarlega hv\u00f6tt fer\u00f0 til helgs sta\u00f0ar.\" tabindex=\"0\">p\u00edlagr\u00edmsfer\u00f0<\/span> og b\u00e6n.<\/p><p>Ger\u00f0 \u00feess getur veri\u00f0 tengd l\u00edfsferli barns. \u00cd sumum fr\u00e1s\u00f6gnum er l\u00fdst a\u00f0 gu\u00f0sauga s\u00e9 byrja\u00f0 vi\u00f0 f\u00e6\u00f0ingu e\u00f0a \u00e1 fyrstu \u00e6vi\u00e1rum og b\u00e6tt vi\u00f0 \u00fea\u00f0 s\u00ed\u00f0ar. Sl\u00edk i\u00f0kun er breytileg eftir sv\u00e6\u00f0um.<\/p><p>Fj\u00f6lskyldur og tr\u00faarlegir s\u00e9rfr\u00e6\u00f0ingar Wix\u00e1rika-f\u00f3lksins bera fyrst og fremst uppi \u00feessa i\u00f0kun. \u00cd st\u00e6rri ath\u00f6fnum gegna vanir s\u00f6ngvarar og athafnastj\u00f3rar mikilv\u00e6gu hlutverki. Gu\u00f0sauga\u00f0 er \u00fear eitt af nokkrum heitgjafarhlutum.<\/p><p>Auk gu\u00f0saugans \u00feekkja Wix\u00e1rika-f\u00f3lki\u00f0 fleiri listilega ger\u00f0a hluti, me\u00f0al annars t\u00f6flur kl\u00e6ddar garni og hluti skreytta glerperlum. \u00deessir hlutir heyra til sameiginlegu tr\u00faarlegu og listr\u00e6nu samhengi.<\/p><p>Al\u00fej\u00f3\u00f0lega handverkshlutur \u00feekkir ekki tr\u00faarlega notkun \u00ed eiginlegri merkingu. Hann er ger\u00f0ur \u00ed sk\u00f3lum, sumarb\u00fa\u00f0um og handverki, oft sem skrautmunur e\u00f0a \u00e6fing \u00ed umgengni vi\u00f0 lit og \u00fer\u00e1\u00f0. Tilgangur hans felst \u00ed sj\u00e1lfri sk\u00f6puninni.<\/p><p>\u00c1 milli \u00feessara tveggja notkunarforma er greinilegur munur. Tr\u00faarlega gu\u00f0sauga\u00f0 er hluti af tr\u00faarbr\u00f6g\u00f0um me\u00f0 eigin reglur, handverkshluturinn er veraldlegur hlutur. A\u00f0 nefna b\u00e1\u00f0a sama nafni krefst \u00feess a\u00f0 \u00feessi munur s\u00e9 alltaf haf\u00f0ur \u00ed huga.<\/p>\t\t\t\t\t\t\t\t<\/div>\n\t\t\t\t<\/div>\n\t\t\t\t\t<\/div>\n\t\t\t\t<\/div>\n\t\t<div class=\"elementor-element elementor-element-iwgs-gottesauge-s5 e-flex e-con-boxed e-con e-parent\" data-id=\"iwgs-gottesauge-s5\" data-element_type=\"container\" data-e-type=\"container\">\n\t\t\t\t\t<div class=\"e-con-inner\">\n\t\t\t\t<div class=\"elementor-element elementor-element-iwgs-gottesauge-s5h elementor-widget elementor-widget-heading\" data-id=\"iwgs-gottesauge-s5h\" data-element_type=\"widget\" data-e-type=\"widget\" data-widget_type=\"heading.default\">\n\t\t\t\t\t<h2 class=\"elementor-heading-title elementor-size-default\">Sv\u00e6\u00f0isbundin afbrig\u00f0i og tengt efni<\/h2>\t\t\t\t<\/div>\n\t\t<div class=\"elementor-element elementor-element-iwgs-gottesauge-s5box e-con-full e-flex e-con e-parent\" data-id=\"iwgs-gottesauge-s5box\" data-element_type=\"container\" data-e-type=\"container\">\n\t\t\t\t<div class=\"elementor-element elementor-element-iwgs-gottesauge-s5t elementor-widget elementor-widget-text-editor\" data-id=\"iwgs-gottesauge-s5t\" data-element_type=\"widget\" data-e-type=\"widget\" data-widget_type=\"text-editor.default\">\n\t\t\t\t\t\t\t\t\t<p>Innan Mex\u00edk\u00f3 \u00feekkja auk Wix\u00e1rika-f\u00f3lksins \u00f6nnur \u00fej\u00f3\u00f0flokkar garnhluti sem eru n\u00e1skyldir gu\u00f0sauganu. N\u00e1kv\u00e6m \u00fatf\u00e6rsla, litir og merking geta veri\u00f0 mismunandi. Engin einsleit hef\u00f0 er til me\u00f0al allra h\u00f3pa.<\/p><p>Samb\u00e6rilegir hlutir \u00far garni og prikum eru \u00feekktir fr\u00e1 \u00fdmsum sv\u00e6\u00f0um R\u00f3m\u00f6nsku Amer\u00edku. Sumir fr\u00e6\u00f0imenn draga tengingar vi\u00f0 tr\u00faarlega hluti annarra menningarheima, en sl\u00edkur samanbur\u00f0ur er oft \u00e1giskun og kemur ekki \u00ed sta\u00f0 n\u00e1kv\u00e6mrar einstakrar greiningar.<\/p><p>Innan verka Wix\u00e1rika-f\u00f3lksins stendur gu\u00f0sauga\u00f0 vi\u00f0 hli\u00f0 annarra forma tr\u00faarlegrar listar. Myndt\u00f6flur kl\u00e6ddar garni, svok\u00f6llu\u00f0 garnmyndir, eru \u00feekkt d\u00e6mi. \u00de\u00e6r \u00fe\u00fd\u00f0a s\u00fdnir og fr\u00e1sagnir yfir \u00ed litr\u00edkar myndir.<\/p><p>\u00cd almennri skynjun er gu\u00f0sauga\u00f0 oft sett fram me\u00f0 \u00f6\u00f0rum ofnum e\u00f0a undnum verndargripum. <a href=\"https:\/\/iwell-guard.com\/is\/?page_id=169130\">Draumafangarinn<\/a> kemur einnig fram \u00ed sl\u00edkri samsetningu. Fr\u00e6\u00f0ilega er h\u00e9r \u00fe\u00f3 um a\u00f0skildar hef\u00f0ir a\u00f0 r\u00e6\u00f0a.<\/p><p>Al\u00fej\u00f3\u00f0lega handverkshlutur hefur af s\u00e9r leitt fj\u00f6lda eigin \u00fatg\u00e1fna. Svi\u00f0i\u00f0 n\u00e6r fr\u00e1 einf\u00f6ldu sk\u00f3laverkefni til listilega ger\u00f0s veggskrauts. \u00deessar \u00fatg\u00e1fur heyra til n\u00fat\u00edma m\u00f3tt\u00f6kus\u00f6gu, ekki til tr\u00faarbrag\u00f0a Wix\u00e1rika-f\u00f3lksins.<\/p><p>S\u00e1 sem vill setja gu\u00f0sauga\u00f0 \u00ed v\u00ed\u00f0ara samhengi verndar- og heitgjafarhluta finnur fleiri d\u00e6mi undir <a href=\"https:\/\/iwell-guard.com\/is\/verndartakn\/\">Verndart\u00e1knum<\/a>. Gu\u00f0sauga\u00f0 s\u00fdnir \u00fear me\u00f0 hvernig tr\u00faarlegur hlutur getur or\u00f0i\u00f0 a\u00f0 heims\u00feekktu handverki.<\/p>\t\t\t\t\t\t\t\t<\/div>\n\t\t\t\t<\/div>\n\t\t\t\t\t<\/div>\n\t\t\t\t<\/div>\n\t\t<div class=\"elementor-element elementor-element-iwgs-gottesauge-s6 e-flex e-con-boxed e-con e-parent\" data-id=\"iwgs-gottesauge-s6\" data-element_type=\"container\" data-e-type=\"container\">\n\t\t\t\t\t<div class=\"e-con-inner\">\n\t\t\t\t<div class=\"elementor-element elementor-element-iwgs-gottesauge-s6h elementor-widget elementor-widget-heading\" data-id=\"iwgs-gottesauge-s6h\" data-element_type=\"widget\" data-e-type=\"widget\" data-widget_type=\"heading.default\">\n\t\t\t\t\t<h2 class=\"elementor-heading-title elementor-size-default\">Merking sem verndargripur<\/h2>\t\t\t\t<\/div>\n\t\t<div class=\"elementor-element elementor-element-iwgs-gottesauge-s6box e-con-full e-flex e-con e-parent\" data-id=\"iwgs-gottesauge-s6box\" data-element_type=\"container\" data-e-type=\"container\">\n\t\t\t\t<div class=\"elementor-element elementor-element-iwgs-gottesauge-s6t elementor-widget elementor-widget-text-editor\" data-id=\"iwgs-gottesauge-s6t\" data-element_type=\"widget\" data-e-type=\"widget\" data-widget_type=\"text-editor.default\">\n\t\t\t\t\t\t\t\t\t<p>Fr\u00e1 inns\u00e6i sj\u00f3narhorni Wix\u00e1rika-f\u00f3lksins er gu\u00f0sauga\u00f0 tali\u00f0 verndandi, \u00fev\u00ed \u00fea\u00f0 skapar tengsl vi\u00f0 vakandi gu\u00f0legan m\u00e1tt. Verndandi augnar\u00e1\u00f0i\u00f0 gegnum auga\u00f0 t\u00e1knar umhyggju <span class=\"iwg-fachbegriff\" data-tooltip=\"Vera sem er d\u00fdrku\u00f0 sem gu\u00f0leg innan tr\u00faarbrag\u00f0a.\" tabindex=\"0\">gu\u00f0veru<\/span> fyrir l\u00edfi mannsins, s\u00e9rstaklega l\u00edfi barnanna.<\/p><p>Verndin er h\u00e9r n\u00e1tengd b\u00e6ninni. Gu\u00f0sauga\u00f0 verndar ekki af sj\u00e1lfu s\u00e9r, heldur vegna \u00feess a\u00f0 \u00fea\u00f0 ber b\u00f3n fram fyrir <span class=\"iwg-fachbegriff\" data-tooltip=\"Vera sem er d\u00fdrku\u00f0 sem gu\u00f0leg innan tr\u00faarbrag\u00f0a.\" tabindex=\"0\">gu\u00f0veruna<\/span> og treystir \u00e1 svar hennar. \u00dea\u00f0 er tj\u00e1ning \u00e1 sambandi, ekki hlutur sem virkar af sj\u00e1lfum s\u00e9r.<\/p><p>Fr\u00e6\u00f0ilega m\u00e1 l\u00fdsa \u00feessari verndarhugmynd sem lei\u00f0 til a\u00f0 takast \u00e1 vi\u00f0 kv\u00ed\u00f0a. Umhyggjan fyrir barni, heilsu og g\u00f3\u00f0u l\u00edfi f\u00e6r s\u00fdnilega tj\u00e1ningu og skipulag\u00f0a ath\u00f6fn \u00ed gu\u00f0sauganu.<\/p><p data-nosnippet=\"true\">\u00deessi texti fjallar ekki um raunveruleg verndar\u00e1hrif. A\u00f0eins er l\u00fdst hva\u00f0a merkingu Wix\u00e1rika-f\u00f3lki\u00f0 eignar hlutnum. Lofor\u00f0 um l\u00e6kningu e\u00f0a verkun eru s\u00e9rstaklega \u00fatiloku\u00f0.<\/p><p>Hinn hnattr\u00e6na handverksgripur ber oft merki verndart\u00e1kns, en honum skortir \u00feann tr\u00faarlega samhengi sem verndarhugmyndin sprettur \u00far. \u00cd \u00feeirri notkun er verndarmerkingin oftast skrautlegt <span class=\"iwg-fachbegriff\" data-tooltip=\"Endurteki\u00f0 efnislegt stef \u00ed list e\u00f0a fr\u00e1s\u00f6gn.\" tabindex=\"0\">myndefni<\/span> \u00e1n tr\u00faarlegs grundvallar.<\/p><p>\u00dea\u00f0 sem standa eftir er a\u00f0 verndarmerking gu\u00f0saugans hefur s\u00edna fullu meiningu a\u00f0eins innan tr\u00faarbrag\u00f0a Wix\u00e1rika-f\u00f3lksins. Utan \u00feessa samhengis er hluturinn handverksgripur \u00fear sem verndart\u00falkunin lifir a\u00f0eins \u00e1fram \u00ed minningunni um uppruna sinn.<\/p>\t\t\t\t\t\t\t\t<\/div>\n\t\t\t\t<\/div>\n\t\t\t\t\t<\/div>\n\t\t\t\t<\/div>\n\t\t<div class=\"elementor-element elementor-element-iwgs-gottesauge-s7 e-flex e-con-boxed e-con e-parent\" data-id=\"iwgs-gottesauge-s7\" data-element_type=\"container\" data-e-type=\"container\">\n\t\t\t\t\t<div class=\"e-con-inner\">\n\t\t\t\t<div class=\"elementor-element elementor-element-iwgs-gottesauge-s7h elementor-widget elementor-widget-heading\" data-id=\"iwgs-gottesauge-s7h\" data-element_type=\"widget\" data-e-type=\"widget\" data-widget_type=\"heading.default\">\n\t\t\t\t\t<h2 class=\"elementor-heading-title elementor-size-default\">Ranns\u00f3knarsaga, si\u00f0fer\u00f0ileg \u00e1litam\u00e1l og menningarleg yfirtaka<\/h2>\t\t\t\t<\/div>\n\t\t<div class=\"elementor-element elementor-element-iwgs-gottesauge-s7box e-con-full e-flex e-con e-parent\" data-id=\"iwgs-gottesauge-s7box\" data-element_type=\"container\" data-e-type=\"container\">\n\t\t\t\t<div class=\"elementor-element elementor-element-iwgs-gottesauge-s7t elementor-widget elementor-widget-text-editor\" data-id=\"iwgs-gottesauge-s7t\" data-element_type=\"widget\" data-e-type=\"widget\" data-widget_type=\"text-editor.default\">\n\t\t\t\t\t\t\t\t\t<p>V\u00edsindaleg ranns\u00f3kn \u00e1 gu\u00f0sauganu h\u00f3fst me\u00f0 \u00fej\u00f3\u00f0fr\u00e6\u00f0ilegri ranns\u00f3kn \u00e1 Wix\u00e1rika-f\u00f3lkinu. Carl Lumholtz skr\u00e1\u00f0i um 1900 efnismenningu \u00feeirra, s\u00ed\u00f0ar rannsakendur eins og Robert Zingg og Stacy Schaefer d\u00fdpku\u00f0u myndina af tr\u00faarbr\u00f6g\u00f0um og list \u00feeirra.<\/p><p>Me\u00f0 \u00fatbrei\u00f0slu gu\u00f0saugans sem handverksgrips \u00e1 20. \u00f6ld fjarl\u00e6g\u00f0ist hluturinn sm\u00e1m saman s\u00ednu tr\u00faarlega samhengi. \u00cd sk\u00f3lum og sumarb\u00fa\u00f0um var\u00f0 \u00fea\u00f0 vins\u00e6l handavinna, en uppruni \u00feess var oft nefndur stuttlega e\u00f0a \u00f3n\u00e1kv\u00e6mlega.<\/p><p>\u00deetta vekur spurningar um menningarlega yfirt\u00f6ku. \u00deegar tr\u00faarlegur hlutur fr\u00e1 frumbyggjasamf\u00e9lagi ver\u00f0ur a\u00f0 hverjum sem er skrautv\u00f6ru, glatast upprunalega merkingin. Sumar raddir telja \u00feetta vera vanmat \u00e1 upprunamenningunni.<\/p><p>\u00c1 sama t\u00edma er sta\u00f0an marg\u00fe\u00e6tt. Wix\u00e1rika-f\u00f3lki\u00f0 selur sj\u00e1lft handverk, \u00fear \u00e1 me\u00f0al gu\u00f0saugu, og f\u00e6r \u00feannig hluta af l\u00edfsvi\u00f0urv\u00e6ri s\u00ednu. Marka\u00f0urinn fyrir frumbyggjalist getur \u00fev\u00ed einnig veri\u00f0 efnahagslegur grunnur.<\/p><p>Si\u00f0fer\u00f0ilega mikilv\u00e6gt er \u00fev\u00ed a\u00f0 gera greinarmun \u00e1 \u00fev\u00ed hvort gu\u00f0sauga er framleitt og selt af f\u00f3lki \u00far Wix\u00e1rika-samf\u00e9laginu e\u00f0a hvort um er a\u00f0 r\u00e6\u00f0a handah\u00f3fskennda eftirl\u00edkingu \u00e1n tengsla vi\u00f0 upprunamenninguna. \u00deessi a\u00f0greining snertir vi\u00f0urkenningu og tekjur.<\/p><p>Vanda\u00f0a framsetning nefnir uppruna gu\u00f0saugans, skilur a\u00f0 tr\u00faarlega og veraldlega notkun og for\u00f0ast a\u00f0 setja handverksgripinn fram sem jafngildan tr\u00faarlega hlutnum. Vir\u00f0ing kemur h\u00e9r fyrst og fremst fram \u00ed n\u00e1kv\u00e6mni l\u00fdsingarinnar.<\/p>\t\t\t\t\t\t\t\t<\/div>\n\t\t\t\t<\/div>\n\t\t\t\t\t<\/div>\n\t\t\t\t<\/div>\n\t\t<div class=\"elementor-element elementor-element-iwgs-gottesauge-s8 e-flex e-con-boxed e-con e-parent\" data-id=\"iwgs-gottesauge-s8\" data-element_type=\"container\" data-e-type=\"container\">\n\t\t\t\t\t<div class=\"e-con-inner\">\n\t\t\t\t<div class=\"elementor-element elementor-element-iwgs-gottesauge-s8h elementor-widget elementor-widget-heading\" data-id=\"iwgs-gottesauge-s8h\" data-element_type=\"widget\" data-e-type=\"widget\" data-widget_type=\"heading.default\">\n\t\t\t\t\t<h2 class=\"elementor-heading-title elementor-size-default\">M\u00f3tt\u00f6kur \u00ed dag<\/h2>\t\t\t\t<\/div>\n\t\t<div class=\"elementor-element elementor-element-iwgs-gottesauge-s8box e-con-full e-flex e-con e-parent\" data-id=\"iwgs-gottesauge-s8box\" data-element_type=\"container\" data-e-type=\"container\">\n\t\t\t\t<div class=\"elementor-element elementor-element-iwgs-gottesauge-s8t elementor-widget elementor-widget-text-editor\" data-id=\"iwgs-gottesauge-s8t\" data-element_type=\"widget\" data-e-type=\"widget\" data-widget_type=\"text-editor.default\">\n\t\t\t\t\t\t\t\t\t<p>Hj\u00e1 Wix\u00e1rika-f\u00f3lkinu er gu\u00f0sauga\u00f0 enn hluti af lifandi tr\u00faarbr\u00f6g\u00f0um. \u00dea\u00f0 er unni\u00f0, lagt fram \u00e1 helgist\u00f6\u00f0um og nota\u00f0 \u00ed p\u00edlagr\u00edmsfer\u00f0um og h\u00e1t\u00ed\u00f0um. \u00deessi i\u00f0kun er til hli\u00f0ar vi\u00f0 framlei\u00f0slu handverks til s\u00f6lu.<\/p><p>Um allan heim er gu\u00f0sauga\u00f0 \u00feekkt sem handverksverkefni. \u00cd m\u00f6rgum l\u00f6ndum er \u00fea\u00f0 fastur li\u00f0ur \u00ed skapandi i\u00f0ju barna og fullor\u00f0inna. \u00cd \u00feeirri notkun er \u00e1herslan \u00e1 a\u00f0 skapa me\u00f0 lit og \u00fer\u00e6\u00f0i.<\/p><p>\u00cd <span class=\"iwg-fachbegriff\" data-tooltip=\"Samheiti yfir kenningar sem gera kr\u00f6fu um leynda, a\u00f0eins innv\u00edg\u00f0um a\u00f0gengilega vitneskju.\" tabindex=\"0\">es\u00f3ter\u00edk<\/span>&#8211; og heimilismenningu er gu\u00f0sauga\u00f0 sums sta\u00f0ar bo\u00f0i\u00f0 sem verndar- e\u00f0a heillagripur. Fr\u00e6\u00f0ilega er \u00feetta n\u00fat\u00edmaleg m\u00f3tt\u00f6kuform sem tekur upp merki verndart\u00e1knsins \u00e1n \u00feess a\u00f0 halda \u00e1fram tr\u00faarlegu samhengi Wix\u00e1rika-f\u00f3lksins.<\/p><p>S\u00f6fn og listas\u00fdningar s\u00fdna gu\u00f0saugu og \u00f6nnur verk Wix\u00e1rika-f\u00f3lksins sem d\u00e6mi um frumbyggjalist. Sl\u00edkar s\u00fdningar geta auki\u00f0 \u00feekkingu \u00e1 upprunamenningunni, svo fremi \u00fe\u00e6r setji tr\u00faarlega merkingu fram \u00e1 hlutl\u00e6gan h\u00e1tt.<\/p><p>Fyrir Wix\u00e1rika-f\u00f3lki\u00f0 er sala handverks einnig efnahagslegt m\u00e1lefni. Hinn al\u00fej\u00f3\u00f0legi marka\u00f0ur fyrir frumbyggjalist veitir tekjur, en setur samf\u00e9l\u00f6gin \u00e1 sama t\u00edma undir \u00fer\u00fdsting a\u00f0 laga hluti s\u00edna a\u00f0 v\u00e6ntingum kaupenda.<\/p><p>\u00c1hugas\u00f6mum lesendum er r\u00e1\u00f0lagt a\u00f0 s\u00fdna me\u00f0vita\u00f0a umgengni vi\u00f0 gu\u00f0sauga\u00f0. S\u00e1 sem eignast sl\u00edkan hlut getur g\u00e6tt \u00feess a\u00f0 hann komi fr\u00e1 upprunasamf\u00e9laginu. Fleiri verndar- og vot\u00edfgripir eru kynntir \u00ed kaflanum <a href=\"https:\/\/iwell-guard.com\/is\/verndartakn\/\">Verndart\u00e1kn<\/a>.<\/p>\t\t\t\t\t\t\t\t<\/div>\n\t\t\t\t<\/div>\n\t\t\t\t\t<\/div>\n\t\t\t\t<\/div>\n\t\t<div class=\"elementor-element elementor-element-iwgs-gottesauge-lit e-flex e-con-boxed e-con e-parent\" data-id=\"iwgs-gottesauge-lit\" data-element_type=\"container\" data-e-type=\"container\">\n\t\t\t\t\t<div class=\"e-con-inner\">\n\t\t\t\t<div class=\"elementor-element elementor-element-iwgs-gottesauge-lith elementor-widget elementor-widget-heading\" data-id=\"iwgs-gottesauge-lith\" data-element_type=\"widget\" data-e-type=\"widget\" data-widget_type=\"heading.default\">\n\t\t\t\t\t<h2 class=\"elementor-heading-title elementor-size-default\">Heimildir (\u00farval)<\/h2>\t\t\t\t<\/div>\n\t\t<div class=\"elementor-element elementor-element-iwgs-gottesauge-litbox e-con-full e-flex e-con e-parent\" data-id=\"iwgs-gottesauge-litbox\" data-element_type=\"container\" data-e-type=\"container\">\n\t\t\t\t<div class=\"elementor-element elementor-element-iwgs-gottesauge-litt elementor-widget elementor-widget-html\" data-id=\"iwgs-gottesauge-litt\" data-element_type=\"widget\" data-e-type=\"widget\" data-widget_type=\"html.default\">\n\t\t\t\t\t<footer data-nosnippet=\"true\"><ul><li>Carl Lumholtz: <em>Unknown Mexico<\/em> (1902)<\/li><li>Robert M. Zingg: <em>The Huichols: Primitive Artists<\/em> (1938)<\/li><li>Stacy B. Schaefer, Peter T. Furst (Hrsg.): <em>People of the Peyote: Huichol Indian History, Religion, and Survival<\/em> (1996)<\/li><li>Johannes Neurath: <em>Las fiestas de la Casa Grande<\/em> (2002)<\/li><li>Hope MacLean: <em>The Shaman's Mirror: Visionary Art of the Huichol<\/em> (2012)<\/li><\/ul><\/footer>\t\t\t\t<\/div>\n\t\t\t\t<\/div>\n\t\t\t\t\t<\/div>\n\t\t\t\t<\/div>\n\t\t<div class=\"elementor-element elementor-element-iwgs-gottesauge-kwd e-flex e-con-boxed e-con e-parent\" data-id=\"iwgs-gottesauge-kwd\" data-element_type=\"container\" data-e-type=\"container\">\n\t\t\t\t\t<div class=\"e-con-inner\">\n\t\t\t\t<div class=\"elementor-element elementor-element-iwgs-gottesauge-kwdt elementor-widget elementor-widget-text-editor\" data-id=\"iwgs-gottesauge-kwdt\" data-element_type=\"widget\" data-e-type=\"widget\" data-widget_type=\"text-editor.default\">\n\t\t\t\t\t\t\t\t\t<p><em>Tengd lykilor\u00f0: Gu\u00f0sauga Ojo de Dios Huichol Wix\u00e1rika Mex\u00edk\u00f3 Garnhlutur <span class=\"iwg-fachbegriff\" data-tooltip=\"Hlutur sem er f\u00e6r\u00f0ur gu\u00f0veru vegna heits e\u00f0a til \u00feakkl\u00e6tis.\" tabindex=\"0\">vot\u00edfgj\u00f6f<\/span> stangakross frumbyggjalist Peyote verndarb\u00f3n <span class=\"iwg-fachbegriff\" data-tooltip=\"Tr\u00faarleg i\u00f0kun \u00ed daglegu l\u00edfi, oft samhli\u00f0a hinni opinberu kenningu.\" tabindex=\"0\">al\u00fe\u00fd\u00f0utr\u00fa<\/span>.<\/em><\/p>\t\t\t\t\t\t\t\t<\/div>\n\t\t\t\t\t<\/div>\n\t\t\t\t<\/div>\n\t\t<div class=\"elementor-element elementor-element-iwgs-gottesauge-cc e-flex e-con-boxed e-con e-parent\" data-id=\"iwgs-gottesauge-cc\" data-element_type=\"container\" data-e-type=\"container\" id=\"iwg-cc-gottesauge\">\n\t\t\t\t\t<div class=\"e-con-inner\">\n\t\t<div class=\"elementor-element elementor-element-iwgs-gottesauge-ccinner e-flex e-con-boxed e-con e-parent\" data-id=\"iwgs-gottesauge-ccinner\" data-element_type=\"container\" data-e-type=\"container\" data-settings=\"{&quot;background_background&quot;:&quot;classic&quot;}\">\n\t\t\t\t\t<div class=\"e-con-inner\">\n\t\t\t\t<div class=\"elementor-element elementor-element-iwgs-gottesauge-cch elementor-widget elementor-widget-heading\" data-id=\"iwgs-gottesauge-cch\" data-element_type=\"widget\" data-e-type=\"widget\" data-widget_type=\"heading.default\">\n\t\t\t\t\t<h2 class=\"elementor-heading-title elementor-size-default\">iWell Guard og verndarhef\u00f0ir<\/h2>\t\t\t\t<\/div>\n\t\t\t\t<div class=\"elementor-element elementor-element-iwgs-gottesauge-cct elementor-widget elementor-widget-text-editor\" data-id=\"iwgs-gottesauge-cct\" data-element_type=\"widget\" data-e-type=\"widget\" data-widget_type=\"text-editor.default\">\n\t\t\t\t\t\t\t\t\t<p>iWell Guard er hluti af menningars\u00f6gulegri hef\u00f0 bur\u00f0arh\u00e6fra verndargripa, sem gu\u00f0sauga\u00f0 telst einnig til. N\u00fat\u00edmalegur f\u00f6runautur fyrir f\u00f3lk sem lifir me\u00f0 verndart\u00e1knum: framleiddur \u00ed \u00de\u00fdskalandi, 41 lag \u00far hreinu gulli, plat\u00ednu og silfri, me\u00f0 30 daga skilar\u00e9tti.<\/p>\t\t\t\t\t\t\t\t<\/div>\n\t\t\t\t<div class=\"elementor-element elementor-element-iwgs-gottesauge-ccb iwg-cc-button iwg-cc-cta-2026-05-13 elementor-widget elementor-widget-jet-button\" data-id=\"iwgs-gottesauge-ccb\" data-element_type=\"widget\" data-e-type=\"widget\" data-widget_type=\"jet-button.default\">\n\t\t\t\t<div class=\"elementor-widget-container\">\n\t\t\t\t\t<div class=\"elementor-jet-button jet-elements\"><div class=\"jet-button__container\"><a class=\"jet-button__instance jet-button__instance--icon-left hover-effect-1\" href=\"\/schutzanhaenger-iwell-guard-kaufen\/?utm_source=iwell-guard.com&amp;utm_medium=info-box&amp;utm_campaign=schutzsymbole\"><div class=\"jet-button__plane jet-button__plane-normal\"><\/div><div class=\"jet-button__plane jet-button__plane-hover\"><\/div><div class=\"jet-button__state jet-button__state-normal\"><span class=\"jet-button__label\">Meira um iWell Guard<\/span><\/div><div class=\"jet-button__state jet-button__state-hover\"><span class=\"jet-button__label\">Meira um iWell Guard<\/span><\/div><\/a><\/div><\/div><style>.elementor-element.elementor-element-iwgs-gottesauge-ccb .jet-button__instance{width:320px;height:56px;}.elementor-element.elementor-element-iwgs-gottesauge-ccb .jet-button__state-normal .jet-button__label{text-align:center;margin:0px 0px 0px 0px;color:#1a1b20;font-family:Montserrat,sans-serif;font-size:13px;font-weight:400;letter-spacing:4px;line-height:1.714em;text-transform:uppercase;}.elementor-element.elementor-element-iwgs-gottesauge-ccb .jet-button__state-hover .jet-button__label{text-align:center;margin:0px 0px 0px 0px;color:#FECC76;font-family:Montserrat,sans-serif;font-size:13px;font-weight:400;letter-spacing:4px;line-height:1.714em;text-transform:uppercase;}.elementor-element.elementor-element-iwgs-gottesauge-ccb .jet-button__plane-normal{background-color:#FECC76;border-style:solid;border-color:#C99540;border-width:2px 2px 2px 2px;}.elementor-element.elementor-element-iwgs-gottesauge-ccb .jet-button__plane-hover{background-color:rgba(0,0,0,0.55);border-style:solid;border-color:#FECC76;border-width:2px 2px 2px 2px;}<\/style>\t\t\t\t<\/div>\n\t\t\t\t<\/div>\n\t\t\t\t<div class=\"elementor-element elementor-element-iwgs-gottesauge-ccd elementor-widget elementor-widget-text-editor\" data-id=\"iwgs-gottesauge-ccd\" data-element_type=\"widget\" data-e-type=\"widget\" data-widget_type=\"text-editor.default\">\n\t\t\t\t\t\t\t\t\t<p style=\"text-align:center;font-size:13px;opacity:0.7;margin-top:14px\" data-nosnippet=\"true\">Pers\u00f3nuleg reynsla getur veri\u00f0 mismunandi. Ekki l\u00e6kningat\u00e6ki. Engin lofor\u00f0 um l\u00e6kningu.<\/p>\t\t\t\t\t\t\t\t<\/div>\n\t\t\t\t\t<\/div>\n\t\t\t\t<\/div>\n\t\t\t\t\t<\/div>\n\t\t\t\t<\/div>\n\t\t<div class=\"elementor-element elementor-element-iwgs-gottesauge-disc e-flex e-con-boxed e-con e-parent\" data-id=\"iwgs-gottesauge-disc\" data-element_type=\"container\" data-e-type=\"container\">\n\t\t\t\t\t<div class=\"e-con-inner\">\n\t\t\t\t<div class=\"elementor-element elementor-element-iwgs-gottesauge-discw elementor-widget elementor-widget-html\" data-id=\"iwgs-gottesauge-discw\" data-element_type=\"widget\" data-e-type=\"widget\" data-widget_type=\"html.default\">\n\t\t\t\t\t<footer data-nosnippet=\"true\" class=\"iwg-disclaimer-block\"><p data-nosnippet=\"true\">iWell Guard er <strong>ekki l\u00e6kningat\u00e6ki<\/strong> og kemur ekki \u00ed sta\u00f0 l\u00e6knis- e\u00f0a s\u00e1lfr\u00e6\u00f0ime\u00f0fer\u00f0ar. Innihaldi\u00f0 sem h\u00e9r er sett fram er tr\u00faarbrag\u00f0afr\u00e6\u00f0ileg og menningars\u00f6gulega greining, ekki lofor\u00f0 um andlega virkni.<\/p><\/footer>\t\t\t\t<\/div>\n\t\t\t\t\t<\/div>\n\t\t\t\t<\/div>\n\t\t\t\t<\/div>\n\t\t","protected":false},"excerpt":{"rendered":"","protected":false},"author":3,"featured_media":3556,"parent":0,"menu_order":0,"comment_status":"closed","ping_status":"closed","template":"elementor_header_footer","meta":{"_yoast_wpseo_focuskw":"Gu\u00f0sauga","_yoast_wpseo_title":"Gu\u00f0sauga: Ojo de Dios Huicholanna \u00ed Mex\u00edk\u00f3","_yoast_wpseo_metadesc":"Gu\u00f0sauga (Ojo de Dios) Huicholanna \u00ed Mex\u00edk\u00f3: uppruni, form og tr\u00faarleg merking fl\u00e9tta \u00fer\u00e1\u00f0akrossins, \u00fatsk\u00fdrt \u00e1 hlutl\u00e6gan h\u00e1tt.","_yoast_wpseo_meta-robots-noindex":"","_yoast_wpseo_canonical":"","_angie_page":false,"gefaehrdungsstufe":"","wesen_kultur":"","wesen_klasse":"","footnotes":""},"categories":[],"class_list":["post-169232","page","type-page","status-publish","has-post-thumbnail","hentry"],"yoast_head":"<!-- This site is optimized with the Yoast SEO Premium plugin v27.7 (Yoast SEO v28.3) - https:\/\/yoast.com\/product\/yoast-seo-premium-wordpress\/ -->\n<title>Gu\u00f0sauga: Ojo de Dios Huicholanna \u00ed Mex\u00edk\u00f3<\/title>\n<meta name=\"description\" content=\"Gu\u00f0sauga (Ojo de Dios) Huicholanna \u00ed Mex\u00edk\u00f3: uppruni, form og tr\u00faarleg merking fl\u00e9tta \u00fer\u00e1\u00f0akrossins, \u00fatsk\u00fdrt \u00e1 hlutl\u00e6gan h\u00e1tt.\" \/>\n<meta name=\"robots\" content=\"index, follow, max-snippet:-1, max-image-preview:large, max-video-preview:-1\" \/>\n<link rel=\"canonical\" href=\"https:\/\/iwell-guard.com\/is\/gudsauga-ojo-de-dios-huichol-mexiko\/\" \/>\n<meta property=\"og:locale\" content=\"is_IS\" \/>\n<meta property=\"og:type\" content=\"article\" \/>\n<meta property=\"og:title\" content=\"Gu\u00f0sauga (Ojo de Dios) Huicholanna \u00ed Mex\u00edk\u00f3\" \/>\n<meta property=\"og:description\" content=\"Gu\u00f0sauga (Ojo de Dios) Huicholanna \u00ed Mex\u00edk\u00f3: uppruni, form og tr\u00faarleg merking fl\u00e9tta \u00fer\u00e1\u00f0akrossins, \u00fatsk\u00fdrt \u00e1 hlutl\u00e6gan h\u00e1tt.\" \/>\n<meta property=\"og:url\" content=\"https:\/\/iwell-guard.com\/is\/gudsauga-ojo-de-dios-huichol-mexiko\/\" \/>\n<meta property=\"og:site_name\" content=\"iWell Guard\" \/>\n<meta property=\"article:modified_time\" content=\"2026-09-05T14:35:38+00:00\" \/>\n<meta property=\"og:image\" content=\"https:\/\/iwell-guard.com\/wp-content\/uploads\/2026\/05\/schutzsymbol_indigen_gottesauge.webp\" \/>\n\t<meta property=\"og:image:width\" content=\"1024\" \/>\n\t<meta property=\"og:image:height\" content=\"1536\" \/>\n\t<meta property=\"og:image:type\" content=\"image\/webp\" \/>\n<meta name=\"twitter:card\" content=\"summary_large_image\" \/>\n<script type=\"application\/ld+json\" class=\"yoast-schema-graph\">{\"@context\":\"https:\\\/\\\/schema.org\",\"@graph\":[{\"@type\":\"WebPage\",\"@id\":\"https:\\\/\\\/iwell-guard.com\\\/is\\\/gudsauga-ojo-de-dios-huichol-mexiko\\\/\",\"url\":\"https:\\\/\\\/iwell-guard.com\\\/is\\\/gudsauga-ojo-de-dios-huichol-mexiko\\\/\",\"name\":\"Gu\u00f0sauga: Ojo de Dios Huicholanna \u00ed Mex\u00edk\u00f3\",\"isPartOf\":{\"@id\":\"https:\\\/\\\/iwell-guard.com\\\/is\\\/#website\"},\"primaryImageOfPage\":{\"@id\":\"https:\\\/\\\/iwell-guard.com\\\/is\\\/gudsauga-ojo-de-dios-huichol-mexiko\\\/#primaryimage\"},\"image\":{\"@id\":\"https:\\\/\\\/iwell-guard.com\\\/is\\\/gudsauga-ojo-de-dios-huichol-mexiko\\\/#primaryimage\"},\"thumbnailUrl\":\"https:\\\/\\\/iwell-guard.com\\\/wp-content\\\/uploads\\\/2026\\\/05\\\/schutzsymbol_indigen_gottesauge.webp\",\"datePublished\":\"2026-09-05T14:06:41+00:00\",\"dateModified\":\"2026-09-05T14:35:38+00:00\",\"description\":\"Gu\u00f0sauga (Ojo de Dios) Huicholanna \u00ed Mex\u00edk\u00f3: uppruni, form og tr\u00faarleg merking fl\u00e9tta \u00fer\u00e1\u00f0akrossins, \u00fatsk\u00fdrt \u00e1 hlutl\u00e6gan h\u00e1tt.\",\"breadcrumb\":{\"@id\":\"https:\\\/\\\/iwell-guard.com\\\/is\\\/gudsauga-ojo-de-dios-huichol-mexiko\\\/#breadcrumb\"},\"inLanguage\":\"is\",\"potentialAction\":[{\"@type\":\"ReadAction\",\"target\":[\"https:\\\/\\\/iwell-guard.com\\\/is\\\/gudsauga-ojo-de-dios-huichol-mexiko\\\/\"]}]},{\"@type\":\"ImageObject\",\"inLanguage\":\"is\",\"@id\":\"https:\\\/\\\/iwell-guard.com\\\/is\\\/gudsauga-ojo-de-dios-huichol-mexiko\\\/#primaryimage\",\"url\":\"https:\\\/\\\/iwell-guard.com\\\/wp-content\\\/uploads\\\/2026\\\/05\\\/schutzsymbol_indigen_gottesauge.webp\",\"contentUrl\":\"https:\\\/\\\/iwell-guard.com\\\/wp-content\\\/uploads\\\/2026\\\/05\\\/schutzsymbol_indigen_gottesauge.webp\",\"width\":1024,\"height\":1536,\"caption\":\"Verndart\u00e1kn. Myndskreyting \u00ed safnst\u00edl.\"},{\"@type\":\"BreadcrumbList\",\"@id\":\"https:\\\/\\\/iwell-guard.com\\\/is\\\/gudsauga-ojo-de-dios-huichol-mexiko\\\/#breadcrumb\",\"itemListElement\":[{\"@type\":\"ListItem\",\"position\":1,\"name\":\"Start\",\"item\":\"https:\\\/\\\/iwell-guard.com\\\/is\\\/?page_id=168580\"},{\"@type\":\"ListItem\",\"position\":2,\"name\":\"Gu\u00f0sauga (Ojo de Dios) Huicholanna \u00ed Mex\u00edk\u00f3\"}]},{\"@type\":\"WebSite\",\"@id\":\"https:\\\/\\\/iwell-guard.com\\\/is\\\/#website\",\"url\":\"https:\\\/\\\/iwell-guard.com\\\/is\\\/\",\"name\":\"iWell Guard\",\"description\":\"Schutz vor dunklen Einfl\u00fcssen\",\"publisher\":{\"@id\":\"https:\\\/\\\/iwell-guard.com\\\/is\\\/#organization\"},\"potentialAction\":[{\"@type\":\"SearchAction\",\"target\":{\"@type\":\"EntryPoint\",\"urlTemplate\":\"https:\\\/\\\/iwell-guard.com\\\/is\\\/?s={search_term_string}\"},\"query-input\":{\"@type\":\"PropertyValueSpecification\",\"valueRequired\":true,\"valueName\":\"search_term_string\"}}],\"inLanguage\":\"is\"},{\"@type\":\"Organization\",\"@id\":\"https:\\\/\\\/iwell-guard.com\\\/is\\\/#organization\",\"name\":\"Ittermann electronic GmbH\",\"url\":\"https:\\\/\\\/iwell-guard.com\\\/is\\\/\",\"logo\":{\"@type\":\"ImageObject\",\"inLanguage\":\"is\",\"@id\":\"https:\\\/\\\/iwell-guard.com\\\/is\\\/#\\\/schema\\\/logo\\\/image\\\/\",\"url\":\"https:\\\/\\\/iwell-guard.com\\\/wp-content\\\/uploads\\\/2026\\\/05\\\/Ittermann-Logo-1182x237-1.png\",\"contentUrl\":\"https:\\\/\\\/iwell-guard.com\\\/wp-content\\\/uploads\\\/2026\\\/05\\\/Ittermann-Logo-1182x237-1.png\",\"width\":1182,\"height\":237,\"caption\":\"Ittermann electronic GmbH\"},\"image\":{\"@id\":\"https:\\\/\\\/iwell-guard.com\\\/is\\\/#\\\/schema\\\/logo\\\/image\\\/\"},\"sameAs\":[\"https:\\\/\\\/pantip.com\\\/profile\\\/9367242\",\"https:\\\/\\\/micro.blog\\\/iwellguard\",\"https:\\\/\\\/www.diggerslist.com\\\/iwellguard\\\/about\",\"https:\\\/\\\/skitterphoto.com\\\/photographers\\\/2870314\\\/iwell-guard\",\"https:\\\/\\\/iwellguard.wordpress.com\\\/2026\\\/06\\\/06\\\/iwell-guard\\\/\",\"https:\\\/\\\/hub.docker.com\\\/u\\\/iwellguard\",\"https:\\\/\\\/www.pinterest.com\\\/iwellguard\\\/\",\"https:\\\/\\\/bit.ly\\\/m\\\/iwellguard\",\"https:\\\/\\\/entre-vos-mains.alsace.eu\\\/profiles\\\/iwellguard\\\/activity\",\"https:\\\/\\\/gravatar.com\\\/reallybeded8fd34\",\"https:\\\/\\\/naijamatta.com\\\/iwellguard\",\"https:\\\/\\\/www.goodreads.com\\\/iwellguard\",\"https:\\\/\\\/profile.hatena.ne.jp\\\/iwellguard\\\/\",\"https:\\\/\\\/experiment.com\\\/users\\\/iwellguard\",\"https:\\\/\\\/wakelet.com\\\/@iWellGuard82270\",\"https:\\\/\\\/www.chordie.com\\\/forum\\\/profile.php?id=2555664\",\"https:\\\/\\\/www.instapaper.com\\\/p\\\/17757966\",\"https:\\\/\\\/www.mapleprimes.com\\\/users\\\/iwellguard\",\"https:\\\/\\\/businesslistingplus.com\\\/profile\\\/iwell-guard\\\/\",\"https:\\\/\\\/telegra.ph\\\/iWell-Guard-06-06\",\"https:\\\/\\\/pbase.com\\\/iwellguard\\\/iwellguard\",\"https:\\\/\\\/b.hatena.ne.jp\\\/iwellguard\\\/20260607#bookmark-4788405196491818882\",\"https:\\\/\\\/fliphtml5.com\\\/home\\\/iwellguard\",\"https:\\\/\\\/anyflip.com\\\/homepage\\\/cmiwl#About\",\"https:\\\/\\\/transfur.com\\\/Users\\\/iwellguard\",\"http:\\\/\\\/delphi.larsbo.org\\\/user\\\/iwellguard\",\"https:\\\/\\\/jobs.lajobsportal.org\\\/profiles\\\/8380803-iwell-guard\",\"https:\\\/\\\/md.chaosdorf.de\\\/s\\\/jfbe5SBdJD\",\"https:\\\/\\\/www.lingvolive.com\\\/en-us\\\/profile\\\/9ecaeaca-ce11-4e51-9e71-01d55e2bff36\\\/translations\",\"https:\\\/\\\/www.fitday.com\\\/fitness\\\/forums\\\/members\\\/iwellguard.html\",\"https:\\\/\\\/www.mymeetbook.com\\\/iwellguard\",\"https:\\\/\\\/pxhere.com\\\/en\\\/photographer-me\\\/5040798\",\"https:\\\/\\\/disqus.com\\\/by\\\/iwellguard\\\/about\\\/\",\"https:\\\/\\\/pastelink.net\\\/hjwciqwq\",\"https:\\\/\\\/pubhtml5.com\\\/homepage\\\/scjhn\\\/\",\"https:\\\/\\\/www.bitchute.com\\\/channel\\\/2O2eOKzNqujT\",\"https:\\\/\\\/audiomack.com\\\/iwellguard\"]}]}<\/script>\n<!-- \/ Yoast SEO Premium plugin. -->","yoast_head_json":{"title":"Gu\u00f0sauga: Ojo de Dios Huicholanna \u00ed Mex\u00edk\u00f3","description":"Gu\u00f0sauga (Ojo de Dios) Huicholanna \u00ed Mex\u00edk\u00f3: uppruni, form og tr\u00faarleg merking fl\u00e9tta \u00fer\u00e1\u00f0akrossins, \u00fatsk\u00fdrt \u00e1 hlutl\u00e6gan h\u00e1tt.","robots":{"index":"index","follow":"follow","max-snippet":"max-snippet:-1","max-image-preview":"max-image-preview:large","max-video-preview":"max-video-preview:-1"},"canonical":"https:\/\/iwell-guard.com\/is\/gudsauga-ojo-de-dios-huichol-mexiko\/","og_locale":"is_IS","og_type":"article","og_title":"Gu\u00f0sauga (Ojo de Dios) Huicholanna \u00ed Mex\u00edk\u00f3","og_description":"Gu\u00f0sauga (Ojo de Dios) Huicholanna \u00ed Mex\u00edk\u00f3: uppruni, form og tr\u00faarleg merking fl\u00e9tta \u00fer\u00e1\u00f0akrossins, \u00fatsk\u00fdrt \u00e1 hlutl\u00e6gan h\u00e1tt.","og_url":"https:\/\/iwell-guard.com\/is\/gudsauga-ojo-de-dios-huichol-mexiko\/","og_site_name":"iWell Guard","article_modified_time":"2026-09-05T14:35:38+00:00","og_image":[{"width":1024,"height":1536,"url":"https:\/\/iwell-guard.com\/wp-content\/uploads\/2026\/05\/schutzsymbol_indigen_gottesauge.webp","type":"image\/webp"}],"twitter_card":"summary_large_image","schema":{"@context":"https:\/\/schema.org","@graph":[{"@type":"WebPage","@id":"https:\/\/iwell-guard.com\/is\/gudsauga-ojo-de-dios-huichol-mexiko\/","url":"https:\/\/iwell-guard.com\/is\/gudsauga-ojo-de-dios-huichol-mexiko\/","name":"Gu\u00f0sauga: Ojo de Dios Huicholanna \u00ed Mex\u00edk\u00f3","isPartOf":{"@id":"https:\/\/iwell-guard.com\/is\/#website"},"primaryImageOfPage":{"@id":"https:\/\/iwell-guard.com\/is\/gudsauga-ojo-de-dios-huichol-mexiko\/#primaryimage"},"image":{"@id":"https:\/\/iwell-guard.com\/is\/gudsauga-ojo-de-dios-huichol-mexiko\/#primaryimage"},"thumbnailUrl":"https:\/\/iwell-guard.com\/wp-content\/uploads\/2026\/05\/schutzsymbol_indigen_gottesauge.webp","datePublished":"2026-09-05T14:06:41+00:00","dateModified":"2026-09-05T14:35:38+00:00","description":"Gu\u00f0sauga (Ojo de Dios) Huicholanna \u00ed Mex\u00edk\u00f3: uppruni, form og tr\u00faarleg merking fl\u00e9tta \u00fer\u00e1\u00f0akrossins, \u00fatsk\u00fdrt \u00e1 hlutl\u00e6gan h\u00e1tt.","breadcrumb":{"@id":"https:\/\/iwell-guard.com\/is\/gudsauga-ojo-de-dios-huichol-mexiko\/#breadcrumb"},"inLanguage":"is","potentialAction":[{"@type":"ReadAction","target":["https:\/\/iwell-guard.com\/is\/gudsauga-ojo-de-dios-huichol-mexiko\/"]}]},{"@type":"ImageObject","inLanguage":"is","@id":"https:\/\/iwell-guard.com\/is\/gudsauga-ojo-de-dios-huichol-mexiko\/#primaryimage","url":"https:\/\/iwell-guard.com\/wp-content\/uploads\/2026\/05\/schutzsymbol_indigen_gottesauge.webp","contentUrl":"https:\/\/iwell-guard.com\/wp-content\/uploads\/2026\/05\/schutzsymbol_indigen_gottesauge.webp","width":1024,"height":1536,"caption":"Verndart\u00e1kn. Myndskreyting \u00ed safnst\u00edl."},{"@type":"BreadcrumbList","@id":"https:\/\/iwell-guard.com\/is\/gudsauga-ojo-de-dios-huichol-mexiko\/#breadcrumb","itemListElement":[{"@type":"ListItem","position":1,"name":"Start","item":"https:\/\/iwell-guard.com\/is\/?page_id=168580"},{"@type":"ListItem","position":2,"name":"Gu\u00f0sauga (Ojo de Dios) Huicholanna \u00ed Mex\u00edk\u00f3"}]},{"@type":"WebSite","@id":"https:\/\/iwell-guard.com\/is\/#website","url":"https:\/\/iwell-guard.com\/is\/","name":"iWell Guard","description":"Schutz vor dunklen Einfl\u00fcssen","publisher":{"@id":"https:\/\/iwell-guard.com\/is\/#organization"},"potentialAction":[{"@type":"SearchAction","target":{"@type":"EntryPoint","urlTemplate":"https:\/\/iwell-guard.com\/is\/?s={search_term_string}"},"query-input":{"@type":"PropertyValueSpecification","valueRequired":true,"valueName":"search_term_string"}}],"inLanguage":"is"},{"@type":"Organization","@id":"https:\/\/iwell-guard.com\/is\/#organization","name":"Ittermann electronic GmbH","url":"https:\/\/iwell-guard.com\/is\/","logo":{"@type":"ImageObject","inLanguage":"is","@id":"https:\/\/iwell-guard.com\/is\/#\/schema\/logo\/image\/","url":"https:\/\/iwell-guard.com\/wp-content\/uploads\/2026\/05\/Ittermann-Logo-1182x237-1.png","contentUrl":"https:\/\/iwell-guard.com\/wp-content\/uploads\/2026\/05\/Ittermann-Logo-1182x237-1.png","width":1182,"height":237,"caption":"Ittermann electronic GmbH"},"image":{"@id":"https:\/\/iwell-guard.com\/is\/#\/schema\/logo\/image\/"},"sameAs":["https:\/\/pantip.com\/profile\/9367242","https:\/\/micro.blog\/iwellguard","https:\/\/www.diggerslist.com\/iwellguard\/about","https:\/\/skitterphoto.com\/photographers\/2870314\/iwell-guard","https:\/\/iwellguard.wordpress.com\/2026\/06\/06\/iwell-guard\/","https:\/\/hub.docker.com\/u\/iwellguard","https:\/\/www.pinterest.com\/iwellguard\/","https:\/\/bit.ly\/m\/iwellguard","https:\/\/entre-vos-mains.alsace.eu\/profiles\/iwellguard\/activity","https:\/\/gravatar.com\/reallybeded8fd34","https:\/\/naijamatta.com\/iwellguard","https:\/\/www.goodreads.com\/iwellguard","https:\/\/profile.hatena.ne.jp\/iwellguard\/","https:\/\/experiment.com\/users\/iwellguard","https:\/\/wakelet.com\/@iWellGuard82270","https:\/\/www.chordie.com\/forum\/profile.php?id=2555664","https:\/\/www.instapaper.com\/p\/17757966","https:\/\/www.mapleprimes.com\/users\/iwellguard","https:\/\/businesslistingplus.com\/profile\/iwell-guard\/","https:\/\/telegra.ph\/iWell-Guard-06-06","https:\/\/pbase.com\/iwellguard\/iwellguard","https:\/\/b.hatena.ne.jp\/iwellguard\/20260607#bookmark-4788405196491818882","https:\/\/fliphtml5.com\/home\/iwellguard","https:\/\/anyflip.com\/homepage\/cmiwl#About","https:\/\/transfur.com\/Users\/iwellguard","http:\/\/delphi.larsbo.org\/user\/iwellguard","https:\/\/jobs.lajobsportal.org\/profiles\/8380803-iwell-guard","https:\/\/md.chaosdorf.de\/s\/jfbe5SBdJD","https:\/\/www.lingvolive.com\/en-us\/profile\/9ecaeaca-ce11-4e51-9e71-01d55e2bff36\/translations","https:\/\/www.fitday.com\/fitness\/forums\/members\/iwellguard.html","https:\/\/www.mymeetbook.com\/iwellguard","https:\/\/pxhere.com\/en\/photographer-me\/5040798","https:\/\/disqus.com\/by\/iwellguard\/about\/","https:\/\/pastelink.net\/hjwciqwq","https:\/\/pubhtml5.com\/homepage\/scjhn\/","https:\/\/www.bitchute.com\/channel\/2O2eOKzNqujT","https:\/\/audiomack.com\/iwellguard"]}]}},"_links":{"self":[{"href":"https:\/\/iwell-guard.com\/is\/wp-json\/wp\/v2\/pages\/169232","targetHints":{"allow":["GET"]}}],"collection":[{"href":"https:\/\/iwell-guard.com\/is\/wp-json\/wp\/v2\/pages"}],"about":[{"href":"https:\/\/iwell-guard.com\/is\/wp-json\/wp\/v2\/types\/page"}],"author":[{"embeddable":true,"href":"https:\/\/iwell-guard.com\/is\/wp-json\/wp\/v2\/users\/3"}],"replies":[{"embeddable":true,"href":"https:\/\/iwell-guard.com\/is\/wp-json\/wp\/v2\/comments?post=169232"}],"version-history":[{"count":0,"href":"https:\/\/iwell-guard.com\/is\/wp-json\/wp\/v2\/pages\/169232\/revisions"}],"wp:featuredmedia":[{"embeddable":true,"href":"https:\/\/iwell-guard.com\/is\/wp-json\/wp\/v2\/media\/3556"}],"wp:attachment":[{"href":"https:\/\/iwell-guard.com\/is\/wp-json\/wp\/v2\/media?parent=169232"}],"wp:term":[{"taxonomy":"category","embeddable":true,"href":"https:\/\/iwell-guard.com\/is\/wp-json\/wp\/v2\/categories?post=169232"}],"curies":[{"name":"wp","href":"https:\/\/api.w.org\/{rel}","templated":true}]}}