{"id":169228,"date":"2026-09-05T14:06:40","date_gmt":"2026-09-05T14:06:40","guid":{"rendered":"https:\/\/iwell-guard.com\/?page_id=169228"},"modified":"2026-09-05T14:35:32","modified_gmt":"2026-09-05T14:35:32","slug":"schutzknoten-blessud-snura-tibets","status":"publish","type":"page","link":"https:\/\/iwell-guard.com\/is\/schutzknoten-blessud-snura-tibets\/","title":{"rendered":"Schutzknoten \u2013 blessu\u00f0 sn\u00fara T\u00edbets"},"content":{"rendered":"\t\t<div data-elementor-type=\"wp-page\" data-elementor-id=\"169228\" class=\"elementor elementor-169228 elementor-3720 elementor-bc-flex-widget\" data-elementor-post-type=\"page\">\n\t\t\t\t<div class=\"elementor-element elementor-element-iwgs-schutzknoten-hero e-flex e-con-boxed e-con e-parent\" data-id=\"iwgs-schutzknoten-hero\" data-element_type=\"container\" data-e-type=\"container\">\n\t\t\t\t\t<div class=\"e-con-inner\">\n\t\t<div class=\"elementor-element elementor-element-iwgs-schutzknoten-hl e-flex e-con-boxed e-con e-parent\" data-id=\"iwgs-schutzknoten-hl\" data-element_type=\"container\" data-e-type=\"container\">\n\t\t\t\t\t<div class=\"e-con-inner\">\n\t\t<div class=\"elementor-element elementor-element-iwgs-schutzknoten-hlbox e-con-full e-flex e-con e-parent\" data-id=\"iwgs-schutzknoten-hlbox\" data-element_type=\"container\" data-e-type=\"container\">\n\t\t\t\t<div class=\"elementor-element elementor-element-iwgs-schutzknoten-h1 elementor-widget elementor-widget-heading\" data-id=\"iwgs-schutzknoten-h1\" data-element_type=\"widget\" data-e-type=\"widget\" data-widget_type=\"heading.default\">\n\t\t\t\t\t<h1 class=\"elementor-heading-title elementor-size-default\">Schutzknoten \u2013 blessa\u00f0a sn\u00faran \u00ed t\u00edbetskum b\u00faddisma<\/h1>\t\t\t\t<\/div>\n\t\t\t\t<div class=\"elementor-element elementor-element-iwgs-schutzknoten-lead elementor-widget elementor-widget-text-editor\" data-id=\"iwgs-schutzknoten-lead\" data-element_type=\"widget\" data-e-type=\"widget\" data-widget_type=\"text-editor.default\">\n\t\t\t\t\t\t\t\t\t<p>T\u00edbeski verndarhn\u00faturinn (Schutzknoten) er hn\u00fdtt sn\u00fara sem lama blessar. T\u00edbeska heiti\u00f0 er Srung-mdud, sem \u00fe\u00fd\u00f0ir \u00ed gr\u00f3fum dr\u00e1ttum verndarhn\u00fatur. Blessa\u00f0a sn\u00faran er borin um h\u00e1lsinn e\u00f0a \u00falnli\u00f0inn og er talin bera blessunina og veita verndarm\u00e1tt.<\/p>\t\t\t\t\t\t\t\t<\/div>\n\t\t\t\t<\/div>\n\t\t\t\t<div class=\"elementor-element elementor-element-iwgs-schutzknoten-pills elementor-widget elementor-widget-html\" data-id=\"iwgs-schutzknoten-pills\" data-element_type=\"widget\" data-e-type=\"widget\" data-widget_type=\"html.default\">\n\t\t\t\t\t<div class=\"iwg-pill-row\"><span class=\"iwg-klasse-badge\" tabindex=\"0\" data-tooltip=\"Verndart\u00e1kn, verndargripur e\u00f0a apotropa\u00edskur hlutur.\">Verndart\u00e1kn<\/span><a href=\"https:\/\/iwell-guard.com\/is\/tibet\/\" class=\"iwg-kultur-badge\" tabindex=\"0\" data-tooltip=\"Verndarhef\u00f0: T\u00edbet\">T\u00edbet<\/a><span class=\"iwg-tradition-badge\" tabindex=\"0\" data-tooltip=\"Hn\u00fatur sem \u00e1 a\u00f0 binda ska\u00f0lega \u00e1hrif.\">Verndarhn\u00fatur<\/span><\/div>\t\t\t\t<\/div>\n\t\t\t\t\t<\/div>\n\t\t\t\t<\/div>\n\t\t<div class=\"elementor-element elementor-element-iwgs-schutzknoten-hr e-con-full e-flex e-con e-parent\" data-id=\"iwgs-schutzknoten-hr\" data-element_type=\"container\" data-e-type=\"container\">\n\t\t\t\t<div class=\"elementor-element elementor-element-iwgs-schutzknoten-himg iwg-hero-image elementor-widget elementor-widget-image\" data-id=\"iwgs-schutzknoten-himg\" data-element_type=\"widget\" data-e-type=\"widget\" data-widget_type=\"image.default\">\n\t\t\t\t\t\t\t\t\t\t\t\t\t\t\t<img fetchpriority=\"high\" decoding=\"async\" width=\"683\" height=\"1024\" src=\"https:\/\/iwell-guard.com\/wp-content\/uploads\/2026\/05\/schutzsymbol_tibet_schutzknoten-683x1024.webp\" class=\"attachment-large size-large wp-image-170522\" alt=\"Verndarhn\u00fatur - verndart\u00e1kn, safnfr\u00e6\u00f0ileg mynd\" srcset=\"https:\/\/iwell-guard.com\/wp-content\/uploads\/2026\/05\/schutzsymbol_tibet_schutzknoten-683x1024.webp 683w, https:\/\/iwell-guard.com\/wp-content\/uploads\/2026\/05\/schutzsymbol_tibet_schutzknoten-200x300.webp 200w, https:\/\/iwell-guard.com\/wp-content\/uploads\/2026\/05\/schutzsymbol_tibet_schutzknoten-768x1152.webp 768w, https:\/\/iwell-guard.com\/wp-content\/uploads\/2026\/05\/schutzsymbol_tibet_schutzknoten.webp 1024w\" sizes=\"(max-width: 683px) 100vw, 683px\" \/>\t\t\t\t\t\t\t\t\t\t\t\t\t\t\t<\/div>\n\t\t\t\t<\/div>\n\t\t\t\t\t<\/div>\n\t\t\t\t<\/div>\n\t\t<div class=\"elementor-element elementor-element-iwgs-schutzknoten-s0 e-flex e-con-boxed e-con e-parent\" data-id=\"iwgs-schutzknoten-s0\" data-element_type=\"container\" data-e-type=\"container\">\n\t\t\t\t\t<div class=\"e-con-inner\">\n\t\t\t\t<div class=\"elementor-element elementor-element-iwgs-schutzknoten-s0h elementor-widget elementor-widget-heading\" data-id=\"iwgs-schutzknoten-s0h\" data-element_type=\"widget\" data-e-type=\"widget\" data-widget_type=\"heading.default\">\n\t\t\t\t\t<h2 class=\"elementor-heading-title elementor-size-default\">Yfirlit<\/h2>\t\t\t\t<\/div>\n\t\t<div class=\"elementor-element elementor-element-iwgs-schutzknoten-s0box e-con-full e-flex e-con e-parent\" data-id=\"iwgs-schutzknoten-s0box\" data-element_type=\"container\" data-e-type=\"container\">\n\t\t\t\t<div class=\"elementor-element elementor-element-iwgs-schutzknoten-s0t elementor-widget elementor-widget-text-editor\" data-id=\"iwgs-schutzknoten-s0t\" data-element_type=\"widget\" data-e-type=\"widget\" data-widget_type=\"text-editor.default\">\n\t\t\t\t\t\t\t\t\t<p>Verndarhn\u00faturinn (Schutzknoten) er hn\u00fdtt sn\u00fara \u00far heimi b\u00faddisma \u00ed <a href=\"https:\/\/iwell-guard.com\/is\/tibet\/\">T\u00edbet<\/a>. T\u00edbeska heiti\u00f0 er Srung-mdud, sem \u00fe\u00fd\u00f0ir \u00ed gr\u00f3fum dr\u00e1ttum verndarhn\u00fatur.<\/p><p>Um er a\u00f0 r\u00e6\u00f0a sn\u00faru e\u00f0a band sem einn e\u00f0a fleiri hn\u00fatar eru hn\u00fdttir \u00ed. Sn\u00faran er borin um h\u00e1lsinn, upphandlegg e\u00f0a \u00falnli\u00f0.<\/p><p>Hi\u00f0 mikilv\u00e6ga vi\u00f0 verndarhn\u00fatinn er ekki efni\u00f0, heldur <span class=\"iwg-fachbegriff\" data-tooltip=\"Yfirl\u00fdsing um heill og vernd, oft \u00ed fastri m\u00e1lformi.\" tabindex=\"0\">blessunin<\/span>. Sn\u00faran er blessu\u00f0 af lama, \u00fea\u00f0 er andlegum l\u00e6rimeistara, \u00e1\u00f0ur en h\u00fan er borin.<\/p><p>Fyrir \u00feessa <span class=\"iwg-fachbegriff\" data-tooltip=\"Yfirl\u00fdsing um heill og vernd, oft \u00ed fastri m\u00e1lformi.\" tabindex=\"0\">blessun<\/span> ver\u00f0ur einf\u00f6ld sn\u00fara a\u00f0 verndargrip. H\u00fan er \u00fe\u00e1 talin bera blessunina sem lamainn lag\u00f0i \u00e1 hana.<\/p><p>Verndarhn\u00faturinn er algengur \u00ed t\u00edbetskum b\u00faddisma. Hann er gefinn tr\u00fau\u00f0um vi\u00f0 blessunarathafnir, kennslustundir og \u00f6nnur mikilv\u00e6g tilefni.<\/p><p>\u00cd <span class=\"iwg-fachbegriff\" data-tooltip=\"V\u00edsindin sem rannsaka tr\u00faarbr\u00f6g\u00f0 samanbur\u00f0arlega og \u00e1n tr\u00faarlegrar afst\u00f6\u00f0u.\" tabindex=\"0\">tr\u00faarbrag\u00f0afr\u00e6\u00f0um<\/span> er verndarhn\u00faturinn g\u00f3\u00f0 d\u00e6misaga um verndargrip \u00fear sem verkun byggist \u00e1 <span class=\"iwg-fachbegriff\" data-tooltip=\"Yfirl\u00fdsing um heill og vernd, oft \u00ed fastri m\u00e1lformi.\" tabindex=\"0\">blessuninni<\/span>. \u00dea\u00f0 er ekki efni\u00f0 heldur blessunarath\u00f6fnin sem gerir sn\u00faruna a\u00f0 verndarmi\u00f0li.<\/p>\t\t\t\t\t\t\t\t<\/div>\n\t\t\t\t<\/div>\n\t\t\t\t\t<\/div>\n\t\t\t\t<\/div>\n\t\t<div class=\"elementor-element elementor-element-iwgs-schutzknoten-s1 e-flex e-con-boxed e-con e-parent\" data-id=\"iwgs-schutzknoten-s1\" data-element_type=\"container\" data-e-type=\"container\">\n\t\t\t\t\t<div class=\"e-con-inner\">\n\t\t\t\t<div class=\"elementor-element elementor-element-iwgs-schutzknoten-s1h elementor-widget elementor-widget-heading\" data-id=\"iwgs-schutzknoten-s1h\" data-element_type=\"widget\" data-e-type=\"widget\" data-widget_type=\"heading.default\">\n\t\t\t\t\t<h2 class=\"elementor-heading-title elementor-size-default\">Uppruni og bakgrunnur<\/h2>\t\t\t\t<\/div>\n\t\t<div class=\"elementor-element elementor-element-iwgs-schutzknoten-s1box e-con-full e-flex e-con e-parent\" data-id=\"iwgs-schutzknoten-s1box\" data-element_type=\"container\" data-e-type=\"container\">\n\t\t\t\t<div class=\"elementor-element elementor-element-iwgs-schutzknoten-s1t elementor-widget elementor-widget-text-editor\" data-id=\"iwgs-schutzknoten-s1t\" data-element_type=\"widget\" data-e-type=\"widget\" data-widget_type=\"text-editor.default\">\n\t\t\t\t\t\t\t\t\t<p>Verndarhn\u00faturinn tengir saman tv\u00e6r fornar hugmyndir, hugmyndina um hn\u00fatinn og hugmyndina um <span class=\"iwg-fachbegriff\" data-tooltip=\"Yfirl\u00fdsing um heill og vernd, oft \u00ed fastri m\u00e1lformi.\" tabindex=\"0\">blessunina<\/span>. B\u00e1\u00f0ar n\u00e1 langt aftur \u00ed t\u00edmann.<\/p><p>Hn\u00faturinn er fornt og v\u00ed\u00f0\u00fatbreitt <span class=\"iwg-fachbegriff\" data-tooltip=\"Endurteki\u00f0 innihaldslegt element \u00ed list e\u00f0a fr\u00e1s\u00f6gn.\" tabindex=\"0\">myndefni<\/span>. \u00cd m\u00f6rgum menningarheimum er hn\u00faturinn talinn t\u00e6ki til a\u00f0 binda, halda f\u00f6stu og \u00fear me\u00f0 tryggja e\u00f0a verjast.<\/p><p>Hugmyndin um blessun er kjarni tr\u00faarlegrar i\u00f0kunar. <span class=\"iwg-fachbegriff\" data-tooltip=\"Yfirl\u00fdsing um heill og vernd, oft \u00ed fastri m\u00e1lformi.\" tabindex=\"0\">Blessun<\/span> er andlegt atl\u00e6ti sem veitir manni e\u00f0a hlut g\u00e6sku og vernd.<\/p><p>T\u00edbetskur b\u00faddismi tengir b\u00e1\u00f0a \u00fer\u00e6\u00f0ina saman. Hn\u00fdtt sn\u00fara er tengd <span class=\"iwg-fachbegriff\" data-tooltip=\"Yfirl\u00fdsing um heill og vernd, oft \u00ed fastri m\u00e1lformi.\" tabindex=\"0\">blessun<\/span> l\u00e6rimeistara, og \u00far \u00feessari tengingu ver\u00f0ur verndarhn\u00faturinn.<\/p><p>\u00cd eldri tr\u00faarheimi T\u00edbets, fyrir b\u00faddisma, eru hugmyndir um bindingu og vernd einnig kunnar. B\u00faddiski verndarhn\u00faturinn stendur \u00feannig \u00e1 v\u00ed\u00f0um grunni.<\/p><p>Uppruni verndarhn\u00fatsins s\u00fdnir \u00fev\u00ed samspil. Fornt <span class=\"iwg-fachbegriff\" data-tooltip=\"Endurteki\u00f0 innihaldslegt element \u00ed list e\u00f0a fr\u00e1s\u00f6gn.\" tabindex=\"0\">myndefni<\/span> bindandi hn\u00fatsins og tr\u00faarleg hugmynd um blessun m\u00e6tast \u00ed hinni blessu\u00f0u sn\u00faru.<\/p>\t\t\t\t\t\t\t\t<\/div>\n\t\t\t\t<\/div>\n\t\t\t\t\t<\/div>\n\t\t\t\t<\/div>\n\t\t<div class=\"elementor-element elementor-element-iwgs-schutzknoten-s2 e-flex e-con-boxed e-con e-parent\" data-id=\"iwgs-schutzknoten-s2\" data-element_type=\"container\" data-e-type=\"container\">\n\t\t\t\t\t<div class=\"e-con-inner\">\n\t\t\t\t<div class=\"elementor-element elementor-element-iwgs-schutzknoten-s2h elementor-widget elementor-widget-heading\" data-id=\"iwgs-schutzknoten-s2h\" data-element_type=\"widget\" data-e-type=\"widget\" data-widget_type=\"heading.default\">\n\t\t\t\t\t<h2 class=\"elementor-heading-title elementor-size-default\">Hn\u00faturinn sem t\u00e1kn<\/h2>\t\t\t\t<\/div>\n\t\t<div class=\"elementor-element elementor-element-iwgs-schutzknoten-s2box e-con-full e-flex e-con e-parent\" data-id=\"iwgs-schutzknoten-s2box\" data-element_type=\"container\" data-e-type=\"container\">\n\t\t\t\t<div class=\"elementor-element elementor-element-iwgs-schutzknoten-s2t elementor-widget elementor-widget-text-editor\" data-id=\"iwgs-schutzknoten-s2t\" data-element_type=\"widget\" data-e-type=\"widget\" data-widget_type=\"text-editor.default\">\n\t\t\t\t\t\t\t\t\t<p>Hn\u00faturinn \u00ed verndarhn\u00fatinum er ekki tilviljun \u00ed ger\u00f0 hans, heldur \u00fe\u00fd\u00f0ingarmiki\u00f0 t\u00e1kn. Sj\u00e1lft hn\u00fdtingin ber merkingu.<\/p><p>Hn\u00fatur bindur og heldur f\u00f6stu. \u00cd hn\u00fatnum er eitthva\u00f0 eins og gripi\u00f0 og \u00f6ruggt. \u00deessi eiginleiki gerir hn\u00fatinn a\u00f0 mynd um \u00fea\u00f0 a\u00f0 halda f\u00f6stu og var\u00f0veita.<\/p><p>\u00cd verndarhn\u00fatinum er <span class=\"iwg-fachbegriff\" data-tooltip=\"Yfirl\u00fdsing um heill og vernd, oft \u00ed fastri m\u00e1lformi.\" tabindex=\"0\">blessunin<\/span> eins og hn\u00fdtt inn \u00ed hn\u00fatinn. Lamainn fer me\u00f0 b\u00e6nir og m\u00f6ntrur vi\u00f0 blessunarath\u00f6fnina, og hn\u00faturinn heldur \u00feeirri <span class=\"iwg-fachbegriff\" data-tooltip=\"Yfirl\u00fdsing um heill og vernd, oft \u00ed fastri m\u00e1lformi.\" tabindex=\"0\">blessun<\/span> fastri.<\/p><p>Hn\u00faturinn er \u00feannig \u00edl\u00e1t blessunarinnar. Eins og ker geymir innihald, \u00feannig geymir hn\u00fdtti hn\u00faturinn <span class=\"iwg-fachbegriff\" data-tooltip=\"Yfirl\u00fdsing um heill og vernd, oft \u00ed fastri m\u00e1lformi.\" tabindex=\"0\">blessunina<\/span> sem yfir hann var lesin vi\u00f0 <span class=\"iwg-fachbegriff\" data-tooltip=\"Tr\u00faarleg ath\u00f6fn sem blessun er veitt \u00ed.\" tabindex=\"0\">blessunarath\u00f6fnina<\/span>.<\/p><p>Samt\u00edmis stendur hn\u00faturinn fyrir vernd \u00ed skilningi bindingar. Ska\u00f0leg \u00e1hrif eiga a\u00f0 vera eins og bundin og haldi\u00f0 fr\u00e1, l\u00edkt og hn\u00faturinn heldur bandinu f\u00f6stu.<\/p><p>Hn\u00faturinn tengir \u00feannig saman tv\u00e6r merkingar. Hann er \u00edl\u00e1t sem heldur <span class=\"iwg-fachbegriff\" data-tooltip=\"Yfirl\u00fdsing um heill og vernd, oft \u00ed fastri m\u00e1lformi.\" tabindex=\"0\">blessuninni<\/span> fastri, og t\u00e1kn bindingar sem \u00e1 a\u00f0 verjast ska\u00f0legu. B\u00e1\u00f0ar merkingar verka saman \u00ed verndarhn\u00fatinum.<\/p>\t\t\t\t\t\t\t\t<\/div>\n\t\t\t\t<\/div>\n\t\t\t\t\t<\/div>\n\t\t\t\t<\/div>\n\t\t<div class=\"elementor-element elementor-element-iwgs-schutzknoten-s3 e-flex e-con-boxed e-con e-parent\" data-id=\"iwgs-schutzknoten-s3\" data-element_type=\"container\" data-e-type=\"container\">\n\t\t\t\t\t<div class=\"e-con-inner\">\n\t\t\t\t<div class=\"elementor-element elementor-element-iwgs-schutzknoten-s3h elementor-widget elementor-widget-heading\" data-id=\"iwgs-schutzknoten-s3h\" data-element_type=\"widget\" data-e-type=\"widget\" data-widget_type=\"heading.default\">\n\t\t\t\t\t<h2 class=\"elementor-heading-title elementor-size-default\">Hn\u00faturinn \u00ed t\u00edbetskum b\u00faddisma<\/h2>\t\t\t\t<\/div>\n\t\t<div class=\"elementor-element elementor-element-iwgs-schutzknoten-s3box e-con-full e-flex e-con e-parent\" data-id=\"iwgs-schutzknoten-s3box\" data-element_type=\"container\" data-e-type=\"container\">\n\t\t\t\t<div class=\"elementor-element elementor-element-iwgs-schutzknoten-s3t elementor-widget elementor-widget-text-editor\" data-id=\"iwgs-schutzknoten-s3t\" data-element_type=\"widget\" data-e-type=\"widget\" data-widget_type=\"text-editor.default\">\n\t\t\t\t\t\t\t\t\t<p>Hn\u00fatam\u00f3t\u00edfi\u00f0 er mikilv\u00e6gt \u00e1 m\u00f6rgum st\u00f6\u00f0um innan t\u00edbetsks b\u00faddisma. Verndarhn\u00faturinn er \u00feannig ekki einangra\u00f0 fyrirb\u00e6ri, heldur hluti af st\u00e6rra samhengi.<\/p><p>\u00deekktasta hn\u00fatat\u00e1kni\u00f0 \u00ed b\u00faddisma er endalausi hn\u00faturinn. Hann er eitt af \u00e1tta happat\u00e1knunum og stendur fyrir samtengingu allra hluta og fyrir endalausa visku.<\/p><p>\u00c1 s\u00ed\u00f0unni um <a href=\"https:\/\/iwell-guard.com\/is\/?page_id=169144\">endalausa hn\u00fatinn<\/a> er \u00feetta t\u00e1kn kynnt til \u00edtarlega. Endalausi hn\u00faturinn er m\u00e1la\u00f0 e\u00f0a m\u00f3ta\u00f0 <span class=\"iwg-fachbegriff\" data-tooltip=\"Sk\u00fdr mynd sem stendur fyrir hugtak e\u00f0a hugmynd.\" tabindex=\"0\">t\u00e1kn<\/span>.<\/p><p>Verndarhn\u00faturinn er annars e\u00f0lis. Hann er ekki <span class=\"iwg-fachbegriff\" data-tooltip=\"Sk\u00fdr mynd sem stendur fyrir hugtak e\u00f0a hugmynd.\" tabindex=\"0\">t\u00e1kn<\/span>, heldur raunverulegur, hn\u00fdttur og blessa\u00f0ur hlutur sem borinn er \u00e1 s\u00e9r.<\/p><p>B\u00e1\u00f0ir tilheyra \u00feeir sama heimi hn\u00fatam\u00f3t\u00edfa. Endalausi hn\u00faturinn sem <span class=\"iwg-fachbegriff\" data-tooltip=\"Sk\u00fdr mynd sem stendur fyrir hugtak e\u00f0a hugmynd.\" tabindex=\"0\">t\u00e1kn<\/span> og verndarhn\u00faturinn sem borinn hlutur s\u00fdna hversu mikilv\u00e6gur hn\u00faturinn er \u00ed t\u00edbetskum b\u00faddisma.<\/p><p>Verndarhn\u00faturinn er \u00fev\u00ed hin borna, blessa\u00f0a \u00fatf\u00e6rsla hn\u00fatam\u00f3t\u00edfsins. \u00c1 me\u00f0an endalausi hn\u00faturinn er kennslut\u00e1kn, er verndarhn\u00faturinn pers\u00f3nulegur verndargripur.<\/p>\t\t\t\t\t\t\t\t<\/div>\n\t\t\t\t<\/div>\n\t\t\t\t\t<\/div>\n\t\t\t\t<\/div>\n\t\t<div class=\"elementor-element elementor-element-iwgs-schutzknoten-s4 e-flex e-con-boxed e-con e-parent\" data-id=\"iwgs-schutzknoten-s4\" data-element_type=\"container\" data-e-type=\"container\">\n\t\t\t\t\t<div class=\"e-con-inner\">\n\t\t\t\t<div class=\"elementor-element elementor-element-iwgs-schutzknoten-s4h elementor-widget elementor-widget-heading\" data-id=\"iwgs-schutzknoten-s4h\" data-element_type=\"widget\" data-e-type=\"widget\" data-widget_type=\"heading.default\">\n\t\t\t\t\t<h2 class=\"elementor-heading-title elementor-size-default\">Blessunarath\u00f6fn lamans<\/h2>\t\t\t\t<\/div>\n\t\t<div class=\"elementor-element elementor-element-iwgs-schutzknoten-s4box e-con-full e-flex e-con e-parent\" data-id=\"iwgs-schutzknoten-s4box\" data-element_type=\"container\" data-e-type=\"container\">\n\t\t\t\t<div class=\"elementor-element elementor-element-iwgs-schutzknoten-s4t elementor-widget elementor-widget-text-editor\" data-id=\"iwgs-schutzknoten-s4t\" data-element_type=\"widget\" data-e-type=\"widget\" data-widget_type=\"text-editor.default\">\n\t\t\t\t\t\t\t\t\t<p>\u00dea\u00f0 sem er \u00farslitaatri\u00f0i\u00f0 vi\u00f0 verndarhn\u00fatinn er blessunarath\u00f6fnin. \u00c1n <span class=\"iwg-fachbegriff\" data-tooltip=\"\u00d3sk um heill og vernd, oft \u00ed fastri, tala\u00f0ri mynd.\" tabindex=\"0\">blessunar<\/span> lama v\u00e6ri hn\u00fdtta sn\u00faran ekki verndargripur, heldur einungis band.<\/p><p>Lami er sk\u00f3lagengin andlegur lei\u00f0togi. Hann hefur fari\u00f0 \u00ed gegnum \u00fej\u00e1lfun og hefur heimild til a\u00f0 framkv\u00e6ma blessunarathafnir og veita kenningar.<\/p><p>Vi\u00f0 <span class=\"iwg-fachbegriff\" data-tooltip=\"Sj\u00e1lf ath\u00f6fnin \u00fear sem blessun er veitt.\" tabindex=\"0\">blessunina<\/span> \u00e1 verndarhn\u00fatnum fer lamin me\u00f0 b\u00e6nir og m\u00f6ntrur yfir sn\u00farunni. Oft hn\u00fdtir hann hn\u00fatinn sj\u00e1lfur e\u00f0a fullkomnar hann me\u00f0an \u00e1 blessunarath\u00f6fninni stendur.<\/p><p>Me\u00f0 \u00feessari ath\u00f6fn er <span class=\"iwg-fachbegriff\" data-tooltip=\"\u00d3sk um heill og vernd, oft \u00ed fastri, tala\u00f0ri mynd.\" tabindex=\"0\">blessunin<\/span> flutt yfir \u00e1 sn\u00faruna. Verndarhn\u00faturinn telst eftir \u00fea\u00f0 bera \u00fe\u00e1 blessun sem lamin hefur tala\u00f0.<\/p><p>Verndarhn\u00fatar eru oft gefnir vi\u00f0 s\u00e9rst\u00f6k tilefni, svo sem eftir kenningu, vi\u00f0 <span class=\"iwg-fachbegriff\" data-tooltip=\"Sj\u00e1lf ath\u00f6fnin \u00fear sem blessun er veitt.\" tabindex=\"0\">blessun<\/span> margra manna e\u00f0a sem gj\u00f6f til gesta.<\/p><p>Blessunarath\u00f6fnin gerir verndarhn\u00fatinn \u00feannig a\u00f0 \u00fev\u00ed sem hann er. H\u00fan breytir sn\u00farunni \u00ed verndargrip og tengir hann vi\u00f0 lamann sem blessa\u00f0i hann.<\/p>\t\t\t\t\t\t\t\t<\/div>\n\t\t\t\t<\/div>\n\t\t\t\t\t<\/div>\n\t\t\t\t<\/div>\n\t\t<div class=\"elementor-element elementor-element-iwgs-schutzknoten-s5 e-flex e-con-boxed e-con e-parent\" data-id=\"iwgs-schutzknoten-s5\" data-element_type=\"container\" data-e-type=\"container\">\n\t\t\t\t\t<div class=\"e-con-inner\">\n\t\t\t\t<div class=\"elementor-element elementor-element-iwgs-schutzknoten-s5h elementor-widget elementor-widget-heading\" data-id=\"iwgs-schutzknoten-s5h\" data-element_type=\"widget\" data-e-type=\"widget\" data-widget_type=\"heading.default\">\n\t\t\t\t\t<h2 class=\"elementor-heading-title elementor-size-default\">A\u00f0 bera og nota verndarhn\u00fatinn<\/h2>\t\t\t\t<\/div>\n\t\t<div class=\"elementor-element elementor-element-iwgs-schutzknoten-s5box e-con-full e-flex e-con e-parent\" data-id=\"iwgs-schutzknoten-s5box\" data-element_type=\"container\" data-e-type=\"container\">\n\t\t\t\t<div class=\"elementor-element elementor-element-iwgs-schutzknoten-s5t elementor-widget elementor-widget-text-editor\" data-id=\"iwgs-schutzknoten-s5t\" data-element_type=\"widget\" data-e-type=\"widget\" data-widget_type=\"text-editor.default\">\n\t\t\t\t\t\t\t\t\t<p>Verndarhn\u00faturinn er borinn, og \u00ed \u00fev\u00ed a\u00f0 bera hann kemur merking hans fram. Hann er borinn n\u00e1l\u00e6gt l\u00edkamanum og fylgir manninum \u00ed daglegu l\u00edfi.<\/p><p>Algengt er a\u00f0 bera hann um h\u00e1lsinn. Blessa\u00f0a sn\u00faran er l\u00f6g\u00f0 eins og h\u00e1lsfesti, oft \u00e1samt vi\u00f0hengi e\u00f0a litlu verndargripahylki.<\/p><p>Jafn algengt er a\u00f0 bera hann um \u00falnli\u00f0 e\u00f0a upphandlegg. Sem hn\u00fdtt band um \u00falnli\u00f0inn er verndarhn\u00faturinn st\u00f6\u00f0ugur, \u00f3\u00e1berandi f\u00f6runautur.<\/p><p>Verndarhn\u00faturinn er oft borinn \u00fear til hann losnar af sj\u00e1lfu s\u00e9r e\u00f0a slitnar. \u00deegar hann losnar er \u00fea\u00f0 oft t\u00falka\u00f0 sem a\u00f0 hann hafi loki\u00f0 hlutverki s\u00ednu.<\/p><p>Me\u00f0 bornum verndarhn\u00fat fylgir vir\u00f0ing og vandvirk umgengni. Sem blessa\u00f0ur hlutur er ekki fari\u00f0 \u00f3varlega me\u00f0 hann og honum er ekki einfaldlega hent.<\/p><p>Notkun verndarhn\u00fatsins s\u00fdnir \u00feannig a\u00f0 hann er pers\u00f3nulegur, borinn verndargripur. Hann fylgir einum \u00e1kve\u00f0num manni og er tengdur \u00feeirri <span class=\"iwg-fachbegriff\" data-tooltip=\"\u00d3sk um heill og vernd, oft \u00ed fastri, tala\u00f0ri mynd.\" tabindex=\"0\">blessun<\/span> sem hann hefur fengi\u00f0 fyrir hann.<\/p>\t\t\t\t\t\t\t\t<\/div>\n\t\t\t\t<\/div>\n\t\t\t\t\t<\/div>\n\t\t\t\t<\/div>\n\t\t<div class=\"elementor-element elementor-element-iwgs-schutzknoten-s6 e-flex e-con-boxed e-con e-parent\" data-id=\"iwgs-schutzknoten-s6\" data-element_type=\"container\" data-e-type=\"container\">\n\t\t\t\t\t<div class=\"e-con-inner\">\n\t\t\t\t<div class=\"elementor-element elementor-element-iwgs-schutzknoten-s6h elementor-widget elementor-widget-heading\" data-id=\"iwgs-schutzknoten-s6h\" data-element_type=\"widget\" data-e-type=\"widget\" data-widget_type=\"heading.default\">\n\t\t\t\t\t<h2 class=\"elementor-heading-title elementor-size-default\">Verkunarm\u00e1ti blessa\u00f0rar verndar<\/h2>\t\t\t\t<\/div>\n\t\t<div class=\"elementor-element elementor-element-iwgs-schutzknoten-s6box e-con-full e-flex e-con e-parent\" data-id=\"iwgs-schutzknoten-s6box\" data-element_type=\"container\" data-e-type=\"container\">\n\t\t\t\t<div class=\"elementor-element elementor-element-iwgs-schutzknoten-s6t elementor-widget elementor-widget-text-editor\" data-id=\"iwgs-schutzknoten-s6t\" data-element_type=\"widget\" data-e-type=\"widget\" data-widget_type=\"text-editor.default\">\n\t\t\t\t\t\t\t\t\t<p>Verndarhn\u00faturinn fylgir s\u00ednu eigin verkunarm\u00e1ti. Hann f\u00e6lir ekki fr\u00e1 me\u00f0 \u00f3gnvekjandi mynd og ber ekki skrifa\u00f0a form\u00falu. Hann verkar me\u00f0 <span class=\"iwg-fachbegriff\" data-tooltip=\"\u00d3sk um heill og vernd, oft \u00ed fastri, tala\u00f0ri mynd.\" tabindex=\"0\">blessuninni<\/span>.<\/p><p>Samkv\u00e6mt b\u00fadd\u00edskum skilningi er hn\u00faturinn tengdur andlegum krafti \u00ed gegnum blessunarath\u00f6fnina. <span class=\"iwg-fachbegriff\" data-tooltip=\"\u00d3sk um heill og vernd, oft \u00ed fastri, tala\u00f0ri mynd.\" tabindex=\"0\">Blessun<\/span> lamans, bygg\u00f0 \u00e1 <span class=\"iwg-fachbegriff\" data-tooltip=\"M\u00e1lleg \u00e1v\u00f6rpun manns til gu\u00f0s.\" tabindex=\"0\">b\u00e6n<\/span> og <span class=\"iwg-fachbegriff\" data-tooltip=\"Heilagt or\u00f0 e\u00f0a form\u00fala sem endurtekin er \u00ed hind\u00faisma og b\u00faddisma.\" tabindex=\"0\">m\u00f6ntru<\/span>, er eins og hn\u00fdtt inn \u00ed hn\u00fatinn.<\/p><p>Verndin liggur \u00fev\u00ed ekki \u00ed efni sn\u00farunnar og ekki \u00ed formi hn\u00fatsins sj\u00e1lfs. H\u00fan liggur \u00ed <span class=\"iwg-fachbegriff\" data-tooltip=\"\u00d3sk um heill og vernd, oft \u00ed fastri, tala\u00f0ri mynd.\" tabindex=\"0\">blessuninni<\/span> sem tala\u00f0 hefur veri\u00f0 yfir sn\u00farunni.<\/p><p>\u00deessi a\u00f0greining er mikilv\u00e6g. Verndarhn\u00faturinn er ekki kraftmikill af sj\u00e1lfum s\u00e9r. Merking hans byggist \u00e1 hinni andlegu ath\u00f6fn sem ger\u00f0i hann a\u00f0 verndargrip.<\/p><p>\u00deannig byggist verndarhn\u00faturinn einnig \u00e1 trausti og i\u00f0kun \u00feess sem ber hann. Hann er t\u00e1kn tengsla vi\u00f0 lamann og kenninguna sem beranda hans fylgir.<\/p><p>Verndarhn\u00faturinn er \u00feannig gott d\u00e6mi um vernd \u00ed gegnum <span class=\"iwg-fachbegriff\" data-tooltip=\"\u00d3sk um heill og vernd, oft \u00ed fastri, tala\u00f0ri mynd.\" tabindex=\"0\">blessun<\/span>. Ekki efni og ekki mynd, heldur andleg ath\u00f6fn sem gefur einfaldri sn\u00faru merkingu hennar.<\/p>\t\t\t\t\t\t\t\t<\/div>\n\t\t\t\t<\/div>\n\t\t\t\t\t<\/div>\n\t\t\t\t<\/div>\n\t\t<div class=\"elementor-element elementor-element-iwgs-schutzknoten-s7 e-flex e-con-boxed e-con e-parent\" data-id=\"iwgs-schutzknoten-s7\" data-element_type=\"container\" data-e-type=\"container\">\n\t\t\t\t\t<div class=\"e-con-inner\">\n\t\t\t\t<div class=\"elementor-element elementor-element-iwgs-schutzknoten-s7h elementor-widget elementor-widget-heading\" data-id=\"iwgs-schutzknoten-s7h\" data-element_type=\"widget\" data-e-type=\"widget\" data-widget_type=\"heading.default\">\n\t\t\t\t\t<h2 class=\"elementor-heading-title elementor-size-default\">Blessa\u00f0ar sn\u00farur \u00fevert \u00e1 menningarheima<\/h2>\t\t\t\t<\/div>\n\t\t<div class=\"elementor-element elementor-element-iwgs-schutzknoten-s7box e-con-full e-flex e-con e-parent\" data-id=\"iwgs-schutzknoten-s7box\" data-element_type=\"container\" data-e-type=\"container\">\n\t\t\t\t<div class=\"elementor-element elementor-element-iwgs-schutzknoten-s7t elementor-widget elementor-widget-text-editor\" data-id=\"iwgs-schutzknoten-s7t\" data-element_type=\"widget\" data-e-type=\"widget\" data-widget_type=\"text-editor.default\">\n\t\t\t\t\t\t\t\t\t<p>Verndarhn\u00fatinn (schutzknoten) m\u00e1 sko\u00f0a \u00ed st\u00e6rra samhengi blessa\u00f0ra sn\u00fara og bor\u00f0a. Sl\u00edk verndarb\u00f6nd \u00feekkjast \u00ed m\u00f6rgum menningarheimum.<\/p><p>\u00cd indverskum menningarheimi eru blessa\u00f0ir \u00fer\u00e6\u00f0ir og b\u00f6nd \u00fatbreidd sem bundin eru um \u00falnli\u00f0inn vi\u00f0 tr\u00faarlegar athafnir og eiga a\u00f0 veita vernd og <span class=\"iwg-fachbegriff\" data-tooltip=\"\u00c1kall um heill og vernd, oft \u00ed f\u00f6stu m\u00e1lformi.\" tabindex=\"0\">blessun<\/span>.<\/p><p>Einnig \u00ed \u00f6\u00f0rum tr\u00faarbr\u00f6g\u00f0um og \u00fej\u00f3\u00f0legum hef\u00f0um \u00feekkjast hn\u00fdttar e\u00f0a blessa\u00f0ar sn\u00farur sem verndargripir. \u00de\u00e6r eru bundnar um handlegg, um h\u00e1ls e\u00f0a um v\u00f6ggu barns.<\/p><p>A\u00f0 baki \u00f6llum \u00feessum verndarb\u00f6ndum liggur svipu\u00f0 hugmynd. Einfalt band ver\u00f0ur a\u00f0 verndargrip fyrir tilstilli tr\u00faarlegrar athafnar, <span class=\"iwg-fachbegriff\" data-tooltip=\"\u00c1kall um heill og vernd, oft \u00ed f\u00f6stu m\u00e1lformi.\" tabindex=\"0\">blessunar<\/span> e\u00f0a me\u00f0 hn\u00fdtingunni sj\u00e1lfri.<\/p><p>T\u00edbeski verndarhn\u00faturinn er b\u00fadd\u00edsk \u00fatg\u00e1fa af \u00feessari \u00fatbreiddu hugmynd. \u00dea\u00f0 sem einkennir hann er blessunarath\u00f6fnin sem lamainn framkv\u00e6mir, en h\u00fan tengir hann fast vi\u00f0 t\u00edbeskan b\u00faddisma.<\/p><p>Verndarhn\u00faturinn s\u00fdnir \u00feannig a\u00f0 hugmyndin um blessa\u00f0a sn\u00faru hefur veri\u00f0 skilin \u00fevert \u00e1 menningarheima. Blessa\u00f0a e\u00f0a hn\u00fdtta bandi\u00f0 er verndargripur sem \u00feekkist um allan heim.<\/p>\t\t\t\t\t\t\t\t<\/div>\n\t\t\t\t<\/div>\n\t\t\t\t\t<\/div>\n\t\t\t\t<\/div>\n\t\t<div class=\"elementor-element elementor-element-iwgs-schutzknoten-s8 e-flex e-con-boxed e-con e-parent\" data-id=\"iwgs-schutzknoten-s8\" data-element_type=\"container\" data-e-type=\"container\">\n\t\t\t\t\t<div class=\"e-con-inner\">\n\t\t\t\t<div class=\"elementor-element elementor-element-iwgs-schutzknoten-s8h elementor-widget elementor-widget-heading\" data-id=\"iwgs-schutzknoten-s8h\" data-element_type=\"widget\" data-e-type=\"widget\" data-widget_type=\"heading.default\">\n\t\t\t\t\t<h2 class=\"elementor-heading-title elementor-size-default\">M\u00f3tt\u00f6kur \u00ed dag<\/h2>\t\t\t\t<\/div>\n\t\t<div class=\"elementor-element elementor-element-iwgs-schutzknoten-s8box e-con-full e-flex e-con e-parent\" data-id=\"iwgs-schutzknoten-s8box\" data-element_type=\"container\" data-e-type=\"container\">\n\t\t\t\t<div class=\"elementor-element elementor-element-iwgs-schutzknoten-s8t elementor-widget elementor-widget-text-editor\" data-id=\"iwgs-schutzknoten-s8t\" data-element_type=\"widget\" data-e-type=\"widget\" data-widget_type=\"text-editor.default\">\n\t\t\t\t\t\t\t\t\t<p>Schutzknoten er \u00ed t\u00edbetskum b\u00faddisma enn \u00ed dag lifandi og v\u00ed\u00f0a \u00fatbreiddur verndargripur. Hann er blessa\u00f0ur og borinn \u00f3breyttur \u00e1fram.<\/p><p>Vi\u00f0 kenningar, vi\u00f0 blessunarathafnir og \u00e1 mikilv\u00e6gum t\u00edmam\u00f3tum eru schutzknoten afhentir tr\u00fau\u00f0um. \u00cd l\u00f6ndum t\u00edbetsks b\u00faddisma eru \u00feeir kunnuglegt sj\u00f3narvang.<\/p><p>Handan hins b\u00fadd\u00edska heims hefur schutzknoten, samfara auknum \u00e1huga \u00e1 t\u00edbetskum b\u00faddisma, or\u00f0i\u00f0 \u00feekktur einnig \u00e1 Vesturl\u00f6ndum. S\u00e1 sem s\u00e6kir kenningarstund f\u00e6r oft blessa\u00f0a sn\u00faru.<\/p><p>\u00cd \u00feessari v\u00ed\u00f0ari \u00fatbrei\u00f0slu m\u00e1 bera schutzknoten sem minjagrip og sem skartgrip. N\u00e1kv\u00e6m merking blessunarathafnarinnar v\u00edkur \u00fe\u00e1 oft \u00ed bakgrunn.<\/p><p>\u00cd kjarna s\u00ednum er schutzknoten \u00fe\u00f3 \u00e1fram \u00fea\u00f0 sem hann alltaf var, hn\u00fdtt sn\u00fara sem ver\u00f0ur fyrir <span class=\"iwg-fachbegriff\" data-tooltip=\"\u00d3sk um heill og verndun, oft \u00ed fastri m\u00e1lformi.\" tabindex=\"0\">blessun<\/span> lama a\u00f0 bera blessunarinnar og a\u00f0 verndarmi\u00f0li.<\/p><p>Schutzknoten er \u00feannig \u00e1hrifamiki\u00f0 d\u00e6mi um verndargrip sem hangir \u00e1 <span class=\"iwg-fachbegriff\" data-tooltip=\"\u00d3sk um heill og verndun, oft \u00ed fastri m\u00e1lformi.\" tabindex=\"0\">blessuninni<\/span>. \u00cd honum sameinast hi\u00f0 forna <span class=\"iwg-fachbegriff\" data-tooltip=\"Endurteki\u00f0 innihaldsatri\u00f0i \u00ed list e\u00f0a fr\u00e1s\u00f6gn.\" tabindex=\"0\">minni<\/span> bindandi hn\u00fatsins og hin andlega ath\u00f6fn blessunarins.<\/p>\t\t\t\t\t\t\t\t<\/div>\n\t\t\t\t<\/div>\n\t\t\t\t\t<\/div>\n\t\t\t\t<\/div>\n\t\t<div class=\"elementor-element elementor-element-iwgs-schutzknoten-lit e-flex e-con-boxed e-con e-parent\" data-id=\"iwgs-schutzknoten-lit\" data-element_type=\"container\" data-e-type=\"container\">\n\t\t\t\t\t<div class=\"e-con-inner\">\n\t\t\t\t<div class=\"elementor-element elementor-element-iwgs-schutzknoten-lith elementor-widget elementor-widget-heading\" data-id=\"iwgs-schutzknoten-lith\" data-element_type=\"widget\" data-e-type=\"widget\" data-widget_type=\"heading.default\">\n\t\t\t\t\t<h2 class=\"elementor-heading-title elementor-size-default\">Heimildir (\u00farval)<\/h2>\t\t\t\t<\/div>\n\t\t<div class=\"elementor-element elementor-element-iwgs-schutzknoten-litbox e-con-full e-flex e-con e-parent\" data-id=\"iwgs-schutzknoten-litbox\" data-element_type=\"container\" data-e-type=\"container\">\n\t\t\t\t<div class=\"elementor-element elementor-element-iwgs-schutzknoten-litt elementor-widget elementor-widget-html\" data-id=\"iwgs-schutzknoten-litt\" data-element_type=\"widget\" data-e-type=\"widget\" data-widget_type=\"html.default\">\n\t\t\t\t\t<footer data-nosnippet=\"true\"><ul><li>Robert Beer: <em>Die Symbole des tibetischen Buddhismus<\/em> (2003)<\/li><li>Giuseppe Tucci: <em>Die Religionen Tibets<\/em> (1970)<\/li><li>Detlef Ingo Lauf: <em>Geheimlehren tibetischer Malereien<\/em> (1979)<\/li><li>Loden Sherap Dagyab: <em>Buddhist Symbols in Tibetan Culture<\/em> (1995)<\/li><li>Ren\u00e9 de Nebesky-Wojkowitz: <em>Oracles and Demons of Tibet<\/em> (1956)<\/li><\/ul><\/footer>\t\t\t\t<\/div>\n\t\t\t\t<\/div>\n\t\t\t\t\t<\/div>\n\t\t\t\t<\/div>\n\t\t<div class=\"elementor-element elementor-element-iwgs-schutzknoten-kwd e-flex e-con-boxed e-con e-parent\" data-id=\"iwgs-schutzknoten-kwd\" data-element_type=\"container\" data-e-type=\"container\">\n\t\t\t\t\t<div class=\"e-con-inner\">\n\t\t\t\t<div class=\"elementor-element elementor-element-iwgs-schutzknoten-kwdt elementor-widget elementor-widget-text-editor\" data-id=\"iwgs-schutzknoten-kwdt\" data-element_type=\"widget\" data-e-type=\"widget\" data-widget_type=\"text-editor.default\">\n\t\t\t\t\t\t\t\t\t<p><em>Tengd lykilor\u00f0: Schutzknoten Srung-mdud blessu\u00f0 sn\u00fara lama T\u00edbet t\u00edbetskur b\u00faddismi <span class=\"iwg-fachbegriff\" data-tooltip=\"\u00d3sk um heill og verndun, oft \u00ed fastri m\u00e1lformi.\" tabindex=\"0\">blessun<\/span> hn\u00fatur.<\/em><\/p>\t\t\t\t\t\t\t\t<\/div>\n\t\t\t\t\t<\/div>\n\t\t\t\t<\/div>\n\t\t<div class=\"elementor-element elementor-element-iwgs-schutzknoten-cc e-flex e-con-boxed e-con e-parent\" data-id=\"iwgs-schutzknoten-cc\" data-element_type=\"container\" data-e-type=\"container\" id=\"iwg-cc-schutzknoten\">\n\t\t\t\t\t<div class=\"e-con-inner\">\n\t\t<div class=\"elementor-element elementor-element-iwgs-schutzknoten-ccinner e-flex e-con-boxed e-con e-parent\" data-id=\"iwgs-schutzknoten-ccinner\" data-element_type=\"container\" data-e-type=\"container\" data-settings=\"{&quot;background_background&quot;:&quot;classic&quot;}\">\n\t\t\t\t\t<div class=\"e-con-inner\">\n\t\t\t\t<div class=\"elementor-element elementor-element-iwgs-schutzknoten-cch elementor-widget elementor-widget-heading\" data-id=\"iwgs-schutzknoten-cch\" data-element_type=\"widget\" data-e-type=\"widget\" data-widget_type=\"heading.default\">\n\t\t\t\t\t<h2 class=\"elementor-heading-title elementor-size-default\">iWell Guard og verndarhef\u00f0ir<\/h2>\t\t\t\t<\/div>\n\t\t\t\t<div class=\"elementor-element elementor-element-iwgs-schutzknoten-cct elementor-widget elementor-widget-text-editor\" data-id=\"iwgs-schutzknoten-cct\" data-element_type=\"widget\" data-e-type=\"widget\" data-widget_type=\"text-editor.default\">\n\t\t\t\t\t\t\t\t\t<p>iWell Guard tilheyrir menningars\u00f6gulegri hef\u00f0 fars\u00edma verndargripa, sem schutzknoten (verndarhn\u00faturinn) er einnig hluti af. N\u00fat\u00edmalegur f\u00f6runautur fyrir f\u00f3lk sem lifir me\u00f0 verndart\u00e1knum: framleiddur \u00ed \u00de\u00fdskalandi, 41 lag af ekta gulli, plat\u00ednu og silfri, me\u00f0 30 daga skilar\u00e9tti.<\/p>\t\t\t\t\t\t\t\t<\/div>\n\t\t\t\t<div class=\"elementor-element elementor-element-iwgs-schutzknoten-ccb iwg-cc-button iwg-cc-cta-2026-05-13 elementor-widget elementor-widget-jet-button\" data-id=\"iwgs-schutzknoten-ccb\" data-element_type=\"widget\" data-e-type=\"widget\" data-widget_type=\"jet-button.default\">\n\t\t\t\t<div class=\"elementor-widget-container\">\n\t\t\t\t\t<div class=\"elementor-jet-button jet-elements\"><div class=\"jet-button__container\"><a class=\"jet-button__instance jet-button__instance--icon-left hover-effect-1\" href=\"\/schutzanhaenger-iwell-guard-kaufen\/?utm_source=iwell-guard.com&amp;utm_medium=info-box&amp;utm_campaign=schutzsymbole\"><div class=\"jet-button__plane jet-button__plane-normal\"><\/div><div class=\"jet-button__plane jet-button__plane-hover\"><\/div><div class=\"jet-button__state jet-button__state-normal\"><span class=\"jet-button__label\">Meira um iWell Guard<\/span><\/div><div class=\"jet-button__state jet-button__state-hover\"><span class=\"jet-button__label\">Meira um iWell Guard<\/span><\/div><\/a><\/div><\/div><style>.elementor-element.elementor-element-iwgs-schutzknoten-ccb .jet-button__instance{width:320px;height:56px;}.elementor-element.elementor-element-iwgs-schutzknoten-ccb .jet-button__state-normal .jet-button__label{text-align:center;margin:0px 0px 0px 0px;color:#1a1b20;font-family:Montserrat,sans-serif;font-size:13px;font-weight:400;letter-spacing:4px;line-height:1.714em;text-transform:uppercase;}.elementor-element.elementor-element-iwgs-schutzknoten-ccb .jet-button__state-hover .jet-button__label{text-align:center;margin:0px 0px 0px 0px;color:#FECC76;font-family:Montserrat,sans-serif;font-size:13px;font-weight:400;letter-spacing:4px;line-height:1.714em;text-transform:uppercase;}.elementor-element.elementor-element-iwgs-schutzknoten-ccb .jet-button__plane-normal{background-color:#FECC76;border-style:solid;border-color:#C99540;border-width:2px 2px 2px 2px;}.elementor-element.elementor-element-iwgs-schutzknoten-ccb .jet-button__plane-hover{background-color:rgba(0,0,0,0.55);border-style:solid;border-color:#FECC76;border-width:2px 2px 2px 2px;}<\/style>\t\t\t\t<\/div>\n\t\t\t\t<\/div>\n\t\t\t\t<div class=\"elementor-element elementor-element-iwgs-schutzknoten-ccd elementor-widget elementor-widget-text-editor\" data-id=\"iwgs-schutzknoten-ccd\" data-element_type=\"widget\" data-e-type=\"widget\" data-widget_type=\"text-editor.default\">\n\t\t\t\t\t\t\t\t\t<p style=\"text-align:center;font-size:13px;opacity:0.7;margin-top:14px\" data-nosnippet=\"true\">Pers\u00f3nuleg reynsla getur veri\u00f0 mismunandi. Ekki l\u00e6kningat\u00e6ki. Engin lofor\u00f0 um l\u00e6kningu.<\/p>\t\t\t\t\t\t\t\t<\/div>\n\t\t\t\t\t<\/div>\n\t\t\t\t<\/div>\n\t\t\t\t\t<\/div>\n\t\t\t\t<\/div>\n\t\t<div class=\"elementor-element elementor-element-iwgs-schutzknoten-disc e-flex e-con-boxed e-con e-parent\" data-id=\"iwgs-schutzknoten-disc\" data-element_type=\"container\" data-e-type=\"container\">\n\t\t\t\t\t<div class=\"e-con-inner\">\n\t\t\t\t<div class=\"elementor-element elementor-element-iwgs-schutzknoten-discw elementor-widget elementor-widget-html\" data-id=\"iwgs-schutzknoten-discw\" data-element_type=\"widget\" data-e-type=\"widget\" data-widget_type=\"html.default\">\n\t\t\t\t\t<footer data-nosnippet=\"true\" class=\"iwg-disclaimer-block\"><p data-nosnippet=\"true\">iWell Guard er <strong>ekki l\u00e6kningat\u00e6ki<\/strong> og kemur ekki \u00ed sta\u00f0 l\u00e6knis- e\u00f0a s\u00e1lfr\u00e6\u00f0ime\u00f0fer\u00f0ar. Innihaldi\u00f0 sem h\u00e9r er sett fram er tr\u00faarbrag\u00f0afr\u00e6\u00f0ileg og menningars\u00f6gulega greining, ekki lofor\u00f0 um andlega virkni.<\/p><\/footer>\t\t\t\t<\/div>\n\t\t\t\t\t<\/div>\n\t\t\t\t<\/div>\n\t\t\t\t<\/div>\n\t\t","protected":false},"excerpt":{"rendered":"","protected":false},"author":3,"featured_media":3531,"parent":0,"menu_order":0,"comment_status":"closed","ping_status":"closed","template":"elementor_header_footer","meta":{"_yoast_wpseo_focuskw":"Verndarhn\u00fatur","_yoast_wpseo_title":"Schutzknoten \u2013 blessu\u00f0 sn\u00fara T\u00edbets","_yoast_wpseo_metadesc":"T\u00edbeski verndarhn\u00faturinn er hn\u00fdtt sn\u00fara, blessu\u00f0 af lama. Uppruni og merking \u00fatsk\u00fdr\u00f0 \u00e1 einfaldan h\u00e1tt.","_yoast_wpseo_meta-robots-noindex":"","_yoast_wpseo_canonical":"","_angie_page":false,"gefaehrdungsstufe":"","wesen_kultur":"","wesen_klasse":"","footnotes":""},"categories":[],"class_list":["post-169228","page","type-page","status-publish","has-post-thumbnail","hentry"],"yoast_head":"<!-- This site is optimized with the Yoast SEO Premium plugin v27.7 (Yoast SEO v28.3) - https:\/\/yoast.com\/product\/yoast-seo-premium-wordpress\/ -->\n<title>Schutzknoten \u2013 blessu\u00f0 sn\u00fara T\u00edbets<\/title>\n<meta name=\"description\" content=\"T\u00edbeski verndarhn\u00faturinn er hn\u00fdtt sn\u00fara, blessu\u00f0 af lama. Uppruni og merking \u00fatsk\u00fdr\u00f0 \u00e1 einfaldan h\u00e1tt.\" \/>\n<meta name=\"robots\" content=\"index, follow, max-snippet:-1, max-image-preview:large, max-video-preview:-1\" \/>\n<link rel=\"canonical\" href=\"https:\/\/iwell-guard.com\/is\/schutzknoten-blessud-snura-tibets\/\" \/>\n<meta property=\"og:locale\" content=\"is_IS\" \/>\n<meta property=\"og:type\" content=\"article\" \/>\n<meta property=\"og:title\" content=\"Schutzknoten \u2013 blessu\u00f0 sn\u00fara T\u00edbets\" \/>\n<meta property=\"og:description\" content=\"T\u00edbeski verndarhn\u00faturinn er hn\u00fdtt sn\u00fara, blessu\u00f0 af lama. Uppruni og merking \u00fatsk\u00fdr\u00f0 \u00e1 einfaldan h\u00e1tt.\" \/>\n<meta property=\"og:url\" content=\"https:\/\/iwell-guard.com\/is\/schutzknoten-blessud-snura-tibets\/\" \/>\n<meta property=\"og:site_name\" content=\"iWell Guard\" \/>\n<meta property=\"article:modified_time\" content=\"2026-09-05T14:35:32+00:00\" \/>\n<meta property=\"og:image\" content=\"https:\/\/iwell-guard.com\/wp-content\/uploads\/2026\/05\/schutzsymbol_tibet_schutzknoten.webp\" \/>\n\t<meta property=\"og:image:width\" content=\"1024\" \/>\n\t<meta property=\"og:image:height\" content=\"1536\" \/>\n\t<meta property=\"og:image:type\" content=\"image\/webp\" \/>\n<meta name=\"twitter:card\" content=\"summary_large_image\" \/>\n<script type=\"application\/ld+json\" class=\"yoast-schema-graph\">{\"@context\":\"https:\\\/\\\/schema.org\",\"@graph\":[{\"@type\":\"WebPage\",\"@id\":\"https:\\\/\\\/iwell-guard.com\\\/is\\\/schutzknoten-blessud-snura-tibets\\\/\",\"url\":\"https:\\\/\\\/iwell-guard.com\\\/is\\\/schutzknoten-blessud-snura-tibets\\\/\",\"name\":\"Schutzknoten \u2013 blessu\u00f0 sn\u00fara T\u00edbets\",\"isPartOf\":{\"@id\":\"https:\\\/\\\/iwell-guard.com\\\/is\\\/#website\"},\"primaryImageOfPage\":{\"@id\":\"https:\\\/\\\/iwell-guard.com\\\/is\\\/schutzknoten-blessud-snura-tibets\\\/#primaryimage\"},\"image\":{\"@id\":\"https:\\\/\\\/iwell-guard.com\\\/is\\\/schutzknoten-blessud-snura-tibets\\\/#primaryimage\"},\"thumbnailUrl\":\"https:\\\/\\\/iwell-guard.com\\\/wp-content\\\/uploads\\\/2026\\\/05\\\/schutzsymbol_tibet_schutzknoten.webp\",\"datePublished\":\"2026-09-05T14:06:40+00:00\",\"dateModified\":\"2026-09-05T14:35:32+00:00\",\"description\":\"T\u00edbeski verndarhn\u00faturinn er hn\u00fdtt sn\u00fara, blessu\u00f0 af lama. Uppruni og merking \u00fatsk\u00fdr\u00f0 \u00e1 einfaldan h\u00e1tt.\",\"breadcrumb\":{\"@id\":\"https:\\\/\\\/iwell-guard.com\\\/is\\\/schutzknoten-blessud-snura-tibets\\\/#breadcrumb\"},\"inLanguage\":\"is\",\"potentialAction\":[{\"@type\":\"ReadAction\",\"target\":[\"https:\\\/\\\/iwell-guard.com\\\/is\\\/schutzknoten-blessud-snura-tibets\\\/\"]}]},{\"@type\":\"ImageObject\",\"inLanguage\":\"is\",\"@id\":\"https:\\\/\\\/iwell-guard.com\\\/is\\\/schutzknoten-blessud-snura-tibets\\\/#primaryimage\",\"url\":\"https:\\\/\\\/iwell-guard.com\\\/wp-content\\\/uploads\\\/2026\\\/05\\\/schutzsymbol_tibet_schutzknoten.webp\",\"contentUrl\":\"https:\\\/\\\/iwell-guard.com\\\/wp-content\\\/uploads\\\/2026\\\/05\\\/schutzsymbol_tibet_schutzknoten.webp\",\"width\":1024,\"height\":1536,\"caption\":\"Verndart\u00e1kn. Myndskreyting \u00ed safnst\u00edl.\"},{\"@type\":\"BreadcrumbList\",\"@id\":\"https:\\\/\\\/iwell-guard.com\\\/is\\\/schutzknoten-blessud-snura-tibets\\\/#breadcrumb\",\"itemListElement\":[{\"@type\":\"ListItem\",\"position\":1,\"name\":\"Start\",\"item\":\"https:\\\/\\\/iwell-guard.com\\\/is\\\/?page_id=168580\"},{\"@type\":\"ListItem\",\"position\":2,\"name\":\"Schutzknoten \u2013 blessu\u00f0 sn\u00fara T\u00edbets\"}]},{\"@type\":\"WebSite\",\"@id\":\"https:\\\/\\\/iwell-guard.com\\\/is\\\/#website\",\"url\":\"https:\\\/\\\/iwell-guard.com\\\/is\\\/\",\"name\":\"iWell Guard\",\"description\":\"Schutz vor dunklen Einfl\u00fcssen\",\"publisher\":{\"@id\":\"https:\\\/\\\/iwell-guard.com\\\/is\\\/#organization\"},\"potentialAction\":[{\"@type\":\"SearchAction\",\"target\":{\"@type\":\"EntryPoint\",\"urlTemplate\":\"https:\\\/\\\/iwell-guard.com\\\/is\\\/?s={search_term_string}\"},\"query-input\":{\"@type\":\"PropertyValueSpecification\",\"valueRequired\":true,\"valueName\":\"search_term_string\"}}],\"inLanguage\":\"is\"},{\"@type\":\"Organization\",\"@id\":\"https:\\\/\\\/iwell-guard.com\\\/is\\\/#organization\",\"name\":\"Ittermann electronic GmbH\",\"url\":\"https:\\\/\\\/iwell-guard.com\\\/is\\\/\",\"logo\":{\"@type\":\"ImageObject\",\"inLanguage\":\"is\",\"@id\":\"https:\\\/\\\/iwell-guard.com\\\/is\\\/#\\\/schema\\\/logo\\\/image\\\/\",\"url\":\"https:\\\/\\\/iwell-guard.com\\\/wp-content\\\/uploads\\\/2026\\\/05\\\/Ittermann-Logo-1182x237-1.png\",\"contentUrl\":\"https:\\\/\\\/iwell-guard.com\\\/wp-content\\\/uploads\\\/2026\\\/05\\\/Ittermann-Logo-1182x237-1.png\",\"width\":1182,\"height\":237,\"caption\":\"Ittermann electronic GmbH\"},\"image\":{\"@id\":\"https:\\\/\\\/iwell-guard.com\\\/is\\\/#\\\/schema\\\/logo\\\/image\\\/\"},\"sameAs\":[\"https:\\\/\\\/pantip.com\\\/profile\\\/9367242\",\"https:\\\/\\\/micro.blog\\\/iwellguard\",\"https:\\\/\\\/www.diggerslist.com\\\/iwellguard\\\/about\",\"https:\\\/\\\/skitterphoto.com\\\/photographers\\\/2870314\\\/iwell-guard\",\"https:\\\/\\\/iwellguard.wordpress.com\\\/2026\\\/06\\\/06\\\/iwell-guard\\\/\",\"https:\\\/\\\/hub.docker.com\\\/u\\\/iwellguard\",\"https:\\\/\\\/www.pinterest.com\\\/iwellguard\\\/\",\"https:\\\/\\\/bit.ly\\\/m\\\/iwellguard\",\"https:\\\/\\\/entre-vos-mains.alsace.eu\\\/profiles\\\/iwellguard\\\/activity\",\"https:\\\/\\\/gravatar.com\\\/reallybeded8fd34\",\"https:\\\/\\\/naijamatta.com\\\/iwellguard\",\"https:\\\/\\\/www.goodreads.com\\\/iwellguard\",\"https:\\\/\\\/profile.hatena.ne.jp\\\/iwellguard\\\/\",\"https:\\\/\\\/experiment.com\\\/users\\\/iwellguard\",\"https:\\\/\\\/wakelet.com\\\/@iWellGuard82270\",\"https:\\\/\\\/www.chordie.com\\\/forum\\\/profile.php?id=2555664\",\"https:\\\/\\\/www.instapaper.com\\\/p\\\/17757966\",\"https:\\\/\\\/www.mapleprimes.com\\\/users\\\/iwellguard\",\"https:\\\/\\\/businesslistingplus.com\\\/profile\\\/iwell-guard\\\/\",\"https:\\\/\\\/telegra.ph\\\/iWell-Guard-06-06\",\"https:\\\/\\\/pbase.com\\\/iwellguard\\\/iwellguard\",\"https:\\\/\\\/b.hatena.ne.jp\\\/iwellguard\\\/20260607#bookmark-4788405196491818882\",\"https:\\\/\\\/fliphtml5.com\\\/home\\\/iwellguard\",\"https:\\\/\\\/anyflip.com\\\/homepage\\\/cmiwl#About\",\"https:\\\/\\\/transfur.com\\\/Users\\\/iwellguard\",\"http:\\\/\\\/delphi.larsbo.org\\\/user\\\/iwellguard\",\"https:\\\/\\\/jobs.lajobsportal.org\\\/profiles\\\/8380803-iwell-guard\",\"https:\\\/\\\/md.chaosdorf.de\\\/s\\\/jfbe5SBdJD\",\"https:\\\/\\\/www.lingvolive.com\\\/en-us\\\/profile\\\/9ecaeaca-ce11-4e51-9e71-01d55e2bff36\\\/translations\",\"https:\\\/\\\/www.fitday.com\\\/fitness\\\/forums\\\/members\\\/iwellguard.html\",\"https:\\\/\\\/www.mymeetbook.com\\\/iwellguard\",\"https:\\\/\\\/pxhere.com\\\/en\\\/photographer-me\\\/5040798\",\"https:\\\/\\\/disqus.com\\\/by\\\/iwellguard\\\/about\\\/\",\"https:\\\/\\\/pastelink.net\\\/hjwciqwq\",\"https:\\\/\\\/pubhtml5.com\\\/homepage\\\/scjhn\\\/\",\"https:\\\/\\\/www.bitchute.com\\\/channel\\\/2O2eOKzNqujT\",\"https:\\\/\\\/audiomack.com\\\/iwellguard\"]}]}<\/script>\n<!-- \/ Yoast SEO Premium plugin. -->","yoast_head_json":{"title":"Schutzknoten \u2013 blessu\u00f0 sn\u00fara T\u00edbets","description":"T\u00edbeski verndarhn\u00faturinn er hn\u00fdtt sn\u00fara, blessu\u00f0 af lama. Uppruni og merking \u00fatsk\u00fdr\u00f0 \u00e1 einfaldan h\u00e1tt.","robots":{"index":"index","follow":"follow","max-snippet":"max-snippet:-1","max-image-preview":"max-image-preview:large","max-video-preview":"max-video-preview:-1"},"canonical":"https:\/\/iwell-guard.com\/is\/schutzknoten-blessud-snura-tibets\/","og_locale":"is_IS","og_type":"article","og_title":"Schutzknoten \u2013 blessu\u00f0 sn\u00fara T\u00edbets","og_description":"T\u00edbeski verndarhn\u00faturinn er hn\u00fdtt sn\u00fara, blessu\u00f0 af lama. Uppruni og merking \u00fatsk\u00fdr\u00f0 \u00e1 einfaldan h\u00e1tt.","og_url":"https:\/\/iwell-guard.com\/is\/schutzknoten-blessud-snura-tibets\/","og_site_name":"iWell Guard","article_modified_time":"2026-09-05T14:35:32+00:00","og_image":[{"width":1024,"height":1536,"url":"https:\/\/iwell-guard.com\/wp-content\/uploads\/2026\/05\/schutzsymbol_tibet_schutzknoten.webp","type":"image\/webp"}],"twitter_card":"summary_large_image","schema":{"@context":"https:\/\/schema.org","@graph":[{"@type":"WebPage","@id":"https:\/\/iwell-guard.com\/is\/schutzknoten-blessud-snura-tibets\/","url":"https:\/\/iwell-guard.com\/is\/schutzknoten-blessud-snura-tibets\/","name":"Schutzknoten \u2013 blessu\u00f0 sn\u00fara T\u00edbets","isPartOf":{"@id":"https:\/\/iwell-guard.com\/is\/#website"},"primaryImageOfPage":{"@id":"https:\/\/iwell-guard.com\/is\/schutzknoten-blessud-snura-tibets\/#primaryimage"},"image":{"@id":"https:\/\/iwell-guard.com\/is\/schutzknoten-blessud-snura-tibets\/#primaryimage"},"thumbnailUrl":"https:\/\/iwell-guard.com\/wp-content\/uploads\/2026\/05\/schutzsymbol_tibet_schutzknoten.webp","datePublished":"2026-09-05T14:06:40+00:00","dateModified":"2026-09-05T14:35:32+00:00","description":"T\u00edbeski verndarhn\u00faturinn er hn\u00fdtt sn\u00fara, blessu\u00f0 af lama. Uppruni og merking \u00fatsk\u00fdr\u00f0 \u00e1 einfaldan h\u00e1tt.","breadcrumb":{"@id":"https:\/\/iwell-guard.com\/is\/schutzknoten-blessud-snura-tibets\/#breadcrumb"},"inLanguage":"is","potentialAction":[{"@type":"ReadAction","target":["https:\/\/iwell-guard.com\/is\/schutzknoten-blessud-snura-tibets\/"]}]},{"@type":"ImageObject","inLanguage":"is","@id":"https:\/\/iwell-guard.com\/is\/schutzknoten-blessud-snura-tibets\/#primaryimage","url":"https:\/\/iwell-guard.com\/wp-content\/uploads\/2026\/05\/schutzsymbol_tibet_schutzknoten.webp","contentUrl":"https:\/\/iwell-guard.com\/wp-content\/uploads\/2026\/05\/schutzsymbol_tibet_schutzknoten.webp","width":1024,"height":1536,"caption":"Verndart\u00e1kn. Myndskreyting \u00ed safnst\u00edl."},{"@type":"BreadcrumbList","@id":"https:\/\/iwell-guard.com\/is\/schutzknoten-blessud-snura-tibets\/#breadcrumb","itemListElement":[{"@type":"ListItem","position":1,"name":"Start","item":"https:\/\/iwell-guard.com\/is\/?page_id=168580"},{"@type":"ListItem","position":2,"name":"Schutzknoten \u2013 blessu\u00f0 sn\u00fara T\u00edbets"}]},{"@type":"WebSite","@id":"https:\/\/iwell-guard.com\/is\/#website","url":"https:\/\/iwell-guard.com\/is\/","name":"iWell Guard","description":"Schutz vor dunklen Einfl\u00fcssen","publisher":{"@id":"https:\/\/iwell-guard.com\/is\/#organization"},"potentialAction":[{"@type":"SearchAction","target":{"@type":"EntryPoint","urlTemplate":"https:\/\/iwell-guard.com\/is\/?s={search_term_string}"},"query-input":{"@type":"PropertyValueSpecification","valueRequired":true,"valueName":"search_term_string"}}],"inLanguage":"is"},{"@type":"Organization","@id":"https:\/\/iwell-guard.com\/is\/#organization","name":"Ittermann electronic GmbH","url":"https:\/\/iwell-guard.com\/is\/","logo":{"@type":"ImageObject","inLanguage":"is","@id":"https:\/\/iwell-guard.com\/is\/#\/schema\/logo\/image\/","url":"https:\/\/iwell-guard.com\/wp-content\/uploads\/2026\/05\/Ittermann-Logo-1182x237-1.png","contentUrl":"https:\/\/iwell-guard.com\/wp-content\/uploads\/2026\/05\/Ittermann-Logo-1182x237-1.png","width":1182,"height":237,"caption":"Ittermann electronic GmbH"},"image":{"@id":"https:\/\/iwell-guard.com\/is\/#\/schema\/logo\/image\/"},"sameAs":["https:\/\/pantip.com\/profile\/9367242","https:\/\/micro.blog\/iwellguard","https:\/\/www.diggerslist.com\/iwellguard\/about","https:\/\/skitterphoto.com\/photographers\/2870314\/iwell-guard","https:\/\/iwellguard.wordpress.com\/2026\/06\/06\/iwell-guard\/","https:\/\/hub.docker.com\/u\/iwellguard","https:\/\/www.pinterest.com\/iwellguard\/","https:\/\/bit.ly\/m\/iwellguard","https:\/\/entre-vos-mains.alsace.eu\/profiles\/iwellguard\/activity","https:\/\/gravatar.com\/reallybeded8fd34","https:\/\/naijamatta.com\/iwellguard","https:\/\/www.goodreads.com\/iwellguard","https:\/\/profile.hatena.ne.jp\/iwellguard\/","https:\/\/experiment.com\/users\/iwellguard","https:\/\/wakelet.com\/@iWellGuard82270","https:\/\/www.chordie.com\/forum\/profile.php?id=2555664","https:\/\/www.instapaper.com\/p\/17757966","https:\/\/www.mapleprimes.com\/users\/iwellguard","https:\/\/businesslistingplus.com\/profile\/iwell-guard\/","https:\/\/telegra.ph\/iWell-Guard-06-06","https:\/\/pbase.com\/iwellguard\/iwellguard","https:\/\/b.hatena.ne.jp\/iwellguard\/20260607#bookmark-4788405196491818882","https:\/\/fliphtml5.com\/home\/iwellguard","https:\/\/anyflip.com\/homepage\/cmiwl#About","https:\/\/transfur.com\/Users\/iwellguard","http:\/\/delphi.larsbo.org\/user\/iwellguard","https:\/\/jobs.lajobsportal.org\/profiles\/8380803-iwell-guard","https:\/\/md.chaosdorf.de\/s\/jfbe5SBdJD","https:\/\/www.lingvolive.com\/en-us\/profile\/9ecaeaca-ce11-4e51-9e71-01d55e2bff36\/translations","https:\/\/www.fitday.com\/fitness\/forums\/members\/iwellguard.html","https:\/\/www.mymeetbook.com\/iwellguard","https:\/\/pxhere.com\/en\/photographer-me\/5040798","https:\/\/disqus.com\/by\/iwellguard\/about\/","https:\/\/pastelink.net\/hjwciqwq","https:\/\/pubhtml5.com\/homepage\/scjhn\/","https:\/\/www.bitchute.com\/channel\/2O2eOKzNqujT","https:\/\/audiomack.com\/iwellguard"]}]}},"_links":{"self":[{"href":"https:\/\/iwell-guard.com\/is\/wp-json\/wp\/v2\/pages\/169228","targetHints":{"allow":["GET"]}}],"collection":[{"href":"https:\/\/iwell-guard.com\/is\/wp-json\/wp\/v2\/pages"}],"about":[{"href":"https:\/\/iwell-guard.com\/is\/wp-json\/wp\/v2\/types\/page"}],"author":[{"embeddable":true,"href":"https:\/\/iwell-guard.com\/is\/wp-json\/wp\/v2\/users\/3"}],"replies":[{"embeddable":true,"href":"https:\/\/iwell-guard.com\/is\/wp-json\/wp\/v2\/comments?post=169228"}],"version-history":[{"count":0,"href":"https:\/\/iwell-guard.com\/is\/wp-json\/wp\/v2\/pages\/169228\/revisions"}],"wp:featuredmedia":[{"embeddable":true,"href":"https:\/\/iwell-guard.com\/is\/wp-json\/wp\/v2\/media\/3531"}],"wp:attachment":[{"href":"https:\/\/iwell-guard.com\/is\/wp-json\/wp\/v2\/media?parent=169228"}],"wp:term":[{"taxonomy":"category","embeddable":true,"href":"https:\/\/iwell-guard.com\/is\/wp-json\/wp\/v2\/categories?post=169228"}],"curies":[{"name":"wp","href":"https:\/\/api.w.org\/{rel}","templated":true}]}}