{"id":169225,"date":"2026-09-05T14:06:38","date_gmt":"2026-09-05T14:06:38","guid":{"rendered":"https:\/\/iwell-guard.com\/?page_id=169225"},"modified":"2026-09-05T14:35:27","modified_gmt":"2026-09-05T14:35:27","slug":"mala-buddhisk-benakedja-108-perlur","status":"publish","type":"page","link":"https:\/\/iwell-guard.com\/is\/mala-buddhisk-benakedja-108-perlur\/","title":{"rendered":"Mala \u2013 b\u00faddh\u00edsk b\u00e6nake\u00f0ja \u00far 108 perlum"},"content":{"rendered":"\t\t<div data-elementor-type=\"wp-page\" data-elementor-id=\"169225\" class=\"elementor elementor-169225 elementor-3717 elementor-bc-flex-widget\" data-elementor-post-type=\"page\">\n\t\t\t\t<div class=\"elementor-element elementor-element-iwgs-mala-hero e-flex e-con-boxed e-con e-parent\" data-id=\"iwgs-mala-hero\" data-element_type=\"container\" data-e-type=\"container\">\n\t\t\t\t\t<div class=\"e-con-inner\">\n\t\t<div class=\"elementor-element elementor-element-iwgs-mala-hl e-flex e-con-boxed e-con e-parent\" data-id=\"iwgs-mala-hl\" data-element_type=\"container\" data-e-type=\"container\">\n\t\t\t\t\t<div class=\"e-con-inner\">\n\t\t<div class=\"elementor-element elementor-element-iwgs-mala-hlbox e-con-full e-flex e-con e-parent\" data-id=\"iwgs-mala-hlbox\" data-element_type=\"container\" data-e-type=\"container\">\n\t\t\t\t<div class=\"elementor-element elementor-element-iwgs-mala-h1 elementor-widget elementor-widget-heading\" data-id=\"iwgs-mala-h1\" data-element_type=\"widget\" data-e-type=\"widget\" data-widget_type=\"heading.default\">\n\t\t\t\t\t<h1 class=\"elementor-heading-title elementor-size-default\">Mala \u2013 b\u00e6nake\u00f0ja b\u00faddismans fyrir upprifjun<\/h1>\t\t\t\t<\/div>\n\t\t\t\t<div class=\"elementor-element elementor-element-iwgs-mala-lead elementor-widget elementor-widget-text-editor\" data-id=\"iwgs-mala-lead\" data-element_type=\"widget\" data-e-type=\"widget\" data-widget_type=\"text-editor.default\">\n\t\t\t\t\t\t\t\t\t<p>Mala er heiti\u00f0 \u00e1 b\u00fadd\u00edsku b\u00e6nake\u00f0junni. \u00cd algengustu ger\u00f0 sinni samanstendur h\u00fan af 108 perlum. H\u00fan er notu\u00f0 til a\u00f0 telja vi\u00f0 upprifjun mantra og er jafnframt merki um andlega einbeitingu og <span class=\"iwg-fachbegriff\" data-tooltip=\"Hin lifa\u00f0a tr\u00faarlega afsta\u00f0a og i\u00f0kun manneskju.\" tabindex=\"0\">tr\u00far\u00e6kni<\/span>.<\/p>\t\t\t\t\t\t\t\t<\/div>\n\t\t\t\t<\/div>\n\t\t\t\t<div class=\"elementor-element elementor-element-iwgs-mala-pills elementor-widget elementor-widget-html\" data-id=\"iwgs-mala-pills\" data-element_type=\"widget\" data-e-type=\"widget\" data-widget_type=\"html.default\">\n\t\t\t\t\t<div class=\"iwg-pill-row\"><span class=\"iwg-klasse-badge\" tabindex=\"0\" data-tooltip=\"Verndart\u00e1kn, verndargripur e\u00f0a verndandi hlutur.\">Verndart\u00e1kn<\/span><a href=\"https:\/\/iwell-guard.com\/is\/buddhismi\/\" class=\"iwg-kultur-badge\" tabindex=\"0\" data-tooltip=\"Verndarhef\u00f0: B\u00faddismi\">B\u00faddismi<\/a><span class=\"iwg-tradition-badge\" tabindex=\"0\" data-tooltip=\"Sn\u00fara \u00far perlum sem hj\u00e1lpar vi\u00f0 a\u00f0 telja b\u00e6nir.\">B\u00e6nake\u00f0ja<\/span><\/div>\t\t\t\t<\/div>\n\t\t\t\t\t<\/div>\n\t\t\t\t<\/div>\n\t\t<div class=\"elementor-element elementor-element-iwgs-mala-hr e-con-full e-flex e-con e-parent\" data-id=\"iwgs-mala-hr\" data-element_type=\"container\" data-e-type=\"container\">\n\t\t\t\t<div class=\"elementor-element elementor-element-iwgs-mala-himg iwg-hero-image elementor-widget elementor-widget-image\" data-id=\"iwgs-mala-himg\" data-element_type=\"widget\" data-e-type=\"widget\" data-widget_type=\"image.default\">\n\t\t\t\t\t\t\t\t\t\t\t\t\t\t\t<img fetchpriority=\"high\" decoding=\"async\" width=\"683\" height=\"1024\" src=\"https:\/\/iwell-guard.com\/wp-content\/uploads\/2026\/05\/schutzsymbol_buddhismus_mala-683x1024.webp\" class=\"attachment-large size-large wp-image-170523\" alt=\"Mala - verndart\u00e1kn, safnfr\u00e6\u00f0ileg mynd\" srcset=\"https:\/\/iwell-guard.com\/wp-content\/uploads\/2026\/05\/schutzsymbol_buddhismus_mala-683x1024.webp 683w, https:\/\/iwell-guard.com\/wp-content\/uploads\/2026\/05\/schutzsymbol_buddhismus_mala-200x300.webp 200w, https:\/\/iwell-guard.com\/wp-content\/uploads\/2026\/05\/schutzsymbol_buddhismus_mala-768x1152.webp 768w, https:\/\/iwell-guard.com\/wp-content\/uploads\/2026\/05\/schutzsymbol_buddhismus_mala.webp 1024w\" sizes=\"(max-width: 683px) 100vw, 683px\" \/>\t\t\t\t\t\t\t\t\t\t\t\t\t\t\t<\/div>\n\t\t\t\t<\/div>\n\t\t\t\t\t<\/div>\n\t\t\t\t<\/div>\n\t\t<div class=\"elementor-element elementor-element-iwgs-mala-s0 e-flex e-con-boxed e-con e-parent\" data-id=\"iwgs-mala-s0\" data-element_type=\"container\" data-e-type=\"container\">\n\t\t\t\t\t<div class=\"e-con-inner\">\n\t\t\t\t<div class=\"elementor-element elementor-element-iwgs-mala-s0h elementor-widget elementor-widget-heading\" data-id=\"iwgs-mala-s0h\" data-element_type=\"widget\" data-e-type=\"widget\" data-widget_type=\"heading.default\">\n\t\t\t\t\t<h2 class=\"elementor-heading-title elementor-size-default\">Yfirlit<\/h2>\t\t\t\t<\/div>\n\t\t<div class=\"elementor-element elementor-element-iwgs-mala-s0box e-con-full e-flex e-con e-parent\" data-id=\"iwgs-mala-s0box\" data-element_type=\"container\" data-e-type=\"container\">\n\t\t\t\t<div class=\"elementor-element elementor-element-iwgs-mala-s0t elementor-widget elementor-widget-text-editor\" data-id=\"iwgs-mala-s0t\" data-element_type=\"widget\" data-e-type=\"widget\" data-widget_type=\"text-editor.default\">\n\t\t\t\t\t\t\t\t\t<p>Mala er heiti\u00f0 \u00e1 b\u00e6nake\u00f0ju <a href=\"https:\/\/iwell-guard.com\/is\/buddhismi\/\">b\u00faddismans<\/a>. Or\u00f0i\u00f0 er \u00far sanskr\u00edt og \u00fe\u00fd\u00f0ir eitthva\u00f0 \u00e1 bor\u00f0 vi\u00f0 kranz e\u00f0a ke\u00f0ju.<\/p><p>Malan er sn\u00fara sem r\u00f6\u00f0 perla er \u00fer\u00e6dd \u00e1. \u00cd algengustu ger\u00f0 sinni er h\u00fan me\u00f0 hundra\u00f0 og \u00e1tta perlum. Auk \u00feess eru til styttri ke\u00f0jur me\u00f0 f\u00e6rri perlum.<\/p><p>Verkefni hennar er a\u00f0 telja. Vi\u00f0 upprifjun mantra og b\u00e6na er einni perlu skoti\u00f0 \u00e1fram eftir hverja endurtekningu. Malan hj\u00e1lpar i\u00f0kandanum a\u00f0 halda t\u00f6lu \u00e1 endurtekningunum.<\/p><p>Auk \u00feessa hagn\u00fdta verkefnis er malan merki um andlega i\u00f0kun og <span class=\"iwg-fachbegriff\" data-tooltip=\"Hin lifa\u00f0a tr\u00faarlega afsta\u00f0a og i\u00f0kun manneskju.\" tabindex=\"0\">tr\u00far\u00e6kni<\/span>. S\u00e1 sem ber malu gefur sig fram sem i\u00f0kanda.<\/p><p>Malan er einnig oft borin sem skartgripur og st\u00f6\u00f0ugur fylgifiskur, undin um \u00falnli\u00f0inn e\u00f0a um h\u00e1lsinn. \u00cd \u00feessari mynd fylgir h\u00fan manneskjunni gegnum daginn.<\/p><p>\u00cd <span class=\"iwg-fachbegriff\" data-tooltip=\"V\u00edsindin sem rannsaka tr\u00faarbr\u00f6g\u00f0 samanbur\u00f0arlega og \u00e1n tr\u00faarlegrar bindingar.\" tabindex=\"0\">tr\u00faarbrag\u00f0afr\u00e6\u00f0i<\/span> er malan gott d\u00e6mi um andlegan grip sem er \u00ed senn verkf\u00e6ri og t\u00e1kn. H\u00fan \u00fej\u00f3nar i\u00f0kuninni og er samt\u00edmis <span class=\"iwg-fachbegriff\" data-tooltip=\"Sk\u00fdr mynd sem t\u00e1knar hugmynd sem er annars \u00f3hlutbundin.\" tabindex=\"0\">t\u00e1knmynd<\/span> hins tr\u00far\u00e6kna l\u00edfs.<\/p>\t\t\t\t\t\t\t\t<\/div>\n\t\t\t\t<\/div>\n\t\t\t\t\t<\/div>\n\t\t\t\t<\/div>\n\t\t<div class=\"elementor-element elementor-element-iwgs-mala-s1 e-flex e-con-boxed e-con e-parent\" data-id=\"iwgs-mala-s1\" data-element_type=\"container\" data-e-type=\"container\">\n\t\t\t\t\t<div class=\"e-con-inner\">\n\t\t\t\t<div class=\"elementor-element elementor-element-iwgs-mala-s1h elementor-widget elementor-widget-heading\" data-id=\"iwgs-mala-s1h\" data-element_type=\"widget\" data-e-type=\"widget\" data-widget_type=\"heading.default\">\n\t\t\t\t\t<h2 class=\"elementor-heading-title elementor-size-default\">Uppruni og \u00fatbrei\u00f0sla b\u00e6nake\u00f0junnar<\/h2>\t\t\t\t<\/div>\n\t\t<div class=\"elementor-element elementor-element-iwgs-mala-s1box e-con-full e-flex e-con e-parent\" data-id=\"iwgs-mala-s1box\" data-element_type=\"container\" data-e-type=\"container\">\n\t\t\t\t<div class=\"elementor-element elementor-element-iwgs-mala-s1t elementor-widget elementor-widget-text-editor\" data-id=\"iwgs-mala-s1t\" data-element_type=\"widget\" data-e-type=\"widget\" data-widget_type=\"text-editor.default\">\n\t\t\t\t\t\t\t\t\t<p>B\u00e6nake\u00f0jan er ekki upprunnin \u00ed b\u00faddisma. H\u00fan var \u00feekkt \u00ed indverska heiminum \u00e1\u00f0ur en b\u00faddismi kom til og heyrir einnig til hef\u00f0ar hind\u00faasi\u00f0ar.<\/p><p>\u00cd indverskri <span class=\"iwg-fachbegriff\" data-tooltip=\"Hin lifa\u00f0a tr\u00faarlega afsta\u00f0a og i\u00f0kun manneskju.\" tabindex=\"0\">tr\u00far\u00e6kni<\/span> \u00fej\u00f3na\u00f0i ke\u00f0jan fr\u00e1 fornu fari til a\u00f0 telja vi\u00f0 endurtekningu heilagra or\u00f0a og nafna. B\u00faddismi t\u00f3k upp \u00feennan \u00fatbreidda grip.<\/p><p>Me\u00f0 \u00fatbrei\u00f0slu b\u00faddisma breiddist malan einnig \u00fat. H\u00fan barst fr\u00e1 Indlandi til T\u00edbet, til landa Austur-As\u00edu og til Su\u00f0austur-As\u00edu.<\/p><p>\u00cd hinum \u00fdmsu sv\u00e6\u00f0um og sk\u00f3lum t\u00f3k malan \u00e1 sig l\u00edtillega mismunandi mynd. Fj\u00f6ldi perlanna, efni\u00f0 og notkunin er breytileg eftir hef\u00f0.<\/p><p>Athyglisvert er a\u00f0 b\u00e6nake\u00f0jan er \u00feekkt langt \u00fat fyrir indverska og b\u00fadd\u00edska heiminn. Kristni og \u00edslam b\u00faa einnig yfir hn\u00fdttum e\u00f0a \u00fer\u00e6ddum hj\u00e1lpart\u00e6kjum til a\u00f0 telja b\u00e6nir.<\/p><p>Malan heyrir \u00feannig til h\u00f3ps b\u00e6nake\u00f0ja sem er \u00fatbreiddur um allan heim. Hugmyndin um a\u00f0 halda t\u00f6lu \u00e1 heil\u00f6gum or\u00f0um me\u00f0 \u00fer\u00e6ddum grip er \u00fatbreidd yfir m\u00f6rg tr\u00faarbr\u00f6g\u00f0.<\/p>\t\t\t\t\t\t\t\t<\/div>\n\t\t\t\t<\/div>\n\t\t\t\t\t<\/div>\n\t\t\t\t<\/div>\n\t\t<div class=\"elementor-element elementor-element-iwgs-mala-s2 e-flex e-con-boxed e-con e-parent\" data-id=\"iwgs-mala-s2\" data-element_type=\"container\" data-e-type=\"container\">\n\t\t\t\t\t<div class=\"e-con-inner\">\n\t\t\t\t<div class=\"elementor-element elementor-element-iwgs-mala-s2h elementor-widget elementor-widget-heading\" data-id=\"iwgs-mala-s2h\" data-element_type=\"widget\" data-e-type=\"widget\" data-widget_type=\"heading.default\">\n\t\t\t\t\t<h2 class=\"elementor-heading-title elementor-size-default\">Talan hundra\u00f0 og \u00e1tta perlur<\/h2>\t\t\t\t<\/div>\n\t\t<div class=\"elementor-element elementor-element-iwgs-mala-s2box e-con-full e-flex e-con e-parent\" data-id=\"iwgs-mala-s2box\" data-element_type=\"container\" data-e-type=\"container\">\n\t\t\t\t<div class=\"elementor-element elementor-element-iwgs-mala-s2t elementor-widget elementor-widget-text-editor\" data-id=\"iwgs-mala-s2t\" data-element_type=\"widget\" data-e-type=\"widget\" data-widget_type=\"text-editor.default\">\n\t\t\t\t\t\t\t\t\t<p>Algengasta malan er me\u00f0 hundra\u00f0 og \u00e1tta perlur. \u00deessi tala er ekki valin af handah\u00f3fi heldur telst mikilv\u00e6g tala \u00ed b\u00faddisma og \u00ed indverska heiminum.<\/p><p>Talan hundra\u00f0 og \u00e1tta kemur fyrir \u00e1 m\u00f6rgum st\u00f6\u00f0um \u00ed b\u00faddisma. H\u00fan er tengd \u00fdmsum upptalningum, me\u00f0al annars fj\u00f6lda fl\u00e6kna e\u00f0a hindrana sem manneskjan \u00e1 a\u00f0 yfirst\u00edga.<\/p><p>Um n\u00e1kv\u00e6man uppruna t\u00f6lunnar eru til \u00fdmsar huglei\u00f0ingar. H\u00fan er r\u00f6kstudd \u00e1 mismunandi h\u00e1tt og engin einst\u00f6k t\u00falkun telst vera hin eina r\u00e9tta.<\/p><p>\u00dea\u00f0 er \u00fe\u00f3 \u00f6ruggt a\u00f0 talan var upplifu\u00f0 sem heil og fullkomin. Ke\u00f0ja me\u00f0 hundra\u00f0 og \u00e1tta perlum tekur \u00feannig til fullrar einingar i\u00f0kunarinnar.<\/p><p>Auk fullrar malu eru til styttri ke\u00f0jur. Algengar eru \u00falnli\u00f0ske\u00f0jur me\u00f0 f\u00e6rri perlum, oft deili \u00ed hundra\u00f0 og \u00e1tta, sem eru bornar um \u00falnli\u00f0inn.<\/p><p>Fj\u00f6ldi perlanna gefur malunni \u00feannig fasta reglu. Me\u00f0 hverri fullger\u00f0ri umfer\u00f0 hefur i\u00f0kandinn n\u00e1\u00f0 \u00e1kve\u00f0num, merkingarb\u00e6rum fj\u00f6lda endurtekninga.<\/p>\t\t\t\t\t\t\t\t<\/div>\n\t\t\t\t<\/div>\n\t\t\t\t\t<\/div>\n\t\t\t\t<\/div>\n\t\t<div class=\"elementor-element elementor-element-iwgs-mala-s3 e-flex e-con-boxed e-con e-parent\" data-id=\"iwgs-mala-s3\" data-element_type=\"container\" data-e-type=\"container\">\n\t\t\t\t\t<div class=\"e-con-inner\">\n\t\t\t\t<div class=\"elementor-element elementor-element-iwgs-mala-s3h elementor-widget elementor-widget-heading\" data-id=\"iwgs-mala-s3h\" data-element_type=\"widget\" data-e-type=\"widget\" data-widget_type=\"heading.default\">\n\t\t\t\t\t<h2 class=\"elementor-heading-title elementor-size-default\">Uppbygging og efni malunnar<\/h2>\t\t\t\t<\/div>\n\t\t<div class=\"elementor-element elementor-element-iwgs-mala-s3box e-con-full e-flex e-con e-parent\" data-id=\"iwgs-mala-s3box\" data-element_type=\"container\" data-e-type=\"container\">\n\t\t\t\t<div class=\"elementor-element elementor-element-iwgs-mala-s3t elementor-widget elementor-widget-text-editor\" data-id=\"iwgs-mala-s3t\" data-element_type=\"widget\" data-e-type=\"widget\" data-widget_type=\"text-editor.default\">\n\t\t\t\t\t\t\t\t\t<p>Malan hefur skipulega uppbyggingu. Auk hinna hundra\u00f0 og \u00e1tta talnaperla hefur h\u00fan fleiri hluta sem hver hefur sitt eigi\u00f0 hlutverk.<\/p><p>\u00c1 einum sta\u00f0 ke\u00f0junnar sit st\u00e6rri e\u00f0a \u00f6\u00f0ruv\u00edsi perla, sem oft er k\u00f6llu\u00f0 meistaraperlan. H\u00fan merkir upphaf og endi umfer\u00f0arinnar og er sj\u00e1lf ekki talin me\u00f0.<\/p><p>Yfir meistaraperlunni sit oft langvaxinn endahlutur sem l\u00fdkur ke\u00f0junni. Hann er stundum tengdur vi\u00f0 r\u00edkid\u00e6mi vitundarins e\u00f0a andlega fullkomnun.<\/p><p>Sumar malur bera aukalegar talnaperlur sem eru felldar inn me\u00f0 meira millibili. \u00de\u00e6r hj\u00e1lpa vi\u00f0 a\u00f0 halda t\u00f6lu \u00e1 st\u00e6rri mengd endurtekninga e\u00f0a fj\u00f6lda fullger\u00f0ra umfer\u00f0a.<\/p><p>Fyrir perlurnar eru notu\u00f0 \u00fdmis efni. Algeng eru vi\u00f0ur, fr\u00e6 \u00e1kve\u00f0inna plantna, bein og e\u00f0alsteinar. \u00cd sumum hef\u00f0um er \u00e1kve\u00f0i\u00f0 efni s\u00e9rstaklega meti\u00f0.<\/p><p>Hin skipulega uppbygging gerir maluna a\u00f0 vandlega hugsu\u00f0um grip. Talnaperlur, meistaraperla, endahlutur og aukamerki vinna saman og gera n\u00e1kv\u00e6mt eftirfarnihald m\u00f6gulegt vi\u00f0 upprifjunina.<\/p>\t\t\t\t\t\t\t\t<\/div>\n\t\t\t\t<\/div>\n\t\t\t\t\t<\/div>\n\t\t\t\t<\/div>\n\t\t<div class=\"elementor-element elementor-element-iwgs-mala-s4 e-flex e-con-boxed e-con e-parent\" data-id=\"iwgs-mala-s4\" data-element_type=\"container\" data-e-type=\"container\">\n\t\t\t\t\t<div class=\"e-con-inner\">\n\t\t\t\t<div class=\"elementor-element elementor-element-iwgs-mala-s4h elementor-widget elementor-widget-heading\" data-id=\"iwgs-mala-s4h\" data-element_type=\"widget\" data-e-type=\"widget\" data-widget_type=\"heading.default\">\n\t\t\t\t\t<h2 class=\"elementor-heading-title elementor-size-default\">Malan \u00ed notkun<\/h2>\t\t\t\t<\/div>\n\t\t<div class=\"elementor-element elementor-element-iwgs-mala-s4box e-con-full e-flex e-con e-parent\" data-id=\"iwgs-mala-s4box\" data-element_type=\"container\" data-e-type=\"container\">\n\t\t\t\t<div class=\"elementor-element elementor-element-iwgs-mala-s4t elementor-widget elementor-widget-text-editor\" data-id=\"iwgs-mala-s4t\" data-element_type=\"widget\" data-e-type=\"widget\" data-widget_type=\"text-editor.default\">\n\t\t\t\t\t\t\t\t\t<p>Malan er notu\u00f0 vi\u00f0 upprifjun mantra og b\u00e6na. Notkun hennar fylgir \u00e1kve\u00f0inni skipan, sem er svipu\u00f0 \u00ed hef\u00f0unum en \u00f3l\u00edk \u00ed einst\u00f6kum atri\u00f0um.<\/p><p>S\u00e1 sem stundar i\u00f0kunina heldur ke\u00f0junni \u00ed hendi og byrjar \u00e1 fyrstu perlunni eftir meistaraperluna. Eftir hverja endurtekningu mantrans f\u00e6rir hann perlu \u00e1fram me\u00f0 \u00feumalfingrinum.<\/p><p>\u00deannig fer i\u00f0kandinn perlu fyrir perlu \u00ed gegnum ke\u00f0juna. \u00deegar hann kemur a\u00f0 meistaraperlunni hefur hann loki\u00f0 heilum hring af hundra\u00f0 og \u00e1tta endurtekningum.<\/p><p>Vilji i\u00f0kandinn halda \u00e1fram, sn\u00fdr hann ke\u00f0junni vi\u00f0 og byrjar n\u00fdjan hring. Meistaraperlan er \u00fe\u00e1 ekki farin yfir, heldur myndar h\u00fan alltaf hv\u00f6rfin.<\/p><p>\u00deessi handbeiting gerir i\u00f0kandanum kleift a\u00f0 einbeita s\u00e9r algj\u00f6rlega a\u00f0 <span class=\"iwg-fachbegriff\" data-tooltip=\"Heilagt or\u00f0 e\u00f0a form\u00fala sem endurteki\u00f0 er \u00ed hind\u00faisma og b\u00faddisma.\" tabindex=\"0\">mantranu<\/span>. Talningin gerist eins konar sj\u00e1lfkrafa, \u00e1n \u00feess a\u00f0 athygli s\u00e9 dregin fr\u00e1 upprifjuninni.<\/p><p>Malan er \u00feannig einbeitingart\u00e6ki. H\u00fan tekur talninguna af i\u00f0kandanum og frelsar hann til hinnar eiginlegu andlegu i\u00f0kunar, endurtekningar hins heilaga or\u00f0s.<\/p>\t\t\t\t\t\t\t\t<\/div>\n\t\t\t\t<\/div>\n\t\t\t\t\t<\/div>\n\t\t\t\t<\/div>\n\t\t<div class=\"elementor-element elementor-element-iwgs-mala-s5 e-flex e-con-boxed e-con e-parent\" data-id=\"iwgs-mala-s5\" data-element_type=\"container\" data-e-type=\"container\">\n\t\t\t\t\t<div class=\"e-con-inner\">\n\t\t\t\t<div class=\"elementor-element elementor-element-iwgs-mala-s5h elementor-widget elementor-widget-heading\" data-id=\"iwgs-mala-s5h\" data-element_type=\"widget\" data-e-type=\"widget\" data-widget_type=\"heading.default\">\n\t\t\t\t\t<h2 class=\"elementor-heading-title elementor-size-default\">Mantra, endurtekning og einbeiting<\/h2>\t\t\t\t<\/div>\n\t\t<div class=\"elementor-element elementor-element-iwgs-mala-s5box e-con-full e-flex e-con e-parent\" data-id=\"iwgs-mala-s5box\" data-element_type=\"container\" data-e-type=\"container\">\n\t\t\t\t<div class=\"elementor-element elementor-element-iwgs-mala-s5t elementor-widget elementor-widget-text-editor\" data-id=\"iwgs-mala-s5t\" data-element_type=\"widget\" data-e-type=\"widget\" data-widget_type=\"text-editor.default\">\n\t\t\t\t\t\t\t\t\t<p>Malan tengist <span class=\"iwg-fachbegriff\" data-tooltip=\"Heilagt or\u00f0 e\u00f0a form\u00fala sem endurteki\u00f0 er \u00ed hind\u00faisma og b\u00faddisma.\" tabindex=\"0\">mantranu<\/span>. \u00c1n upprifjunar mantra og b\u00e6na hef\u00f0i b\u00e6nake\u00f0jan ekkert hlutverk.<\/p><p><span class=\"iwg-fachbegriff\" data-tooltip=\"Heilagt or\u00f0 e\u00f0a form\u00fala sem endurteki\u00f0 er \u00ed hind\u00faisma og b\u00faddisma.\" tabindex=\"0\">Mantra<\/span> er heil\u00f6g form\u00fala, or\u00f0 e\u00f0a setning sem er endurteki\u00f0 \u00ed i\u00f0kuninni. \u00cd b\u00faddisma eru fj\u00f6lm\u00f6rg mantra notu\u00f0, sem tengjast einst\u00f6kum verum e\u00f0a kenningum.<\/p><p>Tilgangur endurtekningarins felst \u00ed einbeitingu hugans. Me\u00f0 \u00fev\u00ed a\u00f0 i\u00f0kandinn segir <span class=\"iwg-fachbegriff\" data-tooltip=\"Heilagt or\u00f0 e\u00f0a form\u00fala sem endurteki\u00f0 er \u00ed hind\u00faisma og b\u00faddisma.\" tabindex=\"0\">mantra\u00f0<\/span> aftur og aftur, st\u00fdrir hann <span class=\"iwg-fachbegriff\" data-tooltip=\"L\u00edkamalaus vera sem talin er hafa \u00e1hrif \u00ed heiminum.\" tabindex=\"0\">huga<\/span> s\u00ednum og losar hann fr\u00e1 \u00f3r\u00f3leika reikandans.<\/p><p>Fj\u00f6lm\u00f6rg endurtekning er h\u00e9r v\u00edsvitandi \u00e6tla\u00f0. Sumar i\u00f0kanir gera r\u00e1\u00f0 fyrir a\u00f0 <span class=\"iwg-fachbegriff\" data-tooltip=\"Heilagt or\u00f0 e\u00f0a form\u00fala sem endurteki\u00f0 er \u00ed hind\u00faisma og b\u00faddisma.\" tabindex=\"0\">mantra<\/span> s\u00e9 sagt m\u00f6rg \u00fe\u00fasund sinnum. H\u00e9r ver\u00f0ur malan \u00f3missandi hj\u00e1lpart\u00e6ki.<\/p><p>Malan lei\u00f0ir talninguna, en h\u00fan er ekki hi\u00f0 eiginlega. Hi\u00f0 eiginlega er <span class=\"iwg-fachbegriff\" data-tooltip=\"Heilagt or\u00f0 e\u00f0a form\u00fala sem endurteki\u00f0 er \u00ed hind\u00faisma og b\u00faddisma.\" tabindex=\"0\">mantra\u00f0<\/span> og andlega einbeitingin sem ver\u00f0ur til vi\u00f0 endurtekningu \u00feess.<\/p><p>Malan er \u00feannig \u00fej\u00f3nandi t\u00e6ki. H\u00fan \u00fej\u00f3nar upprifjuninni og einbeitingunni, og gildi hennar felst \u00ed \u00fev\u00ed a\u00f0 h\u00fan gerir \u00feessa andlegu i\u00f0kun m\u00f6gulega og skipulag\u00f0a.<\/p>\t\t\t\t\t\t\t\t<\/div>\n\t\t\t\t<\/div>\n\t\t\t\t\t<\/div>\n\t\t\t\t<\/div>\n\t\t<div class=\"elementor-element elementor-element-iwgs-mala-s6 e-flex e-con-boxed e-con e-parent\" data-id=\"iwgs-mala-s6\" data-element_type=\"container\" data-e-type=\"container\">\n\t\t\t\t\t<div class=\"e-con-inner\">\n\t\t\t\t<div class=\"elementor-element elementor-element-iwgs-mala-s6h elementor-widget elementor-widget-heading\" data-id=\"iwgs-mala-s6h\" data-element_type=\"widget\" data-e-type=\"widget\" data-widget_type=\"heading.default\">\n\t\t\t\t\t<h2 class=\"elementor-heading-title elementor-size-default\">Malan sem t\u00e1kn og verndargripur<\/h2>\t\t\t\t<\/div>\n\t\t<div class=\"elementor-element elementor-element-iwgs-mala-s6box e-con-full e-flex e-con e-parent\" data-id=\"iwgs-mala-s6box\" data-element_type=\"container\" data-e-type=\"container\">\n\t\t\t\t<div class=\"elementor-element elementor-element-iwgs-mala-s6t elementor-widget elementor-widget-text-editor\" data-id=\"iwgs-mala-s6t\" data-element_type=\"widget\" data-e-type=\"widget\" data-widget_type=\"text-editor.default\">\n\t\t\t\t\t\t\t\t\t<p>Umfram hlutverk sitt sem talningart\u00e6ki er malan t\u00e1kn. H\u00fan er oft borin allan daginn og gefur til kynna a\u00f0 s\u00e1 sem ber hana s\u00e9 i\u00f0kandi.<\/p><p>Malan er \u00feannig t\u00e1kn <span class=\"iwg-fachbegriff\" data-tooltip=\"Lifu\u00f0 tr\u00faarleg afsta\u00f0a og i\u00f0kun manns.\" tabindex=\"0\">tr\u00far\u00e6kni<\/span> og andlegrar i\u00f0kunar. S\u00e1 sem ber hana um \u00falnli\u00f0 e\u00f0a um h\u00e1lsinn j\u00e1tar sig til b\u00fadd\u00edskrar i\u00f0kunar.<\/p><p>Verndandi merking malans f\u00e6st fyrst og fremst af \u00fev\u00ed sem hefur gerst vi\u00f0 hana. Ke\u00f0ja sem m\u00f6rg \u00fe\u00fasund mantra hafa veri\u00f0 s\u00f6g\u00f0 vi\u00f0, er talin m\u00f3tu\u00f0 af \u00feessari i\u00f0kun.<\/p><p>\u00cd sumum hef\u00f0um eru malas auk \u00feess blessa\u00f0ar af kennara. Blessu\u00f0 mala er \u00fe\u00e1 skilin sem hlutur sem ber \u00ed s\u00e9r <span class=\"iwg-fachbegriff\" data-tooltip=\"Heilla\u00f3sk og verndaror\u00f0, oft \u00ed fastri m\u00e1lformi.\" tabindex=\"0\">blessun<\/span> i\u00f0kunarinnar og kennarans.<\/p><p>Vernd malans felst \u00feannig ekki \u00ed fr\u00e1hrindandi krafti. H\u00fan felst \u00ed minningunni um i\u00f0kunina og \u00ed tengslunum vi\u00f0 upprifjunina sem hefur veri\u00f0 framkv\u00e6md vi\u00f0 hana.<\/p><p>Malan er \u00feannig gott d\u00e6mi um hlut sem ver\u00f0ur a\u00f0 t\u00e1kni me\u00f0 notkun. \u00dar talningart\u00e6ki upprifjunarinnar ver\u00f0ur bori\u00f0 t\u00e1kn <span class=\"iwg-fachbegriff\" data-tooltip=\"Lifu\u00f0 tr\u00faarleg afsta\u00f0a og i\u00f0kun manns.\" tabindex=\"0\">tr\u00far\u00e6kni<\/span> og andlegrar einbeitingar.<\/p>\t\t\t\t\t\t\t\t<\/div>\n\t\t\t\t<\/div>\n\t\t\t\t\t<\/div>\n\t\t\t\t<\/div>\n\t\t<div class=\"elementor-element elementor-element-iwgs-mala-s7 e-flex e-con-boxed e-con e-parent\" data-id=\"iwgs-mala-s7\" data-element_type=\"container\" data-e-type=\"container\">\n\t\t\t\t\t<div class=\"e-con-inner\">\n\t\t\t\t<div class=\"elementor-element elementor-element-iwgs-mala-s7h elementor-widget elementor-widget-heading\" data-id=\"iwgs-mala-s7h\" data-element_type=\"widget\" data-e-type=\"widget\" data-widget_type=\"heading.default\">\n\t\t\t\t\t<h2 class=\"elementor-heading-title elementor-size-default\">Malan me\u00f0al b\u00e6nake\u00f0ja heimsins<\/h2>\t\t\t\t<\/div>\n\t\t<div class=\"elementor-element elementor-element-iwgs-mala-s7box e-con-full e-flex e-con e-parent\" data-id=\"iwgs-mala-s7box\" data-element_type=\"container\" data-e-type=\"container\">\n\t\t\t\t<div class=\"elementor-element elementor-element-iwgs-mala-s7t elementor-widget elementor-widget-text-editor\" data-id=\"iwgs-mala-s7t\" data-element_type=\"widget\" data-e-type=\"widget\" data-widget_type=\"text-editor.default\">\n\t\t\t\t\t\t\t\t\t<p>Malan m\u00e1 sko\u00f0a \u00ed v\u00ed\u00f0ara samhengi b\u00e6nake\u00f0ja. Sl\u00edkar ke\u00f0jur og hn\u00fdttir hj\u00e1lpargripir eru \u00feekktir \u00ed m\u00f6rgum tr\u00faarbr\u00f6g\u00f0um.<\/p><p>\u00cd hind\u00faisma, \u00fea\u00f0an sem b\u00fadd\u00edska malan er upprunnin, er b\u00e6nake\u00f0jan einnig \u00ed notkun. \u00dear \u00fej\u00f3nar h\u00fan einnig talningu vi\u00f0 endurtekningu heilagra nafna og form\u00fala.<\/p><p>Kristnin \u00feekkir r\u00f3sakransinn, hn\u00fdtta ke\u00f0ju me\u00f0 perlum sem lei\u00f0ir b\u00e6nahald \u00e1kve\u00f0innar fastar b\u00e6nara\u00f0ar. \u00cdslam \u00feekkir b\u00e6nake\u00f0juna fyrir talningu nafna Gu\u00f0s.<\/p><p>\u00d6llum \u00feessum ke\u00f0jum liggur sama grunnhugmyndin til grundvallar. Endurteki\u00f0 tal hinna heil\u00f6gu or\u00f0a er leitt me\u00f0 ra\u00f0u\u00f0u t\u00e6ki, svo a\u00f0 bi\u00f0jandinn geti einbeitt s\u00e9r a\u00f0 or\u00f0inu.<\/p><p>Munurinn felst \u00ed sm\u00e1atri\u00f0unum, \u00ed fj\u00f6lda perlna, \u00ed or\u00f0unum sem s\u00f6g\u00f0 eru og \u00ed handbeitingunni. Sameiginlegur kjarninn, hin leidda talning upprifjunarins, er hins vegar s\u00e1 sami alls sta\u00f0ar.<\/p><p>Malan er \u00feannig b\u00fadd\u00edska \u00fatg\u00e1fa af v\u00ed\u00f0t\u00e6ku t\u00e6ki sem finnst um allan heim. H\u00fan s\u00fdnir a\u00f0 hugmyndin um a\u00f0 lei\u00f0a <span class=\"iwg-fachbegriff\" data-tooltip=\"M\u00e1lleg \u00e1varp manns til gu\u00f0d\u00f3ms.\" tabindex=\"0\">b\u00e6nina<\/span> me\u00f0 ke\u00f0ju hefur veri\u00f0 skilin \u00fevert \u00e1 tr\u00faarbr\u00f6g\u00f0.<\/p>\t\t\t\t\t\t\t\t<\/div>\n\t\t\t\t<\/div>\n\t\t\t\t\t<\/div>\n\t\t\t\t<\/div>\n\t\t<div class=\"elementor-element elementor-element-iwgs-mala-s8 e-flex e-con-boxed e-con e-parent\" data-id=\"iwgs-mala-s8\" data-element_type=\"container\" data-e-type=\"container\">\n\t\t\t\t\t<div class=\"e-con-inner\">\n\t\t\t\t<div class=\"elementor-element elementor-element-iwgs-mala-s8h elementor-widget elementor-widget-heading\" data-id=\"iwgs-mala-s8h\" data-element_type=\"widget\" data-e-type=\"widget\" data-widget_type=\"heading.default\">\n\t\t\t\t\t<h2 class=\"elementor-heading-title elementor-size-default\">M\u00f3tt\u00f6kur \u00ed dag<\/h2>\t\t\t\t<\/div>\n\t\t<div class=\"elementor-element elementor-element-iwgs-mala-s8box e-con-full e-flex e-con e-parent\" data-id=\"iwgs-mala-s8box\" data-element_type=\"container\" data-e-type=\"container\">\n\t\t\t\t<div class=\"elementor-element elementor-element-iwgs-mala-s8t elementor-widget elementor-widget-text-editor\" data-id=\"iwgs-mala-s8t\" data-element_type=\"widget\" data-e-type=\"widget\" data-widget_type=\"text-editor.default\">\n\t\t\t\t\t\t\t\t\t<p>Malan er enn \u00ed dag \u00fatbreitt og lifandi t\u00e6ki \u00ed heimi b\u00faddismans. \u00cd klaustrum og \u00ed i\u00f0kun tr\u00faa\u00f0ra er h\u00fan notu\u00f0 \u00f3breytt fr\u00e1 fornu fari.<\/p><p>Munkar, nunnur og i\u00f0kandi leikmenn bera malan vi\u00f0 upprifjun b\u00e6na og \u00ed daglegu l\u00edfi. H\u00fan er kunnuglegt sj\u00f3narhorn \u00ed l\u00f6ndum b\u00faddismans.<\/p><p>Fyrir utan hinn b\u00fadd\u00edska heim hefur malan einnig or\u00f0i\u00f0 \u00feekkt \u00e1 Vesturl\u00f6ndum samhli\u00f0a \u00e1huga \u00e1 b\u00fadd\u00edskri i\u00f0kun og huglei\u00f0slu. \u00dear er h\u00fan v\u00ed\u00f0a notu\u00f0 og borin.<\/p><p>\u00cd \u00feessari \u00fatbrei\u00f0slu er malan jafnframt borin sem skartgripur. Sem festi um \u00falnli\u00f0 hefur h\u00fan or\u00f0i\u00f0 vins\u00e6ll skartgripur.<\/p><p>\u00cd \u00feeirri notkun getur tr\u00faarlegt hlutverk malunnar viki\u00f0 \u00ed bakgrunninn. H\u00fan er \u00fe\u00e1 oft skilin einfaldlega sem skartgripur e\u00f0a sem t\u00e1kn um hneig\u00f0 til n\u00favitundar.<\/p><p>\u00cd kjarna s\u00ednum er malan \u00fe\u00f3 \u00e1fram \u00fea\u00f0 sem h\u00fan hefur alltaf veri\u00f0: b\u00e6nafesti til upprifjunar \u00e1 m\u00f6ntrum, t\u00e6ki til hugr\u00e6nnar einbeitingar og t\u00e1kn um tr\u00far\u00e6ki\u00f0, i\u00f0kandi l\u00edf.<\/p>\t\t\t\t\t\t\t\t<\/div>\n\t\t\t\t<\/div>\n\t\t\t\t\t<\/div>\n\t\t\t\t<\/div>\n\t\t<div class=\"elementor-element elementor-element-iwgs-mala-lit e-flex e-con-boxed e-con e-parent\" data-id=\"iwgs-mala-lit\" data-element_type=\"container\" data-e-type=\"container\">\n\t\t\t\t\t<div class=\"e-con-inner\">\n\t\t\t\t<div class=\"elementor-element elementor-element-iwgs-mala-lith elementor-widget elementor-widget-heading\" data-id=\"iwgs-mala-lith\" data-element_type=\"widget\" data-e-type=\"widget\" data-widget_type=\"heading.default\">\n\t\t\t\t\t<h2 class=\"elementor-heading-title elementor-size-default\">Heimildir (\u00farval)<\/h2>\t\t\t\t<\/div>\n\t\t<div class=\"elementor-element elementor-element-iwgs-mala-litbox e-con-full e-flex e-con e-parent\" data-id=\"iwgs-mala-litbox\" data-element_type=\"container\" data-e-type=\"container\">\n\t\t\t\t<div class=\"elementor-element elementor-element-iwgs-mala-litt elementor-widget elementor-widget-html\" data-id=\"iwgs-mala-litt\" data-element_type=\"widget\" data-e-type=\"widget\" data-widget_type=\"html.default\">\n\t\t\t\t\t<footer data-nosnippet=\"true\"><ul><li>Robert Beer: <em>Die Symbole des tibetischen Buddhismus<\/em> (2003)<\/li><li>Hans Wolfgang Schumann: <em>Buddhismus. Stifter, Schulen und Systeme<\/em> (1976)<\/li><li>Detlef Ingo Lauf: <em>Geheimlehren tibetischer Malereien<\/em> (1979)<\/li><li>Heinz Bechert og Richard Gombrich (ritstj.): <em>Der Buddhismus. Geschichte und Gegenwart<\/em> (1984)<\/li><li>Lama Anagarika Govinda: <em>Grundlagen tibetischer Mystik<\/em> (1956)<\/li><\/ul><\/footer>\t\t\t\t<\/div>\n\t\t\t\t<\/div>\n\t\t\t\t\t<\/div>\n\t\t\t\t<\/div>\n\t\t<div class=\"elementor-element elementor-element-iwgs-mala-kwd e-flex e-con-boxed e-con e-parent\" data-id=\"iwgs-mala-kwd\" data-element_type=\"container\" data-e-type=\"container\">\n\t\t\t\t\t<div class=\"e-con-inner\">\n\t\t\t\t<div class=\"elementor-element elementor-element-iwgs-mala-kwdt elementor-widget elementor-widget-text-editor\" data-id=\"iwgs-mala-kwdt\" data-element_type=\"widget\" data-e-type=\"widget\" data-widget_type=\"text-editor.default\">\n\t\t\t\t\t\t\t\t\t<p><em>Tengd leitaror\u00f0: Mala b\u00fadd\u00edsk b\u00e6nake\u00f0ja 108 perlur <span class=\"iwg-fachbegriff\" data-tooltip=\"Eine heilige Silbe oder Formel, die im Hinduismus und Buddhismus wiederholt gesprochen wird.\" tabindex=\"0\">mantra<\/span> upprifjun b\u00e6na meistaraperla b\u00faddismi hugars\u00f6fnun.<\/em><\/p>\t\t\t\t\t\t\t\t<\/div>\n\t\t\t\t\t<\/div>\n\t\t\t\t<\/div>\n\t\t<div class=\"elementor-element elementor-element-iwgs-mala-cc e-flex e-con-boxed e-con e-parent\" data-id=\"iwgs-mala-cc\" data-element_type=\"container\" data-e-type=\"container\" id=\"iwg-cc-mala\">\n\t\t\t\t\t<div class=\"e-con-inner\">\n\t\t<div class=\"elementor-element elementor-element-iwgs-mala-ccinner e-flex e-con-boxed e-con e-parent\" data-id=\"iwgs-mala-ccinner\" data-element_type=\"container\" data-e-type=\"container\" data-settings=\"{&quot;background_background&quot;:&quot;classic&quot;}\">\n\t\t\t\t\t<div class=\"e-con-inner\">\n\t\t\t\t<div class=\"elementor-element elementor-element-iwgs-mala-cch elementor-widget elementor-widget-heading\" data-id=\"iwgs-mala-cch\" data-element_type=\"widget\" data-e-type=\"widget\" data-widget_type=\"heading.default\">\n\t\t\t\t\t<h2 class=\"elementor-heading-title elementor-size-default\">iWell Guard og verndarhef\u00f0ir<\/h2>\t\t\t\t<\/div>\n\t\t\t\t<div class=\"elementor-element elementor-element-iwgs-mala-cct elementor-widget elementor-widget-text-editor\" data-id=\"iwgs-mala-cct\" data-element_type=\"widget\" data-e-type=\"widget\" data-widget_type=\"text-editor.default\">\n\t\t\t\t\t\t\t\t\t<p>iWell Guard fylgir menningars\u00f6gulegri hef\u00f0 borinna skj\u00f3lgripa, sem malan tilheyrir einnig. N\u00fat\u00edmalegur fylgihlutur fyrir f\u00f3lk sem lifir me\u00f0 verndart\u00e1knum: framleiddur \u00ed \u00de\u00fdskalandi, 41 lag af ekta gulli, plat\u00ednu og silfri, me\u00f0 30 daga skilar\u00e9tti.<\/p>\t\t\t\t\t\t\t\t<\/div>\n\t\t\t\t<div class=\"elementor-element elementor-element-iwgs-mala-ccb iwg-cc-button iwg-cc-cta-2026-05-13 elementor-widget elementor-widget-jet-button\" data-id=\"iwgs-mala-ccb\" data-element_type=\"widget\" data-e-type=\"widget\" data-widget_type=\"jet-button.default\">\n\t\t\t\t<div class=\"elementor-widget-container\">\n\t\t\t\t\t<div class=\"elementor-jet-button jet-elements\"><div class=\"jet-button__container\"><a class=\"jet-button__instance jet-button__instance--icon-left hover-effect-1\" href=\"\/schutzanhaenger-iwell-guard-kaufen\/?utm_source=iwell-guard.com&amp;utm_medium=info-box&amp;utm_campaign=schutzsymbole\"><div class=\"jet-button__plane jet-button__plane-normal\"><\/div><div class=\"jet-button__plane jet-button__plane-hover\"><\/div><div class=\"jet-button__state jet-button__state-normal\"><span class=\"jet-button__label\">Meira um iWell Guard<\/span><\/div><div class=\"jet-button__state jet-button__state-hover\"><span class=\"jet-button__label\">Meira um iWell Guard<\/span><\/div><\/a><\/div><\/div><style>.elementor-element.elementor-element-iwgs-mala-ccb .jet-button__instance{width:320px;height:56px;}.elementor-element.elementor-element-iwgs-mala-ccb .jet-button__state-normal .jet-button__label{text-align:center;margin:0px 0px 0px 0px;color:#1a1b20;font-family:Montserrat,sans-serif;font-size:13px;font-weight:400;letter-spacing:4px;line-height:1.714em;text-transform:uppercase;}.elementor-element.elementor-element-iwgs-mala-ccb .jet-button__state-hover .jet-button__label{text-align:center;margin:0px 0px 0px 0px;color:#FECC76;font-family:Montserrat,sans-serif;font-size:13px;font-weight:400;letter-spacing:4px;line-height:1.714em;text-transform:uppercase;}.elementor-element.elementor-element-iwgs-mala-ccb .jet-button__plane-normal{background-color:#FECC76;border-style:solid;border-color:#C99540;border-width:2px 2px 2px 2px;}.elementor-element.elementor-element-iwgs-mala-ccb .jet-button__plane-hover{background-color:rgba(0,0,0,0.55);border-style:solid;border-color:#FECC76;border-width:2px 2px 2px 2px;}<\/style>\t\t\t\t<\/div>\n\t\t\t\t<\/div>\n\t\t\t\t<div class=\"elementor-element elementor-element-iwgs-mala-ccd elementor-widget elementor-widget-text-editor\" data-id=\"iwgs-mala-ccd\" data-element_type=\"widget\" data-e-type=\"widget\" data-widget_type=\"text-editor.default\">\n\t\t\t\t\t\t\t\t\t<p style=\"text-align:center;font-size:13px;opacity:0.7;margin-top:14px\" data-nosnippet=\"true\">Pers\u00f3nuleg reynsla getur veri\u00f0 mismunandi. Ekki l\u00e6kningat\u00e6ki. Engin lofor\u00f0 um l\u00e6kningu.<\/p>\t\t\t\t\t\t\t\t<\/div>\n\t\t\t\t\t<\/div>\n\t\t\t\t<\/div>\n\t\t\t\t\t<\/div>\n\t\t\t\t<\/div>\n\t\t<div class=\"elementor-element elementor-element-iwgs-mala-disc e-flex e-con-boxed e-con e-parent\" data-id=\"iwgs-mala-disc\" data-element_type=\"container\" data-e-type=\"container\">\n\t\t\t\t\t<div class=\"e-con-inner\">\n\t\t\t\t<div class=\"elementor-element elementor-element-iwgs-mala-discw elementor-widget elementor-widget-html\" data-id=\"iwgs-mala-discw\" data-element_type=\"widget\" data-e-type=\"widget\" data-widget_type=\"html.default\">\n\t\t\t\t\t<footer data-nosnippet=\"true\" class=\"iwg-disclaimer-block\"><p data-nosnippet=\"true\">iWell Guard er <strong>ekki l\u00e6kningat\u00e6ki<\/strong> og kemur ekki \u00ed sta\u00f0 l\u00e6knis- e\u00f0a s\u00e1lfr\u00e6\u00f0ime\u00f0fer\u00f0ar. Innihaldi\u00f0 sem h\u00e9r er sett fram er tr\u00faarbrag\u00f0afr\u00e6\u00f0ileg og menningars\u00f6gulega greining, ekki lofor\u00f0 um andlega virkni.<\/p><\/footer>\t\t\t\t<\/div>\n\t\t\t\t\t<\/div>\n\t\t\t\t<\/div>\n\t\t\t\t<\/div>\n\t\t","protected":false},"excerpt":{"rendered":"","protected":false},"author":3,"featured_media":3530,"parent":0,"menu_order":0,"comment_status":"closed","ping_status":"closed","template":"elementor_header_footer","meta":{"_yoast_wpseo_focuskw":"Mala","_yoast_wpseo_title":"Mala \u2013 b\u00faddh\u00edska b\u00e6nake\u00f0jan","_yoast_wpseo_metadesc":"Mala er b\u00faddh\u00edska b\u00e6nake\u00f0jan \u00far 108 perlum. H\u00fan er notu\u00f0 til a\u00f0 fara me\u00f0 mantrur. Uppbygging og merking \u00fatsk\u00fdr\u00f0.","_yoast_wpseo_meta-robots-noindex":"","_yoast_wpseo_canonical":"","_angie_page":false,"gefaehrdungsstufe":"","wesen_kultur":"","wesen_klasse":"","footnotes":""},"categories":[],"class_list":["post-169225","page","type-page","status-publish","has-post-thumbnail","hentry"],"yoast_head":"<!-- This site is optimized with the Yoast SEO Premium plugin v27.7 (Yoast SEO v28.3) - https:\/\/yoast.com\/product\/yoast-seo-premium-wordpress\/ -->\n<title>Mala \u2013 b\u00faddh\u00edska b\u00e6nake\u00f0jan<\/title>\n<meta name=\"description\" content=\"Mala er b\u00faddh\u00edska b\u00e6nake\u00f0jan \u00far 108 perlum. H\u00fan er notu\u00f0 til a\u00f0 fara me\u00f0 mantrur. Uppbygging og merking \u00fatsk\u00fdr\u00f0.\" \/>\n<meta name=\"robots\" content=\"index, follow, max-snippet:-1, max-image-preview:large, max-video-preview:-1\" \/>\n<link rel=\"canonical\" href=\"https:\/\/iwell-guard.com\/is\/mala-buddhisk-benakedja-108-perlur\/\" \/>\n<meta property=\"og:locale\" content=\"is_IS\" \/>\n<meta property=\"og:type\" content=\"article\" \/>\n<meta property=\"og:title\" content=\"Mala \u2013 b\u00faddh\u00edsk b\u00e6nake\u00f0ja \u00far 108 perlum\" \/>\n<meta property=\"og:description\" content=\"Mala er b\u00faddh\u00edska b\u00e6nake\u00f0jan \u00far 108 perlum. H\u00fan er notu\u00f0 til a\u00f0 fara me\u00f0 mantrur. Uppbygging og merking \u00fatsk\u00fdr\u00f0.\" \/>\n<meta property=\"og:url\" content=\"https:\/\/iwell-guard.com\/is\/mala-buddhisk-benakedja-108-perlur\/\" \/>\n<meta property=\"og:site_name\" content=\"iWell Guard\" \/>\n<meta property=\"article:modified_time\" content=\"2026-09-05T14:35:27+00:00\" \/>\n<meta property=\"og:image\" content=\"https:\/\/iwell-guard.com\/wp-content\/uploads\/2026\/05\/schutzsymbol_buddhismus_mala.webp\" \/>\n\t<meta property=\"og:image:width\" content=\"1024\" \/>\n\t<meta property=\"og:image:height\" content=\"1536\" \/>\n\t<meta property=\"og:image:type\" content=\"image\/webp\" \/>\n<meta name=\"twitter:card\" content=\"summary_large_image\" \/>\n<script type=\"application\/ld+json\" class=\"yoast-schema-graph\">{\"@context\":\"https:\\\/\\\/schema.org\",\"@graph\":[{\"@type\":\"WebPage\",\"@id\":\"https:\\\/\\\/iwell-guard.com\\\/is\\\/mala-buddhisk-benakedja-108-perlur\\\/\",\"url\":\"https:\\\/\\\/iwell-guard.com\\\/is\\\/mala-buddhisk-benakedja-108-perlur\\\/\",\"name\":\"Mala \u2013 b\u00faddh\u00edska b\u00e6nake\u00f0jan\",\"isPartOf\":{\"@id\":\"https:\\\/\\\/iwell-guard.com\\\/is\\\/#website\"},\"primaryImageOfPage\":{\"@id\":\"https:\\\/\\\/iwell-guard.com\\\/is\\\/mala-buddhisk-benakedja-108-perlur\\\/#primaryimage\"},\"image\":{\"@id\":\"https:\\\/\\\/iwell-guard.com\\\/is\\\/mala-buddhisk-benakedja-108-perlur\\\/#primaryimage\"},\"thumbnailUrl\":\"https:\\\/\\\/iwell-guard.com\\\/wp-content\\\/uploads\\\/2026\\\/05\\\/schutzsymbol_buddhismus_mala.webp\",\"datePublished\":\"2026-09-05T14:06:38+00:00\",\"dateModified\":\"2026-09-05T14:35:27+00:00\",\"description\":\"Mala er b\u00faddh\u00edska b\u00e6nake\u00f0jan \u00far 108 perlum. H\u00fan er notu\u00f0 til a\u00f0 fara me\u00f0 mantrur. Uppbygging og merking \u00fatsk\u00fdr\u00f0.\",\"breadcrumb\":{\"@id\":\"https:\\\/\\\/iwell-guard.com\\\/is\\\/mala-buddhisk-benakedja-108-perlur\\\/#breadcrumb\"},\"inLanguage\":\"is\",\"potentialAction\":[{\"@type\":\"ReadAction\",\"target\":[\"https:\\\/\\\/iwell-guard.com\\\/is\\\/mala-buddhisk-benakedja-108-perlur\\\/\"]}]},{\"@type\":\"ImageObject\",\"inLanguage\":\"is\",\"@id\":\"https:\\\/\\\/iwell-guard.com\\\/is\\\/mala-buddhisk-benakedja-108-perlur\\\/#primaryimage\",\"url\":\"https:\\\/\\\/iwell-guard.com\\\/wp-content\\\/uploads\\\/2026\\\/05\\\/schutzsymbol_buddhismus_mala.webp\",\"contentUrl\":\"https:\\\/\\\/iwell-guard.com\\\/wp-content\\\/uploads\\\/2026\\\/05\\\/schutzsymbol_buddhismus_mala.webp\",\"width\":1024,\"height\":1536,\"caption\":\"Verndart\u00e1kn. Myndskreyting \u00ed safnst\u00edl.\"},{\"@type\":\"BreadcrumbList\",\"@id\":\"https:\\\/\\\/iwell-guard.com\\\/is\\\/mala-buddhisk-benakedja-108-perlur\\\/#breadcrumb\",\"itemListElement\":[{\"@type\":\"ListItem\",\"position\":1,\"name\":\"Start\",\"item\":\"https:\\\/\\\/iwell-guard.com\\\/is\\\/?page_id=168580\"},{\"@type\":\"ListItem\",\"position\":2,\"name\":\"Mala \u2013 b\u00faddh\u00edsk b\u00e6nake\u00f0ja \u00far 108 perlum\"}]},{\"@type\":\"WebSite\",\"@id\":\"https:\\\/\\\/iwell-guard.com\\\/is\\\/#website\",\"url\":\"https:\\\/\\\/iwell-guard.com\\\/is\\\/\",\"name\":\"iWell Guard\",\"description\":\"Schutz vor dunklen Einfl\u00fcssen\",\"publisher\":{\"@id\":\"https:\\\/\\\/iwell-guard.com\\\/is\\\/#organization\"},\"potentialAction\":[{\"@type\":\"SearchAction\",\"target\":{\"@type\":\"EntryPoint\",\"urlTemplate\":\"https:\\\/\\\/iwell-guard.com\\\/is\\\/?s={search_term_string}\"},\"query-input\":{\"@type\":\"PropertyValueSpecification\",\"valueRequired\":true,\"valueName\":\"search_term_string\"}}],\"inLanguage\":\"is\"},{\"@type\":\"Organization\",\"@id\":\"https:\\\/\\\/iwell-guard.com\\\/is\\\/#organization\",\"name\":\"Ittermann electronic GmbH\",\"url\":\"https:\\\/\\\/iwell-guard.com\\\/is\\\/\",\"logo\":{\"@type\":\"ImageObject\",\"inLanguage\":\"is\",\"@id\":\"https:\\\/\\\/iwell-guard.com\\\/is\\\/#\\\/schema\\\/logo\\\/image\\\/\",\"url\":\"https:\\\/\\\/iwell-guard.com\\\/wp-content\\\/uploads\\\/2026\\\/05\\\/Ittermann-Logo-1182x237-1.png\",\"contentUrl\":\"https:\\\/\\\/iwell-guard.com\\\/wp-content\\\/uploads\\\/2026\\\/05\\\/Ittermann-Logo-1182x237-1.png\",\"width\":1182,\"height\":237,\"caption\":\"Ittermann electronic GmbH\"},\"image\":{\"@id\":\"https:\\\/\\\/iwell-guard.com\\\/is\\\/#\\\/schema\\\/logo\\\/image\\\/\"},\"sameAs\":[\"https:\\\/\\\/pantip.com\\\/profile\\\/9367242\",\"https:\\\/\\\/micro.blog\\\/iwellguard\",\"https:\\\/\\\/www.diggerslist.com\\\/iwellguard\\\/about\",\"https:\\\/\\\/skitterphoto.com\\\/photographers\\\/2870314\\\/iwell-guard\",\"https:\\\/\\\/iwellguard.wordpress.com\\\/2026\\\/06\\\/06\\\/iwell-guard\\\/\",\"https:\\\/\\\/hub.docker.com\\\/u\\\/iwellguard\",\"https:\\\/\\\/www.pinterest.com\\\/iwellguard\\\/\",\"https:\\\/\\\/bit.ly\\\/m\\\/iwellguard\",\"https:\\\/\\\/entre-vos-mains.alsace.eu\\\/profiles\\\/iwellguard\\\/activity\",\"https:\\\/\\\/gravatar.com\\\/reallybeded8fd34\",\"https:\\\/\\\/naijamatta.com\\\/iwellguard\",\"https:\\\/\\\/www.goodreads.com\\\/iwellguard\",\"https:\\\/\\\/profile.hatena.ne.jp\\\/iwellguard\\\/\",\"https:\\\/\\\/experiment.com\\\/users\\\/iwellguard\",\"https:\\\/\\\/wakelet.com\\\/@iWellGuard82270\",\"https:\\\/\\\/www.chordie.com\\\/forum\\\/profile.php?id=2555664\",\"https:\\\/\\\/www.instapaper.com\\\/p\\\/17757966\",\"https:\\\/\\\/www.mapleprimes.com\\\/users\\\/iwellguard\",\"https:\\\/\\\/businesslistingplus.com\\\/profile\\\/iwell-guard\\\/\",\"https:\\\/\\\/telegra.ph\\\/iWell-Guard-06-06\",\"https:\\\/\\\/pbase.com\\\/iwellguard\\\/iwellguard\",\"https:\\\/\\\/b.hatena.ne.jp\\\/iwellguard\\\/20260607#bookmark-4788405196491818882\",\"https:\\\/\\\/fliphtml5.com\\\/home\\\/iwellguard\",\"https:\\\/\\\/anyflip.com\\\/homepage\\\/cmiwl#About\",\"https:\\\/\\\/transfur.com\\\/Users\\\/iwellguard\",\"http:\\\/\\\/delphi.larsbo.org\\\/user\\\/iwellguard\",\"https:\\\/\\\/jobs.lajobsportal.org\\\/profiles\\\/8380803-iwell-guard\",\"https:\\\/\\\/md.chaosdorf.de\\\/s\\\/jfbe5SBdJD\",\"https:\\\/\\\/www.lingvolive.com\\\/en-us\\\/profile\\\/9ecaeaca-ce11-4e51-9e71-01d55e2bff36\\\/translations\",\"https:\\\/\\\/www.fitday.com\\\/fitness\\\/forums\\\/members\\\/iwellguard.html\",\"https:\\\/\\\/www.mymeetbook.com\\\/iwellguard\",\"https:\\\/\\\/pxhere.com\\\/en\\\/photographer-me\\\/5040798\",\"https:\\\/\\\/disqus.com\\\/by\\\/iwellguard\\\/about\\\/\",\"https:\\\/\\\/pastelink.net\\\/hjwciqwq\",\"https:\\\/\\\/pubhtml5.com\\\/homepage\\\/scjhn\\\/\",\"https:\\\/\\\/www.bitchute.com\\\/channel\\\/2O2eOKzNqujT\",\"https:\\\/\\\/audiomack.com\\\/iwellguard\"]}]}<\/script>\n<!-- \/ Yoast SEO Premium plugin. -->","yoast_head_json":{"title":"Mala \u2013 b\u00faddh\u00edska b\u00e6nake\u00f0jan","description":"Mala er b\u00faddh\u00edska b\u00e6nake\u00f0jan \u00far 108 perlum. H\u00fan er notu\u00f0 til a\u00f0 fara me\u00f0 mantrur. Uppbygging og merking \u00fatsk\u00fdr\u00f0.","robots":{"index":"index","follow":"follow","max-snippet":"max-snippet:-1","max-image-preview":"max-image-preview:large","max-video-preview":"max-video-preview:-1"},"canonical":"https:\/\/iwell-guard.com\/is\/mala-buddhisk-benakedja-108-perlur\/","og_locale":"is_IS","og_type":"article","og_title":"Mala \u2013 b\u00faddh\u00edsk b\u00e6nake\u00f0ja \u00far 108 perlum","og_description":"Mala er b\u00faddh\u00edska b\u00e6nake\u00f0jan \u00far 108 perlum. H\u00fan er notu\u00f0 til a\u00f0 fara me\u00f0 mantrur. Uppbygging og merking \u00fatsk\u00fdr\u00f0.","og_url":"https:\/\/iwell-guard.com\/is\/mala-buddhisk-benakedja-108-perlur\/","og_site_name":"iWell Guard","article_modified_time":"2026-09-05T14:35:27+00:00","og_image":[{"width":1024,"height":1536,"url":"https:\/\/iwell-guard.com\/wp-content\/uploads\/2026\/05\/schutzsymbol_buddhismus_mala.webp","type":"image\/webp"}],"twitter_card":"summary_large_image","schema":{"@context":"https:\/\/schema.org","@graph":[{"@type":"WebPage","@id":"https:\/\/iwell-guard.com\/is\/mala-buddhisk-benakedja-108-perlur\/","url":"https:\/\/iwell-guard.com\/is\/mala-buddhisk-benakedja-108-perlur\/","name":"Mala \u2013 b\u00faddh\u00edska b\u00e6nake\u00f0jan","isPartOf":{"@id":"https:\/\/iwell-guard.com\/is\/#website"},"primaryImageOfPage":{"@id":"https:\/\/iwell-guard.com\/is\/mala-buddhisk-benakedja-108-perlur\/#primaryimage"},"image":{"@id":"https:\/\/iwell-guard.com\/is\/mala-buddhisk-benakedja-108-perlur\/#primaryimage"},"thumbnailUrl":"https:\/\/iwell-guard.com\/wp-content\/uploads\/2026\/05\/schutzsymbol_buddhismus_mala.webp","datePublished":"2026-09-05T14:06:38+00:00","dateModified":"2026-09-05T14:35:27+00:00","description":"Mala er b\u00faddh\u00edska b\u00e6nake\u00f0jan \u00far 108 perlum. H\u00fan er notu\u00f0 til a\u00f0 fara me\u00f0 mantrur. Uppbygging og merking \u00fatsk\u00fdr\u00f0.","breadcrumb":{"@id":"https:\/\/iwell-guard.com\/is\/mala-buddhisk-benakedja-108-perlur\/#breadcrumb"},"inLanguage":"is","potentialAction":[{"@type":"ReadAction","target":["https:\/\/iwell-guard.com\/is\/mala-buddhisk-benakedja-108-perlur\/"]}]},{"@type":"ImageObject","inLanguage":"is","@id":"https:\/\/iwell-guard.com\/is\/mala-buddhisk-benakedja-108-perlur\/#primaryimage","url":"https:\/\/iwell-guard.com\/wp-content\/uploads\/2026\/05\/schutzsymbol_buddhismus_mala.webp","contentUrl":"https:\/\/iwell-guard.com\/wp-content\/uploads\/2026\/05\/schutzsymbol_buddhismus_mala.webp","width":1024,"height":1536,"caption":"Verndart\u00e1kn. Myndskreyting \u00ed safnst\u00edl."},{"@type":"BreadcrumbList","@id":"https:\/\/iwell-guard.com\/is\/mala-buddhisk-benakedja-108-perlur\/#breadcrumb","itemListElement":[{"@type":"ListItem","position":1,"name":"Start","item":"https:\/\/iwell-guard.com\/is\/?page_id=168580"},{"@type":"ListItem","position":2,"name":"Mala \u2013 b\u00faddh\u00edsk b\u00e6nake\u00f0ja \u00far 108 perlum"}]},{"@type":"WebSite","@id":"https:\/\/iwell-guard.com\/is\/#website","url":"https:\/\/iwell-guard.com\/is\/","name":"iWell Guard","description":"Schutz vor dunklen Einfl\u00fcssen","publisher":{"@id":"https:\/\/iwell-guard.com\/is\/#organization"},"potentialAction":[{"@type":"SearchAction","target":{"@type":"EntryPoint","urlTemplate":"https:\/\/iwell-guard.com\/is\/?s={search_term_string}"},"query-input":{"@type":"PropertyValueSpecification","valueRequired":true,"valueName":"search_term_string"}}],"inLanguage":"is"},{"@type":"Organization","@id":"https:\/\/iwell-guard.com\/is\/#organization","name":"Ittermann electronic GmbH","url":"https:\/\/iwell-guard.com\/is\/","logo":{"@type":"ImageObject","inLanguage":"is","@id":"https:\/\/iwell-guard.com\/is\/#\/schema\/logo\/image\/","url":"https:\/\/iwell-guard.com\/wp-content\/uploads\/2026\/05\/Ittermann-Logo-1182x237-1.png","contentUrl":"https:\/\/iwell-guard.com\/wp-content\/uploads\/2026\/05\/Ittermann-Logo-1182x237-1.png","width":1182,"height":237,"caption":"Ittermann electronic GmbH"},"image":{"@id":"https:\/\/iwell-guard.com\/is\/#\/schema\/logo\/image\/"},"sameAs":["https:\/\/pantip.com\/profile\/9367242","https:\/\/micro.blog\/iwellguard","https:\/\/www.diggerslist.com\/iwellguard\/about","https:\/\/skitterphoto.com\/photographers\/2870314\/iwell-guard","https:\/\/iwellguard.wordpress.com\/2026\/06\/06\/iwell-guard\/","https:\/\/hub.docker.com\/u\/iwellguard","https:\/\/www.pinterest.com\/iwellguard\/","https:\/\/bit.ly\/m\/iwellguard","https:\/\/entre-vos-mains.alsace.eu\/profiles\/iwellguard\/activity","https:\/\/gravatar.com\/reallybeded8fd34","https:\/\/naijamatta.com\/iwellguard","https:\/\/www.goodreads.com\/iwellguard","https:\/\/profile.hatena.ne.jp\/iwellguard\/","https:\/\/experiment.com\/users\/iwellguard","https:\/\/wakelet.com\/@iWellGuard82270","https:\/\/www.chordie.com\/forum\/profile.php?id=2555664","https:\/\/www.instapaper.com\/p\/17757966","https:\/\/www.mapleprimes.com\/users\/iwellguard","https:\/\/businesslistingplus.com\/profile\/iwell-guard\/","https:\/\/telegra.ph\/iWell-Guard-06-06","https:\/\/pbase.com\/iwellguard\/iwellguard","https:\/\/b.hatena.ne.jp\/iwellguard\/20260607#bookmark-4788405196491818882","https:\/\/fliphtml5.com\/home\/iwellguard","https:\/\/anyflip.com\/homepage\/cmiwl#About","https:\/\/transfur.com\/Users\/iwellguard","http:\/\/delphi.larsbo.org\/user\/iwellguard","https:\/\/jobs.lajobsportal.org\/profiles\/8380803-iwell-guard","https:\/\/md.chaosdorf.de\/s\/jfbe5SBdJD","https:\/\/www.lingvolive.com\/en-us\/profile\/9ecaeaca-ce11-4e51-9e71-01d55e2bff36\/translations","https:\/\/www.fitday.com\/fitness\/forums\/members\/iwellguard.html","https:\/\/www.mymeetbook.com\/iwellguard","https:\/\/pxhere.com\/en\/photographer-me\/5040798","https:\/\/disqus.com\/by\/iwellguard\/about\/","https:\/\/pastelink.net\/hjwciqwq","https:\/\/pubhtml5.com\/homepage\/scjhn\/","https:\/\/www.bitchute.com\/channel\/2O2eOKzNqujT","https:\/\/audiomack.com\/iwellguard"]}]}},"_links":{"self":[{"href":"https:\/\/iwell-guard.com\/is\/wp-json\/wp\/v2\/pages\/169225","targetHints":{"allow":["GET"]}}],"collection":[{"href":"https:\/\/iwell-guard.com\/is\/wp-json\/wp\/v2\/pages"}],"about":[{"href":"https:\/\/iwell-guard.com\/is\/wp-json\/wp\/v2\/types\/page"}],"author":[{"embeddable":true,"href":"https:\/\/iwell-guard.com\/is\/wp-json\/wp\/v2\/users\/3"}],"replies":[{"embeddable":true,"href":"https:\/\/iwell-guard.com\/is\/wp-json\/wp\/v2\/comments?post=169225"}],"version-history":[{"count":0,"href":"https:\/\/iwell-guard.com\/is\/wp-json\/wp\/v2\/pages\/169225\/revisions"}],"wp:featuredmedia":[{"embeddable":true,"href":"https:\/\/iwell-guard.com\/is\/wp-json\/wp\/v2\/media\/3530"}],"wp:attachment":[{"href":"https:\/\/iwell-guard.com\/is\/wp-json\/wp\/v2\/media?parent=169225"}],"wp:term":[{"taxonomy":"category","embeddable":true,"href":"https:\/\/iwell-guard.com\/is\/wp-json\/wp\/v2\/categories?post=169225"}],"curies":[{"name":"wp","href":"https:\/\/api.w.org\/{rel}","templated":true}]}}