{"id":169224,"date":"2026-09-05T14:06:38","date_gmt":"2026-09-05T14:06:38","guid":{"rendered":"https:\/\/iwell-guard.com\/?page_id=169224"},"modified":"2026-09-05T14:35:26","modified_gmt":"2026-09-05T14:35:26","slug":"dharmachakra-hjol-kenningarins","status":"publish","type":"page","link":"https:\/\/iwell-guard.com\/is\/dharmachakra-hjol-kenningarins\/","title":{"rendered":"Dharmachakra \u2013 hj\u00f3l b\u00fadd\u00edskrar kenningar"},"content":{"rendered":"\t\t<div data-elementor-type=\"wp-page\" data-elementor-id=\"169224\" class=\"elementor elementor-169224 elementor-3716 elementor-bc-flex-widget\" data-elementor-post-type=\"page\">\n\t\t\t\t<div class=\"elementor-element elementor-element-iwgs-dharmachakra-hero e-flex e-con-boxed e-con e-parent\" data-id=\"iwgs-dharmachakra-hero\" data-element_type=\"container\" data-e-type=\"container\">\n\t\t\t\t\t<div class=\"e-con-inner\">\n\t\t<div class=\"elementor-element elementor-element-iwgs-dharmachakra-hl e-flex e-con-boxed e-con e-parent\" data-id=\"iwgs-dharmachakra-hl\" data-element_type=\"container\" data-e-type=\"container\">\n\t\t\t\t\t<div class=\"e-con-inner\">\n\t\t<div class=\"elementor-element elementor-element-iwgs-dharmachakra-hlbox e-con-full e-flex e-con e-parent\" data-id=\"iwgs-dharmachakra-hlbox\" data-element_type=\"container\" data-e-type=\"container\">\n\t\t\t\t<div class=\"elementor-element elementor-element-iwgs-dharmachakra-h1 elementor-widget elementor-widget-heading\" data-id=\"iwgs-dharmachakra-h1\" data-element_type=\"widget\" data-e-type=\"widget\" data-widget_type=\"heading.default\">\n\t\t\t\t\t<h1 class=\"elementor-heading-title elementor-size-default\">Dharmachakra \u2013 hj\u00f3l kenningarins sem merki b\u00faddisma<\/h1>\t\t\t\t<\/div>\n\t\t\t\t<div class=\"elementor-element elementor-element-iwgs-dharmachakra-lead elementor-widget elementor-widget-text-editor\" data-id=\"iwgs-dharmachakra-lead\" data-element_type=\"widget\" data-e-type=\"widget\" data-widget_type=\"text-editor.default\">\n\t\t\t\t\t\t\t\t\t<p>Dharmachakra er nafni\u00f0 \u00e1 hj\u00f3li kenningarins, mikilv\u00e6gasta merki b\u00faddisma. \u00c1ttarma hj\u00f3li\u00f0 stendur fyrir hinn \u00e1ttfalda veg sem B\u00fadda kenndi sem lei\u00f0 til vitundar. Sem merki kenningarinnar sj\u00e1lfrar hefur \u00fea\u00f0 b\u00e6\u00f0i verndandi og lei\u00f0beinandi merkingu.<\/p>\t\t\t\t\t\t\t\t<\/div>\n\t\t\t\t<\/div>\n\t\t\t\t<div class=\"elementor-element elementor-element-iwgs-dharmachakra-pills elementor-widget elementor-widget-html\" data-id=\"iwgs-dharmachakra-pills\" data-element_type=\"widget\" data-e-type=\"widget\" data-widget_type=\"html.default\">\n\t\t\t\t\t<div class=\"iwg-pill-row\"><span class=\"iwg-klasse-badge\" tabindex=\"0\" data-tooltip=\"Verndarmerki, verndargripur e\u00f0a ap\u00f3tr\u00f3pa\u00edsk hlutur.\">Verndarmerki<\/span><a href=\"https:\/\/iwell-guard.com\/is\/buddhismi\/\" class=\"iwg-kultur-badge\" tabindex=\"0\" data-tooltip=\"Verndarhef\u00f0: B\u00faddismi\">B\u00faddismi<\/a><span class=\"iwg-tradition-badge\" tabindex=\"0\" data-tooltip=\"Merki sem s\u00fdnir tr\u00faarlega kenningu.\">Kenningarmerki<\/span><\/div>\t\t\t\t<\/div>\n\t\t\t\t\t<\/div>\n\t\t\t\t<\/div>\n\t\t<div class=\"elementor-element elementor-element-iwgs-dharmachakra-hr e-con-full e-flex e-con e-parent\" data-id=\"iwgs-dharmachakra-hr\" data-element_type=\"container\" data-e-type=\"container\">\n\t\t\t\t<div class=\"elementor-element elementor-element-iwgs-dharmachakra-himg iwg-hero-image elementor-widget elementor-widget-image\" data-id=\"iwgs-dharmachakra-himg\" data-element_type=\"widget\" data-e-type=\"widget\" data-widget_type=\"image.default\">\n\t\t\t\t\t\t\t\t\t\t\t\t\t\t\t<img fetchpriority=\"high\" decoding=\"async\" width=\"683\" height=\"1024\" src=\"https:\/\/iwell-guard.com\/wp-content\/uploads\/2026\/05\/schutzsymbol_buddhismus_dharmachakra-683x1024.webp\" class=\"attachment-large size-large wp-image-170531\" alt=\"Dharmachakra - varnart\u00e1kn, safnfr\u00e6\u00f0ileg myndskreyting\" srcset=\"https:\/\/iwell-guard.com\/wp-content\/uploads\/2026\/05\/schutzsymbol_buddhismus_dharmachakra-683x1024.webp 683w, https:\/\/iwell-guard.com\/wp-content\/uploads\/2026\/05\/schutzsymbol_buddhismus_dharmachakra-200x300.webp 200w, https:\/\/iwell-guard.com\/wp-content\/uploads\/2026\/05\/schutzsymbol_buddhismus_dharmachakra-768x1152.webp 768w, https:\/\/iwell-guard.com\/wp-content\/uploads\/2026\/05\/schutzsymbol_buddhismus_dharmachakra.webp 1024w\" sizes=\"(max-width: 683px) 100vw, 683px\" \/>\t\t\t\t\t\t\t\t\t\t\t\t\t\t\t<\/div>\n\t\t\t\t<\/div>\n\t\t\t\t\t<\/div>\n\t\t\t\t<\/div>\n\t\t<div class=\"elementor-element elementor-element-iwgs-dharmachakra-s0 e-flex e-con-boxed e-con e-parent\" data-id=\"iwgs-dharmachakra-s0\" data-element_type=\"container\" data-e-type=\"container\">\n\t\t\t\t\t<div class=\"e-con-inner\">\n\t\t\t\t<div class=\"elementor-element elementor-element-iwgs-dharmachakra-s0h elementor-widget elementor-widget-heading\" data-id=\"iwgs-dharmachakra-s0h\" data-element_type=\"widget\" data-e-type=\"widget\" data-widget_type=\"heading.default\">\n\t\t\t\t\t<h2 class=\"elementor-heading-title elementor-size-default\">Yfirlit<\/h2>\t\t\t\t<\/div>\n\t\t<div class=\"elementor-element elementor-element-iwgs-dharmachakra-s0box e-con-full e-flex e-con e-parent\" data-id=\"iwgs-dharmachakra-s0box\" data-element_type=\"container\" data-e-type=\"container\">\n\t\t\t\t<div class=\"elementor-element elementor-element-iwgs-dharmachakra-s0t elementor-widget elementor-widget-text-editor\" data-id=\"iwgs-dharmachakra-s0t\" data-element_type=\"widget\" data-e-type=\"widget\" data-widget_type=\"text-editor.default\">\n\t\t\t\t\t\t\t\t\t<p>Dharmachakra er nafn \u00far sanskr\u00edt fyrir hj\u00f3l kenningarins. \u00dea\u00f0 er mikilv\u00e6gasta og \u00feekktasta merki <a href=\"https:\/\/iwell-guard.com\/is\/buddhismi\/\">b\u00faddisma<\/a>.<\/p><p>Or\u00f0i\u00f0 er samsett \u00far tveimur hlutum. Fyrri hlutinn v\u00edsar til kenningar B\u00fadda, seinni hlutinn \u00fe\u00fd\u00f0ir hj\u00f3l. Dharmachakra er \u00feannig hj\u00f3l b\u00fadd\u00edskrar kenningar.<\/p><p>Merki\u00f0 er s\u00fdnt sem hj\u00f3l me\u00f0 mi\u00f0ju, hj\u00f3lbaug og fj\u00f6lda arma. \u00cd sinni \u00feekktustu mynd hefur hj\u00f3li\u00f0 \u00e1tta arma.<\/p><p>Dharmachakra stendur fyrir kenningu B\u00fadda \u00ed heild. \u00dear sem \u00fea\u00f0 birtist er kenningin sj\u00e1lf vi\u00f0st\u00f6dd. \u00dea\u00f0 er \u00feannig v\u00ed\u00f0t\u00e6kasta merki b\u00faddisma.<\/p><p>Innan hinna \u00e1tta happamerkja, Ashtamangala, er hj\u00f3l kenningarins hi\u00f0 \u00e1ttunda og jafnframt mikilv\u00e6gasta merki\u00f0. \u00c1 s\u00ed\u00f0unni um <a href=\"https:\/\/iwell-guard.com\/is\/?page_id=169223\">Ashtamangala<\/a> er \u00feessi h\u00f3pur s\u00fdndur.<\/p><p>\u00cd <span class=\"iwg-fachbegriff\" data-tooltip=\"V\u00edsindin sem rannsaka tr\u00faarbr\u00f6g\u00f0 samanbur\u00f0arlega og \u00e1n tr\u00faartengsl\u00e1.\" tabindex=\"0\">tr\u00faarbrag\u00f0afr\u00e6\u00f0i<\/span> er Dharmachakra g\u00f3\u00f0 d\u00e6mi um merki sem birtir heila kenningu. \u00dea\u00f0 verndar og lei\u00f0beinir me\u00f0 \u00fev\u00ed a\u00f0 minna \u00e1 veginn til vitundar.<\/p>\t\t\t\t\t\t\t\t<\/div>\n\t\t\t\t<\/div>\n\t\t\t\t\t<\/div>\n\t\t\t\t<\/div>\n\t\t<div class=\"elementor-element elementor-element-iwgs-dharmachakra-s1 e-flex e-con-boxed e-con e-parent\" data-id=\"iwgs-dharmachakra-s1\" data-element_type=\"container\" data-e-type=\"container\">\n\t\t\t\t\t<div class=\"e-con-inner\">\n\t\t\t\t<div class=\"elementor-element elementor-element-iwgs-dharmachakra-s1h elementor-widget elementor-widget-heading\" data-id=\"iwgs-dharmachakra-s1h\" data-element_type=\"widget\" data-e-type=\"widget\" data-widget_type=\"heading.default\">\n\t\t\t\t\t<h2 class=\"elementor-heading-title elementor-size-default\">Hj\u00f3li\u00f0 sem fornt t\u00e1kn<\/h2>\t\t\t\t<\/div>\n\t\t<div class=\"elementor-element elementor-element-iwgs-dharmachakra-s1box e-con-full e-flex e-con e-parent\" data-id=\"iwgs-dharmachakra-s1box\" data-element_type=\"container\" data-e-type=\"container\">\n\t\t\t\t<div class=\"elementor-element elementor-element-iwgs-dharmachakra-s1t elementor-widget elementor-widget-text-editor\" data-id=\"iwgs-dharmachakra-s1t\" data-element_type=\"widget\" data-e-type=\"widget\" data-widget_type=\"text-editor.default\">\n\t\t\t\t\t\t\t\t\t<p>Hj\u00f3li\u00f0 er fornt t\u00e1kn sem haf\u00f0i merkingu \u00ed indverskum heimi l\u00f6ngu \u00e1\u00f0ur en b\u00faddismi kom fram. B\u00faddismi t\u00f3k t\u00e1kni\u00f0 upp og gaf \u00fev\u00ed n\u00fdja merkingu.<\/p><p>\u00cd eldri indverskri hugmynd var hj\u00f3li\u00f0 t\u00e1kn r\u00e9ttl\u00e1ts konungs. Fyrirmyndar heimsstj\u00f3rnandi var tengdur hj\u00f3li sem s\u00fdndi vald hans yfir heiminum.<\/p><p>\u00deetta hj\u00f3l konungsins st\u00f3\u00f0 fyrir r\u00e9tta skipan. \u00dea\u00f0 hreyf\u00f0ist \u00e1n m\u00f3tst\u00f6\u00f0u og bar r\u00e9tt og reglu hvert sem \u00fea\u00f0 f\u00f3r.<\/p><p>B\u00faddismi t\u00f3k \u00feessa mynd upp. \u00dar hj\u00f3li veraldlegs valds var\u00f0 hj\u00f3l kenningarinnar. \u00cd sta\u00f0 r\u00edkis breiddist n\u00fa kenning B\u00fadda \u00fat.<\/p><p>B\u00fadda sj\u00e1lfur var\u00f0 \u00ed \u00feessari mynd andlegur heimsstj\u00f3rnandi. Hann r\u00edkir ekki yfir landi heldur setur kenningu s\u00edna \u00ed gang eins hj\u00f3l sem v\u00edsar m\u00f6nnum veginn.<\/p><p>Uppruni Dharmachakra s\u00fdnir \u00feannig algengt ferli. Eldra t\u00e1kn veraldlegs valds var teki\u00f0 upp og breytt \u00ed t\u00e1kn andlegrar kenningar.<\/p>\t\t\t\t\t\t\t\t<\/div>\n\t\t\t\t<\/div>\n\t\t\t\t\t<\/div>\n\t\t\t\t<\/div>\n\t\t<div class=\"elementor-element elementor-element-iwgs-dharmachakra-s2 e-flex e-con-boxed e-con e-parent\" data-id=\"iwgs-dharmachakra-s2\" data-element_type=\"container\" data-e-type=\"container\">\n\t\t\t\t\t<div class=\"e-con-inner\">\n\t\t\t\t<div class=\"elementor-element elementor-element-iwgs-dharmachakra-s2h elementor-widget elementor-widget-heading\" data-id=\"iwgs-dharmachakra-s2h\" data-element_type=\"widget\" data-e-type=\"widget\" data-widget_type=\"heading.default\">\n\t\t\t\t\t<h2 class=\"elementor-heading-title elementor-size-default\">A\u00f0 sn\u00faa hj\u00f3li kenningarins<\/h2>\t\t\t\t<\/div>\n\t\t<div class=\"elementor-element elementor-element-iwgs-dharmachakra-s2box e-con-full e-flex e-con e-parent\" data-id=\"iwgs-dharmachakra-s2box\" data-element_type=\"container\" data-e-type=\"container\">\n\t\t\t\t<div class=\"elementor-element elementor-element-iwgs-dharmachakra-s2t elementor-widget elementor-widget-text-editor\" data-id=\"iwgs-dharmachakra-s2t\" data-element_type=\"widget\" data-e-type=\"widget\" data-widget_type=\"text-editor.default\">\n\t\t\t\t\t\t\t\t\t<p>Me\u00f0 Dharmachakra er tengd myndr\u00e6nni or\u00f0anotkun sem oft kemur fyrir \u00ed b\u00fadd\u00edskum textum. Tala\u00f0 er um a\u00f0 sn\u00faa e\u00f0a setja \u00ed gang hj\u00f3l kenningarins.<\/p><p>\u00deessi or\u00f0anotkun v\u00edsar til afdrifar\u00edkrar stundar \u00ed l\u00edfi B\u00fadda. Eftir a\u00f0 hann haf\u00f0i n\u00e1\u00f0 vitund flutti hann fyrstu pr\u00e9dikun s\u00edna og kynnti kenninguna \u00ed fyrsta sinn.<\/p><p>\u00deessi stund fyrstu pr\u00e9dikunarinnar er k\u00f6llu\u00f0 fyrsta sn\u00faning hj\u00f3ls kenningarins. Me\u00f0 \u00feessari pr\u00e9dikun setti B\u00fadda kenninguna, svo a\u00f0 segja, \u00ed gang.<\/p><p>Myndin er vel valin. Eins og hj\u00f3l, sem einu sinni er sett \u00e1 hreyfingu, r\u00fallar \u00e1fram, brei\u00f0ist kenningin, einu sinni kunngj\u00f6r\u00f0, s\u00edfellt \u00fat og berst til n\u00fdrra manna.<\/p><p>B\u00fadd\u00edsk <span class=\"iwg-fachbegriff\" data-tooltip=\"Mi\u00f0lun \u00feekkingar og fr\u00e1sagna milli kynsl\u00f3\u00f0a.\" tabindex=\"0\">munnm\u00e6lahef\u00f0<\/span> talar um nokkrar sl\u00edkar sn\u00faningar hj\u00f3lsins. \u00dear er \u00e1tt vi\u00f0 mismunandi stig e\u00f0a \u00e1fanga \u00fear sem kenningin var \u00fer\u00f3u\u00f0 frekar.<\/p><p>Dharmachakra sem t\u00e1kn er \u00f3a\u00f0skiljanlegt fr\u00e1 \u00feessari or\u00f0anotkun. Hj\u00f3li\u00f0 er ekki kyrrst\u00e6\u00f0 mynd, heldur hreyf\u00f0. \u00dea\u00f0 stendur fyrir kenningu sem er \u00e1 hreyfingu og brei\u00f0ist \u00fat.<\/p>\t\t\t\t\t\t\t\t<\/div>\n\t\t\t\t<\/div>\n\t\t\t\t\t<\/div>\n\t\t\t\t<\/div>\n\t\t<div class=\"elementor-element elementor-element-iwgs-dharmachakra-s3 e-flex e-con-boxed e-con e-parent\" data-id=\"iwgs-dharmachakra-s3\" data-element_type=\"container\" data-e-type=\"container\">\n\t\t\t\t\t<div class=\"e-con-inner\">\n\t\t\t\t<div class=\"elementor-element elementor-element-iwgs-dharmachakra-s3h elementor-widget elementor-widget-heading\" data-id=\"iwgs-dharmachakra-s3h\" data-element_type=\"widget\" data-e-type=\"widget\" data-widget_type=\"heading.default\">\n\t\t\t\t\t<h2 class=\"elementor-heading-title elementor-size-default\">\u00c1tta armarnir og hinn \u00e1ttfaldi vegur<\/h2>\t\t\t\t<\/div>\n\t\t<div class=\"elementor-element elementor-element-iwgs-dharmachakra-s3box e-con-full e-flex e-con e-parent\" data-id=\"iwgs-dharmachakra-s3box\" data-element_type=\"container\" data-e-type=\"container\">\n\t\t\t\t<div class=\"elementor-element elementor-element-iwgs-dharmachakra-s3t elementor-widget elementor-widget-text-editor\" data-id=\"iwgs-dharmachakra-s3t\" data-element_type=\"widget\" data-e-type=\"widget\" data-widget_type=\"text-editor.default\">\n\t\t\t\t\t\t\t\t\t<p>\u00cd sinni \u00feekktustu mynd hefur Dharmachakra \u00e1tta arma. \u00deessi tala er ekki valin af tilviljun, heldur hefur n\u00e1kv\u00e6ma merkingu.<\/p><p>\u00c1tta armarnir stendur fyrir hinn \u00e1ttfalda veg. \u00deessi vegur er mi\u00f0l\u00e6gt efni b\u00fadd\u00edskrar kenningar og l\u00fdsir lei\u00f0inni sem lei\u00f0ir \u00fat \u00far \u00fej\u00e1ningu.<\/p><p>Hinn \u00e1ttfaldi vegur skiptist \u00ed \u00e1tta li\u00f0i. \u00deeir var\u00f0a r\u00e9tta inns\u00fdn, r\u00e9tta hugsun, r\u00e9tt tal, r\u00e9tta ath\u00f6fn, r\u00e9tta l\u00edfsafkomu, r\u00e9tta vi\u00f0leitni, r\u00e9tta athygli og r\u00e9tta einbeitingu.<\/p><p>Hver af \u00e1tta \u00f6rmum hj\u00f3lsins stendur fyrir einn af \u00feessum \u00e1tta li\u00f0um. Hj\u00f3li\u00f0 dregur \u00feannig saman allan veginn \u00ed einni mynd.<\/p><p>Armarnir bera hj\u00f3lbaugurinn, og a\u00f0eins saman halda \u00feeir hj\u00f3linu uppi. \u00c1 sama h\u00e1tt tengjast \u00e1tta li\u00f0ir vegarins og myndinga fyrst saman fullkomna lei\u00f0ina.<\/p><p>\u00c1ttarma Dharmachakra er \u00feannig t\u00e1kn af miklum hugsanlegum \u00fe\u00e9ttleika. \u00cd einfaldri mynd, hj\u00f3li me\u00f0 \u00e1tta \u00f6rmum, er allur vegur b\u00faddisma til vitundar falinn.<\/p>\t\t\t\t\t\t\t\t<\/div>\n\t\t\t\t<\/div>\n\t\t\t\t\t<\/div>\n\t\t\t\t<\/div>\n\t\t<div class=\"elementor-element elementor-element-iwgs-dharmachakra-s4 e-flex e-con-boxed e-con e-parent\" data-id=\"iwgs-dharmachakra-s4\" data-element_type=\"container\" data-e-type=\"container\">\n\t\t\t\t\t<div class=\"e-con-inner\">\n\t\t\t\t<div class=\"elementor-element elementor-element-iwgs-dharmachakra-s4h elementor-widget elementor-widget-heading\" data-id=\"iwgs-dharmachakra-s4h\" data-element_type=\"widget\" data-e-type=\"widget\" data-widget_type=\"heading.default\">\n\t\t\t\t\t<h2 class=\"elementor-heading-title elementor-size-default\">Mi\u00f0ja, armar og hj\u00f3lbaugur<\/h2>\t\t\t\t<\/div>\n\t\t<div class=\"elementor-element elementor-element-iwgs-dharmachakra-s4box e-con-full e-flex e-con e-parent\" data-id=\"iwgs-dharmachakra-s4box\" data-element_type=\"container\" data-e-type=\"container\">\n\t\t\t\t<div class=\"elementor-element elementor-element-iwgs-dharmachakra-s4t elementor-widget elementor-widget-text-editor\" data-id=\"iwgs-dharmachakra-s4t\" data-element_type=\"widget\" data-e-type=\"widget\" data-widget_type=\"text-editor.default\">\n\t\t\t\t\t\t\t\t\t<p>Dharmachakra er samsett \u00far \u00feremur hlutum, mi\u00f0junni \u00ed mi\u00f0junni, \u00f6rmunum og ytri hj\u00f3lbaugnum. Hver \u00feessara hluta er \u00fatlag\u00f0ur og hefur s\u00edna eigin merkingu.<\/p><p>Mi\u00f0jan \u00ed mi\u00f0junni er kyrrst\u00e6\u00f0ur kjarni hj\u00f3lsins. H\u00fan er tengd andlegri \u00fej\u00e1lfun og innri einbeitingu, sem myndar fastan kjarna vegarins.<\/p><p>Armarnir eru \u00fatlag\u00f0ir \u00e1 mismunandi h\u00e1tt eftir fj\u00f6lda \u00feeirra. \u00c1tta armar stendur fyrir hinn \u00e1ttfalda veg. A\u00f0rar t\u00f6lur v\u00edsa til frekari skiptingar kenningarinnar.<\/p><p>Hj\u00f3lbaugurinn, ytri hringur hj\u00f3lsins, heldur \u00f6rmunum saman. Hann er tengdur athygli og einbeitingu, sem halda veginum saman og gera hann heilan.<\/p><p>Sumar myndir gefa hj\u00f3linu aukna skreytingu. B\u00f6nd, undirsta\u00f0a e\u00f0a par d\u00fdra geta fylgt hj\u00f3linu og s\u00fdna vir\u00f0ingu \u00feess.<\/p><p>\u00deessi skipulag\u00f0a mynd gerir Dharmachakra a\u00f0 vandlega hugsu\u00f0u t\u00e1kni. \u00deegar bygging \u00feess, mi\u00f0jan, armarnir og haldandi hj\u00f3lbaugurinn, endurspeglar sj\u00e1lf byggingu kenningarinnar.<\/p>\t\t\t\t\t\t\t\t<\/div>\n\t\t\t\t<\/div>\n\t\t\t\t\t<\/div>\n\t\t\t\t<\/div>\n\t\t<div class=\"elementor-element elementor-element-iwgs-dharmachakra-s5 e-flex e-con-boxed e-con e-parent\" data-id=\"iwgs-dharmachakra-s5\" data-element_type=\"container\" data-e-type=\"container\">\n\t\t\t\t\t<div class=\"e-con-inner\">\n\t\t\t\t<div class=\"elementor-element elementor-element-iwgs-dharmachakra-s5h elementor-widget elementor-widget-heading\" data-id=\"iwgs-dharmachakra-s5h\" data-element_type=\"widget\" data-e-type=\"widget\" data-widget_type=\"heading.default\">\n\t\t\t\t\t<h2 class=\"elementor-heading-title elementor-size-default\">Hj\u00f3li\u00f0 \u00ed b\u00fadd\u00edskri list<\/h2>\t\t\t\t<\/div>\n\t\t<div class=\"elementor-element elementor-element-iwgs-dharmachakra-s5box e-con-full e-flex e-con e-parent\" data-id=\"iwgs-dharmachakra-s5box\" data-element_type=\"container\" data-e-type=\"container\">\n\t\t\t\t<div class=\"elementor-element elementor-element-iwgs-dharmachakra-s5t elementor-widget elementor-widget-text-editor\" data-id=\"iwgs-dharmachakra-s5t\" data-element_type=\"widget\" data-e-type=\"widget\" data-widget_type=\"text-editor.default\">\n\t\t\t\t\t\t\t\t\t<p>Dharmachakra er eitt af elstu t\u00e1knum b\u00fadd\u00edskrar listar. \u00dea\u00f0 kemur fram \u00e1 t\u00edmum \u00feegar B\u00fadda var enn ekki s\u00fdndur \u00ed mannsmynd.<\/p><p>\u00cd frumb\u00fadd\u00edskri list var B\u00fadda gefi\u00f0 til kynna me\u00f0 t\u00e1knum, ekki me\u00f0 mynd af honum. Au\u00f0ur h\u00e1s\u00e6ti, tr\u00e9, f\u00f3tspor e\u00f0a hj\u00f3l t\u00e1knu\u00f0u n\u00e6rveru hans.<\/p><p>\u00c1 \u00feessu fyrra t\u00edmabili t\u00e1kna\u00f0i hj\u00f3li\u00f0 B\u00fadda sem kennara og fyrstu pr\u00e9dikun hans. \u00dear sem hj\u00f3li\u00f0 birtist var \u00e1tt vi\u00f0 \u00fe\u00e1 stund er kenningin var kunnger\u00f0.<\/p><p>\u00de\u00f3tt B\u00fadda v\u00e6ri s\u00ed\u00f0ar s\u00fdndur \u00ed mannsmynd, h\u00e9lt hj\u00f3li\u00f0 \u00e1fram a\u00f0 hafa merkingu. \u00dea\u00f0 kemur fram \u00e1 hli\u00f0um, s\u00falum, hofum og \u00ed h\u00f6ndum b\u00faddastyttna.<\/p><p>S\u00e9rstaklega kunn mynd s\u00fdnir hj\u00f3li\u00f0 milli tveggja hjarta e\u00f0a gasellna. \u00deessi mynd minnir \u00e1 sta\u00f0inn \u00fear sem fyrsta pr\u00e9dikunin var haldin, gar\u00f0 \u00fear sem hirtir bjuggu.<\/p><p>\u00cd b\u00fadd\u00edskri list allri, fr\u00e1 Indlandi til Austur-As\u00edu, er dharmachakra \u00feannig samfellt t\u00e1kn. \u00dea\u00f0 fylgir list b\u00faddismans gegnum alla hans l\u00f6ngu s\u00f6gu.<\/p>\t\t\t\t\t\t\t\t<\/div>\n\t\t\t\t<\/div>\n\t\t\t\t\t<\/div>\n\t\t\t\t<\/div>\n\t\t<div class=\"elementor-element elementor-element-iwgs-dharmachakra-s6 e-flex e-con-boxed e-con e-parent\" data-id=\"iwgs-dharmachakra-s6\" data-element_type=\"container\" data-e-type=\"container\">\n\t\t\t\t\t<div class=\"e-con-inner\">\n\t\t\t\t<div class=\"elementor-element elementor-element-iwgs-dharmachakra-s6h elementor-widget elementor-widget-heading\" data-id=\"iwgs-dharmachakra-s6h\" data-element_type=\"widget\" data-e-type=\"widget\" data-widget_type=\"heading.default\">\n\t\t\t\t\t<h2 class=\"elementor-heading-title elementor-size-default\">Hj\u00f3li\u00f0 sem verndart\u00e1kn<\/h2>\t\t\t\t<\/div>\n\t\t<div class=\"elementor-element elementor-element-iwgs-dharmachakra-s6box e-con-full e-flex e-con e-parent\" data-id=\"iwgs-dharmachakra-s6box\" data-element_type=\"container\" data-e-type=\"container\">\n\t\t\t\t<div class=\"elementor-element elementor-element-iwgs-dharmachakra-s6t elementor-widget elementor-widget-text-editor\" data-id=\"iwgs-dharmachakra-s6t\" data-element_type=\"widget\" data-e-type=\"widget\" data-widget_type=\"text-editor.default\">\n\t\t\t\t\t\t\t\t\t<p>Dharmachakra er fyrst og fremst kennslut\u00e1kn. Verndandi merking \u00feess sprettur af \u00fev\u00ed sem \u00fea\u00f0 stendur fyrir, nefnilega kenningu B\u00fadda sj\u00e1lfs.<\/p><p>Samkv\u00e6mt b\u00fadd\u00edskum skilningi er \u00fea\u00f0 kenningin sem verndar manninn fr\u00e1 \u00fej\u00e1ningu. H\u00fan s\u00fdnir lei\u00f0ina \u00fat \u00far fl\u00e6kjunni. Hj\u00f3li\u00f0, sem er \u00edmynd \u00feessarar kenningar, ber \u00feannig verndandi merkingu.<\/p><p>S\u00e1 sem ber e\u00f0a horfir \u00e1 dharmachakra er minntur \u00e1 kenninguna og \u00e1ttfalda veginn. \u00deessi \u00e1minning \u00e1 a\u00f0 halda manninum \u00e1 r\u00e9ttri lei\u00f0.<\/p><p>Verndin sem dharmachakra veitir felst \u00feannig ekki \u00ed v\u00f6rn gegn utana\u00f0komandi \u00f6flum. H\u00fan felst \u00ed \u00e1herslu mannsins, \u00ed \u00fev\u00ed a\u00f0 hann sn\u00fai s\u00e9r a\u00f0 kenningunni og veginum.<\/p><p>\u00dear skilur hj\u00f3li\u00f0 sig fr\u00e1 verjandi verndart\u00e1knum. \u00dea\u00f0 hrekur ekki illt fr\u00e1 s\u00e9r, heldur v\u00edsar \u00e1tt. Vernd \u00feess er r\u00e9tt stefna l\u00edfsins.<\/p><p>Dharmachakra er \u00feannig gott d\u00e6mi um vernd \u00ed gegnum stefnu. \u00dea\u00f0 var\u00f0veitir manninn me\u00f0 \u00fev\u00ed a\u00f0 s\u00fdna honum veginn sem b\u00faddismi kennir sem lei\u00f0 \u00fat \u00far \u00fej\u00e1ningunni.<\/p>\t\t\t\t\t\t\t\t<\/div>\n\t\t\t\t<\/div>\n\t\t\t\t\t<\/div>\n\t\t\t\t<\/div>\n\t\t<div class=\"elementor-element elementor-element-iwgs-dharmachakra-s7 e-flex e-con-boxed e-con e-parent\" data-id=\"iwgs-dharmachakra-s7\" data-element_type=\"container\" data-e-type=\"container\">\n\t\t\t\t\t<div class=\"e-con-inner\">\n\t\t\t\t<div class=\"elementor-element elementor-element-iwgs-dharmachakra-s7h elementor-widget elementor-widget-heading\" data-id=\"iwgs-dharmachakra-s7h\" data-element_type=\"widget\" data-e-type=\"widget\" data-widget_type=\"heading.default\">\n\t\t\t\t\t<h2 class=\"elementor-heading-title elementor-size-default\">Hj\u00f3li\u00f0 sem t\u00e1kn alls b\u00faddisma<\/h2>\t\t\t\t<\/div>\n\t\t<div class=\"elementor-element elementor-element-iwgs-dharmachakra-s7box e-con-full e-flex e-con e-parent\" data-id=\"iwgs-dharmachakra-s7box\" data-element_type=\"container\" data-e-type=\"container\">\n\t\t\t\t<div class=\"elementor-element elementor-element-iwgs-dharmachakra-s7t elementor-widget elementor-widget-text-editor\" data-id=\"iwgs-dharmachakra-s7t\" data-element_type=\"widget\" data-e-type=\"widget\" data-widget_type=\"text-editor.default\">\n\t\t\t\t\t\t\t\t\t<p>Af \u00f6llum t\u00e1knum b\u00faddisma hefur dharmachakra s\u00e9rstaka st\u00f6\u00f0u. \u00dea\u00f0 er ekki eitt t\u00e1kn me\u00f0al margra, heldur t\u00e1kn b\u00faddisma \u00ed heild sinni.<\/p><p>\u00d6nnur b\u00fadd\u00edsk t\u00e1kn stanfa fyrir einst\u00f6k efni, fyrir dygg\u00f0, fyrir <span class=\"iwg-fachbegriff\" data-tooltip=\"\u00d3skun um heill og verndun, oft \u00ed fastri m\u00e1lformi.\" tabindex=\"0\">blessun<\/span> e\u00f0a fyrir \u00e1kve\u00f0na pers\u00f3nu. Dharmachakra stendur aftur \u00e1 m\u00f3ti fyrir kenninguna \u00ed heild.<\/p><p>\u00deessi v\u00ed\u00f0t\u00e6ka merking sk\u00fdrir hina v\u00ed\u00f0u \u00fatbrei\u00f0slu \u00feess. \u00cd \u00f6llum sk\u00f3lum og \u00f6llum sv\u00e6\u00f0um b\u00faddisma er hj\u00f3l kenningarinnar sameiginlegt t\u00e1kn.<\/p><p>Dharmachakra hefur \u00fev\u00ed or\u00f0i\u00f0 almennt vi\u00f0urkennt <span class=\"iwg-fachbegriff\" data-tooltip=\"Sk\u00fdr mynd sem stendur fyrir hugtak.\" tabindex=\"0\">sinnbild<\/span> b\u00faddisma. \u00dear sem \u00fea\u00f0 kemur fram er \u00e1tt vi\u00f0 b\u00fadd\u00edska kenningu, \u00f3h\u00e1\u00f0 einst\u00f6kum sk\u00f3la.<\/p><p>\u00cd \u00feessari st\u00f6\u00f0u l\u00edkist dharmachakra hinum st\u00f3ru t\u00e1knum annarra tr\u00faarbrag\u00f0a. Eins og krossinn fyrir kristni, \u00feannig stendur hj\u00f3l kenningarinnar fyrir b\u00faddisma.<\/p><p>Dharmachakra er \u00feannig h\u00f6fu\u00f0t\u00e1kn heillar tr\u00faarbrag\u00f0ar. \u00cd einni einfaldri mynd er kenning B\u00fadda og lei\u00f0in til vitundar samandregin.<\/p>\t\t\t\t\t\t\t\t<\/div>\n\t\t\t\t<\/div>\n\t\t\t\t\t<\/div>\n\t\t\t\t<\/div>\n\t\t<div class=\"elementor-element elementor-element-iwgs-dharmachakra-s8 e-flex e-con-boxed e-con e-parent\" data-id=\"iwgs-dharmachakra-s8\" data-element_type=\"container\" data-e-type=\"container\">\n\t\t\t\t\t<div class=\"e-con-inner\">\n\t\t\t\t<div class=\"elementor-element elementor-element-iwgs-dharmachakra-s8h elementor-widget elementor-widget-heading\" data-id=\"iwgs-dharmachakra-s8h\" data-element_type=\"widget\" data-e-type=\"widget\" data-widget_type=\"heading.default\">\n\t\t\t\t\t<h2 class=\"elementor-heading-title elementor-size-default\">M\u00f3tt\u00f6kur \u00ed dag<\/h2>\t\t\t\t<\/div>\n\t\t<div class=\"elementor-element elementor-element-iwgs-dharmachakra-s8box e-con-full e-flex e-con e-parent\" data-id=\"iwgs-dharmachakra-s8box\" data-element_type=\"container\" data-e-type=\"container\">\n\t\t\t\t<div class=\"elementor-element elementor-element-iwgs-dharmachakra-s8t elementor-widget elementor-widget-text-editor\" data-id=\"iwgs-dharmachakra-s8t\" data-element_type=\"widget\" data-e-type=\"widget\" data-widget_type=\"text-editor.default\">\n\t\t\t\t\t\t\t\t\t<p>Dharmachakra er alls sta\u00f0ar n\u00e1l\u00e6gt \u00ed b\u00fadd\u00edskum heimi enn \u00feann dag \u00ed dag. \u00cd hofum, klaustrum og \u00ed listinni er hj\u00f3l kenningarinnar kunnugleg sj\u00f3n.<\/p><p>Sem skartgripur og hengi er dharmachakra bori\u00f0 af m\u00f6rgum. \u00cd \u00feessu formi er \u00fea\u00f0 j\u00e1tning um tr\u00fa \u00e1 b\u00faddisma og \u00e1minning um kenningu hans.<\/p><p>Auk tr\u00faarlegrar notkunar hefur hj\u00f3l kenningarinnar or\u00f0i\u00f0 v\u00ed\u00f0t\u00e6kt vi\u00f0urkennt t\u00e1kn. \u00dea\u00f0 kemur fram \u00e1 f\u00e1num, skjaldarmerkjum og r\u00edkist\u00e1knum \u00ed l\u00f6ndum me\u00f0 b\u00fadd\u00edska s\u00f6gu.<\/p><p>Einnig \u00e1 Vesturl\u00f6ndum hefur dharmachakra or\u00f0i\u00f0 kunnugt me\u00f0 auknum \u00e1huga \u00e1 b\u00faddisma. \u00dear er \u00fea\u00f0 skili\u00f0 sem t\u00e1kn b\u00faddisma og nota\u00f0 sem skart- og <span class=\"iwg-fachbegriff\" data-tooltip=\"Sk\u00fdr mynd sem stendur fyrir hugtak.\" tabindex=\"0\">sinnbild<\/span>.<\/p><p>\u00cd \u00feessari v\u00ed\u00f0t\u00e6kari notkun getur n\u00e1kv\u00e6m merking hinna \u00e1tta geira or\u00f0i\u00f0 minna \u00e1berandi. Hj\u00f3li\u00f0 er \u00fe\u00e1 skili\u00f0 almennt sem t\u00e1kn b\u00faddisma.<\/p><p>\u00cd e\u00f0li s\u00ednu er dharmachakra \u00fe\u00f3 \u00e1fram \u00fea\u00f0 sem \u00fea\u00f0 var fr\u00e1 fyrstu pr\u00e9dikun B\u00fadda, hj\u00f3l kenningarinnar sem t\u00e1knar \u00e1ttfalda veginn og lei\u00f0ina til vitundar.<\/p>\t\t\t\t\t\t\t\t<\/div>\n\t\t\t\t<\/div>\n\t\t\t\t\t<\/div>\n\t\t\t\t<\/div>\n\t\t<div class=\"elementor-element elementor-element-iwgs-dharmachakra-lit e-flex e-con-boxed e-con e-parent\" data-id=\"iwgs-dharmachakra-lit\" data-element_type=\"container\" data-e-type=\"container\">\n\t\t\t\t\t<div class=\"e-con-inner\">\n\t\t\t\t<div class=\"elementor-element elementor-element-iwgs-dharmachakra-lith elementor-widget elementor-widget-heading\" data-id=\"iwgs-dharmachakra-lith\" data-element_type=\"widget\" data-e-type=\"widget\" data-widget_type=\"heading.default\">\n\t\t\t\t\t<h2 class=\"elementor-heading-title elementor-size-default\">Heimildir (\u00farval)<\/h2>\t\t\t\t<\/div>\n\t\t<div class=\"elementor-element elementor-element-iwgs-dharmachakra-litbox e-con-full e-flex e-con e-parent\" data-id=\"iwgs-dharmachakra-litbox\" data-element_type=\"container\" data-e-type=\"container\">\n\t\t\t\t<div class=\"elementor-element elementor-element-iwgs-dharmachakra-litt elementor-widget elementor-widget-html\" data-id=\"iwgs-dharmachakra-litt\" data-element_type=\"widget\" data-e-type=\"widget\" data-widget_type=\"html.default\">\n\t\t\t\t\t<footer data-nosnippet=\"true\"><ul><li>Robert Beer: <em>Die Symbole des tibetischen Buddhismus<\/em> (2003)<\/li><li>Hans Wolfgang Schumann: <em>Der historische Buddha<\/em> (1982)<\/li><li>Heinz Bechert og Richard Gombrich (ritstj.): <em>Der Buddhismus. Geschichte und Gegenwart<\/em> (1984)<\/li><li>Dietrich Seckel: <em>Kunst des Buddhismus. Werden, Wanderung und Wandlung<\/em> (1962)<\/li><li>Volker Zotz: <em>Geschichte der buddhistischen Philosophie<\/em> (1996)<\/li><\/ul><\/footer>\t\t\t\t<\/div>\n\t\t\t\t<\/div>\n\t\t\t\t\t<\/div>\n\t\t\t\t<\/div>\n\t\t<div class=\"elementor-element elementor-element-iwgs-dharmachakra-kwd e-flex e-con-boxed e-con e-parent\" data-id=\"iwgs-dharmachakra-kwd\" data-element_type=\"container\" data-e-type=\"container\">\n\t\t\t\t\t<div class=\"e-con-inner\">\n\t\t\t\t<div class=\"elementor-element elementor-element-iwgs-dharmachakra-kwdt elementor-widget elementor-widget-text-editor\" data-id=\"iwgs-dharmachakra-kwdt\" data-element_type=\"widget\" data-e-type=\"widget\" data-widget_type=\"text-editor.default\">\n\t\t\t\t\t\t\t\t\t<p><em>Tengd leitaror\u00f0: Dharmachakra hj\u00f3l kenningarinnar \u00e1ttsp\u00f3ka hj\u00f3l \u00e1ttfaldi vegurinn b\u00faddismi B\u00fadda fyrsta pr\u00e9dikun kennslut\u00e1kn.<\/em><\/p>\t\t\t\t\t\t\t\t<\/div>\n\t\t\t\t\t<\/div>\n\t\t\t\t<\/div>\n\t\t<div class=\"elementor-element elementor-element-iwgs-dharmachakra-cc e-flex e-con-boxed e-con e-parent\" data-id=\"iwgs-dharmachakra-cc\" data-element_type=\"container\" data-e-type=\"container\" id=\"iwg-cc-dharmachakra\">\n\t\t\t\t\t<div class=\"e-con-inner\">\n\t\t<div class=\"elementor-element elementor-element-iwgs-dharmachakra-ccinner e-flex e-con-boxed e-con e-parent\" data-id=\"iwgs-dharmachakra-ccinner\" data-element_type=\"container\" data-e-type=\"container\" data-settings=\"{&quot;background_background&quot;:&quot;classic&quot;}\">\n\t\t\t\t\t<div class=\"e-con-inner\">\n\t\t\t\t<div class=\"elementor-element elementor-element-iwgs-dharmachakra-cch elementor-widget elementor-widget-heading\" data-id=\"iwgs-dharmachakra-cch\" data-element_type=\"widget\" data-e-type=\"widget\" data-widget_type=\"heading.default\">\n\t\t\t\t\t<h2 class=\"elementor-heading-title elementor-size-default\">iWell Guard og verndarhef\u00f0ir<\/h2>\t\t\t\t<\/div>\n\t\t\t\t<div class=\"elementor-element elementor-element-iwgs-dharmachakra-cct elementor-widget elementor-widget-text-editor\" data-id=\"iwgs-dharmachakra-cct\" data-element_type=\"widget\" data-e-type=\"widget\" data-widget_type=\"text-editor.default\">\n\t\t\t\t\t\t\t\t\t<p>iWell Guard tilheyrir menningars\u00f6gulegri hef\u00f0 borinna verndargripa, sem dharmachakra er einnig hluti af. N\u00fat\u00edmalegur fylgihlutur fyrir f\u00f3lk sem lifir me\u00f0 verndart\u00e1knum: framleitt \u00ed \u00de\u00fdskalandi, 41 lag \u00far sk\u00edra gulli, plat\u00ednu og silfri, me\u00f0 30 daga skilar\u00e9tti.<\/p>\t\t\t\t\t\t\t\t<\/div>\n\t\t\t\t<div class=\"elementor-element elementor-element-iwgs-dharmachakra-ccb iwg-cc-button iwg-cc-cta-2026-05-13 elementor-widget elementor-widget-jet-button\" data-id=\"iwgs-dharmachakra-ccb\" data-element_type=\"widget\" data-e-type=\"widget\" data-widget_type=\"jet-button.default\">\n\t\t\t\t<div class=\"elementor-widget-container\">\n\t\t\t\t\t<div class=\"elementor-jet-button jet-elements\"><div class=\"jet-button__container\"><a class=\"jet-button__instance jet-button__instance--icon-left hover-effect-1\" href=\"\/schutzanhaenger-iwell-guard-kaufen\/?utm_source=iwell-guard.com&amp;utm_medium=info-box&amp;utm_campaign=schutzsymbole\"><div class=\"jet-button__plane jet-button__plane-normal\"><\/div><div class=\"jet-button__plane jet-button__plane-hover\"><\/div><div class=\"jet-button__state jet-button__state-normal\"><span class=\"jet-button__label\">Meira um iWell Guard<\/span><\/div><div class=\"jet-button__state jet-button__state-hover\"><span class=\"jet-button__label\">Meira um iWell Guard<\/span><\/div><\/a><\/div><\/div><style>.elementor-element.elementor-element-iwgs-dharmachakra-ccb .jet-button__instance{width:320px;height:56px;}.elementor-element.elementor-element-iwgs-dharmachakra-ccb .jet-button__state-normal .jet-button__label{text-align:center;margin:0px 0px 0px 0px;color:#1a1b20;font-family:Montserrat,sans-serif;font-size:13px;font-weight:400;letter-spacing:4px;line-height:1.714em;text-transform:uppercase;}.elementor-element.elementor-element-iwgs-dharmachakra-ccb .jet-button__state-hover .jet-button__label{text-align:center;margin:0px 0px 0px 0px;color:#FECC76;font-family:Montserrat,sans-serif;font-size:13px;font-weight:400;letter-spacing:4px;line-height:1.714em;text-transform:uppercase;}.elementor-element.elementor-element-iwgs-dharmachakra-ccb .jet-button__plane-normal{background-color:#FECC76;border-style:solid;border-color:#C99540;border-width:2px 2px 2px 2px;}.elementor-element.elementor-element-iwgs-dharmachakra-ccb .jet-button__plane-hover{background-color:rgba(0,0,0,0.55);border-style:solid;border-color:#FECC76;border-width:2px 2px 2px 2px;}<\/style>\t\t\t\t<\/div>\n\t\t\t\t<\/div>\n\t\t\t\t<div class=\"elementor-element elementor-element-iwgs-dharmachakra-ccd elementor-widget elementor-widget-text-editor\" data-id=\"iwgs-dharmachakra-ccd\" data-element_type=\"widget\" data-e-type=\"widget\" data-widget_type=\"text-editor.default\">\n\t\t\t\t\t\t\t\t\t<p style=\"text-align:center;font-size:13px;opacity:0.7;margin-top:14px\" data-nosnippet=\"true\">Pers\u00f3nuleg reynsla getur veri\u00f0 mismunandi. Ekki l\u00e6kningat\u00e6ki. Engin lofor\u00f0 um l\u00e6kningu.<\/p>\t\t\t\t\t\t\t\t<\/div>\n\t\t\t\t\t<\/div>\n\t\t\t\t<\/div>\n\t\t\t\t\t<\/div>\n\t\t\t\t<\/div>\n\t\t<div class=\"elementor-element elementor-element-iwgs-dharmachakra-disc e-flex e-con-boxed e-con e-parent\" data-id=\"iwgs-dharmachakra-disc\" data-element_type=\"container\" data-e-type=\"container\">\n\t\t\t\t\t<div class=\"e-con-inner\">\n\t\t\t\t<div class=\"elementor-element elementor-element-iwgs-dharmachakra-discw elementor-widget elementor-widget-html\" data-id=\"iwgs-dharmachakra-discw\" data-element_type=\"widget\" data-e-type=\"widget\" data-widget_type=\"html.default\">\n\t\t\t\t\t<footer data-nosnippet=\"true\" class=\"iwg-disclaimer-block\"><p data-nosnippet=\"true\">iWell Guard er <strong>ekki l\u00e6kningat\u00e6ki<\/strong> og kemur ekki \u00ed sta\u00f0 l\u00e6knis- e\u00f0a s\u00e1lfr\u00e6\u00f0ime\u00f0fer\u00f0ar. Innihaldi\u00f0 sem h\u00e9r er sett fram er tr\u00faarbrag\u00f0afr\u00e6\u00f0ileg og menningars\u00f6gulega greining, ekki lofor\u00f0 um andlega virkni.<\/p><\/footer>\t\t\t\t<\/div>\n\t\t\t\t\t<\/div>\n\t\t\t\t<\/div>\n\t\t\t\t<\/div>\n\t\t","protected":false},"excerpt":{"rendered":"","protected":false},"author":3,"featured_media":3522,"parent":0,"menu_order":0,"comment_status":"closed","ping_status":"closed","template":"elementor_header_footer","meta":{"_yoast_wpseo_focuskw":"Dharmachakra","_yoast_wpseo_title":"Dharmachakra \u2013 hj\u00f3l kenningarins","_yoast_wpseo_metadesc":"Dharmachakra, \u00e1ttarma hj\u00f3l kenningarins, er meginmerki b\u00faddisma. Uppruni og merking \u00fatsk\u00fdr\u00f0 \u00e1 sk\u00fdran h\u00e1tt.","_yoast_wpseo_meta-robots-noindex":"","_yoast_wpseo_canonical":"","_angie_page":false,"gefaehrdungsstufe":"","wesen_kultur":"","wesen_klasse":"","footnotes":""},"categories":[],"class_list":["post-169224","page","type-page","status-publish","has-post-thumbnail","hentry"],"yoast_head":"<!-- This site is optimized with the Yoast SEO Premium plugin v27.7 (Yoast SEO v28.3) - https:\/\/yoast.com\/product\/yoast-seo-premium-wordpress\/ -->\n<title>Dharmachakra \u2013 hj\u00f3l kenningarins<\/title>\n<meta name=\"description\" content=\"Dharmachakra, \u00e1ttarma hj\u00f3l kenningarins, er meginmerki b\u00faddisma. Uppruni og merking \u00fatsk\u00fdr\u00f0 \u00e1 sk\u00fdran h\u00e1tt.\" \/>\n<meta name=\"robots\" content=\"index, follow, max-snippet:-1, max-image-preview:large, max-video-preview:-1\" \/>\n<link rel=\"canonical\" href=\"https:\/\/iwell-guard.com\/is\/dharmachakra-hjol-kenningarins\/\" \/>\n<meta property=\"og:locale\" content=\"is_IS\" \/>\n<meta property=\"og:type\" content=\"article\" \/>\n<meta property=\"og:title\" content=\"Dharmachakra \u2013 hj\u00f3l b\u00fadd\u00edskrar kenningar\" \/>\n<meta property=\"og:description\" content=\"Dharmachakra, \u00e1ttarma hj\u00f3l kenningarins, er meginmerki b\u00faddisma. Uppruni og merking \u00fatsk\u00fdr\u00f0 \u00e1 sk\u00fdran h\u00e1tt.\" \/>\n<meta property=\"og:url\" content=\"https:\/\/iwell-guard.com\/is\/dharmachakra-hjol-kenningarins\/\" \/>\n<meta property=\"og:site_name\" content=\"iWell Guard\" \/>\n<meta property=\"article:modified_time\" content=\"2026-09-05T14:35:26+00:00\" \/>\n<meta property=\"og:image\" content=\"https:\/\/iwell-guard.com\/wp-content\/uploads\/2026\/05\/schutzsymbol_buddhismus_dharmachakra.webp\" \/>\n\t<meta property=\"og:image:width\" content=\"1024\" \/>\n\t<meta property=\"og:image:height\" content=\"1536\" \/>\n\t<meta property=\"og:image:type\" content=\"image\/webp\" \/>\n<meta name=\"twitter:card\" content=\"summary_large_image\" \/>\n<script type=\"application\/ld+json\" class=\"yoast-schema-graph\">{\"@context\":\"https:\\\/\\\/schema.org\",\"@graph\":[{\"@type\":\"WebPage\",\"@id\":\"https:\\\/\\\/iwell-guard.com\\\/is\\\/dharmachakra-hjol-kenningarins\\\/\",\"url\":\"https:\\\/\\\/iwell-guard.com\\\/is\\\/dharmachakra-hjol-kenningarins\\\/\",\"name\":\"Dharmachakra \u2013 hj\u00f3l kenningarins\",\"isPartOf\":{\"@id\":\"https:\\\/\\\/iwell-guard.com\\\/is\\\/#website\"},\"primaryImageOfPage\":{\"@id\":\"https:\\\/\\\/iwell-guard.com\\\/is\\\/dharmachakra-hjol-kenningarins\\\/#primaryimage\"},\"image\":{\"@id\":\"https:\\\/\\\/iwell-guard.com\\\/is\\\/dharmachakra-hjol-kenningarins\\\/#primaryimage\"},\"thumbnailUrl\":\"https:\\\/\\\/iwell-guard.com\\\/wp-content\\\/uploads\\\/2026\\\/05\\\/schutzsymbol_buddhismus_dharmachakra.webp\",\"datePublished\":\"2026-09-05T14:06:38+00:00\",\"dateModified\":\"2026-09-05T14:35:26+00:00\",\"description\":\"Dharmachakra, \u00e1ttarma hj\u00f3l kenningarins, er meginmerki b\u00faddisma. Uppruni og merking \u00fatsk\u00fdr\u00f0 \u00e1 sk\u00fdran h\u00e1tt.\",\"breadcrumb\":{\"@id\":\"https:\\\/\\\/iwell-guard.com\\\/is\\\/dharmachakra-hjol-kenningarins\\\/#breadcrumb\"},\"inLanguage\":\"is\",\"potentialAction\":[{\"@type\":\"ReadAction\",\"target\":[\"https:\\\/\\\/iwell-guard.com\\\/is\\\/dharmachakra-hjol-kenningarins\\\/\"]}]},{\"@type\":\"ImageObject\",\"inLanguage\":\"is\",\"@id\":\"https:\\\/\\\/iwell-guard.com\\\/is\\\/dharmachakra-hjol-kenningarins\\\/#primaryimage\",\"url\":\"https:\\\/\\\/iwell-guard.com\\\/wp-content\\\/uploads\\\/2026\\\/05\\\/schutzsymbol_buddhismus_dharmachakra.webp\",\"contentUrl\":\"https:\\\/\\\/iwell-guard.com\\\/wp-content\\\/uploads\\\/2026\\\/05\\\/schutzsymbol_buddhismus_dharmachakra.webp\",\"width\":1024,\"height\":1536,\"caption\":\"Verndart\u00e1kn. Myndskreyting \u00ed safnst\u00edl.\"},{\"@type\":\"BreadcrumbList\",\"@id\":\"https:\\\/\\\/iwell-guard.com\\\/is\\\/dharmachakra-hjol-kenningarins\\\/#breadcrumb\",\"itemListElement\":[{\"@type\":\"ListItem\",\"position\":1,\"name\":\"Start\",\"item\":\"https:\\\/\\\/iwell-guard.com\\\/is\\\/?page_id=168580\"},{\"@type\":\"ListItem\",\"position\":2,\"name\":\"Dharmachakra \u2013 hj\u00f3l b\u00fadd\u00edskrar kenningar\"}]},{\"@type\":\"WebSite\",\"@id\":\"https:\\\/\\\/iwell-guard.com\\\/is\\\/#website\",\"url\":\"https:\\\/\\\/iwell-guard.com\\\/is\\\/\",\"name\":\"iWell Guard\",\"description\":\"Schutz vor dunklen Einfl\u00fcssen\",\"publisher\":{\"@id\":\"https:\\\/\\\/iwell-guard.com\\\/is\\\/#organization\"},\"potentialAction\":[{\"@type\":\"SearchAction\",\"target\":{\"@type\":\"EntryPoint\",\"urlTemplate\":\"https:\\\/\\\/iwell-guard.com\\\/is\\\/?s={search_term_string}\"},\"query-input\":{\"@type\":\"PropertyValueSpecification\",\"valueRequired\":true,\"valueName\":\"search_term_string\"}}],\"inLanguage\":\"is\"},{\"@type\":\"Organization\",\"@id\":\"https:\\\/\\\/iwell-guard.com\\\/is\\\/#organization\",\"name\":\"Ittermann electronic GmbH\",\"url\":\"https:\\\/\\\/iwell-guard.com\\\/is\\\/\",\"logo\":{\"@type\":\"ImageObject\",\"inLanguage\":\"is\",\"@id\":\"https:\\\/\\\/iwell-guard.com\\\/is\\\/#\\\/schema\\\/logo\\\/image\\\/\",\"url\":\"https:\\\/\\\/iwell-guard.com\\\/wp-content\\\/uploads\\\/2026\\\/05\\\/Ittermann-Logo-1182x237-1.png\",\"contentUrl\":\"https:\\\/\\\/iwell-guard.com\\\/wp-content\\\/uploads\\\/2026\\\/05\\\/Ittermann-Logo-1182x237-1.png\",\"width\":1182,\"height\":237,\"caption\":\"Ittermann electronic GmbH\"},\"image\":{\"@id\":\"https:\\\/\\\/iwell-guard.com\\\/is\\\/#\\\/schema\\\/logo\\\/image\\\/\"},\"sameAs\":[\"https:\\\/\\\/pantip.com\\\/profile\\\/9367242\",\"https:\\\/\\\/micro.blog\\\/iwellguard\",\"https:\\\/\\\/www.diggerslist.com\\\/iwellguard\\\/about\",\"https:\\\/\\\/skitterphoto.com\\\/photographers\\\/2870314\\\/iwell-guard\",\"https:\\\/\\\/iwellguard.wordpress.com\\\/2026\\\/06\\\/06\\\/iwell-guard\\\/\",\"https:\\\/\\\/hub.docker.com\\\/u\\\/iwellguard\",\"https:\\\/\\\/www.pinterest.com\\\/iwellguard\\\/\",\"https:\\\/\\\/bit.ly\\\/m\\\/iwellguard\",\"https:\\\/\\\/entre-vos-mains.alsace.eu\\\/profiles\\\/iwellguard\\\/activity\",\"https:\\\/\\\/gravatar.com\\\/reallybeded8fd34\",\"https:\\\/\\\/naijamatta.com\\\/iwellguard\",\"https:\\\/\\\/www.goodreads.com\\\/iwellguard\",\"https:\\\/\\\/profile.hatena.ne.jp\\\/iwellguard\\\/\",\"https:\\\/\\\/experiment.com\\\/users\\\/iwellguard\",\"https:\\\/\\\/wakelet.com\\\/@iWellGuard82270\",\"https:\\\/\\\/www.chordie.com\\\/forum\\\/profile.php?id=2555664\",\"https:\\\/\\\/www.instapaper.com\\\/p\\\/17757966\",\"https:\\\/\\\/www.mapleprimes.com\\\/users\\\/iwellguard\",\"https:\\\/\\\/businesslistingplus.com\\\/profile\\\/iwell-guard\\\/\",\"https:\\\/\\\/telegra.ph\\\/iWell-Guard-06-06\",\"https:\\\/\\\/pbase.com\\\/iwellguard\\\/iwellguard\",\"https:\\\/\\\/b.hatena.ne.jp\\\/iwellguard\\\/20260607#bookmark-4788405196491818882\",\"https:\\\/\\\/fliphtml5.com\\\/home\\\/iwellguard\",\"https:\\\/\\\/anyflip.com\\\/homepage\\\/cmiwl#About\",\"https:\\\/\\\/transfur.com\\\/Users\\\/iwellguard\",\"http:\\\/\\\/delphi.larsbo.org\\\/user\\\/iwellguard\",\"https:\\\/\\\/jobs.lajobsportal.org\\\/profiles\\\/8380803-iwell-guard\",\"https:\\\/\\\/md.chaosdorf.de\\\/s\\\/jfbe5SBdJD\",\"https:\\\/\\\/www.lingvolive.com\\\/en-us\\\/profile\\\/9ecaeaca-ce11-4e51-9e71-01d55e2bff36\\\/translations\",\"https:\\\/\\\/www.fitday.com\\\/fitness\\\/forums\\\/members\\\/iwellguard.html\",\"https:\\\/\\\/www.mymeetbook.com\\\/iwellguard\",\"https:\\\/\\\/pxhere.com\\\/en\\\/photographer-me\\\/5040798\",\"https:\\\/\\\/disqus.com\\\/by\\\/iwellguard\\\/about\\\/\",\"https:\\\/\\\/pastelink.net\\\/hjwciqwq\",\"https:\\\/\\\/pubhtml5.com\\\/homepage\\\/scjhn\\\/\",\"https:\\\/\\\/www.bitchute.com\\\/channel\\\/2O2eOKzNqujT\",\"https:\\\/\\\/audiomack.com\\\/iwellguard\"]}]}<\/script>\n<!-- \/ Yoast SEO Premium plugin. -->","yoast_head_json":{"title":"Dharmachakra \u2013 hj\u00f3l kenningarins","description":"Dharmachakra, \u00e1ttarma hj\u00f3l kenningarins, er meginmerki b\u00faddisma. Uppruni og merking \u00fatsk\u00fdr\u00f0 \u00e1 sk\u00fdran h\u00e1tt.","robots":{"index":"index","follow":"follow","max-snippet":"max-snippet:-1","max-image-preview":"max-image-preview:large","max-video-preview":"max-video-preview:-1"},"canonical":"https:\/\/iwell-guard.com\/is\/dharmachakra-hjol-kenningarins\/","og_locale":"is_IS","og_type":"article","og_title":"Dharmachakra \u2013 hj\u00f3l b\u00fadd\u00edskrar kenningar","og_description":"Dharmachakra, \u00e1ttarma hj\u00f3l kenningarins, er meginmerki b\u00faddisma. Uppruni og merking \u00fatsk\u00fdr\u00f0 \u00e1 sk\u00fdran h\u00e1tt.","og_url":"https:\/\/iwell-guard.com\/is\/dharmachakra-hjol-kenningarins\/","og_site_name":"iWell Guard","article_modified_time":"2026-09-05T14:35:26+00:00","og_image":[{"width":1024,"height":1536,"url":"https:\/\/iwell-guard.com\/wp-content\/uploads\/2026\/05\/schutzsymbol_buddhismus_dharmachakra.webp","type":"image\/webp"}],"twitter_card":"summary_large_image","schema":{"@context":"https:\/\/schema.org","@graph":[{"@type":"WebPage","@id":"https:\/\/iwell-guard.com\/is\/dharmachakra-hjol-kenningarins\/","url":"https:\/\/iwell-guard.com\/is\/dharmachakra-hjol-kenningarins\/","name":"Dharmachakra \u2013 hj\u00f3l kenningarins","isPartOf":{"@id":"https:\/\/iwell-guard.com\/is\/#website"},"primaryImageOfPage":{"@id":"https:\/\/iwell-guard.com\/is\/dharmachakra-hjol-kenningarins\/#primaryimage"},"image":{"@id":"https:\/\/iwell-guard.com\/is\/dharmachakra-hjol-kenningarins\/#primaryimage"},"thumbnailUrl":"https:\/\/iwell-guard.com\/wp-content\/uploads\/2026\/05\/schutzsymbol_buddhismus_dharmachakra.webp","datePublished":"2026-09-05T14:06:38+00:00","dateModified":"2026-09-05T14:35:26+00:00","description":"Dharmachakra, \u00e1ttarma hj\u00f3l kenningarins, er meginmerki b\u00faddisma. Uppruni og merking \u00fatsk\u00fdr\u00f0 \u00e1 sk\u00fdran h\u00e1tt.","breadcrumb":{"@id":"https:\/\/iwell-guard.com\/is\/dharmachakra-hjol-kenningarins\/#breadcrumb"},"inLanguage":"is","potentialAction":[{"@type":"ReadAction","target":["https:\/\/iwell-guard.com\/is\/dharmachakra-hjol-kenningarins\/"]}]},{"@type":"ImageObject","inLanguage":"is","@id":"https:\/\/iwell-guard.com\/is\/dharmachakra-hjol-kenningarins\/#primaryimage","url":"https:\/\/iwell-guard.com\/wp-content\/uploads\/2026\/05\/schutzsymbol_buddhismus_dharmachakra.webp","contentUrl":"https:\/\/iwell-guard.com\/wp-content\/uploads\/2026\/05\/schutzsymbol_buddhismus_dharmachakra.webp","width":1024,"height":1536,"caption":"Verndart\u00e1kn. Myndskreyting \u00ed safnst\u00edl."},{"@type":"BreadcrumbList","@id":"https:\/\/iwell-guard.com\/is\/dharmachakra-hjol-kenningarins\/#breadcrumb","itemListElement":[{"@type":"ListItem","position":1,"name":"Start","item":"https:\/\/iwell-guard.com\/is\/?page_id=168580"},{"@type":"ListItem","position":2,"name":"Dharmachakra \u2013 hj\u00f3l b\u00fadd\u00edskrar kenningar"}]},{"@type":"WebSite","@id":"https:\/\/iwell-guard.com\/is\/#website","url":"https:\/\/iwell-guard.com\/is\/","name":"iWell Guard","description":"Schutz vor dunklen Einfl\u00fcssen","publisher":{"@id":"https:\/\/iwell-guard.com\/is\/#organization"},"potentialAction":[{"@type":"SearchAction","target":{"@type":"EntryPoint","urlTemplate":"https:\/\/iwell-guard.com\/is\/?s={search_term_string}"},"query-input":{"@type":"PropertyValueSpecification","valueRequired":true,"valueName":"search_term_string"}}],"inLanguage":"is"},{"@type":"Organization","@id":"https:\/\/iwell-guard.com\/is\/#organization","name":"Ittermann electronic GmbH","url":"https:\/\/iwell-guard.com\/is\/","logo":{"@type":"ImageObject","inLanguage":"is","@id":"https:\/\/iwell-guard.com\/is\/#\/schema\/logo\/image\/","url":"https:\/\/iwell-guard.com\/wp-content\/uploads\/2026\/05\/Ittermann-Logo-1182x237-1.png","contentUrl":"https:\/\/iwell-guard.com\/wp-content\/uploads\/2026\/05\/Ittermann-Logo-1182x237-1.png","width":1182,"height":237,"caption":"Ittermann electronic GmbH"},"image":{"@id":"https:\/\/iwell-guard.com\/is\/#\/schema\/logo\/image\/"},"sameAs":["https:\/\/pantip.com\/profile\/9367242","https:\/\/micro.blog\/iwellguard","https:\/\/www.diggerslist.com\/iwellguard\/about","https:\/\/skitterphoto.com\/photographers\/2870314\/iwell-guard","https:\/\/iwellguard.wordpress.com\/2026\/06\/06\/iwell-guard\/","https:\/\/hub.docker.com\/u\/iwellguard","https:\/\/www.pinterest.com\/iwellguard\/","https:\/\/bit.ly\/m\/iwellguard","https:\/\/entre-vos-mains.alsace.eu\/profiles\/iwellguard\/activity","https:\/\/gravatar.com\/reallybeded8fd34","https:\/\/naijamatta.com\/iwellguard","https:\/\/www.goodreads.com\/iwellguard","https:\/\/profile.hatena.ne.jp\/iwellguard\/","https:\/\/experiment.com\/users\/iwellguard","https:\/\/wakelet.com\/@iWellGuard82270","https:\/\/www.chordie.com\/forum\/profile.php?id=2555664","https:\/\/www.instapaper.com\/p\/17757966","https:\/\/www.mapleprimes.com\/users\/iwellguard","https:\/\/businesslistingplus.com\/profile\/iwell-guard\/","https:\/\/telegra.ph\/iWell-Guard-06-06","https:\/\/pbase.com\/iwellguard\/iwellguard","https:\/\/b.hatena.ne.jp\/iwellguard\/20260607#bookmark-4788405196491818882","https:\/\/fliphtml5.com\/home\/iwellguard","https:\/\/anyflip.com\/homepage\/cmiwl#About","https:\/\/transfur.com\/Users\/iwellguard","http:\/\/delphi.larsbo.org\/user\/iwellguard","https:\/\/jobs.lajobsportal.org\/profiles\/8380803-iwell-guard","https:\/\/md.chaosdorf.de\/s\/jfbe5SBdJD","https:\/\/www.lingvolive.com\/en-us\/profile\/9ecaeaca-ce11-4e51-9e71-01d55e2bff36\/translations","https:\/\/www.fitday.com\/fitness\/forums\/members\/iwellguard.html","https:\/\/www.mymeetbook.com\/iwellguard","https:\/\/pxhere.com\/en\/photographer-me\/5040798","https:\/\/disqus.com\/by\/iwellguard\/about\/","https:\/\/pastelink.net\/hjwciqwq","https:\/\/pubhtml5.com\/homepage\/scjhn\/","https:\/\/www.bitchute.com\/channel\/2O2eOKzNqujT","https:\/\/audiomack.com\/iwellguard"]}]}},"_links":{"self":[{"href":"https:\/\/iwell-guard.com\/is\/wp-json\/wp\/v2\/pages\/169224","targetHints":{"allow":["GET"]}}],"collection":[{"href":"https:\/\/iwell-guard.com\/is\/wp-json\/wp\/v2\/pages"}],"about":[{"href":"https:\/\/iwell-guard.com\/is\/wp-json\/wp\/v2\/types\/page"}],"author":[{"embeddable":true,"href":"https:\/\/iwell-guard.com\/is\/wp-json\/wp\/v2\/users\/3"}],"replies":[{"embeddable":true,"href":"https:\/\/iwell-guard.com\/is\/wp-json\/wp\/v2\/comments?post=169224"}],"version-history":[{"count":0,"href":"https:\/\/iwell-guard.com\/is\/wp-json\/wp\/v2\/pages\/169224\/revisions"}],"wp:featuredmedia":[{"embeddable":true,"href":"https:\/\/iwell-guard.com\/is\/wp-json\/wp\/v2\/media\/3522"}],"wp:attachment":[{"href":"https:\/\/iwell-guard.com\/is\/wp-json\/wp\/v2\/media?parent=169224"}],"wp:term":[{"taxonomy":"category","embeddable":true,"href":"https:\/\/iwell-guard.com\/is\/wp-json\/wp\/v2\/categories?post=169224"}],"curies":[{"name":"wp","href":"https:\/\/api.w.org\/{rel}","templated":true}]}}